{"id":9589,"date":"2016-10-21T18:53:12","date_gmt":"2016-10-21T16:53:12","guid":{"rendered":"https:\/\/olu-limburg.de\/?page_id=9589"},"modified":"2016-12-22T16:35:29","modified_gmt":"2016-12-22T15:35:29","slug":"sardinien-septemberoktober-2016-in-arbeit","status":"publish","type":"page","link":"https:\/\/olu-limburg.de\/?page_id=9589","title":{"rendered":"Sardinien September\/Oktober 2016"},"content":{"rendered":"<p>Text: Hans-Werner\u00a0\u00a0\u00a0\u00a0\u00a0\u00a0\u00a0\u00a0\u00a0\u00a0\u00a0\u00a0\u00a0\u00a0\u00a0\u00a0\u00a0\u00a0\u00a0\u00a0\u00a0\u00a0\u00a0\u00a0\u00a0\u00a0\u00a0\u00a0\u00a0\u00a0\u00a0\u00a0\u00a0\u00a0\u00a0\u00a0\u00a0\u00a0\u00a0\u00a0\u00a0\u00a0\u00a0\u00a0\u00a0\u00a0\u00a0\u00a0\u00a0\u00a0\u00a0\u00a0\u00a0\u00a0\u00a0\u00a0\u00a0\u00a0\u00a0\u00a0\u00a0\u00a0\u00a0\u00a0\u00a0\u00a0\u00a0\u00a0\u00a0\u00a0\u00a0\u00a0\u00a0\u00a0\u00a0\u00a0\u00a0\u00a0\u00a0\u00a0\u00a0\u00a0\u00a0\u00a0\u00a0\u00a0\u00a0\u00a0\u00a0\u00a0\u00a0\u00a0\u00a0\u00a0\u00a0\u00a0\u00a0\u00a0\u00a0\u00a0\u00a0\u00a0\u00a0\u00a0\u00a0\u00a0\u00a0\u00a0\u00a0\u00a0\u00a0\u00a0\u00a0\u00a0\u00a0\u00a0 Fotos: Hans-Werner und Lena<\/p>\n<p>In 2016 haben wir uns bewu\u00dft neue Reise-Ziele gesteckt. So waren wir im Fr\u00fchjahr in Nordwest-Spanien und Nord-Portugal, und f\u00fcr den Sp\u00e4tsommer haben wir uns Sardinien vorgenommen. F\u00fcr diese Insel erschien uns diese Reisezeit als sehr angenehm. Die italienischen Urlauber sind schon weg, Luft und Wasser sind noch warm.<\/p>\n<p>Am 10. September war es dann so weit. Zur Anreise an unseren F\u00e4hrhafen Livorno w\u00e4hlten wir die Pfalz- und Elsass-Autobahn und die Durchquerung der Schweiz. Sardinien haben wir im Uhrzeigersinn auf wirklich guten Stra\u00dfen befahren. Die R\u00fcckfahrt erfolgte mit kleinen Abweichungen auf dem gleichen Weg. Bis zu unserer R\u00fcckkehr am 18. Oktober hatten wir insgesamt 3.811 km zur\u00fcckgelegt.<\/p>\n<p>Bei den \u00dcbernachtungen haben wir eine gute Mischung gefunden und immer mal wieder auf Wohnmobil-Stellpl\u00e4tzen mit V+E bzw. ACSI-Campingpl\u00e4tzen gestanden. Ab 15. September wurden an sehr vielen Strand-Parkpl\u00e4tzen die Park-Automaten abgebaut und die Beschr\u00e4nkungen wurden nicht mehr so ernst genommen.<\/p>\n<p>Selbtverst\u00e4ndlich haben wir auf Sardinien nicht nur am Strand faul herum gelegen,<\/p>\n<p><a href=\"https:\/\/olu-limburg.de\/wp-content\/uploads\/2016\/10\/DSC04343_ergebnis.jpg\"><img loading=\"lazy\" decoding=\"async\" class=\"size-full wp-image-9625 aligncenter\" src=\"https:\/\/olu-limburg.de\/wp-content\/uploads\/2016\/10\/DSC04343_ergebnis.jpg\" alt=\"DSC04343_ergebnis\" width=\"800\" height=\"600\" srcset=\"https:\/\/olu-limburg.de\/wp-content\/uploads\/2016\/10\/DSC04343_ergebnis.jpg 800w, https:\/\/olu-limburg.de\/wp-content\/uploads\/2016\/10\/DSC04343_ergebnis-300x225.jpg 300w, https:\/\/olu-limburg.de\/wp-content\/uploads\/2016\/10\/DSC04343_ergebnis-768x576.jpg 768w, https:\/\/olu-limburg.de\/wp-content\/uploads\/2016\/10\/DSC04343_ergebnis-624x468.jpg 624w\" sizes=\"auto, (max-width: 800px) 100vw, 800px\" \/><\/a><\/p>\n<p>sondern waren auch in Sachen Kultur unterwegs<\/p>\n<p><a href=\"https:\/\/olu-limburg.de\/wp-content\/uploads\/2016\/10\/DSC04758_ergebnis.jpg\"><img loading=\"lazy\" decoding=\"async\" class=\"size-full wp-image-9626 aligncenter\" src=\"https:\/\/olu-limburg.de\/wp-content\/uploads\/2016\/10\/DSC04758_ergebnis.jpg\" alt=\"DSC04758_ergebnis\" width=\"800\" height=\"600\" srcset=\"https:\/\/olu-limburg.de\/wp-content\/uploads\/2016\/10\/DSC04758_ergebnis.jpg 800w, https:\/\/olu-limburg.de\/wp-content\/uploads\/2016\/10\/DSC04758_ergebnis-300x225.jpg 300w, https:\/\/olu-limburg.de\/wp-content\/uploads\/2016\/10\/DSC04758_ergebnis-768x576.jpg 768w, https:\/\/olu-limburg.de\/wp-content\/uploads\/2016\/10\/DSC04758_ergebnis-624x468.jpg 624w\" sizes=\"auto, (max-width: 800px) 100vw, 800px\" \/><\/a><\/p>\n<p>und haben uns durch die &#8222;sardische K\u00fcche&#8220; gegessen.<\/p>\n<p><a href=\"https:\/\/olu-limburg.de\/wp-content\/uploads\/2016\/10\/DSC04103_ergebnis.jpg\"><img loading=\"lazy\" decoding=\"async\" class=\"size-full wp-image-9624 aligncenter\" src=\"https:\/\/olu-limburg.de\/wp-content\/uploads\/2016\/10\/DSC04103_ergebnis.jpg\" alt=\"DSC04103_ergebnis\" width=\"800\" height=\"600\" srcset=\"https:\/\/olu-limburg.de\/wp-content\/uploads\/2016\/10\/DSC04103_ergebnis.jpg 800w, https:\/\/olu-limburg.de\/wp-content\/uploads\/2016\/10\/DSC04103_ergebnis-300x225.jpg 300w, https:\/\/olu-limburg.de\/wp-content\/uploads\/2016\/10\/DSC04103_ergebnis-768x576.jpg 768w, https:\/\/olu-limburg.de\/wp-content\/uploads\/2016\/10\/DSC04103_ergebnis-624x468.jpg 624w\" sizes=\"auto, (max-width: 800px) 100vw, 800px\" \/><\/a><\/p>\n<p>&nbsp;<\/p>\n<p>&nbsp;<\/p>\n<p><strong>Samstag, 10.09.2016<\/strong><\/p>\n<p>Es ist hei\u00df und die letzten Reise-Vorbereitungen werden getroffen. Da wir uns f\u00fcr die Anfahrt an den F\u00e4hrhafen Livorno die Schweiz-Durchfahrung vorgenommen haben, versteht es sich von selbst, dass wir auch die Autobahnen der Pfalz und des Elsass w\u00e4hlen. Unser heutiges Ziel soll Colmar sein. Bis auf eine kurze Verz\u00f6gerung bereits auf der B 417 in Richtung Wiesbaden, nur ca. 25 km von Limburg entfernt, hier wurden wir von einer Charity-Radtour kurz ausgebremst, erreichten wir ohne Probleme gegen 15.30 Uhr Colmar.<\/p>\n<p>Der Wohnmobil-Stellplatz am Port de Plaisance mit V+E (Geb\u00fchr EUR 15,00 zzgl. 22 Cent Taxe p.P.) ist am Wochenende gut besucht. Wir haben trotzdem noch genug Auswahl an Pl\u00e4tzen, wo wir unser Haupt f\u00fcr die Nacht hinbetten k\u00f6nnen. Die Dame am Empfang ist sehr freundlich und spricht bei Bedarf auch deutsch.<\/p>\n<p><a href=\"https:\/\/olu-limburg.de\/wp-content\/uploads\/2016\/10\/DSC03839_ergebnis.jpg\"><img loading=\"lazy\" decoding=\"async\" class=\"size-full wp-image-9612 aligncenter\" src=\"https:\/\/olu-limburg.de\/wp-content\/uploads\/2016\/10\/DSC03839_ergebnis.jpg\" alt=\"DSC03839_ergebnis\" width=\"800\" height=\"600\" srcset=\"https:\/\/olu-limburg.de\/wp-content\/uploads\/2016\/10\/DSC03839_ergebnis.jpg 800w, https:\/\/olu-limburg.de\/wp-content\/uploads\/2016\/10\/DSC03839_ergebnis-300x225.jpg 300w, https:\/\/olu-limburg.de\/wp-content\/uploads\/2016\/10\/DSC03839_ergebnis-768x576.jpg 768w, https:\/\/olu-limburg.de\/wp-content\/uploads\/2016\/10\/DSC03839_ergebnis-624x468.jpg 624w\" sizes=\"auto, (max-width: 800px) 100vw, 800px\" \/><\/a><\/p>\n<p>Uns zieht es schnellstens in die nur etwa 1 km entfernte Altstadt. Bis 18.00 Uhr hat noch das &#8222;Unterlinden Museum&#8220; ge\u00f6ffnet. In dem ehemaligen Kloster und einem modernen Anbau ist u. a. der <em>Isenheimer Altar<\/em> von Gr\u00fcnewald, sowie Gem\u00e4lde von Claude Monet, Pablo Picasso und Otto Dix zu sehen. Es ist eine sehr beeindruckende Gesamtausstellung, die die Entwicklung der bildnerischen Darstellung \u00fcber Jahrhunderte hinweg dokumentiert.<\/p>\n<p><a href=\"https:\/\/olu-limburg.de\/wp-content\/uploads\/2016\/10\/DSC03847_ergebnis.jpg\"><img loading=\"lazy\" decoding=\"async\" class=\"size-full wp-image-9614 aligncenter\" src=\"https:\/\/olu-limburg.de\/wp-content\/uploads\/2016\/10\/DSC03847_ergebnis.jpg\" alt=\"DSC03847_ergebnis\" width=\"800\" height=\"600\" srcset=\"https:\/\/olu-limburg.de\/wp-content\/uploads\/2016\/10\/DSC03847_ergebnis.jpg 800w, https:\/\/olu-limburg.de\/wp-content\/uploads\/2016\/10\/DSC03847_ergebnis-300x225.jpg 300w, https:\/\/olu-limburg.de\/wp-content\/uploads\/2016\/10\/DSC03847_ergebnis-768x576.jpg 768w, https:\/\/olu-limburg.de\/wp-content\/uploads\/2016\/10\/DSC03847_ergebnis-624x468.jpg 624w\" sizes=\"auto, (max-width: 800px) 100vw, 800px\" \/><\/a><\/p>\n<p>Der Isenheimer Altar aus dem 16. Jhdt. besteht aus drei Teilen von gro\u00dfen Fl\u00fcgelkombinationen, die getrennt ausgestellt sind, soda\u00df man immer Vorder- und R\u00fcckseiten betrachten kann.<\/p>\n<p><a href=\"https:\/\/olu-limburg.de\/wp-content\/uploads\/2016\/10\/DSC03855_ergebnis.jpg\"><img loading=\"lazy\" decoding=\"async\" class=\"size-full wp-image-9642 aligncenter\" src=\"https:\/\/olu-limburg.de\/wp-content\/uploads\/2016\/10\/DSC03855_ergebnis.jpg\" alt=\"DSC03855_ergebnis\" width=\"800\" height=\"600\" srcset=\"https:\/\/olu-limburg.de\/wp-content\/uploads\/2016\/10\/DSC03855_ergebnis.jpg 800w, https:\/\/olu-limburg.de\/wp-content\/uploads\/2016\/10\/DSC03855_ergebnis-300x225.jpg 300w, https:\/\/olu-limburg.de\/wp-content\/uploads\/2016\/10\/DSC03855_ergebnis-768x576.jpg 768w, https:\/\/olu-limburg.de\/wp-content\/uploads\/2016\/10\/DSC03855_ergebnis-624x468.jpg 624w\" sizes=\"auto, (max-width: 800px) 100vw, 800px\" \/><\/a><\/p>\n<p><a href=\"https:\/\/olu-limburg.de\/wp-content\/uploads\/2016\/10\/DSC03870_ergebnis.jpg\"><img loading=\"lazy\" decoding=\"async\" class=\"size-full wp-image-9616 aligncenter\" src=\"https:\/\/olu-limburg.de\/wp-content\/uploads\/2016\/10\/DSC03870_ergebnis.jpg\" alt=\"DSC03870_ergebnis\" width=\"800\" height=\"600\" srcset=\"https:\/\/olu-limburg.de\/wp-content\/uploads\/2016\/10\/DSC03870_ergebnis.jpg 800w, https:\/\/olu-limburg.de\/wp-content\/uploads\/2016\/10\/DSC03870_ergebnis-300x225.jpg 300w, https:\/\/olu-limburg.de\/wp-content\/uploads\/2016\/10\/DSC03870_ergebnis-768x576.jpg 768w, https:\/\/olu-limburg.de\/wp-content\/uploads\/2016\/10\/DSC03870_ergebnis-624x468.jpg 624w\" sizes=\"auto, (max-width: 800px) 100vw, 800px\" \/><\/a><\/p>\n<p><a href=\"https:\/\/olu-limburg.de\/wp-content\/uploads\/2016\/10\/DSC03856_ergebnis.jpg\"><img loading=\"lazy\" decoding=\"async\" class=\"wp-image-9615 aligncenter\" src=\"https:\/\/olu-limburg.de\/wp-content\/uploads\/2016\/10\/DSC03856_ergebnis.jpg\" alt=\"DSC03856_ergebnis\" width=\"450\" height=\"600\" srcset=\"https:\/\/olu-limburg.de\/wp-content\/uploads\/2016\/10\/DSC03856_ergebnis.jpg 600w, https:\/\/olu-limburg.de\/wp-content\/uploads\/2016\/10\/DSC03856_ergebnis-225x300.jpg 225w\" sizes=\"auto, (max-width: 450px) 100vw, 450px\" \/><\/a><\/p>\n<p>In dem Museum befinden sich dar\u00fcberhinaus noch viele andere Altarbilder,<\/p>\n<p><a href=\"https:\/\/olu-limburg.de\/wp-content\/uploads\/2016\/10\/DSC03879_ergebnis.jpg\"><img loading=\"lazy\" decoding=\"async\" class=\"size-full wp-image-9617 aligncenter\" src=\"https:\/\/olu-limburg.de\/wp-content\/uploads\/2016\/10\/DSC03879_ergebnis.jpg\" alt=\"DSC03879_ergebnis\" width=\"800\" height=\"600\" srcset=\"https:\/\/olu-limburg.de\/wp-content\/uploads\/2016\/10\/DSC03879_ergebnis.jpg 800w, https:\/\/olu-limburg.de\/wp-content\/uploads\/2016\/10\/DSC03879_ergebnis-300x225.jpg 300w, https:\/\/olu-limburg.de\/wp-content\/uploads\/2016\/10\/DSC03879_ergebnis-768x576.jpg 768w, https:\/\/olu-limburg.de\/wp-content\/uploads\/2016\/10\/DSC03879_ergebnis-624x468.jpg 624w\" sizes=\"auto, (max-width: 800px) 100vw, 800px\" \/><\/a><\/p>\n<p>&#8230; oder Meister der Moderne.<\/p>\n<div id=\"attachment_9618\" style=\"width: 460px\" class=\"wp-caption alignleft\"><a href=\"https:\/\/olu-limburg.de\/wp-content\/uploads\/2016\/10\/DSC03885_ergebnis-e1477490482175.jpg\"><img loading=\"lazy\" decoding=\"async\" aria-describedby=\"caption-attachment-9618\" class=\"wp-image-9618 size-full\" src=\"https:\/\/olu-limburg.de\/wp-content\/uploads\/2016\/10\/DSC03885_ergebnis-e1477490482175.jpg\" alt=\"DSC03885_ergebnis\" width=\"450\" height=\"600\" \/><\/a><p id=\"caption-attachment-9618\" class=\"wp-caption-text\">Otto Dix &#8211; Portrait eines Kriegsgefangenen (1945)<\/p><\/div>\n<div id=\"attachment_9619\" style=\"width: 460px\" class=\"wp-caption aligncenter\"><a href=\"https:\/\/olu-limburg.de\/wp-content\/uploads\/2016\/10\/DSC03888_ergebnis-e1477490508455.jpg\"><img loading=\"lazy\" decoding=\"async\" aria-describedby=\"caption-attachment-9619\" class=\"wp-image-9619 size-full\" src=\"https:\/\/olu-limburg.de\/wp-content\/uploads\/2016\/10\/DSC03888_ergebnis-e1477490508455.jpg\" alt=\"DSC03888_ergebnis\" width=\"450\" height=\"600\" \/><\/a><p id=\"caption-attachment-9619\" class=\"wp-caption-text\">Pablo Picasso &#8211; Kopf eines Mannes mit Strohhut (1971)<\/p><\/div>\n<p>Nun k\u00f6nnen wir uns treiben lassen und streifen durch die Gassen der Altstadt. Am Place de la Cathedrale bei der Stiftskirche Sankt Martin werden wir von einem Colmarer auf deutsch angesprochen.<\/p>\n<p><a href=\"https:\/\/olu-limburg.de\/wp-content\/uploads\/2016\/10\/DSC03894_ergebnis-e1477490908885.jpg\"><img loading=\"lazy\" decoding=\"async\" class=\"size-full wp-image-9620 aligncenter\" src=\"https:\/\/olu-limburg.de\/wp-content\/uploads\/2016\/10\/DSC03894_ergebnis-e1477490908885.jpg\" alt=\"DSC03894_ergebnis\" width=\"450\" height=\"600\" \/><\/a><\/p>\n<p>Nach einer kurzen Plauderei erhalten wir eine ganz spezielle F\u00fchrung durch die Altstadt. Wir lernen etwas \u00fcber die <em>Monats-Sonnenuhr<\/em> und die <em>\u00e4lteste Elle<\/em> an der Stiftskirche Sankt Martin;<\/p>\n<p><a href=\"https:\/\/olu-limburg.de\/wp-content\/uploads\/2016\/10\/DSC03898_ergebnis-e1477493184761.jpg\"><img loading=\"lazy\" decoding=\"async\" class=\"size-full wp-image-9621 aligncenter\" src=\"https:\/\/olu-limburg.de\/wp-content\/uploads\/2016\/10\/DSC03898_ergebnis-e1477493184761.jpg\" alt=\"DSC03898_ergebnis\" width=\"450\" height=\"600\" \/><\/a><\/p>\n<p>sehen das Geburtshaus von Fr\u00e9d\u00e9ric-Auguste Bartholdi, der die Freiheitsstatue auf Liberty Island (New York) erbaut hat; am Place de l&#8217;Ancienne Douane beim <em>Koihus<\/em> erfahren wir unbekanntes \u00fcber den <em>10-St\u00e4dte-Bund<\/em>, den Vorl\u00e4ufer und Anschauungsobjekt der <em>Deutschen Hanse<\/em>;<\/p>\n<div id=\"attachment_9622\" style=\"width: 810px\" class=\"wp-caption aligncenter\"><a href=\"https:\/\/olu-limburg.de\/wp-content\/uploads\/2016\/10\/DSC03902_ergebnis.jpg\"><img loading=\"lazy\" decoding=\"async\" aria-describedby=\"caption-attachment-9622\" class=\"wp-image-9622 size-full\" src=\"https:\/\/olu-limburg.de\/wp-content\/uploads\/2016\/10\/DSC03902_ergebnis.jpg\" alt=\"DSC03902_ergebnis\" width=\"800\" height=\"600\" srcset=\"https:\/\/olu-limburg.de\/wp-content\/uploads\/2016\/10\/DSC03902_ergebnis.jpg 800w, https:\/\/olu-limburg.de\/wp-content\/uploads\/2016\/10\/DSC03902_ergebnis-300x225.jpg 300w, https:\/\/olu-limburg.de\/wp-content\/uploads\/2016\/10\/DSC03902_ergebnis-768x576.jpg 768w, https:\/\/olu-limburg.de\/wp-content\/uploads\/2016\/10\/DSC03902_ergebnis-624x468.jpg 624w\" sizes=\"auto, (max-width: 800px) 100vw, 800px\" \/><\/a><p id=\"caption-attachment-9622\" class=\"wp-caption-text\">vorne steht Lena mit unserem selbst ernannten Stadtf\u00fchrer und im Hintergrund ist das Koifhus.<\/p><\/div>\n<p>stehen vor dem Geburtshaus von Marie Bigot de Morogues, einer Klaviersch\u00fclerin von Beethoven, Freundin von Haydn und selbst Klavierlehrerin von Felix Mendelsohn Bartholdy.<em><br \/>\n<\/em><\/p>\n<p><a href=\"https:\/\/olu-limburg.de\/wp-content\/uploads\/2016\/10\/DSC03907_ergebnis-e1477493330386.jpg\"><img loading=\"lazy\" decoding=\"async\" class=\"size-full wp-image-9623 aligncenter\" src=\"https:\/\/olu-limburg.de\/wp-content\/uploads\/2016\/10\/DSC03907_ergebnis-e1477493330386.jpg\" alt=\"DSC03907_ergebnis\" width=\"450\" height=\"600\" \/><\/a><\/p>\n<p>Nach einem Aperitiv im Bistro &#8222;du Koifhus&#8220; wechseln wir zum Abendessen in die &#8222;Koifhus Winstub&#8220;.<\/p>\n<div id=\"attachment_9632\" style=\"width: 810px\" class=\"wp-caption aligncenter\"><a href=\"https:\/\/olu-limburg.de\/wp-content\/uploads\/2016\/10\/P1000084_ergebnis.jpg\"><img loading=\"lazy\" decoding=\"async\" aria-describedby=\"caption-attachment-9632\" class=\"size-full wp-image-9632\" src=\"https:\/\/olu-limburg.de\/wp-content\/uploads\/2016\/10\/P1000084_ergebnis.jpg\" alt=\"Choucroute aux 3 poissons, beurre blanc \u00e0 l'aneth\" width=\"800\" height=\"600\" srcset=\"https:\/\/olu-limburg.de\/wp-content\/uploads\/2016\/10\/P1000084_ergebnis.jpg 800w, https:\/\/olu-limburg.de\/wp-content\/uploads\/2016\/10\/P1000084_ergebnis-300x225.jpg 300w, https:\/\/olu-limburg.de\/wp-content\/uploads\/2016\/10\/P1000084_ergebnis-768x576.jpg 768w, https:\/\/olu-limburg.de\/wp-content\/uploads\/2016\/10\/P1000084_ergebnis-624x468.jpg 624w\" sizes=\"auto, (max-width: 800px) 100vw, 800px\" \/><\/a><p id=\"caption-attachment-9632\" class=\"wp-caption-text\">Choucroute aux 3 poissons, beurre blanc \u00e0 l&#8217;aneth<\/p><\/div>\n<div id=\"attachment_9631\" style=\"width: 810px\" class=\"wp-caption aligncenter\"><a href=\"https:\/\/olu-limburg.de\/wp-content\/uploads\/2016\/10\/P1000083_ergebnis.jpg\"><img loading=\"lazy\" decoding=\"async\" aria-describedby=\"caption-attachment-9631\" class=\"size-full wp-image-9631\" src=\"https:\/\/olu-limburg.de\/wp-content\/uploads\/2016\/10\/P1000083_ergebnis.jpg\" alt=\"Jarret de porc fum\u00e9 et cr\u00e8me de Munster, pommes saut\u00e9es\" width=\"800\" height=\"600\" srcset=\"https:\/\/olu-limburg.de\/wp-content\/uploads\/2016\/10\/P1000083_ergebnis.jpg 800w, https:\/\/olu-limburg.de\/wp-content\/uploads\/2016\/10\/P1000083_ergebnis-300x225.jpg 300w, https:\/\/olu-limburg.de\/wp-content\/uploads\/2016\/10\/P1000083_ergebnis-768x576.jpg 768w, https:\/\/olu-limburg.de\/wp-content\/uploads\/2016\/10\/P1000083_ergebnis-624x468.jpg 624w\" sizes=\"auto, (max-width: 800px) 100vw, 800px\" \/><\/a><p id=\"caption-attachment-9631\" class=\"wp-caption-text\">Jarret de porc fum\u00e9 et cr\u00e8me de Munster, pommes saut\u00e9es<\/p><\/div>\n<p>Zur Verdauung spazieren wir noch etwas durch die abendlichen Gassen des Altstadtbereichs Petit Venice.<\/p>\n<p><a href=\"https:\/\/olu-limburg.de\/wp-content\/uploads\/2016\/10\/P1000092_ergebnis.jpg\"><img loading=\"lazy\" decoding=\"async\" class=\"size-full wp-image-9634 aligncenter\" src=\"https:\/\/olu-limburg.de\/wp-content\/uploads\/2016\/10\/P1000092_ergebnis.jpg\" alt=\"P1000092_ergebnis\" width=\"800\" height=\"600\" srcset=\"https:\/\/olu-limburg.de\/wp-content\/uploads\/2016\/10\/P1000092_ergebnis.jpg 800w, https:\/\/olu-limburg.de\/wp-content\/uploads\/2016\/10\/P1000092_ergebnis-300x225.jpg 300w, https:\/\/olu-limburg.de\/wp-content\/uploads\/2016\/10\/P1000092_ergebnis-768x576.jpg 768w, https:\/\/olu-limburg.de\/wp-content\/uploads\/2016\/10\/P1000092_ergebnis-624x468.jpg 624w\" sizes=\"auto, (max-width: 800px) 100vw, 800px\" \/><\/a><\/p>\n<p><a href=\"https:\/\/olu-limburg.de\/wp-content\/uploads\/2016\/10\/P1000093_ergebnis-e1477495182838.jpg\"><img loading=\"lazy\" decoding=\"async\" class=\"size-full wp-image-9635 alignleft\" src=\"https:\/\/olu-limburg.de\/wp-content\/uploads\/2016\/10\/P1000093_ergebnis-e1477495182838.jpg\" alt=\"P1000093_ergebnis\" width=\"450\" height=\"600\" \/><\/a><\/p>\n<p><a href=\"https:\/\/olu-limburg.de\/wp-content\/uploads\/2016\/10\/P1000100_ergebnis-e1477495217412.jpg\"><img loading=\"lazy\" decoding=\"async\" class=\"size-full wp-image-9639 alignright\" src=\"https:\/\/olu-limburg.de\/wp-content\/uploads\/2016\/10\/P1000100_ergebnis-e1477495217412.jpg\" alt=\"P1000100_ergebnis\" width=\"450\" height=\"600\" \/><\/a><\/p>\n<p><a href=\"https:\/\/olu-limburg.de\/wp-content\/uploads\/2016\/10\/P1000094_ergebnis.jpg\"><img loading=\"lazy\" decoding=\"async\" class=\"size-full wp-image-9636 aligncenter\" src=\"https:\/\/olu-limburg.de\/wp-content\/uploads\/2016\/10\/P1000094_ergebnis.jpg\" alt=\"P1000094_ergebnis\" width=\"800\" height=\"600\" srcset=\"https:\/\/olu-limburg.de\/wp-content\/uploads\/2016\/10\/P1000094_ergebnis.jpg 800w, https:\/\/olu-limburg.de\/wp-content\/uploads\/2016\/10\/P1000094_ergebnis-300x225.jpg 300w, https:\/\/olu-limburg.de\/wp-content\/uploads\/2016\/10\/P1000094_ergebnis-768x576.jpg 768w, https:\/\/olu-limburg.de\/wp-content\/uploads\/2016\/10\/P1000094_ergebnis-624x468.jpg 624w\" sizes=\"auto, (max-width: 800px) 100vw, 800px\" \/><\/a><\/p>\n<p><a href=\"https:\/\/olu-limburg.de\/wp-content\/uploads\/2016\/10\/P1000097_ergebnis.jpg\"><img loading=\"lazy\" decoding=\"async\" class=\"size-full wp-image-9637 aligncenter\" src=\"https:\/\/olu-limburg.de\/wp-content\/uploads\/2016\/10\/P1000097_ergebnis.jpg\" alt=\"P1000097_ergebnis\" width=\"800\" height=\"600\" srcset=\"https:\/\/olu-limburg.de\/wp-content\/uploads\/2016\/10\/P1000097_ergebnis.jpg 800w, https:\/\/olu-limburg.de\/wp-content\/uploads\/2016\/10\/P1000097_ergebnis-300x225.jpg 300w, https:\/\/olu-limburg.de\/wp-content\/uploads\/2016\/10\/P1000097_ergebnis-768x576.jpg 768w, https:\/\/olu-limburg.de\/wp-content\/uploads\/2016\/10\/P1000097_ergebnis-624x468.jpg 624w\" sizes=\"auto, (max-width: 800px) 100vw, 800px\" \/><\/a><\/p>\n<p><a href=\"https:\/\/olu-limburg.de\/wp-content\/uploads\/2016\/10\/P1000099_ergebnis.jpg\"><img loading=\"lazy\" decoding=\"async\" class=\"size-full wp-image-9638 aligncenter\" src=\"https:\/\/olu-limburg.de\/wp-content\/uploads\/2016\/10\/P1000099_ergebnis.jpg\" alt=\"P1000099_ergebnis\" width=\"800\" height=\"600\" srcset=\"https:\/\/olu-limburg.de\/wp-content\/uploads\/2016\/10\/P1000099_ergebnis.jpg 800w, https:\/\/olu-limburg.de\/wp-content\/uploads\/2016\/10\/P1000099_ergebnis-300x225.jpg 300w, https:\/\/olu-limburg.de\/wp-content\/uploads\/2016\/10\/P1000099_ergebnis-768x576.jpg 768w, https:\/\/olu-limburg.de\/wp-content\/uploads\/2016\/10\/P1000099_ergebnis-624x468.jpg 624w\" sizes=\"auto, (max-width: 800px) 100vw, 800px\" \/><\/a><\/p>\n<p>Tagesstrecke: 328 km<\/p>\n<p>&nbsp;<\/p>\n<p><strong>Sonntag, 11.09.2016<\/strong><\/p>\n<p>Nach einem geruhsamen Fr\u00fchst\u00fcck starten wir gegen 11.00 Uhr die n\u00e4chste Etappe bis zum Lago Maggiore. Dabei wechseln wir kurz vor Mulhouse auf die A5, umfahren Basel auf der A98 und gelangen ohne Stau auf die schweizer A2 in Richtung Gotthard-Tunnel. Um 16.30 Uhr erreichen wir Cannobio am Lago Maggiore und fahren zu dem Stellplatz\u00a0 in der Via\u00a0 San Rocco mit V+E (Geb\u00fchr EUR 16.00 ).<\/p>\n<p><a href=\"https:\/\/olu-limburg.de\/wp-content\/uploads\/2016\/10\/DSC03931_ergebnis.jpg\"><img loading=\"lazy\" decoding=\"async\" class=\"size-full wp-image-9660 aligncenter\" src=\"https:\/\/olu-limburg.de\/wp-content\/uploads\/2016\/10\/DSC03931_ergebnis.jpg\" alt=\"DSC03931_ergebnis\" width=\"800\" height=\"600\" srcset=\"https:\/\/olu-limburg.de\/wp-content\/uploads\/2016\/10\/DSC03931_ergebnis.jpg 800w, https:\/\/olu-limburg.de\/wp-content\/uploads\/2016\/10\/DSC03931_ergebnis-300x225.jpg 300w, https:\/\/olu-limburg.de\/wp-content\/uploads\/2016\/10\/DSC03931_ergebnis-768x576.jpg 768w, https:\/\/olu-limburg.de\/wp-content\/uploads\/2016\/10\/DSC03931_ergebnis-624x468.jpg 624w\" sizes=\"auto, (max-width: 800px) 100vw, 800px\" \/><\/a><\/p>\n<p>Auf dem Weg zur Ufer-Promenade holen wir uns noch 2 x frische Pizza al Taglio (Pizzast\u00fccke) bevor wir gem\u00fctlich am See entlang spazieren. Wir sondieren die Lage in den Bars und entscheiden uns, f\u00fcr den abendlichen Aperol-Spritz\u00a0 in das &#8222;Dolce &amp; Caffe&#8220; einzukehren,\u00a0 und erhalten zu den Getr\u00e4nken gegen einen kleinen Aufpreis noch eine Platte mit K\u00e4se, Salami und Geb\u00e4ck.<\/p>\n<p><a href=\"https:\/\/olu-limburg.de\/wp-content\/uploads\/2016\/10\/DSC03912_ergebnis.jpg\"><img loading=\"lazy\" decoding=\"async\" class=\"size-full wp-image-9644 aligncenter\" src=\"https:\/\/olu-limburg.de\/wp-content\/uploads\/2016\/10\/DSC03912_ergebnis.jpg\" alt=\"DSC03912_ergebnis\" width=\"800\" height=\"600\" srcset=\"https:\/\/olu-limburg.de\/wp-content\/uploads\/2016\/10\/DSC03912_ergebnis.jpg 800w, https:\/\/olu-limburg.de\/wp-content\/uploads\/2016\/10\/DSC03912_ergebnis-300x225.jpg 300w, https:\/\/olu-limburg.de\/wp-content\/uploads\/2016\/10\/DSC03912_ergebnis-768x576.jpg 768w, https:\/\/olu-limburg.de\/wp-content\/uploads\/2016\/10\/DSC03912_ergebnis-624x468.jpg 624w\" sizes=\"auto, (max-width: 800px) 100vw, 800px\" \/><\/a><\/p>\n<p><a href=\"https:\/\/olu-limburg.de\/wp-content\/uploads\/2016\/10\/DSC03919_ergebnis.jpg\"><img loading=\"lazy\" decoding=\"async\" class=\"size-full wp-image-9656 aligncenter\" src=\"https:\/\/olu-limburg.de\/wp-content\/uploads\/2016\/10\/DSC03919_ergebnis.jpg\" alt=\"DSC03919_ergebnis\" width=\"800\" height=\"600\" srcset=\"https:\/\/olu-limburg.de\/wp-content\/uploads\/2016\/10\/DSC03919_ergebnis.jpg 800w, https:\/\/olu-limburg.de\/wp-content\/uploads\/2016\/10\/DSC03919_ergebnis-300x225.jpg 300w, https:\/\/olu-limburg.de\/wp-content\/uploads\/2016\/10\/DSC03919_ergebnis-768x576.jpg 768w, https:\/\/olu-limburg.de\/wp-content\/uploads\/2016\/10\/DSC03919_ergebnis-624x468.jpg 624w\" sizes=\"auto, (max-width: 800px) 100vw, 800px\" \/><\/a><\/p>\n<p><a href=\"https:\/\/olu-limburg.de\/wp-content\/uploads\/2016\/10\/DSC03927_ergebnis.jpg\"><img loading=\"lazy\" decoding=\"async\" class=\"size-full wp-image-9658 aligncenter\" src=\"https:\/\/olu-limburg.de\/wp-content\/uploads\/2016\/10\/DSC03927_ergebnis.jpg\" alt=\"DSC03927_ergebnis\" width=\"800\" height=\"600\" srcset=\"https:\/\/olu-limburg.de\/wp-content\/uploads\/2016\/10\/DSC03927_ergebnis.jpg 800w, https:\/\/olu-limburg.de\/wp-content\/uploads\/2016\/10\/DSC03927_ergebnis-300x225.jpg 300w, https:\/\/olu-limburg.de\/wp-content\/uploads\/2016\/10\/DSC03927_ergebnis-768x576.jpg 768w, https:\/\/olu-limburg.de\/wp-content\/uploads\/2016\/10\/DSC03927_ergebnis-624x468.jpg 624w\" sizes=\"auto, (max-width: 800px) 100vw, 800px\" \/><\/a><\/p>\n<p><a href=\"https:\/\/olu-limburg.de\/wp-content\/uploads\/2016\/10\/P1000120_ergebnis.jpg\"><img loading=\"lazy\" decoding=\"async\" class=\"size-full wp-image-9646 alignnone\" src=\"https:\/\/olu-limburg.de\/wp-content\/uploads\/2016\/10\/P1000120_ergebnis.jpg\" alt=\"P1000120_ergebnis\" width=\"800\" height=\"600\" srcset=\"https:\/\/olu-limburg.de\/wp-content\/uploads\/2016\/10\/P1000120_ergebnis.jpg 800w, https:\/\/olu-limburg.de\/wp-content\/uploads\/2016\/10\/P1000120_ergebnis-300x225.jpg 300w, https:\/\/olu-limburg.de\/wp-content\/uploads\/2016\/10\/P1000120_ergebnis-768x576.jpg 768w, https:\/\/olu-limburg.de\/wp-content\/uploads\/2016\/10\/P1000120_ergebnis-624x468.jpg 624w\" sizes=\"auto, (max-width: 800px) 100vw, 800px\" \/><\/a><\/p>\n<p>Tagesstrecke: 350 km<\/p>\n<p>&nbsp;<\/p>\n<p><strong>Montag, 12.09.2016<\/strong><\/p>\n<p><a href=\"https:\/\/olu-limburg.de\/wp-content\/uploads\/2016\/10\/DSC03929_ergebnis.jpg\"><img loading=\"lazy\" decoding=\"async\" class=\"size-full wp-image-9659 aligncenter\" src=\"https:\/\/olu-limburg.de\/wp-content\/uploads\/2016\/10\/DSC03929_ergebnis.jpg\" alt=\"DSC03929_ergebnis\" width=\"800\" height=\"600\" srcset=\"https:\/\/olu-limburg.de\/wp-content\/uploads\/2016\/10\/DSC03929_ergebnis.jpg 800w, https:\/\/olu-limburg.de\/wp-content\/uploads\/2016\/10\/DSC03929_ergebnis-300x225.jpg 300w, https:\/\/olu-limburg.de\/wp-content\/uploads\/2016\/10\/DSC03929_ergebnis-768x576.jpg 768w, https:\/\/olu-limburg.de\/wp-content\/uploads\/2016\/10\/DSC03929_ergebnis-624x468.jpg 624w\" sizes=\"auto, (max-width: 800px) 100vw, 800px\" \/><\/a><\/p>\n<p>Gestern hatten wir uns bereits auf dem ACSI-Campingplatz mit Schwimmbad (Geb\u00fchr EUR 17,00) einen Platz reserviert. Der Umzug verl\u00e4uft reibungslos. Bei der Hitze ist das Schwimmbad eine Wohltat.<\/p>\n<p><a href=\"https:\/\/olu-limburg.de\/wp-content\/uploads\/2016\/10\/DSC03949_ergebnis.jpg\"><img loading=\"lazy\" decoding=\"async\" class=\"size-full wp-image-9673 aligncenter\" src=\"https:\/\/olu-limburg.de\/wp-content\/uploads\/2016\/10\/DSC03949_ergebnis.jpg\" alt=\"DSC03949_ergebnis\" width=\"800\" height=\"600\" srcset=\"https:\/\/olu-limburg.de\/wp-content\/uploads\/2016\/10\/DSC03949_ergebnis.jpg 800w, https:\/\/olu-limburg.de\/wp-content\/uploads\/2016\/10\/DSC03949_ergebnis-300x225.jpg 300w, https:\/\/olu-limburg.de\/wp-content\/uploads\/2016\/10\/DSC03949_ergebnis-768x576.jpg 768w, https:\/\/olu-limburg.de\/wp-content\/uploads\/2016\/10\/DSC03949_ergebnis-624x468.jpg 624w\" sizes=\"auto, (max-width: 800px) 100vw, 800px\" \/><\/a><\/p>\n<p><a href=\"https:\/\/olu-limburg.de\/wp-content\/uploads\/2016\/10\/DSC03951_ergebnis.jpg\"><img loading=\"lazy\" decoding=\"async\" class=\"size-full wp-image-9674 aligncenter\" src=\"https:\/\/olu-limburg.de\/wp-content\/uploads\/2016\/10\/DSC03951_ergebnis.jpg\" alt=\"DSC03951_ergebnis\" width=\"800\" height=\"600\" srcset=\"https:\/\/olu-limburg.de\/wp-content\/uploads\/2016\/10\/DSC03951_ergebnis.jpg 800w, https:\/\/olu-limburg.de\/wp-content\/uploads\/2016\/10\/DSC03951_ergebnis-300x225.jpg 300w, https:\/\/olu-limburg.de\/wp-content\/uploads\/2016\/10\/DSC03951_ergebnis-768x576.jpg 768w, https:\/\/olu-limburg.de\/wp-content\/uploads\/2016\/10\/DSC03951_ergebnis-624x468.jpg 624w\" sizes=\"auto, (max-width: 800px) 100vw, 800px\" \/><\/a><\/p>\n<p>Es ist ein sch\u00f6ner Morgen und so streifen wir noch ein wenig durch die Altstadt von Cannobio.<\/p>\n<p><a href=\"https:\/\/olu-limburg.de\/wp-content\/uploads\/2016\/10\/DSC03937_ergebnis-e1478423064136.jpg\"><img loading=\"lazy\" decoding=\"async\" class=\"size-full wp-image-9662 aligncenter\" src=\"https:\/\/olu-limburg.de\/wp-content\/uploads\/2016\/10\/DSC03937_ergebnis-e1478423064136.jpg\" alt=\"DSC03937_ergebnis\" width=\"450\" height=\"600\" \/><\/a><\/p>\n<p><a href=\"https:\/\/olu-limburg.de\/wp-content\/uploads\/2016\/10\/DSC03936_ergebnis.jpg\"><img loading=\"lazy\" decoding=\"async\" class=\"size-full wp-image-9661 aligncenter\" src=\"https:\/\/olu-limburg.de\/wp-content\/uploads\/2016\/10\/DSC03936_ergebnis.jpg\" alt=\"DSC03936_ergebnis\" width=\"800\" height=\"600\" srcset=\"https:\/\/olu-limburg.de\/wp-content\/uploads\/2016\/10\/DSC03936_ergebnis.jpg 800w, https:\/\/olu-limburg.de\/wp-content\/uploads\/2016\/10\/DSC03936_ergebnis-300x225.jpg 300w, https:\/\/olu-limburg.de\/wp-content\/uploads\/2016\/10\/DSC03936_ergebnis-768x576.jpg 768w, https:\/\/olu-limburg.de\/wp-content\/uploads\/2016\/10\/DSC03936_ergebnis-624x468.jpg 624w\" sizes=\"auto, (max-width: 800px) 100vw, 800px\" \/><\/a><\/p>\n<p><a href=\"https:\/\/olu-limburg.de\/wp-content\/uploads\/2016\/10\/DSC03911_ergebnis.jpg\"><img loading=\"lazy\" decoding=\"async\" class=\"size-full wp-image-9654 aligncenter\" src=\"https:\/\/olu-limburg.de\/wp-content\/uploads\/2016\/10\/DSC03911_ergebnis.jpg\" alt=\"DSC03911_ergebnis\" width=\"800\" height=\"600\" srcset=\"https:\/\/olu-limburg.de\/wp-content\/uploads\/2016\/10\/DSC03911_ergebnis.jpg 800w, https:\/\/olu-limburg.de\/wp-content\/uploads\/2016\/10\/DSC03911_ergebnis-300x225.jpg 300w, https:\/\/olu-limburg.de\/wp-content\/uploads\/2016\/10\/DSC03911_ergebnis-768x576.jpg 768w, https:\/\/olu-limburg.de\/wp-content\/uploads\/2016\/10\/DSC03911_ergebnis-624x468.jpg 624w\" sizes=\"auto, (max-width: 800px) 100vw, 800px\" \/><\/a><\/p>\n<p>F\u00fcr das Mittagessen haben wir eine ganz versteckte Trattoria gefunden, die man von der Ufer-Promenade aus auf einer kleinen Treppe erreicht. Einige Tische stehen im sonnendurchfluteten Innenhof des alten Palazzo Omacini.<\/p>\n<p><a href=\"https:\/\/olu-limburg.de\/wp-content\/uploads\/2016\/10\/DSC03948_ergebnis-e1478422426439.jpg\"><img loading=\"lazy\" decoding=\"async\" class=\"size-full wp-image-9668 aligncenter\" src=\"https:\/\/olu-limburg.de\/wp-content\/uploads\/2016\/10\/DSC03948_ergebnis-e1478422426439.jpg\" alt=\"DSC03948_ergebnis\" width=\"450\" height=\"600\" \/><\/a><\/p>\n<p><a href=\"https:\/\/olu-limburg.de\/wp-content\/uploads\/2016\/10\/DSC03941_ergebnis.jpg\"><img loading=\"lazy\" decoding=\"async\" class=\"size-full wp-image-9665 aligncenter\" src=\"https:\/\/olu-limburg.de\/wp-content\/uploads\/2016\/10\/DSC03941_ergebnis.jpg\" alt=\"DSC03941_ergebnis\" width=\"800\" height=\"600\" srcset=\"https:\/\/olu-limburg.de\/wp-content\/uploads\/2016\/10\/DSC03941_ergebnis.jpg 800w, https:\/\/olu-limburg.de\/wp-content\/uploads\/2016\/10\/DSC03941_ergebnis-300x225.jpg 300w, https:\/\/olu-limburg.de\/wp-content\/uploads\/2016\/10\/DSC03941_ergebnis-768x576.jpg 768w, https:\/\/olu-limburg.de\/wp-content\/uploads\/2016\/10\/DSC03941_ergebnis-624x468.jpg 624w\" sizes=\"auto, (max-width: 800px) 100vw, 800px\" \/><\/a><\/p>\n<p>Nach einer sehr freundlichen Begr\u00fc\u00dfung in der Trattoria &#8222;Emporio del Gusto&#8220;\u00a0 empfiehlt uns der Patron als heutiges Extraangebot das B\u00fcfett aus kalten und warmen Speisen; alles wird von seiner Frau Patrizia nach alten kalabrischen Rezepten aus der Familie gekocht. Sobald eine Sch\u00fcssel leer ist, bringt Senora Patrizia sofort ein neues Gericht herbei. Und wie innerhalb der Familie \u00fcblich, kommt sie auch schon mal mit einem Topf an den Tisch und teilt selbst aus. Das Essen und der Wein sind hervorragend.<\/p>\n<p><a href=\"https:\/\/olu-limburg.de\/wp-content\/uploads\/2016\/10\/P1000144_ergebnis-1-e1478422679708.jpg\"><img loading=\"lazy\" decoding=\"async\" class=\"size-full wp-image-9670 aligncenter\" src=\"https:\/\/olu-limburg.de\/wp-content\/uploads\/2016\/10\/P1000144_ergebnis-1-e1478422679708.jpg\" alt=\"P1000144_ergebnis\" width=\"450\" height=\"600\" \/><\/a><\/p>\n<p><a href=\"https:\/\/olu-limburg.de\/wp-content\/uploads\/2016\/10\/P1000142_ergebnis-1.jpg\"><img loading=\"lazy\" decoding=\"async\" class=\"size-full wp-image-9669 aligncenter\" src=\"https:\/\/olu-limburg.de\/wp-content\/uploads\/2016\/10\/P1000142_ergebnis-1.jpg\" alt=\"P1000142_ergebnis\" width=\"800\" height=\"600\" srcset=\"https:\/\/olu-limburg.de\/wp-content\/uploads\/2016\/10\/P1000142_ergebnis-1.jpg 800w, https:\/\/olu-limburg.de\/wp-content\/uploads\/2016\/10\/P1000142_ergebnis-1-300x225.jpg 300w, https:\/\/olu-limburg.de\/wp-content\/uploads\/2016\/10\/P1000142_ergebnis-1-768x576.jpg 768w, https:\/\/olu-limburg.de\/wp-content\/uploads\/2016\/10\/P1000142_ergebnis-1-624x468.jpg 624w\" sizes=\"auto, (max-width: 800px) 100vw, 800px\" \/><\/a><\/p>\n<p><a href=\"https:\/\/olu-limburg.de\/wp-content\/uploads\/2016\/10\/DSC03940_ergebnis.jpg\"><img loading=\"lazy\" decoding=\"async\" class=\"size-full wp-image-9664 aligncenter\" src=\"https:\/\/olu-limburg.de\/wp-content\/uploads\/2016\/10\/DSC03940_ergebnis.jpg\" alt=\"DSC03940_ergebnis\" width=\"800\" height=\"600\" srcset=\"https:\/\/olu-limburg.de\/wp-content\/uploads\/2016\/10\/DSC03940_ergebnis.jpg 800w, https:\/\/olu-limburg.de\/wp-content\/uploads\/2016\/10\/DSC03940_ergebnis-300x225.jpg 300w, https:\/\/olu-limburg.de\/wp-content\/uploads\/2016\/10\/DSC03940_ergebnis-768x576.jpg 768w, https:\/\/olu-limburg.de\/wp-content\/uploads\/2016\/10\/DSC03940_ergebnis-624x468.jpg 624w\" sizes=\"auto, (max-width: 800px) 100vw, 800px\" \/><\/a><\/p>\n<p><a href=\"https:\/\/olu-limburg.de\/wp-content\/uploads\/2016\/10\/DSC03945_ergebnis.jpg\"><img loading=\"lazy\" decoding=\"async\" class=\"size-full wp-image-9666 aligncenter\" src=\"https:\/\/olu-limburg.de\/wp-content\/uploads\/2016\/10\/DSC03945_ergebnis.jpg\" alt=\"DSC03945_ergebnis\" width=\"800\" height=\"600\" srcset=\"https:\/\/olu-limburg.de\/wp-content\/uploads\/2016\/10\/DSC03945_ergebnis.jpg 800w, https:\/\/olu-limburg.de\/wp-content\/uploads\/2016\/10\/DSC03945_ergebnis-300x225.jpg 300w, https:\/\/olu-limburg.de\/wp-content\/uploads\/2016\/10\/DSC03945_ergebnis-768x576.jpg 768w, https:\/\/olu-limburg.de\/wp-content\/uploads\/2016\/10\/DSC03945_ergebnis-624x468.jpg 624w\" sizes=\"auto, (max-width: 800px) 100vw, 800px\" \/><\/a><\/p>\n<p><a href=\"https:\/\/olu-limburg.de\/wp-content\/uploads\/2016\/10\/DSC03946_ergebnis.jpg\"><img loading=\"lazy\" decoding=\"async\" class=\"size-full wp-image-9667 aligncenter\" src=\"https:\/\/olu-limburg.de\/wp-content\/uploads\/2016\/10\/DSC03946_ergebnis.jpg\" alt=\"DSC03946_ergebnis\" width=\"800\" height=\"600\" srcset=\"https:\/\/olu-limburg.de\/wp-content\/uploads\/2016\/10\/DSC03946_ergebnis.jpg 800w, https:\/\/olu-limburg.de\/wp-content\/uploads\/2016\/10\/DSC03946_ergebnis-300x225.jpg 300w, https:\/\/olu-limburg.de\/wp-content\/uploads\/2016\/10\/DSC03946_ergebnis-768x576.jpg 768w, https:\/\/olu-limburg.de\/wp-content\/uploads\/2016\/10\/DSC03946_ergebnis-624x468.jpg 624w\" sizes=\"auto, (max-width: 800px) 100vw, 800px\" \/><\/a><\/p>\n<p>Nach einer angemessenen Ruhezeit ist Schwimmen angesagt.<\/p>\n<p>Tagesstrecke: 0 km<\/p>\n<p>&nbsp;<\/p>\n<p><strong>Dienstag, 13.09.2016<\/strong><\/p>\n<p>Vor der Weiterfahrt nutzen wir noch einmal die M\u00f6glichkeit, einige Runden zu schwimmen. Als wir Verbania schon fast durchfahren haben, werden wir f\u00fcr die letzten zwei Kilometer in eine sehr lange und umst\u00e4ndliche\u00a0 Umleitung gezwungen. Auf der Autobahn in Richtung Genua l\u00e4sst es sich anschlie\u00dfend ausgesprochen ruhig fahren, daf\u00fcr erwischt uns das Chaos auf der Autobahn bei der Durch- bzw. Umfahrung von Genua. Dabei wechseln sich st\u00e4ndig nicht unbedingt vertrauenserweckende Tunnels und Br\u00fccken ab (Maut EUR 29,40).<\/p>\n<p>Bei Marinella di Sarzana verlassen wir die Autobahn und fahren zu dem Stellplatz mit V+E (Geb\u00fchr EUR 13,00). Achtung!!! Die Geb\u00fchr gilt nur bis zum n\u00e4chsten Tag 09.00 Uhr. Danach ist eine weitere Zahlung f\u00e4llig. Der Platz ist ruhig und das Meer liegt auf der anderen Seite der Stra\u00dfe.<\/p>\n<p><a href=\"https:\/\/olu-limburg.de\/wp-content\/uploads\/2016\/10\/DSC03952_ergebnis.jpg\"><img loading=\"lazy\" decoding=\"async\" class=\"size-full wp-image-9677 aligncenter\" src=\"https:\/\/olu-limburg.de\/wp-content\/uploads\/2016\/10\/DSC03952_ergebnis.jpg\" alt=\"DSC03952_ergebnis\" width=\"800\" height=\"600\" srcset=\"https:\/\/olu-limburg.de\/wp-content\/uploads\/2016\/10\/DSC03952_ergebnis.jpg 800w, https:\/\/olu-limburg.de\/wp-content\/uploads\/2016\/10\/DSC03952_ergebnis-300x225.jpg 300w, https:\/\/olu-limburg.de\/wp-content\/uploads\/2016\/10\/DSC03952_ergebnis-768x576.jpg 768w, https:\/\/olu-limburg.de\/wp-content\/uploads\/2016\/10\/DSC03952_ergebnis-624x468.jpg 624w\" sizes=\"auto, (max-width: 800px) 100vw, 800px\" \/><\/a><\/p>\n<div id=\"attachment_9678\" style=\"width: 810px\" class=\"wp-caption aligncenter\"><a href=\"https:\/\/olu-limburg.de\/wp-content\/uploads\/2016\/10\/DSC03953_ergebnis.jpg\"><img loading=\"lazy\" decoding=\"async\" aria-describedby=\"caption-attachment-9678\" class=\"size-full wp-image-9678\" src=\"https:\/\/olu-limburg.de\/wp-content\/uploads\/2016\/10\/DSC03953_ergebnis.jpg\" alt=\"Die Saison ist hier vorbei.\" width=\"800\" height=\"600\" srcset=\"https:\/\/olu-limburg.de\/wp-content\/uploads\/2016\/10\/DSC03953_ergebnis.jpg 800w, https:\/\/olu-limburg.de\/wp-content\/uploads\/2016\/10\/DSC03953_ergebnis-300x225.jpg 300w, https:\/\/olu-limburg.de\/wp-content\/uploads\/2016\/10\/DSC03953_ergebnis-768x576.jpg 768w, https:\/\/olu-limburg.de\/wp-content\/uploads\/2016\/10\/DSC03953_ergebnis-624x468.jpg 624w\" sizes=\"auto, (max-width: 800px) 100vw, 800px\" \/><\/a><p id=\"caption-attachment-9678\" class=\"wp-caption-text\">Die Saison ist hier vorbei.<\/p><\/div>\n<p>Und abends sitzen wir in der benachbarten Pizzeria vor einer Riesen-Pizza.<\/p>\n<p><a href=\"https:\/\/olu-limburg.de\/wp-content\/uploads\/2016\/10\/DSC03954_ergebnis-e1478429721744.jpg\"><img loading=\"lazy\" decoding=\"async\" class=\"size-full wp-image-9679 aligncenter\" src=\"https:\/\/olu-limburg.de\/wp-content\/uploads\/2016\/10\/DSC03954_ergebnis-e1478429721744.jpg\" alt=\"DSC03954_ergebnis\" width=\"450\" height=\"600\" \/><\/a><\/p>\n<p>Tagesstrecke: 361 km<\/p>\n<p>&nbsp;<\/p>\n<p><strong>Mittwoch, 14.09.2016<\/strong><\/p>\n<p>Die Neun-Uhr-Regelung ist f\u00fcr Urlauber nicht normal. Wir fahren vom Stellplatz runter, tanken in der benachbarten Tankstelle und halten kurze Zeit sp\u00e4ter am Stra\u00dfenrand und fr\u00fchst\u00fccken in aller Ruhe.<\/p>\n<p>Ab jetzt fahren wir auf der Via Aurelia, was sich als sehr nervig gestaltet. Viele Orstdurchfahrten, zugebaute oder versperrte Str\u00e4nde s\u00e4umen die Stra\u00dfen. Aber das kennt man ja von dieser Region.<\/p>\n<p>Wir machen noch einen Abstecher nach Torre del Lago Puccini an den Lago di Massaciuccoli (Parkgeb\u00fchr EUR 2,00), schwelgen in Erinnerungen und finden nichts zu essen.<\/p>\n<p><a href=\"https:\/\/olu-limburg.de\/wp-content\/uploads\/2016\/10\/DSC03959_ergebnis.jpg\"><img loading=\"lazy\" decoding=\"async\" class=\"size-full wp-image-9686 aligncenter\" src=\"https:\/\/olu-limburg.de\/wp-content\/uploads\/2016\/10\/DSC03959_ergebnis.jpg\" alt=\"DSC03959_ergebnis\" width=\"800\" height=\"600\" srcset=\"https:\/\/olu-limburg.de\/wp-content\/uploads\/2016\/10\/DSC03959_ergebnis.jpg 800w, https:\/\/olu-limburg.de\/wp-content\/uploads\/2016\/10\/DSC03959_ergebnis-300x225.jpg 300w, https:\/\/olu-limburg.de\/wp-content\/uploads\/2016\/10\/DSC03959_ergebnis-768x576.jpg 768w, https:\/\/olu-limburg.de\/wp-content\/uploads\/2016\/10\/DSC03959_ergebnis-624x468.jpg 624w\" sizes=\"auto, (max-width: 800px) 100vw, 800px\" \/><\/a><\/p>\n<p><a href=\"https:\/\/olu-limburg.de\/wp-content\/uploads\/2016\/10\/DSC03958_ergebnis.jpg\"><img loading=\"lazy\" decoding=\"async\" class=\"size-full wp-image-9685 aligncenter\" src=\"https:\/\/olu-limburg.de\/wp-content\/uploads\/2016\/10\/DSC03958_ergebnis.jpg\" alt=\"DSC03958_ergebnis\" width=\"800\" height=\"600\" srcset=\"https:\/\/olu-limburg.de\/wp-content\/uploads\/2016\/10\/DSC03958_ergebnis.jpg 800w, https:\/\/olu-limburg.de\/wp-content\/uploads\/2016\/10\/DSC03958_ergebnis-300x225.jpg 300w, https:\/\/olu-limburg.de\/wp-content\/uploads\/2016\/10\/DSC03958_ergebnis-768x576.jpg 768w, https:\/\/olu-limburg.de\/wp-content\/uploads\/2016\/10\/DSC03958_ergebnis-624x468.jpg 624w\" sizes=\"auto, (max-width: 800px) 100vw, 800px\" \/><\/a><\/p>\n<div id=\"attachment_9684\" style=\"width: 810px\" class=\"wp-caption aligncenter\"><a href=\"https:\/\/olu-limburg.de\/wp-content\/uploads\/2016\/10\/DSC03957_ergebnis.jpg\"><img loading=\"lazy\" decoding=\"async\" aria-describedby=\"caption-attachment-9684\" class=\"size-full wp-image-9684\" src=\"https:\/\/olu-limburg.de\/wp-content\/uploads\/2016\/10\/DSC03957_ergebnis.jpg\" alt=\"Villa Puccini\" width=\"800\" height=\"600\" srcset=\"https:\/\/olu-limburg.de\/wp-content\/uploads\/2016\/10\/DSC03957_ergebnis.jpg 800w, https:\/\/olu-limburg.de\/wp-content\/uploads\/2016\/10\/DSC03957_ergebnis-300x225.jpg 300w, https:\/\/olu-limburg.de\/wp-content\/uploads\/2016\/10\/DSC03957_ergebnis-768x576.jpg 768w, https:\/\/olu-limburg.de\/wp-content\/uploads\/2016\/10\/DSC03957_ergebnis-624x468.jpg 624w\" sizes=\"auto, (max-width: 800px) 100vw, 800px\" \/><\/a><p id=\"caption-attachment-9684\" class=\"wp-caption-text\">Villa Puccini<\/p><\/div>\n<div id=\"attachment_9687\" style=\"width: 810px\" class=\"wp-caption aligncenter\"><a href=\"https:\/\/olu-limburg.de\/wp-content\/uploads\/2016\/10\/DSC03961_ergebnis.jpg\"><img loading=\"lazy\" decoding=\"async\" aria-describedby=\"caption-attachment-9687\" class=\"size-full wp-image-9687\" src=\"https:\/\/olu-limburg.de\/wp-content\/uploads\/2016\/10\/DSC03961_ergebnis.jpg\" alt=\"Puccini-Festival-Gel\u00e4nde\" width=\"800\" height=\"600\" srcset=\"https:\/\/olu-limburg.de\/wp-content\/uploads\/2016\/10\/DSC03961_ergebnis.jpg 800w, https:\/\/olu-limburg.de\/wp-content\/uploads\/2016\/10\/DSC03961_ergebnis-300x225.jpg 300w, https:\/\/olu-limburg.de\/wp-content\/uploads\/2016\/10\/DSC03961_ergebnis-768x576.jpg 768w, https:\/\/olu-limburg.de\/wp-content\/uploads\/2016\/10\/DSC03961_ergebnis-624x468.jpg 624w\" sizes=\"auto, (max-width: 800px) 100vw, 800px\" \/><\/a><p id=\"caption-attachment-9687\" class=\"wp-caption-text\">Puccini-Festival-Gel\u00e4nde<\/p><\/div>\n<p>Das uns bekannte Lokal, etwas au\u00dferhalb, hat leider heute Ruhetag. Trotzdem m\u00fcssen wir nicht verhungern. Auf der Weiterfahrt finden wir ein kleines Lokal wo wir uns an <em>Primo<\/em>: Spaghetti Marinara und <em>Secondo<\/em>: H\u00e4hnchen bzw. Scaloppina mit <em>Cotorno<\/em>: Spinat und gegrilltem Gem\u00fcse st\u00e4rken.<\/p>\n<p>Bis zum Hafen nach Livorno ist es nun nicht mehr weit. Dort befindet sich ca. 200 m vom Check-In entfernt ein kostenloser Wohnmobil-Stellplatz mit V+E. Frischwasser w\u00fcrde ich dort aber nicht aufnehmen, und nur das Grauwasser l\u00e4sst sich problemlos entsorgen.<\/p>\n<p>Wir haben die F\u00e4hre nicht im vorhinein gebucht, so mache ich mich nun auf den Weg. Problemlos halte ich um 15.33 Uhr die Tickets von MobyLines f\u00fcr EUR 247,92 (hin und zur\u00fcck mit Deckpassage) in H\u00e4nden.<\/p>\n<p>Im Laufe des Nachmittages erscheinen Carabinieri und machen Stichproben bei den wartenden Wohnmobilen. Wir sind dabei, warum wei\u00df der &#8222;Geier&#8220;. Es werden Ausweise, F\u00fchrerschein, Fahrzeugpapiere und F\u00e4hrpapiere \u00fcberpr\u00fcft. Au\u00dferdem m\u00f6chte er \u00fcberall hineinschauen, aber ohne das Wohnmobil zu betreten (?).<\/p>\n<p>Um 19.00 Uhr stellen wir uns zur Beladung an. Unser Schiff ist die &#8222;Moby Wonder&#8220;. Gegen 22.00 Uhr beginnt die Verladung. Unser Wohnmobil muss nach ganz unten in den Schiffsbauch. Es ist jetzt schon hei\u00df dort unten. Schnell verteilen wir die vorbereiteten K\u00fchlakkus und eine eingefrorene Wasserflasche im K\u00fchlschrank, da wir das Wohnmobil verlassen m\u00fcssen. Kurz nach 23.00 Uhr setzt sich das Schiff in Bewegung.<\/p>\n<p><a href=\"https:\/\/olu-limburg.de\/wp-content\/uploads\/2016\/10\/DSC03965_ergebnis.jpg\"><img loading=\"lazy\" decoding=\"async\" class=\"size-full wp-image-9688 aligncenter\" src=\"https:\/\/olu-limburg.de\/wp-content\/uploads\/2016\/10\/DSC03965_ergebnis.jpg\" alt=\"DSC03965_ergebnis\" width=\"800\" height=\"600\" srcset=\"https:\/\/olu-limburg.de\/wp-content\/uploads\/2016\/10\/DSC03965_ergebnis.jpg 800w, https:\/\/olu-limburg.de\/wp-content\/uploads\/2016\/10\/DSC03965_ergebnis-300x225.jpg 300w, https:\/\/olu-limburg.de\/wp-content\/uploads\/2016\/10\/DSC03965_ergebnis-768x576.jpg 768w, https:\/\/olu-limburg.de\/wp-content\/uploads\/2016\/10\/DSC03965_ergebnis-624x468.jpg 624w\" sizes=\"auto, (max-width: 800px) 100vw, 800px\" \/><\/a><\/p>\n<p>Noch hatten wir das Au\u00dfendeck f\u00fcr uns.<\/p>\n<p><a href=\"https:\/\/olu-limburg.de\/wp-content\/uploads\/2016\/10\/DSC03967_ergebnis.jpg\"><img loading=\"lazy\" decoding=\"async\" class=\"size-full wp-image-9689 aligncenter\" src=\"https:\/\/olu-limburg.de\/wp-content\/uploads\/2016\/10\/DSC03967_ergebnis.jpg\" alt=\"DSC03967_ergebnis\" width=\"800\" height=\"600\" srcset=\"https:\/\/olu-limburg.de\/wp-content\/uploads\/2016\/10\/DSC03967_ergebnis.jpg 800w, https:\/\/olu-limburg.de\/wp-content\/uploads\/2016\/10\/DSC03967_ergebnis-300x225.jpg 300w, https:\/\/olu-limburg.de\/wp-content\/uploads\/2016\/10\/DSC03967_ergebnis-768x576.jpg 768w, https:\/\/olu-limburg.de\/wp-content\/uploads\/2016\/10\/DSC03967_ergebnis-624x468.jpg 624w\" sizes=\"auto, (max-width: 800px) 100vw, 800px\" \/><\/a><\/p>\n<p><a href=\"https:\/\/olu-limburg.de\/wp-content\/uploads\/2016\/10\/DSC03968_ergebnis.jpg\"><img loading=\"lazy\" decoding=\"async\" class=\"size-full wp-image-9690 aligncenter\" src=\"https:\/\/olu-limburg.de\/wp-content\/uploads\/2016\/10\/DSC03968_ergebnis.jpg\" alt=\"DSC03968_ergebnis\" width=\"800\" height=\"600\" srcset=\"https:\/\/olu-limburg.de\/wp-content\/uploads\/2016\/10\/DSC03968_ergebnis.jpg 800w, https:\/\/olu-limburg.de\/wp-content\/uploads\/2016\/10\/DSC03968_ergebnis-300x225.jpg 300w, https:\/\/olu-limburg.de\/wp-content\/uploads\/2016\/10\/DSC03968_ergebnis-768x576.jpg 768w, https:\/\/olu-limburg.de\/wp-content\/uploads\/2016\/10\/DSC03968_ergebnis-624x468.jpg 624w\" sizes=\"auto, (max-width: 800px) 100vw, 800px\" \/><\/a><\/p>\n<p>Auf den Decks im Schiff ist die &#8222;H\u00f6lle&#8220; los. Einige Schulklassen breiten bereits ihre Schlafs\u00e4cke aus, ohne aber zur Ruhe zu kommen. Wir quetschen uns auch noch auf eine Bank, vor mir liegen mehrere junge Damen wie die Heringe auf dem Boden. Gem\u00fctlich war es nicht, doch haben wir wir einige Stunden schlafen k\u00f6nnen.<\/p>\n<div id=\"attachment_9691\" style=\"width: 810px\" class=\"wp-caption aligncenter\"><a href=\"https:\/\/olu-limburg.de\/wp-content\/uploads\/2016\/10\/DSC03970_ergebnis.jpg\"><img loading=\"lazy\" decoding=\"async\" aria-describedby=\"caption-attachment-9691\" class=\"wp-image-9691 size-full\" src=\"https:\/\/olu-limburg.de\/wp-content\/uploads\/2016\/10\/DSC03970_ergebnis.jpg\" alt=\"DSC03970_ergebnis\" width=\"800\" height=\"600\" srcset=\"https:\/\/olu-limburg.de\/wp-content\/uploads\/2016\/10\/DSC03970_ergebnis.jpg 800w, https:\/\/olu-limburg.de\/wp-content\/uploads\/2016\/10\/DSC03970_ergebnis-300x225.jpg 300w, https:\/\/olu-limburg.de\/wp-content\/uploads\/2016\/10\/DSC03970_ergebnis-768x576.jpg 768w, https:\/\/olu-limburg.de\/wp-content\/uploads\/2016\/10\/DSC03970_ergebnis-624x468.jpg 624w\" sizes=\"auto, (max-width: 800px) 100vw, 800px\" \/><\/a><p id=\"caption-attachment-9691\" class=\"wp-caption-text\">Zwischen LIDL-T\u00fcte und Decke lagen wir.<\/p><\/div>\n<p>Tagesstrecke: 84 km<\/p>\n<p>&nbsp;<\/p>\n<p><strong>Donnerstag, 15.09.2016<\/strong><\/p>\n<p>Wenige Minuten nach 08.00 Uhr erreichen wir den Hafen von Olbia. Sardinien ist f\u00fcr uns totales Neuland. Jetzt beginnt die Suche nach dem richtigen Parkdeck. Die Decknummer ist ja klar, doch welche Farbe hatte unser Aufgang? Alles wird gut und wir landen bei unserem Wohnmobil. Hier unten, im untersten Deckbereich, ist es total hei\u00df. Das Wohnmobil hat sich innen auch bis ins unertr\u00e4gliche aufgeladen.<\/p>\n<p>Endlich drau\u00dfen, hei\u00dft es f\u00fcr uns nur noch: das herrliche Wetter genie\u00dfen, Fenster runter und das Wohnmobil mit dem Fahrtwind durchl\u00fcften. Da wir die Insel im Uhrzeigersinn umrunden wollen, haben wir uns den kleinen Ort Porto San Paolo als erstes Ziel vorgenommen.<\/p>\n<p>In der N\u00e4he des Sportplatzes wird auch ein gro\u00dfer Parkplatz als Wohnmobil-Stellplatz angek\u00fcndigt (von 8 &#8211; 20 Uhr Uhr Geb\u00fchr EUR 14,00) . Eine V+E ist nicht vorhanden. Einige Wohnmobile stehen schon dort. Als aber Gemeindebedienstete zum Entleeren des Parkautomaten erscheinen, verschwinden diese, Einer nach dem Anderen. Da wir f\u00fcr einen ansonsten nutzlosen Parkplatz nicht so viel bezahlen wollen, verlassen auch wir nach dem Fr\u00fchst\u00fcck den Parkplatz.<\/p>\n<p>Als wir beim Wegfahren sehen, dass in der N\u00e4he der Hauptstra\u00dfe ein Wochenmarkt aufgebaut worden ist, halten wir kurz an und sammeln erste Eindr\u00fccke des sardischen Angebotes.<\/p>\n<p><a href=\"https:\/\/olu-limburg.de\/wp-content\/uploads\/2016\/10\/P1000161_ergebnis-e1478688505381.jpg\"><img loading=\"lazy\" decoding=\"async\" class=\"size-full wp-image-9704 aligncenter\" src=\"https:\/\/olu-limburg.de\/wp-content\/uploads\/2016\/10\/P1000161_ergebnis-e1478688505381.jpg\" alt=\"P1000161_ergebnis\" width=\"450\" height=\"600\" \/><\/a><\/p>\n<p><a href=\"https:\/\/olu-limburg.de\/wp-content\/uploads\/2016\/10\/DSC03971_ergebnis.jpg\"><img loading=\"lazy\" decoding=\"async\" class=\"size-full wp-image-9692 aligncenter\" src=\"https:\/\/olu-limburg.de\/wp-content\/uploads\/2016\/10\/DSC03971_ergebnis.jpg\" alt=\"DSC03971_ergebnis\" width=\"800\" height=\"600\" srcset=\"https:\/\/olu-limburg.de\/wp-content\/uploads\/2016\/10\/DSC03971_ergebnis.jpg 800w, https:\/\/olu-limburg.de\/wp-content\/uploads\/2016\/10\/DSC03971_ergebnis-300x225.jpg 300w, https:\/\/olu-limburg.de\/wp-content\/uploads\/2016\/10\/DSC03971_ergebnis-768x576.jpg 768w, https:\/\/olu-limburg.de\/wp-content\/uploads\/2016\/10\/DSC03971_ergebnis-624x468.jpg 624w\" sizes=\"auto, (max-width: 800px) 100vw, 800px\" \/><\/a><\/p>\n<p><a href=\"https:\/\/olu-limburg.de\/wp-content\/uploads\/2016\/10\/DSC03972_ergebnis.jpg\"><img loading=\"lazy\" decoding=\"async\" class=\"size-full wp-image-9693 aligncenter\" src=\"https:\/\/olu-limburg.de\/wp-content\/uploads\/2016\/10\/DSC03972_ergebnis.jpg\" alt=\"DSC03972_ergebnis\" width=\"800\" height=\"600\" srcset=\"https:\/\/olu-limburg.de\/wp-content\/uploads\/2016\/10\/DSC03972_ergebnis.jpg 800w, https:\/\/olu-limburg.de\/wp-content\/uploads\/2016\/10\/DSC03972_ergebnis-300x225.jpg 300w, https:\/\/olu-limburg.de\/wp-content\/uploads\/2016\/10\/DSC03972_ergebnis-768x576.jpg 768w, https:\/\/olu-limburg.de\/wp-content\/uploads\/2016\/10\/DSC03972_ergebnis-624x468.jpg 624w\" sizes=\"auto, (max-width: 800px) 100vw, 800px\" \/><\/a><\/p>\n<p>Wir sind von der unruhigen Nacht ein wenig zerschlagen und suchen deshalb einen \u00dcbernachtungsplatz, wo man auch im Meer schwimmen kann. Die Stra\u00dfe zu dem Strand <em>Lu<\/em> <em>Impostu<\/em> darf mit Fahrzeugen von \u00fcber 5 m L\u00e4nge nicht befahren werden. Der Parkplatz etwas n\u00f6rdlich davon ist f\u00fcr Wohnmobile und Wohnwagen strikt verboten. So landen wir auf einem kleinen Platz im Naturschutzgebiet <em>Stagno di San Teodoro<\/em>, einer kleinen Lagune, wo Bootsfahrten zur Beobachtung der V\u00f6gel angeboten werden. Und nebenan stehen viele Korkeichen.<\/p>\n<p><a href=\"https:\/\/olu-limburg.de\/wp-content\/uploads\/2016\/10\/P1000174_ergebnis.jpg\"><img loading=\"lazy\" decoding=\"async\" class=\"size-full wp-image-9706 aligncenter\" src=\"https:\/\/olu-limburg.de\/wp-content\/uploads\/2016\/10\/P1000174_ergebnis.jpg\" alt=\"P1000174_ergebnis\" width=\"800\" height=\"600\" srcset=\"https:\/\/olu-limburg.de\/wp-content\/uploads\/2016\/10\/P1000174_ergebnis.jpg 800w, https:\/\/olu-limburg.de\/wp-content\/uploads\/2016\/10\/P1000174_ergebnis-300x225.jpg 300w, https:\/\/olu-limburg.de\/wp-content\/uploads\/2016\/10\/P1000174_ergebnis-768x576.jpg 768w, https:\/\/olu-limburg.de\/wp-content\/uploads\/2016\/10\/P1000174_ergebnis-624x468.jpg 624w\" sizes=\"auto, (max-width: 800px) 100vw, 800px\" \/><\/a><\/p>\n<p><a href=\"https:\/\/olu-limburg.de\/wp-content\/uploads\/2016\/10\/DSC03980_ergebnis.jpg\"><img loading=\"lazy\" decoding=\"async\" class=\"size-full wp-image-9695 aligncenter\" src=\"https:\/\/olu-limburg.de\/wp-content\/uploads\/2016\/10\/DSC03980_ergebnis.jpg\" alt=\"DSC03980_ergebnis\" width=\"800\" height=\"600\" srcset=\"https:\/\/olu-limburg.de\/wp-content\/uploads\/2016\/10\/DSC03980_ergebnis.jpg 800w, https:\/\/olu-limburg.de\/wp-content\/uploads\/2016\/10\/DSC03980_ergebnis-300x225.jpg 300w, https:\/\/olu-limburg.de\/wp-content\/uploads\/2016\/10\/DSC03980_ergebnis-768x576.jpg 768w, https:\/\/olu-limburg.de\/wp-content\/uploads\/2016\/10\/DSC03980_ergebnis-624x468.jpg 624w\" sizes=\"auto, (max-width: 800px) 100vw, 800px\" \/><\/a><\/p>\n<p><a href=\"https:\/\/olu-limburg.de\/wp-content\/uploads\/2016\/10\/P1000175_ergebnis-e1478688573601.jpg\"><img loading=\"lazy\" decoding=\"async\" class=\"size-full wp-image-9707 aligncenter\" src=\"https:\/\/olu-limburg.de\/wp-content\/uploads\/2016\/10\/P1000175_ergebnis-e1478688573601.jpg\" alt=\"P1000175_ergebnis\" width=\"450\" height=\"600\" \/><\/a><\/p>\n<p>Hier bleiben wir erst einmal und bekochen uns selbst. Auch wenn hier &#8222;Camping verboten&#8220; ist, sollte ein ausgiebiger Mittagsschlaf erlaubt sein.<\/p>\n<p>Etwas ausgeruhter versuchen wir es, so weit wie m\u00f6glich an den Strand von <em>Lu Impostu<\/em> heran zu fahren. Den Rest laufen wir zu Fu\u00df und gehen auch mit selbigen in die nur kn\u00f6cheltief heran rollenden Wellen. Leider haben wir keine Badesachen mitgenommen, um das warme Wasser richtig genie\u00dfen zu k\u00f6nnen.<\/p>\n<p><a href=\"https:\/\/olu-limburg.de\/wp-content\/uploads\/2016\/10\/P1000178_ergebnis-e1478689280124.jpg\"><img loading=\"lazy\" decoding=\"async\" class=\"size-full wp-image-9714 aligncenter\" src=\"https:\/\/olu-limburg.de\/wp-content\/uploads\/2016\/10\/P1000178_ergebnis-e1478689280124.jpg\" alt=\"P1000178_ergebnis\" width=\"450\" height=\"600\" \/><\/a><\/p>\n<p><a href=\"https:\/\/olu-limburg.de\/wp-content\/uploads\/2016\/10\/P1000182_ergebnis.jpg\"><img loading=\"lazy\" decoding=\"async\" class=\"size-full wp-image-9709 aligncenter\" src=\"https:\/\/olu-limburg.de\/wp-content\/uploads\/2016\/10\/P1000182_ergebnis.jpg\" alt=\"P1000182_ergebnis\" width=\"800\" height=\"600\" srcset=\"https:\/\/olu-limburg.de\/wp-content\/uploads\/2016\/10\/P1000182_ergebnis.jpg 800w, https:\/\/olu-limburg.de\/wp-content\/uploads\/2016\/10\/P1000182_ergebnis-300x225.jpg 300w, https:\/\/olu-limburg.de\/wp-content\/uploads\/2016\/10\/P1000182_ergebnis-768x576.jpg 768w, https:\/\/olu-limburg.de\/wp-content\/uploads\/2016\/10\/P1000182_ergebnis-624x468.jpg 624w\" sizes=\"auto, (max-width: 800px) 100vw, 800px\" \/><\/a><\/p>\n<p><a href=\"https:\/\/olu-limburg.de\/wp-content\/uploads\/2016\/10\/P1000180_ergebnis.jpg\"><img loading=\"lazy\" decoding=\"async\" class=\"size-full wp-image-9708 aligncenter\" src=\"https:\/\/olu-limburg.de\/wp-content\/uploads\/2016\/10\/P1000180_ergebnis.jpg\" alt=\"P1000180_ergebnis\" width=\"800\" height=\"600\" srcset=\"https:\/\/olu-limburg.de\/wp-content\/uploads\/2016\/10\/P1000180_ergebnis.jpg 800w, https:\/\/olu-limburg.de\/wp-content\/uploads\/2016\/10\/P1000180_ergebnis-300x225.jpg 300w, https:\/\/olu-limburg.de\/wp-content\/uploads\/2016\/10\/P1000180_ergebnis-768x576.jpg 768w, https:\/\/olu-limburg.de\/wp-content\/uploads\/2016\/10\/P1000180_ergebnis-624x468.jpg 624w\" sizes=\"auto, (max-width: 800px) 100vw, 800px\" \/><\/a><\/p>\n<p>Mittlerweile hat es angefangen zu regnen. Wir entschlie\u00dfen uns nach Porto San Paolo zur\u00fcck zu fahren, spazieren zum Strand, wo sich nochmals ein Parkplatz mit den gleichen Beschr\u00e4nkungen befindet, und freuen uns, mangels offener Bar, auf unseren eigenen Apero mit kleinen Leckereien im Wohnmobil. Es ist immer noch hei\u00df!<\/p>\n<p><a href=\"https:\/\/olu-limburg.de\/wp-content\/uploads\/2016\/10\/DSC03988_ergebnis.jpg\"><img loading=\"lazy\" decoding=\"async\" class=\"size-full wp-image-9698 aligncenter\" src=\"https:\/\/olu-limburg.de\/wp-content\/uploads\/2016\/10\/DSC03988_ergebnis.jpg\" alt=\"DSC03988_ergebnis\" width=\"800\" height=\"600\" srcset=\"https:\/\/olu-limburg.de\/wp-content\/uploads\/2016\/10\/DSC03988_ergebnis.jpg 800w, https:\/\/olu-limburg.de\/wp-content\/uploads\/2016\/10\/DSC03988_ergebnis-300x225.jpg 300w, https:\/\/olu-limburg.de\/wp-content\/uploads\/2016\/10\/DSC03988_ergebnis-768x576.jpg 768w, https:\/\/olu-limburg.de\/wp-content\/uploads\/2016\/10\/DSC03988_ergebnis-624x468.jpg 624w\" sizes=\"auto, (max-width: 800px) 100vw, 800px\" \/><\/a><\/p>\n<p>Tagesstrecke: 55 km<\/p>\n<p>&nbsp;<\/p>\n<p><strong>Freitag, 16.09.2016<\/strong><\/p>\n<p>Es regnet. Unsere Einstellung zum Sardinien-Urlaub ist ein wenig getr\u00fcbt. Diese Beschr\u00e4nkungen sind wir nicht gewohnt, und wir haben noch vier Wochen Insel-Urlaub vor uns. Was kommt auf uns zu?<\/p>\n<p><a href=\"https:\/\/olu-limburg.de\/wp-content\/uploads\/2016\/10\/DSC03989_ergebnis.jpg\"><img loading=\"lazy\" decoding=\"async\" class=\"alignnone size-full wp-image-9699\" src=\"https:\/\/olu-limburg.de\/wp-content\/uploads\/2016\/10\/DSC03989_ergebnis.jpg\" alt=\"DSC03989_ergebnis\" width=\"800\" height=\"600\" srcset=\"https:\/\/olu-limburg.de\/wp-content\/uploads\/2016\/10\/DSC03989_ergebnis.jpg 800w, https:\/\/olu-limburg.de\/wp-content\/uploads\/2016\/10\/DSC03989_ergebnis-300x225.jpg 300w, https:\/\/olu-limburg.de\/wp-content\/uploads\/2016\/10\/DSC03989_ergebnis-768x576.jpg 768w, https:\/\/olu-limburg.de\/wp-content\/uploads\/2016\/10\/DSC03989_ergebnis-624x468.jpg 624w\" sizes=\"auto, (max-width: 800px) 100vw, 800px\" \/><\/a><\/p>\n<p>Kurz nach 08.00 Uhr verlassen wir unseren Platz und fr\u00fchst\u00fccken im Ort auf einem Parkplatz an der Hauptstra\u00dfe. Dort warten wir auch das Ende des Regens ab. Danach fahren wir kurz vor San Teodoro zum Strand <em>La Cinta<\/em>, wo wir auch auf keinen Parkplatz d\u00fcrfen. Wir parken kurz vorher am Stra\u00dfenrand und schl\u00e4ngeln uns an Pf\u00fctzen vorbei zum Strand. Hier sieht es tats\u00e4chlich schlimm aus. Heute Nacht muss es nur wenige Kilometer von uns entfernt f\u00fcrchterlich gesch\u00fcttet haben. Der Strand ist aber herrlich.<\/p>\n<p><a href=\"https:\/\/olu-limburg.de\/wp-content\/uploads\/2016\/10\/DSC03990_ergebnis.jpg\"><img loading=\"lazy\" decoding=\"async\" class=\"size-full wp-image-9715 aligncenter\" src=\"https:\/\/olu-limburg.de\/wp-content\/uploads\/2016\/10\/DSC03990_ergebnis.jpg\" alt=\"DSC03990_ergebnis\" width=\"800\" height=\"600\" srcset=\"https:\/\/olu-limburg.de\/wp-content\/uploads\/2016\/10\/DSC03990_ergebnis.jpg 800w, https:\/\/olu-limburg.de\/wp-content\/uploads\/2016\/10\/DSC03990_ergebnis-300x225.jpg 300w, https:\/\/olu-limburg.de\/wp-content\/uploads\/2016\/10\/DSC03990_ergebnis-768x576.jpg 768w, https:\/\/olu-limburg.de\/wp-content\/uploads\/2016\/10\/DSC03990_ergebnis-624x468.jpg 624w\" sizes=\"auto, (max-width: 800px) 100vw, 800px\" \/><\/a><\/p>\n<p><a href=\"https:\/\/olu-limburg.de\/wp-content\/uploads\/2016\/10\/DSC03991_ergebnis.jpg\"><img loading=\"lazy\" decoding=\"async\" class=\"size-full wp-image-9716 aligncenter\" src=\"https:\/\/olu-limburg.de\/wp-content\/uploads\/2016\/10\/DSC03991_ergebnis.jpg\" alt=\"DSC03991_ergebnis\" width=\"800\" height=\"600\" srcset=\"https:\/\/olu-limburg.de\/wp-content\/uploads\/2016\/10\/DSC03991_ergebnis.jpg 800w, https:\/\/olu-limburg.de\/wp-content\/uploads\/2016\/10\/DSC03991_ergebnis-300x225.jpg 300w, https:\/\/olu-limburg.de\/wp-content\/uploads\/2016\/10\/DSC03991_ergebnis-768x576.jpg 768w, https:\/\/olu-limburg.de\/wp-content\/uploads\/2016\/10\/DSC03991_ergebnis-624x468.jpg 624w\" sizes=\"auto, (max-width: 800px) 100vw, 800px\" \/><\/a><\/p>\n<p>So fahren wir nach San Teodoro und parken vor dem<em> Euro Spin<\/em>. Diesen Supermarkt findet man auf der ganzen Insel. Er ist wirklich empehlenswert. San Teodoro selbst ist ein reiner Touristenort. Andenkengesch\u00e4fte, Bars und Restaurants finden sich reichlich.<\/p>\n<p><a href=\"https:\/\/olu-limburg.de\/wp-content\/uploads\/2016\/10\/DSC03992_ergebnis.jpg\"><img loading=\"lazy\" decoding=\"async\" class=\"size-full wp-image-9717 aligncenter\" src=\"https:\/\/olu-limburg.de\/wp-content\/uploads\/2016\/10\/DSC03992_ergebnis.jpg\" alt=\"DSC03992_ergebnis\" width=\"800\" height=\"600\" srcset=\"https:\/\/olu-limburg.de\/wp-content\/uploads\/2016\/10\/DSC03992_ergebnis.jpg 800w, https:\/\/olu-limburg.de\/wp-content\/uploads\/2016\/10\/DSC03992_ergebnis-300x225.jpg 300w, https:\/\/olu-limburg.de\/wp-content\/uploads\/2016\/10\/DSC03992_ergebnis-768x576.jpg 768w, https:\/\/olu-limburg.de\/wp-content\/uploads\/2016\/10\/DSC03992_ergebnis-624x468.jpg 624w\" sizes=\"auto, (max-width: 800px) 100vw, 800px\" \/><\/a><\/p>\n<p><a href=\"https:\/\/olu-limburg.de\/wp-content\/uploads\/2016\/10\/DSC03994_ergebnis-e1478690627310.jpg\"><img loading=\"lazy\" decoding=\"async\" class=\"size-full wp-image-9718 aligncenter\" src=\"https:\/\/olu-limburg.de\/wp-content\/uploads\/2016\/10\/DSC03994_ergebnis-e1478690627310.jpg\" alt=\"DSC03994_ergebnis\" width=\"450\" height=\"600\" \/><\/a><\/p>\n<p><a href=\"https:\/\/olu-limburg.de\/wp-content\/uploads\/2016\/10\/DSC03995_ergebnis.jpg\"><img loading=\"lazy\" decoding=\"async\" class=\"size-full wp-image-9719 aligncenter\" src=\"https:\/\/olu-limburg.de\/wp-content\/uploads\/2016\/10\/DSC03995_ergebnis.jpg\" alt=\"DSC03995_ergebnis\" width=\"800\" height=\"600\" srcset=\"https:\/\/olu-limburg.de\/wp-content\/uploads\/2016\/10\/DSC03995_ergebnis.jpg 800w, https:\/\/olu-limburg.de\/wp-content\/uploads\/2016\/10\/DSC03995_ergebnis-300x225.jpg 300w, https:\/\/olu-limburg.de\/wp-content\/uploads\/2016\/10\/DSC03995_ergebnis-768x576.jpg 768w, https:\/\/olu-limburg.de\/wp-content\/uploads\/2016\/10\/DSC03995_ergebnis-624x468.jpg 624w\" sizes=\"auto, (max-width: 800px) 100vw, 800px\" \/><\/a><\/p>\n<p>Nach einem Aperol wollten wir eigentlich nur noch Pizza ai Taglio zu uns nehmen. Da es diese aber nur am fr\u00fchen Abend gibt, haben wir auf wieder einmal \u00fcberdimensierte Pizzen zur\u00fcckgegriffen.<\/p>\n<p><a href=\"https:\/\/olu-limburg.de\/wp-content\/uploads\/2016\/10\/P1000184_ergebnis.jpg\"><img loading=\"lazy\" decoding=\"async\" class=\"alignnone size-full wp-image-9710\" src=\"https:\/\/olu-limburg.de\/wp-content\/uploads\/2016\/10\/P1000184_ergebnis.jpg\" alt=\"P1000184_ergebnis\" width=\"800\" height=\"600\" srcset=\"https:\/\/olu-limburg.de\/wp-content\/uploads\/2016\/10\/P1000184_ergebnis.jpg 800w, https:\/\/olu-limburg.de\/wp-content\/uploads\/2016\/10\/P1000184_ergebnis-300x225.jpg 300w, https:\/\/olu-limburg.de\/wp-content\/uploads\/2016\/10\/P1000184_ergebnis-768x576.jpg 768w, https:\/\/olu-limburg.de\/wp-content\/uploads\/2016\/10\/P1000184_ergebnis-624x468.jpg 624w\" sizes=\"auto, (max-width: 800px) 100vw, 800px\" \/><\/a><\/p>\n<p>Bei unserem Weg zur\u00fcck zum Wohnmobil &#8222;stolpern&#8220; wir pl\u00f6tzlich \u00fcber dieses Plakat. Ein Fest in der Lagune mit einem solchen Men\u00fc liest sich gut. Das &#8222;wo ?&#8220; haben wir f\u00fcr uns auch gekl\u00e4rt: Lagune und unter Mitwirkung des Vereins &#8222;Stagno &#8230;&#8220;. Das kann nur in dem Naturreservat sein, wo wir gestern Mittag gestanden haben. Au\u00dferdem wurden gestern auch B\u00e4nke und Tische dort hin geliefert.<\/p>\n<p><a href=\"https:\/\/olu-limburg.de\/wp-content\/uploads\/2016\/10\/DSC03996_ergebnis-e1478690727937.jpg\"><img loading=\"lazy\" decoding=\"async\" class=\"size-full wp-image-9720 aligncenter\" src=\"https:\/\/olu-limburg.de\/wp-content\/uploads\/2016\/10\/DSC03996_ergebnis-e1478690727937.jpg\" alt=\"DSC03996_ergebnis\" width=\"450\" height=\"600\" \/><\/a><\/p>\n<p>Ein Programm-Punkt f\u00fcr morgen steht somit schon fest. Was machen wir nur in der Zwischenzeit? Zuerst einmal besuchen wir den Euro Spin. Neben notwendigen Lebensmitteln kaufen wir Wei\u00dfwein ein. Den Vermentino gibt es in Bars und Restaurants \u00fcberall als Vino da Casa. Er ist ein feiner trockener Wei\u00dfwein mit einer leicht fruchtigen Note. Bei dem Rotwein haben wir uns f\u00fcr den Cannonau di Sardegna entschieden, einen nicht ganz so schweren Rotwein. Trotzdem ist es f\u00fcr die sardischen Weine ganz normal, dass sie bei 14 % vol. liegen.<\/p>\n<p>Bei der Suche nach einem \u00dcbernachtungsplatz steuern wir unterhalb von San Teodoro bei Agrustos den Parkplatz von der <em>Pineta Sant<\/em> <em>Anna<\/em> an. Ein gro\u00dfer Parkplatz bei einem sch\u00f6nen W\u00e4ldchen mit einem tollen Strand davor; nur d\u00fcrfen wir hier nicht \u00fcbernachten.<\/p>\n<p>Etwas wieder in n\u00f6rdlicher Richtung sehen wir aber einen gro\u00dfen Parkplatz am Strand. Wir kurven also zur\u00fcck und finden auch den Zugang zum Parkplatz <em>Sa Capannizza<\/em> an der Baia di Budoni. Seit dem 15. September kostet der Parkplatz keine Geb\u00fchren mehr und es stehen bereits einige Wohnmobile hier. Der einzige Wermutstropfen sind diese bl\u00f6den Verbotsschilder f\u00fcr die \u00dcbernachtung von Wohnmobilen, und es kursieren ja die wildesten Ger\u00fcchte im &#8222;Netz&#8220;.<\/p>\n<p><a href=\"https:\/\/olu-limburg.de\/wp-content\/uploads\/2016\/10\/P1000186_ergebnis.jpg\"><img loading=\"lazy\" decoding=\"async\" class=\"size-full wp-image-9711 aligncenter\" src=\"https:\/\/olu-limburg.de\/wp-content\/uploads\/2016\/10\/P1000186_ergebnis.jpg\" alt=\"P1000186_ergebnis\" width=\"800\" height=\"600\" srcset=\"https:\/\/olu-limburg.de\/wp-content\/uploads\/2016\/10\/P1000186_ergebnis.jpg 800w, https:\/\/olu-limburg.de\/wp-content\/uploads\/2016\/10\/P1000186_ergebnis-300x225.jpg 300w, https:\/\/olu-limburg.de\/wp-content\/uploads\/2016\/10\/P1000186_ergebnis-768x576.jpg 768w, https:\/\/olu-limburg.de\/wp-content\/uploads\/2016\/10\/P1000186_ergebnis-624x468.jpg 624w\" sizes=\"auto, (max-width: 800px) 100vw, 800px\" \/><\/a><\/p>\n<p><a href=\"https:\/\/olu-limburg.de\/wp-content\/uploads\/2016\/10\/DSC04026_ergebnis-e1478710163271.jpg\"><img loading=\"lazy\" decoding=\"async\" class=\"size-full wp-image-9743 aligncenter\" src=\"https:\/\/olu-limburg.de\/wp-content\/uploads\/2016\/10\/DSC04026_ergebnis-e1478710163271.jpg\" alt=\"DSC04026_ergebnis\" width=\"450\" height=\"600\" \/><\/a><\/p>\n<div id=\"attachment_9722\" style=\"width: 810px\" class=\"wp-caption aligncenter\"><a href=\"https:\/\/olu-limburg.de\/wp-content\/uploads\/2016\/10\/DSC04002_ergebnis.jpg\"><img loading=\"lazy\" decoding=\"async\" aria-describedby=\"caption-attachment-9722\" class=\"size-full wp-image-9722\" src=\"https:\/\/olu-limburg.de\/wp-content\/uploads\/2016\/10\/DSC04002_ergebnis.jpg\" alt=\"Die Flamingos sind auch da.\" width=\"800\" height=\"600\" srcset=\"https:\/\/olu-limburg.de\/wp-content\/uploads\/2016\/10\/DSC04002_ergebnis.jpg 800w, https:\/\/olu-limburg.de\/wp-content\/uploads\/2016\/10\/DSC04002_ergebnis-300x225.jpg 300w, https:\/\/olu-limburg.de\/wp-content\/uploads\/2016\/10\/DSC04002_ergebnis-768x576.jpg 768w, https:\/\/olu-limburg.de\/wp-content\/uploads\/2016\/10\/DSC04002_ergebnis-624x468.jpg 624w\" sizes=\"auto, (max-width: 800px) 100vw, 800px\" \/><\/a><p id=\"caption-attachment-9722\" class=\"wp-caption-text\">Die Flamingos sind auch da.<\/p><\/div>\n<p>Uns zieht es auf jeden Fall erst zum Wasser. Die riesige Bucht mit tollem Strand und einer offenen Bar ist einfach traumhaft. Wir genie\u00dfen es, ins Wasser hinein zu laufen. Das Meer ist wirklich warm. Trotzdem k\u00fchlt es nat\u00fcrlich den \u00fcberhitzten K\u00f6rper; wir k\u00f6nnen gar nicht genug bekommen.<\/p>\n<p><a href=\"https:\/\/olu-limburg.de\/wp-content\/uploads\/2016\/10\/DSC03999_ergebnis.jpg\"><img loading=\"lazy\" decoding=\"async\" class=\"size-full wp-image-9721 aligncenter\" src=\"https:\/\/olu-limburg.de\/wp-content\/uploads\/2016\/10\/DSC03999_ergebnis.jpg\" alt=\"DSC03999_ergebnis\" width=\"800\" height=\"600\" srcset=\"https:\/\/olu-limburg.de\/wp-content\/uploads\/2016\/10\/DSC03999_ergebnis.jpg 800w, https:\/\/olu-limburg.de\/wp-content\/uploads\/2016\/10\/DSC03999_ergebnis-300x225.jpg 300w, https:\/\/olu-limburg.de\/wp-content\/uploads\/2016\/10\/DSC03999_ergebnis-768x576.jpg 768w, https:\/\/olu-limburg.de\/wp-content\/uploads\/2016\/10\/DSC03999_ergebnis-624x468.jpg 624w\" sizes=\"auto, (max-width: 800px) 100vw, 800px\" \/><\/a><\/p>\n<p>Gegen Abend fehlt uns dann aber die Traute, hier zu \u00fcbernachten. Wir fahren zur\u00fcck nach Budoni. Bei der Durchfahrt habe ich einen etwas versteckten Parkplatz gesehen. Nach einem kleinen Spaziergang durch den in den Abendstunden erwachenden Ort haben wir eine ruhige Nacht in unserem Wohnmobil.<\/p>\n<div id=\"attachment_9723\" style=\"width: 810px\" class=\"wp-caption aligncenter\"><a href=\"https:\/\/olu-limburg.de\/wp-content\/uploads\/2016\/10\/DSC04011_ergebnis.jpg\"><img loading=\"lazy\" decoding=\"async\" aria-describedby=\"caption-attachment-9723\" class=\"size-full wp-image-9723\" src=\"https:\/\/olu-limburg.de\/wp-content\/uploads\/2016\/10\/DSC04011_ergebnis.jpg\" alt=\"Braut sich da was zusammen?\" width=\"800\" height=\"600\" srcset=\"https:\/\/olu-limburg.de\/wp-content\/uploads\/2016\/10\/DSC04011_ergebnis.jpg 800w, https:\/\/olu-limburg.de\/wp-content\/uploads\/2016\/10\/DSC04011_ergebnis-300x225.jpg 300w, https:\/\/olu-limburg.de\/wp-content\/uploads\/2016\/10\/DSC04011_ergebnis-768x576.jpg 768w, https:\/\/olu-limburg.de\/wp-content\/uploads\/2016\/10\/DSC04011_ergebnis-624x468.jpg 624w\" sizes=\"auto, (max-width: 800px) 100vw, 800px\" \/><\/a><p id=\"caption-attachment-9723\" class=\"wp-caption-text\">Braut sich da was zusammen?<\/p><\/div>\n<p><a href=\"https:\/\/olu-limburg.de\/wp-content\/uploads\/2016\/10\/DSC04012_ergebnis.jpg\"><img loading=\"lazy\" decoding=\"async\" class=\"size-full wp-image-9724 aligncenter\" src=\"https:\/\/olu-limburg.de\/wp-content\/uploads\/2016\/10\/DSC04012_ergebnis.jpg\" alt=\"DSC04012_ergebnis\" width=\"800\" height=\"600\" srcset=\"https:\/\/olu-limburg.de\/wp-content\/uploads\/2016\/10\/DSC04012_ergebnis.jpg 800w, https:\/\/olu-limburg.de\/wp-content\/uploads\/2016\/10\/DSC04012_ergebnis-300x225.jpg 300w, https:\/\/olu-limburg.de\/wp-content\/uploads\/2016\/10\/DSC04012_ergebnis-768x576.jpg 768w, https:\/\/olu-limburg.de\/wp-content\/uploads\/2016\/10\/DSC04012_ergebnis-624x468.jpg 624w\" sizes=\"auto, (max-width: 800px) 100vw, 800px\" \/><\/a><\/p>\n<p><a href=\"https:\/\/olu-limburg.de\/wp-content\/uploads\/2016\/10\/DSC04014_ergebnis.jpg\"><img loading=\"lazy\" decoding=\"async\" class=\"size-full wp-image-9725 aligncenter\" src=\"https:\/\/olu-limburg.de\/wp-content\/uploads\/2016\/10\/DSC04014_ergebnis.jpg\" alt=\"DSC04014_ergebnis\" width=\"800\" height=\"600\" srcset=\"https:\/\/olu-limburg.de\/wp-content\/uploads\/2016\/10\/DSC04014_ergebnis.jpg 800w, https:\/\/olu-limburg.de\/wp-content\/uploads\/2016\/10\/DSC04014_ergebnis-300x225.jpg 300w, https:\/\/olu-limburg.de\/wp-content\/uploads\/2016\/10\/DSC04014_ergebnis-768x576.jpg 768w, https:\/\/olu-limburg.de\/wp-content\/uploads\/2016\/10\/DSC04014_ergebnis-624x468.jpg 624w\" sizes=\"auto, (max-width: 800px) 100vw, 800px\" \/><\/a><\/p>\n<p><a href=\"https:\/\/olu-limburg.de\/wp-content\/uploads\/2016\/10\/DSC04015_ergebnis.jpg\"><img loading=\"lazy\" decoding=\"async\" class=\"size-full wp-image-9726 aligncenter\" src=\"https:\/\/olu-limburg.de\/wp-content\/uploads\/2016\/10\/DSC04015_ergebnis.jpg\" alt=\"DSC04015_ergebnis\" width=\"800\" height=\"600\" srcset=\"https:\/\/olu-limburg.de\/wp-content\/uploads\/2016\/10\/DSC04015_ergebnis.jpg 800w, https:\/\/olu-limburg.de\/wp-content\/uploads\/2016\/10\/DSC04015_ergebnis-300x225.jpg 300w, https:\/\/olu-limburg.de\/wp-content\/uploads\/2016\/10\/DSC04015_ergebnis-768x576.jpg 768w, https:\/\/olu-limburg.de\/wp-content\/uploads\/2016\/10\/DSC04015_ergebnis-624x468.jpg 624w\" sizes=\"auto, (max-width: 800px) 100vw, 800px\" \/><\/a><\/p>\n<p>Tagesstrecke: 41 km<\/p>\n<p>&nbsp;<\/p>\n<p><strong>Samstag, 17.09.2016<\/strong><\/p>\n<p>Ganz fr\u00fch fahren wir wieder an den Strand &#8211; fr\u00fchst\u00fccken, schwimmen und faulenzen. Gegen Mittag geht es auf unserer eigentlich gedachten Route noch weiter zur\u00fcck und \u00fcber San Teodoro hinaus zur <em>Stagno di San Teodoro<\/em> zum Fest des \u00f6rtlichen Fu\u00dfballvereins. Irgendwie machen wir etwas falsch und kommen nicht wirklich vorw\u00e4rts. Aber wir haben ja vier Wochen auf der Insel. Das tr\u00f6stet uns.<\/p>\n<p>Es sind schon viele G\u00e4ste dort. Tische und B\u00e4nke sind mit Hilfe von Pavillons beschattet. Am Eingang werden Bons verkauft, mit denen man sich dann Essen und Getr\u00e4nke holen kann. F\u00fcr EUR 15,00 gibt es als Primo: Nudeln, Secundo: gegrillten Fisch mit Br\u00f6tchen und Wein. Sp\u00e4ter wird noch s\u00fc\u00dfes Geb\u00e4ck als Dessert verteilt.<\/p>\n<p><a href=\"https:\/\/olu-limburg.de\/wp-content\/uploads\/2016\/10\/DSC04016_ergebnis.jpg\"><img loading=\"lazy\" decoding=\"async\" class=\"size-full wp-image-9735 aligncenter\" src=\"https:\/\/olu-limburg.de\/wp-content\/uploads\/2016\/10\/DSC04016_ergebnis.jpg\" alt=\"DSC04016_ergebnis\" width=\"800\" height=\"600\" srcset=\"https:\/\/olu-limburg.de\/wp-content\/uploads\/2016\/10\/DSC04016_ergebnis.jpg 800w, https:\/\/olu-limburg.de\/wp-content\/uploads\/2016\/10\/DSC04016_ergebnis-300x225.jpg 300w, https:\/\/olu-limburg.de\/wp-content\/uploads\/2016\/10\/DSC04016_ergebnis-768x576.jpg 768w, https:\/\/olu-limburg.de\/wp-content\/uploads\/2016\/10\/DSC04016_ergebnis-624x468.jpg 624w\" sizes=\"auto, (max-width: 800px) 100vw, 800px\" \/><\/a><\/p>\n<p><a href=\"https:\/\/olu-limburg.de\/wp-content\/uploads\/2016\/10\/DSC04017_ergebnis.jpg\"><img loading=\"lazy\" decoding=\"async\" class=\"size-full wp-image-9736 aligncenter\" src=\"https:\/\/olu-limburg.de\/wp-content\/uploads\/2016\/10\/DSC04017_ergebnis.jpg\" alt=\"DSC04017_ergebnis\" width=\"800\" height=\"600\" srcset=\"https:\/\/olu-limburg.de\/wp-content\/uploads\/2016\/10\/DSC04017_ergebnis.jpg 800w, https:\/\/olu-limburg.de\/wp-content\/uploads\/2016\/10\/DSC04017_ergebnis-300x225.jpg 300w, https:\/\/olu-limburg.de\/wp-content\/uploads\/2016\/10\/DSC04017_ergebnis-768x576.jpg 768w, https:\/\/olu-limburg.de\/wp-content\/uploads\/2016\/10\/DSC04017_ergebnis-624x468.jpg 624w\" sizes=\"auto, (max-width: 800px) 100vw, 800px\" \/><\/a><\/p>\n<p><a href=\"https:\/\/olu-limburg.de\/wp-content\/uploads\/2016\/10\/DSC04018_ergebnis.jpg\"><img loading=\"lazy\" decoding=\"async\" class=\"size-full wp-image-9737 aligncenter\" src=\"https:\/\/olu-limburg.de\/wp-content\/uploads\/2016\/10\/DSC04018_ergebnis.jpg\" alt=\"DSC04018_ergebnis\" width=\"800\" height=\"600\" srcset=\"https:\/\/olu-limburg.de\/wp-content\/uploads\/2016\/10\/DSC04018_ergebnis.jpg 800w, https:\/\/olu-limburg.de\/wp-content\/uploads\/2016\/10\/DSC04018_ergebnis-300x225.jpg 300w, https:\/\/olu-limburg.de\/wp-content\/uploads\/2016\/10\/DSC04018_ergebnis-768x576.jpg 768w, https:\/\/olu-limburg.de\/wp-content\/uploads\/2016\/10\/DSC04018_ergebnis-624x468.jpg 624w\" sizes=\"auto, (max-width: 800px) 100vw, 800px\" \/><\/a><\/p>\n<div id=\"attachment_9738\" style=\"width: 810px\" class=\"wp-caption aligncenter\"><a href=\"https:\/\/olu-limburg.de\/wp-content\/uploads\/2016\/10\/DSC04020_ergebnis.jpg\"><img loading=\"lazy\" decoding=\"async\" aria-describedby=\"caption-attachment-9738\" class=\"size-full wp-image-9738\" src=\"https:\/\/olu-limburg.de\/wp-content\/uploads\/2016\/10\/DSC04020_ergebnis.jpg\" alt=\"Mein Hei\u00dfhunger kam vor dem Foto.\" width=\"800\" height=\"600\" srcset=\"https:\/\/olu-limburg.de\/wp-content\/uploads\/2016\/10\/DSC04020_ergebnis.jpg 800w, https:\/\/olu-limburg.de\/wp-content\/uploads\/2016\/10\/DSC04020_ergebnis-300x225.jpg 300w, https:\/\/olu-limburg.de\/wp-content\/uploads\/2016\/10\/DSC04020_ergebnis-768x576.jpg 768w, https:\/\/olu-limburg.de\/wp-content\/uploads\/2016\/10\/DSC04020_ergebnis-624x468.jpg 624w\" sizes=\"auto, (max-width: 800px) 100vw, 800px\" \/><\/a><p id=\"caption-attachment-9738\" class=\"wp-caption-text\">Mein Hei\u00dfhunger kam vor dem Foto.<\/p><\/div>\n<p><a href=\"https:\/\/olu-limburg.de\/wp-content\/uploads\/2016\/10\/DSC04023_ergebnis.jpg\"><img loading=\"lazy\" decoding=\"async\" class=\"size-full wp-image-9740 aligncenter\" src=\"https:\/\/olu-limburg.de\/wp-content\/uploads\/2016\/10\/DSC04023_ergebnis.jpg\" alt=\"DSC04023_ergebnis\" width=\"800\" height=\"600\" srcset=\"https:\/\/olu-limburg.de\/wp-content\/uploads\/2016\/10\/DSC04023_ergebnis.jpg 800w, https:\/\/olu-limburg.de\/wp-content\/uploads\/2016\/10\/DSC04023_ergebnis-300x225.jpg 300w, https:\/\/olu-limburg.de\/wp-content\/uploads\/2016\/10\/DSC04023_ergebnis-768x576.jpg 768w, https:\/\/olu-limburg.de\/wp-content\/uploads\/2016\/10\/DSC04023_ergebnis-624x468.jpg 624w\" sizes=\"auto, (max-width: 800px) 100vw, 800px\" \/><\/a><\/p>\n<p>Mittlerweile st\u00fcrmt es ganz sch\u00f6n, und immer wieder kommen starke B\u00f6en unter dem Pavillon hindurch. Bei einem Windsto\u00df fegt es auch eine Reihe der Plastikschalen mit den Nudeln und einige Weinbecher vom Tisch.<\/p>\n<p>Nach einem ausgiebigen Mittagsschlaf begeben wir uns wieder auf die Stra\u00dfe. Der Wind hat nachgelassen. Nach einem Abstecher zum Porto Ottiolu, wo es uns aber aufgrund der Enge nicht gef\u00e4llt, fahren wir wieder zum Strand Sa Capannizza. Einige Wohnmobile haben gestern schon hier gestanden, also wagen wir es auch! Das Bad in den Fluten ist wundersch\u00f6n, auch wenn der Wind die Oberfl\u00e4che des Wassers etwas k\u00fchler erscheinen l\u00e4sst.<\/p>\n<div id=\"attachment_9741\" style=\"width: 810px\" class=\"wp-caption aligncenter\"><a href=\"https:\/\/olu-limburg.de\/wp-content\/uploads\/2016\/10\/DSC04024_ergebnis.jpg\"><img loading=\"lazy\" decoding=\"async\" aria-describedby=\"caption-attachment-9741\" class=\"size-full wp-image-9741\" src=\"https:\/\/olu-limburg.de\/wp-content\/uploads\/2016\/10\/DSC04024_ergebnis.jpg\" alt=\"der Verkehr ruht mal kurz\" width=\"800\" height=\"600\" srcset=\"https:\/\/olu-limburg.de\/wp-content\/uploads\/2016\/10\/DSC04024_ergebnis.jpg 800w, https:\/\/olu-limburg.de\/wp-content\/uploads\/2016\/10\/DSC04024_ergebnis-300x225.jpg 300w, https:\/\/olu-limburg.de\/wp-content\/uploads\/2016\/10\/DSC04024_ergebnis-768x576.jpg 768w, https:\/\/olu-limburg.de\/wp-content\/uploads\/2016\/10\/DSC04024_ergebnis-624x468.jpg 624w\" sizes=\"auto, (max-width: 800px) 100vw, 800px\" \/><\/a><p id=\"caption-attachment-9741\" class=\"wp-caption-text\">der Verkehr ruht mal kurz<\/p><\/div>\n<p>Nach einem Bad in der Sonne verziehen wir uns ins Wohnmobil. Ein Wagen mit Carabinieris macht seine Runde und schaut, ob alles in Ordnung ist, und verschwindet wieder. Alles ist gut (!), und die Angst ist weg. Mit dem Sonnenuntergang ist M\u00fcckenalarm. D. h. wirklich alles zu machen, denn die Biester kommen durch die M\u00fcckengitter durch.<\/p>\n<p><a href=\"https:\/\/olu-limburg.de\/wp-content\/uploads\/2016\/10\/P1000199_ergebnis.jpg\"><img loading=\"lazy\" decoding=\"async\" class=\"size-full wp-image-9712 aligncenter\" src=\"https:\/\/olu-limburg.de\/wp-content\/uploads\/2016\/10\/P1000199_ergebnis.jpg\" alt=\"P1000199_ergebnis\" width=\"800\" height=\"600\" srcset=\"https:\/\/olu-limburg.de\/wp-content\/uploads\/2016\/10\/P1000199_ergebnis.jpg 800w, https:\/\/olu-limburg.de\/wp-content\/uploads\/2016\/10\/P1000199_ergebnis-300x225.jpg 300w, https:\/\/olu-limburg.de\/wp-content\/uploads\/2016\/10\/P1000199_ergebnis-768x576.jpg 768w, https:\/\/olu-limburg.de\/wp-content\/uploads\/2016\/10\/P1000199_ergebnis-624x468.jpg 624w\" sizes=\"auto, (max-width: 800px) 100vw, 800px\" \/><\/a><\/p>\n<p>Tagesstrecke: 50 km<\/p>\n<p>&nbsp;<\/p>\n<p><strong>Sonntag, 18.09.2016<\/strong><\/p>\n<p><a href=\"https:\/\/olu-limburg.de\/wp-content\/uploads\/2016\/10\/DSC04025_ergebnis.jpg\"><img loading=\"lazy\" decoding=\"async\" class=\"alignnone size-full wp-image-9742\" src=\"https:\/\/olu-limburg.de\/wp-content\/uploads\/2016\/10\/DSC04025_ergebnis.jpg\" alt=\"DSC04025_ergebnis\" width=\"800\" height=\"600\" srcset=\"https:\/\/olu-limburg.de\/wp-content\/uploads\/2016\/10\/DSC04025_ergebnis.jpg 800w, https:\/\/olu-limburg.de\/wp-content\/uploads\/2016\/10\/DSC04025_ergebnis-300x225.jpg 300w, https:\/\/olu-limburg.de\/wp-content\/uploads\/2016\/10\/DSC04025_ergebnis-768x576.jpg 768w, https:\/\/olu-limburg.de\/wp-content\/uploads\/2016\/10\/DSC04025_ergebnis-624x468.jpg 624w\" sizes=\"auto, (max-width: 800px) 100vw, 800px\" \/><\/a><\/p>\n<p>Wir sitzen gem\u00fctlich beim Fr\u00fchst\u00fcck, da f\u00e4hrt ein wei\u00dfer Lieferwagen mit dem in Deutschland zu Sperrm\u00fcllterminen oft gesehenen Kennzeichen vor, und baut den Park-Automat ab! Wir denken nur noch: Welch eine Dreistigkeit! Doch kurze Zeit sp\u00e4ter wird das Vorurteil ausger\u00e4umt! Ein Kleinlastwagen der Comune kommt, und der Park-Automat wird aufgeladen. Oder war es eine konzertierte Aktion?<\/p>\n<p><a href=\"https:\/\/olu-limburg.de\/wp-content\/uploads\/2016\/10\/P1000214_ergebnis.jpg\"><img loading=\"lazy\" decoding=\"async\" class=\"size-full wp-image-9713 aligncenter\" src=\"https:\/\/olu-limburg.de\/wp-content\/uploads\/2016\/10\/P1000214_ergebnis.jpg\" alt=\"P1000214_ergebnis\" width=\"800\" height=\"600\" srcset=\"https:\/\/olu-limburg.de\/wp-content\/uploads\/2016\/10\/P1000214_ergebnis.jpg 800w, https:\/\/olu-limburg.de\/wp-content\/uploads\/2016\/10\/P1000214_ergebnis-300x225.jpg 300w, https:\/\/olu-limburg.de\/wp-content\/uploads\/2016\/10\/P1000214_ergebnis-768x576.jpg 768w, https:\/\/olu-limburg.de\/wp-content\/uploads\/2016\/10\/P1000214_ergebnis-624x468.jpg 624w\" sizes=\"auto, (max-width: 800px) 100vw, 800px\" \/><\/a><\/p>\n<p>Nachdem wir nun etwas beruhigter an die \u00dcbernachtungspl\u00e4tze heran gehen k\u00f6nnen, beenden wir dieses Schnecken-Verhalten und fahren vorw\u00e4rts. Auf der K\u00fcstenstra\u00dfe kommen wir nach Posada. Schon von weitem sehen wir die sich an den Berghang schmiegenden bunten H\u00e4user.<\/p>\n<p><a href=\"https:\/\/olu-limburg.de\/wp-content\/uploads\/2016\/10\/DSC04028_ergebnis.jpg\"><img loading=\"lazy\" decoding=\"async\" class=\"size-full wp-image-9750 aligncenter\" src=\"https:\/\/olu-limburg.de\/wp-content\/uploads\/2016\/10\/DSC04028_ergebnis.jpg\" alt=\"DSC04028_ergebnis\" width=\"800\" height=\"600\" srcset=\"https:\/\/olu-limburg.de\/wp-content\/uploads\/2016\/10\/DSC04028_ergebnis.jpg 800w, https:\/\/olu-limburg.de\/wp-content\/uploads\/2016\/10\/DSC04028_ergebnis-300x225.jpg 300w, https:\/\/olu-limburg.de\/wp-content\/uploads\/2016\/10\/DSC04028_ergebnis-768x576.jpg 768w, https:\/\/olu-limburg.de\/wp-content\/uploads\/2016\/10\/DSC04028_ergebnis-624x468.jpg 624w\" sizes=\"auto, (max-width: 800px) 100vw, 800px\" \/><\/a><\/p>\n<p>Wir parken am Fu\u00dfe der Altstadt beim Friedhof, und lassen uns durch die Altstadtgassen treiben, bis hoch oben zum Castello della Fava.<\/p>\n<p><a href=\"https:\/\/olu-limburg.de\/wp-content\/uploads\/2016\/10\/DSC04042_ergebnis-e1478794192123.jpg\"><img loading=\"lazy\" decoding=\"async\" class=\"size-full wp-image-9751 alignleft\" src=\"https:\/\/olu-limburg.de\/wp-content\/uploads\/2016\/10\/DSC04042_ergebnis-e1478794192123.jpg\" alt=\"DSC04042_ergebnis\" width=\"450\" height=\"600\" \/><\/a><\/p>\n<p><a href=\"https:\/\/olu-limburg.de\/wp-content\/uploads\/2016\/10\/DSC04050_ergebnis-e1478794253273.jpg\"><img loading=\"lazy\" decoding=\"async\" class=\"size-full wp-image-9754 alignright\" src=\"https:\/\/olu-limburg.de\/wp-content\/uploads\/2016\/10\/DSC04050_ergebnis-e1478794253273.jpg\" alt=\"DSC04050_ergebnis\" width=\"450\" height=\"600\" \/><\/a><\/p>\n<p><a href=\"https:\/\/olu-limburg.de\/wp-content\/uploads\/2016\/10\/DSC04052_ergebnis.jpg\"><img loading=\"lazy\" decoding=\"async\" class=\"size-full wp-image-9755 aligncenter\" src=\"https:\/\/olu-limburg.de\/wp-content\/uploads\/2016\/10\/DSC04052_ergebnis.jpg\" alt=\"DSC04052_ergebnis\" width=\"800\" height=\"600\" srcset=\"https:\/\/olu-limburg.de\/wp-content\/uploads\/2016\/10\/DSC04052_ergebnis.jpg 800w, https:\/\/olu-limburg.de\/wp-content\/uploads\/2016\/10\/DSC04052_ergebnis-300x225.jpg 300w, https:\/\/olu-limburg.de\/wp-content\/uploads\/2016\/10\/DSC04052_ergebnis-768x576.jpg 768w, https:\/\/olu-limburg.de\/wp-content\/uploads\/2016\/10\/DSC04052_ergebnis-624x468.jpg 624w\" sizes=\"auto, (max-width: 800px) 100vw, 800px\" \/><\/a><\/p>\n<p><a href=\"https:\/\/olu-limburg.de\/wp-content\/uploads\/2016\/10\/DSC04048_ergebnis.jpg\"><img loading=\"lazy\" decoding=\"async\" class=\"size-full wp-image-9752 aligncenter\" src=\"https:\/\/olu-limburg.de\/wp-content\/uploads\/2016\/10\/DSC04048_ergebnis.jpg\" alt=\"DSC04048_ergebnis\" width=\"800\" height=\"600\" srcset=\"https:\/\/olu-limburg.de\/wp-content\/uploads\/2016\/10\/DSC04048_ergebnis.jpg 800w, https:\/\/olu-limburg.de\/wp-content\/uploads\/2016\/10\/DSC04048_ergebnis-300x225.jpg 300w, https:\/\/olu-limburg.de\/wp-content\/uploads\/2016\/10\/DSC04048_ergebnis-768x576.jpg 768w, https:\/\/olu-limburg.de\/wp-content\/uploads\/2016\/10\/DSC04048_ergebnis-624x468.jpg 624w\" sizes=\"auto, (max-width: 800px) 100vw, 800px\" \/><\/a><\/p>\n<p><a href=\"https:\/\/olu-limburg.de\/wp-content\/uploads\/2016\/10\/DSC04063_ergebnis.jpg\"><img loading=\"lazy\" decoding=\"async\" class=\"size-full wp-image-9756 aligncenter\" src=\"https:\/\/olu-limburg.de\/wp-content\/uploads\/2016\/10\/DSC04063_ergebnis.jpg\" alt=\"DSC04063_ergebnis\" width=\"800\" height=\"600\" srcset=\"https:\/\/olu-limburg.de\/wp-content\/uploads\/2016\/10\/DSC04063_ergebnis.jpg 800w, https:\/\/olu-limburg.de\/wp-content\/uploads\/2016\/10\/DSC04063_ergebnis-300x225.jpg 300w, https:\/\/olu-limburg.de\/wp-content\/uploads\/2016\/10\/DSC04063_ergebnis-768x576.jpg 768w, https:\/\/olu-limburg.de\/wp-content\/uploads\/2016\/10\/DSC04063_ergebnis-624x468.jpg 624w\" sizes=\"auto, (max-width: 800px) 100vw, 800px\" \/><\/a><\/p>\n<p>Gegen Mittag erreichen wir San Giovanni. In einem Restaurant mit Terrasse lassen wir uns nieder und essen Calamares bzw. gekochtes Fleisch mit Kohl und Kartoffeln.<\/p>\n<p><a href=\"https:\/\/olu-limburg.de\/wp-content\/uploads\/2016\/10\/DSC04069_ergebnis.jpg\"><img loading=\"lazy\" decoding=\"async\" class=\"size-full wp-image-9759 aligncenter\" src=\"https:\/\/olu-limburg.de\/wp-content\/uploads\/2016\/10\/DSC04069_ergebnis.jpg\" alt=\"DSC04069_ergebnis\" width=\"800\" height=\"600\" srcset=\"https:\/\/olu-limburg.de\/wp-content\/uploads\/2016\/10\/DSC04069_ergebnis.jpg 800w, https:\/\/olu-limburg.de\/wp-content\/uploads\/2016\/10\/DSC04069_ergebnis-300x225.jpg 300w, https:\/\/olu-limburg.de\/wp-content\/uploads\/2016\/10\/DSC04069_ergebnis-768x576.jpg 768w, https:\/\/olu-limburg.de\/wp-content\/uploads\/2016\/10\/DSC04069_ergebnis-624x468.jpg 624w\" sizes=\"auto, (max-width: 800px) 100vw, 800px\" \/><\/a><\/p>\n<p><a href=\"https:\/\/olu-limburg.de\/wp-content\/uploads\/2016\/10\/DSC04067_ergebnis.jpg\"><img loading=\"lazy\" decoding=\"async\" class=\"size-full wp-image-9757 aligncenter\" src=\"https:\/\/olu-limburg.de\/wp-content\/uploads\/2016\/10\/DSC04067_ergebnis.jpg\" alt=\"DSC04067_ergebnis\" width=\"800\" height=\"600\" srcset=\"https:\/\/olu-limburg.de\/wp-content\/uploads\/2016\/10\/DSC04067_ergebnis.jpg 800w, https:\/\/olu-limburg.de\/wp-content\/uploads\/2016\/10\/DSC04067_ergebnis-300x225.jpg 300w, https:\/\/olu-limburg.de\/wp-content\/uploads\/2016\/10\/DSC04067_ergebnis-768x576.jpg 768w, https:\/\/olu-limburg.de\/wp-content\/uploads\/2016\/10\/DSC04067_ergebnis-624x468.jpg 624w\" sizes=\"auto, (max-width: 800px) 100vw, 800px\" \/><\/a><\/p>\n<p><a href=\"https:\/\/olu-limburg.de\/wp-content\/uploads\/2016\/10\/DSC04068_ergebnis.jpg\"><img loading=\"lazy\" decoding=\"async\" class=\"size-full wp-image-9758 aligncenter\" src=\"https:\/\/olu-limburg.de\/wp-content\/uploads\/2016\/10\/DSC04068_ergebnis.jpg\" alt=\"DSC04068_ergebnis\" width=\"800\" height=\"600\" srcset=\"https:\/\/olu-limburg.de\/wp-content\/uploads\/2016\/10\/DSC04068_ergebnis.jpg 800w, https:\/\/olu-limburg.de\/wp-content\/uploads\/2016\/10\/DSC04068_ergebnis-300x225.jpg 300w, https:\/\/olu-limburg.de\/wp-content\/uploads\/2016\/10\/DSC04068_ergebnis-768x576.jpg 768w, https:\/\/olu-limburg.de\/wp-content\/uploads\/2016\/10\/DSC04068_ergebnis-624x468.jpg 624w\" sizes=\"auto, (max-width: 800px) 100vw, 800px\" \/><\/a><\/p>\n<p>\u00dcbernachten wollen wir auf dem ACSI-Platz &#8222;Selema Camping&#8220; in Santa Lucia. Dieser liegt fast ganz in einem Hain und ist etwas duster. Einige Wohnmobile stehen an einem vom Gewitterregen aufgeweichten offenen Streifen entlang. Wir gesellen uns dazu, da ich am fr\u00fchen Abend &#8222;Formel 1&#8220; sehen m\u00f6chte. Weil ich etwas ung\u00fcnstig stehe, mu\u00df ich zur Sendezeit trotzdem noch etwas nach vorne auf den Fahrweg rangieren. Lena nutzt die Zeit zum W\u00e4sche waschen. Da es wieder etwas zu regnen anf\u00e4ngt, wird die W\u00e4sche bei dem benachbarten Ferienhaus auf der Terrasse getrocknet. Eine Regenpause nutzen wir, um bei einem kleinen Spaziergang \u00fcber den Campingplatz den Strand zu besichtigen.<\/p>\n<p><a href=\"https:\/\/olu-limburg.de\/wp-content\/uploads\/2016\/10\/DSC04081_ergebnis-e1478794524136.jpg\"><img loading=\"lazy\" decoding=\"async\" class=\"size-full wp-image-9764 aligncenter\" src=\"https:\/\/olu-limburg.de\/wp-content\/uploads\/2016\/10\/DSC04081_ergebnis-e1478794524136.jpg\" alt=\"DSC04081_ergebnis\" width=\"450\" height=\"600\" \/><\/a><\/p>\n<p><a href=\"https:\/\/olu-limburg.de\/wp-content\/uploads\/2016\/10\/DSC04072_ergebnis.jpg\"><img loading=\"lazy\" decoding=\"async\" class=\"size-full wp-image-9761 aligncenter\" src=\"https:\/\/olu-limburg.de\/wp-content\/uploads\/2016\/10\/DSC04072_ergebnis.jpg\" alt=\"DSC04072_ergebnis\" width=\"800\" height=\"600\" srcset=\"https:\/\/olu-limburg.de\/wp-content\/uploads\/2016\/10\/DSC04072_ergebnis.jpg 800w, https:\/\/olu-limburg.de\/wp-content\/uploads\/2016\/10\/DSC04072_ergebnis-300x225.jpg 300w, https:\/\/olu-limburg.de\/wp-content\/uploads\/2016\/10\/DSC04072_ergebnis-768x576.jpg 768w, https:\/\/olu-limburg.de\/wp-content\/uploads\/2016\/10\/DSC04072_ergebnis-624x468.jpg 624w\" sizes=\"auto, (max-width: 800px) 100vw, 800px\" \/><\/a><\/p>\n<p><a href=\"https:\/\/olu-limburg.de\/wp-content\/uploads\/2016\/10\/DSC04074_ergebnis.jpg\"><img loading=\"lazy\" decoding=\"async\" class=\"size-full wp-image-9762 aligncenter\" src=\"https:\/\/olu-limburg.de\/wp-content\/uploads\/2016\/10\/DSC04074_ergebnis.jpg\" alt=\"DSC04074_ergebnis\" width=\"800\" height=\"600\" srcset=\"https:\/\/olu-limburg.de\/wp-content\/uploads\/2016\/10\/DSC04074_ergebnis.jpg 800w, https:\/\/olu-limburg.de\/wp-content\/uploads\/2016\/10\/DSC04074_ergebnis-300x225.jpg 300w, https:\/\/olu-limburg.de\/wp-content\/uploads\/2016\/10\/DSC04074_ergebnis-768x576.jpg 768w, https:\/\/olu-limburg.de\/wp-content\/uploads\/2016\/10\/DSC04074_ergebnis-624x468.jpg 624w\" sizes=\"auto, (max-width: 800px) 100vw, 800px\" \/><\/a><\/p>\n<p><a href=\"https:\/\/olu-limburg.de\/wp-content\/uploads\/2016\/10\/DSC04082_ergebnis.jpg\"><img loading=\"lazy\" decoding=\"async\" class=\"size-full wp-image-9765 aligncenter\" src=\"https:\/\/olu-limburg.de\/wp-content\/uploads\/2016\/10\/DSC04082_ergebnis.jpg\" alt=\"DSC04082_ergebnis\" width=\"800\" height=\"600\" srcset=\"https:\/\/olu-limburg.de\/wp-content\/uploads\/2016\/10\/DSC04082_ergebnis.jpg 800w, https:\/\/olu-limburg.de\/wp-content\/uploads\/2016\/10\/DSC04082_ergebnis-300x225.jpg 300w, https:\/\/olu-limburg.de\/wp-content\/uploads\/2016\/10\/DSC04082_ergebnis-768x576.jpg 768w, https:\/\/olu-limburg.de\/wp-content\/uploads\/2016\/10\/DSC04082_ergebnis-624x468.jpg 624w\" sizes=\"auto, (max-width: 800px) 100vw, 800px\" \/><\/a><\/p>\n<p><a href=\"https:\/\/olu-limburg.de\/wp-content\/uploads\/2016\/10\/DSC04083_ergebnis.jpg\"><img loading=\"lazy\" decoding=\"async\" class=\"size-full wp-image-9766 aligncenter\" src=\"https:\/\/olu-limburg.de\/wp-content\/uploads\/2016\/10\/DSC04083_ergebnis.jpg\" alt=\"DSC04083_ergebnis\" width=\"800\" height=\"600\" srcset=\"https:\/\/olu-limburg.de\/wp-content\/uploads\/2016\/10\/DSC04083_ergebnis.jpg 800w, https:\/\/olu-limburg.de\/wp-content\/uploads\/2016\/10\/DSC04083_ergebnis-300x225.jpg 300w, https:\/\/olu-limburg.de\/wp-content\/uploads\/2016\/10\/DSC04083_ergebnis-768x576.jpg 768w, https:\/\/olu-limburg.de\/wp-content\/uploads\/2016\/10\/DSC04083_ergebnis-624x468.jpg 624w\" sizes=\"auto, (max-width: 800px) 100vw, 800px\" \/><\/a><\/p>\n<p><a href=\"https:\/\/olu-limburg.de\/wp-content\/uploads\/2016\/10\/DSC04075_ergebnis.jpg\"><img loading=\"lazy\" decoding=\"async\" class=\"size-full wp-image-9763 aligncenter\" src=\"https:\/\/olu-limburg.de\/wp-content\/uploads\/2016\/10\/DSC04075_ergebnis.jpg\" alt=\"DSC04075_ergebnis\" width=\"800\" height=\"600\" srcset=\"https:\/\/olu-limburg.de\/wp-content\/uploads\/2016\/10\/DSC04075_ergebnis.jpg 800w, https:\/\/olu-limburg.de\/wp-content\/uploads\/2016\/10\/DSC04075_ergebnis-300x225.jpg 300w, https:\/\/olu-limburg.de\/wp-content\/uploads\/2016\/10\/DSC04075_ergebnis-768x576.jpg 768w, https:\/\/olu-limburg.de\/wp-content\/uploads\/2016\/10\/DSC04075_ergebnis-624x468.jpg 624w\" sizes=\"auto, (max-width: 800px) 100vw, 800px\" \/><\/a><\/p>\n<p>Tagesstrecke: 22 km<\/p>\n<p>&nbsp;<\/p>\n<p><strong>Montag, 19.09.2016<\/strong><\/p>\n<p>Wir hatten wieder unseren n\u00e4chtlichen Regen. Heute Morgen scheint aber die Sonne mit aller Macht auf uns herab. Bevor wir weiter fahren, schauen wir uns noch den Ort Santa Lucia an, und sind \u00fcber die netten Restaurants in einem bunten, d\u00f6rflichen Charakter erstaunt.<\/p>\n<p><a href=\"https:\/\/olu-limburg.de\/wp-content\/uploads\/2016\/10\/DSC04090_ergebnis.jpg\"><img loading=\"lazy\" decoding=\"async\" class=\"size-full wp-image-9775 aligncenter\" src=\"https:\/\/olu-limburg.de\/wp-content\/uploads\/2016\/10\/DSC04090_ergebnis.jpg\" alt=\"DSC04090_ergebnis\" width=\"800\" height=\"600\" srcset=\"https:\/\/olu-limburg.de\/wp-content\/uploads\/2016\/10\/DSC04090_ergebnis.jpg 800w, https:\/\/olu-limburg.de\/wp-content\/uploads\/2016\/10\/DSC04090_ergebnis-300x225.jpg 300w, https:\/\/olu-limburg.de\/wp-content\/uploads\/2016\/10\/DSC04090_ergebnis-768x576.jpg 768w, https:\/\/olu-limburg.de\/wp-content\/uploads\/2016\/10\/DSC04090_ergebnis-624x468.jpg 624w\" sizes=\"auto, (max-width: 800px) 100vw, 800px\" \/><\/a><\/p>\n<p><a href=\"https:\/\/olu-limburg.de\/wp-content\/uploads\/2016\/10\/DSC04093_ergebnis.jpg\"><img loading=\"lazy\" decoding=\"async\" class=\"size-full wp-image-9776 aligncenter\" src=\"https:\/\/olu-limburg.de\/wp-content\/uploads\/2016\/10\/DSC04093_ergebnis.jpg\" alt=\"DSC04093_ergebnis\" width=\"800\" height=\"600\" srcset=\"https:\/\/olu-limburg.de\/wp-content\/uploads\/2016\/10\/DSC04093_ergebnis.jpg 800w, https:\/\/olu-limburg.de\/wp-content\/uploads\/2016\/10\/DSC04093_ergebnis-300x225.jpg 300w, https:\/\/olu-limburg.de\/wp-content\/uploads\/2016\/10\/DSC04093_ergebnis-768x576.jpg 768w, https:\/\/olu-limburg.de\/wp-content\/uploads\/2016\/10\/DSC04093_ergebnis-624x468.jpg 624w\" sizes=\"auto, (max-width: 800px) 100vw, 800px\" \/><\/a><\/p>\n<p><a href=\"https:\/\/olu-limburg.de\/wp-content\/uploads\/2016\/10\/P1000256_ergebnis.jpg\"><img loading=\"lazy\" decoding=\"async\" class=\"size-full wp-image-9895 aligncenter\" src=\"https:\/\/olu-limburg.de\/wp-content\/uploads\/2016\/10\/P1000256_ergebnis.jpg\" alt=\"P1000256_ergebnis\" width=\"800\" height=\"600\" srcset=\"https:\/\/olu-limburg.de\/wp-content\/uploads\/2016\/10\/P1000256_ergebnis.jpg 800w, https:\/\/olu-limburg.de\/wp-content\/uploads\/2016\/10\/P1000256_ergebnis-300x225.jpg 300w, https:\/\/olu-limburg.de\/wp-content\/uploads\/2016\/10\/P1000256_ergebnis-768x576.jpg 768w, https:\/\/olu-limburg.de\/wp-content\/uploads\/2016\/10\/P1000256_ergebnis-624x468.jpg 624w\" sizes=\"auto, (max-width: 800px) 100vw, 800px\" \/><\/a><\/p>\n<p><a href=\"https:\/\/olu-limburg.de\/wp-content\/uploads\/2016\/10\/DSC04088_ergebnis.jpg\"><img loading=\"lazy\" decoding=\"async\" class=\"size-full wp-image-9774 aligncenter\" src=\"https:\/\/olu-limburg.de\/wp-content\/uploads\/2016\/10\/DSC04088_ergebnis.jpg\" alt=\"DSC04088_ergebnis\" width=\"800\" height=\"600\" srcset=\"https:\/\/olu-limburg.de\/wp-content\/uploads\/2016\/10\/DSC04088_ergebnis.jpg 800w, https:\/\/olu-limburg.de\/wp-content\/uploads\/2016\/10\/DSC04088_ergebnis-300x225.jpg 300w, https:\/\/olu-limburg.de\/wp-content\/uploads\/2016\/10\/DSC04088_ergebnis-768x576.jpg 768w, https:\/\/olu-limburg.de\/wp-content\/uploads\/2016\/10\/DSC04088_ergebnis-624x468.jpg 624w\" sizes=\"auto, (max-width: 800px) 100vw, 800px\" \/><\/a><\/p>\n<p>Auf dem Weg zu unserem heutigen Ziel, Orosei, bleiben wir immer auf der SS 125. Wir parken im Ortskern von Orosei und streifen ein wenig durch die Altstadt. Bei Sonnenlicht erstrahlen die vielen mit hellen Farben angstrichenen H\u00e4user.<\/p>\n<p><a href=\"https:\/\/olu-limburg.de\/wp-content\/uploads\/2016\/10\/DSC04099_ergebnis.jpg\"><img loading=\"lazy\" decoding=\"async\" class=\"size-full wp-image-9778 aligncenter\" src=\"https:\/\/olu-limburg.de\/wp-content\/uploads\/2016\/10\/DSC04099_ergebnis.jpg\" alt=\"DSC04099_ergebnis\" width=\"800\" height=\"600\" srcset=\"https:\/\/olu-limburg.de\/wp-content\/uploads\/2016\/10\/DSC04099_ergebnis.jpg 800w, https:\/\/olu-limburg.de\/wp-content\/uploads\/2016\/10\/DSC04099_ergebnis-300x225.jpg 300w, https:\/\/olu-limburg.de\/wp-content\/uploads\/2016\/10\/DSC04099_ergebnis-768x576.jpg 768w, https:\/\/olu-limburg.de\/wp-content\/uploads\/2016\/10\/DSC04099_ergebnis-624x468.jpg 624w\" sizes=\"auto, (max-width: 800px) 100vw, 800px\" \/><\/a><\/p>\n<p><a href=\"https:\/\/olu-limburg.de\/wp-content\/uploads\/2016\/10\/DSC04111_ergebnis-e1479139535513.jpg\"><img loading=\"lazy\" decoding=\"async\" class=\"size-full wp-image-9784 alignleft\" src=\"https:\/\/olu-limburg.de\/wp-content\/uploads\/2016\/10\/DSC04111_ergebnis-e1479139535513.jpg\" alt=\"DSC04111_ergebnis\" width=\"450\" height=\"600\" \/><\/a><\/p>\n<p><a href=\"https:\/\/olu-limburg.de\/wp-content\/uploads\/2016\/10\/DSC04109_ergebnis-e1479139584945.jpg\"><img loading=\"lazy\" decoding=\"async\" class=\"size-full wp-image-9783 alignright\" src=\"https:\/\/olu-limburg.de\/wp-content\/uploads\/2016\/10\/DSC04109_ergebnis-e1479139584945.jpg\" alt=\"DSC04109_ergebnis\" width=\"450\" height=\"600\" \/><\/a><\/p>\n<p>&nbsp;<\/p>\n<p>&nbsp;<\/p>\n<p>&nbsp;<\/p>\n<div id=\"attachment_9785\" style=\"width: 810px\" class=\"wp-caption aligncenter\"><a href=\"https:\/\/olu-limburg.de\/wp-content\/uploads\/2016\/10\/DSC04112_ergebnis.jpg\"><img loading=\"lazy\" decoding=\"async\" aria-describedby=\"caption-attachment-9785\" class=\"wp-image-9785 size-full\" src=\"https:\/\/olu-limburg.de\/wp-content\/uploads\/2016\/10\/DSC04112_ergebnis.jpg\" alt=\"DSC04112_ergebnis\" width=\"800\" height=\"600\" srcset=\"https:\/\/olu-limburg.de\/wp-content\/uploads\/2016\/10\/DSC04112_ergebnis.jpg 800w, https:\/\/olu-limburg.de\/wp-content\/uploads\/2016\/10\/DSC04112_ergebnis-300x225.jpg 300w, https:\/\/olu-limburg.de\/wp-content\/uploads\/2016\/10\/DSC04112_ergebnis-768x576.jpg 768w, https:\/\/olu-limburg.de\/wp-content\/uploads\/2016\/10\/DSC04112_ergebnis-624x468.jpg 624w\" sizes=\"auto, (max-width: 800px) 100vw, 800px\" \/><\/a><p id=\"caption-attachment-9785\" class=\"wp-caption-text\">Chiesa di S. Sebastiano (16. Jhdt.)<\/p><\/div>\n<p><a href=\"https:\/\/olu-limburg.de\/wp-content\/uploads\/2016\/10\/DSC04116_ergebnis.jpg\"><img loading=\"lazy\" decoding=\"async\" class=\"size-full wp-image-9788 aligncenter\" src=\"https:\/\/olu-limburg.de\/wp-content\/uploads\/2016\/10\/DSC04116_ergebnis.jpg\" alt=\"DSC04116_ergebnis\" width=\"800\" height=\"600\" srcset=\"https:\/\/olu-limburg.de\/wp-content\/uploads\/2016\/10\/DSC04116_ergebnis.jpg 800w, https:\/\/olu-limburg.de\/wp-content\/uploads\/2016\/10\/DSC04116_ergebnis-300x225.jpg 300w, https:\/\/olu-limburg.de\/wp-content\/uploads\/2016\/10\/DSC04116_ergebnis-768x576.jpg 768w, https:\/\/olu-limburg.de\/wp-content\/uploads\/2016\/10\/DSC04116_ergebnis-624x468.jpg 624w\" sizes=\"auto, (max-width: 800px) 100vw, 800px\" \/><\/a><\/p>\n<p>Auf der kleinen Piazza Marconi sehen wir das anheimelnde Lokal &#8222;La Taverna&#8220;, was uns auf Anhieb gef\u00e4llt. Mit seiner typischen sardischen K\u00fcche ist es etwas teurer, aber auch unwahrscheinlich gut. Wir entscheiden uns f\u00fcr Tagliatelle al nero (mit Sepia gef\u00e4rbte Tagliatelle mit Meeresfr\u00fcchten), Vino rosso, Aqua naturale, caffe und caffe coretto (f\u00fcr mich mit etwas Grappa). In dem zu bezahlenden Coperto sind verschiedene Sorten Brot u. a. das hauchd\u00fcnne sardische Knusperbrot enthalten.<\/p>\n<p><a href=\"https:\/\/olu-limburg.de\/wp-content\/uploads\/2016\/10\/DSC04100_ergebnis.jpg\"><img loading=\"lazy\" decoding=\"async\" class=\"alignnone size-full wp-image-9779\" src=\"https:\/\/olu-limburg.de\/wp-content\/uploads\/2016\/10\/DSC04100_ergebnis.jpg\" alt=\"DSC04100_ergebnis\" width=\"800\" height=\"600\" srcset=\"https:\/\/olu-limburg.de\/wp-content\/uploads\/2016\/10\/DSC04100_ergebnis.jpg 800w, https:\/\/olu-limburg.de\/wp-content\/uploads\/2016\/10\/DSC04100_ergebnis-300x225.jpg 300w, https:\/\/olu-limburg.de\/wp-content\/uploads\/2016\/10\/DSC04100_ergebnis-768x576.jpg 768w, https:\/\/olu-limburg.de\/wp-content\/uploads\/2016\/10\/DSC04100_ergebnis-624x468.jpg 624w\" sizes=\"auto, (max-width: 800px) 100vw, 800px\" \/><\/a><\/p>\n<p><a href=\"https:\/\/olu-limburg.de\/wp-content\/uploads\/2016\/10\/DSC04103_ergebnis-1.jpg\"><img loading=\"lazy\" decoding=\"async\" class=\"alignnone size-full wp-image-9781\" src=\"https:\/\/olu-limburg.de\/wp-content\/uploads\/2016\/10\/DSC04103_ergebnis-1.jpg\" alt=\"DSC04103_ergebnis\" width=\"800\" height=\"600\" srcset=\"https:\/\/olu-limburg.de\/wp-content\/uploads\/2016\/10\/DSC04103_ergebnis-1.jpg 800w, https:\/\/olu-limburg.de\/wp-content\/uploads\/2016\/10\/DSC04103_ergebnis-1-300x225.jpg 300w, https:\/\/olu-limburg.de\/wp-content\/uploads\/2016\/10\/DSC04103_ergebnis-1-768x576.jpg 768w, https:\/\/olu-limburg.de\/wp-content\/uploads\/2016\/10\/DSC04103_ergebnis-1-624x468.jpg 624w\" sizes=\"auto, (max-width: 800px) 100vw, 800px\" \/><\/a><\/p>\n<div id=\"attachment_9777\" style=\"width: 460px\" class=\"wp-caption aligncenter\"><a href=\"https:\/\/olu-limburg.de\/wp-content\/uploads\/2016\/10\/DSC04097_ergebnis-e1479139991628.jpg\"><img loading=\"lazy\" decoding=\"async\" aria-describedby=\"caption-attachment-9777\" class=\"size-full wp-image-9777\" src=\"https:\/\/olu-limburg.de\/wp-content\/uploads\/2016\/10\/DSC04097_ergebnis-e1479139991628.jpg\" alt=\"sardische Holzmaske\" width=\"450\" height=\"600\" \/><\/a><p id=\"caption-attachment-9777\" class=\"wp-caption-text\">sardische Holzmaske<\/p><\/div>\n<p>Bevor wir an den Strand fahren, wollen wir uns noch im etwas au\u00dferhalb von Orosei gelegenen Euro Spin versorgen. Aber nichts da &#8211; Mittagspause bis 16.00 Uhr. Da es nicht so notwendig ist, fahren wir jetzt an den Strand <em>Su Petrosu<\/em>. Namensgeber f\u00fcr diesen Strand ist die, lt. dem &#8222;Wohnmobil-Tourguide&#8220; von Peter H\u00f6h aus dem Reise-Know-How-Verlag, Che-Guevara-Ged\u00e4chtnis-Bar &#8222;Su Petrosu&#8220;.<\/p>\n<p>In und um das Pinienw\u00e4ldchen tummeln sich zahlreiche Wohnmobile. Zum Strand kommt man \u00fcber eine Br\u00fccke, die einen Kanal \u00fcberquert. Der feine Kies-Strand f\u00fchrt hier sehr schnell und steil ins Wasser.<\/p>\n<p><a href=\"https:\/\/olu-limburg.de\/wp-content\/uploads\/2016\/10\/DSC04131_ergebnis.jpg\"><img loading=\"lazy\" decoding=\"async\" class=\"size-full wp-image-9791 aligncenter\" src=\"https:\/\/olu-limburg.de\/wp-content\/uploads\/2016\/10\/DSC04131_ergebnis.jpg\" alt=\"DSC04131_ergebnis\" width=\"800\" height=\"600\" srcset=\"https:\/\/olu-limburg.de\/wp-content\/uploads\/2016\/10\/DSC04131_ergebnis.jpg 800w, https:\/\/olu-limburg.de\/wp-content\/uploads\/2016\/10\/DSC04131_ergebnis-300x225.jpg 300w, https:\/\/olu-limburg.de\/wp-content\/uploads\/2016\/10\/DSC04131_ergebnis-768x576.jpg 768w, https:\/\/olu-limburg.de\/wp-content\/uploads\/2016\/10\/DSC04131_ergebnis-624x468.jpg 624w\" sizes=\"auto, (max-width: 800px) 100vw, 800px\" \/><\/a><\/p>\n<p><a href=\"https:\/\/olu-limburg.de\/wp-content\/uploads\/2016\/10\/DSC04129_ergebnis.jpg\"><img loading=\"lazy\" decoding=\"async\" class=\"size-full wp-image-9790 aligncenter\" src=\"https:\/\/olu-limburg.de\/wp-content\/uploads\/2016\/10\/DSC04129_ergebnis.jpg\" alt=\"DSC04129_ergebnis\" width=\"800\" height=\"600\" srcset=\"https:\/\/olu-limburg.de\/wp-content\/uploads\/2016\/10\/DSC04129_ergebnis.jpg 800w, https:\/\/olu-limburg.de\/wp-content\/uploads\/2016\/10\/DSC04129_ergebnis-300x225.jpg 300w, https:\/\/olu-limburg.de\/wp-content\/uploads\/2016\/10\/DSC04129_ergebnis-768x576.jpg 768w, https:\/\/olu-limburg.de\/wp-content\/uploads\/2016\/10\/DSC04129_ergebnis-624x468.jpg 624w\" sizes=\"auto, (max-width: 800px) 100vw, 800px\" \/><\/a><\/p>\n<p><a href=\"https:\/\/olu-limburg.de\/wp-content\/uploads\/2016\/10\/P1000295_ergebnis.jpg\"><img loading=\"lazy\" decoding=\"async\" class=\"size-full wp-image-9897 aligncenter\" src=\"https:\/\/olu-limburg.de\/wp-content\/uploads\/2016\/10\/P1000295_ergebnis.jpg\" alt=\"P1000295_ergebnis\" width=\"800\" height=\"600\" srcset=\"https:\/\/olu-limburg.de\/wp-content\/uploads\/2016\/10\/P1000295_ergebnis.jpg 800w, https:\/\/olu-limburg.de\/wp-content\/uploads\/2016\/10\/P1000295_ergebnis-300x225.jpg 300w, https:\/\/olu-limburg.de\/wp-content\/uploads\/2016\/10\/P1000295_ergebnis-768x576.jpg 768w, https:\/\/olu-limburg.de\/wp-content\/uploads\/2016\/10\/P1000295_ergebnis-624x468.jpg 624w\" sizes=\"auto, (max-width: 800px) 100vw, 800px\" \/><\/a><\/p>\n<p>Bei diesem sch\u00f6nen Wetter ist ganz einfach faulenzen angesagt.<\/p>\n<p>Tagesstrecke: 38 km<\/p>\n<p>&nbsp;<\/p>\n<p><strong>Dienstag, 20.09.2016<\/strong><\/p>\n<p>Faulenzen und lesen kann sooo sch\u00f6n sein. Mittags machen wir unsere eigene Pasta mit Vorspeisen. Am Abend beehren wir dann die Bar &#8222;Su Petrosu&#8220; und k\u00e4mpfen uns durch die riesigen Vorspeisenplatten mit Sardischem K\u00e4se, Salami, Schinken und Oliven, und unterhalten uns mit einem schweizer Ehepaar, das spartanisch nur mit einem PKW, aber zwei Fahrr\u00e4dern, unterwegs ist.<\/p>\n<div id=\"attachment_9794\" style=\"width: 460px\" class=\"wp-caption aligncenter\"><a href=\"https:\/\/olu-limburg.de\/wp-content\/uploads\/2016\/10\/DSC04138_ergebnis-e1479140192165.jpg\"><img loading=\"lazy\" decoding=\"async\" aria-describedby=\"caption-attachment-9794\" class=\"wp-image-9794 size-full\" src=\"https:\/\/olu-limburg.de\/wp-content\/uploads\/2016\/10\/DSC04138_ergebnis-e1479140192165.jpg\" alt=\"DSC04138_ergebnis\" width=\"450\" height=\"600\" \/><\/a><p id=\"caption-attachment-9794\" class=\"wp-caption-text\">Der Hut passt zu dem Schriftsteller des vorliegenden Buches.<\/p><\/div>\n<p><a href=\"https:\/\/olu-limburg.de\/wp-content\/uploads\/2016\/10\/DSC04142_ergebnis.jpg\"><img loading=\"lazy\" decoding=\"async\" class=\"size-full wp-image-9795 aligncenter\" src=\"https:\/\/olu-limburg.de\/wp-content\/uploads\/2016\/10\/DSC04142_ergebnis.jpg\" alt=\"DSC04142_ergebnis\" width=\"800\" height=\"600\" srcset=\"https:\/\/olu-limburg.de\/wp-content\/uploads\/2016\/10\/DSC04142_ergebnis.jpg 800w, https:\/\/olu-limburg.de\/wp-content\/uploads\/2016\/10\/DSC04142_ergebnis-300x225.jpg 300w, https:\/\/olu-limburg.de\/wp-content\/uploads\/2016\/10\/DSC04142_ergebnis-768x576.jpg 768w, https:\/\/olu-limburg.de\/wp-content\/uploads\/2016\/10\/DSC04142_ergebnis-624x468.jpg 624w\" sizes=\"auto, (max-width: 800px) 100vw, 800px\" \/><\/a><\/p>\n<p><a href=\"https:\/\/olu-limburg.de\/wp-content\/uploads\/2016\/10\/DSC04144_ergebnis-e1479140302364.jpg\"><img loading=\"lazy\" decoding=\"async\" class=\"size-full wp-image-9796 aligncenter\" src=\"https:\/\/olu-limburg.de\/wp-content\/uploads\/2016\/10\/DSC04144_ergebnis-e1479140302364.jpg\" alt=\"DSC04144_ergebnis\" width=\"450\" height=\"600\" \/><\/a><\/p>\n<p>Tagesstrecke: 0 km<\/p>\n<p>&nbsp;<\/p>\n<p><strong>Mittwoch, 21.09.2016<\/strong><\/p>\n<p>Es ist fast schon Mittag, als wir uns auf den Weg zum Euro Spin machen. Anschlie\u00dfend besuchen wir noch eine andere Ecke der Oroseier Altstadt, holen uns mit unserem kleinen Kanister in der Vineria Enorosei 3 Liter Vino sfuso bianco (Wei\u00dfwein vom Fass) und nehmen an der Hauptstra\u00dfe in der Pizzeria Pastificcio einen kleinen Imbiss.<\/p>\n<p><a href=\"https:\/\/olu-limburg.de\/wp-content\/uploads\/2016\/10\/DSC04146_ergebnis-e1479140971387.jpg\"><img loading=\"lazy\" decoding=\"async\" class=\"size-full wp-image-9799 alignleft\" src=\"https:\/\/olu-limburg.de\/wp-content\/uploads\/2016\/10\/DSC04146_ergebnis-e1479140971387.jpg\" alt=\"DSC04146_ergebnis\" width=\"450\" height=\"600\" \/><\/a><\/p>\n<p><a href=\"https:\/\/olu-limburg.de\/wp-content\/uploads\/2016\/10\/DSC04163_ergebnis-e1479141048758.jpg\"><img loading=\"lazy\" decoding=\"async\" class=\"size-full wp-image-9802 alignright\" src=\"https:\/\/olu-limburg.de\/wp-content\/uploads\/2016\/10\/DSC04163_ergebnis-e1479141048758.jpg\" alt=\"DSC04163_ergebnis\" width=\"450\" height=\"600\" \/><\/a><\/p>\n<p><a href=\"https:\/\/olu-limburg.de\/wp-content\/uploads\/2016\/10\/DSC04153_ergebnis.jpg\"><img loading=\"lazy\" decoding=\"async\" class=\"size-full wp-image-9800 aligncenter\" src=\"https:\/\/olu-limburg.de\/wp-content\/uploads\/2016\/10\/DSC04153_ergebnis.jpg\" alt=\"DSC04153_ergebnis\" width=\"800\" height=\"600\" srcset=\"https:\/\/olu-limburg.de\/wp-content\/uploads\/2016\/10\/DSC04153_ergebnis.jpg 800w, https:\/\/olu-limburg.de\/wp-content\/uploads\/2016\/10\/DSC04153_ergebnis-300x225.jpg 300w, https:\/\/olu-limburg.de\/wp-content\/uploads\/2016\/10\/DSC04153_ergebnis-768x576.jpg 768w, https:\/\/olu-limburg.de\/wp-content\/uploads\/2016\/10\/DSC04153_ergebnis-624x468.jpg 624w\" sizes=\"auto, (max-width: 800px) 100vw, 800px\" \/><\/a><\/p>\n<p><a href=\"https:\/\/olu-limburg.de\/wp-content\/uploads\/2016\/10\/DSC04161_ergebnis.jpg\"><img loading=\"lazy\" decoding=\"async\" class=\"size-full wp-image-9801 aligncenter\" src=\"https:\/\/olu-limburg.de\/wp-content\/uploads\/2016\/10\/DSC04161_ergebnis.jpg\" alt=\"DSC04161_ergebnis\" width=\"800\" height=\"600\" srcset=\"https:\/\/olu-limburg.de\/wp-content\/uploads\/2016\/10\/DSC04161_ergebnis.jpg 800w, https:\/\/olu-limburg.de\/wp-content\/uploads\/2016\/10\/DSC04161_ergebnis-300x225.jpg 300w, https:\/\/olu-limburg.de\/wp-content\/uploads\/2016\/10\/DSC04161_ergebnis-768x576.jpg 768w, https:\/\/olu-limburg.de\/wp-content\/uploads\/2016\/10\/DSC04161_ergebnis-624x468.jpg 624w\" sizes=\"auto, (max-width: 800px) 100vw, 800px\" \/><\/a><\/p>\n<p><a href=\"https:\/\/olu-limburg.de\/wp-content\/uploads\/2016\/10\/DSC04167_ergebnis-e1479141023409.jpg\"><img loading=\"lazy\" decoding=\"async\" class=\"size-full wp-image-9803 alignleft\" src=\"https:\/\/olu-limburg.de\/wp-content\/uploads\/2016\/10\/DSC04167_ergebnis-e1479141023409.jpg\" alt=\"DSC04167_ergebnis\" width=\"450\" height=\"600\" \/><\/a><\/p>\n<div id=\"attachment_9898\" style=\"width: 460px\" class=\"wp-caption alignright\"><a href=\"https:\/\/olu-limburg.de\/wp-content\/uploads\/2016\/10\/P1000331_ergebnis-e1479473185311.jpg\"><img loading=\"lazy\" decoding=\"async\" aria-describedby=\"caption-attachment-9898\" class=\"size-full wp-image-9898\" src=\"https:\/\/olu-limburg.de\/wp-content\/uploads\/2016\/10\/P1000331_ergebnis-e1479473185311.jpg\" alt=\"an der Wein-Tankstelle\" width=\"450\" height=\"600\" \/><\/a><p id=\"caption-attachment-9898\" class=\"wp-caption-text\">an der Wein-Tankstelle<\/p><\/div>\n<p><a href=\"https:\/\/olu-limburg.de\/wp-content\/uploads\/2016\/10\/DSC04169_ergebnis.jpg\"><img loading=\"lazy\" decoding=\"async\" class=\"size-full wp-image-9804 aligncenter\" src=\"https:\/\/olu-limburg.de\/wp-content\/uploads\/2016\/10\/DSC04169_ergebnis.jpg\" alt=\"DSC04169_ergebnis\" width=\"800\" height=\"600\" srcset=\"https:\/\/olu-limburg.de\/wp-content\/uploads\/2016\/10\/DSC04169_ergebnis.jpg 800w, https:\/\/olu-limburg.de\/wp-content\/uploads\/2016\/10\/DSC04169_ergebnis-300x225.jpg 300w, https:\/\/olu-limburg.de\/wp-content\/uploads\/2016\/10\/DSC04169_ergebnis-768x576.jpg 768w, https:\/\/olu-limburg.de\/wp-content\/uploads\/2016\/10\/DSC04169_ergebnis-624x468.jpg 624w\" sizes=\"auto, (max-width: 800px) 100vw, 800px\" \/><\/a><\/p>\n<p>Hinter Orosei durchqueren wir auf der SS 125 einen riesigen Marmo-Steinbruch auf dem Weg nach Orgosolo. Nach ca. 15 km verlassen wir die K\u00fcstenstra\u00dfe und begeben uns ins Landesinnere.<\/p>\n<p>Orgosolo schmiegt sich lang gezogen oben an den Berg. Armut und soziale Ungerechtigkeit f\u00fchrten Ende des 19. Jhdts. dazu, dass Orgosolo durch sein organisiertes Bandenwesen zu einer traurigen Ber\u00fchmtheit gelangte. Au\u00dferdem war Orgosolo Anfang des 20. Jahdt. Schauplatz einer ausufernden Blutfehde, die 50 Menschen das Leben kostete. Heute str\u00f6men die Touristen in diese einsame Gegend um die wunderbaren Murales, Wandmalereien, an den Fassaden der H\u00e4user von Orgosolo zu sehen.<\/p>\n<p><a href=\"https:\/\/olu-limburg.de\/wp-content\/uploads\/2016\/10\/DSC04174_ergebnis.jpg\"><img loading=\"lazy\" decoding=\"async\" class=\"size-full wp-image-9805 aligncenter\" src=\"https:\/\/olu-limburg.de\/wp-content\/uploads\/2016\/10\/DSC04174_ergebnis.jpg\" alt=\"DSC04174_ergebnis\" width=\"800\" height=\"600\" srcset=\"https:\/\/olu-limburg.de\/wp-content\/uploads\/2016\/10\/DSC04174_ergebnis.jpg 800w, https:\/\/olu-limburg.de\/wp-content\/uploads\/2016\/10\/DSC04174_ergebnis-300x225.jpg 300w, https:\/\/olu-limburg.de\/wp-content\/uploads\/2016\/10\/DSC04174_ergebnis-768x576.jpg 768w, https:\/\/olu-limburg.de\/wp-content\/uploads\/2016\/10\/DSC04174_ergebnis-624x468.jpg 624w\" sizes=\"auto, (max-width: 800px) 100vw, 800px\" \/><\/a><\/p>\n<p>Diese Wandmalereien an \u00f6ffentlichen Mauerfl\u00e4chen entstanden aus einer K\u00fcnstlerbewegung nach der Revolution in Mexiko in 1910 mit den Themen von Freiheit und sozialer Gerechtigkeit. Die Bilder werden mit Acryl direkt an der Hauswand aufgebracht. Nach dem Staatsstreich am 11.09.1973 errichtete General Augusto Pinochet in Chile ein unerbittliches totalit\u00e4res Regime. Infolgedesssen fl\u00fcchteten viele K\u00fcnstler nach Frankreich und Italien, und brachten die Kunstform der Murales mit nach Europa.<\/p>\n<p>In 1969 brachten einige junge Anarchisten um Giancarlo Celli das erste Murales mit einer politischen Aussage an eine Hauswand in Orgosolo. Francesco Del Casino, K\u00fcnstler und Kunstlehrer an der Mittelschule in Orgosolo, startete 1975 ein Projekt mit seinen Sch\u00fclern zum 30. Jahrestag der Befreiung von den Faschisten. Dieses Ereignis und andere aktuelle Themen sollten auf Plakaten dargestellt werden. Del Casino wollte aber etwas Bleibendes schaffen und lie\u00df die Sch\u00fcler ihre Arbeiten auf die Hausw\u00e4nde \u00fcbertragen. Viele Jahrg\u00e4nge von Sch\u00fclern taten es ihnen nach. Hinzu kamen viele Arbeiten von \u00f6rtlichen K\u00fcnstlern wie Pasquale Buesca, die K\u00fcnstler der Gruppe &#8222;le api&#8220; und Massimo Cantoni. So gestaltete sich ein immer weiter wachsendes Gesamtkunstwerk.<\/p>\n<div id=\"attachment_9823\" style=\"width: 810px\" class=\"wp-caption aligncenter\"><a href=\"https:\/\/olu-limburg.de\/wp-content\/uploads\/2016\/10\/DSC04258_ergebnis.jpg\"><img loading=\"lazy\" decoding=\"async\" aria-describedby=\"caption-attachment-9823\" class=\"size-full wp-image-9823\" src=\"https:\/\/olu-limburg.de\/wp-content\/uploads\/2016\/10\/DSC04258_ergebnis.jpg\" alt=\"Del Casino -Schwarze Frau mit Kind hinter Stacheldraht\" width=\"800\" height=\"600\" srcset=\"https:\/\/olu-limburg.de\/wp-content\/uploads\/2016\/10\/DSC04258_ergebnis.jpg 800w, https:\/\/olu-limburg.de\/wp-content\/uploads\/2016\/10\/DSC04258_ergebnis-300x225.jpg 300w, https:\/\/olu-limburg.de\/wp-content\/uploads\/2016\/10\/DSC04258_ergebnis-768x576.jpg 768w, https:\/\/olu-limburg.de\/wp-content\/uploads\/2016\/10\/DSC04258_ergebnis-624x468.jpg 624w\" sizes=\"auto, (max-width: 800px) 100vw, 800px\" \/><\/a><p id=\"caption-attachment-9823\" class=\"wp-caption-text\">Del Casino -Schwarze Frau mit Kind hinter Stacheldraht<\/p><\/div>\n<div id=\"attachment_9807\" style=\"width: 810px\" class=\"wp-caption aligncenter\"><a href=\"https:\/\/olu-limburg.de\/wp-content\/uploads\/2016\/10\/DSC04185_ergebnis.jpg\"><img loading=\"lazy\" decoding=\"async\" aria-describedby=\"caption-attachment-9807\" class=\"size-full wp-image-9807\" src=\"https:\/\/olu-limburg.de\/wp-content\/uploads\/2016\/10\/DSC04185_ergebnis.jpg\" alt=\"Gruppe &quot;L'Api&quot;\" width=\"800\" height=\"600\" srcset=\"https:\/\/olu-limburg.de\/wp-content\/uploads\/2016\/10\/DSC04185_ergebnis.jpg 800w, https:\/\/olu-limburg.de\/wp-content\/uploads\/2016\/10\/DSC04185_ergebnis-300x225.jpg 300w, https:\/\/olu-limburg.de\/wp-content\/uploads\/2016\/10\/DSC04185_ergebnis-768x576.jpg 768w, https:\/\/olu-limburg.de\/wp-content\/uploads\/2016\/10\/DSC04185_ergebnis-624x468.jpg 624w\" sizes=\"auto, (max-width: 800px) 100vw, 800px\" \/><\/a><p id=\"caption-attachment-9807\" class=\"wp-caption-text\">Gruppe &#8222;le api&#8220;<\/p><\/div>\n<p>Wir irrten, trotz Nachfragen bei Einheimischen, da ich es nicht richtig verstanden habe, ich kann halt nur wenige Brocken Italienisch, etwas ziellos durch die Gassen, bis uns eine \u00e4ltere Dame den Weg zum Corso Republica zeigte. Hier kann man die dichteste Anh\u00e4ufung der Murales vorfinden.<\/p>\n<p><a href=\"https:\/\/olu-limburg.de\/wp-content\/uploads\/2016\/10\/DSC04186_ergebnis.jpg\"><img loading=\"lazy\" decoding=\"async\" class=\"size-full wp-image-9808 aligncenter\" src=\"https:\/\/olu-limburg.de\/wp-content\/uploads\/2016\/10\/DSC04186_ergebnis.jpg\" alt=\"DSC04186_ergebnis\" width=\"800\" height=\"600\" srcset=\"https:\/\/olu-limburg.de\/wp-content\/uploads\/2016\/10\/DSC04186_ergebnis.jpg 800w, https:\/\/olu-limburg.de\/wp-content\/uploads\/2016\/10\/DSC04186_ergebnis-300x225.jpg 300w, https:\/\/olu-limburg.de\/wp-content\/uploads\/2016\/10\/DSC04186_ergebnis-768x576.jpg 768w, https:\/\/olu-limburg.de\/wp-content\/uploads\/2016\/10\/DSC04186_ergebnis-624x468.jpg 624w\" sizes=\"auto, (max-width: 800px) 100vw, 800px\" \/><\/a><\/p>\n<div id=\"attachment_9809\" style=\"width: 810px\" class=\"wp-caption aligncenter\"><a href=\"https:\/\/olu-limburg.de\/wp-content\/uploads\/2016\/10\/DSC04199_ergebnis.jpg\"><img loading=\"lazy\" decoding=\"async\" aria-describedby=\"caption-attachment-9809\" class=\"size-full wp-image-9809\" src=\"https:\/\/olu-limburg.de\/wp-content\/uploads\/2016\/10\/DSC04199_ergebnis.jpg\" alt=\"11. September 2001\" width=\"800\" height=\"600\" srcset=\"https:\/\/olu-limburg.de\/wp-content\/uploads\/2016\/10\/DSC04199_ergebnis.jpg 800w, https:\/\/olu-limburg.de\/wp-content\/uploads\/2016\/10\/DSC04199_ergebnis-300x225.jpg 300w, https:\/\/olu-limburg.de\/wp-content\/uploads\/2016\/10\/DSC04199_ergebnis-768x576.jpg 768w, https:\/\/olu-limburg.de\/wp-content\/uploads\/2016\/10\/DSC04199_ergebnis-624x468.jpg 624w\" sizes=\"auto, (max-width: 800px) 100vw, 800px\" \/><\/a><p id=\"caption-attachment-9809\" class=\"wp-caption-text\">11. September 2001<\/p><\/div>\n<div id=\"attachment_9810\" style=\"width: 810px\" class=\"wp-caption aligncenter\"><a href=\"https:\/\/olu-limburg.de\/wp-content\/uploads\/2016\/10\/DSC04201_ergebnis.jpg\"><img loading=\"lazy\" decoding=\"async\" aria-describedby=\"caption-attachment-9810\" class=\"size-full wp-image-9810\" src=\"https:\/\/olu-limburg.de\/wp-content\/uploads\/2016\/10\/DSC04201_ergebnis.jpg\" alt=\"Erinnerung an den Staatsstreich in Chile am 11.September 1973 gegen den Pr\u00e4sidenten Salvador Alleende\" width=\"800\" height=\"600\" srcset=\"https:\/\/olu-limburg.de\/wp-content\/uploads\/2016\/10\/DSC04201_ergebnis.jpg 800w, https:\/\/olu-limburg.de\/wp-content\/uploads\/2016\/10\/DSC04201_ergebnis-300x225.jpg 300w, https:\/\/olu-limburg.de\/wp-content\/uploads\/2016\/10\/DSC04201_ergebnis-768x576.jpg 768w, https:\/\/olu-limburg.de\/wp-content\/uploads\/2016\/10\/DSC04201_ergebnis-624x468.jpg 624w\" sizes=\"auto, (max-width: 800px) 100vw, 800px\" \/><\/a><p id=\"caption-attachment-9810\" class=\"wp-caption-text\">Erinnerung an den Staatsstreich in Chile am 11.September 1973 gegen den Pr\u00e4sidenten Salvador Allende<\/p><\/div>\n<p><a href=\"https:\/\/olu-limburg.de\/wp-content\/uploads\/2016\/10\/DSC04202_ergebnis-e1479148805405.jpg\"><img loading=\"lazy\" decoding=\"async\" class=\"size-full wp-image-9811 alignleft\" src=\"https:\/\/olu-limburg.de\/wp-content\/uploads\/2016\/10\/DSC04202_ergebnis-e1479148805405.jpg\" alt=\"DSC04202_ergebnis\" width=\"450\" height=\"600\" \/><\/a><\/p>\n<div id=\"attachment_9818\" style=\"width: 460px\" class=\"wp-caption alignright\"><a href=\"https:\/\/olu-limburg.de\/wp-content\/uploads\/2016\/10\/DSC04232_ergebnis-e1479150144863.jpg\"><img loading=\"lazy\" decoding=\"async\" aria-describedby=\"caption-attachment-9818\" class=\"wp-image-9818 size-full\" src=\"https:\/\/olu-limburg.de\/wp-content\/uploads\/2016\/10\/DSC04232_ergebnis-e1479150144863.jpg\" alt=\"DSC04232_ergebnis\" width=\"450\" height=\"600\" \/><\/a><p id=\"caption-attachment-9818\" class=\"wp-caption-text\"><strong>oben<\/strong>: 1899 gelang es den Soldaten in Murguliai eine Gruppe von Banditen zu bezwingen. <strong>unten<\/strong>: amerikanische Soldaten in Vietnam<\/p><\/div>\n<p>&nbsp;<\/p>\n<div id=\"attachment_9812\" style=\"width: 810px\" class=\"wp-caption aligncenter\"><a href=\"https:\/\/olu-limburg.de\/wp-content\/uploads\/2016\/10\/DSC04204_ergebnis.jpg\"><img loading=\"lazy\" decoding=\"async\" aria-describedby=\"caption-attachment-9812\" class=\"wp-image-9812 size-full\" src=\"https:\/\/olu-limburg.de\/wp-content\/uploads\/2016\/10\/DSC04204_ergebnis.jpg\" alt=\"DSC04204_ergebnis\" width=\"800\" height=\"600\" srcset=\"https:\/\/olu-limburg.de\/wp-content\/uploads\/2016\/10\/DSC04204_ergebnis.jpg 800w, https:\/\/olu-limburg.de\/wp-content\/uploads\/2016\/10\/DSC04204_ergebnis-300x225.jpg 300w, https:\/\/olu-limburg.de\/wp-content\/uploads\/2016\/10\/DSC04204_ergebnis-768x576.jpg 768w, https:\/\/olu-limburg.de\/wp-content\/uploads\/2016\/10\/DSC04204_ergebnis-624x468.jpg 624w\" sizes=\"auto, (max-width: 800px) 100vw, 800px\" \/><\/a><p id=\"caption-attachment-9812\" class=\"wp-caption-text\">rechts: der \u00fcberm\u00fctige Reiter<\/p><\/div>\n<div id=\"attachment_9813\" style=\"width: 810px\" class=\"wp-caption aligncenter\"><a href=\"https:\/\/olu-limburg.de\/wp-content\/uploads\/2016\/10\/DSC04209_ergebnis.jpg\"><img loading=\"lazy\" decoding=\"async\" aria-describedby=\"caption-attachment-9813\" class=\"size-full wp-image-9813\" src=\"https:\/\/olu-limburg.de\/wp-content\/uploads\/2016\/10\/DSC04209_ergebnis.jpg\" alt=\"Der Waldbrand\" width=\"800\" height=\"600\" srcset=\"https:\/\/olu-limburg.de\/wp-content\/uploads\/2016\/10\/DSC04209_ergebnis.jpg 800w, https:\/\/olu-limburg.de\/wp-content\/uploads\/2016\/10\/DSC04209_ergebnis-300x225.jpg 300w, https:\/\/olu-limburg.de\/wp-content\/uploads\/2016\/10\/DSC04209_ergebnis-768x576.jpg 768w, https:\/\/olu-limburg.de\/wp-content\/uploads\/2016\/10\/DSC04209_ergebnis-624x468.jpg 624w\" sizes=\"auto, (max-width: 800px) 100vw, 800px\" \/><\/a><p id=\"caption-attachment-9813\" class=\"wp-caption-text\">Der Waldbrand<\/p><\/div>\n<div id=\"attachment_9814\" style=\"width: 810px\" class=\"wp-caption aligncenter\"><a href=\"https:\/\/olu-limburg.de\/wp-content\/uploads\/2016\/10\/DSC04213_ergebnis.jpg\"><img loading=\"lazy\" decoding=\"async\" aria-describedby=\"caption-attachment-9814\" class=\"wp-image-9814 size-full\" src=\"https:\/\/olu-limburg.de\/wp-content\/uploads\/2016\/10\/DSC04213_ergebnis.jpg\" alt=\"DSC04213_ergebnis\" width=\"800\" height=\"600\" srcset=\"https:\/\/olu-limburg.de\/wp-content\/uploads\/2016\/10\/DSC04213_ergebnis.jpg 800w, https:\/\/olu-limburg.de\/wp-content\/uploads\/2016\/10\/DSC04213_ergebnis-300x225.jpg 300w, https:\/\/olu-limburg.de\/wp-content\/uploads\/2016\/10\/DSC04213_ergebnis-768x576.jpg 768w, https:\/\/olu-limburg.de\/wp-content\/uploads\/2016\/10\/DSC04213_ergebnis-624x468.jpg 624w\" sizes=\"auto, (max-width: 800px) 100vw, 800px\" \/><\/a><p id=\"caption-attachment-9814\" class=\"wp-caption-text\">Helmut Schmidt wegen Stammheim als &#8222;Experte in Sachen Staatsmord&#8220;<\/p><\/div>\n<div id=\"attachment_9815\" style=\"width: 810px\" class=\"wp-caption aligncenter\"><a href=\"https:\/\/olu-limburg.de\/wp-content\/uploads\/2016\/10\/DSC04214_ergebnis.jpg\"><img loading=\"lazy\" decoding=\"async\" aria-describedby=\"caption-attachment-9815\" class=\"wp-image-9815 size-full\" src=\"https:\/\/olu-limburg.de\/wp-content\/uploads\/2016\/10\/DSC04214_ergebnis.jpg\" alt=\"DSC04214_ergebnis\" width=\"800\" height=\"600\" srcset=\"https:\/\/olu-limburg.de\/wp-content\/uploads\/2016\/10\/DSC04214_ergebnis.jpg 800w, https:\/\/olu-limburg.de\/wp-content\/uploads\/2016\/10\/DSC04214_ergebnis-300x225.jpg 300w, https:\/\/olu-limburg.de\/wp-content\/uploads\/2016\/10\/DSC04214_ergebnis-768x576.jpg 768w, https:\/\/olu-limburg.de\/wp-content\/uploads\/2016\/10\/DSC04214_ergebnis-624x468.jpg 624w\" sizes=\"auto, (max-width: 800px) 100vw, 800px\" \/><\/a><p id=\"caption-attachment-9815\" class=\"wp-caption-text\">Ein kleines Chaos, weil der Fahrer des LKW &#8222;mit dem Kopf durch die Wand&#8220; wollte<\/p><\/div>\n<div id=\"attachment_9817\" style=\"width: 810px\" class=\"wp-caption aligncenter\"><a href=\"https:\/\/olu-limburg.de\/wp-content\/uploads\/2016\/10\/DSC04220_ergebnis.jpg\"><img loading=\"lazy\" decoding=\"async\" aria-describedby=\"caption-attachment-9817\" class=\"wp-image-9817 size-full\" src=\"https:\/\/olu-limburg.de\/wp-content\/uploads\/2016\/10\/DSC04220_ergebnis.jpg\" alt=\"DSC04220_ergebnis\" width=\"800\" height=\"600\" srcset=\"https:\/\/olu-limburg.de\/wp-content\/uploads\/2016\/10\/DSC04220_ergebnis.jpg 800w, https:\/\/olu-limburg.de\/wp-content\/uploads\/2016\/10\/DSC04220_ergebnis-300x225.jpg 300w, https:\/\/olu-limburg.de\/wp-content\/uploads\/2016\/10\/DSC04220_ergebnis-768x576.jpg 768w, https:\/\/olu-limburg.de\/wp-content\/uploads\/2016\/10\/DSC04220_ergebnis-624x468.jpg 624w\" sizes=\"auto, (max-width: 800px) 100vw, 800px\" \/><\/a><p id=\"caption-attachment-9817\" class=\"wp-caption-text\">Erinnerung an die Leiden des somalischen Volkes<\/p><\/div>\n<div id=\"attachment_9819\" style=\"width: 810px\" class=\"wp-caption aligncenter\"><a href=\"https:\/\/olu-limburg.de\/wp-content\/uploads\/2016\/10\/DSC04233_ergebnis.jpg\"><img loading=\"lazy\" decoding=\"async\" aria-describedby=\"caption-attachment-9819\" class=\"wp-image-9819 size-full\" src=\"https:\/\/olu-limburg.de\/wp-content\/uploads\/2016\/10\/DSC04233_ergebnis.jpg\" alt=\"DSC04233_ergebnis\" width=\"800\" height=\"600\" srcset=\"https:\/\/olu-limburg.de\/wp-content\/uploads\/2016\/10\/DSC04233_ergebnis.jpg 800w, https:\/\/olu-limburg.de\/wp-content\/uploads\/2016\/10\/DSC04233_ergebnis-300x225.jpg 300w, https:\/\/olu-limburg.de\/wp-content\/uploads\/2016\/10\/DSC04233_ergebnis-768x576.jpg 768w, https:\/\/olu-limburg.de\/wp-content\/uploads\/2016\/10\/DSC04233_ergebnis-624x468.jpg 624w\" sizes=\"auto, (max-width: 800px) 100vw, 800px\" \/><\/a><p id=\"caption-attachment-9819\" class=\"wp-caption-text\">Einschussl\u00f6cher an der T\u00fcr und dem Fenster des alten Rathauses. <strong>Murales links<\/strong>: Hommage an Emilio Lussu, Politiker und Schriftsteller, f\u00fcr sein Ziel von Freiheit und Gerechtigkeit. <strong>Murales rechts<\/strong>: Das Volk geht auf die Stra\u00dfe um einen Konjunkturplan zu unterst\u00fctzen.<\/p><\/div>\n<div id=\"attachment_9821\" style=\"width: 810px\" class=\"wp-caption aligncenter\"><a href=\"https:\/\/olu-limburg.de\/wp-content\/uploads\/2016\/10\/DSC04255_ergebnis.jpg\"><img loading=\"lazy\" decoding=\"async\" aria-describedby=\"caption-attachment-9821\" class=\"wp-image-9821 size-full\" src=\"https:\/\/olu-limburg.de\/wp-content\/uploads\/2016\/10\/DSC04255_ergebnis.jpg\" alt=\"DSC04255_ergebnis\" width=\"800\" height=\"600\" srcset=\"https:\/\/olu-limburg.de\/wp-content\/uploads\/2016\/10\/DSC04255_ergebnis.jpg 800w, https:\/\/olu-limburg.de\/wp-content\/uploads\/2016\/10\/DSC04255_ergebnis-300x225.jpg 300w, https:\/\/olu-limburg.de\/wp-content\/uploads\/2016\/10\/DSC04255_ergebnis-768x576.jpg 768w, https:\/\/olu-limburg.de\/wp-content\/uploads\/2016\/10\/DSC04255_ergebnis-624x468.jpg 624w\" sizes=\"auto, (max-width: 800px) 100vw, 800px\" \/><\/a><p id=\"caption-attachment-9821\" class=\"wp-caption-text\"><strong>rechts unten<\/strong>: &#8222;A Faber&#8220;, dem S\u00e4nger der Zerbrechlichkeit und der Ungewissheit, Fabrizio De Andr\u00e9, gewidmet<\/p><\/div>\n<div id=\"attachment_9820\" style=\"width: 460px\" class=\"wp-caption alignleft\"><a href=\"https:\/\/olu-limburg.de\/wp-content\/uploads\/2016\/10\/DSC04241_ergebnis-e1479150356904.jpg\"><img loading=\"lazy\" decoding=\"async\" aria-describedby=\"caption-attachment-9820\" class=\"size-full wp-image-9820\" src=\"https:\/\/olu-limburg.de\/wp-content\/uploads\/2016\/10\/DSC04241_ergebnis-e1479150356904.jpg\" alt=\"Aufforderung zum Frieden: &quot;Ein weiterer Krieg? Nein Danke&quot;\" width=\"450\" height=\"600\" \/><\/a><p id=\"caption-attachment-9820\" class=\"wp-caption-text\">Aufforderung zum Frieden: &#8222;Ein weiterer Krieg? Nein Danke&#8220;<\/p><\/div>\n<div id=\"attachment_9822\" style=\"width: 460px\" class=\"wp-caption alignright\"><a href=\"https:\/\/olu-limburg.de\/wp-content\/uploads\/2016\/10\/DSC04257_ergebnis-e1479150421781.jpg\"><img loading=\"lazy\" decoding=\"async\" aria-describedby=\"caption-attachment-9822\" class=\"size-full wp-image-9822\" src=\"https:\/\/olu-limburg.de\/wp-content\/uploads\/2016\/10\/DSC04257_ergebnis-e1479150421781.jpg\" alt=\"&quot;Gl\u00fccklich das Volk, das keine Helden braucht&quot;\" width=\"450\" height=\"600\" \/><\/a><p id=\"caption-attachment-9822\" class=\"wp-caption-text\">&#8222;Gl\u00fccklich das Volk, das keine Helden braucht&#8220;<\/p><\/div>\n<p><a href=\"https:\/\/olu-limburg.de\/wp-content\/uploads\/2016\/10\/DSC04219_ergebnis.jpg\"><img loading=\"lazy\" decoding=\"async\" class=\"size-full wp-image-9816 aligncenter\" src=\"https:\/\/olu-limburg.de\/wp-content\/uploads\/2016\/10\/DSC04219_ergebnis.jpg\" alt=\"DSC04219_ergebnis\" width=\"800\" height=\"600\" srcset=\"https:\/\/olu-limburg.de\/wp-content\/uploads\/2016\/10\/DSC04219_ergebnis.jpg 800w, https:\/\/olu-limburg.de\/wp-content\/uploads\/2016\/10\/DSC04219_ergebnis-300x225.jpg 300w, https:\/\/olu-limburg.de\/wp-content\/uploads\/2016\/10\/DSC04219_ergebnis-768x576.jpg 768w, https:\/\/olu-limburg.de\/wp-content\/uploads\/2016\/10\/DSC04219_ergebnis-624x468.jpg 624w\" sizes=\"auto, (max-width: 800px) 100vw, 800px\" \/><\/a><\/p>\n<p>Nach 2,5 Stunden und einigen Kilometer Betrachtungen beenden wir unsere Tour durch die Stadt und wollen wieder zur\u00fcck ans Meer. Wir hatten unser Wohnmobil unterhalb der Altstadt am Friedhof geparkt, wo wir aber nicht \u00fcbernachten wollen. F\u00fcr die Besichtigung der Murales h\u00e4tte es sogar noch andere Parkpl\u00e4tze in der Oberstadt gegeben.<\/p>\n<p>Statt bergab, fahren wir weiter bergauf in die Foresta di Montes bis auf \u00fcber 1.000 Meter. Unser Navi f\u00fchrt uns auf immer schmalere Stra\u00dfen. Freilaufende Schweine begegnen uns am Stra\u00dfenrand. Die freilaufenden Schafe, Ziegen und K\u00fche sind ja schon normal, aber Schweine hatten wir noch nicht. Es ist uns ein wenig unwohl, und so vergessen wir zu fotografieren. Mit ein wenig Abstand kommt uns die Erkenntnis, dass wir dort auch h\u00e4tten \u00fcbernachten k\u00f6nnen.<\/p>\n<p>Irgendwann erreichen wir dann die neu ausgebaute SS 389, auf der wir z\u00fcgig durch die Hochebene fahren. Als wir aber auf die SS198 in Richtung Tortoli einbiegen, geht es nur noch steil in Serpentinen hinunter. Unsere Bremsen stinken. Unser Ziel ist der ACSI-Campingplatz &#8222;Camping Village Orri&#8220;, der s\u00fcd\u00f6stlich von Tortoli in Lido di Orri liegt.<\/p>\n<p><a href=\"https:\/\/olu-limburg.de\/wp-content\/uploads\/2016\/10\/DSC04263_ergebnis.jpg\"><img loading=\"lazy\" decoding=\"async\" class=\"size-full wp-image-9827 aligncenter\" src=\"https:\/\/olu-limburg.de\/wp-content\/uploads\/2016\/10\/DSC04263_ergebnis.jpg\" alt=\"DSC04263_ergebnis\" width=\"800\" height=\"600\" srcset=\"https:\/\/olu-limburg.de\/wp-content\/uploads\/2016\/10\/DSC04263_ergebnis.jpg 800w, https:\/\/olu-limburg.de\/wp-content\/uploads\/2016\/10\/DSC04263_ergebnis-300x225.jpg 300w, https:\/\/olu-limburg.de\/wp-content\/uploads\/2016\/10\/DSC04263_ergebnis-768x576.jpg 768w, https:\/\/olu-limburg.de\/wp-content\/uploads\/2016\/10\/DSC04263_ergebnis-624x468.jpg 624w\" sizes=\"auto, (max-width: 800px) 100vw, 800px\" \/><\/a><\/p>\n<p><a href=\"https:\/\/olu-limburg.de\/wp-content\/uploads\/2016\/10\/DSC04264_ergebnis.jpg\"><img loading=\"lazy\" decoding=\"async\" class=\"size-full wp-image-9828 aligncenter\" src=\"https:\/\/olu-limburg.de\/wp-content\/uploads\/2016\/10\/DSC04264_ergebnis.jpg\" alt=\"DSC04264_ergebnis\" width=\"800\" height=\"600\" srcset=\"https:\/\/olu-limburg.de\/wp-content\/uploads\/2016\/10\/DSC04264_ergebnis.jpg 800w, https:\/\/olu-limburg.de\/wp-content\/uploads\/2016\/10\/DSC04264_ergebnis-300x225.jpg 300w, https:\/\/olu-limburg.de\/wp-content\/uploads\/2016\/10\/DSC04264_ergebnis-768x576.jpg 768w, https:\/\/olu-limburg.de\/wp-content\/uploads\/2016\/10\/DSC04264_ergebnis-624x468.jpg 624w\" sizes=\"auto, (max-width: 800px) 100vw, 800px\" \/><\/a><\/p>\n<p>Der Campingplatz ist sehr gepflegt und liegt direkt am Strand. Achtung!!!: Die V+E liegt direkt hinter dem Eingangstor, weit vor der Reception und dem sch\u00f6nen Bereich des Platzes, zentral mit allen Einrichtungen. Hier bekommt man seinen Stellplatz zugewiesen. Auf dem an die V+E anschlie\u00dfenden Bereich k\u00f6nnen sich die Wohnmobile bei gleichem Preis ihre Pl\u00e4tze selbst aussuchen.<\/p>\n<p>An der Reception wird flie\u00dfend deutsch gesprochen. Es ist alles stimmig, und wir beschlie\u00dfen, zwei N\u00e4chte hier zu bleiben.<\/p>\n<p><a href=\"https:\/\/olu-limburg.de\/wp-content\/uploads\/2016\/10\/DSC04269_ergebnis.jpg\"><img loading=\"lazy\" decoding=\"async\" class=\"size-full wp-image-9831 aligncenter\" src=\"https:\/\/olu-limburg.de\/wp-content\/uploads\/2016\/10\/DSC04269_ergebnis.jpg\" alt=\"DSC04269_ergebnis\" width=\"800\" height=\"600\" srcset=\"https:\/\/olu-limburg.de\/wp-content\/uploads\/2016\/10\/DSC04269_ergebnis.jpg 800w, https:\/\/olu-limburg.de\/wp-content\/uploads\/2016\/10\/DSC04269_ergebnis-300x225.jpg 300w, https:\/\/olu-limburg.de\/wp-content\/uploads\/2016\/10\/DSC04269_ergebnis-768x576.jpg 768w, https:\/\/olu-limburg.de\/wp-content\/uploads\/2016\/10\/DSC04269_ergebnis-624x468.jpg 624w\" sizes=\"auto, (max-width: 800px) 100vw, 800px\" \/><\/a><\/p>\n<p>Besonders auff\u00e4llig ist die konsequente M\u00fclltrennung.<\/p>\n<p><a href=\"https:\/\/olu-limburg.de\/wp-content\/uploads\/2016\/10\/DSC04268_ergebnis.jpg\"><img loading=\"lazy\" decoding=\"async\" class=\"size-full wp-image-9830 aligncenter\" src=\"https:\/\/olu-limburg.de\/wp-content\/uploads\/2016\/10\/DSC04268_ergebnis.jpg\" alt=\"DSC04268_ergebnis\" width=\"800\" height=\"600\" srcset=\"https:\/\/olu-limburg.de\/wp-content\/uploads\/2016\/10\/DSC04268_ergebnis.jpg 800w, https:\/\/olu-limburg.de\/wp-content\/uploads\/2016\/10\/DSC04268_ergebnis-300x225.jpg 300w, https:\/\/olu-limburg.de\/wp-content\/uploads\/2016\/10\/DSC04268_ergebnis-768x576.jpg 768w, https:\/\/olu-limburg.de\/wp-content\/uploads\/2016\/10\/DSC04268_ergebnis-624x468.jpg 624w\" sizes=\"auto, (max-width: 800px) 100vw, 800px\" \/><\/a><\/p>\n<p>Tagesstrecke: 132 km<\/p>\n<p>&nbsp;<\/p>\n<p><strong>Donnerstag, 22.09.2016<\/strong><\/p>\n<p>Wir haben sch\u00f6nes Wetter und genie\u00dfen das Faulsein! Zur Erfrischung wechseln wir morgens und nachmittgs zum Strand suhlen uns in dem warmen Wasser. Am Abend gehen wir in die ca. 400 m entfernte Pizzeria und sitzen noch lange drau\u00dfen (bei den M\u00fccken &#8211; trotz Autan).<\/p>\n<p><a href=\"https:\/\/olu-limburg.de\/wp-content\/uploads\/2016\/10\/DSC04267_ergebnis.jpg\"><img loading=\"lazy\" decoding=\"async\" class=\"size-full wp-image-9829 aligncenter\" src=\"https:\/\/olu-limburg.de\/wp-content\/uploads\/2016\/10\/DSC04267_ergebnis.jpg\" alt=\"DSC04267_ergebnis\" width=\"800\" height=\"600\" srcset=\"https:\/\/olu-limburg.de\/wp-content\/uploads\/2016\/10\/DSC04267_ergebnis.jpg 800w, https:\/\/olu-limburg.de\/wp-content\/uploads\/2016\/10\/DSC04267_ergebnis-300x225.jpg 300w, https:\/\/olu-limburg.de\/wp-content\/uploads\/2016\/10\/DSC04267_ergebnis-768x576.jpg 768w, https:\/\/olu-limburg.de\/wp-content\/uploads\/2016\/10\/DSC04267_ergebnis-624x468.jpg 624w\" sizes=\"auto, (max-width: 800px) 100vw, 800px\" \/><\/a><\/p>\n<p>Tagesstrecke: 0 km<\/p>\n<p>&nbsp;<\/p>\n<p><strong>Freitag, 23.09.2016<\/strong><\/p>\n<p>Oberhalb von Tortoli liegt Arbatax mit seinen ber\u00fchmten &#8222;roten Felsen&#8220;. Auf dem Weg dorthin, nicht weit vom Campingplatz entfernt, wollen wir noch eine Nuraghe (steinerne Turmbauten aus der Zeit von 1600 &#8211; 400 v. Chr.) besichtigen. Leider wird niemand mehr eingelassen, da schon die Mittagspause &#8222;vor der T\u00fcr steht&#8220;.<\/p>\n<p>Als gro\u00dfes Fahrzeug d\u00fcrfen wir Tortoli umfahren und gelangen auf die Landzunge Arbatax.\u00a0An der Stra\u00dfe entlang zum Hafen sieht man noch die \u00dcberreste der alten Schmalspurbahn mit Drehscheibe. Ganz am Ende der Hafenzufahrt befindet sich auf der rechten Seite ein gro\u00dfer Parkplatz mit dem direkten Zugang zu den roten Felsen.<\/p>\n<p><a href=\"https:\/\/olu-limburg.de\/wp-content\/uploads\/2016\/10\/DSC04295_ergebnis.jpg\"><img loading=\"lazy\" decoding=\"async\" class=\"size-full wp-image-9843 aligncenter\" src=\"https:\/\/olu-limburg.de\/wp-content\/uploads\/2016\/10\/DSC04295_ergebnis.jpg\" alt=\"DSC04295_ergebnis\" width=\"800\" height=\"600\" srcset=\"https:\/\/olu-limburg.de\/wp-content\/uploads\/2016\/10\/DSC04295_ergebnis.jpg 800w, https:\/\/olu-limburg.de\/wp-content\/uploads\/2016\/10\/DSC04295_ergebnis-300x225.jpg 300w, https:\/\/olu-limburg.de\/wp-content\/uploads\/2016\/10\/DSC04295_ergebnis-768x576.jpg 768w, https:\/\/olu-limburg.de\/wp-content\/uploads\/2016\/10\/DSC04295_ergebnis-624x468.jpg 624w\" sizes=\"auto, (max-width: 800px) 100vw, 800px\" \/><\/a><\/p>\n<p><a href=\"https:\/\/olu-limburg.de\/wp-content\/uploads\/2016\/10\/DSC04299_ergebnis.jpg\"><img loading=\"lazy\" decoding=\"async\" class=\"size-full wp-image-9845 aligncenter\" src=\"https:\/\/olu-limburg.de\/wp-content\/uploads\/2016\/10\/DSC04299_ergebnis.jpg\" alt=\"DSC04299_ergebnis\" width=\"800\" height=\"600\" srcset=\"https:\/\/olu-limburg.de\/wp-content\/uploads\/2016\/10\/DSC04299_ergebnis.jpg 800w, https:\/\/olu-limburg.de\/wp-content\/uploads\/2016\/10\/DSC04299_ergebnis-300x225.jpg 300w, https:\/\/olu-limburg.de\/wp-content\/uploads\/2016\/10\/DSC04299_ergebnis-768x576.jpg 768w, https:\/\/olu-limburg.de\/wp-content\/uploads\/2016\/10\/DSC04299_ergebnis-624x468.jpg 624w\" sizes=\"auto, (max-width: 800px) 100vw, 800px\" \/><\/a><\/p>\n<p><a href=\"https:\/\/olu-limburg.de\/wp-content\/uploads\/2016\/10\/DSC04290_ergebnis.jpg\"><img loading=\"lazy\" decoding=\"async\" class=\"size-full wp-image-9841 aligncenter\" src=\"https:\/\/olu-limburg.de\/wp-content\/uploads\/2016\/10\/DSC04290_ergebnis.jpg\" alt=\"DSC04290_ergebnis\" width=\"800\" height=\"600\" srcset=\"https:\/\/olu-limburg.de\/wp-content\/uploads\/2016\/10\/DSC04290_ergebnis.jpg 800w, https:\/\/olu-limburg.de\/wp-content\/uploads\/2016\/10\/DSC04290_ergebnis-300x225.jpg 300w, https:\/\/olu-limburg.de\/wp-content\/uploads\/2016\/10\/DSC04290_ergebnis-768x576.jpg 768w, https:\/\/olu-limburg.de\/wp-content\/uploads\/2016\/10\/DSC04290_ergebnis-624x468.jpg 624w\" sizes=\"auto, (max-width: 800px) 100vw, 800px\" \/><\/a><\/p>\n<div id=\"attachment_9840\" style=\"width: 810px\" class=\"wp-caption aligncenter\"><a href=\"https:\/\/olu-limburg.de\/wp-content\/uploads\/2016\/10\/DSC04282_ergebnis.jpg\"><img loading=\"lazy\" decoding=\"async\" aria-describedby=\"caption-attachment-9840\" class=\"size-full wp-image-9840\" src=\"https:\/\/olu-limburg.de\/wp-content\/uploads\/2016\/10\/DSC04282_ergebnis.jpg\" alt=\"Beeindruckend sind die vielen unterschiedlichen Gesteinsschichten.\" width=\"800\" height=\"600\" srcset=\"https:\/\/olu-limburg.de\/wp-content\/uploads\/2016\/10\/DSC04282_ergebnis.jpg 800w, https:\/\/olu-limburg.de\/wp-content\/uploads\/2016\/10\/DSC04282_ergebnis-300x225.jpg 300w, https:\/\/olu-limburg.de\/wp-content\/uploads\/2016\/10\/DSC04282_ergebnis-768x576.jpg 768w, https:\/\/olu-limburg.de\/wp-content\/uploads\/2016\/10\/DSC04282_ergebnis-624x468.jpg 624w\" sizes=\"auto, (max-width: 800px) 100vw, 800px\" \/><\/a><p id=\"caption-attachment-9840\" class=\"wp-caption-text\">Beeindruckend sind die vielen unterschiedlichen Gesteinsschichten.<\/p><\/div>\n<div id=\"attachment_9842\" style=\"width: 460px\" class=\"wp-caption aligncenter\"><a href=\"https:\/\/olu-limburg.de\/wp-content\/uploads\/2016\/10\/DSC04293_ergebnis-e1479229581276.jpg\"><img loading=\"lazy\" decoding=\"async\" aria-describedby=\"caption-attachment-9842\" class=\"wp-image-9842 size-full\" src=\"https:\/\/olu-limburg.de\/wp-content\/uploads\/2016\/10\/DSC04293_ergebnis-e1479229581276.jpg\" alt=\"DSC04293_ergebnis\" width=\"450\" height=\"600\" \/><\/a><p id=\"caption-attachment-9842\" class=\"wp-caption-text\">Wandmalerei mit Zitat des brasilianischen Schriftstellers, Paulo Coelho<\/p><\/div>\n<p>Jetzt ist wirklich Mittagszeit und nach einiger Suche finden wir ein Restaurant, was uns zusagt. Der Kellner ist wohl nicht so ganz auf der H\u00f6he, und es sind auch nicht mehr alle Speisen zu bekommen. Die von uns gew\u00e4hlten &#8222;Malloreddus campidanese&#8220; (mit klein gerupfter Salsiccia in der Tomatenso\u00dfe), die Lieblingspasta der Sarden, schmecken aber hervorragend.<\/p>\n<p><a href=\"https:\/\/olu-limburg.de\/wp-content\/uploads\/2016\/10\/DSC04296_ergebnis.jpg\"><img loading=\"lazy\" decoding=\"async\" class=\"size-full wp-image-9844 aligncenter\" src=\"https:\/\/olu-limburg.de\/wp-content\/uploads\/2016\/10\/DSC04296_ergebnis.jpg\" alt=\"DSC04296_ergebnis\" width=\"800\" height=\"600\" srcset=\"https:\/\/olu-limburg.de\/wp-content\/uploads\/2016\/10\/DSC04296_ergebnis.jpg 800w, https:\/\/olu-limburg.de\/wp-content\/uploads\/2016\/10\/DSC04296_ergebnis-300x225.jpg 300w, https:\/\/olu-limburg.de\/wp-content\/uploads\/2016\/10\/DSC04296_ergebnis-768x576.jpg 768w, https:\/\/olu-limburg.de\/wp-content\/uploads\/2016\/10\/DSC04296_ergebnis-624x468.jpg 624w\" sizes=\"auto, (max-width: 800px) 100vw, 800px\" \/><\/a><\/p>\n<p>Es geht auf der SS125 weiter nach S\u00fcden. Eigentlich wollen wir im Hafen von Porto Corallo \u00fcbernachten, aber erstens d\u00fcrfen wir nicht und zweitens ist es auch gar nicht sch\u00f6n dort. Wenige Meter weiter gibt es rechts einen Camperstopp, und auf der anderen Seite tummeln sich die Wohnmobile im Geb\u00fcsch oberhalb der Felsk\u00fcste. Dort wollen wir auch hin und treffen sogleich auf ein Wohnmobil aus einem heimatlichen Nachbarort. Das Ehepaar hat hier zwei N\u00e4chte gestanden und sie hatten keinerlei Probleme mit der Polizei &#8211; aber, kein Camping!!!<\/p>\n<p><a href=\"https:\/\/olu-limburg.de\/wp-content\/uploads\/2016\/10\/DSC04304_ergebnis.jpg\"><img loading=\"lazy\" decoding=\"async\" class=\"size-full wp-image-9847 aligncenter\" src=\"https:\/\/olu-limburg.de\/wp-content\/uploads\/2016\/10\/DSC04304_ergebnis.jpg\" alt=\"DSC04304_ergebnis\" width=\"800\" height=\"600\" srcset=\"https:\/\/olu-limburg.de\/wp-content\/uploads\/2016\/10\/DSC04304_ergebnis.jpg 800w, https:\/\/olu-limburg.de\/wp-content\/uploads\/2016\/10\/DSC04304_ergebnis-300x225.jpg 300w, https:\/\/olu-limburg.de\/wp-content\/uploads\/2016\/10\/DSC04304_ergebnis-768x576.jpg 768w, https:\/\/olu-limburg.de\/wp-content\/uploads\/2016\/10\/DSC04304_ergebnis-624x468.jpg 624w\" sizes=\"auto, (max-width: 800px) 100vw, 800px\" \/><\/a><\/p>\n<p><a href=\"https:\/\/olu-limburg.de\/wp-content\/uploads\/2016\/10\/DSC04302_ergebnis.jpg\"><img loading=\"lazy\" decoding=\"async\" class=\"size-full wp-image-9846 aligncenter\" src=\"https:\/\/olu-limburg.de\/wp-content\/uploads\/2016\/10\/DSC04302_ergebnis.jpg\" alt=\"DSC04302_ergebnis\" width=\"800\" height=\"600\" srcset=\"https:\/\/olu-limburg.de\/wp-content\/uploads\/2016\/10\/DSC04302_ergebnis.jpg 800w, https:\/\/olu-limburg.de\/wp-content\/uploads\/2016\/10\/DSC04302_ergebnis-300x225.jpg 300w, https:\/\/olu-limburg.de\/wp-content\/uploads\/2016\/10\/DSC04302_ergebnis-768x576.jpg 768w, https:\/\/olu-limburg.de\/wp-content\/uploads\/2016\/10\/DSC04302_ergebnis-624x468.jpg 624w\" sizes=\"auto, (max-width: 800px) 100vw, 800px\" \/><\/a><\/p>\n<p>Um uns noch ein wenig zu bewegen, besteigen wir die hinter uns liegende Erhebung mit dem Sarazenenturm. Solche T\u00fcrme findet man entlang der gesamten K\u00fcste Sardiniens.<\/p>\n<p><a href=\"https:\/\/olu-limburg.de\/wp-content\/uploads\/2016\/10\/DSC04310_ergebnis.jpg\"><img loading=\"lazy\" decoding=\"async\" class=\"size-full wp-image-9849 aligncenter\" src=\"https:\/\/olu-limburg.de\/wp-content\/uploads\/2016\/10\/DSC04310_ergebnis.jpg\" alt=\"DSC04310_ergebnis\" width=\"800\" height=\"600\" srcset=\"https:\/\/olu-limburg.de\/wp-content\/uploads\/2016\/10\/DSC04310_ergebnis.jpg 800w, https:\/\/olu-limburg.de\/wp-content\/uploads\/2016\/10\/DSC04310_ergebnis-300x225.jpg 300w, https:\/\/olu-limburg.de\/wp-content\/uploads\/2016\/10\/DSC04310_ergebnis-768x576.jpg 768w, https:\/\/olu-limburg.de\/wp-content\/uploads\/2016\/10\/DSC04310_ergebnis-624x468.jpg 624w\" sizes=\"auto, (max-width: 800px) 100vw, 800px\" \/><\/a><\/p>\n<p><a href=\"https:\/\/olu-limburg.de\/wp-content\/uploads\/2016\/10\/DSC04313_ergebnis.jpg\"><img loading=\"lazy\" decoding=\"async\" class=\"size-full wp-image-9850 aligncenter\" src=\"https:\/\/olu-limburg.de\/wp-content\/uploads\/2016\/10\/DSC04313_ergebnis.jpg\" alt=\"DSC04313_ergebnis\" width=\"800\" height=\"600\" srcset=\"https:\/\/olu-limburg.de\/wp-content\/uploads\/2016\/10\/DSC04313_ergebnis.jpg 800w, https:\/\/olu-limburg.de\/wp-content\/uploads\/2016\/10\/DSC04313_ergebnis-300x225.jpg 300w, https:\/\/olu-limburg.de\/wp-content\/uploads\/2016\/10\/DSC04313_ergebnis-768x576.jpg 768w, https:\/\/olu-limburg.de\/wp-content\/uploads\/2016\/10\/DSC04313_ergebnis-624x468.jpg 624w\" sizes=\"auto, (max-width: 800px) 100vw, 800px\" \/><\/a><\/p>\n<p>Nach dem Sonnenuntergang empf\u00e4ngt uns die &#8222;schwarze Nacht&#8220;, und als sich die Augen daran gew\u00f6hnt haben, offenbart sich ein unbeschreiblicher Sternenhimmel.<\/p>\n<p>Tagesstrecke: 89 km<\/p>\n<p>&nbsp;<\/p>\n<p><strong>Samstag, 24.09.2016<\/strong><\/p>\n<p>Es ist bew\u00f6lkt und in der Ferne sehen wir Regenschleier. Uns zieht es weiter nach S\u00fcden. Bei der Durchfahrung von Muravera sehe ich ein Schild &#8222;Cantina del Sarrabus&#8220; und unten drunter &#8222;Vini Sfusi&#8220;. Einparken und mit dem Drei-Liter-Kanister losziehen ist ein Leichtes. Und schon sind wir wieder Besitzer von drei Liter Roten. Nebenbei besuchen wir noch den \u00f6rtlichen Lebensmittelmarkt und studieren die Nudel- und K\u00e4se-Angebote.<\/p>\n<p><a href=\"https:\/\/olu-limburg.de\/wp-content\/uploads\/2016\/10\/P1000427_ergebnis.jpg\"><img loading=\"lazy\" decoding=\"async\" class=\"size-full wp-image-10403 aligncenter\" src=\"https:\/\/olu-limburg.de\/wp-content\/uploads\/2016\/10\/P1000427_ergebnis.jpg\" alt=\"P1000427_ergebnis\" width=\"800\" height=\"600\" srcset=\"https:\/\/olu-limburg.de\/wp-content\/uploads\/2016\/10\/P1000427_ergebnis.jpg 800w, https:\/\/olu-limburg.de\/wp-content\/uploads\/2016\/10\/P1000427_ergebnis-300x225.jpg 300w, https:\/\/olu-limburg.de\/wp-content\/uploads\/2016\/10\/P1000427_ergebnis-768x576.jpg 768w, https:\/\/olu-limburg.de\/wp-content\/uploads\/2016\/10\/P1000427_ergebnis-624x468.jpg 624w\" sizes=\"auto, (max-width: 800px) 100vw, 800px\" \/><\/a><\/p>\n<p>Der Abstecher zum Capo Ferrato hat sich nicht gelohnt. Der dortige Stellplatz unter den Pinien ist sehr einsam und kostet in der Saison EUR 10,00\/Nacht. Jetzt ist er kostenlos, aber auch trostlos.<\/p>\n<p><a href=\"https:\/\/olu-limburg.de\/wp-content\/uploads\/2016\/10\/DSC04314_ergebnis.jpg\"><img loading=\"lazy\" decoding=\"async\" class=\"size-full wp-image-9855 aligncenter\" src=\"https:\/\/olu-limburg.de\/wp-content\/uploads\/2016\/10\/DSC04314_ergebnis.jpg\" alt=\"DSC04314_ergebnis\" width=\"800\" height=\"600\" srcset=\"https:\/\/olu-limburg.de\/wp-content\/uploads\/2016\/10\/DSC04314_ergebnis.jpg 800w, https:\/\/olu-limburg.de\/wp-content\/uploads\/2016\/10\/DSC04314_ergebnis-300x225.jpg 300w, https:\/\/olu-limburg.de\/wp-content\/uploads\/2016\/10\/DSC04314_ergebnis-768x576.jpg 768w, https:\/\/olu-limburg.de\/wp-content\/uploads\/2016\/10\/DSC04314_ergebnis-624x468.jpg 624w\" sizes=\"auto, (max-width: 800px) 100vw, 800px\" \/><\/a><\/p>\n<div id=\"attachment_9856\" style=\"width: 810px\" class=\"wp-caption aligncenter\"><a href=\"https:\/\/olu-limburg.de\/wp-content\/uploads\/2016\/10\/DSC04315_ergebnis.jpg\"><img loading=\"lazy\" decoding=\"async\" aria-describedby=\"caption-attachment-9856\" class=\"wp-image-9856 size-full\" src=\"https:\/\/olu-limburg.de\/wp-content\/uploads\/2016\/10\/DSC04315_ergebnis.jpg\" alt=\"DSC04315_ergebnis\" width=\"800\" height=\"600\" srcset=\"https:\/\/olu-limburg.de\/wp-content\/uploads\/2016\/10\/DSC04315_ergebnis.jpg 800w, https:\/\/olu-limburg.de\/wp-content\/uploads\/2016\/10\/DSC04315_ergebnis-300x225.jpg 300w, https:\/\/olu-limburg.de\/wp-content\/uploads\/2016\/10\/DSC04315_ergebnis-768x576.jpg 768w, https:\/\/olu-limburg.de\/wp-content\/uploads\/2016\/10\/DSC04315_ergebnis-624x468.jpg 624w\" sizes=\"auto, (max-width: 800px) 100vw, 800px\" \/><\/a><p id=\"caption-attachment-9856\" class=\"wp-caption-text\">Viehtr\u00e4nken<\/p><\/div>\n<div id=\"attachment_9857\" style=\"width: 810px\" class=\"wp-caption aligncenter\"><a href=\"https:\/\/olu-limburg.de\/wp-content\/uploads\/2016\/10\/DSC04318_ergebnis.jpg\"><img loading=\"lazy\" decoding=\"async\" aria-describedby=\"caption-attachment-9857\" class=\"size-full wp-image-9857\" src=\"https:\/\/olu-limburg.de\/wp-content\/uploads\/2016\/10\/DSC04318_ergebnis.jpg\" alt=\"Salzwiesen am Capo Ferrato\" width=\"800\" height=\"600\" srcset=\"https:\/\/olu-limburg.de\/wp-content\/uploads\/2016\/10\/DSC04318_ergebnis.jpg 800w, https:\/\/olu-limburg.de\/wp-content\/uploads\/2016\/10\/DSC04318_ergebnis-300x225.jpg 300w, https:\/\/olu-limburg.de\/wp-content\/uploads\/2016\/10\/DSC04318_ergebnis-768x576.jpg 768w, https:\/\/olu-limburg.de\/wp-content\/uploads\/2016\/10\/DSC04318_ergebnis-624x468.jpg 624w\" sizes=\"auto, (max-width: 800px) 100vw, 800px\" \/><\/a><p id=\"caption-attachment-9857\" class=\"wp-caption-text\">Salzwiesen am Capo Ferrato<\/p><\/div>\n<p>Pl\u00f6tzlich ver\u00e4ndert sich die normale Landstra\u00dfe in eine Prachtallee, die schnurgerade auf ein riesiges Geb\u00e4ude zul\u00e4uft. Rechterhand ist eine kleine Kirche, die dem Heiligen Basilide geweiht ist, einem r\u00f6mischen Legion\u00e4r, der zum christlichen Glauben \u00fcbertrat, und eine Tankstelle. Links befinden sich zwei H\u00e4user gleichen Stils wie der gro\u00dfe Bau. In dem Einen befindet sich jetzt im Erdgescho\u00df ein Restaurant. Ansonsten ist alles totenstill. Das gro\u00dfe Geb\u00e4ude entpuppt sich bei n\u00e4herem Hinsehen als &#8222;Colonia Penale&#8220; aus dem 19. Jhdt., also einer Strafkolonie, deren Insassen zur Zwangsarbeit herangezogen wurden.<\/p>\n<p><a href=\"https:\/\/olu-limburg.de\/wp-content\/uploads\/2016\/10\/DSC04324_ergebnis.jpg\"><img loading=\"lazy\" decoding=\"async\" class=\"size-full wp-image-9861 aligncenter\" src=\"https:\/\/olu-limburg.de\/wp-content\/uploads\/2016\/10\/DSC04324_ergebnis.jpg\" alt=\"DSC04324_ergebnis\" width=\"800\" height=\"600\" srcset=\"https:\/\/olu-limburg.de\/wp-content\/uploads\/2016\/10\/DSC04324_ergebnis.jpg 800w, https:\/\/olu-limburg.de\/wp-content\/uploads\/2016\/10\/DSC04324_ergebnis-300x225.jpg 300w, https:\/\/olu-limburg.de\/wp-content\/uploads\/2016\/10\/DSC04324_ergebnis-768x576.jpg 768w, https:\/\/olu-limburg.de\/wp-content\/uploads\/2016\/10\/DSC04324_ergebnis-624x468.jpg 624w\" sizes=\"auto, (max-width: 800px) 100vw, 800px\" \/><\/a><\/p>\n<p><a href=\"https:\/\/olu-limburg.de\/wp-content\/uploads\/2016\/10\/DSC04320_ergebnis.jpg\"><img loading=\"lazy\" decoding=\"async\" class=\"size-full wp-image-9858 aligncenter\" src=\"https:\/\/olu-limburg.de\/wp-content\/uploads\/2016\/10\/DSC04320_ergebnis.jpg\" alt=\"DSC04320_ergebnis\" width=\"800\" height=\"600\" srcset=\"https:\/\/olu-limburg.de\/wp-content\/uploads\/2016\/10\/DSC04320_ergebnis.jpg 800w, https:\/\/olu-limburg.de\/wp-content\/uploads\/2016\/10\/DSC04320_ergebnis-300x225.jpg 300w, https:\/\/olu-limburg.de\/wp-content\/uploads\/2016\/10\/DSC04320_ergebnis-768x576.jpg 768w, https:\/\/olu-limburg.de\/wp-content\/uploads\/2016\/10\/DSC04320_ergebnis-624x468.jpg 624w\" sizes=\"auto, (max-width: 800px) 100vw, 800px\" \/><\/a><\/p>\n<p><a href=\"https:\/\/olu-limburg.de\/wp-content\/uploads\/2016\/10\/DSC04322_ergebnis.jpg\"><img loading=\"lazy\" decoding=\"async\" class=\"size-full wp-image-9859 aligncenter\" src=\"https:\/\/olu-limburg.de\/wp-content\/uploads\/2016\/10\/DSC04322_ergebnis.jpg\" alt=\"DSC04322_ergebnis\" width=\"800\" height=\"600\" srcset=\"https:\/\/olu-limburg.de\/wp-content\/uploads\/2016\/10\/DSC04322_ergebnis.jpg 800w, https:\/\/olu-limburg.de\/wp-content\/uploads\/2016\/10\/DSC04322_ergebnis-300x225.jpg 300w, https:\/\/olu-limburg.de\/wp-content\/uploads\/2016\/10\/DSC04322_ergebnis-768x576.jpg 768w, https:\/\/olu-limburg.de\/wp-content\/uploads\/2016\/10\/DSC04322_ergebnis-624x468.jpg 624w\" sizes=\"auto, (max-width: 800px) 100vw, 800px\" \/><\/a><\/p>\n<p>Kurze Zeit sp\u00e4ter erreichen wir <em>Cala di Sinzias<\/em>. Hier soll es am Strand <em>Tamatete<\/em> einen Parkplatz zum \u00dcbernachten geben. Von der Stra\u00dfe f\u00fchrt noch ein breiter Schotterweg zum Strand, und schon sehen wir vor uns die &#8222;wei\u00dfen D\u00e4cher&#8220;. Es ist ein sehr unebener aber gut besuchter Platz.<\/p>\n<p>An dem Fu\u00dfweg zum Strand und auf den darunterliegenden Wiesen ist alles mit PKW zugeparkt. In der Beach-Bar wird bis in die Nacht eine Hochzeit gefeiert. So etwas hatten wir schon einmal auf Chalkidiki in Griechenland. F\u00fcr uns bedeutet dies, Self-Service ist bei der Verpflegung angesagt. Wir nutzen den nahen Strand und erfrischen uns im Meer.<\/p>\n<p><a href=\"https:\/\/olu-limburg.de\/wp-content\/uploads\/2016\/10\/DSC04328_ergebnis.jpg\"><img loading=\"lazy\" decoding=\"async\" class=\"size-full wp-image-9863 aligncenter\" src=\"https:\/\/olu-limburg.de\/wp-content\/uploads\/2016\/10\/DSC04328_ergebnis.jpg\" alt=\"DSC04328_ergebnis\" width=\"800\" height=\"600\" srcset=\"https:\/\/olu-limburg.de\/wp-content\/uploads\/2016\/10\/DSC04328_ergebnis.jpg 800w, https:\/\/olu-limburg.de\/wp-content\/uploads\/2016\/10\/DSC04328_ergebnis-300x225.jpg 300w, https:\/\/olu-limburg.de\/wp-content\/uploads\/2016\/10\/DSC04328_ergebnis-768x576.jpg 768w, https:\/\/olu-limburg.de\/wp-content\/uploads\/2016\/10\/DSC04328_ergebnis-624x468.jpg 624w\" sizes=\"auto, (max-width: 800px) 100vw, 800px\" \/><\/a><\/p>\n<p><a href=\"https:\/\/olu-limburg.de\/wp-content\/uploads\/2016\/10\/DSC04327_ergebnis.jpg\"><img loading=\"lazy\" decoding=\"async\" class=\"size-full wp-image-9862 aligncenter\" src=\"https:\/\/olu-limburg.de\/wp-content\/uploads\/2016\/10\/DSC04327_ergebnis.jpg\" alt=\"DSC04327_ergebnis\" width=\"800\" height=\"600\" srcset=\"https:\/\/olu-limburg.de\/wp-content\/uploads\/2016\/10\/DSC04327_ergebnis.jpg 800w, https:\/\/olu-limburg.de\/wp-content\/uploads\/2016\/10\/DSC04327_ergebnis-300x225.jpg 300w, https:\/\/olu-limburg.de\/wp-content\/uploads\/2016\/10\/DSC04327_ergebnis-768x576.jpg 768w, https:\/\/olu-limburg.de\/wp-content\/uploads\/2016\/10\/DSC04327_ergebnis-624x468.jpg 624w\" sizes=\"auto, (max-width: 800px) 100vw, 800px\" \/><\/a><\/p>\n<p><a href=\"https:\/\/olu-limburg.de\/wp-content\/uploads\/2016\/10\/DSC04329_ergebnis.jpg\"><img loading=\"lazy\" decoding=\"async\" class=\"size-full wp-image-9864 aligncenter\" src=\"https:\/\/olu-limburg.de\/wp-content\/uploads\/2016\/10\/DSC04329_ergebnis.jpg\" alt=\"DSC04329_ergebnis\" width=\"800\" height=\"600\" srcset=\"https:\/\/olu-limburg.de\/wp-content\/uploads\/2016\/10\/DSC04329_ergebnis.jpg 800w, https:\/\/olu-limburg.de\/wp-content\/uploads\/2016\/10\/DSC04329_ergebnis-300x225.jpg 300w, https:\/\/olu-limburg.de\/wp-content\/uploads\/2016\/10\/DSC04329_ergebnis-768x576.jpg 768w, https:\/\/olu-limburg.de\/wp-content\/uploads\/2016\/10\/DSC04329_ergebnis-624x468.jpg 624w\" sizes=\"auto, (max-width: 800px) 100vw, 800px\" \/><\/a><\/p>\n<p>Am Sp\u00e4tnachmittag kommt noch ein Bauer vorbei, der Schafsk\u00e4se verkaufen m\u00f6chte. Es bedarf einer langwierigen Verhandlung \u00fcber Maxigr\u00f6\u00dfen von K\u00e4se mit utopischen Preisen, und einer Beendigung des Verkaufsgespr\u00e4ches von meiner Seite aus, bis wir uns auf eine f\u00fcr uns ausreichende Menge und auf einen, wie ich denke, normalen Preis einigen k\u00f6nnen.<\/p>\n<p><a href=\"https:\/\/olu-limburg.de\/wp-content\/uploads\/2016\/10\/P1000441_ergebnis-e1482165574689.jpg\"><img loading=\"lazy\" decoding=\"async\" class=\"size-full wp-image-10404 aligncenter\" src=\"https:\/\/olu-limburg.de\/wp-content\/uploads\/2016\/10\/P1000441_ergebnis-e1482165574689.jpg\" alt=\"P1000441_ergebnis\" width=\"450\" height=\"600\" \/><\/a><\/p>\n<p>Abends sitzen wir noch lange drau\u00dfen, bis uns die M\u00fccken vertreiben. Unsere italienischen Nachbarn haben in den Stunden vorher eifrig Brennholz aus den umliegenden W\u00e4ldern herangeschleift, und mit Hilfe einer gro\u00dfen Tonnen ein Lagerfeuer gemacht, um das sie sich noch etwas l\u00e4nger geschart haben.<\/p>\n<div id=\"attachment_9865\" style=\"width: 460px\" class=\"wp-caption aligncenter\"><a href=\"https:\/\/olu-limburg.de\/wp-content\/uploads\/2016\/10\/DSC04331_ergebnis-e1479399754288.jpg\"><img loading=\"lazy\" decoding=\"async\" aria-describedby=\"caption-attachment-9865\" class=\"size-full wp-image-9865\" src=\"https:\/\/olu-limburg.de\/wp-content\/uploads\/2016\/10\/DSC04331_ergebnis-e1479399754288.jpg\" alt=\"das sardische Bier\" width=\"450\" height=\"600\" \/><\/a><p id=\"caption-attachment-9865\" class=\"wp-caption-text\">das sardische Bier<\/p><\/div>\n<p><a href=\"https:\/\/olu-limburg.de\/wp-content\/uploads\/2016\/10\/DSC04335_ergebnis.jpg\"><img loading=\"lazy\" decoding=\"async\" class=\"size-full wp-image-9867 aligncenter\" src=\"https:\/\/olu-limburg.de\/wp-content\/uploads\/2016\/10\/DSC04335_ergebnis.jpg\" alt=\"DSC04335_ergebnis\" width=\"800\" height=\"600\" srcset=\"https:\/\/olu-limburg.de\/wp-content\/uploads\/2016\/10\/DSC04335_ergebnis.jpg 800w, https:\/\/olu-limburg.de\/wp-content\/uploads\/2016\/10\/DSC04335_ergebnis-300x225.jpg 300w, https:\/\/olu-limburg.de\/wp-content\/uploads\/2016\/10\/DSC04335_ergebnis-768x576.jpg 768w, https:\/\/olu-limburg.de\/wp-content\/uploads\/2016\/10\/DSC04335_ergebnis-624x468.jpg 624w\" sizes=\"auto, (max-width: 800px) 100vw, 800px\" \/><\/a><\/p>\n<p><a href=\"https:\/\/olu-limburg.de\/wp-content\/uploads\/2016\/10\/DSC04334_ergebnis.jpg\"><img loading=\"lazy\" decoding=\"async\" class=\"size-full wp-image-9866 aligncenter\" src=\"https:\/\/olu-limburg.de\/wp-content\/uploads\/2016\/10\/DSC04334_ergebnis.jpg\" alt=\"DSC04334_ergebnis\" width=\"800\" height=\"600\" srcset=\"https:\/\/olu-limburg.de\/wp-content\/uploads\/2016\/10\/DSC04334_ergebnis.jpg 800w, https:\/\/olu-limburg.de\/wp-content\/uploads\/2016\/10\/DSC04334_ergebnis-300x225.jpg 300w, https:\/\/olu-limburg.de\/wp-content\/uploads\/2016\/10\/DSC04334_ergebnis-768x576.jpg 768w, https:\/\/olu-limburg.de\/wp-content\/uploads\/2016\/10\/DSC04334_ergebnis-624x468.jpg 624w\" sizes=\"auto, (max-width: 800px) 100vw, 800px\" \/><\/a><\/p>\n<p>In der Nacht haben wir ein kurzes aber heftiges Gewitter mit einem ebensolchen Regenschutt.<\/p>\n<p>Tagesstrecke: 61 km<\/p>\n<p>&nbsp;<\/p>\n<p><strong>Sonntag, 25.09.2016<\/strong><\/p>\n<p>Es ist bew\u00f6lkt, und bei unserer Fahrt entlang der K\u00fcste, wir klettern immer h\u00f6her, um dann wieder steil hinab zu fahren, f\u00e4ngt es an zu regnen. In Villasimius werden wir um das Zentrum herum geleitet. Wir versuchen nochmal zum Strand und zum Stellplatz zu kommen. Durch den Regen und die tiefen Furchen auf den nicht befestigten Stra\u00dfen sieht aber alles nicht sehr ansprechend aus.<\/p>\n<p>Auf der K\u00fcstenstra\u00dfe geht es mal wieder bergauf. So gelangen wir zu einem Aussichtspunkt, von wo wir die sch\u00f6nen Str\u00e4nde von Villasimius und das Capo Carbonara sehen k\u00f6nnen.<\/p>\n<p><a href=\"https:\/\/olu-limburg.de\/wp-content\/uploads\/2016\/10\/DSC04341_ergebnis.jpg\"><img loading=\"lazy\" decoding=\"async\" class=\"size-full wp-image-9871 aligncenter\" src=\"https:\/\/olu-limburg.de\/wp-content\/uploads\/2016\/10\/DSC04341_ergebnis.jpg\" alt=\"DSC04341_ergebnis\" width=\"800\" height=\"600\" srcset=\"https:\/\/olu-limburg.de\/wp-content\/uploads\/2016\/10\/DSC04341_ergebnis.jpg 800w, https:\/\/olu-limburg.de\/wp-content\/uploads\/2016\/10\/DSC04341_ergebnis-300x225.jpg 300w, https:\/\/olu-limburg.de\/wp-content\/uploads\/2016\/10\/DSC04341_ergebnis-768x576.jpg 768w, https:\/\/olu-limburg.de\/wp-content\/uploads\/2016\/10\/DSC04341_ergebnis-624x468.jpg 624w\" sizes=\"auto, (max-width: 800px) 100vw, 800px\" \/><\/a><\/p>\n<p>Mittlerweile hat es aufgeklart, und als wir bei Solanas von oben in die weite Bucht schauen, sehen wir unter uns Wohnmobile am Strand stehen. Sofort kommt uns der Gedanke, dass dort unser Tagesziel liegt. Durch Ferienh\u00e4user und sonst nichts, gelangen wir zu dem Parkplatz. Vor uns liegt ein wundersch\u00f6ner Sandstrand, klares Wasser und eine nahe Strandbar.<\/p>\n<p><a href=\"https:\/\/olu-limburg.de\/wp-content\/uploads\/2016\/10\/DSC04343_ergebnis-1.jpg\"><img loading=\"lazy\" decoding=\"async\" class=\"size-full wp-image-9872 aligncenter\" src=\"https:\/\/olu-limburg.de\/wp-content\/uploads\/2016\/10\/DSC04343_ergebnis-1.jpg\" alt=\"DSC04343_ergebnis\" width=\"800\" height=\"600\" srcset=\"https:\/\/olu-limburg.de\/wp-content\/uploads\/2016\/10\/DSC04343_ergebnis-1.jpg 800w, https:\/\/olu-limburg.de\/wp-content\/uploads\/2016\/10\/DSC04343_ergebnis-1-300x225.jpg 300w, https:\/\/olu-limburg.de\/wp-content\/uploads\/2016\/10\/DSC04343_ergebnis-1-768x576.jpg 768w, https:\/\/olu-limburg.de\/wp-content\/uploads\/2016\/10\/DSC04343_ergebnis-1-624x468.jpg 624w\" sizes=\"auto, (max-width: 800px) 100vw, 800px\" \/><\/a><\/p>\n<p>Auf der Suche nach einem Restaurant durchstreifen wir so viele Stra\u00dfen, aber leider ohne Erfolg. Zwei Restaurants waren zu und ansonsten gibt es hier nur Ferienh\u00e4user. Letztendlich werden wir bei &#8222;unserer&#8220; Strandbar f\u00fcndig. Wir essen eine sardische Vorspeisenplatte und ein Nudelgericht. Alles gut!<\/p>\n<p><a href=\"https:\/\/olu-limburg.de\/wp-content\/uploads\/2016\/10\/DSC04344_ergebnis.jpg\"><img loading=\"lazy\" decoding=\"async\" class=\"size-full wp-image-9873 aligncenter\" src=\"https:\/\/olu-limburg.de\/wp-content\/uploads\/2016\/10\/DSC04344_ergebnis.jpg\" alt=\"DSC04344_ergebnis\" width=\"800\" height=\"600\" srcset=\"https:\/\/olu-limburg.de\/wp-content\/uploads\/2016\/10\/DSC04344_ergebnis.jpg 800w, https:\/\/olu-limburg.de\/wp-content\/uploads\/2016\/10\/DSC04344_ergebnis-300x225.jpg 300w, https:\/\/olu-limburg.de\/wp-content\/uploads\/2016\/10\/DSC04344_ergebnis-768x576.jpg 768w, https:\/\/olu-limburg.de\/wp-content\/uploads\/2016\/10\/DSC04344_ergebnis-624x468.jpg 624w\" sizes=\"auto, (max-width: 800px) 100vw, 800px\" \/><\/a><\/p>\n<p><a href=\"https:\/\/olu-limburg.de\/wp-content\/uploads\/2016\/10\/DSC04345_ergebnis.jpg\"><img loading=\"lazy\" decoding=\"async\" class=\"size-full wp-image-9874 aligncenter\" src=\"https:\/\/olu-limburg.de\/wp-content\/uploads\/2016\/10\/DSC04345_ergebnis.jpg\" alt=\"DSC04345_ergebnis\" width=\"800\" height=\"600\" srcset=\"https:\/\/olu-limburg.de\/wp-content\/uploads\/2016\/10\/DSC04345_ergebnis.jpg 800w, https:\/\/olu-limburg.de\/wp-content\/uploads\/2016\/10\/DSC04345_ergebnis-300x225.jpg 300w, https:\/\/olu-limburg.de\/wp-content\/uploads\/2016\/10\/DSC04345_ergebnis-768x576.jpg 768w, https:\/\/olu-limburg.de\/wp-content\/uploads\/2016\/10\/DSC04345_ergebnis-624x468.jpg 624w\" sizes=\"auto, (max-width: 800px) 100vw, 800px\" \/><\/a><\/p>\n<p><a href=\"https:\/\/olu-limburg.de\/wp-content\/uploads\/2016\/10\/DSC04359_ergebnis.jpg\"><img loading=\"lazy\" decoding=\"async\" class=\"size-full wp-image-9878 aligncenter\" src=\"https:\/\/olu-limburg.de\/wp-content\/uploads\/2016\/10\/DSC04359_ergebnis.jpg\" alt=\"DSC04359_ergebnis\" width=\"800\" height=\"600\" srcset=\"https:\/\/olu-limburg.de\/wp-content\/uploads\/2016\/10\/DSC04359_ergebnis.jpg 800w, https:\/\/olu-limburg.de\/wp-content\/uploads\/2016\/10\/DSC04359_ergebnis-300x225.jpg 300w, https:\/\/olu-limburg.de\/wp-content\/uploads\/2016\/10\/DSC04359_ergebnis-768x576.jpg 768w, https:\/\/olu-limburg.de\/wp-content\/uploads\/2016\/10\/DSC04359_ergebnis-624x468.jpg 624w\" sizes=\"auto, (max-width: 800px) 100vw, 800px\" \/><\/a><\/p>\n<p>Danach zieht es uns ins Wasser &#8211; warm, klar und vollkommen ruhig. Hier kann man in aller Ruhe entlang des Strandes seine Bahnen schwimmen. Es ist eine herrliche Stille rund herum.<\/p>\n<p><a href=\"https:\/\/olu-limburg.de\/wp-content\/uploads\/2016\/10\/DSC04346_ergebnis.jpg\"><img loading=\"lazy\" decoding=\"async\" class=\"size-full wp-image-9875 aligncenter\" src=\"https:\/\/olu-limburg.de\/wp-content\/uploads\/2016\/10\/DSC04346_ergebnis.jpg\" alt=\"DSC04346_ergebnis\" width=\"800\" height=\"600\" srcset=\"https:\/\/olu-limburg.de\/wp-content\/uploads\/2016\/10\/DSC04346_ergebnis.jpg 800w, https:\/\/olu-limburg.de\/wp-content\/uploads\/2016\/10\/DSC04346_ergebnis-300x225.jpg 300w, https:\/\/olu-limburg.de\/wp-content\/uploads\/2016\/10\/DSC04346_ergebnis-768x576.jpg 768w, https:\/\/olu-limburg.de\/wp-content\/uploads\/2016\/10\/DSC04346_ergebnis-624x468.jpg 624w\" sizes=\"auto, (max-width: 800px) 100vw, 800px\" \/><\/a><\/p>\n<p><a href=\"https:\/\/olu-limburg.de\/wp-content\/uploads\/2016\/10\/DSC04350_ergebnis.jpg\"><img loading=\"lazy\" decoding=\"async\" class=\"size-full wp-image-9876 aligncenter\" src=\"https:\/\/olu-limburg.de\/wp-content\/uploads\/2016\/10\/DSC04350_ergebnis.jpg\" alt=\"DSC04350_ergebnis\" width=\"800\" height=\"600\" srcset=\"https:\/\/olu-limburg.de\/wp-content\/uploads\/2016\/10\/DSC04350_ergebnis.jpg 800w, https:\/\/olu-limburg.de\/wp-content\/uploads\/2016\/10\/DSC04350_ergebnis-300x225.jpg 300w, https:\/\/olu-limburg.de\/wp-content\/uploads\/2016\/10\/DSC04350_ergebnis-768x576.jpg 768w, https:\/\/olu-limburg.de\/wp-content\/uploads\/2016\/10\/DSC04350_ergebnis-624x468.jpg 624w\" sizes=\"auto, (max-width: 800px) 100vw, 800px\" \/><\/a><\/p>\n<p><a href=\"https:\/\/olu-limburg.de\/wp-content\/uploads\/2016\/10\/DSC04358_ergebnis.jpg\"><img loading=\"lazy\" decoding=\"async\" class=\"size-full wp-image-9877 aligncenter\" src=\"https:\/\/olu-limburg.de\/wp-content\/uploads\/2016\/10\/DSC04358_ergebnis.jpg\" alt=\"DSC04358_ergebnis\" width=\"800\" height=\"600\" srcset=\"https:\/\/olu-limburg.de\/wp-content\/uploads\/2016\/10\/DSC04358_ergebnis.jpg 800w, https:\/\/olu-limburg.de\/wp-content\/uploads\/2016\/10\/DSC04358_ergebnis-300x225.jpg 300w, https:\/\/olu-limburg.de\/wp-content\/uploads\/2016\/10\/DSC04358_ergebnis-768x576.jpg 768w, https:\/\/olu-limburg.de\/wp-content\/uploads\/2016\/10\/DSC04358_ergebnis-624x468.jpg 624w\" sizes=\"auto, (max-width: 800px) 100vw, 800px\" \/><\/a><\/p>\n<p><a href=\"https:\/\/olu-limburg.de\/wp-content\/uploads\/2016\/10\/DSC04371_ergebnis.jpg\"><img loading=\"lazy\" decoding=\"async\" class=\"size-full wp-image-9879 aligncenter\" src=\"https:\/\/olu-limburg.de\/wp-content\/uploads\/2016\/10\/DSC04371_ergebnis.jpg\" alt=\"DSC04371_ergebnis\" width=\"800\" height=\"600\" srcset=\"https:\/\/olu-limburg.de\/wp-content\/uploads\/2016\/10\/DSC04371_ergebnis.jpg 800w, https:\/\/olu-limburg.de\/wp-content\/uploads\/2016\/10\/DSC04371_ergebnis-300x225.jpg 300w, https:\/\/olu-limburg.de\/wp-content\/uploads\/2016\/10\/DSC04371_ergebnis-768x576.jpg 768w, https:\/\/olu-limburg.de\/wp-content\/uploads\/2016\/10\/DSC04371_ergebnis-624x468.jpg 624w\" sizes=\"auto, (max-width: 800px) 100vw, 800px\" \/><\/a><\/p>\n<p><a href=\"https:\/\/olu-limburg.de\/wp-content\/uploads\/2016\/10\/P1000456_ergebnis.jpg\"><img loading=\"lazy\" decoding=\"async\" class=\"size-full wp-image-10406 aligncenter\" src=\"https:\/\/olu-limburg.de\/wp-content\/uploads\/2016\/10\/P1000456_ergebnis.jpg\" alt=\"P1000456_ergebnis\" width=\"800\" height=\"600\" srcset=\"https:\/\/olu-limburg.de\/wp-content\/uploads\/2016\/10\/P1000456_ergebnis.jpg 800w, https:\/\/olu-limburg.de\/wp-content\/uploads\/2016\/10\/P1000456_ergebnis-300x225.jpg 300w, https:\/\/olu-limburg.de\/wp-content\/uploads\/2016\/10\/P1000456_ergebnis-768x576.jpg 768w, https:\/\/olu-limburg.de\/wp-content\/uploads\/2016\/10\/P1000456_ergebnis-624x468.jpg 624w\" sizes=\"auto, (max-width: 800px) 100vw, 800px\" \/><\/a><\/p>\n<p><a href=\"https:\/\/olu-limburg.de\/wp-content\/uploads\/2016\/10\/DSC04374_ergebnis.jpg\"><img loading=\"lazy\" decoding=\"async\" class=\"size-full wp-image-9880 aligncenter\" src=\"https:\/\/olu-limburg.de\/wp-content\/uploads\/2016\/10\/DSC04374_ergebnis.jpg\" alt=\"DSC04374_ergebnis\" width=\"800\" height=\"600\" srcset=\"https:\/\/olu-limburg.de\/wp-content\/uploads\/2016\/10\/DSC04374_ergebnis.jpg 800w, https:\/\/olu-limburg.de\/wp-content\/uploads\/2016\/10\/DSC04374_ergebnis-300x225.jpg 300w, https:\/\/olu-limburg.de\/wp-content\/uploads\/2016\/10\/DSC04374_ergebnis-768x576.jpg 768w, https:\/\/olu-limburg.de\/wp-content\/uploads\/2016\/10\/DSC04374_ergebnis-624x468.jpg 624w\" sizes=\"auto, (max-width: 800px) 100vw, 800px\" \/><\/a><\/p>\n<p>Tagesstrecke: 33 km<\/p>\n<p>&nbsp;<\/p>\n<p><strong>Montag, 26.09.2016<\/strong><\/p>\n<p>Schweren Herzens verlassen wir den sch\u00f6nen Strand, und als wir die Hauptstra\u00dfe erreichen, sehen wir dort ein Restaurant und einen Weinh\u00e4ndler mit offenen Weinen. Wir umrunden den Golfo di Cagliari, wobei die Umfahrung von Cagliari durch die vielen Ampeln zwar etwas nervig ist, aber trotzdem einfacher als erwartet vonstatten geht. Auf der anderen Stadtseite fahren wir am Flughafen vorbei, und durchqueren ein riesiges Gebiet mit Industrie, da\u00df sich an den Lagunen, wo sich zur Zeit die Flamingos aufhalten, entlang zieht.<\/p>\n<p>Bei Pula verlassen wir die alte Hauptstra\u00dfe, wir sind nicht auf die neue SS 195 gewechselt, und parken nahe des Ortskerns von Pula direkt rechts hinter der Br\u00fccke auf dem gro\u00dfen Parkplatz beim Stadion.<\/p>\n<p>Bei der Anfahrt dorthin haben wir schon von weitem links von uns ein gro\u00dfes Schild &#8222;Zio Dino &#8211; Restaurant&#8220; \u00fcber den D\u00e4chern von Pula schweben sehen. Dort wollen wir hin. Doch leider sieht es treppauf zu dem Restaurant sehr mau aus. Wir stehen vor einem verschlossenen Zugang und viele Werbebl\u00e4tter liegen auf dem Boden. Hinter uns ruft aber schon ein \u00e4lterer Herr mit K\u00fcchensch\u00fcrze, dass wir in die Bar hinein kommen sollen. Es ist Dino, der mit seiner ganzen Familie: Frau, Sohn und Schwiegertochter, Bar und Restaurant betreibt. Und ausserhalb der Hochsaison ist halt nur die Bar auf. Sie ist ein wenig duster und der Fernseher l\u00e4uft. An einem anderen Tisch sitzen \u00e4ltere M\u00e4nner bei einem Glas Wein.<\/p>\n<p><a href=\"https:\/\/olu-limburg.de\/wp-content\/uploads\/2016\/10\/DSC04385_ergebnis-1-e1479484906190.jpg\"><img loading=\"lazy\" decoding=\"async\" class=\"size-full wp-image-9928 aligncenter\" src=\"https:\/\/olu-limburg.de\/wp-content\/uploads\/2016\/10\/DSC04385_ergebnis-1-e1479484906190.jpg\" alt=\"DSC04385_ergebnis\" width=\"450\" height=\"600\" \/><\/a><\/p>\n<p>Dino kommt sofort zu uns an den Tisch und erkl\u00e4rt uns das Men\u00fc-Terra f\u00fcr EUR 15,00. Wir entscheiden uns f\u00fcr<\/p>\n<p>Primo: Maloreddus mit Salsicciaso\u00dfe<\/p>\n<p>Secondo: Salsicciaschnecke bzw. Schweinekotelett<\/p>\n<p>und Salat<\/p>\n<p>incl. Wein, Wasser und Caff\u00e9<\/p>\n<p>Dino ist sehr zufrieden mit unserer Wahl und zieht frohgelaunt vondannen.<\/p>\n<p>&nbsp;<\/p>\n<p>Das Essen ist hervorragend, wahrscheinlich steht die Nonna (Oma) in der K\u00fcche. Die Bezeichnung &#8222;satt&#8220; ist f\u00fcr unser Befinden eigentlich nicht der richtige Ausdruck, es ist mehr als satt. Zur Verdauung trinken wir unseren ersten Mirto. Dieser sardische Myrten-Lik\u00f6r wird uns in einem geeisten Glas serviert, und in dem Eis steckt ein kleiner Myrtenzweig.<\/p>\n<p><a href=\"https:\/\/olu-limburg.de\/wp-content\/uploads\/2016\/10\/DSC04382_ergebnis-e1479484363426.jpg\"><img loading=\"lazy\" decoding=\"async\" class=\"size-full wp-image-9884 aligncenter\" src=\"https:\/\/olu-limburg.de\/wp-content\/uploads\/2016\/10\/DSC04382_ergebnis-e1479484363426.jpg\" alt=\"DSC04382_ergebnis\" width=\"450\" height=\"600\" \/><\/a><\/p>\n<p>Nachdem wir uns etwas ausgeruht haben, fahren wir auf eine Landzunge vor Pula zu den Ausgrabungen von Nora. Der Palmenparkplatz kostet EUR 1,00\/Std.. Die Ausgrabungen selbst kann man nur mit einer F\u00fchrung besichtigen.<\/p>\n<p>Bei der Ruinenstadt Nora handelt es sich um \u00dcberreste eines ph\u00f6nizischen Hafens. Etwa 1.000 v. Chr., als die Nuraghenkultur ihre Bl\u00fctezeit hatte, kamen die Ph\u00f6nizier \u00fcbers Meer und siedelten an strategisch g\u00fcnstigen Punkten im S\u00fcden Sardiniens um einen Handel mit dem Volk der Nuraghen aufzubauen. Sp\u00e4ter \u00fcbernahmen die Punier die Stadt, bevor sie dann ab 238 v. Chr. von den R\u00f6mern weiter ausgebaut wurde. Die Bl\u00fctezeit Noras war etwa im 2. bzw. 3. Hdt. nach Chr. noch unter r\u00f6mischer Herrschaft. Aus dieser Zeit stammt auch ein Gro\u00dfteil der Ruinen.<\/p>\n<p>Bis wir uns auf den Fu\u00dfweg zum Eingang der Ausgrabungen machen, hat sich der Himmel total zugezogen. Schwere Regenwolken breiten sich aus.<\/p>\n<p><a href=\"https:\/\/olu-limburg.de\/wp-content\/uploads\/2016\/10\/DSC04389_ergebnis.jpg\"><img loading=\"lazy\" decoding=\"async\" class=\"size-full wp-image-9888 aligncenter\" src=\"https:\/\/olu-limburg.de\/wp-content\/uploads\/2016\/10\/DSC04389_ergebnis.jpg\" alt=\"DSC04389_ergebnis\" width=\"800\" height=\"600\" srcset=\"https:\/\/olu-limburg.de\/wp-content\/uploads\/2016\/10\/DSC04389_ergebnis.jpg 800w, https:\/\/olu-limburg.de\/wp-content\/uploads\/2016\/10\/DSC04389_ergebnis-300x225.jpg 300w, https:\/\/olu-limburg.de\/wp-content\/uploads\/2016\/10\/DSC04389_ergebnis-768x576.jpg 768w, https:\/\/olu-limburg.de\/wp-content\/uploads\/2016\/10\/DSC04389_ergebnis-624x468.jpg 624w\" sizes=\"auto, (max-width: 800px) 100vw, 800px\" \/><\/a><\/p>\n<p>Unsere Ausgrabungsf\u00fchrerin ist eine junge Dame, die die Erl\u00e4uterungen in rasantem italienisch und dann in englisch an uns weiter gibt.<\/p>\n<p><a href=\"https:\/\/olu-limburg.de\/wp-content\/uploads\/2016\/10\/DSC04399_ergebnis.jpg\"><img loading=\"lazy\" decoding=\"async\" class=\"size-full wp-image-9932 aligncenter\" src=\"https:\/\/olu-limburg.de\/wp-content\/uploads\/2016\/10\/DSC04399_ergebnis.jpg\" alt=\"DSC04399_ergebnis\" width=\"800\" height=\"600\" srcset=\"https:\/\/olu-limburg.de\/wp-content\/uploads\/2016\/10\/DSC04399_ergebnis.jpg 800w, https:\/\/olu-limburg.de\/wp-content\/uploads\/2016\/10\/DSC04399_ergebnis-300x225.jpg 300w, https:\/\/olu-limburg.de\/wp-content\/uploads\/2016\/10\/DSC04399_ergebnis-768x576.jpg 768w, https:\/\/olu-limburg.de\/wp-content\/uploads\/2016\/10\/DSC04399_ergebnis-624x468.jpg 624w\" sizes=\"auto, (max-width: 800px) 100vw, 800px\" \/><\/a><\/p>\n<p>In Nora haben wir es mit einer aktiven Ausgrabungsst\u00e4tte zu tuen. Dabei versucht man zur Zeit immer weiter in die tieferen Schichten und Bebauungen zu gelangen.<\/p>\n<p><a href=\"https:\/\/olu-limburg.de\/wp-content\/uploads\/2016\/10\/DSC04411_ergebnis.jpg\"><img loading=\"lazy\" decoding=\"async\" class=\"size-full wp-image-9934 aligncenter\" src=\"https:\/\/olu-limburg.de\/wp-content\/uploads\/2016\/10\/DSC04411_ergebnis.jpg\" alt=\"DSC04411_ergebnis\" width=\"800\" height=\"600\" srcset=\"https:\/\/olu-limburg.de\/wp-content\/uploads\/2016\/10\/DSC04411_ergebnis.jpg 800w, https:\/\/olu-limburg.de\/wp-content\/uploads\/2016\/10\/DSC04411_ergebnis-300x225.jpg 300w, https:\/\/olu-limburg.de\/wp-content\/uploads\/2016\/10\/DSC04411_ergebnis-768x576.jpg 768w, https:\/\/olu-limburg.de\/wp-content\/uploads\/2016\/10\/DSC04411_ergebnis-624x468.jpg 624w\" sizes=\"auto, (max-width: 800px) 100vw, 800px\" \/><\/a><\/p>\n<div id=\"attachment_9935\" style=\"width: 460px\" class=\"wp-caption aligncenter\"><a href=\"https:\/\/olu-limburg.de\/wp-content\/uploads\/2016\/10\/DSC04417_ergebnis-e1479486513473.jpg\"><img loading=\"lazy\" decoding=\"async\" aria-describedby=\"caption-attachment-9935\" class=\"size-full wp-image-9935\" src=\"https:\/\/olu-limburg.de\/wp-content\/uploads\/2016\/10\/DSC04417_ergebnis-e1479486513473.jpg\" alt=\"Jeder Grabungsfortschritt wird fotografiert und kartografiert\" width=\"450\" height=\"600\" \/><\/a><p id=\"caption-attachment-9935\" class=\"wp-caption-text\">Jeder Grabungsfortschritt wird fotografiert und kartografiert<\/p><\/div>\n<p><a href=\"https:\/\/olu-limburg.de\/wp-content\/uploads\/2016\/10\/DSC04430_ergebnis.jpg\"><img loading=\"lazy\" decoding=\"async\" class=\"size-full wp-image-9940 aligncenter\" src=\"https:\/\/olu-limburg.de\/wp-content\/uploads\/2016\/10\/DSC04430_ergebnis.jpg\" alt=\"DSC04430_ergebnis\" width=\"800\" height=\"600\" srcset=\"https:\/\/olu-limburg.de\/wp-content\/uploads\/2016\/10\/DSC04430_ergebnis.jpg 800w, https:\/\/olu-limburg.de\/wp-content\/uploads\/2016\/10\/DSC04430_ergebnis-300x225.jpg 300w, https:\/\/olu-limburg.de\/wp-content\/uploads\/2016\/10\/DSC04430_ergebnis-768x576.jpg 768w, https:\/\/olu-limburg.de\/wp-content\/uploads\/2016\/10\/DSC04430_ergebnis-624x468.jpg 624w\" sizes=\"auto, (max-width: 800px) 100vw, 800px\" \/><\/a><\/p>\n<p><a href=\"https:\/\/olu-limburg.de\/wp-content\/uploads\/2016\/10\/DSC04391_ergebnis.jpg\"><img loading=\"lazy\" decoding=\"async\" class=\"alignnone size-full wp-image-9931\" src=\"https:\/\/olu-limburg.de\/wp-content\/uploads\/2016\/10\/DSC04391_ergebnis.jpg\" alt=\"DSC04391_ergebnis\" width=\"800\" height=\"600\" srcset=\"https:\/\/olu-limburg.de\/wp-content\/uploads\/2016\/10\/DSC04391_ergebnis.jpg 800w, https:\/\/olu-limburg.de\/wp-content\/uploads\/2016\/10\/DSC04391_ergebnis-300x225.jpg 300w, https:\/\/olu-limburg.de\/wp-content\/uploads\/2016\/10\/DSC04391_ergebnis-768x576.jpg 768w, https:\/\/olu-limburg.de\/wp-content\/uploads\/2016\/10\/DSC04391_ergebnis-624x468.jpg 624w\" sizes=\"auto, (max-width: 800px) 100vw, 800px\" \/><\/a><\/p>\n<div id=\"attachment_9933\" style=\"width: 810px\" class=\"wp-caption alignnone\"><a href=\"https:\/\/olu-limburg.de\/wp-content\/uploads\/2016\/10\/DSC04410_ergebnis.jpg\"><img loading=\"lazy\" decoding=\"async\" aria-describedby=\"caption-attachment-9933\" class=\"wp-image-9933 size-full\" src=\"https:\/\/olu-limburg.de\/wp-content\/uploads\/2016\/10\/DSC04410_ergebnis.jpg\" alt=\"DSC04410_ergebnis\" width=\"800\" height=\"600\" srcset=\"https:\/\/olu-limburg.de\/wp-content\/uploads\/2016\/10\/DSC04410_ergebnis.jpg 800w, https:\/\/olu-limburg.de\/wp-content\/uploads\/2016\/10\/DSC04410_ergebnis-300x225.jpg 300w, https:\/\/olu-limburg.de\/wp-content\/uploads\/2016\/10\/DSC04410_ergebnis-768x576.jpg 768w, https:\/\/olu-limburg.de\/wp-content\/uploads\/2016\/10\/DSC04410_ergebnis-624x468.jpg 624w\" sizes=\"auto, (max-width: 800px) 100vw, 800px\" \/><\/a><p id=\"caption-attachment-9933\" class=\"wp-caption-text\">antiker Heizungsbereich der Therme am Meer<\/p><\/div>\n<div id=\"attachment_9936\" style=\"width: 810px\" class=\"wp-caption alignnone\"><a href=\"https:\/\/olu-limburg.de\/wp-content\/uploads\/2016\/10\/DSC04421_ergebnis.jpg\"><img loading=\"lazy\" decoding=\"async\" aria-describedby=\"caption-attachment-9936\" class=\"wp-image-9936 size-full\" src=\"https:\/\/olu-limburg.de\/wp-content\/uploads\/2016\/10\/DSC04421_ergebnis.jpg\" alt=\"DSC04421_ergebnis\" width=\"800\" height=\"600\" srcset=\"https:\/\/olu-limburg.de\/wp-content\/uploads\/2016\/10\/DSC04421_ergebnis.jpg 800w, https:\/\/olu-limburg.de\/wp-content\/uploads\/2016\/10\/DSC04421_ergebnis-300x225.jpg 300w, https:\/\/olu-limburg.de\/wp-content\/uploads\/2016\/10\/DSC04421_ergebnis-768x576.jpg 768w, https:\/\/olu-limburg.de\/wp-content\/uploads\/2016\/10\/DSC04421_ergebnis-624x468.jpg 624w\" sizes=\"auto, (max-width: 800px) 100vw, 800px\" \/><\/a><p id=\"caption-attachment-9936\" class=\"wp-caption-text\">Mosaikboden im Wohnhaus eines reichen R\u00f6mers<\/p><\/div>\n<div id=\"attachment_9937\" style=\"width: 810px\" class=\"wp-caption alignnone\"><a href=\"https:\/\/olu-limburg.de\/wp-content\/uploads\/2016\/10\/DSC04422_ergebnis.jpg\"><img loading=\"lazy\" decoding=\"async\" aria-describedby=\"caption-attachment-9937\" class=\"wp-image-9937 size-full\" src=\"https:\/\/olu-limburg.de\/wp-content\/uploads\/2016\/10\/DSC04422_ergebnis.jpg\" alt=\"DSC04422_ergebnis\" width=\"800\" height=\"600\" srcset=\"https:\/\/olu-limburg.de\/wp-content\/uploads\/2016\/10\/DSC04422_ergebnis.jpg 800w, https:\/\/olu-limburg.de\/wp-content\/uploads\/2016\/10\/DSC04422_ergebnis-300x225.jpg 300w, https:\/\/olu-limburg.de\/wp-content\/uploads\/2016\/10\/DSC04422_ergebnis-768x576.jpg 768w, https:\/\/olu-limburg.de\/wp-content\/uploads\/2016\/10\/DSC04422_ergebnis-624x468.jpg 624w\" sizes=\"auto, (max-width: 800px) 100vw, 800px\" \/><\/a><p id=\"caption-attachment-9937\" class=\"wp-caption-text\">Haus des viers\u00e4uligen Atriums<\/p><\/div>\n<p><a href=\"https:\/\/olu-limburg.de\/wp-content\/uploads\/2016\/10\/DSC04426_ergebnis.jpg\"><img loading=\"lazy\" decoding=\"async\" class=\"alignnone size-full wp-image-9938\" src=\"https:\/\/olu-limburg.de\/wp-content\/uploads\/2016\/10\/DSC04426_ergebnis.jpg\" alt=\"DSC04426_ergebnis\" width=\"800\" height=\"600\" srcset=\"https:\/\/olu-limburg.de\/wp-content\/uploads\/2016\/10\/DSC04426_ergebnis.jpg 800w, https:\/\/olu-limburg.de\/wp-content\/uploads\/2016\/10\/DSC04426_ergebnis-300x225.jpg 300w, https:\/\/olu-limburg.de\/wp-content\/uploads\/2016\/10\/DSC04426_ergebnis-768x576.jpg 768w, https:\/\/olu-limburg.de\/wp-content\/uploads\/2016\/10\/DSC04426_ergebnis-624x468.jpg 624w\" sizes=\"auto, (max-width: 800px) 100vw, 800px\" \/><\/a><\/p>\n<p><a href=\"https:\/\/olu-limburg.de\/wp-content\/uploads\/2016\/10\/DSC04429_ergebnis.jpg\"><img loading=\"lazy\" decoding=\"async\" class=\"alignnone size-full wp-image-9939\" src=\"https:\/\/olu-limburg.de\/wp-content\/uploads\/2016\/10\/DSC04429_ergebnis.jpg\" alt=\"DSC04429_ergebnis\" width=\"800\" height=\"600\" srcset=\"https:\/\/olu-limburg.de\/wp-content\/uploads\/2016\/10\/DSC04429_ergebnis.jpg 800w, https:\/\/olu-limburg.de\/wp-content\/uploads\/2016\/10\/DSC04429_ergebnis-300x225.jpg 300w, https:\/\/olu-limburg.de\/wp-content\/uploads\/2016\/10\/DSC04429_ergebnis-768x576.jpg 768w, https:\/\/olu-limburg.de\/wp-content\/uploads\/2016\/10\/DSC04429_ergebnis-624x468.jpg 624w\" sizes=\"auto, (max-width: 800px) 100vw, 800px\" \/><\/a><\/p>\n<div id=\"attachment_9941\" style=\"width: 810px\" class=\"wp-caption alignnone\"><a href=\"https:\/\/olu-limburg.de\/wp-content\/uploads\/2016\/10\/DSC04436_ergebnis.jpg\"><img loading=\"lazy\" decoding=\"async\" aria-describedby=\"caption-attachment-9941\" class=\"wp-image-9941 size-full\" src=\"https:\/\/olu-limburg.de\/wp-content\/uploads\/2016\/10\/DSC04436_ergebnis.jpg\" alt=\"DSC04436_ergebnis\" width=\"800\" height=\"600\" srcset=\"https:\/\/olu-limburg.de\/wp-content\/uploads\/2016\/10\/DSC04436_ergebnis.jpg 800w, https:\/\/olu-limburg.de\/wp-content\/uploads\/2016\/10\/DSC04436_ergebnis-300x225.jpg 300w, https:\/\/olu-limburg.de\/wp-content\/uploads\/2016\/10\/DSC04436_ergebnis-768x576.jpg 768w, https:\/\/olu-limburg.de\/wp-content\/uploads\/2016\/10\/DSC04436_ergebnis-624x468.jpg 624w\" sizes=\"auto, (max-width: 800px) 100vw, 800px\" \/><\/a><p id=\"caption-attachment-9941\" class=\"wp-caption-text\">In dem Amphitheater findet immer im Juli die 14-t\u00e4gige Veranstaltungsreihe unter dem Thema &#8222;Nacht der Poeten&#8220; statt.<\/p><\/div>\n<p><a href=\"https:\/\/olu-limburg.de\/wp-content\/uploads\/2016\/10\/DSC04438_ergebnis.jpg\"><img loading=\"lazy\" decoding=\"async\" class=\"alignnone size-full wp-image-9942\" src=\"https:\/\/olu-limburg.de\/wp-content\/uploads\/2016\/10\/DSC04438_ergebnis.jpg\" alt=\"DSC04438_ergebnis\" width=\"800\" height=\"600\" srcset=\"https:\/\/olu-limburg.de\/wp-content\/uploads\/2016\/10\/DSC04438_ergebnis.jpg 800w, https:\/\/olu-limburg.de\/wp-content\/uploads\/2016\/10\/DSC04438_ergebnis-300x225.jpg 300w, https:\/\/olu-limburg.de\/wp-content\/uploads\/2016\/10\/DSC04438_ergebnis-768x576.jpg 768w, https:\/\/olu-limburg.de\/wp-content\/uploads\/2016\/10\/DSC04438_ergebnis-624x468.jpg 624w\" sizes=\"auto, (max-width: 800px) 100vw, 800px\" \/><\/a><\/p>\n<p>Blick \u00fcber die Siedlung hinweg. Die drei H\u00e4fen und einige andere tiefer liegenden Bauten sind durch den Anstieg des Meeresspiegels bereits unter der Wasseroberfl\u00e4che verschwunden.<\/p>\n<p><a href=\"https:\/\/olu-limburg.de\/wp-content\/uploads\/2016\/10\/DSC04446_ergebnis.jpg\"><img loading=\"lazy\" decoding=\"async\" class=\"alignnone size-full wp-image-9943\" src=\"https:\/\/olu-limburg.de\/wp-content\/uploads\/2016\/10\/DSC04446_ergebnis.jpg\" alt=\"DSC04446_ergebnis\" width=\"800\" height=\"600\" srcset=\"https:\/\/olu-limburg.de\/wp-content\/uploads\/2016\/10\/DSC04446_ergebnis.jpg 800w, https:\/\/olu-limburg.de\/wp-content\/uploads\/2016\/10\/DSC04446_ergebnis-300x225.jpg 300w, https:\/\/olu-limburg.de\/wp-content\/uploads\/2016\/10\/DSC04446_ergebnis-768x576.jpg 768w, https:\/\/olu-limburg.de\/wp-content\/uploads\/2016\/10\/DSC04446_ergebnis-624x468.jpg 624w\" sizes=\"auto, (max-width: 800px) 100vw, 800px\" \/><\/a><\/p>\n<p>Ein paar Tropfen Regen haben uns auf dem Weg zum Wohnmobil erwischt, was aber nicht weiter schlimm ist. Nach den gewichtigen kulturellen Eindr\u00fccken hei\u00dft es jetzt, f\u00fcr das Naheliegende zu sorgen. Direkt unterhalb von Pula am Strand von Santa Margherita di Pula liegt der ACSI-Campingplatz &#8222;Flumendosa&#8220;. Der erste Eindruck war nicht so toll, doch nachher haben wir uns recht wohl gef\u00fchlt. Wenn nur die vielen Fliegen und M\u00fccken nicht w\u00e4ren.<\/p>\n<p><a href=\"https:\/\/olu-limburg.de\/wp-content\/uploads\/2016\/10\/DSC04457_ergebnis.jpg\"><img loading=\"lazy\" decoding=\"async\" class=\"size-full wp-image-9946 aligncenter\" src=\"https:\/\/olu-limburg.de\/wp-content\/uploads\/2016\/10\/DSC04457_ergebnis.jpg\" alt=\"DSC04457_ergebnis\" width=\"800\" height=\"600\" srcset=\"https:\/\/olu-limburg.de\/wp-content\/uploads\/2016\/10\/DSC04457_ergebnis.jpg 800w, https:\/\/olu-limburg.de\/wp-content\/uploads\/2016\/10\/DSC04457_ergebnis-300x225.jpg 300w, https:\/\/olu-limburg.de\/wp-content\/uploads\/2016\/10\/DSC04457_ergebnis-768x576.jpg 768w, https:\/\/olu-limburg.de\/wp-content\/uploads\/2016\/10\/DSC04457_ergebnis-624x468.jpg 624w\" sizes=\"auto, (max-width: 800px) 100vw, 800px\" \/><\/a><\/p>\n<p><a href=\"https:\/\/olu-limburg.de\/wp-content\/uploads\/2016\/10\/DSC04466_ergebnis.jpg\"><img loading=\"lazy\" decoding=\"async\" class=\"size-full wp-image-9952 aligncenter\" src=\"https:\/\/olu-limburg.de\/wp-content\/uploads\/2016\/10\/DSC04466_ergebnis.jpg\" alt=\"DSC04466_ergebnis\" width=\"800\" height=\"600\" srcset=\"https:\/\/olu-limburg.de\/wp-content\/uploads\/2016\/10\/DSC04466_ergebnis.jpg 800w, https:\/\/olu-limburg.de\/wp-content\/uploads\/2016\/10\/DSC04466_ergebnis-300x225.jpg 300w, https:\/\/olu-limburg.de\/wp-content\/uploads\/2016\/10\/DSC04466_ergebnis-768x576.jpg 768w, https:\/\/olu-limburg.de\/wp-content\/uploads\/2016\/10\/DSC04466_ergebnis-624x468.jpg 624w\" sizes=\"auto, (max-width: 800px) 100vw, 800px\" \/><\/a><\/p>\n<p><a href=\"https:\/\/olu-limburg.de\/wp-content\/uploads\/2016\/10\/DSC04458_ergebnis.jpg\"><img loading=\"lazy\" decoding=\"async\" class=\"size-full wp-image-9947 aligncenter\" src=\"https:\/\/olu-limburg.de\/wp-content\/uploads\/2016\/10\/DSC04458_ergebnis.jpg\" alt=\"DSC04458_ergebnis\" width=\"800\" height=\"600\" srcset=\"https:\/\/olu-limburg.de\/wp-content\/uploads\/2016\/10\/DSC04458_ergebnis.jpg 800w, https:\/\/olu-limburg.de\/wp-content\/uploads\/2016\/10\/DSC04458_ergebnis-300x225.jpg 300w, https:\/\/olu-limburg.de\/wp-content\/uploads\/2016\/10\/DSC04458_ergebnis-768x576.jpg 768w, https:\/\/olu-limburg.de\/wp-content\/uploads\/2016\/10\/DSC04458_ergebnis-624x468.jpg 624w\" sizes=\"auto, (max-width: 800px) 100vw, 800px\" \/><\/a><\/p>\n<p><a href=\"https:\/\/olu-limburg.de\/wp-content\/uploads\/2016\/10\/DSC04459_ergebnis.jpg\"><img loading=\"lazy\" decoding=\"async\" class=\"size-full wp-image-9948 aligncenter\" src=\"https:\/\/olu-limburg.de\/wp-content\/uploads\/2016\/10\/DSC04459_ergebnis.jpg\" alt=\"DSC04459_ergebnis\" width=\"800\" height=\"600\" srcset=\"https:\/\/olu-limburg.de\/wp-content\/uploads\/2016\/10\/DSC04459_ergebnis.jpg 800w, https:\/\/olu-limburg.de\/wp-content\/uploads\/2016\/10\/DSC04459_ergebnis-300x225.jpg 300w, https:\/\/olu-limburg.de\/wp-content\/uploads\/2016\/10\/DSC04459_ergebnis-768x576.jpg 768w, https:\/\/olu-limburg.de\/wp-content\/uploads\/2016\/10\/DSC04459_ergebnis-624x468.jpg 624w\" sizes=\"auto, (max-width: 800px) 100vw, 800px\" \/><\/a><\/p>\n<p>Tagesstrecke: 89 km<\/p>\n<p>&nbsp;<\/p>\n<p><strong>Dienstag, 27.09.2016<\/strong><\/p>\n<p>Lena hat heute den gro\u00dfen Waschtag. Wir lassen uns eine Waschmaschine freischalten und los geht es. Zwischendurch k\u00f6nnen wir faulenzen, schwimmen und das Wifi-Netz des CP nutzen.<\/p>\n<p><a href=\"https:\/\/olu-limburg.de\/wp-content\/uploads\/2016\/10\/DSC04460_ergebnis.jpg\"><img loading=\"lazy\" decoding=\"async\" class=\"size-full wp-image-9949 aligncenter\" src=\"https:\/\/olu-limburg.de\/wp-content\/uploads\/2016\/10\/DSC04460_ergebnis.jpg\" alt=\"DSC04460_ergebnis\" width=\"800\" height=\"600\" srcset=\"https:\/\/olu-limburg.de\/wp-content\/uploads\/2016\/10\/DSC04460_ergebnis.jpg 800w, https:\/\/olu-limburg.de\/wp-content\/uploads\/2016\/10\/DSC04460_ergebnis-300x225.jpg 300w, https:\/\/olu-limburg.de\/wp-content\/uploads\/2016\/10\/DSC04460_ergebnis-768x576.jpg 768w, https:\/\/olu-limburg.de\/wp-content\/uploads\/2016\/10\/DSC04460_ergebnis-624x468.jpg 624w\" sizes=\"auto, (max-width: 800px) 100vw, 800px\" \/><\/a><\/p>\n<p>Am Abend beehren wir das Restaurant und essen zwei richtig sch\u00f6ne Pizzen (Aussage zum Zweiten: Wenn nur die vielen Fliegen und M\u00fccken nicht w\u00e4ren.)<\/p>\n<p><a href=\"https:\/\/olu-limburg.de\/wp-content\/uploads\/2016\/10\/DSC04462_ergebnis.jpg\"><img loading=\"lazy\" decoding=\"async\" class=\"size-full wp-image-9950 aligncenter\" src=\"https:\/\/olu-limburg.de\/wp-content\/uploads\/2016\/10\/DSC04462_ergebnis.jpg\" alt=\"DSC04462_ergebnis\" width=\"800\" height=\"600\" srcset=\"https:\/\/olu-limburg.de\/wp-content\/uploads\/2016\/10\/DSC04462_ergebnis.jpg 800w, https:\/\/olu-limburg.de\/wp-content\/uploads\/2016\/10\/DSC04462_ergebnis-300x225.jpg 300w, https:\/\/olu-limburg.de\/wp-content\/uploads\/2016\/10\/DSC04462_ergebnis-768x576.jpg 768w, https:\/\/olu-limburg.de\/wp-content\/uploads\/2016\/10\/DSC04462_ergebnis-624x468.jpg 624w\" sizes=\"auto, (max-width: 800px) 100vw, 800px\" \/><\/a><\/p>\n<p><a href=\"https:\/\/olu-limburg.de\/wp-content\/uploads\/2016\/10\/DSC04464_ergebnis.jpg\"><img loading=\"lazy\" decoding=\"async\" class=\"size-full wp-image-9951 aligncenter\" src=\"https:\/\/olu-limburg.de\/wp-content\/uploads\/2016\/10\/DSC04464_ergebnis.jpg\" alt=\"DSC04464_ergebnis\" width=\"800\" height=\"600\" srcset=\"https:\/\/olu-limburg.de\/wp-content\/uploads\/2016\/10\/DSC04464_ergebnis.jpg 800w, https:\/\/olu-limburg.de\/wp-content\/uploads\/2016\/10\/DSC04464_ergebnis-300x225.jpg 300w, https:\/\/olu-limburg.de\/wp-content\/uploads\/2016\/10\/DSC04464_ergebnis-768x576.jpg 768w, https:\/\/olu-limburg.de\/wp-content\/uploads\/2016\/10\/DSC04464_ergebnis-624x468.jpg 624w\" sizes=\"auto, (max-width: 800px) 100vw, 800px\" \/><\/a><\/p>\n<p>Tagesstrecke: 0 km<\/p>\n<p>&nbsp;<\/p>\n<p><strong>Mittwoch, 28.09.2016<\/strong><\/p>\n<p>Gut ausgeruht fahren wir noch einmal nach Pula zur\u00fcck, gehen im Supermarkt einkaufen, wo wir uns unter anderem eine Flasche Mirto besorgen, schauen uns noch etwas um und essen dann an der Piazza del Popolo in einem Restaurant zu Mittag.<\/p>\n<p><a href=\"https:\/\/olu-limburg.de\/wp-content\/uploads\/2016\/10\/DSC04475_ergebnis.jpg\"><img loading=\"lazy\" decoding=\"async\" class=\"size-full wp-image-9958 aligncenter\" src=\"https:\/\/olu-limburg.de\/wp-content\/uploads\/2016\/10\/DSC04475_ergebnis.jpg\" alt=\"DSC04475_ergebnis\" width=\"800\" height=\"600\" srcset=\"https:\/\/olu-limburg.de\/wp-content\/uploads\/2016\/10\/DSC04475_ergebnis.jpg 800w, https:\/\/olu-limburg.de\/wp-content\/uploads\/2016\/10\/DSC04475_ergebnis-300x225.jpg 300w, https:\/\/olu-limburg.de\/wp-content\/uploads\/2016\/10\/DSC04475_ergebnis-768x576.jpg 768w, https:\/\/olu-limburg.de\/wp-content\/uploads\/2016\/10\/DSC04475_ergebnis-624x468.jpg 624w\" sizes=\"auto, (max-width: 800px) 100vw, 800px\" \/><\/a><\/p>\n<p><a href=\"https:\/\/olu-limburg.de\/wp-content\/uploads\/2016\/10\/DSC04469_ergebnis.jpg\"><img loading=\"lazy\" decoding=\"async\" class=\"size-full wp-image-9954 aligncenter\" src=\"https:\/\/olu-limburg.de\/wp-content\/uploads\/2016\/10\/DSC04469_ergebnis.jpg\" alt=\"DSC04469_ergebnis\" width=\"800\" height=\"600\" srcset=\"https:\/\/olu-limburg.de\/wp-content\/uploads\/2016\/10\/DSC04469_ergebnis.jpg 800w, https:\/\/olu-limburg.de\/wp-content\/uploads\/2016\/10\/DSC04469_ergebnis-300x225.jpg 300w, https:\/\/olu-limburg.de\/wp-content\/uploads\/2016\/10\/DSC04469_ergebnis-768x576.jpg 768w, https:\/\/olu-limburg.de\/wp-content\/uploads\/2016\/10\/DSC04469_ergebnis-624x468.jpg 624w\" sizes=\"auto, (max-width: 800px) 100vw, 800px\" \/><\/a><\/p>\n<p><a href=\"https:\/\/olu-limburg.de\/wp-content\/uploads\/2016\/10\/DSC04471_ergebnis.jpg\"><img loading=\"lazy\" decoding=\"async\" class=\"size-full wp-image-9955 aligncenter\" src=\"https:\/\/olu-limburg.de\/wp-content\/uploads\/2016\/10\/DSC04471_ergebnis.jpg\" alt=\"DSC04471_ergebnis\" width=\"800\" height=\"600\" srcset=\"https:\/\/olu-limburg.de\/wp-content\/uploads\/2016\/10\/DSC04471_ergebnis.jpg 800w, https:\/\/olu-limburg.de\/wp-content\/uploads\/2016\/10\/DSC04471_ergebnis-300x225.jpg 300w, https:\/\/olu-limburg.de\/wp-content\/uploads\/2016\/10\/DSC04471_ergebnis-768x576.jpg 768w, https:\/\/olu-limburg.de\/wp-content\/uploads\/2016\/10\/DSC04471_ergebnis-624x468.jpg 624w\" sizes=\"auto, (max-width: 800px) 100vw, 800px\" \/><\/a><\/p>\n<p><a href=\"https:\/\/olu-limburg.de\/wp-content\/uploads\/2016\/10\/DSC04474_ergebnis-e1479563773741.jpg\"><img loading=\"lazy\" decoding=\"async\" class=\"size-full wp-image-9957 alignleft\" src=\"https:\/\/olu-limburg.de\/wp-content\/uploads\/2016\/10\/DSC04474_ergebnis-e1479563773741.jpg\" alt=\"DSC04474_ergebnis\" width=\"450\" height=\"600\" \/><\/a><\/p>\n<p><a href=\"https:\/\/olu-limburg.de\/wp-content\/uploads\/2016\/10\/DSC04473_ergebnis-e1479563800367.jpg\"><img loading=\"lazy\" decoding=\"async\" class=\"size-full wp-image-9956 alignright\" src=\"https:\/\/olu-limburg.de\/wp-content\/uploads\/2016\/10\/DSC04473_ergebnis-e1479563800367.jpg\" alt=\"DSC04473_ergebnis\" width=\"450\" height=\"600\" \/><\/a><\/p>\n<p><a href=\"https:\/\/olu-limburg.de\/wp-content\/uploads\/2016\/10\/DSC04467_ergebnis.jpg\"><img loading=\"lazy\" decoding=\"async\" class=\"size-full wp-image-9953 aligncenter\" src=\"https:\/\/olu-limburg.de\/wp-content\/uploads\/2016\/10\/DSC04467_ergebnis.jpg\" alt=\"DSC04467_ergebnis\" width=\"800\" height=\"600\" srcset=\"https:\/\/olu-limburg.de\/wp-content\/uploads\/2016\/10\/DSC04467_ergebnis.jpg 800w, https:\/\/olu-limburg.de\/wp-content\/uploads\/2016\/10\/DSC04467_ergebnis-300x225.jpg 300w, https:\/\/olu-limburg.de\/wp-content\/uploads\/2016\/10\/DSC04467_ergebnis-768x576.jpg 768w, https:\/\/olu-limburg.de\/wp-content\/uploads\/2016\/10\/DSC04467_ergebnis-624x468.jpg 624w\" sizes=\"auto, (max-width: 800px) 100vw, 800px\" \/><\/a><\/p>\n<p><a href=\"https:\/\/olu-limburg.de\/wp-content\/uploads\/2016\/10\/DSC04480_ergebnis-e1479563845891.jpg\"><img loading=\"lazy\" decoding=\"async\" class=\"size-full wp-image-9961 aligncenter\" src=\"https:\/\/olu-limburg.de\/wp-content\/uploads\/2016\/10\/DSC04480_ergebnis-e1479563845891.jpg\" alt=\"DSC04480_ergebnis\" width=\"450\" height=\"600\" \/><\/a><\/p>\n<div id=\"attachment_9959\" style=\"width: 810px\" class=\"wp-caption aligncenter\"><a href=\"https:\/\/olu-limburg.de\/wp-content\/uploads\/2016\/10\/DSC04477_ergebnis.jpg\"><img loading=\"lazy\" decoding=\"async\" aria-describedby=\"caption-attachment-9959\" class=\"wp-image-9959 size-full\" src=\"https:\/\/olu-limburg.de\/wp-content\/uploads\/2016\/10\/DSC04477_ergebnis.jpg\" alt=\"DSC04477_ergebnis\" width=\"800\" height=\"600\" srcset=\"https:\/\/olu-limburg.de\/wp-content\/uploads\/2016\/10\/DSC04477_ergebnis.jpg 800w, https:\/\/olu-limburg.de\/wp-content\/uploads\/2016\/10\/DSC04477_ergebnis-300x225.jpg 300w, https:\/\/olu-limburg.de\/wp-content\/uploads\/2016\/10\/DSC04477_ergebnis-768x576.jpg 768w, https:\/\/olu-limburg.de\/wp-content\/uploads\/2016\/10\/DSC04477_ergebnis-624x468.jpg 624w\" sizes=\"auto, (max-width: 800px) 100vw, 800px\" \/><\/a><p id=\"caption-attachment-9959\" class=\"wp-caption-text\">Menu Mare: alles auf einer Platte<\/p><\/div>\n<p><a href=\"https:\/\/olu-limburg.de\/wp-content\/uploads\/2016\/10\/DSC04479_ergebnis.jpg\"><img loading=\"lazy\" decoding=\"async\" class=\"size-full wp-image-9960 aligncenter\" src=\"https:\/\/olu-limburg.de\/wp-content\/uploads\/2016\/10\/DSC04479_ergebnis.jpg\" alt=\"DSC04479_ergebnis\" width=\"800\" height=\"600\" srcset=\"https:\/\/olu-limburg.de\/wp-content\/uploads\/2016\/10\/DSC04479_ergebnis.jpg 800w, https:\/\/olu-limburg.de\/wp-content\/uploads\/2016\/10\/DSC04479_ergebnis-300x225.jpg 300w, https:\/\/olu-limburg.de\/wp-content\/uploads\/2016\/10\/DSC04479_ergebnis-768x576.jpg 768w, https:\/\/olu-limburg.de\/wp-content\/uploads\/2016\/10\/DSC04479_ergebnis-624x468.jpg 624w\" sizes=\"auto, (max-width: 800px) 100vw, 800px\" \/><\/a><\/p>\n<p>Danach fahren wir nur wenige Kilometer weiter nach S\u00fcden, zu einem von vielen Str\u00e4nden von Chia. Einige Parkpl\u00e4tze sind bereits geschlossen, oder f\u00fcr uns ist die Durchfahrt gesperrt. Aber schon ca. 200 m weiter ist der Parkplatz Domus de Maria <em>Sa Colonia<\/em>. Es ist eine herrliche Bucht zum Schwimmen. Die Kite-Surfer sind in der Nachbarbucht (Diese hat aber nur einen Tages-Parkplatz.).<\/p>\n<p><a href=\"https:\/\/olu-limburg.de\/wp-content\/uploads\/2016\/10\/DSC04486_ergebnis-e1479564087928.jpg\"><img loading=\"lazy\" decoding=\"async\" class=\"size-full wp-image-9964 aligncenter\" src=\"https:\/\/olu-limburg.de\/wp-content\/uploads\/2016\/10\/DSC04486_ergebnis-e1479564087928.jpg\" alt=\"DSC04486_ergebnis\" width=\"450\" height=\"600\" \/><\/a><\/p>\n<p><a href=\"https:\/\/olu-limburg.de\/wp-content\/uploads\/2016\/10\/DSC04487_ergebnis.jpg\"><img loading=\"lazy\" decoding=\"async\" class=\"size-full wp-image-9965 aligncenter\" src=\"https:\/\/olu-limburg.de\/wp-content\/uploads\/2016\/10\/DSC04487_ergebnis.jpg\" alt=\"DSC04487_ergebnis\" width=\"800\" height=\"600\" srcset=\"https:\/\/olu-limburg.de\/wp-content\/uploads\/2016\/10\/DSC04487_ergebnis.jpg 800w, https:\/\/olu-limburg.de\/wp-content\/uploads\/2016\/10\/DSC04487_ergebnis-300x225.jpg 300w, https:\/\/olu-limburg.de\/wp-content\/uploads\/2016\/10\/DSC04487_ergebnis-768x576.jpg 768w, https:\/\/olu-limburg.de\/wp-content\/uploads\/2016\/10\/DSC04487_ergebnis-624x468.jpg 624w\" sizes=\"auto, (max-width: 800px) 100vw, 800px\" \/><\/a><\/p>\n<p><a href=\"https:\/\/olu-limburg.de\/wp-content\/uploads\/2016\/10\/DSC04481_ergebnis.jpg\"><img loading=\"lazy\" decoding=\"async\" class=\"size-full wp-image-9962 aligncenter\" src=\"https:\/\/olu-limburg.de\/wp-content\/uploads\/2016\/10\/DSC04481_ergebnis.jpg\" alt=\"DSC04481_ergebnis\" width=\"800\" height=\"600\" srcset=\"https:\/\/olu-limburg.de\/wp-content\/uploads\/2016\/10\/DSC04481_ergebnis.jpg 800w, https:\/\/olu-limburg.de\/wp-content\/uploads\/2016\/10\/DSC04481_ergebnis-300x225.jpg 300w, https:\/\/olu-limburg.de\/wp-content\/uploads\/2016\/10\/DSC04481_ergebnis-768x576.jpg 768w, https:\/\/olu-limburg.de\/wp-content\/uploads\/2016\/10\/DSC04481_ergebnis-624x468.jpg 624w\" sizes=\"auto, (max-width: 800px) 100vw, 800px\" \/><\/a><\/p>\n<p><a href=\"https:\/\/olu-limburg.de\/wp-content\/uploads\/2016\/10\/DSC04485_ergebnis.jpg\"><img loading=\"lazy\" decoding=\"async\" class=\"size-full wp-image-9963 aligncenter\" src=\"https:\/\/olu-limburg.de\/wp-content\/uploads\/2016\/10\/DSC04485_ergebnis.jpg\" alt=\"DSC04485_ergebnis\" width=\"800\" height=\"600\" srcset=\"https:\/\/olu-limburg.de\/wp-content\/uploads\/2016\/10\/DSC04485_ergebnis.jpg 800w, https:\/\/olu-limburg.de\/wp-content\/uploads\/2016\/10\/DSC04485_ergebnis-300x225.jpg 300w, https:\/\/olu-limburg.de\/wp-content\/uploads\/2016\/10\/DSC04485_ergebnis-768x576.jpg 768w, https:\/\/olu-limburg.de\/wp-content\/uploads\/2016\/10\/DSC04485_ergebnis-624x468.jpg 624w\" sizes=\"auto, (max-width: 800px) 100vw, 800px\" \/><\/a><\/p>\n<p>Gegen Abend entscheiden wir uns aber doch, noch einmal weiter zu ziehen. Wir wollen zu dem s\u00fcdlichsten \u00dcbernachtungspunkt unserer Reise, Capo Malfatano. Die letzte Abzweigung war nicht ganz so gut ausgeschildert. Die Einfahrt zu steil und der Rest ein Holperweg. Wir verzichten und fahren wenige hundert Meter zur\u00fcck auf einen Parkplatz an einer Kreuzung. Wir haben eine sch\u00f6ne Aussicht und es ist erstaunlich ruhig.<\/p>\n<p><a href=\"https:\/\/olu-limburg.de\/wp-content\/uploads\/2016\/10\/DSC04488_ergebnis.jpg\"><img loading=\"lazy\" decoding=\"async\" class=\"size-full wp-image-9970 aligncenter\" src=\"https:\/\/olu-limburg.de\/wp-content\/uploads\/2016\/10\/DSC04488_ergebnis.jpg\" alt=\"DSC04488_ergebnis\" width=\"800\" height=\"600\" srcset=\"https:\/\/olu-limburg.de\/wp-content\/uploads\/2016\/10\/DSC04488_ergebnis.jpg 800w, https:\/\/olu-limburg.de\/wp-content\/uploads\/2016\/10\/DSC04488_ergebnis-300x225.jpg 300w, https:\/\/olu-limburg.de\/wp-content\/uploads\/2016\/10\/DSC04488_ergebnis-768x576.jpg 768w, https:\/\/olu-limburg.de\/wp-content\/uploads\/2016\/10\/DSC04488_ergebnis-624x468.jpg 624w\" sizes=\"auto, (max-width: 800px) 100vw, 800px\" \/><\/a><\/p>\n<p>Tagesstrecke: 46 km<\/p>\n<p>&nbsp;<\/p>\n<p><strong>Donnerstag, 29.09.2016<\/strong><\/p>\n<p>Damit der Tag nach unseren W\u00fcnschen beginnen kann, suchen wir uns an der Costa del Sud f\u00fcr das Fr\u00fchst\u00fcck einen richtig sch\u00f6nen Parkplatz mit Aussicht, &#8230;<\/p>\n<p><a href=\"https:\/\/olu-limburg.de\/wp-content\/uploads\/2016\/10\/DSC04495_ergebnis.jpg\"><img loading=\"lazy\" decoding=\"async\" class=\"size-full wp-image-9972 aligncenter\" src=\"https:\/\/olu-limburg.de\/wp-content\/uploads\/2016\/10\/DSC04495_ergebnis.jpg\" alt=\"DSC04495_ergebnis\" width=\"800\" height=\"600\" srcset=\"https:\/\/olu-limburg.de\/wp-content\/uploads\/2016\/10\/DSC04495_ergebnis.jpg 800w, https:\/\/olu-limburg.de\/wp-content\/uploads\/2016\/10\/DSC04495_ergebnis-300x225.jpg 300w, https:\/\/olu-limburg.de\/wp-content\/uploads\/2016\/10\/DSC04495_ergebnis-768x576.jpg 768w, https:\/\/olu-limburg.de\/wp-content\/uploads\/2016\/10\/DSC04495_ergebnis-624x468.jpg 624w\" sizes=\"auto, (max-width: 800px) 100vw, 800px\" \/><\/a><\/p>\n<p>&#8230; und dem dazu geh\u00f6rigen Strand.<\/p>\n<p><a href=\"https:\/\/olu-limburg.de\/wp-content\/uploads\/2016\/10\/DSC04494_ergebnis.jpg\"><img loading=\"lazy\" decoding=\"async\" class=\"size-full wp-image-9971 aligncenter\" src=\"https:\/\/olu-limburg.de\/wp-content\/uploads\/2016\/10\/DSC04494_ergebnis.jpg\" alt=\"DSC04494_ergebnis\" width=\"800\" height=\"600\" srcset=\"https:\/\/olu-limburg.de\/wp-content\/uploads\/2016\/10\/DSC04494_ergebnis.jpg 800w, https:\/\/olu-limburg.de\/wp-content\/uploads\/2016\/10\/DSC04494_ergebnis-300x225.jpg 300w, https:\/\/olu-limburg.de\/wp-content\/uploads\/2016\/10\/DSC04494_ergebnis-768x576.jpg 768w, https:\/\/olu-limburg.de\/wp-content\/uploads\/2016\/10\/DSC04494_ergebnis-624x468.jpg 624w\" sizes=\"auto, (max-width: 800px) 100vw, 800px\" \/><\/a><\/p>\n<p>Danach machen wir noch einen kleinen Abstecher zum Porto di Teulada, &#8230;<\/p>\n<p><a href=\"https:\/\/olu-limburg.de\/wp-content\/uploads\/2016\/10\/DSC04502_ergebnis.jpg\"><img loading=\"lazy\" decoding=\"async\" class=\"size-full wp-image-9974 aligncenter\" src=\"https:\/\/olu-limburg.de\/wp-content\/uploads\/2016\/10\/DSC04502_ergebnis.jpg\" alt=\"DSC04502_ergebnis\" width=\"800\" height=\"600\" srcset=\"https:\/\/olu-limburg.de\/wp-content\/uploads\/2016\/10\/DSC04502_ergebnis.jpg 800w, https:\/\/olu-limburg.de\/wp-content\/uploads\/2016\/10\/DSC04502_ergebnis-300x225.jpg 300w, https:\/\/olu-limburg.de\/wp-content\/uploads\/2016\/10\/DSC04502_ergebnis-768x576.jpg 768w, https:\/\/olu-limburg.de\/wp-content\/uploads\/2016\/10\/DSC04502_ergebnis-624x468.jpg 624w\" sizes=\"auto, (max-width: 800px) 100vw, 800px\" \/><\/a><\/p>\n<p><a href=\"https:\/\/olu-limburg.de\/wp-content\/uploads\/2016\/10\/DSC04499_ergebnis.jpg\"><img loading=\"lazy\" decoding=\"async\" class=\"size-full wp-image-9973 aligncenter\" src=\"https:\/\/olu-limburg.de\/wp-content\/uploads\/2016\/10\/DSC04499_ergebnis.jpg\" alt=\"DSC04499_ergebnis\" width=\"800\" height=\"600\" srcset=\"https:\/\/olu-limburg.de\/wp-content\/uploads\/2016\/10\/DSC04499_ergebnis.jpg 800w, https:\/\/olu-limburg.de\/wp-content\/uploads\/2016\/10\/DSC04499_ergebnis-300x225.jpg 300w, https:\/\/olu-limburg.de\/wp-content\/uploads\/2016\/10\/DSC04499_ergebnis-768x576.jpg 768w, https:\/\/olu-limburg.de\/wp-content\/uploads\/2016\/10\/DSC04499_ergebnis-624x468.jpg 624w\" sizes=\"auto, (max-width: 800px) 100vw, 800px\" \/><\/a><\/p>\n<p><a href=\"https:\/\/olu-limburg.de\/wp-content\/uploads\/2016\/10\/P1000515_ergebnis.jpg\"><img loading=\"lazy\" decoding=\"async\" class=\"size-full wp-image-9902 aligncenter\" src=\"https:\/\/olu-limburg.de\/wp-content\/uploads\/2016\/10\/P1000515_ergebnis.jpg\" alt=\"P1000515_ergebnis\" width=\"800\" height=\"600\" srcset=\"https:\/\/olu-limburg.de\/wp-content\/uploads\/2016\/10\/P1000515_ergebnis.jpg 800w, https:\/\/olu-limburg.de\/wp-content\/uploads\/2016\/10\/P1000515_ergebnis-300x225.jpg 300w, https:\/\/olu-limburg.de\/wp-content\/uploads\/2016\/10\/P1000515_ergebnis-768x576.jpg 768w, https:\/\/olu-limburg.de\/wp-content\/uploads\/2016\/10\/P1000515_ergebnis-624x468.jpg 624w\" sizes=\"auto, (max-width: 800px) 100vw, 800px\" \/><\/a><\/p>\n<p>&#8230;, bevor es ins Landesinnere nach Teulada geht. Hier suchen wir ein sch\u00f6nes Lokal, wo wir zu Mittag essen k\u00f6nnen. Vielleicht waren wir durch die falschen Stra\u00dfen gegangen? Auf jeden Fall haben wir nichts gefunden, daf\u00fcr aber in einer kleinen abseits gelegenen Gasse ein sch\u00f6nes Brot erstanden.<\/p>\n<p><a href=\"https:\/\/olu-limburg.de\/wp-content\/uploads\/2016\/10\/DSC04505_ergebnis-e1479664864343.jpg\"><img loading=\"lazy\" decoding=\"async\" class=\"size-full wp-image-9975 alignleft\" src=\"https:\/\/olu-limburg.de\/wp-content\/uploads\/2016\/10\/DSC04505_ergebnis-e1479664864343.jpg\" alt=\"DSC04505_ergebnis\" width=\"450\" height=\"600\" \/><\/a><\/p>\n<p><a href=\"https:\/\/olu-limburg.de\/wp-content\/uploads\/2016\/10\/P1000527_ergebnis-e1479664911253.jpg\"><img loading=\"lazy\" decoding=\"async\" class=\"alignright wp-image-9904 size-full\" src=\"https:\/\/olu-limburg.de\/wp-content\/uploads\/2016\/10\/P1000527_ergebnis-e1479664911253.jpg\" alt=\"P1000527_ergebnis\" width=\"450\" height=\"600\" \/><\/a><\/p>\n<p><a href=\"https:\/\/olu-limburg.de\/wp-content\/uploads\/2016\/10\/DSC04510_ergebnis.jpg\"><img loading=\"lazy\" decoding=\"async\" class=\"size-full wp-image-9976 aligncenter\" src=\"https:\/\/olu-limburg.de\/wp-content\/uploads\/2016\/10\/DSC04510_ergebnis.jpg\" alt=\"DSC04510_ergebnis\" width=\"800\" height=\"600\" srcset=\"https:\/\/olu-limburg.de\/wp-content\/uploads\/2016\/10\/DSC04510_ergebnis.jpg 800w, https:\/\/olu-limburg.de\/wp-content\/uploads\/2016\/10\/DSC04510_ergebnis-300x225.jpg 300w, https:\/\/olu-limburg.de\/wp-content\/uploads\/2016\/10\/DSC04510_ergebnis-768x576.jpg 768w, https:\/\/olu-limburg.de\/wp-content\/uploads\/2016\/10\/DSC04510_ergebnis-624x468.jpg 624w\" sizes=\"auto, (max-width: 800px) 100vw, 800px\" \/><\/a><\/p>\n<p>Durch ein Bildhauersymposium, das vor einiger Zeit in Teulada stattfand, gibt es \u00fcberall wundersch\u00f6ne Skulpturen.<\/p>\n<div id=\"attachment_9977\" style=\"width: 810px\" class=\"wp-caption aligncenter\"><a href=\"https:\/\/olu-limburg.de\/wp-content\/uploads\/2016\/10\/DSC04511_ergebnis.jpg\"><img loading=\"lazy\" decoding=\"async\" aria-describedby=\"caption-attachment-9977\" class=\"wp-image-9977 size-full\" src=\"https:\/\/olu-limburg.de\/wp-content\/uploads\/2016\/10\/DSC04511_ergebnis.jpg\" alt=\"DSC04511_ergebnis\" width=\"800\" height=\"600\" srcset=\"https:\/\/olu-limburg.de\/wp-content\/uploads\/2016\/10\/DSC04511_ergebnis.jpg 800w, https:\/\/olu-limburg.de\/wp-content\/uploads\/2016\/10\/DSC04511_ergebnis-300x225.jpg 300w, https:\/\/olu-limburg.de\/wp-content\/uploads\/2016\/10\/DSC04511_ergebnis-768x576.jpg 768w, https:\/\/olu-limburg.de\/wp-content\/uploads\/2016\/10\/DSC04511_ergebnis-624x468.jpg 624w\" sizes=\"auto, (max-width: 800px) 100vw, 800px\" \/><\/a><p id=\"caption-attachment-9977\" class=\"wp-caption-text\">ein Erdbeerbaum &#8211; die roten Fr\u00fcchte sind reif.<\/p><\/div>\n<p>Auf unserer Weiterfahrt ins Landesinnere zur Tropfsteinh\u00f6hle <em>Is Zuddas<\/em>, sie liegt an der Landstra\u00dfe zwischen Teulada und Santadi, durchqueren wir eine karge und offensichtlich arme Gegend, wie man an dem fast verlassenen Ort <em>Is Carillas<\/em> sieht.<\/p>\n<p><a href=\"https:\/\/olu-limburg.de\/wp-content\/uploads\/2016\/10\/DSC04580_ergebnis.jpg\"><img loading=\"lazy\" decoding=\"async\" class=\"size-full wp-image-9989 aligncenter\" src=\"https:\/\/olu-limburg.de\/wp-content\/uploads\/2016\/10\/DSC04580_ergebnis.jpg\" alt=\"DSC04580_ergebnis\" width=\"800\" height=\"600\" srcset=\"https:\/\/olu-limburg.de\/wp-content\/uploads\/2016\/10\/DSC04580_ergebnis.jpg 800w, https:\/\/olu-limburg.de\/wp-content\/uploads\/2016\/10\/DSC04580_ergebnis-300x225.jpg 300w, https:\/\/olu-limburg.de\/wp-content\/uploads\/2016\/10\/DSC04580_ergebnis-768x576.jpg 768w, https:\/\/olu-limburg.de\/wp-content\/uploads\/2016\/10\/DSC04580_ergebnis-624x468.jpg 624w\" sizes=\"auto, (max-width: 800px) 100vw, 800px\" \/><\/a><\/p>\n<p><a href=\"https:\/\/olu-limburg.de\/wp-content\/uploads\/2016\/10\/DSC04512_ergebnis.jpg\"><img loading=\"lazy\" decoding=\"async\" class=\"size-full wp-image-9978 aligncenter\" src=\"https:\/\/olu-limburg.de\/wp-content\/uploads\/2016\/10\/DSC04512_ergebnis.jpg\" alt=\"DSC04512_ergebnis\" width=\"800\" height=\"600\" srcset=\"https:\/\/olu-limburg.de\/wp-content\/uploads\/2016\/10\/DSC04512_ergebnis.jpg 800w, https:\/\/olu-limburg.de\/wp-content\/uploads\/2016\/10\/DSC04512_ergebnis-300x225.jpg 300w, https:\/\/olu-limburg.de\/wp-content\/uploads\/2016\/10\/DSC04512_ergebnis-768x576.jpg 768w, https:\/\/olu-limburg.de\/wp-content\/uploads\/2016\/10\/DSC04512_ergebnis-624x468.jpg 624w\" sizes=\"auto, (max-width: 800px) 100vw, 800px\" \/><\/a><\/p>\n<p><a href=\"https:\/\/olu-limburg.de\/wp-content\/uploads\/2016\/10\/DSC04513_ergebnis.jpg\"><img loading=\"lazy\" decoding=\"async\" class=\"size-full wp-image-9979 aligncenter\" src=\"https:\/\/olu-limburg.de\/wp-content\/uploads\/2016\/10\/DSC04513_ergebnis.jpg\" alt=\"DSC04513_ergebnis\" width=\"800\" height=\"600\" srcset=\"https:\/\/olu-limburg.de\/wp-content\/uploads\/2016\/10\/DSC04513_ergebnis.jpg 800w, https:\/\/olu-limburg.de\/wp-content\/uploads\/2016\/10\/DSC04513_ergebnis-300x225.jpg 300w, https:\/\/olu-limburg.de\/wp-content\/uploads\/2016\/10\/DSC04513_ergebnis-768x576.jpg 768w, https:\/\/olu-limburg.de\/wp-content\/uploads\/2016\/10\/DSC04513_ergebnis-624x468.jpg 624w\" sizes=\"auto, (max-width: 800px) 100vw, 800px\" \/><\/a><\/p>\n<p>Auf dem Parkplatz vor der Tropfsteinh\u00f6hle macht Lena f\u00fcr uns Semmelkn\u00f6del mit einer So\u00dfe aus frischen Champignon. Jetzt lohnt es sich doch, dass ich in den letzten Tagen das Restbrot getrocknet und in kleine W\u00fcrfel geschnitten habe.<\/p>\n<p><a href=\"https:\/\/olu-limburg.de\/wp-content\/uploads\/2016\/10\/P1000533_ergebnis.jpg\"><img loading=\"lazy\" decoding=\"async\" class=\"size-full wp-image-9905 aligncenter\" src=\"https:\/\/olu-limburg.de\/wp-content\/uploads\/2016\/10\/P1000533_ergebnis.jpg\" alt=\"P1000533_ergebnis\" width=\"800\" height=\"600\" srcset=\"https:\/\/olu-limburg.de\/wp-content\/uploads\/2016\/10\/P1000533_ergebnis.jpg 800w, https:\/\/olu-limburg.de\/wp-content\/uploads\/2016\/10\/P1000533_ergebnis-300x225.jpg 300w, https:\/\/olu-limburg.de\/wp-content\/uploads\/2016\/10\/P1000533_ergebnis-768x576.jpg 768w, https:\/\/olu-limburg.de\/wp-content\/uploads\/2016\/10\/P1000533_ergebnis-624x468.jpg 624w\" sizes=\"auto, (max-width: 800px) 100vw, 800px\" \/><\/a>Die <em>Grotta Is Zuddas<\/em> wurde 1971 entdeckt und ist insgesamt 1.650 m lang. Davon k\u00f6nnen 500 m besichtigt werden. Der Einstieg befindet sich bei 236 m \u00fcber dem Meeresspiegel und man steigt auf Treppen \u00fcber 100 m hinab. Dort unten erwartet uns eine 530 Mio. Jahre alte bizarre Welt. Die Lufttemperatur liegt bei 16 \u00b0 und die Luftfeuchtigkeit betr\u00e4gt 97 %.<\/p>\n<p><a href=\"https:\/\/olu-limburg.de\/wp-content\/uploads\/2016\/10\/DSC04516_ergebnis.jpg\"><img loading=\"lazy\" decoding=\"async\" class=\"size-full wp-image-9980 aligncenter\" src=\"https:\/\/olu-limburg.de\/wp-content\/uploads\/2016\/10\/DSC04516_ergebnis.jpg\" alt=\"DSC04516_ergebnis\" width=\"800\" height=\"600\" srcset=\"https:\/\/olu-limburg.de\/wp-content\/uploads\/2016\/10\/DSC04516_ergebnis.jpg 800w, https:\/\/olu-limburg.de\/wp-content\/uploads\/2016\/10\/DSC04516_ergebnis-300x225.jpg 300w, https:\/\/olu-limburg.de\/wp-content\/uploads\/2016\/10\/DSC04516_ergebnis-768x576.jpg 768w, https:\/\/olu-limburg.de\/wp-content\/uploads\/2016\/10\/DSC04516_ergebnis-624x468.jpg 624w\" sizes=\"auto, (max-width: 800px) 100vw, 800px\" \/><\/a><\/p>\n<p><a href=\"https:\/\/olu-limburg.de\/wp-content\/uploads\/2016\/10\/DSC04518_ergebnis.jpg\"><img loading=\"lazy\" decoding=\"async\" class=\"size-full wp-image-9981 aligncenter\" src=\"https:\/\/olu-limburg.de\/wp-content\/uploads\/2016\/10\/DSC04518_ergebnis.jpg\" alt=\"DSC04518_ergebnis\" width=\"800\" height=\"600\" srcset=\"https:\/\/olu-limburg.de\/wp-content\/uploads\/2016\/10\/DSC04518_ergebnis.jpg 800w, https:\/\/olu-limburg.de\/wp-content\/uploads\/2016\/10\/DSC04518_ergebnis-300x225.jpg 300w, https:\/\/olu-limburg.de\/wp-content\/uploads\/2016\/10\/DSC04518_ergebnis-768x576.jpg 768w, https:\/\/olu-limburg.de\/wp-content\/uploads\/2016\/10\/DSC04518_ergebnis-624x468.jpg 624w\" sizes=\"auto, (max-width: 800px) 100vw, 800px\" \/><\/a><\/p>\n<p><a href=\"https:\/\/olu-limburg.de\/wp-content\/uploads\/2016\/10\/DSC04519_ergebnis.jpg\"><img loading=\"lazy\" decoding=\"async\" class=\"size-full wp-image-9982 aligncenter\" src=\"https:\/\/olu-limburg.de\/wp-content\/uploads\/2016\/10\/DSC04519_ergebnis.jpg\" alt=\"DSC04519_ergebnis\" width=\"800\" height=\"600\" srcset=\"https:\/\/olu-limburg.de\/wp-content\/uploads\/2016\/10\/DSC04519_ergebnis.jpg 800w, https:\/\/olu-limburg.de\/wp-content\/uploads\/2016\/10\/DSC04519_ergebnis-300x225.jpg 300w, https:\/\/olu-limburg.de\/wp-content\/uploads\/2016\/10\/DSC04519_ergebnis-768x576.jpg 768w, https:\/\/olu-limburg.de\/wp-content\/uploads\/2016\/10\/DSC04519_ergebnis-624x468.jpg 624w\" sizes=\"auto, (max-width: 800px) 100vw, 800px\" \/><\/a><\/p>\n<div id=\"attachment_9983\" style=\"width: 460px\" class=\"wp-caption aligncenter\"><a href=\"https:\/\/olu-limburg.de\/wp-content\/uploads\/2016\/10\/DSC04537_ergebnis-e1479666354313.jpg\"><img loading=\"lazy\" decoding=\"async\" aria-describedby=\"caption-attachment-9983\" class=\"size-full wp-image-9983\" src=\"https:\/\/olu-limburg.de\/wp-content\/uploads\/2016\/10\/DSC04537_ergebnis-e1479666354313.jpg\" alt=\"Bruchstelle aufgrund von Erdverschiebungen\" width=\"450\" height=\"600\" \/><\/a><p id=\"caption-attachment-9983\" class=\"wp-caption-text\">Bruchstelle aufgrund von Erdverschiebungen<\/p><\/div>\n<div id=\"attachment_9985\" style=\"width: 810px\" class=\"wp-caption aligncenter\"><a href=\"https:\/\/olu-limburg.de\/wp-content\/uploads\/2016\/10\/DSC04553_ergebnis.jpg\"><img loading=\"lazy\" decoding=\"async\" aria-describedby=\"caption-attachment-9985\" class=\"wp-image-9985 size-full\" src=\"https:\/\/olu-limburg.de\/wp-content\/uploads\/2016\/10\/DSC04553_ergebnis.jpg\" alt=\"DSC04553_ergebnis\" width=\"800\" height=\"600\" srcset=\"https:\/\/olu-limburg.de\/wp-content\/uploads\/2016\/10\/DSC04553_ergebnis.jpg 800w, https:\/\/olu-limburg.de\/wp-content\/uploads\/2016\/10\/DSC04553_ergebnis-300x225.jpg 300w, https:\/\/olu-limburg.de\/wp-content\/uploads\/2016\/10\/DSC04553_ergebnis-768x576.jpg 768w, https:\/\/olu-limburg.de\/wp-content\/uploads\/2016\/10\/DSC04553_ergebnis-624x468.jpg 624w\" sizes=\"auto, (max-width: 800px) 100vw, 800px\" \/><\/a><p id=\"caption-attachment-9985\" class=\"wp-caption-text\">Teil-Abbruchst\u00fcck von der Decke<\/p><\/div>\n<p>Die in der Welt einzigartigen <em>Fiori di Grottta<\/em>, die aus Aragonit bestehen.<\/p>\n<p><a href=\"https:\/\/olu-limburg.de\/wp-content\/uploads\/2016\/10\/DSC04575_ergebnis-e1479666493369.jpg\"><img loading=\"lazy\" decoding=\"async\" class=\"size-full wp-image-9987 alignleft\" src=\"https:\/\/olu-limburg.de\/wp-content\/uploads\/2016\/10\/DSC04575_ergebnis-e1479666493369.jpg\" alt=\"DSC04575_ergebnis\" width=\"450\" height=\"600\" \/><\/a><\/p>\n<p><a href=\"https:\/\/olu-limburg.de\/wp-content\/uploads\/2016\/10\/DSC04576_ergebnis-e1479666516425.jpg\"><img loading=\"lazy\" decoding=\"async\" class=\"size-full wp-image-9988 alignright\" src=\"https:\/\/olu-limburg.de\/wp-content\/uploads\/2016\/10\/DSC04576_ergebnis-e1479666516425.jpg\" alt=\"DSC04576_ergebnis\" width=\"450\" height=\"600\" \/><\/a><\/p>\n<p><a href=\"https:\/\/olu-limburg.de\/wp-content\/uploads\/2016\/10\/DSC04567_ergebnis.jpg\"><img loading=\"lazy\" decoding=\"async\" class=\"size-full wp-image-9986 aligncenter\" src=\"https:\/\/olu-limburg.de\/wp-content\/uploads\/2016\/10\/DSC04567_ergebnis.jpg\" alt=\"DSC04567_ergebnis\" width=\"800\" height=\"600\" srcset=\"https:\/\/olu-limburg.de\/wp-content\/uploads\/2016\/10\/DSC04567_ergebnis.jpg 800w, https:\/\/olu-limburg.de\/wp-content\/uploads\/2016\/10\/DSC04567_ergebnis-300x225.jpg 300w, https:\/\/olu-limburg.de\/wp-content\/uploads\/2016\/10\/DSC04567_ergebnis-768x576.jpg 768w, https:\/\/olu-limburg.de\/wp-content\/uploads\/2016\/10\/DSC04567_ergebnis-624x468.jpg 624w\" sizes=\"auto, (max-width: 800px) 100vw, 800px\" \/><\/a><\/p>\n<p>Nach dem mehr als einst\u00fcndigen Rundgang verzichten wir auf den Besuch der <em>Nekropoli<\/em> <em>Montessu<\/em> (alte Begr\u00e4bnisst\u00e4tte) und wollen zur\u00fcck ans Meer. In Porto Pino fahren wir bis fast zum Strand auf den dortigen Stellplatz mit V+E (jetzt kostenlos).<\/p>\n<p><a href=\"https:\/\/olu-limburg.de\/wp-content\/uploads\/2016\/10\/DSC04581_ergebnis.jpg\"><img loading=\"lazy\" decoding=\"async\" class=\"size-full wp-image-9990 aligncenter\" src=\"https:\/\/olu-limburg.de\/wp-content\/uploads\/2016\/10\/DSC04581_ergebnis.jpg\" alt=\"DSC04581_ergebnis\" width=\"800\" height=\"600\" srcset=\"https:\/\/olu-limburg.de\/wp-content\/uploads\/2016\/10\/DSC04581_ergebnis.jpg 800w, https:\/\/olu-limburg.de\/wp-content\/uploads\/2016\/10\/DSC04581_ergebnis-300x225.jpg 300w, https:\/\/olu-limburg.de\/wp-content\/uploads\/2016\/10\/DSC04581_ergebnis-768x576.jpg 768w, https:\/\/olu-limburg.de\/wp-content\/uploads\/2016\/10\/DSC04581_ergebnis-624x468.jpg 624w\" sizes=\"auto, (max-width: 800px) 100vw, 800px\" \/><\/a><\/p>\n<p>Der Strand ist etwa 200 m entfernt und in der Ferne sieht man die wei\u00dfen Sandd\u00fcnen, die im milit\u00e4rischen Schutzgebiet liegen.<\/p>\n<p><a href=\"https:\/\/olu-limburg.de\/wp-content\/uploads\/2016\/10\/DSC04594_ergebnis.jpg\"><img loading=\"lazy\" decoding=\"async\" class=\"size-full wp-image-9994 aligncenter\" src=\"https:\/\/olu-limburg.de\/wp-content\/uploads\/2016\/10\/DSC04594_ergebnis.jpg\" alt=\"DSC04594_ergebnis\" width=\"800\" height=\"600\" srcset=\"https:\/\/olu-limburg.de\/wp-content\/uploads\/2016\/10\/DSC04594_ergebnis.jpg 800w, https:\/\/olu-limburg.de\/wp-content\/uploads\/2016\/10\/DSC04594_ergebnis-300x225.jpg 300w, https:\/\/olu-limburg.de\/wp-content\/uploads\/2016\/10\/DSC04594_ergebnis-768x576.jpg 768w, https:\/\/olu-limburg.de\/wp-content\/uploads\/2016\/10\/DSC04594_ergebnis-624x468.jpg 624w\" sizes=\"auto, (max-width: 800px) 100vw, 800px\" \/><\/a><\/p>\n<p>Tagesstrecke: 74 km<\/p>\n<p>&nbsp;<\/p>\n<p><strong>Freitag, 30.09.2016<\/strong><\/p>\n<p>Au\u00dferhalb von Porto Pino soll es noch einen weiteren Stellplatz &#8222;La Dune&#8220; geben. Hierf\u00fcr biegen wir von der Stra\u00dfe nach rechts ab, sehen den Flamingos im seichten Brackwasser zu, und drehen auf der Privatstra\u00dfe zum Privatparkplatz, da die Schlagl\u00f6cher auf dem unbefestigten Boden das Wohnmobil zu sehr hin und her schaukeln lassen.<\/p>\n<p><a href=\"https:\/\/olu-limburg.de\/wp-content\/uploads\/2016\/10\/DSC04583_ergebnis.jpg\"><img loading=\"lazy\" decoding=\"async\" class=\"size-full wp-image-9991 aligncenter\" src=\"https:\/\/olu-limburg.de\/wp-content\/uploads\/2016\/10\/DSC04583_ergebnis.jpg\" alt=\"DSC04583_ergebnis\" width=\"800\" height=\"600\" srcset=\"https:\/\/olu-limburg.de\/wp-content\/uploads\/2016\/10\/DSC04583_ergebnis.jpg 800w, https:\/\/olu-limburg.de\/wp-content\/uploads\/2016\/10\/DSC04583_ergebnis-300x225.jpg 300w, https:\/\/olu-limburg.de\/wp-content\/uploads\/2016\/10\/DSC04583_ergebnis-768x576.jpg 768w, https:\/\/olu-limburg.de\/wp-content\/uploads\/2016\/10\/DSC04583_ergebnis-624x468.jpg 624w\" sizes=\"auto, (max-width: 800px) 100vw, 800px\" \/><\/a><\/p>\n<p><a href=\"https:\/\/olu-limburg.de\/wp-content\/uploads\/2016\/10\/DSC04590_ergebnis.jpg\"><img loading=\"lazy\" decoding=\"async\" class=\"size-full wp-image-9992 aligncenter\" src=\"https:\/\/olu-limburg.de\/wp-content\/uploads\/2016\/10\/DSC04590_ergebnis.jpg\" alt=\"DSC04590_ergebnis\" width=\"800\" height=\"600\" srcset=\"https:\/\/olu-limburg.de\/wp-content\/uploads\/2016\/10\/DSC04590_ergebnis.jpg 800w, https:\/\/olu-limburg.de\/wp-content\/uploads\/2016\/10\/DSC04590_ergebnis-300x225.jpg 300w, https:\/\/olu-limburg.de\/wp-content\/uploads\/2016\/10\/DSC04590_ergebnis-768x576.jpg 768w, https:\/\/olu-limburg.de\/wp-content\/uploads\/2016\/10\/DSC04590_ergebnis-624x468.jpg 624w\" sizes=\"auto, (max-width: 800px) 100vw, 800px\" \/><\/a><\/p>\n<p><a href=\"https:\/\/olu-limburg.de\/wp-content\/uploads\/2016\/10\/DSC04593_ergebnis.jpg\"><img loading=\"lazy\" decoding=\"async\" class=\"size-full wp-image-9993 aligncenter\" src=\"https:\/\/olu-limburg.de\/wp-content\/uploads\/2016\/10\/DSC04593_ergebnis.jpg\" alt=\"DSC04593_ergebnis\" width=\"800\" height=\"600\" srcset=\"https:\/\/olu-limburg.de\/wp-content\/uploads\/2016\/10\/DSC04593_ergebnis.jpg 800w, https:\/\/olu-limburg.de\/wp-content\/uploads\/2016\/10\/DSC04593_ergebnis-300x225.jpg 300w, https:\/\/olu-limburg.de\/wp-content\/uploads\/2016\/10\/DSC04593_ergebnis-768x576.jpg 768w, https:\/\/olu-limburg.de\/wp-content\/uploads\/2016\/10\/DSC04593_ergebnis-624x468.jpg 624w\" sizes=\"auto, (max-width: 800px) 100vw, 800px\" \/><\/a><\/p>\n<p>Im n\u00f6rdlichen Teil des Golfi Palmas liegt Porto Botto, dort drau\u00dfen stehen auch einige Wohnmobile. Uns ist es aber zu staubig und zu \u00f6de.<\/p>\n<p><a href=\"https:\/\/olu-limburg.de\/wp-content\/uploads\/2016\/10\/DSC04598_ergebnis.jpg\"><img loading=\"lazy\" decoding=\"async\" class=\"size-full wp-image-9996 aligncenter\" src=\"https:\/\/olu-limburg.de\/wp-content\/uploads\/2016\/10\/DSC04598_ergebnis.jpg\" alt=\"DSC04598_ergebnis\" width=\"800\" height=\"600\" srcset=\"https:\/\/olu-limburg.de\/wp-content\/uploads\/2016\/10\/DSC04598_ergebnis.jpg 800w, https:\/\/olu-limburg.de\/wp-content\/uploads\/2016\/10\/DSC04598_ergebnis-300x225.jpg 300w, https:\/\/olu-limburg.de\/wp-content\/uploads\/2016\/10\/DSC04598_ergebnis-768x576.jpg 768w, https:\/\/olu-limburg.de\/wp-content\/uploads\/2016\/10\/DSC04598_ergebnis-624x468.jpg 624w\" sizes=\"auto, (max-width: 800px) 100vw, 800px\" \/><\/a><\/p>\n<p><a href=\"https:\/\/olu-limburg.de\/wp-content\/uploads\/2016\/10\/DSC04595_ergebnis.jpg\"><img loading=\"lazy\" decoding=\"async\" class=\"size-full wp-image-9995 aligncenter\" src=\"https:\/\/olu-limburg.de\/wp-content\/uploads\/2016\/10\/DSC04595_ergebnis.jpg\" alt=\"DSC04595_ergebnis\" width=\"800\" height=\"600\" srcset=\"https:\/\/olu-limburg.de\/wp-content\/uploads\/2016\/10\/DSC04595_ergebnis.jpg 800w, https:\/\/olu-limburg.de\/wp-content\/uploads\/2016\/10\/DSC04595_ergebnis-300x225.jpg 300w, https:\/\/olu-limburg.de\/wp-content\/uploads\/2016\/10\/DSC04595_ergebnis-768x576.jpg 768w, https:\/\/olu-limburg.de\/wp-content\/uploads\/2016\/10\/DSC04595_ergebnis-624x468.jpg 624w\" sizes=\"auto, (max-width: 800px) 100vw, 800px\" \/><\/a><\/p>\n<p>Um von dort auf die Isola di Sant&#8216; Antioco zu gelangen, nehmen wir die Zufahrt \u00fcber den Damm. So gelangen wir direkt in den gr\u00f6\u00dften Ort der Insel, Sant&#8216; Antioco.<\/p>\n<p>Wir parken an der Stra\u00dfe und qu\u00e4len uns bei gro\u00dfer Hitze bis zur Altstadt und dann noch \u00fcber viele Treppen und kleine Gassen in das Zentrum der Altstadt hinein. Vielleicht ist dieser Bezirk doch nicht so touristisch erschlossen, denn es gibt hier nur Wohnh\u00e4user und Kirchen, und das interessiert uns momentan nicht so sehr. Mit schon knurrenden M\u00e4gen verlassen wir die Altstadt und gehen in Richtung Hafen.<\/p>\n<p><a href=\"https:\/\/olu-limburg.de\/wp-content\/uploads\/2016\/10\/DSC04599_ergebnis-e1479730965739.jpg\"><img loading=\"lazy\" decoding=\"async\" class=\"size-full wp-image-10003 aligncenter\" src=\"https:\/\/olu-limburg.de\/wp-content\/uploads\/2016\/10\/DSC04599_ergebnis-e1479730965739.jpg\" alt=\"DSC04599_ergebnis\" width=\"450\" height=\"600\" \/><\/a><\/p>\n<p><a href=\"https:\/\/olu-limburg.de\/wp-content\/uploads\/2016\/10\/DSC04600_ergebnis.jpg\"><img loading=\"lazy\" decoding=\"async\" class=\"size-full wp-image-10004 aligncenter\" src=\"https:\/\/olu-limburg.de\/wp-content\/uploads\/2016\/10\/DSC04600_ergebnis.jpg\" alt=\"DSC04600_ergebnis\" width=\"800\" height=\"600\" srcset=\"https:\/\/olu-limburg.de\/wp-content\/uploads\/2016\/10\/DSC04600_ergebnis.jpg 800w, https:\/\/olu-limburg.de\/wp-content\/uploads\/2016\/10\/DSC04600_ergebnis-300x225.jpg 300w, https:\/\/olu-limburg.de\/wp-content\/uploads\/2016\/10\/DSC04600_ergebnis-768x576.jpg 768w, https:\/\/olu-limburg.de\/wp-content\/uploads\/2016\/10\/DSC04600_ergebnis-624x468.jpg 624w\" sizes=\"auto, (max-width: 800px) 100vw, 800px\" \/><\/a><\/p>\n<p><a href=\"https:\/\/olu-limburg.de\/wp-content\/uploads\/2016\/10\/DSC04609_ergebnis.jpg\"><img loading=\"lazy\" decoding=\"async\" class=\"size-full wp-image-10007 aligncenter\" src=\"https:\/\/olu-limburg.de\/wp-content\/uploads\/2016\/10\/DSC04609_ergebnis.jpg\" alt=\"DSC04609_ergebnis\" width=\"800\" height=\"600\" srcset=\"https:\/\/olu-limburg.de\/wp-content\/uploads\/2016\/10\/DSC04609_ergebnis.jpg 800w, https:\/\/olu-limburg.de\/wp-content\/uploads\/2016\/10\/DSC04609_ergebnis-300x225.jpg 300w, https:\/\/olu-limburg.de\/wp-content\/uploads\/2016\/10\/DSC04609_ergebnis-768x576.jpg 768w, https:\/\/olu-limburg.de\/wp-content\/uploads\/2016\/10\/DSC04609_ergebnis-624x468.jpg 624w\" sizes=\"auto, (max-width: 800px) 100vw, 800px\" \/><\/a><\/p>\n<p>Siehe da, hier ist es regelrecht paradiesisch, ein Restaurant neben dem Andern. Einen Parkplatz f\u00fcr unser Wohnmobil h\u00e4tte es auch hier in der N\u00e4he gegeben. Wir entscheiden uns f\u00fcr die Fischer Cooperative &#8222;I due Fratelli&#8220; und essen das Men\u00fc Fisso.<\/p>\n<p><a href=\"https:\/\/olu-limburg.de\/wp-content\/uploads\/2016\/10\/DSC04604_ergebnis.jpg\"><img loading=\"lazy\" decoding=\"async\" class=\"size-full wp-image-10005 aligncenter\" src=\"https:\/\/olu-limburg.de\/wp-content\/uploads\/2016\/10\/DSC04604_ergebnis.jpg\" alt=\"DSC04604_ergebnis\" width=\"800\" height=\"600\" srcset=\"https:\/\/olu-limburg.de\/wp-content\/uploads\/2016\/10\/DSC04604_ergebnis.jpg 800w, https:\/\/olu-limburg.de\/wp-content\/uploads\/2016\/10\/DSC04604_ergebnis-300x225.jpg 300w, https:\/\/olu-limburg.de\/wp-content\/uploads\/2016\/10\/DSC04604_ergebnis-768x576.jpg 768w, https:\/\/olu-limburg.de\/wp-content\/uploads\/2016\/10\/DSC04604_ergebnis-624x468.jpg 624w\" sizes=\"auto, (max-width: 800px) 100vw, 800px\" \/><\/a><\/p>\n<div id=\"attachment_10006\" style=\"width: 810px\" class=\"wp-caption alignnone\"><a href=\"https:\/\/olu-limburg.de\/wp-content\/uploads\/2016\/10\/DSC04605_ergebnis.jpg\"><img loading=\"lazy\" decoding=\"async\" aria-describedby=\"caption-attachment-10006\" class=\"wp-image-10006 size-full\" src=\"https:\/\/olu-limburg.de\/wp-content\/uploads\/2016\/10\/DSC04605_ergebnis.jpg\" alt=\"DSC04605_ergebnis\" width=\"800\" height=\"600\" srcset=\"https:\/\/olu-limburg.de\/wp-content\/uploads\/2016\/10\/DSC04605_ergebnis.jpg 800w, https:\/\/olu-limburg.de\/wp-content\/uploads\/2016\/10\/DSC04605_ergebnis-300x225.jpg 300w, https:\/\/olu-limburg.de\/wp-content\/uploads\/2016\/10\/DSC04605_ergebnis-768x576.jpg 768w, https:\/\/olu-limburg.de\/wp-content\/uploads\/2016\/10\/DSC04605_ergebnis-624x468.jpg 624w\" sizes=\"auto, (max-width: 800px) 100vw, 800px\" \/><\/a><p id=\"caption-attachment-10006\" class=\"wp-caption-text\">Antipasti: Marinierte Miesmuscheln und Sardinen<\/p><\/div>\n<div id=\"attachment_9908\" style=\"width: 810px\" class=\"wp-caption aligncenter\"><a href=\"https:\/\/olu-limburg.de\/wp-content\/uploads\/2016\/10\/P1000574_ergebnis.jpg\"><img loading=\"lazy\" decoding=\"async\" aria-describedby=\"caption-attachment-9908\" class=\"size-full wp-image-9908\" src=\"https:\/\/olu-limburg.de\/wp-content\/uploads\/2016\/10\/P1000574_ergebnis.jpg\" alt=\"Primo: Fregola marinara\" width=\"800\" height=\"600\" srcset=\"https:\/\/olu-limburg.de\/wp-content\/uploads\/2016\/10\/P1000574_ergebnis.jpg 800w, https:\/\/olu-limburg.de\/wp-content\/uploads\/2016\/10\/P1000574_ergebnis-300x225.jpg 300w, https:\/\/olu-limburg.de\/wp-content\/uploads\/2016\/10\/P1000574_ergebnis-768x576.jpg 768w, https:\/\/olu-limburg.de\/wp-content\/uploads\/2016\/10\/P1000574_ergebnis-624x468.jpg 624w\" sizes=\"auto, (max-width: 800px) 100vw, 800px\" \/><\/a><p id=\"caption-attachment-9908\" class=\"wp-caption-text\">Primo: Fregola marinara<\/p><\/div>\n<div id=\"attachment_9910\" style=\"width: 810px\" class=\"wp-caption aligncenter\"><a href=\"https:\/\/olu-limburg.de\/wp-content\/uploads\/2016\/10\/P1000576_ergebnis.jpg\"><img loading=\"lazy\" decoding=\"async\" aria-describedby=\"caption-attachment-9910\" class=\"wp-image-9910 size-full\" src=\"https:\/\/olu-limburg.de\/wp-content\/uploads\/2016\/10\/P1000576_ergebnis.jpg\" alt=\"P1000576_ergebnis\" width=\"800\" height=\"600\" srcset=\"https:\/\/olu-limburg.de\/wp-content\/uploads\/2016\/10\/P1000576_ergebnis.jpg 800w, https:\/\/olu-limburg.de\/wp-content\/uploads\/2016\/10\/P1000576_ergebnis-300x225.jpg 300w, https:\/\/olu-limburg.de\/wp-content\/uploads\/2016\/10\/P1000576_ergebnis-768x576.jpg 768w, https:\/\/olu-limburg.de\/wp-content\/uploads\/2016\/10\/P1000576_ergebnis-624x468.jpg 624w\" sizes=\"auto, (max-width: 800px) 100vw, 800px\" \/><\/a><p id=\"caption-attachment-9910\" class=\"wp-caption-text\">Secondo: Fritto misto<\/p><\/div>\n<p>bzw.<\/p>\n<div id=\"attachment_9909\" style=\"width: 810px\" class=\"wp-caption aligncenter\"><a href=\"https:\/\/olu-limburg.de\/wp-content\/uploads\/2016\/10\/P1000575_ergebnis.jpg\"><img loading=\"lazy\" decoding=\"async\" aria-describedby=\"caption-attachment-9909\" class=\"size-full wp-image-9909\" src=\"https:\/\/olu-limburg.de\/wp-content\/uploads\/2016\/10\/P1000575_ergebnis.jpg\" alt=\"Secondo: gegrillete Fische\" width=\"800\" height=\"600\" srcset=\"https:\/\/olu-limburg.de\/wp-content\/uploads\/2016\/10\/P1000575_ergebnis.jpg 800w, https:\/\/olu-limburg.de\/wp-content\/uploads\/2016\/10\/P1000575_ergebnis-300x225.jpg 300w, https:\/\/olu-limburg.de\/wp-content\/uploads\/2016\/10\/P1000575_ergebnis-768x576.jpg 768w, https:\/\/olu-limburg.de\/wp-content\/uploads\/2016\/10\/P1000575_ergebnis-624x468.jpg 624w\" sizes=\"auto, (max-width: 800px) 100vw, 800px\" \/><\/a><p id=\"caption-attachment-9909\" class=\"wp-caption-text\">Secondo: gegrillte Fische<\/p><\/div>\n<p><a href=\"https:\/\/olu-limburg.de\/wp-content\/uploads\/2016\/10\/DSC04612_ergebnis.jpg\"><img loading=\"lazy\" decoding=\"async\" class=\"size-full wp-image-10008 aligncenter\" src=\"https:\/\/olu-limburg.de\/wp-content\/uploads\/2016\/10\/DSC04612_ergebnis.jpg\" alt=\"DSC04612_ergebnis\" width=\"800\" height=\"600\" srcset=\"https:\/\/olu-limburg.de\/wp-content\/uploads\/2016\/10\/DSC04612_ergebnis.jpg 800w, https:\/\/olu-limburg.de\/wp-content\/uploads\/2016\/10\/DSC04612_ergebnis-300x225.jpg 300w, https:\/\/olu-limburg.de\/wp-content\/uploads\/2016\/10\/DSC04612_ergebnis-768x576.jpg 768w, https:\/\/olu-limburg.de\/wp-content\/uploads\/2016\/10\/DSC04612_ergebnis-624x468.jpg 624w\" sizes=\"auto, (max-width: 800px) 100vw, 800px\" \/><\/a><\/p>\n<p><a href=\"https:\/\/olu-limburg.de\/wp-content\/uploads\/2016\/10\/DSC04613_ergebnis.jpg\"><img loading=\"lazy\" decoding=\"async\" class=\"size-full wp-image-10009 aligncenter\" src=\"https:\/\/olu-limburg.de\/wp-content\/uploads\/2016\/10\/DSC04613_ergebnis.jpg\" alt=\"DSC04613_ergebnis\" width=\"800\" height=\"600\" srcset=\"https:\/\/olu-limburg.de\/wp-content\/uploads\/2016\/10\/DSC04613_ergebnis.jpg 800w, https:\/\/olu-limburg.de\/wp-content\/uploads\/2016\/10\/DSC04613_ergebnis-300x225.jpg 300w, https:\/\/olu-limburg.de\/wp-content\/uploads\/2016\/10\/DSC04613_ergebnis-768x576.jpg 768w, https:\/\/olu-limburg.de\/wp-content\/uploads\/2016\/10\/DSC04613_ergebnis-624x468.jpg 624w\" sizes=\"auto, (max-width: 800px) 100vw, 800px\" \/><\/a><\/p>\n<p>LIDL-Einkauf und Auff\u00fcllung des Weinbestandes bei der <em>Cantina<\/em> <em>Sardus Pater<\/em> beschlie\u00dfen den Besuch von Sant&#8216; Antioco. Wir wollen zur S\u00fcdspitze der Insel an das Capo Sperone. Der Parkplatz am Torre Channai ist lehmig und rumpelig, deshalb fahren wir etwas zur\u00fcck auf den Parkplatz vom Strand <em>Coaquaddus<\/em>. Die Strandbars sind geschlossen und werden bereits abgebaut, und der Parkplatz ist jetzt auch kostenlos.<\/p>\n<p><a href=\"https:\/\/olu-limburg.de\/wp-content\/uploads\/2016\/10\/P1000598_ergebnis.jpg\"><img loading=\"lazy\" decoding=\"async\" class=\"size-full wp-image-9914 aligncenter\" src=\"https:\/\/olu-limburg.de\/wp-content\/uploads\/2016\/10\/P1000598_ergebnis.jpg\" alt=\"P1000598_ergebnis\" width=\"800\" height=\"600\" srcset=\"https:\/\/olu-limburg.de\/wp-content\/uploads\/2016\/10\/P1000598_ergebnis.jpg 800w, https:\/\/olu-limburg.de\/wp-content\/uploads\/2016\/10\/P1000598_ergebnis-300x225.jpg 300w, https:\/\/olu-limburg.de\/wp-content\/uploads\/2016\/10\/P1000598_ergebnis-768x576.jpg 768w, https:\/\/olu-limburg.de\/wp-content\/uploads\/2016\/10\/P1000598_ergebnis-624x468.jpg 624w\" sizes=\"auto, (max-width: 800px) 100vw, 800px\" \/><\/a><\/p>\n<p><a href=\"https:\/\/olu-limburg.de\/wp-content\/uploads\/2016\/10\/P1000592_ergebnis.jpg\"><img loading=\"lazy\" decoding=\"async\" class=\"size-full wp-image-9913 aligncenter\" src=\"https:\/\/olu-limburg.de\/wp-content\/uploads\/2016\/10\/P1000592_ergebnis.jpg\" alt=\"P1000592_ergebnis\" width=\"800\" height=\"600\" srcset=\"https:\/\/olu-limburg.de\/wp-content\/uploads\/2016\/10\/P1000592_ergebnis.jpg 800w, https:\/\/olu-limburg.de\/wp-content\/uploads\/2016\/10\/P1000592_ergebnis-300x225.jpg 300w, https:\/\/olu-limburg.de\/wp-content\/uploads\/2016\/10\/P1000592_ergebnis-768x576.jpg 768w, https:\/\/olu-limburg.de\/wp-content\/uploads\/2016\/10\/P1000592_ergebnis-624x468.jpg 624w\" sizes=\"auto, (max-width: 800px) 100vw, 800px\" \/><\/a><\/p>\n<p><a href=\"https:\/\/olu-limburg.de\/wp-content\/uploads\/2016\/10\/DSC04619_ergebnis.jpg\"><img loading=\"lazy\" decoding=\"async\" class=\"size-full wp-image-10012 aligncenter\" src=\"https:\/\/olu-limburg.de\/wp-content\/uploads\/2016\/10\/DSC04619_ergebnis.jpg\" alt=\"DSC04619_ergebnis\" width=\"800\" height=\"600\" srcset=\"https:\/\/olu-limburg.de\/wp-content\/uploads\/2016\/10\/DSC04619_ergebnis.jpg 800w, https:\/\/olu-limburg.de\/wp-content\/uploads\/2016\/10\/DSC04619_ergebnis-300x225.jpg 300w, https:\/\/olu-limburg.de\/wp-content\/uploads\/2016\/10\/DSC04619_ergebnis-768x576.jpg 768w, https:\/\/olu-limburg.de\/wp-content\/uploads\/2016\/10\/DSC04619_ergebnis-624x468.jpg 624w\" sizes=\"auto, (max-width: 800px) 100vw, 800px\" \/><\/a><\/p>\n<div id=\"attachment_10011\" style=\"width: 810px\" class=\"wp-caption aligncenter\"><a href=\"https:\/\/olu-limburg.de\/wp-content\/uploads\/2016\/10\/DSC04618_ergebnis.jpg\"><img loading=\"lazy\" decoding=\"async\" aria-describedby=\"caption-attachment-10011\" class=\"wp-image-10011 size-full\" src=\"https:\/\/olu-limburg.de\/wp-content\/uploads\/2016\/10\/DSC04618_ergebnis.jpg\" alt=\"DSC04618_ergebnis\" width=\"800\" height=\"600\" srcset=\"https:\/\/olu-limburg.de\/wp-content\/uploads\/2016\/10\/DSC04618_ergebnis.jpg 800w, https:\/\/olu-limburg.de\/wp-content\/uploads\/2016\/10\/DSC04618_ergebnis-300x225.jpg 300w, https:\/\/olu-limburg.de\/wp-content\/uploads\/2016\/10\/DSC04618_ergebnis-768x576.jpg 768w, https:\/\/olu-limburg.de\/wp-content\/uploads\/2016\/10\/DSC04618_ergebnis-624x468.jpg 624w\" sizes=\"auto, (max-width: 800px) 100vw, 800px\" \/><\/a><p id=\"caption-attachment-10011\" class=\"wp-caption-text\">Blick auf den Torre Channai<\/p><\/div>\n<div id=\"attachment_10014\" style=\"width: 810px\" class=\"wp-caption aligncenter\"><a href=\"https:\/\/olu-limburg.de\/wp-content\/uploads\/2016\/10\/DSC04628_ergebnis.jpg\"><img loading=\"lazy\" decoding=\"async\" aria-describedby=\"caption-attachment-10014\" class=\"wp-image-10014 size-full\" src=\"https:\/\/olu-limburg.de\/wp-content\/uploads\/2016\/10\/DSC04628_ergebnis.jpg\" alt=\"DSC04628_ergebnis\" width=\"800\" height=\"600\" srcset=\"https:\/\/olu-limburg.de\/wp-content\/uploads\/2016\/10\/DSC04628_ergebnis.jpg 800w, https:\/\/olu-limburg.de\/wp-content\/uploads\/2016\/10\/DSC04628_ergebnis-300x225.jpg 300w, https:\/\/olu-limburg.de\/wp-content\/uploads\/2016\/10\/DSC04628_ergebnis-768x576.jpg 768w, https:\/\/olu-limburg.de\/wp-content\/uploads\/2016\/10\/DSC04628_ergebnis-624x468.jpg 624w\" sizes=\"auto, (max-width: 800px) 100vw, 800px\" \/><\/a><p id=\"caption-attachment-10014\" class=\"wp-caption-text\">Angler beim Leinen-Weitwurf<\/p><\/div>\n<p>Tagesstrecke: 55 km<\/p>\n<p>&nbsp;<\/p>\n<p><strong>Samstag, 01.10.2016<\/strong><\/p>\n<p>Wenn wir auf den Kalender schauen, k\u00f6nnen wir es gar nicht fassen, dass es immer noch so warm ist. Wir verlassen heute die K\u00fcste noch einmal und fahren auf der SS126, die sp\u00e4ter in die autobahnm\u00e4\u00dfige SS130 \u00fcbergeht, in einer gro\u00dfen Schleife in das K\u00fcnstlerdorf San Sperate. Dieser Ort liegt n\u00f6rdlich von Cagliari, und geh\u00f6rt zu den vier ber\u00fchmten Murales-Orten.<\/p>\n<p>Bei Iglesias durchqueren wir die vom Eisenerz-Abbau gepr\u00e4gte Landschaft, bevor wir dann die von Bergen eingebettete Hochebene nach San Sperate befahren. Dort finden wir auch nach etwas kreiseln einen Parkplatz. Wieder ist es diese leidige Mittagszeit mit den Gel\u00fcsten. Doch das einzig offene Restaurant ist etwas teurer. So landen wir im <em>ArtCaf\u00e8 Ada<\/em>. Dort sind ganz viele Tische reserviert, und nach uns str\u00f6men noch mehr G\u00e4ste in das kleine Restaurant.<\/p>\n<p><a href=\"https:\/\/olu-limburg.de\/wp-content\/uploads\/2016\/10\/P1000600_ergebnis-e1479740879486.jpg\"><img loading=\"lazy\" decoding=\"async\" class=\"size-full wp-image-9915 aligncenter\" src=\"https:\/\/olu-limburg.de\/wp-content\/uploads\/2016\/10\/P1000600_ergebnis-e1479740879486.jpg\" alt=\"P1000600_ergebnis\" width=\"450\" height=\"600\" \/><\/a><\/p>\n<p><a href=\"https:\/\/olu-limburg.de\/wp-content\/uploads\/2016\/10\/DSC04637_ergebnis.jpg\"><img loading=\"lazy\" decoding=\"async\" class=\"alignnone size-full wp-image-10020\" src=\"https:\/\/olu-limburg.de\/wp-content\/uploads\/2016\/10\/DSC04637_ergebnis.jpg\" alt=\"DSC04637_ergebnis\" width=\"800\" height=\"600\" srcset=\"https:\/\/olu-limburg.de\/wp-content\/uploads\/2016\/10\/DSC04637_ergebnis.jpg 800w, https:\/\/olu-limburg.de\/wp-content\/uploads\/2016\/10\/DSC04637_ergebnis-300x225.jpg 300w, https:\/\/olu-limburg.de\/wp-content\/uploads\/2016\/10\/DSC04637_ergebnis-768x576.jpg 768w, https:\/\/olu-limburg.de\/wp-content\/uploads\/2016\/10\/DSC04637_ergebnis-624x468.jpg 624w\" sizes=\"auto, (max-width: 800px) 100vw, 800px\" \/><\/a><\/p>\n<div id=\"attachment_10021\" style=\"width: 810px\" class=\"wp-caption alignnone\"><a href=\"https:\/\/olu-limburg.de\/wp-content\/uploads\/2016\/10\/DSC04638_ergebnis.jpg\"><img loading=\"lazy\" decoding=\"async\" aria-describedby=\"caption-attachment-10021\" class=\"wp-image-10021 size-full\" src=\"https:\/\/olu-limburg.de\/wp-content\/uploads\/2016\/10\/DSC04638_ergebnis.jpg\" alt=\"DSC04638_ergebnis\" width=\"800\" height=\"600\" srcset=\"https:\/\/olu-limburg.de\/wp-content\/uploads\/2016\/10\/DSC04638_ergebnis.jpg 800w, https:\/\/olu-limburg.de\/wp-content\/uploads\/2016\/10\/DSC04638_ergebnis-300x225.jpg 300w, https:\/\/olu-limburg.de\/wp-content\/uploads\/2016\/10\/DSC04638_ergebnis-768x576.jpg 768w, https:\/\/olu-limburg.de\/wp-content\/uploads\/2016\/10\/DSC04638_ergebnis-624x468.jpg 624w\" sizes=\"auto, (max-width: 800px) 100vw, 800px\" \/><\/a><p id=\"caption-attachment-10021\" class=\"wp-caption-text\">Antipasti Terra<\/p><\/div>\n<div id=\"attachment_9918\" style=\"width: 810px\" class=\"wp-caption aligncenter\"><a href=\"https:\/\/olu-limburg.de\/wp-content\/uploads\/2016\/10\/P1000605_ergebnis.jpg\"><img loading=\"lazy\" decoding=\"async\" aria-describedby=\"caption-attachment-9918\" class=\"wp-image-9918 size-full\" src=\"https:\/\/olu-limburg.de\/wp-content\/uploads\/2016\/10\/P1000605_ergebnis.jpg\" alt=\"P1000605_ergebnis\" width=\"800\" height=\"600\" srcset=\"https:\/\/olu-limburg.de\/wp-content\/uploads\/2016\/10\/P1000605_ergebnis.jpg 800w, https:\/\/olu-limburg.de\/wp-content\/uploads\/2016\/10\/P1000605_ergebnis-300x225.jpg 300w, https:\/\/olu-limburg.de\/wp-content\/uploads\/2016\/10\/P1000605_ergebnis-768x576.jpg 768w, https:\/\/olu-limburg.de\/wp-content\/uploads\/2016\/10\/P1000605_ergebnis-624x468.jpg 624w\" sizes=\"auto, (max-width: 800px) 100vw, 800px\" \/><\/a><p id=\"caption-attachment-9918\" class=\"wp-caption-text\">Ravioli Capra ( mit Ziegenfleisch gef\u00fcllt)<\/p><\/div>\n<div id=\"attachment_10022\" style=\"width: 810px\" class=\"wp-caption alignnone\"><a href=\"https:\/\/olu-limburg.de\/wp-content\/uploads\/2016\/10\/DSC04640_ergebnis.jpg\"><img loading=\"lazy\" decoding=\"async\" aria-describedby=\"caption-attachment-10022\" class=\"wp-image-10022 size-full\" src=\"https:\/\/olu-limburg.de\/wp-content\/uploads\/2016\/10\/DSC04640_ergebnis.jpg\" alt=\"DSC04640_ergebnis\" width=\"800\" height=\"600\" srcset=\"https:\/\/olu-limburg.de\/wp-content\/uploads\/2016\/10\/DSC04640_ergebnis.jpg 800w, https:\/\/olu-limburg.de\/wp-content\/uploads\/2016\/10\/DSC04640_ergebnis-300x225.jpg 300w, https:\/\/olu-limburg.de\/wp-content\/uploads\/2016\/10\/DSC04640_ergebnis-768x576.jpg 768w, https:\/\/olu-limburg.de\/wp-content\/uploads\/2016\/10\/DSC04640_ergebnis-624x468.jpg 624w\" sizes=\"auto, (max-width: 800px) 100vw, 800px\" \/><\/a><p id=\"caption-attachment-10022\" class=\"wp-caption-text\">Raviolo Rucola<\/p><\/div>\n<p>Das Essen war sehr gut. Nun k\u00f6nnen wir uns in aller Ruhe auf unseren Kunst-Spaziergang begeben. Die Wandmalereien oder Installationen in San Sperate sind im Gegensatz zu Orgosolo aber eher k\u00fcnstlerischer und nicht politischer Natur.<\/p>\n<p><a href=\"https:\/\/olu-limburg.de\/wp-content\/uploads\/2016\/10\/DSC04649_ergebnis.jpg\"><img loading=\"lazy\" decoding=\"async\" class=\"size-full wp-image-10029 aligncenter\" src=\"https:\/\/olu-limburg.de\/wp-content\/uploads\/2016\/10\/DSC04649_ergebnis.jpg\" alt=\"DSC04649_ergebnis\" width=\"800\" height=\"600\" srcset=\"https:\/\/olu-limburg.de\/wp-content\/uploads\/2016\/10\/DSC04649_ergebnis.jpg 800w, https:\/\/olu-limburg.de\/wp-content\/uploads\/2016\/10\/DSC04649_ergebnis-300x225.jpg 300w, https:\/\/olu-limburg.de\/wp-content\/uploads\/2016\/10\/DSC04649_ergebnis-768x576.jpg 768w, https:\/\/olu-limburg.de\/wp-content\/uploads\/2016\/10\/DSC04649_ergebnis-624x468.jpg 624w\" sizes=\"auto, (max-width: 800px) 100vw, 800px\" \/><\/a><\/p>\n<p><a href=\"https:\/\/olu-limburg.de\/wp-content\/uploads\/2016\/10\/DSC04665_ergebnis.jpg\"><img loading=\"lazy\" decoding=\"async\" class=\"size-full wp-image-10035 aligncenter\" src=\"https:\/\/olu-limburg.de\/wp-content\/uploads\/2016\/10\/DSC04665_ergebnis.jpg\" alt=\"DSC04665_ergebnis\" width=\"800\" height=\"600\" srcset=\"https:\/\/olu-limburg.de\/wp-content\/uploads\/2016\/10\/DSC04665_ergebnis.jpg 800w, https:\/\/olu-limburg.de\/wp-content\/uploads\/2016\/10\/DSC04665_ergebnis-300x225.jpg 300w, https:\/\/olu-limburg.de\/wp-content\/uploads\/2016\/10\/DSC04665_ergebnis-768x576.jpg 768w, https:\/\/olu-limburg.de\/wp-content\/uploads\/2016\/10\/DSC04665_ergebnis-624x468.jpg 624w\" sizes=\"auto, (max-width: 800px) 100vw, 800px\" \/><\/a><\/p>\n<p><a href=\"https:\/\/olu-limburg.de\/wp-content\/uploads\/2016\/10\/DSC04647_ergebnis-e1479743156833.jpg\"><img loading=\"lazy\" decoding=\"async\" class=\"size-full wp-image-10028 aligncenter\" src=\"https:\/\/olu-limburg.de\/wp-content\/uploads\/2016\/10\/DSC04647_ergebnis-e1479743156833.jpg\" alt=\"DSC04647_ergebnis\" width=\"450\" height=\"600\" \/><\/a><\/p>\n<p><a href=\"https:\/\/olu-limburg.de\/wp-content\/uploads\/2016\/10\/P1000619_ergebnis-e1479741927169.jpg\"><img loading=\"lazy\" decoding=\"async\" class=\"size-full wp-image-9922 alignleft\" src=\"https:\/\/olu-limburg.de\/wp-content\/uploads\/2016\/10\/P1000619_ergebnis-e1479741927169.jpg\" alt=\"P1000619_ergebnis\" width=\"450\" height=\"600\" \/><\/a><\/p>\n<p><a href=\"https:\/\/olu-limburg.de\/wp-content\/uploads\/2016\/10\/P1000624_ergebnis-e1479741966530.jpg\"><img loading=\"lazy\" decoding=\"async\" class=\"size-full wp-image-9923 alignright\" src=\"https:\/\/olu-limburg.de\/wp-content\/uploads\/2016\/10\/P1000624_ergebnis-e1479741966530.jpg\" alt=\"P1000624_ergebnis\" width=\"450\" height=\"600\" \/><\/a><\/p>\n<p><a href=\"https:\/\/olu-limburg.de\/wp-content\/uploads\/2016\/10\/P1000625_ergebnis.jpg\"><img loading=\"lazy\" decoding=\"async\" class=\"size-full wp-image-9924 aligncenter\" src=\"https:\/\/olu-limburg.de\/wp-content\/uploads\/2016\/10\/P1000625_ergebnis.jpg\" alt=\"P1000625_ergebnis\" width=\"800\" height=\"600\" srcset=\"https:\/\/olu-limburg.de\/wp-content\/uploads\/2016\/10\/P1000625_ergebnis.jpg 800w, https:\/\/olu-limburg.de\/wp-content\/uploads\/2016\/10\/P1000625_ergebnis-300x225.jpg 300w, https:\/\/olu-limburg.de\/wp-content\/uploads\/2016\/10\/P1000625_ergebnis-768x576.jpg 768w, https:\/\/olu-limburg.de\/wp-content\/uploads\/2016\/10\/P1000625_ergebnis-624x468.jpg 624w\" sizes=\"auto, (max-width: 800px) 100vw, 800px\" \/><\/a><\/p>\n<p><a href=\"https:\/\/olu-limburg.de\/wp-content\/uploads\/2016\/10\/DSC04650_ergebnis.jpg\"><img loading=\"lazy\" decoding=\"async\" class=\"size-full wp-image-10030 aligncenter\" src=\"https:\/\/olu-limburg.de\/wp-content\/uploads\/2016\/10\/DSC04650_ergebnis.jpg\" alt=\"DSC04650_ergebnis\" width=\"800\" height=\"600\" srcset=\"https:\/\/olu-limburg.de\/wp-content\/uploads\/2016\/10\/DSC04650_ergebnis.jpg 800w, https:\/\/olu-limburg.de\/wp-content\/uploads\/2016\/10\/DSC04650_ergebnis-300x225.jpg 300w, https:\/\/olu-limburg.de\/wp-content\/uploads\/2016\/10\/DSC04650_ergebnis-768x576.jpg 768w, https:\/\/olu-limburg.de\/wp-content\/uploads\/2016\/10\/DSC04650_ergebnis-624x468.jpg 624w\" sizes=\"auto, (max-width: 800px) 100vw, 800px\" \/><\/a><\/p>\n<div id=\"attachment_10039\" style=\"width: 460px\" class=\"wp-caption aligncenter\"><a href=\"https:\/\/olu-limburg.de\/wp-content\/uploads\/2016\/10\/DSC04678_ergebnis-e1479743310685.jpg\"><img loading=\"lazy\" decoding=\"async\" aria-describedby=\"caption-attachment-10039\" class=\"wp-image-10039 size-full\" src=\"https:\/\/olu-limburg.de\/wp-content\/uploads\/2016\/10\/DSC04678_ergebnis-e1479743310685.jpg\" alt=\"DSC04678_ergebnis\" width=\"450\" height=\"600\" \/><\/a><p id=\"caption-attachment-10039\" class=\"wp-caption-text\">&#8222;Ziu Cordeddu&#8220; (Onkel Cordeddu) &#8211; 2006 von Angelo Pilloni: Ein dem Bauern gewidmetes Murales in Anerkennung der Arbeit auf dem Feld, dem Familienverbund und dem Respekt vor der Tradition.<\/p><\/div>\n<div id=\"attachment_10043\" style=\"width: 810px\" class=\"wp-caption alignnone\"><a href=\"https:\/\/olu-limburg.de\/wp-content\/uploads\/2016\/10\/DSC04692_ergebnis.jpg\"><img loading=\"lazy\" decoding=\"async\" aria-describedby=\"caption-attachment-10043\" class=\"wp-image-10043 size-full\" src=\"https:\/\/olu-limburg.de\/wp-content\/uploads\/2016\/10\/DSC04692_ergebnis.jpg\" alt=\"DSC04692_ergebnis\" width=\"800\" height=\"600\" srcset=\"https:\/\/olu-limburg.de\/wp-content\/uploads\/2016\/10\/DSC04692_ergebnis.jpg 800w, https:\/\/olu-limburg.de\/wp-content\/uploads\/2016\/10\/DSC04692_ergebnis-300x225.jpg 300w, https:\/\/olu-limburg.de\/wp-content\/uploads\/2016\/10\/DSC04692_ergebnis-768x576.jpg 768w, https:\/\/olu-limburg.de\/wp-content\/uploads\/2016\/10\/DSC04692_ergebnis-624x468.jpg 624w\" sizes=\"auto, (max-width: 800px) 100vw, 800px\" \/><\/a><p id=\"caption-attachment-10043\" class=\"wp-caption-text\">&#8222;Simboli Grafici&#8220; 1968 Elke Reuter (bis heute einziges Murales der K\u00fcnstlerin): Darstellung verschiedener Elemente und Charakteristiken aus der sardischen oder der aus San Sperate stammenden Kultur.<\/p><\/div>\n<p>Ausser diesen Murales ist San Sperate f\u00fcr die Klangsteine des hier geborenen Bildhauers, Pinnuccio Sciola, bekannt. Das Wohnhaus von Sciola ist aber verschlossen und seine Werkstatt sieht verwaist aus. Wie wir sp\u00e4ter erfahren haben, ist Sciola im Mai dieses Jahres im Alter von 74 Jahren verstorben.<\/p>\n<p><a href=\"https:\/\/olu-limburg.de\/wp-content\/uploads\/2016\/10\/DSC04657_ergebnis.jpg\"><img loading=\"lazy\" decoding=\"async\" class=\"size-full wp-image-10032 aligncenter\" src=\"https:\/\/olu-limburg.de\/wp-content\/uploads\/2016\/10\/DSC04657_ergebnis.jpg\" alt=\"DSC04657_ergebnis\" width=\"800\" height=\"600\" srcset=\"https:\/\/olu-limburg.de\/wp-content\/uploads\/2016\/10\/DSC04657_ergebnis.jpg 800w, https:\/\/olu-limburg.de\/wp-content\/uploads\/2016\/10\/DSC04657_ergebnis-300x225.jpg 300w, https:\/\/olu-limburg.de\/wp-content\/uploads\/2016\/10\/DSC04657_ergebnis-768x576.jpg 768w, https:\/\/olu-limburg.de\/wp-content\/uploads\/2016\/10\/DSC04657_ergebnis-624x468.jpg 624w\" sizes=\"auto, (max-width: 800px) 100vw, 800px\" \/><\/a><\/p>\n<p><a href=\"https:\/\/olu-limburg.de\/wp-content\/uploads\/2016\/10\/DSC04666_ergebnis.jpg\"><img loading=\"lazy\" decoding=\"async\" class=\"size-full wp-image-10036 aligncenter\" src=\"https:\/\/olu-limburg.de\/wp-content\/uploads\/2016\/10\/DSC04666_ergebnis.jpg\" alt=\"DSC04666_ergebnis\" width=\"800\" height=\"600\" srcset=\"https:\/\/olu-limburg.de\/wp-content\/uploads\/2016\/10\/DSC04666_ergebnis.jpg 800w, https:\/\/olu-limburg.de\/wp-content\/uploads\/2016\/10\/DSC04666_ergebnis-300x225.jpg 300w, https:\/\/olu-limburg.de\/wp-content\/uploads\/2016\/10\/DSC04666_ergebnis-768x576.jpg 768w, https:\/\/olu-limburg.de\/wp-content\/uploads\/2016\/10\/DSC04666_ergebnis-624x468.jpg 624w\" sizes=\"auto, (max-width: 800px) 100vw, 800px\" \/><\/a><\/p>\n<p><a href=\"https:\/\/olu-limburg.de\/wp-content\/uploads\/2016\/10\/DSC04669_ergebnis-e1479744218747.jpg\"><img loading=\"lazy\" decoding=\"async\" class=\"size-full wp-image-10037 aligncenter\" src=\"https:\/\/olu-limburg.de\/wp-content\/uploads\/2016\/10\/DSC04669_ergebnis-e1479744218747.jpg\" alt=\"DSC04669_ergebnis\" width=\"450\" height=\"600\" \/><\/a><\/p>\n<p>Weitere seiner Werke stehen im \u00f6rtlichen Skulpturengarten im Stadtpark.<\/p>\n<div id=\"attachment_10041\" style=\"width: 810px\" class=\"wp-caption aligncenter\"><a href=\"https:\/\/olu-limburg.de\/wp-content\/uploads\/2016\/10\/DSC04683_ergebnis.jpg\"><img loading=\"lazy\" decoding=\"async\" aria-describedby=\"caption-attachment-10041\" class=\"wp-image-10041 size-full\" src=\"https:\/\/olu-limburg.de\/wp-content\/uploads\/2016\/10\/DSC04683_ergebnis.jpg\" alt=\"DSC04683_ergebnis\" width=\"800\" height=\"600\" srcset=\"https:\/\/olu-limburg.de\/wp-content\/uploads\/2016\/10\/DSC04683_ergebnis.jpg 800w, https:\/\/olu-limburg.de\/wp-content\/uploads\/2016\/10\/DSC04683_ergebnis-300x225.jpg 300w, https:\/\/olu-limburg.de\/wp-content\/uploads\/2016\/10\/DSC04683_ergebnis-768x576.jpg 768w, https:\/\/olu-limburg.de\/wp-content\/uploads\/2016\/10\/DSC04683_ergebnis-624x468.jpg 624w\" sizes=\"auto, (max-width: 800px) 100vw, 800px\" \/><\/a><p id=\"caption-attachment-10041\" class=\"wp-caption-text\">Versammlung<\/p><\/div>\n<div id=\"attachment_10042\" style=\"width: 810px\" class=\"wp-caption aligncenter\"><a href=\"https:\/\/olu-limburg.de\/wp-content\/uploads\/2016\/10\/DSC04688_ergebnis.jpg\"><img loading=\"lazy\" decoding=\"async\" aria-describedby=\"caption-attachment-10042\" class=\"wp-image-10042 size-full\" src=\"https:\/\/olu-limburg.de\/wp-content\/uploads\/2016\/10\/DSC04688_ergebnis.jpg\" alt=\"DSC04688_ergebnis\" width=\"800\" height=\"600\" srcset=\"https:\/\/olu-limburg.de\/wp-content\/uploads\/2016\/10\/DSC04688_ergebnis.jpg 800w, https:\/\/olu-limburg.de\/wp-content\/uploads\/2016\/10\/DSC04688_ergebnis-300x225.jpg 300w, https:\/\/olu-limburg.de\/wp-content\/uploads\/2016\/10\/DSC04688_ergebnis-768x576.jpg 768w, https:\/\/olu-limburg.de\/wp-content\/uploads\/2016\/10\/DSC04688_ergebnis-624x468.jpg 624w\" sizes=\"auto, (max-width: 800px) 100vw, 800px\" \/><\/a><p id=\"caption-attachment-10042\" class=\"wp-caption-text\">Theater<\/p><\/div>\n<p>Als wir San Sperate auf der Via Monastier verlassen, f\u00e4llt uns auf der linken Stra\u00dfenseite ein &#8222;etwas anderes&#8220; Haus auf. Die Gartenumfriedung ist voller k\u00fcnstlerischer Elemente aus ganz verschiedenen Materialien. Wir halten sofort an und wollen uns diese Besonderheit ein wenig aus der N\u00e4he betrachten. Ein etwas kleinerer Herr l\u00e4dt uns freundlich ein, doch in die <em>Villa Paolo Concu<\/em> herein zu kommen. Es ist der K\u00fcnstler selbst. Er hat \u00fcber viele Jahre hinweg mit Pinuccio Sciola zusammen gearbeitet und den Muralismo voran getrieben. Unter seinen H\u00e4nden wird jedes Material zu Kunst. Selbst ein Pfirsichkern wird liebevoll zu einem\u00a0 Halsschmuck bearbeitet.<\/p>\n<p><a href=\"https:\/\/olu-limburg.de\/wp-content\/uploads\/2016\/10\/DSC04696_ergebnis.jpg\"><img loading=\"lazy\" decoding=\"async\" class=\"size-full wp-image-10045 aligncenter\" src=\"https:\/\/olu-limburg.de\/wp-content\/uploads\/2016\/10\/DSC04696_ergebnis.jpg\" alt=\"DSC04696_ergebnis\" width=\"800\" height=\"600\" srcset=\"https:\/\/olu-limburg.de\/wp-content\/uploads\/2016\/10\/DSC04696_ergebnis.jpg 800w, https:\/\/olu-limburg.de\/wp-content\/uploads\/2016\/10\/DSC04696_ergebnis-300x225.jpg 300w, https:\/\/olu-limburg.de\/wp-content\/uploads\/2016\/10\/DSC04696_ergebnis-768x576.jpg 768w, https:\/\/olu-limburg.de\/wp-content\/uploads\/2016\/10\/DSC04696_ergebnis-624x468.jpg 624w\" sizes=\"auto, (max-width: 800px) 100vw, 800px\" \/><\/a><\/p>\n<p><a href=\"https:\/\/olu-limburg.de\/wp-content\/uploads\/2016\/10\/DSC04697_ergebnis-e1479745665220.jpg\"><img loading=\"lazy\" decoding=\"async\" class=\"size-full wp-image-10046 aligncenter\" src=\"https:\/\/olu-limburg.de\/wp-content\/uploads\/2016\/10\/DSC04697_ergebnis-e1479745665220.jpg\" alt=\"DSC04697_ergebnis\" width=\"450\" height=\"600\" \/><\/a><\/p>\n<p><a href=\"https:\/\/olu-limburg.de\/wp-content\/uploads\/2016\/10\/DSC04698_ergebnis-e1479745693835.jpg\"><img loading=\"lazy\" decoding=\"async\" class=\"size-full wp-image-10047 alignleft\" src=\"https:\/\/olu-limburg.de\/wp-content\/uploads\/2016\/10\/DSC04698_ergebnis-e1479745693835.jpg\" alt=\"DSC04698_ergebnis\" width=\"450\" height=\"600\" \/><\/a><\/p>\n<p><a href=\"https:\/\/olu-limburg.de\/wp-content\/uploads\/2016\/10\/DSC04699_ergebnis-e1479745708450.jpg\"><img loading=\"lazy\" decoding=\"async\" class=\"size-full wp-image-10048 alignright\" src=\"https:\/\/olu-limburg.de\/wp-content\/uploads\/2016\/10\/DSC04699_ergebnis-e1479745708450.jpg\" alt=\"DSC04699_ergebnis\" width=\"450\" height=\"600\" \/><\/a><\/p>\n<p>&nbsp;<\/p>\n<p>&nbsp;<\/p>\n<p>&nbsp;<\/p>\n<div id=\"attachment_10052\" style=\"width: 810px\" class=\"wp-caption aligncenter\"><a href=\"https:\/\/olu-limburg.de\/wp-content\/uploads\/2016\/10\/DSC04703_ergebnis.jpg\"><img loading=\"lazy\" decoding=\"async\" aria-describedby=\"caption-attachment-10052\" class=\"wp-image-10052 size-full\" src=\"https:\/\/olu-limburg.de\/wp-content\/uploads\/2016\/10\/DSC04703_ergebnis.jpg\" alt=\"DSC04703_ergebnis\" width=\"800\" height=\"600\" srcset=\"https:\/\/olu-limburg.de\/wp-content\/uploads\/2016\/10\/DSC04703_ergebnis.jpg 800w, https:\/\/olu-limburg.de\/wp-content\/uploads\/2016\/10\/DSC04703_ergebnis-300x225.jpg 300w, https:\/\/olu-limburg.de\/wp-content\/uploads\/2016\/10\/DSC04703_ergebnis-768x576.jpg 768w, https:\/\/olu-limburg.de\/wp-content\/uploads\/2016\/10\/DSC04703_ergebnis-624x468.jpg 624w\" sizes=\"auto, (max-width: 800px) 100vw, 800px\" \/><\/a><p id=\"caption-attachment-10052\" class=\"wp-caption-text\">Arbeiten zur Nuraghen-Kultur<\/p><\/div>\n<p><a href=\"https:\/\/olu-limburg.de\/wp-content\/uploads\/2016\/10\/DSC04704_ergebnis.jpg\"><img loading=\"lazy\" decoding=\"async\" class=\"size-full wp-image-10053 aligncenter\" src=\"https:\/\/olu-limburg.de\/wp-content\/uploads\/2016\/10\/DSC04704_ergebnis.jpg\" alt=\"DSC04704_ergebnis\" width=\"800\" height=\"600\" srcset=\"https:\/\/olu-limburg.de\/wp-content\/uploads\/2016\/10\/DSC04704_ergebnis.jpg 800w, https:\/\/olu-limburg.de\/wp-content\/uploads\/2016\/10\/DSC04704_ergebnis-300x225.jpg 300w, https:\/\/olu-limburg.de\/wp-content\/uploads\/2016\/10\/DSC04704_ergebnis-768x576.jpg 768w, https:\/\/olu-limburg.de\/wp-content\/uploads\/2016\/10\/DSC04704_ergebnis-624x468.jpg 624w\" sizes=\"auto, (max-width: 800px) 100vw, 800px\" \/><\/a><\/p>\n<div id=\"attachment_10054\" style=\"width: 460px\" class=\"wp-caption aligncenter\"><a href=\"https:\/\/olu-limburg.de\/wp-content\/uploads\/2016\/10\/DSC04705_ergebnis-e1479745763391.jpg\"><img loading=\"lazy\" decoding=\"async\" aria-describedby=\"caption-attachment-10054\" class=\"wp-image-10054 size-full\" src=\"https:\/\/olu-limburg.de\/wp-content\/uploads\/2016\/10\/DSC04705_ergebnis-e1479745763391.jpg\" alt=\"DSC04705_ergebnis\" width=\"450\" height=\"600\" \/><\/a><p id=\"caption-attachment-10054\" class=\"wp-caption-text\">P. Concu an seinem Arbeitsplatz<\/p><\/div>\n<p>Auf Autobahn und Landstra\u00dfe geht es nach Norden zur Ausgrabungsst\u00e4tte der Nuraghen-Festung <em>Su Nuraxi<\/em>. Hier \u00fcbernachten wir direkt dabei in dem \u00d6rtchen Barumini. Wir bummeln noch ein wenig durch den alten Ortskern.\u00a0 Auf der Terrasse der Bar ist kaum noch Platz. Die M\u00e4nner verfolgen bei einem Glas Wein oder einem Bier ein spannendes Fu\u00dfballspiel im Fernsehen.<\/p>\n<p><a href=\"https:\/\/olu-limburg.de\/wp-content\/uploads\/2016\/10\/DSC04709_ergebnis.jpg\"><img loading=\"lazy\" decoding=\"async\" class=\"size-full wp-image-10059 aligncenter\" src=\"https:\/\/olu-limburg.de\/wp-content\/uploads\/2016\/10\/DSC04709_ergebnis.jpg\" alt=\"DSC04709_ergebnis\" width=\"800\" height=\"600\" srcset=\"https:\/\/olu-limburg.de\/wp-content\/uploads\/2016\/10\/DSC04709_ergebnis.jpg 800w, https:\/\/olu-limburg.de\/wp-content\/uploads\/2016\/10\/DSC04709_ergebnis-300x225.jpg 300w, https:\/\/olu-limburg.de\/wp-content\/uploads\/2016\/10\/DSC04709_ergebnis-768x576.jpg 768w, https:\/\/olu-limburg.de\/wp-content\/uploads\/2016\/10\/DSC04709_ergebnis-624x468.jpg 624w\" sizes=\"auto, (max-width: 800px) 100vw, 800px\" \/><\/a><\/p>\n<div id=\"attachment_10061\" style=\"width: 810px\" class=\"wp-caption aligncenter\"><a href=\"https:\/\/olu-limburg.de\/wp-content\/uploads\/2016\/10\/DSC04722_ergebnis.jpg\"><img loading=\"lazy\" decoding=\"async\" aria-describedby=\"caption-attachment-10061\" class=\"size-full wp-image-10061\" src=\"https:\/\/olu-limburg.de\/wp-content\/uploads\/2016\/10\/DSC04722_ergebnis.jpg\" alt=\"Palazzo Zapata\" width=\"800\" height=\"600\" srcset=\"https:\/\/olu-limburg.de\/wp-content\/uploads\/2016\/10\/DSC04722_ergebnis.jpg 800w, https:\/\/olu-limburg.de\/wp-content\/uploads\/2016\/10\/DSC04722_ergebnis-300x225.jpg 300w, https:\/\/olu-limburg.de\/wp-content\/uploads\/2016\/10\/DSC04722_ergebnis-768x576.jpg 768w, https:\/\/olu-limburg.de\/wp-content\/uploads\/2016\/10\/DSC04722_ergebnis-624x468.jpg 624w\" sizes=\"auto, (max-width: 800px) 100vw, 800px\" \/><\/a><p id=\"caption-attachment-10061\" class=\"wp-caption-text\">Palazzo Zapata<\/p><\/div>\n<p><a href=\"https:\/\/olu-limburg.de\/wp-content\/uploads\/2016\/10\/DSC04723_ergebnis.jpg\"><img loading=\"lazy\" decoding=\"async\" class=\"size-full wp-image-10062 aligncenter\" src=\"https:\/\/olu-limburg.de\/wp-content\/uploads\/2016\/10\/DSC04723_ergebnis.jpg\" alt=\"DSC04723_ergebnis\" width=\"800\" height=\"600\" srcset=\"https:\/\/olu-limburg.de\/wp-content\/uploads\/2016\/10\/DSC04723_ergebnis.jpg 800w, https:\/\/olu-limburg.de\/wp-content\/uploads\/2016\/10\/DSC04723_ergebnis-300x225.jpg 300w, https:\/\/olu-limburg.de\/wp-content\/uploads\/2016\/10\/DSC04723_ergebnis-768x576.jpg 768w, https:\/\/olu-limburg.de\/wp-content\/uploads\/2016\/10\/DSC04723_ergebnis-624x468.jpg 624w\" sizes=\"auto, (max-width: 800px) 100vw, 800px\" \/><\/a><\/p>\n<p>Auf unserem \u00dcbernachtungsplatz, etwas au\u00dferhalb des Ortskerns, ist es stockduster.<\/p>\n<p>Tagesstrecke: 146 km<\/p>\n<p>&nbsp;<\/p>\n<p><strong>Sonntag, 02.10.2016<\/strong><\/p>\n<p><a href=\"https:\/\/olu-limburg.de\/wp-content\/uploads\/2016\/10\/DSC04724_ergebnis.jpg\"><img loading=\"lazy\" decoding=\"async\" class=\"alignnone size-full wp-image-10063\" src=\"https:\/\/olu-limburg.de\/wp-content\/uploads\/2016\/10\/DSC04724_ergebnis.jpg\" alt=\"DSC04724_ergebnis\" width=\"800\" height=\"600\" srcset=\"https:\/\/olu-limburg.de\/wp-content\/uploads\/2016\/10\/DSC04724_ergebnis.jpg 800w, https:\/\/olu-limburg.de\/wp-content\/uploads\/2016\/10\/DSC04724_ergebnis-300x225.jpg 300w, https:\/\/olu-limburg.de\/wp-content\/uploads\/2016\/10\/DSC04724_ergebnis-768x576.jpg 768w, https:\/\/olu-limburg.de\/wp-content\/uploads\/2016\/10\/DSC04724_ergebnis-624x468.jpg 624w\" sizes=\"auto, (max-width: 800px) 100vw, 800px\" \/><\/a><\/p>\n<p>Schon sehr fr\u00fch fahren wir zur Nuraghen-Festung. Auf dem zwar etwas schr\u00e4gen Parkplatz h\u00e4tten wir auch \u00fcbernachten k\u00f6nnen. <em>Su Nuraxi<\/em> ist seit 1997 UNESCO Weltkulturerbe. Die Anlage kann nur mit einem F\u00fchrer betreten werden.<\/p>\n<p><a href=\"https:\/\/olu-limburg.de\/wp-content\/uploads\/2016\/10\/DSC04725_ergebnis.jpg\"><img loading=\"lazy\" decoding=\"async\" class=\"alignnone size-full wp-image-10064\" src=\"https:\/\/olu-limburg.de\/wp-content\/uploads\/2016\/10\/DSC04725_ergebnis.jpg\" alt=\"DSC04725_ergebnis\" width=\"800\" height=\"600\" srcset=\"https:\/\/olu-limburg.de\/wp-content\/uploads\/2016\/10\/DSC04725_ergebnis.jpg 800w, https:\/\/olu-limburg.de\/wp-content\/uploads\/2016\/10\/DSC04725_ergebnis-300x225.jpg 300w, https:\/\/olu-limburg.de\/wp-content\/uploads\/2016\/10\/DSC04725_ergebnis-768x576.jpg 768w, https:\/\/olu-limburg.de\/wp-content\/uploads\/2016\/10\/DSC04725_ergebnis-624x468.jpg 624w\" sizes=\"auto, (max-width: 800px) 100vw, 800px\" \/><\/a><\/p>\n<p>Die Burganlage besteht aus einem Hauptturm, und vier weiteren T\u00fcrmen, die ihn in einer Rautenform umgeben. Im Laufe der Zeit bildete sich ein H\u00fcttendorf um diese Befestigungsanlage. An der Siedlung wurde von 1500 bis 500 v. Chr. gebaut. Genial f\u00fcr die damalige Zeit war die Ummantelung des Hauptturmes mit einer Doppelmauer. Dazwischen verbarg sich die Treppe, auf der man die anderen Etagen erreichen konnte.<\/p>\n<p><a href=\"https:\/\/olu-limburg.de\/wp-content\/uploads\/2016\/10\/DSC04766_ergebnis.jpg\"><img loading=\"lazy\" decoding=\"async\" class=\"size-full wp-image-10076 aligncenter\" src=\"https:\/\/olu-limburg.de\/wp-content\/uploads\/2016\/10\/DSC04766_ergebnis.jpg\" alt=\"DSC04766_ergebnis\" width=\"800\" height=\"600\" srcset=\"https:\/\/olu-limburg.de\/wp-content\/uploads\/2016\/10\/DSC04766_ergebnis.jpg 800w, https:\/\/olu-limburg.de\/wp-content\/uploads\/2016\/10\/DSC04766_ergebnis-300x225.jpg 300w, https:\/\/olu-limburg.de\/wp-content\/uploads\/2016\/10\/DSC04766_ergebnis-768x576.jpg 768w, https:\/\/olu-limburg.de\/wp-content\/uploads\/2016\/10\/DSC04766_ergebnis-624x468.jpg 624w\" sizes=\"auto, (max-width: 800px) 100vw, 800px\" \/><\/a><\/p>\n<p><a href=\"https:\/\/olu-limburg.de\/wp-content\/uploads\/2016\/10\/DSC04728_ergebnis.jpg\"><img loading=\"lazy\" decoding=\"async\" class=\"size-full wp-image-10065 aligncenter\" src=\"https:\/\/olu-limburg.de\/wp-content\/uploads\/2016\/10\/DSC04728_ergebnis.jpg\" alt=\"DSC04728_ergebnis\" width=\"800\" height=\"600\" srcset=\"https:\/\/olu-limburg.de\/wp-content\/uploads\/2016\/10\/DSC04728_ergebnis.jpg 800w, https:\/\/olu-limburg.de\/wp-content\/uploads\/2016\/10\/DSC04728_ergebnis-300x225.jpg 300w, https:\/\/olu-limburg.de\/wp-content\/uploads\/2016\/10\/DSC04728_ergebnis-768x576.jpg 768w, https:\/\/olu-limburg.de\/wp-content\/uploads\/2016\/10\/DSC04728_ergebnis-624x468.jpg 624w\" sizes=\"auto, (max-width: 800px) 100vw, 800px\" \/><\/a><\/p>\n<p><a href=\"https:\/\/olu-limburg.de\/wp-content\/uploads\/2016\/10\/DSC04743_ergebnis-e1479765416256.jpg\"><img loading=\"lazy\" decoding=\"async\" class=\"size-full wp-image-10070 alignleft\" src=\"https:\/\/olu-limburg.de\/wp-content\/uploads\/2016\/10\/DSC04743_ergebnis-e1479765416256.jpg\" alt=\"DSC04743_ergebnis\" width=\"450\" height=\"600\" \/><\/a><\/p>\n<p><a href=\"https:\/\/olu-limburg.de\/wp-content\/uploads\/2016\/10\/DSC04745_ergebnis-e1479765479693.jpg\"><img loading=\"lazy\" decoding=\"async\" class=\"size-full wp-image-10071 alignright\" src=\"https:\/\/olu-limburg.de\/wp-content\/uploads\/2016\/10\/DSC04745_ergebnis-e1479765479693.jpg\" alt=\"DSC04745_ergebnis\" width=\"450\" height=\"600\" \/><\/a><\/p>\n<p><a href=\"https:\/\/olu-limburg.de\/wp-content\/uploads\/2016\/10\/DSC04748_ergebnis-e1479765502363.jpg\"><img loading=\"lazy\" decoding=\"async\" class=\"size-full wp-image-10072 alignleft\" src=\"https:\/\/olu-limburg.de\/wp-content\/uploads\/2016\/10\/DSC04748_ergebnis-e1479765502363.jpg\" alt=\"DSC04748_ergebnis\" width=\"450\" height=\"600\" \/><\/a><\/p>\n<p><a href=\"https:\/\/olu-limburg.de\/wp-content\/uploads\/2016\/10\/DSC04749_ergebnis-e1479765518678.jpg\"><img loading=\"lazy\" decoding=\"async\" class=\"size-full wp-image-10073 alignright\" src=\"https:\/\/olu-limburg.de\/wp-content\/uploads\/2016\/10\/DSC04749_ergebnis-e1479765518678.jpg\" alt=\"DSC04749_ergebnis\" width=\"450\" height=\"600\" \/><\/a><\/p>\n<p><a href=\"https:\/\/olu-limburg.de\/wp-content\/uploads\/2016\/10\/DSC04739_ergebnis.jpg\"><img loading=\"lazy\" decoding=\"async\" class=\"size-full wp-image-10068 aligncenter\" src=\"https:\/\/olu-limburg.de\/wp-content\/uploads\/2016\/10\/DSC04739_ergebnis.jpg\" alt=\"DSC04739_ergebnis\" width=\"800\" height=\"600\" srcset=\"https:\/\/olu-limburg.de\/wp-content\/uploads\/2016\/10\/DSC04739_ergebnis.jpg 800w, https:\/\/olu-limburg.de\/wp-content\/uploads\/2016\/10\/DSC04739_ergebnis-300x225.jpg 300w, https:\/\/olu-limburg.de\/wp-content\/uploads\/2016\/10\/DSC04739_ergebnis-768x576.jpg 768w, https:\/\/olu-limburg.de\/wp-content\/uploads\/2016\/10\/DSC04739_ergebnis-624x468.jpg 624w\" sizes=\"auto, (max-width: 800px) 100vw, 800px\" \/><\/a><\/p>\n<p><a href=\"https:\/\/olu-limburg.de\/wp-content\/uploads\/2016\/10\/DSC04738_ergebnis.jpg\"><img loading=\"lazy\" decoding=\"async\" class=\"size-full wp-image-10067 aligncenter\" src=\"https:\/\/olu-limburg.de\/wp-content\/uploads\/2016\/10\/DSC04738_ergebnis.jpg\" alt=\"DSC04738_ergebnis\" width=\"800\" height=\"600\" srcset=\"https:\/\/olu-limburg.de\/wp-content\/uploads\/2016\/10\/DSC04738_ergebnis.jpg 800w, https:\/\/olu-limburg.de\/wp-content\/uploads\/2016\/10\/DSC04738_ergebnis-300x225.jpg 300w, https:\/\/olu-limburg.de\/wp-content\/uploads\/2016\/10\/DSC04738_ergebnis-768x576.jpg 768w, https:\/\/olu-limburg.de\/wp-content\/uploads\/2016\/10\/DSC04738_ergebnis-624x468.jpg 624w\" sizes=\"auto, (max-width: 800px) 100vw, 800px\" \/><\/a><\/p>\n<p><a href=\"https:\/\/olu-limburg.de\/wp-content\/uploads\/2016\/10\/DSC04761_ergebnis.jpg\"><img loading=\"lazy\" decoding=\"async\" class=\"size-full wp-image-10075 aligncenter\" src=\"https:\/\/olu-limburg.de\/wp-content\/uploads\/2016\/10\/DSC04761_ergebnis.jpg\" alt=\"DSC04761_ergebnis\" width=\"800\" height=\"600\" srcset=\"https:\/\/olu-limburg.de\/wp-content\/uploads\/2016\/10\/DSC04761_ergebnis.jpg 800w, https:\/\/olu-limburg.de\/wp-content\/uploads\/2016\/10\/DSC04761_ergebnis-300x225.jpg 300w, https:\/\/olu-limburg.de\/wp-content\/uploads\/2016\/10\/DSC04761_ergebnis-768x576.jpg 768w, https:\/\/olu-limburg.de\/wp-content\/uploads\/2016\/10\/DSC04761_ergebnis-624x468.jpg 624w\" sizes=\"auto, (max-width: 800px) 100vw, 800px\" \/><\/a><\/p>\n<p>Mit den Eintrittskarten von <em>Su Nuraxi<\/em>, kann man auch das <em>Polo Musea le Casa Zapata<\/em> (hier hat man unter dem Haus bei Ausgrabungen Reste einer Nuraghen-Siedlung gefunden) in Barmini und das <em>Centro Giovanni Lilliu<\/em> (Kulturzentrum f\u00fcr Ausstellungen um <em>Su Nuraxi<\/em> und Sardinien) besuchen. Wir besuchen nur das Casa Zapata.<\/p>\n<p><a href=\"https:\/\/olu-limburg.de\/wp-content\/uploads\/2016\/10\/SAM_4638_ergebnis.jpg\"><img loading=\"lazy\" decoding=\"async\" class=\"size-full wp-image-10089 aligncenter\" src=\"https:\/\/olu-limburg.de\/wp-content\/uploads\/2016\/10\/SAM_4638_ergebnis.jpg\" alt=\"SAM_4638_ergebnis\" width=\"800\" height=\"600\" srcset=\"https:\/\/olu-limburg.de\/wp-content\/uploads\/2016\/10\/SAM_4638_ergebnis.jpg 800w, https:\/\/olu-limburg.de\/wp-content\/uploads\/2016\/10\/SAM_4638_ergebnis-300x225.jpg 300w, https:\/\/olu-limburg.de\/wp-content\/uploads\/2016\/10\/SAM_4638_ergebnis-768x576.jpg 768w, https:\/\/olu-limburg.de\/wp-content\/uploads\/2016\/10\/SAM_4638_ergebnis-624x468.jpg 624w\" sizes=\"auto, (max-width: 800px) 100vw, 800px\" \/><\/a><\/p>\n<p><a href=\"https:\/\/olu-limburg.de\/wp-content\/uploads\/2016\/10\/SAM_4643_ergebnis.jpg\"><img loading=\"lazy\" decoding=\"async\" class=\"size-full wp-image-10090 aligncenter\" src=\"https:\/\/olu-limburg.de\/wp-content\/uploads\/2016\/10\/SAM_4643_ergebnis.jpg\" alt=\"SAM_4643_ergebnis\" width=\"800\" height=\"600\" srcset=\"https:\/\/olu-limburg.de\/wp-content\/uploads\/2016\/10\/SAM_4643_ergebnis.jpg 800w, https:\/\/olu-limburg.de\/wp-content\/uploads\/2016\/10\/SAM_4643_ergebnis-300x225.jpg 300w, https:\/\/olu-limburg.de\/wp-content\/uploads\/2016\/10\/SAM_4643_ergebnis-768x576.jpg 768w, https:\/\/olu-limburg.de\/wp-content\/uploads\/2016\/10\/SAM_4643_ergebnis-624x468.jpg 624w\" sizes=\"auto, (max-width: 800px) 100vw, 800px\" \/><\/a><\/p>\n<p><a href=\"https:\/\/olu-limburg.de\/wp-content\/uploads\/2016\/10\/SAM_4644_ergebnis-e1479830867432.jpg\"><img loading=\"lazy\" decoding=\"async\" class=\"size-full wp-image-10091 aligncenter\" src=\"https:\/\/olu-limburg.de\/wp-content\/uploads\/2016\/10\/SAM_4644_ergebnis-e1479830867432.jpg\" alt=\"SAM_4644_ergebnis\" width=\"450\" height=\"600\" \/><\/a><\/p>\n<div id=\"attachment_10407\" style=\"width: 810px\" class=\"wp-caption alignnone\"><a href=\"https:\/\/olu-limburg.de\/wp-content\/uploads\/2016\/10\/P1000676_ergebnis.jpg\"><img loading=\"lazy\" decoding=\"async\" aria-describedby=\"caption-attachment-10407\" class=\"wp-image-10407 size-full\" src=\"https:\/\/olu-limburg.de\/wp-content\/uploads\/2016\/10\/P1000676_ergebnis.jpg\" alt=\"P1000676_ergebnis\" width=\"800\" height=\"600\" srcset=\"https:\/\/olu-limburg.de\/wp-content\/uploads\/2016\/10\/P1000676_ergebnis.jpg 800w, https:\/\/olu-limburg.de\/wp-content\/uploads\/2016\/10\/P1000676_ergebnis-300x225.jpg 300w, https:\/\/olu-limburg.de\/wp-content\/uploads\/2016\/10\/P1000676_ergebnis-768x576.jpg 768w, https:\/\/olu-limburg.de\/wp-content\/uploads\/2016\/10\/P1000676_ergebnis-624x468.jpg 624w\" sizes=\"auto, (max-width: 800px) 100vw, 800px\" \/><\/a><p id=\"caption-attachment-10407\" class=\"wp-caption-text\">Malloreddu-Herstellung<\/p><\/div>\n<p>Lena hat gestern ein Plakat gesehen, auf dem f\u00fcr heute ein pastorales Fest in dem Nachbarort Gesturi mit Prozession, Trachten und Musik angek\u00fcndigt wird. Fahren wir doch mal nach Gesturi!<\/p>\n<p>Au\u00dfer ein paar Fisch-Grillst\u00e4nden um die Kirche herum ist noch alles ruhig. Ein deutsch sprechender Einheimischer erkl\u00e4rt uns, dass die Prozession erst am fr\u00fchen Abend stattfindet. Wir kaufen uns einen gegrillten Fisch und gegrillte Kalamares, die wir im Wohnmobil z\u00fcnftig verzehren.<\/p>\n<p><a href=\"https:\/\/olu-limburg.de\/wp-content\/uploads\/2016\/10\/SAM_4649_ergebnis.jpg\"><img loading=\"lazy\" decoding=\"async\" class=\"size-full wp-image-10092 aligncenter\" src=\"https:\/\/olu-limburg.de\/wp-content\/uploads\/2016\/10\/SAM_4649_ergebnis.jpg\" alt=\"SAM_4649_ergebnis\" width=\"800\" height=\"600\" srcset=\"https:\/\/olu-limburg.de\/wp-content\/uploads\/2016\/10\/SAM_4649_ergebnis.jpg 800w, https:\/\/olu-limburg.de\/wp-content\/uploads\/2016\/10\/SAM_4649_ergebnis-300x225.jpg 300w, https:\/\/olu-limburg.de\/wp-content\/uploads\/2016\/10\/SAM_4649_ergebnis-768x576.jpg 768w, https:\/\/olu-limburg.de\/wp-content\/uploads\/2016\/10\/SAM_4649_ergebnis-624x468.jpg 624w\" sizes=\"auto, (max-width: 800px) 100vw, 800px\" \/><\/a><\/p>\n<div id=\"attachment_10093\" style=\"width: 810px\" class=\"wp-caption alignnone\"><a href=\"https:\/\/olu-limburg.de\/wp-content\/uploads\/2016\/10\/SAM_4650_ergebnis.jpg\"><img loading=\"lazy\" decoding=\"async\" aria-describedby=\"caption-attachment-10093\" class=\"size-full wp-image-10093\" src=\"https:\/\/olu-limburg.de\/wp-content\/uploads\/2016\/10\/SAM_4650_ergebnis.jpg\" alt=\"gegrillter Aal\" width=\"800\" height=\"600\" srcset=\"https:\/\/olu-limburg.de\/wp-content\/uploads\/2016\/10\/SAM_4650_ergebnis.jpg 800w, https:\/\/olu-limburg.de\/wp-content\/uploads\/2016\/10\/SAM_4650_ergebnis-300x225.jpg 300w, https:\/\/olu-limburg.de\/wp-content\/uploads\/2016\/10\/SAM_4650_ergebnis-768x576.jpg 768w, https:\/\/olu-limburg.de\/wp-content\/uploads\/2016\/10\/SAM_4650_ergebnis-624x468.jpg 624w\" sizes=\"auto, (max-width: 800px) 100vw, 800px\" \/><\/a><p id=\"caption-attachment-10093\" class=\"wp-caption-text\">gegrillter Aal<\/p><\/div>\n<p><a href=\"https:\/\/olu-limburg.de\/wp-content\/uploads\/2016\/10\/DSC04767_ergebnis-e1479768736640.jpg\"><img loading=\"lazy\" decoding=\"async\" class=\"size-full wp-image-10077 alignleft\" src=\"https:\/\/olu-limburg.de\/wp-content\/uploads\/2016\/10\/DSC04767_ergebnis-e1479768736640.jpg\" alt=\"DSC04767_ergebnis\" width=\"450\" height=\"600\" \/><\/a><\/p>\n<p><a href=\"https:\/\/olu-limburg.de\/wp-content\/uploads\/2016\/10\/DSC04772_ergebnis-e1479768759856.jpg\"><img loading=\"lazy\" decoding=\"async\" class=\"size-full wp-image-10078 aligncenter\" src=\"https:\/\/olu-limburg.de\/wp-content\/uploads\/2016\/10\/DSC04772_ergebnis-e1479768759856.jpg\" alt=\"DSC04772_ergebnis\" width=\"450\" height=\"600\" \/><\/a><\/p>\n<div id=\"attachment_10095\" style=\"width: 810px\" class=\"wp-caption aligncenter\"><a href=\"https:\/\/olu-limburg.de\/wp-content\/uploads\/2016\/10\/SAM_4656_ergebnis.jpg\"><img loading=\"lazy\" decoding=\"async\" aria-describedby=\"caption-attachment-10095\" class=\"wp-image-10095 size-full\" src=\"https:\/\/olu-limburg.de\/wp-content\/uploads\/2016\/10\/SAM_4656_ergebnis.jpg\" alt=\"SAM_4656_ergebnis\" width=\"800\" height=\"600\" srcset=\"https:\/\/olu-limburg.de\/wp-content\/uploads\/2016\/10\/SAM_4656_ergebnis.jpg 800w, https:\/\/olu-limburg.de\/wp-content\/uploads\/2016\/10\/SAM_4656_ergebnis-300x225.jpg 300w, https:\/\/olu-limburg.de\/wp-content\/uploads\/2016\/10\/SAM_4656_ergebnis-768x576.jpg 768w, https:\/\/olu-limburg.de\/wp-content\/uploads\/2016\/10\/SAM_4656_ergebnis-624x468.jpg 624w\" sizes=\"auto, (max-width: 800px) 100vw, 800px\" \/><\/a><p id=\"caption-attachment-10095\" class=\"wp-caption-text\">immer wieder Fra Nicola da Gesturi<\/p><\/div>\n<p><a href=\"https:\/\/olu-limburg.de\/wp-content\/uploads\/2016\/10\/SAM_4652_ergebnis.jpg\"><img loading=\"lazy\" decoding=\"async\" class=\"size-full wp-image-10094 aligncenter\" src=\"https:\/\/olu-limburg.de\/wp-content\/uploads\/2016\/10\/SAM_4652_ergebnis.jpg\" alt=\"SAM_4652_ergebnis\" width=\"800\" height=\"600\" srcset=\"https:\/\/olu-limburg.de\/wp-content\/uploads\/2016\/10\/SAM_4652_ergebnis.jpg 800w, https:\/\/olu-limburg.de\/wp-content\/uploads\/2016\/10\/SAM_4652_ergebnis-300x225.jpg 300w, https:\/\/olu-limburg.de\/wp-content\/uploads\/2016\/10\/SAM_4652_ergebnis-768x576.jpg 768w, https:\/\/olu-limburg.de\/wp-content\/uploads\/2016\/10\/SAM_4652_ergebnis-624x468.jpg 624w\" sizes=\"auto, (max-width: 800px) 100vw, 800px\" \/><\/a><\/p>\n<p>Da noch so viel Zeit ist, nutzen wir die g\u00fcnstige Bergseite und fahren auf die 4 km entfernte Hochebene <em>Giara di Gesturi<\/em>. In engen Kurven windet sich die Stra\u00dfe nach oben. Das Gatter beim National-Park ist offen. Eintritt wird auch keiner erhoben.<\/p>\n<p><a href=\"https:\/\/olu-limburg.de\/wp-content\/uploads\/2016\/10\/SAM_4658_ergebnis.jpg\"><img loading=\"lazy\" decoding=\"async\" class=\"size-full wp-image-10096 aligncenter\" src=\"https:\/\/olu-limburg.de\/wp-content\/uploads\/2016\/10\/SAM_4658_ergebnis.jpg\" alt=\"SAM_4658_ergebnis\" width=\"800\" height=\"600\" srcset=\"https:\/\/olu-limburg.de\/wp-content\/uploads\/2016\/10\/SAM_4658_ergebnis.jpg 800w, https:\/\/olu-limburg.de\/wp-content\/uploads\/2016\/10\/SAM_4658_ergebnis-300x225.jpg 300w, https:\/\/olu-limburg.de\/wp-content\/uploads\/2016\/10\/SAM_4658_ergebnis-768x576.jpg 768w, https:\/\/olu-limburg.de\/wp-content\/uploads\/2016\/10\/SAM_4658_ergebnis-624x468.jpg 624w\" sizes=\"auto, (max-width: 800px) 100vw, 800px\" \/><\/a><\/p>\n<p>Auf unserer Suche nach den Wildpferden, kommen wir an den <em>Paulis<\/em> vorbei. Dies sind ausgetrocknete Wasserstellen, die w\u00e4hrend der Vulkant\u00e4tigkeit entstanden sind. \u00dcberall liegt auch vulkanisches Gestein.<\/p>\n<p><a href=\"https:\/\/olu-limburg.de\/wp-content\/uploads\/2016\/10\/SAM_4660_ergebnis.jpg\"><img loading=\"lazy\" decoding=\"async\" class=\"size-full wp-image-10097 aligncenter\" src=\"https:\/\/olu-limburg.de\/wp-content\/uploads\/2016\/10\/SAM_4660_ergebnis.jpg\" alt=\"SAM_4660_ergebnis\" width=\"800\" height=\"600\" srcset=\"https:\/\/olu-limburg.de\/wp-content\/uploads\/2016\/10\/SAM_4660_ergebnis.jpg 800w, https:\/\/olu-limburg.de\/wp-content\/uploads\/2016\/10\/SAM_4660_ergebnis-300x225.jpg 300w, https:\/\/olu-limburg.de\/wp-content\/uploads\/2016\/10\/SAM_4660_ergebnis-768x576.jpg 768w, https:\/\/olu-limburg.de\/wp-content\/uploads\/2016\/10\/SAM_4660_ergebnis-624x468.jpg 624w\" sizes=\"auto, (max-width: 800px) 100vw, 800px\" \/><\/a><\/p>\n<div id=\"attachment_10098\" style=\"width: 810px\" class=\"wp-caption aligncenter\"><a href=\"https:\/\/olu-limburg.de\/wp-content\/uploads\/2016\/10\/SAM_4663_ergebnis.jpg\"><img loading=\"lazy\" decoding=\"async\" aria-describedby=\"caption-attachment-10098\" class=\"size-full wp-image-10098\" src=\"https:\/\/olu-limburg.de\/wp-content\/uploads\/2016\/10\/SAM_4663_ergebnis.jpg\" alt=\"Korkeichen nach der Ernte\" width=\"800\" height=\"600\" srcset=\"https:\/\/olu-limburg.de\/wp-content\/uploads\/2016\/10\/SAM_4663_ergebnis.jpg 800w, https:\/\/olu-limburg.de\/wp-content\/uploads\/2016\/10\/SAM_4663_ergebnis-300x225.jpg 300w, https:\/\/olu-limburg.de\/wp-content\/uploads\/2016\/10\/SAM_4663_ergebnis-768x576.jpg 768w, https:\/\/olu-limburg.de\/wp-content\/uploads\/2016\/10\/SAM_4663_ergebnis-624x468.jpg 624w\" sizes=\"auto, (max-width: 800px) 100vw, 800px\" \/><\/a><p id=\"caption-attachment-10098\" class=\"wp-caption-text\">Korkeichen nach der Ernte<\/p><\/div>\n<p>Dahinten im Geb\u00fcsch bewegt sich was. Es sind K\u00fche.<\/p>\n<p><a href=\"https:\/\/olu-limburg.de\/wp-content\/uploads\/2016\/10\/SAM_4674_ergebnis.jpg\"><img loading=\"lazy\" decoding=\"async\" class=\"size-full wp-image-10100 aligncenter\" src=\"https:\/\/olu-limburg.de\/wp-content\/uploads\/2016\/10\/SAM_4674_ergebnis.jpg\" alt=\"SAM_4674_ergebnis\" width=\"800\" height=\"600\" srcset=\"https:\/\/olu-limburg.de\/wp-content\/uploads\/2016\/10\/SAM_4674_ergebnis.jpg 800w, https:\/\/olu-limburg.de\/wp-content\/uploads\/2016\/10\/SAM_4674_ergebnis-300x225.jpg 300w, https:\/\/olu-limburg.de\/wp-content\/uploads\/2016\/10\/SAM_4674_ergebnis-768x576.jpg 768w, https:\/\/olu-limburg.de\/wp-content\/uploads\/2016\/10\/SAM_4674_ergebnis-624x468.jpg 624w\" sizes=\"auto, (max-width: 800px) 100vw, 800px\" \/><\/a><\/p>\n<p><a href=\"https:\/\/olu-limburg.de\/wp-content\/uploads\/2016\/10\/SAM_4669_ergebnis.jpg\"><img loading=\"lazy\" decoding=\"async\" class=\"size-full wp-image-10099 aligncenter\" src=\"https:\/\/olu-limburg.de\/wp-content\/uploads\/2016\/10\/SAM_4669_ergebnis.jpg\" alt=\"SAM_4669_ergebnis\" width=\"800\" height=\"600\" srcset=\"https:\/\/olu-limburg.de\/wp-content\/uploads\/2016\/10\/SAM_4669_ergebnis.jpg 800w, https:\/\/olu-limburg.de\/wp-content\/uploads\/2016\/10\/SAM_4669_ergebnis-300x225.jpg 300w, https:\/\/olu-limburg.de\/wp-content\/uploads\/2016\/10\/SAM_4669_ergebnis-768x576.jpg 768w, https:\/\/olu-limburg.de\/wp-content\/uploads\/2016\/10\/SAM_4669_ergebnis-624x468.jpg 624w\" sizes=\"auto, (max-width: 800px) 100vw, 800px\" \/><\/a><\/p>\n<p>Kurze Zeit sp\u00e4ter sehen wir sie. Es ist eine kleine Herde von Wildpferden, die langsam immer n\u00e4her kommen. Sie befinden sich wahrscheinlich auf ihrem festen abendlichen Weg.<\/p>\n<p><a href=\"https:\/\/olu-limburg.de\/wp-content\/uploads\/2016\/10\/P1000731_ergebnis.jpg\"><img loading=\"lazy\" decoding=\"async\" class=\"size-full wp-image-10409 aligncenter\" src=\"https:\/\/olu-limburg.de\/wp-content\/uploads\/2016\/10\/P1000731_ergebnis.jpg\" alt=\"P1000731_ergebnis\" width=\"800\" height=\"600\" srcset=\"https:\/\/olu-limburg.de\/wp-content\/uploads\/2016\/10\/P1000731_ergebnis.jpg 800w, https:\/\/olu-limburg.de\/wp-content\/uploads\/2016\/10\/P1000731_ergebnis-300x225.jpg 300w, https:\/\/olu-limburg.de\/wp-content\/uploads\/2016\/10\/P1000731_ergebnis-768x576.jpg 768w, https:\/\/olu-limburg.de\/wp-content\/uploads\/2016\/10\/P1000731_ergebnis-624x468.jpg 624w\" sizes=\"auto, (max-width: 800px) 100vw, 800px\" \/><\/a><\/p>\n<p><a href=\"https:\/\/olu-limburg.de\/wp-content\/uploads\/2016\/10\/SAM_4701_ergebnis.jpg\"><img loading=\"lazy\" decoding=\"async\" class=\"size-full wp-image-10103 aligncenter\" src=\"https:\/\/olu-limburg.de\/wp-content\/uploads\/2016\/10\/SAM_4701_ergebnis.jpg\" alt=\"SAM_4701_ergebnis\" width=\"800\" height=\"600\" srcset=\"https:\/\/olu-limburg.de\/wp-content\/uploads\/2016\/10\/SAM_4701_ergebnis.jpg 800w, https:\/\/olu-limburg.de\/wp-content\/uploads\/2016\/10\/SAM_4701_ergebnis-300x225.jpg 300w, https:\/\/olu-limburg.de\/wp-content\/uploads\/2016\/10\/SAM_4701_ergebnis-768x576.jpg 768w, https:\/\/olu-limburg.de\/wp-content\/uploads\/2016\/10\/SAM_4701_ergebnis-624x468.jpg 624w\" sizes=\"auto, (max-width: 800px) 100vw, 800px\" \/><\/a><\/p>\n<div id=\"attachment_10102\" style=\"width: 810px\" class=\"wp-caption aligncenter\"><a href=\"https:\/\/olu-limburg.de\/wp-content\/uploads\/2016\/10\/SAM_4679_ergebnis.jpg\"><img loading=\"lazy\" decoding=\"async\" aria-describedby=\"caption-attachment-10102\" class=\"wp-image-10102 size-full\" src=\"https:\/\/olu-limburg.de\/wp-content\/uploads\/2016\/10\/SAM_4679_ergebnis.jpg\" alt=\"SAM_4679_ergebnis\" width=\"800\" height=\"600\" srcset=\"https:\/\/olu-limburg.de\/wp-content\/uploads\/2016\/10\/SAM_4679_ergebnis.jpg 800w, https:\/\/olu-limburg.de\/wp-content\/uploads\/2016\/10\/SAM_4679_ergebnis-300x225.jpg 300w, https:\/\/olu-limburg.de\/wp-content\/uploads\/2016\/10\/SAM_4679_ergebnis-768x576.jpg 768w, https:\/\/olu-limburg.de\/wp-content\/uploads\/2016\/10\/SAM_4679_ergebnis-624x468.jpg 624w\" sizes=\"auto, (max-width: 800px) 100vw, 800px\" \/><\/a><p id=\"caption-attachment-10102\" class=\"wp-caption-text\">Ceili sa Bovida<\/p><\/div>\n<p>Au\u00dferdem finden wir hier oben auch Myrtenstr\u00e4ucher, aus deren Fr\u00fcchten der gute Mirto gemacht wird.<\/p>\n<p>Nach dem zweist\u00fcndigen Spaziergang reicht es uns und wir fahren hinunter nach Gesturi, und kommen gerade rechtzeitig zur Prozession.<\/p>\n<p><a href=\"https:\/\/olu-limburg.de\/wp-content\/uploads\/2016\/10\/DSC04776_ergebnis-e1479768918806.jpg\"><img loading=\"lazy\" decoding=\"async\" class=\"alignnone size-full wp-image-10081\" src=\"https:\/\/olu-limburg.de\/wp-content\/uploads\/2016\/10\/DSC04776_ergebnis-e1479768918806.jpg\" alt=\"DSC04776_ergebnis\" width=\"450\" height=\"600\" \/><\/a><\/p>\n<div id=\"attachment_10082\" style=\"width: 460px\" class=\"wp-caption alignnone\"><a href=\"https:\/\/olu-limburg.de\/wp-content\/uploads\/2016\/10\/DSC04779_ergebnis-e1479768937428.jpg\"><img loading=\"lazy\" decoding=\"async\" aria-describedby=\"caption-attachment-10082\" class=\"wp-image-10082 size-full\" src=\"https:\/\/olu-limburg.de\/wp-content\/uploads\/2016\/10\/DSC04779_ergebnis-e1479768937428.jpg\" alt=\"DSC04779_ergebnis\" width=\"450\" height=\"600\" \/><\/a><p id=\"caption-attachment-10082\" class=\"wp-caption-text\">Fra Nicola kommt aus dem Dorf und ist allgegenw\u00e4rtig.<\/p><\/div>\n<p><a href=\"https:\/\/olu-limburg.de\/wp-content\/uploads\/2016\/10\/DSC04783_ergebnis.jpg\"><img loading=\"lazy\" decoding=\"async\" class=\"alignnone size-full wp-image-10083\" src=\"https:\/\/olu-limburg.de\/wp-content\/uploads\/2016\/10\/DSC04783_ergebnis.jpg\" alt=\"DSC04783_ergebnis\" width=\"800\" height=\"600\" srcset=\"https:\/\/olu-limburg.de\/wp-content\/uploads\/2016\/10\/DSC04783_ergebnis.jpg 800w, https:\/\/olu-limburg.de\/wp-content\/uploads\/2016\/10\/DSC04783_ergebnis-300x225.jpg 300w, https:\/\/olu-limburg.de\/wp-content\/uploads\/2016\/10\/DSC04783_ergebnis-768x576.jpg 768w, https:\/\/olu-limburg.de\/wp-content\/uploads\/2016\/10\/DSC04783_ergebnis-624x468.jpg 624w\" sizes=\"auto, (max-width: 800px) 100vw, 800px\" \/><\/a><\/p>\n<p><a href=\"https:\/\/olu-limburg.de\/wp-content\/uploads\/2016\/10\/DSC04785_ergebnis.jpg\"><img loading=\"lazy\" decoding=\"async\" class=\"alignnone size-full wp-image-10084\" src=\"https:\/\/olu-limburg.de\/wp-content\/uploads\/2016\/10\/DSC04785_ergebnis.jpg\" alt=\"DSC04785_ergebnis\" width=\"800\" height=\"600\" srcset=\"https:\/\/olu-limburg.de\/wp-content\/uploads\/2016\/10\/DSC04785_ergebnis.jpg 800w, https:\/\/olu-limburg.de\/wp-content\/uploads\/2016\/10\/DSC04785_ergebnis-300x225.jpg 300w, https:\/\/olu-limburg.de\/wp-content\/uploads\/2016\/10\/DSC04785_ergebnis-768x576.jpg 768w, https:\/\/olu-limburg.de\/wp-content\/uploads\/2016\/10\/DSC04785_ergebnis-624x468.jpg 624w\" sizes=\"auto, (max-width: 800px) 100vw, 800px\" \/><\/a><\/p>\n<p><a href=\"https:\/\/olu-limburg.de\/wp-content\/uploads\/2016\/10\/DSC04787_ergebnis.jpg\"><img loading=\"lazy\" decoding=\"async\" class=\"alignnone size-full wp-image-10085\" src=\"https:\/\/olu-limburg.de\/wp-content\/uploads\/2016\/10\/DSC04787_ergebnis.jpg\" alt=\"DSC04787_ergebnis\" width=\"800\" height=\"600\" srcset=\"https:\/\/olu-limburg.de\/wp-content\/uploads\/2016\/10\/DSC04787_ergebnis.jpg 800w, https:\/\/olu-limburg.de\/wp-content\/uploads\/2016\/10\/DSC04787_ergebnis-300x225.jpg 300w, https:\/\/olu-limburg.de\/wp-content\/uploads\/2016\/10\/DSC04787_ergebnis-768x576.jpg 768w, https:\/\/olu-limburg.de\/wp-content\/uploads\/2016\/10\/DSC04787_ergebnis-624x468.jpg 624w\" sizes=\"auto, (max-width: 800px) 100vw, 800px\" \/><\/a><\/p>\n<p><a href=\"https:\/\/olu-limburg.de\/wp-content\/uploads\/2016\/10\/DSC04791_ergebnis.jpg\"><img loading=\"lazy\" decoding=\"async\" class=\"alignnone size-full wp-image-10087\" src=\"https:\/\/olu-limburg.de\/wp-content\/uploads\/2016\/10\/DSC04791_ergebnis.jpg\" alt=\"DSC04791_ergebnis\" width=\"800\" height=\"600\" srcset=\"https:\/\/olu-limburg.de\/wp-content\/uploads\/2016\/10\/DSC04791_ergebnis.jpg 800w, https:\/\/olu-limburg.de\/wp-content\/uploads\/2016\/10\/DSC04791_ergebnis-300x225.jpg 300w, https:\/\/olu-limburg.de\/wp-content\/uploads\/2016\/10\/DSC04791_ergebnis-768x576.jpg 768w, https:\/\/olu-limburg.de\/wp-content\/uploads\/2016\/10\/DSC04791_ergebnis-624x468.jpg 624w\" sizes=\"auto, (max-width: 800px) 100vw, 800px\" \/><\/a><\/p>\n<div id=\"attachment_10086\" style=\"width: 810px\" class=\"wp-caption alignnone\"><a href=\"https:\/\/olu-limburg.de\/wp-content\/uploads\/2016\/10\/DSC04790_ergebnis.jpg\"><img loading=\"lazy\" decoding=\"async\" aria-describedby=\"caption-attachment-10086\" class=\"wp-image-10086 size-full\" src=\"https:\/\/olu-limburg.de\/wp-content\/uploads\/2016\/10\/DSC04790_ergebnis.jpg\" alt=\"gegrillte Aale\" width=\"800\" height=\"600\" srcset=\"https:\/\/olu-limburg.de\/wp-content\/uploads\/2016\/10\/DSC04790_ergebnis.jpg 800w, https:\/\/olu-limburg.de\/wp-content\/uploads\/2016\/10\/DSC04790_ergebnis-300x225.jpg 300w, https:\/\/olu-limburg.de\/wp-content\/uploads\/2016\/10\/DSC04790_ergebnis-768x576.jpg 768w, https:\/\/olu-limburg.de\/wp-content\/uploads\/2016\/10\/DSC04790_ergebnis-624x468.jpg 624w\" sizes=\"auto, (max-width: 800px) 100vw, 800px\" \/><\/a><p id=\"caption-attachment-10086\" class=\"wp-caption-text\">gegrillte Aale und Pulpo; sie werden noch lebend aufgespiest.<\/p><\/div>\n<p>Es ist schon sp\u00e4t und wir wollen nicht abwarten, bis die Prozession und die Gebete zu Ende sind. Also fahren wir \u00fcber Barumini nach Tuili zum Stellplatz mit V+E. Kurz vor Tuili sehen wir vor uns eine gro\u00dfe Rauchentwicklung. Lena meint: &#8222;Das wird doch nicht beim Stellplatz sein?&#8220;. Es war ein gro\u00dfes Feld neben dem Stellplatz, und fast alle M\u00e4nner aus dem Dorf standen um das Feld herum und beobachteten die letzten Flammen des Feuers.<\/p>\n<p>Der Stellplatz ist ummauert und man f\u00fchlt sich eingesperrt. Wir stellen uns, wie andere auch, einfach davor. Wir haben zwar Hunger, Pizza gibt es aber erst sp\u00e4ter. Also setzen wir uns auf eine Bank und beobachten das Treiben. Lustig ist es mit einem alten FIAT 500. Der ist wirklich klein, und anschlie\u00dfend kam noch eine Ape vorbei.<\/p>\n<p><a href=\"https:\/\/olu-limburg.de\/wp-content\/uploads\/2016\/10\/DSC04793_ergebnis.jpg\"><img loading=\"lazy\" decoding=\"async\" class=\"size-full wp-image-10105 aligncenter\" src=\"https:\/\/olu-limburg.de\/wp-content\/uploads\/2016\/10\/DSC04793_ergebnis.jpg\" alt=\"DSC04793_ergebnis\" width=\"800\" height=\"600\" srcset=\"https:\/\/olu-limburg.de\/wp-content\/uploads\/2016\/10\/DSC04793_ergebnis.jpg 800w, https:\/\/olu-limburg.de\/wp-content\/uploads\/2016\/10\/DSC04793_ergebnis-300x225.jpg 300w, https:\/\/olu-limburg.de\/wp-content\/uploads\/2016\/10\/DSC04793_ergebnis-768x576.jpg 768w, https:\/\/olu-limburg.de\/wp-content\/uploads\/2016\/10\/DSC04793_ergebnis-624x468.jpg 624w\" sizes=\"auto, (max-width: 800px) 100vw, 800px\" \/><\/a><\/p>\n<p><a href=\"https:\/\/olu-limburg.de\/wp-content\/uploads\/2016\/10\/DSC04797_ergebnis.jpg\"><img loading=\"lazy\" decoding=\"async\" class=\"size-full wp-image-10106 aligncenter\" src=\"https:\/\/olu-limburg.de\/wp-content\/uploads\/2016\/10\/DSC04797_ergebnis.jpg\" alt=\"DSC04797_ergebnis\" width=\"800\" height=\"600\" srcset=\"https:\/\/olu-limburg.de\/wp-content\/uploads\/2016\/10\/DSC04797_ergebnis.jpg 800w, https:\/\/olu-limburg.de\/wp-content\/uploads\/2016\/10\/DSC04797_ergebnis-300x225.jpg 300w, https:\/\/olu-limburg.de\/wp-content\/uploads\/2016\/10\/DSC04797_ergebnis-768x576.jpg 768w, https:\/\/olu-limburg.de\/wp-content\/uploads\/2016\/10\/DSC04797_ergebnis-624x468.jpg 624w\" sizes=\"auto, (max-width: 800px) 100vw, 800px\" \/><\/a><\/p>\n<p><a href=\"https:\/\/olu-limburg.de\/wp-content\/uploads\/2016\/10\/DSC04798_ergebnis.jpg\"><img loading=\"lazy\" decoding=\"async\" class=\"size-full wp-image-10107 aligncenter\" src=\"https:\/\/olu-limburg.de\/wp-content\/uploads\/2016\/10\/DSC04798_ergebnis.jpg\" alt=\"DSC04798_ergebnis\" width=\"800\" height=\"600\" srcset=\"https:\/\/olu-limburg.de\/wp-content\/uploads\/2016\/10\/DSC04798_ergebnis.jpg 800w, https:\/\/olu-limburg.de\/wp-content\/uploads\/2016\/10\/DSC04798_ergebnis-300x225.jpg 300w, https:\/\/olu-limburg.de\/wp-content\/uploads\/2016\/10\/DSC04798_ergebnis-768x576.jpg 768w, https:\/\/olu-limburg.de\/wp-content\/uploads\/2016\/10\/DSC04798_ergebnis-624x468.jpg 624w\" sizes=\"auto, (max-width: 800px) 100vw, 800px\" \/><\/a><\/p>\n<p>Das Warten hat sich gelohnt. F\u00fcr zwei gro\u00dfe Pizzen, Wein und Bier bezahlen wir in der &#8222;Dorfkneipe&#8220; EUR 16,10.<\/p>\n<p>Tagesstrecke: 25 km<\/p>\n<p>&nbsp;<\/p>\n<p><strong>Montag, 03.10.2016<\/strong><\/p>\n<p><a href=\"https:\/\/olu-limburg.de\/wp-content\/uploads\/2016\/10\/DSC04801_ergebnis.jpg\"><img loading=\"lazy\" decoding=\"async\" class=\"size-full wp-image-10110 aligncenter\" src=\"https:\/\/olu-limburg.de\/wp-content\/uploads\/2016\/10\/DSC04801_ergebnis.jpg\" alt=\"DSC04801_ergebnis\" width=\"800\" height=\"600\" srcset=\"https:\/\/olu-limburg.de\/wp-content\/uploads\/2016\/10\/DSC04801_ergebnis.jpg 800w, https:\/\/olu-limburg.de\/wp-content\/uploads\/2016\/10\/DSC04801_ergebnis-300x225.jpg 300w, https:\/\/olu-limburg.de\/wp-content\/uploads\/2016\/10\/DSC04801_ergebnis-768x576.jpg 768w, https:\/\/olu-limburg.de\/wp-content\/uploads\/2016\/10\/DSC04801_ergebnis-624x468.jpg 624w\" sizes=\"auto, (max-width: 800px) 100vw, 800px\" \/><\/a><\/p>\n<p>Am fr\u00fchen Morgen begebe ich mich auf die Suche nach einer B\u00e4ckerei. F\u00fcr kein Gewerbe gibt es Schilder in dem Ort. Pl\u00f6tzlich sehe ich aus einer Gasse einen Mann mit Brot kommen. Ich gehe ganz langsam weiter und rieche dann bei einem ganz normalen Hauseingang frisches Brot. Nach dem ich die paar Stufen erklommen habe, mache ich die T\u00fcr auf und stehe in einer Backstube mit Verkaufstheke.<\/p>\n<p>Heute wollen wir wieder ans Meer, in den Golfo di Oristano. Auf dem Weg dorthin kommen wir durch viel Landschaft und den Ort Masullas mit seinen engen Stra\u00dfen. Dieser kleine Ort hat aber auch noch anderes zu bieten. Zum Beispiel wurde bei der Renovierung des Kirchplatzes ein altes Grab mit Knochen aus dem 11. Jhdt. gefunden. Au\u00dferdem fand man noch eine kreuzf\u00f6rmige fr\u00fchchristliche Taufst\u00e4tte aus dem 6. bzw. 7. Jhdt.. Nicht umsonst wurde die Gegend um Masullas auf Landkarten aus dem 15. und 16. Jhdt. immer als Area Sancta aufgef\u00fchrt.<\/p>\n<p><a href=\"https:\/\/olu-limburg.de\/wp-content\/uploads\/2016\/10\/DSC04811_ergebnis.jpg\"><img loading=\"lazy\" decoding=\"async\" class=\"size-full wp-image-10113 aligncenter\" src=\"https:\/\/olu-limburg.de\/wp-content\/uploads\/2016\/10\/DSC04811_ergebnis.jpg\" alt=\"DSC04811_ergebnis\" width=\"800\" height=\"600\" srcset=\"https:\/\/olu-limburg.de\/wp-content\/uploads\/2016\/10\/DSC04811_ergebnis.jpg 800w, https:\/\/olu-limburg.de\/wp-content\/uploads\/2016\/10\/DSC04811_ergebnis-300x225.jpg 300w, https:\/\/olu-limburg.de\/wp-content\/uploads\/2016\/10\/DSC04811_ergebnis-768x576.jpg 768w, https:\/\/olu-limburg.de\/wp-content\/uploads\/2016\/10\/DSC04811_ergebnis-624x468.jpg 624w\" sizes=\"auto, (max-width: 800px) 100vw, 800px\" \/><\/a><\/p>\n<p><a href=\"https:\/\/olu-limburg.de\/wp-content\/uploads\/2016\/10\/DSC04803_ergebnis.jpg\"><img loading=\"lazy\" decoding=\"async\" class=\"size-full wp-image-10111 aligncenter\" src=\"https:\/\/olu-limburg.de\/wp-content\/uploads\/2016\/10\/DSC04803_ergebnis.jpg\" alt=\"DSC04803_ergebnis\" width=\"800\" height=\"600\" srcset=\"https:\/\/olu-limburg.de\/wp-content\/uploads\/2016\/10\/DSC04803_ergebnis.jpg 800w, https:\/\/olu-limburg.de\/wp-content\/uploads\/2016\/10\/DSC04803_ergebnis-300x225.jpg 300w, https:\/\/olu-limburg.de\/wp-content\/uploads\/2016\/10\/DSC04803_ergebnis-768x576.jpg 768w, https:\/\/olu-limburg.de\/wp-content\/uploads\/2016\/10\/DSC04803_ergebnis-624x468.jpg 624w\" sizes=\"auto, (max-width: 800px) 100vw, 800px\" \/><\/a><\/p>\n<p><a href=\"https:\/\/olu-limburg.de\/wp-content\/uploads\/2016\/10\/DSC04806_ergebnis-e1479833732795.jpg\"><img loading=\"lazy\" decoding=\"async\" class=\"size-full wp-image-10112 aligncenter\" src=\"https:\/\/olu-limburg.de\/wp-content\/uploads\/2016\/10\/DSC04806_ergebnis-e1479833732795.jpg\" alt=\"DSC04806_ergebnis\" width=\"450\" height=\"600\" \/><\/a><\/p>\n<p>Unser Ziel ist f\u00fcr heute der Stellplatz am Strand von Marina di Arborea. Der Ort Arborea wurde 1928 nach Pl\u00e4nen von Benito Mussolini streng geometrisch im Schachbrettmuster angelegt und Mussolinia genannt. Nach dem 2. Weltkrieg kam dann die Umbenennung in Arborea. Es ist ein sehr fruchtbares Gebiet, wo aber auch noch gen\u00fcgend Platz f\u00fcr Milchbetriebe ist. Auf Sardinien wird in den Superm\u00e4rkten fast ausschlie\u00dflich Milch aus Arborea angeboten.<\/p>\n<p>Der Stellplatz mit V+E liegt in einem Schirmpinien-Wald, etwa hundert Meter vom Strand entfernt. Die Geb\u00fchr wird in der Strandbar &#8222;Corsaro&#8220; bezahlt. Wir machen uns selbst etwas zu Essen, schwimmen und faulenzen. Den ersten richtigen Sonnenuntergang an der Westk\u00fcste der Insel genie\u00dfen wir am Strand mit einem Cremant de Bourgogne, welch ein Fauxpas. Geschmeckt hat er trotzdem. Etwas sp\u00e4ter gab es noch einen sch\u00f6nen Mond in der Phase des Neulichtes.<\/p>\n<p><a href=\"https:\/\/olu-limburg.de\/wp-content\/uploads\/2016\/10\/DSC04814_ergebnis.jpg\"><img loading=\"lazy\" decoding=\"async\" class=\"size-full wp-image-10114 aligncenter\" src=\"https:\/\/olu-limburg.de\/wp-content\/uploads\/2016\/10\/DSC04814_ergebnis.jpg\" alt=\"DSC04814_ergebnis\" width=\"800\" height=\"600\" srcset=\"https:\/\/olu-limburg.de\/wp-content\/uploads\/2016\/10\/DSC04814_ergebnis.jpg 800w, https:\/\/olu-limburg.de\/wp-content\/uploads\/2016\/10\/DSC04814_ergebnis-300x225.jpg 300w, https:\/\/olu-limburg.de\/wp-content\/uploads\/2016\/10\/DSC04814_ergebnis-768x576.jpg 768w, https:\/\/olu-limburg.de\/wp-content\/uploads\/2016\/10\/DSC04814_ergebnis-624x468.jpg 624w\" sizes=\"auto, (max-width: 800px) 100vw, 800px\" \/><\/a><\/p>\n<p><a href=\"https:\/\/olu-limburg.de\/wp-content\/uploads\/2016\/10\/DSC04819_ergebnis.jpg\"><img loading=\"lazy\" decoding=\"async\" class=\"size-full wp-image-10115 aligncenter\" src=\"https:\/\/olu-limburg.de\/wp-content\/uploads\/2016\/10\/DSC04819_ergebnis.jpg\" alt=\"DSC04819_ergebnis\" width=\"800\" height=\"600\" srcset=\"https:\/\/olu-limburg.de\/wp-content\/uploads\/2016\/10\/DSC04819_ergebnis.jpg 800w, https:\/\/olu-limburg.de\/wp-content\/uploads\/2016\/10\/DSC04819_ergebnis-300x225.jpg 300w, https:\/\/olu-limburg.de\/wp-content\/uploads\/2016\/10\/DSC04819_ergebnis-768x576.jpg 768w, https:\/\/olu-limburg.de\/wp-content\/uploads\/2016\/10\/DSC04819_ergebnis-624x468.jpg 624w\" sizes=\"auto, (max-width: 800px) 100vw, 800px\" \/><\/a><\/p>\n<p><a href=\"https:\/\/olu-limburg.de\/wp-content\/uploads\/2016\/10\/DSC04845_ergebnis.jpg\"><img loading=\"lazy\" decoding=\"async\" class=\"alignnone size-full wp-image-10116\" src=\"https:\/\/olu-limburg.de\/wp-content\/uploads\/2016\/10\/DSC04845_ergebnis.jpg\" alt=\"DSC04845_ergebnis\" width=\"800\" height=\"600\" srcset=\"https:\/\/olu-limburg.de\/wp-content\/uploads\/2016\/10\/DSC04845_ergebnis.jpg 800w, https:\/\/olu-limburg.de\/wp-content\/uploads\/2016\/10\/DSC04845_ergebnis-300x225.jpg 300w, https:\/\/olu-limburg.de\/wp-content\/uploads\/2016\/10\/DSC04845_ergebnis-768x576.jpg 768w, https:\/\/olu-limburg.de\/wp-content\/uploads\/2016\/10\/DSC04845_ergebnis-624x468.jpg 624w\" sizes=\"auto, (max-width: 800px) 100vw, 800px\" \/><\/a><\/p>\n<p>Tagesstrecke: 55 km<\/p>\n<p>&nbsp;<\/p>\n<p><strong>Dienstag, 04.10.2016<\/strong><\/p>\n<p>Heute wird nur gefaulenzt, mit Besuch am Strand.<\/p>\n<p>Tagesstrecke: 0 km<\/p>\n<p>&nbsp;<\/p>\n<p><strong>Mittwoch, 05.10.2016<\/strong><\/p>\n<p>Es geht weiter! Wobei wir erst durch Santa Giusta kommen, und bei einem sehr gut sortierten Simply einkaufen. Die im blauen F\u00fchrer beschriebene sch\u00f6ne alte Kirche an der Stra\u00dfe haben wir aber nicht gesehen.<\/p>\n<p>In Oristano fahren wir zu dem Stellplatz mit V+E am Friedhof. Dort parken wir und laufen in die Stadt. Das alte Zentrum hat sch\u00f6ne alte, und jetzt zur Mittagszeit sonnendurchflutete (herrliches Wort) Gassen. Dabei landen wir zur Mittagszeit im &#8222;Renoir&#8220; (gegrillter Thunfisch und Schnitzel).<\/p>\n<p><a href=\"https:\/\/olu-limburg.de\/wp-content\/uploads\/2016\/10\/P1000788_ergebnis.jpg\"><img loading=\"lazy\" decoding=\"async\" class=\"size-full wp-image-10410 aligncenter\" src=\"https:\/\/olu-limburg.de\/wp-content\/uploads\/2016\/10\/P1000788_ergebnis.jpg\" alt=\"P1000788_ergebnis\" width=\"800\" height=\"600\" srcset=\"https:\/\/olu-limburg.de\/wp-content\/uploads\/2016\/10\/P1000788_ergebnis.jpg 800w, https:\/\/olu-limburg.de\/wp-content\/uploads\/2016\/10\/P1000788_ergebnis-300x225.jpg 300w, https:\/\/olu-limburg.de\/wp-content\/uploads\/2016\/10\/P1000788_ergebnis-768x576.jpg 768w, https:\/\/olu-limburg.de\/wp-content\/uploads\/2016\/10\/P1000788_ergebnis-624x468.jpg 624w\" sizes=\"auto, (max-width: 800px) 100vw, 800px\" \/><\/a><\/p>\n<p><a href=\"https:\/\/olu-limburg.de\/wp-content\/uploads\/2016\/10\/P1000789_ergebnis.jpg\"><img loading=\"lazy\" decoding=\"async\" class=\"size-full wp-image-10411 aligncenter\" src=\"https:\/\/olu-limburg.de\/wp-content\/uploads\/2016\/10\/P1000789_ergebnis.jpg\" alt=\"P1000789_ergebnis\" width=\"800\" height=\"600\" srcset=\"https:\/\/olu-limburg.de\/wp-content\/uploads\/2016\/10\/P1000789_ergebnis.jpg 800w, https:\/\/olu-limburg.de\/wp-content\/uploads\/2016\/10\/P1000789_ergebnis-300x225.jpg 300w, https:\/\/olu-limburg.de\/wp-content\/uploads\/2016\/10\/P1000789_ergebnis-768x576.jpg 768w, https:\/\/olu-limburg.de\/wp-content\/uploads\/2016\/10\/P1000789_ergebnis-624x468.jpg 624w\" sizes=\"auto, (max-width: 800px) 100vw, 800px\" \/><\/a><\/p>\n<p><a href=\"https:\/\/olu-limburg.de\/wp-content\/uploads\/2016\/10\/DSC04847_ergebnis-e1479918023417.jpg\"><img loading=\"lazy\" decoding=\"async\" class=\"size-full wp-image-10129 alignleft\" src=\"https:\/\/olu-limburg.de\/wp-content\/uploads\/2016\/10\/DSC04847_ergebnis-e1479918023417.jpg\" alt=\"DSC04847_ergebnis\" width=\"450\" height=\"600\" \/><\/a><\/p>\n<p><a href=\"https:\/\/olu-limburg.de\/wp-content\/uploads\/2016\/10\/DSC04856_ergebnis-e1479918049250.jpg\"><img loading=\"lazy\" decoding=\"async\" class=\"size-full wp-image-10133 alignright\" src=\"https:\/\/olu-limburg.de\/wp-content\/uploads\/2016\/10\/DSC04856_ergebnis-e1479918049250.jpg\" alt=\"DSC04856_ergebnis\" width=\"450\" height=\"600\" \/><\/a><\/p>\n<p><a href=\"https:\/\/olu-limburg.de\/wp-content\/uploads\/2016\/10\/DSC04850_ergebnis.jpg\"><img loading=\"lazy\" decoding=\"async\" class=\"size-full wp-image-10130 aligncenter\" src=\"https:\/\/olu-limburg.de\/wp-content\/uploads\/2016\/10\/DSC04850_ergebnis.jpg\" alt=\"DSC04850_ergebnis\" width=\"800\" height=\"600\" srcset=\"https:\/\/olu-limburg.de\/wp-content\/uploads\/2016\/10\/DSC04850_ergebnis.jpg 800w, https:\/\/olu-limburg.de\/wp-content\/uploads\/2016\/10\/DSC04850_ergebnis-300x225.jpg 300w, https:\/\/olu-limburg.de\/wp-content\/uploads\/2016\/10\/DSC04850_ergebnis-768x576.jpg 768w, https:\/\/olu-limburg.de\/wp-content\/uploads\/2016\/10\/DSC04850_ergebnis-624x468.jpg 624w\" sizes=\"auto, (max-width: 800px) 100vw, 800px\" \/><\/a><\/p>\n<p>Etwas n\u00e4her befassen wir uns mit der <em>Cathedrale di Santa Assunta<\/em>, wo gerade Nonnen von ihrer Mitschwester Abschied nehmen.<\/p>\n<p><a href=\"https:\/\/olu-limburg.de\/wp-content\/uploads\/2016\/10\/DSC04851_ergebnis.jpg\"><img loading=\"lazy\" decoding=\"async\" class=\"size-full wp-image-10131 aligncenter\" src=\"https:\/\/olu-limburg.de\/wp-content\/uploads\/2016\/10\/DSC04851_ergebnis.jpg\" alt=\"DSC04851_ergebnis\" width=\"800\" height=\"600\" srcset=\"https:\/\/olu-limburg.de\/wp-content\/uploads\/2016\/10\/DSC04851_ergebnis.jpg 800w, https:\/\/olu-limburg.de\/wp-content\/uploads\/2016\/10\/DSC04851_ergebnis-300x225.jpg 300w, https:\/\/olu-limburg.de\/wp-content\/uploads\/2016\/10\/DSC04851_ergebnis-768x576.jpg 768w, https:\/\/olu-limburg.de\/wp-content\/uploads\/2016\/10\/DSC04851_ergebnis-624x468.jpg 624w\" sizes=\"auto, (max-width: 800px) 100vw, 800px\" \/><\/a><\/p>\n<p><a href=\"https:\/\/olu-limburg.de\/wp-content\/uploads\/2016\/10\/DSC04853_ergebnis-e1479918145735.jpg\"><img loading=\"lazy\" decoding=\"async\" class=\"size-full wp-image-10132 aligncenter\" src=\"https:\/\/olu-limburg.de\/wp-content\/uploads\/2016\/10\/DSC04853_ergebnis-e1479918145735.jpg\" alt=\"DSC04853_ergebnis\" width=\"450\" height=\"600\" \/><\/a><\/p>\n<p>Bevor wir auf die Penisola (Halbinsel) di Sinis fahren, halten wir in Cabras, dem Zentrum der Herstellung des Bottarga (sardischer getrockneter Roggen der Meer\u00e4sche). Bottarga wird sehr oft \u00fcber Pasta gerieben.\u00a0 Wir hatten es in Orosei auf den &#8222;Tagliatelle al nero&#8220;. Leider hat zur Zeit kein Hersteller offen.<\/p>\n<p>Nun geht es wie auf einem breiten Damm auf die Halbinsel Sinis. Links befindet sich der Golfo di Oristano und rechts der Stagno di Cabras. Bei der Weggabelung in Richtung <em>San<\/em> <em>Giovanni di Sinis<\/em> (links) bzw. zur kleinen Pilgerkirche <em>Ipogeo di San Salvaroe<\/em> (rechts) entscheiden wir uns f\u00fcr das Kirchlein, welches auf ein Brunnen-Heiligtum der Nuraghenkultur zur\u00fcck geht. In neuerer Zeit dienten die Kirche und die umliegenden Pilgerh\u00e4user auch bei einem Italo-Western als Kulisse.<\/p>\n<p><a href=\"https:\/\/olu-limburg.de\/wp-content\/uploads\/2016\/10\/DSC04863_ergebnis.jpg\"><img loading=\"lazy\" decoding=\"async\" class=\"size-full wp-image-10136 aligncenter\" src=\"https:\/\/olu-limburg.de\/wp-content\/uploads\/2016\/10\/DSC04863_ergebnis.jpg\" alt=\"DSC04863_ergebnis\" width=\"800\" height=\"600\" srcset=\"https:\/\/olu-limburg.de\/wp-content\/uploads\/2016\/10\/DSC04863_ergebnis.jpg 800w, https:\/\/olu-limburg.de\/wp-content\/uploads\/2016\/10\/DSC04863_ergebnis-300x225.jpg 300w, https:\/\/olu-limburg.de\/wp-content\/uploads\/2016\/10\/DSC04863_ergebnis-768x576.jpg 768w, https:\/\/olu-limburg.de\/wp-content\/uploads\/2016\/10\/DSC04863_ergebnis-624x468.jpg 624w\" sizes=\"auto, (max-width: 800px) 100vw, 800px\" \/><\/a><\/p>\n<p><a href=\"https:\/\/olu-limburg.de\/wp-content\/uploads\/2016\/10\/DSC04864_ergebnis-e1479918201947.jpg\"><img loading=\"lazy\" decoding=\"async\" class=\"size-full wp-image-10137 alignleft\" src=\"https:\/\/olu-limburg.de\/wp-content\/uploads\/2016\/10\/DSC04864_ergebnis-e1479918201947.jpg\" alt=\"DSC04864_ergebnis\" width=\"450\" height=\"600\" \/><\/a><\/p>\n<p><a href=\"https:\/\/olu-limburg.de\/wp-content\/uploads\/2016\/10\/DSC04865_ergebnis-e1479918226555.jpg\"><img loading=\"lazy\" decoding=\"async\" class=\"size-full wp-image-10138 alignright\" src=\"https:\/\/olu-limburg.de\/wp-content\/uploads\/2016\/10\/DSC04865_ergebnis-e1479918226555.jpg\" alt=\"DSC04865_ergebnis\" width=\"450\" height=\"600\" \/><\/a><\/p>\n<p><a href=\"https:\/\/olu-limburg.de\/wp-content\/uploads\/2016\/10\/DSC04866_ergebnis.jpg\"><img loading=\"lazy\" decoding=\"async\" class=\"size-full wp-image-10139 aligncenter\" src=\"https:\/\/olu-limburg.de\/wp-content\/uploads\/2016\/10\/DSC04866_ergebnis.jpg\" alt=\"DSC04866_ergebnis\" width=\"800\" height=\"600\" srcset=\"https:\/\/olu-limburg.de\/wp-content\/uploads\/2016\/10\/DSC04866_ergebnis.jpg 800w, https:\/\/olu-limburg.de\/wp-content\/uploads\/2016\/10\/DSC04866_ergebnis-300x225.jpg 300w, https:\/\/olu-limburg.de\/wp-content\/uploads\/2016\/10\/DSC04866_ergebnis-768x576.jpg 768w, https:\/\/olu-limburg.de\/wp-content\/uploads\/2016\/10\/DSC04866_ergebnis-624x468.jpg 624w\" sizes=\"auto, (max-width: 800px) 100vw, 800px\" \/><\/a><\/p>\n<p><a href=\"https:\/\/olu-limburg.de\/wp-content\/uploads\/2016\/10\/DSC04867_ergebnis.jpg\"><img loading=\"lazy\" decoding=\"async\" class=\"size-full wp-image-10140 aligncenter\" src=\"https:\/\/olu-limburg.de\/wp-content\/uploads\/2016\/10\/DSC04867_ergebnis.jpg\" alt=\"DSC04867_ergebnis\" width=\"800\" height=\"600\" srcset=\"https:\/\/olu-limburg.de\/wp-content\/uploads\/2016\/10\/DSC04867_ergebnis.jpg 800w, https:\/\/olu-limburg.de\/wp-content\/uploads\/2016\/10\/DSC04867_ergebnis-300x225.jpg 300w, https:\/\/olu-limburg.de\/wp-content\/uploads\/2016\/10\/DSC04867_ergebnis-768x576.jpg 768w, https:\/\/olu-limburg.de\/wp-content\/uploads\/2016\/10\/DSC04867_ergebnis-624x468.jpg 624w\" sizes=\"auto, (max-width: 800px) 100vw, 800px\" \/><\/a><\/p>\n<p><a href=\"https:\/\/olu-limburg.de\/wp-content\/uploads\/2016\/10\/DSC04861_ergebnis.jpg\"><img loading=\"lazy\" decoding=\"async\" class=\"alignnone size-full wp-image-10134\" src=\"https:\/\/olu-limburg.de\/wp-content\/uploads\/2016\/10\/DSC04861_ergebnis.jpg\" alt=\"DSC04861_ergebnis\" width=\"800\" height=\"600\" srcset=\"https:\/\/olu-limburg.de\/wp-content\/uploads\/2016\/10\/DSC04861_ergebnis.jpg 800w, https:\/\/olu-limburg.de\/wp-content\/uploads\/2016\/10\/DSC04861_ergebnis-300x225.jpg 300w, https:\/\/olu-limburg.de\/wp-content\/uploads\/2016\/10\/DSC04861_ergebnis-768x576.jpg 768w, https:\/\/olu-limburg.de\/wp-content\/uploads\/2016\/10\/DSC04861_ergebnis-624x468.jpg 624w\" sizes=\"auto, (max-width: 800px) 100vw, 800px\" \/><\/a><\/p>\n<p><a href=\"https:\/\/olu-limburg.de\/wp-content\/uploads\/2016\/10\/DSC04862_ergebnis.jpg\"><img loading=\"lazy\" decoding=\"async\" class=\"alignnone size-full wp-image-10135\" src=\"https:\/\/olu-limburg.de\/wp-content\/uploads\/2016\/10\/DSC04862_ergebnis.jpg\" alt=\"DSC04862_ergebnis\" width=\"800\" height=\"600\" srcset=\"https:\/\/olu-limburg.de\/wp-content\/uploads\/2016\/10\/DSC04862_ergebnis.jpg 800w, https:\/\/olu-limburg.de\/wp-content\/uploads\/2016\/10\/DSC04862_ergebnis-300x225.jpg 300w, https:\/\/olu-limburg.de\/wp-content\/uploads\/2016\/10\/DSC04862_ergebnis-768x576.jpg 768w, https:\/\/olu-limburg.de\/wp-content\/uploads\/2016\/10\/DSC04862_ergebnis-624x468.jpg 624w\" sizes=\"auto, (max-width: 800px) 100vw, 800px\" \/><\/a><\/p>\n<p>In San Giovanni di Sinis soll es in Strandn\u00e4he einen geb\u00fchrenpflichtigen Parkplatz geben. Doch bereits kurz hinter dem Ortsschild ist die Abzweigung zum Strand f\u00fcr Wohnmobile verboten. Wir schauen uns kurz etwas um, besichtigen mit der <em>Chiesa di San Giovanni di<\/em> <em>Sinis<\/em> die \u00e4lteste Kirche Sardiniens. Als byzantinische Kirche mit Kuppel im 5. Jhdt. erbaut, wurde sie im 9.\/10. Jhdt. als dreischiffiges Gotteshaus im vorromanischen Stil ausgebaut. Da wir uns bereits die ph\u00f6nizische Siedlung <em>Nora<\/em> besichtigt haben, verzichten wir auf <em>Tharros<\/em>.<\/p>\n<p><a href=\"https:\/\/olu-limburg.de\/wp-content\/uploads\/2016\/10\/DSC04879_ergebnis.jpg\"><img loading=\"lazy\" decoding=\"async\" class=\"size-full wp-image-10141 aligncenter\" src=\"https:\/\/olu-limburg.de\/wp-content\/uploads\/2016\/10\/DSC04879_ergebnis.jpg\" alt=\"DSC04879_ergebnis\" width=\"800\" height=\"600\" srcset=\"https:\/\/olu-limburg.de\/wp-content\/uploads\/2016\/10\/DSC04879_ergebnis.jpg 800w, https:\/\/olu-limburg.de\/wp-content\/uploads\/2016\/10\/DSC04879_ergebnis-300x225.jpg 300w, https:\/\/olu-limburg.de\/wp-content\/uploads\/2016\/10\/DSC04879_ergebnis-768x576.jpg 768w, https:\/\/olu-limburg.de\/wp-content\/uploads\/2016\/10\/DSC04879_ergebnis-624x468.jpg 624w\" sizes=\"auto, (max-width: 800px) 100vw, 800px\" \/><\/a><\/p>\n<p><a href=\"https:\/\/olu-limburg.de\/wp-content\/uploads\/2016\/10\/DSC04880_ergebnis.jpg\"><img loading=\"lazy\" decoding=\"async\" class=\"size-full wp-image-10142 aligncenter\" src=\"https:\/\/olu-limburg.de\/wp-content\/uploads\/2016\/10\/DSC04880_ergebnis.jpg\" alt=\"DSC04880_ergebnis\" width=\"800\" height=\"600\" srcset=\"https:\/\/olu-limburg.de\/wp-content\/uploads\/2016\/10\/DSC04880_ergebnis.jpg 800w, https:\/\/olu-limburg.de\/wp-content\/uploads\/2016\/10\/DSC04880_ergebnis-300x225.jpg 300w, https:\/\/olu-limburg.de\/wp-content\/uploads\/2016\/10\/DSC04880_ergebnis-768x576.jpg 768w, https:\/\/olu-limburg.de\/wp-content\/uploads\/2016\/10\/DSC04880_ergebnis-624x468.jpg 624w\" sizes=\"auto, (max-width: 800px) 100vw, 800px\" \/><\/a><\/p>\n<p><a href=\"https:\/\/olu-limburg.de\/wp-content\/uploads\/2016\/10\/DSC04882_ergebnis-e1479918370398.jpg\"><img loading=\"lazy\" decoding=\"async\" class=\"size-full wp-image-10143 alignleft\" src=\"https:\/\/olu-limburg.de\/wp-content\/uploads\/2016\/10\/DSC04882_ergebnis-e1479918370398.jpg\" alt=\"DSC04882_ergebnis\" width=\"450\" height=\"600\" \/><\/a><\/p>\n<p><a href=\"https:\/\/olu-limburg.de\/wp-content\/uploads\/2016\/10\/DSC04884_ergebnis-e1479918445532.jpg\"><img loading=\"lazy\" decoding=\"async\" class=\"size-full wp-image-10144 alignright\" src=\"https:\/\/olu-limburg.de\/wp-content\/uploads\/2016\/10\/DSC04884_ergebnis-e1479918445532.jpg\" alt=\"DSC04884_ergebnis\" width=\"450\" height=\"600\" \/><\/a><\/p>\n<p><a href=\"https:\/\/olu-limburg.de\/wp-content\/uploads\/2016\/10\/DSC04886_ergebnis.jpg\"><img loading=\"lazy\" decoding=\"async\" class=\"size-full wp-image-10145 aligncenter\" src=\"https:\/\/olu-limburg.de\/wp-content\/uploads\/2016\/10\/DSC04886_ergebnis.jpg\" alt=\"DSC04886_ergebnis\" width=\"800\" height=\"600\" srcset=\"https:\/\/olu-limburg.de\/wp-content\/uploads\/2016\/10\/DSC04886_ergebnis.jpg 800w, https:\/\/olu-limburg.de\/wp-content\/uploads\/2016\/10\/DSC04886_ergebnis-300x225.jpg 300w, https:\/\/olu-limburg.de\/wp-content\/uploads\/2016\/10\/DSC04886_ergebnis-768x576.jpg 768w, https:\/\/olu-limburg.de\/wp-content\/uploads\/2016\/10\/DSC04886_ergebnis-624x468.jpg 624w\" sizes=\"auto, (max-width: 800px) 100vw, 800px\" \/><\/a><\/p>\n<p>Weil wir hier nicht \u00fcbernachten k\u00f6nnen, fahren wir weiter zum &#8222;Reiskorn-Strand&#8220; <em>Is Arutas<\/em>. Die letzten Meter durchfahren wir eine Palmenallee. Auf der linken Seite ist ein gro\u00dfer Parkplatz, wo bereits einige Wohnmobile stehen. Wir fahren noch ein kleines St\u00fcckchen weiter zu einem bereits geschlossenen Restaurant.<\/p>\n<p><a href=\"https:\/\/olu-limburg.de\/wp-content\/uploads\/2016\/10\/DSC04914_ergebnis.jpg\"><img loading=\"lazy\" decoding=\"async\" class=\"size-full wp-image-10159 aligncenter\" src=\"https:\/\/olu-limburg.de\/wp-content\/uploads\/2016\/10\/DSC04914_ergebnis.jpg\" alt=\"DSC04914_ergebnis\" width=\"800\" height=\"600\" srcset=\"https:\/\/olu-limburg.de\/wp-content\/uploads\/2016\/10\/DSC04914_ergebnis.jpg 800w, https:\/\/olu-limburg.de\/wp-content\/uploads\/2016\/10\/DSC04914_ergebnis-300x225.jpg 300w, https:\/\/olu-limburg.de\/wp-content\/uploads\/2016\/10\/DSC04914_ergebnis-768x576.jpg 768w, https:\/\/olu-limburg.de\/wp-content\/uploads\/2016\/10\/DSC04914_ergebnis-624x468.jpg 624w\" sizes=\"auto, (max-width: 800px) 100vw, 800px\" \/><\/a><\/p>\n<p><a href=\"https:\/\/olu-limburg.de\/wp-content\/uploads\/2016\/10\/DSC04899_ergebnis.jpg\"><img loading=\"lazy\" decoding=\"async\" class=\"alignnone size-full wp-image-10153\" src=\"https:\/\/olu-limburg.de\/wp-content\/uploads\/2016\/10\/DSC04899_ergebnis.jpg\" alt=\"DSC04899_ergebnis\" width=\"800\" height=\"600\" srcset=\"https:\/\/olu-limburg.de\/wp-content\/uploads\/2016\/10\/DSC04899_ergebnis.jpg 800w, https:\/\/olu-limburg.de\/wp-content\/uploads\/2016\/10\/DSC04899_ergebnis-300x225.jpg 300w, https:\/\/olu-limburg.de\/wp-content\/uploads\/2016\/10\/DSC04899_ergebnis-768x576.jpg 768w, https:\/\/olu-limburg.de\/wp-content\/uploads\/2016\/10\/DSC04899_ergebnis-624x468.jpg 624w\" sizes=\"auto, (max-width: 800px) 100vw, 800px\" \/><\/a><\/p>\n<p>Der Quarzkiesstrand prickelt unter den F\u00fc\u00dfen und das Wasser ist traumhaft.<\/p>\n<p><a href=\"https:\/\/olu-limburg.de\/wp-content\/uploads\/2016\/10\/DSC04890_ergebnis.jpg\"><img loading=\"lazy\" decoding=\"async\" class=\"size-full wp-image-10148 aligncenter\" src=\"https:\/\/olu-limburg.de\/wp-content\/uploads\/2016\/10\/DSC04890_ergebnis.jpg\" alt=\"DSC04890_ergebnis\" width=\"800\" height=\"600\" srcset=\"https:\/\/olu-limburg.de\/wp-content\/uploads\/2016\/10\/DSC04890_ergebnis.jpg 800w, https:\/\/olu-limburg.de\/wp-content\/uploads\/2016\/10\/DSC04890_ergebnis-300x225.jpg 300w, https:\/\/olu-limburg.de\/wp-content\/uploads\/2016\/10\/DSC04890_ergebnis-768x576.jpg 768w, https:\/\/olu-limburg.de\/wp-content\/uploads\/2016\/10\/DSC04890_ergebnis-624x468.jpg 624w\" sizes=\"auto, (max-width: 800px) 100vw, 800px\" \/><\/a><\/p>\n<p><a href=\"https:\/\/olu-limburg.de\/wp-content\/uploads\/2016\/10\/DSC04893_ergebnis.jpg\"><img loading=\"lazy\" decoding=\"async\" class=\"size-full wp-image-10150 aligncenter\" src=\"https:\/\/olu-limburg.de\/wp-content\/uploads\/2016\/10\/DSC04893_ergebnis.jpg\" alt=\"DSC04893_ergebnis\" width=\"800\" height=\"600\" srcset=\"https:\/\/olu-limburg.de\/wp-content\/uploads\/2016\/10\/DSC04893_ergebnis.jpg 800w, https:\/\/olu-limburg.de\/wp-content\/uploads\/2016\/10\/DSC04893_ergebnis-300x225.jpg 300w, https:\/\/olu-limburg.de\/wp-content\/uploads\/2016\/10\/DSC04893_ergebnis-768x576.jpg 768w, https:\/\/olu-limburg.de\/wp-content\/uploads\/2016\/10\/DSC04893_ergebnis-624x468.jpg 624w\" sizes=\"auto, (max-width: 800px) 100vw, 800px\" \/><\/a><\/p>\n<p><a href=\"https:\/\/olu-limburg.de\/wp-content\/uploads\/2016\/10\/DSC04892_ergebnis.jpg\"><img loading=\"lazy\" decoding=\"async\" class=\"size-full wp-image-10149 aligncenter\" src=\"https:\/\/olu-limburg.de\/wp-content\/uploads\/2016\/10\/DSC04892_ergebnis.jpg\" alt=\"DSC04892_ergebnis\" width=\"800\" height=\"600\" srcset=\"https:\/\/olu-limburg.de\/wp-content\/uploads\/2016\/10\/DSC04892_ergebnis.jpg 800w, https:\/\/olu-limburg.de\/wp-content\/uploads\/2016\/10\/DSC04892_ergebnis-300x225.jpg 300w, https:\/\/olu-limburg.de\/wp-content\/uploads\/2016\/10\/DSC04892_ergebnis-768x576.jpg 768w, https:\/\/olu-limburg.de\/wp-content\/uploads\/2016\/10\/DSC04892_ergebnis-624x468.jpg 624w\" sizes=\"auto, (max-width: 800px) 100vw, 800px\" \/><\/a><\/p>\n<p><a href=\"https:\/\/olu-limburg.de\/wp-content\/uploads\/2016\/10\/DSC04895_ergebnis.jpg\"><img loading=\"lazy\" decoding=\"async\" class=\"size-full wp-image-10151 aligncenter\" src=\"https:\/\/olu-limburg.de\/wp-content\/uploads\/2016\/10\/DSC04895_ergebnis.jpg\" alt=\"DSC04895_ergebnis\" width=\"800\" height=\"600\" srcset=\"https:\/\/olu-limburg.de\/wp-content\/uploads\/2016\/10\/DSC04895_ergebnis.jpg 800w, https:\/\/olu-limburg.de\/wp-content\/uploads\/2016\/10\/DSC04895_ergebnis-300x225.jpg 300w, https:\/\/olu-limburg.de\/wp-content\/uploads\/2016\/10\/DSC04895_ergebnis-768x576.jpg 768w, https:\/\/olu-limburg.de\/wp-content\/uploads\/2016\/10\/DSC04895_ergebnis-624x468.jpg 624w\" sizes=\"auto, (max-width: 800px) 100vw, 800px\" \/><\/a><\/p>\n<p><a href=\"https:\/\/olu-limburg.de\/wp-content\/uploads\/2016\/10\/DSC04896_ergebnis.jpg\"><img loading=\"lazy\" decoding=\"async\" class=\"size-full wp-image-10152 aligncenter\" src=\"https:\/\/olu-limburg.de\/wp-content\/uploads\/2016\/10\/DSC04896_ergebnis.jpg\" alt=\"DSC04896_ergebnis\" width=\"800\" height=\"600\" srcset=\"https:\/\/olu-limburg.de\/wp-content\/uploads\/2016\/10\/DSC04896_ergebnis.jpg 800w, https:\/\/olu-limburg.de\/wp-content\/uploads\/2016\/10\/DSC04896_ergebnis-300x225.jpg 300w, https:\/\/olu-limburg.de\/wp-content\/uploads\/2016\/10\/DSC04896_ergebnis-768x576.jpg 768w, https:\/\/olu-limburg.de\/wp-content\/uploads\/2016\/10\/DSC04896_ergebnis-624x468.jpg 624w\" sizes=\"auto, (max-width: 800px) 100vw, 800px\" \/><\/a><\/p>\n<p><a href=\"https:\/\/olu-limburg.de\/wp-content\/uploads\/2016\/10\/P1000833_ergebnis.jpg\"><img loading=\"lazy\" decoding=\"async\" class=\"size-full wp-image-10413 aligncenter\" src=\"https:\/\/olu-limburg.de\/wp-content\/uploads\/2016\/10\/P1000833_ergebnis.jpg\" alt=\"P1000833_ergebnis\" width=\"800\" height=\"600\" srcset=\"https:\/\/olu-limburg.de\/wp-content\/uploads\/2016\/10\/P1000833_ergebnis.jpg 800w, https:\/\/olu-limburg.de\/wp-content\/uploads\/2016\/10\/P1000833_ergebnis-300x225.jpg 300w, https:\/\/olu-limburg.de\/wp-content\/uploads\/2016\/10\/P1000833_ergebnis-768x576.jpg 768w, https:\/\/olu-limburg.de\/wp-content\/uploads\/2016\/10\/P1000833_ergebnis-624x468.jpg 624w\" sizes=\"auto, (max-width: 800px) 100vw, 800px\" \/><\/a><\/p>\n<p><a href=\"https:\/\/olu-limburg.de\/wp-content\/uploads\/2016\/10\/DSC04902_ergebnis.jpg\"><img loading=\"lazy\" decoding=\"async\" class=\"size-full wp-image-10154 aligncenter\" src=\"https:\/\/olu-limburg.de\/wp-content\/uploads\/2016\/10\/DSC04902_ergebnis.jpg\" alt=\"DSC04902_ergebnis\" width=\"800\" height=\"600\" srcset=\"https:\/\/olu-limburg.de\/wp-content\/uploads\/2016\/10\/DSC04902_ergebnis.jpg 800w, https:\/\/olu-limburg.de\/wp-content\/uploads\/2016\/10\/DSC04902_ergebnis-300x225.jpg 300w, https:\/\/olu-limburg.de\/wp-content\/uploads\/2016\/10\/DSC04902_ergebnis-768x576.jpg 768w, https:\/\/olu-limburg.de\/wp-content\/uploads\/2016\/10\/DSC04902_ergebnis-624x468.jpg 624w\" sizes=\"auto, (max-width: 800px) 100vw, 800px\" \/><\/a><\/p>\n<p><a href=\"https:\/\/olu-limburg.de\/wp-content\/uploads\/2016\/10\/DSC04903_ergebnis.jpg\"><img loading=\"lazy\" decoding=\"async\" class=\"size-full wp-image-10155 aligncenter\" src=\"https:\/\/olu-limburg.de\/wp-content\/uploads\/2016\/10\/DSC04903_ergebnis.jpg\" alt=\"DSC04903_ergebnis\" width=\"800\" height=\"600\" srcset=\"https:\/\/olu-limburg.de\/wp-content\/uploads\/2016\/10\/DSC04903_ergebnis.jpg 800w, https:\/\/olu-limburg.de\/wp-content\/uploads\/2016\/10\/DSC04903_ergebnis-300x225.jpg 300w, https:\/\/olu-limburg.de\/wp-content\/uploads\/2016\/10\/DSC04903_ergebnis-768x576.jpg 768w, https:\/\/olu-limburg.de\/wp-content\/uploads\/2016\/10\/DSC04903_ergebnis-624x468.jpg 624w\" sizes=\"auto, (max-width: 800px) 100vw, 800px\" \/><\/a><\/p>\n<p>Eine himmlische Ruhe liegt \u00fcber dem Strand.<\/p>\n<p>Tagesstrecke: 54 km<\/p>\n<p>&nbsp;<\/p>\n<p><strong>Donnerstag, 06.10.2016<\/strong><\/p>\n<p>In der Ferne sehen wir den Strand <em>Mari Ermi<\/em> mit ganz vielen &#8222;wei\u00dfen D\u00e4chern&#8220;. Wir haben ja sonst nichts anderes vor, also schauen wir mal nach, was es dort so gibt.<\/p>\n<p><a href=\"https:\/\/olu-limburg.de\/wp-content\/uploads\/2016\/10\/DSC04904_ergebnis.jpg\"><img loading=\"lazy\" decoding=\"async\" class=\"size-full wp-image-10157 aligncenter\" src=\"https:\/\/olu-limburg.de\/wp-content\/uploads\/2016\/10\/DSC04904_ergebnis.jpg\" alt=\"DSC04904_ergebnis\" width=\"800\" height=\"600\" srcset=\"https:\/\/olu-limburg.de\/wp-content\/uploads\/2016\/10\/DSC04904_ergebnis.jpg 800w, https:\/\/olu-limburg.de\/wp-content\/uploads\/2016\/10\/DSC04904_ergebnis-300x225.jpg 300w, https:\/\/olu-limburg.de\/wp-content\/uploads\/2016\/10\/DSC04904_ergebnis-768x576.jpg 768w, https:\/\/olu-limburg.de\/wp-content\/uploads\/2016\/10\/DSC04904_ergebnis-624x468.jpg 624w\" sizes=\"auto, (max-width: 800px) 100vw, 800px\" \/><\/a><\/p>\n<p><a href=\"https:\/\/olu-limburg.de\/wp-content\/uploads\/2016\/10\/DSC04910_ergebnis.jpg\"><img loading=\"lazy\" decoding=\"async\" class=\"size-full wp-image-10158 aligncenter\" src=\"https:\/\/olu-limburg.de\/wp-content\/uploads\/2016\/10\/DSC04910_ergebnis.jpg\" alt=\"DSC04910_ergebnis\" width=\"800\" height=\"600\" srcset=\"https:\/\/olu-limburg.de\/wp-content\/uploads\/2016\/10\/DSC04910_ergebnis.jpg 800w, https:\/\/olu-limburg.de\/wp-content\/uploads\/2016\/10\/DSC04910_ergebnis-300x225.jpg 300w, https:\/\/olu-limburg.de\/wp-content\/uploads\/2016\/10\/DSC04910_ergebnis-768x576.jpg 768w, https:\/\/olu-limburg.de\/wp-content\/uploads\/2016\/10\/DSC04910_ergebnis-624x468.jpg 624w\" sizes=\"auto, (max-width: 800px) 100vw, 800px\" \/><\/a><\/p>\n<p>Hier gef\u00e4llt es uns nicht so gut. Wir kochen noch unser Mittagessen, genie\u00dfen die Sonne, und fahren wieder zur\u00fcck nach<em> Is Arutas<\/em>. Das Wetter schl\u00e4gt um. Erst f\u00e4ngt es an zu nieseln, dann kommt noch der Wind dazu. Wir spaziern noch zur offenen Strandbar, trinken einen Cappucino und verziehen uns ins Wohnmobil.<\/p>\n<p><a href=\"https:\/\/olu-limburg.de\/wp-content\/uploads\/2016\/10\/DSC04917_ergebnis.jpg\"><img loading=\"lazy\" decoding=\"async\" class=\"size-full wp-image-10161 aligncenter\" src=\"https:\/\/olu-limburg.de\/wp-content\/uploads\/2016\/10\/DSC04917_ergebnis.jpg\" alt=\"DSC04917_ergebnis\" width=\"800\" height=\"600\" srcset=\"https:\/\/olu-limburg.de\/wp-content\/uploads\/2016\/10\/DSC04917_ergebnis.jpg 800w, https:\/\/olu-limburg.de\/wp-content\/uploads\/2016\/10\/DSC04917_ergebnis-300x225.jpg 300w, https:\/\/olu-limburg.de\/wp-content\/uploads\/2016\/10\/DSC04917_ergebnis-768x576.jpg 768w, https:\/\/olu-limburg.de\/wp-content\/uploads\/2016\/10\/DSC04917_ergebnis-624x468.jpg 624w\" sizes=\"auto, (max-width: 800px) 100vw, 800px\" \/><\/a><\/p>\n<p><a href=\"https:\/\/olu-limburg.de\/wp-content\/uploads\/2016\/10\/DSC04916_ergebnis.jpg\"><img loading=\"lazy\" decoding=\"async\" class=\"size-full wp-image-10160 aligncenter\" src=\"https:\/\/olu-limburg.de\/wp-content\/uploads\/2016\/10\/DSC04916_ergebnis.jpg\" alt=\"DSC04916_ergebnis\" width=\"800\" height=\"600\" srcset=\"https:\/\/olu-limburg.de\/wp-content\/uploads\/2016\/10\/DSC04916_ergebnis.jpg 800w, https:\/\/olu-limburg.de\/wp-content\/uploads\/2016\/10\/DSC04916_ergebnis-300x225.jpg 300w, https:\/\/olu-limburg.de\/wp-content\/uploads\/2016\/10\/DSC04916_ergebnis-768x576.jpg 768w, https:\/\/olu-limburg.de\/wp-content\/uploads\/2016\/10\/DSC04916_ergebnis-624x468.jpg 624w\" sizes=\"auto, (max-width: 800px) 100vw, 800px\" \/><\/a><\/p>\n<p>In der Nacht st\u00fcrmt es heftig.<\/p>\n<p>Tagesstrecke: 36 km<\/p>\n<p>&nbsp;<\/p>\n<p><strong>Freitag, 07.10.2016<\/strong><\/p>\n<p>Als wir aufstehen, ist es drau\u00dfen bew\u00f6lkt. Dies \u00e4ndert sich aber zusehends, bis wir all unsere Wohnmobil-Aufgaben erledigt haben. In Putzu Idu, wo wir auf dem Wohnmobil-Stellplatz entsorgen wollen, ist kurz vorher die Stra\u00dfe wegen Bauma\u00dfnahmen voll gesperrt. Wir fahren also runter von der Halbinsel und auf der SS 292 weiter in Richtung Norden.<\/p>\n<p>Bei S&#8217;Archittu halten wir kurz zu einem Fotostopp an, da die K\u00fcste so tolle Ausblicke bietet. W\u00e4hrend wir so an der K\u00fcstenpromenade entlang laufen, spricht uns ein Radfahrer an, und empfiehlt uns, etwas weiter aus dem Ort hinaus zu gehen, dort k\u00f6nnte man einen wundersch\u00f6nen Arco (Felsbogen) im Meer sehen.<\/p>\n<p><a href=\"https:\/\/olu-limburg.de\/wp-content\/uploads\/2016\/10\/DSC04919_ergebnis.jpg\"><img loading=\"lazy\" decoding=\"async\" class=\"size-full wp-image-10163 aligncenter\" src=\"https:\/\/olu-limburg.de\/wp-content\/uploads\/2016\/10\/DSC04919_ergebnis.jpg\" alt=\"DSC04919_ergebnis\" width=\"800\" height=\"600\" srcset=\"https:\/\/olu-limburg.de\/wp-content\/uploads\/2016\/10\/DSC04919_ergebnis.jpg 800w, https:\/\/olu-limburg.de\/wp-content\/uploads\/2016\/10\/DSC04919_ergebnis-300x225.jpg 300w, https:\/\/olu-limburg.de\/wp-content\/uploads\/2016\/10\/DSC04919_ergebnis-768x576.jpg 768w, https:\/\/olu-limburg.de\/wp-content\/uploads\/2016\/10\/DSC04919_ergebnis-624x468.jpg 624w\" sizes=\"auto, (max-width: 800px) 100vw, 800px\" \/><\/a><\/p>\n<p><a href=\"https:\/\/olu-limburg.de\/wp-content\/uploads\/2016\/10\/DSC04921_ergebnis.jpg\"><img loading=\"lazy\" decoding=\"async\" class=\"size-full wp-image-10164 aligncenter\" src=\"https:\/\/olu-limburg.de\/wp-content\/uploads\/2016\/10\/DSC04921_ergebnis.jpg\" alt=\"DSC04921_ergebnis\" width=\"800\" height=\"600\" srcset=\"https:\/\/olu-limburg.de\/wp-content\/uploads\/2016\/10\/DSC04921_ergebnis.jpg 800w, https:\/\/olu-limburg.de\/wp-content\/uploads\/2016\/10\/DSC04921_ergebnis-300x225.jpg 300w, https:\/\/olu-limburg.de\/wp-content\/uploads\/2016\/10\/DSC04921_ergebnis-768x576.jpg 768w, https:\/\/olu-limburg.de\/wp-content\/uploads\/2016\/10\/DSC04921_ergebnis-624x468.jpg 624w\" sizes=\"auto, (max-width: 800px) 100vw, 800px\" \/><\/a><\/p>\n<p><a href=\"https:\/\/olu-limburg.de\/wp-content\/uploads\/2016\/10\/DSC04924_ergebnis.jpg\"><img loading=\"lazy\" decoding=\"async\" class=\"size-full wp-image-10165 aligncenter\" src=\"https:\/\/olu-limburg.de\/wp-content\/uploads\/2016\/10\/DSC04924_ergebnis.jpg\" alt=\"DSC04924_ergebnis\" width=\"800\" height=\"600\" srcset=\"https:\/\/olu-limburg.de\/wp-content\/uploads\/2016\/10\/DSC04924_ergebnis.jpg 800w, https:\/\/olu-limburg.de\/wp-content\/uploads\/2016\/10\/DSC04924_ergebnis-300x225.jpg 300w, https:\/\/olu-limburg.de\/wp-content\/uploads\/2016\/10\/DSC04924_ergebnis-768x576.jpg 768w, https:\/\/olu-limburg.de\/wp-content\/uploads\/2016\/10\/DSC04924_ergebnis-624x468.jpg 624w\" sizes=\"auto, (max-width: 800px) 100vw, 800px\" \/><\/a><\/p>\n<p><a href=\"https:\/\/olu-limburg.de\/wp-content\/uploads\/2016\/10\/DSC04925_ergebnis.jpg\"><img loading=\"lazy\" decoding=\"async\" class=\"size-full wp-image-10166 aligncenter\" src=\"https:\/\/olu-limburg.de\/wp-content\/uploads\/2016\/10\/DSC04925_ergebnis.jpg\" alt=\"DSC04925_ergebnis\" width=\"800\" height=\"600\" srcset=\"https:\/\/olu-limburg.de\/wp-content\/uploads\/2016\/10\/DSC04925_ergebnis.jpg 800w, https:\/\/olu-limburg.de\/wp-content\/uploads\/2016\/10\/DSC04925_ergebnis-300x225.jpg 300w, https:\/\/olu-limburg.de\/wp-content\/uploads\/2016\/10\/DSC04925_ergebnis-768x576.jpg 768w, https:\/\/olu-limburg.de\/wp-content\/uploads\/2016\/10\/DSC04925_ergebnis-624x468.jpg 624w\" sizes=\"auto, (max-width: 800px) 100vw, 800px\" \/><\/a><\/p>\n<p><a href=\"https:\/\/olu-limburg.de\/wp-content\/uploads\/2016\/10\/DSC04929_ergebnis.jpg\"><img loading=\"lazy\" decoding=\"async\" class=\"size-full wp-image-10167 aligncenter\" src=\"https:\/\/olu-limburg.de\/wp-content\/uploads\/2016\/10\/DSC04929_ergebnis.jpg\" alt=\"DSC04929_ergebnis\" width=\"800\" height=\"600\" srcset=\"https:\/\/olu-limburg.de\/wp-content\/uploads\/2016\/10\/DSC04929_ergebnis.jpg 800w, https:\/\/olu-limburg.de\/wp-content\/uploads\/2016\/10\/DSC04929_ergebnis-300x225.jpg 300w, https:\/\/olu-limburg.de\/wp-content\/uploads\/2016\/10\/DSC04929_ergebnis-768x576.jpg 768w, https:\/\/olu-limburg.de\/wp-content\/uploads\/2016\/10\/DSC04929_ergebnis-624x468.jpg 624w\" sizes=\"auto, (max-width: 800px) 100vw, 800px\" \/><\/a><\/p>\n<p><a href=\"https:\/\/olu-limburg.de\/wp-content\/uploads\/2016\/10\/DSC04932_ergebnis.jpg\"><img loading=\"lazy\" decoding=\"async\" class=\"size-full wp-image-10168 aligncenter\" src=\"https:\/\/olu-limburg.de\/wp-content\/uploads\/2016\/10\/DSC04932_ergebnis.jpg\" alt=\"DSC04932_ergebnis\" width=\"800\" height=\"600\" srcset=\"https:\/\/olu-limburg.de\/wp-content\/uploads\/2016\/10\/DSC04932_ergebnis.jpg 800w, https:\/\/olu-limburg.de\/wp-content\/uploads\/2016\/10\/DSC04932_ergebnis-300x225.jpg 300w, https:\/\/olu-limburg.de\/wp-content\/uploads\/2016\/10\/DSC04932_ergebnis-768x576.jpg 768w, https:\/\/olu-limburg.de\/wp-content\/uploads\/2016\/10\/DSC04932_ergebnis-624x468.jpg 624w\" sizes=\"auto, (max-width: 800px) 100vw, 800px\" \/><\/a><\/p>\n<p>Kurz vor Bosa holt uns das Navi von der Hauptstra\u00dfe runter. Wahrscheinlich kennt es eine Abk\u00fcrzung. Auf jeden Fall geht es dabei von der H\u00f6he in Serpentinen hinab durch einen kleinen Ort mit engen Stra\u00dfen, und einem Hindernis.<\/p>\n<p><a href=\"https:\/\/olu-limburg.de\/wp-content\/uploads\/2016\/10\/P1000851_ergebnis.jpg\"><img loading=\"lazy\" decoding=\"async\" class=\" wp-image-10414 aligncenter\" src=\"https:\/\/olu-limburg.de\/wp-content\/uploads\/2016\/10\/P1000851_ergebnis.jpg\" alt=\"P1000851_ergebnis\" width=\"800\" height=\"600\" srcset=\"https:\/\/olu-limburg.de\/wp-content\/uploads\/2016\/10\/P1000851_ergebnis.jpg 800w, https:\/\/olu-limburg.de\/wp-content\/uploads\/2016\/10\/P1000851_ergebnis-300x225.jpg 300w, https:\/\/olu-limburg.de\/wp-content\/uploads\/2016\/10\/P1000851_ergebnis-768x576.jpg 768w, https:\/\/olu-limburg.de\/wp-content\/uploads\/2016\/10\/P1000851_ergebnis-624x468.jpg 624w\" sizes=\"auto, (max-width: 800px) 100vw, 800px\" \/><\/a><\/p>\n<p><a href=\"https:\/\/olu-limburg.de\/wp-content\/uploads\/2016\/10\/P1000852_ergebnis.jpg\"><img loading=\"lazy\" decoding=\"async\" class=\"alignnone size-full wp-image-10415\" src=\"https:\/\/olu-limburg.de\/wp-content\/uploads\/2016\/10\/P1000852_ergebnis.jpg\" alt=\"P1000852_ergebnis\" width=\"800\" height=\"600\" srcset=\"https:\/\/olu-limburg.de\/wp-content\/uploads\/2016\/10\/P1000852_ergebnis.jpg 800w, https:\/\/olu-limburg.de\/wp-content\/uploads\/2016\/10\/P1000852_ergebnis-300x225.jpg 300w, https:\/\/olu-limburg.de\/wp-content\/uploads\/2016\/10\/P1000852_ergebnis-768x576.jpg 768w, https:\/\/olu-limburg.de\/wp-content\/uploads\/2016\/10\/P1000852_ergebnis-624x468.jpg 624w\" sizes=\"auto, (max-width: 800px) 100vw, 800px\" \/><\/a><\/p>\n<p>Weiter geht es nach Bosa. Dort soll es eine V+E geben. An den Koordinaten befindet sich nur ein Bauzaun und rund herum ist im Umkreis von 100 m nichts zu finden. Wenn keine Entsorgung m\u00f6glich ist, wollen wir uns wenigstens gut versorgen. Wir geben den Restaurants in den Hauptgassen nicht so gro\u00dfe Beachtung, sondern entscheiden uns f\u00fcr die etwas abseits liegende Trattoria &#8222;Sa Cariasa&#8220;.<\/p>\n<p><a href=\"https:\/\/olu-limburg.de\/wp-content\/uploads\/2016\/10\/DSC04936_ergebnis.jpg\"><img loading=\"lazy\" decoding=\"async\" class=\"size-full wp-image-10170 aligncenter\" src=\"https:\/\/olu-limburg.de\/wp-content\/uploads\/2016\/10\/DSC04936_ergebnis.jpg\" alt=\"DSC04936_ergebnis\" width=\"800\" height=\"600\" srcset=\"https:\/\/olu-limburg.de\/wp-content\/uploads\/2016\/10\/DSC04936_ergebnis.jpg 800w, https:\/\/olu-limburg.de\/wp-content\/uploads\/2016\/10\/DSC04936_ergebnis-300x225.jpg 300w, https:\/\/olu-limburg.de\/wp-content\/uploads\/2016\/10\/DSC04936_ergebnis-768x576.jpg 768w, https:\/\/olu-limburg.de\/wp-content\/uploads\/2016\/10\/DSC04936_ergebnis-624x468.jpg 624w\" sizes=\"auto, (max-width: 800px) 100vw, 800px\" \/><\/a><\/p>\n<p><a href=\"https:\/\/olu-limburg.de\/wp-content\/uploads\/2016\/10\/DSC04952_ergebnis.jpg\"><img loading=\"lazy\" decoding=\"async\" class=\"size-full wp-image-10181 aligncenter\" src=\"https:\/\/olu-limburg.de\/wp-content\/uploads\/2016\/10\/DSC04952_ergebnis.jpg\" alt=\"DSC04952_ergebnis\" width=\"800\" height=\"600\" srcset=\"https:\/\/olu-limburg.de\/wp-content\/uploads\/2016\/10\/DSC04952_ergebnis.jpg 800w, https:\/\/olu-limburg.de\/wp-content\/uploads\/2016\/10\/DSC04952_ergebnis-300x225.jpg 300w, https:\/\/olu-limburg.de\/wp-content\/uploads\/2016\/10\/DSC04952_ergebnis-768x576.jpg 768w, https:\/\/olu-limburg.de\/wp-content\/uploads\/2016\/10\/DSC04952_ergebnis-624x468.jpg 624w\" sizes=\"auto, (max-width: 800px) 100vw, 800px\" \/><\/a><\/p>\n<p><a href=\"https:\/\/olu-limburg.de\/wp-content\/uploads\/2016\/10\/DSC04953_ergebnis-e1479939829132.jpg\"><img loading=\"lazy\" decoding=\"async\" class=\"size-full wp-image-10182 aligncenter\" src=\"https:\/\/olu-limburg.de\/wp-content\/uploads\/2016\/10\/DSC04953_ergebnis-e1479939829132.jpg\" alt=\"DSC04953_ergebnis\" width=\"450\" height=\"600\" \/><\/a><\/p>\n<p><a href=\"https:\/\/olu-limburg.de\/wp-content\/uploads\/2016\/10\/DSC04940_ergebnis.jpg\"><img loading=\"lazy\" decoding=\"async\" class=\"alignnone size-full wp-image-10171\" src=\"https:\/\/olu-limburg.de\/wp-content\/uploads\/2016\/10\/DSC04940_ergebnis.jpg\" alt=\"DSC04940_ergebnis\" width=\"800\" height=\"600\" srcset=\"https:\/\/olu-limburg.de\/wp-content\/uploads\/2016\/10\/DSC04940_ergebnis.jpg 800w, https:\/\/olu-limburg.de\/wp-content\/uploads\/2016\/10\/DSC04940_ergebnis-300x225.jpg 300w, https:\/\/olu-limburg.de\/wp-content\/uploads\/2016\/10\/DSC04940_ergebnis-768x576.jpg 768w, https:\/\/olu-limburg.de\/wp-content\/uploads\/2016\/10\/DSC04940_ergebnis-624x468.jpg 624w\" sizes=\"auto, (max-width: 800px) 100vw, 800px\" \/><\/a><\/p>\n<p><a href=\"https:\/\/olu-limburg.de\/wp-content\/uploads\/2016\/10\/DSC04943_ergebnis.jpg\"><img loading=\"lazy\" decoding=\"async\" class=\"alignnone size-full wp-image-10173\" src=\"https:\/\/olu-limburg.de\/wp-content\/uploads\/2016\/10\/DSC04943_ergebnis.jpg\" alt=\"DSC04943_ergebnis\" width=\"800\" height=\"600\" srcset=\"https:\/\/olu-limburg.de\/wp-content\/uploads\/2016\/10\/DSC04943_ergebnis.jpg 800w, https:\/\/olu-limburg.de\/wp-content\/uploads\/2016\/10\/DSC04943_ergebnis-300x225.jpg 300w, https:\/\/olu-limburg.de\/wp-content\/uploads\/2016\/10\/DSC04943_ergebnis-768x576.jpg 768w, https:\/\/olu-limburg.de\/wp-content\/uploads\/2016\/10\/DSC04943_ergebnis-624x468.jpg 624w\" sizes=\"auto, (max-width: 800px) 100vw, 800px\" \/><\/a><\/p>\n<p>Zu dem Men\u00fc Mare erhalten wir eine Spezialit\u00e4t der Region, einen Malvasia di Bosa D.O.C.(Wei\u00dfwein) und Obstst\u00fcckchen, die mit geraspeltem sardischen K\u00e4se bedeckt sind.<\/p>\n<p><a href=\"https:\/\/olu-limburg.de\/wp-content\/uploads\/2016\/10\/P1000886_ergebnis.jpg\"><img loading=\"lazy\" decoding=\"async\" class=\"size-full wp-image-10417 aligncenter\" src=\"https:\/\/olu-limburg.de\/wp-content\/uploads\/2016\/10\/P1000886_ergebnis.jpg\" alt=\"P1000886_ergebnis\" width=\"800\" height=\"600\" srcset=\"https:\/\/olu-limburg.de\/wp-content\/uploads\/2016\/10\/P1000886_ergebnis.jpg 800w, https:\/\/olu-limburg.de\/wp-content\/uploads\/2016\/10\/P1000886_ergebnis-300x225.jpg 300w, https:\/\/olu-limburg.de\/wp-content\/uploads\/2016\/10\/P1000886_ergebnis-768x576.jpg 768w, https:\/\/olu-limburg.de\/wp-content\/uploads\/2016\/10\/P1000886_ergebnis-624x468.jpg 624w\" sizes=\"auto, (max-width: 800px) 100vw, 800px\" \/><\/a><\/p>\n<p><a href=\"https:\/\/olu-limburg.de\/wp-content\/uploads\/2016\/10\/DSC04941_ergebnis.jpg\"><img loading=\"lazy\" decoding=\"async\" class=\"alignnone size-full wp-image-10172\" src=\"https:\/\/olu-limburg.de\/wp-content\/uploads\/2016\/10\/DSC04941_ergebnis.jpg\" alt=\"DSC04941_ergebnis\" width=\"800\" height=\"600\" srcset=\"https:\/\/olu-limburg.de\/wp-content\/uploads\/2016\/10\/DSC04941_ergebnis.jpg 800w, https:\/\/olu-limburg.de\/wp-content\/uploads\/2016\/10\/DSC04941_ergebnis-300x225.jpg 300w, https:\/\/olu-limburg.de\/wp-content\/uploads\/2016\/10\/DSC04941_ergebnis-768x576.jpg 768w, https:\/\/olu-limburg.de\/wp-content\/uploads\/2016\/10\/DSC04941_ergebnis-624x468.jpg 624w\" sizes=\"auto, (max-width: 800px) 100vw, 800px\" \/><\/a><\/p>\n<p>Primo: Tagliatelle, Cozze und Bottarga bzw. Troffie, Cozze, Pommodori und Safran<\/p>\n<p><a href=\"https:\/\/olu-limburg.de\/wp-content\/uploads\/2016\/10\/DSC04944_ergebnis.jpg\"><img loading=\"lazy\" decoding=\"async\" class=\"alignnone size-full wp-image-10174\" src=\"https:\/\/olu-limburg.de\/wp-content\/uploads\/2016\/10\/DSC04944_ergebnis.jpg\" alt=\"DSC04944_ergebnis\" width=\"800\" height=\"600\" srcset=\"https:\/\/olu-limburg.de\/wp-content\/uploads\/2016\/10\/DSC04944_ergebnis.jpg 800w, https:\/\/olu-limburg.de\/wp-content\/uploads\/2016\/10\/DSC04944_ergebnis-300x225.jpg 300w, https:\/\/olu-limburg.de\/wp-content\/uploads\/2016\/10\/DSC04944_ergebnis-768x576.jpg 768w, https:\/\/olu-limburg.de\/wp-content\/uploads\/2016\/10\/DSC04944_ergebnis-624x468.jpg 624w\" sizes=\"auto, (max-width: 800px) 100vw, 800px\" \/><\/a><\/p>\n<p><a href=\"https:\/\/olu-limburg.de\/wp-content\/uploads\/2016\/10\/DSC04945_ergebnis.jpg\"><img loading=\"lazy\" decoding=\"async\" class=\"alignnone size-full wp-image-10175\" src=\"https:\/\/olu-limburg.de\/wp-content\/uploads\/2016\/10\/DSC04945_ergebnis.jpg\" alt=\"DSC04945_ergebnis\" width=\"800\" height=\"600\" srcset=\"https:\/\/olu-limburg.de\/wp-content\/uploads\/2016\/10\/DSC04945_ergebnis.jpg 800w, https:\/\/olu-limburg.de\/wp-content\/uploads\/2016\/10\/DSC04945_ergebnis-300x225.jpg 300w, https:\/\/olu-limburg.de\/wp-content\/uploads\/2016\/10\/DSC04945_ergebnis-768x576.jpg 768w, https:\/\/olu-limburg.de\/wp-content\/uploads\/2016\/10\/DSC04945_ergebnis-624x468.jpg 624w\" sizes=\"auto, (max-width: 800px) 100vw, 800px\" \/><\/a><\/p>\n<p>Secondo: Fritto Misto Melanzane bzw. &#8230;<\/p>\n<p><a href=\"https:\/\/olu-limburg.de\/wp-content\/uploads\/2016\/10\/DSC04949_ergebnis.jpg\"><img loading=\"lazy\" decoding=\"async\" class=\"alignnone size-full wp-image-10179\" src=\"https:\/\/olu-limburg.de\/wp-content\/uploads\/2016\/10\/DSC04949_ergebnis.jpg\" alt=\"DSC04949_ergebnis\" width=\"800\" height=\"600\" srcset=\"https:\/\/olu-limburg.de\/wp-content\/uploads\/2016\/10\/DSC04949_ergebnis.jpg 800w, https:\/\/olu-limburg.de\/wp-content\/uploads\/2016\/10\/DSC04949_ergebnis-300x225.jpg 300w, https:\/\/olu-limburg.de\/wp-content\/uploads\/2016\/10\/DSC04949_ergebnis-768x576.jpg 768w, https:\/\/olu-limburg.de\/wp-content\/uploads\/2016\/10\/DSC04949_ergebnis-624x468.jpg 624w\" sizes=\"auto, (max-width: 800px) 100vw, 800px\" \/><\/a><\/p>\n<p><a href=\"https:\/\/olu-limburg.de\/wp-content\/uploads\/2016\/10\/DSC04948_ergebnis.jpg\"><img loading=\"lazy\" decoding=\"async\" class=\"alignnone size-full wp-image-10178\" src=\"https:\/\/olu-limburg.de\/wp-content\/uploads\/2016\/10\/DSC04948_ergebnis.jpg\" alt=\"DSC04948_ergebnis\" width=\"800\" height=\"600\" srcset=\"https:\/\/olu-limburg.de\/wp-content\/uploads\/2016\/10\/DSC04948_ergebnis.jpg 800w, https:\/\/olu-limburg.de\/wp-content\/uploads\/2016\/10\/DSC04948_ergebnis-300x225.jpg 300w, https:\/\/olu-limburg.de\/wp-content\/uploads\/2016\/10\/DSC04948_ergebnis-768x576.jpg 768w, https:\/\/olu-limburg.de\/wp-content\/uploads\/2016\/10\/DSC04948_ergebnis-624x468.jpg 624w\" sizes=\"auto, (max-width: 800px) 100vw, 800px\" \/><\/a><\/p>\n<p>&#8230; Pesca Spada (Schwertfisch) und Insalata Mista<\/p>\n<p><a href=\"https:\/\/olu-limburg.de\/wp-content\/uploads\/2016\/10\/DSC04946_ergebnis.jpg\"><img loading=\"lazy\" decoding=\"async\" class=\"alignnone size-full wp-image-10176\" src=\"https:\/\/olu-limburg.de\/wp-content\/uploads\/2016\/10\/DSC04946_ergebnis.jpg\" alt=\"DSC04946_ergebnis\" width=\"800\" height=\"600\" srcset=\"https:\/\/olu-limburg.de\/wp-content\/uploads\/2016\/10\/DSC04946_ergebnis.jpg 800w, https:\/\/olu-limburg.de\/wp-content\/uploads\/2016\/10\/DSC04946_ergebnis-300x225.jpg 300w, https:\/\/olu-limburg.de\/wp-content\/uploads\/2016\/10\/DSC04946_ergebnis-768x576.jpg 768w, https:\/\/olu-limburg.de\/wp-content\/uploads\/2016\/10\/DSC04946_ergebnis-624x468.jpg 624w\" sizes=\"auto, (max-width: 800px) 100vw, 800px\" \/><\/a><\/p>\n<p><a href=\"https:\/\/olu-limburg.de\/wp-content\/uploads\/2016\/10\/DSC04947_ergebnis.jpg\"><img loading=\"lazy\" decoding=\"async\" class=\"alignnone size-full wp-image-10177\" src=\"https:\/\/olu-limburg.de\/wp-content\/uploads\/2016\/10\/DSC04947_ergebnis.jpg\" alt=\"DSC04947_ergebnis\" width=\"800\" height=\"600\" srcset=\"https:\/\/olu-limburg.de\/wp-content\/uploads\/2016\/10\/DSC04947_ergebnis.jpg 800w, https:\/\/olu-limburg.de\/wp-content\/uploads\/2016\/10\/DSC04947_ergebnis-300x225.jpg 300w, https:\/\/olu-limburg.de\/wp-content\/uploads\/2016\/10\/DSC04947_ergebnis-768x576.jpg 768w, https:\/\/olu-limburg.de\/wp-content\/uploads\/2016\/10\/DSC04947_ergebnis-624x468.jpg 624w\" sizes=\"auto, (max-width: 800px) 100vw, 800px\" \/><\/a><\/p>\n<p>Es hat ganz einfach k\u00f6stlich geschmeckt, und wir haben Lust, noch etwas durch die engen Gassen der Altstadt zu laufen.<\/p>\n<p><a href=\"https:\/\/olu-limburg.de\/wp-content\/uploads\/2016\/10\/DSC04955_ergebnis-e1479940093187.jpg\"><img loading=\"lazy\" decoding=\"async\" class=\"size-full wp-image-10183 alignleft\" src=\"https:\/\/olu-limburg.de\/wp-content\/uploads\/2016\/10\/DSC04955_ergebnis-e1479940093187.jpg\" alt=\"DSC04955_ergebnis\" width=\"450\" height=\"600\" \/><\/a><\/p>\n<p><a href=\"https:\/\/olu-limburg.de\/wp-content\/uploads\/2016\/10\/DSC04959_ergebnis-e1479940131922.jpg\"><img loading=\"lazy\" decoding=\"async\" class=\"size-full wp-image-10185 alignright\" src=\"https:\/\/olu-limburg.de\/wp-content\/uploads\/2016\/10\/DSC04959_ergebnis-e1479940131922.jpg\" alt=\"DSC04959_ergebnis\" width=\"450\" height=\"600\" \/><\/a><\/p>\n<p><a href=\"https:\/\/olu-limburg.de\/wp-content\/uploads\/2016\/10\/DSC04960_ergebnis-e1479940194161.jpg\"><img loading=\"lazy\" decoding=\"async\" class=\"size-full wp-image-10186 alignleft\" src=\"https:\/\/olu-limburg.de\/wp-content\/uploads\/2016\/10\/DSC04960_ergebnis-e1479940194161.jpg\" alt=\"DSC04960_ergebnis\" width=\"450\" height=\"600\" \/><\/a><\/p>\n<p><a href=\"https:\/\/olu-limburg.de\/wp-content\/uploads\/2016\/10\/DSC04964_ergebnis-e1479940245736.jpg\"><img loading=\"lazy\" decoding=\"async\" class=\"size-full wp-image-10188 alignright\" src=\"https:\/\/olu-limburg.de\/wp-content\/uploads\/2016\/10\/DSC04964_ergebnis-e1479940245736.jpg\" alt=\"DSC04964_ergebnis\" width=\"450\" height=\"600\" \/><\/a><\/p>\n<p><a href=\"https:\/\/olu-limburg.de\/wp-content\/uploads\/2016\/10\/DSC04963_ergebnis.jpg\"><img loading=\"lazy\" decoding=\"async\" class=\"size-full wp-image-10187 aligncenter\" src=\"https:\/\/olu-limburg.de\/wp-content\/uploads\/2016\/10\/DSC04963_ergebnis.jpg\" alt=\"DSC04963_ergebnis\" width=\"800\" height=\"600\" srcset=\"https:\/\/olu-limburg.de\/wp-content\/uploads\/2016\/10\/DSC04963_ergebnis.jpg 800w, https:\/\/olu-limburg.de\/wp-content\/uploads\/2016\/10\/DSC04963_ergebnis-300x225.jpg 300w, https:\/\/olu-limburg.de\/wp-content\/uploads\/2016\/10\/DSC04963_ergebnis-768x576.jpg 768w, https:\/\/olu-limburg.de\/wp-content\/uploads\/2016\/10\/DSC04963_ergebnis-624x468.jpg 624w\" sizes=\"auto, (max-width: 800px) 100vw, 800px\" \/><\/a><\/p>\n<p><a href=\"https:\/\/olu-limburg.de\/wp-content\/uploads\/2016\/10\/DSC04965_ergebnis-e1479940271444.jpg\"><img loading=\"lazy\" decoding=\"async\" class=\"size-full wp-image-10189 alignleft\" src=\"https:\/\/olu-limburg.de\/wp-content\/uploads\/2016\/10\/DSC04965_ergebnis-e1479940271444.jpg\" alt=\"DSC04965_ergebnis\" width=\"450\" height=\"600\" \/><\/a><\/p>\n<p><a href=\"https:\/\/olu-limburg.de\/wp-content\/uploads\/2016\/10\/DSC04977_ergebnis-e1479940316676.jpg\"><img loading=\"lazy\" decoding=\"async\" class=\"size-full wp-image-10197 alignright\" src=\"https:\/\/olu-limburg.de\/wp-content\/uploads\/2016\/10\/DSC04977_ergebnis-e1479940316676.jpg\" alt=\"DSC04977_ergebnis\" width=\"450\" height=\"600\" \/><\/a><\/p>\n<p><a href=\"https:\/\/olu-limburg.de\/wp-content\/uploads\/2016\/10\/DSC04976_ergebnis.jpg\"><img loading=\"lazy\" decoding=\"async\" class=\"size-full wp-image-10196 aligncenter\" src=\"https:\/\/olu-limburg.de\/wp-content\/uploads\/2016\/10\/DSC04976_ergebnis.jpg\" alt=\"DSC04976_ergebnis\" width=\"800\" height=\"600\" srcset=\"https:\/\/olu-limburg.de\/wp-content\/uploads\/2016\/10\/DSC04976_ergebnis.jpg 800w, https:\/\/olu-limburg.de\/wp-content\/uploads\/2016\/10\/DSC04976_ergebnis-300x225.jpg 300w, https:\/\/olu-limburg.de\/wp-content\/uploads\/2016\/10\/DSC04976_ergebnis-768x576.jpg 768w, https:\/\/olu-limburg.de\/wp-content\/uploads\/2016\/10\/DSC04976_ergebnis-624x468.jpg 624w\" sizes=\"auto, (max-width: 800px) 100vw, 800px\" \/><\/a><\/p>\n<p>Nach der Erledigung unseres Verdauungs-Spaziergangs beschlie\u00dfen wir auf den Stellplastz am Strand zu fahren. Jedoch liegt der Stellplatz nicht vorne am Hafen, Bosa Marina liegt um den Berg herum weit au\u00dferhalb von Bosa. Der Stellplatz &#8222;S&#8217;Abba Druche&#8220; mit V+E ist au\u00dferdem noch der Badeplatz von Bosa. Daf\u00fcr gibt es extra PKW-Parkpl\u00e4tze. Die V+E liegt in der N\u00e4he des Kassenh\u00e4uschens. Von dort aus f\u00e4hrt man noch ca. 800 m bis zu den Wohnmobil-Parzellen.<\/p>\n<p><a href=\"https:\/\/olu-limburg.de\/wp-content\/uploads\/2016\/10\/DSC04986_ergebnis.jpg\"><img loading=\"lazy\" decoding=\"async\" class=\"size-full wp-image-10203 aligncenter\" src=\"https:\/\/olu-limburg.de\/wp-content\/uploads\/2016\/10\/DSC04986_ergebnis.jpg\" alt=\"DSC04986_ergebnis\" width=\"800\" height=\"600\" srcset=\"https:\/\/olu-limburg.de\/wp-content\/uploads\/2016\/10\/DSC04986_ergebnis.jpg 800w, https:\/\/olu-limburg.de\/wp-content\/uploads\/2016\/10\/DSC04986_ergebnis-300x225.jpg 300w, https:\/\/olu-limburg.de\/wp-content\/uploads\/2016\/10\/DSC04986_ergebnis-768x576.jpg 768w, https:\/\/olu-limburg.de\/wp-content\/uploads\/2016\/10\/DSC04986_ergebnis-624x468.jpg 624w\" sizes=\"auto, (max-width: 800px) 100vw, 800px\" \/><\/a><\/p>\n<p><a href=\"https:\/\/olu-limburg.de\/wp-content\/uploads\/2016\/10\/DSC04983_ergebnis.jpg\"><img loading=\"lazy\" decoding=\"async\" class=\"size-full wp-image-10201 aligncenter\" src=\"https:\/\/olu-limburg.de\/wp-content\/uploads\/2016\/10\/DSC04983_ergebnis.jpg\" alt=\"DSC04983_ergebnis\" width=\"800\" height=\"600\" srcset=\"https:\/\/olu-limburg.de\/wp-content\/uploads\/2016\/10\/DSC04983_ergebnis.jpg 800w, https:\/\/olu-limburg.de\/wp-content\/uploads\/2016\/10\/DSC04983_ergebnis-300x225.jpg 300w, https:\/\/olu-limburg.de\/wp-content\/uploads\/2016\/10\/DSC04983_ergebnis-768x576.jpg 768w, https:\/\/olu-limburg.de\/wp-content\/uploads\/2016\/10\/DSC04983_ergebnis-624x468.jpg 624w\" sizes=\"auto, (max-width: 800px) 100vw, 800px\" \/><\/a><\/p>\n<p><a href=\"https:\/\/olu-limburg.de\/wp-content\/uploads\/2016\/10\/DSC04985_ergebnis.jpg\"><img loading=\"lazy\" decoding=\"async\" class=\"size-full wp-image-10202 aligncenter\" src=\"https:\/\/olu-limburg.de\/wp-content\/uploads\/2016\/10\/DSC04985_ergebnis.jpg\" alt=\"DSC04985_ergebnis\" width=\"800\" height=\"600\" srcset=\"https:\/\/olu-limburg.de\/wp-content\/uploads\/2016\/10\/DSC04985_ergebnis.jpg 800w, https:\/\/olu-limburg.de\/wp-content\/uploads\/2016\/10\/DSC04985_ergebnis-300x225.jpg 300w, https:\/\/olu-limburg.de\/wp-content\/uploads\/2016\/10\/DSC04985_ergebnis-768x576.jpg 768w, https:\/\/olu-limburg.de\/wp-content\/uploads\/2016\/10\/DSC04985_ergebnis-624x468.jpg 624w\" sizes=\"auto, (max-width: 800px) 100vw, 800px\" \/><\/a><\/p>\n<p>Tagesstrecke: 92 km<\/p>\n<p>&nbsp;<\/p>\n<p><strong>Samstag, 08.10.2016<\/strong><\/p>\n<p>Es ist bew\u00f6lkt und deutlich k\u00fchler als gestern. Nach einem ordentlichen Hausputz mit Staubsaugen und Betten neu beziehen, fahren wir weiter nach Norden. Auf der K\u00fcstenstra\u00dfe k\u00f6nnen wir immer wieder neue beeindruckende Ausblicke genie\u00dfen. Auch die Sonne lacht vom Himmel.<\/p>\n<p><a href=\"https:\/\/olu-limburg.de\/wp-content\/uploads\/2016\/10\/DSC04988_ergebnis.jpg\"><img loading=\"lazy\" decoding=\"async\" class=\"size-full wp-image-10208 aligncenter\" src=\"https:\/\/olu-limburg.de\/wp-content\/uploads\/2016\/10\/DSC04988_ergebnis.jpg\" alt=\"DSC04988_ergebnis\" width=\"800\" height=\"600\" srcset=\"https:\/\/olu-limburg.de\/wp-content\/uploads\/2016\/10\/DSC04988_ergebnis.jpg 800w, https:\/\/olu-limburg.de\/wp-content\/uploads\/2016\/10\/DSC04988_ergebnis-300x225.jpg 300w, https:\/\/olu-limburg.de\/wp-content\/uploads\/2016\/10\/DSC04988_ergebnis-768x576.jpg 768w, https:\/\/olu-limburg.de\/wp-content\/uploads\/2016\/10\/DSC04988_ergebnis-624x468.jpg 624w\" sizes=\"auto, (max-width: 800px) 100vw, 800px\" \/><\/a><\/p>\n<p>In Alghero begeben wir uns mit Navi auf die Suche nach den Stellpl\u00e4tzen. Den SP an der Via Vittorio Emmanuele gibt es nicht mehr. Der Stellplatz in der Via Corsica ist zu weit au\u00dferhalb. Also stellen wir uns auf einen einfachen Parkplatz nicht weit von der Altstadt entfernt.<\/p>\n<p>Alghero wurde im Jahre 1353 nach einer gro\u00dfen Seeschlacht, den die Aragonier gegen die Genueser f\u00fchrten und gewannen, von den Katalanen besiedelt. Noch heute, etwa 300 Jahre nach dem Ende der spanischen Herrschaft, sprechen noch ein Viertel der Bewohner einen katalanischen Dialekt und die Stra\u00dfenschilder sind zweisprachig.<\/p>\n<div id=\"attachment_10215\" style=\"width: 460px\" class=\"wp-caption aligncenter\"><a href=\"https:\/\/olu-limburg.de\/wp-content\/uploads\/2016\/10\/DSC04997_ergebnis-e1480520009305.jpg\"><img loading=\"lazy\" decoding=\"async\" aria-describedby=\"caption-attachment-10215\" class=\"size-full wp-image-10215\" src=\"https:\/\/olu-limburg.de\/wp-content\/uploads\/2016\/10\/DSC04997_ergebnis-e1480520009305.jpg\" alt=\"Einheit der Sprache\" width=\"450\" height=\"600\" \/><\/a><p id=\"caption-attachment-10215\" class=\"wp-caption-text\">Einheit der Sprache<\/p><\/div>\n<p>Wir spazieren gem\u00fctlich in Richtung Altstadt, sehen beim Giardino Pubblico ein nettes Restaurant, wo wir unseren Hunger auf sehr angenehme Weise stillen k\u00f6nnen und schon sind wir am Tor zur Altstadt, dem Porta a Terra. \u00dcberall sind Souvenirl\u00e4den, Schmuckgesch\u00e4fte und Gesch\u00e4fte mit inseltypischen Produkten, denn Alghero wird von gro\u00dfen Kreuzfahrtschiffen angefahren. Trotzdem haben die Gassen auch f\u00fcr uns ihren ganz besonderen Charme.<\/p>\n<div id=\"attachment_10209\" style=\"width: 810px\" class=\"wp-caption aligncenter\"><a href=\"https:\/\/olu-limburg.de\/wp-content\/uploads\/2016\/10\/DSC04990_ergebnis.jpg\"><img loading=\"lazy\" decoding=\"async\" aria-describedby=\"caption-attachment-10209\" class=\"size-full wp-image-10209\" src=\"https:\/\/olu-limburg.de\/wp-content\/uploads\/2016\/10\/DSC04990_ergebnis.jpg\" alt=\"Gnocchi vongole pomodorini e pesto di rucola\" width=\"800\" height=\"600\" srcset=\"https:\/\/olu-limburg.de\/wp-content\/uploads\/2016\/10\/DSC04990_ergebnis.jpg 800w, https:\/\/olu-limburg.de\/wp-content\/uploads\/2016\/10\/DSC04990_ergebnis-300x225.jpg 300w, https:\/\/olu-limburg.de\/wp-content\/uploads\/2016\/10\/DSC04990_ergebnis-768x576.jpg 768w, https:\/\/olu-limburg.de\/wp-content\/uploads\/2016\/10\/DSC04990_ergebnis-624x468.jpg 624w\" sizes=\"auto, (max-width: 800px) 100vw, 800px\" \/><\/a><p id=\"caption-attachment-10209\" class=\"wp-caption-text\">Gnocchi vongole pomodorini e pesto di rucola<\/p><\/div>\n<div id=\"attachment_10210\" style=\"width: 810px\" class=\"wp-caption aligncenter\"><a href=\"https:\/\/olu-limburg.de\/wp-content\/uploads\/2016\/10\/DSC04991_ergebnis.jpg\"><img loading=\"lazy\" decoding=\"async\" aria-describedby=\"caption-attachment-10210\" class=\"wp-image-10210 size-full\" src=\"https:\/\/olu-limburg.de\/wp-content\/uploads\/2016\/10\/DSC04991_ergebnis.jpg\" alt=\"DSC04991_ergebnis\" width=\"800\" height=\"600\" srcset=\"https:\/\/olu-limburg.de\/wp-content\/uploads\/2016\/10\/DSC04991_ergebnis.jpg 800w, https:\/\/olu-limburg.de\/wp-content\/uploads\/2016\/10\/DSC04991_ergebnis-300x225.jpg 300w, https:\/\/olu-limburg.de\/wp-content\/uploads\/2016\/10\/DSC04991_ergebnis-768x576.jpg 768w, https:\/\/olu-limburg.de\/wp-content\/uploads\/2016\/10\/DSC04991_ergebnis-624x468.jpg 624w\" sizes=\"auto, (max-width: 800px) 100vw, 800px\" \/><\/a><p id=\"caption-attachment-10210\" class=\"wp-caption-text\">Linguine alle Cozze<\/p><\/div>\n<div id=\"attachment_10212\" style=\"width: 810px\" class=\"wp-caption aligncenter\"><a href=\"https:\/\/olu-limburg.de\/wp-content\/uploads\/2016\/10\/DSC04993_ergebnis.jpg\"><img loading=\"lazy\" decoding=\"async\" aria-describedby=\"caption-attachment-10212\" class=\"size-full wp-image-10212\" src=\"https:\/\/olu-limburg.de\/wp-content\/uploads\/2016\/10\/DSC04993_ergebnis.jpg\" alt=\"Braciole di maiale\" width=\"800\" height=\"600\" srcset=\"https:\/\/olu-limburg.de\/wp-content\/uploads\/2016\/10\/DSC04993_ergebnis.jpg 800w, https:\/\/olu-limburg.de\/wp-content\/uploads\/2016\/10\/DSC04993_ergebnis-300x225.jpg 300w, https:\/\/olu-limburg.de\/wp-content\/uploads\/2016\/10\/DSC04993_ergebnis-768x576.jpg 768w, https:\/\/olu-limburg.de\/wp-content\/uploads\/2016\/10\/DSC04993_ergebnis-624x468.jpg 624w\" sizes=\"auto, (max-width: 800px) 100vw, 800px\" \/><\/a><p id=\"caption-attachment-10212\" class=\"wp-caption-text\">Braciola di maiale<\/p><\/div>\n<div id=\"attachment_10211\" style=\"width: 810px\" class=\"wp-caption aligncenter\"><a href=\"https:\/\/olu-limburg.de\/wp-content\/uploads\/2016\/10\/DSC04992_ergebnis.jpg\"><img loading=\"lazy\" decoding=\"async\" aria-describedby=\"caption-attachment-10211\" class=\"wp-image-10211 size-full\" src=\"https:\/\/olu-limburg.de\/wp-content\/uploads\/2016\/10\/DSC04992_ergebnis.jpg\" alt=\"Cotoletta alla milanese\" width=\"800\" height=\"600\" srcset=\"https:\/\/olu-limburg.de\/wp-content\/uploads\/2016\/10\/DSC04992_ergebnis.jpg 800w, https:\/\/olu-limburg.de\/wp-content\/uploads\/2016\/10\/DSC04992_ergebnis-300x225.jpg 300w, https:\/\/olu-limburg.de\/wp-content\/uploads\/2016\/10\/DSC04992_ergebnis-768x576.jpg 768w, https:\/\/olu-limburg.de\/wp-content\/uploads\/2016\/10\/DSC04992_ergebnis-624x468.jpg 624w\" sizes=\"auto, (max-width: 800px) 100vw, 800px\" \/><\/a><p id=\"caption-attachment-10211\" class=\"wp-caption-text\">Cotoletta alla milanese<\/p><\/div>\n<p><a href=\"https:\/\/olu-limburg.de\/wp-content\/uploads\/2016\/10\/DSC04996_ergebnis.jpg\"><img loading=\"lazy\" decoding=\"async\" class=\"size-full wp-image-10214 aligncenter\" src=\"https:\/\/olu-limburg.de\/wp-content\/uploads\/2016\/10\/DSC04996_ergebnis.jpg\" alt=\"DSC04996_ergebnis\" width=\"800\" height=\"600\" srcset=\"https:\/\/olu-limburg.de\/wp-content\/uploads\/2016\/10\/DSC04996_ergebnis.jpg 800w, https:\/\/olu-limburg.de\/wp-content\/uploads\/2016\/10\/DSC04996_ergebnis-300x225.jpg 300w, https:\/\/olu-limburg.de\/wp-content\/uploads\/2016\/10\/DSC04996_ergebnis-768x576.jpg 768w, https:\/\/olu-limburg.de\/wp-content\/uploads\/2016\/10\/DSC04996_ergebnis-624x468.jpg 624w\" sizes=\"auto, (max-width: 800px) 100vw, 800px\" \/><\/a><\/p>\n<p><a href=\"https:\/\/olu-limburg.de\/wp-content\/uploads\/2016\/10\/DSC05002_ergebnis-e1480520422765.jpg\"><img loading=\"lazy\" decoding=\"async\" class=\"size-full wp-image-10216 alignleft\" src=\"https:\/\/olu-limburg.de\/wp-content\/uploads\/2016\/10\/DSC05002_ergebnis-e1480520422765.jpg\" alt=\"DSC05002_ergebnis\" width=\"450\" height=\"600\" \/><\/a><\/p>\n<p><a href=\"https:\/\/olu-limburg.de\/wp-content\/uploads\/2016\/10\/DSC05005_ergebnis-e1480520445251.jpg\"><img loading=\"lazy\" decoding=\"async\" class=\"size-full wp-image-10217 alignright\" src=\"https:\/\/olu-limburg.de\/wp-content\/uploads\/2016\/10\/DSC05005_ergebnis-e1480520445251.jpg\" alt=\"DSC05005_ergebnis\" width=\"450\" height=\"600\" \/><\/a><\/p>\n<p><a href=\"https:\/\/olu-limburg.de\/wp-content\/uploads\/2016\/10\/DSC05011_ergebnis-e1480520480968.jpg\"><img loading=\"lazy\" decoding=\"async\" class=\"size-full wp-image-10218 alignleft\" src=\"https:\/\/olu-limburg.de\/wp-content\/uploads\/2016\/10\/DSC05011_ergebnis-e1480520480968.jpg\" alt=\"DSC05011_ergebnis\" width=\"450\" height=\"600\" \/><\/a><\/p>\n<p><a href=\"https:\/\/olu-limburg.de\/wp-content\/uploads\/2016\/10\/DSC05035_ergebnis-e1480520534505.jpg\"><img loading=\"lazy\" decoding=\"async\" class=\"size-full wp-image-10226 alignright\" src=\"https:\/\/olu-limburg.de\/wp-content\/uploads\/2016\/10\/DSC05035_ergebnis-e1480520534505.jpg\" alt=\"DSC05035_ergebnis\" width=\"450\" height=\"600\" \/><\/a><\/p>\n<p><a href=\"https:\/\/olu-limburg.de\/wp-content\/uploads\/2016\/10\/DSC05034_ergebnis-e1480520601189.jpg\"><img loading=\"lazy\" decoding=\"async\" class=\"size-full wp-image-10225 alignleft\" src=\"https:\/\/olu-limburg.de\/wp-content\/uploads\/2016\/10\/DSC05034_ergebnis-e1480520601189.jpg\" alt=\"DSC05034_ergebnis\" width=\"450\" height=\"600\" \/><\/a><\/p>\n<p><a href=\"https:\/\/olu-limburg.de\/wp-content\/uploads\/2016\/10\/DSC05041_ergebnis-e1480520620997.jpg\"><img loading=\"lazy\" decoding=\"async\" class=\"size-full wp-image-10227 alignright\" src=\"https:\/\/olu-limburg.de\/wp-content\/uploads\/2016\/10\/DSC05041_ergebnis-e1480520620997.jpg\" alt=\"DSC05041_ergebnis\" width=\"450\" height=\"600\" \/><\/a><\/p>\n<p><a href=\"https:\/\/olu-limburg.de\/wp-content\/uploads\/2016\/10\/DSC05033_ergebnis.jpg\"><img loading=\"lazy\" decoding=\"async\" class=\"size-full wp-image-10224 alignnone\" src=\"https:\/\/olu-limburg.de\/wp-content\/uploads\/2016\/10\/DSC05033_ergebnis.jpg\" alt=\"DSC05033_ergebnis\" width=\"800\" height=\"600\" srcset=\"https:\/\/olu-limburg.de\/wp-content\/uploads\/2016\/10\/DSC05033_ergebnis.jpg 800w, https:\/\/olu-limburg.de\/wp-content\/uploads\/2016\/10\/DSC05033_ergebnis-300x225.jpg 300w, https:\/\/olu-limburg.de\/wp-content\/uploads\/2016\/10\/DSC05033_ergebnis-768x576.jpg 768w, https:\/\/olu-limburg.de\/wp-content\/uploads\/2016\/10\/DSC05033_ergebnis-624x468.jpg 624w\" sizes=\"auto, (max-width: 800px) 100vw, 800px\" \/><\/a><\/p>\n<p>Zur Meerseite ist die alte Bastion noch erhalten. Zur Landseite stehen nur noch zwei Tort\u00fcrme. An der Viale Bastioni Marco Polo besuchen wir ein kleines Caf\u00e9 und trinken in der Sonne, na ja wir suchen schon den Schatten unter dem Sonnenschirm, unseren Cappuccino.<\/p>\n<p><a href=\"https:\/\/olu-limburg.de\/wp-content\/uploads\/2016\/10\/DSC05015_ergebnis.jpg\"><img loading=\"lazy\" decoding=\"async\" class=\"size-full wp-image-10219 aligncenter\" src=\"https:\/\/olu-limburg.de\/wp-content\/uploads\/2016\/10\/DSC05015_ergebnis.jpg\" alt=\"DSC05015_ergebnis\" width=\"800\" height=\"600\" srcset=\"https:\/\/olu-limburg.de\/wp-content\/uploads\/2016\/10\/DSC05015_ergebnis.jpg 800w, https:\/\/olu-limburg.de\/wp-content\/uploads\/2016\/10\/DSC05015_ergebnis-300x225.jpg 300w, https:\/\/olu-limburg.de\/wp-content\/uploads\/2016\/10\/DSC05015_ergebnis-768x576.jpg 768w, https:\/\/olu-limburg.de\/wp-content\/uploads\/2016\/10\/DSC05015_ergebnis-624x468.jpg 624w\" sizes=\"auto, (max-width: 800px) 100vw, 800px\" \/><\/a><\/p>\n<p><a href=\"https:\/\/olu-limburg.de\/wp-content\/uploads\/2016\/10\/DSC05017_ergebnis.jpg\"><img loading=\"lazy\" decoding=\"async\" class=\"size-full wp-image-10220 aligncenter\" src=\"https:\/\/olu-limburg.de\/wp-content\/uploads\/2016\/10\/DSC05017_ergebnis.jpg\" alt=\"DSC05017_ergebnis\" width=\"800\" height=\"600\" srcset=\"https:\/\/olu-limburg.de\/wp-content\/uploads\/2016\/10\/DSC05017_ergebnis.jpg 800w, https:\/\/olu-limburg.de\/wp-content\/uploads\/2016\/10\/DSC05017_ergebnis-300x225.jpg 300w, https:\/\/olu-limburg.de\/wp-content\/uploads\/2016\/10\/DSC05017_ergebnis-768x576.jpg 768w, https:\/\/olu-limburg.de\/wp-content\/uploads\/2016\/10\/DSC05017_ergebnis-624x468.jpg 624w\" sizes=\"auto, (max-width: 800px) 100vw, 800px\" \/><\/a><\/p>\n<p><a href=\"https:\/\/olu-limburg.de\/wp-content\/uploads\/2016\/10\/DSC05019_ergebnis.jpg\"><img loading=\"lazy\" decoding=\"async\" class=\"size-full wp-image-10221 aligncenter\" src=\"https:\/\/olu-limburg.de\/wp-content\/uploads\/2016\/10\/DSC05019_ergebnis.jpg\" alt=\"DSC05019_ergebnis\" width=\"800\" height=\"600\" srcset=\"https:\/\/olu-limburg.de\/wp-content\/uploads\/2016\/10\/DSC05019_ergebnis.jpg 800w, https:\/\/olu-limburg.de\/wp-content\/uploads\/2016\/10\/DSC05019_ergebnis-300x225.jpg 300w, https:\/\/olu-limburg.de\/wp-content\/uploads\/2016\/10\/DSC05019_ergebnis-768x576.jpg 768w, https:\/\/olu-limburg.de\/wp-content\/uploads\/2016\/10\/DSC05019_ergebnis-624x468.jpg 624w\" sizes=\"auto, (max-width: 800px) 100vw, 800px\" \/><\/a><\/p>\n<p><a href=\"https:\/\/olu-limburg.de\/wp-content\/uploads\/2016\/10\/DSC05022_ergebnis-e1480520800987.jpg\"><img loading=\"lazy\" decoding=\"async\" class=\"size-full wp-image-10222 alignleft\" src=\"https:\/\/olu-limburg.de\/wp-content\/uploads\/2016\/10\/DSC05022_ergebnis-e1480520800987.jpg\" alt=\"DSC05022_ergebnis\" width=\"450\" height=\"600\" \/><\/a><\/p>\n<p><a href=\"https:\/\/olu-limburg.de\/wp-content\/uploads\/2016\/10\/DSC05030_ergebnis-e1480520824155.jpg\"><img loading=\"lazy\" decoding=\"async\" class=\"size-full wp-image-10223 aligncenter\" src=\"https:\/\/olu-limburg.de\/wp-content\/uploads\/2016\/10\/DSC05030_ergebnis-e1480520824155.jpg\" alt=\"DSC05030_ergebnis\" width=\"450\" height=\"600\" \/><\/a><\/p>\n<p>Bei unserem Spaziergang durch Alghero sehen wir im Hafen und auf einem Parkplatz dahinter einige Wohnmobile stehen. Wir fahren auch dort hin, k\u00f6nnen uns aber nicht entschlie\u00dfen uns dort zu platzieren. Nur wenige Kilometer entfernt, finden wir, nachdem wir die Bucht von Alghero umrundet haben, auch die Zufahrt zu dem Strand &#8222;Lazzaretto&#8220;.<\/p>\n<p>Auf dem Parkplatz gibt es noch gen\u00fcgend Freifl\u00e4chen. Der Strand ist sauber. Zudem gibt es eine Strandbar und ein Restaurant. In der Ferne sieht man Alghero und das au\u00dferhalb liegende Kreuzfahrtschiff, dessen Ladung mit einigen Rettungsbooten in die Stadt und wieder zur\u00fcck gebracht worden ist. An den immer mehr eintreffenden italienischen Wohnmobilien sieht man, dass es Wochenende ist.<\/p>\n<p><a href=\"https:\/\/olu-limburg.de\/wp-content\/uploads\/2016\/10\/DSC05059_ergebnis.jpg\"><img loading=\"lazy\" decoding=\"async\" class=\"size-full wp-image-10232 aligncenter\" src=\"https:\/\/olu-limburg.de\/wp-content\/uploads\/2016\/10\/DSC05059_ergebnis.jpg\" alt=\"DSC05059_ergebnis\" width=\"800\" height=\"600\" srcset=\"https:\/\/olu-limburg.de\/wp-content\/uploads\/2016\/10\/DSC05059_ergebnis.jpg 800w, https:\/\/olu-limburg.de\/wp-content\/uploads\/2016\/10\/DSC05059_ergebnis-300x225.jpg 300w, https:\/\/olu-limburg.de\/wp-content\/uploads\/2016\/10\/DSC05059_ergebnis-768x576.jpg 768w, https:\/\/olu-limburg.de\/wp-content\/uploads\/2016\/10\/DSC05059_ergebnis-624x468.jpg 624w\" sizes=\"auto, (max-width: 800px) 100vw, 800px\" \/><\/a><\/p>\n<p><a href=\"https:\/\/olu-limburg.de\/wp-content\/uploads\/2016\/10\/DSC05050_ergebnis.jpg\"><img loading=\"lazy\" decoding=\"async\" class=\"size-full wp-image-10230 aligncenter\" src=\"https:\/\/olu-limburg.de\/wp-content\/uploads\/2016\/10\/DSC05050_ergebnis.jpg\" alt=\"DSC05050_ergebnis\" width=\"800\" height=\"600\" srcset=\"https:\/\/olu-limburg.de\/wp-content\/uploads\/2016\/10\/DSC05050_ergebnis.jpg 800w, https:\/\/olu-limburg.de\/wp-content\/uploads\/2016\/10\/DSC05050_ergebnis-300x225.jpg 300w, https:\/\/olu-limburg.de\/wp-content\/uploads\/2016\/10\/DSC05050_ergebnis-768x576.jpg 768w, https:\/\/olu-limburg.de\/wp-content\/uploads\/2016\/10\/DSC05050_ergebnis-624x468.jpg 624w\" sizes=\"auto, (max-width: 800px) 100vw, 800px\" \/><\/a><\/p>\n<p><a href=\"https:\/\/olu-limburg.de\/wp-content\/uploads\/2016\/10\/DSC05054_ergebnis.jpg\"><img loading=\"lazy\" decoding=\"async\" class=\"size-full wp-image-10231 aligncenter\" src=\"https:\/\/olu-limburg.de\/wp-content\/uploads\/2016\/10\/DSC05054_ergebnis.jpg\" alt=\"DSC05054_ergebnis\" width=\"800\" height=\"600\" srcset=\"https:\/\/olu-limburg.de\/wp-content\/uploads\/2016\/10\/DSC05054_ergebnis.jpg 800w, https:\/\/olu-limburg.de\/wp-content\/uploads\/2016\/10\/DSC05054_ergebnis-300x225.jpg 300w, https:\/\/olu-limburg.de\/wp-content\/uploads\/2016\/10\/DSC05054_ergebnis-768x576.jpg 768w, https:\/\/olu-limburg.de\/wp-content\/uploads\/2016\/10\/DSC05054_ergebnis-624x468.jpg 624w\" sizes=\"auto, (max-width: 800px) 100vw, 800px\" \/><\/a><\/p>\n<p>Tagesstrecke: 67 km<\/p>\n<p>&nbsp;<\/p>\n<p><strong>Sonntag, 09.10.2016<\/strong><\/p>\n<p>Bei der Weiterfahrt geht es immer noch in n\u00f6rdlicher Richtung. Wir wollen irgendwo auf der <em>Peninsola di Stintino<\/em> \u00fcbernachten. Bei der Durchquerung der <em>Lanurra<\/em> kommen wir durch eine menschenarme Gegend. Nur einsame Bauernh\u00f6fe und wenige kleine d\u00f6rfliche Siedlungen s\u00e4umen den Weg. Dies \u00e4ndert sich aber sofort, als wir Stintino erreichen. Oberhalb des Ortes, in der N\u00e4he des Friedhofs, ist ein gro\u00dfer Parkplatz, von dem aus man bequem in Richtung altem Ortskern spazieren kann.<\/p>\n<p><a href=\"https:\/\/olu-limburg.de\/wp-content\/uploads\/2016\/10\/DSC05062_ergebnis.jpg\"><img loading=\"lazy\" decoding=\"async\" class=\"size-full wp-image-10236 aligncenter\" src=\"https:\/\/olu-limburg.de\/wp-content\/uploads\/2016\/10\/DSC05062_ergebnis.jpg\" alt=\"DSC05062_ergebnis\" width=\"800\" height=\"600\" srcset=\"https:\/\/olu-limburg.de\/wp-content\/uploads\/2016\/10\/DSC05062_ergebnis.jpg 800w, https:\/\/olu-limburg.de\/wp-content\/uploads\/2016\/10\/DSC05062_ergebnis-300x225.jpg 300w, https:\/\/olu-limburg.de\/wp-content\/uploads\/2016\/10\/DSC05062_ergebnis-768x576.jpg 768w, https:\/\/olu-limburg.de\/wp-content\/uploads\/2016\/10\/DSC05062_ergebnis-624x468.jpg 624w\" sizes=\"auto, (max-width: 800px) 100vw, 800px\" \/><\/a><\/p>\n<p>Zur Bewahrung der Tradition hat man hier vor einigen Jahren die Hausw\u00e4nde mit den Bildern ehemaliger Bewohner oder mit traditionellen Darstellungen versehen.<\/p>\n<p><a href=\"https:\/\/olu-limburg.de\/wp-content\/uploads\/2016\/10\/DSC05064_ergebnis.jpg\"><img loading=\"lazy\" decoding=\"async\" class=\"size-full wp-image-10237 aligncenter\" src=\"https:\/\/olu-limburg.de\/wp-content\/uploads\/2016\/10\/DSC05064_ergebnis.jpg\" alt=\"DSC05064_ergebnis\" width=\"800\" height=\"600\" srcset=\"https:\/\/olu-limburg.de\/wp-content\/uploads\/2016\/10\/DSC05064_ergebnis.jpg 800w, https:\/\/olu-limburg.de\/wp-content\/uploads\/2016\/10\/DSC05064_ergebnis-300x225.jpg 300w, https:\/\/olu-limburg.de\/wp-content\/uploads\/2016\/10\/DSC05064_ergebnis-768x576.jpg 768w, https:\/\/olu-limburg.de\/wp-content\/uploads\/2016\/10\/DSC05064_ergebnis-624x468.jpg 624w\" sizes=\"auto, (max-width: 800px) 100vw, 800px\" \/><\/a><\/p>\n<p><a href=\"https:\/\/olu-limburg.de\/wp-content\/uploads\/2016\/10\/DSC05065_ergebnis.jpg\"><img loading=\"lazy\" decoding=\"async\" class=\"size-full wp-image-10238 aligncenter\" src=\"https:\/\/olu-limburg.de\/wp-content\/uploads\/2016\/10\/DSC05065_ergebnis.jpg\" alt=\"DSC05065_ergebnis\" width=\"800\" height=\"600\" srcset=\"https:\/\/olu-limburg.de\/wp-content\/uploads\/2016\/10\/DSC05065_ergebnis.jpg 800w, https:\/\/olu-limburg.de\/wp-content\/uploads\/2016\/10\/DSC05065_ergebnis-300x225.jpg 300w, https:\/\/olu-limburg.de\/wp-content\/uploads\/2016\/10\/DSC05065_ergebnis-768x576.jpg 768w, https:\/\/olu-limburg.de\/wp-content\/uploads\/2016\/10\/DSC05065_ergebnis-624x468.jpg 624w\" sizes=\"auto, (max-width: 800px) 100vw, 800px\" \/><\/a><\/p>\n<p>Am <em>Capo Falcone<\/em> fahren wir zum Spiaggia della Pelosa. Am heutigen Sonntag herrscht dort\u00a0 Hochbetrieb. Wir finden noch einen Platz am Stra\u00dfenrand und laufen zu Fu\u00df nach vorne in Richtung Cap. \u00dcberall sind tolle Str\u00e4nde. Es bleibt uns nichts anderes \u00fcbrig, als wieder zur\u00fcck zu gehen und uns in die Badesachen zu begeben. Das Wasser hat Farben, es ist ein Traum.<\/p>\n<div id=\"attachment_10239\" style=\"width: 810px\" class=\"wp-caption aligncenter\"><a href=\"https:\/\/olu-limburg.de\/wp-content\/uploads\/2016\/10\/DSC05078_ergebnis.jpg\"><img loading=\"lazy\" decoding=\"async\" aria-describedby=\"caption-attachment-10239\" class=\"size-full wp-image-10239\" src=\"https:\/\/olu-limburg.de\/wp-content\/uploads\/2016\/10\/DSC05078_ergebnis.jpg\" alt=\"im Hintergrund ist die ehemalige Gefangenen-Insel &quot;Isola Asinara&quot;\" width=\"800\" height=\"600\" srcset=\"https:\/\/olu-limburg.de\/wp-content\/uploads\/2016\/10\/DSC05078_ergebnis.jpg 800w, https:\/\/olu-limburg.de\/wp-content\/uploads\/2016\/10\/DSC05078_ergebnis-300x225.jpg 300w, https:\/\/olu-limburg.de\/wp-content\/uploads\/2016\/10\/DSC05078_ergebnis-768x576.jpg 768w, https:\/\/olu-limburg.de\/wp-content\/uploads\/2016\/10\/DSC05078_ergebnis-624x468.jpg 624w\" sizes=\"auto, (max-width: 800px) 100vw, 800px\" \/><\/a><p id=\"caption-attachment-10239\" class=\"wp-caption-text\">im Hintergrund ist die ehemalige Gefangenen-Insel &#8222;Isola Asinara&#8220;<\/p><\/div>\n<p><a href=\"https:\/\/olu-limburg.de\/wp-content\/uploads\/2016\/10\/DSC05079_ergebnis.jpg\"><img loading=\"lazy\" decoding=\"async\" class=\"alignnone size-full wp-image-10240\" src=\"https:\/\/olu-limburg.de\/wp-content\/uploads\/2016\/10\/DSC05079_ergebnis.jpg\" alt=\"DSC05079_ergebnis\" width=\"800\" height=\"600\" srcset=\"https:\/\/olu-limburg.de\/wp-content\/uploads\/2016\/10\/DSC05079_ergebnis.jpg 800w, https:\/\/olu-limburg.de\/wp-content\/uploads\/2016\/10\/DSC05079_ergebnis-300x225.jpg 300w, https:\/\/olu-limburg.de\/wp-content\/uploads\/2016\/10\/DSC05079_ergebnis-768x576.jpg 768w, https:\/\/olu-limburg.de\/wp-content\/uploads\/2016\/10\/DSC05079_ergebnis-624x468.jpg 624w\" sizes=\"auto, (max-width: 800px) 100vw, 800px\" \/><\/a><\/p>\n<p>Hier ist richtiger Tourismus-Betrieb. Hotels und Ferienh\u00e4user stehen dicht aneinander gebaut. Wir fahren deshalb bis hinter Stintino zur\u00fcck an den Surferstrand &#8222;Tonnara Saline&#8220;. Hier ist es richtig windig f\u00fcr die Surfer. Zum Schwimmen ist es nicht so sch\u00f6n, da sehr viel Algen an den grobkiesigen Strand geschwemmt werden. Zum \u00dcbernachten eignet sich der gro\u00dfe Parkplatz aber sehr gut.<\/p>\n<p><a href=\"https:\/\/olu-limburg.de\/wp-content\/uploads\/2016\/10\/DSC05080_ergebnis.jpg\"><img loading=\"lazy\" decoding=\"async\" class=\"size-full wp-image-10242 aligncenter\" src=\"https:\/\/olu-limburg.de\/wp-content\/uploads\/2016\/10\/DSC05080_ergebnis.jpg\" alt=\"DSC05080_ergebnis\" width=\"800\" height=\"600\" srcset=\"https:\/\/olu-limburg.de\/wp-content\/uploads\/2016\/10\/DSC05080_ergebnis.jpg 800w, https:\/\/olu-limburg.de\/wp-content\/uploads\/2016\/10\/DSC05080_ergebnis-300x225.jpg 300w, https:\/\/olu-limburg.de\/wp-content\/uploads\/2016\/10\/DSC05080_ergebnis-768x576.jpg 768w, https:\/\/olu-limburg.de\/wp-content\/uploads\/2016\/10\/DSC05080_ergebnis-624x468.jpg 624w\" sizes=\"auto, (max-width: 800px) 100vw, 800px\" \/><\/a><\/p>\n<p><a href=\"https:\/\/olu-limburg.de\/wp-content\/uploads\/2016\/10\/DSC05088_ergebnis.jpg\"><img loading=\"lazy\" decoding=\"async\" class=\"size-full wp-image-10243 aligncenter\" src=\"https:\/\/olu-limburg.de\/wp-content\/uploads\/2016\/10\/DSC05088_ergebnis.jpg\" alt=\"DSC05088_ergebnis\" width=\"800\" height=\"600\" srcset=\"https:\/\/olu-limburg.de\/wp-content\/uploads\/2016\/10\/DSC05088_ergebnis.jpg 800w, https:\/\/olu-limburg.de\/wp-content\/uploads\/2016\/10\/DSC05088_ergebnis-300x225.jpg 300w, https:\/\/olu-limburg.de\/wp-content\/uploads\/2016\/10\/DSC05088_ergebnis-768x576.jpg 768w, https:\/\/olu-limburg.de\/wp-content\/uploads\/2016\/10\/DSC05088_ergebnis-624x468.jpg 624w\" sizes=\"auto, (max-width: 800px) 100vw, 800px\" \/><\/a><\/p>\n<p><a href=\"https:\/\/olu-limburg.de\/wp-content\/uploads\/2016\/10\/DSC05090_ergebnis.jpg\"><img loading=\"lazy\" decoding=\"async\" class=\"size-full wp-image-10245 aligncenter\" src=\"https:\/\/olu-limburg.de\/wp-content\/uploads\/2016\/10\/DSC05090_ergebnis.jpg\" alt=\"DSC05090_ergebnis\" width=\"800\" height=\"600\" srcset=\"https:\/\/olu-limburg.de\/wp-content\/uploads\/2016\/10\/DSC05090_ergebnis.jpg 800w, https:\/\/olu-limburg.de\/wp-content\/uploads\/2016\/10\/DSC05090_ergebnis-300x225.jpg 300w, https:\/\/olu-limburg.de\/wp-content\/uploads\/2016\/10\/DSC05090_ergebnis-768x576.jpg 768w, https:\/\/olu-limburg.de\/wp-content\/uploads\/2016\/10\/DSC05090_ergebnis-624x468.jpg 624w\" sizes=\"auto, (max-width: 800px) 100vw, 800px\" \/><\/a><\/p>\n<p><a href=\"https:\/\/olu-limburg.de\/wp-content\/uploads\/2016\/10\/DSC05089_ergebnis.jpg\"><img loading=\"lazy\" decoding=\"async\" class=\"size-full wp-image-10244 aligncenter\" src=\"https:\/\/olu-limburg.de\/wp-content\/uploads\/2016\/10\/DSC05089_ergebnis.jpg\" alt=\"DSC05089_ergebnis\" width=\"800\" height=\"600\" srcset=\"https:\/\/olu-limburg.de\/wp-content\/uploads\/2016\/10\/DSC05089_ergebnis.jpg 800w, https:\/\/olu-limburg.de\/wp-content\/uploads\/2016\/10\/DSC05089_ergebnis-300x225.jpg 300w, https:\/\/olu-limburg.de\/wp-content\/uploads\/2016\/10\/DSC05089_ergebnis-768x576.jpg 768w, https:\/\/olu-limburg.de\/wp-content\/uploads\/2016\/10\/DSC05089_ergebnis-624x468.jpg 624w\" sizes=\"auto, (max-width: 800px) 100vw, 800px\" \/><\/a><\/p>\n<p>Tagesstrecke: 67 km<\/p>\n<p>&nbsp;<\/p>\n<p><strong>Montag,10.10.2016<\/strong><\/p>\n<p>Bei der heutigen Fahrt an der Nord-West-K\u00fcste Sardiniens entlang, passieren wir im Umfeld von Porto Torres go\u00dfe Industrieanlagen, meist Erd\u00f6l-Raffinerien oder von Stromerzeugern. Danach erreichen wir ein langgestrecktes D\u00fcnengebiet mit Kiefernw\u00e4ldern. Wir machen zweimal einen Abstecher zum Strand, dabei sind die Eindr\u00fccke sehr unterschiedlich.<\/p>\n<p>Von weitem sehen wir die H\u00e4user von Castelsardo sich am Berg hoch ziehen. Da wir Bedenken vor den engen Stra\u00dfen haben, was sich sp\u00e4ter als unbegr\u00fcndet herausstellt, parken wir am Fu\u00dfe des Ortes am Stra\u00dfenrand.<\/p>\n<p><a href=\"https:\/\/olu-limburg.de\/wp-content\/uploads\/2016\/10\/P1000948_ergebnis.jpg\"><img loading=\"lazy\" decoding=\"async\" class=\"size-full wp-image-10418 aligncenter\" src=\"https:\/\/olu-limburg.de\/wp-content\/uploads\/2016\/10\/P1000948_ergebnis.jpg\" alt=\"P1000948_ergebnis\" width=\"800\" height=\"600\" srcset=\"https:\/\/olu-limburg.de\/wp-content\/uploads\/2016\/10\/P1000948_ergebnis.jpg 800w, https:\/\/olu-limburg.de\/wp-content\/uploads\/2016\/10\/P1000948_ergebnis-300x225.jpg 300w, https:\/\/olu-limburg.de\/wp-content\/uploads\/2016\/10\/P1000948_ergebnis-768x576.jpg 768w, https:\/\/olu-limburg.de\/wp-content\/uploads\/2016\/10\/P1000948_ergebnis-624x468.jpg 624w\" sizes=\"auto, (max-width: 800px) 100vw, 800px\" \/><\/a><\/p>\n<p><em>Castel Genovese<\/em> wurde 1102 als Festungsstadt von der genuesischen Familie Doria gegr\u00fcndet. Unter der katalanischen Herrschaft bekam der Ort den Namen, <em>Castel<\/em> <em>Aragonese<\/em>, bevor er im 18. Jhdt.\u00a0 auf Castelsardo umbenannt wurde.<\/p>\n<p>Bei unserem Mittagessen probieren wir zum ersten Mal als Dessert: <em>Seadas al miele o zucchero (in Oliven\u00f6l frittierte Teigtaschen mit Honig und\/oder Zucker.<\/em><\/p>\n<p><a href=\"https:\/\/olu-limburg.de\/wp-content\/uploads\/2016\/10\/DSC05101_ergebnis.jpg\"><img loading=\"lazy\" decoding=\"async\" class=\"size-full wp-image-10253 aligncenter\" src=\"https:\/\/olu-limburg.de\/wp-content\/uploads\/2016\/10\/DSC05101_ergebnis.jpg\" alt=\"DSC05101_ergebnis\" width=\"800\" height=\"600\" srcset=\"https:\/\/olu-limburg.de\/wp-content\/uploads\/2016\/10\/DSC05101_ergebnis.jpg 800w, https:\/\/olu-limburg.de\/wp-content\/uploads\/2016\/10\/DSC05101_ergebnis-300x225.jpg 300w, https:\/\/olu-limburg.de\/wp-content\/uploads\/2016\/10\/DSC05101_ergebnis-768x576.jpg 768w, https:\/\/olu-limburg.de\/wp-content\/uploads\/2016\/10\/DSC05101_ergebnis-624x468.jpg 624w\" sizes=\"auto, (max-width: 800px) 100vw, 800px\" \/><\/a><\/p>\n<p>Anschlie\u00dfend steigen wir in der Altstadt immer weiter hinauf. Als wir \u00fcber uns hohe Festungsmauern sehen, denken wir an eine Burg-Anlage. Stattdessen kommen wir in eine von Mauern gesch\u00fctzte noch \u00e4ltere historische Altstadt, mit einer wunderbaren Aussicht. Die Gassen sind sehr eng. Selbst hier oben leben viele Menschen, auch wenn sie auf wesentlichen Komfort verzichten m\u00fcssen.<\/p>\n<p><a href=\"https:\/\/olu-limburg.de\/wp-content\/uploads\/2016\/10\/DSC05118_ergebnis.jpg\"><img loading=\"lazy\" decoding=\"async\" class=\"size-full wp-image-10261 aligncenter\" src=\"https:\/\/olu-limburg.de\/wp-content\/uploads\/2016\/10\/DSC05118_ergebnis.jpg\" alt=\"DSC05118_ergebnis\" width=\"800\" height=\"600\" srcset=\"https:\/\/olu-limburg.de\/wp-content\/uploads\/2016\/10\/DSC05118_ergebnis.jpg 800w, https:\/\/olu-limburg.de\/wp-content\/uploads\/2016\/10\/DSC05118_ergebnis-300x225.jpg 300w, https:\/\/olu-limburg.de\/wp-content\/uploads\/2016\/10\/DSC05118_ergebnis-768x576.jpg 768w, https:\/\/olu-limburg.de\/wp-content\/uploads\/2016\/10\/DSC05118_ergebnis-624x468.jpg 624w\" sizes=\"auto, (max-width: 800px) 100vw, 800px\" \/><\/a><\/p>\n<p><a href=\"https:\/\/olu-limburg.de\/wp-content\/uploads\/2016\/10\/DSC05111_ergebnis-e1480696894156.jpg\"><img loading=\"lazy\" decoding=\"async\" class=\"size-full wp-image-10258 aligncenter\" src=\"https:\/\/olu-limburg.de\/wp-content\/uploads\/2016\/10\/DSC05111_ergebnis-e1480696894156.jpg\" alt=\"DSC05111_ergebnis\" width=\"450\" height=\"600\" \/><\/a><\/p>\n<p><a href=\"https:\/\/olu-limburg.de\/wp-content\/uploads\/2016\/10\/DSC05115_ergebnis.jpg\"><img loading=\"lazy\" decoding=\"async\" class=\"size-full wp-image-10260 aligncenter\" src=\"https:\/\/olu-limburg.de\/wp-content\/uploads\/2016\/10\/DSC05115_ergebnis.jpg\" alt=\"DSC05115_ergebnis\" width=\"800\" height=\"600\" srcset=\"https:\/\/olu-limburg.de\/wp-content\/uploads\/2016\/10\/DSC05115_ergebnis.jpg 800w, https:\/\/olu-limburg.de\/wp-content\/uploads\/2016\/10\/DSC05115_ergebnis-300x225.jpg 300w, https:\/\/olu-limburg.de\/wp-content\/uploads\/2016\/10\/DSC05115_ergebnis-768x576.jpg 768w, https:\/\/olu-limburg.de\/wp-content\/uploads\/2016\/10\/DSC05115_ergebnis-624x468.jpg 624w\" sizes=\"auto, (max-width: 800px) 100vw, 800px\" \/><\/a><\/p>\n<p><a href=\"https:\/\/olu-limburg.de\/wp-content\/uploads\/2016\/10\/P1000957_ergebnis-e1482166671741.jpg\"><img loading=\"lazy\" decoding=\"async\" class=\"size-full wp-image-10420 aligncenter\" src=\"https:\/\/olu-limburg.de\/wp-content\/uploads\/2016\/10\/P1000957_ergebnis-e1482166671741.jpg\" alt=\"P1000957_ergebnis\" width=\"450\" height=\"600\" \/><\/a><\/p>\n<p><a href=\"https:\/\/olu-limburg.de\/wp-content\/uploads\/2016\/10\/DSC05119_ergebnis.jpg\"><img loading=\"lazy\" decoding=\"async\" class=\"size-full wp-image-10262 aligncenter\" src=\"https:\/\/olu-limburg.de\/wp-content\/uploads\/2016\/10\/DSC05119_ergebnis.jpg\" alt=\"DSC05119_ergebnis\" width=\"800\" height=\"600\" srcset=\"https:\/\/olu-limburg.de\/wp-content\/uploads\/2016\/10\/DSC05119_ergebnis.jpg 800w, https:\/\/olu-limburg.de\/wp-content\/uploads\/2016\/10\/DSC05119_ergebnis-300x225.jpg 300w, https:\/\/olu-limburg.de\/wp-content\/uploads\/2016\/10\/DSC05119_ergebnis-768x576.jpg 768w, https:\/\/olu-limburg.de\/wp-content\/uploads\/2016\/10\/DSC05119_ergebnis-624x468.jpg 624w\" sizes=\"auto, (max-width: 800px) 100vw, 800px\" \/><\/a><\/p>\n<p><a href=\"https:\/\/olu-limburg.de\/wp-content\/uploads\/2016\/10\/DSC05123_ergebnis-e1480697075314.jpg\"><img loading=\"lazy\" decoding=\"async\" class=\"size-full wp-image-10263 alignleft\" src=\"https:\/\/olu-limburg.de\/wp-content\/uploads\/2016\/10\/DSC05123_ergebnis-e1480697075314.jpg\" alt=\"DSC05123_ergebnis\" width=\"450\" height=\"600\" \/><\/a><\/p>\n<p><a href=\"https:\/\/olu-limburg.de\/wp-content\/uploads\/2016\/10\/DSC05127_ergebnis-e1480697056247.jpg\"><img loading=\"lazy\" decoding=\"async\" class=\"size-full wp-image-10265 alignright\" src=\"https:\/\/olu-limburg.de\/wp-content\/uploads\/2016\/10\/DSC05127_ergebnis-e1480697056247.jpg\" alt=\"DSC05127_ergebnis\" width=\"450\" height=\"600\" \/><\/a><\/p>\n<div id=\"attachment_10264\" style=\"width: 810px\" class=\"wp-caption aligncenter\"><a href=\"https:\/\/olu-limburg.de\/wp-content\/uploads\/2016\/10\/DSC05126_ergebnis.jpg\"><img loading=\"lazy\" decoding=\"async\" aria-describedby=\"caption-attachment-10264\" class=\"size-full wp-image-10264\" src=\"https:\/\/olu-limburg.de\/wp-content\/uploads\/2016\/10\/DSC05126_ergebnis.jpg\" alt=\"So kann es innen aussehen.\" width=\"800\" height=\"600\" srcset=\"https:\/\/olu-limburg.de\/wp-content\/uploads\/2016\/10\/DSC05126_ergebnis.jpg 800w, https:\/\/olu-limburg.de\/wp-content\/uploads\/2016\/10\/DSC05126_ergebnis-300x225.jpg 300w, https:\/\/olu-limburg.de\/wp-content\/uploads\/2016\/10\/DSC05126_ergebnis-768x576.jpg 768w, https:\/\/olu-limburg.de\/wp-content\/uploads\/2016\/10\/DSC05126_ergebnis-624x468.jpg 624w\" sizes=\"auto, (max-width: 800px) 100vw, 800px\" \/><\/a><p id=\"caption-attachment-10264\" class=\"wp-caption-text\">So kann es innen aussehen.<\/p><\/div>\n<div id=\"attachment_10269\" style=\"width: 810px\" class=\"wp-caption aligncenter\"><a href=\"https:\/\/olu-limburg.de\/wp-content\/uploads\/2016\/10\/DSC05138_ergebnis.jpg\"><img loading=\"lazy\" decoding=\"async\" aria-describedby=\"caption-attachment-10269\" class=\"wp-image-10269 size-full\" src=\"https:\/\/olu-limburg.de\/wp-content\/uploads\/2016\/10\/DSC05138_ergebnis.jpg\" alt=\"DSC05138_ergebnis\" width=\"800\" height=\"600\" srcset=\"https:\/\/olu-limburg.de\/wp-content\/uploads\/2016\/10\/DSC05138_ergebnis.jpg 800w, https:\/\/olu-limburg.de\/wp-content\/uploads\/2016\/10\/DSC05138_ergebnis-300x225.jpg 300w, https:\/\/olu-limburg.de\/wp-content\/uploads\/2016\/10\/DSC05138_ergebnis-768x576.jpg 768w, https:\/\/olu-limburg.de\/wp-content\/uploads\/2016\/10\/DSC05138_ergebnis-624x468.jpg 624w\" sizes=\"auto, (max-width: 800px) 100vw, 800px\" \/><\/a><p id=\"caption-attachment-10269\" class=\"wp-caption-text\">Chiesa Santa Maria delle Grazie<\/p><\/div>\n<p><a href=\"https:\/\/olu-limburg.de\/wp-content\/uploads\/2016\/10\/DSC05133_ergebnis.jpg\"><img loading=\"lazy\" decoding=\"async\" class=\"size-full wp-image-10267 alignnone\" src=\"https:\/\/olu-limburg.de\/wp-content\/uploads\/2016\/10\/DSC05133_ergebnis.jpg\" alt=\"DSC05133_ergebnis\" width=\"800\" height=\"600\" srcset=\"https:\/\/olu-limburg.de\/wp-content\/uploads\/2016\/10\/DSC05133_ergebnis.jpg 800w, https:\/\/olu-limburg.de\/wp-content\/uploads\/2016\/10\/DSC05133_ergebnis-300x225.jpg 300w, https:\/\/olu-limburg.de\/wp-content\/uploads\/2016\/10\/DSC05133_ergebnis-768x576.jpg 768w, https:\/\/olu-limburg.de\/wp-content\/uploads\/2016\/10\/DSC05133_ergebnis-624x468.jpg 624w\" sizes=\"auto, (max-width: 800px) 100vw, 800px\" \/><\/a><\/p>\n<p><a href=\"https:\/\/olu-limburg.de\/wp-content\/uploads\/2016\/10\/DSC05135_ergebnis-e1480697177635.jpg\"><img loading=\"lazy\" decoding=\"async\" class=\"size-full wp-image-10268 alignleft\" src=\"https:\/\/olu-limburg.de\/wp-content\/uploads\/2016\/10\/DSC05135_ergebnis-e1480697177635.jpg\" alt=\"DSC05135_ergebnis\" width=\"450\" height=\"600\" \/><\/a><\/p>\n<div id=\"attachment_10272\" style=\"width: 460px\" class=\"wp-caption alignright\"><a href=\"https:\/\/olu-limburg.de\/wp-content\/uploads\/2016\/10\/DSC05147_ergebnis-e1480714010142.jpg\"><img loading=\"lazy\" decoding=\"async\" aria-describedby=\"caption-attachment-10272\" class=\"size-full wp-image-10272\" src=\"https:\/\/olu-limburg.de\/wp-content\/uploads\/2016\/10\/DSC05147_ergebnis-e1480714010142.jpg\" alt=\"Campanile - urspr\u00fcnglich Leuchtturm, sp\u00e4ter Glockenturm\" width=\"450\" height=\"600\" \/><\/a><p id=\"caption-attachment-10272\" class=\"wp-caption-text\">Campanile &#8211; urspr\u00fcnglich Leuchtturm, sp\u00e4ter Glockenturm<\/p><\/div>\n<div id=\"attachment_10273\" style=\"width: 810px\" class=\"wp-caption aligncenter\"><a href=\"https:\/\/olu-limburg.de\/wp-content\/uploads\/2016\/10\/DSC05154_ergebnis.jpg\"><img loading=\"lazy\" decoding=\"async\" aria-describedby=\"caption-attachment-10273\" class=\"wp-image-10273 size-full\" src=\"https:\/\/olu-limburg.de\/wp-content\/uploads\/2016\/10\/DSC05154_ergebnis.jpg\" alt=\"DSC05154_ergebnis\" width=\"800\" height=\"600\" srcset=\"https:\/\/olu-limburg.de\/wp-content\/uploads\/2016\/10\/DSC05154_ergebnis.jpg 800w, https:\/\/olu-limburg.de\/wp-content\/uploads\/2016\/10\/DSC05154_ergebnis-300x225.jpg 300w, https:\/\/olu-limburg.de\/wp-content\/uploads\/2016\/10\/DSC05154_ergebnis-768x576.jpg 768w, https:\/\/olu-limburg.de\/wp-content\/uploads\/2016\/10\/DSC05154_ergebnis-624x468.jpg 624w\" sizes=\"auto, (max-width: 800px) 100vw, 800px\" \/><\/a><p id=\"caption-attachment-10273\" class=\"wp-caption-text\">Cattedrale Sant&#8216; Antonio Abate<\/p><\/div>\n<p><a href=\"https:\/\/olu-limburg.de\/wp-content\/uploads\/2016\/10\/DSC05157_ergebnis-e1480714249884.jpg\"><img loading=\"lazy\" decoding=\"async\" class=\"size-full wp-image-10276 alignleft\" src=\"https:\/\/olu-limburg.de\/wp-content\/uploads\/2016\/10\/DSC05157_ergebnis-e1480714249884.jpg\" alt=\"DSC05157_ergebnis\" width=\"450\" height=\"600\" \/><\/a><\/p>\n<p><a href=\"https:\/\/olu-limburg.de\/wp-content\/uploads\/2016\/10\/DSC05156_ergebnis-e1480714269690.jpg\"><img loading=\"lazy\" decoding=\"async\" class=\"size-full wp-image-10275 alignright\" src=\"https:\/\/olu-limburg.de\/wp-content\/uploads\/2016\/10\/DSC05156_ergebnis-e1480714269690.jpg\" alt=\"DSC05156_ergebnis\" width=\"450\" height=\"600\" \/><\/a><\/p>\n<p><a href=\"https:\/\/olu-limburg.de\/wp-content\/uploads\/2016\/10\/DSC05158_ergebnis.jpg\"><img loading=\"lazy\" decoding=\"async\" class=\"size-full wp-image-10277 aligncenter\" src=\"https:\/\/olu-limburg.de\/wp-content\/uploads\/2016\/10\/DSC05158_ergebnis.jpg\" alt=\"DSC05158_ergebnis\" width=\"800\" height=\"600\" srcset=\"https:\/\/olu-limburg.de\/wp-content\/uploads\/2016\/10\/DSC05158_ergebnis.jpg 800w, https:\/\/olu-limburg.de\/wp-content\/uploads\/2016\/10\/DSC05158_ergebnis-300x225.jpg 300w, https:\/\/olu-limburg.de\/wp-content\/uploads\/2016\/10\/DSC05158_ergebnis-768x576.jpg 768w, https:\/\/olu-limburg.de\/wp-content\/uploads\/2016\/10\/DSC05158_ergebnis-624x468.jpg 624w\" sizes=\"auto, (max-width: 800px) 100vw, 800px\" \/><\/a><\/p>\n<p><a href=\"https:\/\/olu-limburg.de\/wp-content\/uploads\/2016\/10\/DSC05160_ergebnis.jpg\"><img loading=\"lazy\" decoding=\"async\" class=\"size-full wp-image-10278 aligncenter\" src=\"https:\/\/olu-limburg.de\/wp-content\/uploads\/2016\/10\/DSC05160_ergebnis.jpg\" alt=\"DSC05160_ergebnis\" width=\"800\" height=\"600\" srcset=\"https:\/\/olu-limburg.de\/wp-content\/uploads\/2016\/10\/DSC05160_ergebnis.jpg 800w, https:\/\/olu-limburg.de\/wp-content\/uploads\/2016\/10\/DSC05160_ergebnis-300x225.jpg 300w, https:\/\/olu-limburg.de\/wp-content\/uploads\/2016\/10\/DSC05160_ergebnis-768x576.jpg 768w, https:\/\/olu-limburg.de\/wp-content\/uploads\/2016\/10\/DSC05160_ergebnis-624x468.jpg 624w\" sizes=\"auto, (max-width: 800px) 100vw, 800px\" \/><\/a><\/p>\n<p><a href=\"https:\/\/olu-limburg.de\/wp-content\/uploads\/2016\/10\/P1000984_ergebnis-e1482166732189.jpg\"><img loading=\"lazy\" decoding=\"async\" class=\"size-full wp-image-10421 aligncenter\" src=\"https:\/\/olu-limburg.de\/wp-content\/uploads\/2016\/10\/P1000984_ergebnis-e1482166732189.jpg\" alt=\"P1000984_ergebnis\" width=\"450\" height=\"600\" \/><\/a><\/p>\n<p><a href=\"https:\/\/olu-limburg.de\/wp-content\/uploads\/2016\/10\/DSC05162_ergebnis-e1480714309544.jpg\"><img loading=\"lazy\" decoding=\"async\" class=\"size-full wp-image-10279 alignleft\" src=\"https:\/\/olu-limburg.de\/wp-content\/uploads\/2016\/10\/DSC05162_ergebnis-e1480714309544.jpg\" alt=\"DSC05162_ergebnis\" width=\"450\" height=\"600\" \/><\/a><\/p>\n<div id=\"attachment_10280\" style=\"width: 460px\" class=\"wp-caption aligncenter\"><a href=\"https:\/\/olu-limburg.de\/wp-content\/uploads\/2016\/10\/DSC05163_ergebnis-e1480714442726.jpg\"><img loading=\"lazy\" decoding=\"async\" aria-describedby=\"caption-attachment-10280\" class=\"size-full wp-image-10280\" src=\"https:\/\/olu-limburg.de\/wp-content\/uploads\/2016\/10\/DSC05163_ergebnis-e1480714442726.jpg\" alt=\"typische Korbflechterin in Castelsardo\" width=\"450\" height=\"600\" \/><\/a><p id=\"caption-attachment-10280\" class=\"wp-caption-text\">typische Korbflechterin in Castelsardo<\/p><\/div>\n<p><a href=\"https:\/\/olu-limburg.de\/wp-content\/uploads\/2016\/10\/DSC05155_ergebnis.jpg\"><img loading=\"lazy\" decoding=\"async\" class=\"size-full wp-image-10274 aligncenter\" src=\"https:\/\/olu-limburg.de\/wp-content\/uploads\/2016\/10\/DSC05155_ergebnis.jpg\" alt=\"DSC05155_ergebnis\" width=\"800\" height=\"600\" srcset=\"https:\/\/olu-limburg.de\/wp-content\/uploads\/2016\/10\/DSC05155_ergebnis.jpg 800w, https:\/\/olu-limburg.de\/wp-content\/uploads\/2016\/10\/DSC05155_ergebnis-300x225.jpg 300w, https:\/\/olu-limburg.de\/wp-content\/uploads\/2016\/10\/DSC05155_ergebnis-768x576.jpg 768w, https:\/\/olu-limburg.de\/wp-content\/uploads\/2016\/10\/DSC05155_ergebnis-624x468.jpg 624w\" sizes=\"auto, (max-width: 800px) 100vw, 800px\" \/><\/a><\/p>\n<p>Wir fahren an keinem EuroSpin einfach achtlos vorbei. Es gibt immer irgend etwas zum Einkaufen.\u00a0 Zu sehen gibt es aber auf jedenfall, weil er direkt auf dem Weg liegt, den Elefantenfelsen &#8211; &#8222;Roccia dell&#8217;Elefante&#8220;. Er befindet sich an der Stra\u00dfe, die von hier nach Sedini f\u00fchrt. Da diese Stra\u00dfe aber geperrt ist, stehen hier zwei ehrenamtliche &#8222;Nationalpark-Ranger&#8220;. Im Gespr\u00e4ch stellt sich heraus, beide haben 45 Jahre in Deutschland gearbeitet. Der Eine verlebt seine Rentenzeit wieder zuhause auf Sardinien, der Andere lebt noch in Deutschland und fliegt f\u00fcr sein vier- bis sechsw\u00f6chiges ehrenamtliches Engagement in die alte Heimat.<\/p>\n<div id=\"attachment_10281\" style=\"width: 810px\" class=\"wp-caption aligncenter\"><a href=\"https:\/\/olu-limburg.de\/wp-content\/uploads\/2016\/10\/DSC05167_ergebnis.jpg\"><img loading=\"lazy\" decoding=\"async\" aria-describedby=\"caption-attachment-10281\" class=\"wp-image-10281 size-full\" src=\"https:\/\/olu-limburg.de\/wp-content\/uploads\/2016\/10\/DSC05167_ergebnis.jpg\" alt=\"DSC05167_ergebnis\" width=\"800\" height=\"600\" srcset=\"https:\/\/olu-limburg.de\/wp-content\/uploads\/2016\/10\/DSC05167_ergebnis.jpg 800w, https:\/\/olu-limburg.de\/wp-content\/uploads\/2016\/10\/DSC05167_ergebnis-300x225.jpg 300w, https:\/\/olu-limburg.de\/wp-content\/uploads\/2016\/10\/DSC05167_ergebnis-768x576.jpg 768w, https:\/\/olu-limburg.de\/wp-content\/uploads\/2016\/10\/DSC05167_ergebnis-624x468.jpg 624w\" sizes=\"auto, (max-width: 800px) 100vw, 800px\" \/><\/a><p id=\"caption-attachment-10281\" class=\"wp-caption-text\">verwitterter Fels in Form eines Elefanten<\/p><\/div>\n<p>Zur \u00dcbernachtung, und vor allen Dingen Entsorgung, fahren wir kurz vor Valledoria auf den Stellplatz mit V+E von Maragnani, Area Punto Maragnani. Zuerst k\u00f6nnen wir gar nicht glauben, dass hier ein Stellplatz ist. Der zweite Eindruck ist aber wieder positiv, da wir hier sehr freundlich empfangen werden. Zu der eigentlichen Stellfl\u00e4che geht es etwas weiter leicht bergauf, die deshalb auch ein klein wenig verborgen liegt. Mittlerweile ist es k\u00fchler geworden. Das Wetter scheint umzuschlagen.<\/p>\n<p><a href=\"https:\/\/olu-limburg.de\/wp-content\/uploads\/2016\/10\/DSC05168_ergebnis.jpg\"><img loading=\"lazy\" decoding=\"async\" class=\"alignnone size-full wp-image-10282\" src=\"https:\/\/olu-limburg.de\/wp-content\/uploads\/2016\/10\/DSC05168_ergebnis.jpg\" alt=\"DSC05168_ergebnis\" width=\"800\" height=\"600\" srcset=\"https:\/\/olu-limburg.de\/wp-content\/uploads\/2016\/10\/DSC05168_ergebnis.jpg 800w, https:\/\/olu-limburg.de\/wp-content\/uploads\/2016\/10\/DSC05168_ergebnis-300x225.jpg 300w, https:\/\/olu-limburg.de\/wp-content\/uploads\/2016\/10\/DSC05168_ergebnis-768x576.jpg 768w, https:\/\/olu-limburg.de\/wp-content\/uploads\/2016\/10\/DSC05168_ergebnis-624x468.jpg 624w\" sizes=\"auto, (max-width: 800px) 100vw, 800px\" \/><\/a><\/p>\n<p><a href=\"https:\/\/olu-limburg.de\/wp-content\/uploads\/2016\/10\/DSC05170_ergebnis.jpg\"><img loading=\"lazy\" decoding=\"async\" class=\"alignnone size-full wp-image-10283\" src=\"https:\/\/olu-limburg.de\/wp-content\/uploads\/2016\/10\/DSC05170_ergebnis.jpg\" alt=\"DSC05170_ergebnis\" width=\"800\" height=\"600\" srcset=\"https:\/\/olu-limburg.de\/wp-content\/uploads\/2016\/10\/DSC05170_ergebnis.jpg 800w, https:\/\/olu-limburg.de\/wp-content\/uploads\/2016\/10\/DSC05170_ergebnis-300x225.jpg 300w, https:\/\/olu-limburg.de\/wp-content\/uploads\/2016\/10\/DSC05170_ergebnis-768x576.jpg 768w, https:\/\/olu-limburg.de\/wp-content\/uploads\/2016\/10\/DSC05170_ergebnis-624x468.jpg 624w\" sizes=\"auto, (max-width: 800px) 100vw, 800px\" \/><\/a><\/p>\n<p><a href=\"https:\/\/olu-limburg.de\/wp-content\/uploads\/2016\/10\/DSC05176_ergebnis.jpg\"><img loading=\"lazy\" decoding=\"async\" class=\"alignnone size-full wp-image-10284\" src=\"https:\/\/olu-limburg.de\/wp-content\/uploads\/2016\/10\/DSC05176_ergebnis.jpg\" alt=\"DSC05176_ergebnis\" width=\"800\" height=\"600\" srcset=\"https:\/\/olu-limburg.de\/wp-content\/uploads\/2016\/10\/DSC05176_ergebnis.jpg 800w, https:\/\/olu-limburg.de\/wp-content\/uploads\/2016\/10\/DSC05176_ergebnis-300x225.jpg 300w, https:\/\/olu-limburg.de\/wp-content\/uploads\/2016\/10\/DSC05176_ergebnis-768x576.jpg 768w, https:\/\/olu-limburg.de\/wp-content\/uploads\/2016\/10\/DSC05176_ergebnis-624x468.jpg 624w\" sizes=\"auto, (max-width: 800px) 100vw, 800px\" \/><\/a><\/p>\n<p><a href=\"https:\/\/olu-limburg.de\/wp-content\/uploads\/2016\/10\/DSC05182_ergebnis.jpg\"><img loading=\"lazy\" decoding=\"async\" class=\"alignnone size-full wp-image-10286\" src=\"https:\/\/olu-limburg.de\/wp-content\/uploads\/2016\/10\/DSC05182_ergebnis.jpg\" alt=\"DSC05182_ergebnis\" width=\"800\" height=\"600\" srcset=\"https:\/\/olu-limburg.de\/wp-content\/uploads\/2016\/10\/DSC05182_ergebnis.jpg 800w, https:\/\/olu-limburg.de\/wp-content\/uploads\/2016\/10\/DSC05182_ergebnis-300x225.jpg 300w, https:\/\/olu-limburg.de\/wp-content\/uploads\/2016\/10\/DSC05182_ergebnis-768x576.jpg 768w, https:\/\/olu-limburg.de\/wp-content\/uploads\/2016\/10\/DSC05182_ergebnis-624x468.jpg 624w\" sizes=\"auto, (max-width: 800px) 100vw, 800px\" \/><\/a><\/p>\n<div id=\"attachment_10285\" style=\"width: 810px\" class=\"wp-caption aligncenter\"><a href=\"https:\/\/olu-limburg.de\/wp-content\/uploads\/2016\/10\/DSC05177_ergebnis.jpg\"><img loading=\"lazy\" decoding=\"async\" aria-describedby=\"caption-attachment-10285\" class=\"wp-image-10285 size-full\" src=\"https:\/\/olu-limburg.de\/wp-content\/uploads\/2016\/10\/DSC05177_ergebnis.jpg\" alt=\"DSC05177_ergebnis\" width=\"800\" height=\"600\" srcset=\"https:\/\/olu-limburg.de\/wp-content\/uploads\/2016\/10\/DSC05177_ergebnis.jpg 800w, https:\/\/olu-limburg.de\/wp-content\/uploads\/2016\/10\/DSC05177_ergebnis-300x225.jpg 300w, https:\/\/olu-limburg.de\/wp-content\/uploads\/2016\/10\/DSC05177_ergebnis-768x576.jpg 768w, https:\/\/olu-limburg.de\/wp-content\/uploads\/2016\/10\/DSC05177_ergebnis-624x468.jpg 624w\" sizes=\"auto, (max-width: 800px) 100vw, 800px\" \/><\/a><p id=\"caption-attachment-10285\" class=\"wp-caption-text\">Blick zur\u00fcck nach Castelsardo<\/p><\/div>\n<p>Tagesstrecke: 78 km<\/p>\n<p>&nbsp;<\/p>\n<p><strong>Dienstag, 11.10.2016<\/strong><\/p>\n<p>Drau\u00dfen ist es kalt und st\u00fcrmisch. Ich habe mir zum ersten Mal seit unserer Ankunft auf Sardinien eine lange Hose aus dem Schrank geholt. W\u00e4hrend wir Valledoria durchfahren, sehe ich rechts die &#8222;La Vecchia Cantina di Demura Adriano&#8220;. Es gibt einen kurzen Stopp, um Vino Sfuso und Bottarga einzukaufen.<\/p>\n<p><a href=\"https:\/\/olu-limburg.de\/wp-content\/uploads\/2016\/10\/P1010003_ergebnis.jpg\"><img loading=\"lazy\" decoding=\"async\" class=\"size-full wp-image-10422 aligncenter\" src=\"https:\/\/olu-limburg.de\/wp-content\/uploads\/2016\/10\/P1010003_ergebnis.jpg\" alt=\"P1010003_ergebnis\" width=\"800\" height=\"600\" srcset=\"https:\/\/olu-limburg.de\/wp-content\/uploads\/2016\/10\/P1010003_ergebnis.jpg 800w, https:\/\/olu-limburg.de\/wp-content\/uploads\/2016\/10\/P1010003_ergebnis-300x225.jpg 300w, https:\/\/olu-limburg.de\/wp-content\/uploads\/2016\/10\/P1010003_ergebnis-768x576.jpg 768w, https:\/\/olu-limburg.de\/wp-content\/uploads\/2016\/10\/P1010003_ergebnis-624x468.jpg 624w\" sizes=\"auto, (max-width: 800px) 100vw, 800px\" \/><\/a><\/p>\n<p><a href=\"https:\/\/olu-limburg.de\/wp-content\/uploads\/2016\/10\/P1010006_ergebnis.jpg\"><img loading=\"lazy\" decoding=\"async\" class=\"size-full wp-image-10423 aligncenter\" src=\"https:\/\/olu-limburg.de\/wp-content\/uploads\/2016\/10\/P1010006_ergebnis.jpg\" alt=\"P1010006_ergebnis\" width=\"800\" height=\"600\" srcset=\"https:\/\/olu-limburg.de\/wp-content\/uploads\/2016\/10\/P1010006_ergebnis.jpg 800w, https:\/\/olu-limburg.de\/wp-content\/uploads\/2016\/10\/P1010006_ergebnis-300x225.jpg 300w, https:\/\/olu-limburg.de\/wp-content\/uploads\/2016\/10\/P1010006_ergebnis-768x576.jpg 768w, https:\/\/olu-limburg.de\/wp-content\/uploads\/2016\/10\/P1010006_ergebnis-624x468.jpg 624w\" sizes=\"auto, (max-width: 800px) 100vw, 800px\" \/><\/a><\/p>\n<p><a href=\"https:\/\/olu-limburg.de\/wp-content\/uploads\/2016\/10\/DSC05190_ergebnis.jpg\"><img loading=\"lazy\" decoding=\"async\" class=\"size-full wp-image-10294 aligncenter\" src=\"https:\/\/olu-limburg.de\/wp-content\/uploads\/2016\/10\/DSC05190_ergebnis.jpg\" alt=\"DSC05190_ergebnis\" width=\"800\" height=\"600\" srcset=\"https:\/\/olu-limburg.de\/wp-content\/uploads\/2016\/10\/DSC05190_ergebnis.jpg 800w, https:\/\/olu-limburg.de\/wp-content\/uploads\/2016\/10\/DSC05190_ergebnis-300x225.jpg 300w, https:\/\/olu-limburg.de\/wp-content\/uploads\/2016\/10\/DSC05190_ergebnis-768x576.jpg 768w, https:\/\/olu-limburg.de\/wp-content\/uploads\/2016\/10\/DSC05190_ergebnis-624x468.jpg 624w\" sizes=\"auto, (max-width: 800px) 100vw, 800px\" \/><\/a><\/p>\n<div id=\"attachment_10295\" style=\"width: 810px\" class=\"wp-caption aligncenter\"><a href=\"https:\/\/olu-limburg.de\/wp-content\/uploads\/2016\/10\/DSC05191_ergebnis.jpg\"><img loading=\"lazy\" decoding=\"async\" aria-describedby=\"caption-attachment-10295\" class=\"size-full wp-image-10295\" src=\"https:\/\/olu-limburg.de\/wp-content\/uploads\/2016\/10\/DSC05191_ergebnis.jpg\" alt=\"Blick zur K\u00fcste &quot;Isola Rossa&quot;\" width=\"800\" height=\"600\" srcset=\"https:\/\/olu-limburg.de\/wp-content\/uploads\/2016\/10\/DSC05191_ergebnis.jpg 800w, https:\/\/olu-limburg.de\/wp-content\/uploads\/2016\/10\/DSC05191_ergebnis-300x225.jpg 300w, https:\/\/olu-limburg.de\/wp-content\/uploads\/2016\/10\/DSC05191_ergebnis-768x576.jpg 768w, https:\/\/olu-limburg.de\/wp-content\/uploads\/2016\/10\/DSC05191_ergebnis-624x468.jpg 624w\" sizes=\"auto, (max-width: 800px) 100vw, 800px\" \/><\/a><p id=\"caption-attachment-10295\" class=\"wp-caption-text\">Blick zur K\u00fcste &#8222;Isola Rossa&#8220;<\/p><\/div>\n<p>Auf mittlerweile nicht mehr so guten Stra\u00dfen erreichen wir um die Mittagszeit <em>Santa Teresa<\/em> <em>di Gallura<\/em>. Hier befinden wir uns in der n\u00f6rdlichsten Stadt Sardiniens. Nicht weit entfernt ist die S\u00fcdk\u00fcste von Korsika mit der Stadt Bonifacio.<\/p>\n<p>Die Parkplatzsuche ist in den engen Stra\u00dfen nicht so einfach. Wir werden aber f\u00fcndig. Ein kleines Restaurant, welches uns gef\u00e4llt, ist auch gefunden, da uns die Besitzerin des &#8222;Vesuvio&#8220; wieder einmal sofort auf deutsch anspricht. Die Besitzer sind aus Neapel und haben lange in Deutschland gearbeitet. Das Essen ist sehr gut.<\/p>\n<p><a href=\"https:\/\/olu-limburg.de\/wp-content\/uploads\/2016\/10\/DSC05197_ergebnis.jpg\"><img loading=\"lazy\" decoding=\"async\" class=\"size-full wp-image-10296 aligncenter\" src=\"https:\/\/olu-limburg.de\/wp-content\/uploads\/2016\/10\/DSC05197_ergebnis.jpg\" alt=\"DSC05197_ergebnis\" width=\"800\" height=\"600\" srcset=\"https:\/\/olu-limburg.de\/wp-content\/uploads\/2016\/10\/DSC05197_ergebnis.jpg 800w, https:\/\/olu-limburg.de\/wp-content\/uploads\/2016\/10\/DSC05197_ergebnis-300x225.jpg 300w, https:\/\/olu-limburg.de\/wp-content\/uploads\/2016\/10\/DSC05197_ergebnis-768x576.jpg 768w, https:\/\/olu-limburg.de\/wp-content\/uploads\/2016\/10\/DSC05197_ergebnis-624x468.jpg 624w\" sizes=\"auto, (max-width: 800px) 100vw, 800px\" \/><\/a><\/p>\n<p><a href=\"https:\/\/olu-limburg.de\/wp-content\/uploads\/2016\/10\/DSC05200_ergebnis.jpg\"><img loading=\"lazy\" decoding=\"async\" class=\"size-full wp-image-10297 aligncenter\" src=\"https:\/\/olu-limburg.de\/wp-content\/uploads\/2016\/10\/DSC05200_ergebnis.jpg\" alt=\"DSC05200_ergebnis\" width=\"800\" height=\"600\" srcset=\"https:\/\/olu-limburg.de\/wp-content\/uploads\/2016\/10\/DSC05200_ergebnis.jpg 800w, https:\/\/olu-limburg.de\/wp-content\/uploads\/2016\/10\/DSC05200_ergebnis-300x225.jpg 300w, https:\/\/olu-limburg.de\/wp-content\/uploads\/2016\/10\/DSC05200_ergebnis-768x576.jpg 768w, https:\/\/olu-limburg.de\/wp-content\/uploads\/2016\/10\/DSC05200_ergebnis-624x468.jpg 624w\" sizes=\"auto, (max-width: 800px) 100vw, 800px\" \/><\/a><\/p>\n<p><a href=\"https:\/\/olu-limburg.de\/wp-content\/uploads\/2016\/10\/DSC05224_ergebnis.jpg\"><img loading=\"lazy\" decoding=\"async\" class=\"size-full wp-image-10302 aligncenter\" src=\"https:\/\/olu-limburg.de\/wp-content\/uploads\/2016\/10\/DSC05224_ergebnis.jpg\" alt=\"DSC05224_ergebnis\" width=\"800\" height=\"600\" srcset=\"https:\/\/olu-limburg.de\/wp-content\/uploads\/2016\/10\/DSC05224_ergebnis.jpg 800w, https:\/\/olu-limburg.de\/wp-content\/uploads\/2016\/10\/DSC05224_ergebnis-300x225.jpg 300w, https:\/\/olu-limburg.de\/wp-content\/uploads\/2016\/10\/DSC05224_ergebnis-768x576.jpg 768w, https:\/\/olu-limburg.de\/wp-content\/uploads\/2016\/10\/DSC05224_ergebnis-624x468.jpg 624w\" sizes=\"auto, (max-width: 800px) 100vw, 800px\" \/><\/a><\/p>\n<p>Drau\u00dfen st\u00fcrmt es. Bei dem auf einer Klippe stehenden <em>Torro Longosardo<\/em>, einem alten Sarazenenturm, kann man sich kaum auf den Beinen halten.<\/p>\n<p><a href=\"https:\/\/olu-limburg.de\/wp-content\/uploads\/2016\/10\/DSC05211_ergebnis.jpg\"><img loading=\"lazy\" decoding=\"async\" class=\"size-full wp-image-10300 aligncenter\" src=\"https:\/\/olu-limburg.de\/wp-content\/uploads\/2016\/10\/DSC05211_ergebnis.jpg\" alt=\"DSC05211_ergebnis\" width=\"800\" height=\"600\" srcset=\"https:\/\/olu-limburg.de\/wp-content\/uploads\/2016\/10\/DSC05211_ergebnis.jpg 800w, https:\/\/olu-limburg.de\/wp-content\/uploads\/2016\/10\/DSC05211_ergebnis-300x225.jpg 300w, https:\/\/olu-limburg.de\/wp-content\/uploads\/2016\/10\/DSC05211_ergebnis-768x576.jpg 768w, https:\/\/olu-limburg.de\/wp-content\/uploads\/2016\/10\/DSC05211_ergebnis-624x468.jpg 624w\" sizes=\"auto, (max-width: 800px) 100vw, 800px\" \/><\/a><\/p>\n<p><a href=\"https:\/\/olu-limburg.de\/wp-content\/uploads\/2016\/10\/DSC05207_ergebnis-e1481558346582.jpg\"><img loading=\"lazy\" decoding=\"async\" class=\"size-full wp-image-10299 aligncenter\" src=\"https:\/\/olu-limburg.de\/wp-content\/uploads\/2016\/10\/DSC05207_ergebnis-e1481558346582.jpg\" alt=\"DSC05207_ergebnis\" width=\"450\" height=\"600\" \/><\/a><\/p>\n<div id=\"attachment_10301\" style=\"width: 810px\" class=\"wp-caption aligncenter\"><a href=\"https:\/\/olu-limburg.de\/wp-content\/uploads\/2016\/10\/DSC05217_ergebnis.jpg\"><img loading=\"lazy\" decoding=\"async\" aria-describedby=\"caption-attachment-10301\" class=\"size-full wp-image-10301\" src=\"https:\/\/olu-limburg.de\/wp-content\/uploads\/2016\/10\/DSC05217_ergebnis.jpg\" alt=\"gegen\u00fcber liegt die S\u00fcdk\u00fcste von Korsika\" width=\"800\" height=\"600\" srcset=\"https:\/\/olu-limburg.de\/wp-content\/uploads\/2016\/10\/DSC05217_ergebnis.jpg 800w, https:\/\/olu-limburg.de\/wp-content\/uploads\/2016\/10\/DSC05217_ergebnis-300x225.jpg 300w, https:\/\/olu-limburg.de\/wp-content\/uploads\/2016\/10\/DSC05217_ergebnis-768x576.jpg 768w, https:\/\/olu-limburg.de\/wp-content\/uploads\/2016\/10\/DSC05217_ergebnis-624x468.jpg 624w\" sizes=\"auto, (max-width: 800px) 100vw, 800px\" \/><\/a><p id=\"caption-attachment-10301\" class=\"wp-caption-text\">gegen\u00fcber liegt die S\u00fcdk\u00fcste von Korsika<\/p><\/div>\n<p>Unser heutiges Ziel ist Porto Pozzo. Hier stellen wir uns in den kleinen Hafen. Es ist \u00fcberall im Ort sehr ruhig. Lena meint, dass er schon im Winterschlaf ist.<\/p>\n<p><a href=\"https:\/\/olu-limburg.de\/wp-content\/uploads\/2016\/10\/DSC05229_ergebnis.jpg\"><img loading=\"lazy\" decoding=\"async\" class=\"size-full wp-image-10303 aligncenter\" src=\"https:\/\/olu-limburg.de\/wp-content\/uploads\/2016\/10\/DSC05229_ergebnis.jpg\" alt=\"DSC05229_ergebnis\" width=\"800\" height=\"600\" srcset=\"https:\/\/olu-limburg.de\/wp-content\/uploads\/2016\/10\/DSC05229_ergebnis.jpg 800w, https:\/\/olu-limburg.de\/wp-content\/uploads\/2016\/10\/DSC05229_ergebnis-300x225.jpg 300w, https:\/\/olu-limburg.de\/wp-content\/uploads\/2016\/10\/DSC05229_ergebnis-768x576.jpg 768w, https:\/\/olu-limburg.de\/wp-content\/uploads\/2016\/10\/DSC05229_ergebnis-624x468.jpg 624w\" sizes=\"auto, (max-width: 800px) 100vw, 800px\" \/><\/a><\/p>\n<p><a href=\"https:\/\/olu-limburg.de\/wp-content\/uploads\/2016\/10\/DSC05230_ergebnis.jpg\"><img loading=\"lazy\" decoding=\"async\" class=\"size-full wp-image-10304 aligncenter\" src=\"https:\/\/olu-limburg.de\/wp-content\/uploads\/2016\/10\/DSC05230_ergebnis.jpg\" alt=\"DSC05230_ergebnis\" width=\"800\" height=\"600\" srcset=\"https:\/\/olu-limburg.de\/wp-content\/uploads\/2016\/10\/DSC05230_ergebnis.jpg 800w, https:\/\/olu-limburg.de\/wp-content\/uploads\/2016\/10\/DSC05230_ergebnis-300x225.jpg 300w, https:\/\/olu-limburg.de\/wp-content\/uploads\/2016\/10\/DSC05230_ergebnis-768x576.jpg 768w, https:\/\/olu-limburg.de\/wp-content\/uploads\/2016\/10\/DSC05230_ergebnis-624x468.jpg 624w\" sizes=\"auto, (max-width: 800px) 100vw, 800px\" \/><\/a><\/p>\n<div id=\"attachment_10305\" style=\"width: 810px\" class=\"wp-caption aligncenter\"><a href=\"https:\/\/olu-limburg.de\/wp-content\/uploads\/2016\/10\/DSC05231_ergebnis.jpg\"><img loading=\"lazy\" decoding=\"async\" aria-describedby=\"caption-attachment-10305\" class=\"size-full wp-image-10305\" src=\"https:\/\/olu-limburg.de\/wp-content\/uploads\/2016\/10\/DSC05231_ergebnis.jpg\" alt=\"kleine Wallfahrtskapelle im Ort\" width=\"800\" height=\"600\" srcset=\"https:\/\/olu-limburg.de\/wp-content\/uploads\/2016\/10\/DSC05231_ergebnis.jpg 800w, https:\/\/olu-limburg.de\/wp-content\/uploads\/2016\/10\/DSC05231_ergebnis-300x225.jpg 300w, https:\/\/olu-limburg.de\/wp-content\/uploads\/2016\/10\/DSC05231_ergebnis-768x576.jpg 768w, https:\/\/olu-limburg.de\/wp-content\/uploads\/2016\/10\/DSC05231_ergebnis-624x468.jpg 624w\" sizes=\"auto, (max-width: 800px) 100vw, 800px\" \/><\/a><p id=\"caption-attachment-10305\" class=\"wp-caption-text\">kleine Wallfahrtskapelle im Ort<\/p><\/div>\n<p><a href=\"https:\/\/olu-limburg.de\/wp-content\/uploads\/2016\/10\/DSC05233_ergebnis-e1481558571192.jpg\"><img loading=\"lazy\" decoding=\"async\" class=\"size-full wp-image-10306 aligncenter\" src=\"https:\/\/olu-limburg.de\/wp-content\/uploads\/2016\/10\/DSC05233_ergebnis-e1481558571192.jpg\" alt=\"DSC05233_ergebnis\" width=\"450\" height=\"600\" \/><\/a><\/p>\n<p>Tagesstrecke: 75 km<\/p>\n<p>&nbsp;<\/p>\n<p><strong>Mittwoch, 12.10.2016<\/strong><\/p>\n<p>Wir haben hier sehr ruhig geschlafen. Der Sturm hat sich gelegt und Brot gibt es auch beim \u00f6rtlichen B\u00e4cker.<\/p>\n<div id=\"attachment_10308\" style=\"width: 810px\" class=\"wp-caption aligncenter\"><a href=\"https:\/\/olu-limburg.de\/wp-content\/uploads\/2016\/10\/DSC05236_ergebnis.jpg\"><img loading=\"lazy\" decoding=\"async\" aria-describedby=\"caption-attachment-10308\" class=\"size-full wp-image-10308\" src=\"https:\/\/olu-limburg.de\/wp-content\/uploads\/2016\/10\/DSC05236_ergebnis.jpg\" alt=\"Heute sieht die Welt schon ganz anders aus.\" width=\"800\" height=\"600\" srcset=\"https:\/\/olu-limburg.de\/wp-content\/uploads\/2016\/10\/DSC05236_ergebnis.jpg 800w, https:\/\/olu-limburg.de\/wp-content\/uploads\/2016\/10\/DSC05236_ergebnis-300x225.jpg 300w, https:\/\/olu-limburg.de\/wp-content\/uploads\/2016\/10\/DSC05236_ergebnis-768x576.jpg 768w, https:\/\/olu-limburg.de\/wp-content\/uploads\/2016\/10\/DSC05236_ergebnis-624x468.jpg 624w\" sizes=\"auto, (max-width: 800px) 100vw, 800px\" \/><\/a><p id=\"caption-attachment-10308\" class=\"wp-caption-text\">Heute sieht die Welt schon ganz anders aus.<\/p><\/div>\n<p>Bei unserer Weiterfahrt, verlassen wir die SS133 in der N\u00e4he von Porto Pollo und fahren hinaus auf die<em> Isola dei Gabbiani<\/em>. Parkpl\u00e4tze gibt es gen\u00fcgend, bevor sich die Anfahrt zur Isola wie ein Flaschenhals verengt, links und rechts ist Strand. Hier dreht sich alles ums Surfen.<\/p>\n<p><a href=\"https:\/\/olu-limburg.de\/wp-content\/uploads\/2016\/10\/DSC05255_ergebnis.jpg\"><img loading=\"lazy\" decoding=\"async\" class=\"alignnone size-full wp-image-10320\" src=\"https:\/\/olu-limburg.de\/wp-content\/uploads\/2016\/10\/DSC05255_ergebnis.jpg\" alt=\"DSC05255_ergebnis\" width=\"800\" height=\"600\" srcset=\"https:\/\/olu-limburg.de\/wp-content\/uploads\/2016\/10\/DSC05255_ergebnis.jpg 800w, https:\/\/olu-limburg.de\/wp-content\/uploads\/2016\/10\/DSC05255_ergebnis-300x225.jpg 300w, https:\/\/olu-limburg.de\/wp-content\/uploads\/2016\/10\/DSC05255_ergebnis-768x576.jpg 768w, https:\/\/olu-limburg.de\/wp-content\/uploads\/2016\/10\/DSC05255_ergebnis-624x468.jpg 624w\" sizes=\"auto, (max-width: 800px) 100vw, 800px\" \/><\/a><\/p>\n<p><a href=\"https:\/\/olu-limburg.de\/wp-content\/uploads\/2016\/10\/DSC05239_ergebnis.jpg\"><img loading=\"lazy\" decoding=\"async\" class=\"size-full wp-image-10314 aligncenter\" src=\"https:\/\/olu-limburg.de\/wp-content\/uploads\/2016\/10\/DSC05239_ergebnis.jpg\" alt=\"DSC05239_ergebnis\" width=\"800\" height=\"600\" srcset=\"https:\/\/olu-limburg.de\/wp-content\/uploads\/2016\/10\/DSC05239_ergebnis.jpg 800w, https:\/\/olu-limburg.de\/wp-content\/uploads\/2016\/10\/DSC05239_ergebnis-300x225.jpg 300w, https:\/\/olu-limburg.de\/wp-content\/uploads\/2016\/10\/DSC05239_ergebnis-768x576.jpg 768w, https:\/\/olu-limburg.de\/wp-content\/uploads\/2016\/10\/DSC05239_ergebnis-624x468.jpg 624w\" sizes=\"auto, (max-width: 800px) 100vw, 800px\" \/><\/a><\/p>\n<p><a href=\"https:\/\/olu-limburg.de\/wp-content\/uploads\/2016\/10\/DSC05249_ergebnis.jpg\"><img loading=\"lazy\" decoding=\"async\" class=\"size-full wp-image-10318 aligncenter\" src=\"https:\/\/olu-limburg.de\/wp-content\/uploads\/2016\/10\/DSC05249_ergebnis.jpg\" alt=\"DSC05249_ergebnis\" width=\"800\" height=\"600\" srcset=\"https:\/\/olu-limburg.de\/wp-content\/uploads\/2016\/10\/DSC05249_ergebnis.jpg 800w, https:\/\/olu-limburg.de\/wp-content\/uploads\/2016\/10\/DSC05249_ergebnis-300x225.jpg 300w, https:\/\/olu-limburg.de\/wp-content\/uploads\/2016\/10\/DSC05249_ergebnis-768x576.jpg 768w, https:\/\/olu-limburg.de\/wp-content\/uploads\/2016\/10\/DSC05249_ergebnis-624x468.jpg 624w\" sizes=\"auto, (max-width: 800px) 100vw, 800px\" \/><\/a><\/p>\n<p><a href=\"https:\/\/olu-limburg.de\/wp-content\/uploads\/2016\/10\/DSC05251_ergebnis.jpg\"><img loading=\"lazy\" decoding=\"async\" class=\"size-full wp-image-10319 aligncenter\" src=\"https:\/\/olu-limburg.de\/wp-content\/uploads\/2016\/10\/DSC05251_ergebnis.jpg\" alt=\"DSC05251_ergebnis\" width=\"800\" height=\"600\" srcset=\"https:\/\/olu-limburg.de\/wp-content\/uploads\/2016\/10\/DSC05251_ergebnis.jpg 800w, https:\/\/olu-limburg.de\/wp-content\/uploads\/2016\/10\/DSC05251_ergebnis-300x225.jpg 300w, https:\/\/olu-limburg.de\/wp-content\/uploads\/2016\/10\/DSC05251_ergebnis-768x576.jpg 768w, https:\/\/olu-limburg.de\/wp-content\/uploads\/2016\/10\/DSC05251_ergebnis-624x468.jpg 624w\" sizes=\"auto, (max-width: 800px) 100vw, 800px\" \/><\/a><\/p>\n<p>Auf der Isola selbst befindet sich ein gro\u00dfer Campingplatz mit modernem Eingangsbereich. Um den jetzigen CP herum, gibt es im verwilderten Gestr\u00fcpp aber noch viel mehr aufgegebene Nischen (?).<\/p>\n<p><a href=\"https:\/\/olu-limburg.de\/wp-content\/uploads\/2016\/10\/DSC05247_ergebnis.jpg\"><img loading=\"lazy\" decoding=\"async\" class=\"size-full wp-image-10316 aligncenter\" src=\"https:\/\/olu-limburg.de\/wp-content\/uploads\/2016\/10\/DSC05247_ergebnis.jpg\" alt=\"DSC05247_ergebnis\" width=\"800\" height=\"600\" srcset=\"https:\/\/olu-limburg.de\/wp-content\/uploads\/2016\/10\/DSC05247_ergebnis.jpg 800w, https:\/\/olu-limburg.de\/wp-content\/uploads\/2016\/10\/DSC05247_ergebnis-300x225.jpg 300w, https:\/\/olu-limburg.de\/wp-content\/uploads\/2016\/10\/DSC05247_ergebnis-768x576.jpg 768w, https:\/\/olu-limburg.de\/wp-content\/uploads\/2016\/10\/DSC05247_ergebnis-624x468.jpg 624w\" sizes=\"auto, (max-width: 800px) 100vw, 800px\" \/><\/a><\/p>\n<p><a href=\"https:\/\/olu-limburg.de\/wp-content\/uploads\/2016\/10\/DSC05244_ergebnis.jpg\"><img loading=\"lazy\" decoding=\"async\" class=\"size-full wp-image-10315 aligncenter\" src=\"https:\/\/olu-limburg.de\/wp-content\/uploads\/2016\/10\/DSC05244_ergebnis.jpg\" alt=\"DSC05244_ergebnis\" width=\"800\" height=\"600\" srcset=\"https:\/\/olu-limburg.de\/wp-content\/uploads\/2016\/10\/DSC05244_ergebnis.jpg 800w, https:\/\/olu-limburg.de\/wp-content\/uploads\/2016\/10\/DSC05244_ergebnis-300x225.jpg 300w, https:\/\/olu-limburg.de\/wp-content\/uploads\/2016\/10\/DSC05244_ergebnis-768x576.jpg 768w, https:\/\/olu-limburg.de\/wp-content\/uploads\/2016\/10\/DSC05244_ergebnis-624x468.jpg 624w\" sizes=\"auto, (max-width: 800px) 100vw, 800px\" \/><\/a><\/p>\n<p>Uns ist es hier zwischen den Wohnmobilen zu eng. Au\u00dferdem wollen wir ja noch etwas weiter fahren. In Palau folgen wir der Ausschilderung zum Hafen und finden einen gro\u00dfen kostenlosen Parkplatz.<\/p>\n<p><a href=\"https:\/\/olu-limburg.de\/wp-content\/uploads\/2016\/10\/DSC05256_ergebnis.jpg\"><img loading=\"lazy\" decoding=\"async\" class=\"size-full wp-image-10321 aligncenter\" src=\"https:\/\/olu-limburg.de\/wp-content\/uploads\/2016\/10\/DSC05256_ergebnis.jpg\" alt=\"DSC05256_ergebnis\" width=\"800\" height=\"600\" srcset=\"https:\/\/olu-limburg.de\/wp-content\/uploads\/2016\/10\/DSC05256_ergebnis.jpg 800w, https:\/\/olu-limburg.de\/wp-content\/uploads\/2016\/10\/DSC05256_ergebnis-300x225.jpg 300w, https:\/\/olu-limburg.de\/wp-content\/uploads\/2016\/10\/DSC05256_ergebnis-768x576.jpg 768w, https:\/\/olu-limburg.de\/wp-content\/uploads\/2016\/10\/DSC05256_ergebnis-624x468.jpg 624w\" sizes=\"auto, (max-width: 800px) 100vw, 800px\" \/><\/a><\/p>\n<p>W\u00e4hrend wir uns ein wenig umsehen, kommt uns der Gedanke, ohne Wohnmobil einen Ausflug mit der F\u00e4hre auf die vorgelagerte Insel <em>La Maddalena<\/em> ( 2 Personen = EUR 16,20 hin und zur\u00fcck) zu machen.<\/p>\n<p><a href=\"https:\/\/olu-limburg.de\/wp-content\/uploads\/2016\/10\/DSC05261_ergebnis.jpg\"><img loading=\"lazy\" decoding=\"async\" class=\"size-full wp-image-10323 aligncenter\" src=\"https:\/\/olu-limburg.de\/wp-content\/uploads\/2016\/10\/DSC05261_ergebnis.jpg\" alt=\"DSC05261_ergebnis\" width=\"800\" height=\"600\" srcset=\"https:\/\/olu-limburg.de\/wp-content\/uploads\/2016\/10\/DSC05261_ergebnis.jpg 800w, https:\/\/olu-limburg.de\/wp-content\/uploads\/2016\/10\/DSC05261_ergebnis-300x225.jpg 300w, https:\/\/olu-limburg.de\/wp-content\/uploads\/2016\/10\/DSC05261_ergebnis-768x576.jpg 768w, https:\/\/olu-limburg.de\/wp-content\/uploads\/2016\/10\/DSC05261_ergebnis-624x468.jpg 624w\" sizes=\"auto, (max-width: 800px) 100vw, 800px\" \/><\/a><\/p>\n<p>Von der F\u00e4hre kommen wir direkt in die Gassen der Altstadt von La Maddalena. Caf\u00e9s, Restaurants und Souvenierl\u00e4den bestimmen das Erscheinungsbild der unteren Etagen der alten H\u00e4user.<\/p>\n<p><a href=\"https:\/\/olu-limburg.de\/wp-content\/uploads\/2016\/10\/DSC05263_ergebnis-e1481569779959.jpg\"><img loading=\"lazy\" decoding=\"async\" class=\"size-full wp-image-10324 alignleft\" src=\"https:\/\/olu-limburg.de\/wp-content\/uploads\/2016\/10\/DSC05263_ergebnis-e1481569779959.jpg\" alt=\"DSC05263_ergebnis\" width=\"450\" height=\"600\" \/><\/a><\/p>\n<p><a href=\"https:\/\/olu-limburg.de\/wp-content\/uploads\/2016\/10\/DSC05265_ergebnis-e1481569708303.jpg\"><img loading=\"lazy\" decoding=\"async\" class=\"size-full wp-image-10325 alignright\" src=\"https:\/\/olu-limburg.de\/wp-content\/uploads\/2016\/10\/DSC05265_ergebnis-e1481569708303.jpg\" alt=\"DSC05265_ergebnis\" width=\"450\" height=\"600\" \/><\/a><\/p>\n<p><a href=\"https:\/\/olu-limburg.de\/wp-content\/uploads\/2016\/10\/DSC05267_ergebnis-e1481569725814.jpg\"><img loading=\"lazy\" decoding=\"async\" class=\"size-full wp-image-10326 alignleft\" src=\"https:\/\/olu-limburg.de\/wp-content\/uploads\/2016\/10\/DSC05267_ergebnis-e1481569725814.jpg\" alt=\"DSC05267_ergebnis\" width=\"450\" height=\"600\" \/><\/a><\/p>\n<p><a href=\"https:\/\/olu-limburg.de\/wp-content\/uploads\/2016\/10\/DSC05296_ergebnis-e1481569803164.jpg\"><img loading=\"lazy\" decoding=\"async\" class=\"size-full wp-image-10336 alignright\" src=\"https:\/\/olu-limburg.de\/wp-content\/uploads\/2016\/10\/DSC05296_ergebnis-e1481569803164.jpg\" alt=\"DSC05296_ergebnis\" width=\"450\" height=\"600\" \/><\/a><\/p>\n<p><a href=\"https:\/\/olu-limburg.de\/wp-content\/uploads\/2016\/10\/DSC05270_ergebnis.jpg\"><img loading=\"lazy\" decoding=\"async\" class=\"size-full wp-image-10327 aligncenter\" src=\"https:\/\/olu-limburg.de\/wp-content\/uploads\/2016\/10\/DSC05270_ergebnis.jpg\" alt=\"DSC05270_ergebnis\" width=\"800\" height=\"600\" srcset=\"https:\/\/olu-limburg.de\/wp-content\/uploads\/2016\/10\/DSC05270_ergebnis.jpg 800w, https:\/\/olu-limburg.de\/wp-content\/uploads\/2016\/10\/DSC05270_ergebnis-300x225.jpg 300w, https:\/\/olu-limburg.de\/wp-content\/uploads\/2016\/10\/DSC05270_ergebnis-768x576.jpg 768w, https:\/\/olu-limburg.de\/wp-content\/uploads\/2016\/10\/DSC05270_ergebnis-624x468.jpg 624w\" sizes=\"auto, (max-width: 800px) 100vw, 800px\" \/><\/a><\/p>\n<p>Zum Mittagessen w\u00e4hlen wir an der Piazza Garibaldi die &#8222;Bar Gelateria Madrau&#8220;. Dort sitzen bereits viele Menschen beim Essen. Wir bestellen uns Vorspeise und Pasta, die auch ganz gut schmecken, ohne etwas besonderes zu sein. Bei einem sp\u00e4teren Besuch der Toilette, bekomme ich eine Bestellung mit, die aus dem Inhalt einer Fertigpackung, die aus dem K\u00fchlschrank entnommen und in der Mikrowelle erhitzt wird, ihre Erf\u00fcllung findet (!!!). Am Nachmittag entsorgt die M\u00fcllabfuhr dort s\u00e4ckeweise Verpackungen von Fertiggerichten. Man lernt nie aus!<\/p>\n<p><a href=\"https:\/\/olu-limburg.de\/wp-content\/uploads\/2016\/10\/DSC05285_ergebnis.jpg\"><img loading=\"lazy\" decoding=\"async\" class=\"size-full wp-image-10334 aligncenter\" src=\"https:\/\/olu-limburg.de\/wp-content\/uploads\/2016\/10\/DSC05285_ergebnis.jpg\" alt=\"DSC05285_ergebnis\" width=\"800\" height=\"600\" srcset=\"https:\/\/olu-limburg.de\/wp-content\/uploads\/2016\/10\/DSC05285_ergebnis.jpg 800w, https:\/\/olu-limburg.de\/wp-content\/uploads\/2016\/10\/DSC05285_ergebnis-300x225.jpg 300w, https:\/\/olu-limburg.de\/wp-content\/uploads\/2016\/10\/DSC05285_ergebnis-768x576.jpg 768w, https:\/\/olu-limburg.de\/wp-content\/uploads\/2016\/10\/DSC05285_ergebnis-624x468.jpg 624w\" sizes=\"auto, (max-width: 800px) 100vw, 800px\" \/><\/a><\/p>\n<div id=\"attachment_10328\" style=\"width: 810px\" class=\"wp-caption aligncenter\"><a href=\"https:\/\/olu-limburg.de\/wp-content\/uploads\/2016\/10\/DSC05272_ergebnis.jpg\"><img loading=\"lazy\" decoding=\"async\" aria-describedby=\"caption-attachment-10328\" class=\"wp-image-10328 size-full\" src=\"https:\/\/olu-limburg.de\/wp-content\/uploads\/2016\/10\/DSC05272_ergebnis.jpg\" alt=\"DSC05272_ergebnis\" width=\"800\" height=\"600\" srcset=\"https:\/\/olu-limburg.de\/wp-content\/uploads\/2016\/10\/DSC05272_ergebnis.jpg 800w, https:\/\/olu-limburg.de\/wp-content\/uploads\/2016\/10\/DSC05272_ergebnis-300x225.jpg 300w, https:\/\/olu-limburg.de\/wp-content\/uploads\/2016\/10\/DSC05272_ergebnis-768x576.jpg 768w, https:\/\/olu-limburg.de\/wp-content\/uploads\/2016\/10\/DSC05272_ergebnis-624x468.jpg 624w\" sizes=\"auto, (max-width: 800px) 100vw, 800px\" \/><\/a><p id=\"caption-attachment-10328\" class=\"wp-caption-text\">Vorspeise zum selbst anmachen.<\/p><\/div>\n<p><a href=\"https:\/\/olu-limburg.de\/wp-content\/uploads\/2016\/10\/DSC05273_ergebnis.jpg\"><img loading=\"lazy\" decoding=\"async\" class=\"size-full wp-image-10329 aligncenter\" src=\"https:\/\/olu-limburg.de\/wp-content\/uploads\/2016\/10\/DSC05273_ergebnis.jpg\" alt=\"DSC05273_ergebnis\" width=\"800\" height=\"600\" srcset=\"https:\/\/olu-limburg.de\/wp-content\/uploads\/2016\/10\/DSC05273_ergebnis.jpg 800w, https:\/\/olu-limburg.de\/wp-content\/uploads\/2016\/10\/DSC05273_ergebnis-300x225.jpg 300w, https:\/\/olu-limburg.de\/wp-content\/uploads\/2016\/10\/DSC05273_ergebnis-768x576.jpg 768w, https:\/\/olu-limburg.de\/wp-content\/uploads\/2016\/10\/DSC05273_ergebnis-624x468.jpg 624w\" sizes=\"auto, (max-width: 800px) 100vw, 800px\" \/><\/a><\/p>\n<div id=\"attachment_10424\" style=\"width: 460px\" class=\"wp-caption aligncenter\"><a href=\"https:\/\/olu-limburg.de\/wp-content\/uploads\/2016\/10\/P1010034_ergebnis-e1482166896143.jpg\"><img loading=\"lazy\" decoding=\"async\" aria-describedby=\"caption-attachment-10424\" class=\"wp-image-10424 size-full\" src=\"https:\/\/olu-limburg.de\/wp-content\/uploads\/2016\/10\/P1010034_ergebnis-e1482166896143.jpg\" alt=\"P1010034_ergebnis\" width=\"450\" height=\"600\" \/><\/a><p id=\"caption-attachment-10424\" class=\"wp-caption-text\">mein Freund Garibaldi und ich<\/p><\/div>\n<p>Wir haben noch so viel Zeit und spazieren weiter durch die Gassen. Etwas au\u00dferhalb des inneren Bezirkes in Richtung Osten befinden sich gro\u00dfe milit\u00e4rische Anlagen. Deshalb drehen wir wieder um und landen vor einem kleinen Weinlokal in der Via Vittorio Emmanuele. Hier ist es gem\u00fctlich und aus dem Lokal erschallt die Musik der Doors. Bei zwei Gl\u00e4sern Vermentino genie\u00dfen wir die Stimmung. Da wir uns lobend \u00fcber die Musik und das Ambiente ge\u00e4u\u00dfert haben, erhalten wir noch zum Abschied jeder einen Mirto von der Bedienung.<\/p>\n<p><a href=\"https:\/\/olu-limburg.de\/wp-content\/uploads\/2016\/10\/DSC05278_ergebnis-e1481569938726.jpg\"><img loading=\"lazy\" decoding=\"async\" class=\"size-full wp-image-10331 aligncenter\" src=\"https:\/\/olu-limburg.de\/wp-content\/uploads\/2016\/10\/DSC05278_ergebnis-e1481569938726.jpg\" alt=\"DSC05278_ergebnis\" width=\"450\" height=\"600\" \/><\/a><\/p>\n<div id=\"attachment_10335\" style=\"width: 810px\" class=\"wp-caption aligncenter\"><a href=\"https:\/\/olu-limburg.de\/wp-content\/uploads\/2016\/10\/DSC05294_ergebnis.jpg\"><img loading=\"lazy\" decoding=\"async\" aria-describedby=\"caption-attachment-10335\" class=\"wp-image-10335 size-full\" src=\"https:\/\/olu-limburg.de\/wp-content\/uploads\/2016\/10\/DSC05294_ergebnis.jpg\" alt=\"DSC05294_ergebnis\" width=\"800\" height=\"600\" srcset=\"https:\/\/olu-limburg.de\/wp-content\/uploads\/2016\/10\/DSC05294_ergebnis.jpg 800w, https:\/\/olu-limburg.de\/wp-content\/uploads\/2016\/10\/DSC05294_ergebnis-300x225.jpg 300w, https:\/\/olu-limburg.de\/wp-content\/uploads\/2016\/10\/DSC05294_ergebnis-768x576.jpg 768w, https:\/\/olu-limburg.de\/wp-content\/uploads\/2016\/10\/DSC05294_ergebnis-624x468.jpg 624w\" sizes=\"auto, (max-width: 800px) 100vw, 800px\" \/><\/a><p id=\"caption-attachment-10335\" class=\"wp-caption-text\">Auch dies geh\u00f6rt in eine H\u00e4userzeile.<\/p><\/div>\n<p><a href=\"https:\/\/olu-limburg.de\/wp-content\/uploads\/2016\/10\/DSC05280_ergebnis-e1481569976770.jpg\"><img loading=\"lazy\" decoding=\"async\" class=\"size-full wp-image-10332 aligncenter\" src=\"https:\/\/olu-limburg.de\/wp-content\/uploads\/2016\/10\/DSC05280_ergebnis-e1481569976770.jpg\" alt=\"DSC05280_ergebnis\" width=\"450\" height=\"600\" \/><\/a><\/p>\n<p><a href=\"https:\/\/olu-limburg.de\/wp-content\/uploads\/2016\/10\/DSC05284_ergebnis.jpg\"><img loading=\"lazy\" decoding=\"async\" class=\"size-full wp-image-10333 aligncenter\" src=\"https:\/\/olu-limburg.de\/wp-content\/uploads\/2016\/10\/DSC05284_ergebnis.jpg\" alt=\"DSC05284_ergebnis\" width=\"800\" height=\"600\" srcset=\"https:\/\/olu-limburg.de\/wp-content\/uploads\/2016\/10\/DSC05284_ergebnis.jpg 800w, https:\/\/olu-limburg.de\/wp-content\/uploads\/2016\/10\/DSC05284_ergebnis-300x225.jpg 300w, https:\/\/olu-limburg.de\/wp-content\/uploads\/2016\/10\/DSC05284_ergebnis-768x576.jpg 768w, https:\/\/olu-limburg.de\/wp-content\/uploads\/2016\/10\/DSC05284_ergebnis-624x468.jpg 624w\" sizes=\"auto, (max-width: 800px) 100vw, 800px\" \/><\/a><\/p>\n<p><a href=\"https:\/\/olu-limburg.de\/wp-content\/uploads\/2016\/10\/P1010054_ergebnis-e1482167101371.jpg\"><img loading=\"lazy\" decoding=\"async\" class=\"size-full wp-image-10425 aligncenter\" src=\"https:\/\/olu-limburg.de\/wp-content\/uploads\/2016\/10\/P1010054_ergebnis-e1482167101371.jpg\" alt=\"P1010054_ergebnis\" width=\"450\" height=\"600\" \/><\/a><\/p>\n<p><a href=\"https:\/\/olu-limburg.de\/wp-content\/uploads\/2016\/10\/P1010063_ergebnis.jpg\"><img loading=\"lazy\" decoding=\"async\" class=\"size-full wp-image-10426 aligncenter\" src=\"https:\/\/olu-limburg.de\/wp-content\/uploads\/2016\/10\/P1010063_ergebnis.jpg\" alt=\"P1010063_ergebnis\" width=\"800\" height=\"600\" srcset=\"https:\/\/olu-limburg.de\/wp-content\/uploads\/2016\/10\/P1010063_ergebnis.jpg 800w, https:\/\/olu-limburg.de\/wp-content\/uploads\/2016\/10\/P1010063_ergebnis-300x225.jpg 300w, https:\/\/olu-limburg.de\/wp-content\/uploads\/2016\/10\/P1010063_ergebnis-768x576.jpg 768w, https:\/\/olu-limburg.de\/wp-content\/uploads\/2016\/10\/P1010063_ergebnis-624x468.jpg 624w\" sizes=\"auto, (max-width: 800px) 100vw, 800px\" \/><\/a><\/p>\n<p>Bei der R\u00fcckfahrt ans Festland sehen wir linkerhand Wohnmobile an der K\u00fcste stehen. Wie es sich zeigt, handelt es sich hierbei um die Anlage des CP &#8222;Baia Saraceno&#8220;. Wir k\u00f6nnen uns einen Stellplatz selbst aussuchen und werden im vorderen Bereich f\u00fcndig.<\/p>\n<p><a href=\"https:\/\/olu-limburg.de\/wp-content\/uploads\/2016\/10\/DSC05316_ergebnis.jpg\"><img loading=\"lazy\" decoding=\"async\" class=\"size-full wp-image-10340 aligncenter\" src=\"https:\/\/olu-limburg.de\/wp-content\/uploads\/2016\/10\/DSC05316_ergebnis.jpg\" alt=\"DSC05316_ergebnis\" width=\"800\" height=\"600\" srcset=\"https:\/\/olu-limburg.de\/wp-content\/uploads\/2016\/10\/DSC05316_ergebnis.jpg 800w, https:\/\/olu-limburg.de\/wp-content\/uploads\/2016\/10\/DSC05316_ergebnis-300x225.jpg 300w, https:\/\/olu-limburg.de\/wp-content\/uploads\/2016\/10\/DSC05316_ergebnis-768x576.jpg 768w, https:\/\/olu-limburg.de\/wp-content\/uploads\/2016\/10\/DSC05316_ergebnis-624x468.jpg 624w\" sizes=\"auto, (max-width: 800px) 100vw, 800px\" \/><\/a><\/p>\n<p><a href=\"https:\/\/olu-limburg.de\/wp-content\/uploads\/2016\/10\/DSC05317_ergebnis.jpg\"><img loading=\"lazy\" decoding=\"async\" class=\"size-full wp-image-10341 aligncenter\" src=\"https:\/\/olu-limburg.de\/wp-content\/uploads\/2016\/10\/DSC05317_ergebnis.jpg\" alt=\"DSC05317_ergebnis\" width=\"800\" height=\"600\" srcset=\"https:\/\/olu-limburg.de\/wp-content\/uploads\/2016\/10\/DSC05317_ergebnis.jpg 800w, https:\/\/olu-limburg.de\/wp-content\/uploads\/2016\/10\/DSC05317_ergebnis-300x225.jpg 300w, https:\/\/olu-limburg.de\/wp-content\/uploads\/2016\/10\/DSC05317_ergebnis-768x576.jpg 768w, https:\/\/olu-limburg.de\/wp-content\/uploads\/2016\/10\/DSC05317_ergebnis-624x468.jpg 624w\" sizes=\"auto, (max-width: 800px) 100vw, 800px\" \/><\/a><\/p>\n<p><a href=\"https:\/\/olu-limburg.de\/wp-content\/uploads\/2016\/10\/DSC05307_ergebnis.jpg\"><img loading=\"lazy\" decoding=\"async\" class=\"size-full wp-image-10339 aligncenter\" src=\"https:\/\/olu-limburg.de\/wp-content\/uploads\/2016\/10\/DSC05307_ergebnis.jpg\" alt=\"DSC05307_ergebnis\" width=\"800\" height=\"600\" srcset=\"https:\/\/olu-limburg.de\/wp-content\/uploads\/2016\/10\/DSC05307_ergebnis.jpg 800w, https:\/\/olu-limburg.de\/wp-content\/uploads\/2016\/10\/DSC05307_ergebnis-300x225.jpg 300w, https:\/\/olu-limburg.de\/wp-content\/uploads\/2016\/10\/DSC05307_ergebnis-768x576.jpg 768w, https:\/\/olu-limburg.de\/wp-content\/uploads\/2016\/10\/DSC05307_ergebnis-624x468.jpg 624w\" sizes=\"auto, (max-width: 800px) 100vw, 800px\" \/><\/a><\/p>\n<p><a href=\"https:\/\/olu-limburg.de\/wp-content\/uploads\/2016\/10\/DSC05318_ergebnis.jpg\"><img loading=\"lazy\" decoding=\"async\" class=\"size-full wp-image-10342 aligncenter\" src=\"https:\/\/olu-limburg.de\/wp-content\/uploads\/2016\/10\/DSC05318_ergebnis.jpg\" alt=\"DSC05318_ergebnis\" width=\"800\" height=\"600\" srcset=\"https:\/\/olu-limburg.de\/wp-content\/uploads\/2016\/10\/DSC05318_ergebnis.jpg 800w, https:\/\/olu-limburg.de\/wp-content\/uploads\/2016\/10\/DSC05318_ergebnis-300x225.jpg 300w, https:\/\/olu-limburg.de\/wp-content\/uploads\/2016\/10\/DSC05318_ergebnis-768x576.jpg 768w, https:\/\/olu-limburg.de\/wp-content\/uploads\/2016\/10\/DSC05318_ergebnis-624x468.jpg 624w\" sizes=\"auto, (max-width: 800px) 100vw, 800px\" \/><\/a><\/p>\n<p><a href=\"https:\/\/olu-limburg.de\/wp-content\/uploads\/2016\/10\/DSC05323_ergebnis.jpg\"><img loading=\"lazy\" decoding=\"async\" class=\"size-full wp-image-10344 aligncenter\" src=\"https:\/\/olu-limburg.de\/wp-content\/uploads\/2016\/10\/DSC05323_ergebnis.jpg\" alt=\"DSC05323_ergebnis\" width=\"800\" height=\"600\" srcset=\"https:\/\/olu-limburg.de\/wp-content\/uploads\/2016\/10\/DSC05323_ergebnis.jpg 800w, https:\/\/olu-limburg.de\/wp-content\/uploads\/2016\/10\/DSC05323_ergebnis-300x225.jpg 300w, https:\/\/olu-limburg.de\/wp-content\/uploads\/2016\/10\/DSC05323_ergebnis-768x576.jpg 768w, https:\/\/olu-limburg.de\/wp-content\/uploads\/2016\/10\/DSC05323_ergebnis-624x468.jpg 624w\" sizes=\"auto, (max-width: 800px) 100vw, 800px\" \/><\/a><\/p>\n<p>Tagesstrecke: 22 km<\/p>\n<p>&nbsp;<\/p>\n<p><strong>Donnerstag, 13.10.2016<\/strong><\/p>\n<p>F\u00fcr heute ist schlechtes Wetter vorhergesagt. Wir haben Zeit und super Aussicht in Richtung <em>La Maddalena<\/em>. Legen wir also mal wieder einen Faulenzertag ein. Dabei schauen wir den Segelschiffen zu, die mit ihren Touristen eigentlich das gesamte <em>La Maddalena-Archipel<\/em> umrunden wollen, aber bereits nach Verlassen des Hafens nur noch durch Kreuzen gegen den Wind ganz langsam voran kommen. F\u00fcr die Surfer ist es ebenfalls trostlos. Der Wind ist zu stark, es regnet und das Thermometer f\u00e4llt auf nur noch 18 \u00b0.<\/p>\n<p><a href=\"https:\/\/olu-limburg.de\/wp-content\/uploads\/2016\/10\/DSC05327_ergebnis.jpg\"><img loading=\"lazy\" decoding=\"async\" class=\"size-full wp-image-10345 aligncenter\" src=\"https:\/\/olu-limburg.de\/wp-content\/uploads\/2016\/10\/DSC05327_ergebnis.jpg\" alt=\"DSC05327_ergebnis\" width=\"800\" height=\"600\" srcset=\"https:\/\/olu-limburg.de\/wp-content\/uploads\/2016\/10\/DSC05327_ergebnis.jpg 800w, https:\/\/olu-limburg.de\/wp-content\/uploads\/2016\/10\/DSC05327_ergebnis-300x225.jpg 300w, https:\/\/olu-limburg.de\/wp-content\/uploads\/2016\/10\/DSC05327_ergebnis-768x576.jpg 768w, https:\/\/olu-limburg.de\/wp-content\/uploads\/2016\/10\/DSC05327_ergebnis-624x468.jpg 624w\" sizes=\"auto, (max-width: 800px) 100vw, 800px\" \/><\/a><\/p>\n<p>In einer Regenpause unternehmen wir einen Spaziergang nach Palau. Dort ist aber nichts los. Uns zieht es wieder zur\u00fcck ins Wohnmobil. Auf dem Weg dorthin, m\u00fcssen wir uns mehrmals vor den Regenschauern sch\u00fctzend unterstellen.<\/p>\n<p>Am Abend holen wir uns bei der Pizzeria auf dem Campingplatz eine Pizza Sarda. Als Vorspeise machen wir uns selbst eine gemischte Platte zurecht.<\/p>\n<p>Zu sp\u00e4ter Stunde will ich die Heizung anmachen, dabei stellen wir fest, dass es drau\u00dfen w\u00e4rmer geworden ist. Es sind nachts ungew\u00f6hnliche 24 \u00b0!<\/p>\n<p>Tagesstrecke: 0 km<\/p>\n<p>&nbsp;<\/p>\n<p><strong>Freitag, 14.10.2016<\/strong><\/p>\n<p>Mit Nebel beginnt unser letzter Urlaubstag auf Sardinien. Besichtigen m\u00f6chten wir nur noch das Capo d&#8217;Orso, das B\u00e4ren-Kap. Hier lockt oben auf der Bergkuppe die Roccia dell&#8217;Orso. Vom Parkplatz (Parkgeb\u00fchr EUR 3,00) an der Eingangspforte (Eintritt EUR 3,00\/Person) steigen wir nun wieder bei Sonne, aber b\u00f6igem Wind, auf einem gepflasterten Pfad nach oben. Die Aussicht ist toll.<\/p>\n<p><a href=\"https:\/\/olu-limburg.de\/wp-content\/uploads\/2016\/10\/DSC05329_ergebnis.jpg\"><img loading=\"lazy\" decoding=\"async\" class=\"size-full wp-image-10354 aligncenter\" src=\"https:\/\/olu-limburg.de\/wp-content\/uploads\/2016\/10\/DSC05329_ergebnis.jpg\" alt=\"DSC05329_ergebnis\" width=\"800\" height=\"600\" srcset=\"https:\/\/olu-limburg.de\/wp-content\/uploads\/2016\/10\/DSC05329_ergebnis.jpg 800w, https:\/\/olu-limburg.de\/wp-content\/uploads\/2016\/10\/DSC05329_ergebnis-300x225.jpg 300w, https:\/\/olu-limburg.de\/wp-content\/uploads\/2016\/10\/DSC05329_ergebnis-768x576.jpg 768w, https:\/\/olu-limburg.de\/wp-content\/uploads\/2016\/10\/DSC05329_ergebnis-624x468.jpg 624w\" sizes=\"auto, (max-width: 800px) 100vw, 800px\" \/><\/a><\/p>\n<p><a href=\"https:\/\/olu-limburg.de\/wp-content\/uploads\/2016\/10\/DSC05335_ergebnis.jpg\"><img loading=\"lazy\" decoding=\"async\" class=\"size-full wp-image-10355 aligncenter\" src=\"https:\/\/olu-limburg.de\/wp-content\/uploads\/2016\/10\/DSC05335_ergebnis.jpg\" alt=\"DSC05335_ergebnis\" width=\"800\" height=\"600\" srcset=\"https:\/\/olu-limburg.de\/wp-content\/uploads\/2016\/10\/DSC05335_ergebnis.jpg 800w, https:\/\/olu-limburg.de\/wp-content\/uploads\/2016\/10\/DSC05335_ergebnis-300x225.jpg 300w, https:\/\/olu-limburg.de\/wp-content\/uploads\/2016\/10\/DSC05335_ergebnis-768x576.jpg 768w, https:\/\/olu-limburg.de\/wp-content\/uploads\/2016\/10\/DSC05335_ergebnis-624x468.jpg 624w\" sizes=\"auto, (max-width: 800px) 100vw, 800px\" \/><\/a><\/p>\n<p><a href=\"https:\/\/olu-limburg.de\/wp-content\/uploads\/2016\/10\/DSC05340_ergebnis-e1481899725840.jpg\"><img loading=\"lazy\" decoding=\"async\" class=\"size-full wp-image-10356 aligncenter\" src=\"https:\/\/olu-limburg.de\/wp-content\/uploads\/2016\/10\/DSC05340_ergebnis-e1481899725840.jpg\" alt=\"DSC05340_ergebnis\" width=\"450\" height=\"600\" \/><\/a><\/p>\n<p>Nur k\u00f6nnen wir von keinem der begehbaren Aussichtspunkte den B\u00e4ren in den vor uns herumstehenden Felsen erkennen.<\/p>\n<div id=\"attachment_10358\" style=\"width: 810px\" class=\"wp-caption aligncenter\"><a href=\"https:\/\/olu-limburg.de\/wp-content\/uploads\/2016\/10\/DSC05348_ergebnis.jpg\"><img loading=\"lazy\" decoding=\"async\" aria-describedby=\"caption-attachment-10358\" class=\"size-full wp-image-10358\" src=\"https:\/\/olu-limburg.de\/wp-content\/uploads\/2016\/10\/DSC05348_ergebnis.jpg\" alt=\"Das k\u00f6nnte er sein!\" width=\"800\" height=\"600\" srcset=\"https:\/\/olu-limburg.de\/wp-content\/uploads\/2016\/10\/DSC05348_ergebnis.jpg 800w, https:\/\/olu-limburg.de\/wp-content\/uploads\/2016\/10\/DSC05348_ergebnis-300x225.jpg 300w, https:\/\/olu-limburg.de\/wp-content\/uploads\/2016\/10\/DSC05348_ergebnis-768x576.jpg 768w, https:\/\/olu-limburg.de\/wp-content\/uploads\/2016\/10\/DSC05348_ergebnis-624x468.jpg 624w\" sizes=\"auto, (max-width: 800px) 100vw, 800px\" \/><\/a><p id=\"caption-attachment-10358\" class=\"wp-caption-text\">Das k\u00f6nnte er sein!<\/p><\/div>\n<p>Die Wolken verdichten sich wieder, und es scheint noch ein Gewitter zu geben. Irgendwie landen wir bei der Weiterfahrt auf immer enger werdenden Stra\u00dfen bis kurz vor Arzachena. Hier essen wir in einer kleinen Pizzeria zu Mittag. Die Tische stehen in einem ger\u00e4umigen Vorzelt vor dem Lokal. Pl\u00f6tzlich donnert es ganz laut und ein Wolkenbruch mit Hagel ergie\u00dft sich \u00fcber die Stadt. Durch das Vorzelt l\u00e4uft immer mehr Wasser und es bilden sich schon kleine B\u00e4che.<\/p>\n<p><a href=\"https:\/\/olu-limburg.de\/wp-content\/uploads\/2016\/10\/P1010086_ergebnis-e1482167061666.jpg\"><img loading=\"lazy\" decoding=\"async\" class=\"size-full wp-image-10427 aligncenter\" src=\"https:\/\/olu-limburg.de\/wp-content\/uploads\/2016\/10\/P1010086_ergebnis-e1482167061666.jpg\" alt=\"P1010086_ergebnis\" width=\"450\" height=\"600\" \/><\/a><\/p>\n<p><a href=\"https:\/\/olu-limburg.de\/wp-content\/uploads\/2016\/10\/P1010087_ergebnis.jpg\"><img loading=\"lazy\" decoding=\"async\" class=\"size-full wp-image-10428 aligncenter\" src=\"https:\/\/olu-limburg.de\/wp-content\/uploads\/2016\/10\/P1010087_ergebnis.jpg\" alt=\"P1010087_ergebnis\" width=\"800\" height=\"600\" srcset=\"https:\/\/olu-limburg.de\/wp-content\/uploads\/2016\/10\/P1010087_ergebnis.jpg 800w, https:\/\/olu-limburg.de\/wp-content\/uploads\/2016\/10\/P1010087_ergebnis-300x225.jpg 300w, https:\/\/olu-limburg.de\/wp-content\/uploads\/2016\/10\/P1010087_ergebnis-768x576.jpg 768w, https:\/\/olu-limburg.de\/wp-content\/uploads\/2016\/10\/P1010087_ergebnis-624x468.jpg 624w\" sizes=\"auto, (max-width: 800px) 100vw, 800px\" \/><\/a><\/p>\n<p>Wir \u00fcberbr\u00fccken die Zeit mit Cappuccino und verzichten auf den &#8222;Fungo&#8220;, einen pilzf\u00f6rmigen Felsen. Auf Galluresisch wird er auch &#8220; Monti in Cappidatu&#8220;, Berg mit Kopfbedeckung, genannt.<\/p>\n<p>Halbwegs trocken erreichen wir gerade unser Wohnmobil, als der n\u00e4chste Schutt herunter kommt. Wir k\u00f6nnen warten und beobachten die anderen Autofahrer, wie sie durch das herunter schie\u00dfende Regenwasser preschen.<\/p>\n<p><a href=\"https:\/\/olu-limburg.de\/wp-content\/uploads\/2016\/10\/P1010089_ergebnis.jpg\"><img loading=\"lazy\" decoding=\"async\" class=\"size-full wp-image-10429 aligncenter\" src=\"https:\/\/olu-limburg.de\/wp-content\/uploads\/2016\/10\/P1010089_ergebnis.jpg\" alt=\"P1010089_ergebnis\" width=\"800\" height=\"600\" srcset=\"https:\/\/olu-limburg.de\/wp-content\/uploads\/2016\/10\/P1010089_ergebnis.jpg 800w, https:\/\/olu-limburg.de\/wp-content\/uploads\/2016\/10\/P1010089_ergebnis-300x225.jpg 300w, https:\/\/olu-limburg.de\/wp-content\/uploads\/2016\/10\/P1010089_ergebnis-768x576.jpg 768w, https:\/\/olu-limburg.de\/wp-content\/uploads\/2016\/10\/P1010089_ergebnis-624x468.jpg 624w\" sizes=\"auto, (max-width: 800px) 100vw, 800px\" \/><\/a><\/p>\n<p><a href=\"https:\/\/olu-limburg.de\/wp-content\/uploads\/2016\/10\/P1010094_ergebnis.jpg\"><img loading=\"lazy\" decoding=\"async\" class=\"size-full wp-image-10430 aligncenter\" src=\"https:\/\/olu-limburg.de\/wp-content\/uploads\/2016\/10\/P1010094_ergebnis.jpg\" alt=\"P1010094_ergebnis\" width=\"800\" height=\"600\" srcset=\"https:\/\/olu-limburg.de\/wp-content\/uploads\/2016\/10\/P1010094_ergebnis.jpg 800w, https:\/\/olu-limburg.de\/wp-content\/uploads\/2016\/10\/P1010094_ergebnis-300x225.jpg 300w, https:\/\/olu-limburg.de\/wp-content\/uploads\/2016\/10\/P1010094_ergebnis-768x576.jpg 768w, https:\/\/olu-limburg.de\/wp-content\/uploads\/2016\/10\/P1010094_ergebnis-624x468.jpg 624w\" sizes=\"auto, (max-width: 800px) 100vw, 800px\" \/><\/a><\/p>\n<p>Als es kurz aufklart, halten wir zum letzten Mal bei einem EuroSpin und fahren in den Hafen von Olbia. Auch hier steht alles unter Wasser. Nach dem Check-In werden alle Fahrzeuge in die Warteschlangen f\u00fcr drei unterschiedliche Schiffe eingewiesen.<\/p>\n<p>Wir fahren mit der <em>Moby<\/em> <em>Tommy<\/em> zur\u00fcck. Das ist die ehemalige Ariadne von Minoan und hat ein Camperdeck. Leider werden wir statt in drei Reihen, in vier Reihen verladen. Es ist so eng, dass man die T\u00fcren nur noch begrenzt aufmachen kann. Auch d\u00fcrfen wir leider nicht im Fahrzeug bleiben. So wird es wieder eine ungem\u00fctliche Nacht irgendwo auf einer Sitzbank.<\/p>\n<p><a href=\"https:\/\/olu-limburg.de\/wp-content\/uploads\/2016\/10\/DSC05350_ergebnis.jpg\"><img loading=\"lazy\" decoding=\"async\" class=\"size-full wp-image-10359 aligncenter\" src=\"https:\/\/olu-limburg.de\/wp-content\/uploads\/2016\/10\/DSC05350_ergebnis.jpg\" alt=\"DSC05350_ergebnis\" width=\"800\" height=\"600\" srcset=\"https:\/\/olu-limburg.de\/wp-content\/uploads\/2016\/10\/DSC05350_ergebnis.jpg 800w, https:\/\/olu-limburg.de\/wp-content\/uploads\/2016\/10\/DSC05350_ergebnis-300x225.jpg 300w, https:\/\/olu-limburg.de\/wp-content\/uploads\/2016\/10\/DSC05350_ergebnis-768x576.jpg 768w, https:\/\/olu-limburg.de\/wp-content\/uploads\/2016\/10\/DSC05350_ergebnis-624x468.jpg 624w\" sizes=\"auto, (max-width: 800px) 100vw, 800px\" \/><\/a><\/p>\n<p><a href=\"https:\/\/olu-limburg.de\/wp-content\/uploads\/2016\/10\/P1010101_ergebnis.jpg\"><img loading=\"lazy\" decoding=\"async\" class=\"alignnone size-full wp-image-10432\" src=\"https:\/\/olu-limburg.de\/wp-content\/uploads\/2016\/10\/P1010101_ergebnis.jpg\" alt=\"P1010101_ergebnis\" width=\"800\" height=\"600\" srcset=\"https:\/\/olu-limburg.de\/wp-content\/uploads\/2016\/10\/P1010101_ergebnis.jpg 800w, https:\/\/olu-limburg.de\/wp-content\/uploads\/2016\/10\/P1010101_ergebnis-300x225.jpg 300w, https:\/\/olu-limburg.de\/wp-content\/uploads\/2016\/10\/P1010101_ergebnis-768x576.jpg 768w, https:\/\/olu-limburg.de\/wp-content\/uploads\/2016\/10\/P1010101_ergebnis-624x468.jpg 624w\" sizes=\"auto, (max-width: 800px) 100vw, 800px\" \/><\/a><\/p>\n<div id=\"attachment_10360\" style=\"width: 810px\" class=\"wp-caption aligncenter\"><a href=\"https:\/\/olu-limburg.de\/wp-content\/uploads\/2016\/10\/DSC05355_ergebnis.jpg\"><img loading=\"lazy\" decoding=\"async\" aria-describedby=\"caption-attachment-10360\" class=\"wp-image-10360 size-full\" src=\"https:\/\/olu-limburg.de\/wp-content\/uploads\/2016\/10\/DSC05355_ergebnis.jpg\" alt=\"DSC05355_ergebnis\" width=\"800\" height=\"600\" srcset=\"https:\/\/olu-limburg.de\/wp-content\/uploads\/2016\/10\/DSC05355_ergebnis.jpg 800w, https:\/\/olu-limburg.de\/wp-content\/uploads\/2016\/10\/DSC05355_ergebnis-300x225.jpg 300w, https:\/\/olu-limburg.de\/wp-content\/uploads\/2016\/10\/DSC05355_ergebnis-768x576.jpg 768w, https:\/\/olu-limburg.de\/wp-content\/uploads\/2016\/10\/DSC05355_ergebnis-624x468.jpg 624w\" sizes=\"auto, (max-width: 800px) 100vw, 800px\" \/><\/a><p id=\"caption-attachment-10360\" class=\"wp-caption-text\">deutsche \u00dcbersetzung ???<\/p><\/div>\n<p>Tagesstrecke: 46 km<\/p>\n<p>&nbsp;<\/p>\n<p><strong>Samstag, 15.10.2016<\/strong><\/p>\n<p>Es sind kurz vor 07.00 Uhr als wir in Livorno von Bord fahren. Auf dem Wohnmobil-Stellplatz im Hafen ist die V+E nicht zu gebrauchen, au\u00dferdem stehen einige LKWs auf dem Platz. Wir finden noch eine L\u00fccke um uns wenigstens etwas auszuruhen.<\/p>\n<p>Da ich mir in den Kopf gesetzt habe, heute in Canobbio am Lago Maggiore zu Mittag zu essen, fahren wir um 08.00 Uhr auf die Autobahn. Insgesamt bezahlen wir f\u00fcr die Strecke EUR 37,70 an Maut. Daf\u00fcr erreichen wir aber auch gegen 14.00 Uhr Canobbio. Ich fahre schnell auf einen Parkplatz in der N\u00e4he des Sees. Danach geht es schnurstracks zu unserem neuen Lieblingsrestaurant.<\/p>\n<p>Wir eilen die Treppen hoch und stehen vor leeren Tischen. Kein Anzeichen von Leben. Mit mulmigem Gef\u00fchl greife ich nach dem T\u00fcrgriff der Eingangst\u00fcr. Von Innen h\u00f6re ich Stimmen und sehe dann die Wirtsleute mit dem Koch am Mittagstisch sitzen. Auf meine Anfrage nach etwas zu Essen, wird sofort mit der Gegenfrage geantwortet, ob wir bereit seien wie &#8222;Familia&#8220; zu essen. So kommen wir zu Spaghetti, Brot mit Gorgonzola, Polenta und frischen Fenschel.<\/p>\n<p><a href=\"https:\/\/olu-limburg.de\/wp-content\/uploads\/2016\/10\/P1010106_ergebnis.jpg\"><img loading=\"lazy\" decoding=\"async\" class=\"size-full wp-image-10433 aligncenter\" src=\"https:\/\/olu-limburg.de\/wp-content\/uploads\/2016\/10\/P1010106_ergebnis.jpg\" alt=\"P1010106_ergebnis\" width=\"800\" height=\"600\" srcset=\"https:\/\/olu-limburg.de\/wp-content\/uploads\/2016\/10\/P1010106_ergebnis.jpg 800w, https:\/\/olu-limburg.de\/wp-content\/uploads\/2016\/10\/P1010106_ergebnis-300x225.jpg 300w, https:\/\/olu-limburg.de\/wp-content\/uploads\/2016\/10\/P1010106_ergebnis-768x576.jpg 768w, https:\/\/olu-limburg.de\/wp-content\/uploads\/2016\/10\/P1010106_ergebnis-624x468.jpg 624w\" sizes=\"auto, (max-width: 800px) 100vw, 800px\" \/><\/a><\/p>\n<p>Hinterher gibt es Caf\u00e9 mit Grappa, und noch eine Fortbildung \u00fcber einen Caf\u00e9 Calabrese. L\u00f6sung: Die noch hei\u00dfe aber leere Espressotasse wird mit einem Schluck Grappa ausgeschwenkt und leer getrunken.<\/p>\n<p>Die Verabschiedung bis zum n\u00e4chsten Mal erfolgt auch wie in &#8222;Familia&#8220;. Es wird sich umarmt und alles Gute gew\u00fcnscht. Solch eine Herzlichkeit findet man selten. Und zum Abschlu\u00df sagt mir Patrizia, dass sie mir meinen Wunsch um Essen einfach nicht h\u00e4tte abschlagen k\u00f6nnen.<\/p>\n<p>Auf dem Stellplatz am Bach ist nicht viel los. Wir ruhen uns noch ein wenig aus, bevor wir spazieren gehen, um vielleicht ein paar Esskastanien zu finden. Dabei sehen wir auch ein Plakat, dass heute Abend nicht weit von dem Stellplatz ein zweit\u00e4giges Fest der Viehz\u00fcchter beginnt. So landen wir abends noch auf dem Z\u00fcchterball. Es gibt Spezialit\u00e4ten vom Grill und eine Zwei-Frau-Band mit Tanzmusik. Pl\u00f6tzlich bef\u00e4llt mich mein altes Fu\u00df- und R\u00fcckenleiden\u00a0 und wir gehen lieber zum Wohnmobil zur\u00fcck.<\/p>\n<p><a href=\"https:\/\/olu-limburg.de\/wp-content\/uploads\/2016\/10\/DSC05357_ergebnis.jpg\"><img loading=\"lazy\" decoding=\"async\" class=\"size-full wp-image-10361 aligncenter\" src=\"https:\/\/olu-limburg.de\/wp-content\/uploads\/2016\/10\/DSC05357_ergebnis.jpg\" alt=\"DSC05357_ergebnis\" width=\"800\" height=\"600\" srcset=\"https:\/\/olu-limburg.de\/wp-content\/uploads\/2016\/10\/DSC05357_ergebnis.jpg 800w, https:\/\/olu-limburg.de\/wp-content\/uploads\/2016\/10\/DSC05357_ergebnis-300x225.jpg 300w, https:\/\/olu-limburg.de\/wp-content\/uploads\/2016\/10\/DSC05357_ergebnis-768x576.jpg 768w, https:\/\/olu-limburg.de\/wp-content\/uploads\/2016\/10\/DSC05357_ergebnis-624x468.jpg 624w\" sizes=\"auto, (max-width: 800px) 100vw, 800px\" \/><\/a><a href=\"https:\/\/olu-limburg.de\/wp-content\/uploads\/2016\/10\/DSC05358_ergebnis.jpg\"><img loading=\"lazy\" decoding=\"async\" class=\"size-full wp-image-10362 aligncenter\" src=\"https:\/\/olu-limburg.de\/wp-content\/uploads\/2016\/10\/DSC05358_ergebnis.jpg\" alt=\"DSC05358_ergebnis\" width=\"800\" height=\"600\" srcset=\"https:\/\/olu-limburg.de\/wp-content\/uploads\/2016\/10\/DSC05358_ergebnis.jpg 800w, https:\/\/olu-limburg.de\/wp-content\/uploads\/2016\/10\/DSC05358_ergebnis-300x225.jpg 300w, https:\/\/olu-limburg.de\/wp-content\/uploads\/2016\/10\/DSC05358_ergebnis-768x576.jpg 768w, https:\/\/olu-limburg.de\/wp-content\/uploads\/2016\/10\/DSC05358_ergebnis-624x468.jpg 624w\" sizes=\"auto, (max-width: 800px) 100vw, 800px\" \/><\/a><\/p>\n<p><a href=\"https:\/\/olu-limburg.de\/wp-content\/uploads\/2016\/10\/DSC05359_ergebnis-e1482164389389.jpg\"><img loading=\"lazy\" decoding=\"async\" class=\"size-full wp-image-10363 aligncenter\" src=\"https:\/\/olu-limburg.de\/wp-content\/uploads\/2016\/10\/DSC05359_ergebnis-e1482164389389.jpg\" alt=\"DSC05359_ergebnis\" width=\"450\" height=\"600\" \/><\/a><\/p>\n<p><a href=\"https:\/\/olu-limburg.de\/wp-content\/uploads\/2016\/10\/DSC05362_ergebnis.jpg\"><img loading=\"lazy\" decoding=\"async\" class=\"size-full wp-image-10364 aligncenter\" src=\"https:\/\/olu-limburg.de\/wp-content\/uploads\/2016\/10\/DSC05362_ergebnis.jpg\" alt=\"DSC05362_ergebnis\" width=\"800\" height=\"600\" srcset=\"https:\/\/olu-limburg.de\/wp-content\/uploads\/2016\/10\/DSC05362_ergebnis.jpg 800w, https:\/\/olu-limburg.de\/wp-content\/uploads\/2016\/10\/DSC05362_ergebnis-300x225.jpg 300w, https:\/\/olu-limburg.de\/wp-content\/uploads\/2016\/10\/DSC05362_ergebnis-768x576.jpg 768w, https:\/\/olu-limburg.de\/wp-content\/uploads\/2016\/10\/DSC05362_ergebnis-624x468.jpg 624w\" sizes=\"auto, (max-width: 800px) 100vw, 800px\" \/><\/a><\/p>\n<p><a href=\"https:\/\/olu-limburg.de\/wp-content\/uploads\/2016\/10\/DSC05365_ergebnis.jpg\"><img loading=\"lazy\" decoding=\"async\" class=\"size-full wp-image-10365 aligncenter\" src=\"https:\/\/olu-limburg.de\/wp-content\/uploads\/2016\/10\/DSC05365_ergebnis.jpg\" alt=\"DSC05365_ergebnis\" width=\"800\" height=\"600\" srcset=\"https:\/\/olu-limburg.de\/wp-content\/uploads\/2016\/10\/DSC05365_ergebnis.jpg 800w, https:\/\/olu-limburg.de\/wp-content\/uploads\/2016\/10\/DSC05365_ergebnis-300x225.jpg 300w, https:\/\/olu-limburg.de\/wp-content\/uploads\/2016\/10\/DSC05365_ergebnis-768x576.jpg 768w, https:\/\/olu-limburg.de\/wp-content\/uploads\/2016\/10\/DSC05365_ergebnis-624x468.jpg 624w\" sizes=\"auto, (max-width: 800px) 100vw, 800px\" \/><\/a><\/p>\n<p>Die erste Gasflasche der Reise muss heute Abend gewechselt werden.<\/p>\n<p>Tagesstrecke: 425 km<\/p>\n<p>&nbsp;<\/p>\n<p><strong>Sonntag, 16.10.2016<\/strong><\/p>\n<p><a href=\"https:\/\/olu-limburg.de\/wp-content\/uploads\/2016\/10\/DSC05375_ergebnis.jpg\"><img loading=\"lazy\" decoding=\"async\" class=\"size-full wp-image-10370 aligncenter\" src=\"https:\/\/olu-limburg.de\/wp-content\/uploads\/2016\/10\/DSC05375_ergebnis.jpg\" alt=\"DSC05375_ergebnis\" width=\"800\" height=\"600\" srcset=\"https:\/\/olu-limburg.de\/wp-content\/uploads\/2016\/10\/DSC05375_ergebnis.jpg 800w, https:\/\/olu-limburg.de\/wp-content\/uploads\/2016\/10\/DSC05375_ergebnis-300x225.jpg 300w, https:\/\/olu-limburg.de\/wp-content\/uploads\/2016\/10\/DSC05375_ergebnis-768x576.jpg 768w, https:\/\/olu-limburg.de\/wp-content\/uploads\/2016\/10\/DSC05375_ergebnis-624x468.jpg 624w\" sizes=\"auto, (max-width: 800px) 100vw, 800px\" \/><\/a><\/p>\n<p>W\u00e4hrend des Fr\u00fchst\u00fccks h\u00f6ren wir die ersten Kuhglocken l\u00e4uten. Nach und nach kommen noch weitere Herden, die in Richtung Festplatz ziehen. Wir gehen auch noch mal hinunter. Viele Verkaufst\u00e4nde sind mittlerweile aufgebaut, und die Tiere warten auf ihre Pr\u00e4mierung.<\/p>\n<p><a href=\"https:\/\/olu-limburg.de\/wp-content\/uploads\/2016\/10\/DSC05369_ergebnis.jpg\"><img loading=\"lazy\" decoding=\"async\" class=\"size-full wp-image-10366 aligncenter\" src=\"https:\/\/olu-limburg.de\/wp-content\/uploads\/2016\/10\/DSC05369_ergebnis.jpg\" alt=\"DSC05369_ergebnis\" width=\"800\" height=\"600\" srcset=\"https:\/\/olu-limburg.de\/wp-content\/uploads\/2016\/10\/DSC05369_ergebnis.jpg 800w, https:\/\/olu-limburg.de\/wp-content\/uploads\/2016\/10\/DSC05369_ergebnis-300x225.jpg 300w, https:\/\/olu-limburg.de\/wp-content\/uploads\/2016\/10\/DSC05369_ergebnis-768x576.jpg 768w, https:\/\/olu-limburg.de\/wp-content\/uploads\/2016\/10\/DSC05369_ergebnis-624x468.jpg 624w\" sizes=\"auto, (max-width: 800px) 100vw, 800px\" \/><\/a><\/p>\n<p><a href=\"https:\/\/olu-limburg.de\/wp-content\/uploads\/2016\/10\/DSC05371_ergebnis-e1482164434343.jpg\"><img loading=\"lazy\" decoding=\"async\" class=\"size-full wp-image-10367 alignleft\" src=\"https:\/\/olu-limburg.de\/wp-content\/uploads\/2016\/10\/DSC05371_ergebnis-e1482164434343.jpg\" alt=\"DSC05371_ergebnis\" width=\"450\" height=\"600\" \/><\/a><\/p>\n<p><a href=\"https:\/\/olu-limburg.de\/wp-content\/uploads\/2016\/10\/DSC05374_ergebnis-e1482164456655.jpg\"><img loading=\"lazy\" decoding=\"async\" class=\"size-full wp-image-10369 alignright\" src=\"https:\/\/olu-limburg.de\/wp-content\/uploads\/2016\/10\/DSC05374_ergebnis-e1482164456655.jpg\" alt=\"DSC05374_ergebnis\" width=\"450\" height=\"600\" \/><\/a><\/p>\n<p><a href=\"https:\/\/olu-limburg.de\/wp-content\/uploads\/2016\/10\/DSC05373_ergebnis.jpg\"><img loading=\"lazy\" decoding=\"async\" class=\"size-full wp-image-10368 aligncenter\" src=\"https:\/\/olu-limburg.de\/wp-content\/uploads\/2016\/10\/DSC05373_ergebnis.jpg\" alt=\"DSC05373_ergebnis\" width=\"800\" height=\"600\" srcset=\"https:\/\/olu-limburg.de\/wp-content\/uploads\/2016\/10\/DSC05373_ergebnis.jpg 800w, https:\/\/olu-limburg.de\/wp-content\/uploads\/2016\/10\/DSC05373_ergebnis-300x225.jpg 300w, https:\/\/olu-limburg.de\/wp-content\/uploads\/2016\/10\/DSC05373_ergebnis-768x576.jpg 768w, https:\/\/olu-limburg.de\/wp-content\/uploads\/2016\/10\/DSC05373_ergebnis-624x468.jpg 624w\" sizes=\"auto, (max-width: 800px) 100vw, 800px\" \/><\/a><\/p>\n<p><a href=\"https:\/\/olu-limburg.de\/wp-content\/uploads\/2016\/10\/DSC05377_ergebnis.jpg\"><img loading=\"lazy\" decoding=\"async\" class=\"size-full wp-image-10371 aligncenter\" src=\"https:\/\/olu-limburg.de\/wp-content\/uploads\/2016\/10\/DSC05377_ergebnis.jpg\" alt=\"DSC05377_ergebnis\" width=\"800\" height=\"600\" srcset=\"https:\/\/olu-limburg.de\/wp-content\/uploads\/2016\/10\/DSC05377_ergebnis.jpg 800w, https:\/\/olu-limburg.de\/wp-content\/uploads\/2016\/10\/DSC05377_ergebnis-300x225.jpg 300w, https:\/\/olu-limburg.de\/wp-content\/uploads\/2016\/10\/DSC05377_ergebnis-768x576.jpg 768w, https:\/\/olu-limburg.de\/wp-content\/uploads\/2016\/10\/DSC05377_ergebnis-624x468.jpg 624w\" sizes=\"auto, (max-width: 800px) 100vw, 800px\" \/><\/a><\/p>\n<p><a href=\"https:\/\/olu-limburg.de\/wp-content\/uploads\/2016\/10\/DSC05379_ergebnis.jpg\"><img loading=\"lazy\" decoding=\"async\" class=\"size-full wp-image-10372 aligncenter\" src=\"https:\/\/olu-limburg.de\/wp-content\/uploads\/2016\/10\/DSC05379_ergebnis.jpg\" alt=\"DSC05379_ergebnis\" width=\"800\" height=\"600\" srcset=\"https:\/\/olu-limburg.de\/wp-content\/uploads\/2016\/10\/DSC05379_ergebnis.jpg 800w, https:\/\/olu-limburg.de\/wp-content\/uploads\/2016\/10\/DSC05379_ergebnis-300x225.jpg 300w, https:\/\/olu-limburg.de\/wp-content\/uploads\/2016\/10\/DSC05379_ergebnis-768x576.jpg 768w, https:\/\/olu-limburg.de\/wp-content\/uploads\/2016\/10\/DSC05379_ergebnis-624x468.jpg 624w\" sizes=\"auto, (max-width: 800px) 100vw, 800px\" \/><\/a><\/p>\n<p><a href=\"https:\/\/olu-limburg.de\/wp-content\/uploads\/2016\/10\/DSC05380_ergebnis.jpg\"><img loading=\"lazy\" decoding=\"async\" class=\"size-full wp-image-10373 aligncenter\" src=\"https:\/\/olu-limburg.de\/wp-content\/uploads\/2016\/10\/DSC05380_ergebnis.jpg\" alt=\"DSC05380_ergebnis\" width=\"800\" height=\"600\" srcset=\"https:\/\/olu-limburg.de\/wp-content\/uploads\/2016\/10\/DSC05380_ergebnis.jpg 800w, https:\/\/olu-limburg.de\/wp-content\/uploads\/2016\/10\/DSC05380_ergebnis-300x225.jpg 300w, https:\/\/olu-limburg.de\/wp-content\/uploads\/2016\/10\/DSC05380_ergebnis-768x576.jpg 768w, https:\/\/olu-limburg.de\/wp-content\/uploads\/2016\/10\/DSC05380_ergebnis-624x468.jpg 624w\" sizes=\"auto, (max-width: 800px) 100vw, 800px\" \/><\/a><\/p>\n<p><a href=\"https:\/\/olu-limburg.de\/wp-content\/uploads\/2016\/10\/DSC05394_ergebnis.jpg\"><img loading=\"lazy\" decoding=\"async\" class=\"size-full wp-image-10375 aligncenter\" src=\"https:\/\/olu-limburg.de\/wp-content\/uploads\/2016\/10\/DSC05394_ergebnis.jpg\" alt=\"DSC05394_ergebnis\" width=\"800\" height=\"600\" srcset=\"https:\/\/olu-limburg.de\/wp-content\/uploads\/2016\/10\/DSC05394_ergebnis.jpg 800w, https:\/\/olu-limburg.de\/wp-content\/uploads\/2016\/10\/DSC05394_ergebnis-300x225.jpg 300w, https:\/\/olu-limburg.de\/wp-content\/uploads\/2016\/10\/DSC05394_ergebnis-768x576.jpg 768w, https:\/\/olu-limburg.de\/wp-content\/uploads\/2016\/10\/DSC05394_ergebnis-624x468.jpg 624w\" sizes=\"auto, (max-width: 800px) 100vw, 800px\" \/><\/a><\/p>\n<p>Nach einem kurzen Rundgang begeben wir uns wieder zum Womo, da wir den heutigen Tag zur LKW-freien Fahrt nach Norden nutzen wollen. Das angeblich hohe Verkehrsaufkommen aufgrund des Ferienendes bei den Schweizern bleibt uns gl\u00fccklicherweise erspart. Es geht z\u00fcgig durch den Gotthard-Tunnel, und kurz vor Basel schwenken wir wieder ab in\u00a0 Richtung Rheinfelden.<\/p>\n<p><a href=\"https:\/\/olu-limburg.de\/wp-content\/uploads\/2016\/10\/P1010156_ergebnis.jpg\"><img loading=\"lazy\" decoding=\"async\" class=\"size-full wp-image-10436 aligncenter\" src=\"https:\/\/olu-limburg.de\/wp-content\/uploads\/2016\/10\/P1010156_ergebnis.jpg\" alt=\"P1010156_ergebnis\" width=\"800\" height=\"600\" srcset=\"https:\/\/olu-limburg.de\/wp-content\/uploads\/2016\/10\/P1010156_ergebnis.jpg 800w, https:\/\/olu-limburg.de\/wp-content\/uploads\/2016\/10\/P1010156_ergebnis-300x225.jpg 300w, https:\/\/olu-limburg.de\/wp-content\/uploads\/2016\/10\/P1010156_ergebnis-768x576.jpg 768w, https:\/\/olu-limburg.de\/wp-content\/uploads\/2016\/10\/P1010156_ergebnis-624x468.jpg 624w\" sizes=\"auto, (max-width: 800px) 100vw, 800px\" \/><\/a><\/p>\n<p><a href=\"https:\/\/olu-limburg.de\/wp-content\/uploads\/2016\/10\/P1010157_ergebnis.jpg\"><img loading=\"lazy\" decoding=\"async\" class=\"size-full wp-image-10437 aligncenter\" src=\"https:\/\/olu-limburg.de\/wp-content\/uploads\/2016\/10\/P1010157_ergebnis.jpg\" alt=\"P1010157_ergebnis\" width=\"800\" height=\"600\" srcset=\"https:\/\/olu-limburg.de\/wp-content\/uploads\/2016\/10\/P1010157_ergebnis.jpg 800w, https:\/\/olu-limburg.de\/wp-content\/uploads\/2016\/10\/P1010157_ergebnis-300x225.jpg 300w, https:\/\/olu-limburg.de\/wp-content\/uploads\/2016\/10\/P1010157_ergebnis-768x576.jpg 768w, https:\/\/olu-limburg.de\/wp-content\/uploads\/2016\/10\/P1010157_ergebnis-624x468.jpg 624w\" sizes=\"auto, (max-width: 800px) 100vw, 800px\" \/><\/a><\/p>\n<p>Jetzt, wo wir schon mal da sind, m\u00f6chten wir uns den als &#8222;malerisch&#8220; angek\u00fcndigten Ort anschauen. Wir fahren \u00fcber den Rhein nach Deutschland und landen in einem neu aufgebauten Rheinfelden (Baden). Das malerische und alte Rheinfelden liegt aber auf der schweizer Seite des Rheines.<\/p>\n<p><a href=\"https:\/\/olu-limburg.de\/wp-content\/uploads\/2016\/10\/DSC05400_ergebnis.jpg\"><img loading=\"lazy\" decoding=\"async\" class=\"size-full wp-image-10376 aligncenter\" src=\"https:\/\/olu-limburg.de\/wp-content\/uploads\/2016\/10\/DSC05400_ergebnis.jpg\" alt=\"DSC05400_ergebnis\" width=\"800\" height=\"600\" srcset=\"https:\/\/olu-limburg.de\/wp-content\/uploads\/2016\/10\/DSC05400_ergebnis.jpg 800w, https:\/\/olu-limburg.de\/wp-content\/uploads\/2016\/10\/DSC05400_ergebnis-300x225.jpg 300w, https:\/\/olu-limburg.de\/wp-content\/uploads\/2016\/10\/DSC05400_ergebnis-768x576.jpg 768w, https:\/\/olu-limburg.de\/wp-content\/uploads\/2016\/10\/DSC05400_ergebnis-624x468.jpg 624w\" sizes=\"auto, (max-width: 800px) 100vw, 800px\" \/><\/a><\/p>\n<p><a href=\"https:\/\/olu-limburg.de\/wp-content\/uploads\/2016\/10\/DSC05403_ergebnis.jpg\"><img loading=\"lazy\" decoding=\"async\" class=\"size-full wp-image-10379 aligncenter\" src=\"https:\/\/olu-limburg.de\/wp-content\/uploads\/2016\/10\/DSC05403_ergebnis.jpg\" alt=\"DSC05403_ergebnis\" width=\"800\" height=\"600\" srcset=\"https:\/\/olu-limburg.de\/wp-content\/uploads\/2016\/10\/DSC05403_ergebnis.jpg 800w, https:\/\/olu-limburg.de\/wp-content\/uploads\/2016\/10\/DSC05403_ergebnis-300x225.jpg 300w, https:\/\/olu-limburg.de\/wp-content\/uploads\/2016\/10\/DSC05403_ergebnis-768x576.jpg 768w, https:\/\/olu-limburg.de\/wp-content\/uploads\/2016\/10\/DSC05403_ergebnis-624x468.jpg 624w\" sizes=\"auto, (max-width: 800px) 100vw, 800px\" \/><\/a><\/p>\n<p><a href=\"https:\/\/olu-limburg.de\/wp-content\/uploads\/2016\/10\/DSC05405_ergebnis-e1482164698119.jpg\"><img loading=\"lazy\" decoding=\"async\" class=\"size-full wp-image-10380 alignleft\" src=\"https:\/\/olu-limburg.de\/wp-content\/uploads\/2016\/10\/DSC05405_ergebnis-e1482164698119.jpg\" alt=\"DSC05405_ergebnis\" width=\"450\" height=\"600\" \/><\/a><\/p>\n<p><a href=\"https:\/\/olu-limburg.de\/wp-content\/uploads\/2016\/10\/DSC05414_ergebnis-e1482164753302.jpg\"><img loading=\"lazy\" decoding=\"async\" class=\"size-full wp-image-10382 alignright\" src=\"https:\/\/olu-limburg.de\/wp-content\/uploads\/2016\/10\/DSC05414_ergebnis-e1482164753302.jpg\" alt=\"DSC05414_ergebnis\" width=\"450\" height=\"600\" \/><\/a><\/p>\n<p><a href=\"https:\/\/olu-limburg.de\/wp-content\/uploads\/2016\/10\/DSC05406_ergebnis.jpg\"><img loading=\"lazy\" decoding=\"async\" class=\"size-full wp-image-10381 aligncenter\" src=\"https:\/\/olu-limburg.de\/wp-content\/uploads\/2016\/10\/DSC05406_ergebnis.jpg\" alt=\"DSC05406_ergebnis\" width=\"800\" height=\"600\" srcset=\"https:\/\/olu-limburg.de\/wp-content\/uploads\/2016\/10\/DSC05406_ergebnis.jpg 800w, https:\/\/olu-limburg.de\/wp-content\/uploads\/2016\/10\/DSC05406_ergebnis-300x225.jpg 300w, https:\/\/olu-limburg.de\/wp-content\/uploads\/2016\/10\/DSC05406_ergebnis-768x576.jpg 768w, https:\/\/olu-limburg.de\/wp-content\/uploads\/2016\/10\/DSC05406_ergebnis-624x468.jpg 624w\" sizes=\"auto, (max-width: 800px) 100vw, 800px\" \/><\/a><\/p>\n<p>Zur heutigen \u00dcbernachtung haben wir den Stellplatz ohne V+E (Geb\u00fchr EUR 7,00) am &#8222;Kreiterhof&#8220; in Kandern-Egerten geplant. Er liegt sehr abseits, Natur pur, sieht aus wie ein Schrottplatz, ist aber eine \u00e4u\u00dferst beliebte Weinsch\u00e4nke mit guter K\u00fcche. Dar\u00fcberhinaus ist der Hof ein Museum f\u00fcr alles, was man sammeln kann. Es gibt aber auch sortiert gelagertes Baumaterial zum Verkauf. Es gibt einfach alles.<\/p>\n<p><a href=\"https:\/\/olu-limburg.de\/wp-content\/uploads\/2016\/10\/P1010194_ergebnis.jpg\"><img loading=\"lazy\" decoding=\"async\" class=\"size-full wp-image-10440 aligncenter\" src=\"https:\/\/olu-limburg.de\/wp-content\/uploads\/2016\/10\/P1010194_ergebnis.jpg\" alt=\"P1010194_ergebnis\" width=\"800\" height=\"600\" srcset=\"https:\/\/olu-limburg.de\/wp-content\/uploads\/2016\/10\/P1010194_ergebnis.jpg 800w, https:\/\/olu-limburg.de\/wp-content\/uploads\/2016\/10\/P1010194_ergebnis-300x225.jpg 300w, https:\/\/olu-limburg.de\/wp-content\/uploads\/2016\/10\/P1010194_ergebnis-768x576.jpg 768w, https:\/\/olu-limburg.de\/wp-content\/uploads\/2016\/10\/P1010194_ergebnis-624x468.jpg 624w\" sizes=\"auto, (max-width: 800px) 100vw, 800px\" \/><\/a><\/p>\n<p><a href=\"https:\/\/olu-limburg.de\/wp-content\/uploads\/2016\/10\/DSC05431a_ergebnis.jpg\"><img loading=\"lazy\" decoding=\"async\" class=\"size-full wp-image-10389 aligncenter\" src=\"https:\/\/olu-limburg.de\/wp-content\/uploads\/2016\/10\/DSC05431a_ergebnis.jpg\" alt=\"DSC05431a_ergebnis\" width=\"800\" height=\"600\" srcset=\"https:\/\/olu-limburg.de\/wp-content\/uploads\/2016\/10\/DSC05431a_ergebnis.jpg 800w, https:\/\/olu-limburg.de\/wp-content\/uploads\/2016\/10\/DSC05431a_ergebnis-300x225.jpg 300w, https:\/\/olu-limburg.de\/wp-content\/uploads\/2016\/10\/DSC05431a_ergebnis-768x576.jpg 768w, https:\/\/olu-limburg.de\/wp-content\/uploads\/2016\/10\/DSC05431a_ergebnis-624x468.jpg 624w\" sizes=\"auto, (max-width: 800px) 100vw, 800px\" \/><\/a><\/p>\n<p><a href=\"https:\/\/olu-limburg.de\/wp-content\/uploads\/2016\/10\/DSC05427_ergebnis.jpg\"><img loading=\"lazy\" decoding=\"async\" class=\"size-full wp-image-10386 aligncenter\" src=\"https:\/\/olu-limburg.de\/wp-content\/uploads\/2016\/10\/DSC05427_ergebnis.jpg\" alt=\"DSC05427_ergebnis\" width=\"800\" height=\"600\" srcset=\"https:\/\/olu-limburg.de\/wp-content\/uploads\/2016\/10\/DSC05427_ergebnis.jpg 800w, https:\/\/olu-limburg.de\/wp-content\/uploads\/2016\/10\/DSC05427_ergebnis-300x225.jpg 300w, https:\/\/olu-limburg.de\/wp-content\/uploads\/2016\/10\/DSC05427_ergebnis-768x576.jpg 768w, https:\/\/olu-limburg.de\/wp-content\/uploads\/2016\/10\/DSC05427_ergebnis-624x468.jpg 624w\" sizes=\"auto, (max-width: 800px) 100vw, 800px\" \/><\/a><\/p>\n<p><a href=\"https:\/\/olu-limburg.de\/wp-content\/uploads\/2016\/10\/DSC05418a_ergebnis.jpg\"><img loading=\"lazy\" decoding=\"async\" class=\"size-full wp-image-10383 aligncenter\" src=\"https:\/\/olu-limburg.de\/wp-content\/uploads\/2016\/10\/DSC05418a_ergebnis.jpg\" alt=\"DSC05418a_ergebnis\" width=\"800\" height=\"600\" srcset=\"https:\/\/olu-limburg.de\/wp-content\/uploads\/2016\/10\/DSC05418a_ergebnis.jpg 800w, https:\/\/olu-limburg.de\/wp-content\/uploads\/2016\/10\/DSC05418a_ergebnis-300x225.jpg 300w, https:\/\/olu-limburg.de\/wp-content\/uploads\/2016\/10\/DSC05418a_ergebnis-768x576.jpg 768w, https:\/\/olu-limburg.de\/wp-content\/uploads\/2016\/10\/DSC05418a_ergebnis-624x468.jpg 624w\" sizes=\"auto, (max-width: 800px) 100vw, 800px\" \/><\/a><\/p>\n<p><a href=\"https:\/\/olu-limburg.de\/wp-content\/uploads\/2016\/10\/DSC05420_ergebnis.jpg\"><img loading=\"lazy\" decoding=\"async\" class=\"alignnone size-full wp-image-10384\" src=\"https:\/\/olu-limburg.de\/wp-content\/uploads\/2016\/10\/DSC05420_ergebnis.jpg\" alt=\"DSC05420_ergebnis\" width=\"800\" height=\"600\" srcset=\"https:\/\/olu-limburg.de\/wp-content\/uploads\/2016\/10\/DSC05420_ergebnis.jpg 800w, https:\/\/olu-limburg.de\/wp-content\/uploads\/2016\/10\/DSC05420_ergebnis-300x225.jpg 300w, https:\/\/olu-limburg.de\/wp-content\/uploads\/2016\/10\/DSC05420_ergebnis-768x576.jpg 768w, https:\/\/olu-limburg.de\/wp-content\/uploads\/2016\/10\/DSC05420_ergebnis-624x468.jpg 624w\" sizes=\"auto, (max-width: 800px) 100vw, 800px\" \/><\/a><\/p>\n<p>Wir setzen uns drau\u00dfen zu anderen Leuten an den Tisch, und genie\u00dfen den lauen Abend bei deftigem deutschen Essen. Es ist richtig viel los hier.<\/p>\n<div id=\"attachment_10385\" style=\"width: 810px\" class=\"wp-caption alignnone\"><a href=\"https:\/\/olu-limburg.de\/wp-content\/uploads\/2016\/10\/DSC05426_ergebnis.jpg\"><img loading=\"lazy\" decoding=\"async\" aria-describedby=\"caption-attachment-10385\" class=\"size-full wp-image-10385\" src=\"https:\/\/olu-limburg.de\/wp-content\/uploads\/2016\/10\/DSC05426_ergebnis.jpg\" alt=\"Chesselifleisch\" width=\"800\" height=\"600\" srcset=\"https:\/\/olu-limburg.de\/wp-content\/uploads\/2016\/10\/DSC05426_ergebnis.jpg 800w, https:\/\/olu-limburg.de\/wp-content\/uploads\/2016\/10\/DSC05426_ergebnis-300x225.jpg 300w, https:\/\/olu-limburg.de\/wp-content\/uploads\/2016\/10\/DSC05426_ergebnis-768x576.jpg 768w, https:\/\/olu-limburg.de\/wp-content\/uploads\/2016\/10\/DSC05426_ergebnis-624x468.jpg 624w\" sizes=\"auto, (max-width: 800px) 100vw, 800px\" \/><\/a><p id=\"caption-attachment-10385\" class=\"wp-caption-text\">Chesselifleisch<\/p><\/div>\n<p>Tagesstrecke: 296 km<\/p>\n<p>&nbsp;<\/p>\n<p><strong>Montag, 17.10.2016<\/strong><\/p>\n<p><a href=\"https:\/\/olu-limburg.de\/wp-content\/uploads\/2016\/10\/DSC05430_ergebnis.jpg\"><img loading=\"lazy\" decoding=\"async\" class=\"size-full wp-image-10388 aligncenter\" src=\"https:\/\/olu-limburg.de\/wp-content\/uploads\/2016\/10\/DSC05430_ergebnis.jpg\" alt=\"DSC05430_ergebnis\" width=\"800\" height=\"600\" srcset=\"https:\/\/olu-limburg.de\/wp-content\/uploads\/2016\/10\/DSC05430_ergebnis.jpg 800w, https:\/\/olu-limburg.de\/wp-content\/uploads\/2016\/10\/DSC05430_ergebnis-300x225.jpg 300w, https:\/\/olu-limburg.de\/wp-content\/uploads\/2016\/10\/DSC05430_ergebnis-768x576.jpg 768w, https:\/\/olu-limburg.de\/wp-content\/uploads\/2016\/10\/DSC05430_ergebnis-624x468.jpg 624w\" sizes=\"auto, (max-width: 800px) 100vw, 800px\" \/><\/a><\/p>\n<p>Wir haben sehr gut geschlafen. Bei einem kurzen Rundgang durch Egerten mit seinen wenigen H\u00e4usern, kommen wir an einem Planetenweg und dem Max-B\u00f6hler-Museum vorbei. Dort hinten ist auch noch ein Restaurant, das J\u00e4gerhaus, mit etwas gehobenerer K\u00fcche.<\/p>\n<p>So langsam m\u00f6chten wir doch wieder nach Hause. In Neuenburg machen wir einen Tankstopp und essen im &#8222;Weisses Kreuz&#8220; zu Mittag. Dies ist zwar ein Hotelbetrieb, bietet aber an den Werktagen einen g\u00fcnstigen Mittagstisch. Das Restaurant ist dementsprechend gut besucht.<\/p>\n<p>Nun wollen wir schnell auf die els\u00e4sser Seite, und landen auf der Grenzbr\u00fccke im Stau. Zum Gl\u00fcck ist es nur ein Schwertransporter, der ein Turbinenrad zum Wasser-Kraftwerk bringt.<\/p>\n<p><a href=\"https:\/\/olu-limburg.de\/wp-content\/uploads\/2016\/10\/P1010219_ergebnis.jpg\"><img loading=\"lazy\" decoding=\"async\" class=\"size-full wp-image-10441 aligncenter\" src=\"https:\/\/olu-limburg.de\/wp-content\/uploads\/2016\/10\/P1010219_ergebnis.jpg\" alt=\"P1010219_ergebnis\" width=\"800\" height=\"600\" srcset=\"https:\/\/olu-limburg.de\/wp-content\/uploads\/2016\/10\/P1010219_ergebnis.jpg 800w, https:\/\/olu-limburg.de\/wp-content\/uploads\/2016\/10\/P1010219_ergebnis-300x225.jpg 300w, https:\/\/olu-limburg.de\/wp-content\/uploads\/2016\/10\/P1010219_ergebnis-768x576.jpg 768w, https:\/\/olu-limburg.de\/wp-content\/uploads\/2016\/10\/P1010219_ergebnis-624x468.jpg 624w\" sizes=\"auto, (max-width: 800px) 100vw, 800px\" \/><\/a><\/p>\n<p>Die els\u00e4sser Autobahn l\u00e4sst sich gut befahren. Bei Seltz fahren wir noch mal zum Super U ein paar Lebensmittel einkaufen und weiter geht es nach Rhodt u. Riedburg zu dem unteren Stellplatz ohne V+E (Geb\u00fchr EUR 4,00) auf der Wiese. Als erstes zieht es uns zur Strau\u00dfwirtschaft Anlag\/Nichterlein.<\/p>\n<p><a href=\"https:\/\/olu-limburg.de\/wp-content\/uploads\/2016\/10\/DSC05448_ergebnis.jpg\"><img loading=\"lazy\" decoding=\"async\" class=\"size-full wp-image-10394 aligncenter\" src=\"https:\/\/olu-limburg.de\/wp-content\/uploads\/2016\/10\/DSC05448_ergebnis.jpg\" alt=\"DSC05448_ergebnis\" width=\"800\" height=\"600\" srcset=\"https:\/\/olu-limburg.de\/wp-content\/uploads\/2016\/10\/DSC05448_ergebnis.jpg 800w, https:\/\/olu-limburg.de\/wp-content\/uploads\/2016\/10\/DSC05448_ergebnis-300x225.jpg 300w, https:\/\/olu-limburg.de\/wp-content\/uploads\/2016\/10\/DSC05448_ergebnis-768x576.jpg 768w, https:\/\/olu-limburg.de\/wp-content\/uploads\/2016\/10\/DSC05448_ergebnis-624x468.jpg 624w\" sizes=\"auto, (max-width: 800px) 100vw, 800px\" \/><\/a><\/p>\n<p><a href=\"https:\/\/olu-limburg.de\/wp-content\/uploads\/2016\/10\/P1010220_ergebnis-e1482167460584.jpg\"><img loading=\"lazy\" decoding=\"async\" class=\"size-full wp-image-10442 alignleft\" src=\"https:\/\/olu-limburg.de\/wp-content\/uploads\/2016\/10\/P1010220_ergebnis-e1482167460584.jpg\" alt=\"P1010220_ergebnis\" width=\"450\" height=\"600\" \/><\/a><\/p>\n<p><a href=\"https:\/\/olu-limburg.de\/wp-content\/uploads\/2016\/10\/P1010221_ergebnis-e1482167481215.jpg\"><img loading=\"lazy\" decoding=\"async\" class=\"size-full wp-image-10443 alignright\" src=\"https:\/\/olu-limburg.de\/wp-content\/uploads\/2016\/10\/P1010221_ergebnis-e1482167481215.jpg\" alt=\"P1010221_ergebnis\" width=\"450\" height=\"600\" \/><\/a><\/p>\n<p><a href=\"https:\/\/olu-limburg.de\/wp-content\/uploads\/2016\/10\/DSC05440_ergebnis.jpg\"><img loading=\"lazy\" decoding=\"async\" class=\"size-full wp-image-10391 aligncenter\" src=\"https:\/\/olu-limburg.de\/wp-content\/uploads\/2016\/10\/DSC05440_ergebnis.jpg\" alt=\"DSC05440_ergebnis\" width=\"800\" height=\"600\" srcset=\"https:\/\/olu-limburg.de\/wp-content\/uploads\/2016\/10\/DSC05440_ergebnis.jpg 800w, https:\/\/olu-limburg.de\/wp-content\/uploads\/2016\/10\/DSC05440_ergebnis-300x225.jpg 300w, https:\/\/olu-limburg.de\/wp-content\/uploads\/2016\/10\/DSC05440_ergebnis-768x576.jpg 768w, https:\/\/olu-limburg.de\/wp-content\/uploads\/2016\/10\/DSC05440_ergebnis-624x468.jpg 624w\" sizes=\"auto, (max-width: 800px) 100vw, 800px\" \/><\/a><\/p>\n<p>Am Abend machen wir dann noch eine Runde durch den Ort und bleiben bei der Strau\u00dfwirtschaft &#8222;Zum Weinsticher&#8220; h\u00e4ngen. Hier sitzt man sch\u00f6n in geselliger Runde im Innenhof unter Heiz-Pilzen.<\/p>\n<p><a href=\"https:\/\/olu-limburg.de\/wp-content\/uploads\/2016\/10\/DSC05446_ergebnis.jpg\"><img loading=\"lazy\" decoding=\"async\" class=\"size-full wp-image-10392 aligncenter\" src=\"https:\/\/olu-limburg.de\/wp-content\/uploads\/2016\/10\/DSC05446_ergebnis.jpg\" alt=\"DSC05446_ergebnis\" width=\"800\" height=\"600\" srcset=\"https:\/\/olu-limburg.de\/wp-content\/uploads\/2016\/10\/DSC05446_ergebnis.jpg 800w, https:\/\/olu-limburg.de\/wp-content\/uploads\/2016\/10\/DSC05446_ergebnis-300x225.jpg 300w, https:\/\/olu-limburg.de\/wp-content\/uploads\/2016\/10\/DSC05446_ergebnis-768x576.jpg 768w, https:\/\/olu-limburg.de\/wp-content\/uploads\/2016\/10\/DSC05446_ergebnis-624x468.jpg 624w\" sizes=\"auto, (max-width: 800px) 100vw, 800px\" \/><\/a><\/p>\n<p>Tagesstrecke: 237 km<\/p>\n<p>&nbsp;<\/p>\n<p><strong>Dienstag, 18.10.2016<\/strong><\/p>\n<p><a href=\"https:\/\/olu-limburg.de\/wp-content\/uploads\/2016\/10\/DSC05447_ergebnis.jpg\"><img loading=\"lazy\" decoding=\"async\" class=\"size-full wp-image-10393 aligncenter\" src=\"https:\/\/olu-limburg.de\/wp-content\/uploads\/2016\/10\/DSC05447_ergebnis.jpg\" alt=\"DSC05447_ergebnis\" width=\"800\" height=\"600\" srcset=\"https:\/\/olu-limburg.de\/wp-content\/uploads\/2016\/10\/DSC05447_ergebnis.jpg 800w, https:\/\/olu-limburg.de\/wp-content\/uploads\/2016\/10\/DSC05447_ergebnis-300x225.jpg 300w, https:\/\/olu-limburg.de\/wp-content\/uploads\/2016\/10\/DSC05447_ergebnis-768x576.jpg 768w, https:\/\/olu-limburg.de\/wp-content\/uploads\/2016\/10\/DSC05447_ergebnis-624x468.jpg 624w\" sizes=\"auto, (max-width: 800px) 100vw, 800px\" \/><\/a><\/p>\n<p>Zuerst fahren wir bis unterhalb des Schlosses Villa Ludwigsh\u00f6he. Hier gibt es so tolle gro\u00dfe Esskastanienb\u00e4ume. Wir sammeln zwei gro\u00dfe Einkaufstaschen voll. Nun kann sich der Kreis so langsam schlie\u00dfen. In Wiesbaden halten wir noch einmal bei dem ital. Lokal &#8222;Da Bruno&#8220; an. Jetzt haben wir es bald geschafft.<\/p>\n<p>Tagesstrecke: 164 km<\/p>\n<p>&nbsp;<\/p>\n<p style=\"text-align: center;\"><a href=\"https:\/\/olu-limburg.de\/?page_id=9589\">Zur\u00fcck zum Seitenanfang<\/a><\/p>\n<p>&nbsp;<\/p>\n<p>&nbsp;<\/p>\n<p>&nbsp;<\/p>\n<p>&nbsp;<\/p>\n<p>&nbsp;<\/p>\n<p>&nbsp;<\/p>\n<p>&nbsp;<\/p>\n<p>&nbsp;<\/p>\n<p>&nbsp;<\/p>\n<p>&nbsp;<\/p>\n<p>&nbsp;<\/p>\n<p>&nbsp;<\/p>\n<p>&nbsp;<\/p>\n<p>&nbsp;<\/p>\n<p>&nbsp;<\/p>\n<p>&nbsp;<\/p>\n<p>&nbsp;<\/p>\n<p>&nbsp;<\/p>\n<p>&nbsp;<\/p>\n<p>&nbsp;<\/p>\n<p>&nbsp;<\/p>\n<p>&nbsp;<\/p>\n<p>&nbsp;<\/p>\n","protected":false},"excerpt":{"rendered":"<p>Text: Hans-Werner\u00a0\u00a0\u00a0\u00a0\u00a0\u00a0\u00a0\u00a0\u00a0\u00a0\u00a0\u00a0\u00a0\u00a0\u00a0\u00a0\u00a0\u00a0\u00a0\u00a0\u00a0\u00a0\u00a0\u00a0\u00a0\u00a0\u00a0\u00a0\u00a0\u00a0\u00a0\u00a0\u00a0\u00a0\u00a0\u00a0\u00a0\u00a0\u00a0\u00a0\u00a0\u00a0\u00a0\u00a0\u00a0\u00a0\u00a0\u00a0\u00a0\u00a0\u00a0\u00a0\u00a0\u00a0\u00a0\u00a0\u00a0\u00a0\u00a0\u00a0\u00a0\u00a0\u00a0\u00a0\u00a0\u00a0\u00a0\u00a0\u00a0\u00a0\u00a0\u00a0\u00a0\u00a0\u00a0\u00a0\u00a0\u00a0\u00a0\u00a0\u00a0\u00a0\u00a0\u00a0\u00a0\u00a0\u00a0\u00a0\u00a0\u00a0\u00a0\u00a0\u00a0\u00a0\u00a0\u00a0\u00a0\u00a0\u00a0\u00a0\u00a0\u00a0\u00a0\u00a0\u00a0\u00a0\u00a0\u00a0\u00a0\u00a0\u00a0\u00a0\u00a0\u00a0\u00a0\u00a0 Fotos: Hans-Werner und Lena In 2016 haben wir uns bewu\u00dft neue Reise-Ziele gesteckt. So waren wir im Fr\u00fchjahr in Nordwest-Spanien und Nord-Portugal, und f\u00fcr den Sp\u00e4tsommer haben wir uns Sardinien vorgenommen. F\u00fcr diese Insel erschien uns diese Reisezeit als sehr angenehm. Die italienischen Urlauber sind schon weg, Luft und Wasser sind noch warm. [&hellip;]<\/p>\n","protected":false},"author":1,"featured_media":0,"parent":0,"menu_order":0,"comment_status":"closed","ping_status":"closed","template":"page-templates\/full-width.php","meta":{"footnotes":""},"class_list":["post-9589","page","type-page","status-publish","hentry"],"_links":{"self":[{"href":"https:\/\/olu-limburg.de\/index.php?rest_route=\/wp\/v2\/pages\/9589","targetHints":{"allow":["GET"]}}],"collection":[{"href":"https:\/\/olu-limburg.de\/index.php?rest_route=\/wp\/v2\/pages"}],"about":[{"href":"https:\/\/olu-limburg.de\/index.php?rest_route=\/wp\/v2\/types\/page"}],"author":[{"embeddable":true,"href":"https:\/\/olu-limburg.de\/index.php?rest_route=\/wp\/v2\/users\/1"}],"replies":[{"embeddable":true,"href":"https:\/\/olu-limburg.de\/index.php?rest_route=%2Fwp%2Fv2%2Fcomments&post=9589"}],"version-history":[{"count":177,"href":"https:\/\/olu-limburg.de\/index.php?rest_route=\/wp\/v2\/pages\/9589\/revisions"}],"predecessor-version":[{"id":10451,"href":"https:\/\/olu-limburg.de\/index.php?rest_route=\/wp\/v2\/pages\/9589\/revisions\/10451"}],"wp:attachment":[{"href":"https:\/\/olu-limburg.de\/index.php?rest_route=%2Fwp%2Fv2%2Fmedia&parent=9589"}],"curies":[{"name":"wp","href":"https:\/\/api.w.org\/{rel}","templated":true}]}}