{"id":6893,"date":"2015-12-20T23:10:14","date_gmt":"2015-12-20T22:10:14","guid":{"rendered":"https:\/\/olu-limburg.de\/?page_id=6893"},"modified":"2015-12-22T17:15:43","modified_gmt":"2015-12-22T16:15:43","slug":"trier-metz-und-vogesen-ostern-2009","status":"publish","type":"page","link":"https:\/\/olu-limburg.de\/?page_id=6893","title":{"rendered":"Trier, Metz und Vogesen Ostern 2009"},"content":{"rendered":"<p>Text und Fotos: Hans-Werner<\/p>\n<p>&nbsp;<\/p>\n<p><strong>Gr\u00fcndonnerstag, 09.04.2009<\/strong><\/p>\n<p>Wir m\u00f6chten die Osterfeiertage nutzen und einen kleinen Ausflug entlang der deutschen und der franz\u00f6sischen Mosel bis hinunter in die Vogesen machen. Also starten wir unseren Trip am Abend nach meinem Dienstschluss und fahren noch \u00fcber die Autobahn bis Trier. Der Stellplatz an der Mosel sieht sehr voll aus. Au\u00dferdem stehen bereits ca. 30 Mobile auf dem angrenzenden Messeparkplatz. Also stellen wir uns dazu und machen noch einen kleinen Besichtigungsrundgang.<\/p>\n<p>Tagesstrecke: 175 km<\/p>\n<p><a href=\"https:\/\/olu-limburg.de\/wp-content\/uploads\/2015\/12\/001tmv09sptrier.jpg\"><img loading=\"lazy\" decoding=\"async\" class=\"size-full wp-image-6899 aligncenter\" src=\"https:\/\/olu-limburg.de\/wp-content\/uploads\/2015\/12\/001tmv09sptrier.jpg\" alt=\"001tmv09sptrier\" width=\"640\" height=\"480\" srcset=\"https:\/\/olu-limburg.de\/wp-content\/uploads\/2015\/12\/001tmv09sptrier.jpg 640w, https:\/\/olu-limburg.de\/wp-content\/uploads\/2015\/12\/001tmv09sptrier-300x225.jpg 300w, https:\/\/olu-limburg.de\/wp-content\/uploads\/2015\/12\/001tmv09sptrier-624x468.jpg 624w\" sizes=\"auto, (max-width: 640px) 100vw, 640px\" \/><\/a><\/p>\n<p>&nbsp;<\/p>\n<p><strong>Karfreitag, 10.04.2009<\/strong><\/p>\n<p>Heute Morgen begr\u00fc\u00dft uns schon bei noch leicht k\u00fchlen Temperaturen die Sonne, so dass die Radtour hinein in die City von Trier richtig Spa\u00df macht. Wir fahren dem ausgeschilderten Radweg nach und stellen dann zur weiteren Erkundung die Fahrr\u00e4der an der alten Konstantin-Basilika (im 4. Jahrhundert von Kaiser Konstantin als Palastaula erbaut) am Schloss ab. Wir beginnen mit einem Rundgang durch die Parkanlage am Schloss, Besuch der Basilika, Altstadt Richtung Dom und weiter bis zur Porta Nigra.<\/p>\n<p><a href=\"https:\/\/olu-limburg.de\/wp-content\/uploads\/2015\/12\/003tmv09schloss1.jpg\"><img loading=\"lazy\" decoding=\"async\" class=\"size-full wp-image-6902 aligncenter\" src=\"https:\/\/olu-limburg.de\/wp-content\/uploads\/2015\/12\/003tmv09schloss1.jpg\" alt=\"003tmv09schloss1\" width=\"640\" height=\"480\" srcset=\"https:\/\/olu-limburg.de\/wp-content\/uploads\/2015\/12\/003tmv09schloss1.jpg 640w, https:\/\/olu-limburg.de\/wp-content\/uploads\/2015\/12\/003tmv09schloss1-300x225.jpg 300w, https:\/\/olu-limburg.de\/wp-content\/uploads\/2015\/12\/003tmv09schloss1-624x468.jpg 624w\" sizes=\"auto, (max-width: 640px) 100vw, 640px\" \/><\/a><\/p>\n<p><a href=\"https:\/\/olu-limburg.de\/wp-content\/uploads\/2015\/12\/004tmv09schloss2.jpg\"><img loading=\"lazy\" decoding=\"async\" class=\"size-full wp-image-6903 aligncenter\" src=\"https:\/\/olu-limburg.de\/wp-content\/uploads\/2015\/12\/004tmv09schloss2.jpg\" alt=\"004tmv09schloss2\" width=\"640\" height=\"480\" srcset=\"https:\/\/olu-limburg.de\/wp-content\/uploads\/2015\/12\/004tmv09schloss2.jpg 640w, https:\/\/olu-limburg.de\/wp-content\/uploads\/2015\/12\/004tmv09schloss2-300x225.jpg 300w, https:\/\/olu-limburg.de\/wp-content\/uploads\/2015\/12\/004tmv09schloss2-624x468.jpg 624w\" sizes=\"auto, (max-width: 640px) 100vw, 640px\" \/><\/a><\/p>\n<p><a href=\"https:\/\/olu-limburg.de\/wp-content\/uploads\/2015\/12\/006tmv09schloss4.jpg\"><img loading=\"lazy\" decoding=\"async\" class=\"size-full wp-image-6905 aligncenter\" src=\"https:\/\/olu-limburg.de\/wp-content\/uploads\/2015\/12\/006tmv09schloss4.jpg\" alt=\"006tmv09schloss4\" width=\"640\" height=\"480\" srcset=\"https:\/\/olu-limburg.de\/wp-content\/uploads\/2015\/12\/006tmv09schloss4.jpg 640w, https:\/\/olu-limburg.de\/wp-content\/uploads\/2015\/12\/006tmv09schloss4-300x225.jpg 300w, https:\/\/olu-limburg.de\/wp-content\/uploads\/2015\/12\/006tmv09schloss4-624x468.jpg 624w\" sizes=\"auto, (max-width: 640px) 100vw, 640px\" \/><\/a><\/p>\n<p><a href=\"https:\/\/olu-limburg.de\/wp-content\/uploads\/2015\/12\/005tmv09schloss3-e1450799079347.jpg\"><img loading=\"lazy\" decoding=\"async\" class=\"size-full wp-image-6904 aligncenter\" src=\"https:\/\/olu-limburg.de\/wp-content\/uploads\/2015\/12\/005tmv09schloss3-e1450799079347.jpg\" alt=\"005tmv09schloss3\" width=\"450\" height=\"600\" \/><\/a><\/p>\n<p><a href=\"https:\/\/olu-limburg.de\/wp-content\/uploads\/2015\/12\/002tmv09basilika.jpg\"><img loading=\"lazy\" decoding=\"async\" class=\"size-full wp-image-6900 aligncenter\" src=\"https:\/\/olu-limburg.de\/wp-content\/uploads\/2015\/12\/002tmv09basilika.jpg\" alt=\"002tmv09basilika\" width=\"640\" height=\"480\" srcset=\"https:\/\/olu-limburg.de\/wp-content\/uploads\/2015\/12\/002tmv09basilika.jpg 640w, https:\/\/olu-limburg.de\/wp-content\/uploads\/2015\/12\/002tmv09basilika-300x225.jpg 300w, https:\/\/olu-limburg.de\/wp-content\/uploads\/2015\/12\/002tmv09basilika-624x468.jpg 624w\" sizes=\"auto, (max-width: 640px) 100vw, 640px\" \/><\/a><\/p>\n<p><a href=\"https:\/\/olu-limburg.de\/wp-content\/uploads\/2015\/12\/002tmv09basilikainnen-e1450799109920.jpg\"><img loading=\"lazy\" decoding=\"async\" class=\"size-full wp-image-6901 aligncenter\" src=\"https:\/\/olu-limburg.de\/wp-content\/uploads\/2015\/12\/002tmv09basilikainnen-e1450799109920.jpg\" alt=\"002tmv09basilikainnen\" width=\"450\" height=\"600\" \/><\/a><\/p>\n<p><a href=\"https:\/\/olu-limburg.de\/wp-content\/uploads\/2015\/12\/007tmv09dom1.jpg\"><img loading=\"lazy\" decoding=\"async\" class=\"size-full wp-image-6906 aligncenter\" src=\"https:\/\/olu-limburg.de\/wp-content\/uploads\/2015\/12\/007tmv09dom1.jpg\" alt=\"007tmv09dom1\" width=\"640\" height=\"480\" srcset=\"https:\/\/olu-limburg.de\/wp-content\/uploads\/2015\/12\/007tmv09dom1.jpg 640w, https:\/\/olu-limburg.de\/wp-content\/uploads\/2015\/12\/007tmv09dom1-300x225.jpg 300w, https:\/\/olu-limburg.de\/wp-content\/uploads\/2015\/12\/007tmv09dom1-624x468.jpg 624w\" sizes=\"auto, (max-width: 640px) 100vw, 640px\" \/><\/a><\/p>\n<p><a href=\"https:\/\/olu-limburg.de\/wp-content\/uploads\/2015\/12\/008tmv09dom2-e1450799145976.jpg\"><img loading=\"lazy\" decoding=\"async\" class=\"size-full wp-image-6907 aligncenter\" src=\"https:\/\/olu-limburg.de\/wp-content\/uploads\/2015\/12\/008tmv09dom2-e1450799145976.jpg\" alt=\"008tmv09dom2\" width=\"450\" height=\"600\" \/><\/a><\/p>\n<p><a href=\"https:\/\/olu-limburg.de\/wp-content\/uploads\/2015\/12\/009tmv09dom3.jpg\"><img loading=\"lazy\" decoding=\"async\" class=\"size-full wp-image-6908 aligncenter\" src=\"https:\/\/olu-limburg.de\/wp-content\/uploads\/2015\/12\/009tmv09dom3.jpg\" alt=\"009tmv09dom3\" width=\"640\" height=\"480\" srcset=\"https:\/\/olu-limburg.de\/wp-content\/uploads\/2015\/12\/009tmv09dom3.jpg 640w, https:\/\/olu-limburg.de\/wp-content\/uploads\/2015\/12\/009tmv09dom3-300x225.jpg 300w, https:\/\/olu-limburg.de\/wp-content\/uploads\/2015\/12\/009tmv09dom3-624x468.jpg 624w\" sizes=\"auto, (max-width: 640px) 100vw, 640px\" \/><\/a><\/p>\n<p><a href=\"https:\/\/olu-limburg.de\/wp-content\/uploads\/2015\/12\/011tmv09dom5.jpg\"><img loading=\"lazy\" decoding=\"async\" class=\"size-full wp-image-6909 aligncenter\" src=\"https:\/\/olu-limburg.de\/wp-content\/uploads\/2015\/12\/011tmv09dom5.jpg\" alt=\"011tmv09dom5\" width=\"634\" height=\"475\" srcset=\"https:\/\/olu-limburg.de\/wp-content\/uploads\/2015\/12\/011tmv09dom5.jpg 634w, https:\/\/olu-limburg.de\/wp-content\/uploads\/2015\/12\/011tmv09dom5-300x225.jpg 300w, https:\/\/olu-limburg.de\/wp-content\/uploads\/2015\/12\/011tmv09dom5-624x468.jpg 624w\" sizes=\"auto, (max-width: 634px) 100vw, 634px\" \/><\/a><\/p>\n<p><a href=\"https:\/\/olu-limburg.de\/wp-content\/uploads\/2015\/12\/012tmv09altst1.jpg\"><img loading=\"lazy\" decoding=\"async\" class=\"wp-image-6910 alignleft\" src=\"https:\/\/olu-limburg.de\/wp-content\/uploads\/2015\/12\/012tmv09altst1.jpg\" alt=\"012tmv09altst1\" width=\"450\" height=\"600\" srcset=\"https:\/\/olu-limburg.de\/wp-content\/uploads\/2015\/12\/012tmv09altst1.jpg 480w, https:\/\/olu-limburg.de\/wp-content\/uploads\/2015\/12\/012tmv09altst1-225x300.jpg 225w\" sizes=\"auto, (max-width: 450px) 100vw, 450px\" \/><\/a><\/p>\n<p><a href=\"https:\/\/olu-limburg.de\/wp-content\/uploads\/2015\/12\/013tmv09altst2-e1450799204596.jpg\"><img loading=\"lazy\" decoding=\"async\" class=\"size-full wp-image-6911 alignright\" src=\"https:\/\/olu-limburg.de\/wp-content\/uploads\/2015\/12\/013tmv09altst2-e1450799204596.jpg\" alt=\"013tmv09altst2\" width=\"450\" height=\"600\" \/><\/a><\/p>\n<p><a href=\"https:\/\/olu-limburg.de\/wp-content\/uploads\/2015\/12\/014tmv09porta1-e1450799242454.jpg\"><img loading=\"lazy\" decoding=\"async\" class=\"size-full wp-image-6912 alignleft\" src=\"https:\/\/olu-limburg.de\/wp-content\/uploads\/2015\/12\/014tmv09porta1-e1450799242454.jpg\" alt=\"014tmv09porta1\" width=\"450\" height=\"600\" \/><\/a><\/p>\n<p><a href=\"https:\/\/olu-limburg.de\/wp-content\/uploads\/2015\/12\/015tmv09porta2-e1450799261661.jpg\"><img loading=\"lazy\" decoding=\"async\" class=\"size-full wp-image-6913 alignright\" src=\"https:\/\/olu-limburg.de\/wp-content\/uploads\/2015\/12\/015tmv09porta2-e1450799261661.jpg\" alt=\"015tmv09porta2\" width=\"450\" height=\"600\" \/><\/a><\/p>\n<p><a href=\"https:\/\/olu-limburg.de\/wp-content\/uploads\/2015\/12\/016tmv09porta3-e1450799283896.jpg\"><img loading=\"lazy\" decoding=\"async\" class=\"size-full wp-image-6914 aligncenter\" src=\"https:\/\/olu-limburg.de\/wp-content\/uploads\/2015\/12\/016tmv09porta3-e1450799283896.jpg\" alt=\"016tmv09porta3\" width=\"450\" height=\"600\" \/><\/a><\/p>\n<p>In der N\u00e4he des Domes auf einem Platz beim Petrusbrunnen ist bereits ein Weinstand offen, und als gesellige Menschen nutzen wir am sp\u00e4ten Vormittag die Gelegenheit zur Konversation mit den anderen Standbesuchern. Nebenbei probieren wir beide etwas Silvaner und Wei\u00dfburgunder. So eingestimmt schmeckt das Mittagessen dann auch noch mal so gut. Zumal die Besichtigungen ja auch anstrengend sind. So gest\u00e4rkt geht es gleich noch mal zu den Kaiserthermen.<\/p>\n<p><a href=\"https:\/\/olu-limburg.de\/wp-content\/uploads\/2015\/12\/017tmv09weinst-e1450799313769.jpg\"><img loading=\"lazy\" decoding=\"async\" class=\"size-full wp-image-6915 aligncenter\" src=\"https:\/\/olu-limburg.de\/wp-content\/uploads\/2015\/12\/017tmv09weinst-e1450799313769.jpg\" alt=\"017tmv09weinst\" width=\"450\" height=\"600\" \/><\/a><\/p>\n<p><a href=\"https:\/\/olu-limburg.de\/wp-content\/uploads\/2015\/12\/018tmv09kaiserth.jpg\"><img loading=\"lazy\" decoding=\"async\" class=\"size-full wp-image-6916 aligncenter\" src=\"https:\/\/olu-limburg.de\/wp-content\/uploads\/2015\/12\/018tmv09kaiserth.jpg\" alt=\"018tmv09kaiserth\" width=\"640\" height=\"480\" srcset=\"https:\/\/olu-limburg.de\/wp-content\/uploads\/2015\/12\/018tmv09kaiserth.jpg 640w, https:\/\/olu-limburg.de\/wp-content\/uploads\/2015\/12\/018tmv09kaiserth-300x225.jpg 300w, https:\/\/olu-limburg.de\/wp-content\/uploads\/2015\/12\/018tmv09kaiserth-624x468.jpg 624w\" sizes=\"auto, (max-width: 640px) 100vw, 640px\" \/><\/a><\/p>\n<p>Nach der Absolvierung unseres Programms geht es zur\u00fcck zum Wohnmobil. Wir verbinden unseren Mittagsschlaf mit einem kurzen Sonnenbad auf dem Platz und weiter geht die Fahrt. Bis Wasserbillig fahren wir an der Mosel entlang und dann hoch auf die Autobahn, denn hier wollen wir an der Rastst\u00e4tte noch mal tanken. Wir k\u00f6nnen es gar nicht glauben, als der Liter Diesel nur 80,9 ct. kosten soll (in Trier 1,11 EUR). Z\u00fcgig geht es nun auf der Autobahn weiter bis Metz.<\/p>\n<p>Das Navi lotst mich gut in Richtung Stellplatz an der Mosel. Au\u00dfer den acht offiziellen Stellpl\u00e4tzen sind noch viele weitere Parkpl\u00e4tze mit Wohnmobilen belegt. Wir finden noch einen sch\u00f6nen Eckplatz am Ufer, so dass wir auch nicht von PKW\u2019s zugestellt werden k\u00f6nnen (kostenloser Stellplatz mit V+E).<\/p>\n<p><a href=\"https:\/\/olu-limburg.de\/wp-content\/uploads\/2015\/12\/019tmv09metzsp.jpg\"><img loading=\"lazy\" decoding=\"async\" class=\"size-full wp-image-6918 aligncenter\" src=\"https:\/\/olu-limburg.de\/wp-content\/uploads\/2015\/12\/019tmv09metzsp.jpg\" alt=\"019tmv09metzsp\" width=\"640\" height=\"480\" srcset=\"https:\/\/olu-limburg.de\/wp-content\/uploads\/2015\/12\/019tmv09metzsp.jpg 640w, https:\/\/olu-limburg.de\/wp-content\/uploads\/2015\/12\/019tmv09metzsp-300x225.jpg 300w, https:\/\/olu-limburg.de\/wp-content\/uploads\/2015\/12\/019tmv09metzsp-624x468.jpg 624w\" sizes=\"auto, (max-width: 640px) 100vw, 640px\" \/><\/a><\/p>\n<p>Bei dem sch\u00f6nen Wetter machen wir sofort einen Streifzug durch die Altstadt und hin zur Kathedrale (vom Stellplatz nicht ganz 1 km entfernt). Ein Muss f\u00fcr jeden Besucher sind hier die wundervollen Chagall-Fenster.<\/p>\n<p><a href=\"https:\/\/olu-limburg.de\/wp-content\/uploads\/2015\/12\/020tmv09metzkath1.jpg\"><img loading=\"lazy\" decoding=\"async\" class=\"size-full wp-image-6919 aligncenter\" src=\"https:\/\/olu-limburg.de\/wp-content\/uploads\/2015\/12\/020tmv09metzkath1.jpg\" alt=\"020tmv09metzkath1\" width=\"640\" height=\"480\" srcset=\"https:\/\/olu-limburg.de\/wp-content\/uploads\/2015\/12\/020tmv09metzkath1.jpg 640w, https:\/\/olu-limburg.de\/wp-content\/uploads\/2015\/12\/020tmv09metzkath1-300x225.jpg 300w, https:\/\/olu-limburg.de\/wp-content\/uploads\/2015\/12\/020tmv09metzkath1-624x468.jpg 624w\" sizes=\"auto, (max-width: 640px) 100vw, 640px\" \/><\/a><\/p>\n<p><a href=\"https:\/\/olu-limburg.de\/wp-content\/uploads\/2015\/12\/024tmv09metzkath5-e1450799726860.jpg\"><img loading=\"lazy\" decoding=\"async\" class=\"size-full wp-image-6923 aligncenter\" src=\"https:\/\/olu-limburg.de\/wp-content\/uploads\/2015\/12\/024tmv09metzkath5-e1450799726860.jpg\" alt=\"024tmv09metzkath5\" width=\"450\" height=\"600\" \/><\/a><\/p>\n<p><a href=\"https:\/\/olu-limburg.de\/wp-content\/uploads\/2015\/12\/022tmv09metzkath3-e1450799745999.jpg\"><img loading=\"lazy\" decoding=\"async\" class=\"size-full wp-image-6921 alignleft\" src=\"https:\/\/olu-limburg.de\/wp-content\/uploads\/2015\/12\/022tmv09metzkath3-e1450799745999.jpg\" alt=\"022tmv09metzkath3\" width=\"450\" height=\"600\" \/><\/a><\/p>\n<p><a href=\"https:\/\/olu-limburg.de\/wp-content\/uploads\/2015\/12\/023tmv09metzkath4-e1450799762614.jpg\"><img loading=\"lazy\" decoding=\"async\" class=\"size-full wp-image-6922 aligncenter\" src=\"https:\/\/olu-limburg.de\/wp-content\/uploads\/2015\/12\/023tmv09metzkath4-e1450799762614.jpg\" alt=\"023tmv09metzkath4\" width=\"450\" height=\"600\" \/><\/a><\/p>\n<p>Aufgrund der angenehmen Witterung sind die Stra\u00dfencaf\u00e9s sehr gut besucht. Auch wir genie\u00dfen diese Atmosph\u00e4re am Place St. Jaques bei einem Pastis.<\/p>\n<p>Tagesstrecke: 109 km<\/p>\n<p><a href=\"https:\/\/olu-limburg.de\/wp-content\/uploads\/2015\/12\/025tmv09metzcafe1-e1450799796776.jpg\"><img loading=\"lazy\" decoding=\"async\" class=\"size-full wp-image-6924 aligncenter\" src=\"https:\/\/olu-limburg.de\/wp-content\/uploads\/2015\/12\/025tmv09metzcafe1-e1450799796776.jpg\" alt=\"025tmv09metzcafe1\" width=\"450\" height=\"600\" \/><\/a><\/p>\n<p><a href=\"https:\/\/olu-limburg.de\/wp-content\/uploads\/2015\/12\/026tmv09metzcafe2.jpg\"><img loading=\"lazy\" decoding=\"async\" class=\"size-full wp-image-6925 aligncenter\" src=\"https:\/\/olu-limburg.de\/wp-content\/uploads\/2015\/12\/026tmv09metzcafe2.jpg\" alt=\"026tmv09metzcafe2\" width=\"640\" height=\"480\" srcset=\"https:\/\/olu-limburg.de\/wp-content\/uploads\/2015\/12\/026tmv09metzcafe2.jpg 640w, https:\/\/olu-limburg.de\/wp-content\/uploads\/2015\/12\/026tmv09metzcafe2-300x225.jpg 300w, https:\/\/olu-limburg.de\/wp-content\/uploads\/2015\/12\/026tmv09metzcafe2-624x468.jpg 624w\" sizes=\"auto, (max-width: 640px) 100vw, 640px\" \/><\/a><\/p>\n<p><a href=\"https:\/\/olu-limburg.de\/wp-content\/uploads\/2015\/12\/027tmv09metzcafe3.jpg\"><img loading=\"lazy\" decoding=\"async\" class=\"size-full wp-image-6926 aligncenter\" src=\"https:\/\/olu-limburg.de\/wp-content\/uploads\/2015\/12\/027tmv09metzcafe3.jpg\" alt=\"027tmv09metzcafe3\" width=\"640\" height=\"480\" srcset=\"https:\/\/olu-limburg.de\/wp-content\/uploads\/2015\/12\/027tmv09metzcafe3.jpg 640w, https:\/\/olu-limburg.de\/wp-content\/uploads\/2015\/12\/027tmv09metzcafe3-300x225.jpg 300w, https:\/\/olu-limburg.de\/wp-content\/uploads\/2015\/12\/027tmv09metzcafe3-624x468.jpg 624w\" sizes=\"auto, (max-width: 640px) 100vw, 640px\" \/><\/a><\/p>\n<p><a href=\"https:\/\/olu-limburg.de\/wp-content\/uploads\/2015\/12\/028tmv09metzcafe4.jpg\"><img loading=\"lazy\" decoding=\"async\" class=\"size-full wp-image-6927 aligncenter\" src=\"https:\/\/olu-limburg.de\/wp-content\/uploads\/2015\/12\/028tmv09metzcafe4.jpg\" alt=\"028tmv09metzcafe4\" width=\"634\" height=\"475\" srcset=\"https:\/\/olu-limburg.de\/wp-content\/uploads\/2015\/12\/028tmv09metzcafe4.jpg 634w, https:\/\/olu-limburg.de\/wp-content\/uploads\/2015\/12\/028tmv09metzcafe4-300x225.jpg 300w, https:\/\/olu-limburg.de\/wp-content\/uploads\/2015\/12\/028tmv09metzcafe4-624x468.jpg 624w\" sizes=\"auto, (max-width: 634px) 100vw, 634px\" \/><\/a><\/p>\n<p><a href=\"https:\/\/olu-limburg.de\/wp-content\/uploads\/2015\/12\/029tmv09metzcafe5.jpg\"><img loading=\"lazy\" decoding=\"async\" class=\"size-full wp-image-6928 aligncenter\" src=\"https:\/\/olu-limburg.de\/wp-content\/uploads\/2015\/12\/029tmv09metzcafe5.jpg\" alt=\"029tmv09metzcafe5\" width=\"640\" height=\"480\" srcset=\"https:\/\/olu-limburg.de\/wp-content\/uploads\/2015\/12\/029tmv09metzcafe5.jpg 640w, https:\/\/olu-limburg.de\/wp-content\/uploads\/2015\/12\/029tmv09metzcafe5-300x225.jpg 300w, https:\/\/olu-limburg.de\/wp-content\/uploads\/2015\/12\/029tmv09metzcafe5-624x468.jpg 624w\" sizes=\"auto, (max-width: 640px) 100vw, 640px\" \/><\/a><\/p>\n<p><a href=\"https:\/\/olu-limburg.de\/wp-content\/uploads\/2015\/12\/030tmv09metzkleindom2-e1450799877315.jpg\"><img loading=\"lazy\" decoding=\"async\" class=\"size-full wp-image-6929 aligncenter\" src=\"https:\/\/olu-limburg.de\/wp-content\/uploads\/2015\/12\/030tmv09metzkleindom2-e1450799877315.jpg\" alt=\"030tmv09metzkleindom2\" width=\"450\" height=\"600\" \/><\/a><\/p>\n<p><a href=\"https:\/\/olu-limburg.de\/wp-content\/uploads\/2015\/12\/031tmv09metzsp2.jpg\"><img loading=\"lazy\" decoding=\"async\" class=\"size-full wp-image-6930 aligncenter\" src=\"https:\/\/olu-limburg.de\/wp-content\/uploads\/2015\/12\/031tmv09metzsp2.jpg\" alt=\"031tmv09metzsp2\" width=\"640\" height=\"480\" srcset=\"https:\/\/olu-limburg.de\/wp-content\/uploads\/2015\/12\/031tmv09metzsp2.jpg 640w, https:\/\/olu-limburg.de\/wp-content\/uploads\/2015\/12\/031tmv09metzsp2-300x225.jpg 300w, https:\/\/olu-limburg.de\/wp-content\/uploads\/2015\/12\/031tmv09metzsp2-624x468.jpg 624w\" sizes=\"auto, (max-width: 640px) 100vw, 640px\" \/><\/a><\/p>\n<p><a href=\"https:\/\/olu-limburg.de\/wp-content\/uploads\/2015\/12\/032tmv09metzsp3.jpg\"><img loading=\"lazy\" decoding=\"async\" class=\"size-full wp-image-6931 aligncenter\" src=\"https:\/\/olu-limburg.de\/wp-content\/uploads\/2015\/12\/032tmv09metzsp3.jpg\" alt=\"032tmv09metzsp3\" width=\"640\" height=\"480\" srcset=\"https:\/\/olu-limburg.de\/wp-content\/uploads\/2015\/12\/032tmv09metzsp3.jpg 640w, https:\/\/olu-limburg.de\/wp-content\/uploads\/2015\/12\/032tmv09metzsp3-300x225.jpg 300w, https:\/\/olu-limburg.de\/wp-content\/uploads\/2015\/12\/032tmv09metzsp3-624x468.jpg 624w\" sizes=\"auto, (max-width: 640px) 100vw, 640px\" \/><\/a><\/p>\n<p>&nbsp;<\/p>\n<p><strong>Samstag, 11.04.2009<\/strong><\/p>\n<p>Das Wetter ist gut und wir unternehmen noch einmal einen ausf\u00fchrlichen Besuch der Altstadt. Heute ist gegen\u00fcber vom Dom, in und um die Markthallen herum, ein gro\u00dfes Markttreiben. Wir erfreuen uns an dem breiten Angebot, da es wie in Frankreich \u00fcblich, normale Lebensmittel, Feinkost, Haushaltswaren und Bekleidung umfasst. Wenn man abseits der Gesch\u00e4ftsstra\u00dfen durch die kleinen Gassen geht, kann man kaum glauben, dass man sich inmitten einer Gro\u00dfstadt befindet.<\/p>\n<p><a href=\"https:\/\/olu-limburg.de\/wp-content\/uploads\/2015\/12\/033tmv09metzmarkt1.jpg\"><img loading=\"lazy\" decoding=\"async\" class=\"size-full wp-image-6932 aligncenter\" src=\"https:\/\/olu-limburg.de\/wp-content\/uploads\/2015\/12\/033tmv09metzmarkt1.jpg\" alt=\"033tmv09metzmarkt1\" width=\"640\" height=\"480\" srcset=\"https:\/\/olu-limburg.de\/wp-content\/uploads\/2015\/12\/033tmv09metzmarkt1.jpg 640w, https:\/\/olu-limburg.de\/wp-content\/uploads\/2015\/12\/033tmv09metzmarkt1-300x225.jpg 300w, https:\/\/olu-limburg.de\/wp-content\/uploads\/2015\/12\/033tmv09metzmarkt1-624x468.jpg 624w\" sizes=\"auto, (max-width: 640px) 100vw, 640px\" \/><\/a><\/p>\n<p><a href=\"https:\/\/olu-limburg.de\/wp-content\/uploads\/2015\/12\/034tmv09metzmarkt2.jpg\"><img loading=\"lazy\" decoding=\"async\" class=\"size-full wp-image-6933 aligncenter\" src=\"https:\/\/olu-limburg.de\/wp-content\/uploads\/2015\/12\/034tmv09metzmarkt2.jpg\" alt=\"034tmv09metzmarkt2\" width=\"634\" height=\"475\" srcset=\"https:\/\/olu-limburg.de\/wp-content\/uploads\/2015\/12\/034tmv09metzmarkt2.jpg 634w, https:\/\/olu-limburg.de\/wp-content\/uploads\/2015\/12\/034tmv09metzmarkt2-300x225.jpg 300w, https:\/\/olu-limburg.de\/wp-content\/uploads\/2015\/12\/034tmv09metzmarkt2-624x468.jpg 624w\" sizes=\"auto, (max-width: 634px) 100vw, 634px\" \/><\/a><\/p>\n<p><a href=\"https:\/\/olu-limburg.de\/wp-content\/uploads\/2015\/12\/035tmv09metzmarkt3.jpg\"><img loading=\"lazy\" decoding=\"async\" class=\"size-full wp-image-6934 aligncenter\" src=\"https:\/\/olu-limburg.de\/wp-content\/uploads\/2015\/12\/035tmv09metzmarkt3.jpg\" alt=\"035tmv09metzmarkt3\" width=\"640\" height=\"480\" srcset=\"https:\/\/olu-limburg.de\/wp-content\/uploads\/2015\/12\/035tmv09metzmarkt3.jpg 640w, https:\/\/olu-limburg.de\/wp-content\/uploads\/2015\/12\/035tmv09metzmarkt3-300x225.jpg 300w, https:\/\/olu-limburg.de\/wp-content\/uploads\/2015\/12\/035tmv09metzmarkt3-624x468.jpg 624w\" sizes=\"auto, (max-width: 640px) 100vw, 640px\" \/><\/a><\/p>\n<p><a href=\"https:\/\/olu-limburg.de\/wp-content\/uploads\/2015\/12\/036tmv09metzmarkt4.jpg\"><img loading=\"lazy\" decoding=\"async\" class=\"size-full wp-image-6935 aligncenter\" src=\"https:\/\/olu-limburg.de\/wp-content\/uploads\/2015\/12\/036tmv09metzmarkt4.jpg\" alt=\"036tmv09metzmarkt4\" width=\"627\" height=\"470\" srcset=\"https:\/\/olu-limburg.de\/wp-content\/uploads\/2015\/12\/036tmv09metzmarkt4.jpg 627w, https:\/\/olu-limburg.de\/wp-content\/uploads\/2015\/12\/036tmv09metzmarkt4-300x225.jpg 300w, https:\/\/olu-limburg.de\/wp-content\/uploads\/2015\/12\/036tmv09metzmarkt4-624x468.jpg 624w\" sizes=\"auto, (max-width: 627px) 100vw, 627px\" \/><\/a><\/p>\n<p><a href=\"https:\/\/olu-limburg.de\/wp-content\/uploads\/2015\/12\/037tmv09metzmarkt5.jpg\"><img loading=\"lazy\" decoding=\"async\" class=\"size-full wp-image-6936 aligncenter\" src=\"https:\/\/olu-limburg.de\/wp-content\/uploads\/2015\/12\/037tmv09metzmarkt5.jpg\" alt=\"037tmv09metzmarkt5\" width=\"621\" height=\"466\" srcset=\"https:\/\/olu-limburg.de\/wp-content\/uploads\/2015\/12\/037tmv09metzmarkt5.jpg 621w, https:\/\/olu-limburg.de\/wp-content\/uploads\/2015\/12\/037tmv09metzmarkt5-300x225.jpg 300w\" sizes=\"auto, (max-width: 621px) 100vw, 621px\" \/><\/a><\/p>\n<p>Vor dem Mittagessen fahren wir noch weiter in Richtung Pont-a-Mousson. Zuerst nehmen wir die Autobahn und wechseln dann aber auf die Landstra\u00dfe an der Moselle (franz. f\u00fcr Mosel) entlang.<\/p>\n<p>In Pont-a-Mousson gibt es an der Moselle einen sehr guten Stellplatz (EUR 6,00 inkl. V+E, Dusche und Strom). Die mei\u00dften Pl\u00e4tze sind asphaltiert. Bei gro\u00dfem Andrang k\u00f6nnen auch noch weitere Fahrzeuge auf Rasen platziert werden. Geregelt wird alles von einem Guardian, der sein Wohnmobil direkt links hinter der Schranke stehen hat. Morgens um 08.30 Uhr erscheint der B\u00e4cker mit seinen K\u00f6stlichkeiten.<\/p>\n<p><a href=\"https:\/\/olu-limburg.de\/wp-content\/uploads\/2015\/12\/038tmv09pamsp1.jpg\"><img loading=\"lazy\" decoding=\"async\" class=\"size-full wp-image-6937 aligncenter\" src=\"https:\/\/olu-limburg.de\/wp-content\/uploads\/2015\/12\/038tmv09pamsp1.jpg\" alt=\"038tmv09pamsp1\" width=\"634\" height=\"475\" srcset=\"https:\/\/olu-limburg.de\/wp-content\/uploads\/2015\/12\/038tmv09pamsp1.jpg 634w, https:\/\/olu-limburg.de\/wp-content\/uploads\/2015\/12\/038tmv09pamsp1-300x225.jpg 300w, https:\/\/olu-limburg.de\/wp-content\/uploads\/2015\/12\/038tmv09pamsp1-624x468.jpg 624w\" sizes=\"auto, (max-width: 634px) 100vw, 634px\" \/><\/a><\/p>\n<p>Uns zog es, da unsere M\u00e4gen zu knurren anfingen, \u00fcber die Mosel in den linken Ortsteil. Wir fanden auch ein kleines Restaurant mit einem ansprechenden und preiswerten Men\u00fc. Nachmittags war Ruhen in der Sonne angesagt. Aber, Undank ist der Welten Lohn, wir suchten bereits schon wieder Schatten.<\/p>\n<p><a href=\"https:\/\/olu-limburg.de\/wp-content\/uploads\/2015\/12\/039tmv09pam1.jpg\"><img loading=\"lazy\" decoding=\"async\" class=\"size-full wp-image-6938 aligncenter\" src=\"https:\/\/olu-limburg.de\/wp-content\/uploads\/2015\/12\/039tmv09pam1.jpg\" alt=\"039tmv09pam1\" width=\"640\" height=\"480\" srcset=\"https:\/\/olu-limburg.de\/wp-content\/uploads\/2015\/12\/039tmv09pam1.jpg 640w, https:\/\/olu-limburg.de\/wp-content\/uploads\/2015\/12\/039tmv09pam1-300x225.jpg 300w, https:\/\/olu-limburg.de\/wp-content\/uploads\/2015\/12\/039tmv09pam1-624x468.jpg 624w\" sizes=\"auto, (max-width: 640px) 100vw, 640px\" \/><\/a><\/p>\n<p><a href=\"https:\/\/olu-limburg.de\/wp-content\/uploads\/2015\/12\/040tmv09pamosterhase.jpg\"><img loading=\"lazy\" decoding=\"async\" class=\"size-full wp-image-6939 aligncenter\" src=\"https:\/\/olu-limburg.de\/wp-content\/uploads\/2015\/12\/040tmv09pamosterhase.jpg\" alt=\"040tmv09pamosterhase\" width=\"634\" height=\"475\" srcset=\"https:\/\/olu-limburg.de\/wp-content\/uploads\/2015\/12\/040tmv09pamosterhase.jpg 634w, https:\/\/olu-limburg.de\/wp-content\/uploads\/2015\/12\/040tmv09pamosterhase-300x225.jpg 300w, https:\/\/olu-limburg.de\/wp-content\/uploads\/2015\/12\/040tmv09pamosterhase-624x468.jpg 624w\" sizes=\"auto, (max-width: 634px) 100vw, 634px\" \/><\/a><\/p>\n<p><a href=\"https:\/\/olu-limburg.de\/wp-content\/uploads\/2015\/12\/041tmv09pamosterhase2.jpg\"><img loading=\"lazy\" decoding=\"async\" class=\"size-full wp-image-6940 aligncenter\" src=\"https:\/\/olu-limburg.de\/wp-content\/uploads\/2015\/12\/041tmv09pamosterhase2.jpg\" alt=\"041tmv09pamosterhase2\" width=\"634\" height=\"475\" srcset=\"https:\/\/olu-limburg.de\/wp-content\/uploads\/2015\/12\/041tmv09pamosterhase2.jpg 634w, https:\/\/olu-limburg.de\/wp-content\/uploads\/2015\/12\/041tmv09pamosterhase2-300x225.jpg 300w, https:\/\/olu-limburg.de\/wp-content\/uploads\/2015\/12\/041tmv09pamosterhase2-624x468.jpg 624w\" sizes=\"auto, (max-width: 634px) 100vw, 634px\" \/><\/a><\/p>\n<p>Weil wir morgen in einer Ferme Auberge in der N\u00e4he des Col de la Schlucht K\u00e4sefondue essen wollen, dr\u00e4ngelt mich Lena zur telefonischen Tischreservierung. Da man dort deutsch spricht, ist dies auch kein Problem und wir erhalten die Best\u00e4tigung.<\/p>\n<p>Tagesstrecke: 32 km<\/p>\n<p>&nbsp;<\/p>\n<p><strong>Ostersonntag, 12.04.2009<\/strong><\/p>\n<p>Nach einem ausgiebigen Fr\u00fchst\u00fcck fahren wir los. \u00dcber Nancy und Epinal (unterwegs besichtigen wir noch den Stellplatz in Charmes) geht es in die Vogesen.<\/p>\n<p><a href=\"https:\/\/olu-limburg.de\/wp-content\/uploads\/2015\/12\/042tmv09spcharmes.jpg\"><img loading=\"lazy\" decoding=\"async\" class=\"size-full wp-image-6942 aligncenter\" src=\"https:\/\/olu-limburg.de\/wp-content\/uploads\/2015\/12\/042tmv09spcharmes.jpg\" alt=\"042tmv09spcharmes\" width=\"640\" height=\"480\" srcset=\"https:\/\/olu-limburg.de\/wp-content\/uploads\/2015\/12\/042tmv09spcharmes.jpg 640w, https:\/\/olu-limburg.de\/wp-content\/uploads\/2015\/12\/042tmv09spcharmes-300x225.jpg 300w, https:\/\/olu-limburg.de\/wp-content\/uploads\/2015\/12\/042tmv09spcharmes-624x468.jpg 624w\" sizes=\"auto, (max-width: 640px) 100vw, 640px\" \/><\/a><\/p>\n<p>In den Vogesen machen wir eine Mittagsrast an einem kleinen See. Lenas Hoffnung, die Narzissenbl\u00fcte in Gerardmer zu erleben, erf\u00fcllt sich. Um Gerardmer herum erstrahlen die Wiesen in einem herrlichen Gelb. Nach einiger Sucherei finden wir auch eine Wiese mit einer Parkm\u00f6glichkeit f\u00fcr unser Auto. So k\u00f6nnen wir selbst Narzissen pfl\u00fccken. Ich nahm eigentlich an, dass so etwas verboten ist. Aber \u00fcberall sind Menschen in den Wiesen und pfl\u00fccken sich Str\u00e4u\u00dfe. Und diejenigen, die sich die Schuhe nicht schmutzig machen m\u00f6chten, k\u00f6nnen sich die Str\u00e4u\u00dfe an der Stra\u00dfe entlang bei Kindern kaufen.<\/p>\n<p><a href=\"https:\/\/olu-limburg.de\/wp-content\/uploads\/2015\/12\/043tmv09narzissen1.jpg\"><img loading=\"lazy\" decoding=\"async\" class=\"size-full wp-image-6943 aligncenter\" src=\"https:\/\/olu-limburg.de\/wp-content\/uploads\/2015\/12\/043tmv09narzissen1.jpg\" alt=\"043tmv09narzissen1\" width=\"627\" height=\"470\" srcset=\"https:\/\/olu-limburg.de\/wp-content\/uploads\/2015\/12\/043tmv09narzissen1.jpg 627w, https:\/\/olu-limburg.de\/wp-content\/uploads\/2015\/12\/043tmv09narzissen1-300x225.jpg 300w, https:\/\/olu-limburg.de\/wp-content\/uploads\/2015\/12\/043tmv09narzissen1-624x468.jpg 624w\" sizes=\"auto, (max-width: 627px) 100vw, 627px\" \/><\/a><\/p>\n<p><a href=\"https:\/\/olu-limburg.de\/wp-content\/uploads\/2015\/12\/044tmv09narzissen2-e1450800429575.jpg\"><img loading=\"lazy\" decoding=\"async\" class=\"size-full wp-image-6944 aligncenter\" src=\"https:\/\/olu-limburg.de\/wp-content\/uploads\/2015\/12\/044tmv09narzissen2-e1450800429575.jpg\" alt=\"044tmv09narzissen2\" width=\"450\" height=\"600\" \/><\/a><\/p>\n<p>Bei der Auffahrt zum Col de la Schlucht zeige ich Lena im Wald noch einige Schneefetzen. Als aber immer mehr und gr\u00f6\u00dfere Schneefl\u00e4chen auftauchen, merken wir, dass der Winter hier noch nicht vorbei ist. Am Col de la Schlucht (1.139 m) ist noch Skibetrieb, und an der Stra\u00dfe, die wir zu unserer Ferme Auberge nehmen m\u00fcssen, steht ein Schild \u201eSackgasse\u201c. Oha!<\/p>\n<p><a href=\"https:\/\/olu-limburg.de\/wp-content\/uploads\/2015\/12\/048tmv09cdls1.jpg\"><img loading=\"lazy\" decoding=\"async\" class=\"size-full wp-image-6948 aligncenter\" src=\"https:\/\/olu-limburg.de\/wp-content\/uploads\/2015\/12\/048tmv09cdls1.jpg\" alt=\"048tmv09cdls1\" width=\"640\" height=\"480\" srcset=\"https:\/\/olu-limburg.de\/wp-content\/uploads\/2015\/12\/048tmv09cdls1.jpg 640w, https:\/\/olu-limburg.de\/wp-content\/uploads\/2015\/12\/048tmv09cdls1-300x225.jpg 300w, https:\/\/olu-limburg.de\/wp-content\/uploads\/2015\/12\/048tmv09cdls1-624x468.jpg 624w\" sizes=\"auto, (max-width: 640px) 100vw, 640px\" \/><\/a><\/p>\n<p><a href=\"https:\/\/olu-limburg.de\/wp-content\/uploads\/2015\/12\/049tmv09cdls2-e1450800479121.jpg\"><img loading=\"lazy\" decoding=\"async\" class=\"size-full wp-image-6949 aligncenter\" src=\"https:\/\/olu-limburg.de\/wp-content\/uploads\/2015\/12\/049tmv09cdls2-e1450800479121.jpg\" alt=\"049tmv09cdls2\" width=\"450\" height=\"601\" \/><\/a><\/p>\n<p>Ich denke an die telefonische Zusage und wir lesen das darunter h\u00e4ngende Schild genauer. Die Stra\u00dfe m\u00fcsste bei unserer Ferme Auberge enden. Als wir ankommen ist auch der Parkplatz nur halb ger\u00e4umt; bergw\u00e4rts steht noch eine zwei Meter hohe Schneewand und die Stra\u00dfe in Richtung Grand Ballon ist hinter dem Haus zu Ende.<\/p>\n<p><a href=\"https:\/\/olu-limburg.de\/wp-content\/uploads\/2015\/12\/046tmv09breitz2.jpg\"><img loading=\"lazy\" decoding=\"async\" class=\"size-full wp-image-6946 aligncenter\" src=\"https:\/\/olu-limburg.de\/wp-content\/uploads\/2015\/12\/046tmv09breitz2.jpg\" alt=\"046tmv09breitz2\" width=\"640\" height=\"480\" srcset=\"https:\/\/olu-limburg.de\/wp-content\/uploads\/2015\/12\/046tmv09breitz2.jpg 640w, https:\/\/olu-limburg.de\/wp-content\/uploads\/2015\/12\/046tmv09breitz2-300x225.jpg 300w, https:\/\/olu-limburg.de\/wp-content\/uploads\/2015\/12\/046tmv09breitz2-624x468.jpg 624w\" sizes=\"auto, (max-width: 640px) 100vw, 640px\" \/><\/a><\/p>\n<p><a href=\"https:\/\/olu-limburg.de\/wp-content\/uploads\/2015\/12\/045tmv09breitz1.jpg\"><img loading=\"lazy\" decoding=\"async\" class=\"size-full wp-image-6945 aligncenter\" src=\"https:\/\/olu-limburg.de\/wp-content\/uploads\/2015\/12\/045tmv09breitz1.jpg\" alt=\"045tmv09breitz1\" width=\"640\" height=\"480\" srcset=\"https:\/\/olu-limburg.de\/wp-content\/uploads\/2015\/12\/045tmv09breitz1.jpg 640w, https:\/\/olu-limburg.de\/wp-content\/uploads\/2015\/12\/045tmv09breitz1-300x225.jpg 300w, https:\/\/olu-limburg.de\/wp-content\/uploads\/2015\/12\/045tmv09breitz1-624x468.jpg 624w\" sizes=\"auto, (max-width: 640px) 100vw, 640px\" \/><\/a><\/p>\n<p>F\u00fcr das Abendessen ist es noch etwas zu fr\u00fch, also schauen wir uns noch ein wenig um und setzen uns anschlie\u00dfend zum Lesen in unser warmes Wohnmobil. Immer wieder kommen Wanderer vorbei, die mit Schneeschuhen unterwegs waren. Oder Motorradfahrer auf ihrer Vogesen-Tour, stehen konsterniert vor dem Schneefeld, wo eigentlich eine Stra\u00dfe sein sollte. Die P\u00e4sse in der Nord-S\u00fcd-Richtung sind alle noch geschlossen. Nur der Col de la Schlucht in der West-Ost-Richtung ist offen.<\/p>\n<p>Wie vereinbart gehen wir um 18.30 Uhr zum Essen. Wir freuen uns schon riesig auf das Munster-K\u00e4se-Fondue, bestehend aus einer Sch\u00fcssel gr\u00fcnem Salat, einer Schinkenplatte, einem Korb mit Brotw\u00fcrfel und dem verfl\u00fcssigten Munsterk\u00e4se (p.P. EUR 14,00). Dazu trinken wir noch einen Els\u00e4sser Riesling. Mir l\u00e4uft jetzt beim Schreiben schon wieder das Wasser im Mund zusammen. Als Nachtisch esse ich einen Frischk\u00e4se im Kirchwasser-Bad mit viel Zucker unten drin und trinke noch einen klitzekleinen Enzian und Lena isst eine Blaubeertarte.<\/p>\n<p><a href=\"https:\/\/olu-limburg.de\/wp-content\/uploads\/2015\/12\/047tmv09breitz3.jpg\"><img loading=\"lazy\" decoding=\"async\" class=\"size-full wp-image-6947 aligncenter\" src=\"https:\/\/olu-limburg.de\/wp-content\/uploads\/2015\/12\/047tmv09breitz3.jpg\" alt=\"047tmv09breitz3\" width=\"640\" height=\"480\" srcset=\"https:\/\/olu-limburg.de\/wp-content\/uploads\/2015\/12\/047tmv09breitz3.jpg 640w, https:\/\/olu-limburg.de\/wp-content\/uploads\/2015\/12\/047tmv09breitz3-300x225.jpg 300w, https:\/\/olu-limburg.de\/wp-content\/uploads\/2015\/12\/047tmv09breitz3-624x468.jpg 624w\" sizes=\"auto, (max-width: 640px) 100vw, 640px\" \/><\/a><\/p>\n<p>Richtig zufrieden, lassen wir den Abend, nach dem wir noch etwas Munsterk\u00e4se und hausgemachte Munsterbutter eingekauft haben, im Womo ausklingen. Als es dunkel wird, ist eine herrliche Ruhe um uns herum. Die K\u00fche sind noch im Tal, es fahren keine Fahrzeuge mehr, der klare Sternenhimmel zeigt sich grenzenlos.<\/p>\n<p>Tagesstrecke: 180 km<\/p>\n<p>&nbsp;<\/p>\n<p><strong>Ostermontag, 13.04.2009<\/strong><\/p>\n<p>Auf der heutigen Heimfahrt machen wir noch einen kurzen Stopp an der Skipiste am Col de la Schlucht und tanken hinter Munster beim Supermarkt (Automatentanken da Feiertag). Die Kartenzahlung mit unserer BankCard funktioniert einwandfrei. Bei Colmar nehmen wir die Autobahn um in Obernai unsere Mittagsrast abzuhalten. Bei herrlichstem Wetter ist dort nat\u00fcrlich viel Betrieb. Die Restaurants haben Tische und St\u00fchle drau\u00dfen aufgebaut.<\/p>\n<p><a href=\"https:\/\/olu-limburg.de\/wp-content\/uploads\/2015\/12\/051tmv09obernai1.jpg\"><img loading=\"lazy\" decoding=\"async\" class=\"size-full wp-image-6951 aligncenter\" src=\"https:\/\/olu-limburg.de\/wp-content\/uploads\/2015\/12\/051tmv09obernai1.jpg\" alt=\"051tmv09obernai1\" width=\"634\" height=\"475\" srcset=\"https:\/\/olu-limburg.de\/wp-content\/uploads\/2015\/12\/051tmv09obernai1.jpg 634w, https:\/\/olu-limburg.de\/wp-content\/uploads\/2015\/12\/051tmv09obernai1-300x225.jpg 300w, https:\/\/olu-limburg.de\/wp-content\/uploads\/2015\/12\/051tmv09obernai1-624x468.jpg 624w\" sizes=\"auto, (max-width: 634px) 100vw, 634px\" \/><\/a><\/p>\n<p><a href=\"https:\/\/olu-limburg.de\/wp-content\/uploads\/2015\/12\/052tmv09obernai2-e1450800723551.jpg\"><img loading=\"lazy\" decoding=\"async\" class=\"size-full wp-image-6952 alignleft\" src=\"https:\/\/olu-limburg.de\/wp-content\/uploads\/2015\/12\/052tmv09obernai2-e1450800723551.jpg\" alt=\"052tmv09obernai2\" width=\"450\" height=\"600\" \/><\/a><\/p>\n<p><a href=\"https:\/\/olu-limburg.de\/wp-content\/uploads\/2015\/12\/050tmv09obernai4-e1450800691446.jpg\"><img loading=\"lazy\" decoding=\"async\" class=\"size-full wp-image-6950 alignright\" src=\"https:\/\/olu-limburg.de\/wp-content\/uploads\/2015\/12\/050tmv09obernai4-e1450800691446.jpg\" alt=\"050tmv09obernai4\" width=\"450\" height=\"600\" \/><\/a><a href=\"https:\/\/olu-limburg.de\/wp-content\/uploads\/2015\/12\/053tmv09obernai3-e1450800771955.jpg\"><img loading=\"lazy\" decoding=\"async\" class=\"size-full wp-image-6953 aligncenter\" src=\"https:\/\/olu-limburg.de\/wp-content\/uploads\/2015\/12\/053tmv09obernai3-e1450800771955.jpg\" alt=\"053tmv09obernai3\" width=\"450\" height=\"600\" \/><\/a><\/p>\n<p>Wir h\u00e4tten gerne einen Schattenplatz genommen, bekommen aber nur einen Zweiertisch in der prallen Mittagssonne. Es ist kaum zu glauben, dass wir heute vor wenigen Stunden noch im hohen Schnee waren. Nach einem kurzen Rundgang durch den Ort geht es auf die Autobahn und \u00fcber Stra\u00dfburg, Mainz und Wiesbaden nach Hause.<\/p>\n<p>Tagesstrecke: 369 km.<\/p>\n<p>&nbsp;<\/p>\n<p>Insgesamt sind wir 869 km gefahren.<\/p>\n<p>&nbsp;<\/p>\n<p style=\"text-align: center;\"><a href=\"https:\/\/olu-limburg.de\/?page_id=6893\">Zur\u00fcck zum Seitenanfang<\/a><\/p>\n<p>&nbsp;<\/p>\n<p>&nbsp;<\/p>\n","protected":false},"excerpt":{"rendered":"<p>Text und Fotos: Hans-Werner &nbsp; Gr\u00fcndonnerstag, 09.04.2009 Wir m\u00f6chten die Osterfeiertage nutzen und einen kleinen Ausflug entlang der deutschen und der franz\u00f6sischen Mosel bis hinunter in die Vogesen machen. Also starten wir unseren Trip am Abend nach meinem Dienstschluss und fahren noch \u00fcber die Autobahn bis Trier. Der Stellplatz an der Mosel sieht sehr voll [&hellip;]<\/p>\n","protected":false},"author":1,"featured_media":0,"parent":0,"menu_order":0,"comment_status":"closed","ping_status":"closed","template":"page-templates\/full-width.php","meta":{"footnotes":""},"class_list":["post-6893","page","type-page","status-publish","hentry"],"_links":{"self":[{"href":"https:\/\/olu-limburg.de\/index.php?rest_route=\/wp\/v2\/pages\/6893","targetHints":{"allow":["GET"]}}],"collection":[{"href":"https:\/\/olu-limburg.de\/index.php?rest_route=\/wp\/v2\/pages"}],"about":[{"href":"https:\/\/olu-limburg.de\/index.php?rest_route=\/wp\/v2\/types\/page"}],"author":[{"embeddable":true,"href":"https:\/\/olu-limburg.de\/index.php?rest_route=\/wp\/v2\/users\/1"}],"replies":[{"embeddable":true,"href":"https:\/\/olu-limburg.de\/index.php?rest_route=%2Fwp%2Fv2%2Fcomments&post=6893"}],"version-history":[{"count":8,"href":"https:\/\/olu-limburg.de\/index.php?rest_route=\/wp\/v2\/pages\/6893\/revisions"}],"predecessor-version":[{"id":6955,"href":"https:\/\/olu-limburg.de\/index.php?rest_route=\/wp\/v2\/pages\/6893\/revisions\/6955"}],"wp:attachment":[{"href":"https:\/\/olu-limburg.de\/index.php?rest_route=%2Fwp%2Fv2%2Fmedia&parent=6893"}],"curies":[{"name":"wp","href":"https:\/\/api.w.org\/{rel}","templated":true}]}}