{"id":6356,"date":"2015-12-07T18:44:43","date_gmt":"2015-12-07T17:44:43","guid":{"rendered":"https:\/\/olu-limburg.de\/?page_id=6356"},"modified":"2015-12-07T20:58:03","modified_gmt":"2015-12-07T19:58:03","slug":"muenchen-und-jarre-konzert-maerz-2010","status":"publish","type":"page","link":"https:\/\/olu-limburg.de\/?page_id=6356","title":{"rendered":"M\u00fcnchen und Jarre-Konzert M\u00e4rz 2010"},"content":{"rendered":"<p>Text: Hans-Werner\u00a0\u00a0\u00a0\u00a0\u00a0\u00a0\u00a0\u00a0\u00a0\u00a0\u00a0\u00a0\u00a0\u00a0\u00a0\u00a0\u00a0\u00a0\u00a0\u00a0\u00a0\u00a0\u00a0\u00a0\u00a0\u00a0\u00a0\u00a0\u00a0\u00a0\u00a0\u00a0\u00a0\u00a0\u00a0\u00a0\u00a0\u00a0\u00a0\u00a0\u00a0\u00a0\u00a0\u00a0\u00a0\u00a0\u00a0\u00a0\u00a0\u00a0\u00a0\u00a0\u00a0\u00a0\u00a0\u00a0\u00a0\u00a0\u00a0\u00a0\u00a0\u00a0\u00a0\u00a0\u00a0\u00a0\u00a0\u00a0\u00a0\u00a0\u00a0\u00a0\u00a0\u00a0\u00a0\u00a0\u00a0\u00a0\u00a0\u00a0\u00a0\u00a0\u00a0\u00a0\u00a0\u00a0\u00a0\u00a0\u00a0\u00a0\u00a0\u00a0\u00a0\u00a0\u00a0\u00a0\u00a0\u00a0\u00a0\u00a0\u00a0\u00a0\u00a0\u00a0\u00a0\u00a0\u00a0\u00a0\u00a0\u00a0\u00a0\u00a0\u00a0\u00a0\u00a0\u00a0 Fotos: Hans-Werner und Lena<\/p>\n<p>&nbsp;<\/p>\n<p><strong>Donnerstag, 11.03.2010<\/strong><\/p>\n<p>Das Jahr hat uns zwar bis jetzt fast durchgehend Schnee beschert, trotzdem zieht es uns nach M\u00fcnchen, da Lena als Weihnachtsgeschenk Eintrittskarten f\u00fcr ein Konzert von Jean-Michel Jarre in der Olympiahalle besorgt hat.<\/p>\n<p>Nach der Arbeit fahren wir noch los. Wir wollen bis zum \u201eWertheim Village\u201c kommen, damit der morgige Fahrtag k\u00fcrzer wird. Es stehen schon einige Wohnmobile dort.<\/p>\n<p>Tagesstrecke: 157 km<\/p>\n<p>&nbsp;<\/p>\n<p><strong>Freitag, 12.03.2010<\/strong><\/p>\n<p>Um 08.00 Uhr f\u00e4hrt ein Metzgerei-Auto hupend vor und verkauft Br\u00f6tchen, Brezeln und noch vieles mehr (Lieferung von Mo bis Sa). Um 08.45 Uhr sind wir abfahrbereit. Es graupelt ein wenig. Ab dem Altm\u00fchltal begr\u00fc\u00dft uns die Sonne. Links und rechts der Autobahn liegt eine geschlossene Schneedecke.<\/p>\n<p><a href=\"https:\/\/olu-limburg.de\/wp-content\/uploads\/2015\/12\/MJK-0310-Lena-Metz.jpg\"><img loading=\"lazy\" decoding=\"async\" class=\"size-full wp-image-6378 aligncenter\" src=\"https:\/\/olu-limburg.de\/wp-content\/uploads\/2015\/12\/MJK-0310-Lena-Metz.jpg\" alt=\"MJK 0310 Lena Metz\" width=\"640\" height=\"480\" srcset=\"https:\/\/olu-limburg.de\/wp-content\/uploads\/2015\/12\/MJK-0310-Lena-Metz.jpg 640w, https:\/\/olu-limburg.de\/wp-content\/uploads\/2015\/12\/MJK-0310-Lena-Metz-300x225.jpg 300w, https:\/\/olu-limburg.de\/wp-content\/uploads\/2015\/12\/MJK-0310-Lena-Metz-624x468.jpg 624w\" sizes=\"auto, (max-width: 640px) 100vw, 640px\" \/><\/a><\/p>\n<p>Um 12.45 Uhr sind wir am Olympiapark-Gel\u00e4nde. Hier werden wir das Wochenende \u00fcbernachten (24 Std. &#8211; 15,00 EUR). Es gibt hier einen nahen U-Bahn-Anschlu\u00df, ein herrliches Freizeitgel\u00e4nde und den Veranstaltungsort f\u00fcr das Konzert am Samstagabend.<\/p>\n<p><a href=\"https:\/\/olu-limburg.de\/wp-content\/uploads\/2015\/12\/MJK-0310-01-SP.jpg\"><img loading=\"lazy\" decoding=\"async\" class=\"size-full wp-image-6361 aligncenter\" src=\"https:\/\/olu-limburg.de\/wp-content\/uploads\/2015\/12\/MJK-0310-01-SP.jpg\" alt=\"MJK 0310 01 SP\" width=\"640\" height=\"480\" srcset=\"https:\/\/olu-limburg.de\/wp-content\/uploads\/2015\/12\/MJK-0310-01-SP.jpg 640w, https:\/\/olu-limburg.de\/wp-content\/uploads\/2015\/12\/MJK-0310-01-SP-300x225.jpg 300w, https:\/\/olu-limburg.de\/wp-content\/uploads\/2015\/12\/MJK-0310-01-SP-624x468.jpg 624w\" sizes=\"auto, (max-width: 640px) 100vw, 640px\" \/><\/a><\/p>\n<p><a href=\"https:\/\/olu-limburg.de\/wp-content\/uploads\/2015\/12\/MJK-0310-02-OP.jpg\"><img loading=\"lazy\" decoding=\"async\" class=\"size-full wp-image-6362 aligncenter\" src=\"https:\/\/olu-limburg.de\/wp-content\/uploads\/2015\/12\/MJK-0310-02-OP.jpg\" alt=\"MJK 0310 02 OP\" width=\"640\" height=\"480\" srcset=\"https:\/\/olu-limburg.de\/wp-content\/uploads\/2015\/12\/MJK-0310-02-OP.jpg 640w, https:\/\/olu-limburg.de\/wp-content\/uploads\/2015\/12\/MJK-0310-02-OP-300x225.jpg 300w, https:\/\/olu-limburg.de\/wp-content\/uploads\/2015\/12\/MJK-0310-02-OP-624x468.jpg 624w\" sizes=\"auto, (max-width: 640px) 100vw, 640px\" \/><\/a><\/p>\n<p>Bevor wir in die Stadt hinein fahren, besuchen wir noch das BMW-Museum.<\/p>\n<p><a href=\"https:\/\/olu-limburg.de\/wp-content\/uploads\/2015\/12\/MJK-0310-03-BMW1-e1449516154917.jpg\"><img loading=\"lazy\" decoding=\"async\" class=\"size-full wp-image-6363 aligncenter\" src=\"https:\/\/olu-limburg.de\/wp-content\/uploads\/2015\/12\/MJK-0310-03-BMW1-e1449516154917.jpg\" alt=\"MJK 0310 03 BMW1\" width=\"450\" height=\"600\" \/><\/a><\/p>\n<p><a href=\"https:\/\/olu-limburg.de\/wp-content\/uploads\/2015\/12\/MJK-0310-04-BMW2.jpg\"><img loading=\"lazy\" decoding=\"async\" class=\"size-full wp-image-6364 aligncenter\" src=\"https:\/\/olu-limburg.de\/wp-content\/uploads\/2015\/12\/MJK-0310-04-BMW2.jpg\" alt=\"MJK 0310 04 BMW2\" width=\"640\" height=\"480\" srcset=\"https:\/\/olu-limburg.de\/wp-content\/uploads\/2015\/12\/MJK-0310-04-BMW2.jpg 640w, https:\/\/olu-limburg.de\/wp-content\/uploads\/2015\/12\/MJK-0310-04-BMW2-300x225.jpg 300w, https:\/\/olu-limburg.de\/wp-content\/uploads\/2015\/12\/MJK-0310-04-BMW2-624x468.jpg 624w\" sizes=\"auto, (max-width: 640px) 100vw, 640px\" \/><\/a><\/p>\n<p>Wir gehen schnell zur U-Bahn, nehmen uns eine Partner-Tageskarte (g\u00fcltig f\u00fcr 5 Pers. und bis zum n\u00e4chsten Tag 06.00 Uhr) f\u00fcr 9,40 EUR und fahren zum Marienplatz. \u00dcber der Erde empf\u00e4ngt uns schon die Sonne. Und damit der Magen auch noch zufrieden ist, eilen wir zum Gasthaus \u201eL\u00f6we am Markt\u201c (Viktualienmarkt). Hier gibt es ein vorz\u00fcgliches Kalbsl\u00fcngerl mit Semmelkn\u00f6deln.<\/p>\n<p><a href=\"https:\/\/olu-limburg.de\/wp-content\/uploads\/2015\/12\/MJK-0310-05-MP1-e1449516207827.jpg\"><img loading=\"lazy\" decoding=\"async\" class=\"size-full wp-image-6365 alignleft\" src=\"https:\/\/olu-limburg.de\/wp-content\/uploads\/2015\/12\/MJK-0310-05-MP1-e1449516207827.jpg\" alt=\"MJK 0310 05 MP1\" width=\"450\" height=\"600\" \/><\/a><\/p>\n<p><a href=\"https:\/\/olu-limburg.de\/wp-content\/uploads\/2015\/12\/MJK-0310-Lena-MP-e1449516226334.jpg\"><img loading=\"lazy\" decoding=\"async\" class=\"size-full wp-image-6379 alignright\" src=\"https:\/\/olu-limburg.de\/wp-content\/uploads\/2015\/12\/MJK-0310-Lena-MP-e1449516226334.jpg\" alt=\"MJK 0310 Lena MP\" width=\"450\" height=\"600\" \/><\/a><a href=\"https:\/\/olu-limburg.de\/wp-content\/uploads\/2015\/12\/MJK-0310-Lena-MP2.jpg\"><img loading=\"lazy\" decoding=\"async\" class=\"size-full wp-image-6380 aligncenter\" src=\"https:\/\/olu-limburg.de\/wp-content\/uploads\/2015\/12\/MJK-0310-Lena-MP2.jpg\" alt=\"MJK 0310 Lena MP2\" width=\"640\" height=\"480\" srcset=\"https:\/\/olu-limburg.de\/wp-content\/uploads\/2015\/12\/MJK-0310-Lena-MP2.jpg 640w, https:\/\/olu-limburg.de\/wp-content\/uploads\/2015\/12\/MJK-0310-Lena-MP2-300x225.jpg 300w, https:\/\/olu-limburg.de\/wp-content\/uploads\/2015\/12\/MJK-0310-Lena-MP2-624x468.jpg 624w\" sizes=\"auto, (max-width: 640px) 100vw, 640px\" \/><\/a><\/p>\n<p><a href=\"https:\/\/olu-limburg.de\/wp-content\/uploads\/2015\/12\/MJK-0310-Lena-LAM1-e1449516263753.jpg\"><img loading=\"lazy\" decoding=\"async\" class=\"size-full wp-image-6376 alignleft\" src=\"https:\/\/olu-limburg.de\/wp-content\/uploads\/2015\/12\/MJK-0310-Lena-LAM1-e1449516263753.jpg\" alt=\"MJK 0310 Lena LAM1\" width=\"450\" height=\"600\" \/><\/a><\/p>\n<p><a href=\"https:\/\/olu-limburg.de\/wp-content\/uploads\/2015\/12\/MJK-0310-Lena-LAM2-e1449516294167.jpg\"><img loading=\"lazy\" decoding=\"async\" class=\"size-full wp-image-6377 aligncenter\" src=\"https:\/\/olu-limburg.de\/wp-content\/uploads\/2015\/12\/MJK-0310-Lena-LAM2-e1449516294167.jpg\" alt=\"MJK 0310 Lena LAM2\" width=\"450\" height=\"600\" \/><\/a><\/p>\n<p>Gut gest\u00e4rkt spazieren wir durch die Altstadt zum \u201ePlatzl\u201c um bei Schubeck ein wenig in den D\u00fcften der verschiedensten Gew\u00fcrze zu schwelgen.<\/p>\n<p><a href=\"https:\/\/olu-limburg.de\/wp-content\/uploads\/2015\/12\/MJK-0310-07-Schu.jpg\"><img loading=\"lazy\" decoding=\"async\" class=\"size-full wp-image-6366 aligncenter\" src=\"https:\/\/olu-limburg.de\/wp-content\/uploads\/2015\/12\/MJK-0310-07-Schu.jpg\" alt=\"MJK 0310 07 Schu\" width=\"627\" height=\"470\" srcset=\"https:\/\/olu-limburg.de\/wp-content\/uploads\/2015\/12\/MJK-0310-07-Schu.jpg 627w, https:\/\/olu-limburg.de\/wp-content\/uploads\/2015\/12\/MJK-0310-07-Schu-300x225.jpg 300w, https:\/\/olu-limburg.de\/wp-content\/uploads\/2015\/12\/MJK-0310-07-Schu-624x468.jpg 624w\" sizes=\"auto, (max-width: 627px) 100vw, 627px\" \/><\/a><\/p>\n<p><a href=\"https:\/\/olu-limburg.de\/wp-content\/uploads\/2015\/12\/MJK-0310-Lena-Gewuerz1-e1449516339460.jpg\"><img loading=\"lazy\" decoding=\"async\" class=\"size-full wp-image-6374 alignright\" src=\"https:\/\/olu-limburg.de\/wp-content\/uploads\/2015\/12\/MJK-0310-Lena-Gewuerz1-e1449516339460.jpg\" alt=\"MJK 0310 Lena Gewuerz1\" width=\"450\" height=\"600\" \/><\/a><\/p>\n<p><a href=\"https:\/\/olu-limburg.de\/wp-content\/uploads\/2015\/12\/MJK-0310-Lena-Gewuerz2-e1449516355377.jpg\"><img loading=\"lazy\" decoding=\"async\" class=\"size-full wp-image-6375 aligncenter\" src=\"https:\/\/olu-limburg.de\/wp-content\/uploads\/2015\/12\/MJK-0310-Lena-Gewuerz2-e1449516355377.jpg\" alt=\"MJK 0310 Lena Gewuerz2\" width=\"450\" height=\"600\" \/><\/a><\/p>\n<p>In den engen Gassen hat man zu wenig von der Sonne. Drinnen m\u00f6chten wir auch nirgends sitzen, also gehen wir wieder zum Viktualienmarkt. Einige Tische und B\u00e4nke sind schon vom Schnee befreit. Es herrscht ein reges Treiben und das Bier schmeckt gut.<\/p>\n<p><a href=\"https:\/\/olu-limburg.de\/wp-content\/uploads\/2015\/12\/MJK-0310-08-VM1.jpg\"><img loading=\"lazy\" decoding=\"async\" class=\"size-full wp-image-6367 aligncenter\" src=\"https:\/\/olu-limburg.de\/wp-content\/uploads\/2015\/12\/MJK-0310-08-VM1.jpg\" alt=\"MJK 0310 08 VM1\" width=\"627\" height=\"470\" srcset=\"https:\/\/olu-limburg.de\/wp-content\/uploads\/2015\/12\/MJK-0310-08-VM1.jpg 627w, https:\/\/olu-limburg.de\/wp-content\/uploads\/2015\/12\/MJK-0310-08-VM1-300x225.jpg 300w, https:\/\/olu-limburg.de\/wp-content\/uploads\/2015\/12\/MJK-0310-08-VM1-624x468.jpg 624w\" sizes=\"auto, (max-width: 627px) 100vw, 627px\" \/><\/a><\/p>\n<p><a href=\"https:\/\/olu-limburg.de\/wp-content\/uploads\/2015\/12\/MJK-0310-Lena-VM2.jpg\"><img loading=\"lazy\" decoding=\"async\" class=\"size-full wp-image-6382 aligncenter\" src=\"https:\/\/olu-limburg.de\/wp-content\/uploads\/2015\/12\/MJK-0310-Lena-VM2.jpg\" alt=\"MJK 0310 Lena VM2\" width=\"640\" height=\"480\" srcset=\"https:\/\/olu-limburg.de\/wp-content\/uploads\/2015\/12\/MJK-0310-Lena-VM2.jpg 640w, https:\/\/olu-limburg.de\/wp-content\/uploads\/2015\/12\/MJK-0310-Lena-VM2-300x225.jpg 300w, https:\/\/olu-limburg.de\/wp-content\/uploads\/2015\/12\/MJK-0310-Lena-VM2-624x468.jpg 624w\" sizes=\"auto, (max-width: 640px) 100vw, 640px\" \/><\/a><\/p>\n<p><a href=\"https:\/\/olu-limburg.de\/wp-content\/uploads\/2015\/12\/MJK-0310-09-VM2.jpg\"><img loading=\"lazy\" decoding=\"async\" class=\"size-full wp-image-6368 aligncenter\" src=\"https:\/\/olu-limburg.de\/wp-content\/uploads\/2015\/12\/MJK-0310-09-VM2.jpg\" alt=\"MJK 0310 09 VM2\" width=\"621\" height=\"466\" srcset=\"https:\/\/olu-limburg.de\/wp-content\/uploads\/2015\/12\/MJK-0310-09-VM2.jpg 621w, https:\/\/olu-limburg.de\/wp-content\/uploads\/2015\/12\/MJK-0310-09-VM2-300x225.jpg 300w\" sizes=\"auto, (max-width: 621px) 100vw, 621px\" \/><\/a><\/p>\n<p><a href=\"https:\/\/olu-limburg.de\/wp-content\/uploads\/2015\/12\/MJK-0310-10-VM2-e1449516419835.jpg\"><img loading=\"lazy\" decoding=\"async\" class=\"size-full wp-image-6369 aligncenter\" src=\"https:\/\/olu-limburg.de\/wp-content\/uploads\/2015\/12\/MJK-0310-10-VM2-e1449516419835.jpg\" alt=\"MJK 0310 10 VM2\" width=\"450\" height=\"601\" \/><\/a><\/p>\n<p><a href=\"https:\/\/olu-limburg.de\/wp-content\/uploads\/2015\/12\/MJK-0310-Lena-VM1.jpg\"><img loading=\"lazy\" decoding=\"async\" class=\"size-full wp-image-6381 aligncenter\" src=\"https:\/\/olu-limburg.de\/wp-content\/uploads\/2015\/12\/MJK-0310-Lena-VM1.jpg\" alt=\"MJK 0310 Lena VM1\" width=\"621\" height=\"465\" srcset=\"https:\/\/olu-limburg.de\/wp-content\/uploads\/2015\/12\/MJK-0310-Lena-VM1.jpg 621w, https:\/\/olu-limburg.de\/wp-content\/uploads\/2015\/12\/MJK-0310-Lena-VM1-300x225.jpg 300w\" sizes=\"auto, (max-width: 621px) 100vw, 621px\" \/><\/a><\/p>\n<p>Anschlie\u00dfend ziehen wir ein wenig weiter in den Englischen Garten. Es ist eine tolle Winterlandschaft. Beim Monopterus erleben wir einen wunderbaren Sonnenuntergang, in dem der Park und die Silhouette der Stadt in ein Altrosa getaucht wird.<\/p>\n<p><a href=\"https:\/\/olu-limburg.de\/wp-content\/uploads\/2015\/12\/MJK-0310-11-EG1.jpg\"><img loading=\"lazy\" decoding=\"async\" class=\"size-full wp-image-6370 aligncenter\" src=\"https:\/\/olu-limburg.de\/wp-content\/uploads\/2015\/12\/MJK-0310-11-EG1.jpg\" alt=\"MJK 0310 11 EG1\" width=\"640\" height=\"480\" srcset=\"https:\/\/olu-limburg.de\/wp-content\/uploads\/2015\/12\/MJK-0310-11-EG1.jpg 640w, https:\/\/olu-limburg.de\/wp-content\/uploads\/2015\/12\/MJK-0310-11-EG1-300x225.jpg 300w, https:\/\/olu-limburg.de\/wp-content\/uploads\/2015\/12\/MJK-0310-11-EG1-624x468.jpg 624w\" sizes=\"auto, (max-width: 640px) 100vw, 640px\" \/><\/a><\/p>\n<p><a href=\"https:\/\/olu-limburg.de\/wp-content\/uploads\/2015\/12\/MJK-0310-Anhang-Mono.jpg\"><img loading=\"lazy\" decoding=\"async\" class=\"size-full wp-image-6373 aligncenter\" src=\"https:\/\/olu-limburg.de\/wp-content\/uploads\/2015\/12\/MJK-0310-Anhang-Mono.jpg\" alt=\"MJK 0310 Anhang Mono\" width=\"640\" height=\"480\" srcset=\"https:\/\/olu-limburg.de\/wp-content\/uploads\/2015\/12\/MJK-0310-Anhang-Mono.jpg 640w, https:\/\/olu-limburg.de\/wp-content\/uploads\/2015\/12\/MJK-0310-Anhang-Mono-300x225.jpg 300w, https:\/\/olu-limburg.de\/wp-content\/uploads\/2015\/12\/MJK-0310-Anhang-Mono-624x468.jpg 624w\" sizes=\"auto, (max-width: 640px) 100vw, 640px\" \/><\/a><\/p>\n<p><a href=\"https:\/\/olu-limburg.de\/wp-content\/uploads\/2015\/12\/MJK-0310-12-EG2.jpg\"><img loading=\"lazy\" decoding=\"async\" class=\"size-full wp-image-6371 aligncenter\" src=\"https:\/\/olu-limburg.de\/wp-content\/uploads\/2015\/12\/MJK-0310-12-EG2.jpg\" alt=\"MJK 0310 12 EG2\" width=\"640\" height=\"480\" srcset=\"https:\/\/olu-limburg.de\/wp-content\/uploads\/2015\/12\/MJK-0310-12-EG2.jpg 640w, https:\/\/olu-limburg.de\/wp-content\/uploads\/2015\/12\/MJK-0310-12-EG2-300x225.jpg 300w, https:\/\/olu-limburg.de\/wp-content\/uploads\/2015\/12\/MJK-0310-12-EG2-624x468.jpg 624w\" sizes=\"auto, (max-width: 640px) 100vw, 640px\" \/><\/a><\/p>\n<p><a href=\"https:\/\/olu-limburg.de\/wp-content\/uploads\/2015\/12\/MJK-0310-13-EG3.jpg\"><img loading=\"lazy\" decoding=\"async\" class=\"size-full wp-image-6372 aligncenter\" src=\"https:\/\/olu-limburg.de\/wp-content\/uploads\/2015\/12\/MJK-0310-13-EG3.jpg\" alt=\"MJK 0310 13 EG3\" width=\"640\" height=\"480\" srcset=\"https:\/\/olu-limburg.de\/wp-content\/uploads\/2015\/12\/MJK-0310-13-EG3.jpg 640w, https:\/\/olu-limburg.de\/wp-content\/uploads\/2015\/12\/MJK-0310-13-EG3-300x225.jpg 300w, https:\/\/olu-limburg.de\/wp-content\/uploads\/2015\/12\/MJK-0310-13-EG3-624x468.jpg 624w\" sizes=\"auto, (max-width: 640px) 100vw, 640px\" \/><\/a><\/p>\n<p>Es ist noch zu fr\u00fch, um wieder zum Olympiapark zu fahren. Deshalb laufen wir in die nicht weit entfernte Giselastra\u00dfe. Dort wissen wir von einem Irish Pub. Dieser macht aber erst um 18.30 Uhr auf. Also geht es mit der U-Bahn wieder zum Marienplatz und in den Pub hinter der Liebfrauenkirche. Dort ist immer viel Betrieb. Wir genehmigen uns hier ein Abendessen und Guinness. Es gibt riesige Portionen, aber auch f\u00fcr viel Geld. Um 20.00 Uhr fahren wir vom vielen Laufen m\u00fcde zum Wohnmobil. Wie in den vergangenen Jahren auch, haben wir hier im Olympia-Park immer eine ruhige Nachtruhe.<\/p>\n<p>Tagesstrecke: 311 km<\/p>\n<p>&nbsp;<\/p>\n<p><strong>Samstag, 13.03.2010<\/strong><\/p>\n<p>In der Nacht hat es wieder geschneit. Und da das Wetter heute nicht so sch\u00f6n ist, haben wir uns den Besuch der Neuen Pinakothek vorgenommen (Eintritt 7,00 EUR). Dort verbringen wir den ganzen Vormittag. Unser Mittagsmahl nehmen wir heute im \u201eDonisel\u201c ein. F\u00fcr ein Lokal wo sich neben den Einheimischen aber auch sehr viele Touristen aufhalten, ist das Essen sehr gut und preiswert. Wir w\u00e4hlen einen Schweinekrustenbraten und einen Rotbarsch f\u00fcr jeweils 7,95 EUR.<\/p>\n<p><a href=\"https:\/\/olu-limburg.de\/wp-content\/uploads\/2015\/12\/MJK-0310-Anhang-Pina.jpg\"><img loading=\"lazy\" decoding=\"async\" class=\"size-full wp-image-6400 aligncenter\" src=\"https:\/\/olu-limburg.de\/wp-content\/uploads\/2015\/12\/MJK-0310-Anhang-Pina.jpg\" alt=\"MJK 0310 Anhang Pina\" width=\"640\" height=\"480\" srcset=\"https:\/\/olu-limburg.de\/wp-content\/uploads\/2015\/12\/MJK-0310-Anhang-Pina.jpg 640w, https:\/\/olu-limburg.de\/wp-content\/uploads\/2015\/12\/MJK-0310-Anhang-Pina-300x225.jpg 300w, https:\/\/olu-limburg.de\/wp-content\/uploads\/2015\/12\/MJK-0310-Anhang-Pina-624x468.jpg 624w\" sizes=\"auto, (max-width: 640px) 100vw, 640px\" \/><\/a><\/p>\n<p>In einem Auktionshaus am Viktualienmarkt treffen wir auch noch ein &#8222;Fernsehsternchen&#8220; aus dem Marienhof.<\/p>\n<p><a href=\"https:\/\/olu-limburg.de\/wp-content\/uploads\/2015\/12\/MJK-0310-16-FS-e1449516735393.jpg\"><img loading=\"lazy\" decoding=\"async\" class=\"size-full wp-image-6385 aligncenter\" src=\"https:\/\/olu-limburg.de\/wp-content\/uploads\/2015\/12\/MJK-0310-16-FS-e1449516735393.jpg\" alt=\"MJK 0310 16 FS\" width=\"450\" height=\"600\" \/><\/a><\/p>\n<p>Danach bummeln wir noch ein wenig weiter durch die Innenstadt und treffen \u00fcberall auf Bayern-Fans, die sich auf einen sch\u00f6nen Fu\u00dfball-Nachmittag vorbereiten und schon etwas \u201evorgl\u00fchen\u201c.<\/p>\n<p><a href=\"https:\/\/olu-limburg.de\/wp-content\/uploads\/2015\/12\/MJK-0310-Lena-BF.jpg\"><img loading=\"lazy\" decoding=\"async\" class=\"size-full wp-image-6401 aligncenter\" src=\"https:\/\/olu-limburg.de\/wp-content\/uploads\/2015\/12\/MJK-0310-Lena-BF.jpg\" alt=\"MJK 0310 Lena BF\" width=\"640\" height=\"480\" srcset=\"https:\/\/olu-limburg.de\/wp-content\/uploads\/2015\/12\/MJK-0310-Lena-BF.jpg 640w, https:\/\/olu-limburg.de\/wp-content\/uploads\/2015\/12\/MJK-0310-Lena-BF-300x225.jpg 300w, https:\/\/olu-limburg.de\/wp-content\/uploads\/2015\/12\/MJK-0310-Lena-BF-624x468.jpg 624w\" sizes=\"auto, (max-width: 640px) 100vw, 640px\" \/><\/a><\/p>\n<p><a href=\"https:\/\/olu-limburg.de\/wp-content\/uploads\/2015\/12\/MJK-0310-14-Fahr.jpg\"><img loading=\"lazy\" decoding=\"async\" class=\"size-full wp-image-6383 aligncenter\" src=\"https:\/\/olu-limburg.de\/wp-content\/uploads\/2015\/12\/MJK-0310-14-Fahr.jpg\" alt=\"MJK 0310 14 Fahr\" width=\"634\" height=\"475\" srcset=\"https:\/\/olu-limburg.de\/wp-content\/uploads\/2015\/12\/MJK-0310-14-Fahr.jpg 634w, https:\/\/olu-limburg.de\/wp-content\/uploads\/2015\/12\/MJK-0310-14-Fahr-300x225.jpg 300w, https:\/\/olu-limburg.de\/wp-content\/uploads\/2015\/12\/MJK-0310-14-Fahr-624x468.jpg 624w\" sizes=\"auto, (max-width: 634px) 100vw, 634px\" \/><\/a><\/p>\n<p><a href=\"https:\/\/olu-limburg.de\/wp-content\/uploads\/2015\/12\/MJK-0310-15-Fahr2.jpg\"><img loading=\"lazy\" decoding=\"async\" class=\"size-full wp-image-6384 aligncenter\" src=\"https:\/\/olu-limburg.de\/wp-content\/uploads\/2015\/12\/MJK-0310-15-Fahr2.jpg\" alt=\"MJK 0310 15 Fahr2\" width=\"634\" height=\"475\" srcset=\"https:\/\/olu-limburg.de\/wp-content\/uploads\/2015\/12\/MJK-0310-15-Fahr2.jpg 634w, https:\/\/olu-limburg.de\/wp-content\/uploads\/2015\/12\/MJK-0310-15-Fahr2-300x225.jpg 300w, https:\/\/olu-limburg.de\/wp-content\/uploads\/2015\/12\/MJK-0310-15-Fahr2-624x468.jpg 624w\" sizes=\"auto, (max-width: 634px) 100vw, 634px\" \/><\/a><\/p>\n<p>Das Wetter l\u00e4dt aber nicht dazu ein noch weiter zu ziehen. Also fahren wir mit der U-Bahn zum Wohnmobil zur\u00fcck und ruhen uns noch etwas aus.<\/p>\n<p><a href=\"https:\/\/olu-limburg.de\/wp-content\/uploads\/2015\/12\/MJK-0310-17-UB1.jpg\"><img loading=\"lazy\" decoding=\"async\" class=\"size-full wp-image-6386 aligncenter\" src=\"https:\/\/olu-limburg.de\/wp-content\/uploads\/2015\/12\/MJK-0310-17-UB1.jpg\" alt=\"MJK 0310 17 UB1\" width=\"640\" height=\"480\" srcset=\"https:\/\/olu-limburg.de\/wp-content\/uploads\/2015\/12\/MJK-0310-17-UB1.jpg 640w, https:\/\/olu-limburg.de\/wp-content\/uploads\/2015\/12\/MJK-0310-17-UB1-300x225.jpg 300w, https:\/\/olu-limburg.de\/wp-content\/uploads\/2015\/12\/MJK-0310-17-UB1-624x468.jpg 624w\" sizes=\"auto, (max-width: 640px) 100vw, 640px\" \/><\/a><\/p>\n<p><a href=\"https:\/\/olu-limburg.de\/wp-content\/uploads\/2015\/12\/MJK-0310-18-UB2-e1449516812931.jpg\"><img loading=\"lazy\" decoding=\"async\" class=\"size-full wp-image-6387 aligncenter\" src=\"https:\/\/olu-limburg.de\/wp-content\/uploads\/2015\/12\/MJK-0310-18-UB2-e1449516812931.jpg\" alt=\"MJK 0310 18 UB2\" width=\"450\" height=\"600\" \/><\/a><\/p>\n<p>Der Abend ist f\u00fcr unser \u201eHighlight\u201c reserviert und das Konzert von<a href=\"https:\/\/www.youtube.com\/watch?v=lS7ewf5lKTs\"> Jean Michel Jarre<\/a> in der Olympiahalle wurde sogar mit einem Artikel in der heutigen Bildzeitung angek\u00fcndigt.<\/p>\n<p><a href=\"https:\/\/olu-limburg.de\/wp-content\/uploads\/2015\/12\/MJK-0310-19-JK--e1449516886639.jpg\"><img loading=\"lazy\" decoding=\"async\" class=\"size-full wp-image-6388 aligncenter\" src=\"https:\/\/olu-limburg.de\/wp-content\/uploads\/2015\/12\/MJK-0310-19-JK--e1449516886639.jpg\" alt=\"MJK 0310 19 JK\" width=\"450\" height=\"600\" \/><\/a><\/p>\n<p>Laut Aussage von Jarre ist die Auff\u00fchrung auch eher eine moderne Oper als ein Rockkonzert. Als Grundlage dient sein Werk \u201eOxyg\u00e8ne\u201c in den verschiedensten Variationen und einige St\u00fccke von Equinoxe, sowie diversen anderen Titeln aus den vielen Jahren seines Schaffens. Untermalt wird die Musik von einer perfekten Lasershow, die auch \u00fcber die K\u00f6pfe der Besucher im Innenraum hinweg geht. Wir sitzen etwas h\u00f6her auf der Seite und haben deshalb einen tollen \u00dcberblick auf die B\u00fchne und den Saal. Es ist schon beeindruckend, wie ein riesiger Klangteppich in die Halle gezaubert wird. Neben Jarre sind noch drei weitere Personen in ihren Vierecken mit Computern, Keyboards und speziellen Klangk\u00f6rpern besch\u00e4ftigt. Dabei springt Jarre zwischen den einzelnen Anlagen hin und her, spielt mit der einen Hand am Keyboard und dreht mit der anderen Hand an bestimmten Themen-Kn\u00f6pfen herum. So jemand kann nur hyperaktiv sein.<\/p>\n<p><a href=\"https:\/\/olu-limburg.de\/wp-content\/uploads\/2015\/12\/MJK-0310-20-JK1.jpg\"><img loading=\"lazy\" decoding=\"async\" class=\"size-full wp-image-6389 aligncenter\" src=\"https:\/\/olu-limburg.de\/wp-content\/uploads\/2015\/12\/MJK-0310-20-JK1.jpg\" alt=\"MJK 0310 20 JK1\" width=\"640\" height=\"480\" srcset=\"https:\/\/olu-limburg.de\/wp-content\/uploads\/2015\/12\/MJK-0310-20-JK1.jpg 640w, https:\/\/olu-limburg.de\/wp-content\/uploads\/2015\/12\/MJK-0310-20-JK1-300x225.jpg 300w, https:\/\/olu-limburg.de\/wp-content\/uploads\/2015\/12\/MJK-0310-20-JK1-624x468.jpg 624w\" sizes=\"auto, (max-width: 640px) 100vw, 640px\" \/><\/a><\/p>\n<p><a href=\"https:\/\/olu-limburg.de\/wp-content\/uploads\/2015\/12\/MJK-0310-21-JK2.jpg\"><img loading=\"lazy\" decoding=\"async\" class=\"size-full wp-image-6390 aligncenter\" src=\"https:\/\/olu-limburg.de\/wp-content\/uploads\/2015\/12\/MJK-0310-21-JK2.jpg\" alt=\"MJK 0310 21 JK2\" width=\"640\" height=\"480\" srcset=\"https:\/\/olu-limburg.de\/wp-content\/uploads\/2015\/12\/MJK-0310-21-JK2.jpg 640w, https:\/\/olu-limburg.de\/wp-content\/uploads\/2015\/12\/MJK-0310-21-JK2-300x225.jpg 300w, https:\/\/olu-limburg.de\/wp-content\/uploads\/2015\/12\/MJK-0310-21-JK2-624x468.jpg 624w\" sizes=\"auto, (max-width: 640px) 100vw, 640px\" \/><\/a><\/p>\n<p><a href=\"https:\/\/olu-limburg.de\/wp-content\/uploads\/2015\/12\/MJK-0310-22-JK3.jpg\"><img loading=\"lazy\" decoding=\"async\" class=\"size-full wp-image-6391 aligncenter\" src=\"https:\/\/olu-limburg.de\/wp-content\/uploads\/2015\/12\/MJK-0310-22-JK3.jpg\" alt=\"MJK 0310 22 JK3\" width=\"640\" height=\"480\" srcset=\"https:\/\/olu-limburg.de\/wp-content\/uploads\/2015\/12\/MJK-0310-22-JK3.jpg 640w, https:\/\/olu-limburg.de\/wp-content\/uploads\/2015\/12\/MJK-0310-22-JK3-300x225.jpg 300w, https:\/\/olu-limburg.de\/wp-content\/uploads\/2015\/12\/MJK-0310-22-JK3-624x468.jpg 624w\" sizes=\"auto, (max-width: 640px) 100vw, 640px\" \/><\/a><\/p>\n<p><a href=\"https:\/\/olu-limburg.de\/wp-content\/uploads\/2015\/12\/MJK-0310-23-JK4.jpg\"><img loading=\"lazy\" decoding=\"async\" class=\"size-full wp-image-6392 aligncenter\" src=\"https:\/\/olu-limburg.de\/wp-content\/uploads\/2015\/12\/MJK-0310-23-JK4.jpg\" alt=\"MJK 0310 23 JK4\" width=\"640\" height=\"480\" srcset=\"https:\/\/olu-limburg.de\/wp-content\/uploads\/2015\/12\/MJK-0310-23-JK4.jpg 640w, https:\/\/olu-limburg.de\/wp-content\/uploads\/2015\/12\/MJK-0310-23-JK4-300x225.jpg 300w, https:\/\/olu-limburg.de\/wp-content\/uploads\/2015\/12\/MJK-0310-23-JK4-624x468.jpg 624w\" sizes=\"auto, (max-width: 640px) 100vw, 640px\" \/><\/a><\/p>\n<p><a href=\"https:\/\/olu-limburg.de\/wp-content\/uploads\/2015\/12\/MJK-0310-24-JK5.jpg\"><img loading=\"lazy\" decoding=\"async\" class=\"size-full wp-image-6393 aligncenter\" src=\"https:\/\/olu-limburg.de\/wp-content\/uploads\/2015\/12\/MJK-0310-24-JK5.jpg\" alt=\"MJK 0310 24 JK5\" width=\"640\" height=\"480\" srcset=\"https:\/\/olu-limburg.de\/wp-content\/uploads\/2015\/12\/MJK-0310-24-JK5.jpg 640w, https:\/\/olu-limburg.de\/wp-content\/uploads\/2015\/12\/MJK-0310-24-JK5-300x225.jpg 300w, https:\/\/olu-limburg.de\/wp-content\/uploads\/2015\/12\/MJK-0310-24-JK5-624x468.jpg 624w\" sizes=\"auto, (max-width: 640px) 100vw, 640px\" \/><\/a><\/p>\n<p><a href=\"https:\/\/olu-limburg.de\/wp-content\/uploads\/2015\/12\/MJK-0310-25-JK6.jpg\"><img loading=\"lazy\" decoding=\"async\" class=\"size-full wp-image-6394 aligncenter\" src=\"https:\/\/olu-limburg.de\/wp-content\/uploads\/2015\/12\/MJK-0310-25-JK6.jpg\" alt=\"MJK 0310 25 JK6\" width=\"640\" height=\"480\" srcset=\"https:\/\/olu-limburg.de\/wp-content\/uploads\/2015\/12\/MJK-0310-25-JK6.jpg 640w, https:\/\/olu-limburg.de\/wp-content\/uploads\/2015\/12\/MJK-0310-25-JK6-300x225.jpg 300w, https:\/\/olu-limburg.de\/wp-content\/uploads\/2015\/12\/MJK-0310-25-JK6-624x468.jpg 624w\" sizes=\"auto, (max-width: 640px) 100vw, 640px\" \/><\/a><\/p>\n<p><a href=\"https:\/\/olu-limburg.de\/wp-content\/uploads\/2015\/12\/MJK-0310-26-JK7.jpg\"><img loading=\"lazy\" decoding=\"async\" class=\"size-full wp-image-6395 aligncenter\" src=\"https:\/\/olu-limburg.de\/wp-content\/uploads\/2015\/12\/MJK-0310-26-JK7.jpg\" alt=\"MJK 0310 26 JK7\" width=\"640\" height=\"480\" srcset=\"https:\/\/olu-limburg.de\/wp-content\/uploads\/2015\/12\/MJK-0310-26-JK7.jpg 640w, https:\/\/olu-limburg.de\/wp-content\/uploads\/2015\/12\/MJK-0310-26-JK7-300x225.jpg 300w, https:\/\/olu-limburg.de\/wp-content\/uploads\/2015\/12\/MJK-0310-26-JK7-624x468.jpg 624w\" sizes=\"auto, (max-width: 640px) 100vw, 640px\" \/><\/a><\/p>\n<p><a href=\"https:\/\/olu-limburg.de\/wp-content\/uploads\/2015\/12\/MJK-0310-27-JK8.jpg\"><img loading=\"lazy\" decoding=\"async\" class=\"size-full wp-image-6396 aligncenter\" src=\"https:\/\/olu-limburg.de\/wp-content\/uploads\/2015\/12\/MJK-0310-27-JK8.jpg\" alt=\"MJK 0310 27 JK8\" width=\"640\" height=\"480\" srcset=\"https:\/\/olu-limburg.de\/wp-content\/uploads\/2015\/12\/MJK-0310-27-JK8.jpg 640w, https:\/\/olu-limburg.de\/wp-content\/uploads\/2015\/12\/MJK-0310-27-JK8-300x225.jpg 300w, https:\/\/olu-limburg.de\/wp-content\/uploads\/2015\/12\/MJK-0310-27-JK8-624x468.jpg 624w\" sizes=\"auto, (max-width: 640px) 100vw, 640px\" \/><\/a><\/p>\n<p><a href=\"https:\/\/olu-limburg.de\/wp-content\/uploads\/2015\/12\/MJK-0310-28-JK9.jpg\"><img loading=\"lazy\" decoding=\"async\" class=\"size-full wp-image-6397 aligncenter\" src=\"https:\/\/olu-limburg.de\/wp-content\/uploads\/2015\/12\/MJK-0310-28-JK9.jpg\" alt=\"MJK 0310 28 JK9\" width=\"640\" height=\"480\" srcset=\"https:\/\/olu-limburg.de\/wp-content\/uploads\/2015\/12\/MJK-0310-28-JK9.jpg 640w, https:\/\/olu-limburg.de\/wp-content\/uploads\/2015\/12\/MJK-0310-28-JK9-300x225.jpg 300w, https:\/\/olu-limburg.de\/wp-content\/uploads\/2015\/12\/MJK-0310-28-JK9-624x468.jpg 624w\" sizes=\"auto, (max-width: 640px) 100vw, 640px\" \/><\/a><\/p>\n<p><a href=\"https:\/\/olu-limburg.de\/wp-content\/uploads\/2015\/12\/MJK-0310-Anhang-JK10.jpg\"><img loading=\"lazy\" decoding=\"async\" class=\"size-full wp-image-6398 aligncenter\" src=\"https:\/\/olu-limburg.de\/wp-content\/uploads\/2015\/12\/MJK-0310-Anhang-JK10.jpg\" alt=\"MJK 0310 Anhang JK10\" width=\"640\" height=\"480\" srcset=\"https:\/\/olu-limburg.de\/wp-content\/uploads\/2015\/12\/MJK-0310-Anhang-JK10.jpg 640w, https:\/\/olu-limburg.de\/wp-content\/uploads\/2015\/12\/MJK-0310-Anhang-JK10-300x225.jpg 300w, https:\/\/olu-limburg.de\/wp-content\/uploads\/2015\/12\/MJK-0310-Anhang-JK10-624x468.jpg 624w\" sizes=\"auto, (max-width: 640px) 100vw, 640px\" \/><\/a><\/p>\n<p><a href=\"https:\/\/olu-limburg.de\/wp-content\/uploads\/2015\/12\/MJK-0310-Anhang-JK11.jpg\"><img loading=\"lazy\" decoding=\"async\" class=\"size-full wp-image-6399 aligncenter\" src=\"https:\/\/olu-limburg.de\/wp-content\/uploads\/2015\/12\/MJK-0310-Anhang-JK11.jpg\" alt=\"MJK 0310 Anhang JK11\" width=\"640\" height=\"480\" srcset=\"https:\/\/olu-limburg.de\/wp-content\/uploads\/2015\/12\/MJK-0310-Anhang-JK11.jpg 640w, https:\/\/olu-limburg.de\/wp-content\/uploads\/2015\/12\/MJK-0310-Anhang-JK11-300x225.jpg 300w, https:\/\/olu-limburg.de\/wp-content\/uploads\/2015\/12\/MJK-0310-Anhang-JK11-624x468.jpg 624w\" sizes=\"auto, (max-width: 640px) 100vw, 640px\" \/><\/a><\/p>\n<p>Viel zu schnell ist der Abend vorbei. Wir h\u00e4tten noch Stunden zuh\u00f6ren k\u00f6nnen. Zufrieden fallen wir in unser Bett, das nur ca. 300 m entfernt auf uns wartet.<\/p>\n<p>Tagesstrecke: 0 km<\/p>\n<p>&nbsp;<\/p>\n<p><strong>Sonntag, 14.03.2010<\/strong><\/p>\n<p>Es regnet. W\u00e4hrend wir fr\u00fchst\u00fccken kommt ein Parkw\u00e4chter und kassiert f\u00fcr die zwei N\u00e4chte die Geb\u00fchren, da der Automat angeblich nicht geht. Die Ausfahrt funktioniert reibungslos und wir fahren in Richtung Heimat.Zur Mittagszeit halten wir in M\u00fcnsterschwarzach an und essen im \u201eZum Benediktiner\u201c, einem zwar teuren aber guten Bio-Lokal. Danach rollen wir ohne Stau nach Hause.<\/p>\n<p>Tagesstrecke: 468 km<\/p>\n<p>&nbsp;<\/p>\n<p style=\"text-align: center;\"><a href=\"https:\/\/olu-limburg.de\/?page_id=6356\">zur\u00fcck zum Seitenanfang<\/a><\/p>\n","protected":false},"excerpt":{"rendered":"<p>Text: Hans-Werner\u00a0\u00a0\u00a0\u00a0\u00a0\u00a0\u00a0\u00a0\u00a0\u00a0\u00a0\u00a0\u00a0\u00a0\u00a0\u00a0\u00a0\u00a0\u00a0\u00a0\u00a0\u00a0\u00a0\u00a0\u00a0\u00a0\u00a0\u00a0\u00a0\u00a0\u00a0\u00a0\u00a0\u00a0\u00a0\u00a0\u00a0\u00a0\u00a0\u00a0\u00a0\u00a0\u00a0\u00a0\u00a0\u00a0\u00a0\u00a0\u00a0\u00a0\u00a0\u00a0\u00a0\u00a0\u00a0\u00a0\u00a0\u00a0\u00a0\u00a0\u00a0\u00a0\u00a0\u00a0\u00a0\u00a0\u00a0\u00a0\u00a0\u00a0\u00a0\u00a0\u00a0\u00a0\u00a0\u00a0\u00a0\u00a0\u00a0\u00a0\u00a0\u00a0\u00a0\u00a0\u00a0\u00a0\u00a0\u00a0\u00a0\u00a0\u00a0\u00a0\u00a0\u00a0\u00a0\u00a0\u00a0\u00a0\u00a0\u00a0\u00a0\u00a0\u00a0\u00a0\u00a0\u00a0\u00a0\u00a0\u00a0\u00a0\u00a0\u00a0\u00a0\u00a0\u00a0\u00a0 Fotos: Hans-Werner und Lena &nbsp; Donnerstag, 11.03.2010 Das Jahr hat uns zwar bis jetzt fast durchgehend Schnee beschert, trotzdem zieht es uns nach M\u00fcnchen, da Lena als Weihnachtsgeschenk Eintrittskarten f\u00fcr ein Konzert von Jean-Michel Jarre in der Olympiahalle besorgt hat. Nach der Arbeit fahren wir noch los. Wir wollen bis zum \u201eWertheim Village\u201c [&hellip;]<\/p>\n","protected":false},"author":1,"featured_media":0,"parent":0,"menu_order":0,"comment_status":"closed","ping_status":"closed","template":"page-templates\/full-width.php","meta":{"footnotes":""},"class_list":["post-6356","page","type-page","status-publish","hentry"],"_links":{"self":[{"href":"https:\/\/olu-limburg.de\/index.php?rest_route=\/wp\/v2\/pages\/6356","targetHints":{"allow":["GET"]}}],"collection":[{"href":"https:\/\/olu-limburg.de\/index.php?rest_route=\/wp\/v2\/pages"}],"about":[{"href":"https:\/\/olu-limburg.de\/index.php?rest_route=\/wp\/v2\/types\/page"}],"author":[{"embeddable":true,"href":"https:\/\/olu-limburg.de\/index.php?rest_route=\/wp\/v2\/users\/1"}],"replies":[{"embeddable":true,"href":"https:\/\/olu-limburg.de\/index.php?rest_route=%2Fwp%2Fv2%2Fcomments&post=6356"}],"version-history":[{"count":7,"href":"https:\/\/olu-limburg.de\/index.php?rest_route=\/wp\/v2\/pages\/6356\/revisions"}],"predecessor-version":[{"id":6405,"href":"https:\/\/olu-limburg.de\/index.php?rest_route=\/wp\/v2\/pages\/6356\/revisions\/6405"}],"wp:attachment":[{"href":"https:\/\/olu-limburg.de\/index.php?rest_route=%2Fwp%2Fv2%2Fmedia&parent=6356"}],"curies":[{"name":"wp","href":"https:\/\/api.w.org\/{rel}","templated":true}]}}