{"id":5822,"date":"2015-12-03T19:25:51","date_gmt":"2015-12-03T18:25:51","guid":{"rendered":"https:\/\/olu-limburg.de\/?page_id=5822"},"modified":"2015-12-16T22:41:41","modified_gmt":"2015-12-16T21:41:41","slug":"barr-2011","status":"publish","type":"page","link":"https:\/\/olu-limburg.de\/?page_id=5822","title":{"rendered":"Frankreich &#8211; Elsass Barr 2011"},"content":{"rendered":"<p>Text: Hans-Werner\u00a0\u00a0\u00a0\u00a0\u00a0\u00a0\u00a0\u00a0\u00a0\u00a0\u00a0\u00a0\u00a0\u00a0\u00a0\u00a0\u00a0\u00a0\u00a0\u00a0\u00a0 \u00a0 \u00a0 \u00a0 \u00a0 \u00a0 \u00a0 \u00a0 \u00a0 \u00a0 \u00a0 \u00a0 \u00a0 \u00a0 \u00a0 \u00a0 \u00a0 \u00a0 \u00a0 \u00a0 \u00a0 \u00a0 \u00a0 \u00a0 \u00a0 \u00a0 \u00a0 \u00a0 \u00a0 \u00a0 \u00a0 \u00a0 \u00a0 \u00a0 \u00a0 \u00a0 \u00a0 \u00a0 \u00a0 \u00a0 \u00a0 \u00a0 \u00a0 \u00a0 \u00a0 \u00a0 \u00a0 \u00a0\u00a0 Fotos: Hans-Werner und Lena<\/p>\n<p>Barr, eine kleine Stadt zwischen Strassbourg und Colmar, und das Fest des jungen Weines sind eigentlich ein Dauerbrenner und immer wieder sch\u00f6n.<\/p>\n<p><a href=\"https:\/\/olu-limburg.de\/wp-content\/uploads\/2015\/12\/Barr2011-001Plakat-e1449230780737.jpg\"><img loading=\"lazy\" decoding=\"async\" class=\"size-full wp-image-5827 aligncenter\" src=\"https:\/\/olu-limburg.de\/wp-content\/uploads\/2015\/12\/Barr2011-001Plakat-e1449230780737.jpg\" alt=\"Barr2011 001Plakat\" width=\"450\" height=\"600\" \/><\/a><\/p>\n<p>&nbsp;<\/p>\n<p><strong>Freitag, 30.09.2011<\/strong><\/p>\n<p>Nach einigen kleineren Staus auf der Autobahn erreichen wir Barr. Ohne lange zu z\u00f6gern fahre ich runter zur Turnhalle, wo wir schon von Ina, Rumtreibers, Maggie und Fredi aus der Schweiz freudig begr\u00fc\u00dft werden. Besonders nett fand ich auch, dass sie noch ganz tolle Leckereien vom Abendessen nicht nur \u00fcbrig gelassen, sondern auch zum Verzehr angeboten haben. Es ist sch\u00f6n, noch ein wenig drau\u00dfen zu sitzen.<\/p>\n<p>Nach kurzer Zeit trudelt noch Chris mit ihrem Mann ein. Der Paul aus Mainz quartiert sich erst im franz\u00f6sischen Lager ein.<\/p>\n<p>&nbsp;<\/p>\n<p><strong>Samstag, 01.10.2011<\/strong><\/p>\n<p>Paul zieht um. Es gibt tats\u00e4chlich ein deutsches und ein franz\u00f6sisches Lager. Einige franz\u00f6sische Womobesatzungen, die erst auf unserer Seite einparken, sind pl\u00f6tzlich auf der anderen Seite des Parkplatzes. Laut Lenas Z\u00e4hlung haben jetzt 25 Womos hier eingeparkt.<\/p>\n<p><a href=\"https:\/\/olu-limburg.de\/wp-content\/uploads\/2015\/12\/Barr2011-002Lager.jpg\"><img loading=\"lazy\" decoding=\"async\" class=\"size-full wp-image-5828 aligncenter\" src=\"https:\/\/olu-limburg.de\/wp-content\/uploads\/2015\/12\/Barr2011-002Lager.jpg\" alt=\"Barr2011 002Lager\" width=\"640\" height=\"480\" srcset=\"https:\/\/olu-limburg.de\/wp-content\/uploads\/2015\/12\/Barr2011-002Lager.jpg 640w, https:\/\/olu-limburg.de\/wp-content\/uploads\/2015\/12\/Barr2011-002Lager-300x225.jpg 300w, https:\/\/olu-limburg.de\/wp-content\/uploads\/2015\/12\/Barr2011-002Lager-624x468.jpg 624w\" sizes=\"auto, (max-width: 640px) 100vw, 640px\" \/><\/a><\/p>\n<p>Der weitere Ablauf des Wochenendes ist wie jedes Jahr: Flohmarkt, Flair, Musik und jungen Wein genie\u00dfen und ein gemeinsamer Abend im Innenhof beim Tischtennisverein.<\/p>\n<div id=\"attachment_5829\" style=\"width: 460px\" class=\"wp-caption aligncenter\"><a href=\"https:\/\/olu-limburg.de\/wp-content\/uploads\/2015\/12\/Barr2011-003Lohmarkt-e1449230892885.jpg\"><img loading=\"lazy\" decoding=\"async\" aria-describedby=\"caption-attachment-5829\" class=\"size-full wp-image-5829\" src=\"https:\/\/olu-limburg.de\/wp-content\/uploads\/2015\/12\/Barr2011-003Lohmarkt-e1449230892885.jpg\" alt=\"Ein Reiseklo aus Kriegszeiten.\" width=\"450\" height=\"601\" \/><\/a><p id=\"caption-attachment-5829\" class=\"wp-caption-text\">Ein Reiseklo aus Kriegszeiten.<\/p><\/div>\n<p><a href=\"https:\/\/olu-limburg.de\/wp-content\/uploads\/2015\/12\/Barr2011-004Floh2-e1449230931837.jpg\"><img loading=\"lazy\" decoding=\"async\" class=\"size-full wp-image-5830 alignleft\" src=\"https:\/\/olu-limburg.de\/wp-content\/uploads\/2015\/12\/Barr2011-004Floh2-e1449230931837.jpg\" alt=\"Barr2011 004Floh2\" width=\"450\" height=\"600\" \/><\/a><\/p>\n<p><a href=\"https:\/\/olu-limburg.de\/wp-content\/uploads\/2015\/12\/Barr2011-005Floh3-e1449230950997.jpg\"><img loading=\"lazy\" decoding=\"async\" class=\"size-full wp-image-5831 alignright\" src=\"https:\/\/olu-limburg.de\/wp-content\/uploads\/2015\/12\/Barr2011-005Floh3-e1449230950997.jpg\" alt=\"Barr2011 005Floh3\" width=\"450\" height=\"599\" \/><\/a><\/p>\n<p><a href=\"https:\/\/olu-limburg.de\/wp-content\/uploads\/2015\/12\/Barr2011-006Transp.jpg\"><img loading=\"lazy\" decoding=\"async\" class=\"size-full wp-image-5832 aligncenter\" src=\"https:\/\/olu-limburg.de\/wp-content\/uploads\/2015\/12\/Barr2011-006Transp.jpg\" alt=\"Barr2011 006Transp\" width=\"621\" height=\"466\" srcset=\"https:\/\/olu-limburg.de\/wp-content\/uploads\/2015\/12\/Barr2011-006Transp.jpg 621w, https:\/\/olu-limburg.de\/wp-content\/uploads\/2015\/12\/Barr2011-006Transp-300x225.jpg 300w\" sizes=\"auto, (max-width: 621px) 100vw, 621px\" \/><\/a><\/p>\n<p><a href=\"https:\/\/olu-limburg.de\/wp-content\/uploads\/2015\/12\/Barr2011-007RathPl.jpg\"><img loading=\"lazy\" decoding=\"async\" class=\"size-full wp-image-5833 aligncenter\" src=\"https:\/\/olu-limburg.de\/wp-content\/uploads\/2015\/12\/Barr2011-007RathPl.jpg\" alt=\"Barr2011 007RathPl\" width=\"627\" height=\"470\" srcset=\"https:\/\/olu-limburg.de\/wp-content\/uploads\/2015\/12\/Barr2011-007RathPl.jpg 627w, https:\/\/olu-limburg.de\/wp-content\/uploads\/2015\/12\/Barr2011-007RathPl-300x225.jpg 300w, https:\/\/olu-limburg.de\/wp-content\/uploads\/2015\/12\/Barr2011-007RathPl-624x468.jpg 624w\" sizes=\"auto, (max-width: 627px) 100vw, 627px\" \/><\/a><\/p>\n<p><a href=\"https:\/\/olu-limburg.de\/wp-content\/uploads\/2015\/12\/Barr2011-008Weinhaus-e1449231001134.jpg\"><img loading=\"lazy\" decoding=\"async\" class=\"size-full wp-image-5834 alignleft\" src=\"https:\/\/olu-limburg.de\/wp-content\/uploads\/2015\/12\/Barr2011-008Weinhaus-e1449231001134.jpg\" alt=\"Barr2011 008Weinhaus\" width=\"450\" height=\"600\" \/><\/a><\/p>\n<div id=\"attachment_5835\" style=\"width: 460px\" class=\"wp-caption aligncenter\"><a href=\"https:\/\/olu-limburg.de\/wp-content\/uploads\/2015\/12\/Barr2011-009Damen-e1449231019622.jpg\"><img loading=\"lazy\" decoding=\"async\" aria-describedby=\"caption-attachment-5835\" class=\"size-full wp-image-5835\" src=\"https:\/\/olu-limburg.de\/wp-content\/uploads\/2015\/12\/Barr2011-009Damen-e1449231019622.jpg\" alt=\"Gilt der suchende Blick von Maggie und Gaby jetzt dem Weinstand oder der Musik?\" width=\"450\" height=\"600\" \/><\/a><p id=\"caption-attachment-5835\" class=\"wp-caption-text\">Gilt der suchende Blick von Maggie und Gaby jetzt dem Weinstand oder der Musik?<\/p><\/div>\n<p><a href=\"https:\/\/olu-limburg.de\/wp-content\/uploads\/2015\/12\/Barr2011-010Musik.jpg\"><img loading=\"lazy\" decoding=\"async\" class=\"size-full wp-image-5836 aligncenter\" src=\"https:\/\/olu-limburg.de\/wp-content\/uploads\/2015\/12\/Barr2011-010Musik.jpg\" alt=\"Barr2011 010Musik\" width=\"621\" height=\"466\" srcset=\"https:\/\/olu-limburg.de\/wp-content\/uploads\/2015\/12\/Barr2011-010Musik.jpg 621w, https:\/\/olu-limburg.de\/wp-content\/uploads\/2015\/12\/Barr2011-010Musik-300x225.jpg 300w\" sizes=\"auto, (max-width: 621px) 100vw, 621px\" \/><\/a><\/p>\n<p><a href=\"https:\/\/olu-limburg.de\/wp-content\/uploads\/2015\/12\/Barr2011-013laut-e1449231074279.jpg\"><img loading=\"lazy\" decoding=\"async\" class=\"size-full wp-image-5838 aligncenter\" src=\"https:\/\/olu-limburg.de\/wp-content\/uploads\/2015\/12\/Barr2011-013laut-e1449231074279.jpg\" alt=\"Barr2011 013laut\" width=\"450\" height=\"600\" \/><\/a><\/p>\n<div id=\"attachment_5839\" style=\"width: 460px\" class=\"wp-caption alignleft\"><a href=\"https:\/\/olu-limburg.de\/wp-content\/uploads\/2015\/12\/Barr2011-014Junge-e1449231092468.jpg\"><img loading=\"lazy\" decoding=\"async\" aria-describedby=\"caption-attachment-5839\" class=\"wp-image-5839 size-full\" src=\"https:\/\/olu-limburg.de\/wp-content\/uploads\/2015\/12\/Barr2011-014Junge-e1449231092468.jpg\" alt=\"Barr2011 014Junge\" width=\"450\" height=\"600\" \/><\/a><p id=\"caption-attachment-5839\" class=\"wp-caption-text\">Mir ist das zu laut.<\/p><\/div>\n<div id=\"attachment_5837\" style=\"width: 460px\" class=\"wp-caption alignright\"><a href=\"https:\/\/olu-limburg.de\/wp-content\/uploads\/2015\/12\/Barr2011-011Herren-e1449231159381.jpg\"><img loading=\"lazy\" decoding=\"async\" aria-describedby=\"caption-attachment-5837\" class=\"size-full wp-image-5837\" src=\"https:\/\/olu-limburg.de\/wp-content\/uploads\/2015\/12\/Barr2011-011Herren-e1449231159381.jpg\" alt=\"F\u00fcr richtige M\u00e4nner doch lieber etwas herzhaftes! \" width=\"450\" height=\"600\" \/><\/a><p id=\"caption-attachment-5837\" class=\"wp-caption-text\">F\u00fcr richtige M\u00e4nner doch lieber etwas herzhaftes!<\/p><\/div>\n<p><a href=\"https:\/\/olu-limburg.de\/wp-content\/uploads\/2015\/12\/Barr2011-015Pizza.jpg\"><img loading=\"lazy\" decoding=\"async\" class=\"size-full wp-image-5840 aligncenter\" src=\"https:\/\/olu-limburg.de\/wp-content\/uploads\/2015\/12\/Barr2011-015Pizza.jpg\" alt=\"Barr2011 015Pizza\" width=\"640\" height=\"480\" srcset=\"https:\/\/olu-limburg.de\/wp-content\/uploads\/2015\/12\/Barr2011-015Pizza.jpg 640w, https:\/\/olu-limburg.de\/wp-content\/uploads\/2015\/12\/Barr2011-015Pizza-300x225.jpg 300w, https:\/\/olu-limburg.de\/wp-content\/uploads\/2015\/12\/Barr2011-015Pizza-624x468.jpg 624w\" sizes=\"auto, (max-width: 640px) 100vw, 640px\" \/><\/a><\/p>\n<p><a href=\"https:\/\/olu-limburg.de\/wp-content\/uploads\/2015\/12\/Barr2011-016Strass1-e1449231218134.jpg\"><img loading=\"lazy\" decoding=\"async\" class=\"size-full wp-image-5841 alignleft\" src=\"https:\/\/olu-limburg.de\/wp-content\/uploads\/2015\/12\/Barr2011-016Strass1-e1449231218134.jpg\" alt=\"Barr2011 016Strass1\" width=\"450\" height=\"600\" \/><\/a><\/p>\n<div id=\"attachment_5842\" style=\"width: 460px\" class=\"wp-caption alignright\"><a href=\"https:\/\/olu-limburg.de\/wp-content\/uploads\/2015\/12\/Barr2011-017Radf-e1449231236300.jpg\"><img loading=\"lazy\" decoding=\"async\" aria-describedby=\"caption-attachment-5842\" class=\"size-full wp-image-5842\" src=\"https:\/\/olu-limburg.de\/wp-content\/uploads\/2015\/12\/Barr2011-017Radf-e1449231236300.jpg\" alt=\"Die Truppe mit den verr\u00fcckten R\u00e4dern.\" width=\"450\" height=\"600\" \/><\/a><p id=\"caption-attachment-5842\" class=\"wp-caption-text\">Die Truppe mit den verr\u00fcckten R\u00e4dern.<\/p><\/div>\n<p><a href=\"https:\/\/olu-limburg.de\/wp-content\/uploads\/2015\/12\/Barr2011-018Irok-e1449231281711.jpg\"><img loading=\"lazy\" decoding=\"async\" class=\"size-full wp-image-5843 aligncenter\" src=\"https:\/\/olu-limburg.de\/wp-content\/uploads\/2015\/12\/Barr2011-018Irok-e1449231281711.jpg\" alt=\"Barr2011 018Irok\" width=\"450\" height=\"600\" \/><\/a><\/p>\n<p><a href=\"https:\/\/olu-limburg.de\/wp-content\/uploads\/2015\/12\/Barr2011-019Umzug-e1449231299818.jpg\"><img loading=\"lazy\" decoding=\"async\" class=\"size-full wp-image-5844 aligncenter\" src=\"https:\/\/olu-limburg.de\/wp-content\/uploads\/2015\/12\/Barr2011-019Umzug-e1449231299818.jpg\" alt=\"Barr2011 019Umzug\" width=\"450\" height=\"600\" \/><\/a><\/p>\n<p><a href=\"https:\/\/olu-limburg.de\/wp-content\/uploads\/2015\/12\/Barr2011-020RathAb.jpg\"><img loading=\"lazy\" decoding=\"async\" class=\"size-full wp-image-5845 aligncenter\" src=\"https:\/\/olu-limburg.de\/wp-content\/uploads\/2015\/12\/Barr2011-020RathAb.jpg\" alt=\"Barr2011 020RathAb\" width=\"640\" height=\"480\" srcset=\"https:\/\/olu-limburg.de\/wp-content\/uploads\/2015\/12\/Barr2011-020RathAb.jpg 640w, https:\/\/olu-limburg.de\/wp-content\/uploads\/2015\/12\/Barr2011-020RathAb-300x225.jpg 300w, https:\/\/olu-limburg.de\/wp-content\/uploads\/2015\/12\/Barr2011-020RathAb-624x468.jpg 624w\" sizes=\"auto, (max-width: 640px) 100vw, 640px\" \/><\/a><\/p>\n<div id=\"attachment_5846\" style=\"width: 460px\" class=\"wp-caption aligncenter\"><a href=\"https:\/\/olu-limburg.de\/wp-content\/uploads\/2015\/12\/Barr2011-021Aussch-e1449231329735.jpg\"><img loading=\"lazy\" decoding=\"async\" aria-describedby=\"caption-attachment-5846\" class=\"size-full wp-image-5846\" src=\"https:\/\/olu-limburg.de\/wp-content\/uploads\/2015\/12\/Barr2011-021Aussch-e1449231329735.jpg\" alt=\"Nach der feierlichen Er\u00f6ffnung gibt es am Rathaus jungen Wein ...\" width=\"450\" height=\"600\" \/><\/a><p id=\"caption-attachment-5846\" class=\"wp-caption-text\">Nach der feierlichen Er\u00f6ffnung gibt es am Rathaus jungen Wein &#8230;<\/p><\/div>\n<div id=\"attachment_5847\" style=\"width: 644px\" class=\"wp-caption aligncenter\"><a href=\"https:\/\/olu-limburg.de\/wp-content\/uploads\/2015\/12\/Barr2011-022Konz.jpg\"><img loading=\"lazy\" decoding=\"async\" aria-describedby=\"caption-attachment-5847\" class=\"wp-image-5847 size-full\" src=\"https:\/\/olu-limburg.de\/wp-content\/uploads\/2015\/12\/Barr2011-022Konz.jpg\" alt=\"Barr2011 022Konz\" width=\"634\" height=\"475\" srcset=\"https:\/\/olu-limburg.de\/wp-content\/uploads\/2015\/12\/Barr2011-022Konz.jpg 634w, https:\/\/olu-limburg.de\/wp-content\/uploads\/2015\/12\/Barr2011-022Konz-300x225.jpg 300w, https:\/\/olu-limburg.de\/wp-content\/uploads\/2015\/12\/Barr2011-022Konz-624x468.jpg 624w\" sizes=\"auto, (max-width: 634px) 100vw, 634px\" \/><\/a><p id=\"caption-attachment-5847\" class=\"wp-caption-text\">&#8230; und ein abendliches Konzert mit dem Musikzug der Feuerwehr Schleithal.<\/p><\/div>\n<div id=\"attachment_5848\" style=\"width: 650px\" class=\"wp-caption aligncenter\"><a href=\"https:\/\/olu-limburg.de\/wp-content\/uploads\/2015\/12\/Barr2011-023Zelt.jpg\"><img loading=\"lazy\" decoding=\"async\" aria-describedby=\"caption-attachment-5848\" class=\"size-full wp-image-5848\" src=\"https:\/\/olu-limburg.de\/wp-content\/uploads\/2015\/12\/Barr2011-023Zelt.jpg\" alt=\"Gem\u00fctliches Beisammensein in einem Barrer Innenhof.\" width=\"640\" height=\"480\" srcset=\"https:\/\/olu-limburg.de\/wp-content\/uploads\/2015\/12\/Barr2011-023Zelt.jpg 640w, https:\/\/olu-limburg.de\/wp-content\/uploads\/2015\/12\/Barr2011-023Zelt-300x225.jpg 300w, https:\/\/olu-limburg.de\/wp-content\/uploads\/2015\/12\/Barr2011-023Zelt-624x468.jpg 624w\" sizes=\"auto, (max-width: 640px) 100vw, 640px\" \/><\/a><p id=\"caption-attachment-5848\" class=\"wp-caption-text\">Gem\u00fctliches Beisammensein in einem Barrer Innenhof.<\/p><\/div>\n<div id=\"attachment_5849\" style=\"width: 650px\" class=\"wp-caption aligncenter\"><a href=\"https:\/\/olu-limburg.de\/wp-content\/uploads\/2015\/12\/Barr2011-024Rock.jpg\"><img loading=\"lazy\" decoding=\"async\" aria-describedby=\"caption-attachment-5849\" class=\"size-full wp-image-5849\" src=\"https:\/\/olu-limburg.de\/wp-content\/uploads\/2015\/12\/Barr2011-024Rock.jpg\" alt=\"Um Mitternacht gab es noch ein Rockkonzert auf dem Rathausplatz.\" width=\"640\" height=\"480\" srcset=\"https:\/\/olu-limburg.de\/wp-content\/uploads\/2015\/12\/Barr2011-024Rock.jpg 640w, https:\/\/olu-limburg.de\/wp-content\/uploads\/2015\/12\/Barr2011-024Rock-300x225.jpg 300w, https:\/\/olu-limburg.de\/wp-content\/uploads\/2015\/12\/Barr2011-024Rock-624x468.jpg 624w\" sizes=\"auto, (max-width: 640px) 100vw, 640px\" \/><\/a><p id=\"caption-attachment-5849\" class=\"wp-caption-text\">Um Mitternacht gab es noch ein Rockkonzert auf dem Rathausplatz.<\/p><\/div>\n<p><strong>Sonntag, 02.10.2011<\/strong><\/p>\n<p>Es laufen wieder Musikgruppen durch die Altstadt, wir auch; an den Brunnen gibt es jungen Wein; kurz was essen und ausruhen.<\/p>\n<p><a href=\"https:\/\/olu-limburg.de\/wp-content\/uploads\/2015\/12\/Barr2011-025Brunnen1.jpg\"><img loading=\"lazy\" decoding=\"async\" class=\"size-full wp-image-5850 aligncenter\" src=\"https:\/\/olu-limburg.de\/wp-content\/uploads\/2015\/12\/Barr2011-025Brunnen1.jpg\" alt=\"Barr2011 025Brunnen1\" width=\"634\" height=\"475\" srcset=\"https:\/\/olu-limburg.de\/wp-content\/uploads\/2015\/12\/Barr2011-025Brunnen1.jpg 634w, https:\/\/olu-limburg.de\/wp-content\/uploads\/2015\/12\/Barr2011-025Brunnen1-300x225.jpg 300w, https:\/\/olu-limburg.de\/wp-content\/uploads\/2015\/12\/Barr2011-025Brunnen1-624x468.jpg 624w\" sizes=\"auto, (max-width: 634px) 100vw, 634px\" \/><\/a><\/p>\n<div id=\"attachment_5851\" style=\"width: 460px\" class=\"wp-caption alignleft\"><a href=\"https:\/\/olu-limburg.de\/wp-content\/uploads\/2015\/12\/Barr2011-026Brunnen2-e1449231924875.jpg\"><img loading=\"lazy\" decoding=\"async\" aria-describedby=\"caption-attachment-5851\" class=\"size-full wp-image-5851\" src=\"https:\/\/olu-limburg.de\/wp-content\/uploads\/2015\/12\/Barr2011-026Brunnen2-e1449231924875.jpg\" alt=\"Wolfram ist schon am fr\u00fchen Morgen wieder an der Tr\u00e4nke. \" width=\"450\" height=\"600\" \/><\/a><p id=\"caption-attachment-5851\" class=\"wp-caption-text\">Wolfram ist schon am fr\u00fchen Morgen wieder an der Tr\u00e4nke.<\/p><\/div>\n<div id=\"attachment_5854\" style=\"width: 460px\" class=\"wp-caption alignright\"><a href=\"https:\/\/olu-limburg.de\/wp-content\/uploads\/2015\/12\/Barr2011-027Brunnen3-e1449232260353.jpg\"><img loading=\"lazy\" decoding=\"async\" aria-describedby=\"caption-attachment-5854\" class=\"size-full wp-image-5854\" src=\"https:\/\/olu-limburg.de\/wp-content\/uploads\/2015\/12\/Barr2011-027Brunnen3-e1449232260353.jpg\" alt=\"Was macht denn der Wolfram da? Gibt es schon wieder was zum Trinken? \" width=\"450\" height=\"600\" \/><\/a><p id=\"caption-attachment-5854\" class=\"wp-caption-text\">Was macht denn der Wolfram da? Gibt es schon wieder was zum Trinken?<\/p><\/div>\n<div id=\"attachment_5855\" style=\"width: 460px\" class=\"wp-caption aligncenter\"><a href=\"https:\/\/olu-limburg.de\/wp-content\/uploads\/2015\/12\/Barr2011-028Brunnen4-e1449232310111.jpg\"><img loading=\"lazy\" decoding=\"async\" aria-describedby=\"caption-attachment-5855\" class=\"size-full wp-image-5855\" src=\"https:\/\/olu-limburg.de\/wp-content\/uploads\/2015\/12\/Barr2011-028Brunnen4-e1449232310111.jpg\" alt=\"Na geht doch!\" width=\"450\" height=\"600\" \/><\/a><p id=\"caption-attachment-5855\" class=\"wp-caption-text\">Na geht doch!<\/p><\/div>\n<p>&nbsp;<\/p>\n<p><a href=\"https:\/\/olu-limburg.de\/wp-content\/uploads\/2015\/12\/Barr2011-029Grupp1.jpg\"><img loading=\"lazy\" decoding=\"async\" class=\"size-full wp-image-5856 aligncenter\" src=\"https:\/\/olu-limburg.de\/wp-content\/uploads\/2015\/12\/Barr2011-029Grupp1.jpg\" alt=\"Barr2011 029Grupp1\" width=\"640\" height=\"480\" srcset=\"https:\/\/olu-limburg.de\/wp-content\/uploads\/2015\/12\/Barr2011-029Grupp1.jpg 640w, https:\/\/olu-limburg.de\/wp-content\/uploads\/2015\/12\/Barr2011-029Grupp1-300x225.jpg 300w, https:\/\/olu-limburg.de\/wp-content\/uploads\/2015\/12\/Barr2011-029Grupp1-624x468.jpg 624w\" sizes=\"auto, (max-width: 640px) 100vw, 640px\" \/><\/a><\/p>\n<p><a href=\"https:\/\/olu-limburg.de\/wp-content\/uploads\/2015\/12\/Barr2011-030Grupp2-e1449232372111.jpg\"><img loading=\"lazy\" decoding=\"async\" class=\"size-full wp-image-5857 alignleft\" src=\"https:\/\/olu-limburg.de\/wp-content\/uploads\/2015\/12\/Barr2011-030Grupp2-e1449232372111.jpg\" alt=\"Barr2011 030Grupp2\" width=\"450\" height=\"601\" \/><\/a><\/p>\n<p><a href=\"https:\/\/olu-limburg.de\/wp-content\/uploads\/2015\/12\/Barr2011-031Grupp3-e1449232389143.jpg\"><img loading=\"lazy\" decoding=\"async\" class=\"size-full wp-image-5858 alignright\" src=\"https:\/\/olu-limburg.de\/wp-content\/uploads\/2015\/12\/Barr2011-031Grupp3-e1449232389143.jpg\" alt=\"Barr2011 031Grupp3\" width=\"450\" height=\"600\" \/><\/a><\/p>\n<div id=\"attachment_5859\" style=\"width: 637px\" class=\"wp-caption aligncenter\"><a href=\"https:\/\/olu-limburg.de\/wp-content\/uploads\/2015\/12\/Barr2011-032Grupp4.jpg\"><img loading=\"lazy\" decoding=\"async\" aria-describedby=\"caption-attachment-5859\" class=\"size-full wp-image-5859\" src=\"https:\/\/olu-limburg.de\/wp-content\/uploads\/2015\/12\/Barr2011-032Grupp4.jpg\" alt=\"Die Musi hat Ruh.\" width=\"627\" height=\"470\" srcset=\"https:\/\/olu-limburg.de\/wp-content\/uploads\/2015\/12\/Barr2011-032Grupp4.jpg 627w, https:\/\/olu-limburg.de\/wp-content\/uploads\/2015\/12\/Barr2011-032Grupp4-300x225.jpg 300w, https:\/\/olu-limburg.de\/wp-content\/uploads\/2015\/12\/Barr2011-032Grupp4-624x468.jpg 624w\" sizes=\"auto, (max-width: 627px) 100vw, 627px\" \/><\/a><p id=\"caption-attachment-5859\" class=\"wp-caption-text\">Die Musi hat Ruh.<\/p><\/div>\n<p><a href=\"https:\/\/olu-limburg.de\/wp-content\/uploads\/2015\/12\/Barr2011-033Grupp5-e1449232425476.jpg\"><img loading=\"lazy\" decoding=\"async\" class=\"size-full wp-image-5860 aligncenter\" src=\"https:\/\/olu-limburg.de\/wp-content\/uploads\/2015\/12\/Barr2011-033Grupp5-e1449232425476.jpg\" alt=\"Barr2011 033Grupp5\" width=\"450\" height=\"600\" \/><\/a><\/p>\n<p><a href=\"https:\/\/olu-limburg.de\/wp-content\/uploads\/2015\/12\/Barr2011-034Grupp6.jpg\"><img loading=\"lazy\" decoding=\"async\" class=\"size-full wp-image-5861 aligncenter\" src=\"https:\/\/olu-limburg.de\/wp-content\/uploads\/2015\/12\/Barr2011-034Grupp6.jpg\" alt=\"Barr2011 034Grupp6\" width=\"615\" height=\"461\" srcset=\"https:\/\/olu-limburg.de\/wp-content\/uploads\/2015\/12\/Barr2011-034Grupp6.jpg 615w, https:\/\/olu-limburg.de\/wp-content\/uploads\/2015\/12\/Barr2011-034Grupp6-300x225.jpg 300w\" sizes=\"auto, (max-width: 615px) 100vw, 615px\" \/><\/a><\/p>\n<div id=\"attachment_5862\" style=\"width: 460px\" class=\"wp-caption alignleft\"><a href=\"https:\/\/olu-limburg.de\/wp-content\/uploads\/2015\/12\/Barr2011-035Gugge-e1449232454711.jpg\"><img loading=\"lazy\" decoding=\"async\" aria-describedby=\"caption-attachment-5862\" class=\"size-full wp-image-5862\" src=\"https:\/\/olu-limburg.de\/wp-content\/uploads\/2015\/12\/Barr2011-035Gugge-e1449232454711.jpg\" alt=\"Ei gugge mol, was f\u00fcrn Guggemusik.\" width=\"450\" height=\"600\" \/><\/a><p id=\"caption-attachment-5862\" class=\"wp-caption-text\">Ei gugge mol, was f\u00fcrn Guggemusik.<\/p><\/div>\n<p><a href=\"https:\/\/olu-limburg.de\/wp-content\/uploads\/2015\/12\/Barr2011-036Ansicht-e1449232505340.jpg\"><img loading=\"lazy\" decoding=\"async\" class=\"size-full wp-image-5863 alignright\" src=\"https:\/\/olu-limburg.de\/wp-content\/uploads\/2015\/12\/Barr2011-036Ansicht-e1449232505340.jpg\" alt=\"Barr2011 036Ansicht\" width=\"450\" height=\"601\" \/><\/a><\/p>\n<div id=\"attachment_5864\" style=\"width: 631px\" class=\"wp-caption aligncenter\"><a href=\"https:\/\/olu-limburg.de\/wp-content\/uploads\/2015\/12\/Barr2011-037FW1.jpg\"><img loading=\"lazy\" decoding=\"async\" aria-describedby=\"caption-attachment-5864\" class=\"size-full wp-image-5864\" src=\"https:\/\/olu-limburg.de\/wp-content\/uploads\/2015\/12\/Barr2011-037FW1.jpg\" alt=\"Appell der Feuerwehr .... \" width=\"621\" height=\"466\" srcset=\"https:\/\/olu-limburg.de\/wp-content\/uploads\/2015\/12\/Barr2011-037FW1.jpg 621w, https:\/\/olu-limburg.de\/wp-content\/uploads\/2015\/12\/Barr2011-037FW1-300x225.jpg 300w\" sizes=\"auto, (max-width: 621px) 100vw, 621px\" \/><\/a><p id=\"caption-attachment-5864\" class=\"wp-caption-text\">Appell der Feuerwehr &#8230;.<\/p><\/div>\n<div id=\"attachment_5865\" style=\"width: 625px\" class=\"wp-caption aligncenter\"><a href=\"https:\/\/olu-limburg.de\/wp-content\/uploads\/2015\/12\/Barr2011-038FW2.jpg\"><img loading=\"lazy\" decoding=\"async\" aria-describedby=\"caption-attachment-5865\" class=\"size-full wp-image-5865\" src=\"https:\/\/olu-limburg.de\/wp-content\/uploads\/2015\/12\/Barr2011-038FW2.jpg\" alt=\"... beim Abspielen der &quot;Marseillaise&quot;.\" width=\"615\" height=\"461\" srcset=\"https:\/\/olu-limburg.de\/wp-content\/uploads\/2015\/12\/Barr2011-038FW2.jpg 615w, https:\/\/olu-limburg.de\/wp-content\/uploads\/2015\/12\/Barr2011-038FW2-300x225.jpg 300w\" sizes=\"auto, (max-width: 615px) 100vw, 615px\" \/><\/a><p id=\"caption-attachment-5865\" class=\"wp-caption-text\">&#8230; beim Abspielen der &#8222;Marseillaise&#8220;.<\/p><\/div>\n<div id=\"attachment_5866\" style=\"width: 460px\" class=\"wp-caption aligncenter\"><a href=\"https:\/\/olu-limburg.de\/wp-content\/uploads\/2015\/12\/Barr2011-040Weinbr-e1449232585804.jpg\"><img loading=\"lazy\" decoding=\"async\" aria-describedby=\"caption-attachment-5866\" class=\"size-full wp-image-5866\" src=\"https:\/\/olu-limburg.de\/wp-content\/uploads\/2015\/12\/Barr2011-040Weinbr-e1449232585804.jpg\" alt=\"Und wieder ruft der junge Wein und alle kommen. \" width=\"450\" height=\"600\" \/><\/a><p id=\"caption-attachment-5866\" class=\"wp-caption-text\">Und wieder ruft der junge Wein und alle kommen.<\/p><\/div>\n<p><em>\u00a0<\/em><\/p>\n<div id=\"attachment_5867\" style=\"width: 637px\" class=\"wp-caption aligncenter\"><a href=\"https:\/\/olu-limburg.de\/wp-content\/uploads\/2015\/12\/Barr2011-041Zig.jpg\"><img loading=\"lazy\" decoding=\"async\" aria-describedby=\"caption-attachment-5867\" class=\"size-full wp-image-5867\" src=\"https:\/\/olu-limburg.de\/wp-content\/uploads\/2015\/12\/Barr2011-041Zig.jpg\" alt=\"Gaukler sind in der Stadt.\" width=\"627\" height=\"470\" srcset=\"https:\/\/olu-limburg.de\/wp-content\/uploads\/2015\/12\/Barr2011-041Zig.jpg 627w, https:\/\/olu-limburg.de\/wp-content\/uploads\/2015\/12\/Barr2011-041Zig-300x225.jpg 300w, https:\/\/olu-limburg.de\/wp-content\/uploads\/2015\/12\/Barr2011-041Zig-624x468.jpg 624w\" sizes=\"auto, (max-width: 627px) 100vw, 627px\" \/><\/a><p id=\"caption-attachment-5867\" class=\"wp-caption-text\">Gaukler sind in der Stadt.<\/p><\/div>\n<p>Mit einem Salut wird der Fr\u00fchschoppen beendet.<\/p>\n<p><a href=\"https:\/\/olu-limburg.de\/wp-content\/uploads\/2015\/12\/Barr2011-042Salut.jpg\"><img loading=\"lazy\" decoding=\"async\" class=\"size-full wp-image-5868 aligncenter\" src=\"https:\/\/olu-limburg.de\/wp-content\/uploads\/2015\/12\/Barr2011-042Salut.jpg\" alt=\"Barr2011 042Salut\" width=\"627\" height=\"470\" srcset=\"https:\/\/olu-limburg.de\/wp-content\/uploads\/2015\/12\/Barr2011-042Salut.jpg 627w, https:\/\/olu-limburg.de\/wp-content\/uploads\/2015\/12\/Barr2011-042Salut-300x225.jpg 300w, https:\/\/olu-limburg.de\/wp-content\/uploads\/2015\/12\/Barr2011-042Salut-624x468.jpg 624w\" sizes=\"auto, (max-width: 627px) 100vw, 627px\" \/><\/a><\/p>\n<p>Es ist Zeit zum gro\u00dfen Umzug zu gehen. Das diesj\u00e4hrige Thema zur Wagengestaltung ist \u201eLe Cin\u00e9ma\u201c. F\u00fcr die musikalische Begleitung sorgen dieses Jahr als Hauptgruppe der Fanfarenzug der Feuerwehr von Schleithal. Hinzu kommen noch die Stadtmusikkapelle Bludenz, Macadam Samba, Tresner Moschtg\u00fcgeler, Schr\u00f6ttp\u00e4pperer, die Swiss Marines Basel, Fanfarenzug der Historischen Freiburger B\u00fcrgerwehr, das Corps Avenir, Fanfarenzug des Bezirks S\u00e9lestat-Erstein, Guggemusik Rommliestoss, Musique Municipale de Geipolsheim und das Fanfarencorps T\u00fcrkenlouis Rastatt.<\/p>\n<p>Die wundervoll geschm\u00fcckten Wagen ziehen bei herrlichem Wetter durch die Stra\u00dfen von Barr. Wir postieren uns ganz am Anfang des Umzuges, so dass wir auch schnell wieder weg kommen.<\/p>\n<p><a href=\"https:\/\/olu-limburg.de\/wp-content\/uploads\/2015\/12\/Barr2011-043Umzug1.jpg\"><img loading=\"lazy\" decoding=\"async\" class=\"size-full wp-image-5869 aligncenter\" src=\"https:\/\/olu-limburg.de\/wp-content\/uploads\/2015\/12\/Barr2011-043Umzug1.jpg\" alt=\"Barr2011 043Umzug1\" width=\"627\" height=\"470\" srcset=\"https:\/\/olu-limburg.de\/wp-content\/uploads\/2015\/12\/Barr2011-043Umzug1.jpg 627w, https:\/\/olu-limburg.de\/wp-content\/uploads\/2015\/12\/Barr2011-043Umzug1-300x225.jpg 300w, https:\/\/olu-limburg.de\/wp-content\/uploads\/2015\/12\/Barr2011-043Umzug1-624x468.jpg 624w\" sizes=\"auto, (max-width: 627px) 100vw, 627px\" \/><\/a><\/p>\n<p><a href=\"https:\/\/olu-limburg.de\/wp-content\/uploads\/2015\/12\/Barr2011-044Umzug2.jpg\"><img loading=\"lazy\" decoding=\"async\" class=\"size-full wp-image-5870 aligncenter\" src=\"https:\/\/olu-limburg.de\/wp-content\/uploads\/2015\/12\/Barr2011-044Umzug2.jpg\" alt=\"Barr2011 044Umzug2\" width=\"627\" height=\"470\" srcset=\"https:\/\/olu-limburg.de\/wp-content\/uploads\/2015\/12\/Barr2011-044Umzug2.jpg 627w, https:\/\/olu-limburg.de\/wp-content\/uploads\/2015\/12\/Barr2011-044Umzug2-300x225.jpg 300w, https:\/\/olu-limburg.de\/wp-content\/uploads\/2015\/12\/Barr2011-044Umzug2-624x468.jpg 624w\" sizes=\"auto, (max-width: 627px) 100vw, 627px\" \/><\/a><\/p>\n<p><a href=\"https:\/\/olu-limburg.de\/wp-content\/uploads\/2015\/12\/Barr2011-045Umzug3.jpg\"><img loading=\"lazy\" decoding=\"async\" class=\"size-full wp-image-5871 aligncenter\" src=\"https:\/\/olu-limburg.de\/wp-content\/uploads\/2015\/12\/Barr2011-045Umzug3.jpg\" alt=\"Barr2011 045Umzug3\" width=\"634\" height=\"475\" srcset=\"https:\/\/olu-limburg.de\/wp-content\/uploads\/2015\/12\/Barr2011-045Umzug3.jpg 634w, https:\/\/olu-limburg.de\/wp-content\/uploads\/2015\/12\/Barr2011-045Umzug3-300x225.jpg 300w, https:\/\/olu-limburg.de\/wp-content\/uploads\/2015\/12\/Barr2011-045Umzug3-624x468.jpg 624w\" sizes=\"auto, (max-width: 634px) 100vw, 634px\" \/><\/a><\/p>\n<p><a href=\"https:\/\/olu-limburg.de\/wp-content\/uploads\/2015\/12\/Barr2011-046Umzug4.jpg\"><img loading=\"lazy\" decoding=\"async\" class=\"size-full wp-image-5872 aligncenter\" src=\"https:\/\/olu-limburg.de\/wp-content\/uploads\/2015\/12\/Barr2011-046Umzug4.jpg\" alt=\"Barr2011 046Umzug4\" width=\"627\" height=\"470\" srcset=\"https:\/\/olu-limburg.de\/wp-content\/uploads\/2015\/12\/Barr2011-046Umzug4.jpg 627w, https:\/\/olu-limburg.de\/wp-content\/uploads\/2015\/12\/Barr2011-046Umzug4-300x225.jpg 300w, https:\/\/olu-limburg.de\/wp-content\/uploads\/2015\/12\/Barr2011-046Umzug4-624x468.jpg 624w\" sizes=\"auto, (max-width: 627px) 100vw, 627px\" \/><\/a><\/p>\n<p><a href=\"https:\/\/olu-limburg.de\/wp-content\/uploads\/2015\/12\/Barr2011-047Umzug5.jpg\"><img loading=\"lazy\" decoding=\"async\" class=\"size-full wp-image-5873 aligncenter\" src=\"https:\/\/olu-limburg.de\/wp-content\/uploads\/2015\/12\/Barr2011-047Umzug5.jpg\" alt=\"Barr2011 047Umzug5\" width=\"627\" height=\"470\" srcset=\"https:\/\/olu-limburg.de\/wp-content\/uploads\/2015\/12\/Barr2011-047Umzug5.jpg 627w, https:\/\/olu-limburg.de\/wp-content\/uploads\/2015\/12\/Barr2011-047Umzug5-300x225.jpg 300w, https:\/\/olu-limburg.de\/wp-content\/uploads\/2015\/12\/Barr2011-047Umzug5-624x468.jpg 624w\" sizes=\"auto, (max-width: 627px) 100vw, 627px\" \/><\/a><\/p>\n<p><a href=\"https:\/\/olu-limburg.de\/wp-content\/uploads\/2015\/12\/Barr2011-048Umzug6.jpg\"><img loading=\"lazy\" decoding=\"async\" class=\"size-full wp-image-5874 aligncenter\" src=\"https:\/\/olu-limburg.de\/wp-content\/uploads\/2015\/12\/Barr2011-048Umzug6.jpg\" alt=\"Barr2011 048Umzug6\" width=\"627\" height=\"470\" srcset=\"https:\/\/olu-limburg.de\/wp-content\/uploads\/2015\/12\/Barr2011-048Umzug6.jpg 627w, https:\/\/olu-limburg.de\/wp-content\/uploads\/2015\/12\/Barr2011-048Umzug6-300x225.jpg 300w, https:\/\/olu-limburg.de\/wp-content\/uploads\/2015\/12\/Barr2011-048Umzug6-624x468.jpg 624w\" sizes=\"auto, (max-width: 627px) 100vw, 627px\" \/><\/a><\/p>\n<p><a href=\"https:\/\/olu-limburg.de\/wp-content\/uploads\/2015\/12\/Barr2011-049Umzug7.jpg\"><img loading=\"lazy\" decoding=\"async\" class=\"size-full wp-image-5875 aligncenter\" src=\"https:\/\/olu-limburg.de\/wp-content\/uploads\/2015\/12\/Barr2011-049Umzug7.jpg\" alt=\"Barr2011 049Umzug7\" width=\"627\" height=\"470\" srcset=\"https:\/\/olu-limburg.de\/wp-content\/uploads\/2015\/12\/Barr2011-049Umzug7.jpg 627w, https:\/\/olu-limburg.de\/wp-content\/uploads\/2015\/12\/Barr2011-049Umzug7-300x225.jpg 300w, https:\/\/olu-limburg.de\/wp-content\/uploads\/2015\/12\/Barr2011-049Umzug7-624x468.jpg 624w\" sizes=\"auto, (max-width: 627px) 100vw, 627px\" \/><\/a><\/p>\n<p><a href=\"https:\/\/olu-limburg.de\/wp-content\/uploads\/2015\/12\/Barr2011-050Umzug8.jpg\"><img loading=\"lazy\" decoding=\"async\" class=\"size-full wp-image-5876 aligncenter\" src=\"https:\/\/olu-limburg.de\/wp-content\/uploads\/2015\/12\/Barr2011-050Umzug8.jpg\" alt=\"Barr2011 050Umzug8\" width=\"627\" height=\"470\" srcset=\"https:\/\/olu-limburg.de\/wp-content\/uploads\/2015\/12\/Barr2011-050Umzug8.jpg 627w, https:\/\/olu-limburg.de\/wp-content\/uploads\/2015\/12\/Barr2011-050Umzug8-300x225.jpg 300w, https:\/\/olu-limburg.de\/wp-content\/uploads\/2015\/12\/Barr2011-050Umzug8-624x468.jpg 624w\" sizes=\"auto, (max-width: 627px) 100vw, 627px\" \/><\/a><\/p>\n<p><a href=\"https:\/\/olu-limburg.de\/wp-content\/uploads\/2015\/12\/Barr2011-051Umzug9.jpg\"><img loading=\"lazy\" decoding=\"async\" class=\"size-full wp-image-5877 aligncenter\" src=\"https:\/\/olu-limburg.de\/wp-content\/uploads\/2015\/12\/Barr2011-051Umzug9.jpg\" alt=\"Barr2011 051Umzug9\" width=\"627\" height=\"470\" srcset=\"https:\/\/olu-limburg.de\/wp-content\/uploads\/2015\/12\/Barr2011-051Umzug9.jpg 627w, https:\/\/olu-limburg.de\/wp-content\/uploads\/2015\/12\/Barr2011-051Umzug9-300x225.jpg 300w, https:\/\/olu-limburg.de\/wp-content\/uploads\/2015\/12\/Barr2011-051Umzug9-624x468.jpg 624w\" sizes=\"auto, (max-width: 627px) 100vw, 627px\" \/><\/a><\/p>\n<p><a href=\"https:\/\/olu-limburg.de\/wp-content\/uploads\/2015\/12\/Barr2011-052Umzug10.jpg\"><img loading=\"lazy\" decoding=\"async\" class=\"size-full wp-image-5878 aligncenter\" src=\"https:\/\/olu-limburg.de\/wp-content\/uploads\/2015\/12\/Barr2011-052Umzug10.jpg\" alt=\"Barr2011 052Umzug10\" width=\"640\" height=\"480\" srcset=\"https:\/\/olu-limburg.de\/wp-content\/uploads\/2015\/12\/Barr2011-052Umzug10.jpg 640w, https:\/\/olu-limburg.de\/wp-content\/uploads\/2015\/12\/Barr2011-052Umzug10-300x225.jpg 300w, https:\/\/olu-limburg.de\/wp-content\/uploads\/2015\/12\/Barr2011-052Umzug10-624x468.jpg 624w\" sizes=\"auto, (max-width: 640px) 100vw, 640px\" \/><\/a><\/p>\n<p><a href=\"https:\/\/olu-limburg.de\/wp-content\/uploads\/2015\/12\/Barr2011-053Umzug11-e1449232786728.jpg\"><img loading=\"lazy\" decoding=\"async\" class=\"size-full wp-image-5879 alignleft\" src=\"https:\/\/olu-limburg.de\/wp-content\/uploads\/2015\/12\/Barr2011-053Umzug11-e1449232786728.jpg\" alt=\"Barr2011 053Umzug11\" width=\"450\" height=\"600\" \/><\/a><\/p>\n<p><a href=\"https:\/\/olu-limburg.de\/wp-content\/uploads\/2015\/12\/Barr2011-054Umzug12-e1449232808856.jpg\"><img loading=\"lazy\" decoding=\"async\" class=\"size-full wp-image-5880 alignright\" src=\"https:\/\/olu-limburg.de\/wp-content\/uploads\/2015\/12\/Barr2011-054Umzug12-e1449232808856.jpg\" alt=\"Barr2011 054Umzug12\" width=\"450\" height=\"600\" \/><\/a><\/p>\n<p><a href=\"https:\/\/olu-limburg.de\/wp-content\/uploads\/2015\/12\/Barr2011-055Umzug13.jpg\"><img loading=\"lazy\" decoding=\"async\" class=\"size-full wp-image-5881 aligncenter\" src=\"https:\/\/olu-limburg.de\/wp-content\/uploads\/2015\/12\/Barr2011-055Umzug13.jpg\" alt=\"Barr2011 055Umzug13\" width=\"640\" height=\"480\" srcset=\"https:\/\/olu-limburg.de\/wp-content\/uploads\/2015\/12\/Barr2011-055Umzug13.jpg 640w, https:\/\/olu-limburg.de\/wp-content\/uploads\/2015\/12\/Barr2011-055Umzug13-300x225.jpg 300w, https:\/\/olu-limburg.de\/wp-content\/uploads\/2015\/12\/Barr2011-055Umzug13-624x468.jpg 624w\" sizes=\"auto, (max-width: 640px) 100vw, 640px\" \/><\/a><\/p>\n<p><a href=\"https:\/\/olu-limburg.de\/wp-content\/uploads\/2015\/12\/Barr2011-056Umzug14-e1449232838199.jpg\"><img loading=\"lazy\" decoding=\"async\" class=\"size-full wp-image-5882 aligncenter\" src=\"https:\/\/olu-limburg.de\/wp-content\/uploads\/2015\/12\/Barr2011-056Umzug14-e1449232838199.jpg\" alt=\"Barr2011 056Umzug14\" width=\"450\" height=\"600\" \/><\/a><\/p>\n<p><a href=\"https:\/\/olu-limburg.de\/wp-content\/uploads\/2015\/12\/Barr2011-057Umzug15.jpg\"><img loading=\"lazy\" decoding=\"async\" class=\"size-full wp-image-5883 aligncenter\" src=\"https:\/\/olu-limburg.de\/wp-content\/uploads\/2015\/12\/Barr2011-057Umzug15.jpg\" alt=\"Barr2011 057Umzug15\" width=\"640\" height=\"480\" srcset=\"https:\/\/olu-limburg.de\/wp-content\/uploads\/2015\/12\/Barr2011-057Umzug15.jpg 640w, https:\/\/olu-limburg.de\/wp-content\/uploads\/2015\/12\/Barr2011-057Umzug15-300x225.jpg 300w, https:\/\/olu-limburg.de\/wp-content\/uploads\/2015\/12\/Barr2011-057Umzug15-624x468.jpg 624w\" sizes=\"auto, (max-width: 640px) 100vw, 640px\" \/><\/a><\/p>\n<p><a href=\"https:\/\/olu-limburg.de\/wp-content\/uploads\/2015\/12\/Barr2011-058Umzug16.jpg\"><img loading=\"lazy\" decoding=\"async\" class=\"size-full wp-image-5884 aligncenter\" src=\"https:\/\/olu-limburg.de\/wp-content\/uploads\/2015\/12\/Barr2011-058Umzug16.jpg\" alt=\"Barr2011 058Umzug16\" width=\"640\" height=\"480\" srcset=\"https:\/\/olu-limburg.de\/wp-content\/uploads\/2015\/12\/Barr2011-058Umzug16.jpg 640w, https:\/\/olu-limburg.de\/wp-content\/uploads\/2015\/12\/Barr2011-058Umzug16-300x225.jpg 300w, https:\/\/olu-limburg.de\/wp-content\/uploads\/2015\/12\/Barr2011-058Umzug16-624x468.jpg 624w\" sizes=\"auto, (max-width: 640px) 100vw, 640px\" \/><\/a><\/p>\n<div id=\"attachment_5885\" style=\"width: 460px\" class=\"wp-caption aligncenter\"><a href=\"https:\/\/olu-limburg.de\/wp-content\/uploads\/2015\/12\/Barr2011-059Umzug17-e1449232890242.jpg\"><img loading=\"lazy\" decoding=\"async\" aria-describedby=\"caption-attachment-5885\" class=\"size-full wp-image-5885\" src=\"https:\/\/olu-limburg.de\/wp-content\/uploads\/2015\/12\/Barr2011-059Umzug17-e1449232890242.jpg\" alt=\"Es gibt auch ein strahlendes Lachen der Weink\u00f6nigin. \" width=\"450\" height=\"600\" \/><\/a><p id=\"caption-attachment-5885\" class=\"wp-caption-text\">Es gibt auch ein strahlendes Lachen der Weink\u00f6nigin.<\/p><\/div>\n<p><a href=\"https:\/\/olu-limburg.de\/wp-content\/uploads\/2015\/12\/Barr2011-060Umzug18.jpg\"><img loading=\"lazy\" decoding=\"async\" class=\"size-full wp-image-5887 aligncenter\" src=\"https:\/\/olu-limburg.de\/wp-content\/uploads\/2015\/12\/Barr2011-060Umzug18.jpg\" alt=\"Barr2011 060Umzug18\" width=\"627\" height=\"470\" srcset=\"https:\/\/olu-limburg.de\/wp-content\/uploads\/2015\/12\/Barr2011-060Umzug18.jpg 627w, https:\/\/olu-limburg.de\/wp-content\/uploads\/2015\/12\/Barr2011-060Umzug18-300x225.jpg 300w, https:\/\/olu-limburg.de\/wp-content\/uploads\/2015\/12\/Barr2011-060Umzug18-624x468.jpg 624w\" sizes=\"auto, (max-width: 627px) 100vw, 627px\" \/><\/a><\/p>\n<p><a href=\"https:\/\/olu-limburg.de\/wp-content\/uploads\/2015\/12\/Barr2011-061Umzug19.jpg\"><img loading=\"lazy\" decoding=\"async\" class=\"size-full wp-image-5888 aligncenter\" src=\"https:\/\/olu-limburg.de\/wp-content\/uploads\/2015\/12\/Barr2011-061Umzug19.jpg\" alt=\"Barr2011 061Umzug19\" width=\"627\" height=\"470\" srcset=\"https:\/\/olu-limburg.de\/wp-content\/uploads\/2015\/12\/Barr2011-061Umzug19.jpg 627w, https:\/\/olu-limburg.de\/wp-content\/uploads\/2015\/12\/Barr2011-061Umzug19-300x225.jpg 300w, https:\/\/olu-limburg.de\/wp-content\/uploads\/2015\/12\/Barr2011-061Umzug19-624x468.jpg 624w\" sizes=\"auto, (max-width: 627px) 100vw, 627px\" \/><\/a><\/p>\n<p><a href=\"https:\/\/olu-limburg.de\/wp-content\/uploads\/2015\/12\/Barr2011-062Umzug20.jpg\"><img loading=\"lazy\" decoding=\"async\" class=\"size-full wp-image-5889 aligncenter\" src=\"https:\/\/olu-limburg.de\/wp-content\/uploads\/2015\/12\/Barr2011-062Umzug20.jpg\" alt=\"Barr2011 062Umzug20\" width=\"627\" height=\"470\" srcset=\"https:\/\/olu-limburg.de\/wp-content\/uploads\/2015\/12\/Barr2011-062Umzug20.jpg 627w, https:\/\/olu-limburg.de\/wp-content\/uploads\/2015\/12\/Barr2011-062Umzug20-300x225.jpg 300w, https:\/\/olu-limburg.de\/wp-content\/uploads\/2015\/12\/Barr2011-062Umzug20-624x468.jpg 624w\" sizes=\"auto, (max-width: 627px) 100vw, 627px\" \/><\/a><\/p>\n<p><a href=\"https:\/\/olu-limburg.de\/wp-content\/uploads\/2015\/12\/Barr2011-063Umzug21.jpg\"><img loading=\"lazy\" decoding=\"async\" class=\"size-full wp-image-5890 aligncenter\" src=\"https:\/\/olu-limburg.de\/wp-content\/uploads\/2015\/12\/Barr2011-063Umzug21.jpg\" alt=\"Barr2011 063Umzug21\" width=\"634\" height=\"475\" srcset=\"https:\/\/olu-limburg.de\/wp-content\/uploads\/2015\/12\/Barr2011-063Umzug21.jpg 634w, https:\/\/olu-limburg.de\/wp-content\/uploads\/2015\/12\/Barr2011-063Umzug21-300x225.jpg 300w, https:\/\/olu-limburg.de\/wp-content\/uploads\/2015\/12\/Barr2011-063Umzug21-624x468.jpg 624w\" sizes=\"auto, (max-width: 634px) 100vw, 634px\" \/><\/a><\/p>\n<p><a href=\"https:\/\/olu-limburg.de\/wp-content\/uploads\/2015\/12\/Barr2011-064Umzug22.jpg\"><img loading=\"lazy\" decoding=\"async\" class=\"size-full wp-image-5891 aligncenter\" src=\"https:\/\/olu-limburg.de\/wp-content\/uploads\/2015\/12\/Barr2011-064Umzug22.jpg\" alt=\"Barr2011 064Umzug22\" width=\"627\" height=\"470\" srcset=\"https:\/\/olu-limburg.de\/wp-content\/uploads\/2015\/12\/Barr2011-064Umzug22.jpg 627w, https:\/\/olu-limburg.de\/wp-content\/uploads\/2015\/12\/Barr2011-064Umzug22-300x225.jpg 300w, https:\/\/olu-limburg.de\/wp-content\/uploads\/2015\/12\/Barr2011-064Umzug22-624x468.jpg 624w\" sizes=\"auto, (max-width: 627px) 100vw, 627px\" \/><\/a><\/p>\n<div id=\"attachment_5892\" style=\"width: 460px\" class=\"wp-caption aligncenter\"><a href=\"https:\/\/olu-limburg.de\/wp-content\/uploads\/2015\/12\/Barr2011-065Umzug23-e1449233324263.jpg\"><img loading=\"lazy\" decoding=\"async\" aria-describedby=\"caption-attachment-5892\" class=\"size-full wp-image-5892\" src=\"https:\/\/olu-limburg.de\/wp-content\/uploads\/2015\/12\/Barr2011-065Umzug23-e1449233324263.jpg\" alt=\"Damit auch ja keiner w\u00e4hrend des Umzuges verdurstet. \" width=\"450\" height=\"600\" \/><\/a><p id=\"caption-attachment-5892\" class=\"wp-caption-text\">Damit auch ja keiner w\u00e4hrend des Umzuges verdurstet.<\/p><\/div>\n<p><a href=\"https:\/\/olu-limburg.de\/wp-content\/uploads\/2015\/12\/Barr2011-066Umzug24.jpg\"><img loading=\"lazy\" decoding=\"async\" class=\"size-full wp-image-5893 aligncenter\" src=\"https:\/\/olu-limburg.de\/wp-content\/uploads\/2015\/12\/Barr2011-066Umzug24.jpg\" alt=\"Barr2011 066Umzug24\" width=\"627\" height=\"470\" srcset=\"https:\/\/olu-limburg.de\/wp-content\/uploads\/2015\/12\/Barr2011-066Umzug24.jpg 627w, https:\/\/olu-limburg.de\/wp-content\/uploads\/2015\/12\/Barr2011-066Umzug24-300x225.jpg 300w, https:\/\/olu-limburg.de\/wp-content\/uploads\/2015\/12\/Barr2011-066Umzug24-624x468.jpg 624w\" sizes=\"auto, (max-width: 627px) 100vw, 627px\" \/><\/a><\/p>\n<p><a href=\"https:\/\/olu-limburg.de\/wp-content\/uploads\/2015\/12\/Barr2011-067Umzug25-e1449233369409.jpg\"><img loading=\"lazy\" decoding=\"async\" class=\"size-full wp-image-5894 aligncenter\" src=\"https:\/\/olu-limburg.de\/wp-content\/uploads\/2015\/12\/Barr2011-067Umzug25-e1449233369409.jpg\" alt=\"Barr2011 067Umzug25\" width=\"450\" height=\"600\" \/><\/a><\/p>\n<p><a href=\"https:\/\/olu-limburg.de\/wp-content\/uploads\/2015\/12\/Barr2011-068Umzug26.jpg\"><img loading=\"lazy\" decoding=\"async\" class=\"size-full wp-image-5895 aligncenter\" src=\"https:\/\/olu-limburg.de\/wp-content\/uploads\/2015\/12\/Barr2011-068Umzug26.jpg\" alt=\"Barr2011 068Umzug26\" width=\"634\" height=\"475\" srcset=\"https:\/\/olu-limburg.de\/wp-content\/uploads\/2015\/12\/Barr2011-068Umzug26.jpg 634w, https:\/\/olu-limburg.de\/wp-content\/uploads\/2015\/12\/Barr2011-068Umzug26-300x225.jpg 300w, https:\/\/olu-limburg.de\/wp-content\/uploads\/2015\/12\/Barr2011-068Umzug26-624x468.jpg 624w\" sizes=\"auto, (max-width: 634px) 100vw, 634px\" \/><\/a><\/p>\n<p><a href=\"https:\/\/olu-limburg.de\/wp-content\/uploads\/2015\/12\/Barr2011-069Umzug27-e1449233396881.jpg\"><img loading=\"lazy\" decoding=\"async\" class=\"size-full wp-image-5896 aligncenter\" src=\"https:\/\/olu-limburg.de\/wp-content\/uploads\/2015\/12\/Barr2011-069Umzug27-e1449233396881.jpg\" alt=\"Barr2011 069Umzug27\" width=\"450\" height=\"600\" \/><\/a><\/p>\n<div id=\"attachment_5897\" style=\"width: 460px\" class=\"wp-caption alignleft\"><a href=\"https:\/\/olu-limburg.de\/wp-content\/uploads\/2015\/12\/Barr2011-070Umzug28-e1449233420687.jpg\"><img loading=\"lazy\" decoding=\"async\" aria-describedby=\"caption-attachment-5897\" class=\"size-full wp-image-5897\" src=\"https:\/\/olu-limburg.de\/wp-content\/uploads\/2015\/12\/Barr2011-070Umzug28-e1449233420687.jpg\" alt=\"Blanke Haut ...\" width=\"450\" height=\"601\" \/><\/a><p id=\"caption-attachment-5897\" class=\"wp-caption-text\">Blanke Haut &#8230;<\/p><\/div>\n<div id=\"attachment_5898\" style=\"width: 644px\" class=\"wp-caption aligncenter\"><a href=\"https:\/\/olu-limburg.de\/wp-content\/uploads\/2015\/12\/Barr2011-071Umzug29.jpg\"><img loading=\"lazy\" decoding=\"async\" aria-describedby=\"caption-attachment-5898\" class=\"size-full wp-image-5898\" src=\"https:\/\/olu-limburg.de\/wp-content\/uploads\/2015\/12\/Barr2011-071Umzug29.jpg\" alt=\"... und das vor dem Altersheim.\" width=\"634\" height=\"475\" srcset=\"https:\/\/olu-limburg.de\/wp-content\/uploads\/2015\/12\/Barr2011-071Umzug29.jpg 634w, https:\/\/olu-limburg.de\/wp-content\/uploads\/2015\/12\/Barr2011-071Umzug29-300x225.jpg 300w, https:\/\/olu-limburg.de\/wp-content\/uploads\/2015\/12\/Barr2011-071Umzug29-624x468.jpg 624w\" sizes=\"auto, (max-width: 634px) 100vw, 634px\" \/><\/a><p id=\"caption-attachment-5898\" class=\"wp-caption-text\">&#8230; und das vor dem Altersheim.<\/p><\/div>\n<p>Bei den Wohnmobilen angekommen, m\u00f6chte aber keiner so richtig die Gemeinschaft verlassen, denn morgen ist ja Feiertag. Leider muss Ferdi nach Hause. Wir anderen greifen einen Vorschlag von Ina auf und fahren alle, bis auf Paul und Frau, in Kolonne zu einem inoffiziellen SP an den Rhein. Vorher m\u00fcssen wir alle aber noch in Benfeld entsorgen.<\/p>\n<p><a href=\"https:\/\/olu-limburg.de\/wp-content\/uploads\/2015\/12\/Barr2011-072Karaw.jpg\"><img loading=\"lazy\" decoding=\"async\" class=\"size-full wp-image-5899 aligncenter\" src=\"https:\/\/olu-limburg.de\/wp-content\/uploads\/2015\/12\/Barr2011-072Karaw.jpg\" alt=\"Barr2011 072Karaw\" width=\"640\" height=\"480\" srcset=\"https:\/\/olu-limburg.de\/wp-content\/uploads\/2015\/12\/Barr2011-072Karaw.jpg 640w, https:\/\/olu-limburg.de\/wp-content\/uploads\/2015\/12\/Barr2011-072Karaw-300x225.jpg 300w, https:\/\/olu-limburg.de\/wp-content\/uploads\/2015\/12\/Barr2011-072Karaw-624x468.jpg 624w\" sizes=\"auto, (max-width: 640px) 100vw, 640px\" \/><\/a><\/p>\n<div id=\"attachment_5900\" style=\"width: 460px\" class=\"wp-caption aligncenter\"><a href=\"https:\/\/olu-limburg.de\/wp-content\/uploads\/2015\/12\/Barr2011-073Entsorg-e1449233511644.jpg\"><img loading=\"lazy\" decoding=\"async\" aria-describedby=\"caption-attachment-5900\" class=\"size-full wp-image-5900\" src=\"https:\/\/olu-limburg.de\/wp-content\/uploads\/2015\/12\/Barr2011-073Entsorg-e1449233511644.jpg\" alt=\"Wer ist denn jetzt der gr\u00f6\u00dfte Schisser? \" width=\"450\" height=\"600\" \/><\/a><p id=\"caption-attachment-5900\" class=\"wp-caption-text\">Wer ist denn jetzt der gr\u00f6\u00dfte Schisser?<\/p><\/div>\n<p>Au\u00dfer uns stehen noch eine ganze Menge anderer Leute mit Wohnwagen und Womos am Rhein.<\/p>\n<p><a href=\"https:\/\/olu-limburg.de\/wp-content\/uploads\/2015\/12\/Barr2011-074Rhein.jpg\"><img loading=\"lazy\" decoding=\"async\" class=\"size-full wp-image-5901 aligncenter\" src=\"https:\/\/olu-limburg.de\/wp-content\/uploads\/2015\/12\/Barr2011-074Rhein.jpg\" alt=\"Barr2011 074Rhein\" width=\"640\" height=\"480\" srcset=\"https:\/\/olu-limburg.de\/wp-content\/uploads\/2015\/12\/Barr2011-074Rhein.jpg 640w, https:\/\/olu-limburg.de\/wp-content\/uploads\/2015\/12\/Barr2011-074Rhein-300x225.jpg 300w, https:\/\/olu-limburg.de\/wp-content\/uploads\/2015\/12\/Barr2011-074Rhein-624x468.jpg 624w\" sizes=\"auto, (max-width: 640px) 100vw, 640px\" \/><\/a><\/p>\n<p>&nbsp;<\/p>\n<p><strong>Montag, 03.10.2011<\/strong><\/p>\n<p>Bevor wir uns heute doch noch trennen m\u00fcssen, spazieren wir zum Wasserkraftwerk und besichtigen den Turbinenraum. Bei der anschlie\u00dfenden Verabschiedung hei\u00dft es dann von allen, bis zum n\u00e4chsten Jahr. Aber vielleicht sieht man sich ja doch schon fr\u00fcher als man denkt.<\/p>\n<p><a href=\"https:\/\/olu-limburg.de\/wp-content\/uploads\/2015\/12\/Barr2011-075-Rhein2.jpg\"><img loading=\"lazy\" decoding=\"async\" class=\"size-full wp-image-5902 aligncenter\" src=\"https:\/\/olu-limburg.de\/wp-content\/uploads\/2015\/12\/Barr2011-075-Rhein2.jpg\" alt=\"Barr2011 075 Rhein2\" width=\"640\" height=\"480\" srcset=\"https:\/\/olu-limburg.de\/wp-content\/uploads\/2015\/12\/Barr2011-075-Rhein2.jpg 640w, https:\/\/olu-limburg.de\/wp-content\/uploads\/2015\/12\/Barr2011-075-Rhein2-300x225.jpg 300w, https:\/\/olu-limburg.de\/wp-content\/uploads\/2015\/12\/Barr2011-075-Rhein2-624x468.jpg 624w\" sizes=\"auto, (max-width: 640px) 100vw, 640px\" \/><\/a><\/p>\n<p><a href=\"https:\/\/olu-limburg.de\/wp-content\/uploads\/2015\/12\/Barr2011-076Turb.jpg\"><img loading=\"lazy\" decoding=\"async\" class=\"size-full wp-image-5903 aligncenter\" src=\"https:\/\/olu-limburg.de\/wp-content\/uploads\/2015\/12\/Barr2011-076Turb.jpg\" alt=\"Barr2011 076Turb\" width=\"640\" height=\"480\" srcset=\"https:\/\/olu-limburg.de\/wp-content\/uploads\/2015\/12\/Barr2011-076Turb.jpg 640w, https:\/\/olu-limburg.de\/wp-content\/uploads\/2015\/12\/Barr2011-076Turb-300x225.jpg 300w, https:\/\/olu-limburg.de\/wp-content\/uploads\/2015\/12\/Barr2011-076Turb-624x468.jpg 624w\" sizes=\"auto, (max-width: 640px) 100vw, 640px\" \/><\/a><\/p>\n<p>&nbsp;<\/p>\n<p style=\"text-align: center;\"><a href=\"https:\/\/olu-limburg.de\/?page_id=5822\">Zur\u00fcck zum Seitenanfang<\/a><\/p>\n","protected":false},"excerpt":{"rendered":"<p>Text: Hans-Werner\u00a0\u00a0\u00a0\u00a0\u00a0\u00a0\u00a0\u00a0\u00a0\u00a0\u00a0\u00a0\u00a0\u00a0\u00a0\u00a0\u00a0\u00a0\u00a0\u00a0\u00a0 \u00a0 \u00a0 \u00a0 \u00a0 \u00a0 \u00a0 \u00a0 \u00a0 \u00a0 \u00a0 \u00a0 \u00a0 \u00a0 \u00a0 \u00a0 \u00a0 \u00a0 \u00a0 \u00a0 \u00a0 \u00a0 \u00a0 \u00a0 \u00a0 \u00a0 \u00a0 \u00a0 \u00a0 \u00a0 \u00a0 \u00a0 \u00a0 \u00a0 \u00a0 \u00a0 \u00a0 \u00a0 \u00a0 \u00a0 \u00a0 \u00a0 \u00a0 \u00a0 \u00a0 \u00a0 \u00a0 \u00a0\u00a0 Fotos: Hans-Werner und Lena Barr, eine [&hellip;]<\/p>\n","protected":false},"author":1,"featured_media":0,"parent":0,"menu_order":0,"comment_status":"closed","ping_status":"closed","template":"page-templates\/full-width.php","meta":{"footnotes":""},"class_list":["post-5822","page","type-page","status-publish","hentry"],"_links":{"self":[{"href":"https:\/\/olu-limburg.de\/index.php?rest_route=\/wp\/v2\/pages\/5822","targetHints":{"allow":["GET"]}}],"collection":[{"href":"https:\/\/olu-limburg.de\/index.php?rest_route=\/wp\/v2\/pages"}],"about":[{"href":"https:\/\/olu-limburg.de\/index.php?rest_route=\/wp\/v2\/types\/page"}],"author":[{"embeddable":true,"href":"https:\/\/olu-limburg.de\/index.php?rest_route=\/wp\/v2\/users\/1"}],"replies":[{"embeddable":true,"href":"https:\/\/olu-limburg.de\/index.php?rest_route=%2Fwp%2Fv2%2Fcomments&post=5822"}],"version-history":[{"count":10,"href":"https:\/\/olu-limburg.de\/index.php?rest_route=\/wp\/v2\/pages\/5822\/revisions"}],"predecessor-version":[{"id":6873,"href":"https:\/\/olu-limburg.de\/index.php?rest_route=\/wp\/v2\/pages\/5822\/revisions\/6873"}],"wp:attachment":[{"href":"https:\/\/olu-limburg.de\/index.php?rest_route=%2Fwp%2Fv2%2Fmedia&parent=5822"}],"curies":[{"name":"wp","href":"https:\/\/api.w.org\/{rel}","templated":true}]}}