{"id":4887,"date":"2015-11-26T16:16:27","date_gmt":"2015-11-26T15:16:27","guid":{"rendered":"https:\/\/olu-limburg.de\/?page_id=4887"},"modified":"2015-11-27T16:07:29","modified_gmt":"2015-11-27T15:07:29","slug":"narri-narro-fasnet-2012-in-arbeit","status":"publish","type":"page","link":"https:\/\/olu-limburg.de\/?page_id=4887","title":{"rendered":"Narri, Narro \u2013 Fasnet 2012"},"content":{"rendered":"<p>Text: Hans-Werner \u00a0 \u00a0 \u00a0 \u00a0 \u00a0 \u00a0 \u00a0 \u00a0 \u00a0 \u00a0 \u00a0 \u00a0 \u00a0 \u00a0 \u00a0 \u00a0 \u00a0 \u00a0 \u00a0 \u00a0 \u00a0 \u00a0 \u00a0 \u00a0 \u00a0 \u00a0 \u00a0 \u00a0 \u00a0 \u00a0 \u00a0 \u00a0\u00a0\u00a0\u00a0\u00a0\u00a0\u00a0\u00a0\u00a0\u00a0\u00a0\u00a0\u00a0\u00a0\u00a0\u00a0\u00a0\u00a0\u00a0\u00a0\u00a0\u00a0\u00a0\u00a0\u00a0\u00a0\u00a0\u00a0\u00a0\u00a0\u00a0\u00a0\u00a0\u00a0\u00a0\u00a0\u00a0\u00a0\u00a0\u00a0\u00a0\u00a0\u00a0\u00a0\u00a0\u00a0\u00a0\u00a0\u00a0\u00a0\u00a0\u00a0\u00a0 Fotos: Hans-Werner und Lena<\/p>\n<p>Die Fasnet-Tour vom 18. bis 21.02.2015 f\u00fchrte uns nach Rottenburg am Neckar (Narrentreiben und Ommzug), Haigerloch (Br\u00e4uteln) und Maulbronn (Kloster\/Hermann Hesse). \u00dcbernachtet haben wir auf Stellpl\u00e4tzen.<\/p>\n<p>Gesamtstrecke: 666 km<\/p>\n<p>&nbsp;<\/p>\n<p><strong>Samstag, 18.02.2012<\/strong><\/p>\n<p>Nach dem wir gestern noch einen 50. Geburtstag bei Freunden gefeiert haben, kommen wir heute erst um 10.30 Uhr aus Limburg weg. Unser Ziel ist Rottenburg am Neckar mit seiner alemannischen Fasnet. Nach 3,5 Std. erreichen wir den Stellplatz am Neckar (EUR 5,00\/Tag), essen noch schnell eine Kleinigkeit und gehen bei herrlichem Sonnenschein zum Marktplatz. Der Strom (EUR 0,50\/Kw) funktioniert und die Wasserversorgung ist auch in Betrieb. Die Temperaturanzeige an einer Apotheke offeriert uns 10\u00b0.<\/p>\n<p><a href=\"https:\/\/olu-limburg.de\/wp-content\/uploads\/2015\/11\/Fas001SPRot.jpg\"><img loading=\"lazy\" decoding=\"async\" class=\"size-full wp-image-4892 aligncenter\" src=\"https:\/\/olu-limburg.de\/wp-content\/uploads\/2015\/11\/Fas001SPRot.jpg\" alt=\"Fas001SPRot\" width=\"640\" height=\"480\" srcset=\"https:\/\/olu-limburg.de\/wp-content\/uploads\/2015\/11\/Fas001SPRot.jpg 640w, https:\/\/olu-limburg.de\/wp-content\/uploads\/2015\/11\/Fas001SPRot-300x225.jpg 300w, https:\/\/olu-limburg.de\/wp-content\/uploads\/2015\/11\/Fas001SPRot-624x468.jpg 624w\" sizes=\"auto, (max-width: 640px) 100vw, 640px\" \/><\/a><\/p>\n<p>Hier erwartet uns tats\u00e4chlich ein buntes Narrentreiben. Der gesamte Marktplatz ist vollgestopft mit kost\u00fcmierten Narren, die vorher gemeinsam einen Gottesdienst besucht haben und in einem kleinen Umzug dort gelandet sind. Es wird von verschiedenen Gruppen abwechselnd Musik gemacht und die Versorgung mit fester und fl\u00fcssiger Nahrung funktioniert auch an den diversen Buden.<\/p>\n<p><a href=\"https:\/\/olu-limburg.de\/wp-content\/uploads\/2015\/11\/Fas002Markt01.jpg\"><img loading=\"lazy\" decoding=\"async\" class=\"size-full wp-image-4894 aligncenter\" src=\"https:\/\/olu-limburg.de\/wp-content\/uploads\/2015\/11\/Fas002Markt01.jpg\" alt=\"Fas002Markt01\" width=\"615\" height=\"461\" srcset=\"https:\/\/olu-limburg.de\/wp-content\/uploads\/2015\/11\/Fas002Markt01.jpg 615w, https:\/\/olu-limburg.de\/wp-content\/uploads\/2015\/11\/Fas002Markt01-300x224.jpg 300w\" sizes=\"auto, (max-width: 615px) 100vw, 615px\" \/><\/a><\/p>\n<p><a href=\"https:\/\/olu-limburg.de\/wp-content\/uploads\/2015\/11\/Fas003Markt02-e1448629615586.jpg\"><img loading=\"lazy\" decoding=\"async\" class=\"size-full wp-image-4895 aligncenter\" src=\"https:\/\/olu-limburg.de\/wp-content\/uploads\/2015\/11\/Fas003Markt02-e1448629615586.jpg\" alt=\"Fas003Markt02\" width=\"450\" height=\"600\" \/><\/a><\/p>\n<p><a href=\"https:\/\/olu-limburg.de\/wp-content\/uploads\/2015\/11\/Fas004Markt03.jpg\"><img loading=\"lazy\" decoding=\"async\" class=\"size-full wp-image-4896 aligncenter\" src=\"https:\/\/olu-limburg.de\/wp-content\/uploads\/2015\/11\/Fas004Markt03.jpg\" alt=\"Fas004Markt03\" width=\"621\" height=\"466\" srcset=\"https:\/\/olu-limburg.de\/wp-content\/uploads\/2015\/11\/Fas004Markt03.jpg 621w, https:\/\/olu-limburg.de\/wp-content\/uploads\/2015\/11\/Fas004Markt03-300x225.jpg 300w\" sizes=\"auto, (max-width: 621px) 100vw, 621px\" \/><\/a><\/p>\n<p><a href=\"https:\/\/olu-limburg.de\/wp-content\/uploads\/2015\/11\/Fas005Markt04-e1448629665432.jpg\"><img loading=\"lazy\" decoding=\"async\" class=\"size-full wp-image-4897 alignleft\" src=\"https:\/\/olu-limburg.de\/wp-content\/uploads\/2015\/11\/Fas005Markt04-e1448629665432.jpg\" alt=\"Fas005Markt04\" width=\"450\" height=\"600\" \/><\/a><\/p>\n<p><a href=\"https:\/\/olu-limburg.de\/wp-content\/uploads\/2015\/11\/Fas006Markt05-e1448629688919.jpg\"><img loading=\"lazy\" decoding=\"async\" class=\"size-full wp-image-4898 alignright\" src=\"https:\/\/olu-limburg.de\/wp-content\/uploads\/2015\/11\/Fas006Markt05-e1448629688919.jpg\" alt=\"Fas006Markt05\" width=\"450\" height=\"600\" \/><\/a><\/p>\n<p><a href=\"https:\/\/olu-limburg.de\/wp-content\/uploads\/2015\/11\/Fas007Markt06.jpg\"><img loading=\"lazy\" decoding=\"async\" class=\"size-full wp-image-4899 aligncenter\" src=\"https:\/\/olu-limburg.de\/wp-content\/uploads\/2015\/11\/Fas007Markt06.jpg\" alt=\"Fas007Markt06\" width=\"627\" height=\"470\" srcset=\"https:\/\/olu-limburg.de\/wp-content\/uploads\/2015\/11\/Fas007Markt06.jpg 627w, https:\/\/olu-limburg.de\/wp-content\/uploads\/2015\/11\/Fas007Markt06-300x224.jpg 300w, https:\/\/olu-limburg.de\/wp-content\/uploads\/2015\/11\/Fas007Markt06-624x467.jpg 624w\" sizes=\"auto, (max-width: 627px) 100vw, 627px\" \/><\/a><\/p>\n<p><a href=\"https:\/\/olu-limburg.de\/wp-content\/uploads\/2015\/11\/Fas008Markt07.jpg\"><img loading=\"lazy\" decoding=\"async\" class=\"size-full wp-image-4900 aligncenter\" src=\"https:\/\/olu-limburg.de\/wp-content\/uploads\/2015\/11\/Fas008Markt07.jpg\" alt=\"Fas008Markt07\" width=\"627\" height=\"470\" srcset=\"https:\/\/olu-limburg.de\/wp-content\/uploads\/2015\/11\/Fas008Markt07.jpg 627w, https:\/\/olu-limburg.de\/wp-content\/uploads\/2015\/11\/Fas008Markt07-300x224.jpg 300w, https:\/\/olu-limburg.de\/wp-content\/uploads\/2015\/11\/Fas008Markt07-624x467.jpg 624w\" sizes=\"auto, (max-width: 627px) 100vw, 627px\" \/><\/a><\/p>\n<p><a href=\"https:\/\/olu-limburg.de\/wp-content\/uploads\/2015\/11\/Fas009Markt08-e1448629758720.jpg\"><img loading=\"lazy\" decoding=\"async\" class=\"size-full wp-image-4901 alignleft\" src=\"https:\/\/olu-limburg.de\/wp-content\/uploads\/2015\/11\/Fas009Markt08-e1448629758720.jpg\" alt=\"Fas009Markt08\" width=\"450\" height=\"600\" \/><\/a><\/p>\n<p><a href=\"https:\/\/olu-limburg.de\/wp-content\/uploads\/2015\/11\/Fas010Markt09-e1448629779480.jpg\"><img loading=\"lazy\" decoding=\"async\" class=\"size-full wp-image-4902 alignright\" src=\"https:\/\/olu-limburg.de\/wp-content\/uploads\/2015\/11\/Fas010Markt09-e1448629779480.jpg\" alt=\"Fas010Markt09\" width=\"450\" height=\"600\" \/><\/a><\/p>\n<p><a href=\"https:\/\/olu-limburg.de\/wp-content\/uploads\/2015\/11\/Fas011Markt10-e1448629800212.jpg\"><img loading=\"lazy\" decoding=\"async\" class=\"size-full wp-image-4903 alignleft\" src=\"https:\/\/olu-limburg.de\/wp-content\/uploads\/2015\/11\/Fas011Markt10-e1448629800212.jpg\" alt=\"Fas011Markt10\" width=\"450\" height=\"600\" \/><\/a><\/p>\n<p><a href=\"https:\/\/olu-limburg.de\/wp-content\/uploads\/2015\/11\/Fas012Markt11-e1448629822967.jpg\"><img loading=\"lazy\" decoding=\"async\" class=\"size-full wp-image-4904 alignright\" src=\"https:\/\/olu-limburg.de\/wp-content\/uploads\/2015\/11\/Fas012Markt11-e1448629822967.jpg\" alt=\"Fas012Markt11\" width=\"450\" height=\"601\" \/><\/a><\/p>\n<div id=\"attachment_4905\" style=\"width: 650px\" class=\"wp-caption aligncenter\"><a href=\"https:\/\/olu-limburg.de\/wp-content\/uploads\/2015\/11\/Fas013Masktyp.jpg\"><img loading=\"lazy\" decoding=\"async\" aria-describedby=\"caption-attachment-4905\" class=\"wp-image-4905 size-full\" src=\"https:\/\/olu-limburg.de\/wp-content\/uploads\/2015\/11\/Fas013Masktyp.jpg\" alt=\"Fas013Masktyp\" width=\"640\" height=\"480\" srcset=\"https:\/\/olu-limburg.de\/wp-content\/uploads\/2015\/11\/Fas013Masktyp.jpg 640w, https:\/\/olu-limburg.de\/wp-content\/uploads\/2015\/11\/Fas013Masktyp-300x225.jpg 300w, https:\/\/olu-limburg.de\/wp-content\/uploads\/2015\/11\/Fas013Masktyp-624x468.jpg 624w\" sizes=\"auto, (max-width: 640px) 100vw, 640px\" \/><\/a><p id=\"caption-attachment-4905\" class=\"wp-caption-text\">Dies sind die typischen Grundmasken der Rottenburger Fasnet.<\/p><\/div>\n<p>Ab 17.00 Uhr zieht es immer wieder einige Narren ins Zunfthaus. Wir gehen auch dort hin, w\u00e4rmen uns auf und essen und trinken etwas.<\/p>\n<p>Tagesstrecke: 307 km<\/p>\n<p>&nbsp;<\/p>\n<p><strong>Sonntag, 19.02.2012<\/strong><\/p>\n<p>Der Morgen zeigt sich noch bew\u00f6lkt und es sind nur 5\u00b0. Da wir uns noch ein wenig mehr von der Stadt ansehen wollen, geht es um 11.00 Uhr schon wieder los. Zuerst zieht es uns auf die andere Seite der \u201eBach\u201c. Hier ist auch alles mit bunten F\u00e4hnchen geschm\u00fcckt. Der Zug geht wahrscheinlich auch hier durch. Am Bahnhof finden wir ein Lokal mit schw\u00e4bischer K\u00fcche. Es sind auch bereits einige Narren dort, die noch vor dem Zug etwas richtiges essen wollen. Wir drehen noch eine kurze Runde und st\u00e4rken uns auch dort.<\/p>\n<p><a href=\"https:\/\/olu-limburg.de\/wp-content\/uploads\/2015\/11\/Fas014Tor-e1448630092144.jpg\"><img loading=\"lazy\" decoding=\"async\" class=\"size-full wp-image-4906 alignleft\" src=\"https:\/\/olu-limburg.de\/wp-content\/uploads\/2015\/11\/Fas014Tor-e1448630092144.jpg\" alt=\"Fas014Tor\" width=\"450\" height=\"601\" \/><\/a><\/p>\n<p><a href=\"https:\/\/olu-limburg.de\/wp-content\/uploads\/2015\/11\/Fas015Turm-e1448630114702.jpg\"><img loading=\"lazy\" decoding=\"async\" class=\"size-full wp-image-4907 alignright\" src=\"https:\/\/olu-limburg.de\/wp-content\/uploads\/2015\/11\/Fas015Turm-e1448630114702.jpg\" alt=\"Fas015Turm\" width=\"450\" height=\"600\" \/><\/a><\/p>\n<p><a href=\"https:\/\/olu-limburg.de\/wp-content\/uploads\/2015\/11\/Fas016Bruecke.jpg\"><img loading=\"lazy\" decoding=\"async\" class=\"size-full wp-image-4908 aligncenter\" src=\"https:\/\/olu-limburg.de\/wp-content\/uploads\/2015\/11\/Fas016Bruecke.jpg\" alt=\"Fas016Bruecke\" width=\"640\" height=\"480\" srcset=\"https:\/\/olu-limburg.de\/wp-content\/uploads\/2015\/11\/Fas016Bruecke.jpg 640w, https:\/\/olu-limburg.de\/wp-content\/uploads\/2015\/11\/Fas016Bruecke-300x225.jpg 300w, https:\/\/olu-limburg.de\/wp-content\/uploads\/2015\/11\/Fas016Bruecke-624x468.jpg 624w\" sizes=\"auto, (max-width: 640px) 100vw, 640px\" \/><\/a><\/p>\n<p>Den &#8222;Ommzug&#8220; wollen wir uns am Marktplatz anschauen. Es stehen schon Absperrgitter dort und die besten Pl\u00e4tze gegen\u00fcber vom Rathaus sind\u00a0 um 12.30 Uhr bereits belegt. Trotzdem ergattern wir noch einen tollen Platz. Mittlerweile ist die Sonne auch wieder da. Kurz nach 13.30 Uhr kommt die &#8222;Stattkappelle&#8220;, die den Zug der tanzenden Ahlande anf\u00fchrt.<\/p>\n<p><a href=\"https:\/\/olu-limburg.de\/wp-content\/uploads\/2015\/11\/Fas017Tanz1.jpg\"><img loading=\"lazy\" decoding=\"async\" class=\"size-full wp-image-4909 aligncenter\" src=\"https:\/\/olu-limburg.de\/wp-content\/uploads\/2015\/11\/Fas017Tanz1.jpg\" alt=\"Fas017Tanz1\" width=\"621\" height=\"466\" srcset=\"https:\/\/olu-limburg.de\/wp-content\/uploads\/2015\/11\/Fas017Tanz1.jpg 621w, https:\/\/olu-limburg.de\/wp-content\/uploads\/2015\/11\/Fas017Tanz1-300x225.jpg 300w\" sizes=\"auto, (max-width: 621px) 100vw, 621px\" \/><\/a><\/p>\n<p><a href=\"https:\/\/olu-limburg.de\/wp-content\/uploads\/2015\/11\/Fas018Tanz2.jpg\"><img loading=\"lazy\" decoding=\"async\" class=\"size-full wp-image-4910 aligncenter\" src=\"https:\/\/olu-limburg.de\/wp-content\/uploads\/2015\/11\/Fas018Tanz2.jpg\" alt=\"Fas018Tanz2\" width=\"615\" height=\"461\" srcset=\"https:\/\/olu-limburg.de\/wp-content\/uploads\/2015\/11\/Fas018Tanz2.jpg 615w, https:\/\/olu-limburg.de\/wp-content\/uploads\/2015\/11\/Fas018Tanz2-300x224.jpg 300w\" sizes=\"auto, (max-width: 615px) 100vw, 615px\" \/><\/a><\/p>\n<p>Nach dem Ahlandtanz vor dem Rathaus zieht diese Gruppe weiter zum Zunfthaus und schlie\u00dft sich dort dem gleichzeitig gestarteten \u201eOmmzug\u201c als letzte Gruppe an.<\/p>\n<p><a href=\"https:\/\/olu-limburg.de\/wp-content\/uploads\/2015\/11\/Fas019Ahlab.jpg\"><img loading=\"lazy\" decoding=\"async\" class=\"size-full wp-image-4911 aligncenter\" src=\"https:\/\/olu-limburg.de\/wp-content\/uploads\/2015\/11\/Fas019Ahlab.jpg\" alt=\"Fas019Ahlab\" width=\"621\" height=\"466\" srcset=\"https:\/\/olu-limburg.de\/wp-content\/uploads\/2015\/11\/Fas019Ahlab.jpg 621w, https:\/\/olu-limburg.de\/wp-content\/uploads\/2015\/11\/Fas019Ahlab-300x225.jpg 300w\" sizes=\"auto, (max-width: 621px) 100vw, 621px\" \/><\/a><\/p>\n<p><a href=\"https:\/\/olu-limburg.de\/wp-content\/uploads\/2015\/11\/Fas020Hexe-e1448630218208.jpg\"><img loading=\"lazy\" decoding=\"async\" class=\"size-full wp-image-4912 aligncenter\" src=\"https:\/\/olu-limburg.de\/wp-content\/uploads\/2015\/11\/Fas020Hexe-e1448630218208.jpg\" alt=\"Fas020Hexe\" width=\"450\" height=\"600\" \/><\/a><\/p>\n<p>Nun erleben wir einen Umzug der Superlative. Fast hundert Fu\u00dfgruppen in den verschiedensten Masken und Musikgruppen ziehen durch die Stadt.<\/p>\n<div id=\"attachment_4913\" style=\"width: 460px\" class=\"wp-caption alignleft\"><a href=\"https:\/\/olu-limburg.de\/wp-content\/uploads\/2015\/11\/Fas021Zug01-e1448630255844.jpg\"><img loading=\"lazy\" decoding=\"async\" aria-describedby=\"caption-attachment-4913\" class=\"size-full wp-image-4913\" src=\"https:\/\/olu-limburg.de\/wp-content\/uploads\/2015\/11\/Fas021Zug01-e1448630255844.jpg\" alt=\"Der Ausrufer des Ommzugs\" width=\"450\" height=\"601\" \/><\/a><p id=\"caption-attachment-4913\" class=\"wp-caption-text\">Der Ausrufer des Ommzugs<\/p><\/div>\n<p><a href=\"https:\/\/olu-limburg.de\/wp-content\/uploads\/2015\/11\/Fas022Zug02-e1448630304532.jpg\"><img loading=\"lazy\" decoding=\"async\" class=\"size-full wp-image-4914 alignright\" src=\"https:\/\/olu-limburg.de\/wp-content\/uploads\/2015\/11\/Fas022Zug02-e1448630304532.jpg\" alt=\"Fas022Zug02\" width=\"450\" height=\"600\" \/><\/a><\/p>\n<div id=\"attachment_4915\" style=\"width: 637px\" class=\"wp-caption aligncenter\"><a href=\"https:\/\/olu-limburg.de\/wp-content\/uploads\/2015\/11\/Fas023Zug03.jpg\"><img loading=\"lazy\" decoding=\"async\" aria-describedby=\"caption-attachment-4915\" class=\"size-full wp-image-4915\" src=\"https:\/\/olu-limburg.de\/wp-content\/uploads\/2015\/11\/Fas023Zug03.jpg\" alt=\"Wagen zu Ehren der Erzherzogin Mechtild\" width=\"627\" height=\"470\" srcset=\"https:\/\/olu-limburg.de\/wp-content\/uploads\/2015\/11\/Fas023Zug03.jpg 627w, https:\/\/olu-limburg.de\/wp-content\/uploads\/2015\/11\/Fas023Zug03-300x224.jpg 300w, https:\/\/olu-limburg.de\/wp-content\/uploads\/2015\/11\/Fas023Zug03-624x467.jpg 624w\" sizes=\"auto, (max-width: 627px) 100vw, 627px\" \/><\/a><p id=\"caption-attachment-4915\" class=\"wp-caption-text\">Wagen zu Ehren der Erzherzogin Mechtild<\/p><\/div>\n<p><a href=\"https:\/\/olu-limburg.de\/wp-content\/uploads\/2015\/11\/Fas024Zug04.jpg\"><img loading=\"lazy\" decoding=\"async\" class=\"size-full wp-image-4916 aligncenter\" src=\"https:\/\/olu-limburg.de\/wp-content\/uploads\/2015\/11\/Fas024Zug04.jpg\" alt=\"Fas024Zug04\" width=\"627\" height=\"470\" srcset=\"https:\/\/olu-limburg.de\/wp-content\/uploads\/2015\/11\/Fas024Zug04.jpg 627w, https:\/\/olu-limburg.de\/wp-content\/uploads\/2015\/11\/Fas024Zug04-300x224.jpg 300w, https:\/\/olu-limburg.de\/wp-content\/uploads\/2015\/11\/Fas024Zug04-624x467.jpg 624w\" sizes=\"auto, (max-width: 627px) 100vw, 627px\" \/><\/a><\/p>\n<p><a href=\"https:\/\/olu-limburg.de\/wp-content\/uploads\/2015\/11\/Fas025Zug05.jpg\"><img loading=\"lazy\" decoding=\"async\" class=\"size-full wp-image-4917 aligncenter\" src=\"https:\/\/olu-limburg.de\/wp-content\/uploads\/2015\/11\/Fas025Zug05.jpg\" alt=\"Fas025Zug05\" width=\"621\" height=\"465\" srcset=\"https:\/\/olu-limburg.de\/wp-content\/uploads\/2015\/11\/Fas025Zug05.jpg 621w, https:\/\/olu-limburg.de\/wp-content\/uploads\/2015\/11\/Fas025Zug05-300x224.jpg 300w\" sizes=\"auto, (max-width: 621px) 100vw, 621px\" \/><\/a><\/p>\n<p><a href=\"https:\/\/olu-limburg.de\/wp-content\/uploads\/2015\/11\/Fas026Zug06-e1448630396573.jpg\"><img loading=\"lazy\" decoding=\"async\" class=\"size-full wp-image-4918 alignleft\" src=\"https:\/\/olu-limburg.de\/wp-content\/uploads\/2015\/11\/Fas026Zug06-e1448630396573.jpg\" alt=\"Fas026Zug06\" width=\"450\" height=\"600\" \/><\/a><\/p>\n<p><a href=\"https:\/\/olu-limburg.de\/wp-content\/uploads\/2015\/11\/Fas027Zug07-e1448630416106.jpg\"><img loading=\"lazy\" decoding=\"async\" class=\"size-full wp-image-4919 alignright\" src=\"https:\/\/olu-limburg.de\/wp-content\/uploads\/2015\/11\/Fas027Zug07-e1448630416106.jpg\" alt=\"Fas027Zug07\" width=\"450\" height=\"600\" \/><\/a><\/p>\n<p><a href=\"https:\/\/olu-limburg.de\/wp-content\/uploads\/2015\/11\/Fas028Zug08.jpg\"><img loading=\"lazy\" decoding=\"async\" class=\"size-full wp-image-4920 aligncenter\" src=\"https:\/\/olu-limburg.de\/wp-content\/uploads\/2015\/11\/Fas028Zug08.jpg\" alt=\"Fas028Zug08\" width=\"627\" height=\"470\" srcset=\"https:\/\/olu-limburg.de\/wp-content\/uploads\/2015\/11\/Fas028Zug08.jpg 627w, https:\/\/olu-limburg.de\/wp-content\/uploads\/2015\/11\/Fas028Zug08-300x224.jpg 300w, https:\/\/olu-limburg.de\/wp-content\/uploads\/2015\/11\/Fas028Zug08-624x467.jpg 624w\" sizes=\"auto, (max-width: 627px) 100vw, 627px\" \/><\/a><\/p>\n<p><a href=\"https:\/\/olu-limburg.de\/wp-content\/uploads\/2015\/11\/Fas029Zug09-e1448630453774.jpg\"><img loading=\"lazy\" decoding=\"async\" class=\"size-full wp-image-4921 alignleft\" src=\"https:\/\/olu-limburg.de\/wp-content\/uploads\/2015\/11\/Fas029Zug09-e1448630453774.jpg\" alt=\"Fas029Zug09\" width=\"450\" height=\"600\" \/><\/a><\/p>\n<p><a href=\"https:\/\/olu-limburg.de\/wp-content\/uploads\/2015\/11\/Fas030Zug10-e1448630505895.jpg\"><img loading=\"lazy\" decoding=\"async\" class=\"size-full wp-image-4922 alignright\" src=\"https:\/\/olu-limburg.de\/wp-content\/uploads\/2015\/11\/Fas030Zug10-e1448630505895.jpg\" alt=\"Fas030Zug10\" width=\"450\" height=\"600\" \/><\/a><\/p>\n<p><a href=\"https:\/\/olu-limburg.de\/wp-content\/uploads\/2015\/11\/Fas031Zug11-e1448630526805.jpg\"><img loading=\"lazy\" decoding=\"async\" class=\"size-full wp-image-4923 alignleft\" src=\"https:\/\/olu-limburg.de\/wp-content\/uploads\/2015\/11\/Fas031Zug11-e1448630526805.jpg\" alt=\"Fas031Zug11\" width=\"450\" height=\"600\" \/><\/a><\/p>\n<p><a href=\"https:\/\/olu-limburg.de\/wp-content\/uploads\/2015\/11\/Fas032Zug12-e1448630547898.jpg\"><img loading=\"lazy\" decoding=\"async\" class=\"size-full wp-image-4924 alignright\" src=\"https:\/\/olu-limburg.de\/wp-content\/uploads\/2015\/11\/Fas032Zug12-e1448630547898.jpg\" alt=\"Fas032Zug12\" width=\"450\" height=\"600\" \/><\/a><\/p>\n<p><a href=\"https:\/\/olu-limburg.de\/wp-content\/uploads\/2015\/11\/Fas034Zug14-e1448630568919.jpg\"><img loading=\"lazy\" decoding=\"async\" class=\"size-full wp-image-4925 alignleft\" src=\"https:\/\/olu-limburg.de\/wp-content\/uploads\/2015\/11\/Fas034Zug14-e1448630568919.jpg\" alt=\"Fas034Zug14\" width=\"450\" height=\"600\" \/><\/a><\/p>\n<p><a href=\"https:\/\/olu-limburg.de\/wp-content\/uploads\/2015\/11\/Fas035Zug15.jpg\"><img loading=\"lazy\" decoding=\"async\" class=\"wp-image-4926 alignright\" src=\"https:\/\/olu-limburg.de\/wp-content\/uploads\/2015\/11\/Fas035Zug15.jpg\" alt=\"Fas035Zug15\" width=\"450\" height=\"600\" srcset=\"https:\/\/olu-limburg.de\/wp-content\/uploads\/2015\/11\/Fas035Zug15.jpg 480w, https:\/\/olu-limburg.de\/wp-content\/uploads\/2015\/11\/Fas035Zug15-225x300.jpg 225w\" sizes=\"auto, (max-width: 450px) 100vw, 450px\" \/><\/a><\/p>\n<p><a href=\"https:\/\/olu-limburg.de\/wp-content\/uploads\/2015\/11\/Fas036Zug16-e1448630602938.jpg\"><img loading=\"lazy\" decoding=\"async\" class=\"size-full wp-image-4927 aligncenter\" src=\"https:\/\/olu-limburg.de\/wp-content\/uploads\/2015\/11\/Fas036Zug16-e1448630602938.jpg\" alt=\"Fas036Zug16\" width=\"450\" height=\"600\" \/><\/a><\/p>\n<p><a href=\"https:\/\/olu-limburg.de\/wp-content\/uploads\/2015\/11\/Fas037Zug17.jpg\"><img loading=\"lazy\" decoding=\"async\" class=\"size-full wp-image-4928 aligncenter\" src=\"https:\/\/olu-limburg.de\/wp-content\/uploads\/2015\/11\/Fas037Zug17.jpg\" alt=\"Fas037Zug17\" width=\"634\" height=\"475\" srcset=\"https:\/\/olu-limburg.de\/wp-content\/uploads\/2015\/11\/Fas037Zug17.jpg 634w, https:\/\/olu-limburg.de\/wp-content\/uploads\/2015\/11\/Fas037Zug17-300x224.jpg 300w, https:\/\/olu-limburg.de\/wp-content\/uploads\/2015\/11\/Fas037Zug17-624x467.jpg 624w\" sizes=\"auto, (max-width: 634px) 100vw, 634px\" \/><\/a><\/p>\n<p><a href=\"https:\/\/olu-limburg.de\/wp-content\/uploads\/2015\/11\/Fas038Zug18.jpg\"><img loading=\"lazy\" decoding=\"async\" class=\"size-full wp-image-4929 aligncenter\" src=\"https:\/\/olu-limburg.de\/wp-content\/uploads\/2015\/11\/Fas038Zug18.jpg\" alt=\"Fas038Zug18\" width=\"627\" height=\"470\" srcset=\"https:\/\/olu-limburg.de\/wp-content\/uploads\/2015\/11\/Fas038Zug18.jpg 627w, https:\/\/olu-limburg.de\/wp-content\/uploads\/2015\/11\/Fas038Zug18-300x224.jpg 300w, https:\/\/olu-limburg.de\/wp-content\/uploads\/2015\/11\/Fas038Zug18-624x467.jpg 624w\" sizes=\"auto, (max-width: 627px) 100vw, 627px\" \/><\/a><\/p>\n<div id=\"attachment_4930\" style=\"width: 460px\" class=\"wp-caption aligncenter\"><a href=\"https:\/\/olu-limburg.de\/wp-content\/uploads\/2015\/11\/Fas039Zug19-e1448630697790.jpg\"><img loading=\"lazy\" decoding=\"async\" aria-describedby=\"caption-attachment-4930\" class=\"size-full wp-image-4930\" src=\"https:\/\/olu-limburg.de\/wp-content\/uploads\/2015\/11\/Fas039Zug19-e1448630697790.jpg\" alt=\"So manche &quot;Jungfrau&quot; wurde geraubt.\" width=\"450\" height=\"600\" \/><\/a><p id=\"caption-attachment-4930\" class=\"wp-caption-text\">So manche &#8222;Jungfrau&#8220; wurde geraubt.<\/p><\/div>\n<p><a href=\"https:\/\/olu-limburg.de\/wp-content\/uploads\/2015\/11\/Fas040Zug20.jpg\"><img loading=\"lazy\" decoding=\"async\" class=\"size-full wp-image-4931 aligncenter\" src=\"https:\/\/olu-limburg.de\/wp-content\/uploads\/2015\/11\/Fas040Zug20.jpg\" alt=\"Fas040Zug20\" width=\"627\" height=\"470\" srcset=\"https:\/\/olu-limburg.de\/wp-content\/uploads\/2015\/11\/Fas040Zug20.jpg 627w, https:\/\/olu-limburg.de\/wp-content\/uploads\/2015\/11\/Fas040Zug20-300x224.jpg 300w, https:\/\/olu-limburg.de\/wp-content\/uploads\/2015\/11\/Fas040Zug20-624x467.jpg 624w\" sizes=\"auto, (max-width: 627px) 100vw, 627px\" \/><\/a><\/p>\n<p><a href=\"https:\/\/olu-limburg.de\/wp-content\/uploads\/2015\/11\/Fas041Zug21-e1448630751161.jpg\"><img loading=\"lazy\" decoding=\"async\" class=\"size-full wp-image-4932 aligncenter\" src=\"https:\/\/olu-limburg.de\/wp-content\/uploads\/2015\/11\/Fas041Zug21-e1448630751161.jpg\" alt=\"Fas041Zug21\" width=\"450\" height=\"600\" \/><\/a><\/p>\n<p><a href=\"https:\/\/olu-limburg.de\/wp-content\/uploads\/2015\/11\/Fas042Zug22.jpg\"><img loading=\"lazy\" decoding=\"async\" class=\"size-full wp-image-4933 aligncenter\" src=\"https:\/\/olu-limburg.de\/wp-content\/uploads\/2015\/11\/Fas042Zug22.jpg\" alt=\"Fas042Zug22\" width=\"627\" height=\"470\" srcset=\"https:\/\/olu-limburg.de\/wp-content\/uploads\/2015\/11\/Fas042Zug22.jpg 627w, https:\/\/olu-limburg.de\/wp-content\/uploads\/2015\/11\/Fas042Zug22-300x224.jpg 300w, https:\/\/olu-limburg.de\/wp-content\/uploads\/2015\/11\/Fas042Zug22-624x467.jpg 624w\" sizes=\"auto, (max-width: 627px) 100vw, 627px\" \/><\/a><\/p>\n<p><a href=\"https:\/\/olu-limburg.de\/wp-content\/uploads\/2015\/11\/Fas043Zug23-e1448631022503.jpg\"><img loading=\"lazy\" decoding=\"async\" class=\"size-full wp-image-4934 alignleft\" src=\"https:\/\/olu-limburg.de\/wp-content\/uploads\/2015\/11\/Fas043Zug23-e1448631022503.jpg\" alt=\"Fas043Zug23\" width=\"450\" height=\"600\" \/><\/a><\/p>\n<p><a href=\"https:\/\/olu-limburg.de\/wp-content\/uploads\/2015\/11\/Fas044Zug24-e1448631047823.jpg\"><img loading=\"lazy\" decoding=\"async\" class=\"size-full wp-image-4935 alignright\" src=\"https:\/\/olu-limburg.de\/wp-content\/uploads\/2015\/11\/Fas044Zug24-e1448631047823.jpg\" alt=\"Fas044Zug24\" width=\"450\" height=\"600\" \/><\/a><\/p>\n<p><a href=\"https:\/\/olu-limburg.de\/wp-content\/uploads\/2015\/11\/Fas045Zug25-e1448631075862.jpg\"><img loading=\"lazy\" decoding=\"async\" class=\"size-full wp-image-4936 alignleft\" src=\"https:\/\/olu-limburg.de\/wp-content\/uploads\/2015\/11\/Fas045Zug25-e1448631075862.jpg\" alt=\"Fas045Zug25\" width=\"450\" height=\"600\" \/><\/a><\/p>\n<p><a href=\"https:\/\/olu-limburg.de\/wp-content\/uploads\/2015\/11\/Fas046Zug26-e1448631102448.jpg\"><img loading=\"lazy\" decoding=\"async\" class=\"size-full wp-image-4937 alignright\" src=\"https:\/\/olu-limburg.de\/wp-content\/uploads\/2015\/11\/Fas046Zug26-e1448631102448.jpg\" alt=\"Fas046Zug26\" width=\"450\" height=\"600\" \/><\/a><\/p>\n<p><a href=\"https:\/\/olu-limburg.de\/wp-content\/uploads\/2015\/11\/Fas047Zug27.jpg\"><img loading=\"lazy\" decoding=\"async\" class=\"size-full wp-image-4938 aligncenter\" src=\"https:\/\/olu-limburg.de\/wp-content\/uploads\/2015\/11\/Fas047Zug27.jpg\" alt=\"Fas047Zug27\" width=\"627\" height=\"470\" srcset=\"https:\/\/olu-limburg.de\/wp-content\/uploads\/2015\/11\/Fas047Zug27.jpg 627w, https:\/\/olu-limburg.de\/wp-content\/uploads\/2015\/11\/Fas047Zug27-300x224.jpg 300w, https:\/\/olu-limburg.de\/wp-content\/uploads\/2015\/11\/Fas047Zug27-624x467.jpg 624w\" sizes=\"auto, (max-width: 627px) 100vw, 627px\" \/><\/a><\/p>\n<p><a href=\"https:\/\/olu-limburg.de\/wp-content\/uploads\/2015\/11\/Fas048Zug28-e1448631141636.jpg\"><img loading=\"lazy\" decoding=\"async\" class=\"size-full wp-image-4939 alignleft\" src=\"https:\/\/olu-limburg.de\/wp-content\/uploads\/2015\/11\/Fas048Zug28-e1448631141636.jpg\" alt=\"Fas048Zug28\" width=\"450\" height=\"600\" \/><\/a><\/p>\n<p><a href=\"https:\/\/olu-limburg.de\/wp-content\/uploads\/2015\/11\/Fas049Zug29-e1448631166848.jpg\"><img loading=\"lazy\" decoding=\"async\" class=\"size-full wp-image-4940 alignright\" src=\"https:\/\/olu-limburg.de\/wp-content\/uploads\/2015\/11\/Fas049Zug29-e1448631166848.jpg\" alt=\"Fas049Zug29\" width=\"450\" height=\"600\" \/><\/a><\/p>\n<p><a href=\"https:\/\/olu-limburg.de\/wp-content\/uploads\/2015\/11\/Fas050Zug30.jpg\"><img loading=\"lazy\" decoding=\"async\" class=\"size-full wp-image-4941 aligncenter\" src=\"https:\/\/olu-limburg.de\/wp-content\/uploads\/2015\/11\/Fas050Zug30.jpg\" alt=\"Fas050Zug30\" width=\"627\" height=\"470\" srcset=\"https:\/\/olu-limburg.de\/wp-content\/uploads\/2015\/11\/Fas050Zug30.jpg 627w, https:\/\/olu-limburg.de\/wp-content\/uploads\/2015\/11\/Fas050Zug30-300x224.jpg 300w, https:\/\/olu-limburg.de\/wp-content\/uploads\/2015\/11\/Fas050Zug30-624x467.jpg 624w\" sizes=\"auto, (max-width: 627px) 100vw, 627px\" \/><\/a><\/p>\n<p><a href=\"https:\/\/olu-limburg.de\/wp-content\/uploads\/2015\/11\/Fas051Zug31.jpg\"><img loading=\"lazy\" decoding=\"async\" class=\"size-full wp-image-4942 aligncenter\" src=\"https:\/\/olu-limburg.de\/wp-content\/uploads\/2015\/11\/Fas051Zug31.jpg\" alt=\"Fas051Zug31\" width=\"621\" height=\"465\" srcset=\"https:\/\/olu-limburg.de\/wp-content\/uploads\/2015\/11\/Fas051Zug31.jpg 621w, https:\/\/olu-limburg.de\/wp-content\/uploads\/2015\/11\/Fas051Zug31-300x224.jpg 300w\" sizes=\"auto, (max-width: 621px) 100vw, 621px\" \/><\/a><\/p>\n<p><a href=\"https:\/\/olu-limburg.de\/wp-content\/uploads\/2015\/11\/Fas052Zug32.jpg\"><img loading=\"lazy\" decoding=\"async\" class=\"size-full wp-image-4943 aligncenter\" src=\"https:\/\/olu-limburg.de\/wp-content\/uploads\/2015\/11\/Fas052Zug32.jpg\" alt=\"Fas052Zug32\" width=\"627\" height=\"470\" srcset=\"https:\/\/olu-limburg.de\/wp-content\/uploads\/2015\/11\/Fas052Zug32.jpg 627w, https:\/\/olu-limburg.de\/wp-content\/uploads\/2015\/11\/Fas052Zug32-300x224.jpg 300w, https:\/\/olu-limburg.de\/wp-content\/uploads\/2015\/11\/Fas052Zug32-624x467.jpg 624w\" sizes=\"auto, (max-width: 627px) 100vw, 627px\" \/><\/a><\/p>\n<p><a href=\"https:\/\/olu-limburg.de\/wp-content\/uploads\/2015\/11\/Fas053Zug33-e1448633577429.jpg\"><img loading=\"lazy\" decoding=\"async\" class=\"size-full wp-image-4944 alignleft\" src=\"https:\/\/olu-limburg.de\/wp-content\/uploads\/2015\/11\/Fas053Zug33-e1448633577429.jpg\" alt=\"Fas053Zug33\" width=\"450\" height=\"600\" \/><\/a><\/p>\n<p><a href=\"https:\/\/olu-limburg.de\/wp-content\/uploads\/2015\/11\/Fas054Zug34-e1448633599313.jpg\"><img loading=\"lazy\" decoding=\"async\" class=\"size-full wp-image-4945 alignright\" src=\"https:\/\/olu-limburg.de\/wp-content\/uploads\/2015\/11\/Fas054Zug34-e1448633599313.jpg\" alt=\"Fas054Zug34\" width=\"450\" height=\"600\" \/><\/a><\/p>\n<p><a href=\"https:\/\/olu-limburg.de\/wp-content\/uploads\/2015\/11\/Fas055Zug35-e1448633623201.jpg\"><img loading=\"lazy\" decoding=\"async\" class=\"size-full wp-image-4946 alignleft\" src=\"https:\/\/olu-limburg.de\/wp-content\/uploads\/2015\/11\/Fas055Zug35-e1448633623201.jpg\" alt=\"Fas055Zug35\" width=\"450\" height=\"601\" \/><\/a><\/p>\n<p><a href=\"https:\/\/olu-limburg.de\/wp-content\/uploads\/2015\/11\/Fas056Zug36-e1448633643773.jpg\"><img loading=\"lazy\" decoding=\"async\" class=\"size-full wp-image-4947 alignright\" src=\"https:\/\/olu-limburg.de\/wp-content\/uploads\/2015\/11\/Fas056Zug36-e1448633643773.jpg\" alt=\"Fas056Zug36\" width=\"450\" height=\"600\" \/><\/a><\/p>\n<p><a href=\"https:\/\/olu-limburg.de\/wp-content\/uploads\/2015\/11\/Fas057Zug37.jpg\"><img loading=\"lazy\" decoding=\"async\" class=\"size-full wp-image-4948 aligncenter\" src=\"https:\/\/olu-limburg.de\/wp-content\/uploads\/2015\/11\/Fas057Zug37.jpg\" alt=\"Fas057Zug37\" width=\"627\" height=\"470\" srcset=\"https:\/\/olu-limburg.de\/wp-content\/uploads\/2015\/11\/Fas057Zug37.jpg 627w, https:\/\/olu-limburg.de\/wp-content\/uploads\/2015\/11\/Fas057Zug37-300x224.jpg 300w, https:\/\/olu-limburg.de\/wp-content\/uploads\/2015\/11\/Fas057Zug37-624x467.jpg 624w\" sizes=\"auto, (max-width: 627px) 100vw, 627px\" \/><\/a><\/p>\n<p><a href=\"https:\/\/olu-limburg.de\/wp-content\/uploads\/2015\/11\/Fas058Zug38-e1448633731484.jpg\"><img loading=\"lazy\" decoding=\"async\" class=\"size-full wp-image-4949 alignleft\" src=\"https:\/\/olu-limburg.de\/wp-content\/uploads\/2015\/11\/Fas058Zug38-e1448633731484.jpg\" alt=\"Fas058Zug38\" width=\"450\" height=\"600\" \/><\/a><\/p>\n<p><a href=\"https:\/\/olu-limburg.de\/wp-content\/uploads\/2015\/11\/Fas059Zug39-e1448633760963.jpg\"><img loading=\"lazy\" decoding=\"async\" class=\"size-full wp-image-4950 alignright\" src=\"https:\/\/olu-limburg.de\/wp-content\/uploads\/2015\/11\/Fas059Zug39-e1448633760963.jpg\" alt=\"Fas059Zug39\" width=\"450\" height=\"600\" \/><\/a><\/p>\n<p><a href=\"https:\/\/olu-limburg.de\/wp-content\/uploads\/2015\/11\/Fas060Zug40-e1448633783266.jpg\"><img loading=\"lazy\" decoding=\"async\" class=\"size-full wp-image-4951 aligncenter\" src=\"https:\/\/olu-limburg.de\/wp-content\/uploads\/2015\/11\/Fas060Zug40-e1448633783266.jpg\" alt=\"Fas060Zug40\" width=\"450\" height=\"600\" \/><\/a><\/p>\n<p><a href=\"https:\/\/olu-limburg.de\/wp-content\/uploads\/2015\/11\/Fas061Zug41.jpg\"><img loading=\"lazy\" decoding=\"async\" class=\"size-full wp-image-4952 aligncenter\" src=\"https:\/\/olu-limburg.de\/wp-content\/uploads\/2015\/11\/Fas061Zug41.jpg\" alt=\"Fas061Zug41\" width=\"627\" height=\"470\" srcset=\"https:\/\/olu-limburg.de\/wp-content\/uploads\/2015\/11\/Fas061Zug41.jpg 627w, https:\/\/olu-limburg.de\/wp-content\/uploads\/2015\/11\/Fas061Zug41-300x224.jpg 300w, https:\/\/olu-limburg.de\/wp-content\/uploads\/2015\/11\/Fas061Zug41-624x467.jpg 624w\" sizes=\"auto, (max-width: 627px) 100vw, 627px\" \/><\/a><\/p>\n<p><a href=\"https:\/\/olu-limburg.de\/wp-content\/uploads\/2015\/11\/Fas062Zug42-e1448633817837.jpg\"><img loading=\"lazy\" decoding=\"async\" class=\"size-full wp-image-4953 aligncenter\" src=\"https:\/\/olu-limburg.de\/wp-content\/uploads\/2015\/11\/Fas062Zug42-e1448633817837.jpg\" alt=\"Fas062Zug42\" width=\"450\" height=\"600\" \/><\/a><\/p>\n<p><a href=\"https:\/\/olu-limburg.de\/wp-content\/uploads\/2015\/11\/Fas063Zug43.jpg\"><img loading=\"lazy\" decoding=\"async\" class=\"size-full wp-image-4954 aligncenter\" src=\"https:\/\/olu-limburg.de\/wp-content\/uploads\/2015\/11\/Fas063Zug43.jpg\" alt=\"Fas063Zug43\" width=\"627\" height=\"470\" srcset=\"https:\/\/olu-limburg.de\/wp-content\/uploads\/2015\/11\/Fas063Zug43.jpg 627w, https:\/\/olu-limburg.de\/wp-content\/uploads\/2015\/11\/Fas063Zug43-300x224.jpg 300w, https:\/\/olu-limburg.de\/wp-content\/uploads\/2015\/11\/Fas063Zug43-624x467.jpg 624w\" sizes=\"auto, (max-width: 627px) 100vw, 627px\" \/><\/a><\/p>\n<p><a href=\"https:\/\/olu-limburg.de\/wp-content\/uploads\/2015\/11\/Fas064Zug44-e1448633851368.jpg\"><img loading=\"lazy\" decoding=\"async\" class=\"size-full wp-image-4955 alignleft\" src=\"https:\/\/olu-limburg.de\/wp-content\/uploads\/2015\/11\/Fas064Zug44-e1448633851368.jpg\" alt=\"Fas064Zug44\" width=\"450\" height=\"600\" \/><\/a><\/p>\n<p><a href=\"https:\/\/olu-limburg.de\/wp-content\/uploads\/2015\/11\/Fas065Zug45-e1448633871824.jpg\"><img loading=\"lazy\" decoding=\"async\" class=\"size-full wp-image-4956 alignright\" src=\"https:\/\/olu-limburg.de\/wp-content\/uploads\/2015\/11\/Fas065Zug45-e1448633871824.jpg\" alt=\"Fas065Zug45\" width=\"450\" height=\"601\" \/><\/a><\/p>\n<p><a href=\"https:\/\/olu-limburg.de\/wp-content\/uploads\/2015\/11\/Fas066Zug46-e1448633891296.jpg\"><img loading=\"lazy\" decoding=\"async\" class=\"size-full wp-image-4957 alignleft\" src=\"https:\/\/olu-limburg.de\/wp-content\/uploads\/2015\/11\/Fas066Zug46-e1448633891296.jpg\" alt=\"Fas066Zug46\" width=\"450\" height=\"600\" \/><\/a><\/p>\n<p><a href=\"https:\/\/olu-limburg.de\/wp-content\/uploads\/2015\/11\/Fas067Zug47-e1448633932729.jpg\"><img loading=\"lazy\" decoding=\"async\" class=\"size-full wp-image-4958 alignright\" src=\"https:\/\/olu-limburg.de\/wp-content\/uploads\/2015\/11\/Fas067Zug47-e1448633932729.jpg\" alt=\"Fas067Zug47\" width=\"450\" height=\"600\" \/><\/a><\/p>\n<p><a href=\"https:\/\/olu-limburg.de\/wp-content\/uploads\/2015\/11\/Fas068Zug48-e1448633952112.jpg\"><img loading=\"lazy\" decoding=\"async\" class=\"size-full wp-image-4959 alignleft\" src=\"https:\/\/olu-limburg.de\/wp-content\/uploads\/2015\/11\/Fas068Zug48-e1448633952112.jpg\" alt=\"Fas068Zug48\" width=\"450\" height=\"601\" \/><\/a><\/p>\n<p><a href=\"https:\/\/olu-limburg.de\/wp-content\/uploads\/2015\/11\/Fas069Zug49-e1448633973523.jpg\"><img loading=\"lazy\" decoding=\"async\" class=\"size-full wp-image-4960 alignright\" src=\"https:\/\/olu-limburg.de\/wp-content\/uploads\/2015\/11\/Fas069Zug49-e1448633973523.jpg\" alt=\"Fas069Zug49\" width=\"450\" height=\"601\" \/><\/a><\/p>\n<p><a href=\"https:\/\/olu-limburg.de\/wp-content\/uploads\/2015\/11\/Fas070Zug50-e1448633999468.jpg\"><img loading=\"lazy\" decoding=\"async\" class=\"size-full wp-image-4961 alignleft\" src=\"https:\/\/olu-limburg.de\/wp-content\/uploads\/2015\/11\/Fas070Zug50-e1448633999468.jpg\" alt=\"Fas070Zug50\" width=\"450\" height=\"600\" \/><\/a><\/p>\n<p><a href=\"https:\/\/olu-limburg.de\/wp-content\/uploads\/2015\/11\/Fas071Zug51-e1448634019482.jpg\"><img loading=\"lazy\" decoding=\"async\" class=\"size-full wp-image-4962 alignright\" src=\"https:\/\/olu-limburg.de\/wp-content\/uploads\/2015\/11\/Fas071Zug51-e1448634019482.jpg\" alt=\"Fas071Zug51\" width=\"450\" height=\"601\" \/><\/a><\/p>\n<p><a href=\"https:\/\/olu-limburg.de\/wp-content\/uploads\/2015\/11\/Fas072Zug52.jpg\"><img loading=\"lazy\" decoding=\"async\" class=\"size-full wp-image-4963 aligncenter\" src=\"https:\/\/olu-limburg.de\/wp-content\/uploads\/2015\/11\/Fas072Zug52.jpg\" alt=\"Fas072Zug52\" width=\"634\" height=\"475\" srcset=\"https:\/\/olu-limburg.de\/wp-content\/uploads\/2015\/11\/Fas072Zug52.jpg 634w, https:\/\/olu-limburg.de\/wp-content\/uploads\/2015\/11\/Fas072Zug52-300x224.jpg 300w, https:\/\/olu-limburg.de\/wp-content\/uploads\/2015\/11\/Fas072Zug52-624x467.jpg 624w\" sizes=\"auto, (max-width: 634px) 100vw, 634px\" \/><\/a><\/p>\n<p><a href=\"https:\/\/olu-limburg.de\/wp-content\/uploads\/2015\/11\/Fas073Zug53-e1448634051765.jpg\"><img loading=\"lazy\" decoding=\"async\" class=\"size-full wp-image-4964 alignleft\" src=\"https:\/\/olu-limburg.de\/wp-content\/uploads\/2015\/11\/Fas073Zug53-e1448634051765.jpg\" alt=\"Fas073Zug53\" width=\"450\" height=\"600\" \/><\/a><\/p>\n<p><a href=\"https:\/\/olu-limburg.de\/wp-content\/uploads\/2015\/11\/Fas074Zug54-e1448634071914.jpg\"><img loading=\"lazy\" decoding=\"async\" class=\"size-full wp-image-4965 alignright\" src=\"https:\/\/olu-limburg.de\/wp-content\/uploads\/2015\/11\/Fas074Zug54-e1448634071914.jpg\" alt=\"Fas074Zug54\" width=\"450\" height=\"601\" \/><\/a><\/p>\n<p><a href=\"https:\/\/olu-limburg.de\/wp-content\/uploads\/2015\/11\/Fas075Zug55-e1448634090123.jpg\"><img loading=\"lazy\" decoding=\"async\" class=\"size-full wp-image-4966 alignleft\" src=\"https:\/\/olu-limburg.de\/wp-content\/uploads\/2015\/11\/Fas075Zug55-e1448634090123.jpg\" alt=\"Fas075Zug55\" width=\"450\" height=\"601\" \/><\/a><\/p>\n<p><a href=\"https:\/\/olu-limburg.de\/wp-content\/uploads\/2015\/11\/Fas076Zug56-e1448634112833.jpg\"><img loading=\"lazy\" decoding=\"async\" class=\"size-full wp-image-4967 alignright\" src=\"https:\/\/olu-limburg.de\/wp-content\/uploads\/2015\/11\/Fas076Zug56-e1448634112833.jpg\" alt=\"Fas076Zug56\" width=\"450\" height=\"600\" \/><\/a><\/p>\n<p><a href=\"https:\/\/olu-limburg.de\/wp-content\/uploads\/2015\/11\/Fas077Zug57-e1448634132701.jpg\"><img loading=\"lazy\" decoding=\"async\" class=\"size-full wp-image-4968 alignleft\" src=\"https:\/\/olu-limburg.de\/wp-content\/uploads\/2015\/11\/Fas077Zug57-e1448634132701.jpg\" alt=\"Fas077Zug57\" width=\"450\" height=\"601\" \/><\/a><\/p>\n<p><a href=\"https:\/\/olu-limburg.de\/wp-content\/uploads\/2015\/11\/Fas078Zug58-e1448634228996.jpg\"><img loading=\"lazy\" decoding=\"async\" class=\"size-full wp-image-4969 alignright\" src=\"https:\/\/olu-limburg.de\/wp-content\/uploads\/2015\/11\/Fas078Zug58-e1448634228996.jpg\" alt=\"Fas078Zug58\" width=\"450\" height=\"601\" \/><\/a><\/p>\n<p><a href=\"https:\/\/olu-limburg.de\/wp-content\/uploads\/2015\/11\/Fas079Zug59-e1448634249403.jpg\"><img loading=\"lazy\" decoding=\"async\" class=\"size-full wp-image-4970 aligncenter\" src=\"https:\/\/olu-limburg.de\/wp-content\/uploads\/2015\/11\/Fas079Zug59-e1448634249403.jpg\" alt=\"Fas079Zug59\" width=\"450\" height=\"601\" \/><\/a><\/p>\n<p><a href=\"https:\/\/olu-limburg.de\/wp-content\/uploads\/2015\/11\/Fas080Zug60.jpg\"><img loading=\"lazy\" decoding=\"async\" class=\"size-full wp-image-4971 aligncenter\" src=\"https:\/\/olu-limburg.de\/wp-content\/uploads\/2015\/11\/Fas080Zug60.jpg\" alt=\"Fas080Zug60\" width=\"634\" height=\"475\" srcset=\"https:\/\/olu-limburg.de\/wp-content\/uploads\/2015\/11\/Fas080Zug60.jpg 634w, https:\/\/olu-limburg.de\/wp-content\/uploads\/2015\/11\/Fas080Zug60-300x224.jpg 300w, https:\/\/olu-limburg.de\/wp-content\/uploads\/2015\/11\/Fas080Zug60-624x467.jpg 624w\" sizes=\"auto, (max-width: 634px) 100vw, 634px\" \/><\/a><\/p>\n<p><a href=\"https:\/\/olu-limburg.de\/wp-content\/uploads\/2015\/11\/Fas081Zug61.jpg\"><img loading=\"lazy\" decoding=\"async\" class=\"size-full wp-image-4972 aligncenter\" src=\"https:\/\/olu-limburg.de\/wp-content\/uploads\/2015\/11\/Fas081Zug61.jpg\" alt=\"Fas081Zug61\" width=\"627\" height=\"470\" srcset=\"https:\/\/olu-limburg.de\/wp-content\/uploads\/2015\/11\/Fas081Zug61.jpg 627w, https:\/\/olu-limburg.de\/wp-content\/uploads\/2015\/11\/Fas081Zug61-300x224.jpg 300w, https:\/\/olu-limburg.de\/wp-content\/uploads\/2015\/11\/Fas081Zug61-624x467.jpg 624w\" sizes=\"auto, (max-width: 627px) 100vw, 627px\" \/><\/a><\/p>\n<p><a href=\"https:\/\/olu-limburg.de\/wp-content\/uploads\/2015\/11\/Fas082Zug62-e1448634298852.jpg\"><img loading=\"lazy\" decoding=\"async\" class=\"wp-image-4973 size-full alignleft\" src=\"https:\/\/olu-limburg.de\/wp-content\/uploads\/2015\/11\/Fas082Zug62-e1448634298852.jpg\" alt=\"Fas082Zug62\" width=\"450\" height=\"600\" \/><\/a><\/p>\n<p><a href=\"https:\/\/olu-limburg.de\/wp-content\/uploads\/2015\/11\/Fas083Zug63-e1448634330740.jpg\"><img loading=\"lazy\" decoding=\"async\" class=\"size-full wp-image-4974 alignright\" src=\"https:\/\/olu-limburg.de\/wp-content\/uploads\/2015\/11\/Fas083Zug63-e1448634330740.jpg\" alt=\"Fas083Zug63\" width=\"450\" height=\"600\" \/><\/a><\/p>\n<p><a href=\"https:\/\/olu-limburg.de\/wp-content\/uploads\/2015\/11\/Fas084Zug64.jpg\"><img loading=\"lazy\" decoding=\"async\" class=\"size-full wp-image-4975 aligncenter\" src=\"https:\/\/olu-limburg.de\/wp-content\/uploads\/2015\/11\/Fas084Zug64.jpg\" alt=\"Fas084Zug64\" width=\"634\" height=\"475\" srcset=\"https:\/\/olu-limburg.de\/wp-content\/uploads\/2015\/11\/Fas084Zug64.jpg 634w, https:\/\/olu-limburg.de\/wp-content\/uploads\/2015\/11\/Fas084Zug64-300x224.jpg 300w, https:\/\/olu-limburg.de\/wp-content\/uploads\/2015\/11\/Fas084Zug64-624x467.jpg 624w\" sizes=\"auto, (max-width: 634px) 100vw, 634px\" \/><\/a><\/p>\n<p><a href=\"https:\/\/olu-limburg.de\/wp-content\/uploads\/2015\/11\/Fas085Zug65-e1448634362297.jpg\"><img loading=\"lazy\" decoding=\"async\" class=\"size-full wp-image-4976 aligncenter\" src=\"https:\/\/olu-limburg.de\/wp-content\/uploads\/2015\/11\/Fas085Zug65-e1448634362297.jpg\" alt=\"Fas085Zug65\" width=\"450\" height=\"600\" \/><\/a><\/p>\n<p>Nach \u00fcber drei Stunden auf dem Marktplatz treiben uns kalte H\u00e4nde und F\u00fc\u00dfe zu unserem Wohnmobil. F\u00fcr heute langt es. Der Ommzug war sehr sch\u00f6n, doch den Fasnetsumtrunk nehmen wir lieber in unserem warmen Wohnmobil ein.<\/p>\n<p>Tagesstrecke: 0 km<\/p>\n<p>&nbsp;<\/p>\n<p><strong>Montag, 20.02.2012<\/strong><\/p>\n<p>Nach einem gem\u00fctlichen Fr\u00fchst\u00fcck fahren wir heute weiter nach Haigerloch. Die Stadt teilt sich in eine Ober- und eine Unterstadt. Alles wird aber von dem hoch aufragenden Schloss und der Schlosskirche auf einem separaten Berg beherrscht.<\/p>\n<p><a href=\"https:\/\/olu-limburg.de\/wp-content\/uploads\/2015\/11\/Fas086Haig.jpg\"><img loading=\"lazy\" decoding=\"async\" class=\"size-full wp-image-4977 aligncenter\" src=\"https:\/\/olu-limburg.de\/wp-content\/uploads\/2015\/11\/Fas086Haig.jpg\" alt=\"Fas086Haig\" width=\"640\" height=\"480\" srcset=\"https:\/\/olu-limburg.de\/wp-content\/uploads\/2015\/11\/Fas086Haig.jpg 640w, https:\/\/olu-limburg.de\/wp-content\/uploads\/2015\/11\/Fas086Haig-300x225.jpg 300w, https:\/\/olu-limburg.de\/wp-content\/uploads\/2015\/11\/Fas086Haig-624x468.jpg 624w\" sizes=\"auto, (max-width: 640px) 100vw, 640px\" \/><\/a><\/p>\n<p>Der Stellplatz (kostenlos; Strom EUR 1,00\/ 8 Std.; Wasser EUR 1,00) liegt etwas au\u00dferhalb in der Oberstadt in der N\u00e4he eines Freibades.<\/p>\n<p><a href=\"https:\/\/olu-limburg.de\/wp-content\/uploads\/2015\/11\/Fas087SPHaig1.jpg\"><img loading=\"lazy\" decoding=\"async\" class=\"size-full wp-image-4978 aligncenter\" src=\"https:\/\/olu-limburg.de\/wp-content\/uploads\/2015\/11\/Fas087SPHaig1.jpg\" alt=\"Fas087SPHaig1\" width=\"640\" height=\"480\" srcset=\"https:\/\/olu-limburg.de\/wp-content\/uploads\/2015\/11\/Fas087SPHaig1.jpg 640w, https:\/\/olu-limburg.de\/wp-content\/uploads\/2015\/11\/Fas087SPHaig1-300x225.jpg 300w, https:\/\/olu-limburg.de\/wp-content\/uploads\/2015\/11\/Fas087SPHaig1-624x468.jpg 624w\" sizes=\"auto, (max-width: 640px) 100vw, 640px\" \/><\/a><\/p>\n<p>Wir gehen sofort zum &#8222;Br\u00e4uteln&#8220; auf dem Marktplatz in der Unterstadt. Das &#8222;Br\u00e4uteln&#8220; in Haigerloch wird erstmals 1860 erw\u00e4hnt und findet alle vier Jahre im Schaltjahr am Fasnetsmontag statt. Hierbei werden M\u00e4nner, die in den letzten vier Jahren zugezogen sind, gebaut oder geheiratet haben, von jungen ledigen Burschen drei Mal auf einem Bengel (drei Meter lange und mit einem Sitzpolster versehenen Br\u00e4utelstange) um den Marktbrunnen getragen. Normalerweise wird dann nun der linke Fu\u00df des so in die Gemeinschaft aufgenommenen in das Brunnenwasser eingetaucht. Doch zur Belustigung der Zuschauer fliegt so mancher mit voller Montur in das eiskalte Brunnenwasser.<\/p>\n<p><a href=\"https:\/\/olu-limburg.de\/wp-content\/uploads\/2015\/11\/Fas088Braeut1.jpg\"><img loading=\"lazy\" decoding=\"async\" class=\"size-full wp-image-4979 aligncenter\" src=\"https:\/\/olu-limburg.de\/wp-content\/uploads\/2015\/11\/Fas088Braeut1.jpg\" alt=\"Fas088Braeut1\" width=\"627\" height=\"470\" srcset=\"https:\/\/olu-limburg.de\/wp-content\/uploads\/2015\/11\/Fas088Braeut1.jpg 627w, https:\/\/olu-limburg.de\/wp-content\/uploads\/2015\/11\/Fas088Braeut1-300x224.jpg 300w, https:\/\/olu-limburg.de\/wp-content\/uploads\/2015\/11\/Fas088Braeut1-624x467.jpg 624w\" sizes=\"auto, (max-width: 627px) 100vw, 627px\" \/><\/a><\/p>\n<p><a href=\"https:\/\/olu-limburg.de\/wp-content\/uploads\/2015\/11\/Fas089Braeut2.jpg\"><img loading=\"lazy\" decoding=\"async\" class=\"size-full wp-image-4980 aligncenter\" src=\"https:\/\/olu-limburg.de\/wp-content\/uploads\/2015\/11\/Fas089Braeut2.jpg\" alt=\"Fas089Braeut2\" width=\"621\" height=\"465\" srcset=\"https:\/\/olu-limburg.de\/wp-content\/uploads\/2015\/11\/Fas089Braeut2.jpg 621w, https:\/\/olu-limburg.de\/wp-content\/uploads\/2015\/11\/Fas089Braeut2-300x224.jpg 300w\" sizes=\"auto, (max-width: 621px) 100vw, 621px\" \/><\/a><\/p>\n<p><a href=\"https:\/\/olu-limburg.de\/wp-content\/uploads\/2015\/11\/Fas090Braeut3.jpg\"><img loading=\"lazy\" decoding=\"async\" class=\"size-full wp-image-4981 aligncenter\" src=\"https:\/\/olu-limburg.de\/wp-content\/uploads\/2015\/11\/Fas090Braeut3.jpg\" alt=\"Fas090Braeut3\" width=\"627\" height=\"470\" srcset=\"https:\/\/olu-limburg.de\/wp-content\/uploads\/2015\/11\/Fas090Braeut3.jpg 627w, https:\/\/olu-limburg.de\/wp-content\/uploads\/2015\/11\/Fas090Braeut3-300x224.jpg 300w, https:\/\/olu-limburg.de\/wp-content\/uploads\/2015\/11\/Fas090Braeut3-624x467.jpg 624w\" sizes=\"auto, (max-width: 627px) 100vw, 627px\" \/><\/a><\/p>\n<p><a href=\"https:\/\/olu-limburg.de\/wp-content\/uploads\/2015\/11\/Fas091Braeut4.jpg\"><img loading=\"lazy\" decoding=\"async\" class=\"size-full wp-image-4982 aligncenter\" src=\"https:\/\/olu-limburg.de\/wp-content\/uploads\/2015\/11\/Fas091Braeut4.jpg\" alt=\"Fas091Braeut4\" width=\"640\" height=\"480\" srcset=\"https:\/\/olu-limburg.de\/wp-content\/uploads\/2015\/11\/Fas091Braeut4.jpg 640w, https:\/\/olu-limburg.de\/wp-content\/uploads\/2015\/11\/Fas091Braeut4-300x225.jpg 300w, https:\/\/olu-limburg.de\/wp-content\/uploads\/2015\/11\/Fas091Braeut4-624x468.jpg 624w\" sizes=\"auto, (max-width: 640px) 100vw, 640px\" \/><\/a><\/p>\n<p><a href=\"https:\/\/olu-limburg.de\/wp-content\/uploads\/2015\/11\/Fas092Braeut5.jpg\"><img loading=\"lazy\" decoding=\"async\" class=\"size-full wp-image-4983 aligncenter\" src=\"https:\/\/olu-limburg.de\/wp-content\/uploads\/2015\/11\/Fas092Braeut5.jpg\" alt=\"Fas092Braeut5\" width=\"614\" height=\"461\" srcset=\"https:\/\/olu-limburg.de\/wp-content\/uploads\/2015\/11\/Fas092Braeut5.jpg 614w, https:\/\/olu-limburg.de\/wp-content\/uploads\/2015\/11\/Fas092Braeut5-300x225.jpg 300w\" sizes=\"auto, (max-width: 614px) 100vw, 614px\" \/><\/a><\/p>\n<p><a href=\"https:\/\/olu-limburg.de\/wp-content\/uploads\/2015\/11\/Fas093Braeut6.jpg\"><img loading=\"lazy\" decoding=\"async\" class=\"size-full wp-image-4984 aligncenter\" src=\"https:\/\/olu-limburg.de\/wp-content\/uploads\/2015\/11\/Fas093Braeut6.jpg\" alt=\"Fas093Braeut6\" width=\"634\" height=\"475\" srcset=\"https:\/\/olu-limburg.de\/wp-content\/uploads\/2015\/11\/Fas093Braeut6.jpg 634w, https:\/\/olu-limburg.de\/wp-content\/uploads\/2015\/11\/Fas093Braeut6-300x224.jpg 300w, https:\/\/olu-limburg.de\/wp-content\/uploads\/2015\/11\/Fas093Braeut6-624x467.jpg 624w\" sizes=\"auto, (max-width: 634px) 100vw, 634px\" \/><\/a><\/p>\n<p>In Haigerloch gibt es au\u00dferdem noch den Atomkeller, die alte Synagoge und den R\u00f6merturm usw. zu besichtigen. Da wir aber noch Winter und dar\u00fcberhinaus Fasnetsmontag haben, ist alles geschlossen.<\/p>\n<p><a href=\"https:\/\/olu-limburg.de\/wp-content\/uploads\/2015\/11\/Fas094Briefk-e1448634710651.jpg\"><img loading=\"lazy\" decoding=\"async\" class=\"size-full wp-image-4985 alignleft\" src=\"https:\/\/olu-limburg.de\/wp-content\/uploads\/2015\/11\/Fas094Briefk-e1448634710651.jpg\" alt=\"Fas094Briefk\" width=\"450\" height=\"600\" \/><\/a><\/p>\n<p><a href=\"https:\/\/olu-limburg.de\/wp-content\/uploads\/2015\/11\/Fas095Romturm-e1448634731351.jpg\"><img loading=\"lazy\" decoding=\"async\" class=\"size-full wp-image-4986 aligncenter\" src=\"https:\/\/olu-limburg.de\/wp-content\/uploads\/2015\/11\/Fas095Romturm-e1448634731351.jpg\" alt=\"Fas095Romturm\" width=\"450\" height=\"600\" \/><\/a><\/p>\n<p>Wir wollen auch nicht auf dem schmucklosen und an einer Durchgangsstra\u00dfe liegenden Stellplatz bleiben, und entschlie\u00dfen uns zur Weiterfahrt nach Bad Wildbad.<\/p>\n<p>Dies ist ein alter Kurort in einem engen Tal des Schwarzwaldes mit dem gr\u00f6\u00dften Kurpark. Im Winter wirkt aber alles ein wenig trostlos. Es waren sicher viele Gr\u00f6\u00dfen als Gast in Bad Wildbad, wie auch der Komponist Rossini. Doch wirkt es altbacken.<\/p>\n<p><a href=\"https:\/\/olu-limburg.de\/wp-content\/uploads\/2015\/11\/Fas097Rossini-e1448634765749.jpg\"><img loading=\"lazy\" decoding=\"async\" class=\"size-full wp-image-4989 aligncenter\" src=\"https:\/\/olu-limburg.de\/wp-content\/uploads\/2015\/11\/Fas097Rossini-e1448634765749.jpg\" alt=\"Fas097Rossini\" width=\"450\" height=\"600\" \/><\/a><\/p>\n<p>Der Stellplatz ist z. Zt. kostenlos, da kein Wasser fliesst. Strom gibt es f\u00fcr EUR 2,00\/acht Std.. Er liegt auch direkt an der Stra\u00dfe. Ein gro\u00dfes Plus ist aber der Getr\u00e4nkehandel auf der anderen Stra\u00dfenseite. Ich nutzte die Gelegenheit und habe mir eine Bierprobe zusammen gestellt.<\/p>\n<p><a href=\"https:\/\/olu-limburg.de\/wp-content\/uploads\/2015\/11\/Fas096SPBadwild.jpg\"><img loading=\"lazy\" decoding=\"async\" class=\"size-full wp-image-4987 aligncenter\" src=\"https:\/\/olu-limburg.de\/wp-content\/uploads\/2015\/11\/Fas096SPBadwild.jpg\" alt=\"Fas096SPBadwild\" width=\"640\" height=\"480\" srcset=\"https:\/\/olu-limburg.de\/wp-content\/uploads\/2015\/11\/Fas096SPBadwild.jpg 640w, https:\/\/olu-limburg.de\/wp-content\/uploads\/2015\/11\/Fas096SPBadwild-300x225.jpg 300w, https:\/\/olu-limburg.de\/wp-content\/uploads\/2015\/11\/Fas096SPBadwild-624x468.jpg 624w\" sizes=\"auto, (max-width: 640px) 100vw, 640px\" \/><\/a><\/p>\n<p><a href=\"https:\/\/olu-limburg.de\/wp-content\/uploads\/2015\/11\/Fas097Bierpr.jpg\"><img loading=\"lazy\" decoding=\"async\" class=\"size-full wp-image-4988 aligncenter\" src=\"https:\/\/olu-limburg.de\/wp-content\/uploads\/2015\/11\/Fas097Bierpr.jpg\" alt=\"Fas097Bierpr\" width=\"640\" height=\"480\" srcset=\"https:\/\/olu-limburg.de\/wp-content\/uploads\/2015\/11\/Fas097Bierpr.jpg 640w, https:\/\/olu-limburg.de\/wp-content\/uploads\/2015\/11\/Fas097Bierpr-300x225.jpg 300w, https:\/\/olu-limburg.de\/wp-content\/uploads\/2015\/11\/Fas097Bierpr-624x468.jpg 624w\" sizes=\"auto, (max-width: 640px) 100vw, 640px\" \/><\/a><\/p>\n<p>Tagesstrecke: 118 km<\/p>\n<p>&nbsp;<\/p>\n<p><strong>Dienstag, 21.02.2012<\/strong><\/p>\n<p>Die Nacht war sehr kalt. Um acht Uhr haben wir noch immer -4\u00b0. F\u00fcr den Heimweg machen wir einen kleinen Umweg \u00fcber Maulbronn. Wir m\u00f6chten dort das ehem. Zisterzienserkloster besichtigen. In diesen Gem\u00e4uern hat in seiner Kindheit f\u00fcr ein halbes Jahr der sp\u00e4tere Dichter Hermann Hesse die Schule in dem Internat besucht. Vor ihm taten dies schon einige andere ber\u00fchmten Pers\u00f6nlichkeiten.<\/p>\n<p><a href=\"https:\/\/olu-limburg.de\/wp-content\/uploads\/2015\/11\/Fas098Maulb1.jpg\"><img loading=\"lazy\" decoding=\"async\" class=\"size-full wp-image-4990 aligncenter\" src=\"https:\/\/olu-limburg.de\/wp-content\/uploads\/2015\/11\/Fas098Maulb1.jpg\" alt=\"Fas098Maulb1\" width=\"640\" height=\"480\" srcset=\"https:\/\/olu-limburg.de\/wp-content\/uploads\/2015\/11\/Fas098Maulb1.jpg 640w, https:\/\/olu-limburg.de\/wp-content\/uploads\/2015\/11\/Fas098Maulb1-300x225.jpg 300w, https:\/\/olu-limburg.de\/wp-content\/uploads\/2015\/11\/Fas098Maulb1-624x468.jpg 624w\" sizes=\"auto, (max-width: 640px) 100vw, 640px\" \/><\/a><\/p>\n<p><a href=\"https:\/\/olu-limburg.de\/wp-content\/uploads\/2015\/11\/Fas099Maulb2-e1448634852693.jpg\"><img loading=\"lazy\" decoding=\"async\" class=\"size-full wp-image-4991 aligncenter\" src=\"https:\/\/olu-limburg.de\/wp-content\/uploads\/2015\/11\/Fas099Maulb2-e1448634852693.jpg\" alt=\"Fas099Maulb2\" width=\"450\" height=\"600\" \/><\/a><\/p>\n<p>Das Kloster wurde 1147 von zw\u00f6lf Zisterziensern gegr\u00fcndet und 1504 von Herzog Ulrich von W\u00fcrttemberg nach siebent\u00e4giger Belagerung okkupiert, die hier ein Jagdschloss errichteten.<\/p>\n<p>Aufgrund seiner evangelischen Ausrichtung mussten die M\u00f6nche weichen. Bis in die heutige Zeit befindet sich hier noch ein evangelisches Seminar. In anderen Geb\u00e4uden sind aber auch das Rathaus, die Polizei und die Stadthalle, sowie einige Gesch\u00e4fte und Restaurants untergebracht.<\/p>\n<p><a href=\"https:\/\/olu-limburg.de\/wp-content\/uploads\/2015\/11\/Fas100Maulb3.jpg\"><img loading=\"lazy\" decoding=\"async\" class=\"size-full wp-image-4992 aligncenter\" src=\"https:\/\/olu-limburg.de\/wp-content\/uploads\/2015\/11\/Fas100Maulb3.jpg\" alt=\"Fas100Maulb3\" width=\"640\" height=\"480\" srcset=\"https:\/\/olu-limburg.de\/wp-content\/uploads\/2015\/11\/Fas100Maulb3.jpg 640w, https:\/\/olu-limburg.de\/wp-content\/uploads\/2015\/11\/Fas100Maulb3-300x225.jpg 300w, https:\/\/olu-limburg.de\/wp-content\/uploads\/2015\/11\/Fas100Maulb3-624x468.jpg 624w\" sizes=\"auto, (max-width: 640px) 100vw, 640px\" \/><\/a><\/p>\n<p><a href=\"https:\/\/olu-limburg.de\/wp-content\/uploads\/2015\/11\/Fas101Maulb4.jpg\"><img loading=\"lazy\" decoding=\"async\" class=\"size-full wp-image-4993 aligncenter\" src=\"https:\/\/olu-limburg.de\/wp-content\/uploads\/2015\/11\/Fas101Maulb4.jpg\" alt=\"Fas101Maulb4\" width=\"640\" height=\"480\" srcset=\"https:\/\/olu-limburg.de\/wp-content\/uploads\/2015\/11\/Fas101Maulb4.jpg 640w, https:\/\/olu-limburg.de\/wp-content\/uploads\/2015\/11\/Fas101Maulb4-300x225.jpg 300w, https:\/\/olu-limburg.de\/wp-content\/uploads\/2015\/11\/Fas101Maulb4-624x468.jpg 624w\" sizes=\"auto, (max-width: 640px) 100vw, 640px\" \/><\/a><\/p>\n<div id=\"attachment_5005\" style=\"width: 460px\" class=\"wp-caption aligncenter\"><a href=\"https:\/\/olu-limburg.de\/wp-content\/uploads\/2015\/11\/Fas113Maulb16-e1448634995954.jpg\"><img loading=\"lazy\" decoding=\"async\" aria-describedby=\"caption-attachment-5005\" class=\"wp-image-5005 size-full\" src=\"https:\/\/olu-limburg.de\/wp-content\/uploads\/2015\/11\/Fas113Maulb16-e1448634995954.jpg\" alt=\"Wohnturm und Arbeitszimmer des Dr. Faustus.\" width=\"450\" height=\"600\" \/><\/a><p id=\"caption-attachment-5005\" class=\"wp-caption-text\">Wohnturm und Arbeitszimmer des Dr. Faustus<\/p><\/div>\n<div id=\"attachment_5007\" style=\"width: 650px\" class=\"wp-caption aligncenter\"><a href=\"https:\/\/olu-limburg.de\/wp-content\/uploads\/2015\/11\/Fas115Maulb17.jpg\"><img loading=\"lazy\" decoding=\"async\" aria-describedby=\"caption-attachment-5007\" class=\"size-full wp-image-5007\" src=\"https:\/\/olu-limburg.de\/wp-content\/uploads\/2015\/11\/Fas115Maulb17.jpg\" alt=\"Jagdschlo\u00df der W\u00fcrttemberger \" width=\"640\" height=\"480\" srcset=\"https:\/\/olu-limburg.de\/wp-content\/uploads\/2015\/11\/Fas115Maulb17.jpg 640w, https:\/\/olu-limburg.de\/wp-content\/uploads\/2015\/11\/Fas115Maulb17-300x225.jpg 300w, https:\/\/olu-limburg.de\/wp-content\/uploads\/2015\/11\/Fas115Maulb17-624x468.jpg 624w\" sizes=\"auto, (max-width: 640px) 100vw, 640px\" \/><\/a><p id=\"caption-attachment-5007\" class=\"wp-caption-text\">Jagdschlo\u00df der W\u00fcrttemberger<\/p><\/div>\n<p>Bereits 1178 konnte die Basilika geweiht werden, die teils in romanischer und gotischer Bauweise errichtet wurde.<\/p>\n<p><a href=\"https:\/\/olu-limburg.de\/wp-content\/uploads\/2015\/11\/Fas102Maulb5.jpg\"><img loading=\"lazy\" decoding=\"async\" class=\"size-full wp-image-4994 aligncenter\" src=\"https:\/\/olu-limburg.de\/wp-content\/uploads\/2015\/11\/Fas102Maulb5.jpg\" alt=\"Fas102Maulb5\" width=\"640\" height=\"480\" srcset=\"https:\/\/olu-limburg.de\/wp-content\/uploads\/2015\/11\/Fas102Maulb5.jpg 640w, https:\/\/olu-limburg.de\/wp-content\/uploads\/2015\/11\/Fas102Maulb5-300x225.jpg 300w, https:\/\/olu-limburg.de\/wp-content\/uploads\/2015\/11\/Fas102Maulb5-624x468.jpg 624w\" sizes=\"auto, (max-width: 640px) 100vw, 640px\" \/><\/a><\/p>\n<p><a href=\"https:\/\/olu-limburg.de\/wp-content\/uploads\/2015\/11\/Fas103Maulb6.jpg\"><img loading=\"lazy\" decoding=\"async\" class=\"size-full wp-image-4995 aligncenter\" src=\"https:\/\/olu-limburg.de\/wp-content\/uploads\/2015\/11\/Fas103Maulb6.jpg\" alt=\"Fas103Maulb6\" width=\"640\" height=\"480\" srcset=\"https:\/\/olu-limburg.de\/wp-content\/uploads\/2015\/11\/Fas103Maulb6.jpg 640w, https:\/\/olu-limburg.de\/wp-content\/uploads\/2015\/11\/Fas103Maulb6-300x225.jpg 300w, https:\/\/olu-limburg.de\/wp-content\/uploads\/2015\/11\/Fas103Maulb6-624x468.jpg 624w\" sizes=\"auto, (max-width: 640px) 100vw, 640px\" \/><\/a><\/p>\n<p><a href=\"https:\/\/olu-limburg.de\/wp-content\/uploads\/2015\/11\/Fas104Maulb7-e1448635123533.jpg\"><img loading=\"lazy\" decoding=\"async\" class=\"size-full wp-image-4996 aligncenter\" src=\"https:\/\/olu-limburg.de\/wp-content\/uploads\/2015\/11\/Fas104Maulb7-e1448635123533.jpg\" alt=\"Fas104Maulb7\" width=\"450\" height=\"600\" \/><\/a><\/p>\n<p><a href=\"https:\/\/olu-limburg.de\/wp-content\/uploads\/2015\/11\/Fas105Maulb8.jpg\"><img loading=\"lazy\" decoding=\"async\" class=\"size-full wp-image-4997 aligncenter\" src=\"https:\/\/olu-limburg.de\/wp-content\/uploads\/2015\/11\/Fas105Maulb8.jpg\" alt=\"Fas105Maulb8\" width=\"640\" height=\"480\" srcset=\"https:\/\/olu-limburg.de\/wp-content\/uploads\/2015\/11\/Fas105Maulb8.jpg 640w, https:\/\/olu-limburg.de\/wp-content\/uploads\/2015\/11\/Fas105Maulb8-300x225.jpg 300w, https:\/\/olu-limburg.de\/wp-content\/uploads\/2015\/11\/Fas105Maulb8-624x468.jpg 624w\" sizes=\"auto, (max-width: 640px) 100vw, 640px\" \/><\/a><\/p>\n<p><a href=\"https:\/\/olu-limburg.de\/wp-content\/uploads\/2015\/11\/Fas106Maulb9-e1448635154963.jpg\"><img loading=\"lazy\" decoding=\"async\" class=\"size-full wp-image-4998 aligncenter\" src=\"https:\/\/olu-limburg.de\/wp-content\/uploads\/2015\/11\/Fas106Maulb9-e1448635154963.jpg\" alt=\"Fas106Maulb9\" width=\"450\" height=\"600\" \/><\/a><\/p>\n<div id=\"attachment_4999\" style=\"width: 650px\" class=\"wp-caption aligncenter\"><a href=\"https:\/\/olu-limburg.de\/wp-content\/uploads\/2015\/11\/Fas107Maulb10.jpg\"><img loading=\"lazy\" decoding=\"async\" aria-describedby=\"caption-attachment-4999\" class=\"wp-image-4999 size-full\" src=\"https:\/\/olu-limburg.de\/wp-content\/uploads\/2015\/11\/Fas107Maulb10.jpg\" alt=\"Fas107Maulb10\" width=\"640\" height=\"480\" srcset=\"https:\/\/olu-limburg.de\/wp-content\/uploads\/2015\/11\/Fas107Maulb10.jpg 640w, https:\/\/olu-limburg.de\/wp-content\/uploads\/2015\/11\/Fas107Maulb10-300x225.jpg 300w, https:\/\/olu-limburg.de\/wp-content\/uploads\/2015\/11\/Fas107Maulb10-624x468.jpg 624w\" sizes=\"auto, (max-width: 640px) 100vw, 640px\" \/><\/a><p id=\"caption-attachment-4999\" class=\"wp-caption-text\">Hier haben sich fr\u00fcher Sch\u00fcler des Nachts verewigt.<\/p><\/div>\n<div id=\"attachment_5000\" style=\"width: 460px\" class=\"wp-caption aligncenter\"><a href=\"https:\/\/olu-limburg.de\/wp-content\/uploads\/2015\/11\/Fas108Maulb11-e1448635246145.jpg\"><img loading=\"lazy\" decoding=\"async\" aria-describedby=\"caption-attachment-5000\" class=\"size-full wp-image-5000\" src=\"https:\/\/olu-limburg.de\/wp-content\/uploads\/2015\/11\/Fas108Maulb11-e1448635246145.jpg\" alt=\"Das Klassenzimmer \u00fcber dem Brunnenhaus war immer am begehrtesten.\" width=\"450\" height=\"601\" \/><\/a><p id=\"caption-attachment-5000\" class=\"wp-caption-text\">Das Klassenzimmer \u00fcber dem Brunnenhaus war immer am begehrtesten.<\/p><\/div>\n<p><a href=\"https:\/\/olu-limburg.de\/wp-content\/uploads\/2015\/11\/Fas109Maulb12-e1448636384965.jpg\"><img loading=\"lazy\" decoding=\"async\" class=\"size-full wp-image-5001 alignleft\" src=\"https:\/\/olu-limburg.de\/wp-content\/uploads\/2015\/11\/Fas109Maulb12-e1448636384965.jpg\" alt=\"Fas109Maulb12\" width=\"450\" height=\"600\" \/><\/a><\/p>\n<p><a href=\"https:\/\/olu-limburg.de\/wp-content\/uploads\/2015\/11\/Fas110Maulb13-e1448636410930.jpg\"><img loading=\"lazy\" decoding=\"async\" class=\"size-full wp-image-5002 alignright\" src=\"https:\/\/olu-limburg.de\/wp-content\/uploads\/2015\/11\/Fas110Maulb13-e1448636410930.jpg\" alt=\"Fas110Maulb13\" width=\"450\" height=\"600\" \/><\/a><\/p>\n<div id=\"attachment_5004\" style=\"width: 460px\" class=\"wp-caption aligncenter\"><a href=\"https:\/\/olu-limburg.de\/wp-content\/uploads\/2015\/11\/Fas112Maulb15.jpg\"><img loading=\"lazy\" decoding=\"async\" aria-describedby=\"caption-attachment-5004\" class=\"wp-image-5004\" src=\"https:\/\/olu-limburg.de\/wp-content\/uploads\/2015\/11\/Fas112Maulb15.jpg\" alt=\"Fas112Maulb15\" width=\"450\" height=\"600\" srcset=\"https:\/\/olu-limburg.de\/wp-content\/uploads\/2015\/11\/Fas112Maulb15.jpg 480w, https:\/\/olu-limburg.de\/wp-content\/uploads\/2015\/11\/Fas112Maulb15-225x300.jpg 225w\" sizes=\"auto, (max-width: 450px) 100vw, 450px\" \/><\/a><p id=\"caption-attachment-5004\" class=\"wp-caption-text\">Oben wurde eine Flasche Wein aufgeh\u00e4ngt, bei der immer etwas Wein heraustropfte und an der S\u00e4ule entlang lief. Unten konnten dann die M\u00f6nche ihre zehn Finger in die Rinne tauchen und den Wein von den Fingern ablecken.<\/p><\/div>\n<p>Der Brunnen ist schon f\u00fcr das kommende Osterfest geschm\u00fcckt.<\/p>\n<p><a href=\"https:\/\/olu-limburg.de\/wp-content\/uploads\/2015\/11\/Fas114Maulb16-e1448636537394.jpg\"><img loading=\"lazy\" decoding=\"async\" class=\"size-full wp-image-5006 aligncenter\" src=\"https:\/\/olu-limburg.de\/wp-content\/uploads\/2015\/11\/Fas114Maulb16-e1448636537394.jpg\" alt=\"Fas114Maulb16\" width=\"450\" height=\"600\" \/><\/a><\/p>\n<p>1993 wurde das Kloster Maulbronn von der UNESCO in die Liste des Weltkulturerbes aufgenommen. Dadurch flie\u00dfen viele Gelder zur Restaurierung, was wir leider zu sp\u00fcren bekamen.<\/p>\n<p>Nach diesem ausgiebigen Besuch und der mitt\u00e4glichen St\u00e4rkung ging es auf die Heimfahrt.<\/p>\n<p>Tagesstrecke: 241 km<\/p>\n<p>&nbsp;<\/p>\n<p><a href=\"https:\/\/olu-limburg.de\/?page_id=4887\">Zur\u00fcck zum Seitenanfang<\/a><\/p>\n<p>&nbsp;<\/p>\n<p>&nbsp;<\/p>\n","protected":false},"excerpt":{"rendered":"<p>Text: Hans-Werner \u00a0 \u00a0 \u00a0 \u00a0 \u00a0 \u00a0 \u00a0 \u00a0 \u00a0 \u00a0 \u00a0 \u00a0 \u00a0 \u00a0 \u00a0 \u00a0 \u00a0 \u00a0 \u00a0 \u00a0 \u00a0 \u00a0 \u00a0 \u00a0 \u00a0 \u00a0 \u00a0 \u00a0 \u00a0 \u00a0 \u00a0 \u00a0\u00a0\u00a0\u00a0\u00a0\u00a0\u00a0\u00a0\u00a0\u00a0\u00a0\u00a0\u00a0\u00a0\u00a0\u00a0\u00a0\u00a0\u00a0\u00a0\u00a0\u00a0\u00a0\u00a0\u00a0\u00a0\u00a0\u00a0\u00a0\u00a0\u00a0\u00a0\u00a0\u00a0\u00a0\u00a0\u00a0\u00a0\u00a0\u00a0\u00a0\u00a0\u00a0\u00a0\u00a0\u00a0\u00a0\u00a0\u00a0\u00a0\u00a0\u00a0\u00a0 Fotos: Hans-Werner und Lena Die Fasnet-Tour vom 18. bis 21.02.2015 f\u00fchrte uns nach Rottenburg am Neckar (Narrentreiben und Ommzug), Haigerloch (Br\u00e4uteln) [&hellip;]<\/p>\n","protected":false},"author":1,"featured_media":0,"parent":0,"menu_order":0,"comment_status":"closed","ping_status":"closed","template":"page-templates\/full-width.php","meta":{"footnotes":""},"class_list":["post-4887","page","type-page","status-publish","hentry"],"_links":{"self":[{"href":"https:\/\/olu-limburg.de\/index.php?rest_route=\/wp\/v2\/pages\/4887","targetHints":{"allow":["GET"]}}],"collection":[{"href":"https:\/\/olu-limburg.de\/index.php?rest_route=\/wp\/v2\/pages"}],"about":[{"href":"https:\/\/olu-limburg.de\/index.php?rest_route=\/wp\/v2\/types\/page"}],"author":[{"embeddable":true,"href":"https:\/\/olu-limburg.de\/index.php?rest_route=\/wp\/v2\/users\/1"}],"replies":[{"embeddable":true,"href":"https:\/\/olu-limburg.de\/index.php?rest_route=%2Fwp%2Fv2%2Fcomments&post=4887"}],"version-history":[{"count":9,"href":"https:\/\/olu-limburg.de\/index.php?rest_route=\/wp\/v2\/pages\/4887\/revisions"}],"predecessor-version":[{"id":5012,"href":"https:\/\/olu-limburg.de\/index.php?rest_route=\/wp\/v2\/pages\/4887\/revisions\/5012"}],"wp:attachment":[{"href":"https:\/\/olu-limburg.de\/index.php?rest_route=%2Fwp%2Fv2%2Fmedia&parent=4887"}],"curies":[{"name":"wp","href":"https:\/\/api.w.org\/{rel}","templated":true}]}}