{"id":3894,"date":"2015-11-09T20:04:23","date_gmt":"2015-11-09T19:04:23","guid":{"rendered":"https:\/\/olu-limburg.de\/?page_id=3894"},"modified":"2015-12-16T22:49:53","modified_gmt":"2015-12-16T21:49:53","slug":"sonne-sand-und-mehr-in-der-bretagne-und-normandie-sommer-2013","status":"publish","type":"page","link":"https:\/\/olu-limburg.de\/?page_id=3894","title":{"rendered":"Frankreich &#8211; Sommer 2013 Sonne, Sand und mehr in der Bretagne und Normandie"},"content":{"rendered":"<p>&nbsp;<\/p>\n<p><a href=\"https:\/\/olu-limburg.de\/wp-content\/uploads\/2015\/11\/SAM_0836_ergebnis.jpg\"><img loading=\"lazy\" decoding=\"async\" class=\"size-full wp-image-4055 aligncenter\" src=\"https:\/\/olu-limburg.de\/wp-content\/uploads\/2015\/11\/SAM_0836_ergebnis.jpg\" alt=\"SAM_0836_ergebnis\" width=\"800\" height=\"600\" srcset=\"https:\/\/olu-limburg.de\/wp-content\/uploads\/2015\/11\/SAM_0836_ergebnis.jpg 800w, https:\/\/olu-limburg.de\/wp-content\/uploads\/2015\/11\/SAM_0836_ergebnis-300x225.jpg 300w, https:\/\/olu-limburg.de\/wp-content\/uploads\/2015\/11\/SAM_0836_ergebnis-624x468.jpg 624w\" sizes=\"auto, (max-width: 800px) 100vw, 800px\" \/><\/a><\/p>\n<p>Text: Hans-Werner \u00a0 \u00a0 \u00a0 \u00a0 \u00a0 \u00a0 \u00a0 \u00a0 \u00a0 \u00a0 \u00a0 \u00a0 \u00a0 \u00a0 \u00a0 \u00a0 \u00a0 \u00a0 \u00a0 \u00a0 \u00a0 \u00a0 \u00a0 \u00a0 \u00a0 \u00a0 \u00a0 \u00a0 \u00a0 \u00a0 \u00a0 \u00a0 \u00a0 \u00a0 \u00a0 \u00a0 \u00a0 \u00a0 \u00a0 \u00a0 \u00a0 \u00a0 \u00a0 \u00a0 \u00a0 \u00a0 \u00a0 \u00a0 \u00a0 \u00a0\u00a0 Fotos: Hans-Werner und Lena<\/p>\n<p>Ich wei\u00df nicht die wievielte Bretagne-Reise dies ist, so viele sind es. Auf jeden Fall hatten und haben wir noch lange nicht alles gesehen. Bei jeder Reise entdecken wir wieder neue Orte, neue Stellpl\u00e4tze, neue Buchten, und erleben tolle Feste oder Festivals in St\u00e4dten oder irgendwo auf dem Land. Vielleicht liegt es aber auch daran, dass man mit dem \u00e4lter werden alt bekanntes wieder neu erlebt. Die Eindr\u00fccke sind auf jeden Fall gro\u00dfartig.<\/p>\n<p>Bei dieser Reise vom 26.07. bis zum 18.08.2013 sind wir 3.185 km bis in die Bretagne und einem Teil der Normandie gefahren. Wir haben nur auf offiziellen Stellpl\u00e4tzen oder genehmigten Parkpl\u00e4tzen \u00fcbernachtet. Wobei es geographisch betrachtet auch nur im Bereich von Erquy bis St.-Valery-en-Caux auf den Stellpl\u00e4tzen voll wurde. In diesem Bereich haben wir auch die meisten deutschen Wohnmobilisten angetroffen. Ansonsten standen wir je nach Gegend fast nur mit Franzosen oder Belgiern zusammen.<\/p>\n<p>&nbsp;<\/p>\n<p><b><span style=\"font-family: Verdana,sans-serif;\">Freitag, 26.07.2013<\/span><\/b><\/p>\n<p><span style=\"font-family: Verdana,sans-serif;\">Gegen Mittag beginnen wir unseren Urlaub in der Bretagne mit der ersten Etappe bis zum Konzert-Gel\u00e4nde auf dem Loreleyfelsen. Hier spielt heute Abend die schottische Rock-Gruppe \u201eRunrig\u201c. Als Special-Guest \u00fcbernimmt <a href=\"https:\/\/www.youtube.com\/watch?v=-CQMTD9-vxc\">Sharon Corr<\/a> (ehem. Geigerin und S\u00e4ngerin der irischen Gruppe \u201eThe Corrs\u201c) mit Begleitband das Vorprogramm.<\/span><\/p>\n<p><a href=\"https:\/\/olu-limburg.de\/wp-content\/uploads\/2015\/11\/SAM_9220_ergebnis.jpg\"><img loading=\"lazy\" decoding=\"async\" class=\"size-full wp-image-4037 aligncenter\" src=\"https:\/\/olu-limburg.de\/wp-content\/uploads\/2015\/11\/SAM_9220_ergebnis.jpg\" alt=\"SAM_9220_ergebnis\" width=\"800\" height=\"600\" srcset=\"https:\/\/olu-limburg.de\/wp-content\/uploads\/2015\/11\/SAM_9220_ergebnis.jpg 800w, https:\/\/olu-limburg.de\/wp-content\/uploads\/2015\/11\/SAM_9220_ergebnis-300x225.jpg 300w, https:\/\/olu-limburg.de\/wp-content\/uploads\/2015\/11\/SAM_9220_ergebnis-624x468.jpg 624w\" sizes=\"auto, (max-width: 800px) 100vw, 800px\" \/><\/a><\/p>\n<p><span style=\"font-family: Verdana,sans-serif;\">Wir haben vor einigen Wochen bereits einen Platz auf dem Campingplatz reserviert, so dass wir dort nun beruhigt \u00fcbernachten k\u00f6nnen. Trotzdem st\u00f6ren mich die EUR 19,00 f\u00fcr einen georderten Stellplatz vor dem eigentlichen Campingplatz.<\/span><\/p>\n<p><span style=\"font-family: Verdana,sans-serif;\">Im Laufe des Nachmittags erschienen auch die Schweizer Forumsmitglieder Astrid und Peter (&#8222;catsus&#8220;), mit denen Lena erst seit kurzer Zeit vor dem Konzert Kontakt hat. W\u00e4hrend wir uns erst noch ein wenig mit kalten Getr\u00e4nken bei dieser Gluthitze erfrischen, ziehen schon andauernd Fans auf das Konzert-Gel\u00e4nde. <\/span><\/p>\n<p><span style=\"font-family: Verdana,sans-serif;\">Als wir dann endlich gegen 18.00 Uhr mit Astrid ebenfalls dahin gehen, herrscht schon einiges Chaos. Es gibt Warteschlangen f\u00fcr den Umtausch der eigenen Print-Karten in offizielle Karten, Warteschlangen f\u00fcr den Erhalt von blauen B\u00e4ndchen f\u00fcr die Sitzplatzkarten-Inhaber und Warteschlangen vor dem Einlass mit Karten- und Taschenkontrollen. <\/span><\/p>\n<p><span style=\"font-family: Verdana,sans-serif;\">Endlich drin, schaffen wir es noch in die zweite Reihe des zweiten Blocks. Die Sonne steht immer noch hei\u00df \u00fcber der B\u00fchne. Mit Beginn des Vorprogramms haben wir endlich Schatten. Sharon Corr ist mir leider zu \u201eschmalzig\u201c und affektiert.<\/span><\/p>\n<p><a href=\"https:\/\/olu-limburg.de\/wp-content\/uploads\/2015\/11\/SAM_9228-e1447105443879.jpg\"><img loading=\"lazy\" decoding=\"async\" class=\"size-full wp-image-4038 aligncenter\" src=\"https:\/\/olu-limburg.de\/wp-content\/uploads\/2015\/11\/SAM_9228-e1447105443879.jpg\" alt=\"SAM_9228\" width=\"450\" height=\"600\" \/><\/a><\/p>\n<p><span style=\"font-family: Verdana,sans-serif;\">Das Programm von <a href=\"http:\/\/www.youtube.com\/watch?v=UVx_7fc97gk\">\u201eRunrig\u201c<\/a> zum 40-j\u00e4hrigen ist daf\u00fcr aber ganz einfach super. Es werden sehr viele Lieder gespielt, die in der Vergangenheit nicht so oft zum Einsatz kamen. Selbstverst\u00e4ndlich d\u00fcrfen aber auch einige Ohrw\u00fcrmer dabei nicht fehlen. Nach 2 \u00bd Stunden Nonstop-Programm ist der Spa\u00df um 23.00 Uhr leider zu Ende.<\/span><\/p>\n<p><a href=\"https:\/\/olu-limburg.de\/wp-content\/uploads\/2015\/11\/SAM_9253_ergebnis.jpg\"><img loading=\"lazy\" decoding=\"async\" class=\"size-full wp-image-4040 aligncenter\" src=\"https:\/\/olu-limburg.de\/wp-content\/uploads\/2015\/11\/SAM_9253_ergebnis.jpg\" alt=\"SAM_9253_ergebnis\" width=\"800\" height=\"600\" srcset=\"https:\/\/olu-limburg.de\/wp-content\/uploads\/2015\/11\/SAM_9253_ergebnis.jpg 800w, https:\/\/olu-limburg.de\/wp-content\/uploads\/2015\/11\/SAM_9253_ergebnis-300x225.jpg 300w, https:\/\/olu-limburg.de\/wp-content\/uploads\/2015\/11\/SAM_9253_ergebnis-624x468.jpg 624w\" sizes=\"auto, (max-width: 800px) 100vw, 800px\" \/><\/a><\/p>\n<p><a href=\"https:\/\/olu-limburg.de\/wp-content\/uploads\/2015\/11\/SAM_9254_ergebnis.jpg\"><img loading=\"lazy\" decoding=\"async\" class=\"size-full wp-image-4041 aligncenter\" src=\"https:\/\/olu-limburg.de\/wp-content\/uploads\/2015\/11\/SAM_9254_ergebnis.jpg\" alt=\"SAM_9254_ergebnis\" width=\"800\" height=\"600\" srcset=\"https:\/\/olu-limburg.de\/wp-content\/uploads\/2015\/11\/SAM_9254_ergebnis.jpg 800w, https:\/\/olu-limburg.de\/wp-content\/uploads\/2015\/11\/SAM_9254_ergebnis-300x225.jpg 300w, https:\/\/olu-limburg.de\/wp-content\/uploads\/2015\/11\/SAM_9254_ergebnis-624x468.jpg 624w\" sizes=\"auto, (max-width: 800px) 100vw, 800px\" \/><\/a><\/p>\n<p><a href=\"https:\/\/olu-limburg.de\/wp-content\/uploads\/2015\/11\/SAM_9244_ergebnis-e1447105505763.jpg\"><img loading=\"lazy\" decoding=\"async\" class=\"size-full wp-image-4039 aligncenter\" src=\"https:\/\/olu-limburg.de\/wp-content\/uploads\/2015\/11\/SAM_9244_ergebnis-e1447105505763.jpg\" alt=\"SAM_9244_ergebnis\" width=\"450\" height=\"600\" \/><\/a><\/p>\n<p><a href=\"https:\/\/olu-limburg.de\/wp-content\/uploads\/2015\/11\/SAM_9270_ergebnis.jpg\"><img loading=\"lazy\" decoding=\"async\" class=\"size-full wp-image-4044 aligncenter\" src=\"https:\/\/olu-limburg.de\/wp-content\/uploads\/2015\/11\/SAM_9270_ergebnis.jpg\" alt=\"SAM_9270_ergebnis\" width=\"800\" height=\"600\" srcset=\"https:\/\/olu-limburg.de\/wp-content\/uploads\/2015\/11\/SAM_9270_ergebnis.jpg 800w, https:\/\/olu-limburg.de\/wp-content\/uploads\/2015\/11\/SAM_9270_ergebnis-300x225.jpg 300w, https:\/\/olu-limburg.de\/wp-content\/uploads\/2015\/11\/SAM_9270_ergebnis-624x468.jpg 624w\" sizes=\"auto, (max-width: 800px) 100vw, 800px\" \/><\/a><\/p>\n<p><span style=\"font-family: Verdana,sans-serif;\">W\u00e4hrend die anderen Konzertbesucher erst ihr Auto im Dunkeln suchen und dann in endlosen Schlangen wegfahren, sitzen wir noch ein wenig mit Astrid vor unserem Wohnmobil.<\/span><\/p>\n<p><span style=\"font-family: Verdana,sans-serif;\">Tagesstrecke: 52 km<br \/>\n<\/span><\/p>\n<p>&nbsp;<\/p>\n<p><b><span style=\"font-family: Verdana,sans-serif;\">Samstag, 27.07.2013<\/span><\/b><\/p>\n<p><span style=\"font-family: Verdana,sans-serif;\">Wir haben gut geschlafen, obwohl es nicht richtig abgek\u00fchlt hat. Nach dem Fr\u00fchst\u00fcck stehen wir noch etwas mit Astrid und Peter beisammen, bevor es auch f\u00fcr uns \u201eAbschied nehmen\u201c hei\u00dft.<\/span><\/p>\n<p><span style=\"font-family: Verdana,sans-serif;\">Wir fahren mit der F\u00e4hre auf die andere Rheinseite nach St. Goar und mit Hilfe einiger Umleitungen auf Umwegen nach Minheim an die Mosel. Der Stellplatz (Geb\u00fchr 6,00 EUR inkl. Entsorgung) ist sehr sch\u00f6n angelegt. Heute ist er auf jeden Fall nicht sehr besucht. Dadurch finden wir sogar noch einen Platz in der ersten Reihe.<\/span><\/p>\n<div id=\"attachment_4046\" style=\"width: 810px\" class=\"wp-caption aligncenter\"><a href=\"https:\/\/olu-limburg.de\/wp-content\/uploads\/2015\/11\/SAM_9274_ergebnis.jpg\"><img loading=\"lazy\" decoding=\"async\" aria-describedby=\"caption-attachment-4046\" class=\"wp-image-4046 size-full\" src=\"https:\/\/olu-limburg.de\/wp-content\/uploads\/2015\/11\/SAM_9274_ergebnis.jpg\" alt=\"SAM_9274_ergebnis\" width=\"800\" height=\"600\" srcset=\"https:\/\/olu-limburg.de\/wp-content\/uploads\/2015\/11\/SAM_9274_ergebnis.jpg 800w, https:\/\/olu-limburg.de\/wp-content\/uploads\/2015\/11\/SAM_9274_ergebnis-300x225.jpg 300w, https:\/\/olu-limburg.de\/wp-content\/uploads\/2015\/11\/SAM_9274_ergebnis-624x468.jpg 624w\" sizes=\"auto, (max-width: 800px) 100vw, 800px\" \/><\/a><p id=\"caption-attachment-4046\" class=\"wp-caption-text\">Ein Blick zur\u00fcck auf das Rheintal.<\/p><\/div>\n<p><span style=\"font-family: Verdana,sans-serif;\">Bei der Hitze kann man nur faulenzen und dem Schatten hinterher rutschen. Erst gegen Abend gehen wir etwas in den Ort und landen in der Strau\u00dfwirtschaft \u201eSchmitt-Breit\u201c. Hier im Hof l\u00e4sst es sich sehr gut aushalten, denn der Wein, das Essen und die Lebensart vom Wirt sind wirklich gut.<\/span><\/p>\n<p><a href=\"https:\/\/olu-limburg.de\/wp-content\/uploads\/2015\/11\/SAM_9280_ergebnis.jpg\"><img loading=\"lazy\" decoding=\"async\" class=\"size-full wp-image-4047 aligncenter\" src=\"https:\/\/olu-limburg.de\/wp-content\/uploads\/2015\/11\/SAM_9280_ergebnis.jpg\" alt=\"SAM_9280_ergebnis\" width=\"800\" height=\"600\" srcset=\"https:\/\/olu-limburg.de\/wp-content\/uploads\/2015\/11\/SAM_9280_ergebnis.jpg 800w, https:\/\/olu-limburg.de\/wp-content\/uploads\/2015\/11\/SAM_9280_ergebnis-300x225.jpg 300w, https:\/\/olu-limburg.de\/wp-content\/uploads\/2015\/11\/SAM_9280_ergebnis-624x468.jpg 624w\" sizes=\"auto, (max-width: 800px) 100vw, 800px\" \/><\/a><\/p>\n<p><span style=\"font-family: Verdana,sans-serif;\">Tagesstrecke: 156 km<br \/>\n<\/span><\/p>\n<p>&nbsp;<\/p>\n<p><b><span style=\"font-family: Verdana,sans-serif;\">Sonntag, 28.07.2013<\/span><\/b><\/p>\n<p><span style=\"font-family: Verdana,sans-serif;\">Zum Gl\u00fcck hat es heute Nacht ein wenig geregnet. Die Luft drau\u00dfen ist schon besser geworden. Der B\u00e4cker kommt p\u00fcnktlich um 08.15 Uhr. Der Sonntag geht gut los. Nach dem Fr\u00fchst\u00fcck wird entsorgt und weiter geht es. Wieder regnet es, was uns aber nicht st\u00f6rt. Wir fahren an der Mosel entlang nach Trier und weiter bis Wasserbillig (Luxembourg). Hier tanken wir f\u00fcr 1,221\/Liter.<br \/>\n<\/span><\/p>\n<p><span style=\"font-family: Verdana,sans-serif;\">Auf der Autobahn <\/span><span style=\"font-family: Verdana,sans-serif;\"><span style=\"font-family: Verdana,sans-serif;\">bleiben wir bis kurz vor Thionville (F<\/span>), um dann \u201equerfeldein\u201c bis nach Mareuil-sur-Ay in der Champagne zu gelangen. Da wir wissen, dass der SP sowieso voll ist, fahren wir gleich vorne bei der Br\u00fccke an den Kanal. Es ist wieder hei\u00df geworden. Deshalb beschr\u00e4nkt sich auch hier das Programm auf einen kurzen Spaziergang und Relaxen.<\/span><\/p>\n<p><a href=\"https:\/\/olu-limburg.de\/wp-content\/uploads\/2015\/11\/SAM_9288_ergebnis.jpg\"><img loading=\"lazy\" decoding=\"async\" class=\"size-full wp-image-4050 aligncenter\" src=\"https:\/\/olu-limburg.de\/wp-content\/uploads\/2015\/11\/SAM_9288_ergebnis.jpg\" alt=\"SAM_9288_ergebnis\" width=\"800\" height=\"600\" srcset=\"https:\/\/olu-limburg.de\/wp-content\/uploads\/2015\/11\/SAM_9288_ergebnis.jpg 800w, https:\/\/olu-limburg.de\/wp-content\/uploads\/2015\/11\/SAM_9288_ergebnis-300x225.jpg 300w, https:\/\/olu-limburg.de\/wp-content\/uploads\/2015\/11\/SAM_9288_ergebnis-624x468.jpg 624w\" sizes=\"auto, (max-width: 800px) 100vw, 800px\" \/><\/a><\/p>\n<p><a href=\"https:\/\/olu-limburg.de\/wp-content\/uploads\/2015\/11\/SAM_9282_ergebnis.jpg\"><img loading=\"lazy\" decoding=\"async\" class=\"size-full wp-image-4048 aligncenter\" src=\"https:\/\/olu-limburg.de\/wp-content\/uploads\/2015\/11\/SAM_9282_ergebnis.jpg\" alt=\"SAM_9282_ergebnis\" width=\"800\" height=\"600\" srcset=\"https:\/\/olu-limburg.de\/wp-content\/uploads\/2015\/11\/SAM_9282_ergebnis.jpg 800w, https:\/\/olu-limburg.de\/wp-content\/uploads\/2015\/11\/SAM_9282_ergebnis-300x225.jpg 300w, https:\/\/olu-limburg.de\/wp-content\/uploads\/2015\/11\/SAM_9282_ergebnis-624x468.jpg 624w\" sizes=\"auto, (max-width: 800px) 100vw, 800px\" \/><\/a><\/p>\n<p><a href=\"https:\/\/olu-limburg.de\/wp-content\/uploads\/2015\/11\/SAM_9292_ergebnis.jpg\"><img loading=\"lazy\" decoding=\"async\" class=\"size-full wp-image-4052 aligncenter\" src=\"https:\/\/olu-limburg.de\/wp-content\/uploads\/2015\/11\/SAM_9292_ergebnis.jpg\" alt=\"SAM_9292_ergebnis\" width=\"800\" height=\"600\" srcset=\"https:\/\/olu-limburg.de\/wp-content\/uploads\/2015\/11\/SAM_9292_ergebnis.jpg 800w, https:\/\/olu-limburg.de\/wp-content\/uploads\/2015\/11\/SAM_9292_ergebnis-300x225.jpg 300w, https:\/\/olu-limburg.de\/wp-content\/uploads\/2015\/11\/SAM_9292_ergebnis-624x468.jpg 624w\" sizes=\"auto, (max-width: 800px) 100vw, 800px\" \/><\/a><\/p>\n<p><span style=\"font-family: Verdana,sans-serif;\">Tagesstrecke: 306 km<br \/>\n<\/span><\/p>\n<p>&nbsp;<\/p>\n<p><b>Montag, 29.07.2013<\/b><\/p>\n<p><span style=\"font-family: Verdana,sans-serif;\">Nach einer ruhigen Nacht und etwas angenehmeren Temperaturen gehen wir noch mal &#8222;ums Eck&#8220;. Denn wenn wir wir schon auf der R\u00fcckseite eines Champagner-Gutes \u00fcbernachten, m\u00fcssen wir auch mal durch den Vordereingang hinein, um uns etwas zu versorgen. Wir kaufen uns zwei Flaschen f\u00fcr insgesamt EUR 28,80.<\/span><\/p>\n<p><a href=\"https:\/\/olu-limburg.de\/wp-content\/uploads\/2015\/11\/SAM_9289_ergebnis.jpg\"><img loading=\"lazy\" decoding=\"async\" class=\"size-full wp-image-4051 aligncenter\" src=\"https:\/\/olu-limburg.de\/wp-content\/uploads\/2015\/11\/SAM_9289_ergebnis.jpg\" alt=\"SAM_9289_ergebnis\" width=\"800\" height=\"600\" srcset=\"https:\/\/olu-limburg.de\/wp-content\/uploads\/2015\/11\/SAM_9289_ergebnis.jpg 800w, https:\/\/olu-limburg.de\/wp-content\/uploads\/2015\/11\/SAM_9289_ergebnis-300x225.jpg 300w, https:\/\/olu-limburg.de\/wp-content\/uploads\/2015\/11\/SAM_9289_ergebnis-624x468.jpg 624w\" sizes=\"auto, (max-width: 800px) 100vw, 800px\" \/><\/a><\/p>\n<p><a href=\"https:\/\/olu-limburg.de\/wp-content\/uploads\/2015\/11\/SAM_9300_ergebnis.jpg\"><img loading=\"lazy\" decoding=\"async\" class=\"size-full wp-image-4053 aligncenter\" src=\"https:\/\/olu-limburg.de\/wp-content\/uploads\/2015\/11\/SAM_9300_ergebnis.jpg\" alt=\"SAM_9300_ergebnis\" width=\"800\" height=\"600\" srcset=\"https:\/\/olu-limburg.de\/wp-content\/uploads\/2015\/11\/SAM_9300_ergebnis.jpg 800w, https:\/\/olu-limburg.de\/wp-content\/uploads\/2015\/11\/SAM_9300_ergebnis-300x225.jpg 300w, https:\/\/olu-limburg.de\/wp-content\/uploads\/2015\/11\/SAM_9300_ergebnis-624x468.jpg 624w\" sizes=\"auto, (max-width: 800px) 100vw, 800px\" \/><\/a><\/p>\n<p><span style=\"font-family: Verdana,sans-serif;\">F\u00fcr die heutige Etappe haben wir uns mehrere m\u00f6gliche Etappenziele offen gehalten. Nur auf Landstra\u00dfen fahren wir zuerst nach Bray-sur-Seine. Der kostenlose SP mit V+E ist in Ordnung. Wir nutzen die Mittagszeit und essen im Restaurant \u201eAu bon laboureur\u201c ein gutes und reichhaltiges Men\u00fc. <\/span><\/p>\n<p><span style=\"font-family: Verdana,sans-serif;\">Ein kurzes St\u00fcck wollen wir noch weiterfahren. In Souppes-sur-Loing kommen wir zu einem wundersch\u00f6nen SP (Geb\u00fchr 5,00 inkl. Strom; V+E kostenlos vor dem Campingplatz), der an einem Kanal parallel zur\u00a0 Loing, etwas ausserhalb des Ortes, liegt. Acht parzellierte Pl\u00e4tze und eine Wiese, die durch kleine B\u00e4ume beschattet wird, sind genau dass, was wir jetzt brauchen. Vor uns legen Boote an und weitere Womos kommen noch hinzu. Es ist also immer etwas zu sehen.<\/span><\/p>\n<p><a href=\"https:\/\/olu-limburg.de\/wp-content\/uploads\/2015\/11\/SAM_0363.jpg\"><img loading=\"lazy\" decoding=\"async\" class=\"size-full wp-image-3905 aligncenter\" src=\"https:\/\/olu-limburg.de\/wp-content\/uploads\/2015\/11\/SAM_0363.jpg\" alt=\"SAM_0363\" width=\"800\" height=\"600\" srcset=\"https:\/\/olu-limburg.de\/wp-content\/uploads\/2015\/11\/SAM_0363.jpg 800w, https:\/\/olu-limburg.de\/wp-content\/uploads\/2015\/11\/SAM_0363-300x225.jpg 300w, https:\/\/olu-limburg.de\/wp-content\/uploads\/2015\/11\/SAM_0363-624x468.jpg 624w\" sizes=\"auto, (max-width: 800px) 100vw, 800px\" \/><\/a><span style=\"font-family: Verdana,sans-serif;\">Die Loing ist noch sehr naturbelassen. Der Ort selbst ist mit B\u00e4ckern, Metzgern, Bars und Restaurants gut versorgt. Doch jetzt ist Ferienzeit und einiges hat zu.<\/span><\/p>\n<p><a href=\"https:\/\/olu-limburg.de\/wp-content\/uploads\/2015\/11\/SAM_9307_ergebnis-e1447250673500.jpg\"><img loading=\"lazy\" decoding=\"async\" class=\"size-full wp-image-4058 alignleft\" src=\"https:\/\/olu-limburg.de\/wp-content\/uploads\/2015\/11\/SAM_9307_ergebnis-e1447250673500.jpg\" alt=\"SAM_9307_ergebnis\" width=\"450\" height=\"600\" \/><\/a><\/p>\n<p><a href=\"https:\/\/olu-limburg.de\/wp-content\/uploads\/2015\/11\/SAM_9313_ergebnis-e1447250693135.jpg\"><img loading=\"lazy\" decoding=\"async\" class=\"size-full wp-image-4059 alignright\" src=\"https:\/\/olu-limburg.de\/wp-content\/uploads\/2015\/11\/SAM_9313_ergebnis-e1447250693135.jpg\" alt=\"SAM_9313_ergebnis\" width=\"450\" height=\"600\" \/><\/a><\/p>\n<p><a href=\"https:\/\/olu-limburg.de\/wp-content\/uploads\/2015\/11\/SAM_9309.jpg\"><img loading=\"lazy\" decoding=\"async\" class=\"size-full wp-image-3923 aligncenter\" src=\"https:\/\/olu-limburg.de\/wp-content\/uploads\/2015\/11\/SAM_9309.jpg\" alt=\"SAM_9309\" width=\"800\" height=\"600\" srcset=\"https:\/\/olu-limburg.de\/wp-content\/uploads\/2015\/11\/SAM_9309.jpg 800w, https:\/\/olu-limburg.de\/wp-content\/uploads\/2015\/11\/SAM_9309-300x225.jpg 300w, https:\/\/olu-limburg.de\/wp-content\/uploads\/2015\/11\/SAM_9309-624x468.jpg 624w\" sizes=\"auto, (max-width: 800px) 100vw, 800px\" \/><\/a><\/p>\n<p><span style=\"font-family: Verdana,sans-serif;\">Tagesstrecke: 177 km<br \/>\n<\/span><\/p>\n<p>&nbsp;<\/p>\n<p><b><span style=\"font-family: Verdana,sans-serif;\">Dienstag, 30.07.2013<\/span><\/b><\/p>\n<p><span style=\"font-family: Verdana,sans-serif;\">Heute m\u00f6chten wir irgendwo im Bereich der Loire stehen. Gegen Mittag sind wir kurz vor Orleans und sehen einen Routier &#8222;Relais de Fourneaux&#8220;, wo wir f\u00fcr EUR 12,30 ein 4-G\u00e4nge-Men\u00fc erhalten. Aber auch uns passieren Fehler. Da wir heute vorschnell auf den &#8222;Roten&#8220; (kostenlos) verzichten wollen, bestellen wir 0,5 l Ros\u00e9, erhalten einen sch\u00f6nen Touraine-Wein und bezahlen EUR 5,20 extra.<\/span><\/p>\n<p><span style=\"font-family: Verdana,sans-serif;\">Zwischen Chaumont-sur-Loire und Amboise kommen wir an einigen Weinkellern vorbei, die in das Tuffgestein hinein gegraben wurden. Der Winzer, bei dem wir schon einmal eingekauft haben, hat zur Zeit geschlossen. Daf\u00fcr hat der direkte Nachbar auf. Bei dem wir nach einer kleinen Probe sechs Flaschen sehr guten Wei\u00dfwein aus dem Gebiet Touraine-Amboise erstehen. Normalerweise wird an der Loire haupts\u00e4chlich Rotwein angebaut und auch verkauft. Wir schwimmen halt gern ein wenig gegen den Strom. <\/span><\/p>\n<p><a href=\"https:\/\/olu-limburg.de\/wp-content\/uploads\/2015\/11\/SAM_0375.jpg\"><img loading=\"lazy\" decoding=\"async\" class=\"size-full wp-image-3906 aligncenter\" src=\"https:\/\/olu-limburg.de\/wp-content\/uploads\/2015\/11\/SAM_0375.jpg\" alt=\"SAM_0375\" width=\"800\" height=\"600\" srcset=\"https:\/\/olu-limburg.de\/wp-content\/uploads\/2015\/11\/SAM_0375.jpg 800w, https:\/\/olu-limburg.de\/wp-content\/uploads\/2015\/11\/SAM_0375-300x225.jpg 300w, https:\/\/olu-limburg.de\/wp-content\/uploads\/2015\/11\/SAM_0375-624x468.jpg 624w\" sizes=\"auto, (max-width: 800px) 100vw, 800px\" \/><\/a><\/p>\n<p><span style=\"font-family: Verdana,sans-serif;\">Weil das Navi und ich uns f\u00fcr die Fahrt nicht auf die Flussseite einigen k\u00f6nnen, fahre ich mal links mal rechts von der Loire. Trotzdem kommen wir gut voran, \u00fcberqueren zur Abwechslung mal die Cher und bekommen tats\u00e4chlich auf dem kostenlosen Stellplatz von Villandry (Entsorgung war m\u00f6glich; Frischwasser defekt) noch eine Bleibe f\u00fcr uns.<\/span><\/p>\n<p><span style=\"font-family: Verdana,sans-serif;\">In der eigentlichen Reihe f\u00fcr die Wohnmobile ist gerade noch ein Platz f\u00fcr mich. Andere Wohnmobile, die noch kreiseln und einen Platz &#8222;gebacken&#8220; bekommen wollen, haben das Nachsehen.<\/span><\/p>\n<p><a href=\"https:\/\/olu-limburg.de\/wp-content\/uploads\/2015\/11\/SAM_9355_ergebnis.jpg\"><img loading=\"lazy\" decoding=\"async\" class=\"size-full wp-image-4063 aligncenter\" src=\"https:\/\/olu-limburg.de\/wp-content\/uploads\/2015\/11\/SAM_9355_ergebnis.jpg\" alt=\"SAM_9355_ergebnis\" width=\"800\" height=\"600\" srcset=\"https:\/\/olu-limburg.de\/wp-content\/uploads\/2015\/11\/SAM_9355_ergebnis.jpg 800w, https:\/\/olu-limburg.de\/wp-content\/uploads\/2015\/11\/SAM_9355_ergebnis-300x225.jpg 300w, https:\/\/olu-limburg.de\/wp-content\/uploads\/2015\/11\/SAM_9355_ergebnis-624x468.jpg 624w\" sizes=\"auto, (max-width: 800px) 100vw, 800px\" \/><\/a><\/p>\n<p><span style=\"font-family: Verdana,sans-serif;\">Es ist noch fr\u00fch genug, um die wundersch\u00f6nen Gartenanlagen des Schlosses zu besichtigen. In das Schloss selbst wollen wir nicht hinein. Der riesige Au\u00dfenbereich ist in einen Gem\u00fcse-, Kr\u00e4uter-, Blumen- und Wasserbereich gegliedert. Welch eine Farbenpracht strahlt uns aus dem Gem\u00fcsegarten entgegen. Ein gro\u00dfes Quadrat ist wiederum in vier kleinere Quadrate aufgeteilt. Struktur erh\u00e4lt dieses Gesamtwerk durch Buchsbaum-Einrahmungen, die in ihren inneren Bereichen verschiedenfarbige oder unterschiedlich bl\u00fchende Gem\u00fcsesorten beherbergen. Es ist eine wahre Pracht und man kann sich \u00fcberhaupt nicht \u201esatt sehen\u201c. Die Zeit vergeht wie im Fluge.<\/span><\/p>\n<p><a href=\"https:\/\/olu-limburg.de\/wp-content\/uploads\/2015\/11\/SAM_9328_ergebnis.jpg\"><img loading=\"lazy\" decoding=\"async\" class=\"size-full wp-image-4061 aligncenter\" src=\"https:\/\/olu-limburg.de\/wp-content\/uploads\/2015\/11\/SAM_9328_ergebnis.jpg\" alt=\"SAM_9328_ergebnis\" width=\"800\" height=\"600\" srcset=\"https:\/\/olu-limburg.de\/wp-content\/uploads\/2015\/11\/SAM_9328_ergebnis.jpg 800w, https:\/\/olu-limburg.de\/wp-content\/uploads\/2015\/11\/SAM_9328_ergebnis-300x225.jpg 300w, https:\/\/olu-limburg.de\/wp-content\/uploads\/2015\/11\/SAM_9328_ergebnis-624x468.jpg 624w\" sizes=\"auto, (max-width: 800px) 100vw, 800px\" \/><\/a><\/p>\n<p><a href=\"https:\/\/olu-limburg.de\/wp-content\/uploads\/2015\/11\/SAM_9321_ergebnis-e1447252281196.jpg\"><img loading=\"lazy\" decoding=\"async\" class=\"size-full wp-image-4060 aligncenter\" src=\"https:\/\/olu-limburg.de\/wp-content\/uploads\/2015\/11\/SAM_9321_ergebnis-e1447252281196.jpg\" alt=\"SAM_9321_ergebnis\" width=\"450\" height=\"600\" \/><\/a><\/p>\n<p><a href=\"https:\/\/olu-limburg.de\/wp-content\/uploads\/2015\/11\/SAM_9339_ergebnis.jpg\"><img loading=\"lazy\" decoding=\"async\" class=\"size-full wp-image-4062 aligncenter\" src=\"https:\/\/olu-limburg.de\/wp-content\/uploads\/2015\/11\/SAM_9339_ergebnis.jpg\" alt=\"SAM_9339_ergebnis\" width=\"800\" height=\"600\" srcset=\"https:\/\/olu-limburg.de\/wp-content\/uploads\/2015\/11\/SAM_9339_ergebnis.jpg 800w, https:\/\/olu-limburg.de\/wp-content\/uploads\/2015\/11\/SAM_9339_ergebnis-300x225.jpg 300w, https:\/\/olu-limburg.de\/wp-content\/uploads\/2015\/11\/SAM_9339_ergebnis-624x468.jpg 624w\" sizes=\"auto, (max-width: 800px) 100vw, 800px\" \/><\/a><\/p>\n<p><span style=\"font-family: Verdana,sans-serif;\">Wieder auf dem Stellplatz, sehen wir, dass sich die Wohnmobile \u00fcber einen gro\u00dfen Teil des Parkplatzes vermehrt und ausgebreitet haben.<\/span><\/p>\n<p><span style=\"font-family: Verdana,sans-serif;\">Tagesstrecke: 241 km<br \/>\n<\/span><\/p>\n<p><b><span style=\"font-family: Verdana,sans-serif;\">Mittwoch, 31.07.2013<\/span><\/b><\/p>\n<p><span style=\"font-family: Verdana,sans-serif;\">Unser heutiges Ziel wurde zwar schon mehrmals angedacht, doch sind wir dort nie gelandet, der Wald von Broc\u00e9liande. Auf kleinen Landstra\u00dfen fahren wir bis Laval, um dann auf die N 157 in Richtung Rennes zu wechseln.<\/span><\/p>\n<div id=\"attachment_4064\" style=\"width: 810px\" class=\"wp-caption aligncenter\"><a href=\"https:\/\/olu-limburg.de\/wp-content\/uploads\/2015\/11\/SAM_9356_ergebnis.jpg\"><img loading=\"lazy\" decoding=\"async\" aria-describedby=\"caption-attachment-4064\" class=\"wp-image-4064 size-full\" src=\"https:\/\/olu-limburg.de\/wp-content\/uploads\/2015\/11\/SAM_9356_ergebnis.jpg\" alt=\"SAM_9356_ergebnis\" width=\"800\" height=\"600\" srcset=\"https:\/\/olu-limburg.de\/wp-content\/uploads\/2015\/11\/SAM_9356_ergebnis.jpg 800w, https:\/\/olu-limburg.de\/wp-content\/uploads\/2015\/11\/SAM_9356_ergebnis-300x225.jpg 300w, https:\/\/olu-limburg.de\/wp-content\/uploads\/2015\/11\/SAM_9356_ergebnis-624x468.jpg 624w\" sizes=\"auto, (max-width: 800px) 100vw, 800px\" \/><\/a><p id=\"caption-attachment-4064\" class=\"wp-caption-text\">Wenn ihr bei einem Waldspaziergang solche &#8222;Rettungsinseln&#8220; seht, solltet ihr nach Wildschweinen Ausschau halten. Das k\u00f6nnte sehr hilfreich sein.<\/p><\/div>\n<p><span style=\"font-family: Verdana,sans-serif;\">Nach der Umfahrung von Rennes wechseln wir auf die N 24 bis Pl\u00e9lan-le-Grand und schlie\u00dflich nach Paimpont, wo wir wieder mal die letzte regul\u00e4re Parkbucht auf dem kostenlosen Stellplatz mit V+E erwischen.\u00a0 Zwischendurch waren wir heute Mittag wieder bei einem wunderbaren Routier, wo wir f\u00fcr EUR 11,00 ein Vorspeisenbuffet, Boeuf Bourgignon mit gr\u00fcnen Bohnen, K\u00e4se, Dessert und Wein bekamen.<\/span><\/p>\n<p><a href=\"https:\/\/olu-limburg.de\/wp-content\/uploads\/2015\/11\/SAM_9359_ergebnis.jpg\"><img loading=\"lazy\" decoding=\"async\" class=\"size-full wp-image-4065 aligncenter\" src=\"https:\/\/olu-limburg.de\/wp-content\/uploads\/2015\/11\/SAM_9359_ergebnis.jpg\" alt=\"SAM_9359_ergebnis\" width=\"800\" height=\"600\" srcset=\"https:\/\/olu-limburg.de\/wp-content\/uploads\/2015\/11\/SAM_9359_ergebnis.jpg 800w, https:\/\/olu-limburg.de\/wp-content\/uploads\/2015\/11\/SAM_9359_ergebnis-300x225.jpg 300w, https:\/\/olu-limburg.de\/wp-content\/uploads\/2015\/11\/SAM_9359_ergebnis-624x468.jpg 624w\" sizes=\"auto, (max-width: 800px) 100vw, 800px\" \/><\/a><\/p>\n<p><span style=\"font-family: Verdana,sans-serif;\">Es ist zu hei\u00df um irgendetwas zu unternehmen. Im Schatten eines Baumes erholen wir uns erst einmal von der Fahrt.<\/span><\/p>\n<p><span style=\"font-family: Verdana,sans-serif;\">Etwas sp\u00e4ter machen wir eine kleine Besichtigungstour durch Paimpont. \u00dcberall gibt es Wanderwege, die sich mit der Sage um Merlin und K\u00f6nig Arthur befassen. An einem See am Rande des alten Ortskerns befindet sich eine alte Klosteranlage, die nun aber fremdgenutzt wird.<\/span><\/p>\n<p><a href=\"https:\/\/olu-limburg.de\/wp-content\/uploads\/2015\/11\/SAM_9374_ergebnis.jpg\"><img loading=\"lazy\" decoding=\"async\" class=\"size-full wp-image-4068 aligncenter\" src=\"https:\/\/olu-limburg.de\/wp-content\/uploads\/2015\/11\/SAM_9374_ergebnis.jpg\" alt=\"SAM_9374_ergebnis\" width=\"800\" height=\"600\" srcset=\"https:\/\/olu-limburg.de\/wp-content\/uploads\/2015\/11\/SAM_9374_ergebnis.jpg 800w, https:\/\/olu-limburg.de\/wp-content\/uploads\/2015\/11\/SAM_9374_ergebnis-300x225.jpg 300w, https:\/\/olu-limburg.de\/wp-content\/uploads\/2015\/11\/SAM_9374_ergebnis-624x468.jpg 624w\" sizes=\"auto, (max-width: 800px) 100vw, 800px\" \/><\/a><\/p>\n<p><a href=\"https:\/\/olu-limburg.de\/wp-content\/uploads\/2015\/11\/SAM_9361_ergebnis.jpg\"><img loading=\"lazy\" decoding=\"async\" class=\"size-full wp-image-4066 aligncenter\" src=\"https:\/\/olu-limburg.de\/wp-content\/uploads\/2015\/11\/SAM_9361_ergebnis.jpg\" alt=\"SAM_9361_ergebnis\" width=\"800\" height=\"600\" srcset=\"https:\/\/olu-limburg.de\/wp-content\/uploads\/2015\/11\/SAM_9361_ergebnis.jpg 800w, https:\/\/olu-limburg.de\/wp-content\/uploads\/2015\/11\/SAM_9361_ergebnis-300x225.jpg 300w, https:\/\/olu-limburg.de\/wp-content\/uploads\/2015\/11\/SAM_9361_ergebnis-624x468.jpg 624w\" sizes=\"auto, (max-width: 800px) 100vw, 800px\" \/><\/a><\/p>\n<p><a href=\"https:\/\/olu-limburg.de\/wp-content\/uploads\/2015\/11\/SAM_9373_ergebnis.jpg\"><img loading=\"lazy\" decoding=\"async\" class=\"size-full wp-image-4067 aligncenter\" src=\"https:\/\/olu-limburg.de\/wp-content\/uploads\/2015\/11\/SAM_9373_ergebnis.jpg\" alt=\"SAM_9373_ergebnis\" width=\"800\" height=\"600\" srcset=\"https:\/\/olu-limburg.de\/wp-content\/uploads\/2015\/11\/SAM_9373_ergebnis.jpg 800w, https:\/\/olu-limburg.de\/wp-content\/uploads\/2015\/11\/SAM_9373_ergebnis-300x225.jpg 300w, https:\/\/olu-limburg.de\/wp-content\/uploads\/2015\/11\/SAM_9373_ergebnis-624x468.jpg 624w\" sizes=\"auto, (max-width: 800px) 100vw, 800px\" \/><\/a><\/p>\n<p><span style=\"font-family: Verdana,sans-serif;\">Zu einer kurzen Erfrischung suchen wir anschlie\u00dfend eine Bar, und entscheiden uns f\u00fcr eine, wo drau\u00dfen ein paar M\u00e4nner zusammen sitzen und zur eigenen Unterhaltung eine kleine Session veranstalten.<\/span><\/p>\n<p><a href=\"https:\/\/olu-limburg.de\/wp-content\/uploads\/2015\/11\/SAM_9376_ergebnis.jpg\"><img loading=\"lazy\" decoding=\"async\" class=\"size-full wp-image-4069 aligncenter\" src=\"https:\/\/olu-limburg.de\/wp-content\/uploads\/2015\/11\/SAM_9376_ergebnis.jpg\" alt=\"SAM_9376_ergebnis\" width=\"800\" height=\"600\" srcset=\"https:\/\/olu-limburg.de\/wp-content\/uploads\/2015\/11\/SAM_9376_ergebnis.jpg 800w, https:\/\/olu-limburg.de\/wp-content\/uploads\/2015\/11\/SAM_9376_ergebnis-300x225.jpg 300w, https:\/\/olu-limburg.de\/wp-content\/uploads\/2015\/11\/SAM_9376_ergebnis-624x468.jpg 624w\" sizes=\"auto, (max-width: 800px) 100vw, 800px\" \/><\/a><\/p>\n<p><span style=\"font-family: Verdana,sans-serif;\">Mittlerweile ist die Platzkapazit\u00e4t kurzerhand erh\u00f6ht worden, denn es stehen jetzt 18 Womos auf dem Platz; plus sechs Womos auf dem benachbarten Parkplatz.<br \/>\n<\/span><\/p>\n<p><span style=\"font-family: Verdana,sans-serif;\">Tagesstrecke: 269 km<br \/>\n<\/span><\/p>\n<p>&nbsp;<\/p>\n<p><b><span style=\"font-family: Verdana,sans-serif;\">Donnerstag, 01.08.2013<\/span><\/b><\/p>\n<p><span style=\"font-family: Verdana,sans-serif;\">Im Wald von Broc\u00e9liande gibt es verschiedene Zielpunkte mit \u201esagenhaften\u201c Themen. Wir wollen dies nicht mit dem Fahrrad erkunden. Stattdessen fahren wir mit dem Womo in Richtung des Grabes von Merlin. Vorher landen wir aber auf einem Parkplatz, wo uns ein Wanderweg zu einer 500 Jahre alten Zaubereiche f\u00fchrt. <\/span><span style=\"font-family: Verdana,sans-serif;\">Lena w\u00fcrde so gerne hier bleiben, denn \u00fcberall sieht sie B\u00fcsche voller Heidelbeeren.<\/span><\/p>\n<p><a href=\"https:\/\/olu-limburg.de\/wp-content\/uploads\/2015\/11\/SAM_9380_ergebnis-e1447252493887.jpg\"><img loading=\"lazy\" decoding=\"async\" class=\"size-full wp-image-4070 alignleft\" src=\"https:\/\/olu-limburg.de\/wp-content\/uploads\/2015\/11\/SAM_9380_ergebnis-e1447252493887.jpg\" alt=\"SAM_9380_ergebnis\" width=\"450\" height=\"600\" \/><\/a><\/p>\n<p><a href=\"https:\/\/olu-limburg.de\/wp-content\/uploads\/2015\/11\/SAM_9385_ergebnis-e1447252511432.jpg\"><img loading=\"lazy\" decoding=\"async\" class=\"size-full wp-image-4071 aligncenter\" src=\"https:\/\/olu-limburg.de\/wp-content\/uploads\/2015\/11\/SAM_9385_ergebnis-e1447252511432.jpg\" alt=\"SAM_9385_ergebnis\" width=\"450\" height=\"600\" \/><\/a><\/p>\n<p><span style=\"font-family: Verdana,sans-serif;\">Trotz der vorherigen sehr guten Ausschilderung, finden wir das Grab von Merlin erst nach einigem Suchen.<\/span><\/p>\n<p><a href=\"https:\/\/olu-limburg.de\/wp-content\/uploads\/2015\/11\/SAM_9390_ergebnis.jpg\"><img loading=\"lazy\" decoding=\"async\" class=\"size-full wp-image-4073 aligncenter\" src=\"https:\/\/olu-limburg.de\/wp-content\/uploads\/2015\/11\/SAM_9390_ergebnis.jpg\" alt=\"SAM_9390_ergebnis\" width=\"800\" height=\"600\" srcset=\"https:\/\/olu-limburg.de\/wp-content\/uploads\/2015\/11\/SAM_9390_ergebnis.jpg 800w, https:\/\/olu-limburg.de\/wp-content\/uploads\/2015\/11\/SAM_9390_ergebnis-300x225.jpg 300w, https:\/\/olu-limburg.de\/wp-content\/uploads\/2015\/11\/SAM_9390_ergebnis-624x468.jpg 624w\" sizes=\"auto, (max-width: 800px) 100vw, 800px\" \/><\/a><\/p>\n<p><span style=\"font-family: Verdana,sans-serif;\">Heute Nacht hat es zum ersten Mal richtig abgek\u00fchlt und \u00fcberall tropfte der Tau herab. Doch ist es mittlerweile wieder hei\u00df geworden. Wir wollen ganz schnell ans Meer, um uns abk\u00fchlen zu k\u00f6nnen.<\/span><\/p>\n<p><span style=\"font-family: Verdana,sans-serif;\">Erquy ist auch schnell erreicht. Es ist 13.00 Uhr und der Stellplatz (Geb\u00fchr EUR 6,00) ist voll. Wir tanken erst einmal Wasser auf und stellen uns in eine<\/span><span style=\"font-family: Verdana,sans-serif;\"> Warteschleife. Nach einigen Minuten und<\/span> <span style=\"font-family: Verdana,sans-serif;\">mehreren Rundg\u00e4ngen sehe ich, dass ein Engl\u00e4nder wegfahren m\u00f6chte. Kurzer Kontakt und schon ist der Platz f\u00fcr mich reserviert.<\/span><\/p>\n<p><a href=\"https:\/\/olu-limburg.de\/wp-content\/uploads\/2015\/11\/SAM_9391_ergebnis.jpg\"><img loading=\"lazy\" decoding=\"async\" class=\"size-full wp-image-4074 aligncenter\" src=\"https:\/\/olu-limburg.de\/wp-content\/uploads\/2015\/11\/SAM_9391_ergebnis.jpg\" alt=\"SAM_9391_ergebnis\" width=\"800\" height=\"600\" srcset=\"https:\/\/olu-limburg.de\/wp-content\/uploads\/2015\/11\/SAM_9391_ergebnis.jpg 800w, https:\/\/olu-limburg.de\/wp-content\/uploads\/2015\/11\/SAM_9391_ergebnis-300x225.jpg 300w, https:\/\/olu-limburg.de\/wp-content\/uploads\/2015\/11\/SAM_9391_ergebnis-624x468.jpg 624w\" sizes=\"auto, (max-width: 800px) 100vw, 800px\" \/><\/a><\/p>\n<p><span style=\"font-family: Verdana,sans-serif;\">Geschafft! Wir haben einen tollen Platz mit Sicht auf das Meer. Durch die Neugestaltung des Stellplatzes sind zwar einige Pl\u00e4tze verloren gegangen, doch haben wir jetzt neben dem Womo eine angenehme Fl\u00e4che um noch einen Tisch mit St\u00fchlen aufzustellen.<\/span><\/p>\n<p><span style=\"font-family: Verdana,sans-serif;\">Es ist so hei\u00df, dass der Teer anf\u00e4ngt weich zu werden, also nichts wie hin zum Wasser. Am Anfang kostet es zwar ein wenig \u00dcberwindung, doch ist es ganz schnell angenehm und erfrischend. Endlich sinkt die K\u00f6rpertemperatur um einige Grade.<\/span><\/p>\n<p><a href=\"https:\/\/olu-limburg.de\/wp-content\/uploads\/2015\/11\/SAM_9393_ergebnis.jpg\"><img loading=\"lazy\" decoding=\"async\" class=\"size-full wp-image-4076 aligncenter\" src=\"https:\/\/olu-limburg.de\/wp-content\/uploads\/2015\/11\/SAM_9393_ergebnis.jpg\" alt=\"SAM_9393_ergebnis\" width=\"800\" height=\"600\" srcset=\"https:\/\/olu-limburg.de\/wp-content\/uploads\/2015\/11\/SAM_9393_ergebnis.jpg 800w, https:\/\/olu-limburg.de\/wp-content\/uploads\/2015\/11\/SAM_9393_ergebnis-300x225.jpg 300w, https:\/\/olu-limburg.de\/wp-content\/uploads\/2015\/11\/SAM_9393_ergebnis-624x468.jpg 624w\" sizes=\"auto, (max-width: 800px) 100vw, 800px\" \/><\/a><\/p>\n<p><span style=\"font-family: Verdana,sans-serif;\">Zur\u00fcck beim Wohnmobil k\u00f6nnen wir das Kreiseln von platzsuchenden Wohnmobilfahrern bewundern. Mit der Stellplatzneugestaltung wurde gleichzeitig die Parkzeit auf einen 24 Stunden Rhythmus umgestellt. Hierdurch herrscht eine st\u00e4ndige Fluktuation, die immer wieder freie Pl\u00e4tze beschert.<\/span><\/p>\n<p><span style=\"font-family: Verdana,sans-serif;\">Gegen Abend machen wir einen Spaziergang in den Ort. Es gibt aber nichts Neues \u00fcber Erquy zu berichten. Bei einem Fischh\u00e4ndler kaufen wir noch f\u00fcr unser Abendessen Petoncles (Muscheln) und Bulots (gro\u00dfe Meeresschnecken).<\/span><\/p>\n<p><a href=\"https:\/\/olu-limburg.de\/wp-content\/uploads\/2015\/11\/SAM_9405_ergebnis-e1447254174645.jpg\"><img loading=\"lazy\" decoding=\"async\" class=\"size-full wp-image-4080 aligncenter\" src=\"https:\/\/olu-limburg.de\/wp-content\/uploads\/2015\/11\/SAM_9405_ergebnis-e1447254174645.jpg\" alt=\"SAM_9405_ergebnis\" width=\"450\" height=\"600\" \/><\/a><\/p>\n<p><a href=\"https:\/\/olu-limburg.de\/wp-content\/uploads\/2015\/11\/SAM_9397_ergebnis.jpg\"><img loading=\"lazy\" decoding=\"async\" class=\"size-full wp-image-4077 aligncenter\" src=\"https:\/\/olu-limburg.de\/wp-content\/uploads\/2015\/11\/SAM_9397_ergebnis.jpg\" alt=\"SAM_9397_ergebnis\" width=\"800\" height=\"600\" srcset=\"https:\/\/olu-limburg.de\/wp-content\/uploads\/2015\/11\/SAM_9397_ergebnis.jpg 800w, https:\/\/olu-limburg.de\/wp-content\/uploads\/2015\/11\/SAM_9397_ergebnis-300x225.jpg 300w, https:\/\/olu-limburg.de\/wp-content\/uploads\/2015\/11\/SAM_9397_ergebnis-624x468.jpg 624w\" sizes=\"auto, (max-width: 800px) 100vw, 800px\" \/><\/a><\/p>\n<p><span style=\"font-family: Verdana,sans-serif;\">Tagesstrecke: 103 km<br \/>\n<\/span><\/p>\n<p>&nbsp;<\/p>\n<p><b><span style=\"font-family: Verdana,sans-serif;\">Freitag, 02.08.2013<\/span><\/b><\/p>\n<p><span style=\"font-family: Verdana,sans-serif;\">Wir haben gestern entschieden, dass wir noch einen weiteren Tag hier bleiben. Wir suchen am Morgen bei gerade beginnender Flut Tellines (kleine Muscheln) f\u00fcr das Mittagessen. Danach besteht unser Programm aus schwimmen, faulenzen und in den Ort gehen.<\/span><\/p>\n<p><a href=\"https:\/\/olu-limburg.de\/wp-content\/uploads\/2015\/11\/SAM_9421_ergebnis.jpg\"><img loading=\"lazy\" decoding=\"async\" class=\"size-full wp-image-4086 aligncenter\" src=\"https:\/\/olu-limburg.de\/wp-content\/uploads\/2015\/11\/SAM_9421_ergebnis.jpg\" alt=\"SAM_9421_ergebnis\" width=\"800\" height=\"600\" srcset=\"https:\/\/olu-limburg.de\/wp-content\/uploads\/2015\/11\/SAM_9421_ergebnis.jpg 800w, https:\/\/olu-limburg.de\/wp-content\/uploads\/2015\/11\/SAM_9421_ergebnis-300x225.jpg 300w, https:\/\/olu-limburg.de\/wp-content\/uploads\/2015\/11\/SAM_9421_ergebnis-624x468.jpg 624w\" sizes=\"auto, (max-width: 800px) 100vw, 800px\" \/><\/a><\/p>\n<p><a href=\"https:\/\/olu-limburg.de\/wp-content\/uploads\/2015\/11\/SAM_9418_ergebnis.jpg\"><img loading=\"lazy\" decoding=\"async\" class=\"size-full wp-image-4085 aligncenter\" src=\"https:\/\/olu-limburg.de\/wp-content\/uploads\/2015\/11\/SAM_9418_ergebnis.jpg\" alt=\"SAM_9418_ergebnis\" width=\"800\" height=\"600\" srcset=\"https:\/\/olu-limburg.de\/wp-content\/uploads\/2015\/11\/SAM_9418_ergebnis.jpg 800w, https:\/\/olu-limburg.de\/wp-content\/uploads\/2015\/11\/SAM_9418_ergebnis-300x225.jpg 300w, https:\/\/olu-limburg.de\/wp-content\/uploads\/2015\/11\/SAM_9418_ergebnis-624x468.jpg 624w\" sizes=\"auto, (max-width: 800px) 100vw, 800px\" \/><\/a><\/p>\n<p><a href=\"https:\/\/olu-limburg.de\/wp-content\/uploads\/2015\/11\/SAM_9415_ergebnis.jpg\"><img loading=\"lazy\" decoding=\"async\" class=\"size-full wp-image-4084 aligncenter\" src=\"https:\/\/olu-limburg.de\/wp-content\/uploads\/2015\/11\/SAM_9415_ergebnis.jpg\" alt=\"SAM_9415_ergebnis\" width=\"800\" height=\"600\" srcset=\"https:\/\/olu-limburg.de\/wp-content\/uploads\/2015\/11\/SAM_9415_ergebnis.jpg 800w, https:\/\/olu-limburg.de\/wp-content\/uploads\/2015\/11\/SAM_9415_ergebnis-300x225.jpg 300w, https:\/\/olu-limburg.de\/wp-content\/uploads\/2015\/11\/SAM_9415_ergebnis-624x468.jpg 624w\" sizes=\"auto, (max-width: 800px) 100vw, 800px\" \/><\/a><\/p>\n<p><a href=\"https:\/\/olu-limburg.de\/wp-content\/uploads\/2015\/11\/SAM_9410_ergebnis.jpg\"><img loading=\"lazy\" decoding=\"async\" class=\"size-full wp-image-4081 aligncenter\" src=\"https:\/\/olu-limburg.de\/wp-content\/uploads\/2015\/11\/SAM_9410_ergebnis.jpg\" alt=\"SAM_9410_ergebnis\" width=\"800\" height=\"600\" srcset=\"https:\/\/olu-limburg.de\/wp-content\/uploads\/2015\/11\/SAM_9410_ergebnis.jpg 800w, https:\/\/olu-limburg.de\/wp-content\/uploads\/2015\/11\/SAM_9410_ergebnis-300x225.jpg 300w, https:\/\/olu-limburg.de\/wp-content\/uploads\/2015\/11\/SAM_9410_ergebnis-624x468.jpg 624w\" sizes=\"auto, (max-width: 800px) 100vw, 800px\" \/><\/a><\/p>\n<p><span style=\"font-family: Verdana,sans-serif;\">Tagesstrecke: 0 km<br \/>\n<\/span><\/p>\n<p>&nbsp;<\/p>\n<p><b><span style=\"font-family: Verdana,sans-serif;\">Samstag, 03.08.2013<\/span><\/b><\/p>\n<p><span style=\"font-family: Verdana,sans-serif;\">In Erquy ist heute gro\u00dfer Markt, den wir erst besuchen.<\/span><\/p>\n<p><a href=\"https:\/\/olu-limburg.de\/wp-content\/uploads\/2015\/11\/SAM_9424_ergebnis.jpg\"><img loading=\"lazy\" decoding=\"async\" class=\"size-full wp-image-4087 aligncenter\" src=\"https:\/\/olu-limburg.de\/wp-content\/uploads\/2015\/11\/SAM_9424_ergebnis.jpg\" alt=\"SAM_9424_ergebnis\" width=\"800\" height=\"600\" srcset=\"https:\/\/olu-limburg.de\/wp-content\/uploads\/2015\/11\/SAM_9424_ergebnis.jpg 800w, https:\/\/olu-limburg.de\/wp-content\/uploads\/2015\/11\/SAM_9424_ergebnis-300x225.jpg 300w, https:\/\/olu-limburg.de\/wp-content\/uploads\/2015\/11\/SAM_9424_ergebnis-624x468.jpg 624w\" sizes=\"auto, (max-width: 800px) 100vw, 800px\" \/><\/a><\/p>\n<p><span style=\"font-family: Verdana,sans-serif;\">Danach entsorgen wir und fahren weiter nach Lampaul-Plouarzel. In der Bretagne sind zur Zeit sehr viele Wohnmobile unterwegs. Doch d\u00fcrfte der Platz in L.-P. gen\u00fcgend Kapazit\u00e4t haben. Unterwegs nehmen die uns entgegen kommenden Womos immer mehr ab. Der Verkehr wird auch ruhiger. Immerhin fahren wir fast ans Ende der Welt.<br \/>\n<\/span><\/p>\n<p><span style=\"font-family: Verdana,sans-serif;\">Wir erreichen den gut besuchten Stellplatz mit V+E (Geb\u00fchr incl. zwei Personen EUR 4,10) und bekommen sogar noch einen Stellplatz in der obersten Reihe mit herrlicher Aussicht auf das Meer und die Inseln Mol\u00e8ne und Ouessant.<\/span><\/p>\n<p><a href=\"https:\/\/olu-limburg.de\/wp-content\/uploads\/2015\/11\/SAM_9426_ergebnis.jpg\"><img loading=\"lazy\" decoding=\"async\" class=\"size-full wp-image-4088 aligncenter\" src=\"https:\/\/olu-limburg.de\/wp-content\/uploads\/2015\/11\/SAM_9426_ergebnis.jpg\" alt=\"SAM_9426_ergebnis\" width=\"800\" height=\"600\" srcset=\"https:\/\/olu-limburg.de\/wp-content\/uploads\/2015\/11\/SAM_9426_ergebnis.jpg 800w, https:\/\/olu-limburg.de\/wp-content\/uploads\/2015\/11\/SAM_9426_ergebnis-300x225.jpg 300w, https:\/\/olu-limburg.de\/wp-content\/uploads\/2015\/11\/SAM_9426_ergebnis-624x468.jpg 624w\" sizes=\"auto, (max-width: 800px) 100vw, 800px\" \/><\/a><\/p>\n<p><span style=\"font-family: Verdana,sans-serif;\">Nach einem kurzen Erkundungsgang geht Lena noch einmal baden. Hier ist das Wasser aber k\u00e4lter als in Erquy.<\/span><\/p>\n<p><a href=\"https:\/\/olu-limburg.de\/wp-content\/uploads\/2015\/11\/SAM_9439_ergebnis.jpg\"><img loading=\"lazy\" decoding=\"async\" class=\"size-full wp-image-4092 aligncenter\" src=\"https:\/\/olu-limburg.de\/wp-content\/uploads\/2015\/11\/SAM_9439_ergebnis.jpg\" alt=\"SAM_9439_ergebnis\" width=\"800\" height=\"600\" srcset=\"https:\/\/olu-limburg.de\/wp-content\/uploads\/2015\/11\/SAM_9439_ergebnis.jpg 800w, https:\/\/olu-limburg.de\/wp-content\/uploads\/2015\/11\/SAM_9439_ergebnis-300x225.jpg 300w, https:\/\/olu-limburg.de\/wp-content\/uploads\/2015\/11\/SAM_9439_ergebnis-624x468.jpg 624w\" sizes=\"auto, (max-width: 800px) 100vw, 800px\" \/><\/a><\/p>\n<p><a href=\"https:\/\/olu-limburg.de\/wp-content\/uploads\/2015\/11\/SAM_9435_ergebnis.jpg\"><img loading=\"lazy\" decoding=\"async\" class=\"size-full wp-image-4089 aligncenter\" src=\"https:\/\/olu-limburg.de\/wp-content\/uploads\/2015\/11\/SAM_9435_ergebnis.jpg\" alt=\"SAM_9435_ergebnis\" width=\"800\" height=\"600\" srcset=\"https:\/\/olu-limburg.de\/wp-content\/uploads\/2015\/11\/SAM_9435_ergebnis.jpg 800w, https:\/\/olu-limburg.de\/wp-content\/uploads\/2015\/11\/SAM_9435_ergebnis-300x225.jpg 300w, https:\/\/olu-limburg.de\/wp-content\/uploads\/2015\/11\/SAM_9435_ergebnis-624x468.jpg 624w\" sizes=\"auto, (max-width: 800px) 100vw, 800px\" \/><\/a><\/p>\n<div id=\"attachment_4090\" style=\"width: 810px\" class=\"wp-caption aligncenter\"><a href=\"https:\/\/olu-limburg.de\/wp-content\/uploads\/2015\/11\/SAM_9436_ergebnis.jpg\"><img loading=\"lazy\" decoding=\"async\" aria-describedby=\"caption-attachment-4090\" class=\"wp-image-4090 size-full\" src=\"https:\/\/olu-limburg.de\/wp-content\/uploads\/2015\/11\/SAM_9436_ergebnis.jpg\" alt=\"SAM_9436_ergebnis\" width=\"800\" height=\"600\" srcset=\"https:\/\/olu-limburg.de\/wp-content\/uploads\/2015\/11\/SAM_9436_ergebnis.jpg 800w, https:\/\/olu-limburg.de\/wp-content\/uploads\/2015\/11\/SAM_9436_ergebnis-300x225.jpg 300w, https:\/\/olu-limburg.de\/wp-content\/uploads\/2015\/11\/SAM_9436_ergebnis-624x468.jpg 624w\" sizes=\"auto, (max-width: 800px) 100vw, 800px\" \/><\/a><p id=\"caption-attachment-4090\" class=\"wp-caption-text\">Strandgut als Hausschmuck<\/p><\/div>\n<p><a href=\"https:\/\/olu-limburg.de\/wp-content\/uploads\/2015\/11\/SAM_9441_ergebnis-e1447254364337.jpg\"><img loading=\"lazy\" decoding=\"async\" class=\"size-full wp-image-4093 aligncenter\" src=\"https:\/\/olu-limburg.de\/wp-content\/uploads\/2015\/11\/SAM_9441_ergebnis-e1447254364337.jpg\" alt=\"SAM_9441_ergebnis\" width=\"450\" height=\"600\" \/><\/a><\/p>\n<p><a href=\"https:\/\/olu-limburg.de\/wp-content\/uploads\/2015\/11\/SAM_9442_ergebnis.jpg\"><img loading=\"lazy\" decoding=\"async\" class=\"size-full wp-image-4094 aligncenter\" src=\"https:\/\/olu-limburg.de\/wp-content\/uploads\/2015\/11\/SAM_9442_ergebnis.jpg\" alt=\"SAM_9442_ergebnis\" width=\"800\" height=\"600\" srcset=\"https:\/\/olu-limburg.de\/wp-content\/uploads\/2015\/11\/SAM_9442_ergebnis.jpg 800w, https:\/\/olu-limburg.de\/wp-content\/uploads\/2015\/11\/SAM_9442_ergebnis-300x225.jpg 300w, https:\/\/olu-limburg.de\/wp-content\/uploads\/2015\/11\/SAM_9442_ergebnis-624x468.jpg 624w\" sizes=\"auto, (max-width: 800px) 100vw, 800px\" \/><\/a><\/p>\n<p><span style=\"font-family: Verdana,sans-serif;\">Tagesstrecke: 200 km<br \/>\n<\/span><\/p>\n<p>&nbsp;<\/p>\n<p><span style=\"font-family: Verdana,sans-serif;\"><b>Sonntag, 04.08.2013<\/b> <\/span><\/p>\n<p><span style=\"font-family: Verdana,sans-serif;\">Der Wind noch st\u00e4rker als gestern. Es ist auch kein B\u00e4cker auf den Platz gekommen. Ich habe f\u00fcr uns Brot im Ort besorgt (1,5 km bergauf). Nach dem Fr\u00fchst\u00fcck sind wir beide dann mit dem Fahrrad hoch nach Plouarzel zu einem heute stattfindenden Flohmarkt gefahren. Es gab tolle Angebote.<\/span><\/p>\n<p><a href=\"https:\/\/olu-limburg.de\/wp-content\/uploads\/2015\/11\/SAM_9447_ergebnis.jpg\"><img loading=\"lazy\" decoding=\"async\" class=\"size-full wp-image-4097 aligncenter\" src=\"https:\/\/olu-limburg.de\/wp-content\/uploads\/2015\/11\/SAM_9447_ergebnis.jpg\" alt=\"SAM_9447_ergebnis\" width=\"800\" height=\"600\" srcset=\"https:\/\/olu-limburg.de\/wp-content\/uploads\/2015\/11\/SAM_9447_ergebnis.jpg 800w, https:\/\/olu-limburg.de\/wp-content\/uploads\/2015\/11\/SAM_9447_ergebnis-300x225.jpg 300w, https:\/\/olu-limburg.de\/wp-content\/uploads\/2015\/11\/SAM_9447_ergebnis-624x468.jpg 624w\" sizes=\"auto, (max-width: 800px) 100vw, 800px\" \/><\/a><\/p>\n<p><span style=\"font-family: Verdana,sans-serif;\">Nach einem etwas versp\u00e4teten Mittagessen und der angemessenen Ruhezeit gehen wir jetzt zu einer Musikveranstaltung in einer Bar am Hafen. Ein lokaler S\u00e4nger bereitet uns einen sch\u00f6nen Abend mit franz\u00f6sischen Chansons.<\/span><\/p>\n<p><a href=\"https:\/\/olu-limburg.de\/wp-content\/uploads\/2015\/11\/SAM_0530_ergebnis.jpg\"><img loading=\"lazy\" decoding=\"async\" class=\"size-full wp-image-4099 aligncenter\" src=\"https:\/\/olu-limburg.de\/wp-content\/uploads\/2015\/11\/SAM_0530_ergebnis.jpg\" alt=\"SAM_0530_ergebnis\" width=\"800\" height=\"600\" srcset=\"https:\/\/olu-limburg.de\/wp-content\/uploads\/2015\/11\/SAM_0530_ergebnis.jpg 800w, https:\/\/olu-limburg.de\/wp-content\/uploads\/2015\/11\/SAM_0530_ergebnis-300x225.jpg 300w, https:\/\/olu-limburg.de\/wp-content\/uploads\/2015\/11\/SAM_0530_ergebnis-624x468.jpg 624w\" sizes=\"auto, (max-width: 800px) 100vw, 800px\" \/><\/a><\/p>\n<p><a href=\"https:\/\/olu-limburg.de\/wp-content\/uploads\/2015\/11\/SAM_9459_ergebnis.jpg\"><img loading=\"lazy\" decoding=\"async\" class=\"size-full wp-image-4101 aligncenter\" src=\"https:\/\/olu-limburg.de\/wp-content\/uploads\/2015\/11\/SAM_9459_ergebnis.jpg\" alt=\"SAM_9459_ergebnis\" width=\"800\" height=\"600\" srcset=\"https:\/\/olu-limburg.de\/wp-content\/uploads\/2015\/11\/SAM_9459_ergebnis.jpg 800w, https:\/\/olu-limburg.de\/wp-content\/uploads\/2015\/11\/SAM_9459_ergebnis-300x225.jpg 300w, https:\/\/olu-limburg.de\/wp-content\/uploads\/2015\/11\/SAM_9459_ergebnis-624x468.jpg 624w\" sizes=\"auto, (max-width: 800px) 100vw, 800px\" \/><\/a><\/p>\n<p><span style=\"font-family: Verdana,sans-serif;\">Tagesstrecke: 0 km<\/span><\/p>\n<p>&nbsp;<\/p>\n<p><b><span style=\"font-family: Verdana,sans-serif;\">Montag, 05.08.2013<\/span><\/b><\/p>\n<p><span style=\"font-family: Verdana,sans-serif;\">Der erste Blick aus dem Fenster bringt die Erkenntnis, dass sich die Sonne hinter Wolken versteckt hat. Es ist auch k\u00fchler geworden. Die Radtour zum B\u00e4cker schenke ich mir. Wir backen uns Br\u00f6tchen auf.<\/span><\/p>\n<p><span style=\"font-family: Verdana,sans-serif;\">Bei der Weiterfahrt in n\u00f6rdlicher Richtung versuchen wir, soweit m\u00f6glich, an der K\u00fcste zu bleiben, um die Sch\u00f6nheit der Aber, diese tiefen Einschnitte in das Land, zu genie\u00dfen. Daf\u00fcr nehmen wir gerne ein paar mehr Kilometer in Kauf.<\/span><\/p>\n<p><a href=\"https:\/\/olu-limburg.de\/wp-content\/uploads\/2015\/11\/SAM_9466_ergebnis.jpg\"><img loading=\"lazy\" decoding=\"async\" class=\"size-full wp-image-4106 aligncenter\" src=\"https:\/\/olu-limburg.de\/wp-content\/uploads\/2015\/11\/SAM_9466_ergebnis.jpg\" alt=\"SAM_9466_ergebnis\" width=\"800\" height=\"600\" srcset=\"https:\/\/olu-limburg.de\/wp-content\/uploads\/2015\/11\/SAM_9466_ergebnis.jpg 800w, https:\/\/olu-limburg.de\/wp-content\/uploads\/2015\/11\/SAM_9466_ergebnis-300x225.jpg 300w, https:\/\/olu-limburg.de\/wp-content\/uploads\/2015\/11\/SAM_9466_ergebnis-624x468.jpg 624w\" sizes=\"auto, (max-width: 800px) 100vw, 800px\" \/><\/a><\/p>\n<p><span style=\"font-family: Verdana,sans-serif;\">Bei der Umrundung des Aber Ildift steht uns auch mal wieder die nicht so einfache Durchquerung des kleinen Ortes Lanildut bevor. Eigentlich kann hier auf der Stra\u00dfe nur ein Auto bequem durchfahren. Damals stand mir ein Bus gegen\u00fcber und auf der Beifahrerseite begrenzte ein Blumencontainer aus Beton meine Ausweichm\u00f6glichkeit, und hinter mir war schon eine Schlange weiterer Autos, eine &#8222;wunderbare&#8220; und schwei\u00dftreibende Situation.<\/span><\/p>\n<p><span style=\"font-family: Verdana,sans-serif;\">Heute parken wir erst einmal am Beginn des Ortes. Das Wetter hat sich gebessert. Die Aussicht auf den Aber ist herrlich. Es gibt auch ein sch\u00f6nes Lokal mit Men\u00fc f\u00fcr EUR 11,00. Vielleicht landen wir ja sp\u00e4ter hier.<\/span><\/p>\n<div id=\"attachment_4103\" style=\"width: 810px\" class=\"wp-caption aligncenter\"><a href=\"https:\/\/olu-limburg.de\/wp-content\/uploads\/2015\/11\/SAM_9460_ergebnis.jpg\"><img loading=\"lazy\" decoding=\"async\" aria-describedby=\"caption-attachment-4103\" class=\"wp-image-4103 size-full\" src=\"https:\/\/olu-limburg.de\/wp-content\/uploads\/2015\/11\/SAM_9460_ergebnis.jpg\" alt=\"SAM_9460_ergebnis\" width=\"800\" height=\"600\" srcset=\"https:\/\/olu-limburg.de\/wp-content\/uploads\/2015\/11\/SAM_9460_ergebnis.jpg 800w, https:\/\/olu-limburg.de\/wp-content\/uploads\/2015\/11\/SAM_9460_ergebnis-300x225.jpg 300w, https:\/\/olu-limburg.de\/wp-content\/uploads\/2015\/11\/SAM_9460_ergebnis-624x468.jpg 624w\" sizes=\"auto, (max-width: 800px) 100vw, 800px\" \/><\/a><p id=\"caption-attachment-4103\" class=\"wp-caption-text\">Ist das nicht sch\u00f6n, auch wenn das Wasser rausgelaufen ist?<\/p><\/div>\n<p><a href=\"https:\/\/olu-limburg.de\/wp-content\/uploads\/2015\/11\/SAM_9462_ergebnis.jpg\"><img loading=\"lazy\" decoding=\"async\" class=\"size-full wp-image-4104 aligncenter\" src=\"https:\/\/olu-limburg.de\/wp-content\/uploads\/2015\/11\/SAM_9462_ergebnis.jpg\" alt=\"SAM_9462_ergebnis\" width=\"800\" height=\"600\" srcset=\"https:\/\/olu-limburg.de\/wp-content\/uploads\/2015\/11\/SAM_9462_ergebnis.jpg 800w, https:\/\/olu-limburg.de\/wp-content\/uploads\/2015\/11\/SAM_9462_ergebnis-300x225.jpg 300w, https:\/\/olu-limburg.de\/wp-content\/uploads\/2015\/11\/SAM_9462_ergebnis-624x468.jpg 624w\" sizes=\"auto, (max-width: 800px) 100vw, 800px\" \/><\/a><\/p>\n<p><span style=\"font-family: Verdana,sans-serif;\">Pl\u00f6tzlich h\u00f6ren wir vom Wind heran gewehte Fetzen von Gesang und Musik. Wir folgen diesen Kl\u00e4ngen und landen im Hafen. Das \u00f6rtliche &#8222;Office de Tourisme&#8220; bietet seinen neu angekommenen Touristen einen &#8222;Pot d&#8217;Accueil&#8220;, einen Begr\u00fc\u00dfungstrunk mit regionalen H\u00e4ppchen, Tombola und Musik. Leider gewinnen wir nicht die \u00dcberfahrt zur Insel Ouessant, daf\u00fcr sind wir aber satt.<\/span><\/p>\n<p><a href=\"https:\/\/olu-limburg.de\/wp-content\/uploads\/2015\/11\/SAM_9465_ergebnis.jpg\"><img loading=\"lazy\" decoding=\"async\" class=\"size-full wp-image-4105 aligncenter\" src=\"https:\/\/olu-limburg.de\/wp-content\/uploads\/2015\/11\/SAM_9465_ergebnis.jpg\" alt=\"SAM_9465_ergebnis\" width=\"800\" height=\"600\" srcset=\"https:\/\/olu-limburg.de\/wp-content\/uploads\/2015\/11\/SAM_9465_ergebnis.jpg 800w, https:\/\/olu-limburg.de\/wp-content\/uploads\/2015\/11\/SAM_9465_ergebnis-300x225.jpg 300w, https:\/\/olu-limburg.de\/wp-content\/uploads\/2015\/11\/SAM_9465_ergebnis-624x468.jpg 624w\" sizes=\"auto, (max-width: 800px) 100vw, 800px\" \/><\/a><\/p>\n<p><span style=\"font-family: Verdana,sans-serif;\">Das Men\u00fc kann uns nun nicht mehr reizen. Also fahren wir weiter. Diesmal haben wir Gl\u00fcck und sind die Einzigen auf der Stra\u00dfe. Der Weg an der K\u00fcste entlang \u00fcber Porspoder, Halbinsel St. Laurent, Argenton und\u00a0 die Chapelle St. Samson war sehr sch\u00f6n. An der Stra\u00dfe entlang gab es auch sehr viele Parkpl\u00e4tze ohne Einschr\u00e4nkungen, die zum \u00dcbernachten M\u00f6glichkeiten boten.<\/span><\/p>\n<p><a href=\"https:\/\/olu-limburg.de\/wp-content\/uploads\/2015\/11\/SAM_9477_ergebnis.jpg\"><img loading=\"lazy\" decoding=\"async\" class=\"size-full wp-image-4107 aligncenter\" src=\"https:\/\/olu-limburg.de\/wp-content\/uploads\/2015\/11\/SAM_9477_ergebnis.jpg\" alt=\"SAM_9477_ergebnis\" width=\"800\" height=\"600\" srcset=\"https:\/\/olu-limburg.de\/wp-content\/uploads\/2015\/11\/SAM_9477_ergebnis.jpg 800w, https:\/\/olu-limburg.de\/wp-content\/uploads\/2015\/11\/SAM_9477_ergebnis-300x225.jpg 300w, https:\/\/olu-limburg.de\/wp-content\/uploads\/2015\/11\/SAM_9477_ergebnis-624x468.jpg 624w\" sizes=\"auto, (max-width: 800px) 100vw, 800px\" \/><\/a><\/p>\n<p><a href=\"https:\/\/olu-limburg.de\/wp-content\/uploads\/2015\/11\/SAM_9474_ergebnis.jpg\"><img loading=\"lazy\" decoding=\"async\" class=\"size-full wp-image-4102 aligncenter\" src=\"https:\/\/olu-limburg.de\/wp-content\/uploads\/2015\/11\/SAM_9474_ergebnis.jpg\" alt=\"SAM_9474_ergebnis\" width=\"800\" height=\"600\" srcset=\"https:\/\/olu-limburg.de\/wp-content\/uploads\/2015\/11\/SAM_9474_ergebnis.jpg 800w, https:\/\/olu-limburg.de\/wp-content\/uploads\/2015\/11\/SAM_9474_ergebnis-300x225.jpg 300w, https:\/\/olu-limburg.de\/wp-content\/uploads\/2015\/11\/SAM_9474_ergebnis-624x468.jpg 624w\" sizes=\"auto, (max-width: 800px) 100vw, 800px\" \/><\/a><\/p>\n<p><a href=\"https:\/\/olu-limburg.de\/wp-content\/uploads\/2015\/11\/SAM_9480_ergebnis.jpg\"><img loading=\"lazy\" decoding=\"async\" class=\"size-full wp-image-4108 aligncenter\" src=\"https:\/\/olu-limburg.de\/wp-content\/uploads\/2015\/11\/SAM_9480_ergebnis.jpg\" alt=\"SAM_9480_ergebnis\" width=\"800\" height=\"600\" srcset=\"https:\/\/olu-limburg.de\/wp-content\/uploads\/2015\/11\/SAM_9480_ergebnis.jpg 800w, https:\/\/olu-limburg.de\/wp-content\/uploads\/2015\/11\/SAM_9480_ergebnis-300x225.jpg 300w, https:\/\/olu-limburg.de\/wp-content\/uploads\/2015\/11\/SAM_9480_ergebnis-624x468.jpg 624w\" sizes=\"auto, (max-width: 800px) 100vw, 800px\" \/><\/a><\/p>\n<p><a href=\"https:\/\/olu-limburg.de\/wp-content\/uploads\/2015\/11\/SAM_9491_ergebnis.jpg\"><img loading=\"lazy\" decoding=\"async\" class=\"size-full wp-image-4109 aligncenter\" src=\"https:\/\/olu-limburg.de\/wp-content\/uploads\/2015\/11\/SAM_9491_ergebnis.jpg\" alt=\"SAM_9491_ergebnis\" width=\"800\" height=\"600\" srcset=\"https:\/\/olu-limburg.de\/wp-content\/uploads\/2015\/11\/SAM_9491_ergebnis.jpg 800w, https:\/\/olu-limburg.de\/wp-content\/uploads\/2015\/11\/SAM_9491_ergebnis-300x225.jpg 300w, https:\/\/olu-limburg.de\/wp-content\/uploads\/2015\/11\/SAM_9491_ergebnis-624x468.jpg 624w\" sizes=\"auto, (max-width: 800px) 100vw, 800px\" \/><\/a><\/p>\n<p><span style=\"font-family: Verdana,sans-serif;\">In Portsall der Stellplatz liegt uns ein wenig zu weit ausserhalb vom Ort. Stattdessen fahren wir in den Hafen um uns einen kleinen \u00dcberblick zu verschaffen.<\/span><\/p>\n<p><span style=\"font-family: Verdana,sans-serif;\">Weiter geht es \u00fcber den Aber Benoit zum Yachthafen von Aber-Wrac&#8217;h. Hier gibt es einen kostenlosen Parkplatz f\u00fcr Wohnmobile mit wundersch\u00f6ner Aussicht. Am Hafen gibt es nur wenige Geb\u00e4ude. Aber eine Bar mit angegliedertem kleinen Lebensmittelverkauf (vor allem Brot) und einige Restaurants bieten alles was wir brauchen.<\/span><\/p>\n<p><a href=\"https:\/\/olu-limburg.de\/wp-content\/uploads\/2015\/11\/SAM_9515_ergebnis.jpg\"><img loading=\"lazy\" decoding=\"async\" class=\"size-full wp-image-4111 aligncenter\" src=\"https:\/\/olu-limburg.de\/wp-content\/uploads\/2015\/11\/SAM_9515_ergebnis.jpg\" alt=\"SAM_9515_ergebnis\" width=\"800\" height=\"600\" srcset=\"https:\/\/olu-limburg.de\/wp-content\/uploads\/2015\/11\/SAM_9515_ergebnis.jpg 800w, https:\/\/olu-limburg.de\/wp-content\/uploads\/2015\/11\/SAM_9515_ergebnis-300x225.jpg 300w, https:\/\/olu-limburg.de\/wp-content\/uploads\/2015\/11\/SAM_9515_ergebnis-624x468.jpg 624w\" sizes=\"auto, (max-width: 800px) 100vw, 800px\" \/><\/a><\/p>\n<p><a href=\"https:\/\/olu-limburg.de\/wp-content\/uploads\/2015\/11\/SAM_9519_ergebnis.jpg\"><img loading=\"lazy\" decoding=\"async\" class=\"size-full wp-image-4112 aligncenter\" src=\"https:\/\/olu-limburg.de\/wp-content\/uploads\/2015\/11\/SAM_9519_ergebnis.jpg\" alt=\"SAM_9519_ergebnis\" width=\"800\" height=\"600\" srcset=\"https:\/\/olu-limburg.de\/wp-content\/uploads\/2015\/11\/SAM_9519_ergebnis.jpg 800w, https:\/\/olu-limburg.de\/wp-content\/uploads\/2015\/11\/SAM_9519_ergebnis-300x225.jpg 300w, https:\/\/olu-limburg.de\/wp-content\/uploads\/2015\/11\/SAM_9519_ergebnis-624x468.jpg 624w\" sizes=\"auto, (max-width: 800px) 100vw, 800px\" \/><\/a><\/p>\n<p><span style=\"font-family: Verdana,sans-serif;\">So erliegen wir sofort dem Angebot eines Apero, bestehend aus drei Austern und einem Glas Wei\u00dfwein.<\/span><\/p>\n<p><a href=\"https:\/\/olu-limburg.de\/wp-content\/uploads\/2015\/11\/SAM_9513_ergebnis-e1447259115687.jpg\"><img loading=\"lazy\" decoding=\"async\" class=\"size-full wp-image-4110 aligncenter\" src=\"https:\/\/olu-limburg.de\/wp-content\/uploads\/2015\/11\/SAM_9513_ergebnis-e1447259115687.jpg\" alt=\"SAM_9513_ergebnis\" width=\"450\" height=\"600\" \/><\/a><\/p>\n<p><a href=\"https:\/\/olu-limburg.de\/wp-content\/uploads\/2015\/11\/SAM_9514_ergebnis.jpg\"><img loading=\"lazy\" decoding=\"async\" class=\"size-full wp-image-4113 aligncenter\" src=\"https:\/\/olu-limburg.de\/wp-content\/uploads\/2015\/11\/SAM_9514_ergebnis.jpg\" alt=\"SAM_9514_ergebnis\" width=\"800\" height=\"600\" srcset=\"https:\/\/olu-limburg.de\/wp-content\/uploads\/2015\/11\/SAM_9514_ergebnis.jpg 800w, https:\/\/olu-limburg.de\/wp-content\/uploads\/2015\/11\/SAM_9514_ergebnis-300x225.jpg 300w, https:\/\/olu-limburg.de\/wp-content\/uploads\/2015\/11\/SAM_9514_ergebnis-624x468.jpg 624w\" sizes=\"auto, (max-width: 800px) 100vw, 800px\" \/><\/a><\/p>\n<p><span style=\"font-family: Verdana,sans-serif;\">Abends landeten wir prompt wieder in diesem kleinen Lokal zu Fischsuppe und Moules frites f\u00fcr EUR 11,80. Dazu tranken wir eine gute Flasche bretonischen Cidre brut.<\/span><\/p>\n<p><span style=\"font-family: Verdana,sans-serif;\">Tagesstrecke: 58 km<\/span><\/p>\n<p>&nbsp;<\/p>\n<p><b><span style=\"font-family: Verdana,sans-serif;\">Dienstag, 06.08.2013<\/span><\/b><\/p>\n<p><span style=\"font-family: Verdana,sans-serif;\">Heute Nacht hat es noch etwas geregnet. Jetzt steht aber schon wieder die Sonne am Himmel und es wird warm. Deshalb fahren wir auch noch einmal etwas in westlicher Richtung auf die Aber Wrac&#8217;h vorgelagerte Presqu&#8217;ile de St.-Marguerite.\u00a0 Auf kleinen Stra\u00dfen erreichen wir einen Parkplatz an der K\u00fcste (ohne Einschr\u00e4nkungen). Von hier aus kann man durch die D\u00fcnen an der K\u00fcste entlang laufen und hat einen tollen Ausblick auf den Leuchtturm auf der L&#8217;Ile Vierge.<\/span><\/p>\n<p><a href=\"https:\/\/olu-limburg.de\/wp-content\/uploads\/2015\/11\/SAM_9528_ergebnis.jpg\"><img loading=\"lazy\" decoding=\"async\" class=\"size-full wp-image-4114 aligncenter\" src=\"https:\/\/olu-limburg.de\/wp-content\/uploads\/2015\/11\/SAM_9528_ergebnis.jpg\" alt=\"SAM_9528_ergebnis\" width=\"800\" height=\"600\" srcset=\"https:\/\/olu-limburg.de\/wp-content\/uploads\/2015\/11\/SAM_9528_ergebnis.jpg 800w, https:\/\/olu-limburg.de\/wp-content\/uploads\/2015\/11\/SAM_9528_ergebnis-300x225.jpg 300w, https:\/\/olu-limburg.de\/wp-content\/uploads\/2015\/11\/SAM_9528_ergebnis-624x468.jpg 624w\" sizes=\"auto, (max-width: 800px) 100vw, 800px\" \/><\/a><\/p>\n<p><a href=\"https:\/\/olu-limburg.de\/wp-content\/uploads\/2015\/11\/SAM_9529_ergebnis.jpg\"><img loading=\"lazy\" decoding=\"async\" class=\"size-full wp-image-4115 aligncenter\" src=\"https:\/\/olu-limburg.de\/wp-content\/uploads\/2015\/11\/SAM_9529_ergebnis.jpg\" alt=\"SAM_9529_ergebnis\" width=\"800\" height=\"600\" srcset=\"https:\/\/olu-limburg.de\/wp-content\/uploads\/2015\/11\/SAM_9529_ergebnis.jpg 800w, https:\/\/olu-limburg.de\/wp-content\/uploads\/2015\/11\/SAM_9529_ergebnis-300x225.jpg 300w, https:\/\/olu-limburg.de\/wp-content\/uploads\/2015\/11\/SAM_9529_ergebnis-624x468.jpg 624w\" sizes=\"auto, (max-width: 800px) 100vw, 800px\" \/><\/a><\/p>\n<p><a href=\"https:\/\/olu-limburg.de\/wp-content\/uploads\/2015\/11\/SAM_0627_ergebnis.jpg\"><img loading=\"lazy\" decoding=\"async\" class=\"size-full wp-image-4100 aligncenter\" src=\"https:\/\/olu-limburg.de\/wp-content\/uploads\/2015\/11\/SAM_0627_ergebnis.jpg\" alt=\"SAM_0627_ergebnis\" width=\"800\" height=\"600\" srcset=\"https:\/\/olu-limburg.de\/wp-content\/uploads\/2015\/11\/SAM_0627_ergebnis.jpg 800w, https:\/\/olu-limburg.de\/wp-content\/uploads\/2015\/11\/SAM_0627_ergebnis-300x225.jpg 300w, https:\/\/olu-limburg.de\/wp-content\/uploads\/2015\/11\/SAM_0627_ergebnis-624x468.jpg 624w\" sizes=\"auto, (max-width: 800px) 100vw, 800px\" \/><\/a><\/p>\n<p><span style=\"font-family: Verdana,sans-serif;\">Nun geht es wieder in \u00f6stlicher Richtung. Hinter Lannilis \u00fcberqueren wir den Aber Wrac&#8217;h und fahren nach Lilia an die K\u00fcste(direkt davor liegt die L&#8217;Ile Vierge). Die Restaurants sagen uns nicht so zu. Au\u00dferdem ist die weitere Durchfahrt an der K\u00fcste entlang f\u00fcr Wohnmobile gesperrt. Also lassen wir in diesem Ort auch kein Geld.<br \/>\n<\/span><\/p>\n<p><span style=\"font-family: Verdana,sans-serif;\">Auch ein kurzer Abstecher in den benachbarten Port Perros bringt uns keinen Erfolg. Zur\u00fcck in Plougerneau finden wir aber in einer kleinen Gasse hinter der Kirche einen Ouvrier (Restaurant mit Mittagstisch f\u00fcr Arbeiter). Hier gibt es ein Vorspeisenbuffet, Moules frites bzw. Rinderhackfleischkl\u00f6\u00dfchen in Tomatenso\u00dfe und Nudeln, Dessert und Wein f\u00fcr EUR 11,80.<\/span><\/p>\n<p><span style=\"font-family: Verdana,sans-serif;\">So gest\u00e4rkt fahren wir \u00fcber Guiss\u00e9ny nach Goulven und landen auf einem Stellplatz mit V+E (Mini-Camping mit Strom, Dusche und Toilette f\u00fcr eine Geb\u00fchr von EUR 5,00 zuz\u00fcgl. 22 Cents Taxe de Sejours.<\/span><\/p>\n<p><a href=\"https:\/\/olu-limburg.de\/wp-content\/uploads\/2015\/11\/SAM_9560_ergebnis.jpg\"><img loading=\"lazy\" decoding=\"async\" class=\"size-full wp-image-4116 aligncenter\" src=\"https:\/\/olu-limburg.de\/wp-content\/uploads\/2015\/11\/SAM_9560_ergebnis.jpg\" alt=\"SAM_9560_ergebnis\" width=\"800\" height=\"600\" srcset=\"https:\/\/olu-limburg.de\/wp-content\/uploads\/2015\/11\/SAM_9560_ergebnis.jpg 800w, https:\/\/olu-limburg.de\/wp-content\/uploads\/2015\/11\/SAM_9560_ergebnis-300x225.jpg 300w, https:\/\/olu-limburg.de\/wp-content\/uploads\/2015\/11\/SAM_9560_ergebnis-624x468.jpg 624w\" sizes=\"auto, (max-width: 800px) 100vw, 800px\" \/><\/a><\/p>\n<p><span style=\"font-family: Verdana,sans-serif;\">Im Ort selbst gibt es au\u00dfer einer sehr sch\u00f6nen und beeindruckenden Kirche nichts. Die Creperie in einer Gem\u00e4lde-Galerie liegt ganz sch\u00f6n. Wir waren aber nicht drin, daf\u00fcr haben wir aber einen Radausflug in das vorgelagerte Ploun\u00e9our-Trez mit einer kurzen Runde an der K\u00fcste entlang unternommen.<\/span><\/p>\n<p><a href=\"https:\/\/olu-limburg.de\/wp-content\/uploads\/2015\/11\/SAM_9539_ergebnis.jpg\"><img loading=\"lazy\" decoding=\"async\" class=\"size-full wp-image-4198 aligncenter\" src=\"https:\/\/olu-limburg.de\/wp-content\/uploads\/2015\/11\/SAM_9539_ergebnis.jpg\" alt=\"SAM_9539_ergebnis\" width=\"800\" height=\"600\" srcset=\"https:\/\/olu-limburg.de\/wp-content\/uploads\/2015\/11\/SAM_9539_ergebnis.jpg 800w, https:\/\/olu-limburg.de\/wp-content\/uploads\/2015\/11\/SAM_9539_ergebnis-300x225.jpg 300w, https:\/\/olu-limburg.de\/wp-content\/uploads\/2015\/11\/SAM_9539_ergebnis-624x468.jpg 624w\" sizes=\"auto, (max-width: 800px) 100vw, 800px\" \/><\/a><\/p>\n<p><a href=\"https:\/\/olu-limburg.de\/wp-content\/uploads\/2015\/11\/SAM_9543_ergebnis.jpg\"><img loading=\"lazy\" decoding=\"async\" class=\"size-full wp-image-4199 aligncenter\" src=\"https:\/\/olu-limburg.de\/wp-content\/uploads\/2015\/11\/SAM_9543_ergebnis.jpg\" alt=\"SAM_9543_ergebnis\" width=\"800\" height=\"600\" srcset=\"https:\/\/olu-limburg.de\/wp-content\/uploads\/2015\/11\/SAM_9543_ergebnis.jpg 800w, https:\/\/olu-limburg.de\/wp-content\/uploads\/2015\/11\/SAM_9543_ergebnis-300x225.jpg 300w, https:\/\/olu-limburg.de\/wp-content\/uploads\/2015\/11\/SAM_9543_ergebnis-624x468.jpg 624w\" sizes=\"auto, (max-width: 800px) 100vw, 800px\" \/><\/a><\/p>\n<p><a href=\"https:\/\/olu-limburg.de\/wp-content\/uploads\/2015\/11\/SAM_9546_ergebnis.jpg\"><img loading=\"lazy\" decoding=\"async\" class=\"size-full wp-image-4200 aligncenter\" src=\"https:\/\/olu-limburg.de\/wp-content\/uploads\/2015\/11\/SAM_9546_ergebnis.jpg\" alt=\"SAM_9546_ergebnis\" width=\"800\" height=\"600\" srcset=\"https:\/\/olu-limburg.de\/wp-content\/uploads\/2015\/11\/SAM_9546_ergebnis.jpg 800w, https:\/\/olu-limburg.de\/wp-content\/uploads\/2015\/11\/SAM_9546_ergebnis-300x225.jpg 300w, https:\/\/olu-limburg.de\/wp-content\/uploads\/2015\/11\/SAM_9546_ergebnis-624x468.jpg 624w\" sizes=\"auto, (max-width: 800px) 100vw, 800px\" \/><\/a><\/p>\n<p><a href=\"https:\/\/olu-limburg.de\/wp-content\/uploads\/2015\/11\/SAM_9553_ergebnis.jpg\"><img loading=\"lazy\" decoding=\"async\" class=\"size-full wp-image-4201 aligncenter\" src=\"https:\/\/olu-limburg.de\/wp-content\/uploads\/2015\/11\/SAM_9553_ergebnis.jpg\" alt=\"SAM_9553_ergebnis\" width=\"800\" height=\"600\" srcset=\"https:\/\/olu-limburg.de\/wp-content\/uploads\/2015\/11\/SAM_9553_ergebnis.jpg 800w, https:\/\/olu-limburg.de\/wp-content\/uploads\/2015\/11\/SAM_9553_ergebnis-300x225.jpg 300w, https:\/\/olu-limburg.de\/wp-content\/uploads\/2015\/11\/SAM_9553_ergebnis-624x468.jpg 624w\" sizes=\"auto, (max-width: 800px) 100vw, 800px\" \/><\/a><\/p>\n<p><span style=\"font-family: Verdana,sans-serif;\">Tagesstrecke: 61 km<\/span><\/p>\n<p>&nbsp;<\/p>\n<p><b><span style=\"font-family: Verdana,sans-serif;\">Mittwoch, 07.08.2013<\/span><\/b><\/p>\n<p><span style=\"font-family: Verdana,sans-serif;\">Der kleine Supermarkt mit dem Depot de Pain hat mittwochs nicht auf. Also geht es ohne frisches Brot den gef\u00fchlten Kilometer wieder erfolglos zu Fu\u00df zur\u00fcck. Zum Gl\u00fcck haben wir noch gen\u00fcgend zu essen im Womo.<\/span><\/p>\n<p><a href=\"https:\/\/olu-limburg.de\/wp-content\/uploads\/2015\/11\/SAM_9575_ergebnis-e1447583341319.jpg\"><img loading=\"lazy\" decoding=\"async\" class=\"size-full wp-image-4202 aligncenter\" src=\"https:\/\/olu-limburg.de\/wp-content\/uploads\/2015\/11\/SAM_9575_ergebnis-e1447583341319.jpg\" alt=\"SAM_9575_ergebnis\" width=\"450\" height=\"600\" \/><\/a><\/p>\n<p><a href=\"https:\/\/olu-limburg.de\/wp-content\/uploads\/2015\/11\/SAM_9577_ergebnis.jpg\"><img loading=\"lazy\" decoding=\"async\" class=\"size-full wp-image-4203 aligncenter\" src=\"https:\/\/olu-limburg.de\/wp-content\/uploads\/2015\/11\/SAM_9577_ergebnis.jpg\" alt=\"SAM_9577_ergebnis\" width=\"800\" height=\"600\" srcset=\"https:\/\/olu-limburg.de\/wp-content\/uploads\/2015\/11\/SAM_9577_ergebnis.jpg 800w, https:\/\/olu-limburg.de\/wp-content\/uploads\/2015\/11\/SAM_9577_ergebnis-300x225.jpg 300w, https:\/\/olu-limburg.de\/wp-content\/uploads\/2015\/11\/SAM_9577_ergebnis-624x468.jpg 624w\" sizes=\"auto, (max-width: 800px) 100vw, 800px\" \/><\/a><\/p>\n<p><span style=\"font-family: Verdana,sans-serif;\">Bevor wir weiter fahren besichtigen wir noch die Kirche in Goulven. Die folgende Fahrt, bei der wir letztendlich auf dem Stellplatz in St.-Pol-de-Leon landen, k\u00f6nnte man genau so gut auch als Besichtigungstour von unerf\u00fcllten Stellplatztr\u00e4umen ansehen.<br \/>\n<\/span><\/p>\n<p><span style=\"font-family: Verdana,sans-serif;\">Der Stellplatz bei der Cr\u00eaperie in Santec ist wie ein kleines Gef\u00e4ngnis von Mauern eingez\u00e4unt. Der Stellplatz au\u00dferhalb von Laber, einem kleinen Ort \u00f6stlich von Roskoff, liegt an einer Bucht z. Zt. ohne Wasser direkt an der Stra\u00dfe. In Roscoff der Stellplatz ist geschlossen. Zu dem Stellplatz mit V+E in St. Pol (Geb\u00fchr EUR 5,00 f\u00fcr 24 Std.) gibt es zwar eine umst\u00e4ndliche Anfahrt, doch finden wir noch einen Platz in der ersten Reihe zur Bucht.<\/span><\/p>\n<p><a href=\"https:\/\/olu-limburg.de\/wp-content\/uploads\/2015\/11\/SAM_9580_ergebnis.jpg\"><img loading=\"lazy\" decoding=\"async\" class=\"size-full wp-image-4204 aligncenter\" src=\"https:\/\/olu-limburg.de\/wp-content\/uploads\/2015\/11\/SAM_9580_ergebnis.jpg\" alt=\"SAM_9580_ergebnis\" width=\"800\" height=\"600\" srcset=\"https:\/\/olu-limburg.de\/wp-content\/uploads\/2015\/11\/SAM_9580_ergebnis.jpg 800w, https:\/\/olu-limburg.de\/wp-content\/uploads\/2015\/11\/SAM_9580_ergebnis-300x225.jpg 300w, https:\/\/olu-limburg.de\/wp-content\/uploads\/2015\/11\/SAM_9580_ergebnis-624x468.jpg 624w\" sizes=\"auto, (max-width: 800px) 100vw, 800px\" \/><\/a><\/p>\n<p><a href=\"https:\/\/olu-limburg.de\/wp-content\/uploads\/2015\/11\/SAM_9587_ergebnis.jpg\"><img loading=\"lazy\" decoding=\"async\" class=\"size-full wp-image-4206 aligncenter\" src=\"https:\/\/olu-limburg.de\/wp-content\/uploads\/2015\/11\/SAM_9587_ergebnis.jpg\" alt=\"SAM_9587_ergebnis\" width=\"800\" height=\"600\" srcset=\"https:\/\/olu-limburg.de\/wp-content\/uploads\/2015\/11\/SAM_9587_ergebnis.jpg 800w, https:\/\/olu-limburg.de\/wp-content\/uploads\/2015\/11\/SAM_9587_ergebnis-300x225.jpg 300w, https:\/\/olu-limburg.de\/wp-content\/uploads\/2015\/11\/SAM_9587_ergebnis-624x468.jpg 624w\" sizes=\"auto, (max-width: 800px) 100vw, 800px\" \/><\/a><\/p>\n<p><a href=\"https:\/\/olu-limburg.de\/wp-content\/uploads\/2015\/11\/SAM_9581_ergebnis.jpg\"><img loading=\"lazy\" decoding=\"async\" class=\"size-full wp-image-4205 aligncenter\" src=\"https:\/\/olu-limburg.de\/wp-content\/uploads\/2015\/11\/SAM_9581_ergebnis.jpg\" alt=\"SAM_9581_ergebnis\" width=\"800\" height=\"600\" srcset=\"https:\/\/olu-limburg.de\/wp-content\/uploads\/2015\/11\/SAM_9581_ergebnis.jpg 800w, https:\/\/olu-limburg.de\/wp-content\/uploads\/2015\/11\/SAM_9581_ergebnis-300x225.jpg 300w, https:\/\/olu-limburg.de\/wp-content\/uploads\/2015\/11\/SAM_9581_ergebnis-624x468.jpg 624w\" sizes=\"auto, (max-width: 800px) 100vw, 800px\" \/><\/a><\/p>\n<p><a href=\"https:\/\/olu-limburg.de\/wp-content\/uploads\/2015\/11\/SAM_9588_ergebnis.jpg\"><img loading=\"lazy\" decoding=\"async\" class=\"size-full wp-image-4207 aligncenter\" src=\"https:\/\/olu-limburg.de\/wp-content\/uploads\/2015\/11\/SAM_9588_ergebnis.jpg\" alt=\"SAM_9588_ergebnis\" width=\"800\" height=\"600\" srcset=\"https:\/\/olu-limburg.de\/wp-content\/uploads\/2015\/11\/SAM_9588_ergebnis.jpg 800w, https:\/\/olu-limburg.de\/wp-content\/uploads\/2015\/11\/SAM_9588_ergebnis-300x225.jpg 300w, https:\/\/olu-limburg.de\/wp-content\/uploads\/2015\/11\/SAM_9588_ergebnis-624x468.jpg 624w\" sizes=\"auto, (max-width: 800px) 100vw, 800px\" \/><\/a><\/p>\n<p><span style=\"font-family: Verdana,sans-serif;\">Tagesstrecke: 53 km<\/span><\/p>\n<p>&nbsp;<\/p>\n<p><span style=\"font-family: Verdana,sans-serif;\"><b>Donnerstag, 08.08.2013<\/b><br \/>\n<\/span><\/p>\n<p><span style=\"font-family: Verdana,sans-serif;\">Wir haben sehr ruhig und gut geschlafen. Leider ist der n\u00e4chste B\u00e4cker ca. 2 km entfernt. Deshalb hat es sich bei uns sehr gut bew\u00e4hrt, dass wir restliches Baguette in ca. 10 cm lange St\u00fccke schneiden und einfrieren. Bei Bedarf k\u00f6nnen sie dann ganz kurz aufgebacken werden.<\/span><\/p>\n<p><span style=\"font-family: Verdana,sans-serif;\">Vor der Weiterfahrt parken wir noch mal kurz oben in St. Pol und laufen ein wenig durch die Gassen zwischen den zwei Kirchen. Wovon die Kapelle Notre-Dame-de-Kreizker den h\u00f6chsten Kirchturm der Bretagne hat. Es lohnt aber auch ein Blick auf die alten Handwerks- bzw. Kaufmannsh\u00e4user.<\/span><\/p>\n<p><a href=\"https:\/\/olu-limburg.de\/wp-content\/uploads\/2015\/11\/SAM_9589_ergebnis-e1447583486442.jpg\"><img loading=\"lazy\" decoding=\"async\" class=\"size-full wp-image-4208 aligncenter\" src=\"https:\/\/olu-limburg.de\/wp-content\/uploads\/2015\/11\/SAM_9589_ergebnis-e1447583486442.jpg\" alt=\"SAM_9589_ergebnis\" width=\"450\" height=\"600\" \/><\/a><\/p>\n<p><a href=\"https:\/\/olu-limburg.de\/wp-content\/uploads\/2015\/11\/SAM_9598_ergebnis.jpg\"><img loading=\"lazy\" decoding=\"async\" class=\"size-full wp-image-4209 aligncenter\" src=\"https:\/\/olu-limburg.de\/wp-content\/uploads\/2015\/11\/SAM_9598_ergebnis.jpg\" alt=\"SAM_9598_ergebnis\" width=\"800\" height=\"600\" srcset=\"https:\/\/olu-limburg.de\/wp-content\/uploads\/2015\/11\/SAM_9598_ergebnis.jpg 800w, https:\/\/olu-limburg.de\/wp-content\/uploads\/2015\/11\/SAM_9598_ergebnis-300x225.jpg 300w, https:\/\/olu-limburg.de\/wp-content\/uploads\/2015\/11\/SAM_9598_ergebnis-624x468.jpg 624w\" sizes=\"auto, (max-width: 800px) 100vw, 800px\" \/><\/a> <a href=\"https:\/\/olu-limburg.de\/wp-content\/uploads\/2015\/11\/SAM_9599_ergebnis.jpg\"><img loading=\"lazy\" decoding=\"async\" class=\"wp-image-4210 aligncenter\" src=\"https:\/\/olu-limburg.de\/wp-content\/uploads\/2015\/11\/SAM_9599_ergebnis.jpg\" alt=\"SAM_9599_ergebnis\" width=\"450\" height=\"600\" srcset=\"https:\/\/olu-limburg.de\/wp-content\/uploads\/2015\/11\/SAM_9599_ergebnis.jpg 600w, https:\/\/olu-limburg.de\/wp-content\/uploads\/2015\/11\/SAM_9599_ergebnis-225x300.jpg 225w\" sizes=\"auto, (max-width: 450px) 100vw, 450px\" \/><\/a><\/p>\n<p><span style=\"font-family: Verdana,sans-serif;\">\u00dcber Morlaix geht es auf die N 12 bis Guingamp und von dort auf der Landstra\u00dfe \u00fcber Lanvollon nach Paimpol zum &#8222;Festival du Chant de Marin&#8220;. Hier soll es ab heute die ersten Wohnmobil-Stellpl\u00e4tze auf verschiedenen Wiesen um den Ort herum geben. Es ist ca. 15.00 Uhr als wir Paimpol erreichen, und wir rechnen so mit 20 bis 30 Wohnmobilen die vor uns vor Ort sind, da das Festival ja erst morgen los geht.<\/span><\/p>\n<p><span style=\"font-family: Verdana,sans-serif;\">Tja, die ersten beiden Pl\u00e4tze sind bereits mit insgesamt ca. 200 Wohnmobilen dicht. Wir stehen nun bei den ersten auf der kostenlosen Wiese von P 6. Hier zwar ohne V+E aber mit mehr Platz ums Womo herum. Eine Haltestelle f\u00fcr die kostenlose Navette (Pendelbus) ist direkt am Platz, und kann ab morgen genutzt werden.<br \/>\n<\/span><\/p>\n<p><span style=\"font-family: Verdana,sans-serif;\">Es ist wieder sehr hei\u00df geworden, und wir genie\u00dfen den Nachmittag unter unserer Markise. Dabei k\u00f6nnen wir die aus allen Richtungen herankommenden Wohnmobile bei ihrer Parkplatzsuche beobachten, und wie sie letztendlich doch die Wiese bei uns immer mehr bev\u00f6lkern.<\/span><\/p>\n<p>Am Sp\u00e4tnachmittag machen wir uns auf den Weg zum Hafen in Paimpol. Der direkte Weg ist vielleicht nicht mehr als 1,5 km. \u00dcberall kreiseln Wohnmobile, jeder erdenkliche Parkplatz ist belegt. Selbst in den Stra\u00dfen stehen bei etwaig vorhandenen Parkbuchten oder zwischen B\u00e4umen vereinzelt Wohnmobile.<\/p>\n<p>Um den Hafen werden bereits die Absperrungen vorbereitet. Trotzdem flie\u00dft der Verkehr noch durch die Hafenstra\u00dfen und Wohnmobile irren auf ihrem Weg zu dem eigentlichen Stellplatz beim Hafen (jetzt aber gesperrt) oder zur \u00cele de Br\u00e9hat durch die Stra\u00dfen.<\/p>\n<p><a href=\"https:\/\/olu-limburg.de\/wp-content\/uploads\/2015\/11\/SAM_9624_ergebnis.jpg\"><img loading=\"lazy\" decoding=\"async\" class=\"size-full wp-image-4212 aligncenter\" src=\"https:\/\/olu-limburg.de\/wp-content\/uploads\/2015\/11\/SAM_9624_ergebnis.jpg\" alt=\"SAM_9624_ergebnis\" width=\"800\" height=\"600\" srcset=\"https:\/\/olu-limburg.de\/wp-content\/uploads\/2015\/11\/SAM_9624_ergebnis.jpg 800w, https:\/\/olu-limburg.de\/wp-content\/uploads\/2015\/11\/SAM_9624_ergebnis-300x225.jpg 300w, https:\/\/olu-limburg.de\/wp-content\/uploads\/2015\/11\/SAM_9624_ergebnis-624x468.jpg 624w\" sizes=\"auto, (max-width: 800px) 100vw, 800px\" \/><\/a><\/p>\n<p><a href=\"https:\/\/olu-limburg.de\/wp-content\/uploads\/2015\/11\/SAM_9622_ergebnis-e1447583585681.jpg\"><img loading=\"lazy\" decoding=\"async\" class=\"size-full wp-image-4211 alignleft\" src=\"https:\/\/olu-limburg.de\/wp-content\/uploads\/2015\/11\/SAM_9622_ergebnis-e1447583585681.jpg\" alt=\"SAM_9622_ergebnis\" width=\"450\" height=\"600\" \/><\/a><\/p>\n<p><a href=\"https:\/\/olu-limburg.de\/wp-content\/uploads\/2015\/11\/SAM_9625_ergebnis-e1447526721103.jpg\"><img loading=\"lazy\" decoding=\"async\" class=\"size-full wp-image-4190 aligncenter\" src=\"https:\/\/olu-limburg.de\/wp-content\/uploads\/2015\/11\/SAM_9625_ergebnis-e1447526721103.jpg\" alt=\"SAM_9625_ergebnis\" width=\"450\" height=\"600\" \/><\/a><\/p>\n<p>Ab 18.00 Uhr gibt es mit Beginn der Flut das heutige Highlight. Ca. 200 alte Segelschiffe bis hin zum Dreimaster von 1769 kommen in den Hafen gesegelt; begr\u00fc\u00dft von mehreren tausend Menschen.<\/p>\n<div id=\"attachment_4191\" style=\"width: 810px\" class=\"wp-caption aligncenter\"><a href=\"https:\/\/olu-limburg.de\/wp-content\/uploads\/2015\/11\/SAM_9635_ergebnis.jpg\"><img loading=\"lazy\" decoding=\"async\" aria-describedby=\"caption-attachment-4191\" class=\"wp-image-4191 size-full\" src=\"https:\/\/olu-limburg.de\/wp-content\/uploads\/2015\/11\/SAM_9635_ergebnis.jpg\" alt=\"SAM_9635_ergebnis\" width=\"800\" height=\"600\" srcset=\"https:\/\/olu-limburg.de\/wp-content\/uploads\/2015\/11\/SAM_9635_ergebnis.jpg 800w, https:\/\/olu-limburg.de\/wp-content\/uploads\/2015\/11\/SAM_9635_ergebnis-300x225.jpg 300w, https:\/\/olu-limburg.de\/wp-content\/uploads\/2015\/11\/SAM_9635_ergebnis-624x468.jpg 624w\" sizes=\"auto, (max-width: 800px) 100vw, 800px\" \/><\/a><p id=\"caption-attachment-4191\" class=\"wp-caption-text\">Die Schiffe kreuzen vor der Bucht, bis die Flut einsetzt.<\/p><\/div>\n<p><a href=\"https:\/\/olu-limburg.de\/wp-content\/uploads\/2015\/11\/SAM_0731_ergebnis1.jpg\"><img loading=\"lazy\" decoding=\"async\" class=\"size-full wp-image-4188 aligncenter\" src=\"https:\/\/olu-limburg.de\/wp-content\/uploads\/2015\/11\/SAM_0731_ergebnis1.jpg\" alt=\"SAM_0731_ergebnis\" width=\"800\" height=\"600\" srcset=\"https:\/\/olu-limburg.de\/wp-content\/uploads\/2015\/11\/SAM_0731_ergebnis1.jpg 800w, https:\/\/olu-limburg.de\/wp-content\/uploads\/2015\/11\/SAM_0731_ergebnis1-300x225.jpg 300w, https:\/\/olu-limburg.de\/wp-content\/uploads\/2015\/11\/SAM_0731_ergebnis1-624x468.jpg 624w\" sizes=\"auto, (max-width: 800px) 100vw, 800px\" \/><\/a><\/p>\n<p><a href=\"https:\/\/olu-limburg.de\/wp-content\/uploads\/2015\/11\/SAM_9672_ergebnis.jpg\"><img loading=\"lazy\" decoding=\"async\" class=\"size-full wp-image-4193 aligncenter\" src=\"https:\/\/olu-limburg.de\/wp-content\/uploads\/2015\/11\/SAM_9672_ergebnis.jpg\" alt=\"SAM_9672_ergebnis\" width=\"800\" height=\"600\" srcset=\"https:\/\/olu-limburg.de\/wp-content\/uploads\/2015\/11\/SAM_9672_ergebnis.jpg 800w, https:\/\/olu-limburg.de\/wp-content\/uploads\/2015\/11\/SAM_9672_ergebnis-300x225.jpg 300w, https:\/\/olu-limburg.de\/wp-content\/uploads\/2015\/11\/SAM_9672_ergebnis-624x468.jpg 624w\" sizes=\"auto, (max-width: 800px) 100vw, 800px\" \/><\/a><\/p>\n<p><a href=\"https:\/\/olu-limburg.de\/wp-content\/uploads\/2015\/11\/SAM_9680_ergebnis.jpg\"><img loading=\"lazy\" decoding=\"async\" class=\"size-full wp-image-4194 aligncenter\" src=\"https:\/\/olu-limburg.de\/wp-content\/uploads\/2015\/11\/SAM_9680_ergebnis.jpg\" alt=\"SAM_9680_ergebnis\" width=\"800\" height=\"600\" srcset=\"https:\/\/olu-limburg.de\/wp-content\/uploads\/2015\/11\/SAM_9680_ergebnis.jpg 800w, https:\/\/olu-limburg.de\/wp-content\/uploads\/2015\/11\/SAM_9680_ergebnis-300x225.jpg 300w, https:\/\/olu-limburg.de\/wp-content\/uploads\/2015\/11\/SAM_9680_ergebnis-624x468.jpg 624w\" sizes=\"auto, (max-width: 800px) 100vw, 800px\" \/><\/a><\/p>\n<p><a href=\"https:\/\/olu-limburg.de\/wp-content\/uploads\/2015\/11\/SAM_9657_ergebnis.jpg\"><img loading=\"lazy\" decoding=\"async\" class=\"size-full wp-image-4192 aligncenter\" src=\"https:\/\/olu-limburg.de\/wp-content\/uploads\/2015\/11\/SAM_9657_ergebnis.jpg\" alt=\"SAM_9657_ergebnis\" width=\"800\" height=\"600\" srcset=\"https:\/\/olu-limburg.de\/wp-content\/uploads\/2015\/11\/SAM_9657_ergebnis.jpg 800w, https:\/\/olu-limburg.de\/wp-content\/uploads\/2015\/11\/SAM_9657_ergebnis-300x225.jpg 300w, https:\/\/olu-limburg.de\/wp-content\/uploads\/2015\/11\/SAM_9657_ergebnis-624x468.jpg 624w\" sizes=\"auto, (max-width: 800px) 100vw, 800px\" \/><\/a><\/p>\n<p><a href=\"https:\/\/olu-limburg.de\/wp-content\/uploads\/2015\/11\/SAM_9694_ergebnis-e1447526801224.jpg\"><img loading=\"lazy\" decoding=\"async\" class=\"size-full wp-image-4195 aligncenter\" src=\"https:\/\/olu-limburg.de\/wp-content\/uploads\/2015\/11\/SAM_9694_ergebnis-e1447526801224.jpg\" alt=\"SAM_9694_ergebnis\" width=\"450\" height=\"600\" \/><\/a><a href=\"https:\/\/olu-limburg.de\/wp-content\/uploads\/2015\/11\/SAM_0754_ergebnis1.jpg\"><img loading=\"lazy\" decoding=\"async\" class=\"size-full wp-image-4189 aligncenter\" src=\"https:\/\/olu-limburg.de\/wp-content\/uploads\/2015\/11\/SAM_0754_ergebnis1.jpg\" alt=\"SAM_0754_ergebnis\" width=\"800\" height=\"600\" srcset=\"https:\/\/olu-limburg.de\/wp-content\/uploads\/2015\/11\/SAM_0754_ergebnis1.jpg 800w, https:\/\/olu-limburg.de\/wp-content\/uploads\/2015\/11\/SAM_0754_ergebnis1-300x225.jpg 300w, https:\/\/olu-limburg.de\/wp-content\/uploads\/2015\/11\/SAM_0754_ergebnis1-624x468.jpg 624w\" sizes=\"auto, (max-width: 800px) 100vw, 800px\" \/><\/a><\/p>\n<p><span style=\"font-family: Verdana,sans-serif;\">Gegen 21.30 Uhr haben alle Schiffe nach hervorragender Pr\u00e4zisionsarbeit und Betreuung durch die Hafenverwaltung in dem kleinen Hafen ihren Anlegeplatz eingenommen und wir k\u00f6nnen uns wieder auf den R\u00fcckweg machen. \u00dcber unserem Platz herrscht eine himmlische Ruhe.<br \/>\n<\/span><\/p>\n<p><span style=\"font-family: Verdana,sans-serif;\">Tagesstrecke: 113 km<\/span><\/p>\n<p><b><span style=\"font-family: Verdana,sans-serif;\">Freitag, 09.08.2013<\/span><\/b><\/p>\n<p><span style=\"font-family: Verdana,sans-serif;\">Wir haben sehr gut geschlafen. Der Parkplatz (f\u00fcr ca. 200 Wohnmobile) ist jetzt fast voll. Ich fahre mit dem Fahrrad zum B\u00e4cker und hole Baguette und Croissants. Nach dem Mittagessen fahren wir mit dem Pendelbus zur Haltestelle am Bahnhof. Von dort sind es nur noch 250 m bis zum Hafen.<\/span><\/p>\n<p><span style=\"font-family: Verdana,sans-serif;\">Von \u00fcberall her str\u00f6men Menschen zum Hafen. Trotzdem gibt es kein Gedr\u00e4nge oder lange Schlangen (siehe Loreley). Kartenkontrolle und das Verpassen der verschiedenfarbigen B\u00e4ndchen erfolgt reibungslos hintereinander. Bis auf Glasflaschen und Alkohol bei Minderj\u00e4hrigen darf alles ohne gro\u00dfe Kontrollen mitgenommen werden. Es wird dabei an die Vernunft und die Einhaltung der Vorschriften appelliert. Wir sind bei Konzerten in Frankreich noch nie auf Getr\u00e4nke kontrolliert worden,ganz im Gegenteil zu Deutschland.<\/span><\/p>\n<p><a href=\"https:\/\/olu-limburg.de\/wp-content\/uploads\/2015\/11\/SAM_9736_ergebnis.jpg\"><img loading=\"lazy\" decoding=\"async\" class=\"size-full wp-image-4186 aligncenter\" src=\"https:\/\/olu-limburg.de\/wp-content\/uploads\/2015\/11\/SAM_9736_ergebnis.jpg\" alt=\"SAM_9736_ergebnis\" width=\"800\" height=\"600\" srcset=\"https:\/\/olu-limburg.de\/wp-content\/uploads\/2015\/11\/SAM_9736_ergebnis.jpg 800w, https:\/\/olu-limburg.de\/wp-content\/uploads\/2015\/11\/SAM_9736_ergebnis-300x225.jpg 300w, https:\/\/olu-limburg.de\/wp-content\/uploads\/2015\/11\/SAM_9736_ergebnis-624x468.jpg 624w\" sizes=\"auto, (max-width: 800px) 100vw, 800px\" \/><\/a><\/p>\n<p><span style=\"font-family: Verdana,sans-serif;\">Alle Schiffe sind mit bunten Wimpeln geschm\u00fcckt. Es ist ein herrliches buntes Treiben auf dem Wasser. Auf drei um das Hafenbecken verteilten B\u00fchnen gibt es schon Auftritte, die jeden Tag bis weit in die Nacht andauern.<\/span><\/p>\n<p><a href=\"https:\/\/olu-limburg.de\/wp-content\/uploads\/2015\/11\/SAM_9730_ergebnis-e1447525855974.jpg\"><img loading=\"lazy\" decoding=\"async\" class=\"size-full wp-image-4184 aligncenter\" src=\"https:\/\/olu-limburg.de\/wp-content\/uploads\/2015\/11\/SAM_9730_ergebnis-e1447525855974.jpg\" alt=\"SAM_9730_ergebnis\" width=\"450\" height=\"600\" \/><\/a><\/p>\n<p><a href=\"https:\/\/olu-limburg.de\/wp-content\/uploads\/2015\/11\/SAM_9727_ergebnis.jpg\"><img loading=\"lazy\" decoding=\"async\" class=\"size-full wp-image-4182 aligncenter\" src=\"https:\/\/olu-limburg.de\/wp-content\/uploads\/2015\/11\/SAM_9727_ergebnis.jpg\" alt=\"SAM_9727_ergebnis\" width=\"800\" height=\"600\" srcset=\"https:\/\/olu-limburg.de\/wp-content\/uploads\/2015\/11\/SAM_9727_ergebnis.jpg 800w, https:\/\/olu-limburg.de\/wp-content\/uploads\/2015\/11\/SAM_9727_ergebnis-300x225.jpg 300w, https:\/\/olu-limburg.de\/wp-content\/uploads\/2015\/11\/SAM_9727_ergebnis-624x468.jpg 624w\" sizes=\"auto, (max-width: 800px) 100vw, 800px\" \/><\/a><\/p>\n<p><a href=\"https:\/\/olu-limburg.de\/wp-content\/uploads\/2015\/11\/SAM_9728_ergebnis.jpg\"><img loading=\"lazy\" decoding=\"async\" class=\"size-full wp-image-4183 aligncenter\" src=\"https:\/\/olu-limburg.de\/wp-content\/uploads\/2015\/11\/SAM_9728_ergebnis.jpg\" alt=\"SAM_9728_ergebnis\" width=\"800\" height=\"600\" srcset=\"https:\/\/olu-limburg.de\/wp-content\/uploads\/2015\/11\/SAM_9728_ergebnis.jpg 800w, https:\/\/olu-limburg.de\/wp-content\/uploads\/2015\/11\/SAM_9728_ergebnis-300x225.jpg 300w, https:\/\/olu-limburg.de\/wp-content\/uploads\/2015\/11\/SAM_9728_ergebnis-624x468.jpg 624w\" sizes=\"auto, (max-width: 800px) 100vw, 800px\" \/><\/a><\/p>\n<p><a href=\"https:\/\/olu-limburg.de\/wp-content\/uploads\/2015\/11\/SAM_9732_ergebnis.jpg\"><img loading=\"lazy\" decoding=\"async\" class=\"size-full wp-image-4185 aligncenter\" src=\"https:\/\/olu-limburg.de\/wp-content\/uploads\/2015\/11\/SAM_9732_ergebnis.jpg\" alt=\"SAM_9732_ergebnis\" width=\"800\" height=\"600\" srcset=\"https:\/\/olu-limburg.de\/wp-content\/uploads\/2015\/11\/SAM_9732_ergebnis.jpg 800w, https:\/\/olu-limburg.de\/wp-content\/uploads\/2015\/11\/SAM_9732_ergebnis-300x225.jpg 300w, https:\/\/olu-limburg.de\/wp-content\/uploads\/2015\/11\/SAM_9732_ergebnis-624x468.jpg 624w\" sizes=\"auto, (max-width: 800px) 100vw, 800px\" \/><\/a><\/p>\n<p><a href=\"https:\/\/olu-limburg.de\/wp-content\/uploads\/2015\/11\/SAM_98271.jpg\"><img loading=\"lazy\" decoding=\"async\" class=\"size-full wp-image-4187 aligncenter\" src=\"https:\/\/olu-limburg.de\/wp-content\/uploads\/2015\/11\/SAM_98271.jpg\" alt=\"SAM_9827\" width=\"800\" height=\"600\" srcset=\"https:\/\/olu-limburg.de\/wp-content\/uploads\/2015\/11\/SAM_98271.jpg 800w, https:\/\/olu-limburg.de\/wp-content\/uploads\/2015\/11\/SAM_98271-300x225.jpg 300w, https:\/\/olu-limburg.de\/wp-content\/uploads\/2015\/11\/SAM_98271-624x468.jpg 624w\" sizes=\"auto, (max-width: 800px) 100vw, 800px\" \/><\/a><\/p>\n<p><span style=\"font-family: Verdana,sans-serif;\">Auf der B\u00fchne im Champ de Foire, wo wir gleich zum Auftritt von Tri Yann wollen, singen z. Zt. noch Les Marins d&#8217;Iroise. Auf der gro\u00dfen Wiese sitzen oder stehen die Menschen bis hinten hin. Sinnigerweise gab es von den Zeitungen in einem Paketpreis auch die kleinen Drei-Bein-Klappst\u00fchle.<\/span><\/p>\n<p><a href=\"https:\/\/olu-limburg.de\/wp-content\/uploads\/2015\/11\/SAM_9703_ergebnis.jpg\"><img loading=\"lazy\" decoding=\"async\" class=\"size-full wp-image-4174 aligncenter\" src=\"https:\/\/olu-limburg.de\/wp-content\/uploads\/2015\/11\/SAM_9703_ergebnis.jpg\" alt=\"SAM_9703_ergebnis\" width=\"800\" height=\"600\" srcset=\"https:\/\/olu-limburg.de\/wp-content\/uploads\/2015\/11\/SAM_9703_ergebnis.jpg 800w, https:\/\/olu-limburg.de\/wp-content\/uploads\/2015\/11\/SAM_9703_ergebnis-300x225.jpg 300w, https:\/\/olu-limburg.de\/wp-content\/uploads\/2015\/11\/SAM_9703_ergebnis-624x468.jpg 624w\" sizes=\"auto, (max-width: 800px) 100vw, 800px\" \/><\/a><\/p>\n<p><span style=\"font-family: Verdana,sans-serif;\">W\u00e4hrend der Umbaupause und den \u00fcblichen Umschichtungen schaffen wir es fast bis ganz vorne hin. Der Organisationsablauf klappt auf allen B\u00fchnen perfekt, und p\u00fcnktlich beginnt um 15.30 Uhr die bretonische Gruppe <a href=\"http:\/\/www.youtube.com\/watch?v=WxUoIxMA8lQ\">Tri Yann<\/a> ihr 40-Jahre-Jubil\u00e4umskonzert. Als G\u00e4ste traten noch mit auf: Louis Capart (bretonischer Chansonnier), Bernard Baudriller (ex-Tri Yann) und die Gruppe <a href=\"http:\/\/www.youtube.com\/watch?v=TgnFvsRc1cM\">Les Marins d&#8217;Iroise<\/a>. Es war ein wirklich gelungener Nachmittag.<\/span><\/p>\n<p><a href=\"https:\/\/olu-limburg.de\/wp-content\/uploads\/2015\/11\/SAM_9704_ergebnis.jpg\"><img loading=\"lazy\" decoding=\"async\" class=\"size-full wp-image-4175 aligncenter\" src=\"https:\/\/olu-limburg.de\/wp-content\/uploads\/2015\/11\/SAM_9704_ergebnis.jpg\" alt=\"SAM_9704_ergebnis\" width=\"800\" height=\"600\" srcset=\"https:\/\/olu-limburg.de\/wp-content\/uploads\/2015\/11\/SAM_9704_ergebnis.jpg 800w, https:\/\/olu-limburg.de\/wp-content\/uploads\/2015\/11\/SAM_9704_ergebnis-300x225.jpg 300w, https:\/\/olu-limburg.de\/wp-content\/uploads\/2015\/11\/SAM_9704_ergebnis-624x468.jpg 624w\" sizes=\"auto, (max-width: 800px) 100vw, 800px\" \/><\/a><\/p>\n<p><a href=\"https:\/\/olu-limburg.de\/wp-content\/uploads\/2015\/11\/SAM_9718_ergebnis-e1447524798320.jpg\"><img loading=\"lazy\" decoding=\"async\" class=\"size-full wp-image-4176 aligncenter\" src=\"https:\/\/olu-limburg.de\/wp-content\/uploads\/2015\/11\/SAM_9718_ergebnis-e1447524798320.jpg\" alt=\"SAM_9718_ergebnis\" width=\"450\" height=\"600\" \/><\/a><\/p>\n<p><a href=\"https:\/\/olu-limburg.de\/wp-content\/uploads\/2015\/11\/SAM_9726_ergebnis.jpg\"><img loading=\"lazy\" decoding=\"async\" class=\"size-full wp-image-4181 aligncenter\" src=\"https:\/\/olu-limburg.de\/wp-content\/uploads\/2015\/11\/SAM_9726_ergebnis.jpg\" alt=\"SAM_9726_ergebnis\" width=\"800\" height=\"600\" srcset=\"https:\/\/olu-limburg.de\/wp-content\/uploads\/2015\/11\/SAM_9726_ergebnis.jpg 800w, https:\/\/olu-limburg.de\/wp-content\/uploads\/2015\/11\/SAM_9726_ergebnis-300x225.jpg 300w, https:\/\/olu-limburg.de\/wp-content\/uploads\/2015\/11\/SAM_9726_ergebnis-624x468.jpg 624w\" sizes=\"auto, (max-width: 800px) 100vw, 800px\" \/><\/a><\/p>\n<p><a href=\"https:\/\/olu-limburg.de\/wp-content\/uploads\/2015\/11\/SAM_9722_ergebnis.jpg\"><img loading=\"lazy\" decoding=\"async\" class=\"size-full wp-image-4177 aligncenter\" src=\"https:\/\/olu-limburg.de\/wp-content\/uploads\/2015\/11\/SAM_9722_ergebnis.jpg\" alt=\"SAM_9722_ergebnis\" width=\"800\" height=\"600\" srcset=\"https:\/\/olu-limburg.de\/wp-content\/uploads\/2015\/11\/SAM_9722_ergebnis.jpg 800w, https:\/\/olu-limburg.de\/wp-content\/uploads\/2015\/11\/SAM_9722_ergebnis-300x225.jpg 300w, https:\/\/olu-limburg.de\/wp-content\/uploads\/2015\/11\/SAM_9722_ergebnis-624x468.jpg 624w\" sizes=\"auto, (max-width: 800px) 100vw, 800px\" \/><\/a><\/p>\n<p><span style=\"font-family: Verdana,sans-serif;\">Wir streifen noch ein wenig um den Hafen herum und nehmen die Stimmung mit den vielen Stra\u00dfengruppen um uns herum auf. Besonders lange blieben wir bei der Samba-Truppe <a href=\"http:\/\/www.youtube.com\/watch?v=KdnByMk1Iko\">Mul\u00eaket\u00fa<\/a> stehen.<\/span><\/p>\n<p><a href=\"https:\/\/olu-limburg.de\/wp-content\/uploads\/2015\/11\/SAM_9775_ergebnis.jpg\"><img loading=\"lazy\" decoding=\"async\" class=\"size-full wp-image-4179 aligncenter\" src=\"https:\/\/olu-limburg.de\/wp-content\/uploads\/2015\/11\/SAM_9775_ergebnis.jpg\" alt=\"SAM_9775_ergebnis\" width=\"800\" height=\"600\" srcset=\"https:\/\/olu-limburg.de\/wp-content\/uploads\/2015\/11\/SAM_9775_ergebnis.jpg 800w, https:\/\/olu-limburg.de\/wp-content\/uploads\/2015\/11\/SAM_9775_ergebnis-300x225.jpg 300w, https:\/\/olu-limburg.de\/wp-content\/uploads\/2015\/11\/SAM_9775_ergebnis-624x468.jpg 624w\" sizes=\"auto, (max-width: 800px) 100vw, 800px\" \/><\/a><\/p>\n<p><a href=\"https:\/\/olu-limburg.de\/wp-content\/uploads\/2015\/11\/SAM_9786_ergebnis.jpg\"><img loading=\"lazy\" decoding=\"async\" class=\"size-full wp-image-4180 aligncenter\" src=\"https:\/\/olu-limburg.de\/wp-content\/uploads\/2015\/11\/SAM_9786_ergebnis.jpg\" alt=\"SAM_9786_ergebnis\" width=\"800\" height=\"600\" srcset=\"https:\/\/olu-limburg.de\/wp-content\/uploads\/2015\/11\/SAM_9786_ergebnis.jpg 800w, https:\/\/olu-limburg.de\/wp-content\/uploads\/2015\/11\/SAM_9786_ergebnis-300x225.jpg 300w, https:\/\/olu-limburg.de\/wp-content\/uploads\/2015\/11\/SAM_9786_ergebnis-624x468.jpg 624w\" sizes=\"auto, (max-width: 800px) 100vw, 800px\" \/><\/a><\/p>\n<p><a href=\"https:\/\/olu-limburg.de\/wp-content\/uploads\/2015\/11\/SAM_9743_ergebnis-e1447524974733.jpg\"><img loading=\"lazy\" decoding=\"async\" class=\"size-full wp-image-4178 alignleft\" src=\"https:\/\/olu-limburg.de\/wp-content\/uploads\/2015\/11\/SAM_9743_ergebnis-e1447524974733.jpg\" alt=\"SAM_9743_ergebnis\" width=\"450\" height=\"600\" \/><\/a><\/p>\n<div id=\"attachment_4214\" style=\"width: 460px\" class=\"wp-caption aligncenter\"><a href=\"https:\/\/olu-limburg.de\/wp-content\/uploads\/2015\/11\/SAM_97331-e1447584161737.jpg\"><img loading=\"lazy\" decoding=\"async\" aria-describedby=\"caption-attachment-4214\" class=\"wp-image-4214 size-full\" src=\"https:\/\/olu-limburg.de\/wp-content\/uploads\/2015\/11\/SAM_97331-e1447584161737.jpg\" alt=\"SAM_9733\" width=\"450\" height=\"600\" \/><\/a><p id=\"caption-attachment-4214\" class=\"wp-caption-text\">So mancher hatte irgendwann genug.<\/p><\/div>\n<p>Zur St\u00e4rkung gibt es f\u00fcr uns Spie\u00dfe mit gegrillten Jakobsmuscheln. Lecker!!!<\/p>\n<p><a href=\"https:\/\/olu-limburg.de\/wp-content\/uploads\/2015\/11\/SAM_9750_ergebnis.jpg\"><img loading=\"lazy\" decoding=\"async\" class=\"size-full wp-image-4169 aligncenter\" src=\"https:\/\/olu-limburg.de\/wp-content\/uploads\/2015\/11\/SAM_9750_ergebnis.jpg\" alt=\"SAM_9750_ergebnis\" width=\"800\" height=\"600\" srcset=\"https:\/\/olu-limburg.de\/wp-content\/uploads\/2015\/11\/SAM_9750_ergebnis.jpg 800w, https:\/\/olu-limburg.de\/wp-content\/uploads\/2015\/11\/SAM_9750_ergebnis-300x225.jpg 300w, https:\/\/olu-limburg.de\/wp-content\/uploads\/2015\/11\/SAM_9750_ergebnis-624x468.jpg 624w\" sizes=\"auto, (max-width: 800px) 100vw, 800px\" \/><\/a><\/p>\n<p><a href=\"https:\/\/olu-limburg.de\/wp-content\/uploads\/2015\/11\/SAM_9764_ergebnis.jpg\"><img loading=\"lazy\" decoding=\"async\" class=\"size-full wp-image-4170 aligncenter\" src=\"https:\/\/olu-limburg.de\/wp-content\/uploads\/2015\/11\/SAM_9764_ergebnis.jpg\" alt=\"SAM_9764_ergebnis\" width=\"800\" height=\"600\" srcset=\"https:\/\/olu-limburg.de\/wp-content\/uploads\/2015\/11\/SAM_9764_ergebnis.jpg 800w, https:\/\/olu-limburg.de\/wp-content\/uploads\/2015\/11\/SAM_9764_ergebnis-300x225.jpg 300w, https:\/\/olu-limburg.de\/wp-content\/uploads\/2015\/11\/SAM_9764_ergebnis-624x468.jpg 624w\" sizes=\"auto, (max-width: 800px) 100vw, 800px\" \/><\/a><\/p>\n<div id=\"attachment_4171\" style=\"width: 460px\" class=\"wp-caption alignleft\"><a href=\"https:\/\/olu-limburg.de\/wp-content\/uploads\/2015\/11\/SAM_9765_ergebnis-e1447425437274.jpg\"><img loading=\"lazy\" decoding=\"async\" aria-describedby=\"caption-attachment-4171\" class=\"wp-image-4171 size-full\" src=\"https:\/\/olu-limburg.de\/wp-content\/uploads\/2015\/11\/SAM_9765_ergebnis-e1447425437274.jpg\" alt=\"SAM_9765_ergebnis\" width=\"450\" height=\"600\" \/><\/a><p id=\"caption-attachment-4171\" class=\"wp-caption-text\">Schweinshaxe bzw. Spie\u00dfe &#8230;<\/p><\/div>\n<div id=\"attachment_4168\" style=\"width: 460px\" class=\"wp-caption aligncenter\"><a href=\"https:\/\/olu-limburg.de\/wp-content\/uploads\/2015\/11\/SAM_9745_ergebnis-e1447425512416.jpg\"><img loading=\"lazy\" decoding=\"async\" aria-describedby=\"caption-attachment-4168\" class=\"wp-image-4168 size-full\" src=\"https:\/\/olu-limburg.de\/wp-content\/uploads\/2015\/11\/SAM_9745_ergebnis-e1447425512416.jpg\" alt=\"SAM_9745_ergebnis\" width=\"450\" height=\"600\" \/><\/a><p id=\"caption-attachment-4168\" class=\"wp-caption-text\">&#8230; oder am Platz ger\u00e4ucherten Fisch.<\/p><\/div>\n<p>Und noch ein Konzert: In einem Zirkuszelt spielt die bretonische Gruppe <a href=\"http:\/\/www.youtube.com\/watch?v=SZmlQ6nN79k\">Barzaz<\/a>, eine Mischung aus betonischem Folkrock und Fest-Noz-Gesang.<\/p>\n<p><a href=\"https:\/\/olu-limburg.de\/wp-content\/uploads\/2015\/11\/SAM_9760_ergebnis.jpg\"><img loading=\"lazy\" decoding=\"async\" class=\"size-full wp-image-4165 aligncenter\" src=\"https:\/\/olu-limburg.de\/wp-content\/uploads\/2015\/11\/SAM_9760_ergebnis.jpg\" alt=\"SAM_9760_ergebnis\" width=\"800\" height=\"600\" srcset=\"https:\/\/olu-limburg.de\/wp-content\/uploads\/2015\/11\/SAM_9760_ergebnis.jpg 800w, https:\/\/olu-limburg.de\/wp-content\/uploads\/2015\/11\/SAM_9760_ergebnis-300x225.jpg 300w, https:\/\/olu-limburg.de\/wp-content\/uploads\/2015\/11\/SAM_9760_ergebnis-624x468.jpg 624w\" sizes=\"auto, (max-width: 800px) 100vw, 800px\" \/><\/a><\/p>\n<p><a href=\"https:\/\/olu-limburg.de\/wp-content\/uploads\/2015\/11\/SAM_9757_ergebnis.jpg\"><img loading=\"lazy\" decoding=\"async\" class=\"size-full wp-image-4164 aligncenter\" src=\"https:\/\/olu-limburg.de\/wp-content\/uploads\/2015\/11\/SAM_9757_ergebnis.jpg\" alt=\"SAM_9757_ergebnis\" width=\"800\" height=\"600\" srcset=\"https:\/\/olu-limburg.de\/wp-content\/uploads\/2015\/11\/SAM_9757_ergebnis.jpg 800w, https:\/\/olu-limburg.de\/wp-content\/uploads\/2015\/11\/SAM_9757_ergebnis-300x225.jpg 300w, https:\/\/olu-limburg.de\/wp-content\/uploads\/2015\/11\/SAM_9757_ergebnis-624x468.jpg 624w\" sizes=\"auto, (max-width: 800px) 100vw, 800px\" \/><\/a><\/p>\n<p>Danach fahren wir erst einmal mit dem Navette wieder zum Wohnmobil. Erholung ist angesagt. Denn unseren n\u00e4chsten Auftrittstermin mit der japanischen Trommelgruppe<a href=\"http:\/\/www.youtube.com\/watch?v=C2uYNhxqlCk\"> Gocoo<\/a> haben wir um 00.45 Uhr.<\/p>\n<div id=\"attachment_4166\" style=\"width: 810px\" class=\"wp-caption aligncenter\"><a href=\"https:\/\/olu-limburg.de\/wp-content\/uploads\/2015\/11\/SAM_9789_ergebnis.jpg\"><img loading=\"lazy\" decoding=\"async\" aria-describedby=\"caption-attachment-4166\" class=\"size-full wp-image-4166\" src=\"https:\/\/olu-limburg.de\/wp-content\/uploads\/2015\/11\/SAM_9789_ergebnis.jpg\" alt=\"Unsere Busfahrerin nimmt sich eine kleine Kaffee- und Zigarettenpause. \" width=\"800\" height=\"600\" srcset=\"https:\/\/olu-limburg.de\/wp-content\/uploads\/2015\/11\/SAM_9789_ergebnis.jpg 800w, https:\/\/olu-limburg.de\/wp-content\/uploads\/2015\/11\/SAM_9789_ergebnis-300x225.jpg 300w, https:\/\/olu-limburg.de\/wp-content\/uploads\/2015\/11\/SAM_9789_ergebnis-624x468.jpg 624w\" sizes=\"auto, (max-width: 800px) 100vw, 800px\" \/><\/a><p id=\"caption-attachment-4166\" class=\"wp-caption-text\">Unsere Busfahrerin nimmt sich eine kleine Kaffee- und Zigarettenpause.<\/p><\/div>\n<div id=\"attachment_4167\" style=\"width: 810px\" class=\"wp-caption aligncenter\"><a href=\"https:\/\/olu-limburg.de\/wp-content\/uploads\/2015\/11\/SAM_9791_ergebnis.jpg\"><img loading=\"lazy\" decoding=\"async\" aria-describedby=\"caption-attachment-4167\" class=\"wp-image-4167 size-full\" src=\"https:\/\/olu-limburg.de\/wp-content\/uploads\/2015\/11\/SAM_9791_ergebnis.jpg\" alt=\"SAM_9791_ergebnis\" width=\"800\" height=\"600\" srcset=\"https:\/\/olu-limburg.de\/wp-content\/uploads\/2015\/11\/SAM_9791_ergebnis.jpg 800w, https:\/\/olu-limburg.de\/wp-content\/uploads\/2015\/11\/SAM_9791_ergebnis-300x225.jpg 300w, https:\/\/olu-limburg.de\/wp-content\/uploads\/2015\/11\/SAM_9791_ergebnis-624x468.jpg 624w\" sizes=\"auto, (max-width: 800px) 100vw, 800px\" \/><\/a><p id=\"caption-attachment-4167\" class=\"wp-caption-text\">Abendstimmung \u00fcber unserer Wiese.<\/p><\/div>\n<p>Gegen 23.30 Uhr begeben wir uns wieder an den Hafen, was ohne das Angebot der Navette gar nicht m\u00f6glich gewesen w\u00e4re. Der Aufbau von Gocoo zieht sich etwas l\u00e4nger hin. Es ist schon 01.15 Uhr als die ersten Trommelschl\u00e4ge dr\u00f6hnen. Danach wird aber ein wahres Feuerwerk mit den dicken Trommelst\u00f6cken entfacht. Es ist einfach gigantisch. Das Dr\u00f6hnen geht durch Mark und Bein. Leider m\u00fcssen wir schon vor dem Ende weg, damit wir unseren letzten Pendelbus erreichen.<\/p>\n<p><a href=\"https:\/\/olu-limburg.de\/wp-content\/uploads\/2015\/11\/SAM_9807_ergebnis.jpg\"><img loading=\"lazy\" decoding=\"async\" class=\"size-full wp-image-4154 aligncenter\" src=\"https:\/\/olu-limburg.de\/wp-content\/uploads\/2015\/11\/SAM_9807_ergebnis.jpg\" alt=\"SAM_9807_ergebnis\" width=\"800\" height=\"600\" srcset=\"https:\/\/olu-limburg.de\/wp-content\/uploads\/2015\/11\/SAM_9807_ergebnis.jpg 800w, https:\/\/olu-limburg.de\/wp-content\/uploads\/2015\/11\/SAM_9807_ergebnis-300x225.jpg 300w, https:\/\/olu-limburg.de\/wp-content\/uploads\/2015\/11\/SAM_9807_ergebnis-624x468.jpg 624w\" sizes=\"auto, (max-width: 800px) 100vw, 800px\" \/><\/a><\/p>\n<p><a href=\"https:\/\/olu-limburg.de\/wp-content\/uploads\/2015\/11\/SAM_9814_ergebnis.jpg\"><img loading=\"lazy\" decoding=\"async\" class=\"size-full wp-image-4155 aligncenter\" src=\"https:\/\/olu-limburg.de\/wp-content\/uploads\/2015\/11\/SAM_9814_ergebnis.jpg\" alt=\"SAM_9814_ergebnis\" width=\"800\" height=\"600\" srcset=\"https:\/\/olu-limburg.de\/wp-content\/uploads\/2015\/11\/SAM_9814_ergebnis.jpg 800w, https:\/\/olu-limburg.de\/wp-content\/uploads\/2015\/11\/SAM_9814_ergebnis-300x225.jpg 300w, https:\/\/olu-limburg.de\/wp-content\/uploads\/2015\/11\/SAM_9814_ergebnis-624x468.jpg 624w\" sizes=\"auto, (max-width: 800px) 100vw, 800px\" \/><\/a><\/p>\n<p><a href=\"https:\/\/olu-limburg.de\/wp-content\/uploads\/2015\/11\/SAM_9802_ergebnis.jpg\"><img loading=\"lazy\" decoding=\"async\" class=\"size-full wp-image-4153 aligncenter\" src=\"https:\/\/olu-limburg.de\/wp-content\/uploads\/2015\/11\/SAM_9802_ergebnis.jpg\" alt=\"SAM_9802_ergebnis\" width=\"800\" height=\"600\" srcset=\"https:\/\/olu-limburg.de\/wp-content\/uploads\/2015\/11\/SAM_9802_ergebnis.jpg 800w, https:\/\/olu-limburg.de\/wp-content\/uploads\/2015\/11\/SAM_9802_ergebnis-300x225.jpg 300w, https:\/\/olu-limburg.de\/wp-content\/uploads\/2015\/11\/SAM_9802_ergebnis-624x468.jpg 624w\" sizes=\"auto, (max-width: 800px) 100vw, 800px\" \/><\/a><\/p>\n<p>Noch auf unserem Platz h\u00f6rt man die Trommeln von Gocoo, und bis wir schlafen ist es fast 02.30 Uhr.<\/p>\n<p>Tagesstrecke: 0 km<\/p>\n<p>&nbsp;<\/p>\n<p><b>Samstag, 10.08.2013<\/b><\/p>\n<p>Wir schlafen uns so richtig aus. Mittags machen wir uns W\u00fcrstchen mit Salat. Nach einer angemessenen Ruhepause fahren wir dann wieder mit der Navette unsere Runde zum Hafen und sehen dabei, was die anderen Wohnmobilisten auf den vielen verschiedenen Parkpl\u00e4tzen so machen. Zuerst lassen wir uns einfach ein wenig treiben. Ich kaufe mir dabei eine dieser kurzen rostroten Hosen, wie sie dort in der Bretagne getragen werden.<\/p>\n<p><a href=\"https:\/\/olu-limburg.de\/wp-content\/uploads\/2015\/11\/SAM_9741_ergebnis.jpg\"><img loading=\"lazy\" decoding=\"async\" class=\"size-full wp-image-4149 aligncenter\" src=\"https:\/\/olu-limburg.de\/wp-content\/uploads\/2015\/11\/SAM_9741_ergebnis.jpg\" alt=\"SAM_9741_ergebnis\" width=\"800\" height=\"600\" srcset=\"https:\/\/olu-limburg.de\/wp-content\/uploads\/2015\/11\/SAM_9741_ergebnis.jpg 800w, https:\/\/olu-limburg.de\/wp-content\/uploads\/2015\/11\/SAM_9741_ergebnis-300x225.jpg 300w, https:\/\/olu-limburg.de\/wp-content\/uploads\/2015\/11\/SAM_9741_ergebnis-624x468.jpg 624w\" sizes=\"auto, (max-width: 800px) 100vw, 800px\" \/><\/a><\/p>\n<p><a href=\"https:\/\/olu-limburg.de\/wp-content\/uploads\/2015\/11\/SAM_9828_ergebnis.jpg\"><img loading=\"lazy\" decoding=\"async\" class=\"size-full wp-image-4152 aligncenter\" src=\"https:\/\/olu-limburg.de\/wp-content\/uploads\/2015\/11\/SAM_9828_ergebnis.jpg\" alt=\"SAM_9828_ergebnis\" width=\"800\" height=\"600\" srcset=\"https:\/\/olu-limburg.de\/wp-content\/uploads\/2015\/11\/SAM_9828_ergebnis.jpg 800w, https:\/\/olu-limburg.de\/wp-content\/uploads\/2015\/11\/SAM_9828_ergebnis-300x225.jpg 300w, https:\/\/olu-limburg.de\/wp-content\/uploads\/2015\/11\/SAM_9828_ergebnis-624x468.jpg 624w\" sizes=\"auto, (max-width: 800px) 100vw, 800px\" \/><\/a><\/p>\n<p><a href=\"https:\/\/olu-limburg.de\/wp-content\/uploads\/2015\/11\/SAM_9842_ergebnis.jpg\"><img loading=\"lazy\" decoding=\"async\" class=\"size-full wp-image-4151 aligncenter\" src=\"https:\/\/olu-limburg.de\/wp-content\/uploads\/2015\/11\/SAM_9842_ergebnis.jpg\" alt=\"SAM_9842_ergebnis\" width=\"800\" height=\"600\" srcset=\"https:\/\/olu-limburg.de\/wp-content\/uploads\/2015\/11\/SAM_9842_ergebnis.jpg 800w, https:\/\/olu-limburg.de\/wp-content\/uploads\/2015\/11\/SAM_9842_ergebnis-300x225.jpg 300w, https:\/\/olu-limburg.de\/wp-content\/uploads\/2015\/11\/SAM_9842_ergebnis-624x468.jpg 624w\" sizes=\"auto, (max-width: 800px) 100vw, 800px\" \/><\/a><\/p>\n<p><a href=\"https:\/\/olu-limburg.de\/wp-content\/uploads\/2015\/11\/SAM_9825_ergebnis-e1447349696683.jpg\"><img loading=\"lazy\" decoding=\"async\" class=\"size-full wp-image-4150 alignleft\" src=\"https:\/\/olu-limburg.de\/wp-content\/uploads\/2015\/11\/SAM_9825_ergebnis-e1447349696683.jpg\" alt=\"SAM_9825_ergebnis\" width=\"450\" height=\"600\" \/><\/a><\/p>\n<p><a href=\"https:\/\/olu-limburg.de\/wp-content\/uploads\/2015\/11\/SAM_9788-e1447348988320.jpg\"><img loading=\"lazy\" decoding=\"async\" class=\"size-full wp-image-3986 aligncenter\" src=\"https:\/\/olu-limburg.de\/wp-content\/uploads\/2015\/11\/SAM_9788-e1447348988320.jpg\" alt=\"SAM_9788\" width=\"450\" height=\"600\" \/><\/a><\/p>\n<p>Danach schauen wir wieder im Zirkuszelt rein, wo <a href=\"http:\/\/www.youtube.com\/watch?v=gdDfZ8CEH-o\">Louis Capart<\/a>, den wir gestern mit Tri Yann gesehen haben, seinen eigenen Auftritt hat. Manchmal erinnert er mich mit seinen Liedern und seiner Darbietung an Reinhard Mey. Gegen Ende singt er auch ein Chanson von Frederic Mey (fr\u00fcheres Pseudonym von Reinhard Mey w\u00e4hrend seiner Frankreich-Auftritte).<\/p>\n<p><a href=\"https:\/\/olu-limburg.de\/wp-content\/uploads\/2015\/11\/SAM_9832_ergebnis-e1447349157203.jpg\"><img loading=\"lazy\" decoding=\"async\" class=\"size-full wp-image-4146 aligncenter\" src=\"https:\/\/olu-limburg.de\/wp-content\/uploads\/2015\/11\/SAM_9832_ergebnis-e1447349157203.jpg\" alt=\"SAM_9832_ergebnis\" width=\"450\" height=\"600\" \/><\/a><\/p>\n<p>Leider haben wir zur gleichen Zeit wie viele andere Festivalbesucher Hunger. Also hei\u00dft es Schlange stehen. Der gegrillte Thunfisch ist dann auch all. So gibt es Moules frites bzw. gegrillte Sardinen mit frites.<\/p>\n<p>Ein Kurzbesuch im Guinness-Pavillon bringt uns au\u00dfer einem Guinness aber nichts besonderes in Sachen Musik. Also wieder ins Zelt zu <a href=\"http:\/\/www.youtube.com\/watch?v=A5muVg_ZWek\">Capercaillie<\/a> (schottischer Folkrock).<\/p>\n<p><a href=\"https:\/\/olu-limburg.de\/wp-content\/uploads\/2015\/11\/SAM_9853_ergebnis.jpg\"><img loading=\"lazy\" decoding=\"async\" class=\"size-full wp-image-4148 aligncenter\" src=\"https:\/\/olu-limburg.de\/wp-content\/uploads\/2015\/11\/SAM_9853_ergebnis.jpg\" alt=\"SAM_9853_ergebnis\" width=\"800\" height=\"600\" srcset=\"https:\/\/olu-limburg.de\/wp-content\/uploads\/2015\/11\/SAM_9853_ergebnis.jpg 800w, https:\/\/olu-limburg.de\/wp-content\/uploads\/2015\/11\/SAM_9853_ergebnis-300x225.jpg 300w, https:\/\/olu-limburg.de\/wp-content\/uploads\/2015\/11\/SAM_9853_ergebnis-624x468.jpg 624w\" sizes=\"auto, (max-width: 800px) 100vw, 800px\" \/><\/a><\/p>\n<p><a href=\"https:\/\/olu-limburg.de\/wp-content\/uploads\/2015\/11\/SAM_9850_ergebnis.jpg\"><img loading=\"lazy\" decoding=\"async\" class=\"wp-image-4147 aligncenter\" src=\"https:\/\/olu-limburg.de\/wp-content\/uploads\/2015\/11\/SAM_9850_ergebnis.jpg\" alt=\"SAM_9850_ergebnis\" width=\"450\" height=\"600\" srcset=\"https:\/\/olu-limburg.de\/wp-content\/uploads\/2015\/11\/SAM_9850_ergebnis.jpg 600w, https:\/\/olu-limburg.de\/wp-content\/uploads\/2015\/11\/SAM_9850_ergebnis-225x300.jpg 225w\" sizes=\"auto, (max-width: 450px) 100vw, 450px\" \/><\/a><\/p>\n<p>Um 24.00 Uhr sind wir platt und wollen nur noch zum Wohnmobil.<\/p>\n<p>Tagesstrecke: 0 km<\/p>\n<p>&nbsp;<\/p>\n<p><b>Sonntag, 11.08.2013<\/b><\/p>\n<p>Eigentlich k\u00f6nnen wir heute noch einmal zum Festival. Es gibt auch Veranstaltungen die wir noch gerne sehen w\u00fcrden. Es ist aber wirklich genug.<\/p>\n<p>Wir entsorgen beim nahen P 5 und verlassen Paimpol. Es waren tolle Tage. Auf der D 786 fahren wir \u00fcber <span style=\"font-family: Verdana,sans-serif;\">Plouha und schlie\u00dflich in den Hafen von St.-Quay-Portrieux. Den man am besten von der D 786 und dem s\u00fcdlichen Kreisel, fast schon aus \u00c9tables-sur-Mer, immer in Richtung Port erreicht. Im hinteren Bereich gibt es bei den Hafengeb\u00e4uden einen kostenlosen Parkplatz f\u00fcr Wohnmobile. Kurz vor dem Parkplatz gibt es an einem Kreisel ein Verbotsschild f\u00fcr Wohnmobile. Dieses gilt aber f\u00fcr den rechts am Wasser befindlichen kleinen Parkplatz.<\/span><\/p>\n<p><a href=\"https:\/\/olu-limburg.de\/wp-content\/uploads\/2015\/11\/SAM_9857_ergebnis.jpg\"><img loading=\"lazy\" decoding=\"async\" class=\"size-full wp-image-4141 aligncenter\" src=\"https:\/\/olu-limburg.de\/wp-content\/uploads\/2015\/11\/SAM_9857_ergebnis.jpg\" alt=\"SAM_9857_ergebnis\" width=\"800\" height=\"600\" srcset=\"https:\/\/olu-limburg.de\/wp-content\/uploads\/2015\/11\/SAM_9857_ergebnis.jpg 800w, https:\/\/olu-limburg.de\/wp-content\/uploads\/2015\/11\/SAM_9857_ergebnis-300x225.jpg 300w, https:\/\/olu-limburg.de\/wp-content\/uploads\/2015\/11\/SAM_9857_ergebnis-624x468.jpg 624w\" sizes=\"auto, (max-width: 800px) 100vw, 800px\" \/><\/a><\/p>\n<p>Der Parkplatz ist bereits voller Wohnmobile. Direkt neben dran ist ein sch\u00f6ner Strand. Wir gehen aber erst in das Restaurant am Hafen und essen ein Men\u00fc f\u00fcr EUR 11,80: Ragout von Jakobsmuscheln + Fisch in einer hellen So\u00dfe mit gr\u00fcnen Bohnen.<\/p>\n<p>Wir spazieren \u00fcber den Strand zur vorgelagerten Zollbefestigung, sammeln ein paar Bigourneaux (diese kleinen schwarzen Meeresschnecken) und laufen noch mal durch den Ort und kaufen Brot und ein paar Galettes nature. Der Erfolg ist ein Abendessen aus gekochten Bigourneaux und Galettes gef\u00fcllt mit gekochtem Schinken, geriebenem Emmentaler und Camembert.<\/p>\n<p><a href=\"https:\/\/olu-limburg.de\/wp-content\/uploads\/2015\/11\/SAM_9858_ergebnis.jpg\"><img loading=\"lazy\" decoding=\"async\" class=\"size-full wp-image-4142 aligncenter\" src=\"https:\/\/olu-limburg.de\/wp-content\/uploads\/2015\/11\/SAM_9858_ergebnis.jpg\" alt=\"SAM_9858_ergebnis\" width=\"800\" height=\"600\" srcset=\"https:\/\/olu-limburg.de\/wp-content\/uploads\/2015\/11\/SAM_9858_ergebnis.jpg 800w, https:\/\/olu-limburg.de\/wp-content\/uploads\/2015\/11\/SAM_9858_ergebnis-300x225.jpg 300w, https:\/\/olu-limburg.de\/wp-content\/uploads\/2015\/11\/SAM_9858_ergebnis-624x468.jpg 624w\" sizes=\"auto, (max-width: 800px) 100vw, 800px\" \/><\/a><\/p>\n<p><a href=\"https:\/\/olu-limburg.de\/wp-content\/uploads\/2015\/11\/SAM_9865_ergebnis.jpg\"><img loading=\"lazy\" decoding=\"async\" class=\"size-full wp-image-4143 aligncenter\" src=\"https:\/\/olu-limburg.de\/wp-content\/uploads\/2015\/11\/SAM_9865_ergebnis.jpg\" alt=\"SAM_9865_ergebnis\" width=\"800\" height=\"600\" srcset=\"https:\/\/olu-limburg.de\/wp-content\/uploads\/2015\/11\/SAM_9865_ergebnis.jpg 800w, https:\/\/olu-limburg.de\/wp-content\/uploads\/2015\/11\/SAM_9865_ergebnis-300x225.jpg 300w, https:\/\/olu-limburg.de\/wp-content\/uploads\/2015\/11\/SAM_9865_ergebnis-624x468.jpg 624w\" sizes=\"auto, (max-width: 800px) 100vw, 800px\" \/><\/a><\/p>\n<p><a href=\"https:\/\/olu-limburg.de\/wp-content\/uploads\/2015\/11\/SAM_9869_ergebnis.jpg\"><img loading=\"lazy\" decoding=\"async\" class=\"size-full wp-image-4144 aligncenter\" src=\"https:\/\/olu-limburg.de\/wp-content\/uploads\/2015\/11\/SAM_9869_ergebnis.jpg\" alt=\"SAM_9869_ergebnis\" width=\"800\" height=\"600\" srcset=\"https:\/\/olu-limburg.de\/wp-content\/uploads\/2015\/11\/SAM_9869_ergebnis.jpg 800w, https:\/\/olu-limburg.de\/wp-content\/uploads\/2015\/11\/SAM_9869_ergebnis-300x225.jpg 300w, https:\/\/olu-limburg.de\/wp-content\/uploads\/2015\/11\/SAM_9869_ergebnis-624x468.jpg 624w\" sizes=\"auto, (max-width: 800px) 100vw, 800px\" \/><\/a><\/p>\n<p><span style=\"font-family: Verdana,sans-serif;\">Tagesstrecke: 36 km<\/span><\/p>\n<p>&nbsp;<\/p>\n<p><b><span style=\"font-family: Verdana,sans-serif;\">Montag, 12.08.2013<\/span><\/b><\/p>\n<p><span style=\"font-family: Verdana,sans-serif;\">Sehr fr\u00fch am Morgen kommen schon PKWs vorbei die einen Parkplatz suchen. An der Hafenmole zur Stadt hin ist ein riesiger Markt aufgebaut, den wir uns auch noch anschauen. Lena kauft zwei Kilo ganz reifer Aprikosen, die sie heute noch zu Marmelade kochen m\u00f6chte. Wir haben deshalb schon von Zuhause Marmeladegl\u00e4ser, Einmachzucker und eine Wage mitgenommen.<\/span><\/p>\n<p><a href=\"https:\/\/olu-limburg.de\/wp-content\/uploads\/2015\/11\/SAM_9875_ergebnis-e1447348701220.jpg\"><img loading=\"lazy\" decoding=\"async\" class=\"size-full wp-image-4145 aligncenter\" src=\"https:\/\/olu-limburg.de\/wp-content\/uploads\/2015\/11\/SAM_9875_ergebnis-e1447348701220.jpg\" alt=\"SAM_9875_ergebnis\" width=\"450\" height=\"600\" \/><\/a><\/p>\n<p><span style=\"font-family: Verdana,sans-serif;\">Bevor wir weiter fahren gehen wir wieder in das gleiche Restaurant wie gestern, denn heute gibt es f\u00fcr das gleiche Geld ein Men\u00fc mit Buffet\/Fisch bzw. Schweinefleisch\/Dessert und Caf\u00e9.<\/span><\/p>\n<p><span style=\"font-family: Verdana,sans-serif;\">Ab St.-Brieuc befahren wir wieder die N 12, da wir schnell vorw\u00e4rts kommen wollen und sind ganz z\u00fcgig in Cancale auf dem Stellplatz mit V+E (Geb\u00fchr EUR 6,00).<\/span><\/p>\n<p><a href=\"https:\/\/olu-limburg.de\/wp-content\/uploads\/2015\/11\/SAM_9910_ergebnis.jpg\"><img loading=\"lazy\" decoding=\"async\" class=\"size-full wp-image-4140 aligncenter\" src=\"https:\/\/olu-limburg.de\/wp-content\/uploads\/2015\/11\/SAM_9910_ergebnis.jpg\" alt=\"SAM_9910_ergebnis\" width=\"800\" height=\"600\" srcset=\"https:\/\/olu-limburg.de\/wp-content\/uploads\/2015\/11\/SAM_9910_ergebnis.jpg 800w, https:\/\/olu-limburg.de\/wp-content\/uploads\/2015\/11\/SAM_9910_ergebnis-300x225.jpg 300w, https:\/\/olu-limburg.de\/wp-content\/uploads\/2015\/11\/SAM_9910_ergebnis-624x468.jpg 624w\" sizes=\"auto, (max-width: 800px) 100vw, 800px\" \/><\/a><\/p>\n<p><span style=\"font-family: Verdana,sans-serif;\">Lena kocht erst einmal die Marmelade, w\u00e4hrend ich mich mit einem guten Buch still besch\u00e4ftige. Danach packen wir eine gek\u00fchlte Wei\u00dfweinflasche und Gl\u00e4ser ein und ziehen in Cancale vorne raus zu den Austernb\u00e4nken. Dort kaufen wir uns an einem Stand einen Aperoteller mit 12 Austern &#8222;Creuses de Cancale&#8220; f\u00fcr EUR 5,50 und eine Zitrone (EUR 0,50).<\/span><\/p>\n<p><a href=\"https:\/\/olu-limburg.de\/wp-content\/uploads\/2015\/11\/SAM_9876_ergebnis.jpg\"><img loading=\"lazy\" decoding=\"async\" class=\"size-full wp-image-4137 aligncenter\" src=\"https:\/\/olu-limburg.de\/wp-content\/uploads\/2015\/11\/SAM_9876_ergebnis.jpg\" alt=\"SAM_9876_ergebnis\" width=\"800\" height=\"600\" srcset=\"https:\/\/olu-limburg.de\/wp-content\/uploads\/2015\/11\/SAM_9876_ergebnis.jpg 800w, https:\/\/olu-limburg.de\/wp-content\/uploads\/2015\/11\/SAM_9876_ergebnis-300x225.jpg 300w, https:\/\/olu-limburg.de\/wp-content\/uploads\/2015\/11\/SAM_9876_ergebnis-624x468.jpg 624w\" sizes=\"auto, (max-width: 800px) 100vw, 800px\" \/><\/a><\/p>\n<p><a href=\"https:\/\/olu-limburg.de\/wp-content\/uploads\/2015\/11\/SAM_9880_ergebnis.jpg\"><img loading=\"lazy\" decoding=\"async\" class=\"size-full wp-image-4138 aligncenter\" src=\"https:\/\/olu-limburg.de\/wp-content\/uploads\/2015\/11\/SAM_9880_ergebnis.jpg\" alt=\"SAM_9880_ergebnis\" width=\"800\" height=\"600\" srcset=\"https:\/\/olu-limburg.de\/wp-content\/uploads\/2015\/11\/SAM_9880_ergebnis.jpg 800w, https:\/\/olu-limburg.de\/wp-content\/uploads\/2015\/11\/SAM_9880_ergebnis-300x225.jpg 300w, https:\/\/olu-limburg.de\/wp-content\/uploads\/2015\/11\/SAM_9880_ergebnis-624x468.jpg 624w\" sizes=\"auto, (max-width: 800px) 100vw, 800px\" \/><\/a><\/p>\n<p><a href=\"https:\/\/olu-limburg.de\/wp-content\/uploads\/2015\/11\/SAM_9883_ergebnis.jpg\"><img loading=\"lazy\" decoding=\"async\" class=\"size-full wp-image-4139 aligncenter\" src=\"https:\/\/olu-limburg.de\/wp-content\/uploads\/2015\/11\/SAM_9883_ergebnis.jpg\" alt=\"SAM_9883_ergebnis\" width=\"800\" height=\"600\" srcset=\"https:\/\/olu-limburg.de\/wp-content\/uploads\/2015\/11\/SAM_9883_ergebnis.jpg 800w, https:\/\/olu-limburg.de\/wp-content\/uploads\/2015\/11\/SAM_9883_ergebnis-300x225.jpg 300w, https:\/\/olu-limburg.de\/wp-content\/uploads\/2015\/11\/SAM_9883_ergebnis-624x468.jpg 624w\" sizes=\"auto, (max-width: 800px) 100vw, 800px\" \/><\/a><\/p>\n<p><a href=\"https:\/\/olu-limburg.de\/wp-content\/uploads\/2015\/11\/SAM_9887_ergebnis.jpg\"><img loading=\"lazy\" decoding=\"async\" class=\"size-full wp-image-4134 aligncenter\" src=\"https:\/\/olu-limburg.de\/wp-content\/uploads\/2015\/11\/SAM_9887_ergebnis.jpg\" alt=\"SAM_9887_ergebnis\" width=\"800\" height=\"600\" srcset=\"https:\/\/olu-limburg.de\/wp-content\/uploads\/2015\/11\/SAM_9887_ergebnis.jpg 800w, https:\/\/olu-limburg.de\/wp-content\/uploads\/2015\/11\/SAM_9887_ergebnis-300x225.jpg 300w, https:\/\/olu-limburg.de\/wp-content\/uploads\/2015\/11\/SAM_9887_ergebnis-624x468.jpg 624w\" sizes=\"auto, (max-width: 800px) 100vw, 800px\" \/><\/a><\/p>\n<p><a href=\"https:\/\/olu-limburg.de\/wp-content\/uploads\/2015\/11\/SAM_0807_ergebnis-e1447347530595.jpg\"><img loading=\"lazy\" decoding=\"async\" class=\"size-full wp-image-4132 aligncenter\" src=\"https:\/\/olu-limburg.de\/wp-content\/uploads\/2015\/11\/SAM_0807_ergebnis-e1447347530595.jpg\" alt=\"SAM_0807_ergebnis\" width=\"450\" height=\"600\" \/><\/a><\/p>\n<p><span style=\"font-family: Verdana,sans-serif;\">Wir setzen uns dort auf die Stufen mit Blick auf die Austernzucht und haben im Hintergrund den Mont Saint Michel; dazu noch das sch\u00f6ne Picknick mit einem frischen kalten Wei\u00dfwein. Kann es etwas sch\u00f6neres geben?<\/span><\/p>\n<p><a href=\"https:\/\/olu-limburg.de\/wp-content\/uploads\/2015\/11\/SAM_9889_ergebnis.jpg\"><img loading=\"lazy\" decoding=\"async\" class=\"size-full wp-image-4135 aligncenter\" src=\"https:\/\/olu-limburg.de\/wp-content\/uploads\/2015\/11\/SAM_9889_ergebnis.jpg\" alt=\"SAM_9889_ergebnis\" width=\"800\" height=\"600\" srcset=\"https:\/\/olu-limburg.de\/wp-content\/uploads\/2015\/11\/SAM_9889_ergebnis.jpg 800w, https:\/\/olu-limburg.de\/wp-content\/uploads\/2015\/11\/SAM_9889_ergebnis-300x225.jpg 300w, https:\/\/olu-limburg.de\/wp-content\/uploads\/2015\/11\/SAM_9889_ergebnis-624x468.jpg 624w\" sizes=\"auto, (max-width: 800px) 100vw, 800px\" \/><\/a><\/p>\n<div id=\"attachment_4136\" style=\"width: 460px\" class=\"wp-caption aligncenter\"><a href=\"https:\/\/olu-limburg.de\/wp-content\/uploads\/2015\/11\/SAM_9891_ergebnis-e1447347475712.jpg\"><img loading=\"lazy\" decoding=\"async\" aria-describedby=\"caption-attachment-4136\" class=\"size-full wp-image-4136\" src=\"https:\/\/olu-limburg.de\/wp-content\/uploads\/2015\/11\/SAM_9891_ergebnis-e1447347475712.jpg\" alt=\"Was ist denn da in den Wein gefallen? \" width=\"450\" height=\"600\" \/><\/a><p id=\"caption-attachment-4136\" class=\"wp-caption-text\">Was ist denn da in den Wein gefallen?<\/p><\/div>\n<div id=\"attachment_4161\" style=\"width: 810px\" class=\"wp-caption aligncenter\"><a href=\"https:\/\/olu-limburg.de\/wp-content\/uploads\/2015\/11\/SAM_9898_ergebnis.jpg\"><img loading=\"lazy\" decoding=\"async\" aria-describedby=\"caption-attachment-4161\" class=\"wp-image-4161 size-full\" src=\"https:\/\/olu-limburg.de\/wp-content\/uploads\/2015\/11\/SAM_9898_ergebnis.jpg\" alt=\"SAM_9898_ergebnis\" width=\"800\" height=\"600\" srcset=\"https:\/\/olu-limburg.de\/wp-content\/uploads\/2015\/11\/SAM_9898_ergebnis.jpg 800w, https:\/\/olu-limburg.de\/wp-content\/uploads\/2015\/11\/SAM_9898_ergebnis-300x225.jpg 300w, https:\/\/olu-limburg.de\/wp-content\/uploads\/2015\/11\/SAM_9898_ergebnis-624x468.jpg 624w\" sizes=\"auto, (max-width: 800px) 100vw, 800px\" \/><\/a><p id=\"caption-attachment-4161\" class=\"wp-caption-text\">Wir sind mit unseren Gel\u00fcsten wahrlich nicht allein.<\/p><\/div>\n<p><span style=\"font-family: Verdana,sans-serif;\">Tagesstrecke: 133 km<\/span><\/p>\n<p>&nbsp;<\/p>\n<p><b><span style=\"font-family: Verdana,sans-serif;\">Dienstag, 13.08.2013<\/span><\/b><\/p>\n<p><span style=\"font-family: Verdana,sans-serif;\">Der B\u00e4cker hat uns ganz fr\u00fch schon wieder mit seinen Leckerreien verw\u00f6hnt. Bevor wir aber wieder weiter fahren gehen wir noch einmal in den Ort runter, denn gestern Abend haben wir gesehen, das es in einem der vordersten H\u00e4user nicht nur Austern, Muscheln und Bulots zu kaufen gibt, wie wir bisher dachten. Sondern es gibt auch frische\u00a0 und gekochte Hummer, Krebse und Seespinnen. Wir erstehen einen gekochten Hummer (EUR 16,00),\u00a0 475 g Bulots (EUR 4,23) und eine gekochte Seespinne (EUR 7,28).<\/span><\/p>\n<p><a href=\"https:\/\/olu-limburg.de\/wp-content\/uploads\/2015\/11\/SAM_9911.jpg\"><img loading=\"lazy\" decoding=\"async\" class=\"size-full wp-image-4009 aligncenter\" src=\"https:\/\/olu-limburg.de\/wp-content\/uploads\/2015\/11\/SAM_9911.jpg\" alt=\"SAM_9911\" width=\"800\" height=\"600\" srcset=\"https:\/\/olu-limburg.de\/wp-content\/uploads\/2015\/11\/SAM_9911.jpg 800w, https:\/\/olu-limburg.de\/wp-content\/uploads\/2015\/11\/SAM_9911-300x225.jpg 300w, https:\/\/olu-limburg.de\/wp-content\/uploads\/2015\/11\/SAM_9911-624x468.jpg 624w\" sizes=\"auto, (max-width: 800px) 100vw, 800px\" \/><\/a><\/p>\n<p><span style=\"font-family: Verdana,sans-serif;\">\u00dcber Pontorson und Granville fahren wir in die Normandie hinein bis auf den Stellplatz mit V+E in Gouville-sur-Mer (Geb\u00fchr EUR 4,50). Wir stehen hinter einer D\u00fcne und vor uns liegt ein riesiger Strand. Gouville gilt auch als Hochburg der Normandie-Auster.<\/span><\/p>\n<p><span style=\"font-family: Verdana,sans-serif;\">Als erstes verzehren wir aber unser heute Morgen eingekauftes, feudales Mittagessen. Es schmeckt fantastisch.<\/span><\/p>\n<p><a href=\"https:\/\/olu-limburg.de\/wp-content\/uploads\/2015\/11\/SAM_9915_ergebnis-e1447344368633.jpg\"><img loading=\"lazy\" decoding=\"async\" class=\"size-full wp-image-4130 aligncenter\" src=\"https:\/\/olu-limburg.de\/wp-content\/uploads\/2015\/11\/SAM_9915_ergebnis-e1447344368633.jpg\" alt=\"SAM_9915_ergebnis\" width=\"450\" height=\"600\" \/><\/a><\/p>\n<p><span style=\"font-family: Verdana,sans-serif;\">Nach ein wenig Ruhe spazieren wir \u00fcber den Strand und unternehmen noch eine kleine Radtour. Anschlie\u00dfend genie\u00dfen den Abend mit einem Glas Ricard.<\/span><\/p>\n<p><a href=\"https:\/\/olu-limburg.de\/wp-content\/uploads\/2015\/11\/SAM_9919_ergebnis.jpg\"><img loading=\"lazy\" decoding=\"async\" class=\"size-full wp-image-4128 aligncenter\" src=\"https:\/\/olu-limburg.de\/wp-content\/uploads\/2015\/11\/SAM_9919_ergebnis.jpg\" alt=\"SAM_9919_ergebnis\" width=\"800\" height=\"600\" srcset=\"https:\/\/olu-limburg.de\/wp-content\/uploads\/2015\/11\/SAM_9919_ergebnis.jpg 800w, https:\/\/olu-limburg.de\/wp-content\/uploads\/2015\/11\/SAM_9919_ergebnis-300x225.jpg 300w, https:\/\/olu-limburg.de\/wp-content\/uploads\/2015\/11\/SAM_9919_ergebnis-624x468.jpg 624w\" sizes=\"auto, (max-width: 800px) 100vw, 800px\" \/><\/a><\/p>\n<p><a href=\"https:\/\/olu-limburg.de\/wp-content\/uploads\/2015\/11\/SAM_9921_ergebnis.jpg\"><img loading=\"lazy\" decoding=\"async\" class=\"size-full wp-image-4129 aligncenter\" src=\"https:\/\/olu-limburg.de\/wp-content\/uploads\/2015\/11\/SAM_9921_ergebnis.jpg\" alt=\"SAM_9921_ergebnis\" width=\"800\" height=\"600\" srcset=\"https:\/\/olu-limburg.de\/wp-content\/uploads\/2015\/11\/SAM_9921_ergebnis.jpg 800w, https:\/\/olu-limburg.de\/wp-content\/uploads\/2015\/11\/SAM_9921_ergebnis-300x225.jpg 300w, https:\/\/olu-limburg.de\/wp-content\/uploads\/2015\/11\/SAM_9921_ergebnis-624x468.jpg 624w\" sizes=\"auto, (max-width: 800px) 100vw, 800px\" \/><\/a><\/p>\n<p><a href=\"https:\/\/olu-limburg.de\/wp-content\/uploads\/2015\/11\/SAM_9927_ergebnis.jpg\"><img loading=\"lazy\" decoding=\"async\" class=\"size-full wp-image-4125 aligncenter\" src=\"https:\/\/olu-limburg.de\/wp-content\/uploads\/2015\/11\/SAM_9927_ergebnis.jpg\" alt=\"SAM_9927_ergebnis\" width=\"800\" height=\"600\" srcset=\"https:\/\/olu-limburg.de\/wp-content\/uploads\/2015\/11\/SAM_9927_ergebnis.jpg 800w, https:\/\/olu-limburg.de\/wp-content\/uploads\/2015\/11\/SAM_9927_ergebnis-300x225.jpg 300w, https:\/\/olu-limburg.de\/wp-content\/uploads\/2015\/11\/SAM_9927_ergebnis-624x468.jpg 624w\" sizes=\"auto, (max-width: 800px) 100vw, 800px\" \/><\/a><\/p>\n<p><a href=\"https:\/\/olu-limburg.de\/wp-content\/uploads\/2015\/11\/SAM_9930_ergebnis.jpg\"><img loading=\"lazy\" decoding=\"async\" class=\"size-full wp-image-4127 aligncenter\" src=\"https:\/\/olu-limburg.de\/wp-content\/uploads\/2015\/11\/SAM_9930_ergebnis.jpg\" alt=\"SAM_9930_ergebnis\" width=\"800\" height=\"600\" srcset=\"https:\/\/olu-limburg.de\/wp-content\/uploads\/2015\/11\/SAM_9930_ergebnis.jpg 800w, https:\/\/olu-limburg.de\/wp-content\/uploads\/2015\/11\/SAM_9930_ergebnis-300x225.jpg 300w, https:\/\/olu-limburg.de\/wp-content\/uploads\/2015\/11\/SAM_9930_ergebnis-624x468.jpg 624w\" sizes=\"auto, (max-width: 800px) 100vw, 800px\" \/><\/a> <a href=\"https:\/\/olu-limburg.de\/wp-content\/uploads\/2015\/11\/SAM_9929_ergebnis.jpg\"><img loading=\"lazy\" decoding=\"async\" class=\"size-full wp-image-4126 aligncenter\" src=\"https:\/\/olu-limburg.de\/wp-content\/uploads\/2015\/11\/SAM_9929_ergebnis.jpg\" alt=\"SAM_9929_ergebnis\" width=\"800\" height=\"600\" srcset=\"https:\/\/olu-limburg.de\/wp-content\/uploads\/2015\/11\/SAM_9929_ergebnis.jpg 800w, https:\/\/olu-limburg.de\/wp-content\/uploads\/2015\/11\/SAM_9929_ergebnis-300x225.jpg 300w, https:\/\/olu-limburg.de\/wp-content\/uploads\/2015\/11\/SAM_9929_ergebnis-624x468.jpg 624w\" sizes=\"auto, (max-width: 800px) 100vw, 800px\" \/><\/a><\/p>\n<p><a href=\"https:\/\/olu-limburg.de\/wp-content\/uploads\/2015\/11\/SAM_0836_ergebnis.jpg\"><img loading=\"lazy\" decoding=\"async\" class=\"size-full wp-image-4055 aligncenter\" src=\"https:\/\/olu-limburg.de\/wp-content\/uploads\/2015\/11\/SAM_0836_ergebnis.jpg\" alt=\"SAM_0836_ergebnis\" width=\"800\" height=\"600\" srcset=\"https:\/\/olu-limburg.de\/wp-content\/uploads\/2015\/11\/SAM_0836_ergebnis.jpg 800w, https:\/\/olu-limburg.de\/wp-content\/uploads\/2015\/11\/SAM_0836_ergebnis-300x225.jpg 300w, https:\/\/olu-limburg.de\/wp-content\/uploads\/2015\/11\/SAM_0836_ergebnis-624x468.jpg 624w\" sizes=\"auto, (max-width: 800px) 100vw, 800px\" \/><\/a><\/p>\n<p><a href=\"https:\/\/olu-limburg.de\/wp-content\/uploads\/2015\/11\/SAM_0845_ergebnis.jpg\"><img loading=\"lazy\" decoding=\"async\" class=\"size-full wp-image-4122 aligncenter\" src=\"https:\/\/olu-limburg.de\/wp-content\/uploads\/2015\/11\/SAM_0845_ergebnis.jpg\" alt=\"SAM_0845_ergebnis\" width=\"800\" height=\"600\" srcset=\"https:\/\/olu-limburg.de\/wp-content\/uploads\/2015\/11\/SAM_0845_ergebnis.jpg 800w, https:\/\/olu-limburg.de\/wp-content\/uploads\/2015\/11\/SAM_0845_ergebnis-300x225.jpg 300w, https:\/\/olu-limburg.de\/wp-content\/uploads\/2015\/11\/SAM_0845_ergebnis-624x468.jpg 624w\" sizes=\"auto, (max-width: 800px) 100vw, 800px\" \/><\/a><\/p>\n<p><span style=\"font-family: Verdana,sans-serif;\">Wie sich das mit dem Wasser verh\u00e4lt ist nicht so ganz klar, denn eigentlich ist es in den EUR 4,50 inklusive. Mir ist nur aufgefallen, dass viele Wohnmobilfahrer ganz schnell mit Kanistern und Flaschen zu dem Wasserautomaten liefen, wenn dort einer bezahlt hat. Also bin ich auch mit meiner Giesskanne hin gelaufen. Es hat funktioniert.<\/span><\/p>\n<p><span style=\"font-family: Verdana,sans-serif;\">Tagesstrecke: 128 km<\/span><\/p>\n<p>&nbsp;<\/p>\n<p><b><span style=\"font-family: Verdana,sans-serif;\">Mittwoch, 14.08.2013<\/span><\/b><\/p>\n<p><span style=\"font-family: Verdana,sans-serif;\">Brot gibt es auf dem benachbarten Campingplatz. Doch kommt der B\u00e4cker erst um 09.30 Uhr dort vor das Tor und anschlie\u00dfend dann auf den Stellplatz.<\/span><\/p>\n<p><span style=\"font-family: Verdana,sans-serif;\">Nach Fr\u00fchst\u00fcck und Entsorgung durchqueren wir auf meist schmalen Stra\u00dfen das Cotentin um zur Westk\u00fcste der Normandie zu gelangen. Der Stellplatz in Grandcamp-Maisy sagt uns nicht zu. Unser n\u00e4chster Stopp ist am Pointe du Hoc. Hier gibt es neben der herrlichen Aussicht noch eine alte Bunkeranlage an der Steilk\u00fcste zu besichtigen.<\/span><\/p>\n<p><a href=\"https:\/\/olu-limburg.de\/wp-content\/uploads\/2015\/11\/SAM_9945_ergebnis.jpg\"><img loading=\"lazy\" decoding=\"async\" class=\"size-full wp-image-4120 aligncenter\" src=\"https:\/\/olu-limburg.de\/wp-content\/uploads\/2015\/11\/SAM_9945_ergebnis.jpg\" alt=\"SAM_9945_ergebnis\" width=\"800\" height=\"600\" srcset=\"https:\/\/olu-limburg.de\/wp-content\/uploads\/2015\/11\/SAM_9945_ergebnis.jpg 800w, https:\/\/olu-limburg.de\/wp-content\/uploads\/2015\/11\/SAM_9945_ergebnis-300x225.jpg 300w, https:\/\/olu-limburg.de\/wp-content\/uploads\/2015\/11\/SAM_9945_ergebnis-624x468.jpg 624w\" sizes=\"auto, (max-width: 800px) 100vw, 800px\" \/><\/a><\/p>\n<p><a href=\"https:\/\/olu-limburg.de\/wp-content\/uploads\/2015\/11\/SAM_9944_ergebnis.jpg\"><img loading=\"lazy\" decoding=\"async\" class=\"size-full wp-image-4119 aligncenter\" src=\"https:\/\/olu-limburg.de\/wp-content\/uploads\/2015\/11\/SAM_9944_ergebnis.jpg\" alt=\"SAM_9944_ergebnis\" width=\"800\" height=\"600\" srcset=\"https:\/\/olu-limburg.de\/wp-content\/uploads\/2015\/11\/SAM_9944_ergebnis.jpg 800w, https:\/\/olu-limburg.de\/wp-content\/uploads\/2015\/11\/SAM_9944_ergebnis-300x225.jpg 300w, https:\/\/olu-limburg.de\/wp-content\/uploads\/2015\/11\/SAM_9944_ergebnis-624x468.jpg 624w\" sizes=\"auto, (max-width: 800px) 100vw, 800px\" \/><\/a><\/p>\n<p><span style=\"font-family: Verdana,sans-serif;\">Es ist gerade Mittagszeit, also machen wir uns vor der Weiterfahrt noch schnell Spaghetti Aglio Olie. In Port-en-Bessin-Huppain finden wir dann einen kleinen Stellplatz ohne V+E (Geb\u00fchr EUR 3,50) mit Blick auf die D\u00e4cher des Hafenbereiches und das Meer.<\/span><\/p>\n<p><a href=\"https:\/\/olu-limburg.de\/wp-content\/uploads\/2015\/11\/SAM_9952.jpg\"><img loading=\"lazy\" decoding=\"async\" class=\"size-full wp-image-4019 aligncenter\" src=\"https:\/\/olu-limburg.de\/wp-content\/uploads\/2015\/11\/SAM_9952.jpg\" alt=\"SAM_9952\" width=\"800\" height=\"600\" srcset=\"https:\/\/olu-limburg.de\/wp-content\/uploads\/2015\/11\/SAM_9952.jpg 800w, https:\/\/olu-limburg.de\/wp-content\/uploads\/2015\/11\/SAM_9952-300x225.jpg 300w, https:\/\/olu-limburg.de\/wp-content\/uploads\/2015\/11\/SAM_9952-624x468.jpg 624w\" sizes=\"auto, (max-width: 800px) 100vw, 800px\" \/><\/a><\/p>\n<p><span style=\"font-family: Verdana,sans-serif;\">Wir laufen die paar hundert Meter runter zum Hafen. Hier gibt es einen Kiesstrand, aber auch viele Restaurants. Am Strand liegt alles voller Schalen von Jakobsmuscheln. Also muss es auch irgendwann ganz viele geben.<\/span><\/p>\n<p><a href=\"https:\/\/olu-limburg.de\/wp-content\/uploads\/2015\/11\/SAM_9957.jpg\"><img loading=\"lazy\" decoding=\"async\" class=\"size-full wp-image-4022 aligncenter\" src=\"https:\/\/olu-limburg.de\/wp-content\/uploads\/2015\/11\/SAM_9957.jpg\" alt=\"SAM_9957\" width=\"800\" height=\"600\" srcset=\"https:\/\/olu-limburg.de\/wp-content\/uploads\/2015\/11\/SAM_9957.jpg 800w, https:\/\/olu-limburg.de\/wp-content\/uploads\/2015\/11\/SAM_9957-300x225.jpg 300w, https:\/\/olu-limburg.de\/wp-content\/uploads\/2015\/11\/SAM_9957-624x468.jpg 624w\" sizes=\"auto, (max-width: 800px) 100vw, 800px\" \/><\/a><\/p>\n<p><a href=\"https:\/\/olu-limburg.de\/wp-content\/uploads\/2015\/11\/SAM_9958.jpg\"><img loading=\"lazy\" decoding=\"async\" class=\"size-full wp-image-4023 aligncenter\" src=\"https:\/\/olu-limburg.de\/wp-content\/uploads\/2015\/11\/SAM_9958.jpg\" alt=\"SAM_9958\" width=\"800\" height=\"600\" srcset=\"https:\/\/olu-limburg.de\/wp-content\/uploads\/2015\/11\/SAM_9958.jpg 800w, https:\/\/olu-limburg.de\/wp-content\/uploads\/2015\/11\/SAM_9958-300x225.jpg 300w, https:\/\/olu-limburg.de\/wp-content\/uploads\/2015\/11\/SAM_9958-624x468.jpg 624w\" sizes=\"auto, (max-width: 800px) 100vw, 800px\" \/><\/a><\/p>\n<p><a href=\"https:\/\/olu-limburg.de\/wp-content\/uploads\/2015\/11\/SAM_9968-e1447261283725.jpg\"><img loading=\"lazy\" decoding=\"async\" class=\"size-full wp-image-4026 aligncenter\" src=\"https:\/\/olu-limburg.de\/wp-content\/uploads\/2015\/11\/SAM_9968-e1447261283725.jpg\" alt=\"SAM_9968\" width=\"450\" height=\"600\" \/><\/a><\/p>\n<p><span style=\"font-family: Verdana,sans-serif;\">Irgendwie f\u00fchle ich mich ein wenig kr\u00e4nklich, deshalb laufen wir auch wieder zur\u00fcck zum Wohnmobil.<\/span><\/p>\n<p><span style=\"font-family: Verdana,sans-serif;\">Tagesstrecke:93 km<\/span><\/p>\n<p>&nbsp;<\/p>\n<p><b><span style=\"font-family: Verdana,sans-serif;\">Donnerstag, 15.08.2013<\/span><\/b><\/p>\n<p><span style=\"font-family: Verdana,sans-serif;\">Auch heute Morgen erscheint kein Kassierer. Wahrscheinlich steht der Preis nur pro forma dort. So langsam werden unsere Etappen auf der Heimfahrt wieder gr\u00f6\u00dfer. Bei Bayeux fahren wir auf die Autobahn und bleiben dort bis Yvetot, um nach St.-Valery-en-Caux zu gelangen. Zum wiederholten Male ist alles voll. Eigentlich sollten wir diesen Ort, wo wir fr\u00fcher \u00f6fters standen mittlerweile streichen. Also geht es zum Nachbarort Veulettes-sur-Mer auf den Stellplatz mit V+E (Geb\u00fchr EUR 4,50). Dort ist es trotz benachbartem Atomkraftwerk sch\u00f6n.<\/span><\/p>\n<p><a href=\"https:\/\/olu-limburg.de\/wp-content\/uploads\/2015\/11\/SAM_9989.jpg\"><img loading=\"lazy\" decoding=\"async\" class=\"size-full wp-image-4034 aligncenter\" src=\"https:\/\/olu-limburg.de\/wp-content\/uploads\/2015\/11\/SAM_9989.jpg\" alt=\"SAM_9989\" width=\"800\" height=\"600\" srcset=\"https:\/\/olu-limburg.de\/wp-content\/uploads\/2015\/11\/SAM_9989.jpg 800w, https:\/\/olu-limburg.de\/wp-content\/uploads\/2015\/11\/SAM_9989-300x225.jpg 300w, https:\/\/olu-limburg.de\/wp-content\/uploads\/2015\/11\/SAM_9989-624x468.jpg 624w\" sizes=\"auto, (max-width: 800px) 100vw, 800px\" \/><\/a><\/p>\n<p><a href=\"https:\/\/olu-limburg.de\/wp-content\/uploads\/2015\/11\/SAM_9984.jpg\"><img loading=\"lazy\" decoding=\"async\" class=\"size-full wp-image-4032 aligncenter\" src=\"https:\/\/olu-limburg.de\/wp-content\/uploads\/2015\/11\/SAM_9984.jpg\" alt=\"SAM_9984\" width=\"800\" height=\"600\" srcset=\"https:\/\/olu-limburg.de\/wp-content\/uploads\/2015\/11\/SAM_9984.jpg 800w, https:\/\/olu-limburg.de\/wp-content\/uploads\/2015\/11\/SAM_9984-300x225.jpg 300w, https:\/\/olu-limburg.de\/wp-content\/uploads\/2015\/11\/SAM_9984-624x468.jpg 624w\" sizes=\"auto, (max-width: 800px) 100vw, 800px\" \/><\/a><\/p>\n<p><a href=\"https:\/\/olu-limburg.de\/wp-content\/uploads\/2015\/11\/SAM_0893-e1447261096853.jpg\"><img loading=\"lazy\" decoding=\"async\" class=\"size-full wp-image-3914 aligncenter\" src=\"https:\/\/olu-limburg.de\/wp-content\/uploads\/2015\/11\/SAM_0893-e1447261096853.jpg\" alt=\"SAM_0893\" width=\"450\" height=\"600\" \/><\/a><\/p>\n<p><a href=\"https:\/\/olu-limburg.de\/wp-content\/uploads\/2015\/11\/SAM_9987.jpg\"><img loading=\"lazy\" decoding=\"async\" class=\"size-full wp-image-4033 aligncenter\" src=\"https:\/\/olu-limburg.de\/wp-content\/uploads\/2015\/11\/SAM_9987.jpg\" alt=\"SAM_9987\" width=\"800\" height=\"600\" srcset=\"https:\/\/olu-limburg.de\/wp-content\/uploads\/2015\/11\/SAM_9987.jpg 800w, https:\/\/olu-limburg.de\/wp-content\/uploads\/2015\/11\/SAM_9987-300x225.jpg 300w, https:\/\/olu-limburg.de\/wp-content\/uploads\/2015\/11\/SAM_9987-624x468.jpg 624w\" sizes=\"auto, (max-width: 800px) 100vw, 800px\" \/><\/a><\/p>\n<p><a href=\"https:\/\/olu-limburg.de\/wp-content\/uploads\/2015\/11\/SAM_0884.jpg\"><img loading=\"lazy\" decoding=\"async\" class=\"size-full wp-image-3912 aligncenter\" src=\"https:\/\/olu-limburg.de\/wp-content\/uploads\/2015\/11\/SAM_0884.jpg\" alt=\"SAM_0884\" width=\"800\" height=\"600\" srcset=\"https:\/\/olu-limburg.de\/wp-content\/uploads\/2015\/11\/SAM_0884.jpg 800w, https:\/\/olu-limburg.de\/wp-content\/uploads\/2015\/11\/SAM_0884-300x225.jpg 300w, https:\/\/olu-limburg.de\/wp-content\/uploads\/2015\/11\/SAM_0884-624x468.jpg 624w\" sizes=\"auto, (max-width: 800px) 100vw, 800px\" \/><\/a><\/p>\n<p><span style=\"font-family: Verdana,sans-serif;\">Wir essen im Ort Moules frites und genie\u00dfen den hei\u00dfen Nachmittag unter der Markise. Am fr\u00fchen Abend machten wir dann noch einen kleinen Spaziergang zum Wasser.<br \/>\n<\/span><\/p>\n<p><span style=\"font-family: Verdana,sans-serif;\">Tagesstrecke: 201 km<\/span><\/p>\n<p>&nbsp;<\/p>\n<p><b><span style=\"font-family: Verdana,sans-serif;\">Freitag, 16.08.2013<\/span><\/b><\/p>\n<p><span style=\"font-family: Verdana,sans-serif;\">Der B\u00e4cker kommt hier erst um 09.00 Uhr. Trotzdem kommen wir fr\u00fch los. Wir fahren auf der D 925 und k\u00f6nnen bis Le Treport noch ab und zu das Meer sehen. Weiter geht es nach Abbeville. An der Stra\u00dfe macht ein Chinese im Zentrum Werbung f\u00fcr sein Lokal mit Buffet. Also fahren wir bis ins Zentrum, parken das Auto beim Carrefour und suchen. Es gibt eine tolle Kirche und viele alte Bauten, aber kein Chinese oder sonst ein f\u00fcr uns ansprechendes Restaurant.<\/span><\/p>\n<p><span style=\"font-family: Verdana,sans-serif;\">Endlich finden wir einen Stadtplan und auch die Markthallen, aber keinen Chinesen. Bei einer Umrundung des H\u00e4userblocks sehen wir endlich die Reklame \u00fcber einem Eingang wie bei einem Supermarkt. Die R\u00e4umlichkeiten sind sehr modern gehalten und das Buffet ist mit vielen Sachen best\u00fcckt, die wir so nicht kennen. Alles in allem eine gelungene Mahlzeit.<\/span><\/p>\n<p><a href=\"https:\/\/olu-limburg.de\/wp-content\/uploads\/2015\/11\/SAM_9991.jpg\"><img loading=\"lazy\" decoding=\"async\" class=\"size-full wp-image-4036 aligncenter\" src=\"https:\/\/olu-limburg.de\/wp-content\/uploads\/2015\/11\/SAM_9991.jpg\" alt=\"SAM_9991\" width=\"800\" height=\"600\" srcset=\"https:\/\/olu-limburg.de\/wp-content\/uploads\/2015\/11\/SAM_9991.jpg 800w, https:\/\/olu-limburg.de\/wp-content\/uploads\/2015\/11\/SAM_9991-300x225.jpg 300w, https:\/\/olu-limburg.de\/wp-content\/uploads\/2015\/11\/SAM_9991-624x468.jpg 624w\" sizes=\"auto, (max-width: 800px) 100vw, 800px\" \/><\/a><\/p>\n<p><span style=\"font-family: Verdana,sans-serif;\">Auf dem R\u00fcckweg zum Auto schauen wir uns noch ein wenig genauer in dem Ort um. In der Kathedrale ist eine Bilderausstellung \u00fcber die Bombenzerst\u00f6rung in 1940 von Alliierten und Deutschen, und den Wiederaufbau. Trotzdem erhielten wir von dem Museumsvertreter eine kurze Anleitung in deutsch (!), mit dem Hinweis, auch noch andere wichtige St\u00e4tten der Stadt zu besichtigen.<\/span><\/p>\n<p><a href=\"https:\/\/olu-limburg.de\/wp-content\/uploads\/2015\/11\/SAM_9990.jpg\"><img loading=\"lazy\" decoding=\"async\" class=\"size-full wp-image-4035 aligncenter\" src=\"https:\/\/olu-limburg.de\/wp-content\/uploads\/2015\/11\/SAM_9990.jpg\" alt=\"SAM_9990\" width=\"800\" height=\"600\" srcset=\"https:\/\/olu-limburg.de\/wp-content\/uploads\/2015\/11\/SAM_9990.jpg 800w, https:\/\/olu-limburg.de\/wp-content\/uploads\/2015\/11\/SAM_9990-300x225.jpg 300w, https:\/\/olu-limburg.de\/wp-content\/uploads\/2015\/11\/SAM_9990-624x468.jpg 624w\" sizes=\"auto, (max-width: 800px) 100vw, 800px\" \/><\/a><\/p>\n<p><span style=\"font-family: Verdana,sans-serif;\">Nach tanken und einem kurzen Einkauf im Carrefour geht es auf verschiedenen Landstra\u00dfen \u00fcber Amiens, St. Quentin und Hirson nach Anor. Der dortige Stellplatz gef\u00e4llt uns nicht. Als wieder durch den Wald zur\u00fcck auf die Hauptstra\u00dfe bis Charleville-M\u00e9zi\u00e8res. Die Ortsdurchfahrt gestaltet sich aufgrund einiger Bauma\u00dfnahmen ein wenig problematisch. Trotzdem gelangen wir an die Meuse und nach Bogny-sur-Meuse. Wobei der kostenlose Stellplatz im Ortsteil Ch\u00e2teau Regnault liegt.<\/span><\/p>\n<p><a href=\"https:\/\/olu-limburg.de\/wp-content\/uploads\/2015\/11\/SAM_0914_ergebnis.jpg\"><img loading=\"lazy\" decoding=\"async\" class=\"size-full wp-image-4118 aligncenter\" src=\"https:\/\/olu-limburg.de\/wp-content\/uploads\/2015\/11\/SAM_0914_ergebnis.jpg\" alt=\"SAM_0914_ergebnis\" width=\"800\" height=\"600\" srcset=\"https:\/\/olu-limburg.de\/wp-content\/uploads\/2015\/11\/SAM_0914_ergebnis.jpg 800w, https:\/\/olu-limburg.de\/wp-content\/uploads\/2015\/11\/SAM_0914_ergebnis-300x225.jpg 300w, https:\/\/olu-limburg.de\/wp-content\/uploads\/2015\/11\/SAM_0914_ergebnis-624x468.jpg 624w\" sizes=\"auto, (max-width: 800px) 100vw, 800px\" \/><\/a><\/p>\n<p><a href=\"https:\/\/olu-limburg.de\/wp-content\/uploads\/2015\/11\/SAM_0007.jpg\"><img loading=\"lazy\" decoding=\"async\" class=\"size-full wp-image-3902 aligncenter\" src=\"https:\/\/olu-limburg.de\/wp-content\/uploads\/2015\/11\/SAM_0007.jpg\" alt=\"SAM_0007\" width=\"800\" height=\"600\" srcset=\"https:\/\/olu-limburg.de\/wp-content\/uploads\/2015\/11\/SAM_0007.jpg 800w, https:\/\/olu-limburg.de\/wp-content\/uploads\/2015\/11\/SAM_0007-300x225.jpg 300w, https:\/\/olu-limburg.de\/wp-content\/uploads\/2015\/11\/SAM_0007-624x468.jpg 624w\" sizes=\"auto, (max-width: 800px) 100vw, 800px\" \/><\/a><\/p>\n<p><span style=\"font-family: Verdana,sans-serif;\">F\u00fcr sechs Wohnmobile mit V+E ausgelegt, tummeln sich 15 Wohnmobile wie an der Leine aufgezogen dort. Ein Platz direkt an der Meuse mit Wiesen und B\u00e4umen. Eine Bar mit kleinem Speisenangebot, ein Restaurant, ein Supermarkt und ein B\u00e4cker sind in unmittelbarer N\u00e4he.<\/span><\/p>\n<p><span style=\"font-family: Verdana,sans-serif;\">Tagesstrecke: 387 km<\/span><\/p>\n<p>&nbsp;<\/p>\n<p><b><span style=\"font-family: Verdana,sans-serif;\">Samstag, 17.08.2013<\/span><\/b><\/p>\n<p><span style=\"font-family: Verdana,sans-serif;\">Es ist ein sch\u00f6ner Morgen. Deshalb machen wir erst noch eine kleine Radtour an der Meuse entlang bis nach Montherme. Dort wird gerade ein schon bestehender Stellplatz, ebenfalls direkt an der Meuse, neu begr\u00fcnt, deshalb parken die Wohnmobile neben am Wegesrand.<\/span><\/p>\n<p><a href=\"https:\/\/olu-limburg.de\/wp-content\/uploads\/2015\/11\/SAM_0011.jpg\"><img loading=\"lazy\" decoding=\"async\" class=\"size-full wp-image-3904 aligncenter\" src=\"https:\/\/olu-limburg.de\/wp-content\/uploads\/2015\/11\/SAM_0011.jpg\" alt=\"SAM_0011\" width=\"800\" height=\"600\" srcset=\"https:\/\/olu-limburg.de\/wp-content\/uploads\/2015\/11\/SAM_0011.jpg 800w, https:\/\/olu-limburg.de\/wp-content\/uploads\/2015\/11\/SAM_0011-300x225.jpg 300w, https:\/\/olu-limburg.de\/wp-content\/uploads\/2015\/11\/SAM_0011-624x468.jpg 624w\" sizes=\"auto, (max-width: 800px) 100vw, 800px\" \/><\/a><\/p>\n<p><a href=\"https:\/\/olu-limburg.de\/wp-content\/uploads\/2015\/11\/SAM_0009.jpg\"><img loading=\"lazy\" decoding=\"async\" class=\"size-full wp-image-3903 aligncenter\" src=\"https:\/\/olu-limburg.de\/wp-content\/uploads\/2015\/11\/SAM_0009.jpg\" alt=\"SAM_0009\" width=\"800\" height=\"600\" srcset=\"https:\/\/olu-limburg.de\/wp-content\/uploads\/2015\/11\/SAM_0009.jpg 800w, https:\/\/olu-limburg.de\/wp-content\/uploads\/2015\/11\/SAM_0009-300x225.jpg 300w, https:\/\/olu-limburg.de\/wp-content\/uploads\/2015\/11\/SAM_0009-624x468.jpg 624w\" sizes=\"auto, (max-width: 800px) 100vw, 800px\" \/><\/a><\/p>\n<p><span style=\"font-family: Verdana,sans-serif;\">Die Weiterfahrt \u00fcber Sedan und Bouillon (Belgien) ist entspannt zu fahren. Die folgende Autobahn nach Luxembourg bis Waserbillig ist fast schon unsere &#8222;Hausstrecke&#8220;. In Wasserbillig tanken wir und fahren an der Mosel weiter. Direkt hinter der Grenze ist eine Pizzeria bei der wir schon oft angehalten haben, so auch dieses Mal.<\/span><\/p>\n<p><span style=\"font-family: Verdana,sans-serif;\">Hinter Trier fahren wir in das Moseltal hinein um wieder nach Minheim zu kommen. Der Stellplatzmit V+E (Geb\u00fchr EUR 6,00) ist proppenvoll und wir bekommen gerade noch einen der letzten Pl\u00e4tze. Gegen\u00fcber der Hinfahrt ist er gar nicht mehr wieder zu erkennen. Laut Auskunft des Kassierers ist es aber auch erst das zweite volle Wochenende f\u00fcr dieses Jahr.<\/span><\/p>\n<p><span style=\"font-family: Verdana,sans-serif;\">Abends ziehen wir nicht wie viele andere zur gro\u00dfen Weinprobe mit Musik f\u00fcr EUR 4,50, sondern wir gehen wieder zum Weingut Schmitt-Breit und verbringen einen gem\u00fctlichen Abend in der Weinlaube.<\/span><\/p>\n<p>Tagesstrecke: 259 km<\/p>\n<p>&nbsp;<\/p>\n<p><b>Sonntag, 18.08.2013<\/b><\/p>\n<p>P\u00fcnktlich um 08.15 Uhr f\u00e4hrt der B\u00e4cker vor. Nach dem Fr\u00fchst\u00fcck das gewohnte Entsorgen und ab die Post. Es regnet wieder ein wenig. Minheim scheint uns immer mit Regen zu verabschieden.<\/p>\n<p>Durch einige Umleitungen und eine gesperrte Autobahn-Auffahrt bei Wittlich kommen wir aber nicht recht voran. Staus kommen auch noch hinzu. Trotzdem schaffen wir es bis 13.00 Uhr nach Limburg. Es klappt gerade noch rechtzeitig, um mit unserem j\u00fcngsten Sohn den Abschluss unserer Reise in einem griechischen Restaurant zu begehen. Gleichzeitig ist es bei Retsina und Ouzo eine gute Einstimmung auf unsere n\u00e4chste Tour im Herbst nach Griechenland.<\/p>\n<p>Tagesstrecke: 179 km<\/p>\n<p>&nbsp;<\/p>\n<p><a href=\"https:\/\/olu-limburg.de\/?page_id=3894\">Zur\u00fcck zum Seitenanfang<\/a><\/p>\n","protected":false},"excerpt":{"rendered":"<p>&nbsp; Text: Hans-Werner \u00a0 \u00a0 \u00a0 \u00a0 \u00a0 \u00a0 \u00a0 \u00a0 \u00a0 \u00a0 \u00a0 \u00a0 \u00a0 \u00a0 \u00a0 \u00a0 \u00a0 \u00a0 \u00a0 \u00a0 \u00a0 \u00a0 \u00a0 \u00a0 \u00a0 \u00a0 \u00a0 \u00a0 \u00a0 \u00a0 \u00a0 \u00a0 \u00a0 \u00a0 \u00a0 \u00a0 \u00a0 \u00a0 \u00a0 \u00a0 \u00a0 \u00a0 \u00a0 \u00a0 \u00a0 \u00a0 \u00a0 \u00a0 \u00a0 \u00a0\u00a0 Fotos: Hans-Werner [&hellip;]<\/p>\n","protected":false},"author":1,"featured_media":0,"parent":0,"menu_order":0,"comment_status":"closed","ping_status":"closed","template":"page-templates\/full-width.php","meta":{"footnotes":""},"class_list":["post-3894","page","type-page","status-publish","hentry"],"_links":{"self":[{"href":"https:\/\/olu-limburg.de\/index.php?rest_route=\/wp\/v2\/pages\/3894","targetHints":{"allow":["GET"]}}],"collection":[{"href":"https:\/\/olu-limburg.de\/index.php?rest_route=\/wp\/v2\/pages"}],"about":[{"href":"https:\/\/olu-limburg.de\/index.php?rest_route=\/wp\/v2\/types\/page"}],"author":[{"embeddable":true,"href":"https:\/\/olu-limburg.de\/index.php?rest_route=\/wp\/v2\/users\/1"}],"replies":[{"embeddable":true,"href":"https:\/\/olu-limburg.de\/index.php?rest_route=%2Fwp%2Fv2%2Fcomments&post=3894"}],"version-history":[{"count":30,"href":"https:\/\/olu-limburg.de\/index.php?rest_route=\/wp\/v2\/pages\/3894\/revisions"}],"predecessor-version":[{"id":6879,"href":"https:\/\/olu-limburg.de\/index.php?rest_route=\/wp\/v2\/pages\/3894\/revisions\/6879"}],"wp:attachment":[{"href":"https:\/\/olu-limburg.de\/index.php?rest_route=%2Fwp%2Fv2%2Fmedia&parent=3894"}],"curies":[{"name":"wp","href":"https:\/\/api.w.org\/{rel}","templated":true}]}}