{"id":32063,"date":"2024-06-10T18:11:27","date_gmt":"2024-06-10T16:11:27","guid":{"rendered":"https:\/\/olu-limburg.de\/?page_id=32063"},"modified":"2024-06-20T18:27:32","modified_gmt":"2024-06-20T16:27:32","slug":"champagne-und-burgund-im-fruehling-2024","status":"publish","type":"page","link":"https:\/\/olu-limburg.de\/?page_id=32063","title":{"rendered":"Champagne und Burgund im Fr\u00fchling 2024"},"content":{"rendered":"<p>Text: Hans-Werner\u00a0\u00a0\u00a0\u00a0\u00a0\u00a0\u00a0\u00a0\u00a0\u00a0\u00a0\u00a0\u00a0\u00a0\u00a0\u00a0\u00a0\u00a0\u00a0\u00a0\u00a0\u00a0\u00a0\u00a0\u00a0\u00a0\u00a0\u00a0\u00a0\u00a0\u00a0\u00a0\u00a0\u00a0\u00a0\u00a0\u00a0\u00a0\u00a0\u00a0\u00a0\u00a0\u00a0\u00a0\u00a0\u00a0\u00a0\u00a0\u00a0\u00a0\u00a0\u00a0\u00a0\u00a0\u00a0\u00a0\u00a0\u00a0\u00a0\u00a0\u00a0\u00a0\u00a0\u00a0\u00a0\u00a0\u00a0\u00a0\u00a0\u00a0\u00a0\u00a0\u00a0\u00a0\u00a0\u00a0\u00a0\u00a0\u00a0\u00a0\u00a0\u00a0\u00a0\u00a0\u00a0\u00a0\u00a0\u00a0\u00a0\u00a0\u00a0\u00a0\u00a0\u00a0\u00a0\u00a0\u00a0\u00a0\u00a0 Fotos: Hans-Werner und Lena<\/p>\n<p>&nbsp;<\/p>\n<p>Nach viel Regen und einer langen REHA von Lena sehnen wir uns nach etwas Abwechslung und Sonne. Lena sieht die Sonne mehr an der Nordsee (Sie hatte ja im Nachhinein so recht.), und ich in der nahen Champagne und im Burgund. Die Wahl des Chauffeurs entscheidet und beschert uns eine etwas verk\u00fcrzte Reise.<\/p>\n<p>So fahren wir vom 29.April bis zum 08. Mai 2024 nach Frankreich. Dabei haben wir 1.387 km zur\u00fcckgelegt und ausschlie\u00dflich auf Stellpl\u00e4tzen \u00fcbernachtet.<\/p>\n<p>&nbsp;<\/p>\n<p><strong>Montag, 29.04.2024<\/strong><\/p>\n<p>Auf der von uns bevorzugten Strecke: Mosel-Autobahn, Luxemburg inkl. Tanken und Kaffeekauf, &#8230;<\/p>\n<div id=\"attachment_32073\" style=\"width: 460px\" class=\"wp-caption aligncenter\"><a href=\"https:\/\/olu-limburg.de\/wp-content\/uploads\/2024\/06\/IMG_20240429_133451_ergebnis-e1718290314668.jpg\"><img loading=\"lazy\" decoding=\"async\" aria-describedby=\"caption-attachment-32073\" class=\"wp-image-32073 size-full\" src=\"https:\/\/olu-limburg.de\/wp-content\/uploads\/2024\/06\/IMG_20240429_133451_ergebnis-e1718290314668.jpg\" alt=\"\" width=\"450\" height=\"600\" \/><\/a><p id=\"caption-attachment-32073\" class=\"wp-caption-text\">&#8222;Mittagessen&#8220; an der Rastst\u00e4tte Wasserbillig<\/p><\/div>\n<p>&#8230; fahren wir noch durch ein kleines St\u00fcck Belgien nach Frankreich und hier nach Mouzon auf den dortigen Wohnmobil-Stellplatz an der Meuse (Geb\u00fchr EUR 9,44).<\/p>\n<p><a href=\"https:\/\/olu-limburg.de\/wp-content\/uploads\/2024\/06\/20240429_170859_ergebnis-e1718292960481.jpg\"><img loading=\"lazy\" decoding=\"async\" class=\"size-full wp-image-32118 aligncenter\" src=\"https:\/\/olu-limburg.de\/wp-content\/uploads\/2024\/06\/20240429_170859_ergebnis-e1718292960481.jpg\" alt=\"\" width=\"450\" height=\"600\" \/><\/a><\/p>\n<p><a href=\"https:\/\/olu-limburg.de\/wp-content\/uploads\/2024\/06\/IMG_20240430_115234_ergebnis.jpg\"><img loading=\"lazy\" decoding=\"async\" class=\"size-full wp-image-32085 aligncenter\" src=\"https:\/\/olu-limburg.de\/wp-content\/uploads\/2024\/06\/IMG_20240430_115234_ergebnis.jpg\" alt=\"\" width=\"800\" height=\"600\" srcset=\"https:\/\/olu-limburg.de\/wp-content\/uploads\/2024\/06\/IMG_20240430_115234_ergebnis.jpg 800w, https:\/\/olu-limburg.de\/wp-content\/uploads\/2024\/06\/IMG_20240430_115234_ergebnis-300x225.jpg 300w, https:\/\/olu-limburg.de\/wp-content\/uploads\/2024\/06\/IMG_20240430_115234_ergebnis-768x576.jpg 768w, https:\/\/olu-limburg.de\/wp-content\/uploads\/2024\/06\/IMG_20240430_115234_ergebnis-624x468.jpg 624w\" sizes=\"auto, (max-width: 800px) 100vw, 800px\" \/><\/a><\/p>\n<p><a href=\"https:\/\/olu-limburg.de\/wp-content\/uploads\/2024\/06\/IMG_20240430_115329_ergebnis.jpg\"><img loading=\"lazy\" decoding=\"async\" class=\"size-full wp-image-32087 aligncenter\" src=\"https:\/\/olu-limburg.de\/wp-content\/uploads\/2024\/06\/IMG_20240430_115329_ergebnis.jpg\" alt=\"\" width=\"800\" height=\"600\" srcset=\"https:\/\/olu-limburg.de\/wp-content\/uploads\/2024\/06\/IMG_20240430_115329_ergebnis.jpg 800w, https:\/\/olu-limburg.de\/wp-content\/uploads\/2024\/06\/IMG_20240430_115329_ergebnis-300x225.jpg 300w, https:\/\/olu-limburg.de\/wp-content\/uploads\/2024\/06\/IMG_20240430_115329_ergebnis-768x576.jpg 768w, https:\/\/olu-limburg.de\/wp-content\/uploads\/2024\/06\/IMG_20240430_115329_ergebnis-624x468.jpg 624w\" sizes=\"auto, (max-width: 800px) 100vw, 800px\" \/><\/a><\/p>\n<p>Mouzon liegt an der alten R\u00f6merstra\u00dfe von Reims nach Trier und war der \u00dcbergang \u00fcber die Maas (Meuse). Wir haben eine sch\u00f6ne Aussicht auf die Meuse und die Sonne scheint. So hab ich es mir vorgestellt.<\/p>\n<p>Bei einem Spaziergang durch Mouzon finden wir einen sehr guten B\u00e4cker. Somit ist die Versorgung mit Backwaren schon mal gesichert.<\/p>\n<p><a href=\"https:\/\/olu-limburg.de\/wp-content\/uploads\/2024\/06\/20240429_172007_ergebnis-e1718293000424.jpg\"><img loading=\"lazy\" decoding=\"async\" class=\"size-full wp-image-32119 aligncenter\" src=\"https:\/\/olu-limburg.de\/wp-content\/uploads\/2024\/06\/20240429_172007_ergebnis-e1718293000424.jpg\" alt=\"\" width=\"450\" height=\"600\" \/><\/a><\/p>\n<p>Im Ort wird mit kleinen Tafeln auf die historischen Ansichten hingewiesen und die entsprechenden H\u00e4user erkl\u00e4rt. Ansonsten sehen wir, wie so oft in Frankreich, die Auswirkungen der &#8222;Landflucht&#8220; und das Streben der nachfolgenden Generation nach dem Leben in der Gro\u00dfstadt.<\/p>\n<div id=\"attachment_32074\" style=\"width: 810px\" class=\"wp-caption aligncenter\"><a href=\"https:\/\/olu-limburg.de\/wp-content\/uploads\/2024\/06\/IMG_20240429_171440_ergebnis.jpg\"><img loading=\"lazy\" decoding=\"async\" aria-describedby=\"caption-attachment-32074\" class=\"wp-image-32074 size-full\" src=\"https:\/\/olu-limburg.de\/wp-content\/uploads\/2024\/06\/IMG_20240429_171440_ergebnis.jpg\" alt=\"\" width=\"800\" height=\"600\" srcset=\"https:\/\/olu-limburg.de\/wp-content\/uploads\/2024\/06\/IMG_20240429_171440_ergebnis.jpg 800w, https:\/\/olu-limburg.de\/wp-content\/uploads\/2024\/06\/IMG_20240429_171440_ergebnis-300x225.jpg 300w, https:\/\/olu-limburg.de\/wp-content\/uploads\/2024\/06\/IMG_20240429_171440_ergebnis-768x576.jpg 768w, https:\/\/olu-limburg.de\/wp-content\/uploads\/2024\/06\/IMG_20240429_171440_ergebnis-624x468.jpg 624w\" sizes=\"auto, (max-width: 800px) 100vw, 800px\" \/><\/a><p id=\"caption-attachment-32074\" class=\"wp-caption-text\">Hotel de Ville (Rathaus)<\/p><\/div>\n<div id=\"attachment_32084\" style=\"width: 460px\" class=\"wp-caption aligncenter\"><a href=\"https:\/\/olu-limburg.de\/wp-content\/uploads\/2024\/06\/IMG_20240430_085246_ergebnis-e1718290581478.jpg\"><img loading=\"lazy\" decoding=\"async\" aria-describedby=\"caption-attachment-32084\" class=\"wp-image-32084 size-full\" src=\"https:\/\/olu-limburg.de\/wp-content\/uploads\/2024\/06\/IMG_20240430_085246_ergebnis-e1718290581478.jpg\" alt=\"\" width=\"450\" height=\"600\" \/><\/a><p id=\"caption-attachment-32084\" class=\"wp-caption-text\">Abteikirche Notre Dame aus dem12. Jhdt.<\/p><\/div>\n<p><a href=\"https:\/\/olu-limburg.de\/wp-content\/uploads\/2024\/06\/IMG_20240429_171751_ergebnis-e1718290608656.jpg\"><img loading=\"lazy\" decoding=\"async\" class=\"size-full wp-image-32075 aligncenter\" src=\"https:\/\/olu-limburg.de\/wp-content\/uploads\/2024\/06\/IMG_20240429_171751_ergebnis-e1718290608656.jpg\" alt=\"\" width=\"450\" height=\"600\" \/><\/a><\/p>\n<div id=\"attachment_32076\" style=\"width: 810px\" class=\"wp-caption aligncenter\"><a href=\"https:\/\/olu-limburg.de\/wp-content\/uploads\/2024\/06\/IMG_20240429_172205_ergebnis.jpg\"><img loading=\"lazy\" decoding=\"async\" aria-describedby=\"caption-attachment-32076\" class=\"wp-image-32076 size-full\" src=\"https:\/\/olu-limburg.de\/wp-content\/uploads\/2024\/06\/IMG_20240429_172205_ergebnis.jpg\" alt=\"\" width=\"800\" height=\"600\" srcset=\"https:\/\/olu-limburg.de\/wp-content\/uploads\/2024\/06\/IMG_20240429_172205_ergebnis.jpg 800w, https:\/\/olu-limburg.de\/wp-content\/uploads\/2024\/06\/IMG_20240429_172205_ergebnis-300x225.jpg 300w, https:\/\/olu-limburg.de\/wp-content\/uploads\/2024\/06\/IMG_20240429_172205_ergebnis-768x576.jpg 768w, https:\/\/olu-limburg.de\/wp-content\/uploads\/2024\/06\/IMG_20240429_172205_ergebnis-624x468.jpg 624w\" sizes=\"auto, (max-width: 800px) 100vw, 800px\" \/><\/a><p id=\"caption-attachment-32076\" class=\"wp-caption-text\">ehem. Benediktinerkloster, Gr\u00fcndung der Vorl\u00e4uferbauten im 9. Jhdt.. Jetzt ist es ein Altersheim<\/p><\/div>\n<div id=\"attachment_32077\" style=\"width: 810px\" class=\"wp-caption aligncenter\"><a href=\"https:\/\/olu-limburg.de\/wp-content\/uploads\/2024\/06\/IMG_20240429_173458_ergebnis.jpg\"><img loading=\"lazy\" decoding=\"async\" aria-describedby=\"caption-attachment-32077\" class=\"wp-image-32077 size-full\" src=\"https:\/\/olu-limburg.de\/wp-content\/uploads\/2024\/06\/IMG_20240429_173458_ergebnis.jpg\" alt=\"\" width=\"800\" height=\"600\" srcset=\"https:\/\/olu-limburg.de\/wp-content\/uploads\/2024\/06\/IMG_20240429_173458_ergebnis.jpg 800w, https:\/\/olu-limburg.de\/wp-content\/uploads\/2024\/06\/IMG_20240429_173458_ergebnis-300x225.jpg 300w, https:\/\/olu-limburg.de\/wp-content\/uploads\/2024\/06\/IMG_20240429_173458_ergebnis-768x576.jpg 768w, https:\/\/olu-limburg.de\/wp-content\/uploads\/2024\/06\/IMG_20240429_173458_ergebnis-624x468.jpg 624w\" sizes=\"auto, (max-width: 800px) 100vw, 800px\" \/><\/a><p id=\"caption-attachment-32077\" class=\"wp-caption-text\">Abtreikirche mit Kloster und Klostergarten<\/p><\/div>\n<p><a href=\"https:\/\/olu-limburg.de\/wp-content\/uploads\/2024\/06\/20240429_173412_ergebnis.jpg\"><img loading=\"lazy\" decoding=\"async\" class=\"size-full wp-image-32120 aligncenter\" src=\"https:\/\/olu-limburg.de\/wp-content\/uploads\/2024\/06\/20240429_173412_ergebnis.jpg\" alt=\"\" width=\"800\" height=\"600\" srcset=\"https:\/\/olu-limburg.de\/wp-content\/uploads\/2024\/06\/20240429_173412_ergebnis.jpg 800w, https:\/\/olu-limburg.de\/wp-content\/uploads\/2024\/06\/20240429_173412_ergebnis-300x225.jpg 300w, https:\/\/olu-limburg.de\/wp-content\/uploads\/2024\/06\/20240429_173412_ergebnis-768x576.jpg 768w, https:\/\/olu-limburg.de\/wp-content\/uploads\/2024\/06\/20240429_173412_ergebnis-624x468.jpg 624w\" sizes=\"auto, (max-width: 800px) 100vw, 800px\" \/><\/a><\/p>\n<p><a href=\"https:\/\/olu-limburg.de\/wp-content\/uploads\/2024\/06\/IMG_20240430_084505_ergebnis-e1718291069389.jpg\"><img loading=\"lazy\" decoding=\"async\" class=\"size-full wp-image-32079 alignleft\" src=\"https:\/\/olu-limburg.de\/wp-content\/uploads\/2024\/06\/IMG_20240430_084505_ergebnis-e1718291069389.jpg\" alt=\"\" width=\"450\" height=\"600\" \/><\/a><\/p>\n<p><a href=\"https:\/\/olu-limburg.de\/wp-content\/uploads\/2024\/06\/IMG_20240430_084605_ergebnis-e1718291126185.jpg\"><img loading=\"lazy\" decoding=\"async\" class=\"size-full wp-image-32080 alignright\" src=\"https:\/\/olu-limburg.de\/wp-content\/uploads\/2024\/06\/IMG_20240430_084605_ergebnis-e1718291126185.jpg\" alt=\"\" width=\"450\" height=\"600\" \/><\/a><\/p>\n<p><a href=\"https:\/\/olu-limburg.de\/wp-content\/uploads\/2024\/06\/IMG_20240429_174133_ergebnis.jpg\"><img loading=\"lazy\" decoding=\"async\" class=\"size-full wp-image-32078 aligncenter\" src=\"https:\/\/olu-limburg.de\/wp-content\/uploads\/2024\/06\/IMG_20240429_174133_ergebnis.jpg\" alt=\"\" width=\"800\" height=\"600\" srcset=\"https:\/\/olu-limburg.de\/wp-content\/uploads\/2024\/06\/IMG_20240429_174133_ergebnis.jpg 800w, https:\/\/olu-limburg.de\/wp-content\/uploads\/2024\/06\/IMG_20240429_174133_ergebnis-300x225.jpg 300w, https:\/\/olu-limburg.de\/wp-content\/uploads\/2024\/06\/IMG_20240429_174133_ergebnis-768x576.jpg 768w, https:\/\/olu-limburg.de\/wp-content\/uploads\/2024\/06\/IMG_20240429_174133_ergebnis-624x468.jpg 624w\" sizes=\"auto, (max-width: 800px) 100vw, 800px\" \/><\/a><\/p>\n<p>Tagesstrecke: 316 km<\/p>\n<p>&nbsp;<\/p>\n<p><strong>Dienstag, 30.04.2024<\/strong><\/p>\n<p><a href=\"https:\/\/olu-limburg.de\/wp-content\/uploads\/2024\/06\/IMG_20240430_172242_ergebnis-e1718296750620.jpg\"><img loading=\"lazy\" decoding=\"async\" class=\"size-full wp-image-32116 aligncenter\" src=\"https:\/\/olu-limburg.de\/wp-content\/uploads\/2024\/06\/IMG_20240430_172242_ergebnis-e1718296750620.jpg\" alt=\"\" width=\"450\" height=\"600\" \/><\/a><\/p>\n<p>Auf meinem morgendlichen Gang zum B\u00e4cker komme ich an dem Restaurant &#8222;Les Echevins&#8220; vorbei. Dabei f\u00e4llt mir das Schild mit dem Hinweis zur Erw\u00e4hnung im Gault Millau auf. Das \u00e4u\u00dfere Erscheinungsbild gibt dies eigentlich nicht her. Die Neugierde ist aber auf jeden Fall geweckt. Und das Beste ist, es hat sogar heute zum Mittagstisch ge\u00f6ffnet. Nach R\u00fccksprache mit Lena steht der Entschlu\u00df fest. Wir bleiben hier und besuchen heute Mittag das &#8222;Les Echevins&#8220;.<\/p>\n<p><a href=\"https:\/\/olu-limburg.de\/wp-content\/uploads\/2024\/06\/IMG_20240430_084729_ergebnis-e1718293160732.jpg\"><img loading=\"lazy\" decoding=\"async\" class=\"size-full wp-image-32081 alignleft\" src=\"https:\/\/olu-limburg.de\/wp-content\/uploads\/2024\/06\/IMG_20240430_084729_ergebnis-e1718293160732.jpg\" alt=\"\" width=\"450\" height=\"600\" \/><\/a><\/p>\n<p><a href=\"https:\/\/olu-limburg.de\/wp-content\/uploads\/2024\/06\/IMG_20240430_084810_ergebnis-e1718293070813.jpg\"><img loading=\"lazy\" decoding=\"async\" class=\"size-full wp-image-32082 alignright\" src=\"https:\/\/olu-limburg.de\/wp-content\/uploads\/2024\/06\/IMG_20240430_084810_ergebnis-e1718293070813.jpg\" alt=\"\" width=\"450\" height=\"600\" \/><\/a><\/p>\n<p><a href=\"https:\/\/olu-limburg.de\/wp-content\/uploads\/2024\/06\/IMG_20240430_085056_ergebnis-e1718293101300.jpg\"><img loading=\"lazy\" decoding=\"async\" class=\"size-full wp-image-32083 aligncenter\" src=\"https:\/\/olu-limburg.de\/wp-content\/uploads\/2024\/06\/IMG_20240430_085056_ergebnis-e1718293101300.jpg\" alt=\"\" width=\"450\" height=\"600\" \/><\/a><\/p>\n<p>Zuerst ist aber Fr\u00fchst\u00fcck angesagt. Die Backwaren sind nat\u00fcrlich von &#8222;unserem&#8220; B\u00e4cker, den wir gestern gefunden haben.<\/p>\n<p><a href=\"https:\/\/olu-limburg.de\/wp-content\/uploads\/2024\/06\/20240430_091023_ergebnis.jpg\"><img loading=\"lazy\" decoding=\"async\" class=\"size-full wp-image-32121 aligncenter\" src=\"https:\/\/olu-limburg.de\/wp-content\/uploads\/2024\/06\/20240430_091023_ergebnis.jpg\" alt=\"\" width=\"800\" height=\"600\" srcset=\"https:\/\/olu-limburg.de\/wp-content\/uploads\/2024\/06\/20240430_091023_ergebnis.jpg 800w, https:\/\/olu-limburg.de\/wp-content\/uploads\/2024\/06\/20240430_091023_ergebnis-300x225.jpg 300w, https:\/\/olu-limburg.de\/wp-content\/uploads\/2024\/06\/20240430_091023_ergebnis-768x576.jpg 768w, https:\/\/olu-limburg.de\/wp-content\/uploads\/2024\/06\/20240430_091023_ergebnis-624x468.jpg 624w\" sizes=\"auto, (max-width: 800px) 100vw, 800px\" \/><\/a><\/p>\n<p><a href=\"https:\/\/olu-limburg.de\/wp-content\/uploads\/2024\/06\/20240430_091535_ergebnis.jpg\"><img loading=\"lazy\" decoding=\"async\" class=\"size-full wp-image-32122 aligncenter\" src=\"https:\/\/olu-limburg.de\/wp-content\/uploads\/2024\/06\/20240430_091535_ergebnis.jpg\" alt=\"\" width=\"800\" height=\"600\" srcset=\"https:\/\/olu-limburg.de\/wp-content\/uploads\/2024\/06\/20240430_091535_ergebnis.jpg 800w, https:\/\/olu-limburg.de\/wp-content\/uploads\/2024\/06\/20240430_091535_ergebnis-300x225.jpg 300w, https:\/\/olu-limburg.de\/wp-content\/uploads\/2024\/06\/20240430_091535_ergebnis-768x576.jpg 768w, https:\/\/olu-limburg.de\/wp-content\/uploads\/2024\/06\/20240430_091535_ergebnis-624x468.jpg 624w\" sizes=\"auto, (max-width: 800px) 100vw, 800px\" \/><\/a><\/p>\n<p>Wir k\u00f6nnen zwar unseren Besuch im &#8222;Les Echevins&#8220; kaum erwarten, trotzdem ist noch viel Zeit , soda\u00df wir wieder einen gro\u00dfen Spaziergang durch Mouzon machen.<\/p>\n<p><a href=\"https:\/\/olu-limburg.de\/wp-content\/uploads\/2024\/06\/IMG_20240430_120017_ergebnis.jpg\"><img loading=\"lazy\" decoding=\"async\" class=\"size-full wp-image-32088 aligncenter\" src=\"https:\/\/olu-limburg.de\/wp-content\/uploads\/2024\/06\/IMG_20240430_120017_ergebnis.jpg\" alt=\"\" width=\"800\" height=\"600\" srcset=\"https:\/\/olu-limburg.de\/wp-content\/uploads\/2024\/06\/IMG_20240430_120017_ergebnis.jpg 800w, https:\/\/olu-limburg.de\/wp-content\/uploads\/2024\/06\/IMG_20240430_120017_ergebnis-300x225.jpg 300w, https:\/\/olu-limburg.de\/wp-content\/uploads\/2024\/06\/IMG_20240430_120017_ergebnis-768x576.jpg 768w, https:\/\/olu-limburg.de\/wp-content\/uploads\/2024\/06\/IMG_20240430_120017_ergebnis-624x468.jpg 624w\" sizes=\"auto, (max-width: 800px) 100vw, 800px\" \/><\/a><\/p>\n<p><a href=\"https:\/\/olu-limburg.de\/wp-content\/uploads\/2024\/06\/IMG_20240430_120135_ergebnis-e1718293767199.jpg\"><img loading=\"lazy\" decoding=\"async\" class=\"size-full wp-image-32089 aligncenter\" src=\"https:\/\/olu-limburg.de\/wp-content\/uploads\/2024\/06\/IMG_20240430_120135_ergebnis-e1718293767199.jpg\" alt=\"\" width=\"450\" height=\"600\" \/><\/a><\/p>\n<p><a href=\"https:\/\/olu-limburg.de\/wp-content\/uploads\/2024\/06\/IMG_20240430_120226_ergebnis-e1718293962794.jpg\"><img loading=\"lazy\" decoding=\"async\" class=\"size-full wp-image-32090 alignleft\" src=\"https:\/\/olu-limburg.de\/wp-content\/uploads\/2024\/06\/IMG_20240430_120226_ergebnis-e1718293962794.jpg\" alt=\"\" width=\"450\" height=\"600\" \/><\/a><\/p>\n<p><a href=\"https:\/\/olu-limburg.de\/wp-content\/uploads\/2024\/06\/IMG_20240430_120249_ergebnis-e1718293992945.jpg\"><img loading=\"lazy\" decoding=\"async\" class=\"size-full wp-image-32091 alignright\" src=\"https:\/\/olu-limburg.de\/wp-content\/uploads\/2024\/06\/IMG_20240430_120249_ergebnis-e1718293992945.jpg\" alt=\"\" width=\"450\" height=\"600\" \/><\/a><\/p>\n<p><a href=\"https:\/\/olu-limburg.de\/wp-content\/uploads\/2024\/06\/20240430_115714_ergebnis.jpg\"><img loading=\"lazy\" decoding=\"async\" class=\"size-full wp-image-32123 aligncenter\" src=\"https:\/\/olu-limburg.de\/wp-content\/uploads\/2024\/06\/20240430_115714_ergebnis.jpg\" alt=\"\" width=\"800\" height=\"600\" srcset=\"https:\/\/olu-limburg.de\/wp-content\/uploads\/2024\/06\/20240430_115714_ergebnis.jpg 800w, https:\/\/olu-limburg.de\/wp-content\/uploads\/2024\/06\/20240430_115714_ergebnis-300x225.jpg 300w, https:\/\/olu-limburg.de\/wp-content\/uploads\/2024\/06\/20240430_115714_ergebnis-768x576.jpg 768w, https:\/\/olu-limburg.de\/wp-content\/uploads\/2024\/06\/20240430_115714_ergebnis-624x468.jpg 624w\" sizes=\"auto, (max-width: 800px) 100vw, 800px\" \/><\/a><\/p>\n<p><a href=\"https:\/\/olu-limburg.de\/wp-content\/uploads\/2024\/06\/IMG_20240430_120528_ergebnis.jpg\"><img loading=\"lazy\" decoding=\"async\" class=\"size-full wp-image-32092 aligncenter\" src=\"https:\/\/olu-limburg.de\/wp-content\/uploads\/2024\/06\/IMG_20240430_120528_ergebnis.jpg\" alt=\"\" width=\"800\" height=\"600\" srcset=\"https:\/\/olu-limburg.de\/wp-content\/uploads\/2024\/06\/IMG_20240430_120528_ergebnis.jpg 800w, https:\/\/olu-limburg.de\/wp-content\/uploads\/2024\/06\/IMG_20240430_120528_ergebnis-300x225.jpg 300w, https:\/\/olu-limburg.de\/wp-content\/uploads\/2024\/06\/IMG_20240430_120528_ergebnis-768x576.jpg 768w, https:\/\/olu-limburg.de\/wp-content\/uploads\/2024\/06\/IMG_20240430_120528_ergebnis-624x468.jpg 624w\" sizes=\"auto, (max-width: 800px) 100vw, 800px\" \/><\/a><\/p>\n<p><a href=\"https:\/\/olu-limburg.de\/wp-content\/uploads\/2024\/06\/IMG_20240430_120711_ergebnis-e1718294025649.jpg\"><img loading=\"lazy\" decoding=\"async\" class=\"size-full wp-image-32093 aligncenter\" src=\"https:\/\/olu-limburg.de\/wp-content\/uploads\/2024\/06\/IMG_20240430_120711_ergebnis-e1718294025649.jpg\" alt=\"\" width=\"450\" height=\"600\" \/><\/a><\/p>\n<p><a href=\"https:\/\/olu-limburg.de\/wp-content\/uploads\/2024\/06\/IMG_20240430_120746_ergebnis-e1718294056712.jpg\"><img loading=\"lazy\" decoding=\"async\" class=\"size-full wp-image-32094 aligncenter\" src=\"https:\/\/olu-limburg.de\/wp-content\/uploads\/2024\/06\/IMG_20240430_120746_ergebnis-e1718294056712.jpg\" alt=\"\" width=\"450\" height=\"600\" \/><\/a><\/p>\n<p>Das ist jetzt der eigentliche, alte Flu\u00dflauf der Meuse. Wir &#8222;wohnen&#8220; am Kanal.<\/p>\n<p><a href=\"https:\/\/olu-limburg.de\/wp-content\/uploads\/2024\/06\/IMG_20240430_120936_ergebnis.jpg\"><img loading=\"lazy\" decoding=\"async\" class=\"size-full wp-image-32095 aligncenter\" src=\"https:\/\/olu-limburg.de\/wp-content\/uploads\/2024\/06\/IMG_20240430_120936_ergebnis.jpg\" alt=\"\" width=\"800\" height=\"600\" srcset=\"https:\/\/olu-limburg.de\/wp-content\/uploads\/2024\/06\/IMG_20240430_120936_ergebnis.jpg 800w, https:\/\/olu-limburg.de\/wp-content\/uploads\/2024\/06\/IMG_20240430_120936_ergebnis-300x225.jpg 300w, https:\/\/olu-limburg.de\/wp-content\/uploads\/2024\/06\/IMG_20240430_120936_ergebnis-768x576.jpg 768w, https:\/\/olu-limburg.de\/wp-content\/uploads\/2024\/06\/IMG_20240430_120936_ergebnis-624x468.jpg 624w\" sizes=\"auto, (max-width: 800px) 100vw, 800px\" \/><\/a><\/p>\n<div id=\"attachment_32096\" style=\"width: 460px\" class=\"wp-caption aligncenter\"><a href=\"https:\/\/olu-limburg.de\/wp-content\/uploads\/2024\/06\/IMG_20240430_121037_ergebnis-e1718294216130.jpg\"><img loading=\"lazy\" decoding=\"async\" aria-describedby=\"caption-attachment-32096\" class=\"wp-image-32096 size-full\" src=\"https:\/\/olu-limburg.de\/wp-content\/uploads\/2024\/06\/IMG_20240430_121037_ergebnis-e1718294216130.jpg\" alt=\"\" width=\"450\" height=\"600\" \/><\/a><p id=\"caption-attachment-32096\" class=\"wp-caption-text\">von der Br\u00fccke \u00fcber die Meuse ein Blick zur\u00fcck in Richtung Stadt<\/p><\/div>\n<p><a href=\"https:\/\/olu-limburg.de\/wp-content\/uploads\/2024\/06\/IMG_20240430_121238_ergebnis.jpg\"><img loading=\"lazy\" decoding=\"async\" class=\"size-full wp-image-32097 aligncenter\" src=\"https:\/\/olu-limburg.de\/wp-content\/uploads\/2024\/06\/IMG_20240430_121238_ergebnis.jpg\" alt=\"\" width=\"800\" height=\"600\" srcset=\"https:\/\/olu-limburg.de\/wp-content\/uploads\/2024\/06\/IMG_20240430_121238_ergebnis.jpg 800w, https:\/\/olu-limburg.de\/wp-content\/uploads\/2024\/06\/IMG_20240430_121238_ergebnis-300x225.jpg 300w, https:\/\/olu-limburg.de\/wp-content\/uploads\/2024\/06\/IMG_20240430_121238_ergebnis-768x576.jpg 768w, https:\/\/olu-limburg.de\/wp-content\/uploads\/2024\/06\/IMG_20240430_121238_ergebnis-624x468.jpg 624w\" sizes=\"auto, (max-width: 800px) 100vw, 800px\" \/><\/a><\/p>\n<p>Wir wenden nun und \u00fcberqueren wieder die Meuse in Richtung Stadt und sind nicht mehr weit vom &#8222;Les Echevins&#8220; entfernt. F\u00fcr fr\u00fche Franzosen ist es auch schon Zeit f\u00fcr ein Mittagessen.<\/p>\n<p>Im Erdgescho\u00df des &#8222;Les Echevins&#8220; befindet sich ein in die Jahre gekommener Empfang. Zusammen mit zwei weiteren Ehepaaren werden wir von einer jungen Dame dann in das Obergescho\u00df gef\u00fchrt. Vor uns liegt ein noch leeres aber ansprechendes Restaurant.\u00a0 Der Service und das von uns ausgesuchte Essen sind sehr gut. Mittlerweile sind auch nach und nach noch zahlreiche weitere G\u00e4ste eingetroffen, die ein preiswertes Mittagsmen\u00fc in einem guten Restaurant einnehmen wollen.<\/p>\n<p><a href=\"https:\/\/olu-limburg.de\/wp-content\/uploads\/2024\/06\/IMG_20240430_122106_ergebnis.jpg\"><img loading=\"lazy\" decoding=\"async\" class=\"size-full wp-image-32099 aligncenter\" src=\"https:\/\/olu-limburg.de\/wp-content\/uploads\/2024\/06\/IMG_20240430_122106_ergebnis.jpg\" alt=\"\" width=\"800\" height=\"600\" srcset=\"https:\/\/olu-limburg.de\/wp-content\/uploads\/2024\/06\/IMG_20240430_122106_ergebnis.jpg 800w, https:\/\/olu-limburg.de\/wp-content\/uploads\/2024\/06\/IMG_20240430_122106_ergebnis-300x225.jpg 300w, https:\/\/olu-limburg.de\/wp-content\/uploads\/2024\/06\/IMG_20240430_122106_ergebnis-768x576.jpg 768w, https:\/\/olu-limburg.de\/wp-content\/uploads\/2024\/06\/IMG_20240430_122106_ergebnis-624x468.jpg 624w\" sizes=\"auto, (max-width: 800px) 100vw, 800px\" \/><\/a><\/p>\n<p><a href=\"https:\/\/olu-limburg.de\/wp-content\/uploads\/2024\/06\/IMG_20240430_131230_ergebnis-e1718294900196.jpg\"><img loading=\"lazy\" decoding=\"async\" class=\"size-full wp-image-32103 aligncenter\" src=\"https:\/\/olu-limburg.de\/wp-content\/uploads\/2024\/06\/IMG_20240430_131230_ergebnis-e1718294900196.jpg\" alt=\"\" width=\"450\" height=\"600\" \/><\/a><\/p>\n<p><strong>Amuse Gueule <\/strong>: Bl\u00e4tterteig Pommes<\/p>\n<p><a href=\"https:\/\/olu-limburg.de\/wp-content\/uploads\/2024\/06\/IMG_20240430_122515_ergebnis.jpg\"><img loading=\"lazy\" decoding=\"async\" class=\"size-full wp-image-32100 aligncenter\" src=\"https:\/\/olu-limburg.de\/wp-content\/uploads\/2024\/06\/IMG_20240430_122515_ergebnis.jpg\" alt=\"\" width=\"800\" height=\"600\" srcset=\"https:\/\/olu-limburg.de\/wp-content\/uploads\/2024\/06\/IMG_20240430_122515_ergebnis.jpg 800w, https:\/\/olu-limburg.de\/wp-content\/uploads\/2024\/06\/IMG_20240430_122515_ergebnis-300x225.jpg 300w, https:\/\/olu-limburg.de\/wp-content\/uploads\/2024\/06\/IMG_20240430_122515_ergebnis-768x576.jpg 768w, https:\/\/olu-limburg.de\/wp-content\/uploads\/2024\/06\/IMG_20240430_122515_ergebnis-624x468.jpg 624w\" sizes=\"auto, (max-width: 800px) 100vw, 800px\" \/><\/a><\/p>\n<p>Menu express sur plateau: Men\u00fc auf einem Tablett<\/p>\n<p><strong>Vorspeise<\/strong> (rechts) : Croustillant endive et jambon &#8211; Endivie und Schinken in einer Teigtasche an einem Salat<\/p>\n<p><strong>Hauptspeise<\/strong> (Mitte) : Araign\u00e9e de Porc marin\u00e9e, pommes de Terre saut\u00e9es &#8211; mariniertes Schweinefleisch aus der H\u00fcfte mit frittierten Bratkartoffeln<\/p>\n<p>bzw. siehe unten : Lotte, Risotto au curry, sauce beurre blanc &#8211; Seeteufel mit Beurre Blanc So\u00dfe und Curryrisotto<\/p>\n<p><strong>Nachtisch<\/strong> (links) : Choux au craquelin \u00e0 la banane &#8211; Windbeutel mit Bananencreme<\/p>\n<p><a href=\"https:\/\/olu-limburg.de\/wp-content\/uploads\/2024\/06\/IMG_20240430_124304_ergebnis.jpg\"><img loading=\"lazy\" decoding=\"async\" class=\"size-full wp-image-32101 aligncenter\" src=\"https:\/\/olu-limburg.de\/wp-content\/uploads\/2024\/06\/IMG_20240430_124304_ergebnis.jpg\" alt=\"\" width=\"800\" height=\"600\" srcset=\"https:\/\/olu-limburg.de\/wp-content\/uploads\/2024\/06\/IMG_20240430_124304_ergebnis.jpg 800w, https:\/\/olu-limburg.de\/wp-content\/uploads\/2024\/06\/IMG_20240430_124304_ergebnis-300x225.jpg 300w, https:\/\/olu-limburg.de\/wp-content\/uploads\/2024\/06\/IMG_20240430_124304_ergebnis-768x576.jpg 768w, https:\/\/olu-limburg.de\/wp-content\/uploads\/2024\/06\/IMG_20240430_124304_ergebnis-624x468.jpg 624w\" sizes=\"auto, (max-width: 800px) 100vw, 800px\" \/><\/a><\/p>\n<p><a href=\"https:\/\/olu-limburg.de\/wp-content\/uploads\/2024\/06\/IMG_20240430_124317_ergebnis.jpg\"><img loading=\"lazy\" decoding=\"async\" class=\"size-full wp-image-32102 aligncenter\" src=\"https:\/\/olu-limburg.de\/wp-content\/uploads\/2024\/06\/IMG_20240430_124317_ergebnis.jpg\" alt=\"\" width=\"800\" height=\"600\" srcset=\"https:\/\/olu-limburg.de\/wp-content\/uploads\/2024\/06\/IMG_20240430_124317_ergebnis.jpg 800w, https:\/\/olu-limburg.de\/wp-content\/uploads\/2024\/06\/IMG_20240430_124317_ergebnis-300x225.jpg 300w, https:\/\/olu-limburg.de\/wp-content\/uploads\/2024\/06\/IMG_20240430_124317_ergebnis-768x576.jpg 768w, https:\/\/olu-limburg.de\/wp-content\/uploads\/2024\/06\/IMG_20240430_124317_ergebnis-624x468.jpg 624w\" sizes=\"auto, (max-width: 800px) 100vw, 800px\" \/><\/a><\/p>\n<p><a href=\"https:\/\/olu-limburg.de\/wp-content\/uploads\/2024\/06\/20240430_125034_ergebnis.jpg\"><img loading=\"lazy\" decoding=\"async\" class=\"size-full wp-image-32124 aligncenter\" src=\"https:\/\/olu-limburg.de\/wp-content\/uploads\/2024\/06\/20240430_125034_ergebnis.jpg\" alt=\"\" width=\"800\" height=\"600\" srcset=\"https:\/\/olu-limburg.de\/wp-content\/uploads\/2024\/06\/20240430_125034_ergebnis.jpg 800w, https:\/\/olu-limburg.de\/wp-content\/uploads\/2024\/06\/20240430_125034_ergebnis-300x225.jpg 300w, https:\/\/olu-limburg.de\/wp-content\/uploads\/2024\/06\/20240430_125034_ergebnis-768x576.jpg 768w, https:\/\/olu-limburg.de\/wp-content\/uploads\/2024\/06\/20240430_125034_ergebnis-624x468.jpg 624w\" sizes=\"auto, (max-width: 800px) 100vw, 800px\" \/><\/a><\/p>\n<p>Da wir keinen Kaffee genommen haben, der scheinbar im Preis enthalten war, gab es f\u00fcr uns das Geb\u00e4ck noch nachtr\u00e4glich f\u00fcr Zuhause in einem T\u00fctchen .<\/p>\n<p><a href=\"https:\/\/olu-limburg.de\/wp-content\/uploads\/2024\/06\/20240430_190312_ergebnis.jpg\"><img loading=\"lazy\" decoding=\"async\" class=\"size-full wp-image-32127 aligncenter\" src=\"https:\/\/olu-limburg.de\/wp-content\/uploads\/2024\/06\/20240430_190312_ergebnis.jpg\" alt=\"\" width=\"800\" height=\"600\" srcset=\"https:\/\/olu-limburg.de\/wp-content\/uploads\/2024\/06\/20240430_190312_ergebnis.jpg 800w, https:\/\/olu-limburg.de\/wp-content\/uploads\/2024\/06\/20240430_190312_ergebnis-300x225.jpg 300w, https:\/\/olu-limburg.de\/wp-content\/uploads\/2024\/06\/20240430_190312_ergebnis-768x576.jpg 768w, https:\/\/olu-limburg.de\/wp-content\/uploads\/2024\/06\/20240430_190312_ergebnis-624x468.jpg 624w\" sizes=\"auto, (max-width: 800px) 100vw, 800px\" \/><\/a><\/p>\n<p><a href=\"https:\/\/olu-limburg.de\/wp-content\/uploads\/2024\/06\/20240430_131525_ergebnis.jpg\"><img loading=\"lazy\" decoding=\"async\" class=\"size-full wp-image-32126 aligncenter\" src=\"https:\/\/olu-limburg.de\/wp-content\/uploads\/2024\/06\/20240430_131525_ergebnis.jpg\" alt=\"\" width=\"800\" height=\"600\" srcset=\"https:\/\/olu-limburg.de\/wp-content\/uploads\/2024\/06\/20240430_131525_ergebnis.jpg 800w, https:\/\/olu-limburg.de\/wp-content\/uploads\/2024\/06\/20240430_131525_ergebnis-300x225.jpg 300w, https:\/\/olu-limburg.de\/wp-content\/uploads\/2024\/06\/20240430_131525_ergebnis-768x576.jpg 768w, https:\/\/olu-limburg.de\/wp-content\/uploads\/2024\/06\/20240430_131525_ergebnis-624x468.jpg 624w\" sizes=\"auto, (max-width: 800px) 100vw, 800px\" \/><\/a><\/p>\n<p>Nach einer entsprechenden Mittagsruhe unternehmen wir noch einen ausgiebigen Spaziergang und beziehen auch noch den auf der anderen Seite der Meuse liegenden Teil von Mouzon ein.<\/p>\n<p>Dabei erfahren wir, das Mouzon im 17. Jhdt. eine Grenzbefestigung der Franz\u00f6sischen K\u00f6nige gegen die Burgunder war, die sich den Spaniern angeschlossen hatten. Nach einer sehr gewaltt\u00e4tigen Belagerung nahmen die Burgunder die Stadt ein und es siedelten sich Spanier an. Die H\u00e4userzeile in dem sich das &#8222;Les Echevins&#8220; befindet, geh\u00f6rt zu den &#8222;spanischen H\u00e4usern&#8220;. Nach drei Jahren war diese Episode aber wieder vorbei, da der franz\u00f6sische Heerf\u00fchrer, Henri de la Tour d&#8217;Auvergne (Vicomte de Turenne), die Stadt f\u00fcr den franz\u00f6sischen K\u00f6nig zur\u00fcckeroberte.<\/p>\n<p>Bei dem heutigen Mouzon sind zwei Ortschaften n\u00f6rdlich und s\u00fcdlich der Meuse zusammengelegt worden. Anhand der Ausrichtung der Stadtbefestigung m\u00fcssten somit die Burgunder von S\u00fcden gekommen sein. Was auch logisch w\u00e4re. Warum sind dann aber die sogenannten &#8222;spanischen H\u00e4user&#8220; au\u00dferhalb der eingenommenen Stadt erbaut worden?<\/p>\n<div id=\"attachment_32105\" style=\"width: 460px\" class=\"wp-caption aligncenter\"><a href=\"https:\/\/olu-limburg.de\/wp-content\/uploads\/2024\/06\/IMG_20240430_162214_ergebnis-e1718296480152.jpg\"><img loading=\"lazy\" decoding=\"async\" aria-describedby=\"caption-attachment-32105\" class=\"wp-image-32105 size-full\" src=\"https:\/\/olu-limburg.de\/wp-content\/uploads\/2024\/06\/IMG_20240430_162214_ergebnis-e1718296480152.jpg\" alt=\"\" width=\"450\" height=\"600\" \/><\/a><p id=\"caption-attachment-32105\" class=\"wp-caption-text\">La Porte de Bourgogne aus dem 13. Jhdt.<\/p><\/div>\n<p><a href=\"https:\/\/olu-limburg.de\/wp-content\/uploads\/2024\/06\/IMG_20240430_162942_ergebnis.jpg\"><img loading=\"lazy\" decoding=\"async\" class=\"size-full wp-image-32107 aligncenter\" src=\"https:\/\/olu-limburg.de\/wp-content\/uploads\/2024\/06\/IMG_20240430_162942_ergebnis.jpg\" alt=\"\" width=\"800\" height=\"600\" srcset=\"https:\/\/olu-limburg.de\/wp-content\/uploads\/2024\/06\/IMG_20240430_162942_ergebnis.jpg 800w, https:\/\/olu-limburg.de\/wp-content\/uploads\/2024\/06\/IMG_20240430_162942_ergebnis-300x225.jpg 300w, https:\/\/olu-limburg.de\/wp-content\/uploads\/2024\/06\/IMG_20240430_162942_ergebnis-768x576.jpg 768w, https:\/\/olu-limburg.de\/wp-content\/uploads\/2024\/06\/IMG_20240430_162942_ergebnis-624x468.jpg 624w\" sizes=\"auto, (max-width: 800px) 100vw, 800px\" \/><\/a><\/p>\n<p><a href=\"https:\/\/olu-limburg.de\/wp-content\/uploads\/2024\/06\/IMG_20240430_163246_ergebnis-e1718296533582.jpg\"><img loading=\"lazy\" decoding=\"async\" class=\"size-full wp-image-32109 aligncenter\" src=\"https:\/\/olu-limburg.de\/wp-content\/uploads\/2024\/06\/IMG_20240430_163246_ergebnis-e1718296533582.jpg\" alt=\"\" width=\"450\" height=\"600\" \/><\/a><\/p>\n<p><a href=\"https:\/\/olu-limburg.de\/wp-content\/uploads\/2024\/06\/IMG_20240430_163333_ergebnis.jpg\"><img loading=\"lazy\" decoding=\"async\" class=\"size-full wp-image-32110 aligncenter\" src=\"https:\/\/olu-limburg.de\/wp-content\/uploads\/2024\/06\/IMG_20240430_163333_ergebnis.jpg\" alt=\"\" width=\"800\" height=\"600\" srcset=\"https:\/\/olu-limburg.de\/wp-content\/uploads\/2024\/06\/IMG_20240430_163333_ergebnis.jpg 800w, https:\/\/olu-limburg.de\/wp-content\/uploads\/2024\/06\/IMG_20240430_163333_ergebnis-300x225.jpg 300w, https:\/\/olu-limburg.de\/wp-content\/uploads\/2024\/06\/IMG_20240430_163333_ergebnis-768x576.jpg 768w, https:\/\/olu-limburg.de\/wp-content\/uploads\/2024\/06\/IMG_20240430_163333_ergebnis-624x468.jpg 624w\" sizes=\"auto, (max-width: 800px) 100vw, 800px\" \/><\/a><\/p>\n<p><a href=\"https:\/\/olu-limburg.de\/wp-content\/uploads\/2024\/06\/IMG_20240430_163845_ergebnis-e1718296565888.jpg\"><img loading=\"lazy\" decoding=\"async\" class=\"size-full wp-image-32111 aligncenter\" src=\"https:\/\/olu-limburg.de\/wp-content\/uploads\/2024\/06\/IMG_20240430_163845_ergebnis-e1718296565888.jpg\" alt=\"\" width=\"450\" height=\"600\" \/><\/a><\/p>\n<div id=\"attachment_32112\" style=\"width: 810px\" class=\"wp-caption aligncenter\"><a href=\"https:\/\/olu-limburg.de\/wp-content\/uploads\/2024\/06\/IMG_20240430_164635_ergebnis.jpg\"><img loading=\"lazy\" decoding=\"async\" aria-describedby=\"caption-attachment-32112\" class=\"wp-image-32112 size-full\" src=\"https:\/\/olu-limburg.de\/wp-content\/uploads\/2024\/06\/IMG_20240430_164635_ergebnis.jpg\" alt=\"\" width=\"800\" height=\"600\" srcset=\"https:\/\/olu-limburg.de\/wp-content\/uploads\/2024\/06\/IMG_20240430_164635_ergebnis.jpg 800w, https:\/\/olu-limburg.de\/wp-content\/uploads\/2024\/06\/IMG_20240430_164635_ergebnis-300x225.jpg 300w, https:\/\/olu-limburg.de\/wp-content\/uploads\/2024\/06\/IMG_20240430_164635_ergebnis-768x576.jpg 768w, https:\/\/olu-limburg.de\/wp-content\/uploads\/2024\/06\/IMG_20240430_164635_ergebnis-624x468.jpg 624w\" sizes=\"auto, (max-width: 800px) 100vw, 800px\" \/><\/a><p id=\"caption-attachment-32112\" class=\"wp-caption-text\">wahrscheinliche Siedlungsh\u00e4user der stillgelegten Stahlindustrie in Mouzon<\/p><\/div>\n<div id=\"attachment_32114\" style=\"width: 810px\" class=\"wp-caption aligncenter\"><a href=\"https:\/\/olu-limburg.de\/wp-content\/uploads\/2024\/06\/IMG_20240430_170043_ergebnis.jpg\"><img loading=\"lazy\" decoding=\"async\" aria-describedby=\"caption-attachment-32114\" class=\"wp-image-32114 size-full\" src=\"https:\/\/olu-limburg.de\/wp-content\/uploads\/2024\/06\/IMG_20240430_170043_ergebnis.jpg\" alt=\"\" width=\"800\" height=\"600\" srcset=\"https:\/\/olu-limburg.de\/wp-content\/uploads\/2024\/06\/IMG_20240430_170043_ergebnis.jpg 800w, https:\/\/olu-limburg.de\/wp-content\/uploads\/2024\/06\/IMG_20240430_170043_ergebnis-300x225.jpg 300w, https:\/\/olu-limburg.de\/wp-content\/uploads\/2024\/06\/IMG_20240430_170043_ergebnis-768x576.jpg 768w, https:\/\/olu-limburg.de\/wp-content\/uploads\/2024\/06\/IMG_20240430_170043_ergebnis-624x468.jpg 624w\" sizes=\"auto, (max-width: 800px) 100vw, 800px\" \/><\/a><p id=\"caption-attachment-32114\" class=\"wp-caption-text\">n\u00f6rdlich gelegene Innenseite (?) der Stadtbefestigung mit dem Porte de Bourgogne<\/p><\/div>\n<p><a href=\"https:\/\/olu-limburg.de\/wp-content\/uploads\/2024\/06\/IMG_20240430_170144_ergebnis-e1718296675632.jpg\"><img loading=\"lazy\" decoding=\"async\" class=\"size-full wp-image-32115 aligncenter\" src=\"https:\/\/olu-limburg.de\/wp-content\/uploads\/2024\/06\/IMG_20240430_170144_ergebnis-e1718296675632.jpg\" alt=\"\" width=\"450\" height=\"600\" \/><\/a><\/p>\n<p>Und nochmals ist sonnen und entspannen angesagt.<\/p>\n<p>Am Abend gibt es Gewitter und Regen.<\/p>\n<p>Tagesstrecke: 0 km<\/p>\n<p>&nbsp;<\/p>\n<p><strong>Mittwoch, 01.05.2024<\/strong><\/p>\n<p>Heute m\u00f6chten wir in das nicht weit entfernte Stenay weiterfahren. Der dortige Stellplatz mit V+E (Geb\u00fchr EUR 10,44 inkl. Strom, wenn etwas frei und erreichbar ist) liegt an einem Seitenkanal der Meuse. Am Ortsausgang von Mouzon treffen wir auf die Ausschilderung einer weitr\u00e4umigen Umleitung. Statt 16 km fahren wir 46 km bis nach Stenay.<\/p>\n<p>Dort angekommen, erleben wir aber eine positive \u00dcberraschung: Im Ortszentrum ist ein riesiger Markt aufgebaut. F\u00fcr uns h\u00e4lt das Spektakel aber wieder eine kleine Ortsumleitung bereit. Doch nach R\u00fccksprache mit zwei &#8222;Brunos&#8220; erhalten wir die entscheidenden Hinweise f\u00fcr die Anreise zum Stellplatz.<\/p>\n<p><a href=\"https:\/\/olu-limburg.de\/wp-content\/uploads\/2024\/06\/IMG_20240501_160601_ergebnis-e1718357462194.jpg\"><img loading=\"lazy\" decoding=\"async\" class=\"size-full wp-image-32149 aligncenter\" src=\"https:\/\/olu-limburg.de\/wp-content\/uploads\/2024\/06\/IMG_20240501_160601_ergebnis-e1718357462194.jpg\" alt=\"\" width=\"450\" height=\"600\" \/><\/a><\/p>\n<p><a href=\"https:\/\/olu-limburg.de\/wp-content\/uploads\/2024\/06\/IMG_20240501_160630_ergebnis.jpg\"><img loading=\"lazy\" decoding=\"async\" class=\"size-full wp-image-32150 aligncenter\" src=\"https:\/\/olu-limburg.de\/wp-content\/uploads\/2024\/06\/IMG_20240501_160630_ergebnis.jpg\" alt=\"\" width=\"800\" height=\"600\" srcset=\"https:\/\/olu-limburg.de\/wp-content\/uploads\/2024\/06\/IMG_20240501_160630_ergebnis.jpg 800w, https:\/\/olu-limburg.de\/wp-content\/uploads\/2024\/06\/IMG_20240501_160630_ergebnis-300x225.jpg 300w, https:\/\/olu-limburg.de\/wp-content\/uploads\/2024\/06\/IMG_20240501_160630_ergebnis-768x576.jpg 768w, https:\/\/olu-limburg.de\/wp-content\/uploads\/2024\/06\/IMG_20240501_160630_ergebnis-624x468.jpg 624w\" sizes=\"auto, (max-width: 800px) 100vw, 800px\" \/><\/a><\/p>\n<p>Hier in Stenay haben wir schon des\u00f6fteren auf dem Stellplatz \u00fcbernachtet. Er liegt idylisch und ist ruhig. Wir bekochen uns selbst und spazieren dann \u00fcber den Markt.<\/p>\n<p>Es ist hei\u00df und schw\u00fcl in den Stra\u00dfen der Stadt. Das Angebot der vielen Marktbeschicker ist sehr abwechslungsreich. Selbst Traktoren und Karussells d\u00fcrfen nicht fehlen. Und was f\u00fcr Franzosen bei solchen Anl\u00e4ssen ganz wichtig ist &#8211; es gibt gen\u00fcgend St\u00e4nde, bei denen man sich verpflegen und einen guten Wein bzw. Bier trinken kann. Wir belassen unseren Einkauf aber bei Oliven und einer Honigmelone. Ansonsten suchen wir Schatten und eine Abk\u00fchlung mit Hilfe eines Getr\u00e4nkes.<\/p>\n<p><a href=\"https:\/\/olu-limburg.de\/wp-content\/uploads\/2024\/06\/IMG_20240501_143618_ergebnis.jpg\"><img loading=\"lazy\" decoding=\"async\" class=\"size-full wp-image-32138 aligncenter\" src=\"https:\/\/olu-limburg.de\/wp-content\/uploads\/2024\/06\/IMG_20240501_143618_ergebnis.jpg\" alt=\"\" width=\"800\" height=\"600\" srcset=\"https:\/\/olu-limburg.de\/wp-content\/uploads\/2024\/06\/IMG_20240501_143618_ergebnis.jpg 800w, https:\/\/olu-limburg.de\/wp-content\/uploads\/2024\/06\/IMG_20240501_143618_ergebnis-300x225.jpg 300w, https:\/\/olu-limburg.de\/wp-content\/uploads\/2024\/06\/IMG_20240501_143618_ergebnis-768x576.jpg 768w, https:\/\/olu-limburg.de\/wp-content\/uploads\/2024\/06\/IMG_20240501_143618_ergebnis-624x468.jpg 624w\" sizes=\"auto, (max-width: 800px) 100vw, 800px\" \/><\/a><\/p>\n<p><a href=\"https:\/\/olu-limburg.de\/wp-content\/uploads\/2024\/06\/IMG_20240501_144148_ergebnis-e1718357510442.jpg\"><img loading=\"lazy\" decoding=\"async\" class=\"size-full wp-image-32139 aligncenter\" src=\"https:\/\/olu-limburg.de\/wp-content\/uploads\/2024\/06\/IMG_20240501_144148_ergebnis-e1718357510442.jpg\" alt=\"\" width=\"450\" height=\"600\" \/><\/a><\/p>\n<p><a href=\"https:\/\/olu-limburg.de\/wp-content\/uploads\/2024\/06\/IMG_20240501_144619_ergebnis.jpg\"><img loading=\"lazy\" decoding=\"async\" class=\"size-full wp-image-32140 aligncenter\" src=\"https:\/\/olu-limburg.de\/wp-content\/uploads\/2024\/06\/IMG_20240501_144619_ergebnis.jpg\" alt=\"\" width=\"800\" height=\"600\" srcset=\"https:\/\/olu-limburg.de\/wp-content\/uploads\/2024\/06\/IMG_20240501_144619_ergebnis.jpg 800w, https:\/\/olu-limburg.de\/wp-content\/uploads\/2024\/06\/IMG_20240501_144619_ergebnis-300x225.jpg 300w, https:\/\/olu-limburg.de\/wp-content\/uploads\/2024\/06\/IMG_20240501_144619_ergebnis-768x576.jpg 768w, https:\/\/olu-limburg.de\/wp-content\/uploads\/2024\/06\/IMG_20240501_144619_ergebnis-624x468.jpg 624w\" sizes=\"auto, (max-width: 800px) 100vw, 800px\" \/><\/a><\/p>\n<p><a href=\"https:\/\/olu-limburg.de\/wp-content\/uploads\/2024\/06\/IMG_20240501_144920_ergebnis.jpg\"><img loading=\"lazy\" decoding=\"async\" class=\"size-full wp-image-32141 aligncenter\" src=\"https:\/\/olu-limburg.de\/wp-content\/uploads\/2024\/06\/IMG_20240501_144920_ergebnis.jpg\" alt=\"\" width=\"800\" height=\"600\" srcset=\"https:\/\/olu-limburg.de\/wp-content\/uploads\/2024\/06\/IMG_20240501_144920_ergebnis.jpg 800w, https:\/\/olu-limburg.de\/wp-content\/uploads\/2024\/06\/IMG_20240501_144920_ergebnis-300x225.jpg 300w, https:\/\/olu-limburg.de\/wp-content\/uploads\/2024\/06\/IMG_20240501_144920_ergebnis-768x576.jpg 768w, https:\/\/olu-limburg.de\/wp-content\/uploads\/2024\/06\/IMG_20240501_144920_ergebnis-624x468.jpg 624w\" sizes=\"auto, (max-width: 800px) 100vw, 800px\" \/><\/a><\/p>\n<p><a href=\"https:\/\/olu-limburg.de\/wp-content\/uploads\/2024\/06\/IMG_20240501_145132_ergebnis-e1718357599599.jpg\"><img loading=\"lazy\" decoding=\"async\" class=\"size-full wp-image-32142 alignleft\" src=\"https:\/\/olu-limburg.de\/wp-content\/uploads\/2024\/06\/IMG_20240501_145132_ergebnis-e1718357599599.jpg\" alt=\"\" width=\"450\" height=\"600\" \/><\/a><\/p>\n<p><a href=\"https:\/\/olu-limburg.de\/wp-content\/uploads\/2024\/06\/IMG_20240501_145234_ergebnis-e1718357617390.jpg\"><img loading=\"lazy\" decoding=\"async\" class=\"size-full wp-image-32143 alignright\" src=\"https:\/\/olu-limburg.de\/wp-content\/uploads\/2024\/06\/IMG_20240501_145234_ergebnis-e1718357617390.jpg\" alt=\"\" width=\"450\" height=\"600\" \/><\/a><\/p>\n<p><a href=\"https:\/\/olu-limburg.de\/wp-content\/uploads\/2024\/06\/IMG_20240501_145650_ergebnis.jpg\"><img loading=\"lazy\" decoding=\"async\" class=\"size-full wp-image-32144 aligncenter\" src=\"https:\/\/olu-limburg.de\/wp-content\/uploads\/2024\/06\/IMG_20240501_145650_ergebnis.jpg\" alt=\"\" width=\"800\" height=\"600\" srcset=\"https:\/\/olu-limburg.de\/wp-content\/uploads\/2024\/06\/IMG_20240501_145650_ergebnis.jpg 800w, https:\/\/olu-limburg.de\/wp-content\/uploads\/2024\/06\/IMG_20240501_145650_ergebnis-300x225.jpg 300w, https:\/\/olu-limburg.de\/wp-content\/uploads\/2024\/06\/IMG_20240501_145650_ergebnis-768x576.jpg 768w, https:\/\/olu-limburg.de\/wp-content\/uploads\/2024\/06\/IMG_20240501_145650_ergebnis-624x468.jpg 624w\" sizes=\"auto, (max-width: 800px) 100vw, 800px\" \/><\/a><\/p>\n<p><a href=\"https:\/\/olu-limburg.de\/wp-content\/uploads\/2024\/06\/IMG_20240501_150257_ergebnis-e1718357649591.jpg\"><img loading=\"lazy\" decoding=\"async\" class=\"size-full wp-image-32145 aligncenter\" src=\"https:\/\/olu-limburg.de\/wp-content\/uploads\/2024\/06\/IMG_20240501_150257_ergebnis-e1718357649591.jpg\" alt=\"\" width=\"450\" height=\"600\" \/><\/a><\/p>\n<p><a href=\"https:\/\/olu-limburg.de\/wp-content\/uploads\/2024\/06\/IMG_20240501_150717_ergebnis.jpg\"><img loading=\"lazy\" decoding=\"async\" class=\"size-full wp-image-32146 aligncenter\" src=\"https:\/\/olu-limburg.de\/wp-content\/uploads\/2024\/06\/IMG_20240501_150717_ergebnis.jpg\" alt=\"\" width=\"800\" height=\"600\" srcset=\"https:\/\/olu-limburg.de\/wp-content\/uploads\/2024\/06\/IMG_20240501_150717_ergebnis.jpg 800w, https:\/\/olu-limburg.de\/wp-content\/uploads\/2024\/06\/IMG_20240501_150717_ergebnis-300x225.jpg 300w, https:\/\/olu-limburg.de\/wp-content\/uploads\/2024\/06\/IMG_20240501_150717_ergebnis-768x576.jpg 768w, https:\/\/olu-limburg.de\/wp-content\/uploads\/2024\/06\/IMG_20240501_150717_ergebnis-624x468.jpg 624w\" sizes=\"auto, (max-width: 800px) 100vw, 800px\" \/><\/a><\/p>\n<p><a href=\"https:\/\/olu-limburg.de\/wp-content\/uploads\/2024\/06\/IMG_20240501_153424_ergebnis-e1718357698572.jpg\"><img loading=\"lazy\" decoding=\"async\" class=\"size-full wp-image-32148 aligncenter\" src=\"https:\/\/olu-limburg.de\/wp-content\/uploads\/2024\/06\/IMG_20240501_153424_ergebnis-e1718357698572.jpg\" alt=\"\" width=\"450\" height=\"600\" \/><\/a><\/p>\n<p>Wir sind erst mal platt und chillen auf dem Stellplatz.<\/p>\n<p><a href=\"https:\/\/olu-limburg.de\/wp-content\/uploads\/2024\/06\/20240501_165227_ergebnis-e1718357755370.jpg\"><img loading=\"lazy\" decoding=\"async\" class=\"size-full wp-image-32136 aligncenter\" src=\"https:\/\/olu-limburg.de\/wp-content\/uploads\/2024\/06\/20240501_165227_ergebnis-e1718357755370.jpg\" alt=\"\" width=\"450\" height=\"600\" \/><\/a><\/p>\n<p><a href=\"https:\/\/olu-limburg.de\/wp-content\/uploads\/2024\/06\/20240501_175133_ergebnis-e1718357797305.jpg\"><img loading=\"lazy\" decoding=\"async\" class=\"size-full wp-image-32137 aligncenter\" src=\"https:\/\/olu-limburg.de\/wp-content\/uploads\/2024\/06\/20240501_175133_ergebnis-e1718357797305.jpg\" alt=\"\" width=\"450\" height=\"600\" \/><\/a><\/p>\n<p>Am Sp\u00e4tnachmittag drehen wir noch eine kleine Runde um den Stellplatz zwischen Meuse und dem Seitenkanal.<\/p>\n<p><a href=\"https:\/\/olu-limburg.de\/wp-content\/uploads\/2024\/06\/IMG_20240501_174259_ergebnis.jpg\"><img loading=\"lazy\" decoding=\"async\" class=\"size-full wp-image-32151 aligncenter\" src=\"https:\/\/olu-limburg.de\/wp-content\/uploads\/2024\/06\/IMG_20240501_174259_ergebnis.jpg\" alt=\"\" width=\"800\" height=\"600\" srcset=\"https:\/\/olu-limburg.de\/wp-content\/uploads\/2024\/06\/IMG_20240501_174259_ergebnis.jpg 800w, https:\/\/olu-limburg.de\/wp-content\/uploads\/2024\/06\/IMG_20240501_174259_ergebnis-300x225.jpg 300w, https:\/\/olu-limburg.de\/wp-content\/uploads\/2024\/06\/IMG_20240501_174259_ergebnis-768x576.jpg 768w, https:\/\/olu-limburg.de\/wp-content\/uploads\/2024\/06\/IMG_20240501_174259_ergebnis-624x468.jpg 624w\" sizes=\"auto, (max-width: 800px) 100vw, 800px\" \/><\/a><\/p>\n<div id=\"attachment_32154\" style=\"width: 810px\" class=\"wp-caption aligncenter\"><a href=\"https:\/\/olu-limburg.de\/wp-content\/uploads\/2024\/06\/IMG_20240501_174909_ergebnis.jpg\"><img loading=\"lazy\" decoding=\"async\" aria-describedby=\"caption-attachment-32154\" class=\"wp-image-32154 size-full\" src=\"https:\/\/olu-limburg.de\/wp-content\/uploads\/2024\/06\/IMG_20240501_174909_ergebnis.jpg\" alt=\"\" width=\"800\" height=\"600\" srcset=\"https:\/\/olu-limburg.de\/wp-content\/uploads\/2024\/06\/IMG_20240501_174909_ergebnis.jpg 800w, https:\/\/olu-limburg.de\/wp-content\/uploads\/2024\/06\/IMG_20240501_174909_ergebnis-300x225.jpg 300w, https:\/\/olu-limburg.de\/wp-content\/uploads\/2024\/06\/IMG_20240501_174909_ergebnis-768x576.jpg 768w, https:\/\/olu-limburg.de\/wp-content\/uploads\/2024\/06\/IMG_20240501_174909_ergebnis-624x468.jpg 624w\" sizes=\"auto, (max-width: 800px) 100vw, 800px\" \/><\/a><p id=\"caption-attachment-32154\" class=\"wp-caption-text\">Meuse<\/p><\/div>\n<p><a href=\"https:\/\/olu-limburg.de\/wp-content\/uploads\/2024\/06\/IMG_20240501_174807_ergebnis.jpg\"><img loading=\"lazy\" decoding=\"async\" class=\"size-full wp-image-32153 aligncenter\" src=\"https:\/\/olu-limburg.de\/wp-content\/uploads\/2024\/06\/IMG_20240501_174807_ergebnis.jpg\" alt=\"\" width=\"800\" height=\"600\" srcset=\"https:\/\/olu-limburg.de\/wp-content\/uploads\/2024\/06\/IMG_20240501_174807_ergebnis.jpg 800w, https:\/\/olu-limburg.de\/wp-content\/uploads\/2024\/06\/IMG_20240501_174807_ergebnis-300x225.jpg 300w, https:\/\/olu-limburg.de\/wp-content\/uploads\/2024\/06\/IMG_20240501_174807_ergebnis-768x576.jpg 768w, https:\/\/olu-limburg.de\/wp-content\/uploads\/2024\/06\/IMG_20240501_174807_ergebnis-624x468.jpg 624w\" sizes=\"auto, (max-width: 800px) 100vw, 800px\" \/><\/a><\/p>\n<div id=\"attachment_32152\" style=\"width: 810px\" class=\"wp-caption aligncenter\"><a href=\"https:\/\/olu-limburg.de\/wp-content\/uploads\/2024\/06\/IMG_20240501_174334_ergebnis.jpg\"><img loading=\"lazy\" decoding=\"async\" aria-describedby=\"caption-attachment-32152\" class=\"wp-image-32152 size-full\" src=\"https:\/\/olu-limburg.de\/wp-content\/uploads\/2024\/06\/IMG_20240501_174334_ergebnis.jpg\" alt=\"\" width=\"800\" height=\"600\" srcset=\"https:\/\/olu-limburg.de\/wp-content\/uploads\/2024\/06\/IMG_20240501_174334_ergebnis.jpg 800w, https:\/\/olu-limburg.de\/wp-content\/uploads\/2024\/06\/IMG_20240501_174334_ergebnis-300x225.jpg 300w, https:\/\/olu-limburg.de\/wp-content\/uploads\/2024\/06\/IMG_20240501_174334_ergebnis-768x576.jpg 768w, https:\/\/olu-limburg.de\/wp-content\/uploads\/2024\/06\/IMG_20240501_174334_ergebnis-624x468.jpg 624w\" sizes=\"auto, (max-width: 800px) 100vw, 800px\" \/><\/a><p id=\"caption-attachment-32152\" class=\"wp-caption-text\">Kanal mit Hafen<\/p><\/div>\n<p><a href=\"https:\/\/olu-limburg.de\/wp-content\/uploads\/2024\/06\/IMG_20240501_175528_ergebnis.jpg\"><img loading=\"lazy\" decoding=\"async\" class=\"size-full wp-image-32155 aligncenter\" src=\"https:\/\/olu-limburg.de\/wp-content\/uploads\/2024\/06\/IMG_20240501_175528_ergebnis.jpg\" alt=\"\" width=\"800\" height=\"600\" srcset=\"https:\/\/olu-limburg.de\/wp-content\/uploads\/2024\/06\/IMG_20240501_175528_ergebnis.jpg 800w, https:\/\/olu-limburg.de\/wp-content\/uploads\/2024\/06\/IMG_20240501_175528_ergebnis-300x225.jpg 300w, https:\/\/olu-limburg.de\/wp-content\/uploads\/2024\/06\/IMG_20240501_175528_ergebnis-768x576.jpg 768w, https:\/\/olu-limburg.de\/wp-content\/uploads\/2024\/06\/IMG_20240501_175528_ergebnis-624x468.jpg 624w\" sizes=\"auto, (max-width: 800px) 100vw, 800px\" \/><\/a><\/p>\n<p>Auf der Platte der alten Capitainerie befand sich fr\u00fcher der Wohnmobil-Stellplatz.<\/p>\n<p><a href=\"https:\/\/olu-limburg.de\/wp-content\/uploads\/2024\/06\/IMG_20240501_175758_ergebnis.jpg\"><img loading=\"lazy\" decoding=\"async\" class=\"size-full wp-image-32156 aligncenter\" src=\"https:\/\/olu-limburg.de\/wp-content\/uploads\/2024\/06\/IMG_20240501_175758_ergebnis.jpg\" alt=\"\" width=\"800\" height=\"600\" srcset=\"https:\/\/olu-limburg.de\/wp-content\/uploads\/2024\/06\/IMG_20240501_175758_ergebnis.jpg 800w, https:\/\/olu-limburg.de\/wp-content\/uploads\/2024\/06\/IMG_20240501_175758_ergebnis-300x225.jpg 300w, https:\/\/olu-limburg.de\/wp-content\/uploads\/2024\/06\/IMG_20240501_175758_ergebnis-768x576.jpg 768w, https:\/\/olu-limburg.de\/wp-content\/uploads\/2024\/06\/IMG_20240501_175758_ergebnis-624x468.jpg 624w\" sizes=\"auto, (max-width: 800px) 100vw, 800px\" \/><\/a><\/p>\n<p>Tagesstrecke: 46 km<\/p>\n<p>&nbsp;<\/p>\n<p><strong>Donnerstag, 02.05.2024<\/strong><\/p>\n<p>Heute Nacht hat es gesch\u00fcttet. So lange dies nur am Abend oder nachts passiert, ist es mir egal. Am Morgen ist es grau, und Nebel liegt \u00fcber der Meuse. Wir kaufen bei der Abfahrt noch schnell beim LIDL ein, und fahren anschlie\u00dfend durch eine traurige und schier endlose Landschaft der Champagne-Ardennes. Der Regen wird immer st\u00e4rker.<\/p>\n<p><a href=\"https:\/\/olu-limburg.de\/wp-content\/uploads\/2024\/06\/IMG_20240502_124347_ergebnis.jpg\"><img loading=\"lazy\" decoding=\"async\" class=\"size-full wp-image-32160 aligncenter\" src=\"https:\/\/olu-limburg.de\/wp-content\/uploads\/2024\/06\/IMG_20240502_124347_ergebnis.jpg\" alt=\"\" width=\"800\" height=\"600\" srcset=\"https:\/\/olu-limburg.de\/wp-content\/uploads\/2024\/06\/IMG_20240502_124347_ergebnis.jpg 800w, https:\/\/olu-limburg.de\/wp-content\/uploads\/2024\/06\/IMG_20240502_124347_ergebnis-300x225.jpg 300w, https:\/\/olu-limburg.de\/wp-content\/uploads\/2024\/06\/IMG_20240502_124347_ergebnis-768x576.jpg 768w, https:\/\/olu-limburg.de\/wp-content\/uploads\/2024\/06\/IMG_20240502_124347_ergebnis-624x468.jpg 624w\" sizes=\"auto, (max-width: 800px) 100vw, 800px\" \/><\/a><\/p>\n<p>Eigentlich wollen wir uns mal Bar-le-Duc n\u00e4her anschauen. Doch liegt der dortige Wohnmobil-Stellplatz direkt neben dem Bahnhof der vielbefahrenen Eisenbahnstrecke. In den Stellplatzf\u00fchrern wird immer nur die Bootsanlegestelle an der Meuse erw\u00e4hnt. Zum Gl\u00fcck f\u00e4llt uns dieser Umstand wieder ein. Deshalb haben wir ja Bar-leDuc nur bei den Durchfahrten gesehen.<\/p>\n<p>Wir biegen also schon vorher ab, um den Stellplatz am Lac de Der, Port de Chantcoq, in Giffaumont-Champaubert anzufahren, der mittlerweile auch von CampingCarPark \u00fcbernommen worden ist (Geb\u00fchr EUR 15,20 inkl. Strom).<\/p>\n<p><a href=\"https:\/\/olu-limburg.de\/wp-content\/uploads\/2024\/06\/IMG_20240503_110524_ergebnis.jpg\"><img loading=\"lazy\" decoding=\"async\" class=\"size-full wp-image-32163 aligncenter\" src=\"https:\/\/olu-limburg.de\/wp-content\/uploads\/2024\/06\/IMG_20240503_110524_ergebnis.jpg\" alt=\"\" width=\"800\" height=\"600\" srcset=\"https:\/\/olu-limburg.de\/wp-content\/uploads\/2024\/06\/IMG_20240503_110524_ergebnis.jpg 800w, https:\/\/olu-limburg.de\/wp-content\/uploads\/2024\/06\/IMG_20240503_110524_ergebnis-300x225.jpg 300w, https:\/\/olu-limburg.de\/wp-content\/uploads\/2024\/06\/IMG_20240503_110524_ergebnis-768x576.jpg 768w, https:\/\/olu-limburg.de\/wp-content\/uploads\/2024\/06\/IMG_20240503_110524_ergebnis-624x468.jpg 624w\" sizes=\"auto, (max-width: 800px) 100vw, 800px\" \/><\/a><\/p>\n<p>St\u00e4ndige Schauern ziehen \u00fcber uns hinweg, und setzen uns im Wohnmobil fest. Eine kurze Regenpause nutzen wir, um uns zu bewegen. Bei dem Spaziergang zum Vogel-Beobachtungshaus am See macht sich Ruhe breit. Es sind logischerweise momentan keine Zugv\u00f6gel da. Nur die einheimischen V\u00f6gel ziehen zwitschernd ihre Kreise.<\/p>\n<p><a href=\"https:\/\/olu-limburg.de\/wp-content\/uploads\/2024\/06\/IMG_20240503_104810_ergebnis.jpg\"><img loading=\"lazy\" decoding=\"async\" class=\"size-full wp-image-32161 aligncenter\" src=\"https:\/\/olu-limburg.de\/wp-content\/uploads\/2024\/06\/IMG_20240503_104810_ergebnis.jpg\" alt=\"\" width=\"800\" height=\"600\" srcset=\"https:\/\/olu-limburg.de\/wp-content\/uploads\/2024\/06\/IMG_20240503_104810_ergebnis.jpg 800w, https:\/\/olu-limburg.de\/wp-content\/uploads\/2024\/06\/IMG_20240503_104810_ergebnis-300x225.jpg 300w, https:\/\/olu-limburg.de\/wp-content\/uploads\/2024\/06\/IMG_20240503_104810_ergebnis-768x576.jpg 768w, https:\/\/olu-limburg.de\/wp-content\/uploads\/2024\/06\/IMG_20240503_104810_ergebnis-624x468.jpg 624w\" sizes=\"auto, (max-width: 800px) 100vw, 800px\" \/><\/a><\/p>\n<p><a href=\"https:\/\/olu-limburg.de\/wp-content\/uploads\/2024\/06\/IMG_20240503_105640_ergebnis.jpg\"><img loading=\"lazy\" decoding=\"async\" class=\"size-full wp-image-32162 aligncenter\" src=\"https:\/\/olu-limburg.de\/wp-content\/uploads\/2024\/06\/IMG_20240503_105640_ergebnis.jpg\" alt=\"\" width=\"800\" height=\"600\" srcset=\"https:\/\/olu-limburg.de\/wp-content\/uploads\/2024\/06\/IMG_20240503_105640_ergebnis.jpg 800w, https:\/\/olu-limburg.de\/wp-content\/uploads\/2024\/06\/IMG_20240503_105640_ergebnis-300x225.jpg 300w, https:\/\/olu-limburg.de\/wp-content\/uploads\/2024\/06\/IMG_20240503_105640_ergebnis-768x576.jpg 768w, https:\/\/olu-limburg.de\/wp-content\/uploads\/2024\/06\/IMG_20240503_105640_ergebnis-624x468.jpg 624w\" sizes=\"auto, (max-width: 800px) 100vw, 800px\" \/><\/a><\/p>\n<p>Tagesstrecke: 151 km<\/p>\n<p>&nbsp;<\/p>\n<p><strong>Freitag, 03.05.2024<\/strong><\/p>\n<p><a href=\"https:\/\/olu-limburg.de\/wp-content\/uploads\/2024\/06\/20240503_095751_ergebnis-e1718360284763.jpg\"><img loading=\"lazy\" decoding=\"async\" class=\"size-full wp-image-32167 aligncenter\" src=\"https:\/\/olu-limburg.de\/wp-content\/uploads\/2024\/06\/20240503_095751_ergebnis-e1718360284763.jpg\" alt=\"\" width=\"450\" height=\"600\" \/><\/a><\/p>\n<p>Heute Morgen klart es etwas z\u00f6gerlich auf. Doch kommen blauer Himmel und sogar Sonne zum Vorschein. Wir nutzen die M\u00f6glichkeit aus, um noch ein bischen Sonne zu tanken bevor wir weiterfahren.<\/p>\n<p><a href=\"https:\/\/olu-limburg.de\/wp-content\/uploads\/2024\/06\/20240503_105551_ergebnis.jpg\"><img loading=\"lazy\" decoding=\"async\" class=\"size-full wp-image-32165 aligncenter\" src=\"https:\/\/olu-limburg.de\/wp-content\/uploads\/2024\/06\/20240503_105551_ergebnis.jpg\" alt=\"\" width=\"800\" height=\"600\" srcset=\"https:\/\/olu-limburg.de\/wp-content\/uploads\/2024\/06\/20240503_105551_ergebnis.jpg 800w, https:\/\/olu-limburg.de\/wp-content\/uploads\/2024\/06\/20240503_105551_ergebnis-300x225.jpg 300w, https:\/\/olu-limburg.de\/wp-content\/uploads\/2024\/06\/20240503_105551_ergebnis-768x576.jpg 768w, https:\/\/olu-limburg.de\/wp-content\/uploads\/2024\/06\/20240503_105551_ergebnis-624x468.jpg 624w\" sizes=\"auto, (max-width: 800px) 100vw, 800px\" \/><\/a><\/p>\n<p><a href=\"https:\/\/olu-limburg.de\/wp-content\/uploads\/2024\/06\/20240503_110607_ergebnis.jpg\"><img loading=\"lazy\" decoding=\"async\" class=\"size-full wp-image-32166 aligncenter\" src=\"https:\/\/olu-limburg.de\/wp-content\/uploads\/2024\/06\/20240503_110607_ergebnis.jpg\" alt=\"\" width=\"800\" height=\"600\" srcset=\"https:\/\/olu-limburg.de\/wp-content\/uploads\/2024\/06\/20240503_110607_ergebnis.jpg 800w, https:\/\/olu-limburg.de\/wp-content\/uploads\/2024\/06\/20240503_110607_ergebnis-300x225.jpg 300w, https:\/\/olu-limburg.de\/wp-content\/uploads\/2024\/06\/20240503_110607_ergebnis-768x576.jpg 768w, https:\/\/olu-limburg.de\/wp-content\/uploads\/2024\/06\/20240503_110607_ergebnis-624x468.jpg 624w\" sizes=\"auto, (max-width: 800px) 100vw, 800px\" \/><\/a><\/p>\n<p>F\u00fcr heute haben wir uns zwei Ziele gesetzt. Zuerst fahren wir nach Essoyes, dem Wohnort von Pierre-Auguste Renoir, und anschlie\u00dfend zu einem Champagner-Erzeuger im nicht weit davon entfernten Celles sur Ource (France Passion).<\/p>\n<p><a href=\"https:\/\/olu-limburg.de\/wp-content\/uploads\/2024\/06\/IMG_20240503_114258_ergebnis.jpg\"><img loading=\"lazy\" decoding=\"async\" class=\"size-full wp-image-32171 aligncenter\" src=\"https:\/\/olu-limburg.de\/wp-content\/uploads\/2024\/06\/IMG_20240503_114258_ergebnis.jpg\" alt=\"\" width=\"800\" height=\"600\" srcset=\"https:\/\/olu-limburg.de\/wp-content\/uploads\/2024\/06\/IMG_20240503_114258_ergebnis.jpg 800w, https:\/\/olu-limburg.de\/wp-content\/uploads\/2024\/06\/IMG_20240503_114258_ergebnis-300x225.jpg 300w, https:\/\/olu-limburg.de\/wp-content\/uploads\/2024\/06\/IMG_20240503_114258_ergebnis-768x576.jpg 768w, https:\/\/olu-limburg.de\/wp-content\/uploads\/2024\/06\/IMG_20240503_114258_ergebnis-624x468.jpg 624w\" sizes=\"auto, (max-width: 800px) 100vw, 800px\" \/><\/a><\/p>\n<p><a href=\"https:\/\/olu-limburg.de\/wp-content\/uploads\/2024\/06\/IMG_20240503_114955_ergebnis.jpg\"><img loading=\"lazy\" decoding=\"async\" class=\"size-full wp-image-32172 aligncenter\" src=\"https:\/\/olu-limburg.de\/wp-content\/uploads\/2024\/06\/IMG_20240503_114955_ergebnis.jpg\" alt=\"\" width=\"800\" height=\"600\" srcset=\"https:\/\/olu-limburg.de\/wp-content\/uploads\/2024\/06\/IMG_20240503_114955_ergebnis.jpg 800w, https:\/\/olu-limburg.de\/wp-content\/uploads\/2024\/06\/IMG_20240503_114955_ergebnis-300x225.jpg 300w, https:\/\/olu-limburg.de\/wp-content\/uploads\/2024\/06\/IMG_20240503_114955_ergebnis-768x576.jpg 768w, https:\/\/olu-limburg.de\/wp-content\/uploads\/2024\/06\/IMG_20240503_114955_ergebnis-624x468.jpg 624w\" sizes=\"auto, (max-width: 800px) 100vw, 800px\" \/><\/a><\/p>\n<p>Da wir nur auf kleinen Stra\u00dfen in Richtung Essoyes fahren, finden wir auf der Strecke kein Restaurant mit Mittagstisch was uns zusagt. Zu allem \u00dcberflu\u00df erwischt uns in H\u00f6he des Lac d&#8217;Orient bei Maison-Neuve wieder eine Umleitung. Wir werden etwas hin und her geschickt.<\/p>\n<p>Bei der Ankunft in Essoyes fahren wir direkt in Richtung Museum und parken letztendlich am Sportplatz\/Rathaus. Hier versorgen wir uns selbst mit den gestern gekauften Scampi. Obwohl schon alle Gesch\u00e4fte wegen der Mittagszeit zu haben, kann ich bei dem B\u00e4cker, der noch mit Handwerkern im Gespr\u00e4ch ist, ein Baguette erstehen. Ein zweites Baguette bekomme ich geschenkt, weil er heute Nachmittag sowieso nicht mehr aufmacht.<\/p>\n<p>Nach einer kurzen Mittagsruhe wollen wir Essoyes erkunden. Der knapp 700 Einwohner z\u00e4hlende Ort an der Ource kann nicht mehr mit vielen historischen Bauten dienen. Ein Brand zerst\u00f6rte 1763 die meisten Fachwerkh\u00e4user, und die alte romanische Kirche wurde 1855 abgebrochen und durch einen Neubau ersetzt.<\/p>\n<p>Dadurch konzentrieren sich die Anstrengungen f\u00fcr den Tourismus und Erhaltung des Bekanntheitsgrades voll und ganz auf das Leben und Wirken des impressionistischen Malers Pierre-Auguste Renoir in Essoyes.<\/p>\n<p>Nach dem ersten Aufenthalt hier im Jahr 1885, hielt Renoir sich immer wieder in dem Ort auf, wo er seine sp\u00e4tere Frau Aline Charigot kennenlernte, die hier geboren wurde. Sein k\u00fcnstlerisches Thema war die Natur und das Leben in der Gegend. Er liebte die Landschaft und das sommerliche Licht in der Champagne. Ende 1895 kaufte er sich ein Haus in Essoyes, in dem er sich dann auch jedes Jahr f\u00fcr einige Monate aufhielt. Den Rest der Zeit verbrachte er in seinem Haus in Cagnes-sur-Mer, wo er am 03. Dezember 1919 verstarb. Renoir und seine Frau haben sich beide, wie auch ihre S\u00f6hne Jean und Pierre,\u00a0 auf dem \u00f6rtlichen Friedhof in Essoyes bestatten lassen.<\/p>\n<p>F\u00fcr unseren Rundgang besuchen wir das Museum Renoir, wo wir, neben einem Video \u00fcber das Leben Renoirs, auf Schautafeln \u00fcber einen Werksquerschnitt, informiert werden. Zus\u00e4tzlich erhalten wir eine Brosch\u00fcre f\u00fcr den Parcour durch den Ort. An markanten Stellen k\u00f6nnen wir Bilder Renoirs mit der realen Welt vergleichen.<\/p>\n<div id=\"attachment_32178\" style=\"width: 810px\" class=\"wp-caption aligncenter\"><a href=\"https:\/\/olu-limburg.de\/wp-content\/uploads\/2024\/06\/IMG_20240503_160130_ergebnis.jpg\"><img loading=\"lazy\" decoding=\"async\" aria-describedby=\"caption-attachment-32178\" class=\"wp-image-32178 size-full\" src=\"https:\/\/olu-limburg.de\/wp-content\/uploads\/2024\/06\/IMG_20240503_160130_ergebnis.jpg\" alt=\"\" width=\"800\" height=\"600\" srcset=\"https:\/\/olu-limburg.de\/wp-content\/uploads\/2024\/06\/IMG_20240503_160130_ergebnis.jpg 800w, https:\/\/olu-limburg.de\/wp-content\/uploads\/2024\/06\/IMG_20240503_160130_ergebnis-300x225.jpg 300w, https:\/\/olu-limburg.de\/wp-content\/uploads\/2024\/06\/IMG_20240503_160130_ergebnis-768x576.jpg 768w, https:\/\/olu-limburg.de\/wp-content\/uploads\/2024\/06\/IMG_20240503_160130_ergebnis-624x468.jpg 624w\" sizes=\"auto, (max-width: 800px) 100vw, 800px\" \/><\/a><p id=\"caption-attachment-32178\" class=\"wp-caption-text\">Museum Renoir<\/p><\/div>\n<p><a href=\"https:\/\/olu-limburg.de\/wp-content\/uploads\/2024\/06\/IMG_20240503_154749_ergebnis.jpg\"><img loading=\"lazy\" decoding=\"async\" class=\"size-full wp-image-32173 aligncenter\" src=\"https:\/\/olu-limburg.de\/wp-content\/uploads\/2024\/06\/IMG_20240503_154749_ergebnis.jpg\" alt=\"\" width=\"800\" height=\"600\" srcset=\"https:\/\/olu-limburg.de\/wp-content\/uploads\/2024\/06\/IMG_20240503_154749_ergebnis.jpg 800w, https:\/\/olu-limburg.de\/wp-content\/uploads\/2024\/06\/IMG_20240503_154749_ergebnis-300x225.jpg 300w, https:\/\/olu-limburg.de\/wp-content\/uploads\/2024\/06\/IMG_20240503_154749_ergebnis-768x576.jpg 768w, https:\/\/olu-limburg.de\/wp-content\/uploads\/2024\/06\/IMG_20240503_154749_ergebnis-624x468.jpg 624w\" sizes=\"auto, (max-width: 800px) 100vw, 800px\" \/><\/a><\/p>\n<div id=\"attachment_32176\" style=\"width: 810px\" class=\"wp-caption aligncenter\"><a href=\"https:\/\/olu-limburg.de\/wp-content\/uploads\/2024\/06\/IMG_20240503_155132_ergebnis.jpg\"><img loading=\"lazy\" decoding=\"async\" aria-describedby=\"caption-attachment-32176\" class=\"wp-image-32176 size-full\" src=\"https:\/\/olu-limburg.de\/wp-content\/uploads\/2024\/06\/IMG_20240503_155132_ergebnis.jpg\" alt=\"\" width=\"800\" height=\"600\" srcset=\"https:\/\/olu-limburg.de\/wp-content\/uploads\/2024\/06\/IMG_20240503_155132_ergebnis.jpg 800w, https:\/\/olu-limburg.de\/wp-content\/uploads\/2024\/06\/IMG_20240503_155132_ergebnis-300x225.jpg 300w, https:\/\/olu-limburg.de\/wp-content\/uploads\/2024\/06\/IMG_20240503_155132_ergebnis-768x576.jpg 768w, https:\/\/olu-limburg.de\/wp-content\/uploads\/2024\/06\/IMG_20240503_155132_ergebnis-624x468.jpg 624w\" sizes=\"auto, (max-width: 800px) 100vw, 800px\" \/><\/a><p id=\"caption-attachment-32176\" class=\"wp-caption-text\">Pierre-Auguste Renoir<\/p><\/div>\n<p><a href=\"https:\/\/olu-limburg.de\/wp-content\/uploads\/2024\/06\/IMG_20240503_155058_ergebnis-e1718382850264.jpg\"><img loading=\"lazy\" decoding=\"async\" class=\"size-full wp-image-32175 aligncenter\" src=\"https:\/\/olu-limburg.de\/wp-content\/uploads\/2024\/06\/IMG_20240503_155058_ergebnis-e1718382850264.jpg\" alt=\"\" width=\"450\" height=\"600\" \/><\/a><\/p>\n<p><a href=\"https:\/\/olu-limburg.de\/wp-content\/uploads\/2024\/06\/IMG_20240503_155415_ergebnis.jpg\"><img loading=\"lazy\" decoding=\"async\" class=\"wp-image-32177 size-full aligncenter\" src=\"https:\/\/olu-limburg.de\/wp-content\/uploads\/2024\/06\/IMG_20240503_155415_ergebnis.jpg\" alt=\"\" width=\"800\" height=\"600\" srcset=\"https:\/\/olu-limburg.de\/wp-content\/uploads\/2024\/06\/IMG_20240503_155415_ergebnis.jpg 800w, https:\/\/olu-limburg.de\/wp-content\/uploads\/2024\/06\/IMG_20240503_155415_ergebnis-300x225.jpg 300w, https:\/\/olu-limburg.de\/wp-content\/uploads\/2024\/06\/IMG_20240503_155415_ergebnis-768x576.jpg 768w, https:\/\/olu-limburg.de\/wp-content\/uploads\/2024\/06\/IMG_20240503_155415_ergebnis-624x468.jpg 624w\" sizes=\"auto, (max-width: 800px) 100vw, 800px\" \/><\/a><\/p>\n<p><a href=\"https:\/\/olu-limburg.de\/wp-content\/uploads\/2024\/06\/IMG_20240503_154921_ergebnis-e1718382923124.jpg\"><img loading=\"lazy\" decoding=\"async\" class=\"size-full wp-image-32174 aligncenter\" src=\"https:\/\/olu-limburg.de\/wp-content\/uploads\/2024\/06\/IMG_20240503_154921_ergebnis-e1718382923124.jpg\" alt=\"\" width=\"450\" height=\"600\" \/><\/a><\/p>\n<p>Mit Allem best\u00fcckt kann der Rundgang starten.<\/p>\n<div id=\"attachment_32181\" style=\"width: 810px\" class=\"wp-caption aligncenter\"><a href=\"https:\/\/olu-limburg.de\/wp-content\/uploads\/2024\/06\/IMG_20240503_160153_ergebnis.jpg\"><img loading=\"lazy\" decoding=\"async\" aria-describedby=\"caption-attachment-32181\" class=\"wp-image-32181 size-full\" src=\"https:\/\/olu-limburg.de\/wp-content\/uploads\/2024\/06\/IMG_20240503_160153_ergebnis.jpg\" alt=\"\" width=\"800\" height=\"600\" srcset=\"https:\/\/olu-limburg.de\/wp-content\/uploads\/2024\/06\/IMG_20240503_160153_ergebnis.jpg 800w, https:\/\/olu-limburg.de\/wp-content\/uploads\/2024\/06\/IMG_20240503_160153_ergebnis-300x225.jpg 300w, https:\/\/olu-limburg.de\/wp-content\/uploads\/2024\/06\/IMG_20240503_160153_ergebnis-768x576.jpg 768w, https:\/\/olu-limburg.de\/wp-content\/uploads\/2024\/06\/IMG_20240503_160153_ergebnis-624x468.jpg 624w\" sizes=\"auto, (max-width: 800px) 100vw, 800px\" \/><\/a><p id=\"caption-attachment-32181\" class=\"wp-caption-text\">Waschhaus an der Ource<\/p><\/div>\n<p><a href=\"https:\/\/olu-limburg.de\/wp-content\/uploads\/2024\/06\/IMG_20240503_160251_ergebnis.jpg\"><img loading=\"lazy\" decoding=\"async\" class=\"size-full wp-image-32182 aligncenter\" src=\"https:\/\/olu-limburg.de\/wp-content\/uploads\/2024\/06\/IMG_20240503_160251_ergebnis.jpg\" alt=\"\" width=\"800\" height=\"600\" srcset=\"https:\/\/olu-limburg.de\/wp-content\/uploads\/2024\/06\/IMG_20240503_160251_ergebnis.jpg 800w, https:\/\/olu-limburg.de\/wp-content\/uploads\/2024\/06\/IMG_20240503_160251_ergebnis-300x225.jpg 300w, https:\/\/olu-limburg.de\/wp-content\/uploads\/2024\/06\/IMG_20240503_160251_ergebnis-768x576.jpg 768w, https:\/\/olu-limburg.de\/wp-content\/uploads\/2024\/06\/IMG_20240503_160251_ergebnis-624x468.jpg 624w\" sizes=\"auto, (max-width: 800px) 100vw, 800px\" \/><\/a><\/p>\n<p><a href=\"https:\/\/olu-limburg.de\/wp-content\/uploads\/2024\/06\/IMG_20240503_160351_ergebnis.jpg\"><img loading=\"lazy\" decoding=\"async\" class=\"size-full wp-image-32183 aligncenter\" src=\"https:\/\/olu-limburg.de\/wp-content\/uploads\/2024\/06\/IMG_20240503_160351_ergebnis.jpg\" alt=\"\" width=\"800\" height=\"600\" srcset=\"https:\/\/olu-limburg.de\/wp-content\/uploads\/2024\/06\/IMG_20240503_160351_ergebnis.jpg 800w, https:\/\/olu-limburg.de\/wp-content\/uploads\/2024\/06\/IMG_20240503_160351_ergebnis-300x225.jpg 300w, https:\/\/olu-limburg.de\/wp-content\/uploads\/2024\/06\/IMG_20240503_160351_ergebnis-768x576.jpg 768w, https:\/\/olu-limburg.de\/wp-content\/uploads\/2024\/06\/IMG_20240503_160351_ergebnis-624x468.jpg 624w\" sizes=\"auto, (max-width: 800px) 100vw, 800px\" \/><\/a><\/p>\n<div id=\"attachment_32184\" style=\"width: 460px\" class=\"wp-caption alignleft\"><a href=\"https:\/\/olu-limburg.de\/wp-content\/uploads\/2024\/06\/IMG_20240503_160549_ergebnis-e1718460854312.jpg\"><img loading=\"lazy\" decoding=\"async\" aria-describedby=\"caption-attachment-32184\" class=\"wp-image-32184 size-full\" src=\"https:\/\/olu-limburg.de\/wp-content\/uploads\/2024\/06\/IMG_20240503_160549_ergebnis-e1718460854312.jpg\" alt=\"\" width=\"450\" height=\"600\" \/><\/a><p id=\"caption-attachment-32184\" class=\"wp-caption-text\">\u00c9glise Saint Remi<\/p><\/div>\n<p><a href=\"https:\/\/olu-limburg.de\/wp-content\/uploads\/2024\/06\/IMG_20240503_160628_ergebnis-e1718460874783.jpg\"><img loading=\"lazy\" decoding=\"async\" class=\"size-full wp-image-32185 alignright\" src=\"https:\/\/olu-limburg.de\/wp-content\/uploads\/2024\/06\/IMG_20240503_160628_ergebnis-e1718460874783.jpg\" alt=\"\" width=\"450\" height=\"600\" \/><\/a><\/p>\n<p><a href=\"https:\/\/olu-limburg.de\/wp-content\/uploads\/2024\/06\/IMG_20240503_160840_ergebnis-e1718460917925.jpg\"><img loading=\"lazy\" decoding=\"async\" class=\"size-full wp-image-32186 alignleft\" src=\"https:\/\/olu-limburg.de\/wp-content\/uploads\/2024\/06\/IMG_20240503_160840_ergebnis-e1718460917925.jpg\" alt=\"\" width=\"450\" height=\"600\" \/><\/a><\/p>\n<p><a href=\"https:\/\/olu-limburg.de\/wp-content\/uploads\/2024\/06\/IMG_20240503_160939_ergebnis-e1718460937347.jpg\"><img loading=\"lazy\" decoding=\"async\" class=\"size-full wp-image-32187 alignright\" src=\"https:\/\/olu-limburg.de\/wp-content\/uploads\/2024\/06\/IMG_20240503_160939_ergebnis-e1718460937347.jpg\" alt=\"\" width=\"450\" height=\"600\" \/><\/a><\/p>\n<p><a href=\"https:\/\/olu-limburg.de\/wp-content\/uploads\/2024\/06\/20240503_160723_ergebnis-e1718462305564.jpg\"><img loading=\"lazy\" decoding=\"async\" class=\"size-full wp-image-32209 aligncenter\" src=\"https:\/\/olu-limburg.de\/wp-content\/uploads\/2024\/06\/20240503_160723_ergebnis-e1718462305564.jpg\" alt=\"\" width=\"450\" height=\"600\" \/><\/a><\/p>\n<div id=\"attachment_32210\" style=\"width: 810px\" class=\"wp-caption aligncenter\"><a href=\"https:\/\/olu-limburg.de\/wp-content\/uploads\/2024\/06\/20240503_161155_ergebnis.jpg\"><img loading=\"lazy\" decoding=\"async\" aria-describedby=\"caption-attachment-32210\" class=\"wp-image-32210 size-full\" src=\"https:\/\/olu-limburg.de\/wp-content\/uploads\/2024\/06\/20240503_161155_ergebnis.jpg\" alt=\"\" width=\"800\" height=\"600\" srcset=\"https:\/\/olu-limburg.de\/wp-content\/uploads\/2024\/06\/20240503_161155_ergebnis.jpg 800w, https:\/\/olu-limburg.de\/wp-content\/uploads\/2024\/06\/20240503_161155_ergebnis-300x225.jpg 300w, https:\/\/olu-limburg.de\/wp-content\/uploads\/2024\/06\/20240503_161155_ergebnis-768x576.jpg 768w, https:\/\/olu-limburg.de\/wp-content\/uploads\/2024\/06\/20240503_161155_ergebnis-624x468.jpg 624w\" sizes=\"auto, (max-width: 800px) 100vw, 800px\" \/><\/a><p id=\"caption-attachment-32210\" class=\"wp-caption-text\">&#8222;Gabrielle et Jean&#8220;<\/p><\/div>\n<p><a href=\"https:\/\/olu-limburg.de\/wp-content\/uploads\/2024\/06\/20240503_162610_ergebnis-e1718462331574.jpg\"><img loading=\"lazy\" decoding=\"async\" class=\"size-full wp-image-32211 aligncenter\" src=\"https:\/\/olu-limburg.de\/wp-content\/uploads\/2024\/06\/20240503_162610_ergebnis-e1718462331574.jpg\" alt=\"\" width=\"450\" height=\"600\" \/><\/a><\/p>\n<div id=\"attachment_32188\" style=\"width: 810px\" class=\"wp-caption aligncenter\"><a href=\"https:\/\/olu-limburg.de\/wp-content\/uploads\/2024\/06\/IMG_20240503_161935_ergebnis.jpg\"><img loading=\"lazy\" decoding=\"async\" aria-describedby=\"caption-attachment-32188\" class=\"wp-image-32188 size-full\" src=\"https:\/\/olu-limburg.de\/wp-content\/uploads\/2024\/06\/IMG_20240503_161935_ergebnis.jpg\" alt=\"\" width=\"800\" height=\"600\" srcset=\"https:\/\/olu-limburg.de\/wp-content\/uploads\/2024\/06\/IMG_20240503_161935_ergebnis.jpg 800w, https:\/\/olu-limburg.de\/wp-content\/uploads\/2024\/06\/IMG_20240503_161935_ergebnis-300x225.jpg 300w, https:\/\/olu-limburg.de\/wp-content\/uploads\/2024\/06\/IMG_20240503_161935_ergebnis-768x576.jpg 768w, https:\/\/olu-limburg.de\/wp-content\/uploads\/2024\/06\/IMG_20240503_161935_ergebnis-624x468.jpg 624w\" sizes=\"auto, (max-width: 800px) 100vw, 800px\" \/><\/a><p id=\"caption-attachment-32188\" class=\"wp-caption-text\">Stra\u00dfenansicht des Wohnhauses der Familie Renoir<\/p><\/div>\n<p><a href=\"https:\/\/olu-limburg.de\/wp-content\/uploads\/2024\/06\/IMG_20240503_162540_ergebnis.jpg\"><img loading=\"lazy\" decoding=\"async\" class=\"size-full wp-image-32189 aligncenter\" src=\"https:\/\/olu-limburg.de\/wp-content\/uploads\/2024\/06\/IMG_20240503_162540_ergebnis.jpg\" alt=\"\" width=\"800\" height=\"600\" srcset=\"https:\/\/olu-limburg.de\/wp-content\/uploads\/2024\/06\/IMG_20240503_162540_ergebnis.jpg 800w, https:\/\/olu-limburg.de\/wp-content\/uploads\/2024\/06\/IMG_20240503_162540_ergebnis-300x225.jpg 300w, https:\/\/olu-limburg.de\/wp-content\/uploads\/2024\/06\/IMG_20240503_162540_ergebnis-768x576.jpg 768w, https:\/\/olu-limburg.de\/wp-content\/uploads\/2024\/06\/IMG_20240503_162540_ergebnis-624x468.jpg 624w\" sizes=\"auto, (max-width: 800px) 100vw, 800px\" \/><\/a><\/p>\n<div id=\"attachment_32190\" style=\"width: 460px\" class=\"wp-caption aligncenter\"><a href=\"https:\/\/olu-limburg.de\/wp-content\/uploads\/2024\/06\/IMG_20240503_162920_ergebnis-e1718461009703.jpg\"><img loading=\"lazy\" decoding=\"async\" aria-describedby=\"caption-attachment-32190\" class=\"wp-image-32190 size-full\" src=\"https:\/\/olu-limburg.de\/wp-content\/uploads\/2024\/06\/IMG_20240503_162920_ergebnis-e1718461009703.jpg\" alt=\"\" width=\"450\" height=\"600\" \/><\/a><p id=\"caption-attachment-32190\" class=\"wp-caption-text\">Grab von Pierre-Auguste Renoir<\/p><\/div>\n<p>In seinem Haus mit dem Atelier im wundervollen Garten hatte Renoir alle M\u00f6glichkeiten, in Ruhe seine vom Licht beeinflu\u00dfte Farbpalette auszunutzen. Aber auch f\u00fcr seine Frau ist ein Traum wahr geworden, denn sie wurde dadurch zur Immobilienbesitzerin in ihrem Heimatdorf.<\/p>\n<p>Der Einlass zum Anwesen der Familie Renoir befindet sich nun auf der Gartenseite. Zuerst erreichen wir den als Atelier bezeichneten Wohnturm. Die eigentlichen Atelierr\u00e4ume befinden sich im 1. Stock und werden durch eine Au\u00dfentreppe betreten.<\/p>\n<p><a href=\"https:\/\/olu-limburg.de\/wp-content\/uploads\/2024\/06\/IMG_20240503_163725_ergebnis-e1718461271710.jpg\"><img loading=\"lazy\" decoding=\"async\" class=\"size-full wp-image-32191 alignleft\" src=\"https:\/\/olu-limburg.de\/wp-content\/uploads\/2024\/06\/IMG_20240503_163725_ergebnis-e1718461271710.jpg\" alt=\"\" width=\"450\" height=\"600\" \/><\/a><\/p>\n<p><a href=\"https:\/\/olu-limburg.de\/wp-content\/uploads\/2024\/06\/IMG_20240503_163950_ergebnis-e1718461473432.jpg\"><img loading=\"lazy\" decoding=\"async\" class=\"size-full wp-image-32193 alignright\" src=\"https:\/\/olu-limburg.de\/wp-content\/uploads\/2024\/06\/IMG_20240503_163950_ergebnis-e1718461473432.jpg\" alt=\"\" width=\"450\" height=\"600\" \/><\/a><\/p>\n<p><a href=\"https:\/\/olu-limburg.de\/wp-content\/uploads\/2024\/06\/IMG_20240503_163825_ergebnis.jpg\"><img loading=\"lazy\" decoding=\"async\" class=\"size-full wp-image-32192 aligncenter\" src=\"https:\/\/olu-limburg.de\/wp-content\/uploads\/2024\/06\/IMG_20240503_163825_ergebnis.jpg\" alt=\"\" width=\"800\" height=\"600\" srcset=\"https:\/\/olu-limburg.de\/wp-content\/uploads\/2024\/06\/IMG_20240503_163825_ergebnis.jpg 800w, https:\/\/olu-limburg.de\/wp-content\/uploads\/2024\/06\/IMG_20240503_163825_ergebnis-300x225.jpg 300w, https:\/\/olu-limburg.de\/wp-content\/uploads\/2024\/06\/IMG_20240503_163825_ergebnis-768x576.jpg 768w, https:\/\/olu-limburg.de\/wp-content\/uploads\/2024\/06\/IMG_20240503_163825_ergebnis-624x468.jpg 624w\" sizes=\"auto, (max-width: 800px) 100vw, 800px\" \/><\/a><\/p>\n<p><a href=\"https:\/\/olu-limburg.de\/wp-content\/uploads\/2024\/06\/IMG_20240503_164130_ergebnis-e1718461638560.jpg\"><img loading=\"lazy\" decoding=\"async\" class=\"size-full wp-image-32195 aligncenter\" src=\"https:\/\/olu-limburg.de\/wp-content\/uploads\/2024\/06\/IMG_20240503_164130_ergebnis-e1718461638560.jpg\" alt=\"\" width=\"450\" height=\"600\" \/><\/a><\/p>\n<p><a href=\"https:\/\/olu-limburg.de\/wp-content\/uploads\/2024\/06\/20240503_164156_ergebnis.jpg\"><img loading=\"lazy\" decoding=\"async\" class=\"size-full wp-image-32212 aligncenter\" src=\"https:\/\/olu-limburg.de\/wp-content\/uploads\/2024\/06\/20240503_164156_ergebnis.jpg\" alt=\"\" width=\"800\" height=\"600\" srcset=\"https:\/\/olu-limburg.de\/wp-content\/uploads\/2024\/06\/20240503_164156_ergebnis.jpg 800w, https:\/\/olu-limburg.de\/wp-content\/uploads\/2024\/06\/20240503_164156_ergebnis-300x225.jpg 300w, https:\/\/olu-limburg.de\/wp-content\/uploads\/2024\/06\/20240503_164156_ergebnis-768x576.jpg 768w, https:\/\/olu-limburg.de\/wp-content\/uploads\/2024\/06\/20240503_164156_ergebnis-624x468.jpg 624w\" sizes=\"auto, (max-width: 800px) 100vw, 800px\" \/><\/a><\/p>\n<p><a href=\"https:\/\/olu-limburg.de\/wp-content\/uploads\/2024\/06\/20240503_164306_ergebnis-e1718462511523.jpg\"><img loading=\"lazy\" decoding=\"async\" class=\"size-full wp-image-32213 aligncenter\" src=\"https:\/\/olu-limburg.de\/wp-content\/uploads\/2024\/06\/20240503_164306_ergebnis-e1718462511523.jpg\" alt=\"\" width=\"450\" height=\"600\" \/><\/a><\/p>\n<p>Das Wohnhaus ist durch ein St\u00fcck Garten vom Atelier getrennt.<\/p>\n<p><a href=\"https:\/\/olu-limburg.de\/wp-content\/uploads\/2024\/06\/IMG_20240503_164609_ergebnis.jpg\"><img loading=\"lazy\" decoding=\"async\" class=\"size-full wp-image-32196 aligncenter\" src=\"https:\/\/olu-limburg.de\/wp-content\/uploads\/2024\/06\/IMG_20240503_164609_ergebnis.jpg\" alt=\"\" width=\"800\" height=\"600\" srcset=\"https:\/\/olu-limburg.de\/wp-content\/uploads\/2024\/06\/IMG_20240503_164609_ergebnis.jpg 800w, https:\/\/olu-limburg.de\/wp-content\/uploads\/2024\/06\/IMG_20240503_164609_ergebnis-300x225.jpg 300w, https:\/\/olu-limburg.de\/wp-content\/uploads\/2024\/06\/IMG_20240503_164609_ergebnis-768x576.jpg 768w, https:\/\/olu-limburg.de\/wp-content\/uploads\/2024\/06\/IMG_20240503_164609_ergebnis-624x468.jpg 624w\" sizes=\"auto, (max-width: 800px) 100vw, 800px\" \/><\/a><\/p>\n<p><a href=\"https:\/\/olu-limburg.de\/wp-content\/uploads\/2024\/06\/IMG_20240503_164725_ergebnis.jpg\"><img loading=\"lazy\" decoding=\"async\" class=\"size-full wp-image-32197 aligncenter\" src=\"https:\/\/olu-limburg.de\/wp-content\/uploads\/2024\/06\/IMG_20240503_164725_ergebnis.jpg\" alt=\"\" width=\"800\" height=\"600\" srcset=\"https:\/\/olu-limburg.de\/wp-content\/uploads\/2024\/06\/IMG_20240503_164725_ergebnis.jpg 800w, https:\/\/olu-limburg.de\/wp-content\/uploads\/2024\/06\/IMG_20240503_164725_ergebnis-300x225.jpg 300w, https:\/\/olu-limburg.de\/wp-content\/uploads\/2024\/06\/IMG_20240503_164725_ergebnis-768x576.jpg 768w, https:\/\/olu-limburg.de\/wp-content\/uploads\/2024\/06\/IMG_20240503_164725_ergebnis-624x468.jpg 624w\" sizes=\"auto, (max-width: 800px) 100vw, 800px\" \/><\/a><\/p>\n<p><a href=\"https:\/\/olu-limburg.de\/wp-content\/uploads\/2024\/06\/IMG_20240503_164807_ergebnis.jpg\"><img loading=\"lazy\" decoding=\"async\" class=\"size-full wp-image-32198 aligncenter\" src=\"https:\/\/olu-limburg.de\/wp-content\/uploads\/2024\/06\/IMG_20240503_164807_ergebnis.jpg\" alt=\"\" width=\"800\" height=\"600\" srcset=\"https:\/\/olu-limburg.de\/wp-content\/uploads\/2024\/06\/IMG_20240503_164807_ergebnis.jpg 800w, https:\/\/olu-limburg.de\/wp-content\/uploads\/2024\/06\/IMG_20240503_164807_ergebnis-300x225.jpg 300w, https:\/\/olu-limburg.de\/wp-content\/uploads\/2024\/06\/IMG_20240503_164807_ergebnis-768x576.jpg 768w, https:\/\/olu-limburg.de\/wp-content\/uploads\/2024\/06\/IMG_20240503_164807_ergebnis-624x468.jpg 624w\" sizes=\"auto, (max-width: 800px) 100vw, 800px\" \/><\/a><\/p>\n<p><a href=\"https:\/\/olu-limburg.de\/wp-content\/uploads\/2024\/06\/IMG_20240503_164826_ergebnis.jpg\"><img loading=\"lazy\" decoding=\"async\" class=\"size-full wp-image-32199 aligncenter\" src=\"https:\/\/olu-limburg.de\/wp-content\/uploads\/2024\/06\/IMG_20240503_164826_ergebnis.jpg\" alt=\"\" width=\"800\" height=\"600\" srcset=\"https:\/\/olu-limburg.de\/wp-content\/uploads\/2024\/06\/IMG_20240503_164826_ergebnis.jpg 800w, https:\/\/olu-limburg.de\/wp-content\/uploads\/2024\/06\/IMG_20240503_164826_ergebnis-300x225.jpg 300w, https:\/\/olu-limburg.de\/wp-content\/uploads\/2024\/06\/IMG_20240503_164826_ergebnis-768x576.jpg 768w, https:\/\/olu-limburg.de\/wp-content\/uploads\/2024\/06\/IMG_20240503_164826_ergebnis-624x468.jpg 624w\" sizes=\"auto, (max-width: 800px) 100vw, 800px\" \/><\/a><\/p>\n<p><a href=\"https:\/\/olu-limburg.de\/wp-content\/uploads\/2024\/06\/IMG_20240503_164838_ergebnis-e1718461747329.jpg\"><img loading=\"lazy\" decoding=\"async\" class=\"size-full wp-image-32200 alignleft\" src=\"https:\/\/olu-limburg.de\/wp-content\/uploads\/2024\/06\/IMG_20240503_164838_ergebnis-e1718461747329.jpg\" alt=\"\" width=\"450\" height=\"600\" \/><\/a><\/p>\n<p><a href=\"https:\/\/olu-limburg.de\/wp-content\/uploads\/2024\/06\/IMG_20240503_164855_ergebnis-e1718461769126.jpg\"><img loading=\"lazy\" decoding=\"async\" class=\"size-full wp-image-32201 alignright\" src=\"https:\/\/olu-limburg.de\/wp-content\/uploads\/2024\/06\/IMG_20240503_164855_ergebnis-e1718461769126.jpg\" alt=\"\" width=\"450\" height=\"600\" \/><\/a><\/p>\n<p><a href=\"https:\/\/olu-limburg.de\/wp-content\/uploads\/2024\/06\/IMG_20240503_165053_ergebnis.jpg\"><img loading=\"lazy\" decoding=\"async\" class=\"size-full wp-image-32202 aligncenter\" src=\"https:\/\/olu-limburg.de\/wp-content\/uploads\/2024\/06\/IMG_20240503_165053_ergebnis.jpg\" alt=\"\" width=\"800\" height=\"600\" srcset=\"https:\/\/olu-limburg.de\/wp-content\/uploads\/2024\/06\/IMG_20240503_165053_ergebnis.jpg 800w, https:\/\/olu-limburg.de\/wp-content\/uploads\/2024\/06\/IMG_20240503_165053_ergebnis-300x225.jpg 300w, https:\/\/olu-limburg.de\/wp-content\/uploads\/2024\/06\/IMG_20240503_165053_ergebnis-768x576.jpg 768w, https:\/\/olu-limburg.de\/wp-content\/uploads\/2024\/06\/IMG_20240503_165053_ergebnis-624x468.jpg 624w\" sizes=\"auto, (max-width: 800px) 100vw, 800px\" \/><\/a><\/p>\n<p><a href=\"https:\/\/olu-limburg.de\/wp-content\/uploads\/2024\/06\/IMG_20240503_165439_ergebnis-e1718461794171.jpg\"><img loading=\"lazy\" decoding=\"async\" class=\"size-full wp-image-32203 aligncenter\" src=\"https:\/\/olu-limburg.de\/wp-content\/uploads\/2024\/06\/IMG_20240503_165439_ergebnis-e1718461794171.jpg\" alt=\"\" width=\"450\" height=\"600\" \/><\/a><\/p>\n<p><a href=\"https:\/\/olu-limburg.de\/wp-content\/uploads\/2024\/06\/IMG_20240503_165628_ergebnis.jpg\"><img loading=\"lazy\" decoding=\"async\" class=\"size-full wp-image-32204 aligncenter\" src=\"https:\/\/olu-limburg.de\/wp-content\/uploads\/2024\/06\/IMG_20240503_165628_ergebnis.jpg\" alt=\"\" width=\"800\" height=\"600\" srcset=\"https:\/\/olu-limburg.de\/wp-content\/uploads\/2024\/06\/IMG_20240503_165628_ergebnis.jpg 800w, https:\/\/olu-limburg.de\/wp-content\/uploads\/2024\/06\/IMG_20240503_165628_ergebnis-300x225.jpg 300w, https:\/\/olu-limburg.de\/wp-content\/uploads\/2024\/06\/IMG_20240503_165628_ergebnis-768x576.jpg 768w, https:\/\/olu-limburg.de\/wp-content\/uploads\/2024\/06\/IMG_20240503_165628_ergebnis-624x468.jpg 624w\" sizes=\"auto, (max-width: 800px) 100vw, 800px\" \/><\/a><\/p>\n<p>F\u00fcr Renoir war es wichtig, da\u00df das Anwesen aus zwei getrennten H\u00e4usern bestand. Ein Haus war f\u00fcr die Familie, und ein Haus, das \u00fcber den Hof betreten werden konnte, war nur f\u00fcr ihn. Hier konnte er, wenn er es wollte, ganz f\u00fcr sich sein. Die Darstellung des alleine auf der Treppe sitzenden Pierre-Auguste Renoir soll darauf heute hinweisen.<\/p>\n<p><a href=\"https:\/\/olu-limburg.de\/wp-content\/uploads\/2024\/06\/20240503_165154_ergebnis-e1718464841103.jpg\"><img loading=\"lazy\" decoding=\"async\" class=\"size-full wp-image-32221 aligncenter\" src=\"https:\/\/olu-limburg.de\/wp-content\/uploads\/2024\/06\/20240503_165154_ergebnis-e1718464841103.jpg\" alt=\"\" width=\"450\" height=\"600\" \/><\/a><\/p>\n<p>Mit diesem gro\u00dfz\u00fcgigen Wohnhaus konnte Frau Renoir in ihrem Heimatort schon richtig gl\u00e4nzen. Wir machen uns nun wieder zur\u00fcck zu unserem Wohnmobil.<\/p>\n<div id=\"attachment_32206\" style=\"width: 810px\" class=\"wp-caption aligncenter\"><a href=\"https:\/\/olu-limburg.de\/wp-content\/uploads\/2024\/06\/IMG_20240503_171149_ergebnis.jpg\"><img loading=\"lazy\" decoding=\"async\" aria-describedby=\"caption-attachment-32206\" class=\"wp-image-32206 size-full\" src=\"https:\/\/olu-limburg.de\/wp-content\/uploads\/2024\/06\/IMG_20240503_171149_ergebnis.jpg\" alt=\"\" width=\"800\" height=\"600\" srcset=\"https:\/\/olu-limburg.de\/wp-content\/uploads\/2024\/06\/IMG_20240503_171149_ergebnis.jpg 800w, https:\/\/olu-limburg.de\/wp-content\/uploads\/2024\/06\/IMG_20240503_171149_ergebnis-300x225.jpg 300w, https:\/\/olu-limburg.de\/wp-content\/uploads\/2024\/06\/IMG_20240503_171149_ergebnis-768x576.jpg 768w, https:\/\/olu-limburg.de\/wp-content\/uploads\/2024\/06\/IMG_20240503_171149_ergebnis-624x468.jpg 624w\" sizes=\"auto, (max-width: 800px) 100vw, 800px\" \/><\/a><p id=\"caption-attachment-32206\" class=\"wp-caption-text\">&#8222;vergessene&#8220; Wohn- und Gesch\u00e4ftsgeb\u00e4ude<\/p><\/div>\n<div id=\"attachment_32217\" style=\"width: 460px\" class=\"wp-caption aligncenter\"><a href=\"https:\/\/olu-limburg.de\/wp-content\/uploads\/2024\/06\/20240503_171145_ergebnis-e1718462674464.jpg\"><img loading=\"lazy\" decoding=\"async\" aria-describedby=\"caption-attachment-32217\" class=\"wp-image-32217 size-full\" src=\"https:\/\/olu-limburg.de\/wp-content\/uploads\/2024\/06\/20240503_171145_ergebnis-e1718462674464.jpg\" alt=\"\" width=\"450\" height=\"600\" \/><\/a><p id=\"caption-attachment-32217\" class=\"wp-caption-text\">&#8222;Danse \u00e0 la Campagne&#8220;<\/p><\/div>\n<div style=\"width: 810px\" class=\"wp-caption aligncenter\"><a href=\"https:\/\/olu-limburg.de\/wp-content\/uploads\/2024\/06\/IMG_20240503_171636_ergebnis.jpg\"><img loading=\"lazy\" decoding=\"async\" class=\"wp-image-32207 size-full\" src=\"https:\/\/olu-limburg.de\/wp-content\/uploads\/2024\/06\/IMG_20240503_171636_ergebnis.jpg\" alt=\"\" width=\"800\" height=\"600\" srcset=\"https:\/\/olu-limburg.de\/wp-content\/uploads\/2024\/06\/IMG_20240503_171636_ergebnis.jpg 800w, https:\/\/olu-limburg.de\/wp-content\/uploads\/2024\/06\/IMG_20240503_171636_ergebnis-300x225.jpg 300w, https:\/\/olu-limburg.de\/wp-content\/uploads\/2024\/06\/IMG_20240503_171636_ergebnis-768x576.jpg 768w, https:\/\/olu-limburg.de\/wp-content\/uploads\/2024\/06\/IMG_20240503_171636_ergebnis-624x468.jpg 624w\" sizes=\"auto, (max-width: 800px) 100vw, 800px\" \/><\/a><p class=\"wp-caption-text\">Br\u00fccke \u00fcber die Ource<\/p><\/div>\n<p>Wir verlassen nun Essoyes und fahren nach Celles-sur-Ource zu einem Champagnergut von France Passion. Celles-sur-Ource ist eine kleine Gemeinde von nicht einmal 500 Einwohnern, aber gef\u00fchlt jedes 2. Haus ist ein Champagnergut.\u00a0 Das Dorf geh\u00f6rt zur AOC C\u00f4te des Bar und ist die s\u00fcdlichste Appellation der Champagne, und grenzt an das n\u00f6rdlichste Anbaugebiet des Burgunderweines. Wir fahren zur famili\u00e4ren Dom\u00e4ne Andr\u00e9 Fays, die direkt an der Hauptstra\u00dfe liegt. Wie es sich geh\u00f6rt, melden wir uns an und bedanken uns f\u00fcr die Gastfreundlichkeit und Einladung von France Passion.<\/p>\n<p><a href=\"https:\/\/olu-limburg.de\/wp-content\/uploads\/2024\/06\/20240504_104628_ergebnis.jpg\"><img loading=\"lazy\" decoding=\"async\" class=\"size-full wp-image-32223 aligncenter\" src=\"https:\/\/olu-limburg.de\/wp-content\/uploads\/2024\/06\/20240504_104628_ergebnis.jpg\" alt=\"\" width=\"800\" height=\"600\" srcset=\"https:\/\/olu-limburg.de\/wp-content\/uploads\/2024\/06\/20240504_104628_ergebnis.jpg 800w, https:\/\/olu-limburg.de\/wp-content\/uploads\/2024\/06\/20240504_104628_ergebnis-300x225.jpg 300w, https:\/\/olu-limburg.de\/wp-content\/uploads\/2024\/06\/20240504_104628_ergebnis-768x576.jpg 768w, https:\/\/olu-limburg.de\/wp-content\/uploads\/2024\/06\/20240504_104628_ergebnis-624x468.jpg 624w\" sizes=\"auto, (max-width: 800px) 100vw, 800px\" \/><\/a><\/p>\n<p><a href=\"https:\/\/olu-limburg.de\/wp-content\/uploads\/2024\/06\/20240504_105634_ergebnis.jpg\"><img loading=\"lazy\" decoding=\"async\" class=\"size-full wp-image-32224 aligncenter\" src=\"https:\/\/olu-limburg.de\/wp-content\/uploads\/2024\/06\/20240504_105634_ergebnis.jpg\" alt=\"\" width=\"800\" height=\"600\" srcset=\"https:\/\/olu-limburg.de\/wp-content\/uploads\/2024\/06\/20240504_105634_ergebnis.jpg 800w, https:\/\/olu-limburg.de\/wp-content\/uploads\/2024\/06\/20240504_105634_ergebnis-300x225.jpg 300w, https:\/\/olu-limburg.de\/wp-content\/uploads\/2024\/06\/20240504_105634_ergebnis-768x576.jpg 768w, https:\/\/olu-limburg.de\/wp-content\/uploads\/2024\/06\/20240504_105634_ergebnis-624x468.jpg 624w\" sizes=\"auto, (max-width: 800px) 100vw, 800px\" \/><\/a><\/p>\n<p><a href=\"https:\/\/olu-limburg.de\/wp-content\/uploads\/2024\/06\/IMG_20240503_181036_ergebnis.jpg\"><img loading=\"lazy\" decoding=\"async\" class=\"size-full wp-image-32225 aligncenter\" src=\"https:\/\/olu-limburg.de\/wp-content\/uploads\/2024\/06\/IMG_20240503_181036_ergebnis.jpg\" alt=\"\" width=\"800\" height=\"600\" srcset=\"https:\/\/olu-limburg.de\/wp-content\/uploads\/2024\/06\/IMG_20240503_181036_ergebnis.jpg 800w, https:\/\/olu-limburg.de\/wp-content\/uploads\/2024\/06\/IMG_20240503_181036_ergebnis-300x225.jpg 300w, https:\/\/olu-limburg.de\/wp-content\/uploads\/2024\/06\/IMG_20240503_181036_ergebnis-768x576.jpg 768w, https:\/\/olu-limburg.de\/wp-content\/uploads\/2024\/06\/IMG_20240503_181036_ergebnis-624x468.jpg 624w\" sizes=\"auto, (max-width: 800px) 100vw, 800px\" \/><\/a><\/p>\n<p><a href=\"https:\/\/olu-limburg.de\/wp-content\/uploads\/2024\/06\/IMG_20240503_181626_ergebnis-e1718465668538.jpg\"><img loading=\"lazy\" decoding=\"async\" class=\"size-full wp-image-32226 aligncenter\" src=\"https:\/\/olu-limburg.de\/wp-content\/uploads\/2024\/06\/IMG_20240503_181626_ergebnis-e1718465668538.jpg\" alt=\"\" width=\"450\" height=\"600\" \/><\/a><\/p>\n<p><a href=\"https:\/\/olu-limburg.de\/wp-content\/uploads\/2024\/06\/IMG_20240503_182147_ergebnis-e1718465693749.jpg\"><img loading=\"lazy\" decoding=\"async\" class=\"size-full wp-image-32228 aligncenter\" src=\"https:\/\/olu-limburg.de\/wp-content\/uploads\/2024\/06\/IMG_20240503_182147_ergebnis-e1718465693749.jpg\" alt=\"\" width=\"450\" height=\"600\" \/><\/a><\/p>\n<p>In diesem Moment kommt die fahrbare Metzgerei und K\u00e4serei vorbei, so k\u00f6nnen die Hausherrin und wir noch einen urigen und sehr schmackhaften Einkauf t\u00e4tigen. Au\u00dferdem zeigt es sich, dass diese Einrichtung zur Grundversorgung der Landbev\u00f6lkerung dient und deshalb noch preiswert ist. Die Qualit\u00e4t der angebotenen Ware ist hervorragend und wird sehr gut angenommen, obwohl sich ein kleiner Supermarkt an dem Ortseingang angesiedelt hat. Ich entscheide mich f\u00fcr ein St\u00fcck Boudin noir (frische Blutwurst) und einen K\u00e4se aus der Region.<\/p>\n<p><a href=\"https:\/\/olu-limburg.de\/wp-content\/uploads\/2024\/06\/IMG_20240503_181633_ergebnis.jpg\"><img loading=\"lazy\" decoding=\"async\" class=\"size-full wp-image-32227 aligncenter\" src=\"https:\/\/olu-limburg.de\/wp-content\/uploads\/2024\/06\/IMG_20240503_181633_ergebnis.jpg\" alt=\"\" width=\"800\" height=\"600\" srcset=\"https:\/\/olu-limburg.de\/wp-content\/uploads\/2024\/06\/IMG_20240503_181633_ergebnis.jpg 800w, https:\/\/olu-limburg.de\/wp-content\/uploads\/2024\/06\/IMG_20240503_181633_ergebnis-300x225.jpg 300w, https:\/\/olu-limburg.de\/wp-content\/uploads\/2024\/06\/IMG_20240503_181633_ergebnis-768x576.jpg 768w, https:\/\/olu-limburg.de\/wp-content\/uploads\/2024\/06\/IMG_20240503_181633_ergebnis-624x468.jpg 624w\" sizes=\"auto, (max-width: 800px) 100vw, 800px\" \/><\/a><\/p>\n<p>Die Dame des Hauses begleitet uns zu unserem Stellplatz hinter dem Wohnhaus, und wir vereinbaren eine Uhrzeit, wann wir uns mit ihr treffen k\u00f6nnen, da wir etwas \u00fcber den hiesigen Champagner erfahren und probieren m\u00f6chten.<\/p>\n<p><a href=\"https:\/\/olu-limburg.de\/wp-content\/uploads\/2024\/06\/IMG_20240504_104149_ergebnis.jpg\"><img loading=\"lazy\" decoding=\"async\" class=\"size-full wp-image-32230 aligncenter\" src=\"https:\/\/olu-limburg.de\/wp-content\/uploads\/2024\/06\/IMG_20240504_104149_ergebnis.jpg\" alt=\"\" width=\"800\" height=\"600\" srcset=\"https:\/\/olu-limburg.de\/wp-content\/uploads\/2024\/06\/IMG_20240504_104149_ergebnis.jpg 800w, https:\/\/olu-limburg.de\/wp-content\/uploads\/2024\/06\/IMG_20240504_104149_ergebnis-300x225.jpg 300w, https:\/\/olu-limburg.de\/wp-content\/uploads\/2024\/06\/IMG_20240504_104149_ergebnis-768x576.jpg 768w, https:\/\/olu-limburg.de\/wp-content\/uploads\/2024\/06\/IMG_20240504_104149_ergebnis-624x468.jpg 624w\" sizes=\"auto, (max-width: 800px) 100vw, 800px\" \/><\/a><\/p>\n<p><a href=\"https:\/\/olu-limburg.de\/wp-content\/uploads\/2024\/06\/IMG_20240503_201025_ergebnis-e1718465749457.jpg\"><img loading=\"lazy\" decoding=\"async\" class=\"size-full wp-image-32229 aligncenter\" src=\"https:\/\/olu-limburg.de\/wp-content\/uploads\/2024\/06\/IMG_20240503_201025_ergebnis-e1718465749457.jpg\" alt=\"\" width=\"800\" height=\"600\" srcset=\"https:\/\/olu-limburg.de\/wp-content\/uploads\/2024\/06\/IMG_20240503_201025_ergebnis-e1718465749457.jpg 800w, https:\/\/olu-limburg.de\/wp-content\/uploads\/2024\/06\/IMG_20240503_201025_ergebnis-e1718465749457-300x225.jpg 300w, https:\/\/olu-limburg.de\/wp-content\/uploads\/2024\/06\/IMG_20240503_201025_ergebnis-e1718465749457-768x576.jpg 768w, https:\/\/olu-limburg.de\/wp-content\/uploads\/2024\/06\/IMG_20240503_201025_ergebnis-e1718465749457-624x468.jpg 624w\" sizes=\"auto, (max-width: 800px) 100vw, 800px\" \/><\/a><\/p>\n<p>Die Konversation gestaltet sich ein wenig schwierig, da wir uns, entgegen unseren sonstigen Gepflogenheiten, auf eine englische Gespr\u00e4chsf\u00fchrung geeinigt haben. So hat Frau Fays ihre Probleme alles zu erkl\u00e4ren, und wir zu verstehen. Wir probieren einen wei\u00dfen Champagner, der aus der f\u00fcr Champagner selten verwendeten Rebsorte Pinot Blanc besteht, und einen Champagner ros\u00e9, der aber eine kr\u00e4ftige rote F\u00e4rbung hat. Hierf\u00fcr wurde der Champagner eine kurze Zeit auf der Maische gelassen, um ihm noch etwas mehr Geschmack zu verleihen.<\/p>\n<p>Wir genie\u00dfen noch einige Zeit lang die Ruhe und das sch\u00f6ne Wetter, bis uns mal wieder ein heftiger Regenschauer erwischt.<\/p>\n<p>Tagesstrecke: 89 km<\/p>\n<p>&nbsp;<\/p>\n<p><strong>Samstag, 04.05.2024<\/strong><\/p>\n<p>Bei der heutigen Weiterfahrt\u00a0 kommen wir kurz hinter Celles-sur-Ource zu der Stelle, wo die Ource in die Seine flie\u00dft. Hier verlassen wir die Champagne und kommen in das Weingebiet Burgund.<\/p>\n<p><a href=\"https:\/\/olu-limburg.de\/wp-content\/uploads\/2024\/06\/IMG_20240504_105053_ergebnis.jpg\"><img loading=\"lazy\" decoding=\"async\" class=\"size-full wp-image-32234 aligncenter\" src=\"https:\/\/olu-limburg.de\/wp-content\/uploads\/2024\/06\/IMG_20240504_105053_ergebnis.jpg\" alt=\"\" width=\"800\" height=\"600\" srcset=\"https:\/\/olu-limburg.de\/wp-content\/uploads\/2024\/06\/IMG_20240504_105053_ergebnis.jpg 800w, https:\/\/olu-limburg.de\/wp-content\/uploads\/2024\/06\/IMG_20240504_105053_ergebnis-300x225.jpg 300w, https:\/\/olu-limburg.de\/wp-content\/uploads\/2024\/06\/IMG_20240504_105053_ergebnis-768x576.jpg 768w, https:\/\/olu-limburg.de\/wp-content\/uploads\/2024\/06\/IMG_20240504_105053_ergebnis-624x468.jpg 624w\" sizes=\"auto, (max-width: 800px) 100vw, 800px\" \/><\/a><\/p>\n<p><a href=\"https:\/\/olu-limburg.de\/wp-content\/uploads\/2024\/06\/IMG_20240504_105115_ergebnis.jpg\"><img loading=\"lazy\" decoding=\"async\" class=\"size-full wp-image-32235 aligncenter\" src=\"https:\/\/olu-limburg.de\/wp-content\/uploads\/2024\/06\/IMG_20240504_105115_ergebnis.jpg\" alt=\"\" width=\"800\" height=\"600\" srcset=\"https:\/\/olu-limburg.de\/wp-content\/uploads\/2024\/06\/IMG_20240504_105115_ergebnis.jpg 800w, https:\/\/olu-limburg.de\/wp-content\/uploads\/2024\/06\/IMG_20240504_105115_ergebnis-300x225.jpg 300w, https:\/\/olu-limburg.de\/wp-content\/uploads\/2024\/06\/IMG_20240504_105115_ergebnis-768x576.jpg 768w, https:\/\/olu-limburg.de\/wp-content\/uploads\/2024\/06\/IMG_20240504_105115_ergebnis-624x468.jpg 624w\" sizes=\"auto, (max-width: 800px) 100vw, 800px\" \/><\/a><\/p>\n<p><a href=\"https:\/\/olu-limburg.de\/wp-content\/uploads\/2024\/06\/IMG_20240504_105136_ergebnis.jpg\"><img loading=\"lazy\" decoding=\"async\" class=\"size-full wp-image-32236 aligncenter\" src=\"https:\/\/olu-limburg.de\/wp-content\/uploads\/2024\/06\/IMG_20240504_105136_ergebnis.jpg\" alt=\"\" width=\"800\" height=\"600\" srcset=\"https:\/\/olu-limburg.de\/wp-content\/uploads\/2024\/06\/IMG_20240504_105136_ergebnis.jpg 800w, https:\/\/olu-limburg.de\/wp-content\/uploads\/2024\/06\/IMG_20240504_105136_ergebnis-300x225.jpg 300w, https:\/\/olu-limburg.de\/wp-content\/uploads\/2024\/06\/IMG_20240504_105136_ergebnis-768x576.jpg 768w, https:\/\/olu-limburg.de\/wp-content\/uploads\/2024\/06\/IMG_20240504_105136_ergebnis-624x468.jpg 624w\" sizes=\"auto, (max-width: 800px) 100vw, 800px\" \/><\/a><\/p>\n<p><a href=\"https:\/\/olu-limburg.de\/wp-content\/uploads\/2024\/06\/IMG_20240504_105152_ergebnis.jpg\"><img loading=\"lazy\" decoding=\"async\" class=\"size-full wp-image-32237 aligncenter\" src=\"https:\/\/olu-limburg.de\/wp-content\/uploads\/2024\/06\/IMG_20240504_105152_ergebnis.jpg\" alt=\"\" width=\"800\" height=\"600\" srcset=\"https:\/\/olu-limburg.de\/wp-content\/uploads\/2024\/06\/IMG_20240504_105152_ergebnis.jpg 800w, https:\/\/olu-limburg.de\/wp-content\/uploads\/2024\/06\/IMG_20240504_105152_ergebnis-300x225.jpg 300w, https:\/\/olu-limburg.de\/wp-content\/uploads\/2024\/06\/IMG_20240504_105152_ergebnis-768x576.jpg 768w, https:\/\/olu-limburg.de\/wp-content\/uploads\/2024\/06\/IMG_20240504_105152_ergebnis-624x468.jpg 624w\" sizes=\"auto, (max-width: 800px) 100vw, 800px\" \/><\/a><\/p>\n<p><a href=\"https:\/\/olu-limburg.de\/wp-content\/uploads\/2024\/06\/IMG_20240504_105213_ergebnis.jpg\"><img loading=\"lazy\" decoding=\"async\" class=\"size-full wp-image-32238 aligncenter\" src=\"https:\/\/olu-limburg.de\/wp-content\/uploads\/2024\/06\/IMG_20240504_105213_ergebnis.jpg\" alt=\"\" width=\"800\" height=\"600\" srcset=\"https:\/\/olu-limburg.de\/wp-content\/uploads\/2024\/06\/IMG_20240504_105213_ergebnis.jpg 800w, https:\/\/olu-limburg.de\/wp-content\/uploads\/2024\/06\/IMG_20240504_105213_ergebnis-300x225.jpg 300w, https:\/\/olu-limburg.de\/wp-content\/uploads\/2024\/06\/IMG_20240504_105213_ergebnis-768x576.jpg 768w, https:\/\/olu-limburg.de\/wp-content\/uploads\/2024\/06\/IMG_20240504_105213_ergebnis-624x468.jpg 624w\" sizes=\"auto, (max-width: 800px) 100vw, 800px\" \/><\/a><\/p>\n<p><a href=\"https:\/\/olu-limburg.de\/wp-content\/uploads\/2024\/06\/IMG_20240504_110315_ergebnis.jpg\"><img loading=\"lazy\" decoding=\"async\" class=\"size-full wp-image-32239 aligncenter\" src=\"https:\/\/olu-limburg.de\/wp-content\/uploads\/2024\/06\/IMG_20240504_110315_ergebnis.jpg\" alt=\"\" width=\"800\" height=\"600\" srcset=\"https:\/\/olu-limburg.de\/wp-content\/uploads\/2024\/06\/IMG_20240504_110315_ergebnis.jpg 800w, https:\/\/olu-limburg.de\/wp-content\/uploads\/2024\/06\/IMG_20240504_110315_ergebnis-300x225.jpg 300w, https:\/\/olu-limburg.de\/wp-content\/uploads\/2024\/06\/IMG_20240504_110315_ergebnis-768x576.jpg 768w, https:\/\/olu-limburg.de\/wp-content\/uploads\/2024\/06\/IMG_20240504_110315_ergebnis-624x468.jpg 624w\" sizes=\"auto, (max-width: 800px) 100vw, 800px\" \/><\/a><\/p>\n<p><a href=\"https:\/\/olu-limburg.de\/wp-content\/uploads\/2024\/06\/IMG_20240504_112220_ergebnis.jpg\"><img loading=\"lazy\" decoding=\"async\" class=\"size-full wp-image-32240 aligncenter\" src=\"https:\/\/olu-limburg.de\/wp-content\/uploads\/2024\/06\/IMG_20240504_112220_ergebnis.jpg\" alt=\"\" width=\"800\" height=\"600\" srcset=\"https:\/\/olu-limburg.de\/wp-content\/uploads\/2024\/06\/IMG_20240504_112220_ergebnis.jpg 800w, https:\/\/olu-limburg.de\/wp-content\/uploads\/2024\/06\/IMG_20240504_112220_ergebnis-300x225.jpg 300w, https:\/\/olu-limburg.de\/wp-content\/uploads\/2024\/06\/IMG_20240504_112220_ergebnis-768x576.jpg 768w, https:\/\/olu-limburg.de\/wp-content\/uploads\/2024\/06\/IMG_20240504_112220_ergebnis-624x468.jpg 624w\" sizes=\"auto, (max-width: 800px) 100vw, 800px\" \/><\/a><\/p>\n<p>Unser Ziel ist der Wohnmobil-Stellplatz in Semur-en-Auxois, einem mittelalterlichen St\u00e4dtchen \u00fcber dem Armancon gelegen.<\/p>\n<p>Bei der Anfahrt in Richtung der hochgelegenen Altstadt sehen wir, dass die Stadtbefestigungen und Stra\u00dfen festlich geschm\u00fcckt sind. Hier ist ein Fest.<\/p>\n<p><a href=\"https:\/\/olu-limburg.de\/wp-content\/uploads\/2024\/06\/IMG_20240504_132146_ergebnis.jpg\"><img loading=\"lazy\" decoding=\"async\" class=\"size-full wp-image-32241 aligncenter\" src=\"https:\/\/olu-limburg.de\/wp-content\/uploads\/2024\/06\/IMG_20240504_132146_ergebnis.jpg\" alt=\"\" width=\"800\" height=\"600\" srcset=\"https:\/\/olu-limburg.de\/wp-content\/uploads\/2024\/06\/IMG_20240504_132146_ergebnis.jpg 800w, https:\/\/olu-limburg.de\/wp-content\/uploads\/2024\/06\/IMG_20240504_132146_ergebnis-300x225.jpg 300w, https:\/\/olu-limburg.de\/wp-content\/uploads\/2024\/06\/IMG_20240504_132146_ergebnis-768x576.jpg 768w, https:\/\/olu-limburg.de\/wp-content\/uploads\/2024\/06\/IMG_20240504_132146_ergebnis-624x468.jpg 624w\" sizes=\"auto, (max-width: 800px) 100vw, 800px\" \/><\/a><\/p>\n<p>Der Stellplatz ist mit den Wagen der Schausteller besetzt. Wir fahren ein kleines St\u00fcck wieder zur\u00fcck und &#8222;kapern&#8220; einen Parkplatz neben einem Kindergarten, der heute sowieso geschlossen hat, und noch n\u00e4her zur Altstadt gelegen ist. Es dauert nicht lange, und wir haben noch einige &#8222;wei\u00dfe D\u00e4cher&#8220; als Nachbarn.<\/p>\n<p>Das Wetter ist leider sehr unbest\u00e4ndig, trotzdem versuchen wir es mal. Das Mittelalterfest kostet keinen Eintritt. Trotz der bl\u00f6den Wetterlage ist einiges los. In den Augen der Schausteller k\u00f6nnte es nat\u00fcrlich noch mehr sein.<\/p>\n<p><a href=\"https:\/\/olu-limburg.de\/wp-content\/uploads\/2024\/06\/IMG_20240504_132435_ergebnis-e1718468823994.jpg\"><img loading=\"lazy\" decoding=\"async\" class=\"size-full wp-image-32242 aligncenter\" src=\"https:\/\/olu-limburg.de\/wp-content\/uploads\/2024\/06\/IMG_20240504_132435_ergebnis-e1718468823994.jpg\" alt=\"\" width=\"450\" height=\"600\" \/><\/a><\/p>\n<p><a href=\"https:\/\/olu-limburg.de\/wp-content\/uploads\/2024\/06\/IMG_20240504_132657_ergebnis.jpg\"><img loading=\"lazy\" decoding=\"async\" class=\"size-full wp-image-32243 aligncenter\" src=\"https:\/\/olu-limburg.de\/wp-content\/uploads\/2024\/06\/IMG_20240504_132657_ergebnis.jpg\" alt=\"\" width=\"800\" height=\"600\" srcset=\"https:\/\/olu-limburg.de\/wp-content\/uploads\/2024\/06\/IMG_20240504_132657_ergebnis.jpg 800w, https:\/\/olu-limburg.de\/wp-content\/uploads\/2024\/06\/IMG_20240504_132657_ergebnis-300x225.jpg 300w, https:\/\/olu-limburg.de\/wp-content\/uploads\/2024\/06\/IMG_20240504_132657_ergebnis-768x576.jpg 768w, https:\/\/olu-limburg.de\/wp-content\/uploads\/2024\/06\/IMG_20240504_132657_ergebnis-624x468.jpg 624w\" sizes=\"auto, (max-width: 800px) 100vw, 800px\" \/><\/a><\/p>\n<p><a href=\"https:\/\/olu-limburg.de\/wp-content\/uploads\/2024\/06\/IMG_20240504_132735_ergebnis.jpg\"><img loading=\"lazy\" decoding=\"async\" class=\"size-full wp-image-32244 aligncenter\" src=\"https:\/\/olu-limburg.de\/wp-content\/uploads\/2024\/06\/IMG_20240504_132735_ergebnis.jpg\" alt=\"\" width=\"800\" height=\"600\" srcset=\"https:\/\/olu-limburg.de\/wp-content\/uploads\/2024\/06\/IMG_20240504_132735_ergebnis.jpg 800w, https:\/\/olu-limburg.de\/wp-content\/uploads\/2024\/06\/IMG_20240504_132735_ergebnis-300x225.jpg 300w, https:\/\/olu-limburg.de\/wp-content\/uploads\/2024\/06\/IMG_20240504_132735_ergebnis-768x576.jpg 768w, https:\/\/olu-limburg.de\/wp-content\/uploads\/2024\/06\/IMG_20240504_132735_ergebnis-624x468.jpg 624w\" sizes=\"auto, (max-width: 800px) 100vw, 800px\" \/><\/a><\/p>\n<p>Vor der Stiftskirche Notre Dame ist einiges los. Auf der B\u00fchne heizt die Gruppe &#8222;Daridel&#8220; aus Norditalien mit ihrer Mittelaltermusik kr\u00e4ftig ein.<\/p>\n<p><a href=\"https:\/\/olu-limburg.de\/wp-content\/uploads\/2024\/06\/IMG_20240504_133323_ergebnis-e1718468866574.jpg\"><img loading=\"lazy\" decoding=\"async\" class=\"size-full wp-image-32245 aligncenter\" src=\"https:\/\/olu-limburg.de\/wp-content\/uploads\/2024\/06\/IMG_20240504_133323_ergebnis-e1718468866574.jpg\" alt=\"\" width=\"450\" height=\"600\" \/><\/a><\/p>\n<p><a href=\"https:\/\/olu-limburg.de\/wp-content\/uploads\/2024\/06\/IMG_20240504_133454_ergebnis.jpg\"><img loading=\"lazy\" decoding=\"async\" class=\"size-full wp-image-32246 aligncenter\" src=\"https:\/\/olu-limburg.de\/wp-content\/uploads\/2024\/06\/IMG_20240504_133454_ergebnis.jpg\" alt=\"\" width=\"800\" height=\"600\" srcset=\"https:\/\/olu-limburg.de\/wp-content\/uploads\/2024\/06\/IMG_20240504_133454_ergebnis.jpg 800w, https:\/\/olu-limburg.de\/wp-content\/uploads\/2024\/06\/IMG_20240504_133454_ergebnis-300x225.jpg 300w, https:\/\/olu-limburg.de\/wp-content\/uploads\/2024\/06\/IMG_20240504_133454_ergebnis-768x576.jpg 768w, https:\/\/olu-limburg.de\/wp-content\/uploads\/2024\/06\/IMG_20240504_133454_ergebnis-624x468.jpg 624w\" sizes=\"auto, (max-width: 800px) 100vw, 800px\" \/><\/a><\/p>\n<p><a href=\"https:\/\/olu-limburg.de\/wp-content\/uploads\/2024\/06\/IMG_20240504_133521_ergebnis-e1718468900367.jpg\"><img loading=\"lazy\" decoding=\"async\" class=\"size-full wp-image-32247 aligncenter\" src=\"https:\/\/olu-limburg.de\/wp-content\/uploads\/2024\/06\/IMG_20240504_133521_ergebnis-e1718468900367.jpg\" alt=\"\" width=\"450\" height=\"600\" \/><\/a><\/p>\n<p><a href=\"https:\/\/olu-limburg.de\/wp-content\/uploads\/2024\/06\/IMG_20240504_134120_ergebnis.jpg\"><img loading=\"lazy\" decoding=\"async\" class=\"size-full wp-image-32248 aligncenter\" src=\"https:\/\/olu-limburg.de\/wp-content\/uploads\/2024\/06\/IMG_20240504_134120_ergebnis.jpg\" alt=\"\" width=\"800\" height=\"600\" srcset=\"https:\/\/olu-limburg.de\/wp-content\/uploads\/2024\/06\/IMG_20240504_134120_ergebnis.jpg 800w, https:\/\/olu-limburg.de\/wp-content\/uploads\/2024\/06\/IMG_20240504_134120_ergebnis-300x225.jpg 300w, https:\/\/olu-limburg.de\/wp-content\/uploads\/2024\/06\/IMG_20240504_134120_ergebnis-768x576.jpg 768w, https:\/\/olu-limburg.de\/wp-content\/uploads\/2024\/06\/IMG_20240504_134120_ergebnis-624x468.jpg 624w\" sizes=\"auto, (max-width: 800px) 100vw, 800px\" \/><\/a><\/p>\n<p>Auf der Kirchentreppe geht der Wind durch und durch. Wir schauen uns lieber mal Innen ein wenig um. Beeindruckend ist die schmale H\u00f6he des Kirchenschiffes und die wundervollen bunten Kirchenfenster.<\/p>\n<p><a href=\"https:\/\/olu-limburg.de\/wp-content\/uploads\/2024\/06\/IMG_20240504_135036_ergebnis-e1718468949336.jpg\"><img loading=\"lazy\" decoding=\"async\" class=\"size-full wp-image-32249 aligncenter\" src=\"https:\/\/olu-limburg.de\/wp-content\/uploads\/2024\/06\/IMG_20240504_135036_ergebnis-e1718468949336.jpg\" alt=\"\" width=\"450\" height=\"600\" \/><\/a><\/p>\n<p><a href=\"https:\/\/olu-limburg.de\/wp-content\/uploads\/2024\/06\/IMG_20240504_135336_ergebnis-e1718468971860.jpg\"><img loading=\"lazy\" decoding=\"async\" class=\"size-full wp-image-32251 alignleft\" src=\"https:\/\/olu-limburg.de\/wp-content\/uploads\/2024\/06\/IMG_20240504_135336_ergebnis-e1718468971860.jpg\" alt=\"\" width=\"450\" height=\"600\" \/><\/a><\/p>\n<p><a href=\"https:\/\/olu-limburg.de\/wp-content\/uploads\/2024\/06\/IMG_20240504_135505_ergebnis-e1718469006268.jpg\"><img loading=\"lazy\" decoding=\"async\" class=\"size-full wp-image-32252 alignright\" src=\"https:\/\/olu-limburg.de\/wp-content\/uploads\/2024\/06\/IMG_20240504_135505_ergebnis-e1718469006268.jpg\" alt=\"\" width=\"450\" height=\"600\" \/><\/a><\/p>\n<p><a href=\"https:\/\/olu-limburg.de\/wp-content\/uploads\/2024\/06\/IMG_20240504_135616_ergebnis-e1718469045402.jpg\"><img loading=\"lazy\" decoding=\"async\" class=\"size-full wp-image-32253 alignleft\" src=\"https:\/\/olu-limburg.de\/wp-content\/uploads\/2024\/06\/IMG_20240504_135616_ergebnis-e1718469045402.jpg\" alt=\"\" width=\"450\" height=\"600\" \/><\/a><\/p>\n<p><a href=\"https:\/\/olu-limburg.de\/wp-content\/uploads\/2024\/06\/IMG_20240504_135718_ergebnis-e1718469063922.jpg\"><img loading=\"lazy\" decoding=\"async\" class=\"size-full wp-image-32254 alignright\" src=\"https:\/\/olu-limburg.de\/wp-content\/uploads\/2024\/06\/IMG_20240504_135718_ergebnis-e1718469063922.jpg\" alt=\"\" width=\"450\" height=\"600\" \/><\/a><\/p>\n<p><a href=\"https:\/\/olu-limburg.de\/wp-content\/uploads\/2024\/06\/20240504_154734_ergebnis-e1718470539973.jpg\"><img loading=\"lazy\" decoding=\"async\" class=\"size-full wp-image-32267 aligncenter\" src=\"https:\/\/olu-limburg.de\/wp-content\/uploads\/2024\/06\/20240504_154734_ergebnis-e1718470539973.jpg\" alt=\"\" width=\"450\" height=\"600\" \/><\/a><\/p>\n<p>Auch wenn es regnet, wir haben Hunger und statten einer Pizzeria einen Besuch ab. Die Pizza ist hervorragend. Wir lassen uns auch Zeit beim Essen, denn drau\u00dfen sch\u00fcttet es. Die Au\u00dfenbewirtschaftung der Pizzeria wird eingestellt.<\/p>\n<p><a href=\"https:\/\/olu-limburg.de\/wp-content\/uploads\/2024\/06\/IMG_20240504_154412_ergebnis-e1718469089581.jpg\"><img loading=\"lazy\" decoding=\"async\" class=\"size-full wp-image-32256 aligncenter\" src=\"https:\/\/olu-limburg.de\/wp-content\/uploads\/2024\/06\/IMG_20240504_154412_ergebnis-e1718469089581.jpg\" alt=\"\" width=\"450\" height=\"600\" \/><\/a><\/p>\n<p><a href=\"https:\/\/olu-limburg.de\/wp-content\/uploads\/2024\/06\/IMG_20240504_142228_ergebnis.jpg\"><img loading=\"lazy\" decoding=\"async\" class=\"size-full wp-image-32255 aligncenter\" src=\"https:\/\/olu-limburg.de\/wp-content\/uploads\/2024\/06\/IMG_20240504_142228_ergebnis.jpg\" alt=\"\" width=\"800\" height=\"600\" srcset=\"https:\/\/olu-limburg.de\/wp-content\/uploads\/2024\/06\/IMG_20240504_142228_ergebnis.jpg 800w, https:\/\/olu-limburg.de\/wp-content\/uploads\/2024\/06\/IMG_20240504_142228_ergebnis-300x225.jpg 300w, https:\/\/olu-limburg.de\/wp-content\/uploads\/2024\/06\/IMG_20240504_142228_ergebnis-768x576.jpg 768w, https:\/\/olu-limburg.de\/wp-content\/uploads\/2024\/06\/IMG_20240504_142228_ergebnis-624x468.jpg 624w\" sizes=\"auto, (max-width: 800px) 100vw, 800px\" \/><\/a><\/p>\n<p>W\u00e4hrend einer Regenpause ziehen wir weiter durch die Gassen der Altstadt. Auffallend ist, dass es keine sichtbaren Strom-Oberleitungen gibt. Hier werden bestimmt auch Mittelalterfilme gedreht.<\/p>\n<p><a href=\"https:\/\/olu-limburg.de\/wp-content\/uploads\/2024\/06\/IMG_20240504_193805_ergebnis-e1718469117319.jpg\"><img loading=\"lazy\" decoding=\"async\" class=\"size-full wp-image-32257 aligncenter\" src=\"https:\/\/olu-limburg.de\/wp-content\/uploads\/2024\/06\/IMG_20240504_193805_ergebnis-e1718469117319.jpg\" alt=\"\" width=\"450\" height=\"600\" \/><\/a><\/p>\n<p><a href=\"https:\/\/olu-limburg.de\/wp-content\/uploads\/2024\/06\/IMG_20240504_193853_ergebnis-e1718469145461.jpg\"><img loading=\"lazy\" decoding=\"async\" class=\"size-full wp-image-32258 alignleft\" src=\"https:\/\/olu-limburg.de\/wp-content\/uploads\/2024\/06\/IMG_20240504_193853_ergebnis-e1718469145461.jpg\" alt=\"\" width=\"450\" height=\"600\" \/><\/a><\/p>\n<p><a href=\"https:\/\/olu-limburg.de\/wp-content\/uploads\/2024\/06\/IMG_20240504_194254_ergebnis-e1718469168203.jpg\"><img loading=\"lazy\" decoding=\"async\" class=\"size-full wp-image-32259 alignright\" src=\"https:\/\/olu-limburg.de\/wp-content\/uploads\/2024\/06\/IMG_20240504_194254_ergebnis-e1718469168203.jpg\" alt=\"\" width=\"450\" height=\"600\" \/><\/a><\/p>\n<p><a href=\"https:\/\/olu-limburg.de\/wp-content\/uploads\/2024\/06\/IMG_20240504_194436_ergebnis.jpg\"><img loading=\"lazy\" decoding=\"async\" class=\"size-full wp-image-32260 aligncenter\" src=\"https:\/\/olu-limburg.de\/wp-content\/uploads\/2024\/06\/IMG_20240504_194436_ergebnis.jpg\" alt=\"\" width=\"800\" height=\"600\" srcset=\"https:\/\/olu-limburg.de\/wp-content\/uploads\/2024\/06\/IMG_20240504_194436_ergebnis.jpg 800w, https:\/\/olu-limburg.de\/wp-content\/uploads\/2024\/06\/IMG_20240504_194436_ergebnis-300x225.jpg 300w, https:\/\/olu-limburg.de\/wp-content\/uploads\/2024\/06\/IMG_20240504_194436_ergebnis-768x576.jpg 768w, https:\/\/olu-limburg.de\/wp-content\/uploads\/2024\/06\/IMG_20240504_194436_ergebnis-624x468.jpg 624w\" sizes=\"auto, (max-width: 800px) 100vw, 800px\" \/><\/a><\/p>\n<p>Von den Befestigungen haben wir einen guten Ausblick auf die alten H\u00e4user entlang des Armancon.<\/p>\n<p><a href=\"https:\/\/olu-limburg.de\/wp-content\/uploads\/2024\/06\/IMG_20240504_195031_ergebnis.jpg\"><img loading=\"lazy\" decoding=\"async\" class=\"size-full wp-image-32261 aligncenter\" src=\"https:\/\/olu-limburg.de\/wp-content\/uploads\/2024\/06\/IMG_20240504_195031_ergebnis.jpg\" alt=\"\" width=\"800\" height=\"600\" srcset=\"https:\/\/olu-limburg.de\/wp-content\/uploads\/2024\/06\/IMG_20240504_195031_ergebnis.jpg 800w, https:\/\/olu-limburg.de\/wp-content\/uploads\/2024\/06\/IMG_20240504_195031_ergebnis-300x225.jpg 300w, https:\/\/olu-limburg.de\/wp-content\/uploads\/2024\/06\/IMG_20240504_195031_ergebnis-768x576.jpg 768w, https:\/\/olu-limburg.de\/wp-content\/uploads\/2024\/06\/IMG_20240504_195031_ergebnis-624x468.jpg 624w\" sizes=\"auto, (max-width: 800px) 100vw, 800px\" \/><\/a><\/p>\n<p><a href=\"https:\/\/olu-limburg.de\/wp-content\/uploads\/2024\/06\/IMG_20240504_195055_ergebnis.jpg\"><img loading=\"lazy\" decoding=\"async\" class=\"size-full wp-image-32262 aligncenter\" src=\"https:\/\/olu-limburg.de\/wp-content\/uploads\/2024\/06\/IMG_20240504_195055_ergebnis.jpg\" alt=\"\" width=\"800\" height=\"600\" srcset=\"https:\/\/olu-limburg.de\/wp-content\/uploads\/2024\/06\/IMG_20240504_195055_ergebnis.jpg 800w, https:\/\/olu-limburg.de\/wp-content\/uploads\/2024\/06\/IMG_20240504_195055_ergebnis-300x225.jpg 300w, https:\/\/olu-limburg.de\/wp-content\/uploads\/2024\/06\/IMG_20240504_195055_ergebnis-768x576.jpg 768w, https:\/\/olu-limburg.de\/wp-content\/uploads\/2024\/06\/IMG_20240504_195055_ergebnis-624x468.jpg 624w\" sizes=\"auto, (max-width: 800px) 100vw, 800px\" \/><\/a><\/p>\n<p><a href=\"https:\/\/olu-limburg.de\/wp-content\/uploads\/2024\/06\/IMG_20240504_200130_ergebnis-e1718469212622.jpg\"><img loading=\"lazy\" decoding=\"async\" class=\"size-full wp-image-32264 aligncenter\" src=\"https:\/\/olu-limburg.de\/wp-content\/uploads\/2024\/06\/IMG_20240504_200130_ergebnis-e1718469212622.jpg\" alt=\"\" width=\"450\" height=\"600\" \/><\/a><\/p>\n<p>Ganz oben auf dem Paradefeld stehen Ritterzelte mit Bewirtschaftungen an langen Tischen. Es ist mittlerweile eine Matschfeld.<\/p>\n<p><a href=\"https:\/\/olu-limburg.de\/wp-content\/uploads\/2024\/06\/IMG_20240504_195911_ergebnis.jpg\"><img loading=\"lazy\" decoding=\"async\" class=\"size-full wp-image-32263 aligncenter\" src=\"https:\/\/olu-limburg.de\/wp-content\/uploads\/2024\/06\/IMG_20240504_195911_ergebnis.jpg\" alt=\"\" width=\"800\" height=\"600\" srcset=\"https:\/\/olu-limburg.de\/wp-content\/uploads\/2024\/06\/IMG_20240504_195911_ergebnis.jpg 800w, https:\/\/olu-limburg.de\/wp-content\/uploads\/2024\/06\/IMG_20240504_195911_ergebnis-300x225.jpg 300w, https:\/\/olu-limburg.de\/wp-content\/uploads\/2024\/06\/IMG_20240504_195911_ergebnis-768x576.jpg 768w, https:\/\/olu-limburg.de\/wp-content\/uploads\/2024\/06\/IMG_20240504_195911_ergebnis-624x468.jpg 624w\" sizes=\"auto, (max-width: 800px) 100vw, 800px\" \/><\/a><\/p>\n<p>Wir sind jetzt genug herum gelaufen und haben bestimmt auch alles gesehen. Langsamen Schrittes gehen wir wieder zur\u00fcck, und erleben der n\u00e4chste Regenschauer im Wohnmobil.<\/p>\n<p>Gegen Abend gehen wir noch einmal zu dem Mittelalterfest. Es ist alls leer und auf der Hauptb\u00fchne ist auch kein Programm mehr. Der Regen hat Alle vertrieben.<\/p>\n<p>Tagesstrecke: 83 km<\/p>\n<p>&nbsp;<\/p>\n<p><strong>Sonntag, 05.05.2024<\/strong><\/p>\n<p>Wie schreibt Lena zum heutigen Tag:<\/p>\n<p>Es hat ein wenig aufgeklart. Es ist freundlicher. Wir fahren gem\u00fctlich durch Burgund, vorbei an an gr\u00fcnen Wiesen, gelben Blumen, gl\u00fccklichen K\u00fchen bzw. Charolai-Rindern, Weinfeldern und mitten durch Beaune.<\/p>\n<p><a href=\"https:\/\/olu-limburg.de\/wp-content\/uploads\/2024\/06\/IMG_20240505_111350_ergebnis.jpg\"><img loading=\"lazy\" decoding=\"async\" class=\"size-full wp-image-32270 aligncenter\" src=\"https:\/\/olu-limburg.de\/wp-content\/uploads\/2024\/06\/IMG_20240505_111350_ergebnis.jpg\" alt=\"\" width=\"800\" height=\"600\" srcset=\"https:\/\/olu-limburg.de\/wp-content\/uploads\/2024\/06\/IMG_20240505_111350_ergebnis.jpg 800w, https:\/\/olu-limburg.de\/wp-content\/uploads\/2024\/06\/IMG_20240505_111350_ergebnis-300x225.jpg 300w, https:\/\/olu-limburg.de\/wp-content\/uploads\/2024\/06\/IMG_20240505_111350_ergebnis-768x576.jpg 768w, https:\/\/olu-limburg.de\/wp-content\/uploads\/2024\/06\/IMG_20240505_111350_ergebnis-624x468.jpg 624w\" sizes=\"auto, (max-width: 800px) 100vw, 800px\" \/><\/a><\/p>\n<div id=\"attachment_32271\" style=\"width: 810px\" class=\"wp-caption aligncenter\"><a href=\"https:\/\/olu-limburg.de\/wp-content\/uploads\/2024\/06\/IMG_20240505_111510_ergebnis.jpg\"><img loading=\"lazy\" decoding=\"async\" aria-describedby=\"caption-attachment-32271\" class=\"wp-image-32271 size-full\" src=\"https:\/\/olu-limburg.de\/wp-content\/uploads\/2024\/06\/IMG_20240505_111510_ergebnis.jpg\" alt=\"\" width=\"800\" height=\"600\" srcset=\"https:\/\/olu-limburg.de\/wp-content\/uploads\/2024\/06\/IMG_20240505_111510_ergebnis.jpg 800w, https:\/\/olu-limburg.de\/wp-content\/uploads\/2024\/06\/IMG_20240505_111510_ergebnis-300x225.jpg 300w, https:\/\/olu-limburg.de\/wp-content\/uploads\/2024\/06\/IMG_20240505_111510_ergebnis-768x576.jpg 768w, https:\/\/olu-limburg.de\/wp-content\/uploads\/2024\/06\/IMG_20240505_111510_ergebnis-624x468.jpg 624w\" sizes=\"auto, (max-width: 800px) 100vw, 800px\" \/><\/a><p id=\"caption-attachment-32271\" class=\"wp-caption-text\">Canal de Bourgogne<\/p><\/div>\n<p><a href=\"https:\/\/olu-limburg.de\/wp-content\/uploads\/2024\/06\/IMG_20240505_112214_ergebnis.jpg\"><img loading=\"lazy\" decoding=\"async\" class=\"size-full wp-image-32272 aligncenter\" src=\"https:\/\/olu-limburg.de\/wp-content\/uploads\/2024\/06\/IMG_20240505_112214_ergebnis.jpg\" alt=\"\" width=\"800\" height=\"600\" srcset=\"https:\/\/olu-limburg.de\/wp-content\/uploads\/2024\/06\/IMG_20240505_112214_ergebnis.jpg 800w, https:\/\/olu-limburg.de\/wp-content\/uploads\/2024\/06\/IMG_20240505_112214_ergebnis-300x225.jpg 300w, https:\/\/olu-limburg.de\/wp-content\/uploads\/2024\/06\/IMG_20240505_112214_ergebnis-768x576.jpg 768w, https:\/\/olu-limburg.de\/wp-content\/uploads\/2024\/06\/IMG_20240505_112214_ergebnis-624x468.jpg 624w\" sizes=\"auto, (max-width: 800px) 100vw, 800px\" \/><\/a><\/p>\n<p><a href=\"https:\/\/olu-limburg.de\/wp-content\/uploads\/2024\/06\/IMG_20240505_112223_ergebnis.jpg\"><img loading=\"lazy\" decoding=\"async\" class=\"size-full wp-image-32273 aligncenter\" src=\"https:\/\/olu-limburg.de\/wp-content\/uploads\/2024\/06\/IMG_20240505_112223_ergebnis.jpg\" alt=\"\" width=\"800\" height=\"600\" srcset=\"https:\/\/olu-limburg.de\/wp-content\/uploads\/2024\/06\/IMG_20240505_112223_ergebnis.jpg 800w, https:\/\/olu-limburg.de\/wp-content\/uploads\/2024\/06\/IMG_20240505_112223_ergebnis-300x225.jpg 300w, https:\/\/olu-limburg.de\/wp-content\/uploads\/2024\/06\/IMG_20240505_112223_ergebnis-768x576.jpg 768w, https:\/\/olu-limburg.de\/wp-content\/uploads\/2024\/06\/IMG_20240505_112223_ergebnis-624x468.jpg 624w\" sizes=\"auto, (max-width: 800px) 100vw, 800px\" \/><\/a><\/p>\n<p><a href=\"https:\/\/olu-limburg.de\/wp-content\/uploads\/2024\/06\/IMG_20240505_121226_ergebnis.jpg\"><img loading=\"lazy\" decoding=\"async\" class=\"size-full wp-image-32274 aligncenter\" src=\"https:\/\/olu-limburg.de\/wp-content\/uploads\/2024\/06\/IMG_20240505_121226_ergebnis.jpg\" alt=\"\" width=\"800\" height=\"600\" srcset=\"https:\/\/olu-limburg.de\/wp-content\/uploads\/2024\/06\/IMG_20240505_121226_ergebnis.jpg 800w, https:\/\/olu-limburg.de\/wp-content\/uploads\/2024\/06\/IMG_20240505_121226_ergebnis-300x225.jpg 300w, https:\/\/olu-limburg.de\/wp-content\/uploads\/2024\/06\/IMG_20240505_121226_ergebnis-768x576.jpg 768w, https:\/\/olu-limburg.de\/wp-content\/uploads\/2024\/06\/IMG_20240505_121226_ergebnis-624x468.jpg 624w\" sizes=\"auto, (max-width: 800px) 100vw, 800px\" \/><\/a><\/p>\n<div id=\"attachment_32275\" style=\"width: 460px\" class=\"wp-caption aligncenter\"><a href=\"https:\/\/olu-limburg.de\/wp-content\/uploads\/2024\/06\/IMG_20240505_121248_ergebnis-e1718471644682.jpg\"><img loading=\"lazy\" decoding=\"async\" aria-describedby=\"caption-attachment-32275\" class=\"wp-image-32275 size-full\" src=\"https:\/\/olu-limburg.de\/wp-content\/uploads\/2024\/06\/IMG_20240505_121248_ergebnis-e1718471644682.jpg\" alt=\"\" width=\"450\" height=\"600\" \/><\/a><p id=\"caption-attachment-32275\" class=\"wp-caption-text\">C\u00f4te de Beaune<\/p><\/div>\n<p>Nach allen diesen Eindr\u00fccken landen wir auf dem sch\u00f6nen und gro\u00dfz\u00fcgigen Wohnmobil-Stellplatz mit V+E in Seurre (Geb\u00fchr EUR 15,16 inkl. Strom).<\/p>\n<p><a href=\"https:\/\/olu-limburg.de\/wp-content\/uploads\/2024\/06\/IMG_20240505_154227_ergebnis.jpg\"><img loading=\"lazy\" decoding=\"async\" class=\"size-full wp-image-32276 aligncenter\" src=\"https:\/\/olu-limburg.de\/wp-content\/uploads\/2024\/06\/IMG_20240505_154227_ergebnis.jpg\" alt=\"\" width=\"800\" height=\"600\" srcset=\"https:\/\/olu-limburg.de\/wp-content\/uploads\/2024\/06\/IMG_20240505_154227_ergebnis.jpg 800w, https:\/\/olu-limburg.de\/wp-content\/uploads\/2024\/06\/IMG_20240505_154227_ergebnis-300x225.jpg 300w, https:\/\/olu-limburg.de\/wp-content\/uploads\/2024\/06\/IMG_20240505_154227_ergebnis-768x576.jpg 768w, https:\/\/olu-limburg.de\/wp-content\/uploads\/2024\/06\/IMG_20240505_154227_ergebnis-624x468.jpg 624w\" sizes=\"auto, (max-width: 800px) 100vw, 800px\" \/><\/a><\/p>\n<p>Als Erstes f\u00e4llt uns der Hinweis auf die morgen beginnende Jagd auf die Kr\u00e4hen auf. Wir wollen hier eigentlich zwei N\u00e4chte stehen, da wir Seurre als Ausgangspunkt f\u00fcr den Besuch von Dijon ausgew\u00e4hlt haben.<\/p>\n<p><a href=\"https:\/\/olu-limburg.de\/wp-content\/uploads\/2024\/06\/20240505_154129_ergebnis.jpg\"><img loading=\"lazy\" decoding=\"async\" class=\"size-full wp-image-32278 aligncenter\" src=\"https:\/\/olu-limburg.de\/wp-content\/uploads\/2024\/06\/20240505_154129_ergebnis.jpg\" alt=\"\" width=\"800\" height=\"600\" srcset=\"https:\/\/olu-limburg.de\/wp-content\/uploads\/2024\/06\/20240505_154129_ergebnis.jpg 800w, https:\/\/olu-limburg.de\/wp-content\/uploads\/2024\/06\/20240505_154129_ergebnis-300x225.jpg 300w, https:\/\/olu-limburg.de\/wp-content\/uploads\/2024\/06\/20240505_154129_ergebnis-768x576.jpg 768w, https:\/\/olu-limburg.de\/wp-content\/uploads\/2024\/06\/20240505_154129_ergebnis-624x468.jpg 624w\" sizes=\"auto, (max-width: 800px) 100vw, 800px\" \/><\/a><\/p>\n<p>Naja, heute machen wir erstmal einen Spaziergang. Obwohl uns bestimmt in Seurre nichts Neues begegnet. Es ist viel Geld f\u00fcr die Anlagen an der Saone in die Hand genommen worden, und f\u00fcr den Ort ist nichts mehr \u00fcbrig geblieben. Es ist einerseits traurig, andererseits aber auch wie in den Spiegel schauen, Face-lifting ist kein Allheilmittel, von innen heraus strahlen ist viel besser.<\/p>\n<p><a href=\"https:\/\/olu-limburg.de\/wp-content\/uploads\/2024\/06\/IMG_20240505_154928_ergebnis.jpg\"><img loading=\"lazy\" decoding=\"async\" class=\"size-full wp-image-32283 aligncenter\" src=\"https:\/\/olu-limburg.de\/wp-content\/uploads\/2024\/06\/IMG_20240505_154928_ergebnis.jpg\" alt=\"\" width=\"800\" height=\"600\" srcset=\"https:\/\/olu-limburg.de\/wp-content\/uploads\/2024\/06\/IMG_20240505_154928_ergebnis.jpg 800w, https:\/\/olu-limburg.de\/wp-content\/uploads\/2024\/06\/IMG_20240505_154928_ergebnis-300x225.jpg 300w, https:\/\/olu-limburg.de\/wp-content\/uploads\/2024\/06\/IMG_20240505_154928_ergebnis-768x576.jpg 768w, https:\/\/olu-limburg.de\/wp-content\/uploads\/2024\/06\/IMG_20240505_154928_ergebnis-624x468.jpg 624w\" sizes=\"auto, (max-width: 800px) 100vw, 800px\" \/><\/a><\/p>\n<p><a href=\"https:\/\/olu-limburg.de\/wp-content\/uploads\/2024\/06\/IMG_20240505_155804_ergebnis.jpg\"><img loading=\"lazy\" decoding=\"async\" class=\"size-full wp-image-32284 aligncenter\" src=\"https:\/\/olu-limburg.de\/wp-content\/uploads\/2024\/06\/IMG_20240505_155804_ergebnis.jpg\" alt=\"\" width=\"800\" height=\"600\" srcset=\"https:\/\/olu-limburg.de\/wp-content\/uploads\/2024\/06\/IMG_20240505_155804_ergebnis.jpg 800w, https:\/\/olu-limburg.de\/wp-content\/uploads\/2024\/06\/IMG_20240505_155804_ergebnis-300x225.jpg 300w, https:\/\/olu-limburg.de\/wp-content\/uploads\/2024\/06\/IMG_20240505_155804_ergebnis-768x576.jpg 768w, https:\/\/olu-limburg.de\/wp-content\/uploads\/2024\/06\/IMG_20240505_155804_ergebnis-624x468.jpg 624w\" sizes=\"auto, (max-width: 800px) 100vw, 800px\" \/><\/a><\/p>\n<p><a href=\"https:\/\/olu-limburg.de\/wp-content\/uploads\/2024\/06\/IMG_20240505_160038_ergebnis-e1718472477964.jpg\"><img loading=\"lazy\" decoding=\"async\" class=\"size-full wp-image-32285 aligncenter\" src=\"https:\/\/olu-limburg.de\/wp-content\/uploads\/2024\/06\/IMG_20240505_160038_ergebnis-e1718472477964.jpg\" alt=\"\" width=\"450\" height=\"600\" \/><\/a><\/p>\n<p><a href=\"https:\/\/olu-limburg.de\/wp-content\/uploads\/2024\/06\/20240505_161319_ergebnis-e1718471731717.jpg\"><img loading=\"lazy\" decoding=\"async\" class=\"size-full wp-image-32279 aligncenter\" src=\"https:\/\/olu-limburg.de\/wp-content\/uploads\/2024\/06\/20240505_161319_ergebnis-e1718471731717.jpg\" alt=\"\" width=\"450\" height=\"600\" \/><\/a><\/p>\n<p><a href=\"https:\/\/olu-limburg.de\/wp-content\/uploads\/2024\/06\/IMG_20240505_160647_ergebnis-e1718472502407.jpg\"><img loading=\"lazy\" decoding=\"async\" class=\"size-full wp-image-32286 alignleft\" src=\"https:\/\/olu-limburg.de\/wp-content\/uploads\/2024\/06\/IMG_20240505_160647_ergebnis-e1718472502407.jpg\" alt=\"\" width=\"450\" height=\"600\" \/><\/a><\/p>\n<p><a href=\"https:\/\/olu-limburg.de\/wp-content\/uploads\/2024\/06\/IMG_20240505_160740_ergebnis-e1718472522483.jpg\"><img loading=\"lazy\" decoding=\"async\" class=\"size-full wp-image-32287 alignright\" src=\"https:\/\/olu-limburg.de\/wp-content\/uploads\/2024\/06\/IMG_20240505_160740_ergebnis-e1718472522483.jpg\" alt=\"\" width=\"450\" height=\"600\" \/><\/a><\/p>\n<p><a href=\"https:\/\/olu-limburg.de\/wp-content\/uploads\/2024\/06\/IMG_20240505_161058_ergebnis-e1718472541277.jpg\"><img loading=\"lazy\" decoding=\"async\" class=\"size-full wp-image-32288 alignleft\" src=\"https:\/\/olu-limburg.de\/wp-content\/uploads\/2024\/06\/IMG_20240505_161058_ergebnis-e1718472541277.jpg\" alt=\"\" width=\"450\" height=\"600\" \/><\/a><\/p>\n<p><a href=\"https:\/\/olu-limburg.de\/wp-content\/uploads\/2024\/06\/IMG_20240505_161142_ergebnis-e1718472564294.jpg\"><img loading=\"lazy\" decoding=\"async\" class=\"size-full wp-image-32289 alignright\" src=\"https:\/\/olu-limburg.de\/wp-content\/uploads\/2024\/06\/IMG_20240505_161142_ergebnis-e1718472564294.jpg\" alt=\"\" width=\"450\" height=\"600\" \/><\/a><\/p>\n<p><a href=\"https:\/\/olu-limburg.de\/wp-content\/uploads\/2024\/06\/IMG_20240505_161257_ergebnis-e1718472584741.jpg\"><img loading=\"lazy\" decoding=\"async\" class=\"size-full wp-image-32290 aligncenter\" src=\"https:\/\/olu-limburg.de\/wp-content\/uploads\/2024\/06\/IMG_20240505_161257_ergebnis-e1718472584741.jpg\" alt=\"\" width=\"450\" height=\"600\" \/><\/a><\/p>\n<p>Am Bahnhof haben wir uns \u00fcber die Fahrzeiten der Z\u00fcge nach und von Dijon informiert.<\/p>\n<p><a href=\"https:\/\/olu-limburg.de\/wp-content\/uploads\/2024\/06\/IMG_20240505_181622_ergebnis-e1718472606333.jpg\"><img loading=\"lazy\" decoding=\"async\" class=\"size-full wp-image-32291 alignleft\" src=\"https:\/\/olu-limburg.de\/wp-content\/uploads\/2024\/06\/IMG_20240505_181622_ergebnis-e1718472606333.jpg\" alt=\"\" width=\"450\" height=\"600\" \/><\/a><\/p>\n<p><a href=\"https:\/\/olu-limburg.de\/wp-content\/uploads\/2024\/06\/IMG_20240505_181631_ergebnis-e1718472626910.jpg\"><img loading=\"lazy\" decoding=\"async\" class=\"size-full wp-image-32292 alignright\" src=\"https:\/\/olu-limburg.de\/wp-content\/uploads\/2024\/06\/IMG_20240505_181631_ergebnis-e1718472626910.jpg\" alt=\"\" width=\"450\" height=\"600\" \/><\/a><\/p>\n<p><a href=\"https:\/\/olu-limburg.de\/wp-content\/uploads\/2024\/06\/20240505_174231_ergebnis-e1718471753891.jpg\"><img loading=\"lazy\" decoding=\"async\" class=\"size-full wp-image-32281 aligncenter\" src=\"https:\/\/olu-limburg.de\/wp-content\/uploads\/2024\/06\/20240505_174231_ergebnis-e1718471753891.jpg\" alt=\"\" width=\"450\" height=\"600\" \/><\/a><\/p>\n<p>Zur\u00fcck am Stellplatz legen wir die F\u00fc\u00dfe hoch und genie\u00dfen\u00a0 den sch\u00f6nen Platz, wenn nur die Kr\u00e4hen nicht w\u00e4ren. Der L\u00e4rm ist f\u00fcrchterlich. Ich kann die Gemeinde verstehen, die f\u00fcr Ruhe sorgen will. Bei uns zu Hause stehen die Tauben vor dem aus. Da soll sich nach einem Beschlu\u00df der Stadtverordneten ein Falkner um die Tauben k\u00fcmmern.<\/p>\n<p>Die Ruhe und der Aufenthalt vor dem Wohnmobil enden schnell und gewaltig. Es f\u00e4ngt an zu regnen und h\u00f6rt nicht mehr auf.<\/p>\n<p>Tagesstrecke: 100 km<\/p>\n<p>&nbsp;<\/p>\n<p><strong>Montag. 06.05.2024<\/strong><\/p>\n<p>Es regnet immer noch. An einen Besuch von Dijon ist \u00fcberhaupt nicht zu denken. Der Stellplatz hat sich bis auf ein Wohnmobil geleert. Uns zieht es ebenfalls notgedrungen weiter und wir fahren bei Dauerregen nach Auxonne.<\/p>\n<p>Die Kleinstadt liegt am S\u00fcdufer der Saone und z\u00e4hlt zu den &#8222;Ville Imperiale Napoleon&#8220;. Der junge Leutnant Napoleon Bonaparte war in der Garnisonsstadt Ende des 18. Jhdt. f\u00fcr vier Jahre zur Ausbildung stationiert.<\/p>\n<p><a href=\"https:\/\/olu-limburg.de\/wp-content\/uploads\/2024\/06\/IMG_20240506_143948_ergebnis-e1718550450105.jpg\"><img loading=\"lazy\" decoding=\"async\" class=\"size-full wp-image-32298 aligncenter\" src=\"https:\/\/olu-limburg.de\/wp-content\/uploads\/2024\/06\/IMG_20240506_143948_ergebnis-e1718550450105.jpg\" alt=\"\" width=\"450\" height=\"600\" \/><\/a><\/p>\n<p><a href=\"https:\/\/olu-limburg.de\/wp-content\/uploads\/2024\/06\/IMG_20240506_143923_ergebnis-e1718550469511.jpg\"><img loading=\"lazy\" decoding=\"async\" class=\"size-full wp-image-32297 alignleft\" src=\"https:\/\/olu-limburg.de\/wp-content\/uploads\/2024\/06\/IMG_20240506_143923_ergebnis-e1718550469511.jpg\" alt=\"\" width=\"450\" height=\"600\" \/><\/a><\/p>\n<p><a href=\"https:\/\/olu-limburg.de\/wp-content\/uploads\/2024\/06\/IMG_20240506_144102_ergebnis-e1718550498621.jpg\"><img loading=\"lazy\" decoding=\"async\" class=\"size-full wp-image-32300 alignright\" src=\"https:\/\/olu-limburg.de\/wp-content\/uploads\/2024\/06\/IMG_20240506_144102_ergebnis-e1718550498621.jpg\" alt=\"\" width=\"450\" height=\"600\" \/><\/a><\/p>\n<p><a href=\"https:\/\/olu-limburg.de\/wp-content\/uploads\/2024\/06\/IMG_20240506_144030_ergebnis-e1718550516575.jpg\"><img loading=\"lazy\" decoding=\"async\" class=\"size-full wp-image-32299 aligncenter\" src=\"https:\/\/olu-limburg.de\/wp-content\/uploads\/2024\/06\/IMG_20240506_144030_ergebnis-e1718550516575.jpg\" alt=\"\" width=\"450\" height=\"600\" \/><\/a><\/p>\n<p>Es ist immer noch grau, aber es regnet weniger. Wir haben noch gar keine richtige Lust, bei dem Wetter raus zu gehen. Irgendwann gegen Mittag ziehen wir los. Wir sind ja mit unserem Parkplatz am Jardin de l&#8217;Hotel de Ville schon mitten im Zentrum. Wir ziehen eine kleine Runde um die \u00c9glise Notre Dame und finden dabei durch Zufall das Restaurant und Hotel &#8222;Le Corbeau&#8220; wo ein Mittagsmen\u00fc f\u00fcr EUR 19,00 angeboten wird.<\/p>\n<p><a href=\"https:\/\/olu-limburg.de\/wp-content\/uploads\/2024\/06\/IMG_20240506_144225_ergebnis-e1718550606654.jpg\"><img loading=\"lazy\" decoding=\"async\" class=\"size-full wp-image-32319 aligncenter\" src=\"https:\/\/olu-limburg.de\/wp-content\/uploads\/2024\/06\/IMG_20240506_144225_ergebnis-e1718550606654.jpg\" alt=\"\" width=\"450\" height=\"600\" \/><\/a><\/p>\n<p><a href=\"https:\/\/olu-limburg.de\/wp-content\/uploads\/2024\/06\/IMG_20240506_142114_ergebnis.jpg\"><img loading=\"lazy\" decoding=\"async\" class=\"size-full wp-image-32306 aligncenter\" src=\"https:\/\/olu-limburg.de\/wp-content\/uploads\/2024\/06\/IMG_20240506_142114_ergebnis.jpg\" alt=\"\" width=\"800\" height=\"600\" srcset=\"https:\/\/olu-limburg.de\/wp-content\/uploads\/2024\/06\/IMG_20240506_142114_ergebnis.jpg 800w, https:\/\/olu-limburg.de\/wp-content\/uploads\/2024\/06\/IMG_20240506_142114_ergebnis-300x225.jpg 300w, https:\/\/olu-limburg.de\/wp-content\/uploads\/2024\/06\/IMG_20240506_142114_ergebnis-768x576.jpg 768w, https:\/\/olu-limburg.de\/wp-content\/uploads\/2024\/06\/IMG_20240506_142114_ergebnis-624x468.jpg 624w\" sizes=\"auto, (max-width: 800px) 100vw, 800px\" \/><\/a><\/p>\n<p>Das ehemalige Arsenal der Artillerie geh\u00f6rte zu den Verteidigungsanlagen, die noch von Vauban konzipiert worden sind. Jetzt wird ein Teil als Markthalle genutzt, und der Rest ist in ein Lyc\u00e9e Prieur (Gymnasium) umgewandelt worden.<\/p>\n<p><a href=\"https:\/\/olu-limburg.de\/wp-content\/uploads\/2024\/06\/IMG_20240506_142052_ergebnis.jpg\"><img loading=\"lazy\" decoding=\"async\" class=\"size-full wp-image-32305 aligncenter\" src=\"https:\/\/olu-limburg.de\/wp-content\/uploads\/2024\/06\/IMG_20240506_142052_ergebnis.jpg\" alt=\"\" width=\"800\" height=\"600\" srcset=\"https:\/\/olu-limburg.de\/wp-content\/uploads\/2024\/06\/IMG_20240506_142052_ergebnis.jpg 800w, https:\/\/olu-limburg.de\/wp-content\/uploads\/2024\/06\/IMG_20240506_142052_ergebnis-300x225.jpg 300w, https:\/\/olu-limburg.de\/wp-content\/uploads\/2024\/06\/IMG_20240506_142052_ergebnis-768x576.jpg 768w, https:\/\/olu-limburg.de\/wp-content\/uploads\/2024\/06\/IMG_20240506_142052_ergebnis-624x468.jpg 624w\" sizes=\"auto, (max-width: 800px) 100vw, 800px\" \/><\/a><\/p>\n<p><a href=\"https:\/\/olu-limburg.de\/wp-content\/uploads\/2024\/06\/IMG_20240506_142339_ergebnis-e1718550791287.jpg\"><img loading=\"lazy\" decoding=\"async\" class=\"size-full wp-image-32309 alignleft\" src=\"https:\/\/olu-limburg.de\/wp-content\/uploads\/2024\/06\/IMG_20240506_142339_ergebnis-e1718550791287.jpg\" alt=\"\" width=\"450\" height=\"600\" \/><\/a><\/p>\n<p><a href=\"https:\/\/olu-limburg.de\/wp-content\/uploads\/2024\/06\/IMG_20240506_142706_ergebnis-e1718550834737.jpg\"><img loading=\"lazy\" decoding=\"async\" class=\"size-full wp-image-32312 alignright\" src=\"https:\/\/olu-limburg.de\/wp-content\/uploads\/2024\/06\/IMG_20240506_142706_ergebnis-e1718550834737.jpg\" alt=\"\" width=\"450\" height=\"600\" \/><\/a><\/p>\n<p><a href=\"https:\/\/olu-limburg.de\/wp-content\/uploads\/2024\/06\/IMG_20240506_142534_ergebnis.jpg\"><img loading=\"lazy\" decoding=\"async\" class=\"size-full wp-image-32311 aligncenter\" src=\"https:\/\/olu-limburg.de\/wp-content\/uploads\/2024\/06\/IMG_20240506_142534_ergebnis.jpg\" alt=\"\" width=\"800\" height=\"600\" srcset=\"https:\/\/olu-limburg.de\/wp-content\/uploads\/2024\/06\/IMG_20240506_142534_ergebnis.jpg 800w, https:\/\/olu-limburg.de\/wp-content\/uploads\/2024\/06\/IMG_20240506_142534_ergebnis-300x225.jpg 300w, https:\/\/olu-limburg.de\/wp-content\/uploads\/2024\/06\/IMG_20240506_142534_ergebnis-768x576.jpg 768w, https:\/\/olu-limburg.de\/wp-content\/uploads\/2024\/06\/IMG_20240506_142534_ergebnis-624x468.jpg 624w\" sizes=\"auto, (max-width: 800px) 100vw, 800px\" \/><\/a><\/p>\n<p><a href=\"https:\/\/olu-limburg.de\/wp-content\/uploads\/2024\/06\/IMG_20240506_143103_ergebnis.jpg\"><img loading=\"lazy\" decoding=\"async\" class=\"size-full wp-image-32313 aligncenter\" src=\"https:\/\/olu-limburg.de\/wp-content\/uploads\/2024\/06\/IMG_20240506_143103_ergebnis.jpg\" alt=\"\" width=\"800\" height=\"600\" srcset=\"https:\/\/olu-limburg.de\/wp-content\/uploads\/2024\/06\/IMG_20240506_143103_ergebnis.jpg 800w, https:\/\/olu-limburg.de\/wp-content\/uploads\/2024\/06\/IMG_20240506_143103_ergebnis-300x225.jpg 300w, https:\/\/olu-limburg.de\/wp-content\/uploads\/2024\/06\/IMG_20240506_143103_ergebnis-768x576.jpg 768w, https:\/\/olu-limburg.de\/wp-content\/uploads\/2024\/06\/IMG_20240506_143103_ergebnis-624x468.jpg 624w\" sizes=\"auto, (max-width: 800px) 100vw, 800px\" \/><\/a><\/p>\n<p>Links davon befindet sich das bereits vorher erw\u00e4hnte Restaurant &#8222;Le Corbeau&#8220;.<\/p>\n<p><a href=\"https:\/\/olu-limburg.de\/wp-content\/uploads\/2024\/06\/IMG_20240506_142141_ergebnis.jpg\"><img loading=\"lazy\" decoding=\"async\" class=\"size-full wp-image-32307 aligncenter\" src=\"https:\/\/olu-limburg.de\/wp-content\/uploads\/2024\/06\/IMG_20240506_142141_ergebnis.jpg\" alt=\"\" width=\"800\" height=\"600\" srcset=\"https:\/\/olu-limburg.de\/wp-content\/uploads\/2024\/06\/IMG_20240506_142141_ergebnis.jpg 800w, https:\/\/olu-limburg.de\/wp-content\/uploads\/2024\/06\/IMG_20240506_142141_ergebnis-300x225.jpg 300w, https:\/\/olu-limburg.de\/wp-content\/uploads\/2024\/06\/IMG_20240506_142141_ergebnis-768x576.jpg 768w, https:\/\/olu-limburg.de\/wp-content\/uploads\/2024\/06\/IMG_20240506_142141_ergebnis-624x468.jpg 624w\" sizes=\"auto, (max-width: 800px) 100vw, 800px\" \/><\/a><\/p>\n<p><a href=\"https:\/\/olu-limburg.de\/wp-content\/uploads\/2024\/06\/IMG_20240506_140541_ergebnis-e1718550651564.jpg\"><img loading=\"lazy\" decoding=\"async\" class=\"size-full wp-image-32304 aligncenter\" src=\"https:\/\/olu-limburg.de\/wp-content\/uploads\/2024\/06\/IMG_20240506_140541_ergebnis-e1718550651564.jpg\" alt=\"\" width=\"450\" height=\"600\" \/><\/a><\/p>\n<div id=\"attachment_32301\" style=\"width: 810px\" class=\"wp-caption aligncenter\"><a href=\"https:\/\/olu-limburg.de\/wp-content\/uploads\/2024\/06\/IMG_20240506_130808_ergebnis.jpg\"><img loading=\"lazy\" decoding=\"async\" aria-describedby=\"caption-attachment-32301\" class=\"wp-image-32301 size-full\" src=\"https:\/\/olu-limburg.de\/wp-content\/uploads\/2024\/06\/IMG_20240506_130808_ergebnis.jpg\" alt=\"\" width=\"800\" height=\"600\" srcset=\"https:\/\/olu-limburg.de\/wp-content\/uploads\/2024\/06\/IMG_20240506_130808_ergebnis.jpg 800w, https:\/\/olu-limburg.de\/wp-content\/uploads\/2024\/06\/IMG_20240506_130808_ergebnis-300x225.jpg 300w, https:\/\/olu-limburg.de\/wp-content\/uploads\/2024\/06\/IMG_20240506_130808_ergebnis-768x576.jpg 768w, https:\/\/olu-limburg.de\/wp-content\/uploads\/2024\/06\/IMG_20240506_130808_ergebnis-624x468.jpg 624w\" sizes=\"auto, (max-width: 800px) 100vw, 800px\" \/><\/a><p id=\"caption-attachment-32301\" class=\"wp-caption-text\">Oeuf mimosa, thon et betterave (garnierte Eier, thunfisch und rote Bete)<\/p><\/div>\n<div id=\"attachment_32302\" style=\"width: 810px\" class=\"wp-caption aligncenter\"><a href=\"https:\/\/olu-limburg.de\/wp-content\/uploads\/2024\/06\/IMG_20240506_133008_ergebnis.jpg\"><img loading=\"lazy\" decoding=\"async\" aria-describedby=\"caption-attachment-32302\" class=\"wp-image-32302 size-full\" src=\"https:\/\/olu-limburg.de\/wp-content\/uploads\/2024\/06\/IMG_20240506_133008_ergebnis.jpg\" alt=\"\" width=\"800\" height=\"600\" srcset=\"https:\/\/olu-limburg.de\/wp-content\/uploads\/2024\/06\/IMG_20240506_133008_ergebnis.jpg 800w, https:\/\/olu-limburg.de\/wp-content\/uploads\/2024\/06\/IMG_20240506_133008_ergebnis-300x225.jpg 300w, https:\/\/olu-limburg.de\/wp-content\/uploads\/2024\/06\/IMG_20240506_133008_ergebnis-768x576.jpg 768w, https:\/\/olu-limburg.de\/wp-content\/uploads\/2024\/06\/IMG_20240506_133008_ergebnis-624x468.jpg 624w\" sizes=\"auto, (max-width: 800px) 100vw, 800px\" \/><\/a><p id=\"caption-attachment-32302\" class=\"wp-caption-text\">R\u00f4ti de porc aux \u00e9pices et potatoes maison (Schweinebraten mit Kr\u00e4utern und Kartoffeln nach Art des Hauses)<\/p><\/div>\n<div id=\"attachment_32303\" style=\"width: 810px\" class=\"wp-caption aligncenter\"><a href=\"https:\/\/olu-limburg.de\/wp-content\/uploads\/2024\/06\/IMG_20240506_135325_ergebnis.jpg\"><img loading=\"lazy\" decoding=\"async\" aria-describedby=\"caption-attachment-32303\" class=\"wp-image-32303 size-full\" src=\"https:\/\/olu-limburg.de\/wp-content\/uploads\/2024\/06\/IMG_20240506_135325_ergebnis.jpg\" alt=\"\" width=\"800\" height=\"600\" srcset=\"https:\/\/olu-limburg.de\/wp-content\/uploads\/2024\/06\/IMG_20240506_135325_ergebnis.jpg 800w, https:\/\/olu-limburg.de\/wp-content\/uploads\/2024\/06\/IMG_20240506_135325_ergebnis-300x225.jpg 300w, https:\/\/olu-limburg.de\/wp-content\/uploads\/2024\/06\/IMG_20240506_135325_ergebnis-768x576.jpg 768w, https:\/\/olu-limburg.de\/wp-content\/uploads\/2024\/06\/IMG_20240506_135325_ergebnis-624x468.jpg 624w\" sizes=\"auto, (max-width: 800px) 100vw, 800px\" \/><\/a><p id=\"caption-attachment-32303\" class=\"wp-caption-text\">Tarte citron destructur\u00e9 (dekonstruierte Zitronentarte)<\/p><\/div>\n<p>Das Essen war toll !!!.<\/p>\n<p>Nach dem Essen l\u00e4sst es sich nur schwer noch auf andere Dinge konzentrieren, aber gegen\u00fcber von unserem Parkplatz befinden sich noch das Porte Royale einer der vielen Bastionen rund um Auxonne, das wir uns anschauen sollten.<\/p>\n<p><a href=\"https:\/\/olu-limburg.de\/wp-content\/uploads\/2024\/06\/IMG_20240506_144743_ergebnis-e1718551958236.jpg\"><img loading=\"lazy\" decoding=\"async\" class=\"size-full wp-image-32322 aligncenter\" src=\"https:\/\/olu-limburg.de\/wp-content\/uploads\/2024\/06\/IMG_20240506_144743_ergebnis-e1718551958236.jpg\" alt=\"\" width=\"450\" height=\"600\" \/><\/a><\/p>\n<p><a href=\"https:\/\/olu-limburg.de\/wp-content\/uploads\/2024\/06\/IMG_20240506_144605_ergebnis-e1718551975768.jpg\"><img loading=\"lazy\" decoding=\"async\" class=\"size-full wp-image-32320 aligncenter\" src=\"https:\/\/olu-limburg.de\/wp-content\/uploads\/2024\/06\/IMG_20240506_144605_ergebnis-e1718551975768.jpg\" alt=\"\" width=\"450\" height=\"600\" \/><\/a><\/p>\n<p>Bei der Weiterfahrt kommen wir noch an dem an der Saone gelegenen Schloss Auxonne vorbei, das im 17. Jhdt. von Vauban mit Wassergr\u00e4ben zur Bastion ausgebaut worden ist.<\/p>\n<p><a href=\"https:\/\/olu-limburg.de\/wp-content\/uploads\/2024\/06\/IMG_20240506_163511_ergebnis.jpg\"><img loading=\"lazy\" decoding=\"async\" class=\"size-full wp-image-32323 aligncenter\" src=\"https:\/\/olu-limburg.de\/wp-content\/uploads\/2024\/06\/IMG_20240506_163511_ergebnis.jpg\" alt=\"\" width=\"800\" height=\"600\" srcset=\"https:\/\/olu-limburg.de\/wp-content\/uploads\/2024\/06\/IMG_20240506_163511_ergebnis.jpg 800w, https:\/\/olu-limburg.de\/wp-content\/uploads\/2024\/06\/IMG_20240506_163511_ergebnis-300x225.jpg 300w, https:\/\/olu-limburg.de\/wp-content\/uploads\/2024\/06\/IMG_20240506_163511_ergebnis-768x576.jpg 768w, https:\/\/olu-limburg.de\/wp-content\/uploads\/2024\/06\/IMG_20240506_163511_ergebnis-624x468.jpg 624w\" sizes=\"auto, (max-width: 800px) 100vw, 800px\" \/><\/a><\/p>\n<p><a href=\"https:\/\/olu-limburg.de\/wp-content\/uploads\/2024\/06\/IMG_20240506_163545_ergebnis.jpg\"><img loading=\"lazy\" decoding=\"async\" class=\"size-full wp-image-32324 aligncenter\" src=\"https:\/\/olu-limburg.de\/wp-content\/uploads\/2024\/06\/IMG_20240506_163545_ergebnis.jpg\" alt=\"\" width=\"800\" height=\"600\" srcset=\"https:\/\/olu-limburg.de\/wp-content\/uploads\/2024\/06\/IMG_20240506_163545_ergebnis.jpg 800w, https:\/\/olu-limburg.de\/wp-content\/uploads\/2024\/06\/IMG_20240506_163545_ergebnis-300x225.jpg 300w, https:\/\/olu-limburg.de\/wp-content\/uploads\/2024\/06\/IMG_20240506_163545_ergebnis-768x576.jpg 768w, https:\/\/olu-limburg.de\/wp-content\/uploads\/2024\/06\/IMG_20240506_163545_ergebnis-624x468.jpg 624w\" sizes=\"auto, (max-width: 800px) 100vw, 800px\" \/><\/a><\/p>\n<p><a href=\"https:\/\/olu-limburg.de\/wp-content\/uploads\/2024\/06\/IMG_20240506_163717_ergebnis-e1718552704321.jpg\"><img loading=\"lazy\" decoding=\"async\" class=\"size-full wp-image-32325 aligncenter\" src=\"https:\/\/olu-limburg.de\/wp-content\/uploads\/2024\/06\/IMG_20240506_163717_ergebnis-e1718552704321.jpg\" alt=\"\" width=\"450\" height=\"600\" \/><\/a><\/p>\n<p><a href=\"https:\/\/olu-limburg.de\/wp-content\/uploads\/2024\/06\/IMG_20240506_163753_ergebnis.jpg\"><img loading=\"lazy\" decoding=\"async\" class=\"size-full wp-image-32326 aligncenter\" src=\"https:\/\/olu-limburg.de\/wp-content\/uploads\/2024\/06\/IMG_20240506_163753_ergebnis.jpg\" alt=\"\" width=\"800\" height=\"600\" srcset=\"https:\/\/olu-limburg.de\/wp-content\/uploads\/2024\/06\/IMG_20240506_163753_ergebnis.jpg 800w, https:\/\/olu-limburg.de\/wp-content\/uploads\/2024\/06\/IMG_20240506_163753_ergebnis-300x225.jpg 300w, https:\/\/olu-limburg.de\/wp-content\/uploads\/2024\/06\/IMG_20240506_163753_ergebnis-768x576.jpg 768w, https:\/\/olu-limburg.de\/wp-content\/uploads\/2024\/06\/IMG_20240506_163753_ergebnis-624x468.jpg 624w\" sizes=\"auto, (max-width: 800px) 100vw, 800px\" \/><\/a><\/p>\n<p>Und wieder fahren wir bei anhaltendem Regen gen Norden. In Langres begeben wir uns auf den &#8222;neuen&#8220; Stellplatz mit V+E unterhalb des Kreisels (Geb\u00fchr EUR 8,10 ist nur mit Bankkarte am Einfahrtsautomaten zahlbar &#8211; keine Kreditkarte). Deshalb stehen auch einige Wohnmobile nebenan auf dem Parkplatz. Die Aussicht weit \u00fcber&#8217;s Land ist sehr sch\u00f6n. Die V+E ist au\u00dferhalb des eingez\u00e4unten Platzes.<\/p>\n<p><a href=\"https:\/\/olu-limburg.de\/wp-content\/uploads\/2024\/06\/IMG_20240507_085829_ergebnis.jpg\"><img loading=\"lazy\" decoding=\"async\" class=\"size-full wp-image-32329 aligncenter\" src=\"https:\/\/olu-limburg.de\/wp-content\/uploads\/2024\/06\/IMG_20240507_085829_ergebnis.jpg\" alt=\"\" width=\"800\" height=\"600\" srcset=\"https:\/\/olu-limburg.de\/wp-content\/uploads\/2024\/06\/IMG_20240507_085829_ergebnis.jpg 800w, https:\/\/olu-limburg.de\/wp-content\/uploads\/2024\/06\/IMG_20240507_085829_ergebnis-300x225.jpg 300w, https:\/\/olu-limburg.de\/wp-content\/uploads\/2024\/06\/IMG_20240507_085829_ergebnis-768x576.jpg 768w, https:\/\/olu-limburg.de\/wp-content\/uploads\/2024\/06\/IMG_20240507_085829_ergebnis-624x468.jpg 624w\" sizes=\"auto, (max-width: 800px) 100vw, 800px\" \/><\/a><\/p>\n<p><a href=\"https:\/\/olu-limburg.de\/wp-content\/uploads\/2024\/06\/IMG_20240507_085718_ergebnis.jpg\"><img loading=\"lazy\" decoding=\"async\" class=\"size-full wp-image-32328 aligncenter\" src=\"https:\/\/olu-limburg.de\/wp-content\/uploads\/2024\/06\/IMG_20240507_085718_ergebnis.jpg\" alt=\"\" width=\"800\" height=\"600\" srcset=\"https:\/\/olu-limburg.de\/wp-content\/uploads\/2024\/06\/IMG_20240507_085718_ergebnis.jpg 800w, https:\/\/olu-limburg.de\/wp-content\/uploads\/2024\/06\/IMG_20240507_085718_ergebnis-300x225.jpg 300w, https:\/\/olu-limburg.de\/wp-content\/uploads\/2024\/06\/IMG_20240507_085718_ergebnis-768x576.jpg 768w, https:\/\/olu-limburg.de\/wp-content\/uploads\/2024\/06\/IMG_20240507_085718_ergebnis-624x468.jpg 624w\" sizes=\"auto, (max-width: 800px) 100vw, 800px\" \/><\/a><\/p>\n<p>So langsam ziehen sich die Wolken zur\u00fcck. Wir haben aber keine Lust mehr irgendwohin zu spazieren. Durch die beschissene Wetterlage h\u00e4ngen wir ein wenig deprimiert im Wohnmobil herum. Wir hatten uns die Tour durch unser geliebtes Frankreich ein wenig anders vorgestellt.<\/p>\n<p>Tagesstrecke: 123 km<\/p>\n<p>&nbsp;<\/p>\n<p><strong>Dienstag, 07.05.2024<\/strong><\/p>\n<div id=\"attachment_32330\" style=\"width: 460px\" class=\"wp-caption aligncenter\"><a href=\"https:\/\/olu-limburg.de\/wp-content\/uploads\/2024\/06\/IMG_20240507_090617_ergebnis-e1718554205934.jpg\"><img loading=\"lazy\" decoding=\"async\" aria-describedby=\"caption-attachment-32330\" class=\"wp-image-32330 size-full\" src=\"https:\/\/olu-limburg.de\/wp-content\/uploads\/2024\/06\/IMG_20240507_090617_ergebnis-e1718554205934.jpg\" alt=\"\" width=\"450\" height=\"600\" \/><\/a><p id=\"caption-attachment-32330\" class=\"wp-caption-text\">Langres, Porte des Moulins von 1647<\/p><\/div>\n<div id=\"attachment_32331\" style=\"width: 460px\" class=\"wp-caption aligncenter\"><a href=\"https:\/\/olu-limburg.de\/wp-content\/uploads\/2024\/06\/IMG_20240507_091441_ergebnis-e1718554225951.jpg\"><img loading=\"lazy\" decoding=\"async\" aria-describedby=\"caption-attachment-32331\" class=\"wp-image-32331 size-full\" src=\"https:\/\/olu-limburg.de\/wp-content\/uploads\/2024\/06\/IMG_20240507_091441_ergebnis-e1718554225951.jpg\" alt=\"\" width=\"450\" height=\"600\" \/><\/a><p id=\"caption-attachment-32331\" class=\"wp-caption-text\">Langres, Ancienne Chapelle des Oratoriens von 1676, Umwandlung in ein Theater 1838<\/p><\/div>\n<p>Am Morgen mache ich mich auf die Suche nach einem B\u00e4cker, denn ich lande nie bei dem Gleichen. Verlegung der B\u00e4ckerei oder Gesch\u00e4ftsaufgabe ver\u00e4ndern st\u00e4ndig das Bild. Ich werde zwar f\u00fcndig und bringe Baguette und Croissants mit. Doch die Letzteren schmecken uns heute nicht. Die Depression muss tief stecken.<\/p>\n<p>Heute haben wir eine l\u00e4ngere Strecke vor uns, dabei lassen wir die sehenswerten Orte Neufchateau, Vaucouleurs und Commercy, die wir uns eigentlich ganz ausf\u00fchrlich anschauen wollten, &#8222;links liegen&#8220;. Es zieht uns nur noch Nachhause. Wir fahren wieder Teilst\u00fccke an der normalerweise noch kleinen Meuse entlang. Jetzt ist sie in vielen Abschnitten erheblich \u00fcber die Ufer getreten. Der Stellplatz in Goncourt ist zum Beispiel \u00fcberhaupt nicht anfahrbar. Dabei ist die Meuse dort nur ein kleiner Bach.<\/p>\n<p>Am Sp\u00e4tnachmittag kommen wir in Pont-\u00e0-Mousson auf dem Wohnmobil-Stellplatz mit V+E an (Geb\u00fchr EUR 12,00).<\/p>\n<p><a href=\"https:\/\/olu-limburg.de\/wp-content\/uploads\/2024\/06\/IMG_20240507_195209_ergebnis.jpg\"><img loading=\"lazy\" decoding=\"async\" class=\"size-full wp-image-32335 aligncenter\" src=\"https:\/\/olu-limburg.de\/wp-content\/uploads\/2024\/06\/IMG_20240507_195209_ergebnis.jpg\" alt=\"\" width=\"800\" height=\"600\" srcset=\"https:\/\/olu-limburg.de\/wp-content\/uploads\/2024\/06\/IMG_20240507_195209_ergebnis.jpg 800w, https:\/\/olu-limburg.de\/wp-content\/uploads\/2024\/06\/IMG_20240507_195209_ergebnis-300x225.jpg 300w, https:\/\/olu-limburg.de\/wp-content\/uploads\/2024\/06\/IMG_20240507_195209_ergebnis-768x576.jpg 768w, https:\/\/olu-limburg.de\/wp-content\/uploads\/2024\/06\/IMG_20240507_195209_ergebnis-624x468.jpg 624w\" sizes=\"auto, (max-width: 800px) 100vw, 800px\" \/><\/a><\/p>\n<p>Pl\u00f6tzlich kommt die Sonne doch noch einmal heraus. Bei einem Spaziergang bis zum Place Duroc im Zentrum der Stadt, kann ich bei den Fotos regelrecht mit dem Sonnenlicht &#8222;spielen&#8220;.<\/p>\n<div id=\"attachment_32336\" style=\"width: 460px\" class=\"wp-caption aligncenter\"><a href=\"https:\/\/olu-limburg.de\/wp-content\/uploads\/2024\/06\/IMG_20240507_200218_ergebnis-e1718555738238.jpg\"><img loading=\"lazy\" decoding=\"async\" aria-describedby=\"caption-attachment-32336\" class=\"wp-image-32336 size-full\" src=\"https:\/\/olu-limburg.de\/wp-content\/uploads\/2024\/06\/IMG_20240507_200218_ergebnis-e1718555738238.jpg\" alt=\"\" width=\"450\" height=\"600\" \/><\/a><p id=\"caption-attachment-32336\" class=\"wp-caption-text\">\u00c9glise Saint-Martin de Pont-\u00e0-Mousson<\/p><\/div>\n<p><a href=\"https:\/\/olu-limburg.de\/wp-content\/uploads\/2024\/06\/IMG_20240507_201316_ergebnis.jpg\"><img loading=\"lazy\" decoding=\"async\" class=\"size-full wp-image-32340 aligncenter\" src=\"https:\/\/olu-limburg.de\/wp-content\/uploads\/2024\/06\/IMG_20240507_201316_ergebnis.jpg\" alt=\"\" width=\"800\" height=\"600\" srcset=\"https:\/\/olu-limburg.de\/wp-content\/uploads\/2024\/06\/IMG_20240507_201316_ergebnis.jpg 800w, https:\/\/olu-limburg.de\/wp-content\/uploads\/2024\/06\/IMG_20240507_201316_ergebnis-300x225.jpg 300w, https:\/\/olu-limburg.de\/wp-content\/uploads\/2024\/06\/IMG_20240507_201316_ergebnis-768x576.jpg 768w, https:\/\/olu-limburg.de\/wp-content\/uploads\/2024\/06\/IMG_20240507_201316_ergebnis-624x468.jpg 624w\" sizes=\"auto, (max-width: 800px) 100vw, 800px\" \/><\/a><\/p>\n<p><a href=\"https:\/\/olu-limburg.de\/wp-content\/uploads\/2024\/06\/IMG_20240507_200740_ergebnis-e1718555870599.jpg\"><img loading=\"lazy\" decoding=\"async\" class=\"size-full wp-image-32337 aligncenter\" src=\"https:\/\/olu-limburg.de\/wp-content\/uploads\/2024\/06\/IMG_20240507_200740_ergebnis-e1718555870599.jpg\" alt=\"\" width=\"450\" height=\"600\" \/><\/a><\/p>\n<p><a href=\"https:\/\/olu-limburg.de\/wp-content\/uploads\/2024\/06\/IMG_20240507_203226_ergebnis.jpg\"><img loading=\"lazy\" decoding=\"async\" class=\"size-full wp-image-32341 aligncenter\" src=\"https:\/\/olu-limburg.de\/wp-content\/uploads\/2024\/06\/IMG_20240507_203226_ergebnis.jpg\" alt=\"\" width=\"800\" height=\"600\" srcset=\"https:\/\/olu-limburg.de\/wp-content\/uploads\/2024\/06\/IMG_20240507_203226_ergebnis.jpg 800w, https:\/\/olu-limburg.de\/wp-content\/uploads\/2024\/06\/IMG_20240507_203226_ergebnis-300x225.jpg 300w, https:\/\/olu-limburg.de\/wp-content\/uploads\/2024\/06\/IMG_20240507_203226_ergebnis-768x576.jpg 768w, https:\/\/olu-limburg.de\/wp-content\/uploads\/2024\/06\/IMG_20240507_203226_ergebnis-624x468.jpg 624w\" sizes=\"auto, (max-width: 800px) 100vw, 800px\" \/><\/a><\/p>\n<p><a href=\"https:\/\/olu-limburg.de\/wp-content\/uploads\/2024\/06\/IMG_20240507_203831_ergebnis-e1718555901987.jpg\"><img loading=\"lazy\" decoding=\"async\" class=\"size-full wp-image-32342 aligncenter\" src=\"https:\/\/olu-limburg.de\/wp-content\/uploads\/2024\/06\/IMG_20240507_203831_ergebnis-e1718555901987.jpg\" alt=\"\" width=\"450\" height=\"600\" \/><\/a><\/p>\n<p>Tagesstrecke: 161 km<\/p>\n<p>&nbsp;<\/p>\n<p><strong>Mittwoch, 08.05.2024<\/strong><\/p>\n<p>Der Regen hat uns wieder. Wir kaufen noch schnell ein paar Dinge im &#8222;Match&#8220; f\u00fcr den t\u00e4glichen Bedarf Zuhause ein. Und schon fahren wir die gewohnte Strecke auf der Autobahn, tanken in Luxemburg bei Wasserbillig, essen 3 km weiter in der Pizzeria auf deutscher Seite zu Mittag, und begeben uns auf das letzte St\u00fcck bis nach Limburg. Alles wie gehabt.<\/p>\n<p>Tagesstrecke: 318 km<\/p>\n<p>&nbsp;<\/p>\n<p>Wir werden es auf keinen Fall darauf bewenden lassen und uns ein paar Sonnentage suchen. Gefunden haben wir sie an der Nordsee. Bericht folgt.<\/p>\n<p>&nbsp;<\/p>\n<p style=\"text-align: center;\"><a href=\"https:\/\/olu-limburg.de\/?page_id=32063\">Zur\u00fcck zum Seitenanfang<\/a><\/p>\n<p>&nbsp;<\/p>\n<p>&nbsp;<\/p>\n<p>&nbsp;<\/p>\n","protected":false},"excerpt":{"rendered":"<p>Text: Hans-Werner\u00a0\u00a0\u00a0\u00a0\u00a0\u00a0\u00a0\u00a0\u00a0\u00a0\u00a0\u00a0\u00a0\u00a0\u00a0\u00a0\u00a0\u00a0\u00a0\u00a0\u00a0\u00a0\u00a0\u00a0\u00a0\u00a0\u00a0\u00a0\u00a0\u00a0\u00a0\u00a0\u00a0\u00a0\u00a0\u00a0\u00a0\u00a0\u00a0\u00a0\u00a0\u00a0\u00a0\u00a0\u00a0\u00a0\u00a0\u00a0\u00a0\u00a0\u00a0\u00a0\u00a0\u00a0\u00a0\u00a0\u00a0\u00a0\u00a0\u00a0\u00a0\u00a0\u00a0\u00a0\u00a0\u00a0\u00a0\u00a0\u00a0\u00a0\u00a0\u00a0\u00a0\u00a0\u00a0\u00a0\u00a0\u00a0\u00a0\u00a0\u00a0\u00a0\u00a0\u00a0\u00a0\u00a0\u00a0\u00a0\u00a0\u00a0\u00a0\u00a0\u00a0\u00a0\u00a0\u00a0\u00a0\u00a0\u00a0 Fotos: Hans-Werner und Lena &nbsp; Nach viel Regen und einer langen REHA von Lena sehnen wir uns nach etwas Abwechslung und Sonne. Lena sieht die Sonne mehr an der Nordsee (Sie hatte ja im Nachhinein so recht.), und ich in der nahen Champagne und im Burgund. Die Wahl des Chauffeurs entscheidet und beschert [&hellip;]<\/p>\n","protected":false},"author":1,"featured_media":0,"parent":0,"menu_order":0,"comment_status":"closed","ping_status":"closed","template":"page-templates\/full-width.php","meta":{"footnotes":""},"class_list":["post-32063","page","type-page","status-publish","hentry"],"_links":{"self":[{"href":"https:\/\/olu-limburg.de\/index.php?rest_route=\/wp\/v2\/pages\/32063","targetHints":{"allow":["GET"]}}],"collection":[{"href":"https:\/\/olu-limburg.de\/index.php?rest_route=\/wp\/v2\/pages"}],"about":[{"href":"https:\/\/olu-limburg.de\/index.php?rest_route=\/wp\/v2\/types\/page"}],"author":[{"embeddable":true,"href":"https:\/\/olu-limburg.de\/index.php?rest_route=\/wp\/v2\/users\/1"}],"replies":[{"embeddable":true,"href":"https:\/\/olu-limburg.de\/index.php?rest_route=%2Fwp%2Fv2%2Fcomments&post=32063"}],"version-history":[{"count":49,"href":"https:\/\/olu-limburg.de\/index.php?rest_route=\/wp\/v2\/pages\/32063\/revisions"}],"predecessor-version":[{"id":32345,"href":"https:\/\/olu-limburg.de\/index.php?rest_route=\/wp\/v2\/pages\/32063\/revisions\/32345"}],"wp:attachment":[{"href":"https:\/\/olu-limburg.de\/index.php?rest_route=%2Fwp%2Fv2%2Fmedia&parent=32063"}],"curies":[{"name":"wp","href":"https:\/\/api.w.org\/{rel}","templated":true}]}}