{"id":30774,"date":"2024-03-25T17:45:32","date_gmt":"2024-03-25T16:45:32","guid":{"rendered":"https:\/\/olu-limburg.de\/?page_id=30774"},"modified":"2024-04-17T17:05:30","modified_gmt":"2024-04-17T15:05:30","slug":"frankreich-provence-im-april-2022-in-arbeit","status":"publish","type":"page","link":"https:\/\/olu-limburg.de\/?page_id=30774","title":{"rendered":"Frankreich &#8211; Provence im Fr\u00fchling 2022"},"content":{"rendered":"<p>Mit unserer diesj\u00e4hrigen Reise in die Provence, in der Zeit vom 26.03. bis zum 23.04.2022, haben wir mit den anderen reinen Provence-Fahrten der Jahre 2006\/2009\/2011\/2018 diese Region sehr intensiv bereist. Viel Spielraum bleibt uns nicht mehr.<\/p>\n<p>Bei unserer diesj\u00e4hrigen Tour haben wir insgesamt 2.538 km zur\u00fcckgelegt. \u00dcbernachtet haben wir auf Wohnmobil-Stellpl\u00e4tzen und einem CP in Saintes-Maries.<\/p>\n<p>Text: Hans-Werner\u00a0\u00a0\u00a0\u00a0\u00a0\u00a0\u00a0\u00a0\u00a0\u00a0\u00a0\u00a0\u00a0\u00a0\u00a0\u00a0\u00a0\u00a0\u00a0\u00a0\u00a0\u00a0\u00a0\u00a0\u00a0\u00a0\u00a0\u00a0\u00a0\u00a0\u00a0\u00a0\u00a0\u00a0\u00a0\u00a0\u00a0\u00a0\u00a0\u00a0\u00a0\u00a0\u00a0\u00a0\u00a0\u00a0\u00a0\u00a0\u00a0\u00a0\u00a0\u00a0\u00a0\u00a0\u00a0\u00a0\u00a0\u00a0\u00a0\u00a0\u00a0\u00a0\u00a0\u00a0\u00a0\u00a0\u00a0\u00a0\u00a0\u00a0\u00a0\u00a0\u00a0\u00a0\u00a0\u00a0\u00a0\u00a0\u00a0\u00a0\u00a0\u00a0\u00a0\u00a0\u00a0\u00a0\u00a0\u00a0\u00a0\u00a0\u00a0\u00a0\u00a0\u00a0\u00a0\u00a0\u00a0\u00a0\u00a0 Fotos: Hans-Werner und Lena<\/p>\n<p>&nbsp;<\/p>\n<p><strong>Samstag, 26.03.2022<\/strong><\/p>\n<p>Unsere Fr\u00fchlingstour geht in diesem Jahr in die Provence. Unterwegs auf leeren Autobahnen, machen wir unseren ersten Tankstopp an der luxemburgischen Grenze in Wasserbillig. Der Liter Diesel kostet EUR 1,945. Das Autofahren wird in diesem Jahr ein teurer Spass. Wir holen einen Teil der Mehrkosten durch den Kauf von f\u00fcnf Packungen Kaffee wieder herein.<\/p>\n<p>Als heutiges \u00dcbernachtungsziel haben wir den Wohnmobil-Stellplatz mit V+E in Toul (Lothringen) vorgesehen. Der SP kostet EUR 7,00 inkl. Strom. Wir schaffen es gerade noch, in einer L\u00fccke der Reihe unter den B\u00e4umen einzuparken. Die dort wohnenden Kr\u00e4hen f\u00fchlen sich durch die Wohnmobilisten gest\u00f6rt und machen einen f\u00fcrchterlichen Krach. Naja, nachts wird es schon gehen.<\/p>\n<p><a href=\"https:\/\/olu-limburg.de\/wp-content\/uploads\/2024\/03\/P1080614_ergebnis.jpg\"><img loading=\"lazy\" decoding=\"async\" class=\"size-full wp-image-30788 aligncenter\" src=\"https:\/\/olu-limburg.de\/wp-content\/uploads\/2024\/03\/P1080614_ergebnis.jpg\" alt=\"\" width=\"800\" height=\"600\" srcset=\"https:\/\/olu-limburg.de\/wp-content\/uploads\/2024\/03\/P1080614_ergebnis.jpg 800w, https:\/\/olu-limburg.de\/wp-content\/uploads\/2024\/03\/P1080614_ergebnis-300x225.jpg 300w, https:\/\/olu-limburg.de\/wp-content\/uploads\/2024\/03\/P1080614_ergebnis-768x576.jpg 768w, https:\/\/olu-limburg.de\/wp-content\/uploads\/2024\/03\/P1080614_ergebnis-624x468.jpg 624w\" sizes=\"auto, (max-width: 800px) 100vw, 800px\" \/><\/a><\/p>\n<p>Wir machen uns auf einen abendlichen Spaziergang auf der uns bekannten Route durch die Altstadt von Toul. Zur Belohnung gibt es im Anschlu\u00df leckere und preiswerte Pizzen im &#8222;Buonogusto&#8220;.<\/p>\n<p><a href=\"https:\/\/olu-limburg.de\/wp-content\/uploads\/2024\/03\/P1080615_ergebnis.jpg\"><img loading=\"lazy\" decoding=\"async\" class=\"size-full wp-image-30789 aligncenter\" src=\"https:\/\/olu-limburg.de\/wp-content\/uploads\/2024\/03\/P1080615_ergebnis.jpg\" alt=\"\" width=\"800\" height=\"600\" srcset=\"https:\/\/olu-limburg.de\/wp-content\/uploads\/2024\/03\/P1080615_ergebnis.jpg 800w, https:\/\/olu-limburg.de\/wp-content\/uploads\/2024\/03\/P1080615_ergebnis-300x225.jpg 300w, https:\/\/olu-limburg.de\/wp-content\/uploads\/2024\/03\/P1080615_ergebnis-768x576.jpg 768w, https:\/\/olu-limburg.de\/wp-content\/uploads\/2024\/03\/P1080615_ergebnis-624x468.jpg 624w\" sizes=\"auto, (max-width: 800px) 100vw, 800px\" \/><\/a><\/p>\n<p><a href=\"https:\/\/olu-limburg.de\/wp-content\/uploads\/2024\/03\/P1080625_ergebnis.jpg\"><img loading=\"lazy\" decoding=\"async\" class=\"size-full wp-image-30793 aligncenter\" src=\"https:\/\/olu-limburg.de\/wp-content\/uploads\/2024\/03\/P1080625_ergebnis.jpg\" alt=\"\" width=\"800\" height=\"600\" srcset=\"https:\/\/olu-limburg.de\/wp-content\/uploads\/2024\/03\/P1080625_ergebnis.jpg 800w, https:\/\/olu-limburg.de\/wp-content\/uploads\/2024\/03\/P1080625_ergebnis-300x225.jpg 300w, https:\/\/olu-limburg.de\/wp-content\/uploads\/2024\/03\/P1080625_ergebnis-768x576.jpg 768w, https:\/\/olu-limburg.de\/wp-content\/uploads\/2024\/03\/P1080625_ergebnis-624x468.jpg 624w\" sizes=\"auto, (max-width: 800px) 100vw, 800px\" \/><\/a><\/p>\n<p><a href=\"https:\/\/olu-limburg.de\/wp-content\/uploads\/2024\/03\/IMG_20220326_182016_ergebnis-e1711542140439.jpg\"><img loading=\"lazy\" decoding=\"async\" class=\"size-full wp-image-30786 alignleft\" src=\"https:\/\/olu-limburg.de\/wp-content\/uploads\/2024\/03\/IMG_20220326_182016_ergebnis-e1711542140439.jpg\" alt=\"\" width=\"450\" height=\"600\" \/><\/a><\/p>\n<p><a href=\"https:\/\/olu-limburg.de\/wp-content\/uploads\/2024\/03\/P1080622_ergebnis-e1711542177299.jpg\"><img loading=\"lazy\" decoding=\"async\" class=\"size-full wp-image-30791 alignright\" src=\"https:\/\/olu-limburg.de\/wp-content\/uploads\/2024\/03\/P1080622_ergebnis-e1711542177299.jpg\" alt=\"\" width=\"450\" height=\"600\" \/><\/a><\/p>\n<p><a href=\"https:\/\/olu-limburg.de\/wp-content\/uploads\/2024\/03\/P1080623_ergebnis-e1711542200587.jpg\"><img loading=\"lazy\" decoding=\"async\" class=\"size-full wp-image-30792 alignleft\" src=\"https:\/\/olu-limburg.de\/wp-content\/uploads\/2024\/03\/P1080623_ergebnis-e1711542200587.jpg\" alt=\"\" width=\"450\" height=\"600\" \/><\/a><\/p>\n<p><a href=\"https:\/\/olu-limburg.de\/wp-content\/uploads\/2024\/03\/P1080617_ergebnis-e1711542221595.jpg\"><img loading=\"lazy\" decoding=\"async\" class=\"size-full wp-image-30790 alignright\" src=\"https:\/\/olu-limburg.de\/wp-content\/uploads\/2024\/03\/P1080617_ergebnis-e1711542221595.jpg\" alt=\"\" width=\"450\" height=\"600\" \/><\/a><\/p>\n<p><a href=\"https:\/\/olu-limburg.de\/wp-content\/uploads\/2024\/03\/IMG_20220326_192337_ergebnis-e1711542248994.jpg\"><img loading=\"lazy\" decoding=\"async\" class=\"size-full wp-image-30787 aligncenter\" src=\"https:\/\/olu-limburg.de\/wp-content\/uploads\/2024\/03\/IMG_20220326_192337_ergebnis-e1711542248994.jpg\" alt=\"\" width=\"450\" height=\"600\" \/><\/a><\/p>\n<p><a href=\"https:\/\/olu-limburg.de\/wp-content\/uploads\/2024\/03\/P1080641_ergebnis-e1711542268157.jpg\"><img loading=\"lazy\" decoding=\"async\" class=\"size-full wp-image-30794 aligncenter\" src=\"https:\/\/olu-limburg.de\/wp-content\/uploads\/2024\/03\/P1080641_ergebnis-e1711542268157.jpg\" alt=\"\" width=\"450\" height=\"600\" \/><\/a><\/p>\n<p><a href=\"https:\/\/olu-limburg.de\/wp-content\/uploads\/2024\/03\/P1080644_ergebnis.jpg\"><img loading=\"lazy\" decoding=\"async\" class=\"size-full wp-image-30795 aligncenter\" src=\"https:\/\/olu-limburg.de\/wp-content\/uploads\/2024\/03\/P1080644_ergebnis.jpg\" alt=\"\" width=\"800\" height=\"600\" srcset=\"https:\/\/olu-limburg.de\/wp-content\/uploads\/2024\/03\/P1080644_ergebnis.jpg 800w, https:\/\/olu-limburg.de\/wp-content\/uploads\/2024\/03\/P1080644_ergebnis-300x225.jpg 300w, https:\/\/olu-limburg.de\/wp-content\/uploads\/2024\/03\/P1080644_ergebnis-768x576.jpg 768w, https:\/\/olu-limburg.de\/wp-content\/uploads\/2024\/03\/P1080644_ergebnis-624x468.jpg 624w\" sizes=\"auto, (max-width: 800px) 100vw, 800px\" \/><\/a><\/p>\n<p>Tagesstrecke: 352 km<\/p>\n<p>&nbsp;<\/p>\n<p><strong>Sonntag, 27.03.2022<\/strong><\/p>\n<p>Bei der Weiterfahrt bleiben wir heute auf der D674 bzw. D974 und passieren Neufch\u00e2teau, Langres und Dijon (Tankstopp bei EUR 2,089\/l Diesel).<\/p>\n<p><a href=\"https:\/\/olu-limburg.de\/wp-content\/uploads\/2024\/03\/P1070668_ergebnis.jpg\"><img loading=\"lazy\" decoding=\"async\" class=\"size-full wp-image-30834 aligncenter\" src=\"https:\/\/olu-limburg.de\/wp-content\/uploads\/2024\/03\/P1070668_ergebnis.jpg\" alt=\"\" width=\"800\" height=\"600\" srcset=\"https:\/\/olu-limburg.de\/wp-content\/uploads\/2024\/03\/P1070668_ergebnis.jpg 800w, https:\/\/olu-limburg.de\/wp-content\/uploads\/2024\/03\/P1070668_ergebnis-300x225.jpg 300w, https:\/\/olu-limburg.de\/wp-content\/uploads\/2024\/03\/P1070668_ergebnis-768x576.jpg 768w, https:\/\/olu-limburg.de\/wp-content\/uploads\/2024\/03\/P1070668_ergebnis-624x468.jpg 624w\" sizes=\"auto, (max-width: 800px) 100vw, 800px\" \/><\/a><\/p>\n<p>Kurz vor Langres \u00fcberqueren wir den Canal de Marne, und direkt dahinter biegt ein kleiner Weg rechts ab. Das war f\u00fcr mich das Signal diesem Weg zu folgen und so landen wir auf einem tollen Platz, wo wir unser Mittagessen machen k\u00f6nnen.<\/p>\n<p><a href=\"https:\/\/olu-limburg.de\/wp-content\/uploads\/2024\/03\/IMG_20220327_133852_ergebnis.jpg\"><img loading=\"lazy\" decoding=\"async\" class=\"size-full wp-image-30797 aligncenter\" src=\"https:\/\/olu-limburg.de\/wp-content\/uploads\/2024\/03\/IMG_20220327_133852_ergebnis.jpg\" alt=\"\" width=\"800\" height=\"600\" srcset=\"https:\/\/olu-limburg.de\/wp-content\/uploads\/2024\/03\/IMG_20220327_133852_ergebnis.jpg 800w, https:\/\/olu-limburg.de\/wp-content\/uploads\/2024\/03\/IMG_20220327_133852_ergebnis-300x225.jpg 300w, https:\/\/olu-limburg.de\/wp-content\/uploads\/2024\/03\/IMG_20220327_133852_ergebnis-768x576.jpg 768w, https:\/\/olu-limburg.de\/wp-content\/uploads\/2024\/03\/IMG_20220327_133852_ergebnis-624x468.jpg 624w\" sizes=\"auto, (max-width: 800px) 100vw, 800px\" \/><\/a><\/p>\n<p><a href=\"https:\/\/olu-limburg.de\/wp-content\/uploads\/2024\/03\/IMG_20220327_133922_ergebnis.jpg\"><img loading=\"lazy\" decoding=\"async\" class=\"size-full wp-image-30798 aligncenter\" src=\"https:\/\/olu-limburg.de\/wp-content\/uploads\/2024\/03\/IMG_20220327_133922_ergebnis.jpg\" alt=\"\" width=\"800\" height=\"600\" srcset=\"https:\/\/olu-limburg.de\/wp-content\/uploads\/2024\/03\/IMG_20220327_133922_ergebnis.jpg 800w, https:\/\/olu-limburg.de\/wp-content\/uploads\/2024\/03\/IMG_20220327_133922_ergebnis-300x225.jpg 300w, https:\/\/olu-limburg.de\/wp-content\/uploads\/2024\/03\/IMG_20220327_133922_ergebnis-768x576.jpg 768w, https:\/\/olu-limburg.de\/wp-content\/uploads\/2024\/03\/IMG_20220327_133922_ergebnis-624x468.jpg 624w\" sizes=\"auto, (max-width: 800px) 100vw, 800px\" \/><\/a><\/p>\n<p>Hinter Dijon zeigt uns unser Navi ab und zu mal etwas die Umgebung, unter Einbeziehung von besseren Feldwegen, und f\u00fchrt uns trotzdem gut zum Camping Car Park-Stellplatz in Seurre. Der Platz liegt wundersch\u00f6n in der N\u00e4he der Sa\u00f4ne und kostet inkl. V+E und Strom EUR 12,30.<\/p>\n<p><a href=\"https:\/\/olu-limburg.de\/wp-content\/uploads\/2024\/03\/IMG_20220328_102111_ergebnis.jpg\"><img loading=\"lazy\" decoding=\"async\" class=\"size-full wp-image-30800 aligncenter\" src=\"https:\/\/olu-limburg.de\/wp-content\/uploads\/2024\/03\/IMG_20220328_102111_ergebnis.jpg\" alt=\"\" width=\"800\" height=\"600\" srcset=\"https:\/\/olu-limburg.de\/wp-content\/uploads\/2024\/03\/IMG_20220328_102111_ergebnis.jpg 800w, https:\/\/olu-limburg.de\/wp-content\/uploads\/2024\/03\/IMG_20220328_102111_ergebnis-300x225.jpg 300w, https:\/\/olu-limburg.de\/wp-content\/uploads\/2024\/03\/IMG_20220328_102111_ergebnis-768x576.jpg 768w, https:\/\/olu-limburg.de\/wp-content\/uploads\/2024\/03\/IMG_20220328_102111_ergebnis-624x468.jpg 624w\" sizes=\"auto, (max-width: 800px) 100vw, 800px\" \/><\/a><\/p>\n<p><a href=\"https:\/\/olu-limburg.de\/wp-content\/uploads\/2024\/03\/P1080659_ergebnis.jpg\"><img loading=\"lazy\" decoding=\"async\" class=\"size-full wp-image-30807 aligncenter\" src=\"https:\/\/olu-limburg.de\/wp-content\/uploads\/2024\/03\/P1080659_ergebnis.jpg\" alt=\"\" width=\"800\" height=\"600\" srcset=\"https:\/\/olu-limburg.de\/wp-content\/uploads\/2024\/03\/P1080659_ergebnis.jpg 800w, https:\/\/olu-limburg.de\/wp-content\/uploads\/2024\/03\/P1080659_ergebnis-300x225.jpg 300w, https:\/\/olu-limburg.de\/wp-content\/uploads\/2024\/03\/P1080659_ergebnis-768x576.jpg 768w, https:\/\/olu-limburg.de\/wp-content\/uploads\/2024\/03\/P1080659_ergebnis-624x468.jpg 624w\" sizes=\"auto, (max-width: 800px) 100vw, 800px\" \/><\/a><\/p>\n<p>Seurre selbst ist etwas zur\u00fcckgeblieben und wahrscheinlich an vielen F\u00f6rderma\u00dfnahmen vorbei gelaufen. Der Uferbereich hat aber f\u00fcr die Finanzierung der Freizeitgestaltung einiges erhalten.<\/p>\n<p><a href=\"https:\/\/olu-limburg.de\/wp-content\/uploads\/2024\/03\/P1080653_ergebnis-e1711543700899.jpg\"><img loading=\"lazy\" decoding=\"async\" class=\"size-full wp-image-30804 aligncenter\" src=\"https:\/\/olu-limburg.de\/wp-content\/uploads\/2024\/03\/P1080653_ergebnis-e1711543700899.jpg\" alt=\"\" width=\"450\" height=\"600\" \/><\/a><\/p>\n<p><a href=\"https:\/\/olu-limburg.de\/wp-content\/uploads\/2024\/03\/P1080651_ergebnis.jpg\"><img loading=\"lazy\" decoding=\"async\" class=\"size-full wp-image-30802 aligncenter\" src=\"https:\/\/olu-limburg.de\/wp-content\/uploads\/2024\/03\/P1080651_ergebnis.jpg\" alt=\"\" width=\"800\" height=\"600\" srcset=\"https:\/\/olu-limburg.de\/wp-content\/uploads\/2024\/03\/P1080651_ergebnis.jpg 800w, https:\/\/olu-limburg.de\/wp-content\/uploads\/2024\/03\/P1080651_ergebnis-300x225.jpg 300w, https:\/\/olu-limburg.de\/wp-content\/uploads\/2024\/03\/P1080651_ergebnis-768x576.jpg 768w, https:\/\/olu-limburg.de\/wp-content\/uploads\/2024\/03\/P1080651_ergebnis-624x468.jpg 624w\" sizes=\"auto, (max-width: 800px) 100vw, 800px\" \/><\/a><\/p>\n<p><a href=\"https:\/\/olu-limburg.de\/wp-content\/uploads\/2024\/03\/P1080648_ergebnis.jpg\"><img loading=\"lazy\" decoding=\"async\" class=\"size-full wp-image-30801 aligncenter\" src=\"https:\/\/olu-limburg.de\/wp-content\/uploads\/2024\/03\/P1080648_ergebnis.jpg\" alt=\"\" width=\"800\" height=\"600\" srcset=\"https:\/\/olu-limburg.de\/wp-content\/uploads\/2024\/03\/P1080648_ergebnis.jpg 800w, https:\/\/olu-limburg.de\/wp-content\/uploads\/2024\/03\/P1080648_ergebnis-300x225.jpg 300w, https:\/\/olu-limburg.de\/wp-content\/uploads\/2024\/03\/P1080648_ergebnis-768x576.jpg 768w, https:\/\/olu-limburg.de\/wp-content\/uploads\/2024\/03\/P1080648_ergebnis-624x468.jpg 624w\" sizes=\"auto, (max-width: 800px) 100vw, 800px\" \/><\/a><\/p>\n<p><a href=\"https:\/\/olu-limburg.de\/wp-content\/uploads\/2024\/03\/P1080652_ergebnis.jpg\"><img loading=\"lazy\" decoding=\"async\" class=\"size-full wp-image-30803 aligncenter\" src=\"https:\/\/olu-limburg.de\/wp-content\/uploads\/2024\/03\/P1080652_ergebnis.jpg\" alt=\"\" width=\"800\" height=\"600\" srcset=\"https:\/\/olu-limburg.de\/wp-content\/uploads\/2024\/03\/P1080652_ergebnis.jpg 800w, https:\/\/olu-limburg.de\/wp-content\/uploads\/2024\/03\/P1080652_ergebnis-300x225.jpg 300w, https:\/\/olu-limburg.de\/wp-content\/uploads\/2024\/03\/P1080652_ergebnis-768x576.jpg 768w, https:\/\/olu-limburg.de\/wp-content\/uploads\/2024\/03\/P1080652_ergebnis-624x468.jpg 624w\" sizes=\"auto, (max-width: 800px) 100vw, 800px\" \/><\/a><\/p>\n<p><a href=\"https:\/\/olu-limburg.de\/wp-content\/uploads\/2024\/03\/P1080656_ergebnis.jpg\"><img loading=\"lazy\" decoding=\"async\" class=\"size-full wp-image-30805 aligncenter\" src=\"https:\/\/olu-limburg.de\/wp-content\/uploads\/2024\/03\/P1080656_ergebnis.jpg\" alt=\"\" width=\"800\" height=\"600\" srcset=\"https:\/\/olu-limburg.de\/wp-content\/uploads\/2024\/03\/P1080656_ergebnis.jpg 800w, https:\/\/olu-limburg.de\/wp-content\/uploads\/2024\/03\/P1080656_ergebnis-300x225.jpg 300w, https:\/\/olu-limburg.de\/wp-content\/uploads\/2024\/03\/P1080656_ergebnis-768x576.jpg 768w, https:\/\/olu-limburg.de\/wp-content\/uploads\/2024\/03\/P1080656_ergebnis-624x468.jpg 624w\" sizes=\"auto, (max-width: 800px) 100vw, 800px\" \/><\/a><\/p>\n<p><a href=\"https:\/\/olu-limburg.de\/wp-content\/uploads\/2024\/03\/P1070685_ergebnis.jpg\"><img loading=\"lazy\" decoding=\"async\" class=\"size-full wp-image-30836 aligncenter\" src=\"https:\/\/olu-limburg.de\/wp-content\/uploads\/2024\/03\/P1070685_ergebnis.jpg\" alt=\"\" width=\"800\" height=\"600\" srcset=\"https:\/\/olu-limburg.de\/wp-content\/uploads\/2024\/03\/P1070685_ergebnis.jpg 800w, https:\/\/olu-limburg.de\/wp-content\/uploads\/2024\/03\/P1070685_ergebnis-300x225.jpg 300w, https:\/\/olu-limburg.de\/wp-content\/uploads\/2024\/03\/P1070685_ergebnis-768x576.jpg 768w, https:\/\/olu-limburg.de\/wp-content\/uploads\/2024\/03\/P1070685_ergebnis-624x468.jpg 624w\" sizes=\"auto, (max-width: 800px) 100vw, 800px\" \/><\/a><\/p>\n<p><a href=\"https:\/\/olu-limburg.de\/wp-content\/uploads\/2024\/03\/P1080658_ergebnis.jpg\"><img loading=\"lazy\" decoding=\"async\" class=\"size-full wp-image-30806 aligncenter\" src=\"https:\/\/olu-limburg.de\/wp-content\/uploads\/2024\/03\/P1080658_ergebnis.jpg\" alt=\"\" width=\"800\" height=\"600\" srcset=\"https:\/\/olu-limburg.de\/wp-content\/uploads\/2024\/03\/P1080658_ergebnis.jpg 800w, https:\/\/olu-limburg.de\/wp-content\/uploads\/2024\/03\/P1080658_ergebnis-300x225.jpg 300w, https:\/\/olu-limburg.de\/wp-content\/uploads\/2024\/03\/P1080658_ergebnis-768x576.jpg 768w, https:\/\/olu-limburg.de\/wp-content\/uploads\/2024\/03\/P1080658_ergebnis-624x468.jpg 624w\" sizes=\"auto, (max-width: 800px) 100vw, 800px\" \/><\/a><\/p>\n<p><a href=\"https:\/\/olu-limburg.de\/wp-content\/uploads\/2024\/03\/P1080661_ergebnis.jpg\"><img loading=\"lazy\" decoding=\"async\" class=\"size-full wp-image-30808 aligncenter\" src=\"https:\/\/olu-limburg.de\/wp-content\/uploads\/2024\/03\/P1080661_ergebnis.jpg\" alt=\"\" width=\"800\" height=\"600\" srcset=\"https:\/\/olu-limburg.de\/wp-content\/uploads\/2024\/03\/P1080661_ergebnis.jpg 800w, https:\/\/olu-limburg.de\/wp-content\/uploads\/2024\/03\/P1080661_ergebnis-300x225.jpg 300w, https:\/\/olu-limburg.de\/wp-content\/uploads\/2024\/03\/P1080661_ergebnis-768x576.jpg 768w, https:\/\/olu-limburg.de\/wp-content\/uploads\/2024\/03\/P1080661_ergebnis-624x468.jpg 624w\" sizes=\"auto, (max-width: 800px) 100vw, 800px\" \/><\/a><\/p>\n<p><a href=\"https:\/\/olu-limburg.de\/wp-content\/uploads\/2024\/03\/P1070682_ergebnis.jpg\"><img loading=\"lazy\" decoding=\"async\" class=\"size-full wp-image-30835 aligncenter\" src=\"https:\/\/olu-limburg.de\/wp-content\/uploads\/2024\/03\/P1070682_ergebnis.jpg\" alt=\"\" width=\"800\" height=\"600\" srcset=\"https:\/\/olu-limburg.de\/wp-content\/uploads\/2024\/03\/P1070682_ergebnis.jpg 800w, https:\/\/olu-limburg.de\/wp-content\/uploads\/2024\/03\/P1070682_ergebnis-300x225.jpg 300w, https:\/\/olu-limburg.de\/wp-content\/uploads\/2024\/03\/P1070682_ergebnis-768x576.jpg 768w, https:\/\/olu-limburg.de\/wp-content\/uploads\/2024\/03\/P1070682_ergebnis-624x468.jpg 624w\" sizes=\"auto, (max-width: 800px) 100vw, 800px\" \/><\/a><\/p>\n<p>Zur \u00dcbernachtung bietet sich der Platz auf jeden Fall an.<\/p>\n<p>Tagesstrecke: 227 km<\/p>\n<p>&nbsp;<\/p>\n<p><strong>Montag, 28.03.2022<\/strong><\/p>\n<p>Heute brauchen wir nochmal einen Fahrtag bevor es gem\u00fctlicher wird. Deshalb nutzen wir das kurze St\u00fcck auf der Landstra\u00dfe zur Suche nach einem guten Mittagessen bei einem Restaurant &#8222;Routiers&#8220;.<\/p>\n<div id=\"attachment_30815\" style=\"width: 460px\" class=\"wp-caption aligncenter\"><a href=\"https:\/\/olu-limburg.de\/wp-content\/uploads\/2024\/03\/IMG_20220328_131354_ergebnis-e1711547198554.jpg\"><img loading=\"lazy\" decoding=\"async\" aria-describedby=\"caption-attachment-30815\" class=\"wp-image-30815 size-full\" src=\"https:\/\/olu-limburg.de\/wp-content\/uploads\/2024\/03\/IMG_20220328_131354_ergebnis-e1711547198554.jpg\" alt=\"\" width=\"450\" height=\"600\" \/><\/a><p id=\"caption-attachment-30815\" class=\"wp-caption-text\">tolles 3-Gang-Men\u00fc f\u00fcr EUR 14,50<\/p><\/div>\n<p>Der Koch kommt gerade an unserem Tisch vorbei, als die Bedienung bei uns die Bestellung aufnimmt und empfiehlt mir die &#8222;Tripes provencale&#8220;, eine Spezialit\u00e4t des Hauses. Ich wei\u00df, das es Kutteln sind und verneine. Er bringt mir aber trotzdem einen Probeteller. Jetzt musste ich wenigstens ein klein wenig probieren.<\/p>\n<p>Nach dem Vorspeisenb\u00fcfett habe ich mir als Hauptspeise dann doch lieber &#8222;Vauxfilet avec sauce au poivre&#8220; mit Ratatouille und Pommes bestellt.<\/p>\n<p><a href=\"https:\/\/olu-limburg.de\/wp-content\/uploads\/2024\/03\/IMG_20220328_124304_ergebnis.jpg\"><img loading=\"lazy\" decoding=\"async\" class=\"size-full wp-image-30812 aligncenter\" src=\"https:\/\/olu-limburg.de\/wp-content\/uploads\/2024\/03\/IMG_20220328_124304_ergebnis.jpg\" alt=\"\" width=\"800\" height=\"600\" srcset=\"https:\/\/olu-limburg.de\/wp-content\/uploads\/2024\/03\/IMG_20220328_124304_ergebnis.jpg 800w, https:\/\/olu-limburg.de\/wp-content\/uploads\/2024\/03\/IMG_20220328_124304_ergebnis-300x225.jpg 300w, https:\/\/olu-limburg.de\/wp-content\/uploads\/2024\/03\/IMG_20220328_124304_ergebnis-768x576.jpg 768w, https:\/\/olu-limburg.de\/wp-content\/uploads\/2024\/03\/IMG_20220328_124304_ergebnis-624x468.jpg 624w\" sizes=\"auto, (max-width: 800px) 100vw, 800px\" \/><\/a><\/p>\n<p>Lena hat Leber mit \u00fcberbackenem Blumenkohl.<\/p>\n<p><a href=\"https:\/\/olu-limburg.de\/wp-content\/uploads\/2024\/03\/IMG_20220328_124253_ergebnis.jpg\"><img loading=\"lazy\" decoding=\"async\" class=\"size-full wp-image-30810 aligncenter\" src=\"https:\/\/olu-limburg.de\/wp-content\/uploads\/2024\/03\/IMG_20220328_124253_ergebnis.jpg\" alt=\"\" width=\"800\" height=\"600\" srcset=\"https:\/\/olu-limburg.de\/wp-content\/uploads\/2024\/03\/IMG_20220328_124253_ergebnis.jpg 800w, https:\/\/olu-limburg.de\/wp-content\/uploads\/2024\/03\/IMG_20220328_124253_ergebnis-300x225.jpg 300w, https:\/\/olu-limburg.de\/wp-content\/uploads\/2024\/03\/IMG_20220328_124253_ergebnis-768x576.jpg 768w, https:\/\/olu-limburg.de\/wp-content\/uploads\/2024\/03\/IMG_20220328_124253_ergebnis-624x468.jpg 624w\" sizes=\"auto, (max-width: 800px) 100vw, 800px\" \/><\/a><\/p>\n<p><a href=\"https:\/\/olu-limburg.de\/wp-content\/uploads\/2024\/03\/IMG_20220328_124259_ergebnis.jpg\"><img loading=\"lazy\" decoding=\"async\" class=\"alignnone wp-image-30811 size-full\" src=\"https:\/\/olu-limburg.de\/wp-content\/uploads\/2024\/03\/IMG_20220328_124259_ergebnis.jpg\" alt=\"\" width=\"800\" height=\"600\" srcset=\"https:\/\/olu-limburg.de\/wp-content\/uploads\/2024\/03\/IMG_20220328_124259_ergebnis.jpg 800w, https:\/\/olu-limburg.de\/wp-content\/uploads\/2024\/03\/IMG_20220328_124259_ergebnis-300x225.jpg 300w, https:\/\/olu-limburg.de\/wp-content\/uploads\/2024\/03\/IMG_20220328_124259_ergebnis-768x576.jpg 768w, https:\/\/olu-limburg.de\/wp-content\/uploads\/2024\/03\/IMG_20220328_124259_ergebnis-624x468.jpg 624w\" sizes=\"auto, (max-width: 800px) 100vw, 800px\" \/><\/a><\/p>\n<p>Als Abschlu\u00df gibt es noch eine K\u00e4seauswahl &#8230;<\/p>\n<p><a href=\"https:\/\/olu-limburg.de\/wp-content\/uploads\/2024\/03\/IMG_20220328_125917_ergebnis.jpg\"><img loading=\"lazy\" decoding=\"async\" class=\"size-full wp-image-30813 aligncenter\" src=\"https:\/\/olu-limburg.de\/wp-content\/uploads\/2024\/03\/IMG_20220328_125917_ergebnis.jpg\" alt=\"\" width=\"800\" height=\"600\" srcset=\"https:\/\/olu-limburg.de\/wp-content\/uploads\/2024\/03\/IMG_20220328_125917_ergebnis.jpg 800w, https:\/\/olu-limburg.de\/wp-content\/uploads\/2024\/03\/IMG_20220328_125917_ergebnis-300x225.jpg 300w, https:\/\/olu-limburg.de\/wp-content\/uploads\/2024\/03\/IMG_20220328_125917_ergebnis-768x576.jpg 768w, https:\/\/olu-limburg.de\/wp-content\/uploads\/2024\/03\/IMG_20220328_125917_ergebnis-624x468.jpg 624w\" sizes=\"auto, (max-width: 800px) 100vw, 800px\" \/><\/a><\/p>\n<p>&#8230; und Dessert: Tarte des Pommes bzw. Iles flottante<\/p>\n<p><a href=\"https:\/\/olu-limburg.de\/wp-content\/uploads\/2024\/03\/IMG_20220328_130641_ergebnis.jpg\"><img loading=\"lazy\" decoding=\"async\" class=\"size-full wp-image-30814 aligncenter\" src=\"https:\/\/olu-limburg.de\/wp-content\/uploads\/2024\/03\/IMG_20220328_130641_ergebnis.jpg\" alt=\"\" width=\"800\" height=\"600\" srcset=\"https:\/\/olu-limburg.de\/wp-content\/uploads\/2024\/03\/IMG_20220328_130641_ergebnis.jpg 800w, https:\/\/olu-limburg.de\/wp-content\/uploads\/2024\/03\/IMG_20220328_130641_ergebnis-300x225.jpg 300w, https:\/\/olu-limburg.de\/wp-content\/uploads\/2024\/03\/IMG_20220328_130641_ergebnis-768x576.jpg 768w, https:\/\/olu-limburg.de\/wp-content\/uploads\/2024\/03\/IMG_20220328_130641_ergebnis-624x468.jpg 624w\" sizes=\"auto, (max-width: 800px) 100vw, 800px\" \/><\/a><\/p>\n<p>Bei Tournus wechseln wir auf die Autobahn (Mautst. Villefranche EUR 9,90 Kl. 2). Die Durchfahrt von Lyon ist kostenfrei und geht mal ohne Stau recht z\u00fcgig. Danach sind wir wieder auf der Autobahn bis zur Abfahrt Romans (Maut EUR 10,00 Kl. 2), da wir auf den Stellplatz mit V+E (Geb\u00fchr EUR 7,00) in Tournon wollen. Der Kassierer kommt gegen 19.30 Uhr.<\/p>\n<p><a href=\"https:\/\/olu-limburg.de\/wp-content\/uploads\/2024\/03\/P1080680_ergebnis.jpg\"><img loading=\"lazy\" decoding=\"async\" class=\"size-full wp-image-30824 aligncenter\" src=\"https:\/\/olu-limburg.de\/wp-content\/uploads\/2024\/03\/P1080680_ergebnis.jpg\" alt=\"\" width=\"800\" height=\"600\" srcset=\"https:\/\/olu-limburg.de\/wp-content\/uploads\/2024\/03\/P1080680_ergebnis.jpg 800w, https:\/\/olu-limburg.de\/wp-content\/uploads\/2024\/03\/P1080680_ergebnis-300x225.jpg 300w, https:\/\/olu-limburg.de\/wp-content\/uploads\/2024\/03\/P1080680_ergebnis-768x576.jpg 768w, https:\/\/olu-limburg.de\/wp-content\/uploads\/2024\/03\/P1080680_ergebnis-624x468.jpg 624w\" sizes=\"auto, (max-width: 800px) 100vw, 800px\" \/><\/a><\/p>\n<p>Hier in Tournon f\u00fchlen wir uns wohl. Es ist eine kleine Stadt an der Rh\u00f4ne, der B\u00e4cker ist nicht weit entfernt und man kann in der zahlreich vorhandenen Au\u00dfenbewirtschaftung bei einem Pastis seine Zeit vertr\u00f6deln, oder bei einem Spaziergang die Stadtgeschichte erkunden.<\/p>\n<p><a href=\"https:\/\/olu-limburg.de\/wp-content\/uploads\/2024\/03\/P1080679_ergebnis.jpg\"><img loading=\"lazy\" decoding=\"async\" class=\"size-full wp-image-30823 aligncenter\" src=\"https:\/\/olu-limburg.de\/wp-content\/uploads\/2024\/03\/P1080679_ergebnis.jpg\" alt=\"\" width=\"800\" height=\"600\" srcset=\"https:\/\/olu-limburg.de\/wp-content\/uploads\/2024\/03\/P1080679_ergebnis.jpg 800w, https:\/\/olu-limburg.de\/wp-content\/uploads\/2024\/03\/P1080679_ergebnis-300x225.jpg 300w, https:\/\/olu-limburg.de\/wp-content\/uploads\/2024\/03\/P1080679_ergebnis-768x576.jpg 768w, https:\/\/olu-limburg.de\/wp-content\/uploads\/2024\/03\/P1080679_ergebnis-624x468.jpg 624w\" sizes=\"auto, (max-width: 800px) 100vw, 800px\" \/><\/a><\/p>\n<p><a href=\"https:\/\/olu-limburg.de\/wp-content\/uploads\/2024\/03\/P1080676_ergebnis.jpg\"><img loading=\"lazy\" decoding=\"async\" class=\"size-full wp-image-30821 aligncenter\" src=\"https:\/\/olu-limburg.de\/wp-content\/uploads\/2024\/03\/P1080676_ergebnis.jpg\" alt=\"\" width=\"800\" height=\"600\" srcset=\"https:\/\/olu-limburg.de\/wp-content\/uploads\/2024\/03\/P1080676_ergebnis.jpg 800w, https:\/\/olu-limburg.de\/wp-content\/uploads\/2024\/03\/P1080676_ergebnis-300x225.jpg 300w, https:\/\/olu-limburg.de\/wp-content\/uploads\/2024\/03\/P1080676_ergebnis-768x576.jpg 768w, https:\/\/olu-limburg.de\/wp-content\/uploads\/2024\/03\/P1080676_ergebnis-624x468.jpg 624w\" sizes=\"auto, (max-width: 800px) 100vw, 800px\" \/><\/a><\/p>\n<p><a href=\"https:\/\/olu-limburg.de\/wp-content\/uploads\/2024\/03\/P1070688_ergebnis.jpg\"><img loading=\"lazy\" decoding=\"async\" class=\"size-full wp-image-30837 aligncenter\" src=\"https:\/\/olu-limburg.de\/wp-content\/uploads\/2024\/03\/P1070688_ergebnis.jpg\" alt=\"\" width=\"800\" height=\"600\" srcset=\"https:\/\/olu-limburg.de\/wp-content\/uploads\/2024\/03\/P1070688_ergebnis.jpg 800w, https:\/\/olu-limburg.de\/wp-content\/uploads\/2024\/03\/P1070688_ergebnis-300x225.jpg 300w, https:\/\/olu-limburg.de\/wp-content\/uploads\/2024\/03\/P1070688_ergebnis-768x576.jpg 768w, https:\/\/olu-limburg.de\/wp-content\/uploads\/2024\/03\/P1070688_ergebnis-624x468.jpg 624w\" sizes=\"auto, (max-width: 800px) 100vw, 800px\" \/><\/a><\/p>\n<p><a href=\"https:\/\/olu-limburg.de\/wp-content\/uploads\/2024\/03\/P1080665_ergebnis-e1711548391155.jpg\"><img loading=\"lazy\" decoding=\"async\" class=\"size-full wp-image-30816 alignleft\" src=\"https:\/\/olu-limburg.de\/wp-content\/uploads\/2024\/03\/P1080665_ergebnis-e1711548391155.jpg\" alt=\"\" width=\"450\" height=\"600\" \/><\/a><\/p>\n<p><a href=\"https:\/\/olu-limburg.de\/wp-content\/uploads\/2024\/03\/P1080670_ergebnis-e1711548412122.jpg\"><img loading=\"lazy\" decoding=\"async\" class=\"size-full wp-image-30819 alignright\" src=\"https:\/\/olu-limburg.de\/wp-content\/uploads\/2024\/03\/P1080670_ergebnis-e1711548412122.jpg\" alt=\"\" width=\"450\" height=\"600\" \/><\/a><\/p>\n<p><a href=\"https:\/\/olu-limburg.de\/wp-content\/uploads\/2024\/03\/P1080667_ergebnis-e1711548436545.jpg\"><img loading=\"lazy\" decoding=\"async\" class=\"size-full wp-image-30818 alignleft\" src=\"https:\/\/olu-limburg.de\/wp-content\/uploads\/2024\/03\/P1080667_ergebnis-e1711548436545.jpg\" alt=\"\" width=\"450\" height=\"600\" \/><\/a><\/p>\n<p><a href=\"https:\/\/olu-limburg.de\/wp-content\/uploads\/2024\/03\/P1080666_ergebnis-e1711548459842.jpg\"><img loading=\"lazy\" decoding=\"async\" class=\"size-full wp-image-30817 alignright\" src=\"https:\/\/olu-limburg.de\/wp-content\/uploads\/2024\/03\/P1080666_ergebnis-e1711548459842.jpg\" alt=\"\" width=\"450\" height=\"600\" \/><\/a><\/p>\n<p><a href=\"https:\/\/olu-limburg.de\/wp-content\/uploads\/2024\/03\/P1080672_ergebnis.jpg\"><img loading=\"lazy\" decoding=\"async\" class=\"size-full wp-image-30820 aligncenter\" src=\"https:\/\/olu-limburg.de\/wp-content\/uploads\/2024\/03\/P1080672_ergebnis.jpg\" alt=\"\" width=\"800\" height=\"600\" srcset=\"https:\/\/olu-limburg.de\/wp-content\/uploads\/2024\/03\/P1080672_ergebnis.jpg 800w, https:\/\/olu-limburg.de\/wp-content\/uploads\/2024\/03\/P1080672_ergebnis-300x225.jpg 300w, https:\/\/olu-limburg.de\/wp-content\/uploads\/2024\/03\/P1080672_ergebnis-768x576.jpg 768w, https:\/\/olu-limburg.de\/wp-content\/uploads\/2024\/03\/P1080672_ergebnis-624x468.jpg 624w\" sizes=\"auto, (max-width: 800px) 100vw, 800px\" \/><\/a><\/p>\n<p>Auf der anderen Rh\u00f4neseite liegt Tain l&#8217;Hermitage.<\/p>\n<p><a href=\"https:\/\/olu-limburg.de\/wp-content\/uploads\/2024\/03\/P1080678_ergebnis.jpg\"><img loading=\"lazy\" decoding=\"async\" class=\"size-full wp-image-30822 aligncenter\" src=\"https:\/\/olu-limburg.de\/wp-content\/uploads\/2024\/03\/P1080678_ergebnis.jpg\" alt=\"\" width=\"800\" height=\"600\" srcset=\"https:\/\/olu-limburg.de\/wp-content\/uploads\/2024\/03\/P1080678_ergebnis.jpg 800w, https:\/\/olu-limburg.de\/wp-content\/uploads\/2024\/03\/P1080678_ergebnis-300x225.jpg 300w, https:\/\/olu-limburg.de\/wp-content\/uploads\/2024\/03\/P1080678_ergebnis-768x576.jpg 768w, https:\/\/olu-limburg.de\/wp-content\/uploads\/2024\/03\/P1080678_ergebnis-624x468.jpg 624w\" sizes=\"auto, (max-width: 800px) 100vw, 800px\" \/><\/a><\/p>\n<p>Abends gibt es bei uns sehr oft ein Kr\u00e4ftemessen beim Domino.<\/p>\n<p><a href=\"https:\/\/olu-limburg.de\/wp-content\/uploads\/2024\/03\/P1070700_ergebnis.jpg\"><img loading=\"lazy\" decoding=\"async\" class=\"size-full wp-image-30838 aligncenter\" src=\"https:\/\/olu-limburg.de\/wp-content\/uploads\/2024\/03\/P1070700_ergebnis.jpg\" alt=\"\" width=\"800\" height=\"600\" srcset=\"https:\/\/olu-limburg.de\/wp-content\/uploads\/2024\/03\/P1070700_ergebnis.jpg 800w, https:\/\/olu-limburg.de\/wp-content\/uploads\/2024\/03\/P1070700_ergebnis-300x225.jpg 300w, https:\/\/olu-limburg.de\/wp-content\/uploads\/2024\/03\/P1070700_ergebnis-768x576.jpg 768w, https:\/\/olu-limburg.de\/wp-content\/uploads\/2024\/03\/P1070700_ergebnis-624x468.jpg 624w\" sizes=\"auto, (max-width: 800px) 100vw, 800px\" \/><\/a><\/p>\n<p>Tagesstrecke: 262 km<\/p>\n<p>&nbsp;<\/p>\n<p><strong>Dienstag, 29.03.2022<\/strong><\/p>\n<p>Heute fahren wir gem\u00fctlich auf der RN bis Montelimar an der Rh\u00f4ne entlang. Im Industriegebiet am s\u00fcdlichen Ortsausgang von Montelimar macht Lena eine kurze Shopping-Tour durch den Decathlon. Danach geht es schnell zum nahen &#8222;Bonheur d&#8217;Asie&#8220; zum chinesischen Mittagsb\u00fcfett (EUR 12,90). Dies ist unser fester Mittagsstopp, wenn es sich irgendwie einrichten l\u00e4\u00dft, auf der Reise in den S\u00fcden.<\/p>\n<p><a href=\"https:\/\/olu-limburg.de\/wp-content\/uploads\/2024\/03\/IMG_20220329_121544_ergebnis.jpg\"><img loading=\"lazy\" decoding=\"async\" class=\"size-full wp-image-30827 aligncenter\" src=\"https:\/\/olu-limburg.de\/wp-content\/uploads\/2024\/03\/IMG_20220329_121544_ergebnis.jpg\" alt=\"\" width=\"800\" height=\"600\" srcset=\"https:\/\/olu-limburg.de\/wp-content\/uploads\/2024\/03\/IMG_20220329_121544_ergebnis.jpg 800w, https:\/\/olu-limburg.de\/wp-content\/uploads\/2024\/03\/IMG_20220329_121544_ergebnis-300x225.jpg 300w, https:\/\/olu-limburg.de\/wp-content\/uploads\/2024\/03\/IMG_20220329_121544_ergebnis-768x576.jpg 768w, https:\/\/olu-limburg.de\/wp-content\/uploads\/2024\/03\/IMG_20220329_121544_ergebnis-624x468.jpg 624w\" sizes=\"auto, (max-width: 800px) 100vw, 800px\" \/><\/a><\/p>\n<p><a href=\"https:\/\/olu-limburg.de\/wp-content\/uploads\/2024\/03\/IMG_20220329_131818_ergebnis.jpg\"><img loading=\"lazy\" decoding=\"async\" class=\"size-full wp-image-30832 aligncenter\" src=\"https:\/\/olu-limburg.de\/wp-content\/uploads\/2024\/03\/IMG_20220329_131818_ergebnis.jpg\" alt=\"\" width=\"800\" height=\"600\" srcset=\"https:\/\/olu-limburg.de\/wp-content\/uploads\/2024\/03\/IMG_20220329_131818_ergebnis.jpg 800w, https:\/\/olu-limburg.de\/wp-content\/uploads\/2024\/03\/IMG_20220329_131818_ergebnis-300x225.jpg 300w, https:\/\/olu-limburg.de\/wp-content\/uploads\/2024\/03\/IMG_20220329_131818_ergebnis-768x576.jpg 768w, https:\/\/olu-limburg.de\/wp-content\/uploads\/2024\/03\/IMG_20220329_131818_ergebnis-624x468.jpg 624w\" sizes=\"auto, (max-width: 800px) 100vw, 800px\" \/><\/a><\/p>\n<p><a href=\"https:\/\/olu-limburg.de\/wp-content\/uploads\/2024\/03\/IMG_20220329_131757_ergebnis.jpg\"><img loading=\"lazy\" decoding=\"async\" class=\"size-full wp-image-30831 aligncenter\" src=\"https:\/\/olu-limburg.de\/wp-content\/uploads\/2024\/03\/IMG_20220329_131757_ergebnis.jpg\" alt=\"\" width=\"800\" height=\"600\" srcset=\"https:\/\/olu-limburg.de\/wp-content\/uploads\/2024\/03\/IMG_20220329_131757_ergebnis.jpg 800w, https:\/\/olu-limburg.de\/wp-content\/uploads\/2024\/03\/IMG_20220329_131757_ergebnis-300x225.jpg 300w, https:\/\/olu-limburg.de\/wp-content\/uploads\/2024\/03\/IMG_20220329_131757_ergebnis-768x576.jpg 768w, https:\/\/olu-limburg.de\/wp-content\/uploads\/2024\/03\/IMG_20220329_131757_ergebnis-624x468.jpg 624w\" sizes=\"auto, (max-width: 800px) 100vw, 800px\" \/><\/a><\/p>\n<p>Hier nur eine kleine Auswahl unserer Teller:<\/p>\n<p><a href=\"https:\/\/olu-limburg.de\/wp-content\/uploads\/2024\/03\/IMG_20220329_122238_ergebnis.jpg\"><img loading=\"lazy\" decoding=\"async\" class=\"size-full wp-image-30828 aligncenter\" src=\"https:\/\/olu-limburg.de\/wp-content\/uploads\/2024\/03\/IMG_20220329_122238_ergebnis.jpg\" alt=\"\" width=\"800\" height=\"600\" srcset=\"https:\/\/olu-limburg.de\/wp-content\/uploads\/2024\/03\/IMG_20220329_122238_ergebnis.jpg 800w, https:\/\/olu-limburg.de\/wp-content\/uploads\/2024\/03\/IMG_20220329_122238_ergebnis-300x225.jpg 300w, https:\/\/olu-limburg.de\/wp-content\/uploads\/2024\/03\/IMG_20220329_122238_ergebnis-768x576.jpg 768w, https:\/\/olu-limburg.de\/wp-content\/uploads\/2024\/03\/IMG_20220329_122238_ergebnis-624x468.jpg 624w\" sizes=\"auto, (max-width: 800px) 100vw, 800px\" \/><\/a><\/p>\n<p><a href=\"https:\/\/olu-limburg.de\/wp-content\/uploads\/2024\/03\/IMG_20220329_123709_ergebnis.jpg\"><img loading=\"lazy\" decoding=\"async\" class=\"size-full wp-image-30829 aligncenter\" src=\"https:\/\/olu-limburg.de\/wp-content\/uploads\/2024\/03\/IMG_20220329_123709_ergebnis.jpg\" alt=\"\" width=\"800\" height=\"600\" srcset=\"https:\/\/olu-limburg.de\/wp-content\/uploads\/2024\/03\/IMG_20220329_123709_ergebnis.jpg 800w, https:\/\/olu-limburg.de\/wp-content\/uploads\/2024\/03\/IMG_20220329_123709_ergebnis-300x225.jpg 300w, https:\/\/olu-limburg.de\/wp-content\/uploads\/2024\/03\/IMG_20220329_123709_ergebnis-768x576.jpg 768w, https:\/\/olu-limburg.de\/wp-content\/uploads\/2024\/03\/IMG_20220329_123709_ergebnis-624x468.jpg 624w\" sizes=\"auto, (max-width: 800px) 100vw, 800px\" \/><\/a><\/p>\n<p><a href=\"https:\/\/olu-limburg.de\/wp-content\/uploads\/2024\/03\/IMG_20220329_130643_ergebnis.jpg\"><img loading=\"lazy\" decoding=\"async\" class=\"size-full wp-image-30830 aligncenter\" src=\"https:\/\/olu-limburg.de\/wp-content\/uploads\/2024\/03\/IMG_20220329_130643_ergebnis.jpg\" alt=\"\" width=\"800\" height=\"600\" srcset=\"https:\/\/olu-limburg.de\/wp-content\/uploads\/2024\/03\/IMG_20220329_130643_ergebnis.jpg 800w, https:\/\/olu-limburg.de\/wp-content\/uploads\/2024\/03\/IMG_20220329_130643_ergebnis-300x225.jpg 300w, https:\/\/olu-limburg.de\/wp-content\/uploads\/2024\/03\/IMG_20220329_130643_ergebnis-768x576.jpg 768w, https:\/\/olu-limburg.de\/wp-content\/uploads\/2024\/03\/IMG_20220329_130643_ergebnis-624x468.jpg 624w\" sizes=\"auto, (max-width: 800px) 100vw, 800px\" \/><\/a><\/p>\n<p>Nun kann die eigentliche Rundreise in die Provence beginnen. kurz hinter Montelimar verlassen wir die Rh\u00f4ne und fahren links weg in Richtung La Garde-Adh\u00e9mar, unserem heutigen \u00dcbernachtungsziel. Auf dem Weg dorthin sehen wir linkerhand von weitem einen kleinen Ort mit der hier \u00fcblichen H\u00fcgelbebauung. Dort wollen wir hin. Wir sind auch bereits schon im Weinanbaugebiet des C\u00f4tes du Rh\u00f4ne.<\/p>\n<p>Roussas ist weithin zu sehen. Es ist ein kleiner Ort mit nicht mal 400 Einwohnern. Mit der alten Bebauung, die man auf einem ausgeschilderten Rundweg durchwandern kann, und der tollen Aussicht, lohnt sich ein Abstecher auf jeden Fall.<\/p>\n<p><a href=\"https:\/\/olu-limburg.de\/wp-content\/uploads\/2024\/03\/IMG_20220329_134710_ergebnis.jpg\"><img loading=\"lazy\" decoding=\"async\" class=\"size-full wp-image-30842 aligncenter\" src=\"https:\/\/olu-limburg.de\/wp-content\/uploads\/2024\/03\/IMG_20220329_134710_ergebnis.jpg\" alt=\"\" width=\"800\" height=\"600\" srcset=\"https:\/\/olu-limburg.de\/wp-content\/uploads\/2024\/03\/IMG_20220329_134710_ergebnis.jpg 800w, https:\/\/olu-limburg.de\/wp-content\/uploads\/2024\/03\/IMG_20220329_134710_ergebnis-300x225.jpg 300w, https:\/\/olu-limburg.de\/wp-content\/uploads\/2024\/03\/IMG_20220329_134710_ergebnis-768x576.jpg 768w, https:\/\/olu-limburg.de\/wp-content\/uploads\/2024\/03\/IMG_20220329_134710_ergebnis-624x468.jpg 624w\" sizes=\"auto, (max-width: 800px) 100vw, 800px\" \/><\/a><\/p>\n<p>Da die engen Stra\u00dfen nicht f\u00fcr ein Wohnmobil geeignet sind, parken wir unterhalb des Ortes auf dem Parkplatz &#8222;Place du Stade&#8220;, und gehen von dort aus in den Ort.<\/p>\n<p><a href=\"https:\/\/olu-limburg.de\/wp-content\/uploads\/2024\/03\/P1080682_ergebnis.jpg\"><img loading=\"lazy\" decoding=\"async\" class=\"size-full wp-image-30846 aligncenter\" src=\"https:\/\/olu-limburg.de\/wp-content\/uploads\/2024\/03\/P1080682_ergebnis.jpg\" alt=\"\" width=\"800\" height=\"600\" srcset=\"https:\/\/olu-limburg.de\/wp-content\/uploads\/2024\/03\/P1080682_ergebnis.jpg 800w, https:\/\/olu-limburg.de\/wp-content\/uploads\/2024\/03\/P1080682_ergebnis-300x225.jpg 300w, https:\/\/olu-limburg.de\/wp-content\/uploads\/2024\/03\/P1080682_ergebnis-768x576.jpg 768w, https:\/\/olu-limburg.de\/wp-content\/uploads\/2024\/03\/P1080682_ergebnis-624x468.jpg 624w\" sizes=\"auto, (max-width: 800px) 100vw, 800px\" \/><\/a><\/p>\n<p>Der Spaziergang wird anstrengender als gedacht. Es geht nur bergauf. Mittlerweile ist es schon warm geworden.<\/p>\n<p><a href=\"https:\/\/olu-limburg.de\/wp-content\/uploads\/2024\/03\/20220329_140726_ergebnis.jpg\"><img loading=\"lazy\" decoding=\"async\" class=\"size-full wp-image-30907 aligncenter\" src=\"https:\/\/olu-limburg.de\/wp-content\/uploads\/2024\/03\/20220329_140726_ergebnis.jpg\" alt=\"\" width=\"800\" height=\"600\" srcset=\"https:\/\/olu-limburg.de\/wp-content\/uploads\/2024\/03\/20220329_140726_ergebnis.jpg 800w, https:\/\/olu-limburg.de\/wp-content\/uploads\/2024\/03\/20220329_140726_ergebnis-300x225.jpg 300w, https:\/\/olu-limburg.de\/wp-content\/uploads\/2024\/03\/20220329_140726_ergebnis-768x576.jpg 768w, https:\/\/olu-limburg.de\/wp-content\/uploads\/2024\/03\/20220329_140726_ergebnis-624x468.jpg 624w\" sizes=\"auto, (max-width: 800px) 100vw, 800px\" \/><\/a><\/p>\n<p><a href=\"https:\/\/olu-limburg.de\/wp-content\/uploads\/2024\/03\/IMG_20220329_140943_ergebnis-e1711635449872.jpg\"><img loading=\"lazy\" decoding=\"async\" class=\"size-full wp-image-30843 alignleft\" src=\"https:\/\/olu-limburg.de\/wp-content\/uploads\/2024\/03\/IMG_20220329_140943_ergebnis-e1711635449872.jpg\" alt=\"\" width=\"450\" height=\"600\" \/><\/a><\/p>\n<p><a href=\"https:\/\/olu-limburg.de\/wp-content\/uploads\/2024\/03\/P1080684_ergebnis-e1711635486572.jpg\"><img loading=\"lazy\" decoding=\"async\" class=\"size-full wp-image-30847 alignright\" src=\"https:\/\/olu-limburg.de\/wp-content\/uploads\/2024\/03\/P1080684_ergebnis-e1711635486572.jpg\" alt=\"\" width=\"450\" height=\"600\" \/><\/a><\/p>\n<div id=\"attachment_30848\" style=\"width: 810px\" class=\"wp-caption aligncenter\"><a href=\"https:\/\/olu-limburg.de\/wp-content\/uploads\/2024\/03\/P1080685_ergebnis.jpg\"><img loading=\"lazy\" decoding=\"async\" aria-describedby=\"caption-attachment-30848\" class=\"wp-image-30848 size-full\" src=\"https:\/\/olu-limburg.de\/wp-content\/uploads\/2024\/03\/P1080685_ergebnis.jpg\" alt=\"\" width=\"800\" height=\"600\" srcset=\"https:\/\/olu-limburg.de\/wp-content\/uploads\/2024\/03\/P1080685_ergebnis.jpg 800w, https:\/\/olu-limburg.de\/wp-content\/uploads\/2024\/03\/P1080685_ergebnis-300x225.jpg 300w, https:\/\/olu-limburg.de\/wp-content\/uploads\/2024\/03\/P1080685_ergebnis-768x576.jpg 768w, https:\/\/olu-limburg.de\/wp-content\/uploads\/2024\/03\/P1080685_ergebnis-624x468.jpg 624w\" sizes=\"auto, (max-width: 800px) 100vw, 800px\" \/><\/a><p id=\"caption-attachment-30848\" class=\"wp-caption-text\">Teilansicht des Ch\u00e2teaus von Roussas<\/p><\/div>\n<p><a href=\"https:\/\/olu-limburg.de\/wp-content\/uploads\/2024\/03\/IMG_20220329_141429_ergebnis.jpg\"><img loading=\"lazy\" decoding=\"async\" class=\"size-full wp-image-30844 aligncenter\" src=\"https:\/\/olu-limburg.de\/wp-content\/uploads\/2024\/03\/IMG_20220329_141429_ergebnis.jpg\" alt=\"\" width=\"800\" height=\"600\" srcset=\"https:\/\/olu-limburg.de\/wp-content\/uploads\/2024\/03\/IMG_20220329_141429_ergebnis.jpg 800w, https:\/\/olu-limburg.de\/wp-content\/uploads\/2024\/03\/IMG_20220329_141429_ergebnis-300x225.jpg 300w, https:\/\/olu-limburg.de\/wp-content\/uploads\/2024\/03\/IMG_20220329_141429_ergebnis-768x576.jpg 768w, https:\/\/olu-limburg.de\/wp-content\/uploads\/2024\/03\/IMG_20220329_141429_ergebnis-624x468.jpg 624w\" sizes=\"auto, (max-width: 800px) 100vw, 800px\" \/><\/a><\/p>\n<div id=\"attachment_30852\" style=\"width: 810px\" class=\"wp-caption aligncenter\"><a href=\"https:\/\/olu-limburg.de\/wp-content\/uploads\/2024\/03\/P1080698_ergebnis.jpg\"><img loading=\"lazy\" decoding=\"async\" aria-describedby=\"caption-attachment-30852\" class=\"wp-image-30852 size-full\" src=\"https:\/\/olu-limburg.de\/wp-content\/uploads\/2024\/03\/P1080698_ergebnis.jpg\" alt=\"\" width=\"800\" height=\"600\" srcset=\"https:\/\/olu-limburg.de\/wp-content\/uploads\/2024\/03\/P1080698_ergebnis.jpg 800w, https:\/\/olu-limburg.de\/wp-content\/uploads\/2024\/03\/P1080698_ergebnis-300x225.jpg 300w, https:\/\/olu-limburg.de\/wp-content\/uploads\/2024\/03\/P1080698_ergebnis-768x576.jpg 768w, https:\/\/olu-limburg.de\/wp-content\/uploads\/2024\/03\/P1080698_ergebnis-624x468.jpg 624w\" sizes=\"auto, (max-width: 800px) 100vw, 800px\" \/><\/a><p id=\"caption-attachment-30852\" class=\"wp-caption-text\">Sanctuarium vom Hl. Joseph von Roussas<\/p><\/div>\n<p><a href=\"https:\/\/olu-limburg.de\/wp-content\/uploads\/2024\/03\/20220329_141849_ergebnis.jpg\"><img loading=\"lazy\" decoding=\"async\" class=\"size-full wp-image-30908 aligncenter\" src=\"https:\/\/olu-limburg.de\/wp-content\/uploads\/2024\/03\/20220329_141849_ergebnis.jpg\" alt=\"\" width=\"800\" height=\"600\" srcset=\"https:\/\/olu-limburg.de\/wp-content\/uploads\/2024\/03\/20220329_141849_ergebnis.jpg 800w, https:\/\/olu-limburg.de\/wp-content\/uploads\/2024\/03\/20220329_141849_ergebnis-300x225.jpg 300w, https:\/\/olu-limburg.de\/wp-content\/uploads\/2024\/03\/20220329_141849_ergebnis-768x576.jpg 768w, https:\/\/olu-limburg.de\/wp-content\/uploads\/2024\/03\/20220329_141849_ergebnis-624x468.jpg 624w\" sizes=\"auto, (max-width: 800px) 100vw, 800px\" \/><\/a><\/p>\n<p><a href=\"https:\/\/olu-limburg.de\/wp-content\/uploads\/2024\/03\/20220329_143619_ergebnis.jpg\"><img loading=\"lazy\" decoding=\"async\" class=\"size-full wp-image-30909 aligncenter\" src=\"https:\/\/olu-limburg.de\/wp-content\/uploads\/2024\/03\/20220329_143619_ergebnis.jpg\" alt=\"\" width=\"800\" height=\"600\" srcset=\"https:\/\/olu-limburg.de\/wp-content\/uploads\/2024\/03\/20220329_143619_ergebnis.jpg 800w, https:\/\/olu-limburg.de\/wp-content\/uploads\/2024\/03\/20220329_143619_ergebnis-300x225.jpg 300w, https:\/\/olu-limburg.de\/wp-content\/uploads\/2024\/03\/20220329_143619_ergebnis-768x576.jpg 768w, https:\/\/olu-limburg.de\/wp-content\/uploads\/2024\/03\/20220329_143619_ergebnis-624x468.jpg 624w\" sizes=\"auto, (max-width: 800px) 100vw, 800px\" \/><\/a><\/p>\n<div id=\"attachment_30845\" style=\"width: 810px\" class=\"wp-caption aligncenter\"><a href=\"https:\/\/olu-limburg.de\/wp-content\/uploads\/2024\/03\/IMG_20220329_143128_ergebnis.jpg\"><img loading=\"lazy\" decoding=\"async\" aria-describedby=\"caption-attachment-30845\" class=\"wp-image-30845 size-full\" src=\"https:\/\/olu-limburg.de\/wp-content\/uploads\/2024\/03\/IMG_20220329_143128_ergebnis.jpg\" alt=\"\" width=\"800\" height=\"600\" srcset=\"https:\/\/olu-limburg.de\/wp-content\/uploads\/2024\/03\/IMG_20220329_143128_ergebnis.jpg 800w, https:\/\/olu-limburg.de\/wp-content\/uploads\/2024\/03\/IMG_20220329_143128_ergebnis-300x225.jpg 300w, https:\/\/olu-limburg.de\/wp-content\/uploads\/2024\/03\/IMG_20220329_143128_ergebnis-768x576.jpg 768w, https:\/\/olu-limburg.de\/wp-content\/uploads\/2024\/03\/IMG_20220329_143128_ergebnis-624x468.jpg 624w\" sizes=\"auto, (max-width: 800px) 100vw, 800px\" \/><\/a><p id=\"caption-attachment-30845\" class=\"wp-caption-text\">Blick vom Sanctuarium zum Ch\u00e2teau<\/p><\/div>\n<p><a href=\"https:\/\/olu-limburg.de\/wp-content\/uploads\/2024\/03\/P1080706_ergebnis.jpg\"><img loading=\"lazy\" decoding=\"async\" class=\"size-full wp-image-30853 aligncenter\" src=\"https:\/\/olu-limburg.de\/wp-content\/uploads\/2024\/03\/P1080706_ergebnis.jpg\" alt=\"\" width=\"800\" height=\"600\" srcset=\"https:\/\/olu-limburg.de\/wp-content\/uploads\/2024\/03\/P1080706_ergebnis.jpg 800w, https:\/\/olu-limburg.de\/wp-content\/uploads\/2024\/03\/P1080706_ergebnis-300x225.jpg 300w, https:\/\/olu-limburg.de\/wp-content\/uploads\/2024\/03\/P1080706_ergebnis-768x576.jpg 768w, https:\/\/olu-limburg.de\/wp-content\/uploads\/2024\/03\/P1080706_ergebnis-624x468.jpg 624w\" sizes=\"auto, (max-width: 800px) 100vw, 800px\" \/><\/a><\/p>\n<p>Ich stehe auch manches Mal vor verschlossenen T\u00fcren.<\/p>\n<p><a href=\"https:\/\/olu-limburg.de\/wp-content\/uploads\/2024\/03\/P1070705_ergebnis-e1711703660132.jpg\"><img loading=\"lazy\" decoding=\"async\" class=\"size-full wp-image-30910 aligncenter\" src=\"https:\/\/olu-limburg.de\/wp-content\/uploads\/2024\/03\/P1070705_ergebnis-e1711703660132.jpg\" alt=\"\" width=\"450\" height=\"600\" \/><\/a><\/p>\n<p><a href=\"https:\/\/olu-limburg.de\/wp-content\/uploads\/2024\/03\/P1080709_ergebnis.jpg\"><img loading=\"lazy\" decoding=\"async\" class=\"size-full wp-image-30854 aligncenter\" src=\"https:\/\/olu-limburg.de\/wp-content\/uploads\/2024\/03\/P1080709_ergebnis.jpg\" alt=\"\" width=\"800\" height=\"600\" srcset=\"https:\/\/olu-limburg.de\/wp-content\/uploads\/2024\/03\/P1080709_ergebnis.jpg 800w, https:\/\/olu-limburg.de\/wp-content\/uploads\/2024\/03\/P1080709_ergebnis-300x225.jpg 300w, https:\/\/olu-limburg.de\/wp-content\/uploads\/2024\/03\/P1080709_ergebnis-768x576.jpg 768w, https:\/\/olu-limburg.de\/wp-content\/uploads\/2024\/03\/P1080709_ergebnis-624x468.jpg 624w\" sizes=\"auto, (max-width: 800px) 100vw, 800px\" \/><\/a><\/p>\n<p><a href=\"https:\/\/olu-limburg.de\/wp-content\/uploads\/2024\/03\/P1080694_ergebnis-e1711635634265.jpg\"><img loading=\"lazy\" decoding=\"async\" class=\"size-full wp-image-30851 aligncenter\" src=\"https:\/\/olu-limburg.de\/wp-content\/uploads\/2024\/03\/P1080694_ergebnis-e1711635634265.jpg\" alt=\"\" width=\"450\" height=\"600\" \/><\/a><\/p>\n<p><a href=\"https:\/\/olu-limburg.de\/wp-content\/uploads\/2024\/03\/P1080692_ergebnis.jpg\"><img loading=\"lazy\" decoding=\"async\" class=\"size-full wp-image-30850 aligncenter\" src=\"https:\/\/olu-limburg.de\/wp-content\/uploads\/2024\/03\/P1080692_ergebnis.jpg\" alt=\"\" width=\"800\" height=\"600\" srcset=\"https:\/\/olu-limburg.de\/wp-content\/uploads\/2024\/03\/P1080692_ergebnis.jpg 800w, https:\/\/olu-limburg.de\/wp-content\/uploads\/2024\/03\/P1080692_ergebnis-300x225.jpg 300w, https:\/\/olu-limburg.de\/wp-content\/uploads\/2024\/03\/P1080692_ergebnis-768x576.jpg 768w, https:\/\/olu-limburg.de\/wp-content\/uploads\/2024\/03\/P1080692_ergebnis-624x468.jpg 624w\" sizes=\"auto, (max-width: 800px) 100vw, 800px\" \/><\/a><\/p>\n<p><a href=\"https:\/\/olu-limburg.de\/wp-content\/uploads\/2024\/03\/P1080690_ergebnis-e1711635665533.jpg\"><img loading=\"lazy\" decoding=\"async\" class=\"size-full wp-image-30849 aligncenter\" src=\"https:\/\/olu-limburg.de\/wp-content\/uploads\/2024\/03\/P1080690_ergebnis-e1711635665533.jpg\" alt=\"\" width=\"450\" height=\"600\" \/><\/a><\/p>\n<p>Die Skulptur k\u00f6nnte fast ein Picasso sein.<\/p>\n<p><a href=\"https:\/\/olu-limburg.de\/wp-content\/uploads\/2024\/03\/P1080711_ergebnis-e1711635684539.jpg\"><img loading=\"lazy\" decoding=\"async\" class=\"size-full wp-image-30855 aligncenter\" src=\"https:\/\/olu-limburg.de\/wp-content\/uploads\/2024\/03\/P1080711_ergebnis-e1711635684539.jpg\" alt=\"\" width=\"450\" height=\"600\" \/><\/a><\/p>\n<p>Nun fahren wir aber wirklich nach La Garde-Adh\u00e9mar. Der Ort \u00e4hnelt dem vorher besuchten Roussas, ist aber vollst\u00e4ndig mit einer Befestigung umgeben. Der kostenlose Stellplatz ohne V+E liegt au\u00dferhalb der Mauern und hat im Laufe der Jahre einige Ortswechsel hinter sich gebracht.<\/p>\n<p><a href=\"https:\/\/olu-limburg.de\/wp-content\/uploads\/2024\/03\/P1080716_ergebnis.jpg\"><img loading=\"lazy\" decoding=\"async\" class=\"size-full wp-image-30857 aligncenter\" src=\"https:\/\/olu-limburg.de\/wp-content\/uploads\/2024\/03\/P1080716_ergebnis.jpg\" alt=\"\" width=\"800\" height=\"600\" srcset=\"https:\/\/olu-limburg.de\/wp-content\/uploads\/2024\/03\/P1080716_ergebnis.jpg 800w, https:\/\/olu-limburg.de\/wp-content\/uploads\/2024\/03\/P1080716_ergebnis-300x225.jpg 300w, https:\/\/olu-limburg.de\/wp-content\/uploads\/2024\/03\/P1080716_ergebnis-768x576.jpg 768w, https:\/\/olu-limburg.de\/wp-content\/uploads\/2024\/03\/P1080716_ergebnis-624x468.jpg 624w\" sizes=\"auto, (max-width: 800px) 100vw, 800px\" \/><\/a><\/p>\n<p><a href=\"https:\/\/olu-limburg.de\/wp-content\/uploads\/2024\/03\/P1080741_ergebnis.jpg\"><img loading=\"lazy\" decoding=\"async\" class=\"size-full wp-image-30870 aligncenter\" src=\"https:\/\/olu-limburg.de\/wp-content\/uploads\/2024\/03\/P1080741_ergebnis.jpg\" alt=\"\" width=\"800\" height=\"600\" srcset=\"https:\/\/olu-limburg.de\/wp-content\/uploads\/2024\/03\/P1080741_ergebnis.jpg 800w, https:\/\/olu-limburg.de\/wp-content\/uploads\/2024\/03\/P1080741_ergebnis-300x225.jpg 300w, https:\/\/olu-limburg.de\/wp-content\/uploads\/2024\/03\/P1080741_ergebnis-768x576.jpg 768w, https:\/\/olu-limburg.de\/wp-content\/uploads\/2024\/03\/P1080741_ergebnis-624x468.jpg 624w\" sizes=\"auto, (max-width: 800px) 100vw, 800px\" \/><\/a><\/p>\n<p>Im Mittelalter war dieser Ort eine bedeutende Festung der Familie Adh\u00e9mar. Im 16. Jhdt. ist hier ein Schlo\u00df erbaut worden, was aber w\u00e4hrend der Franz\u00f6sischen Revolution fast vollkommen zerst\u00f6rt wurde.<\/p>\n<p><a href=\"https:\/\/olu-limburg.de\/wp-content\/uploads\/2024\/03\/P1080740_ergebnis.jpg\"><img loading=\"lazy\" decoding=\"async\" class=\"size-full wp-image-30869 aligncenter\" src=\"https:\/\/olu-limburg.de\/wp-content\/uploads\/2024\/03\/P1080740_ergebnis.jpg\" alt=\"\" width=\"800\" height=\"600\" srcset=\"https:\/\/olu-limburg.de\/wp-content\/uploads\/2024\/03\/P1080740_ergebnis.jpg 800w, https:\/\/olu-limburg.de\/wp-content\/uploads\/2024\/03\/P1080740_ergebnis-300x225.jpg 300w, https:\/\/olu-limburg.de\/wp-content\/uploads\/2024\/03\/P1080740_ergebnis-768x576.jpg 768w, https:\/\/olu-limburg.de\/wp-content\/uploads\/2024\/03\/P1080740_ergebnis-624x468.jpg 624w\" sizes=\"auto, (max-width: 800px) 100vw, 800px\" \/><\/a><\/p>\n<p><a href=\"https:\/\/olu-limburg.de\/wp-content\/uploads\/2024\/03\/P1080719_ergebnis-e1711637811571.jpg\"><img loading=\"lazy\" decoding=\"async\" class=\"size-full wp-image-30859 alignleft\" src=\"https:\/\/olu-limburg.de\/wp-content\/uploads\/2024\/03\/P1080719_ergebnis-e1711637811571.jpg\" alt=\"\" width=\"450\" height=\"600\" \/><\/a><\/p>\n<p><a href=\"https:\/\/olu-limburg.de\/wp-content\/uploads\/2024\/03\/P1080718_ergebnis-e1711637831424.jpg\"><img loading=\"lazy\" decoding=\"async\" class=\"size-full wp-image-30858 alignright\" src=\"https:\/\/olu-limburg.de\/wp-content\/uploads\/2024\/03\/P1080718_ergebnis-e1711637831424.jpg\" alt=\"\" width=\"450\" height=\"600\" \/><\/a><\/p>\n<div id=\"attachment_30860\" style=\"width: 460px\" class=\"wp-caption aligncenter\"><a href=\"https:\/\/olu-limburg.de\/wp-content\/uploads\/2024\/03\/P1080720_ergebnis-e1711637857259.jpg\"><img loading=\"lazy\" decoding=\"async\" aria-describedby=\"caption-attachment-30860\" class=\"wp-image-30860 size-full\" src=\"https:\/\/olu-limburg.de\/wp-content\/uploads\/2024\/03\/P1080720_ergebnis-e1711637857259.jpg\" alt=\"\" width=\"450\" height=\"600\" \/><\/a><p id=\"caption-attachment-30860\" class=\"wp-caption-text\">\u00c9glise St. Michel<\/p><\/div>\n<p><a href=\"https:\/\/olu-limburg.de\/wp-content\/uploads\/2024\/03\/P1080724_ergebnis-e1711637878908.jpg\"><img loading=\"lazy\" decoding=\"async\" class=\"size-full wp-image-30861 alignleft\" src=\"https:\/\/olu-limburg.de\/wp-content\/uploads\/2024\/03\/P1080724_ergebnis-e1711637878908.jpg\" alt=\"\" width=\"450\" height=\"600\" \/><\/a><\/p>\n<p><a href=\"https:\/\/olu-limburg.de\/wp-content\/uploads\/2024\/03\/P1080727_ergebnis-e1711637896440.jpg\"><img loading=\"lazy\" decoding=\"async\" class=\"size-full wp-image-30862 alignright\" src=\"https:\/\/olu-limburg.de\/wp-content\/uploads\/2024\/03\/P1080727_ergebnis-e1711637896440.jpg\" alt=\"\" width=\"450\" height=\"600\" \/><\/a><\/p>\n<div id=\"attachment_30864\" style=\"width: 810px\" class=\"wp-caption aligncenter\"><a href=\"https:\/\/olu-limburg.de\/wp-content\/uploads\/2024\/03\/P1080729_ergebnis.jpg\"><img loading=\"lazy\" decoding=\"async\" aria-describedby=\"caption-attachment-30864\" class=\"wp-image-30864 size-full\" src=\"https:\/\/olu-limburg.de\/wp-content\/uploads\/2024\/03\/P1080729_ergebnis.jpg\" alt=\"\" width=\"800\" height=\"600\" srcset=\"https:\/\/olu-limburg.de\/wp-content\/uploads\/2024\/03\/P1080729_ergebnis.jpg 800w, https:\/\/olu-limburg.de\/wp-content\/uploads\/2024\/03\/P1080729_ergebnis-300x225.jpg 300w, https:\/\/olu-limburg.de\/wp-content\/uploads\/2024\/03\/P1080729_ergebnis-768x576.jpg 768w, https:\/\/olu-limburg.de\/wp-content\/uploads\/2024\/03\/P1080729_ergebnis-624x468.jpg 624w\" sizes=\"auto, (max-width: 800px) 100vw, 800px\" \/><\/a><p id=\"caption-attachment-30864\" class=\"wp-caption-text\">Garten des Presbyteriums unterhalb der Kirche<\/p><\/div>\n<p><a href=\"https:\/\/olu-limburg.de\/wp-content\/uploads\/2024\/03\/P1080728_ergebnis.jpg\"><img loading=\"lazy\" decoding=\"async\" class=\"size-full wp-image-30863 aligncenter\" src=\"https:\/\/olu-limburg.de\/wp-content\/uploads\/2024\/03\/P1080728_ergebnis.jpg\" alt=\"\" width=\"800\" height=\"600\" srcset=\"https:\/\/olu-limburg.de\/wp-content\/uploads\/2024\/03\/P1080728_ergebnis.jpg 800w, https:\/\/olu-limburg.de\/wp-content\/uploads\/2024\/03\/P1080728_ergebnis-300x225.jpg 300w, https:\/\/olu-limburg.de\/wp-content\/uploads\/2024\/03\/P1080728_ergebnis-768x576.jpg 768w, https:\/\/olu-limburg.de\/wp-content\/uploads\/2024\/03\/P1080728_ergebnis-624x468.jpg 624w\" sizes=\"auto, (max-width: 800px) 100vw, 800px\" \/><\/a><\/p>\n<p><a href=\"https:\/\/olu-limburg.de\/wp-content\/uploads\/2024\/03\/P1080731_ergebnis.jpg\"><img loading=\"lazy\" decoding=\"async\" class=\"size-full wp-image-30865 aligncenter\" src=\"https:\/\/olu-limburg.de\/wp-content\/uploads\/2024\/03\/P1080731_ergebnis.jpg\" alt=\"\" width=\"800\" height=\"600\" srcset=\"https:\/\/olu-limburg.de\/wp-content\/uploads\/2024\/03\/P1080731_ergebnis.jpg 800w, https:\/\/olu-limburg.de\/wp-content\/uploads\/2024\/03\/P1080731_ergebnis-300x225.jpg 300w, https:\/\/olu-limburg.de\/wp-content\/uploads\/2024\/03\/P1080731_ergebnis-768x576.jpg 768w, https:\/\/olu-limburg.de\/wp-content\/uploads\/2024\/03\/P1080731_ergebnis-624x468.jpg 624w\" sizes=\"auto, (max-width: 800px) 100vw, 800px\" \/><\/a><\/p>\n<p><a href=\"https:\/\/olu-limburg.de\/wp-content\/uploads\/2024\/03\/P1080734_ergebnis.jpg\"><img loading=\"lazy\" decoding=\"async\" class=\"size-full wp-image-30866 aligncenter\" src=\"https:\/\/olu-limburg.de\/wp-content\/uploads\/2024\/03\/P1080734_ergebnis.jpg\" alt=\"\" width=\"800\" height=\"600\" srcset=\"https:\/\/olu-limburg.de\/wp-content\/uploads\/2024\/03\/P1080734_ergebnis.jpg 800w, https:\/\/olu-limburg.de\/wp-content\/uploads\/2024\/03\/P1080734_ergebnis-300x225.jpg 300w, https:\/\/olu-limburg.de\/wp-content\/uploads\/2024\/03\/P1080734_ergebnis-768x576.jpg 768w, https:\/\/olu-limburg.de\/wp-content\/uploads\/2024\/03\/P1080734_ergebnis-624x468.jpg 624w\" sizes=\"auto, (max-width: 800px) 100vw, 800px\" \/><\/a><\/p>\n<p><a href=\"https:\/\/olu-limburg.de\/wp-content\/uploads\/2024\/03\/P1070722_ergebnis-e1711704267146.jpg\"><img loading=\"lazy\" decoding=\"async\" class=\"size-full wp-image-30911 alignleft\" src=\"https:\/\/olu-limburg.de\/wp-content\/uploads\/2024\/03\/P1070722_ergebnis-e1711704267146.jpg\" alt=\"\" width=\"450\" height=\"600\" \/><\/a><\/p>\n<p><a href=\"https:\/\/olu-limburg.de\/wp-content\/uploads\/2024\/03\/P1070724_ergebnis-e1711704294901.jpg\"><img loading=\"lazy\" decoding=\"async\" class=\"size-full wp-image-30912 alignright\" src=\"https:\/\/olu-limburg.de\/wp-content\/uploads\/2024\/03\/P1070724_ergebnis-e1711704294901.jpg\" alt=\"\" width=\"450\" height=\"600\" \/><\/a><\/p>\n<p><a href=\"https:\/\/olu-limburg.de\/wp-content\/uploads\/2024\/03\/P1080736_ergebnis.jpg\"><img loading=\"lazy\" decoding=\"async\" class=\"size-full wp-image-30867 aligncenter\" src=\"https:\/\/olu-limburg.de\/wp-content\/uploads\/2024\/03\/P1080736_ergebnis.jpg\" alt=\"\" width=\"800\" height=\"600\" srcset=\"https:\/\/olu-limburg.de\/wp-content\/uploads\/2024\/03\/P1080736_ergebnis.jpg 800w, https:\/\/olu-limburg.de\/wp-content\/uploads\/2024\/03\/P1080736_ergebnis-300x225.jpg 300w, https:\/\/olu-limburg.de\/wp-content\/uploads\/2024\/03\/P1080736_ergebnis-768x576.jpg 768w, https:\/\/olu-limburg.de\/wp-content\/uploads\/2024\/03\/P1080736_ergebnis-624x468.jpg 624w\" sizes=\"auto, (max-width: 800px) 100vw, 800px\" \/><\/a><\/p>\n<p><a href=\"https:\/\/olu-limburg.de\/wp-content\/uploads\/2024\/03\/P1070740_ergebnis-e1711704370933.jpg\"><img loading=\"lazy\" decoding=\"async\" class=\"size-full wp-image-30915 aligncenter\" src=\"https:\/\/olu-limburg.de\/wp-content\/uploads\/2024\/03\/P1070740_ergebnis-e1711704370933.jpg\" alt=\"\" width=\"450\" height=\"600\" \/><\/a><\/p>\n<p><a href=\"https:\/\/olu-limburg.de\/wp-content\/uploads\/2024\/03\/P1070737_ergebnis.jpg\"><img loading=\"lazy\" decoding=\"async\" class=\"size-full wp-image-30914 aligncenter\" src=\"https:\/\/olu-limburg.de\/wp-content\/uploads\/2024\/03\/P1070737_ergebnis.jpg\" alt=\"\" width=\"800\" height=\"600\" srcset=\"https:\/\/olu-limburg.de\/wp-content\/uploads\/2024\/03\/P1070737_ergebnis.jpg 800w, https:\/\/olu-limburg.de\/wp-content\/uploads\/2024\/03\/P1070737_ergebnis-300x225.jpg 300w, https:\/\/olu-limburg.de\/wp-content\/uploads\/2024\/03\/P1070737_ergebnis-768x576.jpg 768w, https:\/\/olu-limburg.de\/wp-content\/uploads\/2024\/03\/P1070737_ergebnis-624x468.jpg 624w\" sizes=\"auto, (max-width: 800px) 100vw, 800px\" \/><\/a><\/p>\n<p><a href=\"https:\/\/olu-limburg.de\/wp-content\/uploads\/2024\/03\/P1080739_ergebnis.jpg\"><img loading=\"lazy\" decoding=\"async\" class=\"size-full wp-image-30868 aligncenter\" src=\"https:\/\/olu-limburg.de\/wp-content\/uploads\/2024\/03\/P1080739_ergebnis.jpg\" alt=\"\" width=\"800\" height=\"600\" srcset=\"https:\/\/olu-limburg.de\/wp-content\/uploads\/2024\/03\/P1080739_ergebnis.jpg 800w, https:\/\/olu-limburg.de\/wp-content\/uploads\/2024\/03\/P1080739_ergebnis-300x225.jpg 300w, https:\/\/olu-limburg.de\/wp-content\/uploads\/2024\/03\/P1080739_ergebnis-768x576.jpg 768w, https:\/\/olu-limburg.de\/wp-content\/uploads\/2024\/03\/P1080739_ergebnis-624x468.jpg 624w\" sizes=\"auto, (max-width: 800px) 100vw, 800px\" \/><\/a><\/p>\n<p>Unser \u00dcbernachtungsplatz liegt versteckt und ist sehr ruhig. So k\u00f6nnen wir die Sonne bis zum Abend noch drau\u00dfen genie\u00dfen.<\/p>\n<p>Tagesstrecke: 100 km<\/p>\n<p>&nbsp;<\/p>\n<p><strong>Mittwoch, 30.03.2022<\/strong><\/p>\n<p>Es ist erstaunlich, wieviele solcher kleinen Gemeinden im Schutze der Herren von Grignan entstanden sind. Denn kaum haben wir La Garde-Adh\u00e9mar verlassen, sehen wir vor uns Clansayes, mit einem hohen Turm \u00fcber dem D\u00f6rfchen.<\/p>\n<p><a href=\"https:\/\/olu-limburg.de\/wp-content\/uploads\/2024\/03\/P1080746_ergebnis.jpg\"><img loading=\"lazy\" decoding=\"async\" class=\"size-full wp-image-30879 aligncenter\" src=\"https:\/\/olu-limburg.de\/wp-content\/uploads\/2024\/03\/P1080746_ergebnis.jpg\" alt=\"\" width=\"800\" height=\"600\" srcset=\"https:\/\/olu-limburg.de\/wp-content\/uploads\/2024\/03\/P1080746_ergebnis.jpg 800w, https:\/\/olu-limburg.de\/wp-content\/uploads\/2024\/03\/P1080746_ergebnis-300x225.jpg 300w, https:\/\/olu-limburg.de\/wp-content\/uploads\/2024\/03\/P1080746_ergebnis-768x576.jpg 768w, https:\/\/olu-limburg.de\/wp-content\/uploads\/2024\/03\/P1080746_ergebnis-624x468.jpg 624w\" sizes=\"auto, (max-width: 800px) 100vw, 800px\" \/><\/a><\/p>\n<p><a href=\"https:\/\/olu-limburg.de\/wp-content\/uploads\/2024\/03\/P1080747_ergebnis.jpg\"><img loading=\"lazy\" decoding=\"async\" class=\"size-full wp-image-30880 aligncenter\" src=\"https:\/\/olu-limburg.de\/wp-content\/uploads\/2024\/03\/P1080747_ergebnis.jpg\" alt=\"\" width=\"800\" height=\"600\" srcset=\"https:\/\/olu-limburg.de\/wp-content\/uploads\/2024\/03\/P1080747_ergebnis.jpg 800w, https:\/\/olu-limburg.de\/wp-content\/uploads\/2024\/03\/P1080747_ergebnis-300x225.jpg 300w, https:\/\/olu-limburg.de\/wp-content\/uploads\/2024\/03\/P1080747_ergebnis-768x576.jpg 768w, https:\/\/olu-limburg.de\/wp-content\/uploads\/2024\/03\/P1080747_ergebnis-624x468.jpg 624w\" sizes=\"auto, (max-width: 800px) 100vw, 800px\" \/><\/a><\/p>\n<p>Wir parken unser Wohnmobil auf halber H\u00f6he des H\u00fcgels auf einer gro\u00dfz\u00fcgigen Einfahrt eines zugesperrten Wochenendhauses. Trotzdem qu\u00e4len wir uns jetzt noch zu Fu\u00df die steile Stra\u00dfe hinauf.<\/p>\n<p><a href=\"https:\/\/olu-limburg.de\/wp-content\/uploads\/2024\/03\/P1080749_ergebnis.jpg\"><img loading=\"lazy\" decoding=\"async\" class=\"size-full wp-image-30882 aligncenter\" src=\"https:\/\/olu-limburg.de\/wp-content\/uploads\/2024\/03\/P1080749_ergebnis.jpg\" alt=\"\" width=\"800\" height=\"600\" srcset=\"https:\/\/olu-limburg.de\/wp-content\/uploads\/2024\/03\/P1080749_ergebnis.jpg 800w, https:\/\/olu-limburg.de\/wp-content\/uploads\/2024\/03\/P1080749_ergebnis-300x225.jpg 300w, https:\/\/olu-limburg.de\/wp-content\/uploads\/2024\/03\/P1080749_ergebnis-768x576.jpg 768w, https:\/\/olu-limburg.de\/wp-content\/uploads\/2024\/03\/P1080749_ergebnis-624x468.jpg 624w\" sizes=\"auto, (max-width: 800px) 100vw, 800px\" \/><\/a><\/p>\n<p><a href=\"https:\/\/olu-limburg.de\/wp-content\/uploads\/2024\/03\/P1080748_ergebnis.jpg\"><img loading=\"lazy\" decoding=\"async\" class=\"size-full wp-image-30881 aligncenter\" src=\"https:\/\/olu-limburg.de\/wp-content\/uploads\/2024\/03\/P1080748_ergebnis.jpg\" alt=\"\" width=\"800\" height=\"600\" srcset=\"https:\/\/olu-limburg.de\/wp-content\/uploads\/2024\/03\/P1080748_ergebnis.jpg 800w, https:\/\/olu-limburg.de\/wp-content\/uploads\/2024\/03\/P1080748_ergebnis-300x225.jpg 300w, https:\/\/olu-limburg.de\/wp-content\/uploads\/2024\/03\/P1080748_ergebnis-768x576.jpg 768w, https:\/\/olu-limburg.de\/wp-content\/uploads\/2024\/03\/P1080748_ergebnis-624x468.jpg 624w\" sizes=\"auto, (max-width: 800px) 100vw, 800px\" \/><\/a><\/p>\n<p>Von \u00fcberall ist der alles \u00fcberragende Donjon, der Rest einer Burganlage von 1233, zu sehen. Seit 1859 ist er mit einer 6 m hohen Marienstatue gekr\u00f6nt.<\/p>\n<p><a href=\"https:\/\/olu-limburg.de\/wp-content\/uploads\/2024\/03\/P1080753_ergebnis.jpg\"><img loading=\"lazy\" decoding=\"async\" class=\"size-full wp-image-30884 aligncenter\" src=\"https:\/\/olu-limburg.de\/wp-content\/uploads\/2024\/03\/P1080753_ergebnis.jpg\" alt=\"\" width=\"800\" height=\"600\" srcset=\"https:\/\/olu-limburg.de\/wp-content\/uploads\/2024\/03\/P1080753_ergebnis.jpg 800w, https:\/\/olu-limburg.de\/wp-content\/uploads\/2024\/03\/P1080753_ergebnis-300x225.jpg 300w, https:\/\/olu-limburg.de\/wp-content\/uploads\/2024\/03\/P1080753_ergebnis-768x576.jpg 768w, https:\/\/olu-limburg.de\/wp-content\/uploads\/2024\/03\/P1080753_ergebnis-624x468.jpg 624w\" sizes=\"auto, (max-width: 800px) 100vw, 800px\" \/><\/a><\/p>\n<p><a href=\"https:\/\/olu-limburg.de\/wp-content\/uploads\/2024\/03\/20220330_121044_ergebnis.jpg\"><img loading=\"lazy\" decoding=\"async\" class=\"size-full wp-image-30918 aligncenter\" src=\"https:\/\/olu-limburg.de\/wp-content\/uploads\/2024\/03\/20220330_121044_ergebnis.jpg\" alt=\"\" width=\"800\" height=\"600\" srcset=\"https:\/\/olu-limburg.de\/wp-content\/uploads\/2024\/03\/20220330_121044_ergebnis.jpg 800w, https:\/\/olu-limburg.de\/wp-content\/uploads\/2024\/03\/20220330_121044_ergebnis-300x225.jpg 300w, https:\/\/olu-limburg.de\/wp-content\/uploads\/2024\/03\/20220330_121044_ergebnis-768x576.jpg 768w, https:\/\/olu-limburg.de\/wp-content\/uploads\/2024\/03\/20220330_121044_ergebnis-624x468.jpg 624w\" sizes=\"auto, (max-width: 800px) 100vw, 800px\" \/><\/a><\/p>\n<p><a href=\"https:\/\/olu-limburg.de\/wp-content\/uploads\/2024\/03\/IMG_20220330_121145_ergebnis.jpg\"><img loading=\"lazy\" decoding=\"async\" class=\"size-full wp-image-30878 aligncenter\" src=\"https:\/\/olu-limburg.de\/wp-content\/uploads\/2024\/03\/IMG_20220330_121145_ergebnis.jpg\" alt=\"\" width=\"800\" height=\"600\" srcset=\"https:\/\/olu-limburg.de\/wp-content\/uploads\/2024\/03\/IMG_20220330_121145_ergebnis.jpg 800w, https:\/\/olu-limburg.de\/wp-content\/uploads\/2024\/03\/IMG_20220330_121145_ergebnis-300x225.jpg 300w, https:\/\/olu-limburg.de\/wp-content\/uploads\/2024\/03\/IMG_20220330_121145_ergebnis-768x576.jpg 768w, https:\/\/olu-limburg.de\/wp-content\/uploads\/2024\/03\/IMG_20220330_121145_ergebnis-624x468.jpg 624w\" sizes=\"auto, (max-width: 800px) 100vw, 800px\" \/><\/a><\/p>\n<p>Die Wahlen sind allgegenw\u00e4rtig, sogar in den kleinsten D\u00f6rfern gr\u00fc\u00dft Macron von der Wand.<\/p>\n<p><a href=\"https:\/\/olu-limburg.de\/wp-content\/uploads\/2024\/03\/20220330_114536_ergebnis-e1711704923130.jpg\"><img loading=\"lazy\" decoding=\"async\" class=\"size-full wp-image-30917 alignleft\" src=\"https:\/\/olu-limburg.de\/wp-content\/uploads\/2024\/03\/20220330_114536_ergebnis-e1711704923130.jpg\" alt=\"\" width=\"450\" height=\"600\" \/><\/a><\/p>\n<p><a href=\"https:\/\/olu-limburg.de\/wp-content\/uploads\/2024\/03\/P1080751_ergebnis-e1711639443267.jpg\"><img loading=\"lazy\" decoding=\"async\" class=\"size-full wp-image-30883 alignright\" src=\"https:\/\/olu-limburg.de\/wp-content\/uploads\/2024\/03\/P1080751_ergebnis-e1711639443267.jpg\" alt=\"\" width=\"450\" height=\"600\" \/><\/a><\/p>\n<p><a href=\"https:\/\/olu-limburg.de\/wp-content\/uploads\/2024\/03\/IMG_20220330_114925_ergebnis-e1711639474539.jpg\"><img loading=\"lazy\" decoding=\"async\" class=\"size-full wp-image-30874 aligncenter\" src=\"https:\/\/olu-limburg.de\/wp-content\/uploads\/2024\/03\/IMG_20220330_114925_ergebnis-e1711639474539.jpg\" alt=\"\" width=\"450\" height=\"600\" \/><\/a><\/p>\n<p>Die sch\u00f6ne Aussicht ist heute leider etwas getr\u00fcbt.<\/p>\n<p><a href=\"https:\/\/olu-limburg.de\/wp-content\/uploads\/2024\/03\/IMG_20220330_115515_ergebnis.jpg\"><img loading=\"lazy\" decoding=\"async\" class=\"size-full wp-image-30875 aligncenter\" src=\"https:\/\/olu-limburg.de\/wp-content\/uploads\/2024\/03\/IMG_20220330_115515_ergebnis.jpg\" alt=\"\" width=\"800\" height=\"600\" srcset=\"https:\/\/olu-limburg.de\/wp-content\/uploads\/2024\/03\/IMG_20220330_115515_ergebnis.jpg 800w, https:\/\/olu-limburg.de\/wp-content\/uploads\/2024\/03\/IMG_20220330_115515_ergebnis-300x225.jpg 300w, https:\/\/olu-limburg.de\/wp-content\/uploads\/2024\/03\/IMG_20220330_115515_ergebnis-768x576.jpg 768w, https:\/\/olu-limburg.de\/wp-content\/uploads\/2024\/03\/IMG_20220330_115515_ergebnis-624x468.jpg 624w\" sizes=\"auto, (max-width: 800px) 100vw, 800px\" \/><\/a><\/p>\n<p><a href=\"https:\/\/olu-limburg.de\/wp-content\/uploads\/2024\/03\/IMG_20220330_115547_ergebnis.jpg\"><img loading=\"lazy\" decoding=\"async\" class=\"size-full wp-image-30876 aligncenter\" src=\"https:\/\/olu-limburg.de\/wp-content\/uploads\/2024\/03\/IMG_20220330_115547_ergebnis.jpg\" alt=\"\" width=\"800\" height=\"600\" srcset=\"https:\/\/olu-limburg.de\/wp-content\/uploads\/2024\/03\/IMG_20220330_115547_ergebnis.jpg 800w, https:\/\/olu-limburg.de\/wp-content\/uploads\/2024\/03\/IMG_20220330_115547_ergebnis-300x225.jpg 300w, https:\/\/olu-limburg.de\/wp-content\/uploads\/2024\/03\/IMG_20220330_115547_ergebnis-768x576.jpg 768w, https:\/\/olu-limburg.de\/wp-content\/uploads\/2024\/03\/IMG_20220330_115547_ergebnis-624x468.jpg 624w\" sizes=\"auto, (max-width: 800px) 100vw, 800px\" \/><\/a><\/p>\n<div id=\"attachment_30877\" style=\"width: 460px\" class=\"wp-caption aligncenter\"><a href=\"https:\/\/olu-limburg.de\/wp-content\/uploads\/2024\/03\/IMG_20220330_115623_ergebnis-e1711639525269.jpg\"><img loading=\"lazy\" decoding=\"async\" aria-describedby=\"caption-attachment-30877\" class=\"wp-image-30877 size-full\" src=\"https:\/\/olu-limburg.de\/wp-content\/uploads\/2024\/03\/IMG_20220330_115623_ergebnis-e1711639525269.jpg\" alt=\"\" width=\"450\" height=\"600\" \/><\/a><p id=\"caption-attachment-30877\" class=\"wp-caption-text\">der Donjon mit der Marienstatue<\/p><\/div>\n<div id=\"attachment_30886\" style=\"width: 460px\" class=\"wp-caption aligncenter\"><a href=\"https:\/\/olu-limburg.de\/wp-content\/uploads\/2024\/03\/P1080764_ergebnis-e1711639686558.jpg\"><img loading=\"lazy\" decoding=\"async\" aria-describedby=\"caption-attachment-30886\" class=\"wp-image-30886 size-full\" src=\"https:\/\/olu-limburg.de\/wp-content\/uploads\/2024\/03\/P1080764_ergebnis-e1711639686558.jpg\" alt=\"\" width=\"450\" height=\"600\" \/><\/a><p id=\"caption-attachment-30886\" class=\"wp-caption-text\">die romanische Kirche St. Michel aus dem 12. Jhdt.<\/p><\/div>\n<p><a href=\"https:\/\/olu-limburg.de\/wp-content\/uploads\/2024\/03\/P1080775_ergebnis-e1711639718712.jpg\"><img loading=\"lazy\" decoding=\"async\" class=\"size-full wp-image-30890 alignleft\" src=\"https:\/\/olu-limburg.de\/wp-content\/uploads\/2024\/03\/P1080775_ergebnis-e1711639718712.jpg\" alt=\"\" width=\"450\" height=\"600\" \/><\/a><\/p>\n<p><a href=\"https:\/\/olu-limburg.de\/wp-content\/uploads\/2024\/03\/P1080773_ergebnis-e1711639741117.jpg\"><img loading=\"lazy\" decoding=\"async\" class=\"size-full wp-image-30889 alignright\" src=\"https:\/\/olu-limburg.de\/wp-content\/uploads\/2024\/03\/P1080773_ergebnis-e1711639741117.jpg\" alt=\"\" width=\"450\" height=\"600\" \/><\/a><\/p>\n<p><a href=\"https:\/\/olu-limburg.de\/wp-content\/uploads\/2024\/03\/P1080772_ergebnis.jpg\"><img loading=\"lazy\" decoding=\"async\" class=\"size-full wp-image-30888 aligncenter\" src=\"https:\/\/olu-limburg.de\/wp-content\/uploads\/2024\/03\/P1080772_ergebnis.jpg\" alt=\"\" width=\"800\" height=\"600\" srcset=\"https:\/\/olu-limburg.de\/wp-content\/uploads\/2024\/03\/P1080772_ergebnis.jpg 800w, https:\/\/olu-limburg.de\/wp-content\/uploads\/2024\/03\/P1080772_ergebnis-300x225.jpg 300w, https:\/\/olu-limburg.de\/wp-content\/uploads\/2024\/03\/P1080772_ergebnis-768x576.jpg 768w, https:\/\/olu-limburg.de\/wp-content\/uploads\/2024\/03\/P1080772_ergebnis-624x468.jpg 624w\" sizes=\"auto, (max-width: 800px) 100vw, 800px\" \/><\/a><\/p>\n<p>Endlich geht es wieder bergab.<\/p>\n<p><a href=\"https:\/\/olu-limburg.de\/wp-content\/uploads\/2024\/03\/P1080771_ergebnis.jpg\"><img loading=\"lazy\" decoding=\"async\" class=\"size-full wp-image-30887 aligncenter\" src=\"https:\/\/olu-limburg.de\/wp-content\/uploads\/2024\/03\/P1080771_ergebnis.jpg\" alt=\"\" width=\"800\" height=\"600\" srcset=\"https:\/\/olu-limburg.de\/wp-content\/uploads\/2024\/03\/P1080771_ergebnis.jpg 800w, https:\/\/olu-limburg.de\/wp-content\/uploads\/2024\/03\/P1080771_ergebnis-300x225.jpg 300w, https:\/\/olu-limburg.de\/wp-content\/uploads\/2024\/03\/P1080771_ergebnis-768x576.jpg 768w, https:\/\/olu-limburg.de\/wp-content\/uploads\/2024\/03\/P1080771_ergebnis-624x468.jpg 624w\" sizes=\"auto, (max-width: 800px) 100vw, 800px\" \/><\/a><\/p>\n<p>Es ist schon fast Mittagszeit, deshalb beeilen wir uns auf unserem Weg in den Weinort Gigondas. Das Dorf schmiegt sich an die Bergr\u00fccken der Dentelles de Montmirail.<\/p>\n<p><a href=\"https:\/\/olu-limburg.de\/wp-content\/uploads\/2024\/03\/P1080794_ergebnis.jpg\"><img loading=\"lazy\" decoding=\"async\" class=\"size-full wp-image-30903 aligncenter\" src=\"https:\/\/olu-limburg.de\/wp-content\/uploads\/2024\/03\/P1080794_ergebnis.jpg\" alt=\"\" width=\"800\" height=\"600\" srcset=\"https:\/\/olu-limburg.de\/wp-content\/uploads\/2024\/03\/P1080794_ergebnis.jpg 800w, https:\/\/olu-limburg.de\/wp-content\/uploads\/2024\/03\/P1080794_ergebnis-300x225.jpg 300w, https:\/\/olu-limburg.de\/wp-content\/uploads\/2024\/03\/P1080794_ergebnis-768x576.jpg 768w, https:\/\/olu-limburg.de\/wp-content\/uploads\/2024\/03\/P1080794_ergebnis-624x468.jpg 624w\" sizes=\"auto, (max-width: 800px) 100vw, 800px\" \/><\/a><\/p>\n<p>Gigondas hat nur knapp \u00fcber 400 Einwohner, daf\u00fcr aber sehr viele und hervorragende Winzer. Die Weine geh\u00f6ren zwar zum Gebiet des C\u00f4tes du Rh\u00f4ne, haben aber eine eigene Herkunftsbezeichnung und d\u00fcrfen sich mit &#8222;Gigondas AOC&#8220; schm\u00fccken.<\/p>\n<p><a href=\"https:\/\/olu-limburg.de\/wp-content\/uploads\/2024\/03\/IMG_20220330_170911_ergebnis.jpg\"><img loading=\"lazy\" decoding=\"async\" class=\"size-full wp-image-30896 aligncenter\" src=\"https:\/\/olu-limburg.de\/wp-content\/uploads\/2024\/03\/IMG_20220330_170911_ergebnis.jpg\" alt=\"\" width=\"800\" height=\"600\" srcset=\"https:\/\/olu-limburg.de\/wp-content\/uploads\/2024\/03\/IMG_20220330_170911_ergebnis.jpg 800w, https:\/\/olu-limburg.de\/wp-content\/uploads\/2024\/03\/IMG_20220330_170911_ergebnis-300x225.jpg 300w, https:\/\/olu-limburg.de\/wp-content\/uploads\/2024\/03\/IMG_20220330_170911_ergebnis-768x576.jpg 768w, https:\/\/olu-limburg.de\/wp-content\/uploads\/2024\/03\/IMG_20220330_170911_ergebnis-624x468.jpg 624w\" sizes=\"auto, (max-width: 800px) 100vw, 800px\" \/><\/a><\/p>\n<p>Als erstes fahren wir auf den unteren kostenlosen Wohnmobil-Stellplatz mit V+E und entsorgen ganz schnell. Dann fahren wir zu dem oberen Parkplatz , wo wir in der Vergangenheit schon \u00fcbernachtet haben. Dort ist aber das Zufahrtsschild f\u00fcr Wohnmobile durchgestrichen. Also parken wir hier nur, das geht.<\/p>\n<p>Wir suchen uns schnellstens ein Lokal zum Essen. Die Bedienung ist untr\u00f6stlich, dass sie uns kein Brot mehr anbieten kann. Das Essen schmeckt aber auch so. Anschlie\u00dfend machen wir noch einen Verdauungsspaziergang durch Gigondas. Es ist immer noch diesig. Leider sind die Verkaufs- und Probierstuben alle geschlossen. Es ist noch keine Tourismussaison.<\/p>\n<p><a href=\"https:\/\/olu-limburg.de\/wp-content\/uploads\/2024\/03\/P1080776_ergebnis.jpg\"><img loading=\"lazy\" decoding=\"async\" class=\"size-full wp-image-30899 aligncenter\" src=\"https:\/\/olu-limburg.de\/wp-content\/uploads\/2024\/03\/P1080776_ergebnis.jpg\" alt=\"\" width=\"800\" height=\"600\" srcset=\"https:\/\/olu-limburg.de\/wp-content\/uploads\/2024\/03\/P1080776_ergebnis.jpg 800w, https:\/\/olu-limburg.de\/wp-content\/uploads\/2024\/03\/P1080776_ergebnis-300x225.jpg 300w, https:\/\/olu-limburg.de\/wp-content\/uploads\/2024\/03\/P1080776_ergebnis-768x576.jpg 768w, https:\/\/olu-limburg.de\/wp-content\/uploads\/2024\/03\/P1080776_ergebnis-624x468.jpg 624w\" sizes=\"auto, (max-width: 800px) 100vw, 800px\" \/><\/a><\/p>\n<p><a href=\"https:\/\/olu-limburg.de\/wp-content\/uploads\/2024\/03\/P1080783_ergebnis-e1711643256559.jpg\"><img loading=\"lazy\" decoding=\"async\" class=\"size-full wp-image-30900 aligncenter\" src=\"https:\/\/olu-limburg.de\/wp-content\/uploads\/2024\/03\/P1080783_ergebnis-e1711643256559.jpg\" alt=\"\" width=\"450\" height=\"600\" \/><\/a><\/p>\n<p><a href=\"https:\/\/olu-limburg.de\/wp-content\/uploads\/2024\/03\/20220330_172735_ergebnis.jpg\"><img loading=\"lazy\" decoding=\"async\" class=\"size-full wp-image-30920 aligncenter\" src=\"https:\/\/olu-limburg.de\/wp-content\/uploads\/2024\/03\/20220330_172735_ergebnis.jpg\" alt=\"\" width=\"800\" height=\"600\" srcset=\"https:\/\/olu-limburg.de\/wp-content\/uploads\/2024\/03\/20220330_172735_ergebnis.jpg 800w, https:\/\/olu-limburg.de\/wp-content\/uploads\/2024\/03\/20220330_172735_ergebnis-300x225.jpg 300w, https:\/\/olu-limburg.de\/wp-content\/uploads\/2024\/03\/20220330_172735_ergebnis-768x576.jpg 768w, https:\/\/olu-limburg.de\/wp-content\/uploads\/2024\/03\/20220330_172735_ergebnis-624x468.jpg 624w\" sizes=\"auto, (max-width: 800px) 100vw, 800px\" \/><\/a><\/p>\n<p><a href=\"https:\/\/olu-limburg.de\/wp-content\/uploads\/2024\/03\/P1070766_ergebnis-e1711705415672.jpg\"><img loading=\"lazy\" decoding=\"async\" class=\"size-full wp-image-30921 aligncenter\" src=\"https:\/\/olu-limburg.de\/wp-content\/uploads\/2024\/03\/P1070766_ergebnis-e1711705415672.jpg\" alt=\"\" width=\"450\" height=\"600\" \/><\/a><\/p>\n<p><a href=\"https:\/\/olu-limburg.de\/wp-content\/uploads\/2024\/03\/P1080790_ergebnis.jpg\"><img loading=\"lazy\" decoding=\"async\" class=\"size-full wp-image-30901 aligncenter\" src=\"https:\/\/olu-limburg.de\/wp-content\/uploads\/2024\/03\/P1080790_ergebnis.jpg\" alt=\"\" width=\"800\" height=\"600\" srcset=\"https:\/\/olu-limburg.de\/wp-content\/uploads\/2024\/03\/P1080790_ergebnis.jpg 800w, https:\/\/olu-limburg.de\/wp-content\/uploads\/2024\/03\/P1080790_ergebnis-300x225.jpg 300w, https:\/\/olu-limburg.de\/wp-content\/uploads\/2024\/03\/P1080790_ergebnis-768x576.jpg 768w, https:\/\/olu-limburg.de\/wp-content\/uploads\/2024\/03\/P1080790_ergebnis-624x468.jpg 624w\" sizes=\"auto, (max-width: 800px) 100vw, 800px\" \/><\/a><\/p>\n<p><a href=\"https:\/\/olu-limburg.de\/wp-content\/uploads\/2024\/03\/IMG_20220330_165902_ergebnis.jpg\"><img loading=\"lazy\" decoding=\"async\" class=\"size-full wp-image-30894 aligncenter\" src=\"https:\/\/olu-limburg.de\/wp-content\/uploads\/2024\/03\/IMG_20220330_165902_ergebnis.jpg\" alt=\"\" width=\"800\" height=\"600\" srcset=\"https:\/\/olu-limburg.de\/wp-content\/uploads\/2024\/03\/IMG_20220330_165902_ergebnis.jpg 800w, https:\/\/olu-limburg.de\/wp-content\/uploads\/2024\/03\/IMG_20220330_165902_ergebnis-300x225.jpg 300w, https:\/\/olu-limburg.de\/wp-content\/uploads\/2024\/03\/IMG_20220330_165902_ergebnis-768x576.jpg 768w, https:\/\/olu-limburg.de\/wp-content\/uploads\/2024\/03\/IMG_20220330_165902_ergebnis-624x468.jpg 624w\" sizes=\"auto, (max-width: 800px) 100vw, 800px\" \/><\/a><\/p>\n<p><a href=\"https:\/\/olu-limburg.de\/wp-content\/uploads\/2024\/03\/IMG_20220330_170015_ergebnis.jpg\"><img loading=\"lazy\" decoding=\"async\" class=\"size-full wp-image-30895 aligncenter\" src=\"https:\/\/olu-limburg.de\/wp-content\/uploads\/2024\/03\/IMG_20220330_170015_ergebnis.jpg\" alt=\"\" width=\"800\" height=\"600\" srcset=\"https:\/\/olu-limburg.de\/wp-content\/uploads\/2024\/03\/IMG_20220330_170015_ergebnis.jpg 800w, https:\/\/olu-limburg.de\/wp-content\/uploads\/2024\/03\/IMG_20220330_170015_ergebnis-300x225.jpg 300w, https:\/\/olu-limburg.de\/wp-content\/uploads\/2024\/03\/IMG_20220330_170015_ergebnis-768x576.jpg 768w, https:\/\/olu-limburg.de\/wp-content\/uploads\/2024\/03\/IMG_20220330_170015_ergebnis-624x468.jpg 624w\" sizes=\"auto, (max-width: 800px) 100vw, 800px\" \/><\/a><\/p>\n<p>Ich finde \u00fcberall die wunderbaren B\u00fccherschr\u00e4nke. Manchmal sind auch im Ausland &#8222;Sch\u00e4tzchen&#8220; dabei.<\/p>\n<p><a href=\"https:\/\/olu-limburg.de\/wp-content\/uploads\/2024\/03\/P1070781_ergebnis.jpg\"><img loading=\"lazy\" decoding=\"async\" class=\"size-full wp-image-30922 aligncenter\" src=\"https:\/\/olu-limburg.de\/wp-content\/uploads\/2024\/03\/P1070781_ergebnis.jpg\" alt=\"\" width=\"800\" height=\"600\" srcset=\"https:\/\/olu-limburg.de\/wp-content\/uploads\/2024\/03\/P1070781_ergebnis.jpg 800w, https:\/\/olu-limburg.de\/wp-content\/uploads\/2024\/03\/P1070781_ergebnis-300x225.jpg 300w, https:\/\/olu-limburg.de\/wp-content\/uploads\/2024\/03\/P1070781_ergebnis-768x576.jpg 768w, https:\/\/olu-limburg.de\/wp-content\/uploads\/2024\/03\/P1070781_ergebnis-624x468.jpg 624w\" sizes=\"auto, (max-width: 800px) 100vw, 800px\" \/><\/a><\/p>\n<p>Bei den \u00dcberlegungen f\u00fcr einen \u00dcbernachtungsplatz in Gigondas, sto\u00dfen wir auf einen France Passion-Winzer, f\u00fcr den unser Wohnmobil etwas zu lang ist. Der FP-Winzer im Nachbarort Sablet, hat alles zugesperrt. Also fahren wir wieder zur\u00fcck nach Gigondas zu dem kostenlosen Stellplatz am Tennisplatz. Auch wenn dieser nicht gerade die Wucht ist. Mittlerweile hat es aufgeklart und die Sonne kommt wieder heraus.<\/p>\n<p><a href=\"https:\/\/olu-limburg.de\/wp-content\/uploads\/2024\/03\/P1080793_ergebnis.jpg\"><img loading=\"lazy\" decoding=\"async\" class=\"size-full wp-image-30902 aligncenter\" src=\"https:\/\/olu-limburg.de\/wp-content\/uploads\/2024\/03\/P1080793_ergebnis.jpg\" alt=\"\" width=\"800\" height=\"600\" srcset=\"https:\/\/olu-limburg.de\/wp-content\/uploads\/2024\/03\/P1080793_ergebnis.jpg 800w, https:\/\/olu-limburg.de\/wp-content\/uploads\/2024\/03\/P1080793_ergebnis-300x225.jpg 300w, https:\/\/olu-limburg.de\/wp-content\/uploads\/2024\/03\/P1080793_ergebnis-768x576.jpg 768w, https:\/\/olu-limburg.de\/wp-content\/uploads\/2024\/03\/P1080793_ergebnis-624x468.jpg 624w\" sizes=\"auto, (max-width: 800px) 100vw, 800px\" \/><\/a><\/p>\n<p>Der Platz ist am Abend voll und wir sind m\u00fcde, da wir heute wirklich genug gelaufen sind.<\/p>\n<p>Tagesstrecke: 57 km<\/p>\n<p>&nbsp;<\/p>\n<p><strong>Donnerstag, 31.03.2022<\/strong><\/p>\n<div id=\"attachment_30898\" style=\"width: 810px\" class=\"wp-caption aligncenter\"><a href=\"https:\/\/olu-limburg.de\/wp-content\/uploads\/2024\/03\/IMG_20220331_102537_ergebnis.jpg\"><img loading=\"lazy\" decoding=\"async\" aria-describedby=\"caption-attachment-30898\" class=\"wp-image-30898 size-full\" src=\"https:\/\/olu-limburg.de\/wp-content\/uploads\/2024\/03\/IMG_20220331_102537_ergebnis.jpg\" alt=\"\" width=\"800\" height=\"600\" srcset=\"https:\/\/olu-limburg.de\/wp-content\/uploads\/2024\/03\/IMG_20220331_102537_ergebnis.jpg 800w, https:\/\/olu-limburg.de\/wp-content\/uploads\/2024\/03\/IMG_20220331_102537_ergebnis-300x225.jpg 300w, https:\/\/olu-limburg.de\/wp-content\/uploads\/2024\/03\/IMG_20220331_102537_ergebnis-768x576.jpg 768w, https:\/\/olu-limburg.de\/wp-content\/uploads\/2024\/03\/IMG_20220331_102537_ergebnis-624x468.jpg 624w\" sizes=\"auto, (max-width: 800px) 100vw, 800px\" \/><\/a><p id=\"caption-attachment-30898\" class=\"wp-caption-text\">Gigondas, Stellplatz am Tennisplatz<\/p><\/div>\n<p>Dies ist eine perfekte Bio-M\u00fcll-Anlage beim Stellplatz.<\/p>\n<p><a href=\"https:\/\/olu-limburg.de\/wp-content\/uploads\/2024\/03\/P1070783_ergebnis.jpg\"><img loading=\"lazy\" decoding=\"async\" class=\"size-full wp-image-31016 aligncenter\" src=\"https:\/\/olu-limburg.de\/wp-content\/uploads\/2024\/03\/P1070783_ergebnis.jpg\" alt=\"\" width=\"800\" height=\"600\" srcset=\"https:\/\/olu-limburg.de\/wp-content\/uploads\/2024\/03\/P1070783_ergebnis.jpg 800w, https:\/\/olu-limburg.de\/wp-content\/uploads\/2024\/03\/P1070783_ergebnis-300x225.jpg 300w, https:\/\/olu-limburg.de\/wp-content\/uploads\/2024\/03\/P1070783_ergebnis-768x576.jpg 768w, https:\/\/olu-limburg.de\/wp-content\/uploads\/2024\/03\/P1070783_ergebnis-624x468.jpg 624w\" sizes=\"auto, (max-width: 800px) 100vw, 800px\" \/><\/a><\/p>\n<p>Die Sonne ist wieder voll im Einsatz. Es ist ein sch\u00f6ner Tag, um die weitere Provence zu genie\u00dfen. Da in Gigondas keinerlei Weinverkaufsstellen offen waren, sehen wir uns bei der Weiterfahrt nach Venasque um. Direkt auf der D8 sehen wir ein Plakat mit dem Hinweis auf einen Weinverkauf im Cube. Wir wenden umsonst, denn die Cubes sind ausverkauft. Gestern haben wir aber aus Sablet kommend, kurz vor der Abfahrt nach Gigondas, eine Verkaufsstelle namens &#8222;La Cave&#8220; gesehen. Also fahren wir noch ein kleines St\u00fcck weiter in die entgegengesetzte Richtung, wie wir es eigentlich wollen. Der Zweck heiligt die Mittel.<\/p>\n<p><a href=\"https:\/\/olu-limburg.de\/wp-content\/uploads\/2024\/03\/IMG_20220331_111222_ergebnis.jpg\"><img loading=\"lazy\" decoding=\"async\" class=\"size-full wp-image-30925 aligncenter\" src=\"https:\/\/olu-limburg.de\/wp-content\/uploads\/2024\/03\/IMG_20220331_111222_ergebnis.jpg\" alt=\"\" width=\"800\" height=\"600\" srcset=\"https:\/\/olu-limburg.de\/wp-content\/uploads\/2024\/03\/IMG_20220331_111222_ergebnis.jpg 800w, https:\/\/olu-limburg.de\/wp-content\/uploads\/2024\/03\/IMG_20220331_111222_ergebnis-300x225.jpg 300w, https:\/\/olu-limburg.de\/wp-content\/uploads\/2024\/03\/IMG_20220331_111222_ergebnis-768x576.jpg 768w, https:\/\/olu-limburg.de\/wp-content\/uploads\/2024\/03\/IMG_20220331_111222_ergebnis-624x468.jpg 624w\" sizes=\"auto, (max-width: 800px) 100vw, 800px\" \/><\/a><\/p>\n<p><a href=\"https:\/\/olu-limburg.de\/wp-content\/uploads\/2024\/03\/IMG_20220331_111156_ergebnis-e1711724866182.jpg\"><img loading=\"lazy\" decoding=\"async\" class=\"size-full wp-image-30924 aligncenter\" src=\"https:\/\/olu-limburg.de\/wp-content\/uploads\/2024\/03\/IMG_20220331_111156_ergebnis-e1711724866182.jpg\" alt=\"\" width=\"450\" height=\"600\" \/><\/a><\/p>\n<p>Es ist kurz nach 11.00 Uhr, und nach einigen kleinen Probierschlucken haben wir unseren Einkauf erledigt und wir fahren weiter, diesmal aber wirklich in Richtung Venasque.<\/p>\n<p>Links von uns erhebt sich der Mont Ventoux. Und als wir auch noch Beaumes-de-Venice passieren, wei\u00df ich, das vor uns Aubignan liegt, wo wir bei einer vorherigen Fahrt schon einmal sehr gut gegessen haben. Lena kann sich nicht so daran erinnern. Bei der Ortsdurchfahrt kommen wir gerade an dem kleinen Restaurant vorbei, da ist es aber auch ihr klar. Wir fahren noch auf einen Parkplatz in der folgenden Seitenstra\u00dfe und spazieren zur &#8222;Brasserie Id\u00e9al&#8220; zur\u00fcck.<\/p>\n<p><a href=\"https:\/\/olu-limburg.de\/wp-content\/uploads\/2024\/03\/P1080798_ergebnis-e1711725556625.jpg\"><img loading=\"lazy\" decoding=\"async\" class=\"size-full wp-image-30936 alignleft\" src=\"https:\/\/olu-limburg.de\/wp-content\/uploads\/2024\/03\/P1080798_ergebnis-e1711725556625.jpg\" alt=\"\" width=\"450\" height=\"600\" \/><\/a><\/p>\n<p><a href=\"https:\/\/olu-limburg.de\/wp-content\/uploads\/2024\/03\/IMG_20220331_132224_ergebnis-e1711725590328.jpg\"><img loading=\"lazy\" decoding=\"async\" class=\"size-full wp-image-30934 alignright\" src=\"https:\/\/olu-limburg.de\/wp-content\/uploads\/2024\/03\/IMG_20220331_132224_ergebnis-e1711725590328.jpg\" alt=\"\" width=\"450\" height=\"600\" \/><\/a><\/p>\n<p><a href=\"https:\/\/olu-limburg.de\/wp-content\/uploads\/2024\/03\/IMG_20220331_120945_ergebnis.jpg\"><img loading=\"lazy\" decoding=\"async\" class=\"size-full wp-image-30926 aligncenter\" src=\"https:\/\/olu-limburg.de\/wp-content\/uploads\/2024\/03\/IMG_20220331_120945_ergebnis.jpg\" alt=\"\" width=\"800\" height=\"600\" srcset=\"https:\/\/olu-limburg.de\/wp-content\/uploads\/2024\/03\/IMG_20220331_120945_ergebnis.jpg 800w, https:\/\/olu-limburg.de\/wp-content\/uploads\/2024\/03\/IMG_20220331_120945_ergebnis-300x225.jpg 300w, https:\/\/olu-limburg.de\/wp-content\/uploads\/2024\/03\/IMG_20220331_120945_ergebnis-768x576.jpg 768w, https:\/\/olu-limburg.de\/wp-content\/uploads\/2024\/03\/IMG_20220331_120945_ergebnis-624x468.jpg 624w\" sizes=\"auto, (max-width: 800px) 100vw, 800px\" \/><\/a><\/p>\n<p><a href=\"https:\/\/olu-limburg.de\/wp-content\/uploads\/2024\/03\/P1080795_ergebnis-e1711725644792.jpg\"><img loading=\"lazy\" decoding=\"async\" class=\"size-full wp-image-30935 aligncenter\" src=\"https:\/\/olu-limburg.de\/wp-content\/uploads\/2024\/03\/P1080795_ergebnis-e1711725644792.jpg\" alt=\"\" width=\"450\" height=\"600\" \/><\/a><\/p>\n<p>Zwischen Bestellung und Lieferung wird schon wieder in dem neuen Stellplatzf\u00fchrer geschm\u00f6ckert.<\/p>\n<p><a href=\"https:\/\/olu-limburg.de\/wp-content\/uploads\/2024\/03\/P1070786_ergebnis-e1711812696306.jpg\"><img loading=\"lazy\" decoding=\"async\" class=\"size-full wp-image-31017 aligncenter\" src=\"https:\/\/olu-limburg.de\/wp-content\/uploads\/2024\/03\/P1070786_ergebnis-e1711812696306.jpg\" alt=\"\" width=\"450\" height=\"600\" \/><\/a><\/p>\n<p>Wir speisen nicht an einer langen Tafel, dass ist Sache der nahen Weitwinkelaufnahme.<\/p>\n<p><a href=\"https:\/\/olu-limburg.de\/wp-content\/uploads\/2024\/03\/IMG_20220331_121818_ergebnis-e1711725671858.jpg\"><img loading=\"lazy\" decoding=\"async\" class=\"size-full wp-image-30928 aligncenter\" src=\"https:\/\/olu-limburg.de\/wp-content\/uploads\/2024\/03\/IMG_20220331_121818_ergebnis-e1711725671858.jpg\" alt=\"\" width=\"450\" height=\"600\" \/><\/a><\/p>\n<p><strong>Vorspeise: <\/strong><\/p>\n<p>Salade verte et ses Moules pan\u00e9es (gr\u00fcner Salat mit frittierten Muscheln)<\/p>\n<p><a href=\"https:\/\/olu-limburg.de\/wp-content\/uploads\/2024\/03\/IMG_20220331_121754_ergebnis.jpg\"><img loading=\"lazy\" decoding=\"async\" class=\"wp-image-30927 size-full aligncenter\" src=\"https:\/\/olu-limburg.de\/wp-content\/uploads\/2024\/03\/IMG_20220331_121754_ergebnis.jpg\" alt=\"\" width=\"800\" height=\"600\" srcset=\"https:\/\/olu-limburg.de\/wp-content\/uploads\/2024\/03\/IMG_20220331_121754_ergebnis.jpg 800w, https:\/\/olu-limburg.de\/wp-content\/uploads\/2024\/03\/IMG_20220331_121754_ergebnis-300x225.jpg 300w, https:\/\/olu-limburg.de\/wp-content\/uploads\/2024\/03\/IMG_20220331_121754_ergebnis-768x576.jpg 768w, https:\/\/olu-limburg.de\/wp-content\/uploads\/2024\/03\/IMG_20220331_121754_ergebnis-624x468.jpg 624w\" sizes=\"auto, (max-width: 800px) 100vw, 800px\" \/><\/a><\/p>\n<p><strong>Hauptspeisen:<\/strong><\/p>\n<p>C\u00f4tes d&#8217;Agneau frites (Lammkoteletts mit Fritten)<\/p>\n<p><a href=\"https:\/\/olu-limburg.de\/wp-content\/uploads\/2024\/03\/IMG_20220331_123516_ergebnis.jpg\"><img loading=\"lazy\" decoding=\"async\" class=\"size-full wp-image-30929 aligncenter\" src=\"https:\/\/olu-limburg.de\/wp-content\/uploads\/2024\/03\/IMG_20220331_123516_ergebnis.jpg\" alt=\"\" width=\"800\" height=\"600\" srcset=\"https:\/\/olu-limburg.de\/wp-content\/uploads\/2024\/03\/IMG_20220331_123516_ergebnis.jpg 800w, https:\/\/olu-limburg.de\/wp-content\/uploads\/2024\/03\/IMG_20220331_123516_ergebnis-300x225.jpg 300w, https:\/\/olu-limburg.de\/wp-content\/uploads\/2024\/03\/IMG_20220331_123516_ergebnis-768x576.jpg 768w, https:\/\/olu-limburg.de\/wp-content\/uploads\/2024\/03\/IMG_20220331_123516_ergebnis-624x468.jpg 624w\" sizes=\"auto, (max-width: 800px) 100vw, 800px\" \/><\/a><\/p>\n<p>Caille R\u00f4ti, petit pois et frites (gebratene Wachtel mit Erbsen und Fritten)<\/p>\n<p><a href=\"https:\/\/olu-limburg.de\/wp-content\/uploads\/2024\/03\/IMG_20220331_123534_ergebnis.jpg\"><img loading=\"lazy\" decoding=\"async\" class=\"size-full wp-image-30930 aligncenter\" src=\"https:\/\/olu-limburg.de\/wp-content\/uploads\/2024\/03\/IMG_20220331_123534_ergebnis.jpg\" alt=\"\" width=\"800\" height=\"600\" srcset=\"https:\/\/olu-limburg.de\/wp-content\/uploads\/2024\/03\/IMG_20220331_123534_ergebnis.jpg 800w, https:\/\/olu-limburg.de\/wp-content\/uploads\/2024\/03\/IMG_20220331_123534_ergebnis-300x225.jpg 300w, https:\/\/olu-limburg.de\/wp-content\/uploads\/2024\/03\/IMG_20220331_123534_ergebnis-768x576.jpg 768w, https:\/\/olu-limburg.de\/wp-content\/uploads\/2024\/03\/IMG_20220331_123534_ergebnis-624x468.jpg 624w\" sizes=\"auto, (max-width: 800px) 100vw, 800px\" \/><\/a><\/p>\n<p>Beim K\u00e4se haben wir verzichtet und gerade das Dessert bestellt.<\/p>\n<p><strong>Nachspeise:<\/strong><\/p>\n<p>\u00celes flottante (in Milch pochiertes Eiwei\u00df mit Vanilleso\u00dfe)<\/p>\n<p><a href=\"https:\/\/olu-limburg.de\/wp-content\/uploads\/2024\/03\/IMG_20220331_130805_ergebnis.jpg\"><img loading=\"lazy\" decoding=\"async\" class=\"size-full wp-image-30931 aligncenter\" src=\"https:\/\/olu-limburg.de\/wp-content\/uploads\/2024\/03\/IMG_20220331_130805_ergebnis.jpg\" alt=\"\" width=\"800\" height=\"600\" srcset=\"https:\/\/olu-limburg.de\/wp-content\/uploads\/2024\/03\/IMG_20220331_130805_ergebnis.jpg 800w, https:\/\/olu-limburg.de\/wp-content\/uploads\/2024\/03\/IMG_20220331_130805_ergebnis-300x225.jpg 300w, https:\/\/olu-limburg.de\/wp-content\/uploads\/2024\/03\/IMG_20220331_130805_ergebnis-768x576.jpg 768w, https:\/\/olu-limburg.de\/wp-content\/uploads\/2024\/03\/IMG_20220331_130805_ergebnis-624x468.jpg 624w\" sizes=\"auto, (max-width: 800px) 100vw, 800px\" \/><\/a><\/p>\n<p>Paris-Brest (Dieses T\u00f6rtchen soll an eine Fahrradtour erinnern, deshalb ist sie in Radform)<\/p>\n<p><a href=\"https:\/\/olu-limburg.de\/wp-content\/uploads\/2024\/03\/P1070788_ergebnis.jpg\"><img loading=\"lazy\" decoding=\"async\" class=\"size-full wp-image-31018 aligncenter\" src=\"https:\/\/olu-limburg.de\/wp-content\/uploads\/2024\/03\/P1070788_ergebnis.jpg\" alt=\"\" width=\"800\" height=\"600\" srcset=\"https:\/\/olu-limburg.de\/wp-content\/uploads\/2024\/03\/P1070788_ergebnis.jpg 800w, https:\/\/olu-limburg.de\/wp-content\/uploads\/2024\/03\/P1070788_ergebnis-300x225.jpg 300w, https:\/\/olu-limburg.de\/wp-content\/uploads\/2024\/03\/P1070788_ergebnis-768x576.jpg 768w, https:\/\/olu-limburg.de\/wp-content\/uploads\/2024\/03\/P1070788_ergebnis-624x468.jpg 624w\" sizes=\"auto, (max-width: 800px) 100vw, 800px\" \/><\/a><\/p>\n<p>Es war wieder so lecker, und f\u00fcr den Preis unschlagbar.<\/p>\n<p><a href=\"https:\/\/olu-limburg.de\/wp-content\/uploads\/2024\/03\/20220331_132451_ergebnis-e1711812856736.jpg\"><img loading=\"lazy\" decoding=\"async\" class=\"size-full wp-image-31012 aligncenter\" src=\"https:\/\/olu-limburg.de\/wp-content\/uploads\/2024\/03\/20220331_132451_ergebnis-e1711812856736.jpg\" alt=\"\" width=\"450\" height=\"600\" \/><\/a><\/p>\n<p><a href=\"https:\/\/olu-limburg.de\/wp-content\/uploads\/2024\/03\/P1080799_ergebnis-e1711725510916.jpg\"><img loading=\"lazy\" decoding=\"async\" class=\"size-full wp-image-30937 aligncenter\" src=\"https:\/\/olu-limburg.de\/wp-content\/uploads\/2024\/03\/P1080799_ergebnis-e1711725510916.jpg\" alt=\"\" width=\"450\" height=\"600\" \/><\/a><\/p>\n<p>Und wieder sind wir auf der Stra\u00dfe nach Venasque. In den Ort werden wir bergauf geschickt, und die Weiterfahrt ist f\u00fcr Fahrzeuge \u00fcber 7,5 t verboten. Wir finden aber einen Parkplatz und starten unseren Spaziergang. Venasque liegt auf einem Felsensattel. Und auch hier, wie in einem Gro\u00dfteil der Provence, gibt es viele renovierte H\u00e4user von neuen Besitzern aus dem englisch-sprachigen Raum. Die neuere Literatur hat sehr viel dazu beigetragen.<\/p>\n<p><a href=\"https:\/\/olu-limburg.de\/wp-content\/uploads\/2024\/03\/IMG_20220331_143042_ergebnis.jpg\"><img loading=\"lazy\" decoding=\"async\" class=\"size-full wp-image-30938 aligncenter\" src=\"https:\/\/olu-limburg.de\/wp-content\/uploads\/2024\/03\/IMG_20220331_143042_ergebnis.jpg\" alt=\"\" width=\"800\" height=\"600\" srcset=\"https:\/\/olu-limburg.de\/wp-content\/uploads\/2024\/03\/IMG_20220331_143042_ergebnis.jpg 800w, https:\/\/olu-limburg.de\/wp-content\/uploads\/2024\/03\/IMG_20220331_143042_ergebnis-300x225.jpg 300w, https:\/\/olu-limburg.de\/wp-content\/uploads\/2024\/03\/IMG_20220331_143042_ergebnis-768x576.jpg 768w, https:\/\/olu-limburg.de\/wp-content\/uploads\/2024\/03\/IMG_20220331_143042_ergebnis-624x468.jpg 624w\" sizes=\"auto, (max-width: 800px) 100vw, 800px\" \/><\/a><\/p>\n<p><a href=\"https:\/\/olu-limburg.de\/wp-content\/uploads\/2024\/03\/IMG_20220331_143851_ergebnis.jpg\"><img loading=\"lazy\" decoding=\"async\" class=\"size-full wp-image-30939 aligncenter\" src=\"https:\/\/olu-limburg.de\/wp-content\/uploads\/2024\/03\/IMG_20220331_143851_ergebnis.jpg\" alt=\"\" width=\"800\" height=\"600\" srcset=\"https:\/\/olu-limburg.de\/wp-content\/uploads\/2024\/03\/IMG_20220331_143851_ergebnis.jpg 800w, https:\/\/olu-limburg.de\/wp-content\/uploads\/2024\/03\/IMG_20220331_143851_ergebnis-300x225.jpg 300w, https:\/\/olu-limburg.de\/wp-content\/uploads\/2024\/03\/IMG_20220331_143851_ergebnis-768x576.jpg 768w, https:\/\/olu-limburg.de\/wp-content\/uploads\/2024\/03\/IMG_20220331_143851_ergebnis-624x468.jpg 624w\" sizes=\"auto, (max-width: 800px) 100vw, 800px\" \/><\/a><\/p>\n<p><a href=\"https:\/\/olu-limburg.de\/wp-content\/uploads\/2024\/03\/P1080800_ergebnis.jpg\"><img loading=\"lazy\" decoding=\"async\" class=\"size-full wp-image-30943 aligncenter\" src=\"https:\/\/olu-limburg.de\/wp-content\/uploads\/2024\/03\/P1080800_ergebnis.jpg\" alt=\"\" width=\"800\" height=\"600\" srcset=\"https:\/\/olu-limburg.de\/wp-content\/uploads\/2024\/03\/P1080800_ergebnis.jpg 800w, https:\/\/olu-limburg.de\/wp-content\/uploads\/2024\/03\/P1080800_ergebnis-300x225.jpg 300w, https:\/\/olu-limburg.de\/wp-content\/uploads\/2024\/03\/P1080800_ergebnis-768x576.jpg 768w, https:\/\/olu-limburg.de\/wp-content\/uploads\/2024\/03\/P1080800_ergebnis-624x468.jpg 624w\" sizes=\"auto, (max-width: 800px) 100vw, 800px\" \/><\/a><\/p>\n<p><a href=\"https:\/\/olu-limburg.de\/wp-content\/uploads\/2024\/03\/IMG_20220331_145636_ergebnis-e1711729474361.jpg\"><img loading=\"lazy\" decoding=\"async\" class=\"size-full wp-image-30941 aligncenter\" src=\"https:\/\/olu-limburg.de\/wp-content\/uploads\/2024\/03\/IMG_20220331_145636_ergebnis-e1711729474361.jpg\" alt=\"\" width=\"450\" height=\"600\" \/><\/a><\/p>\n<p><a href=\"https:\/\/olu-limburg.de\/wp-content\/uploads\/2024\/03\/P1080807_ergebnis-e1711729507436.jpg\"><img loading=\"lazy\" decoding=\"async\" class=\"size-full wp-image-30944 aligncenter\" src=\"https:\/\/olu-limburg.de\/wp-content\/uploads\/2024\/03\/P1080807_ergebnis-e1711729507436.jpg\" alt=\"\" width=\"450\" height=\"600\" \/><\/a><\/p>\n<p>Bei unserer Besichtigungstour durch Venasque besichtigen wir die Taufkapelle, das Baptisterium. Der Eingang ist total unscheinbar. Nach den \u00f6rtlichen Beschreibungen k\u00f6nnte dies urspr\u00fcnglich auch ein heidnischer Tempel aus dicken Felsbl\u00f6cken gewesen sein, wie es die \u00dcberlieferung darlegt. Auf jeden Fall stammen f\u00fcr das Baptisterium verwendete S\u00e4ulen aus der ersten Zeit der r\u00f6mischen Besatzung. Es k\u00f6nnte aufgrund weiterer Funde in der Umgebung ein Tempel zu Ehren von Diana, der Venus oder des Merkur sein.<\/p>\n<p>Neuere Untersuchungen sehen das Geb\u00e4ude nicht als Baptisterium aus der Merowingerzeit, sondern als eine j\u00fcngere Grabkapelle, deren Grab bewu\u00dft in der Form eines Taufbeckens gestaltet wurde.<\/p>\n<p><a href=\"https:\/\/olu-limburg.de\/wp-content\/uploads\/2024\/03\/P1080832_ergebnis-e1711729681943.jpg\"><img loading=\"lazy\" decoding=\"async\" class=\"size-full wp-image-30956 aligncenter\" src=\"https:\/\/olu-limburg.de\/wp-content\/uploads\/2024\/03\/P1080832_ergebnis-e1711729681943.jpg\" alt=\"\" width=\"450\" height=\"600\" \/><\/a><\/p>\n<div id=\"attachment_30949\" style=\"width: 810px\" class=\"wp-caption aligncenter\"><a href=\"https:\/\/olu-limburg.de\/wp-content\/uploads\/2024\/03\/P1080820_ergebnis.jpg\"><img loading=\"lazy\" decoding=\"async\" aria-describedby=\"caption-attachment-30949\" class=\"wp-image-30949 size-full\" src=\"https:\/\/olu-limburg.de\/wp-content\/uploads\/2024\/03\/P1080820_ergebnis.jpg\" alt=\"\" width=\"800\" height=\"600\" srcset=\"https:\/\/olu-limburg.de\/wp-content\/uploads\/2024\/03\/P1080820_ergebnis.jpg 800w, https:\/\/olu-limburg.de\/wp-content\/uploads\/2024\/03\/P1080820_ergebnis-300x225.jpg 300w, https:\/\/olu-limburg.de\/wp-content\/uploads\/2024\/03\/P1080820_ergebnis-768x576.jpg 768w, https:\/\/olu-limburg.de\/wp-content\/uploads\/2024\/03\/P1080820_ergebnis-624x468.jpg 624w\" sizes=\"auto, (max-width: 800px) 100vw, 800px\" \/><\/a><p id=\"caption-attachment-30949\" class=\"wp-caption-text\">Ausgrabung zur Feststellung einer fr\u00fcheren Bebauung<\/p><\/div>\n<p><a href=\"https:\/\/olu-limburg.de\/wp-content\/uploads\/2024\/03\/IMG_20220331_151342_ergebnis.jpg\"><img loading=\"lazy\" decoding=\"async\" class=\"size-full wp-image-30942 aligncenter\" src=\"https:\/\/olu-limburg.de\/wp-content\/uploads\/2024\/03\/IMG_20220331_151342_ergebnis.jpg\" alt=\"\" width=\"800\" height=\"600\" srcset=\"https:\/\/olu-limburg.de\/wp-content\/uploads\/2024\/03\/IMG_20220331_151342_ergebnis.jpg 800w, https:\/\/olu-limburg.de\/wp-content\/uploads\/2024\/03\/IMG_20220331_151342_ergebnis-300x225.jpg 300w, https:\/\/olu-limburg.de\/wp-content\/uploads\/2024\/03\/IMG_20220331_151342_ergebnis-768x576.jpg 768w, https:\/\/olu-limburg.de\/wp-content\/uploads\/2024\/03\/IMG_20220331_151342_ergebnis-624x468.jpg 624w\" sizes=\"auto, (max-width: 800px) 100vw, 800px\" \/><\/a><\/p>\n<p><a href=\"https:\/\/olu-limburg.de\/wp-content\/uploads\/2024\/03\/P1080828_ergebnis-e1711730402128.jpg\"><img loading=\"lazy\" decoding=\"async\" class=\"size-full wp-image-30953 aligncenter\" src=\"https:\/\/olu-limburg.de\/wp-content\/uploads\/2024\/03\/P1080828_ergebnis-e1711730402128.jpg\" alt=\"\" width=\"450\" height=\"600\" \/><\/a><\/p>\n<div id=\"attachment_30955\" style=\"width: 460px\" class=\"wp-caption aligncenter\"><a href=\"https:\/\/olu-limburg.de\/wp-content\/uploads\/2024\/03\/P1080830_ergebnis-e1711730431874.jpg\"><img loading=\"lazy\" decoding=\"async\" aria-describedby=\"caption-attachment-30955\" class=\"wp-image-30955 size-full\" src=\"https:\/\/olu-limburg.de\/wp-content\/uploads\/2024\/03\/P1080830_ergebnis-e1711730431874.jpg\" alt=\"\" width=\"450\" height=\"600\" \/><\/a><p id=\"caption-attachment-30955\" class=\"wp-caption-text\">Statue des Hl. Siffrein, M\u00f6nch und Bischof von Venasque im 6. Jhdt.<\/p><\/div>\n<p><a href=\"https:\/\/olu-limburg.de\/wp-content\/uploads\/2024\/03\/P1080829_ergebnis.jpg\"><img loading=\"lazy\" decoding=\"async\" class=\"size-full wp-image-30954 aligncenter\" src=\"https:\/\/olu-limburg.de\/wp-content\/uploads\/2024\/03\/P1080829_ergebnis.jpg\" alt=\"\" width=\"800\" height=\"600\" srcset=\"https:\/\/olu-limburg.de\/wp-content\/uploads\/2024\/03\/P1080829_ergebnis.jpg 800w, https:\/\/olu-limburg.de\/wp-content\/uploads\/2024\/03\/P1080829_ergebnis-300x225.jpg 300w, https:\/\/olu-limburg.de\/wp-content\/uploads\/2024\/03\/P1080829_ergebnis-768x576.jpg 768w, https:\/\/olu-limburg.de\/wp-content\/uploads\/2024\/03\/P1080829_ergebnis-624x468.jpg 624w\" sizes=\"auto, (max-width: 800px) 100vw, 800px\" \/><\/a><\/p>\n<div id=\"attachment_30951\" style=\"width: 810px\" class=\"wp-caption aligncenter\"><a href=\"https:\/\/olu-limburg.de\/wp-content\/uploads\/2024\/03\/P1080826_ergebnis.jpg\"><img loading=\"lazy\" decoding=\"async\" aria-describedby=\"caption-attachment-30951\" class=\"wp-image-30951 size-full\" src=\"https:\/\/olu-limburg.de\/wp-content\/uploads\/2024\/03\/P1080826_ergebnis.jpg\" alt=\"\" width=\"800\" height=\"600\" srcset=\"https:\/\/olu-limburg.de\/wp-content\/uploads\/2024\/03\/P1080826_ergebnis.jpg 800w, https:\/\/olu-limburg.de\/wp-content\/uploads\/2024\/03\/P1080826_ergebnis-300x225.jpg 300w, https:\/\/olu-limburg.de\/wp-content\/uploads\/2024\/03\/P1080826_ergebnis-768x576.jpg 768w, https:\/\/olu-limburg.de\/wp-content\/uploads\/2024\/03\/P1080826_ergebnis-624x468.jpg 624w\" sizes=\"auto, (max-width: 800px) 100vw, 800px\" \/><\/a><p id=\"caption-attachment-30951\" class=\"wp-caption-text\">im Boden eingelassenes TaufbeckenTaufbecken<\/p><\/div>\n<p><a href=\"https:\/\/olu-limburg.de\/wp-content\/uploads\/2024\/03\/P1080825_ergebnis-e1711730484914.jpg\"><img loading=\"lazy\" decoding=\"async\" class=\"size-full wp-image-30950 aligncenter\" src=\"https:\/\/olu-limburg.de\/wp-content\/uploads\/2024\/03\/P1080825_ergebnis-e1711730484914.jpg\" alt=\"\" width=\"450\" height=\"600\" \/><\/a><\/p>\n<p><a href=\"https:\/\/olu-limburg.de\/wp-content\/uploads\/2024\/03\/P1080812_ergebnis-e1711730853777.jpg\"><img loading=\"lazy\" decoding=\"async\" class=\"size-full wp-image-30945 aligncenter\" src=\"https:\/\/olu-limburg.de\/wp-content\/uploads\/2024\/03\/P1080812_ergebnis-e1711730853777.jpg\" alt=\"\" width=\"450\" height=\"600\" \/><\/a><\/p>\n<p>Blick auf den Mont Ventoux, der seine Spitze, wie fast immer, in Wolken verh\u00fcllt.<\/p>\n<p><a href=\"https:\/\/olu-limburg.de\/wp-content\/uploads\/2024\/03\/IMG_20220331_144146_ergebnis.jpg\"><img loading=\"lazy\" decoding=\"async\" class=\"size-full wp-image-30940 aligncenter\" src=\"https:\/\/olu-limburg.de\/wp-content\/uploads\/2024\/03\/IMG_20220331_144146_ergebnis.jpg\" alt=\"\" width=\"800\" height=\"600\" srcset=\"https:\/\/olu-limburg.de\/wp-content\/uploads\/2024\/03\/IMG_20220331_144146_ergebnis.jpg 800w, https:\/\/olu-limburg.de\/wp-content\/uploads\/2024\/03\/IMG_20220331_144146_ergebnis-300x225.jpg 300w, https:\/\/olu-limburg.de\/wp-content\/uploads\/2024\/03\/IMG_20220331_144146_ergebnis-768x576.jpg 768w, https:\/\/olu-limburg.de\/wp-content\/uploads\/2024\/03\/IMG_20220331_144146_ergebnis-624x468.jpg 624w\" sizes=\"auto, (max-width: 800px) 100vw, 800px\" \/><\/a><\/p>\n<p>In der gallo-romanischen Ortschaft Venasque entstand wahrscheinlich schon sehr fr\u00fch eine christliche Gemeinde. Funde von Vorg\u00e4ngerbauten unter der heutigen Kirche &#8222;Notre Dame&#8220; gehen etwa bis ins 4. &#8211; 5. Jhdt. zur\u00fcck.<\/p>\n<p><a href=\"https:\/\/olu-limburg.de\/wp-content\/uploads\/2024\/03\/P1080813_ergebnis.jpg\"><img loading=\"lazy\" decoding=\"async\" class=\"size-full wp-image-30946 aligncenter\" src=\"https:\/\/olu-limburg.de\/wp-content\/uploads\/2024\/03\/P1080813_ergebnis.jpg\" alt=\"\" width=\"800\" height=\"600\" srcset=\"https:\/\/olu-limburg.de\/wp-content\/uploads\/2024\/03\/P1080813_ergebnis.jpg 800w, https:\/\/olu-limburg.de\/wp-content\/uploads\/2024\/03\/P1080813_ergebnis-300x225.jpg 300w, https:\/\/olu-limburg.de\/wp-content\/uploads\/2024\/03\/P1080813_ergebnis-768x576.jpg 768w, https:\/\/olu-limburg.de\/wp-content\/uploads\/2024\/03\/P1080813_ergebnis-624x468.jpg 624w\" sizes=\"auto, (max-width: 800px) 100vw, 800px\" \/><\/a><\/p>\n<p><a href=\"https:\/\/olu-limburg.de\/wp-content\/uploads\/2024\/03\/P1080816_ergebnis-e1711730981924.jpg\"><img loading=\"lazy\" decoding=\"async\" class=\"size-full wp-image-30948 aligncenter\" src=\"https:\/\/olu-limburg.de\/wp-content\/uploads\/2024\/03\/P1080816_ergebnis-e1711730981924.jpg\" alt=\"\" width=\"450\" height=\"600\" \/><\/a><\/p>\n<p><a href=\"https:\/\/olu-limburg.de\/wp-content\/uploads\/2024\/03\/P1070800_ergebnis.jpg\"><img loading=\"lazy\" decoding=\"async\" class=\"size-full wp-image-31019 aligncenter\" src=\"https:\/\/olu-limburg.de\/wp-content\/uploads\/2024\/03\/P1070800_ergebnis.jpg\" alt=\"\" width=\"800\" height=\"600\" srcset=\"https:\/\/olu-limburg.de\/wp-content\/uploads\/2024\/03\/P1070800_ergebnis.jpg 800w, https:\/\/olu-limburg.de\/wp-content\/uploads\/2024\/03\/P1070800_ergebnis-300x225.jpg 300w, https:\/\/olu-limburg.de\/wp-content\/uploads\/2024\/03\/P1070800_ergebnis-768x576.jpg 768w, https:\/\/olu-limburg.de\/wp-content\/uploads\/2024\/03\/P1070800_ergebnis-624x468.jpg 624w\" sizes=\"auto, (max-width: 800px) 100vw, 800px\" \/><\/a><\/p>\n<p><a href=\"https:\/\/olu-limburg.de\/wp-content\/uploads\/2024\/03\/P1080815_ergebnis-e1711731097644.jpg\"><img loading=\"lazy\" decoding=\"async\" class=\"size-full wp-image-30947 aligncenter\" src=\"https:\/\/olu-limburg.de\/wp-content\/uploads\/2024\/03\/P1080815_ergebnis-e1711731097644.jpg\" alt=\"\" width=\"450\" height=\"600\" \/><\/a><\/p>\n<p><a href=\"https:\/\/olu-limburg.de\/wp-content\/uploads\/2024\/03\/P1080833_ergebnis.jpg\"><img loading=\"lazy\" decoding=\"async\" class=\"size-full wp-image-30957 aligncenter\" src=\"https:\/\/olu-limburg.de\/wp-content\/uploads\/2024\/03\/P1080833_ergebnis.jpg\" alt=\"\" width=\"800\" height=\"600\" srcset=\"https:\/\/olu-limburg.de\/wp-content\/uploads\/2024\/03\/P1080833_ergebnis.jpg 800w, https:\/\/olu-limburg.de\/wp-content\/uploads\/2024\/03\/P1080833_ergebnis-300x225.jpg 300w, https:\/\/olu-limburg.de\/wp-content\/uploads\/2024\/03\/P1080833_ergebnis-768x576.jpg 768w, https:\/\/olu-limburg.de\/wp-content\/uploads\/2024\/03\/P1080833_ergebnis-624x468.jpg 624w\" sizes=\"auto, (max-width: 800px) 100vw, 800px\" \/><\/a><\/p>\n<p><a href=\"https:\/\/olu-limburg.de\/wp-content\/uploads\/2024\/03\/P1080835_ergebnis.jpg\"><img loading=\"lazy\" decoding=\"async\" class=\"size-full wp-image-30958 aligncenter\" src=\"https:\/\/olu-limburg.de\/wp-content\/uploads\/2024\/03\/P1080835_ergebnis.jpg\" alt=\"\" width=\"800\" height=\"600\" srcset=\"https:\/\/olu-limburg.de\/wp-content\/uploads\/2024\/03\/P1080835_ergebnis.jpg 800w, https:\/\/olu-limburg.de\/wp-content\/uploads\/2024\/03\/P1080835_ergebnis-300x225.jpg 300w, https:\/\/olu-limburg.de\/wp-content\/uploads\/2024\/03\/P1080835_ergebnis-768x576.jpg 768w, https:\/\/olu-limburg.de\/wp-content\/uploads\/2024\/03\/P1080835_ergebnis-624x468.jpg 624w\" sizes=\"auto, (max-width: 800px) 100vw, 800px\" \/><\/a><\/p>\n<p><a href=\"https:\/\/olu-limburg.de\/wp-content\/uploads\/2024\/03\/P1080838_ergebnis-e1711731139473.jpg\"><img loading=\"lazy\" decoding=\"async\" class=\"size-full wp-image-30959 aligncenter\" src=\"https:\/\/olu-limburg.de\/wp-content\/uploads\/2024\/03\/P1080838_ergebnis-e1711731139473.jpg\" alt=\"\" width=\"450\" height=\"600\" \/><\/a><\/p>\n<p>Zum \u00dcbernachten verlassen wir Venasque und fahren in den Nachbarort Malemort du Comtat. Trotz einer Baustelle schaffen wir es bis zum kostenlosen Wohnmobil-Stellplatz mit V+E. Ansonsten ist im Ort nichts los. Zum Gl\u00fcck ist ein B\u00e4cker direkt um die Ecke.<\/p>\n<p>Geschichtlich hat Malemort du Comtat eine gro\u00dfe Vergangenheit bis in die Steinzeit aufzuweisen, aber die Bev\u00f6lkerung wurde im 14. und 18. Jhdt. zweimal durch die Pest stark reduziert.<\/p>\n<p><a href=\"https:\/\/olu-limburg.de\/wp-content\/uploads\/2024\/03\/IMG_20220331_175733_ergebnis.jpg\"><img loading=\"lazy\" decoding=\"async\" class=\"size-full wp-image-30962 aligncenter\" src=\"https:\/\/olu-limburg.de\/wp-content\/uploads\/2024\/03\/IMG_20220331_175733_ergebnis.jpg\" alt=\"\" width=\"800\" height=\"600\" srcset=\"https:\/\/olu-limburg.de\/wp-content\/uploads\/2024\/03\/IMG_20220331_175733_ergebnis.jpg 800w, https:\/\/olu-limburg.de\/wp-content\/uploads\/2024\/03\/IMG_20220331_175733_ergebnis-300x225.jpg 300w, https:\/\/olu-limburg.de\/wp-content\/uploads\/2024\/03\/IMG_20220331_175733_ergebnis-768x576.jpg 768w, https:\/\/olu-limburg.de\/wp-content\/uploads\/2024\/03\/IMG_20220331_175733_ergebnis-624x468.jpg 624w\" sizes=\"auto, (max-width: 800px) 100vw, 800px\" \/><\/a><\/p>\n<div id=\"attachment_30963\" style=\"width: 810px\" class=\"wp-caption aligncenter\"><a href=\"https:\/\/olu-limburg.de\/wp-content\/uploads\/2024\/03\/IMG_20220331_175848_ergebnis.jpg\"><img loading=\"lazy\" decoding=\"async\" aria-describedby=\"caption-attachment-30963\" class=\"wp-image-30963 size-full\" src=\"https:\/\/olu-limburg.de\/wp-content\/uploads\/2024\/03\/IMG_20220331_175848_ergebnis.jpg\" alt=\"\" width=\"800\" height=\"600\" srcset=\"https:\/\/olu-limburg.de\/wp-content\/uploads\/2024\/03\/IMG_20220331_175848_ergebnis.jpg 800w, https:\/\/olu-limburg.de\/wp-content\/uploads\/2024\/03\/IMG_20220331_175848_ergebnis-300x225.jpg 300w, https:\/\/olu-limburg.de\/wp-content\/uploads\/2024\/03\/IMG_20220331_175848_ergebnis-768x576.jpg 768w, https:\/\/olu-limburg.de\/wp-content\/uploads\/2024\/03\/IMG_20220331_175848_ergebnis-624x468.jpg 624w\" sizes=\"auto, (max-width: 800px) 100vw, 800px\" \/><\/a><p id=\"caption-attachment-30963\" class=\"wp-caption-text\">Brunnen vor der Grande Porte<\/p><\/div>\n<p>Es ist kalt und ungem\u00fctlich geworden. Auf dem Stellplatz ist es aber ruhig und wir schlafen gut.<\/p>\n<p>Tagesstrecke: 44 km<\/p>\n<p>&nbsp;<\/p>\n<p><strong>Freitag, 01.04.2022<\/strong><\/p>\n<p>Die Weiterplanung unserer Tour richtet sich ab sofort nach der Wettervorhersage. Es wird Sturm und Frost angek\u00fcndigt. so haben wir es uns nicht vorgestellt. Heute fahren wir etwa 12 km nach Westen nach Pernes les Fontaines auf den kostenlosen Wohnmobil-Stellplatz mit V+E, der auch f\u00fcr die Lastwagen vorgesehen ist.<\/p>\n<p>Entgegen dem gestrigen Malemort mit seiner bis in die Steinzeit zur\u00fcck gehenden Geschichte, ist Pernes-les-Fontaines viel gr\u00f6\u00dfer, aber ohne gro\u00dfe Geschichte. Daf\u00fcr hat der Ort 40 \u00f6ffentliche Brunnen, von denen acht als Monument Historique eingestuft sind.<\/p>\n<p>Bei unserem Rundgang ist es schon ganz sch\u00f6n kalt.<\/p>\n<div id=\"attachment_30965\" style=\"width: 810px\" class=\"wp-caption aligncenter\"><a href=\"https:\/\/olu-limburg.de\/wp-content\/uploads\/2024\/03\/IMG_20220401_114627_ergebnis.jpg\"><img loading=\"lazy\" decoding=\"async\" aria-describedby=\"caption-attachment-30965\" class=\"wp-image-30965 size-full\" src=\"https:\/\/olu-limburg.de\/wp-content\/uploads\/2024\/03\/IMG_20220401_114627_ergebnis.jpg\" alt=\"\" width=\"800\" height=\"600\" srcset=\"https:\/\/olu-limburg.de\/wp-content\/uploads\/2024\/03\/IMG_20220401_114627_ergebnis.jpg 800w, https:\/\/olu-limburg.de\/wp-content\/uploads\/2024\/03\/IMG_20220401_114627_ergebnis-300x225.jpg 300w, https:\/\/olu-limburg.de\/wp-content\/uploads\/2024\/03\/IMG_20220401_114627_ergebnis-768x576.jpg 768w, https:\/\/olu-limburg.de\/wp-content\/uploads\/2024\/03\/IMG_20220401_114627_ergebnis-624x468.jpg 624w\" sizes=\"auto, (max-width: 800px) 100vw, 800px\" \/><\/a><p id=\"caption-attachment-30965\" class=\"wp-caption-text\">Stadtmauer mit Fontaine du P\u00e8lican<\/p><\/div>\n<p><a href=\"https:\/\/olu-limburg.de\/wp-content\/uploads\/2024\/03\/P1080851_ergebnis-e1711735739208.jpg\"><img loading=\"lazy\" decoding=\"async\" class=\"size-full wp-image-30974 alignleft\" src=\"https:\/\/olu-limburg.de\/wp-content\/uploads\/2024\/03\/P1080851_ergebnis-e1711735739208.jpg\" alt=\"\" width=\"450\" height=\"600\" \/><\/a><\/p>\n<p><a href=\"https:\/\/olu-limburg.de\/wp-content\/uploads\/2024\/03\/P1080845_ergebnis-e1711735345540.jpg\"><img loading=\"lazy\" decoding=\"async\" class=\"size-full wp-image-30970 alignright\" src=\"https:\/\/olu-limburg.de\/wp-content\/uploads\/2024\/03\/P1080845_ergebnis-e1711735345540.jpg\" alt=\"\" width=\"450\" height=\"600\" \/><\/a><\/p>\n<div id=\"attachment_30971\" style=\"width: 460px\" class=\"wp-caption aligncenter\"><a href=\"https:\/\/olu-limburg.de\/wp-content\/uploads\/2024\/03\/P1080846_ergebnis-e1711735380651.jpg\"><img loading=\"lazy\" decoding=\"async\" aria-describedby=\"caption-attachment-30971\" class=\"wp-image-30971 size-full\" src=\"https:\/\/olu-limburg.de\/wp-content\/uploads\/2024\/03\/P1080846_ergebnis-e1711735380651.jpg\" alt=\"\" width=\"450\" height=\"600\" \/><\/a><p id=\"caption-attachment-30971\" class=\"wp-caption-text\">Fontaine Reboul<\/p><\/div>\n<div id=\"attachment_30967\" style=\"width: 810px\" class=\"wp-caption aligncenter\"><a href=\"https:\/\/olu-limburg.de\/wp-content\/uploads\/2024\/03\/IMG_20220401_115028_ergebnis.jpg\"><img loading=\"lazy\" decoding=\"async\" aria-describedby=\"caption-attachment-30967\" class=\"wp-image-30967 size-full\" src=\"https:\/\/olu-limburg.de\/wp-content\/uploads\/2024\/03\/IMG_20220401_115028_ergebnis.jpg\" alt=\"\" width=\"800\" height=\"600\" srcset=\"https:\/\/olu-limburg.de\/wp-content\/uploads\/2024\/03\/IMG_20220401_115028_ergebnis.jpg 800w, https:\/\/olu-limburg.de\/wp-content\/uploads\/2024\/03\/IMG_20220401_115028_ergebnis-300x225.jpg 300w, https:\/\/olu-limburg.de\/wp-content\/uploads\/2024\/03\/IMG_20220401_115028_ergebnis-768x576.jpg 768w, https:\/\/olu-limburg.de\/wp-content\/uploads\/2024\/03\/IMG_20220401_115028_ergebnis-624x468.jpg 624w\" sizes=\"auto, (max-width: 800px) 100vw, 800px\" \/><\/a><p id=\"caption-attachment-30967\" class=\"wp-caption-text\">Porte de Notre Dame<\/p><\/div>\n<div id=\"attachment_30966\" style=\"width: 810px\" class=\"wp-caption aligncenter\"><a href=\"https:\/\/olu-limburg.de\/wp-content\/uploads\/2024\/03\/IMG_20220401_114928_ergebnis.jpg\"><img loading=\"lazy\" decoding=\"async\" aria-describedby=\"caption-attachment-30966\" class=\"wp-image-30966 size-full\" src=\"https:\/\/olu-limburg.de\/wp-content\/uploads\/2024\/03\/IMG_20220401_114928_ergebnis.jpg\" alt=\"\" width=\"800\" height=\"600\" srcset=\"https:\/\/olu-limburg.de\/wp-content\/uploads\/2024\/03\/IMG_20220401_114928_ergebnis.jpg 800w, https:\/\/olu-limburg.de\/wp-content\/uploads\/2024\/03\/IMG_20220401_114928_ergebnis-300x225.jpg 300w, https:\/\/olu-limburg.de\/wp-content\/uploads\/2024\/03\/IMG_20220401_114928_ergebnis-768x576.jpg 768w, https:\/\/olu-limburg.de\/wp-content\/uploads\/2024\/03\/IMG_20220401_114928_ergebnis-624x468.jpg 624w\" sizes=\"auto, (max-width: 800px) 100vw, 800px\" \/><\/a><p id=\"caption-attachment-30966\" class=\"wp-caption-text\">links der Tour d&#8217;Horloge<\/p><\/div>\n<div id=\"attachment_30972\" style=\"width: 810px\" class=\"wp-caption aligncenter\"><a href=\"https:\/\/olu-limburg.de\/wp-content\/uploads\/2024\/03\/P1080847_ergebnis.jpg\"><img loading=\"lazy\" decoding=\"async\" aria-describedby=\"caption-attachment-30972\" class=\"wp-image-30972 size-full\" src=\"https:\/\/olu-limburg.de\/wp-content\/uploads\/2024\/03\/P1080847_ergebnis.jpg\" alt=\"\" width=\"800\" height=\"600\" srcset=\"https:\/\/olu-limburg.de\/wp-content\/uploads\/2024\/03\/P1080847_ergebnis.jpg 800w, https:\/\/olu-limburg.de\/wp-content\/uploads\/2024\/03\/P1080847_ergebnis-300x225.jpg 300w, https:\/\/olu-limburg.de\/wp-content\/uploads\/2024\/03\/P1080847_ergebnis-768x576.jpg 768w, https:\/\/olu-limburg.de\/wp-content\/uploads\/2024\/03\/P1080847_ergebnis-624x468.jpg 624w\" sizes=\"auto, (max-width: 800px) 100vw, 800px\" \/><\/a><p id=\"caption-attachment-30972\" class=\"wp-caption-text\">Halle couverte<\/p><\/div>\n<p><a href=\"https:\/\/olu-limburg.de\/wp-content\/uploads\/2024\/03\/P1080843_ergebnis-e1711735529612.jpg\"><img loading=\"lazy\" decoding=\"async\" class=\"size-full wp-image-30969 alignleft\" src=\"https:\/\/olu-limburg.de\/wp-content\/uploads\/2024\/03\/P1080843_ergebnis-e1711735529612.jpg\" alt=\"\" width=\"450\" height=\"600\" \/><\/a><\/p>\n<p><a href=\"https:\/\/olu-limburg.de\/wp-content\/uploads\/2024\/03\/P1080850_ergebnis-e1711735568904.jpg\"><img loading=\"lazy\" decoding=\"async\" class=\"size-full wp-image-30973 alignright\" src=\"https:\/\/olu-limburg.de\/wp-content\/uploads\/2024\/03\/P1080850_ergebnis-e1711735568904.jpg\" alt=\"\" width=\"450\" height=\"600\" \/><\/a><\/p>\n<div id=\"attachment_30975\" style=\"width: 810px\" class=\"wp-caption aligncenter\"><a href=\"https:\/\/olu-limburg.de\/wp-content\/uploads\/2024\/03\/P1080856_ergebnis.jpg\"><img loading=\"lazy\" decoding=\"async\" aria-describedby=\"caption-attachment-30975\" class=\"wp-image-30975 size-full\" src=\"https:\/\/olu-limburg.de\/wp-content\/uploads\/2024\/03\/P1080856_ergebnis.jpg\" alt=\"\" width=\"800\" height=\"600\" srcset=\"https:\/\/olu-limburg.de\/wp-content\/uploads\/2024\/03\/P1080856_ergebnis.jpg 800w, https:\/\/olu-limburg.de\/wp-content\/uploads\/2024\/03\/P1080856_ergebnis-300x225.jpg 300w, https:\/\/olu-limburg.de\/wp-content\/uploads\/2024\/03\/P1080856_ergebnis-768x576.jpg 768w, https:\/\/olu-limburg.de\/wp-content\/uploads\/2024\/03\/P1080856_ergebnis-624x468.jpg 624w\" sizes=\"auto, (max-width: 800px) 100vw, 800px\" \/><\/a><p id=\"caption-attachment-30975\" class=\"wp-caption-text\">\u00c9glise Notre Dame de Nazareth<\/p><\/div>\n<p><a href=\"https:\/\/olu-limburg.de\/wp-content\/uploads\/2024\/03\/P1080858_ergebnis.jpg\"><img loading=\"lazy\" decoding=\"async\" class=\"size-full wp-image-30976 aligncenter\" src=\"https:\/\/olu-limburg.de\/wp-content\/uploads\/2024\/03\/P1080858_ergebnis.jpg\" alt=\"\" width=\"800\" height=\"600\" srcset=\"https:\/\/olu-limburg.de\/wp-content\/uploads\/2024\/03\/P1080858_ergebnis.jpg 800w, https:\/\/olu-limburg.de\/wp-content\/uploads\/2024\/03\/P1080858_ergebnis-300x225.jpg 300w, https:\/\/olu-limburg.de\/wp-content\/uploads\/2024\/03\/P1080858_ergebnis-768x576.jpg 768w, https:\/\/olu-limburg.de\/wp-content\/uploads\/2024\/03\/P1080858_ergebnis-624x468.jpg 624w\" sizes=\"auto, (max-width: 800px) 100vw, 800px\" \/><\/a><\/p>\n<p><a href=\"https:\/\/olu-limburg.de\/wp-content\/uploads\/2024\/03\/P1080863_ergebnis.jpg\"><img loading=\"lazy\" decoding=\"async\" class=\"size-full wp-image-30979 aligncenter\" src=\"https:\/\/olu-limburg.de\/wp-content\/uploads\/2024\/03\/P1080863_ergebnis.jpg\" alt=\"\" width=\"800\" height=\"600\" srcset=\"https:\/\/olu-limburg.de\/wp-content\/uploads\/2024\/03\/P1080863_ergebnis.jpg 800w, https:\/\/olu-limburg.de\/wp-content\/uploads\/2024\/03\/P1080863_ergebnis-300x225.jpg 300w, https:\/\/olu-limburg.de\/wp-content\/uploads\/2024\/03\/P1080863_ergebnis-768x576.jpg 768w, https:\/\/olu-limburg.de\/wp-content\/uploads\/2024\/03\/P1080863_ergebnis-624x468.jpg 624w\" sizes=\"auto, (max-width: 800px) 100vw, 800px\" \/><\/a><\/p>\n<p><a href=\"https:\/\/olu-limburg.de\/wp-content\/uploads\/2024\/03\/P1080860_ergebnis.jpg\"><img loading=\"lazy\" decoding=\"async\" class=\"size-full wp-image-30978 aligncenter\" src=\"https:\/\/olu-limburg.de\/wp-content\/uploads\/2024\/03\/P1080860_ergebnis.jpg\" alt=\"\" width=\"800\" height=\"600\" srcset=\"https:\/\/olu-limburg.de\/wp-content\/uploads\/2024\/03\/P1080860_ergebnis.jpg 800w, https:\/\/olu-limburg.de\/wp-content\/uploads\/2024\/03\/P1080860_ergebnis-300x225.jpg 300w, https:\/\/olu-limburg.de\/wp-content\/uploads\/2024\/03\/P1080860_ergebnis-768x576.jpg 768w, https:\/\/olu-limburg.de\/wp-content\/uploads\/2024\/03\/P1080860_ergebnis-624x468.jpg 624w\" sizes=\"auto, (max-width: 800px) 100vw, 800px\" \/><\/a><\/p>\n<p><a href=\"https:\/\/olu-limburg.de\/wp-content\/uploads\/2024\/03\/P1080842_ergebnis-e1711735713126.jpg\"><img loading=\"lazy\" decoding=\"async\" class=\"size-full wp-image-30968 aligncenter\" src=\"https:\/\/olu-limburg.de\/wp-content\/uploads\/2024\/03\/P1080842_ergebnis-e1711735713126.jpg\" alt=\"\" width=\"450\" height=\"600\" \/><\/a><a href=\"https:\/\/olu-limburg.de\/wp-content\/uploads\/2024\/03\/P1080864_ergebnis.jpg\"><img loading=\"lazy\" decoding=\"async\" class=\"size-full wp-image-30980 aligncenter\" src=\"https:\/\/olu-limburg.de\/wp-content\/uploads\/2024\/03\/P1080864_ergebnis.jpg\" alt=\"\" width=\"800\" height=\"600\" srcset=\"https:\/\/olu-limburg.de\/wp-content\/uploads\/2024\/03\/P1080864_ergebnis.jpg 800w, https:\/\/olu-limburg.de\/wp-content\/uploads\/2024\/03\/P1080864_ergebnis-300x225.jpg 300w, https:\/\/olu-limburg.de\/wp-content\/uploads\/2024\/03\/P1080864_ergebnis-768x576.jpg 768w, https:\/\/olu-limburg.de\/wp-content\/uploads\/2024\/03\/P1080864_ergebnis-624x468.jpg 624w\" sizes=\"auto, (max-width: 800px) 100vw, 800px\" \/><\/a><\/p>\n<p><a href=\"https:\/\/olu-limburg.de\/wp-content\/uploads\/2024\/03\/P1080865_ergebnis.jpg\"><img loading=\"lazy\" decoding=\"async\" class=\"size-full wp-image-30981 aligncenter\" src=\"https:\/\/olu-limburg.de\/wp-content\/uploads\/2024\/03\/P1080865_ergebnis.jpg\" alt=\"\" width=\"800\" height=\"600\" srcset=\"https:\/\/olu-limburg.de\/wp-content\/uploads\/2024\/03\/P1080865_ergebnis.jpg 800w, https:\/\/olu-limburg.de\/wp-content\/uploads\/2024\/03\/P1080865_ergebnis-300x225.jpg 300w, https:\/\/olu-limburg.de\/wp-content\/uploads\/2024\/03\/P1080865_ergebnis-768x576.jpg 768w, https:\/\/olu-limburg.de\/wp-content\/uploads\/2024\/03\/P1080865_ergebnis-624x468.jpg 624w\" sizes=\"auto, (max-width: 800px) 100vw, 800px\" \/><\/a><a href=\"https:\/\/olu-limburg.de\/wp-content\/uploads\/2024\/03\/P1080866_ergebnis-e1711735834897.jpg\"><img loading=\"lazy\" decoding=\"async\" class=\"size-full wp-image-30982 aligncenter\" src=\"https:\/\/olu-limburg.de\/wp-content\/uploads\/2024\/03\/P1080866_ergebnis-e1711735834897.jpg\" alt=\"\" width=\"450\" height=\"600\" \/><\/a><\/p>\n<p><a href=\"https:\/\/olu-limburg.de\/wp-content\/uploads\/2024\/03\/P1080867_ergebnis.jpg\"><img loading=\"lazy\" decoding=\"async\" class=\"size-full wp-image-30983 aligncenter\" src=\"https:\/\/olu-limburg.de\/wp-content\/uploads\/2024\/03\/P1080867_ergebnis.jpg\" alt=\"\" width=\"800\" height=\"600\" srcset=\"https:\/\/olu-limburg.de\/wp-content\/uploads\/2024\/03\/P1080867_ergebnis.jpg 800w, https:\/\/olu-limburg.de\/wp-content\/uploads\/2024\/03\/P1080867_ergebnis-300x225.jpg 300w, https:\/\/olu-limburg.de\/wp-content\/uploads\/2024\/03\/P1080867_ergebnis-768x576.jpg 768w, https:\/\/olu-limburg.de\/wp-content\/uploads\/2024\/03\/P1080867_ergebnis-624x468.jpg 624w\" sizes=\"auto, (max-width: 800px) 100vw, 800px\" \/><\/a><\/p>\n<p>Hier m\u00f6chten wir nicht \u00fcbernachten. Die Fahrt geht weiter nach L&#8217;Isle-sur-la-Sorgue. Dort ersp\u00e4hen wir eine Tankstelle vom Super U, wo der Dieselpreis nur noch bei 1,789 steht. Sofort wird getankt und noch einiges eingekauft.<\/p>\n<p><a href=\"https:\/\/olu-limburg.de\/wp-content\/uploads\/2024\/03\/IMG_20220401_133117_ergebnis-e1711736411701.jpg\"><img loading=\"lazy\" decoding=\"async\" class=\"size-full wp-image-30986 aligncenter\" src=\"https:\/\/olu-limburg.de\/wp-content\/uploads\/2024\/03\/IMG_20220401_133117_ergebnis-e1711736411701.jpg\" alt=\"\" width=\"450\" height=\"600\" \/><\/a><\/p>\n<p>Dadurch haben wir einen schnellen Imbiss mit Crevettten, Bulots, Mayonnaise, Baguette und Wein f\u00fcr den sofortigen Verzehr zusammen. Geht doch!<\/p>\n<p><a href=\"https:\/\/olu-limburg.de\/wp-content\/uploads\/2024\/03\/IMG_20220401_141951_ergebnis.jpg\"><img loading=\"lazy\" decoding=\"async\" class=\"size-full wp-image-30987 aligncenter\" src=\"https:\/\/olu-limburg.de\/wp-content\/uploads\/2024\/03\/IMG_20220401_141951_ergebnis.jpg\" alt=\"\" width=\"800\" height=\"600\" srcset=\"https:\/\/olu-limburg.de\/wp-content\/uploads\/2024\/03\/IMG_20220401_141951_ergebnis.jpg 800w, https:\/\/olu-limburg.de\/wp-content\/uploads\/2024\/03\/IMG_20220401_141951_ergebnis-300x225.jpg 300w, https:\/\/olu-limburg.de\/wp-content\/uploads\/2024\/03\/IMG_20220401_141951_ergebnis-768x576.jpg 768w, https:\/\/olu-limburg.de\/wp-content\/uploads\/2024\/03\/IMG_20220401_141951_ergebnis-624x468.jpg 624w\" sizes=\"auto, (max-width: 800px) 100vw, 800px\" \/><\/a><\/p>\n<p>Da es jetzt so kalt wird, bietet sich der CCP-Wohnmobil-Stellplatz von Fontaine-de-Vaucluse als \u00dcbernachtungsm\u00f6glichkeit an. In der App sehe ich, dass auch noch Pl\u00e4tze frei sind. Also nichts wie hin.<\/p>\n<p>Mit heftigem Wind und unangenehmen B\u00f6en erreichen wir Fontaine-de-Vaucluse und verschaffen uns schnell einen ersten Eindruck. Es ist wie immer, sch\u00f6n.<\/p>\n<p><a href=\"https:\/\/olu-limburg.de\/wp-content\/uploads\/2024\/03\/IMG_20220401_161937_ergebnis.jpg\"><img loading=\"lazy\" decoding=\"async\" class=\"size-full wp-image-30990 aligncenter\" src=\"https:\/\/olu-limburg.de\/wp-content\/uploads\/2024\/03\/IMG_20220401_161937_ergebnis.jpg\" alt=\"\" width=\"800\" height=\"600\" srcset=\"https:\/\/olu-limburg.de\/wp-content\/uploads\/2024\/03\/IMG_20220401_161937_ergebnis.jpg 800w, https:\/\/olu-limburg.de\/wp-content\/uploads\/2024\/03\/IMG_20220401_161937_ergebnis-300x225.jpg 300w, https:\/\/olu-limburg.de\/wp-content\/uploads\/2024\/03\/IMG_20220401_161937_ergebnis-768x576.jpg 768w, https:\/\/olu-limburg.de\/wp-content\/uploads\/2024\/03\/IMG_20220401_161937_ergebnis-624x468.jpg 624w\" sizes=\"auto, (max-width: 800px) 100vw, 800px\" \/><\/a><\/p>\n<p>Dann fahren wir auf die andere Seite der Sorgue zu dem Stellplatz mit V+E und Strom f\u00fcr EUR 11,20. Aber leider komme ich nicht durch die Schranke. Der Zugang ist defekt und ich muss bei Camping-Car-Park anrufen.<\/p>\n<p><a href=\"https:\/\/olu-limburg.de\/wp-content\/uploads\/2024\/03\/P1080870_ergebnis-e1711737548599.jpg\"><img loading=\"lazy\" decoding=\"async\" class=\"size-full wp-image-30995 aligncenter\" src=\"https:\/\/olu-limburg.de\/wp-content\/uploads\/2024\/03\/P1080870_ergebnis-e1711737548599.jpg\" alt=\"\" width=\"450\" height=\"600\" \/><\/a><\/p>\n<p>Jetzt ist alles gekl\u00e4rt. Wir sind auf dem Wohnmobil-Stellplatz und haben Strom. Wir k\u00f6nnen also in Ruhe zur Quelle der Sorgue spazieren gehen.<\/p>\n<div id=\"attachment_30996\" style=\"width: 460px\" class=\"wp-caption aligncenter\"><a href=\"https:\/\/olu-limburg.de\/wp-content\/uploads\/2024\/03\/P1080873_ergebnis-e1711737712693.jpg\"><img loading=\"lazy\" decoding=\"async\" aria-describedby=\"caption-attachment-30996\" class=\"wp-image-30996 size-full\" src=\"https:\/\/olu-limburg.de\/wp-content\/uploads\/2024\/03\/P1080873_ergebnis-e1711737712693.jpg\" alt=\"\" width=\"450\" height=\"600\" \/><\/a><p id=\"caption-attachment-30996\" class=\"wp-caption-text\">Sammelablage zur Erleichterung der Briefzustellung<\/p><\/div>\n<p><a href=\"https:\/\/olu-limburg.de\/wp-content\/uploads\/2024\/03\/20220401_162357_ergebnis.jpg\"><img loading=\"lazy\" decoding=\"async\" class=\"size-full wp-image-31013 aligncenter\" src=\"https:\/\/olu-limburg.de\/wp-content\/uploads\/2024\/03\/20220401_162357_ergebnis.jpg\" alt=\"\" width=\"800\" height=\"600\" srcset=\"https:\/\/olu-limburg.de\/wp-content\/uploads\/2024\/03\/20220401_162357_ergebnis.jpg 800w, https:\/\/olu-limburg.de\/wp-content\/uploads\/2024\/03\/20220401_162357_ergebnis-300x225.jpg 300w, https:\/\/olu-limburg.de\/wp-content\/uploads\/2024\/03\/20220401_162357_ergebnis-768x576.jpg 768w, https:\/\/olu-limburg.de\/wp-content\/uploads\/2024\/03\/20220401_162357_ergebnis-624x468.jpg 624w\" sizes=\"auto, (max-width: 800px) 100vw, 800px\" \/><\/a><\/p>\n<p>Der Wanderweg ist wie ausgestorben. Die Verkaufsst\u00e4nde und Bars sind geschlossen.<\/p>\n<p><a href=\"https:\/\/olu-limburg.de\/wp-content\/uploads\/2024\/03\/P1080878_ergebnis.jpg\"><img loading=\"lazy\" decoding=\"async\" class=\"size-full wp-image-30999 aligncenter\" src=\"https:\/\/olu-limburg.de\/wp-content\/uploads\/2024\/03\/P1080878_ergebnis.jpg\" alt=\"\" width=\"800\" height=\"600\" srcset=\"https:\/\/olu-limburg.de\/wp-content\/uploads\/2024\/03\/P1080878_ergebnis.jpg 800w, https:\/\/olu-limburg.de\/wp-content\/uploads\/2024\/03\/P1080878_ergebnis-300x225.jpg 300w, https:\/\/olu-limburg.de\/wp-content\/uploads\/2024\/03\/P1080878_ergebnis-768x576.jpg 768w, https:\/\/olu-limburg.de\/wp-content\/uploads\/2024\/03\/P1080878_ergebnis-624x468.jpg 624w\" sizes=\"auto, (max-width: 800px) 100vw, 800px\" \/><\/a><\/p>\n<p><a href=\"https:\/\/olu-limburg.de\/wp-content\/uploads\/2024\/03\/20220401_163125_ergebnis.jpg\"><img loading=\"lazy\" decoding=\"async\" class=\"size-full wp-image-31014 aligncenter\" src=\"https:\/\/olu-limburg.de\/wp-content\/uploads\/2024\/03\/20220401_163125_ergebnis.jpg\" alt=\"\" width=\"800\" height=\"600\" srcset=\"https:\/\/olu-limburg.de\/wp-content\/uploads\/2024\/03\/20220401_163125_ergebnis.jpg 800w, https:\/\/olu-limburg.de\/wp-content\/uploads\/2024\/03\/20220401_163125_ergebnis-300x225.jpg 300w, https:\/\/olu-limburg.de\/wp-content\/uploads\/2024\/03\/20220401_163125_ergebnis-768x576.jpg 768w, https:\/\/olu-limburg.de\/wp-content\/uploads\/2024\/03\/20220401_163125_ergebnis-624x468.jpg 624w\" sizes=\"auto, (max-width: 800px) 100vw, 800px\" \/><\/a><\/p>\n<p>Wir gehen immer weiter hinten ins Tal hinein &#8230;<\/p>\n<p><a href=\"https:\/\/olu-limburg.de\/wp-content\/uploads\/2024\/03\/P1080887_ergebnis-e1711737850680.jpg\"><img loading=\"lazy\" decoding=\"async\" class=\"size-full wp-image-31002 aligncenter\" src=\"https:\/\/olu-limburg.de\/wp-content\/uploads\/2024\/03\/P1080887_ergebnis-e1711737850680.jpg\" alt=\"\" width=\"450\" height=\"600\" \/><\/a><\/p>\n<p><a href=\"https:\/\/olu-limburg.de\/wp-content\/uploads\/2024\/03\/P1080889_ergebnis.jpg\"><img loading=\"lazy\" decoding=\"async\" class=\"size-full wp-image-31004 aligncenter\" src=\"https:\/\/olu-limburg.de\/wp-content\/uploads\/2024\/03\/P1080889_ergebnis.jpg\" alt=\"\" width=\"800\" height=\"600\" srcset=\"https:\/\/olu-limburg.de\/wp-content\/uploads\/2024\/03\/P1080889_ergebnis.jpg 800w, https:\/\/olu-limburg.de\/wp-content\/uploads\/2024\/03\/P1080889_ergebnis-300x225.jpg 300w, https:\/\/olu-limburg.de\/wp-content\/uploads\/2024\/03\/P1080889_ergebnis-768x576.jpg 768w, https:\/\/olu-limburg.de\/wp-content\/uploads\/2024\/03\/P1080889_ergebnis-624x468.jpg 624w\" sizes=\"auto, (max-width: 800px) 100vw, 800px\" \/><\/a><\/p>\n<p>&#8230; und stehen pl\u00f6tzlich vor dem leeren Gouffre (Schlund). Wo sich vor einigen Jahren noch das Wasser mit viel Druck und breitem Becken aus den Felsen nach oben gedr\u00fcckt hat, ist nichts mehr. Es ist alles vertrocknet.<\/p>\n<p><a href=\"https:\/\/olu-limburg.de\/wp-content\/uploads\/2024\/03\/P1080888_ergebnis.jpg\"><img loading=\"lazy\" decoding=\"async\" class=\"size-full wp-image-31003 aligncenter\" src=\"https:\/\/olu-limburg.de\/wp-content\/uploads\/2024\/03\/P1080888_ergebnis.jpg\" alt=\"\" width=\"800\" height=\"600\" srcset=\"https:\/\/olu-limburg.de\/wp-content\/uploads\/2024\/03\/P1080888_ergebnis.jpg 800w, https:\/\/olu-limburg.de\/wp-content\/uploads\/2024\/03\/P1080888_ergebnis-300x225.jpg 300w, https:\/\/olu-limburg.de\/wp-content\/uploads\/2024\/03\/P1080888_ergebnis-768x576.jpg 768w, https:\/\/olu-limburg.de\/wp-content\/uploads\/2024\/03\/P1080888_ergebnis-624x468.jpg 624w\" sizes=\"auto, (max-width: 800px) 100vw, 800px\" \/><\/a><\/p>\n<p>Total konsterniert gehen wir langsam zur\u00fcck und schauen st\u00e4ndig auf das Flu\u00dfbett, und nehmen jetzt erst wahr, dass die Sorgue durch viele Zufl\u00fcsse von links und rechts mit Wasser versorgt wird. Irgendwie hat sich die Natur, aus welchen Gr\u00fcnden auch immer, f\u00fcr das Wasser mehrere neue Wege gesucht.<\/p>\n<p><a href=\"https:\/\/olu-limburg.de\/wp-content\/uploads\/2024\/03\/P1080886_ergebnis.jpg\"><img loading=\"lazy\" decoding=\"async\" class=\"size-full wp-image-31001 aligncenter\" src=\"https:\/\/olu-limburg.de\/wp-content\/uploads\/2024\/03\/P1080886_ergebnis.jpg\" alt=\"\" width=\"800\" height=\"600\" srcset=\"https:\/\/olu-limburg.de\/wp-content\/uploads\/2024\/03\/P1080886_ergebnis.jpg 800w, https:\/\/olu-limburg.de\/wp-content\/uploads\/2024\/03\/P1080886_ergebnis-300x225.jpg 300w, https:\/\/olu-limburg.de\/wp-content\/uploads\/2024\/03\/P1080886_ergebnis-768x576.jpg 768w, https:\/\/olu-limburg.de\/wp-content\/uploads\/2024\/03\/P1080886_ergebnis-624x468.jpg 624w\" sizes=\"auto, (max-width: 800px) 100vw, 800px\" \/><\/a><\/p>\n<p><a href=\"https:\/\/olu-limburg.de\/wp-content\/uploads\/2024\/03\/P1080885_ergebnis.jpg\"><img loading=\"lazy\" decoding=\"async\" class=\"size-full wp-image-31000 aligncenter\" src=\"https:\/\/olu-limburg.de\/wp-content\/uploads\/2024\/03\/P1080885_ergebnis.jpg\" alt=\"\" width=\"800\" height=\"600\" srcset=\"https:\/\/olu-limburg.de\/wp-content\/uploads\/2024\/03\/P1080885_ergebnis.jpg 800w, https:\/\/olu-limburg.de\/wp-content\/uploads\/2024\/03\/P1080885_ergebnis-300x225.jpg 300w, https:\/\/olu-limburg.de\/wp-content\/uploads\/2024\/03\/P1080885_ergebnis-768x576.jpg 768w, https:\/\/olu-limburg.de\/wp-content\/uploads\/2024\/03\/P1080885_ergebnis-624x468.jpg 624w\" sizes=\"auto, (max-width: 800px) 100vw, 800px\" \/><\/a><\/p>\n<p><a href=\"https:\/\/olu-limburg.de\/wp-content\/uploads\/2024\/03\/P1080896_ergebnis.jpg\"><img loading=\"lazy\" decoding=\"async\" class=\"size-full wp-image-31005 aligncenter\" src=\"https:\/\/olu-limburg.de\/wp-content\/uploads\/2024\/03\/P1080896_ergebnis.jpg\" alt=\"\" width=\"800\" height=\"600\" srcset=\"https:\/\/olu-limburg.de\/wp-content\/uploads\/2024\/03\/P1080896_ergebnis.jpg 800w, https:\/\/olu-limburg.de\/wp-content\/uploads\/2024\/03\/P1080896_ergebnis-300x225.jpg 300w, https:\/\/olu-limburg.de\/wp-content\/uploads\/2024\/03\/P1080896_ergebnis-768x576.jpg 768w, https:\/\/olu-limburg.de\/wp-content\/uploads\/2024\/03\/P1080896_ergebnis-624x468.jpg 624w\" sizes=\"auto, (max-width: 800px) 100vw, 800px\" \/><\/a><\/p>\n<p><a href=\"https:\/\/olu-limburg.de\/wp-content\/uploads\/2024\/03\/IMG_20220401_165136_ergebnis.jpg\"><img loading=\"lazy\" decoding=\"async\" class=\"size-full wp-image-30992 aligncenter\" src=\"https:\/\/olu-limburg.de\/wp-content\/uploads\/2024\/03\/IMG_20220401_165136_ergebnis.jpg\" alt=\"\" width=\"800\" height=\"600\" srcset=\"https:\/\/olu-limburg.de\/wp-content\/uploads\/2024\/03\/IMG_20220401_165136_ergebnis.jpg 800w, https:\/\/olu-limburg.de\/wp-content\/uploads\/2024\/03\/IMG_20220401_165136_ergebnis-300x225.jpg 300w, https:\/\/olu-limburg.de\/wp-content\/uploads\/2024\/03\/IMG_20220401_165136_ergebnis-768x576.jpg 768w, https:\/\/olu-limburg.de\/wp-content\/uploads\/2024\/03\/IMG_20220401_165136_ergebnis-624x468.jpg 624w\" sizes=\"auto, (max-width: 800px) 100vw, 800px\" \/><\/a><\/p>\n<p>Das Schauspiel, was die Besucherstr\u00f6me ausgel\u00f6st hat,\u00a0 ist aber vorbei, das zeigen die leeren St\u00fchle.<\/p>\n<p><a href=\"https:\/\/olu-limburg.de\/wp-content\/uploads\/2024\/03\/P1080900_ergebnis.jpg\"><img loading=\"lazy\" decoding=\"async\" class=\"size-full wp-image-31006 aligncenter\" src=\"https:\/\/olu-limburg.de\/wp-content\/uploads\/2024\/03\/P1080900_ergebnis.jpg\" alt=\"\" width=\"800\" height=\"600\" srcset=\"https:\/\/olu-limburg.de\/wp-content\/uploads\/2024\/03\/P1080900_ergebnis.jpg 800w, https:\/\/olu-limburg.de\/wp-content\/uploads\/2024\/03\/P1080900_ergebnis-300x225.jpg 300w, https:\/\/olu-limburg.de\/wp-content\/uploads\/2024\/03\/P1080900_ergebnis-768x576.jpg 768w, https:\/\/olu-limburg.de\/wp-content\/uploads\/2024\/03\/P1080900_ergebnis-624x468.jpg 624w\" sizes=\"auto, (max-width: 800px) 100vw, 800px\" \/><\/a><\/p>\n<p><a href=\"https:\/\/olu-limburg.de\/wp-content\/uploads\/2024\/03\/P1080901_ergebnis-e1711737989970.jpg\"><img loading=\"lazy\" decoding=\"async\" class=\"size-full wp-image-31007 aligncenter\" src=\"https:\/\/olu-limburg.de\/wp-content\/uploads\/2024\/03\/P1080901_ergebnis-e1711737989970.jpg\" alt=\"\" width=\"450\" height=\"600\" \/><\/a><\/p>\n<p><a href=\"https:\/\/olu-limburg.de\/wp-content\/uploads\/2024\/03\/P1080903_ergebnis.jpg\"><img loading=\"lazy\" decoding=\"async\" class=\"size-full wp-image-31008 aligncenter\" src=\"https:\/\/olu-limburg.de\/wp-content\/uploads\/2024\/03\/P1080903_ergebnis.jpg\" alt=\"\" width=\"800\" height=\"600\" srcset=\"https:\/\/olu-limburg.de\/wp-content\/uploads\/2024\/03\/P1080903_ergebnis.jpg 800w, https:\/\/olu-limburg.de\/wp-content\/uploads\/2024\/03\/P1080903_ergebnis-300x225.jpg 300w, https:\/\/olu-limburg.de\/wp-content\/uploads\/2024\/03\/P1080903_ergebnis-768x576.jpg 768w, https:\/\/olu-limburg.de\/wp-content\/uploads\/2024\/03\/P1080903_ergebnis-624x468.jpg 624w\" sizes=\"auto, (max-width: 800px) 100vw, 800px\" \/><\/a><\/p>\n<p><a href=\"https:\/\/olu-limburg.de\/wp-content\/uploads\/2024\/03\/IMG_20220401_172116_ergebnis.jpg\"><img loading=\"lazy\" decoding=\"async\" class=\"size-full wp-image-30993 aligncenter\" src=\"https:\/\/olu-limburg.de\/wp-content\/uploads\/2024\/03\/IMG_20220401_172116_ergebnis.jpg\" alt=\"\" width=\"800\" height=\"600\" srcset=\"https:\/\/olu-limburg.de\/wp-content\/uploads\/2024\/03\/IMG_20220401_172116_ergebnis.jpg 800w, https:\/\/olu-limburg.de\/wp-content\/uploads\/2024\/03\/IMG_20220401_172116_ergebnis-300x225.jpg 300w, https:\/\/olu-limburg.de\/wp-content\/uploads\/2024\/03\/IMG_20220401_172116_ergebnis-768x576.jpg 768w, https:\/\/olu-limburg.de\/wp-content\/uploads\/2024\/03\/IMG_20220401_172116_ergebnis-624x468.jpg 624w\" sizes=\"auto, (max-width: 800px) 100vw, 800px\" \/><\/a><\/p>\n<p>Im Ort suchen wir zum Abschluss, und um uns ein wenig aufzuw\u00e4rmen, das &#8222;Grand Caf\u00e9 Les Terrasses&#8220; auf und bestellen uns zwei Caf\u00e9 gourmand. Herrlich!<\/p>\n<p><a href=\"https:\/\/olu-limburg.de\/wp-content\/uploads\/2024\/03\/IMG_20220401_172925_ergebnis.jpg\"><img loading=\"lazy\" decoding=\"async\" class=\"size-full wp-image-30994 aligncenter\" src=\"https:\/\/olu-limburg.de\/wp-content\/uploads\/2024\/03\/IMG_20220401_172925_ergebnis.jpg\" alt=\"\" width=\"800\" height=\"600\" srcset=\"https:\/\/olu-limburg.de\/wp-content\/uploads\/2024\/03\/IMG_20220401_172925_ergebnis.jpg 800w, https:\/\/olu-limburg.de\/wp-content\/uploads\/2024\/03\/IMG_20220401_172925_ergebnis-300x225.jpg 300w, https:\/\/olu-limburg.de\/wp-content\/uploads\/2024\/03\/IMG_20220401_172925_ergebnis-768x576.jpg 768w, https:\/\/olu-limburg.de\/wp-content\/uploads\/2024\/03\/IMG_20220401_172925_ergebnis-624x468.jpg 624w\" sizes=\"auto, (max-width: 800px) 100vw, 800px\" \/><\/a><\/p>\n<p>Im Wohnmobil machen wir es uns nun mit Hilfe des Stroms richtig gem\u00fctlich.<\/p>\n<p>Tagesstrecke: 29 km<\/p>\n<p>&nbsp;<\/p>\n<p><strong>Samstag, 02.04.2022<\/strong><\/p>\n<p>Es ist immer noch so kalt und st\u00fcrmisch. Auf dem Stellplatz stehen wir aber ganz gut.<\/p>\n<p><a href=\"https:\/\/olu-limburg.de\/wp-content\/uploads\/2024\/04\/P1080917_ergebnis.jpg\"><img loading=\"lazy\" decoding=\"async\" class=\"size-full wp-image-31029 aligncenter\" src=\"https:\/\/olu-limburg.de\/wp-content\/uploads\/2024\/04\/P1080917_ergebnis.jpg\" alt=\"\" width=\"800\" height=\"600\" srcset=\"https:\/\/olu-limburg.de\/wp-content\/uploads\/2024\/04\/P1080917_ergebnis.jpg 800w, https:\/\/olu-limburg.de\/wp-content\/uploads\/2024\/04\/P1080917_ergebnis-300x225.jpg 300w, https:\/\/olu-limburg.de\/wp-content\/uploads\/2024\/04\/P1080917_ergebnis-768x576.jpg 768w, https:\/\/olu-limburg.de\/wp-content\/uploads\/2024\/04\/P1080917_ergebnis-624x468.jpg 624w\" sizes=\"auto, (max-width: 800px) 100vw, 800px\" \/><\/a><\/p>\n<p>Die Auslagen des B\u00e4ckers sind morgens um 09.00 Uhr zwar noch nicht so gef\u00fcllt. Das was da ist, schmeckt aber gut.<\/p>\n<p><a href=\"https:\/\/olu-limburg.de\/wp-content\/uploads\/2024\/04\/IMG_20220402_090337_ergebnis.jpg\"><img loading=\"lazy\" decoding=\"async\" class=\"size-full wp-image-31023 aligncenter\" src=\"https:\/\/olu-limburg.de\/wp-content\/uploads\/2024\/04\/IMG_20220402_090337_ergebnis.jpg\" alt=\"\" width=\"800\" height=\"600\" srcset=\"https:\/\/olu-limburg.de\/wp-content\/uploads\/2024\/04\/IMG_20220402_090337_ergebnis.jpg 800w, https:\/\/olu-limburg.de\/wp-content\/uploads\/2024\/04\/IMG_20220402_090337_ergebnis-300x225.jpg 300w, https:\/\/olu-limburg.de\/wp-content\/uploads\/2024\/04\/IMG_20220402_090337_ergebnis-768x576.jpg 768w, https:\/\/olu-limburg.de\/wp-content\/uploads\/2024\/04\/IMG_20220402_090337_ergebnis-624x468.jpg 624w\" sizes=\"auto, (max-width: 800px) 100vw, 800px\" \/><\/a><\/p>\n<p>An der Sorgue sind viele Angler unterwegs. Sp\u00e4ter erfahren wir, dass heute Anangeln ist. Ob die Fische sich deshalb verzogen haben?<\/p>\n<p><a href=\"https:\/\/olu-limburg.de\/wp-content\/uploads\/2024\/04\/P1080906_ergebnis.jpg\"><img loading=\"lazy\" decoding=\"async\" class=\"size-full wp-image-31025 aligncenter\" src=\"https:\/\/olu-limburg.de\/wp-content\/uploads\/2024\/04\/P1080906_ergebnis.jpg\" alt=\"\" width=\"800\" height=\"600\" srcset=\"https:\/\/olu-limburg.de\/wp-content\/uploads\/2024\/04\/P1080906_ergebnis.jpg 800w, https:\/\/olu-limburg.de\/wp-content\/uploads\/2024\/04\/P1080906_ergebnis-300x225.jpg 300w, https:\/\/olu-limburg.de\/wp-content\/uploads\/2024\/04\/P1080906_ergebnis-768x576.jpg 768w, https:\/\/olu-limburg.de\/wp-content\/uploads\/2024\/04\/P1080906_ergebnis-624x468.jpg 624w\" sizes=\"auto, (max-width: 800px) 100vw, 800px\" \/><\/a><\/p>\n<p><a href=\"https:\/\/olu-limburg.de\/wp-content\/uploads\/2024\/04\/P1080912_ergebnis.jpg\"><img loading=\"lazy\" decoding=\"async\" class=\"size-full wp-image-31027 aligncenter\" src=\"https:\/\/olu-limburg.de\/wp-content\/uploads\/2024\/04\/P1080912_ergebnis.jpg\" alt=\"\" width=\"800\" height=\"600\" srcset=\"https:\/\/olu-limburg.de\/wp-content\/uploads\/2024\/04\/P1080912_ergebnis.jpg 800w, https:\/\/olu-limburg.de\/wp-content\/uploads\/2024\/04\/P1080912_ergebnis-300x225.jpg 300w, https:\/\/olu-limburg.de\/wp-content\/uploads\/2024\/04\/P1080912_ergebnis-768x576.jpg 768w, https:\/\/olu-limburg.de\/wp-content\/uploads\/2024\/04\/P1080912_ergebnis-624x468.jpg 624w\" sizes=\"auto, (max-width: 800px) 100vw, 800px\" \/><\/a><\/p>\n<p><a href=\"https:\/\/olu-limburg.de\/wp-content\/uploads\/2024\/04\/P1080914_ergebnis.jpg\"><img loading=\"lazy\" decoding=\"async\" class=\"size-full wp-image-31028 aligncenter\" src=\"https:\/\/olu-limburg.de\/wp-content\/uploads\/2024\/04\/P1080914_ergebnis.jpg\" alt=\"\" width=\"800\" height=\"600\" srcset=\"https:\/\/olu-limburg.de\/wp-content\/uploads\/2024\/04\/P1080914_ergebnis.jpg 800w, https:\/\/olu-limburg.de\/wp-content\/uploads\/2024\/04\/P1080914_ergebnis-300x225.jpg 300w, https:\/\/olu-limburg.de\/wp-content\/uploads\/2024\/04\/P1080914_ergebnis-768x576.jpg 768w, https:\/\/olu-limburg.de\/wp-content\/uploads\/2024\/04\/P1080914_ergebnis-624x468.jpg 624w\" sizes=\"auto, (max-width: 800px) 100vw, 800px\" \/><\/a><\/p>\n<p>Wir machen am Nachmittag noch einen Spaziergang und finden tats\u00e4chlich eine Bar, in der wir einen Gl\u00fchwein bekommen.<\/p>\n<p><a href=\"https:\/\/olu-limburg.de\/wp-content\/uploads\/2024\/04\/IMG_20220402_161645_ergebnis.jpg\"><img loading=\"lazy\" decoding=\"async\" class=\"size-full wp-image-31024 aligncenter\" src=\"https:\/\/olu-limburg.de\/wp-content\/uploads\/2024\/04\/IMG_20220402_161645_ergebnis.jpg\" alt=\"\" width=\"800\" height=\"600\" srcset=\"https:\/\/olu-limburg.de\/wp-content\/uploads\/2024\/04\/IMG_20220402_161645_ergebnis.jpg 800w, https:\/\/olu-limburg.de\/wp-content\/uploads\/2024\/04\/IMG_20220402_161645_ergebnis-300x225.jpg 300w, https:\/\/olu-limburg.de\/wp-content\/uploads\/2024\/04\/IMG_20220402_161645_ergebnis-768x576.jpg 768w, https:\/\/olu-limburg.de\/wp-content\/uploads\/2024\/04\/IMG_20220402_161645_ergebnis-624x468.jpg 624w\" sizes=\"auto, (max-width: 800px) 100vw, 800px\" \/><\/a><\/p>\n<p><a href=\"https:\/\/olu-limburg.de\/wp-content\/uploads\/2024\/04\/P1080911_ergebnis-e1711991173851.jpg\"><img loading=\"lazy\" decoding=\"async\" class=\"size-full wp-image-31026 alignleft\" src=\"https:\/\/olu-limburg.de\/wp-content\/uploads\/2024\/04\/P1080911_ergebnis-e1711991173851.jpg\" alt=\"\" width=\"450\" height=\"600\" \/><\/a><\/p>\n<p><a href=\"https:\/\/olu-limburg.de\/wp-content\/uploads\/2024\/04\/20220402_164920_ergebnis-e1712052624331.jpg\"><img loading=\"lazy\" decoding=\"async\" class=\"size-full wp-image-31067 alignright\" src=\"https:\/\/olu-limburg.de\/wp-content\/uploads\/2024\/04\/20220402_164920_ergebnis-e1712052624331.jpg\" alt=\"\" width=\"450\" height=\"600\" \/><\/a><\/p>\n<p><a href=\"https:\/\/olu-limburg.de\/wp-content\/uploads\/2024\/04\/20220402_165201_ergebnis.jpg\"><img loading=\"lazy\" decoding=\"async\" class=\"size-full wp-image-31068 aligncenter\" src=\"https:\/\/olu-limburg.de\/wp-content\/uploads\/2024\/04\/20220402_165201_ergebnis.jpg\" alt=\"\" width=\"800\" height=\"600\" srcset=\"https:\/\/olu-limburg.de\/wp-content\/uploads\/2024\/04\/20220402_165201_ergebnis.jpg 800w, https:\/\/olu-limburg.de\/wp-content\/uploads\/2024\/04\/20220402_165201_ergebnis-300x225.jpg 300w, https:\/\/olu-limburg.de\/wp-content\/uploads\/2024\/04\/20220402_165201_ergebnis-768x576.jpg 768w, https:\/\/olu-limburg.de\/wp-content\/uploads\/2024\/04\/20220402_165201_ergebnis-624x468.jpg 624w\" sizes=\"auto, (max-width: 800px) 100vw, 800px\" \/><\/a><\/p>\n<p>Tagesstrecke: 0 km<\/p>\n<p>&nbsp;<\/p>\n<p><strong>Sonntag, 03.04.2022<\/strong><\/p>\n<p>Der Wind hat nachgelassen. Deshalb ziehen wir weiter und fahren gegen Mittag nach L&#8217;Isle-sur-la-Sorgue zum Sonntagsmarkt.<\/p>\n<p><a href=\"https:\/\/olu-limburg.de\/wp-content\/uploads\/2024\/04\/IMG_20220403_123800_ergebnis.jpg\"><img loading=\"lazy\" decoding=\"async\" class=\"size-full wp-image-31031 aligncenter\" src=\"https:\/\/olu-limburg.de\/wp-content\/uploads\/2024\/04\/IMG_20220403_123800_ergebnis.jpg\" alt=\"\" width=\"800\" height=\"600\" srcset=\"https:\/\/olu-limburg.de\/wp-content\/uploads\/2024\/04\/IMG_20220403_123800_ergebnis.jpg 800w, https:\/\/olu-limburg.de\/wp-content\/uploads\/2024\/04\/IMG_20220403_123800_ergebnis-300x225.jpg 300w, https:\/\/olu-limburg.de\/wp-content\/uploads\/2024\/04\/IMG_20220403_123800_ergebnis-768x576.jpg 768w, https:\/\/olu-limburg.de\/wp-content\/uploads\/2024\/04\/IMG_20220403_123800_ergebnis-624x468.jpg 624w\" sizes=\"auto, (max-width: 800px) 100vw, 800px\" \/><\/a><\/p>\n<p>Es ist noch viel Betrieb, &#8230;<\/p>\n<p><a href=\"https:\/\/olu-limburg.de\/wp-content\/uploads\/2024\/04\/IMG_20220403_124236_ergebnis.jpg\"><img loading=\"lazy\" decoding=\"async\" class=\"size-full wp-image-31032 aligncenter\" src=\"https:\/\/olu-limburg.de\/wp-content\/uploads\/2024\/04\/IMG_20220403_124236_ergebnis.jpg\" alt=\"\" width=\"800\" height=\"600\" srcset=\"https:\/\/olu-limburg.de\/wp-content\/uploads\/2024\/04\/IMG_20220403_124236_ergebnis.jpg 800w, https:\/\/olu-limburg.de\/wp-content\/uploads\/2024\/04\/IMG_20220403_124236_ergebnis-300x225.jpg 300w, https:\/\/olu-limburg.de\/wp-content\/uploads\/2024\/04\/IMG_20220403_124236_ergebnis-768x576.jpg 768w, https:\/\/olu-limburg.de\/wp-content\/uploads\/2024\/04\/IMG_20220403_124236_ergebnis-624x468.jpg 624w\" sizes=\"auto, (max-width: 800px) 100vw, 800px\" \/><\/a><\/p>\n<p>&#8230; doch dauert es nicht lange, bis wir etwas Gutes f\u00fcr unseren Magen gefunden haben.<\/p>\n<p><a href=\"https:\/\/olu-limburg.de\/wp-content\/uploads\/2024\/04\/IMG_20220403_125205_ergebnis.jpg\"><img loading=\"lazy\" decoding=\"async\" class=\"size-full wp-image-31033 aligncenter\" src=\"https:\/\/olu-limburg.de\/wp-content\/uploads\/2024\/04\/IMG_20220403_125205_ergebnis.jpg\" alt=\"\" width=\"800\" height=\"600\" srcset=\"https:\/\/olu-limburg.de\/wp-content\/uploads\/2024\/04\/IMG_20220403_125205_ergebnis.jpg 800w, https:\/\/olu-limburg.de\/wp-content\/uploads\/2024\/04\/IMG_20220403_125205_ergebnis-300x225.jpg 300w, https:\/\/olu-limburg.de\/wp-content\/uploads\/2024\/04\/IMG_20220403_125205_ergebnis-768x576.jpg 768w, https:\/\/olu-limburg.de\/wp-content\/uploads\/2024\/04\/IMG_20220403_125205_ergebnis-624x468.jpg 624w\" sizes=\"auto, (max-width: 800px) 100vw, 800px\" \/><\/a><\/p>\n<p><a href=\"https:\/\/olu-limburg.de\/wp-content\/uploads\/2024\/04\/IMG_20220403_134905_ergebnis.jpg\"><img loading=\"lazy\" decoding=\"async\" class=\"size-full wp-image-31037 aligncenter\" src=\"https:\/\/olu-limburg.de\/wp-content\/uploads\/2024\/04\/IMG_20220403_134905_ergebnis.jpg\" alt=\"\" width=\"800\" height=\"600\" srcset=\"https:\/\/olu-limburg.de\/wp-content\/uploads\/2024\/04\/IMG_20220403_134905_ergebnis.jpg 800w, https:\/\/olu-limburg.de\/wp-content\/uploads\/2024\/04\/IMG_20220403_134905_ergebnis-300x225.jpg 300w, https:\/\/olu-limburg.de\/wp-content\/uploads\/2024\/04\/IMG_20220403_134905_ergebnis-768x576.jpg 768w, https:\/\/olu-limburg.de\/wp-content\/uploads\/2024\/04\/IMG_20220403_134905_ergebnis-624x468.jpg 624w\" sizes=\"auto, (max-width: 800px) 100vw, 800px\" \/><\/a><\/p>\n<p><a href=\"https:\/\/olu-limburg.de\/wp-content\/uploads\/2024\/04\/IMG_20220403_135416_ergebnis-e1711992002443.jpg\"><img loading=\"lazy\" decoding=\"async\" class=\"size-full wp-image-31038 aligncenter\" src=\"https:\/\/olu-limburg.de\/wp-content\/uploads\/2024\/04\/IMG_20220403_135416_ergebnis-e1711992002443.jpg\" alt=\"\" width=\"450\" height=\"600\" \/><\/a><\/p>\n<div id=\"attachment_31034\" style=\"width: 810px\" class=\"wp-caption aligncenter\"><a href=\"https:\/\/olu-limburg.de\/wp-content\/uploads\/2024\/04\/IMG_20220403_130811_ergebnis.jpg\"><img loading=\"lazy\" decoding=\"async\" aria-describedby=\"caption-attachment-31034\" class=\"wp-image-31034 size-full\" src=\"https:\/\/olu-limburg.de\/wp-content\/uploads\/2024\/04\/IMG_20220403_130811_ergebnis.jpg\" alt=\"\" width=\"800\" height=\"600\" srcset=\"https:\/\/olu-limburg.de\/wp-content\/uploads\/2024\/04\/IMG_20220403_130811_ergebnis.jpg 800w, https:\/\/olu-limburg.de\/wp-content\/uploads\/2024\/04\/IMG_20220403_130811_ergebnis-300x225.jpg 300w, https:\/\/olu-limburg.de\/wp-content\/uploads\/2024\/04\/IMG_20220403_130811_ergebnis-768x576.jpg 768w, https:\/\/olu-limburg.de\/wp-content\/uploads\/2024\/04\/IMG_20220403_130811_ergebnis-624x468.jpg 624w\" sizes=\"auto, (max-width: 800px) 100vw, 800px\" \/><\/a><p id=\"caption-attachment-31034\" class=\"wp-caption-text\">Gr\u00fcner Spargel mit einer Hollandaise-So\u00dfe<\/p><\/div>\n<div id=\"attachment_31035\" style=\"width: 810px\" class=\"wp-caption aligncenter\"><a href=\"https:\/\/olu-limburg.de\/wp-content\/uploads\/2024\/04\/IMG_20220403_132540_ergebnis.jpg\"><img loading=\"lazy\" decoding=\"async\" aria-describedby=\"caption-attachment-31035\" class=\"wp-image-31035 size-full\" src=\"https:\/\/olu-limburg.de\/wp-content\/uploads\/2024\/04\/IMG_20220403_132540_ergebnis.jpg\" alt=\"\" width=\"800\" height=\"600\" srcset=\"https:\/\/olu-limburg.de\/wp-content\/uploads\/2024\/04\/IMG_20220403_132540_ergebnis.jpg 800w, https:\/\/olu-limburg.de\/wp-content\/uploads\/2024\/04\/IMG_20220403_132540_ergebnis-300x225.jpg 300w, https:\/\/olu-limburg.de\/wp-content\/uploads\/2024\/04\/IMG_20220403_132540_ergebnis-768x576.jpg 768w, https:\/\/olu-limburg.de\/wp-content\/uploads\/2024\/04\/IMG_20220403_132540_ergebnis-624x468.jpg 624w\" sizes=\"auto, (max-width: 800px) 100vw, 800px\" \/><\/a><p id=\"caption-attachment-31035\" class=\"wp-caption-text\">Rindergulasch und Kartoffelstampf mit Oliven\u00f6l<\/p><\/div>\n<div id=\"attachment_31069\" style=\"width: 810px\" class=\"wp-caption aligncenter\"><a href=\"https:\/\/olu-limburg.de\/wp-content\/uploads\/2024\/04\/20220403_132557_ergebnis.jpg\"><img loading=\"lazy\" decoding=\"async\" aria-describedby=\"caption-attachment-31069\" class=\"wp-image-31069 size-full\" src=\"https:\/\/olu-limburg.de\/wp-content\/uploads\/2024\/04\/20220403_132557_ergebnis.jpg\" alt=\"\" width=\"800\" height=\"600\" srcset=\"https:\/\/olu-limburg.de\/wp-content\/uploads\/2024\/04\/20220403_132557_ergebnis.jpg 800w, https:\/\/olu-limburg.de\/wp-content\/uploads\/2024\/04\/20220403_132557_ergebnis-300x225.jpg 300w, https:\/\/olu-limburg.de\/wp-content\/uploads\/2024\/04\/20220403_132557_ergebnis-768x576.jpg 768w, https:\/\/olu-limburg.de\/wp-content\/uploads\/2024\/04\/20220403_132557_ergebnis-624x468.jpg 624w\" sizes=\"auto, (max-width: 800px) 100vw, 800px\" \/><\/a><p id=\"caption-attachment-31069\" class=\"wp-caption-text\">ein Duo aus Wolfsbarsch und Lachs, beurre blanc mit Fenschel, Reis und Bohnen<\/p><\/div>\n<div id=\"attachment_31036\" style=\"width: 810px\" class=\"wp-caption aligncenter\"><a href=\"https:\/\/olu-limburg.de\/wp-content\/uploads\/2024\/04\/IMG_20220403_134658_ergebnis.jpg\"><img loading=\"lazy\" decoding=\"async\" aria-describedby=\"caption-attachment-31036\" class=\"wp-image-31036 size-full\" src=\"https:\/\/olu-limburg.de\/wp-content\/uploads\/2024\/04\/IMG_20220403_134658_ergebnis.jpg\" alt=\"\" width=\"800\" height=\"600\" srcset=\"https:\/\/olu-limburg.de\/wp-content\/uploads\/2024\/04\/IMG_20220403_134658_ergebnis.jpg 800w, https:\/\/olu-limburg.de\/wp-content\/uploads\/2024\/04\/IMG_20220403_134658_ergebnis-300x225.jpg 300w, https:\/\/olu-limburg.de\/wp-content\/uploads\/2024\/04\/IMG_20220403_134658_ergebnis-768x576.jpg 768w, https:\/\/olu-limburg.de\/wp-content\/uploads\/2024\/04\/IMG_20220403_134658_ergebnis-624x468.jpg 624w\" sizes=\"auto, (max-width: 800px) 100vw, 800px\" \/><\/a><p id=\"caption-attachment-31036\" class=\"wp-caption-text\">Cr\u00e8me Br\u00fbl\u00e9e und ein Obst-Sahne-Dessert<\/p><\/div>\n<p>Nach dem guten Essen ist der Markt schon weitestgehend abgebaut.<\/p>\n<p><a href=\"https:\/\/olu-limburg.de\/wp-content\/uploads\/2024\/04\/IMG_20220403_140155_ergebnis.jpg\"><img loading=\"lazy\" decoding=\"async\" class=\"size-full wp-image-31041 aligncenter\" src=\"https:\/\/olu-limburg.de\/wp-content\/uploads\/2024\/04\/IMG_20220403_140155_ergebnis.jpg\" alt=\"\" width=\"800\" height=\"600\" srcset=\"https:\/\/olu-limburg.de\/wp-content\/uploads\/2024\/04\/IMG_20220403_140155_ergebnis.jpg 800w, https:\/\/olu-limburg.de\/wp-content\/uploads\/2024\/04\/IMG_20220403_140155_ergebnis-300x225.jpg 300w, https:\/\/olu-limburg.de\/wp-content\/uploads\/2024\/04\/IMG_20220403_140155_ergebnis-768x576.jpg 768w, https:\/\/olu-limburg.de\/wp-content\/uploads\/2024\/04\/IMG_20220403_140155_ergebnis-624x468.jpg 624w\" sizes=\"auto, (max-width: 800px) 100vw, 800px\" \/><\/a><\/p>\n<p>Und die Restaurants sind leer.<\/p>\n<p><a href=\"https:\/\/olu-limburg.de\/wp-content\/uploads\/2024\/04\/IMG_20220403_135715_ergebnis.jpg\"><img loading=\"lazy\" decoding=\"async\" class=\"size-full wp-image-31039 aligncenter\" src=\"https:\/\/olu-limburg.de\/wp-content\/uploads\/2024\/04\/IMG_20220403_135715_ergebnis.jpg\" alt=\"\" width=\"800\" height=\"600\" srcset=\"https:\/\/olu-limburg.de\/wp-content\/uploads\/2024\/04\/IMG_20220403_135715_ergebnis.jpg 800w, https:\/\/olu-limburg.de\/wp-content\/uploads\/2024\/04\/IMG_20220403_135715_ergebnis-300x225.jpg 300w, https:\/\/olu-limburg.de\/wp-content\/uploads\/2024\/04\/IMG_20220403_135715_ergebnis-768x576.jpg 768w, https:\/\/olu-limburg.de\/wp-content\/uploads\/2024\/04\/IMG_20220403_135715_ergebnis-624x468.jpg 624w\" sizes=\"auto, (max-width: 800px) 100vw, 800px\" \/><\/a><\/p>\n<p><a href=\"https:\/\/olu-limburg.de\/wp-content\/uploads\/2024\/04\/IMG_20220403_135950_ergebnis-e1711992076437.jpg\"><img loading=\"lazy\" decoding=\"async\" class=\"size-full wp-image-31040 aligncenter\" src=\"https:\/\/olu-limburg.de\/wp-content\/uploads\/2024\/04\/IMG_20220403_135950_ergebnis-e1711992076437.jpg\" alt=\"\" width=\"450\" height=\"600\" \/><\/a><\/p>\n<p><a href=\"https:\/\/olu-limburg.de\/wp-content\/uploads\/2024\/04\/IMG_20220403_140242_ergebnis-e1711992094733.jpg\"><img loading=\"lazy\" decoding=\"async\" class=\"size-full wp-image-31042 aligncenter\" src=\"https:\/\/olu-limburg.de\/wp-content\/uploads\/2024\/04\/IMG_20220403_140242_ergebnis-e1711992094733.jpg\" alt=\"\" width=\"450\" height=\"600\" \/><\/a><\/p>\n<p>Auch in den Stra\u00dfen der Altstadt kehrt wieder Ruhe ein.<\/p>\n<p><a href=\"https:\/\/olu-limburg.de\/wp-content\/uploads\/2024\/04\/P1080919_ergebnis-e1711992118489.jpg\"><img loading=\"lazy\" decoding=\"async\" class=\"size-full wp-image-31044 aligncenter\" src=\"https:\/\/olu-limburg.de\/wp-content\/uploads\/2024\/04\/P1080919_ergebnis-e1711992118489.jpg\" alt=\"\" width=\"450\" height=\"600\" \/><\/a><\/p>\n<p><a href=\"https:\/\/olu-limburg.de\/wp-content\/uploads\/2024\/04\/IMG_20220403_140501_ergebnis-e1711992140195.jpg\"><img loading=\"lazy\" decoding=\"async\" class=\"size-full wp-image-31043 aligncenter\" src=\"https:\/\/olu-limburg.de\/wp-content\/uploads\/2024\/04\/IMG_20220403_140501_ergebnis-e1711992140195.jpg\" alt=\"\" width=\"450\" height=\"600\" \/><\/a><\/p>\n<p>Selbst die Ruheb\u00e4nke sind jetzt verwaist.<\/p>\n<p><a href=\"https:\/\/olu-limburg.de\/wp-content\/uploads\/2024\/04\/P1080922_ergebnis.jpg\"><img loading=\"lazy\" decoding=\"async\" class=\"size-full wp-image-31045 aligncenter\" src=\"https:\/\/olu-limburg.de\/wp-content\/uploads\/2024\/04\/P1080922_ergebnis.jpg\" alt=\"\" width=\"800\" height=\"600\" srcset=\"https:\/\/olu-limburg.de\/wp-content\/uploads\/2024\/04\/P1080922_ergebnis.jpg 800w, https:\/\/olu-limburg.de\/wp-content\/uploads\/2024\/04\/P1080922_ergebnis-300x225.jpg 300w, https:\/\/olu-limburg.de\/wp-content\/uploads\/2024\/04\/P1080922_ergebnis-768x576.jpg 768w, https:\/\/olu-limburg.de\/wp-content\/uploads\/2024\/04\/P1080922_ergebnis-624x468.jpg 624w\" sizes=\"auto, (max-width: 800px) 100vw, 800px\" \/><\/a><\/p>\n<p><a href=\"https:\/\/olu-limburg.de\/wp-content\/uploads\/2024\/04\/20220403_142358_ergebnis.jpg\"><img loading=\"lazy\" decoding=\"async\" class=\"size-full wp-image-31070 aligncenter\" src=\"https:\/\/olu-limburg.de\/wp-content\/uploads\/2024\/04\/20220403_142358_ergebnis.jpg\" alt=\"\" width=\"800\" height=\"600\" srcset=\"https:\/\/olu-limburg.de\/wp-content\/uploads\/2024\/04\/20220403_142358_ergebnis.jpg 800w, https:\/\/olu-limburg.de\/wp-content\/uploads\/2024\/04\/20220403_142358_ergebnis-300x225.jpg 300w, https:\/\/olu-limburg.de\/wp-content\/uploads\/2024\/04\/20220403_142358_ergebnis-768x576.jpg 768w, https:\/\/olu-limburg.de\/wp-content\/uploads\/2024\/04\/20220403_142358_ergebnis-624x468.jpg 624w\" sizes=\"auto, (max-width: 800px) 100vw, 800px\" \/><\/a><\/p>\n<p>Noch schnell ein frisches Brot vom B\u00e4cker holen, das ist ganz wichtig.<\/p>\n<p><a href=\"https:\/\/olu-limburg.de\/wp-content\/uploads\/2024\/04\/P1070833_ergebnis.jpg\"><img loading=\"lazy\" decoding=\"async\" class=\"size-full wp-image-31071 aligncenter\" src=\"https:\/\/olu-limburg.de\/wp-content\/uploads\/2024\/04\/P1070833_ergebnis.jpg\" alt=\"\" width=\"800\" height=\"600\" srcset=\"https:\/\/olu-limburg.de\/wp-content\/uploads\/2024\/04\/P1070833_ergebnis.jpg 800w, https:\/\/olu-limburg.de\/wp-content\/uploads\/2024\/04\/P1070833_ergebnis-300x225.jpg 300w, https:\/\/olu-limburg.de\/wp-content\/uploads\/2024\/04\/P1070833_ergebnis-768x576.jpg 768w, https:\/\/olu-limburg.de\/wp-content\/uploads\/2024\/04\/P1070833_ergebnis-624x468.jpg 624w\" sizes=\"auto, (max-width: 800px) 100vw, 800px\" \/><\/a><\/p>\n<p>Wir fahren los und schaffen es tats\u00e4chlich bis Istres. Nun sind wir nicht mehr weit weg vom Mittelmeer. Der Stellplatz mit V+E kostet EUR 8,00. Er liegt gut, ist aber durch die vorbei f\u00fchrende Stra\u00dfe etwas laut. Au\u00dferdem gibt es keinen direkten Zugang zu dem angrenzenden See.<\/p>\n<p><a href=\"https:\/\/olu-limburg.de\/wp-content\/uploads\/2024\/04\/P1080925_ergebnis.jpg\"><img loading=\"lazy\" decoding=\"async\" class=\"size-full wp-image-31052 aligncenter\" src=\"https:\/\/olu-limburg.de\/wp-content\/uploads\/2024\/04\/P1080925_ergebnis.jpg\" alt=\"\" width=\"800\" height=\"600\" srcset=\"https:\/\/olu-limburg.de\/wp-content\/uploads\/2024\/04\/P1080925_ergebnis.jpg 800w, https:\/\/olu-limburg.de\/wp-content\/uploads\/2024\/04\/P1080925_ergebnis-300x225.jpg 300w, https:\/\/olu-limburg.de\/wp-content\/uploads\/2024\/04\/P1080925_ergebnis-768x576.jpg 768w, https:\/\/olu-limburg.de\/wp-content\/uploads\/2024\/04\/P1080925_ergebnis-624x468.jpg 624w\" sizes=\"auto, (max-width: 800px) 100vw, 800px\" \/><\/a><\/p>\n<p>Uns zieht es am f\u00fchen Abend noch einmal in die Altstadt von Istres.<\/p>\n<p><a href=\"https:\/\/olu-limburg.de\/wp-content\/uploads\/2024\/04\/IMG_20220403_175038_ergebnis.jpg\"><img loading=\"lazy\" decoding=\"async\" class=\"size-full wp-image-31047 aligncenter\" src=\"https:\/\/olu-limburg.de\/wp-content\/uploads\/2024\/04\/IMG_20220403_175038_ergebnis.jpg\" alt=\"\" width=\"800\" height=\"600\" srcset=\"https:\/\/olu-limburg.de\/wp-content\/uploads\/2024\/04\/IMG_20220403_175038_ergebnis.jpg 800w, https:\/\/olu-limburg.de\/wp-content\/uploads\/2024\/04\/IMG_20220403_175038_ergebnis-300x225.jpg 300w, https:\/\/olu-limburg.de\/wp-content\/uploads\/2024\/04\/IMG_20220403_175038_ergebnis-768x576.jpg 768w, https:\/\/olu-limburg.de\/wp-content\/uploads\/2024\/04\/IMG_20220403_175038_ergebnis-624x468.jpg 624w\" sizes=\"auto, (max-width: 800px) 100vw, 800px\" \/><\/a><\/p>\n<p><a href=\"https:\/\/olu-limburg.de\/wp-content\/uploads\/2024\/04\/IMG_20220403_175146_ergebnis.jpg\"><img loading=\"lazy\" decoding=\"async\" class=\"size-full wp-image-31048 aligncenter\" src=\"https:\/\/olu-limburg.de\/wp-content\/uploads\/2024\/04\/IMG_20220403_175146_ergebnis.jpg\" alt=\"\" width=\"800\" height=\"600\" srcset=\"https:\/\/olu-limburg.de\/wp-content\/uploads\/2024\/04\/IMG_20220403_175146_ergebnis.jpg 800w, https:\/\/olu-limburg.de\/wp-content\/uploads\/2024\/04\/IMG_20220403_175146_ergebnis-300x225.jpg 300w, https:\/\/olu-limburg.de\/wp-content\/uploads\/2024\/04\/IMG_20220403_175146_ergebnis-768x576.jpg 768w, https:\/\/olu-limburg.de\/wp-content\/uploads\/2024\/04\/IMG_20220403_175146_ergebnis-624x468.jpg 624w\" sizes=\"auto, (max-width: 800px) 100vw, 800px\" \/><\/a><\/p>\n<p><a href=\"https:\/\/olu-limburg.de\/wp-content\/uploads\/2024\/04\/IMG_20220403_180346_ergebnis-e1711993558831.jpg\"><img loading=\"lazy\" decoding=\"async\" class=\"size-full wp-image-31049 aligncenter\" src=\"https:\/\/olu-limburg.de\/wp-content\/uploads\/2024\/04\/IMG_20220403_180346_ergebnis-e1711993558831.jpg\" alt=\"\" width=\"450\" height=\"600\" \/><\/a><\/p>\n<p>Von hier oben haben wir eine wunderbare Aussicht.<\/p>\n<div id=\"attachment_31050\" style=\"width: 810px\" class=\"wp-caption aligncenter\"><a href=\"https:\/\/olu-limburg.de\/wp-content\/uploads\/2024\/04\/IMG_20220403_180721_ergebnis.jpg\"><img loading=\"lazy\" decoding=\"async\" aria-describedby=\"caption-attachment-31050\" class=\"wp-image-31050 size-full\" src=\"https:\/\/olu-limburg.de\/wp-content\/uploads\/2024\/04\/IMG_20220403_180721_ergebnis.jpg\" alt=\"\" width=\"800\" height=\"600\" srcset=\"https:\/\/olu-limburg.de\/wp-content\/uploads\/2024\/04\/IMG_20220403_180721_ergebnis.jpg 800w, https:\/\/olu-limburg.de\/wp-content\/uploads\/2024\/04\/IMG_20220403_180721_ergebnis-300x225.jpg 300w, https:\/\/olu-limburg.de\/wp-content\/uploads\/2024\/04\/IMG_20220403_180721_ergebnis-768x576.jpg 768w, https:\/\/olu-limburg.de\/wp-content\/uploads\/2024\/04\/IMG_20220403_180721_ergebnis-624x468.jpg 624w\" sizes=\"auto, (max-width: 800px) 100vw, 800px\" \/><\/a><p id=\"caption-attachment-31050\" class=\"wp-caption-text\">Eglise Notre Dame de Beauvoir<\/p><\/div>\n<p><a href=\"https:\/\/olu-limburg.de\/wp-content\/uploads\/2024\/04\/IMG_20220403_180824_ergebnis.jpg\"><img loading=\"lazy\" decoding=\"async\" class=\"size-full wp-image-31051 aligncenter\" src=\"https:\/\/olu-limburg.de\/wp-content\/uploads\/2024\/04\/IMG_20220403_180824_ergebnis.jpg\" alt=\"\" width=\"800\" height=\"600\" srcset=\"https:\/\/olu-limburg.de\/wp-content\/uploads\/2024\/04\/IMG_20220403_180824_ergebnis.jpg 800w, https:\/\/olu-limburg.de\/wp-content\/uploads\/2024\/04\/IMG_20220403_180824_ergebnis-300x225.jpg 300w, https:\/\/olu-limburg.de\/wp-content\/uploads\/2024\/04\/IMG_20220403_180824_ergebnis-768x576.jpg 768w, https:\/\/olu-limburg.de\/wp-content\/uploads\/2024\/04\/IMG_20220403_180824_ergebnis-624x468.jpg 624w\" sizes=\"auto, (max-width: 800px) 100vw, 800px\" \/><\/a><\/p>\n<p><a href=\"https:\/\/olu-limburg.de\/wp-content\/uploads\/2024\/04\/P1080927_ergebnis-e1711993632147.jpg\"><img loading=\"lazy\" decoding=\"async\" class=\"size-full wp-image-31053 alignleft\" src=\"https:\/\/olu-limburg.de\/wp-content\/uploads\/2024\/04\/P1080927_ergebnis-e1711993632147.jpg\" alt=\"\" width=\"450\" height=\"600\" \/><\/a><\/p>\n<p><a href=\"https:\/\/olu-limburg.de\/wp-content\/uploads\/2024\/04\/P1080932_ergebnis-e1711993654886.jpg\"><img loading=\"lazy\" decoding=\"async\" class=\"size-full wp-image-31055 alignright\" src=\"https:\/\/olu-limburg.de\/wp-content\/uploads\/2024\/04\/P1080932_ergebnis-e1711993654886.jpg\" alt=\"\" width=\"450\" height=\"600\" \/><\/a><\/p>\n<p><a href=\"https:\/\/olu-limburg.de\/wp-content\/uploads\/2024\/04\/P1080936_ergebnis-e1711993736349.jpg\"><img loading=\"lazy\" decoding=\"async\" class=\"size-full wp-image-31057 alignleft\" src=\"https:\/\/olu-limburg.de\/wp-content\/uploads\/2024\/04\/P1080936_ergebnis-e1711993736349.jpg\" alt=\"\" width=\"450\" height=\"600\" \/><\/a><\/p>\n<p><a href=\"https:\/\/olu-limburg.de\/wp-content\/uploads\/2024\/04\/P1080933_ergebnis-e1711993716475.jpg\"><img loading=\"lazy\" decoding=\"async\" class=\"size-full wp-image-31056 alignright\" src=\"https:\/\/olu-limburg.de\/wp-content\/uploads\/2024\/04\/P1080933_ergebnis-e1711993716475.jpg\" alt=\"\" width=\"450\" height=\"600\" \/><\/a><\/p>\n<p><a href=\"https:\/\/olu-limburg.de\/wp-content\/uploads\/2024\/04\/P1080929_ergebnis.jpg\"><img loading=\"lazy\" decoding=\"async\" class=\"size-full wp-image-31054 aligncenter\" src=\"https:\/\/olu-limburg.de\/wp-content\/uploads\/2024\/04\/P1080929_ergebnis.jpg\" alt=\"\" width=\"800\" height=\"600\" srcset=\"https:\/\/olu-limburg.de\/wp-content\/uploads\/2024\/04\/P1080929_ergebnis.jpg 800w, https:\/\/olu-limburg.de\/wp-content\/uploads\/2024\/04\/P1080929_ergebnis-300x225.jpg 300w, https:\/\/olu-limburg.de\/wp-content\/uploads\/2024\/04\/P1080929_ergebnis-768x576.jpg 768w, https:\/\/olu-limburg.de\/wp-content\/uploads\/2024\/04\/P1080929_ergebnis-624x468.jpg 624w\" sizes=\"auto, (max-width: 800px) 100vw, 800px\" \/><\/a><\/p>\n<p>Unten am See gibt es einen Zoo der Kunst- und Saurierdarstellungen.<\/p>\n<p><a href=\"https:\/\/olu-limburg.de\/wp-content\/uploads\/2024\/04\/P1080940_ergebnis.jpg\"><img loading=\"lazy\" decoding=\"async\" class=\"size-full wp-image-31059 aligncenter\" src=\"https:\/\/olu-limburg.de\/wp-content\/uploads\/2024\/04\/P1080940_ergebnis.jpg\" alt=\"\" width=\"800\" height=\"600\" srcset=\"https:\/\/olu-limburg.de\/wp-content\/uploads\/2024\/04\/P1080940_ergebnis.jpg 800w, https:\/\/olu-limburg.de\/wp-content\/uploads\/2024\/04\/P1080940_ergebnis-300x225.jpg 300w, https:\/\/olu-limburg.de\/wp-content\/uploads\/2024\/04\/P1080940_ergebnis-768x576.jpg 768w, https:\/\/olu-limburg.de\/wp-content\/uploads\/2024\/04\/P1080940_ergebnis-624x468.jpg 624w\" sizes=\"auto, (max-width: 800px) 100vw, 800px\" \/><\/a><\/p>\n<p><a href=\"https:\/\/olu-limburg.de\/wp-content\/uploads\/2024\/04\/P1080939_ergebnis.jpg\"><img loading=\"lazy\" decoding=\"async\" class=\"size-full wp-image-31058 aligncenter\" src=\"https:\/\/olu-limburg.de\/wp-content\/uploads\/2024\/04\/P1080939_ergebnis.jpg\" alt=\"\" width=\"800\" height=\"600\" srcset=\"https:\/\/olu-limburg.de\/wp-content\/uploads\/2024\/04\/P1080939_ergebnis.jpg 800w, https:\/\/olu-limburg.de\/wp-content\/uploads\/2024\/04\/P1080939_ergebnis-300x225.jpg 300w, https:\/\/olu-limburg.de\/wp-content\/uploads\/2024\/04\/P1080939_ergebnis-768x576.jpg 768w, https:\/\/olu-limburg.de\/wp-content\/uploads\/2024\/04\/P1080939_ergebnis-624x468.jpg 624w\" sizes=\"auto, (max-width: 800px) 100vw, 800px\" \/><\/a><\/p>\n<p><a href=\"https:\/\/olu-limburg.de\/wp-content\/uploads\/2024\/04\/P1070852_ergebnis.jpg\"><img loading=\"lazy\" decoding=\"async\" class=\"size-full wp-image-31072 aligncenter\" src=\"https:\/\/olu-limburg.de\/wp-content\/uploads\/2024\/04\/P1070852_ergebnis.jpg\" alt=\"\" width=\"800\" height=\"600\" srcset=\"https:\/\/olu-limburg.de\/wp-content\/uploads\/2024\/04\/P1070852_ergebnis.jpg 800w, https:\/\/olu-limburg.de\/wp-content\/uploads\/2024\/04\/P1070852_ergebnis-300x225.jpg 300w, https:\/\/olu-limburg.de\/wp-content\/uploads\/2024\/04\/P1070852_ergebnis-768x576.jpg 768w, https:\/\/olu-limburg.de\/wp-content\/uploads\/2024\/04\/P1070852_ergebnis-624x468.jpg 624w\" sizes=\"auto, (max-width: 800px) 100vw, 800px\" \/><\/a><\/p>\n<p><a href=\"https:\/\/olu-limburg.de\/wp-content\/uploads\/2024\/04\/P1070861_ergebnis-e1712053074647.jpg\"><img loading=\"lazy\" decoding=\"async\" class=\"size-full wp-image-31073 aligncenter\" src=\"https:\/\/olu-limburg.de\/wp-content\/uploads\/2024\/04\/P1070861_ergebnis-e1712053074647.jpg\" alt=\"\" width=\"450\" height=\"600\" \/><\/a><\/p>\n<p><a href=\"https:\/\/olu-limburg.de\/wp-content\/uploads\/2024\/04\/P1080941_ergebnis.jpg\"><img loading=\"lazy\" decoding=\"async\" class=\"size-full wp-image-31060 aligncenter\" src=\"https:\/\/olu-limburg.de\/wp-content\/uploads\/2024\/04\/P1080941_ergebnis.jpg\" alt=\"\" width=\"800\" height=\"600\" srcset=\"https:\/\/olu-limburg.de\/wp-content\/uploads\/2024\/04\/P1080941_ergebnis.jpg 800w, https:\/\/olu-limburg.de\/wp-content\/uploads\/2024\/04\/P1080941_ergebnis-300x225.jpg 300w, https:\/\/olu-limburg.de\/wp-content\/uploads\/2024\/04\/P1080941_ergebnis-768x576.jpg 768w, https:\/\/olu-limburg.de\/wp-content\/uploads\/2024\/04\/P1080941_ergebnis-624x468.jpg 624w\" sizes=\"auto, (max-width: 800px) 100vw, 800px\" \/><\/a><\/p>\n<p>Impossant ist auch das dortige Rathaus der Stadt Istres.<\/p>\n<p><a href=\"https:\/\/olu-limburg.de\/wp-content\/uploads\/2024\/04\/P1080944_ergebnis.jpg\"><img loading=\"lazy\" decoding=\"async\" class=\"size-full wp-image-31061 aligncenter\" src=\"https:\/\/olu-limburg.de\/wp-content\/uploads\/2024\/04\/P1080944_ergebnis.jpg\" alt=\"\" width=\"800\" height=\"600\" srcset=\"https:\/\/olu-limburg.de\/wp-content\/uploads\/2024\/04\/P1080944_ergebnis.jpg 800w, https:\/\/olu-limburg.de\/wp-content\/uploads\/2024\/04\/P1080944_ergebnis-300x225.jpg 300w, https:\/\/olu-limburg.de\/wp-content\/uploads\/2024\/04\/P1080944_ergebnis-768x576.jpg 768w, https:\/\/olu-limburg.de\/wp-content\/uploads\/2024\/04\/P1080944_ergebnis-624x468.jpg 624w\" sizes=\"auto, (max-width: 800px) 100vw, 800px\" \/><\/a><\/p>\n<p><a href=\"https:\/\/olu-limburg.de\/wp-content\/uploads\/2024\/04\/P1080945_ergebnis.jpg\"><img loading=\"lazy\" decoding=\"async\" class=\"size-full wp-image-31062 aligncenter\" src=\"https:\/\/olu-limburg.de\/wp-content\/uploads\/2024\/04\/P1080945_ergebnis.jpg\" alt=\"\" width=\"800\" height=\"600\" srcset=\"https:\/\/olu-limburg.de\/wp-content\/uploads\/2024\/04\/P1080945_ergebnis.jpg 800w, https:\/\/olu-limburg.de\/wp-content\/uploads\/2024\/04\/P1080945_ergebnis-300x225.jpg 300w, https:\/\/olu-limburg.de\/wp-content\/uploads\/2024\/04\/P1080945_ergebnis-768x576.jpg 768w, https:\/\/olu-limburg.de\/wp-content\/uploads\/2024\/04\/P1080945_ergebnis-624x468.jpg 624w\" sizes=\"auto, (max-width: 800px) 100vw, 800px\" \/><\/a><\/p>\n<p>Tagesstrecke: 77 km<\/p>\n<p>&nbsp;<\/p>\n<p><strong>Montag, 04.04.2022<\/strong><\/p>\n<p>Heute zieht es uns unweigerlich nach Carro auf den dortigen Stellplatz mit V+E direkt am Meer. Spannend ist dabei vor jeder Ankunft die Frage: &#8222;Bekomme ich einen Platz, und wenn ja, wo?&#8220; Begehrt sind nat\u00fcrlich die Pl\u00e4tze in der ersten Reihe.<\/p>\n<div id=\"attachment_31076\" style=\"width: 810px\" class=\"wp-caption aligncenter\"><a href=\"https:\/\/olu-limburg.de\/wp-content\/uploads\/2024\/04\/IMG_20220404_130112_ergebnis.jpg\"><img loading=\"lazy\" decoding=\"async\" aria-describedby=\"caption-attachment-31076\" class=\"wp-image-31076 size-full\" src=\"https:\/\/olu-limburg.de\/wp-content\/uploads\/2024\/04\/IMG_20220404_130112_ergebnis.jpg\" alt=\"\" width=\"800\" height=\"600\" srcset=\"https:\/\/olu-limburg.de\/wp-content\/uploads\/2024\/04\/IMG_20220404_130112_ergebnis.jpg 800w, https:\/\/olu-limburg.de\/wp-content\/uploads\/2024\/04\/IMG_20220404_130112_ergebnis-300x225.jpg 300w, https:\/\/olu-limburg.de\/wp-content\/uploads\/2024\/04\/IMG_20220404_130112_ergebnis-768x576.jpg 768w, https:\/\/olu-limburg.de\/wp-content\/uploads\/2024\/04\/IMG_20220404_130112_ergebnis-624x468.jpg 624w\" sizes=\"auto, (max-width: 800px) 100vw, 800px\" \/><\/a><p id=\"caption-attachment-31076\" class=\"wp-caption-text\">Hafen von Carro<\/p><\/div>\n<p>Wir haben nur ein paar Minuten in der Mitte des Platzes gewartet, da wurde in der ersten Reihe ein Platz frei.<\/p>\n<p><a href=\"https:\/\/olu-limburg.de\/wp-content\/uploads\/2024\/04\/20220405_175025_ergebnis.jpg\"><img loading=\"lazy\" decoding=\"async\" class=\"size-full wp-image-31098 aligncenter\" src=\"https:\/\/olu-limburg.de\/wp-content\/uploads\/2024\/04\/20220405_175025_ergebnis.jpg\" alt=\"\" width=\"800\" height=\"600\" srcset=\"https:\/\/olu-limburg.de\/wp-content\/uploads\/2024\/04\/20220405_175025_ergebnis.jpg 800w, https:\/\/olu-limburg.de\/wp-content\/uploads\/2024\/04\/20220405_175025_ergebnis-300x225.jpg 300w, https:\/\/olu-limburg.de\/wp-content\/uploads\/2024\/04\/20220405_175025_ergebnis-768x576.jpg 768w, https:\/\/olu-limburg.de\/wp-content\/uploads\/2024\/04\/20220405_175025_ergebnis-624x468.jpg 624w\" sizes=\"auto, (max-width: 800px) 100vw, 800px\" \/><\/a><\/p>\n<p><a href=\"https:\/\/olu-limburg.de\/wp-content\/uploads\/2024\/04\/IMG_20220404_131816_ergebnis.jpg\"><img loading=\"lazy\" decoding=\"async\" class=\"wp-image-31077 size-full aligncenter\" src=\"https:\/\/olu-limburg.de\/wp-content\/uploads\/2024\/04\/IMG_20220404_131816_ergebnis.jpg\" alt=\"\" width=\"800\" height=\"600\" srcset=\"https:\/\/olu-limburg.de\/wp-content\/uploads\/2024\/04\/IMG_20220404_131816_ergebnis.jpg 800w, https:\/\/olu-limburg.de\/wp-content\/uploads\/2024\/04\/IMG_20220404_131816_ergebnis-300x225.jpg 300w, https:\/\/olu-limburg.de\/wp-content\/uploads\/2024\/04\/IMG_20220404_131816_ergebnis-768x576.jpg 768w, https:\/\/olu-limburg.de\/wp-content\/uploads\/2024\/04\/IMG_20220404_131816_ergebnis-624x468.jpg 624w\" sizes=\"auto, (max-width: 800px) 100vw, 800px\" \/><\/a><\/p>\n<p>So l\u00e4sst es sich aushalten, mit Blick auf das Meer, und einer w\u00e4rmenden Sonne ohne Wolken. Und zu Mittag kocht Lena f\u00fcr uns ein Gem\u00fcse-Risotto mit Gambas.<\/p>\n<p><a href=\"https:\/\/olu-limburg.de\/wp-content\/uploads\/2024\/04\/IMG_20220404_133143_ergebnis.jpg\"><img loading=\"lazy\" decoding=\"async\" class=\"size-full wp-image-31078 aligncenter\" src=\"https:\/\/olu-limburg.de\/wp-content\/uploads\/2024\/04\/IMG_20220404_133143_ergebnis.jpg\" alt=\"\" width=\"800\" height=\"600\" srcset=\"https:\/\/olu-limburg.de\/wp-content\/uploads\/2024\/04\/IMG_20220404_133143_ergebnis.jpg 800w, https:\/\/olu-limburg.de\/wp-content\/uploads\/2024\/04\/IMG_20220404_133143_ergebnis-300x225.jpg 300w, https:\/\/olu-limburg.de\/wp-content\/uploads\/2024\/04\/IMG_20220404_133143_ergebnis-768x576.jpg 768w, https:\/\/olu-limburg.de\/wp-content\/uploads\/2024\/04\/IMG_20220404_133143_ergebnis-624x468.jpg 624w\" sizes=\"auto, (max-width: 800px) 100vw, 800px\" \/><\/a><\/p>\n<p>Am Sp\u00e4tnachmittag machen wir einen Spaziergang um die Bucht herum. Es ist einfach nur herrlich.<\/p>\n<p><a href=\"https:\/\/olu-limburg.de\/wp-content\/uploads\/2024\/04\/P1080946_ergebnis.jpg\"><img loading=\"lazy\" decoding=\"async\" class=\"size-full wp-image-31080 aligncenter\" src=\"https:\/\/olu-limburg.de\/wp-content\/uploads\/2024\/04\/P1080946_ergebnis.jpg\" alt=\"\" width=\"800\" height=\"600\" srcset=\"https:\/\/olu-limburg.de\/wp-content\/uploads\/2024\/04\/P1080946_ergebnis.jpg 800w, https:\/\/olu-limburg.de\/wp-content\/uploads\/2024\/04\/P1080946_ergebnis-300x225.jpg 300w, https:\/\/olu-limburg.de\/wp-content\/uploads\/2024\/04\/P1080946_ergebnis-768x576.jpg 768w, https:\/\/olu-limburg.de\/wp-content\/uploads\/2024\/04\/P1080946_ergebnis-624x468.jpg 624w\" sizes=\"auto, (max-width: 800px) 100vw, 800px\" \/><\/a><\/p>\n<p><a href=\"https:\/\/olu-limburg.de\/wp-content\/uploads\/2024\/04\/P1080948_ergebnis.jpg\"><img loading=\"lazy\" decoding=\"async\" class=\"size-full wp-image-31081 aligncenter\" src=\"https:\/\/olu-limburg.de\/wp-content\/uploads\/2024\/04\/P1080948_ergebnis.jpg\" alt=\"\" width=\"800\" height=\"600\" srcset=\"https:\/\/olu-limburg.de\/wp-content\/uploads\/2024\/04\/P1080948_ergebnis.jpg 800w, https:\/\/olu-limburg.de\/wp-content\/uploads\/2024\/04\/P1080948_ergebnis-300x225.jpg 300w, https:\/\/olu-limburg.de\/wp-content\/uploads\/2024\/04\/P1080948_ergebnis-768x576.jpg 768w, https:\/\/olu-limburg.de\/wp-content\/uploads\/2024\/04\/P1080948_ergebnis-624x468.jpg 624w\" sizes=\"auto, (max-width: 800px) 100vw, 800px\" \/><\/a><\/p>\n<p><a href=\"https:\/\/olu-limburg.de\/wp-content\/uploads\/2024\/04\/20220404_175331_ergebnis.jpg\"><img loading=\"lazy\" decoding=\"async\" class=\"size-full wp-image-31095 aligncenter\" src=\"https:\/\/olu-limburg.de\/wp-content\/uploads\/2024\/04\/20220404_175331_ergebnis.jpg\" alt=\"\" width=\"800\" height=\"600\" srcset=\"https:\/\/olu-limburg.de\/wp-content\/uploads\/2024\/04\/20220404_175331_ergebnis.jpg 800w, https:\/\/olu-limburg.de\/wp-content\/uploads\/2024\/04\/20220404_175331_ergebnis-300x225.jpg 300w, https:\/\/olu-limburg.de\/wp-content\/uploads\/2024\/04\/20220404_175331_ergebnis-768x576.jpg 768w, https:\/\/olu-limburg.de\/wp-content\/uploads\/2024\/04\/20220404_175331_ergebnis-624x468.jpg 624w\" sizes=\"auto, (max-width: 800px) 100vw, 800px\" \/><\/a><\/p>\n<p><a href=\"https:\/\/olu-limburg.de\/wp-content\/uploads\/2024\/04\/P1080956_ergebnis.jpg\"><img loading=\"lazy\" decoding=\"async\" class=\"size-full wp-image-31082 aligncenter\" src=\"https:\/\/olu-limburg.de\/wp-content\/uploads\/2024\/04\/P1080956_ergebnis.jpg\" alt=\"\" width=\"800\" height=\"600\" srcset=\"https:\/\/olu-limburg.de\/wp-content\/uploads\/2024\/04\/P1080956_ergebnis.jpg 800w, https:\/\/olu-limburg.de\/wp-content\/uploads\/2024\/04\/P1080956_ergebnis-300x225.jpg 300w, https:\/\/olu-limburg.de\/wp-content\/uploads\/2024\/04\/P1080956_ergebnis-768x576.jpg 768w, https:\/\/olu-limburg.de\/wp-content\/uploads\/2024\/04\/P1080956_ergebnis-624x468.jpg 624w\" sizes=\"auto, (max-width: 800px) 100vw, 800px\" \/><\/a><\/p>\n<p><a href=\"https:\/\/olu-limburg.de\/wp-content\/uploads\/2024\/04\/20220404_180752_ergebnis.jpg\"><img loading=\"lazy\" decoding=\"async\" class=\"size-full wp-image-31096 aligncenter\" src=\"https:\/\/olu-limburg.de\/wp-content\/uploads\/2024\/04\/20220404_180752_ergebnis.jpg\" alt=\"\" width=\"800\" height=\"600\" srcset=\"https:\/\/olu-limburg.de\/wp-content\/uploads\/2024\/04\/20220404_180752_ergebnis.jpg 800w, https:\/\/olu-limburg.de\/wp-content\/uploads\/2024\/04\/20220404_180752_ergebnis-300x225.jpg 300w, https:\/\/olu-limburg.de\/wp-content\/uploads\/2024\/04\/20220404_180752_ergebnis-768x576.jpg 768w, https:\/\/olu-limburg.de\/wp-content\/uploads\/2024\/04\/20220404_180752_ergebnis-624x468.jpg 624w\" sizes=\"auto, (max-width: 800px) 100vw, 800px\" \/><\/a><\/p>\n<p>Der absolute Genuss ist der Sonnenuntergang mit der Musik der heranschaukelnden Wellen.<\/p>\n<p><a href=\"https:\/\/olu-limburg.de\/wp-content\/uploads\/2024\/04\/20220404_194835_ergebnis.jpg\"><img loading=\"lazy\" decoding=\"async\" class=\"size-full wp-image-31097 aligncenter\" src=\"https:\/\/olu-limburg.de\/wp-content\/uploads\/2024\/04\/20220404_194835_ergebnis.jpg\" alt=\"\" width=\"800\" height=\"600\" srcset=\"https:\/\/olu-limburg.de\/wp-content\/uploads\/2024\/04\/20220404_194835_ergebnis.jpg 800w, https:\/\/olu-limburg.de\/wp-content\/uploads\/2024\/04\/20220404_194835_ergebnis-300x225.jpg 300w, https:\/\/olu-limburg.de\/wp-content\/uploads\/2024\/04\/20220404_194835_ergebnis-768x576.jpg 768w, https:\/\/olu-limburg.de\/wp-content\/uploads\/2024\/04\/20220404_194835_ergebnis-624x468.jpg 624w\" sizes=\"auto, (max-width: 800px) 100vw, 800px\" \/><\/a><\/p>\n<p><a href=\"https:\/\/olu-limburg.de\/wp-content\/uploads\/2024\/04\/P1080963_ergebnis.jpg\"><img loading=\"lazy\" decoding=\"async\" class=\"size-full wp-image-31083 aligncenter\" src=\"https:\/\/olu-limburg.de\/wp-content\/uploads\/2024\/04\/P1080963_ergebnis.jpg\" alt=\"\" width=\"800\" height=\"600\" srcset=\"https:\/\/olu-limburg.de\/wp-content\/uploads\/2024\/04\/P1080963_ergebnis.jpg 800w, https:\/\/olu-limburg.de\/wp-content\/uploads\/2024\/04\/P1080963_ergebnis-300x225.jpg 300w, https:\/\/olu-limburg.de\/wp-content\/uploads\/2024\/04\/P1080963_ergebnis-768x576.jpg 768w, https:\/\/olu-limburg.de\/wp-content\/uploads\/2024\/04\/P1080963_ergebnis-624x468.jpg 624w\" sizes=\"auto, (max-width: 800px) 100vw, 800px\" \/><\/a><\/p>\n<p>Tagesstrecke: 31 km<\/p>\n<p>&nbsp;<\/p>\n<p><strong>Dienstag, 05.04.2022<\/strong><\/p>\n<p>Heute\u00a0 Morgen\u00a0 bei dem Gang zum B\u00e4cker habe ich bei den Verkaufsst\u00e4nden der Fischer nachgesehen. Leider war das Angebot nicht so berauschend. Da haben wir es schon viel besser erlebt. Vielleicht h\u00e4ngt noch das schlechte Wetter der letzten Tage damit zusammen.<\/p>\n<p>So gehen wir am Mittag in die offene Pizzeria und essen Moules frites.<\/p>\n<p><a href=\"https:\/\/olu-limburg.de\/wp-content\/uploads\/2024\/04\/IMG_20220405_122501_ergebnis.jpg\"><img loading=\"lazy\" decoding=\"async\" class=\"size-full wp-image-31085 aligncenter\" src=\"https:\/\/olu-limburg.de\/wp-content\/uploads\/2024\/04\/IMG_20220405_122501_ergebnis.jpg\" alt=\"\" width=\"800\" height=\"600\" srcset=\"https:\/\/olu-limburg.de\/wp-content\/uploads\/2024\/04\/IMG_20220405_122501_ergebnis.jpg 800w, https:\/\/olu-limburg.de\/wp-content\/uploads\/2024\/04\/IMG_20220405_122501_ergebnis-300x225.jpg 300w, https:\/\/olu-limburg.de\/wp-content\/uploads\/2024\/04\/IMG_20220405_122501_ergebnis-768x576.jpg 768w, https:\/\/olu-limburg.de\/wp-content\/uploads\/2024\/04\/IMG_20220405_122501_ergebnis-624x468.jpg 624w\" sizes=\"auto, (max-width: 800px) 100vw, 800px\" \/><\/a><\/p>\n<p><a href=\"https:\/\/olu-limburg.de\/wp-content\/uploads\/2024\/04\/IMG_20220405_173156_ergebnis.jpg\"><img loading=\"lazy\" decoding=\"async\" class=\"size-full wp-image-31086 aligncenter\" src=\"https:\/\/olu-limburg.de\/wp-content\/uploads\/2024\/04\/IMG_20220405_173156_ergebnis.jpg\" alt=\"\" width=\"800\" height=\"600\" srcset=\"https:\/\/olu-limburg.de\/wp-content\/uploads\/2024\/04\/IMG_20220405_173156_ergebnis.jpg 800w, https:\/\/olu-limburg.de\/wp-content\/uploads\/2024\/04\/IMG_20220405_173156_ergebnis-300x225.jpg 300w, https:\/\/olu-limburg.de\/wp-content\/uploads\/2024\/04\/IMG_20220405_173156_ergebnis-768x576.jpg 768w, https:\/\/olu-limburg.de\/wp-content\/uploads\/2024\/04\/IMG_20220405_173156_ergebnis-624x468.jpg 624w\" sizes=\"auto, (max-width: 800px) 100vw, 800px\" \/><\/a><\/p>\n<p><a href=\"https:\/\/olu-limburg.de\/wp-content\/uploads\/2024\/04\/20220405_194050_ergebnis.jpg\"><img loading=\"lazy\" decoding=\"async\" class=\"size-full wp-image-31099 aligncenter\" src=\"https:\/\/olu-limburg.de\/wp-content\/uploads\/2024\/04\/20220405_194050_ergebnis.jpg\" alt=\"\" width=\"800\" height=\"600\" srcset=\"https:\/\/olu-limburg.de\/wp-content\/uploads\/2024\/04\/20220405_194050_ergebnis.jpg 800w, https:\/\/olu-limburg.de\/wp-content\/uploads\/2024\/04\/20220405_194050_ergebnis-300x225.jpg 300w, https:\/\/olu-limburg.de\/wp-content\/uploads\/2024\/04\/20220405_194050_ergebnis-768x576.jpg 768w, https:\/\/olu-limburg.de\/wp-content\/uploads\/2024\/04\/20220405_194050_ergebnis-624x468.jpg 624w\" sizes=\"auto, (max-width: 800px) 100vw, 800px\" \/><\/a><\/p>\n<p>Bei so einer Aussicht aufs Meer wird man gen\u00fcgsam und ganz ruhig, und der Abend mit dem Sonnenuntergang wird bei einem Glas Ros\u00e9 lange ausgedehnt.<\/p>\n<p><a href=\"https:\/\/olu-limburg.de\/wp-content\/uploads\/2024\/04\/IMG_20220405_185642_ergebnis.jpg\"><img loading=\"lazy\" decoding=\"async\" class=\"size-full wp-image-31087 aligncenter\" src=\"https:\/\/olu-limburg.de\/wp-content\/uploads\/2024\/04\/IMG_20220405_185642_ergebnis.jpg\" alt=\"\" width=\"800\" height=\"600\" srcset=\"https:\/\/olu-limburg.de\/wp-content\/uploads\/2024\/04\/IMG_20220405_185642_ergebnis.jpg 800w, https:\/\/olu-limburg.de\/wp-content\/uploads\/2024\/04\/IMG_20220405_185642_ergebnis-300x225.jpg 300w, https:\/\/olu-limburg.de\/wp-content\/uploads\/2024\/04\/IMG_20220405_185642_ergebnis-768x576.jpg 768w, https:\/\/olu-limburg.de\/wp-content\/uploads\/2024\/04\/IMG_20220405_185642_ergebnis-624x468.jpg 624w\" sizes=\"auto, (max-width: 800px) 100vw, 800px\" \/><\/a><\/p>\n<p><a href=\"https:\/\/olu-limburg.de\/wp-content\/uploads\/2024\/04\/IMG_20220405_192943_ergebnis.jpg\"><img loading=\"lazy\" decoding=\"async\" class=\"size-full wp-image-31088 aligncenter\" src=\"https:\/\/olu-limburg.de\/wp-content\/uploads\/2024\/04\/IMG_20220405_192943_ergebnis.jpg\" alt=\"\" width=\"800\" height=\"600\" srcset=\"https:\/\/olu-limburg.de\/wp-content\/uploads\/2024\/04\/IMG_20220405_192943_ergebnis.jpg 800w, https:\/\/olu-limburg.de\/wp-content\/uploads\/2024\/04\/IMG_20220405_192943_ergebnis-300x225.jpg 300w, https:\/\/olu-limburg.de\/wp-content\/uploads\/2024\/04\/IMG_20220405_192943_ergebnis-768x576.jpg 768w, https:\/\/olu-limburg.de\/wp-content\/uploads\/2024\/04\/IMG_20220405_192943_ergebnis-624x468.jpg 624w\" sizes=\"auto, (max-width: 800px) 100vw, 800px\" \/><\/a><\/p>\n<p><a href=\"https:\/\/olu-limburg.de\/wp-content\/uploads\/2024\/04\/IMG_20220405_200238_ergebnis.jpg\"><img loading=\"lazy\" decoding=\"async\" class=\"size-full wp-image-31089 aligncenter\" src=\"https:\/\/olu-limburg.de\/wp-content\/uploads\/2024\/04\/IMG_20220405_200238_ergebnis.jpg\" alt=\"\" width=\"800\" height=\"600\" srcset=\"https:\/\/olu-limburg.de\/wp-content\/uploads\/2024\/04\/IMG_20220405_200238_ergebnis.jpg 800w, https:\/\/olu-limburg.de\/wp-content\/uploads\/2024\/04\/IMG_20220405_200238_ergebnis-300x225.jpg 300w, https:\/\/olu-limburg.de\/wp-content\/uploads\/2024\/04\/IMG_20220405_200238_ergebnis-768x576.jpg 768w, https:\/\/olu-limburg.de\/wp-content\/uploads\/2024\/04\/IMG_20220405_200238_ergebnis-624x468.jpg 624w\" sizes=\"auto, (max-width: 800px) 100vw, 800px\" \/><\/a><\/p>\n<p><a href=\"https:\/\/olu-limburg.de\/wp-content\/uploads\/2024\/04\/IMG_20220405_200635_ergebnis.jpg\"><img loading=\"lazy\" decoding=\"async\" class=\"size-full wp-image-31090 aligncenter\" src=\"https:\/\/olu-limburg.de\/wp-content\/uploads\/2024\/04\/IMG_20220405_200635_ergebnis.jpg\" alt=\"\" width=\"800\" height=\"600\" srcset=\"https:\/\/olu-limburg.de\/wp-content\/uploads\/2024\/04\/IMG_20220405_200635_ergebnis.jpg 800w, https:\/\/olu-limburg.de\/wp-content\/uploads\/2024\/04\/IMG_20220405_200635_ergebnis-300x225.jpg 300w, https:\/\/olu-limburg.de\/wp-content\/uploads\/2024\/04\/IMG_20220405_200635_ergebnis-768x576.jpg 768w, https:\/\/olu-limburg.de\/wp-content\/uploads\/2024\/04\/IMG_20220405_200635_ergebnis-624x468.jpg 624w\" sizes=\"auto, (max-width: 800px) 100vw, 800px\" \/><\/a><\/p>\n<p>Tagesstrecke: 0 km<\/p>\n<p>&nbsp;<\/p>\n<p><strong>Mittwoch, 06.04.2022<\/strong><\/p>\n<p>Heute sind wir etwas flotter mit unserem Fr\u00fchst\u00fcck, da wir mit dem Zug nach Marseille fahren wollen. Gestern haben wir uns deshalb schon einmal \u00fcber die Busfahrzeiten zum Bahnhof in La Couronne informiert. Das Bus-Ticket kostet EUR 1,00\/Person. F\u00fcr den Zug bezahlen wir f\u00fcr die R\u00fcckfahrkarte EUR 24,00 f\u00fcr zwei Personen.<\/p>\n<div style=\"width: 810px\" class=\"wp-caption aligncenter\"><a href=\"https:\/\/olu-limburg.de\/wp-content\/uploads\/2024\/04\/P1080968_ergebnis.jpg\"><img loading=\"lazy\" decoding=\"async\" class=\"wp-image-31102 size-full\" src=\"https:\/\/olu-limburg.de\/wp-content\/uploads\/2024\/04\/P1080968_ergebnis.jpg\" alt=\"\" width=\"800\" height=\"600\" srcset=\"https:\/\/olu-limburg.de\/wp-content\/uploads\/2024\/04\/P1080968_ergebnis.jpg 800w, https:\/\/olu-limburg.de\/wp-content\/uploads\/2024\/04\/P1080968_ergebnis-300x225.jpg 300w, https:\/\/olu-limburg.de\/wp-content\/uploads\/2024\/04\/P1080968_ergebnis-768x576.jpg 768w, https:\/\/olu-limburg.de\/wp-content\/uploads\/2024\/04\/P1080968_ergebnis-624x468.jpg 624w\" sizes=\"auto, (max-width: 800px) 100vw, 800px\" \/><\/a><p class=\"wp-caption-text\">Die Nahverkehrsz\u00fcge sind toll ausgestattet.<\/p><\/div>\n<p>Der Zug f\u00e4hrt immer nah an der K\u00fcste entlang. Und an unserem Fenster fliegen die Landschaften vorbei. Mal sind es die verbrannten W\u00e4lder der Calanques, und mal die malerischen K\u00fcstenorte.<\/p>\n<p><a href=\"https:\/\/olu-limburg.de\/wp-content\/uploads\/2024\/04\/P1080969_ergebnis.jpg\"><img loading=\"lazy\" decoding=\"async\" class=\"size-full wp-image-31103 aligncenter\" src=\"https:\/\/olu-limburg.de\/wp-content\/uploads\/2024\/04\/P1080969_ergebnis.jpg\" alt=\"\" width=\"800\" height=\"600\" srcset=\"https:\/\/olu-limburg.de\/wp-content\/uploads\/2024\/04\/P1080969_ergebnis.jpg 800w, https:\/\/olu-limburg.de\/wp-content\/uploads\/2024\/04\/P1080969_ergebnis-300x225.jpg 300w, https:\/\/olu-limburg.de\/wp-content\/uploads\/2024\/04\/P1080969_ergebnis-768x576.jpg 768w, https:\/\/olu-limburg.de\/wp-content\/uploads\/2024\/04\/P1080969_ergebnis-624x468.jpg 624w\" sizes=\"auto, (max-width: 800px) 100vw, 800px\" \/><\/a><\/p>\n<p><a href=\"https:\/\/olu-limburg.de\/wp-content\/uploads\/2024\/04\/P1080972_ergebnis.jpg\"><img loading=\"lazy\" decoding=\"async\" class=\"size-full wp-image-31104 aligncenter\" src=\"https:\/\/olu-limburg.de\/wp-content\/uploads\/2024\/04\/P1080972_ergebnis.jpg\" alt=\"\" width=\"800\" height=\"600\" srcset=\"https:\/\/olu-limburg.de\/wp-content\/uploads\/2024\/04\/P1080972_ergebnis.jpg 800w, https:\/\/olu-limburg.de\/wp-content\/uploads\/2024\/04\/P1080972_ergebnis-300x225.jpg 300w, https:\/\/olu-limburg.de\/wp-content\/uploads\/2024\/04\/P1080972_ergebnis-768x576.jpg 768w, https:\/\/olu-limburg.de\/wp-content\/uploads\/2024\/04\/P1080972_ergebnis-624x468.jpg 624w\" sizes=\"auto, (max-width: 800px) 100vw, 800px\" \/><\/a><\/p>\n<p>Der Zug h\u00e4lt im Bahnhof Marseille Saint-Charles. Der liegt etwas erh\u00f6ht und wir haben von dort aus schon eine tolle Aussicht auf die Stadt und die alles \u00fcberragende Basilique Notre-Dame de la Garde.<\/p>\n<p><a href=\"https:\/\/olu-limburg.de\/wp-content\/uploads\/2024\/04\/P1080974_ergebnis.jpg\"><img loading=\"lazy\" decoding=\"async\" class=\"size-full wp-image-31105 aligncenter\" src=\"https:\/\/olu-limburg.de\/wp-content\/uploads\/2024\/04\/P1080974_ergebnis.jpg\" alt=\"\" width=\"800\" height=\"600\" srcset=\"https:\/\/olu-limburg.de\/wp-content\/uploads\/2024\/04\/P1080974_ergebnis.jpg 800w, https:\/\/olu-limburg.de\/wp-content\/uploads\/2024\/04\/P1080974_ergebnis-300x225.jpg 300w, https:\/\/olu-limburg.de\/wp-content\/uploads\/2024\/04\/P1080974_ergebnis-768x576.jpg 768w, https:\/\/olu-limburg.de\/wp-content\/uploads\/2024\/04\/P1080974_ergebnis-624x468.jpg 624w\" sizes=\"auto, (max-width: 800px) 100vw, 800px\" \/><\/a><\/p>\n<p><a href=\"https:\/\/olu-limburg.de\/wp-content\/uploads\/2024\/04\/P1080975_ergebnis.jpg\"><img loading=\"lazy\" decoding=\"async\" class=\"size-full wp-image-31106 aligncenter\" src=\"https:\/\/olu-limburg.de\/wp-content\/uploads\/2024\/04\/P1080975_ergebnis.jpg\" alt=\"\" width=\"800\" height=\"600\" srcset=\"https:\/\/olu-limburg.de\/wp-content\/uploads\/2024\/04\/P1080975_ergebnis.jpg 800w, https:\/\/olu-limburg.de\/wp-content\/uploads\/2024\/04\/P1080975_ergebnis-300x225.jpg 300w, https:\/\/olu-limburg.de\/wp-content\/uploads\/2024\/04\/P1080975_ergebnis-768x576.jpg 768w, https:\/\/olu-limburg.de\/wp-content\/uploads\/2024\/04\/P1080975_ergebnis-624x468.jpg 624w\" sizes=\"auto, (max-width: 800px) 100vw, 800px\" \/><\/a><\/p>\n<p><a href=\"https:\/\/olu-limburg.de\/wp-content\/uploads\/2024\/04\/IMG_20220406_102530_ergebnis.jpg\"><img loading=\"lazy\" decoding=\"async\" class=\"size-full wp-image-31101 aligncenter\" src=\"https:\/\/olu-limburg.de\/wp-content\/uploads\/2024\/04\/IMG_20220406_102530_ergebnis.jpg\" alt=\"\" width=\"800\" height=\"600\" srcset=\"https:\/\/olu-limburg.de\/wp-content\/uploads\/2024\/04\/IMG_20220406_102530_ergebnis.jpg 800w, https:\/\/olu-limburg.de\/wp-content\/uploads\/2024\/04\/IMG_20220406_102530_ergebnis-300x225.jpg 300w, https:\/\/olu-limburg.de\/wp-content\/uploads\/2024\/04\/IMG_20220406_102530_ergebnis-768x576.jpg 768w, https:\/\/olu-limburg.de\/wp-content\/uploads\/2024\/04\/IMG_20220406_102530_ergebnis-624x468.jpg 624w\" sizes=\"auto, (max-width: 800px) 100vw, 800px\" \/><\/a><\/p>\n<p>Von dem Bahnhof f\u00fchrt eine breite Treppe, wie bei einem Palast, hinunter in das Treiben.<\/p>\n<p><a href=\"https:\/\/olu-limburg.de\/wp-content\/uploads\/2024\/04\/P1080979_ergebnis.jpg\"><img loading=\"lazy\" decoding=\"async\" class=\"size-full wp-image-31107 aligncenter\" src=\"https:\/\/olu-limburg.de\/wp-content\/uploads\/2024\/04\/P1080979_ergebnis.jpg\" alt=\"\" width=\"800\" height=\"600\" srcset=\"https:\/\/olu-limburg.de\/wp-content\/uploads\/2024\/04\/P1080979_ergebnis.jpg 800w, https:\/\/olu-limburg.de\/wp-content\/uploads\/2024\/04\/P1080979_ergebnis-300x225.jpg 300w, https:\/\/olu-limburg.de\/wp-content\/uploads\/2024\/04\/P1080979_ergebnis-768x576.jpg 768w, https:\/\/olu-limburg.de\/wp-content\/uploads\/2024\/04\/P1080979_ergebnis-624x468.jpg 624w\" sizes=\"auto, (max-width: 800px) 100vw, 800px\" \/><\/a><\/p>\n<p>Durch einen kleinen Bereich eines arabisch angehauchten Viertels gelangen wir zum Vieux Port. Wo wir uns in dem Office de Tourisme erst mal mit einem Stadtplan versorgen.<\/p>\n<p><a href=\"https:\/\/olu-limburg.de\/wp-content\/uploads\/2024\/04\/P1080981_ergebnis.jpg\"><img loading=\"lazy\" decoding=\"async\" class=\"size-full wp-image-31108 aligncenter\" src=\"https:\/\/olu-limburg.de\/wp-content\/uploads\/2024\/04\/P1080981_ergebnis.jpg\" alt=\"\" width=\"800\" height=\"600\" srcset=\"https:\/\/olu-limburg.de\/wp-content\/uploads\/2024\/04\/P1080981_ergebnis.jpg 800w, https:\/\/olu-limburg.de\/wp-content\/uploads\/2024\/04\/P1080981_ergebnis-300x225.jpg 300w, https:\/\/olu-limburg.de\/wp-content\/uploads\/2024\/04\/P1080981_ergebnis-768x576.jpg 768w, https:\/\/olu-limburg.de\/wp-content\/uploads\/2024\/04\/P1080981_ergebnis-624x468.jpg 624w\" sizes=\"auto, (max-width: 800px) 100vw, 800px\" \/><\/a><\/p>\n<p>Ja, es ist wahr.\u00a0 Wir haben immer noch ein paar Corona-Auflagen. Die Masken sind z.B. in der \u00d6ffentlichkeit noch verhanden.<\/p>\n<div id=\"attachment_31109\" style=\"width: 810px\" class=\"wp-caption aligncenter\"><a href=\"https:\/\/olu-limburg.de\/wp-content\/uploads\/2024\/04\/P1080984_ergebnis.jpg\"><img loading=\"lazy\" decoding=\"async\" aria-describedby=\"caption-attachment-31109\" class=\"wp-image-31109 size-full\" src=\"https:\/\/olu-limburg.de\/wp-content\/uploads\/2024\/04\/P1080984_ergebnis.jpg\" alt=\"\" width=\"800\" height=\"600\" srcset=\"https:\/\/olu-limburg.de\/wp-content\/uploads\/2024\/04\/P1080984_ergebnis.jpg 800w, https:\/\/olu-limburg.de\/wp-content\/uploads\/2024\/04\/P1080984_ergebnis-300x225.jpg 300w, https:\/\/olu-limburg.de\/wp-content\/uploads\/2024\/04\/P1080984_ergebnis-768x576.jpg 768w, https:\/\/olu-limburg.de\/wp-content\/uploads\/2024\/04\/P1080984_ergebnis-624x468.jpg 624w\" sizes=\"auto, (max-width: 800px) 100vw, 800px\" \/><\/a><p id=\"caption-attachment-31109\" class=\"wp-caption-text\">Es ist leider Maskenpflicht.<\/p><\/div>\n<p>Bei unserem letzten Besuch in Marseille sind wir ja zu Fu\u00df zur Notre Dame de la Garde hoch gelaufen. Heute machen wir es uns einfacher und fahren mit dem Stadtbus bis zur obersten Haltestelle am Mont de la Bonne M\u00e8re. Jetzt m\u00fcssen wir &#8222;nur&#8220; noch die vielen Treppen nach oben steigen.<\/p>\n<p><a href=\"https:\/\/olu-limburg.de\/wp-content\/uploads\/2024\/04\/P1080989_ergebnis-e1712162665695.jpg\"><img loading=\"lazy\" decoding=\"async\" class=\"size-full wp-image-31110 aligncenter\" src=\"https:\/\/olu-limburg.de\/wp-content\/uploads\/2024\/04\/P1080989_ergebnis-e1712162665695.jpg\" alt=\"\" width=\"450\" height=\"600\" \/><\/a><\/p>\n<p>Das Bl\u00f6de ist nur, in der Kirche ist noch lange Gottesdienst und wir kommen nicht in die Kirche hinein. Was uns bleibt, ist nur die sch\u00f6ne Aussicht von hier oben, und der Besuch der Unterkirche.<\/p>\n<div id=\"attachment_31111\" style=\"width: 810px\" class=\"wp-caption aligncenter\"><a href=\"https:\/\/olu-limburg.de\/wp-content\/uploads\/2024\/04\/P1080992_ergebnis.jpg\"><img loading=\"lazy\" decoding=\"async\" aria-describedby=\"caption-attachment-31111\" class=\"wp-image-31111 size-full\" src=\"https:\/\/olu-limburg.de\/wp-content\/uploads\/2024\/04\/P1080992_ergebnis.jpg\" alt=\"\" width=\"800\" height=\"600\" srcset=\"https:\/\/olu-limburg.de\/wp-content\/uploads\/2024\/04\/P1080992_ergebnis.jpg 800w, https:\/\/olu-limburg.de\/wp-content\/uploads\/2024\/04\/P1080992_ergebnis-300x225.jpg 300w, https:\/\/olu-limburg.de\/wp-content\/uploads\/2024\/04\/P1080992_ergebnis-768x576.jpg 768w, https:\/\/olu-limburg.de\/wp-content\/uploads\/2024\/04\/P1080992_ergebnis-624x468.jpg 624w\" sizes=\"auto, (max-width: 800px) 100vw, 800px\" \/><\/a><p id=\"caption-attachment-31111\" class=\"wp-caption-text\">Blick zur Insel Chateau d&#8217;If (Graf von Mente Christo !)<\/p><\/div>\n<div id=\"attachment_31113\" style=\"width: 810px\" class=\"wp-caption aligncenter\"><a href=\"https:\/\/olu-limburg.de\/wp-content\/uploads\/2024\/04\/P1080997_ergebnis.jpg\"><img loading=\"lazy\" decoding=\"async\" aria-describedby=\"caption-attachment-31113\" class=\"wp-image-31113 size-full\" src=\"https:\/\/olu-limburg.de\/wp-content\/uploads\/2024\/04\/P1080997_ergebnis.jpg\" alt=\"\" width=\"800\" height=\"600\" srcset=\"https:\/\/olu-limburg.de\/wp-content\/uploads\/2024\/04\/P1080997_ergebnis.jpg 800w, https:\/\/olu-limburg.de\/wp-content\/uploads\/2024\/04\/P1080997_ergebnis-300x225.jpg 300w, https:\/\/olu-limburg.de\/wp-content\/uploads\/2024\/04\/P1080997_ergebnis-768x576.jpg 768w, https:\/\/olu-limburg.de\/wp-content\/uploads\/2024\/04\/P1080997_ergebnis-624x468.jpg 624w\" sizes=\"auto, (max-width: 800px) 100vw, 800px\" \/><\/a><p id=\"caption-attachment-31113\" class=\"wp-caption-text\">das Stade V\u00e9lodrome und Heimstadion von Olympique Marseille<\/p><\/div>\n<div style=\"width: 810px\" class=\"wp-caption aligncenter\"><a href=\"https:\/\/olu-limburg.de\/wp-content\/uploads\/2024\/04\/P1080995_ergebnis.jpg\"><img loading=\"lazy\" decoding=\"async\" class=\"wp-image-31112 size-full\" src=\"https:\/\/olu-limburg.de\/wp-content\/uploads\/2024\/04\/P1080995_ergebnis.jpg\" alt=\"\" width=\"800\" height=\"600\" srcset=\"https:\/\/olu-limburg.de\/wp-content\/uploads\/2024\/04\/P1080995_ergebnis.jpg 800w, https:\/\/olu-limburg.de\/wp-content\/uploads\/2024\/04\/P1080995_ergebnis-300x225.jpg 300w, https:\/\/olu-limburg.de\/wp-content\/uploads\/2024\/04\/P1080995_ergebnis-768x576.jpg 768w, https:\/\/olu-limburg.de\/wp-content\/uploads\/2024\/04\/P1080995_ergebnis-624x468.jpg 624w\" sizes=\"auto, (max-width: 800px) 100vw, 800px\" \/><\/a><p class=\"wp-caption-text\">Unterkirche der Notre-Dame de la Garde<\/p><\/div>\n<p>Uns bleibt nichts anderes \u00fcbrig, als nur wieder den Weg nach unten zu nehmen, diesmal machen wir es per Pedes.<\/p>\n<p><a href=\"https:\/\/olu-limburg.de\/wp-content\/uploads\/2024\/04\/P1080998_ergebnis.jpg\"><img loading=\"lazy\" decoding=\"async\" class=\"size-full wp-image-31114 aligncenter\" src=\"https:\/\/olu-limburg.de\/wp-content\/uploads\/2024\/04\/P1080998_ergebnis.jpg\" alt=\"\" width=\"800\" height=\"600\" srcset=\"https:\/\/olu-limburg.de\/wp-content\/uploads\/2024\/04\/P1080998_ergebnis.jpg 800w, https:\/\/olu-limburg.de\/wp-content\/uploads\/2024\/04\/P1080998_ergebnis-300x225.jpg 300w, https:\/\/olu-limburg.de\/wp-content\/uploads\/2024\/04\/P1080998_ergebnis-768x576.jpg 768w, https:\/\/olu-limburg.de\/wp-content\/uploads\/2024\/04\/P1080998_ergebnis-624x468.jpg 624w\" sizes=\"auto, (max-width: 800px) 100vw, 800px\" \/><\/a><\/p>\n<p>Wir nehmen den steil bergab f\u00fchrenden Bd. Andr\u00e9 Aune, wechseln dann nach rechts auf die Allee Pierre Puget, vorbei an dem Square du Palais de justice d&#8217;Antan, und nach links auf die Rue Breteuil. Die sind wir auch mit dem Bus hochgefahren.<\/p>\n<p><a href=\"https:\/\/olu-limburg.de\/wp-content\/uploads\/2024\/04\/P1090001_ergebnis-e1712163229741.jpg\"><img loading=\"lazy\" decoding=\"async\" class=\"size-full wp-image-31115 aligncenter\" src=\"https:\/\/olu-limburg.de\/wp-content\/uploads\/2024\/04\/P1090001_ergebnis-e1712163229741.jpg\" alt=\"\" width=\"450\" height=\"600\" \/><\/a><\/p>\n<p><a href=\"https:\/\/olu-limburg.de\/wp-content\/uploads\/2024\/04\/P1090003_ergebnis.jpg\"><img loading=\"lazy\" decoding=\"async\" class=\"size-full wp-image-31116 aligncenter\" src=\"https:\/\/olu-limburg.de\/wp-content\/uploads\/2024\/04\/P1090003_ergebnis.jpg\" alt=\"\" width=\"800\" height=\"600\" srcset=\"https:\/\/olu-limburg.de\/wp-content\/uploads\/2024\/04\/P1090003_ergebnis.jpg 800w, https:\/\/olu-limburg.de\/wp-content\/uploads\/2024\/04\/P1090003_ergebnis-300x225.jpg 300w, https:\/\/olu-limburg.de\/wp-content\/uploads\/2024\/04\/P1090003_ergebnis-768x576.jpg 768w, https:\/\/olu-limburg.de\/wp-content\/uploads\/2024\/04\/P1090003_ergebnis-624x468.jpg 624w\" sizes=\"auto, (max-width: 800px) 100vw, 800px\" \/><\/a><\/p>\n<p>Kurz darauf nehmen wir\u00a0 die Rue Grignan, mit einem kurzen Abstecher in die Eglise Saint\u00a0\u00a0\u00a0\u00a0\u00a0 Charles,\u00a0 &#8230;<\/p>\n<p><a href=\"https:\/\/olu-limburg.de\/wp-content\/uploads\/2024\/04\/P1090004_ergebnis.jpg\"><img loading=\"lazy\" decoding=\"async\" class=\"size-full wp-image-31117 aligncenter\" src=\"https:\/\/olu-limburg.de\/wp-content\/uploads\/2024\/04\/P1090004_ergebnis.jpg\" alt=\"\" width=\"800\" height=\"600\" srcset=\"https:\/\/olu-limburg.de\/wp-content\/uploads\/2024\/04\/P1090004_ergebnis.jpg 800w, https:\/\/olu-limburg.de\/wp-content\/uploads\/2024\/04\/P1090004_ergebnis-300x225.jpg 300w, https:\/\/olu-limburg.de\/wp-content\/uploads\/2024\/04\/P1090004_ergebnis-768x576.jpg 768w, https:\/\/olu-limburg.de\/wp-content\/uploads\/2024\/04\/P1090004_ergebnis-624x468.jpg 624w\" sizes=\"auto, (max-width: 800px) 100vw, 800px\" \/><\/a><\/p>\n<p>&#8230; um zu dem Mus\u00e9e Cantini de la Ville de Marseille zu gelangen. Dort haben wir absolut kein Gl\u00fcck. Jedes Mal ist das Museum aus irgendwelchen Gr\u00fcnden geschlossen.<\/p>\n<p><a href=\"https:\/\/olu-limburg.de\/wp-content\/uploads\/2024\/04\/P1090005_ergebnis.jpg\"><img loading=\"lazy\" decoding=\"async\" class=\"size-full wp-image-31118 aligncenter\" src=\"https:\/\/olu-limburg.de\/wp-content\/uploads\/2024\/04\/P1090005_ergebnis.jpg\" alt=\"\" width=\"800\" height=\"600\" srcset=\"https:\/\/olu-limburg.de\/wp-content\/uploads\/2024\/04\/P1090005_ergebnis.jpg 800w, https:\/\/olu-limburg.de\/wp-content\/uploads\/2024\/04\/P1090005_ergebnis-300x225.jpg 300w, https:\/\/olu-limburg.de\/wp-content\/uploads\/2024\/04\/P1090005_ergebnis-768x576.jpg 768w, https:\/\/olu-limburg.de\/wp-content\/uploads\/2024\/04\/P1090005_ergebnis-624x468.jpg 624w\" sizes=\"auto, (max-width: 800px) 100vw, 800px\" \/><\/a><\/p>\n<p><a href=\"https:\/\/olu-limburg.de\/wp-content\/uploads\/2024\/04\/IMG_20220406_142232_ergebnis.jpg\"><img loading=\"lazy\" decoding=\"async\" class=\"size-full wp-image-31131 aligncenter\" src=\"https:\/\/olu-limburg.de\/wp-content\/uploads\/2024\/04\/IMG_20220406_142232_ergebnis.jpg\" alt=\"\" width=\"800\" height=\"600\" srcset=\"https:\/\/olu-limburg.de\/wp-content\/uploads\/2024\/04\/IMG_20220406_142232_ergebnis.jpg 800w, https:\/\/olu-limburg.de\/wp-content\/uploads\/2024\/04\/IMG_20220406_142232_ergebnis-300x225.jpg 300w, https:\/\/olu-limburg.de\/wp-content\/uploads\/2024\/04\/IMG_20220406_142232_ergebnis-768x576.jpg 768w, https:\/\/olu-limburg.de\/wp-content\/uploads\/2024\/04\/IMG_20220406_142232_ergebnis-624x468.jpg 624w\" sizes=\"auto, (max-width: 800px) 100vw, 800px\" \/><\/a><\/p>\n<p><a href=\"https:\/\/olu-limburg.de\/wp-content\/uploads\/2024\/04\/20220406_145924_ergebnis.jpg\"><img loading=\"lazy\" decoding=\"async\" class=\"size-full wp-image-31126 aligncenter\" src=\"https:\/\/olu-limburg.de\/wp-content\/uploads\/2024\/04\/20220406_145924_ergebnis.jpg\" alt=\"\" width=\"800\" height=\"600\" srcset=\"https:\/\/olu-limburg.de\/wp-content\/uploads\/2024\/04\/20220406_145924_ergebnis.jpg 800w, https:\/\/olu-limburg.de\/wp-content\/uploads\/2024\/04\/20220406_145924_ergebnis-300x225.jpg 300w, https:\/\/olu-limburg.de\/wp-content\/uploads\/2024\/04\/20220406_145924_ergebnis-768x576.jpg 768w, https:\/\/olu-limburg.de\/wp-content\/uploads\/2024\/04\/20220406_145924_ergebnis-624x468.jpg 624w\" sizes=\"auto, (max-width: 800px) 100vw, 800px\" \/><\/a><\/p>\n<p>Um den historischen Hafen herum gibt es tolle Restaurants. Nachdem wir uns einige Speisekaren angeschaut haben, entscheiden wir uns f\u00fcr die Bar de la Marie.<\/p>\n<p><a href=\"https:\/\/olu-limburg.de\/wp-content\/uploads\/2024\/04\/IMG_20220406_135639_ergebnis.jpg\"><img loading=\"lazy\" decoding=\"async\" class=\"size-full wp-image-31123 aligncenter\" src=\"https:\/\/olu-limburg.de\/wp-content\/uploads\/2024\/04\/IMG_20220406_135639_ergebnis.jpg\" alt=\"\" width=\"800\" height=\"600\" srcset=\"https:\/\/olu-limburg.de\/wp-content\/uploads\/2024\/04\/IMG_20220406_135639_ergebnis.jpg 800w, https:\/\/olu-limburg.de\/wp-content\/uploads\/2024\/04\/IMG_20220406_135639_ergebnis-300x225.jpg 300w, https:\/\/olu-limburg.de\/wp-content\/uploads\/2024\/04\/IMG_20220406_135639_ergebnis-768x576.jpg 768w, https:\/\/olu-limburg.de\/wp-content\/uploads\/2024\/04\/IMG_20220406_135639_ergebnis-624x468.jpg 624w\" sizes=\"auto, (max-width: 800px) 100vw, 800px\" \/><\/a><\/p>\n<p>Die Bedienung hat gerade Stress mit ihrem Chef. Als Ausgleich erhalten wir von ihr einen doppelten Pastis f\u00fcr einen reduzierten Preis. Das sehen wir aber erst nachher.<\/p>\n<p><strong>Gemeinsame Vorspeise:<\/strong><\/p>\n<p>Salat friture<\/p>\n<p><a href=\"https:\/\/olu-limburg.de\/wp-content\/uploads\/2024\/04\/IMG_20220406_132210_ergebnis.jpg\"><img loading=\"lazy\" decoding=\"async\" class=\"size-full wp-image-31119 aligncenter\" src=\"https:\/\/olu-limburg.de\/wp-content\/uploads\/2024\/04\/IMG_20220406_132210_ergebnis.jpg\" alt=\"\" width=\"800\" height=\"600\" srcset=\"https:\/\/olu-limburg.de\/wp-content\/uploads\/2024\/04\/IMG_20220406_132210_ergebnis.jpg 800w, https:\/\/olu-limburg.de\/wp-content\/uploads\/2024\/04\/IMG_20220406_132210_ergebnis-300x225.jpg 300w, https:\/\/olu-limburg.de\/wp-content\/uploads\/2024\/04\/IMG_20220406_132210_ergebnis-768x576.jpg 768w, https:\/\/olu-limburg.de\/wp-content\/uploads\/2024\/04\/IMG_20220406_132210_ergebnis-624x468.jpg 624w\" sizes=\"auto, (max-width: 800px) 100vw, 800px\" \/><\/a><\/p>\n<p><strong>Hauptgericht:<\/strong><\/p>\n<p>Marmite facon Bouillabaisse\u00a0 ( In Marseille geh\u00f6rt es einfach dazu, dass man eine Bouillabaise ist.)<\/p>\n<p><a href=\"https:\/\/olu-limburg.de\/wp-content\/uploads\/2024\/04\/IMG_20220406_133840_ergebnis.jpg\"><img loading=\"lazy\" decoding=\"async\" class=\"size-full wp-image-31121 aligncenter\" src=\"https:\/\/olu-limburg.de\/wp-content\/uploads\/2024\/04\/IMG_20220406_133840_ergebnis.jpg\" alt=\"\" width=\"800\" height=\"600\" srcset=\"https:\/\/olu-limburg.de\/wp-content\/uploads\/2024\/04\/IMG_20220406_133840_ergebnis.jpg 800w, https:\/\/olu-limburg.de\/wp-content\/uploads\/2024\/04\/IMG_20220406_133840_ergebnis-300x225.jpg 300w, https:\/\/olu-limburg.de\/wp-content\/uploads\/2024\/04\/IMG_20220406_133840_ergebnis-768x576.jpg 768w, https:\/\/olu-limburg.de\/wp-content\/uploads\/2024\/04\/IMG_20220406_133840_ergebnis-624x468.jpg 624w\" sizes=\"auto, (max-width: 800px) 100vw, 800px\" \/><\/a><\/p>\n<p><a href=\"https:\/\/olu-limburg.de\/wp-content\/uploads\/2024\/04\/IMG_20220406_133832_ergebnis-e1712313195224.jpg\"><img loading=\"lazy\" decoding=\"async\" class=\"size-full wp-image-31120 aligncenter\" src=\"https:\/\/olu-limburg.de\/wp-content\/uploads\/2024\/04\/IMG_20220406_133832_ergebnis-e1712313195224.jpg\" alt=\"\" width=\"450\" height=\"600\" \/><\/a><\/p>\n<p>Und zusammen sieht das dann so aus.<\/p>\n<p><a href=\"https:\/\/olu-limburg.de\/wp-content\/uploads\/2024\/04\/IMG_20220406_134005_ergebnis.jpg\"><img loading=\"lazy\" decoding=\"async\" class=\"size-full wp-image-31122 aligncenter\" src=\"https:\/\/olu-limburg.de\/wp-content\/uploads\/2024\/04\/IMG_20220406_134005_ergebnis.jpg\" alt=\"\" width=\"800\" height=\"600\" srcset=\"https:\/\/olu-limburg.de\/wp-content\/uploads\/2024\/04\/IMG_20220406_134005_ergebnis.jpg 800w, https:\/\/olu-limburg.de\/wp-content\/uploads\/2024\/04\/IMG_20220406_134005_ergebnis-300x225.jpg 300w, https:\/\/olu-limburg.de\/wp-content\/uploads\/2024\/04\/IMG_20220406_134005_ergebnis-768x576.jpg 768w, https:\/\/olu-limburg.de\/wp-content\/uploads\/2024\/04\/IMG_20220406_134005_ergebnis-624x468.jpg 624w\" sizes=\"auto, (max-width: 800px) 100vw, 800px\" \/><\/a><\/p>\n<p><a href=\"https:\/\/olu-limburg.de\/wp-content\/uploads\/2024\/04\/20220406_141159_ergebnis-e1712244930135.jpg\"><img loading=\"lazy\" decoding=\"async\" class=\"size-full wp-image-31125 aligncenter\" src=\"https:\/\/olu-limburg.de\/wp-content\/uploads\/2024\/04\/20220406_141159_ergebnis-e1712244930135.jpg\" alt=\"\" width=\"450\" height=\"600\" \/><\/a><\/p>\n<p>Ges\u00e4ttigt setzen wir unseren Spaziergang fort. Unser Ziel ist das nicht weit entfernte &#8222;Mucem&#8220;, das neben dem Hafeneingang steht.<\/p>\n<p><a href=\"https:\/\/olu-limburg.de\/wp-content\/uploads\/2024\/04\/P1070894_ergebnis.jpg\"><img loading=\"lazy\" decoding=\"async\" class=\"size-full wp-image-31128 aligncenter\" src=\"https:\/\/olu-limburg.de\/wp-content\/uploads\/2024\/04\/P1070894_ergebnis.jpg\" alt=\"\" width=\"800\" height=\"600\" srcset=\"https:\/\/olu-limburg.de\/wp-content\/uploads\/2024\/04\/P1070894_ergebnis.jpg 800w, https:\/\/olu-limburg.de\/wp-content\/uploads\/2024\/04\/P1070894_ergebnis-300x225.jpg 300w, https:\/\/olu-limburg.de\/wp-content\/uploads\/2024\/04\/P1070894_ergebnis-768x576.jpg 768w, https:\/\/olu-limburg.de\/wp-content\/uploads\/2024\/04\/P1070894_ergebnis-624x468.jpg 624w\" sizes=\"auto, (max-width: 800px) 100vw, 800px\" \/><\/a><\/p>\n<p><a href=\"https:\/\/olu-limburg.de\/wp-content\/uploads\/2024\/04\/P1090007_ergebnis.jpg\"><img loading=\"lazy\" decoding=\"async\" class=\"size-full wp-image-31135 aligncenter\" src=\"https:\/\/olu-limburg.de\/wp-content\/uploads\/2024\/04\/P1090007_ergebnis.jpg\" alt=\"\" width=\"800\" height=\"600\" srcset=\"https:\/\/olu-limburg.de\/wp-content\/uploads\/2024\/04\/P1090007_ergebnis.jpg 800w, https:\/\/olu-limburg.de\/wp-content\/uploads\/2024\/04\/P1090007_ergebnis-300x225.jpg 300w, https:\/\/olu-limburg.de\/wp-content\/uploads\/2024\/04\/P1090007_ergebnis-768x576.jpg 768w, https:\/\/olu-limburg.de\/wp-content\/uploads\/2024\/04\/P1090007_ergebnis-624x468.jpg 624w\" sizes=\"auto, (max-width: 800px) 100vw, 800px\" \/><\/a><\/p>\n<p><a href=\"https:\/\/olu-limburg.de\/wp-content\/uploads\/2024\/04\/IMG_20220406_143911_ergebnis-e1712314850131.jpg\"><img loading=\"lazy\" decoding=\"async\" class=\"size-full wp-image-31134 aligncenter\" src=\"https:\/\/olu-limburg.de\/wp-content\/uploads\/2024\/04\/IMG_20220406_143911_ergebnis-e1712314850131.jpg\" alt=\"\" width=\"450\" height=\"600\" \/><\/a><\/p>\n<div id=\"attachment_31133\" style=\"width: 810px\" class=\"wp-caption aligncenter\"><a href=\"https:\/\/olu-limburg.de\/wp-content\/uploads\/2024\/04\/IMG_20220406_143859_ergebnis.jpg\"><img loading=\"lazy\" decoding=\"async\" aria-describedby=\"caption-attachment-31133\" class=\"wp-image-31133 size-full\" src=\"https:\/\/olu-limburg.de\/wp-content\/uploads\/2024\/04\/IMG_20220406_143859_ergebnis.jpg\" alt=\"\" width=\"800\" height=\"600\" srcset=\"https:\/\/olu-limburg.de\/wp-content\/uploads\/2024\/04\/IMG_20220406_143859_ergebnis.jpg 800w, https:\/\/olu-limburg.de\/wp-content\/uploads\/2024\/04\/IMG_20220406_143859_ergebnis-300x225.jpg 300w, https:\/\/olu-limburg.de\/wp-content\/uploads\/2024\/04\/IMG_20220406_143859_ergebnis-768x576.jpg 768w, https:\/\/olu-limburg.de\/wp-content\/uploads\/2024\/04\/IMG_20220406_143859_ergebnis-624x468.jpg 624w\" sizes=\"auto, (max-width: 800px) 100vw, 800px\" \/><\/a><p id=\"caption-attachment-31133\" class=\"wp-caption-text\">Ricard, Pastis de Marseille<\/p><\/div>\n<p>Es gibt aber noch viele weitere Pastis-Produkte mit unterschiedlichen Kr\u00e4uterbeigaben.<\/p>\n<p><a href=\"https:\/\/olu-limburg.de\/wp-content\/uploads\/2024\/04\/IMG_20220406_143623_ergebnis.jpg\"><img loading=\"lazy\" decoding=\"async\" class=\"size-full wp-image-31132 aligncenter\" src=\"https:\/\/olu-limburg.de\/wp-content\/uploads\/2024\/04\/IMG_20220406_143623_ergebnis.jpg\" alt=\"\" width=\"800\" height=\"600\" srcset=\"https:\/\/olu-limburg.de\/wp-content\/uploads\/2024\/04\/IMG_20220406_143623_ergebnis.jpg 800w, https:\/\/olu-limburg.de\/wp-content\/uploads\/2024\/04\/IMG_20220406_143623_ergebnis-300x225.jpg 300w, https:\/\/olu-limburg.de\/wp-content\/uploads\/2024\/04\/IMG_20220406_143623_ergebnis-768x576.jpg 768w, https:\/\/olu-limburg.de\/wp-content\/uploads\/2024\/04\/IMG_20220406_143623_ergebnis-624x468.jpg 624w\" sizes=\"auto, (max-width: 800px) 100vw, 800px\" \/><\/a><\/p>\n<p>Der Mucem-Komplex ist eine Kooperation von alt und neu, und vermittelt die Lebensumst\u00e4nde in Europa und dem mediterranem Raum. Es werden aber auch zahlreiche Kunstausstellungen angeboten.<\/p>\n<p><a href=\"https:\/\/olu-limburg.de\/wp-content\/uploads\/2024\/04\/P1090028_ergebnis.jpg\"><img loading=\"lazy\" decoding=\"async\" class=\"size-full wp-image-31136 aligncenter\" src=\"https:\/\/olu-limburg.de\/wp-content\/uploads\/2024\/04\/P1090028_ergebnis.jpg\" alt=\"\" width=\"800\" height=\"600\" srcset=\"https:\/\/olu-limburg.de\/wp-content\/uploads\/2024\/04\/P1090028_ergebnis.jpg 800w, https:\/\/olu-limburg.de\/wp-content\/uploads\/2024\/04\/P1090028_ergebnis-300x225.jpg 300w, https:\/\/olu-limburg.de\/wp-content\/uploads\/2024\/04\/P1090028_ergebnis-768x576.jpg 768w, https:\/\/olu-limburg.de\/wp-content\/uploads\/2024\/04\/P1090028_ergebnis-624x468.jpg 624w\" sizes=\"auto, (max-width: 800px) 100vw, 800px\" \/><\/a><\/p>\n<p>Von der Festungsruine aus gelangen wir \u00fcber Treppen und Br\u00fccken zum Mucem.<\/p>\n<p><a href=\"https:\/\/olu-limburg.de\/wp-content\/uploads\/2024\/04\/IMG_20220406_151035_ergebnis.jpg\"><img loading=\"lazy\" decoding=\"async\" class=\"size-full wp-image-31137 aligncenter\" src=\"https:\/\/olu-limburg.de\/wp-content\/uploads\/2024\/04\/IMG_20220406_151035_ergebnis.jpg\" alt=\"\" width=\"800\" height=\"600\" srcset=\"https:\/\/olu-limburg.de\/wp-content\/uploads\/2024\/04\/IMG_20220406_151035_ergebnis.jpg 800w, https:\/\/olu-limburg.de\/wp-content\/uploads\/2024\/04\/IMG_20220406_151035_ergebnis-300x225.jpg 300w, https:\/\/olu-limburg.de\/wp-content\/uploads\/2024\/04\/IMG_20220406_151035_ergebnis-768x576.jpg 768w, https:\/\/olu-limburg.de\/wp-content\/uploads\/2024\/04\/IMG_20220406_151035_ergebnis-624x468.jpg 624w\" sizes=\"auto, (max-width: 800px) 100vw, 800px\" \/><\/a><\/p>\n<p>Wir halten uns weitestgehend in den Au\u00dfenbereichen auf, da uns die Darstellungen mit den Beschreibungen nicht so viel bringen. Und f\u00fcr die Kunstausstellung zu dem K\u00fcnstler Abd-el-Kader h\u00e4tten wir eine Beschreibung in deutsch oder englisch ben\u00f6tigt.<\/p>\n<p><a href=\"https:\/\/olu-limburg.de\/wp-content\/uploads\/2024\/04\/IMG_20220406_151213_ergebnis-e1712315724368.jpg\"><img loading=\"lazy\" decoding=\"async\" class=\"size-full wp-image-31138 alignleft\" src=\"https:\/\/olu-limburg.de\/wp-content\/uploads\/2024\/04\/IMG_20220406_151213_ergebnis-e1712315724368.jpg\" alt=\"\" width=\"450\" height=\"600\" \/><\/a><\/p>\n<p><a href=\"https:\/\/olu-limburg.de\/wp-content\/uploads\/2024\/04\/20220406_151236_ergebnis-e1712245052102.jpg\"><img loading=\"lazy\" decoding=\"async\" class=\"size-full wp-image-31127 alignright\" src=\"https:\/\/olu-limburg.de\/wp-content\/uploads\/2024\/04\/20220406_151236_ergebnis-e1712245052102.jpg\" alt=\"\" width=\"450\" height=\"600\" \/><\/a><\/p>\n<p><a href=\"https:\/\/olu-limburg.de\/wp-content\/uploads\/2024\/04\/P1090008_ergebnis.jpg\"><img loading=\"lazy\" decoding=\"async\" class=\"size-full wp-image-31140 aligncenter\" src=\"https:\/\/olu-limburg.de\/wp-content\/uploads\/2024\/04\/P1090008_ergebnis.jpg\" alt=\"\" width=\"800\" height=\"600\" srcset=\"https:\/\/olu-limburg.de\/wp-content\/uploads\/2024\/04\/P1090008_ergebnis.jpg 800w, https:\/\/olu-limburg.de\/wp-content\/uploads\/2024\/04\/P1090008_ergebnis-300x225.jpg 300w, https:\/\/olu-limburg.de\/wp-content\/uploads\/2024\/04\/P1090008_ergebnis-768x576.jpg 768w, https:\/\/olu-limburg.de\/wp-content\/uploads\/2024\/04\/P1090008_ergebnis-624x468.jpg 624w\" sizes=\"auto, (max-width: 800px) 100vw, 800px\" \/><\/a><\/p>\n<p><a href=\"https:\/\/olu-limburg.de\/wp-content\/uploads\/2024\/04\/P1090012_ergebnis.jpg\"><img loading=\"lazy\" decoding=\"async\" class=\"size-full wp-image-31141 aligncenter\" src=\"https:\/\/olu-limburg.de\/wp-content\/uploads\/2024\/04\/P1090012_ergebnis.jpg\" alt=\"\" width=\"800\" height=\"600\" srcset=\"https:\/\/olu-limburg.de\/wp-content\/uploads\/2024\/04\/P1090012_ergebnis.jpg 800w, https:\/\/olu-limburg.de\/wp-content\/uploads\/2024\/04\/P1090012_ergebnis-300x225.jpg 300w, https:\/\/olu-limburg.de\/wp-content\/uploads\/2024\/04\/P1090012_ergebnis-768x576.jpg 768w, https:\/\/olu-limburg.de\/wp-content\/uploads\/2024\/04\/P1090012_ergebnis-624x468.jpg 624w\" sizes=\"auto, (max-width: 800px) 100vw, 800px\" \/><\/a><\/p>\n<p><a href=\"https:\/\/olu-limburg.de\/wp-content\/uploads\/2024\/04\/P1090027_ergebnis.jpg\"><img loading=\"lazy\" decoding=\"async\" class=\"size-full wp-image-31148 aligncenter\" src=\"https:\/\/olu-limburg.de\/wp-content\/uploads\/2024\/04\/P1090027_ergebnis.jpg\" alt=\"\" width=\"800\" height=\"600\" srcset=\"https:\/\/olu-limburg.de\/wp-content\/uploads\/2024\/04\/P1090027_ergebnis.jpg 800w, https:\/\/olu-limburg.de\/wp-content\/uploads\/2024\/04\/P1090027_ergebnis-300x225.jpg 300w, https:\/\/olu-limburg.de\/wp-content\/uploads\/2024\/04\/P1090027_ergebnis-768x576.jpg 768w, https:\/\/olu-limburg.de\/wp-content\/uploads\/2024\/04\/P1090027_ergebnis-624x468.jpg 624w\" sizes=\"auto, (max-width: 800px) 100vw, 800px\" \/><\/a><\/p>\n<p><a href=\"https:\/\/olu-limburg.de\/wp-content\/uploads\/2024\/04\/P1090025_ergebnis.jpg\"><img loading=\"lazy\" decoding=\"async\" class=\"size-full wp-image-31145 aligncenter\" src=\"https:\/\/olu-limburg.de\/wp-content\/uploads\/2024\/04\/P1090025_ergebnis.jpg\" alt=\"\" width=\"800\" height=\"600\" srcset=\"https:\/\/olu-limburg.de\/wp-content\/uploads\/2024\/04\/P1090025_ergebnis.jpg 800w, https:\/\/olu-limburg.de\/wp-content\/uploads\/2024\/04\/P1090025_ergebnis-300x225.jpg 300w, https:\/\/olu-limburg.de\/wp-content\/uploads\/2024\/04\/P1090025_ergebnis-768x576.jpg 768w, https:\/\/olu-limburg.de\/wp-content\/uploads\/2024\/04\/P1090025_ergebnis-624x468.jpg 624w\" sizes=\"auto, (max-width: 800px) 100vw, 800px\" \/><\/a><\/p>\n<p>Und die Aussicht von hier ist einfach toll.<\/p>\n<p><a href=\"https:\/\/olu-limburg.de\/wp-content\/uploads\/2024\/04\/P1090014_ergebnis.jpg\"><img loading=\"lazy\" decoding=\"async\" class=\"size-full wp-image-31142 aligncenter\" src=\"https:\/\/olu-limburg.de\/wp-content\/uploads\/2024\/04\/P1090014_ergebnis.jpg\" alt=\"\" width=\"800\" height=\"600\" srcset=\"https:\/\/olu-limburg.de\/wp-content\/uploads\/2024\/04\/P1090014_ergebnis.jpg 800w, https:\/\/olu-limburg.de\/wp-content\/uploads\/2024\/04\/P1090014_ergebnis-300x225.jpg 300w, https:\/\/olu-limburg.de\/wp-content\/uploads\/2024\/04\/P1090014_ergebnis-768x576.jpg 768w, https:\/\/olu-limburg.de\/wp-content\/uploads\/2024\/04\/P1090014_ergebnis-624x468.jpg 624w\" sizes=\"auto, (max-width: 800px) 100vw, 800px\" \/><\/a><\/p>\n<div id=\"attachment_31143\" style=\"width: 810px\" class=\"wp-caption aligncenter\"><a href=\"https:\/\/olu-limburg.de\/wp-content\/uploads\/2024\/04\/P1090020_ergebnis.jpg\"><img loading=\"lazy\" decoding=\"async\" aria-describedby=\"caption-attachment-31143\" class=\"wp-image-31143 size-full\" src=\"https:\/\/olu-limburg.de\/wp-content\/uploads\/2024\/04\/P1090020_ergebnis.jpg\" alt=\"\" width=\"800\" height=\"600\" srcset=\"https:\/\/olu-limburg.de\/wp-content\/uploads\/2024\/04\/P1090020_ergebnis.jpg 800w, https:\/\/olu-limburg.de\/wp-content\/uploads\/2024\/04\/P1090020_ergebnis-300x225.jpg 300w, https:\/\/olu-limburg.de\/wp-content\/uploads\/2024\/04\/P1090020_ergebnis-768x576.jpg 768w, https:\/\/olu-limburg.de\/wp-content\/uploads\/2024\/04\/P1090020_ergebnis-624x468.jpg 624w\" sizes=\"auto, (max-width: 800px) 100vw, 800px\" \/><\/a><p id=\"caption-attachment-31143\" class=\"wp-caption-text\">\u00c9glise Saint-Laurent<\/p><\/div>\n<div id=\"attachment_31144\" style=\"width: 810px\" class=\"wp-caption aligncenter\"><a href=\"https:\/\/olu-limburg.de\/wp-content\/uploads\/2024\/04\/P1090021_ergebnis.jpg\"><img loading=\"lazy\" decoding=\"async\" aria-describedby=\"caption-attachment-31144\" class=\"wp-image-31144 size-full\" src=\"https:\/\/olu-limburg.de\/wp-content\/uploads\/2024\/04\/P1090021_ergebnis.jpg\" alt=\"\" width=\"800\" height=\"600\" srcset=\"https:\/\/olu-limburg.de\/wp-content\/uploads\/2024\/04\/P1090021_ergebnis.jpg 800w, https:\/\/olu-limburg.de\/wp-content\/uploads\/2024\/04\/P1090021_ergebnis-300x225.jpg 300w, https:\/\/olu-limburg.de\/wp-content\/uploads\/2024\/04\/P1090021_ergebnis-768x576.jpg 768w, https:\/\/olu-limburg.de\/wp-content\/uploads\/2024\/04\/P1090021_ergebnis-624x468.jpg 624w\" sizes=\"auto, (max-width: 800px) 100vw, 800px\" \/><\/a><p id=\"caption-attachment-31144\" class=\"wp-caption-text\">Cath\u00e9drale La Major<\/p><\/div>\n<p><a href=\"https:\/\/olu-limburg.de\/wp-content\/uploads\/2024\/04\/P1070908_ergebnis.jpg\"><img loading=\"lazy\" decoding=\"async\" class=\"size-full wp-image-31178 aligncenter\" src=\"https:\/\/olu-limburg.de\/wp-content\/uploads\/2024\/04\/P1070908_ergebnis.jpg\" alt=\"\" width=\"800\" height=\"600\" srcset=\"https:\/\/olu-limburg.de\/wp-content\/uploads\/2024\/04\/P1070908_ergebnis.jpg 800w, https:\/\/olu-limburg.de\/wp-content\/uploads\/2024\/04\/P1070908_ergebnis-300x225.jpg 300w, https:\/\/olu-limburg.de\/wp-content\/uploads\/2024\/04\/P1070908_ergebnis-768x576.jpg 768w, https:\/\/olu-limburg.de\/wp-content\/uploads\/2024\/04\/P1070908_ergebnis-624x468.jpg 624w\" sizes=\"auto, (max-width: 800px) 100vw, 800px\" \/><\/a><\/p>\n<p><a href=\"https:\/\/olu-limburg.de\/wp-content\/uploads\/2024\/04\/P1090029_ergebnis.jpg\"><img loading=\"lazy\" decoding=\"async\" class=\"size-full wp-image-31146 aligncenter\" src=\"https:\/\/olu-limburg.de\/wp-content\/uploads\/2024\/04\/P1090029_ergebnis.jpg\" alt=\"\" width=\"800\" height=\"600\" srcset=\"https:\/\/olu-limburg.de\/wp-content\/uploads\/2024\/04\/P1090029_ergebnis.jpg 800w, https:\/\/olu-limburg.de\/wp-content\/uploads\/2024\/04\/P1090029_ergebnis-300x225.jpg 300w, https:\/\/olu-limburg.de\/wp-content\/uploads\/2024\/04\/P1090029_ergebnis-768x576.jpg 768w, https:\/\/olu-limburg.de\/wp-content\/uploads\/2024\/04\/P1090029_ergebnis-624x468.jpg 624w\" sizes=\"auto, (max-width: 800px) 100vw, 800px\" \/><\/a><\/p>\n<p>Wir sind mittlerweile etwas m\u00fcde geworden. Und wenn ein Bus p\u00fcnktlich an der Haltestelle erschienen w\u00e4re, h\u00e4tten wir sofort eine passende Zugverbindung f\u00fcr die R\u00fcckfahrt gehabt. Also halte ich ein Taxi an, und wir fahren f\u00fcr EUR 8,00 zum Bahnhof. Hinter uns erscheint dann pl\u00f6tzlich der n\u00e4chste Bus.<\/p>\n<p>Im Berufsverkehr gibt es nun mehr Zugverbindungen und in k\u00fcrzeren Abst\u00e4nden. Und wieder fahren wir an den wundersch\u00f6nen Buchten der Calanques entlang.<\/p>\n<p><a href=\"https:\/\/olu-limburg.de\/wp-content\/uploads\/2024\/04\/P1090032_ergebnis.jpg\"><img loading=\"lazy\" decoding=\"async\" class=\"size-full wp-image-31147 aligncenter\" src=\"https:\/\/olu-limburg.de\/wp-content\/uploads\/2024\/04\/P1090032_ergebnis.jpg\" alt=\"\" width=\"800\" height=\"600\" srcset=\"https:\/\/olu-limburg.de\/wp-content\/uploads\/2024\/04\/P1090032_ergebnis.jpg 800w, https:\/\/olu-limburg.de\/wp-content\/uploads\/2024\/04\/P1090032_ergebnis-300x225.jpg 300w, https:\/\/olu-limburg.de\/wp-content\/uploads\/2024\/04\/P1090032_ergebnis-768x576.jpg 768w, https:\/\/olu-limburg.de\/wp-content\/uploads\/2024\/04\/P1090032_ergebnis-624x468.jpg 624w\" sizes=\"auto, (max-width: 800px) 100vw, 800px\" \/><\/a><\/p>\n<p>In La Couronne m\u00fcssen wir nun etwas l\u00e4nger warten, bis wieder ein Bus nach Carro f\u00e4hrt. Wir verk\u00fcrzen uns die Zeit im Au\u00dfenbereich einer Bar und nehmen ein Kaltgetr\u00e4nk zu uns.<\/p>\n<p>Es war ein anstrengender Tag.<\/p>\n<p>Tagesstrecke: 0 km<\/p>\n<p>&nbsp;<\/p>\n<p><strong>Donnerstag, 07.04.2022<\/strong><\/p>\n<p>Bei meinem morgendlichen Gang zum B\u00e4cker sondiere ich wieder das Angebot des werkt\u00e4glichen Fischmarktes. Es ist aber kaum etwas los. Und da wir uns entschlossen haben, heute noch mit dem Bus nach Martigues zu fahren, mache ich auf meinem Weg schon ein Foto des Busfahrplans.<\/p>\n<p><a href=\"https:\/\/olu-limburg.de\/wp-content\/uploads\/2024\/04\/IMG_20220407_123649_ergebnis-e1712331918907.jpg\"><img loading=\"lazy\" decoding=\"async\" class=\"size-full wp-image-31153 aligncenter\" src=\"https:\/\/olu-limburg.de\/wp-content\/uploads\/2024\/04\/IMG_20220407_123649_ergebnis-e1712331918907.jpg\" alt=\"\" width=\"450\" height=\"600\" \/><\/a><\/p>\n<p>Die Fahrt nach Martigues dauert nicht lange. Wir steigen am Canal de Carontes aus. Der Kanal, der den \u00c9tang de Berre mit dem Golf du Fos verbindet, teilt auch gleichzeitig die Stadt Martigues in zwei Hauptbereiche, Jonqui\u00e8res und Ferri\u00e8res, mit einer kleinen dazwischen liegenden Insel, dem alten Ortskern L&#8217;Isle.<\/p>\n<p><a href=\"https:\/\/olu-limburg.de\/wp-content\/uploads\/2024\/04\/P1090033_ergebnis.jpg\"><img loading=\"lazy\" decoding=\"async\" class=\"size-full wp-image-31160 aligncenter\" src=\"https:\/\/olu-limburg.de\/wp-content\/uploads\/2024\/04\/P1090033_ergebnis.jpg\" alt=\"\" width=\"800\" height=\"600\" srcset=\"https:\/\/olu-limburg.de\/wp-content\/uploads\/2024\/04\/P1090033_ergebnis.jpg 800w, https:\/\/olu-limburg.de\/wp-content\/uploads\/2024\/04\/P1090033_ergebnis-300x225.jpg 300w, https:\/\/olu-limburg.de\/wp-content\/uploads\/2024\/04\/P1090033_ergebnis-768x576.jpg 768w, https:\/\/olu-limburg.de\/wp-content\/uploads\/2024\/04\/P1090033_ergebnis-624x468.jpg 624w\" sizes=\"auto, (max-width: 800px) 100vw, 800px\" \/><\/a><\/p>\n<p><a href=\"https:\/\/olu-limburg.de\/wp-content\/uploads\/2024\/04\/P1090054_ergebnis.jpg\"><img loading=\"lazy\" decoding=\"async\" class=\"size-full wp-image-31170 aligncenter\" src=\"https:\/\/olu-limburg.de\/wp-content\/uploads\/2024\/04\/P1090054_ergebnis.jpg\" alt=\"\" width=\"800\" height=\"600\" srcset=\"https:\/\/olu-limburg.de\/wp-content\/uploads\/2024\/04\/P1090054_ergebnis.jpg 800w, https:\/\/olu-limburg.de\/wp-content\/uploads\/2024\/04\/P1090054_ergebnis-300x225.jpg 300w, https:\/\/olu-limburg.de\/wp-content\/uploads\/2024\/04\/P1090054_ergebnis-768x576.jpg 768w, https:\/\/olu-limburg.de\/wp-content\/uploads\/2024\/04\/P1090054_ergebnis-624x468.jpg 624w\" sizes=\"auto, (max-width: 800px) 100vw, 800px\" \/><\/a><\/p>\n<p>Wir \u00fcberqueren die erste Br\u00fccke am Quai Kl\u00e9ber und landen auf der kleinen eng bebauten Insel. Dort streifen wir durch einige enge Gassen &#8230;<\/p>\n<p><a href=\"https:\/\/olu-limburg.de\/wp-content\/uploads\/2024\/04\/IMG_20220407_123843_ergebnis-e1712332186837.jpg\"><img loading=\"lazy\" decoding=\"async\" class=\"size-full wp-image-31154 aligncenter\" src=\"https:\/\/olu-limburg.de\/wp-content\/uploads\/2024\/04\/IMG_20220407_123843_ergebnis-e1712332186837.jpg\" alt=\"\" width=\"450\" height=\"600\" \/><\/a><\/p>\n<p><a href=\"https:\/\/olu-limburg.de\/wp-content\/uploads\/2024\/04\/P1090035_ergebnis.jpg\"><img loading=\"lazy\" decoding=\"async\" class=\"size-full wp-image-31161 aligncenter\" src=\"https:\/\/olu-limburg.de\/wp-content\/uploads\/2024\/04\/P1090035_ergebnis.jpg\" alt=\"\" width=\"800\" height=\"600\" srcset=\"https:\/\/olu-limburg.de\/wp-content\/uploads\/2024\/04\/P1090035_ergebnis.jpg 800w, https:\/\/olu-limburg.de\/wp-content\/uploads\/2024\/04\/P1090035_ergebnis-300x225.jpg 300w, https:\/\/olu-limburg.de\/wp-content\/uploads\/2024\/04\/P1090035_ergebnis-768x576.jpg 768w, https:\/\/olu-limburg.de\/wp-content\/uploads\/2024\/04\/P1090035_ergebnis-624x468.jpg 624w\" sizes=\"auto, (max-width: 800px) 100vw, 800px\" \/><\/a><\/p>\n<p>&#8230; bis wir bei einem inneren Kanal mit vielen Bootsanlegestellen landen. Kein Wunder das Martigues in S\u00fcdfrankreich auch als &#8222;Venedig der Provence&#8220; bezeichnet wird. Und es gibt sch\u00f6ne Restaurants am kleinen Bootshafen. Diese H\u00e4userzeile wird Miroir aux Oisseuax genannt und steht unter Denkmalschutz. Bei unserer ersten Wahl, links auf dem folgenden Bild, sind leider alle Tische reserviert.<\/p>\n<p><a href=\"https:\/\/olu-limburg.de\/wp-content\/uploads\/2024\/04\/P1070912_ergebnis.jpg\"><img loading=\"lazy\" decoding=\"async\" class=\"size-full wp-image-31179 aligncenter\" src=\"https:\/\/olu-limburg.de\/wp-content\/uploads\/2024\/04\/P1070912_ergebnis.jpg\" alt=\"\" width=\"800\" height=\"600\" srcset=\"https:\/\/olu-limburg.de\/wp-content\/uploads\/2024\/04\/P1070912_ergebnis.jpg 800w, https:\/\/olu-limburg.de\/wp-content\/uploads\/2024\/04\/P1070912_ergebnis-300x225.jpg 300w, https:\/\/olu-limburg.de\/wp-content\/uploads\/2024\/04\/P1070912_ergebnis-768x576.jpg 768w, https:\/\/olu-limburg.de\/wp-content\/uploads\/2024\/04\/P1070912_ergebnis-624x468.jpg 624w\" sizes=\"auto, (max-width: 800px) 100vw, 800px\" \/><\/a><\/p>\n<p>Aber auch wir finden etwas, n\u00e4mlich das Restaurant &#8222;Accademia Caffe&#8220;.<\/p>\n<p><a href=\"https:\/\/olu-limburg.de\/wp-content\/uploads\/2024\/04\/IMG_20220407_141432_ergebnis.jpg\"><img loading=\"lazy\" decoding=\"async\" class=\"size-full wp-image-31159 aligncenter\" src=\"https:\/\/olu-limburg.de\/wp-content\/uploads\/2024\/04\/IMG_20220407_141432_ergebnis.jpg\" alt=\"\" width=\"800\" height=\"600\" srcset=\"https:\/\/olu-limburg.de\/wp-content\/uploads\/2024\/04\/IMG_20220407_141432_ergebnis.jpg 800w, https:\/\/olu-limburg.de\/wp-content\/uploads\/2024\/04\/IMG_20220407_141432_ergebnis-300x225.jpg 300w, https:\/\/olu-limburg.de\/wp-content\/uploads\/2024\/04\/IMG_20220407_141432_ergebnis-768x576.jpg 768w, https:\/\/olu-limburg.de\/wp-content\/uploads\/2024\/04\/IMG_20220407_141432_ergebnis-624x468.jpg 624w\" sizes=\"auto, (max-width: 800px) 100vw, 800px\" \/><\/a><\/p>\n<p><a href=\"https:\/\/olu-limburg.de\/wp-content\/uploads\/2024\/04\/IMG_20220407_141406_ergebnis-e1712332953850.jpg\"><img loading=\"lazy\" decoding=\"async\" class=\"size-full wp-image-31158 aligncenter\" src=\"https:\/\/olu-limburg.de\/wp-content\/uploads\/2024\/04\/IMG_20220407_141406_ergebnis-e1712332953850.jpg\" alt=\"\" width=\"450\" height=\"600\" \/><\/a><\/p>\n<p><strong>Entr\u00e9e:<\/strong> Ceviche de daurade, l\u00e9gumes craquants, carpaccio de betterave (Salat aus einer kalt gegarten Dorade, knackiges Gem\u00fcse, Ringelbete Carpaccio)<\/p>\n<p><a href=\"https:\/\/olu-limburg.de\/wp-content\/uploads\/2024\/04\/IMG_20220407_131139_ergebnis.jpg\"><img loading=\"lazy\" decoding=\"async\" class=\"size-full wp-image-31156 aligncenter\" src=\"https:\/\/olu-limburg.de\/wp-content\/uploads\/2024\/04\/IMG_20220407_131139_ergebnis.jpg\" alt=\"\" width=\"800\" height=\"600\" srcset=\"https:\/\/olu-limburg.de\/wp-content\/uploads\/2024\/04\/IMG_20220407_131139_ergebnis.jpg 800w, https:\/\/olu-limburg.de\/wp-content\/uploads\/2024\/04\/IMG_20220407_131139_ergebnis-300x225.jpg 300w, https:\/\/olu-limburg.de\/wp-content\/uploads\/2024\/04\/IMG_20220407_131139_ergebnis-768x576.jpg 768w, https:\/\/olu-limburg.de\/wp-content\/uploads\/2024\/04\/IMG_20220407_131139_ergebnis-624x468.jpg 624w\" sizes=\"auto, (max-width: 800px) 100vw, 800px\" \/><\/a><\/p>\n<p><strong>Plat:<\/strong> Morue, legumes, ebly (Kabeljau, Gem\u00fcse, Zartweizenk\u00f6rner)<\/p>\n<p><a href=\"https:\/\/olu-limburg.de\/wp-content\/uploads\/2024\/04\/P1070917_ergebnis.jpg\"><img loading=\"lazy\" decoding=\"async\" class=\"size-full wp-image-31180 aligncenter\" src=\"https:\/\/olu-limburg.de\/wp-content\/uploads\/2024\/04\/P1070917_ergebnis.jpg\" alt=\"\" width=\"800\" height=\"600\" srcset=\"https:\/\/olu-limburg.de\/wp-content\/uploads\/2024\/04\/P1070917_ergebnis.jpg 800w, https:\/\/olu-limburg.de\/wp-content\/uploads\/2024\/04\/P1070917_ergebnis-300x225.jpg 300w, https:\/\/olu-limburg.de\/wp-content\/uploads\/2024\/04\/P1070917_ergebnis-768x576.jpg 768w, https:\/\/olu-limburg.de\/wp-content\/uploads\/2024\/04\/P1070917_ergebnis-624x468.jpg 624w\" sizes=\"auto, (max-width: 800px) 100vw, 800px\" \/><\/a><\/p>\n<p><strong>Dessert:<\/strong> Hier haben wir uns f\u00fcr einen Caf\u00e9 Gourmand entschieden.<\/p>\n<p><a href=\"https:\/\/olu-limburg.de\/wp-content\/uploads\/2024\/04\/20220407_135241_ergebnis.jpg\"><img loading=\"lazy\" decoding=\"async\" class=\"size-full wp-image-31177 aligncenter\" src=\"https:\/\/olu-limburg.de\/wp-content\/uploads\/2024\/04\/20220407_135241_ergebnis.jpg\" alt=\"\" width=\"800\" height=\"600\" srcset=\"https:\/\/olu-limburg.de\/wp-content\/uploads\/2024\/04\/20220407_135241_ergebnis.jpg 800w, https:\/\/olu-limburg.de\/wp-content\/uploads\/2024\/04\/20220407_135241_ergebnis-300x225.jpg 300w, https:\/\/olu-limburg.de\/wp-content\/uploads\/2024\/04\/20220407_135241_ergebnis-768x576.jpg 768w, https:\/\/olu-limburg.de\/wp-content\/uploads\/2024\/04\/20220407_135241_ergebnis-624x468.jpg 624w\" sizes=\"auto, (max-width: 800px) 100vw, 800px\" \/><\/a><\/p>\n<p>Wir besichtigen noch ein wenig die Gassen von L&#8217;Isle bevor wir wieder zur Bushaltestelle gehen.<\/p>\n<div id=\"attachment_31162\" style=\"width: 810px\" class=\"wp-caption aligncenter\"><a href=\"https:\/\/olu-limburg.de\/wp-content\/uploads\/2024\/04\/P1090039_ergebnis.jpg\"><img loading=\"lazy\" decoding=\"async\" aria-describedby=\"caption-attachment-31162\" class=\"wp-image-31162 size-full\" src=\"https:\/\/olu-limburg.de\/wp-content\/uploads\/2024\/04\/P1090039_ergebnis.jpg\" alt=\"\" width=\"800\" height=\"600\" srcset=\"https:\/\/olu-limburg.de\/wp-content\/uploads\/2024\/04\/P1090039_ergebnis.jpg 800w, https:\/\/olu-limburg.de\/wp-content\/uploads\/2024\/04\/P1090039_ergebnis-300x225.jpg 300w, https:\/\/olu-limburg.de\/wp-content\/uploads\/2024\/04\/P1090039_ergebnis-768x576.jpg 768w, https:\/\/olu-limburg.de\/wp-content\/uploads\/2024\/04\/P1090039_ergebnis-624x468.jpg 624w\" sizes=\"auto, (max-width: 800px) 100vw, 800px\" \/><\/a><p id=\"caption-attachment-31162\" class=\"wp-caption-text\">\u00c9glise Sainte Marie-Madeleine<\/p><\/div>\n<p><a href=\"https:\/\/olu-limburg.de\/wp-content\/uploads\/2024\/04\/P1090044_ergebnis.jpg\"><img loading=\"lazy\" decoding=\"async\" class=\"size-full wp-image-31165 aligncenter\" src=\"https:\/\/olu-limburg.de\/wp-content\/uploads\/2024\/04\/P1090044_ergebnis.jpg\" alt=\"\" width=\"800\" height=\"600\" srcset=\"https:\/\/olu-limburg.de\/wp-content\/uploads\/2024\/04\/P1090044_ergebnis.jpg 800w, https:\/\/olu-limburg.de\/wp-content\/uploads\/2024\/04\/P1090044_ergebnis-300x225.jpg 300w, https:\/\/olu-limburg.de\/wp-content\/uploads\/2024\/04\/P1090044_ergebnis-768x576.jpg 768w, https:\/\/olu-limburg.de\/wp-content\/uploads\/2024\/04\/P1090044_ergebnis-624x468.jpg 624w\" sizes=\"auto, (max-width: 800px) 100vw, 800px\" \/><\/a><\/p>\n<p><a href=\"https:\/\/olu-limburg.de\/wp-content\/uploads\/2024\/04\/P1090046_ergebnis.jpg\"><img loading=\"lazy\" decoding=\"async\" class=\"size-full wp-image-31166 aligncenter\" src=\"https:\/\/olu-limburg.de\/wp-content\/uploads\/2024\/04\/P1090046_ergebnis.jpg\" alt=\"\" width=\"800\" height=\"600\" srcset=\"https:\/\/olu-limburg.de\/wp-content\/uploads\/2024\/04\/P1090046_ergebnis.jpg 800w, https:\/\/olu-limburg.de\/wp-content\/uploads\/2024\/04\/P1090046_ergebnis-300x225.jpg 300w, https:\/\/olu-limburg.de\/wp-content\/uploads\/2024\/04\/P1090046_ergebnis-768x576.jpg 768w, https:\/\/olu-limburg.de\/wp-content\/uploads\/2024\/04\/P1090046_ergebnis-624x468.jpg 624w\" sizes=\"auto, (max-width: 800px) 100vw, 800px\" \/><\/a><\/p>\n<p><a href=\"https:\/\/olu-limburg.de\/wp-content\/uploads\/2024\/04\/P1090047_ergebnis.jpg\"><img loading=\"lazy\" decoding=\"async\" class=\"size-full wp-image-31167 aligncenter\" src=\"https:\/\/olu-limburg.de\/wp-content\/uploads\/2024\/04\/P1090047_ergebnis.jpg\" alt=\"\" width=\"800\" height=\"600\" srcset=\"https:\/\/olu-limburg.de\/wp-content\/uploads\/2024\/04\/P1090047_ergebnis.jpg 800w, https:\/\/olu-limburg.de\/wp-content\/uploads\/2024\/04\/P1090047_ergebnis-300x225.jpg 300w, https:\/\/olu-limburg.de\/wp-content\/uploads\/2024\/04\/P1090047_ergebnis-768x576.jpg 768w, https:\/\/olu-limburg.de\/wp-content\/uploads\/2024\/04\/P1090047_ergebnis-624x468.jpg 624w\" sizes=\"auto, (max-width: 800px) 100vw, 800px\" \/><\/a><\/p>\n<p><a href=\"https:\/\/olu-limburg.de\/wp-content\/uploads\/2024\/04\/P1090050_ergebnis-e1712334079495.jpg\"><img loading=\"lazy\" decoding=\"async\" class=\"size-full wp-image-31168 aligncenter\" src=\"https:\/\/olu-limburg.de\/wp-content\/uploads\/2024\/04\/P1090050_ergebnis-e1712334079495.jpg\" alt=\"\" width=\"450\" height=\"600\" \/><\/a><\/p>\n<p><a href=\"https:\/\/olu-limburg.de\/wp-content\/uploads\/2024\/04\/P1090052_ergebnis.jpg\"><img loading=\"lazy\" decoding=\"async\" class=\"size-full wp-image-31169 aligncenter\" src=\"https:\/\/olu-limburg.de\/wp-content\/uploads\/2024\/04\/P1090052_ergebnis.jpg\" alt=\"\" width=\"800\" height=\"600\" srcset=\"https:\/\/olu-limburg.de\/wp-content\/uploads\/2024\/04\/P1090052_ergebnis.jpg 800w, https:\/\/olu-limburg.de\/wp-content\/uploads\/2024\/04\/P1090052_ergebnis-300x225.jpg 300w, https:\/\/olu-limburg.de\/wp-content\/uploads\/2024\/04\/P1090052_ergebnis-768x576.jpg 768w, https:\/\/olu-limburg.de\/wp-content\/uploads\/2024\/04\/P1090052_ergebnis-624x468.jpg 624w\" sizes=\"auto, (max-width: 800px) 100vw, 800px\" \/><\/a><\/p>\n<p>Es kommt sofort ein passender Bus, soda\u00df wir nach einer halben Stunde schon wieder am Hafen von Carro sind. Dort messen sich in den Hafenanlagen noch einige Boulespieler mit ihrer Wurfgenauigkeit. Wir schauen noch ein wenig zu, bevor wir uns zum Wohnmobil begeben.<\/p>\n<p><a href=\"https:\/\/olu-limburg.de\/wp-content\/uploads\/2024\/04\/IMG_20220407_173432_ergebnis.jpg\"><img loading=\"lazy\" decoding=\"async\" class=\"size-full wp-image-31173 aligncenter\" src=\"https:\/\/olu-limburg.de\/wp-content\/uploads\/2024\/04\/IMG_20220407_173432_ergebnis.jpg\" alt=\"\" width=\"800\" height=\"600\" srcset=\"https:\/\/olu-limburg.de\/wp-content\/uploads\/2024\/04\/IMG_20220407_173432_ergebnis.jpg 800w, https:\/\/olu-limburg.de\/wp-content\/uploads\/2024\/04\/IMG_20220407_173432_ergebnis-300x225.jpg 300w, https:\/\/olu-limburg.de\/wp-content\/uploads\/2024\/04\/IMG_20220407_173432_ergebnis-768x576.jpg 768w, https:\/\/olu-limburg.de\/wp-content\/uploads\/2024\/04\/IMG_20220407_173432_ergebnis-624x468.jpg 624w\" sizes=\"auto, (max-width: 800px) 100vw, 800px\" \/><\/a><\/p>\n<p>Heute Abend kommt Wind auf, und schon sind die Surfer auf dem Wasser.<\/p>\n<p><a href=\"https:\/\/olu-limburg.de\/wp-content\/uploads\/2024\/04\/IMG_20220407_152406_ergebnis.jpg\"><img loading=\"lazy\" decoding=\"async\" class=\"size-full wp-image-31172 aligncenter\" src=\"https:\/\/olu-limburg.de\/wp-content\/uploads\/2024\/04\/IMG_20220407_152406_ergebnis.jpg\" alt=\"\" width=\"800\" height=\"600\" srcset=\"https:\/\/olu-limburg.de\/wp-content\/uploads\/2024\/04\/IMG_20220407_152406_ergebnis.jpg 800w, https:\/\/olu-limburg.de\/wp-content\/uploads\/2024\/04\/IMG_20220407_152406_ergebnis-300x225.jpg 300w, https:\/\/olu-limburg.de\/wp-content\/uploads\/2024\/04\/IMG_20220407_152406_ergebnis-768x576.jpg 768w, https:\/\/olu-limburg.de\/wp-content\/uploads\/2024\/04\/IMG_20220407_152406_ergebnis-624x468.jpg 624w\" sizes=\"auto, (max-width: 800px) 100vw, 800px\" \/><\/a><\/p>\n<p><a href=\"https:\/\/olu-limburg.de\/wp-content\/uploads\/2024\/04\/P1090058_ergebnis.jpg\"><img loading=\"lazy\" decoding=\"async\" class=\"size-full wp-image-31174 aligncenter\" src=\"https:\/\/olu-limburg.de\/wp-content\/uploads\/2024\/04\/P1090058_ergebnis.jpg\" alt=\"\" width=\"800\" height=\"600\" srcset=\"https:\/\/olu-limburg.de\/wp-content\/uploads\/2024\/04\/P1090058_ergebnis.jpg 800w, https:\/\/olu-limburg.de\/wp-content\/uploads\/2024\/04\/P1090058_ergebnis-300x225.jpg 300w, https:\/\/olu-limburg.de\/wp-content\/uploads\/2024\/04\/P1090058_ergebnis-768x576.jpg 768w, https:\/\/olu-limburg.de\/wp-content\/uploads\/2024\/04\/P1090058_ergebnis-624x468.jpg 624w\" sizes=\"auto, (max-width: 800px) 100vw, 800px\" \/><\/a><\/p>\n<p>Tagesstrecke: 0 km<\/p>\n<p>&nbsp;<\/p>\n<p><strong>Freitag, 08.04.2022<\/strong><\/p>\n<p>Irgendwann wollen wir ja doch noch einmal weiterfahren. Unser heutiges Ziel soll der CCP-Stellplatz mit V+E von Port-Saint-Louis sein.<\/p>\n<p>Der Platz liegt etwas au\u00dferhalb und die Geb\u00fchr betr\u00e4gt EUR 11,00. Da die Einlassschranke nicht funktioniert, ist wieder mal ein Telefonat mit CampingCarPark notwendig.<\/p>\n<p><a href=\"https:\/\/olu-limburg.de\/wp-content\/uploads\/2024\/04\/P1070945_ergebnis.jpg\"><img loading=\"lazy\" decoding=\"async\" class=\"size-full wp-image-31182 aligncenter\" src=\"https:\/\/olu-limburg.de\/wp-content\/uploads\/2024\/04\/P1070945_ergebnis.jpg\" alt=\"\" width=\"800\" height=\"600\" srcset=\"https:\/\/olu-limburg.de\/wp-content\/uploads\/2024\/04\/P1070945_ergebnis.jpg 800w, https:\/\/olu-limburg.de\/wp-content\/uploads\/2024\/04\/P1070945_ergebnis-300x225.jpg 300w, https:\/\/olu-limburg.de\/wp-content\/uploads\/2024\/04\/P1070945_ergebnis-768x576.jpg 768w, https:\/\/olu-limburg.de\/wp-content\/uploads\/2024\/04\/P1070945_ergebnis-624x468.jpg 624w\" sizes=\"auto, (max-width: 800px) 100vw, 800px\" \/><\/a><\/p>\n<p>Bei dem sch\u00f6nen Wetter setzen wir uns raus und genie\u00dfen die Ruhe. Das hei\u00dft, bis zum permanenten Ausruf: &#8222;Isi, komm her zu Mama.&#8220; Der Ruf kam nat\u00fcrlich auf Franz\u00f6sisch r\u00fcber und galt einem Hund, und Isi wollte partout nicht darauf h\u00f6ren.<\/p>\n<p><a href=\"https:\/\/olu-limburg.de\/wp-content\/uploads\/2024\/04\/IMG_20220408_142517_ergebnis.jpg\"><img loading=\"lazy\" decoding=\"async\" class=\"size-full wp-image-31184 aligncenter\" src=\"https:\/\/olu-limburg.de\/wp-content\/uploads\/2024\/04\/IMG_20220408_142517_ergebnis.jpg\" alt=\"\" width=\"800\" height=\"600\" srcset=\"https:\/\/olu-limburg.de\/wp-content\/uploads\/2024\/04\/IMG_20220408_142517_ergebnis.jpg 800w, https:\/\/olu-limburg.de\/wp-content\/uploads\/2024\/04\/IMG_20220408_142517_ergebnis-300x225.jpg 300w, https:\/\/olu-limburg.de\/wp-content\/uploads\/2024\/04\/IMG_20220408_142517_ergebnis-768x576.jpg 768w, https:\/\/olu-limburg.de\/wp-content\/uploads\/2024\/04\/IMG_20220408_142517_ergebnis-624x468.jpg 624w\" sizes=\"auto, (max-width: 800px) 100vw, 800px\" \/><\/a><\/p>\n<p><a href=\"https:\/\/olu-limburg.de\/wp-content\/uploads\/2024\/04\/IMG_20220408_165713_ergebnis.jpg\"><img loading=\"lazy\" decoding=\"async\" class=\"size-full wp-image-31185 aligncenter\" src=\"https:\/\/olu-limburg.de\/wp-content\/uploads\/2024\/04\/IMG_20220408_165713_ergebnis.jpg\" alt=\"\" width=\"800\" height=\"600\" srcset=\"https:\/\/olu-limburg.de\/wp-content\/uploads\/2024\/04\/IMG_20220408_165713_ergebnis.jpg 800w, https:\/\/olu-limburg.de\/wp-content\/uploads\/2024\/04\/IMG_20220408_165713_ergebnis-300x225.jpg 300w, https:\/\/olu-limburg.de\/wp-content\/uploads\/2024\/04\/IMG_20220408_165713_ergebnis-768x576.jpg 768w, https:\/\/olu-limburg.de\/wp-content\/uploads\/2024\/04\/IMG_20220408_165713_ergebnis-624x468.jpg 624w\" sizes=\"auto, (max-width: 800px) 100vw, 800px\" \/><\/a><\/p>\n<p>Irgendwann raffen wir uns zu einem Spaziergang in den Ort auf. Viel gibt es hier nicht zu sehen. Die schon langj\u00e4hrigen Wohnmobilisten kennen die Gegend um Salin-de-Giraud und Port-St.-Louis eher durch den Aufenthalt am Plage de Pi\u00e9manson.<\/p>\n<p><a href=\"https:\/\/olu-limburg.de\/wp-content\/uploads\/2024\/04\/IMG_20220408_165929_ergebnis.jpg\"><img loading=\"lazy\" decoding=\"async\" class=\"size-full wp-image-31186 aligncenter\" src=\"https:\/\/olu-limburg.de\/wp-content\/uploads\/2024\/04\/IMG_20220408_165929_ergebnis.jpg\" alt=\"\" width=\"800\" height=\"600\" srcset=\"https:\/\/olu-limburg.de\/wp-content\/uploads\/2024\/04\/IMG_20220408_165929_ergebnis.jpg 800w, https:\/\/olu-limburg.de\/wp-content\/uploads\/2024\/04\/IMG_20220408_165929_ergebnis-300x225.jpg 300w, https:\/\/olu-limburg.de\/wp-content\/uploads\/2024\/04\/IMG_20220408_165929_ergebnis-768x576.jpg 768w, https:\/\/olu-limburg.de\/wp-content\/uploads\/2024\/04\/IMG_20220408_165929_ergebnis-624x468.jpg 624w\" sizes=\"auto, (max-width: 800px) 100vw, 800px\" \/><\/a><\/p>\n<p><a href=\"https:\/\/olu-limburg.de\/wp-content\/uploads\/2024\/04\/P1090068_ergebnis-e1712479339681.jpg\"><img loading=\"lazy\" decoding=\"async\" class=\"size-full wp-image-31188 aligncenter\" src=\"https:\/\/olu-limburg.de\/wp-content\/uploads\/2024\/04\/P1090068_ergebnis-e1712479339681.jpg\" alt=\"\" width=\"450\" height=\"600\" \/><\/a><\/p>\n<p><a href=\"https:\/\/olu-limburg.de\/wp-content\/uploads\/2024\/04\/P1090069_ergebnis.jpg\"><img loading=\"lazy\" decoding=\"async\" class=\"size-full wp-image-31189 aligncenter\" src=\"https:\/\/olu-limburg.de\/wp-content\/uploads\/2024\/04\/P1090069_ergebnis.jpg\" alt=\"\" width=\"800\" height=\"600\" srcset=\"https:\/\/olu-limburg.de\/wp-content\/uploads\/2024\/04\/P1090069_ergebnis.jpg 800w, https:\/\/olu-limburg.de\/wp-content\/uploads\/2024\/04\/P1090069_ergebnis-300x225.jpg 300w, https:\/\/olu-limburg.de\/wp-content\/uploads\/2024\/04\/P1090069_ergebnis-768x576.jpg 768w, https:\/\/olu-limburg.de\/wp-content\/uploads\/2024\/04\/P1090069_ergebnis-624x468.jpg 624w\" sizes=\"auto, (max-width: 800px) 100vw, 800px\" \/><\/a><\/p>\n<p><a href=\"https:\/\/olu-limburg.de\/wp-content\/uploads\/2024\/04\/P1090072_ergebnis-e1712479369436.jpg\"><img loading=\"lazy\" decoding=\"async\" class=\"size-full wp-image-31190 aligncenter\" src=\"https:\/\/olu-limburg.de\/wp-content\/uploads\/2024\/04\/P1090072_ergebnis-e1712479369436.jpg\" alt=\"\" width=\"450\" height=\"600\" \/><\/a><\/p>\n<p>Diese kleine Stra\u00dfe kann im Sommer bei dem Trubel in den Bars mithilfe von Schranken gesperrt werden.<\/p>\n<p><a href=\"https:\/\/olu-limburg.de\/wp-content\/uploads\/2024\/04\/P1090073_ergebnis.jpg\"><img loading=\"lazy\" decoding=\"async\" class=\"size-full wp-image-31191 aligncenter\" src=\"https:\/\/olu-limburg.de\/wp-content\/uploads\/2024\/04\/P1090073_ergebnis.jpg\" alt=\"\" width=\"800\" height=\"600\" srcset=\"https:\/\/olu-limburg.de\/wp-content\/uploads\/2024\/04\/P1090073_ergebnis.jpg 800w, https:\/\/olu-limburg.de\/wp-content\/uploads\/2024\/04\/P1090073_ergebnis-300x225.jpg 300w, https:\/\/olu-limburg.de\/wp-content\/uploads\/2024\/04\/P1090073_ergebnis-768x576.jpg 768w, https:\/\/olu-limburg.de\/wp-content\/uploads\/2024\/04\/P1090073_ergebnis-624x468.jpg 624w\" sizes=\"auto, (max-width: 800px) 100vw, 800px\" \/><\/a><\/p>\n<p>Im Tour Saint-Louis ist jetzt das Office de Tourisme untergebracht.<\/p>\n<p><a href=\"https:\/\/olu-limburg.de\/wp-content\/uploads\/2024\/04\/P1090067_ergebnis-e1712479461902.jpg\"><img loading=\"lazy\" decoding=\"async\" class=\"size-full wp-image-31187 aligncenter\" src=\"https:\/\/olu-limburg.de\/wp-content\/uploads\/2024\/04\/P1090067_ergebnis-e1712479461902.jpg\" alt=\"\" width=\"450\" height=\"600\" \/><\/a><\/p>\n<div id=\"attachment_31192\" style=\"width: 810px\" class=\"wp-caption aligncenter\"><a href=\"https:\/\/olu-limburg.de\/wp-content\/uploads\/2024\/04\/P1090077_ergebnis.jpg\"><img loading=\"lazy\" decoding=\"async\" aria-describedby=\"caption-attachment-31192\" class=\"wp-image-31192 size-full\" src=\"https:\/\/olu-limburg.de\/wp-content\/uploads\/2024\/04\/P1090077_ergebnis.jpg\" alt=\"\" width=\"800\" height=\"600\" srcset=\"https:\/\/olu-limburg.de\/wp-content\/uploads\/2024\/04\/P1090077_ergebnis.jpg 800w, https:\/\/olu-limburg.de\/wp-content\/uploads\/2024\/04\/P1090077_ergebnis-300x225.jpg 300w, https:\/\/olu-limburg.de\/wp-content\/uploads\/2024\/04\/P1090077_ergebnis-768x576.jpg 768w, https:\/\/olu-limburg.de\/wp-content\/uploads\/2024\/04\/P1090077_ergebnis-624x468.jpg 624w\" sizes=\"auto, (max-width: 800px) 100vw, 800px\" \/><\/a><p id=\"caption-attachment-31192\" class=\"wp-caption-text\">die Hebebr\u00fccke am Quai Bonnardel<\/p><\/div>\n<p><a href=\"https:\/\/olu-limburg.de\/wp-content\/uploads\/2024\/04\/P1090083_ergebnis.jpg\"><img loading=\"lazy\" decoding=\"async\" class=\"size-full wp-image-31193 aligncenter\" src=\"https:\/\/olu-limburg.de\/wp-content\/uploads\/2024\/04\/P1090083_ergebnis.jpg\" alt=\"\" width=\"800\" height=\"600\" srcset=\"https:\/\/olu-limburg.de\/wp-content\/uploads\/2024\/04\/P1090083_ergebnis.jpg 800w, https:\/\/olu-limburg.de\/wp-content\/uploads\/2024\/04\/P1090083_ergebnis-300x225.jpg 300w, https:\/\/olu-limburg.de\/wp-content\/uploads\/2024\/04\/P1090083_ergebnis-768x576.jpg 768w, https:\/\/olu-limburg.de\/wp-content\/uploads\/2024\/04\/P1090083_ergebnis-624x468.jpg 624w\" sizes=\"auto, (max-width: 800px) 100vw, 800px\" \/><\/a><\/p>\n<p>Tagesstrecke: 49 km<\/p>\n<p>&nbsp;<\/p>\n<p><strong>Freitag, 08.04.2022<\/strong><\/p>\n<p>Heute Nacht hat es heftig gest\u00fcrmt. Und bei der Fahrt in die Camargue nach Stes.-Maries-de-la-Mer entscheiden wir uns trotzdem f\u00fcr die \u00dcberfahrt mit der Bac de Barcarin nach Salin-de-Giraud. Ansonsten m\u00fcssten wir bis Arles zur\u00fcck fahren.<\/p>\n<p><a href=\"https:\/\/olu-limburg.de\/wp-content\/uploads\/2024\/04\/IMG_20220409_112537_ergebnis.jpg\"><img loading=\"lazy\" decoding=\"async\" class=\"size-full wp-image-31195 aligncenter\" src=\"https:\/\/olu-limburg.de\/wp-content\/uploads\/2024\/04\/IMG_20220409_112537_ergebnis.jpg\" alt=\"\" width=\"800\" height=\"600\" srcset=\"https:\/\/olu-limburg.de\/wp-content\/uploads\/2024\/04\/IMG_20220409_112537_ergebnis.jpg 800w, https:\/\/olu-limburg.de\/wp-content\/uploads\/2024\/04\/IMG_20220409_112537_ergebnis-300x225.jpg 300w, https:\/\/olu-limburg.de\/wp-content\/uploads\/2024\/04\/IMG_20220409_112537_ergebnis-768x576.jpg 768w, https:\/\/olu-limburg.de\/wp-content\/uploads\/2024\/04\/IMG_20220409_112537_ergebnis-624x468.jpg 624w\" sizes=\"auto, (max-width: 800px) 100vw, 800px\" \/><\/a><\/p>\n<p><a href=\"https:\/\/olu-limburg.de\/wp-content\/uploads\/2024\/04\/IMG_20220409_113232_ergebnis.jpg\"><img loading=\"lazy\" decoding=\"async\" class=\"size-full wp-image-31196 aligncenter\" src=\"https:\/\/olu-limburg.de\/wp-content\/uploads\/2024\/04\/IMG_20220409_113232_ergebnis.jpg\" alt=\"\" width=\"800\" height=\"600\" srcset=\"https:\/\/olu-limburg.de\/wp-content\/uploads\/2024\/04\/IMG_20220409_113232_ergebnis.jpg 800w, https:\/\/olu-limburg.de\/wp-content\/uploads\/2024\/04\/IMG_20220409_113232_ergebnis-300x225.jpg 300w, https:\/\/olu-limburg.de\/wp-content\/uploads\/2024\/04\/IMG_20220409_113232_ergebnis-768x576.jpg 768w, https:\/\/olu-limburg.de\/wp-content\/uploads\/2024\/04\/IMG_20220409_113232_ergebnis-624x468.jpg 624w\" sizes=\"auto, (max-width: 800px) 100vw, 800px\" \/><\/a><\/p>\n<p>Hinter Salin-de-Giraud umrunden wir das Gebiet des &#8222;Parc Naturel R\u00e9gional de Camargue&#8220; und den darin liegenden \u00c9tang de Vaccar\u00e8s, und fahren bei st\u00e4ndigem Seitenwind nach Stes. Maries.<\/p>\n<p><a href=\"https:\/\/olu-limburg.de\/wp-content\/uploads\/2024\/04\/IMG_20220409_113805_ergebnis.jpg\"><img loading=\"lazy\" decoding=\"async\" class=\"size-full wp-image-31197 aligncenter\" src=\"https:\/\/olu-limburg.de\/wp-content\/uploads\/2024\/04\/IMG_20220409_113805_ergebnis.jpg\" alt=\"\" width=\"800\" height=\"600\" srcset=\"https:\/\/olu-limburg.de\/wp-content\/uploads\/2024\/04\/IMG_20220409_113805_ergebnis.jpg 800w, https:\/\/olu-limburg.de\/wp-content\/uploads\/2024\/04\/IMG_20220409_113805_ergebnis-300x225.jpg 300w, https:\/\/olu-limburg.de\/wp-content\/uploads\/2024\/04\/IMG_20220409_113805_ergebnis-768x576.jpg 768w, https:\/\/olu-limburg.de\/wp-content\/uploads\/2024\/04\/IMG_20220409_113805_ergebnis-624x468.jpg 624w\" sizes=\"auto, (max-width: 800px) 100vw, 800px\" \/><\/a><\/p>\n<p>Achtundvierzig Jahre nach unserem ersten Besuch von Stes.-Maries-de-la-Mer zieht es uns trotz allem immer mal wieder hierher. Es ist wie ein &#8222;Heimkommen&#8220;.<\/p>\n<p>Da es unseren Lieblings-Stellplatz am Plage-Est nicht mehr gibt, fahren wir seitdem auf den Camping de la Brise (Geb\u00fchr ohne Strom EUR 24,68).<\/p>\n<p><a href=\"https:\/\/olu-limburg.de\/wp-content\/uploads\/2024\/04\/P1090084_ergebnis.jpg\"><img loading=\"lazy\" decoding=\"async\" class=\"size-full wp-image-31207 aligncenter\" src=\"https:\/\/olu-limburg.de\/wp-content\/uploads\/2024\/04\/P1090084_ergebnis.jpg\" alt=\"\" width=\"800\" height=\"600\" srcset=\"https:\/\/olu-limburg.de\/wp-content\/uploads\/2024\/04\/P1090084_ergebnis.jpg 800w, https:\/\/olu-limburg.de\/wp-content\/uploads\/2024\/04\/P1090084_ergebnis-300x225.jpg 300w, https:\/\/olu-limburg.de\/wp-content\/uploads\/2024\/04\/P1090084_ergebnis-768x576.jpg 768w, https:\/\/olu-limburg.de\/wp-content\/uploads\/2024\/04\/P1090084_ergebnis-624x468.jpg 624w\" sizes=\"auto, (max-width: 800px) 100vw, 800px\" \/><\/a><\/p>\n<p>Ein erster Erkundungsgang l\u00e4sst nicht lange auf sich warten. Im Zentrum hat sich nicht viel ver\u00e4ndert. Bei den Gesch\u00e4ften, Bars und Restaurants zeigen sich aber ein paar Corona-L\u00fccken.<\/p>\n<p><a href=\"https:\/\/olu-limburg.de\/wp-content\/uploads\/2024\/04\/IMG_20220409_171803_ergebnis.jpg\"><img loading=\"lazy\" decoding=\"async\" class=\"size-full wp-image-31200 aligncenter\" src=\"https:\/\/olu-limburg.de\/wp-content\/uploads\/2024\/04\/IMG_20220409_171803_ergebnis.jpg\" alt=\"\" width=\"800\" height=\"600\" srcset=\"https:\/\/olu-limburg.de\/wp-content\/uploads\/2024\/04\/IMG_20220409_171803_ergebnis.jpg 800w, https:\/\/olu-limburg.de\/wp-content\/uploads\/2024\/04\/IMG_20220409_171803_ergebnis-300x225.jpg 300w, https:\/\/olu-limburg.de\/wp-content\/uploads\/2024\/04\/IMG_20220409_171803_ergebnis-768x576.jpg 768w, https:\/\/olu-limburg.de\/wp-content\/uploads\/2024\/04\/IMG_20220409_171803_ergebnis-624x468.jpg 624w\" sizes=\"auto, (max-width: 800px) 100vw, 800px\" \/><\/a><\/p>\n<p><a href=\"https:\/\/olu-limburg.de\/wp-content\/uploads\/2024\/04\/P1090090_ergebnis.jpg\"><img loading=\"lazy\" decoding=\"async\" class=\"size-full wp-image-31210 aligncenter\" src=\"https:\/\/olu-limburg.de\/wp-content\/uploads\/2024\/04\/P1090090_ergebnis.jpg\" alt=\"\" width=\"800\" height=\"600\" srcset=\"https:\/\/olu-limburg.de\/wp-content\/uploads\/2024\/04\/P1090090_ergebnis.jpg 800w, https:\/\/olu-limburg.de\/wp-content\/uploads\/2024\/04\/P1090090_ergebnis-300x225.jpg 300w, https:\/\/olu-limburg.de\/wp-content\/uploads\/2024\/04\/P1090090_ergebnis-768x576.jpg 768w, https:\/\/olu-limburg.de\/wp-content\/uploads\/2024\/04\/P1090090_ergebnis-624x468.jpg 624w\" sizes=\"auto, (max-width: 800px) 100vw, 800px\" \/><\/a><\/p>\n<p><a href=\"https:\/\/olu-limburg.de\/wp-content\/uploads\/2024\/04\/IMG_20220409_172702_ergebnis.jpg\"><img loading=\"lazy\" decoding=\"async\" class=\"size-full wp-image-31202 aligncenter\" src=\"https:\/\/olu-limburg.de\/wp-content\/uploads\/2024\/04\/IMG_20220409_172702_ergebnis.jpg\" alt=\"\" width=\"800\" height=\"600\" srcset=\"https:\/\/olu-limburg.de\/wp-content\/uploads\/2024\/04\/IMG_20220409_172702_ergebnis.jpg 800w, https:\/\/olu-limburg.de\/wp-content\/uploads\/2024\/04\/IMG_20220409_172702_ergebnis-300x225.jpg 300w, https:\/\/olu-limburg.de\/wp-content\/uploads\/2024\/04\/IMG_20220409_172702_ergebnis-768x576.jpg 768w, https:\/\/olu-limburg.de\/wp-content\/uploads\/2024\/04\/IMG_20220409_172702_ergebnis-624x468.jpg 624w\" sizes=\"auto, (max-width: 800px) 100vw, 800px\" \/><\/a><\/p>\n<p><a href=\"https:\/\/olu-limburg.de\/wp-content\/uploads\/2024\/04\/IMG_20220409_172635_ergebnis.jpg\"><img loading=\"lazy\" decoding=\"async\" class=\"size-full wp-image-31201 aligncenter\" src=\"https:\/\/olu-limburg.de\/wp-content\/uploads\/2024\/04\/IMG_20220409_172635_ergebnis.jpg\" alt=\"\" width=\"800\" height=\"600\" srcset=\"https:\/\/olu-limburg.de\/wp-content\/uploads\/2024\/04\/IMG_20220409_172635_ergebnis.jpg 800w, https:\/\/olu-limburg.de\/wp-content\/uploads\/2024\/04\/IMG_20220409_172635_ergebnis-300x225.jpg 300w, https:\/\/olu-limburg.de\/wp-content\/uploads\/2024\/04\/IMG_20220409_172635_ergebnis-768x576.jpg 768w, https:\/\/olu-limburg.de\/wp-content\/uploads\/2024\/04\/IMG_20220409_172635_ergebnis-624x468.jpg 624w\" sizes=\"auto, (max-width: 800px) 100vw, 800px\" \/><\/a><\/p>\n<p><a href=\"https:\/\/olu-limburg.de\/wp-content\/uploads\/2024\/04\/IMG_20220409_181934_ergebnis-e1712481998699.jpg\"><img loading=\"lazy\" decoding=\"async\" class=\"size-full wp-image-31204 aligncenter\" src=\"https:\/\/olu-limburg.de\/wp-content\/uploads\/2024\/04\/IMG_20220409_181934_ergebnis-e1712481998699.jpg\" alt=\"\" width=\"450\" height=\"600\" \/><\/a><\/p>\n<p><a href=\"https:\/\/olu-limburg.de\/wp-content\/uploads\/2024\/04\/IMG_20220409_171128_1_ergebnis-e1712481962164.jpg\"><img loading=\"lazy\" decoding=\"async\" class=\"size-full wp-image-31198 aligncenter\" src=\"https:\/\/olu-limburg.de\/wp-content\/uploads\/2024\/04\/IMG_20220409_171128_1_ergebnis-e1712481962164.jpg\" alt=\"\" width=\"450\" height=\"600\" \/><\/a><\/p>\n<p>Wenn wir den n\u00f6rdlichen Bereich von\u00a0 dem Platz um die Kirche erreichen, kommt immer ein wenig Wehmut auf. Da wo jetzt Klamotten verkauft werden, sa\u00dfen wir fr\u00fcher morgens im Caf\u00e9 &#8222;Felibre&#8220; und haben unseren Petit caf\u00e9 noir getrunken, bevor wir wieder, bepackt mit Broten, zu dem riesigen &#8222;wilden&#8220; Zelt-Areal am Plage Est gezogen sind. Jetzt ist der Felibre weg und der gro\u00dfe und breite Strand im Meer verschwunden.<\/p>\n<p><a href=\"https:\/\/olu-limburg.de\/wp-content\/uploads\/2024\/04\/IMG_20220409_171219_ergebnis-e1712482024430.jpg\"><img loading=\"lazy\" decoding=\"async\" class=\"size-full wp-image-31199 aligncenter\" src=\"https:\/\/olu-limburg.de\/wp-content\/uploads\/2024\/04\/IMG_20220409_171219_ergebnis-e1712482024430.jpg\" alt=\"\" width=\"450\" height=\"600\" \/><\/a><\/p>\n<p>So fr\u00fch im Jahr ist es noch ruhig in den Gassen.<\/p>\n<p><a href=\"https:\/\/olu-limburg.de\/wp-content\/uploads\/2024\/04\/IMG_20220409_181916_ergebnis-e1712482058672.jpg\"><img loading=\"lazy\" decoding=\"async\" class=\"size-full wp-image-31203 aligncenter\" src=\"https:\/\/olu-limburg.de\/wp-content\/uploads\/2024\/04\/IMG_20220409_181916_ergebnis-e1712482058672.jpg\" alt=\"\" width=\"450\" height=\"600\" \/><\/a><\/p>\n<p>Bis in die fr\u00fchen Abendstunden werden in der Rue Victor Hugo noch Speisen zum Mitnehmen angeboten.<\/p>\n<p><a href=\"https:\/\/olu-limburg.de\/wp-content\/uploads\/2024\/04\/P1090085_ergebnis.jpg\"><img loading=\"lazy\" decoding=\"async\" class=\"size-full wp-image-31208 aligncenter\" src=\"https:\/\/olu-limburg.de\/wp-content\/uploads\/2024\/04\/P1090085_ergebnis.jpg\" alt=\"\" width=\"800\" height=\"600\" srcset=\"https:\/\/olu-limburg.de\/wp-content\/uploads\/2024\/04\/P1090085_ergebnis.jpg 800w, https:\/\/olu-limburg.de\/wp-content\/uploads\/2024\/04\/P1090085_ergebnis-300x225.jpg 300w, https:\/\/olu-limburg.de\/wp-content\/uploads\/2024\/04\/P1090085_ergebnis-768x576.jpg 768w, https:\/\/olu-limburg.de\/wp-content\/uploads\/2024\/04\/P1090085_ergebnis-624x468.jpg 624w\" sizes=\"auto, (max-width: 800px) 100vw, 800px\" \/><\/a><\/p>\n<p><a href=\"https:\/\/olu-limburg.de\/wp-content\/uploads\/2024\/04\/P1090086_ergebnis.jpg\"><img loading=\"lazy\" decoding=\"async\" class=\"size-full wp-image-31209 aligncenter\" src=\"https:\/\/olu-limburg.de\/wp-content\/uploads\/2024\/04\/P1090086_ergebnis.jpg\" alt=\"\" width=\"800\" height=\"600\" srcset=\"https:\/\/olu-limburg.de\/wp-content\/uploads\/2024\/04\/P1090086_ergebnis.jpg 800w, https:\/\/olu-limburg.de\/wp-content\/uploads\/2024\/04\/P1090086_ergebnis-300x225.jpg 300w, https:\/\/olu-limburg.de\/wp-content\/uploads\/2024\/04\/P1090086_ergebnis-768x576.jpg 768w, https:\/\/olu-limburg.de\/wp-content\/uploads\/2024\/04\/P1090086_ergebnis-624x468.jpg 624w\" sizes=\"auto, (max-width: 800px) 100vw, 800px\" \/><\/a><\/p>\n<p><a href=\"https:\/\/olu-limburg.de\/wp-content\/uploads\/2024\/04\/P1090093_ergebnis.jpg\"><img loading=\"lazy\" decoding=\"async\" class=\"size-full wp-image-31211 aligncenter\" src=\"https:\/\/olu-limburg.de\/wp-content\/uploads\/2024\/04\/P1090093_ergebnis.jpg\" alt=\"\" width=\"800\" height=\"600\" srcset=\"https:\/\/olu-limburg.de\/wp-content\/uploads\/2024\/04\/P1090093_ergebnis.jpg 800w, https:\/\/olu-limburg.de\/wp-content\/uploads\/2024\/04\/P1090093_ergebnis-300x225.jpg 300w, https:\/\/olu-limburg.de\/wp-content\/uploads\/2024\/04\/P1090093_ergebnis-768x576.jpg 768w, https:\/\/olu-limburg.de\/wp-content\/uploads\/2024\/04\/P1090093_ergebnis-624x468.jpg 624w\" sizes=\"auto, (max-width: 800px) 100vw, 800px\" \/><\/a><\/p>\n<p>Der Wind hat nachgelassen und wir k\u00f6nnen noch lange drau\u00dfen sitzen.<\/p>\n<p><a href=\"https:\/\/olu-limburg.de\/wp-content\/uploads\/2024\/04\/IMG_20220409_193037_ergebnis.jpg\"><img loading=\"lazy\" decoding=\"async\" class=\"size-full wp-image-31205 aligncenter\" src=\"https:\/\/olu-limburg.de\/wp-content\/uploads\/2024\/04\/IMG_20220409_193037_ergebnis.jpg\" alt=\"\" width=\"800\" height=\"600\" srcset=\"https:\/\/olu-limburg.de\/wp-content\/uploads\/2024\/04\/IMG_20220409_193037_ergebnis.jpg 800w, https:\/\/olu-limburg.de\/wp-content\/uploads\/2024\/04\/IMG_20220409_193037_ergebnis-300x225.jpg 300w, https:\/\/olu-limburg.de\/wp-content\/uploads\/2024\/04\/IMG_20220409_193037_ergebnis-768x576.jpg 768w, https:\/\/olu-limburg.de\/wp-content\/uploads\/2024\/04\/IMG_20220409_193037_ergebnis-624x468.jpg 624w\" sizes=\"auto, (max-width: 800px) 100vw, 800px\" \/><\/a><\/p>\n<p>Wir haben uns nat\u00fcrlich heute Nachmittag sofort noch mit Tellines versorgt. Es gibt Dinge, die sind einfach Tradition.<\/p>\n<p><a href=\"https:\/\/olu-limburg.de\/wp-content\/uploads\/2024\/04\/IMG_20220409_195314_ergebnis.jpg\"><img loading=\"lazy\" decoding=\"async\" class=\"size-full wp-image-31206 aligncenter\" src=\"https:\/\/olu-limburg.de\/wp-content\/uploads\/2024\/04\/IMG_20220409_195314_ergebnis.jpg\" alt=\"\" width=\"800\" height=\"600\" srcset=\"https:\/\/olu-limburg.de\/wp-content\/uploads\/2024\/04\/IMG_20220409_195314_ergebnis.jpg 800w, https:\/\/olu-limburg.de\/wp-content\/uploads\/2024\/04\/IMG_20220409_195314_ergebnis-300x225.jpg 300w, https:\/\/olu-limburg.de\/wp-content\/uploads\/2024\/04\/IMG_20220409_195314_ergebnis-768x576.jpg 768w, https:\/\/olu-limburg.de\/wp-content\/uploads\/2024\/04\/IMG_20220409_195314_ergebnis-624x468.jpg 624w\" sizes=\"auto, (max-width: 800px) 100vw, 800px\" \/><\/a><\/p>\n<p>Tagesstrecke: 73 km<\/p>\n<p>&nbsp;<\/p>\n<p><strong>Sonntag, 10.04.2022<\/strong><\/p>\n<p>Drau\u00dfen ist dass herrlichste Sonntagswetter. Sofort schalten wir in den Erholungsmodus und genie\u00dfen das ausgiebige Fr\u00fchst\u00fcck vor dem Wohnmobil. Und w\u00e4hrend des Faulenzens vergeht die Zeit &#8222;wie im Flug&#8220;. Fast vergessen wir, dass es ja auch noch mal Mittag wird.<\/p>\n<p>Wir haben gestern bei unserem ersten Spaziergang durch Saintes Maries schon die Speisekarten der Restaurants studiert. Deshalb steuern wir heute direkt das in der Rue L\u00e9on Garbetta befindliche Restaurant &#8222;Le Fournelet&#8220; an.<\/p>\n<p><a href=\"https:\/\/olu-limburg.de\/wp-content\/uploads\/2024\/04\/P1090095_ergebnis.jpg\"><img loading=\"lazy\" decoding=\"async\" class=\"size-full wp-image-31224 aligncenter\" src=\"https:\/\/olu-limburg.de\/wp-content\/uploads\/2024\/04\/P1090095_ergebnis.jpg\" alt=\"\" width=\"800\" height=\"600\" srcset=\"https:\/\/olu-limburg.de\/wp-content\/uploads\/2024\/04\/P1090095_ergebnis.jpg 800w, https:\/\/olu-limburg.de\/wp-content\/uploads\/2024\/04\/P1090095_ergebnis-300x225.jpg 300w, https:\/\/olu-limburg.de\/wp-content\/uploads\/2024\/04\/P1090095_ergebnis-768x576.jpg 768w, https:\/\/olu-limburg.de\/wp-content\/uploads\/2024\/04\/P1090095_ergebnis-624x468.jpg 624w\" sizes=\"auto, (max-width: 800px) 100vw, 800px\" \/><\/a><\/p>\n<p><a href=\"https:\/\/olu-limburg.de\/wp-content\/uploads\/2024\/04\/P1090096_ergebnis.jpg\"><img loading=\"lazy\" decoding=\"async\" class=\"size-full wp-image-31225 aligncenter\" src=\"https:\/\/olu-limburg.de\/wp-content\/uploads\/2024\/04\/P1090096_ergebnis.jpg\" alt=\"\" width=\"800\" height=\"600\" srcset=\"https:\/\/olu-limburg.de\/wp-content\/uploads\/2024\/04\/P1090096_ergebnis.jpg 800w, https:\/\/olu-limburg.de\/wp-content\/uploads\/2024\/04\/P1090096_ergebnis-300x225.jpg 300w, https:\/\/olu-limburg.de\/wp-content\/uploads\/2024\/04\/P1090096_ergebnis-768x576.jpg 768w, https:\/\/olu-limburg.de\/wp-content\/uploads\/2024\/04\/P1090096_ergebnis-624x468.jpg 624w\" sizes=\"auto, (max-width: 800px) 100vw, 800px\" \/><\/a><\/p>\n<p>Ab und zu kann es bei uns etwas ausgefallenes und volumin\u00f6seres Essen geben. Heute ist solch ein Tag.<\/p>\n<p>Als Aperitif bestellen wir uns einen Ricard und erhalten dazu kleine Baguetttescheiben mit Tapenade. Danach kommt als Gru\u00df aus der K\u00fcche ein sehr ansprechend serviertes Potpourri aus Meeresfr\u00fcchten und Gem\u00fcse.<\/p>\n<p><a href=\"https:\/\/olu-limburg.de\/wp-content\/uploads\/2024\/04\/20220410_123536_ergebnis.jpg\"><img loading=\"lazy\" decoding=\"async\" class=\"size-full wp-image-31622 aligncenter\" src=\"https:\/\/olu-limburg.de\/wp-content\/uploads\/2024\/04\/20220410_123536_ergebnis.jpg\" alt=\"\" width=\"800\" height=\"600\" srcset=\"https:\/\/olu-limburg.de\/wp-content\/uploads\/2024\/04\/20220410_123536_ergebnis.jpg 800w, https:\/\/olu-limburg.de\/wp-content\/uploads\/2024\/04\/20220410_123536_ergebnis-300x225.jpg 300w, https:\/\/olu-limburg.de\/wp-content\/uploads\/2024\/04\/20220410_123536_ergebnis-768x576.jpg 768w, https:\/\/olu-limburg.de\/wp-content\/uploads\/2024\/04\/20220410_123536_ergebnis-624x468.jpg 624w\" sizes=\"auto, (max-width: 800px) 100vw, 800px\" \/><\/a><\/p>\n<p><a href=\"https:\/\/olu-limburg.de\/wp-content\/uploads\/2024\/04\/IMG_20220410_124620_ergebnis.jpg\"><img loading=\"lazy\" decoding=\"async\" class=\"size-full wp-image-31217 aligncenter\" src=\"https:\/\/olu-limburg.de\/wp-content\/uploads\/2024\/04\/IMG_20220410_124620_ergebnis.jpg\" alt=\"\" width=\"800\" height=\"600\" srcset=\"https:\/\/olu-limburg.de\/wp-content\/uploads\/2024\/04\/IMG_20220410_124620_ergebnis.jpg 800w, https:\/\/olu-limburg.de\/wp-content\/uploads\/2024\/04\/IMG_20220410_124620_ergebnis-300x225.jpg 300w, https:\/\/olu-limburg.de\/wp-content\/uploads\/2024\/04\/IMG_20220410_124620_ergebnis-768x576.jpg 768w, https:\/\/olu-limburg.de\/wp-content\/uploads\/2024\/04\/IMG_20220410_124620_ergebnis-624x468.jpg 624w\" sizes=\"auto, (max-width: 800px) 100vw, 800px\" \/><\/a><\/p>\n<div id=\"attachment_31218\" style=\"width: 810px\" class=\"wp-caption aligncenter\"><a href=\"https:\/\/olu-limburg.de\/wp-content\/uploads\/2024\/04\/IMG_20220410_124700_ergebnis.jpg\"><img loading=\"lazy\" decoding=\"async\" aria-describedby=\"caption-attachment-31218\" class=\"wp-image-31218 size-full\" src=\"https:\/\/olu-limburg.de\/wp-content\/uploads\/2024\/04\/IMG_20220410_124700_ergebnis.jpg\" alt=\"\" width=\"800\" height=\"600\" srcset=\"https:\/\/olu-limburg.de\/wp-content\/uploads\/2024\/04\/IMG_20220410_124700_ergebnis.jpg 800w, https:\/\/olu-limburg.de\/wp-content\/uploads\/2024\/04\/IMG_20220410_124700_ergebnis-300x225.jpg 300w, https:\/\/olu-limburg.de\/wp-content\/uploads\/2024\/04\/IMG_20220410_124700_ergebnis-768x576.jpg 768w, https:\/\/olu-limburg.de\/wp-content\/uploads\/2024\/04\/IMG_20220410_124700_ergebnis-624x468.jpg 624w\" sizes=\"auto, (max-width: 800px) 100vw, 800px\" \/><\/a><p id=\"caption-attachment-31218\" class=\"wp-caption-text\">Miesmuscheln im Gem\u00fcsesud mit kleinen gemischten Paprikast\u00fccken und Sesam<\/p><\/div>\n<div id=\"attachment_31219\" style=\"width: 810px\" class=\"wp-caption aligncenter\"><a href=\"https:\/\/olu-limburg.de\/wp-content\/uploads\/2024\/04\/IMG_20220410_124733_ergebnis.jpg\"><img loading=\"lazy\" decoding=\"async\" aria-describedby=\"caption-attachment-31219\" class=\"wp-image-31219 size-full\" src=\"https:\/\/olu-limburg.de\/wp-content\/uploads\/2024\/04\/IMG_20220410_124733_ergebnis.jpg\" alt=\"\" width=\"800\" height=\"600\" srcset=\"https:\/\/olu-limburg.de\/wp-content\/uploads\/2024\/04\/IMG_20220410_124733_ergebnis.jpg 800w, https:\/\/olu-limburg.de\/wp-content\/uploads\/2024\/04\/IMG_20220410_124733_ergebnis-300x225.jpg 300w, https:\/\/olu-limburg.de\/wp-content\/uploads\/2024\/04\/IMG_20220410_124733_ergebnis-768x576.jpg 768w, https:\/\/olu-limburg.de\/wp-content\/uploads\/2024\/04\/IMG_20220410_124733_ergebnis-624x468.jpg 624w\" sizes=\"auto, (max-width: 800px) 100vw, 800px\" \/><\/a><p id=\"caption-attachment-31219\" class=\"wp-caption-text\">Ringelbetestifte, kleine Pilz- und Zwiebelw\u00fcrfel und ein Kringel einer roten Peperoni auf einem ausgestochenen dunklem Brot<\/p><\/div>\n<p>Als Hauptsache haben wir ein Panach\u00e9 Tourteau (eine bunt gemischte Platte mit Krebs) f\u00fcr zwei Personen bestellt.<\/p>\n<p><a href=\"https:\/\/olu-limburg.de\/wp-content\/uploads\/2024\/04\/IMG_20220410_125103_ergebnis.jpg\"><img loading=\"lazy\" decoding=\"async\" class=\"size-full wp-image-31220 aligncenter\" src=\"https:\/\/olu-limburg.de\/wp-content\/uploads\/2024\/04\/IMG_20220410_125103_ergebnis.jpg\" alt=\"\" width=\"800\" height=\"600\" srcset=\"https:\/\/olu-limburg.de\/wp-content\/uploads\/2024\/04\/IMG_20220410_125103_ergebnis.jpg 800w, https:\/\/olu-limburg.de\/wp-content\/uploads\/2024\/04\/IMG_20220410_125103_ergebnis-300x225.jpg 300w, https:\/\/olu-limburg.de\/wp-content\/uploads\/2024\/04\/IMG_20220410_125103_ergebnis-768x576.jpg 768w, https:\/\/olu-limburg.de\/wp-content\/uploads\/2024\/04\/IMG_20220410_125103_ergebnis-624x468.jpg 624w\" sizes=\"auto, (max-width: 800px) 100vw, 800px\" \/><\/a><\/p>\n<div id=\"attachment_31222\" style=\"width: 810px\" class=\"wp-caption aligncenter\"><a href=\"https:\/\/olu-limburg.de\/wp-content\/uploads\/2024\/04\/IMG_20220410_125115_ergebnis.jpg\"><img loading=\"lazy\" decoding=\"async\" aria-describedby=\"caption-attachment-31222\" class=\"wp-image-31222 size-full\" src=\"https:\/\/olu-limburg.de\/wp-content\/uploads\/2024\/04\/IMG_20220410_125115_ergebnis.jpg\" alt=\"\" width=\"800\" height=\"600\" srcset=\"https:\/\/olu-limburg.de\/wp-content\/uploads\/2024\/04\/IMG_20220410_125115_ergebnis.jpg 800w, https:\/\/olu-limburg.de\/wp-content\/uploads\/2024\/04\/IMG_20220410_125115_ergebnis-300x225.jpg 300w, https:\/\/olu-limburg.de\/wp-content\/uploads\/2024\/04\/IMG_20220410_125115_ergebnis-768x576.jpg 768w, https:\/\/olu-limburg.de\/wp-content\/uploads\/2024\/04\/IMG_20220410_125115_ergebnis-624x468.jpg 624w\" sizes=\"auto, (max-width: 800px) 100vw, 800px\" \/><\/a><p id=\"caption-attachment-31222\" class=\"wp-caption-text\">Den unteren Bereich &#8222;bev\u00f6lkern&#8220; rohe Austern, sowie gekochte Moules (Miesmuscheln), Crevetten, Scampis, Bulots (Wellhornschnecken), Crevettes gris (Nordseegarnelen), Coques (Herzmuscheln) und Bigourneaus (Strandschnecken)<\/p><\/div>\n<div id=\"attachment_31221\" style=\"width: 810px\" class=\"wp-caption aligncenter\"><a href=\"https:\/\/olu-limburg.de\/wp-content\/uploads\/2024\/04\/IMG_20220410_125109_ergebnis.jpg\"><img loading=\"lazy\" decoding=\"async\" aria-describedby=\"caption-attachment-31221\" class=\"wp-image-31221 size-full\" src=\"https:\/\/olu-limburg.de\/wp-content\/uploads\/2024\/04\/IMG_20220410_125109_ergebnis.jpg\" alt=\"\" width=\"800\" height=\"600\" srcset=\"https:\/\/olu-limburg.de\/wp-content\/uploads\/2024\/04\/IMG_20220410_125109_ergebnis.jpg 800w, https:\/\/olu-limburg.de\/wp-content\/uploads\/2024\/04\/IMG_20220410_125109_ergebnis-300x225.jpg 300w, https:\/\/olu-limburg.de\/wp-content\/uploads\/2024\/04\/IMG_20220410_125109_ergebnis-768x576.jpg 768w, https:\/\/olu-limburg.de\/wp-content\/uploads\/2024\/04\/IMG_20220410_125109_ergebnis-624x468.jpg 624w\" sizes=\"auto, (max-width: 800px) 100vw, 800px\" \/><\/a><p id=\"caption-attachment-31221\" class=\"wp-caption-text\">\u00fcber Allem thronen zwei Krebse mit zwei T\u00f6pfchen Knoblauchmayonnaise und einer Zitrone<\/p><\/div>\n<p>Zum Dessert gibt es Deux Boules de Glaces avec les Parfumes Cassis et Menthe.<\/p>\n<p><a href=\"https:\/\/olu-limburg.de\/wp-content\/uploads\/2024\/04\/IMG_20220410_140440_ergebnis.jpg\"><img loading=\"lazy\" decoding=\"async\" class=\"size-full wp-image-31223 aligncenter\" src=\"https:\/\/olu-limburg.de\/wp-content\/uploads\/2024\/04\/IMG_20220410_140440_ergebnis.jpg\" alt=\"\" width=\"800\" height=\"600\" srcset=\"https:\/\/olu-limburg.de\/wp-content\/uploads\/2024\/04\/IMG_20220410_140440_ergebnis.jpg 800w, https:\/\/olu-limburg.de\/wp-content\/uploads\/2024\/04\/IMG_20220410_140440_ergebnis-300x225.jpg 300w, https:\/\/olu-limburg.de\/wp-content\/uploads\/2024\/04\/IMG_20220410_140440_ergebnis-768x576.jpg 768w, https:\/\/olu-limburg.de\/wp-content\/uploads\/2024\/04\/IMG_20220410_140440_ergebnis-624x468.jpg 624w\" sizes=\"auto, (max-width: 800px) 100vw, 800px\" \/><\/a><\/p>\n<p>Das Essen und der Wein waren wunderbar! Und wir haben im &#8222;Le Fournelet&#8220; eine herrliche Mittagszeit verbracht. Es spricht deshalb nichts dagegen, nun noch einen kleinen Verdauungsspaziergang durch die &#8222;Gemeinde&#8220; zu machen.<\/p>\n<p><a href=\"https:\/\/olu-limburg.de\/wp-content\/uploads\/2024\/04\/P1090097_ergebnis.jpg\"><img loading=\"lazy\" decoding=\"async\" class=\"size-full wp-image-31228 aligncenter\" src=\"https:\/\/olu-limburg.de\/wp-content\/uploads\/2024\/04\/P1090097_ergebnis.jpg\" alt=\"\" width=\"800\" height=\"600\" srcset=\"https:\/\/olu-limburg.de\/wp-content\/uploads\/2024\/04\/P1090097_ergebnis.jpg 800w, https:\/\/olu-limburg.de\/wp-content\/uploads\/2024\/04\/P1090097_ergebnis-300x225.jpg 300w, https:\/\/olu-limburg.de\/wp-content\/uploads\/2024\/04\/P1090097_ergebnis-768x576.jpg 768w, https:\/\/olu-limburg.de\/wp-content\/uploads\/2024\/04\/P1090097_ergebnis-624x468.jpg 624w\" sizes=\"auto, (max-width: 800px) 100vw, 800px\" \/><\/a><\/p>\n<p>Am Sp\u00e4tnachmittag zieht es uns dann in die Natur der Camargue, denn wir sind ja mitten drin.<\/p>\n<p><a href=\"https:\/\/olu-limburg.de\/wp-content\/uploads\/2024\/04\/P1090100_ergebnis.jpg\"><img loading=\"lazy\" decoding=\"async\" class=\"size-full wp-image-31234 aligncenter\" src=\"https:\/\/olu-limburg.de\/wp-content\/uploads\/2024\/04\/P1090100_ergebnis.jpg\" alt=\"\" width=\"800\" height=\"600\" srcset=\"https:\/\/olu-limburg.de\/wp-content\/uploads\/2024\/04\/P1090100_ergebnis.jpg 800w, https:\/\/olu-limburg.de\/wp-content\/uploads\/2024\/04\/P1090100_ergebnis-300x225.jpg 300w, https:\/\/olu-limburg.de\/wp-content\/uploads\/2024\/04\/P1090100_ergebnis-768x576.jpg 768w, https:\/\/olu-limburg.de\/wp-content\/uploads\/2024\/04\/P1090100_ergebnis-624x468.jpg 624w\" sizes=\"auto, (max-width: 800px) 100vw, 800px\" \/><\/a><\/p>\n<p><a href=\"https:\/\/olu-limburg.de\/wp-content\/uploads\/2024\/04\/P1090098_ergebnis.jpg\"><img loading=\"lazy\" decoding=\"async\" class=\"size-full wp-image-31233 aligncenter\" src=\"https:\/\/olu-limburg.de\/wp-content\/uploads\/2024\/04\/P1090098_ergebnis.jpg\" alt=\"\" width=\"800\" height=\"600\" srcset=\"https:\/\/olu-limburg.de\/wp-content\/uploads\/2024\/04\/P1090098_ergebnis.jpg 800w, https:\/\/olu-limburg.de\/wp-content\/uploads\/2024\/04\/P1090098_ergebnis-300x225.jpg 300w, https:\/\/olu-limburg.de\/wp-content\/uploads\/2024\/04\/P1090098_ergebnis-768x576.jpg 768w, https:\/\/olu-limburg.de\/wp-content\/uploads\/2024\/04\/P1090098_ergebnis-624x468.jpg 624w\" sizes=\"auto, (max-width: 800px) 100vw, 800px\" \/><\/a><\/p>\n<p><a href=\"https:\/\/olu-limburg.de\/wp-content\/uploads\/2024\/04\/IMG_20220410_171233_ergebnis.jpg\"><img loading=\"lazy\" decoding=\"async\" class=\"size-full wp-image-31229 aligncenter\" src=\"https:\/\/olu-limburg.de\/wp-content\/uploads\/2024\/04\/IMG_20220410_171233_ergebnis.jpg\" alt=\"\" width=\"800\" height=\"600\" srcset=\"https:\/\/olu-limburg.de\/wp-content\/uploads\/2024\/04\/IMG_20220410_171233_ergebnis.jpg 800w, https:\/\/olu-limburg.de\/wp-content\/uploads\/2024\/04\/IMG_20220410_171233_ergebnis-300x225.jpg 300w, https:\/\/olu-limburg.de\/wp-content\/uploads\/2024\/04\/IMG_20220410_171233_ergebnis-768x576.jpg 768w, https:\/\/olu-limburg.de\/wp-content\/uploads\/2024\/04\/IMG_20220410_171233_ergebnis-624x468.jpg 624w\" sizes=\"auto, (max-width: 800px) 100vw, 800px\" \/><\/a><\/p>\n<p><a href=\"https:\/\/olu-limburg.de\/wp-content\/uploads\/2024\/04\/P1090102_ergebnis.jpg\"><img loading=\"lazy\" decoding=\"async\" class=\"size-full wp-image-31235 aligncenter\" src=\"https:\/\/olu-limburg.de\/wp-content\/uploads\/2024\/04\/P1090102_ergebnis.jpg\" alt=\"\" width=\"800\" height=\"600\" srcset=\"https:\/\/olu-limburg.de\/wp-content\/uploads\/2024\/04\/P1090102_ergebnis.jpg 800w, https:\/\/olu-limburg.de\/wp-content\/uploads\/2024\/04\/P1090102_ergebnis-300x225.jpg 300w, https:\/\/olu-limburg.de\/wp-content\/uploads\/2024\/04\/P1090102_ergebnis-768x576.jpg 768w, https:\/\/olu-limburg.de\/wp-content\/uploads\/2024\/04\/P1090102_ergebnis-624x468.jpg 624w\" sizes=\"auto, (max-width: 800px) 100vw, 800px\" \/><\/a><\/p>\n<p><a href=\"https:\/\/olu-limburg.de\/wp-content\/uploads\/2024\/04\/P1090106_ergebnis.jpg\"><img loading=\"lazy\" decoding=\"async\" class=\"size-full wp-image-31236 aligncenter\" src=\"https:\/\/olu-limburg.de\/wp-content\/uploads\/2024\/04\/P1090106_ergebnis.jpg\" alt=\"\" width=\"800\" height=\"600\" srcset=\"https:\/\/olu-limburg.de\/wp-content\/uploads\/2024\/04\/P1090106_ergebnis.jpg 800w, https:\/\/olu-limburg.de\/wp-content\/uploads\/2024\/04\/P1090106_ergebnis-300x225.jpg 300w, https:\/\/olu-limburg.de\/wp-content\/uploads\/2024\/04\/P1090106_ergebnis-768x576.jpg 768w, https:\/\/olu-limburg.de\/wp-content\/uploads\/2024\/04\/P1090106_ergebnis-624x468.jpg 624w\" sizes=\"auto, (max-width: 800px) 100vw, 800px\" \/><\/a><\/p>\n<p><a href=\"https:\/\/olu-limburg.de\/wp-content\/uploads\/2024\/04\/IMG_20220410_173328_ergebnis.jpg\"><img loading=\"lazy\" decoding=\"async\" class=\"size-full wp-image-31230 aligncenter\" src=\"https:\/\/olu-limburg.de\/wp-content\/uploads\/2024\/04\/IMG_20220410_173328_ergebnis.jpg\" alt=\"\" width=\"800\" height=\"600\" srcset=\"https:\/\/olu-limburg.de\/wp-content\/uploads\/2024\/04\/IMG_20220410_173328_ergebnis.jpg 800w, https:\/\/olu-limburg.de\/wp-content\/uploads\/2024\/04\/IMG_20220410_173328_ergebnis-300x225.jpg 300w, https:\/\/olu-limburg.de\/wp-content\/uploads\/2024\/04\/IMG_20220410_173328_ergebnis-768x576.jpg 768w, https:\/\/olu-limburg.de\/wp-content\/uploads\/2024\/04\/IMG_20220410_173328_ergebnis-624x468.jpg 624w\" sizes=\"auto, (max-width: 800px) 100vw, 800px\" \/><\/a><\/p>\n<p><a href=\"https:\/\/olu-limburg.de\/wp-content\/uploads\/2024\/04\/IMG_20220410_173426_ergebnis.jpg\"><img loading=\"lazy\" decoding=\"async\" class=\"size-full wp-image-31231 aligncenter\" src=\"https:\/\/olu-limburg.de\/wp-content\/uploads\/2024\/04\/IMG_20220410_173426_ergebnis.jpg\" alt=\"\" width=\"800\" height=\"600\" srcset=\"https:\/\/olu-limburg.de\/wp-content\/uploads\/2024\/04\/IMG_20220410_173426_ergebnis.jpg 800w, https:\/\/olu-limburg.de\/wp-content\/uploads\/2024\/04\/IMG_20220410_173426_ergebnis-300x225.jpg 300w, https:\/\/olu-limburg.de\/wp-content\/uploads\/2024\/04\/IMG_20220410_173426_ergebnis-768x576.jpg 768w, https:\/\/olu-limburg.de\/wp-content\/uploads\/2024\/04\/IMG_20220410_173426_ergebnis-624x468.jpg 624w\" sizes=\"auto, (max-width: 800px) 100vw, 800px\" \/><\/a><\/p>\n<p><a href=\"https:\/\/olu-limburg.de\/wp-content\/uploads\/2024\/04\/P1090108_ergebnis.jpg\"><img loading=\"lazy\" decoding=\"async\" class=\"size-full wp-image-31237 aligncenter\" src=\"https:\/\/olu-limburg.de\/wp-content\/uploads\/2024\/04\/P1090108_ergebnis.jpg\" alt=\"\" width=\"800\" height=\"600\" srcset=\"https:\/\/olu-limburg.de\/wp-content\/uploads\/2024\/04\/P1090108_ergebnis.jpg 800w, https:\/\/olu-limburg.de\/wp-content\/uploads\/2024\/04\/P1090108_ergebnis-300x225.jpg 300w, https:\/\/olu-limburg.de\/wp-content\/uploads\/2024\/04\/P1090108_ergebnis-768x576.jpg 768w, https:\/\/olu-limburg.de\/wp-content\/uploads\/2024\/04\/P1090108_ergebnis-624x468.jpg 624w\" sizes=\"auto, (max-width: 800px) 100vw, 800px\" \/><\/a><\/p>\n<p><a href=\"https:\/\/olu-limburg.de\/wp-content\/uploads\/2024\/04\/P1090109_ergebnis.jpg\"><img loading=\"lazy\" decoding=\"async\" class=\"size-full wp-image-31238 aligncenter\" src=\"https:\/\/olu-limburg.de\/wp-content\/uploads\/2024\/04\/P1090109_ergebnis.jpg\" alt=\"\" width=\"800\" height=\"600\" srcset=\"https:\/\/olu-limburg.de\/wp-content\/uploads\/2024\/04\/P1090109_ergebnis.jpg 800w, https:\/\/olu-limburg.de\/wp-content\/uploads\/2024\/04\/P1090109_ergebnis-300x225.jpg 300w, https:\/\/olu-limburg.de\/wp-content\/uploads\/2024\/04\/P1090109_ergebnis-768x576.jpg 768w, https:\/\/olu-limburg.de\/wp-content\/uploads\/2024\/04\/P1090109_ergebnis-624x468.jpg 624w\" sizes=\"auto, (max-width: 800px) 100vw, 800px\" \/><\/a><\/p>\n<p><a href=\"https:\/\/olu-limburg.de\/wp-content\/uploads\/2024\/04\/IMG_20220410_175030_ergebnis.jpg\"><img loading=\"lazy\" decoding=\"async\" class=\"size-full wp-image-31232 aligncenter\" src=\"https:\/\/olu-limburg.de\/wp-content\/uploads\/2024\/04\/IMG_20220410_175030_ergebnis.jpg\" alt=\"\" width=\"800\" height=\"600\" srcset=\"https:\/\/olu-limburg.de\/wp-content\/uploads\/2024\/04\/IMG_20220410_175030_ergebnis.jpg 800w, https:\/\/olu-limburg.de\/wp-content\/uploads\/2024\/04\/IMG_20220410_175030_ergebnis-300x225.jpg 300w, https:\/\/olu-limburg.de\/wp-content\/uploads\/2024\/04\/IMG_20220410_175030_ergebnis-768x576.jpg 768w, https:\/\/olu-limburg.de\/wp-content\/uploads\/2024\/04\/IMG_20220410_175030_ergebnis-624x468.jpg 624w\" sizes=\"auto, (max-width: 800px) 100vw, 800px\" \/><\/a><\/p>\n<p>F\u00fcr heute sind wir genug gelaufen. Der Abend kann kommen.<\/p>\n<p>Tagesstrecke: 0 km<\/p>\n<p>&nbsp;<\/p>\n<p><strong>Montag, 11.04.2022<\/strong><\/p>\n<p>Heute Nacht hat es sehr gest\u00fcrmt. Manchmal wurde sogar unser Wohnmobil durchger\u00fcttelt.<\/p>\n<p><a href=\"https:\/\/olu-limburg.de\/wp-content\/uploads\/2024\/04\/IMG_20220411_174833_ergebnis.jpg\"><img loading=\"lazy\" decoding=\"async\" class=\"size-full wp-image-31249 aligncenter\" src=\"https:\/\/olu-limburg.de\/wp-content\/uploads\/2024\/04\/IMG_20220411_174833_ergebnis.jpg\" alt=\"\" width=\"800\" height=\"600\" srcset=\"https:\/\/olu-limburg.de\/wp-content\/uploads\/2024\/04\/IMG_20220411_174833_ergebnis.jpg 800w, https:\/\/olu-limburg.de\/wp-content\/uploads\/2024\/04\/IMG_20220411_174833_ergebnis-300x225.jpg 300w, https:\/\/olu-limburg.de\/wp-content\/uploads\/2024\/04\/IMG_20220411_174833_ergebnis-768x576.jpg 768w, https:\/\/olu-limburg.de\/wp-content\/uploads\/2024\/04\/IMG_20220411_174833_ergebnis-624x468.jpg 624w\" sizes=\"auto, (max-width: 800px) 100vw, 800px\" \/><\/a><\/p>\n<p>Montags und Freitags ist in Saintes Maries am Vormittag Wochenmarkt. Wir kaufen ein wenig ein und gehen anschlie\u00dfend zur Wehrkirche Notre-Dame-de-la-Mer.<\/p>\n<p><a href=\"https:\/\/olu-limburg.de\/wp-content\/uploads\/2024\/04\/20220411_112718_ergebnis.jpg\"><img loading=\"lazy\" decoding=\"async\" class=\"size-full wp-image-31623 aligncenter\" src=\"https:\/\/olu-limburg.de\/wp-content\/uploads\/2024\/04\/20220411_112718_ergebnis.jpg\" alt=\"\" width=\"800\" height=\"600\" srcset=\"https:\/\/olu-limburg.de\/wp-content\/uploads\/2024\/04\/20220411_112718_ergebnis.jpg 800w, https:\/\/olu-limburg.de\/wp-content\/uploads\/2024\/04\/20220411_112718_ergebnis-300x225.jpg 300w, https:\/\/olu-limburg.de\/wp-content\/uploads\/2024\/04\/20220411_112718_ergebnis-768x576.jpg 768w, https:\/\/olu-limburg.de\/wp-content\/uploads\/2024\/04\/20220411_112718_ergebnis-624x468.jpg 624w\" sizes=\"auto, (max-width: 800px) 100vw, 800px\" \/><\/a><\/p>\n<p><a href=\"https:\/\/olu-limburg.de\/wp-content\/uploads\/2024\/04\/20220411_113533_ergebnis.jpg\"><img loading=\"lazy\" decoding=\"async\" class=\"size-full wp-image-31624 aligncenter\" src=\"https:\/\/olu-limburg.de\/wp-content\/uploads\/2024\/04\/20220411_113533_ergebnis.jpg\" alt=\"\" width=\"800\" height=\"600\" srcset=\"https:\/\/olu-limburg.de\/wp-content\/uploads\/2024\/04\/20220411_113533_ergebnis.jpg 800w, https:\/\/olu-limburg.de\/wp-content\/uploads\/2024\/04\/20220411_113533_ergebnis-300x225.jpg 300w, https:\/\/olu-limburg.de\/wp-content\/uploads\/2024\/04\/20220411_113533_ergebnis-768x576.jpg 768w, https:\/\/olu-limburg.de\/wp-content\/uploads\/2024\/04\/20220411_113533_ergebnis-624x468.jpg 624w\" sizes=\"auto, (max-width: 800px) 100vw, 800px\" \/><\/a><\/p>\n<p><a href=\"https:\/\/olu-limburg.de\/wp-content\/uploads\/2024\/04\/20220411_130551_ergebnis-e1713200285287.jpg\"><img loading=\"lazy\" decoding=\"async\" class=\"size-full wp-image-31625 aligncenter\" src=\"https:\/\/olu-limburg.de\/wp-content\/uploads\/2024\/04\/20220411_130551_ergebnis-e1713200285287.jpg\" alt=\"\" width=\"800\" height=\"600\" srcset=\"https:\/\/olu-limburg.de\/wp-content\/uploads\/2024\/04\/20220411_130551_ergebnis-e1713200285287.jpg 800w, https:\/\/olu-limburg.de\/wp-content\/uploads\/2024\/04\/20220411_130551_ergebnis-e1713200285287-300x225.jpg 300w, https:\/\/olu-limburg.de\/wp-content\/uploads\/2024\/04\/20220411_130551_ergebnis-e1713200285287-768x576.jpg 768w, https:\/\/olu-limburg.de\/wp-content\/uploads\/2024\/04\/20220411_130551_ergebnis-e1713200285287-624x468.jpg 624w\" sizes=\"auto, (max-width: 800px) 100vw, 800px\" \/><\/a><\/p>\n<p>In der Vorg\u00e4ngerkirche sollen 1448 angeblich Reliquien der beiden Heiligen Maria Kleophae und Maria Salome gefunden worden sein. Danach entwickelte sich in der Gegend ein Marienkult und es fanden j\u00e4hrliche Wallfahrten statt. Darin wurde auch die angebliche Dienerin der Beiden, die schwarze Sara, aufgenommen. Sie ist die Schutzpatronin der Gitans, die sich haupts\u00e4chlich aus spanischst\u00e4mmigen Roma zusammen setzen.<\/p>\n<p><a href=\"https:\/\/olu-limburg.de\/wp-content\/uploads\/2024\/04\/IMG_20220409_171255_ergebnis-e1712585807928.jpg\"><img loading=\"lazy\" decoding=\"async\" class=\"size-full wp-image-31242 aligncenter\" src=\"https:\/\/olu-limburg.de\/wp-content\/uploads\/2024\/04\/IMG_20220409_171255_ergebnis-e1712585807928.jpg\" alt=\"\" width=\"450\" height=\"600\" \/><\/a><\/p>\n<p><a href=\"https:\/\/olu-limburg.de\/wp-content\/uploads\/2024\/04\/IMG_20220411_123009_ergebnis.jpg\"><img loading=\"lazy\" decoding=\"async\" class=\"size-full wp-image-31244 aligncenter\" src=\"https:\/\/olu-limburg.de\/wp-content\/uploads\/2024\/04\/IMG_20220411_123009_ergebnis.jpg\" alt=\"\" width=\"800\" height=\"600\" srcset=\"https:\/\/olu-limburg.de\/wp-content\/uploads\/2024\/04\/IMG_20220411_123009_ergebnis.jpg 800w, https:\/\/olu-limburg.de\/wp-content\/uploads\/2024\/04\/IMG_20220411_123009_ergebnis-300x225.jpg 300w, https:\/\/olu-limburg.de\/wp-content\/uploads\/2024\/04\/IMG_20220411_123009_ergebnis-768x576.jpg 768w, https:\/\/olu-limburg.de\/wp-content\/uploads\/2024\/04\/IMG_20220411_123009_ergebnis-624x468.jpg 624w\" sizes=\"auto, (max-width: 800px) 100vw, 800px\" \/><\/a><\/p>\n<p><a href=\"https:\/\/olu-limburg.de\/wp-content\/uploads\/2024\/04\/IMG_20220411_122821_ergebnis.jpg\"><img loading=\"lazy\" decoding=\"async\" class=\"size-full wp-image-31243 aligncenter\" src=\"https:\/\/olu-limburg.de\/wp-content\/uploads\/2024\/04\/IMG_20220411_122821_ergebnis.jpg\" alt=\"\" width=\"800\" height=\"600\" srcset=\"https:\/\/olu-limburg.de\/wp-content\/uploads\/2024\/04\/IMG_20220411_122821_ergebnis.jpg 800w, https:\/\/olu-limburg.de\/wp-content\/uploads\/2024\/04\/IMG_20220411_122821_ergebnis-300x225.jpg 300w, https:\/\/olu-limburg.de\/wp-content\/uploads\/2024\/04\/IMG_20220411_122821_ergebnis-768x576.jpg 768w, https:\/\/olu-limburg.de\/wp-content\/uploads\/2024\/04\/IMG_20220411_122821_ergebnis-624x468.jpg 624w\" sizes=\"auto, (max-width: 800px) 100vw, 800px\" \/><\/a><\/p>\n<p><a href=\"https:\/\/olu-limburg.de\/wp-content\/uploads\/2024\/04\/IMG_20220411_123116_ergebnis-e1712585849691.jpg\"><img loading=\"lazy\" decoding=\"async\" class=\"wp-image-31245 size-full aligncenter\" src=\"https:\/\/olu-limburg.de\/wp-content\/uploads\/2024\/04\/IMG_20220411_123116_ergebnis-e1712585849691.jpg\" alt=\"\" width=\"450\" height=\"600\" \/><\/a><\/p>\n<div id=\"attachment_31246\" style=\"width: 810px\" class=\"wp-caption aligncenter\"><a href=\"https:\/\/olu-limburg.de\/wp-content\/uploads\/2024\/04\/IMG_20220411_123140_ergebnis.jpg\"><img loading=\"lazy\" decoding=\"async\" aria-describedby=\"caption-attachment-31246\" class=\"wp-image-31246 size-full\" src=\"https:\/\/olu-limburg.de\/wp-content\/uploads\/2024\/04\/IMG_20220411_123140_ergebnis.jpg\" alt=\"\" width=\"800\" height=\"600\" srcset=\"https:\/\/olu-limburg.de\/wp-content\/uploads\/2024\/04\/IMG_20220411_123140_ergebnis.jpg 800w, https:\/\/olu-limburg.de\/wp-content\/uploads\/2024\/04\/IMG_20220411_123140_ergebnis-300x225.jpg 300w, https:\/\/olu-limburg.de\/wp-content\/uploads\/2024\/04\/IMG_20220411_123140_ergebnis-768x576.jpg 768w, https:\/\/olu-limburg.de\/wp-content\/uploads\/2024\/04\/IMG_20220411_123140_ergebnis-624x468.jpg 624w\" sizes=\"auto, (max-width: 800px) 100vw, 800px\" \/><\/a><p id=\"caption-attachment-31246\" class=\"wp-caption-text\">St\u00e4tte der Verehrung in der Unterkirche<\/p><\/div>\n<p>Saintes Maries selbst wurde erstmals bereits im 4. Jhdt. als Sancta Maria de Ratis schriftlich erw\u00e4hnt.<\/p>\n<p>Zuhause beim Wohnmobil haben wir f\u00fcr uns gekocht und es uns gem\u00fctlich gemacht.<\/p>\n<p><a href=\"https:\/\/olu-limburg.de\/wp-content\/uploads\/2024\/04\/20220411_142019_ergebnis.jpg\"><img loading=\"lazy\" decoding=\"async\" class=\"size-full wp-image-31627 aligncenter\" src=\"https:\/\/olu-limburg.de\/wp-content\/uploads\/2024\/04\/20220411_142019_ergebnis.jpg\" alt=\"\" width=\"800\" height=\"600\" srcset=\"https:\/\/olu-limburg.de\/wp-content\/uploads\/2024\/04\/20220411_142019_ergebnis.jpg 800w, https:\/\/olu-limburg.de\/wp-content\/uploads\/2024\/04\/20220411_142019_ergebnis-300x225.jpg 300w, https:\/\/olu-limburg.de\/wp-content\/uploads\/2024\/04\/20220411_142019_ergebnis-768x576.jpg 768w, https:\/\/olu-limburg.de\/wp-content\/uploads\/2024\/04\/20220411_142019_ergebnis-624x468.jpg 624w\" sizes=\"auto, (max-width: 800px) 100vw, 800px\" \/><\/a><\/p>\n<p><a href=\"https:\/\/olu-limburg.de\/wp-content\/uploads\/2024\/04\/20220411_141851_ergebnis.jpg\"><img loading=\"lazy\" decoding=\"async\" class=\"size-full wp-image-31626 aligncenter\" src=\"https:\/\/olu-limburg.de\/wp-content\/uploads\/2024\/04\/20220411_141851_ergebnis.jpg\" alt=\"\" width=\"800\" height=\"600\" srcset=\"https:\/\/olu-limburg.de\/wp-content\/uploads\/2024\/04\/20220411_141851_ergebnis.jpg 800w, https:\/\/olu-limburg.de\/wp-content\/uploads\/2024\/04\/20220411_141851_ergebnis-300x225.jpg 300w, https:\/\/olu-limburg.de\/wp-content\/uploads\/2024\/04\/20220411_141851_ergebnis-768x576.jpg 768w, https:\/\/olu-limburg.de\/wp-content\/uploads\/2024\/04\/20220411_141851_ergebnis-624x468.jpg 624w\" sizes=\"auto, (max-width: 800px) 100vw, 800px\" \/><\/a><\/p>\n<p>Und das ist das Ergebnis<\/p>\n<div id=\"attachment_31247\" style=\"width: 810px\" class=\"wp-caption aligncenter\"><a href=\"https:\/\/olu-limburg.de\/wp-content\/uploads\/2024\/04\/IMG_20220411_132539_ergebnis.jpg\"><img loading=\"lazy\" decoding=\"async\" aria-describedby=\"caption-attachment-31247\" class=\"wp-image-31247 size-full\" src=\"https:\/\/olu-limburg.de\/wp-content\/uploads\/2024\/04\/IMG_20220411_132539_ergebnis.jpg\" alt=\"\" width=\"800\" height=\"600\" srcset=\"https:\/\/olu-limburg.de\/wp-content\/uploads\/2024\/04\/IMG_20220411_132539_ergebnis.jpg 800w, https:\/\/olu-limburg.de\/wp-content\/uploads\/2024\/04\/IMG_20220411_132539_ergebnis-300x225.jpg 300w, https:\/\/olu-limburg.de\/wp-content\/uploads\/2024\/04\/IMG_20220411_132539_ergebnis-768x576.jpg 768w, https:\/\/olu-limburg.de\/wp-content\/uploads\/2024\/04\/IMG_20220411_132539_ergebnis-624x468.jpg 624w\" sizes=\"auto, (max-width: 800px) 100vw, 800px\" \/><\/a><p id=\"caption-attachment-31247\" class=\"wp-caption-text\">Honigmelone mit einem Schuss Pineau charentes rouge<\/p><\/div>\n<div id=\"attachment_31248\" style=\"width: 810px\" class=\"wp-caption aligncenter\"><a href=\"https:\/\/olu-limburg.de\/wp-content\/uploads\/2024\/04\/IMG_20220411_143607_ergebnis.jpg\"><img loading=\"lazy\" decoding=\"async\" aria-describedby=\"caption-attachment-31248\" class=\"wp-image-31248 size-full\" src=\"https:\/\/olu-limburg.de\/wp-content\/uploads\/2024\/04\/IMG_20220411_143607_ergebnis.jpg\" alt=\"\" width=\"800\" height=\"600\" srcset=\"https:\/\/olu-limburg.de\/wp-content\/uploads\/2024\/04\/IMG_20220411_143607_ergebnis.jpg 800w, https:\/\/olu-limburg.de\/wp-content\/uploads\/2024\/04\/IMG_20220411_143607_ergebnis-300x225.jpg 300w, https:\/\/olu-limburg.de\/wp-content\/uploads\/2024\/04\/IMG_20220411_143607_ergebnis-768x576.jpg 768w, https:\/\/olu-limburg.de\/wp-content\/uploads\/2024\/04\/IMG_20220411_143607_ergebnis-624x468.jpg 624w\" sizes=\"auto, (max-width: 800px) 100vw, 800px\" \/><\/a><p id=\"caption-attachment-31248\" class=\"wp-caption-text\">Spargel mit Kartoffeln und gegartem Schinken<\/p><\/div>\n<div id=\"attachment_31628\" style=\"width: 460px\" class=\"wp-caption aligncenter\"><a href=\"https:\/\/olu-limburg.de\/wp-content\/uploads\/2024\/04\/20220411_143600_ergebnis.jpg\"><img loading=\"lazy\" decoding=\"async\" aria-describedby=\"caption-attachment-31628\" class=\"wp-image-31628\" src=\"https:\/\/olu-limburg.de\/wp-content\/uploads\/2024\/04\/20220411_143600_ergebnis.jpg\" alt=\"\" width=\"450\" height=\"600\" srcset=\"https:\/\/olu-limburg.de\/wp-content\/uploads\/2024\/04\/20220411_143600_ergebnis.jpg 600w, https:\/\/olu-limburg.de\/wp-content\/uploads\/2024\/04\/20220411_143600_ergebnis-225x300.jpg 225w\" sizes=\"auto, (max-width: 450px) 100vw, 450px\" \/><\/a><p id=\"caption-attachment-31628\" class=\"wp-caption-text\">Spargel mit Kartoffeln und H\u00fchnchenschenkel f\u00fcr Lena<\/p><\/div>\n<p>Es st\u00fcrmt immer noch und der Sand fliegt. Wir setzen uns auf der windabgewandten Seite des Wohnmobils in die Sonne und lesen ein wenig.<\/p>\n<p>Gegen 17.00 Uhr drehen wir wie immer unsere Runde durch die Gemeinde.<\/p>\n<p><a href=\"https:\/\/olu-limburg.de\/wp-content\/uploads\/2024\/04\/IMG_20220411_174424_ergebnis.jpg\"><img loading=\"lazy\" decoding=\"async\" class=\"size-full wp-image-31254 aligncenter\" src=\"https:\/\/olu-limburg.de\/wp-content\/uploads\/2024\/04\/IMG_20220411_174424_ergebnis.jpg\" alt=\"\" width=\"800\" height=\"600\" srcset=\"https:\/\/olu-limburg.de\/wp-content\/uploads\/2024\/04\/IMG_20220411_174424_ergebnis.jpg 800w, https:\/\/olu-limburg.de\/wp-content\/uploads\/2024\/04\/IMG_20220411_174424_ergebnis-300x225.jpg 300w, https:\/\/olu-limburg.de\/wp-content\/uploads\/2024\/04\/IMG_20220411_174424_ergebnis-768x576.jpg 768w, https:\/\/olu-limburg.de\/wp-content\/uploads\/2024\/04\/IMG_20220411_174424_ergebnis-624x468.jpg 624w\" sizes=\"auto, (max-width: 800px) 100vw, 800px\" \/><\/a><\/p>\n<p><a href=\"https:\/\/olu-limburg.de\/wp-content\/uploads\/2024\/04\/P1090116_ergebnis.jpg\"><img loading=\"lazy\" decoding=\"async\" class=\"size-full wp-image-31250 aligncenter\" src=\"https:\/\/olu-limburg.de\/wp-content\/uploads\/2024\/04\/P1090116_ergebnis.jpg\" alt=\"\" width=\"800\" height=\"600\" srcset=\"https:\/\/olu-limburg.de\/wp-content\/uploads\/2024\/04\/P1090116_ergebnis.jpg 800w, https:\/\/olu-limburg.de\/wp-content\/uploads\/2024\/04\/P1090116_ergebnis-300x225.jpg 300w, https:\/\/olu-limburg.de\/wp-content\/uploads\/2024\/04\/P1090116_ergebnis-768x576.jpg 768w, https:\/\/olu-limburg.de\/wp-content\/uploads\/2024\/04\/P1090116_ergebnis-624x468.jpg 624w\" sizes=\"auto, (max-width: 800px) 100vw, 800px\" \/><\/a><\/p>\n<p><a href=\"https:\/\/olu-limburg.de\/wp-content\/uploads\/2024\/04\/P1090119_ergebnis.jpg\"><img loading=\"lazy\" decoding=\"async\" class=\"size-full wp-image-31252 aligncenter\" src=\"https:\/\/olu-limburg.de\/wp-content\/uploads\/2024\/04\/P1090119_ergebnis.jpg\" alt=\"\" width=\"800\" height=\"600\" srcset=\"https:\/\/olu-limburg.de\/wp-content\/uploads\/2024\/04\/P1090119_ergebnis.jpg 800w, https:\/\/olu-limburg.de\/wp-content\/uploads\/2024\/04\/P1090119_ergebnis-300x225.jpg 300w, https:\/\/olu-limburg.de\/wp-content\/uploads\/2024\/04\/P1090119_ergebnis-768x576.jpg 768w, https:\/\/olu-limburg.de\/wp-content\/uploads\/2024\/04\/P1090119_ergebnis-624x468.jpg 624w\" sizes=\"auto, (max-width: 800px) 100vw, 800px\" \/><\/a><\/p>\n<p><a href=\"https:\/\/olu-limburg.de\/wp-content\/uploads\/2024\/04\/P1090118_ergebnis.jpg\"><img loading=\"lazy\" decoding=\"async\" class=\"size-full wp-image-31251 aligncenter\" src=\"https:\/\/olu-limburg.de\/wp-content\/uploads\/2024\/04\/P1090118_ergebnis.jpg\" alt=\"\" width=\"800\" height=\"600\" srcset=\"https:\/\/olu-limburg.de\/wp-content\/uploads\/2024\/04\/P1090118_ergebnis.jpg 800w, https:\/\/olu-limburg.de\/wp-content\/uploads\/2024\/04\/P1090118_ergebnis-300x225.jpg 300w, https:\/\/olu-limburg.de\/wp-content\/uploads\/2024\/04\/P1090118_ergebnis-768x576.jpg 768w, https:\/\/olu-limburg.de\/wp-content\/uploads\/2024\/04\/P1090118_ergebnis-624x468.jpg 624w\" sizes=\"auto, (max-width: 800px) 100vw, 800px\" \/><\/a><\/p>\n<p><a href=\"https:\/\/olu-limburg.de\/wp-content\/uploads\/2024\/04\/P1090120_ergebnis.jpg\"><img loading=\"lazy\" decoding=\"async\" class=\"size-full wp-image-31253 aligncenter\" src=\"https:\/\/olu-limburg.de\/wp-content\/uploads\/2024\/04\/P1090120_ergebnis.jpg\" alt=\"\" width=\"800\" height=\"600\" srcset=\"https:\/\/olu-limburg.de\/wp-content\/uploads\/2024\/04\/P1090120_ergebnis.jpg 800w, https:\/\/olu-limburg.de\/wp-content\/uploads\/2024\/04\/P1090120_ergebnis-300x225.jpg 300w, https:\/\/olu-limburg.de\/wp-content\/uploads\/2024\/04\/P1090120_ergebnis-768x576.jpg 768w, https:\/\/olu-limburg.de\/wp-content\/uploads\/2024\/04\/P1090120_ergebnis-624x468.jpg 624w\" sizes=\"auto, (max-width: 800px) 100vw, 800px\" \/><\/a><\/p>\n<p>Tagesstrecke: 0 km<\/p>\n<p>&nbsp;<\/p>\n<p><strong>Dienstag, 12.04.2022<\/strong><\/p>\n<p>In der Nacht bin ich wach geworden, weil es pl\u00f6tzlich total ruhig war. Der Wind hat aufgeh\u00f6rt. Den dadurch entstehenden Nachteil merken wir am Morgen beim Fr\u00fchst\u00fcck. Die ersten Moskitos wagen sich wieder raus.<\/p>\n<p>Heute soll auf dem Place des Gitans ein Flohmarkt stattfinden. Tats\u00e4chlich stehen aber nur einige St\u00e4nde verloren herum. Auch wenn wir immer nach B\u00fcchern schauen, bei diesen franz\u00f6sischen B\u00fcchern finden wir nichts, obwohl ich in anderen Orten schon einen Schuber mit Bl\u00e4ttern von Dichtungen und Abbildungen von Van Gogh-Bildern gefunden habe, oder ein B\u00fcchlein mit Briefen von Marcel Proust auf franz\u00f6sich (Lebenswerk: Auf der Suche nach der verlorenen Zeit).<\/p>\n<p>Wie hat Lena in dem von ihr gef\u00fchrten Reise-Tagebuch geschrieben: Eine Napoleonfigur musste auch da bleiben.<\/p>\n<p><a href=\"https:\/\/olu-limburg.de\/wp-content\/uploads\/2024\/04\/P1090123_ergebnis.jpg\"><img loading=\"lazy\" decoding=\"async\" class=\"size-full wp-image-31258 aligncenter\" src=\"https:\/\/olu-limburg.de\/wp-content\/uploads\/2024\/04\/P1090123_ergebnis.jpg\" alt=\"\" width=\"800\" height=\"600\" srcset=\"https:\/\/olu-limburg.de\/wp-content\/uploads\/2024\/04\/P1090123_ergebnis.jpg 800w, https:\/\/olu-limburg.de\/wp-content\/uploads\/2024\/04\/P1090123_ergebnis-300x225.jpg 300w, https:\/\/olu-limburg.de\/wp-content\/uploads\/2024\/04\/P1090123_ergebnis-768x576.jpg 768w, https:\/\/olu-limburg.de\/wp-content\/uploads\/2024\/04\/P1090123_ergebnis-624x468.jpg 624w\" sizes=\"auto, (max-width: 800px) 100vw, 800px\" \/><\/a><\/p>\n<p><a href=\"https:\/\/olu-limburg.de\/wp-content\/uploads\/2024\/04\/P1090125_ergebnis.jpg\"><img loading=\"lazy\" decoding=\"async\" class=\"size-full wp-image-31259 aligncenter\" src=\"https:\/\/olu-limburg.de\/wp-content\/uploads\/2024\/04\/P1090125_ergebnis.jpg\" alt=\"\" width=\"800\" height=\"600\" srcset=\"https:\/\/olu-limburg.de\/wp-content\/uploads\/2024\/04\/P1090125_ergebnis.jpg 800w, https:\/\/olu-limburg.de\/wp-content\/uploads\/2024\/04\/P1090125_ergebnis-300x225.jpg 300w, https:\/\/olu-limburg.de\/wp-content\/uploads\/2024\/04\/P1090125_ergebnis-768x576.jpg 768w, https:\/\/olu-limburg.de\/wp-content\/uploads\/2024\/04\/P1090125_ergebnis-624x468.jpg 624w\" sizes=\"auto, (max-width: 800px) 100vw, 800px\" \/><\/a><\/p>\n<p>Wir ziehen daraufhin weiter zur Bar &#8222;O Pica Pica&#8220; gegen\u00fcber der Arena. Dort trifft man sich am sp\u00e4ten Vormittag zu einem kleinen Snack und einem Becher Wein.<\/p>\n<p><a href=\"https:\/\/olu-limburg.de\/wp-content\/uploads\/2024\/04\/P1090126_ergebnis.jpg\"><img loading=\"lazy\" decoding=\"async\" class=\"size-full wp-image-31260 aligncenter\" src=\"https:\/\/olu-limburg.de\/wp-content\/uploads\/2024\/04\/P1090126_ergebnis.jpg\" alt=\"\" width=\"800\" height=\"600\" srcset=\"https:\/\/olu-limburg.de\/wp-content\/uploads\/2024\/04\/P1090126_ergebnis.jpg 800w, https:\/\/olu-limburg.de\/wp-content\/uploads\/2024\/04\/P1090126_ergebnis-300x225.jpg 300w, https:\/\/olu-limburg.de\/wp-content\/uploads\/2024\/04\/P1090126_ergebnis-768x576.jpg 768w, https:\/\/olu-limburg.de\/wp-content\/uploads\/2024\/04\/P1090126_ergebnis-624x468.jpg 624w\" sizes=\"auto, (max-width: 800px) 100vw, 800px\" \/><\/a><\/p>\n<p><a href=\"https:\/\/olu-limburg.de\/wp-content\/uploads\/2024\/04\/P1090127_ergebnis.jpg\"><img loading=\"lazy\" decoding=\"async\" class=\"size-full wp-image-31261 aligncenter\" src=\"https:\/\/olu-limburg.de\/wp-content\/uploads\/2024\/04\/P1090127_ergebnis.jpg\" alt=\"\" width=\"800\" height=\"600\" srcset=\"https:\/\/olu-limburg.de\/wp-content\/uploads\/2024\/04\/P1090127_ergebnis.jpg 800w, https:\/\/olu-limburg.de\/wp-content\/uploads\/2024\/04\/P1090127_ergebnis-300x225.jpg 300w, https:\/\/olu-limburg.de\/wp-content\/uploads\/2024\/04\/P1090127_ergebnis-768x576.jpg 768w, https:\/\/olu-limburg.de\/wp-content\/uploads\/2024\/04\/P1090127_ergebnis-624x468.jpg 624w\" sizes=\"auto, (max-width: 800px) 100vw, 800px\" \/><\/a><\/p>\n<p><a href=\"https:\/\/olu-limburg.de\/wp-content\/uploads\/2024\/04\/P1090129_ergebnis.jpg\"><img loading=\"lazy\" decoding=\"async\" class=\"size-full wp-image-31262 aligncenter\" src=\"https:\/\/olu-limburg.de\/wp-content\/uploads\/2024\/04\/P1090129_ergebnis.jpg\" alt=\"\" width=\"800\" height=\"600\" srcset=\"https:\/\/olu-limburg.de\/wp-content\/uploads\/2024\/04\/P1090129_ergebnis.jpg 800w, https:\/\/olu-limburg.de\/wp-content\/uploads\/2024\/04\/P1090129_ergebnis-300x225.jpg 300w, https:\/\/olu-limburg.de\/wp-content\/uploads\/2024\/04\/P1090129_ergebnis-768x576.jpg 768w, https:\/\/olu-limburg.de\/wp-content\/uploads\/2024\/04\/P1090129_ergebnis-624x468.jpg 624w\" sizes=\"auto, (max-width: 800px) 100vw, 800px\" \/><\/a><\/p>\n<div id=\"attachment_31263\" style=\"width: 810px\" class=\"wp-caption aligncenter\"><a href=\"https:\/\/olu-limburg.de\/wp-content\/uploads\/2024\/04\/P1090130_ergebnis.jpg\"><img loading=\"lazy\" decoding=\"async\" aria-describedby=\"caption-attachment-31263\" class=\"wp-image-31263 size-full\" src=\"https:\/\/olu-limburg.de\/wp-content\/uploads\/2024\/04\/P1090130_ergebnis.jpg\" alt=\"\" width=\"800\" height=\"600\" srcset=\"https:\/\/olu-limburg.de\/wp-content\/uploads\/2024\/04\/P1090130_ergebnis.jpg 800w, https:\/\/olu-limburg.de\/wp-content\/uploads\/2024\/04\/P1090130_ergebnis-300x225.jpg 300w, https:\/\/olu-limburg.de\/wp-content\/uploads\/2024\/04\/P1090130_ergebnis-768x576.jpg 768w, https:\/\/olu-limburg.de\/wp-content\/uploads\/2024\/04\/P1090130_ergebnis-624x468.jpg 624w\" sizes=\"auto, (max-width: 800px) 100vw, 800px\" \/><\/a><p id=\"caption-attachment-31263\" class=\"wp-caption-text\">frittierte Chipirons und Palourdes a la Plancha<\/p><\/div>\n<p>Es ist schw\u00fcl geworden, und bei unserem Mittagsschlaf im Freien empfinden wir es\u00a0 durch die eintretende Bew\u00f6lkung etwas k\u00fchler.<\/p>\n<p>In der Nacht wird es aber wieder immer w\u00e4rmer.<\/p>\n<p>Tagesstrecke. 0 km<\/p>\n<p>&nbsp;<\/p>\n<p><strong>Mittwoch, 13.04.2022<\/strong><\/p>\n<p>Wir haben jetzt unserer Liebe zu Saintes Maries genug Zeit gegeben.\u00a0 Der M\u00fc\u00dfiggang ist vorbei und wir fahren weiter. Ein paar Abschiedsbilder m\u00fcssen aber noch sein.<\/p>\n<p><a href=\"https:\/\/olu-limburg.de\/wp-content\/uploads\/2024\/04\/P1090136_ergebnis.jpg\"><img loading=\"lazy\" decoding=\"async\" class=\"size-full wp-image-31271 aligncenter\" src=\"https:\/\/olu-limburg.de\/wp-content\/uploads\/2024\/04\/P1090136_ergebnis.jpg\" alt=\"\" width=\"800\" height=\"600\" srcset=\"https:\/\/olu-limburg.de\/wp-content\/uploads\/2024\/04\/P1090136_ergebnis.jpg 800w, https:\/\/olu-limburg.de\/wp-content\/uploads\/2024\/04\/P1090136_ergebnis-300x225.jpg 300w, https:\/\/olu-limburg.de\/wp-content\/uploads\/2024\/04\/P1090136_ergebnis-768x576.jpg 768w, https:\/\/olu-limburg.de\/wp-content\/uploads\/2024\/04\/P1090136_ergebnis-624x468.jpg 624w\" sizes=\"auto, (max-width: 800px) 100vw, 800px\" \/><\/a><\/p>\n<div id=\"attachment_31269\" style=\"width: 810px\" class=\"wp-caption aligncenter\"><a href=\"https:\/\/olu-limburg.de\/wp-content\/uploads\/2024\/04\/IMG_20220413_115757_ergebnis.jpg\"><img loading=\"lazy\" decoding=\"async\" aria-describedby=\"caption-attachment-31269\" class=\"wp-image-31269 size-full\" src=\"https:\/\/olu-limburg.de\/wp-content\/uploads\/2024\/04\/IMG_20220413_115757_ergebnis.jpg\" alt=\"\" width=\"800\" height=\"600\" srcset=\"https:\/\/olu-limburg.de\/wp-content\/uploads\/2024\/04\/IMG_20220413_115757_ergebnis.jpg 800w, https:\/\/olu-limburg.de\/wp-content\/uploads\/2024\/04\/IMG_20220413_115757_ergebnis-300x225.jpg 300w, https:\/\/olu-limburg.de\/wp-content\/uploads\/2024\/04\/IMG_20220413_115757_ergebnis-768x576.jpg 768w, https:\/\/olu-limburg.de\/wp-content\/uploads\/2024\/04\/IMG_20220413_115757_ergebnis-624x468.jpg 624w\" sizes=\"auto, (max-width: 800px) 100vw, 800px\" \/><\/a><p id=\"caption-attachment-31269\" class=\"wp-caption-text\">die iypischen Camarguepferde, wei\u00df, klein und wendig<\/p><\/div>\n<p><a href=\"https:\/\/olu-limburg.de\/wp-content\/uploads\/2024\/04\/IMG_20220413_115827_ergebnis.jpg\"><img loading=\"lazy\" decoding=\"async\" class=\"size-full wp-image-31270 aligncenter\" src=\"https:\/\/olu-limburg.de\/wp-content\/uploads\/2024\/04\/IMG_20220413_115827_ergebnis.jpg\" alt=\"\" width=\"800\" height=\"600\" srcset=\"https:\/\/olu-limburg.de\/wp-content\/uploads\/2024\/04\/IMG_20220413_115827_ergebnis.jpg 800w, https:\/\/olu-limburg.de\/wp-content\/uploads\/2024\/04\/IMG_20220413_115827_ergebnis-300x225.jpg 300w, https:\/\/olu-limburg.de\/wp-content\/uploads\/2024\/04\/IMG_20220413_115827_ergebnis-768x576.jpg 768w, https:\/\/olu-limburg.de\/wp-content\/uploads\/2024\/04\/IMG_20220413_115827_ergebnis-624x468.jpg 624w\" sizes=\"auto, (max-width: 800px) 100vw, 800px\" \/><\/a><\/p>\n<p><a href=\"https:\/\/olu-limburg.de\/wp-content\/uploads\/2024\/04\/P1090138_ergebnis.jpg\"><img loading=\"lazy\" decoding=\"async\" class=\"size-full wp-image-31272 aligncenter\" src=\"https:\/\/olu-limburg.de\/wp-content\/uploads\/2024\/04\/P1090138_ergebnis.jpg\" alt=\"\" width=\"800\" height=\"600\" srcset=\"https:\/\/olu-limburg.de\/wp-content\/uploads\/2024\/04\/P1090138_ergebnis.jpg 800w, https:\/\/olu-limburg.de\/wp-content\/uploads\/2024\/04\/P1090138_ergebnis-300x225.jpg 300w, https:\/\/olu-limburg.de\/wp-content\/uploads\/2024\/04\/P1090138_ergebnis-768x576.jpg 768w, https:\/\/olu-limburg.de\/wp-content\/uploads\/2024\/04\/P1090138_ergebnis-624x468.jpg 624w\" sizes=\"auto, (max-width: 800px) 100vw, 800px\" \/><\/a><\/p>\n<p>Gegen Mittag erreichen wir Aigues Mortes. Wegen einer Baustelle bei der Zufahrt zur Stadt ist es etwas schwierig geworden, zu dem Wohnmobil-Stellplatz mit V+E (Geb\u00fchr EUR 22,00 f\u00fcr 24 Std.) zu kommen.<\/p>\n<p><a href=\"https:\/\/olu-limburg.de\/wp-content\/uploads\/2024\/04\/P1090139_ergebnis.jpg\"><img loading=\"lazy\" decoding=\"async\" class=\"size-full wp-image-31274 aligncenter\" src=\"https:\/\/olu-limburg.de\/wp-content\/uploads\/2024\/04\/P1090139_ergebnis.jpg\" alt=\"\" width=\"800\" height=\"600\" srcset=\"https:\/\/olu-limburg.de\/wp-content\/uploads\/2024\/04\/P1090139_ergebnis.jpg 800w, https:\/\/olu-limburg.de\/wp-content\/uploads\/2024\/04\/P1090139_ergebnis-300x225.jpg 300w, https:\/\/olu-limburg.de\/wp-content\/uploads\/2024\/04\/P1090139_ergebnis-768x576.jpg 768w, https:\/\/olu-limburg.de\/wp-content\/uploads\/2024\/04\/P1090139_ergebnis-624x468.jpg 624w\" sizes=\"auto, (max-width: 800px) 100vw, 800px\" \/><\/a><\/p>\n<p>Bei dem stolzen Preis ist noch genug Platz. Daf\u00fcr liegt er aber auch nur wenige Schritte von der historischen Stadtmauer entfernt. Das erste Einlasstor ist direkt erreichbar, und durch wenige Gassen gelangen wir in das Zentrum auf den Place Saint Louis.<\/p>\n<p><a href=\"https:\/\/olu-limburg.de\/wp-content\/uploads\/2024\/04\/IMG_20220413_130753_ergebnis.jpg\"><img loading=\"lazy\" decoding=\"async\" class=\"size-full wp-image-31273 aligncenter\" src=\"https:\/\/olu-limburg.de\/wp-content\/uploads\/2024\/04\/IMG_20220413_130753_ergebnis.jpg\" alt=\"\" width=\"800\" height=\"600\" srcset=\"https:\/\/olu-limburg.de\/wp-content\/uploads\/2024\/04\/IMG_20220413_130753_ergebnis.jpg 800w, https:\/\/olu-limburg.de\/wp-content\/uploads\/2024\/04\/IMG_20220413_130753_ergebnis-300x225.jpg 300w, https:\/\/olu-limburg.de\/wp-content\/uploads\/2024\/04\/IMG_20220413_130753_ergebnis-768x576.jpg 768w, https:\/\/olu-limburg.de\/wp-content\/uploads\/2024\/04\/IMG_20220413_130753_ergebnis-624x468.jpg 624w\" sizes=\"auto, (max-width: 800px) 100vw, 800px\" \/><\/a><\/p>\n<p><a href=\"https:\/\/olu-limburg.de\/wp-content\/uploads\/2024\/04\/P1090141_ergebnis-e1712591071929.jpg\"><img loading=\"lazy\" decoding=\"async\" class=\"size-full wp-image-31275 aligncenter\" src=\"https:\/\/olu-limburg.de\/wp-content\/uploads\/2024\/04\/P1090141_ergebnis-e1712591071929.jpg\" alt=\"\" width=\"450\" height=\"600\" \/><\/a><\/p>\n<p>Die R\u00f6mer erw\u00e4hnen bereits in diesem Bereich eine Siedlung um 102 v. Chr. und bis zum 13. Jhdt. geh\u00f6rte das Gebiet zum Heiligen R\u00f6mischen Reich.<\/p>\n<p>Aigues Mortes (totes Wasser) ist im 13. Jhdt. als wehrhafte Hafenstadt und durch Kan\u00e4le bis hin zum Mittelmeer konzipiert worden. Auch heute noch ist die Altstadt durch eine vollst\u00e4ndige, mittelalterliche Stadtmauer eingerahmt. Durch eine zunehmende Verlandung ist Aigues Mortes nun 6 km vom Meer entfernt. Eine schiffbare Verbindung besteht aber noch mit dem Canal du Rh\u00f4ne \u00e0 S\u00e8te, und von S\u00e8te aus zu dem Canal du Midi.<\/p>\n<p><a href=\"https:\/\/olu-limburg.de\/wp-content\/uploads\/2024\/04\/P1090143_ergebnis.jpg\"><img loading=\"lazy\" decoding=\"async\" class=\"size-full wp-image-31279 aligncenter\" src=\"https:\/\/olu-limburg.de\/wp-content\/uploads\/2024\/04\/P1090143_ergebnis.jpg\" alt=\"\" width=\"800\" height=\"600\" srcset=\"https:\/\/olu-limburg.de\/wp-content\/uploads\/2024\/04\/P1090143_ergebnis.jpg 800w, https:\/\/olu-limburg.de\/wp-content\/uploads\/2024\/04\/P1090143_ergebnis-300x225.jpg 300w, https:\/\/olu-limburg.de\/wp-content\/uploads\/2024\/04\/P1090143_ergebnis-768x576.jpg 768w, https:\/\/olu-limburg.de\/wp-content\/uploads\/2024\/04\/P1090143_ergebnis-624x468.jpg 624w\" sizes=\"auto, (max-width: 800px) 100vw, 800px\" \/><\/a><\/p>\n<p><a href=\"https:\/\/olu-limburg.de\/wp-content\/uploads\/2024\/04\/P1090144_ergebnis-e1712593220256.jpg\"><img loading=\"lazy\" decoding=\"async\" class=\"size-full wp-image-31280 aligncenter\" src=\"https:\/\/olu-limburg.de\/wp-content\/uploads\/2024\/04\/P1090144_ergebnis-e1712593220256.jpg\" alt=\"\" width=\"450\" height=\"600\" \/><\/a><\/p>\n<p><a href=\"https:\/\/olu-limburg.de\/wp-content\/uploads\/2024\/04\/P1090145_ergebnis.jpg\"><img loading=\"lazy\" decoding=\"async\" class=\"size-full wp-image-31281 aligncenter\" src=\"https:\/\/olu-limburg.de\/wp-content\/uploads\/2024\/04\/P1090145_ergebnis.jpg\" alt=\"\" width=\"800\" height=\"600\" srcset=\"https:\/\/olu-limburg.de\/wp-content\/uploads\/2024\/04\/P1090145_ergebnis.jpg 800w, https:\/\/olu-limburg.de\/wp-content\/uploads\/2024\/04\/P1090145_ergebnis-300x225.jpg 300w, https:\/\/olu-limburg.de\/wp-content\/uploads\/2024\/04\/P1090145_ergebnis-768x576.jpg 768w, https:\/\/olu-limburg.de\/wp-content\/uploads\/2024\/04\/P1090145_ergebnis-624x468.jpg 624w\" sizes=\"auto, (max-width: 800px) 100vw, 800px\" \/><\/a><\/p>\n<p><a href=\"https:\/\/olu-limburg.de\/wp-content\/uploads\/2024\/04\/P1090147_ergebnis.jpg\"><img loading=\"lazy\" decoding=\"async\" class=\"size-full wp-image-31282 aligncenter\" src=\"https:\/\/olu-limburg.de\/wp-content\/uploads\/2024\/04\/P1090147_ergebnis.jpg\" alt=\"\" width=\"800\" height=\"600\" srcset=\"https:\/\/olu-limburg.de\/wp-content\/uploads\/2024\/04\/P1090147_ergebnis.jpg 800w, https:\/\/olu-limburg.de\/wp-content\/uploads\/2024\/04\/P1090147_ergebnis-300x225.jpg 300w, https:\/\/olu-limburg.de\/wp-content\/uploads\/2024\/04\/P1090147_ergebnis-768x576.jpg 768w, https:\/\/olu-limburg.de\/wp-content\/uploads\/2024\/04\/P1090147_ergebnis-624x468.jpg 624w\" sizes=\"auto, (max-width: 800px) 100vw, 800px\" \/><\/a><\/p>\n<div id=\"attachment_31283\" style=\"width: 460px\" class=\"wp-caption aligncenter\"><a href=\"https:\/\/olu-limburg.de\/wp-content\/uploads\/2024\/04\/P1090148_ergebnis-e1712593262250.jpg\"><img loading=\"lazy\" decoding=\"async\" aria-describedby=\"caption-attachment-31283\" class=\"wp-image-31283 size-full\" src=\"https:\/\/olu-limburg.de\/wp-content\/uploads\/2024\/04\/P1090148_ergebnis-e1712593262250.jpg\" alt=\"\" width=\"450\" height=\"600\" \/><\/a><p id=\"caption-attachment-31283\" class=\"wp-caption-text\">etwas verrutschte Corona-Mode<\/p><\/div>\n<div id=\"attachment_31284\" style=\"width: 810px\" class=\"wp-caption aligncenter\"><a href=\"https:\/\/olu-limburg.de\/wp-content\/uploads\/2024\/04\/P1090150_ergebnis.jpg\"><img loading=\"lazy\" decoding=\"async\" aria-describedby=\"caption-attachment-31284\" class=\"wp-image-31284 size-full\" src=\"https:\/\/olu-limburg.de\/wp-content\/uploads\/2024\/04\/P1090150_ergebnis.jpg\" alt=\"\" width=\"800\" height=\"600\" srcset=\"https:\/\/olu-limburg.de\/wp-content\/uploads\/2024\/04\/P1090150_ergebnis.jpg 800w, https:\/\/olu-limburg.de\/wp-content\/uploads\/2024\/04\/P1090150_ergebnis-300x225.jpg 300w, https:\/\/olu-limburg.de\/wp-content\/uploads\/2024\/04\/P1090150_ergebnis-768x576.jpg 768w, https:\/\/olu-limburg.de\/wp-content\/uploads\/2024\/04\/P1090150_ergebnis-624x468.jpg 624w\" sizes=\"auto, (max-width: 800px) 100vw, 800px\" \/><\/a><p id=\"caption-attachment-31284\" class=\"wp-caption-text\">Porte de la Gardette<\/p><\/div>\n<p><a href=\"https:\/\/olu-limburg.de\/wp-content\/uploads\/2024\/04\/P1090151_ergebnis.jpg\"><img loading=\"lazy\" decoding=\"async\" class=\"size-full wp-image-31285 aligncenter\" src=\"https:\/\/olu-limburg.de\/wp-content\/uploads\/2024\/04\/P1090151_ergebnis.jpg\" alt=\"\" width=\"800\" height=\"600\" srcset=\"https:\/\/olu-limburg.de\/wp-content\/uploads\/2024\/04\/P1090151_ergebnis.jpg 800w, https:\/\/olu-limburg.de\/wp-content\/uploads\/2024\/04\/P1090151_ergebnis-300x225.jpg 300w, https:\/\/olu-limburg.de\/wp-content\/uploads\/2024\/04\/P1090151_ergebnis-768x576.jpg 768w, https:\/\/olu-limburg.de\/wp-content\/uploads\/2024\/04\/P1090151_ergebnis-624x468.jpg 624w\" sizes=\"auto, (max-width: 800px) 100vw, 800px\" \/><\/a><\/p>\n<p>Ich wei\u00df auch nicht. Egal wo wir sind, oder wieviel Kilometer wir fahren, wir erreichen den n\u00e4chsten Ort zur Mittagszeit. So lernen wir unsere Zielorte immer als erstes durch unsere\u00a0 Mahlzeiten kennen.<\/p>\n<p>Hier sitzen wir nun am Place Saint Louis im Schatten, genie\u00dfen die Atmosph\u00e4re bei nicht zuviel Tourismus, und verzehren einen Salade de Chevre bzw. eine Pizza.<\/p>\n<p><a href=\"https:\/\/olu-limburg.de\/wp-content\/uploads\/2024\/04\/IMG_20220413_144632_ergebnis.jpg\"><img loading=\"lazy\" decoding=\"async\" class=\"size-full wp-image-31293 aligncenter\" src=\"https:\/\/olu-limburg.de\/wp-content\/uploads\/2024\/04\/IMG_20220413_144632_ergebnis.jpg\" alt=\"\" width=\"800\" height=\"600\" srcset=\"https:\/\/olu-limburg.de\/wp-content\/uploads\/2024\/04\/IMG_20220413_144632_ergebnis.jpg 800w, https:\/\/olu-limburg.de\/wp-content\/uploads\/2024\/04\/IMG_20220413_144632_ergebnis-300x225.jpg 300w, https:\/\/olu-limburg.de\/wp-content\/uploads\/2024\/04\/IMG_20220413_144632_ergebnis-768x576.jpg 768w, https:\/\/olu-limburg.de\/wp-content\/uploads\/2024\/04\/IMG_20220413_144632_ergebnis-624x468.jpg 624w\" sizes=\"auto, (max-width: 800px) 100vw, 800px\" \/><\/a><\/p>\n<p><a href=\"https:\/\/olu-limburg.de\/wp-content\/uploads\/2024\/04\/P1090154_ergebnis.jpg\"><img loading=\"lazy\" decoding=\"async\" class=\"size-full wp-image-31288 aligncenter\" src=\"https:\/\/olu-limburg.de\/wp-content\/uploads\/2024\/04\/P1090154_ergebnis.jpg\" alt=\"\" width=\"800\" height=\"600\" srcset=\"https:\/\/olu-limburg.de\/wp-content\/uploads\/2024\/04\/P1090154_ergebnis.jpg 800w, https:\/\/olu-limburg.de\/wp-content\/uploads\/2024\/04\/P1090154_ergebnis-300x225.jpg 300w, https:\/\/olu-limburg.de\/wp-content\/uploads\/2024\/04\/P1090154_ergebnis-768x576.jpg 768w, https:\/\/olu-limburg.de\/wp-content\/uploads\/2024\/04\/P1090154_ergebnis-624x468.jpg 624w\" sizes=\"auto, (max-width: 800px) 100vw, 800px\" \/><\/a><\/p>\n<p><a href=\"https:\/\/olu-limburg.de\/wp-content\/uploads\/2024\/04\/P1090153_ergebnis.jpg\"><img loading=\"lazy\" decoding=\"async\" class=\"size-full wp-image-31287 aligncenter\" src=\"https:\/\/olu-limburg.de\/wp-content\/uploads\/2024\/04\/P1090153_ergebnis.jpg\" alt=\"\" width=\"800\" height=\"600\" srcset=\"https:\/\/olu-limburg.de\/wp-content\/uploads\/2024\/04\/P1090153_ergebnis.jpg 800w, https:\/\/olu-limburg.de\/wp-content\/uploads\/2024\/04\/P1090153_ergebnis-300x225.jpg 300w, https:\/\/olu-limburg.de\/wp-content\/uploads\/2024\/04\/P1090153_ergebnis-768x576.jpg 768w, https:\/\/olu-limburg.de\/wp-content\/uploads\/2024\/04\/P1090153_ergebnis-624x468.jpg 624w\" sizes=\"auto, (max-width: 800px) 100vw, 800px\" \/><\/a><\/p>\n<p><a href=\"https:\/\/olu-limburg.de\/wp-content\/uploads\/2024\/04\/P1090152_ergebnis.jpg\"><img loading=\"lazy\" decoding=\"async\" class=\"size-full wp-image-31286 aligncenter\" src=\"https:\/\/olu-limburg.de\/wp-content\/uploads\/2024\/04\/P1090152_ergebnis.jpg\" alt=\"\" width=\"800\" height=\"600\" srcset=\"https:\/\/olu-limburg.de\/wp-content\/uploads\/2024\/04\/P1090152_ergebnis.jpg 800w, https:\/\/olu-limburg.de\/wp-content\/uploads\/2024\/04\/P1090152_ergebnis-300x225.jpg 300w, https:\/\/olu-limburg.de\/wp-content\/uploads\/2024\/04\/P1090152_ergebnis-768x576.jpg 768w, https:\/\/olu-limburg.de\/wp-content\/uploads\/2024\/04\/P1090152_ergebnis-624x468.jpg 624w\" sizes=\"auto, (max-width: 800px) 100vw, 800px\" \/><\/a><\/p>\n<p>So wie wir jetzt weiter durch Aigues Mortes streifen, ist es immer ein Aufleben ganz alter Erinnerungen, die Jahrzehnte zur\u00fcck liegen.<\/p>\n<div id=\"attachment_31296\" style=\"width: 460px\" class=\"wp-caption aligncenter\"><a href=\"https:\/\/olu-limburg.de\/wp-content\/uploads\/2024\/04\/P1090161_ergebnis-e1712594122552.jpg\"><img loading=\"lazy\" decoding=\"async\" aria-describedby=\"caption-attachment-31296\" class=\"wp-image-31296 size-full\" src=\"https:\/\/olu-limburg.de\/wp-content\/uploads\/2024\/04\/P1090161_ergebnis-e1712594122552.jpg\" alt=\"\" width=\"450\" height=\"600\" \/><\/a><p id=\"caption-attachment-31296\" class=\"wp-caption-text\">Statue Ludwig IX., des Heiligen, er war der Gr\u00fcnder der Bastide<\/p><\/div>\n<p><a href=\"https:\/\/olu-limburg.de\/wp-content\/uploads\/2024\/04\/P1090160_ergebnis-e1712594174442.jpg\"><img loading=\"lazy\" decoding=\"async\" class=\"size-full wp-image-31295 aligncenter\" src=\"https:\/\/olu-limburg.de\/wp-content\/uploads\/2024\/04\/P1090160_ergebnis-e1712594174442.jpg\" alt=\"\" width=\"450\" height=\"600\" \/><\/a><\/p>\n<p>Die &#8222;Chapelle des Capucins&#8220; ist mittlerweile ein Museum.<\/p>\n<p><a href=\"https:\/\/olu-limburg.de\/wp-content\/uploads\/2024\/04\/P1090162_ergebnis.jpg\"><img loading=\"lazy\" decoding=\"async\" class=\"size-full wp-image-31297 aligncenter\" src=\"https:\/\/olu-limburg.de\/wp-content\/uploads\/2024\/04\/P1090162_ergebnis.jpg\" alt=\"\" width=\"800\" height=\"600\" srcset=\"https:\/\/olu-limburg.de\/wp-content\/uploads\/2024\/04\/P1090162_ergebnis.jpg 800w, https:\/\/olu-limburg.de\/wp-content\/uploads\/2024\/04\/P1090162_ergebnis-300x225.jpg 300w, https:\/\/olu-limburg.de\/wp-content\/uploads\/2024\/04\/P1090162_ergebnis-768x576.jpg 768w, https:\/\/olu-limburg.de\/wp-content\/uploads\/2024\/04\/P1090162_ergebnis-624x468.jpg 624w\" sizes=\"auto, (max-width: 800px) 100vw, 800px\" \/><\/a><\/p>\n<p><a href=\"https:\/\/olu-limburg.de\/wp-content\/uploads\/2024\/04\/P1090158_ergebnis.jpg\"><img loading=\"lazy\" decoding=\"async\" class=\"size-full wp-image-31294 aligncenter\" src=\"https:\/\/olu-limburg.de\/wp-content\/uploads\/2024\/04\/P1090158_ergebnis.jpg\" alt=\"\" width=\"800\" height=\"600\" srcset=\"https:\/\/olu-limburg.de\/wp-content\/uploads\/2024\/04\/P1090158_ergebnis.jpg 800w, https:\/\/olu-limburg.de\/wp-content\/uploads\/2024\/04\/P1090158_ergebnis-300x225.jpg 300w, https:\/\/olu-limburg.de\/wp-content\/uploads\/2024\/04\/P1090158_ergebnis-768x576.jpg 768w, https:\/\/olu-limburg.de\/wp-content\/uploads\/2024\/04\/P1090158_ergebnis-624x468.jpg 624w\" sizes=\"auto, (max-width: 800px) 100vw, 800px\" \/><\/a><\/p>\n<p><a href=\"https:\/\/olu-limburg.de\/wp-content\/uploads\/2024\/04\/P1090163_ergebnis-e1712594216533.jpg\"><img loading=\"lazy\" decoding=\"async\" class=\"size-full wp-image-31298 aligncenter\" src=\"https:\/\/olu-limburg.de\/wp-content\/uploads\/2024\/04\/P1090163_ergebnis-e1712594216533.jpg\" alt=\"\" width=\"450\" height=\"600\" \/><\/a><\/p>\n<p><a href=\"https:\/\/olu-limburg.de\/wp-content\/uploads\/2024\/04\/P1090166_ergebnis-e1712594237887.jpg\"><img loading=\"lazy\" decoding=\"async\" class=\"size-full wp-image-31299 aligncenter\" src=\"https:\/\/olu-limburg.de\/wp-content\/uploads\/2024\/04\/P1090166_ergebnis-e1712594237887.jpg\" alt=\"\" width=\"450\" height=\"600\" \/><\/a><\/p>\n<p>Jetzt suchen wir das Porte de la Marine, um uns den Salzsee und die Saline anzuschauen.<\/p>\n<p><a href=\"https:\/\/olu-limburg.de\/wp-content\/uploads\/2024\/04\/P1090171_ergebnis-e1712594259115.jpg\"><img loading=\"lazy\" decoding=\"async\" class=\"size-full wp-image-31300 aligncenter\" src=\"https:\/\/olu-limburg.de\/wp-content\/uploads\/2024\/04\/P1090171_ergebnis-e1712594259115.jpg\" alt=\"\" width=\"450\" height=\"600\" \/><\/a><\/p>\n<p><a href=\"https:\/\/olu-limburg.de\/wp-content\/uploads\/2024\/04\/IMG_20220413_150108_ergebnis.jpg\"><img loading=\"lazy\" decoding=\"async\" class=\"size-full wp-image-31303 aligncenter\" src=\"https:\/\/olu-limburg.de\/wp-content\/uploads\/2024\/04\/IMG_20220413_150108_ergebnis.jpg\" alt=\"\" width=\"800\" height=\"600\" srcset=\"https:\/\/olu-limburg.de\/wp-content\/uploads\/2024\/04\/IMG_20220413_150108_ergebnis.jpg 800w, https:\/\/olu-limburg.de\/wp-content\/uploads\/2024\/04\/IMG_20220413_150108_ergebnis-300x225.jpg 300w, https:\/\/olu-limburg.de\/wp-content\/uploads\/2024\/04\/IMG_20220413_150108_ergebnis-768x576.jpg 768w, https:\/\/olu-limburg.de\/wp-content\/uploads\/2024\/04\/IMG_20220413_150108_ergebnis-624x468.jpg 624w\" sizes=\"auto, (max-width: 800px) 100vw, 800px\" \/><\/a><\/p>\n<p><a href=\"https:\/\/olu-limburg.de\/wp-content\/uploads\/2024\/04\/IMG_20220413_150043_ergebnis.jpg\"><img loading=\"lazy\" decoding=\"async\" class=\"size-full wp-image-31302 aligncenter\" src=\"https:\/\/olu-limburg.de\/wp-content\/uploads\/2024\/04\/IMG_20220413_150043_ergebnis.jpg\" alt=\"\" width=\"800\" height=\"600\" srcset=\"https:\/\/olu-limburg.de\/wp-content\/uploads\/2024\/04\/IMG_20220413_150043_ergebnis.jpg 800w, https:\/\/olu-limburg.de\/wp-content\/uploads\/2024\/04\/IMG_20220413_150043_ergebnis-300x225.jpg 300w, https:\/\/olu-limburg.de\/wp-content\/uploads\/2024\/04\/IMG_20220413_150043_ergebnis-768x576.jpg 768w, https:\/\/olu-limburg.de\/wp-content\/uploads\/2024\/04\/IMG_20220413_150043_ergebnis-624x468.jpg 624w\" sizes=\"auto, (max-width: 800px) 100vw, 800px\" \/><\/a><\/p>\n<p><a href=\"https:\/\/olu-limburg.de\/wp-content\/uploads\/2024\/04\/P1090176_ergebnis.jpg\"><img loading=\"lazy\" decoding=\"async\" class=\"size-full wp-image-31304 aligncenter\" src=\"https:\/\/olu-limburg.de\/wp-content\/uploads\/2024\/04\/P1090176_ergebnis.jpg\" alt=\"\" width=\"800\" height=\"600\" srcset=\"https:\/\/olu-limburg.de\/wp-content\/uploads\/2024\/04\/P1090176_ergebnis.jpg 800w, https:\/\/olu-limburg.de\/wp-content\/uploads\/2024\/04\/P1090176_ergebnis-300x225.jpg 300w, https:\/\/olu-limburg.de\/wp-content\/uploads\/2024\/04\/P1090176_ergebnis-768x576.jpg 768w, https:\/\/olu-limburg.de\/wp-content\/uploads\/2024\/04\/P1090176_ergebnis-624x468.jpg 624w\" sizes=\"auto, (max-width: 800px) 100vw, 800px\" \/><\/a><\/p>\n<p>Die Salzberge sind zu weit weg, aber an den R\u00e4ndern des Sees sieht man schon die Salzablagerungen.<\/p>\n<p><a href=\"https:\/\/olu-limburg.de\/wp-content\/uploads\/2024\/04\/P1090180_ergebnis.jpg\"><img loading=\"lazy\" decoding=\"async\" class=\"size-full wp-image-31305 aligncenter\" src=\"https:\/\/olu-limburg.de\/wp-content\/uploads\/2024\/04\/P1090180_ergebnis.jpg\" alt=\"\" width=\"800\" height=\"600\" srcset=\"https:\/\/olu-limburg.de\/wp-content\/uploads\/2024\/04\/P1090180_ergebnis.jpg 800w, https:\/\/olu-limburg.de\/wp-content\/uploads\/2024\/04\/P1090180_ergebnis-300x225.jpg 300w, https:\/\/olu-limburg.de\/wp-content\/uploads\/2024\/04\/P1090180_ergebnis-768x576.jpg 768w, https:\/\/olu-limburg.de\/wp-content\/uploads\/2024\/04\/P1090180_ergebnis-624x468.jpg 624w\" sizes=\"auto, (max-width: 800px) 100vw, 800px\" \/><\/a><\/p>\n<p>Von hier aus machen wir uns auf den Weg zu unserem Wohnmobil, um noch etwas Mittagsruhe zu haben.<\/p>\n<p><a href=\"https:\/\/olu-limburg.de\/wp-content\/uploads\/2024\/04\/P1090183_ergebnis-e1712655879180.jpg\"><img loading=\"lazy\" decoding=\"async\" class=\"size-full wp-image-31308 alignleft\" src=\"https:\/\/olu-limburg.de\/wp-content\/uploads\/2024\/04\/P1090183_ergebnis-e1712655879180.jpg\" alt=\"\" width=\"450\" height=\"600\" \/><\/a><\/p>\n<p><a href=\"https:\/\/olu-limburg.de\/wp-content\/uploads\/2024\/04\/20220413_152540_ergebnis-e1713200816899.jpg\"><img loading=\"lazy\" decoding=\"async\" class=\"size-full wp-image-31629 alignright\" src=\"https:\/\/olu-limburg.de\/wp-content\/uploads\/2024\/04\/20220413_152540_ergebnis-e1713200816899.jpg\" alt=\"\" width=\"450\" height=\"600\" \/><\/a><\/p>\n<p><a href=\"https:\/\/olu-limburg.de\/wp-content\/uploads\/2024\/04\/P1090192_ergebnis.jpg\"><img loading=\"lazy\" decoding=\"async\" class=\"size-full wp-image-31309 aligncenter\" src=\"https:\/\/olu-limburg.de\/wp-content\/uploads\/2024\/04\/P1090192_ergebnis.jpg\" alt=\"\" width=\"800\" height=\"600\" srcset=\"https:\/\/olu-limburg.de\/wp-content\/uploads\/2024\/04\/P1090192_ergebnis.jpg 800w, https:\/\/olu-limburg.de\/wp-content\/uploads\/2024\/04\/P1090192_ergebnis-300x225.jpg 300w, https:\/\/olu-limburg.de\/wp-content\/uploads\/2024\/04\/P1090192_ergebnis-768x576.jpg 768w, https:\/\/olu-limburg.de\/wp-content\/uploads\/2024\/04\/P1090192_ergebnis-624x468.jpg 624w\" sizes=\"auto, (max-width: 800px) 100vw, 800px\" \/><\/a><\/p>\n<p><a href=\"https:\/\/olu-limburg.de\/wp-content\/uploads\/2024\/04\/P1090193_ergebnis.jpg\"><img loading=\"lazy\" decoding=\"async\" class=\"size-full wp-image-31310 aligncenter\" src=\"https:\/\/olu-limburg.de\/wp-content\/uploads\/2024\/04\/P1090193_ergebnis.jpg\" alt=\"\" width=\"800\" height=\"600\" srcset=\"https:\/\/olu-limburg.de\/wp-content\/uploads\/2024\/04\/P1090193_ergebnis.jpg 800w, https:\/\/olu-limburg.de\/wp-content\/uploads\/2024\/04\/P1090193_ergebnis-300x225.jpg 300w, https:\/\/olu-limburg.de\/wp-content\/uploads\/2024\/04\/P1090193_ergebnis-768x576.jpg 768w, https:\/\/olu-limburg.de\/wp-content\/uploads\/2024\/04\/P1090193_ergebnis-624x468.jpg 624w\" sizes=\"auto, (max-width: 800px) 100vw, 800px\" \/><\/a><\/p>\n<p>Gegen 18.00 Uhr wollen wir zur &#8222;Happy-Hour&#8220; die Altstadt unsicher machen. Doch was finden wir vor &#8211; eine ausgestorbene Altstadt. Hier k\u00f6nnte ich jetzt auf der Stra\u00dfe einen langen Film drehen, ohne dass es irgendeiner mitbekommen, geschweige st\u00f6ren, w\u00fcrde.<\/p>\n<p><a href=\"https:\/\/olu-limburg.de\/wp-content\/uploads\/2024\/04\/P1090197_ergebnis.jpg\"><img loading=\"lazy\" decoding=\"async\" class=\"size-full wp-image-31312 aligncenter\" src=\"https:\/\/olu-limburg.de\/wp-content\/uploads\/2024\/04\/P1090197_ergebnis.jpg\" alt=\"\" width=\"800\" height=\"600\" srcset=\"https:\/\/olu-limburg.de\/wp-content\/uploads\/2024\/04\/P1090197_ergebnis.jpg 800w, https:\/\/olu-limburg.de\/wp-content\/uploads\/2024\/04\/P1090197_ergebnis-300x225.jpg 300w, https:\/\/olu-limburg.de\/wp-content\/uploads\/2024\/04\/P1090197_ergebnis-768x576.jpg 768w, https:\/\/olu-limburg.de\/wp-content\/uploads\/2024\/04\/P1090197_ergebnis-624x468.jpg 624w\" sizes=\"auto, (max-width: 800px) 100vw, 800px\" \/><\/a><\/p>\n<p><a href=\"https:\/\/olu-limburg.de\/wp-content\/uploads\/2024\/04\/P1090186_ergebnis.jpg\"><img loading=\"lazy\" decoding=\"async\" class=\"size-full wp-image-31311 aligncenter\" src=\"https:\/\/olu-limburg.de\/wp-content\/uploads\/2024\/04\/P1090186_ergebnis.jpg\" alt=\"\" width=\"800\" height=\"600\" srcset=\"https:\/\/olu-limburg.de\/wp-content\/uploads\/2024\/04\/P1090186_ergebnis.jpg 800w, https:\/\/olu-limburg.de\/wp-content\/uploads\/2024\/04\/P1090186_ergebnis-300x225.jpg 300w, https:\/\/olu-limburg.de\/wp-content\/uploads\/2024\/04\/P1090186_ergebnis-768x576.jpg 768w, https:\/\/olu-limburg.de\/wp-content\/uploads\/2024\/04\/P1090186_ergebnis-624x468.jpg 624w\" sizes=\"auto, (max-width: 800px) 100vw, 800px\" \/><\/a><\/p>\n<p><a href=\"https:\/\/olu-limburg.de\/wp-content\/uploads\/2024\/04\/P1090204_ergebnis-e1712656251390.jpg\"><img loading=\"lazy\" decoding=\"async\" class=\"size-full wp-image-31314 aligncenter\" src=\"https:\/\/olu-limburg.de\/wp-content\/uploads\/2024\/04\/P1090204_ergebnis-e1712656251390.jpg\" alt=\"\" width=\"450\" height=\"600\" \/><\/a><\/p>\n<p><a href=\"https:\/\/olu-limburg.de\/wp-content\/uploads\/2024\/04\/P1090205_ergebnis-e1712656272417.jpg\"><img loading=\"lazy\" decoding=\"async\" class=\"size-full wp-image-31315 alignleft\" src=\"https:\/\/olu-limburg.de\/wp-content\/uploads\/2024\/04\/P1090205_ergebnis-e1712656272417.jpg\" alt=\"\" width=\"450\" height=\"600\" \/><\/a><\/p>\n<p><a href=\"https:\/\/olu-limburg.de\/wp-content\/uploads\/2024\/04\/P1090202_ergebnis-e1712656297356.jpg\"><img loading=\"lazy\" decoding=\"async\" class=\"size-full wp-image-31313 alignright\" src=\"https:\/\/olu-limburg.de\/wp-content\/uploads\/2024\/04\/P1090202_ergebnis-e1712656297356.jpg\" alt=\"\" width=\"450\" height=\"600\" \/><\/a><\/p>\n<p><a href=\"https:\/\/olu-limburg.de\/wp-content\/uploads\/2024\/04\/P1070975_ergebnis.jpg\"><img loading=\"lazy\" decoding=\"async\" class=\"size-full wp-image-31630 aligncenter\" src=\"https:\/\/olu-limburg.de\/wp-content\/uploads\/2024\/04\/P1070975_ergebnis.jpg\" alt=\"\" width=\"800\" height=\"600\" srcset=\"https:\/\/olu-limburg.de\/wp-content\/uploads\/2024\/04\/P1070975_ergebnis.jpg 800w, https:\/\/olu-limburg.de\/wp-content\/uploads\/2024\/04\/P1070975_ergebnis-300x225.jpg 300w, https:\/\/olu-limburg.de\/wp-content\/uploads\/2024\/04\/P1070975_ergebnis-768x576.jpg 768w, https:\/\/olu-limburg.de\/wp-content\/uploads\/2024\/04\/P1070975_ergebnis-624x468.jpg 624w\" sizes=\"auto, (max-width: 800px) 100vw, 800px\" \/><\/a><\/p>\n<p><a href=\"https:\/\/olu-limburg.de\/wp-content\/uploads\/2024\/04\/P1070977_ergebnis.jpg\"><img loading=\"lazy\" decoding=\"async\" class=\"size-full wp-image-31631 aligncenter\" src=\"https:\/\/olu-limburg.de\/wp-content\/uploads\/2024\/04\/P1070977_ergebnis.jpg\" alt=\"\" width=\"800\" height=\"600\" srcset=\"https:\/\/olu-limburg.de\/wp-content\/uploads\/2024\/04\/P1070977_ergebnis.jpg 800w, https:\/\/olu-limburg.de\/wp-content\/uploads\/2024\/04\/P1070977_ergebnis-300x225.jpg 300w, https:\/\/olu-limburg.de\/wp-content\/uploads\/2024\/04\/P1070977_ergebnis-768x576.jpg 768w, https:\/\/olu-limburg.de\/wp-content\/uploads\/2024\/04\/P1070977_ergebnis-624x468.jpg 624w\" sizes=\"auto, (max-width: 800px) 100vw, 800px\" \/><\/a><\/p>\n<p><a href=\"https:\/\/olu-limburg.de\/wp-content\/uploads\/2024\/04\/P1090207_ergebnis-e1712656317197.jpg\"><img loading=\"lazy\" decoding=\"async\" class=\"size-full wp-image-31316 aligncenter\" src=\"https:\/\/olu-limburg.de\/wp-content\/uploads\/2024\/04\/P1090207_ergebnis-e1712656317197.jpg\" alt=\"\" width=\"450\" height=\"600\" \/><\/a><\/p>\n<p><a href=\"https:\/\/olu-limburg.de\/wp-content\/uploads\/2024\/04\/P1090208_ergebnis-e1712656337267.jpg\"><img loading=\"lazy\" decoding=\"async\" class=\"size-full wp-image-31317 aligncenter\" src=\"https:\/\/olu-limburg.de\/wp-content\/uploads\/2024\/04\/P1090208_ergebnis-e1712656337267.jpg\" alt=\"\" width=\"450\" height=\"600\" \/><\/a><\/p>\n<p>Nachts kann es auch nicht ruhiger sein.<\/p>\n<p>Tagesstrecke: 38 km<\/p>\n<p>&nbsp;<\/p>\n<p><strong>Gr\u00fcndonnerstag, 14.04.2022<\/strong><\/p>\n<p>Nach dem Fr\u00fchst\u00fcck spazieren wir noch ein wenig an der Stadtbefestigung entlang, um uns den Bereich am Hafen des Canal Rh\u00f4hne \u00e0 S\u00e8te anzuschauen.<\/p>\n<p><a href=\"https:\/\/olu-limburg.de\/wp-content\/uploads\/2024\/04\/P1090216_ergebnis-e1712673366493.jpg\"><img loading=\"lazy\" decoding=\"async\" class=\"size-full wp-image-31325 aligncenter\" src=\"https:\/\/olu-limburg.de\/wp-content\/uploads\/2024\/04\/P1090216_ergebnis-e1712673366493.jpg\" alt=\"\" width=\"450\" height=\"600\" \/><\/a><\/p>\n<p><a href=\"https:\/\/olu-limburg.de\/wp-content\/uploads\/2024\/04\/P1090209_ergebnis.jpg\"><img loading=\"lazy\" decoding=\"async\" class=\"size-full wp-image-31321 aligncenter\" src=\"https:\/\/olu-limburg.de\/wp-content\/uploads\/2024\/04\/P1090209_ergebnis.jpg\" alt=\"\" width=\"800\" height=\"600\" srcset=\"https:\/\/olu-limburg.de\/wp-content\/uploads\/2024\/04\/P1090209_ergebnis.jpg 800w, https:\/\/olu-limburg.de\/wp-content\/uploads\/2024\/04\/P1090209_ergebnis-300x225.jpg 300w, https:\/\/olu-limburg.de\/wp-content\/uploads\/2024\/04\/P1090209_ergebnis-768x576.jpg 768w, https:\/\/olu-limburg.de\/wp-content\/uploads\/2024\/04\/P1090209_ergebnis-624x468.jpg 624w\" sizes=\"auto, (max-width: 800px) 100vw, 800px\" \/><\/a><\/p>\n<div id=\"attachment_31323\" style=\"width: 810px\" class=\"wp-caption aligncenter\"><a href=\"https:\/\/olu-limburg.de\/wp-content\/uploads\/2024\/04\/P1090212_ergebnis.jpg\"><img loading=\"lazy\" decoding=\"async\" aria-describedby=\"caption-attachment-31323\" class=\"wp-image-31323 size-full\" src=\"https:\/\/olu-limburg.de\/wp-content\/uploads\/2024\/04\/P1090212_ergebnis.jpg\" alt=\"\" width=\"800\" height=\"600\" srcset=\"https:\/\/olu-limburg.de\/wp-content\/uploads\/2024\/04\/P1090212_ergebnis.jpg 800w, https:\/\/olu-limburg.de\/wp-content\/uploads\/2024\/04\/P1090212_ergebnis-300x225.jpg 300w, https:\/\/olu-limburg.de\/wp-content\/uploads\/2024\/04\/P1090212_ergebnis-768x576.jpg 768w, https:\/\/olu-limburg.de\/wp-content\/uploads\/2024\/04\/P1090212_ergebnis-624x468.jpg 624w\" sizes=\"auto, (max-width: 800px) 100vw, 800px\" \/><\/a><p id=\"caption-attachment-31323\" class=\"wp-caption-text\">Tour de Constance (Wehr- und Gef\u00e4ngnisturm)<\/p><\/div>\n<p><a href=\"https:\/\/olu-limburg.de\/wp-content\/uploads\/2024\/04\/P1090211_ergebnis.jpg\"><img loading=\"lazy\" decoding=\"async\" class=\"size-full wp-image-31322 aligncenter\" src=\"https:\/\/olu-limburg.de\/wp-content\/uploads\/2024\/04\/P1090211_ergebnis.jpg\" alt=\"\" width=\"800\" height=\"600\" srcset=\"https:\/\/olu-limburg.de\/wp-content\/uploads\/2024\/04\/P1090211_ergebnis.jpg 800w, https:\/\/olu-limburg.de\/wp-content\/uploads\/2024\/04\/P1090211_ergebnis-300x225.jpg 300w, https:\/\/olu-limburg.de\/wp-content\/uploads\/2024\/04\/P1090211_ergebnis-768x576.jpg 768w, https:\/\/olu-limburg.de\/wp-content\/uploads\/2024\/04\/P1090211_ergebnis-624x468.jpg 624w\" sizes=\"auto, (max-width: 800px) 100vw, 800px\" \/><\/a><\/p>\n<p><a href=\"https:\/\/olu-limburg.de\/wp-content\/uploads\/2024\/04\/P1090215_ergebnis.jpg\"><img loading=\"lazy\" decoding=\"async\" class=\"size-full wp-image-31324 aligncenter\" src=\"https:\/\/olu-limburg.de\/wp-content\/uploads\/2024\/04\/P1090215_ergebnis.jpg\" alt=\"\" width=\"800\" height=\"600\" srcset=\"https:\/\/olu-limburg.de\/wp-content\/uploads\/2024\/04\/P1090215_ergebnis.jpg 800w, https:\/\/olu-limburg.de\/wp-content\/uploads\/2024\/04\/P1090215_ergebnis-300x225.jpg 300w, https:\/\/olu-limburg.de\/wp-content\/uploads\/2024\/04\/P1090215_ergebnis-768x576.jpg 768w, https:\/\/olu-limburg.de\/wp-content\/uploads\/2024\/04\/P1090215_ergebnis-624x468.jpg 624w\" sizes=\"auto, (max-width: 800px) 100vw, 800px\" \/><\/a><\/p>\n<p>Bei unserer Abfahrt von Aigues Mortes tanken wir doch tats\u00e4chlich den Diesel f\u00fcr 179,9 ct. Das sind ja fast wieder &#8222;normale&#8220; Preise.<\/p>\n<p>Unser Navi hat heute wieder eine Erlebnistour f\u00fcr uns bereit. Wir werden dabei auf kleinen Stra\u00dfen durch das Weinanbaugebiet des Gris de Sables, und entlang des Canals durch die Weidelandschaft der Stiere kleiner Mas&#8216; der Camargue bis nach St. Gilles gef\u00fchrt.<\/p>\n<div id=\"attachment_31326\" style=\"width: 810px\" class=\"wp-caption aligncenter\"><a href=\"https:\/\/olu-limburg.de\/wp-content\/uploads\/2024\/04\/P1090218_ergebnis.jpg\"><img loading=\"lazy\" decoding=\"async\" aria-describedby=\"caption-attachment-31326\" class=\"wp-image-31326 size-full\" src=\"https:\/\/olu-limburg.de\/wp-content\/uploads\/2024\/04\/P1090218_ergebnis.jpg\" alt=\"\" width=\"800\" height=\"600\" srcset=\"https:\/\/olu-limburg.de\/wp-content\/uploads\/2024\/04\/P1090218_ergebnis.jpg 800w, https:\/\/olu-limburg.de\/wp-content\/uploads\/2024\/04\/P1090218_ergebnis-300x225.jpg 300w, https:\/\/olu-limburg.de\/wp-content\/uploads\/2024\/04\/P1090218_ergebnis-768x576.jpg 768w, https:\/\/olu-limburg.de\/wp-content\/uploads\/2024\/04\/P1090218_ergebnis-624x468.jpg 624w\" sizes=\"auto, (max-width: 800px) 100vw, 800px\" \/><\/a><p id=\"caption-attachment-31326\" class=\"wp-caption-text\">Domaine de Montcalm mit eigener Kirche, ber\u00fchmt f\u00fcr seinen Gris de Sables<\/p><\/div>\n<p><a href=\"https:\/\/olu-limburg.de\/wp-content\/uploads\/2024\/04\/P1090220_ergebnis.jpg\"><img loading=\"lazy\" decoding=\"async\" class=\"size-full wp-image-31327 aligncenter\" src=\"https:\/\/olu-limburg.de\/wp-content\/uploads\/2024\/04\/P1090220_ergebnis.jpg\" alt=\"\" width=\"800\" height=\"600\" srcset=\"https:\/\/olu-limburg.de\/wp-content\/uploads\/2024\/04\/P1090220_ergebnis.jpg 800w, https:\/\/olu-limburg.de\/wp-content\/uploads\/2024\/04\/P1090220_ergebnis-300x225.jpg 300w, https:\/\/olu-limburg.de\/wp-content\/uploads\/2024\/04\/P1090220_ergebnis-768x576.jpg 768w, https:\/\/olu-limburg.de\/wp-content\/uploads\/2024\/04\/P1090220_ergebnis-624x468.jpg 624w\" sizes=\"auto, (max-width: 800px) 100vw, 800px\" \/><\/a><\/p>\n<p><a href=\"https:\/\/olu-limburg.de\/wp-content\/uploads\/2024\/04\/P1090223_ergebnis.jpg\"><img loading=\"lazy\" decoding=\"async\" class=\"size-full wp-image-31328 aligncenter\" src=\"https:\/\/olu-limburg.de\/wp-content\/uploads\/2024\/04\/P1090223_ergebnis.jpg\" alt=\"\" width=\"800\" height=\"600\" srcset=\"https:\/\/olu-limburg.de\/wp-content\/uploads\/2024\/04\/P1090223_ergebnis.jpg 800w, https:\/\/olu-limburg.de\/wp-content\/uploads\/2024\/04\/P1090223_ergebnis-300x225.jpg 300w, https:\/\/olu-limburg.de\/wp-content\/uploads\/2024\/04\/P1090223_ergebnis-768x576.jpg 768w, https:\/\/olu-limburg.de\/wp-content\/uploads\/2024\/04\/P1090223_ergebnis-624x468.jpg 624w\" sizes=\"auto, (max-width: 800px) 100vw, 800px\" \/><\/a><\/p>\n<p><a href=\"https:\/\/olu-limburg.de\/wp-content\/uploads\/2024\/04\/P1090226_ergebnis.jpg\"><img loading=\"lazy\" decoding=\"async\" class=\"size-full wp-image-31329 aligncenter\" src=\"https:\/\/olu-limburg.de\/wp-content\/uploads\/2024\/04\/P1090226_ergebnis.jpg\" alt=\"\" width=\"800\" height=\"600\" srcset=\"https:\/\/olu-limburg.de\/wp-content\/uploads\/2024\/04\/P1090226_ergebnis.jpg 800w, https:\/\/olu-limburg.de\/wp-content\/uploads\/2024\/04\/P1090226_ergebnis-300x225.jpg 300w, https:\/\/olu-limburg.de\/wp-content\/uploads\/2024\/04\/P1090226_ergebnis-768x576.jpg 768w, https:\/\/olu-limburg.de\/wp-content\/uploads\/2024\/04\/P1090226_ergebnis-624x468.jpg 624w\" sizes=\"auto, (max-width: 800px) 100vw, 800px\" \/><\/a><\/p>\n<p>Der kostenlose Wohnmobil-Stellplatz mit V+E auf dem Parking Charles de Gaulle in St. Gilles ist schnell gefunden. Er ist schon sehr voll und die einzelnen Parzellen sind eng. Einige Wohnmobilisten weichen schon auf andere Stellen des Gro\u00dfparkplatzes aus. Wir versuchen es deshalb mit einem Platz am Kanal. Da haben wir vor einigen Jahren schon mal gestanden. Jetzt ist das Parken f\u00fcr Wohnmobile dort aber per Schild verboten. Also geht es wieder zum Parking vom de Gaulle.<\/p>\n<p><a href=\"https:\/\/olu-limburg.de\/wp-content\/uploads\/2024\/04\/IMG_20220415_083234_ergebnis.jpg\"><img loading=\"lazy\" decoding=\"async\" class=\"size-full wp-image-31333 aligncenter\" src=\"https:\/\/olu-limburg.de\/wp-content\/uploads\/2024\/04\/IMG_20220415_083234_ergebnis.jpg\" alt=\"\" width=\"800\" height=\"600\" srcset=\"https:\/\/olu-limburg.de\/wp-content\/uploads\/2024\/04\/IMG_20220415_083234_ergebnis.jpg 800w, https:\/\/olu-limburg.de\/wp-content\/uploads\/2024\/04\/IMG_20220415_083234_ergebnis-300x225.jpg 300w, https:\/\/olu-limburg.de\/wp-content\/uploads\/2024\/04\/IMG_20220415_083234_ergebnis-768x576.jpg 768w, https:\/\/olu-limburg.de\/wp-content\/uploads\/2024\/04\/IMG_20220415_083234_ergebnis-624x468.jpg 624w\" sizes=\"auto, (max-width: 800px) 100vw, 800px\" \/><\/a><\/p>\n<p>Saint Gilles erlebte ihre gr\u00f6\u00dfte Bl\u00fctezeit um das Jahr 1116 , als auch mit dem Bau der romanischen Kirche begonnen wurde.\u00a0 Sie lag an der Via Aegidia, und war eine wichtige Sammelstelle f\u00fcr die Pilger auf dem Jakobsweg nach Santiago die Compostella (Der franz\u00f6sische Abschnitt des Jakobsweges wird hier auch Via Tolosana genannt.).<\/p>\n<p>Im 13. Jhdt. hatte sie bereits 40.000 Einwohner und z\u00e4hlte, dank des Rh\u00f4ne-Canals, zu den wichtigsten Hafenst\u00e4dten am Mittelmeer. Davon ist nichts mehr geblieben und die Einwohnerzahl ist bis auf etwas \u00fcber 14.000 gesunken.<\/p>\n<p>Das besterhaltenste Zeugnis der Vergangenheit ist die Abteikirche Saint Gilles. Der Name bezieht sich auf den aus Athen stammenden Kaufmann Aegidius, der sich hier im 7. Jhdt. als Eremit niederlie\u00df und das Benediktinerkloster gr\u00fcndete. Dem Klostergr\u00fcnder gaben sie sp\u00e4ter\u00a0 den franz\u00f6sischen Namen Gilles und der Papst erhob ihn zum Heiligen.<\/p>\n<p><a href=\"https:\/\/olu-limburg.de\/wp-content\/uploads\/2024\/04\/IMG_20220414_161901_ergebnis.jpg\"><img loading=\"lazy\" decoding=\"async\" class=\"size-full wp-image-31320 aligncenter\" src=\"https:\/\/olu-limburg.de\/wp-content\/uploads\/2024\/04\/IMG_20220414_161901_ergebnis.jpg\" alt=\"\" width=\"800\" height=\"600\" srcset=\"https:\/\/olu-limburg.de\/wp-content\/uploads\/2024\/04\/IMG_20220414_161901_ergebnis.jpg 800w, https:\/\/olu-limburg.de\/wp-content\/uploads\/2024\/04\/IMG_20220414_161901_ergebnis-300x225.jpg 300w, https:\/\/olu-limburg.de\/wp-content\/uploads\/2024\/04\/IMG_20220414_161901_ergebnis-768x576.jpg 768w, https:\/\/olu-limburg.de\/wp-content\/uploads\/2024\/04\/IMG_20220414_161901_ergebnis-624x468.jpg 624w\" sizes=\"auto, (max-width: 800px) 100vw, 800px\" \/><\/a><\/p>\n<p><a href=\"https:\/\/olu-limburg.de\/wp-content\/uploads\/2024\/04\/P1090236_ergebnis-e1712675220841.jpg\"><img loading=\"lazy\" decoding=\"async\" class=\"size-full wp-image-31335 alignleft\" src=\"https:\/\/olu-limburg.de\/wp-content\/uploads\/2024\/04\/P1090236_ergebnis-e1712675220841.jpg\" alt=\"\" width=\"450\" height=\"600\" \/><\/a><\/p>\n<p><a href=\"https:\/\/olu-limburg.de\/wp-content\/uploads\/2024\/04\/P1090246_ergebnis-e1712675242862.jpg\"><img loading=\"lazy\" decoding=\"async\" class=\"size-full wp-image-31340 alignright\" src=\"https:\/\/olu-limburg.de\/wp-content\/uploads\/2024\/04\/P1090246_ergebnis-e1712675242862.jpg\" alt=\"\" width=\"450\" height=\"600\" \/><\/a><\/p>\n<p><a href=\"https:\/\/olu-limburg.de\/wp-content\/uploads\/2024\/04\/P1090228_ergebnis.jpg\"><img loading=\"lazy\" decoding=\"async\" class=\"size-full wp-image-31331 aligncenter\" src=\"https:\/\/olu-limburg.de\/wp-content\/uploads\/2024\/04\/P1090228_ergebnis.jpg\" alt=\"\" width=\"800\" height=\"600\" srcset=\"https:\/\/olu-limburg.de\/wp-content\/uploads\/2024\/04\/P1090228_ergebnis.jpg 800w, https:\/\/olu-limburg.de\/wp-content\/uploads\/2024\/04\/P1090228_ergebnis-300x225.jpg 300w, https:\/\/olu-limburg.de\/wp-content\/uploads\/2024\/04\/P1090228_ergebnis-768x576.jpg 768w, https:\/\/olu-limburg.de\/wp-content\/uploads\/2024\/04\/P1090228_ergebnis-624x468.jpg 624w\" sizes=\"auto, (max-width: 800px) 100vw, 800px\" \/><\/a><\/p>\n<p>Beide Reliquenschreine des Saint Gilles werden \u00f6ffentlich ausgestellt und k\u00f6nnen verehrt werden.<\/p>\n<p><a href=\"https:\/\/olu-limburg.de\/wp-content\/uploads\/2024\/04\/P1090230_ergebnis-e1712677112461.jpg\"><img loading=\"lazy\" decoding=\"async\" class=\"wp-image-31346 size-full aligncenter\" src=\"https:\/\/olu-limburg.de\/wp-content\/uploads\/2024\/04\/P1090230_ergebnis-e1712677112461.jpg\" alt=\"\" width=\"450\" height=\"600\" \/><\/a><\/p>\n<p><a href=\"https:\/\/olu-limburg.de\/wp-content\/uploads\/2024\/04\/P1090231_ergebnis.jpg\"><img loading=\"lazy\" decoding=\"async\" class=\"size-full wp-image-31347 aligncenter\" src=\"https:\/\/olu-limburg.de\/wp-content\/uploads\/2024\/04\/P1090231_ergebnis.jpg\" alt=\"\" width=\"800\" height=\"600\" srcset=\"https:\/\/olu-limburg.de\/wp-content\/uploads\/2024\/04\/P1090231_ergebnis.jpg 800w, https:\/\/olu-limburg.de\/wp-content\/uploads\/2024\/04\/P1090231_ergebnis-300x225.jpg 300w, https:\/\/olu-limburg.de\/wp-content\/uploads\/2024\/04\/P1090231_ergebnis-768x576.jpg 768w, https:\/\/olu-limburg.de\/wp-content\/uploads\/2024\/04\/P1090231_ergebnis-624x468.jpg 624w\" sizes=\"auto, (max-width: 800px) 100vw, 800px\" \/><\/a><\/p>\n<p>F\u00fcr die Messe heute Abend ist der lange Abendmahltisch aufgebaut und sch\u00f6n eingedeckt.<\/p>\n<p><a href=\"https:\/\/olu-limburg.de\/wp-content\/uploads\/2024\/04\/P1090227_ergebnis.jpg\"><img loading=\"lazy\" decoding=\"async\" class=\"size-full wp-image-31330 aligncenter\" src=\"https:\/\/olu-limburg.de\/wp-content\/uploads\/2024\/04\/P1090227_ergebnis.jpg\" alt=\"\" width=\"800\" height=\"600\" srcset=\"https:\/\/olu-limburg.de\/wp-content\/uploads\/2024\/04\/P1090227_ergebnis.jpg 800w, https:\/\/olu-limburg.de\/wp-content\/uploads\/2024\/04\/P1090227_ergebnis-300x225.jpg 300w, https:\/\/olu-limburg.de\/wp-content\/uploads\/2024\/04\/P1090227_ergebnis-768x576.jpg 768w, https:\/\/olu-limburg.de\/wp-content\/uploads\/2024\/04\/P1090227_ergebnis-624x468.jpg 624w\" sizes=\"auto, (max-width: 800px) 100vw, 800px\" \/><\/a><\/p>\n<p><a href=\"https:\/\/olu-limburg.de\/wp-content\/uploads\/2024\/04\/P1090237_ergebnis.jpg\"><img loading=\"lazy\" decoding=\"async\" class=\"size-full wp-image-31336 aligncenter\" src=\"https:\/\/olu-limburg.de\/wp-content\/uploads\/2024\/04\/P1090237_ergebnis.jpg\" alt=\"\" width=\"800\" height=\"600\" srcset=\"https:\/\/olu-limburg.de\/wp-content\/uploads\/2024\/04\/P1090237_ergebnis.jpg 800w, https:\/\/olu-limburg.de\/wp-content\/uploads\/2024\/04\/P1090237_ergebnis-300x225.jpg 300w, https:\/\/olu-limburg.de\/wp-content\/uploads\/2024\/04\/P1090237_ergebnis-768x576.jpg 768w, https:\/\/olu-limburg.de\/wp-content\/uploads\/2024\/04\/P1090237_ergebnis-624x468.jpg 624w\" sizes=\"auto, (max-width: 800px) 100vw, 800px\" \/><\/a><\/p>\n<p><a href=\"https:\/\/olu-limburg.de\/wp-content\/uploads\/2024\/04\/P1090241_ergebnis.jpg\"><img loading=\"lazy\" decoding=\"async\" class=\"size-full wp-image-31338 aligncenter\" src=\"https:\/\/olu-limburg.de\/wp-content\/uploads\/2024\/04\/P1090241_ergebnis.jpg\" alt=\"\" width=\"800\" height=\"600\" srcset=\"https:\/\/olu-limburg.de\/wp-content\/uploads\/2024\/04\/P1090241_ergebnis.jpg 800w, https:\/\/olu-limburg.de\/wp-content\/uploads\/2024\/04\/P1090241_ergebnis-300x225.jpg 300w, https:\/\/olu-limburg.de\/wp-content\/uploads\/2024\/04\/P1090241_ergebnis-768x576.jpg 768w, https:\/\/olu-limburg.de\/wp-content\/uploads\/2024\/04\/P1090241_ergebnis-624x468.jpg 624w\" sizes=\"auto, (max-width: 800px) 100vw, 800px\" \/><\/a><\/p>\n<p>Hinter der noch stehenden Kirche kann man mittlerweile die \u00dcberreste der Klosteranlage sehen, die bei den ab 2004 begonnenen Ausgrabungen zutage kamen.<\/p>\n<p><a href=\"https:\/\/olu-limburg.de\/wp-content\/uploads\/2024\/04\/P1090239_ergebnis.jpg\"><img loading=\"lazy\" decoding=\"async\" class=\"size-full wp-image-31337 aligncenter\" src=\"https:\/\/olu-limburg.de\/wp-content\/uploads\/2024\/04\/P1090239_ergebnis.jpg\" alt=\"\" width=\"800\" height=\"600\" srcset=\"https:\/\/olu-limburg.de\/wp-content\/uploads\/2024\/04\/P1090239_ergebnis.jpg 800w, https:\/\/olu-limburg.de\/wp-content\/uploads\/2024\/04\/P1090239_ergebnis-300x225.jpg 300w, https:\/\/olu-limburg.de\/wp-content\/uploads\/2024\/04\/P1090239_ergebnis-768x576.jpg 768w, https:\/\/olu-limburg.de\/wp-content\/uploads\/2024\/04\/P1090239_ergebnis-624x468.jpg 624w\" sizes=\"auto, (max-width: 800px) 100vw, 800px\" \/><\/a><\/p>\n<p><a href=\"https:\/\/olu-limburg.de\/wp-content\/uploads\/2024\/04\/P1090251_ergebnis.jpg\"><img loading=\"lazy\" decoding=\"async\" class=\"size-full wp-image-31343 aligncenter\" src=\"https:\/\/olu-limburg.de\/wp-content\/uploads\/2024\/04\/P1090251_ergebnis.jpg\" alt=\"\" width=\"800\" height=\"600\" srcset=\"https:\/\/olu-limburg.de\/wp-content\/uploads\/2024\/04\/P1090251_ergebnis.jpg 800w, https:\/\/olu-limburg.de\/wp-content\/uploads\/2024\/04\/P1090251_ergebnis-300x225.jpg 300w, https:\/\/olu-limburg.de\/wp-content\/uploads\/2024\/04\/P1090251_ergebnis-768x576.jpg 768w, https:\/\/olu-limburg.de\/wp-content\/uploads\/2024\/04\/P1090251_ergebnis-624x468.jpg 624w\" sizes=\"auto, (max-width: 800px) 100vw, 800px\" \/><\/a><\/p>\n<p>Von der erhobenen Position um das Kirchenareal kann man auf die kleine Stierkampfarena hinunter schauen. Unser Abstieg dorthin hat sein Ziel nicht erf\u00fcllt. Wir konnten weder reingehen noch reinsehen.<\/p>\n<p><a href=\"https:\/\/olu-limburg.de\/wp-content\/uploads\/2024\/04\/P1090243_ergebnis.jpg\"><img loading=\"lazy\" decoding=\"async\" class=\"size-full wp-image-31339 aligncenter\" src=\"https:\/\/olu-limburg.de\/wp-content\/uploads\/2024\/04\/P1090243_ergebnis.jpg\" alt=\"\" width=\"800\" height=\"600\" srcset=\"https:\/\/olu-limburg.de\/wp-content\/uploads\/2024\/04\/P1090243_ergebnis.jpg 800w, https:\/\/olu-limburg.de\/wp-content\/uploads\/2024\/04\/P1090243_ergebnis-300x225.jpg 300w, https:\/\/olu-limburg.de\/wp-content\/uploads\/2024\/04\/P1090243_ergebnis-768x576.jpg 768w, https:\/\/olu-limburg.de\/wp-content\/uploads\/2024\/04\/P1090243_ergebnis-624x468.jpg 624w\" sizes=\"auto, (max-width: 800px) 100vw, 800px\" \/><\/a><\/p>\n<p><a href=\"https:\/\/olu-limburg.de\/wp-content\/uploads\/2024\/04\/P1090250_ergebnis-e1712677754975.jpg\"><img loading=\"lazy\" decoding=\"async\" class=\"size-full wp-image-31342 aligncenter\" src=\"https:\/\/olu-limburg.de\/wp-content\/uploads\/2024\/04\/P1090250_ergebnis-e1712677754975.jpg\" alt=\"\" width=\"450\" height=\"600\" \/><\/a><\/p>\n<p>Beim Port de Plaisance herrscht ein munteres Treiben. Die eigenen bzw. gecharterten Boote werden bezogen. Wir haben kein Boot, landen daf\u00fcr aber in der &#8222;Bar de Poste&#8220;, wo jedes Getr\u00e4nk nur EUR 2,50 kostet.<\/p>\n<p>Tagesstrecke: 41 km<\/p>\n<p>&nbsp;<\/p>\n<p><strong>Karfreitag, 15.04.2022<\/strong><\/p>\n<p><a href=\"https:\/\/olu-limburg.de\/wp-content\/uploads\/2024\/04\/IMG_20220415_083347_ergebnis.jpg\"><img loading=\"lazy\" decoding=\"async\" class=\"size-full wp-image-31334 aligncenter\" src=\"https:\/\/olu-limburg.de\/wp-content\/uploads\/2024\/04\/IMG_20220415_083347_ergebnis.jpg\" alt=\"\" width=\"800\" height=\"600\" srcset=\"https:\/\/olu-limburg.de\/wp-content\/uploads\/2024\/04\/IMG_20220415_083347_ergebnis.jpg 800w, https:\/\/olu-limburg.de\/wp-content\/uploads\/2024\/04\/IMG_20220415_083347_ergebnis-300x225.jpg 300w, https:\/\/olu-limburg.de\/wp-content\/uploads\/2024\/04\/IMG_20220415_083347_ergebnis-768x576.jpg 768w, https:\/\/olu-limburg.de\/wp-content\/uploads\/2024\/04\/IMG_20220415_083347_ergebnis-624x468.jpg 624w\" sizes=\"auto, (max-width: 800px) 100vw, 800px\" \/><\/a><\/p>\n<p>Unsere Weiterfahrt f\u00fchrt uns heute wieder auf die andere Seite der Rh\u00f4ne. Wir m\u00f6chten am Fu\u00dfe der Ch\u00e2ine des Alpilles, einer Kalksteinkette im S\u00fcdwesten der Provence, in dem kleinen \u00d6rtchen Fontvielle \u00fcbernachten. Auf dem Weg dorthin, kommen wir an der ehemaligen Abbaye de Montmajour, kurz hinter Arles, vorbei. Wir haben schon so oft, die Ruinen der Abbaye im Vorbeifahren gesehen und noch nie besucht. Das wird jetzt nachgeholt.<\/p>\n<p>Da wir so direkt davor stehen, merken wir erst, was f\u00fcr eine kolossale Ruine sich vor uns erhebt. Was mu\u00df sie erst in ihrer Bl\u00fctezeit f\u00fcr einen Eindruck gemacht haben? Wer hat dies alles bewerkstelligt?<\/p>\n<p><a href=\"https:\/\/olu-limburg.de\/wp-content\/uploads\/2024\/04\/IMG_20220415_113454_ergebnis.jpg\"><img loading=\"lazy\" decoding=\"async\" class=\"size-full wp-image-31352 aligncenter\" src=\"https:\/\/olu-limburg.de\/wp-content\/uploads\/2024\/04\/IMG_20220415_113454_ergebnis.jpg\" alt=\"\" width=\"800\" height=\"600\" srcset=\"https:\/\/olu-limburg.de\/wp-content\/uploads\/2024\/04\/IMG_20220415_113454_ergebnis.jpg 800w, https:\/\/olu-limburg.de\/wp-content\/uploads\/2024\/04\/IMG_20220415_113454_ergebnis-300x225.jpg 300w, https:\/\/olu-limburg.de\/wp-content\/uploads\/2024\/04\/IMG_20220415_113454_ergebnis-768x576.jpg 768w, https:\/\/olu-limburg.de\/wp-content\/uploads\/2024\/04\/IMG_20220415_113454_ergebnis-624x468.jpg 624w\" sizes=\"auto, (max-width: 800px) 100vw, 800px\" \/><\/a><\/p>\n<p>Mitten im Sumpfgebiet bauten Benediktinerm\u00f6nche ab 1016 zuerst die Eremitage Saint Pierre, eine teilweise in den Fels gehauene vorromanische Kapelle.<\/p>\n<p><a href=\"https:\/\/olu-limburg.de\/wp-content\/uploads\/2024\/04\/IMG_20220415_115355_ergebnis.jpg\"><img loading=\"lazy\" decoding=\"async\" class=\"size-full wp-image-31356 aligncenter\" src=\"https:\/\/olu-limburg.de\/wp-content\/uploads\/2024\/04\/IMG_20220415_115355_ergebnis.jpg\" alt=\"\" width=\"800\" height=\"600\" srcset=\"https:\/\/olu-limburg.de\/wp-content\/uploads\/2024\/04\/IMG_20220415_115355_ergebnis.jpg 800w, https:\/\/olu-limburg.de\/wp-content\/uploads\/2024\/04\/IMG_20220415_115355_ergebnis-300x225.jpg 300w, https:\/\/olu-limburg.de\/wp-content\/uploads\/2024\/04\/IMG_20220415_115355_ergebnis-768x576.jpg 768w, https:\/\/olu-limburg.de\/wp-content\/uploads\/2024\/04\/IMG_20220415_115355_ergebnis-624x468.jpg 624w\" sizes=\"auto, (max-width: 800px) 100vw, 800px\" \/><\/a><\/p>\n<p><a href=\"https:\/\/olu-limburg.de\/wp-content\/uploads\/2024\/04\/IMG_20220415_115423_ergebnis-e1712757441796.jpg\"><img loading=\"lazy\" decoding=\"async\" class=\"size-full wp-image-31357 alignleft\" src=\"https:\/\/olu-limburg.de\/wp-content\/uploads\/2024\/04\/IMG_20220415_115423_ergebnis-e1712757441796.jpg\" alt=\"\" width=\"450\" height=\"600\" \/><\/a><\/p>\n<p><a href=\"https:\/\/olu-limburg.de\/wp-content\/uploads\/2024\/04\/IMG_20220415_115454_ergebnis-e1712757461218.jpg\"><img loading=\"lazy\" decoding=\"async\" class=\"size-full wp-image-31358 alignright\" src=\"https:\/\/olu-limburg.de\/wp-content\/uploads\/2024\/04\/IMG_20220415_115454_ergebnis-e1712757461218.jpg\" alt=\"\" width=\"450\" height=\"600\" \/><\/a><\/p>\n<p><a href=\"https:\/\/olu-limburg.de\/wp-content\/uploads\/2024\/04\/IMG_20220415_115834_ergebnis.jpg\"><img loading=\"lazy\" decoding=\"async\" class=\"size-full wp-image-31359 aligncenter\" src=\"https:\/\/olu-limburg.de\/wp-content\/uploads\/2024\/04\/IMG_20220415_115834_ergebnis.jpg\" alt=\"\" width=\"800\" height=\"600\" srcset=\"https:\/\/olu-limburg.de\/wp-content\/uploads\/2024\/04\/IMG_20220415_115834_ergebnis.jpg 800w, https:\/\/olu-limburg.de\/wp-content\/uploads\/2024\/04\/IMG_20220415_115834_ergebnis-300x225.jpg 300w, https:\/\/olu-limburg.de\/wp-content\/uploads\/2024\/04\/IMG_20220415_115834_ergebnis-768x576.jpg 768w, https:\/\/olu-limburg.de\/wp-content\/uploads\/2024\/04\/IMG_20220415_115834_ergebnis-624x468.jpg 624w\" sizes=\"auto, (max-width: 800px) 100vw, 800px\" \/><\/a><\/p>\n<p><a href=\"https:\/\/olu-limburg.de\/wp-content\/uploads\/2024\/04\/P1080030_ergebnis.jpg\"><img loading=\"lazy\" decoding=\"async\" class=\"size-full wp-image-31635 aligncenter\" src=\"https:\/\/olu-limburg.de\/wp-content\/uploads\/2024\/04\/P1080030_ergebnis.jpg\" alt=\"\" width=\"800\" height=\"600\" srcset=\"https:\/\/olu-limburg.de\/wp-content\/uploads\/2024\/04\/P1080030_ergebnis.jpg 800w, https:\/\/olu-limburg.de\/wp-content\/uploads\/2024\/04\/P1080030_ergebnis-300x225.jpg 300w, https:\/\/olu-limburg.de\/wp-content\/uploads\/2024\/04\/P1080030_ergebnis-768x576.jpg 768w, https:\/\/olu-limburg.de\/wp-content\/uploads\/2024\/04\/P1080030_ergebnis-624x468.jpg 624w\" sizes=\"auto, (max-width: 800px) 100vw, 800px\" \/><\/a><\/p>\n<p><a href=\"https:\/\/olu-limburg.de\/wp-content\/uploads\/2024\/04\/P1080028_ergebnis-e1713201404306.jpg\"><img loading=\"lazy\" decoding=\"async\" class=\"size-full wp-image-31633 aligncenter\" src=\"https:\/\/olu-limburg.de\/wp-content\/uploads\/2024\/04\/P1080028_ergebnis-e1713201404306.jpg\" alt=\"\" width=\"450\" height=\"600\" \/><\/a><\/p>\n<p><a href=\"https:\/\/olu-limburg.de\/wp-content\/uploads\/2024\/04\/20220415_120051_ergebnis.jpg\"><img loading=\"lazy\" decoding=\"async\" class=\"size-full wp-image-31634 aligncenter\" src=\"https:\/\/olu-limburg.de\/wp-content\/uploads\/2024\/04\/20220415_120051_ergebnis.jpg\" alt=\"\" width=\"800\" height=\"600\" srcset=\"https:\/\/olu-limburg.de\/wp-content\/uploads\/2024\/04\/20220415_120051_ergebnis.jpg 800w, https:\/\/olu-limburg.de\/wp-content\/uploads\/2024\/04\/20220415_120051_ergebnis-300x225.jpg 300w, https:\/\/olu-limburg.de\/wp-content\/uploads\/2024\/04\/20220415_120051_ergebnis-768x576.jpg 768w, https:\/\/olu-limburg.de\/wp-content\/uploads\/2024\/04\/20220415_120051_ergebnis-624x468.jpg 624w\" sizes=\"auto, (max-width: 800px) 100vw, 800px\" \/><\/a><\/p>\n<p>Danach folgte die Abteikirche. Ab 1030 erhielt die Abtei das Recht, den Ablass zu erteilen und den Ablassbrief zu verkaufen.\u00a0 Aufgrund der vielen Pilger, wurden die Reliquien des Wahren Kreuzes Christi in eine Kapelle der Krypta unter der Abteikirche verlegt.<\/p>\n<p><a href=\"https:\/\/olu-limburg.de\/wp-content\/uploads\/2024\/04\/IMG_20220415_120031_ergebnis.jpg\"><img loading=\"lazy\" decoding=\"async\" class=\"size-full wp-image-31360 aligncenter\" src=\"https:\/\/olu-limburg.de\/wp-content\/uploads\/2024\/04\/IMG_20220415_120031_ergebnis.jpg\" alt=\"\" width=\"800\" height=\"600\" srcset=\"https:\/\/olu-limburg.de\/wp-content\/uploads\/2024\/04\/IMG_20220415_120031_ergebnis.jpg 800w, https:\/\/olu-limburg.de\/wp-content\/uploads\/2024\/04\/IMG_20220415_120031_ergebnis-300x225.jpg 300w, https:\/\/olu-limburg.de\/wp-content\/uploads\/2024\/04\/IMG_20220415_120031_ergebnis-768x576.jpg 768w, https:\/\/olu-limburg.de\/wp-content\/uploads\/2024\/04\/IMG_20220415_120031_ergebnis-624x468.jpg 624w\" sizes=\"auto, (max-width: 800px) 100vw, 800px\" \/><\/a><\/p>\n<p><a href=\"https:\/\/olu-limburg.de\/wp-content\/uploads\/2024\/04\/20220415_114723_ergebnis.jpg\"><img loading=\"lazy\" decoding=\"async\" class=\"size-full wp-image-31632 aligncenter\" src=\"https:\/\/olu-limburg.de\/wp-content\/uploads\/2024\/04\/20220415_114723_ergebnis.jpg\" alt=\"\" width=\"800\" height=\"600\" srcset=\"https:\/\/olu-limburg.de\/wp-content\/uploads\/2024\/04\/20220415_114723_ergebnis.jpg 800w, https:\/\/olu-limburg.de\/wp-content\/uploads\/2024\/04\/20220415_114723_ergebnis-300x225.jpg 300w, https:\/\/olu-limburg.de\/wp-content\/uploads\/2024\/04\/20220415_114723_ergebnis-768x576.jpg 768w, https:\/\/olu-limburg.de\/wp-content\/uploads\/2024\/04\/20220415_114723_ergebnis-624x468.jpg 624w\" sizes=\"auto, (max-width: 800px) 100vw, 800px\" \/><\/a><\/p>\n<p><a href=\"https:\/\/olu-limburg.de\/wp-content\/uploads\/2024\/04\/P1090325_ergebnis-e1712758517337.jpg\"><img loading=\"lazy\" decoding=\"async\" class=\"size-full wp-image-31378 alignleft\" src=\"https:\/\/olu-limburg.de\/wp-content\/uploads\/2024\/04\/P1090325_ergebnis-e1712758517337.jpg\" alt=\"\" width=\"450\" height=\"600\" \/><\/a><\/p>\n<p><a href=\"https:\/\/olu-limburg.de\/wp-content\/uploads\/2024\/04\/P1090282_ergebnis-e1712758550542.jpg\"><img loading=\"lazy\" decoding=\"async\" class=\"size-full wp-image-31374 alignright\" src=\"https:\/\/olu-limburg.de\/wp-content\/uploads\/2024\/04\/P1090282_ergebnis-e1712758550542.jpg\" alt=\"\" width=\"450\" height=\"600\" \/><\/a><\/p>\n<p><a href=\"https:\/\/olu-limburg.de\/wp-content\/uploads\/2024\/04\/P1090272_ergebnis.jpg\"><img loading=\"lazy\" decoding=\"async\" class=\"size-full wp-image-31373 aligncenter\" src=\"https:\/\/olu-limburg.de\/wp-content\/uploads\/2024\/04\/P1090272_ergebnis.jpg\" alt=\"\" width=\"800\" height=\"600\" srcset=\"https:\/\/olu-limburg.de\/wp-content\/uploads\/2024\/04\/P1090272_ergebnis.jpg 800w, https:\/\/olu-limburg.de\/wp-content\/uploads\/2024\/04\/P1090272_ergebnis-300x225.jpg 300w, https:\/\/olu-limburg.de\/wp-content\/uploads\/2024\/04\/P1090272_ergebnis-768x576.jpg 768w, https:\/\/olu-limburg.de\/wp-content\/uploads\/2024\/04\/P1090272_ergebnis-624x468.jpg 624w\" sizes=\"auto, (max-width: 800px) 100vw, 800px\" \/><\/a><\/p>\n<p>An der Au\u00dfenwand der Kirche befindet sich der Friedhof mit den in den Fels gehauenen Grabst\u00e4tten.<\/p>\n<p><a href=\"https:\/\/olu-limburg.de\/wp-content\/uploads\/2024\/04\/P1090258_ergebnis.jpg\"><img loading=\"lazy\" decoding=\"async\" class=\"size-full wp-image-31371 aligncenter\" src=\"https:\/\/olu-limburg.de\/wp-content\/uploads\/2024\/04\/P1090258_ergebnis.jpg\" alt=\"\" width=\"800\" height=\"600\" srcset=\"https:\/\/olu-limburg.de\/wp-content\/uploads\/2024\/04\/P1090258_ergebnis.jpg 800w, https:\/\/olu-limburg.de\/wp-content\/uploads\/2024\/04\/P1090258_ergebnis-300x225.jpg 300w, https:\/\/olu-limburg.de\/wp-content\/uploads\/2024\/04\/P1090258_ergebnis-768x576.jpg 768w, https:\/\/olu-limburg.de\/wp-content\/uploads\/2024\/04\/P1090258_ergebnis-624x468.jpg 624w\" sizes=\"auto, (max-width: 800px) 100vw, 800px\" \/><\/a><\/p>\n<p>Mittendrin in dem kirchlichen Komplex befindet sich ein gro\u00dfz\u00fcgiger Kreuzgang.<\/p>\n<p><a href=\"https:\/\/olu-limburg.de\/wp-content\/uploads\/2024\/04\/IMG_20220415_123449_ergebnis-e1712757779632.jpg\"><img loading=\"lazy\" decoding=\"async\" class=\"size-full wp-image-31367 alignleft\" src=\"https:\/\/olu-limburg.de\/wp-content\/uploads\/2024\/04\/IMG_20220415_123449_ergebnis-e1712757779632.jpg\" alt=\"\" width=\"450\" height=\"600\" \/><\/a><\/p>\n<p><a href=\"https:\/\/olu-limburg.de\/wp-content\/uploads\/2024\/04\/IMG_20220415_123627_ergebnis-e1712757807476.jpg\"><img loading=\"lazy\" decoding=\"async\" class=\"size-full wp-image-31368 alignright\" src=\"https:\/\/olu-limburg.de\/wp-content\/uploads\/2024\/04\/IMG_20220415_123627_ergebnis-e1712757807476.jpg\" alt=\"\" width=\"450\" height=\"600\" \/><\/a><\/p>\n<p><a href=\"https:\/\/olu-limburg.de\/wp-content\/uploads\/2024\/04\/P1080047_ergebnis-e1713201729444.jpg\"><img loading=\"lazy\" decoding=\"async\" class=\"size-full wp-image-31637 alignleft\" src=\"https:\/\/olu-limburg.de\/wp-content\/uploads\/2024\/04\/P1080047_ergebnis-e1713201729444.jpg\" alt=\"\" width=\"450\" height=\"600\" \/><\/a><\/p>\n<p><a href=\"https:\/\/olu-limburg.de\/wp-content\/uploads\/2024\/04\/P1080045_ergebnis-e1713201751377.jpg\"><img loading=\"lazy\" decoding=\"async\" class=\"size-full wp-image-31636 alignright\" src=\"https:\/\/olu-limburg.de\/wp-content\/uploads\/2024\/04\/P1080045_ergebnis-e1713201751377.jpg\" alt=\"\" width=\"450\" height=\"600\" \/><\/a><\/p>\n<p><a href=\"https:\/\/olu-limburg.de\/wp-content\/uploads\/2024\/04\/IMG_20220415_123421_ergebnis.jpg\"><img loading=\"lazy\" decoding=\"async\" class=\"size-full wp-image-31366 aligncenter\" src=\"https:\/\/olu-limburg.de\/wp-content\/uploads\/2024\/04\/IMG_20220415_123421_ergebnis.jpg\" alt=\"\" width=\"800\" height=\"600\" srcset=\"https:\/\/olu-limburg.de\/wp-content\/uploads\/2024\/04\/IMG_20220415_123421_ergebnis.jpg 800w, https:\/\/olu-limburg.de\/wp-content\/uploads\/2024\/04\/IMG_20220415_123421_ergebnis-300x225.jpg 300w, https:\/\/olu-limburg.de\/wp-content\/uploads\/2024\/04\/IMG_20220415_123421_ergebnis-768x576.jpg 768w, https:\/\/olu-limburg.de\/wp-content\/uploads\/2024\/04\/IMG_20220415_123421_ergebnis-624x468.jpg 624w\" sizes=\"auto, (max-width: 800px) 100vw, 800px\" \/><\/a><\/p>\n<p>Die Krypta beeindruckt mit ihren m\u00e4chtigen St\u00fctzmauern.<\/p>\n<p><a href=\"https:\/\/olu-limburg.de\/wp-content\/uploads\/2024\/04\/P1090255_ergebnis-e1712758230517.jpg\"><img loading=\"lazy\" decoding=\"async\" class=\"size-full wp-image-31370 aligncenter\" src=\"https:\/\/olu-limburg.de\/wp-content\/uploads\/2024\/04\/P1090255_ergebnis-e1712758230517.jpg\" alt=\"\" width=\"450\" height=\"600\" \/><\/a><\/p>\n<p><a href=\"https:\/\/olu-limburg.de\/wp-content\/uploads\/2024\/04\/P1090254_ergebnis-e1712758142989.jpg\"><img loading=\"lazy\" decoding=\"async\" class=\"size-full wp-image-31369 alignleft\" src=\"https:\/\/olu-limburg.de\/wp-content\/uploads\/2024\/04\/P1090254_ergebnis-e1712758142989.jpg\" alt=\"\" width=\"450\" height=\"600\" \/><\/a><\/p>\n<p><a href=\"https:\/\/olu-limburg.de\/wp-content\/uploads\/2024\/04\/IMG_20220415_114219_ergebnis-e1712757514824.jpg\"><img loading=\"lazy\" decoding=\"async\" class=\"size-full wp-image-31353 alignright\" src=\"https:\/\/olu-limburg.de\/wp-content\/uploads\/2024\/04\/IMG_20220415_114219_ergebnis-e1712757514824.jpg\" alt=\"\" width=\"450\" height=\"600\" \/><\/a><\/p>\n<p><a href=\"https:\/\/olu-limburg.de\/wp-content\/uploads\/2024\/04\/IMG_20220415_114239_ergebnis-e1712757547955.jpg\"><img loading=\"lazy\" decoding=\"async\" class=\"size-full wp-image-31354 aligncenter\" src=\"https:\/\/olu-limburg.de\/wp-content\/uploads\/2024\/04\/IMG_20220415_114239_ergebnis-e1712757547955.jpg\" alt=\"\" width=\"450\" height=\"600\" \/><\/a><\/p>\n<p>Im 14. Jhdt. haben die M\u00f6nche w\u00e4hrend des Hundertj\u00e4hrigen Krieges, dem anglofranz\u00f6sischen Konflikt, das Kloster mit einer Festungsmauer und einem Wehrturm ausgebaut.<\/p>\n<p><a href=\"https:\/\/olu-limburg.de\/wp-content\/uploads\/2024\/04\/IMG_20220415_120456_ergebnis.jpg\"><img loading=\"lazy\" decoding=\"async\" class=\"size-full wp-image-31361 aligncenter\" src=\"https:\/\/olu-limburg.de\/wp-content\/uploads\/2024\/04\/IMG_20220415_120456_ergebnis.jpg\" alt=\"\" width=\"800\" height=\"600\" srcset=\"https:\/\/olu-limburg.de\/wp-content\/uploads\/2024\/04\/IMG_20220415_120456_ergebnis.jpg 800w, https:\/\/olu-limburg.de\/wp-content\/uploads\/2024\/04\/IMG_20220415_120456_ergebnis-300x225.jpg 300w, https:\/\/olu-limburg.de\/wp-content\/uploads\/2024\/04\/IMG_20220415_120456_ergebnis-768x576.jpg 768w, https:\/\/olu-limburg.de\/wp-content\/uploads\/2024\/04\/IMG_20220415_120456_ergebnis-624x468.jpg 624w\" sizes=\"auto, (max-width: 800px) 100vw, 800px\" \/><\/a><\/p>\n<p><a href=\"https:\/\/olu-limburg.de\/wp-content\/uploads\/2024\/04\/IMG_20220415_121247_ergebnis-e1712757982817.jpg\"><img loading=\"lazy\" decoding=\"async\" class=\"size-full wp-image-31363 aligncenter\" src=\"https:\/\/olu-limburg.de\/wp-content\/uploads\/2024\/04\/IMG_20220415_121247_ergebnis-e1712757982817.jpg\" alt=\"\" width=\"450\" height=\"600\" \/><\/a><\/p>\n<p>Im fernen Paris entwickelte sich im 17. Jhdt.aus einer Reformbewegung bei den Benediktinern eine Kongregation St. Maur, die die Regeln des Hl. Benedikt noch strenger auslegten. Eine Gruppe dieser Mauriner vertrieb die Benediktinerm\u00f6nche aus Montmajour und gr\u00fcndeten dort das Maurinerkloster Monastere Saint-Maur. Als Sinnbild ihres Zentrums der geistlichen und wissentschaftlichen Arbeit errichteten Sie ein gro\u00dfes Palais.\u00a0 Dadurch zeigte sich das Kloster jetzt als ein Monument auf f\u00fcnf Ebenen.<\/p>\n<p><a href=\"https:\/\/olu-limburg.de\/wp-content\/uploads\/2024\/04\/IMG_20220415_121512_ergebnis-e1712758040605.jpg\"><img loading=\"lazy\" decoding=\"async\" class=\"size-full wp-image-31364 alignleft\" src=\"https:\/\/olu-limburg.de\/wp-content\/uploads\/2024\/04\/IMG_20220415_121512_ergebnis-e1712758040605.jpg\" alt=\"\" width=\"450\" height=\"600\" \/><\/a><\/p>\n<p><a href=\"https:\/\/olu-limburg.de\/wp-content\/uploads\/2024\/04\/P1090295_ergebnis-e1712758448861.jpg\"><img loading=\"lazy\" decoding=\"async\" class=\"size-full wp-image-31377 alignright\" src=\"https:\/\/olu-limburg.de\/wp-content\/uploads\/2024\/04\/P1090295_ergebnis-e1712758448861.jpg\" alt=\"\" width=\"450\" height=\"600\" \/><\/a><\/p>\n<p><a href=\"https:\/\/olu-limburg.de\/wp-content\/uploads\/2024\/04\/P1090300_ergebnis-e1712759342468.jpg\"><img loading=\"lazy\" decoding=\"async\" class=\"size-full wp-image-31381 alignleft\" src=\"https:\/\/olu-limburg.de\/wp-content\/uploads\/2024\/04\/P1090300_ergebnis-e1712759342468.jpg\" alt=\"\" width=\"450\" height=\"600\" \/><\/a><\/p>\n<p><a href=\"https:\/\/olu-limburg.de\/wp-content\/uploads\/2024\/04\/P1090302_ergebnis-e1712759359233.jpg\"><img loading=\"lazy\" decoding=\"async\" class=\"size-full wp-image-31383 alignright\" src=\"https:\/\/olu-limburg.de\/wp-content\/uploads\/2024\/04\/P1090302_ergebnis-e1712759359233.jpg\" alt=\"\" width=\"450\" height=\"600\" \/><\/a><\/p>\n<p><a href=\"https:\/\/olu-limburg.de\/wp-content\/uploads\/2024\/04\/P1090301_ergebnis.jpg\"><img loading=\"lazy\" decoding=\"async\" class=\"size-full wp-image-31382 aligncenter\" src=\"https:\/\/olu-limburg.de\/wp-content\/uploads\/2024\/04\/P1090301_ergebnis.jpg\" alt=\"\" width=\"800\" height=\"600\" srcset=\"https:\/\/olu-limburg.de\/wp-content\/uploads\/2024\/04\/P1090301_ergebnis.jpg 800w, https:\/\/olu-limburg.de\/wp-content\/uploads\/2024\/04\/P1090301_ergebnis-300x225.jpg 300w, https:\/\/olu-limburg.de\/wp-content\/uploads\/2024\/04\/P1090301_ergebnis-768x576.jpg 768w, https:\/\/olu-limburg.de\/wp-content\/uploads\/2024\/04\/P1090301_ergebnis-624x468.jpg 624w\" sizes=\"auto, (max-width: 800px) 100vw, 800px\" \/><\/a><\/p>\n<p><a href=\"https:\/\/olu-limburg.de\/wp-content\/uploads\/2024\/04\/IMG_20220415_121721_ergebnis.jpg\"><img loading=\"lazy\" decoding=\"async\" class=\"size-full wp-image-31365 aligncenter\" src=\"https:\/\/olu-limburg.de\/wp-content\/uploads\/2024\/04\/IMG_20220415_121721_ergebnis.jpg\" alt=\"\" width=\"800\" height=\"600\" srcset=\"https:\/\/olu-limburg.de\/wp-content\/uploads\/2024\/04\/IMG_20220415_121721_ergebnis.jpg 800w, https:\/\/olu-limburg.de\/wp-content\/uploads\/2024\/04\/IMG_20220415_121721_ergebnis-300x225.jpg 300w, https:\/\/olu-limburg.de\/wp-content\/uploads\/2024\/04\/IMG_20220415_121721_ergebnis-768x576.jpg 768w, https:\/\/olu-limburg.de\/wp-content\/uploads\/2024\/04\/IMG_20220415_121721_ergebnis-624x468.jpg 624w\" sizes=\"auto, (max-width: 800px) 100vw, 800px\" \/><\/a><\/p>\n<p>Ein schwerer Brand im 18. Jhdt., dem ein Wiederaufbau in der gleichen Zeit folgte, erbrachte das heutige Aussehen. W\u00e4hrend der Franz\u00f6sischen Revolution wurde die Abtei 1790 entg\u00fcltig geschlossen. Damit war sie dem Raubbau und Verfall freigegeben. Ab Mitte des 19. Jhdt. gab es zwei Phasen von Teilrestaurierungen.<\/p>\n<p><a href=\"https:\/\/olu-limburg.de\/wp-content\/uploads\/2024\/04\/IMG_20220415_120456_ergebnis.jpg\"><img loading=\"lazy\" decoding=\"async\" class=\"size-full wp-image-31361 aligncenter\" src=\"https:\/\/olu-limburg.de\/wp-content\/uploads\/2024\/04\/IMG_20220415_120456_ergebnis.jpg\" alt=\"\" width=\"800\" height=\"600\" srcset=\"https:\/\/olu-limburg.de\/wp-content\/uploads\/2024\/04\/IMG_20220415_120456_ergebnis.jpg 800w, https:\/\/olu-limburg.de\/wp-content\/uploads\/2024\/04\/IMG_20220415_120456_ergebnis-300x225.jpg 300w, https:\/\/olu-limburg.de\/wp-content\/uploads\/2024\/04\/IMG_20220415_120456_ergebnis-768x576.jpg 768w, https:\/\/olu-limburg.de\/wp-content\/uploads\/2024\/04\/IMG_20220415_120456_ergebnis-624x468.jpg 624w\" sizes=\"auto, (max-width: 800px) 100vw, 800px\" \/><\/a><\/p>\n<p>Aus seiner Zeit in Arles, gibt es ein Gem\u00e4lde von Vincent van Gogh &#8222;Sonnenuntergang bei Montmajour&#8220;.<\/p>\n<p>Wir haben nicht gedacht, dass wir uns so lange hier aufhalten w\u00fcrden, und soviel sehen und lesen. Der Besuch der Abbaye de Montmajour war total beeindruckend.<\/p>\n<div id=\"attachment_31376\" style=\"width: 810px\" class=\"wp-caption aligncenter\"><a href=\"https:\/\/olu-limburg.de\/wp-content\/uploads\/2024\/04\/P1090293_ergebnis.jpg\"><img loading=\"lazy\" decoding=\"async\" aria-describedby=\"caption-attachment-31376\" class=\"wp-image-31376 size-full\" src=\"https:\/\/olu-limburg.de\/wp-content\/uploads\/2024\/04\/P1090293_ergebnis.jpg\" alt=\"\" width=\"800\" height=\"600\" srcset=\"https:\/\/olu-limburg.de\/wp-content\/uploads\/2024\/04\/P1090293_ergebnis.jpg 800w, https:\/\/olu-limburg.de\/wp-content\/uploads\/2024\/04\/P1090293_ergebnis-300x225.jpg 300w, https:\/\/olu-limburg.de\/wp-content\/uploads\/2024\/04\/P1090293_ergebnis-768x576.jpg 768w, https:\/\/olu-limburg.de\/wp-content\/uploads\/2024\/04\/P1090293_ergebnis-624x468.jpg 624w\" sizes=\"auto, (max-width: 800px) 100vw, 800px\" \/><\/a><p id=\"caption-attachment-31376\" class=\"wp-caption-text\">Blick auf Arles von der Anh\u00f6he des Klosters<\/p><\/div>\n<p><a href=\"https:\/\/olu-limburg.de\/wp-content\/uploads\/2024\/04\/P1090291_ergebnis.jpg\"><img loading=\"lazy\" decoding=\"async\" class=\"size-full wp-image-31375 aligncenter\" src=\"https:\/\/olu-limburg.de\/wp-content\/uploads\/2024\/04\/P1090291_ergebnis.jpg\" alt=\"\" width=\"800\" height=\"600\" srcset=\"https:\/\/olu-limburg.de\/wp-content\/uploads\/2024\/04\/P1090291_ergebnis.jpg 800w, https:\/\/olu-limburg.de\/wp-content\/uploads\/2024\/04\/P1090291_ergebnis-300x225.jpg 300w, https:\/\/olu-limburg.de\/wp-content\/uploads\/2024\/04\/P1090291_ergebnis-768x576.jpg 768w, https:\/\/olu-limburg.de\/wp-content\/uploads\/2024\/04\/P1090291_ergebnis-624x468.jpg 624w\" sizes=\"auto, (max-width: 800px) 100vw, 800px\" \/><\/a><\/p>\n<p>Nach dem vielen Trepp-auf und Trepp-ab in der Abbaye schleppen wir uns m\u00fcde zu unserem Wohnmobil, um die wenigen Kilometer bis auf den Wohnmobil-Stellplatz mit V+E (Geb\u00fchr EUR 10,00) in Fontvielle hinter uns zu bringen.<\/p>\n<p><a href=\"https:\/\/olu-limburg.de\/wp-content\/uploads\/2024\/04\/IMG_20220415_151042_ergebnis.jpg\"><img loading=\"lazy\" decoding=\"async\" class=\"size-full wp-image-31384 aligncenter\" src=\"https:\/\/olu-limburg.de\/wp-content\/uploads\/2024\/04\/IMG_20220415_151042_ergebnis.jpg\" alt=\"\" width=\"800\" height=\"600\" srcset=\"https:\/\/olu-limburg.de\/wp-content\/uploads\/2024\/04\/IMG_20220415_151042_ergebnis.jpg 800w, https:\/\/olu-limburg.de\/wp-content\/uploads\/2024\/04\/IMG_20220415_151042_ergebnis-300x225.jpg 300w, https:\/\/olu-limburg.de\/wp-content\/uploads\/2024\/04\/IMG_20220415_151042_ergebnis-768x576.jpg 768w, https:\/\/olu-limburg.de\/wp-content\/uploads\/2024\/04\/IMG_20220415_151042_ergebnis-624x468.jpg 624w\" sizes=\"auto, (max-width: 800px) 100vw, 800px\" \/><\/a><\/p>\n<p>Lena opfert sich noch, und kocht uns ein Mittgessen. Danach hat sie sich ihren Mittagsschlaf redlich verdient.<\/p>\n<p><a href=\"https:\/\/olu-limburg.de\/wp-content\/uploads\/2024\/04\/IMG_20220415_151300_ergebnis.jpg\"><img loading=\"lazy\" decoding=\"async\" class=\"size-full wp-image-31385 aligncenter\" src=\"https:\/\/olu-limburg.de\/wp-content\/uploads\/2024\/04\/IMG_20220415_151300_ergebnis.jpg\" alt=\"\" width=\"800\" height=\"600\" srcset=\"https:\/\/olu-limburg.de\/wp-content\/uploads\/2024\/04\/IMG_20220415_151300_ergebnis.jpg 800w, https:\/\/olu-limburg.de\/wp-content\/uploads\/2024\/04\/IMG_20220415_151300_ergebnis-300x225.jpg 300w, https:\/\/olu-limburg.de\/wp-content\/uploads\/2024\/04\/IMG_20220415_151300_ergebnis-768x576.jpg 768w, https:\/\/olu-limburg.de\/wp-content\/uploads\/2024\/04\/IMG_20220415_151300_ergebnis-624x468.jpg 624w\" sizes=\"auto, (max-width: 800px) 100vw, 800px\" \/><\/a><\/p>\n<p>Wir sind ganz begeistert von diesem Stellplatz. Die Wohnmobile stehen im Kreis, mit gen\u00fcgend Abstand, teilweise im Schatten und im R\u00fccken eine Felswand.<\/p>\n<p>Nach der ausgiebigen Ruhepause, &#8222;juckt&#8220; es uns schon wieder, da wir ja wissen wollen, wo wir hier gelandet sind. Hinter dem Stellplatz beginnt ein Wanderweg, der an den M\u00fchlen und dem Schloss vorbei in den Ort f\u00fchrt.<\/p>\n<p><a href=\"https:\/\/olu-limburg.de\/wp-content\/uploads\/2024\/04\/P1090330_ergebnis.jpg\"><img loading=\"lazy\" decoding=\"async\" class=\"size-full wp-image-31390 aligncenter\" src=\"https:\/\/olu-limburg.de\/wp-content\/uploads\/2024\/04\/P1090330_ergebnis.jpg\" alt=\"\" width=\"800\" height=\"600\" srcset=\"https:\/\/olu-limburg.de\/wp-content\/uploads\/2024\/04\/P1090330_ergebnis.jpg 800w, https:\/\/olu-limburg.de\/wp-content\/uploads\/2024\/04\/P1090330_ergebnis-300x225.jpg 300w, https:\/\/olu-limburg.de\/wp-content\/uploads\/2024\/04\/P1090330_ergebnis-768x576.jpg 768w, https:\/\/olu-limburg.de\/wp-content\/uploads\/2024\/04\/P1090330_ergebnis-624x468.jpg 624w\" sizes=\"auto, (max-width: 800px) 100vw, 800px\" \/><\/a><\/p>\n<p>Als erstes erreichen wir die Daudet-M\u00fchle. Die Legende berichtet, dass der Schriftsteller Alphonse Daudet die M\u00fchle gekauft hat, darin lebte und schrieb. Das ist aber alles nicht wahr. In seinem Werk Lettres de mon moulin hat er die Berichterstattungen aus seiner M\u00fchle in Fontvielle frei erfunden. Welche der M\u00fchlen die Beschriebene ist, wei\u00df auch niemand.<\/p>\n<p><a href=\"https:\/\/olu-limburg.de\/wp-content\/uploads\/2024\/04\/P1090332_ergebnis-e1712761313316.jpg\"><img loading=\"lazy\" decoding=\"async\" class=\"size-full wp-image-31392 aligncenter\" src=\"https:\/\/olu-limburg.de\/wp-content\/uploads\/2024\/04\/P1090332_ergebnis-e1712761313316.jpg\" alt=\"\" width=\"450\" height=\"600\" \/><\/a><\/p>\n<p>Aber ein kleines Museum ist in der M\u00fchle eingerichtet, und man kann einiges \u00fcber den Schriftsteller erfahren.<\/p>\n<p><a href=\"https:\/\/olu-limburg.de\/wp-content\/uploads\/2024\/04\/P1090331_ergebnis.jpg\"><img loading=\"lazy\" decoding=\"async\" class=\"size-full wp-image-31391 aligncenter\" src=\"https:\/\/olu-limburg.de\/wp-content\/uploads\/2024\/04\/P1090331_ergebnis.jpg\" alt=\"\" width=\"800\" height=\"600\" srcset=\"https:\/\/olu-limburg.de\/wp-content\/uploads\/2024\/04\/P1090331_ergebnis.jpg 800w, https:\/\/olu-limburg.de\/wp-content\/uploads\/2024\/04\/P1090331_ergebnis-300x225.jpg 300w, https:\/\/olu-limburg.de\/wp-content\/uploads\/2024\/04\/P1090331_ergebnis-768x576.jpg 768w, https:\/\/olu-limburg.de\/wp-content\/uploads\/2024\/04\/P1090331_ergebnis-624x468.jpg 624w\" sizes=\"auto, (max-width: 800px) 100vw, 800px\" \/><\/a><\/p>\n<p>Auch wenn sich auf dem Sentier des moulins alles nur um die Daudet-M\u00fchle dreht, gibt es noch weitere M\u00fchlen und das Schloss Montauban. Die M\u00fchlen ben\u00f6tigte der Ort fr\u00fcher f\u00fcr seine Oliven\u00f6lproduktion.<\/p>\n<p><a href=\"https:\/\/olu-limburg.de\/wp-content\/uploads\/2024\/04\/IMG_20220415_171718_ergebnis.jpg\"><img loading=\"lazy\" decoding=\"async\" class=\"size-full wp-image-31388 aligncenter\" src=\"https:\/\/olu-limburg.de\/wp-content\/uploads\/2024\/04\/IMG_20220415_171718_ergebnis.jpg\" alt=\"\" width=\"800\" height=\"600\" srcset=\"https:\/\/olu-limburg.de\/wp-content\/uploads\/2024\/04\/IMG_20220415_171718_ergebnis.jpg 800w, https:\/\/olu-limburg.de\/wp-content\/uploads\/2024\/04\/IMG_20220415_171718_ergebnis-300x225.jpg 300w, https:\/\/olu-limburg.de\/wp-content\/uploads\/2024\/04\/IMG_20220415_171718_ergebnis-768x576.jpg 768w, https:\/\/olu-limburg.de\/wp-content\/uploads\/2024\/04\/IMG_20220415_171718_ergebnis-624x468.jpg 624w\" sizes=\"auto, (max-width: 800px) 100vw, 800px\" \/><\/a><\/p>\n<p><a href=\"https:\/\/olu-limburg.de\/wp-content\/uploads\/2024\/04\/P1090339_ergebnis.jpg\"><img loading=\"lazy\" decoding=\"async\" class=\"size-full wp-image-31393 aligncenter\" src=\"https:\/\/olu-limburg.de\/wp-content\/uploads\/2024\/04\/P1090339_ergebnis.jpg\" alt=\"\" width=\"800\" height=\"600\" srcset=\"https:\/\/olu-limburg.de\/wp-content\/uploads\/2024\/04\/P1090339_ergebnis.jpg 800w, https:\/\/olu-limburg.de\/wp-content\/uploads\/2024\/04\/P1090339_ergebnis-300x225.jpg 300w, https:\/\/olu-limburg.de\/wp-content\/uploads\/2024\/04\/P1090339_ergebnis-768x576.jpg 768w, https:\/\/olu-limburg.de\/wp-content\/uploads\/2024\/04\/P1090339_ergebnis-624x468.jpg 624w\" sizes=\"auto, (max-width: 800px) 100vw, 800px\" \/><\/a><\/p>\n<p><a href=\"https:\/\/olu-limburg.de\/wp-content\/uploads\/2024\/04\/P1090344_ergebnis-e1712761551569.jpg\"><img loading=\"lazy\" decoding=\"async\" class=\"size-full wp-image-31395 aligncenter\" src=\"https:\/\/olu-limburg.de\/wp-content\/uploads\/2024\/04\/P1090344_ergebnis-e1712761551569.jpg\" alt=\"\" width=\"450\" height=\"600\" \/><\/a><\/p>\n<p><a href=\"https:\/\/olu-limburg.de\/wp-content\/uploads\/2024\/04\/P1090345_ergebnis-e1712761572121.jpg\"><img loading=\"lazy\" decoding=\"async\" class=\"size-full wp-image-31396 aligncenter\" src=\"https:\/\/olu-limburg.de\/wp-content\/uploads\/2024\/04\/P1090345_ergebnis-e1712761572121.jpg\" alt=\"\" width=\"450\" height=\"600\" \/><\/a><\/p>\n<p>Neben uns rauscht ein kanalisierter Bach vorbei. Er kommt vielleicht von der Quelle, die dem Ort seinen Namen gab (font Vielle = alte Quelle).<\/p>\n<div id=\"attachment_31398\" style=\"width: 810px\" class=\"wp-caption aligncenter\"><a href=\"https:\/\/olu-limburg.de\/wp-content\/uploads\/2024\/04\/P1090350_ergebnis.jpg\"><img loading=\"lazy\" decoding=\"async\" aria-describedby=\"caption-attachment-31398\" class=\"wp-image-31398 size-full\" src=\"https:\/\/olu-limburg.de\/wp-content\/uploads\/2024\/04\/P1090350_ergebnis.jpg\" alt=\"\" width=\"800\" height=\"600\" srcset=\"https:\/\/olu-limburg.de\/wp-content\/uploads\/2024\/04\/P1090350_ergebnis.jpg 800w, https:\/\/olu-limburg.de\/wp-content\/uploads\/2024\/04\/P1090350_ergebnis-300x225.jpg 300w, https:\/\/olu-limburg.de\/wp-content\/uploads\/2024\/04\/P1090350_ergebnis-768x576.jpg 768w, https:\/\/olu-limburg.de\/wp-content\/uploads\/2024\/04\/P1090350_ergebnis-624x468.jpg 624w\" sizes=\"auto, (max-width: 800px) 100vw, 800px\" \/><\/a><p id=\"caption-attachment-31398\" class=\"wp-caption-text\">Schloss Montauban<\/p><\/div>\n<p>Mit dem \u00dcberqueren der Hauptstra\u00dfe gelangen wir in den alten Ortskern.<\/p>\n<p><a href=\"https:\/\/olu-limburg.de\/wp-content\/uploads\/2024\/04\/P1090357_ergebnis.jpg\"><img loading=\"lazy\" decoding=\"async\" class=\"size-full wp-image-31403 aligncenter\" src=\"https:\/\/olu-limburg.de\/wp-content\/uploads\/2024\/04\/P1090357_ergebnis.jpg\" alt=\"\" width=\"800\" height=\"600\" srcset=\"https:\/\/olu-limburg.de\/wp-content\/uploads\/2024\/04\/P1090357_ergebnis.jpg 800w, https:\/\/olu-limburg.de\/wp-content\/uploads\/2024\/04\/P1090357_ergebnis-300x225.jpg 300w, https:\/\/olu-limburg.de\/wp-content\/uploads\/2024\/04\/P1090357_ergebnis-768x576.jpg 768w, https:\/\/olu-limburg.de\/wp-content\/uploads\/2024\/04\/P1090357_ergebnis-624x468.jpg 624w\" sizes=\"auto, (max-width: 800px) 100vw, 800px\" \/><\/a><\/p>\n<p><a href=\"https:\/\/olu-limburg.de\/wp-content\/uploads\/2024\/04\/P1090351_ergebnis-e1712761645133.jpg\"><img loading=\"lazy\" decoding=\"async\" class=\"size-full wp-image-31399 alignleft\" src=\"https:\/\/olu-limburg.de\/wp-content\/uploads\/2024\/04\/P1090351_ergebnis-e1712761645133.jpg\" alt=\"\" width=\"450\" height=\"600\" \/><\/a><\/p>\n<p><a href=\"https:\/\/olu-limburg.de\/wp-content\/uploads\/2024\/04\/P1090352_ergebnis-e1712761664960.jpg\"><img loading=\"lazy\" decoding=\"async\" class=\"size-full wp-image-31400 alignright\" src=\"https:\/\/olu-limburg.de\/wp-content\/uploads\/2024\/04\/P1090352_ergebnis-e1712761664960.jpg\" alt=\"\" width=\"450\" height=\"600\" \/><\/a><\/p>\n<p><a href=\"https:\/\/olu-limburg.de\/wp-content\/uploads\/2024\/04\/P1080069_ergebnis-e1713202099172.jpg\"><img loading=\"lazy\" decoding=\"async\" class=\"size-full wp-image-31638 alignleft\" src=\"https:\/\/olu-limburg.de\/wp-content\/uploads\/2024\/04\/P1080069_ergebnis-e1713202099172.jpg\" alt=\"\" width=\"450\" height=\"600\" \/><\/a><\/p>\n<p><a href=\"https:\/\/olu-limburg.de\/wp-content\/uploads\/2024\/04\/P1080073_ergebnis-e1713202122377.jpg\"><img loading=\"lazy\" decoding=\"async\" class=\"size-full wp-image-31639 alignright\" src=\"https:\/\/olu-limburg.de\/wp-content\/uploads\/2024\/04\/P1080073_ergebnis-e1713202122377.jpg\" alt=\"\" width=\"450\" height=\"600\" \/><\/a><\/p>\n<p><a href=\"https:\/\/olu-limburg.de\/wp-content\/uploads\/2024\/04\/P1090354_ergebnis.jpg\"><img loading=\"lazy\" decoding=\"async\" class=\"size-full wp-image-31401 aligncenter\" src=\"https:\/\/olu-limburg.de\/wp-content\/uploads\/2024\/04\/P1090354_ergebnis.jpg\" alt=\"\" width=\"800\" height=\"600\" srcset=\"https:\/\/olu-limburg.de\/wp-content\/uploads\/2024\/04\/P1090354_ergebnis.jpg 800w, https:\/\/olu-limburg.de\/wp-content\/uploads\/2024\/04\/P1090354_ergebnis-300x225.jpg 300w, https:\/\/olu-limburg.de\/wp-content\/uploads\/2024\/04\/P1090354_ergebnis-768x576.jpg 768w, https:\/\/olu-limburg.de\/wp-content\/uploads\/2024\/04\/P1090354_ergebnis-624x468.jpg 624w\" sizes=\"auto, (max-width: 800px) 100vw, 800px\" \/><\/a><\/p>\n<p><a href=\"https:\/\/olu-limburg.de\/wp-content\/uploads\/2024\/04\/P1090358_ergebnis-e1712761703424.jpg\"><img loading=\"lazy\" decoding=\"async\" class=\"size-full wp-image-31404 alignleft\" src=\"https:\/\/olu-limburg.de\/wp-content\/uploads\/2024\/04\/P1090358_ergebnis-e1712761703424.jpg\" alt=\"\" width=\"450\" height=\"600\" \/><\/a><\/p>\n<p><a href=\"https:\/\/olu-limburg.de\/wp-content\/uploads\/2024\/04\/P1090362_ergebnis-e1712761729176.jpg\"><img loading=\"lazy\" decoding=\"async\" class=\"size-full wp-image-31405 alignright\" src=\"https:\/\/olu-limburg.de\/wp-content\/uploads\/2024\/04\/P1090362_ergebnis-e1712761729176.jpg\" alt=\"\" width=\"450\" height=\"600\" \/><\/a><\/p>\n<div id=\"attachment_31407\" style=\"width: 810px\" class=\"wp-caption aligncenter\"><a href=\"https:\/\/olu-limburg.de\/wp-content\/uploads\/2024\/04\/P1090356_ergebnis-1.jpg\"><img loading=\"lazy\" decoding=\"async\" aria-describedby=\"caption-attachment-31407\" class=\"wp-image-31407 size-full\" src=\"https:\/\/olu-limburg.de\/wp-content\/uploads\/2024\/04\/P1090356_ergebnis-1.jpg\" alt=\"\" width=\"800\" height=\"600\" srcset=\"https:\/\/olu-limburg.de\/wp-content\/uploads\/2024\/04\/P1090356_ergebnis-1.jpg 800w, https:\/\/olu-limburg.de\/wp-content\/uploads\/2024\/04\/P1090356_ergebnis-1-300x225.jpg 300w, https:\/\/olu-limburg.de\/wp-content\/uploads\/2024\/04\/P1090356_ergebnis-1-768x576.jpg 768w, https:\/\/olu-limburg.de\/wp-content\/uploads\/2024\/04\/P1090356_ergebnis-1-624x468.jpg 624w\" sizes=\"auto, (max-width: 800px) 100vw, 800px\" \/><\/a><p id=\"caption-attachment-31407\" class=\"wp-caption-text\">\u00c9glise Saint-Pierre-es-Liens<\/p><\/div>\n<p><a href=\"https:\/\/olu-limburg.de\/wp-content\/uploads\/2024\/04\/P1090329_ergebnis.jpg\"><img loading=\"lazy\" decoding=\"async\" class=\"size-full wp-image-31389 aligncenter\" src=\"https:\/\/olu-limburg.de\/wp-content\/uploads\/2024\/04\/P1090329_ergebnis.jpg\" alt=\"\" width=\"800\" height=\"600\" srcset=\"https:\/\/olu-limburg.de\/wp-content\/uploads\/2024\/04\/P1090329_ergebnis.jpg 800w, https:\/\/olu-limburg.de\/wp-content\/uploads\/2024\/04\/P1090329_ergebnis-300x225.jpg 300w, https:\/\/olu-limburg.de\/wp-content\/uploads\/2024\/04\/P1090329_ergebnis-768x576.jpg 768w, https:\/\/olu-limburg.de\/wp-content\/uploads\/2024\/04\/P1090329_ergebnis-624x468.jpg 624w\" sizes=\"auto, (max-width: 800px) 100vw, 800px\" \/><\/a><\/p>\n<p>Der Rundgang ist beendet und wir begeben uns zufrieden zu unserem Wohnmobil zur\u00fcck. Vor dem Wohnmobil zu sitzen ist einfach herrlich. Wetter und Umgebung ist sehr gut.<\/p>\n<p>Tagesstrecke: 31 km<\/p>\n<p>&nbsp;<\/p>\n<p><strong>Ostersamstag, 16.04.2022<\/strong><\/p>\n<p>Pont du Gard und Remoulins verschieben wir. Fontvielle ist f\u00fcr uns jetzt gerade richtig. Da wir\u00a0 sonst nichts zu tun haben, machen wir einen &#8222;kleinen&#8220; Spaziergang zu den \u00dcberresten des Aqueduc Romain de Barbegal. Wie so oft, sind Entfernungen relativ. Denn der schattige Waldspaziergang entpuppt sich als Wanderung \u00fcber einen Schotterweg unter sengender Sonne.<\/p>\n<p><a href=\"https:\/\/olu-limburg.de\/wp-content\/uploads\/2024\/04\/IMG_20220416_114935_ergebnis.jpg\"><img loading=\"lazy\" decoding=\"async\" class=\"size-full wp-image-31408 aligncenter\" src=\"https:\/\/olu-limburg.de\/wp-content\/uploads\/2024\/04\/IMG_20220416_114935_ergebnis.jpg\" alt=\"\" width=\"800\" height=\"600\" srcset=\"https:\/\/olu-limburg.de\/wp-content\/uploads\/2024\/04\/IMG_20220416_114935_ergebnis.jpg 800w, https:\/\/olu-limburg.de\/wp-content\/uploads\/2024\/04\/IMG_20220416_114935_ergebnis-300x225.jpg 300w, https:\/\/olu-limburg.de\/wp-content\/uploads\/2024\/04\/IMG_20220416_114935_ergebnis-768x576.jpg 768w, https:\/\/olu-limburg.de\/wp-content\/uploads\/2024\/04\/IMG_20220416_114935_ergebnis-624x468.jpg 624w\" sizes=\"auto, (max-width: 800px) 100vw, 800px\" \/><\/a><\/p>\n<p>Da nutzt es auch nichts, das wir auf dem Weg und neben dem Weg alle Kr\u00e4uter der Herbes de Provence bewundern k\u00f6nnen. \u00dcberall riecht es wie vor einer Pizzeria. Das erste Mal hatten wir dieses Erlebnis, als wir 1974\u00a0 vor der Gorges du Verdon auf einer Wiese am See &#8222;wild&#8220; gezeltet hatten. Es ist ein Traum, und trotzdem hei\u00df!<\/p>\n<p><a href=\"https:\/\/olu-limburg.de\/wp-content\/uploads\/2024\/04\/IMG_20220416_115258_ergebnis.jpg\"><img loading=\"lazy\" decoding=\"async\" class=\"size-full wp-image-31409 aligncenter\" src=\"https:\/\/olu-limburg.de\/wp-content\/uploads\/2024\/04\/IMG_20220416_115258_ergebnis.jpg\" alt=\"\" width=\"800\" height=\"600\" srcset=\"https:\/\/olu-limburg.de\/wp-content\/uploads\/2024\/04\/IMG_20220416_115258_ergebnis.jpg 800w, https:\/\/olu-limburg.de\/wp-content\/uploads\/2024\/04\/IMG_20220416_115258_ergebnis-300x225.jpg 300w, https:\/\/olu-limburg.de\/wp-content\/uploads\/2024\/04\/IMG_20220416_115258_ergebnis-768x576.jpg 768w, https:\/\/olu-limburg.de\/wp-content\/uploads\/2024\/04\/IMG_20220416_115258_ergebnis-624x468.jpg 624w\" sizes=\"auto, (max-width: 800px) 100vw, 800px\" \/><\/a><\/p>\n<p><a href=\"https:\/\/olu-limburg.de\/wp-content\/uploads\/2024\/04\/P1090368_ergebnis.jpg\"><img loading=\"lazy\" decoding=\"async\" class=\"size-full wp-image-31413 aligncenter\" src=\"https:\/\/olu-limburg.de\/wp-content\/uploads\/2024\/04\/P1090368_ergebnis.jpg\" alt=\"\" width=\"800\" height=\"600\" srcset=\"https:\/\/olu-limburg.de\/wp-content\/uploads\/2024\/04\/P1090368_ergebnis.jpg 800w, https:\/\/olu-limburg.de\/wp-content\/uploads\/2024\/04\/P1090368_ergebnis-300x225.jpg 300w, https:\/\/olu-limburg.de\/wp-content\/uploads\/2024\/04\/P1090368_ergebnis-768x576.jpg 768w, https:\/\/olu-limburg.de\/wp-content\/uploads\/2024\/04\/P1090368_ergebnis-624x468.jpg 624w\" sizes=\"auto, (max-width: 800px) 100vw, 800px\" \/><\/a><\/p>\n<p>Wir wollen schon aufgeben, da finden wir tats\u00e4chlich weit abseits des Weges die \u00dcberreste des Aqu\u00e4duktes. Hier in der Umgebung von einigen hundert Metern muss es noch mehr dieser r\u00f6mischen Hinterlassenschaften geben. Uns langt aber diese eine Stelle.<\/p>\n<p><a href=\"https:\/\/olu-limburg.de\/wp-content\/uploads\/2024\/04\/P1090370_ergebnis.jpg\"><img loading=\"lazy\" decoding=\"async\" class=\"size-full wp-image-31414 aligncenter\" src=\"https:\/\/olu-limburg.de\/wp-content\/uploads\/2024\/04\/P1090370_ergebnis.jpg\" alt=\"\" width=\"800\" height=\"600\" srcset=\"https:\/\/olu-limburg.de\/wp-content\/uploads\/2024\/04\/P1090370_ergebnis.jpg 800w, https:\/\/olu-limburg.de\/wp-content\/uploads\/2024\/04\/P1090370_ergebnis-300x225.jpg 300w, https:\/\/olu-limburg.de\/wp-content\/uploads\/2024\/04\/P1090370_ergebnis-768x576.jpg 768w, https:\/\/olu-limburg.de\/wp-content\/uploads\/2024\/04\/P1090370_ergebnis-624x468.jpg 624w\" sizes=\"auto, (max-width: 800px) 100vw, 800px\" \/><\/a><\/p>\n<p><a href=\"https:\/\/olu-limburg.de\/wp-content\/uploads\/2024\/04\/P1090371_ergebnis-e1712764010269.jpg\"><img loading=\"lazy\" decoding=\"async\" class=\"size-full wp-image-31415 aligncenter\" src=\"https:\/\/olu-limburg.de\/wp-content\/uploads\/2024\/04\/P1090371_ergebnis-e1712764010269.jpg\" alt=\"\" width=\"450\" height=\"600\" \/><\/a><\/p>\n<p><a href=\"https:\/\/olu-limburg.de\/wp-content\/uploads\/2024\/04\/IMG_20220416_120737_ergebnis.jpg\"><img loading=\"lazy\" decoding=\"async\" class=\"size-full wp-image-31411 aligncenter\" src=\"https:\/\/olu-limburg.de\/wp-content\/uploads\/2024\/04\/IMG_20220416_120737_ergebnis.jpg\" alt=\"\" width=\"800\" height=\"600\" srcset=\"https:\/\/olu-limburg.de\/wp-content\/uploads\/2024\/04\/IMG_20220416_120737_ergebnis.jpg 800w, https:\/\/olu-limburg.de\/wp-content\/uploads\/2024\/04\/IMG_20220416_120737_ergebnis-300x225.jpg 300w, https:\/\/olu-limburg.de\/wp-content\/uploads\/2024\/04\/IMG_20220416_120737_ergebnis-768x576.jpg 768w, https:\/\/olu-limburg.de\/wp-content\/uploads\/2024\/04\/IMG_20220416_120737_ergebnis-624x468.jpg 624w\" sizes=\"auto, (max-width: 800px) 100vw, 800px\" \/><\/a><\/p>\n<p>F\u00fcr den Heimweg geht es jetzt etwas bergauf und die Beine werden schwerer und schwerer.<\/p>\n<p><a href=\"https:\/\/olu-limburg.de\/wp-content\/uploads\/2024\/04\/IMG_20220416_115554_ergebnis.jpg\"><img loading=\"lazy\" decoding=\"async\" class=\"size-full wp-image-31410 aligncenter\" src=\"https:\/\/olu-limburg.de\/wp-content\/uploads\/2024\/04\/IMG_20220416_115554_ergebnis.jpg\" alt=\"\" width=\"800\" height=\"600\" srcset=\"https:\/\/olu-limburg.de\/wp-content\/uploads\/2024\/04\/IMG_20220416_115554_ergebnis.jpg 800w, https:\/\/olu-limburg.de\/wp-content\/uploads\/2024\/04\/IMG_20220416_115554_ergebnis-300x225.jpg 300w, https:\/\/olu-limburg.de\/wp-content\/uploads\/2024\/04\/IMG_20220416_115554_ergebnis-768x576.jpg 768w, https:\/\/olu-limburg.de\/wp-content\/uploads\/2024\/04\/IMG_20220416_115554_ergebnis-624x468.jpg 624w\" sizes=\"auto, (max-width: 800px) 100vw, 800px\" \/><\/a><\/p>\n<p>Beim Wohnmobil kochen wir uns das \u00fcbliche Mittagessen, wenn sich viel Baguettereste angesammelt haben. Ich schneide das Brot in kleine W\u00fcrfel, und Lena kocht uns daraus Semmelkn\u00f6del mit Pilzso\u00dfe. Passt schon!<\/p>\n<p>Am Sp\u00e4tnachmittag, oder auch zur Aperitif-Zeit gehen wir in den Ort und setzen uns nach einem kleinen Rundgang in die Au\u00dfenbewirtschaftung vom &#8222;Le Caf\u00e9&#8220;. Ab und zu sind hier auch Masken noch im Einsatz.<\/p>\n<p><a href=\"https:\/\/olu-limburg.de\/wp-content\/uploads\/2024\/04\/IMG_20220416_170130_ergebnis.jpg\"><img loading=\"lazy\" decoding=\"async\" class=\"size-full wp-image-31417 aligncenter\" src=\"https:\/\/olu-limburg.de\/wp-content\/uploads\/2024\/04\/IMG_20220416_170130_ergebnis.jpg\" alt=\"\" width=\"800\" height=\"600\" srcset=\"https:\/\/olu-limburg.de\/wp-content\/uploads\/2024\/04\/IMG_20220416_170130_ergebnis.jpg 800w, https:\/\/olu-limburg.de\/wp-content\/uploads\/2024\/04\/IMG_20220416_170130_ergebnis-300x225.jpg 300w, https:\/\/olu-limburg.de\/wp-content\/uploads\/2024\/04\/IMG_20220416_170130_ergebnis-768x576.jpg 768w, https:\/\/olu-limburg.de\/wp-content\/uploads\/2024\/04\/IMG_20220416_170130_ergebnis-624x468.jpg 624w\" sizes=\"auto, (max-width: 800px) 100vw, 800px\" \/><\/a><\/p>\n<p>So ein Tablett m\u00f6chte ich nicht andauernd durch die Gegend tragen, und das Bodybuilding ist sehr einseitig, aber uns schmeckt das Produkt.<\/p>\n<p><a href=\"https:\/\/olu-limburg.de\/wp-content\/uploads\/2024\/04\/P1090379_ergebnis-e1712765320955.jpg\"><img loading=\"lazy\" decoding=\"async\" class=\"size-full wp-image-31418 aligncenter\" src=\"https:\/\/olu-limburg.de\/wp-content\/uploads\/2024\/04\/P1090379_ergebnis-e1712765320955.jpg\" alt=\"\" width=\"450\" height=\"600\" \/><\/a><\/p>\n<p>Tagesstrecke: 0 km<\/p>\n<p>&nbsp;<\/p>\n<p><strong>Ostersonntag, 17.04.2022<\/strong><\/p>\n<p>Frohe Ostern!<\/p>\n<p><a href=\"https:\/\/olu-limburg.de\/wp-content\/uploads\/2024\/04\/20220417_092000_ergebnis-e1713204434616.jpg\"><img loading=\"lazy\" decoding=\"async\" class=\"size-full wp-image-31642 aligncenter\" src=\"https:\/\/olu-limburg.de\/wp-content\/uploads\/2024\/04\/20220417_092000_ergebnis-e1713204434616.jpg\" alt=\"\" width=\"450\" height=\"600\" \/><\/a><\/p>\n<p>Bei meinem morgendlichen Spaziergang zum B\u00e4cker, sehe ich, da\u00df auf dem gro\u00dfen Platz vor der Arena ein Flohmarkt aufgebaut wird. Das ist f\u00fcr Lena bestimmt eine frohe Kunde. Da haben wir nach dem Fr\u00fchst\u00fcck schon wieder einen Programmpunkt.<\/p>\n<p><a href=\"https:\/\/olu-limburg.de\/wp-content\/uploads\/2024\/04\/IMG_20220417_083335_ergebnis.jpg\"><img loading=\"lazy\" decoding=\"async\" class=\"size-full wp-image-31421 aligncenter\" src=\"https:\/\/olu-limburg.de\/wp-content\/uploads\/2024\/04\/IMG_20220417_083335_ergebnis.jpg\" alt=\"\" width=\"800\" height=\"600\" srcset=\"https:\/\/olu-limburg.de\/wp-content\/uploads\/2024\/04\/IMG_20220417_083335_ergebnis.jpg 800w, https:\/\/olu-limburg.de\/wp-content\/uploads\/2024\/04\/IMG_20220417_083335_ergebnis-300x225.jpg 300w, https:\/\/olu-limburg.de\/wp-content\/uploads\/2024\/04\/IMG_20220417_083335_ergebnis-768x576.jpg 768w, https:\/\/olu-limburg.de\/wp-content\/uploads\/2024\/04\/IMG_20220417_083335_ergebnis-624x468.jpg 624w\" sizes=\"auto, (max-width: 800px) 100vw, 800px\" \/><\/a><\/p>\n<p>Die St\u00e4nde sind nicht nur auf dem Platz, sondern auch entlang des Weges zum Stellplatz aufgebaut. \u00dcberall wird begutachtet und gekauft. Die Flohm\u00e4rkte in Frankreich gefallen uns besser als Zuhause. Meiner Meinung nach wird auch nicht um den Preis gehandelt. Der Wert der Ware wird erkannt und akzeptiert. Es gibt aber auch hier die Menschen, die f\u00fcr jeden kleinsten Einkauf Plastikt\u00fcten haben wollen, wie \u00fcberall.<\/p>\n<p><a href=\"https:\/\/olu-limburg.de\/wp-content\/uploads\/2024\/04\/P1090380_ergebnis.jpg\"><img loading=\"lazy\" decoding=\"async\" class=\"size-full wp-image-31425 aligncenter\" src=\"https:\/\/olu-limburg.de\/wp-content\/uploads\/2024\/04\/P1090380_ergebnis.jpg\" alt=\"\" width=\"800\" height=\"600\" srcset=\"https:\/\/olu-limburg.de\/wp-content\/uploads\/2024\/04\/P1090380_ergebnis.jpg 800w, https:\/\/olu-limburg.de\/wp-content\/uploads\/2024\/04\/P1090380_ergebnis-300x225.jpg 300w, https:\/\/olu-limburg.de\/wp-content\/uploads\/2024\/04\/P1090380_ergebnis-768x576.jpg 768w, https:\/\/olu-limburg.de\/wp-content\/uploads\/2024\/04\/P1090380_ergebnis-624x468.jpg 624w\" sizes=\"auto, (max-width: 800px) 100vw, 800px\" \/><\/a><\/p>\n<p><a href=\"https:\/\/olu-limburg.de\/wp-content\/uploads\/2024\/04\/P1080081_ergebnis.jpg\"><img loading=\"lazy\" decoding=\"async\" class=\"size-full wp-image-31644 aligncenter\" src=\"https:\/\/olu-limburg.de\/wp-content\/uploads\/2024\/04\/P1080081_ergebnis.jpg\" alt=\"\" width=\"800\" height=\"600\" srcset=\"https:\/\/olu-limburg.de\/wp-content\/uploads\/2024\/04\/P1080081_ergebnis.jpg 800w, https:\/\/olu-limburg.de\/wp-content\/uploads\/2024\/04\/P1080081_ergebnis-300x225.jpg 300w, https:\/\/olu-limburg.de\/wp-content\/uploads\/2024\/04\/P1080081_ergebnis-768x576.jpg 768w, https:\/\/olu-limburg.de\/wp-content\/uploads\/2024\/04\/P1080081_ergebnis-624x468.jpg 624w\" sizes=\"auto, (max-width: 800px) 100vw, 800px\" \/><\/a><\/p>\n<p>Nach dem anstrengenden Rundgang beehren wir wieder das &#8222;Le Caf\u00e9&#8220;. Der Online-Oma scheint ja irgendetwas zu gefallen. Ich besch\u00e4ftige mich lieber mit der tollen Pizza.<\/p>\n<p><a href=\"https:\/\/olu-limburg.de\/wp-content\/uploads\/2024\/04\/IMG_20220417_120913_ergebnis.jpg\"><img loading=\"lazy\" decoding=\"async\" class=\"size-full wp-image-31422 aligncenter\" src=\"https:\/\/olu-limburg.de\/wp-content\/uploads\/2024\/04\/IMG_20220417_120913_ergebnis.jpg\" alt=\"\" width=\"800\" height=\"600\" srcset=\"https:\/\/olu-limburg.de\/wp-content\/uploads\/2024\/04\/IMG_20220417_120913_ergebnis.jpg 800w, https:\/\/olu-limburg.de\/wp-content\/uploads\/2024\/04\/IMG_20220417_120913_ergebnis-300x225.jpg 300w, https:\/\/olu-limburg.de\/wp-content\/uploads\/2024\/04\/IMG_20220417_120913_ergebnis-768x576.jpg 768w, https:\/\/olu-limburg.de\/wp-content\/uploads\/2024\/04\/IMG_20220417_120913_ergebnis-624x468.jpg 624w\" sizes=\"auto, (max-width: 800px) 100vw, 800px\" \/><\/a><\/p>\n<p><a href=\"https:\/\/olu-limburg.de\/wp-content\/uploads\/2024\/04\/IMG_20220417_120946_ergebnis-e1712766308980.jpg\"><img loading=\"lazy\" decoding=\"async\" class=\"size-full wp-image-31423 alignleft\" src=\"https:\/\/olu-limburg.de\/wp-content\/uploads\/2024\/04\/IMG_20220417_120946_ergebnis-e1712766308980.jpg\" alt=\"\" width=\"450\" height=\"600\" \/><\/a><\/p>\n<p><a href=\"https:\/\/olu-limburg.de\/wp-content\/uploads\/2024\/04\/P1080087_ergebnis-e1713204729741.jpg\"><img loading=\"lazy\" decoding=\"async\" class=\"size-full wp-image-31646 alignright\" src=\"https:\/\/olu-limburg.de\/wp-content\/uploads\/2024\/04\/P1080087_ergebnis-e1713204729741.jpg\" alt=\"\" width=\"450\" height=\"600\" \/><\/a><\/p>\n<p><a href=\"https:\/\/olu-limburg.de\/wp-content\/uploads\/2024\/04\/P1080085_ergebnis.jpg\"><img loading=\"lazy\" decoding=\"async\" class=\"size-full wp-image-31645 aligncenter\" src=\"https:\/\/olu-limburg.de\/wp-content\/uploads\/2024\/04\/P1080085_ergebnis.jpg\" alt=\"\" width=\"800\" height=\"600\" srcset=\"https:\/\/olu-limburg.de\/wp-content\/uploads\/2024\/04\/P1080085_ergebnis.jpg 800w, https:\/\/olu-limburg.de\/wp-content\/uploads\/2024\/04\/P1080085_ergebnis-300x225.jpg 300w, https:\/\/olu-limburg.de\/wp-content\/uploads\/2024\/04\/P1080085_ergebnis-768x576.jpg 768w, https:\/\/olu-limburg.de\/wp-content\/uploads\/2024\/04\/P1080085_ergebnis-624x468.jpg 624w\" sizes=\"auto, (max-width: 800px) 100vw, 800px\" \/><\/a><\/p>\n<p>Auf dem Stellplatz ist immer was los.<\/p>\n<p><a href=\"https:\/\/olu-limburg.de\/wp-content\/uploads\/2024\/04\/IMG_20220417_142926_ergebnis.jpg\"><img loading=\"lazy\" decoding=\"async\" class=\"size-full wp-image-31424 aligncenter\" src=\"https:\/\/olu-limburg.de\/wp-content\/uploads\/2024\/04\/IMG_20220417_142926_ergebnis.jpg\" alt=\"\" width=\"800\" height=\"600\" srcset=\"https:\/\/olu-limburg.de\/wp-content\/uploads\/2024\/04\/IMG_20220417_142926_ergebnis.jpg 800w, https:\/\/olu-limburg.de\/wp-content\/uploads\/2024\/04\/IMG_20220417_142926_ergebnis-300x225.jpg 300w, https:\/\/olu-limburg.de\/wp-content\/uploads\/2024\/04\/IMG_20220417_142926_ergebnis-768x576.jpg 768w, https:\/\/olu-limburg.de\/wp-content\/uploads\/2024\/04\/IMG_20220417_142926_ergebnis-624x468.jpg 624w\" sizes=\"auto, (max-width: 800px) 100vw, 800px\" \/><\/a><\/p>\n<p>F\u00fcr heute Nachmittag haben wir uns zwei Eintrittskarten f\u00fcr den &#8222;Course camarguaise in der Arenes de Fontvielle&#8220; gekauft. W\u00e4hrend im W\u00e4ldchen die Boulesspieler die Metallkugeln durch die Gegend werfen, zieht es uns in die Arena.<\/p>\n<p><a href=\"https:\/\/olu-limburg.de\/wp-content\/uploads\/2024\/04\/P1090381_ergebnis.jpg\"><img loading=\"lazy\" decoding=\"async\" class=\"size-full wp-image-31432 aligncenter\" src=\"https:\/\/olu-limburg.de\/wp-content\/uploads\/2024\/04\/P1090381_ergebnis.jpg\" alt=\"\" width=\"800\" height=\"600\" srcset=\"https:\/\/olu-limburg.de\/wp-content\/uploads\/2024\/04\/P1090381_ergebnis.jpg 800w, https:\/\/olu-limburg.de\/wp-content\/uploads\/2024\/04\/P1090381_ergebnis-300x225.jpg 300w, https:\/\/olu-limburg.de\/wp-content\/uploads\/2024\/04\/P1090381_ergebnis-768x576.jpg 768w, https:\/\/olu-limburg.de\/wp-content\/uploads\/2024\/04\/P1090381_ergebnis-624x468.jpg 624w\" sizes=\"auto, (max-width: 800px) 100vw, 800px\" \/><\/a><\/p>\n<p><a href=\"https:\/\/olu-limburg.de\/wp-content\/uploads\/2024\/04\/P1080076_ergebnis-e1713202194659.jpg\"><img loading=\"lazy\" decoding=\"async\" class=\"size-full wp-image-31640 aligncenter\" src=\"https:\/\/olu-limburg.de\/wp-content\/uploads\/2024\/04\/P1080076_ergebnis-e1713202194659.jpg\" alt=\"\" width=\"450\" height=\"600\" \/><\/a><\/p>\n<p><a href=\"https:\/\/olu-limburg.de\/wp-content\/uploads\/2024\/04\/P1090382_ergebnis.jpg\"><img loading=\"lazy\" decoding=\"async\" class=\"size-full wp-image-31433 aligncenter\" src=\"https:\/\/olu-limburg.de\/wp-content\/uploads\/2024\/04\/P1090382_ergebnis.jpg\" alt=\"\" width=\"800\" height=\"600\" srcset=\"https:\/\/olu-limburg.de\/wp-content\/uploads\/2024\/04\/P1090382_ergebnis.jpg 800w, https:\/\/olu-limburg.de\/wp-content\/uploads\/2024\/04\/P1090382_ergebnis-300x225.jpg 300w, https:\/\/olu-limburg.de\/wp-content\/uploads\/2024\/04\/P1090382_ergebnis-768x576.jpg 768w, https:\/\/olu-limburg.de\/wp-content\/uploads\/2024\/04\/P1090382_ergebnis-624x468.jpg 624w\" sizes=\"auto, (max-width: 800px) 100vw, 800px\" \/><\/a><\/p>\n<p>Die Hauptdarsteller, neben den Stieren nat\u00fcrlich, kommen in die Arena. Bei dem &#8222;Spiel&#8220; geht es darum, dass die M\u00e4nner mit Hilfe einer Metallb\u00fcrste bunte Woll-Kokarden von den H\u00f6rnern der Stiere ziehen m\u00fcssen. Wer dies schafft bekommt einen Geldpreis.<\/p>\n<p><a href=\"https:\/\/olu-limburg.de\/wp-content\/uploads\/2024\/04\/P1090385_ergebnis.jpg\"><img loading=\"lazy\" decoding=\"async\" class=\"size-full wp-image-31434 aligncenter\" src=\"https:\/\/olu-limburg.de\/wp-content\/uploads\/2024\/04\/P1090385_ergebnis.jpg\" alt=\"\" width=\"800\" height=\"600\" srcset=\"https:\/\/olu-limburg.de\/wp-content\/uploads\/2024\/04\/P1090385_ergebnis.jpg 800w, https:\/\/olu-limburg.de\/wp-content\/uploads\/2024\/04\/P1090385_ergebnis-300x225.jpg 300w, https:\/\/olu-limburg.de\/wp-content\/uploads\/2024\/04\/P1090385_ergebnis-768x576.jpg 768w, https:\/\/olu-limburg.de\/wp-content\/uploads\/2024\/04\/P1090385_ergebnis-624x468.jpg 624w\" sizes=\"auto, (max-width: 800px) 100vw, 800px\" \/><\/a><\/p>\n<p>Fr\u00f6hlich h\u00fcpft der Stier, der zweite Hauptdarsteller, durch die Manege.<\/p>\n<p><a href=\"https:\/\/olu-limburg.de\/wp-content\/uploads\/2024\/04\/IMG_20220417_160858_ergebnis.jpg\"><img loading=\"lazy\" decoding=\"async\" class=\"size-full wp-image-31428 aligncenter\" src=\"https:\/\/olu-limburg.de\/wp-content\/uploads\/2024\/04\/IMG_20220417_160858_ergebnis.jpg\" alt=\"\" width=\"800\" height=\"600\" srcset=\"https:\/\/olu-limburg.de\/wp-content\/uploads\/2024\/04\/IMG_20220417_160858_ergebnis.jpg 800w, https:\/\/olu-limburg.de\/wp-content\/uploads\/2024\/04\/IMG_20220417_160858_ergebnis-300x225.jpg 300w, https:\/\/olu-limburg.de\/wp-content\/uploads\/2024\/04\/IMG_20220417_160858_ergebnis-768x576.jpg 768w, https:\/\/olu-limburg.de\/wp-content\/uploads\/2024\/04\/IMG_20220417_160858_ergebnis-624x468.jpg 624w\" sizes=\"auto, (max-width: 800px) 100vw, 800px\" \/><\/a><\/p>\n<p>Jetzt geht es los.<\/p>\n<p><a href=\"https:\/\/olu-limburg.de\/wp-content\/uploads\/2024\/04\/P1090387_ergebnis.jpg\"><img loading=\"lazy\" decoding=\"async\" class=\"size-full wp-image-31435 aligncenter\" src=\"https:\/\/olu-limburg.de\/wp-content\/uploads\/2024\/04\/P1090387_ergebnis.jpg\" alt=\"\" width=\"800\" height=\"600\" srcset=\"https:\/\/olu-limburg.de\/wp-content\/uploads\/2024\/04\/P1090387_ergebnis.jpg 800w, https:\/\/olu-limburg.de\/wp-content\/uploads\/2024\/04\/P1090387_ergebnis-300x225.jpg 300w, https:\/\/olu-limburg.de\/wp-content\/uploads\/2024\/04\/P1090387_ergebnis-768x576.jpg 768w, https:\/\/olu-limburg.de\/wp-content\/uploads\/2024\/04\/P1090387_ergebnis-624x468.jpg 624w\" sizes=\"auto, (max-width: 800px) 100vw, 800px\" \/><\/a><\/p>\n<p><a href=\"https:\/\/olu-limburg.de\/wp-content\/uploads\/2024\/04\/IMG_20220417_162846_ergebnis.jpg\"><img loading=\"lazy\" decoding=\"async\" class=\"size-full wp-image-31429 aligncenter\" src=\"https:\/\/olu-limburg.de\/wp-content\/uploads\/2024\/04\/IMG_20220417_162846_ergebnis.jpg\" alt=\"\" width=\"800\" height=\"600\" srcset=\"https:\/\/olu-limburg.de\/wp-content\/uploads\/2024\/04\/IMG_20220417_162846_ergebnis.jpg 800w, https:\/\/olu-limburg.de\/wp-content\/uploads\/2024\/04\/IMG_20220417_162846_ergebnis-300x225.jpg 300w, https:\/\/olu-limburg.de\/wp-content\/uploads\/2024\/04\/IMG_20220417_162846_ergebnis-768x576.jpg 768w, https:\/\/olu-limburg.de\/wp-content\/uploads\/2024\/04\/IMG_20220417_162846_ergebnis-624x468.jpg 624w\" sizes=\"auto, (max-width: 800px) 100vw, 800px\" \/><\/a><\/p>\n<p>Ich bin ein Star, holt mich hier raus.<\/p>\n<p><a href=\"https:\/\/olu-limburg.de\/wp-content\/uploads\/2024\/04\/P1090396_ergebnis.jpg\"><img loading=\"lazy\" decoding=\"async\" class=\"size-full wp-image-31437 aligncenter\" src=\"https:\/\/olu-limburg.de\/wp-content\/uploads\/2024\/04\/P1090396_ergebnis.jpg\" alt=\"\" width=\"800\" height=\"600\" srcset=\"https:\/\/olu-limburg.de\/wp-content\/uploads\/2024\/04\/P1090396_ergebnis.jpg 800w, https:\/\/olu-limburg.de\/wp-content\/uploads\/2024\/04\/P1090396_ergebnis-300x225.jpg 300w, https:\/\/olu-limburg.de\/wp-content\/uploads\/2024\/04\/P1090396_ergebnis-768x576.jpg 768w, https:\/\/olu-limburg.de\/wp-content\/uploads\/2024\/04\/P1090396_ergebnis-624x468.jpg 624w\" sizes=\"auto, (max-width: 800px) 100vw, 800px\" \/><\/a><\/p>\n<p>Und weiter geht&#8217;s.<\/p>\n<p><a href=\"https:\/\/olu-limburg.de\/wp-content\/uploads\/2024\/04\/P1090388_ergebnis.jpg\"><img loading=\"lazy\" decoding=\"async\" class=\"size-full wp-image-31436 aligncenter\" src=\"https:\/\/olu-limburg.de\/wp-content\/uploads\/2024\/04\/P1090388_ergebnis.jpg\" alt=\"\" width=\"800\" height=\"600\" srcset=\"https:\/\/olu-limburg.de\/wp-content\/uploads\/2024\/04\/P1090388_ergebnis.jpg 800w, https:\/\/olu-limburg.de\/wp-content\/uploads\/2024\/04\/P1090388_ergebnis-300x225.jpg 300w, https:\/\/olu-limburg.de\/wp-content\/uploads\/2024\/04\/P1090388_ergebnis-768x576.jpg 768w, https:\/\/olu-limburg.de\/wp-content\/uploads\/2024\/04\/P1090388_ergebnis-624x468.jpg 624w\" sizes=\"auto, (max-width: 800px) 100vw, 800px\" \/><\/a><\/p>\n<p><a href=\"https:\/\/olu-limburg.de\/wp-content\/uploads\/2024\/04\/IMG_20220417_175955_ergebnis.jpg\"><img loading=\"lazy\" decoding=\"async\" class=\"size-full wp-image-31431 aligncenter\" src=\"https:\/\/olu-limburg.de\/wp-content\/uploads\/2024\/04\/IMG_20220417_175955_ergebnis.jpg\" alt=\"\" width=\"800\" height=\"600\" srcset=\"https:\/\/olu-limburg.de\/wp-content\/uploads\/2024\/04\/IMG_20220417_175955_ergebnis.jpg 800w, https:\/\/olu-limburg.de\/wp-content\/uploads\/2024\/04\/IMG_20220417_175955_ergebnis-300x225.jpg 300w, https:\/\/olu-limburg.de\/wp-content\/uploads\/2024\/04\/IMG_20220417_175955_ergebnis-768x576.jpg 768w, https:\/\/olu-limburg.de\/wp-content\/uploads\/2024\/04\/IMG_20220417_175955_ergebnis-624x468.jpg 624w\" sizes=\"auto, (max-width: 800px) 100vw, 800px\" \/><\/a><\/p>\n<p>Ein lustiger Nachmittag in der Arena geht auch mal zu Ende.<\/p>\n<p>Tagesstrecke: 0 km<\/p>\n<p>&nbsp;<\/p>\n<p><strong>Ostermontag, 18.04.2022<\/strong><\/p>\n<p>Heute verlassen wir Fontvielle in nordwestlicher Richtung und \u00fcberqueren dabei wieder die Rh\u00f4ne auf der Fahrt nach Remoulins. Bereits am Parkplatz vor der Arena wird aber unsere Abfahrt unterbrochen. In der Arena trainiert ein richtiger Torero am Stier. Und drau\u00dfen verkauft ein regionaler Selbstvermarkter seinen K\u00e4se und die Salami.<\/p>\n<p><a href=\"https:\/\/olu-limburg.de\/wp-content\/uploads\/2024\/04\/IMG_20220418_113041_ergebnis.jpg\"><img loading=\"lazy\" decoding=\"async\" class=\"size-full wp-image-31441 aligncenter\" src=\"https:\/\/olu-limburg.de\/wp-content\/uploads\/2024\/04\/IMG_20220418_113041_ergebnis.jpg\" alt=\"\" width=\"800\" height=\"600\" srcset=\"https:\/\/olu-limburg.de\/wp-content\/uploads\/2024\/04\/IMG_20220418_113041_ergebnis.jpg 800w, https:\/\/olu-limburg.de\/wp-content\/uploads\/2024\/04\/IMG_20220418_113041_ergebnis-300x225.jpg 300w, https:\/\/olu-limburg.de\/wp-content\/uploads\/2024\/04\/IMG_20220418_113041_ergebnis-768x576.jpg 768w, https:\/\/olu-limburg.de\/wp-content\/uploads\/2024\/04\/IMG_20220418_113041_ergebnis-624x468.jpg 624w\" sizes=\"auto, (max-width: 800px) 100vw, 800px\" \/><\/a><\/p>\n<p>Der Tanz beginnt.<\/p>\n<p><a href=\"https:\/\/olu-limburg.de\/wp-content\/uploads\/2024\/04\/IMG_20220418_114825_ergebnis.jpg\"><img loading=\"lazy\" decoding=\"async\" class=\"size-full wp-image-31442 aligncenter\" src=\"https:\/\/olu-limburg.de\/wp-content\/uploads\/2024\/04\/IMG_20220418_114825_ergebnis.jpg\" alt=\"\" width=\"800\" height=\"600\" srcset=\"https:\/\/olu-limburg.de\/wp-content\/uploads\/2024\/04\/IMG_20220418_114825_ergebnis.jpg 800w, https:\/\/olu-limburg.de\/wp-content\/uploads\/2024\/04\/IMG_20220418_114825_ergebnis-300x225.jpg 300w, https:\/\/olu-limburg.de\/wp-content\/uploads\/2024\/04\/IMG_20220418_114825_ergebnis-768x576.jpg 768w, https:\/\/olu-limburg.de\/wp-content\/uploads\/2024\/04\/IMG_20220418_114825_ergebnis-624x468.jpg 624w\" sizes=\"auto, (max-width: 800px) 100vw, 800px\" \/><\/a><\/p>\n<p>Der Picador (Lanzenreiter) soll mit seinen Lanzenangriffen den Stier erm\u00fcden, &#8230;<\/p>\n<p><a href=\"https:\/\/olu-limburg.de\/wp-content\/uploads\/2024\/04\/IMG_20220418_114857_ergebnis.jpg\"><img loading=\"lazy\" decoding=\"async\" class=\"size-full wp-image-31443 aligncenter\" src=\"https:\/\/olu-limburg.de\/wp-content\/uploads\/2024\/04\/IMG_20220418_114857_ergebnis.jpg\" alt=\"\" width=\"800\" height=\"600\" srcset=\"https:\/\/olu-limburg.de\/wp-content\/uploads\/2024\/04\/IMG_20220418_114857_ergebnis.jpg 800w, https:\/\/olu-limburg.de\/wp-content\/uploads\/2024\/04\/IMG_20220418_114857_ergebnis-300x225.jpg 300w, https:\/\/olu-limburg.de\/wp-content\/uploads\/2024\/04\/IMG_20220418_114857_ergebnis-768x576.jpg 768w, https:\/\/olu-limburg.de\/wp-content\/uploads\/2024\/04\/IMG_20220418_114857_ergebnis-624x468.jpg 624w\" sizes=\"auto, (max-width: 800px) 100vw, 800px\" \/><\/a><\/p>\n<p>&#8230;, bevor der Torero den Todessto\u00df mit dem Degen setzt.<\/p>\n<p><a href=\"https:\/\/olu-limburg.de\/wp-content\/uploads\/2024\/04\/IMG_20220418_115345_ergebnis.jpg\"><img loading=\"lazy\" decoding=\"async\" class=\"size-full wp-image-31444 aligncenter\" src=\"https:\/\/olu-limburg.de\/wp-content\/uploads\/2024\/04\/IMG_20220418_115345_ergebnis.jpg\" alt=\"\" width=\"800\" height=\"600\" srcset=\"https:\/\/olu-limburg.de\/wp-content\/uploads\/2024\/04\/IMG_20220418_115345_ergebnis.jpg 800w, https:\/\/olu-limburg.de\/wp-content\/uploads\/2024\/04\/IMG_20220418_115345_ergebnis-300x225.jpg 300w, https:\/\/olu-limburg.de\/wp-content\/uploads\/2024\/04\/IMG_20220418_115345_ergebnis-768x576.jpg 768w, https:\/\/olu-limburg.de\/wp-content\/uploads\/2024\/04\/IMG_20220418_115345_ergebnis-624x468.jpg 624w\" sizes=\"auto, (max-width: 800px) 100vw, 800px\" \/><\/a><\/p>\n<p>Wir haben irgendwann genug gesehen und setzen die Fahrt fort. In den letzten Tagen haben wir des\u00f6fteren auf der CampingCar-App die Fluktuation des Stellplatzes mit V+E und Strom (Geb\u00fchr EUR 12,60) in Remoulins verfolgt, und unsere Abfahrt dementsprechend geplant. So k\u00f6nnen wir uns tats\u00e4chlich bei unserer Ankunft einen Platz aussuchen.<\/p>\n<p><a href=\"https:\/\/olu-limburg.de\/wp-content\/uploads\/2024\/04\/P1090407_ergebnis.jpg\"><img loading=\"lazy\" decoding=\"async\" class=\"size-full wp-image-31454 aligncenter\" src=\"https:\/\/olu-limburg.de\/wp-content\/uploads\/2024\/04\/P1090407_ergebnis.jpg\" alt=\"\" width=\"800\" height=\"600\" srcset=\"https:\/\/olu-limburg.de\/wp-content\/uploads\/2024\/04\/P1090407_ergebnis.jpg 800w, https:\/\/olu-limburg.de\/wp-content\/uploads\/2024\/04\/P1090407_ergebnis-300x225.jpg 300w, https:\/\/olu-limburg.de\/wp-content\/uploads\/2024\/04\/P1090407_ergebnis-768x576.jpg 768w, https:\/\/olu-limburg.de\/wp-content\/uploads\/2024\/04\/P1090407_ergebnis-624x468.jpg 624w\" sizes=\"auto, (max-width: 800px) 100vw, 800px\" \/><\/a><\/p>\n<p>Ohne viel Zeit zu verlieren unternehmen wir sofort einen Spaziergang ins Zentrum von Remoulins. Dabei bleiben wir auf der Suche nach einem etwas feineren Feiertagsessen an der Speisekarte vom Hotel Restaurant &#8222;Les Glycines&#8220; h\u00e4ngen. Es folgt eine kurze Verst\u00e4ndigung mit zwei Blicken und ohne Worte, und schon gehen wir ins Restaurant.<\/p>\n<p><a href=\"https:\/\/olu-limburg.de\/wp-content\/uploads\/2024\/04\/IMG_20220418_120754_ergebnis.jpg\"><img loading=\"lazy\" decoding=\"async\" class=\"size-full wp-image-31446 aligncenter\" src=\"https:\/\/olu-limburg.de\/wp-content\/uploads\/2024\/04\/IMG_20220418_120754_ergebnis.jpg\" alt=\"\" width=\"800\" height=\"600\" srcset=\"https:\/\/olu-limburg.de\/wp-content\/uploads\/2024\/04\/IMG_20220418_120754_ergebnis.jpg 800w, https:\/\/olu-limburg.de\/wp-content\/uploads\/2024\/04\/IMG_20220418_120754_ergebnis-300x225.jpg 300w, https:\/\/olu-limburg.de\/wp-content\/uploads\/2024\/04\/IMG_20220418_120754_ergebnis-768x576.jpg 768w, https:\/\/olu-limburg.de\/wp-content\/uploads\/2024\/04\/IMG_20220418_120754_ergebnis-624x468.jpg 624w\" sizes=\"auto, (max-width: 800px) 100vw, 800px\" \/><\/a><\/p>\n<p><strong>Unser Ostermen\u00fc<\/strong><\/p>\n<p><a href=\"https:\/\/olu-limburg.de\/wp-content\/uploads\/2024\/04\/20220418_132010_ergebnis-e1713270969729.jpg\"><img loading=\"lazy\" decoding=\"async\" class=\"size-full wp-image-31643 aligncenter\" src=\"https:\/\/olu-limburg.de\/wp-content\/uploads\/2024\/04\/20220418_132010_ergebnis-e1713270969729.jpg\" alt=\"\" width=\"450\" height=\"600\" \/><\/a><\/p>\n<p><strong>Aperitif:<\/strong>\u00a0 Kir<\/p>\n<p><a href=\"https:\/\/olu-limburg.de\/wp-content\/uploads\/2024\/04\/IMG_20220418_132400_ergebnis-e1712845759654.jpg\"><img loading=\"lazy\" decoding=\"async\" class=\"size-full wp-image-31447 aligncenter\" src=\"https:\/\/olu-limburg.de\/wp-content\/uploads\/2024\/04\/IMG_20220418_132400_ergebnis-e1712845759654.jpg\" alt=\"\" width=\"450\" height=\"600\" \/><\/a><\/p>\n<p>Als <strong>Ostermontagsmen<\/strong>\u00fc gibt es:<\/p>\n<p>Canneloni de Saumon aux Agrumes (Canneloni vom R\u00e4ucherlachs mit Limettensahne)<\/p>\n<p><a href=\"https:\/\/olu-limburg.de\/wp-content\/uploads\/2024\/04\/IMG_20220418_132902_ergebnis.jpg\"><img loading=\"lazy\" decoding=\"async\" class=\"size-full wp-image-31448 aligncenter\" src=\"https:\/\/olu-limburg.de\/wp-content\/uploads\/2024\/04\/IMG_20220418_132902_ergebnis.jpg\" alt=\"\" width=\"800\" height=\"600\" srcset=\"https:\/\/olu-limburg.de\/wp-content\/uploads\/2024\/04\/IMG_20220418_132902_ergebnis.jpg 800w, https:\/\/olu-limburg.de\/wp-content\/uploads\/2024\/04\/IMG_20220418_132902_ergebnis-300x225.jpg 300w, https:\/\/olu-limburg.de\/wp-content\/uploads\/2024\/04\/IMG_20220418_132902_ergebnis-768x576.jpg 768w, https:\/\/olu-limburg.de\/wp-content\/uploads\/2024\/04\/IMG_20220418_132902_ergebnis-624x468.jpg 624w\" sizes=\"auto, (max-width: 800px) 100vw, 800px\" \/><\/a><\/p>\n<p>Souris D&#8217;Agneau au Romarin (Lammhaxe auf einem Kartoffel-Sellerie-Stampf)<\/p>\n<p><a href=\"https:\/\/olu-limburg.de\/wp-content\/uploads\/2024\/04\/IMG_20220418_134305_ergebnis.jpg\"><img loading=\"lazy\" decoding=\"async\" class=\"size-full wp-image-31449 aligncenter\" src=\"https:\/\/olu-limburg.de\/wp-content\/uploads\/2024\/04\/IMG_20220418_134305_ergebnis.jpg\" alt=\"\" width=\"800\" height=\"600\" srcset=\"https:\/\/olu-limburg.de\/wp-content\/uploads\/2024\/04\/IMG_20220418_134305_ergebnis.jpg 800w, https:\/\/olu-limburg.de\/wp-content\/uploads\/2024\/04\/IMG_20220418_134305_ergebnis-300x225.jpg 300w, https:\/\/olu-limburg.de\/wp-content\/uploads\/2024\/04\/IMG_20220418_134305_ergebnis-768x576.jpg 768w, https:\/\/olu-limburg.de\/wp-content\/uploads\/2024\/04\/IMG_20220418_134305_ergebnis-624x468.jpg 624w\" sizes=\"auto, (max-width: 800px) 100vw, 800px\" \/><\/a><\/p>\n<p>und D\u00f4me de Paques<\/p>\n<p><a href=\"https:\/\/olu-limburg.de\/wp-content\/uploads\/2024\/04\/IMG_20220418_140439_ergebnis.jpg\"><img loading=\"lazy\" decoding=\"async\" class=\"size-full wp-image-31450 aligncenter\" src=\"https:\/\/olu-limburg.de\/wp-content\/uploads\/2024\/04\/IMG_20220418_140439_ergebnis.jpg\" alt=\"\" width=\"800\" height=\"600\" srcset=\"https:\/\/olu-limburg.de\/wp-content\/uploads\/2024\/04\/IMG_20220418_140439_ergebnis.jpg 800w, https:\/\/olu-limburg.de\/wp-content\/uploads\/2024\/04\/IMG_20220418_140439_ergebnis-300x225.jpg 300w, https:\/\/olu-limburg.de\/wp-content\/uploads\/2024\/04\/IMG_20220418_140439_ergebnis-768x576.jpg 768w, https:\/\/olu-limburg.de\/wp-content\/uploads\/2024\/04\/IMG_20220418_140439_ergebnis-624x468.jpg 624w\" sizes=\"auto, (max-width: 800px) 100vw, 800px\" \/><\/a><\/p>\n<p><a href=\"https:\/\/olu-limburg.de\/wp-content\/uploads\/2024\/04\/P1090402_ergebnis.jpg\"><img loading=\"lazy\" decoding=\"async\" class=\"size-full wp-image-31451 aligncenter\" src=\"https:\/\/olu-limburg.de\/wp-content\/uploads\/2024\/04\/P1090402_ergebnis.jpg\" alt=\"\" width=\"800\" height=\"600\" srcset=\"https:\/\/olu-limburg.de\/wp-content\/uploads\/2024\/04\/P1090402_ergebnis.jpg 800w, https:\/\/olu-limburg.de\/wp-content\/uploads\/2024\/04\/P1090402_ergebnis-300x225.jpg 300w, https:\/\/olu-limburg.de\/wp-content\/uploads\/2024\/04\/P1090402_ergebnis-768x576.jpg 768w, https:\/\/olu-limburg.de\/wp-content\/uploads\/2024\/04\/P1090402_ergebnis-624x468.jpg 624w\" sizes=\"auto, (max-width: 800px) 100vw, 800px\" \/><\/a><\/p>\n<p><a href=\"https:\/\/olu-limburg.de\/wp-content\/uploads\/2024\/04\/P1090404_ergebnis.jpg\"><img loading=\"lazy\" decoding=\"async\" class=\"size-full wp-image-31452 aligncenter\" src=\"https:\/\/olu-limburg.de\/wp-content\/uploads\/2024\/04\/P1090404_ergebnis.jpg\" alt=\"\" width=\"800\" height=\"600\" srcset=\"https:\/\/olu-limburg.de\/wp-content\/uploads\/2024\/04\/P1090404_ergebnis.jpg 800w, https:\/\/olu-limburg.de\/wp-content\/uploads\/2024\/04\/P1090404_ergebnis-300x225.jpg 300w, https:\/\/olu-limburg.de\/wp-content\/uploads\/2024\/04\/P1090404_ergebnis-768x576.jpg 768w, https:\/\/olu-limburg.de\/wp-content\/uploads\/2024\/04\/P1090404_ergebnis-624x468.jpg 624w\" sizes=\"auto, (max-width: 800px) 100vw, 800px\" \/><\/a><\/p>\n<p><a href=\"https:\/\/olu-limburg.de\/wp-content\/uploads\/2024\/04\/P1090405_ergebnis.jpg\"><img loading=\"lazy\" decoding=\"async\" class=\"size-full wp-image-31453 aligncenter\" src=\"https:\/\/olu-limburg.de\/wp-content\/uploads\/2024\/04\/P1090405_ergebnis.jpg\" alt=\"\" width=\"800\" height=\"600\" srcset=\"https:\/\/olu-limburg.de\/wp-content\/uploads\/2024\/04\/P1090405_ergebnis.jpg 800w, https:\/\/olu-limburg.de\/wp-content\/uploads\/2024\/04\/P1090405_ergebnis-300x225.jpg 300w, https:\/\/olu-limburg.de\/wp-content\/uploads\/2024\/04\/P1090405_ergebnis-768x576.jpg 768w, https:\/\/olu-limburg.de\/wp-content\/uploads\/2024\/04\/P1090405_ergebnis-624x468.jpg 624w\" sizes=\"auto, (max-width: 800px) 100vw, 800px\" \/><\/a><\/p>\n<p>Es ist alles ein wenig ruhig in der Stadt.<\/p>\n<p>Am Nachmittag sind wir wieder fitt und nehmen ganz locker den Spaziergang zur Pont du Gard auf. Doch die Strecke zieht sich ganz sch\u00f6n.<\/p>\n<div id=\"attachment_31460\" style=\"width: 810px\" class=\"wp-caption aligncenter\"><a href=\"https:\/\/olu-limburg.de\/wp-content\/uploads\/2024\/04\/P1090411_ergebnis.jpg\"><img loading=\"lazy\" decoding=\"async\" aria-describedby=\"caption-attachment-31460\" class=\"wp-image-31460 size-full\" src=\"https:\/\/olu-limburg.de\/wp-content\/uploads\/2024\/04\/P1090411_ergebnis.jpg\" alt=\"\" width=\"800\" height=\"600\" srcset=\"https:\/\/olu-limburg.de\/wp-content\/uploads\/2024\/04\/P1090411_ergebnis.jpg 800w, https:\/\/olu-limburg.de\/wp-content\/uploads\/2024\/04\/P1090411_ergebnis-300x225.jpg 300w, https:\/\/olu-limburg.de\/wp-content\/uploads\/2024\/04\/P1090411_ergebnis-768x576.jpg 768w, https:\/\/olu-limburg.de\/wp-content\/uploads\/2024\/04\/P1090411_ergebnis-624x468.jpg 624w\" sizes=\"auto, (max-width: 800px) 100vw, 800px\" \/><\/a><p id=\"caption-attachment-31460\" class=\"wp-caption-text\">Ansicht von Castillon-du-Gard<\/p><\/div>\n<p><a href=\"https:\/\/olu-limburg.de\/wp-content\/uploads\/2024\/04\/P1090409_ergebnis-e1712849807723.jpg\"><img loading=\"lazy\" decoding=\"async\" class=\"size-full wp-image-31459 aligncenter\" src=\"https:\/\/olu-limburg.de\/wp-content\/uploads\/2024\/04\/P1090409_ergebnis-e1712849807723.jpg\" alt=\"\" width=\"450\" height=\"600\" \/><\/a><\/p>\n<p><a href=\"https:\/\/olu-limburg.de\/wp-content\/uploads\/2024\/04\/20220418_183701_ergebnis.jpg\"><img loading=\"lazy\" decoding=\"async\" class=\"size-full wp-image-31649 aligncenter\" src=\"https:\/\/olu-limburg.de\/wp-content\/uploads\/2024\/04\/20220418_183701_ergebnis.jpg\" alt=\"\" width=\"800\" height=\"600\" srcset=\"https:\/\/olu-limburg.de\/wp-content\/uploads\/2024\/04\/20220418_183701_ergebnis.jpg 800w, https:\/\/olu-limburg.de\/wp-content\/uploads\/2024\/04\/20220418_183701_ergebnis-300x225.jpg 300w, https:\/\/olu-limburg.de\/wp-content\/uploads\/2024\/04\/20220418_183701_ergebnis-768x576.jpg 768w, https:\/\/olu-limburg.de\/wp-content\/uploads\/2024\/04\/20220418_183701_ergebnis-624x468.jpg 624w\" sizes=\"auto, (max-width: 800px) 100vw, 800px\" \/><\/a><\/p>\n<p>Endlich sehen wir die Pont-du-Gard, die vor ungef\u00e4hr 2000 Jahren erbaut wurde. Sie ist Teil eines 50 km langen r\u00f6mischen Aqu\u00e4duktes, der Wasser von Uz\u00e8s nach Nimes leitete.<\/p>\n<p><a href=\"https:\/\/olu-limburg.de\/wp-content\/uploads\/2024\/04\/IMG_20220418_170304_ergebnis.jpg\"><img loading=\"lazy\" decoding=\"async\" class=\"size-full wp-image-31457 aligncenter\" src=\"https:\/\/olu-limburg.de\/wp-content\/uploads\/2024\/04\/IMG_20220418_170304_ergebnis.jpg\" alt=\"\" width=\"800\" height=\"600\" srcset=\"https:\/\/olu-limburg.de\/wp-content\/uploads\/2024\/04\/IMG_20220418_170304_ergebnis.jpg 800w, https:\/\/olu-limburg.de\/wp-content\/uploads\/2024\/04\/IMG_20220418_170304_ergebnis-300x225.jpg 300w, https:\/\/olu-limburg.de\/wp-content\/uploads\/2024\/04\/IMG_20220418_170304_ergebnis-768x576.jpg 768w, https:\/\/olu-limburg.de\/wp-content\/uploads\/2024\/04\/IMG_20220418_170304_ergebnis-624x468.jpg 624w\" sizes=\"auto, (max-width: 800px) 100vw, 800px\" \/><\/a><\/p>\n<p>Von der anderen Uferseite h\u00f6ren wir Musik und Getrommel. Dort wird ein Fest sein, wie es hier f\u00fcr Ostermontag typisch ist.<\/p>\n<p><a href=\"https:\/\/olu-limburg.de\/wp-content\/uploads\/2024\/04\/P1090415_ergebnis.jpg\"><img loading=\"lazy\" decoding=\"async\" class=\"size-full wp-image-31465 aligncenter\" src=\"https:\/\/olu-limburg.de\/wp-content\/uploads\/2024\/04\/P1090415_ergebnis.jpg\" alt=\"\" width=\"800\" height=\"600\" srcset=\"https:\/\/olu-limburg.de\/wp-content\/uploads\/2024\/04\/P1090415_ergebnis.jpg 800w, https:\/\/olu-limburg.de\/wp-content\/uploads\/2024\/04\/P1090415_ergebnis-300x225.jpg 300w, https:\/\/olu-limburg.de\/wp-content\/uploads\/2024\/04\/P1090415_ergebnis-768x576.jpg 768w, https:\/\/olu-limburg.de\/wp-content\/uploads\/2024\/04\/P1090415_ergebnis-624x468.jpg 624w\" sizes=\"auto, (max-width: 800px) 100vw, 800px\" \/><\/a><\/p>\n<p><a href=\"https:\/\/olu-limburg.de\/wp-content\/uploads\/2024\/04\/IMG_20220418_171831_ergebnis-e1712850870830.jpg\"><img loading=\"lazy\" decoding=\"async\" class=\"size-full wp-image-31462 aligncenter\" src=\"https:\/\/olu-limburg.de\/wp-content\/uploads\/2024\/04\/IMG_20220418_171831_ergebnis-e1712850870830.jpg\" alt=\"\" width=\"450\" height=\"600\" \/><\/a><\/p>\n<p><a href=\"https:\/\/olu-limburg.de\/wp-content\/uploads\/2024\/04\/P1090417_ergebnis.jpg\"><img loading=\"lazy\" decoding=\"async\" class=\"size-full wp-image-31466 aligncenter\" src=\"https:\/\/olu-limburg.de\/wp-content\/uploads\/2024\/04\/P1090417_ergebnis.jpg\" alt=\"\" width=\"800\" height=\"600\" srcset=\"https:\/\/olu-limburg.de\/wp-content\/uploads\/2024\/04\/P1090417_ergebnis.jpg 800w, https:\/\/olu-limburg.de\/wp-content\/uploads\/2024\/04\/P1090417_ergebnis-300x225.jpg 300w, https:\/\/olu-limburg.de\/wp-content\/uploads\/2024\/04\/P1090417_ergebnis-768x576.jpg 768w, https:\/\/olu-limburg.de\/wp-content\/uploads\/2024\/04\/P1090417_ergebnis-624x468.jpg 624w\" sizes=\"auto, (max-width: 800px) 100vw, 800px\" \/><\/a><\/p>\n<p><a href=\"https:\/\/olu-limburg.de\/wp-content\/uploads\/2024\/04\/P1090420_ergebnis.jpg\"><img loading=\"lazy\" decoding=\"async\" class=\"size-full wp-image-31467 aligncenter\" src=\"https:\/\/olu-limburg.de\/wp-content\/uploads\/2024\/04\/P1090420_ergebnis.jpg\" alt=\"\" width=\"800\" height=\"600\" srcset=\"https:\/\/olu-limburg.de\/wp-content\/uploads\/2024\/04\/P1090420_ergebnis.jpg 800w, https:\/\/olu-limburg.de\/wp-content\/uploads\/2024\/04\/P1090420_ergebnis-300x225.jpg 300w, https:\/\/olu-limburg.de\/wp-content\/uploads\/2024\/04\/P1090420_ergebnis-768x576.jpg 768w, https:\/\/olu-limburg.de\/wp-content\/uploads\/2024\/04\/P1090420_ergebnis-624x468.jpg 624w\" sizes=\"auto, (max-width: 800px) 100vw, 800px\" \/><\/a><\/p>\n<p>Wir sind zu sp\u00e4t. Das Fest ist in Aufl\u00f6sung begriffen.<\/p>\n<p><a href=\"https:\/\/olu-limburg.de\/wp-content\/uploads\/2024\/04\/P1090422_ergebnis-e1712850817552.jpg\"><img loading=\"lazy\" decoding=\"async\" class=\"size-full wp-image-31469 alignleft\" src=\"https:\/\/olu-limburg.de\/wp-content\/uploads\/2024\/04\/P1090422_ergebnis-e1712850817552.jpg\" alt=\"\" width=\"450\" height=\"600\" \/><\/a><\/p>\n<p><a href=\"https:\/\/olu-limburg.de\/wp-content\/uploads\/2024\/04\/P1090421_ergebnis-e1712850833894.jpg\"><img loading=\"lazy\" decoding=\"async\" class=\"size-full wp-image-31468 alignright\" src=\"https:\/\/olu-limburg.de\/wp-content\/uploads\/2024\/04\/P1090421_ergebnis-e1712850833894.jpg\" alt=\"\" width=\"450\" height=\"600\" \/><\/a><\/p>\n<p><a href=\"https:\/\/olu-limburg.de\/wp-content\/uploads\/2024\/04\/IMG_20220418_180843_ergebnis.jpg\"><img loading=\"lazy\" decoding=\"async\" class=\"size-full wp-image-31463 aligncenter\" src=\"https:\/\/olu-limburg.de\/wp-content\/uploads\/2024\/04\/IMG_20220418_180843_ergebnis.jpg\" alt=\"\" width=\"800\" height=\"600\" srcset=\"https:\/\/olu-limburg.de\/wp-content\/uploads\/2024\/04\/IMG_20220418_180843_ergebnis.jpg 800w, https:\/\/olu-limburg.de\/wp-content\/uploads\/2024\/04\/IMG_20220418_180843_ergebnis-300x225.jpg 300w, https:\/\/olu-limburg.de\/wp-content\/uploads\/2024\/04\/IMG_20220418_180843_ergebnis-768x576.jpg 768w, https:\/\/olu-limburg.de\/wp-content\/uploads\/2024\/04\/IMG_20220418_180843_ergebnis-624x468.jpg 624w\" sizes=\"auto, (max-width: 800px) 100vw, 800px\" \/><\/a><\/p>\n<p><a href=\"https:\/\/olu-limburg.de\/wp-content\/uploads\/2024\/04\/P1090426_ergebnis.jpg\"><img loading=\"lazy\" decoding=\"async\" class=\"size-full wp-image-31470 aligncenter\" src=\"https:\/\/olu-limburg.de\/wp-content\/uploads\/2024\/04\/P1090426_ergebnis.jpg\" alt=\"\" width=\"800\" height=\"600\" srcset=\"https:\/\/olu-limburg.de\/wp-content\/uploads\/2024\/04\/P1090426_ergebnis.jpg 800w, https:\/\/olu-limburg.de\/wp-content\/uploads\/2024\/04\/P1090426_ergebnis-300x225.jpg 300w, https:\/\/olu-limburg.de\/wp-content\/uploads\/2024\/04\/P1090426_ergebnis-768x576.jpg 768w, https:\/\/olu-limburg.de\/wp-content\/uploads\/2024\/04\/P1090426_ergebnis-624x468.jpg 624w\" sizes=\"auto, (max-width: 800px) 100vw, 800px\" \/><\/a><\/p>\n<p>Dann machen auch wir uns auf den Heimweg.<\/p>\n<p><a href=\"https:\/\/olu-limburg.de\/wp-content\/uploads\/2024\/04\/20220418_182951_ergebnis.jpg\"><img loading=\"lazy\" decoding=\"async\" class=\"size-full wp-image-31650 aligncenter\" src=\"https:\/\/olu-limburg.de\/wp-content\/uploads\/2024\/04\/20220418_182951_ergebnis.jpg\" alt=\"\" width=\"800\" height=\"600\" srcset=\"https:\/\/olu-limburg.de\/wp-content\/uploads\/2024\/04\/20220418_182951_ergebnis.jpg 800w, https:\/\/olu-limburg.de\/wp-content\/uploads\/2024\/04\/20220418_182951_ergebnis-300x225.jpg 300w, https:\/\/olu-limburg.de\/wp-content\/uploads\/2024\/04\/20220418_182951_ergebnis-768x576.jpg 768w, https:\/\/olu-limburg.de\/wp-content\/uploads\/2024\/04\/20220418_182951_ergebnis-624x468.jpg 624w\" sizes=\"auto, (max-width: 800px) 100vw, 800px\" \/><\/a><\/p>\n<p>Unter der Felsformation sehen wir auf einmal einen riesigen H\u00f6hleneingang. Es ist die Grotte de la Salp\u00eatri\u00e8re, die bereits vor ungef\u00e4hr 19.000 Jahren bewohnt wurde.<\/p>\n<p><a href=\"https:\/\/olu-limburg.de\/wp-content\/uploads\/2024\/04\/P1090431_ergebnis.jpg\"><img loading=\"lazy\" decoding=\"async\" class=\"size-full wp-image-31472 aligncenter\" src=\"https:\/\/olu-limburg.de\/wp-content\/uploads\/2024\/04\/P1090431_ergebnis.jpg\" alt=\"\" width=\"800\" height=\"600\" srcset=\"https:\/\/olu-limburg.de\/wp-content\/uploads\/2024\/04\/P1090431_ergebnis.jpg 800w, https:\/\/olu-limburg.de\/wp-content\/uploads\/2024\/04\/P1090431_ergebnis-300x225.jpg 300w, https:\/\/olu-limburg.de\/wp-content\/uploads\/2024\/04\/P1090431_ergebnis-768x576.jpg 768w, https:\/\/olu-limburg.de\/wp-content\/uploads\/2024\/04\/P1090431_ergebnis-624x468.jpg 624w\" sizes=\"auto, (max-width: 800px) 100vw, 800px\" \/><\/a><\/p>\n<div id=\"attachment_31464\" style=\"width: 810px\" class=\"wp-caption aligncenter\"><a href=\"https:\/\/olu-limburg.de\/wp-content\/uploads\/2024\/04\/IMG_20220418_190434_ergebnis.jpg\"><img loading=\"lazy\" decoding=\"async\" aria-describedby=\"caption-attachment-31464\" class=\"wp-image-31464 size-full\" src=\"https:\/\/olu-limburg.de\/wp-content\/uploads\/2024\/04\/IMG_20220418_190434_ergebnis.jpg\" alt=\"\" width=\"800\" height=\"600\" srcset=\"https:\/\/olu-limburg.de\/wp-content\/uploads\/2024\/04\/IMG_20220418_190434_ergebnis.jpg 800w, https:\/\/olu-limburg.de\/wp-content\/uploads\/2024\/04\/IMG_20220418_190434_ergebnis-300x225.jpg 300w, https:\/\/olu-limburg.de\/wp-content\/uploads\/2024\/04\/IMG_20220418_190434_ergebnis-768x576.jpg 768w, https:\/\/olu-limburg.de\/wp-content\/uploads\/2024\/04\/IMG_20220418_190434_ergebnis-624x468.jpg 624w\" sizes=\"auto, (max-width: 800px) 100vw, 800px\" \/><\/a><p id=\"caption-attachment-31464\" class=\"wp-caption-text\">Blick auf Remoulins<\/p><\/div>\n<p>Der Stellplatz hat sich wieder gef\u00fcllt.<\/p>\n<p><a href=\"https:\/\/olu-limburg.de\/wp-content\/uploads\/2024\/04\/P1090434_ergebnis.jpg\"><img loading=\"lazy\" decoding=\"async\" class=\"size-full wp-image-31473 aligncenter\" src=\"https:\/\/olu-limburg.de\/wp-content\/uploads\/2024\/04\/P1090434_ergebnis.jpg\" alt=\"\" width=\"800\" height=\"600\" srcset=\"https:\/\/olu-limburg.de\/wp-content\/uploads\/2024\/04\/P1090434_ergebnis.jpg 800w, https:\/\/olu-limburg.de\/wp-content\/uploads\/2024\/04\/P1090434_ergebnis-300x225.jpg 300w, https:\/\/olu-limburg.de\/wp-content\/uploads\/2024\/04\/P1090434_ergebnis-768x576.jpg 768w, https:\/\/olu-limburg.de\/wp-content\/uploads\/2024\/04\/P1090434_ergebnis-624x468.jpg 624w\" sizes=\"auto, (max-width: 800px) 100vw, 800px\" \/><\/a><\/p>\n<p>Tagesstrecke: 35 km<\/p>\n<p>&nbsp;<\/p>\n<p><strong>Dienstag, 19.04.2022<\/strong><\/p>\n<p>Wir haben noch etwas Zeit, bevor wir von dem Stellplatz runter m\u00fcssen. Deshalb wollen wir uns Remoulins intensiver anschauen. Wenn man im Internet nachschaut, steht \u00fcber die Gemeinde, dass sie am Gardon liegt &#8211; Punkt. Dabei hat sie ohne Zweifel ihre Reize und sch\u00f6ne Fleckchen. Remoulins ist dabei ein deckungsgleiches Abbild der Provenceorte.<\/p>\n<p><a href=\"https:\/\/olu-limburg.de\/wp-content\/uploads\/2024\/04\/P1090436_ergebnis-e1712852104358.jpg\"><img loading=\"lazy\" decoding=\"async\" class=\"size-full wp-image-31477 alignleft\" src=\"https:\/\/olu-limburg.de\/wp-content\/uploads\/2024\/04\/P1090436_ergebnis-e1712852104358.jpg\" alt=\"\" width=\"450\" height=\"600\" \/><\/a><\/p>\n<p><a href=\"https:\/\/olu-limburg.de\/wp-content\/uploads\/2024\/04\/IMG_20220419_103930_ergebnis-e1712852121868.jpg\"><img loading=\"lazy\" decoding=\"async\" class=\"size-full wp-image-31475 alignright\" src=\"https:\/\/olu-limburg.de\/wp-content\/uploads\/2024\/04\/IMG_20220419_103930_ergebnis-e1712852121868.jpg\" alt=\"\" width=\"450\" height=\"600\" \/><\/a><\/p>\n<p><a href=\"https:\/\/olu-limburg.de\/wp-content\/uploads\/2024\/04\/IMG_20220419_104512_ergebnis.jpg\"><img loading=\"lazy\" decoding=\"async\" class=\"size-full wp-image-31476 aligncenter\" src=\"https:\/\/olu-limburg.de\/wp-content\/uploads\/2024\/04\/IMG_20220419_104512_ergebnis.jpg\" alt=\"\" width=\"800\" height=\"600\" srcset=\"https:\/\/olu-limburg.de\/wp-content\/uploads\/2024\/04\/IMG_20220419_104512_ergebnis.jpg 800w, https:\/\/olu-limburg.de\/wp-content\/uploads\/2024\/04\/IMG_20220419_104512_ergebnis-300x225.jpg 300w, https:\/\/olu-limburg.de\/wp-content\/uploads\/2024\/04\/IMG_20220419_104512_ergebnis-768x576.jpg 768w, https:\/\/olu-limburg.de\/wp-content\/uploads\/2024\/04\/IMG_20220419_104512_ergebnis-624x468.jpg 624w\" sizes=\"auto, (max-width: 800px) 100vw, 800px\" \/><\/a><\/p>\n<p><a href=\"https:\/\/olu-limburg.de\/wp-content\/uploads\/2024\/04\/P1090440_ergebnis-e1712852145308.jpg\"><img loading=\"lazy\" decoding=\"async\" class=\"size-full wp-image-31478 aligncenter\" src=\"https:\/\/olu-limburg.de\/wp-content\/uploads\/2024\/04\/P1090440_ergebnis-e1712852145308.jpg\" alt=\"\" width=\"450\" height=\"600\" \/><\/a><\/p>\n<p><a href=\"https:\/\/olu-limburg.de\/wp-content\/uploads\/2024\/04\/P1090442_ergebnis.jpg\"><img loading=\"lazy\" decoding=\"async\" class=\"size-full wp-image-31479 aligncenter\" src=\"https:\/\/olu-limburg.de\/wp-content\/uploads\/2024\/04\/P1090442_ergebnis.jpg\" alt=\"\" width=\"800\" height=\"600\" srcset=\"https:\/\/olu-limburg.de\/wp-content\/uploads\/2024\/04\/P1090442_ergebnis.jpg 800w, https:\/\/olu-limburg.de\/wp-content\/uploads\/2024\/04\/P1090442_ergebnis-300x225.jpg 300w, https:\/\/olu-limburg.de\/wp-content\/uploads\/2024\/04\/P1090442_ergebnis-768x576.jpg 768w, https:\/\/olu-limburg.de\/wp-content\/uploads\/2024\/04\/P1090442_ergebnis-624x468.jpg 624w\" sizes=\"auto, (max-width: 800px) 100vw, 800px\" \/><\/a><\/p>\n<p><a href=\"https:\/\/olu-limburg.de\/wp-content\/uploads\/2024\/04\/P1090448_ergebnis.jpg\"><img loading=\"lazy\" decoding=\"async\" class=\"size-full wp-image-31480 aligncenter\" src=\"https:\/\/olu-limburg.de\/wp-content\/uploads\/2024\/04\/P1090448_ergebnis.jpg\" alt=\"\" width=\"800\" height=\"600\" srcset=\"https:\/\/olu-limburg.de\/wp-content\/uploads\/2024\/04\/P1090448_ergebnis.jpg 800w, https:\/\/olu-limburg.de\/wp-content\/uploads\/2024\/04\/P1090448_ergebnis-300x225.jpg 300w, https:\/\/olu-limburg.de\/wp-content\/uploads\/2024\/04\/P1090448_ergebnis-768x576.jpg 768w, https:\/\/olu-limburg.de\/wp-content\/uploads\/2024\/04\/P1090448_ergebnis-624x468.jpg 624w\" sizes=\"auto, (max-width: 800px) 100vw, 800px\" \/><\/a><\/p>\n<p><a href=\"https:\/\/olu-limburg.de\/wp-content\/uploads\/2024\/04\/P1090449_ergebnis.jpg\"><img loading=\"lazy\" decoding=\"async\" class=\"size-full wp-image-31481 aligncenter\" src=\"https:\/\/olu-limburg.de\/wp-content\/uploads\/2024\/04\/P1090449_ergebnis.jpg\" alt=\"\" width=\"800\" height=\"600\" srcset=\"https:\/\/olu-limburg.de\/wp-content\/uploads\/2024\/04\/P1090449_ergebnis.jpg 800w, https:\/\/olu-limburg.de\/wp-content\/uploads\/2024\/04\/P1090449_ergebnis-300x225.jpg 300w, https:\/\/olu-limburg.de\/wp-content\/uploads\/2024\/04\/P1090449_ergebnis-768x576.jpg 768w, https:\/\/olu-limburg.de\/wp-content\/uploads\/2024\/04\/P1090449_ergebnis-624x468.jpg 624w\" sizes=\"auto, (max-width: 800px) 100vw, 800px\" \/><\/a><\/p>\n<p>In einem kleinen W\u00e4ldchen, ganz versteckt unter den Baumwipfeln, befindet sich die Arena von Remoulins.<\/p>\n<p><a href=\"https:\/\/olu-limburg.de\/wp-content\/uploads\/2024\/04\/P1090450_ergebnis.jpg\"><img loading=\"lazy\" decoding=\"async\" class=\"size-full wp-image-31482 aligncenter\" src=\"https:\/\/olu-limburg.de\/wp-content\/uploads\/2024\/04\/P1090450_ergebnis.jpg\" alt=\"\" width=\"800\" height=\"600\" srcset=\"https:\/\/olu-limburg.de\/wp-content\/uploads\/2024\/04\/P1090450_ergebnis.jpg 800w, https:\/\/olu-limburg.de\/wp-content\/uploads\/2024\/04\/P1090450_ergebnis-300x225.jpg 300w, https:\/\/olu-limburg.de\/wp-content\/uploads\/2024\/04\/P1090450_ergebnis-768x576.jpg 768w, https:\/\/olu-limburg.de\/wp-content\/uploads\/2024\/04\/P1090450_ergebnis-624x468.jpg 624w\" sizes=\"auto, (max-width: 800px) 100vw, 800px\" \/><\/a><\/p>\n<div id=\"attachment_31483\" style=\"width: 810px\" class=\"wp-caption aligncenter\"><a href=\"https:\/\/olu-limburg.de\/wp-content\/uploads\/2024\/04\/P1090451_ergebnis.jpg\"><img loading=\"lazy\" decoding=\"async\" aria-describedby=\"caption-attachment-31483\" class=\"wp-image-31483 size-full\" src=\"https:\/\/olu-limburg.de\/wp-content\/uploads\/2024\/04\/P1090451_ergebnis.jpg\" alt=\"\" width=\"800\" height=\"600\" srcset=\"https:\/\/olu-limburg.de\/wp-content\/uploads\/2024\/04\/P1090451_ergebnis.jpg 800w, https:\/\/olu-limburg.de\/wp-content\/uploads\/2024\/04\/P1090451_ergebnis-300x225.jpg 300w, https:\/\/olu-limburg.de\/wp-content\/uploads\/2024\/04\/P1090451_ergebnis-768x576.jpg 768w, https:\/\/olu-limburg.de\/wp-content\/uploads\/2024\/04\/P1090451_ergebnis-624x468.jpg 624w\" sizes=\"auto, (max-width: 800px) 100vw, 800px\" \/><\/a><p id=\"caption-attachment-31483\" class=\"wp-caption-text\">die alte Br\u00fccke von Remoulins<\/p><\/div>\n<div id=\"attachment_31484\" style=\"width: 810px\" class=\"wp-caption aligncenter\"><a href=\"https:\/\/olu-limburg.de\/wp-content\/uploads\/2024\/04\/P1090455_ergebnis.jpg\"><img loading=\"lazy\" decoding=\"async\" aria-describedby=\"caption-attachment-31484\" class=\"wp-image-31484 size-full\" src=\"https:\/\/olu-limburg.de\/wp-content\/uploads\/2024\/04\/P1090455_ergebnis.jpg\" alt=\"\" width=\"800\" height=\"600\" srcset=\"https:\/\/olu-limburg.de\/wp-content\/uploads\/2024\/04\/P1090455_ergebnis.jpg 800w, https:\/\/olu-limburg.de\/wp-content\/uploads\/2024\/04\/P1090455_ergebnis-300x225.jpg 300w, https:\/\/olu-limburg.de\/wp-content\/uploads\/2024\/04\/P1090455_ergebnis-768x576.jpg 768w, https:\/\/olu-limburg.de\/wp-content\/uploads\/2024\/04\/P1090455_ergebnis-624x468.jpg 624w\" sizes=\"auto, (max-width: 800px) 100vw, 800px\" \/><\/a><p id=\"caption-attachment-31484\" class=\"wp-caption-text\">und das Pendant auf der anderen Seite des Gardon<\/p><\/div>\n<p><a href=\"https:\/\/olu-limburg.de\/wp-content\/uploads\/2024\/04\/P1080101_ergebnis.jpg\"><img loading=\"lazy\" decoding=\"async\" class=\"size-full wp-image-31651 aligncenter\" src=\"https:\/\/olu-limburg.de\/wp-content\/uploads\/2024\/04\/P1080101_ergebnis.jpg\" alt=\"\" width=\"800\" height=\"600\" srcset=\"https:\/\/olu-limburg.de\/wp-content\/uploads\/2024\/04\/P1080101_ergebnis.jpg 800w, https:\/\/olu-limburg.de\/wp-content\/uploads\/2024\/04\/P1080101_ergebnis-300x225.jpg 300w, https:\/\/olu-limburg.de\/wp-content\/uploads\/2024\/04\/P1080101_ergebnis-768x576.jpg 768w, https:\/\/olu-limburg.de\/wp-content\/uploads\/2024\/04\/P1080101_ergebnis-624x468.jpg 624w\" sizes=\"auto, (max-width: 800px) 100vw, 800px\" \/><\/a><\/p>\n<p>Wir fahren nun in kleinen Etappen immer weiter nach Norden. Dabei machen wir noch einen Zwischenstopp in Uz\u00e8s. Auf dem Parkplatz von Haribo und dem Parking du Stade du refuge an der Route de Nimes, der n\u00e4her zur Innenstadt liegt, stehen parkende Wohnmobile.<\/p>\n<p><a href=\"https:\/\/olu-limburg.de\/wp-content\/uploads\/2024\/04\/20220419_133904_ergebnis.jpg\"><img loading=\"lazy\" decoding=\"async\" class=\"size-full wp-image-31655 aligncenter\" src=\"https:\/\/olu-limburg.de\/wp-content\/uploads\/2024\/04\/20220419_133904_ergebnis.jpg\" alt=\"\" width=\"800\" height=\"600\" srcset=\"https:\/\/olu-limburg.de\/wp-content\/uploads\/2024\/04\/20220419_133904_ergebnis.jpg 800w, https:\/\/olu-limburg.de\/wp-content\/uploads\/2024\/04\/20220419_133904_ergebnis-300x225.jpg 300w, https:\/\/olu-limburg.de\/wp-content\/uploads\/2024\/04\/20220419_133904_ergebnis-768x576.jpg 768w, https:\/\/olu-limburg.de\/wp-content\/uploads\/2024\/04\/20220419_133904_ergebnis-624x468.jpg 624w\" sizes=\"auto, (max-width: 800px) 100vw, 800px\" \/><\/a><\/p>\n<div id=\"attachment_31659\" style=\"width: 460px\" class=\"wp-caption aligncenter\"><a href=\"https:\/\/olu-limburg.de\/wp-content\/uploads\/2024\/04\/P1080104_ergebnis-e1713270660783.jpg\"><img loading=\"lazy\" decoding=\"async\" aria-describedby=\"caption-attachment-31659\" class=\"wp-image-31659 size-full\" src=\"https:\/\/olu-limburg.de\/wp-content\/uploads\/2024\/04\/P1080104_ergebnis-e1713270660783.jpg\" alt=\"\" width=\"450\" height=\"600\" \/><\/a><p id=\"caption-attachment-31659\" class=\"wp-caption-text\">Eglise Saint-Etienne<\/p><\/div>\n<p>Auf unserem Weg in die Innenstadt biegt die mittlerweile in Avenue Mar\u00e9chal Foch umbenannte Stra\u00dfe nach links ab, und so kommen wir am Restaurant &#8222;Asian Sushi Uz\u00e8s&#8220; vorbei.<\/p>\n<p><a href=\"https:\/\/olu-limburg.de\/wp-content\/uploads\/2024\/04\/P1090456_ergebnis.jpg\"><img loading=\"lazy\" decoding=\"async\" class=\"size-full wp-image-31494 aligncenter\" src=\"https:\/\/olu-limburg.de\/wp-content\/uploads\/2024\/04\/P1090456_ergebnis.jpg\" alt=\"\" width=\"800\" height=\"600\" srcset=\"https:\/\/olu-limburg.de\/wp-content\/uploads\/2024\/04\/P1090456_ergebnis.jpg 800w, https:\/\/olu-limburg.de\/wp-content\/uploads\/2024\/04\/P1090456_ergebnis-300x225.jpg 300w, https:\/\/olu-limburg.de\/wp-content\/uploads\/2024\/04\/P1090456_ergebnis-768x576.jpg 768w, https:\/\/olu-limburg.de\/wp-content\/uploads\/2024\/04\/P1090456_ergebnis-624x468.jpg 624w\" sizes=\"auto, (max-width: 800px) 100vw, 800px\" \/><\/a><\/p>\n<p>Auf der Terrasse l\u00e4sst es sich bei tollen Mittagsgerichten gut aushalten.<\/p>\n<p><a href=\"https:\/\/olu-limburg.de\/wp-content\/uploads\/2024\/04\/P1080105_ergebnis-e1713254003568.jpg\"><img loading=\"lazy\" decoding=\"async\" class=\"size-full wp-image-31652 alignleft\" src=\"https:\/\/olu-limburg.de\/wp-content\/uploads\/2024\/04\/P1080105_ergebnis-e1713254003568.jpg\" alt=\"\" width=\"450\" height=\"600\" \/><\/a><\/p>\n<p><a href=\"https:\/\/olu-limburg.de\/wp-content\/uploads\/2024\/04\/P1090457_ergebnis-e1712935451986.jpg\"><img loading=\"lazy\" decoding=\"async\" class=\"size-full wp-image-31495 alignright\" src=\"https:\/\/olu-limburg.de\/wp-content\/uploads\/2024\/04\/P1090457_ergebnis-e1712935451986.jpg\" alt=\"\" width=\"450\" height=\"600\" \/><\/a><\/p>\n<div id=\"attachment_31491\" style=\"width: 810px\" class=\"wp-caption aligncenter\"><a href=\"https:\/\/olu-limburg.de\/wp-content\/uploads\/2024\/04\/IMG_20220419_125717_ergebnis.jpg\"><img loading=\"lazy\" decoding=\"async\" aria-describedby=\"caption-attachment-31491\" class=\"wp-image-31491 size-full\" src=\"https:\/\/olu-limburg.de\/wp-content\/uploads\/2024\/04\/IMG_20220419_125717_ergebnis.jpg\" alt=\"\" width=\"800\" height=\"600\" srcset=\"https:\/\/olu-limburg.de\/wp-content\/uploads\/2024\/04\/IMG_20220419_125717_ergebnis.jpg 800w, https:\/\/olu-limburg.de\/wp-content\/uploads\/2024\/04\/IMG_20220419_125717_ergebnis-300x225.jpg 300w, https:\/\/olu-limburg.de\/wp-content\/uploads\/2024\/04\/IMG_20220419_125717_ergebnis-768x576.jpg 768w, https:\/\/olu-limburg.de\/wp-content\/uploads\/2024\/04\/IMG_20220419_125717_ergebnis-624x468.jpg 624w\" sizes=\"auto, (max-width: 800px) 100vw, 800px\" \/><\/a><p id=\"caption-attachment-31491\" class=\"wp-caption-text\">Bento-Boeuf<\/p><\/div>\n<div id=\"attachment_31492\" style=\"width: 810px\" class=\"wp-caption aligncenter\"><a href=\"https:\/\/olu-limburg.de\/wp-content\/uploads\/2024\/04\/IMG_20220419_125728_ergebnis.jpg\"><img loading=\"lazy\" decoding=\"async\" aria-describedby=\"caption-attachment-31492\" class=\"wp-image-31492 size-full\" src=\"https:\/\/olu-limburg.de\/wp-content\/uploads\/2024\/04\/IMG_20220419_125728_ergebnis.jpg\" alt=\"\" width=\"800\" height=\"600\" srcset=\"https:\/\/olu-limburg.de\/wp-content\/uploads\/2024\/04\/IMG_20220419_125728_ergebnis.jpg 800w, https:\/\/olu-limburg.de\/wp-content\/uploads\/2024\/04\/IMG_20220419_125728_ergebnis-300x225.jpg 300w, https:\/\/olu-limburg.de\/wp-content\/uploads\/2024\/04\/IMG_20220419_125728_ergebnis-768x576.jpg 768w, https:\/\/olu-limburg.de\/wp-content\/uploads\/2024\/04\/IMG_20220419_125728_ergebnis-624x468.jpg 624w\" sizes=\"auto, (max-width: 800px) 100vw, 800px\" \/><\/a><p id=\"caption-attachment-31492\" class=\"wp-caption-text\">Bento-Poulet<\/p><\/div>\n<div id=\"attachment_31493\" style=\"width: 460px\" class=\"wp-caption aligncenter\"><a href=\"https:\/\/olu-limburg.de\/wp-content\/uploads\/2024\/04\/IMG_20220419_132005_ergebnis-e1712935515470.jpg\"><img loading=\"lazy\" decoding=\"async\" aria-describedby=\"caption-attachment-31493\" class=\"wp-image-31493 size-full\" src=\"https:\/\/olu-limburg.de\/wp-content\/uploads\/2024\/04\/IMG_20220419_132005_ergebnis-e1712935515470.jpg\" alt=\"\" width=\"450\" height=\"600\" \/><\/a><p id=\"caption-attachment-31493\" class=\"wp-caption-text\">und eine Kugel Citron vert (Limette)<\/p><\/div>\n<p>Danach besichtigen wir ausgiebig die Stadt. Uz\u00e8s liegt in dem historischen Bereich Septimanien, was weitestgehend der ehemaligen Region Languedoc-Roussillon entspricht. Die R\u00f6mer siedelten ab 418 in diesem Gebiet die Westgoten an, die dort sofort ihr Westgotenreich, mit der Hauptstadt Tolosa (Toulouse), gr\u00fcndeten.<\/p>\n<p>Die heutige Kleinstadt mit nicht ganz 9.000 Einwohnern hat ihren eigenen Charme in der Gleichheit der Provence. Besonders der Places aux Herbes, mit den bereits im Fr\u00fchjahr ausladend belaubten Platanen und den rundum stehenden alten H\u00e4usern mit den Laubeng\u00e4ngen, hat es mir angetan.<\/p>\n<p><a href=\"https:\/\/olu-limburg.de\/wp-content\/uploads\/2024\/04\/P1090465_ergebnis.jpg\"><img loading=\"lazy\" decoding=\"async\" class=\"size-full wp-image-31497 aligncenter\" src=\"https:\/\/olu-limburg.de\/wp-content\/uploads\/2024\/04\/P1090465_ergebnis.jpg\" alt=\"\" width=\"800\" height=\"600\" srcset=\"https:\/\/olu-limburg.de\/wp-content\/uploads\/2024\/04\/P1090465_ergebnis.jpg 800w, https:\/\/olu-limburg.de\/wp-content\/uploads\/2024\/04\/P1090465_ergebnis-300x225.jpg 300w, https:\/\/olu-limburg.de\/wp-content\/uploads\/2024\/04\/P1090465_ergebnis-768x576.jpg 768w, https:\/\/olu-limburg.de\/wp-content\/uploads\/2024\/04\/P1090465_ergebnis-624x468.jpg 624w\" sizes=\"auto, (max-width: 800px) 100vw, 800px\" \/><\/a><\/p>\n<p><a href=\"https:\/\/olu-limburg.de\/wp-content\/uploads\/2024\/04\/IMG_20220419_133712_ergebnis.jpg\"><img loading=\"lazy\" decoding=\"async\" class=\"size-full wp-image-31504 aligncenter\" src=\"https:\/\/olu-limburg.de\/wp-content\/uploads\/2024\/04\/IMG_20220419_133712_ergebnis.jpg\" alt=\"\" width=\"800\" height=\"600\" srcset=\"https:\/\/olu-limburg.de\/wp-content\/uploads\/2024\/04\/IMG_20220419_133712_ergebnis.jpg 800w, https:\/\/olu-limburg.de\/wp-content\/uploads\/2024\/04\/IMG_20220419_133712_ergebnis-300x225.jpg 300w, https:\/\/olu-limburg.de\/wp-content\/uploads\/2024\/04\/IMG_20220419_133712_ergebnis-768x576.jpg 768w, https:\/\/olu-limburg.de\/wp-content\/uploads\/2024\/04\/IMG_20220419_133712_ergebnis-624x468.jpg 624w\" sizes=\"auto, (max-width: 800px) 100vw, 800px\" \/><\/a><\/p>\n<p><a href=\"https:\/\/olu-limburg.de\/wp-content\/uploads\/2024\/04\/P1090469_ergebnis.jpg\"><img loading=\"lazy\" decoding=\"async\" class=\"size-full wp-image-31499 aligncenter\" src=\"https:\/\/olu-limburg.de\/wp-content\/uploads\/2024\/04\/P1090469_ergebnis.jpg\" alt=\"\" width=\"800\" height=\"600\" srcset=\"https:\/\/olu-limburg.de\/wp-content\/uploads\/2024\/04\/P1090469_ergebnis.jpg 800w, https:\/\/olu-limburg.de\/wp-content\/uploads\/2024\/04\/P1090469_ergebnis-300x225.jpg 300w, https:\/\/olu-limburg.de\/wp-content\/uploads\/2024\/04\/P1090469_ergebnis-768x576.jpg 768w, https:\/\/olu-limburg.de\/wp-content\/uploads\/2024\/04\/P1090469_ergebnis-624x468.jpg 624w\" sizes=\"auto, (max-width: 800px) 100vw, 800px\" \/><\/a><\/p>\n<p><a href=\"https:\/\/olu-limburg.de\/wp-content\/uploads\/2024\/04\/P1090467_ergebnis.jpg\"><img loading=\"lazy\" decoding=\"async\" class=\"size-full wp-image-31498 aligncenter\" src=\"https:\/\/olu-limburg.de\/wp-content\/uploads\/2024\/04\/P1090467_ergebnis.jpg\" alt=\"\" width=\"800\" height=\"600\" srcset=\"https:\/\/olu-limburg.de\/wp-content\/uploads\/2024\/04\/P1090467_ergebnis.jpg 800w, https:\/\/olu-limburg.de\/wp-content\/uploads\/2024\/04\/P1090467_ergebnis-300x225.jpg 300w, https:\/\/olu-limburg.de\/wp-content\/uploads\/2024\/04\/P1090467_ergebnis-768x576.jpg 768w, https:\/\/olu-limburg.de\/wp-content\/uploads\/2024\/04\/P1090467_ergebnis-624x468.jpg 624w\" sizes=\"auto, (max-width: 800px) 100vw, 800px\" \/><\/a><\/p>\n<p><a href=\"https:\/\/olu-limburg.de\/wp-content\/uploads\/2024\/04\/P1090472_ergebnis.jpg\"><img loading=\"lazy\" decoding=\"async\" class=\"size-full wp-image-31501 aligncenter\" src=\"https:\/\/olu-limburg.de\/wp-content\/uploads\/2024\/04\/P1090472_ergebnis.jpg\" alt=\"\" width=\"800\" height=\"600\" srcset=\"https:\/\/olu-limburg.de\/wp-content\/uploads\/2024\/04\/P1090472_ergebnis.jpg 800w, https:\/\/olu-limburg.de\/wp-content\/uploads\/2024\/04\/P1090472_ergebnis-300x225.jpg 300w, https:\/\/olu-limburg.de\/wp-content\/uploads\/2024\/04\/P1090472_ergebnis-768x576.jpg 768w, https:\/\/olu-limburg.de\/wp-content\/uploads\/2024\/04\/P1090472_ergebnis-624x468.jpg 624w\" sizes=\"auto, (max-width: 800px) 100vw, 800px\" \/><\/a><\/p>\n<p><a href=\"https:\/\/olu-limburg.de\/wp-content\/uploads\/2024\/04\/P1090501_ergebnis.jpg\"><img loading=\"lazy\" decoding=\"async\" class=\"size-full wp-image-31503 aligncenter\" src=\"https:\/\/olu-limburg.de\/wp-content\/uploads\/2024\/04\/P1090501_ergebnis.jpg\" alt=\"\" width=\"800\" height=\"600\" srcset=\"https:\/\/olu-limburg.de\/wp-content\/uploads\/2024\/04\/P1090501_ergebnis.jpg 800w, https:\/\/olu-limburg.de\/wp-content\/uploads\/2024\/04\/P1090501_ergebnis-300x225.jpg 300w, https:\/\/olu-limburg.de\/wp-content\/uploads\/2024\/04\/P1090501_ergebnis-768x576.jpg 768w, https:\/\/olu-limburg.de\/wp-content\/uploads\/2024\/04\/P1090501_ergebnis-624x468.jpg 624w\" sizes=\"auto, (max-width: 800px) 100vw, 800px\" \/><\/a><\/p>\n<p><a href=\"https:\/\/olu-limburg.de\/wp-content\/uploads\/2024\/04\/P1090470_ergebnis.jpg\"><img loading=\"lazy\" decoding=\"async\" class=\"size-full wp-image-31500 aligncenter\" src=\"https:\/\/olu-limburg.de\/wp-content\/uploads\/2024\/04\/P1090470_ergebnis.jpg\" alt=\"\" width=\"800\" height=\"600\" srcset=\"https:\/\/olu-limburg.de\/wp-content\/uploads\/2024\/04\/P1090470_ergebnis.jpg 800w, https:\/\/olu-limburg.de\/wp-content\/uploads\/2024\/04\/P1090470_ergebnis-300x225.jpg 300w, https:\/\/olu-limburg.de\/wp-content\/uploads\/2024\/04\/P1090470_ergebnis-768x576.jpg 768w, https:\/\/olu-limburg.de\/wp-content\/uploads\/2024\/04\/P1090470_ergebnis-624x468.jpg 624w\" sizes=\"auto, (max-width: 800px) 100vw, 800px\" \/><\/a><\/p>\n<p>Hier k\u00f6nnte ich von morgens bis abends sitzen. Mit einem Buch in der Hand und einem Petit Caf\u00e9 noir, sp\u00e4ter ein Gl\u00e4schen Vin rouge, und im \u00dcbergang vom Nachmittag auf den Abend einen Pastis mit Knapperzeug w\u00e4re das Tagwerk ausgef\u00fcllt.<\/p>\n<p>Bei unserem Rundgang k\u00f6nnen wir uns aber auch noch an anderen &#8222;Sch\u00f6nheiten&#8220; erfreuen.<\/p>\n<div id=\"attachment_31505\" style=\"width: 810px\" class=\"wp-caption aligncenter\"><a href=\"https:\/\/olu-limburg.de\/wp-content\/uploads\/2024\/04\/IMG_20220419_135916_ergebnis.jpg\"><img loading=\"lazy\" decoding=\"async\" aria-describedby=\"caption-attachment-31505\" class=\"wp-image-31505 size-full\" src=\"https:\/\/olu-limburg.de\/wp-content\/uploads\/2024\/04\/IMG_20220419_135916_ergebnis.jpg\" alt=\"\" width=\"800\" height=\"600\" srcset=\"https:\/\/olu-limburg.de\/wp-content\/uploads\/2024\/04\/IMG_20220419_135916_ergebnis.jpg 800w, https:\/\/olu-limburg.de\/wp-content\/uploads\/2024\/04\/IMG_20220419_135916_ergebnis-300x225.jpg 300w, https:\/\/olu-limburg.de\/wp-content\/uploads\/2024\/04\/IMG_20220419_135916_ergebnis-768x576.jpg 768w, https:\/\/olu-limburg.de\/wp-content\/uploads\/2024\/04\/IMG_20220419_135916_ergebnis-624x468.jpg 624w\" sizes=\"auto, (max-width: 800px) 100vw, 800px\" \/><\/a><p id=\"caption-attachment-31505\" class=\"wp-caption-text\">le Duch\u00e9 (Herzogspalast)<\/p><\/div>\n<p><a href=\"https:\/\/olu-limburg.de\/wp-content\/uploads\/2024\/04\/P1090459_ergebnis.jpg\"><img loading=\"lazy\" decoding=\"async\" class=\"size-full wp-image-31507 aligncenter\" src=\"https:\/\/olu-limburg.de\/wp-content\/uploads\/2024\/04\/P1090459_ergebnis.jpg\" alt=\"\" width=\"800\" height=\"600\" srcset=\"https:\/\/olu-limburg.de\/wp-content\/uploads\/2024\/04\/P1090459_ergebnis.jpg 800w, https:\/\/olu-limburg.de\/wp-content\/uploads\/2024\/04\/P1090459_ergebnis-300x225.jpg 300w, https:\/\/olu-limburg.de\/wp-content\/uploads\/2024\/04\/P1090459_ergebnis-768x576.jpg 768w, https:\/\/olu-limburg.de\/wp-content\/uploads\/2024\/04\/P1090459_ergebnis-624x468.jpg 624w\" sizes=\"auto, (max-width: 800px) 100vw, 800px\" \/><\/a><\/p>\n<p><a href=\"https:\/\/olu-limburg.de\/wp-content\/uploads\/2024\/04\/P1090461_ergebnis-e1712937714828.jpg\"><img loading=\"lazy\" decoding=\"async\" class=\"size-full wp-image-31509 aligncenter\" src=\"https:\/\/olu-limburg.de\/wp-content\/uploads\/2024\/04\/P1090461_ergebnis-e1712937714828.jpg\" alt=\"\" width=\"450\" height=\"600\" \/><\/a><\/p>\n<p><a href=\"https:\/\/olu-limburg.de\/wp-content\/uploads\/2024\/04\/P1090462_ergebnis-e1712937738193.jpg\"><img loading=\"lazy\" decoding=\"async\" class=\"size-full wp-image-31510 alignleft\" src=\"https:\/\/olu-limburg.de\/wp-content\/uploads\/2024\/04\/P1090462_ergebnis-e1712937738193.jpg\" alt=\"\" width=\"450\" height=\"600\" \/><\/a><\/p>\n<p><a href=\"https:\/\/olu-limburg.de\/wp-content\/uploads\/2024\/04\/P1090475_ergebnis-e1712937762793.jpg\"><img loading=\"lazy\" decoding=\"async\" class=\"size-full wp-image-31511 alignright\" src=\"https:\/\/olu-limburg.de\/wp-content\/uploads\/2024\/04\/P1090475_ergebnis-e1712937762793.jpg\" alt=\"\" width=\"450\" height=\"600\" \/><\/a><\/p>\n<p><a href=\"https:\/\/olu-limburg.de\/wp-content\/uploads\/2024\/04\/P1090480_ergebnis-e1712937815814.jpg\"><img loading=\"lazy\" decoding=\"async\" class=\"size-full wp-image-31513 alignleft\" src=\"https:\/\/olu-limburg.de\/wp-content\/uploads\/2024\/04\/P1090480_ergebnis-e1712937815814.jpg\" alt=\"\" width=\"450\" height=\"600\" \/><\/a><\/p>\n<p><a href=\"https:\/\/olu-limburg.de\/wp-content\/uploads\/2024\/04\/P1090487_ergebnis-e1712937837451.jpg\"><img loading=\"lazy\" decoding=\"async\" class=\"size-full wp-image-31514 alignright\" src=\"https:\/\/olu-limburg.de\/wp-content\/uploads\/2024\/04\/P1090487_ergebnis-e1712937837451.jpg\" alt=\"\" width=\"450\" height=\"600\" \/><\/a><\/p>\n<p><a href=\"https:\/\/olu-limburg.de\/wp-content\/uploads\/2024\/04\/20220419_135125_ergebnis-e1713270558519.jpg\"><img loading=\"lazy\" decoding=\"async\" class=\"size-full wp-image-31656 aligncenter\" src=\"https:\/\/olu-limburg.de\/wp-content\/uploads\/2024\/04\/20220419_135125_ergebnis-e1713270558519.jpg\" alt=\"\" width=\"450\" height=\"600\" \/><\/a><\/p>\n<p>Ja, auch das gibt es noch in \u00f6ffentlichen Geb\u00e4uden, Toiletten mit Loch in &#8222;Erde&#8220;, ungew\u00f6hnlich aber sauber.<\/p>\n<p><a href=\"https:\/\/olu-limburg.de\/wp-content\/uploads\/2024\/04\/P1090488_ergebnis-e1712937862347.jpg\"><img loading=\"lazy\" decoding=\"async\" class=\"size-full wp-image-31515 alignleft\" src=\"https:\/\/olu-limburg.de\/wp-content\/uploads\/2024\/04\/P1090488_ergebnis-e1712937862347.jpg\" alt=\"\" width=\"450\" height=\"600\" \/><\/a><\/p>\n<p><a href=\"https:\/\/olu-limburg.de\/wp-content\/uploads\/2024\/04\/P1090489_ergebnis-e1712937879879.jpg\"><img loading=\"lazy\" decoding=\"async\" class=\"size-full wp-image-31516 alignright\" src=\"https:\/\/olu-limburg.de\/wp-content\/uploads\/2024\/04\/P1090489_ergebnis-e1712937879879.jpg\" alt=\"\" width=\"450\" height=\"600\" \/><\/a><\/p>\n<p><a href=\"https:\/\/olu-limburg.de\/wp-content\/uploads\/2024\/04\/P1090494_ergebnis-e1712937902670.jpg\"><img loading=\"lazy\" decoding=\"async\" class=\"size-full wp-image-31517 alignleft\" src=\"https:\/\/olu-limburg.de\/wp-content\/uploads\/2024\/04\/P1090494_ergebnis-e1712937902670.jpg\" alt=\"\" width=\"450\" height=\"600\" \/><\/a><\/p>\n<p><a href=\"https:\/\/olu-limburg.de\/wp-content\/uploads\/2024\/04\/P1090498_ergebnis-e1712937936663.jpg\"><img loading=\"lazy\" decoding=\"async\" class=\"size-full wp-image-31519 alignright\" src=\"https:\/\/olu-limburg.de\/wp-content\/uploads\/2024\/04\/P1090498_ergebnis-e1712937936663.jpg\" alt=\"\" width=\"450\" height=\"600\" \/><\/a><\/p>\n<p><a href=\"https:\/\/olu-limburg.de\/wp-content\/uploads\/2024\/04\/P1090497_ergebnis.jpg\"><img loading=\"lazy\" decoding=\"async\" class=\"size-full wp-image-31518 aligncenter\" src=\"https:\/\/olu-limburg.de\/wp-content\/uploads\/2024\/04\/P1090497_ergebnis.jpg\" alt=\"\" width=\"800\" height=\"600\" srcset=\"https:\/\/olu-limburg.de\/wp-content\/uploads\/2024\/04\/P1090497_ergebnis.jpg 800w, https:\/\/olu-limburg.de\/wp-content\/uploads\/2024\/04\/P1090497_ergebnis-300x225.jpg 300w, https:\/\/olu-limburg.de\/wp-content\/uploads\/2024\/04\/P1090497_ergebnis-768x576.jpg 768w, https:\/\/olu-limburg.de\/wp-content\/uploads\/2024\/04\/P1090497_ergebnis-624x468.jpg 624w\" sizes=\"auto, (max-width: 800px) 100vw, 800px\" \/><\/a><\/p>\n<p><a href=\"https:\/\/olu-limburg.de\/wp-content\/uploads\/2024\/04\/P1090503_ergebnis.jpg\"><img loading=\"lazy\" decoding=\"async\" class=\"size-full wp-image-31520 aligncenter\" src=\"https:\/\/olu-limburg.de\/wp-content\/uploads\/2024\/04\/P1090503_ergebnis.jpg\" alt=\"\" width=\"800\" height=\"600\" srcset=\"https:\/\/olu-limburg.de\/wp-content\/uploads\/2024\/04\/P1090503_ergebnis.jpg 800w, https:\/\/olu-limburg.de\/wp-content\/uploads\/2024\/04\/P1090503_ergebnis-300x225.jpg 300w, https:\/\/olu-limburg.de\/wp-content\/uploads\/2024\/04\/P1090503_ergebnis-768x576.jpg 768w, https:\/\/olu-limburg.de\/wp-content\/uploads\/2024\/04\/P1090503_ergebnis-624x468.jpg 624w\" sizes=\"auto, (max-width: 800px) 100vw, 800px\" \/><\/a><\/p>\n<p>Nach den sch\u00f6nen Stunden in Uz\u00e8s fahren wir zu unserem n\u00e4chsten \u00dcbernachtungsplatz &#8211; Vaison-la-Romaine. Und wieder einmal \u00fcberqueren wir daf\u00fcr die Rh\u00f4ne bei unserer von au\u00dfen so erscheinenden sprunghaften aber sehr intensiven Tour durch diesen Teil der Provence.<\/p>\n<p><a href=\"https:\/\/olu-limburg.de\/wp-content\/uploads\/2024\/04\/20220419_152445_ergebnis.jpg\"><img loading=\"lazy\" decoding=\"async\" class=\"size-full wp-image-31658 aligncenter\" src=\"https:\/\/olu-limburg.de\/wp-content\/uploads\/2024\/04\/20220419_152445_ergebnis.jpg\" alt=\"\" width=\"800\" height=\"600\" srcset=\"https:\/\/olu-limburg.de\/wp-content\/uploads\/2024\/04\/20220419_152445_ergebnis.jpg 800w, https:\/\/olu-limburg.de\/wp-content\/uploads\/2024\/04\/20220419_152445_ergebnis-300x225.jpg 300w, https:\/\/olu-limburg.de\/wp-content\/uploads\/2024\/04\/20220419_152445_ergebnis-768x576.jpg 768w, https:\/\/olu-limburg.de\/wp-content\/uploads\/2024\/04\/20220419_152445_ergebnis-624x468.jpg 624w\" sizes=\"auto, (max-width: 800px) 100vw, 800px\" \/><\/a><\/p>\n<p><a href=\"https:\/\/olu-limburg.de\/wp-content\/uploads\/2024\/04\/20220419_153730_ergebnis.jpg\"><img loading=\"lazy\" decoding=\"async\" class=\"size-full wp-image-31662 aligncenter\" src=\"https:\/\/olu-limburg.de\/wp-content\/uploads\/2024\/04\/20220419_153730_ergebnis.jpg\" alt=\"\" width=\"800\" height=\"600\" srcset=\"https:\/\/olu-limburg.de\/wp-content\/uploads\/2024\/04\/20220419_153730_ergebnis.jpg 800w, https:\/\/olu-limburg.de\/wp-content\/uploads\/2024\/04\/20220419_153730_ergebnis-300x225.jpg 300w, https:\/\/olu-limburg.de\/wp-content\/uploads\/2024\/04\/20220419_153730_ergebnis-768x576.jpg 768w, https:\/\/olu-limburg.de\/wp-content\/uploads\/2024\/04\/20220419_153730_ergebnis-624x468.jpg 624w\" sizes=\"auto, (max-width: 800px) 100vw, 800px\" \/><\/a><\/p>\n<p>Vaison-la-Romaine wurde in der Bronzezeit von Kelto-Ligurern bewohnt. Die Kelten pr\u00e4gten auch das Gebiet mit einem Oppidum, bis die R\u00f6mer im 2. Jhdt. vor Chr. die Vorherrschaft \u00fcbernahmen. Mit den R\u00f6mern kam eine Aufwertung der Landschaft unterhalb des alles \u00fcberragenden Mont Ventoux. Nun pr\u00e4gten Villen, Theater, B\u00e4der, Aqu\u00e4dukt und eine Br\u00fccke \u00fcber die Ouv\u00e8ze das Stadtbild. Die Bev\u00f6lkerung wuchs auf \u00fcber 10.000 Einwohner an. Heute sind es nur noch fast 6.000, die die Kleinstadt auf die &#8222;Waage&#8220; bringt.<\/p>\n<p><a href=\"https:\/\/olu-limburg.de\/wp-content\/uploads\/2024\/04\/IMG_20220419_173504_ergebnis.jpg\"><img loading=\"lazy\" decoding=\"async\" class=\"size-full wp-image-31523 aligncenter\" src=\"https:\/\/olu-limburg.de\/wp-content\/uploads\/2024\/04\/IMG_20220419_173504_ergebnis.jpg\" alt=\"\" width=\"800\" height=\"600\" srcset=\"https:\/\/olu-limburg.de\/wp-content\/uploads\/2024\/04\/IMG_20220419_173504_ergebnis.jpg 800w, https:\/\/olu-limburg.de\/wp-content\/uploads\/2024\/04\/IMG_20220419_173504_ergebnis-300x225.jpg 300w, https:\/\/olu-limburg.de\/wp-content\/uploads\/2024\/04\/IMG_20220419_173504_ergebnis-768x576.jpg 768w, https:\/\/olu-limburg.de\/wp-content\/uploads\/2024\/04\/IMG_20220419_173504_ergebnis-624x468.jpg 624w\" sizes=\"auto, (max-width: 800px) 100vw, 800px\" \/><\/a><\/p>\n<p>Der Wohnmobil-Stellplatz &#8222;Parking du Colombier&#8220; mit V+E (Geb\u00fchr EUR 8,20) ist fast voll belegt. Wie wir so mitbekommen, sind es viele \u00dcberwinterer aus Spanien. Wir halten uns nicht lange auf, und starten wieder einmal in die Stadt, die wir schon sehr oft besucht haben.<\/p>\n<p><a href=\"https:\/\/olu-limburg.de\/wp-content\/uploads\/2024\/04\/P1080127_ergebnis-e1713272563436.jpg\"><img loading=\"lazy\" decoding=\"async\" class=\"size-full wp-image-31665 aligncenter\" src=\"https:\/\/olu-limburg.de\/wp-content\/uploads\/2024\/04\/P1080127_ergebnis-e1713272563436.jpg\" alt=\"\" width=\"450\" height=\"600\" \/><\/a><\/p>\n<p><a href=\"https:\/\/olu-limburg.de\/wp-content\/uploads\/2024\/04\/P1080128_ergebnis.jpg\"><img loading=\"lazy\" decoding=\"async\" class=\"size-full wp-image-31666 aligncenter\" src=\"https:\/\/olu-limburg.de\/wp-content\/uploads\/2024\/04\/P1080128_ergebnis.jpg\" alt=\"\" width=\"800\" height=\"600\" srcset=\"https:\/\/olu-limburg.de\/wp-content\/uploads\/2024\/04\/P1080128_ergebnis.jpg 800w, https:\/\/olu-limburg.de\/wp-content\/uploads\/2024\/04\/P1080128_ergebnis-300x225.jpg 300w, https:\/\/olu-limburg.de\/wp-content\/uploads\/2024\/04\/P1080128_ergebnis-768x576.jpg 768w, https:\/\/olu-limburg.de\/wp-content\/uploads\/2024\/04\/P1080128_ergebnis-624x468.jpg 624w\" sizes=\"auto, (max-width: 800px) 100vw, 800px\" \/><\/a><\/p>\n<p>Die r\u00f6mischen Ausgrabungen haben wir bisher aber nie aufgesucht. Da diese bald schlie\u00dfen, machen wir nur einen kurzen und trotzdem tollen Rundgang.<\/p>\n<p><a href=\"https:\/\/olu-limburg.de\/wp-content\/uploads\/2024\/04\/P1080139_ergebnis.jpg\"><img loading=\"lazy\" decoding=\"async\" class=\"size-full wp-image-31663 aligncenter\" src=\"https:\/\/olu-limburg.de\/wp-content\/uploads\/2024\/04\/P1080139_ergebnis.jpg\" alt=\"\" width=\"800\" height=\"600\" srcset=\"https:\/\/olu-limburg.de\/wp-content\/uploads\/2024\/04\/P1080139_ergebnis.jpg 800w, https:\/\/olu-limburg.de\/wp-content\/uploads\/2024\/04\/P1080139_ergebnis-300x225.jpg 300w, https:\/\/olu-limburg.de\/wp-content\/uploads\/2024\/04\/P1080139_ergebnis-768x576.jpg 768w, https:\/\/olu-limburg.de\/wp-content\/uploads\/2024\/04\/P1080139_ergebnis-624x468.jpg 624w\" sizes=\"auto, (max-width: 800px) 100vw, 800px\" \/><\/a><\/p>\n<p><a href=\"https:\/\/olu-limburg.de\/wp-content\/uploads\/2024\/04\/P1090506_ergebnis.jpg\"><img loading=\"lazy\" decoding=\"async\" class=\"size-full wp-image-31530 aligncenter\" src=\"https:\/\/olu-limburg.de\/wp-content\/uploads\/2024\/04\/P1090506_ergebnis.jpg\" alt=\"\" width=\"800\" height=\"600\" srcset=\"https:\/\/olu-limburg.de\/wp-content\/uploads\/2024\/04\/P1090506_ergebnis.jpg 800w, https:\/\/olu-limburg.de\/wp-content\/uploads\/2024\/04\/P1090506_ergebnis-300x225.jpg 300w, https:\/\/olu-limburg.de\/wp-content\/uploads\/2024\/04\/P1090506_ergebnis-768x576.jpg 768w, https:\/\/olu-limburg.de\/wp-content\/uploads\/2024\/04\/P1090506_ergebnis-624x468.jpg 624w\" sizes=\"auto, (max-width: 800px) 100vw, 800px\" \/><\/a><\/p>\n<p><a href=\"https:\/\/olu-limburg.de\/wp-content\/uploads\/2024\/04\/P1090504_ergebnis.jpg\"><img loading=\"lazy\" decoding=\"async\" class=\"size-full wp-image-31529 aligncenter\" src=\"https:\/\/olu-limburg.de\/wp-content\/uploads\/2024\/04\/P1090504_ergebnis.jpg\" alt=\"\" width=\"800\" height=\"600\" srcset=\"https:\/\/olu-limburg.de\/wp-content\/uploads\/2024\/04\/P1090504_ergebnis.jpg 800w, https:\/\/olu-limburg.de\/wp-content\/uploads\/2024\/04\/P1090504_ergebnis-300x225.jpg 300w, https:\/\/olu-limburg.de\/wp-content\/uploads\/2024\/04\/P1090504_ergebnis-768x576.jpg 768w, https:\/\/olu-limburg.de\/wp-content\/uploads\/2024\/04\/P1090504_ergebnis-624x468.jpg 624w\" sizes=\"auto, (max-width: 800px) 100vw, 800px\" \/><\/a><\/p>\n<p>Jetzt sollten wir uns an die Toiletten in Uz\u00e8s erinnern. Hier in Vaison-la-Romaine gab es bereits bei den R\u00f6mern Sitzklos mit speziellen Aussparrungen vorne.<\/p>\n<p><a href=\"https:\/\/olu-limburg.de\/wp-content\/uploads\/2024\/04\/IMG_20220419_174544_ergebnis.jpg\"><img loading=\"lazy\" decoding=\"async\" class=\"size-full wp-image-31524 aligncenter\" src=\"https:\/\/olu-limburg.de\/wp-content\/uploads\/2024\/04\/IMG_20220419_174544_ergebnis.jpg\" alt=\"\" width=\"800\" height=\"600\" srcset=\"https:\/\/olu-limburg.de\/wp-content\/uploads\/2024\/04\/IMG_20220419_174544_ergebnis.jpg 800w, https:\/\/olu-limburg.de\/wp-content\/uploads\/2024\/04\/IMG_20220419_174544_ergebnis-300x225.jpg 300w, https:\/\/olu-limburg.de\/wp-content\/uploads\/2024\/04\/IMG_20220419_174544_ergebnis-768x576.jpg 768w, https:\/\/olu-limburg.de\/wp-content\/uploads\/2024\/04\/IMG_20220419_174544_ergebnis-624x468.jpg 624w\" sizes=\"auto, (max-width: 800px) 100vw, 800px\" \/><\/a><\/p>\n<p><a href=\"https:\/\/olu-limburg.de\/wp-content\/uploads\/2024\/04\/P1090507_ergebnis.jpg\"><img loading=\"lazy\" decoding=\"async\" class=\"size-full wp-image-31531 aligncenter\" src=\"https:\/\/olu-limburg.de\/wp-content\/uploads\/2024\/04\/P1090507_ergebnis.jpg\" alt=\"\" width=\"800\" height=\"600\" srcset=\"https:\/\/olu-limburg.de\/wp-content\/uploads\/2024\/04\/P1090507_ergebnis.jpg 800w, https:\/\/olu-limburg.de\/wp-content\/uploads\/2024\/04\/P1090507_ergebnis-300x225.jpg 300w, https:\/\/olu-limburg.de\/wp-content\/uploads\/2024\/04\/P1090507_ergebnis-768x576.jpg 768w, https:\/\/olu-limburg.de\/wp-content\/uploads\/2024\/04\/P1090507_ergebnis-624x468.jpg 624w\" sizes=\"auto, (max-width: 800px) 100vw, 800px\" \/><\/a><\/p>\n<p><a href=\"https:\/\/olu-limburg.de\/wp-content\/uploads\/2024\/04\/P1090509_ergebnis.jpg\"><img loading=\"lazy\" decoding=\"async\" class=\"size-full wp-image-31532 aligncenter\" src=\"https:\/\/olu-limburg.de\/wp-content\/uploads\/2024\/04\/P1090509_ergebnis.jpg\" alt=\"\" width=\"800\" height=\"600\" srcset=\"https:\/\/olu-limburg.de\/wp-content\/uploads\/2024\/04\/P1090509_ergebnis.jpg 800w, https:\/\/olu-limburg.de\/wp-content\/uploads\/2024\/04\/P1090509_ergebnis-300x225.jpg 300w, https:\/\/olu-limburg.de\/wp-content\/uploads\/2024\/04\/P1090509_ergebnis-768x576.jpg 768w, https:\/\/olu-limburg.de\/wp-content\/uploads\/2024\/04\/P1090509_ergebnis-624x468.jpg 624w\" sizes=\"auto, (max-width: 800px) 100vw, 800px\" \/><\/a><\/p>\n<p>Die Grundmauern des Amphitheaters wurden in die Felsen des Puymim-H\u00fcgels geschlagen.<\/p>\n<p><a href=\"https:\/\/olu-limburg.de\/wp-content\/uploads\/2024\/04\/P1080142_ergebnis.jpg\"><img loading=\"lazy\" decoding=\"async\" class=\"wp-image-31664 size-full aligncenter\" src=\"https:\/\/olu-limburg.de\/wp-content\/uploads\/2024\/04\/P1080142_ergebnis.jpg\" alt=\"\" width=\"800\" height=\"600\" srcset=\"https:\/\/olu-limburg.de\/wp-content\/uploads\/2024\/04\/P1080142_ergebnis.jpg 800w, https:\/\/olu-limburg.de\/wp-content\/uploads\/2024\/04\/P1080142_ergebnis-300x225.jpg 300w, https:\/\/olu-limburg.de\/wp-content\/uploads\/2024\/04\/P1080142_ergebnis-768x576.jpg 768w, https:\/\/olu-limburg.de\/wp-content\/uploads\/2024\/04\/P1080142_ergebnis-624x468.jpg 624w\" sizes=\"auto, (max-width: 800px) 100vw, 800px\" \/><\/a><\/p>\n<p>Die r\u00f6mische Br\u00fccke \u00fcber die Ouv\u00e8ze geh\u00f6rt zu den wenigen antiken Br\u00fccken, die noch vorhanden sind und genutzt werden.<\/p>\n<p><a href=\"https:\/\/olu-limburg.de\/wp-content\/uploads\/2024\/04\/IMG_20220419_180922_ergebnis.jpg\"><img loading=\"lazy\" decoding=\"async\" class=\"wp-image-31527 size-full aligncenter\" src=\"https:\/\/olu-limburg.de\/wp-content\/uploads\/2024\/04\/IMG_20220419_180922_ergebnis.jpg\" alt=\"\" width=\"800\" height=\"600\" srcset=\"https:\/\/olu-limburg.de\/wp-content\/uploads\/2024\/04\/IMG_20220419_180922_ergebnis.jpg 800w, https:\/\/olu-limburg.de\/wp-content\/uploads\/2024\/04\/IMG_20220419_180922_ergebnis-300x225.jpg 300w, https:\/\/olu-limburg.de\/wp-content\/uploads\/2024\/04\/IMG_20220419_180922_ergebnis-768x576.jpg 768w, https:\/\/olu-limburg.de\/wp-content\/uploads\/2024\/04\/IMG_20220419_180922_ergebnis-624x468.jpg 624w\" sizes=\"auto, (max-width: 800px) 100vw, 800px\" \/><\/a><\/p>\n<p><a href=\"https:\/\/olu-limburg.de\/wp-content\/uploads\/2024\/04\/P1080133_ergebnis.jpg\"><img loading=\"lazy\" decoding=\"async\" class=\"size-full wp-image-31667 aligncenter\" src=\"https:\/\/olu-limburg.de\/wp-content\/uploads\/2024\/04\/P1080133_ergebnis.jpg\" alt=\"\" width=\"800\" height=\"600\" srcset=\"https:\/\/olu-limburg.de\/wp-content\/uploads\/2024\/04\/P1080133_ergebnis.jpg 800w, https:\/\/olu-limburg.de\/wp-content\/uploads\/2024\/04\/P1080133_ergebnis-300x225.jpg 300w, https:\/\/olu-limburg.de\/wp-content\/uploads\/2024\/04\/P1080133_ergebnis-768x576.jpg 768w, https:\/\/olu-limburg.de\/wp-content\/uploads\/2024\/04\/P1080133_ergebnis-624x468.jpg 624w\" sizes=\"auto, (max-width: 800px) 100vw, 800px\" \/><\/a><\/p>\n<p>Wir landen nat\u00fcrlich zum Abschlu\u00df in einer Bar bei Pastis und Tapas.<\/p>\n<p><a href=\"https:\/\/olu-limburg.de\/wp-content\/uploads\/2024\/04\/IMG_20220419_180636_ergebnis-e1712940395520.jpg\"><img loading=\"lazy\" decoding=\"async\" class=\"size-full wp-image-31526 aligncenter\" src=\"https:\/\/olu-limburg.de\/wp-content\/uploads\/2024\/04\/IMG_20220419_180636_ergebnis-e1712940395520.jpg\" alt=\"\" width=\"450\" height=\"600\" \/><\/a><\/p>\n<p><a href=\"https:\/\/olu-limburg.de\/wp-content\/uploads\/2024\/04\/P1090510_ergebnis.jpg\"><img loading=\"lazy\" decoding=\"async\" class=\"size-full wp-image-31533 aligncenter\" src=\"https:\/\/olu-limburg.de\/wp-content\/uploads\/2024\/04\/P1090510_ergebnis.jpg\" alt=\"\" width=\"800\" height=\"600\" srcset=\"https:\/\/olu-limburg.de\/wp-content\/uploads\/2024\/04\/P1090510_ergebnis.jpg 800w, https:\/\/olu-limburg.de\/wp-content\/uploads\/2024\/04\/P1090510_ergebnis-300x225.jpg 300w, https:\/\/olu-limburg.de\/wp-content\/uploads\/2024\/04\/P1090510_ergebnis-768x576.jpg 768w, https:\/\/olu-limburg.de\/wp-content\/uploads\/2024\/04\/P1090510_ergebnis-624x468.jpg 624w\" sizes=\"auto, (max-width: 800px) 100vw, 800px\" \/><\/a><\/p>\n<p><a href=\"https:\/\/olu-limburg.de\/wp-content\/uploads\/2024\/04\/P1090511_ergebnis.jpg\"><img loading=\"lazy\" decoding=\"async\" class=\"size-full wp-image-31534 aligncenter\" src=\"https:\/\/olu-limburg.de\/wp-content\/uploads\/2024\/04\/P1090511_ergebnis.jpg\" alt=\"\" width=\"800\" height=\"600\" srcset=\"https:\/\/olu-limburg.de\/wp-content\/uploads\/2024\/04\/P1090511_ergebnis.jpg 800w, https:\/\/olu-limburg.de\/wp-content\/uploads\/2024\/04\/P1090511_ergebnis-300x225.jpg 300w, https:\/\/olu-limburg.de\/wp-content\/uploads\/2024\/04\/P1090511_ergebnis-768x576.jpg 768w, https:\/\/olu-limburg.de\/wp-content\/uploads\/2024\/04\/P1090511_ergebnis-624x468.jpg 624w\" sizes=\"auto, (max-width: 800px) 100vw, 800px\" \/><\/a><\/p>\n<p><a href=\"https:\/\/olu-limburg.de\/wp-content\/uploads\/2024\/04\/IMG_20220419_182046_ergebnis.jpg\"><img loading=\"lazy\" decoding=\"async\" class=\"size-full wp-image-31528 aligncenter\" src=\"https:\/\/olu-limburg.de\/wp-content\/uploads\/2024\/04\/IMG_20220419_182046_ergebnis.jpg\" alt=\"\" width=\"800\" height=\"600\" srcset=\"https:\/\/olu-limburg.de\/wp-content\/uploads\/2024\/04\/IMG_20220419_182046_ergebnis.jpg 800w, https:\/\/olu-limburg.de\/wp-content\/uploads\/2024\/04\/IMG_20220419_182046_ergebnis-300x225.jpg 300w, https:\/\/olu-limburg.de\/wp-content\/uploads\/2024\/04\/IMG_20220419_182046_ergebnis-768x576.jpg 768w, https:\/\/olu-limburg.de\/wp-content\/uploads\/2024\/04\/IMG_20220419_182046_ergebnis-624x468.jpg 624w\" sizes=\"auto, (max-width: 800px) 100vw, 800px\" \/><\/a><\/p>\n<p>Die Wohnmobilisten sind ein ruhiges Volk, wenn sie nur ein Fleckchen zum Schlafen haben.<\/p>\n<p><a href=\"https:\/\/olu-limburg.de\/wp-content\/uploads\/2024\/04\/P1090517_ergebnis.jpg\"><img loading=\"lazy\" decoding=\"async\" class=\"size-full wp-image-31535 aligncenter\" src=\"https:\/\/olu-limburg.de\/wp-content\/uploads\/2024\/04\/P1090517_ergebnis.jpg\" alt=\"\" width=\"800\" height=\"600\" srcset=\"https:\/\/olu-limburg.de\/wp-content\/uploads\/2024\/04\/P1090517_ergebnis.jpg 800w, https:\/\/olu-limburg.de\/wp-content\/uploads\/2024\/04\/P1090517_ergebnis-300x225.jpg 300w, https:\/\/olu-limburg.de\/wp-content\/uploads\/2024\/04\/P1090517_ergebnis-768x576.jpg 768w, https:\/\/olu-limburg.de\/wp-content\/uploads\/2024\/04\/P1090517_ergebnis-624x468.jpg 624w\" sizes=\"auto, (max-width: 800px) 100vw, 800px\" \/><\/a><\/p>\n<p>Tagesstrecke: 100 km<\/p>\n<p>&nbsp;<\/p>\n<p><strong>Mittwoch, 20.04.2022<\/strong><\/p>\n<p>Unser n\u00e4chster Stopp mit Nyons ist eigentlich nicht weit entfernt, doch Umleitungen und unser Navi verl\u00e4ngern die Fahrt um einiges an Zeit. Wobei die erste Umleitung uns wieder etwas s\u00fcdlicher an das Ufer der Ouv\u00e8ze zu dem &#8222;Jardin des 9 Damoiselles&#8220; f\u00fchrt. Die Steine sind alle mit Inschriften behauen.<\/p>\n<p><a href=\"https:\/\/olu-limburg.de\/wp-content\/uploads\/2024\/04\/IMG_20220420_112748_ergebnis.jpg\"><img loading=\"lazy\" decoding=\"async\" class=\"size-full wp-image-31539 aligncenter\" src=\"https:\/\/olu-limburg.de\/wp-content\/uploads\/2024\/04\/IMG_20220420_112748_ergebnis.jpg\" alt=\"\" width=\"800\" height=\"600\" srcset=\"https:\/\/olu-limburg.de\/wp-content\/uploads\/2024\/04\/IMG_20220420_112748_ergebnis.jpg 800w, https:\/\/olu-limburg.de\/wp-content\/uploads\/2024\/04\/IMG_20220420_112748_ergebnis-300x225.jpg 300w, https:\/\/olu-limburg.de\/wp-content\/uploads\/2024\/04\/IMG_20220420_112748_ergebnis-768x576.jpg 768w, https:\/\/olu-limburg.de\/wp-content\/uploads\/2024\/04\/IMG_20220420_112748_ergebnis-624x468.jpg 624w\" sizes=\"auto, (max-width: 800px) 100vw, 800px\" \/><\/a><\/p>\n<p><a href=\"https:\/\/olu-limburg.de\/wp-content\/uploads\/2024\/04\/IMG_20220420_112808_ergebnis.jpg\"><img loading=\"lazy\" decoding=\"async\" class=\"size-full wp-image-31540 aligncenter\" src=\"https:\/\/olu-limburg.de\/wp-content\/uploads\/2024\/04\/IMG_20220420_112808_ergebnis.jpg\" alt=\"\" width=\"800\" height=\"600\" srcset=\"https:\/\/olu-limburg.de\/wp-content\/uploads\/2024\/04\/IMG_20220420_112808_ergebnis.jpg 800w, https:\/\/olu-limburg.de\/wp-content\/uploads\/2024\/04\/IMG_20220420_112808_ergebnis-300x225.jpg 300w, https:\/\/olu-limburg.de\/wp-content\/uploads\/2024\/04\/IMG_20220420_112808_ergebnis-768x576.jpg 768w, https:\/\/olu-limburg.de\/wp-content\/uploads\/2024\/04\/IMG_20220420_112808_ergebnis-624x468.jpg 624w\" sizes=\"auto, (max-width: 800px) 100vw, 800px\" \/><\/a><\/p>\n<p><a href=\"https:\/\/olu-limburg.de\/wp-content\/uploads\/2024\/04\/IMG_20220420_113543_ergebnis-e1713089344972.jpg\"><img loading=\"lazy\" decoding=\"async\" class=\"size-full wp-image-31541 aligncenter\" src=\"https:\/\/olu-limburg.de\/wp-content\/uploads\/2024\/04\/IMG_20220420_113543_ergebnis-e1713089344972.jpg\" alt=\"\" width=\"450\" height=\"600\" \/><\/a><\/p>\n<p>Danach machen wir zur Abwechslung den Schwenk nach Norden in die richtige Richtung und erreichen tats\u00e4chlich Nyons. Jetzht f\u00e4ngt es auch noch an zu regnen. In Nyons fahren wir auf den Parkstreifen gegen\u00fcber dem eigentlichen Stellplatz und warten das Ende des Regens ab, bevor wir uns auf den Spaziergang durch die Stadt machen.<\/p>\n<p><a href=\"https:\/\/olu-limburg.de\/wp-content\/uploads\/2024\/04\/IMG_20220420_155507_ergebnis.jpg\"><img loading=\"lazy\" decoding=\"async\" class=\"size-full wp-image-31542 aligncenter\" src=\"https:\/\/olu-limburg.de\/wp-content\/uploads\/2024\/04\/IMG_20220420_155507_ergebnis.jpg\" alt=\"\" width=\"800\" height=\"600\" srcset=\"https:\/\/olu-limburg.de\/wp-content\/uploads\/2024\/04\/IMG_20220420_155507_ergebnis.jpg 800w, https:\/\/olu-limburg.de\/wp-content\/uploads\/2024\/04\/IMG_20220420_155507_ergebnis-300x225.jpg 300w, https:\/\/olu-limburg.de\/wp-content\/uploads\/2024\/04\/IMG_20220420_155507_ergebnis-768x576.jpg 768w, https:\/\/olu-limburg.de\/wp-content\/uploads\/2024\/04\/IMG_20220420_155507_ergebnis-624x468.jpg 624w\" sizes=\"auto, (max-width: 800px) 100vw, 800px\" \/><\/a><\/p>\n<p>Die Spezialit\u00e4ten von Nyons sind seine Oliven und das hochdekorierte Oliven\u00f6l, sowie die Verarbeitungen des Lavendels.<\/p>\n<p>Nach dem Mittagessen im Wohnmobil, klart es auf, und wir gehen entlang der Eygues in die Altstadt.<\/p>\n<p><a href=\"https:\/\/olu-limburg.de\/wp-content\/uploads\/2024\/04\/IMG_20220420_160509_ergebnis.jpg\"><img loading=\"lazy\" decoding=\"async\" class=\"size-full wp-image-31543 aligncenter\" src=\"https:\/\/olu-limburg.de\/wp-content\/uploads\/2024\/04\/IMG_20220420_160509_ergebnis.jpg\" alt=\"\" width=\"800\" height=\"600\" srcset=\"https:\/\/olu-limburg.de\/wp-content\/uploads\/2024\/04\/IMG_20220420_160509_ergebnis.jpg 800w, https:\/\/olu-limburg.de\/wp-content\/uploads\/2024\/04\/IMG_20220420_160509_ergebnis-300x225.jpg 300w, https:\/\/olu-limburg.de\/wp-content\/uploads\/2024\/04\/IMG_20220420_160509_ergebnis-768x576.jpg 768w, https:\/\/olu-limburg.de\/wp-content\/uploads\/2024\/04\/IMG_20220420_160509_ergebnis-624x468.jpg 624w\" sizes=\"auto, (max-width: 800px) 100vw, 800px\" \/><\/a><\/p>\n<p><a href=\"https:\/\/olu-limburg.de\/wp-content\/uploads\/2024\/04\/IMG_20220420_161004_ergebnis.jpg\"><img loading=\"lazy\" decoding=\"async\" class=\"size-full wp-image-31544 aligncenter\" src=\"https:\/\/olu-limburg.de\/wp-content\/uploads\/2024\/04\/IMG_20220420_161004_ergebnis.jpg\" alt=\"\" width=\"800\" height=\"600\" srcset=\"https:\/\/olu-limburg.de\/wp-content\/uploads\/2024\/04\/IMG_20220420_161004_ergebnis.jpg 800w, https:\/\/olu-limburg.de\/wp-content\/uploads\/2024\/04\/IMG_20220420_161004_ergebnis-300x225.jpg 300w, https:\/\/olu-limburg.de\/wp-content\/uploads\/2024\/04\/IMG_20220420_161004_ergebnis-768x576.jpg 768w, https:\/\/olu-limburg.de\/wp-content\/uploads\/2024\/04\/IMG_20220420_161004_ergebnis-624x468.jpg 624w\" sizes=\"auto, (max-width: 800px) 100vw, 800px\" \/><\/a><\/p>\n<p><a href=\"https:\/\/olu-limburg.de\/wp-content\/uploads\/2024\/04\/IMG_20220420_161359_ergebnis.jpg\"><img loading=\"lazy\" decoding=\"async\" class=\"size-full wp-image-31545 aligncenter\" src=\"https:\/\/olu-limburg.de\/wp-content\/uploads\/2024\/04\/IMG_20220420_161359_ergebnis.jpg\" alt=\"\" width=\"800\" height=\"600\" srcset=\"https:\/\/olu-limburg.de\/wp-content\/uploads\/2024\/04\/IMG_20220420_161359_ergebnis.jpg 800w, https:\/\/olu-limburg.de\/wp-content\/uploads\/2024\/04\/IMG_20220420_161359_ergebnis-300x225.jpg 300w, https:\/\/olu-limburg.de\/wp-content\/uploads\/2024\/04\/IMG_20220420_161359_ergebnis-768x576.jpg 768w, https:\/\/olu-limburg.de\/wp-content\/uploads\/2024\/04\/IMG_20220420_161359_ergebnis-624x468.jpg 624w\" sizes=\"auto, (max-width: 800px) 100vw, 800px\" \/><\/a><\/p>\n<div id=\"attachment_31547\" style=\"width: 810px\" class=\"wp-caption aligncenter\"><a href=\"https:\/\/olu-limburg.de\/wp-content\/uploads\/2024\/04\/IMG_20220420_162631_ergebnis.jpg\"><img loading=\"lazy\" decoding=\"async\" aria-describedby=\"caption-attachment-31547\" class=\"wp-image-31547 size-full\" src=\"https:\/\/olu-limburg.de\/wp-content\/uploads\/2024\/04\/IMG_20220420_162631_ergebnis.jpg\" alt=\"\" width=\"800\" height=\"600\" srcset=\"https:\/\/olu-limburg.de\/wp-content\/uploads\/2024\/04\/IMG_20220420_162631_ergebnis.jpg 800w, https:\/\/olu-limburg.de\/wp-content\/uploads\/2024\/04\/IMG_20220420_162631_ergebnis-300x225.jpg 300w, https:\/\/olu-limburg.de\/wp-content\/uploads\/2024\/04\/IMG_20220420_162631_ergebnis-768x576.jpg 768w, https:\/\/olu-limburg.de\/wp-content\/uploads\/2024\/04\/IMG_20220420_162631_ergebnis-624x468.jpg 624w\" sizes=\"auto, (max-width: 800px) 100vw, 800px\" \/><\/a><p id=\"caption-attachment-31547\" class=\"wp-caption-text\">Pont de Nyons von 1409<\/p><\/div>\n<div id=\"attachment_31548\" style=\"width: 810px\" class=\"wp-caption aligncenter\"><a href=\"https:\/\/olu-limburg.de\/wp-content\/uploads\/2024\/04\/IMG_20220420_162742_ergebnis.jpg\"><img loading=\"lazy\" decoding=\"async\" aria-describedby=\"caption-attachment-31548\" class=\"wp-image-31548 size-full\" src=\"https:\/\/olu-limburg.de\/wp-content\/uploads\/2024\/04\/IMG_20220420_162742_ergebnis.jpg\" alt=\"\" width=\"800\" height=\"600\" srcset=\"https:\/\/olu-limburg.de\/wp-content\/uploads\/2024\/04\/IMG_20220420_162742_ergebnis.jpg 800w, https:\/\/olu-limburg.de\/wp-content\/uploads\/2024\/04\/IMG_20220420_162742_ergebnis-300x225.jpg 300w, https:\/\/olu-limburg.de\/wp-content\/uploads\/2024\/04\/IMG_20220420_162742_ergebnis-768x576.jpg 768w, https:\/\/olu-limburg.de\/wp-content\/uploads\/2024\/04\/IMG_20220420_162742_ergebnis-624x468.jpg 624w\" sizes=\"auto, (max-width: 800px) 100vw, 800px\" \/><\/a><p id=\"caption-attachment-31548\" class=\"wp-caption-text\">die Eygues<\/p><\/div>\n<p><a href=\"https:\/\/olu-limburg.de\/wp-content\/uploads\/2024\/04\/IMG_20220420_163041_ergebnis-e1713090152909.jpg\"><img loading=\"lazy\" decoding=\"async\" class=\"size-full wp-image-31549 alignleft\" src=\"https:\/\/olu-limburg.de\/wp-content\/uploads\/2024\/04\/IMG_20220420_163041_ergebnis-e1713090152909.jpg\" alt=\"\" width=\"450\" height=\"600\" \/><\/a><\/p>\n<p><a href=\"https:\/\/olu-limburg.de\/wp-content\/uploads\/2024\/04\/IMG_20220420_163115_ergebnis-e1713090176391.jpg\"><img loading=\"lazy\" decoding=\"async\" class=\"size-full wp-image-31550 alignright\" src=\"https:\/\/olu-limburg.de\/wp-content\/uploads\/2024\/04\/IMG_20220420_163115_ergebnis-e1713090176391.jpg\" alt=\"\" width=\"450\" height=\"600\" \/><\/a><\/p>\n<p><a href=\"https:\/\/olu-limburg.de\/wp-content\/uploads\/2024\/04\/IMG_20220420_162335_ergebnis.jpg\"><img loading=\"lazy\" decoding=\"async\" class=\"size-full wp-image-31546 aligncenter\" src=\"https:\/\/olu-limburg.de\/wp-content\/uploads\/2024\/04\/IMG_20220420_162335_ergebnis.jpg\" alt=\"\" width=\"800\" height=\"600\" srcset=\"https:\/\/olu-limburg.de\/wp-content\/uploads\/2024\/04\/IMG_20220420_162335_ergebnis.jpg 800w, https:\/\/olu-limburg.de\/wp-content\/uploads\/2024\/04\/IMG_20220420_162335_ergebnis-300x225.jpg 300w, https:\/\/olu-limburg.de\/wp-content\/uploads\/2024\/04\/IMG_20220420_162335_ergebnis-768x576.jpg 768w, https:\/\/olu-limburg.de\/wp-content\/uploads\/2024\/04\/IMG_20220420_162335_ergebnis-624x468.jpg 624w\" sizes=\"auto, (max-width: 800px) 100vw, 800px\" \/><\/a><\/p>\n<p><a href=\"https:\/\/olu-limburg.de\/wp-content\/uploads\/2024\/04\/P1080156_ergebnis-e1713273061303.jpg\"><img loading=\"lazy\" decoding=\"async\" class=\"size-full wp-image-31669 aligncenter\" src=\"https:\/\/olu-limburg.de\/wp-content\/uploads\/2024\/04\/P1080156_ergebnis-e1713273061303.jpg\" alt=\"\" width=\"450\" height=\"600\" \/><\/a><\/p>\n<p><a href=\"https:\/\/olu-limburg.de\/wp-content\/uploads\/2024\/04\/P1080155_ergebnis-e1713273106716.jpg\"><img loading=\"lazy\" decoding=\"async\" class=\"size-full wp-image-31670 alignleft\" src=\"https:\/\/olu-limburg.de\/wp-content\/uploads\/2024\/04\/P1080155_ergebnis-e1713273106716.jpg\" alt=\"\" width=\"450\" height=\"600\" \/><\/a><\/p>\n<p><a href=\"https:\/\/olu-limburg.de\/wp-content\/uploads\/2024\/04\/IMG_20220420_164217_ergebnis-e1713090630526.jpg\"><img loading=\"lazy\" decoding=\"async\" class=\"size-full wp-image-31551 alignright\" src=\"https:\/\/olu-limburg.de\/wp-content\/uploads\/2024\/04\/IMG_20220420_164217_ergebnis-e1713090630526.jpg\" alt=\"\" width=\"450\" height=\"600\" \/><\/a><\/p>\n<p><a href=\"https:\/\/olu-limburg.de\/wp-content\/uploads\/2024\/04\/IMG_20220420_164409_ergebnis-e1713090651402.jpg\"><img loading=\"lazy\" decoding=\"async\" class=\"size-full wp-image-31552 aligncenter\" src=\"https:\/\/olu-limburg.de\/wp-content\/uploads\/2024\/04\/IMG_20220420_164409_ergebnis-e1713090651402.jpg\" alt=\"\" width=\"450\" height=\"600\" \/><\/a><\/p>\n<p>Der Tour Randonne wurde als Wehrturm gegen Ende des 13. Jhdt. erbaut. Mitte des 19. Jhdt. folgte die Umwidmung als Kapelle zu Ehren der Notre-Dame de Bon-Secours.<\/p>\n<p><a href=\"https:\/\/olu-limburg.de\/wp-content\/uploads\/2024\/04\/IMG_20220420_164825_ergebnis-e1713090669248.jpg\"><img loading=\"lazy\" decoding=\"async\" class=\"size-full wp-image-31553 alignleft\" src=\"https:\/\/olu-limburg.de\/wp-content\/uploads\/2024\/04\/IMG_20220420_164825_ergebnis-e1713090669248.jpg\" alt=\"\" width=\"450\" height=\"600\" \/><\/a><\/p>\n<p><a href=\"https:\/\/olu-limburg.de\/wp-content\/uploads\/2024\/04\/IMG_20220420_165043_ergebnis-e1713090688873.jpg\"><img loading=\"lazy\" decoding=\"async\" class=\"size-full wp-image-31554 alignright\" src=\"https:\/\/olu-limburg.de\/wp-content\/uploads\/2024\/04\/IMG_20220420_165043_ergebnis-e1713090688873.jpg\" alt=\"\" width=\"450\" height=\"600\" \/><\/a><\/p>\n<div id=\"attachment_31555\" style=\"width: 810px\" class=\"wp-caption aligncenter\"><a href=\"https:\/\/olu-limburg.de\/wp-content\/uploads\/2024\/04\/IMG_20220420_170436_ergebnis.jpg\"><img loading=\"lazy\" decoding=\"async\" aria-describedby=\"caption-attachment-31555\" class=\"wp-image-31555 size-full\" src=\"https:\/\/olu-limburg.de\/wp-content\/uploads\/2024\/04\/IMG_20220420_170436_ergebnis.jpg\" alt=\"\" width=\"800\" height=\"600\" srcset=\"https:\/\/olu-limburg.de\/wp-content\/uploads\/2024\/04\/IMG_20220420_170436_ergebnis.jpg 800w, https:\/\/olu-limburg.de\/wp-content\/uploads\/2024\/04\/IMG_20220420_170436_ergebnis-300x225.jpg 300w, https:\/\/olu-limburg.de\/wp-content\/uploads\/2024\/04\/IMG_20220420_170436_ergebnis-768x576.jpg 768w, https:\/\/olu-limburg.de\/wp-content\/uploads\/2024\/04\/IMG_20220420_170436_ergebnis-624x468.jpg 624w\" sizes=\"auto, (max-width: 800px) 100vw, 800px\" \/><\/a><p id=\"caption-attachment-31555\" class=\"wp-caption-text\">Place du Dr. Bourdongle<\/p><\/div>\n<p>Da morgen ein gro\u00dfer Markt in der gesamten Altstadt aufgebaut wird, ist der Parkstreifen auf dem wir stehen f\u00fcr die Marktbeschicker reserviert. Deshalb entschlie\u00dfen wir uns, auf der D94 in westlicher Richtung nach St.Paul-Trois-Chateux auf den kostenlosen Stellplatz mit V+E am Parking Chausy weiterzufahren.<\/p>\n<p>Dort angekommen sehen wir, dass die Wohnmobile nicht mehr auf dem gro\u00dfen Parkplatz stehen sollen. Wir haben nun einen eingez\u00e4unten und nur f\u00fcr uns reservierten Bereich, der momentan noch kostenfrei ist. Die V+E ist immer noch an der Seite zum Stadion.<\/p>\n<p><a href=\"https:\/\/olu-limburg.de\/wp-content\/uploads\/2024\/04\/P1090521_ergebnis.jpg\"><img loading=\"lazy\" decoding=\"async\" class=\"size-full wp-image-31558 aligncenter\" src=\"https:\/\/olu-limburg.de\/wp-content\/uploads\/2024\/04\/P1090521_ergebnis.jpg\" alt=\"\" width=\"800\" height=\"600\" srcset=\"https:\/\/olu-limburg.de\/wp-content\/uploads\/2024\/04\/P1090521_ergebnis.jpg 800w, https:\/\/olu-limburg.de\/wp-content\/uploads\/2024\/04\/P1090521_ergebnis-300x225.jpg 300w, https:\/\/olu-limburg.de\/wp-content\/uploads\/2024\/04\/P1090521_ergebnis-768x576.jpg 768w, https:\/\/olu-limburg.de\/wp-content\/uploads\/2024\/04\/P1090521_ergebnis-624x468.jpg 624w\" sizes=\"auto, (max-width: 800px) 100vw, 800px\" \/><\/a><\/p>\n<p>Heute Abend unternehmen wir nichts mehr. Erstens regnet es sehr stark, zweitens haben wir schon f\u00fcr heute genug gesehen.<\/p>\n<p>Tagesstrecke: 79 km<\/p>\n<p>&nbsp;<\/p>\n<p><strong>Donnertag, 21.04.2022<\/strong><\/p>\n<p>Jetzt \u00fcbernachten wir bestimmt schon zum dritten Mal in Saint-Paul, und Regen, Gewitter und Saint-Paul geh\u00f6ren einfach zusammen. Trotzdem haben wir sehr gut geschlafen.<\/p>\n<p>Am Morgen drehen wir vor der Weiterfahrt noch eine Runde durch den alten Bereich der kleinen Gemeinde. Beim Monument aux Morts de Saint-Paul Trois Ch\u00e2teau betreten wir die Altstadt.<\/p>\n<p><a href=\"https:\/\/olu-limburg.de\/wp-content\/uploads\/2024\/04\/IMG_20220421_081738_ergebnis.jpg\"><img loading=\"lazy\" decoding=\"async\" class=\"size-full wp-image-31559 aligncenter\" src=\"https:\/\/olu-limburg.de\/wp-content\/uploads\/2024\/04\/IMG_20220421_081738_ergebnis.jpg\" alt=\"\" width=\"800\" height=\"600\" srcset=\"https:\/\/olu-limburg.de\/wp-content\/uploads\/2024\/04\/IMG_20220421_081738_ergebnis.jpg 800w, https:\/\/olu-limburg.de\/wp-content\/uploads\/2024\/04\/IMG_20220421_081738_ergebnis-300x225.jpg 300w, https:\/\/olu-limburg.de\/wp-content\/uploads\/2024\/04\/IMG_20220421_081738_ergebnis-768x576.jpg 768w, https:\/\/olu-limburg.de\/wp-content\/uploads\/2024\/04\/IMG_20220421_081738_ergebnis-624x468.jpg 624w\" sizes=\"auto, (max-width: 800px) 100vw, 800px\" \/><\/a><\/p>\n<p>Der Place du March\u00e9 ist von zahlreichen Caf\u00e9s und Restaurants eingerahmt, doch offen haben wir sie noch nicht so wirklich gesehen.<\/p>\n<p><a href=\"https:\/\/olu-limburg.de\/wp-content\/uploads\/2024\/04\/P1090527_ergebnis.jpg\"><img loading=\"lazy\" decoding=\"async\" class=\"size-full wp-image-31564 aligncenter\" src=\"https:\/\/olu-limburg.de\/wp-content\/uploads\/2024\/04\/P1090527_ergebnis.jpg\" alt=\"\" width=\"800\" height=\"600\" srcset=\"https:\/\/olu-limburg.de\/wp-content\/uploads\/2024\/04\/P1090527_ergebnis.jpg 800w, https:\/\/olu-limburg.de\/wp-content\/uploads\/2024\/04\/P1090527_ergebnis-300x225.jpg 300w, https:\/\/olu-limburg.de\/wp-content\/uploads\/2024\/04\/P1090527_ergebnis-768x576.jpg 768w, https:\/\/olu-limburg.de\/wp-content\/uploads\/2024\/04\/P1090527_ergebnis-624x468.jpg 624w\" sizes=\"auto, (max-width: 800px) 100vw, 800px\" \/><\/a><\/p>\n<p><a href=\"https:\/\/olu-limburg.de\/wp-content\/uploads\/2024\/04\/P1090526_ergebnis-e1713187196684.jpg\"><img loading=\"lazy\" decoding=\"async\" class=\"size-full wp-image-31563 aligncenter\" src=\"https:\/\/olu-limburg.de\/wp-content\/uploads\/2024\/04\/P1090526_ergebnis-e1713187196684.jpg\" alt=\"\" width=\"450\" height=\"600\" \/><\/a><\/p>\n<p><a href=\"https:\/\/olu-limburg.de\/wp-content\/uploads\/2024\/04\/20220421_103122_ergebnis.jpg\"><img loading=\"lazy\" decoding=\"async\" class=\"size-full wp-image-31671 aligncenter\" src=\"https:\/\/olu-limburg.de\/wp-content\/uploads\/2024\/04\/20220421_103122_ergebnis.jpg\" alt=\"\" width=\"800\" height=\"600\" srcset=\"https:\/\/olu-limburg.de\/wp-content\/uploads\/2024\/04\/20220421_103122_ergebnis.jpg 800w, https:\/\/olu-limburg.de\/wp-content\/uploads\/2024\/04\/20220421_103122_ergebnis-300x225.jpg 300w, https:\/\/olu-limburg.de\/wp-content\/uploads\/2024\/04\/20220421_103122_ergebnis-768x576.jpg 768w, https:\/\/olu-limburg.de\/wp-content\/uploads\/2024\/04\/20220421_103122_ergebnis-624x468.jpg 624w\" sizes=\"auto, (max-width: 800px) 100vw, 800px\" \/><\/a><\/p>\n<p><a href=\"https:\/\/olu-limburg.de\/wp-content\/uploads\/2024\/04\/P1090522_ergebnis.jpg\"><img loading=\"lazy\" decoding=\"async\" class=\"size-full wp-image-31562 aligncenter\" src=\"https:\/\/olu-limburg.de\/wp-content\/uploads\/2024\/04\/P1090522_ergebnis.jpg\" alt=\"\" width=\"800\" height=\"600\" srcset=\"https:\/\/olu-limburg.de\/wp-content\/uploads\/2024\/04\/P1090522_ergebnis.jpg 800w, https:\/\/olu-limburg.de\/wp-content\/uploads\/2024\/04\/P1090522_ergebnis-300x225.jpg 300w, https:\/\/olu-limburg.de\/wp-content\/uploads\/2024\/04\/P1090522_ergebnis-768x576.jpg 768w, https:\/\/olu-limburg.de\/wp-content\/uploads\/2024\/04\/P1090522_ergebnis-624x468.jpg 624w\" sizes=\"auto, (max-width: 800px) 100vw, 800px\" \/><\/a><\/p>\n<p>Die Cath\u00e9drale Notre-Dame de Saint-Paul-Trois Ch\u00e2teau ist im 12. Jhdt. erbaut worden und ist ein Beispiel f\u00fcr die Verschmelzung der Antike in der romanischen Architektur der Provence. Wundersch\u00f6n sind die erhaltenen Fresken und S\u00e4ulenskulpturen.<\/p>\n<p><a href=\"https:\/\/olu-limburg.de\/wp-content\/uploads\/2024\/04\/P1090541_ergebnis.jpg\"><img loading=\"lazy\" decoding=\"async\" class=\"size-full wp-image-31571 aligncenter\" src=\"https:\/\/olu-limburg.de\/wp-content\/uploads\/2024\/04\/P1090541_ergebnis.jpg\" alt=\"\" width=\"800\" height=\"600\" srcset=\"https:\/\/olu-limburg.de\/wp-content\/uploads\/2024\/04\/P1090541_ergebnis.jpg 800w, https:\/\/olu-limburg.de\/wp-content\/uploads\/2024\/04\/P1090541_ergebnis-300x225.jpg 300w, https:\/\/olu-limburg.de\/wp-content\/uploads\/2024\/04\/P1090541_ergebnis-768x576.jpg 768w, https:\/\/olu-limburg.de\/wp-content\/uploads\/2024\/04\/P1090541_ergebnis-624x468.jpg 624w\" sizes=\"auto, (max-width: 800px) 100vw, 800px\" \/><\/a><\/p>\n<p><a href=\"https:\/\/olu-limburg.de\/wp-content\/uploads\/2024\/04\/P1090531_ergebnis-e1713187265716.jpg\"><img loading=\"lazy\" decoding=\"async\" class=\"size-full wp-image-31565 aligncenter\" src=\"https:\/\/olu-limburg.de\/wp-content\/uploads\/2024\/04\/P1090531_ergebnis-e1713187265716.jpg\" alt=\"\" width=\"450\" height=\"600\" \/><\/a><\/p>\n<p><a href=\"https:\/\/olu-limburg.de\/wp-content\/uploads\/2024\/04\/P1090540_ergebnis-e1713187315606.jpg\"><img loading=\"lazy\" decoding=\"async\" class=\"size-full wp-image-31570 alignleft\" src=\"https:\/\/olu-limburg.de\/wp-content\/uploads\/2024\/04\/P1090540_ergebnis-e1713187315606.jpg\" alt=\"\" width=\"450\" height=\"600\" \/><\/a><\/p>\n<p><a href=\"https:\/\/olu-limburg.de\/wp-content\/uploads\/2024\/04\/P1090535_ergebnis-e1713187354766.jpg\"><img loading=\"lazy\" decoding=\"async\" class=\"size-full wp-image-31568 alignright\" src=\"https:\/\/olu-limburg.de\/wp-content\/uploads\/2024\/04\/P1090535_ergebnis-e1713187354766.jpg\" alt=\"\" width=\"450\" height=\"600\" \/><\/a><\/p>\n<p><a href=\"https:\/\/olu-limburg.de\/wp-content\/uploads\/2024\/04\/P1090536_ergebnis-e1713187374408.jpg\"><img loading=\"lazy\" decoding=\"async\" class=\"size-full wp-image-31569 alignleft\" src=\"https:\/\/olu-limburg.de\/wp-content\/uploads\/2024\/04\/P1090536_ergebnis-e1713187374408.jpg\" alt=\"\" width=\"450\" height=\"600\" \/><\/a><\/p>\n<p><a href=\"https:\/\/olu-limburg.de\/wp-content\/uploads\/2024\/04\/P1090532_ergebnis-e1713187402777.jpg\"><img loading=\"lazy\" decoding=\"async\" class=\"size-full wp-image-31566 alignright\" src=\"https:\/\/olu-limburg.de\/wp-content\/uploads\/2024\/04\/P1090532_ergebnis-e1713187402777.jpg\" alt=\"\" width=\"450\" height=\"600\" \/><\/a><\/p>\n<p><a href=\"https:\/\/olu-limburg.de\/wp-content\/uploads\/2024\/04\/P1090533_ergebnis.jpg\"><img loading=\"lazy\" decoding=\"async\" class=\"size-full wp-image-31567 aligncenter\" src=\"https:\/\/olu-limburg.de\/wp-content\/uploads\/2024\/04\/P1090533_ergebnis.jpg\" alt=\"\" width=\"800\" height=\"600\" srcset=\"https:\/\/olu-limburg.de\/wp-content\/uploads\/2024\/04\/P1090533_ergebnis.jpg 800w, https:\/\/olu-limburg.de\/wp-content\/uploads\/2024\/04\/P1090533_ergebnis-300x225.jpg 300w, https:\/\/olu-limburg.de\/wp-content\/uploads\/2024\/04\/P1090533_ergebnis-768x576.jpg 768w, https:\/\/olu-limburg.de\/wp-content\/uploads\/2024\/04\/P1090533_ergebnis-624x468.jpg 624w\" sizes=\"auto, (max-width: 800px) 100vw, 800px\" \/><\/a><\/p>\n<p><a href=\"https:\/\/olu-limburg.de\/wp-content\/uploads\/2024\/04\/P1090545_ergebnis-e1713187241741.jpg\"><img loading=\"lazy\" decoding=\"async\" class=\"size-full wp-image-31572 aligncenter\" src=\"https:\/\/olu-limburg.de\/wp-content\/uploads\/2024\/04\/P1090545_ergebnis-e1713187241741.jpg\" alt=\"\" width=\"450\" height=\"600\" \/><\/a><\/p>\n<p>An der Chorseite der Kathedrale befindet sich das &#8222;Maison de la Truffe et du Tricastin&#8220;. Da wir schon in dem Museum waren, streifen wir lieber noch weiter durch die Gassen.<\/p>\n<p><a href=\"https:\/\/olu-limburg.de\/wp-content\/uploads\/2024\/04\/IMG_20220421_105550_ergebnis.jpg\"><img loading=\"lazy\" decoding=\"async\" class=\"size-full wp-image-31560 aligncenter\" src=\"https:\/\/olu-limburg.de\/wp-content\/uploads\/2024\/04\/IMG_20220421_105550_ergebnis.jpg\" alt=\"\" width=\"800\" height=\"600\" srcset=\"https:\/\/olu-limburg.de\/wp-content\/uploads\/2024\/04\/IMG_20220421_105550_ergebnis.jpg 800w, https:\/\/olu-limburg.de\/wp-content\/uploads\/2024\/04\/IMG_20220421_105550_ergebnis-300x225.jpg 300w, https:\/\/olu-limburg.de\/wp-content\/uploads\/2024\/04\/IMG_20220421_105550_ergebnis-768x576.jpg 768w, https:\/\/olu-limburg.de\/wp-content\/uploads\/2024\/04\/IMG_20220421_105550_ergebnis-624x468.jpg 624w\" sizes=\"auto, (max-width: 800px) 100vw, 800px\" \/><\/a><\/p>\n<p><a href=\"https:\/\/olu-limburg.de\/wp-content\/uploads\/2024\/04\/20220421_105511_ergebnis.jpg\"><img loading=\"lazy\" decoding=\"async\" class=\"size-full wp-image-31673 aligncenter\" src=\"https:\/\/olu-limburg.de\/wp-content\/uploads\/2024\/04\/20220421_105511_ergebnis.jpg\" alt=\"\" width=\"800\" height=\"600\" srcset=\"https:\/\/olu-limburg.de\/wp-content\/uploads\/2024\/04\/20220421_105511_ergebnis.jpg 800w, https:\/\/olu-limburg.de\/wp-content\/uploads\/2024\/04\/20220421_105511_ergebnis-300x225.jpg 300w, https:\/\/olu-limburg.de\/wp-content\/uploads\/2024\/04\/20220421_105511_ergebnis-768x576.jpg 768w, https:\/\/olu-limburg.de\/wp-content\/uploads\/2024\/04\/20220421_105511_ergebnis-624x468.jpg 624w\" sizes=\"auto, (max-width: 800px) 100vw, 800px\" \/><\/a><\/p>\n<p>Wie war das noch mit dem Glas Wein in das Essen und in den Koch.<\/p>\n<p><a href=\"https:\/\/olu-limburg.de\/wp-content\/uploads\/2024\/04\/P1080186_ergebnis.jpg\"><img loading=\"lazy\" decoding=\"async\" class=\"size-full wp-image-31674 aligncenter\" src=\"https:\/\/olu-limburg.de\/wp-content\/uploads\/2024\/04\/P1080186_ergebnis.jpg\" alt=\"\" width=\"800\" height=\"600\" srcset=\"https:\/\/olu-limburg.de\/wp-content\/uploads\/2024\/04\/P1080186_ergebnis.jpg 800w, https:\/\/olu-limburg.de\/wp-content\/uploads\/2024\/04\/P1080186_ergebnis-300x225.jpg 300w, https:\/\/olu-limburg.de\/wp-content\/uploads\/2024\/04\/P1080186_ergebnis-768x576.jpg 768w, https:\/\/olu-limburg.de\/wp-content\/uploads\/2024\/04\/P1080186_ergebnis-624x468.jpg 624w\" sizes=\"auto, (max-width: 800px) 100vw, 800px\" \/><\/a><\/p>\n<p><a href=\"https:\/\/olu-limburg.de\/wp-content\/uploads\/2024\/04\/IMG_20220421_110532_ergebnis-e1713187459410.jpg\"><img loading=\"lazy\" decoding=\"async\" class=\"size-full wp-image-31561 aligncenter\" src=\"https:\/\/olu-limburg.de\/wp-content\/uploads\/2024\/04\/IMG_20220421_110532_ergebnis-e1713187459410.jpg\" alt=\"\" width=\"450\" height=\"600\" \/><\/a><\/p>\n<p><a href=\"https:\/\/olu-limburg.de\/wp-content\/uploads\/2024\/04\/P1090546_ergebnis-e1713187490384.jpg\"><img loading=\"lazy\" decoding=\"async\" class=\"size-full wp-image-31573 aligncenter\" src=\"https:\/\/olu-limburg.de\/wp-content\/uploads\/2024\/04\/P1090546_ergebnis-e1713187490384.jpg\" alt=\"\" width=\"450\" height=\"600\" \/><\/a><\/p>\n<p>Wir wollen schnell weiter gen Norden. Von der D458 kommen wir kurz unterhalb von Mont\u00e9limar auf die N7. Diesmal direkt am Ortseingang von Mont\u00e9limar befindet sich im Gewerbegebiet &#8222;unser&#8220; China Wok. Wir sind f\u00fcr die Zeit des Mittagsb\u00fcfetts genau richtig. Das Restaurant habe ich ja schon kurz nach dem Beginn der Reise vorgestellt.<\/p>\n<p>Da wir nun etwas schneller voran kommen wollen, fahren wir zur n\u00e4chsten Autobahnauffahrt hinter Mont\u00e9limar, vorher tanken wir noch. Bei Vienne bezahlen wir an Maut EUR 18,90 f\u00fcr Classe 2. Wir fahren weiter in Richtung Lyon Centre und haben diesmal richtig Stau. Naja, muss auch mal sein. N\u00f6rdlich von Lyon bei Villfranche-sur-Saone beginnt wieder die Mautstrecke. Und bei der Ausfahrt Beaune S\u00fcd sind noch einmal EUR 19,70 an Maut in Classe 2 f\u00e4llig. Daf\u00fcr sind wir aber auch in der Tageskilometer-Leistung erheblich weiter gekommen.<\/p>\n<p>Der Wohnmobil-Stellplatz mit V+E von Beaune liegt an der Avenue Charles de Gaulle, ist sehr gut anzufahren und befindet sich in fu\u00dfl\u00e4ufiger Entfernung zur Altstadt mit dem H\u00f4tel-Dieu. Der Stellplatz ist neu gestaltet, mit Schrankenbetrieb, 136 Pl\u00e4tze f\u00fcr Wohnmobile bis 3,5 t und zeitabh\u00e4ngiger Stellplatzgeb\u00fchr.<\/p>\n<p><a href=\"https:\/\/olu-limburg.de\/wp-content\/uploads\/2024\/04\/P1080228_ergebnis-e1713273730800.jpg\"><img loading=\"lazy\" decoding=\"async\" class=\"size-full wp-image-31679 aligncenter\" src=\"https:\/\/olu-limburg.de\/wp-content\/uploads\/2024\/04\/P1080228_ergebnis-e1713273730800.jpg\" alt=\"\" width=\"450\" height=\"600\" \/><\/a><\/p>\n<p><a href=\"https:\/\/olu-limburg.de\/wp-content\/uploads\/2024\/04\/IMG_20220422_084411_ergebnis.jpg\"><img loading=\"lazy\" decoding=\"async\" class=\"size-full wp-image-31589 aligncenter\" src=\"https:\/\/olu-limburg.de\/wp-content\/uploads\/2024\/04\/IMG_20220422_084411_ergebnis.jpg\" alt=\"\" width=\"800\" height=\"600\" srcset=\"https:\/\/olu-limburg.de\/wp-content\/uploads\/2024\/04\/IMG_20220422_084411_ergebnis.jpg 800w, https:\/\/olu-limburg.de\/wp-content\/uploads\/2024\/04\/IMG_20220422_084411_ergebnis-300x225.jpg 300w, https:\/\/olu-limburg.de\/wp-content\/uploads\/2024\/04\/IMG_20220422_084411_ergebnis-768x576.jpg 768w, https:\/\/olu-limburg.de\/wp-content\/uploads\/2024\/04\/IMG_20220422_084411_ergebnis-624x468.jpg 624w\" sizes=\"auto, (max-width: 800px) 100vw, 800px\" \/><\/a><\/p>\n<p>Beaune ist das Zentrum des burgundischen Weinanbaugebietes und im direkten Dunstkreis liegen so Orte wie Pommard und Meursault, beides Vertreter f\u00fcr Spitzenweine mit Spitzenpreisen.<\/p>\n<p><a href=\"https:\/\/olu-limburg.de\/wp-content\/uploads\/2024\/04\/IMG_20220421_183051_ergebnis.jpg\"><img loading=\"lazy\" decoding=\"async\" class=\"size-full wp-image-31599 aligncenter\" src=\"https:\/\/olu-limburg.de\/wp-content\/uploads\/2024\/04\/IMG_20220421_183051_ergebnis.jpg\" alt=\"\" width=\"800\" height=\"600\" srcset=\"https:\/\/olu-limburg.de\/wp-content\/uploads\/2024\/04\/IMG_20220421_183051_ergebnis.jpg 800w, https:\/\/olu-limburg.de\/wp-content\/uploads\/2024\/04\/IMG_20220421_183051_ergebnis-300x225.jpg 300w, https:\/\/olu-limburg.de\/wp-content\/uploads\/2024\/04\/IMG_20220421_183051_ergebnis-768x576.jpg 768w, https:\/\/olu-limburg.de\/wp-content\/uploads\/2024\/04\/IMG_20220421_183051_ergebnis-624x468.jpg 624w\" sizes=\"auto, (max-width: 800px) 100vw, 800px\" \/><\/a><\/p>\n<p>Das H\u00f4tel-Dieu ist ein ehemaliges Hospital aus dem 15. Jhdt. und kann als Museum besichtigt werden.<\/p>\n<p><a href=\"https:\/\/olu-limburg.de\/wp-content\/uploads\/2024\/04\/P1090549_ergebnis.jpg\"><img loading=\"lazy\" decoding=\"async\" class=\"size-full wp-image-31590 aligncenter\" src=\"https:\/\/olu-limburg.de\/wp-content\/uploads\/2024\/04\/P1090549_ergebnis.jpg\" alt=\"\" width=\"800\" height=\"600\" srcset=\"https:\/\/olu-limburg.de\/wp-content\/uploads\/2024\/04\/P1090549_ergebnis.jpg 800w, https:\/\/olu-limburg.de\/wp-content\/uploads\/2024\/04\/P1090549_ergebnis-300x225.jpg 300w, https:\/\/olu-limburg.de\/wp-content\/uploads\/2024\/04\/P1090549_ergebnis-768x576.jpg 768w, https:\/\/olu-limburg.de\/wp-content\/uploads\/2024\/04\/P1090549_ergebnis-624x468.jpg 624w\" sizes=\"auto, (max-width: 800px) 100vw, 800px\" \/><\/a><\/p>\n<p><a href=\"https:\/\/olu-limburg.de\/wp-content\/uploads\/2024\/04\/IMG_20220421_192714_ergebnis-e1713191084175.jpg\"><img loading=\"lazy\" decoding=\"async\" class=\"size-full wp-image-31582 aligncenter\" src=\"https:\/\/olu-limburg.de\/wp-content\/uploads\/2024\/04\/IMG_20220421_192714_ergebnis-e1713191084175.jpg\" alt=\"\" width=\"450\" height=\"600\" \/><\/a><\/p>\n<p>Nicht weit von dort erreichen wir den Place Carnot mit seinen Bars, Bistrots und Restaurants unterschiedlichster Preisklassen.<\/p>\n<p><a href=\"https:\/\/olu-limburg.de\/wp-content\/uploads\/2024\/04\/IMG_20220421_183804_ergebnis.jpg\"><img loading=\"lazy\" decoding=\"async\" class=\"size-full wp-image-31578 aligncenter\" src=\"https:\/\/olu-limburg.de\/wp-content\/uploads\/2024\/04\/IMG_20220421_183804_ergebnis.jpg\" alt=\"\" width=\"800\" height=\"600\" srcset=\"https:\/\/olu-limburg.de\/wp-content\/uploads\/2024\/04\/IMG_20220421_183804_ergebnis.jpg 800w, https:\/\/olu-limburg.de\/wp-content\/uploads\/2024\/04\/IMG_20220421_183804_ergebnis-300x225.jpg 300w, https:\/\/olu-limburg.de\/wp-content\/uploads\/2024\/04\/IMG_20220421_183804_ergebnis-768x576.jpg 768w, https:\/\/olu-limburg.de\/wp-content\/uploads\/2024\/04\/IMG_20220421_183804_ergebnis-624x468.jpg 624w\" sizes=\"auto, (max-width: 800px) 100vw, 800px\" \/><\/a><\/p>\n<p>Von hier aus geht es fast in alle Richtungen zu weiteren &#8222;Verw\u00f6hnstationen&#8220;, die sich in Geb\u00e4uden des Sp\u00e4tmittelalters, Renaissance und Barock befinden.<\/p>\n<p><a href=\"https:\/\/olu-limburg.de\/wp-content\/uploads\/2024\/04\/IMG_20220421_193933_ergebnis.jpg\"><img loading=\"lazy\" decoding=\"async\" class=\"size-full wp-image-31585 aligncenter\" src=\"https:\/\/olu-limburg.de\/wp-content\/uploads\/2024\/04\/IMG_20220421_193933_ergebnis.jpg\" alt=\"\" width=\"800\" height=\"600\" srcset=\"https:\/\/olu-limburg.de\/wp-content\/uploads\/2024\/04\/IMG_20220421_193933_ergebnis.jpg 800w, https:\/\/olu-limburg.de\/wp-content\/uploads\/2024\/04\/IMG_20220421_193933_ergebnis-300x225.jpg 300w, https:\/\/olu-limburg.de\/wp-content\/uploads\/2024\/04\/IMG_20220421_193933_ergebnis-768x576.jpg 768w, https:\/\/olu-limburg.de\/wp-content\/uploads\/2024\/04\/IMG_20220421_193933_ergebnis-624x468.jpg 624w\" sizes=\"auto, (max-width: 800px) 100vw, 800px\" \/><\/a><\/p>\n<p>Das Ancien Carmel de Beaune ist mittlerweile ein Museum mit st\u00e4ndig wechselnden Kunstausstellungen.<\/p>\n<p><a href=\"https:\/\/olu-limburg.de\/wp-content\/uploads\/2024\/04\/IMG_20220421_192741_ergebnis-e1713191229959.jpg\"><img loading=\"lazy\" decoding=\"async\" class=\"size-full wp-image-31583 aligncenter\" src=\"https:\/\/olu-limburg.de\/wp-content\/uploads\/2024\/04\/IMG_20220421_192741_ergebnis-e1713191229959.jpg\" alt=\"\" width=\"450\" height=\"600\" \/><\/a><\/p>\n<p><a href=\"https:\/\/olu-limburg.de\/wp-content\/uploads\/2024\/04\/IMG_20220421_193527_ergebnis-e1713191256668.jpg\"><img loading=\"lazy\" decoding=\"async\" class=\"size-full wp-image-31584 aligncenter\" src=\"https:\/\/olu-limburg.de\/wp-content\/uploads\/2024\/04\/IMG_20220421_193527_ergebnis-e1713191256668.jpg\" alt=\"\" width=\"450\" height=\"600\" \/><\/a><\/p>\n<p>Auf dem Petit Place Carnot besuchen wir bei den letzten Sonnenstrahlen, die in die Bebauung eindringen, das &#8222;Chevaliers&#8220;. Zu einem Gl\u00e4schen Chablis 12 cl f\u00fcr EUR 7,50\/pP teilen wir uns eine Planche Charcuterie und f\u00f6rdern mit unserer Genusssucht die Gastronomie Beaune&#8217;s.<\/p>\n<p><a href=\"https:\/\/olu-limburg.de\/wp-content\/uploads\/2024\/04\/IMG_20220421_185208_ergebnis.jpg\"><img loading=\"lazy\" decoding=\"async\" class=\"size-full wp-image-31579 aligncenter\" src=\"https:\/\/olu-limburg.de\/wp-content\/uploads\/2024\/04\/IMG_20220421_185208_ergebnis.jpg\" alt=\"\" width=\"800\" height=\"600\" srcset=\"https:\/\/olu-limburg.de\/wp-content\/uploads\/2024\/04\/IMG_20220421_185208_ergebnis.jpg 800w, https:\/\/olu-limburg.de\/wp-content\/uploads\/2024\/04\/IMG_20220421_185208_ergebnis-300x225.jpg 300w, https:\/\/olu-limburg.de\/wp-content\/uploads\/2024\/04\/IMG_20220421_185208_ergebnis-768x576.jpg 768w, https:\/\/olu-limburg.de\/wp-content\/uploads\/2024\/04\/IMG_20220421_185208_ergebnis-624x468.jpg 624w\" sizes=\"auto, (max-width: 800px) 100vw, 800px\" \/><\/a><\/p>\n<p><a href=\"https:\/\/olu-limburg.de\/wp-content\/uploads\/2024\/04\/IMG_20220421_185405_ergebnis-e1713191141953.jpg\"><img loading=\"lazy\" decoding=\"async\" class=\"size-full wp-image-31581 aligncenter\" src=\"https:\/\/olu-limburg.de\/wp-content\/uploads\/2024\/04\/IMG_20220421_185405_ergebnis-e1713191141953.jpg\" alt=\"\" width=\"450\" height=\"600\" \/><\/a><\/p>\n<p><a href=\"https:\/\/olu-limburg.de\/wp-content\/uploads\/2024\/04\/IMG_20220421_185356_ergebnis.jpg\"><img loading=\"lazy\" decoding=\"async\" class=\"size-full wp-image-31580 aligncenter\" src=\"https:\/\/olu-limburg.de\/wp-content\/uploads\/2024\/04\/IMG_20220421_185356_ergebnis.jpg\" alt=\"\" width=\"800\" height=\"600\" srcset=\"https:\/\/olu-limburg.de\/wp-content\/uploads\/2024\/04\/IMG_20220421_185356_ergebnis.jpg 800w, https:\/\/olu-limburg.de\/wp-content\/uploads\/2024\/04\/IMG_20220421_185356_ergebnis-300x225.jpg 300w, https:\/\/olu-limburg.de\/wp-content\/uploads\/2024\/04\/IMG_20220421_185356_ergebnis-768x576.jpg 768w, https:\/\/olu-limburg.de\/wp-content\/uploads\/2024\/04\/IMG_20220421_185356_ergebnis-624x468.jpg 624w\" sizes=\"auto, (max-width: 800px) 100vw, 800px\" \/><\/a><\/p>\n<p>Die bereits oben genannte Mischung der Bebauung hat einen unbeschreiblichen Reiz.<\/p>\n<p><a href=\"https:\/\/olu-limburg.de\/wp-content\/uploads\/2024\/04\/P1080188_ergebnis-e1713273909115.jpg\"><img loading=\"lazy\" decoding=\"async\" class=\"size-full wp-image-31675 alignleft\" src=\"https:\/\/olu-limburg.de\/wp-content\/uploads\/2024\/04\/P1080188_ergebnis-e1713273909115.jpg\" alt=\"\" width=\"450\" height=\"600\" \/><\/a><\/p>\n<p><a href=\"https:\/\/olu-limburg.de\/wp-content\/uploads\/2024\/04\/IMG_20220421_194558_ergebnis-e1713191367643.jpg\"><img loading=\"lazy\" decoding=\"async\" class=\"size-full wp-image-31586 alignright\" src=\"https:\/\/olu-limburg.de\/wp-content\/uploads\/2024\/04\/IMG_20220421_194558_ergebnis-e1713191367643.jpg\" alt=\"\" width=\"450\" height=\"600\" \/><\/a><\/p>\n<p><a href=\"https:\/\/olu-limburg.de\/wp-content\/uploads\/2024\/04\/IMG_20220421_200304_ergebnis-e1713191392936.jpg\"><img loading=\"lazy\" decoding=\"async\" class=\"size-full wp-image-31587 alignleft\" src=\"https:\/\/olu-limburg.de\/wp-content\/uploads\/2024\/04\/IMG_20220421_200304_ergebnis-e1713191392936.jpg\" alt=\"\" width=\"450\" height=\"600\" \/><\/a><\/p>\n<p><a href=\"https:\/\/olu-limburg.de\/wp-content\/uploads\/2024\/04\/IMG_20220421_201918_ergebnis-e1713191413160.jpg\"><img loading=\"lazy\" decoding=\"async\" class=\"size-full wp-image-31588 alignright\" src=\"https:\/\/olu-limburg.de\/wp-content\/uploads\/2024\/04\/IMG_20220421_201918_ergebnis-e1713191413160.jpg\" alt=\"\" width=\"450\" height=\"600\" \/><\/a><\/p>\n<div id=\"attachment_31591\" style=\"width: 460px\" class=\"wp-caption aligncenter\"><a href=\"https:\/\/olu-limburg.de\/wp-content\/uploads\/2024\/04\/P1090550_ergebnis-e1713191440846.jpg\"><img loading=\"lazy\" decoding=\"async\" aria-describedby=\"caption-attachment-31591\" class=\"wp-image-31591 size-full\" src=\"https:\/\/olu-limburg.de\/wp-content\/uploads\/2024\/04\/P1090550_ergebnis-e1713191440846.jpg\" alt=\"\" width=\"450\" height=\"600\" \/><\/a><p id=\"caption-attachment-31591\" class=\"wp-caption-text\">Beffrois de Beaune<\/p><\/div>\n<p><a href=\"https:\/\/olu-limburg.de\/wp-content\/uploads\/2024\/04\/P1090554_ergebnis.jpg\"><img loading=\"lazy\" decoding=\"async\" class=\"size-full wp-image-31593 aligncenter\" src=\"https:\/\/olu-limburg.de\/wp-content\/uploads\/2024\/04\/P1090554_ergebnis.jpg\" alt=\"\" width=\"800\" height=\"600\" srcset=\"https:\/\/olu-limburg.de\/wp-content\/uploads\/2024\/04\/P1090554_ergebnis.jpg 800w, https:\/\/olu-limburg.de\/wp-content\/uploads\/2024\/04\/P1090554_ergebnis-300x225.jpg 300w, https:\/\/olu-limburg.de\/wp-content\/uploads\/2024\/04\/P1090554_ergebnis-768x576.jpg 768w, https:\/\/olu-limburg.de\/wp-content\/uploads\/2024\/04\/P1090554_ergebnis-624x468.jpg 624w\" sizes=\"auto, (max-width: 800px) 100vw, 800px\" \/><\/a><\/p>\n<div id=\"attachment_31594\" style=\"width: 460px\" class=\"wp-caption aligncenter\"><a href=\"https:\/\/olu-limburg.de\/wp-content\/uploads\/2024\/04\/P1090559_ergebnis-e1713191479689.jpg\"><img loading=\"lazy\" decoding=\"async\" aria-describedby=\"caption-attachment-31594\" class=\"wp-image-31594 size-full\" src=\"https:\/\/olu-limburg.de\/wp-content\/uploads\/2024\/04\/P1090559_ergebnis-e1713191479689.jpg\" alt=\"\" width=\"450\" height=\"600\" \/><\/a><p id=\"caption-attachment-31594\" class=\"wp-caption-text\">Porte Saint-Nicolas<\/p><\/div>\n<p><a href=\"https:\/\/olu-limburg.de\/wp-content\/uploads\/2024\/04\/P1090561_ergebnis-e1713191497617.jpg\"><img loading=\"lazy\" decoding=\"async\" class=\"size-full wp-image-31595 aligncenter\" src=\"https:\/\/olu-limburg.de\/wp-content\/uploads\/2024\/04\/P1090561_ergebnis-e1713191497617.jpg\" alt=\"\" width=\"450\" height=\"600\" \/><\/a><\/p>\n<p>Tagesstrecke: 331 km<\/p>\n<p>&nbsp;<\/p>\n<p><strong>Freitag, 22.04.2022<\/strong><\/p>\n<p>Heute Vormittag nehmen wir uns bei dem sch\u00f6nen Wetter noch die Zeit, das H\u00f4tel-Dieu zu besichtigen, denn gestern hatte es schon geschlossen.<\/p>\n<p><a href=\"https:\/\/olu-limburg.de\/wp-content\/uploads\/2024\/04\/IMG_20220422_104637_ergebnis.jpg\"><img loading=\"lazy\" decoding=\"async\" class=\"size-full wp-image-31601 aligncenter\" src=\"https:\/\/olu-limburg.de\/wp-content\/uploads\/2024\/04\/IMG_20220422_104637_ergebnis.jpg\" alt=\"\" width=\"800\" height=\"600\" srcset=\"https:\/\/olu-limburg.de\/wp-content\/uploads\/2024\/04\/IMG_20220422_104637_ergebnis.jpg 800w, https:\/\/olu-limburg.de\/wp-content\/uploads\/2024\/04\/IMG_20220422_104637_ergebnis-300x225.jpg 300w, https:\/\/olu-limburg.de\/wp-content\/uploads\/2024\/04\/IMG_20220422_104637_ergebnis-768x576.jpg 768w, https:\/\/olu-limburg.de\/wp-content\/uploads\/2024\/04\/IMG_20220422_104637_ergebnis-624x468.jpg 624w\" sizes=\"auto, (max-width: 800px) 100vw, 800px\" \/><\/a><\/p>\n<p><a href=\"https:\/\/olu-limburg.de\/wp-content\/uploads\/2024\/04\/P1080213_ergebnis.jpg\"><img loading=\"lazy\" decoding=\"async\" class=\"size-full wp-image-31677 aligncenter\" src=\"https:\/\/olu-limburg.de\/wp-content\/uploads\/2024\/04\/P1080213_ergebnis.jpg\" alt=\"\" width=\"800\" height=\"600\" srcset=\"https:\/\/olu-limburg.de\/wp-content\/uploads\/2024\/04\/P1080213_ergebnis.jpg 800w, https:\/\/olu-limburg.de\/wp-content\/uploads\/2024\/04\/P1080213_ergebnis-300x225.jpg 300w, https:\/\/olu-limburg.de\/wp-content\/uploads\/2024\/04\/P1080213_ergebnis-768x576.jpg 768w, https:\/\/olu-limburg.de\/wp-content\/uploads\/2024\/04\/P1080213_ergebnis-624x468.jpg 624w\" sizes=\"auto, (max-width: 800px) 100vw, 800px\" \/><\/a><\/p>\n<p><a href=\"https:\/\/olu-limburg.de\/wp-content\/uploads\/2024\/04\/P1090568_ergebnis.jpg\"><img loading=\"lazy\" decoding=\"async\" class=\"size-full wp-image-31603 aligncenter\" src=\"https:\/\/olu-limburg.de\/wp-content\/uploads\/2024\/04\/P1090568_ergebnis.jpg\" alt=\"\" width=\"800\" height=\"600\" srcset=\"https:\/\/olu-limburg.de\/wp-content\/uploads\/2024\/04\/P1090568_ergebnis.jpg 800w, https:\/\/olu-limburg.de\/wp-content\/uploads\/2024\/04\/P1090568_ergebnis-300x225.jpg 300w, https:\/\/olu-limburg.de\/wp-content\/uploads\/2024\/04\/P1090568_ergebnis-768x576.jpg 768w, https:\/\/olu-limburg.de\/wp-content\/uploads\/2024\/04\/P1090568_ergebnis-624x468.jpg 624w\" sizes=\"auto, (max-width: 800px) 100vw, 800px\" \/><\/a><\/p>\n<p><a href=\"https:\/\/olu-limburg.de\/wp-content\/uploads\/2024\/04\/P1090571_ergebnis-e1713193187987.jpg\"><img loading=\"lazy\" decoding=\"async\" class=\"size-full wp-image-31604 aligncenter\" src=\"https:\/\/olu-limburg.de\/wp-content\/uploads\/2024\/04\/P1090571_ergebnis-e1713193187987.jpg\" alt=\"\" width=\"450\" height=\"600\" \/><\/a><\/p>\n<p><a href=\"https:\/\/olu-limburg.de\/wp-content\/uploads\/2024\/04\/P1090572_ergebnis.jpg\"><img loading=\"lazy\" decoding=\"async\" class=\"size-full wp-image-31605 aligncenter\" src=\"https:\/\/olu-limburg.de\/wp-content\/uploads\/2024\/04\/P1090572_ergebnis.jpg\" alt=\"\" width=\"800\" height=\"600\" srcset=\"https:\/\/olu-limburg.de\/wp-content\/uploads\/2024\/04\/P1090572_ergebnis.jpg 800w, https:\/\/olu-limburg.de\/wp-content\/uploads\/2024\/04\/P1090572_ergebnis-300x225.jpg 300w, https:\/\/olu-limburg.de\/wp-content\/uploads\/2024\/04\/P1090572_ergebnis-768x576.jpg 768w, https:\/\/olu-limburg.de\/wp-content\/uploads\/2024\/04\/P1090572_ergebnis-624x468.jpg 624w\" sizes=\"auto, (max-width: 800px) 100vw, 800px\" \/><\/a><\/p>\n<p><a href=\"https:\/\/olu-limburg.de\/wp-content\/uploads\/2024\/04\/P1090573_ergebnis.jpg\"><img loading=\"lazy\" decoding=\"async\" class=\"size-full wp-image-31606 aligncenter\" src=\"https:\/\/olu-limburg.de\/wp-content\/uploads\/2024\/04\/P1090573_ergebnis.jpg\" alt=\"\" width=\"800\" height=\"600\" srcset=\"https:\/\/olu-limburg.de\/wp-content\/uploads\/2024\/04\/P1090573_ergebnis.jpg 800w, https:\/\/olu-limburg.de\/wp-content\/uploads\/2024\/04\/P1090573_ergebnis-300x225.jpg 300w, https:\/\/olu-limburg.de\/wp-content\/uploads\/2024\/04\/P1090573_ergebnis-768x576.jpg 768w, https:\/\/olu-limburg.de\/wp-content\/uploads\/2024\/04\/P1090573_ergebnis-624x468.jpg 624w\" sizes=\"auto, (max-width: 800px) 100vw, 800px\" \/><\/a><\/p>\n<p><a href=\"https:\/\/olu-limburg.de\/wp-content\/uploads\/2024\/04\/P1090577_ergebnis.jpg\"><img loading=\"lazy\" decoding=\"async\" class=\"size-full wp-image-31607 aligncenter\" src=\"https:\/\/olu-limburg.de\/wp-content\/uploads\/2024\/04\/P1090577_ergebnis.jpg\" alt=\"\" width=\"800\" height=\"600\" srcset=\"https:\/\/olu-limburg.de\/wp-content\/uploads\/2024\/04\/P1090577_ergebnis.jpg 800w, https:\/\/olu-limburg.de\/wp-content\/uploads\/2024\/04\/P1090577_ergebnis-300x225.jpg 300w, https:\/\/olu-limburg.de\/wp-content\/uploads\/2024\/04\/P1090577_ergebnis-768x576.jpg 768w, https:\/\/olu-limburg.de\/wp-content\/uploads\/2024\/04\/P1090577_ergebnis-624x468.jpg 624w\" sizes=\"auto, (max-width: 800px) 100vw, 800px\" \/><\/a><\/p>\n<p><a href=\"https:\/\/olu-limburg.de\/wp-content\/uploads\/2024\/04\/P1090579_ergebnis.jpg\"><img loading=\"lazy\" decoding=\"async\" class=\"size-full wp-image-31608 aligncenter\" src=\"https:\/\/olu-limburg.de\/wp-content\/uploads\/2024\/04\/P1090579_ergebnis.jpg\" alt=\"\" width=\"800\" height=\"600\" srcset=\"https:\/\/olu-limburg.de\/wp-content\/uploads\/2024\/04\/P1090579_ergebnis.jpg 800w, https:\/\/olu-limburg.de\/wp-content\/uploads\/2024\/04\/P1090579_ergebnis-300x225.jpg 300w, https:\/\/olu-limburg.de\/wp-content\/uploads\/2024\/04\/P1090579_ergebnis-768x576.jpg 768w, https:\/\/olu-limburg.de\/wp-content\/uploads\/2024\/04\/P1090579_ergebnis-624x468.jpg 624w\" sizes=\"auto, (max-width: 800px) 100vw, 800px\" \/><\/a><\/p>\n<p><a href=\"https:\/\/olu-limburg.de\/wp-content\/uploads\/2024\/04\/P1090587_ergebnis.jpg\"><img loading=\"lazy\" decoding=\"async\" class=\"size-full wp-image-31610 aligncenter\" src=\"https:\/\/olu-limburg.de\/wp-content\/uploads\/2024\/04\/P1090587_ergebnis.jpg\" alt=\"\" width=\"800\" height=\"600\" srcset=\"https:\/\/olu-limburg.de\/wp-content\/uploads\/2024\/04\/P1090587_ergebnis.jpg 800w, https:\/\/olu-limburg.de\/wp-content\/uploads\/2024\/04\/P1090587_ergebnis-300x225.jpg 300w, https:\/\/olu-limburg.de\/wp-content\/uploads\/2024\/04\/P1090587_ergebnis-768x576.jpg 768w, https:\/\/olu-limburg.de\/wp-content\/uploads\/2024\/04\/P1090587_ergebnis-624x468.jpg 624w\" sizes=\"auto, (max-width: 800px) 100vw, 800px\" \/><\/a><\/p>\n<p><a href=\"https:\/\/olu-limburg.de\/wp-content\/uploads\/2024\/04\/P1090585_ergebnis.jpg\"><img loading=\"lazy\" decoding=\"async\" class=\"size-full wp-image-31609 aligncenter\" src=\"https:\/\/olu-limburg.de\/wp-content\/uploads\/2024\/04\/P1090585_ergebnis.jpg\" alt=\"\" width=\"800\" height=\"600\" srcset=\"https:\/\/olu-limburg.de\/wp-content\/uploads\/2024\/04\/P1090585_ergebnis.jpg 800w, https:\/\/olu-limburg.de\/wp-content\/uploads\/2024\/04\/P1090585_ergebnis-300x225.jpg 300w, https:\/\/olu-limburg.de\/wp-content\/uploads\/2024\/04\/P1090585_ergebnis-768x576.jpg 768w, https:\/\/olu-limburg.de\/wp-content\/uploads\/2024\/04\/P1090585_ergebnis-624x468.jpg 624w\" sizes=\"auto, (max-width: 800px) 100vw, 800px\" \/><\/a><\/p>\n<p><a href=\"https:\/\/olu-limburg.de\/wp-content\/uploads\/2024\/04\/P1090589_ergebnis.jpg\"><img loading=\"lazy\" decoding=\"async\" class=\"size-full wp-image-31611 aligncenter\" src=\"https:\/\/olu-limburg.de\/wp-content\/uploads\/2024\/04\/P1090589_ergebnis.jpg\" alt=\"\" width=\"800\" height=\"600\" srcset=\"https:\/\/olu-limburg.de\/wp-content\/uploads\/2024\/04\/P1090589_ergebnis.jpg 800w, https:\/\/olu-limburg.de\/wp-content\/uploads\/2024\/04\/P1090589_ergebnis-300x225.jpg 300w, https:\/\/olu-limburg.de\/wp-content\/uploads\/2024\/04\/P1090589_ergebnis-768x576.jpg 768w, https:\/\/olu-limburg.de\/wp-content\/uploads\/2024\/04\/P1090589_ergebnis-624x468.jpg 624w\" sizes=\"auto, (max-width: 800px) 100vw, 800px\" \/><\/a><\/p>\n<div id=\"attachment_31678\" style=\"width: 810px\" class=\"wp-caption aligncenter\"><a href=\"https:\/\/olu-limburg.de\/wp-content\/uploads\/2024\/04\/P1080223_ergebnis.jpg\"><img loading=\"lazy\" decoding=\"async\" aria-describedby=\"caption-attachment-31678\" class=\"wp-image-31678 size-full\" src=\"https:\/\/olu-limburg.de\/wp-content\/uploads\/2024\/04\/P1080223_ergebnis.jpg\" alt=\"\" width=\"800\" height=\"600\" srcset=\"https:\/\/olu-limburg.de\/wp-content\/uploads\/2024\/04\/P1080223_ergebnis.jpg 800w, https:\/\/olu-limburg.de\/wp-content\/uploads\/2024\/04\/P1080223_ergebnis-300x225.jpg 300w, https:\/\/olu-limburg.de\/wp-content\/uploads\/2024\/04\/P1080223_ergebnis-768x576.jpg 768w, https:\/\/olu-limburg.de\/wp-content\/uploads\/2024\/04\/P1080223_ergebnis-624x468.jpg 624w\" sizes=\"auto, (max-width: 800px) 100vw, 800px\" \/><\/a><p id=\"caption-attachment-31678\" class=\"wp-caption-text\">Apparat zur Bet\u00e4ubung der Kranken<\/p><\/div>\n<div id=\"attachment_31612\" style=\"width: 810px\" class=\"wp-caption aligncenter\"><a href=\"https:\/\/olu-limburg.de\/wp-content\/uploads\/2024\/04\/P1090590_ergebnis.jpg\"><img loading=\"lazy\" decoding=\"async\" aria-describedby=\"caption-attachment-31612\" class=\"wp-image-31612 size-full\" src=\"https:\/\/olu-limburg.de\/wp-content\/uploads\/2024\/04\/P1090590_ergebnis.jpg\" alt=\"\" width=\"800\" height=\"600\" srcset=\"https:\/\/olu-limburg.de\/wp-content\/uploads\/2024\/04\/P1090590_ergebnis.jpg 800w, https:\/\/olu-limburg.de\/wp-content\/uploads\/2024\/04\/P1090590_ergebnis-300x225.jpg 300w, https:\/\/olu-limburg.de\/wp-content\/uploads\/2024\/04\/P1090590_ergebnis-768x576.jpg 768w, https:\/\/olu-limburg.de\/wp-content\/uploads\/2024\/04\/P1090590_ergebnis-624x468.jpg 624w\" sizes=\"auto, (max-width: 800px) 100vw, 800px\" \/><\/a><p id=\"caption-attachment-31612\" class=\"wp-caption-text\">Probierschalen f\u00fcr den Wein<\/p><\/div>\n<p>Fast direkt neben dem Stellplatz befindet sich ein gro\u00dfer Carrefour mit Tankstelle. da werden die obligatorischen letzten Eink\u00e4ufe get\u00e4tigt und getankt. Heute machen wir uns auch noch hier unser Mittagessen. Anschlie\u00dfend fahren wir auf der D974 immer weiter nach Norden.<\/p>\n<div id=\"attachment_31681\" style=\"width: 810px\" class=\"wp-caption aligncenter\"><a href=\"https:\/\/olu-limburg.de\/wp-content\/uploads\/2024\/04\/P1080230_ergebnis.jpg\"><img loading=\"lazy\" decoding=\"async\" aria-describedby=\"caption-attachment-31681\" class=\"wp-image-31681 size-full\" src=\"https:\/\/olu-limburg.de\/wp-content\/uploads\/2024\/04\/P1080230_ergebnis.jpg\" alt=\"\" width=\"800\" height=\"600\" srcset=\"https:\/\/olu-limburg.de\/wp-content\/uploads\/2024\/04\/P1080230_ergebnis.jpg 800w, https:\/\/olu-limburg.de\/wp-content\/uploads\/2024\/04\/P1080230_ergebnis-300x225.jpg 300w, https:\/\/olu-limburg.de\/wp-content\/uploads\/2024\/04\/P1080230_ergebnis-768x576.jpg 768w, https:\/\/olu-limburg.de\/wp-content\/uploads\/2024\/04\/P1080230_ergebnis-624x468.jpg 624w\" sizes=\"auto, (max-width: 800px) 100vw, 800px\" \/><\/a><p id=\"caption-attachment-31681\" class=\"wp-caption-text\">burgunder Weinlagen so weit das Auge reicht<\/p><\/div>\n<p>Dabei passieren wir auf unserer Standardstrecke Dijon und Langres, ab jetzt hei\u00dft die Stra\u00dfe D74, &#8230;<\/p>\n<div id=\"attachment_31682\" style=\"width: 810px\" class=\"wp-caption aligncenter\"><a href=\"https:\/\/olu-limburg.de\/wp-content\/uploads\/2024\/04\/P1080243_ergebnis.jpg\"><img loading=\"lazy\" decoding=\"async\" aria-describedby=\"caption-attachment-31682\" class=\"wp-image-31682 size-full\" src=\"https:\/\/olu-limburg.de\/wp-content\/uploads\/2024\/04\/P1080243_ergebnis.jpg\" alt=\"\" width=\"800\" height=\"600\" srcset=\"https:\/\/olu-limburg.de\/wp-content\/uploads\/2024\/04\/P1080243_ergebnis.jpg 800w, https:\/\/olu-limburg.de\/wp-content\/uploads\/2024\/04\/P1080243_ergebnis-300x225.jpg 300w, https:\/\/olu-limburg.de\/wp-content\/uploads\/2024\/04\/P1080243_ergebnis-768x576.jpg 768w, https:\/\/olu-limburg.de\/wp-content\/uploads\/2024\/04\/P1080243_ergebnis-624x468.jpg 624w\" sizes=\"auto, (max-width: 800px) 100vw, 800px\" \/><\/a><p id=\"caption-attachment-31682\" class=\"wp-caption-text\">Und schon hat sich die Landwirtschaft ver\u00e4ndert.<\/p><\/div>\n<p>&#8230; und erreichen kurz vor Neufchateau den kleinen Ort Goncourt, unser \u00dcbernachtungsziel.<\/p>\n<p>Der idyllische kostenlose Stellplatz mit V+E liegt an der noch jungen Meuse und l\u00e4dt f\u00f6rmlich zum \u00dcbernachten ein.<\/p>\n<p><a href=\"https:\/\/olu-limburg.de\/wp-content\/uploads\/2024\/04\/IMG_20220422_163806_ergebnis.jpg\"><img loading=\"lazy\" decoding=\"async\" class=\"size-full wp-image-31614 aligncenter\" src=\"https:\/\/olu-limburg.de\/wp-content\/uploads\/2024\/04\/IMG_20220422_163806_ergebnis.jpg\" alt=\"\" width=\"800\" height=\"600\" srcset=\"https:\/\/olu-limburg.de\/wp-content\/uploads\/2024\/04\/IMG_20220422_163806_ergebnis.jpg 800w, https:\/\/olu-limburg.de\/wp-content\/uploads\/2024\/04\/IMG_20220422_163806_ergebnis-300x225.jpg 300w, https:\/\/olu-limburg.de\/wp-content\/uploads\/2024\/04\/IMG_20220422_163806_ergebnis-768x576.jpg 768w, https:\/\/olu-limburg.de\/wp-content\/uploads\/2024\/04\/IMG_20220422_163806_ergebnis-624x468.jpg 624w\" sizes=\"auto, (max-width: 800px) 100vw, 800px\" \/><\/a><\/p>\n<p><a href=\"https:\/\/olu-limburg.de\/wp-content\/uploads\/2024\/04\/IMG_20220422_163853_ergebnis.jpg\"><img loading=\"lazy\" decoding=\"async\" class=\"size-full wp-image-31615 aligncenter\" src=\"https:\/\/olu-limburg.de\/wp-content\/uploads\/2024\/04\/IMG_20220422_163853_ergebnis.jpg\" alt=\"\" width=\"800\" height=\"600\" srcset=\"https:\/\/olu-limburg.de\/wp-content\/uploads\/2024\/04\/IMG_20220422_163853_ergebnis.jpg 800w, https:\/\/olu-limburg.de\/wp-content\/uploads\/2024\/04\/IMG_20220422_163853_ergebnis-300x225.jpg 300w, https:\/\/olu-limburg.de\/wp-content\/uploads\/2024\/04\/IMG_20220422_163853_ergebnis-768x576.jpg 768w, https:\/\/olu-limburg.de\/wp-content\/uploads\/2024\/04\/IMG_20220422_163853_ergebnis-624x468.jpg 624w\" sizes=\"auto, (max-width: 800px) 100vw, 800px\" \/><\/a><\/p>\n<p>Dann sich noch ein leckeres Abendbrot bereiten, das geht doch.<\/p>\n<p><a href=\"https:\/\/olu-limburg.de\/wp-content\/uploads\/2024\/04\/IMG_20220422_184336_ergebnis.jpg\"><img loading=\"lazy\" decoding=\"async\" class=\"size-full wp-image-31616 aligncenter\" src=\"https:\/\/olu-limburg.de\/wp-content\/uploads\/2024\/04\/IMG_20220422_184336_ergebnis.jpg\" alt=\"\" width=\"800\" height=\"600\" srcset=\"https:\/\/olu-limburg.de\/wp-content\/uploads\/2024\/04\/IMG_20220422_184336_ergebnis.jpg 800w, https:\/\/olu-limburg.de\/wp-content\/uploads\/2024\/04\/IMG_20220422_184336_ergebnis-300x225.jpg 300w, https:\/\/olu-limburg.de\/wp-content\/uploads\/2024\/04\/IMG_20220422_184336_ergebnis-768x576.jpg 768w, https:\/\/olu-limburg.de\/wp-content\/uploads\/2024\/04\/IMG_20220422_184336_ergebnis-624x468.jpg 624w\" sizes=\"auto, (max-width: 800px) 100vw, 800px\" \/><\/a><\/p>\n<p><a href=\"https:\/\/olu-limburg.de\/wp-content\/uploads\/2024\/04\/IMG_20220423_101600_ergebnis.jpg\"><img loading=\"lazy\" decoding=\"async\" class=\"size-full wp-image-31617 aligncenter\" src=\"https:\/\/olu-limburg.de\/wp-content\/uploads\/2024\/04\/IMG_20220423_101600_ergebnis.jpg\" alt=\"\" width=\"800\" height=\"600\" srcset=\"https:\/\/olu-limburg.de\/wp-content\/uploads\/2024\/04\/IMG_20220423_101600_ergebnis.jpg 800w, https:\/\/olu-limburg.de\/wp-content\/uploads\/2024\/04\/IMG_20220423_101600_ergebnis-300x225.jpg 300w, https:\/\/olu-limburg.de\/wp-content\/uploads\/2024\/04\/IMG_20220423_101600_ergebnis-768x576.jpg 768w, https:\/\/olu-limburg.de\/wp-content\/uploads\/2024\/04\/IMG_20220423_101600_ergebnis-624x468.jpg 624w\" sizes=\"auto, (max-width: 800px) 100vw, 800px\" \/><\/a><\/p>\n<p><a href=\"https:\/\/olu-limburg.de\/wp-content\/uploads\/2024\/04\/20220422_184201_ergebnis.jpg\"><img loading=\"lazy\" decoding=\"async\" class=\"size-full wp-image-31680 aligncenter\" src=\"https:\/\/olu-limburg.de\/wp-content\/uploads\/2024\/04\/20220422_184201_ergebnis.jpg\" alt=\"\" width=\"800\" height=\"600\" srcset=\"https:\/\/olu-limburg.de\/wp-content\/uploads\/2024\/04\/20220422_184201_ergebnis.jpg 800w, https:\/\/olu-limburg.de\/wp-content\/uploads\/2024\/04\/20220422_184201_ergebnis-300x225.jpg 300w, https:\/\/olu-limburg.de\/wp-content\/uploads\/2024\/04\/20220422_184201_ergebnis-768x576.jpg 768w, https:\/\/olu-limburg.de\/wp-content\/uploads\/2024\/04\/20220422_184201_ergebnis-624x468.jpg 624w\" sizes=\"auto, (max-width: 800px) 100vw, 800px\" \/><\/a><\/p>\n<p>Tagesstrecke: 166 km<\/p>\n<p>&nbsp;<\/p>\n<p><strong>Samstag, 23.04.2022<\/strong><\/p>\n<p>Drau\u00dfen regnet es. In Neufchateau besuchen wir noch einen LIDL und fahren bei Nancy auf die kostenlose Autobahn in Richtung Luxemburg. Von dort bis zur Grenze in Wasserbillig ist es dann nicht mehr weit. Wir schaffen es auch noch zur Mittagszeit auf deutscher Seite zur Pizzeria &#8222;L\u00f6wener M\u00fchle da Capris&#8220; zu kommen. Wenn es zeitlich hinhaut, machen wir hier immer unseren mitt\u00e4glichen Abschlu\u00df unserer Reise.<\/p>\n<p>Nach dem Essen m\u00fcssen wir aber noch einmal die 2 km zur\u00fcck fahren, um im luxemburgischen Wasserbillig billig zu tanken. Diese Zeit hatten wir vorher nicht mehr.<\/p>\n<p>Nun hei\u00dft es f\u00fcr uns nur noch auf die Mosel-Autobahn zu fahren und es nach Limburg zu schaffen. Sch\u00f6n wars wieder.<\/p>\n<p>Tagesstrecke: 426 km<\/p>\n<p>&nbsp;<\/p>\n<p style=\"text-align: center;\"><a href=\"https:\/\/olu-limburg.de\/?page_id=30774\">zur\u00fcck zum Seitenanfang<\/a><\/p>\n<p>&nbsp;<\/p>\n<p>&nbsp;<\/p>\n","protected":false},"excerpt":{"rendered":"<p>Mit unserer diesj\u00e4hrigen Reise in die Provence, in der Zeit vom 26.03. bis zum 23.04.2022, haben wir mit den anderen reinen Provence-Fahrten der Jahre 2006\/2009\/2011\/2018 diese Region sehr intensiv bereist. Viel Spielraum bleibt uns nicht mehr. Bei unserer diesj\u00e4hrigen Tour haben wir insgesamt 2.538 km zur\u00fcckgelegt. \u00dcbernachtet haben wir auf Wohnmobil-Stellpl\u00e4tzen und einem CP in [&hellip;]<\/p>\n","protected":false},"author":1,"featured_media":0,"parent":0,"menu_order":0,"comment_status":"closed","ping_status":"closed","template":"page-templates\/full-width.php","meta":{"footnotes":""},"class_list":["post-30774","page","type-page","status-publish","hentry"],"_links":{"self":[{"href":"https:\/\/olu-limburg.de\/index.php?rest_route=\/wp\/v2\/pages\/30774","targetHints":{"allow":["GET"]}}],"collection":[{"href":"https:\/\/olu-limburg.de\/index.php?rest_route=\/wp\/v2\/pages"}],"about":[{"href":"https:\/\/olu-limburg.de\/index.php?rest_route=\/wp\/v2\/types\/page"}],"author":[{"embeddable":true,"href":"https:\/\/olu-limburg.de\/index.php?rest_route=\/wp\/v2\/users\/1"}],"replies":[{"embeddable":true,"href":"https:\/\/olu-limburg.de\/index.php?rest_route=%2Fwp%2Fv2%2Fcomments&post=30774"}],"version-history":[{"count":156,"href":"https:\/\/olu-limburg.de\/index.php?rest_route=\/wp\/v2\/pages\/30774\/revisions"}],"predecessor-version":[{"id":31693,"href":"https:\/\/olu-limburg.de\/index.php?rest_route=\/wp\/v2\/pages\/30774\/revisions\/31693"}],"wp:attachment":[{"href":"https:\/\/olu-limburg.de\/index.php?rest_route=%2Fwp%2Fv2%2Fmedia&parent=30774"}],"curies":[{"name":"wp","href":"https:\/\/api.w.org\/{rel}","templated":true}]}}