{"id":29465,"date":"2023-09-24T17:36:15","date_gmt":"2023-09-24T15:36:15","guid":{"rendered":"https:\/\/olu-limburg.de\/?page_id=29465"},"modified":"2023-10-24T09:50:22","modified_gmt":"2023-10-24T07:50:22","slug":"normandie-spaetsommer-2023","status":"publish","type":"page","link":"https:\/\/olu-limburg.de\/?page_id=29465","title":{"rendered":"Normandie Sp\u00e4tsommer 2023"},"content":{"rendered":"<p>&nbsp;<\/p>\n<p>Text: Hans-Werner\u00a0\u00a0\u00a0\u00a0\u00a0\u00a0\u00a0\u00a0\u00a0\u00a0\u00a0\u00a0\u00a0\u00a0\u00a0\u00a0\u00a0\u00a0\u00a0\u00a0\u00a0\u00a0\u00a0\u00a0\u00a0\u00a0\u00a0\u00a0\u00a0\u00a0\u00a0\u00a0\u00a0\u00a0\u00a0\u00a0\u00a0\u00a0\u00a0\u00a0\u00a0\u00a0\u00a0\u00a0\u00a0\u00a0\u00a0\u00a0\u00a0\u00a0\u00a0\u00a0\u00a0\u00a0\u00a0\u00a0\u00a0\u00a0\u00a0\u00a0\u00a0\u00a0\u00a0\u00a0\u00a0\u00a0\u00a0\u00a0\u00a0\u00a0\u00a0\u00a0\u00a0\u00a0\u00a0\u00a0\u00a0\u00a0\u00a0\u00a0\u00a0\u00a0\u00a0\u00a0\u00a0\u00a0\u00a0\u00a0\u00a0\u00a0\u00a0\u00a0\u00a0\u00a0\u00a0\u00a0\u00a0\u00a0\u00a0\u00a0\u00a0\u00a0 Fotos Hans-Werner und Lena<\/p>\n<p>Nachdem wir den Sp\u00e4tsommer im vergangenen Jahr im Bereich der Kanalk\u00fcste Frankreichs bis zur Seine bereist haben, war es in diesem Jahr die Normandie s\u00fcdlich der Seine. Dabei haben wir im Cotentin f\u00fcr uns die Landungsk\u00fcste ausgespart. Aber wie immer ist bei uns der Weg das Ziel.<\/p>\n<p>Wir waren vom 13.August bis zum 10.September 2023 unterwegs. Dabei haben wir 2.424 km zur\u00fcckgelegt. \u00dcbernachtet haben wir auf Wohnmobil-Stellpl\u00e4tzen, bei Angeboten von France-Passion und dort, wo wir nicht gest\u00f6rt haben.<\/p>\n<p>Fazit: Es gibt noch soviel Unbekanntes zu sehen, dass es f\u00fcr eine weitere Reise in die Normandie langt.<\/p>\n<p>&nbsp;<\/p>\n<p><strong>Sonntag, 13.08.2023<\/strong><\/p>\n<p>Der Beginn unserer Frankreichreise f\u00fchrt uns erst einmal in die falsche Richtung, das ist f\u00fcr uns ja nicht ungew\u00f6hnlich, denn Lena hat von ihrem Geburtstag noch einen Gutschein f\u00fcr das Restaurant &#8222;Bootshaus Mainz&#8220;, das von dem Fernsehkoch Frank Buchholz gef\u00fchrt wird.<\/p>\n<p><a href=\"https:\/\/olu-limburg.de\/wp-content\/uploads\/2023\/09\/IMG_20230813_193457_ergebnis-e1695653974148.jpg\"><img loading=\"lazy\" decoding=\"async\" class=\"size-full wp-image-29489\" src=\"https:\/\/olu-limburg.de\/wp-content\/uploads\/2023\/09\/IMG_20230813_193457_ergebnis-e1695653974148.jpg\" alt=\"\" width=\"450\" height=\"600\" \/><\/a><\/p>\n<p>Unser erstes Ziel in Mainz ist somit der Wohnmobil-Stellplatz mit V+E im Dr.-Martin-Luther-King-Weg (Geb\u00fchr EUR 12,00\/24 Std.). Nach einer kurzen Verschnaufpause fahren wir mit dem Bus in die Innenstadt. Ein Spaziergang durch das sonnt\u00e4gliche Mainz und am Rhein entlang kann schon sch\u00f6n sein.<\/p>\n<p>Am Markt ist fr\u00f6hliches Treiben. Unter dem Sponsoring von RPR1 feiern die Mainz 05er ihr Sommerfest. Das neue Team f\u00fcr die Saison 2023\/2024 wird vorgestellt, und nat\u00fcrlich gibt es \u00fcberall Fan-Artikel zu kaufen.<\/p>\n<p><a href=\"https:\/\/olu-limburg.de\/wp-content\/uploads\/2023\/09\/IMG_20230813_152709_ergebnis-e1695654018686.jpg\"><img loading=\"lazy\" decoding=\"async\" class=\"size-full wp-image-29476 aligncenter\" src=\"https:\/\/olu-limburg.de\/wp-content\/uploads\/2023\/09\/IMG_20230813_152709_ergebnis-e1695654018686.jpg\" alt=\"\" width=\"450\" height=\"600\" \/><\/a><\/p>\n<p>Uns zieht es mehr in die beschaulichen Gassen der Altstadt &#8230;<\/p>\n<p><a href=\"https:\/\/olu-limburg.de\/wp-content\/uploads\/2023\/09\/P1110762_ergebnis.jpg\"><img loading=\"lazy\" decoding=\"async\" class=\"size-full wp-image-29490 aligncenter\" src=\"https:\/\/olu-limburg.de\/wp-content\/uploads\/2023\/09\/P1110762_ergebnis.jpg\" alt=\"\" width=\"800\" height=\"600\" srcset=\"https:\/\/olu-limburg.de\/wp-content\/uploads\/2023\/09\/P1110762_ergebnis.jpg 800w, https:\/\/olu-limburg.de\/wp-content\/uploads\/2023\/09\/P1110762_ergebnis-300x225.jpg 300w, https:\/\/olu-limburg.de\/wp-content\/uploads\/2023\/09\/P1110762_ergebnis-768x576.jpg 768w, https:\/\/olu-limburg.de\/wp-content\/uploads\/2023\/09\/P1110762_ergebnis-624x468.jpg 624w\" sizes=\"auto, (max-width: 800px) 100vw, 800px\" \/><\/a><\/p>\n<p><a href=\"https:\/\/olu-limburg.de\/wp-content\/uploads\/2023\/09\/IMG_20230813_153751_ergebnis-e1695654071241.jpg\"><img loading=\"lazy\" decoding=\"async\" class=\"size-full wp-image-29477 alignleft\" src=\"https:\/\/olu-limburg.de\/wp-content\/uploads\/2023\/09\/IMG_20230813_153751_ergebnis-e1695654071241.jpg\" alt=\"\" width=\"450\" height=\"600\" \/><\/a><\/p>\n<p><a href=\"https:\/\/olu-limburg.de\/wp-content\/uploads\/2023\/09\/P1110766_ergebnis-e1695654098867.jpg\"><img loading=\"lazy\" decoding=\"async\" class=\"size-full wp-image-29491 alignright\" src=\"https:\/\/olu-limburg.de\/wp-content\/uploads\/2023\/09\/P1110766_ergebnis-e1695654098867.jpg\" alt=\"\" width=\"450\" height=\"600\" \/><\/a><\/p>\n<p><a href=\"https:\/\/olu-limburg.de\/wp-content\/uploads\/2023\/09\/IMG_20230813_154915_ergebnis-e1695654124376.jpg\"><img loading=\"lazy\" decoding=\"async\" class=\"size-full wp-image-29478 aligncenter\" src=\"https:\/\/olu-limburg.de\/wp-content\/uploads\/2023\/09\/IMG_20230813_154915_ergebnis-e1695654124376.jpg\" alt=\"\" width=\"450\" height=\"600\" \/><\/a><\/p>\n<p>&#8230; und ins Weindorf am Rhein. Im Bereich des Fischtors betreiben die Mainzer Winzer einen Ausschank. Da wir unseren Tisch im &#8222;Bootshaus&#8220; erst f\u00fcr 18.00 Uhr bestellt haben, k\u00f6nnen wir noch eine angenehme Zeit bei Weinschorle und einem sch\u00f6nen Ausblick auf den Rhein verbringen.<\/p>\n<p><a href=\"https:\/\/olu-limburg.de\/wp-content\/uploads\/2023\/09\/IMG_20230813_162912_ergebnis.jpg\"><img loading=\"lazy\" decoding=\"async\" class=\"size-full wp-image-29479 aligncenter\" src=\"https:\/\/olu-limburg.de\/wp-content\/uploads\/2023\/09\/IMG_20230813_162912_ergebnis.jpg\" alt=\"\" width=\"800\" height=\"600\" srcset=\"https:\/\/olu-limburg.de\/wp-content\/uploads\/2023\/09\/IMG_20230813_162912_ergebnis.jpg 800w, https:\/\/olu-limburg.de\/wp-content\/uploads\/2023\/09\/IMG_20230813_162912_ergebnis-300x225.jpg 300w, https:\/\/olu-limburg.de\/wp-content\/uploads\/2023\/09\/IMG_20230813_162912_ergebnis-768x576.jpg 768w, https:\/\/olu-limburg.de\/wp-content\/uploads\/2023\/09\/IMG_20230813_162912_ergebnis-624x468.jpg 624w\" sizes=\"auto, (max-width: 800px) 100vw, 800px\" \/><\/a><\/p>\n<p><a href=\"https:\/\/olu-limburg.de\/wp-content\/uploads\/2023\/10\/20230813_155310_ergebnis-e1697211260290.jpg\"><img loading=\"lazy\" decoding=\"async\" class=\"size-full wp-image-29799 aligncenter\" src=\"https:\/\/olu-limburg.de\/wp-content\/uploads\/2023\/10\/20230813_155310_ergebnis-e1697211260290.jpg\" alt=\"\" width=\"450\" height=\"600\" \/><\/a><\/p>\n<p>Nach einem kurzweiligen Spaziergang erreichen wir das &#8222;Bootshaus&#8220;. Wir haben immer noch Zeit. Netterweise stehen auf dem Wiesenstreifen vor dem Restaurant eine Reihe von Liegest\u00fchlen. F\u00fcr uns sind gerade zwei Pl\u00e4tze frei geworden.<\/p>\n<p><a href=\"https:\/\/olu-limburg.de\/wp-content\/uploads\/2023\/09\/IMG_20230813_173943_ergebnis.jpg\"><img loading=\"lazy\" decoding=\"async\" class=\"size-full wp-image-29480 aligncenter\" src=\"https:\/\/olu-limburg.de\/wp-content\/uploads\/2023\/09\/IMG_20230813_173943_ergebnis.jpg\" alt=\"\" width=\"800\" height=\"600\" srcset=\"https:\/\/olu-limburg.de\/wp-content\/uploads\/2023\/09\/IMG_20230813_173943_ergebnis.jpg 800w, https:\/\/olu-limburg.de\/wp-content\/uploads\/2023\/09\/IMG_20230813_173943_ergebnis-300x225.jpg 300w, https:\/\/olu-limburg.de\/wp-content\/uploads\/2023\/09\/IMG_20230813_173943_ergebnis-768x576.jpg 768w, https:\/\/olu-limburg.de\/wp-content\/uploads\/2023\/09\/IMG_20230813_173943_ergebnis-624x468.jpg 624w\" sizes=\"auto, (max-width: 800px) 100vw, 800px\" \/><\/a><\/p>\n<p><a href=\"https:\/\/olu-limburg.de\/wp-content\/uploads\/2023\/10\/20230813_171959_ergebnis-e1697211318451.jpg\"><img loading=\"lazy\" decoding=\"async\" class=\"size-full wp-image-29800 aligncenter\" src=\"https:\/\/olu-limburg.de\/wp-content\/uploads\/2023\/10\/20230813_171959_ergebnis-e1697211318451.jpg\" alt=\"\" width=\"450\" height=\"600\" \/><\/a><\/p>\n<p><a href=\"https:\/\/olu-limburg.de\/wp-content\/uploads\/2023\/09\/IMG_20230813_174621_ergebnis.jpg\"><img loading=\"lazy\" decoding=\"async\" class=\"size-full wp-image-29481 aligncenter\" src=\"https:\/\/olu-limburg.de\/wp-content\/uploads\/2023\/09\/IMG_20230813_174621_ergebnis.jpg\" alt=\"\" width=\"800\" height=\"600\" srcset=\"https:\/\/olu-limburg.de\/wp-content\/uploads\/2023\/09\/IMG_20230813_174621_ergebnis.jpg 800w, https:\/\/olu-limburg.de\/wp-content\/uploads\/2023\/09\/IMG_20230813_174621_ergebnis-300x225.jpg 300w, https:\/\/olu-limburg.de\/wp-content\/uploads\/2023\/09\/IMG_20230813_174621_ergebnis-768x576.jpg 768w, https:\/\/olu-limburg.de\/wp-content\/uploads\/2023\/09\/IMG_20230813_174621_ergebnis-624x468.jpg 624w\" sizes=\"auto, (max-width: 800px) 100vw, 800px\" \/><\/a><\/p>\n<p>Wie schon so oft, haben wir vor den Beginn der Reise ein kleines kulinarisches Highlight gesetzt. Nachdem er seinen &#8222;Stern&#8220; mit der Schlie\u00dfung des Restaurant Buchholz zur\u00fcck gegeben hat, widmet er sich den regionalen Produkten und den Menschen im &#8222;Bootshaus Mainz&#8220;. So etwas finden wir spannend und wir freuen uns darauf.<\/p>\n<p>Es ist so weit. Wir haben einen reservierten Tisch im Au\u00dfenbereich. Aus der Nachmittagskarte stellen wir unser Men\u00fc zusammen.<\/p>\n<p><a href=\"https:\/\/olu-limburg.de\/wp-content\/uploads\/2023\/09\/IMG_20230813_174949_ergebnis-e1695654932691.jpg\"><img loading=\"lazy\" decoding=\"async\" class=\"size-full wp-image-29482 aligncenter\" src=\"https:\/\/olu-limburg.de\/wp-content\/uploads\/2023\/09\/IMG_20230813_174949_ergebnis-e1695654932691.jpg\" alt=\"\" width=\"450\" height=\"600\" \/><\/a><\/p>\n<p><strong>Aperitif:<\/strong><\/p>\n<p>Bootshaus Spritz (hausgemachter Pfirsich-Maracuja-Sirup, Prosecco, Rosmarin und Soda)<\/p>\n<p><a href=\"https:\/\/olu-limburg.de\/wp-content\/uploads\/2023\/09\/IMG_20230813_180906_ergebnis-e1695654979245.jpg\"><img loading=\"lazy\" decoding=\"async\" class=\"size-full wp-image-29483 aligncenter\" src=\"https:\/\/olu-limburg.de\/wp-content\/uploads\/2023\/09\/IMG_20230813_180906_ergebnis-e1695654979245.jpg\" alt=\"\" width=\"450\" height=\"600\" \/><\/a><\/p>\n<p><strong>Vorspeise:<\/strong><\/p>\n<p>Handk\u00e4se &#8222;Bootshaus Style&#8220; (mit Rotweinzwiebeln und Bootshaus Kruste)<\/p>\n<p><a href=\"https:\/\/olu-limburg.de\/wp-content\/uploads\/2023\/09\/IMG_20230813_181302_ergebnis.jpg\"><img loading=\"lazy\" decoding=\"async\" class=\"size-full wp-image-29485 aligncenter\" src=\"https:\/\/olu-limburg.de\/wp-content\/uploads\/2023\/09\/IMG_20230813_181302_ergebnis.jpg\" alt=\"\" width=\"800\" height=\"600\" srcset=\"https:\/\/olu-limburg.de\/wp-content\/uploads\/2023\/09\/IMG_20230813_181302_ergebnis.jpg 800w, https:\/\/olu-limburg.de\/wp-content\/uploads\/2023\/09\/IMG_20230813_181302_ergebnis-300x225.jpg 300w, https:\/\/olu-limburg.de\/wp-content\/uploads\/2023\/09\/IMG_20230813_181302_ergebnis-768x576.jpg 768w, https:\/\/olu-limburg.de\/wp-content\/uploads\/2023\/09\/IMG_20230813_181302_ergebnis-624x468.jpg 624w\" sizes=\"auto, (max-width: 800px) 100vw, 800px\" \/><\/a><\/p>\n<p>Vitello Tonnato<\/p>\n<p><a href=\"https:\/\/olu-limburg.de\/wp-content\/uploads\/2023\/09\/IMG_20230813_181227_ergebnis.jpg\"><img loading=\"lazy\" decoding=\"async\" class=\"size-full wp-image-29484 aligncenter\" src=\"https:\/\/olu-limburg.de\/wp-content\/uploads\/2023\/09\/IMG_20230813_181227_ergebnis.jpg\" alt=\"\" width=\"800\" height=\"600\" srcset=\"https:\/\/olu-limburg.de\/wp-content\/uploads\/2023\/09\/IMG_20230813_181227_ergebnis.jpg 800w, https:\/\/olu-limburg.de\/wp-content\/uploads\/2023\/09\/IMG_20230813_181227_ergebnis-300x225.jpg 300w, https:\/\/olu-limburg.de\/wp-content\/uploads\/2023\/09\/IMG_20230813_181227_ergebnis-768x576.jpg 768w, https:\/\/olu-limburg.de\/wp-content\/uploads\/2023\/09\/IMG_20230813_181227_ergebnis-624x468.jpg 624w\" sizes=\"auto, (max-width: 800px) 100vw, 800px\" \/><\/a><\/p>\n<p><strong>Hauptspeise:<\/strong><\/p>\n<p>feiner Pfl\u00fccksalat mit gegrilltem Rumpsteak und Kr\u00e4uterbutter<\/p>\n<p><a href=\"https:\/\/olu-limburg.de\/wp-content\/uploads\/2023\/09\/IMG_20230813_184928_ergebnis.jpg\"><img loading=\"lazy\" decoding=\"async\" class=\"size-full wp-image-29487 aligncenter\" src=\"https:\/\/olu-limburg.de\/wp-content\/uploads\/2023\/09\/IMG_20230813_184928_ergebnis.jpg\" alt=\"\" width=\"800\" height=\"600\" srcset=\"https:\/\/olu-limburg.de\/wp-content\/uploads\/2023\/09\/IMG_20230813_184928_ergebnis.jpg 800w, https:\/\/olu-limburg.de\/wp-content\/uploads\/2023\/09\/IMG_20230813_184928_ergebnis-300x225.jpg 300w, https:\/\/olu-limburg.de\/wp-content\/uploads\/2023\/09\/IMG_20230813_184928_ergebnis-768x576.jpg 768w, https:\/\/olu-limburg.de\/wp-content\/uploads\/2023\/09\/IMG_20230813_184928_ergebnis-624x468.jpg 624w\" sizes=\"auto, (max-width: 800px) 100vw, 800px\" \/><\/a><\/p>\n<p>feiner Pfl\u00fccksalat mit gebratenen Rotschwanz-Garnelen<\/p>\n<p><a href=\"https:\/\/olu-limburg.de\/wp-content\/uploads\/2023\/10\/20230813_185010_ergebnis.jpg\"><img loading=\"lazy\" decoding=\"async\" class=\"size-full wp-image-29802 aligncenter\" src=\"https:\/\/olu-limburg.de\/wp-content\/uploads\/2023\/10\/20230813_185010_ergebnis.jpg\" alt=\"\" width=\"800\" height=\"600\" srcset=\"https:\/\/olu-limburg.de\/wp-content\/uploads\/2023\/10\/20230813_185010_ergebnis.jpg 800w, https:\/\/olu-limburg.de\/wp-content\/uploads\/2023\/10\/20230813_185010_ergebnis-300x225.jpg 300w, https:\/\/olu-limburg.de\/wp-content\/uploads\/2023\/10\/20230813_185010_ergebnis-768x576.jpg 768w, https:\/\/olu-limburg.de\/wp-content\/uploads\/2023\/10\/20230813_185010_ergebnis-624x468.jpg 624w\" sizes=\"auto, (max-width: 800px) 100vw, 800px\" \/><\/a><\/p>\n<p>Mittlerweile ist auch der Chef, von den Fernsehaufzeichnungen zu &#8222;Lecker an Bord&#8220;, im Restaurant eingetroffen.<\/p>\n<p><a href=\"https:\/\/olu-limburg.de\/wp-content\/uploads\/2023\/09\/IMG_20230813_183718_ergebnis-e1695656717516.jpg\"><img loading=\"lazy\" decoding=\"async\" class=\"size-full wp-image-29486 aligncenter\" src=\"https:\/\/olu-limburg.de\/wp-content\/uploads\/2023\/09\/IMG_20230813_183718_ergebnis-e1695656717516.jpg\" alt=\"\" width=\"450\" height=\"600\" \/><\/a><\/p>\n<p>Das Essen und der Service waren sehr gut. Wir haben alles genossen.<\/p>\n<p>In guter Stimmung und bei angenehmen Temperaturen spazieren wir anschlie\u00dfend in Richtung Malakoff-Terrasse. Dort gibt die Band &#8222;Schiller&#8220; ein Konzert. Wir lauschen der Musik von au\u00dferhalb und werfen &#8222;mit dem Kamera-Auge&#8220; einen Blick in Richtung B\u00fchne.<\/p>\n<p><a href=\"https:\/\/olu-limburg.de\/wp-content\/uploads\/2023\/09\/P1110775_ergebnis.jpg\"><img loading=\"lazy\" decoding=\"async\" class=\"size-full wp-image-29504 aligncenter\" src=\"https:\/\/olu-limburg.de\/wp-content\/uploads\/2023\/09\/P1110775_ergebnis.jpg\" alt=\"\" width=\"800\" height=\"449\" srcset=\"https:\/\/olu-limburg.de\/wp-content\/uploads\/2023\/09\/P1110775_ergebnis.jpg 800w, https:\/\/olu-limburg.de\/wp-content\/uploads\/2023\/09\/P1110775_ergebnis-300x168.jpg 300w, https:\/\/olu-limburg.de\/wp-content\/uploads\/2023\/09\/P1110775_ergebnis-768x431.jpg 768w, https:\/\/olu-limburg.de\/wp-content\/uploads\/2023\/09\/P1110775_ergebnis-624x350.jpg 624w\" sizes=\"auto, (max-width: 800px) 100vw, 800px\" \/><\/a><\/p>\n<p><a href=\"https:\/\/olu-limburg.de\/wp-content\/uploads\/2023\/09\/P1110772_ergebnis.jpg\"><img loading=\"lazy\" decoding=\"async\" class=\"size-full wp-image-29503 aligncenter\" src=\"https:\/\/olu-limburg.de\/wp-content\/uploads\/2023\/09\/P1110772_ergebnis.jpg\" alt=\"\" width=\"800\" height=\"600\" srcset=\"https:\/\/olu-limburg.de\/wp-content\/uploads\/2023\/09\/P1110772_ergebnis.jpg 800w, https:\/\/olu-limburg.de\/wp-content\/uploads\/2023\/09\/P1110772_ergebnis-300x225.jpg 300w, https:\/\/olu-limburg.de\/wp-content\/uploads\/2023\/09\/P1110772_ergebnis-768x576.jpg 768w, https:\/\/olu-limburg.de\/wp-content\/uploads\/2023\/09\/P1110772_ergebnis-624x468.jpg 624w\" sizes=\"auto, (max-width: 800px) 100vw, 800px\" \/><\/a><\/p>\n<p><a href=\"https:\/\/olu-limburg.de\/wp-content\/uploads\/2023\/09\/P1110767_ergebnis.jpg\"><img loading=\"lazy\" decoding=\"async\" class=\"size-full wp-image-29502 aligncenter\" src=\"https:\/\/olu-limburg.de\/wp-content\/uploads\/2023\/09\/P1110767_ergebnis.jpg\" alt=\"\" width=\"800\" height=\"449\" srcset=\"https:\/\/olu-limburg.de\/wp-content\/uploads\/2023\/09\/P1110767_ergebnis.jpg 800w, https:\/\/olu-limburg.de\/wp-content\/uploads\/2023\/09\/P1110767_ergebnis-300x168.jpg 300w, https:\/\/olu-limburg.de\/wp-content\/uploads\/2023\/09\/P1110767_ergebnis-768x431.jpg 768w, https:\/\/olu-limburg.de\/wp-content\/uploads\/2023\/09\/P1110767_ergebnis-624x350.jpg 624w\" sizes=\"auto, (max-width: 800px) 100vw, 800px\" \/><\/a><\/p>\n<p><a href=\"https:\/\/olu-limburg.de\/wp-content\/uploads\/2023\/09\/P1110778_ergebnis.jpg\"><img loading=\"lazy\" decoding=\"async\" class=\"size-full wp-image-29505 aligncenter\" src=\"https:\/\/olu-limburg.de\/wp-content\/uploads\/2023\/09\/P1110778_ergebnis.jpg\" alt=\"\" width=\"800\" height=\"600\" srcset=\"https:\/\/olu-limburg.de\/wp-content\/uploads\/2023\/09\/P1110778_ergebnis.jpg 800w, https:\/\/olu-limburg.de\/wp-content\/uploads\/2023\/09\/P1110778_ergebnis-300x225.jpg 300w, https:\/\/olu-limburg.de\/wp-content\/uploads\/2023\/09\/P1110778_ergebnis-768x576.jpg 768w, https:\/\/olu-limburg.de\/wp-content\/uploads\/2023\/09\/P1110778_ergebnis-624x468.jpg 624w\" sizes=\"auto, (max-width: 800px) 100vw, 800px\" \/><\/a><\/p>\n<p>Eigentlich h\u00f6re ich &#8222;Schiller&#8220; ganz gerne. In dieser Dreier-Besetzung hat die Musik aber solch einen stampfenden Rhythmus, dem tragende Melodien fehlen.<\/p>\n<p>Wir ziehen weiter und gehen zur Bushaltestelle. Auf dem Stellplatz sitzen wir noch lange vor dem Wohnmobil. \u00dcber uns fliegen noch lange Zeit die Flugzeuge, wie an einer Perlenschnur gezogen, in Richtung Frankfurt.<\/p>\n<p>Tagesstrecke: 66 km<\/p>\n<p>&nbsp;<\/p>\n<p><strong>Montag, 14.08.2023<\/strong><\/p>\n<p>Heute wartet ein Fahrtag mit Nebel auf uns. Wir verlassen Mainz und fahren noch ein kleines St\u00fcck die A61 um dann auf die Hunsr\u00fcck-H\u00f6hen-Stra\u00dfe zu wechseln. Bei Trier nehmen wir die Autobahn nach Luxembourg. Kurz hinter der Grenze legen wir bei Wasserbillig einen\u00a0 Tank- und Raststopp ein.<\/p>\n<p><a href=\"https:\/\/olu-limburg.de\/wp-content\/uploads\/2023\/10\/20230814_113210_ergebnis.jpg\"><img loading=\"lazy\" decoding=\"async\" class=\"size-full wp-image-29803 aligncenter\" src=\"https:\/\/olu-limburg.de\/wp-content\/uploads\/2023\/10\/20230814_113210_ergebnis.jpg\" alt=\"\" width=\"800\" height=\"600\" srcset=\"https:\/\/olu-limburg.de\/wp-content\/uploads\/2023\/10\/20230814_113210_ergebnis.jpg 800w, https:\/\/olu-limburg.de\/wp-content\/uploads\/2023\/10\/20230814_113210_ergebnis-300x225.jpg 300w, https:\/\/olu-limburg.de\/wp-content\/uploads\/2023\/10\/20230814_113210_ergebnis-768x576.jpg 768w, https:\/\/olu-limburg.de\/wp-content\/uploads\/2023\/10\/20230814_113210_ergebnis-624x468.jpg 624w\" sizes=\"auto, (max-width: 800px) 100vw, 800px\" \/><\/a><\/p>\n<div id=\"attachment_29804\" style=\"width: 810px\" class=\"wp-caption aligncenter\"><a href=\"https:\/\/olu-limburg.de\/wp-content\/uploads\/2023\/10\/20230814_124944_ergebnis.jpg\"><img loading=\"lazy\" decoding=\"async\" aria-describedby=\"caption-attachment-29804\" class=\"wp-image-29804 size-full\" src=\"https:\/\/olu-limburg.de\/wp-content\/uploads\/2023\/10\/20230814_124944_ergebnis.jpg\" alt=\"\" width=\"800\" height=\"600\" srcset=\"https:\/\/olu-limburg.de\/wp-content\/uploads\/2023\/10\/20230814_124944_ergebnis.jpg 800w, https:\/\/olu-limburg.de\/wp-content\/uploads\/2023\/10\/20230814_124944_ergebnis-300x225.jpg 300w, https:\/\/olu-limburg.de\/wp-content\/uploads\/2023\/10\/20230814_124944_ergebnis-768x576.jpg 768w, https:\/\/olu-limburg.de\/wp-content\/uploads\/2023\/10\/20230814_124944_ergebnis-624x468.jpg 624w\" sizes=\"auto, (max-width: 800px) 100vw, 800px\" \/><\/a><p id=\"caption-attachment-29804\" class=\"wp-caption-text\">Delikatesse auf der Rastst\u00e4tte Wasserbillig<\/p><\/div>\n<p>Luxembourg ist wie immer schnell durchquert, und weiter geht es auf der belgischen Autobahn in die Ardennen nach Bouillon.<\/p>\n<p>Bouillon ist eine Kleinstadt in den Ardennen (westlicher Teil des Rheinischen Schiefergebirges) und liegt an den Ufern der Semois. Bekannt wurde die Stadt durch die Verbindung zu Gottfried von Bouillon, einem Heerf\u00fchrer des Ersten Kreuzzuges zur Eroberung Jerusalems. Seine Mutter stammte aus Bouillon. Er erhielt den Beinamen aber erst 1077 nach der Belagerung der Burg Bouillon.<\/p>\n<p><a href=\"https:\/\/olu-limburg.de\/wp-content\/uploads\/2023\/09\/IMG_20230814_163851_ergebnis.jpg\"><img loading=\"lazy\" decoding=\"async\" class=\"alignnone size-full wp-image-29515\" src=\"https:\/\/olu-limburg.de\/wp-content\/uploads\/2023\/09\/IMG_20230814_163851_ergebnis.jpg\" alt=\"\" width=\"800\" height=\"600\" srcset=\"https:\/\/olu-limburg.de\/wp-content\/uploads\/2023\/09\/IMG_20230814_163851_ergebnis.jpg 800w, https:\/\/olu-limburg.de\/wp-content\/uploads\/2023\/09\/IMG_20230814_163851_ergebnis-300x225.jpg 300w, https:\/\/olu-limburg.de\/wp-content\/uploads\/2023\/09\/IMG_20230814_163851_ergebnis-768x576.jpg 768w, https:\/\/olu-limburg.de\/wp-content\/uploads\/2023\/09\/IMG_20230814_163851_ergebnis-624x468.jpg 624w\" sizes=\"auto, (max-width: 800px) 100vw, 800px\" \/><\/a><\/p>\n<p>Die Suche nach dem Wohnmobil-Stellplatz gestaltet sich etwas schwierig. Das Navi m\u00f6chte mich st\u00e4ndig in die engen Stra\u00dfen der Altstadt f\u00fchren. Einmal schafft es das auch, und ich stehe schon kurz unterhalb der Festung. Der Stellplatz ist aber verlegt worden und liegt weit au\u00dferhalb beim Sportplatz. Au\u00dferdem ist er voll, wie wir feststellen.<\/p>\n<p><a href=\"https:\/\/olu-limburg.de\/wp-content\/uploads\/2023\/10\/20230815_104121_ergebnis-e1697211644798.jpg\"><img loading=\"lazy\" decoding=\"async\" class=\"size-full wp-image-29807 aligncenter\" src=\"https:\/\/olu-limburg.de\/wp-content\/uploads\/2023\/10\/20230815_104121_ergebnis-e1697211644798.jpg\" alt=\"\" width=\"450\" height=\"600\" \/><\/a><\/p>\n<p>Wir fahren wieder zur\u00fcck und stellen uns auf einem kleinen Parkplatz unterhalb der Festung. Von hier aus k\u00f6nnen wir auf jeden Fall unsere Besichtigungstour starten. Zuerst ruhen wir uns aber noch ein wenig aus &#8211; denken wir. Neben uns scheint aber der Hauptverkehrsknotenpunkt von Bouillon zu liegen. Und gef\u00fchlt jeder dritte Verkehrsteilnehmer erliegt der Versuchung, sich bei der Durchfahrung des Tunnels entweder durch ein Hupen oder etwas Zwischengas bemerkbar machen zu m\u00fcssen.<\/p>\n<p><a href=\"https:\/\/olu-limburg.de\/wp-content\/uploads\/2023\/09\/IMG_20230814_163321_ergebnis-e1695717278865.jpg\"><img loading=\"lazy\" decoding=\"async\" class=\"size-full wp-image-29514 aligncenter\" src=\"https:\/\/olu-limburg.de\/wp-content\/uploads\/2023\/09\/IMG_20230814_163321_ergebnis-e1695717278865.jpg\" alt=\"\" width=\"450\" height=\"600\" \/><\/a><\/p>\n<p>Es hilft nichts, wir starten unsere Besichtigung. In der Stadt ist unheimlich viel los, und das an einem Montag. Dann kommt uns die Erleuchtung, es sind noch Ferien. Der Weg hoch zur Festung ist ganz sch\u00f6n beschwerlich. Ich h\u00e4tte es mir fast denken k\u00f6nnen &#8211; oben steht ein Wohnmobil.<\/p>\n<p><a href=\"https:\/\/olu-limburg.de\/wp-content\/uploads\/2023\/09\/IMG_20230814_164608_ergebnis.jpg\"><img loading=\"lazy\" decoding=\"async\" class=\"size-full wp-image-29516 aligncenter\" src=\"https:\/\/olu-limburg.de\/wp-content\/uploads\/2023\/09\/IMG_20230814_164608_ergebnis.jpg\" alt=\"\" width=\"800\" height=\"600\" srcset=\"https:\/\/olu-limburg.de\/wp-content\/uploads\/2023\/09\/IMG_20230814_164608_ergebnis.jpg 800w, https:\/\/olu-limburg.de\/wp-content\/uploads\/2023\/09\/IMG_20230814_164608_ergebnis-300x225.jpg 300w, https:\/\/olu-limburg.de\/wp-content\/uploads\/2023\/09\/IMG_20230814_164608_ergebnis-768x576.jpg 768w, https:\/\/olu-limburg.de\/wp-content\/uploads\/2023\/09\/IMG_20230814_164608_ergebnis-624x468.jpg 624w\" sizes=\"auto, (max-width: 800px) 100vw, 800px\" \/><\/a><\/p>\n<p>Wir genie\u00dfen die Aussicht von hier oben. Eine ausf\u00fchrliche Besichtigung der Festung ersparen wir uns. Vor vielen Jahren haben wir dies schon gemacht.<\/p>\n<p><a href=\"https:\/\/olu-limburg.de\/wp-content\/uploads\/2023\/09\/IMG_20230814_170202_ergebnis.jpg\"><img loading=\"lazy\" decoding=\"async\" class=\"size-full wp-image-29518 aligncenter\" src=\"https:\/\/olu-limburg.de\/wp-content\/uploads\/2023\/09\/IMG_20230814_170202_ergebnis.jpg\" alt=\"\" width=\"800\" height=\"600\" srcset=\"https:\/\/olu-limburg.de\/wp-content\/uploads\/2023\/09\/IMG_20230814_170202_ergebnis.jpg 800w, https:\/\/olu-limburg.de\/wp-content\/uploads\/2023\/09\/IMG_20230814_170202_ergebnis-300x225.jpg 300w, https:\/\/olu-limburg.de\/wp-content\/uploads\/2023\/09\/IMG_20230814_170202_ergebnis-768x576.jpg 768w, https:\/\/olu-limburg.de\/wp-content\/uploads\/2023\/09\/IMG_20230814_170202_ergebnis-624x468.jpg 624w\" sizes=\"auto, (max-width: 800px) 100vw, 800px\" \/><\/a><\/p>\n<p><a href=\"https:\/\/olu-limburg.de\/wp-content\/uploads\/2023\/09\/IMG_20230814_170152_ergebnis.jpg\"><img loading=\"lazy\" decoding=\"async\" class=\"size-full wp-image-29517 aligncenter\" src=\"https:\/\/olu-limburg.de\/wp-content\/uploads\/2023\/09\/IMG_20230814_170152_ergebnis.jpg\" alt=\"\" width=\"800\" height=\"600\" srcset=\"https:\/\/olu-limburg.de\/wp-content\/uploads\/2023\/09\/IMG_20230814_170152_ergebnis.jpg 800w, https:\/\/olu-limburg.de\/wp-content\/uploads\/2023\/09\/IMG_20230814_170152_ergebnis-300x225.jpg 300w, https:\/\/olu-limburg.de\/wp-content\/uploads\/2023\/09\/IMG_20230814_170152_ergebnis-768x576.jpg 768w, https:\/\/olu-limburg.de\/wp-content\/uploads\/2023\/09\/IMG_20230814_170152_ergebnis-624x468.jpg 624w\" sizes=\"auto, (max-width: 800px) 100vw, 800px\" \/><\/a><\/p>\n<p><a href=\"https:\/\/olu-limburg.de\/wp-content\/uploads\/2023\/09\/IMG_20230814_170347_ergebnis.jpg\"><img loading=\"lazy\" decoding=\"async\" class=\"size-full wp-image-29519 aligncenter\" src=\"https:\/\/olu-limburg.de\/wp-content\/uploads\/2023\/09\/IMG_20230814_170347_ergebnis.jpg\" alt=\"\" width=\"800\" height=\"600\" srcset=\"https:\/\/olu-limburg.de\/wp-content\/uploads\/2023\/09\/IMG_20230814_170347_ergebnis.jpg 800w, https:\/\/olu-limburg.de\/wp-content\/uploads\/2023\/09\/IMG_20230814_170347_ergebnis-300x225.jpg 300w, https:\/\/olu-limburg.de\/wp-content\/uploads\/2023\/09\/IMG_20230814_170347_ergebnis-768x576.jpg 768w, https:\/\/olu-limburg.de\/wp-content\/uploads\/2023\/09\/IMG_20230814_170347_ergebnis-624x468.jpg 624w\" sizes=\"auto, (max-width: 800px) 100vw, 800px\" \/><\/a><\/p>\n<p><a href=\"https:\/\/olu-limburg.de\/wp-content\/uploads\/2023\/09\/IMG_20230814_170853_ergebnis.jpg\"><img loading=\"lazy\" decoding=\"async\" class=\"size-full wp-image-29521 aligncenter\" src=\"https:\/\/olu-limburg.de\/wp-content\/uploads\/2023\/09\/IMG_20230814_170853_ergebnis.jpg\" alt=\"\" width=\"800\" height=\"600\" srcset=\"https:\/\/olu-limburg.de\/wp-content\/uploads\/2023\/09\/IMG_20230814_170853_ergebnis.jpg 800w, https:\/\/olu-limburg.de\/wp-content\/uploads\/2023\/09\/IMG_20230814_170853_ergebnis-300x225.jpg 300w, https:\/\/olu-limburg.de\/wp-content\/uploads\/2023\/09\/IMG_20230814_170853_ergebnis-768x576.jpg 768w, https:\/\/olu-limburg.de\/wp-content\/uploads\/2023\/09\/IMG_20230814_170853_ergebnis-624x468.jpg 624w\" sizes=\"auto, (max-width: 800px) 100vw, 800px\" \/><\/a><\/p>\n<p><a href=\"https:\/\/olu-limburg.de\/wp-content\/uploads\/2023\/09\/IMG_20230814_170807_ergebnis-e1695717427787.jpg\"><img loading=\"lazy\" decoding=\"async\" class=\"size-full wp-image-29520 aligncenter\" src=\"https:\/\/olu-limburg.de\/wp-content\/uploads\/2023\/09\/IMG_20230814_170807_ergebnis-e1695717427787.jpg\" alt=\"\" width=\"450\" height=\"600\" \/><\/a><\/p>\n<p><a href=\"https:\/\/olu-limburg.de\/wp-content\/uploads\/2023\/09\/IMG_20230814_171316_ergebnis.jpg\"><img loading=\"lazy\" decoding=\"async\" class=\"size-full wp-image-29522 aligncenter\" src=\"https:\/\/olu-limburg.de\/wp-content\/uploads\/2023\/09\/IMG_20230814_171316_ergebnis.jpg\" alt=\"\" width=\"800\" height=\"600\" srcset=\"https:\/\/olu-limburg.de\/wp-content\/uploads\/2023\/09\/IMG_20230814_171316_ergebnis.jpg 800w, https:\/\/olu-limburg.de\/wp-content\/uploads\/2023\/09\/IMG_20230814_171316_ergebnis-300x225.jpg 300w, https:\/\/olu-limburg.de\/wp-content\/uploads\/2023\/09\/IMG_20230814_171316_ergebnis-768x576.jpg 768w, https:\/\/olu-limburg.de\/wp-content\/uploads\/2023\/09\/IMG_20230814_171316_ergebnis-624x468.jpg 624w\" sizes=\"auto, (max-width: 800px) 100vw, 800px\" \/><\/a><\/p>\n<p>Wieder unten, spazieren wir an vielen und teuren Restaurants vorbei. Wir setzen uns vors &#8222;Windsor&#8220; mit Aussicht auf die Br\u00fccke \u00fcber die Semois, bestellen uns erfrischende Getr\u00e4nke und eine &#8222;Assiette Ardennaise&#8220; (Platte mit Ardenner Spezialit\u00e4ten).<\/p>\n<p><a href=\"https:\/\/olu-limburg.de\/wp-content\/uploads\/2023\/09\/IMG_20230814_171924_ergebnis.jpg\"><img loading=\"lazy\" decoding=\"async\" class=\"size-full wp-image-29523 aligncenter\" src=\"https:\/\/olu-limburg.de\/wp-content\/uploads\/2023\/09\/IMG_20230814_171924_ergebnis.jpg\" alt=\"\" width=\"800\" height=\"600\" srcset=\"https:\/\/olu-limburg.de\/wp-content\/uploads\/2023\/09\/IMG_20230814_171924_ergebnis.jpg 800w, https:\/\/olu-limburg.de\/wp-content\/uploads\/2023\/09\/IMG_20230814_171924_ergebnis-300x225.jpg 300w, https:\/\/olu-limburg.de\/wp-content\/uploads\/2023\/09\/IMG_20230814_171924_ergebnis-768x576.jpg 768w, https:\/\/olu-limburg.de\/wp-content\/uploads\/2023\/09\/IMG_20230814_171924_ergebnis-624x468.jpg 624w\" sizes=\"auto, (max-width: 800px) 100vw, 800px\" \/><\/a><\/p>\n<p><a href=\"https:\/\/olu-limburg.de\/wp-content\/uploads\/2023\/09\/IMG_20230814_172749_ergebnis.jpg\"><img loading=\"lazy\" decoding=\"async\" class=\"size-full wp-image-29524 aligncenter\" src=\"https:\/\/olu-limburg.de\/wp-content\/uploads\/2023\/09\/IMG_20230814_172749_ergebnis.jpg\" alt=\"\" width=\"800\" height=\"600\" srcset=\"https:\/\/olu-limburg.de\/wp-content\/uploads\/2023\/09\/IMG_20230814_172749_ergebnis.jpg 800w, https:\/\/olu-limburg.de\/wp-content\/uploads\/2023\/09\/IMG_20230814_172749_ergebnis-300x225.jpg 300w, https:\/\/olu-limburg.de\/wp-content\/uploads\/2023\/09\/IMG_20230814_172749_ergebnis-768x576.jpg 768w, https:\/\/olu-limburg.de\/wp-content\/uploads\/2023\/09\/IMG_20230814_172749_ergebnis-624x468.jpg 624w\" sizes=\"auto, (max-width: 800px) 100vw, 800px\" \/><\/a><\/p>\n<p><a href=\"https:\/\/olu-limburg.de\/wp-content\/uploads\/2023\/09\/IMG_20230814_172915_ergebnis.jpg\"><img loading=\"lazy\" decoding=\"async\" class=\"size-full wp-image-29525 aligncenter\" src=\"https:\/\/olu-limburg.de\/wp-content\/uploads\/2023\/09\/IMG_20230814_172915_ergebnis.jpg\" alt=\"\" width=\"800\" height=\"600\" srcset=\"https:\/\/olu-limburg.de\/wp-content\/uploads\/2023\/09\/IMG_20230814_172915_ergebnis.jpg 800w, https:\/\/olu-limburg.de\/wp-content\/uploads\/2023\/09\/IMG_20230814_172915_ergebnis-300x225.jpg 300w, https:\/\/olu-limburg.de\/wp-content\/uploads\/2023\/09\/IMG_20230814_172915_ergebnis-768x576.jpg 768w, https:\/\/olu-limburg.de\/wp-content\/uploads\/2023\/09\/IMG_20230814_172915_ergebnis-624x468.jpg 624w\" sizes=\"auto, (max-width: 800px) 100vw, 800px\" \/><\/a><\/p>\n<p><a href=\"https:\/\/olu-limburg.de\/wp-content\/uploads\/2023\/09\/IMG_20230814_174743_ergebnis.jpg\"><img loading=\"lazy\" decoding=\"async\" class=\"size-full wp-image-29526 aligncenter\" src=\"https:\/\/olu-limburg.de\/wp-content\/uploads\/2023\/09\/IMG_20230814_174743_ergebnis.jpg\" alt=\"\" width=\"800\" height=\"600\" srcset=\"https:\/\/olu-limburg.de\/wp-content\/uploads\/2023\/09\/IMG_20230814_174743_ergebnis.jpg 800w, https:\/\/olu-limburg.de\/wp-content\/uploads\/2023\/09\/IMG_20230814_174743_ergebnis-300x225.jpg 300w, https:\/\/olu-limburg.de\/wp-content\/uploads\/2023\/09\/IMG_20230814_174743_ergebnis-768x576.jpg 768w, https:\/\/olu-limburg.de\/wp-content\/uploads\/2023\/09\/IMG_20230814_174743_ergebnis-624x468.jpg 624w\" sizes=\"auto, (max-width: 800px) 100vw, 800px\" \/><\/a><\/p>\n<p><a href=\"https:\/\/olu-limburg.de\/wp-content\/uploads\/2023\/09\/IMG_20230814_181742_ergebnis.jpg\"><img loading=\"lazy\" decoding=\"async\" class=\"size-full wp-image-29527 aligncenter\" src=\"https:\/\/olu-limburg.de\/wp-content\/uploads\/2023\/09\/IMG_20230814_181742_ergebnis.jpg\" alt=\"\" width=\"800\" height=\"600\" srcset=\"https:\/\/olu-limburg.de\/wp-content\/uploads\/2023\/09\/IMG_20230814_181742_ergebnis.jpg 800w, https:\/\/olu-limburg.de\/wp-content\/uploads\/2023\/09\/IMG_20230814_181742_ergebnis-300x225.jpg 300w, https:\/\/olu-limburg.de\/wp-content\/uploads\/2023\/09\/IMG_20230814_181742_ergebnis-768x576.jpg 768w, https:\/\/olu-limburg.de\/wp-content\/uploads\/2023\/09\/IMG_20230814_181742_ergebnis-624x468.jpg 624w\" sizes=\"auto, (max-width: 800px) 100vw, 800px\" \/><\/a><\/p>\n<p>Da wir auf unserem lauten Parkplatz nicht bleiben wollen, und einige Wohnmobile aus der Richtung des Stellplatzes kommen, versuchen wir noch einmal unser Gl\u00fcck. Wir finden jetzt tats\u00e4chlich einen sch\u00f6nen Wiesenfleck auf dem kostenlosen Stellplatz mit V+E.<\/p>\n<p><a href=\"https:\/\/olu-limburg.de\/wp-content\/uploads\/2023\/09\/IMG_20230814_204248_ergebnis.jpg\"><img loading=\"lazy\" decoding=\"async\" class=\"size-full wp-image-29528 aligncenter\" src=\"https:\/\/olu-limburg.de\/wp-content\/uploads\/2023\/09\/IMG_20230814_204248_ergebnis.jpg\" alt=\"\" width=\"800\" height=\"600\" srcset=\"https:\/\/olu-limburg.de\/wp-content\/uploads\/2023\/09\/IMG_20230814_204248_ergebnis.jpg 800w, https:\/\/olu-limburg.de\/wp-content\/uploads\/2023\/09\/IMG_20230814_204248_ergebnis-300x225.jpg 300w, https:\/\/olu-limburg.de\/wp-content\/uploads\/2023\/09\/IMG_20230814_204248_ergebnis-768x576.jpg 768w, https:\/\/olu-limburg.de\/wp-content\/uploads\/2023\/09\/IMG_20230814_204248_ergebnis-624x468.jpg 624w\" sizes=\"auto, (max-width: 800px) 100vw, 800px\" \/><\/a><\/p>\n<div id=\"attachment_29529\" style=\"width: 460px\" class=\"wp-caption aligncenter\"><a href=\"https:\/\/olu-limburg.de\/wp-content\/uploads\/2023\/09\/IMG_20230814_213202_ergebnis-e1695717571573.jpg\"><img loading=\"lazy\" decoding=\"async\" aria-describedby=\"caption-attachment-29529\" class=\"wp-image-29529 size-full\" src=\"https:\/\/olu-limburg.de\/wp-content\/uploads\/2023\/09\/IMG_20230814_213202_ergebnis-e1695717571573.jpg\" alt=\"\" width=\"450\" height=\"600\" \/><\/a><p id=\"caption-attachment-29529\" class=\"wp-caption-text\">Abendvergn\u00fcgen<\/p><\/div>\n<p>Tagesstrecke: 311 km<\/p>\n<p>&nbsp;<\/p>\n<p><strong>Dienstag, 15.08.2023<\/strong><\/p>\n<p>Heute Nacht gab es ein f\u00fcrchterliches Gewitter, was \u00fcberhaupt nicht wegziehen wollte. Auf dem Fahrweg haben sich riesige Pf\u00fctzen gebildet.<\/p>\n<p><a href=\"https:\/\/olu-limburg.de\/wp-content\/uploads\/2023\/09\/IMG_20230815_102303_ergebnis.jpg\"><img loading=\"lazy\" decoding=\"async\" class=\"size-full wp-image-29530 aligncenter\" src=\"https:\/\/olu-limburg.de\/wp-content\/uploads\/2023\/09\/IMG_20230815_102303_ergebnis.jpg\" alt=\"\" width=\"800\" height=\"600\" srcset=\"https:\/\/olu-limburg.de\/wp-content\/uploads\/2023\/09\/IMG_20230815_102303_ergebnis.jpg 800w, https:\/\/olu-limburg.de\/wp-content\/uploads\/2023\/09\/IMG_20230815_102303_ergebnis-300x225.jpg 300w, https:\/\/olu-limburg.de\/wp-content\/uploads\/2023\/09\/IMG_20230815_102303_ergebnis-768x576.jpg 768w, https:\/\/olu-limburg.de\/wp-content\/uploads\/2023\/09\/IMG_20230815_102303_ergebnis-624x468.jpg 624w\" sizes=\"auto, (max-width: 800px) 100vw, 800px\" \/><\/a><\/p>\n<p>Heute haben wir einige M\u00f6glichkeiten an der Meuse f\u00fcr eine \u00dcbernachtung ins Auge gefasst. Kurz hinter Bouillon verlassen wir Belgien, passieren , nun in Frankreich, die St\u00e4dte Sedan und Charleville-M\u00e9zi\u00e8res und fahren an die Meuse.<\/p>\n<p><a href=\"https:\/\/olu-limburg.de\/wp-content\/uploads\/2023\/10\/20230815_105754_ergebnis.jpg\"><img loading=\"lazy\" decoding=\"async\" class=\"size-full wp-image-29808 aligncenter\" src=\"https:\/\/olu-limburg.de\/wp-content\/uploads\/2023\/10\/20230815_105754_ergebnis.jpg\" alt=\"\" width=\"800\" height=\"600\" srcset=\"https:\/\/olu-limburg.de\/wp-content\/uploads\/2023\/10\/20230815_105754_ergebnis.jpg 800w, https:\/\/olu-limburg.de\/wp-content\/uploads\/2023\/10\/20230815_105754_ergebnis-300x225.jpg 300w, https:\/\/olu-limburg.de\/wp-content\/uploads\/2023\/10\/20230815_105754_ergebnis-768x576.jpg 768w, https:\/\/olu-limburg.de\/wp-content\/uploads\/2023\/10\/20230815_105754_ergebnis-624x468.jpg 624w\" sizes=\"auto, (max-width: 800px) 100vw, 800px\" \/><\/a><\/p>\n<p>Bereits in Montherm\u00e9 finden wir einen sehr sch\u00f6nen Wohnmobil-Stellplatz (Geb\u00fchr EUR 6,10) direkt an der Meuse. Die V+E befindet sich etwa einen Kilometer entfernt.<\/p>\n<p><a href=\"https:\/\/olu-limburg.de\/wp-content\/uploads\/2023\/09\/IMG_20230815_115237_ergebnis.jpg\"><img loading=\"lazy\" decoding=\"async\" class=\"size-full wp-image-29533 aligncenter\" src=\"https:\/\/olu-limburg.de\/wp-content\/uploads\/2023\/09\/IMG_20230815_115237_ergebnis.jpg\" alt=\"\" width=\"800\" height=\"600\" srcset=\"https:\/\/olu-limburg.de\/wp-content\/uploads\/2023\/09\/IMG_20230815_115237_ergebnis.jpg 800w, https:\/\/olu-limburg.de\/wp-content\/uploads\/2023\/09\/IMG_20230815_115237_ergebnis-300x225.jpg 300w, https:\/\/olu-limburg.de\/wp-content\/uploads\/2023\/09\/IMG_20230815_115237_ergebnis-768x576.jpg 768w, https:\/\/olu-limburg.de\/wp-content\/uploads\/2023\/09\/IMG_20230815_115237_ergebnis-624x468.jpg 624w\" sizes=\"auto, (max-width: 800px) 100vw, 800px\" \/><\/a><\/p>\n<p>Montherm\u00e9 entwickelte sich aus einem im 12. Jhdt. gegr\u00fcndeten Kloster. Wirtschaftlichen Aufschwung erhielt der Ort durch eine Fabrik, in der spezielle Schmelz\u00f6fen zur Eisenverarbeitung hergestellt wurden. Von diesen Faktoren ist keiner mehr aktiv. Heute ist Montherm\u00e9 eine typische ausgeweidete Ardennengemeinde, die aber nun den Wohnmobil-Tourismus f\u00fcr sich entdeckt hat.<\/p>\n<p><a href=\"https:\/\/olu-limburg.de\/wp-content\/uploads\/2023\/10\/20230816_112756_ergebnis.jpg\"><img loading=\"lazy\" decoding=\"async\" class=\"size-full wp-image-29811 aligncenter\" src=\"https:\/\/olu-limburg.de\/wp-content\/uploads\/2023\/10\/20230816_112756_ergebnis.jpg\" alt=\"\" width=\"800\" height=\"600\" srcset=\"https:\/\/olu-limburg.de\/wp-content\/uploads\/2023\/10\/20230816_112756_ergebnis.jpg 800w, https:\/\/olu-limburg.de\/wp-content\/uploads\/2023\/10\/20230816_112756_ergebnis-300x225.jpg 300w, https:\/\/olu-limburg.de\/wp-content\/uploads\/2023\/10\/20230816_112756_ergebnis-768x576.jpg 768w, https:\/\/olu-limburg.de\/wp-content\/uploads\/2023\/10\/20230816_112756_ergebnis-624x468.jpg 624w\" sizes=\"auto, (max-width: 800px) 100vw, 800px\" \/><\/a><\/p>\n<p>Lena spaziert auf die andere Seite des Flusses zu einem B\u00e4cker, der aufhaben sollte. Fehlanzeige. Vielleicht liegt es an dem Feiertag Mari\u00e4 Himmelfahrt. Wir versorgen uns selbst, kochen, essen und faulenzen, auch wenn es nicht weit vom Stellplatz einen gut besuchten Imbiss gibt. Das einzig St\u00f6rende momentan sind die Motorr\u00e4der, die am Feiertag eine Ausfahrt durch das Meusetal machen.<\/p>\n<p><a href=\"https:\/\/olu-limburg.de\/wp-content\/uploads\/2023\/10\/20230815_132420_ergebnis.jpg\"><img loading=\"lazy\" decoding=\"async\" class=\"size-full wp-image-29810 aligncenter\" src=\"https:\/\/olu-limburg.de\/wp-content\/uploads\/2023\/10\/20230815_132420_ergebnis.jpg\" alt=\"\" width=\"800\" height=\"600\" srcset=\"https:\/\/olu-limburg.de\/wp-content\/uploads\/2023\/10\/20230815_132420_ergebnis.jpg 800w, https:\/\/olu-limburg.de\/wp-content\/uploads\/2023\/10\/20230815_132420_ergebnis-300x225.jpg 300w, https:\/\/olu-limburg.de\/wp-content\/uploads\/2023\/10\/20230815_132420_ergebnis-768x576.jpg 768w, https:\/\/olu-limburg.de\/wp-content\/uploads\/2023\/10\/20230815_132420_ergebnis-624x468.jpg 624w\" sizes=\"auto, (max-width: 800px) 100vw, 800px\" \/><\/a><\/p>\n<p><a href=\"https:\/\/olu-limburg.de\/wp-content\/uploads\/2023\/09\/IMG_20230815_125306_ergebnis.jpg\"><img loading=\"lazy\" decoding=\"async\" class=\"size-full wp-image-29534 aligncenter\" src=\"https:\/\/olu-limburg.de\/wp-content\/uploads\/2023\/09\/IMG_20230815_125306_ergebnis.jpg\" alt=\"\" width=\"800\" height=\"600\" srcset=\"https:\/\/olu-limburg.de\/wp-content\/uploads\/2023\/09\/IMG_20230815_125306_ergebnis.jpg 800w, https:\/\/olu-limburg.de\/wp-content\/uploads\/2023\/09\/IMG_20230815_125306_ergebnis-300x225.jpg 300w, https:\/\/olu-limburg.de\/wp-content\/uploads\/2023\/09\/IMG_20230815_125306_ergebnis-768x576.jpg 768w, https:\/\/olu-limburg.de\/wp-content\/uploads\/2023\/09\/IMG_20230815_125306_ergebnis-624x468.jpg 624w\" sizes=\"auto, (max-width: 800px) 100vw, 800px\" \/><\/a><\/p>\n<p><a href=\"https:\/\/olu-limburg.de\/wp-content\/uploads\/2023\/09\/IMG_20230815_160443_ergebnis.jpg\"><img loading=\"lazy\" decoding=\"async\" class=\"size-full wp-image-29536 aligncenter\" src=\"https:\/\/olu-limburg.de\/wp-content\/uploads\/2023\/09\/IMG_20230815_160443_ergebnis.jpg\" alt=\"\" width=\"800\" height=\"600\" srcset=\"https:\/\/olu-limburg.de\/wp-content\/uploads\/2023\/09\/IMG_20230815_160443_ergebnis.jpg 800w, https:\/\/olu-limburg.de\/wp-content\/uploads\/2023\/09\/IMG_20230815_160443_ergebnis-300x225.jpg 300w, https:\/\/olu-limburg.de\/wp-content\/uploads\/2023\/09\/IMG_20230815_160443_ergebnis-768x576.jpg 768w, https:\/\/olu-limburg.de\/wp-content\/uploads\/2023\/09\/IMG_20230815_160443_ergebnis-624x468.jpg 624w\" sizes=\"auto, (max-width: 800px) 100vw, 800px\" \/><\/a><\/p>\n<p>Uns gef\u00e4llt es hier so gut, dass wir uns \u00fcber den Entschluss zu einer Verl\u00e4ngerung schnell einig sind. Ab 16.00 Uhr ist eine Dame von der Captainerie anwesend und kassiert die Geb\u00fchr.<\/p>\n<p><a href=\"https:\/\/olu-limburg.de\/wp-content\/uploads\/2023\/09\/IMG_20230815_214542_ergebnis.jpg\"><img loading=\"lazy\" decoding=\"async\" class=\"size-full wp-image-29537 aligncenter\" src=\"https:\/\/olu-limburg.de\/wp-content\/uploads\/2023\/09\/IMG_20230815_214542_ergebnis.jpg\" alt=\"\" width=\"800\" height=\"600\" srcset=\"https:\/\/olu-limburg.de\/wp-content\/uploads\/2023\/09\/IMG_20230815_214542_ergebnis.jpg 800w, https:\/\/olu-limburg.de\/wp-content\/uploads\/2023\/09\/IMG_20230815_214542_ergebnis-300x225.jpg 300w, https:\/\/olu-limburg.de\/wp-content\/uploads\/2023\/09\/IMG_20230815_214542_ergebnis-768x576.jpg 768w, https:\/\/olu-limburg.de\/wp-content\/uploads\/2023\/09\/IMG_20230815_214542_ergebnis-624x468.jpg 624w\" sizes=\"auto, (max-width: 800px) 100vw, 800px\" \/><\/a><\/p>\n<p><a href=\"https:\/\/olu-limburg.de\/wp-content\/uploads\/2023\/09\/IMG_20230815_214555_ergebnis.jpg\"><img loading=\"lazy\" decoding=\"async\" class=\"size-full wp-image-29538 aligncenter\" src=\"https:\/\/olu-limburg.de\/wp-content\/uploads\/2023\/09\/IMG_20230815_214555_ergebnis.jpg\" alt=\"\" width=\"800\" height=\"600\" srcset=\"https:\/\/olu-limburg.de\/wp-content\/uploads\/2023\/09\/IMG_20230815_214555_ergebnis.jpg 800w, https:\/\/olu-limburg.de\/wp-content\/uploads\/2023\/09\/IMG_20230815_214555_ergebnis-300x225.jpg 300w, https:\/\/olu-limburg.de\/wp-content\/uploads\/2023\/09\/IMG_20230815_214555_ergebnis-768x576.jpg 768w, https:\/\/olu-limburg.de\/wp-content\/uploads\/2023\/09\/IMG_20230815_214555_ergebnis-624x468.jpg 624w\" sizes=\"auto, (max-width: 800px) 100vw, 800px\" \/><\/a><\/p>\n<p>Tagesstrecke: 60 km<\/p>\n<p>&nbsp;<\/p>\n<p><strong>Mittwoch, 16.08.2023<\/strong><\/p>\n<p>Heute Nacht hat es wieder geregnet. So lange wir aber tags\u00fcber herrlichen Sonnenschein haben und den Schatten suchen, ist es uns egal.\u00a0 Kurz vor 08.30 Uhr will ich mich auf den Weg zum B\u00e4cker machen, da kommt mir schon der B\u00e4cker im Auto entgegen und dreht seine Hup-Runde. Ich liebe Frankreich!<\/p>\n<p>Nach dem Fr\u00fchst\u00fcck machen wir uns auf den Weg zu dem 1,5 km entfernten Carrefour Contact. Auf dem Weg dorthin kommen wir auch an dem ehemaligen Pr\u00e4monstratenser-Kloster Laval Dieu vorbei, was aber leider geschlossen ist.<\/p>\n<div id=\"attachment_29555\" style=\"width: 810px\" class=\"wp-caption aligncenter\"><a href=\"https:\/\/olu-limburg.de\/wp-content\/uploads\/2023\/09\/IMG_20230816_124651_ergebnis.jpg\"><img loading=\"lazy\" decoding=\"async\" aria-describedby=\"caption-attachment-29555\" class=\"wp-image-29555 size-full\" src=\"https:\/\/olu-limburg.de\/wp-content\/uploads\/2023\/09\/IMG_20230816_124651_ergebnis.jpg\" alt=\"\" width=\"800\" height=\"600\" srcset=\"https:\/\/olu-limburg.de\/wp-content\/uploads\/2023\/09\/IMG_20230816_124651_ergebnis.jpg 800w, https:\/\/olu-limburg.de\/wp-content\/uploads\/2023\/09\/IMG_20230816_124651_ergebnis-300x225.jpg 300w, https:\/\/olu-limburg.de\/wp-content\/uploads\/2023\/09\/IMG_20230816_124651_ergebnis-768x576.jpg 768w, https:\/\/olu-limburg.de\/wp-content\/uploads\/2023\/09\/IMG_20230816_124651_ergebnis-624x468.jpg 624w\" sizes=\"auto, (max-width: 800px) 100vw, 800px\" \/><\/a><p id=\"caption-attachment-29555\" class=\"wp-caption-text\">Wo ist hier die Oper?<\/p><\/div>\n<div id=\"attachment_29543\" style=\"width: 810px\" class=\"wp-caption aligncenter\"><a href=\"https:\/\/olu-limburg.de\/wp-content\/uploads\/2023\/09\/IMG_20230816_114223_ergebnis.jpg\"><img loading=\"lazy\" decoding=\"async\" aria-describedby=\"caption-attachment-29543\" class=\"wp-image-29543 size-full\" src=\"https:\/\/olu-limburg.de\/wp-content\/uploads\/2023\/09\/IMG_20230816_114223_ergebnis.jpg\" alt=\"\" width=\"800\" height=\"600\" srcset=\"https:\/\/olu-limburg.de\/wp-content\/uploads\/2023\/09\/IMG_20230816_114223_ergebnis.jpg 800w, https:\/\/olu-limburg.de\/wp-content\/uploads\/2023\/09\/IMG_20230816_114223_ergebnis-300x225.jpg 300w, https:\/\/olu-limburg.de\/wp-content\/uploads\/2023\/09\/IMG_20230816_114223_ergebnis-768x576.jpg 768w, https:\/\/olu-limburg.de\/wp-content\/uploads\/2023\/09\/IMG_20230816_114223_ergebnis-624x468.jpg 624w\" sizes=\"auto, (max-width: 800px) 100vw, 800px\" \/><\/a><p id=\"caption-attachment-29543\" class=\"wp-caption-text\">Au\u00dfengeb\u00e4ude der ehemaligen L&#8217;Abbaye de Laval Dieu<\/p><\/div>\n<p><a href=\"https:\/\/olu-limburg.de\/wp-content\/uploads\/2023\/09\/IMG_20230816_114230_ergebnis.jpg\"><img loading=\"lazy\" decoding=\"async\" class=\"size-full wp-image-29544 aligncenter\" src=\"https:\/\/olu-limburg.de\/wp-content\/uploads\/2023\/09\/IMG_20230816_114230_ergebnis.jpg\" alt=\"\" width=\"800\" height=\"600\" srcset=\"https:\/\/olu-limburg.de\/wp-content\/uploads\/2023\/09\/IMG_20230816_114230_ergebnis.jpg 800w, https:\/\/olu-limburg.de\/wp-content\/uploads\/2023\/09\/IMG_20230816_114230_ergebnis-300x225.jpg 300w, https:\/\/olu-limburg.de\/wp-content\/uploads\/2023\/09\/IMG_20230816_114230_ergebnis-768x576.jpg 768w, https:\/\/olu-limburg.de\/wp-content\/uploads\/2023\/09\/IMG_20230816_114230_ergebnis-624x468.jpg 624w\" sizes=\"auto, (max-width: 800px) 100vw, 800px\" \/><\/a><\/p>\n<div id=\"attachment_29553\" style=\"width: 460px\" class=\"wp-caption aligncenter\"><a href=\"https:\/\/olu-limburg.de\/wp-content\/uploads\/2023\/09\/IMG_20230816_120119_ergebnis-e1695721606375.jpg\"><img loading=\"lazy\" decoding=\"async\" aria-describedby=\"caption-attachment-29553\" class=\"wp-image-29553 size-full\" src=\"https:\/\/olu-limburg.de\/wp-content\/uploads\/2023\/09\/IMG_20230816_120119_ergebnis-e1695721606375.jpg\" alt=\"\" width=\"450\" height=\"600\" \/><\/a><p id=\"caption-attachment-29553\" class=\"wp-caption-text\">Klosterkirche<\/p><\/div>\n<p><a href=\"https:\/\/olu-limburg.de\/wp-content\/uploads\/2023\/09\/IMG_20230816_114546_ergebnis.jpg\"><img loading=\"lazy\" decoding=\"async\" class=\"size-full wp-image-29545 aligncenter\" src=\"https:\/\/olu-limburg.de\/wp-content\/uploads\/2023\/09\/IMG_20230816_114546_ergebnis.jpg\" alt=\"\" width=\"800\" height=\"600\" srcset=\"https:\/\/olu-limburg.de\/wp-content\/uploads\/2023\/09\/IMG_20230816_114546_ergebnis.jpg 800w, https:\/\/olu-limburg.de\/wp-content\/uploads\/2023\/09\/IMG_20230816_114546_ergebnis-300x225.jpg 300w, https:\/\/olu-limburg.de\/wp-content\/uploads\/2023\/09\/IMG_20230816_114546_ergebnis-768x576.jpg 768w, https:\/\/olu-limburg.de\/wp-content\/uploads\/2023\/09\/IMG_20230816_114546_ergebnis-624x468.jpg 624w\" sizes=\"auto, (max-width: 800px) 100vw, 800px\" \/><\/a><\/p>\n<p><a href=\"https:\/\/olu-limburg.de\/wp-content\/uploads\/2023\/09\/IMG_20230816_114707_ergebnis-e1695721637145.jpg\"><img loading=\"lazy\" decoding=\"async\" class=\"size-full wp-image-29546 alignleft\" src=\"https:\/\/olu-limburg.de\/wp-content\/uploads\/2023\/09\/IMG_20230816_114707_ergebnis-e1695721637145.jpg\" alt=\"\" width=\"450\" height=\"600\" \/><\/a><\/p>\n<p><a href=\"https:\/\/olu-limburg.de\/wp-content\/uploads\/2023\/09\/IMG_20230816_114734_ergebnis-e1695721658619.jpg\"><img loading=\"lazy\" decoding=\"async\" class=\"size-full wp-image-29547 alignright\" src=\"https:\/\/olu-limburg.de\/wp-content\/uploads\/2023\/09\/IMG_20230816_114734_ergebnis-e1695721658619.jpg\" alt=\"\" width=\"450\" height=\"600\" \/><\/a><\/p>\n<p><a href=\"https:\/\/olu-limburg.de\/wp-content\/uploads\/2023\/09\/IMG_20230816_114836_ergebnis-e1695721679454.jpg\"><img loading=\"lazy\" decoding=\"async\" class=\"size-full wp-image-29548 aligncenter\" src=\"https:\/\/olu-limburg.de\/wp-content\/uploads\/2023\/09\/IMG_20230816_114836_ergebnis-e1695721679454.jpg\" alt=\"\" width=\"450\" height=\"600\" \/><\/a><\/p>\n<p>Dahinter befinden sich noch zahlreiche Villen, zugewachsene H\u00e4user und ein Park mit Badestellen in der Semois, die von Bouillon kommend hier in Montherm\u00e9 in die Meuse flie\u00dft.<\/p>\n<p><a href=\"https:\/\/olu-limburg.de\/wp-content\/uploads\/2023\/09\/IMG_20230816_115312_ergebnis.jpg\"><img loading=\"lazy\" decoding=\"async\" class=\"size-full wp-image-29550 aligncenter\" src=\"https:\/\/olu-limburg.de\/wp-content\/uploads\/2023\/09\/IMG_20230816_115312_ergebnis.jpg\" alt=\"\" width=\"800\" height=\"600\" srcset=\"https:\/\/olu-limburg.de\/wp-content\/uploads\/2023\/09\/IMG_20230816_115312_ergebnis.jpg 800w, https:\/\/olu-limburg.de\/wp-content\/uploads\/2023\/09\/IMG_20230816_115312_ergebnis-300x225.jpg 300w, https:\/\/olu-limburg.de\/wp-content\/uploads\/2023\/09\/IMG_20230816_115312_ergebnis-768x576.jpg 768w, https:\/\/olu-limburg.de\/wp-content\/uploads\/2023\/09\/IMG_20230816_115312_ergebnis-624x468.jpg 624w\" sizes=\"auto, (max-width: 800px) 100vw, 800px\" \/><\/a><\/p>\n<p><a href=\"https:\/\/olu-limburg.de\/wp-content\/uploads\/2023\/09\/IMG_20230816_115619_ergebnis.jpg\"><img loading=\"lazy\" decoding=\"async\" class=\"size-full wp-image-29551 aligncenter\" src=\"https:\/\/olu-limburg.de\/wp-content\/uploads\/2023\/09\/IMG_20230816_115619_ergebnis.jpg\" alt=\"\" width=\"800\" height=\"600\" srcset=\"https:\/\/olu-limburg.de\/wp-content\/uploads\/2023\/09\/IMG_20230816_115619_ergebnis.jpg 800w, https:\/\/olu-limburg.de\/wp-content\/uploads\/2023\/09\/IMG_20230816_115619_ergebnis-300x225.jpg 300w, https:\/\/olu-limburg.de\/wp-content\/uploads\/2023\/09\/IMG_20230816_115619_ergebnis-768x576.jpg 768w, https:\/\/olu-limburg.de\/wp-content\/uploads\/2023\/09\/IMG_20230816_115619_ergebnis-624x468.jpg 624w\" sizes=\"auto, (max-width: 800px) 100vw, 800px\" \/><\/a><\/p>\n<div id=\"attachment_29549\" style=\"width: 810px\" class=\"wp-caption aligncenter\"><a href=\"https:\/\/olu-limburg.de\/wp-content\/uploads\/2023\/09\/IMG_20230816_115003_ergebnis.jpg\"><img loading=\"lazy\" decoding=\"async\" aria-describedby=\"caption-attachment-29549\" class=\"wp-image-29549 size-full\" src=\"https:\/\/olu-limburg.de\/wp-content\/uploads\/2023\/09\/IMG_20230816_115003_ergebnis.jpg\" alt=\"\" width=\"800\" height=\"600\" srcset=\"https:\/\/olu-limburg.de\/wp-content\/uploads\/2023\/09\/IMG_20230816_115003_ergebnis.jpg 800w, https:\/\/olu-limburg.de\/wp-content\/uploads\/2023\/09\/IMG_20230816_115003_ergebnis-300x225.jpg 300w, https:\/\/olu-limburg.de\/wp-content\/uploads\/2023\/09\/IMG_20230816_115003_ergebnis-768x576.jpg 768w, https:\/\/olu-limburg.de\/wp-content\/uploads\/2023\/09\/IMG_20230816_115003_ergebnis-624x468.jpg 624w\" sizes=\"auto, (max-width: 800px) 100vw, 800px\" \/><\/a><p id=\"caption-attachment-29549\" class=\"wp-caption-text\">Badestellen an der Semois<\/p><\/div>\n<div id=\"attachment_29554\" style=\"width: 460px\" class=\"wp-caption aligncenter\"><a href=\"https:\/\/olu-limburg.de\/wp-content\/uploads\/2023\/09\/IMG_20230816_123706_ergebnis-e1695721820931.jpg\"><img loading=\"lazy\" decoding=\"async\" aria-describedby=\"caption-attachment-29554\" class=\"wp-image-29554 size-full\" src=\"https:\/\/olu-limburg.de\/wp-content\/uploads\/2023\/09\/IMG_20230816_123706_ergebnis-e1695721820931.jpg\" alt=\"\" width=\"450\" height=\"600\" \/><\/a><p id=\"caption-attachment-29554\" class=\"wp-caption-text\">die Semois, kurz vor der M\u00fcndung in die Meuse<\/p><\/div>\n<p>Wir f\u00fcllen unsere Vorr\u00e4te mit den Eink\u00e4ufen im gut sortierten Carrefour ein wenig auf. Am Stellplatz ist nach dem kleinen Mittagsmen\u00fc wieder Erholung angesagt.<\/p>\n<p><a href=\"https:\/\/olu-limburg.de\/wp-content\/uploads\/2023\/09\/IMG_20230816_133220_ergebnis.jpg\"><img loading=\"lazy\" decoding=\"async\" class=\"size-full wp-image-29556 aligncenter\" src=\"https:\/\/olu-limburg.de\/wp-content\/uploads\/2023\/09\/IMG_20230816_133220_ergebnis.jpg\" alt=\"\" width=\"800\" height=\"600\" srcset=\"https:\/\/olu-limburg.de\/wp-content\/uploads\/2023\/09\/IMG_20230816_133220_ergebnis.jpg 800w, https:\/\/olu-limburg.de\/wp-content\/uploads\/2023\/09\/IMG_20230816_133220_ergebnis-300x225.jpg 300w, https:\/\/olu-limburg.de\/wp-content\/uploads\/2023\/09\/IMG_20230816_133220_ergebnis-768x576.jpg 768w, https:\/\/olu-limburg.de\/wp-content\/uploads\/2023\/09\/IMG_20230816_133220_ergebnis-624x468.jpg 624w\" sizes=\"auto, (max-width: 800px) 100vw, 800px\" \/><\/a><\/p>\n<p><a href=\"https:\/\/olu-limburg.de\/wp-content\/uploads\/2023\/09\/IMG_20230816_142348_ergebnis.jpg\"><img loading=\"lazy\" decoding=\"async\" class=\"size-full wp-image-29557 aligncenter\" src=\"https:\/\/olu-limburg.de\/wp-content\/uploads\/2023\/09\/IMG_20230816_142348_ergebnis.jpg\" alt=\"\" width=\"800\" height=\"600\" srcset=\"https:\/\/olu-limburg.de\/wp-content\/uploads\/2023\/09\/IMG_20230816_142348_ergebnis.jpg 800w, https:\/\/olu-limburg.de\/wp-content\/uploads\/2023\/09\/IMG_20230816_142348_ergebnis-300x225.jpg 300w, https:\/\/olu-limburg.de\/wp-content\/uploads\/2023\/09\/IMG_20230816_142348_ergebnis-768x576.jpg 768w, https:\/\/olu-limburg.de\/wp-content\/uploads\/2023\/09\/IMG_20230816_142348_ergebnis-624x468.jpg 624w\" sizes=\"auto, (max-width: 800px) 100vw, 800px\" \/><\/a><\/p>\n<p>Tagesstrecke: 0 km<\/p>\n<p>&nbsp;<\/p>\n<p><strong>Donnerstag, 17,08.2023<\/strong><\/p>\n<p>Der B\u00e4cker ist erst gekommen, als ich schon mit meinem Einkauf aus der &#8222;Oberstadt&#8220; zur\u00fcck war. Pech f\u00fcr ihn. Nach dem Besuch der V+E fahren wir noch ein kleines St\u00fcck an der Meuse entlang.<\/p>\n<p><a href=\"https:\/\/olu-limburg.de\/wp-content\/uploads\/2023\/10\/20230817_105958_ergebnis.jpg\"><img loading=\"lazy\" decoding=\"async\" class=\"size-full wp-image-29813 aligncenter\" src=\"https:\/\/olu-limburg.de\/wp-content\/uploads\/2023\/10\/20230817_105958_ergebnis.jpg\" alt=\"\" width=\"800\" height=\"600\" srcset=\"https:\/\/olu-limburg.de\/wp-content\/uploads\/2023\/10\/20230817_105958_ergebnis.jpg 800w, https:\/\/olu-limburg.de\/wp-content\/uploads\/2023\/10\/20230817_105958_ergebnis-300x225.jpg 300w, https:\/\/olu-limburg.de\/wp-content\/uploads\/2023\/10\/20230817_105958_ergebnis-768x576.jpg 768w, https:\/\/olu-limburg.de\/wp-content\/uploads\/2023\/10\/20230817_105958_ergebnis-624x468.jpg 624w\" sizes=\"auto, (max-width: 800px) 100vw, 800px\" \/><\/a><\/p>\n<p>Wir wollen heute auf Landstra\u00dfen so langsam auf die n\u00f6rdliche Umfahrung von Paris einschwenken und bei einem France Passion-Bauern \u00fcbernachten.<\/p>\n<p>Um die Mittagszeit machen wir einen Zwischenstopp in Marle, da wir im Vor\u00fcberfahren ein Restaurant mit Tagesmen\u00fc gesehen haben.<\/p>\n<p><a href=\"https:\/\/olu-limburg.de\/wp-content\/uploads\/2023\/10\/20230817_135144_ergebnis.jpg\"><img loading=\"lazy\" decoding=\"async\" class=\"size-full wp-image-29816 aligncenter\" src=\"https:\/\/olu-limburg.de\/wp-content\/uploads\/2023\/10\/20230817_135144_ergebnis.jpg\" alt=\"\" width=\"800\" height=\"600\" srcset=\"https:\/\/olu-limburg.de\/wp-content\/uploads\/2023\/10\/20230817_135144_ergebnis.jpg 800w, https:\/\/olu-limburg.de\/wp-content\/uploads\/2023\/10\/20230817_135144_ergebnis-300x225.jpg 300w, https:\/\/olu-limburg.de\/wp-content\/uploads\/2023\/10\/20230817_135144_ergebnis-768x576.jpg 768w, https:\/\/olu-limburg.de\/wp-content\/uploads\/2023\/10\/20230817_135144_ergebnis-624x468.jpg 624w\" sizes=\"auto, (max-width: 800px) 100vw, 800px\" \/><\/a><\/p>\n<p><a href=\"https:\/\/olu-limburg.de\/wp-content\/uploads\/2023\/10\/20230817_135217_ergebnis.jpg\"><img loading=\"lazy\" decoding=\"async\" class=\"size-full wp-image-29817 aligncenter\" src=\"https:\/\/olu-limburg.de\/wp-content\/uploads\/2023\/10\/20230817_135217_ergebnis.jpg\" alt=\"\" width=\"800\" height=\"600\" srcset=\"https:\/\/olu-limburg.de\/wp-content\/uploads\/2023\/10\/20230817_135217_ergebnis.jpg 800w, https:\/\/olu-limburg.de\/wp-content\/uploads\/2023\/10\/20230817_135217_ergebnis-300x225.jpg 300w, https:\/\/olu-limburg.de\/wp-content\/uploads\/2023\/10\/20230817_135217_ergebnis-768x576.jpg 768w, https:\/\/olu-limburg.de\/wp-content\/uploads\/2023\/10\/20230817_135217_ergebnis-624x468.jpg 624w\" sizes=\"auto, (max-width: 800px) 100vw, 800px\" \/><\/a><\/p>\n<p><a href=\"https:\/\/olu-limburg.de\/wp-content\/uploads\/2023\/10\/20230817_134514_ergebnis-e1697212494364.jpg\"><img loading=\"lazy\" decoding=\"async\" class=\"size-full wp-image-29814 aligncenter\" src=\"https:\/\/olu-limburg.de\/wp-content\/uploads\/2023\/10\/20230817_134514_ergebnis-e1697212494364.jpg\" alt=\"\" width=\"450\" height=\"600\" \/><\/a><\/p>\n<div id=\"attachment_29561\" style=\"width: 810px\" class=\"wp-caption aligncenter\"><a href=\"https:\/\/olu-limburg.de\/wp-content\/uploads\/2023\/09\/IMG_20230817_130755_ergebnis.jpg\"><img loading=\"lazy\" decoding=\"async\" aria-describedby=\"caption-attachment-29561\" class=\"wp-image-29561 size-full\" src=\"https:\/\/olu-limburg.de\/wp-content\/uploads\/2023\/09\/IMG_20230817_130755_ergebnis.jpg\" alt=\"\" width=\"800\" height=\"600\" srcset=\"https:\/\/olu-limburg.de\/wp-content\/uploads\/2023\/09\/IMG_20230817_130755_ergebnis.jpg 800w, https:\/\/olu-limburg.de\/wp-content\/uploads\/2023\/09\/IMG_20230817_130755_ergebnis-300x225.jpg 300w, https:\/\/olu-limburg.de\/wp-content\/uploads\/2023\/09\/IMG_20230817_130755_ergebnis-768x576.jpg 768w, https:\/\/olu-limburg.de\/wp-content\/uploads\/2023\/09\/IMG_20230817_130755_ergebnis-624x468.jpg 624w\" sizes=\"auto, (max-width: 800px) 100vw, 800px\" \/><\/a><p id=\"caption-attachment-29561\" class=\"wp-caption-text\">Saut\u00e9 de Porc (Schweinegulasch)<\/p><\/div>\n<div id=\"attachment_29562\" style=\"width: 810px\" class=\"wp-caption aligncenter\"><a href=\"https:\/\/olu-limburg.de\/wp-content\/uploads\/2023\/09\/IMG_20230817_133017_ergebnis.jpg\"><img loading=\"lazy\" decoding=\"async\" aria-describedby=\"caption-attachment-29562\" class=\"wp-image-29562 size-full\" src=\"https:\/\/olu-limburg.de\/wp-content\/uploads\/2023\/09\/IMG_20230817_133017_ergebnis.jpg\" alt=\"\" width=\"800\" height=\"600\" srcset=\"https:\/\/olu-limburg.de\/wp-content\/uploads\/2023\/09\/IMG_20230817_133017_ergebnis.jpg 800w, https:\/\/olu-limburg.de\/wp-content\/uploads\/2023\/09\/IMG_20230817_133017_ergebnis-300x225.jpg 300w, https:\/\/olu-limburg.de\/wp-content\/uploads\/2023\/09\/IMG_20230817_133017_ergebnis-768x576.jpg 768w, https:\/\/olu-limburg.de\/wp-content\/uploads\/2023\/09\/IMG_20230817_133017_ergebnis-624x468.jpg 624w\" sizes=\"auto, (max-width: 800px) 100vw, 800px\" \/><\/a><p id=\"caption-attachment-29562\" class=\"wp-caption-text\">Caf\u00e9 gourmand<\/p><\/div>\n<p>Nach dem Mittagessen besichtigen wir noch die \u00f6rtliche Wehrkirche, die uns beim Einparken aufgefallen ist.<\/p>\n<p><a href=\"https:\/\/olu-limburg.de\/wp-content\/uploads\/2023\/09\/IMG_20230817_135922_ergebnis-e1695724484310.jpg\"><img loading=\"lazy\" decoding=\"async\" class=\"size-full wp-image-29564 aligncenter\" src=\"https:\/\/olu-limburg.de\/wp-content\/uploads\/2023\/09\/IMG_20230817_135922_ergebnis-e1695724484310.jpg\" alt=\"\" width=\"450\" height=\"600\" \/><\/a><\/p>\n<p>Und wieder d\u00fcrfen wir die wundersamen Wege unseres Navis erleben.<\/p>\n<p><a href=\"https:\/\/olu-limburg.de\/wp-content\/uploads\/2023\/10\/20230817_141742_ergebnis.jpg\"><img loading=\"lazy\" decoding=\"async\" class=\"size-full wp-image-29818 aligncenter\" src=\"https:\/\/olu-limburg.de\/wp-content\/uploads\/2023\/10\/20230817_141742_ergebnis.jpg\" alt=\"\" width=\"800\" height=\"600\" srcset=\"https:\/\/olu-limburg.de\/wp-content\/uploads\/2023\/10\/20230817_141742_ergebnis.jpg 800w, https:\/\/olu-limburg.de\/wp-content\/uploads\/2023\/10\/20230817_141742_ergebnis-300x225.jpg 300w, https:\/\/olu-limburg.de\/wp-content\/uploads\/2023\/10\/20230817_141742_ergebnis-768x576.jpg 768w, https:\/\/olu-limburg.de\/wp-content\/uploads\/2023\/10\/20230817_141742_ergebnis-624x468.jpg 624w\" sizes=\"auto, (max-width: 800px) 100vw, 800px\" \/><\/a><\/p>\n<p>Als wir kurz vor Compi\u00e8gne das Umland von Noyon erreichen, haben wir die Wahl zwischen zwei \u00dcbernachtungsm\u00f6glichkeiten: France Passion auf dem Bauernhof oder Stellplatz an einem Hafen. Wir entscheiden uns f\u00fcr den kostenlosen Wohnmobil-Stellplatz ohne V+E am Binnenhafen von Pont l&#8217;\u00c9v\u00eaque, der sich am Canal lat\u00e9ral a l&#8217;Oise befindet. Vor uns liegen einige Hausboote, die renoviert oder zur Ausfahrt vorbereitet werden.<\/p>\n<p><a href=\"https:\/\/olu-limburg.de\/wp-content\/uploads\/2023\/09\/IMG_20230817_203918_ergebnis.jpg\"><img loading=\"lazy\" decoding=\"async\" class=\"size-full wp-image-29566 aligncenter\" src=\"https:\/\/olu-limburg.de\/wp-content\/uploads\/2023\/09\/IMG_20230817_203918_ergebnis.jpg\" alt=\"\" width=\"800\" height=\"600\" srcset=\"https:\/\/olu-limburg.de\/wp-content\/uploads\/2023\/09\/IMG_20230817_203918_ergebnis.jpg 800w, https:\/\/olu-limburg.de\/wp-content\/uploads\/2023\/09\/IMG_20230817_203918_ergebnis-300x225.jpg 300w, https:\/\/olu-limburg.de\/wp-content\/uploads\/2023\/09\/IMG_20230817_203918_ergebnis-768x576.jpg 768w, https:\/\/olu-limburg.de\/wp-content\/uploads\/2023\/09\/IMG_20230817_203918_ergebnis-624x468.jpg 624w\" sizes=\"auto, (max-width: 800px) 100vw, 800px\" \/><\/a><\/p>\n<p><a href=\"https:\/\/olu-limburg.de\/wp-content\/uploads\/2023\/09\/IMG_20230817_203855_ergebnis.jpg\"><img loading=\"lazy\" decoding=\"async\" class=\"size-full wp-image-29565 aligncenter\" src=\"https:\/\/olu-limburg.de\/wp-content\/uploads\/2023\/09\/IMG_20230817_203855_ergebnis.jpg\" alt=\"\" width=\"800\" height=\"600\" srcset=\"https:\/\/olu-limburg.de\/wp-content\/uploads\/2023\/09\/IMG_20230817_203855_ergebnis.jpg 800w, https:\/\/olu-limburg.de\/wp-content\/uploads\/2023\/09\/IMG_20230817_203855_ergebnis-300x225.jpg 300w, https:\/\/olu-limburg.de\/wp-content\/uploads\/2023\/09\/IMG_20230817_203855_ergebnis-768x576.jpg 768w, https:\/\/olu-limburg.de\/wp-content\/uploads\/2023\/09\/IMG_20230817_203855_ergebnis-624x468.jpg 624w\" sizes=\"auto, (max-width: 800px) 100vw, 800px\" \/><\/a><\/p>\n<p><a href=\"https:\/\/olu-limburg.de\/wp-content\/uploads\/2023\/09\/IMG_20230817_213840_ergebnis.jpg\"><img loading=\"lazy\" decoding=\"async\" class=\"size-full wp-image-29568 aligncenter\" src=\"https:\/\/olu-limburg.de\/wp-content\/uploads\/2023\/09\/IMG_20230817_213840_ergebnis.jpg\" alt=\"\" width=\"800\" height=\"600\" srcset=\"https:\/\/olu-limburg.de\/wp-content\/uploads\/2023\/09\/IMG_20230817_213840_ergebnis.jpg 800w, https:\/\/olu-limburg.de\/wp-content\/uploads\/2023\/09\/IMG_20230817_213840_ergebnis-300x225.jpg 300w, https:\/\/olu-limburg.de\/wp-content\/uploads\/2023\/09\/IMG_20230817_213840_ergebnis-768x576.jpg 768w, https:\/\/olu-limburg.de\/wp-content\/uploads\/2023\/09\/IMG_20230817_213840_ergebnis-624x468.jpg 624w\" sizes=\"auto, (max-width: 800px) 100vw, 800px\" \/><\/a><\/p>\n<p>Tagesstrecke: 165 km<\/p>\n<p>&nbsp;<\/p>\n<p><strong>Freitag, 18.08.2023<\/strong><\/p>\n<p>Es war eine ruhige Nacht, und nach dem LIDL-Einkauf und dem Tankstopp beim Supermarkt, kann es auf der Umfahrung von Paris weitergehen. Als wir uns immer weiter in Richtung Giverny bewegen, kommen wir der Abfahrt nach Auvers-sur-Oise immer n\u00e4her. Auvers, da war doch was mit Van Gogh. Das hatten wir gar nicht &#8222;auf dem Schirm&#8220;. Auf jeden Fall fahren wir ab und schauen mal.<\/p>\n<p>In Auvers ist es mit Parkpl\u00e4tzen problematisch. Wir haben aber vor dem Ort an der Oise einen Platz f\u00fcr uns gefunden.<\/p>\n<p><a href=\"https:\/\/olu-limburg.de\/wp-content\/uploads\/2023\/09\/IMG_20230818_144029_ergebnis.jpg\"><img loading=\"lazy\" decoding=\"async\" class=\"size-full wp-image-29573 aligncenter\" src=\"https:\/\/olu-limburg.de\/wp-content\/uploads\/2023\/09\/IMG_20230818_144029_ergebnis.jpg\" alt=\"\" width=\"800\" height=\"600\" srcset=\"https:\/\/olu-limburg.de\/wp-content\/uploads\/2023\/09\/IMG_20230818_144029_ergebnis.jpg 800w, https:\/\/olu-limburg.de\/wp-content\/uploads\/2023\/09\/IMG_20230818_144029_ergebnis-300x225.jpg 300w, https:\/\/olu-limburg.de\/wp-content\/uploads\/2023\/09\/IMG_20230818_144029_ergebnis-768x576.jpg 768w, https:\/\/olu-limburg.de\/wp-content\/uploads\/2023\/09\/IMG_20230818_144029_ergebnis-624x468.jpg 624w\" sizes=\"auto, (max-width: 800px) 100vw, 800px\" \/><\/a><\/p>\n<p><a href=\"https:\/\/olu-limburg.de\/wp-content\/uploads\/2023\/10\/20230819_105626_ergebnis.jpg\"><img loading=\"lazy\" decoding=\"async\" class=\"size-full wp-image-29831 aligncenter\" src=\"https:\/\/olu-limburg.de\/wp-content\/uploads\/2023\/10\/20230819_105626_ergebnis.jpg\" alt=\"\" width=\"800\" height=\"600\" srcset=\"https:\/\/olu-limburg.de\/wp-content\/uploads\/2023\/10\/20230819_105626_ergebnis.jpg 800w, https:\/\/olu-limburg.de\/wp-content\/uploads\/2023\/10\/20230819_105626_ergebnis-300x225.jpg 300w, https:\/\/olu-limburg.de\/wp-content\/uploads\/2023\/10\/20230819_105626_ergebnis-768x576.jpg 768w, https:\/\/olu-limburg.de\/wp-content\/uploads\/2023\/10\/20230819_105626_ergebnis-624x468.jpg 624w\" sizes=\"auto, (max-width: 800px) 100vw, 800px\" \/><\/a><\/p>\n<p>Nach dem Essen begeben wir uns nach Auvers. Da wir die Kirche schon von weitem sehen, fangen wir dort mit unserem Rundgang an.<\/p>\n<p><a href=\"https:\/\/olu-limburg.de\/wp-content\/uploads\/2023\/09\/IMG_20230818_144008_ergebnis-e1695735701504.jpg\"><img loading=\"lazy\" decoding=\"async\" class=\"size-full wp-image-29572 aligncenter\" src=\"https:\/\/olu-limburg.de\/wp-content\/uploads\/2023\/09\/IMG_20230818_144008_ergebnis-e1695735701504.jpg\" alt=\"\" width=\"450\" height=\"600\" \/><\/a><\/p>\n<p>Die alte Bausubstanz ist hier fast vollst\u00e4ndig erhalten geblieben. Der Ort wirkt wie ein Freilichtmuseum des Vincent van Gogh. Dies kommt nicht ohne Grund. Hatte doch Vincent ab Mai die letzten 70 Tage seines Lebens hier verbracht und alleine im Juli bis zu seinem Tod 18 \u00d6lbilder in Auvers gefertigt.<\/p>\n<p><a href=\"https:\/\/olu-limburg.de\/wp-content\/uploads\/2023\/09\/IMG_20230818_145230_ergebnis-e1695736076618.jpg\"><img loading=\"lazy\" decoding=\"async\" class=\"size-full wp-image-29574 aligncenter\" src=\"https:\/\/olu-limburg.de\/wp-content\/uploads\/2023\/09\/IMG_20230818_145230_ergebnis-e1695736076618.jpg\" alt=\"\" width=\"450\" height=\"600\" \/><\/a><\/p>\n<p>Die Kirche Notre-Dame-de-l&#8217;Assomption aus dem 12. Jhdt. wirkt wie eine Trutzburg.<\/p>\n<p><a href=\"https:\/\/olu-limburg.de\/wp-content\/uploads\/2023\/09\/IMG_20230818_150023_ergebnis.jpg\"><img loading=\"lazy\" decoding=\"async\" class=\"size-full wp-image-29576 aligncenter\" src=\"https:\/\/olu-limburg.de\/wp-content\/uploads\/2023\/09\/IMG_20230818_150023_ergebnis.jpg\" alt=\"\" width=\"800\" height=\"600\" srcset=\"https:\/\/olu-limburg.de\/wp-content\/uploads\/2023\/09\/IMG_20230818_150023_ergebnis.jpg 800w, https:\/\/olu-limburg.de\/wp-content\/uploads\/2023\/09\/IMG_20230818_150023_ergebnis-300x225.jpg 300w, https:\/\/olu-limburg.de\/wp-content\/uploads\/2023\/09\/IMG_20230818_150023_ergebnis-768x576.jpg 768w, https:\/\/olu-limburg.de\/wp-content\/uploads\/2023\/09\/IMG_20230818_150023_ergebnis-624x468.jpg 624w\" sizes=\"auto, (max-width: 800px) 100vw, 800px\" \/><\/a><\/p>\n<p>Die R\u00fcckseite aus diesem Blickwinkel ist eines der ber\u00fchmtesten Bilder van Goghs.<\/p>\n<p><a href=\"https:\/\/olu-limburg.de\/wp-content\/uploads\/2023\/09\/IMG_20230818_151031_ergebnis-e1695736105882.jpg\"><img loading=\"lazy\" decoding=\"async\" class=\"size-full wp-image-29577 aligncenter\" src=\"https:\/\/olu-limburg.de\/wp-content\/uploads\/2023\/09\/IMG_20230818_151031_ergebnis-e1695736105882.jpg\" alt=\"\" width=\"450\" height=\"600\" \/><\/a><\/p>\n<p><a href=\"https:\/\/olu-limburg.de\/wp-content\/uploads\/2023\/10\/20230818_150513_ergebnis-e1697213120645.jpg\"><img loading=\"lazy\" decoding=\"async\" class=\"size-full wp-image-29823 aligncenter\" src=\"https:\/\/olu-limburg.de\/wp-content\/uploads\/2023\/10\/20230818_150513_ergebnis-e1697213120645.jpg\" alt=\"\" width=\"450\" height=\"545\" \/><\/a><\/p>\n<p>Die Stra\u00dfe bergaufw\u00e4rts f\u00fchrt uns zu den Feldern, die Vincent in dem Gem\u00e4lde &#8222;Weizenfeld mit Raben&#8220; wenige Tage vor seinem Tod gemalt hat.<\/p>\n<p><a href=\"https:\/\/olu-limburg.de\/wp-content\/uploads\/2023\/09\/IMG_20230818_152835_ergebnis.jpg\"><img loading=\"lazy\" decoding=\"async\" class=\"size-full wp-image-29581 aligncenter\" src=\"https:\/\/olu-limburg.de\/wp-content\/uploads\/2023\/09\/IMG_20230818_152835_ergebnis.jpg\" alt=\"\" width=\"800\" height=\"600\" srcset=\"https:\/\/olu-limburg.de\/wp-content\/uploads\/2023\/09\/IMG_20230818_152835_ergebnis.jpg 800w, https:\/\/olu-limburg.de\/wp-content\/uploads\/2023\/09\/IMG_20230818_152835_ergebnis-300x225.jpg 300w, https:\/\/olu-limburg.de\/wp-content\/uploads\/2023\/09\/IMG_20230818_152835_ergebnis-768x576.jpg 768w, https:\/\/olu-limburg.de\/wp-content\/uploads\/2023\/09\/IMG_20230818_152835_ergebnis-624x468.jpg 624w\" sizes=\"auto, (max-width: 800px) 100vw, 800px\" \/><\/a><\/p>\n<p><a href=\"https:\/\/olu-limburg.de\/wp-content\/uploads\/2023\/09\/IMG_20230818_151348_ergebnis.jpg\"><img loading=\"lazy\" decoding=\"async\" class=\"size-full wp-image-29578 aligncenter\" src=\"https:\/\/olu-limburg.de\/wp-content\/uploads\/2023\/09\/IMG_20230818_151348_ergebnis.jpg\" alt=\"\" width=\"800\" height=\"600\" srcset=\"https:\/\/olu-limburg.de\/wp-content\/uploads\/2023\/09\/IMG_20230818_151348_ergebnis.jpg 800w, https:\/\/olu-limburg.de\/wp-content\/uploads\/2023\/09\/IMG_20230818_151348_ergebnis-300x225.jpg 300w, https:\/\/olu-limburg.de\/wp-content\/uploads\/2023\/09\/IMG_20230818_151348_ergebnis-768x576.jpg 768w, https:\/\/olu-limburg.de\/wp-content\/uploads\/2023\/09\/IMG_20230818_151348_ergebnis-624x468.jpg 624w\" sizes=\"auto, (max-width: 800px) 100vw, 800px\" \/><\/a><\/p>\n<p>Am Eingang zum Friedhof h\u00e4ngt in einer Schautafel eine Kopie der Trauerkarte mit der Bekanntmachung der Beerdigung von Vincent van Gogh am 30.07.1890.<\/p>\n<p><a href=\"https:\/\/olu-limburg.de\/wp-content\/uploads\/2023\/09\/IMG_20230818_151823_ergebnis-e1695736185854.jpg\"><img loading=\"lazy\" decoding=\"async\" class=\"size-full wp-image-29579 aligncenter\" src=\"https:\/\/olu-limburg.de\/wp-content\/uploads\/2023\/09\/IMG_20230818_151823_ergebnis-e1695736185854.jpg\" alt=\"\" width=\"450\" height=\"600\" \/><\/a><\/p>\n<p>Die Gr\u00e4ber der im Leben wie im Tod so eng verbundenen Br\u00fcder Vincent und Theo van Gogh auf dem Friedhof von Auvers, direkt in Nachbarschaft der Weizenfelder, in denen sich Vincent selbst am 27.07.1890 angeschossen haben soll.<\/p>\n<p><a href=\"https:\/\/olu-limburg.de\/wp-content\/uploads\/2023\/10\/20230818_152129_ergebnis.jpg\"><img loading=\"lazy\" decoding=\"async\" class=\"size-full wp-image-29825 aligncenter\" src=\"https:\/\/olu-limburg.de\/wp-content\/uploads\/2023\/10\/20230818_152129_ergebnis.jpg\" alt=\"\" width=\"800\" height=\"600\" srcset=\"https:\/\/olu-limburg.de\/wp-content\/uploads\/2023\/10\/20230818_152129_ergebnis.jpg 800w, https:\/\/olu-limburg.de\/wp-content\/uploads\/2023\/10\/20230818_152129_ergebnis-300x225.jpg 300w, https:\/\/olu-limburg.de\/wp-content\/uploads\/2023\/10\/20230818_152129_ergebnis-768x576.jpg 768w, https:\/\/olu-limburg.de\/wp-content\/uploads\/2023\/10\/20230818_152129_ergebnis-624x468.jpg 624w\" sizes=\"auto, (max-width: 800px) 100vw, 800px\" \/><\/a><\/p>\n<p><a href=\"https:\/\/olu-limburg.de\/wp-content\/uploads\/2023\/09\/IMG_20230818_153017_ergebnis-e1695736436854.jpg\"><img loading=\"lazy\" decoding=\"async\" class=\"size-full wp-image-29582 aligncenter\" src=\"https:\/\/olu-limburg.de\/wp-content\/uploads\/2023\/09\/IMG_20230818_153017_ergebnis-e1695736436854.jpg\" alt=\"\" width=\"450\" height=\"600\" \/><\/a><\/p>\n<p><a href=\"https:\/\/olu-limburg.de\/wp-content\/uploads\/2023\/09\/IMG_20230818_154123_ergebnis-e1695736577304.jpg\"><img loading=\"lazy\" decoding=\"async\" class=\"size-full wp-image-29587 aligncenter\" src=\"https:\/\/olu-limburg.de\/wp-content\/uploads\/2023\/09\/IMG_20230818_154123_ergebnis-e1695736577304.jpg\" alt=\"\" width=\"450\" height=\"600\" \/><\/a><\/p>\n<p>Im Parc van Gogh befindet sich das Office de Tourisme.<\/p>\n<p><a href=\"https:\/\/olu-limburg.de\/wp-content\/uploads\/2023\/09\/IMG_20230818_155803_ergebnis.jpg\"><img loading=\"lazy\" decoding=\"async\" class=\"size-full wp-image-29589 aligncenter\" src=\"https:\/\/olu-limburg.de\/wp-content\/uploads\/2023\/09\/IMG_20230818_155803_ergebnis.jpg\" alt=\"\" width=\"800\" height=\"600\" srcset=\"https:\/\/olu-limburg.de\/wp-content\/uploads\/2023\/09\/IMG_20230818_155803_ergebnis.jpg 800w, https:\/\/olu-limburg.de\/wp-content\/uploads\/2023\/09\/IMG_20230818_155803_ergebnis-300x225.jpg 300w, https:\/\/olu-limburg.de\/wp-content\/uploads\/2023\/09\/IMG_20230818_155803_ergebnis-768x576.jpg 768w, https:\/\/olu-limburg.de\/wp-content\/uploads\/2023\/09\/IMG_20230818_155803_ergebnis-624x468.jpg 624w\" sizes=\"auto, (max-width: 800px) 100vw, 800px\" \/><\/a><\/p>\n<p><a href=\"https:\/\/olu-limburg.de\/wp-content\/uploads\/2023\/09\/IMG_20230818_155154_ergebnis-e1695736609864.jpg\"><img loading=\"lazy\" decoding=\"async\" class=\"size-full wp-image-29588 aligncenter\" src=\"https:\/\/olu-limburg.de\/wp-content\/uploads\/2023\/09\/IMG_20230818_155154_ergebnis-e1695736609864.jpg\" alt=\"\" width=\"450\" height=\"600\" \/><\/a><\/p>\n<p>Das Rathaus von Auvers hat van Gogh ebenfalls mit \u00d6lfarbe auf die Leinwand gebracht.<\/p>\n<p><a href=\"https:\/\/olu-limburg.de\/wp-content\/uploads\/2023\/10\/20230818_160049_ergebnis.jpg\"><img loading=\"lazy\" decoding=\"async\" class=\"size-full wp-image-29826 aligncenter\" src=\"https:\/\/olu-limburg.de\/wp-content\/uploads\/2023\/10\/20230818_160049_ergebnis.jpg\" alt=\"\" width=\"800\" height=\"600\" srcset=\"https:\/\/olu-limburg.de\/wp-content\/uploads\/2023\/10\/20230818_160049_ergebnis.jpg 800w, https:\/\/olu-limburg.de\/wp-content\/uploads\/2023\/10\/20230818_160049_ergebnis-300x225.jpg 300w, https:\/\/olu-limburg.de\/wp-content\/uploads\/2023\/10\/20230818_160049_ergebnis-768x576.jpg 768w, https:\/\/olu-limburg.de\/wp-content\/uploads\/2023\/10\/20230818_160049_ergebnis-624x468.jpg 624w\" sizes=\"auto, (max-width: 800px) 100vw, 800px\" \/><\/a><\/p>\n<p><a href=\"https:\/\/olu-limburg.de\/wp-content\/uploads\/2023\/10\/20230818_160212_ergebnis.jpg\"><img loading=\"lazy\" decoding=\"async\" class=\"size-full wp-image-29827 aligncenter\" src=\"https:\/\/olu-limburg.de\/wp-content\/uploads\/2023\/10\/20230818_160212_ergebnis.jpg\" alt=\"\" width=\"800\" height=\"600\" srcset=\"https:\/\/olu-limburg.de\/wp-content\/uploads\/2023\/10\/20230818_160212_ergebnis.jpg 800w, https:\/\/olu-limburg.de\/wp-content\/uploads\/2023\/10\/20230818_160212_ergebnis-300x225.jpg 300w, https:\/\/olu-limburg.de\/wp-content\/uploads\/2023\/10\/20230818_160212_ergebnis-768x576.jpg 768w, https:\/\/olu-limburg.de\/wp-content\/uploads\/2023\/10\/20230818_160212_ergebnis-624x468.jpg 624w\" sizes=\"auto, (max-width: 800px) 100vw, 800px\" \/><\/a><\/p>\n<p>Gegen\u00fcber vom Rathaus befindet sich die Auberge Ravaux, in der Van Gogh in einem kleinen Raum unter dem Dach (bei dem Dachfenster) gewohnt hat und in dem er am 29.07.1890 an seinen Verletzungen verstorben ist. Zur Besichtigung gehen wir links um das Haus herum.<\/p>\n<p><a href=\"https:\/\/olu-limburg.de\/wp-content\/uploads\/2023\/09\/IMG_20230818_160355_ergebnis-e1695736684405.jpg\"><img loading=\"lazy\" decoding=\"async\" class=\"size-full wp-image-29591 aligncenter\" src=\"https:\/\/olu-limburg.de\/wp-content\/uploads\/2023\/09\/IMG_20230818_160355_ergebnis-e1695736684405.jpg\" alt=\"\" width=\"450\" height=\"600\" \/><\/a><\/p>\n<p><a href=\"https:\/\/olu-limburg.de\/wp-content\/uploads\/2023\/09\/IMG_20230818_160455_ergebnis.jpg\"><img loading=\"lazy\" decoding=\"async\" class=\"size-full wp-image-29592 aligncenter\" src=\"https:\/\/olu-limburg.de\/wp-content\/uploads\/2023\/09\/IMG_20230818_160455_ergebnis.jpg\" alt=\"\" width=\"800\" height=\"600\" srcset=\"https:\/\/olu-limburg.de\/wp-content\/uploads\/2023\/09\/IMG_20230818_160455_ergebnis.jpg 800w, https:\/\/olu-limburg.de\/wp-content\/uploads\/2023\/09\/IMG_20230818_160455_ergebnis-300x225.jpg 300w, https:\/\/olu-limburg.de\/wp-content\/uploads\/2023\/09\/IMG_20230818_160455_ergebnis-768x576.jpg 768w, https:\/\/olu-limburg.de\/wp-content\/uploads\/2023\/09\/IMG_20230818_160455_ergebnis-624x468.jpg 624w\" sizes=\"auto, (max-width: 800px) 100vw, 800px\" \/><\/a><\/p>\n<p><a href=\"https:\/\/olu-limburg.de\/wp-content\/uploads\/2023\/09\/IMG_20230818_160505_ergebnis-e1695739488231.jpg\"><img loading=\"lazy\" decoding=\"async\" class=\"size-full wp-image-29593 alignleft\" src=\"https:\/\/olu-limburg.de\/wp-content\/uploads\/2023\/09\/IMG_20230818_160505_ergebnis-e1695739488231.jpg\" alt=\"\" width=\"450\" height=\"600\" \/><\/a><\/p>\n<p><a href=\"https:\/\/olu-limburg.de\/wp-content\/uploads\/2023\/09\/IMG_20230818_160519_ergebnis-e1695739511588.jpg\"><img loading=\"lazy\" decoding=\"async\" class=\"size-full wp-image-29594 alignright\" src=\"https:\/\/olu-limburg.de\/wp-content\/uploads\/2023\/09\/IMG_20230818_160519_ergebnis-e1695739511588.jpg\" alt=\"\" width=\"450\" height=\"600\" \/><\/a><\/p>\n<p><a href=\"https:\/\/olu-limburg.de\/wp-content\/uploads\/2023\/09\/IMG_20230818_160955_ergebnis.jpg\"><img loading=\"lazy\" decoding=\"async\" class=\"size-full wp-image-29595 aligncenter\" src=\"https:\/\/olu-limburg.de\/wp-content\/uploads\/2023\/09\/IMG_20230818_160955_ergebnis.jpg\" alt=\"\" width=\"800\" height=\"600\" srcset=\"https:\/\/olu-limburg.de\/wp-content\/uploads\/2023\/09\/IMG_20230818_160955_ergebnis.jpg 800w, https:\/\/olu-limburg.de\/wp-content\/uploads\/2023\/09\/IMG_20230818_160955_ergebnis-300x225.jpg 300w, https:\/\/olu-limburg.de\/wp-content\/uploads\/2023\/09\/IMG_20230818_160955_ergebnis-768x576.jpg 768w, https:\/\/olu-limburg.de\/wp-content\/uploads\/2023\/09\/IMG_20230818_160955_ergebnis-624x468.jpg 624w\" sizes=\"auto, (max-width: 800px) 100vw, 800px\" \/><\/a><\/p>\n<p>Im Innenhof ist ein wundersch\u00f6nes Arrangement zum Verweilen aufgebaut worden.<\/p>\n<p><a href=\"https:\/\/olu-limburg.de\/wp-content\/uploads\/2023\/09\/IMG_20230818_164838_ergebnis-e1695739664205.jpg\"><img loading=\"lazy\" decoding=\"async\" class=\"size-full wp-image-29598 alignleft\" src=\"https:\/\/olu-limburg.de\/wp-content\/uploads\/2023\/09\/IMG_20230818_164838_ergebnis-e1695739664205.jpg\" alt=\"\" width=\"450\" height=\"600\" \/><\/a><\/p>\n<p><a href=\"https:\/\/olu-limburg.de\/wp-content\/uploads\/2023\/10\/20230818_165110_ergebnis-e1697213351258.jpg\"><img loading=\"lazy\" decoding=\"async\" class=\"size-full wp-image-29828 alignright\" src=\"https:\/\/olu-limburg.de\/wp-content\/uploads\/2023\/10\/20230818_165110_ergebnis-e1697213351258.jpg\" alt=\"\" width=\"450\" height=\"600\" \/><\/a><\/p>\n<p><a href=\"https:\/\/olu-limburg.de\/wp-content\/uploads\/2023\/09\/IMG_20230818_164712_ergebnis.jpg\"><img loading=\"lazy\" decoding=\"async\" class=\"size-full wp-image-29596 alignnone\" src=\"https:\/\/olu-limburg.de\/wp-content\/uploads\/2023\/09\/IMG_20230818_164712_ergebnis.jpg\" alt=\"\" width=\"800\" height=\"600\" srcset=\"https:\/\/olu-limburg.de\/wp-content\/uploads\/2023\/09\/IMG_20230818_164712_ergebnis.jpg 800w, https:\/\/olu-limburg.de\/wp-content\/uploads\/2023\/09\/IMG_20230818_164712_ergebnis-300x225.jpg 300w, https:\/\/olu-limburg.de\/wp-content\/uploads\/2023\/09\/IMG_20230818_164712_ergebnis-768x576.jpg 768w, https:\/\/olu-limburg.de\/wp-content\/uploads\/2023\/09\/IMG_20230818_164712_ergebnis-624x468.jpg 624w\" sizes=\"auto, (max-width: 800px) 100vw, 800px\" \/><\/a><\/p>\n<p>Leider ist das Fotografieren in dem Treppenhaus und den beiden Dachgeschosszimmern verboten.<\/p>\n<p>Nur wenige Schritte weiter befindet sich das Mus\u00e9e Daubigny, des zweiten wichtigen Malers in Auvers, Charles Francois Daubigny.<\/p>\n<p><a href=\"https:\/\/olu-limburg.de\/wp-content\/uploads\/2023\/09\/IMG_20230818_165626_ergebnis.jpg\"><img loading=\"lazy\" decoding=\"async\" class=\"size-full wp-image-29599 aligncenter\" src=\"https:\/\/olu-limburg.de\/wp-content\/uploads\/2023\/09\/IMG_20230818_165626_ergebnis.jpg\" alt=\"\" width=\"800\" height=\"600\" srcset=\"https:\/\/olu-limburg.de\/wp-content\/uploads\/2023\/09\/IMG_20230818_165626_ergebnis.jpg 800w, https:\/\/olu-limburg.de\/wp-content\/uploads\/2023\/09\/IMG_20230818_165626_ergebnis-300x225.jpg 300w, https:\/\/olu-limburg.de\/wp-content\/uploads\/2023\/09\/IMG_20230818_165626_ergebnis-768x576.jpg 768w, https:\/\/olu-limburg.de\/wp-content\/uploads\/2023\/09\/IMG_20230818_165626_ergebnis-624x468.jpg 624w\" sizes=\"auto, (max-width: 800px) 100vw, 800px\" \/><\/a><\/p>\n<p><a href=\"https:\/\/olu-limburg.de\/wp-content\/uploads\/2023\/09\/IMG_20230818_165854_ergebnis-e1695739783322.jpg\"><img loading=\"lazy\" decoding=\"async\" class=\"size-full wp-image-29600 aligncenter\" src=\"https:\/\/olu-limburg.de\/wp-content\/uploads\/2023\/09\/IMG_20230818_165854_ergebnis-e1695739783322.jpg\" alt=\"\" width=\"450\" height=\"600\" \/><\/a><\/p>\n<p><a href=\"https:\/\/olu-limburg.de\/wp-content\/uploads\/2023\/10\/20230818_165930_ergebnis-e1697213365288.jpg\"><img loading=\"lazy\" decoding=\"async\" class=\"size-full wp-image-29830 aligncenter\" src=\"https:\/\/olu-limburg.de\/wp-content\/uploads\/2023\/10\/20230818_165930_ergebnis-e1697213365288.jpg\" alt=\"\" width=\"450\" height=\"600\" \/><\/a><\/p>\n<p>\u00dcberall finden wir wundersch\u00f6ne Ecken und Ansichten zum Fotografieren.<\/p>\n<p><a href=\"https:\/\/olu-limburg.de\/wp-content\/uploads\/2023\/09\/IMG_20230818_170146_ergebnis-e1695739807861.jpg\"><img loading=\"lazy\" decoding=\"async\" class=\"size-full wp-image-29601 aligncenter\" src=\"https:\/\/olu-limburg.de\/wp-content\/uploads\/2023\/09\/IMG_20230818_170146_ergebnis-e1695739807861.jpg\" alt=\"\" width=\"450\" height=\"600\" \/><\/a><\/p>\n<p>Die Baumwurzeln sind das letzte Motiv, was Vincent van Gogh wahrscheinlich zu Beginn seines\u00a0 langen Marsches durch die Felder von Auvers am 27.07.1890 auf die Leinwand brachte. Er kehrte am Abend mit einer Schu\u00dfverletzung in der Brust von diesem Spaziergang zur\u00fcck. Vincent verstarb zwei Tage sp\u00e4ter am 29.07.1890 an den Folgen der Verletzung.<\/p>\n<p><a href=\"https:\/\/olu-limburg.de\/wp-content\/uploads\/2023\/09\/IMG_20230818_170309_ergebnis-e1695740820261.jpg\"><img loading=\"lazy\" decoding=\"async\" class=\"size-full wp-image-29602 aligncenter\" src=\"https:\/\/olu-limburg.de\/wp-content\/uploads\/2023\/09\/IMG_20230818_170309_ergebnis-e1695740820261.jpg\" alt=\"\" width=\"450\" height=\"600\" \/><\/a><\/p>\n<p><a href=\"https:\/\/olu-limburg.de\/wp-content\/uploads\/2023\/09\/IMG_20230818_170332_ergebnis.jpg\"><img loading=\"lazy\" decoding=\"async\" class=\"size-full wp-image-29603 aligncenter\" src=\"https:\/\/olu-limburg.de\/wp-content\/uploads\/2023\/09\/IMG_20230818_170332_ergebnis.jpg\" alt=\"\" width=\"800\" height=\"600\" srcset=\"https:\/\/olu-limburg.de\/wp-content\/uploads\/2023\/09\/IMG_20230818_170332_ergebnis.jpg 800w, https:\/\/olu-limburg.de\/wp-content\/uploads\/2023\/09\/IMG_20230818_170332_ergebnis-300x225.jpg 300w, https:\/\/olu-limburg.de\/wp-content\/uploads\/2023\/09\/IMG_20230818_170332_ergebnis-768x576.jpg 768w, https:\/\/olu-limburg.de\/wp-content\/uploads\/2023\/09\/IMG_20230818_170332_ergebnis-624x468.jpg 624w\" sizes=\"auto, (max-width: 800px) 100vw, 800px\" \/><\/a><\/p>\n<p>Da die Maler zu Zeiten van Goghs so viel Absinth getrunken haben, gibt es hier sogar ein dementsprechendes Museum. Die Inhaberin macht das Museum leider vorzeitig vor unserer Nase zu. Es war vielleicht zu wenig los.<\/p>\n<p>Lena bleibt lieber unten im Schatten. Ich versuche noch einen Blick auf das Schloss zu bekommen. Das Schloss von Auvers aus dem 17. Jhdt. liegt etwas au\u00dferhalb von Auvers auf einer erh\u00f6hten Position.<\/p>\n<p><a href=\"https:\/\/olu-limburg.de\/wp-content\/uploads\/2023\/09\/IMG_20230818_171258_ergebnis.jpg\"><img loading=\"lazy\" decoding=\"async\" class=\"size-full wp-image-29604 aligncenter\" src=\"https:\/\/olu-limburg.de\/wp-content\/uploads\/2023\/09\/IMG_20230818_171258_ergebnis.jpg\" alt=\"\" width=\"800\" height=\"600\" srcset=\"https:\/\/olu-limburg.de\/wp-content\/uploads\/2023\/09\/IMG_20230818_171258_ergebnis.jpg 800w, https:\/\/olu-limburg.de\/wp-content\/uploads\/2023\/09\/IMG_20230818_171258_ergebnis-300x225.jpg 300w, https:\/\/olu-limburg.de\/wp-content\/uploads\/2023\/09\/IMG_20230818_171258_ergebnis-768x576.jpg 768w, https:\/\/olu-limburg.de\/wp-content\/uploads\/2023\/09\/IMG_20230818_171258_ergebnis-624x468.jpg 624w\" sizes=\"auto, (max-width: 800px) 100vw, 800px\" \/><\/a><\/p>\n<p>Das Haus des Dr. Gachet, der als Freund und behandelnder Arzt in Auvers viel Zeit mit Vincent verbracht hat, liegt noch viel weiter drau\u00dfen. Das ist zu viel bei der Hitze. Wir gehen lieber wieder in Richtung Wohnmobil.<\/p>\n<p><a href=\"https:\/\/olu-limburg.de\/wp-content\/uploads\/2023\/09\/IMG_20230818_181546_ergebnis.jpg\"><img loading=\"lazy\" decoding=\"async\" class=\"size-full wp-image-29605 aligncenter\" src=\"https:\/\/olu-limburg.de\/wp-content\/uploads\/2023\/09\/IMG_20230818_181546_ergebnis.jpg\" alt=\"\" width=\"800\" height=\"600\" srcset=\"https:\/\/olu-limburg.de\/wp-content\/uploads\/2023\/09\/IMG_20230818_181546_ergebnis.jpg 800w, https:\/\/olu-limburg.de\/wp-content\/uploads\/2023\/09\/IMG_20230818_181546_ergebnis-300x225.jpg 300w, https:\/\/olu-limburg.de\/wp-content\/uploads\/2023\/09\/IMG_20230818_181546_ergebnis-768x576.jpg 768w, https:\/\/olu-limburg.de\/wp-content\/uploads\/2023\/09\/IMG_20230818_181546_ergebnis-624x468.jpg 624w\" sizes=\"auto, (max-width: 800px) 100vw, 800px\" \/><\/a><\/p>\n<p><a href=\"https:\/\/olu-limburg.de\/wp-content\/uploads\/2023\/09\/IMG_20230819_085523_ergebnis.jpg\"><img loading=\"lazy\" decoding=\"async\" class=\"size-full wp-image-29607 aligncenter\" src=\"https:\/\/olu-limburg.de\/wp-content\/uploads\/2023\/09\/IMG_20230819_085523_ergebnis.jpg\" alt=\"\" width=\"800\" height=\"600\" srcset=\"https:\/\/olu-limburg.de\/wp-content\/uploads\/2023\/09\/IMG_20230819_085523_ergebnis.jpg 800w, https:\/\/olu-limburg.de\/wp-content\/uploads\/2023\/09\/IMG_20230819_085523_ergebnis-300x225.jpg 300w, https:\/\/olu-limburg.de\/wp-content\/uploads\/2023\/09\/IMG_20230819_085523_ergebnis-768x576.jpg 768w, https:\/\/olu-limburg.de\/wp-content\/uploads\/2023\/09\/IMG_20230819_085523_ergebnis-624x468.jpg 624w\" sizes=\"auto, (max-width: 800px) 100vw, 800px\" \/><\/a><\/p>\n<p>Wir sind von unserer van Gogh-Tour beim Wohnmobil angekommen. Zur Belohnung gibt es auch einen leckeren Imbiss f\u00fcr uns. Keine Angst, es gibt noch mehr. Der kleine Teller ist nur ein Beispiel.<\/p>\n<p><a href=\"https:\/\/olu-limburg.de\/wp-content\/uploads\/2023\/09\/IMG_20230818_200002_ergebnis.jpg\"><img loading=\"lazy\" decoding=\"async\" class=\"size-full wp-image-29606 aligncenter\" src=\"https:\/\/olu-limburg.de\/wp-content\/uploads\/2023\/09\/IMG_20230818_200002_ergebnis.jpg\" alt=\"\" width=\"800\" height=\"600\" srcset=\"https:\/\/olu-limburg.de\/wp-content\/uploads\/2023\/09\/IMG_20230818_200002_ergebnis.jpg 800w, https:\/\/olu-limburg.de\/wp-content\/uploads\/2023\/09\/IMG_20230818_200002_ergebnis-300x225.jpg 300w, https:\/\/olu-limburg.de\/wp-content\/uploads\/2023\/09\/IMG_20230818_200002_ergebnis-768x576.jpg 768w, https:\/\/olu-limburg.de\/wp-content\/uploads\/2023\/09\/IMG_20230818_200002_ergebnis-624x468.jpg 624w\" sizes=\"auto, (max-width: 800px) 100vw, 800px\" \/><\/a><\/p>\n<p>Tagesstrecke: 113 km<\/p>\n<p>&nbsp;<\/p>\n<p><strong>Samstag, 19.08.2023<\/strong><\/p>\n<p>Wir tanken noch etwas Frischwasser, fr\u00fchst\u00fccken und fahren jetzt wirklich nach Giverny. Unsere Kulturreise ist noch lange nicht vorbei. Kurz vor Mittag erreichen wir den kostenlosen Parkplatz ohne V+E in Giverny. Es ist schon wieder sehr hei\u00df, aber wir wollen ja etwas\u00a0 zu essen suchen.<\/p>\n<p><a href=\"https:\/\/olu-limburg.de\/wp-content\/uploads\/2023\/09\/IMG_20230819_174357_ergebnis.jpg\"><img loading=\"lazy\" decoding=\"async\" class=\"size-full wp-image-29662 aligncenter\" src=\"https:\/\/olu-limburg.de\/wp-content\/uploads\/2023\/09\/IMG_20230819_174357_ergebnis.jpg\" alt=\"\" width=\"800\" height=\"600\" srcset=\"https:\/\/olu-limburg.de\/wp-content\/uploads\/2023\/09\/IMG_20230819_174357_ergebnis.jpg 800w, https:\/\/olu-limburg.de\/wp-content\/uploads\/2023\/09\/IMG_20230819_174357_ergebnis-300x225.jpg 300w, https:\/\/olu-limburg.de\/wp-content\/uploads\/2023\/09\/IMG_20230819_174357_ergebnis-768x576.jpg 768w, https:\/\/olu-limburg.de\/wp-content\/uploads\/2023\/09\/IMG_20230819_174357_ergebnis-624x468.jpg 624w\" sizes=\"auto, (max-width: 800px) 100vw, 800px\" \/><\/a><\/p>\n<p>Wir nehmen den direkten Weg um die Rue Claude Monet zu erreichen. Bei dem ersten Restaurant an der Hauptstra\u00dfe finden wir keinen Zugang, zur\u00fcckgehen m\u00f6chten wir aber auch nicht. In der Rue Claude Monet halten wir uns links. Und auf dem Weg zur Kirche passieren wir einige gastronomische Angebote, die uns entweder nicht zusagen oder zu teuer sind. Naja, besichtigen wir erst das Grab von Monet und dann die Kirche.<\/p>\n<p><a href=\"https:\/\/olu-limburg.de\/wp-content\/uploads\/2023\/09\/IMG_20230819_130027_ergebnis.jpg\"><img loading=\"lazy\" decoding=\"async\" class=\"size-full wp-image-29615 aligncenter\" src=\"https:\/\/olu-limburg.de\/wp-content\/uploads\/2023\/09\/IMG_20230819_130027_ergebnis.jpg\" alt=\"\" width=\"800\" height=\"600\" srcset=\"https:\/\/olu-limburg.de\/wp-content\/uploads\/2023\/09\/IMG_20230819_130027_ergebnis.jpg 800w, https:\/\/olu-limburg.de\/wp-content\/uploads\/2023\/09\/IMG_20230819_130027_ergebnis-300x225.jpg 300w, https:\/\/olu-limburg.de\/wp-content\/uploads\/2023\/09\/IMG_20230819_130027_ergebnis-768x576.jpg 768w, https:\/\/olu-limburg.de\/wp-content\/uploads\/2023\/09\/IMG_20230819_130027_ergebnis-624x468.jpg 624w\" sizes=\"auto, (max-width: 800px) 100vw, 800px\" \/><\/a><\/p>\n<p>Die Kirche der Hl. Radegundis stammt aus dem 10. Jhdt..<\/p>\n<p><a href=\"https:\/\/olu-limburg.de\/wp-content\/uploads\/2023\/10\/20230819_132042_ergebnis.jpg\"><img loading=\"lazy\" decoding=\"async\" class=\"size-full wp-image-29834 aligncenter\" src=\"https:\/\/olu-limburg.de\/wp-content\/uploads\/2023\/10\/20230819_132042_ergebnis.jpg\" alt=\"\" width=\"800\" height=\"600\" srcset=\"https:\/\/olu-limburg.de\/wp-content\/uploads\/2023\/10\/20230819_132042_ergebnis.jpg 800w, https:\/\/olu-limburg.de\/wp-content\/uploads\/2023\/10\/20230819_132042_ergebnis-300x225.jpg 300w, https:\/\/olu-limburg.de\/wp-content\/uploads\/2023\/10\/20230819_132042_ergebnis-768x576.jpg 768w, https:\/\/olu-limburg.de\/wp-content\/uploads\/2023\/10\/20230819_132042_ergebnis-624x468.jpg 624w\" sizes=\"auto, (max-width: 800px) 100vw, 800px\" \/><\/a><\/p>\n<p>Wir gehen rechts um die Kirche zum Friedhof und gelangen sofort zum Familiengrab in dem auch Claude Monet liegt.<\/p>\n<p><a href=\"https:\/\/olu-limburg.de\/wp-content\/uploads\/2023\/09\/IMG_20230819_131617_ergebnis.jpg\"><img loading=\"lazy\" decoding=\"async\" class=\"size-full wp-image-29619 aligncenter\" src=\"https:\/\/olu-limburg.de\/wp-content\/uploads\/2023\/09\/IMG_20230819_131617_ergebnis.jpg\" alt=\"\" width=\"800\" height=\"600\" srcset=\"https:\/\/olu-limburg.de\/wp-content\/uploads\/2023\/09\/IMG_20230819_131617_ergebnis.jpg 800w, https:\/\/olu-limburg.de\/wp-content\/uploads\/2023\/09\/IMG_20230819_131617_ergebnis-300x225.jpg 300w, https:\/\/olu-limburg.de\/wp-content\/uploads\/2023\/09\/IMG_20230819_131617_ergebnis-768x576.jpg 768w, https:\/\/olu-limburg.de\/wp-content\/uploads\/2023\/09\/IMG_20230819_131617_ergebnis-624x468.jpg 624w\" sizes=\"auto, (max-width: 800px) 100vw, 800px\" \/><\/a><\/p>\n<p><a href=\"https:\/\/olu-limburg.de\/wp-content\/uploads\/2023\/09\/IMG_20230819_130847_ergebnis-e1695808828946.jpg\"><img loading=\"lazy\" decoding=\"async\" class=\"size-full wp-image-29617 aligncenter\" src=\"https:\/\/olu-limburg.de\/wp-content\/uploads\/2023\/09\/IMG_20230819_130847_ergebnis-e1695808828946.jpg\" alt=\"\" width=\"450\" height=\"600\" \/><\/a><\/p>\n<p><a href=\"https:\/\/olu-limburg.de\/wp-content\/uploads\/2023\/09\/IMG_20230819_131338_ergebnis-e1695808846472.jpg\"><img loading=\"lazy\" decoding=\"async\" class=\"size-full wp-image-29618 aligncenter\" src=\"https:\/\/olu-limburg.de\/wp-content\/uploads\/2023\/09\/IMG_20230819_131338_ergebnis-e1695808846472.jpg\" alt=\"\" width=\"450\" height=\"600\" \/><\/a><\/p>\n<p>Im Restaurant Baudy haben sich die K\u00fcnstler um Claude Monet getroffen.<\/p>\n<p><a href=\"https:\/\/olu-limburg.de\/wp-content\/uploads\/2023\/09\/IMG_20230819_132737_ergebnis-e1695808878294.jpg\"><img loading=\"lazy\" decoding=\"async\" class=\"size-full wp-image-29622 aligncenter\" src=\"https:\/\/olu-limburg.de\/wp-content\/uploads\/2023\/09\/IMG_20230819_132737_ergebnis-e1695808878294.jpg\" alt=\"\" width=\"450\" height=\"600\" \/><\/a><\/p>\n<p><a href=\"https:\/\/olu-limburg.de\/wp-content\/uploads\/2023\/10\/20230819_154449_ergebnis.jpg\"><img loading=\"lazy\" decoding=\"async\" class=\"size-full wp-image-29836 aligncenter\" src=\"https:\/\/olu-limburg.de\/wp-content\/uploads\/2023\/10\/20230819_154449_ergebnis.jpg\" alt=\"\" width=\"800\" height=\"600\" srcset=\"https:\/\/olu-limburg.de\/wp-content\/uploads\/2023\/10\/20230819_154449_ergebnis.jpg 800w, https:\/\/olu-limburg.de\/wp-content\/uploads\/2023\/10\/20230819_154449_ergebnis-300x225.jpg 300w, https:\/\/olu-limburg.de\/wp-content\/uploads\/2023\/10\/20230819_154449_ergebnis-768x576.jpg 768w, https:\/\/olu-limburg.de\/wp-content\/uploads\/2023\/10\/20230819_154449_ergebnis-624x468.jpg 624w\" sizes=\"auto, (max-width: 800px) 100vw, 800px\" \/><\/a><\/p>\n<p>In einem modernen Doppelbau befindet sich das Mus\u00e9e des Impressionnismes Giverny und die Brasserie des Artistes.<\/p>\n<p><a href=\"https:\/\/olu-limburg.de\/wp-content\/uploads\/2023\/09\/IMG_20230819_153835_ergebnis-e1695809139684.jpg\"><img loading=\"lazy\" decoding=\"async\" class=\"size-full wp-image-29631 aligncenter\" src=\"https:\/\/olu-limburg.de\/wp-content\/uploads\/2023\/09\/IMG_20230819_153835_ergebnis-e1695809139684.jpg\" alt=\"\" width=\"450\" height=\"600\" \/><\/a><\/p>\n<p>In der Brasserie finden wir auch etwas f\u00fcr uns zu essen.<\/p>\n<div id=\"attachment_29623\" style=\"width: 460px\" class=\"wp-caption aligncenter\"><a href=\"https:\/\/olu-limburg.de\/wp-content\/uploads\/2023\/09\/IMG_20230819_135036_ergebnis-e1695808898274.jpg\"><img loading=\"lazy\" decoding=\"async\" aria-describedby=\"caption-attachment-29623\" class=\"wp-image-29623 size-full\" src=\"https:\/\/olu-limburg.de\/wp-content\/uploads\/2023\/09\/IMG_20230819_135036_ergebnis-e1695808898274.jpg\" alt=\"\" width=\"450\" height=\"600\" \/><\/a><p id=\"caption-attachment-29623\" class=\"wp-caption-text\">Cidre mit einer Apfelscheibe drin &#8211; so was haben wir bisher noch nie bekommen<\/p><\/div>\n<div id=\"attachment_29624\" style=\"width: 810px\" class=\"wp-caption aligncenter\"><a href=\"https:\/\/olu-limburg.de\/wp-content\/uploads\/2023\/09\/IMG_20230819_135238_ergebnis.jpg\"><img loading=\"lazy\" decoding=\"async\" aria-describedby=\"caption-attachment-29624\" class=\"wp-image-29624 size-full\" src=\"https:\/\/olu-limburg.de\/wp-content\/uploads\/2023\/09\/IMG_20230819_135238_ergebnis.jpg\" alt=\"\" width=\"800\" height=\"600\" srcset=\"https:\/\/olu-limburg.de\/wp-content\/uploads\/2023\/09\/IMG_20230819_135238_ergebnis.jpg 800w, https:\/\/olu-limburg.de\/wp-content\/uploads\/2023\/09\/IMG_20230819_135238_ergebnis-300x225.jpg 300w, https:\/\/olu-limburg.de\/wp-content\/uploads\/2023\/09\/IMG_20230819_135238_ergebnis-768x576.jpg 768w, https:\/\/olu-limburg.de\/wp-content\/uploads\/2023\/09\/IMG_20230819_135238_ergebnis-624x468.jpg 624w\" sizes=\"auto, (max-width: 800px) 100vw, 800px\" \/><\/a><p id=\"caption-attachment-29624\" class=\"wp-caption-text\">Moules Cr\u00e8me mit Speck und frites<\/p><\/div>\n<p>Nebenan im Museum gibt es zur Zeit eine Ausstellung mit sehr ansprechenden Bildern von Pierre-Auguste Renoir.<\/p>\n<p><a href=\"https:\/\/olu-limburg.de\/wp-content\/uploads\/2023\/09\/IMG_20230819_150646_ergebnis.jpg\"><img loading=\"lazy\" decoding=\"async\" class=\"size-full wp-image-29625 aligncenter\" src=\"https:\/\/olu-limburg.de\/wp-content\/uploads\/2023\/09\/IMG_20230819_150646_ergebnis.jpg\" alt=\"\" width=\"800\" height=\"600\" srcset=\"https:\/\/olu-limburg.de\/wp-content\/uploads\/2023\/09\/IMG_20230819_150646_ergebnis.jpg 800w, https:\/\/olu-limburg.de\/wp-content\/uploads\/2023\/09\/IMG_20230819_150646_ergebnis-300x225.jpg 300w, https:\/\/olu-limburg.de\/wp-content\/uploads\/2023\/09\/IMG_20230819_150646_ergebnis-768x576.jpg 768w, https:\/\/olu-limburg.de\/wp-content\/uploads\/2023\/09\/IMG_20230819_150646_ergebnis-624x468.jpg 624w\" sizes=\"auto, (max-width: 800px) 100vw, 800px\" \/><\/a><\/p>\n<p><a href=\"https:\/\/olu-limburg.de\/wp-content\/uploads\/2023\/09\/IMG_20230819_151309_ergebnis.jpg\"><img loading=\"lazy\" decoding=\"async\" class=\"size-full wp-image-29626 aligncenter\" src=\"https:\/\/olu-limburg.de\/wp-content\/uploads\/2023\/09\/IMG_20230819_151309_ergebnis.jpg\" alt=\"\" width=\"800\" height=\"600\" srcset=\"https:\/\/olu-limburg.de\/wp-content\/uploads\/2023\/09\/IMG_20230819_151309_ergebnis.jpg 800w, https:\/\/olu-limburg.de\/wp-content\/uploads\/2023\/09\/IMG_20230819_151309_ergebnis-300x225.jpg 300w, https:\/\/olu-limburg.de\/wp-content\/uploads\/2023\/09\/IMG_20230819_151309_ergebnis-768x576.jpg 768w, https:\/\/olu-limburg.de\/wp-content\/uploads\/2023\/09\/IMG_20230819_151309_ergebnis-624x468.jpg 624w\" sizes=\"auto, (max-width: 800px) 100vw, 800px\" \/><\/a><\/p>\n<p><a href=\"https:\/\/olu-limburg.de\/wp-content\/uploads\/2023\/09\/IMG_20230819_151503_ergebnis.jpg\"><img loading=\"lazy\" decoding=\"async\" class=\"size-full wp-image-29627 aligncenter\" src=\"https:\/\/olu-limburg.de\/wp-content\/uploads\/2023\/09\/IMG_20230819_151503_ergebnis.jpg\" alt=\"\" width=\"800\" height=\"600\" srcset=\"https:\/\/olu-limburg.de\/wp-content\/uploads\/2023\/09\/IMG_20230819_151503_ergebnis.jpg 800w, https:\/\/olu-limburg.de\/wp-content\/uploads\/2023\/09\/IMG_20230819_151503_ergebnis-300x225.jpg 300w, https:\/\/olu-limburg.de\/wp-content\/uploads\/2023\/09\/IMG_20230819_151503_ergebnis-768x576.jpg 768w, https:\/\/olu-limburg.de\/wp-content\/uploads\/2023\/09\/IMG_20230819_151503_ergebnis-624x468.jpg 624w\" sizes=\"auto, (max-width: 800px) 100vw, 800px\" \/><\/a><\/p>\n<p>Vor dem Wohnhaus von Claude Monet steht eine lange Besucherschlange, und es dauert eine Zeit bis wir merken, dass wir uns dort gar nicht anstellen m\u00fcssen. Denn wir haben schon unser Billet coupl\u00e9 zusammen mit dem Museumsbesuch gekauft.<\/p>\n<p>Wir gehen ein St\u00fcck zur\u00fcck und durch den Eingang in einer Seitenstra\u00dfe. Erst einmal lassen wir uns von den vielen Blumen verzaubern.<\/p>\n<p><a href=\"https:\/\/olu-limburg.de\/wp-content\/uploads\/2023\/09\/IMG_20230819_155929_ergebnis.jpg\"><img loading=\"lazy\" decoding=\"async\" class=\"size-full wp-image-29639 aligncenter\" src=\"https:\/\/olu-limburg.de\/wp-content\/uploads\/2023\/09\/IMG_20230819_155929_ergebnis.jpg\" alt=\"\" width=\"800\" height=\"600\" srcset=\"https:\/\/olu-limburg.de\/wp-content\/uploads\/2023\/09\/IMG_20230819_155929_ergebnis.jpg 800w, https:\/\/olu-limburg.de\/wp-content\/uploads\/2023\/09\/IMG_20230819_155929_ergebnis-300x225.jpg 300w, https:\/\/olu-limburg.de\/wp-content\/uploads\/2023\/09\/IMG_20230819_155929_ergebnis-768x576.jpg 768w, https:\/\/olu-limburg.de\/wp-content\/uploads\/2023\/09\/IMG_20230819_155929_ergebnis-624x468.jpg 624w\" sizes=\"auto, (max-width: 800px) 100vw, 800px\" \/><\/a><\/p>\n<p><a href=\"https:\/\/olu-limburg.de\/wp-content\/uploads\/2023\/09\/IMG_20230819_155359_ergebnis-e1695809275732.jpg\"><img loading=\"lazy\" decoding=\"async\" class=\"size-full wp-image-29636 alignleft\" src=\"https:\/\/olu-limburg.de\/wp-content\/uploads\/2023\/09\/IMG_20230819_155359_ergebnis-e1695809275732.jpg\" alt=\"\" width=\"450\" height=\"600\" \/><\/a><\/p>\n<p><a href=\"https:\/\/olu-limburg.de\/wp-content\/uploads\/2023\/09\/IMG_20230819_155825_ergebnis-e1695809293864.jpg\"><img loading=\"lazy\" decoding=\"async\" class=\"size-full wp-image-29638 alignright\" src=\"https:\/\/olu-limburg.de\/wp-content\/uploads\/2023\/09\/IMG_20230819_155825_ergebnis-e1695809293864.jpg\" alt=\"\" width=\"450\" height=\"600\" \/><\/a><\/p>\n<p><a href=\"https:\/\/olu-limburg.de\/wp-content\/uploads\/2023\/09\/IMG_20230819_155244_ergebnis.jpg\"><img loading=\"lazy\" decoding=\"async\" class=\"size-full wp-image-29635 aligncenter\" src=\"https:\/\/olu-limburg.de\/wp-content\/uploads\/2023\/09\/IMG_20230819_155244_ergebnis.jpg\" alt=\"\" width=\"800\" height=\"600\" srcset=\"https:\/\/olu-limburg.de\/wp-content\/uploads\/2023\/09\/IMG_20230819_155244_ergebnis.jpg 800w, https:\/\/olu-limburg.de\/wp-content\/uploads\/2023\/09\/IMG_20230819_155244_ergebnis-300x225.jpg 300w, https:\/\/olu-limburg.de\/wp-content\/uploads\/2023\/09\/IMG_20230819_155244_ergebnis-768x576.jpg 768w, https:\/\/olu-limburg.de\/wp-content\/uploads\/2023\/09\/IMG_20230819_155244_ergebnis-624x468.jpg 624w\" sizes=\"auto, (max-width: 800px) 100vw, 800px\" \/><\/a><\/p>\n<p><a href=\"https:\/\/olu-limburg.de\/wp-content\/uploads\/2023\/10\/20230819_155644_ergebnis.jpg\"><img loading=\"lazy\" decoding=\"async\" class=\"size-full wp-image-29838 aligncenter\" src=\"https:\/\/olu-limburg.de\/wp-content\/uploads\/2023\/10\/20230819_155644_ergebnis.jpg\" alt=\"\" width=\"800\" height=\"600\" srcset=\"https:\/\/olu-limburg.de\/wp-content\/uploads\/2023\/10\/20230819_155644_ergebnis.jpg 800w, https:\/\/olu-limburg.de\/wp-content\/uploads\/2023\/10\/20230819_155644_ergebnis-300x225.jpg 300w, https:\/\/olu-limburg.de\/wp-content\/uploads\/2023\/10\/20230819_155644_ergebnis-768x576.jpg 768w, https:\/\/olu-limburg.de\/wp-content\/uploads\/2023\/10\/20230819_155644_ergebnis-624x468.jpg 624w\" sizes=\"auto, (max-width: 800px) 100vw, 800px\" \/><\/a><\/p>\n<p>Beim Eingang zum Wohnhaus m\u00fcssen wir uns dann doch anstellen und aufgrund der Besucherzahl auf eine gewisse Wartezeit einstellen. Es geht aber schneller als erwartet.<\/p>\n<p><a href=\"https:\/\/olu-limburg.de\/wp-content\/uploads\/2023\/09\/IMG_20230819_164156_ergebnis.jpg\"><img loading=\"lazy\" decoding=\"async\" class=\"size-full wp-image-29650 aligncenter\" src=\"https:\/\/olu-limburg.de\/wp-content\/uploads\/2023\/09\/IMG_20230819_164156_ergebnis.jpg\" alt=\"\" width=\"800\" height=\"600\" srcset=\"https:\/\/olu-limburg.de\/wp-content\/uploads\/2023\/09\/IMG_20230819_164156_ergebnis.jpg 800w, https:\/\/olu-limburg.de\/wp-content\/uploads\/2023\/09\/IMG_20230819_164156_ergebnis-300x225.jpg 300w, https:\/\/olu-limburg.de\/wp-content\/uploads\/2023\/09\/IMG_20230819_164156_ergebnis-768x576.jpg 768w, https:\/\/olu-limburg.de\/wp-content\/uploads\/2023\/09\/IMG_20230819_164156_ergebnis-624x468.jpg 624w\" sizes=\"auto, (max-width: 800px) 100vw, 800px\" \/><\/a><\/p>\n<p><a href=\"https:\/\/olu-limburg.de\/wp-content\/uploads\/2023\/10\/20230819_160811_ergebnis-e1697214066853.jpg\"><img loading=\"lazy\" decoding=\"async\" class=\"size-full wp-image-29840 aligncenter\" src=\"https:\/\/olu-limburg.de\/wp-content\/uploads\/2023\/10\/20230819_160811_ergebnis-e1697214066853.jpg\" alt=\"\" width=\"450\" height=\"600\" \/><\/a><\/p>\n<p>Fotos ohne andere Besucher sind eine Seltenheit. Wir werden wie auf einer Rolltreppe durch die Wohnr\u00e4ume gef\u00fchrt oder geschoben.\u00a0 Das ganze Haus ist voll gepackt mit seinen Gem\u00e4lden. Besonders ber\u00fchmt sind seine Nympheas (Seerosen) &#8211; Gem\u00e4lde, die es in den verschiedensten Ausf\u00fchrungen gibt.<\/p>\n<p><a href=\"https:\/\/olu-limburg.de\/wp-content\/uploads\/2023\/10\/20230819_161136_ergebnis.jpg\"><img loading=\"lazy\" decoding=\"async\" class=\"size-full wp-image-29841 aligncenter\" src=\"https:\/\/olu-limburg.de\/wp-content\/uploads\/2023\/10\/20230819_161136_ergebnis.jpg\" alt=\"\" width=\"800\" height=\"600\" srcset=\"https:\/\/olu-limburg.de\/wp-content\/uploads\/2023\/10\/20230819_161136_ergebnis.jpg 800w, https:\/\/olu-limburg.de\/wp-content\/uploads\/2023\/10\/20230819_161136_ergebnis-300x225.jpg 300w, https:\/\/olu-limburg.de\/wp-content\/uploads\/2023\/10\/20230819_161136_ergebnis-768x576.jpg 768w, https:\/\/olu-limburg.de\/wp-content\/uploads\/2023\/10\/20230819_161136_ergebnis-624x468.jpg 624w\" sizes=\"auto, (max-width: 800px) 100vw, 800px\" \/><\/a><\/p>\n<p><a href=\"https:\/\/olu-limburg.de\/wp-content\/uploads\/2023\/09\/IMG_20230819_161107_ergebnis.jpg\"><img loading=\"lazy\" decoding=\"async\" class=\"size-full wp-image-29641 aligncenter\" src=\"https:\/\/olu-limburg.de\/wp-content\/uploads\/2023\/09\/IMG_20230819_161107_ergebnis.jpg\" alt=\"\" width=\"800\" height=\"600\" srcset=\"https:\/\/olu-limburg.de\/wp-content\/uploads\/2023\/09\/IMG_20230819_161107_ergebnis.jpg 800w, https:\/\/olu-limburg.de\/wp-content\/uploads\/2023\/09\/IMG_20230819_161107_ergebnis-300x225.jpg 300w, https:\/\/olu-limburg.de\/wp-content\/uploads\/2023\/09\/IMG_20230819_161107_ergebnis-768x576.jpg 768w, https:\/\/olu-limburg.de\/wp-content\/uploads\/2023\/09\/IMG_20230819_161107_ergebnis-624x468.jpg 624w\" sizes=\"auto, (max-width: 800px) 100vw, 800px\" \/><\/a><\/p>\n<p><a href=\"https:\/\/olu-limburg.de\/wp-content\/uploads\/2023\/10\/20230819_162138_ergebnis-e1697214142491.jpg\"><img loading=\"lazy\" decoding=\"async\" class=\"size-full wp-image-29844 aligncenter\" src=\"https:\/\/olu-limburg.de\/wp-content\/uploads\/2023\/10\/20230819_162138_ergebnis-e1697214142491.jpg\" alt=\"\" width=\"450\" height=\"600\" \/><\/a><\/p>\n<p><a href=\"https:\/\/olu-limburg.de\/wp-content\/uploads\/2023\/09\/IMG_20230819_161339_ergebnis-e1695809589223.jpg\"><img loading=\"lazy\" decoding=\"async\" class=\"size-full wp-image-29643 alignleft\" src=\"https:\/\/olu-limburg.de\/wp-content\/uploads\/2023\/09\/IMG_20230819_161339_ergebnis-e1695809589223.jpg\" alt=\"\" width=\"450\" height=\"600\" \/><\/a><\/p>\n<p><a href=\"https:\/\/olu-limburg.de\/wp-content\/uploads\/2023\/09\/IMG_20230819_162351_ergebnis-e1695809611377.jpg\"><img loading=\"lazy\" decoding=\"async\" class=\"size-full wp-image-29646 alignright\" src=\"https:\/\/olu-limburg.de\/wp-content\/uploads\/2023\/09\/IMG_20230819_162351_ergebnis-e1695809611377.jpg\" alt=\"\" width=\"450\" height=\"600\" \/><\/a><\/p>\n<p><a href=\"https:\/\/olu-limburg.de\/wp-content\/uploads\/2023\/09\/IMG_20230819_162426_ergebnis.jpg\"><img loading=\"lazy\" decoding=\"async\" class=\"size-full wp-image-29647 aligncenter\" src=\"https:\/\/olu-limburg.de\/wp-content\/uploads\/2023\/09\/IMG_20230819_162426_ergebnis.jpg\" alt=\"\" width=\"800\" height=\"600\" srcset=\"https:\/\/olu-limburg.de\/wp-content\/uploads\/2023\/09\/IMG_20230819_162426_ergebnis.jpg 800w, https:\/\/olu-limburg.de\/wp-content\/uploads\/2023\/09\/IMG_20230819_162426_ergebnis-300x225.jpg 300w, https:\/\/olu-limburg.de\/wp-content\/uploads\/2023\/09\/IMG_20230819_162426_ergebnis-768x576.jpg 768w, https:\/\/olu-limburg.de\/wp-content\/uploads\/2023\/09\/IMG_20230819_162426_ergebnis-624x468.jpg 624w\" sizes=\"auto, (max-width: 800px) 100vw, 800px\" \/><\/a><\/p>\n<p><a href=\"https:\/\/olu-limburg.de\/wp-content\/uploads\/2023\/09\/IMG_20230819_162533_ergebnis.jpg\"><img loading=\"lazy\" decoding=\"async\" class=\"size-full wp-image-29648 aligncenter\" src=\"https:\/\/olu-limburg.de\/wp-content\/uploads\/2023\/09\/IMG_20230819_162533_ergebnis.jpg\" alt=\"\" width=\"800\" height=\"600\" srcset=\"https:\/\/olu-limburg.de\/wp-content\/uploads\/2023\/09\/IMG_20230819_162533_ergebnis.jpg 800w, https:\/\/olu-limburg.de\/wp-content\/uploads\/2023\/09\/IMG_20230819_162533_ergebnis-300x225.jpg 300w, https:\/\/olu-limburg.de\/wp-content\/uploads\/2023\/09\/IMG_20230819_162533_ergebnis-768x576.jpg 768w, https:\/\/olu-limburg.de\/wp-content\/uploads\/2023\/09\/IMG_20230819_162533_ergebnis-624x468.jpg 624w\" sizes=\"auto, (max-width: 800px) 100vw, 800px\" \/><\/a><\/p>\n<p><a href=\"https:\/\/olu-limburg.de\/wp-content\/uploads\/2023\/09\/IMG_20230819_163251_ergebnis-e1695809647969.jpg\"><img loading=\"lazy\" decoding=\"async\" class=\"size-full wp-image-29649 aligncenter\" src=\"https:\/\/olu-limburg.de\/wp-content\/uploads\/2023\/09\/IMG_20230819_163251_ergebnis-e1695809647969.jpg\" alt=\"\" width=\"450\" height=\"600\" \/><\/a><\/p>\n<p>Den Weg durch den Garten nutzen wir, um wieder etwas von dem Gedr\u00e4nge im Wohnhaus weg zu kommen.<\/p>\n<p><a href=\"https:\/\/olu-limburg.de\/wp-content\/uploads\/2023\/09\/IMG_20230819_164549_ergebnis-e1695809673166.jpg\"><img loading=\"lazy\" decoding=\"async\" class=\"size-full wp-image-29652 aligncenter\" src=\"https:\/\/olu-limburg.de\/wp-content\/uploads\/2023\/09\/IMG_20230819_164549_ergebnis-e1695809673166.jpg\" alt=\"\" width=\"450\" height=\"600\" \/><\/a><\/p>\n<p><a href=\"https:\/\/olu-limburg.de\/wp-content\/uploads\/2023\/09\/IMG_20230819_165011_ergebnis.jpg\"><img loading=\"lazy\" decoding=\"async\" class=\"size-full wp-image-29654 aligncenter\" src=\"https:\/\/olu-limburg.de\/wp-content\/uploads\/2023\/09\/IMG_20230819_165011_ergebnis.jpg\" alt=\"\" width=\"800\" height=\"600\" srcset=\"https:\/\/olu-limburg.de\/wp-content\/uploads\/2023\/09\/IMG_20230819_165011_ergebnis.jpg 800w, https:\/\/olu-limburg.de\/wp-content\/uploads\/2023\/09\/IMG_20230819_165011_ergebnis-300x225.jpg 300w, https:\/\/olu-limburg.de\/wp-content\/uploads\/2023\/09\/IMG_20230819_165011_ergebnis-768x576.jpg 768w, https:\/\/olu-limburg.de\/wp-content\/uploads\/2023\/09\/IMG_20230819_165011_ergebnis-624x468.jpg 624w\" sizes=\"auto, (max-width: 800px) 100vw, 800px\" \/><\/a><\/p>\n<p><a href=\"https:\/\/olu-limburg.de\/wp-content\/uploads\/2023\/09\/IMG_20230819_164919_ergebnis.jpg\"><img loading=\"lazy\" decoding=\"async\" class=\"size-full wp-image-29653 aligncenter\" src=\"https:\/\/olu-limburg.de\/wp-content\/uploads\/2023\/09\/IMG_20230819_164919_ergebnis.jpg\" alt=\"\" width=\"800\" height=\"600\" srcset=\"https:\/\/olu-limburg.de\/wp-content\/uploads\/2023\/09\/IMG_20230819_164919_ergebnis.jpg 800w, https:\/\/olu-limburg.de\/wp-content\/uploads\/2023\/09\/IMG_20230819_164919_ergebnis-300x225.jpg 300w, https:\/\/olu-limburg.de\/wp-content\/uploads\/2023\/09\/IMG_20230819_164919_ergebnis-768x576.jpg 768w, https:\/\/olu-limburg.de\/wp-content\/uploads\/2023\/09\/IMG_20230819_164919_ergebnis-624x468.jpg 624w\" sizes=\"auto, (max-width: 800px) 100vw, 800px\" \/><\/a><\/p>\n<p><a href=\"https:\/\/olu-limburg.de\/wp-content\/uploads\/2023\/10\/20230819_164652_ergebnis-e1697214218220.jpg\"><img loading=\"lazy\" decoding=\"async\" class=\"size-full wp-image-29846 aligncenter\" src=\"https:\/\/olu-limburg.de\/wp-content\/uploads\/2023\/10\/20230819_164652_ergebnis-e1697214218220.jpg\" alt=\"\" width=\"450\" height=\"600\" \/><\/a><\/p>\n<p>Durch eine Unterf\u00fchrung gelangen wir vom Garten zu dem Teich mit den Seerosen.<\/p>\n<p><a href=\"https:\/\/olu-limburg.de\/wp-content\/uploads\/2023\/10\/20230819_165228_ergebnis-e1697214354815.jpg\"><img loading=\"lazy\" decoding=\"async\" class=\"size-full wp-image-29848 alignleft\" src=\"https:\/\/olu-limburg.de\/wp-content\/uploads\/2023\/10\/20230819_165228_ergebnis-e1697214354815.jpg\" alt=\"\" width=\"450\" height=\"600\" \/><\/a><\/p>\n<p><a href=\"https:\/\/olu-limburg.de\/wp-content\/uploads\/2023\/10\/20230819_165338_ergebnis-e1697214374149.jpg\"><img loading=\"lazy\" decoding=\"async\" class=\"size-full wp-image-29849 alignright\" src=\"https:\/\/olu-limburg.de\/wp-content\/uploads\/2023\/10\/20230819_165338_ergebnis-e1697214374149.jpg\" alt=\"\" width=\"450\" height=\"600\" \/><\/a><\/p>\n<p><a href=\"https:\/\/olu-limburg.de\/wp-content\/uploads\/2023\/09\/IMG_20230819_165640_ergebnis.jpg\"><img loading=\"lazy\" decoding=\"async\" class=\"size-full wp-image-29656 aligncenter\" src=\"https:\/\/olu-limburg.de\/wp-content\/uploads\/2023\/09\/IMG_20230819_165640_ergebnis.jpg\" alt=\"\" width=\"800\" height=\"600\" srcset=\"https:\/\/olu-limburg.de\/wp-content\/uploads\/2023\/09\/IMG_20230819_165640_ergebnis.jpg 800w, https:\/\/olu-limburg.de\/wp-content\/uploads\/2023\/09\/IMG_20230819_165640_ergebnis-300x225.jpg 300w, https:\/\/olu-limburg.de\/wp-content\/uploads\/2023\/09\/IMG_20230819_165640_ergebnis-768x576.jpg 768w, https:\/\/olu-limburg.de\/wp-content\/uploads\/2023\/09\/IMG_20230819_165640_ergebnis-624x468.jpg 624w\" sizes=\"auto, (max-width: 800px) 100vw, 800px\" \/><\/a><\/p>\n<p><a href=\"https:\/\/olu-limburg.de\/wp-content\/uploads\/2023\/09\/IMG_20230819_165543_ergebnis.jpg\"><img loading=\"lazy\" decoding=\"async\" class=\"size-full wp-image-29655 aligncenter\" src=\"https:\/\/olu-limburg.de\/wp-content\/uploads\/2023\/09\/IMG_20230819_165543_ergebnis.jpg\" alt=\"\" width=\"800\" height=\"600\" srcset=\"https:\/\/olu-limburg.de\/wp-content\/uploads\/2023\/09\/IMG_20230819_165543_ergebnis.jpg 800w, https:\/\/olu-limburg.de\/wp-content\/uploads\/2023\/09\/IMG_20230819_165543_ergebnis-300x225.jpg 300w, https:\/\/olu-limburg.de\/wp-content\/uploads\/2023\/09\/IMG_20230819_165543_ergebnis-768x576.jpg 768w, https:\/\/olu-limburg.de\/wp-content\/uploads\/2023\/09\/IMG_20230819_165543_ergebnis-624x468.jpg 624w\" sizes=\"auto, (max-width: 800px) 100vw, 800px\" \/><\/a><\/p>\n<p><a href=\"https:\/\/olu-limburg.de\/wp-content\/uploads\/2023\/09\/P1110798_ergebnis.jpg\"><img loading=\"lazy\" decoding=\"async\" class=\"size-full wp-image-29661 aligncenter\" src=\"https:\/\/olu-limburg.de\/wp-content\/uploads\/2023\/09\/P1110798_ergebnis.jpg\" alt=\"\" width=\"800\" height=\"600\" srcset=\"https:\/\/olu-limburg.de\/wp-content\/uploads\/2023\/09\/P1110798_ergebnis.jpg 800w, https:\/\/olu-limburg.de\/wp-content\/uploads\/2023\/09\/P1110798_ergebnis-300x225.jpg 300w, https:\/\/olu-limburg.de\/wp-content\/uploads\/2023\/09\/P1110798_ergebnis-768x576.jpg 768w, https:\/\/olu-limburg.de\/wp-content\/uploads\/2023\/09\/P1110798_ergebnis-624x468.jpg 624w\" sizes=\"auto, (max-width: 800px) 100vw, 800px\" \/><\/a><\/p>\n<p><a href=\"https:\/\/olu-limburg.de\/wp-content\/uploads\/2023\/10\/20230819_165905_ergebnis-e1697214422836.jpg\"><img loading=\"lazy\" decoding=\"async\" class=\"size-full wp-image-29853 aligncenter\" src=\"https:\/\/olu-limburg.de\/wp-content\/uploads\/2023\/10\/20230819_165905_ergebnis-e1697214422836.jpg\" alt=\"\" width=\"450\" height=\"600\" \/><\/a><\/p>\n<p><a href=\"https:\/\/olu-limburg.de\/wp-content\/uploads\/2023\/09\/IMG_20230819_165744_ergebnis.jpg\"><img loading=\"lazy\" decoding=\"async\" class=\"size-full wp-image-29657 aligncenter\" src=\"https:\/\/olu-limburg.de\/wp-content\/uploads\/2023\/09\/IMG_20230819_165744_ergebnis.jpg\" alt=\"\" width=\"800\" height=\"600\" srcset=\"https:\/\/olu-limburg.de\/wp-content\/uploads\/2023\/09\/IMG_20230819_165744_ergebnis.jpg 800w, https:\/\/olu-limburg.de\/wp-content\/uploads\/2023\/09\/IMG_20230819_165744_ergebnis-300x225.jpg 300w, https:\/\/olu-limburg.de\/wp-content\/uploads\/2023\/09\/IMG_20230819_165744_ergebnis-768x576.jpg 768w, https:\/\/olu-limburg.de\/wp-content\/uploads\/2023\/09\/IMG_20230819_165744_ergebnis-624x468.jpg 624w\" sizes=\"auto, (max-width: 800px) 100vw, 800px\" \/><\/a><\/p>\n<p><a href=\"https:\/\/olu-limburg.de\/wp-content\/uploads\/2023\/10\/20230819_165627_ergebnis.jpg\"><img loading=\"lazy\" decoding=\"async\" class=\"size-full wp-image-29851 aligncenter\" src=\"https:\/\/olu-limburg.de\/wp-content\/uploads\/2023\/10\/20230819_165627_ergebnis.jpg\" alt=\"\" width=\"800\" height=\"600\" srcset=\"https:\/\/olu-limburg.de\/wp-content\/uploads\/2023\/10\/20230819_165627_ergebnis.jpg 800w, https:\/\/olu-limburg.de\/wp-content\/uploads\/2023\/10\/20230819_165627_ergebnis-300x225.jpg 300w, https:\/\/olu-limburg.de\/wp-content\/uploads\/2023\/10\/20230819_165627_ergebnis-768x576.jpg 768w, https:\/\/olu-limburg.de\/wp-content\/uploads\/2023\/10\/20230819_165627_ergebnis-624x468.jpg 624w\" sizes=\"auto, (max-width: 800px) 100vw, 800px\" \/><\/a><\/p>\n<p>Es ist alles wie in einem Traum &#8211; der angelegte Garten mit solch einer Blumenpracht und die Ruhe an dem Seerosenteich.<\/p>\n<div id=\"attachment_29659\" style=\"width: 460px\" class=\"wp-caption aligncenter\"><a href=\"https:\/\/olu-limburg.de\/wp-content\/uploads\/2023\/09\/IMG_20230819_172857_ergebnis-e1695809884363.jpg\"><img loading=\"lazy\" decoding=\"async\" aria-describedby=\"caption-attachment-29659\" class=\"wp-image-29659 size-full\" src=\"https:\/\/olu-limburg.de\/wp-content\/uploads\/2023\/09\/IMG_20230819_172857_ergebnis-e1695809884363.jpg\" alt=\"\" width=\"450\" height=\"600\" \/><\/a><p id=\"caption-attachment-29659\" class=\"wp-caption-text\">Monet-B\u00fcste im W\u00e4ldchen zwischen Parkplatz und Wassergarten<\/p><\/div>\n<p>Nach so vielen Stunden &#8222;qualmen&#8220; unsere F\u00fc\u00dfe ganz sch\u00f6n. Wir sind froh, wieder am Wohnmobil zu sein, und setzen uns in den Schatten.<\/p>\n<p>Tagesstrecke: 62 km<\/p>\n<p>&nbsp;<\/p>\n<p><strong>Sonntag, 20.08.2023<\/strong><\/p>\n<p><a href=\"https:\/\/olu-limburg.de\/wp-content\/uploads\/2023\/09\/IMG_20230820_102421_ergebnis.jpg\"><img loading=\"lazy\" decoding=\"async\" class=\"size-full wp-image-29668 aligncenter\" src=\"https:\/\/olu-limburg.de\/wp-content\/uploads\/2023\/09\/IMG_20230820_102421_ergebnis.jpg\" alt=\"\" width=\"800\" height=\"600\" srcset=\"https:\/\/olu-limburg.de\/wp-content\/uploads\/2023\/09\/IMG_20230820_102421_ergebnis.jpg 800w, https:\/\/olu-limburg.de\/wp-content\/uploads\/2023\/09\/IMG_20230820_102421_ergebnis-300x225.jpg 300w, https:\/\/olu-limburg.de\/wp-content\/uploads\/2023\/09\/IMG_20230820_102421_ergebnis-768x576.jpg 768w, https:\/\/olu-limburg.de\/wp-content\/uploads\/2023\/09\/IMG_20230820_102421_ergebnis-624x468.jpg 624w\" sizes=\"auto, (max-width: 800px) 100vw, 800px\" \/><\/a><\/p>\n<p>Heute wollen wir nach Evreux auf den Stellplatz. Vorher machen wir aber einen Zwischenstopp in Vernon an der Seine. Da ich bei der Einfahrt in einen Kreisel eine Burg bzw. ein Schlo\u00df an der Seine vor mir sehe. Ich drehe eine Runde und nutze den nahe gelegenen Parkplatz f\u00fcr den Stopp.<\/p>\n<p>Gegen\u00fcber der eigentlichen Stadt Vernon liegt diesseits der Seine das Ch\u00e2teau des Tourelles (erbaut Ende des 12. Jhdt.) und die Vieux-Moulin (alte M\u00fchle) de Vernon an der zerst\u00f6rten Seine-Br\u00fccke.<\/p>\n<p><a href=\"https:\/\/olu-limburg.de\/wp-content\/uploads\/2023\/09\/IMG_20230820_104911_ergebnis.jpg\"><img loading=\"lazy\" decoding=\"async\" class=\"size-full wp-image-29669 aligncenter\" src=\"https:\/\/olu-limburg.de\/wp-content\/uploads\/2023\/09\/IMG_20230820_104911_ergebnis.jpg\" alt=\"\" width=\"800\" height=\"600\" srcset=\"https:\/\/olu-limburg.de\/wp-content\/uploads\/2023\/09\/IMG_20230820_104911_ergebnis.jpg 800w, https:\/\/olu-limburg.de\/wp-content\/uploads\/2023\/09\/IMG_20230820_104911_ergebnis-300x225.jpg 300w, https:\/\/olu-limburg.de\/wp-content\/uploads\/2023\/09\/IMG_20230820_104911_ergebnis-768x576.jpg 768w, https:\/\/olu-limburg.de\/wp-content\/uploads\/2023\/09\/IMG_20230820_104911_ergebnis-624x468.jpg 624w\" sizes=\"auto, (max-width: 800px) 100vw, 800px\" \/><\/a><a href=\"https:\/\/olu-limburg.de\/wp-content\/uploads\/2023\/10\/20230820_105624_ergebnis.jpg\"><img loading=\"lazy\" decoding=\"async\" class=\"size-full wp-image-29855 aligncenter\" src=\"https:\/\/olu-limburg.de\/wp-content\/uploads\/2023\/10\/20230820_105624_ergebnis.jpg\" alt=\"\" width=\"800\" height=\"600\" srcset=\"https:\/\/olu-limburg.de\/wp-content\/uploads\/2023\/10\/20230820_105624_ergebnis.jpg 800w, https:\/\/olu-limburg.de\/wp-content\/uploads\/2023\/10\/20230820_105624_ergebnis-300x225.jpg 300w, https:\/\/olu-limburg.de\/wp-content\/uploads\/2023\/10\/20230820_105624_ergebnis-768x576.jpg 768w, https:\/\/olu-limburg.de\/wp-content\/uploads\/2023\/10\/20230820_105624_ergebnis-624x468.jpg 624w\" sizes=\"auto, (max-width: 800px) 100vw, 800px\" \/><\/a><\/p>\n<p><a href=\"https:\/\/olu-limburg.de\/wp-content\/uploads\/2023\/10\/20230820_110844_ergebnis-e1697214754552.jpg\"><img loading=\"lazy\" decoding=\"async\" class=\"size-full wp-image-29856 aligncenter\" src=\"https:\/\/olu-limburg.de\/wp-content\/uploads\/2023\/10\/20230820_110844_ergebnis-e1697214754552.jpg\" alt=\"\" width=\"450\" height=\"600\" \/><\/a><\/p>\n<p>In Evreux steuern wir direkt den Wohnmobil-Stellplatz mit V+E von &#8222;Camping Car Park&#8220; (Geb\u00fchr EUR 11,70\/24 Std. inkl. Strom) an. Da er nur 6 Stellpl\u00e4tze hat, habe ich die Belegung \u00fcber die App schon einige Tage beobachtet.<\/p>\n<p><a href=\"https:\/\/olu-limburg.de\/wp-content\/uploads\/2023\/09\/IMG_20230821_085641_ergebnis.jpg\"><img loading=\"lazy\" decoding=\"async\" class=\"size-full wp-image-29683 aligncenter\" src=\"https:\/\/olu-limburg.de\/wp-content\/uploads\/2023\/09\/IMG_20230821_085641_ergebnis.jpg\" alt=\"\" width=\"800\" height=\"600\" srcset=\"https:\/\/olu-limburg.de\/wp-content\/uploads\/2023\/09\/IMG_20230821_085641_ergebnis.jpg 800w, https:\/\/olu-limburg.de\/wp-content\/uploads\/2023\/09\/IMG_20230821_085641_ergebnis-300x225.jpg 300w, https:\/\/olu-limburg.de\/wp-content\/uploads\/2023\/09\/IMG_20230821_085641_ergebnis-768x576.jpg 768w, https:\/\/olu-limburg.de\/wp-content\/uploads\/2023\/09\/IMG_20230821_085641_ergebnis-624x468.jpg 624w\" sizes=\"auto, (max-width: 800px) 100vw, 800px\" \/><\/a><\/p>\n<p>Drau\u00dfen ist es wieder hei\u00df. Immer auf den Schattenseiten gehend eilen wir zu der nicht weit entfernten Innenstadt. Was uns fehlt, ist wieder mal ein Restaurant. Es ist einiges geschlossen, und ein Fisch-Restaurant etwas zu teuer. Schlie\u00dflich landen wir im &#8222;Bistro Italien&#8220;, wo wir in einem sch\u00f6n gestalteten Innenhof sitzen &#8211; und es schmeckt auch noch.<\/p>\n<p>Jetzt haben wir die n\u00f6tige Ruhe, um uns in der Stadt nach Sehensw\u00fcrdigkeiten und der g\u00e4rtnerischen Ausgestaltung umzusehen. Immerhin ist Evreux mit der H\u00f6chstwertung von vier Bl\u00fcmchen ausgezeichnet.<\/p>\n<p><a href=\"https:\/\/olu-limburg.de\/wp-content\/uploads\/2023\/10\/20230820_144229_ergebnis-e1697214706269.jpg\"><img loading=\"lazy\" decoding=\"async\" class=\"size-full wp-image-29859 aligncenter\" src=\"https:\/\/olu-limburg.de\/wp-content\/uploads\/2023\/10\/20230820_144229_ergebnis-e1697214706269.jpg\" alt=\"\" width=\"450\" height=\"600\" \/><\/a><\/p>\n<div id=\"attachment_29672\" style=\"width: 460px\" class=\"wp-caption alignleft\"><a href=\"https:\/\/olu-limburg.de\/wp-content\/uploads\/2023\/09\/IMG_20230820_145702_ergebnis-e1695828295224.jpg\"><img loading=\"lazy\" decoding=\"async\" aria-describedby=\"caption-attachment-29672\" class=\"wp-image-29672 size-full\" src=\"https:\/\/olu-limburg.de\/wp-content\/uploads\/2023\/09\/IMG_20230820_145702_ergebnis-e1695828295224.jpg\" alt=\"\" width=\"450\" height=\"600\" \/><\/a><p id=\"caption-attachment-29672\" class=\"wp-caption-text\">Blick durch das Tor des Tour d&#8217;Horloge zum Rathaus<\/p><\/div>\n<p><a href=\"https:\/\/olu-limburg.de\/wp-content\/uploads\/2023\/09\/IMG_20230820_145859_ergebnis-e1695828321774.jpg\"><img loading=\"lazy\" decoding=\"async\" class=\"size-full wp-image-29673 alignright\" src=\"https:\/\/olu-limburg.de\/wp-content\/uploads\/2023\/09\/IMG_20230820_145859_ergebnis-e1695828321774.jpg\" alt=\"\" width=\"450\" height=\"600\" \/><\/a><\/p>\n<div id=\"attachment_29674\" style=\"width: 460px\" class=\"wp-caption alignleft\"><a href=\"https:\/\/olu-limburg.de\/wp-content\/uploads\/2023\/09\/IMG_20230820_150029_ergebnis-e1695828345311.jpg\"><img loading=\"lazy\" decoding=\"async\" aria-describedby=\"caption-attachment-29674\" class=\"wp-image-29674 size-full\" src=\"https:\/\/olu-limburg.de\/wp-content\/uploads\/2023\/09\/IMG_20230820_150029_ergebnis-e1695828345311.jpg\" alt=\"\" width=\"450\" height=\"600\" \/><\/a><p id=\"caption-attachment-29674\" class=\"wp-caption-text\">Hotel de Ville<\/p><\/div>\n<div id=\"attachment_29675\" style=\"width: 460px\" class=\"wp-caption alignright\"><a href=\"https:\/\/olu-limburg.de\/wp-content\/uploads\/2023\/09\/IMG_20230820_150156_ergebnis-e1695828368520.jpg\"><img loading=\"lazy\" decoding=\"async\" aria-describedby=\"caption-attachment-29675\" class=\"wp-image-29675 size-full\" src=\"https:\/\/olu-limburg.de\/wp-content\/uploads\/2023\/09\/IMG_20230820_150156_ergebnis-e1695828368520.jpg\" alt=\"\" width=\"450\" height=\"600\" \/><\/a><p id=\"caption-attachment-29675\" class=\"wp-caption-text\">Tour d&#8217;Horloge<\/p><\/div>\n<p><a href=\"https:\/\/olu-limburg.de\/wp-content\/uploads\/2023\/09\/IMG_20230820_150247_ergebnis.jpg\"><img loading=\"lazy\" decoding=\"async\" class=\"size-full wp-image-29676 aligncenter\" src=\"https:\/\/olu-limburg.de\/wp-content\/uploads\/2023\/09\/IMG_20230820_150247_ergebnis.jpg\" alt=\"\" width=\"800\" height=\"600\" srcset=\"https:\/\/olu-limburg.de\/wp-content\/uploads\/2023\/09\/IMG_20230820_150247_ergebnis.jpg 800w, https:\/\/olu-limburg.de\/wp-content\/uploads\/2023\/09\/IMG_20230820_150247_ergebnis-300x225.jpg 300w, https:\/\/olu-limburg.de\/wp-content\/uploads\/2023\/09\/IMG_20230820_150247_ergebnis-768x576.jpg 768w, https:\/\/olu-limburg.de\/wp-content\/uploads\/2023\/09\/IMG_20230820_150247_ergebnis-624x468.jpg 624w\" sizes=\"auto, (max-width: 800px) 100vw, 800px\" \/><\/a><a href=\"https:\/\/olu-limburg.de\/wp-content\/uploads\/2023\/09\/IMG_20230820_150638_ergebnis-e1695828408481.jpg\"><img loading=\"lazy\" decoding=\"async\" class=\"size-full wp-image-29677 aligncenter\" src=\"https:\/\/olu-limburg.de\/wp-content\/uploads\/2023\/09\/IMG_20230820_150638_ergebnis-e1695828408481.jpg\" alt=\"\" width=\"450\" height=\"600\" \/><\/a><\/p>\n<div id=\"attachment_29682\" style=\"width: 460px\" class=\"wp-caption alignleft\"><a href=\"https:\/\/olu-limburg.de\/wp-content\/uploads\/2023\/09\/IMG_20230820_154257_ergebnis-e1695828441820.jpg\"><img loading=\"lazy\" decoding=\"async\" aria-describedby=\"caption-attachment-29682\" class=\"wp-image-29682 size-full\" src=\"https:\/\/olu-limburg.de\/wp-content\/uploads\/2023\/09\/IMG_20230820_154257_ergebnis-e1695828441820.jpg\" alt=\"\" width=\"450\" height=\"600\" \/><\/a><p id=\"caption-attachment-29682\" class=\"wp-caption-text\">Cathedrale Notre Dame de l&#8217;Assomption<\/p><\/div>\n<p><a href=\"https:\/\/olu-limburg.de\/wp-content\/uploads\/2023\/09\/IMG_20230820_152120_ergebnis-e1695828463543.jpg\"><img loading=\"lazy\" decoding=\"async\" class=\"size-full wp-image-29678 alignright\" src=\"https:\/\/olu-limburg.de\/wp-content\/uploads\/2023\/09\/IMG_20230820_152120_ergebnis-e1695828463543.jpg\" alt=\"\" width=\"450\" height=\"600\" \/><\/a><\/p>\n<p><a href=\"https:\/\/olu-limburg.de\/wp-content\/uploads\/2023\/09\/IMG_20230820_153041_ergebnis-e1695828487152.jpg\"><img loading=\"lazy\" decoding=\"async\" class=\"size-full wp-image-29679 alignleft\" src=\"https:\/\/olu-limburg.de\/wp-content\/uploads\/2023\/09\/IMG_20230820_153041_ergebnis-e1695828487152.jpg\" alt=\"\" width=\"450\" height=\"600\" \/><\/a><\/p>\n<div id=\"attachment_29680\" style=\"width: 460px\" class=\"wp-caption alignright\"><a href=\"https:\/\/olu-limburg.de\/wp-content\/uploads\/2023\/09\/IMG_20230820_153129_ergebnis-e1695828509191.jpg\"><img loading=\"lazy\" decoding=\"async\" aria-describedby=\"caption-attachment-29680\" class=\"wp-image-29680 size-full\" src=\"https:\/\/olu-limburg.de\/wp-content\/uploads\/2023\/09\/IMG_20230820_153129_ergebnis-e1695828509191.jpg\" alt=\"\" width=\"450\" height=\"600\" \/><\/a><p id=\"caption-attachment-29680\" class=\"wp-caption-text\">Orgel von Pascal Gouirin von 2006<\/p><\/div>\n<p><a href=\"https:\/\/olu-limburg.de\/wp-content\/uploads\/2023\/09\/IMG_20230820_154017_ergebnis-e1695828530576.jpg\"><img loading=\"lazy\" decoding=\"async\" class=\"size-full wp-image-29681 aligncenter\" src=\"https:\/\/olu-limburg.de\/wp-content\/uploads\/2023\/09\/IMG_20230820_154017_ergebnis-e1695828530576.jpg\" alt=\"\" width=\"450\" height=\"600\" \/><\/a><\/p>\n<p>Zur\u00fcck beim Wohnmobil suchen wir nur noch Schatten. An der hinteren Kopfseite des Stellplatzes finden wir noch einen Kr\u00e4utergarten, bei dem man sich bedienen kann. Toll!<\/p>\n<p>Tagesstrecke: 40 km<\/p>\n<p>&nbsp;<\/p>\n<p><strong>Montag, 21.08.2023<\/strong><\/p>\n<p>Am Morgen ist ein \u00e4lterer Herr mit dem PKW gekommen und hat den Kr\u00e4utergarten etwas sauber gemacht und gegossen. Ich finde das klasse.<\/p>\n<p><a href=\"https:\/\/olu-limburg.de\/wp-content\/uploads\/2023\/10\/IMG_20230821_104804_ergebnis.jpg\"><img loading=\"lazy\" decoding=\"async\" class=\"size-full wp-image-29686 aligncenter\" src=\"https:\/\/olu-limburg.de\/wp-content\/uploads\/2023\/10\/IMG_20230821_104804_ergebnis.jpg\" alt=\"\" width=\"800\" height=\"600\" srcset=\"https:\/\/olu-limburg.de\/wp-content\/uploads\/2023\/10\/IMG_20230821_104804_ergebnis.jpg 800w, https:\/\/olu-limburg.de\/wp-content\/uploads\/2023\/10\/IMG_20230821_104804_ergebnis-300x225.jpg 300w, https:\/\/olu-limburg.de\/wp-content\/uploads\/2023\/10\/IMG_20230821_104804_ergebnis-768x576.jpg 768w, https:\/\/olu-limburg.de\/wp-content\/uploads\/2023\/10\/IMG_20230821_104804_ergebnis-624x468.jpg 624w\" sizes=\"auto, (max-width: 800px) 100vw, 800px\" \/><\/a><\/p>\n<p>Bei der Weiterfahrt nach Westen wollen wir heute \u00fcber Bernay nach St.Aubin de Scellon zu der Ferme cidricole &#8222;La Charterie&#8220; (France-Passion) fahren. Auf der D613 kommen wir gut voran und finden zur Mittagszeit auch ein Routier-Restaurant mit Vorspeisenb\u00fcfett, Auswahl unter vier Hauptgerichten, K\u00e4se und Nachtisch (Men\u00fcpreis EUR 15,00).<\/p>\n<p><a href=\"https:\/\/olu-limburg.de\/wp-content\/uploads\/2023\/10\/IMG_20230821_120011_ergebnis.jpg\"><img loading=\"lazy\" decoding=\"async\" class=\"size-full wp-image-29687 aligncenter\" src=\"https:\/\/olu-limburg.de\/wp-content\/uploads\/2023\/10\/IMG_20230821_120011_ergebnis.jpg\" alt=\"\" width=\"800\" height=\"600\" srcset=\"https:\/\/olu-limburg.de\/wp-content\/uploads\/2023\/10\/IMG_20230821_120011_ergebnis.jpg 800w, https:\/\/olu-limburg.de\/wp-content\/uploads\/2023\/10\/IMG_20230821_120011_ergebnis-300x225.jpg 300w, https:\/\/olu-limburg.de\/wp-content\/uploads\/2023\/10\/IMG_20230821_120011_ergebnis-768x576.jpg 768w, https:\/\/olu-limburg.de\/wp-content\/uploads\/2023\/10\/IMG_20230821_120011_ergebnis-624x468.jpg 624w\" sizes=\"auto, (max-width: 800px) 100vw, 800px\" \/><\/a><\/p>\n<p>Die Bedienung empfiehlt mir bei der Bestellung Tripe Maison (Kutteln nach Art des Hauses) als typisches normannisches Gericht. Ich &#8222;darf&#8220; das Gericht sogar probieren.<\/p>\n<p><a href=\"https:\/\/olu-limburg.de\/wp-content\/uploads\/2023\/10\/20230821_115655_ergebnis-e1697215024371.jpg\"><img loading=\"lazy\" decoding=\"async\" class=\"size-full wp-image-29863 aligncenter\" src=\"https:\/\/olu-limburg.de\/wp-content\/uploads\/2023\/10\/20230821_115655_ergebnis-e1697215024371.jpg\" alt=\"\" width=\"450\" height=\"600\" \/><\/a><\/p>\n<p>F\u00fcrs Mittagessen entscheide ich mich dann aber lieber f\u00fcr einen kalten Braten, und Lena w\u00e4hlt einen gegrillten H\u00e4hnchenschenkel mit Beilagen.<\/p>\n<div id=\"attachment_29688\" style=\"width: 810px\" class=\"wp-caption aligncenter\"><a href=\"https:\/\/olu-limburg.de\/wp-content\/uploads\/2023\/10\/IMG_20230821_120514_ergebnis.jpg\"><img loading=\"lazy\" decoding=\"async\" aria-describedby=\"caption-attachment-29688\" class=\"wp-image-29688 size-full\" src=\"https:\/\/olu-limburg.de\/wp-content\/uploads\/2023\/10\/IMG_20230821_120514_ergebnis.jpg\" alt=\"\" width=\"800\" height=\"600\" srcset=\"https:\/\/olu-limburg.de\/wp-content\/uploads\/2023\/10\/IMG_20230821_120514_ergebnis.jpg 800w, https:\/\/olu-limburg.de\/wp-content\/uploads\/2023\/10\/IMG_20230821_120514_ergebnis-300x225.jpg 300w, https:\/\/olu-limburg.de\/wp-content\/uploads\/2023\/10\/IMG_20230821_120514_ergebnis-768x576.jpg 768w, https:\/\/olu-limburg.de\/wp-content\/uploads\/2023\/10\/IMG_20230821_120514_ergebnis-624x468.jpg 624w\" sizes=\"auto, (max-width: 800px) 100vw, 800px\" \/><\/a><p id=\"caption-attachment-29688\" class=\"wp-caption-text\">Vorspeisenteller<\/p><\/div>\n<div id=\"attachment_29689\" style=\"width: 810px\" class=\"wp-caption aligncenter\"><a href=\"https:\/\/olu-limburg.de\/wp-content\/uploads\/2023\/10\/IMG_20230821_122013_ergebnis.jpg\"><img loading=\"lazy\" decoding=\"async\" aria-describedby=\"caption-attachment-29689\" class=\"wp-image-29689 size-full\" src=\"https:\/\/olu-limburg.de\/wp-content\/uploads\/2023\/10\/IMG_20230821_122013_ergebnis.jpg\" alt=\"\" width=\"800\" height=\"600\" srcset=\"https:\/\/olu-limburg.de\/wp-content\/uploads\/2023\/10\/IMG_20230821_122013_ergebnis.jpg 800w, https:\/\/olu-limburg.de\/wp-content\/uploads\/2023\/10\/IMG_20230821_122013_ergebnis-300x225.jpg 300w, https:\/\/olu-limburg.de\/wp-content\/uploads\/2023\/10\/IMG_20230821_122013_ergebnis-768x576.jpg 768w, https:\/\/olu-limburg.de\/wp-content\/uploads\/2023\/10\/IMG_20230821_122013_ergebnis-624x468.jpg 624w\" sizes=\"auto, (max-width: 800px) 100vw, 800px\" \/><\/a><p id=\"caption-attachment-29689\" class=\"wp-caption-text\">Duo assiette froide Roti Boeuf\/Roti Porc (kalter Rinder- und Schweinebraten)<\/p><\/div>\n<div id=\"attachment_29864\" style=\"width: 810px\" class=\"wp-caption aligncenter\"><a href=\"https:\/\/olu-limburg.de\/wp-content\/uploads\/2023\/10\/20230821_121936_ergebnis-e1697215090545.jpg\"><img loading=\"lazy\" decoding=\"async\" aria-describedby=\"caption-attachment-29864\" class=\"wp-image-29864 size-full\" src=\"https:\/\/olu-limburg.de\/wp-content\/uploads\/2023\/10\/20230821_121936_ergebnis-e1697215090545.jpg\" alt=\"\" width=\"800\" height=\"600\" srcset=\"https:\/\/olu-limburg.de\/wp-content\/uploads\/2023\/10\/20230821_121936_ergebnis-e1697215090545.jpg 800w, https:\/\/olu-limburg.de\/wp-content\/uploads\/2023\/10\/20230821_121936_ergebnis-e1697215090545-300x225.jpg 300w, https:\/\/olu-limburg.de\/wp-content\/uploads\/2023\/10\/20230821_121936_ergebnis-e1697215090545-768x576.jpg 768w, https:\/\/olu-limburg.de\/wp-content\/uploads\/2023\/10\/20230821_121936_ergebnis-e1697215090545-624x468.jpg 624w\" sizes=\"auto, (max-width: 800px) 100vw, 800px\" \/><\/a><p id=\"caption-attachment-29864\" class=\"wp-caption-text\">gegrillter H\u00e4hnchenschenkel<\/p><\/div>\n<div id=\"attachment_29690\" style=\"width: 810px\" class=\"wp-caption aligncenter\"><a href=\"https:\/\/olu-limburg.de\/wp-content\/uploads\/2023\/10\/IMG_20230821_124950_ergebnis.jpg\"><img loading=\"lazy\" decoding=\"async\" aria-describedby=\"caption-attachment-29690\" class=\"wp-image-29690 size-full\" src=\"https:\/\/olu-limburg.de\/wp-content\/uploads\/2023\/10\/IMG_20230821_124950_ergebnis.jpg\" alt=\"\" width=\"800\" height=\"600\" srcset=\"https:\/\/olu-limburg.de\/wp-content\/uploads\/2023\/10\/IMG_20230821_124950_ergebnis.jpg 800w, https:\/\/olu-limburg.de\/wp-content\/uploads\/2023\/10\/IMG_20230821_124950_ergebnis-300x225.jpg 300w, https:\/\/olu-limburg.de\/wp-content\/uploads\/2023\/10\/IMG_20230821_124950_ergebnis-768x576.jpg 768w, https:\/\/olu-limburg.de\/wp-content\/uploads\/2023\/10\/IMG_20230821_124950_ergebnis-624x468.jpg 624w\" sizes=\"auto, (max-width: 800px) 100vw, 800px\" \/><\/a><p id=\"caption-attachment-29690\" class=\"wp-caption-text\">K\u00e4se nach Wahl<\/p><\/div>\n<div id=\"attachment_29691\" style=\"width: 810px\" class=\"wp-caption aligncenter\"><a href=\"https:\/\/olu-limburg.de\/wp-content\/uploads\/2023\/10\/IMG_20230821_125820_ergebnis.jpg\"><img loading=\"lazy\" decoding=\"async\" aria-describedby=\"caption-attachment-29691\" class=\"wp-image-29691 size-full\" src=\"https:\/\/olu-limburg.de\/wp-content\/uploads\/2023\/10\/IMG_20230821_125820_ergebnis.jpg\" alt=\"\" width=\"800\" height=\"600\" srcset=\"https:\/\/olu-limburg.de\/wp-content\/uploads\/2023\/10\/IMG_20230821_125820_ergebnis.jpg 800w, https:\/\/olu-limburg.de\/wp-content\/uploads\/2023\/10\/IMG_20230821_125820_ergebnis-300x225.jpg 300w, https:\/\/olu-limburg.de\/wp-content\/uploads\/2023\/10\/IMG_20230821_125820_ergebnis-768x576.jpg 768w, https:\/\/olu-limburg.de\/wp-content\/uploads\/2023\/10\/IMG_20230821_125820_ergebnis-624x468.jpg 624w\" sizes=\"auto, (max-width: 800px) 100vw, 800px\" \/><\/a><p id=\"caption-attachment-29691\" class=\"wp-caption-text\">Tarte aux pommes (Apfeltarte)<\/p><\/div>\n<p>Kurze Zeit sp\u00e4ter erreichen wir Bernay. Der Spaziergang durch die Altstadt zeigt uns &#8222;zwei Gesichter&#8220;, wie bei uns: Alte Sakralbauten, teilweise geschlossen, und H\u00e4user mit sch\u00f6nem normannischen Fachwerk. Und demgegen\u00fcber leerstehende H\u00e4user und Gesch\u00e4fte. Ansonsten litt Bernay in den verganenen Jahrhunderten unter andauernden Kriegen und Pestepidemien.<\/p>\n<p>Das m\u00e4chtigste Bauwerk sind die \u00dcberreste der ehem. Benediktiner-Abtei, die heute von der Stadt als Verwaltungsgeb\u00e4ude genutzt werden. Die romanische Abteikirche Notre Dame geh\u00f6rte zu dem Benediktinerkloster, welches von der Herzogin Judith de Bretagne 1013 gegr\u00fcndet wurde, und wurde Anfang des 11. Jhdt. fertiggestellt. Sie ist damit das \u00e4lteste romanische Bauwerk der Normandie.<\/p>\n<p><a href=\"https:\/\/olu-limburg.de\/wp-content\/uploads\/2023\/10\/IMG_20230821_153237_ergebnis.jpg\"><img loading=\"lazy\" decoding=\"async\" class=\"size-full wp-image-29693 aligncenter\" src=\"https:\/\/olu-limburg.de\/wp-content\/uploads\/2023\/10\/IMG_20230821_153237_ergebnis.jpg\" alt=\"\" width=\"800\" height=\"600\" srcset=\"https:\/\/olu-limburg.de\/wp-content\/uploads\/2023\/10\/IMG_20230821_153237_ergebnis.jpg 800w, https:\/\/olu-limburg.de\/wp-content\/uploads\/2023\/10\/IMG_20230821_153237_ergebnis-300x225.jpg 300w, https:\/\/olu-limburg.de\/wp-content\/uploads\/2023\/10\/IMG_20230821_153237_ergebnis-768x576.jpg 768w, https:\/\/olu-limburg.de\/wp-content\/uploads\/2023\/10\/IMG_20230821_153237_ergebnis-624x468.jpg 624w\" sizes=\"auto, (max-width: 800px) 100vw, 800px\" \/><\/a><\/p>\n<p><a href=\"https:\/\/olu-limburg.de\/wp-content\/uploads\/2023\/10\/IMG_20230821_153930_ergebnis.jpg\"><img loading=\"lazy\" decoding=\"async\" class=\"size-full wp-image-29696 aligncenter\" src=\"https:\/\/olu-limburg.de\/wp-content\/uploads\/2023\/10\/IMG_20230821_153930_ergebnis.jpg\" alt=\"\" width=\"800\" height=\"600\" srcset=\"https:\/\/olu-limburg.de\/wp-content\/uploads\/2023\/10\/IMG_20230821_153930_ergebnis.jpg 800w, https:\/\/olu-limburg.de\/wp-content\/uploads\/2023\/10\/IMG_20230821_153930_ergebnis-300x225.jpg 300w, https:\/\/olu-limburg.de\/wp-content\/uploads\/2023\/10\/IMG_20230821_153930_ergebnis-768x576.jpg 768w, https:\/\/olu-limburg.de\/wp-content\/uploads\/2023\/10\/IMG_20230821_153930_ergebnis-624x468.jpg 624w\" sizes=\"auto, (max-width: 800px) 100vw, 800px\" \/><\/a><\/p>\n<p>Leider gibt es nur wenige Zugangszeiten zur Besichtigung der Kirche, so bleibt uns nur das Schl\u00fcsselloch.<\/p>\n<p><a href=\"https:\/\/olu-limburg.de\/wp-content\/uploads\/2023\/10\/IMG_20230821_153809_ergebnis-e1696350785993.jpg\"><img loading=\"lazy\" decoding=\"async\" class=\"size-full wp-image-29695 aligncenter\" src=\"https:\/\/olu-limburg.de\/wp-content\/uploads\/2023\/10\/IMG_20230821_153809_ergebnis-e1696350785993.jpg\" alt=\"\" width=\"450\" height=\"600\" \/><\/a><\/p>\n<p>Die damalige Abtei hatte riesige Ausma\u00dfe. Nach der Zerst\u00f6rung in den Hugenottenkriegen \u00fcbernahmen Mauriner die \u00dcberreste und bauten das Kloster in kleinerem Ma\u00dfstab wieder auf.<\/p>\n<p><a href=\"https:\/\/olu-limburg.de\/wp-content\/uploads\/2023\/10\/IMG_20230821_155502_ergebnis-e1696350816975.jpg\"><img loading=\"lazy\" decoding=\"async\" class=\"size-full wp-image-29698 aligncenter\" src=\"https:\/\/olu-limburg.de\/wp-content\/uploads\/2023\/10\/IMG_20230821_155502_ergebnis-e1696350816975.jpg\" alt=\"\" width=\"450\" height=\"600\" \/><\/a><\/p>\n<div id=\"attachment_29697\" style=\"width: 810px\" class=\"wp-caption aligncenter\"><a href=\"https:\/\/olu-limburg.de\/wp-content\/uploads\/2023\/10\/IMG_20230821_154627_ergebnis.jpg\"><img loading=\"lazy\" decoding=\"async\" aria-describedby=\"caption-attachment-29697\" class=\"wp-image-29697 size-full\" src=\"https:\/\/olu-limburg.de\/wp-content\/uploads\/2023\/10\/IMG_20230821_154627_ergebnis.jpg\" alt=\"\" width=\"800\" height=\"600\" srcset=\"https:\/\/olu-limburg.de\/wp-content\/uploads\/2023\/10\/IMG_20230821_154627_ergebnis.jpg 800w, https:\/\/olu-limburg.de\/wp-content\/uploads\/2023\/10\/IMG_20230821_154627_ergebnis-300x225.jpg 300w, https:\/\/olu-limburg.de\/wp-content\/uploads\/2023\/10\/IMG_20230821_154627_ergebnis-768x576.jpg 768w, https:\/\/olu-limburg.de\/wp-content\/uploads\/2023\/10\/IMG_20230821_154627_ergebnis-624x468.jpg 624w\" sizes=\"auto, (max-width: 800px) 100vw, 800px\" \/><\/a><p id=\"caption-attachment-29697\" class=\"wp-caption-text\">Klostergarten<\/p><\/div>\n<p><a href=\"https:\/\/olu-limburg.de\/wp-content\/uploads\/2023\/10\/IMG_20230821_161300_ergebnis.jpg\"><img loading=\"lazy\" decoding=\"async\" class=\"size-full wp-image-29701 aligncenter\" src=\"https:\/\/olu-limburg.de\/wp-content\/uploads\/2023\/10\/IMG_20230821_161300_ergebnis.jpg\" alt=\"\" width=\"800\" height=\"600\" srcset=\"https:\/\/olu-limburg.de\/wp-content\/uploads\/2023\/10\/IMG_20230821_161300_ergebnis.jpg 800w, https:\/\/olu-limburg.de\/wp-content\/uploads\/2023\/10\/IMG_20230821_161300_ergebnis-300x225.jpg 300w, https:\/\/olu-limburg.de\/wp-content\/uploads\/2023\/10\/IMG_20230821_161300_ergebnis-768x576.jpg 768w, https:\/\/olu-limburg.de\/wp-content\/uploads\/2023\/10\/IMG_20230821_161300_ergebnis-624x468.jpg 624w\" sizes=\"auto, (max-width: 800px) 100vw, 800px\" \/><\/a><\/p>\n<p><a href=\"https:\/\/olu-limburg.de\/wp-content\/uploads\/2023\/10\/IMG_20230821_160822_ergebnis.jpg\"><img loading=\"lazy\" decoding=\"async\" class=\"size-full wp-image-29700 aligncenter\" src=\"https:\/\/olu-limburg.de\/wp-content\/uploads\/2023\/10\/IMG_20230821_160822_ergebnis.jpg\" alt=\"\" width=\"800\" height=\"600\" srcset=\"https:\/\/olu-limburg.de\/wp-content\/uploads\/2023\/10\/IMG_20230821_160822_ergebnis.jpg 800w, https:\/\/olu-limburg.de\/wp-content\/uploads\/2023\/10\/IMG_20230821_160822_ergebnis-300x225.jpg 300w, https:\/\/olu-limburg.de\/wp-content\/uploads\/2023\/10\/IMG_20230821_160822_ergebnis-768x576.jpg 768w, https:\/\/olu-limburg.de\/wp-content\/uploads\/2023\/10\/IMG_20230821_160822_ergebnis-624x468.jpg 624w\" sizes=\"auto, (max-width: 800px) 100vw, 800px\" \/><\/a><\/p>\n<p><a href=\"https:\/\/olu-limburg.de\/wp-content\/uploads\/2023\/10\/IMG_20230821_160659_ergebnis-e1696350888606.jpg\"><img loading=\"lazy\" decoding=\"async\" class=\"size-full wp-image-29699 aligncenter\" src=\"https:\/\/olu-limburg.de\/wp-content\/uploads\/2023\/10\/IMG_20230821_160659_ergebnis-e1696350888606.jpg\" alt=\"\" width=\"450\" height=\"600\" \/><\/a><\/p>\n<p><a href=\"https:\/\/olu-limburg.de\/wp-content\/uploads\/2023\/10\/20230821_161122_ergebnis-e1697215274789.jpg\"><img loading=\"lazy\" decoding=\"async\" class=\"size-full wp-image-29869 aligncenter\" src=\"https:\/\/olu-limburg.de\/wp-content\/uploads\/2023\/10\/20230821_161122_ergebnis-e1697215274789.jpg\" alt=\"\" width=\"450\" height=\"600\" \/><\/a><\/p>\n<p>Nun ist es nicht mehr weit bis zu unserem \u00dcbernachtungsplatz. Trotzdem ist es, wie immer bei France Passion, eine kleine Suchfahrt auf engen Wegen nach Saint-Aubin-de-Scellon. Ich freue mich schon auf Cidre und Calvados auf der Ferme &#8222;La Charterie&#8220; von Mr. Pascal Beaumesnil.<\/p>\n<p><a href=\"https:\/\/olu-limburg.de\/wp-content\/uploads\/2023\/10\/IMG_20230822_103610_ergebnis.jpg\"><img loading=\"lazy\" decoding=\"async\" class=\"alignnone size-full wp-image-29707\" src=\"https:\/\/olu-limburg.de\/wp-content\/uploads\/2023\/10\/IMG_20230822_103610_ergebnis.jpg\" alt=\"\" width=\"800\" height=\"600\" srcset=\"https:\/\/olu-limburg.de\/wp-content\/uploads\/2023\/10\/IMG_20230822_103610_ergebnis.jpg 800w, https:\/\/olu-limburg.de\/wp-content\/uploads\/2023\/10\/IMG_20230822_103610_ergebnis-300x225.jpg 300w, https:\/\/olu-limburg.de\/wp-content\/uploads\/2023\/10\/IMG_20230822_103610_ergebnis-768x576.jpg 768w, https:\/\/olu-limburg.de\/wp-content\/uploads\/2023\/10\/IMG_20230822_103610_ergebnis-624x468.jpg 624w\" sizes=\"auto, (max-width: 800px) 100vw, 800px\" \/><\/a><\/p>\n<p><a href=\"https:\/\/olu-limburg.de\/wp-content\/uploads\/2023\/10\/IMG_20230821_170758_ergebnis.jpg\"><img loading=\"lazy\" decoding=\"async\" class=\"size-full wp-image-29702 aligncenter\" src=\"https:\/\/olu-limburg.de\/wp-content\/uploads\/2023\/10\/IMG_20230821_170758_ergebnis.jpg\" alt=\"\" width=\"800\" height=\"600\" srcset=\"https:\/\/olu-limburg.de\/wp-content\/uploads\/2023\/10\/IMG_20230821_170758_ergebnis.jpg 800w, https:\/\/olu-limburg.de\/wp-content\/uploads\/2023\/10\/IMG_20230821_170758_ergebnis-300x225.jpg 300w, https:\/\/olu-limburg.de\/wp-content\/uploads\/2023\/10\/IMG_20230821_170758_ergebnis-768x576.jpg 768w, https:\/\/olu-limburg.de\/wp-content\/uploads\/2023\/10\/IMG_20230821_170758_ergebnis-624x468.jpg 624w\" sizes=\"auto, (max-width: 800px) 100vw, 800px\" \/><\/a><\/p>\n<p>Ein Blick auf unseren Nachbarn gef\u00e4llig?<\/p>\n<p><a href=\"https:\/\/olu-limburg.de\/wp-content\/uploads\/2023\/10\/IMG_20230821_171309_ergebnis-e1696350943604.jpg\"><img loading=\"lazy\" decoding=\"async\" class=\"size-full wp-image-29703 aligncenter\" src=\"https:\/\/olu-limburg.de\/wp-content\/uploads\/2023\/10\/IMG_20230821_171309_ergebnis-e1696350943604.jpg\" alt=\"\" width=\"450\" height=\"600\" \/><\/a><\/p>\n<p>Auf dem Grundst\u00fcck sind zahllose Reihen mit Apfelb\u00e4umen, die bis auf den Boden voller kleiner \u00c4pfel h\u00e4ngen.<\/p>\n<p><a href=\"https:\/\/olu-limburg.de\/wp-content\/uploads\/2023\/10\/20230821_170337_ergebnis.jpg\"><img loading=\"lazy\" decoding=\"async\" class=\"size-full wp-image-29871 aligncenter\" src=\"https:\/\/olu-limburg.de\/wp-content\/uploads\/2023\/10\/20230821_170337_ergebnis.jpg\" alt=\"\" width=\"800\" height=\"600\" srcset=\"https:\/\/olu-limburg.de\/wp-content\/uploads\/2023\/10\/20230821_170337_ergebnis.jpg 800w, https:\/\/olu-limburg.de\/wp-content\/uploads\/2023\/10\/20230821_170337_ergebnis-300x225.jpg 300w, https:\/\/olu-limburg.de\/wp-content\/uploads\/2023\/10\/20230821_170337_ergebnis-768x576.jpg 768w, https:\/\/olu-limburg.de\/wp-content\/uploads\/2023\/10\/20230821_170337_ergebnis-624x468.jpg 624w\" sizes=\"auto, (max-width: 800px) 100vw, 800px\" \/><\/a><\/p>\n<p><a href=\"https:\/\/olu-limburg.de\/wp-content\/uploads\/2023\/10\/20230822_102708_ergebnis-e1697215362439.jpg\"><img loading=\"lazy\" decoding=\"async\" class=\"size-full wp-image-29872 alignleft\" src=\"https:\/\/olu-limburg.de\/wp-content\/uploads\/2023\/10\/20230822_102708_ergebnis-e1697215362439.jpg\" alt=\"\" width=\"450\" height=\"600\" \/><\/a><\/p>\n<p><a href=\"https:\/\/olu-limburg.de\/wp-content\/uploads\/2023\/10\/IMG_20230822_101241_ergebnis-e1696350975285.jpg\"><img loading=\"lazy\" decoding=\"async\" class=\"size-full wp-image-29706 alignright\" src=\"https:\/\/olu-limburg.de\/wp-content\/uploads\/2023\/10\/IMG_20230822_101241_ergebnis-e1696350975285.jpg\" alt=\"\" width=\"450\" height=\"600\" \/><\/a><\/p>\n<p><a href=\"https:\/\/olu-limburg.de\/wp-content\/uploads\/2023\/10\/20230822_102947_ergebnis.jpg\"><img loading=\"lazy\" decoding=\"async\" class=\"size-full wp-image-29873 aligncenter\" src=\"https:\/\/olu-limburg.de\/wp-content\/uploads\/2023\/10\/20230822_102947_ergebnis.jpg\" alt=\"\" width=\"800\" height=\"600\" srcset=\"https:\/\/olu-limburg.de\/wp-content\/uploads\/2023\/10\/20230822_102947_ergebnis.jpg 800w, https:\/\/olu-limburg.de\/wp-content\/uploads\/2023\/10\/20230822_102947_ergebnis-300x225.jpg 300w, https:\/\/olu-limburg.de\/wp-content\/uploads\/2023\/10\/20230822_102947_ergebnis-768x576.jpg 768w, https:\/\/olu-limburg.de\/wp-content\/uploads\/2023\/10\/20230822_102947_ergebnis-624x468.jpg 624w\" sizes=\"auto, (max-width: 800px) 100vw, 800px\" \/><\/a><\/p>\n<p>Auch beim Cidre gibt es unterschiedliche Qualit\u00e4ten und Sorten, die aus einem Cuv\u00e9e verschiedener Apfelsorten hergestellt werden. Dabei werden nur bestimmte kleine Apfelsorten f\u00fcr den Cidre genutzt. Vor dem Einkauf habe ich viel probiert. Es schmeckte lecker.<\/p>\n<p><a href=\"https:\/\/olu-limburg.de\/wp-content\/uploads\/2023\/10\/IMG_20230821_175438_ergebnis.jpg\"><img loading=\"lazy\" decoding=\"async\" class=\"size-full wp-image-29704 aligncenter\" src=\"https:\/\/olu-limburg.de\/wp-content\/uploads\/2023\/10\/IMG_20230821_175438_ergebnis.jpg\" alt=\"\" width=\"800\" height=\"600\" srcset=\"https:\/\/olu-limburg.de\/wp-content\/uploads\/2023\/10\/IMG_20230821_175438_ergebnis.jpg 800w, https:\/\/olu-limburg.de\/wp-content\/uploads\/2023\/10\/IMG_20230821_175438_ergebnis-300x225.jpg 300w, https:\/\/olu-limburg.de\/wp-content\/uploads\/2023\/10\/IMG_20230821_175438_ergebnis-768x576.jpg 768w, https:\/\/olu-limburg.de\/wp-content\/uploads\/2023\/10\/IMG_20230821_175438_ergebnis-624x468.jpg 624w\" sizes=\"auto, (max-width: 800px) 100vw, 800px\" \/><\/a><\/p>\n<p>Wir sind ganz alleine auf der Wiese. Das Wohnhaus ist auf der anderen Seite des riesigen Grundst\u00fccks.<\/p>\n<p>Tagesstrecke: 63 km<\/p>\n<p>&nbsp;<\/p>\n<p><strong>Dienstag, 22.08.2023<\/strong><\/p>\n<p>Es war eine herrliche Nacht &#8211; kein Stra\u00dfenl\u00e4rm, nichts. Ausgeruht machen wir uns auf die Weiterreise ins Pays d&#8217;Auge, das im Hinterland der C\u00f4te Fleurie mit den Badeorten Cabourg, Deauville und Trouville etc. liegt. Dabei passieren wir in nur wenigen Kilometer Entfernung das kleine authentische D\u00f6rfchen Cambremer, das durch seine beschauliche Art Marcel Proust bei seinen Arbeiten zu\u00a0 &#8222;Im Schatten junger M\u00e4dchenbl\u00fcte&#8220; aus seinem Monumentalwerk &#8222;Auf der Suche nach der verlorenen Zeit&#8220; inspiriert hat. Wir fahren heute nur vorbei. Bei unserem n\u00e4chsten Besuch der Normandie steht es aber ganz fest auf unserem Plan.<\/p>\n<p>Unser heutiges Ziel ist Beuvron-en-Auge, vor wenigen Jahren als sch\u00f6nstes Dorf Frankreichs ausgezeichnet. Dass es so weit geschafft worden ist, bedurfte gro\u00dfer Anstrengungen und einen festen Zusammenhalt der Einwohner.<\/p>\n<p><a href=\"https:\/\/olu-limburg.de\/wp-content\/uploads\/2023\/10\/IMG_20230822_153528_ergebnis.jpg\"><img loading=\"lazy\" decoding=\"async\" class=\"size-full wp-image-29713 aligncenter\" src=\"https:\/\/olu-limburg.de\/wp-content\/uploads\/2023\/10\/IMG_20230822_153528_ergebnis.jpg\" alt=\"\" width=\"800\" height=\"600\" srcset=\"https:\/\/olu-limburg.de\/wp-content\/uploads\/2023\/10\/IMG_20230822_153528_ergebnis.jpg 800w, https:\/\/olu-limburg.de\/wp-content\/uploads\/2023\/10\/IMG_20230822_153528_ergebnis-300x225.jpg 300w, https:\/\/olu-limburg.de\/wp-content\/uploads\/2023\/10\/IMG_20230822_153528_ergebnis-768x576.jpg 768w, https:\/\/olu-limburg.de\/wp-content\/uploads\/2023\/10\/IMG_20230822_153528_ergebnis-624x468.jpg 624w\" sizes=\"auto, (max-width: 800px) 100vw, 800px\" \/><\/a><\/p>\n<p><a href=\"https:\/\/olu-limburg.de\/wp-content\/uploads\/2023\/10\/20230822_121344_ergebnis.jpg\"><img loading=\"lazy\" decoding=\"async\" class=\"size-full wp-image-29874 aligncenter\" src=\"https:\/\/olu-limburg.de\/wp-content\/uploads\/2023\/10\/20230822_121344_ergebnis.jpg\" alt=\"\" width=\"800\" height=\"600\" srcset=\"https:\/\/olu-limburg.de\/wp-content\/uploads\/2023\/10\/20230822_121344_ergebnis.jpg 800w, https:\/\/olu-limburg.de\/wp-content\/uploads\/2023\/10\/20230822_121344_ergebnis-300x225.jpg 300w, https:\/\/olu-limburg.de\/wp-content\/uploads\/2023\/10\/20230822_121344_ergebnis-768x576.jpg 768w, https:\/\/olu-limburg.de\/wp-content\/uploads\/2023\/10\/20230822_121344_ergebnis-624x468.jpg 624w\" sizes=\"auto, (max-width: 800px) 100vw, 800px\" \/><\/a><\/p>\n<p>Der Wohnmobil-Stellplatz liegt am Rande des Dorfes an dem alten aufgegebenen Bahnhof (Geb\u00fchr EUR 10,00 inkl. V+E). Bezahlt wird beim Keramiker, der sich mit anderen K\u00fcnstlern in dem gr\u00f6\u00dferen Geb\u00e4ude ca. 200 m voraus angesiedelt hat.<\/p>\n<p><a href=\"https:\/\/olu-limburg.de\/wp-content\/uploads\/2023\/10\/IMG_20230822_153707_ergebnis.jpg\"><img loading=\"lazy\" decoding=\"async\" class=\"size-full wp-image-29714 aligncenter\" src=\"https:\/\/olu-limburg.de\/wp-content\/uploads\/2023\/10\/IMG_20230822_153707_ergebnis.jpg\" alt=\"\" width=\"800\" height=\"600\" srcset=\"https:\/\/olu-limburg.de\/wp-content\/uploads\/2023\/10\/IMG_20230822_153707_ergebnis.jpg 800w, https:\/\/olu-limburg.de\/wp-content\/uploads\/2023\/10\/IMG_20230822_153707_ergebnis-300x225.jpg 300w, https:\/\/olu-limburg.de\/wp-content\/uploads\/2023\/10\/IMG_20230822_153707_ergebnis-768x576.jpg 768w, https:\/\/olu-limburg.de\/wp-content\/uploads\/2023\/10\/IMG_20230822_153707_ergebnis-624x468.jpg 624w\" sizes=\"auto, (max-width: 800px) 100vw, 800px\" \/><\/a><\/p>\n<p>Beuvron-en-Auge entstand im 12. Jahrhundert und kam im 14. Jhdt. in den Besitz des alten normannischen Adelsgeschlechtes der Herz\u00f6ge von Harcourt. Vom 16. bis 18. Jhdt. entwickelte sich das D\u00f6rfchen zu einem wichtigen Gerber- und Weberdorf. Doch danach ging die Entwicklung an Beuvron vorbei. Im Laufe des 20. Jhdt bis ins Jahr 1970 verringerte sich die Bev\u00f6lkerungszahl um die H\u00e4lfte, die Geb\u00e4ude verfielen. Mit viel Willenskraft haben die Verbliebenen die Sch\u00f6nheiten und den besonderen Charakter des Fachwerks ihrer H\u00e4user durch eine umfassende Restaurierung wieder hervor gezaubert. Und nun ist das Dorf tats\u00e4chlich ein touristischer Magnet geworden. Es wird dabei eingerahmt von zahlreichen Gest\u00fcten, die ihre Zuchtpferde auf die Rennen der zahllosen Galopprennbahnen an der Blumenk\u00fcste vorbereiten.<\/p>\n<p>Bei einem ausgiebigen nachmitt\u00e4glichen Spaziergang lassen wir die wundersch\u00f6nen Eindr\u00fccke auf uns wirken.<\/p>\n<p><a href=\"https:\/\/olu-limburg.de\/wp-content\/uploads\/2023\/10\/IMG_20230823_084033_ergebnis.jpg\"><img loading=\"lazy\" decoding=\"async\" class=\"size-full wp-image-29729 aligncenter\" src=\"https:\/\/olu-limburg.de\/wp-content\/uploads\/2023\/10\/IMG_20230823_084033_ergebnis.jpg\" alt=\"\" width=\"800\" height=\"600\" srcset=\"https:\/\/olu-limburg.de\/wp-content\/uploads\/2023\/10\/IMG_20230823_084033_ergebnis.jpg 800w, https:\/\/olu-limburg.de\/wp-content\/uploads\/2023\/10\/IMG_20230823_084033_ergebnis-300x225.jpg 300w, https:\/\/olu-limburg.de\/wp-content\/uploads\/2023\/10\/IMG_20230823_084033_ergebnis-768x576.jpg 768w, https:\/\/olu-limburg.de\/wp-content\/uploads\/2023\/10\/IMG_20230823_084033_ergebnis-624x468.jpg 624w\" sizes=\"auto, (max-width: 800px) 100vw, 800px\" \/><\/a><\/p>\n<p><a href=\"https:\/\/olu-limburg.de\/wp-content\/uploads\/2023\/10\/20230822_155420_ergebnis.jpg\"><img loading=\"lazy\" decoding=\"async\" class=\"size-full wp-image-29877 aligncenter\" src=\"https:\/\/olu-limburg.de\/wp-content\/uploads\/2023\/10\/20230822_155420_ergebnis.jpg\" alt=\"\" width=\"800\" height=\"600\" srcset=\"https:\/\/olu-limburg.de\/wp-content\/uploads\/2023\/10\/20230822_155420_ergebnis.jpg 800w, https:\/\/olu-limburg.de\/wp-content\/uploads\/2023\/10\/20230822_155420_ergebnis-300x225.jpg 300w, https:\/\/olu-limburg.de\/wp-content\/uploads\/2023\/10\/20230822_155420_ergebnis-768x576.jpg 768w, https:\/\/olu-limburg.de\/wp-content\/uploads\/2023\/10\/20230822_155420_ergebnis-624x468.jpg 624w\" sizes=\"auto, (max-width: 800px) 100vw, 800px\" \/><\/a><\/p>\n<p><a href=\"https:\/\/olu-limburg.de\/wp-content\/uploads\/2023\/10\/IMG_20230822_155411_ergebnis-e1696429074960.jpg\"><img loading=\"lazy\" decoding=\"async\" class=\"size-full wp-image-29715 aligncenter\" src=\"https:\/\/olu-limburg.de\/wp-content\/uploads\/2023\/10\/IMG_20230822_155411_ergebnis-e1696429074960.jpg\" alt=\"\" width=\"450\" height=\"600\" \/><\/a><\/p>\n<p><a href=\"https:\/\/olu-limburg.de\/wp-content\/uploads\/2023\/10\/IMG_20230822_155442_ergebnis.jpg\"><img loading=\"lazy\" decoding=\"async\" class=\"size-full wp-image-29716 aligncenter\" src=\"https:\/\/olu-limburg.de\/wp-content\/uploads\/2023\/10\/IMG_20230822_155442_ergebnis.jpg\" alt=\"\" width=\"800\" height=\"600\" srcset=\"https:\/\/olu-limburg.de\/wp-content\/uploads\/2023\/10\/IMG_20230822_155442_ergebnis.jpg 800w, https:\/\/olu-limburg.de\/wp-content\/uploads\/2023\/10\/IMG_20230822_155442_ergebnis-300x225.jpg 300w, https:\/\/olu-limburg.de\/wp-content\/uploads\/2023\/10\/IMG_20230822_155442_ergebnis-768x576.jpg 768w, https:\/\/olu-limburg.de\/wp-content\/uploads\/2023\/10\/IMG_20230822_155442_ergebnis-624x468.jpg 624w\" sizes=\"auto, (max-width: 800px) 100vw, 800px\" \/><\/a><\/p>\n<p><a href=\"https:\/\/olu-limburg.de\/wp-content\/uploads\/2023\/10\/IMG_20230822_155636_ergebnis.jpg\"><img loading=\"lazy\" decoding=\"async\" class=\"size-full wp-image-29717 aligncenter\" src=\"https:\/\/olu-limburg.de\/wp-content\/uploads\/2023\/10\/IMG_20230822_155636_ergebnis.jpg\" alt=\"\" width=\"800\" height=\"600\" srcset=\"https:\/\/olu-limburg.de\/wp-content\/uploads\/2023\/10\/IMG_20230822_155636_ergebnis.jpg 800w, https:\/\/olu-limburg.de\/wp-content\/uploads\/2023\/10\/IMG_20230822_155636_ergebnis-300x225.jpg 300w, https:\/\/olu-limburg.de\/wp-content\/uploads\/2023\/10\/IMG_20230822_155636_ergebnis-768x576.jpg 768w, https:\/\/olu-limburg.de\/wp-content\/uploads\/2023\/10\/IMG_20230822_155636_ergebnis-624x468.jpg 624w\" sizes=\"auto, (max-width: 800px) 100vw, 800px\" \/><\/a><\/p>\n<p><a href=\"https:\/\/olu-limburg.de\/wp-content\/uploads\/2023\/10\/IMG_20230822_163719_ergebnis-e1696429133114.jpg\"><img loading=\"lazy\" decoding=\"async\" class=\"size-full wp-image-29724 aligncenter\" src=\"https:\/\/olu-limburg.de\/wp-content\/uploads\/2023\/10\/IMG_20230822_163719_ergebnis-e1696429133114.jpg\" alt=\"\" width=\"450\" height=\"600\" \/><\/a><\/p>\n<p><a href=\"https:\/\/olu-limburg.de\/wp-content\/uploads\/2023\/10\/IMG_20230822_160718_ergebnis.jpg\"><img loading=\"lazy\" decoding=\"async\" class=\"size-full wp-image-29719 aligncenter\" src=\"https:\/\/olu-limburg.de\/wp-content\/uploads\/2023\/10\/IMG_20230822_160718_ergebnis.jpg\" alt=\"\" width=\"800\" height=\"600\" srcset=\"https:\/\/olu-limburg.de\/wp-content\/uploads\/2023\/10\/IMG_20230822_160718_ergebnis.jpg 800w, https:\/\/olu-limburg.de\/wp-content\/uploads\/2023\/10\/IMG_20230822_160718_ergebnis-300x225.jpg 300w, https:\/\/olu-limburg.de\/wp-content\/uploads\/2023\/10\/IMG_20230822_160718_ergebnis-768x576.jpg 768w, https:\/\/olu-limburg.de\/wp-content\/uploads\/2023\/10\/IMG_20230822_160718_ergebnis-624x468.jpg 624w\" sizes=\"auto, (max-width: 800px) 100vw, 800px\" \/><\/a><\/p>\n<p><a href=\"https:\/\/olu-limburg.de\/wp-content\/uploads\/2023\/10\/IMG_20230822_160921_ergebnis.jpg\"><img loading=\"lazy\" decoding=\"async\" class=\"size-full wp-image-29720 aligncenter\" src=\"https:\/\/olu-limburg.de\/wp-content\/uploads\/2023\/10\/IMG_20230822_160921_ergebnis.jpg\" alt=\"\" width=\"800\" height=\"600\" srcset=\"https:\/\/olu-limburg.de\/wp-content\/uploads\/2023\/10\/IMG_20230822_160921_ergebnis.jpg 800w, https:\/\/olu-limburg.de\/wp-content\/uploads\/2023\/10\/IMG_20230822_160921_ergebnis-300x225.jpg 300w, https:\/\/olu-limburg.de\/wp-content\/uploads\/2023\/10\/IMG_20230822_160921_ergebnis-768x576.jpg 768w, https:\/\/olu-limburg.de\/wp-content\/uploads\/2023\/10\/IMG_20230822_160921_ergebnis-624x468.jpg 624w\" sizes=\"auto, (max-width: 800px) 100vw, 800px\" \/><\/a><\/p>\n<p><a href=\"https:\/\/olu-limburg.de\/wp-content\/uploads\/2023\/10\/IMG_20230822_160311_ergebnis.jpg\"><img loading=\"lazy\" decoding=\"async\" class=\"size-full wp-image-29718 aligncenter\" src=\"https:\/\/olu-limburg.de\/wp-content\/uploads\/2023\/10\/IMG_20230822_160311_ergebnis.jpg\" alt=\"\" width=\"800\" height=\"600\" srcset=\"https:\/\/olu-limburg.de\/wp-content\/uploads\/2023\/10\/IMG_20230822_160311_ergebnis.jpg 800w, https:\/\/olu-limburg.de\/wp-content\/uploads\/2023\/10\/IMG_20230822_160311_ergebnis-300x225.jpg 300w, https:\/\/olu-limburg.de\/wp-content\/uploads\/2023\/10\/IMG_20230822_160311_ergebnis-768x576.jpg 768w, https:\/\/olu-limburg.de\/wp-content\/uploads\/2023\/10\/IMG_20230822_160311_ergebnis-624x468.jpg 624w\" sizes=\"auto, (max-width: 800px) 100vw, 800px\" \/><\/a><\/p>\n<p><a href=\"https:\/\/olu-limburg.de\/wp-content\/uploads\/2023\/10\/IMG_20230822_161031_ergebnis.jpg\"><img loading=\"lazy\" decoding=\"async\" class=\"size-full wp-image-29721 aligncenter\" src=\"https:\/\/olu-limburg.de\/wp-content\/uploads\/2023\/10\/IMG_20230822_161031_ergebnis.jpg\" alt=\"\" width=\"800\" height=\"600\" srcset=\"https:\/\/olu-limburg.de\/wp-content\/uploads\/2023\/10\/IMG_20230822_161031_ergebnis.jpg 800w, https:\/\/olu-limburg.de\/wp-content\/uploads\/2023\/10\/IMG_20230822_161031_ergebnis-300x225.jpg 300w, https:\/\/olu-limburg.de\/wp-content\/uploads\/2023\/10\/IMG_20230822_161031_ergebnis-768x576.jpg 768w, https:\/\/olu-limburg.de\/wp-content\/uploads\/2023\/10\/IMG_20230822_161031_ergebnis-624x468.jpg 624w\" sizes=\"auto, (max-width: 800px) 100vw, 800px\" \/><\/a><\/p>\n<p><a href=\"https:\/\/olu-limburg.de\/wp-content\/uploads\/2023\/10\/IMG_20230822_161443_ergebnis-e1696429204785.jpg\"><img loading=\"lazy\" decoding=\"async\" class=\"size-full wp-image-29723 alignleft\" src=\"https:\/\/olu-limburg.de\/wp-content\/uploads\/2023\/10\/IMG_20230822_161443_ergebnis-e1696429204785.jpg\" alt=\"\" width=\"450\" height=\"600\" \/><\/a><\/p>\n<p><a href=\"https:\/\/olu-limburg.de\/wp-content\/uploads\/2023\/10\/IMG_20230822_161422_ergebnis-e1696429224890.jpg\"><img loading=\"lazy\" decoding=\"async\" class=\"size-full wp-image-29722 alignright\" src=\"https:\/\/olu-limburg.de\/wp-content\/uploads\/2023\/10\/IMG_20230822_161422_ergebnis-e1696429224890.jpg\" alt=\"\" width=\"450\" height=\"600\" \/><\/a><\/p>\n<p><a href=\"https:\/\/olu-limburg.de\/wp-content\/uploads\/2023\/10\/IMG_20230823_084005_ergebnis.jpg\"><img loading=\"lazy\" decoding=\"async\" class=\"size-full wp-image-29728 aligncenter\" src=\"https:\/\/olu-limburg.de\/wp-content\/uploads\/2023\/10\/IMG_20230823_084005_ergebnis.jpg\" alt=\"\" width=\"800\" height=\"600\" srcset=\"https:\/\/olu-limburg.de\/wp-content\/uploads\/2023\/10\/IMG_20230823_084005_ergebnis.jpg 800w, https:\/\/olu-limburg.de\/wp-content\/uploads\/2023\/10\/IMG_20230823_084005_ergebnis-300x225.jpg 300w, https:\/\/olu-limburg.de\/wp-content\/uploads\/2023\/10\/IMG_20230823_084005_ergebnis-768x576.jpg 768w, https:\/\/olu-limburg.de\/wp-content\/uploads\/2023\/10\/IMG_20230823_084005_ergebnis-624x468.jpg 624w\" sizes=\"auto, (max-width: 800px) 100vw, 800px\" \/><\/a><\/p>\n<p><a href=\"https:\/\/olu-limburg.de\/wp-content\/uploads\/2023\/10\/IMG_20230822_164240_ergebnis-e1696429293375.jpg\"><img loading=\"lazy\" decoding=\"async\" class=\"size-full wp-image-29727 aligncenter\" src=\"https:\/\/olu-limburg.de\/wp-content\/uploads\/2023\/10\/IMG_20230822_164240_ergebnis-e1696429293375.jpg\" alt=\"\" width=\"450\" height=\"600\" \/><\/a><\/p>\n<p><a href=\"https:\/\/olu-limburg.de\/wp-content\/uploads\/2023\/10\/IMG_20230822_164210_ergebnis-e1696429316209.jpg\"><img loading=\"lazy\" decoding=\"async\" class=\"size-full wp-image-29726 aligncenter\" src=\"https:\/\/olu-limburg.de\/wp-content\/uploads\/2023\/10\/IMG_20230822_164210_ergebnis-e1696429316209.jpg\" alt=\"\" width=\"450\" height=\"600\" \/><\/a><\/p>\n<p><a href=\"https:\/\/olu-limburg.de\/wp-content\/uploads\/2023\/10\/20230822_164225_ergebnis.jpg\"><img loading=\"lazy\" decoding=\"async\" class=\"size-full wp-image-29880 aligncenter\" src=\"https:\/\/olu-limburg.de\/wp-content\/uploads\/2023\/10\/20230822_164225_ergebnis.jpg\" alt=\"\" width=\"800\" height=\"600\" srcset=\"https:\/\/olu-limburg.de\/wp-content\/uploads\/2023\/10\/20230822_164225_ergebnis.jpg 800w, https:\/\/olu-limburg.de\/wp-content\/uploads\/2023\/10\/20230822_164225_ergebnis-300x225.jpg 300w, https:\/\/olu-limburg.de\/wp-content\/uploads\/2023\/10\/20230822_164225_ergebnis-768x576.jpg 768w, https:\/\/olu-limburg.de\/wp-content\/uploads\/2023\/10\/20230822_164225_ergebnis-624x468.jpg 624w\" sizes=\"auto, (max-width: 800px) 100vw, 800px\" \/><\/a><\/p>\n<p>Es ist wirklich beindruckend, wie sich das Dorf nun entwickelt hat. Um den alten Ortskern herum haben sich wieder neue Familien angesiedelt und es gibt sogar Fremdenzimmer.<\/p>\n<p>Wir genie\u00dfen noch den Abend drau\u00dfen auf unserem schattigen Pl\u00e4tzchen bei Cidre und Galette complet mit Gurkensalat.<\/p>\n<p><a href=\"https:\/\/olu-limburg.de\/wp-content\/uploads\/2023\/10\/20230822_131519_ergebnis-e1697215936445.jpg\"><img loading=\"lazy\" decoding=\"async\" class=\"size-full wp-image-29875 aligncenter\" src=\"https:\/\/olu-limburg.de\/wp-content\/uploads\/2023\/10\/20230822_131519_ergebnis-e1697215936445.jpg\" alt=\"\" width=\"450\" height=\"600\" \/><\/a><\/p>\n<p><a href=\"https:\/\/olu-limburg.de\/wp-content\/uploads\/2023\/10\/20230822_132050_ergebnis.jpg\"><img loading=\"lazy\" decoding=\"async\" class=\"size-full wp-image-29876 aligncenter\" src=\"https:\/\/olu-limburg.de\/wp-content\/uploads\/2023\/10\/20230822_132050_ergebnis.jpg\" alt=\"\" width=\"800\" height=\"600\" srcset=\"https:\/\/olu-limburg.de\/wp-content\/uploads\/2023\/10\/20230822_132050_ergebnis.jpg 800w, https:\/\/olu-limburg.de\/wp-content\/uploads\/2023\/10\/20230822_132050_ergebnis-300x225.jpg 300w, https:\/\/olu-limburg.de\/wp-content\/uploads\/2023\/10\/20230822_132050_ergebnis-768x576.jpg 768w, https:\/\/olu-limburg.de\/wp-content\/uploads\/2023\/10\/20230822_132050_ergebnis-624x468.jpg 624w\" sizes=\"auto, (max-width: 800px) 100vw, 800px\" \/><\/a><\/p>\n<p>Tagesstrecke: 49 km<\/p>\n<p>&nbsp;<\/p>\n<p><strong>Mittwoch, 23.08.2023<\/strong><\/p>\n<p>\u00dcber Nacht hat es richtig abgek\u00fchlt und es sind selbst im Wohnmobil nur noch 14 Grad. W\u00e4hrend ich zum B\u00e4cker gehe, lasse ich das Wohnmobil etwas aufheizen. Lena freut sich, da es durch das Heizen sogar hei\u00dfes Wasser zum Waschen gibt.<\/p>\n<p>Nach dem Fr\u00fchst\u00fcck fahren wir an die K\u00fcste. Wir wollen unbedingt ans Wasser. In Dives-sur-Mer fahren wir zu dem kleinen kostenlosen Stellplatz mit V+E in der Rue de l&#8217;Avenir.<\/p>\n<p><a href=\"https:\/\/olu-limburg.de\/wp-content\/uploads\/2023\/10\/20230823_113423_ergebnis.jpg\"><img loading=\"lazy\" decoding=\"async\" class=\"size-full wp-image-29884 aligncenter\" src=\"https:\/\/olu-limburg.de\/wp-content\/uploads\/2023\/10\/20230823_113423_ergebnis.jpg\" alt=\"\" width=\"800\" height=\"600\" srcset=\"https:\/\/olu-limburg.de\/wp-content\/uploads\/2023\/10\/20230823_113423_ergebnis.jpg 800w, https:\/\/olu-limburg.de\/wp-content\/uploads\/2023\/10\/20230823_113423_ergebnis-300x225.jpg 300w, https:\/\/olu-limburg.de\/wp-content\/uploads\/2023\/10\/20230823_113423_ergebnis-768x576.jpg 768w, https:\/\/olu-limburg.de\/wp-content\/uploads\/2023\/10\/20230823_113423_ergebnis-624x468.jpg 624w\" sizes=\"auto, (max-width: 800px) 100vw, 800px\" \/><\/a><\/p>\n<p>Toll, der Zirkus Zavatta war vor uns da und steht auf dem gr\u00f6\u00dferen Ausweichplatz. Der eigentliche Stellplatz mit seinen 6 Pl\u00e4tzen ist ebenfalls voll belegt. So stellen wir uns zu den anderen &#8222;gestrandeten&#8220; Wohnmobilisten auf den davor liegenden runden Parkplatz. Der ist gar nicht so schlecht.<\/p>\n<div id=\"attachment_29731\" style=\"width: 810px\" class=\"wp-caption aligncenter\"><a href=\"https:\/\/olu-limburg.de\/wp-content\/uploads\/2023\/10\/P1110813_ergebnis.jpg\"><img loading=\"lazy\" decoding=\"async\" aria-describedby=\"caption-attachment-29731\" class=\"wp-image-29731 size-full\" src=\"https:\/\/olu-limburg.de\/wp-content\/uploads\/2023\/10\/P1110813_ergebnis.jpg\" alt=\"\" width=\"800\" height=\"600\" srcset=\"https:\/\/olu-limburg.de\/wp-content\/uploads\/2023\/10\/P1110813_ergebnis.jpg 800w, https:\/\/olu-limburg.de\/wp-content\/uploads\/2023\/10\/P1110813_ergebnis-300x225.jpg 300w, https:\/\/olu-limburg.de\/wp-content\/uploads\/2023\/10\/P1110813_ergebnis-768x576.jpg 768w, https:\/\/olu-limburg.de\/wp-content\/uploads\/2023\/10\/P1110813_ergebnis-624x468.jpg 624w\" sizes=\"auto, (max-width: 800px) 100vw, 800px\" \/><\/a><p id=\"caption-attachment-29731\" class=\"wp-caption-text\">unser \u00dcbernachtungsplatz<\/p><\/div>\n<p>Wir stehen gut und\u00a0 es hindert uns nichts daran, einen Spaziergang ins nahe Cabourg zu machen. Denn wir sind endlich am Meer und wollen Wasser sehen. Der Stellplatz befindet sich noch in Dives-sur-Mer und ist von Cabourg nur durch den Flu\u00dflauf der Dives getrennt.<\/p>\n<p><a href=\"https:\/\/olu-limburg.de\/wp-content\/uploads\/2023\/10\/IMG_20230823_114406_ergebnis.jpg\"><img loading=\"lazy\" decoding=\"async\" class=\"size-full wp-image-29735 aligncenter\" src=\"https:\/\/olu-limburg.de\/wp-content\/uploads\/2023\/10\/IMG_20230823_114406_ergebnis.jpg\" alt=\"\" width=\"800\" height=\"600\" srcset=\"https:\/\/olu-limburg.de\/wp-content\/uploads\/2023\/10\/IMG_20230823_114406_ergebnis.jpg 800w, https:\/\/olu-limburg.de\/wp-content\/uploads\/2023\/10\/IMG_20230823_114406_ergebnis-300x225.jpg 300w, https:\/\/olu-limburg.de\/wp-content\/uploads\/2023\/10\/IMG_20230823_114406_ergebnis-768x576.jpg 768w, https:\/\/olu-limburg.de\/wp-content\/uploads\/2023\/10\/IMG_20230823_114406_ergebnis-624x468.jpg 624w\" sizes=\"auto, (max-width: 800px) 100vw, 800px\" \/><\/a><\/p>\n<p>Cabourg war bis Mitte des 19. Jhdt. ein kleines Fischerdorf. Erst die Ideen einer Pariser Investorengesellschaft lie\u00dfen einen Badeort daraus entstehen. Anfang des 20. Jhdt. ersetzten das neue Casino und das Grand-Hotel die alten Holzbauten. Die neuen Bauten geh\u00f6ren mit zu den bedeutendsten Bauwerken von Badeorten der Belle \u00c9poque. In kurzer Zeit erlebte Cabourg einen st\u00e4ndigen Wandel. So auch die heutige Strandpromenade, die Flaniermeile der Sch\u00f6nen und Reichen der vorletzten Jahrhundertwende ist eigentlich 1887 von besorgten B\u00fcrgern als Schutzdeich errichtet worden.<\/p>\n<div id=\"attachment_29738\" style=\"width: 810px\" class=\"wp-caption aligncenter\"><a href=\"https:\/\/olu-limburg.de\/wp-content\/uploads\/2023\/10\/IMG_20230823_121010_ergebnis.jpg\"><img loading=\"lazy\" decoding=\"async\" aria-describedby=\"caption-attachment-29738\" class=\"wp-image-29738 size-full\" src=\"https:\/\/olu-limburg.de\/wp-content\/uploads\/2023\/10\/IMG_20230823_121010_ergebnis.jpg\" alt=\"\" width=\"800\" height=\"600\" srcset=\"https:\/\/olu-limburg.de\/wp-content\/uploads\/2023\/10\/IMG_20230823_121010_ergebnis.jpg 800w, https:\/\/olu-limburg.de\/wp-content\/uploads\/2023\/10\/IMG_20230823_121010_ergebnis-300x225.jpg 300w, https:\/\/olu-limburg.de\/wp-content\/uploads\/2023\/10\/IMG_20230823_121010_ergebnis-768x576.jpg 768w, https:\/\/olu-limburg.de\/wp-content\/uploads\/2023\/10\/IMG_20230823_121010_ergebnis-624x468.jpg 624w\" sizes=\"auto, (max-width: 800px) 100vw, 800px\" \/><\/a><p id=\"caption-attachment-29738\" class=\"wp-caption-text\">Grand-Hotel<\/p><\/div>\n<p>Der franz\u00f6sische Schriftsteller Marcel Proust hat hier ebenfalls seine Fu\u00dfspuren hinterlassen. Aufgrund seiner Asthmaerkrankung verbrachte er viele Sommer mit seiner Gro\u00dfmutter in Cabourg. Er selbst wohnte sp\u00e4ter von 1907 bis 1914 im Sommer im Grand-Hotel, und schrieb an seinem Lebenswerk &#8222;Auf der Suche nach der verlorenen Zeit&#8220;, in dem er die Eindr\u00fccke dieses Badeortes mit einarbeitete.<\/p>\n<p><a href=\"https:\/\/olu-limburg.de\/wp-content\/uploads\/2023\/10\/IMG_20230823_145706_ergebnis-e1696603805417.jpg\"><img loading=\"lazy\" decoding=\"async\" class=\"size-full wp-image-29739 aligncenter\" src=\"https:\/\/olu-limburg.de\/wp-content\/uploads\/2023\/10\/IMG_20230823_145706_ergebnis-e1696603805417.jpg\" alt=\"\" width=\"450\" height=\"600\" \/><\/a><\/p>\n<p>Wir lassen uns ebenfalls in den Bann der pomp\u00f6sen Villen und Prachtbauten ziehen, denn vom Meer ist noch nichts zu sehen. Einige Muschelsucher sind an der Wasserkante unterwegs und nutzen die Zeit kurz vor dem Einsetzen der Flut.<\/p>\n<p><a href=\"https:\/\/olu-limburg.de\/wp-content\/uploads\/2023\/10\/IMG_20230823_114806_ergebnis.jpg\"><img loading=\"lazy\" decoding=\"async\" class=\"size-full wp-image-29736 aligncenter\" src=\"https:\/\/olu-limburg.de\/wp-content\/uploads\/2023\/10\/IMG_20230823_114806_ergebnis.jpg\" alt=\"\" width=\"800\" height=\"600\" srcset=\"https:\/\/olu-limburg.de\/wp-content\/uploads\/2023\/10\/IMG_20230823_114806_ergebnis.jpg 800w, https:\/\/olu-limburg.de\/wp-content\/uploads\/2023\/10\/IMG_20230823_114806_ergebnis-300x225.jpg 300w, https:\/\/olu-limburg.de\/wp-content\/uploads\/2023\/10\/IMG_20230823_114806_ergebnis-768x576.jpg 768w, https:\/\/olu-limburg.de\/wp-content\/uploads\/2023\/10\/IMG_20230823_114806_ergebnis-624x468.jpg 624w\" sizes=\"auto, (max-width: 800px) 100vw, 800px\" \/><\/a><\/p>\n<p><a href=\"https:\/\/olu-limburg.de\/wp-content\/uploads\/2023\/10\/IMG_20230823_120119_ergebnis.jpg\"><img loading=\"lazy\" decoding=\"async\" class=\"size-full wp-image-29737 aligncenter\" src=\"https:\/\/olu-limburg.de\/wp-content\/uploads\/2023\/10\/IMG_20230823_120119_ergebnis.jpg\" alt=\"\" width=\"800\" height=\"600\" srcset=\"https:\/\/olu-limburg.de\/wp-content\/uploads\/2023\/10\/IMG_20230823_120119_ergebnis.jpg 800w, https:\/\/olu-limburg.de\/wp-content\/uploads\/2023\/10\/IMG_20230823_120119_ergebnis-300x225.jpg 300w, https:\/\/olu-limburg.de\/wp-content\/uploads\/2023\/10\/IMG_20230823_120119_ergebnis-768x576.jpg 768w, https:\/\/olu-limburg.de\/wp-content\/uploads\/2023\/10\/IMG_20230823_120119_ergebnis-624x468.jpg 624w\" sizes=\"auto, (max-width: 800px) 100vw, 800px\" \/><\/a><\/p>\n<p><a href=\"https:\/\/olu-limburg.de\/wp-content\/uploads\/2023\/10\/P1110815_ergebnis.jpg\"><img loading=\"lazy\" decoding=\"async\" class=\"size-full wp-image-29734 aligncenter\" src=\"https:\/\/olu-limburg.de\/wp-content\/uploads\/2023\/10\/P1110815_ergebnis.jpg\" alt=\"\" width=\"800\" height=\"600\" srcset=\"https:\/\/olu-limburg.de\/wp-content\/uploads\/2023\/10\/P1110815_ergebnis.jpg 800w, https:\/\/olu-limburg.de\/wp-content\/uploads\/2023\/10\/P1110815_ergebnis-300x225.jpg 300w, https:\/\/olu-limburg.de\/wp-content\/uploads\/2023\/10\/P1110815_ergebnis-768x576.jpg 768w, https:\/\/olu-limburg.de\/wp-content\/uploads\/2023\/10\/P1110815_ergebnis-624x468.jpg 624w\" sizes=\"auto, (max-width: 800px) 100vw, 800px\" \/><\/a><\/p>\n<div id=\"attachment_29740\" style=\"width: 810px\" class=\"wp-caption aligncenter\"><a href=\"https:\/\/olu-limburg.de\/wp-content\/uploads\/2023\/10\/IMG_20230823_150245_ergebnis.jpg\"><img loading=\"lazy\" decoding=\"async\" aria-describedby=\"caption-attachment-29740\" class=\"wp-image-29740 size-full\" src=\"https:\/\/olu-limburg.de\/wp-content\/uploads\/2023\/10\/IMG_20230823_150245_ergebnis.jpg\" alt=\"\" width=\"800\" height=\"600\" srcset=\"https:\/\/olu-limburg.de\/wp-content\/uploads\/2023\/10\/IMG_20230823_150245_ergebnis.jpg 800w, https:\/\/olu-limburg.de\/wp-content\/uploads\/2023\/10\/IMG_20230823_150245_ergebnis-300x225.jpg 300w, https:\/\/olu-limburg.de\/wp-content\/uploads\/2023\/10\/IMG_20230823_150245_ergebnis-768x576.jpg 768w, https:\/\/olu-limburg.de\/wp-content\/uploads\/2023\/10\/IMG_20230823_150245_ergebnis-624x468.jpg 624w\" sizes=\"auto, (max-width: 800px) 100vw, 800px\" \/><\/a><p id=\"caption-attachment-29740\" class=\"wp-caption-text\">R\u00fcckseite des Casino und des Grand-Hotel<\/p><\/div>\n<p>Wir finden in der belebten Fu\u00dfg\u00e4ngerzone ein Restaurant was uns gef\u00e4llt.<\/p>\n<p><a href=\"https:\/\/olu-limburg.de\/wp-content\/uploads\/2023\/10\/20230823_123836_ergebnis.jpg\"><img loading=\"lazy\" decoding=\"async\" class=\"size-full wp-image-29885 aligncenter\" src=\"https:\/\/olu-limburg.de\/wp-content\/uploads\/2023\/10\/20230823_123836_ergebnis.jpg\" alt=\"\" width=\"800\" height=\"600\" srcset=\"https:\/\/olu-limburg.de\/wp-content\/uploads\/2023\/10\/20230823_123836_ergebnis.jpg 800w, https:\/\/olu-limburg.de\/wp-content\/uploads\/2023\/10\/20230823_123836_ergebnis-300x225.jpg 300w, https:\/\/olu-limburg.de\/wp-content\/uploads\/2023\/10\/20230823_123836_ergebnis-768x576.jpg 768w, https:\/\/olu-limburg.de\/wp-content\/uploads\/2023\/10\/20230823_123836_ergebnis-624x468.jpg 624w\" sizes=\"auto, (max-width: 800px) 100vw, 800px\" \/><\/a><\/p>\n<div id=\"attachment_29886\" style=\"width: 810px\" class=\"wp-caption aligncenter\"><a href=\"https:\/\/olu-limburg.de\/wp-content\/uploads\/2023\/10\/20230823_132224_ergebnis.jpg\"><img loading=\"lazy\" decoding=\"async\" aria-describedby=\"caption-attachment-29886\" class=\"wp-image-29886 size-full\" src=\"https:\/\/olu-limburg.de\/wp-content\/uploads\/2023\/10\/20230823_132224_ergebnis.jpg\" alt=\"\" width=\"800\" height=\"600\" srcset=\"https:\/\/olu-limburg.de\/wp-content\/uploads\/2023\/10\/20230823_132224_ergebnis.jpg 800w, https:\/\/olu-limburg.de\/wp-content\/uploads\/2023\/10\/20230823_132224_ergebnis-300x225.jpg 300w, https:\/\/olu-limburg.de\/wp-content\/uploads\/2023\/10\/20230823_132224_ergebnis-768x576.jpg 768w, https:\/\/olu-limburg.de\/wp-content\/uploads\/2023\/10\/20230823_132224_ergebnis-624x468.jpg 624w\" sizes=\"auto, (max-width: 800px) 100vw, 800px\" \/><\/a><p id=\"caption-attachment-29886\" class=\"wp-caption-text\">Moules frittes<\/p><\/div>\n<div id=\"attachment_29887\" style=\"width: 810px\" class=\"wp-caption aligncenter\"><a href=\"https:\/\/olu-limburg.de\/wp-content\/uploads\/2023\/10\/20230823_141400_ergebnis.jpg\"><img loading=\"lazy\" decoding=\"async\" aria-describedby=\"caption-attachment-29887\" class=\"wp-image-29887 size-full\" src=\"https:\/\/olu-limburg.de\/wp-content\/uploads\/2023\/10\/20230823_141400_ergebnis.jpg\" alt=\"\" width=\"800\" height=\"600\" srcset=\"https:\/\/olu-limburg.de\/wp-content\/uploads\/2023\/10\/20230823_141400_ergebnis.jpg 800w, https:\/\/olu-limburg.de\/wp-content\/uploads\/2023\/10\/20230823_141400_ergebnis-300x225.jpg 300w, https:\/\/olu-limburg.de\/wp-content\/uploads\/2023\/10\/20230823_141400_ergebnis-768x576.jpg 768w, https:\/\/olu-limburg.de\/wp-content\/uploads\/2023\/10\/20230823_141400_ergebnis-624x468.jpg 624w\" sizes=\"auto, (max-width: 800px) 100vw, 800px\" \/><\/a><p id=\"caption-attachment-29887\" class=\"wp-caption-text\">Cr\u00e9me brul\u00e9e<\/p><\/div>\n<p><a href=\"https:\/\/olu-limburg.de\/wp-content\/uploads\/2023\/10\/20230823_150520_ergebnis.jpg\"><img loading=\"lazy\" decoding=\"async\" class=\"size-full wp-image-29888 aligncenter\" src=\"https:\/\/olu-limburg.de\/wp-content\/uploads\/2023\/10\/20230823_150520_ergebnis.jpg\" alt=\"\" width=\"800\" height=\"600\" srcset=\"https:\/\/olu-limburg.de\/wp-content\/uploads\/2023\/10\/20230823_150520_ergebnis.jpg 800w, https:\/\/olu-limburg.de\/wp-content\/uploads\/2023\/10\/20230823_150520_ergebnis-300x225.jpg 300w, https:\/\/olu-limburg.de\/wp-content\/uploads\/2023\/10\/20230823_150520_ergebnis-768x576.jpg 768w, https:\/\/olu-limburg.de\/wp-content\/uploads\/2023\/10\/20230823_150520_ergebnis-624x468.jpg 624w\" sizes=\"auto, (max-width: 800px) 100vw, 800px\" \/><\/a><\/p>\n<p>Beim R\u00fcckweg zum Wohnmobil ist die Flut schon kr\u00e4ftig zu Gange, und die Schwimmer haben den Strand erobert.<\/p>\n<p><a href=\"https:\/\/olu-limburg.de\/wp-content\/uploads\/2023\/10\/IMG_20230823_150827_ergebnis.jpg\"><img loading=\"lazy\" decoding=\"async\" class=\"size-full wp-image-29741 aligncenter\" src=\"https:\/\/olu-limburg.de\/wp-content\/uploads\/2023\/10\/IMG_20230823_150827_ergebnis.jpg\" alt=\"\" width=\"800\" height=\"600\" srcset=\"https:\/\/olu-limburg.de\/wp-content\/uploads\/2023\/10\/IMG_20230823_150827_ergebnis.jpg 800w, https:\/\/olu-limburg.de\/wp-content\/uploads\/2023\/10\/IMG_20230823_150827_ergebnis-300x225.jpg 300w, https:\/\/olu-limburg.de\/wp-content\/uploads\/2023\/10\/IMG_20230823_150827_ergebnis-768x576.jpg 768w, https:\/\/olu-limburg.de\/wp-content\/uploads\/2023\/10\/IMG_20230823_150827_ergebnis-624x468.jpg 624w\" sizes=\"auto, (max-width: 800px) 100vw, 800px\" \/><\/a><\/p>\n<p><a href=\"https:\/\/olu-limburg.de\/wp-content\/uploads\/2023\/10\/IMG_20230823_151243_ergebnis.jpg\"><img loading=\"lazy\" decoding=\"async\" class=\"size-full wp-image-29742 aligncenter\" src=\"https:\/\/olu-limburg.de\/wp-content\/uploads\/2023\/10\/IMG_20230823_151243_ergebnis.jpg\" alt=\"\" width=\"800\" height=\"600\" srcset=\"https:\/\/olu-limburg.de\/wp-content\/uploads\/2023\/10\/IMG_20230823_151243_ergebnis.jpg 800w, https:\/\/olu-limburg.de\/wp-content\/uploads\/2023\/10\/IMG_20230823_151243_ergebnis-300x225.jpg 300w, https:\/\/olu-limburg.de\/wp-content\/uploads\/2023\/10\/IMG_20230823_151243_ergebnis-768x576.jpg 768w, https:\/\/olu-limburg.de\/wp-content\/uploads\/2023\/10\/IMG_20230823_151243_ergebnis-624x468.jpg 624w\" sizes=\"auto, (max-width: 800px) 100vw, 800px\" \/><\/a><\/p>\n<p>Die Dives f\u00fchrt auch wieder Wasser und ein Wassersportler probiert seine neue Attraktion aus. Er versucht durch Wasserdruck \u00fcber der Wasseroberfl\u00e4che zu schweben.<\/p>\n<p><a href=\"https:\/\/olu-limburg.de\/wp-content\/uploads\/2023\/10\/IMG_20230823_154303_ergebnis.jpg\"><img loading=\"lazy\" decoding=\"async\" class=\"size-full wp-image-29743 aligncenter\" src=\"https:\/\/olu-limburg.de\/wp-content\/uploads\/2023\/10\/IMG_20230823_154303_ergebnis.jpg\" alt=\"\" width=\"800\" height=\"600\" srcset=\"https:\/\/olu-limburg.de\/wp-content\/uploads\/2023\/10\/IMG_20230823_154303_ergebnis.jpg 800w, https:\/\/olu-limburg.de\/wp-content\/uploads\/2023\/10\/IMG_20230823_154303_ergebnis-300x225.jpg 300w, https:\/\/olu-limburg.de\/wp-content\/uploads\/2023\/10\/IMG_20230823_154303_ergebnis-768x576.jpg 768w, https:\/\/olu-limburg.de\/wp-content\/uploads\/2023\/10\/IMG_20230823_154303_ergebnis-624x468.jpg 624w\" sizes=\"auto, (max-width: 800px) 100vw, 800px\" \/><\/a><\/p>\n<p><a href=\"https:\/\/olu-limburg.de\/wp-content\/uploads\/2023\/10\/IMG_20230823_154436_ergebnis.jpg\"><img loading=\"lazy\" decoding=\"async\" class=\"size-full wp-image-29744 aligncenter\" src=\"https:\/\/olu-limburg.de\/wp-content\/uploads\/2023\/10\/IMG_20230823_154436_ergebnis.jpg\" alt=\"\" width=\"800\" height=\"600\" srcset=\"https:\/\/olu-limburg.de\/wp-content\/uploads\/2023\/10\/IMG_20230823_154436_ergebnis.jpg 800w, https:\/\/olu-limburg.de\/wp-content\/uploads\/2023\/10\/IMG_20230823_154436_ergebnis-300x225.jpg 300w, https:\/\/olu-limburg.de\/wp-content\/uploads\/2023\/10\/IMG_20230823_154436_ergebnis-768x576.jpg 768w, https:\/\/olu-limburg.de\/wp-content\/uploads\/2023\/10\/IMG_20230823_154436_ergebnis-624x468.jpg 624w\" sizes=\"auto, (max-width: 800px) 100vw, 800px\" \/><\/a><\/p>\n<p><a href=\"https:\/\/olu-limburg.de\/wp-content\/uploads\/2023\/10\/IMG_20230823_193019_ergebnis-e1696604100172.jpg\"><img loading=\"lazy\" decoding=\"async\" class=\"size-full wp-image-29746 aligncenter\" src=\"https:\/\/olu-limburg.de\/wp-content\/uploads\/2023\/10\/IMG_20230823_193019_ergebnis-e1696604100172.jpg\" alt=\"\" width=\"450\" height=\"600\" \/><\/a><\/p>\n<p>Beim Wohnmobil halten wir noch etwas Mittagsruhe, die nur durch das Losfahren der Werbefahrzeuge des Zirkus, unter abspielen lauter Musik und schriller Ansagen, gest\u00f6rt wird.<\/p>\n<p><a href=\"https:\/\/olu-limburg.de\/wp-content\/uploads\/2023\/10\/IMG_20230823_192214_ergebnis.jpg\"><img loading=\"lazy\" decoding=\"async\" class=\"size-full wp-image-29745 aligncenter\" src=\"https:\/\/olu-limburg.de\/wp-content\/uploads\/2023\/10\/IMG_20230823_192214_ergebnis.jpg\" alt=\"\" width=\"800\" height=\"600\" srcset=\"https:\/\/olu-limburg.de\/wp-content\/uploads\/2023\/10\/IMG_20230823_192214_ergebnis.jpg 800w, https:\/\/olu-limburg.de\/wp-content\/uploads\/2023\/10\/IMG_20230823_192214_ergebnis-300x225.jpg 300w, https:\/\/olu-limburg.de\/wp-content\/uploads\/2023\/10\/IMG_20230823_192214_ergebnis-768x576.jpg 768w, https:\/\/olu-limburg.de\/wp-content\/uploads\/2023\/10\/IMG_20230823_192214_ergebnis-624x468.jpg 624w\" sizes=\"auto, (max-width: 800px) 100vw, 800px\" \/><\/a><\/p>\n<p>Gegen Abend zieht es uns nochmals ans Meer, damit wir auch auf unsere Schrittzahlen kommen. Dabei erleben wir einen wundersch\u00f6nen und mystischen Sonnenuntergang.<\/p>\n<p><a href=\"https:\/\/olu-limburg.de\/wp-content\/uploads\/2023\/10\/IMG_20230823_194455_ergebnis.jpg\"><img loading=\"lazy\" decoding=\"async\" class=\"size-full wp-image-29747 aligncenter\" src=\"https:\/\/olu-limburg.de\/wp-content\/uploads\/2023\/10\/IMG_20230823_194455_ergebnis.jpg\" alt=\"\" width=\"800\" height=\"600\" srcset=\"https:\/\/olu-limburg.de\/wp-content\/uploads\/2023\/10\/IMG_20230823_194455_ergebnis.jpg 800w, https:\/\/olu-limburg.de\/wp-content\/uploads\/2023\/10\/IMG_20230823_194455_ergebnis-300x225.jpg 300w, https:\/\/olu-limburg.de\/wp-content\/uploads\/2023\/10\/IMG_20230823_194455_ergebnis-768x576.jpg 768w, https:\/\/olu-limburg.de\/wp-content\/uploads\/2023\/10\/IMG_20230823_194455_ergebnis-624x468.jpg 624w\" sizes=\"auto, (max-width: 800px) 100vw, 800px\" \/><\/a><\/p>\n<p>Tagesstrecke: 16 km<\/p>\n<p>&nbsp;<\/p>\n<p><strong>Donnerstag, 24.08.2023<\/strong><\/p>\n<p>Gegen Morgen zieht ein kr\u00e4ftiges Gewitter mit Regen \u00fcber uns hinweg. Wir sind gut versorgt und fr\u00fchst\u00fccken in aller Ruhe. Unser Entschluss, noch hier zu bleiben, steht bereits fest.<\/p>\n<p>Drau\u00dfen ist noch alles grau, aber der Regen hat sich verzogen. Heute wollen wir zur Fischhalle in Dives-sur-Mer. Sie liegt noch hinter dem Port de Plaisance, kurz vor der M\u00fcndung der Dives ins Meer. Leider sind wir schon zu sp\u00e4t. Es ist nicht mehr viel an Fischen oder Krustentieren da. Au\u00dferdem sind die Fischer schon am Einpacken.<\/p>\n<div id=\"attachment_29750\" style=\"width: 810px\" class=\"wp-caption aligncenter\"><a href=\"https:\/\/olu-limburg.de\/wp-content\/uploads\/2023\/10\/IMG_20230824_122521_ergebnis.jpg\"><img loading=\"lazy\" decoding=\"async\" aria-describedby=\"caption-attachment-29750\" class=\"wp-image-29750 size-full\" src=\"https:\/\/olu-limburg.de\/wp-content\/uploads\/2023\/10\/IMG_20230824_122521_ergebnis.jpg\" alt=\"\" width=\"800\" height=\"600\" srcset=\"https:\/\/olu-limburg.de\/wp-content\/uploads\/2023\/10\/IMG_20230824_122521_ergebnis.jpg 800w, https:\/\/olu-limburg.de\/wp-content\/uploads\/2023\/10\/IMG_20230824_122521_ergebnis-300x225.jpg 300w, https:\/\/olu-limburg.de\/wp-content\/uploads\/2023\/10\/IMG_20230824_122521_ergebnis-768x576.jpg 768w, https:\/\/olu-limburg.de\/wp-content\/uploads\/2023\/10\/IMG_20230824_122521_ergebnis-624x468.jpg 624w\" sizes=\"auto, (max-width: 800px) 100vw, 800px\" \/><\/a><p id=\"caption-attachment-29750\" class=\"wp-caption-text\">Das Wasser der Dives ist schon wieder rausgelaufen.<\/p><\/div>\n<p>Wir gehen danach um den Port de Plaisance herum und halten uns im Restaurant &#8222;Le Viking&#8220; schadlos.<\/p>\n<div id=\"attachment_29751\" style=\"width: 810px\" class=\"wp-caption aligncenter\"><a href=\"https:\/\/olu-limburg.de\/wp-content\/uploads\/2023\/10\/IMG_20230824_123046_ergebnis.jpg\"><img loading=\"lazy\" decoding=\"async\" aria-describedby=\"caption-attachment-29751\" class=\"wp-image-29751 size-full\" src=\"https:\/\/olu-limburg.de\/wp-content\/uploads\/2023\/10\/IMG_20230824_123046_ergebnis.jpg\" alt=\"\" width=\"800\" height=\"600\" srcset=\"https:\/\/olu-limburg.de\/wp-content\/uploads\/2023\/10\/IMG_20230824_123046_ergebnis.jpg 800w, https:\/\/olu-limburg.de\/wp-content\/uploads\/2023\/10\/IMG_20230824_123046_ergebnis-300x225.jpg 300w, https:\/\/olu-limburg.de\/wp-content\/uploads\/2023\/10\/IMG_20230824_123046_ergebnis-768x576.jpg 768w, https:\/\/olu-limburg.de\/wp-content\/uploads\/2023\/10\/IMG_20230824_123046_ergebnis-624x468.jpg 624w\" sizes=\"auto, (max-width: 800px) 100vw, 800px\" \/><\/a><p id=\"caption-attachment-29751\" class=\"wp-caption-text\">An der Captainerie wird mit Bildern die Abreise von Wilhelm des Eroberers nach England erz\u00e4hlt.<\/p><\/div>\n<p><a href=\"https:\/\/olu-limburg.de\/wp-content\/uploads\/2023\/10\/IMG_20230824_123516_ergebnis.jpg\"><img loading=\"lazy\" decoding=\"async\" class=\"size-full wp-image-29752 aligncenter\" src=\"https:\/\/olu-limburg.de\/wp-content\/uploads\/2023\/10\/IMG_20230824_123516_ergebnis.jpg\" alt=\"\" width=\"800\" height=\"600\" srcset=\"https:\/\/olu-limburg.de\/wp-content\/uploads\/2023\/10\/IMG_20230824_123516_ergebnis.jpg 800w, https:\/\/olu-limburg.de\/wp-content\/uploads\/2023\/10\/IMG_20230824_123516_ergebnis-300x225.jpg 300w, https:\/\/olu-limburg.de\/wp-content\/uploads\/2023\/10\/IMG_20230824_123516_ergebnis-768x576.jpg 768w, https:\/\/olu-limburg.de\/wp-content\/uploads\/2023\/10\/IMG_20230824_123516_ergebnis-624x468.jpg 624w\" sizes=\"auto, (max-width: 800px) 100vw, 800px\" \/><\/a><\/p>\n<div id=\"attachment_29753\" style=\"width: 810px\" class=\"wp-caption aligncenter\"><a href=\"https:\/\/olu-limburg.de\/wp-content\/uploads\/2023\/10\/IMG_20230824_130453_ergebnis.jpg\"><img loading=\"lazy\" decoding=\"async\" aria-describedby=\"caption-attachment-29753\" class=\"wp-image-29753 size-full\" src=\"https:\/\/olu-limburg.de\/wp-content\/uploads\/2023\/10\/IMG_20230824_130453_ergebnis.jpg\" alt=\"\" width=\"800\" height=\"600\" srcset=\"https:\/\/olu-limburg.de\/wp-content\/uploads\/2023\/10\/IMG_20230824_130453_ergebnis.jpg 800w, https:\/\/olu-limburg.de\/wp-content\/uploads\/2023\/10\/IMG_20230824_130453_ergebnis-300x225.jpg 300w, https:\/\/olu-limburg.de\/wp-content\/uploads\/2023\/10\/IMG_20230824_130453_ergebnis-768x576.jpg 768w, https:\/\/olu-limburg.de\/wp-content\/uploads\/2023\/10\/IMG_20230824_130453_ergebnis-624x468.jpg 624w\" sizes=\"auto, (max-width: 800px) 100vw, 800px\" \/><\/a><p id=\"caption-attachment-29753\" class=\"wp-caption-text\">Fish and Chips<\/p><\/div>\n<div id=\"attachment_29754\" style=\"width: 810px\" class=\"wp-caption aligncenter\"><a href=\"https:\/\/olu-limburg.de\/wp-content\/uploads\/2023\/10\/IMG_20230824_130500_ergebnis.jpg\"><img loading=\"lazy\" decoding=\"async\" aria-describedby=\"caption-attachment-29754\" class=\"wp-image-29754 size-full\" src=\"https:\/\/olu-limburg.de\/wp-content\/uploads\/2023\/10\/IMG_20230824_130500_ergebnis.jpg\" alt=\"\" width=\"800\" height=\"600\" srcset=\"https:\/\/olu-limburg.de\/wp-content\/uploads\/2023\/10\/IMG_20230824_130500_ergebnis.jpg 800w, https:\/\/olu-limburg.de\/wp-content\/uploads\/2023\/10\/IMG_20230824_130500_ergebnis-300x225.jpg 300w, https:\/\/olu-limburg.de\/wp-content\/uploads\/2023\/10\/IMG_20230824_130500_ergebnis-768x576.jpg 768w, https:\/\/olu-limburg.de\/wp-content\/uploads\/2023\/10\/IMG_20230824_130500_ergebnis-624x468.jpg 624w\" sizes=\"auto, (max-width: 800px) 100vw, 800px\" \/><\/a><p id=\"caption-attachment-29754\" class=\"wp-caption-text\">Lachs auf einem Nudelbett und mediterranem Gem\u00fcse<\/p><\/div>\n<p>Am Nachmittag zieht es uns noch einmal an die Strandpromenade von Cabourg zum Meerschauen.<\/p>\n<p><a href=\"https:\/\/olu-limburg.de\/wp-content\/uploads\/2023\/10\/20230824_155250_ergebnis-e1697216658221.jpg\"><img loading=\"lazy\" decoding=\"async\" class=\"size-full wp-image-29889 aligncenter\" src=\"https:\/\/olu-limburg.de\/wp-content\/uploads\/2023\/10\/20230824_155250_ergebnis-e1697216658221.jpg\" alt=\"\" width=\"450\" height=\"616\" \/><\/a><\/p>\n<p><a href=\"https:\/\/olu-limburg.de\/wp-content\/uploads\/2023\/10\/IMG_20230824_180051_ergebnis-e1696605611413.jpg\"><img loading=\"lazy\" decoding=\"async\" class=\"size-full wp-image-29757 alignleft\" src=\"https:\/\/olu-limburg.de\/wp-content\/uploads\/2023\/10\/IMG_20230824_180051_ergebnis-e1696605611413.jpg\" alt=\"\" width=\"450\" height=\"600\" \/><\/a><\/p>\n<p><a href=\"https:\/\/olu-limburg.de\/wp-content\/uploads\/2023\/10\/IMG_20230824_175829_ergebnis-e1696605596672.jpg\"><img loading=\"lazy\" decoding=\"async\" class=\"size-full wp-image-29756 alignright\" src=\"https:\/\/olu-limburg.de\/wp-content\/uploads\/2023\/10\/IMG_20230824_175829_ergebnis-e1696605596672.jpg\" alt=\"\" width=\"450\" height=\"600\" \/><\/a><\/p>\n<p>&nbsp;<\/p>\n<p><a href=\"https:\/\/olu-limburg.de\/wp-content\/uploads\/2023\/10\/IMG_20230823_151055_ergebnis.jpg\"><img loading=\"lazy\" decoding=\"async\" class=\"size-full wp-image-29760 aligncenter\" src=\"https:\/\/olu-limburg.de\/wp-content\/uploads\/2023\/10\/IMG_20230823_151055_ergebnis.jpg\" alt=\"\" width=\"800\" height=\"600\" srcset=\"https:\/\/olu-limburg.de\/wp-content\/uploads\/2023\/10\/IMG_20230823_151055_ergebnis.jpg 800w, https:\/\/olu-limburg.de\/wp-content\/uploads\/2023\/10\/IMG_20230823_151055_ergebnis-300x225.jpg 300w, https:\/\/olu-limburg.de\/wp-content\/uploads\/2023\/10\/IMG_20230823_151055_ergebnis-768x576.jpg 768w, https:\/\/olu-limburg.de\/wp-content\/uploads\/2023\/10\/IMG_20230823_151055_ergebnis-624x468.jpg 624w\" sizes=\"auto, (max-width: 800px) 100vw, 800px\" \/><\/a><\/p>\n<p>Beim Heimgehen sehen wir, dass die rote Fahne am Strand aufgezogen wird, das zur\u00fcckgehende Wasser und die hohen Wellen sind zu gef\u00e4hrlich. Alle Schwimmer m\u00fcssen das Wasser verlassen. Au\u00dferdem warnt die lila Flagge vor Quallen.<\/p>\n<p>Tagesstrecke: 0 km<\/p>\n<p>&nbsp;<\/p>\n<p><strong>Freitag, 25.08.2023<\/strong><\/p>\n<p>Wir stehen immer noch in Dives-sur-Mer. Seit zwei Tagen ist solch ein gro\u00dfer Zustrom von Wohnmobilen zu beobachten, die hier herumkreiseln und wieder wegfahren m\u00fcssen, dass es \u00fcberhaupt keinen Sinn macht, sich jetzt einen neuen Stellplatz zu suchen.<\/p>\n<p>Zur Abwechslung ziehen wir heute mit einem Eimer und zwei Handrechen zum Meer um Coques, eine Muschelsorte, zu sammeln. Drau\u00dfen auf dem Wasser tummeln sich bei dem Wind die Kitesurfer, und am Strand hocken die Muschelsucher bei der Arbeit.<\/p>\n<p><a href=\"https:\/\/olu-limburg.de\/wp-content\/uploads\/2023\/10\/20230825_103325_ergebnis-e1697216730753.jpg\"><img loading=\"lazy\" decoding=\"async\" class=\"size-full wp-image-29890 aligncenter\" src=\"https:\/\/olu-limburg.de\/wp-content\/uploads\/2023\/10\/20230825_103325_ergebnis-e1697216730753.jpg\" alt=\"\" width=\"450\" height=\"600\" \/><\/a><\/p>\n<p><a href=\"https:\/\/olu-limburg.de\/wp-content\/uploads\/2023\/10\/IMG_20230825_113125_ergebnis.jpg\"><img loading=\"lazy\" decoding=\"async\" class=\"size-full wp-image-29766 aligncenter\" src=\"https:\/\/olu-limburg.de\/wp-content\/uploads\/2023\/10\/IMG_20230825_113125_ergebnis.jpg\" alt=\"\" width=\"800\" height=\"600\" srcset=\"https:\/\/olu-limburg.de\/wp-content\/uploads\/2023\/10\/IMG_20230825_113125_ergebnis.jpg 800w, https:\/\/olu-limburg.de\/wp-content\/uploads\/2023\/10\/IMG_20230825_113125_ergebnis-300x225.jpg 300w, https:\/\/olu-limburg.de\/wp-content\/uploads\/2023\/10\/IMG_20230825_113125_ergebnis-768x576.jpg 768w, https:\/\/olu-limburg.de\/wp-content\/uploads\/2023\/10\/IMG_20230825_113125_ergebnis-624x468.jpg 624w\" sizes=\"auto, (max-width: 800px) 100vw, 800px\" \/><\/a><\/p>\n<p>Bei Ebbe k\u00f6nnen wir wunderbar die obere Sandschicht ankratzen und schon sp\u00fcren wir den Widerstand der Coques, die sich in den Sand eingegraben haben. Ganz schnell haben wir einen gro\u00dfen Eimer voll gesammelt.<\/p>\n<p><a href=\"https:\/\/olu-limburg.de\/wp-content\/uploads\/2023\/10\/20230825_115740_ergebnis.jpg\"><img loading=\"lazy\" decoding=\"async\" class=\"size-full wp-image-29891 aligncenter\" src=\"https:\/\/olu-limburg.de\/wp-content\/uploads\/2023\/10\/20230825_115740_ergebnis.jpg\" alt=\"\" width=\"800\" height=\"600\" srcset=\"https:\/\/olu-limburg.de\/wp-content\/uploads\/2023\/10\/20230825_115740_ergebnis.jpg 800w, https:\/\/olu-limburg.de\/wp-content\/uploads\/2023\/10\/20230825_115740_ergebnis-300x225.jpg 300w, https:\/\/olu-limburg.de\/wp-content\/uploads\/2023\/10\/20230825_115740_ergebnis-768x576.jpg 768w, https:\/\/olu-limburg.de\/wp-content\/uploads\/2023\/10\/20230825_115740_ergebnis-624x468.jpg 624w\" sizes=\"auto, (max-width: 800px) 100vw, 800px\" \/><\/a><\/p>\n<p>Keine 1,5 Stunden sp\u00e4ter steht schon bei uns das Essen auf dem Tisch<\/p>\n<div id=\"attachment_29767\" style=\"width: 810px\" class=\"wp-caption aligncenter\"><a href=\"https:\/\/olu-limburg.de\/wp-content\/uploads\/2023\/10\/IMG_20230825_124954_ergebnis.jpg\"><img loading=\"lazy\" decoding=\"async\" aria-describedby=\"caption-attachment-29767\" class=\"wp-image-29767 size-full\" src=\"https:\/\/olu-limburg.de\/wp-content\/uploads\/2023\/10\/IMG_20230825_124954_ergebnis.jpg\" alt=\"\" width=\"800\" height=\"600\" srcset=\"https:\/\/olu-limburg.de\/wp-content\/uploads\/2023\/10\/IMG_20230825_124954_ergebnis.jpg 800w, https:\/\/olu-limburg.de\/wp-content\/uploads\/2023\/10\/IMG_20230825_124954_ergebnis-300x225.jpg 300w, https:\/\/olu-limburg.de\/wp-content\/uploads\/2023\/10\/IMG_20230825_124954_ergebnis-768x576.jpg 768w, https:\/\/olu-limburg.de\/wp-content\/uploads\/2023\/10\/IMG_20230825_124954_ergebnis-624x468.jpg 624w\" sizes=\"auto, (max-width: 800px) 100vw, 800px\" \/><\/a><p id=\"caption-attachment-29767\" class=\"wp-caption-text\">Vorspeise: Honigmelone in etwas Muscat de Rivesaltes mit Serranoschinken<\/p><\/div>\n<div id=\"attachment_29768\" style=\"width: 810px\" class=\"wp-caption aligncenter\"><a href=\"https:\/\/olu-limburg.de\/wp-content\/uploads\/2023\/10\/IMG_20230825_125724_ergebnis.jpg\"><img loading=\"lazy\" decoding=\"async\" aria-describedby=\"caption-attachment-29768\" class=\"wp-image-29768 size-full\" src=\"https:\/\/olu-limburg.de\/wp-content\/uploads\/2023\/10\/IMG_20230825_125724_ergebnis.jpg\" alt=\"\" width=\"800\" height=\"600\" srcset=\"https:\/\/olu-limburg.de\/wp-content\/uploads\/2023\/10\/IMG_20230825_125724_ergebnis.jpg 800w, https:\/\/olu-limburg.de\/wp-content\/uploads\/2023\/10\/IMG_20230825_125724_ergebnis-300x225.jpg 300w, https:\/\/olu-limburg.de\/wp-content\/uploads\/2023\/10\/IMG_20230825_125724_ergebnis-768x576.jpg 768w, https:\/\/olu-limburg.de\/wp-content\/uploads\/2023\/10\/IMG_20230825_125724_ergebnis-624x468.jpg 624w\" sizes=\"auto, (max-width: 800px) 100vw, 800px\" \/><\/a><p id=\"caption-attachment-29768\" class=\"wp-caption-text\">Hauptspeise: Spaghetti mit Coques<\/p><\/div>\n<p>Am Nachmittag machen wir uns mit Rucksack auf zum nahen LIDL. F\u00fcr den Heimweg entscheiden wir uns f\u00fcr den Weg durch Cabourg und an der Strandpromenade entlang. Dabei erfreuen wir uns an dem sch\u00f6nen Blumenschmuck bei der Mairie und an den Auslagen einer Patisserie.<\/p>\n<p><a href=\"https:\/\/olu-limburg.de\/wp-content\/uploads\/2023\/10\/IMG_20230825_163001_ergebnis-e1696866703747.jpg\"><img loading=\"lazy\" decoding=\"async\" class=\"size-full wp-image-29769 aligncenter\" src=\"https:\/\/olu-limburg.de\/wp-content\/uploads\/2023\/10\/IMG_20230825_163001_ergebnis-e1696866703747.jpg\" alt=\"\" width=\"450\" height=\"600\" \/><\/a><\/p>\n<p><a href=\"https:\/\/olu-limburg.de\/wp-content\/uploads\/2023\/10\/IMG_20230825_173639_ergebnis.jpg\"><img loading=\"lazy\" decoding=\"async\" class=\"size-full wp-image-29770 aligncenter\" src=\"https:\/\/olu-limburg.de\/wp-content\/uploads\/2023\/10\/IMG_20230825_173639_ergebnis.jpg\" alt=\"\" width=\"800\" height=\"600\" srcset=\"https:\/\/olu-limburg.de\/wp-content\/uploads\/2023\/10\/IMG_20230825_173639_ergebnis.jpg 800w, https:\/\/olu-limburg.de\/wp-content\/uploads\/2023\/10\/IMG_20230825_173639_ergebnis-300x225.jpg 300w, https:\/\/olu-limburg.de\/wp-content\/uploads\/2023\/10\/IMG_20230825_173639_ergebnis-768x576.jpg 768w, https:\/\/olu-limburg.de\/wp-content\/uploads\/2023\/10\/IMG_20230825_173639_ergebnis-624x468.jpg 624w\" sizes=\"auto, (max-width: 800px) 100vw, 800px\" \/><\/a><\/p>\n<p>F\u00fcr unser Abendessen machen wir uns noch die restlichen Coques mit einer Knoblauch-Senf-Vinaigrette an.<\/p>\n<p><a href=\"https:\/\/olu-limburg.de\/wp-content\/uploads\/2023\/10\/20230825_195645_ergebnis.jpg\"><img loading=\"lazy\" decoding=\"async\" class=\"size-full wp-image-29894 aligncenter\" src=\"https:\/\/olu-limburg.de\/wp-content\/uploads\/2023\/10\/20230825_195645_ergebnis.jpg\" alt=\"\" width=\"800\" height=\"600\" srcset=\"https:\/\/olu-limburg.de\/wp-content\/uploads\/2023\/10\/20230825_195645_ergebnis.jpg 800w, https:\/\/olu-limburg.de\/wp-content\/uploads\/2023\/10\/20230825_195645_ergebnis-300x225.jpg 300w, https:\/\/olu-limburg.de\/wp-content\/uploads\/2023\/10\/20230825_195645_ergebnis-768x576.jpg 768w, https:\/\/olu-limburg.de\/wp-content\/uploads\/2023\/10\/20230825_195645_ergebnis-624x468.jpg 624w\" sizes=\"auto, (max-width: 800px) 100vw, 800px\" \/><\/a><\/p>\n<p>Zusammen mit frischem Baghette und anschlie\u00dfendem K\u00e4se ist es ein &#8222;Gedicht&#8220;.<\/p>\n<p><a href=\"https:\/\/olu-limburg.de\/wp-content\/uploads\/2023\/10\/IMG_20230825_195942_ergebnis.jpg\"><img loading=\"lazy\" decoding=\"async\" class=\"size-full wp-image-29771 aligncenter\" src=\"https:\/\/olu-limburg.de\/wp-content\/uploads\/2023\/10\/IMG_20230825_195942_ergebnis.jpg\" alt=\"\" width=\"800\" height=\"600\" srcset=\"https:\/\/olu-limburg.de\/wp-content\/uploads\/2023\/10\/IMG_20230825_195942_ergebnis.jpg 800w, https:\/\/olu-limburg.de\/wp-content\/uploads\/2023\/10\/IMG_20230825_195942_ergebnis-300x225.jpg 300w, https:\/\/olu-limburg.de\/wp-content\/uploads\/2023\/10\/IMG_20230825_195942_ergebnis-768x576.jpg 768w, https:\/\/olu-limburg.de\/wp-content\/uploads\/2023\/10\/IMG_20230825_195942_ergebnis-624x468.jpg 624w\" sizes=\"auto, (max-width: 800px) 100vw, 800px\" \/><\/a><\/p>\n<p>Tagesstrecke: 0 km<\/p>\n<p>&nbsp;<\/p>\n<p><strong>Samstag, 26.08.2023<\/strong><\/p>\n<p><a href=\"https:\/\/olu-limburg.de\/wp-content\/uploads\/2023\/10\/IMG_20230826_104018_ergebnis.jpg\"><img loading=\"lazy\" decoding=\"async\" class=\"size-full wp-image-29773 aligncenter\" src=\"https:\/\/olu-limburg.de\/wp-content\/uploads\/2023\/10\/IMG_20230826_104018_ergebnis.jpg\" alt=\"\" width=\"800\" height=\"600\" srcset=\"https:\/\/olu-limburg.de\/wp-content\/uploads\/2023\/10\/IMG_20230826_104018_ergebnis.jpg 800w, https:\/\/olu-limburg.de\/wp-content\/uploads\/2023\/10\/IMG_20230826_104018_ergebnis-300x225.jpg 300w, https:\/\/olu-limburg.de\/wp-content\/uploads\/2023\/10\/IMG_20230826_104018_ergebnis-768x576.jpg 768w, https:\/\/olu-limburg.de\/wp-content\/uploads\/2023\/10\/IMG_20230826_104018_ergebnis-624x468.jpg 624w\" sizes=\"auto, (max-width: 800px) 100vw, 800px\" \/><\/a><\/p>\n<p>Wenn nicht die Werbekarawane des Zirkus losf\u00e4hrt, macht es das Gespann des Puppentheaters.<\/p>\n<p>Mittlerweile f\u00fchlen wir uns schon in Dives-sur-Mer wie Zuhause. Heute ist Markttag. Zum ersten Mal gehen wir direkt ins Zentrum von Dives. An dem Complex der Village d&#8217;Art beginnt in der Rue Gaston Manneville der gro\u00dfe Wochenmarkt. Auf uns \u00fcbt die Village d&#8217;Art eine enorme Anziehungskraft aus. K\u00fcnstler und Restaurants beleben die Innenh\u00f6fe, die sich aneinander reihen.<\/p>\n<p><a href=\"https:\/\/olu-limburg.de\/wp-content\/uploads\/2023\/10\/IMG_20230826_110954_ergebnis.jpg\"><img loading=\"lazy\" decoding=\"async\" class=\"size-full wp-image-29774 aligncenter\" src=\"https:\/\/olu-limburg.de\/wp-content\/uploads\/2023\/10\/IMG_20230826_110954_ergebnis.jpg\" alt=\"\" width=\"800\" height=\"600\" srcset=\"https:\/\/olu-limburg.de\/wp-content\/uploads\/2023\/10\/IMG_20230826_110954_ergebnis.jpg 800w, https:\/\/olu-limburg.de\/wp-content\/uploads\/2023\/10\/IMG_20230826_110954_ergebnis-300x225.jpg 300w, https:\/\/olu-limburg.de\/wp-content\/uploads\/2023\/10\/IMG_20230826_110954_ergebnis-768x576.jpg 768w, https:\/\/olu-limburg.de\/wp-content\/uploads\/2023\/10\/IMG_20230826_110954_ergebnis-624x468.jpg 624w\" sizes=\"auto, (max-width: 800px) 100vw, 800px\" \/><\/a><\/p>\n<p><a href=\"https:\/\/olu-limburg.de\/wp-content\/uploads\/2023\/10\/IMG_20230826_111256_ergebnis.jpg\"><img loading=\"lazy\" decoding=\"async\" class=\"size-full wp-image-29775 aligncenter\" src=\"https:\/\/olu-limburg.de\/wp-content\/uploads\/2023\/10\/IMG_20230826_111256_ergebnis.jpg\" alt=\"\" width=\"800\" height=\"600\" srcset=\"https:\/\/olu-limburg.de\/wp-content\/uploads\/2023\/10\/IMG_20230826_111256_ergebnis.jpg 800w, https:\/\/olu-limburg.de\/wp-content\/uploads\/2023\/10\/IMG_20230826_111256_ergebnis-300x225.jpg 300w, https:\/\/olu-limburg.de\/wp-content\/uploads\/2023\/10\/IMG_20230826_111256_ergebnis-768x576.jpg 768w, https:\/\/olu-limburg.de\/wp-content\/uploads\/2023\/10\/IMG_20230826_111256_ergebnis-624x468.jpg 624w\" sizes=\"auto, (max-width: 800px) 100vw, 800px\" \/><\/a><\/p>\n<p>Irgendwann nehmen wir den Seitenausgang und lassen uns entlang der Marktst\u00e4nde treiben, wobei die wuchtige katholische Kirche &#8222;Notre Dame de Dives&#8220; sehr auff\u00e4llig \u00fcber allem wacht.<\/p>\n<p><a href=\"https:\/\/olu-limburg.de\/wp-content\/uploads\/2023\/10\/IMG_20230826_114508_ergebnis.jpg\"><img loading=\"lazy\" decoding=\"async\" class=\"size-full wp-image-29778 aligncenter\" src=\"https:\/\/olu-limburg.de\/wp-content\/uploads\/2023\/10\/IMG_20230826_114508_ergebnis.jpg\" alt=\"\" width=\"800\" height=\"600\" srcset=\"https:\/\/olu-limburg.de\/wp-content\/uploads\/2023\/10\/IMG_20230826_114508_ergebnis.jpg 800w, https:\/\/olu-limburg.de\/wp-content\/uploads\/2023\/10\/IMG_20230826_114508_ergebnis-300x225.jpg 300w, https:\/\/olu-limburg.de\/wp-content\/uploads\/2023\/10\/IMG_20230826_114508_ergebnis-768x576.jpg 768w, https:\/\/olu-limburg.de\/wp-content\/uploads\/2023\/10\/IMG_20230826_114508_ergebnis-624x468.jpg 624w\" sizes=\"auto, (max-width: 800px) 100vw, 800px\" \/><\/a><\/p>\n<p><a href=\"https:\/\/olu-limburg.de\/wp-content\/uploads\/2023\/10\/20230826_121228_ergebnis.jpg\"><img loading=\"lazy\" decoding=\"async\" class=\"size-full wp-image-29904 aligncenter\" src=\"https:\/\/olu-limburg.de\/wp-content\/uploads\/2023\/10\/20230826_121228_ergebnis.jpg\" alt=\"\" width=\"800\" height=\"600\" srcset=\"https:\/\/olu-limburg.de\/wp-content\/uploads\/2023\/10\/20230826_121228_ergebnis.jpg 800w, https:\/\/olu-limburg.de\/wp-content\/uploads\/2023\/10\/20230826_121228_ergebnis-300x225.jpg 300w, https:\/\/olu-limburg.de\/wp-content\/uploads\/2023\/10\/20230826_121228_ergebnis-768x576.jpg 768w, https:\/\/olu-limburg.de\/wp-content\/uploads\/2023\/10\/20230826_121228_ergebnis-624x468.jpg 624w\" sizes=\"auto, (max-width: 800px) 100vw, 800px\" \/><\/a><\/p>\n<p><a href=\"https:\/\/olu-limburg.de\/wp-content\/uploads\/2023\/10\/20230826_115652_ergebnis.jpg\"><img loading=\"lazy\" decoding=\"async\" class=\"size-full wp-image-29902 aligncenter\" src=\"https:\/\/olu-limburg.de\/wp-content\/uploads\/2023\/10\/20230826_115652_ergebnis.jpg\" alt=\"\" width=\"800\" height=\"600\" srcset=\"https:\/\/olu-limburg.de\/wp-content\/uploads\/2023\/10\/20230826_115652_ergebnis.jpg 800w, https:\/\/olu-limburg.de\/wp-content\/uploads\/2023\/10\/20230826_115652_ergebnis-300x225.jpg 300w, https:\/\/olu-limburg.de\/wp-content\/uploads\/2023\/10\/20230826_115652_ergebnis-768x576.jpg 768w, https:\/\/olu-limburg.de\/wp-content\/uploads\/2023\/10\/20230826_115652_ergebnis-624x468.jpg 624w\" sizes=\"auto, (max-width: 800px) 100vw, 800px\" \/><\/a><\/p>\n<p><a href=\"https:\/\/olu-limburg.de\/wp-content\/uploads\/2023\/10\/IMG_20230826_113359_ergebnis-e1696869202325.jpg\"><img loading=\"lazy\" decoding=\"async\" class=\"size-full wp-image-29777 aligncenter\" src=\"https:\/\/olu-limburg.de\/wp-content\/uploads\/2023\/10\/IMG_20230826_113359_ergebnis-e1696869202325.jpg\" alt=\"\" width=\"450\" height=\"600\" \/><\/a><\/p>\n<p><a href=\"https:\/\/olu-limburg.de\/wp-content\/uploads\/2023\/10\/IMG_20230826_113120_ergebnis-e1696869222448.jpg\"><img loading=\"lazy\" decoding=\"async\" class=\"size-full wp-image-29776 alignleft\" src=\"https:\/\/olu-limburg.de\/wp-content\/uploads\/2023\/10\/IMG_20230826_113120_ergebnis-e1696869222448.jpg\" alt=\"\" width=\"450\" height=\"600\" \/><\/a><\/p>\n<p><a href=\"https:\/\/olu-limburg.de\/wp-content\/uploads\/2023\/10\/20230826_112931_ergebnis-e1697216998336.jpg\"><img loading=\"lazy\" decoding=\"async\" class=\"size-full wp-image-29896 alignright\" src=\"https:\/\/olu-limburg.de\/wp-content\/uploads\/2023\/10\/20230826_112931_ergebnis-e1697216998336.jpg\" alt=\"\" width=\"450\" height=\"600\" \/><\/a><\/p>\n<p><a href=\"https:\/\/olu-limburg.de\/wp-content\/uploads\/2023\/10\/IMG_20230826_115608_ergebnis.jpg\"><img loading=\"lazy\" decoding=\"async\" class=\"size-full wp-image-29782 aligncenter\" src=\"https:\/\/olu-limburg.de\/wp-content\/uploads\/2023\/10\/IMG_20230826_115608_ergebnis.jpg\" alt=\"\" width=\"800\" height=\"600\" srcset=\"https:\/\/olu-limburg.de\/wp-content\/uploads\/2023\/10\/IMG_20230826_115608_ergebnis.jpg 800w, https:\/\/olu-limburg.de\/wp-content\/uploads\/2023\/10\/IMG_20230826_115608_ergebnis-300x225.jpg 300w, https:\/\/olu-limburg.de\/wp-content\/uploads\/2023\/10\/IMG_20230826_115608_ergebnis-768x576.jpg 768w, https:\/\/olu-limburg.de\/wp-content\/uploads\/2023\/10\/IMG_20230826_115608_ergebnis-624x468.jpg 624w\" sizes=\"auto, (max-width: 800px) 100vw, 800px\" \/><\/a><\/p>\n<p>Der Markt zieht sich durch die vielen Gassen der Altstadt. Spezialit\u00e4ten der Region, oder auch aus dem Rest Frankreich, werden dekorativ angeboten.<\/p>\n<p><a href=\"https:\/\/olu-limburg.de\/wp-content\/uploads\/2023\/10\/IMG_20230826_114522_ergebnis-e1696869302570.jpg\"><img loading=\"lazy\" decoding=\"async\" class=\"size-full wp-image-29779 alignnone\" src=\"https:\/\/olu-limburg.de\/wp-content\/uploads\/2023\/10\/IMG_20230826_114522_ergebnis-e1696869302570.jpg\" alt=\"\" width=\"450\" height=\"600\" \/><\/a><\/p>\n<p><a href=\"https:\/\/olu-limburg.de\/wp-content\/uploads\/2023\/10\/IMG_20230826_115521_ergebnis-e1696869339695.jpg\"><img loading=\"lazy\" decoding=\"async\" class=\"size-full wp-image-29781 alignright\" src=\"https:\/\/olu-limburg.de\/wp-content\/uploads\/2023\/10\/IMG_20230826_115521_ergebnis-e1696869339695.jpg\" alt=\"\" width=\"450\" height=\"600\" \/><\/a><\/p>\n<p>&nbsp;<\/p>\n<div id=\"attachment_29780\" style=\"width: 810px\" class=\"wp-caption aligncenter\"><a href=\"https:\/\/olu-limburg.de\/wp-content\/uploads\/2023\/10\/IMG_20230826_115120_ergebnis.jpg\"><img loading=\"lazy\" decoding=\"async\" aria-describedby=\"caption-attachment-29780\" class=\"wp-image-29780 size-full\" src=\"https:\/\/olu-limburg.de\/wp-content\/uploads\/2023\/10\/IMG_20230826_115120_ergebnis.jpg\" alt=\"\" width=\"800\" height=\"600\" srcset=\"https:\/\/olu-limburg.de\/wp-content\/uploads\/2023\/10\/IMG_20230826_115120_ergebnis.jpg 800w, https:\/\/olu-limburg.de\/wp-content\/uploads\/2023\/10\/IMG_20230826_115120_ergebnis-300x225.jpg 300w, https:\/\/olu-limburg.de\/wp-content\/uploads\/2023\/10\/IMG_20230826_115120_ergebnis-768x576.jpg 768w, https:\/\/olu-limburg.de\/wp-content\/uploads\/2023\/10\/IMG_20230826_115120_ergebnis-624x468.jpg 624w\" sizes=\"auto, (max-width: 800px) 100vw, 800px\" \/><\/a><p id=\"caption-attachment-29780\" class=\"wp-caption-text\">der mittelalterliche Markt von Dives-sur-Mer<\/p><\/div>\n<div id=\"attachment_29899\" style=\"width: 460px\" class=\"wp-caption aligncenter\"><a href=\"https:\/\/olu-limburg.de\/wp-content\/uploads\/2023\/10\/20230826_115213_ergebnis-e1697271252541.jpg\"><img loading=\"lazy\" decoding=\"async\" aria-describedby=\"caption-attachment-29899\" class=\"wp-image-29899 size-full\" src=\"https:\/\/olu-limburg.de\/wp-content\/uploads\/2023\/10\/20230826_115213_ergebnis-e1697271252541.jpg\" alt=\"\" width=\"450\" height=\"600\" \/><\/a><p id=\"caption-attachment-29899\" class=\"wp-caption-text\">Riesenrollen der Boudin noir (Blutwurst)<\/p><\/div>\n<p><a href=\"https:\/\/olu-limburg.de\/wp-content\/uploads\/2023\/10\/20230826_120151_ergebnis.jpg\"><img loading=\"lazy\" decoding=\"async\" class=\"size-full wp-image-29903 aligncenter\" src=\"https:\/\/olu-limburg.de\/wp-content\/uploads\/2023\/10\/20230826_120151_ergebnis.jpg\" alt=\"\" width=\"800\" height=\"600\" srcset=\"https:\/\/olu-limburg.de\/wp-content\/uploads\/2023\/10\/20230826_120151_ergebnis.jpg 800w, https:\/\/olu-limburg.de\/wp-content\/uploads\/2023\/10\/20230826_120151_ergebnis-300x225.jpg 300w, https:\/\/olu-limburg.de\/wp-content\/uploads\/2023\/10\/20230826_120151_ergebnis-768x576.jpg 768w, https:\/\/olu-limburg.de\/wp-content\/uploads\/2023\/10\/20230826_120151_ergebnis-624x468.jpg 624w\" sizes=\"auto, (max-width: 800px) 100vw, 800px\" \/><\/a><\/p>\n<p><a href=\"https:\/\/olu-limburg.de\/wp-content\/uploads\/2023\/10\/IMG_20230826_115700_ergebnis-e1696869377118.jpg\"><img loading=\"lazy\" decoding=\"async\" class=\"size-full wp-image-29783 aligncenter\" src=\"https:\/\/olu-limburg.de\/wp-content\/uploads\/2023\/10\/IMG_20230826_115700_ergebnis-e1696869377118.jpg\" alt=\"\" width=\"450\" height=\"600\" \/><\/a><\/p>\n<p>Ich h\u00e4tte nie gedacht, dass sich in dem Keller dieses verschachtelten Baus sich die Cave de l&#8217;Abbaye befindet. Und sie ist nicht nur eine Weinhandlung, sondern hat auch wunderbare Spirituosen.<\/p>\n<p><a href=\"https:\/\/olu-limburg.de\/wp-content\/uploads\/2023\/10\/IMG_20230826_120452_ergebnis-e1696869413833.jpg\"><img loading=\"lazy\" decoding=\"async\" class=\"size-full wp-image-29784 aligncenter\" src=\"https:\/\/olu-limburg.de\/wp-content\/uploads\/2023\/10\/IMG_20230826_120452_ergebnis-e1696869413833.jpg\" alt=\"\" width=\"450\" height=\"600\" \/><\/a><\/p>\n<p><a href=\"https:\/\/olu-limburg.de\/wp-content\/uploads\/2023\/10\/IMG_20230826_120807_ergebnis.jpg\"><img loading=\"lazy\" decoding=\"async\" class=\"size-full wp-image-29794 aligncenter\" src=\"https:\/\/olu-limburg.de\/wp-content\/uploads\/2023\/10\/IMG_20230826_120807_ergebnis.jpg\" alt=\"\" width=\"800\" height=\"600\" srcset=\"https:\/\/olu-limburg.de\/wp-content\/uploads\/2023\/10\/IMG_20230826_120807_ergebnis.jpg 800w, https:\/\/olu-limburg.de\/wp-content\/uploads\/2023\/10\/IMG_20230826_120807_ergebnis-300x225.jpg 300w, https:\/\/olu-limburg.de\/wp-content\/uploads\/2023\/10\/IMG_20230826_120807_ergebnis-768x576.jpg 768w, https:\/\/olu-limburg.de\/wp-content\/uploads\/2023\/10\/IMG_20230826_120807_ergebnis-624x468.jpg 624w\" sizes=\"auto, (max-width: 800px) 100vw, 800px\" \/><\/a><\/p>\n<p>Meine Wahl f\u00e4llt auf einen &#8222;Celtic Whisky Blend&#8220;, einen Whisky Breton.<\/p>\n<p><a href=\"https:\/\/olu-limburg.de\/wp-content\/uploads\/2023\/10\/20230826_121746_ergebnis-e1697217061235.jpg\"><img loading=\"lazy\" decoding=\"async\" class=\"size-full wp-image-29906 alignleft\" src=\"https:\/\/olu-limburg.de\/wp-content\/uploads\/2023\/10\/20230826_121746_ergebnis-e1697217061235.jpg\" alt=\"\" width=\"450\" height=\"600\" \/><\/a><\/p>\n<p><a href=\"https:\/\/olu-limburg.de\/wp-content\/uploads\/2023\/10\/IMG_20230826_121930_ergebnis-e1696869450846.jpg\"><img loading=\"lazy\" decoding=\"async\" class=\"size-full wp-image-29785 aligncenter\" src=\"https:\/\/olu-limburg.de\/wp-content\/uploads\/2023\/10\/IMG_20230826_121930_ergebnis-e1696869450846.jpg\" alt=\"\" width=\"450\" height=\"600\" \/><\/a><\/p>\n<p>In dem Caf\u00e9 du March\u00e9 am Place de la R\u00e9publique nehmen wir uns einen Erfrischungstrunk. Und da ich sehe, dass man dort auch eingekaufte Waren verzehren kann, gehe ich zu einem Stand zur\u00fcck, wo ich uns K\u00e4se und Schinken hole. Das Brot haben wir schon gekauft. Dies ist ein sch\u00f6nes Angebot des Caf\u00e9s.<\/p>\n<p><a href=\"https:\/\/olu-limburg.de\/wp-content\/uploads\/2023\/10\/20230826_123232_ergebnis-e1697217047706.jpg\"><img loading=\"lazy\" decoding=\"async\" class=\"size-full wp-image-29907 aligncenter\" src=\"https:\/\/olu-limburg.de\/wp-content\/uploads\/2023\/10\/20230826_123232_ergebnis-e1697217047706.jpg\" alt=\"\" width=\"450\" height=\"600\" \/><\/a><\/p>\n<p>Auf dem R\u00fcckweg bleiben wir bei dem Jardin m\u00e9diavale h\u00e4ngen, und streifen noch einmal durch die Ville d&#8217;Art.<\/p>\n<p><a href=\"https:\/\/olu-limburg.de\/wp-content\/uploads\/2023\/10\/IMG_20230826_131300_ergebnis.jpg\"><img loading=\"lazy\" decoding=\"async\" class=\"size-full wp-image-29789 aligncenter\" src=\"https:\/\/olu-limburg.de\/wp-content\/uploads\/2023\/10\/IMG_20230826_131300_ergebnis.jpg\" alt=\"\" width=\"800\" height=\"600\" srcset=\"https:\/\/olu-limburg.de\/wp-content\/uploads\/2023\/10\/IMG_20230826_131300_ergebnis.jpg 800w, https:\/\/olu-limburg.de\/wp-content\/uploads\/2023\/10\/IMG_20230826_131300_ergebnis-300x225.jpg 300w, https:\/\/olu-limburg.de\/wp-content\/uploads\/2023\/10\/IMG_20230826_131300_ergebnis-768x576.jpg 768w, https:\/\/olu-limburg.de\/wp-content\/uploads\/2023\/10\/IMG_20230826_131300_ergebnis-624x468.jpg 624w\" sizes=\"auto, (max-width: 800px) 100vw, 800px\" \/><\/a><\/p>\n<p><a href=\"https:\/\/olu-limburg.de\/wp-content\/uploads\/2023\/10\/20230826_131443_ergebnis-e1697217033277.jpg\"><img loading=\"lazy\" decoding=\"async\" class=\"size-full wp-image-29908 aligncenter\" src=\"https:\/\/olu-limburg.de\/wp-content\/uploads\/2023\/10\/20230826_131443_ergebnis-e1697217033277.jpg\" alt=\"\" width=\"450\" height=\"600\" \/><\/a><\/p>\n<p><a href=\"https:\/\/olu-limburg.de\/wp-content\/uploads\/2023\/10\/IMG_20230826_131745_ergebnis.jpg\"><img loading=\"lazy\" decoding=\"async\" class=\"size-full wp-image-29790 aligncenter\" src=\"https:\/\/olu-limburg.de\/wp-content\/uploads\/2023\/10\/IMG_20230826_131745_ergebnis.jpg\" alt=\"\" width=\"800\" height=\"600\" srcset=\"https:\/\/olu-limburg.de\/wp-content\/uploads\/2023\/10\/IMG_20230826_131745_ergebnis.jpg 800w, https:\/\/olu-limburg.de\/wp-content\/uploads\/2023\/10\/IMG_20230826_131745_ergebnis-300x225.jpg 300w, https:\/\/olu-limburg.de\/wp-content\/uploads\/2023\/10\/IMG_20230826_131745_ergebnis-768x576.jpg 768w, https:\/\/olu-limburg.de\/wp-content\/uploads\/2023\/10\/IMG_20230826_131745_ergebnis-624x468.jpg 624w\" sizes=\"auto, (max-width: 800px) 100vw, 800px\" \/><\/a><\/p>\n<p><a href=\"https:\/\/olu-limburg.de\/wp-content\/uploads\/2023\/10\/IMG_20230826_131840_ergebnis.jpg\"><img loading=\"lazy\" decoding=\"async\" class=\"size-full wp-image-29791 aligncenter\" src=\"https:\/\/olu-limburg.de\/wp-content\/uploads\/2023\/10\/IMG_20230826_131840_ergebnis.jpg\" alt=\"\" width=\"800\" height=\"600\" srcset=\"https:\/\/olu-limburg.de\/wp-content\/uploads\/2023\/10\/IMG_20230826_131840_ergebnis.jpg 800w, https:\/\/olu-limburg.de\/wp-content\/uploads\/2023\/10\/IMG_20230826_131840_ergebnis-300x225.jpg 300w, https:\/\/olu-limburg.de\/wp-content\/uploads\/2023\/10\/IMG_20230826_131840_ergebnis-768x576.jpg 768w, https:\/\/olu-limburg.de\/wp-content\/uploads\/2023\/10\/IMG_20230826_131840_ergebnis-624x468.jpg 624w\" sizes=\"auto, (max-width: 800px) 100vw, 800px\" \/><\/a><\/p>\n<p><a href=\"https:\/\/olu-limburg.de\/wp-content\/uploads\/2023\/10\/20230826_131938_ergebnis.jpg\"><img loading=\"lazy\" decoding=\"async\" class=\"size-full wp-image-29909 aligncenter\" src=\"https:\/\/olu-limburg.de\/wp-content\/uploads\/2023\/10\/20230826_131938_ergebnis.jpg\" alt=\"\" width=\"800\" height=\"600\" srcset=\"https:\/\/olu-limburg.de\/wp-content\/uploads\/2023\/10\/20230826_131938_ergebnis.jpg 800w, https:\/\/olu-limburg.de\/wp-content\/uploads\/2023\/10\/20230826_131938_ergebnis-300x225.jpg 300w, https:\/\/olu-limburg.de\/wp-content\/uploads\/2023\/10\/20230826_131938_ergebnis-768x576.jpg 768w, https:\/\/olu-limburg.de\/wp-content\/uploads\/2023\/10\/20230826_131938_ergebnis-624x468.jpg 624w\" sizes=\"auto, (max-width: 800px) 100vw, 800px\" \/><\/a><\/p>\n<p>Angeblich soll in irgendeinem Vorg\u00e4ngerbau der Ville d&#8217;Art Wilhelm der Eroberer vor seiner Weiterfahrt nach England \u00fcbernachtet haben,<\/p>\n<p><a href=\"https:\/\/olu-limburg.de\/wp-content\/uploads\/2023\/10\/IMG_20230826_132036_ergebnis-e1696869570947.jpg\"><img loading=\"lazy\" decoding=\"async\" class=\"size-full wp-image-29792 aligncenter\" src=\"https:\/\/olu-limburg.de\/wp-content\/uploads\/2023\/10\/IMG_20230826_132036_ergebnis-e1696869570947.jpg\" alt=\"\" width=\"450\" height=\"600\" \/><\/a><\/p>\n<p>Am Abend zieht es uns wieder an den Strand von Cabourg. Die Wolkenkombinationen und die Farben des Sonnenuntergangs sind heute unheimlich sch\u00f6n.<\/p>\n<p><a href=\"https:\/\/olu-limburg.de\/wp-content\/uploads\/2023\/10\/IMG_20230826_210713_ergebnis.jpg\"><img loading=\"lazy\" decoding=\"async\" class=\"size-full wp-image-29793 aligncenter\" src=\"https:\/\/olu-limburg.de\/wp-content\/uploads\/2023\/10\/IMG_20230826_210713_ergebnis.jpg\" alt=\"\" width=\"800\" height=\"600\" srcset=\"https:\/\/olu-limburg.de\/wp-content\/uploads\/2023\/10\/IMG_20230826_210713_ergebnis.jpg 800w, https:\/\/olu-limburg.de\/wp-content\/uploads\/2023\/10\/IMG_20230826_210713_ergebnis-300x225.jpg 300w, https:\/\/olu-limburg.de\/wp-content\/uploads\/2023\/10\/IMG_20230826_210713_ergebnis-768x576.jpg 768w, https:\/\/olu-limburg.de\/wp-content\/uploads\/2023\/10\/IMG_20230826_210713_ergebnis-624x468.jpg 624w\" sizes=\"auto, (max-width: 800px) 100vw, 800px\" \/><\/a><\/p>\n<p>Tagesstrecke: 0 km<\/p>\n<p>&nbsp;<\/p>\n<p><strong>Sonntag, 27.08.2023<\/strong><\/p>\n<p>Es ist jetzt Zeit, wieder weiter zu fahren. Im Zentrum von Dives-sur-Mer halten wir noch einmal kurz an, um nach dem Antik-Markt in der historischen Markthalle zu schauen. Wir haben aber nichts f\u00fcr uns gefunden.<\/p>\n<p><a href=\"https:\/\/olu-limburg.de\/wp-content\/uploads\/2023\/10\/IMG_20230827_121247_ergebnis.jpg\"><img loading=\"lazy\" decoding=\"async\" class=\"size-full wp-image-29923 aligncenter\" src=\"https:\/\/olu-limburg.de\/wp-content\/uploads\/2023\/10\/IMG_20230827_121247_ergebnis.jpg\" alt=\"\" width=\"800\" height=\"600\" srcset=\"https:\/\/olu-limburg.de\/wp-content\/uploads\/2023\/10\/IMG_20230827_121247_ergebnis.jpg 800w, https:\/\/olu-limburg.de\/wp-content\/uploads\/2023\/10\/IMG_20230827_121247_ergebnis-300x225.jpg 300w, https:\/\/olu-limburg.de\/wp-content\/uploads\/2023\/10\/IMG_20230827_121247_ergebnis-768x576.jpg 768w, https:\/\/olu-limburg.de\/wp-content\/uploads\/2023\/10\/IMG_20230827_121247_ergebnis-624x468.jpg 624w\" sizes=\"auto, (max-width: 800px) 100vw, 800px\" \/><\/a><\/p>\n<p><a href=\"https:\/\/olu-limburg.de\/wp-content\/uploads\/2023\/10\/IMG_20230827_120812_ergebnis.jpg\"><img loading=\"lazy\" decoding=\"async\" class=\"size-full wp-image-29922 aligncenter\" src=\"https:\/\/olu-limburg.de\/wp-content\/uploads\/2023\/10\/IMG_20230827_120812_ergebnis.jpg\" alt=\"\" width=\"800\" height=\"600\" srcset=\"https:\/\/olu-limburg.de\/wp-content\/uploads\/2023\/10\/IMG_20230827_120812_ergebnis.jpg 800w, https:\/\/olu-limburg.de\/wp-content\/uploads\/2023\/10\/IMG_20230827_120812_ergebnis-300x225.jpg 300w, https:\/\/olu-limburg.de\/wp-content\/uploads\/2023\/10\/IMG_20230827_120812_ergebnis-768x576.jpg 768w, https:\/\/olu-limburg.de\/wp-content\/uploads\/2023\/10\/IMG_20230827_120812_ergebnis-624x468.jpg 624w\" sizes=\"auto, (max-width: 800px) 100vw, 800px\" \/><\/a><\/p>\n<p>Unser n\u00e4chster \u00dcbernachtungsort ist Merville-Franceville und befindet sich direkt westlich von Cabourg. Die Unterk\u00fcnfte sind preiswerter als die der anderen Badeorte an der C\u00f4te fleurie, dadurch ist er bei Familien sehr beliebt. Au\u00dferdem hat er sich als franz\u00f6sisches Zentrum der Kite-Surfer entwickelt.<\/p>\n<p>F\u00fcr uns hat der Ort einen kostenlosen Wohnmobil-Stellplatz mit V+E. Jetons f\u00fcr das Frischwasser (EUR 2,00)\u00a0 gibt es im Office de Tourisme. Eigentlich hat der Stellplatz nur sechs Parkbuchten, und die sind alle belegt. Wir stellen uns, nach R\u00fccksprache mit unserem Vordermann, an die Seite des Platzes, wie es andere auch tuen.<\/p>\n<p><a href=\"https:\/\/olu-limburg.de\/wp-content\/uploads\/2023\/10\/IMG_20230828_122010_ergebnis.jpg\"><img loading=\"lazy\" decoding=\"async\" class=\"size-full wp-image-29928 aligncenter\" src=\"https:\/\/olu-limburg.de\/wp-content\/uploads\/2023\/10\/IMG_20230828_122010_ergebnis.jpg\" alt=\"\" width=\"800\" height=\"600\" srcset=\"https:\/\/olu-limburg.de\/wp-content\/uploads\/2023\/10\/IMG_20230828_122010_ergebnis.jpg 800w, https:\/\/olu-limburg.de\/wp-content\/uploads\/2023\/10\/IMG_20230828_122010_ergebnis-300x225.jpg 300w, https:\/\/olu-limburg.de\/wp-content\/uploads\/2023\/10\/IMG_20230828_122010_ergebnis-768x576.jpg 768w, https:\/\/olu-limburg.de\/wp-content\/uploads\/2023\/10\/IMG_20230828_122010_ergebnis-624x468.jpg 624w\" sizes=\"auto, (max-width: 800px) 100vw, 800px\" \/><\/a><\/p>\n<p>Auf unserem Spaziergang zum Office de Tourisme geraten wir direkt in einen Flohmarkt, der sich \u00fcber mehrere Stra\u00dfen hinzieht. Nach dem Kauf einiger CDs gehen wir in Richtung Strandpromenade weiter. Hier ist alles viel kleiner und gem\u00fctlicher. Die Strandk\u00f6rbe sind ein Geschenk der Partnerstadt Heringsdorf von der Insel Usedom<\/p>\n<p><a href=\"https:\/\/olu-limburg.de\/wp-content\/uploads\/2023\/10\/IMG_20230827_173904_ergebnis.jpg\"><img loading=\"lazy\" decoding=\"async\" class=\"size-full wp-image-29924 aligncenter\" src=\"https:\/\/olu-limburg.de\/wp-content\/uploads\/2023\/10\/IMG_20230827_173904_ergebnis.jpg\" alt=\"\" width=\"800\" height=\"600\" srcset=\"https:\/\/olu-limburg.de\/wp-content\/uploads\/2023\/10\/IMG_20230827_173904_ergebnis.jpg 800w, https:\/\/olu-limburg.de\/wp-content\/uploads\/2023\/10\/IMG_20230827_173904_ergebnis-300x225.jpg 300w, https:\/\/olu-limburg.de\/wp-content\/uploads\/2023\/10\/IMG_20230827_173904_ergebnis-768x576.jpg 768w, https:\/\/olu-limburg.de\/wp-content\/uploads\/2023\/10\/IMG_20230827_173904_ergebnis-624x468.jpg 624w\" sizes=\"auto, (max-width: 800px) 100vw, 800px\" \/><\/a><\/p>\n<p>Hinter unserem Stellplatz befindet sich der riesige Strand der Kite-Surfer.<\/p>\n<p><a href=\"https:\/\/olu-limburg.de\/wp-content\/uploads\/2023\/10\/20230828_123041_ergebnis.jpg\"><img loading=\"lazy\" decoding=\"async\" class=\"size-full wp-image-29921 aligncenter\" src=\"https:\/\/olu-limburg.de\/wp-content\/uploads\/2023\/10\/20230828_123041_ergebnis.jpg\" alt=\"\" width=\"800\" height=\"600\" srcset=\"https:\/\/olu-limburg.de\/wp-content\/uploads\/2023\/10\/20230828_123041_ergebnis.jpg 800w, https:\/\/olu-limburg.de\/wp-content\/uploads\/2023\/10\/20230828_123041_ergebnis-300x225.jpg 300w, https:\/\/olu-limburg.de\/wp-content\/uploads\/2023\/10\/20230828_123041_ergebnis-768x576.jpg 768w, https:\/\/olu-limburg.de\/wp-content\/uploads\/2023\/10\/20230828_123041_ergebnis-624x468.jpg 624w\" sizes=\"auto, (max-width: 800px) 100vw, 800px\" \/><\/a><\/p>\n<p><a href=\"https:\/\/olu-limburg.de\/wp-content\/uploads\/2023\/10\/IMG_20230827_182650_ergebnis.jpg\"><img loading=\"lazy\" decoding=\"async\" class=\"size-full wp-image-29926 aligncenter\" src=\"https:\/\/olu-limburg.de\/wp-content\/uploads\/2023\/10\/IMG_20230827_182650_ergebnis.jpg\" alt=\"\" width=\"800\" height=\"600\" srcset=\"https:\/\/olu-limburg.de\/wp-content\/uploads\/2023\/10\/IMG_20230827_182650_ergebnis.jpg 800w, https:\/\/olu-limburg.de\/wp-content\/uploads\/2023\/10\/IMG_20230827_182650_ergebnis-300x225.jpg 300w, https:\/\/olu-limburg.de\/wp-content\/uploads\/2023\/10\/IMG_20230827_182650_ergebnis-768x576.jpg 768w, https:\/\/olu-limburg.de\/wp-content\/uploads\/2023\/10\/IMG_20230827_182650_ergebnis-624x468.jpg 624w\" sizes=\"auto, (max-width: 800px) 100vw, 800px\" \/><\/a><\/p>\n<p><a href=\"https:\/\/olu-limburg.de\/wp-content\/uploads\/2023\/10\/IMG_20230827_182727_ergebnis.jpg\"><img loading=\"lazy\" decoding=\"async\" class=\"size-full wp-image-29927 aligncenter\" src=\"https:\/\/olu-limburg.de\/wp-content\/uploads\/2023\/10\/IMG_20230827_182727_ergebnis.jpg\" alt=\"\" width=\"800\" height=\"600\" srcset=\"https:\/\/olu-limburg.de\/wp-content\/uploads\/2023\/10\/IMG_20230827_182727_ergebnis.jpg 800w, https:\/\/olu-limburg.de\/wp-content\/uploads\/2023\/10\/IMG_20230827_182727_ergebnis-300x225.jpg 300w, https:\/\/olu-limburg.de\/wp-content\/uploads\/2023\/10\/IMG_20230827_182727_ergebnis-768x576.jpg 768w, https:\/\/olu-limburg.de\/wp-content\/uploads\/2023\/10\/IMG_20230827_182727_ergebnis-624x468.jpg 624w\" sizes=\"auto, (max-width: 800px) 100vw, 800px\" \/><\/a><\/p>\n<p><a href=\"https:\/\/olu-limburg.de\/wp-content\/uploads\/2023\/10\/IMG_20230827_182641_ergebnis.jpg\"><img loading=\"lazy\" decoding=\"async\" class=\"size-full wp-image-29925 aligncenter\" src=\"https:\/\/olu-limburg.de\/wp-content\/uploads\/2023\/10\/IMG_20230827_182641_ergebnis.jpg\" alt=\"\" width=\"800\" height=\"600\" srcset=\"https:\/\/olu-limburg.de\/wp-content\/uploads\/2023\/10\/IMG_20230827_182641_ergebnis.jpg 800w, https:\/\/olu-limburg.de\/wp-content\/uploads\/2023\/10\/IMG_20230827_182641_ergebnis-300x225.jpg 300w, https:\/\/olu-limburg.de\/wp-content\/uploads\/2023\/10\/IMG_20230827_182641_ergebnis-768x576.jpg 768w, https:\/\/olu-limburg.de\/wp-content\/uploads\/2023\/10\/IMG_20230827_182641_ergebnis-624x468.jpg 624w\" sizes=\"auto, (max-width: 800px) 100vw, 800px\" \/><\/a><\/p>\n<p>Tagesstrecke: 19 km<\/p>\n<p>&nbsp;<\/p>\n<p><strong>Montag, 28.08.2023<\/strong><\/p>\n<p>Es ist ein sehr ruhiger Platz, und wir haben gut geschlafen. Heute Morgen leert sich der Stellplatz bis auf uns und noch ein anderes Wohnmobil. Deshalb verschieben wir unsere Weiterfahrt und ziehen auf einen legalen Platz um.<\/p>\n<p>Anschlie\u00dfend machen wir bei strahlendem Sonnenschein einen Spaziergang durch die D\u00fcnen zur Redoute de Merville, die von Vauban erbaut worden sein soll. Die Redoute ist eine 1779 errichtete Festungsanlage, die das M\u00fcndungsgebiet der Orne in das Meer verteidigen sollte.<\/p>\n<p><a href=\"https:\/\/olu-limburg.de\/wp-content\/uploads\/2023\/10\/IMG_20230828_124648_ergebnis.jpg\"><img loading=\"lazy\" decoding=\"async\" class=\"size-full wp-image-29933 aligncenter\" src=\"https:\/\/olu-limburg.de\/wp-content\/uploads\/2023\/10\/IMG_20230828_124648_ergebnis.jpg\" alt=\"\" width=\"800\" height=\"600\" srcset=\"https:\/\/olu-limburg.de\/wp-content\/uploads\/2023\/10\/IMG_20230828_124648_ergebnis.jpg 800w, https:\/\/olu-limburg.de\/wp-content\/uploads\/2023\/10\/IMG_20230828_124648_ergebnis-300x225.jpg 300w, https:\/\/olu-limburg.de\/wp-content\/uploads\/2023\/10\/IMG_20230828_124648_ergebnis-768x576.jpg 768w, https:\/\/olu-limburg.de\/wp-content\/uploads\/2023\/10\/IMG_20230828_124648_ergebnis-624x468.jpg 624w\" sizes=\"auto, (max-width: 800px) 100vw, 800px\" \/><\/a><\/p>\n<div id=\"attachment_29943\" style=\"width: 810px\" class=\"wp-caption aligncenter\"><a href=\"https:\/\/olu-limburg.de\/wp-content\/uploads\/2023\/10\/IMG_20230828_143724_ergebnis.jpg\"><img loading=\"lazy\" decoding=\"async\" aria-describedby=\"caption-attachment-29943\" class=\"wp-image-29943 size-full\" src=\"https:\/\/olu-limburg.de\/wp-content\/uploads\/2023\/10\/IMG_20230828_143724_ergebnis.jpg\" alt=\"\" width=\"800\" height=\"600\" srcset=\"https:\/\/olu-limburg.de\/wp-content\/uploads\/2023\/10\/IMG_20230828_143724_ergebnis.jpg 800w, https:\/\/olu-limburg.de\/wp-content\/uploads\/2023\/10\/IMG_20230828_143724_ergebnis-300x225.jpg 300w, https:\/\/olu-limburg.de\/wp-content\/uploads\/2023\/10\/IMG_20230828_143724_ergebnis-768x576.jpg 768w, https:\/\/olu-limburg.de\/wp-content\/uploads\/2023\/10\/IMG_20230828_143724_ergebnis-624x468.jpg 624w\" sizes=\"auto, (max-width: 800px) 100vw, 800px\" \/><\/a><p id=\"caption-attachment-29943\" class=\"wp-caption-text\">Redoute de Merville<\/p><\/div>\n<p><a href=\"https:\/\/olu-limburg.de\/wp-content\/uploads\/2023\/10\/IMG_20230828_125428_ergebnis.jpg\"><img loading=\"lazy\" decoding=\"async\" class=\"size-full wp-image-29935 aligncenter\" src=\"https:\/\/olu-limburg.de\/wp-content\/uploads\/2023\/10\/IMG_20230828_125428_ergebnis.jpg\" alt=\"\" width=\"800\" height=\"600\" srcset=\"https:\/\/olu-limburg.de\/wp-content\/uploads\/2023\/10\/IMG_20230828_125428_ergebnis.jpg 800w, https:\/\/olu-limburg.de\/wp-content\/uploads\/2023\/10\/IMG_20230828_125428_ergebnis-300x225.jpg 300w, https:\/\/olu-limburg.de\/wp-content\/uploads\/2023\/10\/IMG_20230828_125428_ergebnis-768x576.jpg 768w, https:\/\/olu-limburg.de\/wp-content\/uploads\/2023\/10\/IMG_20230828_125428_ergebnis-624x468.jpg 624w\" sizes=\"auto, (max-width: 800px) 100vw, 800px\" \/><\/a><\/p>\n<div id=\"attachment_29936\" style=\"width: 460px\" class=\"wp-caption alignleft\"><a href=\"https:\/\/olu-limburg.de\/wp-content\/uploads\/2023\/10\/IMG_20230828_125529_ergebnis-e1697298452168.jpg\"><img loading=\"lazy\" decoding=\"async\" aria-describedby=\"caption-attachment-29936\" class=\"wp-image-29936 size-full\" src=\"https:\/\/olu-limburg.de\/wp-content\/uploads\/2023\/10\/IMG_20230828_125529_ergebnis-e1697298452168.jpg\" alt=\"\" width=\"450\" height=\"600\" \/><\/a><p id=\"caption-attachment-29936\" class=\"wp-caption-text\">Und wieder gibt es nur einen Blick durchs Schl\u00fcsselloch.<\/p><\/div>\n<p><a href=\"https:\/\/olu-limburg.de\/wp-content\/uploads\/2023\/10\/IMG_20230828_125647_ergebnis-e1697298525902.jpg\"><img loading=\"lazy\" decoding=\"async\" class=\"size-full wp-image-29937 alignright\" src=\"https:\/\/olu-limburg.de\/wp-content\/uploads\/2023\/10\/IMG_20230828_125647_ergebnis-e1697298525902.jpg\" alt=\"\" width=\"450\" height=\"600\" \/><\/a><\/p>\n<p><a href=\"https:\/\/olu-limburg.de\/wp-content\/uploads\/2023\/10\/IMG_20230828_130129_ergebnis.jpg\"><img loading=\"lazy\" decoding=\"async\" class=\"size-full wp-image-29938 aligncenter\" src=\"https:\/\/olu-limburg.de\/wp-content\/uploads\/2023\/10\/IMG_20230828_130129_ergebnis.jpg\" alt=\"\" width=\"800\" height=\"600\" srcset=\"https:\/\/olu-limburg.de\/wp-content\/uploads\/2023\/10\/IMG_20230828_130129_ergebnis.jpg 800w, https:\/\/olu-limburg.de\/wp-content\/uploads\/2023\/10\/IMG_20230828_130129_ergebnis-300x225.jpg 300w, https:\/\/olu-limburg.de\/wp-content\/uploads\/2023\/10\/IMG_20230828_130129_ergebnis-768x576.jpg 768w, https:\/\/olu-limburg.de\/wp-content\/uploads\/2023\/10\/IMG_20230828_130129_ergebnis-624x468.jpg 624w\" sizes=\"auto, (max-width: 800px) 100vw, 800px\" \/><\/a><\/p>\n<p>In direkter Nachbarschaft gibt es noch \u00dcberreste der deutschen Artilleriebatterie aus dem 2.Weltkrieg. Im Hintergrund sieht man bereits die H\u00e4user von Ouistreham<\/p>\n<p><a href=\"https:\/\/olu-limburg.de\/wp-content\/uploads\/2023\/10\/IMG_20230828_124955_ergebnis.jpg\"><img loading=\"lazy\" decoding=\"async\" class=\"size-full wp-image-29934 aligncenter\" src=\"https:\/\/olu-limburg.de\/wp-content\/uploads\/2023\/10\/IMG_20230828_124955_ergebnis.jpg\" alt=\"\" width=\"800\" height=\"600\" srcset=\"https:\/\/olu-limburg.de\/wp-content\/uploads\/2023\/10\/IMG_20230828_124955_ergebnis.jpg 800w, https:\/\/olu-limburg.de\/wp-content\/uploads\/2023\/10\/IMG_20230828_124955_ergebnis-300x225.jpg 300w, https:\/\/olu-limburg.de\/wp-content\/uploads\/2023\/10\/IMG_20230828_124955_ergebnis-768x576.jpg 768w, https:\/\/olu-limburg.de\/wp-content\/uploads\/2023\/10\/IMG_20230828_124955_ergebnis-624x468.jpg 624w\" sizes=\"auto, (max-width: 800px) 100vw, 800px\" \/><\/a><\/p>\n<p>Das D\u00fcnengebiet des M\u00fcndungsdeltas der Orne ist ein gro\u00dfes Vogelschutzgebiet, das einen \u00f6ffentlichen Teil mit Aussichtspunkten hat.<\/p>\n<p><a href=\"https:\/\/olu-limburg.de\/wp-content\/uploads\/2023\/10\/IMG_20230828_130415_ergebnis.jpg\"><img loading=\"lazy\" decoding=\"async\" class=\"size-full wp-image-29939 aligncenter\" src=\"https:\/\/olu-limburg.de\/wp-content\/uploads\/2023\/10\/IMG_20230828_130415_ergebnis.jpg\" alt=\"\" width=\"800\" height=\"600\" srcset=\"https:\/\/olu-limburg.de\/wp-content\/uploads\/2023\/10\/IMG_20230828_130415_ergebnis.jpg 800w, https:\/\/olu-limburg.de\/wp-content\/uploads\/2023\/10\/IMG_20230828_130415_ergebnis-300x225.jpg 300w, https:\/\/olu-limburg.de\/wp-content\/uploads\/2023\/10\/IMG_20230828_130415_ergebnis-768x576.jpg 768w, https:\/\/olu-limburg.de\/wp-content\/uploads\/2023\/10\/IMG_20230828_130415_ergebnis-624x468.jpg 624w\" sizes=\"auto, (max-width: 800px) 100vw, 800px\" \/><\/a><\/p>\n<p>Am Ufer der Orne soll es ein Fisch-Restaurant geben, das ist nun unser n\u00e4chstes Ziel. Tats\u00e4chlich finden wir das &#8222;La R\u00e9serve P\u00e9ch\u00e9 Iode&#8220; versteckt hinter dem Abstellplatz des Club Nautique Merville-Franceville. Es ist etwas gehobener, und hat einen gro\u00dfen Parkplatz vor dem Restaurant. Aus der gro\u00dfen Glasfront schaut man auf die Orne.<\/p>\n<p><a href=\"https:\/\/olu-limburg.de\/wp-content\/uploads\/2023\/10\/IMG_20230828_142601_ergebnis.jpg\"><img loading=\"lazy\" decoding=\"async\" class=\"size-full wp-image-29942 aligncenter\" src=\"https:\/\/olu-limburg.de\/wp-content\/uploads\/2023\/10\/IMG_20230828_142601_ergebnis.jpg\" alt=\"\" width=\"800\" height=\"600\" srcset=\"https:\/\/olu-limburg.de\/wp-content\/uploads\/2023\/10\/IMG_20230828_142601_ergebnis.jpg 800w, https:\/\/olu-limburg.de\/wp-content\/uploads\/2023\/10\/IMG_20230828_142601_ergebnis-300x225.jpg 300w, https:\/\/olu-limburg.de\/wp-content\/uploads\/2023\/10\/IMG_20230828_142601_ergebnis-768x576.jpg 768w, https:\/\/olu-limburg.de\/wp-content\/uploads\/2023\/10\/IMG_20230828_142601_ergebnis-624x468.jpg 624w\" sizes=\"auto, (max-width: 800px) 100vw, 800px\" \/><\/a><\/p>\n<p><strong>Vorspeise:<\/strong> Rindertatar bzw. Crevetten<\/p>\n<p><a href=\"https:\/\/olu-limburg.de\/wp-content\/uploads\/2023\/10\/IMG_20230828_134402_ergebnis.jpg\"><img loading=\"lazy\" decoding=\"async\" class=\"size-full wp-image-29940 aligncenter\" src=\"https:\/\/olu-limburg.de\/wp-content\/uploads\/2023\/10\/IMG_20230828_134402_ergebnis.jpg\" alt=\"\" width=\"800\" height=\"600\" srcset=\"https:\/\/olu-limburg.de\/wp-content\/uploads\/2023\/10\/IMG_20230828_134402_ergebnis.jpg 800w, https:\/\/olu-limburg.de\/wp-content\/uploads\/2023\/10\/IMG_20230828_134402_ergebnis-300x225.jpg 300w, https:\/\/olu-limburg.de\/wp-content\/uploads\/2023\/10\/IMG_20230828_134402_ergebnis-768x576.jpg 768w, https:\/\/olu-limburg.de\/wp-content\/uploads\/2023\/10\/IMG_20230828_134402_ergebnis-624x468.jpg 624w\" sizes=\"auto, (max-width: 800px) 100vw, 800px\" \/><\/a><\/p>\n<p><a href=\"https:\/\/olu-limburg.de\/wp-content\/uploads\/2023\/10\/20230828_134417_ergebnis.jpg\"><img loading=\"lazy\" decoding=\"async\" class=\"size-full wp-image-29946 aligncenter\" src=\"https:\/\/olu-limburg.de\/wp-content\/uploads\/2023\/10\/20230828_134417_ergebnis.jpg\" alt=\"\" width=\"800\" height=\"600\" srcset=\"https:\/\/olu-limburg.de\/wp-content\/uploads\/2023\/10\/20230828_134417_ergebnis.jpg 800w, https:\/\/olu-limburg.de\/wp-content\/uploads\/2023\/10\/20230828_134417_ergebnis-300x225.jpg 300w, https:\/\/olu-limburg.de\/wp-content\/uploads\/2023\/10\/20230828_134417_ergebnis-768x576.jpg 768w, https:\/\/olu-limburg.de\/wp-content\/uploads\/2023\/10\/20230828_134417_ergebnis-624x468.jpg 624w\" sizes=\"auto, (max-width: 800px) 100vw, 800px\" \/><\/a><\/p>\n<p><strong>Hauptspeise:<\/strong> Dorade mit Rote Bete-Topping und einem S\u00fc\u00dfkartoffelp\u00fcree<\/p>\n<p><a href=\"https:\/\/olu-limburg.de\/wp-content\/uploads\/2023\/10\/20230828_140350_ergebnis.jpg\"><img loading=\"lazy\" decoding=\"async\" class=\"size-full wp-image-29947 aligncenter\" src=\"https:\/\/olu-limburg.de\/wp-content\/uploads\/2023\/10\/20230828_140350_ergebnis.jpg\" alt=\"\" width=\"800\" height=\"600\" srcset=\"https:\/\/olu-limburg.de\/wp-content\/uploads\/2023\/10\/20230828_140350_ergebnis.jpg 800w, https:\/\/olu-limburg.de\/wp-content\/uploads\/2023\/10\/20230828_140350_ergebnis-300x225.jpg 300w, https:\/\/olu-limburg.de\/wp-content\/uploads\/2023\/10\/20230828_140350_ergebnis-768x576.jpg 768w, https:\/\/olu-limburg.de\/wp-content\/uploads\/2023\/10\/20230828_140350_ergebnis-624x468.jpg 624w\" sizes=\"auto, (max-width: 800px) 100vw, 800px\" \/><\/a><\/p>\n<p>\u00dcber die D\u00fcnen hinweg schaut man auf die Hafeneinfahrt von Ouistreham.<\/p>\n<p><a href=\"https:\/\/olu-limburg.de\/wp-content\/uploads\/2023\/10\/IMG_20230828_143823_ergebnis.jpg\"><img loading=\"lazy\" decoding=\"async\" class=\"size-full wp-image-29944 aligncenter\" src=\"https:\/\/olu-limburg.de\/wp-content\/uploads\/2023\/10\/IMG_20230828_143823_ergebnis.jpg\" alt=\"\" width=\"800\" height=\"600\" srcset=\"https:\/\/olu-limburg.de\/wp-content\/uploads\/2023\/10\/IMG_20230828_143823_ergebnis.jpg 800w, https:\/\/olu-limburg.de\/wp-content\/uploads\/2023\/10\/IMG_20230828_143823_ergebnis-300x225.jpg 300w, https:\/\/olu-limburg.de\/wp-content\/uploads\/2023\/10\/IMG_20230828_143823_ergebnis-768x576.jpg 768w, https:\/\/olu-limburg.de\/wp-content\/uploads\/2023\/10\/IMG_20230828_143823_ergebnis-624x468.jpg 624w\" sizes=\"auto, (max-width: 800px) 100vw, 800px\" \/><\/a><\/p>\n<p><a href=\"https:\/\/olu-limburg.de\/wp-content\/uploads\/2023\/10\/20230828_124220_ergebnis-e1697299868926.jpg\"><img loading=\"lazy\" decoding=\"async\" class=\"size-full wp-image-29945 aligncenter\" src=\"https:\/\/olu-limburg.de\/wp-content\/uploads\/2023\/10\/20230828_124220_ergebnis-e1697299868926.jpg\" alt=\"\" width=\"450\" height=\"600\" \/><\/a><\/p>\n<p>Gegen Abend drehen wir noch eine Abschiedstour auf der Strandpromenade von Merville-Franceville. An Bars hat heute nur die Bar de la Plage beim Minigolf ge\u00f6ffnet. Es ist sehr viel Betrieb und f\u00fcr uns gibt es nur noch einen Sonnenplatz. Bei dem Studium der Getr\u00e4nke- und Speisekarte lassen wir uns\u00a0 doch tats\u00e4chlich zu zwei Tapas verf\u00fchren.<\/p>\n<p><a href=\"https:\/\/olu-limburg.de\/wp-content\/uploads\/2023\/10\/IMG_20230828_184525_ergebnis.jpg\"><img loading=\"lazy\" decoding=\"async\" class=\"size-full wp-image-29949 aligncenter\" src=\"https:\/\/olu-limburg.de\/wp-content\/uploads\/2023\/10\/IMG_20230828_184525_ergebnis.jpg\" alt=\"\" width=\"800\" height=\"600\" srcset=\"https:\/\/olu-limburg.de\/wp-content\/uploads\/2023\/10\/IMG_20230828_184525_ergebnis.jpg 800w, https:\/\/olu-limburg.de\/wp-content\/uploads\/2023\/10\/IMG_20230828_184525_ergebnis-300x225.jpg 300w, https:\/\/olu-limburg.de\/wp-content\/uploads\/2023\/10\/IMG_20230828_184525_ergebnis-768x576.jpg 768w, https:\/\/olu-limburg.de\/wp-content\/uploads\/2023\/10\/IMG_20230828_184525_ergebnis-624x468.jpg 624w\" sizes=\"auto, (max-width: 800px) 100vw, 800px\" \/><\/a><\/p>\n<p>Tagesstrecke: 0 km<\/p>\n<p>&nbsp;<\/p>\n<p><strong>Dienstag, 29.08.2023<\/strong><\/p>\n<p>Wir waren schon mehrmals in der Normandie, doch haben wir den ber\u00fchmten Wandteppich von Bayeux noch nicht zu Gesicht bekommen. Auf der Fahrt dorthin passieren wir die &#8222;Pegasus-Bridge&#8220; \u00fcber die Orne, bei der wir fr\u00fcher schon zweimal \u00fcbernachtet haben, tanken kurz vor der Umfahrung von Caen bei einem Supermarkt und erreichen auf der 4-spurigen N13 schnell Bayeux. Dies denken wir jedenfalls, doch ist unsere Ausfahrt gesperrt und es folgt eine weitr\u00e4umige Umleitung. Trotzdem schaffen wir es bis in die \u00e4u\u00dferen Bezirke der Innenstadt, und auf dem Parkplatz beim Friedhof befinden sich sogar kostenlose Parkpl\u00e4tze f\u00fcr Wohnmobile (nur die \u00dcbernachtung ist kostenpflichtig).<\/p>\n<p>\u00dcber den Place de Charles de Gaulle betreten wir den inneren Bereich der Altstadt. Wir richten uns\u00a0 nun nach den Hinweisschildern in Richtung Kathedrale. Doch wie immer um die Mittagszeit &#8211; die Familie Schmitt hat Hunger. Die Besichtigungen m\u00fcssen warten. F\u00fcr uns steht nur die Frage im Raum &#8211; &#8222;Wo gibt es etwas zu Essen?&#8220;<\/p>\n<p><a href=\"https:\/\/olu-limburg.de\/wp-content\/uploads\/2023\/10\/IMG_20230829_123800_ergebnis-e1697302528243.jpg\"><img loading=\"lazy\" decoding=\"async\" class=\"size-full wp-image-29953 aligncenter\" src=\"https:\/\/olu-limburg.de\/wp-content\/uploads\/2023\/10\/IMG_20230829_123800_ergebnis-e1697302528243.jpg\" alt=\"\" width=\"450\" height=\"600\" \/><\/a><\/p>\n<p><a href=\"https:\/\/olu-limburg.de\/wp-content\/uploads\/2023\/10\/IMG_20230829_123848_ergebnis-e1697302552167.jpg\"><img loading=\"lazy\" decoding=\"async\" class=\"size-full wp-image-29954 aligncenter\" src=\"https:\/\/olu-limburg.de\/wp-content\/uploads\/2023\/10\/IMG_20230829_123848_ergebnis-e1697302552167.jpg\" alt=\"\" width=\"450\" height=\"600\" \/><\/a><\/p>\n<p>Dabei kommen wir auch an einem alternativen Restaurant vorbei. Hier meldet man sich bei Paulette an und kann einfache, aber preiswerte, Gerichte essen.<\/p>\n<p><a href=\"https:\/\/olu-limburg.de\/wp-content\/uploads\/2023\/10\/IMG_20230829_143404_ergebnis.jpg\"><img loading=\"lazy\" decoding=\"async\" class=\"size-full wp-image-29963 aligncenter\" src=\"https:\/\/olu-limburg.de\/wp-content\/uploads\/2023\/10\/IMG_20230829_143404_ergebnis.jpg\" alt=\"\" width=\"800\" height=\"600\" srcset=\"https:\/\/olu-limburg.de\/wp-content\/uploads\/2023\/10\/IMG_20230829_143404_ergebnis.jpg 800w, https:\/\/olu-limburg.de\/wp-content\/uploads\/2023\/10\/IMG_20230829_143404_ergebnis-300x225.jpg 300w, https:\/\/olu-limburg.de\/wp-content\/uploads\/2023\/10\/IMG_20230829_143404_ergebnis-768x576.jpg 768w, https:\/\/olu-limburg.de\/wp-content\/uploads\/2023\/10\/IMG_20230829_143404_ergebnis-624x468.jpg 624w\" sizes=\"auto, (max-width: 800px) 100vw, 800px\" \/><\/a><\/p>\n<p><a href=\"https:\/\/olu-limburg.de\/wp-content\/uploads\/2023\/10\/IMG_20230829_124128_ergebnis-e1697302585779.jpg\"><img loading=\"lazy\" decoding=\"async\" class=\"size-full wp-image-29955 aligncenter\" src=\"https:\/\/olu-limburg.de\/wp-content\/uploads\/2023\/10\/IMG_20230829_124128_ergebnis-e1697302585779.jpg\" alt=\"\" width=\"450\" height=\"600\" \/><\/a><\/p>\n<p>Wir suchen weiter und landen im &#8222;La Marsalla&#8220;. Wobei wir vorher schon bei einem anderen Restaurant wegen \u00dcberlastung abgewiesen wurden.<\/p>\n<p><a href=\"https:\/\/olu-limburg.de\/wp-content\/uploads\/2023\/10\/IMG_20230829_143155_ergebnis-e1697302629876.jpg\"><img loading=\"lazy\" decoding=\"async\" class=\"size-full wp-image-29962 aligncenter\" src=\"https:\/\/olu-limburg.de\/wp-content\/uploads\/2023\/10\/IMG_20230829_143155_ergebnis-e1697302629876.jpg\" alt=\"\" width=\"450\" height=\"600\" \/><\/a><\/p>\n<p><strong>Vorspeisen:<\/strong> Terrine du Chef maison bzw. Samoussas de ch\u00e8vre maison<\/p>\n<p><a href=\"https:\/\/olu-limburg.de\/wp-content\/uploads\/2023\/10\/IMG_20230829_131707_ergebnis.jpg\"><img loading=\"lazy\" decoding=\"async\" class=\"size-full wp-image-29957 aligncenter\" src=\"https:\/\/olu-limburg.de\/wp-content\/uploads\/2023\/10\/IMG_20230829_131707_ergebnis.jpg\" alt=\"\" width=\"800\" height=\"600\" srcset=\"https:\/\/olu-limburg.de\/wp-content\/uploads\/2023\/10\/IMG_20230829_131707_ergebnis.jpg 800w, https:\/\/olu-limburg.de\/wp-content\/uploads\/2023\/10\/IMG_20230829_131707_ergebnis-300x225.jpg 300w, https:\/\/olu-limburg.de\/wp-content\/uploads\/2023\/10\/IMG_20230829_131707_ergebnis-768x576.jpg 768w, https:\/\/olu-limburg.de\/wp-content\/uploads\/2023\/10\/IMG_20230829_131707_ergebnis-624x468.jpg 624w\" sizes=\"auto, (max-width: 800px) 100vw, 800px\" \/><\/a><\/p>\n<p><a href=\"https:\/\/olu-limburg.de\/wp-content\/uploads\/2023\/10\/IMG_20230829_131720_ergebnis.jpg\"><img loading=\"lazy\" decoding=\"async\" class=\"size-full wp-image-29958 aligncenter\" src=\"https:\/\/olu-limburg.de\/wp-content\/uploads\/2023\/10\/IMG_20230829_131720_ergebnis.jpg\" alt=\"\" width=\"800\" height=\"600\" srcset=\"https:\/\/olu-limburg.de\/wp-content\/uploads\/2023\/10\/IMG_20230829_131720_ergebnis.jpg 800w, https:\/\/olu-limburg.de\/wp-content\/uploads\/2023\/10\/IMG_20230829_131720_ergebnis-300x225.jpg 300w, https:\/\/olu-limburg.de\/wp-content\/uploads\/2023\/10\/IMG_20230829_131720_ergebnis-768x576.jpg 768w, https:\/\/olu-limburg.de\/wp-content\/uploads\/2023\/10\/IMG_20230829_131720_ergebnis-624x468.jpg 624w\" sizes=\"auto, (max-width: 800px) 100vw, 800px\" \/><\/a><\/p>\n<p><strong>Hauptgerichte:<\/strong> Pi\u00e8ce de boeuf du boucher, sauce b\u00e9arnaise, frites bzw. Pav\u00e9 de cabillaud pesto, spaghetti<\/p>\n<p><a href=\"https:\/\/olu-limburg.de\/wp-content\/uploads\/2023\/10\/IMG_20230829_134501_ergebnis.jpg\"><img loading=\"lazy\" decoding=\"async\" class=\"size-full wp-image-29959 aligncenter\" src=\"https:\/\/olu-limburg.de\/wp-content\/uploads\/2023\/10\/IMG_20230829_134501_ergebnis.jpg\" alt=\"\" width=\"800\" height=\"600\" srcset=\"https:\/\/olu-limburg.de\/wp-content\/uploads\/2023\/10\/IMG_20230829_134501_ergebnis.jpg 800w, https:\/\/olu-limburg.de\/wp-content\/uploads\/2023\/10\/IMG_20230829_134501_ergebnis-300x225.jpg 300w, https:\/\/olu-limburg.de\/wp-content\/uploads\/2023\/10\/IMG_20230829_134501_ergebnis-768x576.jpg 768w, https:\/\/olu-limburg.de\/wp-content\/uploads\/2023\/10\/IMG_20230829_134501_ergebnis-624x468.jpg 624w\" sizes=\"auto, (max-width: 800px) 100vw, 800px\" \/><\/a><\/p>\n<p><a href=\"https:\/\/olu-limburg.de\/wp-content\/uploads\/2023\/10\/IMG_20230829_134520_ergebnis.jpg\"><img loading=\"lazy\" decoding=\"async\" class=\"size-full wp-image-29960 aligncenter\" src=\"https:\/\/olu-limburg.de\/wp-content\/uploads\/2023\/10\/IMG_20230829_134520_ergebnis.jpg\" alt=\"\" width=\"800\" height=\"600\" srcset=\"https:\/\/olu-limburg.de\/wp-content\/uploads\/2023\/10\/IMG_20230829_134520_ergebnis.jpg 800w, https:\/\/olu-limburg.de\/wp-content\/uploads\/2023\/10\/IMG_20230829_134520_ergebnis-300x225.jpg 300w, https:\/\/olu-limburg.de\/wp-content\/uploads\/2023\/10\/IMG_20230829_134520_ergebnis-768x576.jpg 768w, https:\/\/olu-limburg.de\/wp-content\/uploads\/2023\/10\/IMG_20230829_134520_ergebnis-624x468.jpg 624w\" sizes=\"auto, (max-width: 800px) 100vw, 800px\" \/><\/a><\/p>\n<p><strong>Dessert:<\/strong> Aum\u00f4ni\u00e9re de pommes caram\u00e9lis\u00e9es<\/p>\n<p><a href=\"https:\/\/olu-limburg.de\/wp-content\/uploads\/2023\/10\/IMG_20230829_141149_ergebnis.jpg\"><img loading=\"lazy\" decoding=\"async\" class=\"size-full wp-image-29961 aligncenter\" src=\"https:\/\/olu-limburg.de\/wp-content\/uploads\/2023\/10\/IMG_20230829_141149_ergebnis.jpg\" alt=\"\" width=\"800\" height=\"600\" srcset=\"https:\/\/olu-limburg.de\/wp-content\/uploads\/2023\/10\/IMG_20230829_141149_ergebnis.jpg 800w, https:\/\/olu-limburg.de\/wp-content\/uploads\/2023\/10\/IMG_20230829_141149_ergebnis-300x225.jpg 300w, https:\/\/olu-limburg.de\/wp-content\/uploads\/2023\/10\/IMG_20230829_141149_ergebnis-768x576.jpg 768w, https:\/\/olu-limburg.de\/wp-content\/uploads\/2023\/10\/IMG_20230829_141149_ergebnis-624x468.jpg 624w\" sizes=\"auto, (max-width: 800px) 100vw, 800px\" \/><\/a><\/p>\n<p>Es war sehr lecker. Jetzt kann die Besichtigungstour beginnen. Der Name der Stadt Bayeux geht auf die keltischen Baiokassen zur\u00fcck. Der Wohnbereich aus dem 16. und 17. Jhdt. um die Kathedrale ist trotz der zahlreichen Kriege noch fast vollst\u00e4ndig erhalten geblieben.<\/p>\n<div id=\"attachment_29964\" style=\"width: 460px\" class=\"wp-caption aligncenter\"><a href=\"https:\/\/olu-limburg.de\/wp-content\/uploads\/2023\/10\/IMG_20230829_143543_ergebnis-e1697302724988.jpg\"><img loading=\"lazy\" decoding=\"async\" aria-describedby=\"caption-attachment-29964\" class=\"wp-image-29964 size-full\" src=\"https:\/\/olu-limburg.de\/wp-content\/uploads\/2023\/10\/IMG_20230829_143543_ergebnis-e1697302724988.jpg\" alt=\"\" width=\"450\" height=\"600\" \/><\/a><p id=\"caption-attachment-29964\" class=\"wp-caption-text\">&#8222;La Maison d&#8217;Adam et Eve&#8220; vom Ende des 19. Jhdt.<\/p><\/div>\n<p>Mit der in normannischer Gotik erbauten Kathedrale wurde im Jahre 1047 begonnen, und 1077 von Bischof Odo von Bayeux eingeweiht.<\/p>\n<p><a href=\"https:\/\/olu-limburg.de\/wp-content\/uploads\/2023\/10\/IMG_20230829_150953_ergebnis-e1697304668908.jpg\"><img loading=\"lazy\" decoding=\"async\" class=\"size-full wp-image-29975 alignleft\" src=\"https:\/\/olu-limburg.de\/wp-content\/uploads\/2023\/10\/IMG_20230829_150953_ergebnis-e1697304668908.jpg\" alt=\"\" width=\"450\" height=\"600\" \/><\/a><\/p>\n<p><a href=\"https:\/\/olu-limburg.de\/wp-content\/uploads\/2023\/10\/IMG_20230829_143814_ergebnis-e1697305186711.jpg\"><img loading=\"lazy\" decoding=\"async\" class=\"size-full wp-image-29966 alignright\" src=\"https:\/\/olu-limburg.de\/wp-content\/uploads\/2023\/10\/IMG_20230829_143814_ergebnis-e1697305186711.jpg\" alt=\"\" width=\"450\" height=\"600\" \/><\/a><\/p>\n<p><a href=\"https:\/\/olu-limburg.de\/wp-content\/uploads\/2023\/10\/IMG_20230829_143850_ergebnis-e1697305206698.jpg\"><img loading=\"lazy\" decoding=\"async\" class=\"size-full wp-image-29967 alignleft\" src=\"https:\/\/olu-limburg.de\/wp-content\/uploads\/2023\/10\/IMG_20230829_143850_ergebnis-e1697305206698.jpg\" alt=\"\" width=\"450\" height=\"600\" \/><\/a><\/p>\n<p><a href=\"https:\/\/olu-limburg.de\/wp-content\/uploads\/2023\/10\/IMG_20230829_144743_ergebnis-e1697305243188.jpg\"><img loading=\"lazy\" decoding=\"async\" class=\"size-full wp-image-29969 alignright\" src=\"https:\/\/olu-limburg.de\/wp-content\/uploads\/2023\/10\/IMG_20230829_144743_ergebnis-e1697305243188.jpg\" alt=\"\" width=\"450\" height=\"600\" \/><\/a><\/p>\n<p><a href=\"https:\/\/olu-limburg.de\/wp-content\/uploads\/2023\/10\/IMG_20230829_144328_ergebnis-e1697305262381.jpg\"><img loading=\"lazy\" decoding=\"async\" class=\"size-full wp-image-29968 alignleft\" src=\"https:\/\/olu-limburg.de\/wp-content\/uploads\/2023\/10\/IMG_20230829_144328_ergebnis-e1697305262381.jpg\" alt=\"\" width=\"450\" height=\"600\" \/><\/a><\/p>\n<p><a href=\"https:\/\/olu-limburg.de\/wp-content\/uploads\/2023\/10\/IMG_20230829_144817_ergebnis-e1697305283369.jpg\"><img loading=\"lazy\" decoding=\"async\" class=\"size-full wp-image-29970 alignright\" src=\"https:\/\/olu-limburg.de\/wp-content\/uploads\/2023\/10\/IMG_20230829_144817_ergebnis-e1697305283369.jpg\" alt=\"\" width=\"450\" height=\"600\" \/><\/a><\/p>\n<p><a href=\"https:\/\/olu-limburg.de\/wp-content\/uploads\/2023\/10\/IMG_20230829_144847_ergebnis-e1697305309551.jpg\"><img loading=\"lazy\" decoding=\"async\" class=\"size-full wp-image-29971 aligncenter\" src=\"https:\/\/olu-limburg.de\/wp-content\/uploads\/2023\/10\/IMG_20230829_144847_ergebnis-e1697305309551.jpg\" alt=\"\" width=\"450\" height=\"600\" \/><\/a><\/p>\n<p>Die Krypta zeigt sich mit den kurzen st\u00e4mmigen S\u00e4ulen in ihrer ganzen Wucht, gepaart mit filigranen Wandmalereien.<\/p>\n<p><a href=\"https:\/\/olu-limburg.de\/wp-content\/uploads\/2023\/10\/IMG_20230829_145723_ergebnis.jpg\"><img loading=\"lazy\" decoding=\"async\" class=\"size-full wp-image-29972 aligncenter\" src=\"https:\/\/olu-limburg.de\/wp-content\/uploads\/2023\/10\/IMG_20230829_145723_ergebnis.jpg\" alt=\"\" width=\"800\" height=\"600\" srcset=\"https:\/\/olu-limburg.de\/wp-content\/uploads\/2023\/10\/IMG_20230829_145723_ergebnis.jpg 800w, https:\/\/olu-limburg.de\/wp-content\/uploads\/2023\/10\/IMG_20230829_145723_ergebnis-300x225.jpg 300w, https:\/\/olu-limburg.de\/wp-content\/uploads\/2023\/10\/IMG_20230829_145723_ergebnis-768x576.jpg 768w, https:\/\/olu-limburg.de\/wp-content\/uploads\/2023\/10\/IMG_20230829_145723_ergebnis-624x468.jpg 624w\" sizes=\"auto, (max-width: 800px) 100vw, 800px\" \/><\/a><\/p>\n<p><a href=\"https:\/\/olu-limburg.de\/wp-content\/uploads\/2023\/10\/IMG_20230829_145821_ergebnis-e1697305340457.jpg\"><img loading=\"lazy\" decoding=\"async\" class=\"size-full wp-image-29973 aligncenter\" src=\"https:\/\/olu-limburg.de\/wp-content\/uploads\/2023\/10\/IMG_20230829_145821_ergebnis-e1697305340457.jpg\" alt=\"\" width=\"450\" height=\"600\" \/><\/a><\/p>\n<p><a href=\"https:\/\/olu-limburg.de\/wp-content\/uploads\/2023\/10\/IMG_20230829_145850_ergebnis-e1697305361581.jpg\"><img loading=\"lazy\" decoding=\"async\" class=\"size-full wp-image-29974 aligncenter\" src=\"https:\/\/olu-limburg.de\/wp-content\/uploads\/2023\/10\/IMG_20230829_145850_ergebnis-e1697305361581.jpg\" alt=\"\" width=\"450\" height=\"600\" \/><\/a><\/p>\n<p>Das Mus\u00e9e de la Tapisserie de Bayeux befindet sich in der Rue de Nesmond, etwa 200 m von der Kathedrale entfernt. Im Vorraum darf noch fotografiert werden. Im Saal der Ausstellung des Teppichs ist Fotografierverbot.<\/p>\n<p><a href=\"https:\/\/olu-limburg.de\/wp-content\/uploads\/2023\/10\/IMG_20230829_151651_ergebnis-e1697305382231.jpg\"><img loading=\"lazy\" decoding=\"async\" class=\"size-full wp-image-29977 aligncenter\" src=\"https:\/\/olu-limburg.de\/wp-content\/uploads\/2023\/10\/IMG_20230829_151651_ergebnis-e1697305382231.jpg\" alt=\"\" width=\"450\" height=\"600\" \/><\/a><\/p>\n<p><a href=\"https:\/\/olu-limburg.de\/wp-content\/uploads\/2023\/10\/IMG_20230829_154943_ergebnis.jpg\"><img loading=\"lazy\" decoding=\"async\" class=\"size-full wp-image-29978 aligncenter\" src=\"https:\/\/olu-limburg.de\/wp-content\/uploads\/2023\/10\/IMG_20230829_154943_ergebnis.jpg\" alt=\"\" width=\"800\" height=\"600\" srcset=\"https:\/\/olu-limburg.de\/wp-content\/uploads\/2023\/10\/IMG_20230829_154943_ergebnis.jpg 800w, https:\/\/olu-limburg.de\/wp-content\/uploads\/2023\/10\/IMG_20230829_154943_ergebnis-300x225.jpg 300w, https:\/\/olu-limburg.de\/wp-content\/uploads\/2023\/10\/IMG_20230829_154943_ergebnis-768x576.jpg 768w, https:\/\/olu-limburg.de\/wp-content\/uploads\/2023\/10\/IMG_20230829_154943_ergebnis-624x468.jpg 624w\" sizes=\"auto, (max-width: 800px) 100vw, 800px\" \/><\/a><\/p>\n<p>Der sogenannte Teppich oder Wandteppich von Bayeux ist ein 52 cm hoher Tuchstreifen aus dem 11. Jhdt., bei dem auf 68 m in Stickarbeit 58 Szenen der Eroberung Englands durch den Normannenherzog Wilhelm den Eroberer dargestellt werden. Mit der Zahlung des Eintrittsgeldes erh\u00e4lt jeder Besucher auch einen Audioguide. Mit dem Abspulen der Erkl\u00e4rungen ist st\u00e4ndiger Besucherfluss vor den einzelnen Szenen gew\u00e4hrleistet. Der Wandteppich ist ein grandioses Kunstwerk.<\/p>\n<p>Im Anschlu\u00df kann man im 1. Stock die Erl\u00e4uterungen zu dem Wandteppich besichtigen. Hier darf auch wieder fotografiert werden.<\/p>\n<p><a href=\"https:\/\/olu-limburg.de\/wp-content\/uploads\/2023\/10\/IMG_20230829_155010_ergebnis-e1697305414227.jpg\"><img loading=\"lazy\" decoding=\"async\" class=\"size-full wp-image-29979 aligncenter\" src=\"https:\/\/olu-limburg.de\/wp-content\/uploads\/2023\/10\/IMG_20230829_155010_ergebnis-e1697305414227.jpg\" alt=\"\" width=\"450\" height=\"600\" \/><\/a><\/p>\n<p><a href=\"https:\/\/olu-limburg.de\/wp-content\/uploads\/2023\/10\/IMG_20230829_155152_ergebnis.jpg\"><img loading=\"lazy\" decoding=\"async\" class=\"size-full wp-image-29980 aligncenter\" src=\"https:\/\/olu-limburg.de\/wp-content\/uploads\/2023\/10\/IMG_20230829_155152_ergebnis.jpg\" alt=\"\" width=\"800\" height=\"600\" srcset=\"https:\/\/olu-limburg.de\/wp-content\/uploads\/2023\/10\/IMG_20230829_155152_ergebnis.jpg 800w, https:\/\/olu-limburg.de\/wp-content\/uploads\/2023\/10\/IMG_20230829_155152_ergebnis-300x225.jpg 300w, https:\/\/olu-limburg.de\/wp-content\/uploads\/2023\/10\/IMG_20230829_155152_ergebnis-768x576.jpg 768w, https:\/\/olu-limburg.de\/wp-content\/uploads\/2023\/10\/IMG_20230829_155152_ergebnis-624x468.jpg 624w\" sizes=\"auto, (max-width: 800px) 100vw, 800px\" \/><\/a><\/p>\n<p><a href=\"https:\/\/olu-limburg.de\/wp-content\/uploads\/2023\/10\/IMG_20230829_155453_ergebnis.jpg\"><img loading=\"lazy\" decoding=\"async\" class=\"size-full wp-image-29981 aligncenter\" src=\"https:\/\/olu-limburg.de\/wp-content\/uploads\/2023\/10\/IMG_20230829_155453_ergebnis.jpg\" alt=\"\" width=\"800\" height=\"600\" srcset=\"https:\/\/olu-limburg.de\/wp-content\/uploads\/2023\/10\/IMG_20230829_155453_ergebnis.jpg 800w, https:\/\/olu-limburg.de\/wp-content\/uploads\/2023\/10\/IMG_20230829_155453_ergebnis-300x225.jpg 300w, https:\/\/olu-limburg.de\/wp-content\/uploads\/2023\/10\/IMG_20230829_155453_ergebnis-768x576.jpg 768w, https:\/\/olu-limburg.de\/wp-content\/uploads\/2023\/10\/IMG_20230829_155453_ergebnis-624x468.jpg 624w\" sizes=\"auto, (max-width: 800px) 100vw, 800px\" \/><\/a><\/p>\n<p><a href=\"https:\/\/olu-limburg.de\/wp-content\/uploads\/2023\/10\/IMG_20230829_160632_ergebnis.jpg\"><img loading=\"lazy\" decoding=\"async\" class=\"size-full wp-image-29983 aligncenter\" src=\"https:\/\/olu-limburg.de\/wp-content\/uploads\/2023\/10\/IMG_20230829_160632_ergebnis.jpg\" alt=\"\" width=\"800\" height=\"600\" srcset=\"https:\/\/olu-limburg.de\/wp-content\/uploads\/2023\/10\/IMG_20230829_160632_ergebnis.jpg 800w, https:\/\/olu-limburg.de\/wp-content\/uploads\/2023\/10\/IMG_20230829_160632_ergebnis-300x225.jpg 300w, https:\/\/olu-limburg.de\/wp-content\/uploads\/2023\/10\/IMG_20230829_160632_ergebnis-768x576.jpg 768w, https:\/\/olu-limburg.de\/wp-content\/uploads\/2023\/10\/IMG_20230829_160632_ergebnis-624x468.jpg 624w\" sizes=\"auto, (max-width: 800px) 100vw, 800px\" \/><\/a><\/p>\n<p><a href=\"https:\/\/olu-limburg.de\/wp-content\/uploads\/2023\/10\/IMG_20230829_160659_ergebnis.jpg\"><img loading=\"lazy\" decoding=\"async\" class=\"size-full wp-image-29984 aligncenter\" src=\"https:\/\/olu-limburg.de\/wp-content\/uploads\/2023\/10\/IMG_20230829_160659_ergebnis.jpg\" alt=\"\" width=\"800\" height=\"600\" srcset=\"https:\/\/olu-limburg.de\/wp-content\/uploads\/2023\/10\/IMG_20230829_160659_ergebnis.jpg 800w, https:\/\/olu-limburg.de\/wp-content\/uploads\/2023\/10\/IMG_20230829_160659_ergebnis-300x225.jpg 300w, https:\/\/olu-limburg.de\/wp-content\/uploads\/2023\/10\/IMG_20230829_160659_ergebnis-768x576.jpg 768w, https:\/\/olu-limburg.de\/wp-content\/uploads\/2023\/10\/IMG_20230829_160659_ergebnis-624x468.jpg 624w\" sizes=\"auto, (max-width: 800px) 100vw, 800px\" \/><\/a><\/p>\n<p><a href=\"https:\/\/olu-limburg.de\/wp-content\/uploads\/2023\/10\/IMG_20230829_160724_ergebnis.jpg\"><img loading=\"lazy\" decoding=\"async\" class=\"size-full wp-image-29985 aligncenter\" src=\"https:\/\/olu-limburg.de\/wp-content\/uploads\/2023\/10\/IMG_20230829_160724_ergebnis.jpg\" alt=\"\" width=\"800\" height=\"600\" srcset=\"https:\/\/olu-limburg.de\/wp-content\/uploads\/2023\/10\/IMG_20230829_160724_ergebnis.jpg 800w, https:\/\/olu-limburg.de\/wp-content\/uploads\/2023\/10\/IMG_20230829_160724_ergebnis-300x225.jpg 300w, https:\/\/olu-limburg.de\/wp-content\/uploads\/2023\/10\/IMG_20230829_160724_ergebnis-768x576.jpg 768w, https:\/\/olu-limburg.de\/wp-content\/uploads\/2023\/10\/IMG_20230829_160724_ergebnis-624x468.jpg 624w\" sizes=\"auto, (max-width: 800px) 100vw, 800px\" \/><\/a><\/p>\n<p><a href=\"https:\/\/olu-limburg.de\/wp-content\/uploads\/2023\/10\/IMG_20230829_161135_ergebnis.jpg\"><img loading=\"lazy\" decoding=\"async\" class=\"size-full wp-image-29986 aligncenter\" src=\"https:\/\/olu-limburg.de\/wp-content\/uploads\/2023\/10\/IMG_20230829_161135_ergebnis.jpg\" alt=\"\" width=\"800\" height=\"600\" srcset=\"https:\/\/olu-limburg.de\/wp-content\/uploads\/2023\/10\/IMG_20230829_161135_ergebnis.jpg 800w, https:\/\/olu-limburg.de\/wp-content\/uploads\/2023\/10\/IMG_20230829_161135_ergebnis-300x225.jpg 300w, https:\/\/olu-limburg.de\/wp-content\/uploads\/2023\/10\/IMG_20230829_161135_ergebnis-768x576.jpg 768w, https:\/\/olu-limburg.de\/wp-content\/uploads\/2023\/10\/IMG_20230829_161135_ergebnis-624x468.jpg 624w\" sizes=\"auto, (max-width: 800px) 100vw, 800px\" \/><\/a><\/p>\n<p><a href=\"https:\/\/olu-limburg.de\/wp-content\/uploads\/2023\/10\/IMG_20230829_161151_ergebnis.jpg\"><img loading=\"lazy\" decoding=\"async\" class=\"size-full wp-image-29987 aligncenter\" src=\"https:\/\/olu-limburg.de\/wp-content\/uploads\/2023\/10\/IMG_20230829_161151_ergebnis.jpg\" alt=\"\" width=\"800\" height=\"600\" srcset=\"https:\/\/olu-limburg.de\/wp-content\/uploads\/2023\/10\/IMG_20230829_161151_ergebnis.jpg 800w, https:\/\/olu-limburg.de\/wp-content\/uploads\/2023\/10\/IMG_20230829_161151_ergebnis-300x225.jpg 300w, https:\/\/olu-limburg.de\/wp-content\/uploads\/2023\/10\/IMG_20230829_161151_ergebnis-768x576.jpg 768w, https:\/\/olu-limburg.de\/wp-content\/uploads\/2023\/10\/IMG_20230829_161151_ergebnis-624x468.jpg 624w\" sizes=\"auto, (max-width: 800px) 100vw, 800px\" \/><\/a><\/p>\n<p>Es war einfach &#8211; toll.<\/p>\n<p><a href=\"https:\/\/olu-limburg.de\/wp-content\/uploads\/2023\/10\/IMG_20230829_151619_ergebnis.jpg\"><img loading=\"lazy\" decoding=\"async\" class=\"size-full wp-image-29976 aligncenter\" src=\"https:\/\/olu-limburg.de\/wp-content\/uploads\/2023\/10\/IMG_20230829_151619_ergebnis.jpg\" alt=\"\" width=\"800\" height=\"600\" srcset=\"https:\/\/olu-limburg.de\/wp-content\/uploads\/2023\/10\/IMG_20230829_151619_ergebnis.jpg 800w, https:\/\/olu-limburg.de\/wp-content\/uploads\/2023\/10\/IMG_20230829_151619_ergebnis-300x225.jpg 300w, https:\/\/olu-limburg.de\/wp-content\/uploads\/2023\/10\/IMG_20230829_151619_ergebnis-768x576.jpg 768w, https:\/\/olu-limburg.de\/wp-content\/uploads\/2023\/10\/IMG_20230829_151619_ergebnis-624x468.jpg 624w\" sizes=\"auto, (max-width: 800px) 100vw, 800px\" \/><\/a><\/p>\n<p><a href=\"https:\/\/olu-limburg.de\/wp-content\/uploads\/2023\/10\/IMG_20230829_163238_ergebnis-e1697387998407.jpg\"><img loading=\"lazy\" decoding=\"async\" class=\"size-full wp-image-29989 aligncenter\" src=\"https:\/\/olu-limburg.de\/wp-content\/uploads\/2023\/10\/IMG_20230829_163238_ergebnis-e1697387998407.jpg\" alt=\"\" width=\"450\" height=\"600\" \/><\/a><\/p>\n<p>Es ist noch etwas fr\u00fch, und so sch\u00f6n ist der Friedhofsparkplatz (n\u00e4chtliche Parkgeb\u00fchr f\u00fcr Wohnmobile EUR 5,00) auch nicht. Ganz in der N\u00e4he von Bayeux gibt es von France Passion in Vaux sur Aure noch einen alten Bauernhof mit Cidrerie aus dem 16. Jhdt. als \u00dcbernachtungsm\u00f6glichkeit. Da fahren wir hin. Au\u00dferhalb des Hofgutes gibt es f\u00fcnf Pl\u00e4tze wo man gut stehen kann. Innen befindet sich ein Verkaufsraum f\u00fcr Cidre, Calvados etc.. Vor uns sind in einem kleinen Gatter K\u00e4lbchen untergebracht.<\/p>\n<p><a href=\"https:\/\/olu-limburg.de\/wp-content\/uploads\/2023\/10\/IMG_20230829_174236_ergebnis.jpg\"><img loading=\"lazy\" decoding=\"async\" class=\"size-full wp-image-29992 aligncenter\" src=\"https:\/\/olu-limburg.de\/wp-content\/uploads\/2023\/10\/IMG_20230829_174236_ergebnis.jpg\" alt=\"\" width=\"800\" height=\"600\" srcset=\"https:\/\/olu-limburg.de\/wp-content\/uploads\/2023\/10\/IMG_20230829_174236_ergebnis.jpg 800w, https:\/\/olu-limburg.de\/wp-content\/uploads\/2023\/10\/IMG_20230829_174236_ergebnis-300x225.jpg 300w, https:\/\/olu-limburg.de\/wp-content\/uploads\/2023\/10\/IMG_20230829_174236_ergebnis-768x576.jpg 768w, https:\/\/olu-limburg.de\/wp-content\/uploads\/2023\/10\/IMG_20230829_174236_ergebnis-624x468.jpg 624w\" sizes=\"auto, (max-width: 800px) 100vw, 800px\" \/><\/a><\/p>\n<p><a href=\"https:\/\/olu-limburg.de\/wp-content\/uploads\/2023\/10\/IMG_20230829_173414_ergebnis.jpg\"><img loading=\"lazy\" decoding=\"async\" class=\"size-full wp-image-29991 aligncenter\" src=\"https:\/\/olu-limburg.de\/wp-content\/uploads\/2023\/10\/IMG_20230829_173414_ergebnis.jpg\" alt=\"\" width=\"800\" height=\"600\" srcset=\"https:\/\/olu-limburg.de\/wp-content\/uploads\/2023\/10\/IMG_20230829_173414_ergebnis.jpg 800w, https:\/\/olu-limburg.de\/wp-content\/uploads\/2023\/10\/IMG_20230829_173414_ergebnis-300x225.jpg 300w, https:\/\/olu-limburg.de\/wp-content\/uploads\/2023\/10\/IMG_20230829_173414_ergebnis-768x576.jpg 768w, https:\/\/olu-limburg.de\/wp-content\/uploads\/2023\/10\/IMG_20230829_173414_ergebnis-624x468.jpg 624w\" sizes=\"auto, (max-width: 800px) 100vw, 800px\" \/><\/a><\/p>\n<p><a href=\"https:\/\/olu-limburg.de\/wp-content\/uploads\/2023\/10\/IMG_20230829_173404_ergebnis.jpg\"><img loading=\"lazy\" decoding=\"async\" class=\"size-full wp-image-29990 aligncenter\" src=\"https:\/\/olu-limburg.de\/wp-content\/uploads\/2023\/10\/IMG_20230829_173404_ergebnis.jpg\" alt=\"\" width=\"800\" height=\"600\" srcset=\"https:\/\/olu-limburg.de\/wp-content\/uploads\/2023\/10\/IMG_20230829_173404_ergebnis.jpg 800w, https:\/\/olu-limburg.de\/wp-content\/uploads\/2023\/10\/IMG_20230829_173404_ergebnis-300x225.jpg 300w, https:\/\/olu-limburg.de\/wp-content\/uploads\/2023\/10\/IMG_20230829_173404_ergebnis-768x576.jpg 768w, https:\/\/olu-limburg.de\/wp-content\/uploads\/2023\/10\/IMG_20230829_173404_ergebnis-624x468.jpg 624w\" sizes=\"auto, (max-width: 800px) 100vw, 800px\" \/><\/a><\/p>\n<p>Tagesstrecke: 62 km<\/p>\n<p>&nbsp;<\/p>\n<p><strong>Mittwoch, 30.08.2023<\/strong><\/p>\n<p>Gestern haben wir nur schnell den Bauernhof f\u00fcr die \u00dcbernachtung gesucht. Heute sehen wir bei der Weiterfahrt, dass Vaux sur Aure aus einer Kirche, ein paar H\u00e4usern und einem Schloss besteht, und nur wenige Kilometer unterhalb des Omaha Beach liegt. Das Dorf z\u00e4hlt ganze 299 Einwohner, die hier <em>Vallonnais<\/em> genannt werden.<\/p>\n<p><a href=\"https:\/\/olu-limburg.de\/wp-content\/uploads\/2023\/10\/IMG_20230830_105756_ergebnis.jpg\"><img loading=\"lazy\" decoding=\"async\" class=\"size-full wp-image-29998 aligncenter\" src=\"https:\/\/olu-limburg.de\/wp-content\/uploads\/2023\/10\/IMG_20230830_105756_ergebnis.jpg\" alt=\"\" width=\"800\" height=\"600\" srcset=\"https:\/\/olu-limburg.de\/wp-content\/uploads\/2023\/10\/IMG_20230830_105756_ergebnis.jpg 800w, https:\/\/olu-limburg.de\/wp-content\/uploads\/2023\/10\/IMG_20230830_105756_ergebnis-300x225.jpg 300w, https:\/\/olu-limburg.de\/wp-content\/uploads\/2023\/10\/IMG_20230830_105756_ergebnis-768x576.jpg 768w, https:\/\/olu-limburg.de\/wp-content\/uploads\/2023\/10\/IMG_20230830_105756_ergebnis-624x468.jpg 624w\" sizes=\"auto, (max-width: 800px) 100vw, 800px\" \/><\/a><\/p>\n<div id=\"attachment_29997\" style=\"width: 810px\" class=\"wp-caption aligncenter\"><a href=\"https:\/\/olu-limburg.de\/wp-content\/uploads\/2023\/10\/IMG_20230830_105704_ergebnis.jpg\"><img loading=\"lazy\" decoding=\"async\" aria-describedby=\"caption-attachment-29997\" class=\"wp-image-29997 size-full\" src=\"https:\/\/olu-limburg.de\/wp-content\/uploads\/2023\/10\/IMG_20230830_105704_ergebnis.jpg\" alt=\"\" width=\"800\" height=\"600\" srcset=\"https:\/\/olu-limburg.de\/wp-content\/uploads\/2023\/10\/IMG_20230830_105704_ergebnis.jpg 800w, https:\/\/olu-limburg.de\/wp-content\/uploads\/2023\/10\/IMG_20230830_105704_ergebnis-300x225.jpg 300w, https:\/\/olu-limburg.de\/wp-content\/uploads\/2023\/10\/IMG_20230830_105704_ergebnis-768x576.jpg 768w, https:\/\/olu-limburg.de\/wp-content\/uploads\/2023\/10\/IMG_20230830_105704_ergebnis-624x468.jpg 624w\" sizes=\"auto, (max-width: 800px) 100vw, 800px\" \/><\/a><p id=\"caption-attachment-29997\" class=\"wp-caption-text\">Le Ch\u00e2teau de la Ferri\u00e8re aus dem 18. Jhdt.<\/p><\/div>\n<p>Nach dem kurzen Fotostopp fahren wir auf der N13 direkt bis St.-Vaast-la-Hougue. Auf dem Stellplatz mit V+E (Geb\u00fchr EUR 10,00) neben dem CP &#8222;La Gallouette&#8220;, in der Rue de la Gallouette, ist noch gen\u00fcgend Platz f\u00fcr uns.<\/p>\n<p><a href=\"https:\/\/olu-limburg.de\/wp-content\/uploads\/2023\/10\/P1110829_ergebnis.jpg\"><img loading=\"lazy\" decoding=\"async\" class=\"size-full wp-image-30003 aligncenter\" src=\"https:\/\/olu-limburg.de\/wp-content\/uploads\/2023\/10\/P1110829_ergebnis.jpg\" alt=\"\" width=\"800\" height=\"600\" srcset=\"https:\/\/olu-limburg.de\/wp-content\/uploads\/2023\/10\/P1110829_ergebnis.jpg 800w, https:\/\/olu-limburg.de\/wp-content\/uploads\/2023\/10\/P1110829_ergebnis-300x225.jpg 300w, https:\/\/olu-limburg.de\/wp-content\/uploads\/2023\/10\/P1110829_ergebnis-768x576.jpg 768w, https:\/\/olu-limburg.de\/wp-content\/uploads\/2023\/10\/P1110829_ergebnis-624x468.jpg 624w\" sizes=\"auto, (max-width: 800px) 100vw, 800px\" \/><\/a><\/p>\n<p>Jetzt beeilen wir uns, um noch schnell zu dem Office de Tourisme in St.Vaast zu kommen. Denn hier findet momentan das &#8222;Festival Les Travers\u00e9es Tatihou&#8220; statt, und morgen tritt auf dem Festivalgel\u00e4nde auf der \u00cele de Tatihou der galizische Gaitaspieler Carlos Nunez mit seiner Band auf. Vielleicht k\u00f6nnen wir ja noch Eintrittskarten bekommen. \u00dcber das Internet war es uns nicht m\u00f6glich Tickets zu bestellen.<\/p>\n<p><a href=\"https:\/\/olu-limburg.de\/wp-content\/uploads\/2023\/10\/IMG_20230830_173433_ergebnis.jpg\"><img loading=\"lazy\" decoding=\"async\" class=\"size-full wp-image-30011 aligncenter\" src=\"https:\/\/olu-limburg.de\/wp-content\/uploads\/2023\/10\/IMG_20230830_173433_ergebnis.jpg\" alt=\"\" width=\"800\" height=\"600\" srcset=\"https:\/\/olu-limburg.de\/wp-content\/uploads\/2023\/10\/IMG_20230830_173433_ergebnis.jpg 800w, https:\/\/olu-limburg.de\/wp-content\/uploads\/2023\/10\/IMG_20230830_173433_ergebnis-300x225.jpg 300w, https:\/\/olu-limburg.de\/wp-content\/uploads\/2023\/10\/IMG_20230830_173433_ergebnis-768x576.jpg 768w, https:\/\/olu-limburg.de\/wp-content\/uploads\/2023\/10\/IMG_20230830_173433_ergebnis-624x468.jpg 624w\" sizes=\"auto, (max-width: 800px) 100vw, 800px\" \/><\/a><\/p>\n<p><a href=\"https:\/\/olu-limburg.de\/wp-content\/uploads\/2023\/10\/IMG_20230830_130051_ergebnis-e1697452556573.jpg\"><img loading=\"lazy\" decoding=\"async\" class=\"size-full wp-image-30004 aligncenter\" src=\"https:\/\/olu-limburg.de\/wp-content\/uploads\/2023\/10\/IMG_20230830_130051_ergebnis-e1697452556573.jpg\" alt=\"\" width=\"450\" height=\"600\" \/><\/a><\/p>\n<p>Die Mitarbeiter des Office de Tourisme haben bereits Mittagspause, \u00f6ffnen aber um 13.15 Uhr wieder. Wir k\u00f6nnen die paar Minuten in der Sonne abwarten. Wie wir dann aber erfahren, werden die Tickets in dem Geb\u00e4udeteil um die Ecke herum verkauft. Tats\u00e4chlich bekommen wir noch zwei Eintrittskarten f\u00fcr das morgige Konzert mit Carlos Nunez.<\/p>\n<p>Vor Freude dar\u00fcber nehmen wir einen Imbiss mit Austern und Muscadet in der Bar \u00e0 huitres &#8222;L&#8217;itre&#8220;. Ich habe selten so frische und schmackhafte Austern gegessen.<\/p>\n<p><a href=\"https:\/\/olu-limburg.de\/wp-content\/uploads\/2023\/10\/IMG_20230830_135808_ergebnis.jpg\"><img loading=\"lazy\" decoding=\"async\" class=\"size-full wp-image-30005 aligncenter\" src=\"https:\/\/olu-limburg.de\/wp-content\/uploads\/2023\/10\/IMG_20230830_135808_ergebnis.jpg\" alt=\"\" width=\"800\" height=\"600\" srcset=\"https:\/\/olu-limburg.de\/wp-content\/uploads\/2023\/10\/IMG_20230830_135808_ergebnis.jpg 800w, https:\/\/olu-limburg.de\/wp-content\/uploads\/2023\/10\/IMG_20230830_135808_ergebnis-300x225.jpg 300w, https:\/\/olu-limburg.de\/wp-content\/uploads\/2023\/10\/IMG_20230830_135808_ergebnis-768x576.jpg 768w, https:\/\/olu-limburg.de\/wp-content\/uploads\/2023\/10\/IMG_20230830_135808_ergebnis-624x468.jpg 624w\" sizes=\"auto, (max-width: 800px) 100vw, 800px\" \/><\/a><\/p>\n<p>W\u00e4hrend wir hier sitzen und schlemmen, zieht eine bretonische Animationstruppe mit Trommeln und Blasinstrumenten vorbei.<\/p>\n<p><a href=\"https:\/\/olu-limburg.de\/wp-content\/uploads\/2023\/10\/IMG_20230830_140405_ergebnis.jpg\"><img loading=\"lazy\" decoding=\"async\" class=\"size-full wp-image-30006 aligncenter\" src=\"https:\/\/olu-limburg.de\/wp-content\/uploads\/2023\/10\/IMG_20230830_140405_ergebnis.jpg\" alt=\"\" width=\"800\" height=\"600\" srcset=\"https:\/\/olu-limburg.de\/wp-content\/uploads\/2023\/10\/IMG_20230830_140405_ergebnis.jpg 800w, https:\/\/olu-limburg.de\/wp-content\/uploads\/2023\/10\/IMG_20230830_140405_ergebnis-300x225.jpg 300w, https:\/\/olu-limburg.de\/wp-content\/uploads\/2023\/10\/IMG_20230830_140405_ergebnis-768x576.jpg 768w, https:\/\/olu-limburg.de\/wp-content\/uploads\/2023\/10\/IMG_20230830_140405_ergebnis-624x468.jpg 624w\" sizes=\"auto, (max-width: 800px) 100vw, 800px\" \/><\/a><\/p>\n<p><a href=\"https:\/\/olu-limburg.de\/wp-content\/uploads\/2023\/10\/IMG_20230830_142918_ergebnis.jpg\"><img loading=\"lazy\" decoding=\"async\" class=\"size-full wp-image-30007 aligncenter\" src=\"https:\/\/olu-limburg.de\/wp-content\/uploads\/2023\/10\/IMG_20230830_142918_ergebnis.jpg\" alt=\"\" width=\"800\" height=\"600\" srcset=\"https:\/\/olu-limburg.de\/wp-content\/uploads\/2023\/10\/IMG_20230830_142918_ergebnis.jpg 800w, https:\/\/olu-limburg.de\/wp-content\/uploads\/2023\/10\/IMG_20230830_142918_ergebnis-300x225.jpg 300w, https:\/\/olu-limburg.de\/wp-content\/uploads\/2023\/10\/IMG_20230830_142918_ergebnis-768x576.jpg 768w, https:\/\/olu-limburg.de\/wp-content\/uploads\/2023\/10\/IMG_20230830_142918_ergebnis-624x468.jpg 624w\" sizes=\"auto, (max-width: 800px) 100vw, 800px\" \/><\/a><\/p>\n<div id=\"attachment_30012\" style=\"width: 810px\" class=\"wp-caption aligncenter\"><a href=\"https:\/\/olu-limburg.de\/wp-content\/uploads\/2023\/10\/IMG_20230830_174111_ergebnis.jpg\"><img loading=\"lazy\" decoding=\"async\" aria-describedby=\"caption-attachment-30012\" class=\"wp-image-30012 size-full\" src=\"https:\/\/olu-limburg.de\/wp-content\/uploads\/2023\/10\/IMG_20230830_174111_ergebnis.jpg\" alt=\"\" width=\"800\" height=\"600\" srcset=\"https:\/\/olu-limburg.de\/wp-content\/uploads\/2023\/10\/IMG_20230830_174111_ergebnis.jpg 800w, https:\/\/olu-limburg.de\/wp-content\/uploads\/2023\/10\/IMG_20230830_174111_ergebnis-300x225.jpg 300w, https:\/\/olu-limburg.de\/wp-content\/uploads\/2023\/10\/IMG_20230830_174111_ergebnis-768x576.jpg 768w, https:\/\/olu-limburg.de\/wp-content\/uploads\/2023\/10\/IMG_20230830_174111_ergebnis-624x468.jpg 624w\" sizes=\"auto, (max-width: 800px) 100vw, 800px\" \/><\/a><p id=\"caption-attachment-30012\" class=\"wp-caption-text\">das Amphibienfahrzeug f\u00fcr die Fahrt zur \u00cele de Tatihou<\/p><\/div>\n<p><a href=\"https:\/\/olu-limburg.de\/wp-content\/uploads\/2023\/10\/20230830_143845_ergebnis.jpg\"><img loading=\"lazy\" decoding=\"async\" class=\"size-full wp-image-30026 aligncenter\" src=\"https:\/\/olu-limburg.de\/wp-content\/uploads\/2023\/10\/20230830_143845_ergebnis.jpg\" alt=\"\" width=\"800\" height=\"600\" srcset=\"https:\/\/olu-limburg.de\/wp-content\/uploads\/2023\/10\/20230830_143845_ergebnis.jpg 800w, https:\/\/olu-limburg.de\/wp-content\/uploads\/2023\/10\/20230830_143845_ergebnis-300x225.jpg 300w, https:\/\/olu-limburg.de\/wp-content\/uploads\/2023\/10\/20230830_143845_ergebnis-768x576.jpg 768w, https:\/\/olu-limburg.de\/wp-content\/uploads\/2023\/10\/20230830_143845_ergebnis-624x468.jpg 624w\" sizes=\"auto, (max-width: 800px) 100vw, 800px\" \/><\/a><\/p>\n<p>Heute Vormittag sind hier noch Frauen geschwommen, und jetzt ist das Wasser schon wieder weg.<\/p>\n<p><a href=\"https:\/\/olu-limburg.de\/wp-content\/uploads\/2023\/10\/IMG_20230830_144103_ergebnis.jpg\"><img loading=\"lazy\" decoding=\"async\" class=\"size-full wp-image-30009 aligncenter\" src=\"https:\/\/olu-limburg.de\/wp-content\/uploads\/2023\/10\/IMG_20230830_144103_ergebnis.jpg\" alt=\"\" width=\"800\" height=\"600\" srcset=\"https:\/\/olu-limburg.de\/wp-content\/uploads\/2023\/10\/IMG_20230830_144103_ergebnis.jpg 800w, https:\/\/olu-limburg.de\/wp-content\/uploads\/2023\/10\/IMG_20230830_144103_ergebnis-300x225.jpg 300w, https:\/\/olu-limburg.de\/wp-content\/uploads\/2023\/10\/IMG_20230830_144103_ergebnis-768x576.jpg 768w, https:\/\/olu-limburg.de\/wp-content\/uploads\/2023\/10\/IMG_20230830_144103_ergebnis-624x468.jpg 624w\" sizes=\"auto, (max-width: 800px) 100vw, 800px\" \/><\/a><\/p>\n<div id=\"attachment_30010\" style=\"width: 810px\" class=\"wp-caption aligncenter\"><a href=\"https:\/\/olu-limburg.de\/wp-content\/uploads\/2023\/10\/IMG_20230830_144113_ergebnis.jpg\"><img loading=\"lazy\" decoding=\"async\" aria-describedby=\"caption-attachment-30010\" class=\"wp-image-30010 size-full\" src=\"https:\/\/olu-limburg.de\/wp-content\/uploads\/2023\/10\/IMG_20230830_144113_ergebnis.jpg\" alt=\"\" width=\"800\" height=\"600\" srcset=\"https:\/\/olu-limburg.de\/wp-content\/uploads\/2023\/10\/IMG_20230830_144113_ergebnis.jpg 800w, https:\/\/olu-limburg.de\/wp-content\/uploads\/2023\/10\/IMG_20230830_144113_ergebnis-300x225.jpg 300w, https:\/\/olu-limburg.de\/wp-content\/uploads\/2023\/10\/IMG_20230830_144113_ergebnis-768x576.jpg 768w, https:\/\/olu-limburg.de\/wp-content\/uploads\/2023\/10\/IMG_20230830_144113_ergebnis-624x468.jpg 624w\" sizes=\"auto, (max-width: 800px) 100vw, 800px\" \/><\/a><p id=\"caption-attachment-30010\" class=\"wp-caption-text\">am Horizont mit dem Wachturm: das Cap de la Hougue.<\/p><\/div>\n<p>Beim Wohnmobil ist ein wenig Chillen angesagt, bevor wir nochmals um den Hafen spazieren.<\/p>\n<p><a href=\"https:\/\/olu-limburg.de\/wp-content\/uploads\/2023\/10\/IMG_20230830_194115_ergebnis.jpg\"><img loading=\"lazy\" decoding=\"async\" class=\"size-full wp-image-30019 aligncenter\" src=\"https:\/\/olu-limburg.de\/wp-content\/uploads\/2023\/10\/IMG_20230830_194115_ergebnis.jpg\" alt=\"\" width=\"800\" height=\"600\" srcset=\"https:\/\/olu-limburg.de\/wp-content\/uploads\/2023\/10\/IMG_20230830_194115_ergebnis.jpg 800w, https:\/\/olu-limburg.de\/wp-content\/uploads\/2023\/10\/IMG_20230830_194115_ergebnis-300x225.jpg 300w, https:\/\/olu-limburg.de\/wp-content\/uploads\/2023\/10\/IMG_20230830_194115_ergebnis-768x576.jpg 768w, https:\/\/olu-limburg.de\/wp-content\/uploads\/2023\/10\/IMG_20230830_194115_ergebnis-624x468.jpg 624w\" sizes=\"auto, (max-width: 800px) 100vw, 800px\" \/><\/a><\/p>\n<p><a href=\"https:\/\/olu-limburg.de\/wp-content\/uploads\/2023\/10\/IMG_20230830_194402_ergebnis-e1697462966236.jpg\"><img loading=\"lazy\" decoding=\"async\" class=\"size-full wp-image-30022 aligncenter\" src=\"https:\/\/olu-limburg.de\/wp-content\/uploads\/2023\/10\/IMG_20230830_194402_ergebnis-e1697462966236.jpg\" alt=\"\" width=\"450\" height=\"600\" \/><\/a><\/p>\n<p><a href=\"https:\/\/olu-limburg.de\/wp-content\/uploads\/2023\/10\/20230830_194415_ergebnis.jpg\"><img loading=\"lazy\" decoding=\"async\" class=\"size-full wp-image-30033 aligncenter\" src=\"https:\/\/olu-limburg.de\/wp-content\/uploads\/2023\/10\/20230830_194415_ergebnis.jpg\" alt=\"\" width=\"800\" height=\"600\" srcset=\"https:\/\/olu-limburg.de\/wp-content\/uploads\/2023\/10\/20230830_194415_ergebnis.jpg 800w, https:\/\/olu-limburg.de\/wp-content\/uploads\/2023\/10\/20230830_194415_ergebnis-300x225.jpg 300w, https:\/\/olu-limburg.de\/wp-content\/uploads\/2023\/10\/20230830_194415_ergebnis-768x576.jpg 768w, https:\/\/olu-limburg.de\/wp-content\/uploads\/2023\/10\/20230830_194415_ergebnis-624x468.jpg 624w\" sizes=\"auto, (max-width: 800px) 100vw, 800px\" \/><\/a><\/p>\n<p><a href=\"https:\/\/olu-limburg.de\/wp-content\/uploads\/2023\/10\/20230830_194354_ergebnis.jpg\"><img loading=\"lazy\" decoding=\"async\" class=\"size-full wp-image-30032 aligncenter\" src=\"https:\/\/olu-limburg.de\/wp-content\/uploads\/2023\/10\/20230830_194354_ergebnis.jpg\" alt=\"\" width=\"800\" height=\"600\" srcset=\"https:\/\/olu-limburg.de\/wp-content\/uploads\/2023\/10\/20230830_194354_ergebnis.jpg 800w, https:\/\/olu-limburg.de\/wp-content\/uploads\/2023\/10\/20230830_194354_ergebnis-300x225.jpg 300w, https:\/\/olu-limburg.de\/wp-content\/uploads\/2023\/10\/20230830_194354_ergebnis-768x576.jpg 768w, https:\/\/olu-limburg.de\/wp-content\/uploads\/2023\/10\/20230830_194354_ergebnis-624x468.jpg 624w\" sizes=\"auto, (max-width: 800px) 100vw, 800px\" \/><\/a><\/p>\n<div id=\"attachment_30023\" style=\"width: 810px\" class=\"wp-caption aligncenter\"><a href=\"https:\/\/olu-limburg.de\/wp-content\/uploads\/2023\/10\/IMG_20230830_194503_ergebnis.jpg\"><img loading=\"lazy\" decoding=\"async\" aria-describedby=\"caption-attachment-30023\" class=\"wp-image-30023 size-full\" src=\"https:\/\/olu-limburg.de\/wp-content\/uploads\/2023\/10\/IMG_20230830_194503_ergebnis.jpg\" alt=\"\" width=\"800\" height=\"600\" srcset=\"https:\/\/olu-limburg.de\/wp-content\/uploads\/2023\/10\/IMG_20230830_194503_ergebnis.jpg 800w, https:\/\/olu-limburg.de\/wp-content\/uploads\/2023\/10\/IMG_20230830_194503_ergebnis-300x225.jpg 300w, https:\/\/olu-limburg.de\/wp-content\/uploads\/2023\/10\/IMG_20230830_194503_ergebnis-768x576.jpg 768w, https:\/\/olu-limburg.de\/wp-content\/uploads\/2023\/10\/IMG_20230830_194503_ergebnis-624x468.jpg 624w\" sizes=\"auto, (max-width: 800px) 100vw, 800px\" \/><\/a><p id=\"caption-attachment-30023\" class=\"wp-caption-text\">Blick auf Tatihou<\/p><\/div>\n<div id=\"attachment_30013\" style=\"width: 810px\" class=\"wp-caption aligncenter\"><a href=\"https:\/\/olu-limburg.de\/wp-content\/uploads\/2023\/10\/IMG_20230830_174903_ergebnis.jpg\"><img loading=\"lazy\" decoding=\"async\" aria-describedby=\"caption-attachment-30013\" class=\"wp-image-30013 size-full\" src=\"https:\/\/olu-limburg.de\/wp-content\/uploads\/2023\/10\/IMG_20230830_174903_ergebnis.jpg\" alt=\"\" width=\"800\" height=\"600\" srcset=\"https:\/\/olu-limburg.de\/wp-content\/uploads\/2023\/10\/IMG_20230830_174903_ergebnis.jpg 800w, https:\/\/olu-limburg.de\/wp-content\/uploads\/2023\/10\/IMG_20230830_174903_ergebnis-300x225.jpg 300w, https:\/\/olu-limburg.de\/wp-content\/uploads\/2023\/10\/IMG_20230830_174903_ergebnis-768x576.jpg 768w, https:\/\/olu-limburg.de\/wp-content\/uploads\/2023\/10\/IMG_20230830_174903_ergebnis-624x468.jpg 624w\" sizes=\"auto, (max-width: 800px) 100vw, 800px\" \/><\/a><p id=\"caption-attachment-30013\" class=\"wp-caption-text\">so weit das Auge reicht &#8211; alles nur Tische mit Austern- und Muschels\u00e4cken<\/p><\/div>\n<p><a href=\"https:\/\/olu-limburg.de\/wp-content\/uploads\/2023\/10\/P1110822_ergebnis.jpg\"><img loading=\"lazy\" decoding=\"async\" class=\"size-full wp-image-30001 aligncenter\" src=\"https:\/\/olu-limburg.de\/wp-content\/uploads\/2023\/10\/P1110822_ergebnis.jpg\" alt=\"\" width=\"800\" height=\"600\" srcset=\"https:\/\/olu-limburg.de\/wp-content\/uploads\/2023\/10\/P1110822_ergebnis.jpg 800w, https:\/\/olu-limburg.de\/wp-content\/uploads\/2023\/10\/P1110822_ergebnis-300x225.jpg 300w, https:\/\/olu-limburg.de\/wp-content\/uploads\/2023\/10\/P1110822_ergebnis-768x576.jpg 768w, https:\/\/olu-limburg.de\/wp-content\/uploads\/2023\/10\/P1110822_ergebnis-624x468.jpg 624w\" sizes=\"auto, (max-width: 800px) 100vw, 800px\" \/><\/a><\/p>\n<p>Eine normannische Musikgruppe spielt zum Tanz auf, und Alle bewegen sich wie bei den bretonischen Rundt\u00e4nzen, mit denselben Schrittkombinationen.<\/p>\n<p><a href=\"https:\/\/olu-limburg.de\/wp-content\/uploads\/2023\/10\/IMG_20230830_183734_ergebnis.jpg\"><img loading=\"lazy\" decoding=\"async\" class=\"size-full wp-image-30014 aligncenter\" src=\"https:\/\/olu-limburg.de\/wp-content\/uploads\/2023\/10\/IMG_20230830_183734_ergebnis.jpg\" alt=\"\" width=\"800\" height=\"600\" srcset=\"https:\/\/olu-limburg.de\/wp-content\/uploads\/2023\/10\/IMG_20230830_183734_ergebnis.jpg 800w, https:\/\/olu-limburg.de\/wp-content\/uploads\/2023\/10\/IMG_20230830_183734_ergebnis-300x225.jpg 300w, https:\/\/olu-limburg.de\/wp-content\/uploads\/2023\/10\/IMG_20230830_183734_ergebnis-768x576.jpg 768w, https:\/\/olu-limburg.de\/wp-content\/uploads\/2023\/10\/IMG_20230830_183734_ergebnis-624x468.jpg 624w\" sizes=\"auto, (max-width: 800px) 100vw, 800px\" \/><\/a><\/p>\n<p><a href=\"https:\/\/olu-limburg.de\/wp-content\/uploads\/2023\/10\/IMG_20230830_185025_ergebnis-e1697463307911.jpg\"><img loading=\"lazy\" decoding=\"async\" class=\"size-full wp-image-30015 alignleft\" src=\"https:\/\/olu-limburg.de\/wp-content\/uploads\/2023\/10\/IMG_20230830_185025_ergebnis-e1697463307911.jpg\" alt=\"\" width=\"450\" height=\"600\" \/><\/a><\/p>\n<p><a href=\"https:\/\/olu-limburg.de\/wp-content\/uploads\/2023\/10\/IMG_20230830_185902_ergebnis-e1697463411243.jpg\"><img loading=\"lazy\" decoding=\"async\" class=\"size-full wp-image-30016 alignright\" src=\"https:\/\/olu-limburg.de\/wp-content\/uploads\/2023\/10\/IMG_20230830_185902_ergebnis-e1697463411243.jpg\" alt=\"\" width=\"450\" height=\"600\" \/><\/a><\/p>\n<p><a href=\"https:\/\/olu-limburg.de\/wp-content\/uploads\/2023\/10\/IMG_20230830_193359_ergebnis.jpg\"><img loading=\"lazy\" decoding=\"async\" class=\"size-full wp-image-30017 aligncenter\" src=\"https:\/\/olu-limburg.de\/wp-content\/uploads\/2023\/10\/IMG_20230830_193359_ergebnis.jpg\" alt=\"\" width=\"800\" height=\"600\" srcset=\"https:\/\/olu-limburg.de\/wp-content\/uploads\/2023\/10\/IMG_20230830_193359_ergebnis.jpg 800w, https:\/\/olu-limburg.de\/wp-content\/uploads\/2023\/10\/IMG_20230830_193359_ergebnis-300x225.jpg 300w, https:\/\/olu-limburg.de\/wp-content\/uploads\/2023\/10\/IMG_20230830_193359_ergebnis-768x576.jpg 768w, https:\/\/olu-limburg.de\/wp-content\/uploads\/2023\/10\/IMG_20230830_193359_ergebnis-624x468.jpg 624w\" sizes=\"auto, (max-width: 800px) 100vw, 800px\" \/><\/a><\/p>\n<div id=\"attachment_30018\" style=\"width: 810px\" class=\"wp-caption aligncenter\"><a href=\"https:\/\/olu-limburg.de\/wp-content\/uploads\/2023\/10\/IMG_20230830_193520_ergebnis.jpg\"><img loading=\"lazy\" decoding=\"async\" aria-describedby=\"caption-attachment-30018\" class=\"wp-image-30018 size-full\" src=\"https:\/\/olu-limburg.de\/wp-content\/uploads\/2023\/10\/IMG_20230830_193520_ergebnis.jpg\" alt=\"\" width=\"800\" height=\"600\" srcset=\"https:\/\/olu-limburg.de\/wp-content\/uploads\/2023\/10\/IMG_20230830_193520_ergebnis.jpg 800w, https:\/\/olu-limburg.de\/wp-content\/uploads\/2023\/10\/IMG_20230830_193520_ergebnis-300x225.jpg 300w, https:\/\/olu-limburg.de\/wp-content\/uploads\/2023\/10\/IMG_20230830_193520_ergebnis-768x576.jpg 768w, https:\/\/olu-limburg.de\/wp-content\/uploads\/2023\/10\/IMG_20230830_193520_ergebnis-624x468.jpg 624w\" sizes=\"auto, (max-width: 800px) 100vw, 800px\" \/><\/a><p id=\"caption-attachment-30018\" class=\"wp-caption-text\">Das Amphibienfahrzeug kommt zur\u00fcck.<\/p><\/div>\n<p><a href=\"https:\/\/olu-limburg.de\/wp-content\/uploads\/2023\/10\/IMG_20230830_194223_ergebnis.jpg\"><img loading=\"lazy\" decoding=\"async\" class=\"size-full wp-image-30020 aligncenter\" src=\"https:\/\/olu-limburg.de\/wp-content\/uploads\/2023\/10\/IMG_20230830_194223_ergebnis.jpg\" alt=\"\" width=\"800\" height=\"600\" srcset=\"https:\/\/olu-limburg.de\/wp-content\/uploads\/2023\/10\/IMG_20230830_194223_ergebnis.jpg 800w, https:\/\/olu-limburg.de\/wp-content\/uploads\/2023\/10\/IMG_20230830_194223_ergebnis-300x225.jpg 300w, https:\/\/olu-limburg.de\/wp-content\/uploads\/2023\/10\/IMG_20230830_194223_ergebnis-768x576.jpg 768w, https:\/\/olu-limburg.de\/wp-content\/uploads\/2023\/10\/IMG_20230830_194223_ergebnis-624x468.jpg 624w\" sizes=\"auto, (max-width: 800px) 100vw, 800px\" \/><\/a><\/p>\n<div id=\"attachment_30024\" style=\"width: 810px\" class=\"wp-caption aligncenter\"><a href=\"https:\/\/olu-limburg.de\/wp-content\/uploads\/2023\/10\/IMG_20230830_194552_ergebnis.jpg\"><img loading=\"lazy\" decoding=\"async\" aria-describedby=\"caption-attachment-30024\" class=\"wp-image-30024 size-full\" src=\"https:\/\/olu-limburg.de\/wp-content\/uploads\/2023\/10\/IMG_20230830_194552_ergebnis.jpg\" alt=\"\" width=\"800\" height=\"600\" srcset=\"https:\/\/olu-limburg.de\/wp-content\/uploads\/2023\/10\/IMG_20230830_194552_ergebnis.jpg 800w, https:\/\/olu-limburg.de\/wp-content\/uploads\/2023\/10\/IMG_20230830_194552_ergebnis-300x225.jpg 300w, https:\/\/olu-limburg.de\/wp-content\/uploads\/2023\/10\/IMG_20230830_194552_ergebnis-768x576.jpg 768w, https:\/\/olu-limburg.de\/wp-content\/uploads\/2023\/10\/IMG_20230830_194552_ergebnis-624x468.jpg 624w\" sizes=\"auto, (max-width: 800px) 100vw, 800px\" \/><\/a><p id=\"caption-attachment-30024\" class=\"wp-caption-text\">Cap de la Hougue mit den Verteidigungsanlagen von Vauban<\/p><\/div>\n<p>So langsam macht sich die Abendstimmung breit.<\/p>\n<p>Tagesstrecke: 87 km<\/p>\n<p>&nbsp;<\/p>\n<p><strong>Donnerstag, 31.08.2023<\/strong><\/p>\n<p>Der Himmel ist heute grau in grau, und es regnet. Wir tr\u00f6deln deshalb auch ein wenig herum. Nach dem Essen treffen wir so langsam Vorbereitungen, um bei Ebbe zur \u00cele de Tatihou zu laufen. Denn bei dem Festival geht es ja um den Fu\u00dfmarsch zur Insel. Wir haben gestern Nachmittag bereits die Zuh\u00f6rer des gestrigen Konzertes beobachtet, auf welchen Strecken sie gelaufen sind.<\/p>\n<p>Im Ort ist auf der Open Stage heute eine Band, die nur zum Zuh\u00f6ren einl\u00e4dt. Dementsprechend gering ist die Resonanz. Wir ziehen auch schnell weiter zum Strand.<\/p>\n<p><a href=\"https:\/\/olu-limburg.de\/wp-content\/uploads\/2023\/10\/IMG_20230831_145453_ergebnis.jpg\"><img loading=\"lazy\" decoding=\"async\" class=\"size-full wp-image-30042 aligncenter\" src=\"https:\/\/olu-limburg.de\/wp-content\/uploads\/2023\/10\/IMG_20230831_145453_ergebnis.jpg\" alt=\"\" width=\"800\" height=\"600\" srcset=\"https:\/\/olu-limburg.de\/wp-content\/uploads\/2023\/10\/IMG_20230831_145453_ergebnis.jpg 800w, https:\/\/olu-limburg.de\/wp-content\/uploads\/2023\/10\/IMG_20230831_145453_ergebnis-300x225.jpg 300w, https:\/\/olu-limburg.de\/wp-content\/uploads\/2023\/10\/IMG_20230831_145453_ergebnis-768x576.jpg 768w, https:\/\/olu-limburg.de\/wp-content\/uploads\/2023\/10\/IMG_20230831_145453_ergebnis-624x468.jpg 624w\" sizes=\"auto, (max-width: 800px) 100vw, 800px\" \/><\/a><\/p>\n<p>In dem Veranstaltungsflyer steht f\u00fcr heute, dass wir um ca. 16.00 Uhr losgehen k\u00f6nnen. Die letzte Frist f\u00fcr den R\u00fcckweg ist um 19.10 Uhr. Ca. 35 Minuten ist die ben\u00f6tigte Wegzeit. Dazwischen findet das Konzert statt. Es ist Alles sehr spannend.<\/p>\n<p>Wir stehen um 15.25 Uhr am Strand und beobachten das Szenario. Einige Mutige laufen schon zur Insel. Unterwegs scheint es tiefere Stellen zu geben, denn die Personen verschwinden bis zu den Oberschenkeln im Wasser.<\/p>\n<p><a href=\"https:\/\/olu-limburg.de\/wp-content\/uploads\/2023\/10\/20230831_151426_ergebnis.jpg\"><img loading=\"lazy\" decoding=\"async\" class=\"size-full wp-image-30035 aligncenter\" src=\"https:\/\/olu-limburg.de\/wp-content\/uploads\/2023\/10\/20230831_151426_ergebnis.jpg\" alt=\"\" width=\"800\" height=\"600\" srcset=\"https:\/\/olu-limburg.de\/wp-content\/uploads\/2023\/10\/20230831_151426_ergebnis.jpg 800w, https:\/\/olu-limburg.de\/wp-content\/uploads\/2023\/10\/20230831_151426_ergebnis-300x225.jpg 300w, https:\/\/olu-limburg.de\/wp-content\/uploads\/2023\/10\/20230831_151426_ergebnis-768x576.jpg 768w, https:\/\/olu-limburg.de\/wp-content\/uploads\/2023\/10\/20230831_151426_ergebnis-624x468.jpg 624w\" sizes=\"auto, (max-width: 800px) 100vw, 800px\" \/><\/a><\/p>\n<p><a href=\"https:\/\/olu-limburg.de\/wp-content\/uploads\/2023\/10\/20230831_151241_ergebnis.jpg\"><img loading=\"lazy\" decoding=\"async\" class=\"size-full wp-image-30034 aligncenter\" src=\"https:\/\/olu-limburg.de\/wp-content\/uploads\/2023\/10\/20230831_151241_ergebnis.jpg\" alt=\"\" width=\"800\" height=\"600\" srcset=\"https:\/\/olu-limburg.de\/wp-content\/uploads\/2023\/10\/20230831_151241_ergebnis.jpg 800w, https:\/\/olu-limburg.de\/wp-content\/uploads\/2023\/10\/20230831_151241_ergebnis-300x225.jpg 300w, https:\/\/olu-limburg.de\/wp-content\/uploads\/2023\/10\/20230831_151241_ergebnis-768x576.jpg 768w, https:\/\/olu-limburg.de\/wp-content\/uploads\/2023\/10\/20230831_151241_ergebnis-624x468.jpg 624w\" sizes=\"auto, (max-width: 800px) 100vw, 800px\" \/><\/a><\/p>\n<p><a href=\"https:\/\/olu-limburg.de\/wp-content\/uploads\/2023\/10\/IMG_20230831_152217_ergebnis.jpg\"><img loading=\"lazy\" decoding=\"async\" class=\"size-full wp-image-30043 aligncenter\" src=\"https:\/\/olu-limburg.de\/wp-content\/uploads\/2023\/10\/IMG_20230831_152217_ergebnis.jpg\" alt=\"\" width=\"800\" height=\"600\" srcset=\"https:\/\/olu-limburg.de\/wp-content\/uploads\/2023\/10\/IMG_20230831_152217_ergebnis.jpg 800w, https:\/\/olu-limburg.de\/wp-content\/uploads\/2023\/10\/IMG_20230831_152217_ergebnis-300x225.jpg 300w, https:\/\/olu-limburg.de\/wp-content\/uploads\/2023\/10\/IMG_20230831_152217_ergebnis-768x576.jpg 768w, https:\/\/olu-limburg.de\/wp-content\/uploads\/2023\/10\/IMG_20230831_152217_ergebnis-624x468.jpg 624w\" sizes=\"auto, (max-width: 800px) 100vw, 800px\" \/><\/a><\/p>\n<p>Dann gehen wir auch schon vorzeitig los. Lena l\u00e4sst ihre Turnschuhe an. Ich bin noch unentschlossen, und ziehe meine Wanderschuhe sp\u00e4ter aus.<\/p>\n<div id=\"attachment_30044\" style=\"width: 810px\" class=\"wp-caption aligncenter\"><a href=\"https:\/\/olu-limburg.de\/wp-content\/uploads\/2023\/10\/IMG_20230831_153118_ergebnis.jpg\"><img loading=\"lazy\" decoding=\"async\" aria-describedby=\"caption-attachment-30044\" class=\"wp-image-30044 size-full\" src=\"https:\/\/olu-limburg.de\/wp-content\/uploads\/2023\/10\/IMG_20230831_153118_ergebnis.jpg\" alt=\"\" width=\"800\" height=\"600\" srcset=\"https:\/\/olu-limburg.de\/wp-content\/uploads\/2023\/10\/IMG_20230831_153118_ergebnis.jpg 800w, https:\/\/olu-limburg.de\/wp-content\/uploads\/2023\/10\/IMG_20230831_153118_ergebnis-300x225.jpg 300w, https:\/\/olu-limburg.de\/wp-content\/uploads\/2023\/10\/IMG_20230831_153118_ergebnis-768x576.jpg 768w, https:\/\/olu-limburg.de\/wp-content\/uploads\/2023\/10\/IMG_20230831_153118_ergebnis-624x468.jpg 624w\" sizes=\"auto, (max-width: 800px) 100vw, 800px\" \/><\/a><p id=\"caption-attachment-30044\" class=\"wp-caption-text\">Lena geht als Pink Panther voran.<\/p><\/div>\n<p><a href=\"https:\/\/olu-limburg.de\/wp-content\/uploads\/2023\/10\/20230831_154753_ergebnis.jpg\"><img loading=\"lazy\" decoding=\"async\" class=\"size-full wp-image-30036 aligncenter\" src=\"https:\/\/olu-limburg.de\/wp-content\/uploads\/2023\/10\/20230831_154753_ergebnis.jpg\" alt=\"\" width=\"800\" height=\"600\" srcset=\"https:\/\/olu-limburg.de\/wp-content\/uploads\/2023\/10\/20230831_154753_ergebnis.jpg 800w, https:\/\/olu-limburg.de\/wp-content\/uploads\/2023\/10\/20230831_154753_ergebnis-300x225.jpg 300w, https:\/\/olu-limburg.de\/wp-content\/uploads\/2023\/10\/20230831_154753_ergebnis-768x576.jpg 768w, https:\/\/olu-limburg.de\/wp-content\/uploads\/2023\/10\/20230831_154753_ergebnis-624x468.jpg 624w\" sizes=\"auto, (max-width: 800px) 100vw, 800px\" \/><\/a><\/p>\n<p>Ich f\u00fchle mich, mittlerweile barfuss, wie auf einem Pilgerpfad. Die F\u00fc\u00dfe werden durch das Wasser immer weicher und die Kieselsteine gef\u00fchlt immer spitzer. Die Fusssohlen schmerzen total.<\/p>\n<p><a href=\"https:\/\/olu-limburg.de\/wp-content\/uploads\/2023\/10\/20230831_155943_ergebnis.jpg\"><img loading=\"lazy\" decoding=\"async\" class=\"size-full wp-image-30037 aligncenter\" src=\"https:\/\/olu-limburg.de\/wp-content\/uploads\/2023\/10\/20230831_155943_ergebnis.jpg\" alt=\"\" width=\"800\" height=\"600\" srcset=\"https:\/\/olu-limburg.de\/wp-content\/uploads\/2023\/10\/20230831_155943_ergebnis.jpg 800w, https:\/\/olu-limburg.de\/wp-content\/uploads\/2023\/10\/20230831_155943_ergebnis-300x225.jpg 300w, https:\/\/olu-limburg.de\/wp-content\/uploads\/2023\/10\/20230831_155943_ergebnis-768x576.jpg 768w, https:\/\/olu-limburg.de\/wp-content\/uploads\/2023\/10\/20230831_155943_ergebnis-624x468.jpg 624w\" sizes=\"auto, (max-width: 800px) 100vw, 800px\" \/><\/a><\/p>\n<p>Was bin ich froh, als ich den Strand der Insel erreiche und die Schuhe wieder anziehen kann.<\/p>\n<p><a href=\"https:\/\/olu-limburg.de\/wp-content\/uploads\/2023\/10\/IMG_20230831_160602_ergebnis.jpg\"><img loading=\"lazy\" decoding=\"async\" class=\"size-full wp-image-30045 aligncenter\" src=\"https:\/\/olu-limburg.de\/wp-content\/uploads\/2023\/10\/IMG_20230831_160602_ergebnis.jpg\" alt=\"\" width=\"800\" height=\"600\" srcset=\"https:\/\/olu-limburg.de\/wp-content\/uploads\/2023\/10\/IMG_20230831_160602_ergebnis.jpg 800w, https:\/\/olu-limburg.de\/wp-content\/uploads\/2023\/10\/IMG_20230831_160602_ergebnis-300x225.jpg 300w, https:\/\/olu-limburg.de\/wp-content\/uploads\/2023\/10\/IMG_20230831_160602_ergebnis-768x576.jpg 768w, https:\/\/olu-limburg.de\/wp-content\/uploads\/2023\/10\/IMG_20230831_160602_ergebnis-624x468.jpg 624w\" sizes=\"auto, (max-width: 800px) 100vw, 800px\" \/><\/a><\/p>\n<p><a href=\"https:\/\/olu-limburg.de\/wp-content\/uploads\/2023\/10\/20230831_155947_ergebnis.jpg\"><img loading=\"lazy\" decoding=\"async\" class=\"size-full wp-image-30038 aligncenter\" src=\"https:\/\/olu-limburg.de\/wp-content\/uploads\/2023\/10\/20230831_155947_ergebnis.jpg\" alt=\"\" width=\"800\" height=\"600\" srcset=\"https:\/\/olu-limburg.de\/wp-content\/uploads\/2023\/10\/20230831_155947_ergebnis.jpg 800w, https:\/\/olu-limburg.de\/wp-content\/uploads\/2023\/10\/20230831_155947_ergebnis-300x225.jpg 300w, https:\/\/olu-limburg.de\/wp-content\/uploads\/2023\/10\/20230831_155947_ergebnis-768x576.jpg 768w, https:\/\/olu-limburg.de\/wp-content\/uploads\/2023\/10\/20230831_155947_ergebnis-624x468.jpg 624w\" sizes=\"auto, (max-width: 800px) 100vw, 800px\" \/><\/a><\/p>\n<p>Im Zelt sind bei freier Platzwahl schon viele Pl\u00e4tze belegt. Trotzdem haben wir einen guten erh\u00f6hten Platz im zentralen Bereich gefunden. Es dauert auch nicht lange, da beginnt schon die Vorgruppe, Caamano &amp; Ameixeiras, zwei galizische Musikantinnen, die uns in die richtige Stimmung f\u00fcr das weitere Konzert versetzen.<\/p>\n<p><a href=\"https:\/\/olu-limburg.de\/wp-content\/uploads\/2023\/10\/IMG_20230831_164613_ergebnis.jpg\"><img loading=\"lazy\" decoding=\"async\" class=\"size-full wp-image-30046 aligncenter\" src=\"https:\/\/olu-limburg.de\/wp-content\/uploads\/2023\/10\/IMG_20230831_164613_ergebnis.jpg\" alt=\"\" width=\"800\" height=\"600\" srcset=\"https:\/\/olu-limburg.de\/wp-content\/uploads\/2023\/10\/IMG_20230831_164613_ergebnis.jpg 800w, https:\/\/olu-limburg.de\/wp-content\/uploads\/2023\/10\/IMG_20230831_164613_ergebnis-300x225.jpg 300w, https:\/\/olu-limburg.de\/wp-content\/uploads\/2023\/10\/IMG_20230831_164613_ergebnis-768x576.jpg 768w, https:\/\/olu-limburg.de\/wp-content\/uploads\/2023\/10\/IMG_20230831_164613_ergebnis-624x468.jpg 624w\" sizes=\"auto, (max-width: 800px) 100vw, 800px\" \/><\/a><\/p>\n<p><a href=\"https:\/\/olu-limburg.de\/wp-content\/uploads\/2023\/10\/IMG_20230831_172103_ergebnis.jpg\"><img loading=\"lazy\" decoding=\"async\" class=\"size-full wp-image-30047 aligncenter\" src=\"https:\/\/olu-limburg.de\/wp-content\/uploads\/2023\/10\/IMG_20230831_172103_ergebnis.jpg\" alt=\"\" width=\"800\" height=\"600\" srcset=\"https:\/\/olu-limburg.de\/wp-content\/uploads\/2023\/10\/IMG_20230831_172103_ergebnis.jpg 800w, https:\/\/olu-limburg.de\/wp-content\/uploads\/2023\/10\/IMG_20230831_172103_ergebnis-300x225.jpg 300w, https:\/\/olu-limburg.de\/wp-content\/uploads\/2023\/10\/IMG_20230831_172103_ergebnis-768x576.jpg 768w, https:\/\/olu-limburg.de\/wp-content\/uploads\/2023\/10\/IMG_20230831_172103_ergebnis-624x468.jpg 624w\" sizes=\"auto, (max-width: 800px) 100vw, 800px\" \/><\/a><\/p>\n<p><a href=\"https:\/\/olu-limburg.de\/wp-content\/uploads\/2023\/10\/IMG_20230831_172459_ergebnis.jpg\"><img loading=\"lazy\" decoding=\"async\" class=\"size-full wp-image-30048 aligncenter\" src=\"https:\/\/olu-limburg.de\/wp-content\/uploads\/2023\/10\/IMG_20230831_172459_ergebnis.jpg\" alt=\"\" width=\"800\" height=\"600\" srcset=\"https:\/\/olu-limburg.de\/wp-content\/uploads\/2023\/10\/IMG_20230831_172459_ergebnis.jpg 800w, https:\/\/olu-limburg.de\/wp-content\/uploads\/2023\/10\/IMG_20230831_172459_ergebnis-300x225.jpg 300w, https:\/\/olu-limburg.de\/wp-content\/uploads\/2023\/10\/IMG_20230831_172459_ergebnis-768x576.jpg 768w, https:\/\/olu-limburg.de\/wp-content\/uploads\/2023\/10\/IMG_20230831_172459_ergebnis-624x468.jpg 624w\" sizes=\"auto, (max-width: 800px) 100vw, 800px\" \/><\/a><\/p>\n<p>Und dann kommt Carlos Nunez mit seiner Band. Man sp\u00fcrt sofort ein Flimmern in dem Zelt, als er mit seinem treibenden Rhythmus alle mitrei\u00dft, ganz egal ob er Fl\u00f6te oder Gaita spielt.<\/p>\n<p><a href=\"https:\/\/olu-limburg.de\/wp-content\/uploads\/2023\/10\/IMG_20230831_173524_ergebnis.jpg\"><img loading=\"lazy\" decoding=\"async\" class=\"size-full wp-image-30049 aligncenter\" src=\"https:\/\/olu-limburg.de\/wp-content\/uploads\/2023\/10\/IMG_20230831_173524_ergebnis.jpg\" alt=\"\" width=\"800\" height=\"600\" srcset=\"https:\/\/olu-limburg.de\/wp-content\/uploads\/2023\/10\/IMG_20230831_173524_ergebnis.jpg 800w, https:\/\/olu-limburg.de\/wp-content\/uploads\/2023\/10\/IMG_20230831_173524_ergebnis-300x225.jpg 300w, https:\/\/olu-limburg.de\/wp-content\/uploads\/2023\/10\/IMG_20230831_173524_ergebnis-768x576.jpg 768w, https:\/\/olu-limburg.de\/wp-content\/uploads\/2023\/10\/IMG_20230831_173524_ergebnis-624x468.jpg 624w\" sizes=\"auto, (max-width: 800px) 100vw, 800px\" \/><\/a><\/p>\n<p><a href=\"https:\/\/olu-limburg.de\/wp-content\/uploads\/2023\/10\/IMG_20230831_173540_ergebnis.jpg\"><img loading=\"lazy\" decoding=\"async\" class=\"size-full wp-image-30050 aligncenter\" src=\"https:\/\/olu-limburg.de\/wp-content\/uploads\/2023\/10\/IMG_20230831_173540_ergebnis.jpg\" alt=\"\" width=\"800\" height=\"600\" srcset=\"https:\/\/olu-limburg.de\/wp-content\/uploads\/2023\/10\/IMG_20230831_173540_ergebnis.jpg 800w, https:\/\/olu-limburg.de\/wp-content\/uploads\/2023\/10\/IMG_20230831_173540_ergebnis-300x225.jpg 300w, https:\/\/olu-limburg.de\/wp-content\/uploads\/2023\/10\/IMG_20230831_173540_ergebnis-768x576.jpg 768w, https:\/\/olu-limburg.de\/wp-content\/uploads\/2023\/10\/IMG_20230831_173540_ergebnis-624x468.jpg 624w\" sizes=\"auto, (max-width: 800px) 100vw, 800px\" \/><\/a><\/p>\n<p><a href=\"https:\/\/olu-limburg.de\/wp-content\/uploads\/2023\/10\/IMG_20230831_174938_ergebnis-e1697467688229.jpg\"><img loading=\"lazy\" decoding=\"async\" class=\"size-full wp-image-30051 alignleft\" src=\"https:\/\/olu-limburg.de\/wp-content\/uploads\/2023\/10\/IMG_20230831_174938_ergebnis-e1697467688229.jpg\" alt=\"\" width=\"450\" height=\"600\" \/><\/a><\/p>\n<p><a href=\"https:\/\/olu-limburg.de\/wp-content\/uploads\/2023\/10\/IMG_20230831_174958_ergebnis-e1697467709457.jpg\"><img loading=\"lazy\" decoding=\"async\" class=\"size-full wp-image-30052 alignright\" src=\"https:\/\/olu-limburg.de\/wp-content\/uploads\/2023\/10\/IMG_20230831_174958_ergebnis-e1697467709457.jpg\" alt=\"\" width=\"450\" height=\"600\" \/><\/a><\/p>\n<p><a href=\"https:\/\/olu-limburg.de\/wp-content\/uploads\/2023\/10\/IMG_20230831_183641_ergebnis.jpg\"><img loading=\"lazy\" decoding=\"async\" class=\"size-full wp-image-30054 aligncenter\" src=\"https:\/\/olu-limburg.de\/wp-content\/uploads\/2023\/10\/IMG_20230831_183641_ergebnis.jpg\" alt=\"\" width=\"800\" height=\"600\" srcset=\"https:\/\/olu-limburg.de\/wp-content\/uploads\/2023\/10\/IMG_20230831_183641_ergebnis.jpg 800w, https:\/\/olu-limburg.de\/wp-content\/uploads\/2023\/10\/IMG_20230831_183641_ergebnis-300x225.jpg 300w, https:\/\/olu-limburg.de\/wp-content\/uploads\/2023\/10\/IMG_20230831_183641_ergebnis-768x576.jpg 768w, https:\/\/olu-limburg.de\/wp-content\/uploads\/2023\/10\/IMG_20230831_183641_ergebnis-624x468.jpg 624w\" sizes=\"auto, (max-width: 800px) 100vw, 800px\" \/><\/a><\/p>\n<p>Den Abschlu\u00df des Konzerts bildet das von dem Bretonen Dan Ar Braz geschriebene St\u00fcck &#8222;Green Lands&#8220;, was in einer Endlosschleife von zwei Dudelsackspielern einer befreundeten bretonischen Bagad gespielt wird und welches die Zuh\u00f6rer sofort mit Summen aufgreifen. Das Konzert war einfach traumhaft.<\/p>\n<p>Das Ende des Konzertes ist genau geplant, soda\u00df wir trockenen Fu\u00dfes Nachhause kommen.<\/p>\n<p><a href=\"https:\/\/olu-limburg.de\/wp-content\/uploads\/2023\/10\/IMG_20230831_184907_ergebnis.jpg\"><img loading=\"lazy\" decoding=\"async\" class=\"size-full wp-image-30055 aligncenter\" src=\"https:\/\/olu-limburg.de\/wp-content\/uploads\/2023\/10\/IMG_20230831_184907_ergebnis.jpg\" alt=\"\" width=\"800\" height=\"600\" srcset=\"https:\/\/olu-limburg.de\/wp-content\/uploads\/2023\/10\/IMG_20230831_184907_ergebnis.jpg 800w, https:\/\/olu-limburg.de\/wp-content\/uploads\/2023\/10\/IMG_20230831_184907_ergebnis-300x225.jpg 300w, https:\/\/olu-limburg.de\/wp-content\/uploads\/2023\/10\/IMG_20230831_184907_ergebnis-768x576.jpg 768w, https:\/\/olu-limburg.de\/wp-content\/uploads\/2023\/10\/IMG_20230831_184907_ergebnis-624x468.jpg 624w\" sizes=\"auto, (max-width: 800px) 100vw, 800px\" \/><\/a><\/p>\n<p><a href=\"https:\/\/olu-limburg.de\/wp-content\/uploads\/2023\/10\/IMG_20230831_185048_ergebnis.jpg\"><img loading=\"lazy\" decoding=\"async\" class=\"size-full wp-image-30056 aligncenter\" src=\"https:\/\/olu-limburg.de\/wp-content\/uploads\/2023\/10\/IMG_20230831_185048_ergebnis.jpg\" alt=\"\" width=\"800\" height=\"600\" srcset=\"https:\/\/olu-limburg.de\/wp-content\/uploads\/2023\/10\/IMG_20230831_185048_ergebnis.jpg 800w, https:\/\/olu-limburg.de\/wp-content\/uploads\/2023\/10\/IMG_20230831_185048_ergebnis-300x225.jpg 300w, https:\/\/olu-limburg.de\/wp-content\/uploads\/2023\/10\/IMG_20230831_185048_ergebnis-768x576.jpg 768w, https:\/\/olu-limburg.de\/wp-content\/uploads\/2023\/10\/IMG_20230831_185048_ergebnis-624x468.jpg 624w\" sizes=\"auto, (max-width: 800px) 100vw, 800px\" \/><\/a><\/p>\n<p><a href=\"https:\/\/olu-limburg.de\/wp-content\/uploads\/2023\/10\/IMG_20230831_185757_ergebnis.jpg\"><img loading=\"lazy\" decoding=\"async\" class=\"size-full wp-image-30057 aligncenter\" src=\"https:\/\/olu-limburg.de\/wp-content\/uploads\/2023\/10\/IMG_20230831_185757_ergebnis.jpg\" alt=\"\" width=\"800\" height=\"600\" srcset=\"https:\/\/olu-limburg.de\/wp-content\/uploads\/2023\/10\/IMG_20230831_185757_ergebnis.jpg 800w, https:\/\/olu-limburg.de\/wp-content\/uploads\/2023\/10\/IMG_20230831_185757_ergebnis-300x225.jpg 300w, https:\/\/olu-limburg.de\/wp-content\/uploads\/2023\/10\/IMG_20230831_185757_ergebnis-768x576.jpg 768w, https:\/\/olu-limburg.de\/wp-content\/uploads\/2023\/10\/IMG_20230831_185757_ergebnis-624x468.jpg 624w\" sizes=\"auto, (max-width: 800px) 100vw, 800px\" \/><\/a><\/p>\n<p>Als wir dr\u00fcben ankommen ist auf einmal die Sonne wieder da. Der Wind hat die Wolken weg geblasen.<\/p>\n<p><a href=\"https:\/\/olu-limburg.de\/wp-content\/uploads\/2023\/10\/IMG_20230831_190020_ergebnis.jpg\"><img loading=\"lazy\" decoding=\"async\" class=\"size-full wp-image-30058 aligncenter\" src=\"https:\/\/olu-limburg.de\/wp-content\/uploads\/2023\/10\/IMG_20230831_190020_ergebnis.jpg\" alt=\"\" width=\"800\" height=\"600\" srcset=\"https:\/\/olu-limburg.de\/wp-content\/uploads\/2023\/10\/IMG_20230831_190020_ergebnis.jpg 800w, https:\/\/olu-limburg.de\/wp-content\/uploads\/2023\/10\/IMG_20230831_190020_ergebnis-300x225.jpg 300w, https:\/\/olu-limburg.de\/wp-content\/uploads\/2023\/10\/IMG_20230831_190020_ergebnis-768x576.jpg 768w, https:\/\/olu-limburg.de\/wp-content\/uploads\/2023\/10\/IMG_20230831_190020_ergebnis-624x468.jpg 624w\" sizes=\"auto, (max-width: 800px) 100vw, 800px\" \/><\/a><\/p>\n<p>Tagesstrecke: 0 km<\/p>\n<p>&nbsp;<\/p>\n<p><strong>Freitag, 01.09.2023<\/strong><\/p>\n<p>Heute Nacht hat es wieder geregnet. Wir wollen weiter in den Norden des Cotentin.<\/p>\n<p><a href=\"https:\/\/olu-limburg.de\/wp-content\/uploads\/2023\/10\/IMG_20230901_113302_ergebnis.jpg\"><img loading=\"lazy\" decoding=\"async\" class=\"size-full wp-image-30064 aligncenter\" src=\"https:\/\/olu-limburg.de\/wp-content\/uploads\/2023\/10\/IMG_20230901_113302_ergebnis.jpg\" alt=\"\" width=\"800\" height=\"600\" srcset=\"https:\/\/olu-limburg.de\/wp-content\/uploads\/2023\/10\/IMG_20230901_113302_ergebnis.jpg 800w, https:\/\/olu-limburg.de\/wp-content\/uploads\/2023\/10\/IMG_20230901_113302_ergebnis-300x225.jpg 300w, https:\/\/olu-limburg.de\/wp-content\/uploads\/2023\/10\/IMG_20230901_113302_ergebnis-768x576.jpg 768w, https:\/\/olu-limburg.de\/wp-content\/uploads\/2023\/10\/IMG_20230901_113302_ergebnis-624x468.jpg 624w\" sizes=\"auto, (max-width: 800px) 100vw, 800px\" \/><\/a><\/p>\n<p>Nat\u00fcrlich k\u00f6nnen wir nicht wegfahren, ohne uns die Verteidigungsanlagen am Cap de la Hougue anzuschauen. Die beiden T\u00fcrme hier und auf der \u00cele de Tatihou gehen noch auf den Festungsbaumeister Benjamin de Combes zur\u00fcck, der sie 1694 erbauen lie\u00df. Danach wurden sie von Vauban in weitere Festungsanlagen integriert.<\/p>\n<p><a href=\"https:\/\/olu-limburg.de\/wp-content\/uploads\/2023\/10\/IMG_20230901_110447_ergebnis.jpg\"><img loading=\"lazy\" decoding=\"async\" class=\"size-full wp-image-30061 aligncenter\" src=\"https:\/\/olu-limburg.de\/wp-content\/uploads\/2023\/10\/IMG_20230901_110447_ergebnis.jpg\" alt=\"\" width=\"800\" height=\"600\" srcset=\"https:\/\/olu-limburg.de\/wp-content\/uploads\/2023\/10\/IMG_20230901_110447_ergebnis.jpg 800w, https:\/\/olu-limburg.de\/wp-content\/uploads\/2023\/10\/IMG_20230901_110447_ergebnis-300x225.jpg 300w, https:\/\/olu-limburg.de\/wp-content\/uploads\/2023\/10\/IMG_20230901_110447_ergebnis-768x576.jpg 768w, https:\/\/olu-limburg.de\/wp-content\/uploads\/2023\/10\/IMG_20230901_110447_ergebnis-624x468.jpg 624w\" sizes=\"auto, (max-width: 800px) 100vw, 800px\" \/><\/a><\/p>\n<p><a href=\"https:\/\/olu-limburg.de\/wp-content\/uploads\/2023\/10\/20230901_110941_ergebnis.jpg\"><img loading=\"lazy\" decoding=\"async\" class=\"size-full wp-image-30083 aligncenter\" src=\"https:\/\/olu-limburg.de\/wp-content\/uploads\/2023\/10\/20230901_110941_ergebnis.jpg\" alt=\"\" width=\"800\" height=\"600\" srcset=\"https:\/\/olu-limburg.de\/wp-content\/uploads\/2023\/10\/20230901_110941_ergebnis.jpg 800w, https:\/\/olu-limburg.de\/wp-content\/uploads\/2023\/10\/20230901_110941_ergebnis-300x225.jpg 300w, https:\/\/olu-limburg.de\/wp-content\/uploads\/2023\/10\/20230901_110941_ergebnis-768x576.jpg 768w, https:\/\/olu-limburg.de\/wp-content\/uploads\/2023\/10\/20230901_110941_ergebnis-624x468.jpg 624w\" sizes=\"auto, (max-width: 800px) 100vw, 800px\" \/><\/a><\/p>\n<p><a href=\"https:\/\/olu-limburg.de\/wp-content\/uploads\/2023\/10\/20230901_112245_ergebnis.jpg\"><img loading=\"lazy\" decoding=\"async\" class=\"size-full wp-image-30084 aligncenter\" src=\"https:\/\/olu-limburg.de\/wp-content\/uploads\/2023\/10\/20230901_112245_ergebnis.jpg\" alt=\"\" width=\"800\" height=\"600\" srcset=\"https:\/\/olu-limburg.de\/wp-content\/uploads\/2023\/10\/20230901_112245_ergebnis.jpg 800w, https:\/\/olu-limburg.de\/wp-content\/uploads\/2023\/10\/20230901_112245_ergebnis-300x225.jpg 300w, https:\/\/olu-limburg.de\/wp-content\/uploads\/2023\/10\/20230901_112245_ergebnis-768x576.jpg 768w, https:\/\/olu-limburg.de\/wp-content\/uploads\/2023\/10\/20230901_112245_ergebnis-624x468.jpg 624w\" sizes=\"auto, (max-width: 800px) 100vw, 800px\" \/><\/a><\/p>\n<p><a href=\"https:\/\/olu-limburg.de\/wp-content\/uploads\/2023\/10\/IMG_20230901_112424_ergebnis-e1697471750551.jpg\"><img loading=\"lazy\" decoding=\"async\" class=\"size-full wp-image-30063 aligncenter\" src=\"https:\/\/olu-limburg.de\/wp-content\/uploads\/2023\/10\/IMG_20230901_112424_ergebnis-e1697471750551.jpg\" alt=\"\" width=\"450\" height=\"600\" \/><\/a><\/p>\n<p>Hinter diesem Portal geht es leider nicht mehr weiter. &#8211; milit\u00e4tisches Sperrgebiet &#8211;<\/p>\n<p><a href=\"https:\/\/olu-limburg.de\/wp-content\/uploads\/2023\/10\/IMG_20230901_111229_ergebnis.jpg\"><img loading=\"lazy\" decoding=\"async\" class=\"size-full wp-image-30062 aligncenter\" src=\"https:\/\/olu-limburg.de\/wp-content\/uploads\/2023\/10\/IMG_20230901_111229_ergebnis.jpg\" alt=\"\" width=\"800\" height=\"600\" srcset=\"https:\/\/olu-limburg.de\/wp-content\/uploads\/2023\/10\/IMG_20230901_111229_ergebnis.jpg 800w, https:\/\/olu-limburg.de\/wp-content\/uploads\/2023\/10\/IMG_20230901_111229_ergebnis-300x225.jpg 300w, https:\/\/olu-limburg.de\/wp-content\/uploads\/2023\/10\/IMG_20230901_111229_ergebnis-768x576.jpg 768w, https:\/\/olu-limburg.de\/wp-content\/uploads\/2023\/10\/IMG_20230901_111229_ergebnis-624x468.jpg 624w\" sizes=\"auto, (max-width: 800px) 100vw, 800px\" \/><\/a><\/p>\n<p>Daf\u00fcr geht es bei uns weiter. Unser Navi hat heute wieder seinen Spasstag und f\u00fchrt uns auf\u00a0 engen Stra\u00dfen nach Cherbourg.<\/p>\n<p><a href=\"https:\/\/olu-limburg.de\/wp-content\/uploads\/2023\/10\/20230901_114706_ergebnis.jpg\"><img loading=\"lazy\" decoding=\"async\" class=\"size-full wp-image-30085 aligncenter\" src=\"https:\/\/olu-limburg.de\/wp-content\/uploads\/2023\/10\/20230901_114706_ergebnis.jpg\" alt=\"\" width=\"800\" height=\"600\" srcset=\"https:\/\/olu-limburg.de\/wp-content\/uploads\/2023\/10\/20230901_114706_ergebnis.jpg 800w, https:\/\/olu-limburg.de\/wp-content\/uploads\/2023\/10\/20230901_114706_ergebnis-300x225.jpg 300w, https:\/\/olu-limburg.de\/wp-content\/uploads\/2023\/10\/20230901_114706_ergebnis-768x576.jpg 768w, https:\/\/olu-limburg.de\/wp-content\/uploads\/2023\/10\/20230901_114706_ergebnis-624x468.jpg 624w\" sizes=\"auto, (max-width: 800px) 100vw, 800px\" \/><\/a><\/p>\n<p><a href=\"https:\/\/olu-limburg.de\/wp-content\/uploads\/2023\/10\/IMG_20230901_115232_ergebnis.jpg\"><img loading=\"lazy\" decoding=\"async\" class=\"size-full wp-image-30065 aligncenter\" src=\"https:\/\/olu-limburg.de\/wp-content\/uploads\/2023\/10\/IMG_20230901_115232_ergebnis.jpg\" alt=\"\" width=\"800\" height=\"600\" srcset=\"https:\/\/olu-limburg.de\/wp-content\/uploads\/2023\/10\/IMG_20230901_115232_ergebnis.jpg 800w, https:\/\/olu-limburg.de\/wp-content\/uploads\/2023\/10\/IMG_20230901_115232_ergebnis-300x225.jpg 300w, https:\/\/olu-limburg.de\/wp-content\/uploads\/2023\/10\/IMG_20230901_115232_ergebnis-768x576.jpg 768w, https:\/\/olu-limburg.de\/wp-content\/uploads\/2023\/10\/IMG_20230901_115232_ergebnis-624x468.jpg 624w\" sizes=\"auto, (max-width: 800px) 100vw, 800px\" \/><\/a><\/p>\n<p><a href=\"https:\/\/olu-limburg.de\/wp-content\/uploads\/2023\/10\/IMG_20230901_115705_ergebnis.jpg\"><img loading=\"lazy\" decoding=\"async\" class=\"size-full wp-image-30066 aligncenter\" src=\"https:\/\/olu-limburg.de\/wp-content\/uploads\/2023\/10\/IMG_20230901_115705_ergebnis.jpg\" alt=\"\" width=\"800\" height=\"600\" srcset=\"https:\/\/olu-limburg.de\/wp-content\/uploads\/2023\/10\/IMG_20230901_115705_ergebnis.jpg 800w, https:\/\/olu-limburg.de\/wp-content\/uploads\/2023\/10\/IMG_20230901_115705_ergebnis-300x225.jpg 300w, https:\/\/olu-limburg.de\/wp-content\/uploads\/2023\/10\/IMG_20230901_115705_ergebnis-768x576.jpg 768w, https:\/\/olu-limburg.de\/wp-content\/uploads\/2023\/10\/IMG_20230901_115705_ergebnis-624x468.jpg 624w\" sizes=\"auto, (max-width: 800px) 100vw, 800px\" \/><\/a><\/p>\n<p>Dort finden wir im Industriegebiet sofort den gesuchten WOK-Chinesen zum Mittagstisch.<\/p>\n<p><a href=\"https:\/\/olu-limburg.de\/wp-content\/uploads\/2023\/10\/IMG_20230901_134125_ergebnis.jpg\"><img loading=\"lazy\" decoding=\"async\" class=\"size-full wp-image-30071 aligncenter\" src=\"https:\/\/olu-limburg.de\/wp-content\/uploads\/2023\/10\/IMG_20230901_134125_ergebnis.jpg\" alt=\"\" width=\"800\" height=\"600\" srcset=\"https:\/\/olu-limburg.de\/wp-content\/uploads\/2023\/10\/IMG_20230901_134125_ergebnis.jpg 800w, https:\/\/olu-limburg.de\/wp-content\/uploads\/2023\/10\/IMG_20230901_134125_ergebnis-300x225.jpg 300w, https:\/\/olu-limburg.de\/wp-content\/uploads\/2023\/10\/IMG_20230901_134125_ergebnis-768x576.jpg 768w, https:\/\/olu-limburg.de\/wp-content\/uploads\/2023\/10\/IMG_20230901_134125_ergebnis-624x468.jpg 624w\" sizes=\"auto, (max-width: 800px) 100vw, 800px\" \/><\/a><\/p>\n<p>Dies ist nur ein kleiner Teil des gesamten B\u00fcffets (EUR 14,80\/p.P.)<\/p>\n<p><a href=\"https:\/\/olu-limburg.de\/wp-content\/uploads\/2023\/10\/IMG_20230901_123913_ergebnis.jpg\"><img loading=\"lazy\" decoding=\"async\" class=\"size-full wp-image-30068 aligncenter\" src=\"https:\/\/olu-limburg.de\/wp-content\/uploads\/2023\/10\/IMG_20230901_123913_ergebnis.jpg\" alt=\"\" width=\"800\" height=\"600\" srcset=\"https:\/\/olu-limburg.de\/wp-content\/uploads\/2023\/10\/IMG_20230901_123913_ergebnis.jpg 800w, https:\/\/olu-limburg.de\/wp-content\/uploads\/2023\/10\/IMG_20230901_123913_ergebnis-300x225.jpg 300w, https:\/\/olu-limburg.de\/wp-content\/uploads\/2023\/10\/IMG_20230901_123913_ergebnis-768x576.jpg 768w, https:\/\/olu-limburg.de\/wp-content\/uploads\/2023\/10\/IMG_20230901_123913_ergebnis-624x468.jpg 624w\" sizes=\"auto, (max-width: 800px) 100vw, 800px\" \/><\/a><\/p>\n<p><a href=\"https:\/\/olu-limburg.de\/wp-content\/uploads\/2023\/10\/IMG_20230901_123904_ergebnis.jpg\"><img loading=\"lazy\" decoding=\"async\" class=\"size-full wp-image-30067 aligncenter\" src=\"https:\/\/olu-limburg.de\/wp-content\/uploads\/2023\/10\/IMG_20230901_123904_ergebnis.jpg\" alt=\"\" width=\"800\" height=\"600\" srcset=\"https:\/\/olu-limburg.de\/wp-content\/uploads\/2023\/10\/IMG_20230901_123904_ergebnis.jpg 800w, https:\/\/olu-limburg.de\/wp-content\/uploads\/2023\/10\/IMG_20230901_123904_ergebnis-300x225.jpg 300w, https:\/\/olu-limburg.de\/wp-content\/uploads\/2023\/10\/IMG_20230901_123904_ergebnis-768x576.jpg 768w, https:\/\/olu-limburg.de\/wp-content\/uploads\/2023\/10\/IMG_20230901_123904_ergebnis-624x468.jpg 624w\" sizes=\"auto, (max-width: 800px) 100vw, 800px\" \/><\/a><\/p>\n<p><a href=\"https:\/\/olu-limburg.de\/wp-content\/uploads\/2023\/10\/IMG_20230901_123928_ergebnis.jpg\"><img loading=\"lazy\" decoding=\"async\" class=\"size-full wp-image-30069 aligncenter\" src=\"https:\/\/olu-limburg.de\/wp-content\/uploads\/2023\/10\/IMG_20230901_123928_ergebnis.jpg\" alt=\"\" width=\"800\" height=\"600\" srcset=\"https:\/\/olu-limburg.de\/wp-content\/uploads\/2023\/10\/IMG_20230901_123928_ergebnis.jpg 800w, https:\/\/olu-limburg.de\/wp-content\/uploads\/2023\/10\/IMG_20230901_123928_ergebnis-300x225.jpg 300w, https:\/\/olu-limburg.de\/wp-content\/uploads\/2023\/10\/IMG_20230901_123928_ergebnis-768x576.jpg 768w, https:\/\/olu-limburg.de\/wp-content\/uploads\/2023\/10\/IMG_20230901_123928_ergebnis-624x468.jpg 624w\" sizes=\"auto, (max-width: 800px) 100vw, 800px\" \/><\/a><\/p>\n<p><a href=\"https:\/\/olu-limburg.de\/wp-content\/uploads\/2023\/10\/IMG_20230901_123934_ergebnis.jpg\"><img loading=\"lazy\" decoding=\"async\" class=\"size-full wp-image-30070 aligncenter\" src=\"https:\/\/olu-limburg.de\/wp-content\/uploads\/2023\/10\/IMG_20230901_123934_ergebnis.jpg\" alt=\"\" width=\"800\" height=\"600\" srcset=\"https:\/\/olu-limburg.de\/wp-content\/uploads\/2023\/10\/IMG_20230901_123934_ergebnis.jpg 800w, https:\/\/olu-limburg.de\/wp-content\/uploads\/2023\/10\/IMG_20230901_123934_ergebnis-300x225.jpg 300w, https:\/\/olu-limburg.de\/wp-content\/uploads\/2023\/10\/IMG_20230901_123934_ergebnis-768x576.jpg 768w, https:\/\/olu-limburg.de\/wp-content\/uploads\/2023\/10\/IMG_20230901_123934_ergebnis-624x468.jpg 624w\" sizes=\"auto, (max-width: 800px) 100vw, 800px\" \/><\/a><\/p>\n<p>Es ist wie immer sehr lecker gewesen. Auf unserer Weiterfahrt m\u00fcssen wir nun durch Cherbourg, erst ganz steil hinunter, dann durch innerst\u00e4dtische Gro\u00dfbaustellen, bis wir endlich aus Cherbourg drau\u00dfen sind. Unser Ziel ist Auderville, bzw. der Stellplatz beim Phare de Goury. Auf der D45 fahren wir auf der Route des Caps weitestgehend in Sichtweite des Meeres entlang.<\/p>\n<div id=\"attachment_30077\" style=\"width: 810px\" class=\"wp-caption aligncenter\"><a href=\"https:\/\/olu-limburg.de\/wp-content\/uploads\/2023\/10\/IMG_20230901_160635_ergebnis.jpg\"><img loading=\"lazy\" decoding=\"async\" aria-describedby=\"caption-attachment-30077\" class=\"wp-image-30077 size-full\" src=\"https:\/\/olu-limburg.de\/wp-content\/uploads\/2023\/10\/IMG_20230901_160635_ergebnis.jpg\" alt=\"\" width=\"800\" height=\"600\" srcset=\"https:\/\/olu-limburg.de\/wp-content\/uploads\/2023\/10\/IMG_20230901_160635_ergebnis.jpg 800w, https:\/\/olu-limburg.de\/wp-content\/uploads\/2023\/10\/IMG_20230901_160635_ergebnis-300x225.jpg 300w, https:\/\/olu-limburg.de\/wp-content\/uploads\/2023\/10\/IMG_20230901_160635_ergebnis-768x576.jpg 768w, https:\/\/olu-limburg.de\/wp-content\/uploads\/2023\/10\/IMG_20230901_160635_ergebnis-624x468.jpg 624w\" sizes=\"auto, (max-width: 800px) 100vw, 800px\" \/><\/a><p id=\"caption-attachment-30077\" class=\"wp-caption-text\">Herrenhaus Dur-Ecu aus dem 16. Jhdt.<\/p><\/div>\n<p>Bei Landemer halten wir kurz an einem Aussichtspunkt, &#8230;<\/p>\n<p><a href=\"https:\/\/olu-limburg.de\/wp-content\/uploads\/2023\/10\/IMG_20230901_161456_ergebnis.jpg\"><img loading=\"lazy\" decoding=\"async\" class=\"size-full wp-image-30078 aligncenter\" src=\"https:\/\/olu-limburg.de\/wp-content\/uploads\/2023\/10\/IMG_20230901_161456_ergebnis.jpg\" alt=\"\" width=\"800\" height=\"600\" srcset=\"https:\/\/olu-limburg.de\/wp-content\/uploads\/2023\/10\/IMG_20230901_161456_ergebnis.jpg 800w, https:\/\/olu-limburg.de\/wp-content\/uploads\/2023\/10\/IMG_20230901_161456_ergebnis-300x225.jpg 300w, https:\/\/olu-limburg.de\/wp-content\/uploads\/2023\/10\/IMG_20230901_161456_ergebnis-768x576.jpg 768w, https:\/\/olu-limburg.de\/wp-content\/uploads\/2023\/10\/IMG_20230901_161456_ergebnis-624x468.jpg 624w\" sizes=\"auto, (max-width: 800px) 100vw, 800px\" \/><\/a><\/p>\n<p>&#8230; und den n\u00e4chsten Stopp machen wir beim Port Racine. Namensgeber war der Freibeuter Francois-M\u00e9dard Racine, der zu Beginn des 19. Jhdt. den Hafen f\u00fcr seine Zwecke ausbaute. Heute z\u00e4hlt der Port Racine zu den kleinsten H\u00e4fen Frankreichs.<\/p>\n<p><a href=\"https:\/\/olu-limburg.de\/wp-content\/uploads\/2023\/10\/IMG_20230901_164808_ergebnis.jpg\"><img loading=\"lazy\" decoding=\"async\" class=\"size-full wp-image-30081 aligncenter\" src=\"https:\/\/olu-limburg.de\/wp-content\/uploads\/2023\/10\/IMG_20230901_164808_ergebnis.jpg\" alt=\"\" width=\"800\" height=\"600\" srcset=\"https:\/\/olu-limburg.de\/wp-content\/uploads\/2023\/10\/IMG_20230901_164808_ergebnis.jpg 800w, https:\/\/olu-limburg.de\/wp-content\/uploads\/2023\/10\/IMG_20230901_164808_ergebnis-300x225.jpg 300w, https:\/\/olu-limburg.de\/wp-content\/uploads\/2023\/10\/IMG_20230901_164808_ergebnis-768x576.jpg 768w, https:\/\/olu-limburg.de\/wp-content\/uploads\/2023\/10\/IMG_20230901_164808_ergebnis-624x468.jpg 624w\" sizes=\"auto, (max-width: 800px) 100vw, 800px\" \/><\/a><\/p>\n<p><a href=\"https:\/\/olu-limburg.de\/wp-content\/uploads\/2023\/10\/IMG_20230901_165009_ergebnis.jpg\"><img loading=\"lazy\" decoding=\"async\" class=\"size-full wp-image-30082 aligncenter\" src=\"https:\/\/olu-limburg.de\/wp-content\/uploads\/2023\/10\/IMG_20230901_165009_ergebnis.jpg\" alt=\"\" width=\"800\" height=\"600\" srcset=\"https:\/\/olu-limburg.de\/wp-content\/uploads\/2023\/10\/IMG_20230901_165009_ergebnis.jpg 800w, https:\/\/olu-limburg.de\/wp-content\/uploads\/2023\/10\/IMG_20230901_165009_ergebnis-300x225.jpg 300w, https:\/\/olu-limburg.de\/wp-content\/uploads\/2023\/10\/IMG_20230901_165009_ergebnis-768x576.jpg 768w, https:\/\/olu-limburg.de\/wp-content\/uploads\/2023\/10\/IMG_20230901_165009_ergebnis-624x468.jpg 624w\" sizes=\"auto, (max-width: 800px) 100vw, 800px\" \/><\/a><\/p>\n<p><a href=\"https:\/\/olu-limburg.de\/wp-content\/uploads\/2023\/10\/IMG_20230901_164505_ergebnis.jpg\"><img loading=\"lazy\" decoding=\"async\" class=\"size-full wp-image-30079 aligncenter\" src=\"https:\/\/olu-limburg.de\/wp-content\/uploads\/2023\/10\/IMG_20230901_164505_ergebnis.jpg\" alt=\"\" width=\"800\" height=\"600\" srcset=\"https:\/\/olu-limburg.de\/wp-content\/uploads\/2023\/10\/IMG_20230901_164505_ergebnis.jpg 800w, https:\/\/olu-limburg.de\/wp-content\/uploads\/2023\/10\/IMG_20230901_164505_ergebnis-300x225.jpg 300w, https:\/\/olu-limburg.de\/wp-content\/uploads\/2023\/10\/IMG_20230901_164505_ergebnis-768x576.jpg 768w, https:\/\/olu-limburg.de\/wp-content\/uploads\/2023\/10\/IMG_20230901_164505_ergebnis-624x468.jpg 624w\" sizes=\"auto, (max-width: 800px) 100vw, 800px\" \/><\/a><\/p>\n<p><a href=\"https:\/\/olu-limburg.de\/wp-content\/uploads\/2023\/10\/IMG_20230901_164653_ergebnis.jpg\"><img loading=\"lazy\" decoding=\"async\" class=\"size-full wp-image-30080 aligncenter\" src=\"https:\/\/olu-limburg.de\/wp-content\/uploads\/2023\/10\/IMG_20230901_164653_ergebnis.jpg\" alt=\"\" width=\"800\" height=\"600\" srcset=\"https:\/\/olu-limburg.de\/wp-content\/uploads\/2023\/10\/IMG_20230901_164653_ergebnis.jpg 800w, https:\/\/olu-limburg.de\/wp-content\/uploads\/2023\/10\/IMG_20230901_164653_ergebnis-300x225.jpg 300w, https:\/\/olu-limburg.de\/wp-content\/uploads\/2023\/10\/IMG_20230901_164653_ergebnis-768x576.jpg 768w, https:\/\/olu-limburg.de\/wp-content\/uploads\/2023\/10\/IMG_20230901_164653_ergebnis-624x468.jpg 624w\" sizes=\"auto, (max-width: 800px) 100vw, 800px\" \/><\/a><\/p>\n<p>Mit dem Erreichen des Phare de Goury haben wir den n\u00f6rdlichsten Punkt des Cotentin erreicht. Wir steuern den kostenlosen Wohnmobil-Parkplatz ohne V+E unterhalb von Auderville an.<\/p>\n<p><a href=\"https:\/\/olu-limburg.de\/wp-content\/uploads\/2023\/10\/IMG_20230901_181305_ergebnis.jpg\"><img loading=\"lazy\" decoding=\"async\" class=\"size-full wp-image-30097 aligncenter\" src=\"https:\/\/olu-limburg.de\/wp-content\/uploads\/2023\/10\/IMG_20230901_181305_ergebnis.jpg\" alt=\"\" width=\"800\" height=\"600\" srcset=\"https:\/\/olu-limburg.de\/wp-content\/uploads\/2023\/10\/IMG_20230901_181305_ergebnis.jpg 800w, https:\/\/olu-limburg.de\/wp-content\/uploads\/2023\/10\/IMG_20230901_181305_ergebnis-300x225.jpg 300w, https:\/\/olu-limburg.de\/wp-content\/uploads\/2023\/10\/IMG_20230901_181305_ergebnis-768x576.jpg 768w, https:\/\/olu-limburg.de\/wp-content\/uploads\/2023\/10\/IMG_20230901_181305_ergebnis-624x468.jpg 624w\" sizes=\"auto, (max-width: 800px) 100vw, 800px\" \/><\/a><\/p>\n<p><a href=\"https:\/\/olu-limburg.de\/wp-content\/uploads\/2023\/10\/IMG_20230901_181134_ergebnis.jpg\"><img loading=\"lazy\" decoding=\"async\" class=\"size-full wp-image-30096 aligncenter\" src=\"https:\/\/olu-limburg.de\/wp-content\/uploads\/2023\/10\/IMG_20230901_181134_ergebnis.jpg\" alt=\"\" width=\"800\" height=\"600\" srcset=\"https:\/\/olu-limburg.de\/wp-content\/uploads\/2023\/10\/IMG_20230901_181134_ergebnis.jpg 800w, https:\/\/olu-limburg.de\/wp-content\/uploads\/2023\/10\/IMG_20230901_181134_ergebnis-300x225.jpg 300w, https:\/\/olu-limburg.de\/wp-content\/uploads\/2023\/10\/IMG_20230901_181134_ergebnis-768x576.jpg 768w, https:\/\/olu-limburg.de\/wp-content\/uploads\/2023\/10\/IMG_20230901_181134_ergebnis-624x468.jpg 624w\" sizes=\"auto, (max-width: 800px) 100vw, 800px\" \/><\/a><\/p>\n<p>Danach starten wir sofort einen Spaziergang zur Siedlung Goury und dem gleichnamigen Phare. Die kleine Siedlung besteht aus einem Office de Tourisme, einem Hafen, zwei Restaurants, einer historischen Rettungsstation und vier Wohnh\u00e4usern.<\/p>\n<p><a href=\"https:\/\/olu-limburg.de\/wp-content\/uploads\/2023\/10\/IMG_20230901_181517_ergebnis.jpg\"><img loading=\"lazy\" decoding=\"async\" class=\"size-full wp-image-30098 aligncenter\" src=\"https:\/\/olu-limburg.de\/wp-content\/uploads\/2023\/10\/IMG_20230901_181517_ergebnis.jpg\" alt=\"\" width=\"800\" height=\"600\" srcset=\"https:\/\/olu-limburg.de\/wp-content\/uploads\/2023\/10\/IMG_20230901_181517_ergebnis.jpg 800w, https:\/\/olu-limburg.de\/wp-content\/uploads\/2023\/10\/IMG_20230901_181517_ergebnis-300x225.jpg 300w, https:\/\/olu-limburg.de\/wp-content\/uploads\/2023\/10\/IMG_20230901_181517_ergebnis-768x576.jpg 768w, https:\/\/olu-limburg.de\/wp-content\/uploads\/2023\/10\/IMG_20230901_181517_ergebnis-624x468.jpg 624w\" sizes=\"auto, (max-width: 800px) 100vw, 800px\" \/><\/a><\/p>\n<p><a href=\"https:\/\/olu-limburg.de\/wp-content\/uploads\/2023\/10\/IMG_20230901_181614_ergebnis-e1697550806435.jpg\"><img loading=\"lazy\" decoding=\"async\" class=\"size-full wp-image-30099 aligncenter\" src=\"https:\/\/olu-limburg.de\/wp-content\/uploads\/2023\/10\/IMG_20230901_181614_ergebnis-e1697550806435.jpg\" alt=\"\" width=\"450\" height=\"600\" \/><\/a><\/p>\n<p><a href=\"https:\/\/olu-limburg.de\/wp-content\/uploads\/2023\/10\/IMG_20230901_181737_ergebnis.jpg\"><img loading=\"lazy\" decoding=\"async\" class=\"size-full wp-image-30100 aligncenter\" src=\"https:\/\/olu-limburg.de\/wp-content\/uploads\/2023\/10\/IMG_20230901_181737_ergebnis.jpg\" alt=\"\" width=\"800\" height=\"600\" srcset=\"https:\/\/olu-limburg.de\/wp-content\/uploads\/2023\/10\/IMG_20230901_181737_ergebnis.jpg 800w, https:\/\/olu-limburg.de\/wp-content\/uploads\/2023\/10\/IMG_20230901_181737_ergebnis-300x225.jpg 300w, https:\/\/olu-limburg.de\/wp-content\/uploads\/2023\/10\/IMG_20230901_181737_ergebnis-768x576.jpg 768w, https:\/\/olu-limburg.de\/wp-content\/uploads\/2023\/10\/IMG_20230901_181737_ergebnis-624x468.jpg 624w\" sizes=\"auto, (max-width: 800px) 100vw, 800px\" \/><\/a><\/p>\n<p><a href=\"https:\/\/olu-limburg.de\/wp-content\/uploads\/2023\/10\/20230901_191251_ergebnis.jpg\"><img loading=\"lazy\" decoding=\"async\" class=\"size-full wp-image-30092 aligncenter\" src=\"https:\/\/olu-limburg.de\/wp-content\/uploads\/2023\/10\/20230901_191251_ergebnis.jpg\" alt=\"\" width=\"726\" height=\"600\" srcset=\"https:\/\/olu-limburg.de\/wp-content\/uploads\/2023\/10\/20230901_191251_ergebnis.jpg 726w, https:\/\/olu-limburg.de\/wp-content\/uploads\/2023\/10\/20230901_191251_ergebnis-300x248.jpg 300w, https:\/\/olu-limburg.de\/wp-content\/uploads\/2023\/10\/20230901_191251_ergebnis-624x516.jpg 624w\" sizes=\"auto, (max-width: 726px) 100vw, 726px\" \/><\/a><\/p>\n<p><a href=\"https:\/\/olu-limburg.de\/wp-content\/uploads\/2023\/10\/IMG_20230901_181757_ergebnis.jpg\"><img loading=\"lazy\" decoding=\"async\" class=\"size-full wp-image-30101 aligncenter\" src=\"https:\/\/olu-limburg.de\/wp-content\/uploads\/2023\/10\/IMG_20230901_181757_ergebnis.jpg\" alt=\"\" width=\"800\" height=\"600\" srcset=\"https:\/\/olu-limburg.de\/wp-content\/uploads\/2023\/10\/IMG_20230901_181757_ergebnis.jpg 800w, https:\/\/olu-limburg.de\/wp-content\/uploads\/2023\/10\/IMG_20230901_181757_ergebnis-300x225.jpg 300w, https:\/\/olu-limburg.de\/wp-content\/uploads\/2023\/10\/IMG_20230901_181757_ergebnis-768x576.jpg 768w, https:\/\/olu-limburg.de\/wp-content\/uploads\/2023\/10\/IMG_20230901_181757_ergebnis-624x468.jpg 624w\" sizes=\"auto, (max-width: 800px) 100vw, 800px\" \/><\/a><\/p>\n<div id=\"attachment_30087\" style=\"width: 810px\" class=\"wp-caption aligncenter\"><a href=\"https:\/\/olu-limburg.de\/wp-content\/uploads\/2023\/10\/20230901_182602_ergebnis.jpg\"><img loading=\"lazy\" decoding=\"async\" aria-describedby=\"caption-attachment-30087\" class=\"wp-image-30087 size-full\" src=\"https:\/\/olu-limburg.de\/wp-content\/uploads\/2023\/10\/20230901_182602_ergebnis.jpg\" alt=\"\" width=\"800\" height=\"600\" srcset=\"https:\/\/olu-limburg.de\/wp-content\/uploads\/2023\/10\/20230901_182602_ergebnis.jpg 800w, https:\/\/olu-limburg.de\/wp-content\/uploads\/2023\/10\/20230901_182602_ergebnis-300x225.jpg 300w, https:\/\/olu-limburg.de\/wp-content\/uploads\/2023\/10\/20230901_182602_ergebnis-768x576.jpg 768w, https:\/\/olu-limburg.de\/wp-content\/uploads\/2023\/10\/20230901_182602_ergebnis-624x468.jpg 624w\" sizes=\"auto, (max-width: 800px) 100vw, 800px\" \/><\/a><p id=\"caption-attachment-30087\" class=\"wp-caption-text\">Blick zur\u00fcck auf die H\u00f6he von Auderville (Hier zeigt sich, dass das Cotentin mit Irland vergleichbar ist.)<\/p><\/div>\n<p><a href=\"https:\/\/olu-limburg.de\/wp-content\/uploads\/2023\/10\/20230901_183008_ergebnis.jpg\"><img loading=\"lazy\" decoding=\"async\" class=\"size-full wp-image-30088 aligncenter\" src=\"https:\/\/olu-limburg.de\/wp-content\/uploads\/2023\/10\/20230901_183008_ergebnis.jpg\" alt=\"\" width=\"800\" height=\"600\" srcset=\"https:\/\/olu-limburg.de\/wp-content\/uploads\/2023\/10\/20230901_183008_ergebnis.jpg 800w, https:\/\/olu-limburg.de\/wp-content\/uploads\/2023\/10\/20230901_183008_ergebnis-300x225.jpg 300w, https:\/\/olu-limburg.de\/wp-content\/uploads\/2023\/10\/20230901_183008_ergebnis-768x576.jpg 768w, https:\/\/olu-limburg.de\/wp-content\/uploads\/2023\/10\/20230901_183008_ergebnis-624x468.jpg 624w\" sizes=\"auto, (max-width: 800px) 100vw, 800px\" \/><\/a><\/p>\n<p><a href=\"https:\/\/olu-limburg.de\/wp-content\/uploads\/2023\/10\/IMG_20230901_183318_ergebnis.jpg\"><img loading=\"lazy\" decoding=\"async\" class=\"size-full wp-image-30104 aligncenter\" src=\"https:\/\/olu-limburg.de\/wp-content\/uploads\/2023\/10\/IMG_20230901_183318_ergebnis.jpg\" alt=\"\" width=\"800\" height=\"600\" srcset=\"https:\/\/olu-limburg.de\/wp-content\/uploads\/2023\/10\/IMG_20230901_183318_ergebnis.jpg 800w, https:\/\/olu-limburg.de\/wp-content\/uploads\/2023\/10\/IMG_20230901_183318_ergebnis-300x225.jpg 300w, https:\/\/olu-limburg.de\/wp-content\/uploads\/2023\/10\/IMG_20230901_183318_ergebnis-768x576.jpg 768w, https:\/\/olu-limburg.de\/wp-content\/uploads\/2023\/10\/IMG_20230901_183318_ergebnis-624x468.jpg 624w\" sizes=\"auto, (max-width: 800px) 100vw, 800px\" \/><\/a><\/p>\n<p><a href=\"https:\/\/olu-limburg.de\/wp-content\/uploads\/2023\/10\/IMG_20230901_183945_ergebnis.jpg\"><img loading=\"lazy\" decoding=\"async\" class=\"size-full wp-image-30106 aligncenter\" src=\"https:\/\/olu-limburg.de\/wp-content\/uploads\/2023\/10\/IMG_20230901_183945_ergebnis.jpg\" alt=\"\" width=\"800\" height=\"600\" srcset=\"https:\/\/olu-limburg.de\/wp-content\/uploads\/2023\/10\/IMG_20230901_183945_ergebnis.jpg 800w, https:\/\/olu-limburg.de\/wp-content\/uploads\/2023\/10\/IMG_20230901_183945_ergebnis-300x225.jpg 300w, https:\/\/olu-limburg.de\/wp-content\/uploads\/2023\/10\/IMG_20230901_183945_ergebnis-768x576.jpg 768w, https:\/\/olu-limburg.de\/wp-content\/uploads\/2023\/10\/IMG_20230901_183945_ergebnis-624x468.jpg 624w\" sizes=\"auto, (max-width: 800px) 100vw, 800px\" \/><\/a><\/p>\n<p><a href=\"https:\/\/olu-limburg.de\/wp-content\/uploads\/2023\/10\/20230901_185025_ergebnis-e1697548505693.jpg\"><img loading=\"lazy\" decoding=\"async\" class=\"size-full wp-image-30090 aligncenter\" src=\"https:\/\/olu-limburg.de\/wp-content\/uploads\/2023\/10\/20230901_185025_ergebnis-e1697548505693.jpg\" alt=\"\" width=\"450\" height=\"600\" \/><\/a><\/p>\n<p><a href=\"https:\/\/olu-limburg.de\/wp-content\/uploads\/2023\/10\/20230901_190354_ergebnis.jpg\"><img loading=\"lazy\" decoding=\"async\" class=\"size-full wp-image-30091 aligncenter\" src=\"https:\/\/olu-limburg.de\/wp-content\/uploads\/2023\/10\/20230901_190354_ergebnis.jpg\" alt=\"\" width=\"800\" height=\"600\" srcset=\"https:\/\/olu-limburg.de\/wp-content\/uploads\/2023\/10\/20230901_190354_ergebnis.jpg 800w, https:\/\/olu-limburg.de\/wp-content\/uploads\/2023\/10\/20230901_190354_ergebnis-300x225.jpg 300w, https:\/\/olu-limburg.de\/wp-content\/uploads\/2023\/10\/20230901_190354_ergebnis-768x576.jpg 768w, https:\/\/olu-limburg.de\/wp-content\/uploads\/2023\/10\/20230901_190354_ergebnis-624x468.jpg 624w\" sizes=\"auto, (max-width: 800px) 100vw, 800px\" \/><\/a><\/p>\n<p><a href=\"https:\/\/olu-limburg.de\/wp-content\/uploads\/2023\/10\/IMG_20230901_205048_ergebnis.jpg\"><img loading=\"lazy\" decoding=\"async\" class=\"size-full wp-image-30108 aligncenter\" src=\"https:\/\/olu-limburg.de\/wp-content\/uploads\/2023\/10\/IMG_20230901_205048_ergebnis.jpg\" alt=\"\" width=\"800\" height=\"600\" srcset=\"https:\/\/olu-limburg.de\/wp-content\/uploads\/2023\/10\/IMG_20230901_205048_ergebnis.jpg 800w, https:\/\/olu-limburg.de\/wp-content\/uploads\/2023\/10\/IMG_20230901_205048_ergebnis-300x225.jpg 300w, https:\/\/olu-limburg.de\/wp-content\/uploads\/2023\/10\/IMG_20230901_205048_ergebnis-768x576.jpg 768w, https:\/\/olu-limburg.de\/wp-content\/uploads\/2023\/10\/IMG_20230901_205048_ergebnis-624x468.jpg 624w\" sizes=\"auto, (max-width: 800px) 100vw, 800px\" \/><\/a><\/p>\n<p>Hier ist so viel Ruhe, trotz 20 Wohnmobilen, und eine traumhafte Ausssicht.<\/p>\n<p>Tagesstrecke: 69 km<\/p>\n<p>&nbsp;<\/p>\n<p><strong>Samstag, 02.09.2023<\/strong><\/p>\n<p>Einige Wohnmobilisten aus der ersten Reihe haben uns schon sehr fr\u00fch verlassen, dadurch haben wir jetzt eine super Panoramaaussicht.<\/p>\n<p><a href=\"https:\/\/olu-limburg.de\/wp-content\/uploads\/2023\/10\/IMG_20230902_100732_ergebnis.jpg\"><img loading=\"lazy\" decoding=\"async\" class=\"alignnone size-full wp-image-30113\" src=\"https:\/\/olu-limburg.de\/wp-content\/uploads\/2023\/10\/IMG_20230902_100732_ergebnis.jpg\" alt=\"\" width=\"800\" height=\"600\" srcset=\"https:\/\/olu-limburg.de\/wp-content\/uploads\/2023\/10\/IMG_20230902_100732_ergebnis.jpg 800w, https:\/\/olu-limburg.de\/wp-content\/uploads\/2023\/10\/IMG_20230902_100732_ergebnis-300x225.jpg 300w, https:\/\/olu-limburg.de\/wp-content\/uploads\/2023\/10\/IMG_20230902_100732_ergebnis-768x576.jpg 768w, https:\/\/olu-limburg.de\/wp-content\/uploads\/2023\/10\/IMG_20230902_100732_ergebnis-624x468.jpg 624w\" sizes=\"auto, (max-width: 800px) 100vw, 800px\" \/><\/a><\/p>\n<p><a href=\"https:\/\/olu-limburg.de\/wp-content\/uploads\/2023\/10\/IMG_20230902_105703_ergebnis.jpg\"><img loading=\"lazy\" decoding=\"async\" class=\"alignnone size-full wp-image-30114\" src=\"https:\/\/olu-limburg.de\/wp-content\/uploads\/2023\/10\/IMG_20230902_105703_ergebnis.jpg\" alt=\"\" width=\"800\" height=\"600\" srcset=\"https:\/\/olu-limburg.de\/wp-content\/uploads\/2023\/10\/IMG_20230902_105703_ergebnis.jpg 800w, https:\/\/olu-limburg.de\/wp-content\/uploads\/2023\/10\/IMG_20230902_105703_ergebnis-300x225.jpg 300w, https:\/\/olu-limburg.de\/wp-content\/uploads\/2023\/10\/IMG_20230902_105703_ergebnis-768x576.jpg 768w, https:\/\/olu-limburg.de\/wp-content\/uploads\/2023\/10\/IMG_20230902_105703_ergebnis-624x468.jpg 624w\" sizes=\"auto, (max-width: 800px) 100vw, 800px\" \/><\/a><\/p>\n<p>Ab heute fahren wir in s\u00fcdlicher Richtung. Kurz vor Barneville-Carteret teilt uns ein gelbes Hinweisschild mit, das die Durchfahrt durch diesen Ort gesperrt ist. Wir m\u00fcssen ein St\u00fcck zur\u00fcck fahren, und danach werden wir auf eine weite Umleitung geschickt. Irgendwann landen wir dann aber doch noch in St.-Germain-sur-Ay-Plage. Dort befindet sich direkt am Ortseingang ein Wohnmobil-Stellplatz von Camping Car Park mit V+E (Geb\u00fchr inkl. Strom EUR 12,70\/24 Std.).<\/p>\n<p><a href=\"https:\/\/olu-limburg.de\/wp-content\/uploads\/2023\/10\/IMG_20230902_165235_ergebnis.jpg\"><img loading=\"lazy\" decoding=\"async\" class=\"alignnone size-full wp-image-30115\" src=\"https:\/\/olu-limburg.de\/wp-content\/uploads\/2023\/10\/IMG_20230902_165235_ergebnis.jpg\" alt=\"\" width=\"800\" height=\"600\" srcset=\"https:\/\/olu-limburg.de\/wp-content\/uploads\/2023\/10\/IMG_20230902_165235_ergebnis.jpg 800w, https:\/\/olu-limburg.de\/wp-content\/uploads\/2023\/10\/IMG_20230902_165235_ergebnis-300x225.jpg 300w, https:\/\/olu-limburg.de\/wp-content\/uploads\/2023\/10\/IMG_20230902_165235_ergebnis-768x576.jpg 768w, https:\/\/olu-limburg.de\/wp-content\/uploads\/2023\/10\/IMG_20230902_165235_ergebnis-624x468.jpg 624w\" sizes=\"auto, (max-width: 800px) 100vw, 800px\" \/><\/a><\/p>\n<p>Von dem Stellplatz f\u00fchrt eine schnurgerade Ortsstra\u00dfe zum Strand. Es gibt drei Bars mit K\u00fcche, das Office de Tourisme, einen Metzger und einen Supermarkt.<\/p>\n<p><a href=\"https:\/\/olu-limburg.de\/wp-content\/uploads\/2023\/10\/IMG_20230903_083648_ergebnis.jpg\"><img loading=\"lazy\" decoding=\"async\" class=\"alignnone size-full wp-image-30121\" src=\"https:\/\/olu-limburg.de\/wp-content\/uploads\/2023\/10\/IMG_20230903_083648_ergebnis.jpg\" alt=\"\" width=\"800\" height=\"600\" srcset=\"https:\/\/olu-limburg.de\/wp-content\/uploads\/2023\/10\/IMG_20230903_083648_ergebnis.jpg 800w, https:\/\/olu-limburg.de\/wp-content\/uploads\/2023\/10\/IMG_20230903_083648_ergebnis-300x225.jpg 300w, https:\/\/olu-limburg.de\/wp-content\/uploads\/2023\/10\/IMG_20230903_083648_ergebnis-768x576.jpg 768w, https:\/\/olu-limburg.de\/wp-content\/uploads\/2023\/10\/IMG_20230903_083648_ergebnis-624x468.jpg 624w\" sizes=\"auto, (max-width: 800px) 100vw, 800px\" \/><\/a><\/p>\n<p>Auf dem riesigen Strand liegen vereinzelte Teppiche angeschwemmter Algen.<\/p>\n<p><a href=\"https:\/\/olu-limburg.de\/wp-content\/uploads\/2023\/10\/IMG_20230902_171521_ergebnis.jpg\"><img loading=\"lazy\" decoding=\"async\" class=\"alignnone size-full wp-image-30117\" src=\"https:\/\/olu-limburg.de\/wp-content\/uploads\/2023\/10\/IMG_20230902_171521_ergebnis.jpg\" alt=\"\" width=\"800\" height=\"600\" srcset=\"https:\/\/olu-limburg.de\/wp-content\/uploads\/2023\/10\/IMG_20230902_171521_ergebnis.jpg 800w, https:\/\/olu-limburg.de\/wp-content\/uploads\/2023\/10\/IMG_20230902_171521_ergebnis-300x225.jpg 300w, https:\/\/olu-limburg.de\/wp-content\/uploads\/2023\/10\/IMG_20230902_171521_ergebnis-768x576.jpg 768w, https:\/\/olu-limburg.de\/wp-content\/uploads\/2023\/10\/IMG_20230902_171521_ergebnis-624x468.jpg 624w\" sizes=\"auto, (max-width: 800px) 100vw, 800px\" \/><\/a><\/p>\n<p>Drau\u00dfen im Meer sind wieder riesige Fl\u00e4chen von der Muschel- und Austernzucht belegt.<\/p>\n<p><a href=\"https:\/\/olu-limburg.de\/wp-content\/uploads\/2023\/10\/IMG_20230902_171441_ergebnis.jpg\"><img loading=\"lazy\" decoding=\"async\" class=\"alignnone size-full wp-image-30116\" src=\"https:\/\/olu-limburg.de\/wp-content\/uploads\/2023\/10\/IMG_20230902_171441_ergebnis.jpg\" alt=\"\" width=\"800\" height=\"600\" srcset=\"https:\/\/olu-limburg.de\/wp-content\/uploads\/2023\/10\/IMG_20230902_171441_ergebnis.jpg 800w, https:\/\/olu-limburg.de\/wp-content\/uploads\/2023\/10\/IMG_20230902_171441_ergebnis-300x225.jpg 300w, https:\/\/olu-limburg.de\/wp-content\/uploads\/2023\/10\/IMG_20230902_171441_ergebnis-768x576.jpg 768w, https:\/\/olu-limburg.de\/wp-content\/uploads\/2023\/10\/IMG_20230902_171441_ergebnis-624x468.jpg 624w\" sizes=\"auto, (max-width: 800px) 100vw, 800px\" \/><\/a><\/p>\n<p><a href=\"https:\/\/olu-limburg.de\/wp-content\/uploads\/2023\/10\/IMG_20230902_174017_ergebnis.jpg\"><img loading=\"lazy\" decoding=\"async\" class=\"alignnone size-full wp-image-30120\" src=\"https:\/\/olu-limburg.de\/wp-content\/uploads\/2023\/10\/IMG_20230902_174017_ergebnis.jpg\" alt=\"\" width=\"800\" height=\"600\" srcset=\"https:\/\/olu-limburg.de\/wp-content\/uploads\/2023\/10\/IMG_20230902_174017_ergebnis.jpg 800w, https:\/\/olu-limburg.de\/wp-content\/uploads\/2023\/10\/IMG_20230902_174017_ergebnis-300x225.jpg 300w, https:\/\/olu-limburg.de\/wp-content\/uploads\/2023\/10\/IMG_20230902_174017_ergebnis-768x576.jpg 768w, https:\/\/olu-limburg.de\/wp-content\/uploads\/2023\/10\/IMG_20230902_174017_ergebnis-624x468.jpg 624w\" sizes=\"auto, (max-width: 800px) 100vw, 800px\" \/><\/a><\/p>\n<p>Am Strand finden wir zahlreiche Ausgaben der Rocheneier.<\/p>\n<p><a href=\"https:\/\/olu-limburg.de\/wp-content\/uploads\/2023\/10\/IMG_20230902_172057_edit_40264484773542_ergebnis.jpg\"><img loading=\"lazy\" decoding=\"async\" class=\"alignnone wp-image-30119 size-full\" src=\"https:\/\/olu-limburg.de\/wp-content\/uploads\/2023\/10\/IMG_20230902_172057_edit_40264484773542_ergebnis.jpg\" alt=\"\" width=\"800\" height=\"600\" srcset=\"https:\/\/olu-limburg.de\/wp-content\/uploads\/2023\/10\/IMG_20230902_172057_edit_40264484773542_ergebnis.jpg 800w, https:\/\/olu-limburg.de\/wp-content\/uploads\/2023\/10\/IMG_20230902_172057_edit_40264484773542_ergebnis-300x225.jpg 300w, https:\/\/olu-limburg.de\/wp-content\/uploads\/2023\/10\/IMG_20230902_172057_edit_40264484773542_ergebnis-768x576.jpg 768w, https:\/\/olu-limburg.de\/wp-content\/uploads\/2023\/10\/IMG_20230902_172057_edit_40264484773542_ergebnis-624x468.jpg 624w\" sizes=\"auto, (max-width: 800px) 100vw, 800px\" \/><\/a><\/p>\n<p>Am linken Horizont sieht man noch die Erhebungen der Insel Jersey.<\/p>\n<p><a href=\"https:\/\/olu-limburg.de\/wp-content\/uploads\/2023\/10\/IMG_20230902_171544_ergebnis.jpg\"><img loading=\"lazy\" decoding=\"async\" class=\"alignnone size-full wp-image-30118\" src=\"https:\/\/olu-limburg.de\/wp-content\/uploads\/2023\/10\/IMG_20230902_171544_ergebnis.jpg\" alt=\"\" width=\"800\" height=\"600\" srcset=\"https:\/\/olu-limburg.de\/wp-content\/uploads\/2023\/10\/IMG_20230902_171544_ergebnis.jpg 800w, https:\/\/olu-limburg.de\/wp-content\/uploads\/2023\/10\/IMG_20230902_171544_ergebnis-300x225.jpg 300w, https:\/\/olu-limburg.de\/wp-content\/uploads\/2023\/10\/IMG_20230902_171544_ergebnis-768x576.jpg 768w, https:\/\/olu-limburg.de\/wp-content\/uploads\/2023\/10\/IMG_20230902_171544_ergebnis-624x468.jpg 624w\" sizes=\"auto, (max-width: 800px) 100vw, 800px\" \/><\/a><\/p>\n<p>Am Stellplatz sitzen wir noch lange drau\u00dfen.<\/p>\n<p>Tagesstrecke: 80 km<\/p>\n<p>&nbsp;<\/p>\n<p><strong>Sonntag, 03.09.2023<\/strong><\/p>\n<p>Auf meinem Weg zum Baguette- und Croissenteinkauf sehe ich, dass auf dem gro\u00dfen Parkplatz gegen\u00fcber vom Proxi-Supermarkt ein Wochenmarkt aufgebaut worden ist. Das wird Lena freuen.<\/p>\n<p><a href=\"https:\/\/olu-limburg.de\/wp-content\/uploads\/2023\/10\/IMG_20230903_084228_ergebnis.jpg\"><img loading=\"lazy\" decoding=\"async\" class=\"alignnone size-full wp-image-30126\" src=\"https:\/\/olu-limburg.de\/wp-content\/uploads\/2023\/10\/IMG_20230903_084228_ergebnis.jpg\" alt=\"\" width=\"800\" height=\"600\" srcset=\"https:\/\/olu-limburg.de\/wp-content\/uploads\/2023\/10\/IMG_20230903_084228_ergebnis.jpg 800w, https:\/\/olu-limburg.de\/wp-content\/uploads\/2023\/10\/IMG_20230903_084228_ergebnis-300x225.jpg 300w, https:\/\/olu-limburg.de\/wp-content\/uploads\/2023\/10\/IMG_20230903_084228_ergebnis-768x576.jpg 768w, https:\/\/olu-limburg.de\/wp-content\/uploads\/2023\/10\/IMG_20230903_084228_ergebnis-624x468.jpg 624w\" sizes=\"auto, (max-width: 800px) 100vw, 800px\" \/><\/a><\/p>\n<p>Nach dem Fr\u00fchst\u00fcck und einem Match Sudoku gehen wir schnell zum Markt, bevor er wieder zumacht.<\/p>\n<p><a href=\"https:\/\/olu-limburg.de\/wp-content\/uploads\/2023\/10\/IMG_20230903_094746_ergebnis-e1697555533192.jpg\"><img loading=\"lazy\" decoding=\"async\" class=\"alignnone size-full wp-image-30127\" src=\"https:\/\/olu-limburg.de\/wp-content\/uploads\/2023\/10\/IMG_20230903_094746_ergebnis-e1697555533192.jpg\" alt=\"\" width=\"450\" height=\"600\" \/><\/a><\/p>\n<p>An den Stra\u00dfenr\u00e4ndern parken bereits viele PKWs.<\/p>\n<p><a href=\"https:\/\/olu-limburg.de\/wp-content\/uploads\/2023\/10\/IMG_20230903_111245_ergebnis.jpg\"><img loading=\"lazy\" decoding=\"async\" class=\"alignnone size-full wp-image-30128\" src=\"https:\/\/olu-limburg.de\/wp-content\/uploads\/2023\/10\/IMG_20230903_111245_ergebnis.jpg\" alt=\"\" width=\"800\" height=\"600\" srcset=\"https:\/\/olu-limburg.de\/wp-content\/uploads\/2023\/10\/IMG_20230903_111245_ergebnis.jpg 800w, https:\/\/olu-limburg.de\/wp-content\/uploads\/2023\/10\/IMG_20230903_111245_ergebnis-300x225.jpg 300w, https:\/\/olu-limburg.de\/wp-content\/uploads\/2023\/10\/IMG_20230903_111245_ergebnis-768x576.jpg 768w, https:\/\/olu-limburg.de\/wp-content\/uploads\/2023\/10\/IMG_20230903_111245_ergebnis-624x468.jpg 624w\" sizes=\"auto, (max-width: 800px) 100vw, 800px\" \/><\/a><\/p>\n<p><a href=\"https:\/\/olu-limburg.de\/wp-content\/uploads\/2023\/10\/IMG_20230903_113204_ergebnis.jpg\"><img loading=\"lazy\" decoding=\"async\" class=\"alignnone size-full wp-image-30130\" src=\"https:\/\/olu-limburg.de\/wp-content\/uploads\/2023\/10\/IMG_20230903_113204_ergebnis.jpg\" alt=\"\" width=\"800\" height=\"600\" srcset=\"https:\/\/olu-limburg.de\/wp-content\/uploads\/2023\/10\/IMG_20230903_113204_ergebnis.jpg 800w, https:\/\/olu-limburg.de\/wp-content\/uploads\/2023\/10\/IMG_20230903_113204_ergebnis-300x225.jpg 300w, https:\/\/olu-limburg.de\/wp-content\/uploads\/2023\/10\/IMG_20230903_113204_ergebnis-768x576.jpg 768w, https:\/\/olu-limburg.de\/wp-content\/uploads\/2023\/10\/IMG_20230903_113204_ergebnis-624x468.jpg 624w\" sizes=\"auto, (max-width: 800px) 100vw, 800px\" \/><\/a><\/p>\n<p>Unser Augenmerk gilt haupts\u00e4chlich dem Meeresgetier. F\u00fcr\u00a0 13 Austern der Gr\u00f6\u00dfe 3 bezahle ich gerade mal EUR 5,80. Davon ist bei uns zuhause nur zu tr\u00e4umen. Au\u00dferdem holen wir uns noch regionales Gem\u00fcse in Form von Radieschen, Tomaten und Bohnen von einem \u00f6rtlichen Bauern.<\/p>\n<p><a href=\"https:\/\/olu-limburg.de\/wp-content\/uploads\/2023\/10\/IMG_20230903_112109_ergebnis.jpg\"><img loading=\"lazy\" decoding=\"async\" class=\"alignnone size-full wp-image-30129\" src=\"https:\/\/olu-limburg.de\/wp-content\/uploads\/2023\/10\/IMG_20230903_112109_ergebnis.jpg\" alt=\"\" width=\"800\" height=\"600\" srcset=\"https:\/\/olu-limburg.de\/wp-content\/uploads\/2023\/10\/IMG_20230903_112109_ergebnis.jpg 800w, https:\/\/olu-limburg.de\/wp-content\/uploads\/2023\/10\/IMG_20230903_112109_ergebnis-300x225.jpg 300w, https:\/\/olu-limburg.de\/wp-content\/uploads\/2023\/10\/IMG_20230903_112109_ergebnis-768x576.jpg 768w, https:\/\/olu-limburg.de\/wp-content\/uploads\/2023\/10\/IMG_20230903_112109_ergebnis-624x468.jpg 624w\" sizes=\"auto, (max-width: 800px) 100vw, 800px\" \/><\/a><\/p>\n<p>Da zur Zeit das Wasser mal da ist, setzen wir uns noch ein wenig auf eine Bank an der &#8222;Promenade&#8220; und genie\u00dfen die Aussicht.<\/p>\n<p><a href=\"https:\/\/olu-limburg.de\/wp-content\/uploads\/2023\/10\/IMG_20230903_115237_ergebnis.jpg\"><img loading=\"lazy\" decoding=\"async\" class=\"alignnone size-full wp-image-30131\" src=\"https:\/\/olu-limburg.de\/wp-content\/uploads\/2023\/10\/IMG_20230903_115237_ergebnis.jpg\" alt=\"\" width=\"800\" height=\"600\" srcset=\"https:\/\/olu-limburg.de\/wp-content\/uploads\/2023\/10\/IMG_20230903_115237_ergebnis.jpg 800w, https:\/\/olu-limburg.de\/wp-content\/uploads\/2023\/10\/IMG_20230903_115237_ergebnis-300x225.jpg 300w, https:\/\/olu-limburg.de\/wp-content\/uploads\/2023\/10\/IMG_20230903_115237_ergebnis-768x576.jpg 768w, https:\/\/olu-limburg.de\/wp-content\/uploads\/2023\/10\/IMG_20230903_115237_ergebnis-624x468.jpg 624w\" sizes=\"auto, (max-width: 800px) 100vw, 800px\" \/><\/a><\/p>\n<p>Am Stellplatz kommt dann die Arbeit mit dem preiswerten Einkauf, bevor die Austern verzehrt werden k\u00f6nnen. Im Proxi habe ich mir einen speziellen Handschutz gekauft, damit ich mir beim \u00d6ffnen der Austern nicht mit dem spitzen Messer in die Hand steche. Das war vorher immer etwas problematisch. Jetzt klappt das aber sehr gut.<\/p>\n<p><a href=\"https:\/\/olu-limburg.de\/wp-content\/uploads\/2023\/10\/20230903_132135_ergebnis-e1697556240620.jpg\"><img loading=\"lazy\" decoding=\"async\" class=\"alignnone size-full wp-image-30124\" src=\"https:\/\/olu-limburg.de\/wp-content\/uploads\/2023\/10\/20230903_132135_ergebnis-e1697556240620.jpg\" alt=\"\" width=\"450\" height=\"600\" \/><\/a><\/p>\n<p><a href=\"https:\/\/olu-limburg.de\/wp-content\/uploads\/2023\/10\/20230903_132104_ergebnis.jpg\"><img loading=\"lazy\" decoding=\"async\" class=\"alignnone size-full wp-image-30123\" src=\"https:\/\/olu-limburg.de\/wp-content\/uploads\/2023\/10\/20230903_132104_ergebnis.jpg\" alt=\"\" width=\"800\" height=\"600\" srcset=\"https:\/\/olu-limburg.de\/wp-content\/uploads\/2023\/10\/20230903_132104_ergebnis.jpg 800w, https:\/\/olu-limburg.de\/wp-content\/uploads\/2023\/10\/20230903_132104_ergebnis-300x225.jpg 300w, https:\/\/olu-limburg.de\/wp-content\/uploads\/2023\/10\/20230903_132104_ergebnis-768x576.jpg 768w, https:\/\/olu-limburg.de\/wp-content\/uploads\/2023\/10\/20230903_132104_ergebnis-624x468.jpg 624w\" sizes=\"auto, (max-width: 800px) 100vw, 800px\" \/><\/a><\/p>\n<p>Und fertig ist unsere Vorspeise. Dazu gibt es einen gut gek\u00fchlten Muscadet sur Lie. \u00c0 votre sant\u00e9!<\/p>\n<p><a href=\"https:\/\/olu-limburg.de\/wp-content\/uploads\/2023\/10\/IMG_20230903_133908_edit_59918066650231_ergebnis.jpg\"><img loading=\"lazy\" decoding=\"async\" class=\"alignnone wp-image-30132 size-full\" src=\"https:\/\/olu-limburg.de\/wp-content\/uploads\/2023\/10\/IMG_20230903_133908_edit_59918066650231_ergebnis.jpg\" alt=\"\" width=\"800\" height=\"600\" srcset=\"https:\/\/olu-limburg.de\/wp-content\/uploads\/2023\/10\/IMG_20230903_133908_edit_59918066650231_ergebnis.jpg 800w, https:\/\/olu-limburg.de\/wp-content\/uploads\/2023\/10\/IMG_20230903_133908_edit_59918066650231_ergebnis-300x225.jpg 300w, https:\/\/olu-limburg.de\/wp-content\/uploads\/2023\/10\/IMG_20230903_133908_edit_59918066650231_ergebnis-768x576.jpg 768w, https:\/\/olu-limburg.de\/wp-content\/uploads\/2023\/10\/IMG_20230903_133908_edit_59918066650231_ergebnis-624x468.jpg 624w\" sizes=\"auto, (max-width: 800px) 100vw, 800px\" \/><\/a><\/p>\n<p>Tagesstrecke: 0 km<\/p>\n<p>&nbsp;<\/p>\n<p><strong>Montag, 04.09.2023<\/strong><\/p>\n<p>Unsere heutige Etappe sollte uns eigentlich nach Gouville-sur-Mer zu einem Austernz\u00fcchter von France Passion bringen. Auf dem Weg dorthin kurvten wir vorher bereits durch Gouville um einen Supermarkt und die dazugeh\u00f6rige Tankstelle zu finden. Das klappte gerade noch, bevor alles nach einem halben Tag Arbeit wieder geschlossen wurde.<\/p>\n<p>Der Stellplatz bei dem Austernz\u00fcchter ist wie auf einem engen Hinterhof. Das muss wirklich nicht sein. Und bei dem Wohnmobil-Stellplatz am Strand ist bei der Infrastruktur bereits alles im Winterschlaf. Vorher sind wir aber an Pirou vorbei gefahren, dort gibt es noch einen Fischer und Muschelz\u00fcchter von France Passion. Also fahren wir wieder etwa 7 km zur\u00fcck.<\/p>\n<p>Zu allem Hin und Her haben wir aber auch noch Hunger, bei Anneville soll es noch ein Restaurant geben. Wir eiern durch enge Gassen und finden tats\u00e4chlich um 12.30 Uhr das Restaurant, was \u00fcberall f\u00fcr seinen Mittagstisch gelobt wird. Vor uns gehen noch 4 Leute hinein. Im Lokal sind jetzt alle Tische belegt. Ich ahne Schlimmes. Wir werden wegen \u00dcberlastung abgewiesen. Schade.<\/p>\n<p>Hungrig fahren wir nach Pirou.\u00a0 Am Kreisel von Pirou Plage werden wir zu unserem \u00dcbernachtungsplatz des Unternehmens von Mr. Pascal Groult dirigiert. Es stehen schon drei weitere franz\u00f6sische Wohnmobile dort. Dadurch sieht alles viel freundlicher aus.<\/p>\n<p><a href=\"https:\/\/olu-limburg.de\/wp-content\/uploads\/2023\/10\/IMG_20230904_140724_ergebnis.jpg\"><img loading=\"lazy\" decoding=\"async\" class=\"size-full wp-image-30134 aligncenter\" src=\"https:\/\/olu-limburg.de\/wp-content\/uploads\/2023\/10\/IMG_20230904_140724_ergebnis.jpg\" alt=\"\" width=\"800\" height=\"600\" srcset=\"https:\/\/olu-limburg.de\/wp-content\/uploads\/2023\/10\/IMG_20230904_140724_ergebnis.jpg 800w, https:\/\/olu-limburg.de\/wp-content\/uploads\/2023\/10\/IMG_20230904_140724_ergebnis-300x225.jpg 300w, https:\/\/olu-limburg.de\/wp-content\/uploads\/2023\/10\/IMG_20230904_140724_ergebnis-768x576.jpg 768w, https:\/\/olu-limburg.de\/wp-content\/uploads\/2023\/10\/IMG_20230904_140724_ergebnis-624x468.jpg 624w\" sizes=\"auto, (max-width: 800px) 100vw, 800px\" \/><\/a><\/p>\n<p><a href=\"https:\/\/olu-limburg.de\/wp-content\/uploads\/2023\/10\/IMG_20230904_140734_ergebnis.jpg\"><img loading=\"lazy\" decoding=\"async\" class=\"size-full wp-image-30135 aligncenter\" src=\"https:\/\/olu-limburg.de\/wp-content\/uploads\/2023\/10\/IMG_20230904_140734_ergebnis.jpg\" alt=\"\" width=\"800\" height=\"600\" srcset=\"https:\/\/olu-limburg.de\/wp-content\/uploads\/2023\/10\/IMG_20230904_140734_ergebnis.jpg 800w, https:\/\/olu-limburg.de\/wp-content\/uploads\/2023\/10\/IMG_20230904_140734_ergebnis-300x225.jpg 300w, https:\/\/olu-limburg.de\/wp-content\/uploads\/2023\/10\/IMG_20230904_140734_ergebnis-768x576.jpg 768w, https:\/\/olu-limburg.de\/wp-content\/uploads\/2023\/10\/IMG_20230904_140734_ergebnis-624x468.jpg 624w\" sizes=\"auto, (max-width: 800px) 100vw, 800px\" \/><\/a><\/p>\n<p>Der Verkauf hat leider Mittagspause. So hei\u00dft es f\u00fcr uns warten. Damit wir nicht verhungern, machen wir uns ein paar Br\u00f6tli.<\/p>\n<p><a href=\"https:\/\/olu-limburg.de\/wp-content\/uploads\/2023\/10\/IMG_20230904_134045_ergebnis.jpg\"><img loading=\"lazy\" decoding=\"async\" class=\"size-full wp-image-30133 aligncenter\" src=\"https:\/\/olu-limburg.de\/wp-content\/uploads\/2023\/10\/IMG_20230904_134045_ergebnis.jpg\" alt=\"\" width=\"800\" height=\"600\" srcset=\"https:\/\/olu-limburg.de\/wp-content\/uploads\/2023\/10\/IMG_20230904_134045_ergebnis.jpg 800w, https:\/\/olu-limburg.de\/wp-content\/uploads\/2023\/10\/IMG_20230904_134045_ergebnis-300x225.jpg 300w, https:\/\/olu-limburg.de\/wp-content\/uploads\/2023\/10\/IMG_20230904_134045_ergebnis-768x576.jpg 768w, https:\/\/olu-limburg.de\/wp-content\/uploads\/2023\/10\/IMG_20230904_134045_ergebnis-624x468.jpg 624w\" sizes=\"auto, (max-width: 800px) 100vw, 800px\" \/><\/a><\/p>\n<p>Wir leiden unter der Hitze bei 31\u00b0 und halten im Schatten des Wohnmobils Siesta.\u00a0 Als die Angestellte endlich die Eingangst\u00fcr \u00f6ffnet, &#8222;schlagen&#8220; wir sofort zu. &#8222;Diese gro\u00dfe Araign\u00e9e (Seespinne), Bulots (gro\u00dfe Meeresschnecken) und eine Flasche Muscadet bitte!&#8220;<\/p>\n<p><a href=\"https:\/\/olu-limburg.de\/wp-content\/uploads\/2023\/10\/IMG_20230904_143039_ergebnis.jpg\"><img loading=\"lazy\" decoding=\"async\" class=\"size-full wp-image-30136 aligncenter\" src=\"https:\/\/olu-limburg.de\/wp-content\/uploads\/2023\/10\/IMG_20230904_143039_ergebnis.jpg\" alt=\"\" width=\"800\" height=\"600\" srcset=\"https:\/\/olu-limburg.de\/wp-content\/uploads\/2023\/10\/IMG_20230904_143039_ergebnis.jpg 800w, https:\/\/olu-limburg.de\/wp-content\/uploads\/2023\/10\/IMG_20230904_143039_ergebnis-300x225.jpg 300w, https:\/\/olu-limburg.de\/wp-content\/uploads\/2023\/10\/IMG_20230904_143039_ergebnis-768x576.jpg 768w, https:\/\/olu-limburg.de\/wp-content\/uploads\/2023\/10\/IMG_20230904_143039_ergebnis-624x468.jpg 624w\" sizes=\"auto, (max-width: 800px) 100vw, 800px\" \/><\/a><\/p>\n<p><a href=\"https:\/\/olu-limburg.de\/wp-content\/uploads\/2023\/10\/IMG_20230904_151139_ergebnis.jpg\"><img loading=\"lazy\" decoding=\"async\" class=\"size-full wp-image-30137 aligncenter\" src=\"https:\/\/olu-limburg.de\/wp-content\/uploads\/2023\/10\/IMG_20230904_151139_ergebnis.jpg\" alt=\"\" width=\"800\" height=\"600\" srcset=\"https:\/\/olu-limburg.de\/wp-content\/uploads\/2023\/10\/IMG_20230904_151139_ergebnis.jpg 800w, https:\/\/olu-limburg.de\/wp-content\/uploads\/2023\/10\/IMG_20230904_151139_ergebnis-300x225.jpg 300w, https:\/\/olu-limburg.de\/wp-content\/uploads\/2023\/10\/IMG_20230904_151139_ergebnis-768x576.jpg 768w, https:\/\/olu-limburg.de\/wp-content\/uploads\/2023\/10\/IMG_20230904_151139_ergebnis-624x468.jpg 624w\" sizes=\"auto, (max-width: 800px) 100vw, 800px\" \/><\/a><\/p>\n<p>Das war schon einmal ganz gut. Etwas sp\u00e4ter machen wir einen Spaziergang zum Strand, und kommen an einem Platz vorbei, wo sich einige Wohnmolie in einer Senke hingestellt haben.<\/p>\n<p>Vor uns liegt wieder ein riesiger Strand.<\/p>\n<p><a href=\"https:\/\/olu-limburg.de\/wp-content\/uploads\/2023\/10\/IMG_20230904_182228_ergebnis.jpg\"><img loading=\"lazy\" decoding=\"async\" class=\"size-full wp-image-30138 aligncenter\" src=\"https:\/\/olu-limburg.de\/wp-content\/uploads\/2023\/10\/IMG_20230904_182228_ergebnis.jpg\" alt=\"\" width=\"800\" height=\"600\" srcset=\"https:\/\/olu-limburg.de\/wp-content\/uploads\/2023\/10\/IMG_20230904_182228_ergebnis.jpg 800w, https:\/\/olu-limburg.de\/wp-content\/uploads\/2023\/10\/IMG_20230904_182228_ergebnis-300x225.jpg 300w, https:\/\/olu-limburg.de\/wp-content\/uploads\/2023\/10\/IMG_20230904_182228_ergebnis-768x576.jpg 768w, https:\/\/olu-limburg.de\/wp-content\/uploads\/2023\/10\/IMG_20230904_182228_ergebnis-624x468.jpg 624w\" sizes=\"auto, (max-width: 800px) 100vw, 800px\" \/><\/a><\/p>\n<p><a href=\"https:\/\/olu-limburg.de\/wp-content\/uploads\/2023\/10\/IMG_20230904_182340_ergebnis.jpg\"><img loading=\"lazy\" decoding=\"async\" class=\"size-full wp-image-30139 aligncenter\" src=\"https:\/\/olu-limburg.de\/wp-content\/uploads\/2023\/10\/IMG_20230904_182340_ergebnis.jpg\" alt=\"\" width=\"800\" height=\"600\" srcset=\"https:\/\/olu-limburg.de\/wp-content\/uploads\/2023\/10\/IMG_20230904_182340_ergebnis.jpg 800w, https:\/\/olu-limburg.de\/wp-content\/uploads\/2023\/10\/IMG_20230904_182340_ergebnis-300x225.jpg 300w, https:\/\/olu-limburg.de\/wp-content\/uploads\/2023\/10\/IMG_20230904_182340_ergebnis-768x576.jpg 768w, https:\/\/olu-limburg.de\/wp-content\/uploads\/2023\/10\/IMG_20230904_182340_ergebnis-624x468.jpg 624w\" sizes=\"auto, (max-width: 800px) 100vw, 800px\" \/><\/a><\/p>\n<p><a href=\"https:\/\/olu-limburg.de\/wp-content\/uploads\/2023\/10\/IMG_20230904_182626_ergebnis-e1697559932261.jpg\"><img loading=\"lazy\" decoding=\"async\" class=\"size-full wp-image-30140 aligncenter\" src=\"https:\/\/olu-limburg.de\/wp-content\/uploads\/2023\/10\/IMG_20230904_182626_ergebnis-e1697559932261.jpg\" alt=\"\" width=\"450\" height=\"600\" \/><\/a><\/p>\n<p><a href=\"https:\/\/olu-limburg.de\/wp-content\/uploads\/2023\/10\/20230904_183024_ergebnis.jpg\"><img loading=\"lazy\" decoding=\"async\" class=\"size-full wp-image-30147 aligncenter\" src=\"https:\/\/olu-limburg.de\/wp-content\/uploads\/2023\/10\/20230904_183024_ergebnis.jpg\" alt=\"\" width=\"800\" height=\"600\" srcset=\"https:\/\/olu-limburg.de\/wp-content\/uploads\/2023\/10\/20230904_183024_ergebnis.jpg 800w, https:\/\/olu-limburg.de\/wp-content\/uploads\/2023\/10\/20230904_183024_ergebnis-300x225.jpg 300w, https:\/\/olu-limburg.de\/wp-content\/uploads\/2023\/10\/20230904_183024_ergebnis-768x576.jpg 768w, https:\/\/olu-limburg.de\/wp-content\/uploads\/2023\/10\/20230904_183024_ergebnis-624x468.jpg 624w\" sizes=\"auto, (max-width: 800px) 100vw, 800px\" \/><\/a><\/p>\n<p><a href=\"https:\/\/olu-limburg.de\/wp-content\/uploads\/2023\/10\/20230904_184054_ergebnis.jpg\"><img loading=\"lazy\" decoding=\"async\" class=\"size-full wp-image-30149 aligncenter\" src=\"https:\/\/olu-limburg.de\/wp-content\/uploads\/2023\/10\/20230904_184054_ergebnis.jpg\" alt=\"\" width=\"800\" height=\"600\" srcset=\"https:\/\/olu-limburg.de\/wp-content\/uploads\/2023\/10\/20230904_184054_ergebnis.jpg 800w, https:\/\/olu-limburg.de\/wp-content\/uploads\/2023\/10\/20230904_184054_ergebnis-300x225.jpg 300w, https:\/\/olu-limburg.de\/wp-content\/uploads\/2023\/10\/20230904_184054_ergebnis-768x576.jpg 768w, https:\/\/olu-limburg.de\/wp-content\/uploads\/2023\/10\/20230904_184054_ergebnis-624x468.jpg 624w\" sizes=\"auto, (max-width: 800px) 100vw, 800px\" \/><\/a><\/p>\n<p><a href=\"https:\/\/olu-limburg.de\/wp-content\/uploads\/2023\/10\/IMG_20230904_183001_ergebnis.jpg\"><img loading=\"lazy\" decoding=\"async\" class=\"size-full wp-image-30141 aligncenter\" src=\"https:\/\/olu-limburg.de\/wp-content\/uploads\/2023\/10\/IMG_20230904_183001_ergebnis.jpg\" alt=\"\" width=\"800\" height=\"600\" srcset=\"https:\/\/olu-limburg.de\/wp-content\/uploads\/2023\/10\/IMG_20230904_183001_ergebnis.jpg 800w, https:\/\/olu-limburg.de\/wp-content\/uploads\/2023\/10\/IMG_20230904_183001_ergebnis-300x225.jpg 300w, https:\/\/olu-limburg.de\/wp-content\/uploads\/2023\/10\/IMG_20230904_183001_ergebnis-768x576.jpg 768w, https:\/\/olu-limburg.de\/wp-content\/uploads\/2023\/10\/IMG_20230904_183001_ergebnis-624x468.jpg 624w\" sizes=\"auto, (max-width: 800px) 100vw, 800px\" \/><\/a><\/p>\n<p><a href=\"https:\/\/olu-limburg.de\/wp-content\/uploads\/2023\/10\/20230904_183956_ergebnis.jpg\"><img loading=\"lazy\" decoding=\"async\" class=\"size-full wp-image-30148 aligncenter\" src=\"https:\/\/olu-limburg.de\/wp-content\/uploads\/2023\/10\/20230904_183956_ergebnis.jpg\" alt=\"\" width=\"800\" height=\"600\" srcset=\"https:\/\/olu-limburg.de\/wp-content\/uploads\/2023\/10\/20230904_183956_ergebnis.jpg 800w, https:\/\/olu-limburg.de\/wp-content\/uploads\/2023\/10\/20230904_183956_ergebnis-300x225.jpg 300w, https:\/\/olu-limburg.de\/wp-content\/uploads\/2023\/10\/20230904_183956_ergebnis-768x576.jpg 768w, https:\/\/olu-limburg.de\/wp-content\/uploads\/2023\/10\/20230904_183956_ergebnis-624x468.jpg 624w\" sizes=\"auto, (max-width: 800px) 100vw, 800px\" \/><\/a><\/p>\n<p>Am Abend ist viel Betrieb, Die Fischer kommen mit einem flachen Boot zur\u00fcck, was von einem Trailer gebracht wird. K\u00f6rbe voller Fische und Muscheln werden aufgeteilt und in Lieferwagen verladen. F\u00fcr den Betrieb ist das problematisch, da sich mittlerweile weitere Wohnmobile eingefunden haben, die den Ablauf behindern.<\/p>\n<p><a href=\"https:\/\/olu-limburg.de\/wp-content\/uploads\/2023\/10\/IMG_20230905_101524_ergebnis.jpg\"><img loading=\"lazy\" decoding=\"async\" class=\"size-full wp-image-30142 aligncenter\" src=\"https:\/\/olu-limburg.de\/wp-content\/uploads\/2023\/10\/IMG_20230905_101524_ergebnis.jpg\" alt=\"\" width=\"800\" height=\"600\" srcset=\"https:\/\/olu-limburg.de\/wp-content\/uploads\/2023\/10\/IMG_20230905_101524_ergebnis.jpg 800w, https:\/\/olu-limburg.de\/wp-content\/uploads\/2023\/10\/IMG_20230905_101524_ergebnis-300x225.jpg 300w, https:\/\/olu-limburg.de\/wp-content\/uploads\/2023\/10\/IMG_20230905_101524_ergebnis-768x576.jpg 768w, https:\/\/olu-limburg.de\/wp-content\/uploads\/2023\/10\/IMG_20230905_101524_ergebnis-624x468.jpg 624w\" sizes=\"auto, (max-width: 800px) 100vw, 800px\" \/><\/a><\/p>\n<p>Die Nacht ist aber ruhig.<\/p>\n<p>Tagesstrecke: 44 km<\/p>\n<p>&nbsp;<\/p>\n<p><strong>Dienstag, 05.09.2023<\/strong><\/p>\n<p>Es geht immer weiter nach S\u00fcden. Die alte Pont de la Roque wurde bei dem ersten Bombardement durch die Alliierten 1944 zerst\u00f6rt.<\/p>\n<p><a href=\"https:\/\/olu-limburg.de\/wp-content\/uploads\/2023\/10\/IMG_20230905_104726_ergebnis.jpg\"><img loading=\"lazy\" decoding=\"async\" class=\"size-full wp-image-30158 aligncenter\" src=\"https:\/\/olu-limburg.de\/wp-content\/uploads\/2023\/10\/IMG_20230905_104726_ergebnis.jpg\" alt=\"\" width=\"800\" height=\"600\" srcset=\"https:\/\/olu-limburg.de\/wp-content\/uploads\/2023\/10\/IMG_20230905_104726_ergebnis.jpg 800w, https:\/\/olu-limburg.de\/wp-content\/uploads\/2023\/10\/IMG_20230905_104726_ergebnis-300x225.jpg 300w, https:\/\/olu-limburg.de\/wp-content\/uploads\/2023\/10\/IMG_20230905_104726_ergebnis-768x576.jpg 768w, https:\/\/olu-limburg.de\/wp-content\/uploads\/2023\/10\/IMG_20230905_104726_ergebnis-624x468.jpg 624w\" sizes=\"auto, (max-width: 800px) 100vw, 800px\" \/><\/a><\/p>\n<p>Wir passieren Granville und fahren nach Carolles-Plage. Dort gibt es einen Stellplatz von Camping Car Park. Auf der D911 durchqueren wir die zusammengewachsenen Badeorte Jullouville, \u00c9denville und letztendlich Carolles-Plage. Vielmehr qu\u00e4len wir uns durch die Orte, in irgendeinem ist Markt, und erreichen endlich den Stellplatz mit V+E (Geb\u00fchr EUR 14,32 inkl. Strom) von Carolles-Plage.<\/p>\n<p><a href=\"https:\/\/olu-limburg.de\/wp-content\/uploads\/2023\/10\/IMG_20230905_120832_ergebnis.jpg\"><img loading=\"lazy\" decoding=\"async\" class=\"size-full wp-image-30159 aligncenter\" src=\"https:\/\/olu-limburg.de\/wp-content\/uploads\/2023\/10\/IMG_20230905_120832_ergebnis.jpg\" alt=\"\" width=\"800\" height=\"600\" srcset=\"https:\/\/olu-limburg.de\/wp-content\/uploads\/2023\/10\/IMG_20230905_120832_ergebnis.jpg 800w, https:\/\/olu-limburg.de\/wp-content\/uploads\/2023\/10\/IMG_20230905_120832_ergebnis-300x225.jpg 300w, https:\/\/olu-limburg.de\/wp-content\/uploads\/2023\/10\/IMG_20230905_120832_ergebnis-768x576.jpg 768w, https:\/\/olu-limburg.de\/wp-content\/uploads\/2023\/10\/IMG_20230905_120832_ergebnis-624x468.jpg 624w\" sizes=\"auto, (max-width: 800px) 100vw, 800px\" \/><\/a><\/p>\n<p>Ich habe den Stellplatz in der App schon mehrere Tage beobachtet, weil die 16 Stellpl\u00e4tze immer belegt waren. Kurz vor Mittag gab es aber st\u00e4ndig kurzzeitig etwas Freiraum. Wir haben heute auf jeden Fall Gl\u00fcck.<\/p>\n<p>Etwa 100 m vor uns ist der breite Strandstreifen, der sich bereits seit vielen Kilometern von Norden herunter zieht.<\/p>\n<p><a href=\"https:\/\/olu-limburg.de\/wp-content\/uploads\/2023\/10\/IMG_20230905_134422_ergebnis.jpg\"><img loading=\"lazy\" decoding=\"async\" class=\"size-full wp-image-30165 aligncenter\" src=\"https:\/\/olu-limburg.de\/wp-content\/uploads\/2023\/10\/IMG_20230905_134422_ergebnis.jpg\" alt=\"\" width=\"800\" height=\"600\" srcset=\"https:\/\/olu-limburg.de\/wp-content\/uploads\/2023\/10\/IMG_20230905_134422_ergebnis.jpg 800w, https:\/\/olu-limburg.de\/wp-content\/uploads\/2023\/10\/IMG_20230905_134422_ergebnis-300x225.jpg 300w, https:\/\/olu-limburg.de\/wp-content\/uploads\/2023\/10\/IMG_20230905_134422_ergebnis-768x576.jpg 768w, https:\/\/olu-limburg.de\/wp-content\/uploads\/2023\/10\/IMG_20230905_134422_ergebnis-624x468.jpg 624w\" sizes=\"auto, (max-width: 800px) 100vw, 800px\" \/><\/a><\/p>\n<p>Lena hat Lust auf Muscheln, und im &#8222;La Pause&#8220; gibt es gen\u00fcgend davon.<\/p>\n<p><a href=\"https:\/\/olu-limburg.de\/wp-content\/uploads\/2023\/10\/IMG_20230905_121741_ergebnis.jpg\"><img loading=\"lazy\" decoding=\"async\" class=\"size-full wp-image-30160 aligncenter\" src=\"https:\/\/olu-limburg.de\/wp-content\/uploads\/2023\/10\/IMG_20230905_121741_ergebnis.jpg\" alt=\"\" width=\"800\" height=\"600\" srcset=\"https:\/\/olu-limburg.de\/wp-content\/uploads\/2023\/10\/IMG_20230905_121741_ergebnis.jpg 800w, https:\/\/olu-limburg.de\/wp-content\/uploads\/2023\/10\/IMG_20230905_121741_ergebnis-300x225.jpg 300w, https:\/\/olu-limburg.de\/wp-content\/uploads\/2023\/10\/IMG_20230905_121741_ergebnis-768x576.jpg 768w, https:\/\/olu-limburg.de\/wp-content\/uploads\/2023\/10\/IMG_20230905_121741_ergebnis-624x468.jpg 624w\" sizes=\"auto, (max-width: 800px) 100vw, 800px\" \/><\/a><\/p>\n<p><a href=\"https:\/\/olu-limburg.de\/wp-content\/uploads\/2023\/10\/IMG_20230905_121755_ergebnis-e1697636975532.jpg\"><img loading=\"lazy\" decoding=\"async\" class=\"wp-image-30161 size-full aligncenter\" src=\"https:\/\/olu-limburg.de\/wp-content\/uploads\/2023\/10\/IMG_20230905_121755_ergebnis-e1697636975532.jpg\" alt=\"\" width=\"450\" height=\"600\" \/><\/a><\/p>\n<p>Sch\u00f6n verpackt kommt f\u00fcr jeden eine gro\u00dfe Portion mit Pommes.<\/p>\n<p><a href=\"https:\/\/olu-limburg.de\/wp-content\/uploads\/2023\/10\/IMG_20230905_123340_ergebnis.jpg\"><img loading=\"lazy\" decoding=\"async\" class=\"size-full wp-image-30162 aligncenter\" src=\"https:\/\/olu-limburg.de\/wp-content\/uploads\/2023\/10\/IMG_20230905_123340_ergebnis.jpg\" alt=\"\" width=\"800\" height=\"600\" srcset=\"https:\/\/olu-limburg.de\/wp-content\/uploads\/2023\/10\/IMG_20230905_123340_ergebnis.jpg 800w, https:\/\/olu-limburg.de\/wp-content\/uploads\/2023\/10\/IMG_20230905_123340_ergebnis-300x225.jpg 300w, https:\/\/olu-limburg.de\/wp-content\/uploads\/2023\/10\/IMG_20230905_123340_ergebnis-768x576.jpg 768w, https:\/\/olu-limburg.de\/wp-content\/uploads\/2023\/10\/IMG_20230905_123340_ergebnis-624x468.jpg 624w\" sizes=\"auto, (max-width: 800px) 100vw, 800px\" \/><\/a><\/p>\n<p><a href=\"https:\/\/olu-limburg.de\/wp-content\/uploads\/2023\/10\/IMG_20230905_123410_ergebnis.jpg\"><img loading=\"lazy\" decoding=\"async\" class=\"size-full wp-image-30163 aligncenter\" src=\"https:\/\/olu-limburg.de\/wp-content\/uploads\/2023\/10\/IMG_20230905_123410_ergebnis.jpg\" alt=\"\" width=\"800\" height=\"600\" srcset=\"https:\/\/olu-limburg.de\/wp-content\/uploads\/2023\/10\/IMG_20230905_123410_ergebnis.jpg 800w, https:\/\/olu-limburg.de\/wp-content\/uploads\/2023\/10\/IMG_20230905_123410_ergebnis-300x225.jpg 300w, https:\/\/olu-limburg.de\/wp-content\/uploads\/2023\/10\/IMG_20230905_123410_ergebnis-768x576.jpg 768w, https:\/\/olu-limburg.de\/wp-content\/uploads\/2023\/10\/IMG_20230905_123410_ergebnis-624x468.jpg 624w\" sizes=\"auto, (max-width: 800px) 100vw, 800px\" \/><\/a><\/p>\n<p>Hinterher gibt es noch eine kleine Portion Eis.<\/p>\n<p><a href=\"https:\/\/olu-limburg.de\/wp-content\/uploads\/2023\/10\/IMG_20230905_132421_ergebnis.jpg\"><img loading=\"lazy\" decoding=\"async\" class=\"size-full wp-image-30164 aligncenter\" src=\"https:\/\/olu-limburg.de\/wp-content\/uploads\/2023\/10\/IMG_20230905_132421_ergebnis.jpg\" alt=\"\" width=\"800\" height=\"600\" srcset=\"https:\/\/olu-limburg.de\/wp-content\/uploads\/2023\/10\/IMG_20230905_132421_ergebnis.jpg 800w, https:\/\/olu-limburg.de\/wp-content\/uploads\/2023\/10\/IMG_20230905_132421_ergebnis-300x225.jpg 300w, https:\/\/olu-limburg.de\/wp-content\/uploads\/2023\/10\/IMG_20230905_132421_ergebnis-768x576.jpg 768w, https:\/\/olu-limburg.de\/wp-content\/uploads\/2023\/10\/IMG_20230905_132421_ergebnis-624x468.jpg 624w\" sizes=\"auto, (max-width: 800px) 100vw, 800px\" \/><\/a><\/p>\n<p>Mittlerweile hat sich das Meer noch weiter zur\u00fcckgezogen. Da entschlie\u00dfen wir uns lieber f\u00fcr den k\u00fcrzeren Weg zum Wohnmobil. Wir sind ja so faul.<\/p>\n<p>Am fr\u00fchen Abend zieht es uns dann doch noch einmal zum Strand, um ein wenig Abendstimmung und Beschaulichkeit einzufangen.<\/p>\n<p><a href=\"https:\/\/olu-limburg.de\/wp-content\/uploads\/2023\/10\/20230905_193655_ergebnis.jpg\"><img loading=\"lazy\" decoding=\"async\" class=\"size-full wp-image-30155 aligncenter\" src=\"https:\/\/olu-limburg.de\/wp-content\/uploads\/2023\/10\/20230905_193655_ergebnis.jpg\" alt=\"\" width=\"800\" height=\"600\" srcset=\"https:\/\/olu-limburg.de\/wp-content\/uploads\/2023\/10\/20230905_193655_ergebnis.jpg 800w, https:\/\/olu-limburg.de\/wp-content\/uploads\/2023\/10\/20230905_193655_ergebnis-300x225.jpg 300w, https:\/\/olu-limburg.de\/wp-content\/uploads\/2023\/10\/20230905_193655_ergebnis-768x576.jpg 768w, https:\/\/olu-limburg.de\/wp-content\/uploads\/2023\/10\/20230905_193655_ergebnis-624x468.jpg 624w\" sizes=\"auto, (max-width: 800px) 100vw, 800px\" \/><\/a><\/p>\n<p>Tagesstrecke: 56 km<\/p>\n<p>&nbsp;<\/p>\n<p><strong>Mittwoch, 06.09.2023<\/strong><\/p>\n<p>Bevor wir weiterfahren, wollen wir heute endlich ins Meer gehen. Unsere Tage am Wasser sind gez\u00e4hlt. Und wir haben es bis heute nicht geschafft.<\/p>\n<p><a href=\"https:\/\/olu-limburg.de\/wp-content\/uploads\/2023\/10\/20230906_104446_ergebnis-1.jpg\"><img loading=\"lazy\" decoding=\"async\" class=\"alignnone size-full wp-image-30168\" src=\"https:\/\/olu-limburg.de\/wp-content\/uploads\/2023\/10\/20230906_104446_ergebnis-1.jpg\" alt=\"\" width=\"800\" height=\"600\" srcset=\"https:\/\/olu-limburg.de\/wp-content\/uploads\/2023\/10\/20230906_104446_ergebnis-1.jpg 800w, https:\/\/olu-limburg.de\/wp-content\/uploads\/2023\/10\/20230906_104446_ergebnis-1-300x225.jpg 300w, https:\/\/olu-limburg.de\/wp-content\/uploads\/2023\/10\/20230906_104446_ergebnis-1-768x576.jpg 768w, https:\/\/olu-limburg.de\/wp-content\/uploads\/2023\/10\/20230906_104446_ergebnis-1-624x468.jpg 624w\" sizes=\"auto, (max-width: 800px) 100vw, 800px\" \/><\/a><\/p>\n<p>Die Flut kommt und damit auch die Wellen. Teilweise haben sie ganz sch\u00f6n Wucht, und schlagen \u00fcber uns hinweg.<\/p>\n<p><a href=\"https:\/\/olu-limburg.de\/wp-content\/uploads\/2023\/10\/IMG_20230906_104433_ergebnis.jpg\"><img loading=\"lazy\" decoding=\"async\" class=\"alignnone size-full wp-image-30166\" src=\"https:\/\/olu-limburg.de\/wp-content\/uploads\/2023\/10\/IMG_20230906_104433_ergebnis.jpg\" alt=\"\" width=\"800\" height=\"600\" srcset=\"https:\/\/olu-limburg.de\/wp-content\/uploads\/2023\/10\/IMG_20230906_104433_ergebnis.jpg 800w, https:\/\/olu-limburg.de\/wp-content\/uploads\/2023\/10\/IMG_20230906_104433_ergebnis-300x225.jpg 300w, https:\/\/olu-limburg.de\/wp-content\/uploads\/2023\/10\/IMG_20230906_104433_ergebnis-768x576.jpg 768w, https:\/\/olu-limburg.de\/wp-content\/uploads\/2023\/10\/IMG_20230906_104433_ergebnis-624x468.jpg 624w\" sizes=\"auto, (max-width: 800px) 100vw, 800px\" \/><\/a><\/p>\n<p>F\u00fcr die Weiterfahrt haben wir unseren Plan ge\u00e4ndert. Statt jetzt \u00f6stlich in Richtung Heimat zu fahren, wollen wir f\u00fcr eine \u00dcbernachtung in die Baie du Mont St.-Michel, nach Le Vivier-sur-Mer.<\/p>\n<p>Auf der N175, kurz vor Pontorson, sehen wir bei dem uns bekannten Restaurant in Pr\u00e9cey den Men\u00fc-Hinweis draussen stehen. Das Wohnmobil wird schnell am Stra\u00dfenrand geparkt, die Men\u00fckarte studiert und schon sind wir drin. Unser Mittagessen ist gesichert.<\/p>\n<p><a href=\"https:\/\/olu-limburg.de\/wp-content\/uploads\/2023\/10\/20230906_115902_ergebnis-e1697639193891.jpg\"><img loading=\"lazy\" decoding=\"async\" class=\"alignnone size-full wp-image-30169\" src=\"https:\/\/olu-limburg.de\/wp-content\/uploads\/2023\/10\/20230906_115902_ergebnis-e1697639193891.jpg\" alt=\"\" width=\"450\" height=\"600\" \/><\/a><\/p>\n<p><a href=\"https:\/\/olu-limburg.de\/wp-content\/uploads\/2023\/10\/IMG_20230906_124933_ergebnis-e1697639212223.jpg\"><img loading=\"lazy\" decoding=\"async\" class=\"alignnone size-full wp-image-30175\" src=\"https:\/\/olu-limburg.de\/wp-content\/uploads\/2023\/10\/IMG_20230906_124933_ergebnis-e1697639212223.jpg\" alt=\"\" width=\"450\" height=\"600\" \/><\/a><\/p>\n<div id=\"attachment_30172\" style=\"width: 810px\" class=\"wp-caption alignnone\"><a href=\"https:\/\/olu-limburg.de\/wp-content\/uploads\/2023\/10\/IMG_20230906_120617_ergebnis.jpg\"><img loading=\"lazy\" decoding=\"async\" aria-describedby=\"caption-attachment-30172\" class=\"wp-image-30172 size-full\" src=\"https:\/\/olu-limburg.de\/wp-content\/uploads\/2023\/10\/IMG_20230906_120617_ergebnis.jpg\" alt=\"\" width=\"800\" height=\"600\" srcset=\"https:\/\/olu-limburg.de\/wp-content\/uploads\/2023\/10\/IMG_20230906_120617_ergebnis.jpg 800w, https:\/\/olu-limburg.de\/wp-content\/uploads\/2023\/10\/IMG_20230906_120617_ergebnis-300x225.jpg 300w, https:\/\/olu-limburg.de\/wp-content\/uploads\/2023\/10\/IMG_20230906_120617_ergebnis-768x576.jpg 768w, https:\/\/olu-limburg.de\/wp-content\/uploads\/2023\/10\/IMG_20230906_120617_ergebnis-624x468.jpg 624w\" sizes=\"auto, (max-width: 800px) 100vw, 800px\" \/><\/a><p id=\"caption-attachment-30172\" class=\"wp-caption-text\">Vorspeisen-B\u00fcfett<\/p><\/div>\n<div id=\"attachment_30171\" style=\"width: 810px\" class=\"wp-caption alignnone\"><a href=\"https:\/\/olu-limburg.de\/wp-content\/uploads\/2023\/10\/IMG_20230906_120553_ergebnis.jpg\"><img loading=\"lazy\" decoding=\"async\" aria-describedby=\"caption-attachment-30171\" class=\"wp-image-30171 size-full\" src=\"https:\/\/olu-limburg.de\/wp-content\/uploads\/2023\/10\/IMG_20230906_120553_ergebnis.jpg\" alt=\"\" width=\"800\" height=\"600\" srcset=\"https:\/\/olu-limburg.de\/wp-content\/uploads\/2023\/10\/IMG_20230906_120553_ergebnis.jpg 800w, https:\/\/olu-limburg.de\/wp-content\/uploads\/2023\/10\/IMG_20230906_120553_ergebnis-300x225.jpg 300w, https:\/\/olu-limburg.de\/wp-content\/uploads\/2023\/10\/IMG_20230906_120553_ergebnis-768x576.jpg 768w, https:\/\/olu-limburg.de\/wp-content\/uploads\/2023\/10\/IMG_20230906_120553_ergebnis-624x468.jpg 624w\" sizes=\"auto, (max-width: 800px) 100vw, 800px\" \/><\/a><p id=\"caption-attachment-30171\" class=\"wp-caption-text\">mein selbst zusammengestellter Teller<\/p><\/div>\n<div id=\"attachment_30170\" style=\"width: 610px\" class=\"wp-caption alignnone\"><a href=\"https:\/\/olu-limburg.de\/wp-content\/uploads\/2023\/10\/20230906_121844_ergebnis-e1697639380494.jpg\"><img loading=\"lazy\" decoding=\"async\" aria-describedby=\"caption-attachment-30170\" class=\"wp-image-30170 size-full\" src=\"https:\/\/olu-limburg.de\/wp-content\/uploads\/2023\/10\/20230906_121844_ergebnis-e1697639380494.jpg\" alt=\"\" width=\"600\" height=\"450\" srcset=\"https:\/\/olu-limburg.de\/wp-content\/uploads\/2023\/10\/20230906_121844_ergebnis-e1697639380494.jpg 600w, https:\/\/olu-limburg.de\/wp-content\/uploads\/2023\/10\/20230906_121844_ergebnis-e1697639380494-300x225.jpg 300w\" sizes=\"auto, (max-width: 600px) 100vw, 600px\" \/><\/a><p id=\"caption-attachment-30170\" class=\"wp-caption-text\">Boeuf bourguignon mit Bohnen<\/p><\/div>\n<div style=\"width: 460px\" class=\"wp-caption alignnone\"><a href=\"https:\/\/olu-limburg.de\/wp-content\/uploads\/2023\/10\/IMG_20230906_124048_ergebnis-e1697639490440.jpg\"><img loading=\"lazy\" decoding=\"async\" class=\"wp-image-30174 size-full\" src=\"https:\/\/olu-limburg.de\/wp-content\/uploads\/2023\/10\/IMG_20230906_124048_ergebnis-e1697639490440.jpg\" alt=\"\" width=\"450\" height=\"600\" \/><\/a><p class=\"wp-caption-text\">zwei Eiskugeln<\/p><\/div>\n<p>Das Alles gibt es f\u00fcr EUR 14,50 in diesem Land des guten Essens. Dabei f\u00e4llt mir gerade auf, dass ich ja nur noch vom Essen berichte. Es ist f\u00fcr uns aber auch wichtig, und Besichtigungsthemen hatten wir schon sehr viele.<\/p>\n<p>Den Mont St. Michel sehen wir nur von weitem im Vorbeifahren. In Le Vivier-sur-Mer steuern wir direkt den Stellplatz mit V+E (Geb\u00fchr EUR 14,36 inkl. Strom) an, der auch von Camping Car Park betrieben wird. Trotz seiner 52 Stellpl\u00e4tze ist nicht mehr viel frei.<\/p>\n<p><a href=\"https:\/\/olu-limburg.de\/wp-content\/uploads\/2023\/10\/IMG_20230906_153702_ergebnis.jpg\"><img loading=\"lazy\" decoding=\"async\" class=\"size-full wp-image-30180 aligncenter\" src=\"https:\/\/olu-limburg.de\/wp-content\/uploads\/2023\/10\/IMG_20230906_153702_ergebnis.jpg\" alt=\"\" width=\"800\" height=\"600\" srcset=\"https:\/\/olu-limburg.de\/wp-content\/uploads\/2023\/10\/IMG_20230906_153702_ergebnis.jpg 800w, https:\/\/olu-limburg.de\/wp-content\/uploads\/2023\/10\/IMG_20230906_153702_ergebnis-300x225.jpg 300w, https:\/\/olu-limburg.de\/wp-content\/uploads\/2023\/10\/IMG_20230906_153702_ergebnis-768x576.jpg 768w, https:\/\/olu-limburg.de\/wp-content\/uploads\/2023\/10\/IMG_20230906_153702_ergebnis-624x468.jpg 624w\" sizes=\"auto, (max-width: 800px) 100vw, 800px\" \/><\/a><\/p>\n<p><a href=\"https:\/\/olu-limburg.de\/wp-content\/uploads\/2023\/10\/20230906_184536_ergebnis.jpg\"><img loading=\"lazy\" decoding=\"async\" class=\"size-full wp-image-30189 aligncenter\" src=\"https:\/\/olu-limburg.de\/wp-content\/uploads\/2023\/10\/20230906_184536_ergebnis.jpg\" alt=\"\" width=\"800\" height=\"600\" srcset=\"https:\/\/olu-limburg.de\/wp-content\/uploads\/2023\/10\/20230906_184536_ergebnis.jpg 800w, https:\/\/olu-limburg.de\/wp-content\/uploads\/2023\/10\/20230906_184536_ergebnis-300x225.jpg 300w, https:\/\/olu-limburg.de\/wp-content\/uploads\/2023\/10\/20230906_184536_ergebnis-768x576.jpg 768w, https:\/\/olu-limburg.de\/wp-content\/uploads\/2023\/10\/20230906_184536_ergebnis-624x468.jpg 624w\" sizes=\"auto, (max-width: 800px) 100vw, 800px\" \/><\/a><\/p>\n<p>In diesem Urlaub wollten wir mal nicht in die Bretagne, sondern ausschlie\u00dflich in die Normandie fahren. Nun haben wir es doch tats\u00e4chlich geschafft, wenigstens einen kleinen Zipfel Bretagne &#8222;mitzunehmen&#8220;.<\/p>\n<p>Wir spazieren etwas durch den Ort und dann an die Baie. Dabei f\u00e4llt uns ein, dass der Platz in Hirel, nur ein St\u00fcckchen weiter, vielleicht doch die bessere Wahl gewesen w\u00e4re. Dort gibt es mehr Strandaktivit\u00e4ten, die man beobachten kann.<\/p>\n<p><a href=\"https:\/\/olu-limburg.de\/wp-content\/uploads\/2023\/10\/20230906_161551_ergebnis-e1697640784536.jpg\"><img loading=\"lazy\" decoding=\"async\" class=\"size-full wp-image-30188 alignleft\" src=\"https:\/\/olu-limburg.de\/wp-content\/uploads\/2023\/10\/20230906_161551_ergebnis-e1697640784536.jpg\" alt=\"\" width=\"450\" height=\"600\" \/><\/a><\/p>\n<p><a href=\"https:\/\/olu-limburg.de\/wp-content\/uploads\/2023\/10\/20230906_160014_ergebnis-e1697640797796.jpg\"><img loading=\"lazy\" decoding=\"async\" class=\"size-full wp-image-30187 alignright\" src=\"https:\/\/olu-limburg.de\/wp-content\/uploads\/2023\/10\/20230906_160014_ergebnis-e1697640797796.jpg\" alt=\"\" width=\"450\" height=\"600\" \/><\/a><\/p>\n<p>&nbsp;<\/p>\n<p>&nbsp;<\/p>\n<p><a href=\"https:\/\/olu-limburg.de\/wp-content\/uploads\/2023\/10\/IMG_20230906_154157_ergebnis.jpg\"><img loading=\"lazy\" decoding=\"async\" class=\"size-full wp-image-30181 aligncenter\" src=\"https:\/\/olu-limburg.de\/wp-content\/uploads\/2023\/10\/IMG_20230906_154157_ergebnis.jpg\" alt=\"\" width=\"800\" height=\"600\" srcset=\"https:\/\/olu-limburg.de\/wp-content\/uploads\/2023\/10\/IMG_20230906_154157_ergebnis.jpg 800w, https:\/\/olu-limburg.de\/wp-content\/uploads\/2023\/10\/IMG_20230906_154157_ergebnis-300x225.jpg 300w, https:\/\/olu-limburg.de\/wp-content\/uploads\/2023\/10\/IMG_20230906_154157_ergebnis-768x576.jpg 768w, https:\/\/olu-limburg.de\/wp-content\/uploads\/2023\/10\/IMG_20230906_154157_ergebnis-624x468.jpg 624w\" sizes=\"auto, (max-width: 800px) 100vw, 800px\" \/><\/a><\/p>\n<p><a href=\"https:\/\/olu-limburg.de\/wp-content\/uploads\/2023\/10\/IMG_20230906_160100_ergebnis.jpg\"><img loading=\"lazy\" decoding=\"async\" class=\"size-full wp-image-30182 aligncenter\" src=\"https:\/\/olu-limburg.de\/wp-content\/uploads\/2023\/10\/IMG_20230906_160100_ergebnis.jpg\" alt=\"\" width=\"800\" height=\"600\" srcset=\"https:\/\/olu-limburg.de\/wp-content\/uploads\/2023\/10\/IMG_20230906_160100_ergebnis.jpg 800w, https:\/\/olu-limburg.de\/wp-content\/uploads\/2023\/10\/IMG_20230906_160100_ergebnis-300x225.jpg 300w, https:\/\/olu-limburg.de\/wp-content\/uploads\/2023\/10\/IMG_20230906_160100_ergebnis-768x576.jpg 768w, https:\/\/olu-limburg.de\/wp-content\/uploads\/2023\/10\/IMG_20230906_160100_ergebnis-624x468.jpg 624w\" sizes=\"auto, (max-width: 800px) 100vw, 800px\" \/><\/a><\/p>\n<p><a href=\"https:\/\/olu-limburg.de\/wp-content\/uploads\/2023\/10\/IMG_20230906_160428_1_ergebnis-e1697640858553.jpg\"><img loading=\"lazy\" decoding=\"async\" class=\"size-full wp-image-30183 aligncenter\" src=\"https:\/\/olu-limburg.de\/wp-content\/uploads\/2023\/10\/IMG_20230906_160428_1_ergebnis-e1697640858553.jpg\" alt=\"\" width=\"450\" height=\"600\" \/><\/a><\/p>\n<p><a href=\"https:\/\/olu-limburg.de\/wp-content\/uploads\/2023\/10\/IMG_20230906_162906_ergebnis.jpg\"><img loading=\"lazy\" decoding=\"async\" class=\"size-full wp-image-30184 aligncenter\" src=\"https:\/\/olu-limburg.de\/wp-content\/uploads\/2023\/10\/IMG_20230906_162906_ergebnis.jpg\" alt=\"\" width=\"800\" height=\"600\" srcset=\"https:\/\/olu-limburg.de\/wp-content\/uploads\/2023\/10\/IMG_20230906_162906_ergebnis.jpg 800w, https:\/\/olu-limburg.de\/wp-content\/uploads\/2023\/10\/IMG_20230906_162906_ergebnis-300x225.jpg 300w, https:\/\/olu-limburg.de\/wp-content\/uploads\/2023\/10\/IMG_20230906_162906_ergebnis-768x576.jpg 768w, https:\/\/olu-limburg.de\/wp-content\/uploads\/2023\/10\/IMG_20230906_162906_ergebnis-624x468.jpg 624w\" sizes=\"auto, (max-width: 800px) 100vw, 800px\" \/><\/a><\/p>\n<p><a href=\"https:\/\/olu-limburg.de\/wp-content\/uploads\/2023\/10\/IMG_20230906_183525_ergebnis.jpg\"><img loading=\"lazy\" decoding=\"async\" class=\"size-full wp-image-30185 aligncenter\" src=\"https:\/\/olu-limburg.de\/wp-content\/uploads\/2023\/10\/IMG_20230906_183525_ergebnis.jpg\" alt=\"\" width=\"800\" height=\"600\" srcset=\"https:\/\/olu-limburg.de\/wp-content\/uploads\/2023\/10\/IMG_20230906_183525_ergebnis.jpg 800w, https:\/\/olu-limburg.de\/wp-content\/uploads\/2023\/10\/IMG_20230906_183525_ergebnis-300x225.jpg 300w, https:\/\/olu-limburg.de\/wp-content\/uploads\/2023\/10\/IMG_20230906_183525_ergebnis-768x576.jpg 768w, https:\/\/olu-limburg.de\/wp-content\/uploads\/2023\/10\/IMG_20230906_183525_ergebnis-624x468.jpg 624w\" sizes=\"auto, (max-width: 800px) 100vw, 800px\" \/><\/a><\/p>\n<p><a href=\"https:\/\/olu-limburg.de\/wp-content\/uploads\/2023\/10\/IMG_20230906_184036_ergebnis.jpg\"><img loading=\"lazy\" decoding=\"async\" class=\"size-full wp-image-30186 aligncenter\" src=\"https:\/\/olu-limburg.de\/wp-content\/uploads\/2023\/10\/IMG_20230906_184036_ergebnis.jpg\" alt=\"\" width=\"800\" height=\"600\" srcset=\"https:\/\/olu-limburg.de\/wp-content\/uploads\/2023\/10\/IMG_20230906_184036_ergebnis.jpg 800w, https:\/\/olu-limburg.de\/wp-content\/uploads\/2023\/10\/IMG_20230906_184036_ergebnis-300x225.jpg 300w, https:\/\/olu-limburg.de\/wp-content\/uploads\/2023\/10\/IMG_20230906_184036_ergebnis-768x576.jpg 768w, https:\/\/olu-limburg.de\/wp-content\/uploads\/2023\/10\/IMG_20230906_184036_ergebnis-624x468.jpg 624w\" sizes=\"auto, (max-width: 800px) 100vw, 800px\" \/><\/a><\/p>\n<p>Am Abend ist schnell ein gemischtes Angebot auf den Teller gebracht. Mit einem Baguette und einer guten Flasche Wein ist das Abendessen vollst\u00e4ndig.<\/p>\n<p><a href=\"https:\/\/olu-limburg.de\/wp-content\/uploads\/2023\/10\/20230906_190926_ergebnis-e1697640915222.jpg\"><img loading=\"lazy\" decoding=\"async\" class=\"size-full wp-image-30190 aligncenter\" src=\"https:\/\/olu-limburg.de\/wp-content\/uploads\/2023\/10\/20230906_190926_ergebnis-e1697640915222.jpg\" alt=\"\" width=\"800\" height=\"600\" srcset=\"https:\/\/olu-limburg.de\/wp-content\/uploads\/2023\/10\/20230906_190926_ergebnis-e1697640915222.jpg 800w, https:\/\/olu-limburg.de\/wp-content\/uploads\/2023\/10\/20230906_190926_ergebnis-e1697640915222-300x225.jpg 300w, https:\/\/olu-limburg.de\/wp-content\/uploads\/2023\/10\/20230906_190926_ergebnis-e1697640915222-768x576.jpg 768w, https:\/\/olu-limburg.de\/wp-content\/uploads\/2023\/10\/20230906_190926_ergebnis-e1697640915222-624x468.jpg 624w\" sizes=\"auto, (max-width: 800px) 100vw, 800px\" \/><\/a><\/p>\n<p>Tagesstrecke: 70 km<\/p>\n<p>&nbsp;<\/p>\n<p><strong>Donnerstag, 07.09.2023<\/strong><\/p>\n<p>Heute fahren wir noch immer nicht so richtig \u00f6stlich, denn nun soll es auch noch Honfleur sein. Wir haben dort so unsere Vorstellungen. Auf dem schnellsten Weg fahren wir \u00fcber Caen direkt nach Honfleur. Wir sind dort ja schon sehr viel gewohnt. Wie aber im September in Frankreich ein Wohnmobil-Stellplatz mit V+E (Geb\u00fchr EUR 14,00) f\u00fcr ca. 200 Wohnmobile, bis auf 2 &#8211; 3 Ausnahmen, belegt sein kann, ist mir noch nicht vorgekommen. Zum Gl\u00fcck hat sich f\u00fcr uns ein Pl\u00e4tzchen gefunden. Nach der Fahrt, und bei der Hitze, ruhen wir uns ein wenig im Schatten des Wohnmobils aus.<\/p>\n<p><a href=\"https:\/\/olu-limburg.de\/wp-content\/uploads\/2023\/10\/IMG_20230907_175831_ergebnis.jpg\"><img loading=\"lazy\" decoding=\"async\" class=\"size-full wp-image-30200 aligncenter\" src=\"https:\/\/olu-limburg.de\/wp-content\/uploads\/2023\/10\/IMG_20230907_175831_ergebnis.jpg\" alt=\"\" width=\"800\" height=\"600\" srcset=\"https:\/\/olu-limburg.de\/wp-content\/uploads\/2023\/10\/IMG_20230907_175831_ergebnis.jpg 800w, https:\/\/olu-limburg.de\/wp-content\/uploads\/2023\/10\/IMG_20230907_175831_ergebnis-300x225.jpg 300w, https:\/\/olu-limburg.de\/wp-content\/uploads\/2023\/10\/IMG_20230907_175831_ergebnis-768x576.jpg 768w, https:\/\/olu-limburg.de\/wp-content\/uploads\/2023\/10\/IMG_20230907_175831_ergebnis-624x468.jpg 624w\" sizes=\"auto, (max-width: 800px) 100vw, 800px\" \/><\/a><\/p>\n<p><a href=\"https:\/\/olu-limburg.de\/wp-content\/uploads\/2023\/10\/IMG_20230907_175411_ergebnis.jpg\"><img loading=\"lazy\" decoding=\"async\" class=\"size-full wp-image-30199 aligncenter\" src=\"https:\/\/olu-limburg.de\/wp-content\/uploads\/2023\/10\/IMG_20230907_175411_ergebnis.jpg\" alt=\"\" width=\"800\" height=\"600\" srcset=\"https:\/\/olu-limburg.de\/wp-content\/uploads\/2023\/10\/IMG_20230907_175411_ergebnis.jpg 800w, https:\/\/olu-limburg.de\/wp-content\/uploads\/2023\/10\/IMG_20230907_175411_ergebnis-300x225.jpg 300w, https:\/\/olu-limburg.de\/wp-content\/uploads\/2023\/10\/IMG_20230907_175411_ergebnis-768x576.jpg 768w, https:\/\/olu-limburg.de\/wp-content\/uploads\/2023\/10\/IMG_20230907_175411_ergebnis-624x468.jpg 624w\" sizes=\"auto, (max-width: 800px) 100vw, 800px\" \/><\/a><\/p>\n<p>Gegen 18.00 Uhr starten wir unseren Rundgang durch Honfleur. Hier kennen wir fast jeden Pflasterstein, auf dem wir herumlaufen mit Namen. Es ist trotzdem immer wieder sch\u00f6n.<\/p>\n<p>Honfleur war eigentlich ein unbedeutender Hafen am S\u00fcdufer der Seine, bis er zum touristischen Anziehungspunkt wurde. Beeindruckend sind die schmalen und bis zu 6-st\u00f6ckigen H\u00e4user rund um den alten Hafen. Gegen Ende des 19. Jhdt. hat die Malerei diesen sch\u00f6nen Ort entdeckt. Der Maler Eug\u00e8ne Boudin wurde hier geboren und er traf sich hier mit seinen Kollegen, wie Courbet, Sisley, Pissaro, Renoir, Monet und C\u00e9zanne oft in der Ferme St.-Sim\u00e9on, einem alten Bauernhof und heutigem Hotel.<\/p>\n<p><a href=\"https:\/\/olu-limburg.de\/wp-content\/uploads\/2023\/10\/IMG_20230907_180601_ergebnis.jpg\"><img loading=\"lazy\" decoding=\"async\" class=\"size-full wp-image-30201 aligncenter\" src=\"https:\/\/olu-limburg.de\/wp-content\/uploads\/2023\/10\/IMG_20230907_180601_ergebnis.jpg\" alt=\"\" width=\"800\" height=\"600\" srcset=\"https:\/\/olu-limburg.de\/wp-content\/uploads\/2023\/10\/IMG_20230907_180601_ergebnis.jpg 800w, https:\/\/olu-limburg.de\/wp-content\/uploads\/2023\/10\/IMG_20230907_180601_ergebnis-300x225.jpg 300w, https:\/\/olu-limburg.de\/wp-content\/uploads\/2023\/10\/IMG_20230907_180601_ergebnis-768x576.jpg 768w, https:\/\/olu-limburg.de\/wp-content\/uploads\/2023\/10\/IMG_20230907_180601_ergebnis-624x468.jpg 624w\" sizes=\"auto, (max-width: 800px) 100vw, 800px\" \/><\/a><\/p>\n<p><a href=\"https:\/\/olu-limburg.de\/wp-content\/uploads\/2023\/10\/20230907_182720_ergebnis.jpg\"><img loading=\"lazy\" decoding=\"async\" class=\"size-full wp-image-30193 aligncenter\" src=\"https:\/\/olu-limburg.de\/wp-content\/uploads\/2023\/10\/20230907_182720_ergebnis.jpg\" alt=\"\" width=\"800\" height=\"600\" srcset=\"https:\/\/olu-limburg.de\/wp-content\/uploads\/2023\/10\/20230907_182720_ergebnis.jpg 800w, https:\/\/olu-limburg.de\/wp-content\/uploads\/2023\/10\/20230907_182720_ergebnis-300x225.jpg 300w, https:\/\/olu-limburg.de\/wp-content\/uploads\/2023\/10\/20230907_182720_ergebnis-768x576.jpg 768w, https:\/\/olu-limburg.de\/wp-content\/uploads\/2023\/10\/20230907_182720_ergebnis-624x468.jpg 624w\" sizes=\"auto, (max-width: 800px) 100vw, 800px\" \/><\/a><\/p>\n<p>Das Le Vieux-Bassin des Port de Honfleur ist schon immer unser wichtigster Anlaufpunkt. Hier haben wir schon in den 90er Jahren gesessen und haben etwas getrunken bzw. gegessen.<\/p>\n<p><a href=\"https:\/\/olu-limburg.de\/wp-content\/uploads\/2023\/10\/IMG_20230907_183621_ergebnis.jpg\"><img loading=\"lazy\" decoding=\"async\" class=\"size-full wp-image-30205 aligncenter\" src=\"https:\/\/olu-limburg.de\/wp-content\/uploads\/2023\/10\/IMG_20230907_183621_ergebnis.jpg\" alt=\"\" width=\"800\" height=\"600\" srcset=\"https:\/\/olu-limburg.de\/wp-content\/uploads\/2023\/10\/IMG_20230907_183621_ergebnis.jpg 800w, https:\/\/olu-limburg.de\/wp-content\/uploads\/2023\/10\/IMG_20230907_183621_ergebnis-300x225.jpg 300w, https:\/\/olu-limburg.de\/wp-content\/uploads\/2023\/10\/IMG_20230907_183621_ergebnis-768x576.jpg 768w, https:\/\/olu-limburg.de\/wp-content\/uploads\/2023\/10\/IMG_20230907_183621_ergebnis-624x468.jpg 624w\" sizes=\"auto, (max-width: 800px) 100vw, 800px\" \/><\/a><\/p>\n<p><a href=\"https:\/\/olu-limburg.de\/wp-content\/uploads\/2023\/10\/IMG_20230907_183552_ergebnis.jpg\"><img loading=\"lazy\" decoding=\"async\" class=\"size-full wp-image-30204 aligncenter\" src=\"https:\/\/olu-limburg.de\/wp-content\/uploads\/2023\/10\/IMG_20230907_183552_ergebnis.jpg\" alt=\"\" width=\"800\" height=\"600\" srcset=\"https:\/\/olu-limburg.de\/wp-content\/uploads\/2023\/10\/IMG_20230907_183552_ergebnis.jpg 800w, https:\/\/olu-limburg.de\/wp-content\/uploads\/2023\/10\/IMG_20230907_183552_ergebnis-300x225.jpg 300w, https:\/\/olu-limburg.de\/wp-content\/uploads\/2023\/10\/IMG_20230907_183552_ergebnis-768x576.jpg 768w, https:\/\/olu-limburg.de\/wp-content\/uploads\/2023\/10\/IMG_20230907_183552_ergebnis-624x468.jpg 624w\" sizes=\"auto, (max-width: 800px) 100vw, 800px\" \/><\/a><\/p>\n<p>Doch auch hier hat sich Corona negativ ausgewirkt. Und dies ist nicht das einzige Lokal, was geschlossen ist.<\/p>\n<p><a href=\"https:\/\/olu-limburg.de\/wp-content\/uploads\/2023\/10\/20230907_184041_ergebnis.jpg\"><img loading=\"lazy\" decoding=\"async\" class=\"size-full wp-image-30194 aligncenter\" src=\"https:\/\/olu-limburg.de\/wp-content\/uploads\/2023\/10\/20230907_184041_ergebnis.jpg\" alt=\"\" width=\"800\" height=\"600\" srcset=\"https:\/\/olu-limburg.de\/wp-content\/uploads\/2023\/10\/20230907_184041_ergebnis.jpg 800w, https:\/\/olu-limburg.de\/wp-content\/uploads\/2023\/10\/20230907_184041_ergebnis-300x225.jpg 300w, https:\/\/olu-limburg.de\/wp-content\/uploads\/2023\/10\/20230907_184041_ergebnis-768x576.jpg 768w, https:\/\/olu-limburg.de\/wp-content\/uploads\/2023\/10\/20230907_184041_ergebnis-624x468.jpg 624w\" sizes=\"auto, (max-width: 800px) 100vw, 800px\" \/><\/a><\/p>\n<p>Die Altstadt wird von ihren vielen schmalen Gassen durchzogen.<\/p>\n<p><a href=\"https:\/\/olu-limburg.de\/wp-content\/uploads\/2023\/10\/IMG_20230907_180919_ergebnis-e1697644457486.jpg\"><img loading=\"lazy\" decoding=\"async\" class=\"size-full wp-image-30202 alignleft\" src=\"https:\/\/olu-limburg.de\/wp-content\/uploads\/2023\/10\/IMG_20230907_180919_ergebnis-e1697644457486.jpg\" alt=\"\" width=\"450\" height=\"600\" \/><\/a><\/p>\n<p><a href=\"https:\/\/olu-limburg.de\/wp-content\/uploads\/2023\/10\/IMG_20230907_192052_ergebnis-e1697644534102.jpg\"><img loading=\"lazy\" decoding=\"async\" class=\"size-full wp-image-30207 alignright\" src=\"https:\/\/olu-limburg.de\/wp-content\/uploads\/2023\/10\/IMG_20230907_192052_ergebnis-e1697644534102.jpg\" alt=\"\" width=\"450\" height=\"600\" \/><\/a><\/p>\n<p><a href=\"https:\/\/olu-limburg.de\/wp-content\/uploads\/2023\/10\/IMG_20230907_191940_ergebnis.jpg\"><img loading=\"lazy\" decoding=\"async\" class=\"size-full wp-image-30206 aligncenter\" src=\"https:\/\/olu-limburg.de\/wp-content\/uploads\/2023\/10\/IMG_20230907_191940_ergebnis.jpg\" alt=\"\" width=\"800\" height=\"600\" srcset=\"https:\/\/olu-limburg.de\/wp-content\/uploads\/2023\/10\/IMG_20230907_191940_ergebnis.jpg 800w, https:\/\/olu-limburg.de\/wp-content\/uploads\/2023\/10\/IMG_20230907_191940_ergebnis-300x225.jpg 300w, https:\/\/olu-limburg.de\/wp-content\/uploads\/2023\/10\/IMG_20230907_191940_ergebnis-768x576.jpg 768w, https:\/\/olu-limburg.de\/wp-content\/uploads\/2023\/10\/IMG_20230907_191940_ergebnis-624x468.jpg 624w\" sizes=\"auto, (max-width: 800px) 100vw, 800px\" \/><\/a><\/p>\n<p>Die Kirche St.-Catherine wurde im 15. Jhdt. von Schiffszimmerleuten ganz aus Holz erbaut. Ihre Besonderheiten sind der freistehende Glockenturm und die beiden Zwillingskirchenschiffe.<\/p>\n<p><a href=\"https:\/\/olu-limburg.de\/wp-content\/uploads\/2023\/10\/IMG_20230907_192217_ergebnis.jpg\"><img loading=\"lazy\" decoding=\"async\" class=\"size-full wp-image-30208 aligncenter\" src=\"https:\/\/olu-limburg.de\/wp-content\/uploads\/2023\/10\/IMG_20230907_192217_ergebnis.jpg\" alt=\"\" width=\"800\" height=\"600\" srcset=\"https:\/\/olu-limburg.de\/wp-content\/uploads\/2023\/10\/IMG_20230907_192217_ergebnis.jpg 800w, https:\/\/olu-limburg.de\/wp-content\/uploads\/2023\/10\/IMG_20230907_192217_ergebnis-300x225.jpg 300w, https:\/\/olu-limburg.de\/wp-content\/uploads\/2023\/10\/IMG_20230907_192217_ergebnis-768x576.jpg 768w, https:\/\/olu-limburg.de\/wp-content\/uploads\/2023\/10\/IMG_20230907_192217_ergebnis-624x468.jpg 624w\" sizes=\"auto, (max-width: 800px) 100vw, 800px\" \/><\/a><\/p>\n<p><a href=\"https:\/\/olu-limburg.de\/wp-content\/uploads\/2023\/10\/IMG_20230907_192347_ergebnis.jpg\"><img loading=\"lazy\" decoding=\"async\" class=\"size-full wp-image-30210 aligncenter\" src=\"https:\/\/olu-limburg.de\/wp-content\/uploads\/2023\/10\/IMG_20230907_192347_ergebnis.jpg\" alt=\"\" width=\"800\" height=\"600\" srcset=\"https:\/\/olu-limburg.de\/wp-content\/uploads\/2023\/10\/IMG_20230907_192347_ergebnis.jpg 800w, https:\/\/olu-limburg.de\/wp-content\/uploads\/2023\/10\/IMG_20230907_192347_ergebnis-300x225.jpg 300w, https:\/\/olu-limburg.de\/wp-content\/uploads\/2023\/10\/IMG_20230907_192347_ergebnis-768x576.jpg 768w, https:\/\/olu-limburg.de\/wp-content\/uploads\/2023\/10\/IMG_20230907_192347_ergebnis-624x468.jpg 624w\" sizes=\"auto, (max-width: 800px) 100vw, 800px\" \/><\/a><\/p>\n<p><a href=\"https:\/\/olu-limburg.de\/wp-content\/uploads\/2023\/10\/IMG_20230907_192454_ergebnis-e1697644578855.jpg\"><img loading=\"lazy\" decoding=\"async\" class=\"size-full wp-image-30211 aligncenter\" src=\"https:\/\/olu-limburg.de\/wp-content\/uploads\/2023\/10\/IMG_20230907_192454_ergebnis-e1697644578855.jpg\" alt=\"\" width=\"450\" height=\"600\" \/><\/a><\/p>\n<p>Neben den vielen Restaurants um das Becken des Vieux-Bassin und dem Cour de Roncheville, sowie in den unteren Gassen der Altstadt, gibt es auch am Place St.-Catherine neben der Kirche einige sch\u00f6ne kleine Restaurants. Da das Restaurant &#8222;Le Corsaire&#8220; nicht mehr immer offen hat, habe ich einen Tisch f\u00fcr 19.30 Uhr in der &#8222;Brasserie de l&#8217;Eglise&#8220; bestellt. Es wird \u00fcberall schon gut geschlemmt.<\/p>\n<p><a href=\"https:\/\/olu-limburg.de\/wp-content\/uploads\/2023\/10\/IMG_20230907_192313_ergebnis.jpg\"><img loading=\"lazy\" decoding=\"async\" class=\"size-full wp-image-30209 aligncenter\" src=\"https:\/\/olu-limburg.de\/wp-content\/uploads\/2023\/10\/IMG_20230907_192313_ergebnis.jpg\" alt=\"\" width=\"800\" height=\"600\" srcset=\"https:\/\/olu-limburg.de\/wp-content\/uploads\/2023\/10\/IMG_20230907_192313_ergebnis.jpg 800w, https:\/\/olu-limburg.de\/wp-content\/uploads\/2023\/10\/IMG_20230907_192313_ergebnis-300x225.jpg 300w, https:\/\/olu-limburg.de\/wp-content\/uploads\/2023\/10\/IMG_20230907_192313_ergebnis-768x576.jpg 768w, https:\/\/olu-limburg.de\/wp-content\/uploads\/2023\/10\/IMG_20230907_192313_ergebnis-624x468.jpg 624w\" sizes=\"auto, (max-width: 800px) 100vw, 800px\" \/><\/a><\/p>\n<p>Es ist eine wunderbare Stimmung auf dem Platz und in dem Restaurant.<\/p>\n<p><a href=\"https:\/\/olu-limburg.de\/wp-content\/uploads\/2023\/10\/IMG_20230907_192655_ergebnis-e1697644616656.jpg\"><img loading=\"lazy\" decoding=\"async\" class=\"size-full wp-image-30212 aligncenter\" src=\"https:\/\/olu-limburg.de\/wp-content\/uploads\/2023\/10\/IMG_20230907_192655_ergebnis-e1697644616656.jpg\" alt=\"\" width=\"450\" height=\"600\" \/><\/a><\/p>\n<p>Wir haben uns f\u00fcr eine &#8222;Plateau Degustation f\u00fcr zwei Personen&#8220; entschieden. Es ist alles sehr ansprechend und schmeckt. Aber was ist mit Lena los? Erst sieht sie mich spiegelverkehrt und dann doppelt.<\/p>\n<p><a href=\"https:\/\/olu-limburg.de\/wp-content\/uploads\/2023\/10\/20230907_194659_ergebnis-e1697644660204.jpg\"><img loading=\"lazy\" decoding=\"async\" class=\"size-full wp-image-30195 alignleft\" src=\"https:\/\/olu-limburg.de\/wp-content\/uploads\/2023\/10\/20230907_194659_ergebnis-e1697644660204.jpg\" alt=\"\" width=\"450\" height=\"600\" \/><\/a><\/p>\n<p><a href=\"https:\/\/olu-limburg.de\/wp-content\/uploads\/2023\/10\/IMG_20230907_194642_ergebnis-e1697644635294.jpg\"><img loading=\"lazy\" decoding=\"async\" class=\"size-full wp-image-30213 alignright\" src=\"https:\/\/olu-limburg.de\/wp-content\/uploads\/2023\/10\/IMG_20230907_194642_ergebnis-e1697644635294.jpg\" alt=\"\" width=\"450\" height=\"600\" \/><\/a><\/p>\n<p><a href=\"https:\/\/olu-limburg.de\/wp-content\/uploads\/2023\/10\/20230907_194711_ergebnis.jpg\"><img loading=\"lazy\" decoding=\"async\" class=\"size-full wp-image-30196 aligncenter\" src=\"https:\/\/olu-limburg.de\/wp-content\/uploads\/2023\/10\/20230907_194711_ergebnis.jpg\" alt=\"\" width=\"800\" height=\"600\" srcset=\"https:\/\/olu-limburg.de\/wp-content\/uploads\/2023\/10\/20230907_194711_ergebnis.jpg 800w, https:\/\/olu-limburg.de\/wp-content\/uploads\/2023\/10\/20230907_194711_ergebnis-300x225.jpg 300w, https:\/\/olu-limburg.de\/wp-content\/uploads\/2023\/10\/20230907_194711_ergebnis-768x576.jpg 768w, https:\/\/olu-limburg.de\/wp-content\/uploads\/2023\/10\/20230907_194711_ergebnis-624x468.jpg 624w\" sizes=\"auto, (max-width: 800px) 100vw, 800px\" \/><\/a><\/p>\n<p>Zum Nachtisch bestellen wir eine Cr\u00eapes caramel mit einer Kugel Eis.<\/p>\n<p><a href=\"https:\/\/olu-limburg.de\/wp-content\/uploads\/2023\/10\/IMG_20230907_205247_ergebnis.jpg\"><img loading=\"lazy\" decoding=\"async\" class=\"size-full wp-image-30214 aligncenter\" src=\"https:\/\/olu-limburg.de\/wp-content\/uploads\/2023\/10\/IMG_20230907_205247_ergebnis.jpg\" alt=\"\" width=\"800\" height=\"600\" srcset=\"https:\/\/olu-limburg.de\/wp-content\/uploads\/2023\/10\/IMG_20230907_205247_ergebnis.jpg 800w, https:\/\/olu-limburg.de\/wp-content\/uploads\/2023\/10\/IMG_20230907_205247_ergebnis-300x225.jpg 300w, https:\/\/olu-limburg.de\/wp-content\/uploads\/2023\/10\/IMG_20230907_205247_ergebnis-768x576.jpg 768w, https:\/\/olu-limburg.de\/wp-content\/uploads\/2023\/10\/IMG_20230907_205247_ergebnis-624x468.jpg 624w\" sizes=\"auto, (max-width: 800px) 100vw, 800px\" \/><\/a><\/p>\n<p><a href=\"https:\/\/olu-limburg.de\/wp-content\/uploads\/2023\/10\/IMG_20230907_211207_ergebnis.jpg\"><img loading=\"lazy\" decoding=\"async\" class=\"size-full wp-image-30215 aligncenter\" src=\"https:\/\/olu-limburg.de\/wp-content\/uploads\/2023\/10\/IMG_20230907_211207_ergebnis.jpg\" alt=\"\" width=\"800\" height=\"600\" srcset=\"https:\/\/olu-limburg.de\/wp-content\/uploads\/2023\/10\/IMG_20230907_211207_ergebnis.jpg 800w, https:\/\/olu-limburg.de\/wp-content\/uploads\/2023\/10\/IMG_20230907_211207_ergebnis-300x225.jpg 300w, https:\/\/olu-limburg.de\/wp-content\/uploads\/2023\/10\/IMG_20230907_211207_ergebnis-768x576.jpg 768w, https:\/\/olu-limburg.de\/wp-content\/uploads\/2023\/10\/IMG_20230907_211207_ergebnis-624x468.jpg 624w\" sizes=\"auto, (max-width: 800px) 100vw, 800px\" \/><\/a><\/p>\n<p>Ein wundersch\u00f6ner Abschluss nach einem sehr guten Essen ist f\u00fcr uns immer ein n\u00e4chtlicher Spaziergang durch die Gassen einer schummerigen Altstadt.<\/p>\n<p><a href=\"https:\/\/olu-limburg.de\/wp-content\/uploads\/2023\/10\/IMG_20230907_211542_ergebnis-e1697644795518.jpg\"><img loading=\"lazy\" decoding=\"async\" class=\"size-full wp-image-30216 aligncenter\" src=\"https:\/\/olu-limburg.de\/wp-content\/uploads\/2023\/10\/IMG_20230907_211542_ergebnis-e1697644795518.jpg\" alt=\"\" width=\"450\" height=\"600\" \/><\/a><\/p>\n<p><a href=\"https:\/\/olu-limburg.de\/wp-content\/uploads\/2023\/10\/IMG_20230907_211637_ergebnis.jpg\"><img loading=\"lazy\" decoding=\"async\" class=\"size-full wp-image-30217 aligncenter\" src=\"https:\/\/olu-limburg.de\/wp-content\/uploads\/2023\/10\/IMG_20230907_211637_ergebnis.jpg\" alt=\"\" width=\"800\" height=\"600\" srcset=\"https:\/\/olu-limburg.de\/wp-content\/uploads\/2023\/10\/IMG_20230907_211637_ergebnis.jpg 800w, https:\/\/olu-limburg.de\/wp-content\/uploads\/2023\/10\/IMG_20230907_211637_ergebnis-300x225.jpg 300w, https:\/\/olu-limburg.de\/wp-content\/uploads\/2023\/10\/IMG_20230907_211637_ergebnis-768x576.jpg 768w, https:\/\/olu-limburg.de\/wp-content\/uploads\/2023\/10\/IMG_20230907_211637_ergebnis-624x468.jpg 624w\" sizes=\"auto, (max-width: 800px) 100vw, 800px\" \/><\/a><\/p>\n<p><a href=\"https:\/\/olu-limburg.de\/wp-content\/uploads\/2023\/10\/20230907_211559_ergebnis-e1697644846917.jpg\"><img loading=\"lazy\" decoding=\"async\" class=\"size-full wp-image-30198 alignleft\" src=\"https:\/\/olu-limburg.de\/wp-content\/uploads\/2023\/10\/20230907_211559_ergebnis-e1697644846917.jpg\" alt=\"\" width=\"450\" height=\"600\" \/><\/a><\/p>\n<p><a href=\"https:\/\/olu-limburg.de\/wp-content\/uploads\/2023\/10\/IMG_20230907_212335_ergebnis-e1697644923777.jpg\"><img loading=\"lazy\" decoding=\"async\" class=\"size-full wp-image-30220 alignright\" src=\"https:\/\/olu-limburg.de\/wp-content\/uploads\/2023\/10\/IMG_20230907_212335_ergebnis-e1697644923777.jpg\" alt=\"\" width=\"450\" height=\"600\" \/><\/a><\/p>\n<p><a href=\"https:\/\/olu-limburg.de\/wp-content\/uploads\/2023\/10\/IMG_20230907_212942_ergebnis.jpg\"><img loading=\"lazy\" decoding=\"async\" class=\"size-full wp-image-30221 aligncenter\" src=\"https:\/\/olu-limburg.de\/wp-content\/uploads\/2023\/10\/IMG_20230907_212942_ergebnis.jpg\" alt=\"\" width=\"800\" height=\"600\" srcset=\"https:\/\/olu-limburg.de\/wp-content\/uploads\/2023\/10\/IMG_20230907_212942_ergebnis.jpg 800w, https:\/\/olu-limburg.de\/wp-content\/uploads\/2023\/10\/IMG_20230907_212942_ergebnis-300x225.jpg 300w, https:\/\/olu-limburg.de\/wp-content\/uploads\/2023\/10\/IMG_20230907_212942_ergebnis-768x576.jpg 768w, https:\/\/olu-limburg.de\/wp-content\/uploads\/2023\/10\/IMG_20230907_212942_ergebnis-624x468.jpg 624w\" sizes=\"auto, (max-width: 800px) 100vw, 800px\" \/><\/a><\/p>\n<p><a href=\"https:\/\/olu-limburg.de\/wp-content\/uploads\/2023\/10\/IMG_20230907_214404_ergebnis-e1697644970230.jpg\"><img loading=\"lazy\" decoding=\"async\" class=\"size-full wp-image-30223 alignleft\" src=\"https:\/\/olu-limburg.de\/wp-content\/uploads\/2023\/10\/IMG_20230907_214404_ergebnis-e1697644970230.jpg\" alt=\"\" width=\"450\" height=\"600\" \/><\/a><\/p>\n<p><a href=\"https:\/\/olu-limburg.de\/wp-content\/uploads\/2023\/10\/IMG_20230907_214513_ergebnis-e1697644988491.jpg\"><img loading=\"lazy\" decoding=\"async\" class=\"size-full wp-image-30224 alignright\" src=\"https:\/\/olu-limburg.de\/wp-content\/uploads\/2023\/10\/IMG_20230907_214513_ergebnis-e1697644988491.jpg\" alt=\"\" width=\"450\" height=\"600\" \/><\/a><\/p>\n<p><a href=\"https:\/\/olu-limburg.de\/wp-content\/uploads\/2023\/10\/IMG_20230907_213204_ergebnis.jpg\"><img loading=\"lazy\" decoding=\"async\" class=\"size-full wp-image-30222 aligncenter\" src=\"https:\/\/olu-limburg.de\/wp-content\/uploads\/2023\/10\/IMG_20230907_213204_ergebnis.jpg\" alt=\"\" width=\"800\" height=\"600\" srcset=\"https:\/\/olu-limburg.de\/wp-content\/uploads\/2023\/10\/IMG_20230907_213204_ergebnis.jpg 800w, https:\/\/olu-limburg.de\/wp-content\/uploads\/2023\/10\/IMG_20230907_213204_ergebnis-300x225.jpg 300w, https:\/\/olu-limburg.de\/wp-content\/uploads\/2023\/10\/IMG_20230907_213204_ergebnis-768x576.jpg 768w, https:\/\/olu-limburg.de\/wp-content\/uploads\/2023\/10\/IMG_20230907_213204_ergebnis-624x468.jpg 624w\" sizes=\"auto, (max-width: 800px) 100vw, 800px\" \/><\/a><\/p>\n<p>Tagesstrecke: 214 km<\/p>\n<p>&nbsp;<\/p>\n<p><strong>Freitag, 08.09.2023<\/strong><\/p>\n<p>Gerade als wir am Morgen, um den Tag gem\u00fctlich zu beginnen, uns noch etwas in die Literatur vertiefen, hupt es drau\u00dfen. Der B\u00e4cker ist da. Nun hei\u00dft es schnell raus aus den Federn. Im heutigen Angebot ist sogar ein Baguette cereales.<\/p>\n<p><a href=\"https:\/\/olu-limburg.de\/wp-content\/uploads\/2023\/10\/20230908_091201_ergebnis.jpg\"><img loading=\"lazy\" decoding=\"async\" class=\"size-full wp-image-30242 aligncenter\" src=\"https:\/\/olu-limburg.de\/wp-content\/uploads\/2023\/10\/20230908_091201_ergebnis.jpg\" alt=\"\" width=\"800\" height=\"600\" srcset=\"https:\/\/olu-limburg.de\/wp-content\/uploads\/2023\/10\/20230908_091201_ergebnis.jpg 800w, https:\/\/olu-limburg.de\/wp-content\/uploads\/2023\/10\/20230908_091201_ergebnis-300x225.jpg 300w, https:\/\/olu-limburg.de\/wp-content\/uploads\/2023\/10\/20230908_091201_ergebnis-768x576.jpg 768w, https:\/\/olu-limburg.de\/wp-content\/uploads\/2023\/10\/20230908_091201_ergebnis-624x468.jpg 624w\" sizes=\"auto, (max-width: 800px) 100vw, 800px\" \/><\/a><\/p>\n<p>Nach dem Fr\u00fchst\u00fcck begeben wir uns auf eine lange Tagesetappe. Schnell noch einen Einkauf im LIDL, dann wird die Pont de Normandie erklommen (Maut EUR 6,70 Classe 2).<\/p>\n<div id=\"attachment_30243\" style=\"width: 810px\" class=\"wp-caption aligncenter\"><a href=\"https:\/\/olu-limburg.de\/wp-content\/uploads\/2023\/10\/20230908_111642_ergebnis.jpg\"><img loading=\"lazy\" decoding=\"async\" aria-describedby=\"caption-attachment-30243\" class=\"wp-image-30243 size-full\" src=\"https:\/\/olu-limburg.de\/wp-content\/uploads\/2023\/10\/20230908_111642_ergebnis.jpg\" alt=\"\" width=\"800\" height=\"527\" srcset=\"https:\/\/olu-limburg.de\/wp-content\/uploads\/2023\/10\/20230908_111642_ergebnis.jpg 800w, https:\/\/olu-limburg.de\/wp-content\/uploads\/2023\/10\/20230908_111642_ergebnis-300x198.jpg 300w, https:\/\/olu-limburg.de\/wp-content\/uploads\/2023\/10\/20230908_111642_ergebnis-768x506.jpg 768w, https:\/\/olu-limburg.de\/wp-content\/uploads\/2023\/10\/20230908_111642_ergebnis-624x411.jpg 624w\" sizes=\"auto, (max-width: 800px) 100vw, 800px\" \/><\/a><p id=\"caption-attachment-30243\" class=\"wp-caption-text\">einmal rauf &#8230;<\/p><\/div>\n<div id=\"attachment_30244\" style=\"width: 810px\" class=\"wp-caption aligncenter\"><a href=\"https:\/\/olu-limburg.de\/wp-content\/uploads\/2023\/10\/20230908_111829_ergebnis.jpg\"><img loading=\"lazy\" decoding=\"async\" aria-describedby=\"caption-attachment-30244\" class=\"wp-image-30244 size-full\" src=\"https:\/\/olu-limburg.de\/wp-content\/uploads\/2023\/10\/20230908_111829_ergebnis.jpg\" alt=\"\" width=\"800\" height=\"600\" srcset=\"https:\/\/olu-limburg.de\/wp-content\/uploads\/2023\/10\/20230908_111829_ergebnis.jpg 800w, https:\/\/olu-limburg.de\/wp-content\/uploads\/2023\/10\/20230908_111829_ergebnis-300x225.jpg 300w, https:\/\/olu-limburg.de\/wp-content\/uploads\/2023\/10\/20230908_111829_ergebnis-768x576.jpg 768w, https:\/\/olu-limburg.de\/wp-content\/uploads\/2023\/10\/20230908_111829_ergebnis-624x468.jpg 624w\" sizes=\"auto, (max-width: 800px) 100vw, 800px\" \/><\/a><p id=\"caption-attachment-30244\" class=\"wp-caption-text\">&#8230; und einmal runter<\/p><\/div>\n<p>Mir ist die \u00dcberfahrt \u00fcber die direkt folgende gebogene Br\u00fccke zur \u00dcberquerung des Hafen-gebietes von Le Havre viel unangenehmer.<\/p>\n<p><a href=\"https:\/\/olu-limburg.de\/wp-content\/uploads\/2023\/10\/20230908_112403_ergebnis.jpg\"><img loading=\"lazy\" decoding=\"async\" class=\"size-full wp-image-30245 aligncenter\" src=\"https:\/\/olu-limburg.de\/wp-content\/uploads\/2023\/10\/20230908_112403_ergebnis.jpg\" alt=\"\" width=\"800\" height=\"600\" srcset=\"https:\/\/olu-limburg.de\/wp-content\/uploads\/2023\/10\/20230908_112403_ergebnis.jpg 800w, https:\/\/olu-limburg.de\/wp-content\/uploads\/2023\/10\/20230908_112403_ergebnis-300x225.jpg 300w, https:\/\/olu-limburg.de\/wp-content\/uploads\/2023\/10\/20230908_112403_ergebnis-768x576.jpg 768w, https:\/\/olu-limburg.de\/wp-content\/uploads\/2023\/10\/20230908_112403_ergebnis-624x468.jpg 624w\" sizes=\"auto, (max-width: 800px) 100vw, 800px\" \/><\/a><\/p>\n<p>Wir bleiben bis St. Quentin auf der A29 (Maut EUR 13,20\/EUR 9,90 beides Classe 2) und fahren dann auf der D1029 bis La Capelle. Nach einem Tankstopp und nochmaligem Einkauf, ich erledige auch noch schnell die gew\u00fcnschte telefonische Anmeldung bei unserem n\u00e4chsten Gastgeber von France Passion, biegen wir auf die Stra\u00dfe nach Sommeron ab.<\/p>\n<p>Hier folgen wir der Anfahrtsbeschreibung von France Passion und gelangen zu den Eheleuten Chatelin und ihren Alpages de la Cour Farroux. Wir bekommen nach der netten Begr\u00fc\u00dfung sofort die Stellm\u00f6glichkeiten gezeigt.<\/p>\n<p><a href=\"https:\/\/olu-limburg.de\/wp-content\/uploads\/2023\/10\/IMG_20230908_200151_ergebnis.jpg\"><img loading=\"lazy\" decoding=\"async\" class=\"size-full wp-image-30240 aligncenter\" src=\"https:\/\/olu-limburg.de\/wp-content\/uploads\/2023\/10\/IMG_20230908_200151_ergebnis.jpg\" alt=\"\" width=\"800\" height=\"600\" srcset=\"https:\/\/olu-limburg.de\/wp-content\/uploads\/2023\/10\/IMG_20230908_200151_ergebnis.jpg 800w, https:\/\/olu-limburg.de\/wp-content\/uploads\/2023\/10\/IMG_20230908_200151_ergebnis-300x225.jpg 300w, https:\/\/olu-limburg.de\/wp-content\/uploads\/2023\/10\/IMG_20230908_200151_ergebnis-768x576.jpg 768w, https:\/\/olu-limburg.de\/wp-content\/uploads\/2023\/10\/IMG_20230908_200151_ergebnis-624x468.jpg 624w\" sizes=\"auto, (max-width: 800px) 100vw, 800px\" \/><\/a><\/p>\n<p><a href=\"https:\/\/olu-limburg.de\/wp-content\/uploads\/2023\/10\/IMG_20230909_082530_ergebnis.jpg\"><img loading=\"lazy\" decoding=\"async\" class=\"size-full wp-image-30241 aligncenter\" src=\"https:\/\/olu-limburg.de\/wp-content\/uploads\/2023\/10\/IMG_20230909_082530_ergebnis.jpg\" alt=\"\" width=\"800\" height=\"600\" srcset=\"https:\/\/olu-limburg.de\/wp-content\/uploads\/2023\/10\/IMG_20230909_082530_ergebnis.jpg 800w, https:\/\/olu-limburg.de\/wp-content\/uploads\/2023\/10\/IMG_20230909_082530_ergebnis-300x225.jpg 300w, https:\/\/olu-limburg.de\/wp-content\/uploads\/2023\/10\/IMG_20230909_082530_ergebnis-768x576.jpg 768w, https:\/\/olu-limburg.de\/wp-content\/uploads\/2023\/10\/IMG_20230909_082530_ergebnis-624x468.jpg 624w\" sizes=\"auto, (max-width: 800px) 100vw, 800px\" \/><\/a><\/p>\n<p><a href=\"https:\/\/olu-limburg.de\/wp-content\/uploads\/2023\/10\/IMG_20230908_182128_ergebnis.jpg\"><img loading=\"lazy\" decoding=\"async\" class=\"size-full wp-image-30236 aligncenter\" src=\"https:\/\/olu-limburg.de\/wp-content\/uploads\/2023\/10\/IMG_20230908_182128_ergebnis.jpg\" alt=\"\" width=\"800\" height=\"600\" srcset=\"https:\/\/olu-limburg.de\/wp-content\/uploads\/2023\/10\/IMG_20230908_182128_ergebnis.jpg 800w, https:\/\/olu-limburg.de\/wp-content\/uploads\/2023\/10\/IMG_20230908_182128_ergebnis-300x225.jpg 300w, https:\/\/olu-limburg.de\/wp-content\/uploads\/2023\/10\/IMG_20230908_182128_ergebnis-768x576.jpg 768w, https:\/\/olu-limburg.de\/wp-content\/uploads\/2023\/10\/IMG_20230908_182128_ergebnis-624x468.jpg 624w\" sizes=\"auto, (max-width: 800px) 100vw, 800px\" \/><\/a><\/p>\n<p><a href=\"https:\/\/olu-limburg.de\/wp-content\/uploads\/2023\/10\/IMG_20230908_171114_ergebnis.jpg\"><img loading=\"lazy\" decoding=\"async\" class=\"size-full wp-image-30235 aligncenter\" src=\"https:\/\/olu-limburg.de\/wp-content\/uploads\/2023\/10\/IMG_20230908_171114_ergebnis.jpg\" alt=\"\" width=\"800\" height=\"600\" srcset=\"https:\/\/olu-limburg.de\/wp-content\/uploads\/2023\/10\/IMG_20230908_171114_ergebnis.jpg 800w, https:\/\/olu-limburg.de\/wp-content\/uploads\/2023\/10\/IMG_20230908_171114_ergebnis-300x225.jpg 300w, https:\/\/olu-limburg.de\/wp-content\/uploads\/2023\/10\/IMG_20230908_171114_ergebnis-768x576.jpg 768w, https:\/\/olu-limburg.de\/wp-content\/uploads\/2023\/10\/IMG_20230908_171114_ergebnis-624x468.jpg 624w\" sizes=\"auto, (max-width: 800px) 100vw, 800px\" \/><\/a><\/p>\n<p>Nachdem wir gegessen haben, schaut Madame Chatelin vorbei, und zeigt uns mit vielen Erkl\u00e4rungen ihre Alpakazucht. Es wirkt so, als w\u00e4ren wir G\u00e4ste bei einer gro\u00dfen Familie. Sehr sch\u00f6n!<\/p>\n<p><a href=\"https:\/\/olu-limburg.de\/wp-content\/uploads\/2023\/10\/IMG_20230908_194651_ergebnis.jpg\"><img loading=\"lazy\" decoding=\"async\" class=\"size-full wp-image-30237 aligncenter\" src=\"https:\/\/olu-limburg.de\/wp-content\/uploads\/2023\/10\/IMG_20230908_194651_ergebnis.jpg\" alt=\"\" width=\"800\" height=\"600\" srcset=\"https:\/\/olu-limburg.de\/wp-content\/uploads\/2023\/10\/IMG_20230908_194651_ergebnis.jpg 800w, https:\/\/olu-limburg.de\/wp-content\/uploads\/2023\/10\/IMG_20230908_194651_ergebnis-300x225.jpg 300w, https:\/\/olu-limburg.de\/wp-content\/uploads\/2023\/10\/IMG_20230908_194651_ergebnis-768x576.jpg 768w, https:\/\/olu-limburg.de\/wp-content\/uploads\/2023\/10\/IMG_20230908_194651_ergebnis-624x468.jpg 624w\" sizes=\"auto, (max-width: 800px) 100vw, 800px\" \/><\/a><\/p>\n<p><a href=\"https:\/\/olu-limburg.de\/wp-content\/uploads\/2023\/10\/IMG_20230908_194700_ergebnis.jpg\"><img loading=\"lazy\" decoding=\"async\" class=\"size-full wp-image-30238 aligncenter\" src=\"https:\/\/olu-limburg.de\/wp-content\/uploads\/2023\/10\/IMG_20230908_194700_ergebnis.jpg\" alt=\"\" width=\"800\" height=\"600\" srcset=\"https:\/\/olu-limburg.de\/wp-content\/uploads\/2023\/10\/IMG_20230908_194700_ergebnis.jpg 800w, https:\/\/olu-limburg.de\/wp-content\/uploads\/2023\/10\/IMG_20230908_194700_ergebnis-300x225.jpg 300w, https:\/\/olu-limburg.de\/wp-content\/uploads\/2023\/10\/IMG_20230908_194700_ergebnis-768x576.jpg 768w, https:\/\/olu-limburg.de\/wp-content\/uploads\/2023\/10\/IMG_20230908_194700_ergebnis-624x468.jpg 624w\" sizes=\"auto, (max-width: 800px) 100vw, 800px\" \/><\/a><\/p>\n<p><a href=\"https:\/\/olu-limburg.de\/wp-content\/uploads\/2023\/10\/IMG_20230908_200144_ergebnis.jpg\"><img loading=\"lazy\" decoding=\"async\" class=\"size-full wp-image-30239 aligncenter\" src=\"https:\/\/olu-limburg.de\/wp-content\/uploads\/2023\/10\/IMG_20230908_200144_ergebnis.jpg\" alt=\"\" width=\"800\" height=\"600\" srcset=\"https:\/\/olu-limburg.de\/wp-content\/uploads\/2023\/10\/IMG_20230908_200144_ergebnis.jpg 800w, https:\/\/olu-limburg.de\/wp-content\/uploads\/2023\/10\/IMG_20230908_200144_ergebnis-300x225.jpg 300w, https:\/\/olu-limburg.de\/wp-content\/uploads\/2023\/10\/IMG_20230908_200144_ergebnis-768x576.jpg 768w, https:\/\/olu-limburg.de\/wp-content\/uploads\/2023\/10\/IMG_20230908_200144_ergebnis-624x468.jpg 624w\" sizes=\"auto, (max-width: 800px) 100vw, 800px\" \/><\/a><\/p>\n<p>Im R\u00fcckblick auf die Autofahrt scheint gekl\u00e4rt zu sein, dass wir mit der Gr\u00f6\u00dfe unseres Wohnmobils und bis 3,5 t, eindeutig und ohne \u00c4nderungswunsch an der Autobahn-Mautstelle in Classe 2 fallen.<\/p>\n<p>Tagesstrecke: 319 km<\/p>\n<p>&nbsp;<\/p>\n<p><strong>Samstag, 09.09.2023<\/strong><\/p>\n<p>Mit den Alpakas hatten wir nette Nachbarn und eine ruhige Nacht. Erst am Morgen wurden wir von regelm\u00e4\u00dfigen komischen Grunzlauten gest\u00f6rt, ohne zu wissen was das sein k\u00f6nnte. Bis ich die Erkl\u00e4rung nach dem \u00d6ffnen der Rollos sah. Die Eheleute Chatelin sa\u00dfen auf einem B\u00e4nkchen in der Wiese und hatten einen Alpakahengst der Stute zugef\u00fchrt.<\/p>\n<p>F\u00fcr uns geht es zuerst auf besseren landwirtschaftlichen Wegen weiter, bis wir wieder auf der D1043 landen. Ab Hirson befinden wir uns auf der Stra\u00dfe, die wir schon auf dem Hinweg gefahren sind. In Bouillon werden wir zwar durch eine Gro\u00dfbaustelle auf eine Umleitung geschickt, Trotzdem geht alles reibungslos.<\/p>\n<p><a href=\"https:\/\/olu-limburg.de\/wp-content\/uploads\/2023\/10\/20230909_102540_ergebnis.jpg\"><img loading=\"lazy\" decoding=\"async\" class=\"size-full wp-image-30246 aligncenter\" src=\"https:\/\/olu-limburg.de\/wp-content\/uploads\/2023\/10\/20230909_102540_ergebnis.jpg\" alt=\"\" width=\"800\" height=\"600\" srcset=\"https:\/\/olu-limburg.de\/wp-content\/uploads\/2023\/10\/20230909_102540_ergebnis.jpg 800w, https:\/\/olu-limburg.de\/wp-content\/uploads\/2023\/10\/20230909_102540_ergebnis-300x225.jpg 300w, https:\/\/olu-limburg.de\/wp-content\/uploads\/2023\/10\/20230909_102540_ergebnis-768x576.jpg 768w, https:\/\/olu-limburg.de\/wp-content\/uploads\/2023\/10\/20230909_102540_ergebnis-624x468.jpg 624w\" sizes=\"auto, (max-width: 800px) 100vw, 800px\" \/><\/a><\/p>\n<p>Kurz darauf sind wir bereits auf der Autobahn, durchqueren Luxembourg und fahren in Wasserbillig ab. Bevor wir aber nochmal billig tanken, fahren wir schnell \u00fcber die Grenze zur Pizzeria &#8222;Da Capris&#8220; in der L\u00f6wener M\u00fchle. Die Zeit wird knapp f\u00fcr ein Mittagessen, doch wir schaffen es.<\/p>\n<p><a href=\"https:\/\/olu-limburg.de\/wp-content\/uploads\/2023\/10\/IMG_20230909_141229_ergebnis-e1697812719932.jpg\"><img loading=\"lazy\" decoding=\"async\" class=\"size-full wp-image-30252 aligncenter\" src=\"https:\/\/olu-limburg.de\/wp-content\/uploads\/2023\/10\/IMG_20230909_141229_ergebnis-e1697812719932.jpg\" alt=\"\" width=\"450\" height=\"600\" \/><\/a><\/p>\n<p><a href=\"https:\/\/olu-limburg.de\/wp-content\/uploads\/2023\/10\/IMG_20230909_141236_ergebnis.jpg\"><img loading=\"lazy\" decoding=\"async\" class=\"size-full wp-image-30253 aligncenter\" src=\"https:\/\/olu-limburg.de\/wp-content\/uploads\/2023\/10\/IMG_20230909_141236_ergebnis.jpg\" alt=\"\" width=\"800\" height=\"600\" srcset=\"https:\/\/olu-limburg.de\/wp-content\/uploads\/2023\/10\/IMG_20230909_141236_ergebnis.jpg 800w, https:\/\/olu-limburg.de\/wp-content\/uploads\/2023\/10\/IMG_20230909_141236_ergebnis-300x225.jpg 300w, https:\/\/olu-limburg.de\/wp-content\/uploads\/2023\/10\/IMG_20230909_141236_ergebnis-768x576.jpg 768w, https:\/\/olu-limburg.de\/wp-content\/uploads\/2023\/10\/IMG_20230909_141236_ergebnis-624x468.jpg 624w\" sizes=\"auto, (max-width: 800px) 100vw, 800px\" \/><\/a><\/p>\n<p>Wieder zur\u00fcck in der Stra\u00dfe der Tankstellen, werden wir mit einem Dieselpreis von 1,636\/l belohnt. Wir bleiben auf der Landstra\u00dfe nach Trier, und weiter geht es an die Mosel nach Riol zum Wohnmobilhafen &#8222;Camping Park Triolago&#8220; mit V+E (Geb\u00fchr EUR 15,00 inkl. Strom).<\/p>\n<div id=\"attachment_30254\" style=\"width: 810px\" class=\"wp-caption aligncenter\"><a href=\"https:\/\/olu-limburg.de\/wp-content\/uploads\/2023\/10\/IMG_20230909_160605_ergebnis.jpg\"><img loading=\"lazy\" decoding=\"async\" aria-describedby=\"caption-attachment-30254\" class=\"size-full wp-image-30254\" src=\"https:\/\/olu-limburg.de\/wp-content\/uploads\/2023\/10\/IMG_20230909_160605_ergebnis.jpg\" alt=\"\" width=\"800\" height=\"600\" srcset=\"https:\/\/olu-limburg.de\/wp-content\/uploads\/2023\/10\/IMG_20230909_160605_ergebnis.jpg 800w, https:\/\/olu-limburg.de\/wp-content\/uploads\/2023\/10\/IMG_20230909_160605_ergebnis-300x225.jpg 300w, https:\/\/olu-limburg.de\/wp-content\/uploads\/2023\/10\/IMG_20230909_160605_ergebnis-768x576.jpg 768w, https:\/\/olu-limburg.de\/wp-content\/uploads\/2023\/10\/IMG_20230909_160605_ergebnis-624x468.jpg 624w\" sizes=\"auto, (max-width: 800px) 100vw, 800px\" \/><\/a><p id=\"caption-attachment-30254\" class=\"wp-caption-text\">rhdr<\/p><\/div>\n<p>Gegen Abend spazieren wir ein St\u00fcck nach vorne an die Mosel. Dort haben die Rioler Winzer einen Weinstand. Bei einer Weinschorle wei\u00df und trocken l\u00e4sst sich sch\u00f6n Schiffchen gucken.<\/p>\n<p><a href=\"https:\/\/olu-limburg.de\/wp-content\/uploads\/2023\/10\/IMG_20230909_182644_ergebnis-e1697812783541.jpg\"><img loading=\"lazy\" decoding=\"async\" class=\"size-full wp-image-30255 aligncenter\" src=\"https:\/\/olu-limburg.de\/wp-content\/uploads\/2023\/10\/IMG_20230909_182644_ergebnis-e1697812783541.jpg\" alt=\"\" width=\"450\" height=\"600\" \/><\/a><\/p>\n<p><a href=\"https:\/\/olu-limburg.de\/wp-content\/uploads\/2023\/10\/IMG_20230909_184302_ergebnis.jpg\"><img loading=\"lazy\" decoding=\"async\" class=\"size-full wp-image-30256 aligncenter\" src=\"https:\/\/olu-limburg.de\/wp-content\/uploads\/2023\/10\/IMG_20230909_184302_ergebnis.jpg\" alt=\"\" width=\"800\" height=\"600\" srcset=\"https:\/\/olu-limburg.de\/wp-content\/uploads\/2023\/10\/IMG_20230909_184302_ergebnis.jpg 800w, https:\/\/olu-limburg.de\/wp-content\/uploads\/2023\/10\/IMG_20230909_184302_ergebnis-300x225.jpg 300w, https:\/\/olu-limburg.de\/wp-content\/uploads\/2023\/10\/IMG_20230909_184302_ergebnis-768x576.jpg 768w, https:\/\/olu-limburg.de\/wp-content\/uploads\/2023\/10\/IMG_20230909_184302_ergebnis-624x468.jpg 624w\" sizes=\"auto, (max-width: 800px) 100vw, 800px\" \/><\/a><\/p>\n<p>Neben dem Stellplatz ist der Biergarten auch noch offen.<\/p>\n<p><a href=\"https:\/\/olu-limburg.de\/wp-content\/uploads\/2023\/10\/IMG_20230909_201705_ergebnis-e1697812926410.jpg\"><img loading=\"lazy\" decoding=\"async\" class=\"size-full wp-image-30257 aligncenter\" src=\"https:\/\/olu-limburg.de\/wp-content\/uploads\/2023\/10\/IMG_20230909_201705_ergebnis-e1697812926410.jpg\" alt=\"\" width=\"450\" height=\"600\" \/><\/a><\/p>\n<p><a href=\"https:\/\/olu-limburg.de\/wp-content\/uploads\/2023\/10\/IMG_20230909_201732_ergebnis.jpg\"><img loading=\"lazy\" decoding=\"async\" class=\"size-full wp-image-30258 aligncenter\" src=\"https:\/\/olu-limburg.de\/wp-content\/uploads\/2023\/10\/IMG_20230909_201732_ergebnis.jpg\" alt=\"\" width=\"800\" height=\"600\" srcset=\"https:\/\/olu-limburg.de\/wp-content\/uploads\/2023\/10\/IMG_20230909_201732_ergebnis.jpg 800w, https:\/\/olu-limburg.de\/wp-content\/uploads\/2023\/10\/IMG_20230909_201732_ergebnis-300x225.jpg 300w, https:\/\/olu-limburg.de\/wp-content\/uploads\/2023\/10\/IMG_20230909_201732_ergebnis-768x576.jpg 768w, https:\/\/olu-limburg.de\/wp-content\/uploads\/2023\/10\/IMG_20230909_201732_ergebnis-624x468.jpg 624w\" sizes=\"auto, (max-width: 800px) 100vw, 800px\" \/><\/a><\/p>\n<p>Tagesstrecke: 295 km<\/p>\n<p>&nbsp;<\/p>\n<p><strong>Sonntag, 10.09.2023<\/strong><\/p>\n<p>Heute haben wir die letzte Etappe unserer Reise vor uns. Immer nur Autobahn, bis wir die Spitzen des Limburger Domes sehen.<\/p>\n<p>Tagesstrecke: 165 km<\/p>\n<p>&nbsp;<\/p>\n<p style=\"text-align: center;\"><a href=\"https:\/\/olu-limburg.de\/?page_id=29465\">zur\u00fcck zum Seitenanfang<\/a><\/p>\n","protected":false},"excerpt":{"rendered":"<p>&nbsp; Text: Hans-Werner\u00a0\u00a0\u00a0\u00a0\u00a0\u00a0\u00a0\u00a0\u00a0\u00a0\u00a0\u00a0\u00a0\u00a0\u00a0\u00a0\u00a0\u00a0\u00a0\u00a0\u00a0\u00a0\u00a0\u00a0\u00a0\u00a0\u00a0\u00a0\u00a0\u00a0\u00a0\u00a0\u00a0\u00a0\u00a0\u00a0\u00a0\u00a0\u00a0\u00a0\u00a0\u00a0\u00a0\u00a0\u00a0\u00a0\u00a0\u00a0\u00a0\u00a0\u00a0\u00a0\u00a0\u00a0\u00a0\u00a0\u00a0\u00a0\u00a0\u00a0\u00a0\u00a0\u00a0\u00a0\u00a0\u00a0\u00a0\u00a0\u00a0\u00a0\u00a0\u00a0\u00a0\u00a0\u00a0\u00a0\u00a0\u00a0\u00a0\u00a0\u00a0\u00a0\u00a0\u00a0\u00a0\u00a0\u00a0\u00a0\u00a0\u00a0\u00a0\u00a0\u00a0\u00a0\u00a0\u00a0\u00a0\u00a0\u00a0\u00a0\u00a0\u00a0 Fotos Hans-Werner und Lena Nachdem wir den Sp\u00e4tsommer im vergangenen Jahr im Bereich der Kanalk\u00fcste Frankreichs bis zur Seine bereist haben, war es in diesem Jahr die Normandie s\u00fcdlich der Seine. Dabei haben wir im Cotentin f\u00fcr uns die Landungsk\u00fcste ausgespart. Aber wie immer ist bei uns der Weg das Ziel. Wir [&hellip;]<\/p>\n","protected":false},"author":1,"featured_media":0,"parent":0,"menu_order":0,"comment_status":"closed","ping_status":"closed","template":"page-templates\/full-width.php","meta":{"footnotes":""},"class_list":["post-29465","page","type-page","status-publish","hentry"],"_links":{"self":[{"href":"https:\/\/olu-limburg.de\/index.php?rest_route=\/wp\/v2\/pages\/29465","targetHints":{"allow":["GET"]}}],"collection":[{"href":"https:\/\/olu-limburg.de\/index.php?rest_route=\/wp\/v2\/pages"}],"about":[{"href":"https:\/\/olu-limburg.de\/index.php?rest_route=\/wp\/v2\/types\/page"}],"author":[{"embeddable":true,"href":"https:\/\/olu-limburg.de\/index.php?rest_route=\/wp\/v2\/users\/1"}],"replies":[{"embeddable":true,"href":"https:\/\/olu-limburg.de\/index.php?rest_route=%2Fwp%2Fv2%2Fcomments&post=29465"}],"version-history":[{"count":147,"href":"https:\/\/olu-limburg.de\/index.php?rest_route=\/wp\/v2\/pages\/29465\/revisions"}],"predecessor-version":[{"id":30264,"href":"https:\/\/olu-limburg.de\/index.php?rest_route=\/wp\/v2\/pages\/29465\/revisions\/30264"}],"wp:attachment":[{"href":"https:\/\/olu-limburg.de\/index.php?rest_route=%2Fwp%2Fv2%2Fmedia&parent=29465"}],"curies":[{"name":"wp","href":"https:\/\/api.w.org\/{rel}","templated":true}]}}