{"id":27843,"date":"2022-11-12T17:33:29","date_gmt":"2022-11-12T16:33:29","guid":{"rendered":"https:\/\/olu-limburg.de\/?page_id=27843"},"modified":"2022-12-01T18:37:46","modified_gmt":"2022-12-01T17:37:46","slug":"auf-dem-weg-zu-den-bregenzer-festspielen-august-2022","status":"publish","type":"page","link":"https:\/\/olu-limburg.de\/?page_id=27843","title":{"rendered":"Auf dem Weg zu den Bregenzer Festspielen August 2022"},"content":{"rendered":"<p>Text: Hans-Werner \u00a0 \u00a0 \u00a0 \u00a0 \u00a0 \u00a0 \u00a0 \u00a0 \u00a0 \u00a0 \u00a0 \u00a0 \u00a0 \u00a0 \u00a0 \u00a0 \u00a0 \u00a0 \u00a0 \u00a0 \u00a0 \u00a0 \u00a0 \u00a0 \u00a0 \u00a0 \u00a0 \u00a0 \u00a0 \u00a0 \u00a0 \u00a0 \u00a0 \u00a0 \u00a0 \u00a0 \u00a0 \u00a0 \u00a0 \u00a0 \u00a0 \u00a0 \u00a0 \u00a0\u00a0\u00a0\u00a0\u00a0\u00a0\u00a0\u00a0\u00a0\u00a0\u00a0\u00a0\u00a0\u00a0\u00a0\u00a0\u00a0\u00a0\u00a0\u00a0\u00a0\u00a0\u00a0\u00a0\u00a0 Fotos: Hans-Werner und Lena<\/p>\n<blockquote><p>&nbsp;<\/p><\/blockquote>\n<p>In diesem Jahr wird bei den Bregenzer Festspielen der zweij\u00e4hrige Zyklus mit der Oper &#8222;Madame Butterfly&#8220; von Giacomo Puccini begonnen, die dann im n\u00e4chsten Jahr nochmals zur Auff\u00fchrung kommt. F\u00fcr uns ist es ein sch\u00f6nes Ziel f\u00fcr eine Kurzreise vom 19. bis zum 24. August. Dabei haben wir insgesamt 999 km zur\u00fcckgelegt und, bis auf die \u00dcbernachtung auf dem CP Wei\u00df in Bregenz, unterwegs viermal auf Wohnmobil-Stellpl\u00e4tzen \u00fcbernachtet.<\/p>\n<p>&nbsp;<\/p>\n<p><strong>Freitag, 19.08.2022<\/strong><\/p>\n<p>Heute machen wir nur eine kleine &#8222;Anlauf&#8220;-Etappe bis zum Wohnmobil-Stellplatz mit V+E in Ladenburg (Geb\u00fchr EUR 12,00). Der Stellplatz ist schon am Mittag sehr gut belegt. Drau\u00dfen ist es hei\u00df, trotzdem machen wir einen Spaziergang in die Altstadt, um uns die Beine ein wenig zu vertreten. Zur Kulinarik kann ich nur feststellen, dass wir nach ausgiebiger Suche und reiflicher \u00dcberlegung bei einem t\u00fcrkischen Imbiss landen. Das Essen war aber gut.<\/p>\n<p>Zur\u00fcck beim Wohnmobil verziehen wir uns in den Schatten und halten eine lange Siesta. Ab dem Sp\u00e4tnachmittag finden immer wieder &#8222;Musikfetzen&#8220; Zugang in unsere Ohren. Da wir sowieso noch mal einen Abendspaziergang vorhaben, schlagen wir den Weg in Richtung der Neckarwiesen ein. Dort ist eine &#8222;Mallorca-Party&#8220; mit Ikke H\u00fcftgold (aus einem Limburger Ortsteil), DJ Robin (mit seinem Hit Layla), Honk!, Stefan St\u00fcrmer und Malin Brown im Gange. Au\u00dferdem h\u00f6ren wir durch die lauten Ansagen, dass gerade einige M\u00e4nner auf der B\u00fchne stehen und der &#8222;sch\u00f6nste A&#8230; von Ladenburg&#8220; gek\u00fcrt wird.<\/p>\n<p><a href=\"https:\/\/olu-limburg.de\/wp-content\/uploads\/2022\/11\/IMG_20220819_192453_ergebnis.jpg\"><img loading=\"lazy\" decoding=\"async\" class=\"size-full wp-image-27852 aligncenter\" src=\"https:\/\/olu-limburg.de\/wp-content\/uploads\/2022\/11\/IMG_20220819_192453_ergebnis.jpg\" alt=\"\" width=\"800\" height=\"600\" srcset=\"https:\/\/olu-limburg.de\/wp-content\/uploads\/2022\/11\/IMG_20220819_192453_ergebnis.jpg 800w, https:\/\/olu-limburg.de\/wp-content\/uploads\/2022\/11\/IMG_20220819_192453_ergebnis-300x225.jpg 300w, https:\/\/olu-limburg.de\/wp-content\/uploads\/2022\/11\/IMG_20220819_192453_ergebnis-768x576.jpg 768w, https:\/\/olu-limburg.de\/wp-content\/uploads\/2022\/11\/IMG_20220819_192453_ergebnis-624x468.jpg 624w\" sizes=\"auto, (max-width: 800px) 100vw, 800px\" \/><\/a><\/p>\n<p><a href=\"https:\/\/olu-limburg.de\/wp-content\/uploads\/2022\/11\/IMG_20220819_192701_ergebnis-e1668445537858.jpg\"><img loading=\"lazy\" decoding=\"async\" class=\"size-full wp-image-27853 aligncenter\" src=\"https:\/\/olu-limburg.de\/wp-content\/uploads\/2022\/11\/IMG_20220819_192701_ergebnis-e1668445537858.jpg\" alt=\"\" width=\"450\" height=\"600\" srcset=\"https:\/\/olu-limburg.de\/wp-content\/uploads\/2022\/11\/IMG_20220819_192701_ergebnis-e1668445537858.jpg 450w, https:\/\/olu-limburg.de\/wp-content\/uploads\/2022\/11\/IMG_20220819_192701_ergebnis-e1668445537858-225x300.jpg 225w\" sizes=\"auto, (max-width: 450px) 100vw, 450px\" \/><\/a><\/p>\n<p>Uns zieht es jedoch eher in die ruhigen Gefilde der Ladenburger Altstadt, die eine lange Geschichte aufweisen kann. Auf dem Gebiet einer alten keltischen Siedlung, die ab dem Jahre 200 v. Chr. sogar als keltischer Gaumittelpunkt galt, wurden 40 n. Chr. von den R\u00f6mern suebische Elbgermanen als Bauernmiliz angesiedelt. Der Aufschwung von Lopodunum als Civitas mit allen Rechten einer R\u00f6merstadt hielt bis kurz nach dem Jahre 250 nach Chr. an. Unter den Merowingern erhielt das nunmerige Lobdenburg einen K\u00f6nigshof, und wurde Hauptstadt des Lobdengaus.<\/p>\n<p>Aufgrund dieser Vorgeschichte sehen wir heute Bauten der Neuzeit, in direkter Nachbarschaft zum Bischofshof, dem Schloss der Wormser F\u00fcrstbisch\u00f6fe, oder den \u00dcberresten der R\u00f6merzeit.<\/p>\n<div id=\"attachment_27859\" style=\"width: 810px\" class=\"wp-caption aligncenter\"><a href=\"https:\/\/olu-limburg.de\/wp-content\/uploads\/2022\/11\/IMG_20220819_193030_ergebnis.jpg\"><img loading=\"lazy\" decoding=\"async\" aria-describedby=\"caption-attachment-27859\" class=\"wp-image-27859 size-full\" src=\"https:\/\/olu-limburg.de\/wp-content\/uploads\/2022\/11\/IMG_20220819_193030_ergebnis.jpg\" alt=\"\" width=\"800\" height=\"600\" srcset=\"https:\/\/olu-limburg.de\/wp-content\/uploads\/2022\/11\/IMG_20220819_193030_ergebnis.jpg 800w, https:\/\/olu-limburg.de\/wp-content\/uploads\/2022\/11\/IMG_20220819_193030_ergebnis-300x225.jpg 300w, https:\/\/olu-limburg.de\/wp-content\/uploads\/2022\/11\/IMG_20220819_193030_ergebnis-768x576.jpg 768w, https:\/\/olu-limburg.de\/wp-content\/uploads\/2022\/11\/IMG_20220819_193030_ergebnis-624x468.jpg 624w\" sizes=\"auto, (max-width: 800px) 100vw, 800px\" \/><\/a><p id=\"caption-attachment-27859\" class=\"wp-caption-text\">Der Dr. Ing. Carl Benz wohnte in diesem Haus von 1905 bis zu seinem Tod im Jahre 1929.<\/p><\/div>\n<div id=\"attachment_27861\" style=\"width: 810px\" class=\"wp-caption aligncenter\"><a href=\"https:\/\/olu-limburg.de\/wp-content\/uploads\/2022\/11\/IMG_20220819_193405_ergebnis.jpg\"><img loading=\"lazy\" decoding=\"async\" aria-describedby=\"caption-attachment-27861\" class=\"wp-image-27861 size-full\" src=\"https:\/\/olu-limburg.de\/wp-content\/uploads\/2022\/11\/IMG_20220819_193405_ergebnis.jpg\" alt=\"\" width=\"800\" height=\"600\" srcset=\"https:\/\/olu-limburg.de\/wp-content\/uploads\/2022\/11\/IMG_20220819_193405_ergebnis.jpg 800w, https:\/\/olu-limburg.de\/wp-content\/uploads\/2022\/11\/IMG_20220819_193405_ergebnis-300x225.jpg 300w, https:\/\/olu-limburg.de\/wp-content\/uploads\/2022\/11\/IMG_20220819_193405_ergebnis-768x576.jpg 768w, https:\/\/olu-limburg.de\/wp-content\/uploads\/2022\/11\/IMG_20220819_193405_ergebnis-624x468.jpg 624w\" sizes=\"auto, (max-width: 800px) 100vw, 800px\" \/><\/a><p id=\"caption-attachment-27861\" class=\"wp-caption-text\">Wohnh\u00e4user entlang der Stadtmauer<\/p><\/div>\n<div id=\"attachment_27860\" style=\"width: 810px\" class=\"wp-caption aligncenter\"><a href=\"https:\/\/olu-limburg.de\/wp-content\/uploads\/2022\/11\/IMG_20220819_193340_ergebnis.jpg\"><img loading=\"lazy\" decoding=\"async\" aria-describedby=\"caption-attachment-27860\" class=\"wp-image-27860 size-full\" src=\"https:\/\/olu-limburg.de\/wp-content\/uploads\/2022\/11\/IMG_20220819_193340_ergebnis.jpg\" alt=\"\" width=\"800\" height=\"600\" srcset=\"https:\/\/olu-limburg.de\/wp-content\/uploads\/2022\/11\/IMG_20220819_193340_ergebnis.jpg 800w, https:\/\/olu-limburg.de\/wp-content\/uploads\/2022\/11\/IMG_20220819_193340_ergebnis-300x225.jpg 300w, https:\/\/olu-limburg.de\/wp-content\/uploads\/2022\/11\/IMG_20220819_193340_ergebnis-768x576.jpg 768w, https:\/\/olu-limburg.de\/wp-content\/uploads\/2022\/11\/IMG_20220819_193340_ergebnis-624x468.jpg 624w\" sizes=\"auto, (max-width: 800px) 100vw, 800px\" \/><\/a><p id=\"caption-attachment-27860\" class=\"wp-caption-text\">Wohnhaus an der Stadtmauer<\/p><\/div>\n<p><a href=\"https:\/\/olu-limburg.de\/wp-content\/uploads\/2022\/11\/IMG_20220819_193839_ergebnis-e1668446870722.jpg\"><img loading=\"lazy\" decoding=\"async\" class=\"size-full wp-image-27862 aligncenter\" src=\"https:\/\/olu-limburg.de\/wp-content\/uploads\/2022\/11\/IMG_20220819_193839_ergebnis-e1668446870722.jpg\" alt=\"\" width=\"450\" height=\"600\" srcset=\"https:\/\/olu-limburg.de\/wp-content\/uploads\/2022\/11\/IMG_20220819_193839_ergebnis-e1668446870722.jpg 450w, https:\/\/olu-limburg.de\/wp-content\/uploads\/2022\/11\/IMG_20220819_193839_ergebnis-e1668446870722-225x300.jpg 225w\" sizes=\"auto, (max-width: 450px) 100vw, 450px\" \/><\/a><\/p>\n<div id=\"attachment_27863\" style=\"width: 810px\" class=\"wp-caption aligncenter\"><a href=\"https:\/\/olu-limburg.de\/wp-content\/uploads\/2022\/11\/IMG_20220819_193922_ergebnis.jpg\"><img loading=\"lazy\" decoding=\"async\" aria-describedby=\"caption-attachment-27863\" class=\"wp-image-27863 size-full\" src=\"https:\/\/olu-limburg.de\/wp-content\/uploads\/2022\/11\/IMG_20220819_193922_ergebnis.jpg\" alt=\"\" width=\"800\" height=\"600\" srcset=\"https:\/\/olu-limburg.de\/wp-content\/uploads\/2022\/11\/IMG_20220819_193922_ergebnis.jpg 800w, https:\/\/olu-limburg.de\/wp-content\/uploads\/2022\/11\/IMG_20220819_193922_ergebnis-300x225.jpg 300w, https:\/\/olu-limburg.de\/wp-content\/uploads\/2022\/11\/IMG_20220819_193922_ergebnis-768x576.jpg 768w, https:\/\/olu-limburg.de\/wp-content\/uploads\/2022\/11\/IMG_20220819_193922_ergebnis-624x468.jpg 624w\" sizes=\"auto, (max-width: 800px) 100vw, 800px\" \/><\/a><p id=\"caption-attachment-27863\" class=\"wp-caption-text\">Bischofshof<\/p><\/div>\n<p><a href=\"https:\/\/olu-limburg.de\/wp-content\/uploads\/2022\/11\/IMG_20220819_194512_ergebnis-e1668446930597.jpg\"><img loading=\"lazy\" decoding=\"async\" class=\"size-full wp-image-27866 aligncenter\" src=\"https:\/\/olu-limburg.de\/wp-content\/uploads\/2022\/11\/IMG_20220819_194512_ergebnis-e1668446930597.jpg\" alt=\"\" width=\"450\" height=\"600\" srcset=\"https:\/\/olu-limburg.de\/wp-content\/uploads\/2022\/11\/IMG_20220819_194512_ergebnis-e1668446930597.jpg 450w, https:\/\/olu-limburg.de\/wp-content\/uploads\/2022\/11\/IMG_20220819_194512_ergebnis-e1668446930597-225x300.jpg 225w\" sizes=\"auto, (max-width: 450px) 100vw, 450px\" \/><\/a><\/p>\n<div id=\"attachment_27864\" style=\"width: 460px\" class=\"wp-caption alignleft\"><a href=\"https:\/\/olu-limburg.de\/wp-content\/uploads\/2022\/11\/IMG_20220819_194147_ergebnis-e1668446961465.jpg\"><img loading=\"lazy\" decoding=\"async\" aria-describedby=\"caption-attachment-27864\" class=\"wp-image-27864 size-full\" src=\"https:\/\/olu-limburg.de\/wp-content\/uploads\/2022\/11\/IMG_20220819_194147_ergebnis-e1668446961465.jpg\" alt=\"\" width=\"450\" height=\"600\" srcset=\"https:\/\/olu-limburg.de\/wp-content\/uploads\/2022\/11\/IMG_20220819_194147_ergebnis-e1668446961465.jpg 450w, https:\/\/olu-limburg.de\/wp-content\/uploads\/2022\/11\/IMG_20220819_194147_ergebnis-e1668446961465-225x300.jpg 225w\" sizes=\"auto, (max-width: 450px) 100vw, 450px\" \/><\/a><p id=\"caption-attachment-27864\" class=\"wp-caption-text\">r\u00f6mische Jupitergigantens\u00e4ule (um 200 n. Chr.)<\/p><\/div>\n<p><a href=\"https:\/\/olu-limburg.de\/wp-content\/uploads\/2022\/11\/20220819_194139_ergebnis-e1668446982611.jpg\"><img loading=\"lazy\" decoding=\"async\" class=\"size-full wp-image-27855 alignright\" src=\"https:\/\/olu-limburg.de\/wp-content\/uploads\/2022\/11\/20220819_194139_ergebnis-e1668446982611.jpg\" alt=\"\" width=\"450\" height=\"600\" srcset=\"https:\/\/olu-limburg.de\/wp-content\/uploads\/2022\/11\/20220819_194139_ergebnis-e1668446982611.jpg 450w, https:\/\/olu-limburg.de\/wp-content\/uploads\/2022\/11\/20220819_194139_ergebnis-e1668446982611-225x300.jpg 225w\" sizes=\"auto, (max-width: 450px) 100vw, 450px\" \/><\/a><\/p>\n<div id=\"attachment_27865\" style=\"width: 460px\" class=\"wp-caption aligncenter\"><a href=\"https:\/\/olu-limburg.de\/wp-content\/uploads\/2022\/11\/IMG_20220819_194401_ergebnis-e1668447027116.jpg\"><img loading=\"lazy\" decoding=\"async\" aria-describedby=\"caption-attachment-27865\" class=\"wp-image-27865 size-full\" src=\"https:\/\/olu-limburg.de\/wp-content\/uploads\/2022\/11\/IMG_20220819_194401_ergebnis-e1668447027116.jpg\" alt=\"\" width=\"450\" height=\"600\" srcset=\"https:\/\/olu-limburg.de\/wp-content\/uploads\/2022\/11\/IMG_20220819_194401_ergebnis-e1668447027116.jpg 450w, https:\/\/olu-limburg.de\/wp-content\/uploads\/2022\/11\/IMG_20220819_194401_ergebnis-e1668447027116-225x300.jpg 225w\" sizes=\"auto, (max-width: 450px) 100vw, 450px\" \/><\/a><p id=\"caption-attachment-27865\" class=\"wp-caption-text\">\u00dcberreste r\u00f6mischer Siedlungsbebauung<\/p><\/div>\n<p><a href=\"https:\/\/olu-limburg.de\/wp-content\/uploads\/2022\/11\/IMG_20220819_194801_ergebnis.jpg\"><img loading=\"lazy\" decoding=\"async\" class=\"size-full wp-image-27868 aligncenter\" src=\"https:\/\/olu-limburg.de\/wp-content\/uploads\/2022\/11\/IMG_20220819_194801_ergebnis.jpg\" alt=\"\" width=\"800\" height=\"600\" srcset=\"https:\/\/olu-limburg.de\/wp-content\/uploads\/2022\/11\/IMG_20220819_194801_ergebnis.jpg 800w, https:\/\/olu-limburg.de\/wp-content\/uploads\/2022\/11\/IMG_20220819_194801_ergebnis-300x225.jpg 300w, https:\/\/olu-limburg.de\/wp-content\/uploads\/2022\/11\/IMG_20220819_194801_ergebnis-768x576.jpg 768w, https:\/\/olu-limburg.de\/wp-content\/uploads\/2022\/11\/IMG_20220819_194801_ergebnis-624x468.jpg 624w\" sizes=\"auto, (max-width: 800px) 100vw, 800px\" \/><\/a><\/p>\n<div id=\"attachment_27856\" style=\"width: 810px\" class=\"wp-caption aligncenter\"><a href=\"https:\/\/olu-limburg.de\/wp-content\/uploads\/2022\/11\/20220819_195021_ergebnis.jpg\"><img loading=\"lazy\" decoding=\"async\" aria-describedby=\"caption-attachment-27856\" class=\"wp-image-27856 size-full\" src=\"https:\/\/olu-limburg.de\/wp-content\/uploads\/2022\/11\/20220819_195021_ergebnis.jpg\" alt=\"\" width=\"800\" height=\"600\" srcset=\"https:\/\/olu-limburg.de\/wp-content\/uploads\/2022\/11\/20220819_195021_ergebnis.jpg 800w, https:\/\/olu-limburg.de\/wp-content\/uploads\/2022\/11\/20220819_195021_ergebnis-300x225.jpg 300w, https:\/\/olu-limburg.de\/wp-content\/uploads\/2022\/11\/20220819_195021_ergebnis-768x576.jpg 768w, https:\/\/olu-limburg.de\/wp-content\/uploads\/2022\/11\/20220819_195021_ergebnis-624x468.jpg 624w\" sizes=\"auto, (max-width: 800px) 100vw, 800px\" \/><\/a><p id=\"caption-attachment-27856\" class=\"wp-caption-text\">Kirche S. Gallus, seit 1412 mit zwei T\u00fcrmen, da Bischof Johann II. von Fleckenstein bei seiner Bischofskirche auf dem Recht eines zweiten Turmes bestand.<\/p><\/div>\n<p><a href=\"https:\/\/olu-limburg.de\/wp-content\/uploads\/2022\/11\/20220819_195109_ergebnis.jpg\"><img loading=\"lazy\" decoding=\"async\" class=\"size-full wp-image-27857 aligncenter\" src=\"https:\/\/olu-limburg.de\/wp-content\/uploads\/2022\/11\/20220819_195109_ergebnis.jpg\" alt=\"\" width=\"800\" height=\"600\" srcset=\"https:\/\/olu-limburg.de\/wp-content\/uploads\/2022\/11\/20220819_195109_ergebnis.jpg 800w, https:\/\/olu-limburg.de\/wp-content\/uploads\/2022\/11\/20220819_195109_ergebnis-300x225.jpg 300w, https:\/\/olu-limburg.de\/wp-content\/uploads\/2022\/11\/20220819_195109_ergebnis-768x576.jpg 768w, https:\/\/olu-limburg.de\/wp-content\/uploads\/2022\/11\/20220819_195109_ergebnis-624x468.jpg 624w\" sizes=\"auto, (max-width: 800px) 100vw, 800px\" \/><\/a><\/p>\n<p><a href=\"https:\/\/olu-limburg.de\/wp-content\/uploads\/2022\/11\/IMG_20220819_195104_ergebnis-e1668448267132.jpg\"><img loading=\"lazy\" decoding=\"async\" class=\"size-full wp-image-27869 alignleft\" src=\"https:\/\/olu-limburg.de\/wp-content\/uploads\/2022\/11\/IMG_20220819_195104_ergebnis-e1668448267132.jpg\" alt=\"\" width=\"450\" height=\"600\" srcset=\"https:\/\/olu-limburg.de\/wp-content\/uploads\/2022\/11\/IMG_20220819_195104_ergebnis-e1668448267132.jpg 450w, https:\/\/olu-limburg.de\/wp-content\/uploads\/2022\/11\/IMG_20220819_195104_ergebnis-e1668448267132-225x300.jpg 225w\" sizes=\"auto, (max-width: 450px) 100vw, 450px\" \/><\/a><\/p>\n<p><a href=\"https:\/\/olu-limburg.de\/wp-content\/uploads\/2022\/11\/IMG_20220819_195357_ergebnis-e1668448010567.jpg\"><img loading=\"lazy\" decoding=\"async\" class=\"size-full wp-image-27870 alignright\" src=\"https:\/\/olu-limburg.de\/wp-content\/uploads\/2022\/11\/IMG_20220819_195357_ergebnis-e1668448010567.jpg\" alt=\"\" width=\"450\" height=\"600\" srcset=\"https:\/\/olu-limburg.de\/wp-content\/uploads\/2022\/11\/IMG_20220819_195357_ergebnis-e1668448010567.jpg 450w, https:\/\/olu-limburg.de\/wp-content\/uploads\/2022\/11\/IMG_20220819_195357_ergebnis-e1668448010567-225x300.jpg 225w\" sizes=\"auto, (max-width: 450px) 100vw, 450px\" \/><\/a><\/p>\n<div id=\"attachment_27871\" style=\"width: 460px\" class=\"wp-caption aligncenter\"><a href=\"https:\/\/olu-limburg.de\/wp-content\/uploads\/2022\/11\/IMG_20220819_195632_ergebnis-e1668448303393.jpg\"><img loading=\"lazy\" decoding=\"async\" aria-describedby=\"caption-attachment-27871\" class=\"wp-image-27871 size-full\" src=\"https:\/\/olu-limburg.de\/wp-content\/uploads\/2022\/11\/IMG_20220819_195632_ergebnis-e1668448303393.jpg\" alt=\"\" width=\"450\" height=\"600\" srcset=\"https:\/\/olu-limburg.de\/wp-content\/uploads\/2022\/11\/IMG_20220819_195632_ergebnis-e1668448303393.jpg 450w, https:\/\/olu-limburg.de\/wp-content\/uploads\/2022\/11\/IMG_20220819_195632_ergebnis-e1668448303393-225x300.jpg 225w\" sizes=\"auto, (max-width: 450px) 100vw, 450px\" \/><\/a><p id=\"caption-attachment-27871\" class=\"wp-caption-text\">Marienbrunnen auf dem Marktplatz<\/p><\/div>\n<div id=\"attachment_27872\" style=\"width: 810px\" class=\"wp-caption aligncenter\"><a href=\"https:\/\/olu-limburg.de\/wp-content\/uploads\/2022\/11\/IMG_20220819_211627_ergebnis.jpg\"><img loading=\"lazy\" decoding=\"async\" aria-describedby=\"caption-attachment-27872\" class=\"wp-image-27872 size-full\" src=\"https:\/\/olu-limburg.de\/wp-content\/uploads\/2022\/11\/IMG_20220819_211627_ergebnis.jpg\" alt=\"\" width=\"800\" height=\"600\" srcset=\"https:\/\/olu-limburg.de\/wp-content\/uploads\/2022\/11\/IMG_20220819_211627_ergebnis.jpg 800w, https:\/\/olu-limburg.de\/wp-content\/uploads\/2022\/11\/IMG_20220819_211627_ergebnis-300x225.jpg 300w, https:\/\/olu-limburg.de\/wp-content\/uploads\/2022\/11\/IMG_20220819_211627_ergebnis-768x576.jpg 768w, https:\/\/olu-limburg.de\/wp-content\/uploads\/2022\/11\/IMG_20220819_211627_ergebnis-624x468.jpg 624w\" sizes=\"auto, (max-width: 800px) 100vw, 800px\" \/><\/a><p id=\"caption-attachment-27872\" class=\"wp-caption-text\">gem\u00fctliche Abendstimmung auf dem Marktplatz<\/p><\/div>\n<p>Tagesstrecke: 131 km<\/p>\n<p>&nbsp;<\/p>\n<p><strong>Samstag, 20.08.2022<\/strong><\/p>\n<p><a href=\"https:\/\/olu-limburg.de\/wp-content\/uploads\/2022\/11\/IMG_20220820_110034_ergebnis.jpg\"><img loading=\"lazy\" decoding=\"async\" class=\"alignnone size-full wp-image-27875\" src=\"https:\/\/olu-limburg.de\/wp-content\/uploads\/2022\/11\/IMG_20220820_110034_ergebnis.jpg\" alt=\"\" width=\"800\" height=\"600\" srcset=\"https:\/\/olu-limburg.de\/wp-content\/uploads\/2022\/11\/IMG_20220820_110034_ergebnis.jpg 800w, https:\/\/olu-limburg.de\/wp-content\/uploads\/2022\/11\/IMG_20220820_110034_ergebnis-300x225.jpg 300w, https:\/\/olu-limburg.de\/wp-content\/uploads\/2022\/11\/IMG_20220820_110034_ergebnis-768x576.jpg 768w, https:\/\/olu-limburg.de\/wp-content\/uploads\/2022\/11\/IMG_20220820_110034_ergebnis-624x468.jpg 624w\" sizes=\"auto, (max-width: 800px) 100vw, 800px\" \/><\/a><\/p>\n<p>Drau\u00dfen gibt es grau in den verschiedensten Schattierungen zu erleben. Die Wettervorhersage meldet auch f\u00fcr Bregenz nichts positives. Dort ist durch starke Unwetter Land unter. Auf eine R\u00fcckfrage bei der Festivalverwaltung in Bregenz erhalte ich die Auskunft, dass die Veranstaltung aufgrund der Besserung der Wetterlage am Sonntag stattfinden wird.<\/p>\n<p>So weit, so gut &#8211; wir werden aber heute nicht bis Bregenz fahren, sondern uns in Meersburg verlustieren. Davor m\u00fcssen wir aber erst viel Verkehr und einige Staus hinter uns bringen. Kurz vor 16.00 Uhr landen wir auf dem Wohnmobil-Stellplatz &#8222;Meersburg-Ergeten&#8220; mit V+E (Geb\u00fchr EUR 19,60 inkl. EUR 4,60 Kurtaxe f\u00fcr zwei Personen, anwendbar bei der Meersburg-Card).<\/p>\n<p>Direkt beim Stellplatz ist eine Haltestelle von dem Pendelbus, der uns runter in die Stadt und direkt zum Hafen bringt. Wir k\u00f6nnen zur Bezahlung unser hessisches Nahverkehrs-Jahres-Ticket als gleichberechtigten Part zum 9-Euro-Ticket nutzen.<\/p>\n<p>Wir spazieren durch die vom Tourismus gef\u00fcllte Unterstadtstra\u00dfe und machen unseren ersten Stopp bei der Weinschenke des Winzervereins. Hier gibt es eine gem\u00fctliche und kontaktf\u00f6rdernde\u00a0 Au\u00dfenbewirtschaftung, gute Weine und kleine Speisen.<\/p>\n<p><a href=\"https:\/\/olu-limburg.de\/wp-content\/uploads\/2022\/11\/IMG_20220820_174534_ergebnis.jpg\"><img loading=\"lazy\" decoding=\"async\" class=\"size-full wp-image-27884 aligncenter\" src=\"https:\/\/olu-limburg.de\/wp-content\/uploads\/2022\/11\/IMG_20220820_174534_ergebnis.jpg\" alt=\"\" width=\"800\" height=\"600\" srcset=\"https:\/\/olu-limburg.de\/wp-content\/uploads\/2022\/11\/IMG_20220820_174534_ergebnis.jpg 800w, https:\/\/olu-limburg.de\/wp-content\/uploads\/2022\/11\/IMG_20220820_174534_ergebnis-300x225.jpg 300w, https:\/\/olu-limburg.de\/wp-content\/uploads\/2022\/11\/IMG_20220820_174534_ergebnis-768x576.jpg 768w, https:\/\/olu-limburg.de\/wp-content\/uploads\/2022\/11\/IMG_20220820_174534_ergebnis-624x468.jpg 624w\" sizes=\"auto, (max-width: 800px) 100vw, 800px\" \/><\/a><\/p>\n<p><a href=\"https:\/\/olu-limburg.de\/wp-content\/uploads\/2022\/11\/IMG_20220820_173716_ergebnis.jpg\"><img loading=\"lazy\" decoding=\"async\" class=\"size-full wp-image-27883 aligncenter\" src=\"https:\/\/olu-limburg.de\/wp-content\/uploads\/2022\/11\/IMG_20220820_173716_ergebnis.jpg\" alt=\"\" width=\"800\" height=\"600\" srcset=\"https:\/\/olu-limburg.de\/wp-content\/uploads\/2022\/11\/IMG_20220820_173716_ergebnis.jpg 800w, https:\/\/olu-limburg.de\/wp-content\/uploads\/2022\/11\/IMG_20220820_173716_ergebnis-300x225.jpg 300w, https:\/\/olu-limburg.de\/wp-content\/uploads\/2022\/11\/IMG_20220820_173716_ergebnis-768x576.jpg 768w, https:\/\/olu-limburg.de\/wp-content\/uploads\/2022\/11\/IMG_20220820_173716_ergebnis-624x468.jpg 624w\" sizes=\"auto, (max-width: 800px) 100vw, 800px\" \/><\/a><\/p>\n<p><a href=\"https:\/\/olu-limburg.de\/wp-content\/uploads\/2022\/11\/IMG_20220820_185749_ergebnis-e1669128526846.jpg\"><img loading=\"lazy\" decoding=\"async\" class=\"size-full wp-image-27885 aligncenter\" src=\"https:\/\/olu-limburg.de\/wp-content\/uploads\/2022\/11\/IMG_20220820_185749_ergebnis-e1669128526846.jpg\" alt=\"\" width=\"450\" height=\"600\" srcset=\"https:\/\/olu-limburg.de\/wp-content\/uploads\/2022\/11\/IMG_20220820_185749_ergebnis-e1669128526846.jpg 450w, https:\/\/olu-limburg.de\/wp-content\/uploads\/2022\/11\/IMG_20220820_185749_ergebnis-e1669128526846-225x300.jpg 225w\" sizes=\"auto, (max-width: 450px) 100vw, 450px\" \/><\/a><\/p>\n<p>Eigentlich ist es schade jetzt weiter zu gehen, aber wir wollen uns ja noch etwas von Meersburg anschauen. Wir spazieren die Unterstadtstra\u00dfe entlang und verlassen diesen Bereich durch das Unterstadttor.<\/p>\n<p><a href=\"https:\/\/olu-limburg.de\/wp-content\/uploads\/2022\/11\/IMG_20220820_191015_ergebnis-e1669128570262.jpg\"><img loading=\"lazy\" decoding=\"async\" class=\"size-full wp-image-27888 aligncenter\" src=\"https:\/\/olu-limburg.de\/wp-content\/uploads\/2022\/11\/IMG_20220820_191015_ergebnis-e1669128570262.jpg\" alt=\"\" width=\"450\" height=\"600\" srcset=\"https:\/\/olu-limburg.de\/wp-content\/uploads\/2022\/11\/IMG_20220820_191015_ergebnis-e1669128570262.jpg 450w, https:\/\/olu-limburg.de\/wp-content\/uploads\/2022\/11\/IMG_20220820_191015_ergebnis-e1669128570262-225x300.jpg 225w\" sizes=\"auto, (max-width: 450px) 100vw, 450px\" \/><\/a><\/p>\n<p><a href=\"https:\/\/olu-limburg.de\/wp-content\/uploads\/2022\/11\/IMG_20220820_190417_ergebnis.jpg\"><img loading=\"lazy\" decoding=\"async\" class=\"size-full wp-image-27886 aligncenter\" src=\"https:\/\/olu-limburg.de\/wp-content\/uploads\/2022\/11\/IMG_20220820_190417_ergebnis.jpg\" alt=\"\" width=\"800\" height=\"600\" srcset=\"https:\/\/olu-limburg.de\/wp-content\/uploads\/2022\/11\/IMG_20220820_190417_ergebnis.jpg 800w, https:\/\/olu-limburg.de\/wp-content\/uploads\/2022\/11\/IMG_20220820_190417_ergebnis-300x225.jpg 300w, https:\/\/olu-limburg.de\/wp-content\/uploads\/2022\/11\/IMG_20220820_190417_ergebnis-768x576.jpg 768w, https:\/\/olu-limburg.de\/wp-content\/uploads\/2022\/11\/IMG_20220820_190417_ergebnis-624x468.jpg 624w\" sizes=\"auto, (max-width: 800px) 100vw, 800px\" \/><\/a><\/p>\n<p>\u00dcber die Steigstra\u00dfe gelangen wir zur Oberstadt mit der Burg Meersburg. Hier ist nat\u00fcrlich schon zu, aber morgen ist ja auch noch ein Tag.<\/p>\n<p><a href=\"https:\/\/olu-limburg.de\/wp-content\/uploads\/2022\/11\/IMG_20220820_190909_ergebnis.jpg\"><img loading=\"lazy\" decoding=\"async\" class=\"size-full wp-image-27887 aligncenter\" src=\"https:\/\/olu-limburg.de\/wp-content\/uploads\/2022\/11\/IMG_20220820_190909_ergebnis.jpg\" alt=\"\" width=\"800\" height=\"600\" srcset=\"https:\/\/olu-limburg.de\/wp-content\/uploads\/2022\/11\/IMG_20220820_190909_ergebnis.jpg 800w, https:\/\/olu-limburg.de\/wp-content\/uploads\/2022\/11\/IMG_20220820_190909_ergebnis-300x225.jpg 300w, https:\/\/olu-limburg.de\/wp-content\/uploads\/2022\/11\/IMG_20220820_190909_ergebnis-768x576.jpg 768w, https:\/\/olu-limburg.de\/wp-content\/uploads\/2022\/11\/IMG_20220820_190909_ergebnis-624x468.jpg 624w\" sizes=\"auto, (max-width: 800px) 100vw, 800px\" \/><\/a><\/p>\n<p><a href=\"https:\/\/olu-limburg.de\/wp-content\/uploads\/2022\/11\/IMG_20220820_191219_ergebnis-e1669128662725.jpg\"><img loading=\"lazy\" decoding=\"async\" class=\"size-full wp-image-27889 alignleft\" src=\"https:\/\/olu-limburg.de\/wp-content\/uploads\/2022\/11\/IMG_20220820_191219_ergebnis-e1669128662725.jpg\" alt=\"\" width=\"450\" height=\"600\" srcset=\"https:\/\/olu-limburg.de\/wp-content\/uploads\/2022\/11\/IMG_20220820_191219_ergebnis-e1669128662725.jpg 450w, https:\/\/olu-limburg.de\/wp-content\/uploads\/2022\/11\/IMG_20220820_191219_ergebnis-e1669128662725-225x300.jpg 225w\" sizes=\"auto, (max-width: 450px) 100vw, 450px\" \/><\/a><\/p>\n<p><a href=\"https:\/\/olu-limburg.de\/wp-content\/uploads\/2022\/11\/IMG_20220820_192018_ergebnis-e1669128724731.jpg\"><img loading=\"lazy\" decoding=\"async\" class=\"size-full wp-image-27892 alignright\" src=\"https:\/\/olu-limburg.de\/wp-content\/uploads\/2022\/11\/IMG_20220820_192018_ergebnis-e1669128724731.jpg\" alt=\"\" width=\"450\" height=\"600\" srcset=\"https:\/\/olu-limburg.de\/wp-content\/uploads\/2022\/11\/IMG_20220820_192018_ergebnis-e1669128724731.jpg 450w, https:\/\/olu-limburg.de\/wp-content\/uploads\/2022\/11\/IMG_20220820_192018_ergebnis-e1669128724731-225x300.jpg 225w\" sizes=\"auto, (max-width: 450px) 100vw, 450px\" \/><\/a><\/p>\n<div id=\"attachment_27891\" style=\"width: 810px\" class=\"wp-caption aligncenter\"><a href=\"https:\/\/olu-limburg.de\/wp-content\/uploads\/2022\/11\/IMG_20220820_191917_ergebnis.jpg\"><img loading=\"lazy\" decoding=\"async\" aria-describedby=\"caption-attachment-27891\" class=\"wp-image-27891 size-full\" src=\"https:\/\/olu-limburg.de\/wp-content\/uploads\/2022\/11\/IMG_20220820_191917_ergebnis.jpg\" alt=\"\" width=\"800\" height=\"600\" srcset=\"https:\/\/olu-limburg.de\/wp-content\/uploads\/2022\/11\/IMG_20220820_191917_ergebnis.jpg 800w, https:\/\/olu-limburg.de\/wp-content\/uploads\/2022\/11\/IMG_20220820_191917_ergebnis-300x225.jpg 300w, https:\/\/olu-limburg.de\/wp-content\/uploads\/2022\/11\/IMG_20220820_191917_ergebnis-768x576.jpg 768w, https:\/\/olu-limburg.de\/wp-content\/uploads\/2022\/11\/IMG_20220820_191917_ergebnis-624x468.jpg 624w\" sizes=\"auto, (max-width: 800px) 100vw, 800px\" \/><\/a><p id=\"caption-attachment-27891\" class=\"wp-caption-text\">Blick hinauf zur Burg Meersburg<\/p><\/div>\n<div id=\"attachment_27895\" style=\"width: 810px\" class=\"wp-caption aligncenter\"><a href=\"https:\/\/olu-limburg.de\/wp-content\/uploads\/2022\/11\/IMG_20220820_192427_ergebnis.jpg\"><img loading=\"lazy\" decoding=\"async\" aria-describedby=\"caption-attachment-27895\" class=\"wp-image-27895 size-full\" src=\"https:\/\/olu-limburg.de\/wp-content\/uploads\/2022\/11\/IMG_20220820_192427_ergebnis.jpg\" alt=\"\" width=\"800\" height=\"600\" srcset=\"https:\/\/olu-limburg.de\/wp-content\/uploads\/2022\/11\/IMG_20220820_192427_ergebnis.jpg 800w, https:\/\/olu-limburg.de\/wp-content\/uploads\/2022\/11\/IMG_20220820_192427_ergebnis-300x225.jpg 300w, https:\/\/olu-limburg.de\/wp-content\/uploads\/2022\/11\/IMG_20220820_192427_ergebnis-768x576.jpg 768w, https:\/\/olu-limburg.de\/wp-content\/uploads\/2022\/11\/IMG_20220820_192427_ergebnis-624x468.jpg 624w\" sizes=\"auto, (max-width: 800px) 100vw, 800px\" \/><\/a><p id=\"caption-attachment-27895\" class=\"wp-caption-text\">Burg Meersburg aus dem 11. Jhdt.<\/p><\/div>\n<div id=\"attachment_27894\" style=\"width: 460px\" class=\"wp-caption aligncenter\"><a href=\"https:\/\/olu-limburg.de\/wp-content\/uploads\/2022\/11\/IMG_20220820_192308_ergebnis-e1669128806613.jpg\"><img loading=\"lazy\" decoding=\"async\" aria-describedby=\"caption-attachment-27894\" class=\"wp-image-27894 size-full\" src=\"https:\/\/olu-limburg.de\/wp-content\/uploads\/2022\/11\/IMG_20220820_192308_ergebnis-e1669128806613.jpg\" alt=\"\" width=\"450\" height=\"600\" srcset=\"https:\/\/olu-limburg.de\/wp-content\/uploads\/2022\/11\/IMG_20220820_192308_ergebnis-e1669128806613.jpg 450w, https:\/\/olu-limburg.de\/wp-content\/uploads\/2022\/11\/IMG_20220820_192308_ergebnis-e1669128806613-225x300.jpg 225w\" sizes=\"auto, (max-width: 450px) 100vw, 450px\" \/><\/a><p id=\"caption-attachment-27894\" class=\"wp-caption-text\">Denkmal zu Ehren der Dichterin Annette zu Droste-H\u00fclshoff<\/p><\/div>\n<p>Direkt neben der Burg Meersburg befindet sich das Neue Schloss Meersburg, dass im 18. Jhdt. von den Konstanzer F\u00fcrstbisch\u00f6fen erbaut wurde. Von der Terrasse des Neuen Schlosses hat man auch einen herrlichen Ausblick auf die Unterstadt und den Bodensee.<\/p>\n<p><a href=\"https:\/\/olu-limburg.de\/wp-content\/uploads\/2022\/11\/IMG_20220820_192709_ergebnis.jpg\"><img loading=\"lazy\" decoding=\"async\" class=\"size-full wp-image-27896 aligncenter\" src=\"https:\/\/olu-limburg.de\/wp-content\/uploads\/2022\/11\/IMG_20220820_192709_ergebnis.jpg\" alt=\"\" width=\"800\" height=\"600\" srcset=\"https:\/\/olu-limburg.de\/wp-content\/uploads\/2022\/11\/IMG_20220820_192709_ergebnis.jpg 800w, https:\/\/olu-limburg.de\/wp-content\/uploads\/2022\/11\/IMG_20220820_192709_ergebnis-300x225.jpg 300w, https:\/\/olu-limburg.de\/wp-content\/uploads\/2022\/11\/IMG_20220820_192709_ergebnis-768x576.jpg 768w, https:\/\/olu-limburg.de\/wp-content\/uploads\/2022\/11\/IMG_20220820_192709_ergebnis-624x468.jpg 624w\" sizes=\"auto, (max-width: 800px) 100vw, 800px\" \/><\/a><\/p>\n<p><a href=\"https:\/\/olu-limburg.de\/wp-content\/uploads\/2022\/11\/IMG_20220820_192810_ergebnis.jpg\"><img loading=\"lazy\" decoding=\"async\" class=\"size-full wp-image-27897 aligncenter\" src=\"https:\/\/olu-limburg.de\/wp-content\/uploads\/2022\/11\/IMG_20220820_192810_ergebnis.jpg\" alt=\"\" width=\"800\" height=\"600\" srcset=\"https:\/\/olu-limburg.de\/wp-content\/uploads\/2022\/11\/IMG_20220820_192810_ergebnis.jpg 800w, https:\/\/olu-limburg.de\/wp-content\/uploads\/2022\/11\/IMG_20220820_192810_ergebnis-300x225.jpg 300w, https:\/\/olu-limburg.de\/wp-content\/uploads\/2022\/11\/IMG_20220820_192810_ergebnis-768x576.jpg 768w, https:\/\/olu-limburg.de\/wp-content\/uploads\/2022\/11\/IMG_20220820_192810_ergebnis-624x468.jpg 624w\" sizes=\"auto, (max-width: 800px) 100vw, 800px\" \/><\/a><\/p>\n<p><a href=\"https:\/\/olu-limburg.de\/wp-content\/uploads\/2022\/11\/IMG_20220820_193917_ergebnis.jpg\"><img loading=\"lazy\" decoding=\"async\" class=\"size-full wp-image-27899 aligncenter\" src=\"https:\/\/olu-limburg.de\/wp-content\/uploads\/2022\/11\/IMG_20220820_193917_ergebnis.jpg\" alt=\"\" width=\"800\" height=\"600\" srcset=\"https:\/\/olu-limburg.de\/wp-content\/uploads\/2022\/11\/IMG_20220820_193917_ergebnis.jpg 800w, https:\/\/olu-limburg.de\/wp-content\/uploads\/2022\/11\/IMG_20220820_193917_ergebnis-300x225.jpg 300w, https:\/\/olu-limburg.de\/wp-content\/uploads\/2022\/11\/IMG_20220820_193917_ergebnis-768x576.jpg 768w, https:\/\/olu-limburg.de\/wp-content\/uploads\/2022\/11\/IMG_20220820_193917_ergebnis-624x468.jpg 624w\" sizes=\"auto, (max-width: 800px) 100vw, 800px\" \/><\/a><\/p>\n<p>Auf der anderen Seite des Geb\u00e4udes liegt der gem\u00fctlich daherkommende Schlossplatz.<\/p>\n<p><a href=\"https:\/\/olu-limburg.de\/wp-content\/uploads\/2022\/11\/IMG_20220820_192953_ergebnis.jpg\"><img loading=\"lazy\" decoding=\"async\" class=\"size-full wp-image-27898 aligncenter\" src=\"https:\/\/olu-limburg.de\/wp-content\/uploads\/2022\/11\/IMG_20220820_192953_ergebnis.jpg\" alt=\"\" width=\"800\" height=\"600\" srcset=\"https:\/\/olu-limburg.de\/wp-content\/uploads\/2022\/11\/IMG_20220820_192953_ergebnis.jpg 800w, https:\/\/olu-limburg.de\/wp-content\/uploads\/2022\/11\/IMG_20220820_192953_ergebnis-300x225.jpg 300w, https:\/\/olu-limburg.de\/wp-content\/uploads\/2022\/11\/IMG_20220820_192953_ergebnis-768x576.jpg 768w, https:\/\/olu-limburg.de\/wp-content\/uploads\/2022\/11\/IMG_20220820_192953_ergebnis-624x468.jpg 624w\" sizes=\"auto, (max-width: 800px) 100vw, 800px\" \/><\/a><\/p>\n<p>Von dort spazieren wir noch durch die Gassen der nun beleuchteten Altstadt bis zum Marktplatz und durch das Stadttor zur Oberstadt.<\/p>\n<p><a href=\"https:\/\/olu-limburg.de\/wp-content\/uploads\/2022\/11\/IMG_20220820_204556_ergebnis.jpg\"><img loading=\"lazy\" decoding=\"async\" class=\"size-full wp-image-27900 aligncenter\" src=\"https:\/\/olu-limburg.de\/wp-content\/uploads\/2022\/11\/IMG_20220820_204556_ergebnis.jpg\" alt=\"\" width=\"800\" height=\"600\" srcset=\"https:\/\/olu-limburg.de\/wp-content\/uploads\/2022\/11\/IMG_20220820_204556_ergebnis.jpg 800w, https:\/\/olu-limburg.de\/wp-content\/uploads\/2022\/11\/IMG_20220820_204556_ergebnis-300x225.jpg 300w, https:\/\/olu-limburg.de\/wp-content\/uploads\/2022\/11\/IMG_20220820_204556_ergebnis-768x576.jpg 768w, https:\/\/olu-limburg.de\/wp-content\/uploads\/2022\/11\/IMG_20220820_204556_ergebnis-624x468.jpg 624w\" sizes=\"auto, (max-width: 800px) 100vw, 800px\" \/><\/a><\/p>\n<p><a href=\"https:\/\/olu-limburg.de\/wp-content\/uploads\/2022\/11\/IMG_20220820_204631_ergebnis-e1669128871882.jpg\"><img loading=\"lazy\" decoding=\"async\" class=\"size-full wp-image-27901 aligncenter\" src=\"https:\/\/olu-limburg.de\/wp-content\/uploads\/2022\/11\/IMG_20220820_204631_ergebnis-e1669128871882.jpg\" alt=\"\" width=\"450\" height=\"600\" srcset=\"https:\/\/olu-limburg.de\/wp-content\/uploads\/2022\/11\/IMG_20220820_204631_ergebnis-e1669128871882.jpg 450w, https:\/\/olu-limburg.de\/wp-content\/uploads\/2022\/11\/IMG_20220820_204631_ergebnis-e1669128871882-225x300.jpg 225w\" sizes=\"auto, (max-width: 450px) 100vw, 450px\" \/><\/a><\/p>\n<p>Auf der anderen Stra\u00dfenseite befindet sich die Haltestelle f\u00fcr den Bus, der uns wieder zu unserem Wohnmobil bringt.<\/p>\n<p>Tagesstrecke: 305 km<\/p>\n<p>&nbsp;<\/p>\n<p><strong>Sonntag, 21.08.2022<\/strong><\/p>\n<p>Heute haben wir noch ein strammes Programm vor uns. Nach dem Fr\u00fchst\u00fcck wollen wir schon fr\u00fchzeitig mit dem Bus in die Stadt bis zur Haltestelle Sparkasse fahren, dann Besichtigung der Burg Meersburg, anschlie\u00dfend Fahrt nach Bregenz mit abendlichem Besuch der Seefestspiele. Packen wir es an!<\/p>\n<p>In der N\u00e4he gibt es keinen B\u00e4cker der sonntags offen hat, macht nichts, wir sind versorgt. Nach der Fahrt mit dem Bus betreten wir die Altstadt durch das Stadttor zur Oberstadt und sind schnell bei der Burg Meersburg, manchmal auch &#8222;Altes Schloss&#8220; benannt.<\/p>\n<p><a href=\"https:\/\/olu-limburg.de\/wp-content\/uploads\/2022\/11\/P1100222_ergebnis.jpg\"><img loading=\"lazy\" decoding=\"async\" class=\"alignnone size-full wp-image-27916\" src=\"https:\/\/olu-limburg.de\/wp-content\/uploads\/2022\/11\/P1100222_ergebnis.jpg\" alt=\"\" width=\"800\" height=\"600\" srcset=\"https:\/\/olu-limburg.de\/wp-content\/uploads\/2022\/11\/P1100222_ergebnis.jpg 800w, https:\/\/olu-limburg.de\/wp-content\/uploads\/2022\/11\/P1100222_ergebnis-300x225.jpg 300w, https:\/\/olu-limburg.de\/wp-content\/uploads\/2022\/11\/P1100222_ergebnis-768x576.jpg 768w, https:\/\/olu-limburg.de\/wp-content\/uploads\/2022\/11\/P1100222_ergebnis-624x468.jpg 624w\" sizes=\"auto, (max-width: 800px) 100vw, 800px\" \/><\/a><\/p>\n<p>Der Ursprung der Burg Meersburg geht wahrscheinlich auf die Merowinger im 7. Jhdt. zur\u00fcck. Die ersten noch erhaltenen Bauteile sind aber aus dem 11. Jhdt.. Ausgehend von k\u00f6niglichen Lehnstr\u00e4gern und den Konstanzer F\u00fcrstbisch\u00f6fen kam die Burg 1838 an den Freiherrn von La\u00dfberg, Dessen Ehefrau Jenny war die \u00e4ltere Schwester von Annette von Droste-H\u00fclshoff. Von 1841 bis zu ihrem Tod am 24.Mai 1848 nutzte die Dichterin immer wieder die Meersburg als Zufluchtsort, um sich zu erholen. Hier standen zwei Zimmer st\u00e4ndig f\u00fcr sie bereit. Die sporadische Nutzung am Anfang wurde sp\u00e4ter zum Dauerzustand.<\/p>\n<p><a href=\"https:\/\/olu-limburg.de\/wp-content\/uploads\/2022\/11\/P1100156_ergebnis-e1669134303519.jpg\"><img loading=\"lazy\" decoding=\"async\" class=\"alignnone size-full wp-image-27911\" src=\"https:\/\/olu-limburg.de\/wp-content\/uploads\/2022\/11\/P1100156_ergebnis-e1669134303519.jpg\" alt=\"\" width=\"450\" height=\"600\" srcset=\"https:\/\/olu-limburg.de\/wp-content\/uploads\/2022\/11\/P1100156_ergebnis-e1669134303519.jpg 450w, https:\/\/olu-limburg.de\/wp-content\/uploads\/2022\/11\/P1100156_ergebnis-e1669134303519-225x300.jpg 225w\" sizes=\"auto, (max-width: 450px) 100vw, 450px\" \/><\/a><\/p>\n<p><a href=\"https:\/\/olu-limburg.de\/wp-content\/uploads\/2022\/11\/P1100155_ergebnis-e1669134254473.jpg\"><img loading=\"lazy\" decoding=\"async\" class=\"alignnone size-full wp-image-27910\" src=\"https:\/\/olu-limburg.de\/wp-content\/uploads\/2022\/11\/P1100155_ergebnis-e1669134254473.jpg\" alt=\"\" width=\"450\" height=\"600\" srcset=\"https:\/\/olu-limburg.de\/wp-content\/uploads\/2022\/11\/P1100155_ergebnis-e1669134254473.jpg 450w, https:\/\/olu-limburg.de\/wp-content\/uploads\/2022\/11\/P1100155_ergebnis-e1669134254473-225x300.jpg 225w\" sizes=\"auto, (max-width: 450px) 100vw, 450px\" \/><\/a><\/p>\n<p><a href=\"https:\/\/olu-limburg.de\/wp-content\/uploads\/2022\/11\/20220821_104147_ergebnis-e1669134277722.jpg\"><img loading=\"lazy\" decoding=\"async\" class=\"alignnone size-full wp-image-27908\" src=\"https:\/\/olu-limburg.de\/wp-content\/uploads\/2022\/11\/20220821_104147_ergebnis-e1669134277722.jpg\" alt=\"\" width=\"450\" height=\"600\" srcset=\"https:\/\/olu-limburg.de\/wp-content\/uploads\/2022\/11\/20220821_104147_ergebnis-e1669134277722.jpg 450w, https:\/\/olu-limburg.de\/wp-content\/uploads\/2022\/11\/20220821_104147_ergebnis-e1669134277722-225x300.jpg 225w\" sizes=\"auto, (max-width: 450px) 100vw, 450px\" \/><\/a><\/p>\n<p><a href=\"https:\/\/olu-limburg.de\/wp-content\/uploads\/2022\/11\/P1100154_ergebnis-e1669134349667.jpg\"><img loading=\"lazy\" decoding=\"async\" class=\"alignnone size-full wp-image-27909\" src=\"https:\/\/olu-limburg.de\/wp-content\/uploads\/2022\/11\/P1100154_ergebnis-e1669134349667.jpg\" alt=\"\" width=\"450\" height=\"600\" srcset=\"https:\/\/olu-limburg.de\/wp-content\/uploads\/2022\/11\/P1100154_ergebnis-e1669134349667.jpg 450w, https:\/\/olu-limburg.de\/wp-content\/uploads\/2022\/11\/P1100154_ergebnis-e1669134349667-225x300.jpg 225w\" sizes=\"auto, (max-width: 450px) 100vw, 450px\" \/><\/a><\/p>\n<p><a href=\"https:\/\/olu-limburg.de\/wp-content\/uploads\/2022\/11\/P1100170_ergebnis.jpg\"><img loading=\"lazy\" decoding=\"async\" class=\"alignnone size-full wp-image-27913\" src=\"https:\/\/olu-limburg.de\/wp-content\/uploads\/2022\/11\/P1100170_ergebnis.jpg\" alt=\"\" width=\"800\" height=\"600\" srcset=\"https:\/\/olu-limburg.de\/wp-content\/uploads\/2022\/11\/P1100170_ergebnis.jpg 800w, https:\/\/olu-limburg.de\/wp-content\/uploads\/2022\/11\/P1100170_ergebnis-300x225.jpg 300w, https:\/\/olu-limburg.de\/wp-content\/uploads\/2022\/11\/P1100170_ergebnis-768x576.jpg 768w, https:\/\/olu-limburg.de\/wp-content\/uploads\/2022\/11\/P1100170_ergebnis-624x468.jpg 624w\" sizes=\"auto, (max-width: 800px) 100vw, 800px\" \/><\/a><\/p>\n<p><a href=\"https:\/\/olu-limburg.de\/wp-content\/uploads\/2022\/11\/P1100167_ergebnis-e1669134390563.jpg\"><img loading=\"lazy\" decoding=\"async\" class=\"alignnone size-full wp-image-27912\" src=\"https:\/\/olu-limburg.de\/wp-content\/uploads\/2022\/11\/P1100167_ergebnis-e1669134390563.jpg\" alt=\"\" width=\"450\" height=\"600\" srcset=\"https:\/\/olu-limburg.de\/wp-content\/uploads\/2022\/11\/P1100167_ergebnis-e1669134390563.jpg 450w, https:\/\/olu-limburg.de\/wp-content\/uploads\/2022\/11\/P1100167_ergebnis-e1669134390563-225x300.jpg 225w\" sizes=\"auto, (max-width: 450px) 100vw, 450px\" \/><\/a><\/p>\n<div id=\"attachment_27914\" style=\"width: 810px\" class=\"wp-caption alignnone\"><a href=\"https:\/\/olu-limburg.de\/wp-content\/uploads\/2022\/11\/P1100176_ergebnis.jpg\"><img loading=\"lazy\" decoding=\"async\" aria-describedby=\"caption-attachment-27914\" class=\"wp-image-27914 size-full\" src=\"https:\/\/olu-limburg.de\/wp-content\/uploads\/2022\/11\/P1100176_ergebnis.jpg\" alt=\"\" width=\"800\" height=\"600\" srcset=\"https:\/\/olu-limburg.de\/wp-content\/uploads\/2022\/11\/P1100176_ergebnis.jpg 800w, https:\/\/olu-limburg.de\/wp-content\/uploads\/2022\/11\/P1100176_ergebnis-300x225.jpg 300w, https:\/\/olu-limburg.de\/wp-content\/uploads\/2022\/11\/P1100176_ergebnis-768x576.jpg 768w, https:\/\/olu-limburg.de\/wp-content\/uploads\/2022\/11\/P1100176_ergebnis-624x468.jpg 624w\" sizes=\"auto, (max-width: 800px) 100vw, 800px\" \/><\/a><p id=\"caption-attachment-27914\" class=\"wp-caption-text\">Arbeitszimmer des Hofkaplans<\/p><\/div>\n<div id=\"attachment_27915\" style=\"width: 810px\" class=\"wp-caption alignnone\"><a href=\"https:\/\/olu-limburg.de\/wp-content\/uploads\/2022\/11\/P1100177_ergebnis.jpg\"><img loading=\"lazy\" decoding=\"async\" aria-describedby=\"caption-attachment-27915\" class=\"wp-image-27915 size-full\" src=\"https:\/\/olu-limburg.de\/wp-content\/uploads\/2022\/11\/P1100177_ergebnis.jpg\" alt=\"\" width=\"800\" height=\"600\" srcset=\"https:\/\/olu-limburg.de\/wp-content\/uploads\/2022\/11\/P1100177_ergebnis.jpg 800w, https:\/\/olu-limburg.de\/wp-content\/uploads\/2022\/11\/P1100177_ergebnis-300x225.jpg 300w, https:\/\/olu-limburg.de\/wp-content\/uploads\/2022\/11\/P1100177_ergebnis-768x576.jpg 768w, https:\/\/olu-limburg.de\/wp-content\/uploads\/2022\/11\/P1100177_ergebnis-624x468.jpg 624w\" sizes=\"auto, (max-width: 800px) 100vw, 800px\" \/><\/a><p id=\"caption-attachment-27915\" class=\"wp-caption-text\">gotischer Wohnraum<\/p><\/div>\n<p>Annette von Droste-H\u00fclshoff hatte hier liebevollen Familienanschluss und konnte sich trotz ihrer angegriffenen Gesundheit etwas mehr schonen, und ihrem literarischen Wirken, aber auch der Komposition nachgehen. Sie starb hier auf Burg Meersburg am 28. Mai 1848 an einer\u00a0 Lungenentz\u00fcndung.<\/p>\n<div id=\"attachment_27920\" style=\"width: 460px\" class=\"wp-caption alignnone\"><a href=\"https:\/\/olu-limburg.de\/wp-content\/uploads\/2022\/11\/P1100193_ergebnis-e1669135374774.jpg\"><img loading=\"lazy\" decoding=\"async\" aria-describedby=\"caption-attachment-27920\" class=\"wp-image-27920 size-full\" src=\"https:\/\/olu-limburg.de\/wp-content\/uploads\/2022\/11\/P1100193_ergebnis-e1669135374774.jpg\" alt=\"\" width=\"450\" height=\"600\" srcset=\"https:\/\/olu-limburg.de\/wp-content\/uploads\/2022\/11\/P1100193_ergebnis-e1669135374774.jpg 450w, https:\/\/olu-limburg.de\/wp-content\/uploads\/2022\/11\/P1100193_ergebnis-e1669135374774-225x300.jpg 225w\" sizes=\"auto, (max-width: 450px) 100vw, 450px\" \/><\/a><p id=\"caption-attachment-27920\" class=\"wp-caption-text\">Wohnraum und Sterbezimmer<\/p><\/div>\n<p><a href=\"https:\/\/olu-limburg.de\/wp-content\/uploads\/2022\/11\/P1100196_ergebnis-e1669135392281.jpg\"><img loading=\"lazy\" decoding=\"async\" class=\"alignnone size-full wp-image-27921\" src=\"https:\/\/olu-limburg.de\/wp-content\/uploads\/2022\/11\/P1100196_ergebnis-e1669135392281.jpg\" alt=\"\" width=\"450\" height=\"600\" srcset=\"https:\/\/olu-limburg.de\/wp-content\/uploads\/2022\/11\/P1100196_ergebnis-e1669135392281.jpg 450w, https:\/\/olu-limburg.de\/wp-content\/uploads\/2022\/11\/P1100196_ergebnis-e1669135392281-225x300.jpg 225w\" sizes=\"auto, (max-width: 450px) 100vw, 450px\" \/><\/a><\/p>\n<div id=\"attachment_27922\" style=\"width: 810px\" class=\"wp-caption alignnone\"><a href=\"https:\/\/olu-limburg.de\/wp-content\/uploads\/2022\/11\/P1100201_ergebnis.jpg\"><img loading=\"lazy\" decoding=\"async\" aria-describedby=\"caption-attachment-27922\" class=\"wp-image-27922 size-full\" src=\"https:\/\/olu-limburg.de\/wp-content\/uploads\/2022\/11\/P1100201_ergebnis.jpg\" alt=\"\" width=\"800\" height=\"600\" srcset=\"https:\/\/olu-limburg.de\/wp-content\/uploads\/2022\/11\/P1100201_ergebnis.jpg 800w, https:\/\/olu-limburg.de\/wp-content\/uploads\/2022\/11\/P1100201_ergebnis-300x225.jpg 300w, https:\/\/olu-limburg.de\/wp-content\/uploads\/2022\/11\/P1100201_ergebnis-768x576.jpg 768w, https:\/\/olu-limburg.de\/wp-content\/uploads\/2022\/11\/P1100201_ergebnis-624x468.jpg 624w\" sizes=\"auto, (max-width: 800px) 100vw, 800px\" \/><\/a><p id=\"caption-attachment-27922\" class=\"wp-caption-text\">Arbeitszimmer im Turm<\/p><\/div>\n<p><a href=\"https:\/\/olu-limburg.de\/wp-content\/uploads\/2022\/11\/P1100202_ergebnis-e1669135432832.jpg\"><img loading=\"lazy\" decoding=\"async\" class=\"alignnone size-full wp-image-27923\" src=\"https:\/\/olu-limburg.de\/wp-content\/uploads\/2022\/11\/P1100202_ergebnis-e1669135432832.jpg\" alt=\"\" width=\"450\" height=\"600\" srcset=\"https:\/\/olu-limburg.de\/wp-content\/uploads\/2022\/11\/P1100202_ergebnis-e1669135432832.jpg 450w, https:\/\/olu-limburg.de\/wp-content\/uploads\/2022\/11\/P1100202_ergebnis-e1669135432832-225x300.jpg 225w\" sizes=\"auto, (max-width: 450px) 100vw, 450px\" \/><\/a><\/p>\n<p>Einige Wirtschaftsr\u00e4ume und die mittelalterliche Burgkapelle<\/p>\n<p><a href=\"https:\/\/olu-limburg.de\/wp-content\/uploads\/2022\/11\/P1100203_ergebnis.jpg\"><img loading=\"lazy\" decoding=\"async\" class=\"alignnone size-full wp-image-27925\" src=\"https:\/\/olu-limburg.de\/wp-content\/uploads\/2022\/11\/P1100203_ergebnis.jpg\" alt=\"\" width=\"800\" height=\"600\" srcset=\"https:\/\/olu-limburg.de\/wp-content\/uploads\/2022\/11\/P1100203_ergebnis.jpg 800w, https:\/\/olu-limburg.de\/wp-content\/uploads\/2022\/11\/P1100203_ergebnis-300x225.jpg 300w, https:\/\/olu-limburg.de\/wp-content\/uploads\/2022\/11\/P1100203_ergebnis-768x576.jpg 768w, https:\/\/olu-limburg.de\/wp-content\/uploads\/2022\/11\/P1100203_ergebnis-624x468.jpg 624w\" sizes=\"auto, (max-width: 800px) 100vw, 800px\" \/><\/a><\/p>\n<p><a href=\"https:\/\/olu-limburg.de\/wp-content\/uploads\/2022\/11\/P1100206_ergebnis.jpg\"><img loading=\"lazy\" decoding=\"async\" class=\"alignnone size-full wp-image-27926\" src=\"https:\/\/olu-limburg.de\/wp-content\/uploads\/2022\/11\/P1100206_ergebnis.jpg\" alt=\"\" width=\"800\" height=\"600\" srcset=\"https:\/\/olu-limburg.de\/wp-content\/uploads\/2022\/11\/P1100206_ergebnis.jpg 800w, https:\/\/olu-limburg.de\/wp-content\/uploads\/2022\/11\/P1100206_ergebnis-300x225.jpg 300w, https:\/\/olu-limburg.de\/wp-content\/uploads\/2022\/11\/P1100206_ergebnis-768x576.jpg 768w, https:\/\/olu-limburg.de\/wp-content\/uploads\/2022\/11\/P1100206_ergebnis-624x468.jpg 624w\" sizes=\"auto, (max-width: 800px) 100vw, 800px\" \/><\/a><\/p>\n<p><a href=\"https:\/\/olu-limburg.de\/wp-content\/uploads\/2022\/11\/P1100207_ergebnis.jpg\"><img loading=\"lazy\" decoding=\"async\" class=\"alignnone size-full wp-image-27927\" src=\"https:\/\/olu-limburg.de\/wp-content\/uploads\/2022\/11\/P1100207_ergebnis.jpg\" alt=\"\" width=\"800\" height=\"600\" srcset=\"https:\/\/olu-limburg.de\/wp-content\/uploads\/2022\/11\/P1100207_ergebnis.jpg 800w, https:\/\/olu-limburg.de\/wp-content\/uploads\/2022\/11\/P1100207_ergebnis-300x225.jpg 300w, https:\/\/olu-limburg.de\/wp-content\/uploads\/2022\/11\/P1100207_ergebnis-768x576.jpg 768w, https:\/\/olu-limburg.de\/wp-content\/uploads\/2022\/11\/P1100207_ergebnis-624x468.jpg 624w\" sizes=\"auto, (max-width: 800px) 100vw, 800px\" \/><\/a><\/p>\n<p><a href=\"https:\/\/olu-limburg.de\/wp-content\/uploads\/2022\/11\/P1100212_ergebnis.jpg\"><img loading=\"lazy\" decoding=\"async\" class=\"alignnone size-full wp-image-27928\" src=\"https:\/\/olu-limburg.de\/wp-content\/uploads\/2022\/11\/P1100212_ergebnis.jpg\" alt=\"\" width=\"800\" height=\"600\" srcset=\"https:\/\/olu-limburg.de\/wp-content\/uploads\/2022\/11\/P1100212_ergebnis.jpg 800w, https:\/\/olu-limburg.de\/wp-content\/uploads\/2022\/11\/P1100212_ergebnis-300x225.jpg 300w, https:\/\/olu-limburg.de\/wp-content\/uploads\/2022\/11\/P1100212_ergebnis-768x576.jpg 768w, https:\/\/olu-limburg.de\/wp-content\/uploads\/2022\/11\/P1100212_ergebnis-624x468.jpg 624w\" sizes=\"auto, (max-width: 800px) 100vw, 800px\" \/><\/a><\/p>\n<p><a href=\"https:\/\/olu-limburg.de\/wp-content\/uploads\/2022\/11\/P1100213_ergebnis-e1669135867399.jpg\"><img loading=\"lazy\" decoding=\"async\" class=\"alignnone size-full wp-image-27929\" src=\"https:\/\/olu-limburg.de\/wp-content\/uploads\/2022\/11\/P1100213_ergebnis-e1669135867399.jpg\" alt=\"\" width=\"450\" height=\"600\" srcset=\"https:\/\/olu-limburg.de\/wp-content\/uploads\/2022\/11\/P1100213_ergebnis-e1669135867399.jpg 450w, https:\/\/olu-limburg.de\/wp-content\/uploads\/2022\/11\/P1100213_ergebnis-e1669135867399-225x300.jpg 225w\" sizes=\"auto, (max-width: 450px) 100vw, 450px\" \/><\/a><\/p>\n<p>Mit einem kurzen Blick zur\u00fcck verlassen wir die Burg, gehen in die Unterstadt und kehren in der Winzerstube ein, um uns f\u00fcr den Rest des Tages zu st\u00e4rken.<\/p>\n<p><a href=\"https:\/\/olu-limburg.de\/wp-content\/uploads\/2022\/11\/P1100223_ergebnis.jpg\"><img loading=\"lazy\" decoding=\"async\" class=\"alignnone size-full wp-image-27932\" src=\"https:\/\/olu-limburg.de\/wp-content\/uploads\/2022\/11\/P1100223_ergebnis.jpg\" alt=\"\" width=\"800\" height=\"600\" srcset=\"https:\/\/olu-limburg.de\/wp-content\/uploads\/2022\/11\/P1100223_ergebnis.jpg 800w, https:\/\/olu-limburg.de\/wp-content\/uploads\/2022\/11\/P1100223_ergebnis-300x225.jpg 300w, https:\/\/olu-limburg.de\/wp-content\/uploads\/2022\/11\/P1100223_ergebnis-768x576.jpg 768w, https:\/\/olu-limburg.de\/wp-content\/uploads\/2022\/11\/P1100223_ergebnis-624x468.jpg 624w\" sizes=\"auto, (max-width: 800px) 100vw, 800px\" \/><\/a><\/p>\n<p><a href=\"https:\/\/olu-limburg.de\/wp-content\/uploads\/2022\/11\/20220821_115651_ergebnis.jpg\"><img loading=\"lazy\" decoding=\"async\" class=\"alignnone size-full wp-image-27934\" src=\"https:\/\/olu-limburg.de\/wp-content\/uploads\/2022\/11\/20220821_115651_ergebnis.jpg\" alt=\"\" width=\"800\" height=\"600\" srcset=\"https:\/\/olu-limburg.de\/wp-content\/uploads\/2022\/11\/20220821_115651_ergebnis.jpg 800w, https:\/\/olu-limburg.de\/wp-content\/uploads\/2022\/11\/20220821_115651_ergebnis-300x225.jpg 300w, https:\/\/olu-limburg.de\/wp-content\/uploads\/2022\/11\/20220821_115651_ergebnis-768x576.jpg 768w, https:\/\/olu-limburg.de\/wp-content\/uploads\/2022\/11\/20220821_115651_ergebnis-624x468.jpg 624w\" sizes=\"auto, (max-width: 800px) 100vw, 800px\" \/><\/a><\/p>\n<p><a href=\"https:\/\/olu-limburg.de\/wp-content\/uploads\/2022\/11\/IMG_20220821_115642_ergebnis.jpg\"><img loading=\"lazy\" decoding=\"async\" class=\"alignnone size-full wp-image-27931\" src=\"https:\/\/olu-limburg.de\/wp-content\/uploads\/2022\/11\/IMG_20220821_115642_ergebnis.jpg\" alt=\"\" width=\"800\" height=\"600\" srcset=\"https:\/\/olu-limburg.de\/wp-content\/uploads\/2022\/11\/IMG_20220821_115642_ergebnis.jpg 800w, https:\/\/olu-limburg.de\/wp-content\/uploads\/2022\/11\/IMG_20220821_115642_ergebnis-300x225.jpg 300w, https:\/\/olu-limburg.de\/wp-content\/uploads\/2022\/11\/IMG_20220821_115642_ergebnis-768x576.jpg 768w, https:\/\/olu-limburg.de\/wp-content\/uploads\/2022\/11\/IMG_20220821_115642_ergebnis-624x468.jpg 624w\" sizes=\"auto, (max-width: 800px) 100vw, 800px\" \/><\/a><\/p>\n<p>Danach fahren wir ein St\u00fcck am See entlang in Richtung Bregenz. Dabei reihen wir uns in den Sonntagsr\u00fcckreiseverkehr ein, bevor wir endlich auf die Autobahn k\u00f6nnen. Diese ist noch bis Bregenz ohne Pickerl zu befahren. Bl\u00f6dsinnigerweise habe ich noch in Deutschland getankt, da ich von unserm Juniurlaub in \u00d6sterreich noch die teureren Preise in \u00d6sterreich im Kopf hatte. Jetzt liegen die Dieselpreise weit unter dem Preis von Deutschland.<\/p>\n<p>Auf dem &#8222;Camping Weiss&#8220; in Bregenz ist nichts mehr von den Unwettern am Donnerstag zu sehen. Wir ruhen uns noch etwas aus, bevor wir mit dem Bus zu der Seeb\u00fchne fahren.<\/p>\n<p>Wir sind fr\u00fch genug um uns noch im Au\u00dfenbereich mit einem Getr\u00e4nk zu erfrischen, und die richtige Opernfestivalstimmung aufkommen zu lassen.<\/p>\n<p><a href=\"https:\/\/olu-limburg.de\/wp-content\/uploads\/2022\/11\/IMG_20220821_201249_ergebnis.jpg\"><img loading=\"lazy\" decoding=\"async\" class=\"alignnone size-full wp-image-27938\" src=\"https:\/\/olu-limburg.de\/wp-content\/uploads\/2022\/11\/IMG_20220821_201249_ergebnis.jpg\" alt=\"\" width=\"800\" height=\"600\" srcset=\"https:\/\/olu-limburg.de\/wp-content\/uploads\/2022\/11\/IMG_20220821_201249_ergebnis.jpg 800w, https:\/\/olu-limburg.de\/wp-content\/uploads\/2022\/11\/IMG_20220821_201249_ergebnis-300x225.jpg 300w, https:\/\/olu-limburg.de\/wp-content\/uploads\/2022\/11\/IMG_20220821_201249_ergebnis-768x576.jpg 768w, https:\/\/olu-limburg.de\/wp-content\/uploads\/2022\/11\/IMG_20220821_201249_ergebnis-624x468.jpg 624w\" sizes=\"auto, (max-width: 800px) 100vw, 800px\" \/><\/a><\/p>\n<p><a href=\"https:\/\/olu-limburg.de\/wp-content\/uploads\/2022\/11\/IMG_20220821_193330_ergebnis.jpg\"><img loading=\"lazy\" decoding=\"async\" class=\"alignnone size-full wp-image-27937\" src=\"https:\/\/olu-limburg.de\/wp-content\/uploads\/2022\/11\/IMG_20220821_193330_ergebnis.jpg\" alt=\"\" width=\"800\" height=\"600\" srcset=\"https:\/\/olu-limburg.de\/wp-content\/uploads\/2022\/11\/IMG_20220821_193330_ergebnis.jpg 800w, https:\/\/olu-limburg.de\/wp-content\/uploads\/2022\/11\/IMG_20220821_193330_ergebnis-300x225.jpg 300w, https:\/\/olu-limburg.de\/wp-content\/uploads\/2022\/11\/IMG_20220821_193330_ergebnis-768x576.jpg 768w, https:\/\/olu-limburg.de\/wp-content\/uploads\/2022\/11\/IMG_20220821_193330_ergebnis-624x468.jpg 624w\" sizes=\"auto, (max-width: 800px) 100vw, 800px\" \/><\/a><\/p>\n<div id=\"attachment_27939\" style=\"width: 810px\" class=\"wp-caption alignnone\"><a href=\"https:\/\/olu-limburg.de\/wp-content\/uploads\/2022\/11\/IMG_20220821_202216_ergebnis.jpg\"><img loading=\"lazy\" decoding=\"async\" aria-describedby=\"caption-attachment-27939\" class=\"wp-image-27939 size-full\" src=\"https:\/\/olu-limburg.de\/wp-content\/uploads\/2022\/11\/IMG_20220821_202216_ergebnis.jpg\" alt=\"\" width=\"800\" height=\"600\" srcset=\"https:\/\/olu-limburg.de\/wp-content\/uploads\/2022\/11\/IMG_20220821_202216_ergebnis.jpg 800w, https:\/\/olu-limburg.de\/wp-content\/uploads\/2022\/11\/IMG_20220821_202216_ergebnis-300x225.jpg 300w, https:\/\/olu-limburg.de\/wp-content\/uploads\/2022\/11\/IMG_20220821_202216_ergebnis-768x576.jpg 768w, https:\/\/olu-limburg.de\/wp-content\/uploads\/2022\/11\/IMG_20220821_202216_ergebnis-624x468.jpg 624w\" sizes=\"auto, (max-width: 800px) 100vw, 800px\" \/><\/a><p id=\"caption-attachment-27939\" class=\"wp-caption-text\">Der Konzertsaal wohin das Orchester ausgelagert ist.<\/p><\/div>\n<p>Ich habe wieder ganz vorne Pl\u00e4tze buchen k\u00f6nnen, um ganz nah dabei zu sein. Vor der eigentlichen Auff\u00fchrung darf man noch fotografieren.<\/p>\n<p><a href=\"https:\/\/olu-limburg.de\/wp-content\/uploads\/2022\/11\/IMG_20220821_202323_ergebnis.jpg\"><img loading=\"lazy\" decoding=\"async\" class=\"alignnone size-full wp-image-27940\" src=\"https:\/\/olu-limburg.de\/wp-content\/uploads\/2022\/11\/IMG_20220821_202323_ergebnis.jpg\" alt=\"\" width=\"800\" height=\"600\" srcset=\"https:\/\/olu-limburg.de\/wp-content\/uploads\/2022\/11\/IMG_20220821_202323_ergebnis.jpg 800w, https:\/\/olu-limburg.de\/wp-content\/uploads\/2022\/11\/IMG_20220821_202323_ergebnis-300x225.jpg 300w, https:\/\/olu-limburg.de\/wp-content\/uploads\/2022\/11\/IMG_20220821_202323_ergebnis-768x576.jpg 768w, https:\/\/olu-limburg.de\/wp-content\/uploads\/2022\/11\/IMG_20220821_202323_ergebnis-624x468.jpg 624w\" sizes=\"auto, (max-width: 800px) 100vw, 800px\" \/><\/a><\/p>\n<p><a href=\"https:\/\/olu-limburg.de\/wp-content\/uploads\/2022\/11\/IMG_20220821_202531_ergebnis.jpg\"><img loading=\"lazy\" decoding=\"async\" class=\"alignnone size-full wp-image-27941\" src=\"https:\/\/olu-limburg.de\/wp-content\/uploads\/2022\/11\/IMG_20220821_202531_ergebnis.jpg\" alt=\"\" width=\"800\" height=\"600\" srcset=\"https:\/\/olu-limburg.de\/wp-content\/uploads\/2022\/11\/IMG_20220821_202531_ergebnis.jpg 800w, https:\/\/olu-limburg.de\/wp-content\/uploads\/2022\/11\/IMG_20220821_202531_ergebnis-300x225.jpg 300w, https:\/\/olu-limburg.de\/wp-content\/uploads\/2022\/11\/IMG_20220821_202531_ergebnis-768x576.jpg 768w, https:\/\/olu-limburg.de\/wp-content\/uploads\/2022\/11\/IMG_20220821_202531_ergebnis-624x468.jpg 624w\" sizes=\"auto, (max-width: 800px) 100vw, 800px\" \/><\/a><\/p>\n<p><a href=\"https:\/\/olu-limburg.de\/wp-content\/uploads\/2022\/11\/IMG_20220821_203535_ergebnis.jpg\"><img loading=\"lazy\" decoding=\"async\" class=\"alignnone size-full wp-image-27942\" src=\"https:\/\/olu-limburg.de\/wp-content\/uploads\/2022\/11\/IMG_20220821_203535_ergebnis.jpg\" alt=\"\" width=\"800\" height=\"600\" srcset=\"https:\/\/olu-limburg.de\/wp-content\/uploads\/2022\/11\/IMG_20220821_203535_ergebnis.jpg 800w, https:\/\/olu-limburg.de\/wp-content\/uploads\/2022\/11\/IMG_20220821_203535_ergebnis-300x225.jpg 300w, https:\/\/olu-limburg.de\/wp-content\/uploads\/2022\/11\/IMG_20220821_203535_ergebnis-768x576.jpg 768w, https:\/\/olu-limburg.de\/wp-content\/uploads\/2022\/11\/IMG_20220821_203535_ergebnis-624x468.jpg 624w\" sizes=\"auto, (max-width: 800px) 100vw, 800px\" \/><\/a><\/p>\n<p><a href=\"https:\/\/olu-limburg.de\/wp-content\/uploads\/2022\/11\/IMG_20220821_204602_ergebnis.jpg\"><img loading=\"lazy\" decoding=\"async\" class=\"alignnone size-full wp-image-27943\" src=\"https:\/\/olu-limburg.de\/wp-content\/uploads\/2022\/11\/IMG_20220821_204602_ergebnis.jpg\" alt=\"\" width=\"800\" height=\"600\" srcset=\"https:\/\/olu-limburg.de\/wp-content\/uploads\/2022\/11\/IMG_20220821_204602_ergebnis.jpg 800w, https:\/\/olu-limburg.de\/wp-content\/uploads\/2022\/11\/IMG_20220821_204602_ergebnis-300x225.jpg 300w, https:\/\/olu-limburg.de\/wp-content\/uploads\/2022\/11\/IMG_20220821_204602_ergebnis-768x576.jpg 768w, https:\/\/olu-limburg.de\/wp-content\/uploads\/2022\/11\/IMG_20220821_204602_ergebnis-624x468.jpg 624w\" sizes=\"auto, (max-width: 800px) 100vw, 800px\" \/><\/a><\/p>\n<p><a href=\"https:\/\/olu-limburg.de\/wp-content\/uploads\/2022\/11\/IMG_20220821_204908_ergebnis.jpg\"><img loading=\"lazy\" decoding=\"async\" class=\"alignnone size-full wp-image-27944\" src=\"https:\/\/olu-limburg.de\/wp-content\/uploads\/2022\/11\/IMG_20220821_204908_ergebnis.jpg\" alt=\"\" width=\"800\" height=\"600\" srcset=\"https:\/\/olu-limburg.de\/wp-content\/uploads\/2022\/11\/IMG_20220821_204908_ergebnis.jpg 800w, https:\/\/olu-limburg.de\/wp-content\/uploads\/2022\/11\/IMG_20220821_204908_ergebnis-300x225.jpg 300w, https:\/\/olu-limburg.de\/wp-content\/uploads\/2022\/11\/IMG_20220821_204908_ergebnis-768x576.jpg 768w, https:\/\/olu-limburg.de\/wp-content\/uploads\/2022\/11\/IMG_20220821_204908_ergebnis-624x468.jpg 624w\" sizes=\"auto, (max-width: 800px) 100vw, 800px\" \/><\/a><\/p>\n<p><a href=\"https:\/\/olu-limburg.de\/wp-content\/uploads\/2022\/11\/IMG_20220821_204955_ergebnis.jpg\"><img loading=\"lazy\" decoding=\"async\" class=\"alignnone size-full wp-image-27945\" src=\"https:\/\/olu-limburg.de\/wp-content\/uploads\/2022\/11\/IMG_20220821_204955_ergebnis.jpg\" alt=\"\" width=\"800\" height=\"600\" srcset=\"https:\/\/olu-limburg.de\/wp-content\/uploads\/2022\/11\/IMG_20220821_204955_ergebnis.jpg 800w, https:\/\/olu-limburg.de\/wp-content\/uploads\/2022\/11\/IMG_20220821_204955_ergebnis-300x225.jpg 300w, https:\/\/olu-limburg.de\/wp-content\/uploads\/2022\/11\/IMG_20220821_204955_ergebnis-768x576.jpg 768w, https:\/\/olu-limburg.de\/wp-content\/uploads\/2022\/11\/IMG_20220821_204955_ergebnis-624x468.jpg 624w\" sizes=\"auto, (max-width: 800px) 100vw, 800px\" \/><\/a><\/p>\n<p>W\u00e4hrend der Oper genie\u00dfen wir die Musik von Giacomo Puccini und das einfache aber aussagekr\u00e4ftige B\u00fchnenbild der &#8222;Madame Butterfly&#8220;. Wir sind begeistert von der Auff\u00fchrung.<\/p>\n<p>Zum Schlussapplaus kommen nicht nur die Darsteller auf die B\u00fchne, sondern, da es f\u00fcr dieses Jahr die letzte Vorstellung ist, auch die gesamte Crew.<\/p>\n<p><a href=\"https:\/\/olu-limburg.de\/wp-content\/uploads\/2022\/11\/IMG_20220821_231323_ergebnis.jpg\"><img loading=\"lazy\" decoding=\"async\" class=\"alignnone size-full wp-image-27947\" src=\"https:\/\/olu-limburg.de\/wp-content\/uploads\/2022\/11\/IMG_20220821_231323_ergebnis.jpg\" alt=\"\" width=\"800\" height=\"600\" srcset=\"https:\/\/olu-limburg.de\/wp-content\/uploads\/2022\/11\/IMG_20220821_231323_ergebnis.jpg 800w, https:\/\/olu-limburg.de\/wp-content\/uploads\/2022\/11\/IMG_20220821_231323_ergebnis-300x225.jpg 300w, https:\/\/olu-limburg.de\/wp-content\/uploads\/2022\/11\/IMG_20220821_231323_ergebnis-768x576.jpg 768w, https:\/\/olu-limburg.de\/wp-content\/uploads\/2022\/11\/IMG_20220821_231323_ergebnis-624x468.jpg 624w\" sizes=\"auto, (max-width: 800px) 100vw, 800px\" \/><\/a><\/p>\n<div id=\"attachment_27948\" style=\"width: 810px\" class=\"wp-caption alignnone\"><a href=\"https:\/\/olu-limburg.de\/wp-content\/uploads\/2022\/11\/IMG_20220821_231419_ergebnis.jpg\"><img loading=\"lazy\" decoding=\"async\" aria-describedby=\"caption-attachment-27948\" class=\"wp-image-27948 size-full\" src=\"https:\/\/olu-limburg.de\/wp-content\/uploads\/2022\/11\/IMG_20220821_231419_ergebnis.jpg\" alt=\"\" width=\"800\" height=\"600\" srcset=\"https:\/\/olu-limburg.de\/wp-content\/uploads\/2022\/11\/IMG_20220821_231419_ergebnis.jpg 800w, https:\/\/olu-limburg.de\/wp-content\/uploads\/2022\/11\/IMG_20220821_231419_ergebnis-300x225.jpg 300w, https:\/\/olu-limburg.de\/wp-content\/uploads\/2022\/11\/IMG_20220821_231419_ergebnis-768x576.jpg 768w, https:\/\/olu-limburg.de\/wp-content\/uploads\/2022\/11\/IMG_20220821_231419_ergebnis-624x468.jpg 624w\" sizes=\"auto, (max-width: 800px) 100vw, 800px\" \/><\/a><p id=\"caption-attachment-27948\" class=\"wp-caption-text\">In der Mitte der unteren Reihe ist auch die Dirigentin zu sehen.<\/p><\/div>\n<p><a href=\"https:\/\/olu-limburg.de\/wp-content\/uploads\/2022\/11\/IMG_20220821_231543_ergebnis.jpg\"><img loading=\"lazy\" decoding=\"async\" class=\"alignnone size-full wp-image-27949\" src=\"https:\/\/olu-limburg.de\/wp-content\/uploads\/2022\/11\/IMG_20220821_231543_ergebnis.jpg\" alt=\"\" width=\"800\" height=\"600\" srcset=\"https:\/\/olu-limburg.de\/wp-content\/uploads\/2022\/11\/IMG_20220821_231543_ergebnis.jpg 800w, https:\/\/olu-limburg.de\/wp-content\/uploads\/2022\/11\/IMG_20220821_231543_ergebnis-300x225.jpg 300w, https:\/\/olu-limburg.de\/wp-content\/uploads\/2022\/11\/IMG_20220821_231543_ergebnis-768x576.jpg 768w, https:\/\/olu-limburg.de\/wp-content\/uploads\/2022\/11\/IMG_20220821_231543_ergebnis-624x468.jpg 624w\" sizes=\"auto, (max-width: 800px) 100vw, 800px\" \/><\/a><\/p>\n<p><a href=\"https:\/\/olu-limburg.de\/wp-content\/uploads\/2022\/11\/IMG_20220821_231547_ergebnis.jpg\"><img loading=\"lazy\" decoding=\"async\" class=\"alignnone size-full wp-image-27950\" src=\"https:\/\/olu-limburg.de\/wp-content\/uploads\/2022\/11\/IMG_20220821_231547_ergebnis.jpg\" alt=\"\" width=\"800\" height=\"600\" srcset=\"https:\/\/olu-limburg.de\/wp-content\/uploads\/2022\/11\/IMG_20220821_231547_ergebnis.jpg 800w, https:\/\/olu-limburg.de\/wp-content\/uploads\/2022\/11\/IMG_20220821_231547_ergebnis-300x225.jpg 300w, https:\/\/olu-limburg.de\/wp-content\/uploads\/2022\/11\/IMG_20220821_231547_ergebnis-768x576.jpg 768w, https:\/\/olu-limburg.de\/wp-content\/uploads\/2022\/11\/IMG_20220821_231547_ergebnis-624x468.jpg 624w\" sizes=\"auto, (max-width: 800px) 100vw, 800px\" \/><\/a><\/p>\n<p><a href=\"https:\/\/olu-limburg.de\/wp-content\/uploads\/2022\/11\/IMG_20220821_231637_ergebnis.jpg\"><img loading=\"lazy\" decoding=\"async\" class=\"alignnone size-full wp-image-27951\" src=\"https:\/\/olu-limburg.de\/wp-content\/uploads\/2022\/11\/IMG_20220821_231637_ergebnis.jpg\" alt=\"\" width=\"800\" height=\"600\" srcset=\"https:\/\/olu-limburg.de\/wp-content\/uploads\/2022\/11\/IMG_20220821_231637_ergebnis.jpg 800w, https:\/\/olu-limburg.de\/wp-content\/uploads\/2022\/11\/IMG_20220821_231637_ergebnis-300x225.jpg 300w, https:\/\/olu-limburg.de\/wp-content\/uploads\/2022\/11\/IMG_20220821_231637_ergebnis-768x576.jpg 768w, https:\/\/olu-limburg.de\/wp-content\/uploads\/2022\/11\/IMG_20220821_231637_ergebnis-624x468.jpg 624w\" sizes=\"auto, (max-width: 800px) 100vw, 800px\" \/><\/a><\/p>\n<p>Die angestrebte Heimfahrt mit dem Pendelbus wird zu einem echten Krimi. Erst ist es gar nicht so einfach den Busbahnhof zu finden, dann in der Menschenmenge schnell genug dahin zu kommen, und die Nerven zu behalten bis ganz zum Schlu\u00df im Bus sitzen zu bleiben. Wir fahren n\u00e4mlich zuerst in die vollkommen falsche Richtung und laden fast s\u00e4mtliche G\u00e4ste in der Stadt vor den verschiedensten Hotels ab. Dann geht es gottseidank durch einige Vororte von Bregenz auf die Stra\u00dfe in Richtung unseres Campingplatzes, wo wir &#8222;direkt vor der Haust\u00fcr&#8220; ausgeladen werden.<\/p>\n<p>Tagesstrecke: 56 km<\/p>\n<p>&nbsp;<\/p>\n<p><strong>Montag, 22.08.2022<\/strong><\/p>\n<p>Heute fahren wir wieder in Richtung Norden. \u00dcber die A96 und A7 fahren wir bis Giengen und auf den dortigen neuen Wohnmobil-Stellplatz mit V+E (Geb\u00fchr EUR 6,00). Er liegt direkt an der Brenz und die Innenstadt ist in fu\u00dfl\u00e4ufiger Entfernung.<\/p>\n<p><a href=\"https:\/\/olu-limburg.de\/wp-content\/uploads\/2022\/11\/P1100253_ergebnis.jpg\"><img loading=\"lazy\" decoding=\"async\" class=\"size-full wp-image-27956 aligncenter\" src=\"https:\/\/olu-limburg.de\/wp-content\/uploads\/2022\/11\/P1100253_ergebnis.jpg\" alt=\"\" width=\"800\" height=\"600\" srcset=\"https:\/\/olu-limburg.de\/wp-content\/uploads\/2022\/11\/P1100253_ergebnis.jpg 800w, https:\/\/olu-limburg.de\/wp-content\/uploads\/2022\/11\/P1100253_ergebnis-300x225.jpg 300w, https:\/\/olu-limburg.de\/wp-content\/uploads\/2022\/11\/P1100253_ergebnis-768x576.jpg 768w, https:\/\/olu-limburg.de\/wp-content\/uploads\/2022\/11\/P1100253_ergebnis-624x468.jpg 624w\" sizes=\"auto, (max-width: 800px) 100vw, 800px\" \/><\/a><\/p>\n<p>Es sind mittlerweile fast Halbzwei, als wir unseren &#8222;Fu\u00dfmarsch&#8220; in die Stadt antreten. Es herrscht einiges an Leerstand, wie in vielen St\u00e4dten mittlerweile, und die einzige M\u00f6glichkeit f\u00fcr ein Mittagessen finden wir bei einem &#8222;Italiener&#8220;, was aber gut war.<\/p>\n<p><a href=\"https:\/\/olu-limburg.de\/wp-content\/uploads\/2022\/11\/20220822_135817_ergebnis.jpg\"><img loading=\"lazy\" decoding=\"async\" class=\"size-full wp-image-27953 aligncenter\" src=\"https:\/\/olu-limburg.de\/wp-content\/uploads\/2022\/11\/20220822_135817_ergebnis.jpg\" alt=\"\" width=\"800\" height=\"600\" srcset=\"https:\/\/olu-limburg.de\/wp-content\/uploads\/2022\/11\/20220822_135817_ergebnis.jpg 800w, https:\/\/olu-limburg.de\/wp-content\/uploads\/2022\/11\/20220822_135817_ergebnis-300x225.jpg 300w, https:\/\/olu-limburg.de\/wp-content\/uploads\/2022\/11\/20220822_135817_ergebnis-768x576.jpg 768w, https:\/\/olu-limburg.de\/wp-content\/uploads\/2022\/11\/20220822_135817_ergebnis-624x468.jpg 624w\" sizes=\"auto, (max-width: 800px) 100vw, 800px\" \/><\/a><\/p>\n<div id=\"attachment_27954\" style=\"width: 810px\" class=\"wp-caption aligncenter\"><a href=\"https:\/\/olu-limburg.de\/wp-content\/uploads\/2022\/11\/20220822_140924_ergebnis.jpg\"><img loading=\"lazy\" decoding=\"async\" aria-describedby=\"caption-attachment-27954\" class=\"wp-image-27954 size-full\" src=\"https:\/\/olu-limburg.de\/wp-content\/uploads\/2022\/11\/20220822_140924_ergebnis.jpg\" alt=\"\" width=\"800\" height=\"600\" srcset=\"https:\/\/olu-limburg.de\/wp-content\/uploads\/2022\/11\/20220822_140924_ergebnis.jpg 800w, https:\/\/olu-limburg.de\/wp-content\/uploads\/2022\/11\/20220822_140924_ergebnis-300x225.jpg 300w, https:\/\/olu-limburg.de\/wp-content\/uploads\/2022\/11\/20220822_140924_ergebnis-768x576.jpg 768w, https:\/\/olu-limburg.de\/wp-content\/uploads\/2022\/11\/20220822_140924_ergebnis-624x468.jpg 624w\" sizes=\"auto, (max-width: 800px) 100vw, 800px\" \/><\/a><p id=\"caption-attachment-27954\" class=\"wp-caption-text\">Lasagne<\/p><\/div>\n<div id=\"attachment_27955\" style=\"width: 810px\" class=\"wp-caption aligncenter\"><a href=\"https:\/\/olu-limburg.de\/wp-content\/uploads\/2022\/11\/IMG_20220822_141143_ergebnis.jpg\"><img loading=\"lazy\" decoding=\"async\" aria-describedby=\"caption-attachment-27955\" class=\"wp-image-27955 size-full\" src=\"https:\/\/olu-limburg.de\/wp-content\/uploads\/2022\/11\/IMG_20220822_141143_ergebnis.jpg\" alt=\"\" width=\"800\" height=\"600\" srcset=\"https:\/\/olu-limburg.de\/wp-content\/uploads\/2022\/11\/IMG_20220822_141143_ergebnis.jpg 800w, https:\/\/olu-limburg.de\/wp-content\/uploads\/2022\/11\/IMG_20220822_141143_ergebnis-300x225.jpg 300w, https:\/\/olu-limburg.de\/wp-content\/uploads\/2022\/11\/IMG_20220822_141143_ergebnis-768x576.jpg 768w, https:\/\/olu-limburg.de\/wp-content\/uploads\/2022\/11\/IMG_20220822_141143_ergebnis-624x468.jpg 624w\" sizes=\"auto, (max-width: 800px) 100vw, 800px\" \/><\/a><p id=\"caption-attachment-27955\" class=\"wp-caption-text\">Spaghetti Marinara<\/p><\/div>\n<p>Unser Grundbed\u00fcrfniss ist gestillt. F\u00fcr nichts anderes hatten wir einen Blick. Jetzt wird erst mal ausgeruht. Gegen 18.00 Uhr starten wir dann unsere Erkundungstour durch Giengen an der Brenz. Mittlerweile hat der &#8222;Grieche&#8220; in der Fu\u00dfg\u00e4ngerzone auch auf. Es ist voll. Wahrscheinlich w\u00e4ren wir zu einer Meseplatte und Retsina noch mal eingekehrt. Daf\u00fcr war er uns aber zu teuer. Das gibt es besser.<\/p>\n<div id=\"attachment_27960\" style=\"width: 810px\" class=\"wp-caption aligncenter\"><a href=\"https:\/\/olu-limburg.de\/wp-content\/uploads\/2022\/11\/IMG_20220822_180908_ergebnis.jpg\"><img loading=\"lazy\" decoding=\"async\" aria-describedby=\"caption-attachment-27960\" class=\"wp-image-27960 size-full\" src=\"https:\/\/olu-limburg.de\/wp-content\/uploads\/2022\/11\/IMG_20220822_180908_ergebnis.jpg\" alt=\"\" width=\"800\" height=\"600\" srcset=\"https:\/\/olu-limburg.de\/wp-content\/uploads\/2022\/11\/IMG_20220822_180908_ergebnis.jpg 800w, https:\/\/olu-limburg.de\/wp-content\/uploads\/2022\/11\/IMG_20220822_180908_ergebnis-300x225.jpg 300w, https:\/\/olu-limburg.de\/wp-content\/uploads\/2022\/11\/IMG_20220822_180908_ergebnis-768x576.jpg 768w, https:\/\/olu-limburg.de\/wp-content\/uploads\/2022\/11\/IMG_20220822_180908_ergebnis-624x468.jpg 624w\" sizes=\"auto, (max-width: 800px) 100vw, 800px\" \/><\/a><p id=\"caption-attachment-27960\" class=\"wp-caption-text\">Stadtmauer an der Brenz<\/p><\/div>\n<div id=\"attachment_27967\" style=\"width: 810px\" class=\"wp-caption aligncenter\"><a href=\"https:\/\/olu-limburg.de\/wp-content\/uploads\/2022\/11\/P1100229_ergebnis.jpg\"><img loading=\"lazy\" decoding=\"async\" aria-describedby=\"caption-attachment-27967\" class=\"wp-image-27967 size-full\" src=\"https:\/\/olu-limburg.de\/wp-content\/uploads\/2022\/11\/P1100229_ergebnis.jpg\" alt=\"\" width=\"800\" height=\"600\" srcset=\"https:\/\/olu-limburg.de\/wp-content\/uploads\/2022\/11\/P1100229_ergebnis.jpg 800w, https:\/\/olu-limburg.de\/wp-content\/uploads\/2022\/11\/P1100229_ergebnis-300x225.jpg 300w, https:\/\/olu-limburg.de\/wp-content\/uploads\/2022\/11\/P1100229_ergebnis-768x576.jpg 768w, https:\/\/olu-limburg.de\/wp-content\/uploads\/2022\/11\/P1100229_ergebnis-624x468.jpg 624w\" sizes=\"auto, (max-width: 800px) 100vw, 800px\" \/><\/a><p id=\"caption-attachment-27967\" class=\"wp-caption-text\">Skulpturenpark an der Stadtmauer<\/p><\/div>\n<div id=\"attachment_27961\" style=\"width: 810px\" class=\"wp-caption aligncenter\"><a href=\"https:\/\/olu-limburg.de\/wp-content\/uploads\/2022\/11\/IMG_20220822_181522_ergebnis.jpg\"><img loading=\"lazy\" decoding=\"async\" aria-describedby=\"caption-attachment-27961\" class=\"wp-image-27961 size-full\" src=\"https:\/\/olu-limburg.de\/wp-content\/uploads\/2022\/11\/IMG_20220822_181522_ergebnis.jpg\" alt=\"\" width=\"800\" height=\"600\" srcset=\"https:\/\/olu-limburg.de\/wp-content\/uploads\/2022\/11\/IMG_20220822_181522_ergebnis.jpg 800w, https:\/\/olu-limburg.de\/wp-content\/uploads\/2022\/11\/IMG_20220822_181522_ergebnis-300x225.jpg 300w, https:\/\/olu-limburg.de\/wp-content\/uploads\/2022\/11\/IMG_20220822_181522_ergebnis-768x576.jpg 768w, https:\/\/olu-limburg.de\/wp-content\/uploads\/2022\/11\/IMG_20220822_181522_ergebnis-624x468.jpg 624w\" sizes=\"auto, (max-width: 800px) 100vw, 800px\" \/><\/a><p id=\"caption-attachment-27961\" class=\"wp-caption-text\">sp\u00e4teres Wohnhaus der Familie Steiff<\/p><\/div>\n<p><a href=\"https:\/\/olu-limburg.de\/wp-content\/uploads\/2022\/11\/IMG_20220822_181913_ergebnis-e1669142205444.jpg\"><img loading=\"lazy\" decoding=\"async\" class=\"size-full wp-image-27962 aligncenter\" src=\"https:\/\/olu-limburg.de\/wp-content\/uploads\/2022\/11\/IMG_20220822_181913_ergebnis-e1669142205444.jpg\" alt=\"\" width=\"450\" height=\"600\" srcset=\"https:\/\/olu-limburg.de\/wp-content\/uploads\/2022\/11\/IMG_20220822_181913_ergebnis-e1669142205444.jpg 450w, https:\/\/olu-limburg.de\/wp-content\/uploads\/2022\/11\/IMG_20220822_181913_ergebnis-e1669142205444-225x300.jpg 225w\" sizes=\"auto, (max-width: 450px) 100vw, 450px\" \/><\/a><\/p>\n<div id=\"attachment_27968\" style=\"width: 810px\" class=\"wp-caption aligncenter\"><a href=\"https:\/\/olu-limburg.de\/wp-content\/uploads\/2022\/11\/P1100231_ergebnis.jpg\"><img loading=\"lazy\" decoding=\"async\" aria-describedby=\"caption-attachment-27968\" class=\"wp-image-27968 size-full\" src=\"https:\/\/olu-limburg.de\/wp-content\/uploads\/2022\/11\/P1100231_ergebnis.jpg\" alt=\"\" width=\"800\" height=\"600\" srcset=\"https:\/\/olu-limburg.de\/wp-content\/uploads\/2022\/11\/P1100231_ergebnis.jpg 800w, https:\/\/olu-limburg.de\/wp-content\/uploads\/2022\/11\/P1100231_ergebnis-300x225.jpg 300w, https:\/\/olu-limburg.de\/wp-content\/uploads\/2022\/11\/P1100231_ergebnis-768x576.jpg 768w, https:\/\/olu-limburg.de\/wp-content\/uploads\/2022\/11\/P1100231_ergebnis-624x468.jpg 624w\" sizes=\"auto, (max-width: 800px) 100vw, 800px\" \/><\/a><p id=\"caption-attachment-27968\" class=\"wp-caption-text\">Steiffwerk und Museum<\/p><\/div>\n<div id=\"attachment_27963\" style=\"width: 810px\" class=\"wp-caption aligncenter\"><a href=\"https:\/\/olu-limburg.de\/wp-content\/uploads\/2022\/11\/IMG_20220822_182110_ergebnis.jpg\"><img loading=\"lazy\" decoding=\"async\" aria-describedby=\"caption-attachment-27963\" class=\"wp-image-27963 size-full\" src=\"https:\/\/olu-limburg.de\/wp-content\/uploads\/2022\/11\/IMG_20220822_182110_ergebnis.jpg\" alt=\"\" width=\"800\" height=\"600\" srcset=\"https:\/\/olu-limburg.de\/wp-content\/uploads\/2022\/11\/IMG_20220822_182110_ergebnis.jpg 800w, https:\/\/olu-limburg.de\/wp-content\/uploads\/2022\/11\/IMG_20220822_182110_ergebnis-300x225.jpg 300w, https:\/\/olu-limburg.de\/wp-content\/uploads\/2022\/11\/IMG_20220822_182110_ergebnis-768x576.jpg 768w, https:\/\/olu-limburg.de\/wp-content\/uploads\/2022\/11\/IMG_20220822_182110_ergebnis-624x468.jpg 624w\" sizes=\"auto, (max-width: 800px) 100vw, 800px\" \/><\/a><p id=\"caption-attachment-27963\" class=\"wp-caption-text\">Steiffmuseum<\/p><\/div>\n<p><a href=\"https:\/\/olu-limburg.de\/wp-content\/uploads\/2022\/11\/IMG_20220822_182302_ergebnis.jpg\"><img loading=\"lazy\" decoding=\"async\" class=\"size-full wp-image-27964 aligncenter\" src=\"https:\/\/olu-limburg.de\/wp-content\/uploads\/2022\/11\/IMG_20220822_182302_ergebnis.jpg\" alt=\"\" width=\"800\" height=\"600\" srcset=\"https:\/\/olu-limburg.de\/wp-content\/uploads\/2022\/11\/IMG_20220822_182302_ergebnis.jpg 800w, https:\/\/olu-limburg.de\/wp-content\/uploads\/2022\/11\/IMG_20220822_182302_ergebnis-300x225.jpg 300w, https:\/\/olu-limburg.de\/wp-content\/uploads\/2022\/11\/IMG_20220822_182302_ergebnis-768x576.jpg 768w, https:\/\/olu-limburg.de\/wp-content\/uploads\/2022\/11\/IMG_20220822_182302_ergebnis-624x468.jpg 624w\" sizes=\"auto, (max-width: 800px) 100vw, 800px\" \/><\/a><\/p>\n<p><a href=\"https:\/\/olu-limburg.de\/wp-content\/uploads\/2022\/11\/20220822_182327_ergebnis.jpg\"><img loading=\"lazy\" decoding=\"async\" class=\"size-full wp-image-27958 aligncenter\" src=\"https:\/\/olu-limburg.de\/wp-content\/uploads\/2022\/11\/20220822_182327_ergebnis.jpg\" alt=\"\" width=\"800\" height=\"600\" srcset=\"https:\/\/olu-limburg.de\/wp-content\/uploads\/2022\/11\/20220822_182327_ergebnis.jpg 800w, https:\/\/olu-limburg.de\/wp-content\/uploads\/2022\/11\/20220822_182327_ergebnis-300x225.jpg 300w, https:\/\/olu-limburg.de\/wp-content\/uploads\/2022\/11\/20220822_182327_ergebnis-768x576.jpg 768w, https:\/\/olu-limburg.de\/wp-content\/uploads\/2022\/11\/20220822_182327_ergebnis-624x468.jpg 624w\" sizes=\"auto, (max-width: 800px) 100vw, 800px\" \/><\/a><\/p>\n<p><a href=\"https:\/\/olu-limburg.de\/wp-content\/uploads\/2022\/11\/P1100233_ergebnis.jpg\"><img loading=\"lazy\" decoding=\"async\" class=\"size-full wp-image-27969 aligncenter\" src=\"https:\/\/olu-limburg.de\/wp-content\/uploads\/2022\/11\/P1100233_ergebnis.jpg\" alt=\"\" width=\"800\" height=\"600\" srcset=\"https:\/\/olu-limburg.de\/wp-content\/uploads\/2022\/11\/P1100233_ergebnis.jpg 800w, https:\/\/olu-limburg.de\/wp-content\/uploads\/2022\/11\/P1100233_ergebnis-300x225.jpg 300w, https:\/\/olu-limburg.de\/wp-content\/uploads\/2022\/11\/P1100233_ergebnis-768x576.jpg 768w, https:\/\/olu-limburg.de\/wp-content\/uploads\/2022\/11\/P1100233_ergebnis-624x468.jpg 624w\" sizes=\"auto, (max-width: 800px) 100vw, 800px\" \/><\/a><\/p>\n<p><a href=\"https:\/\/olu-limburg.de\/wp-content\/uploads\/2022\/11\/P1100234_ergebnis.jpg\"><img loading=\"lazy\" decoding=\"async\" class=\"size-full wp-image-27970 aligncenter\" src=\"https:\/\/olu-limburg.de\/wp-content\/uploads\/2022\/11\/P1100234_ergebnis.jpg\" alt=\"\" width=\"800\" height=\"600\" srcset=\"https:\/\/olu-limburg.de\/wp-content\/uploads\/2022\/11\/P1100234_ergebnis.jpg 800w, https:\/\/olu-limburg.de\/wp-content\/uploads\/2022\/11\/P1100234_ergebnis-300x225.jpg 300w, https:\/\/olu-limburg.de\/wp-content\/uploads\/2022\/11\/P1100234_ergebnis-768x576.jpg 768w, https:\/\/olu-limburg.de\/wp-content\/uploads\/2022\/11\/P1100234_ergebnis-624x468.jpg 624w\" sizes=\"auto, (max-width: 800px) 100vw, 800px\" \/><\/a><\/p>\n<p><a href=\"https:\/\/olu-limburg.de\/wp-content\/uploads\/2022\/11\/P1100236_ergebnis-e1669142305730.jpg\"><img loading=\"lazy\" decoding=\"async\" class=\"size-full wp-image-27971 aligncenter\" src=\"https:\/\/olu-limburg.de\/wp-content\/uploads\/2022\/11\/P1100236_ergebnis-e1669142305730.jpg\" alt=\"\" width=\"450\" height=\"600\" srcset=\"https:\/\/olu-limburg.de\/wp-content\/uploads\/2022\/11\/P1100236_ergebnis-e1669142305730.jpg 450w, https:\/\/olu-limburg.de\/wp-content\/uploads\/2022\/11\/P1100236_ergebnis-e1669142305730-225x300.jpg 225w\" sizes=\"auto, (max-width: 450px) 100vw, 450px\" \/><\/a><\/p>\n<div id=\"attachment_27972\" style=\"width: 810px\" class=\"wp-caption aligncenter\"><a href=\"https:\/\/olu-limburg.de\/wp-content\/uploads\/2022\/11\/P1100239_ergebnis.jpg\"><img loading=\"lazy\" decoding=\"async\" aria-describedby=\"caption-attachment-27972\" class=\"wp-image-27972 size-full\" src=\"https:\/\/olu-limburg.de\/wp-content\/uploads\/2022\/11\/P1100239_ergebnis.jpg\" alt=\"\" width=\"800\" height=\"600\" srcset=\"https:\/\/olu-limburg.de\/wp-content\/uploads\/2022\/11\/P1100239_ergebnis.jpg 800w, https:\/\/olu-limburg.de\/wp-content\/uploads\/2022\/11\/P1100239_ergebnis-300x225.jpg 300w, https:\/\/olu-limburg.de\/wp-content\/uploads\/2022\/11\/P1100239_ergebnis-768x576.jpg 768w, https:\/\/olu-limburg.de\/wp-content\/uploads\/2022\/11\/P1100239_ergebnis-624x468.jpg 624w\" sizes=\"auto, (max-width: 800px) 100vw, 800px\" \/><\/a><p id=\"caption-attachment-27972\" class=\"wp-caption-text\">Die &#8222;Tanzlaube&#8220;, der wohl \u00e4lteste Teil der Stadt.<\/p><\/div>\n<div id=\"attachment_27973\" style=\"width: 810px\" class=\"wp-caption aligncenter\"><a href=\"https:\/\/olu-limburg.de\/wp-content\/uploads\/2022\/11\/P1100240_ergebnis.jpg\"><img loading=\"lazy\" decoding=\"async\" aria-describedby=\"caption-attachment-27973\" class=\"wp-image-27973 size-full\" src=\"https:\/\/olu-limburg.de\/wp-content\/uploads\/2022\/11\/P1100240_ergebnis.jpg\" alt=\"\" width=\"800\" height=\"600\" srcset=\"https:\/\/olu-limburg.de\/wp-content\/uploads\/2022\/11\/P1100240_ergebnis.jpg 800w, https:\/\/olu-limburg.de\/wp-content\/uploads\/2022\/11\/P1100240_ergebnis-300x225.jpg 300w, https:\/\/olu-limburg.de\/wp-content\/uploads\/2022\/11\/P1100240_ergebnis-768x576.jpg 768w, https:\/\/olu-limburg.de\/wp-content\/uploads\/2022\/11\/P1100240_ergebnis-624x468.jpg 624w\" sizes=\"auto, (max-width: 800px) 100vw, 800px\" \/><\/a><p id=\"caption-attachment-27973\" class=\"wp-caption-text\">Weberh\u00e4user<\/p><\/div>\n<div id=\"attachment_27959\" style=\"width: 810px\" class=\"wp-caption aligncenter\"><a href=\"https:\/\/olu-limburg.de\/wp-content\/uploads\/2022\/11\/20220822_184506_ergebnis.jpg\"><img loading=\"lazy\" decoding=\"async\" aria-describedby=\"caption-attachment-27959\" class=\"wp-image-27959 size-full\" src=\"https:\/\/olu-limburg.de\/wp-content\/uploads\/2022\/11\/20220822_184506_ergebnis.jpg\" alt=\"\" width=\"800\" height=\"600\" srcset=\"https:\/\/olu-limburg.de\/wp-content\/uploads\/2022\/11\/20220822_184506_ergebnis.jpg 800w, https:\/\/olu-limburg.de\/wp-content\/uploads\/2022\/11\/20220822_184506_ergebnis-300x225.jpg 300w, https:\/\/olu-limburg.de\/wp-content\/uploads\/2022\/11\/20220822_184506_ergebnis-768x576.jpg 768w, https:\/\/olu-limburg.de\/wp-content\/uploads\/2022\/11\/20220822_184506_ergebnis-624x468.jpg 624w\" sizes=\"auto, (max-width: 800px) 100vw, 800px\" \/><\/a><p id=\"caption-attachment-27959\" class=\"wp-caption-text\">Blick auf die ungleichen T\u00fcrme der evang. Stadtkirche<\/p><\/div>\n<p><a href=\"https:\/\/olu-limburg.de\/wp-content\/uploads\/2022\/11\/P1100245_ergebnis-e1669142355265.jpg\"><img loading=\"lazy\" decoding=\"async\" class=\"size-full wp-image-27975 aligncenter\" src=\"https:\/\/olu-limburg.de\/wp-content\/uploads\/2022\/11\/P1100245_ergebnis-e1669142355265.jpg\" alt=\"\" width=\"450\" height=\"600\" srcset=\"https:\/\/olu-limburg.de\/wp-content\/uploads\/2022\/11\/P1100245_ergebnis-e1669142355265.jpg 450w, https:\/\/olu-limburg.de\/wp-content\/uploads\/2022\/11\/P1100245_ergebnis-e1669142355265-225x300.jpg 225w\" sizes=\"auto, (max-width: 450px) 100vw, 450px\" \/><\/a><\/p>\n<div id=\"attachment_27974\" style=\"width: 810px\" class=\"wp-caption aligncenter\"><a href=\"https:\/\/olu-limburg.de\/wp-content\/uploads\/2022\/11\/P1100244_ergebnis.jpg\"><img loading=\"lazy\" decoding=\"async\" aria-describedby=\"caption-attachment-27974\" class=\"wp-image-27974 size-full\" src=\"https:\/\/olu-limburg.de\/wp-content\/uploads\/2022\/11\/P1100244_ergebnis.jpg\" alt=\"\" width=\"800\" height=\"600\" srcset=\"https:\/\/olu-limburg.de\/wp-content\/uploads\/2022\/11\/P1100244_ergebnis.jpg 800w, https:\/\/olu-limburg.de\/wp-content\/uploads\/2022\/11\/P1100244_ergebnis-300x225.jpg 300w, https:\/\/olu-limburg.de\/wp-content\/uploads\/2022\/11\/P1100244_ergebnis-768x576.jpg 768w, https:\/\/olu-limburg.de\/wp-content\/uploads\/2022\/11\/P1100244_ergebnis-624x468.jpg 624w\" sizes=\"auto, (max-width: 800px) 100vw, 800px\" \/><\/a><p id=\"caption-attachment-27974\" class=\"wp-caption-text\">B\u00fcrgerhaus Schranne<\/p><\/div>\n<div id=\"attachment_27976\" style=\"width: 810px\" class=\"wp-caption aligncenter\"><a href=\"https:\/\/olu-limburg.de\/wp-content\/uploads\/2022\/11\/P1100247_ergebnis.jpg\"><img loading=\"lazy\" decoding=\"async\" aria-describedby=\"caption-attachment-27976\" class=\"wp-image-27976 size-full\" src=\"https:\/\/olu-limburg.de\/wp-content\/uploads\/2022\/11\/P1100247_ergebnis.jpg\" alt=\"\" width=\"800\" height=\"600\" srcset=\"https:\/\/olu-limburg.de\/wp-content\/uploads\/2022\/11\/P1100247_ergebnis.jpg 800w, https:\/\/olu-limburg.de\/wp-content\/uploads\/2022\/11\/P1100247_ergebnis-300x225.jpg 300w, https:\/\/olu-limburg.de\/wp-content\/uploads\/2022\/11\/P1100247_ergebnis-768x576.jpg 768w, https:\/\/olu-limburg.de\/wp-content\/uploads\/2022\/11\/P1100247_ergebnis-624x468.jpg 624w\" sizes=\"auto, (max-width: 800px) 100vw, 800px\" \/><\/a><p id=\"caption-attachment-27976\" class=\"wp-caption-text\">Geburtshaus von Margarete Steiff<\/p><\/div>\n<div id=\"attachment_27966\" style=\"width: 810px\" class=\"wp-caption aligncenter\"><a href=\"https:\/\/olu-limburg.de\/wp-content\/uploads\/2022\/11\/P1100227_ergebnis.jpg\"><img loading=\"lazy\" decoding=\"async\" aria-describedby=\"caption-attachment-27966\" class=\"wp-image-27966 size-full\" src=\"https:\/\/olu-limburg.de\/wp-content\/uploads\/2022\/11\/P1100227_ergebnis.jpg\" alt=\"\" width=\"800\" height=\"600\" srcset=\"https:\/\/olu-limburg.de\/wp-content\/uploads\/2022\/11\/P1100227_ergebnis.jpg 800w, https:\/\/olu-limburg.de\/wp-content\/uploads\/2022\/11\/P1100227_ergebnis-300x225.jpg 300w, https:\/\/olu-limburg.de\/wp-content\/uploads\/2022\/11\/P1100227_ergebnis-768x576.jpg 768w, https:\/\/olu-limburg.de\/wp-content\/uploads\/2022\/11\/P1100227_ergebnis-624x468.jpg 624w\" sizes=\"auto, (max-width: 800px) 100vw, 800px\" \/><\/a><p id=\"caption-attachment-27966\" class=\"wp-caption-text\">Spitalkirche<\/p><\/div>\n<div id=\"attachment_27965\" style=\"width: 810px\" class=\"wp-caption aligncenter\"><a href=\"https:\/\/olu-limburg.de\/wp-content\/uploads\/2022\/11\/P1100224_ergebnis.jpg\"><img loading=\"lazy\" decoding=\"async\" aria-describedby=\"caption-attachment-27965\" class=\"wp-image-27965 size-full\" src=\"https:\/\/olu-limburg.de\/wp-content\/uploads\/2022\/11\/P1100224_ergebnis.jpg\" alt=\"\" width=\"800\" height=\"600\" srcset=\"https:\/\/olu-limburg.de\/wp-content\/uploads\/2022\/11\/P1100224_ergebnis.jpg 800w, https:\/\/olu-limburg.de\/wp-content\/uploads\/2022\/11\/P1100224_ergebnis-300x225.jpg 300w, https:\/\/olu-limburg.de\/wp-content\/uploads\/2022\/11\/P1100224_ergebnis-768x576.jpg 768w, https:\/\/olu-limburg.de\/wp-content\/uploads\/2022\/11\/P1100224_ergebnis-624x468.jpg 624w\" sizes=\"auto, (max-width: 800px) 100vw, 800px\" \/><\/a><p id=\"caption-attachment-27965\" class=\"wp-caption-text\">die Benz<\/p><\/div>\n<p>Tagesstrecke: 165 km<\/p>\n<p>&nbsp;<\/p>\n<p><strong>Dienstag, 23.08.2022<\/strong><\/p>\n<p>Unser n\u00e4chstes Ziel ist der Wohnmobil-Stellplatz mit V+E von Lorsch a. d. Bergstra\u00dfe (Geb\u00fchr EUR 10,00).<\/p>\n<p><a href=\"https:\/\/olu-limburg.de\/wp-content\/uploads\/2022\/11\/IMG_20220824_091916_ergebnis.jpg\"><img loading=\"lazy\" decoding=\"async\" class=\"size-full wp-image-28020 aligncenter\" src=\"https:\/\/olu-limburg.de\/wp-content\/uploads\/2022\/11\/IMG_20220824_091916_ergebnis.jpg\" alt=\"\" width=\"800\" height=\"600\" srcset=\"https:\/\/olu-limburg.de\/wp-content\/uploads\/2022\/11\/IMG_20220824_091916_ergebnis.jpg 800w, https:\/\/olu-limburg.de\/wp-content\/uploads\/2022\/11\/IMG_20220824_091916_ergebnis-300x225.jpg 300w, https:\/\/olu-limburg.de\/wp-content\/uploads\/2022\/11\/IMG_20220824_091916_ergebnis-768x576.jpg 768w, https:\/\/olu-limburg.de\/wp-content\/uploads\/2022\/11\/IMG_20220824_091916_ergebnis-624x468.jpg 624w\" sizes=\"auto, (max-width: 800px) 100vw, 800px\" \/><\/a><\/p>\n<p>Auch hier ist nat\u00fcrlich Kultur angesagt. Durch die klimatischen Gegebenheiten war die Oberrheinische Tiefebene, auch im heutigen Gebiet von Lorsch, bereits in der Jungsteinzeit besiedelt. Auch von einer Besiedlung durch keltische St\u00e4mme gibt es Funde. Um 40 n.Chr. kam es zu milit\u00e4rischen Besetzungen der rechtsrheinischen Gebiete durch die R\u00f6mer. Nach kriegerischen Ausseinandersetzungen folgten um 260 n. Chr. die Alemannen, und um 500 n. Chr. die Franken.<\/p>\n<p>Auf dem Weg zur Klosteranlage passieren wir die Ev. Kirche mit ihrem Kirchgarten, auf dem ein kleiner Weinberg und ein Bereich mit Pfingstrosen angeplanzt wurden.<\/p>\n<p><a href=\"https:\/\/olu-limburg.de\/wp-content\/uploads\/2022\/11\/IMG_20220823_170853_ergebnis-e1669715062332.jpg\"><img loading=\"lazy\" decoding=\"async\" class=\"size-full wp-image-28001 aligncenter\" src=\"https:\/\/olu-limburg.de\/wp-content\/uploads\/2022\/11\/IMG_20220823_170853_ergebnis-e1669715062332.jpg\" alt=\"\" width=\"450\" height=\"600\" srcset=\"https:\/\/olu-limburg.de\/wp-content\/uploads\/2022\/11\/IMG_20220823_170853_ergebnis-e1669715062332.jpg 450w, https:\/\/olu-limburg.de\/wp-content\/uploads\/2022\/11\/IMG_20220823_170853_ergebnis-e1669715062332-225x300.jpg 225w\" sizes=\"auto, (max-width: 450px) 100vw, 450px\" \/><\/a><\/p>\n<p><a href=\"https:\/\/olu-limburg.de\/wp-content\/uploads\/2022\/11\/IMG_20220823_171212_ergebnis.jpg\"><img loading=\"lazy\" decoding=\"async\" class=\"size-full wp-image-28002 aligncenter\" src=\"https:\/\/olu-limburg.de\/wp-content\/uploads\/2022\/11\/IMG_20220823_171212_ergebnis.jpg\" alt=\"\" width=\"800\" height=\"600\" srcset=\"https:\/\/olu-limburg.de\/wp-content\/uploads\/2022\/11\/IMG_20220823_171212_ergebnis.jpg 800w, https:\/\/olu-limburg.de\/wp-content\/uploads\/2022\/11\/IMG_20220823_171212_ergebnis-300x225.jpg 300w, https:\/\/olu-limburg.de\/wp-content\/uploads\/2022\/11\/IMG_20220823_171212_ergebnis-768x576.jpg 768w, https:\/\/olu-limburg.de\/wp-content\/uploads\/2022\/11\/IMG_20220823_171212_ergebnis-624x468.jpg 624w\" sizes=\"auto, (max-width: 800px) 100vw, 800px\" \/><\/a><\/p>\n<p>Mit dem Erreichen des Fu\u00dfg\u00e4ngerbereiches der Nibelungenstra\u00dfe stehen wir auch schon vor der karolingischen Torhalle, manchmal auch K\u00f6nigshalle genannt, des Klosterbezirkes. Das schon immer freistehende Geb\u00e4ude wird aber eher der Gerichtsbarkeit gedient haben, da das Kloster Lorsch nach seiner Gr\u00fcndung im Jahr 764 bereits sehr schnell unter dem Schutz von Karl dem Gro\u00dfen zum Reichskloster aufstieg und 772 den Abt zum Reichsf\u00fcrsten erhob und ihm die Gerichtsbarkeit in seinem Gebiet \u00fcbertrug.<\/p>\n<p>Nach vielen Schenkungen hatte das Kloster seinen Aufschwung bis ins 11. Jhdt. halten k\u00f6nnen, als ihm Markt- und M\u00fcnzrecht verliehen wurde. Dies scheint auch die Zeit gewesen zu sein, in der sich eine Siedlung um das Kloster herum gebildet hat. Vorher gab es n\u00e4mlich in den Urkunden immer nur von dem Kloster schriftliche Erw\u00e4hnungen. Der unaufhaltsame Machtverlust folgte im 11. und 12. Jhdt. auf den Investiturstreit, in dem die deutschen F\u00fcrsten eine Trennung der der kirchlichen und weltlichen Macht durchsetzten.<\/p>\n<div id=\"attachment_28015\" style=\"width: 810px\" class=\"wp-caption aligncenter\"><a href=\"https:\/\/olu-limburg.de\/wp-content\/uploads\/2022\/11\/IMG_20220823_184716_ergebnis.jpg\"><img loading=\"lazy\" decoding=\"async\" aria-describedby=\"caption-attachment-28015\" class=\"wp-image-28015 size-full\" src=\"https:\/\/olu-limburg.de\/wp-content\/uploads\/2022\/11\/IMG_20220823_184716_ergebnis.jpg\" alt=\"\" width=\"800\" height=\"600\" srcset=\"https:\/\/olu-limburg.de\/wp-content\/uploads\/2022\/11\/IMG_20220823_184716_ergebnis.jpg 800w, https:\/\/olu-limburg.de\/wp-content\/uploads\/2022\/11\/IMG_20220823_184716_ergebnis-300x225.jpg 300w, https:\/\/olu-limburg.de\/wp-content\/uploads\/2022\/11\/IMG_20220823_184716_ergebnis-768x576.jpg 768w, https:\/\/olu-limburg.de\/wp-content\/uploads\/2022\/11\/IMG_20220823_184716_ergebnis-624x468.jpg 624w\" sizes=\"auto, (max-width: 800px) 100vw, 800px\" \/><\/a><p id=\"caption-attachment-28015\" class=\"wp-caption-text\">karolingische Torhalle<\/p><\/div>\n<p><a href=\"https:\/\/olu-limburg.de\/wp-content\/uploads\/2022\/11\/IMG_20220823_171331_ergebnis.jpg\"><img loading=\"lazy\" decoding=\"async\" class=\"size-full wp-image-28003 aligncenter\" src=\"https:\/\/olu-limburg.de\/wp-content\/uploads\/2022\/11\/IMG_20220823_171331_ergebnis.jpg\" alt=\"\" width=\"800\" height=\"600\" srcset=\"https:\/\/olu-limburg.de\/wp-content\/uploads\/2022\/11\/IMG_20220823_171331_ergebnis.jpg 800w, https:\/\/olu-limburg.de\/wp-content\/uploads\/2022\/11\/IMG_20220823_171331_ergebnis-300x225.jpg 300w, https:\/\/olu-limburg.de\/wp-content\/uploads\/2022\/11\/IMG_20220823_171331_ergebnis-768x576.jpg 768w, https:\/\/olu-limburg.de\/wp-content\/uploads\/2022\/11\/IMG_20220823_171331_ergebnis-624x468.jpg 624w\" sizes=\"auto, (max-width: 800px) 100vw, 800px\" \/><\/a><\/p>\n<p>Die wiederaufgebaute Klosterkirche entstand auf Ruinenfragmenten nach alten Unterlagen.<\/p>\n<div id=\"attachment_27998\" style=\"width: 810px\" class=\"wp-caption aligncenter\"><a href=\"https:\/\/olu-limburg.de\/wp-content\/uploads\/2022\/11\/20220823_171346_ergebnis.jpg\"><img loading=\"lazy\" decoding=\"async\" aria-describedby=\"caption-attachment-27998\" class=\"wp-image-27998 size-full\" src=\"https:\/\/olu-limburg.de\/wp-content\/uploads\/2022\/11\/20220823_171346_ergebnis.jpg\" alt=\"\" width=\"800\" height=\"600\" srcset=\"https:\/\/olu-limburg.de\/wp-content\/uploads\/2022\/11\/20220823_171346_ergebnis.jpg 800w, https:\/\/olu-limburg.de\/wp-content\/uploads\/2022\/11\/20220823_171346_ergebnis-300x225.jpg 300w, https:\/\/olu-limburg.de\/wp-content\/uploads\/2022\/11\/20220823_171346_ergebnis-768x576.jpg 768w, https:\/\/olu-limburg.de\/wp-content\/uploads\/2022\/11\/20220823_171346_ergebnis-624x468.jpg 624w\" sizes=\"auto, (max-width: 800px) 100vw, 800px\" \/><\/a><p id=\"caption-attachment-27998\" class=\"wp-caption-text\">Klosterkirche<\/p><\/div>\n<p><a href=\"https:\/\/olu-limburg.de\/wp-content\/uploads\/2022\/11\/P1100257_ergebnis.jpg\"><img loading=\"lazy\" decoding=\"async\" class=\"size-full wp-image-28022 aligncenter\" src=\"https:\/\/olu-limburg.de\/wp-content\/uploads\/2022\/11\/P1100257_ergebnis.jpg\" alt=\"\" width=\"800\" height=\"600\" srcset=\"https:\/\/olu-limburg.de\/wp-content\/uploads\/2022\/11\/P1100257_ergebnis.jpg 800w, https:\/\/olu-limburg.de\/wp-content\/uploads\/2022\/11\/P1100257_ergebnis-300x225.jpg 300w, https:\/\/olu-limburg.de\/wp-content\/uploads\/2022\/11\/P1100257_ergebnis-768x576.jpg 768w, https:\/\/olu-limburg.de\/wp-content\/uploads\/2022\/11\/P1100257_ergebnis-624x468.jpg 624w\" sizes=\"auto, (max-width: 800px) 100vw, 800px\" \/><\/a><\/p>\n<p><a href=\"https:\/\/olu-limburg.de\/wp-content\/uploads\/2022\/11\/IMG_20220823_172013_ergebnis-e1669715155255.jpg\"><img loading=\"lazy\" decoding=\"async\" class=\"size-full wp-image-28005 alignleft\" src=\"https:\/\/olu-limburg.de\/wp-content\/uploads\/2022\/11\/IMG_20220823_172013_ergebnis-e1669715155255.jpg\" alt=\"\" width=\"450\" height=\"600\" srcset=\"https:\/\/olu-limburg.de\/wp-content\/uploads\/2022\/11\/IMG_20220823_172013_ergebnis-e1669715155255.jpg 450w, https:\/\/olu-limburg.de\/wp-content\/uploads\/2022\/11\/IMG_20220823_172013_ergebnis-e1669715155255-225x300.jpg 225w\" sizes=\"auto, (max-width: 450px) 100vw, 450px\" \/><\/a><\/p>\n<p><a href=\"https:\/\/olu-limburg.de\/wp-content\/uploads\/2022\/11\/P1100261_ergebnis-e1669716117715.jpg\"><img loading=\"lazy\" decoding=\"async\" class=\"size-full wp-image-28024 alignright\" src=\"https:\/\/olu-limburg.de\/wp-content\/uploads\/2022\/11\/P1100261_ergebnis-e1669716117715.jpg\" alt=\"\" width=\"450\" height=\"600\" srcset=\"https:\/\/olu-limburg.de\/wp-content\/uploads\/2022\/11\/P1100261_ergebnis-e1669716117715.jpg 450w, https:\/\/olu-limburg.de\/wp-content\/uploads\/2022\/11\/P1100261_ergebnis-e1669716117715-225x300.jpg 225w\" sizes=\"auto, (max-width: 450px) 100vw, 450px\" \/><\/a><\/p>\n<p><a href=\"https:\/\/olu-limburg.de\/wp-content\/uploads\/2022\/11\/P1100259_ergebnis.jpg\"><img loading=\"lazy\" decoding=\"async\" class=\"size-full wp-image-28023 aligncenter\" src=\"https:\/\/olu-limburg.de\/wp-content\/uploads\/2022\/11\/P1100259_ergebnis.jpg\" alt=\"\" width=\"800\" height=\"600\" srcset=\"https:\/\/olu-limburg.de\/wp-content\/uploads\/2022\/11\/P1100259_ergebnis.jpg 800w, https:\/\/olu-limburg.de\/wp-content\/uploads\/2022\/11\/P1100259_ergebnis-300x225.jpg 300w, https:\/\/olu-limburg.de\/wp-content\/uploads\/2022\/11\/P1100259_ergebnis-768x576.jpg 768w, https:\/\/olu-limburg.de\/wp-content\/uploads\/2022\/11\/P1100259_ergebnis-624x468.jpg 624w\" sizes=\"auto, (max-width: 800px) 100vw, 800px\" \/><\/a><\/p>\n<p><a href=\"https:\/\/olu-limburg.de\/wp-content\/uploads\/2022\/11\/IMG_20220823_172218_ergebnis-e1669715179181.jpg\"><img loading=\"lazy\" decoding=\"async\" class=\"size-full wp-image-28006 aligncenter\" src=\"https:\/\/olu-limburg.de\/wp-content\/uploads\/2022\/11\/IMG_20220823_172218_ergebnis-e1669715179181.jpg\" alt=\"\" width=\"450\" height=\"600\" srcset=\"https:\/\/olu-limburg.de\/wp-content\/uploads\/2022\/11\/IMG_20220823_172218_ergebnis-e1669715179181.jpg 450w, https:\/\/olu-limburg.de\/wp-content\/uploads\/2022\/11\/IMG_20220823_172218_ergebnis-e1669715179181-225x300.jpg 225w\" sizes=\"auto, (max-width: 450px) 100vw, 450px\" \/><\/a><\/p>\n<p>Teil des inneren Komplexes war auch eine Zehntscheune und der dahinter liegende Klostergarten, heute ein Kr\u00e4utergarten.<\/p>\n<div id=\"attachment_28004\" style=\"width: 810px\" class=\"wp-caption aligncenter\"><a href=\"https:\/\/olu-limburg.de\/wp-content\/uploads\/2022\/11\/IMG_20220823_171446_ergebnis.jpg\"><img loading=\"lazy\" decoding=\"async\" aria-describedby=\"caption-attachment-28004\" class=\"wp-image-28004 size-full\" src=\"https:\/\/olu-limburg.de\/wp-content\/uploads\/2022\/11\/IMG_20220823_171446_ergebnis.jpg\" alt=\"\" width=\"800\" height=\"600\" srcset=\"https:\/\/olu-limburg.de\/wp-content\/uploads\/2022\/11\/IMG_20220823_171446_ergebnis.jpg 800w, https:\/\/olu-limburg.de\/wp-content\/uploads\/2022\/11\/IMG_20220823_171446_ergebnis-300x225.jpg 300w, https:\/\/olu-limburg.de\/wp-content\/uploads\/2022\/11\/IMG_20220823_171446_ergebnis-768x576.jpg 768w, https:\/\/olu-limburg.de\/wp-content\/uploads\/2022\/11\/IMG_20220823_171446_ergebnis-624x468.jpg 624w\" sizes=\"auto, (max-width: 800px) 100vw, 800px\" \/><\/a><p id=\"caption-attachment-28004\" class=\"wp-caption-text\">Zehntscheune<\/p><\/div>\n<p><a href=\"https:\/\/olu-limburg.de\/wp-content\/uploads\/2022\/11\/IMG_20220823_175330_ergebnis.jpg\"><img loading=\"lazy\" decoding=\"async\" class=\"size-full wp-image-28007 aligncenter\" src=\"https:\/\/olu-limburg.de\/wp-content\/uploads\/2022\/11\/IMG_20220823_175330_ergebnis.jpg\" alt=\"\" width=\"800\" height=\"600\" srcset=\"https:\/\/olu-limburg.de\/wp-content\/uploads\/2022\/11\/IMG_20220823_175330_ergebnis.jpg 800w, https:\/\/olu-limburg.de\/wp-content\/uploads\/2022\/11\/IMG_20220823_175330_ergebnis-300x225.jpg 300w, https:\/\/olu-limburg.de\/wp-content\/uploads\/2022\/11\/IMG_20220823_175330_ergebnis-768x576.jpg 768w, https:\/\/olu-limburg.de\/wp-content\/uploads\/2022\/11\/IMG_20220823_175330_ergebnis-624x468.jpg 624w\" sizes=\"auto, (max-width: 800px) 100vw, 800px\" \/><\/a><\/p>\n<p><a href=\"https:\/\/olu-limburg.de\/wp-content\/uploads\/2022\/11\/IMG_20220823_175439_ergebnis.jpg\"><img loading=\"lazy\" decoding=\"async\" class=\"size-full wp-image-28008 aligncenter\" src=\"https:\/\/olu-limburg.de\/wp-content\/uploads\/2022\/11\/IMG_20220823_175439_ergebnis.jpg\" alt=\"\" width=\"800\" height=\"600\" srcset=\"https:\/\/olu-limburg.de\/wp-content\/uploads\/2022\/11\/IMG_20220823_175439_ergebnis.jpg 800w, https:\/\/olu-limburg.de\/wp-content\/uploads\/2022\/11\/IMG_20220823_175439_ergebnis-300x225.jpg 300w, https:\/\/olu-limburg.de\/wp-content\/uploads\/2022\/11\/IMG_20220823_175439_ergebnis-768x576.jpg 768w, https:\/\/olu-limburg.de\/wp-content\/uploads\/2022\/11\/IMG_20220823_175439_ergebnis-624x468.jpg 624w\" sizes=\"auto, (max-width: 800px) 100vw, 800px\" \/><\/a><\/p>\n<div id=\"attachment_28009\" style=\"width: 810px\" class=\"wp-caption aligncenter\"><a href=\"https:\/\/olu-limburg.de\/wp-content\/uploads\/2022\/11\/IMG_20220823_175619_ergebnis.jpg\"><img loading=\"lazy\" decoding=\"async\" aria-describedby=\"caption-attachment-28009\" class=\"wp-image-28009 size-full\" src=\"https:\/\/olu-limburg.de\/wp-content\/uploads\/2022\/11\/IMG_20220823_175619_ergebnis.jpg\" alt=\"\" width=\"800\" height=\"600\" srcset=\"https:\/\/olu-limburg.de\/wp-content\/uploads\/2022\/11\/IMG_20220823_175619_ergebnis.jpg 800w, https:\/\/olu-limburg.de\/wp-content\/uploads\/2022\/11\/IMG_20220823_175619_ergebnis-300x225.jpg 300w, https:\/\/olu-limburg.de\/wp-content\/uploads\/2022\/11\/IMG_20220823_175619_ergebnis-768x576.jpg 768w, https:\/\/olu-limburg.de\/wp-content\/uploads\/2022\/11\/IMG_20220823_175619_ergebnis-624x468.jpg 624w\" sizes=\"auto, (max-width: 800px) 100vw, 800px\" \/><\/a><p id=\"caption-attachment-28009\" class=\"wp-caption-text\">Feld-Mannstreu<\/p><\/div>\n<p><a href=\"https:\/\/olu-limburg.de\/wp-content\/uploads\/2022\/11\/20220823_175346_ergebnis.jpg\"><img loading=\"lazy\" decoding=\"async\" class=\"size-full wp-image-27999 aligncenter\" src=\"https:\/\/olu-limburg.de\/wp-content\/uploads\/2022\/11\/20220823_175346_ergebnis.jpg\" alt=\"\" width=\"800\" height=\"600\" srcset=\"https:\/\/olu-limburg.de\/wp-content\/uploads\/2022\/11\/20220823_175346_ergebnis.jpg 800w, https:\/\/olu-limburg.de\/wp-content\/uploads\/2022\/11\/20220823_175346_ergebnis-300x225.jpg 300w, https:\/\/olu-limburg.de\/wp-content\/uploads\/2022\/11\/20220823_175346_ergebnis-768x576.jpg 768w, https:\/\/olu-limburg.de\/wp-content\/uploads\/2022\/11\/20220823_175346_ergebnis-624x468.jpg 624w\" sizes=\"auto, (max-width: 800px) 100vw, 800px\" \/><\/a><\/p>\n<p>\u00dcberall sind die Wiesen braun, nur in der Klosteranlage in Lorsch nicht. Aufgrund der Auszeichnung als UNESCO-Welterbe wird hier alles gepflegt, also auch der Rasen. Eine ausgekl\u00fcgelte Bew\u00e4sserungsanlage sorgt f\u00fcr ausreichend Wasser und tadelloses Aussehen.<\/p>\n<p><a href=\"https:\/\/olu-limburg.de\/wp-content\/uploads\/2022\/11\/IMG_20220823_180552_ergebnis.jpg\"><img loading=\"lazy\" decoding=\"async\" class=\"size-full wp-image-28010 aligncenter\" src=\"https:\/\/olu-limburg.de\/wp-content\/uploads\/2022\/11\/IMG_20220823_180552_ergebnis.jpg\" alt=\"\" width=\"800\" height=\"600\" srcset=\"https:\/\/olu-limburg.de\/wp-content\/uploads\/2022\/11\/IMG_20220823_180552_ergebnis.jpg 800w, https:\/\/olu-limburg.de\/wp-content\/uploads\/2022\/11\/IMG_20220823_180552_ergebnis-300x225.jpg 300w, https:\/\/olu-limburg.de\/wp-content\/uploads\/2022\/11\/IMG_20220823_180552_ergebnis-768x576.jpg 768w, https:\/\/olu-limburg.de\/wp-content\/uploads\/2022\/11\/IMG_20220823_180552_ergebnis-624x468.jpg 624w\" sizes=\"auto, (max-width: 800px) 100vw, 800px\" \/><\/a><\/p>\n<p><a href=\"https:\/\/olu-limburg.de\/wp-content\/uploads\/2022\/11\/P1100255_ergebnis.jpg\"><img loading=\"lazy\" decoding=\"async\" class=\"size-full wp-image-28021 aligncenter\" src=\"https:\/\/olu-limburg.de\/wp-content\/uploads\/2022\/11\/P1100255_ergebnis.jpg\" alt=\"\" width=\"800\" height=\"600\" srcset=\"https:\/\/olu-limburg.de\/wp-content\/uploads\/2022\/11\/P1100255_ergebnis.jpg 800w, https:\/\/olu-limburg.de\/wp-content\/uploads\/2022\/11\/P1100255_ergebnis-300x225.jpg 300w, https:\/\/olu-limburg.de\/wp-content\/uploads\/2022\/11\/P1100255_ergebnis-768x576.jpg 768w, https:\/\/olu-limburg.de\/wp-content\/uploads\/2022\/11\/P1100255_ergebnis-624x468.jpg 624w\" sizes=\"auto, (max-width: 800px) 100vw, 800px\" \/><\/a><\/p>\n<p><a href=\"https:\/\/olu-limburg.de\/wp-content\/uploads\/2022\/11\/IMG_20220823_180620_ergebnis-e1669715432963.jpg\"><img loading=\"lazy\" decoding=\"async\" class=\"size-full wp-image-28011 aligncenter\" src=\"https:\/\/olu-limburg.de\/wp-content\/uploads\/2022\/11\/IMG_20220823_180620_ergebnis-e1669715432963.jpg\" alt=\"\" width=\"450\" height=\"600\" srcset=\"https:\/\/olu-limburg.de\/wp-content\/uploads\/2022\/11\/IMG_20220823_180620_ergebnis-e1669715432963.jpg 450w, https:\/\/olu-limburg.de\/wp-content\/uploads\/2022\/11\/IMG_20220823_180620_ergebnis-e1669715432963-225x300.jpg 225w\" sizes=\"auto, (max-width: 450px) 100vw, 450px\" \/><\/a><\/p>\n<p><a href=\"https:\/\/olu-limburg.de\/wp-content\/uploads\/2022\/11\/IMG_20220823_184923_ergebnis.jpg\"><img loading=\"lazy\" decoding=\"async\" class=\"size-full wp-image-28017 aligncenter\" src=\"https:\/\/olu-limburg.de\/wp-content\/uploads\/2022\/11\/IMG_20220823_184923_ergebnis.jpg\" alt=\"\" width=\"800\" height=\"600\" srcset=\"https:\/\/olu-limburg.de\/wp-content\/uploads\/2022\/11\/IMG_20220823_184923_ergebnis.jpg 800w, https:\/\/olu-limburg.de\/wp-content\/uploads\/2022\/11\/IMG_20220823_184923_ergebnis-300x225.jpg 300w, https:\/\/olu-limburg.de\/wp-content\/uploads\/2022\/11\/IMG_20220823_184923_ergebnis-768x576.jpg 768w, https:\/\/olu-limburg.de\/wp-content\/uploads\/2022\/11\/IMG_20220823_184923_ergebnis-624x468.jpg 624w\" sizes=\"auto, (max-width: 800px) 100vw, 800px\" \/><\/a><\/p>\n<p>Nach dem Verlassen der Klosteranlage (Unesco-Weltkulturerbe) erreichen wir den Marktplatz mit dem alten Rathaus &#8230;<\/p>\n<div id=\"attachment_28013\" style=\"width: 460px\" class=\"wp-caption aligncenter\"><a href=\"https:\/\/olu-limburg.de\/wp-content\/uploads\/2022\/11\/IMG_20220823_184501_ergebnis-e1669715398720.jpg\"><img loading=\"lazy\" decoding=\"async\" aria-describedby=\"caption-attachment-28013\" class=\"wp-image-28013 size-full\" src=\"https:\/\/olu-limburg.de\/wp-content\/uploads\/2022\/11\/IMG_20220823_184501_ergebnis-e1669715398720.jpg\" alt=\"\" width=\"450\" height=\"600\" srcset=\"https:\/\/olu-limburg.de\/wp-content\/uploads\/2022\/11\/IMG_20220823_184501_ergebnis-e1669715398720.jpg 450w, https:\/\/olu-limburg.de\/wp-content\/uploads\/2022\/11\/IMG_20220823_184501_ergebnis-e1669715398720-225x300.jpg 225w\" sizes=\"auto, (max-width: 450px) 100vw, 450px\" \/><\/a><p id=\"caption-attachment-28013\" class=\"wp-caption-text\">Altes Rathaus<\/p><\/div>\n<p>&#8230; und auch einen Eissalon mit herrlichen Erfrischungen. F\u00fcr den weitgereisten Tartufobecher-Tester gibt es nat\u00fcrlich auch etwas Leckeres.<\/p>\n<p><a href=\"https:\/\/olu-limburg.de\/wp-content\/uploads\/2022\/11\/IMG_20220823_181807_ergebnis-e1669715471270.jpg\"><img loading=\"lazy\" decoding=\"async\" class=\"wp-image-28012 size-full alignleft\" src=\"https:\/\/olu-limburg.de\/wp-content\/uploads\/2022\/11\/IMG_20220823_181807_ergebnis-e1669715471270.jpg\" alt=\"\" width=\"450\" height=\"600\" srcset=\"https:\/\/olu-limburg.de\/wp-content\/uploads\/2022\/11\/IMG_20220823_181807_ergebnis-e1669715471270.jpg 450w, https:\/\/olu-limburg.de\/wp-content\/uploads\/2022\/11\/IMG_20220823_181807_ergebnis-e1669715471270-225x300.jpg 225w\" sizes=\"auto, (max-width: 450px) 100vw, 450px\" \/><\/a><\/p>\n<p><a href=\"https:\/\/olu-limburg.de\/wp-content\/uploads\/2022\/11\/20220823_181950_ergebnis-e1669715540996.jpg\"><img loading=\"lazy\" decoding=\"async\" class=\"size-full wp-image-28000 alignright\" src=\"https:\/\/olu-limburg.de\/wp-content\/uploads\/2022\/11\/20220823_181950_ergebnis-e1669715540996.jpg\" alt=\"\" width=\"450\" height=\"600\" srcset=\"https:\/\/olu-limburg.de\/wp-content\/uploads\/2022\/11\/20220823_181950_ergebnis-e1669715540996.jpg 450w, https:\/\/olu-limburg.de\/wp-content\/uploads\/2022\/11\/20220823_181950_ergebnis-e1669715540996-225x300.jpg 225w\" sizes=\"auto, (max-width: 450px) 100vw, 450px\" \/><\/a><\/p>\n<p><a href=\"https:\/\/olu-limburg.de\/wp-content\/uploads\/2022\/11\/IMG_20220823_184516_ergebnis.jpg\"><img loading=\"lazy\" decoding=\"async\" class=\"size-full wp-image-28014 aligncenter\" src=\"https:\/\/olu-limburg.de\/wp-content\/uploads\/2022\/11\/IMG_20220823_184516_ergebnis.jpg\" alt=\"\" width=\"800\" height=\"600\" srcset=\"https:\/\/olu-limburg.de\/wp-content\/uploads\/2022\/11\/IMG_20220823_184516_ergebnis.jpg 800w, https:\/\/olu-limburg.de\/wp-content\/uploads\/2022\/11\/IMG_20220823_184516_ergebnis-300x225.jpg 300w, https:\/\/olu-limburg.de\/wp-content\/uploads\/2022\/11\/IMG_20220823_184516_ergebnis-768x576.jpg 768w, https:\/\/olu-limburg.de\/wp-content\/uploads\/2022\/11\/IMG_20220823_184516_ergebnis-624x468.jpg 624w\" sizes=\"auto, (max-width: 800px) 100vw, 800px\" \/><\/a><\/p>\n<div id=\"attachment_28018\" style=\"width: 810px\" class=\"wp-caption aligncenter\"><a href=\"https:\/\/olu-limburg.de\/wp-content\/uploads\/2022\/11\/IMG_20220823_185333_ergebnis.jpg\"><img loading=\"lazy\" decoding=\"async\" aria-describedby=\"caption-attachment-28018\" class=\"wp-image-28018 size-full\" src=\"https:\/\/olu-limburg.de\/wp-content\/uploads\/2022\/11\/IMG_20220823_185333_ergebnis.jpg\" alt=\"\" width=\"800\" height=\"600\" srcset=\"https:\/\/olu-limburg.de\/wp-content\/uploads\/2022\/11\/IMG_20220823_185333_ergebnis.jpg 800w, https:\/\/olu-limburg.de\/wp-content\/uploads\/2022\/11\/IMG_20220823_185333_ergebnis-300x225.jpg 300w, https:\/\/olu-limburg.de\/wp-content\/uploads\/2022\/11\/IMG_20220823_185333_ergebnis-768x576.jpg 768w, https:\/\/olu-limburg.de\/wp-content\/uploads\/2022\/11\/IMG_20220823_185333_ergebnis-624x468.jpg 624w\" sizes=\"auto, (max-width: 800px) 100vw, 800px\" \/><\/a><p id=\"caption-attachment-28018\" class=\"wp-caption-text\">\u00dcberreste der Klostermauern<\/p><\/div>\n<div id=\"attachment_28019\" style=\"width: 810px\" class=\"wp-caption aligncenter\"><a href=\"https:\/\/olu-limburg.de\/wp-content\/uploads\/2022\/11\/IMG_20220823_185735_ergebnis.jpg\"><img loading=\"lazy\" decoding=\"async\" aria-describedby=\"caption-attachment-28019\" class=\"wp-image-28019 size-full\" src=\"https:\/\/olu-limburg.de\/wp-content\/uploads\/2022\/11\/IMG_20220823_185735_ergebnis.jpg\" alt=\"\" width=\"800\" height=\"600\" srcset=\"https:\/\/olu-limburg.de\/wp-content\/uploads\/2022\/11\/IMG_20220823_185735_ergebnis.jpg 800w, https:\/\/olu-limburg.de\/wp-content\/uploads\/2022\/11\/IMG_20220823_185735_ergebnis-300x225.jpg 300w, https:\/\/olu-limburg.de\/wp-content\/uploads\/2022\/11\/IMG_20220823_185735_ergebnis-768x576.jpg 768w, https:\/\/olu-limburg.de\/wp-content\/uploads\/2022\/11\/IMG_20220823_185735_ergebnis-624x468.jpg 624w\" sizes=\"auto, (max-width: 800px) 100vw, 800px\" \/><\/a><p id=\"caption-attachment-28019\" class=\"wp-caption-text\">Besucherzentrum des Karolingischen Freiluftlabor Lauresham (alte Bezeichnung von Lorsch)<\/p><\/div>\n<div id=\"attachment_28025\" style=\"width: 810px\" class=\"wp-caption aligncenter\"><a href=\"https:\/\/olu-limburg.de\/wp-content\/uploads\/2022\/11\/P1100262_ergebnis.jpg\"><img loading=\"lazy\" decoding=\"async\" aria-describedby=\"caption-attachment-28025\" class=\"wp-image-28025 size-full\" src=\"https:\/\/olu-limburg.de\/wp-content\/uploads\/2022\/11\/P1100262_ergebnis.jpg\" alt=\"\" width=\"800\" height=\"600\" srcset=\"https:\/\/olu-limburg.de\/wp-content\/uploads\/2022\/11\/P1100262_ergebnis.jpg 800w, https:\/\/olu-limburg.de\/wp-content\/uploads\/2022\/11\/P1100262_ergebnis-300x225.jpg 300w, https:\/\/olu-limburg.de\/wp-content\/uploads\/2022\/11\/P1100262_ergebnis-768x576.jpg 768w, https:\/\/olu-limburg.de\/wp-content\/uploads\/2022\/11\/P1100262_ergebnis-624x468.jpg 624w\" sizes=\"auto, (max-width: 800px) 100vw, 800px\" \/><\/a><p id=\"caption-attachment-28025\" class=\"wp-caption-text\">urige Bewohner von Lauresham (Lorsch)<\/p><\/div>\n<p>Bei unserer Heimkehr nach dem ausgiebigen Spaziergang, galt es erst einmal &#8211; F\u00fc\u00dfe hoch legen.<\/p>\n<p>Tagesstrecke: 242 km<\/p>\n<p>&nbsp;<\/p>\n<p><strong>Mittwoch, 24.08.2022<\/strong><\/p>\n<p>Heute geht es ganz unspektakul\u00e4r auf die Heimreise und wir nehmen die letzten Kilometer unter unsere R\u00e4der.<\/p>\n<p>Tagesstecke: 100 km<\/p>\n<p>&nbsp;<\/p>\n<p style=\"text-align: center;\"><a href=\"https:\/\/olu-limburg.de\/?page_id=27843\">zur\u00fcck zum Seitenanfang<\/a><\/p>\n<p>&nbsp;<\/p>\n<p>&nbsp;<\/p>\n","protected":false},"excerpt":{"rendered":"<p>Text: Hans-Werner \u00a0 \u00a0 \u00a0 \u00a0 \u00a0 \u00a0 \u00a0 \u00a0 \u00a0 \u00a0 \u00a0 \u00a0 \u00a0 \u00a0 \u00a0 \u00a0 \u00a0 \u00a0 \u00a0 \u00a0 \u00a0 \u00a0 \u00a0 \u00a0 \u00a0 \u00a0 \u00a0 \u00a0 \u00a0 \u00a0 \u00a0 \u00a0 \u00a0 \u00a0 \u00a0 \u00a0 \u00a0 \u00a0 \u00a0 \u00a0 \u00a0 \u00a0 \u00a0 \u00a0\u00a0\u00a0\u00a0\u00a0\u00a0\u00a0\u00a0\u00a0\u00a0\u00a0\u00a0\u00a0\u00a0\u00a0\u00a0\u00a0\u00a0\u00a0\u00a0\u00a0\u00a0\u00a0\u00a0\u00a0 Fotos: Hans-Werner und Lena &nbsp; In diesem Jahr wird [&hellip;]<\/p>\n","protected":false},"author":1,"featured_media":0,"parent":0,"menu_order":0,"comment_status":"closed","ping_status":"closed","template":"page-templates\/full-width.php","meta":{"footnotes":""},"class_list":["post-27843","page","type-page","status-publish","hentry"],"_links":{"self":[{"href":"https:\/\/olu-limburg.de\/index.php?rest_route=\/wp\/v2\/pages\/27843","targetHints":{"allow":["GET"]}}],"collection":[{"href":"https:\/\/olu-limburg.de\/index.php?rest_route=\/wp\/v2\/pages"}],"about":[{"href":"https:\/\/olu-limburg.de\/index.php?rest_route=\/wp\/v2\/types\/page"}],"author":[{"embeddable":true,"href":"https:\/\/olu-limburg.de\/index.php?rest_route=\/wp\/v2\/users\/1"}],"replies":[{"embeddable":true,"href":"https:\/\/olu-limburg.de\/index.php?rest_route=%2Fwp%2Fv2%2Fcomments&post=27843"}],"version-history":[{"count":36,"href":"https:\/\/olu-limburg.de\/index.php?rest_route=\/wp\/v2\/pages\/27843\/revisions"}],"predecessor-version":[{"id":28033,"href":"https:\/\/olu-limburg.de\/index.php?rest_route=\/wp\/v2\/pages\/27843\/revisions\/28033"}],"wp:attachment":[{"href":"https:\/\/olu-limburg.de\/index.php?rest_route=%2Fwp%2Fv2%2Fmedia&parent=27843"}],"curies":[{"name":"wp","href":"https:\/\/api.w.org\/{rel}","templated":true}]}}