{"id":27152,"date":"2022-10-04T16:26:09","date_gmt":"2022-10-04T14:26:09","guid":{"rendered":"https:\/\/olu-limburg.de\/?page_id=27152"},"modified":"2022-10-24T09:31:18","modified_gmt":"2022-10-24T07:31:18","slug":"im-norden-frankreichs-september-2022","status":"publish","type":"page","link":"https:\/\/olu-limburg.de\/?page_id=27152","title":{"rendered":"Im Norden Frankreichs September 2022"},"content":{"rendered":"<p>Text: Hans-Werner\u00a0\u00a0\u00a0\u00a0\u00a0\u00a0\u00a0\u00a0\u00a0\u00a0\u00a0\u00a0\u00a0\u00a0\u00a0\u00a0\u00a0\u00a0\u00a0\u00a0\u00a0\u00a0\u00a0\u00a0\u00a0\u00a0\u00a0\u00a0\u00a0\u00a0\u00a0\u00a0\u00a0\u00a0\u00a0\u00a0\u00a0\u00a0\u00a0\u00a0\u00a0\u00a0\u00a0\u00a0\u00a0\u00a0\u00a0\u00a0\u00a0\u00a0\u00a0\u00a0\u00a0\u00a0\u00a0\u00a0\u00a0\u00a0\u00a0\u00a0\u00a0\u00a0\u00a0\u00a0\u00a0\u00a0\u00a0\u00a0\u00a0\u00a0\u00a0\u00a0\u00a0\u00a0\u00a0\u00a0\u00a0\u00a0\u00a0\u00a0\u00a0\u00a0\u00a0\u00a0\u00a0\u00a0\u00a0\u00a0\u00a0\u00a0\u00a0\u00a0\u00a0\u00a0\u00a0\u00a0\u00a0\u00a0\u00a0\u00a0\u00a0\u00a0\u00a0\u00a0\u00a0\u00a0\u00a0\u00a0\u00a0\u00a0\u00a0\u00a0\u00a0\u00a0\u00a0\u00a0\u00a0\u00a0\u00a0 Fotos: Hans-Werner und Lena<\/p>\n<p>&nbsp;<\/p>\n<p><a href=\"https:\/\/olu-limburg.de\/wp-content\/uploads\/2022\/10\/P1100396_ergebnis.jpg\"><img loading=\"lazy\" decoding=\"async\" class=\"size-full wp-image-27162 aligncenter\" src=\"https:\/\/olu-limburg.de\/wp-content\/uploads\/2022\/10\/P1100396_ergebnis.jpg\" alt=\"\" width=\"800\" height=\"600\" srcset=\"https:\/\/olu-limburg.de\/wp-content\/uploads\/2022\/10\/P1100396_ergebnis.jpg 800w, https:\/\/olu-limburg.de\/wp-content\/uploads\/2022\/10\/P1100396_ergebnis-300x225.jpg 300w, https:\/\/olu-limburg.de\/wp-content\/uploads\/2022\/10\/P1100396_ergebnis-768x576.jpg 768w, https:\/\/olu-limburg.de\/wp-content\/uploads\/2022\/10\/P1100396_ergebnis-624x468.jpg 624w\" sizes=\"auto, (max-width: 800px) 100vw, 800px\" \/><\/a><\/p>\n<p><a href=\"https:\/\/olu-limburg.de\/wp-content\/uploads\/2022\/10\/IMG_20220926_133020_ergebnis.jpg\"><img loading=\"lazy\" decoding=\"async\" class=\"size-full wp-image-27161 aligncenter\" src=\"https:\/\/olu-limburg.de\/wp-content\/uploads\/2022\/10\/IMG_20220926_133020_ergebnis.jpg\" alt=\"\" width=\"800\" height=\"600\" srcset=\"https:\/\/olu-limburg.de\/wp-content\/uploads\/2022\/10\/IMG_20220926_133020_ergebnis.jpg 800w, https:\/\/olu-limburg.de\/wp-content\/uploads\/2022\/10\/IMG_20220926_133020_ergebnis-300x225.jpg 300w, https:\/\/olu-limburg.de\/wp-content\/uploads\/2022\/10\/IMG_20220926_133020_ergebnis-768x576.jpg 768w, https:\/\/olu-limburg.de\/wp-content\/uploads\/2022\/10\/IMG_20220926_133020_ergebnis-624x468.jpg 624w\" sizes=\"auto, (max-width: 800px) 100vw, 800px\" \/><\/a><\/p>\n<p>F\u00fcr unsere Reise im Sp\u00e4tsommer haben wir als Hauptziel die Kanalk\u00fcste Frankreichs auserkoren. Von den Temperaturen her hat sich der Sommer verabschiedet. Auch mit der Trockenheit ist es vorbei. Dies alles hat uns aber nicht daran gehindert, in der Zeit vom 10. bis zum 30.09.2022 uns die K\u00fcste von Petit-Fort-Philippe im Norden bis hinunter nach Saint-Valery-en-Caux genauer anzuschauen. Dabei haben wir 1.857 km zur\u00fcckgelegt und standen fast ausschlie\u00dflich auf Wohnmobil-Stellpl\u00e4tzen. Im Schnitt lag der Dieselpreis 30 Ct. niedriger als in Deutschland. An einer Tankstelle haben wir sogar nur 159,5 Ct.\/Liter bezahlt.<\/p>\n<p>Bei unseren vorherigen Fahrten in diesem Jahr haben wir festgestellt, dass die Dieselpreise ein gro\u00dfes Thema werden, und einen gro\u00dfen Teil des Urlaubsbudgets in Anspruch nehmen. Um so erfreulicher war das &#8222;Bauchgef\u00fchl&#8220; in diesem Urlaub.<\/p>\n<p>&nbsp;<\/p>\n<p><strong>Samstag, 10.09.2022<\/strong><\/p>\n<p>\u00dcber die A3 und die Mosel-Autobahn erreichen wir Luxembourg, wo wir unseren Tankstopp (187,7 Ct.) und eine kurze Verpflegungspause einlegen.\u00a0 Anschlie\u00dfend nehmen wir die Autobahn in Richtung Br\u00fcssel, die wir bei der Abfahrt 23 verlassen, um nach wenigen Landstra\u00dfenkilometern in das franz\u00f6sische St\u00e4dtchen Givet zu gelangen. Unterwegs haben wir schon festgestellt, dass sich an den Supermarkt-Tankstellen lange Schlangen bilden, da auch die Belgier schnell mal zum Tanken \u00fcber die Grenze kommen.<\/p>\n<p>Givet liegt in einem ausgepr\u00e4gten Wurmfortsatz des Grenzverlaufs beidseits der Meuse, und wird von einer Vauban-Festung auf einem Bergr\u00fccken oberhalb der Stadt gesch\u00fctzt.<\/p>\n<p><a href=\"https:\/\/olu-limburg.de\/wp-content\/uploads\/2022\/10\/IMG_20220911_100729_ergebnis.jpg\"><img loading=\"lazy\" decoding=\"async\" class=\"size-full wp-image-27165 aligncenter\" src=\"https:\/\/olu-limburg.de\/wp-content\/uploads\/2022\/10\/IMG_20220911_100729_ergebnis.jpg\" alt=\"\" width=\"800\" height=\"600\" srcset=\"https:\/\/olu-limburg.de\/wp-content\/uploads\/2022\/10\/IMG_20220911_100729_ergebnis.jpg 800w, https:\/\/olu-limburg.de\/wp-content\/uploads\/2022\/10\/IMG_20220911_100729_ergebnis-300x225.jpg 300w, https:\/\/olu-limburg.de\/wp-content\/uploads\/2022\/10\/IMG_20220911_100729_ergebnis-768x576.jpg 768w, https:\/\/olu-limburg.de\/wp-content\/uploads\/2022\/10\/IMG_20220911_100729_ergebnis-624x468.jpg 624w\" sizes=\"auto, (max-width: 800px) 100vw, 800px\" \/><\/a><\/p>\n<p><a href=\"https:\/\/olu-limburg.de\/wp-content\/uploads\/2022\/10\/P1100264_ergebnis.jpg\"><img loading=\"lazy\" decoding=\"async\" class=\"size-full wp-image-27166 aligncenter\" src=\"https:\/\/olu-limburg.de\/wp-content\/uploads\/2022\/10\/P1100264_ergebnis.jpg\" alt=\"\" width=\"800\" height=\"600\" srcset=\"https:\/\/olu-limburg.de\/wp-content\/uploads\/2022\/10\/P1100264_ergebnis.jpg 800w, https:\/\/olu-limburg.de\/wp-content\/uploads\/2022\/10\/P1100264_ergebnis-300x225.jpg 300w, https:\/\/olu-limburg.de\/wp-content\/uploads\/2022\/10\/P1100264_ergebnis-768x576.jpg 768w, https:\/\/olu-limburg.de\/wp-content\/uploads\/2022\/10\/P1100264_ergebnis-624x468.jpg 624w\" sizes=\"auto, (max-width: 800px) 100vw, 800px\" \/><\/a><\/p>\n<p>Deshalb steuern wir den Wohnmobil-Stellplatz am Quai Dervaux an. Er ist voll belegt. Das f\u00e4ngt ja gut an. Der zweite Versuch sind die paar Pl\u00e4tze vor dem Camping Municipal auf der anderen Seite der Meuse. Hier gef\u00e4llt es uns gar nicht. Wir wollen Givet schon wieder notgedrungen verlassen und sind schon am Ortsausgang, und auf dem Weg nach dem etwas s\u00fcdlicher gelegenen Vireux-Molhain, da sehen wir gegen\u00fcber einige Wohnmobile etwas abseits direkt am Flu\u00df stehen. Das ist jetzt mein Ziel, und wir haben Gl\u00fcck.<\/p>\n<p><a href=\"https:\/\/olu-limburg.de\/wp-content\/uploads\/2022\/10\/P1100291_ergebnis.jpg\"><img loading=\"lazy\" decoding=\"async\" class=\"size-full wp-image-27167 aligncenter\" src=\"https:\/\/olu-limburg.de\/wp-content\/uploads\/2022\/10\/P1100291_ergebnis.jpg\" alt=\"\" width=\"800\" height=\"600\" srcset=\"https:\/\/olu-limburg.de\/wp-content\/uploads\/2022\/10\/P1100291_ergebnis.jpg 800w, https:\/\/olu-limburg.de\/wp-content\/uploads\/2022\/10\/P1100291_ergebnis-300x225.jpg 300w, https:\/\/olu-limburg.de\/wp-content\/uploads\/2022\/10\/P1100291_ergebnis-768x576.jpg 768w, https:\/\/olu-limburg.de\/wp-content\/uploads\/2022\/10\/P1100291_ergebnis-624x468.jpg 624w\" sizes=\"auto, (max-width: 800px) 100vw, 800px\" \/><\/a><\/p>\n<p>Hier l\u00e4\u00dft es sich aushalten.<\/p>\n<p><a href=\"https:\/\/olu-limburg.de\/wp-content\/uploads\/2022\/10\/IMG_20220910_194120_ergebnis.jpg\"><img loading=\"lazy\" decoding=\"async\" class=\"size-full wp-image-27169 aligncenter\" src=\"https:\/\/olu-limburg.de\/wp-content\/uploads\/2022\/10\/IMG_20220910_194120_ergebnis.jpg\" alt=\"\" width=\"800\" height=\"600\" srcset=\"https:\/\/olu-limburg.de\/wp-content\/uploads\/2022\/10\/IMG_20220910_194120_ergebnis.jpg 800w, https:\/\/olu-limburg.de\/wp-content\/uploads\/2022\/10\/IMG_20220910_194120_ergebnis-300x225.jpg 300w, https:\/\/olu-limburg.de\/wp-content\/uploads\/2022\/10\/IMG_20220910_194120_ergebnis-768x576.jpg 768w, https:\/\/olu-limburg.de\/wp-content\/uploads\/2022\/10\/IMG_20220910_194120_ergebnis-624x468.jpg 624w\" sizes=\"auto, (max-width: 800px) 100vw, 800px\" \/><\/a><\/p>\n<p><a href=\"https:\/\/olu-limburg.de\/wp-content\/uploads\/2022\/10\/IMG_20220910_194129_ergebnis.jpg\"><img loading=\"lazy\" decoding=\"async\" class=\"size-full wp-image-27170 aligncenter\" src=\"https:\/\/olu-limburg.de\/wp-content\/uploads\/2022\/10\/IMG_20220910_194129_ergebnis.jpg\" alt=\"\" width=\"800\" height=\"600\" srcset=\"https:\/\/olu-limburg.de\/wp-content\/uploads\/2022\/10\/IMG_20220910_194129_ergebnis.jpg 800w, https:\/\/olu-limburg.de\/wp-content\/uploads\/2022\/10\/IMG_20220910_194129_ergebnis-300x225.jpg 300w, https:\/\/olu-limburg.de\/wp-content\/uploads\/2022\/10\/IMG_20220910_194129_ergebnis-768x576.jpg 768w, https:\/\/olu-limburg.de\/wp-content\/uploads\/2022\/10\/IMG_20220910_194129_ergebnis-624x468.jpg 624w\" sizes=\"auto, (max-width: 800px) 100vw, 800px\" \/><\/a><\/p>\n<p><a href=\"https:\/\/olu-limburg.de\/wp-content\/uploads\/2022\/10\/IMG_20220910_204750_ergebnis.jpg\"><img loading=\"lazy\" decoding=\"async\" class=\"size-full wp-image-27171 aligncenter\" src=\"https:\/\/olu-limburg.de\/wp-content\/uploads\/2022\/10\/IMG_20220910_204750_ergebnis.jpg\" alt=\"\" width=\"800\" height=\"600\" srcset=\"https:\/\/olu-limburg.de\/wp-content\/uploads\/2022\/10\/IMG_20220910_204750_ergebnis.jpg 800w, https:\/\/olu-limburg.de\/wp-content\/uploads\/2022\/10\/IMG_20220910_204750_ergebnis-300x225.jpg 300w, https:\/\/olu-limburg.de\/wp-content\/uploads\/2022\/10\/IMG_20220910_204750_ergebnis-768x576.jpg 768w, https:\/\/olu-limburg.de\/wp-content\/uploads\/2022\/10\/IMG_20220910_204750_ergebnis-624x468.jpg 624w\" sizes=\"auto, (max-width: 800px) 100vw, 800px\" \/><\/a><\/p>\n<p>Tagesstrecke: 361 km<\/p>\n<p>&nbsp;<\/p>\n<p><strong>Sonntag, 11.09.2022<\/strong><\/p>\n<p>Die Nacht im Wohnmobil war herrlich, und nach dem Wachwerden ist f\u00fcr uns schon klar: Wir fahren heute noch nicht weiter. Bei meinem morgendlichen Spaziergang zum B\u00e4cker auf der anderen Flussseite ist es noch stark bew\u00f6lkt, was sich aber immer mehr aufl\u00f6st.<\/p>\n<p><a href=\"https:\/\/olu-limburg.de\/wp-content\/uploads\/2022\/10\/P1100265_ergebnis.jpg\"><img loading=\"lazy\" decoding=\"async\" class=\"size-full wp-image-27174 aligncenter\" src=\"https:\/\/olu-limburg.de\/wp-content\/uploads\/2022\/10\/P1100265_ergebnis.jpg\" alt=\"\" width=\"800\" height=\"600\" srcset=\"https:\/\/olu-limburg.de\/wp-content\/uploads\/2022\/10\/P1100265_ergebnis.jpg 800w, https:\/\/olu-limburg.de\/wp-content\/uploads\/2022\/10\/P1100265_ergebnis-300x225.jpg 300w, https:\/\/olu-limburg.de\/wp-content\/uploads\/2022\/10\/P1100265_ergebnis-768x576.jpg 768w, https:\/\/olu-limburg.de\/wp-content\/uploads\/2022\/10\/P1100265_ergebnis-624x468.jpg 624w\" sizes=\"auto, (max-width: 800px) 100vw, 800px\" \/><\/a><\/p>\n<p>Gegen Mittag machen wir einen Spaziergang in den \u00e4lteren Ortsteil von Givet, nehmen einen Ap\u00e9ritif in einer kleinen Bar an der Meuse &#8230;<\/p>\n<div id=\"attachment_27179\" style=\"width: 460px\" class=\"wp-caption aligncenter\"><a href=\"https:\/\/olu-limburg.de\/wp-content\/uploads\/2022\/10\/IMG_20220911_115857_ergebnis-e1664977764885.jpg\"><img loading=\"lazy\" decoding=\"async\" aria-describedby=\"caption-attachment-27179\" class=\"wp-image-27179 size-full\" src=\"https:\/\/olu-limburg.de\/wp-content\/uploads\/2022\/10\/IMG_20220911_115857_ergebnis-e1664977764885.jpg\" alt=\"\" width=\"450\" height=\"600\" srcset=\"https:\/\/olu-limburg.de\/wp-content\/uploads\/2022\/10\/IMG_20220911_115857_ergebnis-e1664977764885.jpg 450w, https:\/\/olu-limburg.de\/wp-content\/uploads\/2022\/10\/IMG_20220911_115857_ergebnis-e1664977764885-225x300.jpg 225w\" sizes=\"auto, (max-width: 450px) 100vw, 450px\" \/><\/a><p id=\"caption-attachment-27179\" class=\"wp-caption-text\">Ricard und Picon Bi\u00e8re<\/p><\/div>\n<p>&#8230; und landen zu Mittag in dem von au\u00dfen unscheinbaren Restaurant &#8222;Taj Mahal&#8220; mit indischer und pakistanischer K\u00fcche. Normalerweise bevorzugen wir beim &#8222;Inder&#8220; ein Buffetangebot, damit wir mehr Freiheit in der Auswahl der Speisen haben. Hier gibt es aber ein 3-Gang-Men\u00fc, das sich schon ganz gut liest.<\/p>\n<p><a href=\"https:\/\/olu-limburg.de\/wp-content\/uploads\/2022\/10\/P1100281_ergebnis-e1664977831431.jpg\"><img loading=\"lazy\" decoding=\"async\" class=\"size-full wp-image-27194 aligncenter\" src=\"https:\/\/olu-limburg.de\/wp-content\/uploads\/2022\/10\/P1100281_ergebnis-e1664977831431.jpg\" alt=\"\" width=\"450\" height=\"600\" srcset=\"https:\/\/olu-limburg.de\/wp-content\/uploads\/2022\/10\/P1100281_ergebnis-e1664977831431.jpg 450w, https:\/\/olu-limburg.de\/wp-content\/uploads\/2022\/10\/P1100281_ergebnis-e1664977831431-225x300.jpg 225w\" sizes=\"auto, (max-width: 450px) 100vw, 450px\" \/><\/a><\/p>\n<p><a href=\"https:\/\/olu-limburg.de\/wp-content\/uploads\/2022\/10\/IMG_20220911_123815_ergebnis-e1664977853591.jpg\"><img loading=\"lazy\" decoding=\"async\" class=\"wp-image-27180 size-full aligncenter\" src=\"https:\/\/olu-limburg.de\/wp-content\/uploads\/2022\/10\/IMG_20220911_123815_ergebnis-e1664977853591.jpg\" alt=\"\" width=\"450\" height=\"600\" srcset=\"https:\/\/olu-limburg.de\/wp-content\/uploads\/2022\/10\/IMG_20220911_123815_ergebnis-e1664977853591.jpg 450w, https:\/\/olu-limburg.de\/wp-content\/uploads\/2022\/10\/IMG_20220911_123815_ergebnis-e1664977853591-225x300.jpg 225w\" sizes=\"auto, (max-width: 450px) 100vw, 450px\" \/><\/a><\/p>\n<p>Zur Begr\u00fc\u00dfung erhalten wir schon mal einen Kir &#8222;vom Haus&#8220;.<\/p>\n<p><a href=\"https:\/\/olu-limburg.de\/wp-content\/uploads\/2022\/10\/IMG_20220911_123901_ergebnis-e1664977900168.jpg\"><img loading=\"lazy\" decoding=\"async\" class=\"size-full wp-image-27181 aligncenter\" src=\"https:\/\/olu-limburg.de\/wp-content\/uploads\/2022\/10\/IMG_20220911_123901_ergebnis-e1664977900168.jpg\" alt=\"\" width=\"450\" height=\"600\" srcset=\"https:\/\/olu-limburg.de\/wp-content\/uploads\/2022\/10\/IMG_20220911_123901_ergebnis-e1664977900168.jpg 450w, https:\/\/olu-limburg.de\/wp-content\/uploads\/2022\/10\/IMG_20220911_123901_ergebnis-e1664977900168-225x300.jpg 225w\" sizes=\"auto, (max-width: 450px) 100vw, 450px\" \/><\/a><\/p>\n<p>Vorspeise:<\/p>\n<p>Nan au fromage mit 3 verschiedenen Pasten aus Zwiebeln, Minze und Koriander,<\/p>\n<p>auf Holzkohlenfeuer gegrillter H\u00fchnchenschenkel Tandoori und Hackfleischr\u00f6llchen von der Lammkeule<\/p>\n<p>&nbsp;<\/p>\n<p><a href=\"https:\/\/olu-limburg.de\/wp-content\/uploads\/2022\/10\/IMG_20220911_125543_ergebnis-e1664977930368.jpg\"><img loading=\"lazy\" decoding=\"async\" class=\"size-full wp-image-27182 aligncenter\" src=\"https:\/\/olu-limburg.de\/wp-content\/uploads\/2022\/10\/IMG_20220911_125543_ergebnis-e1664977930368.jpg\" alt=\"\" width=\"450\" height=\"600\" srcset=\"https:\/\/olu-limburg.de\/wp-content\/uploads\/2022\/10\/IMG_20220911_125543_ergebnis-e1664977930368.jpg 450w, https:\/\/olu-limburg.de\/wp-content\/uploads\/2022\/10\/IMG_20220911_125543_ergebnis-e1664977930368-225x300.jpg 225w\" sizes=\"auto, (max-width: 450px) 100vw, 450px\" \/><\/a><\/p>\n<p><a href=\"https:\/\/olu-limburg.de\/wp-content\/uploads\/2022\/10\/IMG_20220911_125649_ergebnis-e1664977956275.jpg\"><img loading=\"lazy\" decoding=\"async\" class=\"size-full wp-image-27183 aligncenter\" src=\"https:\/\/olu-limburg.de\/wp-content\/uploads\/2022\/10\/IMG_20220911_125649_ergebnis-e1664977956275.jpg\" alt=\"\" width=\"450\" height=\"600\" srcset=\"https:\/\/olu-limburg.de\/wp-content\/uploads\/2022\/10\/IMG_20220911_125649_ergebnis-e1664977956275.jpg 450w, https:\/\/olu-limburg.de\/wp-content\/uploads\/2022\/10\/IMG_20220911_125649_ergebnis-e1664977956275-225x300.jpg 225w\" sizes=\"auto, (max-width: 450px) 100vw, 450px\" \/><\/a><\/p>\n<p><strong>Kunstobjekt: <\/strong>ausgeputzter Vorspeisenteller<\/p>\n<p><a href=\"https:\/\/olu-limburg.de\/wp-content\/uploads\/2022\/10\/IMG_20220911_130752_ergebnis.jpg\"><img loading=\"lazy\" decoding=\"async\" class=\"size-full wp-image-27184 aligncenter\" src=\"https:\/\/olu-limburg.de\/wp-content\/uploads\/2022\/10\/IMG_20220911_130752_ergebnis.jpg\" alt=\"\" width=\"800\" height=\"600\" srcset=\"https:\/\/olu-limburg.de\/wp-content\/uploads\/2022\/10\/IMG_20220911_130752_ergebnis.jpg 800w, https:\/\/olu-limburg.de\/wp-content\/uploads\/2022\/10\/IMG_20220911_130752_ergebnis-300x225.jpg 300w, https:\/\/olu-limburg.de\/wp-content\/uploads\/2022\/10\/IMG_20220911_130752_ergebnis-768x576.jpg 768w, https:\/\/olu-limburg.de\/wp-content\/uploads\/2022\/10\/IMG_20220911_130752_ergebnis-624x468.jpg 624w\" sizes=\"auto, (max-width: 800px) 100vw, 800px\" \/><\/a><\/p>\n<p>Hauptspeise:<\/p>\n<p>traditionelles Lammcurry bzw. St\u00fccke von der Lammkeule mit Cashewn\u00fcssen, Mandeln, Pistazien und Sahne mit Basmatireis<\/p>\n<p><a href=\"https:\/\/olu-limburg.de\/wp-content\/uploads\/2022\/10\/IMG_20220911_133834_ergebnis-e1666537902403.jpg\"><img loading=\"lazy\" decoding=\"async\" class=\"size-full wp-image-27185 aligncenter\" src=\"https:\/\/olu-limburg.de\/wp-content\/uploads\/2022\/10\/IMG_20220911_133834_ergebnis-e1666537902403.jpg\" alt=\"\" width=\"600\" height=\"450\" srcset=\"https:\/\/olu-limburg.de\/wp-content\/uploads\/2022\/10\/IMG_20220911_133834_ergebnis-e1666537902403.jpg 600w, https:\/\/olu-limburg.de\/wp-content\/uploads\/2022\/10\/IMG_20220911_133834_ergebnis-e1666537902403-300x225.jpg 300w\" sizes=\"auto, (max-width: 600px) 100vw, 600px\" \/><\/a><\/p>\n<p><a href=\"https:\/\/olu-limburg.de\/wp-content\/uploads\/2022\/10\/IMG_20220911_133839_ergebnis-e1666537960474.jpg\"><img loading=\"lazy\" decoding=\"async\" class=\"size-full wp-image-27186 aligncenter\" src=\"https:\/\/olu-limburg.de\/wp-content\/uploads\/2022\/10\/IMG_20220911_133839_ergebnis-e1666537960474.jpg\" alt=\"\" width=\"600\" height=\"450\" srcset=\"https:\/\/olu-limburg.de\/wp-content\/uploads\/2022\/10\/IMG_20220911_133839_ergebnis-e1666537960474.jpg 600w, https:\/\/olu-limburg.de\/wp-content\/uploads\/2022\/10\/IMG_20220911_133839_ergebnis-e1666537960474-300x225.jpg 300w\" sizes=\"auto, (max-width: 600px) 100vw, 600px\" \/><\/a><\/p>\n<p>Dessert:<\/p>\n<p>Eiskugeln bzw. Milchreiseis<\/p>\n<p><a href=\"https:\/\/olu-limburg.de\/wp-content\/uploads\/2022\/10\/IMG_20220911_135315_ergebnis.jpg\"><img loading=\"lazy\" decoding=\"async\" class=\"size-full wp-image-27187 aligncenter\" src=\"https:\/\/olu-limburg.de\/wp-content\/uploads\/2022\/10\/IMG_20220911_135315_ergebnis.jpg\" alt=\"\" width=\"800\" height=\"600\" srcset=\"https:\/\/olu-limburg.de\/wp-content\/uploads\/2022\/10\/IMG_20220911_135315_ergebnis.jpg 800w, https:\/\/olu-limburg.de\/wp-content\/uploads\/2022\/10\/IMG_20220911_135315_ergebnis-300x225.jpg 300w, https:\/\/olu-limburg.de\/wp-content\/uploads\/2022\/10\/IMG_20220911_135315_ergebnis-768x576.jpg 768w, https:\/\/olu-limburg.de\/wp-content\/uploads\/2022\/10\/IMG_20220911_135315_ergebnis-624x468.jpg 624w\" sizes=\"auto, (max-width: 800px) 100vw, 800px\" \/><\/a><\/p>\n<p><a href=\"https:\/\/olu-limburg.de\/wp-content\/uploads\/2022\/10\/IMG_20220911_135344_ergebnis.jpg\"><img loading=\"lazy\" decoding=\"async\" class=\"size-full wp-image-27188 aligncenter\" src=\"https:\/\/olu-limburg.de\/wp-content\/uploads\/2022\/10\/IMG_20220911_135344_ergebnis.jpg\" alt=\"\" width=\"800\" height=\"600\" srcset=\"https:\/\/olu-limburg.de\/wp-content\/uploads\/2022\/10\/IMG_20220911_135344_ergebnis.jpg 800w, https:\/\/olu-limburg.de\/wp-content\/uploads\/2022\/10\/IMG_20220911_135344_ergebnis-300x225.jpg 300w, https:\/\/olu-limburg.de\/wp-content\/uploads\/2022\/10\/IMG_20220911_135344_ergebnis-768x576.jpg 768w, https:\/\/olu-limburg.de\/wp-content\/uploads\/2022\/10\/IMG_20220911_135344_ergebnis-624x468.jpg 624w\" sizes=\"auto, (max-width: 800px) 100vw, 800px\" \/><\/a><\/p>\n<p>Es war so was von lecker. Eigentlich w\u00e4re jetzt eine Mittagsruhe angesagt. Wir machen aber lieber noch eine Runde durch Alt-Givet.<\/p>\n<p><a href=\"https:\/\/olu-limburg.de\/wp-content\/uploads\/2022\/10\/P1100278_ergebnis-e1664980196393.jpg\"><img loading=\"lazy\" decoding=\"async\" class=\"size-full wp-image-27192 alignleft\" src=\"https:\/\/olu-limburg.de\/wp-content\/uploads\/2022\/10\/P1100278_ergebnis-e1664980196393.jpg\" alt=\"\" width=\"450\" height=\"600\" srcset=\"https:\/\/olu-limburg.de\/wp-content\/uploads\/2022\/10\/P1100278_ergebnis-e1664980196393.jpg 450w, https:\/\/olu-limburg.de\/wp-content\/uploads\/2022\/10\/P1100278_ergebnis-e1664980196393-225x300.jpg 225w\" sizes=\"auto, (max-width: 450px) 100vw, 450px\" \/><\/a><\/p>\n<p><a href=\"https:\/\/olu-limburg.de\/wp-content\/uploads\/2022\/10\/IMG_20220911_140934_ergebnis-e1664980238788.jpg\"><img loading=\"lazy\" decoding=\"async\" class=\"size-full wp-image-27190 alignright\" src=\"https:\/\/olu-limburg.de\/wp-content\/uploads\/2022\/10\/IMG_20220911_140934_ergebnis-e1664980238788.jpg\" alt=\"\" width=\"450\" height=\"600\" srcset=\"https:\/\/olu-limburg.de\/wp-content\/uploads\/2022\/10\/IMG_20220911_140934_ergebnis-e1664980238788.jpg 450w, https:\/\/olu-limburg.de\/wp-content\/uploads\/2022\/10\/IMG_20220911_140934_ergebnis-e1664980238788-225x300.jpg 225w\" sizes=\"auto, (max-width: 450px) 100vw, 450px\" \/><\/a><\/p>\n<p><a href=\"https:\/\/olu-limburg.de\/wp-content\/uploads\/2022\/10\/P1100280_ergebnis-e1664980211355.jpg\"><img loading=\"lazy\" decoding=\"async\" class=\"size-full wp-image-27193 alignleft\" src=\"https:\/\/olu-limburg.de\/wp-content\/uploads\/2022\/10\/P1100280_ergebnis-e1664980211355.jpg\" alt=\"\" width=\"450\" height=\"600\" srcset=\"https:\/\/olu-limburg.de\/wp-content\/uploads\/2022\/10\/P1100280_ergebnis-e1664980211355.jpg 450w, https:\/\/olu-limburg.de\/wp-content\/uploads\/2022\/10\/P1100280_ergebnis-e1664980211355-225x300.jpg 225w\" sizes=\"auto, (max-width: 450px) 100vw, 450px\" \/><\/a><\/p>\n<p><a href=\"https:\/\/olu-limburg.de\/wp-content\/uploads\/2022\/10\/P1100273_ergebnis-e1664980251839.jpg\"><img loading=\"lazy\" decoding=\"async\" class=\"size-full wp-image-27191 alignright\" src=\"https:\/\/olu-limburg.de\/wp-content\/uploads\/2022\/10\/P1100273_ergebnis-e1664980251839.jpg\" alt=\"\" width=\"450\" height=\"600\" srcset=\"https:\/\/olu-limburg.de\/wp-content\/uploads\/2022\/10\/P1100273_ergebnis-e1664980251839.jpg 450w, https:\/\/olu-limburg.de\/wp-content\/uploads\/2022\/10\/P1100273_ergebnis-e1664980251839-225x300.jpg 225w\" sizes=\"auto, (max-width: 450px) 100vw, 450px\" \/><\/a><\/p>\n<p><a href=\"https:\/\/olu-limburg.de\/wp-content\/uploads\/2022\/10\/P1100286_ergebnis-e1664980264982.jpg\"><img loading=\"lazy\" decoding=\"async\" class=\"size-full wp-image-27196 alignleft\" src=\"https:\/\/olu-limburg.de\/wp-content\/uploads\/2022\/10\/P1100286_ergebnis-e1664980264982.jpg\" alt=\"\" width=\"450\" height=\"600\" srcset=\"https:\/\/olu-limburg.de\/wp-content\/uploads\/2022\/10\/P1100286_ergebnis-e1664980264982.jpg 450w, https:\/\/olu-limburg.de\/wp-content\/uploads\/2022\/10\/P1100286_ergebnis-e1664980264982-225x300.jpg 225w\" sizes=\"auto, (max-width: 450px) 100vw, 450px\" \/><\/a><\/p>\n<p><a href=\"https:\/\/olu-limburg.de\/wp-content\/uploads\/2022\/10\/P1100289_ergebnis-e1664980284263.jpg\"><img loading=\"lazy\" decoding=\"async\" class=\"size-full wp-image-27197 alignright\" src=\"https:\/\/olu-limburg.de\/wp-content\/uploads\/2022\/10\/P1100289_ergebnis-e1664980284263.jpg\" alt=\"\" width=\"450\" height=\"600\" srcset=\"https:\/\/olu-limburg.de\/wp-content\/uploads\/2022\/10\/P1100289_ergebnis-e1664980284263.jpg 450w, https:\/\/olu-limburg.de\/wp-content\/uploads\/2022\/10\/P1100289_ergebnis-e1664980284263-225x300.jpg 225w\" sizes=\"auto, (max-width: 450px) 100vw, 450px\" \/><\/a><\/p>\n<p>&nbsp;<\/p>\n<p>&nbsp;<\/p>\n<p><a href=\"https:\/\/olu-limburg.de\/wp-content\/uploads\/2022\/10\/P1100283_ergebnis.jpg\"><img loading=\"lazy\" decoding=\"async\" class=\"size-full wp-image-27195 aligncenter\" src=\"https:\/\/olu-limburg.de\/wp-content\/uploads\/2022\/10\/P1100283_ergebnis.jpg\" alt=\"\" width=\"800\" height=\"600\" srcset=\"https:\/\/olu-limburg.de\/wp-content\/uploads\/2022\/10\/P1100283_ergebnis.jpg 800w, https:\/\/olu-limburg.de\/wp-content\/uploads\/2022\/10\/P1100283_ergebnis-300x225.jpg 300w, https:\/\/olu-limburg.de\/wp-content\/uploads\/2022\/10\/P1100283_ergebnis-768x576.jpg 768w, https:\/\/olu-limburg.de\/wp-content\/uploads\/2022\/10\/P1100283_ergebnis-624x468.jpg 624w\" sizes=\"auto, (max-width: 800px) 100vw, 800px\" \/><\/a><\/p>\n<p><a href=\"https:\/\/olu-limburg.de\/wp-content\/uploads\/2022\/10\/P1100292_ergebnis.jpg\"><img loading=\"lazy\" decoding=\"async\" class=\"size-full wp-image-27198 aligncenter\" src=\"https:\/\/olu-limburg.de\/wp-content\/uploads\/2022\/10\/P1100292_ergebnis.jpg\" alt=\"\" width=\"800\" height=\"600\" srcset=\"https:\/\/olu-limburg.de\/wp-content\/uploads\/2022\/10\/P1100292_ergebnis.jpg 800w, https:\/\/olu-limburg.de\/wp-content\/uploads\/2022\/10\/P1100292_ergebnis-300x225.jpg 300w, https:\/\/olu-limburg.de\/wp-content\/uploads\/2022\/10\/P1100292_ergebnis-768x576.jpg 768w, https:\/\/olu-limburg.de\/wp-content\/uploads\/2022\/10\/P1100292_ergebnis-624x468.jpg 624w\" sizes=\"auto, (max-width: 800px) 100vw, 800px\" \/><\/a><\/p>\n<p><a href=\"https:\/\/olu-limburg.de\/wp-content\/uploads\/2022\/10\/20220911_160432_ergebnis.jpg\"><img loading=\"lazy\" decoding=\"async\" class=\"size-full wp-image-27475 aligncenter\" src=\"https:\/\/olu-limburg.de\/wp-content\/uploads\/2022\/10\/20220911_160432_ergebnis.jpg\" alt=\"\" width=\"800\" height=\"600\" srcset=\"https:\/\/olu-limburg.de\/wp-content\/uploads\/2022\/10\/20220911_160432_ergebnis.jpg 800w, https:\/\/olu-limburg.de\/wp-content\/uploads\/2022\/10\/20220911_160432_ergebnis-300x225.jpg 300w, https:\/\/olu-limburg.de\/wp-content\/uploads\/2022\/10\/20220911_160432_ergebnis-768x576.jpg 768w, https:\/\/olu-limburg.de\/wp-content\/uploads\/2022\/10\/20220911_160432_ergebnis-624x468.jpg 624w\" sizes=\"auto, (max-width: 800px) 100vw, 800px\" \/><\/a><\/p>\n<p>Tagesstrecke: 0 km<\/p>\n<p>&nbsp;<\/p>\n<p><strong>Montag, 12.09.2022<\/strong><\/p>\n<p>Die Vaubanfestung ist zwar sehr beeindruckend. Trotzdem entscheiden wir uns gegen eine genauere Besichtigung und fahren langsam auf Landstra\u00dfen immer in Richtung der N43. Dabei entwickelt unser Navi wieder ein Eigenleben und f\u00fchrt uns \u00fcber haupts\u00e4chlich landwirtschaftlich genutzte Str\u00e4\u00dfchen in kleine Ortschaften und durch verschiedene Umleitungen &#8230;<\/p>\n<p><a href=\"https:\/\/olu-limburg.de\/wp-content\/uploads\/2022\/10\/IMG_20220912_113723_ergebnis-e1664982813170.jpg\"><img loading=\"lazy\" decoding=\"async\" class=\"size-full wp-image-27203 aligncenter\" src=\"https:\/\/olu-limburg.de\/wp-content\/uploads\/2022\/10\/IMG_20220912_113723_ergebnis-e1664982813170.jpg\" alt=\"\" width=\"450\" height=\"600\" srcset=\"https:\/\/olu-limburg.de\/wp-content\/uploads\/2022\/10\/IMG_20220912_113723_ergebnis-e1664982813170.jpg 450w, https:\/\/olu-limburg.de\/wp-content\/uploads\/2022\/10\/IMG_20220912_113723_ergebnis-e1664982813170-225x300.jpg 225w\" sizes=\"auto, (max-width: 450px) 100vw, 450px\" \/><\/a><\/p>\n<p>&#8230; zu dem von mir ausgew\u00e4hlten \u00dcbernachtungsort Catillon-sur-Sambre. Hier gibt es einen kleinen Wohnmobil-Stellplatz an dem schiffbaren Canal de Sambre. Der Stellplatz liegt auch ganz sch\u00f6n, man hat einen Ausblick auf den Kanal und die Angler, aber er ist zu laut durch die viel befahrene Stra\u00dfe direkt nebenan. Wir machen uns in aller Ruhe erst einmal Mittgessen mit einem kleinen Vorspeisenteller und Spaghetti aglio olio.<\/p>\n<p><a href=\"https:\/\/olu-limburg.de\/wp-content\/uploads\/2022\/10\/IMG_20220912_135102_ergebnis.jpg\"><img loading=\"lazy\" decoding=\"async\" class=\"size-full wp-image-27206 aligncenter\" src=\"https:\/\/olu-limburg.de\/wp-content\/uploads\/2022\/10\/IMG_20220912_135102_ergebnis.jpg\" alt=\"\" width=\"800\" height=\"600\" srcset=\"https:\/\/olu-limburg.de\/wp-content\/uploads\/2022\/10\/IMG_20220912_135102_ergebnis.jpg 800w, https:\/\/olu-limburg.de\/wp-content\/uploads\/2022\/10\/IMG_20220912_135102_ergebnis-300x225.jpg 300w, https:\/\/olu-limburg.de\/wp-content\/uploads\/2022\/10\/IMG_20220912_135102_ergebnis-768x576.jpg 768w, https:\/\/olu-limburg.de\/wp-content\/uploads\/2022\/10\/IMG_20220912_135102_ergebnis-624x468.jpg 624w\" sizes=\"auto, (max-width: 800px) 100vw, 800px\" \/><\/a><\/p>\n<p><a href=\"https:\/\/olu-limburg.de\/wp-content\/uploads\/2022\/10\/IMG_20220912_125527_ergebnis.jpg\"><img loading=\"lazy\" decoding=\"async\" class=\"size-full wp-image-27204 aligncenter\" src=\"https:\/\/olu-limburg.de\/wp-content\/uploads\/2022\/10\/IMG_20220912_125527_ergebnis.jpg\" alt=\"\" width=\"800\" height=\"600\" srcset=\"https:\/\/olu-limburg.de\/wp-content\/uploads\/2022\/10\/IMG_20220912_125527_ergebnis.jpg 800w, https:\/\/olu-limburg.de\/wp-content\/uploads\/2022\/10\/IMG_20220912_125527_ergebnis-300x225.jpg 300w, https:\/\/olu-limburg.de\/wp-content\/uploads\/2022\/10\/IMG_20220912_125527_ergebnis-768x576.jpg 768w, https:\/\/olu-limburg.de\/wp-content\/uploads\/2022\/10\/IMG_20220912_125527_ergebnis-624x468.jpg 624w\" sizes=\"auto, (max-width: 800px) 100vw, 800px\" \/><\/a><\/p>\n<p><a href=\"https:\/\/olu-limburg.de\/wp-content\/uploads\/2022\/10\/IMG_20220912_132046_ergebnis.jpg\"><img loading=\"lazy\" decoding=\"async\" class=\"size-full wp-image-27205 aligncenter\" src=\"https:\/\/olu-limburg.de\/wp-content\/uploads\/2022\/10\/IMG_20220912_132046_ergebnis.jpg\" alt=\"\" width=\"800\" height=\"600\" srcset=\"https:\/\/olu-limburg.de\/wp-content\/uploads\/2022\/10\/IMG_20220912_132046_ergebnis.jpg 800w, https:\/\/olu-limburg.de\/wp-content\/uploads\/2022\/10\/IMG_20220912_132046_ergebnis-300x225.jpg 300w, https:\/\/olu-limburg.de\/wp-content\/uploads\/2022\/10\/IMG_20220912_132046_ergebnis-768x576.jpg 768w, https:\/\/olu-limburg.de\/wp-content\/uploads\/2022\/10\/IMG_20220912_132046_ergebnis-624x468.jpg 624w\" sizes=\"auto, (max-width: 800px) 100vw, 800px\" \/><\/a><\/p>\n<p>Zum Gl\u00fcck gibt es auf der anderen Stra\u00dfenseite ca. 300 m entfernt und etwas zur\u00fcckversetzt einen neuen und gr\u00f6\u00dferen Wohnmobil-Stellplatz mit V+E. Der Ausbau wurde gut begonnen, aber irgendwie ist der gute Wille auf der Strecke geblieben. F\u00fcr uns reicht es zur \u00dcbernachtung aber allemal. Die Geb\u00fchrenregelung ist auch noch nicht gekl\u00e4rt. Hinter dem Platz sind auf einer Wiese Apfel- und Birnb\u00e4ume mit seltenen Sorten gepflanzt. Ein anderes Wohnmobil hat bereits vor uns diesen Platz zur \u00dcbernachtung erw\u00e4hlt.<\/p>\n<p><a href=\"https:\/\/olu-limburg.de\/wp-content\/uploads\/2022\/10\/P1100294_ergebnis.jpg\"><img loading=\"lazy\" decoding=\"async\" class=\"size-full wp-image-27207 aligncenter\" src=\"https:\/\/olu-limburg.de\/wp-content\/uploads\/2022\/10\/P1100294_ergebnis.jpg\" alt=\"\" width=\"800\" height=\"600\" srcset=\"https:\/\/olu-limburg.de\/wp-content\/uploads\/2022\/10\/P1100294_ergebnis.jpg 800w, https:\/\/olu-limburg.de\/wp-content\/uploads\/2022\/10\/P1100294_ergebnis-300x225.jpg 300w, https:\/\/olu-limburg.de\/wp-content\/uploads\/2022\/10\/P1100294_ergebnis-768x576.jpg 768w, https:\/\/olu-limburg.de\/wp-content\/uploads\/2022\/10\/P1100294_ergebnis-624x468.jpg 624w\" sizes=\"auto, (max-width: 800px) 100vw, 800px\" \/><\/a><\/p>\n<p>Bei einem Spaziergang in den Ortskern, also immer in Richtung Kirche, zeigt sich erschreckende Trostlosigkeit. Es gibt keine Gesch\u00e4fte mehr, zwei Caf\u00e9s sind zu, nur die Apotheke ist noch da und hat offen. Irgendwo an der Hauptstra\u00dfe soll es noch einen Supermarkt geben. Wir gehen also wieder zu unserem Wohnmobil zur\u00fcck und machen dort die Bar auf.<\/p>\n<p>Bis zum Abend stehen wir dann zu f\u00fcnft in diesem Ort, der leider keine Infrastruktur hat.<\/p>\n<p>Tagesstrecke: 102 km<\/p>\n<p>&nbsp;<\/p>\n<p><strong>Dienstag, 13.09.2022<\/strong><\/p>\n<p>Heute Nacht hat es zu regnen angefangen. Ich glaube, so etwas haben wir zum letzten Mal am 04. August 2022 erlebt. Uns st\u00f6rt dies nicht weiter, da wir einen Fahrtag auf Landstra\u00dfen und kostenlosen Autobahnen nach Gravelines vor uns haben. Dass es aber aufgrund von diversen Umleitungen eine solche Irrfahrt wird, habe ich mir nicht vorstellen k\u00f6nnen.<\/p>\n<p>Im n\u00e4chsten gr\u00f6\u00dferen Ort, Le Cateau-Cambresis, suchen wir, trotz einer f\u00fcrchterlichen \u00f6rtlichen Umleitung, erst einmal den Intermarch\u00e9 f\u00fcr einen kleinen Einkauf und zum Tanken (175,0Ct.\/l Diesel). In das Matisse-Museum k\u00f6nnen wir heute nicht hinein, dienstags ist geschlossen.<\/p>\n<p>Weiter geht es, und die Umleitungen nehmen zu. Um die Mittagszeit halten wir Ausschau nach einem &#8222;Routier-Restaurant&#8220;, den wir trotz aller Unbilden noch rechtzeitig erreichen. Die Tagesgerichtvorschl\u00e4ge werden uns auf einer Tafel originell offeriert, die auf dem Nachbarstuhl abgestellt wird. Dabei ist mit dem &#8222;Pot&#8217;je Vlesch&#8220; auch etwas Unbekanntes und wir sind von dem Ergebnis sehr \u00fcberrascht &#8211; es ist S\u00fclze!<\/p>\n<p><a href=\"https:\/\/olu-limburg.de\/wp-content\/uploads\/2022\/10\/IMG_20220913_130703_ergebnis-e1665069579549.jpg\"><img loading=\"lazy\" decoding=\"async\" class=\"size-full wp-image-27213 aligncenter\" src=\"https:\/\/olu-limburg.de\/wp-content\/uploads\/2022\/10\/IMG_20220913_130703_ergebnis-e1665069579549.jpg\" alt=\"\" width=\"450\" height=\"600\" srcset=\"https:\/\/olu-limburg.de\/wp-content\/uploads\/2022\/10\/IMG_20220913_130703_ergebnis-e1665069579549.jpg 450w, https:\/\/olu-limburg.de\/wp-content\/uploads\/2022\/10\/IMG_20220913_130703_ergebnis-e1665069579549-225x300.jpg 225w\" sizes=\"auto, (max-width: 450px) 100vw, 450px\" \/><\/a><\/p>\n<p><a href=\"https:\/\/olu-limburg.de\/wp-content\/uploads\/2022\/10\/IMG_20220913_131814_ergebnis.jpg\"><img loading=\"lazy\" decoding=\"async\" class=\"size-full wp-image-27214 aligncenter\" src=\"https:\/\/olu-limburg.de\/wp-content\/uploads\/2022\/10\/IMG_20220913_131814_ergebnis.jpg\" alt=\"\" width=\"800\" height=\"600\" srcset=\"https:\/\/olu-limburg.de\/wp-content\/uploads\/2022\/10\/IMG_20220913_131814_ergebnis.jpg 800w, https:\/\/olu-limburg.de\/wp-content\/uploads\/2022\/10\/IMG_20220913_131814_ergebnis-300x225.jpg 300w, https:\/\/olu-limburg.de\/wp-content\/uploads\/2022\/10\/IMG_20220913_131814_ergebnis-768x576.jpg 768w, https:\/\/olu-limburg.de\/wp-content\/uploads\/2022\/10\/IMG_20220913_131814_ergebnis-624x468.jpg 624w\" sizes=\"auto, (max-width: 800px) 100vw, 800px\" \/><\/a><\/p>\n<p>Auf den letzten 12 km der A16 von Dunkerque bis zur Abfahrt Gravelines erwischt uns noch ein LKW-Stau der vielen F\u00e4hrenutzer. In Gravelines selbst ist alles wie gehabt. \u00dcber die Umgehungsstra\u00dfe kommen wir problemlos zum Wohnmobil-Stellplatz ohne V+E in der Rue du Port (Geb\u00fchr EUR 7,50\/24 Std. &#8211; die ausgeschilderte kostenlose Aire de Service ist in der Rue de Gendarmerie).<\/p>\n<p>Aus leidiger Erfahrung m\u00f6chte ich darauf hinweisen, da\u00df der Kassenautomat nur in einem ruhigen und ausgeglichenen Zustand genutzt werden sollte. Bei der Eingabe der Verweildauer sollte der entsprechende Displaybereich\u00a0 nur einmal angetippt werden. Dann heisst es zu warten, auch wenn es etwas l\u00e4nger dauert. Ich habe an meinem Auflagedruck gezweifelt und das Display dort noch einmal angetippt. Als Ergebnis davon wurde mir die Verweildauer von normalerweise 24 Stunden um sage und schreibe eine weitere Stunde verl\u00e4ngert, und das zu einem Preis von EUR 17,00. Eigentlich h\u00e4tte ich es wissen m\u00fcssen, denn irgendetwas war doch beim letzten Besuch in Gravelines. F\u00fcr diesen Luxus stehen wir auch in der ersten Reihe am Port de Plaisance.<\/p>\n<p><a href=\"https:\/\/olu-limburg.de\/wp-content\/uploads\/2022\/10\/IMG_20220913_182616_ergebnis.jpg\"><img loading=\"lazy\" decoding=\"async\" class=\"size-full wp-image-27215 aligncenter\" src=\"https:\/\/olu-limburg.de\/wp-content\/uploads\/2022\/10\/IMG_20220913_182616_ergebnis.jpg\" alt=\"\" width=\"800\" height=\"600\" srcset=\"https:\/\/olu-limburg.de\/wp-content\/uploads\/2022\/10\/IMG_20220913_182616_ergebnis.jpg 800w, https:\/\/olu-limburg.de\/wp-content\/uploads\/2022\/10\/IMG_20220913_182616_ergebnis-300x225.jpg 300w, https:\/\/olu-limburg.de\/wp-content\/uploads\/2022\/10\/IMG_20220913_182616_ergebnis-768x576.jpg 768w, https:\/\/olu-limburg.de\/wp-content\/uploads\/2022\/10\/IMG_20220913_182616_ergebnis-624x468.jpg 624w\" sizes=\"auto, (max-width: 800px) 100vw, 800px\" \/><\/a><\/p>\n<p>Als der Regen aufh\u00f6rte, machen wir noch einen Spaziergang in den Ort. Es ist alles noch grau in grau. Bereits an den Au\u00dfenanlagen k\u00f6nnen wir feststellen, Gravelines ist auch eine &#8222;Vauban-Stadt&#8220; mit ihren Besfestigungen.<\/p>\n<p>Gravelines liegt an dem Fluss Aa, dessen M\u00fcndung auf den letzten Kilometern in die Nordsee bereits 1150 kanalisiert wurde. Die Stadt war sehr oft Schauplatz vieler Kriege zwischen Engl\u00e4ndern, Franzosen und Spaniern. Da halfen auch um 1650 die Ma\u00dfnahmen Vaubans zur Befestigung der Stadt nichts. Au\u00dferdem kam es 1588 in der Meerenge zur gro\u00dfen Seeschlacht von Gravelines zwischen der englischen Flotte unter Charles Howard und der spanischen Armada.<\/p>\n<p>Bei diesem st\u00e4ndigen hin und her ist es nicht verwunderlich, da\u00df sich erst im 19. Jhdt. die franz\u00f6siche Sprache durchsetzte und dass zuvor gesprochene Niederl\u00e4ndisch verdr\u00e4ngte.<\/p>\n<p><a href=\"https:\/\/olu-limburg.de\/wp-content\/uploads\/2022\/10\/IMG_20220913_184805_ergebnis.jpg\"><img loading=\"lazy\" decoding=\"async\" class=\"size-full wp-image-27218 aligncenter\" src=\"https:\/\/olu-limburg.de\/wp-content\/uploads\/2022\/10\/IMG_20220913_184805_ergebnis.jpg\" alt=\"\" width=\"800\" height=\"600\" srcset=\"https:\/\/olu-limburg.de\/wp-content\/uploads\/2022\/10\/IMG_20220913_184805_ergebnis.jpg 800w, https:\/\/olu-limburg.de\/wp-content\/uploads\/2022\/10\/IMG_20220913_184805_ergebnis-300x225.jpg 300w, https:\/\/olu-limburg.de\/wp-content\/uploads\/2022\/10\/IMG_20220913_184805_ergebnis-768x576.jpg 768w, https:\/\/olu-limburg.de\/wp-content\/uploads\/2022\/10\/IMG_20220913_184805_ergebnis-624x468.jpg 624w\" sizes=\"auto, (max-width: 800px) 100vw, 800px\" \/><\/a><\/p>\n<p><a href=\"https:\/\/olu-limburg.de\/wp-content\/uploads\/2022\/10\/IMG_20220913_190716_ergebnis.jpg\"><img loading=\"lazy\" decoding=\"async\" class=\"size-full wp-image-27224 aligncenter\" src=\"https:\/\/olu-limburg.de\/wp-content\/uploads\/2022\/10\/IMG_20220913_190716_ergebnis.jpg\" alt=\"\" width=\"800\" height=\"600\" srcset=\"https:\/\/olu-limburg.de\/wp-content\/uploads\/2022\/10\/IMG_20220913_190716_ergebnis.jpg 800w, https:\/\/olu-limburg.de\/wp-content\/uploads\/2022\/10\/IMG_20220913_190716_ergebnis-300x225.jpg 300w, https:\/\/olu-limburg.de\/wp-content\/uploads\/2022\/10\/IMG_20220913_190716_ergebnis-768x576.jpg 768w, https:\/\/olu-limburg.de\/wp-content\/uploads\/2022\/10\/IMG_20220913_190716_ergebnis-624x468.jpg 624w\" sizes=\"auto, (max-width: 800px) 100vw, 800px\" \/><\/a><\/p>\n<p>Am Marktplatz nehmen die &#8222;harten&#8220; M\u00e4nner rauchend ihren abendlichen Aperitif drau\u00dfen ein. Dienstagabends steht auch der Pizzawagen auf dem Marktplatz. Da gibt es leckere Pizzen vom mit Holz befeuerten Backofen.<\/p>\n<p><a href=\"https:\/\/olu-limburg.de\/wp-content\/uploads\/2022\/10\/IMG_20220913_183524_ergebnis.jpg\"><img loading=\"lazy\" decoding=\"async\" class=\"size-full wp-image-27216 aligncenter\" src=\"https:\/\/olu-limburg.de\/wp-content\/uploads\/2022\/10\/IMG_20220913_183524_ergebnis.jpg\" alt=\"\" width=\"800\" height=\"600\" srcset=\"https:\/\/olu-limburg.de\/wp-content\/uploads\/2022\/10\/IMG_20220913_183524_ergebnis.jpg 800w, https:\/\/olu-limburg.de\/wp-content\/uploads\/2022\/10\/IMG_20220913_183524_ergebnis-300x225.jpg 300w, https:\/\/olu-limburg.de\/wp-content\/uploads\/2022\/10\/IMG_20220913_183524_ergebnis-768x576.jpg 768w, https:\/\/olu-limburg.de\/wp-content\/uploads\/2022\/10\/IMG_20220913_183524_ergebnis-624x468.jpg 624w\" sizes=\"auto, (max-width: 800px) 100vw, 800px\" \/><\/a><\/p>\n<div id=\"attachment_27217\" style=\"width: 810px\" class=\"wp-caption aligncenter\"><a href=\"https:\/\/olu-limburg.de\/wp-content\/uploads\/2022\/10\/IMG_20220913_184513_ergebnis.jpg\"><img loading=\"lazy\" decoding=\"async\" aria-describedby=\"caption-attachment-27217\" class=\"wp-image-27217 size-full\" src=\"https:\/\/olu-limburg.de\/wp-content\/uploads\/2022\/10\/IMG_20220913_184513_ergebnis.jpg\" alt=\"\" width=\"800\" height=\"600\" srcset=\"https:\/\/olu-limburg.de\/wp-content\/uploads\/2022\/10\/IMG_20220913_184513_ergebnis.jpg 800w, https:\/\/olu-limburg.de\/wp-content\/uploads\/2022\/10\/IMG_20220913_184513_ergebnis-300x225.jpg 300w, https:\/\/olu-limburg.de\/wp-content\/uploads\/2022\/10\/IMG_20220913_184513_ergebnis-768x576.jpg 768w, https:\/\/olu-limburg.de\/wp-content\/uploads\/2022\/10\/IMG_20220913_184513_ergebnis-624x468.jpg 624w\" sizes=\"auto, (max-width: 800px) 100vw, 800px\" \/><\/a><p id=\"caption-attachment-27217\" class=\"wp-caption-text\">von links: Rathaus und Belfried von Gravelines<\/p><\/div>\n<p>Rechts von unserem Eingang in die Stadt befindet sich die Arsenal Bastion, deren Au\u00dfenbereiche mittlerweile sehr sch\u00f6n g\u00e4rtnerisch gestaltet sind. Der Rasen hat zwar noch das sommerliche Braun, doch die Blumenpracht entsch\u00e4digt f\u00fcr Vieles.<\/p>\n<div id=\"attachment_27222\" style=\"width: 810px\" class=\"wp-caption aligncenter\"><a href=\"https:\/\/olu-limburg.de\/wp-content\/uploads\/2022\/10\/IMG_20220913_185801_ergebnis.jpg\"><img loading=\"lazy\" decoding=\"async\" aria-describedby=\"caption-attachment-27222\" class=\"wp-image-27222 size-full\" src=\"https:\/\/olu-limburg.de\/wp-content\/uploads\/2022\/10\/IMG_20220913_185801_ergebnis.jpg\" alt=\"\" width=\"800\" height=\"600\" srcset=\"https:\/\/olu-limburg.de\/wp-content\/uploads\/2022\/10\/IMG_20220913_185801_ergebnis.jpg 800w, https:\/\/olu-limburg.de\/wp-content\/uploads\/2022\/10\/IMG_20220913_185801_ergebnis-300x225.jpg 300w, https:\/\/olu-limburg.de\/wp-content\/uploads\/2022\/10\/IMG_20220913_185801_ergebnis-768x576.jpg 768w, https:\/\/olu-limburg.de\/wp-content\/uploads\/2022\/10\/IMG_20220913_185801_ergebnis-624x468.jpg 624w\" sizes=\"auto, (max-width: 800px) 100vw, 800px\" \/><\/a><p id=\"caption-attachment-27222\" class=\"wp-caption-text\">Au\u00dfenanlagen der Arsenalbastion<\/p><\/div>\n<p><a href=\"https:\/\/olu-limburg.de\/wp-content\/uploads\/2022\/10\/IMG_20220913_190157_ergebnis-e1665074537844.jpg\"><img loading=\"lazy\" decoding=\"async\" class=\"size-full wp-image-27223 alignleft\" src=\"https:\/\/olu-limburg.de\/wp-content\/uploads\/2022\/10\/IMG_20220913_190157_ergebnis-e1665074537844.jpg\" alt=\"\" width=\"450\" height=\"600\" srcset=\"https:\/\/olu-limburg.de\/wp-content\/uploads\/2022\/10\/IMG_20220913_190157_ergebnis-e1665074537844.jpg 450w, https:\/\/olu-limburg.de\/wp-content\/uploads\/2022\/10\/IMG_20220913_190157_ergebnis-e1665074537844-225x300.jpg 225w\" sizes=\"auto, (max-width: 450px) 100vw, 450px\" \/><\/a><\/p>\n<p><a href=\"https:\/\/olu-limburg.de\/wp-content\/uploads\/2022\/10\/IMG_20220913_185230_ergebnis-e1665074562699.jpg\"><img loading=\"lazy\" decoding=\"async\" class=\"size-full wp-image-27219 alignright\" src=\"https:\/\/olu-limburg.de\/wp-content\/uploads\/2022\/10\/IMG_20220913_185230_ergebnis-e1665074562699.jpg\" alt=\"\" width=\"450\" height=\"600\" srcset=\"https:\/\/olu-limburg.de\/wp-content\/uploads\/2022\/10\/IMG_20220913_185230_ergebnis-e1665074562699.jpg 450w, https:\/\/olu-limburg.de\/wp-content\/uploads\/2022\/10\/IMG_20220913_185230_ergebnis-e1665074562699-225x300.jpg 225w\" sizes=\"auto, (max-width: 450px) 100vw, 450px\" \/><\/a><\/p>\n<p><a href=\"https:\/\/olu-limburg.de\/wp-content\/uploads\/2022\/10\/IMG_20220913_185343_ergebnis-e1665074582965.jpg\"><img loading=\"lazy\" decoding=\"async\" class=\"size-full wp-image-27220 aligncenter\" src=\"https:\/\/olu-limburg.de\/wp-content\/uploads\/2022\/10\/IMG_20220913_185343_ergebnis-e1665074582965.jpg\" alt=\"\" width=\"450\" height=\"600\" srcset=\"https:\/\/olu-limburg.de\/wp-content\/uploads\/2022\/10\/IMG_20220913_185343_ergebnis-e1665074582965.jpg 450w, https:\/\/olu-limburg.de\/wp-content\/uploads\/2022\/10\/IMG_20220913_185343_ergebnis-e1665074582965-225x300.jpg 225w\" sizes=\"auto, (max-width: 450px) 100vw, 450px\" \/><\/a><\/p>\n<p><a href=\"https:\/\/olu-limburg.de\/wp-content\/uploads\/2022\/10\/IMG_20220913_185518_ergebnis-e1665074604171.jpg\"><img loading=\"lazy\" decoding=\"async\" class=\"size-full wp-image-27221 aligncenter\" src=\"https:\/\/olu-limburg.de\/wp-content\/uploads\/2022\/10\/IMG_20220913_185518_ergebnis-e1665074604171.jpg\" alt=\"\" width=\"450\" height=\"600\" srcset=\"https:\/\/olu-limburg.de\/wp-content\/uploads\/2022\/10\/IMG_20220913_185518_ergebnis-e1665074604171.jpg 450w, https:\/\/olu-limburg.de\/wp-content\/uploads\/2022\/10\/IMG_20220913_185518_ergebnis-e1665074604171-225x300.jpg 225w\" sizes=\"auto, (max-width: 450px) 100vw, 450px\" \/><\/a><\/p>\n<p>Bei uns gibt es heute Abend Bulots und Crevetten mit Baguette und Mayonnaise. Dies ist nur ein Beispielteller. Es gibt davon noch viiiiiiel mehr.<\/p>\n<p><a href=\"https:\/\/olu-limburg.de\/wp-content\/uploads\/2022\/10\/IMG_20220913_195125_ergebnis.jpg\"><img loading=\"lazy\" decoding=\"async\" class=\"alignnone size-full wp-image-27229\" src=\"https:\/\/olu-limburg.de\/wp-content\/uploads\/2022\/10\/IMG_20220913_195125_ergebnis.jpg\" alt=\"\" width=\"800\" height=\"600\" srcset=\"https:\/\/olu-limburg.de\/wp-content\/uploads\/2022\/10\/IMG_20220913_195125_ergebnis.jpg 800w, https:\/\/olu-limburg.de\/wp-content\/uploads\/2022\/10\/IMG_20220913_195125_ergebnis-300x225.jpg 300w, https:\/\/olu-limburg.de\/wp-content\/uploads\/2022\/10\/IMG_20220913_195125_ergebnis-768x576.jpg 768w, https:\/\/olu-limburg.de\/wp-content\/uploads\/2022\/10\/IMG_20220913_195125_ergebnis-624x468.jpg 624w\" sizes=\"auto, (max-width: 800px) 100vw, 800px\" \/><\/a><\/p>\n<p>Tagesstrecke: 227 km<\/p>\n<p>&nbsp;<\/p>\n<p><strong>Mittwoch, 14.09.2022<\/strong><\/p>\n<p>Auf dem Stellplatz ist schon fr\u00fch ein Kommen und Fahren. Gravelines ist halt ein g\u00fcnstig liegender Stellplatz in der N\u00e4he zu den England-F\u00e4hren.<\/p>\n<p>Wir bleiben noch einen Tag l\u00e4nger in Gravelines. Da es sch\u00fcttet, machen wir den Ausflug nach Petit-Fort-Philippe nicht mit den R\u00e4dern, sondern mit dem Wohnmobil. Es ist zwar kein weter Weg bis dort hin, doch m\u00fcssen wir nach 200 m wegen einer Br\u00fcckenerneuerung eine mehrere Kilometer lange Umleitung fahren, um dann wieder hinter der Br\u00fccke auf die eigentliche Stra\u00dfe zu gelangen.<\/p>\n<p>In Petit-Fort-Philippe ist schon Nebensaison. Einige Restaurants haben bereits das Gesch\u00e4ftsjahr beendet. Auf der schwierigen Suche nach einem Lokal, was unseren Voraussetzungen entspricht, landen wir letztendlich im &#8222;L&#8217;Impr\u00e9vu&#8220;. Trotz Aussichtsfront zum Kanal, ist der Haupteingang auf der anderen Seite am Place Calmette.<\/p>\n<div id=\"attachment_27234\" style=\"width: 810px\" class=\"wp-caption aligncenter\"><a href=\"https:\/\/olu-limburg.de\/wp-content\/uploads\/2022\/10\/IMG_20220914_121538_ergebnis.jpg\"><img loading=\"lazy\" decoding=\"async\" aria-describedby=\"caption-attachment-27234\" class=\"wp-image-27234 size-full\" src=\"https:\/\/olu-limburg.de\/wp-content\/uploads\/2022\/10\/IMG_20220914_121538_ergebnis.jpg\" alt=\"\" width=\"800\" height=\"600\" srcset=\"https:\/\/olu-limburg.de\/wp-content\/uploads\/2022\/10\/IMG_20220914_121538_ergebnis.jpg 800w, https:\/\/olu-limburg.de\/wp-content\/uploads\/2022\/10\/IMG_20220914_121538_ergebnis-300x225.jpg 300w, https:\/\/olu-limburg.de\/wp-content\/uploads\/2022\/10\/IMG_20220914_121538_ergebnis-768x576.jpg 768w, https:\/\/olu-limburg.de\/wp-content\/uploads\/2022\/10\/IMG_20220914_121538_ergebnis-624x468.jpg 624w\" sizes=\"auto, (max-width: 800px) 100vw, 800px\" \/><\/a><p id=\"caption-attachment-27234\" class=\"wp-caption-text\">Blick r\u00fcber nach Grand-Fort-Philippe<\/p><\/div>\n<div id=\"attachment_27233\" style=\"width: 810px\" class=\"wp-caption aligncenter\"><a href=\"https:\/\/olu-limburg.de\/wp-content\/uploads\/2022\/10\/IMG_20220914_121328_ergebnis.jpg\"><img loading=\"lazy\" decoding=\"async\" aria-describedby=\"caption-attachment-27233\" class=\"wp-image-27233 size-full\" src=\"https:\/\/olu-limburg.de\/wp-content\/uploads\/2022\/10\/IMG_20220914_121328_ergebnis.jpg\" alt=\"\" width=\"800\" height=\"600\" srcset=\"https:\/\/olu-limburg.de\/wp-content\/uploads\/2022\/10\/IMG_20220914_121328_ergebnis.jpg 800w, https:\/\/olu-limburg.de\/wp-content\/uploads\/2022\/10\/IMG_20220914_121328_ergebnis-300x225.jpg 300w, https:\/\/olu-limburg.de\/wp-content\/uploads\/2022\/10\/IMG_20220914_121328_ergebnis-768x576.jpg 768w, https:\/\/olu-limburg.de\/wp-content\/uploads\/2022\/10\/IMG_20220914_121328_ergebnis-624x468.jpg 624w\" sizes=\"auto, (max-width: 800px) 100vw, 800px\" \/><\/a><p id=\"caption-attachment-27233\" class=\"wp-caption-text\">Bei der Frittenbude vor der Fischmarkthalle haben wir vor vielen Jahren schon mal gehalten und die leckeren Pommes gegessen.<\/p><\/div>\n<div id=\"attachment_27237\" style=\"width: 810px\" class=\"wp-caption aligncenter\"><a href=\"https:\/\/olu-limburg.de\/wp-content\/uploads\/2022\/10\/IMG_20220914_135332_ergebnis.jpg\"><img loading=\"lazy\" decoding=\"async\" aria-describedby=\"caption-attachment-27237\" class=\"wp-image-27237 size-full\" src=\"https:\/\/olu-limburg.de\/wp-content\/uploads\/2022\/10\/IMG_20220914_135332_ergebnis.jpg\" alt=\"\" width=\"800\" height=\"600\" srcset=\"https:\/\/olu-limburg.de\/wp-content\/uploads\/2022\/10\/IMG_20220914_135332_ergebnis.jpg 800w, https:\/\/olu-limburg.de\/wp-content\/uploads\/2022\/10\/IMG_20220914_135332_ergebnis-300x225.jpg 300w, https:\/\/olu-limburg.de\/wp-content\/uploads\/2022\/10\/IMG_20220914_135332_ergebnis-768x576.jpg 768w, https:\/\/olu-limburg.de\/wp-content\/uploads\/2022\/10\/IMG_20220914_135332_ergebnis-624x468.jpg 624w\" sizes=\"auto, (max-width: 800px) 100vw, 800px\" \/><\/a><p id=\"caption-attachment-27237\" class=\"wp-caption-text\">Die M\u00fcndung in die Nordsee.<\/p><\/div>\n<p><a href=\"https:\/\/olu-limburg.de\/wp-content\/uploads\/2022\/10\/IMG_20220914_135415_ergebnis-e1665154184752.jpg\"><img loading=\"lazy\" decoding=\"async\" class=\"size-full wp-image-27238 aligncenter\" src=\"https:\/\/olu-limburg.de\/wp-content\/uploads\/2022\/10\/IMG_20220914_135415_ergebnis-e1665154184752.jpg\" alt=\"\" width=\"450\" height=\"600\" srcset=\"https:\/\/olu-limburg.de\/wp-content\/uploads\/2022\/10\/IMG_20220914_135415_ergebnis-e1665154184752.jpg 450w, https:\/\/olu-limburg.de\/wp-content\/uploads\/2022\/10\/IMG_20220914_135415_ergebnis-e1665154184752-225x300.jpg 225w\" sizes=\"auto, (max-width: 450px) 100vw, 450px\" \/><\/a><\/p>\n<p><a href=\"https:\/\/olu-limburg.de\/wp-content\/uploads\/2022\/10\/20220914_135153_ergebnis.jpg\"><img loading=\"lazy\" decoding=\"async\" class=\"size-full wp-image-27476 aligncenter\" src=\"https:\/\/olu-limburg.de\/wp-content\/uploads\/2022\/10\/20220914_135153_ergebnis.jpg\" alt=\"\" width=\"800\" height=\"600\" srcset=\"https:\/\/olu-limburg.de\/wp-content\/uploads\/2022\/10\/20220914_135153_ergebnis.jpg 800w, https:\/\/olu-limburg.de\/wp-content\/uploads\/2022\/10\/20220914_135153_ergebnis-300x225.jpg 300w, https:\/\/olu-limburg.de\/wp-content\/uploads\/2022\/10\/20220914_135153_ergebnis-768x576.jpg 768w, https:\/\/olu-limburg.de\/wp-content\/uploads\/2022\/10\/20220914_135153_ergebnis-624x468.jpg 624w\" sizes=\"auto, (max-width: 800px) 100vw, 800px\" \/><\/a><\/p>\n<p>Unsere Wahl im &#8222;L&#8217;Impr\u00e9vu&#8220; f\u00e4llt nach dem Ap\u00e9ritif, einem Kir p\u00e9tillant, auf Moules frites mit einer K\u00e4seso\u00dfe vom Maroilles und auf einen Caf\u00e9 gourmand.<\/p>\n<p><a href=\"https:\/\/olu-limburg.de\/wp-content\/uploads\/2022\/10\/IMG_20220914_125251_ergebnis.jpg\"><img loading=\"lazy\" decoding=\"async\" class=\"size-full wp-image-27235 aligncenter\" src=\"https:\/\/olu-limburg.de\/wp-content\/uploads\/2022\/10\/IMG_20220914_125251_ergebnis.jpg\" alt=\"\" width=\"800\" height=\"600\" srcset=\"https:\/\/olu-limburg.de\/wp-content\/uploads\/2022\/10\/IMG_20220914_125251_ergebnis.jpg 800w, https:\/\/olu-limburg.de\/wp-content\/uploads\/2022\/10\/IMG_20220914_125251_ergebnis-300x225.jpg 300w, https:\/\/olu-limburg.de\/wp-content\/uploads\/2022\/10\/IMG_20220914_125251_ergebnis-768x576.jpg 768w, https:\/\/olu-limburg.de\/wp-content\/uploads\/2022\/10\/IMG_20220914_125251_ergebnis-624x468.jpg 624w\" sizes=\"auto, (max-width: 800px) 100vw, 800px\" \/><\/a><\/p>\n<p><a href=\"https:\/\/olu-limburg.de\/wp-content\/uploads\/2022\/10\/IMG_20220914_133128_ergebnis.jpg\"><img loading=\"lazy\" decoding=\"async\" class=\"size-full wp-image-27236 aligncenter\" src=\"https:\/\/olu-limburg.de\/wp-content\/uploads\/2022\/10\/IMG_20220914_133128_ergebnis.jpg\" alt=\"\" width=\"800\" height=\"600\" srcset=\"https:\/\/olu-limburg.de\/wp-content\/uploads\/2022\/10\/IMG_20220914_133128_ergebnis.jpg 800w, https:\/\/olu-limburg.de\/wp-content\/uploads\/2022\/10\/IMG_20220914_133128_ergebnis-300x225.jpg 300w, https:\/\/olu-limburg.de\/wp-content\/uploads\/2022\/10\/IMG_20220914_133128_ergebnis-768x576.jpg 768w, https:\/\/olu-limburg.de\/wp-content\/uploads\/2022\/10\/IMG_20220914_133128_ergebnis-624x468.jpg 624w\" sizes=\"auto, (max-width: 800px) 100vw, 800px\" \/><\/a><\/p>\n<p>Der Regen und der Wind lassen keinen Strandspaziergang zu, deshalb fahren wir wieder nach Gravelines zum Stellplatz und machen es uns gem\u00fctlich.<\/p>\n<p>Im Laufe des Nachmittags h\u00f6rt der Regen doch noch auf, so da\u00df wir einen Spaziergang machen k\u00f6nnen. Vorher l\u00f6se ich aber in aller Ruhe das Problem mit dem neuen Stellplatz-Ticket und bezahle auch nur EUR 7,50.<\/p>\n<p>Direkt hinter dem Einlasstor von Gravelines entschlie\u00dfen wir uns zu einem Rundgang auf dem Befestigungswall. Erst von hier oben k\u00f6nnen wir die Idee hinter den immer wieder spitz zulaufenden Verteidigungsanlagen erkennen.<\/p>\n<p><a href=\"https:\/\/olu-limburg.de\/wp-content\/uploads\/2022\/10\/IMG_20220914_163416_ergebnis.jpg\"><img loading=\"lazy\" decoding=\"async\" class=\"size-full wp-image-27242 aligncenter\" src=\"https:\/\/olu-limburg.de\/wp-content\/uploads\/2022\/10\/IMG_20220914_163416_ergebnis.jpg\" alt=\"\" width=\"800\" height=\"600\" srcset=\"https:\/\/olu-limburg.de\/wp-content\/uploads\/2022\/10\/IMG_20220914_163416_ergebnis.jpg 800w, https:\/\/olu-limburg.de\/wp-content\/uploads\/2022\/10\/IMG_20220914_163416_ergebnis-300x225.jpg 300w, https:\/\/olu-limburg.de\/wp-content\/uploads\/2022\/10\/IMG_20220914_163416_ergebnis-768x576.jpg 768w, https:\/\/olu-limburg.de\/wp-content\/uploads\/2022\/10\/IMG_20220914_163416_ergebnis-624x468.jpg 624w\" sizes=\"auto, (max-width: 800px) 100vw, 800px\" \/><\/a><\/p>\n<div id=\"attachment_27243\" style=\"width: 810px\" class=\"wp-caption aligncenter\"><a href=\"https:\/\/olu-limburg.de\/wp-content\/uploads\/2022\/10\/IMG_20220914_163822_ergebnis.jpg\"><img loading=\"lazy\" decoding=\"async\" aria-describedby=\"caption-attachment-27243\" class=\"wp-image-27243 size-full\" src=\"https:\/\/olu-limburg.de\/wp-content\/uploads\/2022\/10\/IMG_20220914_163822_ergebnis.jpg\" alt=\"\" width=\"800\" height=\"600\" srcset=\"https:\/\/olu-limburg.de\/wp-content\/uploads\/2022\/10\/IMG_20220914_163822_ergebnis.jpg 800w, https:\/\/olu-limburg.de\/wp-content\/uploads\/2022\/10\/IMG_20220914_163822_ergebnis-300x225.jpg 300w, https:\/\/olu-limburg.de\/wp-content\/uploads\/2022\/10\/IMG_20220914_163822_ergebnis-768x576.jpg 768w, https:\/\/olu-limburg.de\/wp-content\/uploads\/2022\/10\/IMG_20220914_163822_ergebnis-624x468.jpg 624w\" sizes=\"auto, (max-width: 800px) 100vw, 800px\" \/><\/a><p id=\"caption-attachment-27243\" class=\"wp-caption-text\">Blick auf die M\u00fcndung der Aa in die Nordsee.<\/p><\/div>\n<div id=\"attachment_27244\" style=\"width: 810px\" class=\"wp-caption aligncenter\"><a href=\"https:\/\/olu-limburg.de\/wp-content\/uploads\/2022\/10\/IMG_20220914_165749_ergebnis.jpg\"><img loading=\"lazy\" decoding=\"async\" aria-describedby=\"caption-attachment-27244\" class=\"wp-image-27244 size-full\" src=\"https:\/\/olu-limburg.de\/wp-content\/uploads\/2022\/10\/IMG_20220914_165749_ergebnis.jpg\" alt=\"\" width=\"800\" height=\"600\" srcset=\"https:\/\/olu-limburg.de\/wp-content\/uploads\/2022\/10\/IMG_20220914_165749_ergebnis.jpg 800w, https:\/\/olu-limburg.de\/wp-content\/uploads\/2022\/10\/IMG_20220914_165749_ergebnis-300x225.jpg 300w, https:\/\/olu-limburg.de\/wp-content\/uploads\/2022\/10\/IMG_20220914_165749_ergebnis-768x576.jpg 768w, https:\/\/olu-limburg.de\/wp-content\/uploads\/2022\/10\/IMG_20220914_165749_ergebnis-624x468.jpg 624w\" sizes=\"auto, (max-width: 800px) 100vw, 800px\" \/><\/a><p id=\"caption-attachment-27244\" class=\"wp-caption-text\">\u00f6ffentliche Gartenanlage am Wall<\/p><\/div>\n<p><a href=\"https:\/\/olu-limburg.de\/wp-content\/uploads\/2022\/10\/IMG_20220914_170322_ergebnis.jpg\"><img loading=\"lazy\" decoding=\"async\" class=\"size-full wp-image-27245 aligncenter\" src=\"https:\/\/olu-limburg.de\/wp-content\/uploads\/2022\/10\/IMG_20220914_170322_ergebnis.jpg\" alt=\"\" width=\"800\" height=\"600\" srcset=\"https:\/\/olu-limburg.de\/wp-content\/uploads\/2022\/10\/IMG_20220914_170322_ergebnis.jpg 800w, https:\/\/olu-limburg.de\/wp-content\/uploads\/2022\/10\/IMG_20220914_170322_ergebnis-300x225.jpg 300w, https:\/\/olu-limburg.de\/wp-content\/uploads\/2022\/10\/IMG_20220914_170322_ergebnis-768x576.jpg 768w, https:\/\/olu-limburg.de\/wp-content\/uploads\/2022\/10\/IMG_20220914_170322_ergebnis-624x468.jpg 624w\" sizes=\"auto, (max-width: 800px) 100vw, 800px\" \/><\/a><\/p>\n<p><a href=\"https:\/\/olu-limburg.de\/wp-content\/uploads\/2022\/10\/IMG_20220914_171317_ergebnis.jpg\"><img loading=\"lazy\" decoding=\"async\" class=\"size-full wp-image-27246 aligncenter\" src=\"https:\/\/olu-limburg.de\/wp-content\/uploads\/2022\/10\/IMG_20220914_171317_ergebnis.jpg\" alt=\"\" width=\"800\" height=\"600\" srcset=\"https:\/\/olu-limburg.de\/wp-content\/uploads\/2022\/10\/IMG_20220914_171317_ergebnis.jpg 800w, https:\/\/olu-limburg.de\/wp-content\/uploads\/2022\/10\/IMG_20220914_171317_ergebnis-300x225.jpg 300w, https:\/\/olu-limburg.de\/wp-content\/uploads\/2022\/10\/IMG_20220914_171317_ergebnis-768x576.jpg 768w, https:\/\/olu-limburg.de\/wp-content\/uploads\/2022\/10\/IMG_20220914_171317_ergebnis-624x468.jpg 624w\" sizes=\"auto, (max-width: 800px) 100vw, 800px\" \/><\/a><\/p>\n<div id=\"attachment_27247\" style=\"width: 460px\" class=\"wp-caption aligncenter\"><a href=\"https:\/\/olu-limburg.de\/wp-content\/uploads\/2022\/10\/IMG_20220914_172634_ergebnis-e1665156841665.jpg\"><img loading=\"lazy\" decoding=\"async\" aria-describedby=\"caption-attachment-27247\" class=\"wp-image-27247 size-full\" src=\"https:\/\/olu-limburg.de\/wp-content\/uploads\/2022\/10\/IMG_20220914_172634_ergebnis-e1665156841665.jpg\" alt=\"\" width=\"450\" height=\"600\" srcset=\"https:\/\/olu-limburg.de\/wp-content\/uploads\/2022\/10\/IMG_20220914_172634_ergebnis-e1665156841665.jpg 450w, https:\/\/olu-limburg.de\/wp-content\/uploads\/2022\/10\/IMG_20220914_172634_ergebnis-e1665156841665-225x300.jpg 225w\" sizes=\"auto, (max-width: 450px) 100vw, 450px\" \/><\/a><p id=\"caption-attachment-27247\" class=\"wp-caption-text\">Zisternenturm<\/p><\/div>\n<p><a href=\"https:\/\/olu-limburg.de\/wp-content\/uploads\/2022\/10\/IMG_20220914_172714_ergebnis.jpg\"><img loading=\"lazy\" decoding=\"async\" class=\"size-full wp-image-27248 aligncenter\" src=\"https:\/\/olu-limburg.de\/wp-content\/uploads\/2022\/10\/IMG_20220914_172714_ergebnis.jpg\" alt=\"\" width=\"800\" height=\"600\" srcset=\"https:\/\/olu-limburg.de\/wp-content\/uploads\/2022\/10\/IMG_20220914_172714_ergebnis.jpg 800w, https:\/\/olu-limburg.de\/wp-content\/uploads\/2022\/10\/IMG_20220914_172714_ergebnis-300x225.jpg 300w, https:\/\/olu-limburg.de\/wp-content\/uploads\/2022\/10\/IMG_20220914_172714_ergebnis-768x576.jpg 768w, https:\/\/olu-limburg.de\/wp-content\/uploads\/2022\/10\/IMG_20220914_172714_ergebnis-624x468.jpg 624w\" sizes=\"auto, (max-width: 800px) 100vw, 800px\" \/><\/a><\/p>\n<div id=\"attachment_27250\" style=\"width: 810px\" class=\"wp-caption aligncenter\"><a href=\"https:\/\/olu-limburg.de\/wp-content\/uploads\/2022\/10\/IMG_20220914_173353_ergebnis.jpg\"><img loading=\"lazy\" decoding=\"async\" aria-describedby=\"caption-attachment-27250\" class=\"wp-image-27250 size-full\" src=\"https:\/\/olu-limburg.de\/wp-content\/uploads\/2022\/10\/IMG_20220914_173353_ergebnis.jpg\" alt=\"\" width=\"800\" height=\"600\" srcset=\"https:\/\/olu-limburg.de\/wp-content\/uploads\/2022\/10\/IMG_20220914_173353_ergebnis.jpg 800w, https:\/\/olu-limburg.de\/wp-content\/uploads\/2022\/10\/IMG_20220914_173353_ergebnis-300x225.jpg 300w, https:\/\/olu-limburg.de\/wp-content\/uploads\/2022\/10\/IMG_20220914_173353_ergebnis-768x576.jpg 768w, https:\/\/olu-limburg.de\/wp-content\/uploads\/2022\/10\/IMG_20220914_173353_ergebnis-624x468.jpg 624w\" sizes=\"auto, (max-width: 800px) 100vw, 800px\" \/><\/a><p id=\"caption-attachment-27250\" class=\"wp-caption-text\">Kath. Kirche zum Hl. Willibrord<\/p><\/div>\n<p><a href=\"https:\/\/olu-limburg.de\/wp-content\/uploads\/2022\/10\/IMG_20220914_172915_ergebnis-e1665156881688.jpg\"><img loading=\"lazy\" decoding=\"async\" class=\"size-full wp-image-27249 aligncenter\" src=\"https:\/\/olu-limburg.de\/wp-content\/uploads\/2022\/10\/IMG_20220914_172915_ergebnis-e1665156881688.jpg\" alt=\"\" width=\"450\" height=\"600\" srcset=\"https:\/\/olu-limburg.de\/wp-content\/uploads\/2022\/10\/IMG_20220914_172915_ergebnis-e1665156881688.jpg 450w, https:\/\/olu-limburg.de\/wp-content\/uploads\/2022\/10\/IMG_20220914_172915_ergebnis-e1665156881688-225x300.jpg 225w\" sizes=\"auto, (max-width: 450px) 100vw, 450px\" \/><\/a><\/p>\n<p>Gegen Abend verwandelt sich tats\u00e4chlich das bedr\u00fcckende Grau am Himmel in ein strahlendes Blau.<\/p>\n<p><a href=\"https:\/\/olu-limburg.de\/wp-content\/uploads\/2022\/10\/IMG_20220914_192340_ergebnis.jpg\"><img loading=\"lazy\" decoding=\"async\" class=\"size-full wp-image-27251 aligncenter\" src=\"https:\/\/olu-limburg.de\/wp-content\/uploads\/2022\/10\/IMG_20220914_192340_ergebnis.jpg\" alt=\"\" width=\"800\" height=\"600\" srcset=\"https:\/\/olu-limburg.de\/wp-content\/uploads\/2022\/10\/IMG_20220914_192340_ergebnis.jpg 800w, https:\/\/olu-limburg.de\/wp-content\/uploads\/2022\/10\/IMG_20220914_192340_ergebnis-300x225.jpg 300w, https:\/\/olu-limburg.de\/wp-content\/uploads\/2022\/10\/IMG_20220914_192340_ergebnis-768x576.jpg 768w, https:\/\/olu-limburg.de\/wp-content\/uploads\/2022\/10\/IMG_20220914_192340_ergebnis-624x468.jpg 624w\" sizes=\"auto, (max-width: 800px) 100vw, 800px\" \/><\/a><\/p>\n<p><a href=\"https:\/\/olu-limburg.de\/wp-content\/uploads\/2022\/10\/20220914_194435_ergebnis.jpg\"><img loading=\"lazy\" decoding=\"async\" class=\"size-full wp-image-27478 aligncenter\" src=\"https:\/\/olu-limburg.de\/wp-content\/uploads\/2022\/10\/20220914_194435_ergebnis.jpg\" alt=\"\" width=\"800\" height=\"600\" srcset=\"https:\/\/olu-limburg.de\/wp-content\/uploads\/2022\/10\/20220914_194435_ergebnis.jpg 800w, https:\/\/olu-limburg.de\/wp-content\/uploads\/2022\/10\/20220914_194435_ergebnis-300x225.jpg 300w, https:\/\/olu-limburg.de\/wp-content\/uploads\/2022\/10\/20220914_194435_ergebnis-768x576.jpg 768w, https:\/\/olu-limburg.de\/wp-content\/uploads\/2022\/10\/20220914_194435_ergebnis-624x468.jpg 624w\" sizes=\"auto, (max-width: 800px) 100vw, 800px\" \/><\/a><\/p>\n<p>Tagesstrecke: 0 km<\/p>\n<p>&nbsp;<\/p>\n<p><strong>Donnerstag, 15.09.2022<\/strong><\/p>\n<p>Nach dem Fr\u00fchst\u00fcck packen wir unsere Sachen und fahren problemlos auf Nebenstra\u00dfen an den Hafenanlagen von Calais vorbei auf die D 940 und passieren das Cap Blanc-Nez. Die Wohnmobilisten, die zum Cap aufsteigen wollen, m\u00fcssen sich einen Streifen am Stra\u00dfenrand suchen, wo sie ihr Gef\u00e4hrt gefahrenfrei abstellen k\u00f6nnen. Uns zieht es weiter auf den kostenlosen Wohnmobil-Stellplatz &#8222;Parking Wissant&#8220; mit Entsorgungsm\u00f6glichkeiten an der Route de Calais (D940).<\/p>\n<p>Der Ortsname &#8222;Wissant&#8220; k\u00f6nnte sich von dem fl\u00e4mischen <em>Wit-Zand<\/em> oder der altenglischen Bezeichnung f\u00fcr <em>White Sand<\/em> ableiten. Der kleine Badeort liegt n\u00e4mlich in einer sandigen Bucht zwischen dem Cap Blanc-Nez und dem Cap Gris-Nez.<\/p>\n<p><a href=\"https:\/\/olu-limburg.de\/wp-content\/uploads\/2022\/10\/IMG_20220915_123646_ergebnis.jpg\"><img loading=\"lazy\" decoding=\"async\" class=\"alignnone size-full wp-image-27263\" src=\"https:\/\/olu-limburg.de\/wp-content\/uploads\/2022\/10\/IMG_20220915_123646_ergebnis.jpg\" alt=\"\" width=\"800\" height=\"600\" srcset=\"https:\/\/olu-limburg.de\/wp-content\/uploads\/2022\/10\/IMG_20220915_123646_ergebnis.jpg 800w, https:\/\/olu-limburg.de\/wp-content\/uploads\/2022\/10\/IMG_20220915_123646_ergebnis-300x225.jpg 300w, https:\/\/olu-limburg.de\/wp-content\/uploads\/2022\/10\/IMG_20220915_123646_ergebnis-768x576.jpg 768w, https:\/\/olu-limburg.de\/wp-content\/uploads\/2022\/10\/IMG_20220915_123646_ergebnis-624x468.jpg 624w\" sizes=\"auto, (max-width: 800px) 100vw, 800px\" \/><\/a><\/p>\n<div id=\"attachment_27271\" style=\"width: 810px\" class=\"wp-caption alignnone\"><a href=\"https:\/\/olu-limburg.de\/wp-content\/uploads\/2022\/10\/P1100316_ergebnis.jpg\"><img loading=\"lazy\" decoding=\"async\" aria-describedby=\"caption-attachment-27271\" class=\"wp-image-27271 size-full\" src=\"https:\/\/olu-limburg.de\/wp-content\/uploads\/2022\/10\/P1100316_ergebnis.jpg\" alt=\"\" width=\"800\" height=\"600\" srcset=\"https:\/\/olu-limburg.de\/wp-content\/uploads\/2022\/10\/P1100316_ergebnis.jpg 800w, https:\/\/olu-limburg.de\/wp-content\/uploads\/2022\/10\/P1100316_ergebnis-300x225.jpg 300w, https:\/\/olu-limburg.de\/wp-content\/uploads\/2022\/10\/P1100316_ergebnis-768x576.jpg 768w, https:\/\/olu-limburg.de\/wp-content\/uploads\/2022\/10\/P1100316_ergebnis-624x468.jpg 624w\" sizes=\"auto, (max-width: 800px) 100vw, 800px\" \/><\/a><p id=\"caption-attachment-27271\" class=\"wp-caption-text\">Blick zum Cap Gris-Nez<\/p><\/div>\n<p>Der bekannteste Sommerfrischler, den es immer wieder hierher gezogen hat, war der General und ehemalige Staatspr\u00e4sident Frankreichs,<\/p>\n<p>Wir erfreuen uns aber bei dem Weg in die Stadt an den alten H\u00e4usern mit ihrer ganz speziellen Geschichte, denn einige K\u00fcnstler aus der &#8222;Schule von Wissant&#8220; hatten hier ihre H\u00e4user und Ateliers.<\/p>\n<div style=\"width: 460px\" class=\"wp-caption alignnone\"><a href=\"https:\/\/olu-limburg.de\/wp-content\/uploads\/2022\/10\/P1100295_ergebnis-e1665241631829.jpg\"><img loading=\"lazy\" decoding=\"async\" class=\"wp-image-27264 size-full\" src=\"https:\/\/olu-limburg.de\/wp-content\/uploads\/2022\/10\/P1100295_ergebnis-e1665241631829.jpg\" alt=\"\" width=\"450\" height=\"600\" srcset=\"https:\/\/olu-limburg.de\/wp-content\/uploads\/2022\/10\/P1100295_ergebnis-e1665241631829.jpg 450w, https:\/\/olu-limburg.de\/wp-content\/uploads\/2022\/10\/P1100295_ergebnis-e1665241631829-225x300.jpg 225w\" sizes=\"auto, (max-width: 450px) 100vw, 450px\" \/><\/a><p class=\"wp-caption-text\">Wohnhaus und Brennofen des Bildhauers Edouard Houssin<\/p><\/div>\n<p>&nbsp;<\/p>\n<div id=\"attachment_27265\" style=\"width: 810px\" class=\"wp-caption alignnone\"><a href=\"https:\/\/olu-limburg.de\/wp-content\/uploads\/2022\/10\/P1100298_ergebnis.jpg\"><img loading=\"lazy\" decoding=\"async\" aria-describedby=\"caption-attachment-27265\" class=\"wp-image-27265 size-full\" src=\"https:\/\/olu-limburg.de\/wp-content\/uploads\/2022\/10\/P1100298_ergebnis.jpg\" alt=\"\" width=\"800\" height=\"600\" srcset=\"https:\/\/olu-limburg.de\/wp-content\/uploads\/2022\/10\/P1100298_ergebnis.jpg 800w, https:\/\/olu-limburg.de\/wp-content\/uploads\/2022\/10\/P1100298_ergebnis-300x225.jpg 300w, https:\/\/olu-limburg.de\/wp-content\/uploads\/2022\/10\/P1100298_ergebnis-768x576.jpg 768w, https:\/\/olu-limburg.de\/wp-content\/uploads\/2022\/10\/P1100298_ergebnis-624x468.jpg 624w\" sizes=\"auto, (max-width: 800px) 100vw, 800px\" \/><\/a><p id=\"caption-attachment-27265\" class=\"wp-caption-text\">Wohnhaus und Atelier des Malers Fernand Sti\u00e9venart<\/p><\/div>\n<p><a href=\"https:\/\/olu-limburg.de\/wp-content\/uploads\/2022\/10\/20220915_115830_ergebnis.jpg\"><img loading=\"lazy\" decoding=\"async\" class=\"size-full wp-image-27480 aligncenter\" src=\"https:\/\/olu-limburg.de\/wp-content\/uploads\/2022\/10\/20220915_115830_ergebnis.jpg\" alt=\"\" width=\"800\" height=\"600\" srcset=\"https:\/\/olu-limburg.de\/wp-content\/uploads\/2022\/10\/20220915_115830_ergebnis.jpg 800w, https:\/\/olu-limburg.de\/wp-content\/uploads\/2022\/10\/20220915_115830_ergebnis-300x225.jpg 300w, https:\/\/olu-limburg.de\/wp-content\/uploads\/2022\/10\/20220915_115830_ergebnis-768x576.jpg 768w, https:\/\/olu-limburg.de\/wp-content\/uploads\/2022\/10\/20220915_115830_ergebnis-624x468.jpg 624w\" sizes=\"auto, (max-width: 800px) 100vw, 800px\" \/><\/a><\/p>\n<p><a href=\"https:\/\/olu-limburg.de\/wp-content\/uploads\/2022\/10\/P1100301_ergebnis.jpg\"><img loading=\"lazy\" decoding=\"async\" class=\"alignnone size-full wp-image-27266\" src=\"https:\/\/olu-limburg.de\/wp-content\/uploads\/2022\/10\/P1100301_ergebnis.jpg\" alt=\"\" width=\"800\" height=\"600\" srcset=\"https:\/\/olu-limburg.de\/wp-content\/uploads\/2022\/10\/P1100301_ergebnis.jpg 800w, https:\/\/olu-limburg.de\/wp-content\/uploads\/2022\/10\/P1100301_ergebnis-300x225.jpg 300w, https:\/\/olu-limburg.de\/wp-content\/uploads\/2022\/10\/P1100301_ergebnis-768x576.jpg 768w, https:\/\/olu-limburg.de\/wp-content\/uploads\/2022\/10\/P1100301_ergebnis-624x468.jpg 624w\" sizes=\"auto, (max-width: 800px) 100vw, 800px\" \/><\/a><\/p>\n<p><a href=\"https:\/\/olu-limburg.de\/wp-content\/uploads\/2022\/10\/IMG_20220915_120749_ergebnis.jpg\"><img loading=\"lazy\" decoding=\"async\" class=\"alignnone size-full wp-image-27259\" src=\"https:\/\/olu-limburg.de\/wp-content\/uploads\/2022\/10\/IMG_20220915_120749_ergebnis.jpg\" alt=\"\" width=\"800\" height=\"600\" srcset=\"https:\/\/olu-limburg.de\/wp-content\/uploads\/2022\/10\/IMG_20220915_120749_ergebnis.jpg 800w, https:\/\/olu-limburg.de\/wp-content\/uploads\/2022\/10\/IMG_20220915_120749_ergebnis-300x225.jpg 300w, https:\/\/olu-limburg.de\/wp-content\/uploads\/2022\/10\/IMG_20220915_120749_ergebnis-768x576.jpg 768w, https:\/\/olu-limburg.de\/wp-content\/uploads\/2022\/10\/IMG_20220915_120749_ergebnis-624x468.jpg 624w\" sizes=\"auto, (max-width: 800px) 100vw, 800px\" \/><\/a><\/p>\n<p><a href=\"https:\/\/olu-limburg.de\/wp-content\/uploads\/2022\/10\/IMG_20220915_120713_ergebnis.jpg\"><img loading=\"lazy\" decoding=\"async\" class=\"alignnone size-full wp-image-27258\" src=\"https:\/\/olu-limburg.de\/wp-content\/uploads\/2022\/10\/IMG_20220915_120713_ergebnis.jpg\" alt=\"\" width=\"800\" height=\"600\" srcset=\"https:\/\/olu-limburg.de\/wp-content\/uploads\/2022\/10\/IMG_20220915_120713_ergebnis.jpg 800w, https:\/\/olu-limburg.de\/wp-content\/uploads\/2022\/10\/IMG_20220915_120713_ergebnis-300x225.jpg 300w, https:\/\/olu-limburg.de\/wp-content\/uploads\/2022\/10\/IMG_20220915_120713_ergebnis-768x576.jpg 768w, https:\/\/olu-limburg.de\/wp-content\/uploads\/2022\/10\/IMG_20220915_120713_ergebnis-624x468.jpg 624w\" sizes=\"auto, (max-width: 800px) 100vw, 800px\" \/><\/a><\/p>\n<p><a href=\"https:\/\/olu-limburg.de\/wp-content\/uploads\/2022\/10\/P1100303_ergebnis.jpg\"><img loading=\"lazy\" decoding=\"async\" class=\"alignnone size-full wp-image-27267\" src=\"https:\/\/olu-limburg.de\/wp-content\/uploads\/2022\/10\/P1100303_ergebnis.jpg\" alt=\"\" width=\"800\" height=\"600\" srcset=\"https:\/\/olu-limburg.de\/wp-content\/uploads\/2022\/10\/P1100303_ergebnis.jpg 800w, https:\/\/olu-limburg.de\/wp-content\/uploads\/2022\/10\/P1100303_ergebnis-300x225.jpg 300w, https:\/\/olu-limburg.de\/wp-content\/uploads\/2022\/10\/P1100303_ergebnis-768x576.jpg 768w, https:\/\/olu-limburg.de\/wp-content\/uploads\/2022\/10\/P1100303_ergebnis-624x468.jpg 624w\" sizes=\"auto, (max-width: 800px) 100vw, 800px\" \/><\/a><\/p>\n<p><a href=\"https:\/\/olu-limburg.de\/wp-content\/uploads\/2022\/10\/P1100304_ergebnis.jpg\"><img loading=\"lazy\" decoding=\"async\" class=\"alignnone size-full wp-image-27268\" src=\"https:\/\/olu-limburg.de\/wp-content\/uploads\/2022\/10\/P1100304_ergebnis.jpg\" alt=\"\" width=\"800\" height=\"600\" srcset=\"https:\/\/olu-limburg.de\/wp-content\/uploads\/2022\/10\/P1100304_ergebnis.jpg 800w, https:\/\/olu-limburg.de\/wp-content\/uploads\/2022\/10\/P1100304_ergebnis-300x225.jpg 300w, https:\/\/olu-limburg.de\/wp-content\/uploads\/2022\/10\/P1100304_ergebnis-768x576.jpg 768w, https:\/\/olu-limburg.de\/wp-content\/uploads\/2022\/10\/P1100304_ergebnis-624x468.jpg 624w\" sizes=\"auto, (max-width: 800px) 100vw, 800px\" \/><\/a><\/p>\n<p><a href=\"https:\/\/olu-limburg.de\/wp-content\/uploads\/2022\/10\/IMG_20220915_121428_ergebnis.jpg\"><img loading=\"lazy\" decoding=\"async\" class=\"alignnone size-full wp-image-27260\" src=\"https:\/\/olu-limburg.de\/wp-content\/uploads\/2022\/10\/IMG_20220915_121428_ergebnis.jpg\" alt=\"\" width=\"800\" height=\"600\" srcset=\"https:\/\/olu-limburg.de\/wp-content\/uploads\/2022\/10\/IMG_20220915_121428_ergebnis.jpg 800w, https:\/\/olu-limburg.de\/wp-content\/uploads\/2022\/10\/IMG_20220915_121428_ergebnis-300x225.jpg 300w, https:\/\/olu-limburg.de\/wp-content\/uploads\/2022\/10\/IMG_20220915_121428_ergebnis-768x576.jpg 768w, https:\/\/olu-limburg.de\/wp-content\/uploads\/2022\/10\/IMG_20220915_121428_ergebnis-624x468.jpg 624w\" sizes=\"auto, (max-width: 800px) 100vw, 800px\" \/><\/a><\/p>\n<p><a href=\"https:\/\/olu-limburg.de\/wp-content\/uploads\/2022\/10\/P1100311_ergebnis.jpg\"><img loading=\"lazy\" decoding=\"async\" class=\"alignnone size-full wp-image-27269\" src=\"https:\/\/olu-limburg.de\/wp-content\/uploads\/2022\/10\/P1100311_ergebnis.jpg\" alt=\"\" width=\"800\" height=\"600\" srcset=\"https:\/\/olu-limburg.de\/wp-content\/uploads\/2022\/10\/P1100311_ergebnis.jpg 800w, https:\/\/olu-limburg.de\/wp-content\/uploads\/2022\/10\/P1100311_ergebnis-300x225.jpg 300w, https:\/\/olu-limburg.de\/wp-content\/uploads\/2022\/10\/P1100311_ergebnis-768x576.jpg 768w, https:\/\/olu-limburg.de\/wp-content\/uploads\/2022\/10\/P1100311_ergebnis-624x468.jpg 624w\" sizes=\"auto, (max-width: 800px) 100vw, 800px\" \/><\/a><\/p>\n<p><a href=\"https:\/\/olu-limburg.de\/wp-content\/uploads\/2022\/10\/P1100313_ergebnis.jpg\"><img loading=\"lazy\" decoding=\"async\" class=\"alignnone size-full wp-image-27270\" src=\"https:\/\/olu-limburg.de\/wp-content\/uploads\/2022\/10\/P1100313_ergebnis.jpg\" alt=\"\" width=\"800\" height=\"600\" srcset=\"https:\/\/olu-limburg.de\/wp-content\/uploads\/2022\/10\/P1100313_ergebnis.jpg 800w, https:\/\/olu-limburg.de\/wp-content\/uploads\/2022\/10\/P1100313_ergebnis-300x225.jpg 300w, https:\/\/olu-limburg.de\/wp-content\/uploads\/2022\/10\/P1100313_ergebnis-768x576.jpg 768w, https:\/\/olu-limburg.de\/wp-content\/uploads\/2022\/10\/P1100313_ergebnis-624x468.jpg 624w\" sizes=\"auto, (max-width: 800px) 100vw, 800px\" \/><\/a><\/p>\n<div id=\"attachment_27261\" style=\"width: 810px\" class=\"wp-caption alignnone\"><a href=\"https:\/\/olu-limburg.de\/wp-content\/uploads\/2022\/10\/IMG_20220915_121535_ergebnis.jpg\"><img loading=\"lazy\" decoding=\"async\" aria-describedby=\"caption-attachment-27261\" class=\"wp-image-27261 size-full\" src=\"https:\/\/olu-limburg.de\/wp-content\/uploads\/2022\/10\/IMG_20220915_121535_ergebnis.jpg\" alt=\"\" width=\"800\" height=\"600\" srcset=\"https:\/\/olu-limburg.de\/wp-content\/uploads\/2022\/10\/IMG_20220915_121535_ergebnis.jpg 800w, https:\/\/olu-limburg.de\/wp-content\/uploads\/2022\/10\/IMG_20220915_121535_ergebnis-300x225.jpg 300w, https:\/\/olu-limburg.de\/wp-content\/uploads\/2022\/10\/IMG_20220915_121535_ergebnis-768x576.jpg 768w, https:\/\/olu-limburg.de\/wp-content\/uploads\/2022\/10\/IMG_20220915_121535_ergebnis-624x468.jpg 624w\" sizes=\"auto, (max-width: 800px) 100vw, 800px\" \/><\/a><p id=\"caption-attachment-27261\" class=\"wp-caption-text\">Diesen Ausblick k\u00f6nnte auch C\u00e4sar genossen haben. Man vermutet, dass dieser Ort das von C\u00e4sar beschriebene Portus ictius ist, von dem aus er seine Erkundungsfahrten nach England vorgenommen hat.<\/p><\/div>\n<p><a href=\"https:\/\/olu-limburg.de\/wp-content\/uploads\/2022\/10\/IMG_20220915_123210_ergebnis.jpg\"><img loading=\"lazy\" decoding=\"async\" class=\"alignnone size-full wp-image-27262\" src=\"https:\/\/olu-limburg.de\/wp-content\/uploads\/2022\/10\/IMG_20220915_123210_ergebnis.jpg\" alt=\"\" width=\"800\" height=\"600\" srcset=\"https:\/\/olu-limburg.de\/wp-content\/uploads\/2022\/10\/IMG_20220915_123210_ergebnis.jpg 800w, https:\/\/olu-limburg.de\/wp-content\/uploads\/2022\/10\/IMG_20220915_123210_ergebnis-300x225.jpg 300w, https:\/\/olu-limburg.de\/wp-content\/uploads\/2022\/10\/IMG_20220915_123210_ergebnis-768x576.jpg 768w, https:\/\/olu-limburg.de\/wp-content\/uploads\/2022\/10\/IMG_20220915_123210_ergebnis-624x468.jpg 624w\" sizes=\"auto, (max-width: 800px) 100vw, 800px\" \/><\/a><\/p>\n<p><a href=\"https:\/\/olu-limburg.de\/wp-content\/uploads\/2022\/10\/IMG_20220915_125605_ergebnis.jpg\"><img loading=\"lazy\" decoding=\"async\" class=\"alignnone size-full wp-image-27274\" src=\"https:\/\/olu-limburg.de\/wp-content\/uploads\/2022\/10\/IMG_20220915_125605_ergebnis.jpg\" alt=\"\" width=\"800\" height=\"600\" srcset=\"https:\/\/olu-limburg.de\/wp-content\/uploads\/2022\/10\/IMG_20220915_125605_ergebnis.jpg 800w, https:\/\/olu-limburg.de\/wp-content\/uploads\/2022\/10\/IMG_20220915_125605_ergebnis-300x225.jpg 300w, https:\/\/olu-limburg.de\/wp-content\/uploads\/2022\/10\/IMG_20220915_125605_ergebnis-768x576.jpg 768w, https:\/\/olu-limburg.de\/wp-content\/uploads\/2022\/10\/IMG_20220915_125605_ergebnis-624x468.jpg 624w\" sizes=\"auto, (max-width: 800px) 100vw, 800px\" \/><\/a><\/p>\n<p>Nach den ersten Eindr\u00fccken und einem Rundblick \u00fcber die Gastronomie Wissants ziehen wir uns in unser Wohnmobil zur\u00fcck und bewirten uns selbst. Da wir heute aber noch nicht gen\u00fcgend Schritte gesammelt haben, setzen wir unseren vormitt\u00e4glichen Spaziergang fort.<\/p>\n<p>Bei dem Haus der Fischer finden wir eine verwunderliche Erkl\u00e4rung zu der K\u00fcnstlerin Virginie Demont-Breton und ihrem Werk &#8222;L&#8217;Homme et en Mer&#8220;:<\/p>\n<p><em>Eines Tages sieht die K\u00fcnstlerin durch eine offene T\u00fcr eine junge ver\u00e4ngstigte Fischersfrau mit ihrem Kind auf dem Scho\u00df, die auf die Heimkehr ihres Mannes wartet.<\/em><\/p>\n<p>Virginie Demont-Breton stellte ihr Gem\u00e4lde zum &#8222;Pariser Salon von 1889&#8220; vor. Noch im Oktober des gleichen Jahres gab es zu diesem Werk eine Kopie von Vincent van Gogh, die nach der Vorlage eines Schwarz-Wei\u00df-Fotos aus der &#8222;Le Monde&#8220; in Saint-Remy entstanden ist. Dieses Gem\u00e4lde stellte er nachtr\u00e4glich im &#8222;Pariser Salon 1905&#8220; aus.<\/p>\n<p><a href=\"https:\/\/olu-limburg.de\/wp-content\/uploads\/2022\/10\/P1100320_ergebnis.jpg\"><img loading=\"lazy\" decoding=\"async\" class=\"size-full wp-image-27280 aligncenter\" src=\"https:\/\/olu-limburg.de\/wp-content\/uploads\/2022\/10\/P1100320_ergebnis.jpg\" alt=\"\" width=\"800\" height=\"600\" srcset=\"https:\/\/olu-limburg.de\/wp-content\/uploads\/2022\/10\/P1100320_ergebnis.jpg 800w, https:\/\/olu-limburg.de\/wp-content\/uploads\/2022\/10\/P1100320_ergebnis-300x225.jpg 300w, https:\/\/olu-limburg.de\/wp-content\/uploads\/2022\/10\/P1100320_ergebnis-768x576.jpg 768w, https:\/\/olu-limburg.de\/wp-content\/uploads\/2022\/10\/P1100320_ergebnis-624x468.jpg 624w\" sizes=\"auto, (max-width: 800px) 100vw, 800px\" \/><\/a><\/p>\n<p><a href=\"https:\/\/olu-limburg.de\/wp-content\/uploads\/2022\/10\/P1100321_ergebnis.jpg\"><img loading=\"lazy\" decoding=\"async\" class=\"size-full wp-image-27286 aligncenter\" src=\"https:\/\/olu-limburg.de\/wp-content\/uploads\/2022\/10\/P1100321_ergebnis.jpg\" alt=\"\" width=\"800\" height=\"600\" srcset=\"https:\/\/olu-limburg.de\/wp-content\/uploads\/2022\/10\/P1100321_ergebnis.jpg 800w, https:\/\/olu-limburg.de\/wp-content\/uploads\/2022\/10\/P1100321_ergebnis-300x225.jpg 300w, https:\/\/olu-limburg.de\/wp-content\/uploads\/2022\/10\/P1100321_ergebnis-768x576.jpg 768w, https:\/\/olu-limburg.de\/wp-content\/uploads\/2022\/10\/P1100321_ergebnis-624x468.jpg 624w\" sizes=\"auto, (max-width: 800px) 100vw, 800px\" \/><\/a><\/p>\n<p><a href=\"https:\/\/olu-limburg.de\/wp-content\/uploads\/2022\/10\/IMG_20220915_164943_ergebnis.jpg\"><img loading=\"lazy\" decoding=\"async\" class=\"size-full wp-image-27275 aligncenter\" src=\"https:\/\/olu-limburg.de\/wp-content\/uploads\/2022\/10\/IMG_20220915_164943_ergebnis.jpg\" alt=\"\" width=\"800\" height=\"600\" srcset=\"https:\/\/olu-limburg.de\/wp-content\/uploads\/2022\/10\/IMG_20220915_164943_ergebnis.jpg 800w, https:\/\/olu-limburg.de\/wp-content\/uploads\/2022\/10\/IMG_20220915_164943_ergebnis-300x225.jpg 300w, https:\/\/olu-limburg.de\/wp-content\/uploads\/2022\/10\/IMG_20220915_164943_ergebnis-768x576.jpg 768w, https:\/\/olu-limburg.de\/wp-content\/uploads\/2022\/10\/IMG_20220915_164943_ergebnis-624x468.jpg 624w\" sizes=\"auto, (max-width: 800px) 100vw, 800px\" \/><\/a><\/p>\n<p><a href=\"https:\/\/olu-limburg.de\/wp-content\/uploads\/2022\/10\/IMG_20220915_165713_ergebnis-e1665244609654.jpg\"><img loading=\"lazy\" decoding=\"async\" class=\"size-full wp-image-27276 aligncenter\" src=\"https:\/\/olu-limburg.de\/wp-content\/uploads\/2022\/10\/IMG_20220915_165713_ergebnis-e1665244609654.jpg\" alt=\"\" width=\"450\" height=\"600\" srcset=\"https:\/\/olu-limburg.de\/wp-content\/uploads\/2022\/10\/IMG_20220915_165713_ergebnis-e1665244609654.jpg 450w, https:\/\/olu-limburg.de\/wp-content\/uploads\/2022\/10\/IMG_20220915_165713_ergebnis-e1665244609654-225x300.jpg 225w\" sizes=\"auto, (max-width: 450px) 100vw, 450px\" \/><\/a><\/p>\n<p><a href=\"https:\/\/olu-limburg.de\/wp-content\/uploads\/2022\/10\/20220915_170251_ergebnis.jpg\"><img loading=\"lazy\" decoding=\"async\" class=\"size-full wp-image-27482 aligncenter\" src=\"https:\/\/olu-limburg.de\/wp-content\/uploads\/2022\/10\/20220915_170251_ergebnis.jpg\" alt=\"\" width=\"800\" height=\"600\" srcset=\"https:\/\/olu-limburg.de\/wp-content\/uploads\/2022\/10\/20220915_170251_ergebnis.jpg 800w, https:\/\/olu-limburg.de\/wp-content\/uploads\/2022\/10\/20220915_170251_ergebnis-300x225.jpg 300w, https:\/\/olu-limburg.de\/wp-content\/uploads\/2022\/10\/20220915_170251_ergebnis-768x576.jpg 768w, https:\/\/olu-limburg.de\/wp-content\/uploads\/2022\/10\/20220915_170251_ergebnis-624x468.jpg 624w\" sizes=\"auto, (max-width: 800px) 100vw, 800px\" \/><\/a><\/p>\n<p>In der N\u00e4he des Strandes hat sich im 19. und Anfang des 20. Jhdt. ein regelrechtes Villenviertel gebildet. In dieser Villa z.B. liebte es General de Gaulle sich mit seiner Familie zu erholen.<\/p>\n<p><a href=\"https:\/\/olu-limburg.de\/wp-content\/uploads\/2022\/10\/P1100337_ergebnis.jpg\"><img loading=\"lazy\" decoding=\"async\" class=\"size-full wp-image-27281 aligncenter\" src=\"https:\/\/olu-limburg.de\/wp-content\/uploads\/2022\/10\/P1100337_ergebnis.jpg\" alt=\"\" width=\"800\" height=\"600\" srcset=\"https:\/\/olu-limburg.de\/wp-content\/uploads\/2022\/10\/P1100337_ergebnis.jpg 800w, https:\/\/olu-limburg.de\/wp-content\/uploads\/2022\/10\/P1100337_ergebnis-300x225.jpg 300w, https:\/\/olu-limburg.de\/wp-content\/uploads\/2022\/10\/P1100337_ergebnis-768x576.jpg 768w, https:\/\/olu-limburg.de\/wp-content\/uploads\/2022\/10\/P1100337_ergebnis-624x468.jpg 624w\" sizes=\"auto, (max-width: 800px) 100vw, 800px\" \/><\/a><\/p>\n<p><a href=\"https:\/\/olu-limburg.de\/wp-content\/uploads\/2022\/10\/P1100338_ergebnis-e1665244703448.jpg\"><img loading=\"lazy\" decoding=\"async\" class=\"size-full wp-image-27282 alignleft\" src=\"https:\/\/olu-limburg.de\/wp-content\/uploads\/2022\/10\/P1100338_ergebnis-e1665244703448.jpg\" alt=\"\" width=\"450\" height=\"600\" srcset=\"https:\/\/olu-limburg.de\/wp-content\/uploads\/2022\/10\/P1100338_ergebnis-e1665244703448.jpg 450w, https:\/\/olu-limburg.de\/wp-content\/uploads\/2022\/10\/P1100338_ergebnis-e1665244703448-225x300.jpg 225w\" sizes=\"auto, (max-width: 450px) 100vw, 450px\" \/><\/a><\/p>\n<p><a href=\"https:\/\/olu-limburg.de\/wp-content\/uploads\/2022\/10\/P1100348_ergebnis-e1665244748942.jpg\"><img loading=\"lazy\" decoding=\"async\" class=\"size-full wp-image-27284 alignright\" src=\"https:\/\/olu-limburg.de\/wp-content\/uploads\/2022\/10\/P1100348_ergebnis-e1665244748942.jpg\" alt=\"\" width=\"450\" height=\"600\" srcset=\"https:\/\/olu-limburg.de\/wp-content\/uploads\/2022\/10\/P1100348_ergebnis-e1665244748942.jpg 450w, https:\/\/olu-limburg.de\/wp-content\/uploads\/2022\/10\/P1100348_ergebnis-e1665244748942-225x300.jpg 225w\" sizes=\"auto, (max-width: 450px) 100vw, 450px\" \/><\/a><\/p>\n<p><a href=\"https:\/\/olu-limburg.de\/wp-content\/uploads\/2022\/10\/P1100349_ergebnis.jpg\"><img loading=\"lazy\" decoding=\"async\" class=\"size-full wp-image-27285 aligncenter\" src=\"https:\/\/olu-limburg.de\/wp-content\/uploads\/2022\/10\/P1100349_ergebnis.jpg\" alt=\"\" width=\"800\" height=\"600\" srcset=\"https:\/\/olu-limburg.de\/wp-content\/uploads\/2022\/10\/P1100349_ergebnis.jpg 800w, https:\/\/olu-limburg.de\/wp-content\/uploads\/2022\/10\/P1100349_ergebnis-300x225.jpg 300w, https:\/\/olu-limburg.de\/wp-content\/uploads\/2022\/10\/P1100349_ergebnis-768x576.jpg 768w, https:\/\/olu-limburg.de\/wp-content\/uploads\/2022\/10\/P1100349_ergebnis-624x468.jpg 624w\" sizes=\"auto, (max-width: 800px) 100vw, 800px\" \/><\/a><\/p>\n<div id=\"attachment_27283\" style=\"width: 810px\" class=\"wp-caption aligncenter\"><a href=\"https:\/\/olu-limburg.de\/wp-content\/uploads\/2022\/10\/P1100346_ergebnis.jpg\"><img loading=\"lazy\" decoding=\"async\" aria-describedby=\"caption-attachment-27283\" class=\"wp-image-27283 size-full\" src=\"https:\/\/olu-limburg.de\/wp-content\/uploads\/2022\/10\/P1100346_ergebnis.jpg\" alt=\"\" width=\"800\" height=\"600\" srcset=\"https:\/\/olu-limburg.de\/wp-content\/uploads\/2022\/10\/P1100346_ergebnis.jpg 800w, https:\/\/olu-limburg.de\/wp-content\/uploads\/2022\/10\/P1100346_ergebnis-300x225.jpg 300w, https:\/\/olu-limburg.de\/wp-content\/uploads\/2022\/10\/P1100346_ergebnis-768x576.jpg 768w, https:\/\/olu-limburg.de\/wp-content\/uploads\/2022\/10\/P1100346_ergebnis-624x468.jpg 624w\" sizes=\"auto, (max-width: 800px) 100vw, 800px\" \/><\/a><p id=\"caption-attachment-27283\" class=\"wp-caption-text\">Le Typhonium, eine Villa im \u00e4gyptischem Stil, die sich Virginie Demont-Breton bauen lie\u00df.<\/p><\/div>\n<p><a href=\"https:\/\/olu-limburg.de\/wp-content\/uploads\/2022\/10\/IMG_20220915_175611_ergebnis.jpg\"><img loading=\"lazy\" decoding=\"async\" class=\"size-full wp-image-27277 aligncenter\" src=\"https:\/\/olu-limburg.de\/wp-content\/uploads\/2022\/10\/IMG_20220915_175611_ergebnis.jpg\" alt=\"\" width=\"800\" height=\"600\" srcset=\"https:\/\/olu-limburg.de\/wp-content\/uploads\/2022\/10\/IMG_20220915_175611_ergebnis.jpg 800w, https:\/\/olu-limburg.de\/wp-content\/uploads\/2022\/10\/IMG_20220915_175611_ergebnis-300x225.jpg 300w, https:\/\/olu-limburg.de\/wp-content\/uploads\/2022\/10\/IMG_20220915_175611_ergebnis-768x576.jpg 768w, https:\/\/olu-limburg.de\/wp-content\/uploads\/2022\/10\/IMG_20220915_175611_ergebnis-624x468.jpg 624w\" sizes=\"auto, (max-width: 800px) 100vw, 800px\" \/><\/a><\/p>\n<div id=\"attachment_27483\" style=\"width: 810px\" class=\"wp-caption aligncenter\"><a href=\"https:\/\/olu-limburg.de\/wp-content\/uploads\/2022\/10\/20220915_175719_ergebnis.jpg\"><img loading=\"lazy\" decoding=\"async\" aria-describedby=\"caption-attachment-27483\" class=\"wp-image-27483 size-full\" src=\"https:\/\/olu-limburg.de\/wp-content\/uploads\/2022\/10\/20220915_175719_ergebnis.jpg\" alt=\"\" width=\"800\" height=\"600\" srcset=\"https:\/\/olu-limburg.de\/wp-content\/uploads\/2022\/10\/20220915_175719_ergebnis.jpg 800w, https:\/\/olu-limburg.de\/wp-content\/uploads\/2022\/10\/20220915_175719_ergebnis-300x225.jpg 300w, https:\/\/olu-limburg.de\/wp-content\/uploads\/2022\/10\/20220915_175719_ergebnis-768x576.jpg 768w, https:\/\/olu-limburg.de\/wp-content\/uploads\/2022\/10\/20220915_175719_ergebnis-624x468.jpg 624w\" sizes=\"auto, (max-width: 800px) 100vw, 800px\" \/><\/a><p id=\"caption-attachment-27483\" class=\"wp-caption-text\">Bei diesem Licht bewahrheitet sich die Bezeichnung &#8211; Opal-K\u00fcste.<\/p><\/div>\n<p><a href=\"https:\/\/olu-limburg.de\/wp-content\/uploads\/2022\/10\/IMG_20220915_180209_ergebnis.jpg\"><img loading=\"lazy\" decoding=\"async\" class=\"size-full wp-image-27279 aligncenter\" src=\"https:\/\/olu-limburg.de\/wp-content\/uploads\/2022\/10\/IMG_20220915_180209_ergebnis.jpg\" alt=\"\" width=\"800\" height=\"600\" srcset=\"https:\/\/olu-limburg.de\/wp-content\/uploads\/2022\/10\/IMG_20220915_180209_ergebnis.jpg 800w, https:\/\/olu-limburg.de\/wp-content\/uploads\/2022\/10\/IMG_20220915_180209_ergebnis-300x225.jpg 300w, https:\/\/olu-limburg.de\/wp-content\/uploads\/2022\/10\/IMG_20220915_180209_ergebnis-768x576.jpg 768w, https:\/\/olu-limburg.de\/wp-content\/uploads\/2022\/10\/IMG_20220915_180209_ergebnis-624x468.jpg 624w\" sizes=\"auto, (max-width: 800px) 100vw, 800px\" \/><\/a><\/p>\n<p>Tagesstrecke: 40 km<\/p>\n<p>&nbsp;<\/p>\n<p><strong>Freitag, 16.09.2022<\/strong><\/p>\n<p>Wie angek\u00fcndigt, kommt um 08.30 Uhr der B\u00e4cker und k\u00fcndigt sich mit einem zaghaften Hupen an. Es ist schon vorteilhaft, wenn die frischen Backwaren morgens gebracht werden.<\/p>\n<p>Da wir die Bezahlautobahn auf der Fahrt vermeiden wollen, zockeln wir erst auf kleinen Stra\u00dfen und sp\u00e4ter auf der D940 in s\u00fcdlicher Richtung. Bei einem Supermarkt habe ich f\u00fcr 1,699 getankt. Unterwegs finden wir um die Mittagszeit wieder einen &#8222;Routier&#8220;, wo mitten im Speiseraum eine gro\u00dfe Pfanne mit &#8222;Cassoulet Perigourdin&#8220; postiert ist.<\/p>\n<div id=\"attachment_27485\" style=\"width: 460px\" class=\"wp-caption aligncenter\"><a href=\"https:\/\/olu-limburg.de\/wp-content\/uploads\/2022\/10\/20220916_123805_ergebnis-e1665911546506.jpg\"><img loading=\"lazy\" decoding=\"async\" aria-describedby=\"caption-attachment-27485\" class=\"wp-image-27485 size-full\" src=\"https:\/\/olu-limburg.de\/wp-content\/uploads\/2022\/10\/20220916_123805_ergebnis-e1665911546506.jpg\" alt=\"\" width=\"450\" height=\"600\" srcset=\"https:\/\/olu-limburg.de\/wp-content\/uploads\/2022\/10\/20220916_123805_ergebnis-e1665911546506.jpg 450w, https:\/\/olu-limburg.de\/wp-content\/uploads\/2022\/10\/20220916_123805_ergebnis-e1665911546506-225x300.jpg 225w\" sizes=\"auto, (max-width: 450px) 100vw, 450px\" \/><\/a><p id=\"caption-attachment-27485\" class=\"wp-caption-text\">Tagesgericht<\/p><\/div>\n<p><a href=\"https:\/\/olu-limburg.de\/wp-content\/uploads\/2022\/10\/IMG_20220916_125051_ergebnis.jpg\"><img loading=\"lazy\" decoding=\"async\" class=\"size-full wp-image-27290 aligncenter\" src=\"https:\/\/olu-limburg.de\/wp-content\/uploads\/2022\/10\/IMG_20220916_125051_ergebnis.jpg\" alt=\"\" width=\"800\" height=\"600\" srcset=\"https:\/\/olu-limburg.de\/wp-content\/uploads\/2022\/10\/IMG_20220916_125051_ergebnis.jpg 800w, https:\/\/olu-limburg.de\/wp-content\/uploads\/2022\/10\/IMG_20220916_125051_ergebnis-300x225.jpg 300w, https:\/\/olu-limburg.de\/wp-content\/uploads\/2022\/10\/IMG_20220916_125051_ergebnis-768x576.jpg 768w, https:\/\/olu-limburg.de\/wp-content\/uploads\/2022\/10\/IMG_20220916_125051_ergebnis-624x468.jpg 624w\" sizes=\"auto, (max-width: 800px) 100vw, 800px\" \/><\/a><\/p>\n<p>Bei dem Men\u00fc haben wir uns f\u00fcr eine Zwiebelsuppe, das offen pr\u00e4sentierte Cassoulet und ein St\u00fcckchen Clafoutis (Obstkuchen) entschieden.<\/p>\n<p><a href=\"https:\/\/olu-limburg.de\/wp-content\/uploads\/2022\/10\/IMG_20220916_125248_ergebnis.jpg\"><img loading=\"lazy\" decoding=\"async\" class=\"size-full wp-image-27291 aligncenter\" src=\"https:\/\/olu-limburg.de\/wp-content\/uploads\/2022\/10\/IMG_20220916_125248_ergebnis.jpg\" alt=\"\" width=\"800\" height=\"600\" srcset=\"https:\/\/olu-limburg.de\/wp-content\/uploads\/2022\/10\/IMG_20220916_125248_ergebnis.jpg 800w, https:\/\/olu-limburg.de\/wp-content\/uploads\/2022\/10\/IMG_20220916_125248_ergebnis-300x225.jpg 300w, https:\/\/olu-limburg.de\/wp-content\/uploads\/2022\/10\/IMG_20220916_125248_ergebnis-768x576.jpg 768w, https:\/\/olu-limburg.de\/wp-content\/uploads\/2022\/10\/IMG_20220916_125248_ergebnis-624x468.jpg 624w\" sizes=\"auto, (max-width: 800px) 100vw, 800px\" \/><\/a><\/p>\n<div id=\"attachment_27292\" style=\"width: 810px\" class=\"wp-caption aligncenter\"><a href=\"https:\/\/olu-limburg.de\/wp-content\/uploads\/2022\/10\/IMG_20220916_130255_ergebnis.jpg\"><img loading=\"lazy\" decoding=\"async\" aria-describedby=\"caption-attachment-27292\" class=\"wp-image-27292 size-full\" src=\"https:\/\/olu-limburg.de\/wp-content\/uploads\/2022\/10\/IMG_20220916_130255_ergebnis.jpg\" alt=\"\" width=\"800\" height=\"600\" srcset=\"https:\/\/olu-limburg.de\/wp-content\/uploads\/2022\/10\/IMG_20220916_130255_ergebnis.jpg 800w, https:\/\/olu-limburg.de\/wp-content\/uploads\/2022\/10\/IMG_20220916_130255_ergebnis-300x225.jpg 300w, https:\/\/olu-limburg.de\/wp-content\/uploads\/2022\/10\/IMG_20220916_130255_ergebnis-768x576.jpg 768w, https:\/\/olu-limburg.de\/wp-content\/uploads\/2022\/10\/IMG_20220916_130255_ergebnis-624x468.jpg 624w\" sizes=\"auto, (max-width: 800px) 100vw, 800px\" \/><\/a><p id=\"caption-attachment-27292\" class=\"wp-caption-text\">Das Cassoulet wird uns selbstverst\u00e4ndlich vom Koch zusammen gestellt.<\/p><\/div>\n<p><a href=\"https:\/\/olu-limburg.de\/wp-content\/uploads\/2022\/10\/IMG_20220916_132206_ergebnis.jpg\"><img loading=\"lazy\" decoding=\"async\" class=\"size-full wp-image-27293 aligncenter\" src=\"https:\/\/olu-limburg.de\/wp-content\/uploads\/2022\/10\/IMG_20220916_132206_ergebnis.jpg\" alt=\"\" width=\"800\" height=\"600\" srcset=\"https:\/\/olu-limburg.de\/wp-content\/uploads\/2022\/10\/IMG_20220916_132206_ergebnis.jpg 800w, https:\/\/olu-limburg.de\/wp-content\/uploads\/2022\/10\/IMG_20220916_132206_ergebnis-300x225.jpg 300w, https:\/\/olu-limburg.de\/wp-content\/uploads\/2022\/10\/IMG_20220916_132206_ergebnis-768x576.jpg 768w, https:\/\/olu-limburg.de\/wp-content\/uploads\/2022\/10\/IMG_20220916_132206_ergebnis-624x468.jpg 624w\" sizes=\"auto, (max-width: 800px) 100vw, 800px\" \/><\/a><\/p>\n<p>Das frische Cassoulet mit einer Bratwurst, und je einem St\u00fcck Bauchfleisch und Ente. letzteres habe ich gerne mit Lena gegen ein St\u00fcck Bauchfleisch getauscht, war sehr lecker.<\/p>\n<p>In Merlimont-Plage schauen wir uns den Wohnmobil-Stellplatz von Camping Car Park an, der uns aber nicht gef\u00e4llt. Er ist in ein Wohngebiet eingepackt und viel zu weit vom Meer weg.<\/p>\n<p>Die n\u00e4chste Wahl ist Berck-Plage. Der Wohnmobil-Stellplatz mit V+E (Geb\u00fchr EUR 10,00) befindet sich am Ende des Chemin aux Raisins. Auch hier soll der B\u00e4cker um 08.30 Uhr kommen. Bei unserer Ankunft sind noch 4 von 75 Pl\u00e4tzen frei. Der Platz selbst ist einfach gehalten. Seine Pluspunkte sind aber das nahe Meer (ca. 150 m entfernt) und bei Ebbe die Seehundgruppe auf der Sandbank am Strand.<\/p>\n<p><a href=\"https:\/\/olu-limburg.de\/wp-content\/uploads\/2022\/10\/IMG_20220916_165226_ergebnis.jpg\"><img loading=\"lazy\" decoding=\"async\" class=\"size-full wp-image-27296 aligncenter\" src=\"https:\/\/olu-limburg.de\/wp-content\/uploads\/2022\/10\/IMG_20220916_165226_ergebnis.jpg\" alt=\"\" width=\"800\" height=\"600\" srcset=\"https:\/\/olu-limburg.de\/wp-content\/uploads\/2022\/10\/IMG_20220916_165226_ergebnis.jpg 800w, https:\/\/olu-limburg.de\/wp-content\/uploads\/2022\/10\/IMG_20220916_165226_ergebnis-300x225.jpg 300w, https:\/\/olu-limburg.de\/wp-content\/uploads\/2022\/10\/IMG_20220916_165226_ergebnis-768x576.jpg 768w, https:\/\/olu-limburg.de\/wp-content\/uploads\/2022\/10\/IMG_20220916_165226_ergebnis-624x468.jpg 624w\" sizes=\"auto, (max-width: 800px) 100vw, 800px\" \/><\/a><\/p>\n<div id=\"attachment_27295\" style=\"width: 810px\" class=\"wp-caption aligncenter\"><a href=\"https:\/\/olu-limburg.de\/wp-content\/uploads\/2022\/10\/IMG_20220916_165044_ergebnis.jpg\"><img loading=\"lazy\" decoding=\"async\" aria-describedby=\"caption-attachment-27295\" class=\"wp-image-27295 size-full\" src=\"https:\/\/olu-limburg.de\/wp-content\/uploads\/2022\/10\/IMG_20220916_165044_ergebnis.jpg\" alt=\"\" width=\"800\" height=\"600\" srcset=\"https:\/\/olu-limburg.de\/wp-content\/uploads\/2022\/10\/IMG_20220916_165044_ergebnis.jpg 800w, https:\/\/olu-limburg.de\/wp-content\/uploads\/2022\/10\/IMG_20220916_165044_ergebnis-300x225.jpg 300w, https:\/\/olu-limburg.de\/wp-content\/uploads\/2022\/10\/IMG_20220916_165044_ergebnis-768x576.jpg 768w, https:\/\/olu-limburg.de\/wp-content\/uploads\/2022\/10\/IMG_20220916_165044_ergebnis-624x468.jpg 624w\" sizes=\"auto, (max-width: 800px) 100vw, 800px\" \/><\/a><p id=\"caption-attachment-27295\" class=\"wp-caption-text\">Phare de Berck<\/p><\/div>\n<p>Wir haben herrliches Wetter. Nach dem Regen vor einigen Tagen ist es eine Wohltat. Bei starkem Wind machen wir einen Strandspaziergang nach Berck-Plage, oder Berck sowie Berck-sur-Mer, wie es auch genannt wird. \u00dcber das Meer werden immer wieder dunkle Wolken durch den Wind heran getrieben, die sich aber kurz vor der K\u00fcste teilen und an uns vorbei ziehen.<\/p>\n<div id=\"attachment_27297\" style=\"width: 810px\" class=\"wp-caption aligncenter\"><a href=\"https:\/\/olu-limburg.de\/wp-content\/uploads\/2022\/10\/IMG_20220916_165804_ergebnis.jpg\"><img loading=\"lazy\" decoding=\"async\" aria-describedby=\"caption-attachment-27297\" class=\"wp-image-27297 size-full\" src=\"https:\/\/olu-limburg.de\/wp-content\/uploads\/2022\/10\/IMG_20220916_165804_ergebnis.jpg\" alt=\"\" width=\"800\" height=\"600\" srcset=\"https:\/\/olu-limburg.de\/wp-content\/uploads\/2022\/10\/IMG_20220916_165804_ergebnis.jpg 800w, https:\/\/olu-limburg.de\/wp-content\/uploads\/2022\/10\/IMG_20220916_165804_ergebnis-300x225.jpg 300w, https:\/\/olu-limburg.de\/wp-content\/uploads\/2022\/10\/IMG_20220916_165804_ergebnis-768x576.jpg 768w, https:\/\/olu-limburg.de\/wp-content\/uploads\/2022\/10\/IMG_20220916_165804_ergebnis-624x468.jpg 624w\" sizes=\"auto, (max-width: 800px) 100vw, 800px\" \/><\/a><p id=\"caption-attachment-27297\" class=\"wp-caption-text\">einmal mehr &#8222;C\u00f4te d&#8217;Opale&#8220;<\/p><\/div>\n<div id=\"attachment_27302\" style=\"width: 810px\" class=\"wp-caption aligncenter\"><a href=\"https:\/\/olu-limburg.de\/wp-content\/uploads\/2022\/10\/P1100353_ergebnis.jpg\"><img loading=\"lazy\" decoding=\"async\" aria-describedby=\"caption-attachment-27302\" class=\"wp-image-27302 size-full\" src=\"https:\/\/olu-limburg.de\/wp-content\/uploads\/2022\/10\/P1100353_ergebnis.jpg\" alt=\"\" width=\"800\" height=\"600\" srcset=\"https:\/\/olu-limburg.de\/wp-content\/uploads\/2022\/10\/P1100353_ergebnis.jpg 800w, https:\/\/olu-limburg.de\/wp-content\/uploads\/2022\/10\/P1100353_ergebnis-300x225.jpg 300w, https:\/\/olu-limburg.de\/wp-content\/uploads\/2022\/10\/P1100353_ergebnis-768x576.jpg 768w, https:\/\/olu-limburg.de\/wp-content\/uploads\/2022\/10\/P1100353_ergebnis-624x468.jpg 624w\" sizes=\"auto, (max-width: 800px) 100vw, 800px\" \/><\/a><p id=\"caption-attachment-27302\" class=\"wp-caption-text\">Es ist noch nicht so weit. Einige Seehunde liegen zwischen den M\u00f6wen auf einer entfernten Sandbank.<\/p><\/div>\n<p><a href=\"https:\/\/olu-limburg.de\/wp-content\/uploads\/2022\/10\/IMG_20220916_172814_ergebnis.jpg\"><img loading=\"lazy\" decoding=\"async\" class=\"size-full wp-image-27299 aligncenter\" src=\"https:\/\/olu-limburg.de\/wp-content\/uploads\/2022\/10\/IMG_20220916_172814_ergebnis.jpg\" alt=\"\" width=\"800\" height=\"600\" srcset=\"https:\/\/olu-limburg.de\/wp-content\/uploads\/2022\/10\/IMG_20220916_172814_ergebnis.jpg 800w, https:\/\/olu-limburg.de\/wp-content\/uploads\/2022\/10\/IMG_20220916_172814_ergebnis-300x225.jpg 300w, https:\/\/olu-limburg.de\/wp-content\/uploads\/2022\/10\/IMG_20220916_172814_ergebnis-768x576.jpg 768w, https:\/\/olu-limburg.de\/wp-content\/uploads\/2022\/10\/IMG_20220916_172814_ergebnis-624x468.jpg 624w\" sizes=\"auto, (max-width: 800px) 100vw, 800px\" \/><\/a><\/p>\n<p><a href=\"https:\/\/olu-limburg.de\/wp-content\/uploads\/2022\/10\/P1100357_ergebnis.jpg\"><img loading=\"lazy\" decoding=\"async\" class=\"size-full wp-image-27303 aligncenter\" src=\"https:\/\/olu-limburg.de\/wp-content\/uploads\/2022\/10\/P1100357_ergebnis.jpg\" alt=\"\" width=\"800\" height=\"600\" srcset=\"https:\/\/olu-limburg.de\/wp-content\/uploads\/2022\/10\/P1100357_ergebnis.jpg 800w, https:\/\/olu-limburg.de\/wp-content\/uploads\/2022\/10\/P1100357_ergebnis-300x225.jpg 300w, https:\/\/olu-limburg.de\/wp-content\/uploads\/2022\/10\/P1100357_ergebnis-768x576.jpg 768w, https:\/\/olu-limburg.de\/wp-content\/uploads\/2022\/10\/P1100357_ergebnis-624x468.jpg 624w\" sizes=\"auto, (max-width: 800px) 100vw, 800px\" \/><\/a><\/p>\n<p><a href=\"https:\/\/olu-limburg.de\/wp-content\/uploads\/2022\/10\/P1100358_ergebnis.jpg\"><img loading=\"lazy\" decoding=\"async\" class=\"size-full wp-image-27304 aligncenter\" src=\"https:\/\/olu-limburg.de\/wp-content\/uploads\/2022\/10\/P1100358_ergebnis.jpg\" alt=\"\" width=\"800\" height=\"600\" srcset=\"https:\/\/olu-limburg.de\/wp-content\/uploads\/2022\/10\/P1100358_ergebnis.jpg 800w, https:\/\/olu-limburg.de\/wp-content\/uploads\/2022\/10\/P1100358_ergebnis-300x225.jpg 300w, https:\/\/olu-limburg.de\/wp-content\/uploads\/2022\/10\/P1100358_ergebnis-768x576.jpg 768w, https:\/\/olu-limburg.de\/wp-content\/uploads\/2022\/10\/P1100358_ergebnis-624x468.jpg 624w\" sizes=\"auto, (max-width: 800px) 100vw, 800px\" \/><\/a><\/p>\n<p><a href=\"https:\/\/olu-limburg.de\/wp-content\/uploads\/2022\/10\/IMG_20220916_174622_ergebnis.jpg\"><img loading=\"lazy\" decoding=\"async\" class=\"size-full wp-image-27309 aligncenter\" src=\"https:\/\/olu-limburg.de\/wp-content\/uploads\/2022\/10\/IMG_20220916_174622_ergebnis.jpg\" alt=\"\" width=\"800\" height=\"600\" srcset=\"https:\/\/olu-limburg.de\/wp-content\/uploads\/2022\/10\/IMG_20220916_174622_ergebnis.jpg 800w, https:\/\/olu-limburg.de\/wp-content\/uploads\/2022\/10\/IMG_20220916_174622_ergebnis-300x225.jpg 300w, https:\/\/olu-limburg.de\/wp-content\/uploads\/2022\/10\/IMG_20220916_174622_ergebnis-768x576.jpg 768w, https:\/\/olu-limburg.de\/wp-content\/uploads\/2022\/10\/IMG_20220916_174622_ergebnis-624x468.jpg 624w\" sizes=\"auto, (max-width: 800px) 100vw, 800px\" \/><\/a><\/p>\n<div id=\"attachment_27300\" style=\"width: 810px\" class=\"wp-caption aligncenter\"><a href=\"https:\/\/olu-limburg.de\/wp-content\/uploads\/2022\/10\/IMG_20220916_175312_ergebnis.jpg\"><img loading=\"lazy\" decoding=\"async\" aria-describedby=\"caption-attachment-27300\" class=\"wp-image-27300 size-full\" src=\"https:\/\/olu-limburg.de\/wp-content\/uploads\/2022\/10\/IMG_20220916_175312_ergebnis.jpg\" alt=\"\" width=\"800\" height=\"600\" srcset=\"https:\/\/olu-limburg.de\/wp-content\/uploads\/2022\/10\/IMG_20220916_175312_ergebnis.jpg 800w, https:\/\/olu-limburg.de\/wp-content\/uploads\/2022\/10\/IMG_20220916_175312_ergebnis-300x225.jpg 300w, https:\/\/olu-limburg.de\/wp-content\/uploads\/2022\/10\/IMG_20220916_175312_ergebnis-768x576.jpg 768w, https:\/\/olu-limburg.de\/wp-content\/uploads\/2022\/10\/IMG_20220916_175312_ergebnis-624x468.jpg 624w\" sizes=\"auto, (max-width: 800px) 100vw, 800px\" \/><\/a><p id=\"caption-attachment-27300\" class=\"wp-caption-text\">Drachen, hier aber f\u00fcr Paraglider<\/p><\/div>\n<p><a href=\"https:\/\/olu-limburg.de\/wp-content\/uploads\/2022\/10\/IMG_20220916_180707_ergebnis.jpg\"><img loading=\"lazy\" decoding=\"async\" class=\"size-full wp-image-27301 aligncenter\" src=\"https:\/\/olu-limburg.de\/wp-content\/uploads\/2022\/10\/IMG_20220916_180707_ergebnis.jpg\" alt=\"\" width=\"800\" height=\"600\" srcset=\"https:\/\/olu-limburg.de\/wp-content\/uploads\/2022\/10\/IMG_20220916_180707_ergebnis.jpg 800w, https:\/\/olu-limburg.de\/wp-content\/uploads\/2022\/10\/IMG_20220916_180707_ergebnis-300x225.jpg 300w, https:\/\/olu-limburg.de\/wp-content\/uploads\/2022\/10\/IMG_20220916_180707_ergebnis-768x576.jpg 768w, https:\/\/olu-limburg.de\/wp-content\/uploads\/2022\/10\/IMG_20220916_180707_ergebnis-624x468.jpg 624w\" sizes=\"auto, (max-width: 800px) 100vw, 800px\" \/><\/a><\/p>\n<div id=\"attachment_27310\" style=\"width: 810px\" class=\"wp-caption aligncenter\"><a href=\"https:\/\/olu-limburg.de\/wp-content\/uploads\/2022\/10\/P1100360_ergebnis.jpg\"><img loading=\"lazy\" decoding=\"async\" aria-describedby=\"caption-attachment-27310\" class=\"wp-image-27310 size-full\" src=\"https:\/\/olu-limburg.de\/wp-content\/uploads\/2022\/10\/P1100360_ergebnis.jpg\" alt=\"\" width=\"800\" height=\"600\" srcset=\"https:\/\/olu-limburg.de\/wp-content\/uploads\/2022\/10\/P1100360_ergebnis.jpg 800w, https:\/\/olu-limburg.de\/wp-content\/uploads\/2022\/10\/P1100360_ergebnis-300x225.jpg 300w, https:\/\/olu-limburg.de\/wp-content\/uploads\/2022\/10\/P1100360_ergebnis-768x576.jpg 768w, https:\/\/olu-limburg.de\/wp-content\/uploads\/2022\/10\/P1100360_ergebnis-624x468.jpg 624w\" sizes=\"auto, (max-width: 800px) 100vw, 800px\" \/><\/a><p id=\"caption-attachment-27310\" class=\"wp-caption-text\">wieder Zuhause<\/p><\/div>\n<p>Kurz nach 20.00 Uhr schauen wir am Strand noch einmal nach den Seehunden. Es ist aber noch immer Flut und es schwimmen nur ein paar Seehunde in der Ferne herum.<\/p>\n<p><a href=\"https:\/\/olu-limburg.de\/wp-content\/uploads\/2022\/10\/P1100361_ergebnis.jpg\"><img loading=\"lazy\" decoding=\"async\" class=\"alignnone size-full wp-image-27311\" src=\"https:\/\/olu-limburg.de\/wp-content\/uploads\/2022\/10\/P1100361_ergebnis.jpg\" alt=\"\" width=\"800\" height=\"600\" srcset=\"https:\/\/olu-limburg.de\/wp-content\/uploads\/2022\/10\/P1100361_ergebnis.jpg 800w, https:\/\/olu-limburg.de\/wp-content\/uploads\/2022\/10\/P1100361_ergebnis-300x225.jpg 300w, https:\/\/olu-limburg.de\/wp-content\/uploads\/2022\/10\/P1100361_ergebnis-768x576.jpg 768w, https:\/\/olu-limburg.de\/wp-content\/uploads\/2022\/10\/P1100361_ergebnis-624x468.jpg 624w\" sizes=\"auto, (max-width: 800px) 100vw, 800px\" \/><\/a><\/p>\n<p>Tagesstrecke: 90 km<\/p>\n<p>&nbsp;<\/p>\n<p><strong>Samstag, 17.09.2022<\/strong><\/p>\n<p>Um 08.30 Uhr kommt tats\u00e4chlich der B\u00e4cker. Kurz danach erscheint dann noch die Police Municipale und kassiert die Standgeb\u00fchr.<\/p>\n<p>Nach dem Fr\u00fchst\u00fcck gibt es wieder einen Strandspaziergang &#8211; die Seehunde &#8222;rufen&#8220; und in Berck ist Wochenmarkt. Mit den Seehunden haben wir heute Gl\u00fcck.<\/p>\n<p><a href=\"https:\/\/olu-limburg.de\/wp-content\/uploads\/2022\/10\/P1100364_ergebnis.jpg\"><img loading=\"lazy\" decoding=\"async\" class=\"size-full wp-image-27318 aligncenter\" src=\"https:\/\/olu-limburg.de\/wp-content\/uploads\/2022\/10\/P1100364_ergebnis.jpg\" alt=\"\" width=\"800\" height=\"600\" srcset=\"https:\/\/olu-limburg.de\/wp-content\/uploads\/2022\/10\/P1100364_ergebnis.jpg 800w, https:\/\/olu-limburg.de\/wp-content\/uploads\/2022\/10\/P1100364_ergebnis-300x225.jpg 300w, https:\/\/olu-limburg.de\/wp-content\/uploads\/2022\/10\/P1100364_ergebnis-768x576.jpg 768w, https:\/\/olu-limburg.de\/wp-content\/uploads\/2022\/10\/P1100364_ergebnis-624x468.jpg 624w\" sizes=\"auto, (max-width: 800px) 100vw, 800px\" \/><\/a><\/p>\n<p><a href=\"https:\/\/olu-limburg.de\/wp-content\/uploads\/2022\/10\/P1100372_ergebnis.jpg\"><img loading=\"lazy\" decoding=\"async\" class=\"size-full wp-image-27319 aligncenter\" src=\"https:\/\/olu-limburg.de\/wp-content\/uploads\/2022\/10\/P1100372_ergebnis.jpg\" alt=\"\" width=\"800\" height=\"600\" srcset=\"https:\/\/olu-limburg.de\/wp-content\/uploads\/2022\/10\/P1100372_ergebnis.jpg 800w, https:\/\/olu-limburg.de\/wp-content\/uploads\/2022\/10\/P1100372_ergebnis-300x225.jpg 300w, https:\/\/olu-limburg.de\/wp-content\/uploads\/2022\/10\/P1100372_ergebnis-768x576.jpg 768w, https:\/\/olu-limburg.de\/wp-content\/uploads\/2022\/10\/P1100372_ergebnis-624x468.jpg 624w\" sizes=\"auto, (max-width: 800px) 100vw, 800px\" \/><\/a><\/p>\n<p><a href=\"https:\/\/olu-limburg.de\/wp-content\/uploads\/2022\/10\/IMG_20220917_102634_ergebnis.jpg\"><img loading=\"lazy\" decoding=\"async\" class=\"size-full wp-image-27313 aligncenter\" src=\"https:\/\/olu-limburg.de\/wp-content\/uploads\/2022\/10\/IMG_20220917_102634_ergebnis.jpg\" alt=\"\" width=\"800\" height=\"600\" srcset=\"https:\/\/olu-limburg.de\/wp-content\/uploads\/2022\/10\/IMG_20220917_102634_ergebnis.jpg 800w, https:\/\/olu-limburg.de\/wp-content\/uploads\/2022\/10\/IMG_20220917_102634_ergebnis-300x225.jpg 300w, https:\/\/olu-limburg.de\/wp-content\/uploads\/2022\/10\/IMG_20220917_102634_ergebnis-768x576.jpg 768w, https:\/\/olu-limburg.de\/wp-content\/uploads\/2022\/10\/IMG_20220917_102634_ergebnis-624x468.jpg 624w\" sizes=\"auto, (max-width: 800px) 100vw, 800px\" \/><\/a><\/p>\n<p><a href=\"https:\/\/olu-limburg.de\/wp-content\/uploads\/2022\/10\/P1100373_ergebnis.jpg\"><img loading=\"lazy\" decoding=\"async\" class=\"size-full wp-image-27320 aligncenter\" src=\"https:\/\/olu-limburg.de\/wp-content\/uploads\/2022\/10\/P1100373_ergebnis.jpg\" alt=\"\" width=\"800\" height=\"600\" srcset=\"https:\/\/olu-limburg.de\/wp-content\/uploads\/2022\/10\/P1100373_ergebnis.jpg 800w, https:\/\/olu-limburg.de\/wp-content\/uploads\/2022\/10\/P1100373_ergebnis-300x225.jpg 300w, https:\/\/olu-limburg.de\/wp-content\/uploads\/2022\/10\/P1100373_ergebnis-768x576.jpg 768w, https:\/\/olu-limburg.de\/wp-content\/uploads\/2022\/10\/P1100373_ergebnis-624x468.jpg 624w\" sizes=\"auto, (max-width: 800px) 100vw, 800px\" \/><\/a><\/p>\n<p>Die Strandsegler nutzen den Wind f\u00fcr ihre Fahrt.<\/p>\n<p><a href=\"https:\/\/olu-limburg.de\/wp-content\/uploads\/2022\/10\/P1100383_ergebnis.jpg\"><img loading=\"lazy\" decoding=\"async\" class=\"size-full wp-image-27321 aligncenter\" src=\"https:\/\/olu-limburg.de\/wp-content\/uploads\/2022\/10\/P1100383_ergebnis.jpg\" alt=\"\" width=\"800\" height=\"600\" srcset=\"https:\/\/olu-limburg.de\/wp-content\/uploads\/2022\/10\/P1100383_ergebnis.jpg 800w, https:\/\/olu-limburg.de\/wp-content\/uploads\/2022\/10\/P1100383_ergebnis-300x225.jpg 300w, https:\/\/olu-limburg.de\/wp-content\/uploads\/2022\/10\/P1100383_ergebnis-768x576.jpg 768w, https:\/\/olu-limburg.de\/wp-content\/uploads\/2022\/10\/P1100383_ergebnis-624x468.jpg 624w\" sizes=\"auto, (max-width: 800px) 100vw, 800px\" \/><\/a><\/p>\n<p><a href=\"https:\/\/olu-limburg.de\/wp-content\/uploads\/2022\/10\/IMG_20220917_125916_ergebnis.jpg\"><img loading=\"lazy\" decoding=\"async\" class=\"size-full wp-image-27317 aligncenter\" src=\"https:\/\/olu-limburg.de\/wp-content\/uploads\/2022\/10\/IMG_20220917_125916_ergebnis.jpg\" alt=\"\" width=\"800\" height=\"600\" srcset=\"https:\/\/olu-limburg.de\/wp-content\/uploads\/2022\/10\/IMG_20220917_125916_ergebnis.jpg 800w, https:\/\/olu-limburg.de\/wp-content\/uploads\/2022\/10\/IMG_20220917_125916_ergebnis-300x225.jpg 300w, https:\/\/olu-limburg.de\/wp-content\/uploads\/2022\/10\/IMG_20220917_125916_ergebnis-768x576.jpg 768w, https:\/\/olu-limburg.de\/wp-content\/uploads\/2022\/10\/IMG_20220917_125916_ergebnis-624x468.jpg 624w\" sizes=\"auto, (max-width: 800px) 100vw, 800px\" \/><\/a><\/p>\n<p><a href=\"https:\/\/olu-limburg.de\/wp-content\/uploads\/2022\/10\/20220917_110606_ergebnis.jpg\"><img loading=\"lazy\" decoding=\"async\" class=\"size-full wp-image-27486 aligncenter\" src=\"https:\/\/olu-limburg.de\/wp-content\/uploads\/2022\/10\/20220917_110606_ergebnis.jpg\" alt=\"\" width=\"800\" height=\"600\" srcset=\"https:\/\/olu-limburg.de\/wp-content\/uploads\/2022\/10\/20220917_110606_ergebnis.jpg 800w, https:\/\/olu-limburg.de\/wp-content\/uploads\/2022\/10\/20220917_110606_ergebnis-300x225.jpg 300w, https:\/\/olu-limburg.de\/wp-content\/uploads\/2022\/10\/20220917_110606_ergebnis-768x576.jpg 768w, https:\/\/olu-limburg.de\/wp-content\/uploads\/2022\/10\/20220917_110606_ergebnis-624x468.jpg 624w\" sizes=\"auto, (max-width: 800px) 100vw, 800px\" \/><\/a><\/p>\n<div id=\"attachment_27315\" style=\"width: 810px\" class=\"wp-caption aligncenter\"><a href=\"https:\/\/olu-limburg.de\/wp-content\/uploads\/2022\/10\/IMG_20220917_114344_ergebnis.jpg\"><img loading=\"lazy\" decoding=\"async\" aria-describedby=\"caption-attachment-27315\" class=\"wp-image-27315 size-full\" src=\"https:\/\/olu-limburg.de\/wp-content\/uploads\/2022\/10\/IMG_20220917_114344_ergebnis.jpg\" alt=\"\" width=\"800\" height=\"600\" srcset=\"https:\/\/olu-limburg.de\/wp-content\/uploads\/2022\/10\/IMG_20220917_114344_ergebnis.jpg 800w, https:\/\/olu-limburg.de\/wp-content\/uploads\/2022\/10\/IMG_20220917_114344_ergebnis-300x225.jpg 300w, https:\/\/olu-limburg.de\/wp-content\/uploads\/2022\/10\/IMG_20220917_114344_ergebnis-768x576.jpg 768w, https:\/\/olu-limburg.de\/wp-content\/uploads\/2022\/10\/IMG_20220917_114344_ergebnis-624x468.jpg 624w\" sizes=\"auto, (max-width: 800px) 100vw, 800px\" \/><\/a><p id=\"caption-attachment-27315\" class=\"wp-caption-text\">Es ist Markttag.<\/p><\/div>\n<div id=\"attachment_27314\" style=\"width: 810px\" class=\"wp-caption aligncenter\"><a href=\"https:\/\/olu-limburg.de\/wp-content\/uploads\/2022\/10\/IMG_20220917_112933_ergebnis.jpg\"><img loading=\"lazy\" decoding=\"async\" aria-describedby=\"caption-attachment-27314\" class=\"wp-image-27314 size-full\" src=\"https:\/\/olu-limburg.de\/wp-content\/uploads\/2022\/10\/IMG_20220917_112933_ergebnis.jpg\" alt=\"\" width=\"800\" height=\"600\" srcset=\"https:\/\/olu-limburg.de\/wp-content\/uploads\/2022\/10\/IMG_20220917_112933_ergebnis.jpg 800w, https:\/\/olu-limburg.de\/wp-content\/uploads\/2022\/10\/IMG_20220917_112933_ergebnis-300x225.jpg 300w, https:\/\/olu-limburg.de\/wp-content\/uploads\/2022\/10\/IMG_20220917_112933_ergebnis-768x576.jpg 768w, https:\/\/olu-limburg.de\/wp-content\/uploads\/2022\/10\/IMG_20220917_112933_ergebnis-624x468.jpg 624w\" sizes=\"auto, (max-width: 800px) 100vw, 800px\" \/><\/a><p id=\"caption-attachment-27314\" class=\"wp-caption-text\">Dies ist die &#8222;Fressgasse&#8220; von Berck-sur-Mer. (Die Frankfurter werden mir das hoffentlich verzeihen.)<\/p><\/div>\n<div id=\"attachment_27316\" style=\"width: 810px\" class=\"wp-caption aligncenter\"><a href=\"https:\/\/olu-limburg.de\/wp-content\/uploads\/2022\/10\/IMG_20220917_121935_ergebnis.jpg\"><img loading=\"lazy\" decoding=\"async\" aria-describedby=\"caption-attachment-27316\" class=\"wp-image-27316 size-full\" src=\"https:\/\/olu-limburg.de\/wp-content\/uploads\/2022\/10\/IMG_20220917_121935_ergebnis.jpg\" alt=\"\" width=\"800\" height=\"600\" srcset=\"https:\/\/olu-limburg.de\/wp-content\/uploads\/2022\/10\/IMG_20220917_121935_ergebnis.jpg 800w, https:\/\/olu-limburg.de\/wp-content\/uploads\/2022\/10\/IMG_20220917_121935_ergebnis-300x225.jpg 300w, https:\/\/olu-limburg.de\/wp-content\/uploads\/2022\/10\/IMG_20220917_121935_ergebnis-768x576.jpg 768w, https:\/\/olu-limburg.de\/wp-content\/uploads\/2022\/10\/IMG_20220917_121935_ergebnis-624x468.jpg 624w\" sizes=\"auto, (max-width: 800px) 100vw, 800px\" \/><\/a><p id=\"caption-attachment-27316\" class=\"wp-caption-text\">Chillen am Strand<\/p><\/div>\n<p><a href=\"https:\/\/olu-limburg.de\/wp-content\/uploads\/2022\/10\/P1100396_ergebnis-1.jpg\"><img loading=\"lazy\" decoding=\"async\" class=\"size-full wp-image-27326 aligncenter\" src=\"https:\/\/olu-limburg.de\/wp-content\/uploads\/2022\/10\/P1100396_ergebnis-1.jpg\" alt=\"\" width=\"800\" height=\"600\" srcset=\"https:\/\/olu-limburg.de\/wp-content\/uploads\/2022\/10\/P1100396_ergebnis-1.jpg 800w, https:\/\/olu-limburg.de\/wp-content\/uploads\/2022\/10\/P1100396_ergebnis-1-300x225.jpg 300w, https:\/\/olu-limburg.de\/wp-content\/uploads\/2022\/10\/P1100396_ergebnis-1-768x576.jpg 768w, https:\/\/olu-limburg.de\/wp-content\/uploads\/2022\/10\/P1100396_ergebnis-1-624x468.jpg 624w\" sizes=\"auto, (max-width: 800px) 100vw, 800px\" \/><\/a><\/p>\n<p><a href=\"https:\/\/olu-limburg.de\/wp-content\/uploads\/2022\/10\/P1100397_ergebnis.jpg\"><img loading=\"lazy\" decoding=\"async\" class=\"size-full wp-image-27327 aligncenter\" src=\"https:\/\/olu-limburg.de\/wp-content\/uploads\/2022\/10\/P1100397_ergebnis.jpg\" alt=\"\" width=\"800\" height=\"600\" srcset=\"https:\/\/olu-limburg.de\/wp-content\/uploads\/2022\/10\/P1100397_ergebnis.jpg 800w, https:\/\/olu-limburg.de\/wp-content\/uploads\/2022\/10\/P1100397_ergebnis-300x225.jpg 300w, https:\/\/olu-limburg.de\/wp-content\/uploads\/2022\/10\/P1100397_ergebnis-768x576.jpg 768w, https:\/\/olu-limburg.de\/wp-content\/uploads\/2022\/10\/P1100397_ergebnis-624x468.jpg 624w\" sizes=\"auto, (max-width: 800px) 100vw, 800px\" \/><\/a><\/p>\n<p><a href=\"https:\/\/olu-limburg.de\/wp-content\/uploads\/2022\/10\/IMG_20220917_131851_ergebnis.jpg\"><img loading=\"lazy\" decoding=\"async\" class=\"size-full wp-image-27323 aligncenter\" src=\"https:\/\/olu-limburg.de\/wp-content\/uploads\/2022\/10\/IMG_20220917_131851_ergebnis.jpg\" alt=\"\" width=\"800\" height=\"600\" srcset=\"https:\/\/olu-limburg.de\/wp-content\/uploads\/2022\/10\/IMG_20220917_131851_ergebnis.jpg 800w, https:\/\/olu-limburg.de\/wp-content\/uploads\/2022\/10\/IMG_20220917_131851_ergebnis-300x225.jpg 300w, https:\/\/olu-limburg.de\/wp-content\/uploads\/2022\/10\/IMG_20220917_131851_ergebnis-768x576.jpg 768w, https:\/\/olu-limburg.de\/wp-content\/uploads\/2022\/10\/IMG_20220917_131851_ergebnis-624x468.jpg 624w\" sizes=\"auto, (max-width: 800px) 100vw, 800px\" \/><\/a><\/p>\n<p>Die Vorf\u00fchrung geht noch immer weiter. Nur sind bereits einige Akteure sehr m\u00fcde.<\/p>\n<p><a href=\"https:\/\/olu-limburg.de\/wp-content\/uploads\/2022\/10\/IMG_20220917_133337_ergebnis.jpg\"><img loading=\"lazy\" decoding=\"async\" class=\"size-full wp-image-27325 aligncenter\" src=\"https:\/\/olu-limburg.de\/wp-content\/uploads\/2022\/10\/IMG_20220917_133337_ergebnis.jpg\" alt=\"\" width=\"800\" height=\"600\" srcset=\"https:\/\/olu-limburg.de\/wp-content\/uploads\/2022\/10\/IMG_20220917_133337_ergebnis.jpg 800w, https:\/\/olu-limburg.de\/wp-content\/uploads\/2022\/10\/IMG_20220917_133337_ergebnis-300x225.jpg 300w, https:\/\/olu-limburg.de\/wp-content\/uploads\/2022\/10\/IMG_20220917_133337_ergebnis-768x576.jpg 768w, https:\/\/olu-limburg.de\/wp-content\/uploads\/2022\/10\/IMG_20220917_133337_ergebnis-624x468.jpg 624w\" sizes=\"auto, (max-width: 800px) 100vw, 800px\" \/><\/a><\/p>\n<p><a href=\"https:\/\/olu-limburg.de\/wp-content\/uploads\/2022\/10\/P1100400_ergebnis.jpg\"><img loading=\"lazy\" decoding=\"async\" class=\"size-full wp-image-27328 aligncenter\" src=\"https:\/\/olu-limburg.de\/wp-content\/uploads\/2022\/10\/P1100400_ergebnis.jpg\" alt=\"\" width=\"800\" height=\"600\" srcset=\"https:\/\/olu-limburg.de\/wp-content\/uploads\/2022\/10\/P1100400_ergebnis.jpg 800w, https:\/\/olu-limburg.de\/wp-content\/uploads\/2022\/10\/P1100400_ergebnis-300x225.jpg 300w, https:\/\/olu-limburg.de\/wp-content\/uploads\/2022\/10\/P1100400_ergebnis-768x576.jpg 768w, https:\/\/olu-limburg.de\/wp-content\/uploads\/2022\/10\/P1100400_ergebnis-624x468.jpg 624w\" sizes=\"auto, (max-width: 800px) 100vw, 800px\" \/><\/a><\/p>\n<p><a href=\"https:\/\/olu-limburg.de\/wp-content\/uploads\/2022\/10\/IMG_20220917_133235_ergebnis.jpg\"><img loading=\"lazy\" decoding=\"async\" class=\"size-full wp-image-27324 aligncenter\" src=\"https:\/\/olu-limburg.de\/wp-content\/uploads\/2022\/10\/IMG_20220917_133235_ergebnis.jpg\" alt=\"\" width=\"800\" height=\"600\" srcset=\"https:\/\/olu-limburg.de\/wp-content\/uploads\/2022\/10\/IMG_20220917_133235_ergebnis.jpg 800w, https:\/\/olu-limburg.de\/wp-content\/uploads\/2022\/10\/IMG_20220917_133235_ergebnis-300x225.jpg 300w, https:\/\/olu-limburg.de\/wp-content\/uploads\/2022\/10\/IMG_20220917_133235_ergebnis-768x576.jpg 768w, https:\/\/olu-limburg.de\/wp-content\/uploads\/2022\/10\/IMG_20220917_133235_ergebnis-624x468.jpg 624w\" sizes=\"auto, (max-width: 800px) 100vw, 800px\" \/><\/a><\/p>\n<p>Am Abend erscheint \u00fcberraschend ein Verkaufswagen, der bei den Wohnmobilisten gute Ertr\u00e4ge erwirtschaftet.<\/p>\n<p><a href=\"https:\/\/olu-limburg.de\/wp-content\/uploads\/2022\/10\/P1100403_ergebnis.jpg\"><img loading=\"lazy\" decoding=\"async\" class=\"alignnone size-full wp-image-27331\" src=\"https:\/\/olu-limburg.de\/wp-content\/uploads\/2022\/10\/P1100403_ergebnis.jpg\" alt=\"\" width=\"800\" height=\"600\" srcset=\"https:\/\/olu-limburg.de\/wp-content\/uploads\/2022\/10\/P1100403_ergebnis.jpg 800w, https:\/\/olu-limburg.de\/wp-content\/uploads\/2022\/10\/P1100403_ergebnis-300x225.jpg 300w, https:\/\/olu-limburg.de\/wp-content\/uploads\/2022\/10\/P1100403_ergebnis-768x576.jpg 768w, https:\/\/olu-limburg.de\/wp-content\/uploads\/2022\/10\/P1100403_ergebnis-624x468.jpg 624w\" sizes=\"auto, (max-width: 800px) 100vw, 800px\" \/><\/a><\/p>\n<p>Tagesstrecke: 0 km<\/p>\n<p>&nbsp;<\/p>\n<p><strong>Sonntag, 18.09.2022<\/strong><\/p>\n<p>Auch heute treibt uns der B\u00e4cker wieder aus dem Bett. Es ist aber ein sch\u00f6ner Anlass. Au\u00dferdem wollen wir ja auch weiter fahren.<\/p>\n<p>Um die Baie d&#8217;Authie herum fahren wir zuerst nach Quend-Plage-les-Pins und besichtigen den dortigen Wohnmobil-Stellplatz. Er liegt zwischen einem Pinienwald und der Hauptstra\u00dfe, die durch den Ort an den Strand f\u00fchrt. Wieder gef\u00e4llt uns die Lage nicht so richtig, und wir fahren weiter nach Fort-Mahon-Plage.<\/p>\n<p>Der dortige Stellplatz mit V+E (Geb\u00fchr EUR 10,00) in der Rue de la Bistouille ist &#8222;luftiger&#8220; angelegt. Hinter uns sind die D\u00fcnen, und Strand und Gesch\u00e4fte sind nicht weit. Was uns auch freut, es ist bis 18.00 Uhr Flohmarkt in der Hauptstra\u00dfe und das Restaurant unserer Wahl hat durchgehend ge\u00f6ffnet.<\/p>\n<p>Zuerst widmen wir uns dem Flohmart, wo ich einige Artikel sehr g\u00fcnstig erstehe.<\/p>\n<p><a href=\"https:\/\/olu-limburg.de\/wp-content\/uploads\/2022\/10\/IMG_20220918_115759_ergebnis.jpg\"><img loading=\"lazy\" decoding=\"async\" class=\"size-full wp-image-27332 aligncenter\" src=\"https:\/\/olu-limburg.de\/wp-content\/uploads\/2022\/10\/IMG_20220918_115759_ergebnis.jpg\" alt=\"\" width=\"800\" height=\"600\" srcset=\"https:\/\/olu-limburg.de\/wp-content\/uploads\/2022\/10\/IMG_20220918_115759_ergebnis.jpg 800w, https:\/\/olu-limburg.de\/wp-content\/uploads\/2022\/10\/IMG_20220918_115759_ergebnis-300x225.jpg 300w, https:\/\/olu-limburg.de\/wp-content\/uploads\/2022\/10\/IMG_20220918_115759_ergebnis-768x576.jpg 768w, https:\/\/olu-limburg.de\/wp-content\/uploads\/2022\/10\/IMG_20220918_115759_ergebnis-624x468.jpg 624w\" sizes=\"auto, (max-width: 800px) 100vw, 800px\" \/><\/a><\/p>\n<p><a href=\"https:\/\/olu-limburg.de\/wp-content\/uploads\/2022\/10\/IMG_20220918_121857_ergebnis.jpg\"><img loading=\"lazy\" decoding=\"async\" class=\"size-full wp-image-27333 aligncenter\" src=\"https:\/\/olu-limburg.de\/wp-content\/uploads\/2022\/10\/IMG_20220918_121857_ergebnis.jpg\" alt=\"\" width=\"800\" height=\"600\" srcset=\"https:\/\/olu-limburg.de\/wp-content\/uploads\/2022\/10\/IMG_20220918_121857_ergebnis.jpg 800w, https:\/\/olu-limburg.de\/wp-content\/uploads\/2022\/10\/IMG_20220918_121857_ergebnis-300x225.jpg 300w, https:\/\/olu-limburg.de\/wp-content\/uploads\/2022\/10\/IMG_20220918_121857_ergebnis-768x576.jpg 768w, https:\/\/olu-limburg.de\/wp-content\/uploads\/2022\/10\/IMG_20220918_121857_ergebnis-624x468.jpg 624w\" sizes=\"auto, (max-width: 800px) 100vw, 800px\" \/><\/a><\/p>\n<p><a href=\"https:\/\/olu-limburg.de\/wp-content\/uploads\/2022\/10\/IMG_20220918_130755_ergebnis.jpg\"><img loading=\"lazy\" decoding=\"async\" class=\"size-full wp-image-27335 aligncenter\" src=\"https:\/\/olu-limburg.de\/wp-content\/uploads\/2022\/10\/IMG_20220918_130755_ergebnis.jpg\" alt=\"\" width=\"800\" height=\"600\" srcset=\"https:\/\/olu-limburg.de\/wp-content\/uploads\/2022\/10\/IMG_20220918_130755_ergebnis.jpg 800w, https:\/\/olu-limburg.de\/wp-content\/uploads\/2022\/10\/IMG_20220918_130755_ergebnis-300x225.jpg 300w, https:\/\/olu-limburg.de\/wp-content\/uploads\/2022\/10\/IMG_20220918_130755_ergebnis-768x576.jpg 768w, https:\/\/olu-limburg.de\/wp-content\/uploads\/2022\/10\/IMG_20220918_130755_ergebnis-624x468.jpg 624w\" sizes=\"auto, (max-width: 800px) 100vw, 800px\" \/><\/a><\/p>\n<p>Danach kommt die Abk\u00fchlung, oder auch als Ap\u00e9ritif &#8211; ein Bier. Hier im Norden lieben die Franzosen belgisches Bier mit den skurrilsten Gl\u00e4sern.<\/p>\n<p><a href=\"https:\/\/olu-limburg.de\/wp-content\/uploads\/2022\/10\/IMG_20220918_125702_ergebnis-e1665334718960.jpg\"><img loading=\"lazy\" decoding=\"async\" class=\"size-full wp-image-27334 aligncenter\" src=\"https:\/\/olu-limburg.de\/wp-content\/uploads\/2022\/10\/IMG_20220918_125702_ergebnis-e1665334718960.jpg\" alt=\"\" width=\"450\" height=\"600\" srcset=\"https:\/\/olu-limburg.de\/wp-content\/uploads\/2022\/10\/IMG_20220918_125702_ergebnis-e1665334718960.jpg 450w, https:\/\/olu-limburg.de\/wp-content\/uploads\/2022\/10\/IMG_20220918_125702_ergebnis-e1665334718960-225x300.jpg 225w\" sizes=\"auto, (max-width: 450px) 100vw, 450px\" \/><\/a><\/p>\n<p>Nun aber schnell ins L&#8217;Alcyone zu Moules Marini\u00e8res und Pizza Kanibal, es ist schon sp\u00e4t geworden.<\/p>\n<p>Gegen Abend machen wir einen Spaziergang ans Meer. Dabei werden wir an der Avenue de la Plage darauf hingewiesen, dass wir uns in der Stadt nur in korrekter Kleidung\u00a0 zeigen d\u00fcrfen.<\/p>\n<p><a href=\"https:\/\/olu-limburg.de\/wp-content\/uploads\/2022\/10\/IMG_20220918_171609_ergebnis-e1665413675783.jpg\"><img loading=\"lazy\" decoding=\"async\" class=\"size-full wp-image-27339 aligncenter\" src=\"https:\/\/olu-limburg.de\/wp-content\/uploads\/2022\/10\/IMG_20220918_171609_ergebnis-e1665413675783.jpg\" alt=\"\" width=\"450\" height=\"600\" srcset=\"https:\/\/olu-limburg.de\/wp-content\/uploads\/2022\/10\/IMG_20220918_171609_ergebnis-e1665413675783.jpg 450w, https:\/\/olu-limburg.de\/wp-content\/uploads\/2022\/10\/IMG_20220918_171609_ergebnis-e1665413675783-225x300.jpg 225w\" sizes=\"auto, (max-width: 450px) 100vw, 450px\" \/><\/a><\/p>\n<p><a href=\"https:\/\/olu-limburg.de\/wp-content\/uploads\/2022\/10\/IMG_20220918_171859_ergebnis.jpg\"><img loading=\"lazy\" decoding=\"async\" class=\"size-full wp-image-27340 aligncenter\" src=\"https:\/\/olu-limburg.de\/wp-content\/uploads\/2022\/10\/IMG_20220918_171859_ergebnis.jpg\" alt=\"\" width=\"800\" height=\"600\" srcset=\"https:\/\/olu-limburg.de\/wp-content\/uploads\/2022\/10\/IMG_20220918_171859_ergebnis.jpg 800w, https:\/\/olu-limburg.de\/wp-content\/uploads\/2022\/10\/IMG_20220918_171859_ergebnis-300x225.jpg 300w, https:\/\/olu-limburg.de\/wp-content\/uploads\/2022\/10\/IMG_20220918_171859_ergebnis-768x576.jpg 768w, https:\/\/olu-limburg.de\/wp-content\/uploads\/2022\/10\/IMG_20220918_171859_ergebnis-624x468.jpg 624w\" sizes=\"auto, (max-width: 800px) 100vw, 800px\" \/><\/a><\/p>\n<p>Der Strand ist riesig und leer. Im Sommer wird es hier anders aussehen. Momentan sind haben wir eine Lufttemperatur von 16\u00b0 und im Wasser sind es 18\u00b0. Es gibt sogar Schwimmer im Meer.<\/p>\n<p><a href=\"https:\/\/olu-limburg.de\/wp-content\/uploads\/2022\/10\/20220918_181656_ergebnis-e1665912250255.jpg\"><img loading=\"lazy\" decoding=\"async\" class=\"size-full wp-image-27490 aligncenter\" src=\"https:\/\/olu-limburg.de\/wp-content\/uploads\/2022\/10\/20220918_181656_ergebnis-e1665912250255.jpg\" alt=\"\" width=\"450\" height=\"600\" srcset=\"https:\/\/olu-limburg.de\/wp-content\/uploads\/2022\/10\/20220918_181656_ergebnis-e1665912250255.jpg 450w, https:\/\/olu-limburg.de\/wp-content\/uploads\/2022\/10\/20220918_181656_ergebnis-e1665912250255-225x300.jpg 225w\" sizes=\"auto, (max-width: 450px) 100vw, 450px\" \/><\/a><\/p>\n<p><a href=\"https:\/\/olu-limburg.de\/wp-content\/uploads\/2022\/10\/20220918_173826_ergebnis.jpg\"><img loading=\"lazy\" decoding=\"async\" class=\"size-full wp-image-27489 aligncenter\" src=\"https:\/\/olu-limburg.de\/wp-content\/uploads\/2022\/10\/20220918_173826_ergebnis.jpg\" alt=\"\" width=\"800\" height=\"600\" srcset=\"https:\/\/olu-limburg.de\/wp-content\/uploads\/2022\/10\/20220918_173826_ergebnis.jpg 800w, https:\/\/olu-limburg.de\/wp-content\/uploads\/2022\/10\/20220918_173826_ergebnis-300x225.jpg 300w, https:\/\/olu-limburg.de\/wp-content\/uploads\/2022\/10\/20220918_173826_ergebnis-768x576.jpg 768w, https:\/\/olu-limburg.de\/wp-content\/uploads\/2022\/10\/20220918_173826_ergebnis-624x468.jpg 624w\" sizes=\"auto, (max-width: 800px) 100vw, 800px\" \/><\/a><\/p>\n<p><a href=\"https:\/\/olu-limburg.de\/wp-content\/uploads\/2022\/10\/IMG_20220918_173554_ergebnis.jpg\"><img loading=\"lazy\" decoding=\"async\" class=\"size-full wp-image-27341 aligncenter\" src=\"https:\/\/olu-limburg.de\/wp-content\/uploads\/2022\/10\/IMG_20220918_173554_ergebnis.jpg\" alt=\"\" width=\"800\" height=\"600\" srcset=\"https:\/\/olu-limburg.de\/wp-content\/uploads\/2022\/10\/IMG_20220918_173554_ergebnis.jpg 800w, https:\/\/olu-limburg.de\/wp-content\/uploads\/2022\/10\/IMG_20220918_173554_ergebnis-300x225.jpg 300w, https:\/\/olu-limburg.de\/wp-content\/uploads\/2022\/10\/IMG_20220918_173554_ergebnis-768x576.jpg 768w, https:\/\/olu-limburg.de\/wp-content\/uploads\/2022\/10\/IMG_20220918_173554_ergebnis-624x468.jpg 624w\" sizes=\"auto, (max-width: 800px) 100vw, 800px\" \/><\/a><\/p>\n<p>Unser Stellplatz ist zwar gut besucht, aber ruhig. Bei den franz\u00f6sischen Wohnmobilen werden sehr fr\u00fch die Rollos hoch bzw. runter gezogen. Die Privatsph\u00e4re ist den Franzosen sehr wichtig. Wir finden es sch\u00f6ner, wenn es offen ist und wir noch hinausschauen k\u00f6nnen.<\/p>\n<p><a href=\"https:\/\/olu-limburg.de\/wp-content\/uploads\/2022\/10\/P1100404_ergebnis.jpg\"><img loading=\"lazy\" decoding=\"async\" class=\"size-full wp-image-27343 aligncenter\" src=\"https:\/\/olu-limburg.de\/wp-content\/uploads\/2022\/10\/P1100404_ergebnis.jpg\" alt=\"\" width=\"800\" height=\"600\" srcset=\"https:\/\/olu-limburg.de\/wp-content\/uploads\/2022\/10\/P1100404_ergebnis.jpg 800w, https:\/\/olu-limburg.de\/wp-content\/uploads\/2022\/10\/P1100404_ergebnis-300x225.jpg 300w, https:\/\/olu-limburg.de\/wp-content\/uploads\/2022\/10\/P1100404_ergebnis-768x576.jpg 768w, https:\/\/olu-limburg.de\/wp-content\/uploads\/2022\/10\/P1100404_ergebnis-624x468.jpg 624w\" sizes=\"auto, (max-width: 800px) 100vw, 800px\" \/><\/a><\/p>\n<p>Tagesstrecke: 25 km<\/p>\n<p>&nbsp;<\/p>\n<p><strong>Montag, 19.09.2022<\/strong><\/p>\n<p>An diesem Platz kommt morgens kein B\u00e4cker. Daf\u00fcr gibt es aber zwei nahe und sehr gute B\u00e4ckereien, wenn man auf der Avenue de la Plage nach rechts abbiegt.<\/p>\n<p>Die heutige Etappe f\u00fchrt uns nach Le Crotoy, an der Baie de Somme. Es ist ein riesiger Wohnmobil-Stellplatz f\u00fcr ca. 150 Wohnmobile am Ende des Chemin des Digues mit V+E (Geb\u00fchr EUR 9,00).<\/p>\n<p><a href=\"https:\/\/olu-limburg.de\/wp-content\/uploads\/2022\/10\/P1100405_ergebnis.jpg\"><img loading=\"lazy\" decoding=\"async\" class=\"size-full wp-image-27344 aligncenter\" src=\"https:\/\/olu-limburg.de\/wp-content\/uploads\/2022\/10\/P1100405_ergebnis.jpg\" alt=\"\" width=\"800\" height=\"600\" srcset=\"https:\/\/olu-limburg.de\/wp-content\/uploads\/2022\/10\/P1100405_ergebnis.jpg 800w, https:\/\/olu-limburg.de\/wp-content\/uploads\/2022\/10\/P1100405_ergebnis-300x225.jpg 300w, https:\/\/olu-limburg.de\/wp-content\/uploads\/2022\/10\/P1100405_ergebnis-768x576.jpg 768w, https:\/\/olu-limburg.de\/wp-content\/uploads\/2022\/10\/P1100405_ergebnis-624x468.jpg 624w\" sizes=\"auto, (max-width: 800px) 100vw, 800px\" \/><\/a><\/p>\n<p>Von unserem Wohnmobil aus k\u00f6nnen wir noch einen Teil des Hafens und der Stadt sehen.<\/p>\n<p><a href=\"https:\/\/olu-limburg.de\/wp-content\/uploads\/2022\/10\/IMG_20220919_145322_ergebnis.jpg\"><img loading=\"lazy\" decoding=\"async\" class=\"size-full wp-image-27342 aligncenter\" src=\"https:\/\/olu-limburg.de\/wp-content\/uploads\/2022\/10\/IMG_20220919_145322_ergebnis.jpg\" alt=\"\" width=\"800\" height=\"600\" srcset=\"https:\/\/olu-limburg.de\/wp-content\/uploads\/2022\/10\/IMG_20220919_145322_ergebnis.jpg 800w, https:\/\/olu-limburg.de\/wp-content\/uploads\/2022\/10\/IMG_20220919_145322_ergebnis-300x225.jpg 300w, https:\/\/olu-limburg.de\/wp-content\/uploads\/2022\/10\/IMG_20220919_145322_ergebnis-768x576.jpg 768w, https:\/\/olu-limburg.de\/wp-content\/uploads\/2022\/10\/IMG_20220919_145322_ergebnis-624x468.jpg 624w\" sizes=\"auto, (max-width: 800px) 100vw, 800px\" \/><\/a><\/p>\n<p>Vor uns ist der Port de Plaisance, und wie wir bei unserem ersten Rundgang sehen, befinden sich nicht weit davon entfernt zahlreiche Bars und Restaurants um das Memorial Jeanne d&#8217;Arc herum. In der Baie ist die Muschelzucht ein starker Wirtschaftszweig, und auch anderes Meeresgetier gibt es in H\u00fclle und F\u00fclle.<\/p>\n<p>Unsere Augen werden aber magisch von einem Verkaufsstand mit Fischen und Meeresfr\u00fcchten angezogen.Die Auslagen sind so toll, und man kann alles kaufen.<\/p>\n<p><a href=\"https:\/\/olu-limburg.de\/wp-content\/uploads\/2022\/10\/IMG_20220919_123912_ergebnis.jpg\"><img loading=\"lazy\" decoding=\"async\" class=\"size-full wp-image-27351 aligncenter\" src=\"https:\/\/olu-limburg.de\/wp-content\/uploads\/2022\/10\/IMG_20220919_123912_ergebnis.jpg\" alt=\"\" width=\"800\" height=\"600\" srcset=\"https:\/\/olu-limburg.de\/wp-content\/uploads\/2022\/10\/IMG_20220919_123912_ergebnis.jpg 800w, https:\/\/olu-limburg.de\/wp-content\/uploads\/2022\/10\/IMG_20220919_123912_ergebnis-300x225.jpg 300w, https:\/\/olu-limburg.de\/wp-content\/uploads\/2022\/10\/IMG_20220919_123912_ergebnis-768x576.jpg 768w, https:\/\/olu-limburg.de\/wp-content\/uploads\/2022\/10\/IMG_20220919_123912_ergebnis-624x468.jpg 624w\" sizes=\"auto, (max-width: 800px) 100vw, 800px\" \/><\/a><\/p>\n<p><a href=\"https:\/\/olu-limburg.de\/wp-content\/uploads\/2022\/10\/IMG_20220919_123646_ergebnis.jpg\"><img loading=\"lazy\" decoding=\"async\" class=\"size-full wp-image-27350 aligncenter\" src=\"https:\/\/olu-limburg.de\/wp-content\/uploads\/2022\/10\/IMG_20220919_123646_ergebnis.jpg\" alt=\"\" width=\"800\" height=\"600\" srcset=\"https:\/\/olu-limburg.de\/wp-content\/uploads\/2022\/10\/IMG_20220919_123646_ergebnis.jpg 800w, https:\/\/olu-limburg.de\/wp-content\/uploads\/2022\/10\/IMG_20220919_123646_ergebnis-300x225.jpg 300w, https:\/\/olu-limburg.de\/wp-content\/uploads\/2022\/10\/IMG_20220919_123646_ergebnis-768x576.jpg 768w, https:\/\/olu-limburg.de\/wp-content\/uploads\/2022\/10\/IMG_20220919_123646_ergebnis-624x468.jpg 624w\" sizes=\"auto, (max-width: 800px) 100vw, 800px\" \/><\/a><\/p>\n<p><a href=\"https:\/\/olu-limburg.de\/wp-content\/uploads\/2022\/10\/IMG_20220919_123639_ergebnis.jpg\"><img loading=\"lazy\" decoding=\"async\" class=\"size-full wp-image-27349 aligncenter\" src=\"https:\/\/olu-limburg.de\/wp-content\/uploads\/2022\/10\/IMG_20220919_123639_ergebnis.jpg\" alt=\"\" width=\"800\" height=\"600\" srcset=\"https:\/\/olu-limburg.de\/wp-content\/uploads\/2022\/10\/IMG_20220919_123639_ergebnis.jpg 800w, https:\/\/olu-limburg.de\/wp-content\/uploads\/2022\/10\/IMG_20220919_123639_ergebnis-300x225.jpg 300w, https:\/\/olu-limburg.de\/wp-content\/uploads\/2022\/10\/IMG_20220919_123639_ergebnis-768x576.jpg 768w, https:\/\/olu-limburg.de\/wp-content\/uploads\/2022\/10\/IMG_20220919_123639_ergebnis-624x468.jpg 624w\" sizes=\"auto, (max-width: 800px) 100vw, 800px\" \/><\/a><\/p>\n<p>Wir k\u00f6nnen uns sogar sofort eine Plateau zum Mitnehmen zusammenstellen lassen, und ordern uns noch eine zus\u00e4tzliche Pince de Crabe (die gro\u00dfe Krebsschere). Das Mittagesssen ist schon mal gekl\u00e4rt.<\/p>\n<div id=\"attachment_27491\" style=\"width: 460px\" class=\"wp-caption aligncenter\"><a href=\"https:\/\/olu-limburg.de\/wp-content\/uploads\/2022\/10\/20220919_130341_ergebnis-e1665912440179.jpg\"><img loading=\"lazy\" decoding=\"async\" aria-describedby=\"caption-attachment-27491\" class=\"wp-image-27491 size-full\" src=\"https:\/\/olu-limburg.de\/wp-content\/uploads\/2022\/10\/20220919_130341_ergebnis-e1665912440179.jpg\" alt=\"\" width=\"450\" height=\"600\" srcset=\"https:\/\/olu-limburg.de\/wp-content\/uploads\/2022\/10\/20220919_130341_ergebnis-e1665912440179.jpg 450w, https:\/\/olu-limburg.de\/wp-content\/uploads\/2022\/10\/20220919_130341_ergebnis-e1665912440179-225x300.jpg 225w\" sizes=\"auto, (max-width: 450px) 100vw, 450px\" \/><\/a><p id=\"caption-attachment-27491\" class=\"wp-caption-text\">Dass ist das &#8222;Handwerkszeug&#8220; f\u00fcrs Essen.<\/p><\/div>\n<p><a href=\"https:\/\/olu-limburg.de\/wp-content\/uploads\/2022\/10\/IMG_20220919_125839_edit_270130154763987_ergebnis.jpg\"><img loading=\"lazy\" decoding=\"async\" class=\"wp-image-27353 size-full aligncenter\" src=\"https:\/\/olu-limburg.de\/wp-content\/uploads\/2022\/10\/IMG_20220919_125839_edit_270130154763987_ergebnis.jpg\" alt=\"\" width=\"800\" height=\"600\" srcset=\"https:\/\/olu-limburg.de\/wp-content\/uploads\/2022\/10\/IMG_20220919_125839_edit_270130154763987_ergebnis.jpg 800w, https:\/\/olu-limburg.de\/wp-content\/uploads\/2022\/10\/IMG_20220919_125839_edit_270130154763987_ergebnis-300x225.jpg 300w, https:\/\/olu-limburg.de\/wp-content\/uploads\/2022\/10\/IMG_20220919_125839_edit_270130154763987_ergebnis-768x576.jpg 768w, https:\/\/olu-limburg.de\/wp-content\/uploads\/2022\/10\/IMG_20220919_125839_edit_270130154763987_ergebnis-624x468.jpg 624w\" sizes=\"auto, (max-width: 800px) 100vw, 800px\" \/><\/a><\/p>\n<p>Zusammen mit einem Baguette und einer Flasche Muscadet sur Lie ist unser Mittagsmahl ein Genu\u00df.<\/p>\n<p>Am Sp\u00e4tnachmittag starten wir wieder zu unserem Rundgang, damit wir auch gen\u00fcgend Schritte f\u00fcr den Tag erreichen. Die Infrastruktur in Le Crotoy ist wirklich gut.<\/p>\n<p><a href=\"https:\/\/olu-limburg.de\/wp-content\/uploads\/2022\/10\/IMG_20220919_172009_ergebnis.jpg\"><img loading=\"lazy\" decoding=\"async\" class=\"size-full wp-image-27357 aligncenter\" src=\"https:\/\/olu-limburg.de\/wp-content\/uploads\/2022\/10\/IMG_20220919_172009_ergebnis.jpg\" alt=\"\" width=\"800\" height=\"600\" srcset=\"https:\/\/olu-limburg.de\/wp-content\/uploads\/2022\/10\/IMG_20220919_172009_ergebnis.jpg 800w, https:\/\/olu-limburg.de\/wp-content\/uploads\/2022\/10\/IMG_20220919_172009_ergebnis-300x225.jpg 300w, https:\/\/olu-limburg.de\/wp-content\/uploads\/2022\/10\/IMG_20220919_172009_ergebnis-768x576.jpg 768w, https:\/\/olu-limburg.de\/wp-content\/uploads\/2022\/10\/IMG_20220919_172009_ergebnis-624x468.jpg 624w\" sizes=\"auto, (max-width: 800px) 100vw, 800px\" \/><\/a><\/p>\n<p><a href=\"https:\/\/olu-limburg.de\/wp-content\/uploads\/2022\/10\/IMG_20220919_171757_ergebnis.jpg\"><img loading=\"lazy\" decoding=\"async\" class=\"size-full wp-image-27356 aligncenter\" src=\"https:\/\/olu-limburg.de\/wp-content\/uploads\/2022\/10\/IMG_20220919_171757_ergebnis.jpg\" alt=\"\" width=\"800\" height=\"600\" srcset=\"https:\/\/olu-limburg.de\/wp-content\/uploads\/2022\/10\/IMG_20220919_171757_ergebnis.jpg 800w, https:\/\/olu-limburg.de\/wp-content\/uploads\/2022\/10\/IMG_20220919_171757_ergebnis-300x225.jpg 300w, https:\/\/olu-limburg.de\/wp-content\/uploads\/2022\/10\/IMG_20220919_171757_ergebnis-768x576.jpg 768w, https:\/\/olu-limburg.de\/wp-content\/uploads\/2022\/10\/IMG_20220919_171757_ergebnis-624x468.jpg 624w\" sizes=\"auto, (max-width: 800px) 100vw, 800px\" \/><\/a><\/p>\n<p>Und wenn die Sonne noch so richtig auf den Platz um das Memorial Jeanne d&#8217;Arc scheint, ist hier Leben. Die Boule-Spieler sind in ihrem Element, und eine Musikerin auf der &#8222;Wanderschaft&#8220; spielt jeden Abend ihr Programm ab und verdient ganz gut.<\/p>\n<p><a href=\"https:\/\/olu-limburg.de\/wp-content\/uploads\/2022\/10\/P1100419_ergebnis-e1665506444220.jpg\"><img loading=\"lazy\" decoding=\"async\" class=\"size-full wp-image-27372 aligncenter\" src=\"https:\/\/olu-limburg.de\/wp-content\/uploads\/2022\/10\/P1100419_ergebnis-e1665506444220.jpg\" alt=\"\" width=\"450\" height=\"600\" srcset=\"https:\/\/olu-limburg.de\/wp-content\/uploads\/2022\/10\/P1100419_ergebnis-e1665506444220.jpg 450w, https:\/\/olu-limburg.de\/wp-content\/uploads\/2022\/10\/P1100419_ergebnis-e1665506444220-225x300.jpg 225w\" sizes=\"auto, (max-width: 450px) 100vw, 450px\" \/><\/a><\/p>\n<p><a href=\"https:\/\/olu-limburg.de\/wp-content\/uploads\/2022\/10\/IMG_20220919_172122_ergebnis.jpg\"><img loading=\"lazy\" decoding=\"async\" class=\"size-full wp-image-27359 aligncenter\" src=\"https:\/\/olu-limburg.de\/wp-content\/uploads\/2022\/10\/IMG_20220919_172122_ergebnis.jpg\" alt=\"\" width=\"800\" height=\"600\" srcset=\"https:\/\/olu-limburg.de\/wp-content\/uploads\/2022\/10\/IMG_20220919_172122_ergebnis.jpg 800w, https:\/\/olu-limburg.de\/wp-content\/uploads\/2022\/10\/IMG_20220919_172122_ergebnis-300x225.jpg 300w, https:\/\/olu-limburg.de\/wp-content\/uploads\/2022\/10\/IMG_20220919_172122_ergebnis-768x576.jpg 768w, https:\/\/olu-limburg.de\/wp-content\/uploads\/2022\/10\/IMG_20220919_172122_ergebnis-624x468.jpg 624w\" sizes=\"auto, (max-width: 800px) 100vw, 800px\" \/><\/a><\/p>\n<p><a href=\"https:\/\/olu-limburg.de\/wp-content\/uploads\/2022\/10\/IMG_20220919_172238_ergebnis.jpg\"><img loading=\"lazy\" decoding=\"async\" class=\"size-full wp-image-27360 aligncenter\" src=\"https:\/\/olu-limburg.de\/wp-content\/uploads\/2022\/10\/IMG_20220919_172238_ergebnis.jpg\" alt=\"\" width=\"800\" height=\"600\" srcset=\"https:\/\/olu-limburg.de\/wp-content\/uploads\/2022\/10\/IMG_20220919_172238_ergebnis.jpg 800w, https:\/\/olu-limburg.de\/wp-content\/uploads\/2022\/10\/IMG_20220919_172238_ergebnis-300x225.jpg 300w, https:\/\/olu-limburg.de\/wp-content\/uploads\/2022\/10\/IMG_20220919_172238_ergebnis-768x576.jpg 768w, https:\/\/olu-limburg.de\/wp-content\/uploads\/2022\/10\/IMG_20220919_172238_ergebnis-624x468.jpg 624w\" sizes=\"auto, (max-width: 800px) 100vw, 800px\" \/><\/a><\/p>\n<p>Gegen\u00fcber sind man die Promenade von Saint-Valery-sur-Somme.<\/p>\n<p><a href=\"https:\/\/olu-limburg.de\/wp-content\/uploads\/2022\/10\/IMG_20220919_172537_ergebnis.jpg\"><img loading=\"lazy\" decoding=\"async\" class=\"size-full wp-image-27361 aligncenter\" src=\"https:\/\/olu-limburg.de\/wp-content\/uploads\/2022\/10\/IMG_20220919_172537_ergebnis.jpg\" alt=\"\" width=\"800\" height=\"600\" srcset=\"https:\/\/olu-limburg.de\/wp-content\/uploads\/2022\/10\/IMG_20220919_172537_ergebnis.jpg 800w, https:\/\/olu-limburg.de\/wp-content\/uploads\/2022\/10\/IMG_20220919_172537_ergebnis-300x225.jpg 300w, https:\/\/olu-limburg.de\/wp-content\/uploads\/2022\/10\/IMG_20220919_172537_ergebnis-768x576.jpg 768w, https:\/\/olu-limburg.de\/wp-content\/uploads\/2022\/10\/IMG_20220919_172537_ergebnis-624x468.jpg 624w\" sizes=\"auto, (max-width: 800px) 100vw, 800px\" \/><\/a><\/p>\n<p>Beim Spaziergang durch Le Crotoy gibt es viel f\u00fcrs Auge, aber auch Informationen aus der Geschichte. Zum Beispiel wurde Jeanne d&#8217;Arc hier in der sp\u00e4ter geschleiften Festung\u00a0 1431 von K\u00f6nig Eduard III. von England kurz vor ihrer Verbrennung in Rouen gefangen gehalten. Au\u00dferdem kaufte sich Jules Verne in Le Crotoy ein Haus, Einige Werke sollen hier geschrieben worden sein.<\/p>\n<p><a href=\"https:\/\/olu-limburg.de\/wp-content\/uploads\/2022\/10\/IMG_20220919_171703_ergebnis.jpg\"><img loading=\"lazy\" decoding=\"async\" class=\"size-full wp-image-27355 aligncenter\" src=\"https:\/\/olu-limburg.de\/wp-content\/uploads\/2022\/10\/IMG_20220919_171703_ergebnis.jpg\" alt=\"\" width=\"800\" height=\"600\" srcset=\"https:\/\/olu-limburg.de\/wp-content\/uploads\/2022\/10\/IMG_20220919_171703_ergebnis.jpg 800w, https:\/\/olu-limburg.de\/wp-content\/uploads\/2022\/10\/IMG_20220919_171703_ergebnis-300x225.jpg 300w, https:\/\/olu-limburg.de\/wp-content\/uploads\/2022\/10\/IMG_20220919_171703_ergebnis-768x576.jpg 768w, https:\/\/olu-limburg.de\/wp-content\/uploads\/2022\/10\/IMG_20220919_171703_ergebnis-624x468.jpg 624w\" sizes=\"auto, (max-width: 800px) 100vw, 800px\" \/><\/a><\/p>\n<p><a href=\"https:\/\/olu-limburg.de\/wp-content\/uploads\/2022\/10\/IMG_20220919_173305_ergebnis.jpg\"><img loading=\"lazy\" decoding=\"async\" class=\"size-full wp-image-27362 aligncenter\" src=\"https:\/\/olu-limburg.de\/wp-content\/uploads\/2022\/10\/IMG_20220919_173305_ergebnis.jpg\" alt=\"\" width=\"800\" height=\"600\" srcset=\"https:\/\/olu-limburg.de\/wp-content\/uploads\/2022\/10\/IMG_20220919_173305_ergebnis.jpg 800w, https:\/\/olu-limburg.de\/wp-content\/uploads\/2022\/10\/IMG_20220919_173305_ergebnis-300x225.jpg 300w, https:\/\/olu-limburg.de\/wp-content\/uploads\/2022\/10\/IMG_20220919_173305_ergebnis-768x576.jpg 768w, https:\/\/olu-limburg.de\/wp-content\/uploads\/2022\/10\/IMG_20220919_173305_ergebnis-624x468.jpg 624w\" sizes=\"auto, (max-width: 800px) 100vw, 800px\" \/><\/a><\/p>\n<p><a href=\"https:\/\/olu-limburg.de\/wp-content\/uploads\/2022\/10\/P1100407_ergebnis.jpg\"><img loading=\"lazy\" decoding=\"async\" class=\"size-full wp-image-27364 aligncenter\" src=\"https:\/\/olu-limburg.de\/wp-content\/uploads\/2022\/10\/P1100407_ergebnis.jpg\" alt=\"\" width=\"800\" height=\"600\" srcset=\"https:\/\/olu-limburg.de\/wp-content\/uploads\/2022\/10\/P1100407_ergebnis.jpg 800w, https:\/\/olu-limburg.de\/wp-content\/uploads\/2022\/10\/P1100407_ergebnis-300x225.jpg 300w, https:\/\/olu-limburg.de\/wp-content\/uploads\/2022\/10\/P1100407_ergebnis-768x576.jpg 768w, https:\/\/olu-limburg.de\/wp-content\/uploads\/2022\/10\/P1100407_ergebnis-624x468.jpg 624w\" sizes=\"auto, (max-width: 800px) 100vw, 800px\" \/><\/a><\/p>\n<p><a href=\"https:\/\/olu-limburg.de\/wp-content\/uploads\/2022\/10\/P1100408_ergebnis-e1665503239884.jpg\"><img loading=\"lazy\" decoding=\"async\" class=\"size-full wp-image-27365 aligncenter\" src=\"https:\/\/olu-limburg.de\/wp-content\/uploads\/2022\/10\/P1100408_ergebnis-e1665503239884.jpg\" alt=\"\" width=\"450\" height=\"600\" srcset=\"https:\/\/olu-limburg.de\/wp-content\/uploads\/2022\/10\/P1100408_ergebnis-e1665503239884.jpg 450w, https:\/\/olu-limburg.de\/wp-content\/uploads\/2022\/10\/P1100408_ergebnis-e1665503239884-225x300.jpg 225w\" sizes=\"auto, (max-width: 450px) 100vw, 450px\" \/><\/a><\/p>\n<div id=\"attachment_27363\" style=\"width: 810px\" class=\"wp-caption aligncenter\"><a href=\"https:\/\/olu-limburg.de\/wp-content\/uploads\/2022\/10\/IMG_20220919_174334_ergebnis.jpg\"><img loading=\"lazy\" decoding=\"async\" aria-describedby=\"caption-attachment-27363\" class=\"wp-image-27363 size-full\" src=\"https:\/\/olu-limburg.de\/wp-content\/uploads\/2022\/10\/IMG_20220919_174334_ergebnis.jpg\" alt=\"\" width=\"800\" height=\"600\" srcset=\"https:\/\/olu-limburg.de\/wp-content\/uploads\/2022\/10\/IMG_20220919_174334_ergebnis.jpg 800w, https:\/\/olu-limburg.de\/wp-content\/uploads\/2022\/10\/IMG_20220919_174334_ergebnis-300x225.jpg 300w, https:\/\/olu-limburg.de\/wp-content\/uploads\/2022\/10\/IMG_20220919_174334_ergebnis-768x576.jpg 768w, https:\/\/olu-limburg.de\/wp-content\/uploads\/2022\/10\/IMG_20220919_174334_ergebnis-624x468.jpg 624w\" sizes=\"auto, (max-width: 800px) 100vw, 800px\" \/><\/a><p id=\"caption-attachment-27363\" class=\"wp-caption-text\">Baie de Somme<\/p><\/div>\n<p>Das heutige Hotel und Restaurant &#8222;Les Tourelles&#8220; wurde 1897 von Gustave Lecocq-Ranson zur eigenen Verwendung als Villa errichtet.<\/p>\n<p><a href=\"https:\/\/olu-limburg.de\/wp-content\/uploads\/2022\/10\/P1100410_ergebnis.jpg\"><img loading=\"lazy\" decoding=\"async\" class=\"size-full wp-image-27366 aligncenter\" src=\"https:\/\/olu-limburg.de\/wp-content\/uploads\/2022\/10\/P1100410_ergebnis.jpg\" alt=\"\" width=\"800\" height=\"600\" srcset=\"https:\/\/olu-limburg.de\/wp-content\/uploads\/2022\/10\/P1100410_ergebnis.jpg 800w, https:\/\/olu-limburg.de\/wp-content\/uploads\/2022\/10\/P1100410_ergebnis-300x225.jpg 300w, https:\/\/olu-limburg.de\/wp-content\/uploads\/2022\/10\/P1100410_ergebnis-768x576.jpg 768w, https:\/\/olu-limburg.de\/wp-content\/uploads\/2022\/10\/P1100410_ergebnis-624x468.jpg 624w\" sizes=\"auto, (max-width: 800px) 100vw, 800px\" \/><\/a><\/p>\n<p><a href=\"https:\/\/olu-limburg.de\/wp-content\/uploads\/2022\/10\/IMG_20220919_175523_ergebnis.jpg\"><img loading=\"lazy\" decoding=\"async\" class=\"size-full wp-image-27369 aligncenter\" src=\"https:\/\/olu-limburg.de\/wp-content\/uploads\/2022\/10\/IMG_20220919_175523_ergebnis.jpg\" alt=\"\" width=\"800\" height=\"600\" srcset=\"https:\/\/olu-limburg.de\/wp-content\/uploads\/2022\/10\/IMG_20220919_175523_ergebnis.jpg 800w, https:\/\/olu-limburg.de\/wp-content\/uploads\/2022\/10\/IMG_20220919_175523_ergebnis-300x225.jpg 300w, https:\/\/olu-limburg.de\/wp-content\/uploads\/2022\/10\/IMG_20220919_175523_ergebnis-768x576.jpg 768w, https:\/\/olu-limburg.de\/wp-content\/uploads\/2022\/10\/IMG_20220919_175523_ergebnis-624x468.jpg 624w\" sizes=\"auto, (max-width: 800px) 100vw, 800px\" \/><\/a><\/p>\n<p><a href=\"https:\/\/olu-limburg.de\/wp-content\/uploads\/2022\/10\/IMG_20220919_180939_ergebnis.jpg\"><img loading=\"lazy\" decoding=\"async\" class=\"size-full wp-image-27370 aligncenter\" src=\"https:\/\/olu-limburg.de\/wp-content\/uploads\/2022\/10\/IMG_20220919_180939_ergebnis.jpg\" alt=\"\" width=\"800\" height=\"600\" srcset=\"https:\/\/olu-limburg.de\/wp-content\/uploads\/2022\/10\/IMG_20220919_180939_ergebnis.jpg 800w, https:\/\/olu-limburg.de\/wp-content\/uploads\/2022\/10\/IMG_20220919_180939_ergebnis-300x225.jpg 300w, https:\/\/olu-limburg.de\/wp-content\/uploads\/2022\/10\/IMG_20220919_180939_ergebnis-768x576.jpg 768w, https:\/\/olu-limburg.de\/wp-content\/uploads\/2022\/10\/IMG_20220919_180939_ergebnis-624x468.jpg 624w\" sizes=\"auto, (max-width: 800px) 100vw, 800px\" \/><\/a><\/p>\n<p><a href=\"https:\/\/olu-limburg.de\/wp-content\/uploads\/2022\/10\/P1100421_ergebnis.jpg\"><img loading=\"lazy\" decoding=\"async\" class=\"size-full wp-image-27373 aligncenter\" src=\"https:\/\/olu-limburg.de\/wp-content\/uploads\/2022\/10\/P1100421_ergebnis.jpg\" alt=\"\" width=\"800\" height=\"600\" srcset=\"https:\/\/olu-limburg.de\/wp-content\/uploads\/2022\/10\/P1100421_ergebnis.jpg 800w, https:\/\/olu-limburg.de\/wp-content\/uploads\/2022\/10\/P1100421_ergebnis-300x225.jpg 300w, https:\/\/olu-limburg.de\/wp-content\/uploads\/2022\/10\/P1100421_ergebnis-768x576.jpg 768w, https:\/\/olu-limburg.de\/wp-content\/uploads\/2022\/10\/P1100421_ergebnis-624x468.jpg 624w\" sizes=\"auto, (max-width: 800px) 100vw, 800px\" \/><\/a><\/p>\n<p><a href=\"https:\/\/olu-limburg.de\/wp-content\/uploads\/2022\/10\/P1100422_ergebnis.jpg\"><img loading=\"lazy\" decoding=\"async\" class=\"size-full wp-image-27374 aligncenter\" src=\"https:\/\/olu-limburg.de\/wp-content\/uploads\/2022\/10\/P1100422_ergebnis.jpg\" alt=\"\" width=\"800\" height=\"600\" srcset=\"https:\/\/olu-limburg.de\/wp-content\/uploads\/2022\/10\/P1100422_ergebnis.jpg 800w, https:\/\/olu-limburg.de\/wp-content\/uploads\/2022\/10\/P1100422_ergebnis-300x225.jpg 300w, https:\/\/olu-limburg.de\/wp-content\/uploads\/2022\/10\/P1100422_ergebnis-768x576.jpg 768w, https:\/\/olu-limburg.de\/wp-content\/uploads\/2022\/10\/P1100422_ergebnis-624x468.jpg 624w\" sizes=\"auto, (max-width: 800px) 100vw, 800px\" \/><\/a><\/p>\n<p><a href=\"https:\/\/olu-limburg.de\/wp-content\/uploads\/2022\/10\/P1100424_ergebnis.jpg\"><img loading=\"lazy\" decoding=\"async\" class=\"size-full wp-image-27375 aligncenter\" src=\"https:\/\/olu-limburg.de\/wp-content\/uploads\/2022\/10\/P1100424_ergebnis.jpg\" alt=\"\" width=\"800\" height=\"600\" srcset=\"https:\/\/olu-limburg.de\/wp-content\/uploads\/2022\/10\/P1100424_ergebnis.jpg 800w, https:\/\/olu-limburg.de\/wp-content\/uploads\/2022\/10\/P1100424_ergebnis-300x225.jpg 300w, https:\/\/olu-limburg.de\/wp-content\/uploads\/2022\/10\/P1100424_ergebnis-768x576.jpg 768w, https:\/\/olu-limburg.de\/wp-content\/uploads\/2022\/10\/P1100424_ergebnis-624x468.jpg 624w\" sizes=\"auto, (max-width: 800px) 100vw, 800px\" \/><\/a><\/p>\n<p>Mit 9.124 Schritten habe ich zwar das Ziel knapp verfehlt, aber es ist gar nicht so schlecht. Zur Belohnung setzen wir uns noch ein wenig raus, und genie\u00dfen die Kulisse bei einer Tasse hei\u00dfen Tee, denn gegen Abend wird es schon etwas k\u00fchl.<\/p>\n<p>Tagesstrecke: 21 km<\/p>\n<p>&nbsp;<\/p>\n<p><strong>Dienstag, 20.09.2022<\/strong><\/p>\n<p>Vom Stellplatz aus k\u00f6nnen wir entlang des Quai Courbet Marktst\u00e4nde sehen. So etwas ist f\u00fcr uns wie ein Magnet. Bei dem Stand der jungen Fischer ist leider alles voller Wespen. Wir k\u00f6nnen sogar zusehen, wie sie sich Fischst\u00fccke rausbei\u00dfen. Nee, da gehen wir lieber weiter.<\/p>\n<p>Klamotten, G\u00fcrtel und Sonnenbrillen sind bei uns momentan auch nicht gefragt. Unser Ziel ist das &#8222;Oceane&#8220;, unser Lieblings-Fischgesch\u00e4ft in Le Crotoy, und dort kaufen wir zwei frische Thunfischsteaks und ein Pfund Coques (Muscheln).<\/p>\n<p>Im &#8222;Jules Verne&#8220; gegen\u00fcber trinken wir noch einen Ap\u00e9ritif, und gehen anschlie\u00dfend zur\u00fcck zum Wohnmobil. Ohne allzu viel Arbeit entstehen als Vorspeise &#8222;Coques in einer Vinaigrette&#8220; und als Hauptgericht &#8222;gegrilltes Thunfischsteak mit Salat&#8220;.<\/p>\n<div id=\"attachment_27380\" style=\"width: 810px\" class=\"wp-caption aligncenter\"><a href=\"https:\/\/olu-limburg.de\/wp-content\/uploads\/2022\/10\/IMG_20220920_135035_ergebnis.jpg\"><img loading=\"lazy\" decoding=\"async\" aria-describedby=\"caption-attachment-27380\" class=\"wp-image-27380 size-full\" src=\"https:\/\/olu-limburg.de\/wp-content\/uploads\/2022\/10\/IMG_20220920_135035_ergebnis.jpg\" alt=\"\" width=\"800\" height=\"600\" srcset=\"https:\/\/olu-limburg.de\/wp-content\/uploads\/2022\/10\/IMG_20220920_135035_ergebnis.jpg 800w, https:\/\/olu-limburg.de\/wp-content\/uploads\/2022\/10\/IMG_20220920_135035_ergebnis-300x225.jpg 300w, https:\/\/olu-limburg.de\/wp-content\/uploads\/2022\/10\/IMG_20220920_135035_ergebnis-768x576.jpg 768w, https:\/\/olu-limburg.de\/wp-content\/uploads\/2022\/10\/IMG_20220920_135035_ergebnis-624x468.jpg 624w\" sizes=\"auto, (max-width: 800px) 100vw, 800px\" \/><\/a><p id=\"caption-attachment-27380\" class=\"wp-caption-text\">Coques<\/p><\/div>\n<div id=\"attachment_27381\" style=\"width: 810px\" class=\"wp-caption aligncenter\"><a href=\"https:\/\/olu-limburg.de\/wp-content\/uploads\/2022\/10\/IMG_20220920_142433_ergebnis.jpg\"><img loading=\"lazy\" decoding=\"async\" aria-describedby=\"caption-attachment-27381\" class=\"wp-image-27381 size-full\" src=\"https:\/\/olu-limburg.de\/wp-content\/uploads\/2022\/10\/IMG_20220920_142433_ergebnis.jpg\" alt=\"\" width=\"800\" height=\"600\" srcset=\"https:\/\/olu-limburg.de\/wp-content\/uploads\/2022\/10\/IMG_20220920_142433_ergebnis.jpg 800w, https:\/\/olu-limburg.de\/wp-content\/uploads\/2022\/10\/IMG_20220920_142433_ergebnis-300x225.jpg 300w, https:\/\/olu-limburg.de\/wp-content\/uploads\/2022\/10\/IMG_20220920_142433_ergebnis-768x576.jpg 768w, https:\/\/olu-limburg.de\/wp-content\/uploads\/2022\/10\/IMG_20220920_142433_ergebnis-624x468.jpg 624w\" sizes=\"auto, (max-width: 800px) 100vw, 800px\" \/><\/a><p id=\"caption-attachment-27381\" class=\"wp-caption-text\">gegrilltes Thunfischsteak<\/p><\/div>\n<p>Auf dem Stellplatz steht ein Fan des 2017 verstorbenen Johnny Hallyday mit seinem Wohnmobil. Auf allen Seiten des Womos sind Portraits angebracht.<\/p>\n<p><a href=\"https:\/\/olu-limburg.de\/wp-content\/uploads\/2022\/10\/P1100426_ergebnis.jpg\"><img loading=\"lazy\" decoding=\"async\" class=\"size-full wp-image-27384 aligncenter\" src=\"https:\/\/olu-limburg.de\/wp-content\/uploads\/2022\/10\/P1100426_ergebnis.jpg\" alt=\"\" width=\"800\" height=\"600\" srcset=\"https:\/\/olu-limburg.de\/wp-content\/uploads\/2022\/10\/P1100426_ergebnis.jpg 800w, https:\/\/olu-limburg.de\/wp-content\/uploads\/2022\/10\/P1100426_ergebnis-300x225.jpg 300w, https:\/\/olu-limburg.de\/wp-content\/uploads\/2022\/10\/P1100426_ergebnis-768x576.jpg 768w, https:\/\/olu-limburg.de\/wp-content\/uploads\/2022\/10\/P1100426_ergebnis-624x468.jpg 624w\" sizes=\"auto, (max-width: 800px) 100vw, 800px\" \/><\/a><\/p>\n<p>Unser heutiger vorabendlicher Spaziergang f\u00fchrt uns \u00fcber die Ecluses Le Crotoy an einem fast ausgetrockneten Arm der Somme entlang und um das Bassin de chasse du Crotoy herum.<\/p>\n<p><a href=\"https:\/\/olu-limburg.de\/wp-content\/uploads\/2022\/10\/P1100427_ergebnis.jpg\"><img loading=\"lazy\" decoding=\"async\" class=\"size-full wp-image-27385 aligncenter\" src=\"https:\/\/olu-limburg.de\/wp-content\/uploads\/2022\/10\/P1100427_ergebnis.jpg\" alt=\"\" width=\"800\" height=\"600\" srcset=\"https:\/\/olu-limburg.de\/wp-content\/uploads\/2022\/10\/P1100427_ergebnis.jpg 800w, https:\/\/olu-limburg.de\/wp-content\/uploads\/2022\/10\/P1100427_ergebnis-300x225.jpg 300w, https:\/\/olu-limburg.de\/wp-content\/uploads\/2022\/10\/P1100427_ergebnis-768x576.jpg 768w, https:\/\/olu-limburg.de\/wp-content\/uploads\/2022\/10\/P1100427_ergebnis-624x468.jpg 624w\" sizes=\"auto, (max-width: 800px) 100vw, 800px\" \/><\/a><\/p>\n<p><a href=\"https:\/\/olu-limburg.de\/wp-content\/uploads\/2022\/10\/P1100428_ergebnis.jpg\"><img loading=\"lazy\" decoding=\"async\" class=\"size-full wp-image-27386 aligncenter\" src=\"https:\/\/olu-limburg.de\/wp-content\/uploads\/2022\/10\/P1100428_ergebnis.jpg\" alt=\"\" width=\"800\" height=\"600\" srcset=\"https:\/\/olu-limburg.de\/wp-content\/uploads\/2022\/10\/P1100428_ergebnis.jpg 800w, https:\/\/olu-limburg.de\/wp-content\/uploads\/2022\/10\/P1100428_ergebnis-300x225.jpg 300w, https:\/\/olu-limburg.de\/wp-content\/uploads\/2022\/10\/P1100428_ergebnis-768x576.jpg 768w, https:\/\/olu-limburg.de\/wp-content\/uploads\/2022\/10\/P1100428_ergebnis-624x468.jpg 624w\" sizes=\"auto, (max-width: 800px) 100vw, 800px\" \/><\/a><\/p>\n<p><a href=\"https:\/\/olu-limburg.de\/wp-content\/uploads\/2022\/10\/20220920_165616_ergebnis.jpg\"><img loading=\"lazy\" decoding=\"async\" class=\"size-full wp-image-27493 aligncenter\" src=\"https:\/\/olu-limburg.de\/wp-content\/uploads\/2022\/10\/20220920_165616_ergebnis.jpg\" alt=\"\" width=\"800\" height=\"600\" srcset=\"https:\/\/olu-limburg.de\/wp-content\/uploads\/2022\/10\/20220920_165616_ergebnis.jpg 800w, https:\/\/olu-limburg.de\/wp-content\/uploads\/2022\/10\/20220920_165616_ergebnis-300x225.jpg 300w, https:\/\/olu-limburg.de\/wp-content\/uploads\/2022\/10\/20220920_165616_ergebnis-768x576.jpg 768w, https:\/\/olu-limburg.de\/wp-content\/uploads\/2022\/10\/20220920_165616_ergebnis-624x468.jpg 624w\" sizes=\"auto, (max-width: 800px) 100vw, 800px\" \/><\/a><\/p>\n<p><a href=\"https:\/\/olu-limburg.de\/wp-content\/uploads\/2022\/10\/20220920_171319_ergebnis-e1665913118928.jpg\"><img loading=\"lazy\" decoding=\"async\" class=\"size-full wp-image-27495 aligncenter\" src=\"https:\/\/olu-limburg.de\/wp-content\/uploads\/2022\/10\/20220920_171319_ergebnis-e1665913118928.jpg\" alt=\"\" width=\"450\" height=\"600\" srcset=\"https:\/\/olu-limburg.de\/wp-content\/uploads\/2022\/10\/20220920_171319_ergebnis-e1665913118928.jpg 450w, https:\/\/olu-limburg.de\/wp-content\/uploads\/2022\/10\/20220920_171319_ergebnis-e1665913118928-225x300.jpg 225w\" sizes=\"auto, (max-width: 450px) 100vw, 450px\" \/><\/a><\/p>\n<p><a href=\"https:\/\/olu-limburg.de\/wp-content\/uploads\/2022\/10\/20220920_171134_ergebnis.jpg\"><img loading=\"lazy\" decoding=\"async\" class=\"size-full wp-image-27494 aligncenter\" src=\"https:\/\/olu-limburg.de\/wp-content\/uploads\/2022\/10\/20220920_171134_ergebnis.jpg\" alt=\"\" width=\"800\" height=\"600\" srcset=\"https:\/\/olu-limburg.de\/wp-content\/uploads\/2022\/10\/20220920_171134_ergebnis.jpg 800w, https:\/\/olu-limburg.de\/wp-content\/uploads\/2022\/10\/20220920_171134_ergebnis-300x225.jpg 300w, https:\/\/olu-limburg.de\/wp-content\/uploads\/2022\/10\/20220920_171134_ergebnis-768x576.jpg 768w, https:\/\/olu-limburg.de\/wp-content\/uploads\/2022\/10\/20220920_171134_ergebnis-624x468.jpg 624w\" sizes=\"auto, (max-width: 800px) 100vw, 800px\" \/><\/a><\/p>\n<p><a href=\"https:\/\/olu-limburg.de\/wp-content\/uploads\/2022\/10\/IMG_20220920_191230_ergebnis-e1665673056519.jpg\"><img loading=\"lazy\" decoding=\"async\" class=\"size-full wp-image-27383 aligncenter\" src=\"https:\/\/olu-limburg.de\/wp-content\/uploads\/2022\/10\/IMG_20220920_191230_ergebnis-e1665673056519.jpg\" alt=\"\" width=\"450\" height=\"600\" srcset=\"https:\/\/olu-limburg.de\/wp-content\/uploads\/2022\/10\/IMG_20220920_191230_ergebnis-e1665673056519.jpg 450w, https:\/\/olu-limburg.de\/wp-content\/uploads\/2022\/10\/IMG_20220920_191230_ergebnis-e1665673056519-225x300.jpg 225w\" sizes=\"auto, (max-width: 450px) 100vw, 450px\" \/><\/a><\/p>\n<p><a href=\"https:\/\/olu-limburg.de\/wp-content\/uploads\/2022\/10\/P1100429_ergebnis.jpg\"><img loading=\"lazy\" decoding=\"async\" class=\"size-full wp-image-27387 aligncenter\" src=\"https:\/\/olu-limburg.de\/wp-content\/uploads\/2022\/10\/P1100429_ergebnis.jpg\" alt=\"\" width=\"800\" height=\"600\" srcset=\"https:\/\/olu-limburg.de\/wp-content\/uploads\/2022\/10\/P1100429_ergebnis.jpg 800w, https:\/\/olu-limburg.de\/wp-content\/uploads\/2022\/10\/P1100429_ergebnis-300x225.jpg 300w, https:\/\/olu-limburg.de\/wp-content\/uploads\/2022\/10\/P1100429_ergebnis-768x576.jpg 768w, https:\/\/olu-limburg.de\/wp-content\/uploads\/2022\/10\/P1100429_ergebnis-624x468.jpg 624w\" sizes=\"auto, (max-width: 800px) 100vw, 800px\" \/><\/a><\/p>\n<p>Bei dem abendlichen Tee sehen wir pl\u00f6tzlich ganz bizarre Farberscheinungen am Himmel. Und das alles ohne Alkohol.<\/p>\n<p><a href=\"https:\/\/olu-limburg.de\/wp-content\/uploads\/2022\/10\/IMG_20220920_165840_ergebnis.jpg\"><img loading=\"lazy\" decoding=\"async\" class=\"size-full wp-image-27382 aligncenter\" src=\"https:\/\/olu-limburg.de\/wp-content\/uploads\/2022\/10\/IMG_20220920_165840_ergebnis.jpg\" alt=\"\" width=\"800\" height=\"600\" srcset=\"https:\/\/olu-limburg.de\/wp-content\/uploads\/2022\/10\/IMG_20220920_165840_ergebnis.jpg 800w, https:\/\/olu-limburg.de\/wp-content\/uploads\/2022\/10\/IMG_20220920_165840_ergebnis-300x225.jpg 300w, https:\/\/olu-limburg.de\/wp-content\/uploads\/2022\/10\/IMG_20220920_165840_ergebnis-768x576.jpg 768w, https:\/\/olu-limburg.de\/wp-content\/uploads\/2022\/10\/IMG_20220920_165840_ergebnis-624x468.jpg 624w\" sizes=\"auto, (max-width: 800px) 100vw, 800px\" \/><\/a><\/p>\n<p>Tagesstrecke: 0 km<\/p>\n<p>&nbsp;<\/p>\n<p><strong>Mittwoch, 21.09.2022<\/strong><\/p>\n<p>Heute wollen wir eigentlich auf den Stellplatz in Le Hourdel auf der anderen Seite der Sommem\u00fcndung. Dort angekommen zeigt sich aber, dass die Parkpl\u00e4tze neu gestaltet wurden, und der Wohnmobil-Stellplatz auf der Strecke geblieben ist. Die Zufahrten zu den Parkpl\u00e4tzen sind nur noch f\u00fcr PKWs und Busse gestattet. Auch franz\u00f6sische Wohnmobile kreiseln ergebnislos durch den Ort. In einem Kommentar im Internet hat ein franz\u00f6sischer Wohnmobilist sogar ge\u00e4u\u00dfert, dass die Gemeinde keine Wohnmobile mehr haben wolle.<\/p>\n<p>Wo wir aber schon mal da sind, parken wir unser Wohnmobil am Stra\u00dfenrand zwischen ein paar anderen Wohnmobilen, und machen einen Spaziergang zum Leuchtturm und weiter zum steinigen Strand.<\/p>\n<p><a href=\"https:\/\/olu-limburg.de\/wp-content\/uploads\/2022\/10\/IMG_20220921_121049_ergebnis.jpg\"><img loading=\"lazy\" decoding=\"async\" class=\"size-full wp-image-27393 aligncenter\" src=\"https:\/\/olu-limburg.de\/wp-content\/uploads\/2022\/10\/IMG_20220921_121049_ergebnis.jpg\" alt=\"\" width=\"800\" height=\"600\" srcset=\"https:\/\/olu-limburg.de\/wp-content\/uploads\/2022\/10\/IMG_20220921_121049_ergebnis.jpg 800w, https:\/\/olu-limburg.de\/wp-content\/uploads\/2022\/10\/IMG_20220921_121049_ergebnis-300x225.jpg 300w, https:\/\/olu-limburg.de\/wp-content\/uploads\/2022\/10\/IMG_20220921_121049_ergebnis-768x576.jpg 768w, https:\/\/olu-limburg.de\/wp-content\/uploads\/2022\/10\/IMG_20220921_121049_ergebnis-624x468.jpg 624w\" sizes=\"auto, (max-width: 800px) 100vw, 800px\" \/><\/a><\/p>\n<p><a href=\"https:\/\/olu-limburg.de\/wp-content\/uploads\/2022\/10\/20220921_124959_ergebnis-e1665913636270.jpg\"><img loading=\"lazy\" decoding=\"async\" class=\"size-full wp-image-27500 alignleft\" src=\"https:\/\/olu-limburg.de\/wp-content\/uploads\/2022\/10\/20220921_124959_ergebnis-e1665913636270.jpg\" alt=\"\" width=\"450\" height=\"600\" srcset=\"https:\/\/olu-limburg.de\/wp-content\/uploads\/2022\/10\/20220921_124959_ergebnis-e1665913636270.jpg 450w, https:\/\/olu-limburg.de\/wp-content\/uploads\/2022\/10\/20220921_124959_ergebnis-e1665913636270-225x300.jpg 225w\" sizes=\"auto, (max-width: 450px) 100vw, 450px\" \/><\/a><\/p>\n<p>&nbsp;<\/p>\n<p><a href=\"https:\/\/olu-limburg.de\/wp-content\/uploads\/2022\/10\/P1100437_ergebnis-e1665759203408.jpg\"><img loading=\"lazy\" decoding=\"async\" class=\"size-full wp-image-27399 alignright\" src=\"https:\/\/olu-limburg.de\/wp-content\/uploads\/2022\/10\/P1100437_ergebnis-e1665759203408.jpg\" alt=\"\" width=\"450\" height=\"600\" srcset=\"https:\/\/olu-limburg.de\/wp-content\/uploads\/2022\/10\/P1100437_ergebnis-e1665759203408.jpg 450w, https:\/\/olu-limburg.de\/wp-content\/uploads\/2022\/10\/P1100437_ergebnis-e1665759203408-225x300.jpg 225w\" sizes=\"auto, (max-width: 450px) 100vw, 450px\" \/><\/a><\/p>\n<p><a href=\"https:\/\/olu-limburg.de\/wp-content\/uploads\/2022\/10\/IMG_20220921_123549_ergebnis.jpg\"><img loading=\"lazy\" decoding=\"async\" class=\"size-full wp-image-27395 aligncenter\" src=\"https:\/\/olu-limburg.de\/wp-content\/uploads\/2022\/10\/IMG_20220921_123549_ergebnis.jpg\" alt=\"\" width=\"800\" height=\"600\" srcset=\"https:\/\/olu-limburg.de\/wp-content\/uploads\/2022\/10\/IMG_20220921_123549_ergebnis.jpg 800w, https:\/\/olu-limburg.de\/wp-content\/uploads\/2022\/10\/IMG_20220921_123549_ergebnis-300x225.jpg 300w, https:\/\/olu-limburg.de\/wp-content\/uploads\/2022\/10\/IMG_20220921_123549_ergebnis-768x576.jpg 768w, https:\/\/olu-limburg.de\/wp-content\/uploads\/2022\/10\/IMG_20220921_123549_ergebnis-624x468.jpg 624w\" sizes=\"auto, (max-width: 800px) 100vw, 800px\" \/><\/a><\/p>\n<p><a href=\"https:\/\/olu-limburg.de\/wp-content\/uploads\/2022\/10\/P1100435_ergebnis.jpg\"><img loading=\"lazy\" decoding=\"async\" class=\"size-full wp-image-27398 aligncenter\" src=\"https:\/\/olu-limburg.de\/wp-content\/uploads\/2022\/10\/P1100435_ergebnis.jpg\" alt=\"\" width=\"800\" height=\"600\" srcset=\"https:\/\/olu-limburg.de\/wp-content\/uploads\/2022\/10\/P1100435_ergebnis.jpg 800w, https:\/\/olu-limburg.de\/wp-content\/uploads\/2022\/10\/P1100435_ergebnis-300x225.jpg 300w, https:\/\/olu-limburg.de\/wp-content\/uploads\/2022\/10\/P1100435_ergebnis-768x576.jpg 768w, https:\/\/olu-limburg.de\/wp-content\/uploads\/2022\/10\/P1100435_ergebnis-624x468.jpg 624w\" sizes=\"auto, (max-width: 800px) 100vw, 800px\" \/><\/a><\/p>\n<p><a href=\"https:\/\/olu-limburg.de\/wp-content\/uploads\/2022\/10\/IMG_20220921_122238_ergebnis.jpg\"><img loading=\"lazy\" decoding=\"async\" class=\"size-full wp-image-27394 aligncenter\" src=\"https:\/\/olu-limburg.de\/wp-content\/uploads\/2022\/10\/IMG_20220921_122238_ergebnis.jpg\" alt=\"\" width=\"800\" height=\"600\" srcset=\"https:\/\/olu-limburg.de\/wp-content\/uploads\/2022\/10\/IMG_20220921_122238_ergebnis.jpg 800w, https:\/\/olu-limburg.de\/wp-content\/uploads\/2022\/10\/IMG_20220921_122238_ergebnis-300x225.jpg 300w, https:\/\/olu-limburg.de\/wp-content\/uploads\/2022\/10\/IMG_20220921_122238_ergebnis-768x576.jpg 768w, https:\/\/olu-limburg.de\/wp-content\/uploads\/2022\/10\/IMG_20220921_122238_ergebnis-624x468.jpg 624w\" sizes=\"auto, (max-width: 800px) 100vw, 800px\" \/><\/a><\/p>\n<p><a href=\"https:\/\/olu-limburg.de\/wp-content\/uploads\/2022\/10\/20220921_122147_ergebnis.jpg\"><img loading=\"lazy\" decoding=\"async\" class=\"size-full wp-image-27499 aligncenter\" src=\"https:\/\/olu-limburg.de\/wp-content\/uploads\/2022\/10\/20220921_122147_ergebnis.jpg\" alt=\"\" width=\"800\" height=\"600\" srcset=\"https:\/\/olu-limburg.de\/wp-content\/uploads\/2022\/10\/20220921_122147_ergebnis.jpg 800w, https:\/\/olu-limburg.de\/wp-content\/uploads\/2022\/10\/20220921_122147_ergebnis-300x225.jpg 300w, https:\/\/olu-limburg.de\/wp-content\/uploads\/2022\/10\/20220921_122147_ergebnis-768x576.jpg 768w, https:\/\/olu-limburg.de\/wp-content\/uploads\/2022\/10\/20220921_122147_ergebnis-624x468.jpg 624w\" sizes=\"auto, (max-width: 800px) 100vw, 800px\" \/><\/a><\/p>\n<p>Die Seehunde lassen sich \u00fcberhaupt nicht von den gewerblichen Muschelz\u00fcchtern st\u00f6ren.<\/p>\n<p><a href=\"https:\/\/olu-limburg.de\/wp-content\/uploads\/2022\/10\/P1100433_ergebnis.jpg\"><img loading=\"lazy\" decoding=\"async\" class=\"size-full wp-image-27397 aligncenter\" src=\"https:\/\/olu-limburg.de\/wp-content\/uploads\/2022\/10\/P1100433_ergebnis.jpg\" alt=\"\" width=\"800\" height=\"600\" srcset=\"https:\/\/olu-limburg.de\/wp-content\/uploads\/2022\/10\/P1100433_ergebnis.jpg 800w, https:\/\/olu-limburg.de\/wp-content\/uploads\/2022\/10\/P1100433_ergebnis-300x225.jpg 300w, https:\/\/olu-limburg.de\/wp-content\/uploads\/2022\/10\/P1100433_ergebnis-768x576.jpg 768w, https:\/\/olu-limburg.de\/wp-content\/uploads\/2022\/10\/P1100433_ergebnis-624x468.jpg 624w\" sizes=\"auto, (max-width: 800px) 100vw, 800px\" \/><\/a><\/p>\n<p>Wer uns nicht haben will, erntet auch nichts von uns. Deshalb fahren wir nach St.-Valery-sur-Somme auf den Wohnmobil-Stellplatz mit V+E (Geb\u00fchr EUR 12,00) in der Rue de la Croix l&#8217;Abb\u00e9. Bei 180 m\u00f6glichen Wohnmobilen und 40 Stromanschl\u00fcssen gibt es hier manch gewagte Steckverbindungen. Wir zapfen f\u00fcr unseren Strom lieber die Sonne an.<\/p>\n<p><a href=\"https:\/\/olu-limburg.de\/wp-content\/uploads\/2022\/10\/20220921_185455_ergebnis.jpg\"><img loading=\"lazy\" decoding=\"async\" class=\"size-full wp-image-27506 aligncenter\" src=\"https:\/\/olu-limburg.de\/wp-content\/uploads\/2022\/10\/20220921_185455_ergebnis.jpg\" alt=\"\" width=\"800\" height=\"600\" srcset=\"https:\/\/olu-limburg.de\/wp-content\/uploads\/2022\/10\/20220921_185455_ergebnis.jpg 800w, https:\/\/olu-limburg.de\/wp-content\/uploads\/2022\/10\/20220921_185455_ergebnis-300x225.jpg 300w, https:\/\/olu-limburg.de\/wp-content\/uploads\/2022\/10\/20220921_185455_ergebnis-768x576.jpg 768w, https:\/\/olu-limburg.de\/wp-content\/uploads\/2022\/10\/20220921_185455_ergebnis-624x468.jpg 624w\" sizes=\"auto, (max-width: 800px) 100vw, 800px\" \/><\/a><\/p>\n<p><a href=\"https:\/\/olu-limburg.de\/wp-content\/uploads\/2022\/10\/20220921_190309_ergebnis.jpg\"><img loading=\"lazy\" decoding=\"async\" class=\"size-full wp-image-27507 aligncenter\" src=\"https:\/\/olu-limburg.de\/wp-content\/uploads\/2022\/10\/20220921_190309_ergebnis.jpg\" alt=\"\" width=\"800\" height=\"600\" srcset=\"https:\/\/olu-limburg.de\/wp-content\/uploads\/2022\/10\/20220921_190309_ergebnis.jpg 800w, https:\/\/olu-limburg.de\/wp-content\/uploads\/2022\/10\/20220921_190309_ergebnis-300x225.jpg 300w, https:\/\/olu-limburg.de\/wp-content\/uploads\/2022\/10\/20220921_190309_ergebnis-768x576.jpg 768w, https:\/\/olu-limburg.de\/wp-content\/uploads\/2022\/10\/20220921_190309_ergebnis-624x468.jpg 624w\" sizes=\"auto, (max-width: 800px) 100vw, 800px\" \/><\/a><\/p>\n<p>Heute gibt es ein etwas versp\u00e4tetes Mittagessen im Wohnmobil mit Melone und Penne mit Bologneseso\u00dfe, gefolgt von einer Runde Faulenzen. Sp\u00e4ter spazieren wir runter in den Ort.<\/p>\n<p><a href=\"https:\/\/olu-limburg.de\/wp-content\/uploads\/2022\/10\/IMG_20220921_164346_ergebnis-e1665761252168.jpg\"><img loading=\"lazy\" decoding=\"async\" class=\"size-full wp-image-27402 aligncenter\" src=\"https:\/\/olu-limburg.de\/wp-content\/uploads\/2022\/10\/IMG_20220921_164346_ergebnis-e1665761252168.jpg\" alt=\"\" width=\"450\" height=\"600\" srcset=\"https:\/\/olu-limburg.de\/wp-content\/uploads\/2022\/10\/IMG_20220921_164346_ergebnis-e1665761252168.jpg 450w, https:\/\/olu-limburg.de\/wp-content\/uploads\/2022\/10\/IMG_20220921_164346_ergebnis-e1665761252168-225x300.jpg 225w\" sizes=\"auto, (max-width: 450px) 100vw, 450px\" \/><\/a><\/p>\n<p><a href=\"https:\/\/olu-limburg.de\/wp-content\/uploads\/2022\/10\/IMG_20220921_164626_ergebnis.jpg\"><img loading=\"lazy\" decoding=\"async\" class=\"size-full wp-image-27403 aligncenter\" src=\"https:\/\/olu-limburg.de\/wp-content\/uploads\/2022\/10\/IMG_20220921_164626_ergebnis.jpg\" alt=\"\" width=\"800\" height=\"600\" srcset=\"https:\/\/olu-limburg.de\/wp-content\/uploads\/2022\/10\/IMG_20220921_164626_ergebnis.jpg 800w, https:\/\/olu-limburg.de\/wp-content\/uploads\/2022\/10\/IMG_20220921_164626_ergebnis-300x225.jpg 300w, https:\/\/olu-limburg.de\/wp-content\/uploads\/2022\/10\/IMG_20220921_164626_ergebnis-768x576.jpg 768w, https:\/\/olu-limburg.de\/wp-content\/uploads\/2022\/10\/IMG_20220921_164626_ergebnis-624x468.jpg 624w\" sizes=\"auto, (max-width: 800px) 100vw, 800px\" \/><\/a><\/p>\n<p>Entlang der Uferpromenade stehen herrliche Villen aus vergangenen Zeiten.<\/p>\n<p><a href=\"https:\/\/olu-limburg.de\/wp-content\/uploads\/2022\/10\/P1100442_ergebnis.jpg\"><img loading=\"lazy\" decoding=\"async\" class=\"size-full wp-image-27406 aligncenter\" src=\"https:\/\/olu-limburg.de\/wp-content\/uploads\/2022\/10\/P1100442_ergebnis.jpg\" alt=\"\" width=\"800\" height=\"600\" srcset=\"https:\/\/olu-limburg.de\/wp-content\/uploads\/2022\/10\/P1100442_ergebnis.jpg 800w, https:\/\/olu-limburg.de\/wp-content\/uploads\/2022\/10\/P1100442_ergebnis-300x225.jpg 300w, https:\/\/olu-limburg.de\/wp-content\/uploads\/2022\/10\/P1100442_ergebnis-768x576.jpg 768w, https:\/\/olu-limburg.de\/wp-content\/uploads\/2022\/10\/P1100442_ergebnis-624x468.jpg 624w\" sizes=\"auto, (max-width: 800px) 100vw, 800px\" \/><\/a><\/p>\n<div id=\"attachment_27405\" style=\"width: 810px\" class=\"wp-caption aligncenter\"><a href=\"https:\/\/olu-limburg.de\/wp-content\/uploads\/2022\/10\/P1100440_ergebnis.jpg\"><img loading=\"lazy\" decoding=\"async\" aria-describedby=\"caption-attachment-27405\" class=\"wp-image-27405 size-full\" src=\"https:\/\/olu-limburg.de\/wp-content\/uploads\/2022\/10\/P1100440_ergebnis.jpg\" alt=\"\" width=\"800\" height=\"600\" srcset=\"https:\/\/olu-limburg.de\/wp-content\/uploads\/2022\/10\/P1100440_ergebnis.jpg 800w, https:\/\/olu-limburg.de\/wp-content\/uploads\/2022\/10\/P1100440_ergebnis-300x225.jpg 300w, https:\/\/olu-limburg.de\/wp-content\/uploads\/2022\/10\/P1100440_ergebnis-768x576.jpg 768w, https:\/\/olu-limburg.de\/wp-content\/uploads\/2022\/10\/P1100440_ergebnis-624x468.jpg 624w\" sizes=\"auto, (max-width: 800px) 100vw, 800px\" \/><\/a><p id=\"caption-attachment-27405\" class=\"wp-caption-text\">Unser gestriger \u00dcbernachtungsort ist nicht weit.<\/p><\/div>\n<p><a href=\"https:\/\/olu-limburg.de\/wp-content\/uploads\/2022\/10\/P1100443_ergebnis.jpg\"><img loading=\"lazy\" decoding=\"async\" class=\"size-full wp-image-27407 aligncenter\" src=\"https:\/\/olu-limburg.de\/wp-content\/uploads\/2022\/10\/P1100443_ergebnis.jpg\" alt=\"\" width=\"800\" height=\"600\" srcset=\"https:\/\/olu-limburg.de\/wp-content\/uploads\/2022\/10\/P1100443_ergebnis.jpg 800w, https:\/\/olu-limburg.de\/wp-content\/uploads\/2022\/10\/P1100443_ergebnis-300x225.jpg 300w, https:\/\/olu-limburg.de\/wp-content\/uploads\/2022\/10\/P1100443_ergebnis-768x576.jpg 768w, https:\/\/olu-limburg.de\/wp-content\/uploads\/2022\/10\/P1100443_ergebnis-624x468.jpg 624w\" sizes=\"auto, (max-width: 800px) 100vw, 800px\" \/><\/a><\/p>\n<p><a href=\"https:\/\/olu-limburg.de\/wp-content\/uploads\/2022\/10\/IMG_20220921_180557_ergebnis-e1665763682894.jpg\"><img loading=\"lazy\" decoding=\"async\" class=\"size-full wp-image-27425 alignleft\" src=\"https:\/\/olu-limburg.de\/wp-content\/uploads\/2022\/10\/IMG_20220921_180557_ergebnis-e1665763682894.jpg\" alt=\"\" width=\"450\" height=\"600\" srcset=\"https:\/\/olu-limburg.de\/wp-content\/uploads\/2022\/10\/IMG_20220921_180557_ergebnis-e1665763682894.jpg 450w, https:\/\/olu-limburg.de\/wp-content\/uploads\/2022\/10\/IMG_20220921_180557_ergebnis-e1665763682894-225x300.jpg 225w\" sizes=\"auto, (max-width: 450px) 100vw, 450px\" \/><\/a><\/p>\n<p><a href=\"https:\/\/olu-limburg.de\/wp-content\/uploads\/2022\/10\/P1100446_ergebnis-e1665761636379.jpg\"><img loading=\"lazy\" decoding=\"async\" class=\"size-full wp-image-27409 alignright\" src=\"https:\/\/olu-limburg.de\/wp-content\/uploads\/2022\/10\/P1100446_ergebnis-e1665761636379.jpg\" alt=\"\" width=\"450\" height=\"600\" srcset=\"https:\/\/olu-limburg.de\/wp-content\/uploads\/2022\/10\/P1100446_ergebnis-e1665761636379.jpg 450w, https:\/\/olu-limburg.de\/wp-content\/uploads\/2022\/10\/P1100446_ergebnis-e1665761636379-225x300.jpg 225w\" sizes=\"auto, (max-width: 450px) 100vw, 450px\" \/><\/a><\/p>\n<p><a href=\"https:\/\/olu-limburg.de\/wp-content\/uploads\/2022\/10\/IMG_20220921_171543_ergebnis.jpg\"><img loading=\"lazy\" decoding=\"async\" class=\"size-full wp-image-27404 aligncenter\" src=\"https:\/\/olu-limburg.de\/wp-content\/uploads\/2022\/10\/IMG_20220921_171543_ergebnis.jpg\" alt=\"\" width=\"800\" height=\"600\" srcset=\"https:\/\/olu-limburg.de\/wp-content\/uploads\/2022\/10\/IMG_20220921_171543_ergebnis.jpg 800w, https:\/\/olu-limburg.de\/wp-content\/uploads\/2022\/10\/IMG_20220921_171543_ergebnis-300x225.jpg 300w, https:\/\/olu-limburg.de\/wp-content\/uploads\/2022\/10\/IMG_20220921_171543_ergebnis-768x576.jpg 768w, https:\/\/olu-limburg.de\/wp-content\/uploads\/2022\/10\/IMG_20220921_171543_ergebnis-624x468.jpg 624w\" sizes=\"auto, (max-width: 800px) 100vw, 800px\" \/><\/a><\/p>\n<p><a href=\"https:\/\/olu-limburg.de\/wp-content\/uploads\/2022\/10\/IMG_20220921_180142_ergebnis.jpg\"><img loading=\"lazy\" decoding=\"async\" class=\"size-full wp-image-27423 aligncenter\" src=\"https:\/\/olu-limburg.de\/wp-content\/uploads\/2022\/10\/IMG_20220921_180142_ergebnis.jpg\" alt=\"\" width=\"800\" height=\"600\" srcset=\"https:\/\/olu-limburg.de\/wp-content\/uploads\/2022\/10\/IMG_20220921_180142_ergebnis.jpg 800w, https:\/\/olu-limburg.de\/wp-content\/uploads\/2022\/10\/IMG_20220921_180142_ergebnis-300x225.jpg 300w, https:\/\/olu-limburg.de\/wp-content\/uploads\/2022\/10\/IMG_20220921_180142_ergebnis-768x576.jpg 768w, https:\/\/olu-limburg.de\/wp-content\/uploads\/2022\/10\/IMG_20220921_180142_ergebnis-624x468.jpg 624w\" sizes=\"auto, (max-width: 800px) 100vw, 800px\" \/><\/a><\/p>\n<p><a href=\"https:\/\/olu-limburg.de\/wp-content\/uploads\/2022\/10\/P1100444_ergebnis.jpg\"><img loading=\"lazy\" decoding=\"async\" class=\"size-full wp-image-27408 aligncenter\" src=\"https:\/\/olu-limburg.de\/wp-content\/uploads\/2022\/10\/P1100444_ergebnis.jpg\" alt=\"\" width=\"800\" height=\"600\" srcset=\"https:\/\/olu-limburg.de\/wp-content\/uploads\/2022\/10\/P1100444_ergebnis.jpg 800w, https:\/\/olu-limburg.de\/wp-content\/uploads\/2022\/10\/P1100444_ergebnis-300x225.jpg 300w, https:\/\/olu-limburg.de\/wp-content\/uploads\/2022\/10\/P1100444_ergebnis-768x576.jpg 768w, https:\/\/olu-limburg.de\/wp-content\/uploads\/2022\/10\/P1100444_ergebnis-624x468.jpg 624w\" sizes=\"auto, (max-width: 800px) 100vw, 800px\" \/><\/a><\/p>\n<p>Im Hafenviertel sieht es schon wieder ganz anders aus.<\/p>\n<p><a href=\"https:\/\/olu-limburg.de\/wp-content\/uploads\/2022\/10\/IMG_20220921_172145_ergebnis.jpg\"><img loading=\"lazy\" decoding=\"async\" class=\"size-full wp-image-27410 aligncenter\" src=\"https:\/\/olu-limburg.de\/wp-content\/uploads\/2022\/10\/IMG_20220921_172145_ergebnis.jpg\" alt=\"\" width=\"800\" height=\"600\" srcset=\"https:\/\/olu-limburg.de\/wp-content\/uploads\/2022\/10\/IMG_20220921_172145_ergebnis.jpg 800w, https:\/\/olu-limburg.de\/wp-content\/uploads\/2022\/10\/IMG_20220921_172145_ergebnis-300x225.jpg 300w, https:\/\/olu-limburg.de\/wp-content\/uploads\/2022\/10\/IMG_20220921_172145_ergebnis-768x576.jpg 768w, https:\/\/olu-limburg.de\/wp-content\/uploads\/2022\/10\/IMG_20220921_172145_ergebnis-624x468.jpg 624w\" sizes=\"auto, (max-width: 800px) 100vw, 800px\" \/><\/a><\/p>\n<p><a href=\"https:\/\/olu-limburg.de\/wp-content\/uploads\/2022\/10\/IMG_20220921_172358_ergebnis-e1665761825286.jpg\"><img loading=\"lazy\" decoding=\"async\" class=\"size-full wp-image-27411 aligncenter\" src=\"https:\/\/olu-limburg.de\/wp-content\/uploads\/2022\/10\/IMG_20220921_172358_ergebnis-e1665761825286.jpg\" alt=\"\" width=\"450\" height=\"600\" srcset=\"https:\/\/olu-limburg.de\/wp-content\/uploads\/2022\/10\/IMG_20220921_172358_ergebnis-e1665761825286.jpg 450w, https:\/\/olu-limburg.de\/wp-content\/uploads\/2022\/10\/IMG_20220921_172358_ergebnis-e1665761825286-225x300.jpg 225w\" sizes=\"auto, (max-width: 450px) 100vw, 450px\" \/><\/a><\/p>\n<p><a href=\"https:\/\/olu-limburg.de\/wp-content\/uploads\/2022\/10\/20220921_172623_ergebnis.jpg\"><img loading=\"lazy\" decoding=\"async\" class=\"size-full wp-image-27502 aligncenter\" src=\"https:\/\/olu-limburg.de\/wp-content\/uploads\/2022\/10\/20220921_172623_ergebnis.jpg\" alt=\"\" width=\"800\" height=\"600\" srcset=\"https:\/\/olu-limburg.de\/wp-content\/uploads\/2022\/10\/20220921_172623_ergebnis.jpg 800w, https:\/\/olu-limburg.de\/wp-content\/uploads\/2022\/10\/20220921_172623_ergebnis-300x225.jpg 300w, https:\/\/olu-limburg.de\/wp-content\/uploads\/2022\/10\/20220921_172623_ergebnis-768x576.jpg 768w, https:\/\/olu-limburg.de\/wp-content\/uploads\/2022\/10\/20220921_172623_ergebnis-624x468.jpg 624w\" sizes=\"auto, (max-width: 800px) 100vw, 800px\" \/><\/a><\/p>\n<p>Die touristische Dampflok verkehrt noch immer auf der Strecke von Le Crotoy \u00fcber St.-Valery-sur-Somme nach Cayeux sur Mer und zur\u00fcck.<\/p>\n<p><a href=\"https:\/\/olu-limburg.de\/wp-content\/uploads\/2022\/10\/IMG_20220921_173023_ergebnis.jpg\"><img loading=\"lazy\" decoding=\"async\" class=\"wp-image-27413 size-full aligncenter\" src=\"https:\/\/olu-limburg.de\/wp-content\/uploads\/2022\/10\/IMG_20220921_173023_ergebnis.jpg\" alt=\"\" width=\"800\" height=\"600\" srcset=\"https:\/\/olu-limburg.de\/wp-content\/uploads\/2022\/10\/IMG_20220921_173023_ergebnis.jpg 800w, https:\/\/olu-limburg.de\/wp-content\/uploads\/2022\/10\/IMG_20220921_173023_ergebnis-300x225.jpg 300w, https:\/\/olu-limburg.de\/wp-content\/uploads\/2022\/10\/IMG_20220921_173023_ergebnis-768x576.jpg 768w, https:\/\/olu-limburg.de\/wp-content\/uploads\/2022\/10\/IMG_20220921_173023_ergebnis-624x468.jpg 624w\" sizes=\"auto, (max-width: 800px) 100vw, 800px\" \/><\/a><\/p>\n<p>Am 30. September 1066 versammelte hier der Normannenherzog Guillaume II. seine Invasionstruppen, bevor er zu seinem Eroberungsfeldzug nach England aufbrach und in Hastings landete, und als William the Conquerer ber\u00fchmt wurde. Nach seinem Sieg regierte er bis 1087 das K\u00f6nigreich England. Diese normannische Linie erlosch aber bereits wieder 1135 mit seinem Sohn Heinrich.<\/p>\n<p><a href=\"https:\/\/olu-limburg.de\/wp-content\/uploads\/2022\/10\/20220921_175815_ergebnis-e1665914749272.jpg\"><img loading=\"lazy\" decoding=\"async\" class=\"size-full wp-image-27504 aligncenter\" src=\"https:\/\/olu-limburg.de\/wp-content\/uploads\/2022\/10\/20220921_175815_ergebnis-e1665914749272.jpg\" alt=\"\" width=\"450\" height=\"600\" srcset=\"https:\/\/olu-limburg.de\/wp-content\/uploads\/2022\/10\/20220921_175815_ergebnis-e1665914749272.jpg 450w, https:\/\/olu-limburg.de\/wp-content\/uploads\/2022\/10\/20220921_175815_ergebnis-e1665914749272-225x300.jpg 225w\" sizes=\"auto, (max-width: 450px) 100vw, 450px\" \/><\/a><\/p>\n<p>Nach dem St\u00fcckchen Geschichte widmen wir uns wieder den baulichen Kleinoden in der Rue de la Fert\u00e9. Kleine Gastst\u00e4tten und Gesch\u00e4fte s\u00e4umen unseren Weg.<\/p>\n<p><a href=\"https:\/\/olu-limburg.de\/wp-content\/uploads\/2022\/10\/IMG_20220921_173544_ergebnis.jpg\"><img loading=\"lazy\" decoding=\"async\" class=\"size-full wp-image-27415 aligncenter\" src=\"https:\/\/olu-limburg.de\/wp-content\/uploads\/2022\/10\/IMG_20220921_173544_ergebnis.jpg\" alt=\"\" width=\"800\" height=\"600\" srcset=\"https:\/\/olu-limburg.de\/wp-content\/uploads\/2022\/10\/IMG_20220921_173544_ergebnis.jpg 800w, https:\/\/olu-limburg.de\/wp-content\/uploads\/2022\/10\/IMG_20220921_173544_ergebnis-300x225.jpg 300w, https:\/\/olu-limburg.de\/wp-content\/uploads\/2022\/10\/IMG_20220921_173544_ergebnis-768x576.jpg 768w, https:\/\/olu-limburg.de\/wp-content\/uploads\/2022\/10\/IMG_20220921_173544_ergebnis-624x468.jpg 624w\" sizes=\"auto, (max-width: 800px) 100vw, 800px\" \/><\/a><\/p>\n<p><a href=\"https:\/\/olu-limburg.de\/wp-content\/uploads\/2022\/10\/IMG_20220921_173636_ergebnis.jpg\"><img loading=\"lazy\" decoding=\"async\" class=\"size-full wp-image-27416 aligncenter\" src=\"https:\/\/olu-limburg.de\/wp-content\/uploads\/2022\/10\/IMG_20220921_173636_ergebnis.jpg\" alt=\"\" width=\"800\" height=\"600\" srcset=\"https:\/\/olu-limburg.de\/wp-content\/uploads\/2022\/10\/IMG_20220921_173636_ergebnis.jpg 800w, https:\/\/olu-limburg.de\/wp-content\/uploads\/2022\/10\/IMG_20220921_173636_ergebnis-300x225.jpg 300w, https:\/\/olu-limburg.de\/wp-content\/uploads\/2022\/10\/IMG_20220921_173636_ergebnis-768x576.jpg 768w, https:\/\/olu-limburg.de\/wp-content\/uploads\/2022\/10\/IMG_20220921_173636_ergebnis-624x468.jpg 624w\" sizes=\"auto, (max-width: 800px) 100vw, 800px\" \/><\/a><\/p>\n<p><a href=\"https:\/\/olu-limburg.de\/wp-content\/uploads\/2022\/10\/IMG_20220921_173843_ergebnis-e1665763819785.jpg\"><img loading=\"lazy\" decoding=\"async\" class=\"size-full wp-image-27417 alignleft\" src=\"https:\/\/olu-limburg.de\/wp-content\/uploads\/2022\/10\/IMG_20220921_173843_ergebnis-e1665763819785.jpg\" alt=\"\" width=\"450\" height=\"600\" srcset=\"https:\/\/olu-limburg.de\/wp-content\/uploads\/2022\/10\/IMG_20220921_173843_ergebnis-e1665763819785.jpg 450w, https:\/\/olu-limburg.de\/wp-content\/uploads\/2022\/10\/IMG_20220921_173843_ergebnis-e1665763819785-225x300.jpg 225w\" sizes=\"auto, (max-width: 450px) 100vw, 450px\" \/><\/a><\/p>\n<p><a href=\"https:\/\/olu-limburg.de\/wp-content\/uploads\/2022\/10\/IMG_20220921_174207_ergebnis-e1665763847507.jpg\"><img loading=\"lazy\" decoding=\"async\" class=\"size-full wp-image-27418 alignright\" src=\"https:\/\/olu-limburg.de\/wp-content\/uploads\/2022\/10\/IMG_20220921_174207_ergebnis-e1665763847507.jpg\" alt=\"\" width=\"450\" height=\"600\" srcset=\"https:\/\/olu-limburg.de\/wp-content\/uploads\/2022\/10\/IMG_20220921_174207_ergebnis-e1665763847507.jpg 450w, https:\/\/olu-limburg.de\/wp-content\/uploads\/2022\/10\/IMG_20220921_174207_ergebnis-e1665763847507-225x300.jpg 225w\" sizes=\"auto, (max-width: 450px) 100vw, 450px\" \/><\/a><\/p>\n<p><a href=\"https:\/\/olu-limburg.de\/wp-content\/uploads\/2022\/10\/IMG_20220921_174613_ergebnis-e1665763897481.jpg\"><img loading=\"lazy\" decoding=\"async\" class=\"size-full wp-image-27419 alignleft\" src=\"https:\/\/olu-limburg.de\/wp-content\/uploads\/2022\/10\/IMG_20220921_174613_ergebnis-e1665763897481.jpg\" alt=\"\" width=\"450\" height=\"600\" srcset=\"https:\/\/olu-limburg.de\/wp-content\/uploads\/2022\/10\/IMG_20220921_174613_ergebnis-e1665763897481.jpg 450w, https:\/\/olu-limburg.de\/wp-content\/uploads\/2022\/10\/IMG_20220921_174613_ergebnis-e1665763897481-225x300.jpg 225w\" sizes=\"auto, (max-width: 450px) 100vw, 450px\" \/><\/a><\/p>\n<p><a href=\"https:\/\/olu-limburg.de\/wp-content\/uploads\/2022\/10\/IMG_20220921_174728_ergebnis-e1665763918685.jpg\"><img loading=\"lazy\" decoding=\"async\" class=\"size-full wp-image-27420 alignright\" src=\"https:\/\/olu-limburg.de\/wp-content\/uploads\/2022\/10\/IMG_20220921_174728_ergebnis-e1665763918685.jpg\" alt=\"\" width=\"450\" height=\"600\" srcset=\"https:\/\/olu-limburg.de\/wp-content\/uploads\/2022\/10\/IMG_20220921_174728_ergebnis-e1665763918685.jpg 450w, https:\/\/olu-limburg.de\/wp-content\/uploads\/2022\/10\/IMG_20220921_174728_ergebnis-e1665763918685-225x300.jpg 225w\" sizes=\"auto, (max-width: 450px) 100vw, 450px\" \/><\/a><\/p>\n<p><a href=\"https:\/\/olu-limburg.de\/wp-content\/uploads\/2022\/10\/IMG_20220921_174823_ergebnis-e1665763935757.jpg\"><img loading=\"lazy\" decoding=\"async\" class=\"size-full wp-image-27421 alignleft\" src=\"https:\/\/olu-limburg.de\/wp-content\/uploads\/2022\/10\/IMG_20220921_174823_ergebnis-e1665763935757.jpg\" alt=\"\" width=\"450\" height=\"600\" srcset=\"https:\/\/olu-limburg.de\/wp-content\/uploads\/2022\/10\/IMG_20220921_174823_ergebnis-e1665763935757.jpg 450w, https:\/\/olu-limburg.de\/wp-content\/uploads\/2022\/10\/IMG_20220921_174823_ergebnis-e1665763935757-225x300.jpg 225w\" sizes=\"auto, (max-width: 450px) 100vw, 450px\" \/><\/a><\/p>\n<p><a href=\"https:\/\/olu-limburg.de\/wp-content\/uploads\/2022\/10\/IMG_20220921_180019_ergebnis-e1665763962942.jpg\"><img loading=\"lazy\" decoding=\"async\" class=\"size-full wp-image-27422 alignright\" src=\"https:\/\/olu-limburg.de\/wp-content\/uploads\/2022\/10\/IMG_20220921_180019_ergebnis-e1665763962942.jpg\" alt=\"\" width=\"450\" height=\"600\" srcset=\"https:\/\/olu-limburg.de\/wp-content\/uploads\/2022\/10\/IMG_20220921_180019_ergebnis-e1665763962942.jpg 450w, https:\/\/olu-limburg.de\/wp-content\/uploads\/2022\/10\/IMG_20220921_180019_ergebnis-e1665763962942-225x300.jpg 225w\" sizes=\"auto, (max-width: 450px) 100vw, 450px\" \/><\/a><\/p>\n<p><a href=\"https:\/\/olu-limburg.de\/wp-content\/uploads\/2022\/10\/IMG_20220921_180347_ergebnis-e1665763983978.jpg\"><img loading=\"lazy\" decoding=\"async\" class=\"size-full wp-image-27424 aligncenter\" src=\"https:\/\/olu-limburg.de\/wp-content\/uploads\/2022\/10\/IMG_20220921_180347_ergebnis-e1665763983978.jpg\" alt=\"\" width=\"450\" height=\"600\" srcset=\"https:\/\/olu-limburg.de\/wp-content\/uploads\/2022\/10\/IMG_20220921_180347_ergebnis-e1665763983978.jpg 450w, https:\/\/olu-limburg.de\/wp-content\/uploads\/2022\/10\/IMG_20220921_180347_ergebnis-e1665763983978-225x300.jpg 225w\" sizes=\"auto, (max-width: 450px) 100vw, 450px\" \/><\/a><\/p>\n<p>Wir stehen nun vor der Frage, ober wir irgendwo bei einem Pastis in den letzten Sonnenstrahlen des Tages chillen wollen, oder ob wir den mittelalterlichen Bereich oberhalb des Strandes durchstreifen sollen. Wir entscheiden uns f\u00fcr Letzeres.<\/p>\n<p>Die von hohen Mauern umrahmte und mit massigen Rundt\u00fcrmen bewehrte mittelalterliche Altstadt betreten wir durch die Porte de Nevers, wo wir sogleich zur \u00c9glise Saint-Martin gelangen, deren Baubeginn mit dem Jahre 1488 aufgef\u00fchrt wird. Das Ende der Bauma\u00dfnahmen soll erst im 17. Jhdt. gewesen sein.<\/p>\n<p><a href=\"https:\/\/olu-limburg.de\/wp-content\/uploads\/2022\/10\/20220921_181017_ergebnis.jpg\"><img loading=\"lazy\" decoding=\"async\" class=\"size-full wp-image-27505 aligncenter\" src=\"https:\/\/olu-limburg.de\/wp-content\/uploads\/2022\/10\/20220921_181017_ergebnis.jpg\" alt=\"\" width=\"800\" height=\"600\" srcset=\"https:\/\/olu-limburg.de\/wp-content\/uploads\/2022\/10\/20220921_181017_ergebnis.jpg 800w, https:\/\/olu-limburg.de\/wp-content\/uploads\/2022\/10\/20220921_181017_ergebnis-300x225.jpg 300w, https:\/\/olu-limburg.de\/wp-content\/uploads\/2022\/10\/20220921_181017_ergebnis-768x576.jpg 768w, https:\/\/olu-limburg.de\/wp-content\/uploads\/2022\/10\/20220921_181017_ergebnis-624x468.jpg 624w\" sizes=\"auto, (max-width: 800px) 100vw, 800px\" \/><\/a><\/p>\n<p><a href=\"https:\/\/olu-limburg.de\/wp-content\/uploads\/2022\/10\/IMG_20220921_181204_ergebnis-e1665764910390.jpg\"><img loading=\"lazy\" decoding=\"async\" class=\"size-full wp-image-27428 alignleft\" src=\"https:\/\/olu-limburg.de\/wp-content\/uploads\/2022\/10\/IMG_20220921_181204_ergebnis-e1665764910390.jpg\" alt=\"\" width=\"450\" height=\"600\" srcset=\"https:\/\/olu-limburg.de\/wp-content\/uploads\/2022\/10\/IMG_20220921_181204_ergebnis-e1665764910390.jpg 450w, https:\/\/olu-limburg.de\/wp-content\/uploads\/2022\/10\/IMG_20220921_181204_ergebnis-e1665764910390-225x300.jpg 225w\" sizes=\"auto, (max-width: 450px) 100vw, 450px\" \/><\/a><\/p>\n<p><a href=\"https:\/\/olu-limburg.de\/wp-content\/uploads\/2022\/10\/IMG_20220921_181335_ergebnis-e1665765014963.jpg\"><img loading=\"lazy\" decoding=\"async\" class=\"size-full wp-image-27429 alignright\" src=\"https:\/\/olu-limburg.de\/wp-content\/uploads\/2022\/10\/IMG_20220921_181335_ergebnis-e1665765014963.jpg\" alt=\"\" width=\"450\" height=\"600\" srcset=\"https:\/\/olu-limburg.de\/wp-content\/uploads\/2022\/10\/IMG_20220921_181335_ergebnis-e1665765014963.jpg 450w, https:\/\/olu-limburg.de\/wp-content\/uploads\/2022\/10\/IMG_20220921_181335_ergebnis-e1665765014963-225x300.jpg 225w\" sizes=\"auto, (max-width: 450px) 100vw, 450px\" \/><\/a><\/p>\n<p><a href=\"https:\/\/olu-limburg.de\/wp-content\/uploads\/2022\/10\/P1100457_ergebnis.jpg\"><img loading=\"lazy\" decoding=\"async\" class=\"size-full wp-image-27433 aligncenter\" src=\"https:\/\/olu-limburg.de\/wp-content\/uploads\/2022\/10\/P1100457_ergebnis.jpg\" alt=\"\" width=\"800\" height=\"600\" srcset=\"https:\/\/olu-limburg.de\/wp-content\/uploads\/2022\/10\/P1100457_ergebnis.jpg 800w, https:\/\/olu-limburg.de\/wp-content\/uploads\/2022\/10\/P1100457_ergebnis-300x225.jpg 300w, https:\/\/olu-limburg.de\/wp-content\/uploads\/2022\/10\/P1100457_ergebnis-768x576.jpg 768w, https:\/\/olu-limburg.de\/wp-content\/uploads\/2022\/10\/P1100457_ergebnis-624x468.jpg 624w\" sizes=\"auto, (max-width: 800px) 100vw, 800px\" \/><\/a><\/p>\n<p>Die Kirche hat ein Hauptschiff, aber komischerweise nur ein Seitenschiff, welches aber einen sch\u00f6nen Altar enth\u00e4lt.<\/p>\n<p><a href=\"https:\/\/olu-limburg.de\/wp-content\/uploads\/2022\/10\/P1100453_ergebnis.jpg\"><img loading=\"lazy\" decoding=\"async\" class=\"size-full wp-image-27430 aligncenter\" src=\"https:\/\/olu-limburg.de\/wp-content\/uploads\/2022\/10\/P1100453_ergebnis.jpg\" alt=\"\" width=\"800\" height=\"600\" srcset=\"https:\/\/olu-limburg.de\/wp-content\/uploads\/2022\/10\/P1100453_ergebnis.jpg 800w, https:\/\/olu-limburg.de\/wp-content\/uploads\/2022\/10\/P1100453_ergebnis-300x225.jpg 300w, https:\/\/olu-limburg.de\/wp-content\/uploads\/2022\/10\/P1100453_ergebnis-768x576.jpg 768w, https:\/\/olu-limburg.de\/wp-content\/uploads\/2022\/10\/P1100453_ergebnis-624x468.jpg 624w\" sizes=\"auto, (max-width: 800px) 100vw, 800px\" \/><\/a><\/p>\n<p><a href=\"https:\/\/olu-limburg.de\/wp-content\/uploads\/2022\/10\/P1100454_ergebnis.jpg\"><img loading=\"lazy\" decoding=\"async\" class=\"size-full wp-image-27431 aligncenter\" src=\"https:\/\/olu-limburg.de\/wp-content\/uploads\/2022\/10\/P1100454_ergebnis.jpg\" alt=\"\" width=\"800\" height=\"600\" srcset=\"https:\/\/olu-limburg.de\/wp-content\/uploads\/2022\/10\/P1100454_ergebnis.jpg 800w, https:\/\/olu-limburg.de\/wp-content\/uploads\/2022\/10\/P1100454_ergebnis-300x225.jpg 300w, https:\/\/olu-limburg.de\/wp-content\/uploads\/2022\/10\/P1100454_ergebnis-768x576.jpg 768w, https:\/\/olu-limburg.de\/wp-content\/uploads\/2022\/10\/P1100454_ergebnis-624x468.jpg 624w\" sizes=\"auto, (max-width: 800px) 100vw, 800px\" \/><\/a><\/p>\n<p>An der Orgelempore sehen wir eine Holzarbeit mit der Darstellung des Eroberungsfeldzuges von Guillaume II..<\/p>\n<p><a href=\"https:\/\/olu-limburg.de\/wp-content\/uploads\/2022\/10\/P1100455_ergebnis.jpg\"><img loading=\"lazy\" decoding=\"async\" class=\"size-full wp-image-27432 aligncenter\" src=\"https:\/\/olu-limburg.de\/wp-content\/uploads\/2022\/10\/P1100455_ergebnis.jpg\" alt=\"\" width=\"800\" height=\"600\" srcset=\"https:\/\/olu-limburg.de\/wp-content\/uploads\/2022\/10\/P1100455_ergebnis.jpg 800w, https:\/\/olu-limburg.de\/wp-content\/uploads\/2022\/10\/P1100455_ergebnis-300x225.jpg 300w, https:\/\/olu-limburg.de\/wp-content\/uploads\/2022\/10\/P1100455_ergebnis-768x576.jpg 768w, https:\/\/olu-limburg.de\/wp-content\/uploads\/2022\/10\/P1100455_ergebnis-624x468.jpg 624w\" sizes=\"auto, (max-width: 800px) 100vw, 800px\" \/><\/a><\/p>\n<p>Links von der Kirche befindet sich am Place Saint-Martin das Hotel de Ville.<\/p>\n<p><a href=\"https:\/\/olu-limburg.de\/wp-content\/uploads\/2022\/10\/P1100456_ergebnis.jpg\"><img loading=\"lazy\" decoding=\"async\" class=\"size-full wp-image-27439 aligncenter\" src=\"https:\/\/olu-limburg.de\/wp-content\/uploads\/2022\/10\/P1100456_ergebnis.jpg\" alt=\"\" width=\"800\" height=\"600\" srcset=\"https:\/\/olu-limburg.de\/wp-content\/uploads\/2022\/10\/P1100456_ergebnis.jpg 800w, https:\/\/olu-limburg.de\/wp-content\/uploads\/2022\/10\/P1100456_ergebnis-300x225.jpg 300w, https:\/\/olu-limburg.de\/wp-content\/uploads\/2022\/10\/P1100456_ergebnis-768x576.jpg 768w, https:\/\/olu-limburg.de\/wp-content\/uploads\/2022\/10\/P1100456_ergebnis-624x468.jpg 624w\" sizes=\"auto, (max-width: 800px) 100vw, 800px\" \/><\/a><\/p>\n<p>An der Stelle, wo wir einen sch\u00f6nen Ausblick auf den Strand von St.Valery-sur-Somme haben, &#8230;<\/p>\n<p><a href=\"https:\/\/olu-limburg.de\/wp-content\/uploads\/2022\/10\/IMG_20220921_182931_ergebnis.jpg\"><img loading=\"lazy\" decoding=\"async\" class=\"size-full wp-image-27437 aligncenter\" src=\"https:\/\/olu-limburg.de\/wp-content\/uploads\/2022\/10\/IMG_20220921_182931_ergebnis.jpg\" alt=\"\" width=\"800\" height=\"600\" srcset=\"https:\/\/olu-limburg.de\/wp-content\/uploads\/2022\/10\/IMG_20220921_182931_ergebnis.jpg 800w, https:\/\/olu-limburg.de\/wp-content\/uploads\/2022\/10\/IMG_20220921_182931_ergebnis-300x225.jpg 300w, https:\/\/olu-limburg.de\/wp-content\/uploads\/2022\/10\/IMG_20220921_182931_ergebnis-768x576.jpg 768w, https:\/\/olu-limburg.de\/wp-content\/uploads\/2022\/10\/IMG_20220921_182931_ergebnis-624x468.jpg 624w\" sizes=\"auto, (max-width: 800px) 100vw, 800px\" \/><\/a><\/p>\n<p>&#8230; kommen wir zum Porte Jeanne d&#8217;Arc. Auf der inneren Seite haben wir nur einen Tordurchlass,<\/p>\n<p><a href=\"https:\/\/olu-limburg.de\/wp-content\/uploads\/2022\/10\/IMG_20220921_182753_ergebnis.jpg\"><img loading=\"lazy\" decoding=\"async\" class=\"size-full wp-image-27435 aligncenter\" src=\"https:\/\/olu-limburg.de\/wp-content\/uploads\/2022\/10\/IMG_20220921_182753_ergebnis.jpg\" alt=\"\" width=\"800\" height=\"600\" srcset=\"https:\/\/olu-limburg.de\/wp-content\/uploads\/2022\/10\/IMG_20220921_182753_ergebnis.jpg 800w, https:\/\/olu-limburg.de\/wp-content\/uploads\/2022\/10\/IMG_20220921_182753_ergebnis-300x225.jpg 300w, https:\/\/olu-limburg.de\/wp-content\/uploads\/2022\/10\/IMG_20220921_182753_ergebnis-768x576.jpg 768w, https:\/\/olu-limburg.de\/wp-content\/uploads\/2022\/10\/IMG_20220921_182753_ergebnis-624x468.jpg 624w\" sizes=\"auto, (max-width: 800px) 100vw, 800px\" \/><\/a><\/p>\n<p><a href=\"https:\/\/olu-limburg.de\/wp-content\/uploads\/2022\/10\/IMG_20220921_182844_ergebnis-e1665765770984.jpg\"><img loading=\"lazy\" decoding=\"async\" class=\"size-full wp-image-27436 aligncenter\" src=\"https:\/\/olu-limburg.de\/wp-content\/uploads\/2022\/10\/IMG_20220921_182844_ergebnis-e1665765770984.jpg\" alt=\"\" width=\"450\" height=\"600\" srcset=\"https:\/\/olu-limburg.de\/wp-content\/uploads\/2022\/10\/IMG_20220921_182844_ergebnis-e1665765770984.jpg 450w, https:\/\/olu-limburg.de\/wp-content\/uploads\/2022\/10\/IMG_20220921_182844_ergebnis-e1665765770984-225x300.jpg 225w\" sizes=\"auto, (max-width: 450px) 100vw, 450px\" \/><\/a><\/p>\n<p>&#8230;, der aber auf der \u00e4u\u00dferen Seite von zwei Wehrt\u00fcrmen abgeschirmt wird.<\/p>\n<p><a href=\"https:\/\/olu-limburg.de\/wp-content\/uploads\/2022\/10\/IMG_20220921_183134_ergebnis.jpg\"><img loading=\"lazy\" decoding=\"async\" class=\"size-full wp-image-27438 aligncenter\" src=\"https:\/\/olu-limburg.de\/wp-content\/uploads\/2022\/10\/IMG_20220921_183134_ergebnis.jpg\" alt=\"\" width=\"800\" height=\"600\" srcset=\"https:\/\/olu-limburg.de\/wp-content\/uploads\/2022\/10\/IMG_20220921_183134_ergebnis.jpg 800w, https:\/\/olu-limburg.de\/wp-content\/uploads\/2022\/10\/IMG_20220921_183134_ergebnis-300x225.jpg 300w, https:\/\/olu-limburg.de\/wp-content\/uploads\/2022\/10\/IMG_20220921_183134_ergebnis-768x576.jpg 768w, https:\/\/olu-limburg.de\/wp-content\/uploads\/2022\/10\/IMG_20220921_183134_ergebnis-624x468.jpg 624w\" sizes=\"auto, (max-width: 800px) 100vw, 800px\" \/><\/a><\/p>\n<p>Vor den Toren liegt noch das alte Kloster, das wir leider nicht besichtigen k\u00f6nnen, da sich das Gel\u00e4nde in Privatbesitz befindet, und wir haben ja gelernt, den Franzosen ist alles Private heilig. Ansonsten hat sich eine niedliche Neustadt au\u00dferhalb der Mauern gebildet.<\/p>\n<p><a href=\"https:\/\/olu-limburg.de\/wp-content\/uploads\/2022\/10\/P1100463_ergebnis.jpg\"><img loading=\"lazy\" decoding=\"async\" class=\"size-full wp-image-27446 aligncenter\" src=\"https:\/\/olu-limburg.de\/wp-content\/uploads\/2022\/10\/P1100463_ergebnis.jpg\" alt=\"\" width=\"800\" height=\"600\" srcset=\"https:\/\/olu-limburg.de\/wp-content\/uploads\/2022\/10\/P1100463_ergebnis.jpg 800w, https:\/\/olu-limburg.de\/wp-content\/uploads\/2022\/10\/P1100463_ergebnis-300x225.jpg 300w, https:\/\/olu-limburg.de\/wp-content\/uploads\/2022\/10\/P1100463_ergebnis-768x576.jpg 768w, https:\/\/olu-limburg.de\/wp-content\/uploads\/2022\/10\/P1100463_ergebnis-624x468.jpg 624w\" sizes=\"auto, (max-width: 800px) 100vw, 800px\" \/><\/a><\/p>\n<p><a href=\"https:\/\/olu-limburg.de\/wp-content\/uploads\/2022\/10\/P1100464_ergebnis.jpg\"><img loading=\"lazy\" decoding=\"async\" class=\"size-full wp-image-27447 aligncenter\" src=\"https:\/\/olu-limburg.de\/wp-content\/uploads\/2022\/10\/P1100464_ergebnis.jpg\" alt=\"\" width=\"800\" height=\"600\" srcset=\"https:\/\/olu-limburg.de\/wp-content\/uploads\/2022\/10\/P1100464_ergebnis.jpg 800w, https:\/\/olu-limburg.de\/wp-content\/uploads\/2022\/10\/P1100464_ergebnis-300x225.jpg 300w, https:\/\/olu-limburg.de\/wp-content\/uploads\/2022\/10\/P1100464_ergebnis-768x576.jpg 768w, https:\/\/olu-limburg.de\/wp-content\/uploads\/2022\/10\/P1100464_ergebnis-624x468.jpg 624w\" sizes=\"auto, (max-width: 800px) 100vw, 800px\" \/><\/a><\/p>\n<p><a href=\"https:\/\/olu-limburg.de\/wp-content\/uploads\/2022\/10\/P1100460_ergebnis-e1665767089556.jpg\"><img loading=\"lazy\" decoding=\"async\" class=\"size-full wp-image-27444 alignleft\" src=\"https:\/\/olu-limburg.de\/wp-content\/uploads\/2022\/10\/P1100460_ergebnis-e1665767089556.jpg\" alt=\"\" width=\"450\" height=\"600\" srcset=\"https:\/\/olu-limburg.de\/wp-content\/uploads\/2022\/10\/P1100460_ergebnis-e1665767089556.jpg 450w, https:\/\/olu-limburg.de\/wp-content\/uploads\/2022\/10\/P1100460_ergebnis-e1665767089556-225x300.jpg 225w\" sizes=\"auto, (max-width: 450px) 100vw, 450px\" \/><\/a><\/p>\n<p><a href=\"https:\/\/olu-limburg.de\/wp-content\/uploads\/2022\/10\/P1100461_ergebnis-e1665767106669.jpg\"><img loading=\"lazy\" decoding=\"async\" class=\"size-full wp-image-27445 alignright\" src=\"https:\/\/olu-limburg.de\/wp-content\/uploads\/2022\/10\/P1100461_ergebnis-e1665767106669.jpg\" alt=\"\" width=\"450\" height=\"600\" srcset=\"https:\/\/olu-limburg.de\/wp-content\/uploads\/2022\/10\/P1100461_ergebnis-e1665767106669.jpg 450w, https:\/\/olu-limburg.de\/wp-content\/uploads\/2022\/10\/P1100461_ergebnis-e1665767106669-225x300.jpg 225w\" sizes=\"auto, (max-width: 450px) 100vw, 450px\" \/><\/a><\/p>\n<p><a href=\"https:\/\/olu-limburg.de\/wp-content\/uploads\/2022\/10\/IMG_20220921_184239_ergebnis.jpg\"><img loading=\"lazy\" decoding=\"async\" class=\"size-full wp-image-27442 aligncenter\" src=\"https:\/\/olu-limburg.de\/wp-content\/uploads\/2022\/10\/IMG_20220921_184239_ergebnis.jpg\" alt=\"\" width=\"800\" height=\"600\" srcset=\"https:\/\/olu-limburg.de\/wp-content\/uploads\/2022\/10\/IMG_20220921_184239_ergebnis.jpg 800w, https:\/\/olu-limburg.de\/wp-content\/uploads\/2022\/10\/IMG_20220921_184239_ergebnis-300x225.jpg 300w, https:\/\/olu-limburg.de\/wp-content\/uploads\/2022\/10\/IMG_20220921_184239_ergebnis-768x576.jpg 768w, https:\/\/olu-limburg.de\/wp-content\/uploads\/2022\/10\/IMG_20220921_184239_ergebnis-624x468.jpg 624w\" sizes=\"auto, (max-width: 800px) 100vw, 800px\" \/><\/a><\/p>\n<p><a href=\"https:\/\/olu-limburg.de\/wp-content\/uploads\/2022\/10\/IMG_20220922_100930_ergebnis.jpg\"><img loading=\"lazy\" decoding=\"async\" class=\"size-full wp-image-27443 aligncenter\" src=\"https:\/\/olu-limburg.de\/wp-content\/uploads\/2022\/10\/IMG_20220922_100930_ergebnis.jpg\" alt=\"\" width=\"800\" height=\"600\" srcset=\"https:\/\/olu-limburg.de\/wp-content\/uploads\/2022\/10\/IMG_20220922_100930_ergebnis.jpg 800w, https:\/\/olu-limburg.de\/wp-content\/uploads\/2022\/10\/IMG_20220922_100930_ergebnis-300x225.jpg 300w, https:\/\/olu-limburg.de\/wp-content\/uploads\/2022\/10\/IMG_20220922_100930_ergebnis-768x576.jpg 768w, https:\/\/olu-limburg.de\/wp-content\/uploads\/2022\/10\/IMG_20220922_100930_ergebnis-624x468.jpg 624w\" sizes=\"auto, (max-width: 800px) 100vw, 800px\" \/><\/a><\/p>\n<p>Nach dem ausgiebigen Spaziergang haben wir uns einen Ap\u00e9ritif verdient.<\/p>\n<p>Tagesstrecke: 37 km<\/p>\n<p>&nbsp;<\/p>\n<p><strong>Donnerstag, 22.09.2022<\/strong><\/p>\n<p>Heute Nacht waren es 8\u00b0. Wir hatten es manchmal schon etwas k\u00e4lter, und die Bettdecke wurde k\u00fcrzer und k\u00fcrzer. Deshalb haben wir mittlerweile das etwas dickere Inlett unserer 4-Jahreszeiten-Bettdecke im Einsatz.<\/p>\n<p>Als n\u00e4chstes Etappenziel haben wir uns Le Tr\u00e9port vorgenommen. Auf dem Weg dorthin machen wir in einer kleinen Ausf\u00fchrung eines Auchon noch einen Gro\u00dfeinkauf. Danach erwischt uns eine Baustelle in Le Tr\u00e9port und wir d\u00fcrfen eine gro\u00dfe Umleitung zum Wohnmobil-Stellplatz mit V+E (Geb\u00fchr EUR 10,00) fahren. Der Stellplatz liegt am Boulevard du Calvaire bei der oberen Haltestelle des Schr\u00e4gaufzugs (Funiculaire haut).<\/p>\n<p>Laut Display-Anzeige ist der obere geteerte Platz, bei dem sich auch die Entsorgung vor der Schranke befindet, voll belegt. Auf dem unteren Platz k\u00f6nnen theoretisch noch 20 Wohnmobile Platz finden, wenn sich denn nicht manche Zeitgenossen so ausbreiten w\u00fcrden. Wir stehen aber schon mal gut.<\/p>\n<p><a href=\"https:\/\/olu-limburg.de\/wp-content\/uploads\/2022\/10\/P1100465_ergebnis-1.jpg\"><img loading=\"lazy\" decoding=\"async\" class=\"size-full wp-image-27514 aligncenter\" src=\"https:\/\/olu-limburg.de\/wp-content\/uploads\/2022\/10\/P1100465_ergebnis-1.jpg\" alt=\"\" width=\"800\" height=\"600\" srcset=\"https:\/\/olu-limburg.de\/wp-content\/uploads\/2022\/10\/P1100465_ergebnis-1.jpg 800w, https:\/\/olu-limburg.de\/wp-content\/uploads\/2022\/10\/P1100465_ergebnis-1-300x225.jpg 300w, https:\/\/olu-limburg.de\/wp-content\/uploads\/2022\/10\/P1100465_ergebnis-1-768x576.jpg 768w, https:\/\/olu-limburg.de\/wp-content\/uploads\/2022\/10\/P1100465_ergebnis-1-624x468.jpg 624w\" sizes=\"auto, (max-width: 800px) 100vw, 800px\" \/><\/a><\/p>\n<p>Von hier oben hat man eine wunderbare Aussicht auf das Meer und Le Tr\u00e9port.<\/p>\n<p><a href=\"https:\/\/olu-limburg.de\/wp-content\/uploads\/2022\/10\/20220922_160319_ergebnis.jpg\"><img loading=\"lazy\" decoding=\"async\" class=\"size-full wp-image-27515 aligncenter\" src=\"https:\/\/olu-limburg.de\/wp-content\/uploads\/2022\/10\/20220922_160319_ergebnis.jpg\" alt=\"\" width=\"800\" height=\"600\" srcset=\"https:\/\/olu-limburg.de\/wp-content\/uploads\/2022\/10\/20220922_160319_ergebnis.jpg 800w, https:\/\/olu-limburg.de\/wp-content\/uploads\/2022\/10\/20220922_160319_ergebnis-300x225.jpg 300w, https:\/\/olu-limburg.de\/wp-content\/uploads\/2022\/10\/20220922_160319_ergebnis-768x576.jpg 768w, https:\/\/olu-limburg.de\/wp-content\/uploads\/2022\/10\/20220922_160319_ergebnis-624x468.jpg 624w\" sizes=\"auto, (max-width: 800px) 100vw, 800px\" \/><\/a><\/p>\n<p><a href=\"https:\/\/olu-limburg.de\/wp-content\/uploads\/2022\/10\/IMG_20220922_161118_ergebnis.jpg\"><img loading=\"lazy\" decoding=\"async\" class=\"size-full wp-image-27454 aligncenter\" src=\"https:\/\/olu-limburg.de\/wp-content\/uploads\/2022\/10\/IMG_20220922_161118_ergebnis.jpg\" alt=\"\" width=\"800\" height=\"600\" srcset=\"https:\/\/olu-limburg.de\/wp-content\/uploads\/2022\/10\/IMG_20220922_161118_ergebnis.jpg 800w, https:\/\/olu-limburg.de\/wp-content\/uploads\/2022\/10\/IMG_20220922_161118_ergebnis-300x225.jpg 300w, https:\/\/olu-limburg.de\/wp-content\/uploads\/2022\/10\/IMG_20220922_161118_ergebnis-768x576.jpg 768w, https:\/\/olu-limburg.de\/wp-content\/uploads\/2022\/10\/IMG_20220922_161118_ergebnis-624x468.jpg 624w\" sizes=\"auto, (max-width: 800px) 100vw, 800px\" \/><\/a><\/p>\n<p><a href=\"https:\/\/olu-limburg.de\/wp-content\/uploads\/2022\/10\/IMG_20220922_161200_ergebnis.jpg\"><img loading=\"lazy\" decoding=\"async\" class=\"size-full wp-image-27455 aligncenter\" src=\"https:\/\/olu-limburg.de\/wp-content\/uploads\/2022\/10\/IMG_20220922_161200_ergebnis.jpg\" alt=\"\" width=\"800\" height=\"600\" srcset=\"https:\/\/olu-limburg.de\/wp-content\/uploads\/2022\/10\/IMG_20220922_161200_ergebnis.jpg 800w, https:\/\/olu-limburg.de\/wp-content\/uploads\/2022\/10\/IMG_20220922_161200_ergebnis-300x225.jpg 300w, https:\/\/olu-limburg.de\/wp-content\/uploads\/2022\/10\/IMG_20220922_161200_ergebnis-768x576.jpg 768w, https:\/\/olu-limburg.de\/wp-content\/uploads\/2022\/10\/IMG_20220922_161200_ergebnis-624x468.jpg 624w\" sizes=\"auto, (max-width: 800px) 100vw, 800px\" \/><\/a><\/p>\n<p>Und mit dem Schr\u00e4gaufzug von 2006, der die alte Standseilbahn von 1908 abgel\u00f6st hat, geht es in die Unterstadt.<\/p>\n<p><a href=\"https:\/\/olu-limburg.de\/wp-content\/uploads\/2022\/10\/P1100468_ergebnis.jpg\"><img loading=\"lazy\" decoding=\"async\" class=\"size-full wp-image-27468 aligncenter\" src=\"https:\/\/olu-limburg.de\/wp-content\/uploads\/2022\/10\/P1100468_ergebnis.jpg\" alt=\"\" width=\"800\" height=\"600\" srcset=\"https:\/\/olu-limburg.de\/wp-content\/uploads\/2022\/10\/P1100468_ergebnis.jpg 800w, https:\/\/olu-limburg.de\/wp-content\/uploads\/2022\/10\/P1100468_ergebnis-300x225.jpg 300w, https:\/\/olu-limburg.de\/wp-content\/uploads\/2022\/10\/P1100468_ergebnis-768x576.jpg 768w, https:\/\/olu-limburg.de\/wp-content\/uploads\/2022\/10\/P1100468_ergebnis-624x468.jpg 624w\" sizes=\"auto, (max-width: 800px) 100vw, 800px\" \/><\/a><\/p>\n<p>Oberhalb dieser Klippen stehen wir mit unserem Wohnmobil.<\/p>\n<p><a href=\"https:\/\/olu-limburg.de\/wp-content\/uploads\/2022\/10\/20220922_162532_ergebnis.jpg\"><img loading=\"lazy\" decoding=\"async\" class=\"size-full wp-image-27517 aligncenter\" src=\"https:\/\/olu-limburg.de\/wp-content\/uploads\/2022\/10\/20220922_162532_ergebnis.jpg\" alt=\"\" width=\"800\" height=\"600\" srcset=\"https:\/\/olu-limburg.de\/wp-content\/uploads\/2022\/10\/20220922_162532_ergebnis.jpg 800w, https:\/\/olu-limburg.de\/wp-content\/uploads\/2022\/10\/20220922_162532_ergebnis-300x225.jpg 300w, https:\/\/olu-limburg.de\/wp-content\/uploads\/2022\/10\/20220922_162532_ergebnis-768x576.jpg 768w, https:\/\/olu-limburg.de\/wp-content\/uploads\/2022\/10\/20220922_162532_ergebnis-624x468.jpg 624w\" sizes=\"auto, (max-width: 800px) 100vw, 800px\" \/><\/a><\/p>\n<p><a href=\"https:\/\/olu-limburg.de\/wp-content\/uploads\/2022\/10\/IMG_20220922_162631_ergebnis.jpg\"><img loading=\"lazy\" decoding=\"async\" class=\"size-full wp-image-27456 aligncenter\" src=\"https:\/\/olu-limburg.de\/wp-content\/uploads\/2022\/10\/IMG_20220922_162631_ergebnis.jpg\" alt=\"\" width=\"800\" height=\"600\" srcset=\"https:\/\/olu-limburg.de\/wp-content\/uploads\/2022\/10\/IMG_20220922_162631_ergebnis.jpg 800w, https:\/\/olu-limburg.de\/wp-content\/uploads\/2022\/10\/IMG_20220922_162631_ergebnis-300x225.jpg 300w, https:\/\/olu-limburg.de\/wp-content\/uploads\/2022\/10\/IMG_20220922_162631_ergebnis-768x576.jpg 768w, https:\/\/olu-limburg.de\/wp-content\/uploads\/2022\/10\/IMG_20220922_162631_ergebnis-624x468.jpg 624w\" sizes=\"auto, (max-width: 800px) 100vw, 800px\" \/><\/a><\/p>\n<div id=\"attachment_27457\" style=\"width: 810px\" class=\"wp-caption aligncenter\"><a href=\"https:\/\/olu-limburg.de\/wp-content\/uploads\/2022\/10\/IMG_20220922_163647_ergebnis.jpg\"><img loading=\"lazy\" decoding=\"async\" aria-describedby=\"caption-attachment-27457\" class=\"wp-image-27457 size-full\" src=\"https:\/\/olu-limburg.de\/wp-content\/uploads\/2022\/10\/IMG_20220922_163647_ergebnis.jpg\" alt=\"\" width=\"800\" height=\"600\" srcset=\"https:\/\/olu-limburg.de\/wp-content\/uploads\/2022\/10\/IMG_20220922_163647_ergebnis.jpg 800w, https:\/\/olu-limburg.de\/wp-content\/uploads\/2022\/10\/IMG_20220922_163647_ergebnis-300x225.jpg 300w, https:\/\/olu-limburg.de\/wp-content\/uploads\/2022\/10\/IMG_20220922_163647_ergebnis-768x576.jpg 768w, https:\/\/olu-limburg.de\/wp-content\/uploads\/2022\/10\/IMG_20220922_163647_ergebnis-624x468.jpg 624w\" sizes=\"auto, (max-width: 800px) 100vw, 800px\" \/><\/a><p id=\"caption-attachment-27457\" class=\"wp-caption-text\">le Casino de Tr\u00e9port<\/p><\/div>\n<div id=\"attachment_27469\" style=\"width: 810px\" class=\"wp-caption aligncenter\"><a href=\"https:\/\/olu-limburg.de\/wp-content\/uploads\/2022\/10\/P1100471_ergebnis.jpg\"><img loading=\"lazy\" decoding=\"async\" aria-describedby=\"caption-attachment-27469\" class=\"wp-image-27469 size-full\" src=\"https:\/\/olu-limburg.de\/wp-content\/uploads\/2022\/10\/P1100471_ergebnis.jpg\" alt=\"\" width=\"800\" height=\"600\" srcset=\"https:\/\/olu-limburg.de\/wp-content\/uploads\/2022\/10\/P1100471_ergebnis.jpg 800w, https:\/\/olu-limburg.de\/wp-content\/uploads\/2022\/10\/P1100471_ergebnis-300x225.jpg 300w, https:\/\/olu-limburg.de\/wp-content\/uploads\/2022\/10\/P1100471_ergebnis-768x576.jpg 768w, https:\/\/olu-limburg.de\/wp-content\/uploads\/2022\/10\/P1100471_ergebnis-624x468.jpg 624w\" sizes=\"auto, (max-width: 800px) 100vw, 800px\" \/><\/a><p id=\"caption-attachment-27469\" class=\"wp-caption-text\">H\u00e4userzeile gegen\u00fcber in Mers-les-Bains<\/p><\/div>\n<p><a href=\"https:\/\/olu-limburg.de\/wp-content\/uploads\/2022\/10\/20220922_164235_ergebnis.jpg\"><img loading=\"lazy\" decoding=\"async\" class=\"size-full wp-image-27518 aligncenter\" src=\"https:\/\/olu-limburg.de\/wp-content\/uploads\/2022\/10\/20220922_164235_ergebnis.jpg\" alt=\"\" width=\"800\" height=\"600\" srcset=\"https:\/\/olu-limburg.de\/wp-content\/uploads\/2022\/10\/20220922_164235_ergebnis.jpg 800w, https:\/\/olu-limburg.de\/wp-content\/uploads\/2022\/10\/20220922_164235_ergebnis-300x225.jpg 300w, https:\/\/olu-limburg.de\/wp-content\/uploads\/2022\/10\/20220922_164235_ergebnis-768x576.jpg 768w, https:\/\/olu-limburg.de\/wp-content\/uploads\/2022\/10\/20220922_164235_ergebnis-624x468.jpg 624w\" sizes=\"auto, (max-width: 800px) 100vw, 800px\" \/><\/a><\/p>\n<p>Eine Fischhalle ist immer wieder ein Anziehungspunkt f\u00fcr uns. Da werden unsere Augen immer ganz gro\u00df.<\/p>\n<p><a href=\"https:\/\/olu-limburg.de\/wp-content\/uploads\/2022\/10\/P1100479_ergebnis.jpg\"><img loading=\"lazy\" decoding=\"async\" class=\"size-full wp-image-27473 aligncenter\" src=\"https:\/\/olu-limburg.de\/wp-content\/uploads\/2022\/10\/P1100479_ergebnis.jpg\" alt=\"\" width=\"800\" height=\"600\" srcset=\"https:\/\/olu-limburg.de\/wp-content\/uploads\/2022\/10\/P1100479_ergebnis.jpg 800w, https:\/\/olu-limburg.de\/wp-content\/uploads\/2022\/10\/P1100479_ergebnis-300x225.jpg 300w, https:\/\/olu-limburg.de\/wp-content\/uploads\/2022\/10\/P1100479_ergebnis-768x576.jpg 768w, https:\/\/olu-limburg.de\/wp-content\/uploads\/2022\/10\/P1100479_ergebnis-624x468.jpg 624w\" sizes=\"auto, (max-width: 800px) 100vw, 800px\" \/><\/a><\/p>\n<p><a href=\"https:\/\/olu-limburg.de\/wp-content\/uploads\/2022\/10\/P1100477_ergebnis.jpg\"><img loading=\"lazy\" decoding=\"async\" class=\"size-full wp-image-27471 aligncenter\" src=\"https:\/\/olu-limburg.de\/wp-content\/uploads\/2022\/10\/P1100477_ergebnis.jpg\" alt=\"\" width=\"800\" height=\"600\" srcset=\"https:\/\/olu-limburg.de\/wp-content\/uploads\/2022\/10\/P1100477_ergebnis.jpg 800w, https:\/\/olu-limburg.de\/wp-content\/uploads\/2022\/10\/P1100477_ergebnis-300x225.jpg 300w, https:\/\/olu-limburg.de\/wp-content\/uploads\/2022\/10\/P1100477_ergebnis-768x576.jpg 768w, https:\/\/olu-limburg.de\/wp-content\/uploads\/2022\/10\/P1100477_ergebnis-624x468.jpg 624w\" sizes=\"auto, (max-width: 800px) 100vw, 800px\" \/><\/a><\/p>\n<p><a href=\"https:\/\/olu-limburg.de\/wp-content\/uploads\/2022\/10\/P1100478_ergebnis.jpg\"><img loading=\"lazy\" decoding=\"async\" class=\"size-full wp-image-27472 aligncenter\" src=\"https:\/\/olu-limburg.de\/wp-content\/uploads\/2022\/10\/P1100478_ergebnis.jpg\" alt=\"\" width=\"800\" height=\"600\" srcset=\"https:\/\/olu-limburg.de\/wp-content\/uploads\/2022\/10\/P1100478_ergebnis.jpg 800w, https:\/\/olu-limburg.de\/wp-content\/uploads\/2022\/10\/P1100478_ergebnis-300x225.jpg 300w, https:\/\/olu-limburg.de\/wp-content\/uploads\/2022\/10\/P1100478_ergebnis-768x576.jpg 768w, https:\/\/olu-limburg.de\/wp-content\/uploads\/2022\/10\/P1100478_ergebnis-624x468.jpg 624w\" sizes=\"auto, (max-width: 800px) 100vw, 800px\" \/><\/a><\/p>\n<p>die Hauptstra\u00dfe von Le Tr\u00e9port &#8211; Quai Francois 1er<\/p>\n<p><a href=\"https:\/\/olu-limburg.de\/wp-content\/uploads\/2022\/10\/IMG_20220922_163835_ergebnis.jpg\"><img loading=\"lazy\" decoding=\"async\" class=\"size-full wp-image-27458 aligncenter\" src=\"https:\/\/olu-limburg.de\/wp-content\/uploads\/2022\/10\/IMG_20220922_163835_ergebnis.jpg\" alt=\"\" width=\"800\" height=\"600\" srcset=\"https:\/\/olu-limburg.de\/wp-content\/uploads\/2022\/10\/IMG_20220922_163835_ergebnis.jpg 800w, https:\/\/olu-limburg.de\/wp-content\/uploads\/2022\/10\/IMG_20220922_163835_ergebnis-300x225.jpg 300w, https:\/\/olu-limburg.de\/wp-content\/uploads\/2022\/10\/IMG_20220922_163835_ergebnis-768x576.jpg 768w, https:\/\/olu-limburg.de\/wp-content\/uploads\/2022\/10\/IMG_20220922_163835_ergebnis-624x468.jpg 624w\" sizes=\"auto, (max-width: 800px) 100vw, 800px\" \/><\/a><\/p>\n<p><a href=\"https:\/\/olu-limburg.de\/wp-content\/uploads\/2022\/10\/IMG_20220922_171131_ergebnis.jpg\"><img loading=\"lazy\" decoding=\"async\" class=\"size-full wp-image-27459 aligncenter\" src=\"https:\/\/olu-limburg.de\/wp-content\/uploads\/2022\/10\/IMG_20220922_171131_ergebnis.jpg\" alt=\"\" width=\"800\" height=\"600\" srcset=\"https:\/\/olu-limburg.de\/wp-content\/uploads\/2022\/10\/IMG_20220922_171131_ergebnis.jpg 800w, https:\/\/olu-limburg.de\/wp-content\/uploads\/2022\/10\/IMG_20220922_171131_ergebnis-300x225.jpg 300w, https:\/\/olu-limburg.de\/wp-content\/uploads\/2022\/10\/IMG_20220922_171131_ergebnis-768x576.jpg 768w, https:\/\/olu-limburg.de\/wp-content\/uploads\/2022\/10\/IMG_20220922_171131_ergebnis-624x468.jpg 624w\" sizes=\"auto, (max-width: 800px) 100vw, 800px\" \/><\/a><\/p>\n<p>im Gegensatz dazu die kleinen G\u00e4sschen f\u00fcr einen gem\u00fctlichen After-Work-Trunk der Tr\u00e9portaise.<\/p>\n<p><a href=\"https:\/\/olu-limburg.de\/wp-content\/uploads\/2022\/10\/IMG_20220922_180422_ergebnis-e1665930980591.jpg\"><img loading=\"lazy\" decoding=\"async\" class=\"size-full wp-image-27461 alignleft\" src=\"https:\/\/olu-limburg.de\/wp-content\/uploads\/2022\/10\/IMG_20220922_180422_ergebnis-e1665930980591.jpg\" alt=\"\" width=\"450\" height=\"600\" srcset=\"https:\/\/olu-limburg.de\/wp-content\/uploads\/2022\/10\/IMG_20220922_180422_ergebnis-e1665930980591.jpg 450w, https:\/\/olu-limburg.de\/wp-content\/uploads\/2022\/10\/IMG_20220922_180422_ergebnis-e1665930980591-225x300.jpg 225w\" sizes=\"auto, (max-width: 450px) 100vw, 450px\" \/><\/a><\/p>\n<p><a href=\"https:\/\/olu-limburg.de\/wp-content\/uploads\/2022\/10\/IMG_20220922_181654_ergebnis-e1665931076209.jpg\"><img loading=\"lazy\" decoding=\"async\" class=\"size-full wp-image-27462 alignright\" src=\"https:\/\/olu-limburg.de\/wp-content\/uploads\/2022\/10\/IMG_20220922_181654_ergebnis-e1665931076209.jpg\" alt=\"\" width=\"450\" height=\"600\" srcset=\"https:\/\/olu-limburg.de\/wp-content\/uploads\/2022\/10\/IMG_20220922_181654_ergebnis-e1665931076209.jpg 450w, https:\/\/olu-limburg.de\/wp-content\/uploads\/2022\/10\/IMG_20220922_181654_ergebnis-e1665931076209-225x300.jpg 225w\" sizes=\"auto, (max-width: 450px) 100vw, 450px\" \/><\/a><\/p>\n<p><a href=\"https:\/\/olu-limburg.de\/wp-content\/uploads\/2022\/10\/IMG_20220922_181857_ergebnis-e1665931147378.jpg\"><img loading=\"lazy\" decoding=\"async\" class=\"size-full wp-image-27463 alignleft\" src=\"https:\/\/olu-limburg.de\/wp-content\/uploads\/2022\/10\/IMG_20220922_181857_ergebnis-e1665931147378.jpg\" alt=\"\" width=\"450\" height=\"600\" srcset=\"https:\/\/olu-limburg.de\/wp-content\/uploads\/2022\/10\/IMG_20220922_181857_ergebnis-e1665931147378.jpg 450w, https:\/\/olu-limburg.de\/wp-content\/uploads\/2022\/10\/IMG_20220922_181857_ergebnis-e1665931147378-225x300.jpg 225w\" sizes=\"auto, (max-width: 450px) 100vw, 450px\" \/><\/a><\/p>\n<div id=\"attachment_27464\" style=\"width: 460px\" class=\"wp-caption alignright\"><a href=\"https:\/\/olu-limburg.de\/wp-content\/uploads\/2022\/10\/IMG_20220922_182315_ergebnis-e1665931120939.jpg\"><img loading=\"lazy\" decoding=\"async\" aria-describedby=\"caption-attachment-27464\" class=\"wp-image-27464 size-full\" src=\"https:\/\/olu-limburg.de\/wp-content\/uploads\/2022\/10\/IMG_20220922_182315_ergebnis-e1665931120939.jpg\" alt=\"\" width=\"450\" height=\"600\" srcset=\"https:\/\/olu-limburg.de\/wp-content\/uploads\/2022\/10\/IMG_20220922_182315_ergebnis-e1665931120939.jpg 450w, https:\/\/olu-limburg.de\/wp-content\/uploads\/2022\/10\/IMG_20220922_182315_ergebnis-e1665931120939-225x300.jpg 225w\" sizes=\"auto, (max-width: 450px) 100vw, 450px\" \/><\/a><p id=\"caption-attachment-27464\" class=\"wp-caption-text\">Talstation der Standseilbahn<\/p><\/div>\n<p><a href=\"https:\/\/olu-limburg.de\/wp-content\/uploads\/2022\/10\/IMG_20220922_182458_ergebnis.jpg\"><img loading=\"lazy\" decoding=\"async\" class=\"size-full wp-image-27465 aligncenter\" src=\"https:\/\/olu-limburg.de\/wp-content\/uploads\/2022\/10\/IMG_20220922_182458_ergebnis.jpg\" alt=\"\" width=\"800\" height=\"600\" srcset=\"https:\/\/olu-limburg.de\/wp-content\/uploads\/2022\/10\/IMG_20220922_182458_ergebnis.jpg 800w, https:\/\/olu-limburg.de\/wp-content\/uploads\/2022\/10\/IMG_20220922_182458_ergebnis-300x225.jpg 300w, https:\/\/olu-limburg.de\/wp-content\/uploads\/2022\/10\/IMG_20220922_182458_ergebnis-768x576.jpg 768w, https:\/\/olu-limburg.de\/wp-content\/uploads\/2022\/10\/IMG_20220922_182458_ergebnis-624x468.jpg 624w\" sizes=\"auto, (max-width: 800px) 100vw, 800px\" \/><\/a><\/p>\n<div id=\"attachment_27519\" style=\"width: 810px\" class=\"wp-caption aligncenter\"><a href=\"https:\/\/olu-limburg.de\/wp-content\/uploads\/2022\/10\/IMG_20220922_182837_ergebnis-1.jpg\"><img loading=\"lazy\" decoding=\"async\" aria-describedby=\"caption-attachment-27519\" class=\"wp-image-27519 size-full\" src=\"https:\/\/olu-limburg.de\/wp-content\/uploads\/2022\/10\/IMG_20220922_182837_ergebnis-1.jpg\" alt=\"\" width=\"800\" height=\"600\" srcset=\"https:\/\/olu-limburg.de\/wp-content\/uploads\/2022\/10\/IMG_20220922_182837_ergebnis-1.jpg 800w, https:\/\/olu-limburg.de\/wp-content\/uploads\/2022\/10\/IMG_20220922_182837_ergebnis-1-300x225.jpg 300w, https:\/\/olu-limburg.de\/wp-content\/uploads\/2022\/10\/IMG_20220922_182837_ergebnis-1-768x576.jpg 768w, https:\/\/olu-limburg.de\/wp-content\/uploads\/2022\/10\/IMG_20220922_182837_ergebnis-1-624x468.jpg 624w\" sizes=\"auto, (max-width: 800px) 100vw, 800px\" \/><\/a><p id=\"caption-attachment-27519\" class=\"wp-caption-text\">welch ein Blick<\/p><\/div>\n<p><a href=\"https:\/\/olu-limburg.de\/wp-content\/uploads\/2022\/10\/P1100480_ergebnis.jpg\"><img loading=\"lazy\" decoding=\"async\" class=\"wp-image-27474 size-full aligncenter\" src=\"https:\/\/olu-limburg.de\/wp-content\/uploads\/2022\/10\/P1100480_ergebnis.jpg\" alt=\"\" width=\"800\" height=\"600\" srcset=\"https:\/\/olu-limburg.de\/wp-content\/uploads\/2022\/10\/P1100480_ergebnis.jpg 800w, https:\/\/olu-limburg.de\/wp-content\/uploads\/2022\/10\/P1100480_ergebnis-300x225.jpg 300w, https:\/\/olu-limburg.de\/wp-content\/uploads\/2022\/10\/P1100480_ergebnis-768x576.jpg 768w, https:\/\/olu-limburg.de\/wp-content\/uploads\/2022\/10\/P1100480_ergebnis-624x468.jpg 624w\" sizes=\"auto, (max-width: 800px) 100vw, 800px\" \/><\/a><\/p>\n<p>Tagesstrecke: 38 km<\/p>\n<p>&nbsp;<\/p>\n<p><strong>Freitag, 23.09.2022<\/strong><\/p>\n<p>Wie angek\u00fcndigt kommt der B\u00e4cker um 09.00 Uhr zaghaft hupend auf den Stellplatz und bringt uns frisches Brot, Croissants und Pains chocolat. Nach dem Fr\u00fchst\u00fcck und allen kleinen weiteren Ritualen wollen wir heute nach St.-Valery-en-Caux fahren. Es ist mal wieder ein Versuch, auf dem nicht so gro\u00dfen, aber toll gelegenen Stellplatz, einen Platz f\u00fcr unser Wohnmobil zu finden. Da wir heute ein paar Kilometer als sonst fahren, ist es auch nicht so schlimm, da\u00df sich das Wetter ver\u00e4ndert hat und sich von seiner schlechten Seite zeigt.<\/p>\n<p>Als h\u00e4tte ich das Pech an meinem Gaspedal kleben. Circa f\u00fcnfzig Meter vor der Abzweigung zum Wohnmobil-Stellplatz, direkt vor dem Maison Henri IV, ist die Stra\u00dfe f\u00fcr drei\u00dfig Meter wegen Kanalarbeiten gesperrt. Es ist aber eine Umleitung ausgeschildert, die uns\u00a0 ganz aus St.-Valery-en-Caux hinaus f\u00fchrt und an einem Kreisverkehr zu einem schmalen Str\u00e4\u00dfchen leitet, dass uns im Einbahnverkehr wieder nach unten f\u00fchrt. Teilweise ist es ganz sch\u00f6n eng und steil. Und tats\u00e4chlich landen wir nach vier oder f\u00fcnf Kilometern genau auf der anderen Seite der Baustelle.<\/p>\n<p>Ich k\u00f6nnte mir vorstellen, da\u00df schon einige Wohnmobile bei der versperrten Zufahrt aufgegeben haben, denn der Wohnmobil-Stellplatz mit V+E (Geb\u00fchr EUR 9,00) am Leuchtturm, unterhalb der Falaise d&#8217;Aval, ist bei weitem nicht voll belegt. Wir bekommen sogar noch einen Platz in der 1. Reihe.<\/p>\n<p><a href=\"https:\/\/olu-limburg.de\/wp-content\/uploads\/2022\/10\/IMG_20220923_123050_ergebnis.jpg\"><img loading=\"lazy\" decoding=\"async\" class=\"size-full wp-image-27527 aligncenter\" src=\"https:\/\/olu-limburg.de\/wp-content\/uploads\/2022\/10\/IMG_20220923_123050_ergebnis.jpg\" alt=\"\" width=\"800\" height=\"600\" srcset=\"https:\/\/olu-limburg.de\/wp-content\/uploads\/2022\/10\/IMG_20220923_123050_ergebnis.jpg 800w, https:\/\/olu-limburg.de\/wp-content\/uploads\/2022\/10\/IMG_20220923_123050_ergebnis-300x225.jpg 300w, https:\/\/olu-limburg.de\/wp-content\/uploads\/2022\/10\/IMG_20220923_123050_ergebnis-768x576.jpg 768w, https:\/\/olu-limburg.de\/wp-content\/uploads\/2022\/10\/IMG_20220923_123050_ergebnis-624x468.jpg 624w\" sizes=\"auto, (max-width: 800px) 100vw, 800px\" \/><\/a><\/p>\n<p><a href=\"https:\/\/olu-limburg.de\/wp-content\/uploads\/2022\/10\/IMG_20220923_123037_ergebnis.jpg\"><img loading=\"lazy\" decoding=\"async\" class=\"size-full wp-image-27526 aligncenter\" src=\"https:\/\/olu-limburg.de\/wp-content\/uploads\/2022\/10\/IMG_20220923_123037_ergebnis.jpg\" alt=\"\" width=\"800\" height=\"600\" srcset=\"https:\/\/olu-limburg.de\/wp-content\/uploads\/2022\/10\/IMG_20220923_123037_ergebnis.jpg 800w, https:\/\/olu-limburg.de\/wp-content\/uploads\/2022\/10\/IMG_20220923_123037_ergebnis-300x225.jpg 300w, https:\/\/olu-limburg.de\/wp-content\/uploads\/2022\/10\/IMG_20220923_123037_ergebnis-768x576.jpg 768w, https:\/\/olu-limburg.de\/wp-content\/uploads\/2022\/10\/IMG_20220923_123037_ergebnis-624x468.jpg 624w\" sizes=\"auto, (max-width: 800px) 100vw, 800px\" \/><\/a><\/p>\n<p><a href=\"https:\/\/olu-limburg.de\/wp-content\/uploads\/2022\/10\/IMG_20220923_123103_ergebnis.jpg\"><img loading=\"lazy\" decoding=\"async\" class=\"size-full wp-image-27528 aligncenter\" src=\"https:\/\/olu-limburg.de\/wp-content\/uploads\/2022\/10\/IMG_20220923_123103_ergebnis.jpg\" alt=\"\" width=\"800\" height=\"600\" srcset=\"https:\/\/olu-limburg.de\/wp-content\/uploads\/2022\/10\/IMG_20220923_123103_ergebnis.jpg 800w, https:\/\/olu-limburg.de\/wp-content\/uploads\/2022\/10\/IMG_20220923_123103_ergebnis-300x225.jpg 300w, https:\/\/olu-limburg.de\/wp-content\/uploads\/2022\/10\/IMG_20220923_123103_ergebnis-768x576.jpg 768w, https:\/\/olu-limburg.de\/wp-content\/uploads\/2022\/10\/IMG_20220923_123103_ergebnis-624x468.jpg 624w\" sizes=\"auto, (max-width: 800px) 100vw, 800px\" \/><\/a><\/p>\n<p>Eigentlich ist es hier wie ein &#8222;Nachhause kommen&#8220;, nicht weil wir schon so oft in St.-Valery-en-Caux waren, sondern weil wir hier einige nette Erlebnisse hatten.<\/p>\n<p>Es ist Mittagszeit. Was sollen wir bei einem solchen Wetter anderes machen, als nach einem sch\u00f6nen Lokal mit einem Men\u00fc zu suchen. Der Fu\u00dfweg f\u00fchrt uns wieder unterhalb der Klippen zur\u00fcck auf die andere Seite der Hafeneinfahrt. Dort gibt es am Place du March\u00e9 und den kleinen Seitenstra\u00dfen einige Bars und Restaurants<\/p>\n<p><a href=\"https:\/\/olu-limburg.de\/wp-content\/uploads\/2022\/10\/IMG_20220923_123629_ergebnis-e1665935583734.jpg\"><img loading=\"lazy\" decoding=\"async\" class=\"size-full wp-image-27529 aligncenter\" src=\"https:\/\/olu-limburg.de\/wp-content\/uploads\/2022\/10\/IMG_20220923_123629_ergebnis-e1665935583734.jpg\" alt=\"\" width=\"450\" height=\"600\" srcset=\"https:\/\/olu-limburg.de\/wp-content\/uploads\/2022\/10\/IMG_20220923_123629_ergebnis-e1665935583734.jpg 450w, https:\/\/olu-limburg.de\/wp-content\/uploads\/2022\/10\/IMG_20220923_123629_ergebnis-e1665935583734-225x300.jpg 225w\" sizes=\"auto, (max-width: 450px) 100vw, 450px\" \/><\/a><\/p>\n<p><a href=\"https:\/\/olu-limburg.de\/wp-content\/uploads\/2022\/10\/IMG_20220923_123654_ergebnis.jpg\"><img loading=\"lazy\" decoding=\"async\" class=\"size-full wp-image-27530 aligncenter\" src=\"https:\/\/olu-limburg.de\/wp-content\/uploads\/2022\/10\/IMG_20220923_123654_ergebnis.jpg\" alt=\"\" width=\"800\" height=\"600\" srcset=\"https:\/\/olu-limburg.de\/wp-content\/uploads\/2022\/10\/IMG_20220923_123654_ergebnis.jpg 800w, https:\/\/olu-limburg.de\/wp-content\/uploads\/2022\/10\/IMG_20220923_123654_ergebnis-300x225.jpg 300w, https:\/\/olu-limburg.de\/wp-content\/uploads\/2022\/10\/IMG_20220923_123654_ergebnis-768x576.jpg 768w, https:\/\/olu-limburg.de\/wp-content\/uploads\/2022\/10\/IMG_20220923_123654_ergebnis-624x468.jpg 624w\" sizes=\"auto, (max-width: 800px) 100vw, 800px\" \/><\/a><\/p>\n<p>Uns sagt das Men\u00fc in der Brasserie &#8222;L&#8217;Eden&#8220; am besten zu. Nach einem Kir Normand als Ap\u00e9ritif, bestellen wir zum Essen einen Pichet (kleinen Krug) Ros\u00e9.<\/p>\n<p>Vorspeise:<\/p>\n<div id=\"attachment_27531\" style=\"width: 810px\" class=\"wp-caption aligncenter\"><a href=\"https:\/\/olu-limburg.de\/wp-content\/uploads\/2022\/10\/IMG_20220923_130536_ergebnis.jpg\"><img loading=\"lazy\" decoding=\"async\" aria-describedby=\"caption-attachment-27531\" class=\"wp-image-27531 size-full\" src=\"https:\/\/olu-limburg.de\/wp-content\/uploads\/2022\/10\/IMG_20220923_130536_ergebnis.jpg\" alt=\"\" width=\"800\" height=\"600\" srcset=\"https:\/\/olu-limburg.de\/wp-content\/uploads\/2022\/10\/IMG_20220923_130536_ergebnis.jpg 800w, https:\/\/olu-limburg.de\/wp-content\/uploads\/2022\/10\/IMG_20220923_130536_ergebnis-300x225.jpg 300w, https:\/\/olu-limburg.de\/wp-content\/uploads\/2022\/10\/IMG_20220923_130536_ergebnis-768x576.jpg 768w, https:\/\/olu-limburg.de\/wp-content\/uploads\/2022\/10\/IMG_20220923_130536_ergebnis-624x468.jpg 624w\" sizes=\"auto, (max-width: 800px) 100vw, 800px\" \/><\/a><p id=\"caption-attachment-27531\" class=\"wp-caption-text\">Croustillant Normand (Filoteigtaschen gef\u00fcllt mit Rohmilch-Camembert und Apfelst\u00fcckchen auf einem Salatbett)<\/p><\/div>\n<div id=\"attachment_27532\" style=\"width: 810px\" class=\"wp-caption aligncenter\"><a href=\"https:\/\/olu-limburg.de\/wp-content\/uploads\/2022\/10\/IMG_20220923_130547_edit_356850538989295_ergebnis.jpg\"><img loading=\"lazy\" decoding=\"async\" aria-describedby=\"caption-attachment-27532\" class=\"wp-image-27532 size-full\" src=\"https:\/\/olu-limburg.de\/wp-content\/uploads\/2022\/10\/IMG_20220923_130547_edit_356850538989295_ergebnis.jpg\" alt=\"\" width=\"800\" height=\"600\" srcset=\"https:\/\/olu-limburg.de\/wp-content\/uploads\/2022\/10\/IMG_20220923_130547_edit_356850538989295_ergebnis.jpg 800w, https:\/\/olu-limburg.de\/wp-content\/uploads\/2022\/10\/IMG_20220923_130547_edit_356850538989295_ergebnis-300x225.jpg 300w, https:\/\/olu-limburg.de\/wp-content\/uploads\/2022\/10\/IMG_20220923_130547_edit_356850538989295_ergebnis-768x576.jpg 768w, https:\/\/olu-limburg.de\/wp-content\/uploads\/2022\/10\/IMG_20220923_130547_edit_356850538989295_ergebnis-624x468.jpg 624w\" sizes=\"auto, (max-width: 800px) 100vw, 800px\" \/><\/a><p id=\"caption-attachment-27532\" class=\"wp-caption-text\">Cassolette de la Mer (\u00dcberbackene Meeresfr\u00fcchte in einer Cr\u00e8me)<\/p><\/div>\n<p>Hauptgericht:<\/p>\n<div id=\"attachment_27533\" style=\"width: 810px\" class=\"wp-caption aligncenter\"><a href=\"https:\/\/olu-limburg.de\/wp-content\/uploads\/2022\/10\/IMG_20220923_132214_edit_356904133965850_ergebnis.jpg\"><img loading=\"lazy\" decoding=\"async\" aria-describedby=\"caption-attachment-27533\" class=\"wp-image-27533 size-full\" src=\"https:\/\/olu-limburg.de\/wp-content\/uploads\/2022\/10\/IMG_20220923_132214_edit_356904133965850_ergebnis.jpg\" alt=\"\" width=\"800\" height=\"600\" srcset=\"https:\/\/olu-limburg.de\/wp-content\/uploads\/2022\/10\/IMG_20220923_132214_edit_356904133965850_ergebnis.jpg 800w, https:\/\/olu-limburg.de\/wp-content\/uploads\/2022\/10\/IMG_20220923_132214_edit_356904133965850_ergebnis-300x225.jpg 300w, https:\/\/olu-limburg.de\/wp-content\/uploads\/2022\/10\/IMG_20220923_132214_edit_356904133965850_ergebnis-768x576.jpg 768w, https:\/\/olu-limburg.de\/wp-content\/uploads\/2022\/10\/IMG_20220923_132214_edit_356904133965850_ergebnis-624x468.jpg 624w\" sizes=\"auto, (max-width: 800px) 100vw, 800px\" \/><\/a><p id=\"caption-attachment-27533\" class=\"wp-caption-text\">Bavette \u00e0 l&#8217;\u00c9chalotte (R\u00fcckensteak vom Rind mit Zwiebelso\u00dfe )<\/p><\/div>\n<div id=\"attachment_27534\" style=\"width: 810px\" class=\"wp-caption aligncenter\"><a href=\"https:\/\/olu-limburg.de\/wp-content\/uploads\/2022\/10\/IMG_20220923_132226_ergebnis.jpg\"><img loading=\"lazy\" decoding=\"async\" aria-describedby=\"caption-attachment-27534\" class=\"wp-image-27534 size-full\" src=\"https:\/\/olu-limburg.de\/wp-content\/uploads\/2022\/10\/IMG_20220923_132226_ergebnis.jpg\" alt=\"\" width=\"800\" height=\"600\" srcset=\"https:\/\/olu-limburg.de\/wp-content\/uploads\/2022\/10\/IMG_20220923_132226_ergebnis.jpg 800w, https:\/\/olu-limburg.de\/wp-content\/uploads\/2022\/10\/IMG_20220923_132226_ergebnis-300x225.jpg 300w, https:\/\/olu-limburg.de\/wp-content\/uploads\/2022\/10\/IMG_20220923_132226_ergebnis-768x576.jpg 768w, https:\/\/olu-limburg.de\/wp-content\/uploads\/2022\/10\/IMG_20220923_132226_ergebnis-624x468.jpg 624w\" sizes=\"auto, (max-width: 800px) 100vw, 800px\" \/><\/a><p id=\"caption-attachment-27534\" class=\"wp-caption-text\">Magret de canard au Poivre (Entenbrust mit Pfefferso\u00dfe)<\/p><\/div>\n<p>Dessert:<\/p>\n<div id=\"attachment_27535\" style=\"width: 810px\" class=\"wp-caption aligncenter\"><a href=\"https:\/\/olu-limburg.de\/wp-content\/uploads\/2022\/10\/IMG_20220923_135000_ergebnis.jpg\"><img loading=\"lazy\" decoding=\"async\" aria-describedby=\"caption-attachment-27535\" class=\"wp-image-27535 size-full\" src=\"https:\/\/olu-limburg.de\/wp-content\/uploads\/2022\/10\/IMG_20220923_135000_ergebnis.jpg\" alt=\"\" width=\"800\" height=\"600\" srcset=\"https:\/\/olu-limburg.de\/wp-content\/uploads\/2022\/10\/IMG_20220923_135000_ergebnis.jpg 800w, https:\/\/olu-limburg.de\/wp-content\/uploads\/2022\/10\/IMG_20220923_135000_ergebnis-300x225.jpg 300w, https:\/\/olu-limburg.de\/wp-content\/uploads\/2022\/10\/IMG_20220923_135000_ergebnis-768x576.jpg 768w, https:\/\/olu-limburg.de\/wp-content\/uploads\/2022\/10\/IMG_20220923_135000_ergebnis-624x468.jpg 624w\" sizes=\"auto, (max-width: 800px) 100vw, 800px\" \/><\/a><p id=\"caption-attachment-27535\" class=\"wp-caption-text\">Cassis, Menthe und Citron<\/p><\/div>\n<div id=\"attachment_27536\" style=\"width: 810px\" class=\"wp-caption aligncenter\"><a href=\"https:\/\/olu-limburg.de\/wp-content\/uploads\/2022\/10\/IMG_20220923_135015_ergebnis.jpg\"><img loading=\"lazy\" decoding=\"async\" aria-describedby=\"caption-attachment-27536\" class=\"wp-image-27536 size-full\" src=\"https:\/\/olu-limburg.de\/wp-content\/uploads\/2022\/10\/IMG_20220923_135015_ergebnis.jpg\" alt=\"\" width=\"800\" height=\"600\" srcset=\"https:\/\/olu-limburg.de\/wp-content\/uploads\/2022\/10\/IMG_20220923_135015_ergebnis.jpg 800w, https:\/\/olu-limburg.de\/wp-content\/uploads\/2022\/10\/IMG_20220923_135015_ergebnis-300x225.jpg 300w, https:\/\/olu-limburg.de\/wp-content\/uploads\/2022\/10\/IMG_20220923_135015_ergebnis-768x576.jpg 768w, https:\/\/olu-limburg.de\/wp-content\/uploads\/2022\/10\/IMG_20220923_135015_ergebnis-624x468.jpg 624w\" sizes=\"auto, (max-width: 800px) 100vw, 800px\" \/><\/a><p id=\"caption-attachment-27536\" class=\"wp-caption-text\">Tarte Tatin<\/p><\/div>\n<p>Den Abschlu\u00df bildete ein Caf\u00e9. Es war wie immer lecker. Und au\u00dfer dem Kir und dem Ros\u00e9 war alles im Men\u00fcpreis von EUR 21,90 enthalten.<\/p>\n<p>Den Nachmittag verbringen wir bei einer ungem\u00fctlichen Wetterlage im Wohnmobil. Gegen Abend wollen wir aber noch einmal eine Runde drehen.<\/p>\n<div id=\"attachment_27541\" style=\"width: 810px\" class=\"wp-caption aligncenter\"><a href=\"https:\/\/olu-limburg.de\/wp-content\/uploads\/2022\/10\/IMG_20220923_184614_ergebnis.jpg\"><img loading=\"lazy\" decoding=\"async\" aria-describedby=\"caption-attachment-27541\" class=\"wp-image-27541 size-full\" src=\"https:\/\/olu-limburg.de\/wp-content\/uploads\/2022\/10\/IMG_20220923_184614_ergebnis.jpg\" alt=\"\" width=\"800\" height=\"600\" srcset=\"https:\/\/olu-limburg.de\/wp-content\/uploads\/2022\/10\/IMG_20220923_184614_ergebnis.jpg 800w, https:\/\/olu-limburg.de\/wp-content\/uploads\/2022\/10\/IMG_20220923_184614_ergebnis-300x225.jpg 300w, https:\/\/olu-limburg.de\/wp-content\/uploads\/2022\/10\/IMG_20220923_184614_ergebnis-768x576.jpg 768w, https:\/\/olu-limburg.de\/wp-content\/uploads\/2022\/10\/IMG_20220923_184614_ergebnis-624x468.jpg 624w\" sizes=\"auto, (max-width: 800px) 100vw, 800px\" \/><\/a><p id=\"caption-attachment-27541\" class=\"wp-caption-text\">Bei unserem ersten Besuchvor vielen Jahren haben wir mit unserem Wohnmobil noch links auf dem Kiesstreifen oberhalb der Grasb\u00f6schung, direkt unter der Klippe, gestanden. Das w\u00fcrde ich heute nicht mehr machen.<\/p><\/div>\n<p><a href=\"https:\/\/olu-limburg.de\/wp-content\/uploads\/2022\/10\/IMG_20220923_184646_ergebnis.jpg\"><img loading=\"lazy\" decoding=\"async\" class=\"size-full wp-image-27542 aligncenter\" src=\"https:\/\/olu-limburg.de\/wp-content\/uploads\/2022\/10\/IMG_20220923_184646_ergebnis.jpg\" alt=\"\" width=\"800\" height=\"600\" srcset=\"https:\/\/olu-limburg.de\/wp-content\/uploads\/2022\/10\/IMG_20220923_184646_ergebnis.jpg 800w, https:\/\/olu-limburg.de\/wp-content\/uploads\/2022\/10\/IMG_20220923_184646_ergebnis-300x225.jpg 300w, https:\/\/olu-limburg.de\/wp-content\/uploads\/2022\/10\/IMG_20220923_184646_ergebnis-768x576.jpg 768w, https:\/\/olu-limburg.de\/wp-content\/uploads\/2022\/10\/IMG_20220923_184646_ergebnis-624x468.jpg 624w\" sizes=\"auto, (max-width: 800px) 100vw, 800px\" \/><\/a><\/p>\n<p><a href=\"https:\/\/olu-limburg.de\/wp-content\/uploads\/2022\/10\/IMG_20220923_184725_ergebnis.jpg\"><img loading=\"lazy\" decoding=\"async\" class=\"size-full wp-image-27543 aligncenter\" src=\"https:\/\/olu-limburg.de\/wp-content\/uploads\/2022\/10\/IMG_20220923_184725_ergebnis.jpg\" alt=\"\" width=\"800\" height=\"600\" srcset=\"https:\/\/olu-limburg.de\/wp-content\/uploads\/2022\/10\/IMG_20220923_184725_ergebnis.jpg 800w, https:\/\/olu-limburg.de\/wp-content\/uploads\/2022\/10\/IMG_20220923_184725_ergebnis-300x225.jpg 300w, https:\/\/olu-limburg.de\/wp-content\/uploads\/2022\/10\/IMG_20220923_184725_ergebnis-768x576.jpg 768w, https:\/\/olu-limburg.de\/wp-content\/uploads\/2022\/10\/IMG_20220923_184725_ergebnis-624x468.jpg 624w\" sizes=\"auto, (max-width: 800px) 100vw, 800px\" \/><\/a><\/p>\n<p><a href=\"https:\/\/olu-limburg.de\/wp-content\/uploads\/2022\/10\/P1100490_ergebnis.jpg\"><img loading=\"lazy\" decoding=\"async\" class=\"size-full wp-image-27550 aligncenter\" src=\"https:\/\/olu-limburg.de\/wp-content\/uploads\/2022\/10\/P1100490_ergebnis.jpg\" alt=\"\" width=\"800\" height=\"600\" srcset=\"https:\/\/olu-limburg.de\/wp-content\/uploads\/2022\/10\/P1100490_ergebnis.jpg 800w, https:\/\/olu-limburg.de\/wp-content\/uploads\/2022\/10\/P1100490_ergebnis-300x225.jpg 300w, https:\/\/olu-limburg.de\/wp-content\/uploads\/2022\/10\/P1100490_ergebnis-768x576.jpg 768w, https:\/\/olu-limburg.de\/wp-content\/uploads\/2022\/10\/P1100490_ergebnis-624x468.jpg 624w\" sizes=\"auto, (max-width: 800px) 100vw, 800px\" \/><\/a><\/p>\n<p>Das Maison Henri IV. ist ein Wohnhaus aus dem 16. Jhdt.. Heute beherbergt es das Stadtmuseum. Saint-Valery-en-Caux liegt in dem Gebiet, wo auch heute noch der Flachs angebaut und zu Leinen verarbeitet wird.<\/p>\n<p><a href=\"https:\/\/olu-limburg.de\/wp-content\/uploads\/2022\/10\/20220923_190202_ergebnis.jpg\"><img loading=\"lazy\" decoding=\"async\" class=\"size-full wp-image-27538 aligncenter\" src=\"https:\/\/olu-limburg.de\/wp-content\/uploads\/2022\/10\/20220923_190202_ergebnis.jpg\" alt=\"\" width=\"800\" height=\"600\" srcset=\"https:\/\/olu-limburg.de\/wp-content\/uploads\/2022\/10\/20220923_190202_ergebnis.jpg 800w, https:\/\/olu-limburg.de\/wp-content\/uploads\/2022\/10\/20220923_190202_ergebnis-300x225.jpg 300w, https:\/\/olu-limburg.de\/wp-content\/uploads\/2022\/10\/20220923_190202_ergebnis-768x576.jpg 768w, https:\/\/olu-limburg.de\/wp-content\/uploads\/2022\/10\/20220923_190202_ergebnis-624x468.jpg 624w\" sizes=\"auto, (max-width: 800px) 100vw, 800px\" \/><\/a><\/p>\n<p><a href=\"https:\/\/olu-limburg.de\/wp-content\/uploads\/2022\/10\/P1100487_ergebnis.jpg\"><img loading=\"lazy\" decoding=\"async\" class=\"size-full wp-image-27549 aligncenter\" src=\"https:\/\/olu-limburg.de\/wp-content\/uploads\/2022\/10\/P1100487_ergebnis.jpg\" alt=\"\" width=\"800\" height=\"600\" srcset=\"https:\/\/olu-limburg.de\/wp-content\/uploads\/2022\/10\/P1100487_ergebnis.jpg 800w, https:\/\/olu-limburg.de\/wp-content\/uploads\/2022\/10\/P1100487_ergebnis-300x225.jpg 300w, https:\/\/olu-limburg.de\/wp-content\/uploads\/2022\/10\/P1100487_ergebnis-768x576.jpg 768w, https:\/\/olu-limburg.de\/wp-content\/uploads\/2022\/10\/P1100487_ergebnis-624x468.jpg 624w\" sizes=\"auto, (max-width: 800px) 100vw, 800px\" \/><\/a><\/p>\n<p><a href=\"https:\/\/olu-limburg.de\/wp-content\/uploads\/2022\/10\/P1100485_ergebnis-e1665938319443.jpg\"><img loading=\"lazy\" decoding=\"async\" class=\"size-full wp-image-27548 aligncenter\" src=\"https:\/\/olu-limburg.de\/wp-content\/uploads\/2022\/10\/P1100485_ergebnis-e1665938319443.jpg\" alt=\"\" width=\"450\" height=\"600\" srcset=\"https:\/\/olu-limburg.de\/wp-content\/uploads\/2022\/10\/P1100485_ergebnis-e1665938319443.jpg 450w, https:\/\/olu-limburg.de\/wp-content\/uploads\/2022\/10\/P1100485_ergebnis-e1665938319443-225x300.jpg 225w\" sizes=\"auto, (max-width: 450px) 100vw, 450px\" \/><\/a><\/p>\n<p><a href=\"https:\/\/olu-limburg.de\/wp-content\/uploads\/2022\/10\/IMG_20220923_190846_ergebnis.jpg\"><img loading=\"lazy\" decoding=\"async\" class=\"size-full wp-image-27544 aligncenter\" src=\"https:\/\/olu-limburg.de\/wp-content\/uploads\/2022\/10\/IMG_20220923_190846_ergebnis.jpg\" alt=\"\" width=\"800\" height=\"600\" srcset=\"https:\/\/olu-limburg.de\/wp-content\/uploads\/2022\/10\/IMG_20220923_190846_ergebnis.jpg 800w, https:\/\/olu-limburg.de\/wp-content\/uploads\/2022\/10\/IMG_20220923_190846_ergebnis-300x225.jpg 300w, https:\/\/olu-limburg.de\/wp-content\/uploads\/2022\/10\/IMG_20220923_190846_ergebnis-768x576.jpg 768w, https:\/\/olu-limburg.de\/wp-content\/uploads\/2022\/10\/IMG_20220923_190846_ergebnis-624x468.jpg 624w\" sizes=\"auto, (max-width: 800px) 100vw, 800px\" \/><\/a><\/p>\n<p>Am Fu\u00df der Klippen liegen noch einige Erdhaufen, die von Hangabbr\u00fcchen resultieren, der Rest ist vom Meer schon wieder fortgesp\u00fclt worden. Es wird immer wieder davor gewarnt, sich zu nah an den Klippen aufzuhalten, da es wirklich lebensgef\u00e4hrlich ist.<\/p>\n<p><a href=\"https:\/\/olu-limburg.de\/wp-content\/uploads\/2022\/10\/IMG_20220923_193121_edit_360898014830344_ergebnis.jpg\"><img loading=\"lazy\" decoding=\"async\" class=\"wp-image-27545 size-full aligncenter\" src=\"https:\/\/olu-limburg.de\/wp-content\/uploads\/2022\/10\/IMG_20220923_193121_edit_360898014830344_ergebnis.jpg\" alt=\"\" width=\"800\" height=\"600\" srcset=\"https:\/\/olu-limburg.de\/wp-content\/uploads\/2022\/10\/IMG_20220923_193121_edit_360898014830344_ergebnis.jpg 800w, https:\/\/olu-limburg.de\/wp-content\/uploads\/2022\/10\/IMG_20220923_193121_edit_360898014830344_ergebnis-300x225.jpg 300w, https:\/\/olu-limburg.de\/wp-content\/uploads\/2022\/10\/IMG_20220923_193121_edit_360898014830344_ergebnis-768x576.jpg 768w, https:\/\/olu-limburg.de\/wp-content\/uploads\/2022\/10\/IMG_20220923_193121_edit_360898014830344_ergebnis-624x468.jpg 624w\" sizes=\"auto, (max-width: 800px) 100vw, 800px\" \/><\/a><\/p>\n<p>Die M\u00f6wen und V\u00f6gel ern\u00e4hren sich aus dem Meer, und Frites etc. sind f\u00fcr sie keine gesunden Nahrungsmittel.<\/p>\n<p><a href=\"https:\/\/olu-limburg.de\/wp-content\/uploads\/2022\/10\/20220923_193604_ergebnis-e1665938359979.jpg\"><img loading=\"lazy\" decoding=\"async\" class=\"size-full wp-image-27540 aligncenter\" src=\"https:\/\/olu-limburg.de\/wp-content\/uploads\/2022\/10\/20220923_193604_ergebnis-e1665938359979.jpg\" alt=\"\" width=\"450\" height=\"600\" srcset=\"https:\/\/olu-limburg.de\/wp-content\/uploads\/2022\/10\/20220923_193604_ergebnis-e1665938359979.jpg 450w, https:\/\/olu-limburg.de\/wp-content\/uploads\/2022\/10\/20220923_193604_ergebnis-e1665938359979-225x300.jpg 225w\" sizes=\"auto, (max-width: 450px) 100vw, 450px\" \/><\/a><\/p>\n<p>An einem Freitagabend ist es kurz vor 20.00 Uhr in dieser Jahreszeit schon ganz sch\u00f6n still.<\/p>\n<p><a href=\"https:\/\/olu-limburg.de\/wp-content\/uploads\/2022\/10\/IMG_20220923_195445_ergebnis-e1665938474690.jpg\"><img loading=\"lazy\" decoding=\"async\" class=\"size-full wp-image-27546 aligncenter\" src=\"https:\/\/olu-limburg.de\/wp-content\/uploads\/2022\/10\/IMG_20220923_195445_ergebnis-e1665938474690.jpg\" alt=\"\" width=\"450\" height=\"600\" srcset=\"https:\/\/olu-limburg.de\/wp-content\/uploads\/2022\/10\/IMG_20220923_195445_ergebnis-e1665938474690.jpg 450w, https:\/\/olu-limburg.de\/wp-content\/uploads\/2022\/10\/IMG_20220923_195445_ergebnis-e1665938474690-225x300.jpg 225w\" sizes=\"auto, (max-width: 450px) 100vw, 450px\" \/><\/a><\/p>\n<p><a href=\"https:\/\/olu-limburg.de\/wp-content\/uploads\/2022\/10\/IMG_20220923_195500_ergebnis-e1665938499882.jpg\"><img loading=\"lazy\" decoding=\"async\" class=\"size-full wp-image-27547 aligncenter\" src=\"https:\/\/olu-limburg.de\/wp-content\/uploads\/2022\/10\/IMG_20220923_195500_ergebnis-e1665938499882.jpg\" alt=\"\" width=\"450\" height=\"600\" srcset=\"https:\/\/olu-limburg.de\/wp-content\/uploads\/2022\/10\/IMG_20220923_195500_ergebnis-e1665938499882.jpg 450w, https:\/\/olu-limburg.de\/wp-content\/uploads\/2022\/10\/IMG_20220923_195500_ergebnis-e1665938499882-225x300.jpg 225w\" sizes=\"auto, (max-width: 450px) 100vw, 450px\" \/><\/a><\/p>\n<p>Der Wind rauscht \u00fcber das Wohnmobildach, trotzdem, oder gerade deswegen, schlafen wir gut.<\/p>\n<p>Tagesstrecke: 66 km<\/p>\n<p>&nbsp;<\/p>\n<p><strong>Samstag, 24.09.2022<\/strong><\/p>\n<p>Es st\u00fcrmt am Morgen. Ich nutze eine Regenpause und gehe schnell zum B\u00e4cker. Es ist Flut und die Wellen rollen heran und dr\u00fcck noch mehr Wasser in die Hafeneinfahrt hinein. Gegen Mittag raffen wir uns zu einem kleinen Rundgang auf. Bei dem Maison Henri IV. geht eine enge Gasse aufw\u00e4rts, und da soll es in wenigen hundert Metern Entfernung noch ein altes Kloster geben. Leider ist es mittlerweile auch Priv\u00e9.<\/p>\n<p><a href=\"https:\/\/olu-limburg.de\/wp-content\/uploads\/2022\/10\/IMG_20220924_105951_ergebnis.jpg\"><img loading=\"lazy\" decoding=\"async\" class=\"size-full wp-image-27558 aligncenter\" src=\"https:\/\/olu-limburg.de\/wp-content\/uploads\/2022\/10\/IMG_20220924_105951_ergebnis.jpg\" alt=\"\" width=\"800\" height=\"600\" srcset=\"https:\/\/olu-limburg.de\/wp-content\/uploads\/2022\/10\/IMG_20220924_105951_ergebnis.jpg 800w, https:\/\/olu-limburg.de\/wp-content\/uploads\/2022\/10\/IMG_20220924_105951_ergebnis-300x225.jpg 300w, https:\/\/olu-limburg.de\/wp-content\/uploads\/2022\/10\/IMG_20220924_105951_ergebnis-768x576.jpg 768w, https:\/\/olu-limburg.de\/wp-content\/uploads\/2022\/10\/IMG_20220924_105951_ergebnis-624x468.jpg 624w\" sizes=\"auto, (max-width: 800px) 100vw, 800px\" \/><\/a><\/p>\n<p><a href=\"https:\/\/olu-limburg.de\/wp-content\/uploads\/2022\/10\/P1100492_ergebnis-e1666021334995.jpg\"><img loading=\"lazy\" decoding=\"async\" class=\"size-full wp-image-27560 alignleft\" src=\"https:\/\/olu-limburg.de\/wp-content\/uploads\/2022\/10\/P1100492_ergebnis-e1666021334995.jpg\" alt=\"\" width=\"450\" height=\"600\" srcset=\"https:\/\/olu-limburg.de\/wp-content\/uploads\/2022\/10\/P1100492_ergebnis-e1666021334995.jpg 450w, https:\/\/olu-limburg.de\/wp-content\/uploads\/2022\/10\/P1100492_ergebnis-e1666021334995-225x300.jpg 225w\" sizes=\"auto, (max-width: 450px) 100vw, 450px\" \/><\/a><\/p>\n<p><a href=\"https:\/\/olu-limburg.de\/wp-content\/uploads\/2022\/10\/P1100494_ergebnis-e1666021354782.jpg\"><img loading=\"lazy\" decoding=\"async\" class=\"size-full wp-image-27561 alignright\" src=\"https:\/\/olu-limburg.de\/wp-content\/uploads\/2022\/10\/P1100494_ergebnis-e1666021354782.jpg\" alt=\"\" width=\"450\" height=\"600\" srcset=\"https:\/\/olu-limburg.de\/wp-content\/uploads\/2022\/10\/P1100494_ergebnis-e1666021354782.jpg 450w, https:\/\/olu-limburg.de\/wp-content\/uploads\/2022\/10\/P1100494_ergebnis-e1666021354782-225x300.jpg 225w\" sizes=\"auto, (max-width: 450px) 100vw, 450px\" \/><\/a><\/p>\n<p><a href=\"https:\/\/olu-limburg.de\/wp-content\/uploads\/2022\/10\/P1100495_ergebnis.jpg\"><img loading=\"lazy\" decoding=\"async\" class=\"size-full wp-image-27562 aligncenter\" src=\"https:\/\/olu-limburg.de\/wp-content\/uploads\/2022\/10\/P1100495_ergebnis.jpg\" alt=\"\" width=\"800\" height=\"600\" srcset=\"https:\/\/olu-limburg.de\/wp-content\/uploads\/2022\/10\/P1100495_ergebnis.jpg 800w, https:\/\/olu-limburg.de\/wp-content\/uploads\/2022\/10\/P1100495_ergebnis-300x225.jpg 300w, https:\/\/olu-limburg.de\/wp-content\/uploads\/2022\/10\/P1100495_ergebnis-768x576.jpg 768w, https:\/\/olu-limburg.de\/wp-content\/uploads\/2022\/10\/P1100495_ergebnis-624x468.jpg 624w\" sizes=\"auto, (max-width: 800px) 100vw, 800px\" \/><\/a><\/p>\n<p>Dann machen wir eben noch ein paar Eink\u00e4ufe im kleinen Supermarkt und schauen beim B\u00e4cker vorbei. Es ist schon 11.30 Uhr, und die Auslagen sind voll mit T\u00f6rtchen. Der Backofen brummt auch noch weiter, damit die Baguette nicht ausgehen. Trotz Samstag ist die B\u00e4ckerei n\u00e4mlich bis heute Abend offen.<\/p>\n<p><a href=\"https:\/\/olu-limburg.de\/wp-content\/uploads\/2022\/10\/P1100496_ergebnis.jpg\"><img loading=\"lazy\" decoding=\"async\" class=\"size-full wp-image-27563 aligncenter\" src=\"https:\/\/olu-limburg.de\/wp-content\/uploads\/2022\/10\/P1100496_ergebnis.jpg\" alt=\"\" width=\"800\" height=\"600\" srcset=\"https:\/\/olu-limburg.de\/wp-content\/uploads\/2022\/10\/P1100496_ergebnis.jpg 800w, https:\/\/olu-limburg.de\/wp-content\/uploads\/2022\/10\/P1100496_ergebnis-300x225.jpg 300w, https:\/\/olu-limburg.de\/wp-content\/uploads\/2022\/10\/P1100496_ergebnis-768x576.jpg 768w, https:\/\/olu-limburg.de\/wp-content\/uploads\/2022\/10\/P1100496_ergebnis-624x468.jpg 624w\" sizes=\"auto, (max-width: 800px) 100vw, 800px\" \/><\/a><\/p>\n<p><a href=\"https:\/\/olu-limburg.de\/wp-content\/uploads\/2022\/10\/P1100497_ergebnis-e1666021395262.jpg\"><img loading=\"lazy\" decoding=\"async\" class=\"size-full wp-image-27564 aligncenter\" src=\"https:\/\/olu-limburg.de\/wp-content\/uploads\/2022\/10\/P1100497_ergebnis-e1666021395262.jpg\" alt=\"\" width=\"450\" height=\"600\" srcset=\"https:\/\/olu-limburg.de\/wp-content\/uploads\/2022\/10\/P1100497_ergebnis-e1666021395262.jpg 450w, https:\/\/olu-limburg.de\/wp-content\/uploads\/2022\/10\/P1100497_ergebnis-e1666021395262-225x300.jpg 225w\" sizes=\"auto, (max-width: 450px) 100vw, 450px\" \/><\/a><\/p>\n<p>Unser selbstgemachtes Mittagessen f\u00fcr heute:<\/p>\n<p>ein kleiner Vorspeisenteller mit einem Kir Normand &#8230;<\/p>\n<p><a href=\"https:\/\/olu-limburg.de\/wp-content\/uploads\/2022\/10\/IMG_20220924_134447_ergebnis.jpg\"><img loading=\"lazy\" decoding=\"async\" class=\"size-full wp-image-27559 aligncenter\" src=\"https:\/\/olu-limburg.de\/wp-content\/uploads\/2022\/10\/IMG_20220924_134447_ergebnis.jpg\" alt=\"\" width=\"800\" height=\"600\" srcset=\"https:\/\/olu-limburg.de\/wp-content\/uploads\/2022\/10\/IMG_20220924_134447_ergebnis.jpg 800w, https:\/\/olu-limburg.de\/wp-content\/uploads\/2022\/10\/IMG_20220924_134447_ergebnis-300x225.jpg 300w, https:\/\/olu-limburg.de\/wp-content\/uploads\/2022\/10\/IMG_20220924_134447_ergebnis-768x576.jpg 768w, https:\/\/olu-limburg.de\/wp-content\/uploads\/2022\/10\/IMG_20220924_134447_ergebnis-624x468.jpg 624w\" sizes=\"auto, (max-width: 800px) 100vw, 800px\" \/><\/a><\/p>\n<p>&#8230; und danach Spaghetti mit Tomaten, Knoblauch, Kapern, Sardellen, Basilikum in Oliven\u00f6l<\/p>\n<p><a href=\"https:\/\/olu-limburg.de\/wp-content\/uploads\/2022\/10\/20220924_144147_ergebnis.jpg\"><img loading=\"lazy\" decoding=\"async\" class=\"size-full wp-image-27565 aligncenter\" src=\"https:\/\/olu-limburg.de\/wp-content\/uploads\/2022\/10\/20220924_144147_ergebnis.jpg\" alt=\"\" width=\"800\" height=\"600\" srcset=\"https:\/\/olu-limburg.de\/wp-content\/uploads\/2022\/10\/20220924_144147_ergebnis.jpg 800w, https:\/\/olu-limburg.de\/wp-content\/uploads\/2022\/10\/20220924_144147_ergebnis-300x225.jpg 300w, https:\/\/olu-limburg.de\/wp-content\/uploads\/2022\/10\/20220924_144147_ergebnis-768x576.jpg 768w, https:\/\/olu-limburg.de\/wp-content\/uploads\/2022\/10\/20220924_144147_ergebnis-624x468.jpg 624w\" sizes=\"auto, (max-width: 800px) 100vw, 800px\" \/><\/a><\/p>\n<p>Drau\u00dfen st\u00fcrmt und regnet es weiter. Da die Wettervorhersage f\u00fcr die n\u00e4chste Zeit auch nichts besseres verhei\u00dft, wollen wir morgen die Tour entlang der Kanalk\u00fcste abbrechen, und uns langsam auf den Weg in Richtung Heimat machen.<\/p>\n<p>Tagesstrecke: 0 km<\/p>\n<p>&nbsp;<\/p>\n<p><strong>Sonntag, 25.09.2022<\/strong><\/p>\n<p>Es st\u00fcrmt und regnet immer noch.<\/p>\n<p><a href=\"https:\/\/olu-limburg.de\/wp-content\/uploads\/2022\/10\/20220925_101335_ergebnis.jpg\"><img loading=\"lazy\" decoding=\"async\" class=\"size-full wp-image-27568 aligncenter\" src=\"https:\/\/olu-limburg.de\/wp-content\/uploads\/2022\/10\/20220925_101335_ergebnis.jpg\" alt=\"\" width=\"800\" height=\"600\" srcset=\"https:\/\/olu-limburg.de\/wp-content\/uploads\/2022\/10\/20220925_101335_ergebnis.jpg 800w, https:\/\/olu-limburg.de\/wp-content\/uploads\/2022\/10\/20220925_101335_ergebnis-300x225.jpg 300w, https:\/\/olu-limburg.de\/wp-content\/uploads\/2022\/10\/20220925_101335_ergebnis-768x576.jpg 768w, https:\/\/olu-limburg.de\/wp-content\/uploads\/2022\/10\/20220925_101335_ergebnis-624x468.jpg 624w\" sizes=\"auto, (max-width: 800px) 100vw, 800px\" \/><\/a><\/p>\n<p><a href=\"https:\/\/olu-limburg.de\/wp-content\/uploads\/2022\/10\/20220925_113518_ergebnis.jpg\"><img loading=\"lazy\" decoding=\"async\" class=\"size-full wp-image-27569 aligncenter\" src=\"https:\/\/olu-limburg.de\/wp-content\/uploads\/2022\/10\/20220925_113518_ergebnis.jpg\" alt=\"\" width=\"800\" height=\"600\" srcset=\"https:\/\/olu-limburg.de\/wp-content\/uploads\/2022\/10\/20220925_113518_ergebnis.jpg 800w, https:\/\/olu-limburg.de\/wp-content\/uploads\/2022\/10\/20220925_113518_ergebnis-300x225.jpg 300w, https:\/\/olu-limburg.de\/wp-content\/uploads\/2022\/10\/20220925_113518_ergebnis-768x576.jpg 768w, https:\/\/olu-limburg.de\/wp-content\/uploads\/2022\/10\/20220925_113518_ergebnis-624x468.jpg 624w\" sizes=\"auto, (max-width: 800px) 100vw, 800px\" \/><\/a><\/p>\n<p>Als dann die Sonne sich immer mehr durchsetzt, packen wir zusammen und begeben uns auf die Weiterreise.<\/p>\n<p><a href=\"https:\/\/olu-limburg.de\/wp-content\/uploads\/2022\/10\/IMG_20220925_112741_ergebnis.jpg\"><img loading=\"lazy\" decoding=\"async\" class=\"size-full wp-image-27570 aligncenter\" src=\"https:\/\/olu-limburg.de\/wp-content\/uploads\/2022\/10\/IMG_20220925_112741_ergebnis.jpg\" alt=\"\" width=\"800\" height=\"600\" srcset=\"https:\/\/olu-limburg.de\/wp-content\/uploads\/2022\/10\/IMG_20220925_112741_ergebnis.jpg 800w, https:\/\/olu-limburg.de\/wp-content\/uploads\/2022\/10\/IMG_20220925_112741_ergebnis-300x225.jpg 300w, https:\/\/olu-limburg.de\/wp-content\/uploads\/2022\/10\/IMG_20220925_112741_ergebnis-768x576.jpg 768w, https:\/\/olu-limburg.de\/wp-content\/uploads\/2022\/10\/IMG_20220925_112741_ergebnis-624x468.jpg 624w\" sizes=\"auto, (max-width: 800px) 100vw, 800px\" \/><\/a><\/p>\n<p><a href=\"https:\/\/olu-limburg.de\/wp-content\/uploads\/2022\/10\/IMG_20220925_112941_ergebnis.jpg\"><img loading=\"lazy\" decoding=\"async\" class=\"size-full wp-image-27571 aligncenter\" src=\"https:\/\/olu-limburg.de\/wp-content\/uploads\/2022\/10\/IMG_20220925_112941_ergebnis.jpg\" alt=\"\" width=\"800\" height=\"600\" srcset=\"https:\/\/olu-limburg.de\/wp-content\/uploads\/2022\/10\/IMG_20220925_112941_ergebnis.jpg 800w, https:\/\/olu-limburg.de\/wp-content\/uploads\/2022\/10\/IMG_20220925_112941_ergebnis-300x225.jpg 300w, https:\/\/olu-limburg.de\/wp-content\/uploads\/2022\/10\/IMG_20220925_112941_ergebnis-768x576.jpg 768w, https:\/\/olu-limburg.de\/wp-content\/uploads\/2022\/10\/IMG_20220925_112941_ergebnis-624x468.jpg 624w\" sizes=\"auto, (max-width: 800px) 100vw, 800px\" \/><\/a><\/p>\n<p>Um den schnellsten Weg in das Gro\u00dfgebiet Rouen zu erreichen, f\u00fchrt uns das Navi erst mal zur\u00fcck \u00fcber Veule-les Roses. Was hindert uns also daran, bei dem sich bessernden Wetter, in diesem &#8222;Puppenst\u00fcbchen&#8220; der Caux-Region einen Zwischenstopp einzulegen.<\/p>\n<p><a href=\"https:\/\/olu-limburg.de\/wp-content\/uploads\/2022\/10\/20220925_120120_ergebnis.jpg\"><img loading=\"lazy\" decoding=\"async\" class=\"size-full wp-image-27576 aligncenter\" src=\"https:\/\/olu-limburg.de\/wp-content\/uploads\/2022\/10\/20220925_120120_ergebnis.jpg\" alt=\"\" width=\"800\" height=\"600\" srcset=\"https:\/\/olu-limburg.de\/wp-content\/uploads\/2022\/10\/20220925_120120_ergebnis.jpg 800w, https:\/\/olu-limburg.de\/wp-content\/uploads\/2022\/10\/20220925_120120_ergebnis-300x225.jpg 300w, https:\/\/olu-limburg.de\/wp-content\/uploads\/2022\/10\/20220925_120120_ergebnis-768x576.jpg 768w, https:\/\/olu-limburg.de\/wp-content\/uploads\/2022\/10\/20220925_120120_ergebnis-624x468.jpg 624w\" sizes=\"auto, (max-width: 800px) 100vw, 800px\" \/><\/a><\/p>\n<p>Veules-les-Roses liegt in einer Einbuchtung der steilen Alabasterk\u00fcste. Namensgeber war der Flu\u00df Veules, der au\u00dferhalb der Bebauung seine Quelle hat und auf dem 1.149 m langen Weg durch den Ort als k\u00fcrzester Fluss Frankreichs in den \u00c4rmelkanal m\u00fcndet. Elf M\u00fchlen s\u00e4umten seinen Weg. Aber auch die Fischerei und sp\u00e4ter die Stoffverarbeitung brachten einen wirtschaftlichen Aufschwung. Heute ist es der Tourismus, der den mit nicht mal 600 Personen bewohnten\u00a0 Ort belebt.<\/p>\n<div id=\"attachment_27577\" style=\"width: 810px\" class=\"wp-caption aligncenter\"><a href=\"https:\/\/olu-limburg.de\/wp-content\/uploads\/2022\/10\/IMG_20220925_122512_ergebnis.jpg\"><img loading=\"lazy\" decoding=\"async\" aria-describedby=\"caption-attachment-27577\" class=\"wp-image-27577 size-full\" src=\"https:\/\/olu-limburg.de\/wp-content\/uploads\/2022\/10\/IMG_20220925_122512_ergebnis.jpg\" alt=\"\" width=\"800\" height=\"600\" srcset=\"https:\/\/olu-limburg.de\/wp-content\/uploads\/2022\/10\/IMG_20220925_122512_ergebnis.jpg 800w, https:\/\/olu-limburg.de\/wp-content\/uploads\/2022\/10\/IMG_20220925_122512_ergebnis-300x225.jpg 300w, https:\/\/olu-limburg.de\/wp-content\/uploads\/2022\/10\/IMG_20220925_122512_ergebnis-768x576.jpg 768w, https:\/\/olu-limburg.de\/wp-content\/uploads\/2022\/10\/IMG_20220925_122512_ergebnis-624x468.jpg 624w\" sizes=\"auto, (max-width: 800px) 100vw, 800px\" \/><\/a><p id=\"caption-attachment-27577\" class=\"wp-caption-text\">Quelle der Veules<\/p><\/div>\n<div id=\"attachment_27578\" style=\"width: 460px\" class=\"wp-caption aligncenter\"><a href=\"https:\/\/olu-limburg.de\/wp-content\/uploads\/2022\/10\/IMG_20220925_122540_ergebnis-e1666081142779.jpg\"><img loading=\"lazy\" decoding=\"async\" aria-describedby=\"caption-attachment-27578\" class=\"wp-image-27578 size-full\" src=\"https:\/\/olu-limburg.de\/wp-content\/uploads\/2022\/10\/IMG_20220925_122540_ergebnis-e1666081142779.jpg\" alt=\"\" width=\"450\" height=\"600\" srcset=\"https:\/\/olu-limburg.de\/wp-content\/uploads\/2022\/10\/IMG_20220925_122540_ergebnis-e1666081142779.jpg 450w, https:\/\/olu-limburg.de\/wp-content\/uploads\/2022\/10\/IMG_20220925_122540_ergebnis-e1666081142779-225x300.jpg 225w\" sizes=\"auto, (max-width: 450px) 100vw, 450px\" \/><\/a><p id=\"caption-attachment-27578\" class=\"wp-caption-text\">Die ersten Meter der Veules dienen auch der Bew\u00e4sserung der Kressebecken.<\/p><\/div>\n<div id=\"attachment_27579\" style=\"width: 810px\" class=\"wp-caption aligncenter\"><a href=\"https:\/\/olu-limburg.de\/wp-content\/uploads\/2022\/10\/IMG_20220925_153318_ergebnis.jpg\"><img loading=\"lazy\" decoding=\"async\" aria-describedby=\"caption-attachment-27579\" class=\"wp-image-27579 size-full\" src=\"https:\/\/olu-limburg.de\/wp-content\/uploads\/2022\/10\/IMG_20220925_153318_ergebnis.jpg\" alt=\"\" width=\"800\" height=\"600\" srcset=\"https:\/\/olu-limburg.de\/wp-content\/uploads\/2022\/10\/IMG_20220925_153318_ergebnis.jpg 800w, https:\/\/olu-limburg.de\/wp-content\/uploads\/2022\/10\/IMG_20220925_153318_ergebnis-300x225.jpg 300w, https:\/\/olu-limburg.de\/wp-content\/uploads\/2022\/10\/IMG_20220925_153318_ergebnis-768x576.jpg 768w, https:\/\/olu-limburg.de\/wp-content\/uploads\/2022\/10\/IMG_20220925_153318_ergebnis-624x468.jpg 624w\" sizes=\"auto, (max-width: 800px) 100vw, 800px\" \/><\/a><p id=\"caption-attachment-27579\" class=\"wp-caption-text\">Die besonders wohlschmeckende Kresse aus Veules-les-Roses, die dort schon seit dem 14. Jhdt. angebaut wird, kann alle 4 &#8211; 6 Wochen geerntet werden.<\/p><\/div>\n<p><a href=\"https:\/\/olu-limburg.de\/wp-content\/uploads\/2022\/10\/20220925_122855_ergebnis-e1666081598338.jpg\"><img loading=\"lazy\" decoding=\"async\" class=\"size-full wp-image-27580 aligncenter\" src=\"https:\/\/olu-limburg.de\/wp-content\/uploads\/2022\/10\/20220925_122855_ergebnis-e1666081598338.jpg\" alt=\"\" width=\"450\" height=\"600\" srcset=\"https:\/\/olu-limburg.de\/wp-content\/uploads\/2022\/10\/20220925_122855_ergebnis-e1666081598338.jpg 450w, https:\/\/olu-limburg.de\/wp-content\/uploads\/2022\/10\/20220925_122855_ergebnis-e1666081598338-225x300.jpg 225w\" sizes=\"auto, (max-width: 450px) 100vw, 450px\" \/><\/a><\/p>\n<p><a href=\"https:\/\/olu-limburg.de\/wp-content\/uploads\/2022\/10\/IMG_20220925_123000_ergebnis.jpg\"><img loading=\"lazy\" decoding=\"async\" class=\"size-full wp-image-27581 aligncenter\" src=\"https:\/\/olu-limburg.de\/wp-content\/uploads\/2022\/10\/IMG_20220925_123000_ergebnis.jpg\" alt=\"\" width=\"800\" height=\"600\" srcset=\"https:\/\/olu-limburg.de\/wp-content\/uploads\/2022\/10\/IMG_20220925_123000_ergebnis.jpg 800w, https:\/\/olu-limburg.de\/wp-content\/uploads\/2022\/10\/IMG_20220925_123000_ergebnis-300x225.jpg 300w, https:\/\/olu-limburg.de\/wp-content\/uploads\/2022\/10\/IMG_20220925_123000_ergebnis-768x576.jpg 768w, https:\/\/olu-limburg.de\/wp-content\/uploads\/2022\/10\/IMG_20220925_123000_ergebnis-624x468.jpg 624w\" sizes=\"auto, (max-width: 800px) 100vw, 800px\" \/><\/a><\/p>\n<p><a href=\"https:\/\/olu-limburg.de\/wp-content\/uploads\/2022\/10\/P1100510_ergebnis.jpg\"><img loading=\"lazy\" decoding=\"async\" class=\"size-full wp-image-27582 aligncenter\" src=\"https:\/\/olu-limburg.de\/wp-content\/uploads\/2022\/10\/P1100510_ergebnis.jpg\" alt=\"\" width=\"800\" height=\"600\" srcset=\"https:\/\/olu-limburg.de\/wp-content\/uploads\/2022\/10\/P1100510_ergebnis.jpg 800w, https:\/\/olu-limburg.de\/wp-content\/uploads\/2022\/10\/P1100510_ergebnis-300x225.jpg 300w, https:\/\/olu-limburg.de\/wp-content\/uploads\/2022\/10\/P1100510_ergebnis-768x576.jpg 768w, https:\/\/olu-limburg.de\/wp-content\/uploads\/2022\/10\/P1100510_ergebnis-624x468.jpg 624w\" sizes=\"auto, (max-width: 800px) 100vw, 800px\" \/><\/a><\/p>\n<p><a href=\"https:\/\/olu-limburg.de\/wp-content\/uploads\/2022\/10\/IMG_20220925_123833_ergebnis.jpg\"><img loading=\"lazy\" decoding=\"async\" class=\"size-full wp-image-27583 aligncenter\" src=\"https:\/\/olu-limburg.de\/wp-content\/uploads\/2022\/10\/IMG_20220925_123833_ergebnis.jpg\" alt=\"\" width=\"800\" height=\"600\" srcset=\"https:\/\/olu-limburg.de\/wp-content\/uploads\/2022\/10\/IMG_20220925_123833_ergebnis.jpg 800w, https:\/\/olu-limburg.de\/wp-content\/uploads\/2022\/10\/IMG_20220925_123833_ergebnis-300x225.jpg 300w, https:\/\/olu-limburg.de\/wp-content\/uploads\/2022\/10\/IMG_20220925_123833_ergebnis-768x576.jpg 768w, https:\/\/olu-limburg.de\/wp-content\/uploads\/2022\/10\/IMG_20220925_123833_ergebnis-624x468.jpg 624w\" sizes=\"auto, (max-width: 800px) 100vw, 800px\" \/><\/a><\/p>\n<p><a href=\"https:\/\/olu-limburg.de\/wp-content\/uploads\/2022\/10\/IMG_20220925_124051_ergebnis.jpg\"><img loading=\"lazy\" decoding=\"async\" class=\"size-full wp-image-27584 aligncenter\" src=\"https:\/\/olu-limburg.de\/wp-content\/uploads\/2022\/10\/IMG_20220925_124051_ergebnis.jpg\" alt=\"\" width=\"800\" height=\"600\" srcset=\"https:\/\/olu-limburg.de\/wp-content\/uploads\/2022\/10\/IMG_20220925_124051_ergebnis.jpg 800w, https:\/\/olu-limburg.de\/wp-content\/uploads\/2022\/10\/IMG_20220925_124051_ergebnis-300x225.jpg 300w, https:\/\/olu-limburg.de\/wp-content\/uploads\/2022\/10\/IMG_20220925_124051_ergebnis-768x576.jpg 768w, https:\/\/olu-limburg.de\/wp-content\/uploads\/2022\/10\/IMG_20220925_124051_ergebnis-624x468.jpg 624w\" sizes=\"auto, (max-width: 800px) 100vw, 800px\" \/><\/a><\/p>\n<p><a href=\"https:\/\/olu-limburg.de\/wp-content\/uploads\/2022\/10\/20220925_122928_ergebnis-e1666081751283.jpg\"><img loading=\"lazy\" decoding=\"async\" class=\"size-full wp-image-27585 alignleft\" src=\"https:\/\/olu-limburg.de\/wp-content\/uploads\/2022\/10\/20220925_122928_ergebnis-e1666081751283.jpg\" alt=\"\" width=\"450\" height=\"600\" srcset=\"https:\/\/olu-limburg.de\/wp-content\/uploads\/2022\/10\/20220925_122928_ergebnis-e1666081751283.jpg 450w, https:\/\/olu-limburg.de\/wp-content\/uploads\/2022\/10\/20220925_122928_ergebnis-e1666081751283-225x300.jpg 225w\" sizes=\"auto, (max-width: 450px) 100vw, 450px\" \/><\/a><\/p>\n<div id=\"attachment_27587\" style=\"width: 460px\" class=\"wp-caption alignright\"><a href=\"https:\/\/olu-limburg.de\/wp-content\/uploads\/2022\/10\/IMG_20220925_143742_ergebnis-e1666081921948.jpg\"><img loading=\"lazy\" decoding=\"async\" aria-describedby=\"caption-attachment-27587\" class=\"wp-image-27587 size-full\" src=\"https:\/\/olu-limburg.de\/wp-content\/uploads\/2022\/10\/IMG_20220925_143742_ergebnis-e1666081921948.jpg\" alt=\"\" width=\"450\" height=\"600\" srcset=\"https:\/\/olu-limburg.de\/wp-content\/uploads\/2022\/10\/IMG_20220925_143742_ergebnis-e1666081921948.jpg 450w, https:\/\/olu-limburg.de\/wp-content\/uploads\/2022\/10\/IMG_20220925_143742_ergebnis-e1666081921948-225x300.jpg 225w\" sizes=\"auto, (max-width: 450px) 100vw, 450px\" \/><\/a><p id=\"caption-attachment-27587\" class=\"wp-caption-text\">typische Bauweise f\u00fcr Veules-les Roses: von Backsteinen eingerahmte behauene Flintsteine (Silex)<\/p><\/div>\n<p><a href=\"https:\/\/olu-limburg.de\/wp-content\/uploads\/2022\/10\/IMG_20220925_125038_ergebnis.jpg\"><img loading=\"lazy\" decoding=\"async\" class=\"size-full wp-image-27588 aligncenter\" src=\"https:\/\/olu-limburg.de\/wp-content\/uploads\/2022\/10\/IMG_20220925_125038_ergebnis.jpg\" alt=\"\" width=\"800\" height=\"600\" srcset=\"https:\/\/olu-limburg.de\/wp-content\/uploads\/2022\/10\/IMG_20220925_125038_ergebnis.jpg 800w, https:\/\/olu-limburg.de\/wp-content\/uploads\/2022\/10\/IMG_20220925_125038_ergebnis-300x225.jpg 300w, https:\/\/olu-limburg.de\/wp-content\/uploads\/2022\/10\/IMG_20220925_125038_ergebnis-768x576.jpg 768w, https:\/\/olu-limburg.de\/wp-content\/uploads\/2022\/10\/IMG_20220925_125038_ergebnis-624x468.jpg 624w\" sizes=\"auto, (max-width: 800px) 100vw, 800px\" \/><\/a><\/p>\n<p><a href=\"https:\/\/olu-limburg.de\/wp-content\/uploads\/2022\/10\/IMG_20220925_150202_ergebnis-e1666082798876.jpg\"><img loading=\"lazy\" decoding=\"async\" class=\"size-full wp-image-27592 alignleft\" src=\"https:\/\/olu-limburg.de\/wp-content\/uploads\/2022\/10\/IMG_20220925_150202_ergebnis-e1666082798876.jpg\" alt=\"\" width=\"450\" height=\"600\" srcset=\"https:\/\/olu-limburg.de\/wp-content\/uploads\/2022\/10\/IMG_20220925_150202_ergebnis-e1666082798876.jpg 450w, https:\/\/olu-limburg.de\/wp-content\/uploads\/2022\/10\/IMG_20220925_150202_ergebnis-e1666082798876-225x300.jpg 225w\" sizes=\"auto, (max-width: 450px) 100vw, 450px\" \/><\/a><\/p>\n<p><a href=\"https:\/\/olu-limburg.de\/wp-content\/uploads\/2022\/10\/20220925_150257_ergebnis-e1666082591525.jpg\"><img loading=\"lazy\" decoding=\"async\" class=\"size-full wp-image-27589 alignright\" src=\"https:\/\/olu-limburg.de\/wp-content\/uploads\/2022\/10\/20220925_150257_ergebnis-e1666082591525.jpg\" alt=\"\" width=\"450\" height=\"600\" srcset=\"https:\/\/olu-limburg.de\/wp-content\/uploads\/2022\/10\/20220925_150257_ergebnis-e1666082591525.jpg 450w, https:\/\/olu-limburg.de\/wp-content\/uploads\/2022\/10\/20220925_150257_ergebnis-e1666082591525-225x300.jpg 225w\" sizes=\"auto, (max-width: 450px) 100vw, 450px\" \/><\/a><\/p>\n<p><a href=\"https:\/\/olu-limburg.de\/wp-content\/uploads\/2022\/10\/IMG_20220925_143705_ergebnis.jpg\"><img loading=\"lazy\" decoding=\"async\" class=\"size-full wp-image-27590 aligncenter\" src=\"https:\/\/olu-limburg.de\/wp-content\/uploads\/2022\/10\/IMG_20220925_143705_ergebnis.jpg\" alt=\"\" width=\"800\" height=\"600\" srcset=\"https:\/\/olu-limburg.de\/wp-content\/uploads\/2022\/10\/IMG_20220925_143705_ergebnis.jpg 800w, https:\/\/olu-limburg.de\/wp-content\/uploads\/2022\/10\/IMG_20220925_143705_ergebnis-300x225.jpg 300w, https:\/\/olu-limburg.de\/wp-content\/uploads\/2022\/10\/IMG_20220925_143705_ergebnis-768x576.jpg 768w, https:\/\/olu-limburg.de\/wp-content\/uploads\/2022\/10\/IMG_20220925_143705_ergebnis-624x468.jpg 624w\" sizes=\"auto, (max-width: 800px) 100vw, 800px\" \/><\/a><\/p>\n<p><a href=\"https:\/\/olu-limburg.de\/wp-content\/uploads\/2022\/10\/IMG_20220925_144513_ergebnis.jpg\"><img loading=\"lazy\" decoding=\"async\" class=\"size-full wp-image-27591 aligncenter\" src=\"https:\/\/olu-limburg.de\/wp-content\/uploads\/2022\/10\/IMG_20220925_144513_ergebnis.jpg\" alt=\"\" width=\"800\" height=\"600\" srcset=\"https:\/\/olu-limburg.de\/wp-content\/uploads\/2022\/10\/IMG_20220925_144513_ergebnis.jpg 800w, https:\/\/olu-limburg.de\/wp-content\/uploads\/2022\/10\/IMG_20220925_144513_ergebnis-300x225.jpg 300w, https:\/\/olu-limburg.de\/wp-content\/uploads\/2022\/10\/IMG_20220925_144513_ergebnis-768x576.jpg 768w, https:\/\/olu-limburg.de\/wp-content\/uploads\/2022\/10\/IMG_20220925_144513_ergebnis-624x468.jpg 624w\" sizes=\"auto, (max-width: 800px) 100vw, 800px\" \/><\/a><\/p>\n<p><a href=\"https:\/\/olu-limburg.de\/wp-content\/uploads\/2022\/10\/IMG_20220925_151148_ergebnis.jpg\"><img loading=\"lazy\" decoding=\"async\" class=\"size-full wp-image-27595 aligncenter\" src=\"https:\/\/olu-limburg.de\/wp-content\/uploads\/2022\/10\/IMG_20220925_151148_ergebnis.jpg\" alt=\"\" width=\"800\" height=\"600\" srcset=\"https:\/\/olu-limburg.de\/wp-content\/uploads\/2022\/10\/IMG_20220925_151148_ergebnis.jpg 800w, https:\/\/olu-limburg.de\/wp-content\/uploads\/2022\/10\/IMG_20220925_151148_ergebnis-300x225.jpg 300w, https:\/\/olu-limburg.de\/wp-content\/uploads\/2022\/10\/IMG_20220925_151148_ergebnis-768x576.jpg 768w, https:\/\/olu-limburg.de\/wp-content\/uploads\/2022\/10\/IMG_20220925_151148_ergebnis-624x468.jpg 624w\" sizes=\"auto, (max-width: 800px) 100vw, 800px\" \/><\/a><\/p>\n<p><a href=\"https:\/\/olu-limburg.de\/wp-content\/uploads\/2022\/10\/20220925_152130_ergebnis-e1666082951685.jpg\"><img loading=\"lazy\" decoding=\"async\" class=\"size-full wp-image-27594 aligncenter\" src=\"https:\/\/olu-limburg.de\/wp-content\/uploads\/2022\/10\/20220925_152130_ergebnis-e1666082951685.jpg\" alt=\"\" width=\"450\" height=\"600\" srcset=\"https:\/\/olu-limburg.de\/wp-content\/uploads\/2022\/10\/20220925_152130_ergebnis-e1666082951685.jpg 450w, https:\/\/olu-limburg.de\/wp-content\/uploads\/2022\/10\/20220925_152130_ergebnis-e1666082951685-225x300.jpg 225w\" sizes=\"auto, (max-width: 450px) 100vw, 450px\" \/><\/a><\/p>\n<p><a href=\"https:\/\/olu-limburg.de\/wp-content\/uploads\/2022\/10\/20220925_152101_ergebnis.jpg\"><img loading=\"lazy\" decoding=\"async\" class=\"size-full wp-image-27593 aligncenter\" src=\"https:\/\/olu-limburg.de\/wp-content\/uploads\/2022\/10\/20220925_152101_ergebnis.jpg\" alt=\"\" width=\"800\" height=\"600\" srcset=\"https:\/\/olu-limburg.de\/wp-content\/uploads\/2022\/10\/20220925_152101_ergebnis.jpg 800w, https:\/\/olu-limburg.de\/wp-content\/uploads\/2022\/10\/20220925_152101_ergebnis-300x225.jpg 300w, https:\/\/olu-limburg.de\/wp-content\/uploads\/2022\/10\/20220925_152101_ergebnis-768x576.jpg 768w, https:\/\/olu-limburg.de\/wp-content\/uploads\/2022\/10\/20220925_152101_ergebnis-624x468.jpg 624w\" sizes=\"auto, (max-width: 800px) 100vw, 800px\" \/><\/a><\/p>\n<p><a href=\"https:\/\/olu-limburg.de\/wp-content\/uploads\/2022\/10\/IMG_20220925_151713_ergebnis-e1666082985272.jpg\"><img loading=\"lazy\" decoding=\"async\" class=\"size-full wp-image-27596 aligncenter\" src=\"https:\/\/olu-limburg.de\/wp-content\/uploads\/2022\/10\/IMG_20220925_151713_ergebnis-e1666082985272.jpg\" alt=\"\" width=\"450\" height=\"600\" srcset=\"https:\/\/olu-limburg.de\/wp-content\/uploads\/2022\/10\/IMG_20220925_151713_ergebnis-e1666082985272.jpg 450w, https:\/\/olu-limburg.de\/wp-content\/uploads\/2022\/10\/IMG_20220925_151713_ergebnis-e1666082985272-225x300.jpg 225w\" sizes=\"auto, (max-width: 450px) 100vw, 450px\" \/><\/a><\/p>\n<p><a href=\"https:\/\/olu-limburg.de\/wp-content\/uploads\/2022\/10\/IMG_20220925_151930_ergebnis.jpg\"><img loading=\"lazy\" decoding=\"async\" class=\"size-full wp-image-27597 aligncenter\" src=\"https:\/\/olu-limburg.de\/wp-content\/uploads\/2022\/10\/IMG_20220925_151930_ergebnis.jpg\" alt=\"\" width=\"800\" height=\"600\" srcset=\"https:\/\/olu-limburg.de\/wp-content\/uploads\/2022\/10\/IMG_20220925_151930_ergebnis.jpg 800w, https:\/\/olu-limburg.de\/wp-content\/uploads\/2022\/10\/IMG_20220925_151930_ergebnis-300x225.jpg 300w, https:\/\/olu-limburg.de\/wp-content\/uploads\/2022\/10\/IMG_20220925_151930_ergebnis-768x576.jpg 768w, https:\/\/olu-limburg.de\/wp-content\/uploads\/2022\/10\/IMG_20220925_151930_ergebnis-624x468.jpg 624w\" sizes=\"auto, (max-width: 800px) 100vw, 800px\" \/><\/a><\/p>\n<p><a href=\"https:\/\/olu-limburg.de\/wp-content\/uploads\/2022\/10\/IMG_20220925_152308_ergebnis-e1666083011878.jpg\"><img loading=\"lazy\" decoding=\"async\" class=\"size-full wp-image-27598 aligncenter\" src=\"https:\/\/olu-limburg.de\/wp-content\/uploads\/2022\/10\/IMG_20220925_152308_ergebnis-e1666083011878.jpg\" alt=\"\" width=\"450\" height=\"600\" srcset=\"https:\/\/olu-limburg.de\/wp-content\/uploads\/2022\/10\/IMG_20220925_152308_ergebnis-e1666083011878.jpg 450w, https:\/\/olu-limburg.de\/wp-content\/uploads\/2022\/10\/IMG_20220925_152308_ergebnis-e1666083011878-225x300.jpg 225w\" sizes=\"auto, (max-width: 450px) 100vw, 450px\" \/><\/a><\/p>\n<p>Mit dem Rundgang und dem Mittagessen im Ort waren wir doch einige Zeit unterwegs. Es ist auch mit der Zeit k\u00fchler geworden, soda\u00df wir den R\u00fcckweg vom Strand zum Wohnmobil etwas schneller absolviert haben.<\/p>\n<p>Da es durch den wundersch\u00f6nen Aufenthalt in Veules-les-Roses sp\u00e4ter geworden ist, haben wir uns als heutiges Ziel jetzt Jumi\u00e8ges vorgenommen. Mit seiner Lage in einer Seineschleife, der sehenswerten Ruine der dortigen Abbaye und dem kostenlosen Wohnmobil-Stellplatz mit V+E passt das gut.<\/p>\n<p>Auf k\u00fcrzestem Weg und doch umst\u00e4ndlich erreichen wir Jumi\u00e8ges. Das Wetter ist sehr wechselhaft. Die Abbaye wird auch am Nachmittag noch von zahlreichen Reisebussen der Flusskreuzfahrten angesteuert. Bei dem Regen fallen die Besuche aber teilweise sehr kurz aus.<\/p>\n<p>Als wir es dann bei aufkommendem Sonnenschein endlich wagen, hat die Abbaye bereits geschlossen, und wir k\u00f6nnen die Ruinen nur noch teilweise von au\u00dfen bestaunen.<\/p>\n<p><a href=\"https:\/\/olu-limburg.de\/wp-content\/uploads\/2022\/10\/P1100511_ergebnis-e1666085116577.jpg\"><img loading=\"lazy\" decoding=\"async\" class=\"size-full wp-image-27604 aligncenter\" src=\"https:\/\/olu-limburg.de\/wp-content\/uploads\/2022\/10\/P1100511_ergebnis-e1666085116577.jpg\" alt=\"\" width=\"450\" height=\"600\" srcset=\"https:\/\/olu-limburg.de\/wp-content\/uploads\/2022\/10\/P1100511_ergebnis-e1666085116577.jpg 450w, https:\/\/olu-limburg.de\/wp-content\/uploads\/2022\/10\/P1100511_ergebnis-e1666085116577-225x300.jpg 225w\" sizes=\"auto, (max-width: 450px) 100vw, 450px\" \/><\/a><\/p>\n<p><a href=\"https:\/\/olu-limburg.de\/wp-content\/uploads\/2022\/10\/IMG_20220925_173417_ergebnis.jpg\"><img loading=\"lazy\" decoding=\"async\" class=\"size-full wp-image-27602 aligncenter\" src=\"https:\/\/olu-limburg.de\/wp-content\/uploads\/2022\/10\/IMG_20220925_173417_ergebnis.jpg\" alt=\"\" width=\"800\" height=\"600\" srcset=\"https:\/\/olu-limburg.de\/wp-content\/uploads\/2022\/10\/IMG_20220925_173417_ergebnis.jpg 800w, https:\/\/olu-limburg.de\/wp-content\/uploads\/2022\/10\/IMG_20220925_173417_ergebnis-300x225.jpg 300w, https:\/\/olu-limburg.de\/wp-content\/uploads\/2022\/10\/IMG_20220925_173417_ergebnis-768x576.jpg 768w, https:\/\/olu-limburg.de\/wp-content\/uploads\/2022\/10\/IMG_20220925_173417_ergebnis-624x468.jpg 624w\" sizes=\"auto, (max-width: 800px) 100vw, 800px\" \/><\/a><\/p>\n<p><a href=\"https:\/\/olu-limburg.de\/wp-content\/uploads\/2022\/10\/IMG_20220925_173802_ergebnis-e1666085154245.jpg\"><img loading=\"lazy\" decoding=\"async\" class=\"size-full wp-image-27603 aligncenter\" src=\"https:\/\/olu-limburg.de\/wp-content\/uploads\/2022\/10\/IMG_20220925_173802_ergebnis-e1666085154245.jpg\" alt=\"\" width=\"450\" height=\"600\" srcset=\"https:\/\/olu-limburg.de\/wp-content\/uploads\/2022\/10\/IMG_20220925_173802_ergebnis-e1666085154245.jpg 450w, https:\/\/olu-limburg.de\/wp-content\/uploads\/2022\/10\/IMG_20220925_173802_ergebnis-e1666085154245-225x300.jpg 225w\" sizes=\"auto, (max-width: 450px) 100vw, 450px\" \/><\/a><\/p>\n<p>Vielleicht schaffen wir es morgen mit der Besichtigung.<\/p>\n<p>Tagesstrecke: 74 km<\/p>\n<p>&nbsp;<\/p>\n<p><strong>Montag, 26.09.2022<\/strong><\/p>\n<p>Am fr\u00fchen Morgen sch\u00fcttet es noch. Im Laufe der Zeit \u00e4ndert sich die Wetterlage aber immer mehr zum Guten. Mit Regenjacken ausger\u00fcstet ziehen wir los.<\/p>\n<p>Die Abbaye Jumi\u00e8ges wurde im Jahr 654 von dem Benediktinerm\u00f6nch Philibert gegr\u00fcndet. Trotz der Verw\u00fcstungen bei der Wikinger-Invasion 841 und der Besetzung der Engl\u00e4nder 1415 w\u00e4hrend des Hundertj\u00e4hrigen Krieges erarbeiteten sich die M\u00f6nche wirtschaftlichen Wohlstand. Der Klosterbereich wurde durch die vielen Erweiterungen zu einer Dauerbaustelle. Erst die franz\u00f6sische Revolution beendete die aktive Zeit des Klosters. Das Kirchengut wurde verkauft und die zerfallende Abtei als Steinbruch genutzt. Im 19. Jhdt. fand sich mit den Romantikern eine Gegenbewegung, die sich f\u00fcr die Erhaltung des gr\u00f6\u00dften Geschichtsdenkmals einsetzte.<\/p>\n<p>Wir beginnen unseren Rundgang und betreten das Mittelschiff der Abteikirche Notre Dame, die am 01. Juli 1067 in Anwesenheit von Wilhelm der Eroberer eingeweiht wurde, durch den Eingang der schmucklosen Fassade. Das Mittelschiff ist mit einer H\u00f6he von 25 m, das h\u00f6chste romanische Kirchenschiff der Normandie. Sph\u00e4rische Melodien und das Rauschen des Windes begleiten uns.<\/p>\n<p><a href=\"https:\/\/olu-limburg.de\/wp-content\/uploads\/2022\/10\/IMG_20220926_111647_ergebnis-e1666097747161.jpg\"><img loading=\"lazy\" decoding=\"async\" class=\"size-full wp-image-27607 alignleft\" src=\"https:\/\/olu-limburg.de\/wp-content\/uploads\/2022\/10\/IMG_20220926_111647_ergebnis-e1666097747161.jpg\" alt=\"\" width=\"450\" height=\"600\" srcset=\"https:\/\/olu-limburg.de\/wp-content\/uploads\/2022\/10\/IMG_20220926_111647_ergebnis-e1666097747161.jpg 450w, https:\/\/olu-limburg.de\/wp-content\/uploads\/2022\/10\/IMG_20220926_111647_ergebnis-e1666097747161-225x300.jpg 225w\" sizes=\"auto, (max-width: 450px) 100vw, 450px\" \/><\/a><\/p>\n<p><a href=\"https:\/\/olu-limburg.de\/wp-content\/uploads\/2022\/10\/IMG_20220926_111837_ergebnis-e1666097772151.jpg\"><img loading=\"lazy\" decoding=\"async\" class=\"size-full wp-image-27608 alignright\" src=\"https:\/\/olu-limburg.de\/wp-content\/uploads\/2022\/10\/IMG_20220926_111837_ergebnis-e1666097772151.jpg\" alt=\"\" width=\"450\" height=\"600\" srcset=\"https:\/\/olu-limburg.de\/wp-content\/uploads\/2022\/10\/IMG_20220926_111837_ergebnis-e1666097772151.jpg 450w, https:\/\/olu-limburg.de\/wp-content\/uploads\/2022\/10\/IMG_20220926_111837_ergebnis-e1666097772151-225x300.jpg 225w\" sizes=\"auto, (max-width: 450px) 100vw, 450px\" \/><\/a><\/p>\n<p><a href=\"https:\/\/olu-limburg.de\/wp-content\/uploads\/2022\/10\/P1100528_ergebnis.jpg\"><img loading=\"lazy\" decoding=\"async\" class=\"size-full wp-image-27617 aligncenter\" src=\"https:\/\/olu-limburg.de\/wp-content\/uploads\/2022\/10\/P1100528_ergebnis.jpg\" alt=\"\" width=\"800\" height=\"600\" srcset=\"https:\/\/olu-limburg.de\/wp-content\/uploads\/2022\/10\/P1100528_ergebnis.jpg 800w, https:\/\/olu-limburg.de\/wp-content\/uploads\/2022\/10\/P1100528_ergebnis-300x225.jpg 300w, https:\/\/olu-limburg.de\/wp-content\/uploads\/2022\/10\/P1100528_ergebnis-768x576.jpg 768w, https:\/\/olu-limburg.de\/wp-content\/uploads\/2022\/10\/P1100528_ergebnis-624x468.jpg 624w\" sizes=\"auto, (max-width: 800px) 100vw, 800px\" \/><\/a><\/p>\n<p><a href=\"https:\/\/olu-limburg.de\/wp-content\/uploads\/2022\/10\/P1100530_ergebnis-e1666100090958.jpg\"><img loading=\"lazy\" decoding=\"async\" class=\"size-full wp-image-27618 aligncenter\" src=\"https:\/\/olu-limburg.de\/wp-content\/uploads\/2022\/10\/P1100530_ergebnis-e1666100090958.jpg\" alt=\"\" width=\"450\" height=\"600\" srcset=\"https:\/\/olu-limburg.de\/wp-content\/uploads\/2022\/10\/P1100530_ergebnis-e1666100090958.jpg 450w, https:\/\/olu-limburg.de\/wp-content\/uploads\/2022\/10\/P1100530_ergebnis-e1666100090958-225x300.jpg 225w\" sizes=\"auto, (max-width: 450px) 100vw, 450px\" \/><\/a><\/p>\n<div id=\"attachment_27609\" style=\"width: 810px\" class=\"wp-caption aligncenter\"><a href=\"https:\/\/olu-limburg.de\/wp-content\/uploads\/2022\/10\/IMG_20220926_112236_ergebnis.jpg\"><img loading=\"lazy\" decoding=\"async\" aria-describedby=\"caption-attachment-27609\" class=\"wp-image-27609 size-full\" src=\"https:\/\/olu-limburg.de\/wp-content\/uploads\/2022\/10\/IMG_20220926_112236_ergebnis.jpg\" alt=\"\" width=\"800\" height=\"600\" srcset=\"https:\/\/olu-limburg.de\/wp-content\/uploads\/2022\/10\/IMG_20220926_112236_ergebnis.jpg 800w, https:\/\/olu-limburg.de\/wp-content\/uploads\/2022\/10\/IMG_20220926_112236_ergebnis-300x225.jpg 300w, https:\/\/olu-limburg.de\/wp-content\/uploads\/2022\/10\/IMG_20220926_112236_ergebnis-768x576.jpg 768w, https:\/\/olu-limburg.de\/wp-content\/uploads\/2022\/10\/IMG_20220926_112236_ergebnis-624x468.jpg 624w\" sizes=\"auto, (max-width: 800px) 100vw, 800px\" \/><\/a><p id=\"caption-attachment-27609\" class=\"wp-caption-text\">Von den 7 Kapellen mit ihren gotischen B\u00fcndelpfeilern ist nur noch eine erhalten. Sie geh\u00f6rten zu einem Anbau aus dem 13. Jhdt..<\/p><\/div>\n<div id=\"attachment_27610\" style=\"width: 460px\" class=\"wp-caption aligncenter\"><a href=\"https:\/\/olu-limburg.de\/wp-content\/uploads\/2022\/10\/P1100529_ergebnis-e1666098170908.jpg\"><img loading=\"lazy\" decoding=\"async\" aria-describedby=\"caption-attachment-27610\" class=\"wp-image-27610 size-full\" src=\"https:\/\/olu-limburg.de\/wp-content\/uploads\/2022\/10\/P1100529_ergebnis-e1666098170908.jpg\" alt=\"\" width=\"450\" height=\"600\" srcset=\"https:\/\/olu-limburg.de\/wp-content\/uploads\/2022\/10\/P1100529_ergebnis-e1666098170908.jpg 450w, https:\/\/olu-limburg.de\/wp-content\/uploads\/2022\/10\/P1100529_ergebnis-e1666098170908-225x300.jpg 225w\" sizes=\"auto, (max-width: 450px) 100vw, 450px\" \/><\/a><p id=\"caption-attachment-27610\" class=\"wp-caption-text\">ein romanisches Kapitell mit einem Vogel<\/p><\/div>\n<p><a href=\"https:\/\/olu-limburg.de\/wp-content\/uploads\/2022\/10\/P1100526_ergebnis-e1666099045845.jpg\"><img loading=\"lazy\" decoding=\"async\" class=\"size-full wp-image-27613 aligncenter\" src=\"https:\/\/olu-limburg.de\/wp-content\/uploads\/2022\/10\/P1100526_ergebnis-e1666099045845.jpg\" alt=\"\" width=\"450\" height=\"600\" srcset=\"https:\/\/olu-limburg.de\/wp-content\/uploads\/2022\/10\/P1100526_ergebnis-e1666099045845.jpg 450w, https:\/\/olu-limburg.de\/wp-content\/uploads\/2022\/10\/P1100526_ergebnis-e1666099045845-225x300.jpg 225w\" sizes=\"auto, (max-width: 450px) 100vw, 450px\" \/><\/a><\/p>\n<p>Im Anschlu\u00df an das romanische Kirchenschiff f\u00fchrt rechts ein \u00fcberdachter Weg\u00a0 zur Petruskirche. Diesen \u00dcbergang aus dem 14. Jhdt. bezeichnet man auch als den Karl VII.-Durchgang.<\/p>\n<p><a href=\"https:\/\/olu-limburg.de\/wp-content\/uploads\/2022\/10\/IMG_20220926_112000_ergebnis.jpg\"><img loading=\"lazy\" decoding=\"async\" class=\"size-full wp-image-27611 aligncenter\" src=\"https:\/\/olu-limburg.de\/wp-content\/uploads\/2022\/10\/IMG_20220926_112000_ergebnis.jpg\" alt=\"\" width=\"800\" height=\"600\" srcset=\"https:\/\/olu-limburg.de\/wp-content\/uploads\/2022\/10\/IMG_20220926_112000_ergebnis.jpg 800w, https:\/\/olu-limburg.de\/wp-content\/uploads\/2022\/10\/IMG_20220926_112000_ergebnis-300x225.jpg 300w, https:\/\/olu-limburg.de\/wp-content\/uploads\/2022\/10\/IMG_20220926_112000_ergebnis-768x576.jpg 768w, https:\/\/olu-limburg.de\/wp-content\/uploads\/2022\/10\/IMG_20220926_112000_ergebnis-624x468.jpg 624w\" sizes=\"auto, (max-width: 800px) 100vw, 800px\" \/><\/a><\/p>\n<p><a href=\"https:\/\/olu-limburg.de\/wp-content\/uploads\/2022\/10\/IMG_20220926_112848_ergebnis-e1666098842791.jpg\"><img loading=\"lazy\" decoding=\"async\" class=\"size-full wp-image-27612 aligncenter\" src=\"https:\/\/olu-limburg.de\/wp-content\/uploads\/2022\/10\/IMG_20220926_112848_ergebnis-e1666098842791.jpg\" alt=\"\" width=\"450\" height=\"600\" srcset=\"https:\/\/olu-limburg.de\/wp-content\/uploads\/2022\/10\/IMG_20220926_112848_ergebnis-e1666098842791.jpg 450w, https:\/\/olu-limburg.de\/wp-content\/uploads\/2022\/10\/IMG_20220926_112848_ergebnis-e1666098842791-225x300.jpg 225w\" sizes=\"auto, (max-width: 450px) 100vw, 450px\" \/><\/a><\/p>\n<p>Die Petruskirche mit den Anf\u00e4ngen aus dem 9. Jhdt. geh\u00f6rt zu den \u00e4ltesten \u00dcberresten der Abtei. Sie wurde aber im 14. Jhdt. fast vollst\u00e4ndig neu gestaltet.<\/p>\n<div id=\"attachment_27616\" style=\"width: 460px\" class=\"wp-caption aligncenter\"><a href=\"https:\/\/olu-limburg.de\/wp-content\/uploads\/2022\/10\/IMG_20220926_112712_ergebnis-e1666099729194.jpg\"><img loading=\"lazy\" decoding=\"async\" aria-describedby=\"caption-attachment-27616\" class=\"wp-image-27616 size-full\" src=\"https:\/\/olu-limburg.de\/wp-content\/uploads\/2022\/10\/IMG_20220926_112712_ergebnis-e1666099729194.jpg\" alt=\"\" width=\"450\" height=\"600\" srcset=\"https:\/\/olu-limburg.de\/wp-content\/uploads\/2022\/10\/IMG_20220926_112712_ergebnis-e1666099729194.jpg 450w, https:\/\/olu-limburg.de\/wp-content\/uploads\/2022\/10\/IMG_20220926_112712_ergebnis-e1666099729194-225x300.jpg 225w\" sizes=\"auto, (max-width: 450px) 100vw, 450px\" \/><\/a><p id=\"caption-attachment-27616\" class=\"wp-caption-text\">Blick vom Chor auf die Petruskirche<\/p><\/div>\n<p><a href=\"https:\/\/olu-limburg.de\/wp-content\/uploads\/2022\/10\/IMG_20220926_113000_ergebnis-e1666099561357.jpg\"><img loading=\"lazy\" decoding=\"async\" class=\"size-full wp-image-27614 alignleft\" src=\"https:\/\/olu-limburg.de\/wp-content\/uploads\/2022\/10\/IMG_20220926_113000_ergebnis-e1666099561357.jpg\" alt=\"\" width=\"450\" height=\"600\" srcset=\"https:\/\/olu-limburg.de\/wp-content\/uploads\/2022\/10\/IMG_20220926_113000_ergebnis-e1666099561357.jpg 450w, https:\/\/olu-limburg.de\/wp-content\/uploads\/2022\/10\/IMG_20220926_113000_ergebnis-e1666099561357-225x300.jpg 225w\" sizes=\"auto, (max-width: 450px) 100vw, 450px\" \/><\/a><\/p>\n<p><a href=\"https:\/\/olu-limburg.de\/wp-content\/uploads\/2022\/10\/20220926_112936_ergebnis-e1666100335129.jpg\"><img loading=\"lazy\" decoding=\"async\" class=\"size-full wp-image-27619 alignright\" src=\"https:\/\/olu-limburg.de\/wp-content\/uploads\/2022\/10\/20220926_112936_ergebnis-e1666100335129.jpg\" alt=\"\" width=\"450\" height=\"600\" srcset=\"https:\/\/olu-limburg.de\/wp-content\/uploads\/2022\/10\/20220926_112936_ergebnis-e1666100335129.jpg 450w, https:\/\/olu-limburg.de\/wp-content\/uploads\/2022\/10\/20220926_112936_ergebnis-e1666100335129-225x300.jpg 225w\" sizes=\"auto, (max-width: 450px) 100vw, 450px\" \/><\/a><\/p>\n<p><a href=\"https:\/\/olu-limburg.de\/wp-content\/uploads\/2022\/10\/IMG_20220926_113042_ergebnis-e1666099578490.jpg\"><img loading=\"lazy\" decoding=\"async\" class=\"size-full wp-image-27615 aligncenter\" src=\"https:\/\/olu-limburg.de\/wp-content\/uploads\/2022\/10\/IMG_20220926_113042_ergebnis-e1666099578490.jpg\" alt=\"\" width=\"450\" height=\"600\" srcset=\"https:\/\/olu-limburg.de\/wp-content\/uploads\/2022\/10\/IMG_20220926_113042_ergebnis-e1666099578490.jpg 450w, https:\/\/olu-limburg.de\/wp-content\/uploads\/2022\/10\/IMG_20220926_113042_ergebnis-e1666099578490-225x300.jpg 225w\" sizes=\"auto, (max-width: 450px) 100vw, 450px\" \/><\/a><\/p>\n<p>\u00dcber den ehemaligen Klostergarten erreichen wir die gro\u00dfe Terrasse mit ihrer ausladenden Treppe.<\/p>\n<div style=\"width: 810px\" class=\"wp-caption aligncenter\"><a href=\"https:\/\/olu-limburg.de\/wp-content\/uploads\/2022\/10\/IMG_20220926_113259_ergebnis.jpg\"><img loading=\"lazy\" decoding=\"async\" class=\"wp-image-27620 size-full\" src=\"https:\/\/olu-limburg.de\/wp-content\/uploads\/2022\/10\/IMG_20220926_113259_ergebnis.jpg\" alt=\"\" width=\"800\" height=\"600\" srcset=\"https:\/\/olu-limburg.de\/wp-content\/uploads\/2022\/10\/IMG_20220926_113259_ergebnis.jpg 800w, https:\/\/olu-limburg.de\/wp-content\/uploads\/2022\/10\/IMG_20220926_113259_ergebnis-300x225.jpg 300w, https:\/\/olu-limburg.de\/wp-content\/uploads\/2022\/10\/IMG_20220926_113259_ergebnis-768x576.jpg 768w, https:\/\/olu-limburg.de\/wp-content\/uploads\/2022\/10\/IMG_20220926_113259_ergebnis-624x468.jpg 624w\" sizes=\"auto, (max-width: 800px) 100vw, 800px\" \/><\/a><p class=\"wp-caption-text\">Im Hintergrund steht noch die B\u00e4ckerei aus dem 18. Jhdt..<\/p><\/div>\n<p>&nbsp;<\/p>\n<p><a href=\"https:\/\/olu-limburg.de\/wp-content\/uploads\/2022\/10\/P1100535_ergebnis.jpg\"><img loading=\"lazy\" decoding=\"async\" class=\"size-full wp-image-27621 aligncenter\" src=\"https:\/\/olu-limburg.de\/wp-content\/uploads\/2022\/10\/P1100535_ergebnis.jpg\" alt=\"\" width=\"800\" height=\"449\" srcset=\"https:\/\/olu-limburg.de\/wp-content\/uploads\/2022\/10\/P1100535_ergebnis.jpg 800w, https:\/\/olu-limburg.de\/wp-content\/uploads\/2022\/10\/P1100535_ergebnis-300x168.jpg 300w, https:\/\/olu-limburg.de\/wp-content\/uploads\/2022\/10\/P1100535_ergebnis-768x431.jpg 768w, https:\/\/olu-limburg.de\/wp-content\/uploads\/2022\/10\/P1100535_ergebnis-624x350.jpg 624w\" sizes=\"auto, (max-width: 800px) 100vw, 800px\" \/><\/a><\/p>\n<p>Nach links geht es nun zur Abtwohnung aus dem 17. Jahrhundert. Das Geb\u00e4ude wird heute noch als Museum genutzt.<\/p>\n<p><a href=\"https:\/\/olu-limburg.de\/wp-content\/uploads\/2022\/10\/IMG_20220926_115148_ergebnis.jpg\"><img loading=\"lazy\" decoding=\"async\" class=\"size-full wp-image-27623 aligncenter\" src=\"https:\/\/olu-limburg.de\/wp-content\/uploads\/2022\/10\/IMG_20220926_115148_ergebnis.jpg\" alt=\"\" width=\"800\" height=\"600\" srcset=\"https:\/\/olu-limburg.de\/wp-content\/uploads\/2022\/10\/IMG_20220926_115148_ergebnis.jpg 800w, https:\/\/olu-limburg.de\/wp-content\/uploads\/2022\/10\/IMG_20220926_115148_ergebnis-300x225.jpg 300w, https:\/\/olu-limburg.de\/wp-content\/uploads\/2022\/10\/IMG_20220926_115148_ergebnis-768x576.jpg 768w, https:\/\/olu-limburg.de\/wp-content\/uploads\/2022\/10\/IMG_20220926_115148_ergebnis-624x468.jpg 624w\" sizes=\"auto, (max-width: 800px) 100vw, 800px\" \/><\/a><\/p>\n<p><a href=\"https:\/\/olu-limburg.de\/wp-content\/uploads\/2022\/10\/P1100544_ergebnis-e1666100975641.jpg\"><img loading=\"lazy\" decoding=\"async\" class=\"size-full wp-image-27625 alignleft\" src=\"https:\/\/olu-limburg.de\/wp-content\/uploads\/2022\/10\/P1100544_ergebnis-e1666100975641.jpg\" alt=\"\" width=\"450\" height=\"600\" srcset=\"https:\/\/olu-limburg.de\/wp-content\/uploads\/2022\/10\/P1100544_ergebnis-e1666100975641.jpg 450w, https:\/\/olu-limburg.de\/wp-content\/uploads\/2022\/10\/P1100544_ergebnis-e1666100975641-225x300.jpg 225w\" sizes=\"auto, (max-width: 450px) 100vw, 450px\" \/><\/a><\/p>\n<p><a href=\"https:\/\/olu-limburg.de\/wp-content\/uploads\/2022\/10\/P1100545_ergebnis-e1666100986983.jpg\"><img loading=\"lazy\" decoding=\"async\" class=\"size-full wp-image-27626 alignright\" src=\"https:\/\/olu-limburg.de\/wp-content\/uploads\/2022\/10\/P1100545_ergebnis-e1666100986983.jpg\" alt=\"\" width=\"450\" height=\"600\" srcset=\"https:\/\/olu-limburg.de\/wp-content\/uploads\/2022\/10\/P1100545_ergebnis-e1666100986983.jpg 450w, https:\/\/olu-limburg.de\/wp-content\/uploads\/2022\/10\/P1100545_ergebnis-e1666100986983-225x300.jpg 225w\" sizes=\"auto, (max-width: 450px) 100vw, 450px\" \/><\/a><\/p>\n<p><a href=\"https:\/\/olu-limburg.de\/wp-content\/uploads\/2022\/10\/IMG_20220926_115642_ergebnis.jpg\"><img loading=\"lazy\" decoding=\"async\" class=\"size-full wp-image-27624 aligncenter\" src=\"https:\/\/olu-limburg.de\/wp-content\/uploads\/2022\/10\/IMG_20220926_115642_ergebnis.jpg\" alt=\"\" width=\"800\" height=\"600\" srcset=\"https:\/\/olu-limburg.de\/wp-content\/uploads\/2022\/10\/IMG_20220926_115642_ergebnis.jpg 800w, https:\/\/olu-limburg.de\/wp-content\/uploads\/2022\/10\/IMG_20220926_115642_ergebnis-300x225.jpg 300w, https:\/\/olu-limburg.de\/wp-content\/uploads\/2022\/10\/IMG_20220926_115642_ergebnis-768x576.jpg 768w, https:\/\/olu-limburg.de\/wp-content\/uploads\/2022\/10\/IMG_20220926_115642_ergebnis-624x468.jpg 624w\" sizes=\"auto, (max-width: 800px) 100vw, 800px\" \/><\/a><\/p>\n<p><a href=\"https:\/\/olu-limburg.de\/wp-content\/uploads\/2022\/10\/20220926_121059_ergebnis-e1666101200530.jpg\"><img loading=\"lazy\" decoding=\"async\" class=\"size-full wp-image-27627 alignleft\" src=\"https:\/\/olu-limburg.de\/wp-content\/uploads\/2022\/10\/20220926_121059_ergebnis-e1666101200530.jpg\" alt=\"\" width=\"450\" height=\"600\" srcset=\"https:\/\/olu-limburg.de\/wp-content\/uploads\/2022\/10\/20220926_121059_ergebnis-e1666101200530.jpg 450w, https:\/\/olu-limburg.de\/wp-content\/uploads\/2022\/10\/20220926_121059_ergebnis-e1666101200530-225x300.jpg 225w\" sizes=\"auto, (max-width: 450px) 100vw, 450px\" \/><\/a><\/p>\n<p><a href=\"https:\/\/olu-limburg.de\/wp-content\/uploads\/2022\/10\/20220926_121612_ergebnis-e1666101911198.jpg\"><img loading=\"lazy\" decoding=\"async\" class=\"size-full wp-image-27630 alignright\" src=\"https:\/\/olu-limburg.de\/wp-content\/uploads\/2022\/10\/20220926_121612_ergebnis-e1666101911198.jpg\" alt=\"\" width=\"450\" height=\"600\" srcset=\"https:\/\/olu-limburg.de\/wp-content\/uploads\/2022\/10\/20220926_121612_ergebnis-e1666101911198.jpg 450w, https:\/\/olu-limburg.de\/wp-content\/uploads\/2022\/10\/20220926_121612_ergebnis-e1666101911198-225x300.jpg 225w\" sizes=\"auto, (max-width: 450px) 100vw, 450px\" \/><\/a><\/p>\n<div id=\"attachment_27635\" style=\"width: 810px\" class=\"wp-caption aligncenter\"><a href=\"https:\/\/olu-limburg.de\/wp-content\/uploads\/2022\/10\/P1100534_ergebnis.jpg\"><img loading=\"lazy\" decoding=\"async\" aria-describedby=\"caption-attachment-27635\" class=\"wp-image-27635 size-full\" src=\"https:\/\/olu-limburg.de\/wp-content\/uploads\/2022\/10\/P1100534_ergebnis.jpg\" alt=\"\" width=\"800\" height=\"600\" srcset=\"https:\/\/olu-limburg.de\/wp-content\/uploads\/2022\/10\/P1100534_ergebnis.jpg 800w, https:\/\/olu-limburg.de\/wp-content\/uploads\/2022\/10\/P1100534_ergebnis-300x225.jpg 300w, https:\/\/olu-limburg.de\/wp-content\/uploads\/2022\/10\/P1100534_ergebnis-768x576.jpg 768w, https:\/\/olu-limburg.de\/wp-content\/uploads\/2022\/10\/P1100534_ergebnis-624x468.jpg 624w\" sizes=\"auto, (max-width: 800px) 100vw, 800px\" \/><\/a><p id=\"caption-attachment-27635\" class=\"wp-caption-text\">Blick \u00fcber den ehemaligen Kreuzgang<\/p><\/div>\n<p>Das im 12. Jahrhundert erbaute G\u00e4stehaus, das als Empfangssaal genutzt wurde, erhielt sp\u00e4ter die Verwendung als Vorratsraum. Im Jahr 1664 ist dann noch eine Decke eingezogen worden um eine Klosterbibliothek dort unterzubringen.<\/p>\n<p><a href=\"https:\/\/olu-limburg.de\/wp-content\/uploads\/2022\/10\/IMG_20220926_121532_ergebnis-e1666101412744.jpg\"><img loading=\"lazy\" decoding=\"async\" class=\"size-full wp-image-27631 alignleft\" src=\"https:\/\/olu-limburg.de\/wp-content\/uploads\/2022\/10\/IMG_20220926_121532_ergebnis-e1666101412744.jpg\" alt=\"\" width=\"450\" height=\"600\" srcset=\"https:\/\/olu-limburg.de\/wp-content\/uploads\/2022\/10\/IMG_20220926_121532_ergebnis-e1666101412744.jpg 450w, https:\/\/olu-limburg.de\/wp-content\/uploads\/2022\/10\/IMG_20220926_121532_ergebnis-e1666101412744-225x300.jpg 225w\" sizes=\"auto, (max-width: 450px) 100vw, 450px\" \/><\/a><\/p>\n<p><a href=\"https:\/\/olu-limburg.de\/wp-content\/uploads\/2022\/10\/20220926_115409_ergebnis-e1666101862403.jpg\"><img loading=\"lazy\" decoding=\"async\" class=\"size-full wp-image-27629 alignright\" src=\"https:\/\/olu-limburg.de\/wp-content\/uploads\/2022\/10\/20220926_115409_ergebnis-e1666101862403.jpg\" alt=\"\" width=\"450\" height=\"600\" srcset=\"https:\/\/olu-limburg.de\/wp-content\/uploads\/2022\/10\/20220926_115409_ergebnis-e1666101862403.jpg 450w, https:\/\/olu-limburg.de\/wp-content\/uploads\/2022\/10\/20220926_115409_ergebnis-e1666101862403-225x300.jpg 225w\" sizes=\"auto, (max-width: 450px) 100vw, 450px\" \/><\/a><\/p>\n<div id=\"attachment_27632\" style=\"width: 810px\" class=\"wp-caption aligncenter\"><a href=\"https:\/\/olu-limburg.de\/wp-content\/uploads\/2022\/10\/IMG_20220926_121601_ergebnis.jpg\"><img loading=\"lazy\" decoding=\"async\" aria-describedby=\"caption-attachment-27632\" class=\"wp-image-27632 size-full\" src=\"https:\/\/olu-limburg.de\/wp-content\/uploads\/2022\/10\/IMG_20220926_121601_ergebnis.jpg\" alt=\"\" width=\"800\" height=\"600\" srcset=\"https:\/\/olu-limburg.de\/wp-content\/uploads\/2022\/10\/IMG_20220926_121601_ergebnis.jpg 800w, https:\/\/olu-limburg.de\/wp-content\/uploads\/2022\/10\/IMG_20220926_121601_ergebnis-300x225.jpg 300w, https:\/\/olu-limburg.de\/wp-content\/uploads\/2022\/10\/IMG_20220926_121601_ergebnis-768x576.jpg 768w, https:\/\/olu-limburg.de\/wp-content\/uploads\/2022\/10\/IMG_20220926_121601_ergebnis-624x468.jpg 624w\" sizes=\"auto, (max-width: 800px) 100vw, 800px\" \/><\/a><p id=\"caption-attachment-27632\" class=\"wp-caption-text\">Den Abschlu\u00df bildet das Pf\u00f6rtnerhaus aus dem 14. Jhdt., wo wir unseren Rundgang begonnen haben.<\/p><\/div>\n<p>Nach diesem beeindruckenden Spaziergang durch die Geschichte m\u00f6chten wir noch nach Rouen fahren. Wir nehmen die Stra\u00dfe an der Seine entlang und landen in Duclair wieder auf der D982. Da ich tanken m\u00f6chte halte ich Ausschau und finde tats\u00e4chlich eine &#8222;Totalenergies&#8220; mit einem Dieselpreis von 159,5 ct.<\/p>\n<p><a href=\"https:\/\/olu-limburg.de\/wp-content\/uploads\/2022\/10\/IMG_20220926_133020_ergebnis-1.jpg\"><img loading=\"lazy\" decoding=\"async\" class=\"size-full wp-image-27641 aligncenter\" src=\"https:\/\/olu-limburg.de\/wp-content\/uploads\/2022\/10\/IMG_20220926_133020_ergebnis-1.jpg\" alt=\"\" width=\"800\" height=\"600\" srcset=\"https:\/\/olu-limburg.de\/wp-content\/uploads\/2022\/10\/IMG_20220926_133020_ergebnis-1.jpg 800w, https:\/\/olu-limburg.de\/wp-content\/uploads\/2022\/10\/IMG_20220926_133020_ergebnis-1-300x225.jpg 300w, https:\/\/olu-limburg.de\/wp-content\/uploads\/2022\/10\/IMG_20220926_133020_ergebnis-1-768x576.jpg 768w, https:\/\/olu-limburg.de\/wp-content\/uploads\/2022\/10\/IMG_20220926_133020_ergebnis-1-624x468.jpg 624w\" sizes=\"auto, (max-width: 800px) 100vw, 800px\" \/><\/a><\/p>\n<div style=\"width: 810px\" class=\"wp-caption aligncenter\"><a href=\"https:\/\/olu-limburg.de\/wp-content\/uploads\/2022\/10\/20220926_133715_ergebnis.jpg\"><img loading=\"lazy\" decoding=\"async\" class=\"wp-image-27640 size-full\" src=\"https:\/\/olu-limburg.de\/wp-content\/uploads\/2022\/10\/20220926_133715_ergebnis.jpg\" alt=\"\" width=\"800\" height=\"600\" srcset=\"https:\/\/olu-limburg.de\/wp-content\/uploads\/2022\/10\/20220926_133715_ergebnis.jpg 800w, https:\/\/olu-limburg.de\/wp-content\/uploads\/2022\/10\/20220926_133715_ergebnis-300x225.jpg 300w, https:\/\/olu-limburg.de\/wp-content\/uploads\/2022\/10\/20220926_133715_ergebnis-768x576.jpg 768w, https:\/\/olu-limburg.de\/wp-content\/uploads\/2022\/10\/20220926_133715_ergebnis-624x468.jpg 624w\" sizes=\"auto, (max-width: 800px) 100vw, 800px\" \/><\/a><p class=\"wp-caption-text\">Es sch\u00fcttet wieder.<\/p><\/div>\n<p>Von unserem Navi werde ich super und ohne Probleme zu dem kostenlosen Wohnmobil-Stellplatz ohne V+E an der Rue Sainte-Am\u00e9lie geleitet. Er befindet sich auf einer Seine-Insel und es sollen nur etwas mehr als 1 km bis zur Kathedrale sein.<\/p>\n<p>In der Jungsteinzeit zwischen dem 9. und 6. Jahrtausend v.Chr. soll hier bereits Ackerbau und Viehzucht gegeben haben. Davon merkt man heute in dieser Hafenstadt nichts mehr. Trotzdem hat sie aber in der Innenstadt ihren Charme bewahrt.<\/p>\n<p>Rouen, &#8222;die Hauptstadt der Normandie&#8220;, hat oftmals die Besitzer gewechselt. Die R\u00f6mer waren hier, sp\u00e4ter kamen die Wikinger und dann gab es einige Wechsel mit den englischen Besatzern. Im Zusammenhang mit dem Hundertj\u00e4hrigen Krieg wurde hier Jeanne d&#8217;Arc verurteilt und am 30.05.1431 auf dem Scheiterhaufen verbrannt. Mittlerweile ist sie rehabilitiert, Heilig gesprochen und wird \u00fcberall ausgestellt.<\/p>\n<p>Gegen 15.00 Uhr machen wir uns bei wechselhaftem Wetter auf unsere Erkundungstour durch Rouen. Wir durchqueren, wie wir gekommen sind, die \u00cele Lacroix bis zur Pont Corneille und sind auf der anderen Seite der Seine schon ganz nah an der Altstadt. An der Kreuzung mit der Rue Alsace Lorraine gehen wir rechts in die kleine Rue Malpalu und befinden uns schon in dem Viertel Maclou.<\/p>\n<div id=\"attachment_27642\" style=\"width: 810px\" class=\"wp-caption aligncenter\"><a href=\"https:\/\/olu-limburg.de\/wp-content\/uploads\/2022\/10\/IMG_20220926_150213_ergebnis.jpg\"><img loading=\"lazy\" decoding=\"async\" aria-describedby=\"caption-attachment-27642\" class=\"wp-image-27642 size-full\" src=\"https:\/\/olu-limburg.de\/wp-content\/uploads\/2022\/10\/IMG_20220926_150213_ergebnis.jpg\" alt=\"\" width=\"800\" height=\"600\" srcset=\"https:\/\/olu-limburg.de\/wp-content\/uploads\/2022\/10\/IMG_20220926_150213_ergebnis.jpg 800w, https:\/\/olu-limburg.de\/wp-content\/uploads\/2022\/10\/IMG_20220926_150213_ergebnis-300x225.jpg 300w, https:\/\/olu-limburg.de\/wp-content\/uploads\/2022\/10\/IMG_20220926_150213_ergebnis-768x576.jpg 768w, https:\/\/olu-limburg.de\/wp-content\/uploads\/2022\/10\/IMG_20220926_150213_ergebnis-624x468.jpg 624w\" sizes=\"auto, (max-width: 800px) 100vw, 800px\" \/><\/a><p id=\"caption-attachment-27642\" class=\"wp-caption-text\">Von der Br\u00fccke aus sehen wir bereits die T\u00fcrme der Kathedrale von Rouen.<\/p><\/div>\n<div id=\"attachment_27646\" style=\"width: 460px\" class=\"wp-caption aligncenter\"><a href=\"https:\/\/olu-limburg.de\/wp-content\/uploads\/2022\/10\/20220926_151102_ergebnis-e1666106903731.jpg\"><img loading=\"lazy\" decoding=\"async\" aria-describedby=\"caption-attachment-27646\" class=\"wp-image-27646 size-full\" src=\"https:\/\/olu-limburg.de\/wp-content\/uploads\/2022\/10\/20220926_151102_ergebnis-e1666106903731.jpg\" alt=\"\" width=\"450\" height=\"600\" srcset=\"https:\/\/olu-limburg.de\/wp-content\/uploads\/2022\/10\/20220926_151102_ergebnis-e1666106903731.jpg 450w, https:\/\/olu-limburg.de\/wp-content\/uploads\/2022\/10\/20220926_151102_ergebnis-e1666106903731-225x300.jpg 225w\" sizes=\"auto, (max-width: 450px) 100vw, 450px\" \/><\/a><p id=\"caption-attachment-27646\" class=\"wp-caption-text\">Eingang zum Viertel Maclou<\/p><\/div>\n<p><a href=\"https:\/\/olu-limburg.de\/wp-content\/uploads\/2022\/10\/IMG_20220926_151221_ergebnis-e1666106964365.jpg\"><img loading=\"lazy\" decoding=\"async\" class=\"size-full wp-image-27647 aligncenter\" src=\"https:\/\/olu-limburg.de\/wp-content\/uploads\/2022\/10\/IMG_20220926_151221_ergebnis-e1666106964365.jpg\" alt=\"\" width=\"450\" height=\"600\" srcset=\"https:\/\/olu-limburg.de\/wp-content\/uploads\/2022\/10\/IMG_20220926_151221_ergebnis-e1666106964365.jpg 450w, https:\/\/olu-limburg.de\/wp-content\/uploads\/2022\/10\/IMG_20220926_151221_ergebnis-e1666106964365-225x300.jpg 225w\" sizes=\"auto, (max-width: 450px) 100vw, 450px\" \/><\/a><\/p>\n<p><a href=\"https:\/\/olu-limburg.de\/wp-content\/uploads\/2022\/10\/IMG_20220926_151236_ergebnis.jpg\"><img loading=\"lazy\" decoding=\"async\" class=\"size-full wp-image-27648 aligncenter\" src=\"https:\/\/olu-limburg.de\/wp-content\/uploads\/2022\/10\/IMG_20220926_151236_ergebnis.jpg\" alt=\"\" width=\"800\" height=\"600\" srcset=\"https:\/\/olu-limburg.de\/wp-content\/uploads\/2022\/10\/IMG_20220926_151236_ergebnis.jpg 800w, https:\/\/olu-limburg.de\/wp-content\/uploads\/2022\/10\/IMG_20220926_151236_ergebnis-300x225.jpg 300w, https:\/\/olu-limburg.de\/wp-content\/uploads\/2022\/10\/IMG_20220926_151236_ergebnis-768x576.jpg 768w, https:\/\/olu-limburg.de\/wp-content\/uploads\/2022\/10\/IMG_20220926_151236_ergebnis-624x468.jpg 624w\" sizes=\"auto, (max-width: 800px) 100vw, 800px\" \/><\/a><\/p>\n<p><a href=\"https:\/\/olu-limburg.de\/wp-content\/uploads\/2022\/10\/IMG_20220926_151325_ergebnis.jpg\"><img loading=\"lazy\" decoding=\"async\" class=\"size-full wp-image-27649 aligncenter\" src=\"https:\/\/olu-limburg.de\/wp-content\/uploads\/2022\/10\/IMG_20220926_151325_ergebnis.jpg\" alt=\"\" width=\"800\" height=\"600\" srcset=\"https:\/\/olu-limburg.de\/wp-content\/uploads\/2022\/10\/IMG_20220926_151325_ergebnis.jpg 800w, https:\/\/olu-limburg.de\/wp-content\/uploads\/2022\/10\/IMG_20220926_151325_ergebnis-300x225.jpg 300w, https:\/\/olu-limburg.de\/wp-content\/uploads\/2022\/10\/IMG_20220926_151325_ergebnis-768x576.jpg 768w, https:\/\/olu-limburg.de\/wp-content\/uploads\/2022\/10\/IMG_20220926_151325_ergebnis-624x468.jpg 624w\" sizes=\"auto, (max-width: 800px) 100vw, 800px\" \/><\/a><\/p>\n<div id=\"attachment_27650\" style=\"width: 460px\" class=\"wp-caption aligncenter\"><a href=\"https:\/\/olu-limburg.de\/wp-content\/uploads\/2022\/10\/IMG_20220926_151421_ergebnis-e1666107001735.jpg\"><img loading=\"lazy\" decoding=\"async\" aria-describedby=\"caption-attachment-27650\" class=\"wp-image-27650 size-full\" src=\"https:\/\/olu-limburg.de\/wp-content\/uploads\/2022\/10\/IMG_20220926_151421_ergebnis-e1666107001735.jpg\" alt=\"\" width=\"450\" height=\"600\" srcset=\"https:\/\/olu-limburg.de\/wp-content\/uploads\/2022\/10\/IMG_20220926_151421_ergebnis-e1666107001735.jpg 450w, https:\/\/olu-limburg.de\/wp-content\/uploads\/2022\/10\/IMG_20220926_151421_ergebnis-e1666107001735-225x300.jpg 225w\" sizes=\"auto, (max-width: 450px) 100vw, 450px\" \/><\/a><p id=\"caption-attachment-27650\" class=\"wp-caption-text\">Katholische Kirche Saint-Maclou (Hochgotik) &#8211; Heute geschlossen<\/p><\/div>\n<p><a href=\"https:\/\/olu-limburg.de\/wp-content\/uploads\/2022\/10\/IMG_20220926_151800_ergebnis-e1666108622791.jpg\"><img loading=\"lazy\" decoding=\"async\" class=\"size-full wp-image-27654 aligncenter\" src=\"https:\/\/olu-limburg.de\/wp-content\/uploads\/2022\/10\/IMG_20220926_151800_ergebnis-e1666108622791.jpg\" alt=\"\" width=\"450\" height=\"600\" srcset=\"https:\/\/olu-limburg.de\/wp-content\/uploads\/2022\/10\/IMG_20220926_151800_ergebnis-e1666108622791.jpg 450w, https:\/\/olu-limburg.de\/wp-content\/uploads\/2022\/10\/IMG_20220926_151800_ergebnis-e1666108622791-225x300.jpg 225w\" sizes=\"auto, (max-width: 450px) 100vw, 450px\" \/><\/a><\/p>\n<p>Hinter der Kirche gehen wir weiter und folgen einer Stadtf\u00fchrung\u00a0 durch einen unscheinbaren Durchgang und stehen pl\u00f6tzlich im &#8222;A\u00eetre Saint-Maclou&#8220;, einem ehemaligen mittelalterlichen Friedhof mit Beinhaus, der auf die Zeit der schwarzen Pest im Jahre 1348 zur\u00fcck geht. Die Anfang des 16. Jhdt. erbaute H\u00e4userreihe wurde mit Motiven des Totentanzes verziert.<\/p>\n<p><a href=\"https:\/\/olu-limburg.de\/wp-content\/uploads\/2022\/10\/P1100550_ergebnis-e1666108537964.jpg\"><img loading=\"lazy\" decoding=\"async\" class=\"size-full wp-image-27660 alignleft\" src=\"https:\/\/olu-limburg.de\/wp-content\/uploads\/2022\/10\/P1100550_ergebnis-e1666108537964.jpg\" alt=\"\" width=\"450\" height=\"600\" srcset=\"https:\/\/olu-limburg.de\/wp-content\/uploads\/2022\/10\/P1100550_ergebnis-e1666108537964.jpg 450w, https:\/\/olu-limburg.de\/wp-content\/uploads\/2022\/10\/P1100550_ergebnis-e1666108537964-225x300.jpg 225w\" sizes=\"auto, (max-width: 450px) 100vw, 450px\" \/><\/a><\/p>\n<p><a href=\"https:\/\/olu-limburg.de\/wp-content\/uploads\/2022\/10\/IMG_20220926_151636_ergebnis-e1666108560190.jpg\"><img loading=\"lazy\" decoding=\"async\" class=\"size-full wp-image-27653 alignright\" src=\"https:\/\/olu-limburg.de\/wp-content\/uploads\/2022\/10\/IMG_20220926_151636_ergebnis-e1666108560190.jpg\" alt=\"\" width=\"450\" height=\"600\" srcset=\"https:\/\/olu-limburg.de\/wp-content\/uploads\/2022\/10\/IMG_20220926_151636_ergebnis-e1666108560190.jpg 450w, https:\/\/olu-limburg.de\/wp-content\/uploads\/2022\/10\/IMG_20220926_151636_ergebnis-e1666108560190-225x300.jpg 225w\" sizes=\"auto, (max-width: 450px) 100vw, 450px\" \/><\/a><\/p>\n<div id=\"attachment_27655\" style=\"width: 810px\" class=\"wp-caption aligncenter\"><a href=\"https:\/\/olu-limburg.de\/wp-content\/uploads\/2022\/10\/IMG_20220926_152159_ergebnis.jpg\"><img loading=\"lazy\" decoding=\"async\" aria-describedby=\"caption-attachment-27655\" class=\"wp-image-27655 size-full\" src=\"https:\/\/olu-limburg.de\/wp-content\/uploads\/2022\/10\/IMG_20220926_152159_ergebnis.jpg\" alt=\"\" width=\"800\" height=\"600\" srcset=\"https:\/\/olu-limburg.de\/wp-content\/uploads\/2022\/10\/IMG_20220926_152159_ergebnis.jpg 800w, https:\/\/olu-limburg.de\/wp-content\/uploads\/2022\/10\/IMG_20220926_152159_ergebnis-300x225.jpg 300w, https:\/\/olu-limburg.de\/wp-content\/uploads\/2022\/10\/IMG_20220926_152159_ergebnis-768x576.jpg 768w, https:\/\/olu-limburg.de\/wp-content\/uploads\/2022\/10\/IMG_20220926_152159_ergebnis-624x468.jpg 624w\" sizes=\"auto, (max-width: 800px) 100vw, 800px\" \/><\/a><p id=\"caption-attachment-27655\" class=\"wp-caption-text\">A\u00eetre Saint-Maclou<\/p><\/div>\n<p><a href=\"https:\/\/olu-limburg.de\/wp-content\/uploads\/2022\/10\/IMG_20220926_152231_ergebnis.jpg\"><img loading=\"lazy\" decoding=\"async\" class=\"size-full wp-image-27656 aligncenter\" src=\"https:\/\/olu-limburg.de\/wp-content\/uploads\/2022\/10\/IMG_20220926_152231_ergebnis.jpg\" alt=\"\" width=\"800\" height=\"600\" srcset=\"https:\/\/olu-limburg.de\/wp-content\/uploads\/2022\/10\/IMG_20220926_152231_ergebnis.jpg 800w, https:\/\/olu-limburg.de\/wp-content\/uploads\/2022\/10\/IMG_20220926_152231_ergebnis-300x225.jpg 300w, https:\/\/olu-limburg.de\/wp-content\/uploads\/2022\/10\/IMG_20220926_152231_ergebnis-768x576.jpg 768w, https:\/\/olu-limburg.de\/wp-content\/uploads\/2022\/10\/IMG_20220926_152231_ergebnis-624x468.jpg 624w\" sizes=\"auto, (max-width: 800px) 100vw, 800px\" \/><\/a><\/p>\n<div id=\"attachment_27657\" style=\"width: 460px\" class=\"wp-caption aligncenter\"><a href=\"https:\/\/olu-limburg.de\/wp-content\/uploads\/2022\/10\/IMG_20220926_152408_ergebnis-e1666108691235.jpg\"><img loading=\"lazy\" decoding=\"async\" aria-describedby=\"caption-attachment-27657\" class=\"wp-image-27657 size-full\" src=\"https:\/\/olu-limburg.de\/wp-content\/uploads\/2022\/10\/IMG_20220926_152408_ergebnis-e1666108691235.jpg\" alt=\"\" width=\"450\" height=\"600\" srcset=\"https:\/\/olu-limburg.de\/wp-content\/uploads\/2022\/10\/IMG_20220926_152408_ergebnis-e1666108691235.jpg 450w, https:\/\/olu-limburg.de\/wp-content\/uploads\/2022\/10\/IMG_20220926_152408_ergebnis-e1666108691235-225x300.jpg 225w\" sizes=\"auto, (max-width: 450px) 100vw, 450px\" \/><\/a><p id=\"caption-attachment-27657\" class=\"wp-caption-text\">Totentanz der Laien<\/p><\/div>\n<div id=\"attachment_27658\" style=\"width: 460px\" class=\"wp-caption alignleft\"><a href=\"https:\/\/olu-limburg.de\/wp-content\/uploads\/2022\/10\/IMG_20220926_152611_ergebnis-e1666108880701.jpg\"><img loading=\"lazy\" decoding=\"async\" aria-describedby=\"caption-attachment-27658\" class=\"wp-image-27658 size-full\" src=\"https:\/\/olu-limburg.de\/wp-content\/uploads\/2022\/10\/IMG_20220926_152611_ergebnis-e1666108880701.jpg\" alt=\"\" width=\"450\" height=\"600\" srcset=\"https:\/\/olu-limburg.de\/wp-content\/uploads\/2022\/10\/IMG_20220926_152611_ergebnis-e1666108880701.jpg 450w, https:\/\/olu-limburg.de\/wp-content\/uploads\/2022\/10\/IMG_20220926_152611_ergebnis-e1666108880701-225x300.jpg 225w\" sizes=\"auto, (max-width: 450px) 100vw, 450px\" \/><\/a><p id=\"caption-attachment-27658\" class=\"wp-caption-text\">Totentanz der Geistlichen<\/p><\/div>\n<p><a href=\"https:\/\/olu-limburg.de\/wp-content\/uploads\/2022\/10\/IMG_20220926_152851_ergebnis-e1666109081273.jpg\"><img loading=\"lazy\" decoding=\"async\" class=\"size-full wp-image-27659 alignright\" src=\"https:\/\/olu-limburg.de\/wp-content\/uploads\/2022\/10\/IMG_20220926_152851_ergebnis-e1666109081273.jpg\" alt=\"\" width=\"450\" height=\"600\" srcset=\"https:\/\/olu-limburg.de\/wp-content\/uploads\/2022\/10\/IMG_20220926_152851_ergebnis-e1666109081273.jpg 450w, https:\/\/olu-limburg.de\/wp-content\/uploads\/2022\/10\/IMG_20220926_152851_ergebnis-e1666109081273-225x300.jpg 225w\" sizes=\"auto, (max-width: 450px) 100vw, 450px\" \/><\/a><\/p>\n<p><a href=\"https:\/\/olu-limburg.de\/wp-content\/uploads\/2022\/10\/20220926_152337_ergebnis-e1666185478934.jpg\"><img loading=\"lazy\" decoding=\"async\" class=\"size-full wp-image-27651 aligncenter\" src=\"https:\/\/olu-limburg.de\/wp-content\/uploads\/2022\/10\/20220926_152337_ergebnis-e1666185478934.jpg\" alt=\"\" width=\"450\" height=\"600\" srcset=\"https:\/\/olu-limburg.de\/wp-content\/uploads\/2022\/10\/20220926_152337_ergebnis-e1666185478934.jpg 450w, https:\/\/olu-limburg.de\/wp-content\/uploads\/2022\/10\/20220926_152337_ergebnis-e1666185478934-225x300.jpg 225w\" sizes=\"auto, (max-width: 450px) 100vw, 450px\" \/><\/a><\/p>\n<p>Wir warten noch eine kleine Schauer ab und machen uns dann auf den Weg zur Cath\u00e9drale de Notre-Dame.<\/p>\n<p><a href=\"https:\/\/olu-limburg.de\/wp-content\/uploads\/2022\/10\/IMG_20220926_151607_ergebnis.jpg\"><img loading=\"lazy\" decoding=\"async\" class=\"size-full wp-image-27652 aligncenter\" src=\"https:\/\/olu-limburg.de\/wp-content\/uploads\/2022\/10\/IMG_20220926_151607_ergebnis.jpg\" alt=\"\" width=\"800\" height=\"600\" srcset=\"https:\/\/olu-limburg.de\/wp-content\/uploads\/2022\/10\/IMG_20220926_151607_ergebnis.jpg 800w, https:\/\/olu-limburg.de\/wp-content\/uploads\/2022\/10\/IMG_20220926_151607_ergebnis-300x225.jpg 300w, https:\/\/olu-limburg.de\/wp-content\/uploads\/2022\/10\/IMG_20220926_151607_ergebnis-768x576.jpg 768w, https:\/\/olu-limburg.de\/wp-content\/uploads\/2022\/10\/IMG_20220926_151607_ergebnis-624x468.jpg 624w\" sizes=\"auto, (max-width: 800px) 100vw, 800px\" \/><\/a><\/p>\n<p><a href=\"https:\/\/olu-limburg.de\/wp-content\/uploads\/2022\/10\/P1100552_ergebnis-e1666109371156.jpg\"><img loading=\"lazy\" decoding=\"async\" class=\"size-full wp-image-27661 aligncenter\" src=\"https:\/\/olu-limburg.de\/wp-content\/uploads\/2022\/10\/P1100552_ergebnis-e1666109371156.jpg\" alt=\"\" width=\"450\" height=\"600\" srcset=\"https:\/\/olu-limburg.de\/wp-content\/uploads\/2022\/10\/P1100552_ergebnis-e1666109371156.jpg 450w, https:\/\/olu-limburg.de\/wp-content\/uploads\/2022\/10\/P1100552_ergebnis-e1666109371156-225x300.jpg 225w\" sizes=\"auto, (max-width: 450px) 100vw, 450px\" \/><\/a><\/p>\n<p>Mit dem Bau der Kathedrale wurde im 12. Jhdt. auf den Fundamenten von zwei Vorl\u00e4uferkirchen begonnen, und seitdem befindet sie sich in st\u00e4ndiger Entwicklung. Die gusseiserne Kirchturmspitze stammt aus dem 19. Jhdt. und ist in einer H\u00f6he von 151 m die h\u00f6chste Frankreichs.<\/p>\n<p><a href=\"https:\/\/olu-limburg.de\/wp-content\/uploads\/2022\/10\/IMG_20220926_161532_ergebnis-e1666187227868.jpg\"><img loading=\"lazy\" decoding=\"async\" class=\"size-full wp-image-27667 aligncenter\" src=\"https:\/\/olu-limburg.de\/wp-content\/uploads\/2022\/10\/IMG_20220926_161532_ergebnis-e1666187227868.jpg\" alt=\"\" width=\"450\" height=\"600\" srcset=\"https:\/\/olu-limburg.de\/wp-content\/uploads\/2022\/10\/IMG_20220926_161532_ergebnis-e1666187227868.jpg 450w, https:\/\/olu-limburg.de\/wp-content\/uploads\/2022\/10\/IMG_20220926_161532_ergebnis-e1666187227868-225x300.jpg 225w\" sizes=\"auto, (max-width: 450px) 100vw, 450px\" \/><\/a><\/p>\n<p>Wir betreten die Kathedrale durch einen Seiteneingang, und sind erst mal \u00fcberw\u00e4ltigt von dieser schlanken und hohen Bauweise im Inneren.<\/p>\n<p><a href=\"https:\/\/olu-limburg.de\/wp-content\/uploads\/2022\/10\/IMG_20220926_161921_ergebnis-e1666187255526.jpg\"><img loading=\"lazy\" decoding=\"async\" class=\"size-full wp-image-27668 alignleft\" src=\"https:\/\/olu-limburg.de\/wp-content\/uploads\/2022\/10\/IMG_20220926_161921_ergebnis-e1666187255526.jpg\" alt=\"\" width=\"450\" height=\"600\" srcset=\"https:\/\/olu-limburg.de\/wp-content\/uploads\/2022\/10\/IMG_20220926_161921_ergebnis-e1666187255526.jpg 450w, https:\/\/olu-limburg.de\/wp-content\/uploads\/2022\/10\/IMG_20220926_161921_ergebnis-e1666187255526-225x300.jpg 225w\" sizes=\"auto, (max-width: 450px) 100vw, 450px\" \/><\/a><\/p>\n<p><a href=\"https:\/\/olu-limburg.de\/wp-content\/uploads\/2022\/10\/IMG_20220926_162059_ergebnis-e1666187446151.jpg\"><img loading=\"lazy\" decoding=\"async\" class=\"size-full wp-image-27670 alignright\" src=\"https:\/\/olu-limburg.de\/wp-content\/uploads\/2022\/10\/IMG_20220926_162059_ergebnis-e1666187446151.jpg\" alt=\"\" width=\"450\" height=\"600\" srcset=\"https:\/\/olu-limburg.de\/wp-content\/uploads\/2022\/10\/IMG_20220926_162059_ergebnis-e1666187446151.jpg 450w, https:\/\/olu-limburg.de\/wp-content\/uploads\/2022\/10\/IMG_20220926_162059_ergebnis-e1666187446151-225x300.jpg 225w\" sizes=\"auto, (max-width: 450px) 100vw, 450px\" \/><\/a><\/p>\n<div id=\"attachment_27671\" style=\"width: 810px\" class=\"wp-caption aligncenter\"><a href=\"https:\/\/olu-limburg.de\/wp-content\/uploads\/2022\/10\/IMG_20220926_162236_ergebnis.jpg\"><img loading=\"lazy\" decoding=\"async\" aria-describedby=\"caption-attachment-27671\" class=\"wp-image-27671 size-full\" src=\"https:\/\/olu-limburg.de\/wp-content\/uploads\/2022\/10\/IMG_20220926_162236_ergebnis.jpg\" alt=\"\" width=\"800\" height=\"600\" srcset=\"https:\/\/olu-limburg.de\/wp-content\/uploads\/2022\/10\/IMG_20220926_162236_ergebnis.jpg 800w, https:\/\/olu-limburg.de\/wp-content\/uploads\/2022\/10\/IMG_20220926_162236_ergebnis-300x225.jpg 300w, https:\/\/olu-limburg.de\/wp-content\/uploads\/2022\/10\/IMG_20220926_162236_ergebnis-768x576.jpg 768w, https:\/\/olu-limburg.de\/wp-content\/uploads\/2022\/10\/IMG_20220926_162236_ergebnis-624x468.jpg 624w\" sizes=\"auto, (max-width: 800px) 100vw, 800px\" \/><\/a><p id=\"caption-attachment-27671\" class=\"wp-caption-text\">Seitenaltar zu Ehren der Hl. Jeanne d&#8217;Arc<\/p><\/div>\n<p><a href=\"https:\/\/olu-limburg.de\/wp-content\/uploads\/2022\/10\/IMG_20220926_162527_ergebnis-e1666187494329.jpg\"><img loading=\"lazy\" decoding=\"async\" class=\"size-full wp-image-27672 alignleft\" src=\"https:\/\/olu-limburg.de\/wp-content\/uploads\/2022\/10\/IMG_20220926_162527_ergebnis-e1666187494329.jpg\" alt=\"\" width=\"450\" height=\"600\" srcset=\"https:\/\/olu-limburg.de\/wp-content\/uploads\/2022\/10\/IMG_20220926_162527_ergebnis-e1666187494329.jpg 450w, https:\/\/olu-limburg.de\/wp-content\/uploads\/2022\/10\/IMG_20220926_162527_ergebnis-e1666187494329-225x300.jpg 225w\" sizes=\"auto, (max-width: 450px) 100vw, 450px\" \/><\/a><\/p>\n<p><a href=\"https:\/\/olu-limburg.de\/wp-content\/uploads\/2022\/10\/IMG_20220926_162031_ergebnis-e1666187524341.jpg\"><img loading=\"lazy\" decoding=\"async\" class=\"size-full wp-image-27669 alignright\" src=\"https:\/\/olu-limburg.de\/wp-content\/uploads\/2022\/10\/IMG_20220926_162031_ergebnis-e1666187524341.jpg\" alt=\"\" width=\"450\" height=\"600\" srcset=\"https:\/\/olu-limburg.de\/wp-content\/uploads\/2022\/10\/IMG_20220926_162031_ergebnis-e1666187524341.jpg 450w, https:\/\/olu-limburg.de\/wp-content\/uploads\/2022\/10\/IMG_20220926_162031_ergebnis-e1666187524341-225x300.jpg 225w\" sizes=\"auto, (max-width: 450px) 100vw, 450px\" \/><\/a><\/p>\n<p><a href=\"https:\/\/olu-limburg.de\/wp-content\/uploads\/2022\/10\/IMG_20220926_163323_ergebnis-e1666187551563.jpg\"><img loading=\"lazy\" decoding=\"async\" class=\"size-full wp-image-27673 aligncenter\" src=\"https:\/\/olu-limburg.de\/wp-content\/uploads\/2022\/10\/IMG_20220926_163323_ergebnis-e1666187551563.jpg\" alt=\"\" width=\"450\" height=\"600\" srcset=\"https:\/\/olu-limburg.de\/wp-content\/uploads\/2022\/10\/IMG_20220926_163323_ergebnis-e1666187551563.jpg 450w, https:\/\/olu-limburg.de\/wp-content\/uploads\/2022\/10\/IMG_20220926_163323_ergebnis-e1666187551563-225x300.jpg 225w\" sizes=\"auto, (max-width: 450px) 100vw, 450px\" \/><\/a><\/p>\n<p>Gegen\u00fcber des Portals der Kathedrale soll sich die Touristinfo befinden. Das ist sie aber nicht mehr. Laut den Erkl\u00e4rungen ist sie jetzt im Mus\u00e9e des Beaux-Arts. Das trifft sich gut. Dort wollen wir ja hin. In diesem Museum gibt es eine wundersch\u00f6ne Sammlung impressionistischer Gem\u00e4lde. Darunter sind auch Arbeiten Claude Monets von Rouen.<\/p>\n<p><a href=\"https:\/\/olu-limburg.de\/wp-content\/uploads\/2022\/10\/IMG_20220926_163719_ergebnis-e1666189555774.jpg\"><img loading=\"lazy\" decoding=\"async\" class=\"size-full wp-image-27677 aligncenter\" src=\"https:\/\/olu-limburg.de\/wp-content\/uploads\/2022\/10\/IMG_20220926_163719_ergebnis-e1666189555774.jpg\" alt=\"\" width=\"450\" height=\"600\" srcset=\"https:\/\/olu-limburg.de\/wp-content\/uploads\/2022\/10\/IMG_20220926_163719_ergebnis-e1666189555774.jpg 450w, https:\/\/olu-limburg.de\/wp-content\/uploads\/2022\/10\/IMG_20220926_163719_ergebnis-e1666189555774-225x300.jpg 225w\" sizes=\"auto, (max-width: 450px) 100vw, 450px\" \/><\/a><\/p>\n<p><a href=\"https:\/\/olu-limburg.de\/wp-content\/uploads\/2022\/10\/IMG_20220926_163437_ergebnis-e1666189574337.jpg\"><img loading=\"lazy\" decoding=\"async\" class=\"size-full wp-image-27676 aligncenter\" src=\"https:\/\/olu-limburg.de\/wp-content\/uploads\/2022\/10\/IMG_20220926_163437_ergebnis-e1666189574337.jpg\" alt=\"\" width=\"450\" height=\"600\" srcset=\"https:\/\/olu-limburg.de\/wp-content\/uploads\/2022\/10\/IMG_20220926_163437_ergebnis-e1666189574337.jpg 450w, https:\/\/olu-limburg.de\/wp-content\/uploads\/2022\/10\/IMG_20220926_163437_ergebnis-e1666189574337-225x300.jpg 225w\" sizes=\"auto, (max-width: 450px) 100vw, 450px\" \/><\/a><\/p>\n<p>Ein &#8222;freundlicher&#8220; \u00e4lterer Franzose spricht uns an und zeigt die Richtung in der wir gehen sollen. Er sagt aber auch sofort,&#8220;Ich spreche kein deutsch&#8220;, und l\u00e4chelt uns an. Wir gehen dankend los und laufen in die total falsche Richtung. Erst &#8222;Tante Google&#8220; f\u00fchrt uns dankenswerterweise den gleichen Weg zur\u00fcck, unter dem &#8222;Tour Horloge&#8220; hindurch, das Ensemble besteht aus dem gotischen Turm, der Renaissance-Arkade und einem Brunnen, &#8230;<\/p>\n<p><a href=\"https:\/\/olu-limburg.de\/wp-content\/uploads\/2022\/10\/20220926_164206_ergebnis-e1666189629526.jpg\"><img loading=\"lazy\" decoding=\"async\" class=\"size-full wp-image-27674 alignleft\" src=\"https:\/\/olu-limburg.de\/wp-content\/uploads\/2022\/10\/20220926_164206_ergebnis-e1666189629526.jpg\" alt=\"\" width=\"450\" height=\"600\" srcset=\"https:\/\/olu-limburg.de\/wp-content\/uploads\/2022\/10\/20220926_164206_ergebnis-e1666189629526.jpg 450w, https:\/\/olu-limburg.de\/wp-content\/uploads\/2022\/10\/20220926_164206_ergebnis-e1666189629526-225x300.jpg 225w\" sizes=\"auto, (max-width: 450px) 100vw, 450px\" \/><\/a><\/p>\n<p><a href=\"https:\/\/olu-limburg.de\/wp-content\/uploads\/2022\/10\/IMG_20220926_164414_ergebnis-e1666189650388.jpg\"><img loading=\"lazy\" decoding=\"async\" class=\"size-full wp-image-27678 alignright\" src=\"https:\/\/olu-limburg.de\/wp-content\/uploads\/2022\/10\/IMG_20220926_164414_ergebnis-e1666189650388.jpg\" alt=\"\" width=\"450\" height=\"600\" srcset=\"https:\/\/olu-limburg.de\/wp-content\/uploads\/2022\/10\/IMG_20220926_164414_ergebnis-e1666189650388.jpg 450w, https:\/\/olu-limburg.de\/wp-content\/uploads\/2022\/10\/IMG_20220926_164414_ergebnis-e1666189650388-225x300.jpg 225w\" sizes=\"auto, (max-width: 450px) 100vw, 450px\" \/><\/a><\/p>\n<p><a href=\"https:\/\/olu-limburg.de\/wp-content\/uploads\/2022\/10\/IMG_20220926_164601_ergebnis-e1666189678561.jpg\"><img loading=\"lazy\" decoding=\"async\" class=\"size-full wp-image-27679 aligncenter\" src=\"https:\/\/olu-limburg.de\/wp-content\/uploads\/2022\/10\/IMG_20220926_164601_ergebnis-e1666189678561.jpg\" alt=\"\" width=\"450\" height=\"600\" srcset=\"https:\/\/olu-limburg.de\/wp-content\/uploads\/2022\/10\/IMG_20220926_164601_ergebnis-e1666189678561.jpg 450w, https:\/\/olu-limburg.de\/wp-content\/uploads\/2022\/10\/IMG_20220926_164601_ergebnis-e1666189678561-225x300.jpg 225w\" sizes=\"auto, (max-width: 450px) 100vw, 450px\" \/><\/a><\/p>\n<p>&#8230; und weiter zum Museum der sch\u00f6nen K\u00fcnste an der Esplanade Marcel Duchamp. Die Zeit dr\u00e4ngt, da das Museum bald Schlu\u00df macht.<\/p>\n<p><a href=\"https:\/\/olu-limburg.de\/wp-content\/uploads\/2022\/10\/20220926_164709_ergebnis-e1666189720436.jpg\"><img loading=\"lazy\" decoding=\"async\" class=\"size-full wp-image-27675 aligncenter\" src=\"https:\/\/olu-limburg.de\/wp-content\/uploads\/2022\/10\/20220926_164709_ergebnis-e1666189720436.jpg\" alt=\"\" width=\"450\" height=\"600\" srcset=\"https:\/\/olu-limburg.de\/wp-content\/uploads\/2022\/10\/20220926_164709_ergebnis-e1666189720436.jpg 450w, https:\/\/olu-limburg.de\/wp-content\/uploads\/2022\/10\/20220926_164709_ergebnis-e1666189720436-225x300.jpg 225w\" sizes=\"auto, (max-width: 450px) 100vw, 450px\" \/><\/a><\/p>\n<p><a href=\"https:\/\/olu-limburg.de\/wp-content\/uploads\/2022\/10\/IMG_20220926_174305_ergebnis-e1666189759256.jpg\"><img loading=\"lazy\" decoding=\"async\" class=\"size-full wp-image-27681 aligncenter\" src=\"https:\/\/olu-limburg.de\/wp-content\/uploads\/2022\/10\/IMG_20220926_174305_ergebnis-e1666189759256.jpg\" alt=\"\" width=\"450\" height=\"600\" srcset=\"https:\/\/olu-limburg.de\/wp-content\/uploads\/2022\/10\/IMG_20220926_174305_ergebnis-e1666189759256.jpg 450w, https:\/\/olu-limburg.de\/wp-content\/uploads\/2022\/10\/IMG_20220926_174305_ergebnis-e1666189759256-225x300.jpg 225w\" sizes=\"auto, (max-width: 450px) 100vw, 450px\" \/><\/a><\/p>\n<p>Im Museum werden wir sofort darauf hingewiesen, dass wir nur noch eine Besuchszeit von 45 Minuten haben. Obwohl der Besuch kostenfrei ist, m\u00fcssen wir uns Eintrittskarten besorgen. Die n\u00e4chste Schwierigkeit ist die Suche nach dem Aufgang zum 2. Stock in die Ausstellung der Impressionisten.<\/p>\n<p><a href=\"https:\/\/olu-limburg.de\/wp-content\/uploads\/2022\/10\/P1100577_ergebnis-e1666189778939.jpg\"><img loading=\"lazy\" decoding=\"async\" class=\"size-full wp-image-27684 aligncenter\" src=\"https:\/\/olu-limburg.de\/wp-content\/uploads\/2022\/10\/P1100577_ergebnis-e1666189778939.jpg\" alt=\"\" width=\"450\" height=\"600\" srcset=\"https:\/\/olu-limburg.de\/wp-content\/uploads\/2022\/10\/P1100577_ergebnis-e1666189778939.jpg 450w, https:\/\/olu-limburg.de\/wp-content\/uploads\/2022\/10\/P1100577_ergebnis-e1666189778939-225x300.jpg 225w\" sizes=\"auto, (max-width: 450px) 100vw, 450px\" \/><\/a><\/p>\n<p>Es ist geschafft. Jetzt k\u00f6nnen wir bei der Betrachtung der Gem\u00e4lde wieder herunter kommen. Neben vielen anderen Gem\u00e4lden finden wir auch Claude Monets &#8222;Portail de la cath\u00e9drale de Rouen, temps gris&#8220; und &#8222;Vue g\u00e9n\u00e9rale de Rouen&#8220;, beide von 1892.<\/p>\n<p><a href=\"https:\/\/olu-limburg.de\/wp-content\/uploads\/2022\/10\/P1100559_ergebnis-e1666189801783.jpg\"><img loading=\"lazy\" decoding=\"async\" class=\"size-full wp-image-27682 aligncenter\" src=\"https:\/\/olu-limburg.de\/wp-content\/uploads\/2022\/10\/P1100559_ergebnis-e1666189801783.jpg\" alt=\"\" width=\"450\" height=\"600\" srcset=\"https:\/\/olu-limburg.de\/wp-content\/uploads\/2022\/10\/P1100559_ergebnis-e1666189801783.jpg 450w, https:\/\/olu-limburg.de\/wp-content\/uploads\/2022\/10\/P1100559_ergebnis-e1666189801783-225x300.jpg 225w\" sizes=\"auto, (max-width: 450px) 100vw, 450px\" \/><\/a><\/p>\n<p><a href=\"https:\/\/olu-limburg.de\/wp-content\/uploads\/2022\/10\/P1100566_ergebnis.jpg\"><img loading=\"lazy\" decoding=\"async\" class=\"size-full wp-image-27683 aligncenter\" src=\"https:\/\/olu-limburg.de\/wp-content\/uploads\/2022\/10\/P1100566_ergebnis.jpg\" alt=\"\" width=\"800\" height=\"600\" srcset=\"https:\/\/olu-limburg.de\/wp-content\/uploads\/2022\/10\/P1100566_ergebnis.jpg 800w, https:\/\/olu-limburg.de\/wp-content\/uploads\/2022\/10\/P1100566_ergebnis-300x225.jpg 300w, https:\/\/olu-limburg.de\/wp-content\/uploads\/2022\/10\/P1100566_ergebnis-768x576.jpg 768w, https:\/\/olu-limburg.de\/wp-content\/uploads\/2022\/10\/P1100566_ergebnis-624x468.jpg 624w\" sizes=\"auto, (max-width: 800px) 100vw, 800px\" \/><\/a><\/p>\n<p>Auf die letzte Minute verlassen wir das Museum und suchen uns etwas zum Essen.<\/p>\n<p><a href=\"https:\/\/olu-limburg.de\/wp-content\/uploads\/2022\/10\/IMG_20220926_174237_ergebnis.jpg\"><img loading=\"lazy\" decoding=\"async\" class=\"size-full wp-image-27680 aligncenter\" src=\"https:\/\/olu-limburg.de\/wp-content\/uploads\/2022\/10\/IMG_20220926_174237_ergebnis.jpg\" alt=\"\" width=\"800\" height=\"600\" srcset=\"https:\/\/olu-limburg.de\/wp-content\/uploads\/2022\/10\/IMG_20220926_174237_ergebnis.jpg 800w, https:\/\/olu-limburg.de\/wp-content\/uploads\/2022\/10\/IMG_20220926_174237_ergebnis-300x225.jpg 300w, https:\/\/olu-limburg.de\/wp-content\/uploads\/2022\/10\/IMG_20220926_174237_ergebnis-768x576.jpg 768w, https:\/\/olu-limburg.de\/wp-content\/uploads\/2022\/10\/IMG_20220926_174237_ergebnis-624x468.jpg 624w\" sizes=\"auto, (max-width: 800px) 100vw, 800px\" \/><\/a><\/p>\n<p>W\u00e4hrend unserer Suche passieren wir das Palais de Justice, und sehen eine Installation von Jan Vormann, die im Rahmen eines Festivals normannischer Impressionisten entstanden ist. Er hat mit Legosteinen Sch\u00e4den aus dem Bombardement der Alliierten von 1944 ausgef\u00fcllt.<\/p>\n<p><a href=\"https:\/\/olu-limburg.de\/wp-content\/uploads\/2022\/10\/IMG_20220926_175038_ergebnis-e1666191321647.jpg\"><img loading=\"lazy\" decoding=\"async\" class=\"size-full wp-image-27689 aligncenter\" src=\"https:\/\/olu-limburg.de\/wp-content\/uploads\/2022\/10\/IMG_20220926_175038_ergebnis-e1666191321647.jpg\" alt=\"\" width=\"450\" height=\"600\" srcset=\"https:\/\/olu-limburg.de\/wp-content\/uploads\/2022\/10\/IMG_20220926_175038_ergebnis-e1666191321647.jpg 450w, https:\/\/olu-limburg.de\/wp-content\/uploads\/2022\/10\/IMG_20220926_175038_ergebnis-e1666191321647-225x300.jpg 225w\" sizes=\"auto, (max-width: 450px) 100vw, 450px\" \/><\/a><\/p>\n<p><a href=\"https:\/\/olu-limburg.de\/wp-content\/uploads\/2022\/10\/20220926_175124_ergebnis-e1666191338617.jpg\"><img loading=\"lazy\" decoding=\"async\" class=\"size-full wp-image-27686 aligncenter\" src=\"https:\/\/olu-limburg.de\/wp-content\/uploads\/2022\/10\/20220926_175124_ergebnis-e1666191338617.jpg\" alt=\"\" width=\"450\" height=\"600\" srcset=\"https:\/\/olu-limburg.de\/wp-content\/uploads\/2022\/10\/20220926_175124_ergebnis-e1666191338617.jpg 450w, https:\/\/olu-limburg.de\/wp-content\/uploads\/2022\/10\/20220926_175124_ergebnis-e1666191338617-225x300.jpg 225w\" sizes=\"auto, (max-width: 450px) 100vw, 450px\" \/><\/a><\/p>\n<p>Auf dem Place de Vieux March\u00e9, wo Jeanne d&#8217;Arc am 30. Mai 1431 bei lebendigem Leib verbrannt wurde, rettete uns JM&#8217;s Caf\u00e9 das Leben. Wir hatten Mittags im Viertel Macoul nichts mehr zu essen gefunden und die Mahlzeit immer weiter hinausgeschoben.<\/p>\n<p><a href=\"https:\/\/olu-limburg.de\/wp-content\/uploads\/2022\/10\/P1100580_ergebnis-e1666191359156.jpg\"><img loading=\"lazy\" decoding=\"async\" class=\"size-full wp-image-27692 aligncenter\" src=\"https:\/\/olu-limburg.de\/wp-content\/uploads\/2022\/10\/P1100580_ergebnis-e1666191359156.jpg\" alt=\"\" width=\"450\" height=\"600\" srcset=\"https:\/\/olu-limburg.de\/wp-content\/uploads\/2022\/10\/P1100580_ergebnis-e1666191359156.jpg 450w, https:\/\/olu-limburg.de\/wp-content\/uploads\/2022\/10\/P1100580_ergebnis-e1666191359156-225x300.jpg 225w\" sizes=\"auto, (max-width: 450px) 100vw, 450px\" \/><\/a><\/p>\n<p><a href=\"https:\/\/olu-limburg.de\/wp-content\/uploads\/2022\/10\/P1100582_ergebnis-e1666191379426.jpg\"><img loading=\"lazy\" decoding=\"async\" class=\"size-full wp-image-27693 alignleft\" src=\"https:\/\/olu-limburg.de\/wp-content\/uploads\/2022\/10\/P1100582_ergebnis-e1666191379426.jpg\" alt=\"\" width=\"450\" height=\"600\" srcset=\"https:\/\/olu-limburg.de\/wp-content\/uploads\/2022\/10\/P1100582_ergebnis-e1666191379426.jpg 450w, https:\/\/olu-limburg.de\/wp-content\/uploads\/2022\/10\/P1100582_ergebnis-e1666191379426-225x300.jpg 225w\" sizes=\"auto, (max-width: 450px) 100vw, 450px\" \/><\/a><\/p>\n<p><a href=\"https:\/\/olu-limburg.de\/wp-content\/uploads\/2022\/10\/20220926_181115_ergebnis-e1666191399150.jpg\"><img loading=\"lazy\" decoding=\"async\" class=\"size-full wp-image-27687 alignright\" src=\"https:\/\/olu-limburg.de\/wp-content\/uploads\/2022\/10\/20220926_181115_ergebnis-e1666191399150.jpg\" alt=\"\" width=\"450\" height=\"600\" srcset=\"https:\/\/olu-limburg.de\/wp-content\/uploads\/2022\/10\/20220926_181115_ergebnis-e1666191399150.jpg 450w, https:\/\/olu-limburg.de\/wp-content\/uploads\/2022\/10\/20220926_181115_ergebnis-e1666191399150-225x300.jpg 225w\" sizes=\"auto, (max-width: 450px) 100vw, 450px\" \/><\/a><\/p>\n<div id=\"attachment_27690\" style=\"width: 810px\" class=\"wp-caption aligncenter\"><a href=\"https:\/\/olu-limburg.de\/wp-content\/uploads\/2022\/10\/IMG_20220926_181921_ergebnis.jpg\"><img loading=\"lazy\" decoding=\"async\" aria-describedby=\"caption-attachment-27690\" class=\"wp-image-27690 size-full\" src=\"https:\/\/olu-limburg.de\/wp-content\/uploads\/2022\/10\/IMG_20220926_181921_ergebnis.jpg\" alt=\"\" width=\"800\" height=\"600\" srcset=\"https:\/\/olu-limburg.de\/wp-content\/uploads\/2022\/10\/IMG_20220926_181921_ergebnis.jpg 800w, https:\/\/olu-limburg.de\/wp-content\/uploads\/2022\/10\/IMG_20220926_181921_ergebnis-300x225.jpg 300w, https:\/\/olu-limburg.de\/wp-content\/uploads\/2022\/10\/IMG_20220926_181921_ergebnis-768x576.jpg 768w, https:\/\/olu-limburg.de\/wp-content\/uploads\/2022\/10\/IMG_20220926_181921_ergebnis-624x468.jpg 624w\" sizes=\"auto, (max-width: 800px) 100vw, 800px\" \/><\/a><p id=\"caption-attachment-27690\" class=\"wp-caption-text\">Pizza Soleil<\/p><\/div>\n<div id=\"attachment_27688\" style=\"width: 810px\" class=\"wp-caption aligncenter\"><a href=\"https:\/\/olu-limburg.de\/wp-content\/uploads\/2022\/10\/20220926_181927_ergebnis.jpg\"><img loading=\"lazy\" decoding=\"async\" aria-describedby=\"caption-attachment-27688\" class=\"wp-image-27688 size-full\" src=\"https:\/\/olu-limburg.de\/wp-content\/uploads\/2022\/10\/20220926_181927_ergebnis.jpg\" alt=\"\" width=\"800\" height=\"600\" srcset=\"https:\/\/olu-limburg.de\/wp-content\/uploads\/2022\/10\/20220926_181927_ergebnis.jpg 800w, https:\/\/olu-limburg.de\/wp-content\/uploads\/2022\/10\/20220926_181927_ergebnis-300x225.jpg 300w, https:\/\/olu-limburg.de\/wp-content\/uploads\/2022\/10\/20220926_181927_ergebnis-768x576.jpg 768w, https:\/\/olu-limburg.de\/wp-content\/uploads\/2022\/10\/20220926_181927_ergebnis-624x468.jpg 624w\" sizes=\"auto, (max-width: 800px) 100vw, 800px\" \/><\/a><p id=\"caption-attachment-27688\" class=\"wp-caption-text\">Lasagne au Saumon mit einem ganzen \u00fcberbackenen St\u00fcck Lachs<\/p><\/div>\n<p>Wir sind satt und m\u00fcde. Jetzt zieht es uns nur noch zum Wohnmobil. Es war ein langer und anstrengender Tag.<\/p>\n<p><a href=\"https:\/\/olu-limburg.de\/wp-content\/uploads\/2022\/10\/IMG_20220926_185907_ergebnis-e1666191443752.jpg\"><img loading=\"lazy\" decoding=\"async\" class=\"size-full wp-image-27691 aligncenter\" src=\"https:\/\/olu-limburg.de\/wp-content\/uploads\/2022\/10\/IMG_20220926_185907_ergebnis-e1666191443752.jpg\" alt=\"\" width=\"450\" height=\"600\" srcset=\"https:\/\/olu-limburg.de\/wp-content\/uploads\/2022\/10\/IMG_20220926_185907_ergebnis-e1666191443752.jpg 450w, https:\/\/olu-limburg.de\/wp-content\/uploads\/2022\/10\/IMG_20220926_185907_ergebnis-e1666191443752-225x300.jpg 225w\" sizes=\"auto, (max-width: 450px) 100vw, 450px\" \/><\/a><\/p>\n<p>Tagesstrecke 35 km<\/p>\n<p>&nbsp;<\/p>\n<p><strong>Dienstag, 27.09.2022<\/strong><\/p>\n<p>Am Morgen ist es mal wieder sonnig, ws sich aber sehr schnell \u00e4ndern kann.<\/p>\n<p><a href=\"https:\/\/olu-limburg.de\/wp-content\/uploads\/2022\/10\/IMG_20220927_103958_ergebnis.jpg\"><img loading=\"lazy\" decoding=\"async\" class=\"alignnone size-full wp-image-27699\" src=\"https:\/\/olu-limburg.de\/wp-content\/uploads\/2022\/10\/IMG_20220927_103958_ergebnis.jpg\" alt=\"\" width=\"800\" height=\"600\" srcset=\"https:\/\/olu-limburg.de\/wp-content\/uploads\/2022\/10\/IMG_20220927_103958_ergebnis.jpg 800w, https:\/\/olu-limburg.de\/wp-content\/uploads\/2022\/10\/IMG_20220927_103958_ergebnis-300x225.jpg 300w, https:\/\/olu-limburg.de\/wp-content\/uploads\/2022\/10\/IMG_20220927_103958_ergebnis-768x576.jpg 768w, https:\/\/olu-limburg.de\/wp-content\/uploads\/2022\/10\/IMG_20220927_103958_ergebnis-624x468.jpg 624w\" sizes=\"auto, (max-width: 800px) 100vw, 800px\" \/><\/a><\/p>\n<p><a href=\"https:\/\/olu-limburg.de\/wp-content\/uploads\/2022\/10\/IMG_20220927_103914_ergebnis.jpg\"><img loading=\"lazy\" decoding=\"async\" class=\"alignnone size-full wp-image-27698\" src=\"https:\/\/olu-limburg.de\/wp-content\/uploads\/2022\/10\/IMG_20220927_103914_ergebnis.jpg\" alt=\"\" width=\"800\" height=\"600\" srcset=\"https:\/\/olu-limburg.de\/wp-content\/uploads\/2022\/10\/IMG_20220927_103914_ergebnis.jpg 800w, https:\/\/olu-limburg.de\/wp-content\/uploads\/2022\/10\/IMG_20220927_103914_ergebnis-300x225.jpg 300w, https:\/\/olu-limburg.de\/wp-content\/uploads\/2022\/10\/IMG_20220927_103914_ergebnis-768x576.jpg 768w, https:\/\/olu-limburg.de\/wp-content\/uploads\/2022\/10\/IMG_20220927_103914_ergebnis-624x468.jpg 624w\" sizes=\"auto, (max-width: 800px) 100vw, 800px\" \/><\/a><\/p>\n<p>Heute geht es nur immer in Richtung Osten, wo es uns hin verschl\u00e4gt, steht noch nicht fest. Wir kommen ganz leicht und schnell aus Rouen heraus. Als wir auf der N31 kurz vor dem Ort Martainville-Epreville in einen Kreisel fahren, sehen wir rechts von uns ein sch\u00f6nes Schloss, das Ch\u00e2teau de Martainville. Ich fahre sofort auf den neu angelegten Parkplatz.<\/p>\n<p><a href=\"https:\/\/olu-limburg.de\/wp-content\/uploads\/2022\/10\/20220927_113149_ergebnis.jpg\"><img loading=\"lazy\" decoding=\"async\" class=\"alignnone size-full wp-image-27696\" src=\"https:\/\/olu-limburg.de\/wp-content\/uploads\/2022\/10\/20220927_113149_ergebnis.jpg\" alt=\"\" width=\"800\" height=\"600\" srcset=\"https:\/\/olu-limburg.de\/wp-content\/uploads\/2022\/10\/20220927_113149_ergebnis.jpg 800w, https:\/\/olu-limburg.de\/wp-content\/uploads\/2022\/10\/20220927_113149_ergebnis-300x225.jpg 300w, https:\/\/olu-limburg.de\/wp-content\/uploads\/2022\/10\/20220927_113149_ergebnis-768x576.jpg 768w, https:\/\/olu-limburg.de\/wp-content\/uploads\/2022\/10\/20220927_113149_ergebnis-624x468.jpg 624w\" sizes=\"auto, (max-width: 800px) 100vw, 800px\" \/><\/a><\/p>\n<p><a href=\"https:\/\/olu-limburg.de\/wp-content\/uploads\/2022\/10\/P1100592_ergebnis.jpg\"><img loading=\"lazy\" decoding=\"async\" class=\"alignnone size-full wp-image-27705\" src=\"https:\/\/olu-limburg.de\/wp-content\/uploads\/2022\/10\/P1100592_ergebnis.jpg\" alt=\"\" width=\"800\" height=\"600\" srcset=\"https:\/\/olu-limburg.de\/wp-content\/uploads\/2022\/10\/P1100592_ergebnis.jpg 800w, https:\/\/olu-limburg.de\/wp-content\/uploads\/2022\/10\/P1100592_ergebnis-300x225.jpg 300w, https:\/\/olu-limburg.de\/wp-content\/uploads\/2022\/10\/P1100592_ergebnis-768x576.jpg 768w, https:\/\/olu-limburg.de\/wp-content\/uploads\/2022\/10\/P1100592_ergebnis-624x468.jpg 624w\" sizes=\"auto, (max-width: 800px) 100vw, 800px\" \/><\/a><\/p>\n<p>Das Ch\u00e2teau bezieht sich auf &#8222;Madame Bovary&#8220; und hat einen Garten mit Pflanzen nach Flauberts Aufzeichnungen angelegt. Wir betreten das Schloss durch die gro\u00dfe Eingangst\u00fcr und suchen die Information, da kommt schon eine junge Dame auf uns zu und erkl\u00e4rt uns, dass heute Ruhetag sei. Auf der Infotafel am Parkplatz hat davon nichts gestanden. Wir sind schon etwas entt\u00e4uscht.<\/p>\n<p><a href=\"https:\/\/olu-limburg.de\/wp-content\/uploads\/2022\/10\/P1100588_ergebnis-e1666196834272.jpg\"><img loading=\"lazy\" decoding=\"async\" class=\"alignnone size-full wp-image-27701\" src=\"https:\/\/olu-limburg.de\/wp-content\/uploads\/2022\/10\/P1100588_ergebnis-e1666196834272.jpg\" alt=\"\" width=\"450\" height=\"600\" srcset=\"https:\/\/olu-limburg.de\/wp-content\/uploads\/2022\/10\/P1100588_ergebnis-e1666196834272.jpg 450w, https:\/\/olu-limburg.de\/wp-content\/uploads\/2022\/10\/P1100588_ergebnis-e1666196834272-225x300.jpg 225w\" sizes=\"auto, (max-width: 450px) 100vw, 450px\" \/><\/a><\/p>\n<p><a href=\"https:\/\/olu-limburg.de\/wp-content\/uploads\/2022\/10\/P1100587_ergebnis.jpg\"><img loading=\"lazy\" decoding=\"async\" class=\"alignnone size-full wp-image-27700\" src=\"https:\/\/olu-limburg.de\/wp-content\/uploads\/2022\/10\/P1100587_ergebnis.jpg\" alt=\"\" width=\"800\" height=\"600\" srcset=\"https:\/\/olu-limburg.de\/wp-content\/uploads\/2022\/10\/P1100587_ergebnis.jpg 800w, https:\/\/olu-limburg.de\/wp-content\/uploads\/2022\/10\/P1100587_ergebnis-300x225.jpg 300w, https:\/\/olu-limburg.de\/wp-content\/uploads\/2022\/10\/P1100587_ergebnis-768x576.jpg 768w, https:\/\/olu-limburg.de\/wp-content\/uploads\/2022\/10\/P1100587_ergebnis-624x468.jpg 624w\" sizes=\"auto, (max-width: 800px) 100vw, 800px\" \/><\/a><\/p>\n<p><a href=\"https:\/\/olu-limburg.de\/wp-content\/uploads\/2022\/10\/P1100589_ergebnis.jpg\"><img loading=\"lazy\" decoding=\"async\" class=\"alignnone size-full wp-image-27702\" src=\"https:\/\/olu-limburg.de\/wp-content\/uploads\/2022\/10\/P1100589_ergebnis.jpg\" alt=\"\" width=\"800\" height=\"600\" srcset=\"https:\/\/olu-limburg.de\/wp-content\/uploads\/2022\/10\/P1100589_ergebnis.jpg 800w, https:\/\/olu-limburg.de\/wp-content\/uploads\/2022\/10\/P1100589_ergebnis-300x225.jpg 300w, https:\/\/olu-limburg.de\/wp-content\/uploads\/2022\/10\/P1100589_ergebnis-768x576.jpg 768w, https:\/\/olu-limburg.de\/wp-content\/uploads\/2022\/10\/P1100589_ergebnis-624x468.jpg 624w\" sizes=\"auto, (max-width: 800px) 100vw, 800px\" \/><\/a><\/p>\n<p><a href=\"https:\/\/olu-limburg.de\/wp-content\/uploads\/2022\/10\/P1100591_ergebnis.jpg\"><img loading=\"lazy\" decoding=\"async\" class=\"alignnone size-full wp-image-27704\" src=\"https:\/\/olu-limburg.de\/wp-content\/uploads\/2022\/10\/P1100591_ergebnis.jpg\" alt=\"\" width=\"800\" height=\"600\" srcset=\"https:\/\/olu-limburg.de\/wp-content\/uploads\/2022\/10\/P1100591_ergebnis.jpg 800w, https:\/\/olu-limburg.de\/wp-content\/uploads\/2022\/10\/P1100591_ergebnis-300x225.jpg 300w, https:\/\/olu-limburg.de\/wp-content\/uploads\/2022\/10\/P1100591_ergebnis-768x576.jpg 768w, https:\/\/olu-limburg.de\/wp-content\/uploads\/2022\/10\/P1100591_ergebnis-624x468.jpg 624w\" sizes=\"auto, (max-width: 800px) 100vw, 800px\" \/><\/a><\/p>\n<p><a href=\"https:\/\/olu-limburg.de\/wp-content\/uploads\/2022\/10\/P1100593_ergebnis.jpg\"><img loading=\"lazy\" decoding=\"async\" class=\"alignnone size-full wp-image-27706\" src=\"https:\/\/olu-limburg.de\/wp-content\/uploads\/2022\/10\/P1100593_ergebnis.jpg\" alt=\"\" width=\"800\" height=\"600\" srcset=\"https:\/\/olu-limburg.de\/wp-content\/uploads\/2022\/10\/P1100593_ergebnis.jpg 800w, https:\/\/olu-limburg.de\/wp-content\/uploads\/2022\/10\/P1100593_ergebnis-300x225.jpg 300w, https:\/\/olu-limburg.de\/wp-content\/uploads\/2022\/10\/P1100593_ergebnis-768x576.jpg 768w, https:\/\/olu-limburg.de\/wp-content\/uploads\/2022\/10\/P1100593_ergebnis-624x468.jpg 624w\" sizes=\"auto, (max-width: 800px) 100vw, 800px\" \/><\/a><\/p>\n<p><a href=\"https:\/\/olu-limburg.de\/wp-content\/uploads\/2022\/10\/P1100594_ergebnis.jpg\"><img loading=\"lazy\" decoding=\"async\" class=\"alignnone size-full wp-image-27707\" src=\"https:\/\/olu-limburg.de\/wp-content\/uploads\/2022\/10\/P1100594_ergebnis.jpg\" alt=\"\" width=\"800\" height=\"600\" srcset=\"https:\/\/olu-limburg.de\/wp-content\/uploads\/2022\/10\/P1100594_ergebnis.jpg 800w, https:\/\/olu-limburg.de\/wp-content\/uploads\/2022\/10\/P1100594_ergebnis-300x225.jpg 300w, https:\/\/olu-limburg.de\/wp-content\/uploads\/2022\/10\/P1100594_ergebnis-768x576.jpg 768w, https:\/\/olu-limburg.de\/wp-content\/uploads\/2022\/10\/P1100594_ergebnis-624x468.jpg 624w\" sizes=\"auto, (max-width: 800px) 100vw, 800px\" \/><\/a><\/p>\n<p><a href=\"https:\/\/olu-limburg.de\/wp-content\/uploads\/2022\/10\/P1100590_ergebnis.jpg\"><img loading=\"lazy\" decoding=\"async\" class=\"size-full wp-image-27703 alignnone\" src=\"https:\/\/olu-limburg.de\/wp-content\/uploads\/2022\/10\/P1100590_ergebnis.jpg\" alt=\"\" width=\"800\" height=\"600\" srcset=\"https:\/\/olu-limburg.de\/wp-content\/uploads\/2022\/10\/P1100590_ergebnis.jpg 800w, https:\/\/olu-limburg.de\/wp-content\/uploads\/2022\/10\/P1100590_ergebnis-300x225.jpg 300w, https:\/\/olu-limburg.de\/wp-content\/uploads\/2022\/10\/P1100590_ergebnis-768x576.jpg 768w, https:\/\/olu-limburg.de\/wp-content\/uploads\/2022\/10\/P1100590_ergebnis-624x468.jpg 624w\" sizes=\"auto, (max-width: 800px) 100vw, 800px\" \/><\/a><\/p>\n<p><a href=\"https:\/\/olu-limburg.de\/wp-content\/uploads\/2022\/10\/P1100595_ergebnis.jpg\"><img loading=\"lazy\" decoding=\"async\" class=\"alignnone size-full wp-image-27708\" src=\"https:\/\/olu-limburg.de\/wp-content\/uploads\/2022\/10\/P1100595_ergebnis.jpg\" alt=\"\" width=\"800\" height=\"600\" srcset=\"https:\/\/olu-limburg.de\/wp-content\/uploads\/2022\/10\/P1100595_ergebnis.jpg 800w, https:\/\/olu-limburg.de\/wp-content\/uploads\/2022\/10\/P1100595_ergebnis-300x225.jpg 300w, https:\/\/olu-limburg.de\/wp-content\/uploads\/2022\/10\/P1100595_ergebnis-768x576.jpg 768w, https:\/\/olu-limburg.de\/wp-content\/uploads\/2022\/10\/P1100595_ergebnis-624x468.jpg 624w\" sizes=\"auto, (max-width: 800px) 100vw, 800px\" \/><\/a><\/p>\n<p>Als kleine Entsch\u00e4digung kann man vielleicht ansehen, das wir kurz vor Gournay-en-Bray einen &#8222;Routier&#8220; finden, dessen Men\u00fc uns mit Vorspeise und Hauptgericht vom B\u00fcfett, K\u00e4se und Dessert f\u00fcr EUR 15,00 anbietet.<\/p>\n<p>2 x Vorspeise je nach Geschmack:<\/p>\n<p><a href=\"https:\/\/olu-limburg.de\/wp-content\/uploads\/2022\/10\/IMG_20220927_122823_ergebnis.jpg\"><img loading=\"lazy\" decoding=\"async\" class=\"alignnone size-full wp-image-27716\" src=\"https:\/\/olu-limburg.de\/wp-content\/uploads\/2022\/10\/IMG_20220927_122823_ergebnis.jpg\" alt=\"\" width=\"800\" height=\"600\" srcset=\"https:\/\/olu-limburg.de\/wp-content\/uploads\/2022\/10\/IMG_20220927_122823_ergebnis.jpg 800w, https:\/\/olu-limburg.de\/wp-content\/uploads\/2022\/10\/IMG_20220927_122823_ergebnis-300x225.jpg 300w, https:\/\/olu-limburg.de\/wp-content\/uploads\/2022\/10\/IMG_20220927_122823_ergebnis-768x576.jpg 768w, https:\/\/olu-limburg.de\/wp-content\/uploads\/2022\/10\/IMG_20220927_122823_ergebnis-624x468.jpg 624w\" sizes=\"auto, (max-width: 800px) 100vw, 800px\" \/><\/a><\/p>\n<p><a href=\"https:\/\/olu-limburg.de\/wp-content\/uploads\/2022\/10\/20220927_122753_ergebnis-e1666198764159.jpg\"><img loading=\"lazy\" decoding=\"async\" class=\"alignnone size-full wp-image-27712\" src=\"https:\/\/olu-limburg.de\/wp-content\/uploads\/2022\/10\/20220927_122753_ergebnis-e1666198764159.jpg\" alt=\"\" width=\"800\" height=\"600\" srcset=\"https:\/\/olu-limburg.de\/wp-content\/uploads\/2022\/10\/20220927_122753_ergebnis-e1666198764159.jpg 800w, https:\/\/olu-limburg.de\/wp-content\/uploads\/2022\/10\/20220927_122753_ergebnis-e1666198764159-300x225.jpg 300w, https:\/\/olu-limburg.de\/wp-content\/uploads\/2022\/10\/20220927_122753_ergebnis-e1666198764159-768x576.jpg 768w, https:\/\/olu-limburg.de\/wp-content\/uploads\/2022\/10\/20220927_122753_ergebnis-e1666198764159-624x468.jpg 624w\" sizes=\"auto, (max-width: 800px) 100vw, 800px\" \/><\/a><\/p>\n<p>2 x Boef Bourgignon mit Beilagen je nach Geschmack<\/p>\n<p><a href=\"https:\/\/olu-limburg.de\/wp-content\/uploads\/2022\/10\/IMG_20220927_124023_ergebnis.jpg\"><img loading=\"lazy\" decoding=\"async\" class=\"alignnone size-full wp-image-27717\" src=\"https:\/\/olu-limburg.de\/wp-content\/uploads\/2022\/10\/IMG_20220927_124023_ergebnis.jpg\" alt=\"\" width=\"800\" height=\"600\" srcset=\"https:\/\/olu-limburg.de\/wp-content\/uploads\/2022\/10\/IMG_20220927_124023_ergebnis.jpg 800w, https:\/\/olu-limburg.de\/wp-content\/uploads\/2022\/10\/IMG_20220927_124023_ergebnis-300x225.jpg 300w, https:\/\/olu-limburg.de\/wp-content\/uploads\/2022\/10\/IMG_20220927_124023_ergebnis-768x576.jpg 768w, https:\/\/olu-limburg.de\/wp-content\/uploads\/2022\/10\/IMG_20220927_124023_ergebnis-624x468.jpg 624w\" sizes=\"auto, (max-width: 800px) 100vw, 800px\" \/><\/a><\/p>\n<p><a href=\"https:\/\/olu-limburg.de\/wp-content\/uploads\/2022\/10\/20220927_124132_ergebnis-e1666198832297.jpg\"><img loading=\"lazy\" decoding=\"async\" class=\"alignnone size-full wp-image-27713\" src=\"https:\/\/olu-limburg.de\/wp-content\/uploads\/2022\/10\/20220927_124132_ergebnis-e1666198832297.jpg\" alt=\"\" width=\"800\" height=\"600\" srcset=\"https:\/\/olu-limburg.de\/wp-content\/uploads\/2022\/10\/20220927_124132_ergebnis-e1666198832297.jpg 800w, https:\/\/olu-limburg.de\/wp-content\/uploads\/2022\/10\/20220927_124132_ergebnis-e1666198832297-300x225.jpg 300w, https:\/\/olu-limburg.de\/wp-content\/uploads\/2022\/10\/20220927_124132_ergebnis-e1666198832297-768x576.jpg 768w, https:\/\/olu-limburg.de\/wp-content\/uploads\/2022\/10\/20220927_124132_ergebnis-e1666198832297-624x468.jpg 624w\" sizes=\"auto, (max-width: 800px) 100vw, 800px\" \/><\/a><\/p>\n<p>Dessert, den K\u00e4se haben wir uns geschenkt:<\/p>\n<div id=\"attachment_27718\" style=\"width: 810px\" class=\"wp-caption alignnone\"><a href=\"https:\/\/olu-limburg.de\/wp-content\/uploads\/2022\/10\/IMG_20220927_125700_ergebnis.jpg\"><img loading=\"lazy\" decoding=\"async\" aria-describedby=\"caption-attachment-27718\" class=\"wp-image-27718 size-full\" src=\"https:\/\/olu-limburg.de\/wp-content\/uploads\/2022\/10\/IMG_20220927_125700_ergebnis.jpg\" alt=\"\" width=\"800\" height=\"600\" srcset=\"https:\/\/olu-limburg.de\/wp-content\/uploads\/2022\/10\/IMG_20220927_125700_ergebnis.jpg 800w, https:\/\/olu-limburg.de\/wp-content\/uploads\/2022\/10\/IMG_20220927_125700_ergebnis-300x225.jpg 300w, https:\/\/olu-limburg.de\/wp-content\/uploads\/2022\/10\/IMG_20220927_125700_ergebnis-768x576.jpg 768w, https:\/\/olu-limburg.de\/wp-content\/uploads\/2022\/10\/IMG_20220927_125700_ergebnis-624x468.jpg 624w\" sizes=\"auto, (max-width: 800px) 100vw, 800px\" \/><\/a><p id=\"caption-attachment-27718\" class=\"wp-caption-text\">Fromages blanc<\/p><\/div>\n<div id=\"attachment_27715\" style=\"width: 810px\" class=\"wp-caption alignnone\"><a href=\"https:\/\/olu-limburg.de\/wp-content\/uploads\/2022\/10\/20220927_125654_ergebnis.jpg\"><img loading=\"lazy\" decoding=\"async\" aria-describedby=\"caption-attachment-27715\" class=\"wp-image-27715 size-full\" src=\"https:\/\/olu-limburg.de\/wp-content\/uploads\/2022\/10\/20220927_125654_ergebnis.jpg\" alt=\"\" width=\"800\" height=\"600\" srcset=\"https:\/\/olu-limburg.de\/wp-content\/uploads\/2022\/10\/20220927_125654_ergebnis.jpg 800w, https:\/\/olu-limburg.de\/wp-content\/uploads\/2022\/10\/20220927_125654_ergebnis-300x225.jpg 300w, https:\/\/olu-limburg.de\/wp-content\/uploads\/2022\/10\/20220927_125654_ergebnis-768x576.jpg 768w, https:\/\/olu-limburg.de\/wp-content\/uploads\/2022\/10\/20220927_125654_ergebnis-624x468.jpg 624w\" sizes=\"auto, (max-width: 800px) 100vw, 800px\" \/><\/a><p id=\"caption-attachment-27715\" class=\"wp-caption-text\">eine Tarte<\/p><\/div>\n<p>Danach beginnt aber so richtig der miese Teil des Tages. In Gournay-en-Bray werden wir von der N31 auf eine Umleitung geschickt, die in einer Irrfahrt endet und es unheimlich lange dauert, bis wir wieder auf der N31 sind. In Compiegne finden wir keinen Parkplatz an der Oise, wo wir uns hinstellen k\u00f6nnten. Also fahren wir weiter und erreichen Trosly-Breuil, einen kleinen Ort an der Aisne. Der Parkplatz ist ganz okay, aber die Infrastruktur ist bis auf Null herunter gefahren.<\/p>\n<p><a href=\"https:\/\/olu-limburg.de\/wp-content\/uploads\/2022\/10\/IMG_20220927_160546_ergebnis.jpg\"><img loading=\"lazy\" decoding=\"async\" class=\"size-full wp-image-27720 aligncenter\" src=\"https:\/\/olu-limburg.de\/wp-content\/uploads\/2022\/10\/IMG_20220927_160546_ergebnis.jpg\" alt=\"\" width=\"800\" height=\"600\" srcset=\"https:\/\/olu-limburg.de\/wp-content\/uploads\/2022\/10\/IMG_20220927_160546_ergebnis.jpg 800w, https:\/\/olu-limburg.de\/wp-content\/uploads\/2022\/10\/IMG_20220927_160546_ergebnis-300x225.jpg 300w, https:\/\/olu-limburg.de\/wp-content\/uploads\/2022\/10\/IMG_20220927_160546_ergebnis-768x576.jpg 768w, https:\/\/olu-limburg.de\/wp-content\/uploads\/2022\/10\/IMG_20220927_160546_ergebnis-624x468.jpg 624w\" sizes=\"auto, (max-width: 800px) 100vw, 800px\" \/><\/a><\/p>\n<p>Der n\u00e4chste Versuch wird in Soissons mit dem Wohnmobil-Stellplatz mit V+E in der Rue Erneste Ringuer an der Aisne gestartet. Die Stra\u00dfe vor dem Stellplatz ist eine riesige Baustelle und alles Material wird auf dem Stellplatz gelagert. In der n\u00e4heren Umgebung gibt es auch nichts, wo wir uns hinstellen k\u00f6nnen.<\/p>\n<p>Jetzt habe ich noch zwei Adressen von France Passion bei Champagnerg\u00fctern kurz vor Reims. Ich entscheide mich f\u00fcr das Unternehmen V. Bennezon in Courville. In Fismes verlassen wir die N31 und fahren noch 4,5 km bis nach Courville. Die Fa. Bennezon finden wir erst im zweiten Anlauf, da der France Passion-Hinweis bei der Einfahrt vom bereit gestellten M\u00fclleimer verdeckt wird. Hier stehen wir ganz gut auf einer Kiesunterlage, die wir bei dem Dauerregen ganz gut gebrauchen k\u00f6nnen. Ich gehe noch zum Wohnhaus um uns f\u00fcr die \u00dcbernachtungsm\u00f6glichkeit zu bedanken und um eine Flasche Champagner zum sofortigen Verzehr zu kaufen. Es macht mir aber niemand auf. Schade, es passt zu dem Tag.<\/p>\n<p><a href=\"https:\/\/olu-limburg.de\/wp-content\/uploads\/2022\/10\/IMG_20220928_104252_ergebnis.jpg\"><img loading=\"lazy\" decoding=\"async\" class=\"wp-image-27721 size-full aligncenter\" src=\"https:\/\/olu-limburg.de\/wp-content\/uploads\/2022\/10\/IMG_20220928_104252_ergebnis.jpg\" alt=\"\" width=\"800\" height=\"600\" srcset=\"https:\/\/olu-limburg.de\/wp-content\/uploads\/2022\/10\/IMG_20220928_104252_ergebnis.jpg 800w, https:\/\/olu-limburg.de\/wp-content\/uploads\/2022\/10\/IMG_20220928_104252_ergebnis-300x225.jpg 300w, https:\/\/olu-limburg.de\/wp-content\/uploads\/2022\/10\/IMG_20220928_104252_ergebnis-768x576.jpg 768w, https:\/\/olu-limburg.de\/wp-content\/uploads\/2022\/10\/IMG_20220928_104252_ergebnis-624x468.jpg 624w\" sizes=\"auto, (max-width: 800px) 100vw, 800px\" \/><\/a><\/p>\n<p>Kurz bevor es dunkel wird, kommen mehrere Kleinbusse an. Ich glaube die waren alle noch zur Weinernte drau\u00dfen. Jetzt ist es mir aber zu sp\u00e4t um nochmals da herum zu laufen. Au\u00dferdem werden die Leute ganz schon fertig sein.<\/p>\n<p>Tagesstrecke: 232 km<\/p>\n<p>&nbsp;<\/p>\n<p><strong>Mittwoch, 28.09.2022<\/strong><\/p>\n<p>Unsere erste heutige Station ist Reims. Auch wenn wir gestern mit Rouen bereits eine gr\u00f6\u00dfere Stadt durchlatscht haben, k\u00f6nnen wir deshalb nicht Reims sein lassen. Denn an der Stelle der heutigen Stadt haben bereits um 80 v. Chr. die Kelten eine Siedlung (Oppidum) gegr\u00fcndet. Bevor sie in den gallischen Kriegen von den R\u00f6mern besiegt wurden. Im Jahre 406 folgten die Vandalen und 451 nahm der Hunnenk\u00f6nig Attila die Stadt ein. Erst gegen Ende des 5. Jhdt. \u00fcbernahm mit Chlodwig I. ein Merowinger, der vorher nur als ein Verwalter der R\u00f6mer im Gebiet der s\u00fcdlichen Niederlanden und dem n\u00f6rdlichen Belgien galt, die Macht \u00fcber das Gebiet um Reims. Dadurch gilt Chlodwig I. auch als Begr\u00fcnder des Frankenreiches.<\/p>\n<p>Wir steuern einen Parkplatz ohne V+E am Stade Auguste-Delaune an. Mit der Navieingabe &#8222;Rue Leo Lagrange&#8220; kommt man gut hin. Dieser Platz kann um die Heimspiele des Fu\u00dfballclubs &#8222;Stade de Reims&#8220; nicht angefahren werden. Der genaue Zeitraum wird an einem Verkehrsschild aktuell ausgewiesen. Ansonsten ist das kostenlose Parken und \u00dcbernachten erlaubt.<\/p>\n<p><a href=\"https:\/\/olu-limburg.de\/wp-content\/uploads\/2022\/10\/20220928_154110_ergebnis-e1666276042153.jpg\"><img loading=\"lazy\" decoding=\"async\" class=\"size-full wp-image-27728 aligncenter\" src=\"https:\/\/olu-limburg.de\/wp-content\/uploads\/2022\/10\/20220928_154110_ergebnis-e1666276042153.jpg\" alt=\"\" width=\"450\" height=\"600\" srcset=\"https:\/\/olu-limburg.de\/wp-content\/uploads\/2022\/10\/20220928_154110_ergebnis-e1666276042153.jpg 450w, https:\/\/olu-limburg.de\/wp-content\/uploads\/2022\/10\/20220928_154110_ergebnis-e1666276042153-225x300.jpg 225w\" sizes=\"auto, (max-width: 450px) 100vw, 450px\" \/><\/a><\/p>\n<p><a href=\"https:\/\/olu-limburg.de\/wp-content\/uploads\/2022\/10\/P1100645_ergebnis.jpg\"><img loading=\"lazy\" decoding=\"async\" class=\"size-full wp-image-27732 aligncenter\" src=\"https:\/\/olu-limburg.de\/wp-content\/uploads\/2022\/10\/P1100645_ergebnis.jpg\" alt=\"\" width=\"800\" height=\"600\" srcset=\"https:\/\/olu-limburg.de\/wp-content\/uploads\/2022\/10\/P1100645_ergebnis.jpg 800w, https:\/\/olu-limburg.de\/wp-content\/uploads\/2022\/10\/P1100645_ergebnis-300x225.jpg 300w, https:\/\/olu-limburg.de\/wp-content\/uploads\/2022\/10\/P1100645_ergebnis-768x576.jpg 768w, https:\/\/olu-limburg.de\/wp-content\/uploads\/2022\/10\/P1100645_ergebnis-624x468.jpg 624w\" sizes=\"auto, (max-width: 800px) 100vw, 800px\" \/><\/a><\/p>\n<p>Bei sch\u00f6nem Wetter ziehen wir sofort los in die Stadt. Von hier aus k\u00f6nnen wir zu Fu\u00df die Umgehungsstra\u00dfe und die Vesle mit Hilfe der Avenue Paul Marchandeau \u00fcberqueren, biegen links ein in den Boulevard Paul Doumer ein und etwas sp\u00e4ter nach rechts in die Rue Libergier, die uns direkt auf die Cath\u00e9drale Notre-Dame de Reims zuf\u00fchrt.<\/p>\n<p><a href=\"https:\/\/olu-limburg.de\/wp-content\/uploads\/2022\/10\/P1100597_ergebnis.jpg\"><img loading=\"lazy\" decoding=\"async\" class=\"size-full wp-image-27731 aligncenter\" src=\"https:\/\/olu-limburg.de\/wp-content\/uploads\/2022\/10\/P1100597_ergebnis.jpg\" alt=\"\" width=\"800\" height=\"600\" srcset=\"https:\/\/olu-limburg.de\/wp-content\/uploads\/2022\/10\/P1100597_ergebnis.jpg 800w, https:\/\/olu-limburg.de\/wp-content\/uploads\/2022\/10\/P1100597_ergebnis-300x225.jpg 300w, https:\/\/olu-limburg.de\/wp-content\/uploads\/2022\/10\/P1100597_ergebnis-768x576.jpg 768w, https:\/\/olu-limburg.de\/wp-content\/uploads\/2022\/10\/P1100597_ergebnis-624x468.jpg 624w\" sizes=\"auto, (max-width: 800px) 100vw, 800px\" \/><\/a><\/p>\n<p><a href=\"https:\/\/olu-limburg.de\/wp-content\/uploads\/2022\/10\/IMG_20220928_120350_ergebnis-e1666276073586.jpg\"><img loading=\"lazy\" decoding=\"async\" class=\"size-full wp-image-27729 aligncenter\" src=\"https:\/\/olu-limburg.de\/wp-content\/uploads\/2022\/10\/IMG_20220928_120350_ergebnis-e1666276073586.jpg\" alt=\"\" width=\"450\" height=\"600\" srcset=\"https:\/\/olu-limburg.de\/wp-content\/uploads\/2022\/10\/IMG_20220928_120350_ergebnis-e1666276073586.jpg 450w, https:\/\/olu-limburg.de\/wp-content\/uploads\/2022\/10\/IMG_20220928_120350_ergebnis-e1666276073586-225x300.jpg 225w\" sizes=\"auto, (max-width: 450px) 100vw, 450px\" \/><\/a><\/p>\n<p>Mit dem Bau der Kathedrale wurde im 12. Jhdt. begonnen. Sie geh\u00f6rt zu den bedeutendsten gotischen Kirchen Frankreichs. Dadurch, dass der hl. Remigius als Bischof von Reims im 5. Jhdt. Chlodwig I. getauft und mit heiligem \u00d6l gesalbt hat, leiteten die weiteren Erzbisch\u00f6fe von Reims das Recht ab, alle franz\u00f6sischen K\u00f6nige hier zu salben und zu kr\u00f6nen.<\/p>\n<p>Auffallend an der Westfassade ist die genau berechnete zentrale Position der gro\u00dfen Rosette. Dies wurde m\u00f6glich durch die Erfindung des Ma\u00dfwerks durch den Reimser Jean d&#8217;Orbais etwa um 1215.<\/p>\n<p><a href=\"https:\/\/olu-limburg.de\/wp-content\/uploads\/2022\/10\/IMG_20220928_120831_ergebnis-e1666276103826.jpg\"><img loading=\"lazy\" decoding=\"async\" class=\"size-full wp-image-27730 aligncenter\" src=\"https:\/\/olu-limburg.de\/wp-content\/uploads\/2022\/10\/IMG_20220928_120831_ergebnis-e1666276103826.jpg\" alt=\"\" width=\"450\" height=\"600\" srcset=\"https:\/\/olu-limburg.de\/wp-content\/uploads\/2022\/10\/IMG_20220928_120831_ergebnis-e1666276103826.jpg 450w, https:\/\/olu-limburg.de\/wp-content\/uploads\/2022\/10\/IMG_20220928_120831_ergebnis-e1666276103826-225x300.jpg 225w\" sizes=\"auto, (max-width: 450px) 100vw, 450px\" \/><\/a><\/p>\n<div id=\"attachment_27725\" style=\"width: 810px\" class=\"wp-caption aligncenter\"><a href=\"https:\/\/olu-limburg.de\/wp-content\/uploads\/2022\/10\/20220928_121032_ergebnis.jpg\"><img loading=\"lazy\" decoding=\"async\" aria-describedby=\"caption-attachment-27725\" class=\"wp-image-27725 size-full\" src=\"https:\/\/olu-limburg.de\/wp-content\/uploads\/2022\/10\/20220928_121032_ergebnis.jpg\" alt=\"\" width=\"800\" height=\"600\" srcset=\"https:\/\/olu-limburg.de\/wp-content\/uploads\/2022\/10\/20220928_121032_ergebnis.jpg 800w, https:\/\/olu-limburg.de\/wp-content\/uploads\/2022\/10\/20220928_121032_ergebnis-300x225.jpg 300w, https:\/\/olu-limburg.de\/wp-content\/uploads\/2022\/10\/20220928_121032_ergebnis-768x576.jpg 768w, https:\/\/olu-limburg.de\/wp-content\/uploads\/2022\/10\/20220928_121032_ergebnis-624x468.jpg 624w\" sizes=\"auto, (max-width: 800px) 100vw, 800px\" \/><\/a><p id=\"caption-attachment-27725\" class=\"wp-caption-text\">ein Salbungsvorgang \u00fcber dem Hauptportal<\/p><\/div>\n<p>Die Salbungsdarstellung \u00fcber dem Hauptportal wird eingerahmt von Christusdarstellungen \u00fcber den flankierenden Portalen.<\/p>\n<p><a href=\"https:\/\/olu-limburg.de\/wp-content\/uploads\/2022\/10\/P1100602_ergebnis.jpg\"><img loading=\"lazy\" decoding=\"async\" class=\"size-full wp-image-27735 aligncenter\" src=\"https:\/\/olu-limburg.de\/wp-content\/uploads\/2022\/10\/P1100602_ergebnis.jpg\" alt=\"\" width=\"800\" height=\"600\" srcset=\"https:\/\/olu-limburg.de\/wp-content\/uploads\/2022\/10\/P1100602_ergebnis.jpg 800w, https:\/\/olu-limburg.de\/wp-content\/uploads\/2022\/10\/P1100602_ergebnis-300x225.jpg 300w, https:\/\/olu-limburg.de\/wp-content\/uploads\/2022\/10\/P1100602_ergebnis-768x576.jpg 768w, https:\/\/olu-limburg.de\/wp-content\/uploads\/2022\/10\/P1100602_ergebnis-624x468.jpg 624w\" sizes=\"auto, (max-width: 800px) 100vw, 800px\" \/><\/a><\/p>\n<p><a href=\"https:\/\/olu-limburg.de\/wp-content\/uploads\/2022\/10\/P1100601_ergebnis.jpg\"><img loading=\"lazy\" decoding=\"async\" class=\"size-full wp-image-27734 aligncenter\" src=\"https:\/\/olu-limburg.de\/wp-content\/uploads\/2022\/10\/P1100601_ergebnis.jpg\" alt=\"\" width=\"800\" height=\"600\" srcset=\"https:\/\/olu-limburg.de\/wp-content\/uploads\/2022\/10\/P1100601_ergebnis.jpg 800w, https:\/\/olu-limburg.de\/wp-content\/uploads\/2022\/10\/P1100601_ergebnis-300x225.jpg 300w, https:\/\/olu-limburg.de\/wp-content\/uploads\/2022\/10\/P1100601_ergebnis-768x576.jpg 768w, https:\/\/olu-limburg.de\/wp-content\/uploads\/2022\/10\/P1100601_ergebnis-624x468.jpg 624w\" sizes=\"auto, (max-width: 800px) 100vw, 800px\" \/><\/a><\/p>\n<p><a href=\"https:\/\/olu-limburg.de\/wp-content\/uploads\/2022\/10\/IMG_20220928_122054_ergebnis-e1666278425617.jpg\"><img loading=\"lazy\" decoding=\"async\" class=\"size-full wp-image-27736 alignleft\" src=\"https:\/\/olu-limburg.de\/wp-content\/uploads\/2022\/10\/IMG_20220928_122054_ergebnis-e1666278425617.jpg\" alt=\"\" width=\"450\" height=\"600\" srcset=\"https:\/\/olu-limburg.de\/wp-content\/uploads\/2022\/10\/IMG_20220928_122054_ergebnis-e1666278425617.jpg 450w, https:\/\/olu-limburg.de\/wp-content\/uploads\/2022\/10\/IMG_20220928_122054_ergebnis-e1666278425617-225x300.jpg 225w\" sizes=\"auto, (max-width: 450px) 100vw, 450px\" \/><\/a><\/p>\n<p><a href=\"https:\/\/olu-limburg.de\/wp-content\/uploads\/2022\/10\/IMG_20220928_122401_ergebnis-e1666278476271.jpg\"><img loading=\"lazy\" decoding=\"async\" class=\"size-full wp-image-27737 alignright\" src=\"https:\/\/olu-limburg.de\/wp-content\/uploads\/2022\/10\/IMG_20220928_122401_ergebnis-e1666278476271.jpg\" alt=\"\" width=\"450\" height=\"600\" srcset=\"https:\/\/olu-limburg.de\/wp-content\/uploads\/2022\/10\/IMG_20220928_122401_ergebnis-e1666278476271.jpg 450w, https:\/\/olu-limburg.de\/wp-content\/uploads\/2022\/10\/IMG_20220928_122401_ergebnis-e1666278476271-225x300.jpg 225w\" sizes=\"auto, (max-width: 450px) 100vw, 450px\" \/><\/a><\/p>\n<p><a href=\"https:\/\/olu-limburg.de\/wp-content\/uploads\/2022\/10\/IMG_20220928_122629_ergebnis-e1666278547879.jpg\"><img loading=\"lazy\" decoding=\"async\" class=\"size-full wp-image-27738 alignleft\" src=\"https:\/\/olu-limburg.de\/wp-content\/uploads\/2022\/10\/IMG_20220928_122629_ergebnis-e1666278547879.jpg\" alt=\"\" width=\"450\" height=\"600\" srcset=\"https:\/\/olu-limburg.de\/wp-content\/uploads\/2022\/10\/IMG_20220928_122629_ergebnis-e1666278547879.jpg 450w, https:\/\/olu-limburg.de\/wp-content\/uploads\/2022\/10\/IMG_20220928_122629_ergebnis-e1666278547879-225x300.jpg 225w\" sizes=\"auto, (max-width: 450px) 100vw, 450px\" \/><\/a><\/p>\n<p><a href=\"https:\/\/olu-limburg.de\/wp-content\/uploads\/2022\/10\/IMG_20220928_122707_ergebnis-e1666278576918.jpg\"><img loading=\"lazy\" decoding=\"async\" class=\"size-full wp-image-27739 alignright\" src=\"https:\/\/olu-limburg.de\/wp-content\/uploads\/2022\/10\/IMG_20220928_122707_ergebnis-e1666278576918.jpg\" alt=\"\" width=\"450\" height=\"600\" srcset=\"https:\/\/olu-limburg.de\/wp-content\/uploads\/2022\/10\/IMG_20220928_122707_ergebnis-e1666278576918.jpg 450w, https:\/\/olu-limburg.de\/wp-content\/uploads\/2022\/10\/IMG_20220928_122707_ergebnis-e1666278576918-225x300.jpg 225w\" sizes=\"auto, (max-width: 450px) 100vw, 450px\" \/><\/a><\/p>\n<div id=\"attachment_27745\" style=\"width: 810px\" class=\"wp-caption aligncenter\"><a href=\"https:\/\/olu-limburg.de\/wp-content\/uploads\/2022\/10\/P1100606_ergebnis.jpg\"><img loading=\"lazy\" decoding=\"async\" aria-describedby=\"caption-attachment-27745\" class=\"wp-image-27745 size-full\" src=\"https:\/\/olu-limburg.de\/wp-content\/uploads\/2022\/10\/P1100606_ergebnis.jpg\" alt=\"\" width=\"800\" height=\"600\" srcset=\"https:\/\/olu-limburg.de\/wp-content\/uploads\/2022\/10\/P1100606_ergebnis.jpg 800w, https:\/\/olu-limburg.de\/wp-content\/uploads\/2022\/10\/P1100606_ergebnis-300x225.jpg 300w, https:\/\/olu-limburg.de\/wp-content\/uploads\/2022\/10\/P1100606_ergebnis-768x576.jpg 768w, https:\/\/olu-limburg.de\/wp-content\/uploads\/2022\/10\/P1100606_ergebnis-624x468.jpg 624w\" sizes=\"auto, (max-width: 800px) 100vw, 800px\" \/><\/a><p id=\"caption-attachment-27745\" class=\"wp-caption-text\">R\u00e4tabel des Todes und der Auferstehung Jesus (16.Jhdt.)<\/p><\/div>\n<div id=\"attachment_27740\" style=\"width: 460px\" class=\"wp-caption aligncenter\"><a href=\"https:\/\/olu-limburg.de\/wp-content\/uploads\/2022\/10\/IMG_20220928_123942_ergebnis-e1666278755566.jpg\"><img loading=\"lazy\" decoding=\"async\" aria-describedby=\"caption-attachment-27740\" class=\"wp-image-27740 size-full\" src=\"https:\/\/olu-limburg.de\/wp-content\/uploads\/2022\/10\/IMG_20220928_123942_ergebnis-e1666278755566.jpg\" alt=\"\" width=\"450\" height=\"600\" srcset=\"https:\/\/olu-limburg.de\/wp-content\/uploads\/2022\/10\/IMG_20220928_123942_ergebnis-e1666278755566.jpg 450w, https:\/\/olu-limburg.de\/wp-content\/uploads\/2022\/10\/IMG_20220928_123942_ergebnis-e1666278755566-225x300.jpg 225w\" sizes=\"auto, (max-width: 450px) 100vw, 450px\" \/><\/a><p id=\"caption-attachment-27740\" class=\"wp-caption-text\">Statue der Jeanne d&#8217;Arc<\/p><\/div>\n<p>Als ein besonderer Anziehungspunkt f\u00fcr die Touristen wurde sie aber auch durch drei Fenster in der Achsenkapelle des Chorraumes, die 1974 von Marc Chagall entworfen wurden.<\/p>\n<p><a href=\"https:\/\/olu-limburg.de\/wp-content\/uploads\/2022\/10\/IMG_20220928_124010_ergebnis-e1666278828150.jpg\"><img loading=\"lazy\" decoding=\"async\" class=\"size-full wp-image-27741 aligncenter\" src=\"https:\/\/olu-limburg.de\/wp-content\/uploads\/2022\/10\/IMG_20220928_124010_ergebnis-e1666278828150.jpg\" alt=\"\" width=\"450\" height=\"600\" srcset=\"https:\/\/olu-limburg.de\/wp-content\/uploads\/2022\/10\/IMG_20220928_124010_ergebnis-e1666278828150.jpg 450w, https:\/\/olu-limburg.de\/wp-content\/uploads\/2022\/10\/IMG_20220928_124010_ergebnis-e1666278828150-225x300.jpg 225w\" sizes=\"auto, (max-width: 450px) 100vw, 450px\" \/><\/a><\/p>\n<p><a href=\"https:\/\/olu-limburg.de\/wp-content\/uploads\/2022\/10\/P1100616_ergebnis.jpg\"><img loading=\"lazy\" decoding=\"async\" class=\"size-full wp-image-27750 aligncenter\" src=\"https:\/\/olu-limburg.de\/wp-content\/uploads\/2022\/10\/P1100616_ergebnis.jpg\" alt=\"\" width=\"800\" height=\"600\" srcset=\"https:\/\/olu-limburg.de\/wp-content\/uploads\/2022\/10\/P1100616_ergebnis.jpg 800w, https:\/\/olu-limburg.de\/wp-content\/uploads\/2022\/10\/P1100616_ergebnis-300x225.jpg 300w, https:\/\/olu-limburg.de\/wp-content\/uploads\/2022\/10\/P1100616_ergebnis-768x576.jpg 768w, https:\/\/olu-limburg.de\/wp-content\/uploads\/2022\/10\/P1100616_ergebnis-624x468.jpg 624w\" sizes=\"auto, (max-width: 800px) 100vw, 800px\" \/><\/a><a href=\"https:\/\/olu-limburg.de\/wp-content\/uploads\/2022\/10\/P1100613_ergebnis-e1666278871109.jpg\"><img loading=\"lazy\" decoding=\"async\" class=\"size-full wp-image-27749 alignleft\" src=\"https:\/\/olu-limburg.de\/wp-content\/uploads\/2022\/10\/P1100613_ergebnis-e1666278871109.jpg\" alt=\"\" width=\"450\" height=\"600\" srcset=\"https:\/\/olu-limburg.de\/wp-content\/uploads\/2022\/10\/P1100613_ergebnis-e1666278871109.jpg 450w, https:\/\/olu-limburg.de\/wp-content\/uploads\/2022\/10\/P1100613_ergebnis-e1666278871109-225x300.jpg 225w\" sizes=\"auto, (max-width: 450px) 100vw, 450px\" \/><\/a><\/p>\n<p><a href=\"https:\/\/olu-limburg.de\/wp-content\/uploads\/2022\/10\/P1100610_ergebnis-e1666278907492.jpg\"><img loading=\"lazy\" decoding=\"async\" class=\"size-full wp-image-27747 alignright\" src=\"https:\/\/olu-limburg.de\/wp-content\/uploads\/2022\/10\/P1100610_ergebnis-e1666278907492.jpg\" alt=\"\" width=\"450\" height=\"600\" srcset=\"https:\/\/olu-limburg.de\/wp-content\/uploads\/2022\/10\/P1100610_ergebnis-e1666278907492.jpg 450w, https:\/\/olu-limburg.de\/wp-content\/uploads\/2022\/10\/P1100610_ergebnis-e1666278907492-225x300.jpg 225w\" sizes=\"auto, (max-width: 450px) 100vw, 450px\" \/><\/a><\/p>\n<p><a href=\"https:\/\/olu-limburg.de\/wp-content\/uploads\/2022\/10\/P1100612_ergebnis-e1666278923583.jpg\"><img loading=\"lazy\" decoding=\"async\" class=\"size-full wp-image-27748 aligncenter\" src=\"https:\/\/olu-limburg.de\/wp-content\/uploads\/2022\/10\/P1100612_ergebnis-e1666278923583.jpg\" alt=\"\" width=\"450\" height=\"600\" srcset=\"https:\/\/olu-limburg.de\/wp-content\/uploads\/2022\/10\/P1100612_ergebnis-e1666278923583.jpg 450w, https:\/\/olu-limburg.de\/wp-content\/uploads\/2022\/10\/P1100612_ergebnis-e1666278923583-225x300.jpg 225w\" sizes=\"auto, (max-width: 450px) 100vw, 450px\" \/><\/a><\/p>\n<p>Ausgangspunkt waren die Kriegssch\u00e4den aus dem 1. Weltkrieg. Nach dem Krieg wurden nur Notfenster eingesetzt. In den folgenden Jahrzehnten haben zahlreiche zeitgen\u00f6ssische K\u00fcnstler die Gestaltung der neuen Fenster \u00fcbernommen, so auch Marc Chagall.<\/p>\n<p><a href=\"https:\/\/olu-limburg.de\/wp-content\/uploads\/2022\/10\/P1100607_ergebnis-e1666278706277.jpg\"><img loading=\"lazy\" decoding=\"async\" class=\"size-full wp-image-27746 aligncenter\" src=\"https:\/\/olu-limburg.de\/wp-content\/uploads\/2022\/10\/P1100607_ergebnis-e1666278706277.jpg\" alt=\"\" width=\"450\" height=\"600\" srcset=\"https:\/\/olu-limburg.de\/wp-content\/uploads\/2022\/10\/P1100607_ergebnis-e1666278706277.jpg 450w, https:\/\/olu-limburg.de\/wp-content\/uploads\/2022\/10\/P1100607_ergebnis-e1666278706277-225x300.jpg 225w\" sizes=\"auto, (max-width: 450px) 100vw, 450px\" \/><\/a><\/p>\n<p><a href=\"https:\/\/olu-limburg.de\/wp-content\/uploads\/2022\/10\/P1100605_ergebnis-e1666278724571.jpg\"><img loading=\"lazy\" decoding=\"async\" class=\"size-full wp-image-27744 alignleft\" src=\"https:\/\/olu-limburg.de\/wp-content\/uploads\/2022\/10\/P1100605_ergebnis-e1666278724571.jpg\" alt=\"\" width=\"450\" height=\"600\" srcset=\"https:\/\/olu-limburg.de\/wp-content\/uploads\/2022\/10\/P1100605_ergebnis-e1666278724571.jpg 450w, https:\/\/olu-limburg.de\/wp-content\/uploads\/2022\/10\/P1100605_ergebnis-e1666278724571-225x300.jpg 225w\" sizes=\"auto, (max-width: 450px) 100vw, 450px\" \/><\/a><\/p>\n<div id=\"attachment_27751\" style=\"width: 460px\" class=\"wp-caption alignright\"><a href=\"https:\/\/olu-limburg.de\/wp-content\/uploads\/2022\/10\/P1100620_ergebnis-e1666278954951.jpg\"><img loading=\"lazy\" decoding=\"async\" aria-describedby=\"caption-attachment-27751\" class=\"wp-image-27751 size-full\" src=\"https:\/\/olu-limburg.de\/wp-content\/uploads\/2022\/10\/P1100620_ergebnis-e1666278954951.jpg\" alt=\"\" width=\"450\" height=\"600\" srcset=\"https:\/\/olu-limburg.de\/wp-content\/uploads\/2022\/10\/P1100620_ergebnis-e1666278954951.jpg 450w, https:\/\/olu-limburg.de\/wp-content\/uploads\/2022\/10\/P1100620_ergebnis-e1666278954951-225x300.jpg 225w\" sizes=\"auto, (max-width: 450px) 100vw, 450px\" \/><\/a><p id=\"caption-attachment-27751\" class=\"wp-caption-text\">Die Choruhr<\/p><\/div>\n<p><a href=\"https:\/\/olu-limburg.de\/wp-content\/uploads\/2022\/10\/IMG_20220928_124142_ergebnis-e1666279319241.jpg\"><img loading=\"lazy\" decoding=\"async\" class=\"size-full wp-image-27742 alignleft\" src=\"https:\/\/olu-limburg.de\/wp-content\/uploads\/2022\/10\/IMG_20220928_124142_ergebnis-e1666279319241.jpg\" alt=\"\" width=\"450\" height=\"600\" srcset=\"https:\/\/olu-limburg.de\/wp-content\/uploads\/2022\/10\/IMG_20220928_124142_ergebnis-e1666279319241.jpg 450w, https:\/\/olu-limburg.de\/wp-content\/uploads\/2022\/10\/IMG_20220928_124142_ergebnis-e1666279319241-225x300.jpg 225w\" sizes=\"auto, (max-width: 450px) 100vw, 450px\" \/><\/a><\/p>\n<div id=\"attachment_27752\" style=\"width: 460px\" class=\"wp-caption alignright\"><a href=\"https:\/\/olu-limburg.de\/wp-content\/uploads\/2022\/10\/P1100621_ergebnis-e1666279018394.jpg\"><img loading=\"lazy\" decoding=\"async\" aria-describedby=\"caption-attachment-27752\" class=\"wp-image-27752 size-full\" src=\"https:\/\/olu-limburg.de\/wp-content\/uploads\/2022\/10\/P1100621_ergebnis-e1666279018394.jpg\" alt=\"\" width=\"450\" height=\"600\" srcset=\"https:\/\/olu-limburg.de\/wp-content\/uploads\/2022\/10\/P1100621_ergebnis-e1666279018394.jpg 450w, https:\/\/olu-limburg.de\/wp-content\/uploads\/2022\/10\/P1100621_ergebnis-e1666279018394-225x300.jpg 225w\" sizes=\"auto, (max-width: 450px) 100vw, 450px\" \/><\/a><p id=\"caption-attachment-27752\" class=\"wp-caption-text\">Es ist leider nicht der l\u00e4chelnde Engel.<\/p><\/div>\n<div id=\"attachment_27757\" style=\"width: 810px\" class=\"wp-caption aligncenter\"><a href=\"https:\/\/olu-limburg.de\/wp-content\/uploads\/2022\/10\/20220928_124754_ergebnis.jpg\"><img loading=\"lazy\" decoding=\"async\" aria-describedby=\"caption-attachment-27757\" class=\"wp-image-27757 size-full\" src=\"https:\/\/olu-limburg.de\/wp-content\/uploads\/2022\/10\/20220928_124754_ergebnis.jpg\" alt=\"\" width=\"800\" height=\"600\" srcset=\"https:\/\/olu-limburg.de\/wp-content\/uploads\/2022\/10\/20220928_124754_ergebnis.jpg 800w, https:\/\/olu-limburg.de\/wp-content\/uploads\/2022\/10\/20220928_124754_ergebnis-300x225.jpg 300w, https:\/\/olu-limburg.de\/wp-content\/uploads\/2022\/10\/20220928_124754_ergebnis-768x576.jpg 768w, https:\/\/olu-limburg.de\/wp-content\/uploads\/2022\/10\/20220928_124754_ergebnis-624x468.jpg 624w\" sizes=\"auto, (max-width: 800px) 100vw, 800px\" \/><\/a><p id=\"caption-attachment-27757\" class=\"wp-caption-text\">Rechts ist der laqchende Engel.<\/p><\/div>\n<div id=\"attachment_27743\" style=\"width: 810px\" class=\"wp-caption aligncenter\"><a href=\"https:\/\/olu-limburg.de\/wp-content\/uploads\/2022\/10\/IMG_20220928_125324_ergebnis.jpg\"><img loading=\"lazy\" decoding=\"async\" aria-describedby=\"caption-attachment-27743\" class=\"wp-image-27743 size-full\" src=\"https:\/\/olu-limburg.de\/wp-content\/uploads\/2022\/10\/IMG_20220928_125324_ergebnis.jpg\" alt=\"\" width=\"800\" height=\"600\" srcset=\"https:\/\/olu-limburg.de\/wp-content\/uploads\/2022\/10\/IMG_20220928_125324_ergebnis.jpg 800w, https:\/\/olu-limburg.de\/wp-content\/uploads\/2022\/10\/IMG_20220928_125324_ergebnis-300x225.jpg 300w, https:\/\/olu-limburg.de\/wp-content\/uploads\/2022\/10\/IMG_20220928_125324_ergebnis-768x576.jpg 768w, https:\/\/olu-limburg.de\/wp-content\/uploads\/2022\/10\/IMG_20220928_125324_ergebnis-624x468.jpg 624w\" sizes=\"auto, (max-width: 800px) 100vw, 800px\" \/><\/a><p id=\"caption-attachment-27743\" class=\"wp-caption-text\">Palais de Justice de Reims vom Place du Cardinal Lucon aus gesehen<\/p><\/div>\n<p>Es ist schon fast 13.00 Uhr und der Hunger macht sich bemerkbar. Wir wollen gut aber bezahlbar essen. Das ist gar nicht so leicht in einer Stadt wie Reims, der Heimat des Champagner. Wir haben die Wahl zwischen sehr teuer oder Burger, Sushi und geschlossenen Restaurants. Bei einem Lokal mit einer tollen Speisekarte h\u00e4tten wir vorher einen Tisch reservieren m\u00fcssen. Schade! Wir irren etwas herum und die Zeit l\u00e4uft uns weg.<\/p>\n<p><a href=\"https:\/\/olu-limburg.de\/wp-content\/uploads\/2022\/10\/P1100638_ergebnis.jpg\"><img loading=\"lazy\" decoding=\"async\" class=\"size-full wp-image-27779 aligncenter\" src=\"https:\/\/olu-limburg.de\/wp-content\/uploads\/2022\/10\/P1100638_ergebnis.jpg\" alt=\"\" width=\"800\" height=\"600\" srcset=\"https:\/\/olu-limburg.de\/wp-content\/uploads\/2022\/10\/P1100638_ergebnis.jpg 800w, https:\/\/olu-limburg.de\/wp-content\/uploads\/2022\/10\/P1100638_ergebnis-300x225.jpg 300w, https:\/\/olu-limburg.de\/wp-content\/uploads\/2022\/10\/P1100638_ergebnis-768x576.jpg 768w, https:\/\/olu-limburg.de\/wp-content\/uploads\/2022\/10\/P1100638_ergebnis-624x468.jpg 624w\" sizes=\"auto, (max-width: 800px) 100vw, 800px\" \/><\/a><\/p>\n<p>Letztendlich sitzen wir nach einem gro\u00dfen Bogen auf der sonnigen Au\u00dfenterrasse eines kleinen Lokals direkt hinter der Kathedrale und bestellen ein Men\u00fc complet f\u00fcr EUR 23,00\/p.P. (ohne Getr\u00e4nke)<\/p>\n<p>Getr\u00e4nke: Chablis (Lena), Affligem (H.W.)<\/p>\n<p><a href=\"https:\/\/olu-limburg.de\/wp-content\/uploads\/2022\/10\/20220928_134052_ergebnis-e1666343566697.jpg\"><img loading=\"lazy\" decoding=\"async\" class=\"size-full wp-image-27762 aligncenter\" src=\"https:\/\/olu-limburg.de\/wp-content\/uploads\/2022\/10\/20220928_134052_ergebnis-e1666343566697.jpg\" alt=\"\" width=\"450\" height=\"600\" srcset=\"https:\/\/olu-limburg.de\/wp-content\/uploads\/2022\/10\/20220928_134052_ergebnis-e1666343566697.jpg 450w, https:\/\/olu-limburg.de\/wp-content\/uploads\/2022\/10\/20220928_134052_ergebnis-e1666343566697-225x300.jpg 225w\" sizes=\"auto, (max-width: 450px) 100vw, 450px\" \/><\/a><\/p>\n<p><a href=\"https:\/\/olu-limburg.de\/wp-content\/uploads\/2022\/10\/IMG_20220928_134100_ergebnis-e1666343584736.jpg\"><img loading=\"lazy\" decoding=\"async\" class=\"size-full wp-image-27766 aligncenter\" src=\"https:\/\/olu-limburg.de\/wp-content\/uploads\/2022\/10\/IMG_20220928_134100_ergebnis-e1666343584736.jpg\" alt=\"\" width=\"450\" height=\"600\" srcset=\"https:\/\/olu-limburg.de\/wp-content\/uploads\/2022\/10\/IMG_20220928_134100_ergebnis-e1666343584736.jpg 450w, https:\/\/olu-limburg.de\/wp-content\/uploads\/2022\/10\/IMG_20220928_134100_ergebnis-e1666343584736-225x300.jpg 225w\" sizes=\"auto, (max-width: 450px) 100vw, 450px\" \/><\/a><\/p>\n<p>Vorspeise:<\/p>\n<div id=\"attachment_27767\" style=\"width: 810px\" class=\"wp-caption aligncenter\"><a href=\"https:\/\/olu-limburg.de\/wp-content\/uploads\/2022\/10\/IMG_20220928_134152_ergebnis.jpg\"><img loading=\"lazy\" decoding=\"async\" aria-describedby=\"caption-attachment-27767\" class=\"wp-image-27767 size-full\" src=\"https:\/\/olu-limburg.de\/wp-content\/uploads\/2022\/10\/IMG_20220928_134152_ergebnis.jpg\" alt=\"\" width=\"800\" height=\"600\" srcset=\"https:\/\/olu-limburg.de\/wp-content\/uploads\/2022\/10\/IMG_20220928_134152_ergebnis.jpg 800w, https:\/\/olu-limburg.de\/wp-content\/uploads\/2022\/10\/IMG_20220928_134152_ergebnis-300x225.jpg 300w, https:\/\/olu-limburg.de\/wp-content\/uploads\/2022\/10\/IMG_20220928_134152_ergebnis-768x576.jpg 768w, https:\/\/olu-limburg.de\/wp-content\/uploads\/2022\/10\/IMG_20220928_134152_ergebnis-624x468.jpg 624w\" sizes=\"auto, (max-width: 800px) 100vw, 800px\" \/><\/a><p id=\"caption-attachment-27767\" class=\"wp-caption-text\">Tourte Maison Champignons, Boudin blanc (Torte mit Champignons und Wei\u00dfwurst vom Schwein)<\/p><\/div>\n<div id=\"attachment_27763\" style=\"width: 460px\" class=\"wp-caption aligncenter\"><a href=\"https:\/\/olu-limburg.de\/wp-content\/uploads\/2022\/10\/20220928_134139_ergebnis-e1666343619735.jpg\"><img loading=\"lazy\" decoding=\"async\" aria-describedby=\"caption-attachment-27763\" class=\"wp-image-27763 size-full\" src=\"https:\/\/olu-limburg.de\/wp-content\/uploads\/2022\/10\/20220928_134139_ergebnis-e1666343619735.jpg\" alt=\"\" width=\"450\" height=\"600\" srcset=\"https:\/\/olu-limburg.de\/wp-content\/uploads\/2022\/10\/20220928_134139_ergebnis-e1666343619735.jpg 450w, https:\/\/olu-limburg.de\/wp-content\/uploads\/2022\/10\/20220928_134139_ergebnis-e1666343619735-225x300.jpg 225w\" sizes=\"auto, (max-width: 450px) 100vw, 450px\" \/><\/a><p id=\"caption-attachment-27763\" class=\"wp-caption-text\">Potage de Jour aux L\u00e9gumes de saison (Gem\u00fcsesuppe)<\/p><\/div>\n<p>Hauptgericht:<\/p>\n<div id=\"attachment_27764\" style=\"width: 810px\" class=\"wp-caption aligncenter\"><a href=\"https:\/\/olu-limburg.de\/wp-content\/uploads\/2022\/10\/20220928_135344_ergebnis.jpg\"><img loading=\"lazy\" decoding=\"async\" aria-describedby=\"caption-attachment-27764\" class=\"wp-image-27764 size-full\" src=\"https:\/\/olu-limburg.de\/wp-content\/uploads\/2022\/10\/20220928_135344_ergebnis.jpg\" alt=\"\" width=\"800\" height=\"600\" srcset=\"https:\/\/olu-limburg.de\/wp-content\/uploads\/2022\/10\/20220928_135344_ergebnis.jpg 800w, https:\/\/olu-limburg.de\/wp-content\/uploads\/2022\/10\/20220928_135344_ergebnis-300x225.jpg 300w, https:\/\/olu-limburg.de\/wp-content\/uploads\/2022\/10\/20220928_135344_ergebnis-768x576.jpg 768w, https:\/\/olu-limburg.de\/wp-content\/uploads\/2022\/10\/20220928_135344_ergebnis-624x468.jpg 624w\" sizes=\"auto, (max-width: 800px) 100vw, 800px\" \/><\/a><p id=\"caption-attachment-27764\" class=\"wp-caption-text\">Pav\u00e9 de Hoki r\u00f4ti, sauce champagne, Riz (ein St\u00fcck Hoki\/Fisch auf einer Butterso\u00dfe und Champagner-Aufgu\u00df und Reis)<\/p><\/div>\n<div id=\"attachment_27769\" style=\"width: 810px\" class=\"wp-caption aligncenter\"><a href=\"https:\/\/olu-limburg.de\/wp-content\/uploads\/2022\/10\/P1100623_ergebnis.jpg\"><img loading=\"lazy\" decoding=\"async\" aria-describedby=\"caption-attachment-27769\" class=\"wp-image-27769 size-full\" src=\"https:\/\/olu-limburg.de\/wp-content\/uploads\/2022\/10\/P1100623_ergebnis.jpg\" alt=\"\" width=\"800\" height=\"600\" srcset=\"https:\/\/olu-limburg.de\/wp-content\/uploads\/2022\/10\/P1100623_ergebnis.jpg 800w, https:\/\/olu-limburg.de\/wp-content\/uploads\/2022\/10\/P1100623_ergebnis-300x225.jpg 300w, https:\/\/olu-limburg.de\/wp-content\/uploads\/2022\/10\/P1100623_ergebnis-768x576.jpg 768w, https:\/\/olu-limburg.de\/wp-content\/uploads\/2022\/10\/P1100623_ergebnis-624x468.jpg 624w\" sizes=\"auto, (max-width: 800px) 100vw, 800px\" \/><\/a><p id=\"caption-attachment-27769\" class=\"wp-caption-text\">Parmentier de Boeuf, Salade verte (\u00fcberbackener Kartoffelauflauf mit Boeuf Bourguignon\/Rindfleisch)<\/p><\/div>\n<p>Dessert:<\/p>\n<div id=\"attachment_27768\" style=\"width: 810px\" class=\"wp-caption aligncenter\"><a href=\"https:\/\/olu-limburg.de\/wp-content\/uploads\/2022\/10\/IMG_20220928_141036_ergebnis.jpg\"><img loading=\"lazy\" decoding=\"async\" aria-describedby=\"caption-attachment-27768\" class=\"wp-image-27768 size-full\" src=\"https:\/\/olu-limburg.de\/wp-content\/uploads\/2022\/10\/IMG_20220928_141036_ergebnis.jpg\" alt=\"\" width=\"800\" height=\"600\" srcset=\"https:\/\/olu-limburg.de\/wp-content\/uploads\/2022\/10\/IMG_20220928_141036_ergebnis.jpg 800w, https:\/\/olu-limburg.de\/wp-content\/uploads\/2022\/10\/IMG_20220928_141036_ergebnis-300x225.jpg 300w, https:\/\/olu-limburg.de\/wp-content\/uploads\/2022\/10\/IMG_20220928_141036_ergebnis-768x576.jpg 768w, https:\/\/olu-limburg.de\/wp-content\/uploads\/2022\/10\/IMG_20220928_141036_ergebnis-624x468.jpg 624w\" sizes=\"auto, (max-width: 800px) 100vw, 800px\" \/><\/a><p id=\"caption-attachment-27768\" class=\"wp-caption-text\">Tarte au citron Meringu\u00e9e (Torte mit Zitrone und Baiser)<\/p><\/div>\n<div id=\"attachment_27765\" style=\"width: 810px\" class=\"wp-caption aligncenter\"><a href=\"https:\/\/olu-limburg.de\/wp-content\/uploads\/2022\/10\/20220928_141233_ergebnis.jpg\"><img loading=\"lazy\" decoding=\"async\" aria-describedby=\"caption-attachment-27765\" class=\"wp-image-27765 size-full\" src=\"https:\/\/olu-limburg.de\/wp-content\/uploads\/2022\/10\/20220928_141233_ergebnis.jpg\" alt=\"\" width=\"800\" height=\"600\" srcset=\"https:\/\/olu-limburg.de\/wp-content\/uploads\/2022\/10\/20220928_141233_ergebnis.jpg 800w, https:\/\/olu-limburg.de\/wp-content\/uploads\/2022\/10\/20220928_141233_ergebnis-300x225.jpg 300w, https:\/\/olu-limburg.de\/wp-content\/uploads\/2022\/10\/20220928_141233_ergebnis-768x576.jpg 768w, https:\/\/olu-limburg.de\/wp-content\/uploads\/2022\/10\/20220928_141233_ergebnis-624x468.jpg 624w\" sizes=\"auto, (max-width: 800px) 100vw, 800px\" \/><\/a><p id=\"caption-attachment-27765\" class=\"wp-caption-text\">Tiramisu Maison<\/p><\/div>\n<p>Satt und gut gelaunt machen wir uns auf den R\u00fcckweg. Und da wir schon mal in der Hauptstadt des Champagners sind, und bei &#8222;unserem&#8220; letzten France Passion-Platz keinen Kontakt bekamen, erstehe ich kurzerhand an einer Verkaufsstelle des Produzenten Maquart &amp; Bruyen zwei Flaschen des edlen Saftes.<\/p>\n<p><a href=\"https:\/\/olu-limburg.de\/wp-content\/uploads\/2022\/10\/IMG_20220928_145425_ergebnis-e1666346534418.jpg\"><img loading=\"lazy\" decoding=\"async\" class=\"size-full wp-image-27772 aligncenter\" src=\"https:\/\/olu-limburg.de\/wp-content\/uploads\/2022\/10\/IMG_20220928_145425_ergebnis-e1666346534418.jpg\" alt=\"\" width=\"450\" height=\"600\" srcset=\"https:\/\/olu-limburg.de\/wp-content\/uploads\/2022\/10\/IMG_20220928_145425_ergebnis-e1666346534418.jpg 450w, https:\/\/olu-limburg.de\/wp-content\/uploads\/2022\/10\/IMG_20220928_145425_ergebnis-e1666346534418-225x300.jpg 225w\" sizes=\"auto, (max-width: 450px) 100vw, 450px\" \/><\/a><\/p>\n<p><a href=\"https:\/\/olu-limburg.de\/wp-content\/uploads\/2022\/10\/P1100644_ergebnis-e1666346554220.jpg\"><img loading=\"lazy\" decoding=\"async\" class=\"size-full wp-image-27781 alignleft\" src=\"https:\/\/olu-limburg.de\/wp-content\/uploads\/2022\/10\/P1100644_ergebnis-e1666346554220.jpg\" alt=\"\" width=\"450\" height=\"600\" srcset=\"https:\/\/olu-limburg.de\/wp-content\/uploads\/2022\/10\/P1100644_ergebnis-e1666346554220.jpg 450w, https:\/\/olu-limburg.de\/wp-content\/uploads\/2022\/10\/P1100644_ergebnis-e1666346554220-225x300.jpg 225w\" sizes=\"auto, (max-width: 450px) 100vw, 450px\" \/><\/a><\/p>\n<p><a href=\"https:\/\/olu-limburg.de\/wp-content\/uploads\/2022\/10\/P1100643_ergebnis-e1666346667561.jpg\"><img loading=\"lazy\" decoding=\"async\" class=\"size-full wp-image-27780 alignright\" src=\"https:\/\/olu-limburg.de\/wp-content\/uploads\/2022\/10\/P1100643_ergebnis-e1666346667561.jpg\" alt=\"\" width=\"450\" height=\"600\" srcset=\"https:\/\/olu-limburg.de\/wp-content\/uploads\/2022\/10\/P1100643_ergebnis-e1666346667561.jpg 450w, https:\/\/olu-limburg.de\/wp-content\/uploads\/2022\/10\/P1100643_ergebnis-e1666346667561-225x300.jpg 225w\" sizes=\"auto, (max-width: 450px) 100vw, 450px\" \/><\/a><\/p>\n<div id=\"attachment_27773\" style=\"width: 810px\" class=\"wp-caption aligncenter\"><a href=\"https:\/\/olu-limburg.de\/wp-content\/uploads\/2022\/10\/P1100625_ergebnis.jpg\"><img loading=\"lazy\" decoding=\"async\" aria-describedby=\"caption-attachment-27773\" class=\"wp-image-27773 size-full\" src=\"https:\/\/olu-limburg.de\/wp-content\/uploads\/2022\/10\/P1100625_ergebnis.jpg\" alt=\"\" width=\"800\" height=\"600\" srcset=\"https:\/\/olu-limburg.de\/wp-content\/uploads\/2022\/10\/P1100625_ergebnis.jpg 800w, https:\/\/olu-limburg.de\/wp-content\/uploads\/2022\/10\/P1100625_ergebnis-300x225.jpg 300w, https:\/\/olu-limburg.de\/wp-content\/uploads\/2022\/10\/P1100625_ergebnis-768x576.jpg 768w, https:\/\/olu-limburg.de\/wp-content\/uploads\/2022\/10\/P1100625_ergebnis-624x468.jpg 624w\" sizes=\"auto, (max-width: 800px) 100vw, 800px\" \/><\/a><p id=\"caption-attachment-27773\" class=\"wp-caption-text\">Place Royal<\/p><\/div>\n<p><a href=\"https:\/\/olu-limburg.de\/wp-content\/uploads\/2022\/10\/P1100628_ergebnis.jpg\"><img loading=\"lazy\" decoding=\"async\" class=\"size-full wp-image-27774 aligncenter\" src=\"https:\/\/olu-limburg.de\/wp-content\/uploads\/2022\/10\/P1100628_ergebnis.jpg\" alt=\"\" width=\"800\" height=\"600\" srcset=\"https:\/\/olu-limburg.de\/wp-content\/uploads\/2022\/10\/P1100628_ergebnis.jpg 800w, https:\/\/olu-limburg.de\/wp-content\/uploads\/2022\/10\/P1100628_ergebnis-300x225.jpg 300w, https:\/\/olu-limburg.de\/wp-content\/uploads\/2022\/10\/P1100628_ergebnis-768x576.jpg 768w, https:\/\/olu-limburg.de\/wp-content\/uploads\/2022\/10\/P1100628_ergebnis-624x468.jpg 624w\" sizes=\"auto, (max-width: 800px) 100vw, 800px\" \/><\/a><\/p>\n<p><a href=\"https:\/\/olu-limburg.de\/wp-content\/uploads\/2022\/10\/P1100635_ergebnis.jpg\"><img loading=\"lazy\" decoding=\"async\" class=\"size-full wp-image-27777 aligncenter\" src=\"https:\/\/olu-limburg.de\/wp-content\/uploads\/2022\/10\/P1100635_ergebnis.jpg\" alt=\"\" width=\"800\" height=\"600\" srcset=\"https:\/\/olu-limburg.de\/wp-content\/uploads\/2022\/10\/P1100635_ergebnis.jpg 800w, https:\/\/olu-limburg.de\/wp-content\/uploads\/2022\/10\/P1100635_ergebnis-300x225.jpg 300w, https:\/\/olu-limburg.de\/wp-content\/uploads\/2022\/10\/P1100635_ergebnis-768x576.jpg 768w, https:\/\/olu-limburg.de\/wp-content\/uploads\/2022\/10\/P1100635_ergebnis-624x468.jpg 624w\" sizes=\"auto, (max-width: 800px) 100vw, 800px\" \/><\/a><\/p>\n<p><a href=\"https:\/\/olu-limburg.de\/wp-content\/uploads\/2022\/10\/P1100637_ergebnis-e1666346630443.jpg\"><img loading=\"lazy\" decoding=\"async\" class=\"size-full wp-image-27778 aligncenter\" src=\"https:\/\/olu-limburg.de\/wp-content\/uploads\/2022\/10\/P1100637_ergebnis-e1666346630443.jpg\" alt=\"\" width=\"450\" height=\"600\" srcset=\"https:\/\/olu-limburg.de\/wp-content\/uploads\/2022\/10\/P1100637_ergebnis-e1666346630443.jpg 450w, https:\/\/olu-limburg.de\/wp-content\/uploads\/2022\/10\/P1100637_ergebnis-e1666346630443-225x300.jpg 225w\" sizes=\"auto, (max-width: 450px) 100vw, 450px\" \/><\/a><\/p>\n<p>Bei unserer R\u00fcckkehr am Stadion ist der Parkplatz mit Wohnmobilen voll belegt. Wenn wir nicht weiter wollten, w\u00e4re dieser Platz mit Sicherheit eine \u00dcberlegung f\u00fcr die \u00dcbernachtung wert. So aber fahre ich mit dem Finger auf der Landkarte entlang und schaue auf unserer geplanten Strecke nach Orten mit Wohnmobil-Stellpl\u00e4tzen. Dabei f\u00e4llt mein Blick auf das gar nicht so weit entfernte La Cheppe an der D994, einem Zwischenst\u00fcck von der D944 zur D3. Dort gibt es einen kostenlosen Wohnmobil-Stellplatz mit V+E bei einer der \u00e4ltesten keltischen Festungen, die mehrere hundert Jahre sp\u00e4ter dem Hunnenk\u00f6nig Attila als Lager gedient hat. So was h\u00f6rt sich doch interessant an.<\/p>\n<p>Wir kommen auf der Strecke, wie auch gestern schon, an zahlreichen Soldaten-Friedh\u00f6fen des 1. Weltkriegs vorbei, und erreichen La Cheppe, eine Gemeinde mit ca. 330 Einwohnern und, so weit wir es \u00fcberblicken k\u00f6nnen, keinerlei Infrastruktur. Aber der Stellplatz ist durch die Gemeinde hinweg bestens ausgeschildert. Entgegen unserer vorherigen Annahme sind wir nicht die ersten Wohnmobilisten, die hier \u00fcbernachten wollen, und unser K\u00fchlschrank und die Bar sind wie immer prall gef\u00fcllt.<\/p>\n<p><a href=\"https:\/\/olu-limburg.de\/wp-content\/uploads\/2022\/10\/20220929_111731_ergebnis-e1666358970334.jpg\"><img loading=\"lazy\" decoding=\"async\" class=\"size-full wp-image-27785 aligncenter\" src=\"https:\/\/olu-limburg.de\/wp-content\/uploads\/2022\/10\/20220929_111731_ergebnis-e1666358970334.jpg\" alt=\"\" width=\"800\" height=\"600\" srcset=\"https:\/\/olu-limburg.de\/wp-content\/uploads\/2022\/10\/20220929_111731_ergebnis-e1666358970334.jpg 800w, https:\/\/olu-limburg.de\/wp-content\/uploads\/2022\/10\/20220929_111731_ergebnis-e1666358970334-300x225.jpg 300w, https:\/\/olu-limburg.de\/wp-content\/uploads\/2022\/10\/20220929_111731_ergebnis-e1666358970334-768x576.jpg 768w, https:\/\/olu-limburg.de\/wp-content\/uploads\/2022\/10\/20220929_111731_ergebnis-e1666358970334-624x468.jpg 624w\" sizes=\"auto, (max-width: 800px) 100vw, 800px\" \/><\/a><\/p>\n<p><a href=\"https:\/\/olu-limburg.de\/wp-content\/uploads\/2022\/10\/IMG_20220929_105025_ergebnis.jpg\"><img loading=\"lazy\" decoding=\"async\" class=\"size-full wp-image-27801 aligncenter\" src=\"https:\/\/olu-limburg.de\/wp-content\/uploads\/2022\/10\/IMG_20220929_105025_ergebnis.jpg\" alt=\"\" width=\"800\" height=\"600\" srcset=\"https:\/\/olu-limburg.de\/wp-content\/uploads\/2022\/10\/IMG_20220929_105025_ergebnis.jpg 800w, https:\/\/olu-limburg.de\/wp-content\/uploads\/2022\/10\/IMG_20220929_105025_ergebnis-300x225.jpg 300w, https:\/\/olu-limburg.de\/wp-content\/uploads\/2022\/10\/IMG_20220929_105025_ergebnis-768x576.jpg 768w, https:\/\/olu-limburg.de\/wp-content\/uploads\/2022\/10\/IMG_20220929_105025_ergebnis-624x468.jpg 624w\" sizes=\"auto, (max-width: 800px) 100vw, 800px\" \/><\/a><\/p>\n<p>Ich konnte mir erst nicht vorstellen, wie eine alte keltische Siedlung und der Hunnenk\u00f6nig Attila zusammen passen k\u00f6nnen. Also habe ich die &#8222;Tante aus Amerika&#8220; strapaziert und bin zur Erkenntnis gekommen &#8211; es passt.<\/p>\n<p><a href=\"https:\/\/olu-limburg.de\/wp-content\/uploads\/2022\/10\/IMG_20220928_171007_ergebnis.jpg\"><img loading=\"lazy\" decoding=\"async\" class=\"size-full wp-image-27787 aligncenter\" src=\"https:\/\/olu-limburg.de\/wp-content\/uploads\/2022\/10\/IMG_20220928_171007_ergebnis.jpg\" alt=\"\" width=\"800\" height=\"600\" srcset=\"https:\/\/olu-limburg.de\/wp-content\/uploads\/2022\/10\/IMG_20220928_171007_ergebnis.jpg 800w, https:\/\/olu-limburg.de\/wp-content\/uploads\/2022\/10\/IMG_20220928_171007_ergebnis-300x225.jpg 300w, https:\/\/olu-limburg.de\/wp-content\/uploads\/2022\/10\/IMG_20220928_171007_ergebnis-768x576.jpg 768w, https:\/\/olu-limburg.de\/wp-content\/uploads\/2022\/10\/IMG_20220928_171007_ergebnis-624x468.jpg 624w\" sizes=\"auto, (max-width: 800px) 100vw, 800px\" \/><\/a><\/p>\n<p>Wir befinden uns also ganz in der N\u00e4he einer alten Wallburganlage (Oppidum) der Gallier in einer Gr\u00f6\u00dfenordnung von 300.000 qm. Die Befestigungsanlage der Siedlung bestand aus sieben Meter hohen W\u00e4llen mit Palisaden und einem vorgelagerten Graben. Dazu kamen nat\u00fcrliche Begrenzungen wie ein Sumpfbett und der Bach Noblette. Im Innenraum war die Siedlung nochmals durch eine Rundumpalisade gesch\u00fctzt.<\/p>\n<p><a href=\"https:\/\/olu-limburg.de\/wp-content\/uploads\/2022\/10\/IMG_20220928_170705_ergebnis.jpg\"><img loading=\"lazy\" decoding=\"async\" class=\"size-full wp-image-27786 aligncenter\" src=\"https:\/\/olu-limburg.de\/wp-content\/uploads\/2022\/10\/IMG_20220928_170705_ergebnis.jpg\" alt=\"\" width=\"800\" height=\"600\" srcset=\"https:\/\/olu-limburg.de\/wp-content\/uploads\/2022\/10\/IMG_20220928_170705_ergebnis.jpg 800w, https:\/\/olu-limburg.de\/wp-content\/uploads\/2022\/10\/IMG_20220928_170705_ergebnis-300x225.jpg 300w, https:\/\/olu-limburg.de\/wp-content\/uploads\/2022\/10\/IMG_20220928_170705_ergebnis-768x576.jpg 768w, https:\/\/olu-limburg.de\/wp-content\/uploads\/2022\/10\/IMG_20220928_170705_ergebnis-624x468.jpg 624w\" sizes=\"auto, (max-width: 800px) 100vw, 800px\" \/><\/a><\/p>\n<div id=\"attachment_27788\" style=\"width: 810px\" class=\"wp-caption aligncenter\"><a href=\"https:\/\/olu-limburg.de\/wp-content\/uploads\/2022\/10\/IMG_20220928_171401_ergebnis.jpg\"><img loading=\"lazy\" decoding=\"async\" aria-describedby=\"caption-attachment-27788\" class=\"wp-image-27788 size-full\" src=\"https:\/\/olu-limburg.de\/wp-content\/uploads\/2022\/10\/IMG_20220928_171401_ergebnis.jpg\" alt=\"\" width=\"800\" height=\"600\" srcset=\"https:\/\/olu-limburg.de\/wp-content\/uploads\/2022\/10\/IMG_20220928_171401_ergebnis.jpg 800w, https:\/\/olu-limburg.de\/wp-content\/uploads\/2022\/10\/IMG_20220928_171401_ergebnis-300x225.jpg 300w, https:\/\/olu-limburg.de\/wp-content\/uploads\/2022\/10\/IMG_20220928_171401_ergebnis-768x576.jpg 768w, https:\/\/olu-limburg.de\/wp-content\/uploads\/2022\/10\/IMG_20220928_171401_ergebnis-624x468.jpg 624w\" sizes=\"auto, (max-width: 800px) 100vw, 800px\" \/><\/a><p id=\"caption-attachment-27788\" class=\"wp-caption-text\">das Haupttor<\/p><\/div>\n<div id=\"attachment_27789\" style=\"width: 810px\" class=\"wp-caption aligncenter\"><a href=\"https:\/\/olu-limburg.de\/wp-content\/uploads\/2022\/10\/IMG_20220928_171702_ergebnis.jpg\"><img loading=\"lazy\" decoding=\"async\" aria-describedby=\"caption-attachment-27789\" class=\"wp-image-27789 size-full\" src=\"https:\/\/olu-limburg.de\/wp-content\/uploads\/2022\/10\/IMG_20220928_171702_ergebnis.jpg\" alt=\"\" width=\"800\" height=\"600\" srcset=\"https:\/\/olu-limburg.de\/wp-content\/uploads\/2022\/10\/IMG_20220928_171702_ergebnis.jpg 800w, https:\/\/olu-limburg.de\/wp-content\/uploads\/2022\/10\/IMG_20220928_171702_ergebnis-300x225.jpg 300w, https:\/\/olu-limburg.de\/wp-content\/uploads\/2022\/10\/IMG_20220928_171702_ergebnis-768x576.jpg 768w, https:\/\/olu-limburg.de\/wp-content\/uploads\/2022\/10\/IMG_20220928_171702_ergebnis-624x468.jpg 624w\" sizes=\"auto, (max-width: 800px) 100vw, 800px\" \/><\/a><p id=\"caption-attachment-27789\" class=\"wp-caption-text\">Sieben Meter hohe Wallanlage<\/p><\/div>\n<p><a href=\"https:\/\/olu-limburg.de\/wp-content\/uploads\/2022\/10\/IMG_20220928_171953_ergebnis.jpg\"><img loading=\"lazy\" decoding=\"async\" class=\"size-full wp-image-27790 aligncenter\" src=\"https:\/\/olu-limburg.de\/wp-content\/uploads\/2022\/10\/IMG_20220928_171953_ergebnis.jpg\" alt=\"\" width=\"800\" height=\"600\" srcset=\"https:\/\/olu-limburg.de\/wp-content\/uploads\/2022\/10\/IMG_20220928_171953_ergebnis.jpg 800w, https:\/\/olu-limburg.de\/wp-content\/uploads\/2022\/10\/IMG_20220928_171953_ergebnis-300x225.jpg 300w, https:\/\/olu-limburg.de\/wp-content\/uploads\/2022\/10\/IMG_20220928_171953_ergebnis-768x576.jpg 768w, https:\/\/olu-limburg.de\/wp-content\/uploads\/2022\/10\/IMG_20220928_171953_ergebnis-624x468.jpg 624w\" sizes=\"auto, (max-width: 800px) 100vw, 800px\" \/><\/a><\/p>\n<div id=\"attachment_27791\" style=\"width: 460px\" class=\"wp-caption aligncenter\"><a href=\"https:\/\/olu-limburg.de\/wp-content\/uploads\/2022\/10\/IMG_20220928_172256_ergebnis-e1666364223749.jpg\"><img loading=\"lazy\" decoding=\"async\" aria-describedby=\"caption-attachment-27791\" class=\"wp-image-27791 size-full\" src=\"https:\/\/olu-limburg.de\/wp-content\/uploads\/2022\/10\/IMG_20220928_172256_ergebnis-e1666364223749.jpg\" alt=\"\" width=\"450\" height=\"600\" srcset=\"https:\/\/olu-limburg.de\/wp-content\/uploads\/2022\/10\/IMG_20220928_172256_ergebnis-e1666364223749.jpg 450w, https:\/\/olu-limburg.de\/wp-content\/uploads\/2022\/10\/IMG_20220928_172256_ergebnis-e1666364223749-225x300.jpg 225w\" sizes=\"auto, (max-width: 450px) 100vw, 450px\" \/><\/a><p id=\"caption-attachment-27791\" class=\"wp-caption-text\">der \u00e4u\u00dfere Graben hinter dem Palisadenwall<\/p><\/div>\n<div id=\"attachment_27792\" style=\"width: 460px\" class=\"wp-caption aligncenter\"><a href=\"https:\/\/olu-limburg.de\/wp-content\/uploads\/2022\/10\/IMG_20220928_172412_ergebnis-e1666364256124.jpg\"><img loading=\"lazy\" decoding=\"async\" aria-describedby=\"caption-attachment-27792\" class=\"wp-image-27792 size-full\" src=\"https:\/\/olu-limburg.de\/wp-content\/uploads\/2022\/10\/IMG_20220928_172412_ergebnis-e1666364256124.jpg\" alt=\"\" width=\"450\" height=\"600\" srcset=\"https:\/\/olu-limburg.de\/wp-content\/uploads\/2022\/10\/IMG_20220928_172412_ergebnis-e1666364256124.jpg 450w, https:\/\/olu-limburg.de\/wp-content\/uploads\/2022\/10\/IMG_20220928_172412_ergebnis-e1666364256124-225x300.jpg 225w\" sizes=\"auto, (max-width: 450px) 100vw, 450px\" \/><\/a><p id=\"caption-attachment-27792\" class=\"wp-caption-text\">Wacholder<\/p><\/div>\n<p>Ob schon von Anfang an bei den Galliern drei Zug\u00e4nge vorhanden waren, ist zu bezweifeln. Eher werden die Zug\u00e4nge, wie auch das Kastell an der S\u00fcdseite von den R\u00f6mern errichtet worden sein. Auf jeden Fall war die \u00dcbernahme der Befestigungsanlage f\u00fcr die R\u00f6mer eine sinnvolle Sache, lag sie doch an der R\u00f6merstra\u00dfe Reims-Toul-Metz.<\/p>\n<p><a href=\"https:\/\/olu-limburg.de\/wp-content\/uploads\/2022\/10\/IMG_20220928_173519_ergebnis.jpg\"><img loading=\"lazy\" decoding=\"async\" class=\"size-full wp-image-27793 aligncenter\" src=\"https:\/\/olu-limburg.de\/wp-content\/uploads\/2022\/10\/IMG_20220928_173519_ergebnis.jpg\" alt=\"\" width=\"800\" height=\"600\" srcset=\"https:\/\/olu-limburg.de\/wp-content\/uploads\/2022\/10\/IMG_20220928_173519_ergebnis.jpg 800w, https:\/\/olu-limburg.de\/wp-content\/uploads\/2022\/10\/IMG_20220928_173519_ergebnis-300x225.jpg 300w, https:\/\/olu-limburg.de\/wp-content\/uploads\/2022\/10\/IMG_20220928_173519_ergebnis-768x576.jpg 768w, https:\/\/olu-limburg.de\/wp-content\/uploads\/2022\/10\/IMG_20220928_173519_ergebnis-624x468.jpg 624w\" sizes=\"auto, (max-width: 800px) 100vw, 800px\" \/><\/a><\/p>\n<div id=\"attachment_27794\" style=\"width: 810px\" class=\"wp-caption aligncenter\"><a href=\"https:\/\/olu-limburg.de\/wp-content\/uploads\/2022\/10\/IMG_20220928_173631_ergebnis.jpg\"><img loading=\"lazy\" decoding=\"async\" aria-describedby=\"caption-attachment-27794\" class=\"wp-image-27794 size-full\" src=\"https:\/\/olu-limburg.de\/wp-content\/uploads\/2022\/10\/IMG_20220928_173631_ergebnis.jpg\" alt=\"\" width=\"800\" height=\"600\" srcset=\"https:\/\/olu-limburg.de\/wp-content\/uploads\/2022\/10\/IMG_20220928_173631_ergebnis.jpg 800w, https:\/\/olu-limburg.de\/wp-content\/uploads\/2022\/10\/IMG_20220928_173631_ergebnis-300x225.jpg 300w, https:\/\/olu-limburg.de\/wp-content\/uploads\/2022\/10\/IMG_20220928_173631_ergebnis-768x576.jpg 768w, https:\/\/olu-limburg.de\/wp-content\/uploads\/2022\/10\/IMG_20220928_173631_ergebnis-624x468.jpg 624w\" sizes=\"auto, (max-width: 800px) 100vw, 800px\" \/><\/a><p id=\"caption-attachment-27794\" class=\"wp-caption-text\">Tor des Kaisers<\/p><\/div>\n<div id=\"attachment_27795\" style=\"width: 810px\" class=\"wp-caption aligncenter\"><a href=\"https:\/\/olu-limburg.de\/wp-content\/uploads\/2022\/10\/IMG_20220928_173739_ergebnis.jpg\"><img loading=\"lazy\" decoding=\"async\" aria-describedby=\"caption-attachment-27795\" class=\"wp-image-27795 size-full\" src=\"https:\/\/olu-limburg.de\/wp-content\/uploads\/2022\/10\/IMG_20220928_173739_ergebnis.jpg\" alt=\"\" width=\"800\" height=\"600\" srcset=\"https:\/\/olu-limburg.de\/wp-content\/uploads\/2022\/10\/IMG_20220928_173739_ergebnis.jpg 800w, https:\/\/olu-limburg.de\/wp-content\/uploads\/2022\/10\/IMG_20220928_173739_ergebnis-300x225.jpg 300w, https:\/\/olu-limburg.de\/wp-content\/uploads\/2022\/10\/IMG_20220928_173739_ergebnis-768x576.jpg 768w, https:\/\/olu-limburg.de\/wp-content\/uploads\/2022\/10\/IMG_20220928_173739_ergebnis-624x468.jpg 624w\" sizes=\"auto, (max-width: 800px) 100vw, 800px\" \/><\/a><p id=\"caption-attachment-27795\" class=\"wp-caption-text\">Tor des Kaisers<\/p><\/div>\n<p>Und jetzt kommt genau \u00fcber diese Stra\u00dfe der Hunnenk\u00f6nig Attila ins Spiel. Attila&#8217;s Herrschaftsbereich lag eigentlich im heutigen Ungarn. Er konnte dadurch als strategisch wichtiger Machthaber zwischen West- und Ostrom auftreten.\u00a0 Da er aber keine Eink\u00fcnfte aus seinem losen Herrschaftsbereich hatte, der sich, da personenbezogen, sehr labil war, zog er mit seinen berittenen Hunnenheeren durch die Lande, \u00fcberfiel und pl\u00fcnderte ganze Landstriche. F\u00fcr ihn ging es nur um Pl\u00fcnderungen oder Tributzahlungen.<\/p>\n<p>Nach einem B\u00fcndnis mit Westrom und ausbleibenden Tributzahlungen von Ostrom unter dem Kaiser Theodosius II., f\u00fchrte Attila zwischen 441 und 447 n.Chr. mehrere Feldz\u00fcge und drang dabei sogar bis zu den Thermopylen vor.<\/p>\n<p>Als diese Geldquelle ausgesch\u00f6pft war verb\u00fcndete er sich mit den Ostgoten und zog 451 mit geteilten Heeren \u00fcber Worms bzw. Stra\u00dfburg nach Mainz, teilte sich wieder in zwei Heere mit den Richtungen Metz\/Reims und K\u00f6ln\/Amiens und eroberten Orleans. Damit stellte er sich gegen die R\u00f6mer unter dem Feldherrn Flavius Aetius, und die Westgoten unter Theoderich I..<\/p>\n<p>Auf dem R\u00fcckzug vor den herannahenden R\u00f6mer und Westgoten soll es f\u00fcr den Hunnenk\u00f6nig Attila bei der Schlacht auf den katalaunischen Feldern zu einer herben Niederlage gekommen sein. Die katalaunischen Felder k\u00f6nnen nicht genau zugeordnet werden. Liegen sie zwischen Chalons-en-Champagne und Troyes, und damit mehr in der N\u00e4he von Troyes, oder im direkten Umfeld von Chalons, Auf jeden Fall liegt es nahe, dass Attila mit seinem Heer von Metz aus kommend sein Lager im Oppidum von La Cheppe errichtet hat. Vielleicht ist er aber auch von dort aus in seine letzte gro\u00dfe Schlacht gezogen.<\/p>\n<p><a href=\"https:\/\/olu-limburg.de\/wp-content\/uploads\/2022\/10\/IMG_20220928_174958_ergebnis-e1666364394976.jpg\"><img loading=\"lazy\" decoding=\"async\" class=\"size-full wp-image-27797 aligncenter\" src=\"https:\/\/olu-limburg.de\/wp-content\/uploads\/2022\/10\/IMG_20220928_174958_ergebnis-e1666364394976.jpg\" alt=\"\" width=\"450\" height=\"600\" srcset=\"https:\/\/olu-limburg.de\/wp-content\/uploads\/2022\/10\/IMG_20220928_174958_ergebnis-e1666364394976.jpg 450w, https:\/\/olu-limburg.de\/wp-content\/uploads\/2022\/10\/IMG_20220928_174958_ergebnis-e1666364394976-225x300.jpg 225w\" sizes=\"auto, (max-width: 450px) 100vw, 450px\" \/><\/a><\/p>\n<div id=\"attachment_27796\" style=\"width: 810px\" class=\"wp-caption aligncenter\"><a href=\"https:\/\/olu-limburg.de\/wp-content\/uploads\/2022\/10\/IMG_20220928_174743_ergebnis.jpg\"><img loading=\"lazy\" decoding=\"async\" aria-describedby=\"caption-attachment-27796\" class=\"wp-image-27796 size-full\" src=\"https:\/\/olu-limburg.de\/wp-content\/uploads\/2022\/10\/IMG_20220928_174743_ergebnis.jpg\" alt=\"\" width=\"800\" height=\"600\" srcset=\"https:\/\/olu-limburg.de\/wp-content\/uploads\/2022\/10\/IMG_20220928_174743_ergebnis.jpg 800w, https:\/\/olu-limburg.de\/wp-content\/uploads\/2022\/10\/IMG_20220928_174743_ergebnis-300x225.jpg 300w, https:\/\/olu-limburg.de\/wp-content\/uploads\/2022\/10\/IMG_20220928_174743_ergebnis-768x576.jpg 768w, https:\/\/olu-limburg.de\/wp-content\/uploads\/2022\/10\/IMG_20220928_174743_ergebnis-624x468.jpg 624w\" sizes=\"auto, (max-width: 800px) 100vw, 800px\" \/><\/a><p id=\"caption-attachment-27796\" class=\"wp-caption-text\">Westtor<\/p><\/div>\n<div id=\"attachment_27798\" style=\"width: 810px\" class=\"wp-caption aligncenter\"><a href=\"https:\/\/olu-limburg.de\/wp-content\/uploads\/2022\/10\/IMG_20220928_175208_ergebnis.jpg\"><img loading=\"lazy\" decoding=\"async\" aria-describedby=\"caption-attachment-27798\" class=\"wp-image-27798 size-full\" src=\"https:\/\/olu-limburg.de\/wp-content\/uploads\/2022\/10\/IMG_20220928_175208_ergebnis.jpg\" alt=\"\" width=\"800\" height=\"600\" srcset=\"https:\/\/olu-limburg.de\/wp-content\/uploads\/2022\/10\/IMG_20220928_175208_ergebnis.jpg 800w, https:\/\/olu-limburg.de\/wp-content\/uploads\/2022\/10\/IMG_20220928_175208_ergebnis-300x225.jpg 300w, https:\/\/olu-limburg.de\/wp-content\/uploads\/2022\/10\/IMG_20220928_175208_ergebnis-768x576.jpg 768w, https:\/\/olu-limburg.de\/wp-content\/uploads\/2022\/10\/IMG_20220928_175208_ergebnis-624x468.jpg 624w\" sizes=\"auto, (max-width: 800px) 100vw, 800px\" \/><\/a><p id=\"caption-attachment-27798\" class=\"wp-caption-text\">Fl\u00e4che des ehemaligen Kastells<\/p><\/div>\n<p><a href=\"https:\/\/olu-limburg.de\/wp-content\/uploads\/2022\/10\/IMG_20220928_175348_ergebnis.jpg\"><img loading=\"lazy\" decoding=\"async\" class=\"size-full wp-image-27799 aligncenter\" src=\"https:\/\/olu-limburg.de\/wp-content\/uploads\/2022\/10\/IMG_20220928_175348_ergebnis.jpg\" alt=\"\" width=\"800\" height=\"600\" srcset=\"https:\/\/olu-limburg.de\/wp-content\/uploads\/2022\/10\/IMG_20220928_175348_ergebnis.jpg 800w, https:\/\/olu-limburg.de\/wp-content\/uploads\/2022\/10\/IMG_20220928_175348_ergebnis-300x225.jpg 300w, https:\/\/olu-limburg.de\/wp-content\/uploads\/2022\/10\/IMG_20220928_175348_ergebnis-768x576.jpg 768w, https:\/\/olu-limburg.de\/wp-content\/uploads\/2022\/10\/IMG_20220928_175348_ergebnis-624x468.jpg 624w\" sizes=\"auto, (max-width: 800px) 100vw, 800px\" \/><\/a><\/p>\n<p>Mittlerweile hat die Natur eingegriffen und einen besch\u00fctzes Fleckchen Erde erschaffen.<\/p>\n<p>\u00dcber den Tod Attilas ist nicht viel bekannt. Priskos berichtet, da\u00df er bei den Feierlichkeiten zu seiner Hochzeit mit dem sch\u00f6nen M\u00e4dchen Ildico, durch zu gro\u00dfe Erregung und Freude und einem Blutflu\u00df aus der Nase zu Tode gekommen sei.<\/p>\n<div id=\"attachment_27808\" style=\"width: 460px\" class=\"wp-caption aligncenter\"><a href=\"https:\/\/olu-limburg.de\/wp-content\/uploads\/2022\/10\/IMG_20220928_180434_ergebnis-e1666366138158.jpg\"><img loading=\"lazy\" decoding=\"async\" aria-describedby=\"caption-attachment-27808\" class=\"wp-image-27808 size-full\" src=\"https:\/\/olu-limburg.de\/wp-content\/uploads\/2022\/10\/IMG_20220928_180434_ergebnis-e1666366138158.jpg\" alt=\"\" width=\"450\" height=\"600\" srcset=\"https:\/\/olu-limburg.de\/wp-content\/uploads\/2022\/10\/IMG_20220928_180434_ergebnis-e1666366138158.jpg 450w, https:\/\/olu-limburg.de\/wp-content\/uploads\/2022\/10\/IMG_20220928_180434_ergebnis-e1666366138158-225x300.jpg 225w\" sizes=\"auto, (max-width: 450px) 100vw, 450px\" \/><\/a><p id=\"caption-attachment-27808\" class=\"wp-caption-text\">mystische Kelten- oder Hunnen-Opfergabe<\/p><\/div>\n<p>So viel lernt man, wenn man sich einen interessanten Wohnmobil-Stellplatz aussucht, und dann auch noch pers\u00f6nliches Interesse an Attila und seinen Hunnen hat.<\/p>\n<p>Tagesstrecke: 48 km<\/p>\n<p>&nbsp;<\/p>\n<p><strong>Donnerstag, 29.09.2022<\/strong><\/p>\n<p>Ich bin noch immer von den gestrigen Eindr\u00fccken begeistert. Redestoff ist auch am Morgen beim Fr\u00fchst\u00fcck und auch drau\u00dfen mit den &#8222;Nachbarn&#8220; gen\u00fcgend vorhanden. Pl\u00f6tzlich f\u00e4hrt ein kleiner Kastenwagen vor und ein Bauer bietet uns Kartoffeln, Salate, Weintrauben und Erdbeeren zum Kauf an. Ja, da greifen wir doch zu.<\/p>\n<p>Mit vielen, vielen besonderen Eindr\u00fccken verlassen wir La Cheppe \u00fcber die D977, D946 und D947 in Richtung Stenay. Und abermals s\u00e4umen viele Soldatenfriedh\u00f6fe aus dem 1. Weltkrieg unseren Weg. Sie sind Zeugnisse eines menschenverachtenden Kampfauftrages. Und heutzutage geschieht es wieder, nur an anderer Stelle. Unterwegs haben wir bei einem Supermarkt f\u00fcr 169,7 ct getankt.<\/p>\n<p>In Stenay angekommen, fahren wir auf den Wohnmobil-Stellplatz mit V+E (Geb\u00fchr EUR 9,40) gegen\u00fcber vom Sporthafen.<\/p>\n<p><a href=\"https:\/\/olu-limburg.de\/wp-content\/uploads\/2022\/10\/P1100646_ergebnis.jpg\"><img loading=\"lazy\" decoding=\"async\" class=\"alignnone size-full wp-image-27817\" src=\"https:\/\/olu-limburg.de\/wp-content\/uploads\/2022\/10\/P1100646_ergebnis.jpg\" alt=\"\" width=\"800\" height=\"600\" srcset=\"https:\/\/olu-limburg.de\/wp-content\/uploads\/2022\/10\/P1100646_ergebnis.jpg 800w, https:\/\/olu-limburg.de\/wp-content\/uploads\/2022\/10\/P1100646_ergebnis-300x225.jpg 300w, https:\/\/olu-limburg.de\/wp-content\/uploads\/2022\/10\/P1100646_ergebnis-768x576.jpg 768w, https:\/\/olu-limburg.de\/wp-content\/uploads\/2022\/10\/P1100646_ergebnis-624x468.jpg 624w\" sizes=\"auto, (max-width: 800px) 100vw, 800px\" \/><\/a><\/p>\n<p>Stenay ist jetzt kein besonderer Ort, aber f\u00fcr uns ist er ein gem\u00fctlicher Fleck, wo wir seit vielen Jahren schon willkommen sind, und die Infrastruktur stimmt auch.<\/p>\n<p><a href=\"https:\/\/olu-limburg.de\/wp-content\/uploads\/2022\/10\/20220929_180456_ergebnis.jpg\"><img loading=\"lazy\" decoding=\"async\" class=\"alignnone size-full wp-image-27811\" src=\"https:\/\/olu-limburg.de\/wp-content\/uploads\/2022\/10\/20220929_180456_ergebnis.jpg\" alt=\"\" width=\"800\" height=\"600\" srcset=\"https:\/\/olu-limburg.de\/wp-content\/uploads\/2022\/10\/20220929_180456_ergebnis.jpg 800w, https:\/\/olu-limburg.de\/wp-content\/uploads\/2022\/10\/20220929_180456_ergebnis-300x225.jpg 300w, https:\/\/olu-limburg.de\/wp-content\/uploads\/2022\/10\/20220929_180456_ergebnis-768x576.jpg 768w, https:\/\/olu-limburg.de\/wp-content\/uploads\/2022\/10\/20220929_180456_ergebnis-624x468.jpg 624w\" sizes=\"auto, (max-width: 800px) 100vw, 800px\" \/><\/a><\/p>\n<p><a href=\"https:\/\/olu-limburg.de\/wp-content\/uploads\/2022\/10\/IMG_20220929_180529_ergebnis.jpg\"><img loading=\"lazy\" decoding=\"async\" class=\"alignnone size-full wp-image-27813\" src=\"https:\/\/olu-limburg.de\/wp-content\/uploads\/2022\/10\/IMG_20220929_180529_ergebnis.jpg\" alt=\"\" width=\"800\" height=\"600\" srcset=\"https:\/\/olu-limburg.de\/wp-content\/uploads\/2022\/10\/IMG_20220929_180529_ergebnis.jpg 800w, https:\/\/olu-limburg.de\/wp-content\/uploads\/2022\/10\/IMG_20220929_180529_ergebnis-300x225.jpg 300w, https:\/\/olu-limburg.de\/wp-content\/uploads\/2022\/10\/IMG_20220929_180529_ergebnis-768x576.jpg 768w, https:\/\/olu-limburg.de\/wp-content\/uploads\/2022\/10\/IMG_20220929_180529_ergebnis-624x468.jpg 624w\" sizes=\"auto, (max-width: 800px) 100vw, 800px\" \/><\/a><\/p>\n<div id=\"attachment_27814\" style=\"width: 810px\" class=\"wp-caption alignnone\"><a href=\"https:\/\/olu-limburg.de\/wp-content\/uploads\/2022\/10\/IMG_20220929_183013_ergebnis.jpg\"><img loading=\"lazy\" decoding=\"async\" aria-describedby=\"caption-attachment-27814\" class=\"wp-image-27814 size-full\" src=\"https:\/\/olu-limburg.de\/wp-content\/uploads\/2022\/10\/IMG_20220929_183013_ergebnis.jpg\" alt=\"\" width=\"800\" height=\"600\" srcset=\"https:\/\/olu-limburg.de\/wp-content\/uploads\/2022\/10\/IMG_20220929_183013_ergebnis.jpg 800w, https:\/\/olu-limburg.de\/wp-content\/uploads\/2022\/10\/IMG_20220929_183013_ergebnis-300x225.jpg 300w, https:\/\/olu-limburg.de\/wp-content\/uploads\/2022\/10\/IMG_20220929_183013_ergebnis-768x576.jpg 768w, https:\/\/olu-limburg.de\/wp-content\/uploads\/2022\/10\/IMG_20220929_183013_ergebnis-624x468.jpg 624w\" sizes=\"auto, (max-width: 800px) 100vw, 800px\" \/><\/a><p id=\"caption-attachment-27814\" class=\"wp-caption-text\">Blick auf den Canal de l&#8217;Est und die Meuse<\/p><\/div>\n<p><a href=\"https:\/\/olu-limburg.de\/wp-content\/uploads\/2022\/10\/20220929_183631_ergebnis.jpg\"><img loading=\"lazy\" decoding=\"async\" class=\"alignnone size-full wp-image-27812\" src=\"https:\/\/olu-limburg.de\/wp-content\/uploads\/2022\/10\/20220929_183631_ergebnis.jpg\" alt=\"\" width=\"800\" height=\"600\" srcset=\"https:\/\/olu-limburg.de\/wp-content\/uploads\/2022\/10\/20220929_183631_ergebnis.jpg 800w, https:\/\/olu-limburg.de\/wp-content\/uploads\/2022\/10\/20220929_183631_ergebnis-300x225.jpg 300w, https:\/\/olu-limburg.de\/wp-content\/uploads\/2022\/10\/20220929_183631_ergebnis-768x576.jpg 768w, https:\/\/olu-limburg.de\/wp-content\/uploads\/2022\/10\/20220929_183631_ergebnis-624x468.jpg 624w\" sizes=\"auto, (max-width: 800px) 100vw, 800px\" \/><\/a><\/p>\n<p><a href=\"https:\/\/olu-limburg.de\/wp-content\/uploads\/2022\/10\/IMG_20220929_183102_ergebnis.jpg\"><img loading=\"lazy\" decoding=\"async\" class=\"alignnone size-full wp-image-27815\" src=\"https:\/\/olu-limburg.de\/wp-content\/uploads\/2022\/10\/IMG_20220929_183102_ergebnis.jpg\" alt=\"\" width=\"800\" height=\"600\" srcset=\"https:\/\/olu-limburg.de\/wp-content\/uploads\/2022\/10\/IMG_20220929_183102_ergebnis.jpg 800w, https:\/\/olu-limburg.de\/wp-content\/uploads\/2022\/10\/IMG_20220929_183102_ergebnis-300x225.jpg 300w, https:\/\/olu-limburg.de\/wp-content\/uploads\/2022\/10\/IMG_20220929_183102_ergebnis-768x576.jpg 768w, https:\/\/olu-limburg.de\/wp-content\/uploads\/2022\/10\/IMG_20220929_183102_ergebnis-624x468.jpg 624w\" sizes=\"auto, (max-width: 800px) 100vw, 800px\" \/><\/a><\/p>\n<p><a href=\"https:\/\/olu-limburg.de\/wp-content\/uploads\/2022\/10\/IMG_20220929_183108_ergebnis.jpg\"><img loading=\"lazy\" decoding=\"async\" class=\"alignnone size-full wp-image-27816\" src=\"https:\/\/olu-limburg.de\/wp-content\/uploads\/2022\/10\/IMG_20220929_183108_ergebnis.jpg\" alt=\"\" width=\"800\" height=\"600\" srcset=\"https:\/\/olu-limburg.de\/wp-content\/uploads\/2022\/10\/IMG_20220929_183108_ergebnis.jpg 800w, https:\/\/olu-limburg.de\/wp-content\/uploads\/2022\/10\/IMG_20220929_183108_ergebnis-300x225.jpg 300w, https:\/\/olu-limburg.de\/wp-content\/uploads\/2022\/10\/IMG_20220929_183108_ergebnis-768x576.jpg 768w, https:\/\/olu-limburg.de\/wp-content\/uploads\/2022\/10\/IMG_20220929_183108_ergebnis-624x468.jpg 624w\" sizes=\"auto, (max-width: 800px) 100vw, 800px\" \/><\/a><\/p>\n<p>Tagesstrecke: 95 km<\/p>\n<p>&nbsp;<\/p>\n<p><strong>Freitag, 30.09.2022<\/strong><\/p>\n<p>Bei meinem Gang zum B\u00e4cker liegt noch Nebel \u00fcber dem Canal de l&#8217;Est..<\/p>\n<p><a href=\"https:\/\/olu-limburg.de\/wp-content\/uploads\/2022\/10\/IMG_20220930_082733_ergebnis.jpg\"><img loading=\"lazy\" decoding=\"async\" class=\"size-full wp-image-27821 aligncenter\" src=\"https:\/\/olu-limburg.de\/wp-content\/uploads\/2022\/10\/IMG_20220930_082733_ergebnis.jpg\" alt=\"\" width=\"800\" height=\"600\" srcset=\"https:\/\/olu-limburg.de\/wp-content\/uploads\/2022\/10\/IMG_20220930_082733_ergebnis.jpg 800w, https:\/\/olu-limburg.de\/wp-content\/uploads\/2022\/10\/IMG_20220930_082733_ergebnis-300x225.jpg 300w, https:\/\/olu-limburg.de\/wp-content\/uploads\/2022\/10\/IMG_20220930_082733_ergebnis-768x576.jpg 768w, https:\/\/olu-limburg.de\/wp-content\/uploads\/2022\/10\/IMG_20220930_082733_ergebnis-624x468.jpg 624w\" sizes=\"auto, (max-width: 800px) 100vw, 800px\" \/><\/a><\/p>\n<p>Die Heimreise geht weiter. Wenig sp\u00e4ter erleben wir die zwei Gesichter von Montm\u00e9dy. Was so ein Stopp beim Supermarkt alles bewirkt. Wir starten die letzten Wunscheink\u00e4ufe in Frankreich, und tanken hier noch einmal voll (172,9 ct.), da der Diesel in Luxembourg und in Deutschland teurer ist.<\/p>\n<p><a href=\"https:\/\/olu-limburg.de\/wp-content\/uploads\/2022\/10\/20220930_105604_ergebnis.jpg\"><img loading=\"lazy\" decoding=\"async\" class=\"size-full wp-image-27819 aligncenter\" src=\"https:\/\/olu-limburg.de\/wp-content\/uploads\/2022\/10\/20220930_105604_ergebnis.jpg\" alt=\"\" width=\"800\" height=\"600\" srcset=\"https:\/\/olu-limburg.de\/wp-content\/uploads\/2022\/10\/20220930_105604_ergebnis.jpg 800w, https:\/\/olu-limburg.de\/wp-content\/uploads\/2022\/10\/20220930_105604_ergebnis-300x225.jpg 300w, https:\/\/olu-limburg.de\/wp-content\/uploads\/2022\/10\/20220930_105604_ergebnis-768x576.jpg 768w, https:\/\/olu-limburg.de\/wp-content\/uploads\/2022\/10\/20220930_105604_ergebnis-624x468.jpg 624w\" sizes=\"auto, (max-width: 800px) 100vw, 800px\" \/><\/a><\/p>\n<p><a href=\"https:\/\/olu-limburg.de\/wp-content\/uploads\/2022\/10\/IMG_20220930_110614_ergebnis.jpg\"><img loading=\"lazy\" decoding=\"async\" class=\"size-full wp-image-27822 aligncenter\" src=\"https:\/\/olu-limburg.de\/wp-content\/uploads\/2022\/10\/IMG_20220930_110614_ergebnis.jpg\" alt=\"\" width=\"800\" height=\"600\" srcset=\"https:\/\/olu-limburg.de\/wp-content\/uploads\/2022\/10\/IMG_20220930_110614_ergebnis.jpg 800w, https:\/\/olu-limburg.de\/wp-content\/uploads\/2022\/10\/IMG_20220930_110614_ergebnis-300x225.jpg 300w, https:\/\/olu-limburg.de\/wp-content\/uploads\/2022\/10\/IMG_20220930_110614_ergebnis-768x576.jpg 768w, https:\/\/olu-limburg.de\/wp-content\/uploads\/2022\/10\/IMG_20220930_110614_ergebnis-624x468.jpg 624w\" sizes=\"auto, (max-width: 800px) 100vw, 800px\" \/><\/a><\/p>\n<p>Nach einigen Kilometern auf belgischen Landstra\u00dfen kommen wir auf die belgische A4, und die luxembourgische A6, A3 und A1. In Wasserbillig fahren wir von der Autobahn ab, Da wir kurz hinter der Grenze nach Deutschland auf der B49 aus alter Gewohnheit in der Pizzeria &#8222;L\u00f6wener M\u00fchle&#8220; zu Mittag essen m\u00f6chten. Dabei f\u00e4llt mir auf, dass wir in diesem Urlaub sehr oft Pizza\/Spaghetti gegessen haben. Vielleicht sollten wir wieder mal nach Italien fahren.<\/p>\n<p>Nun ist es nicht mehr weit bis zu den vielen Mosel-Stellpl\u00e4tzen. Ich m\u00f6chte auf den Stellplatz in Longuich beim Weingut Feiten. Dort ist aber schon alles voll, bzw. reserviert. Bei der Weiterfahrt komme ich nicht auf die Moselstra\u00dfe, sondern lande schnurstracks auf dem Wohnmobilhafen &#8222;Triolago&#8220; mit V+E (Geb\u00fchr EUR 15,00\/24 Std. inkl. Strom) in Riol. Warum nicht?<\/p>\n<p><a href=\"https:\/\/olu-limburg.de\/wp-content\/uploads\/2022\/10\/IMG_20220930_184600_ergebnis.jpg\"><img loading=\"lazy\" decoding=\"async\" class=\"size-full wp-image-27829 aligncenter\" src=\"https:\/\/olu-limburg.de\/wp-content\/uploads\/2022\/10\/IMG_20220930_184600_ergebnis.jpg\" alt=\"\" width=\"800\" height=\"600\" srcset=\"https:\/\/olu-limburg.de\/wp-content\/uploads\/2022\/10\/IMG_20220930_184600_ergebnis.jpg 800w, https:\/\/olu-limburg.de\/wp-content\/uploads\/2022\/10\/IMG_20220930_184600_ergebnis-300x225.jpg 300w, https:\/\/olu-limburg.de\/wp-content\/uploads\/2022\/10\/IMG_20220930_184600_ergebnis-768x576.jpg 768w, https:\/\/olu-limburg.de\/wp-content\/uploads\/2022\/10\/IMG_20220930_184600_ergebnis-624x468.jpg 624w\" sizes=\"auto, (max-width: 800px) 100vw, 800px\" \/><\/a><\/p>\n<p>Mit noch etwas Sonne machen wir einen kleinen Spaziergang zur\u00fcck, da Lena bei der Anfahrt einen Weinstand an der Mosel gesehen hat. Dort ist es toll und Rioler Winzer verkaufen ihren Wein, der uns richtig gut schmeckt. Und die Aussicht ist herrlich.<\/p>\n<p><a href=\"https:\/\/olu-limburg.de\/wp-content\/uploads\/2022\/10\/IMG_20220930_171228_ergebnis.jpg\"><img loading=\"lazy\" decoding=\"async\" class=\"size-full wp-image-27824 aligncenter\" src=\"https:\/\/olu-limburg.de\/wp-content\/uploads\/2022\/10\/IMG_20220930_171228_ergebnis.jpg\" alt=\"\" width=\"800\" height=\"600\" srcset=\"https:\/\/olu-limburg.de\/wp-content\/uploads\/2022\/10\/IMG_20220930_171228_ergebnis.jpg 800w, https:\/\/olu-limburg.de\/wp-content\/uploads\/2022\/10\/IMG_20220930_171228_ergebnis-300x225.jpg 300w, https:\/\/olu-limburg.de\/wp-content\/uploads\/2022\/10\/IMG_20220930_171228_ergebnis-768x576.jpg 768w, https:\/\/olu-limburg.de\/wp-content\/uploads\/2022\/10\/IMG_20220930_171228_ergebnis-624x468.jpg 624w\" sizes=\"auto, (max-width: 800px) 100vw, 800px\" \/><\/a><\/p>\n<p><a href=\"https:\/\/olu-limburg.de\/wp-content\/uploads\/2022\/10\/IMG_20220930_172924_ergebnis.jpg\"><img loading=\"lazy\" decoding=\"async\" class=\"size-full wp-image-27825 aligncenter\" src=\"https:\/\/olu-limburg.de\/wp-content\/uploads\/2022\/10\/IMG_20220930_172924_ergebnis.jpg\" alt=\"\" width=\"800\" height=\"600\" srcset=\"https:\/\/olu-limburg.de\/wp-content\/uploads\/2022\/10\/IMG_20220930_172924_ergebnis.jpg 800w, https:\/\/olu-limburg.de\/wp-content\/uploads\/2022\/10\/IMG_20220930_172924_ergebnis-300x225.jpg 300w, https:\/\/olu-limburg.de\/wp-content\/uploads\/2022\/10\/IMG_20220930_172924_ergebnis-768x576.jpg 768w, https:\/\/olu-limburg.de\/wp-content\/uploads\/2022\/10\/IMG_20220930_172924_ergebnis-624x468.jpg 624w\" sizes=\"auto, (max-width: 800px) 100vw, 800px\" \/><\/a><\/p>\n<p><a href=\"https:\/\/olu-limburg.de\/wp-content\/uploads\/2022\/10\/IMG_20220930_174951_ergebnis.jpg\"><img loading=\"lazy\" decoding=\"async\" class=\"size-full wp-image-27826 aligncenter\" src=\"https:\/\/olu-limburg.de\/wp-content\/uploads\/2022\/10\/IMG_20220930_174951_ergebnis.jpg\" alt=\"\" width=\"800\" height=\"600\" srcset=\"https:\/\/olu-limburg.de\/wp-content\/uploads\/2022\/10\/IMG_20220930_174951_ergebnis.jpg 800w, https:\/\/olu-limburg.de\/wp-content\/uploads\/2022\/10\/IMG_20220930_174951_ergebnis-300x225.jpg 300w, https:\/\/olu-limburg.de\/wp-content\/uploads\/2022\/10\/IMG_20220930_174951_ergebnis-768x576.jpg 768w, https:\/\/olu-limburg.de\/wp-content\/uploads\/2022\/10\/IMG_20220930_174951_ergebnis-624x468.jpg 624w\" sizes=\"auto, (max-width: 800px) 100vw, 800px\" \/><\/a><\/p>\n<p><a href=\"https:\/\/olu-limburg.de\/wp-content\/uploads\/2022\/10\/IMG_20220930_175918_ergebnis.jpg\"><img loading=\"lazy\" decoding=\"async\" class=\"size-full wp-image-27827 aligncenter\" src=\"https:\/\/olu-limburg.de\/wp-content\/uploads\/2022\/10\/IMG_20220930_175918_ergebnis.jpg\" alt=\"\" width=\"800\" height=\"600\" srcset=\"https:\/\/olu-limburg.de\/wp-content\/uploads\/2022\/10\/IMG_20220930_175918_ergebnis.jpg 800w, https:\/\/olu-limburg.de\/wp-content\/uploads\/2022\/10\/IMG_20220930_175918_ergebnis-300x225.jpg 300w, https:\/\/olu-limburg.de\/wp-content\/uploads\/2022\/10\/IMG_20220930_175918_ergebnis-768x576.jpg 768w, https:\/\/olu-limburg.de\/wp-content\/uploads\/2022\/10\/IMG_20220930_175918_ergebnis-624x468.jpg 624w\" sizes=\"auto, (max-width: 800px) 100vw, 800px\" \/><\/a><\/p>\n<p><a href=\"https:\/\/olu-limburg.de\/wp-content\/uploads\/2022\/10\/IMG_20220930_180338_ergebnis.jpg\"><img loading=\"lazy\" decoding=\"async\" class=\"size-full wp-image-27828 aligncenter\" src=\"https:\/\/olu-limburg.de\/wp-content\/uploads\/2022\/10\/IMG_20220930_180338_ergebnis.jpg\" alt=\"\" width=\"800\" height=\"600\" srcset=\"https:\/\/olu-limburg.de\/wp-content\/uploads\/2022\/10\/IMG_20220930_180338_ergebnis.jpg 800w, https:\/\/olu-limburg.de\/wp-content\/uploads\/2022\/10\/IMG_20220930_180338_ergebnis-300x225.jpg 300w, https:\/\/olu-limburg.de\/wp-content\/uploads\/2022\/10\/IMG_20220930_180338_ergebnis-768x576.jpg 768w, https:\/\/olu-limburg.de\/wp-content\/uploads\/2022\/10\/IMG_20220930_180338_ergebnis-624x468.jpg 624w\" sizes=\"auto, (max-width: 800px) 100vw, 800px\" \/><\/a><\/p>\n<p>Als wir sehen, dass andere G\u00e4ste Teller mit &#8222;Mosel-Tapas&#8220; haben, frage ich an der Theke nach, und erhalte zur Antwort, dass diese nur f\u00fcr geladene G\u00e4ste sind &#8211; wahrscheinlich Ferieng\u00e4ste. Aber so etwas wirft uns ja nicht um. Wir haben doch unseren eigenen Fundus.<\/p>\n<p><a href=\"https:\/\/olu-limburg.de\/wp-content\/uploads\/2022\/10\/IMG_20220930_194643_ergebnis.jpg\"><img loading=\"lazy\" decoding=\"async\" class=\"size-full wp-image-27830 aligncenter\" src=\"https:\/\/olu-limburg.de\/wp-content\/uploads\/2022\/10\/IMG_20220930_194643_ergebnis.jpg\" alt=\"\" width=\"800\" height=\"600\" srcset=\"https:\/\/olu-limburg.de\/wp-content\/uploads\/2022\/10\/IMG_20220930_194643_ergebnis.jpg 800w, https:\/\/olu-limburg.de\/wp-content\/uploads\/2022\/10\/IMG_20220930_194643_ergebnis-300x225.jpg 300w, https:\/\/olu-limburg.de\/wp-content\/uploads\/2022\/10\/IMG_20220930_194643_ergebnis-768x576.jpg 768w, https:\/\/olu-limburg.de\/wp-content\/uploads\/2022\/10\/IMG_20220930_194643_ergebnis-624x468.jpg 624w\" sizes=\"auto, (max-width: 800px) 100vw, 800px\" \/><\/a><\/p>\n<p>Danach lassen wir den Abend ruhig ausklingen.<\/p>\n<p>Tagesstrecke: 163 km<\/p>\n<p>&nbsp;<\/p>\n<p><strong>Samstag, 01.10.2022<\/strong><\/p>\n<p>Heute Nacht hat es geregnet und gest\u00fcrmt. Es ist kein sch\u00f6nes Wetter f\u00fcr die letzten Kilometer.<\/p>\n<p><a href=\"https:\/\/olu-limburg.de\/wp-content\/uploads\/2022\/10\/20221001_112217_ergebnis.jpg\"><img loading=\"lazy\" decoding=\"async\" class=\"size-full wp-image-27820 aligncenter\" src=\"https:\/\/olu-limburg.de\/wp-content\/uploads\/2022\/10\/20221001_112217_ergebnis.jpg\" alt=\"\" width=\"800\" height=\"600\" srcset=\"https:\/\/olu-limburg.de\/wp-content\/uploads\/2022\/10\/20221001_112217_ergebnis.jpg 800w, https:\/\/olu-limburg.de\/wp-content\/uploads\/2022\/10\/20221001_112217_ergebnis-300x225.jpg 300w, https:\/\/olu-limburg.de\/wp-content\/uploads\/2022\/10\/20221001_112217_ergebnis-768x576.jpg 768w, https:\/\/olu-limburg.de\/wp-content\/uploads\/2022\/10\/20221001_112217_ergebnis-624x468.jpg 624w\" sizes=\"auto, (max-width: 800px) 100vw, 800px\" \/><\/a><\/p>\n<p>Trotz allem kommen wir gut Nachhause. Auch wenn wir nicht nur Sonne hatten, war es sehr sch\u00f6n und wir haben unheimlich viel gesehen.<\/p>\n<p>Tagesstrecke: 169 km<\/p>\n<p>&nbsp;<\/p>\n<p style=\"text-align: center;\"><a href=\"https:\/\/olu-limburg.de\/?page_id=27152\">zur\u00fcck zum Seitenanfang<\/a><\/p>\n<p>&nbsp;<\/p>\n","protected":false},"excerpt":{"rendered":"<p>Text: Hans-Werner\u00a0\u00a0\u00a0\u00a0\u00a0\u00a0\u00a0\u00a0\u00a0\u00a0\u00a0\u00a0\u00a0\u00a0\u00a0\u00a0\u00a0\u00a0\u00a0\u00a0\u00a0\u00a0\u00a0\u00a0\u00a0\u00a0\u00a0\u00a0\u00a0\u00a0\u00a0\u00a0\u00a0\u00a0\u00a0\u00a0\u00a0\u00a0\u00a0\u00a0\u00a0\u00a0\u00a0\u00a0\u00a0\u00a0\u00a0\u00a0\u00a0\u00a0\u00a0\u00a0\u00a0\u00a0\u00a0\u00a0\u00a0\u00a0\u00a0\u00a0\u00a0\u00a0\u00a0\u00a0\u00a0\u00a0\u00a0\u00a0\u00a0\u00a0\u00a0\u00a0\u00a0\u00a0\u00a0\u00a0\u00a0\u00a0\u00a0\u00a0\u00a0\u00a0\u00a0\u00a0\u00a0\u00a0\u00a0\u00a0\u00a0\u00a0\u00a0\u00a0\u00a0\u00a0\u00a0\u00a0\u00a0\u00a0\u00a0\u00a0\u00a0\u00a0\u00a0\u00a0\u00a0\u00a0\u00a0\u00a0\u00a0\u00a0\u00a0\u00a0\u00a0\u00a0\u00a0\u00a0\u00a0\u00a0\u00a0 Fotos: Hans-Werner und Lena &nbsp; F\u00fcr unsere Reise im Sp\u00e4tsommer haben wir als Hauptziel die Kanalk\u00fcste Frankreichs auserkoren. Von den Temperaturen her hat sich der Sommer verabschiedet. Auch mit der Trockenheit ist es vorbei. Dies alles hat uns aber nicht daran gehindert, in der Zeit vom 10. bis zum 30.09.2022 uns die K\u00fcste [&hellip;]<\/p>\n","protected":false},"author":1,"featured_media":0,"parent":0,"menu_order":0,"comment_status":"closed","ping_status":"closed","template":"page-templates\/full-width.php","meta":{"footnotes":""},"class_list":["post-27152","page","type-page","status-publish","hentry"],"_links":{"self":[{"href":"https:\/\/olu-limburg.de\/index.php?rest_route=\/wp\/v2\/pages\/27152","targetHints":{"allow":["GET"]}}],"collection":[{"href":"https:\/\/olu-limburg.de\/index.php?rest_route=\/wp\/v2\/pages"}],"about":[{"href":"https:\/\/olu-limburg.de\/index.php?rest_route=\/wp\/v2\/types\/page"}],"author":[{"embeddable":true,"href":"https:\/\/olu-limburg.de\/index.php?rest_route=\/wp\/v2\/users\/1"}],"replies":[{"embeddable":true,"href":"https:\/\/olu-limburg.de\/index.php?rest_route=%2Fwp%2Fv2%2Fcomments&post=27152"}],"version-history":[{"count":164,"href":"https:\/\/olu-limburg.de\/index.php?rest_route=\/wp\/v2\/pages\/27152\/revisions"}],"predecessor-version":[{"id":27837,"href":"https:\/\/olu-limburg.de\/index.php?rest_route=\/wp\/v2\/pages\/27152\/revisions\/27837"}],"wp:attachment":[{"href":"https:\/\/olu-limburg.de\/index.php?rest_route=%2Fwp%2Fv2%2Fmedia&parent=27152"}],"curies":[{"name":"wp","href":"https:\/\/api.w.org\/{rel}","templated":true}]}}