{"id":26735,"date":"2022-08-03T18:37:19","date_gmt":"2022-08-03T16:37:19","guid":{"rendered":"https:\/\/olu-limburg.de\/?page_id=26735"},"modified":"2022-09-06T19:17:02","modified_gmt":"2022-09-06T17:17:02","slug":"tour-de-france-2022-am-la-planche-des-belles-filles-und-in-alpe-dhuez","status":"publish","type":"page","link":"https:\/\/olu-limburg.de\/?page_id=26735","title":{"rendered":"Tour de France 2022 am La Planche des Belles Filles und in Alpe d&#8217;Huez"},"content":{"rendered":"<p>Text und Fotos: Hans-Werner<\/p>\n<p>Kaum dass die ersten Informationen zur Etappenf\u00fchrung an die \u00d6ffentlichkeit kamen, stand f\u00fcr uns (mein j\u00fcngster Sohn und ich) fest, es gibt wieder eine &#8222;M\u00e4nnertour&#8220; zur Tour de France. Letztendlich haben wir uns f\u00fcr die letzten Kilometer zum La Planche des Belles Filles in den Vogesen, und auf das Etappenziel in Alpe d&#8217;Huez festgelegt. Dabei haben wir in der Zeit vom 04. bis zum 16.07.2022 1.852 km zur\u00fcckgelegt. \u00dcbernachtet haben wir auf offiziellen Stellpl\u00e4tzen und den uns zugewiesenen \u00dcbernachtungspl\u00e4tzen.<\/p>\n<p>&nbsp;<\/p>\n<p><strong>Montag, 04.07.2022<\/strong><\/p>\n<div id=\"attachment_26863\" style=\"width: 810px\" class=\"wp-caption aligncenter\"><a href=\"https:\/\/olu-limburg.de\/wp-content\/uploads\/2022\/08\/IMG_20220704_144056_ergebnis.jpg\"><img loading=\"lazy\" decoding=\"async\" aria-describedby=\"caption-attachment-26863\" class=\"wp-image-26863 size-full\" src=\"https:\/\/olu-limburg.de\/wp-content\/uploads\/2022\/08\/IMG_20220704_144056_ergebnis.jpg\" alt=\"\" width=\"800\" height=\"600\" srcset=\"https:\/\/olu-limburg.de\/wp-content\/uploads\/2022\/08\/IMG_20220704_144056_ergebnis.jpg 800w, https:\/\/olu-limburg.de\/wp-content\/uploads\/2022\/08\/IMG_20220704_144056_ergebnis-300x225.jpg 300w, https:\/\/olu-limburg.de\/wp-content\/uploads\/2022\/08\/IMG_20220704_144056_ergebnis-768x576.jpg 768w, https:\/\/olu-limburg.de\/wp-content\/uploads\/2022\/08\/IMG_20220704_144056_ergebnis-624x468.jpg 624w\" sizes=\"auto, (max-width: 800px) 100vw, 800px\" \/><\/a><p id=\"caption-attachment-26863\" class=\"wp-caption-text\">das Team<\/p><\/div>\n<p>Am Nachmittag haben wir uns auf den Weg gemacht, und wollen bis Wissembourg im Elsass kommen. Dabei haben wir zwei Ziele, erstens ein paar Kilometer schon hinter uns bringen, und zweitens der abendliche Besuch beim &#8222;Royal Wok&#8220; in Wissembourg. Beides klappt sehr gut, und der &#8222;Royal Wok&#8220; ist von seinem B\u00fcfett-Angebot einfach super.<\/p>\n<p><a href=\"https:\/\/olu-limburg.de\/wp-content\/uploads\/2022\/08\/IMG_20220704_180834_ergebnis.jpg\"><img loading=\"lazy\" decoding=\"async\" class=\"size-full wp-image-26864 aligncenter\" src=\"https:\/\/olu-limburg.de\/wp-content\/uploads\/2022\/08\/IMG_20220704_180834_ergebnis.jpg\" alt=\"\" width=\"800\" height=\"600\" srcset=\"https:\/\/olu-limburg.de\/wp-content\/uploads\/2022\/08\/IMG_20220704_180834_ergebnis.jpg 800w, https:\/\/olu-limburg.de\/wp-content\/uploads\/2022\/08\/IMG_20220704_180834_ergebnis-300x225.jpg 300w, https:\/\/olu-limburg.de\/wp-content\/uploads\/2022\/08\/IMG_20220704_180834_ergebnis-768x576.jpg 768w, https:\/\/olu-limburg.de\/wp-content\/uploads\/2022\/08\/IMG_20220704_180834_ergebnis-624x468.jpg 624w\" sizes=\"auto, (max-width: 800px) 100vw, 800px\" \/><\/a><\/p>\n<div id=\"attachment_26865\" style=\"width: 810px\" class=\"wp-caption aligncenter\"><a href=\"https:\/\/olu-limburg.de\/wp-content\/uploads\/2022\/08\/IMG_20220704_181730_ergebnis.jpg\"><img loading=\"lazy\" decoding=\"async\" aria-describedby=\"caption-attachment-26865\" class=\"wp-image-26865 size-full\" src=\"https:\/\/olu-limburg.de\/wp-content\/uploads\/2022\/08\/IMG_20220704_181730_ergebnis.jpg\" alt=\"\" width=\"800\" height=\"600\" srcset=\"https:\/\/olu-limburg.de\/wp-content\/uploads\/2022\/08\/IMG_20220704_181730_ergebnis.jpg 800w, https:\/\/olu-limburg.de\/wp-content\/uploads\/2022\/08\/IMG_20220704_181730_ergebnis-300x225.jpg 300w, https:\/\/olu-limburg.de\/wp-content\/uploads\/2022\/08\/IMG_20220704_181730_ergebnis-768x576.jpg 768w, https:\/\/olu-limburg.de\/wp-content\/uploads\/2022\/08\/IMG_20220704_181730_ergebnis-624x468.jpg 624w\" sizes=\"auto, (max-width: 800px) 100vw, 800px\" \/><\/a><p id=\"caption-attachment-26865\" class=\"wp-caption-text\">allein dieser Tellerbelag sagt schon Alles<\/p><\/div>\n<p>\u00dcbernachten werden wir auf dem Ausweich-Stellplatz am Schwimmbad, obwohl der Parkplatz\u00a0 dort schon gut mit Wohnmobilen best\u00fcckt ist.<\/p>\n<p>Nach der Fahrt g\u00f6nnen wir uns noch einen Spaziergang durch die Altstadt und Christian schwelgt in Erinnerungen. Eine\u00a0 weitere Einkehr bietet sich nicht an, also \u00f6ffnen wir unsere Bar im Wohnmobil.<\/p>\n<p><a href=\"https:\/\/olu-limburg.de\/wp-content\/uploads\/2022\/08\/IMG_20220704_195730_ergebnis.jpg\"><img loading=\"lazy\" decoding=\"async\" class=\"size-full wp-image-26866 aligncenter\" src=\"https:\/\/olu-limburg.de\/wp-content\/uploads\/2022\/08\/IMG_20220704_195730_ergebnis.jpg\" alt=\"\" width=\"800\" height=\"600\" srcset=\"https:\/\/olu-limburg.de\/wp-content\/uploads\/2022\/08\/IMG_20220704_195730_ergebnis.jpg 800w, https:\/\/olu-limburg.de\/wp-content\/uploads\/2022\/08\/IMG_20220704_195730_ergebnis-300x225.jpg 300w, https:\/\/olu-limburg.de\/wp-content\/uploads\/2022\/08\/IMG_20220704_195730_ergebnis-768x576.jpg 768w, https:\/\/olu-limburg.de\/wp-content\/uploads\/2022\/08\/IMG_20220704_195730_ergebnis-624x468.jpg 624w\" sizes=\"auto, (max-width: 800px) 100vw, 800px\" \/><\/a><\/p>\n<p><a href=\"https:\/\/olu-limburg.de\/wp-content\/uploads\/2022\/08\/IMG_20220704_200630_ergebnis.jpg\"><img loading=\"lazy\" decoding=\"async\" class=\"size-full wp-image-26867 aligncenter\" src=\"https:\/\/olu-limburg.de\/wp-content\/uploads\/2022\/08\/IMG_20220704_200630_ergebnis.jpg\" alt=\"\" width=\"800\" height=\"600\" srcset=\"https:\/\/olu-limburg.de\/wp-content\/uploads\/2022\/08\/IMG_20220704_200630_ergebnis.jpg 800w, https:\/\/olu-limburg.de\/wp-content\/uploads\/2022\/08\/IMG_20220704_200630_ergebnis-300x225.jpg 300w, https:\/\/olu-limburg.de\/wp-content\/uploads\/2022\/08\/IMG_20220704_200630_ergebnis-768x576.jpg 768w, https:\/\/olu-limburg.de\/wp-content\/uploads\/2022\/08\/IMG_20220704_200630_ergebnis-624x468.jpg 624w\" sizes=\"auto, (max-width: 800px) 100vw, 800px\" \/><\/a><\/p>\n<p><a href=\"https:\/\/olu-limburg.de\/wp-content\/uploads\/2022\/08\/IMG_20220704_201051_ergebnis-e1659626368765.jpg\"><img loading=\"lazy\" decoding=\"async\" class=\"size-full wp-image-26868 aligncenter\" src=\"https:\/\/olu-limburg.de\/wp-content\/uploads\/2022\/08\/IMG_20220704_201051_ergebnis-e1659626368765.jpg\" alt=\"\" width=\"450\" height=\"600\" srcset=\"https:\/\/olu-limburg.de\/wp-content\/uploads\/2022\/08\/IMG_20220704_201051_ergebnis-e1659626368765.jpg 450w, https:\/\/olu-limburg.de\/wp-content\/uploads\/2022\/08\/IMG_20220704_201051_ergebnis-e1659626368765-225x300.jpg 225w\" sizes=\"auto, (max-width: 450px) 100vw, 450px\" \/><\/a><\/p>\n<p>Tagesstrecke: 200 km<\/p>\n<p>&nbsp;<\/p>\n<p><strong>Dienstag, 05.07.2022<\/strong><\/p>\n<p>Nach dem Fr\u00fchst\u00fcck stoppen wir noch kurz am eigentlichen Stellplatz zur Entsorgung, und weiter geht es nach Kaysersberg, unserem n\u00e4chsten, von Christian gew\u00fcnschten, \u00dcbernachtungsziel. Er sucht halt Auffrischungen von Orten, die er fr\u00fcher schon mit uns besucht hat.<\/p>\n<p>Eine \u00dcberraschung erleben wir in der N\u00e4he von Strasbourg. Wir werden auf eine gro\u00dfz\u00fcgige Umfahrung geleitet, bei der wir nach meiner Intervention f\u00fcr Classe 2 EUR 5,80 bezahlen m\u00fcssen. Okay, wir kommen ohne Stau und Verz\u00f6gerung an Strasbourg vorbei.<\/p>\n<p>Der Wohnmobil-Stellplatz mit V+E in Kaysersberg kostet am Automaten EUR 10,00 f\u00fcr 24 Stunden.<\/p>\n<p><a href=\"https:\/\/olu-limburg.de\/wp-content\/uploads\/2022\/08\/IMG_20220705_195143_ergebnis.jpg\"><img loading=\"lazy\" decoding=\"async\" class=\"size-full wp-image-26885 aligncenter\" src=\"https:\/\/olu-limburg.de\/wp-content\/uploads\/2022\/08\/IMG_20220705_195143_ergebnis.jpg\" alt=\"\" width=\"800\" height=\"600\" srcset=\"https:\/\/olu-limburg.de\/wp-content\/uploads\/2022\/08\/IMG_20220705_195143_ergebnis.jpg 800w, https:\/\/olu-limburg.de\/wp-content\/uploads\/2022\/08\/IMG_20220705_195143_ergebnis-300x225.jpg 300w, https:\/\/olu-limburg.de\/wp-content\/uploads\/2022\/08\/IMG_20220705_195143_ergebnis-768x576.jpg 768w, https:\/\/olu-limburg.de\/wp-content\/uploads\/2022\/08\/IMG_20220705_195143_ergebnis-624x468.jpg 624w\" sizes=\"auto, (max-width: 800px) 100vw, 800px\" \/><\/a><\/p>\n<p>Pflicht ist nat\u00fcrlich in Kaysersberg ein Gang durch den gesamten Ort, und eine Einkehr zum Verzehr eines &#8222;Flammekuche&#8220;.<\/p>\n<div id=\"attachment_26879\" style=\"width: 810px\" class=\"wp-caption aligncenter\"><a href=\"https:\/\/olu-limburg.de\/wp-content\/uploads\/2022\/08\/IMG_20220705_180709_ergebnis.jpg\"><img loading=\"lazy\" decoding=\"async\" aria-describedby=\"caption-attachment-26879\" class=\"wp-image-26879 size-full\" src=\"https:\/\/olu-limburg.de\/wp-content\/uploads\/2022\/08\/IMG_20220705_180709_ergebnis.jpg\" alt=\"\" width=\"800\" height=\"600\" srcset=\"https:\/\/olu-limburg.de\/wp-content\/uploads\/2022\/08\/IMG_20220705_180709_ergebnis.jpg 800w, https:\/\/olu-limburg.de\/wp-content\/uploads\/2022\/08\/IMG_20220705_180709_ergebnis-300x225.jpg 300w, https:\/\/olu-limburg.de\/wp-content\/uploads\/2022\/08\/IMG_20220705_180709_ergebnis-768x576.jpg 768w, https:\/\/olu-limburg.de\/wp-content\/uploads\/2022\/08\/IMG_20220705_180709_ergebnis-624x468.jpg 624w\" sizes=\"auto, (max-width: 800px) 100vw, 800px\" \/><\/a><p id=\"caption-attachment-26879\" class=\"wp-caption-text\">ein Storch beim Herausputzen<\/p><\/div>\n<p><a href=\"https:\/\/olu-limburg.de\/wp-content\/uploads\/2022\/08\/P1090962_ergebnis-e1659628184199.jpg\"><img loading=\"lazy\" decoding=\"async\" class=\"size-full wp-image-26887 aligncenter\" src=\"https:\/\/olu-limburg.de\/wp-content\/uploads\/2022\/08\/P1090962_ergebnis-e1659628184199.jpg\" alt=\"\" width=\"450\" height=\"600\" srcset=\"https:\/\/olu-limburg.de\/wp-content\/uploads\/2022\/08\/P1090962_ergebnis-e1659628184199.jpg 450w, https:\/\/olu-limburg.de\/wp-content\/uploads\/2022\/08\/P1090962_ergebnis-e1659628184199-225x300.jpg 225w\" sizes=\"auto, (max-width: 450px) 100vw, 450px\" \/><\/a><\/p>\n<p><a href=\"https:\/\/olu-limburg.de\/wp-content\/uploads\/2022\/08\/IMG_20220705_193007_ergebnis.jpg\"><img loading=\"lazy\" decoding=\"async\" class=\"size-full wp-image-26882 aligncenter\" src=\"https:\/\/olu-limburg.de\/wp-content\/uploads\/2022\/08\/IMG_20220705_193007_ergebnis.jpg\" alt=\"\" width=\"800\" height=\"600\" srcset=\"https:\/\/olu-limburg.de\/wp-content\/uploads\/2022\/08\/IMG_20220705_193007_ergebnis.jpg 800w, https:\/\/olu-limburg.de\/wp-content\/uploads\/2022\/08\/IMG_20220705_193007_ergebnis-300x225.jpg 300w, https:\/\/olu-limburg.de\/wp-content\/uploads\/2022\/08\/IMG_20220705_193007_ergebnis-768x576.jpg 768w, https:\/\/olu-limburg.de\/wp-content\/uploads\/2022\/08\/IMG_20220705_193007_ergebnis-624x468.jpg 624w\" sizes=\"auto, (max-width: 800px) 100vw, 800px\" \/><\/a><\/p>\n<p><a href=\"https:\/\/olu-limburg.de\/wp-content\/uploads\/2022\/08\/IMG_20220705_193349_ergebnis.jpg\"><img loading=\"lazy\" decoding=\"async\" class=\"size-full wp-image-26883 aligncenter\" src=\"https:\/\/olu-limburg.de\/wp-content\/uploads\/2022\/08\/IMG_20220705_193349_ergebnis.jpg\" alt=\"\" width=\"800\" height=\"600\" srcset=\"https:\/\/olu-limburg.de\/wp-content\/uploads\/2022\/08\/IMG_20220705_193349_ergebnis.jpg 800w, https:\/\/olu-limburg.de\/wp-content\/uploads\/2022\/08\/IMG_20220705_193349_ergebnis-300x225.jpg 300w, https:\/\/olu-limburg.de\/wp-content\/uploads\/2022\/08\/IMG_20220705_193349_ergebnis-768x576.jpg 768w, https:\/\/olu-limburg.de\/wp-content\/uploads\/2022\/08\/IMG_20220705_193349_ergebnis-624x468.jpg 624w\" sizes=\"auto, (max-width: 800px) 100vw, 800px\" \/><\/a><\/p>\n<p><a href=\"https:\/\/olu-limburg.de\/wp-content\/uploads\/2022\/08\/IMG_20220705_182557_ergebnis-e1659628156955.jpg\"><img loading=\"lazy\" decoding=\"async\" class=\"size-full wp-image-26880 aligncenter\" src=\"https:\/\/olu-limburg.de\/wp-content\/uploads\/2022\/08\/IMG_20220705_182557_ergebnis-e1659628156955.jpg\" alt=\"\" width=\"450\" height=\"600\" srcset=\"https:\/\/olu-limburg.de\/wp-content\/uploads\/2022\/08\/IMG_20220705_182557_ergebnis-e1659628156955.jpg 450w, https:\/\/olu-limburg.de\/wp-content\/uploads\/2022\/08\/IMG_20220705_182557_ergebnis-e1659628156955-225x300.jpg 225w\" sizes=\"auto, (max-width: 450px) 100vw, 450px\" \/><\/a><\/p>\n<p><a href=\"https:\/\/olu-limburg.de\/wp-content\/uploads\/2022\/08\/IMG_20220705_184813_ergebnis.jpg\"><img loading=\"lazy\" decoding=\"async\" class=\"size-full wp-image-26881 aligncenter\" src=\"https:\/\/olu-limburg.de\/wp-content\/uploads\/2022\/08\/IMG_20220705_184813_ergebnis.jpg\" alt=\"\" width=\"800\" height=\"600\" srcset=\"https:\/\/olu-limburg.de\/wp-content\/uploads\/2022\/08\/IMG_20220705_184813_ergebnis.jpg 800w, https:\/\/olu-limburg.de\/wp-content\/uploads\/2022\/08\/IMG_20220705_184813_ergebnis-300x225.jpg 300w, https:\/\/olu-limburg.de\/wp-content\/uploads\/2022\/08\/IMG_20220705_184813_ergebnis-768x576.jpg 768w, https:\/\/olu-limburg.de\/wp-content\/uploads\/2022\/08\/IMG_20220705_184813_ergebnis-624x468.jpg 624w\" sizes=\"auto, (max-width: 800px) 100vw, 800px\" \/><\/a><\/p>\n<p><a href=\"https:\/\/olu-limburg.de\/wp-content\/uploads\/2022\/08\/IMG_20220705_195055_ergebnis.jpg\"><img loading=\"lazy\" decoding=\"async\" class=\"size-full wp-image-26884 aligncenter\" src=\"https:\/\/olu-limburg.de\/wp-content\/uploads\/2022\/08\/IMG_20220705_195055_ergebnis.jpg\" alt=\"\" width=\"800\" height=\"600\" srcset=\"https:\/\/olu-limburg.de\/wp-content\/uploads\/2022\/08\/IMG_20220705_195055_ergebnis.jpg 800w, https:\/\/olu-limburg.de\/wp-content\/uploads\/2022\/08\/IMG_20220705_195055_ergebnis-300x225.jpg 300w, https:\/\/olu-limburg.de\/wp-content\/uploads\/2022\/08\/IMG_20220705_195055_ergebnis-768x576.jpg 768w, https:\/\/olu-limburg.de\/wp-content\/uploads\/2022\/08\/IMG_20220705_195055_ergebnis-624x468.jpg 624w\" sizes=\"auto, (max-width: 800px) 100vw, 800px\" \/><\/a><\/p>\n<p>Tagesstrecke: 137 km<\/p>\n<p>&nbsp;<\/p>\n<p><strong>Mittwoch, 06.07.2022 bis Donnerstag, 07.07.2022<\/strong><\/p>\n<p><a href=\"https:\/\/olu-limburg.de\/wp-content\/uploads\/2022\/08\/IMG_20220706_081541_ergebnis.jpg\"><img loading=\"lazy\" decoding=\"async\" class=\"size-full wp-image-26886 aligncenter\" src=\"https:\/\/olu-limburg.de\/wp-content\/uploads\/2022\/08\/IMG_20220706_081541_ergebnis.jpg\" alt=\"\" width=\"800\" height=\"600\" srcset=\"https:\/\/olu-limburg.de\/wp-content\/uploads\/2022\/08\/IMG_20220706_081541_ergebnis.jpg 800w, https:\/\/olu-limburg.de\/wp-content\/uploads\/2022\/08\/IMG_20220706_081541_ergebnis-300x225.jpg 300w, https:\/\/olu-limburg.de\/wp-content\/uploads\/2022\/08\/IMG_20220706_081541_ergebnis-768x576.jpg 768w, https:\/\/olu-limburg.de\/wp-content\/uploads\/2022\/08\/IMG_20220706_081541_ergebnis-624x468.jpg 624w\" sizes=\"auto, (max-width: 800px) 100vw, 800px\" \/><\/a><\/p>\n<p>Nun ruft aber die Pflicht. Auf der kostenlosen Autobahn und endlosen kleinen Regionalstra\u00dfen fahren wir in Richtung des La Planche des Belles Filles. In dem kleinen Ort Plancher les Mines stehen schon unz\u00e4hlige Wohnmobile.<\/p>\n<p><a href=\"https:\/\/olu-limburg.de\/wp-content\/uploads\/2022\/08\/P1090972_ergebnis.jpg\"><img loading=\"lazy\" decoding=\"async\" class=\"size-full wp-image-26909 aligncenter\" src=\"https:\/\/olu-limburg.de\/wp-content\/uploads\/2022\/08\/P1090972_ergebnis.jpg\" alt=\"\" width=\"800\" height=\"600\" srcset=\"https:\/\/olu-limburg.de\/wp-content\/uploads\/2022\/08\/P1090972_ergebnis.jpg 800w, https:\/\/olu-limburg.de\/wp-content\/uploads\/2022\/08\/P1090972_ergebnis-300x225.jpg 300w, https:\/\/olu-limburg.de\/wp-content\/uploads\/2022\/08\/P1090972_ergebnis-768x576.jpg 768w, https:\/\/olu-limburg.de\/wp-content\/uploads\/2022\/08\/P1090972_ergebnis-624x468.jpg 624w\" sizes=\"auto, (max-width: 800px) 100vw, 800px\" \/><\/a><\/p>\n<div id=\"attachment_26904\" style=\"width: 810px\" class=\"wp-caption aligncenter\"><a href=\"https:\/\/olu-limburg.de\/wp-content\/uploads\/2022\/08\/IMG_20220707_185907_ergebnis.jpg\"><img loading=\"lazy\" decoding=\"async\" aria-describedby=\"caption-attachment-26904\" class=\"wp-image-26904 size-full\" src=\"https:\/\/olu-limburg.de\/wp-content\/uploads\/2022\/08\/IMG_20220707_185907_ergebnis.jpg\" alt=\"\" width=\"800\" height=\"600\" srcset=\"https:\/\/olu-limburg.de\/wp-content\/uploads\/2022\/08\/IMG_20220707_185907_ergebnis.jpg 800w, https:\/\/olu-limburg.de\/wp-content\/uploads\/2022\/08\/IMG_20220707_185907_ergebnis-300x225.jpg 300w, https:\/\/olu-limburg.de\/wp-content\/uploads\/2022\/08\/IMG_20220707_185907_ergebnis-768x576.jpg 768w, https:\/\/olu-limburg.de\/wp-content\/uploads\/2022\/08\/IMG_20220707_185907_ergebnis-624x468.jpg 624w\" sizes=\"auto, (max-width: 800px) 100vw, 800px\" \/><\/a><p id=\"caption-attachment-26904\" class=\"wp-caption-text\">Auf wen warten die schon?<\/p><\/div>\n<p>Wir fahren weiter. Ich halte schon vorsichtshalber nach Stellplatzm\u00f6glichkeiten Ausschau. Nach ein bis zwei Kilometern folgt eine Kehre nach der anderen,\u00a0 immer h\u00f6her. Da stoppt uns, etwa drei Kilometer vor dem Ziel am La Super Planche des Belles Filles eine junge Polizistin und bittet uns um Umkehr. Alles ist gut, sie h\u00e4lt uns sogar b eim Wenden den Gegenverkehr in Form von zahllosen Radfahrern weg.<\/p>\n<p>Kurz vor dem steileren Anstieg habe ich unterhalb der Stra\u00dfe einige Wohnmobile auf einer Wiese gesehen. Dort fahre ich hin. Hier hat sich bereits ein buntes V\u00f6lkchen aus Franzosen, Deutschen, Belgiern, Holl\u00e4ndern und Slowenen gefunden. Es sieht gut aus. Es ist ein Platz ohne V+E , wo wir gegen ein kleines Entgelt stehen d\u00fcrfen. Die Entsorgung ist oben an der Stra\u00dfe m\u00f6glich, wo die ASO (Veranstalter der Grand Tours) Dixieklos hat aufstellen lassen.<\/p>\n<div id=\"attachment_26894\" style=\"width: 810px\" class=\"wp-caption aligncenter\"><a href=\"https:\/\/olu-limburg.de\/wp-content\/uploads\/2022\/08\/IMG_20220706_184845_ergebnis.jpg\"><img loading=\"lazy\" decoding=\"async\" aria-describedby=\"caption-attachment-26894\" class=\"wp-image-26894 size-full\" src=\"https:\/\/olu-limburg.de\/wp-content\/uploads\/2022\/08\/IMG_20220706_184845_ergebnis.jpg\" alt=\"\" width=\"800\" height=\"600\" srcset=\"https:\/\/olu-limburg.de\/wp-content\/uploads\/2022\/08\/IMG_20220706_184845_ergebnis.jpg 800w, https:\/\/olu-limburg.de\/wp-content\/uploads\/2022\/08\/IMG_20220706_184845_ergebnis-300x225.jpg 300w, https:\/\/olu-limburg.de\/wp-content\/uploads\/2022\/08\/IMG_20220706_184845_ergebnis-768x576.jpg 768w, https:\/\/olu-limburg.de\/wp-content\/uploads\/2022\/08\/IMG_20220706_184845_ergebnis-624x468.jpg 624w\" sizes=\"auto, (max-width: 800px) 100vw, 800px\" \/><\/a><p id=\"caption-attachment-26894\" class=\"wp-caption-text\">Links ist die Einfahrt zu der Wiese; rechts hinten geht es auf den Berg<\/p><\/div>\n<p><a href=\"https:\/\/olu-limburg.de\/wp-content\/uploads\/2022\/08\/IMG_20220706_131720_ergebnis.jpg\"><img loading=\"lazy\" decoding=\"async\" class=\"size-full wp-image-26888 aligncenter\" src=\"https:\/\/olu-limburg.de\/wp-content\/uploads\/2022\/08\/IMG_20220706_131720_ergebnis.jpg\" alt=\"\" width=\"800\" height=\"600\" srcset=\"https:\/\/olu-limburg.de\/wp-content\/uploads\/2022\/08\/IMG_20220706_131720_ergebnis.jpg 800w, https:\/\/olu-limburg.de\/wp-content\/uploads\/2022\/08\/IMG_20220706_131720_ergebnis-300x225.jpg 300w, https:\/\/olu-limburg.de\/wp-content\/uploads\/2022\/08\/IMG_20220706_131720_ergebnis-768x576.jpg 768w, https:\/\/olu-limburg.de\/wp-content\/uploads\/2022\/08\/IMG_20220706_131720_ergebnis-624x468.jpg 624w\" sizes=\"auto, (max-width: 800px) 100vw, 800px\" \/><\/a><\/p>\n<div id=\"attachment_26895\" style=\"width: 810px\" class=\"wp-caption aligncenter\"><a href=\"https:\/\/olu-limburg.de\/wp-content\/uploads\/2022\/08\/IMG_20220707_122908_ergebnis.jpg\"><img loading=\"lazy\" decoding=\"async\" aria-describedby=\"caption-attachment-26895\" class=\"wp-image-26895 size-full\" src=\"https:\/\/olu-limburg.de\/wp-content\/uploads\/2022\/08\/IMG_20220707_122908_ergebnis.jpg\" alt=\"\" width=\"800\" height=\"600\" srcset=\"https:\/\/olu-limburg.de\/wp-content\/uploads\/2022\/08\/IMG_20220707_122908_ergebnis.jpg 800w, https:\/\/olu-limburg.de\/wp-content\/uploads\/2022\/08\/IMG_20220707_122908_ergebnis-300x225.jpg 300w, https:\/\/olu-limburg.de\/wp-content\/uploads\/2022\/08\/IMG_20220707_122908_ergebnis-768x576.jpg 768w, https:\/\/olu-limburg.de\/wp-content\/uploads\/2022\/08\/IMG_20220707_122908_ergebnis-624x468.jpg 624w\" sizes=\"auto, (max-width: 800px) 100vw, 800px\" \/><\/a><p id=\"caption-attachment-26895\" class=\"wp-caption-text\">offizieller Fanclub von Tadej Pogacar<\/p><\/div>\n<p>Auch wenn wir irgendwie im Niemandsland stehen, sind wir mit unserem Vorrat aus dem Wohnmobil gut versorgt. Wir laufen in den Ort und sehen keinerlei Gesch\u00e4fte oder Lokale (Wir h\u00e4tten noch ein paar hundert Meter weiter laufen sollen.). Plancher les Mines ist eine typische vergessene Bergwerkstadt. Und im Winter rauscht der Verkehr zu den Skistationen hoch, ohne hier einen Halt zu machen.<\/p>\n<div id=\"attachment_26890\" style=\"width: 460px\" class=\"wp-caption aligncenter\"><a href=\"https:\/\/olu-limburg.de\/wp-content\/uploads\/2022\/08\/IMG_20220706_180137_ergebnis-e1659631562963.jpg\"><img loading=\"lazy\" decoding=\"async\" aria-describedby=\"caption-attachment-26890\" class=\"wp-image-26890 size-full\" src=\"https:\/\/olu-limburg.de\/wp-content\/uploads\/2022\/08\/IMG_20220706_180137_ergebnis-e1659631562963.jpg\" alt=\"\" width=\"450\" height=\"600\" srcset=\"https:\/\/olu-limburg.de\/wp-content\/uploads\/2022\/08\/IMG_20220706_180137_ergebnis-e1659631562963.jpg 450w, https:\/\/olu-limburg.de\/wp-content\/uploads\/2022\/08\/IMG_20220706_180137_ergebnis-e1659631562963-225x300.jpg 225w\" sizes=\"auto, (max-width: 450px) 100vw, 450px\" \/><\/a><p id=\"caption-attachment-26890\" class=\"wp-caption-text\">In Frankreich z\u00e4hlt Jan Ullrich immer noch was!<\/p><\/div>\n<div id=\"attachment_26893\" style=\"width: 810px\" class=\"wp-caption aligncenter\"><a href=\"https:\/\/olu-limburg.de\/wp-content\/uploads\/2022\/08\/IMG_20220706_182124_ergebnis.jpg\"><img loading=\"lazy\" decoding=\"async\" aria-describedby=\"caption-attachment-26893\" class=\"wp-image-26893 size-full\" src=\"https:\/\/olu-limburg.de\/wp-content\/uploads\/2022\/08\/IMG_20220706_182124_ergebnis.jpg\" alt=\"\" width=\"800\" height=\"600\" srcset=\"https:\/\/olu-limburg.de\/wp-content\/uploads\/2022\/08\/IMG_20220706_182124_ergebnis.jpg 800w, https:\/\/olu-limburg.de\/wp-content\/uploads\/2022\/08\/IMG_20220706_182124_ergebnis-300x225.jpg 300w, https:\/\/olu-limburg.de\/wp-content\/uploads\/2022\/08\/IMG_20220706_182124_ergebnis-768x576.jpg 768w, https:\/\/olu-limburg.de\/wp-content\/uploads\/2022\/08\/IMG_20220706_182124_ergebnis-624x468.jpg 624w\" sizes=\"auto, (max-width: 800px) 100vw, 800px\" \/><\/a><p id=\"caption-attachment-26893\" class=\"wp-caption-text\">Geschlossen!<\/p><\/div>\n<div id=\"attachment_26892\" style=\"width: 810px\" class=\"wp-caption aligncenter\"><a href=\"https:\/\/olu-limburg.de\/wp-content\/uploads\/2022\/08\/IMG_20220706_181930_ergebnis.jpg\"><img loading=\"lazy\" decoding=\"async\" aria-describedby=\"caption-attachment-26892\" class=\"wp-image-26892 size-full\" src=\"https:\/\/olu-limburg.de\/wp-content\/uploads\/2022\/08\/IMG_20220706_181930_ergebnis.jpg\" alt=\"\" width=\"800\" height=\"600\" srcset=\"https:\/\/olu-limburg.de\/wp-content\/uploads\/2022\/08\/IMG_20220706_181930_ergebnis.jpg 800w, https:\/\/olu-limburg.de\/wp-content\/uploads\/2022\/08\/IMG_20220706_181930_ergebnis-300x225.jpg 300w, https:\/\/olu-limburg.de\/wp-content\/uploads\/2022\/08\/IMG_20220706_181930_ergebnis-768x576.jpg 768w, https:\/\/olu-limburg.de\/wp-content\/uploads\/2022\/08\/IMG_20220706_181930_ergebnis-624x468.jpg 624w\" sizes=\"auto, (max-width: 800px) 100vw, 800px\" \/><\/a><p id=\"caption-attachment-26892\" class=\"wp-caption-text\">Nur mit der Tour wird es bunt.<\/p><\/div>\n<p><a href=\"https:\/\/olu-limburg.de\/wp-content\/uploads\/2022\/08\/P1090971_ergebnis.jpg\"><img loading=\"lazy\" decoding=\"async\" class=\"size-full wp-image-26908 aligncenter\" src=\"https:\/\/olu-limburg.de\/wp-content\/uploads\/2022\/08\/P1090971_ergebnis.jpg\" alt=\"\" width=\"800\" height=\"600\" srcset=\"https:\/\/olu-limburg.de\/wp-content\/uploads\/2022\/08\/P1090971_ergebnis.jpg 800w, https:\/\/olu-limburg.de\/wp-content\/uploads\/2022\/08\/P1090971_ergebnis-300x225.jpg 300w, https:\/\/olu-limburg.de\/wp-content\/uploads\/2022\/08\/P1090971_ergebnis-768x576.jpg 768w, https:\/\/olu-limburg.de\/wp-content\/uploads\/2022\/08\/P1090971_ergebnis-624x468.jpg 624w\" sizes=\"auto, (max-width: 800px) 100vw, 800px\" \/><\/a><\/p>\n<p>Tagesstrecke: 106 km<\/p>\n<p>Auf der Wiese schl\u00e4ft man herrlich. Es gibt kein Theater oder Gegr\u00f6le, nur Ruhe.<\/p>\n<p>So nach und nach tut sich immer mehr auf der Stra\u00dfe nach oben. Au\u00dfer den offiziellen Fahrzeugen darf niemand mehr hoch. Auch die Radfahrer werden zur\u00fcck geschickt, da nun die Tour-LKWs erwartet werden.<\/p>\n<p><a href=\"https:\/\/olu-limburg.de\/wp-content\/uploads\/2022\/08\/IMG_20220707_152220_ergebnis.jpg\"><img loading=\"lazy\" decoding=\"async\" class=\"size-full wp-image-26897 aligncenter\" src=\"https:\/\/olu-limburg.de\/wp-content\/uploads\/2022\/08\/IMG_20220707_152220_ergebnis.jpg\" alt=\"\" width=\"800\" height=\"600\" srcset=\"https:\/\/olu-limburg.de\/wp-content\/uploads\/2022\/08\/IMG_20220707_152220_ergebnis.jpg 800w, https:\/\/olu-limburg.de\/wp-content\/uploads\/2022\/08\/IMG_20220707_152220_ergebnis-300x225.jpg 300w, https:\/\/olu-limburg.de\/wp-content\/uploads\/2022\/08\/IMG_20220707_152220_ergebnis-768x576.jpg 768w, https:\/\/olu-limburg.de\/wp-content\/uploads\/2022\/08\/IMG_20220707_152220_ergebnis-624x468.jpg 624w\" sizes=\"auto, (max-width: 800px) 100vw, 800px\" \/><\/a><\/p>\n<p><a href=\"https:\/\/olu-limburg.de\/wp-content\/uploads\/2022\/08\/IMG_20220707_152317_ergebnis.jpg\"><img loading=\"lazy\" decoding=\"async\" class=\"size-full wp-image-26898 aligncenter\" src=\"https:\/\/olu-limburg.de\/wp-content\/uploads\/2022\/08\/IMG_20220707_152317_ergebnis.jpg\" alt=\"\" width=\"800\" height=\"600\" srcset=\"https:\/\/olu-limburg.de\/wp-content\/uploads\/2022\/08\/IMG_20220707_152317_ergebnis.jpg 800w, https:\/\/olu-limburg.de\/wp-content\/uploads\/2022\/08\/IMG_20220707_152317_ergebnis-300x225.jpg 300w, https:\/\/olu-limburg.de\/wp-content\/uploads\/2022\/08\/IMG_20220707_152317_ergebnis-768x576.jpg 768w, https:\/\/olu-limburg.de\/wp-content\/uploads\/2022\/08\/IMG_20220707_152317_ergebnis-624x468.jpg 624w\" sizes=\"auto, (max-width: 800px) 100vw, 800px\" \/><\/a><\/p>\n<p><a href=\"https:\/\/olu-limburg.de\/wp-content\/uploads\/2022\/08\/IMG_20220707_173356_ergebnis.jpg\"><img loading=\"lazy\" decoding=\"async\" class=\"size-full wp-image-26899 aligncenter\" src=\"https:\/\/olu-limburg.de\/wp-content\/uploads\/2022\/08\/IMG_20220707_173356_ergebnis.jpg\" alt=\"\" width=\"800\" height=\"600\" srcset=\"https:\/\/olu-limburg.de\/wp-content\/uploads\/2022\/08\/IMG_20220707_173356_ergebnis.jpg 800w, https:\/\/olu-limburg.de\/wp-content\/uploads\/2022\/08\/IMG_20220707_173356_ergebnis-300x225.jpg 300w, https:\/\/olu-limburg.de\/wp-content\/uploads\/2022\/08\/IMG_20220707_173356_ergebnis-768x576.jpg 768w, https:\/\/olu-limburg.de\/wp-content\/uploads\/2022\/08\/IMG_20220707_173356_ergebnis-624x468.jpg 624w\" sizes=\"auto, (max-width: 800px) 100vw, 800px\" \/><\/a><\/p>\n<p><a href=\"https:\/\/olu-limburg.de\/wp-content\/uploads\/2022\/08\/IMG_20220707_174510_ergebnis.jpg\"><img loading=\"lazy\" decoding=\"async\" class=\"size-full wp-image-26900 alignnone\" src=\"https:\/\/olu-limburg.de\/wp-content\/uploads\/2022\/08\/IMG_20220707_174510_ergebnis.jpg\" alt=\"\" width=\"800\" height=\"600\" srcset=\"https:\/\/olu-limburg.de\/wp-content\/uploads\/2022\/08\/IMG_20220707_174510_ergebnis.jpg 800w, https:\/\/olu-limburg.de\/wp-content\/uploads\/2022\/08\/IMG_20220707_174510_ergebnis-300x225.jpg 300w, https:\/\/olu-limburg.de\/wp-content\/uploads\/2022\/08\/IMG_20220707_174510_ergebnis-768x576.jpg 768w, https:\/\/olu-limburg.de\/wp-content\/uploads\/2022\/08\/IMG_20220707_174510_ergebnis-624x468.jpg 624w\" sizes=\"auto, (max-width: 800px) 100vw, 800px\" \/><\/a><\/p>\n<p>Am Vorabend der Tour gehen wir aber nochmals bis zum Holzk\u00fcnstler am Anfang von Placher les Mines. Dort gibt es Musik und Verpflegung. Den Burger im Wohnmobillager h\u00e4tten wir uns\u00a0 sparen k\u00f6nnen. Er wird, wie in Frankreich \u00fcblich, mit halb rohem Hackfleisch angeboten.<\/p>\n<p><a href=\"https:\/\/olu-limburg.de\/wp-content\/uploads\/2022\/08\/IMG_20220707_183535_ergebnis.jpg\"><img loading=\"lazy\" decoding=\"async\" class=\"size-full wp-image-26902 aligncenter\" src=\"https:\/\/olu-limburg.de\/wp-content\/uploads\/2022\/08\/IMG_20220707_183535_ergebnis.jpg\" alt=\"\" width=\"800\" height=\"600\" srcset=\"https:\/\/olu-limburg.de\/wp-content\/uploads\/2022\/08\/IMG_20220707_183535_ergebnis.jpg 800w, https:\/\/olu-limburg.de\/wp-content\/uploads\/2022\/08\/IMG_20220707_183535_ergebnis-300x225.jpg 300w, https:\/\/olu-limburg.de\/wp-content\/uploads\/2022\/08\/IMG_20220707_183535_ergebnis-768x576.jpg 768w, https:\/\/olu-limburg.de\/wp-content\/uploads\/2022\/08\/IMG_20220707_183535_ergebnis-624x468.jpg 624w\" sizes=\"auto, (max-width: 800px) 100vw, 800px\" \/><\/a><\/p>\n<p><a href=\"https:\/\/olu-limburg.de\/wp-content\/uploads\/2022\/08\/IMG_20220707_191746_ergebnis.jpg\"><img loading=\"lazy\" decoding=\"async\" class=\"size-full wp-image-26906 aligncenter\" src=\"https:\/\/olu-limburg.de\/wp-content\/uploads\/2022\/08\/IMG_20220707_191746_ergebnis.jpg\" alt=\"\" width=\"800\" height=\"600\" srcset=\"https:\/\/olu-limburg.de\/wp-content\/uploads\/2022\/08\/IMG_20220707_191746_ergebnis.jpg 800w, https:\/\/olu-limburg.de\/wp-content\/uploads\/2022\/08\/IMG_20220707_191746_ergebnis-300x225.jpg 300w, https:\/\/olu-limburg.de\/wp-content\/uploads\/2022\/08\/IMG_20220707_191746_ergebnis-768x576.jpg 768w, https:\/\/olu-limburg.de\/wp-content\/uploads\/2022\/08\/IMG_20220707_191746_ergebnis-624x468.jpg 624w\" sizes=\"auto, (max-width: 800px) 100vw, 800px\" \/><\/a><\/p>\n<p><a href=\"https:\/\/olu-limburg.de\/wp-content\/uploads\/2022\/08\/IMG_20220707_183902_ergebnis.jpg\"><img loading=\"lazy\" decoding=\"async\" class=\"size-full wp-image-26903 aligncenter\" src=\"https:\/\/olu-limburg.de\/wp-content\/uploads\/2022\/08\/IMG_20220707_183902_ergebnis.jpg\" alt=\"\" width=\"800\" height=\"600\" srcset=\"https:\/\/olu-limburg.de\/wp-content\/uploads\/2022\/08\/IMG_20220707_183902_ergebnis.jpg 800w, https:\/\/olu-limburg.de\/wp-content\/uploads\/2022\/08\/IMG_20220707_183902_ergebnis-300x225.jpg 300w, https:\/\/olu-limburg.de\/wp-content\/uploads\/2022\/08\/IMG_20220707_183902_ergebnis-768x576.jpg 768w, https:\/\/olu-limburg.de\/wp-content\/uploads\/2022\/08\/IMG_20220707_183902_ergebnis-624x468.jpg 624w\" sizes=\"auto, (max-width: 800px) 100vw, 800px\" \/><\/a><\/p>\n<p><a href=\"https:\/\/olu-limburg.de\/wp-content\/uploads\/2022\/08\/IMG_20220707_193505_ergebnis.jpg\"><img loading=\"lazy\" decoding=\"async\" class=\"size-full wp-image-26907 aligncenter\" src=\"https:\/\/olu-limburg.de\/wp-content\/uploads\/2022\/08\/IMG_20220707_193505_ergebnis.jpg\" alt=\"\" width=\"800\" height=\"600\" srcset=\"https:\/\/olu-limburg.de\/wp-content\/uploads\/2022\/08\/IMG_20220707_193505_ergebnis.jpg 800w, https:\/\/olu-limburg.de\/wp-content\/uploads\/2022\/08\/IMG_20220707_193505_ergebnis-300x225.jpg 300w, https:\/\/olu-limburg.de\/wp-content\/uploads\/2022\/08\/IMG_20220707_193505_ergebnis-768x576.jpg 768w, https:\/\/olu-limburg.de\/wp-content\/uploads\/2022\/08\/IMG_20220707_193505_ergebnis-624x468.jpg 624w\" sizes=\"auto, (max-width: 800px) 100vw, 800px\" \/><\/a><\/p>\n<p>Tagesstrecke: 106 km<\/p>\n<p>&nbsp;<\/p>\n<p><strong>Freitag, 08.07.2022<\/strong><\/p>\n<p>Heute ist der gro\u00dfe Tag. Den ganzen Morgen \u00fcber werden oben an der Stra\u00dfe schon Werbeartikel vom Departement Haute Sa\u00f4ne mit den heutigen Tourdaten verteilt. Fu\u00dfg\u00e4nger und Radfahrer beherrschen das Bild. Autos sind verboten. Im Vorfeld der Tour konnten Interessierte sich Tickets f\u00fcr den Bus-Shuttle-Verkehr zum Zielbereich besorgen.<\/p>\n<p><a href=\"https:\/\/olu-limburg.de\/wp-content\/uploads\/2022\/08\/IMG_20220708_114644_ergebnis-e1659800527119.jpg\"><img loading=\"lazy\" decoding=\"async\" class=\"aligncenter wp-image-26914 size-full\" src=\"https:\/\/olu-limburg.de\/wp-content\/uploads\/2022\/08\/IMG_20220708_114644_ergebnis-e1659800527119.jpg\" alt=\"\" width=\"450\" height=\"600\" srcset=\"https:\/\/olu-limburg.de\/wp-content\/uploads\/2022\/08\/IMG_20220708_114644_ergebnis-e1659800527119.jpg 450w, https:\/\/olu-limburg.de\/wp-content\/uploads\/2022\/08\/IMG_20220708_114644_ergebnis-e1659800527119-225x300.jpg 225w\" sizes=\"auto, (max-width: 450px) 100vw, 450px\" \/><\/a><\/p>\n<p>Mit einem Ehepaar aus Butzbach machen wir uns kurz vor 12.00 Uhr auf den Weg. Wo wir genau landen werden, wissen wir noch nicht. Auf jeden Fall geht es langsam aber stetig bergauf. Als wir das 5 km-Banner erreichen, haben wir bereits zwei Kilometer hinter uns gebracht. Wir befinden uns schon in dem Spitzkehrenbereich. Es ist hei\u00df, und wir sind w\u00e4hlerisch in Bezug auf unseren Zuschauerplatz. Ich gehe nur noch mit langsamen Schritten unter dem\u00a0 4 km-Banner hindurch.<\/p>\n<p><a href=\"https:\/\/olu-limburg.de\/wp-content\/uploads\/2022\/08\/IMG_20220708_115717_ergebnis-e1659800734147.jpg\"><img loading=\"lazy\" decoding=\"async\" class=\"size-full wp-image-26915 aligncenter\" src=\"https:\/\/olu-limburg.de\/wp-content\/uploads\/2022\/08\/IMG_20220708_115717_ergebnis-e1659800734147.jpg\" alt=\"\" width=\"450\" height=\"600\" srcset=\"https:\/\/olu-limburg.de\/wp-content\/uploads\/2022\/08\/IMG_20220708_115717_ergebnis-e1659800734147.jpg 450w, https:\/\/olu-limburg.de\/wp-content\/uploads\/2022\/08\/IMG_20220708_115717_ergebnis-e1659800734147-225x300.jpg 225w\" sizes=\"auto, (max-width: 450px) 100vw, 450px\" \/><\/a><\/p>\n<p><a href=\"https:\/\/olu-limburg.de\/wp-content\/uploads\/2022\/08\/IMG_20220708_120007_ergebnis-e1659800761473.jpg\"><img loading=\"lazy\" decoding=\"async\" class=\"size-full wp-image-26916 aligncenter\" src=\"https:\/\/olu-limburg.de\/wp-content\/uploads\/2022\/08\/IMG_20220708_120007_ergebnis-e1659800761473.jpg\" alt=\"\" width=\"450\" height=\"600\" srcset=\"https:\/\/olu-limburg.de\/wp-content\/uploads\/2022\/08\/IMG_20220708_120007_ergebnis-e1659800761473.jpg 450w, https:\/\/olu-limburg.de\/wp-content\/uploads\/2022\/08\/IMG_20220708_120007_ergebnis-e1659800761473-225x300.jpg 225w\" sizes=\"auto, (max-width: 450px) 100vw, 450px\" \/><\/a><\/p>\n<p>Zwischendurch werden wir von den Shuttle-Bussen \u00fcberholt.<\/p>\n<p><a href=\"https:\/\/olu-limburg.de\/wp-content\/uploads\/2022\/08\/IMG_20220708_122807_ergebnis.jpg\"><img loading=\"lazy\" decoding=\"async\" class=\"size-full wp-image-26918 aligncenter\" src=\"https:\/\/olu-limburg.de\/wp-content\/uploads\/2022\/08\/IMG_20220708_122807_ergebnis.jpg\" alt=\"\" width=\"800\" height=\"600\" srcset=\"https:\/\/olu-limburg.de\/wp-content\/uploads\/2022\/08\/IMG_20220708_122807_ergebnis.jpg 800w, https:\/\/olu-limburg.de\/wp-content\/uploads\/2022\/08\/IMG_20220708_122807_ergebnis-300x225.jpg 300w, https:\/\/olu-limburg.de\/wp-content\/uploads\/2022\/08\/IMG_20220708_122807_ergebnis-768x576.jpg 768w, https:\/\/olu-limburg.de\/wp-content\/uploads\/2022\/08\/IMG_20220708_122807_ergebnis-624x468.jpg 624w\" sizes=\"auto, (max-width: 800px) 100vw, 800px\" \/><\/a><\/p>\n<p><a href=\"https:\/\/olu-limburg.de\/wp-content\/uploads\/2022\/08\/IMG_20220708_120748_ergebnis-e1659800792514.jpg\"><img loading=\"lazy\" decoding=\"async\" class=\"size-full wp-image-26917 aligncenter\" src=\"https:\/\/olu-limburg.de\/wp-content\/uploads\/2022\/08\/IMG_20220708_120748_ergebnis-e1659800792514.jpg\" alt=\"\" width=\"450\" height=\"600\" srcset=\"https:\/\/olu-limburg.de\/wp-content\/uploads\/2022\/08\/IMG_20220708_120748_ergebnis-e1659800792514.jpg 450w, https:\/\/olu-limburg.de\/wp-content\/uploads\/2022\/08\/IMG_20220708_120748_ergebnis-e1659800792514-225x300.jpg 225w\" sizes=\"auto, (max-width: 450px) 100vw, 450px\" \/><\/a><\/p>\n<p>Und nach der n\u00e4chsten Spitzkehre entscheiden wir uns f\u00fcr einen Platz ungef\u00e4hr 3,5 km vor dem Ziel. Von hier aus k\u00f6nnen wir f\u00fcr lange Zeit die Stra\u00dfe nach unten und nach oben beobachten.<\/p>\n<p>Und es qu\u00e4len sich immer mehr Menschenmassen in Richtung Ziel.<\/p>\n<p><a href=\"https:\/\/olu-limburg.de\/wp-content\/uploads\/2022\/08\/IMG_20220708_124954_ergebnis-e1659800888895.jpg\"><img loading=\"lazy\" decoding=\"async\" class=\"size-full wp-image-26919 aligncenter\" src=\"https:\/\/olu-limburg.de\/wp-content\/uploads\/2022\/08\/IMG_20220708_124954_ergebnis-e1659800888895.jpg\" alt=\"\" width=\"450\" height=\"600\" srcset=\"https:\/\/olu-limburg.de\/wp-content\/uploads\/2022\/08\/IMG_20220708_124954_ergebnis-e1659800888895.jpg 450w, https:\/\/olu-limburg.de\/wp-content\/uploads\/2022\/08\/IMG_20220708_124954_ergebnis-e1659800888895-225x300.jpg 225w\" sizes=\"auto, (max-width: 450px) 100vw, 450px\" \/><\/a><\/p>\n<p><a href=\"https:\/\/olu-limburg.de\/wp-content\/uploads\/2022\/08\/IMG_20220708_135034_ergebnis-e1659800928622.jpg\"><img loading=\"lazy\" decoding=\"async\" class=\"size-full wp-image-26920 aligncenter\" src=\"https:\/\/olu-limburg.de\/wp-content\/uploads\/2022\/08\/IMG_20220708_135034_ergebnis-e1659800928622.jpg\" alt=\"\" width=\"450\" height=\"600\" srcset=\"https:\/\/olu-limburg.de\/wp-content\/uploads\/2022\/08\/IMG_20220708_135034_ergebnis-e1659800928622.jpg 450w, https:\/\/olu-limburg.de\/wp-content\/uploads\/2022\/08\/IMG_20220708_135034_ergebnis-e1659800928622-225x300.jpg 225w\" sizes=\"auto, (max-width: 450px) 100vw, 450px\" \/><\/a><\/p>\n<p>Kurz nach 15.00 Uhr kommen ein paar Radfahrer aus dem nationalen Juniorenbereich-Bereich mit Begleitfahrzeugen vorbei &#8230;<\/p>\n<p><a href=\"https:\/\/olu-limburg.de\/wp-content\/uploads\/2022\/08\/IMG_20220708_150812_ergebnis.jpg\"><img loading=\"lazy\" decoding=\"async\" class=\"size-full wp-image-26921 aligncenter\" src=\"https:\/\/olu-limburg.de\/wp-content\/uploads\/2022\/08\/IMG_20220708_150812_ergebnis.jpg\" alt=\"\" width=\"800\" height=\"600\" srcset=\"https:\/\/olu-limburg.de\/wp-content\/uploads\/2022\/08\/IMG_20220708_150812_ergebnis.jpg 800w, https:\/\/olu-limburg.de\/wp-content\/uploads\/2022\/08\/IMG_20220708_150812_ergebnis-300x225.jpg 300w, https:\/\/olu-limburg.de\/wp-content\/uploads\/2022\/08\/IMG_20220708_150812_ergebnis-768x576.jpg 768w, https:\/\/olu-limburg.de\/wp-content\/uploads\/2022\/08\/IMG_20220708_150812_ergebnis-624x468.jpg 624w\" sizes=\"auto, (max-width: 800px) 100vw, 800px\" \/><\/a><\/p>\n<p>&#8230; oder lassen sich ziehen.<\/p>\n<p><a href=\"https:\/\/olu-limburg.de\/wp-content\/uploads\/2022\/08\/IMG_20220708_150831_ergebnis.jpg\"><img loading=\"lazy\" decoding=\"async\" class=\"size-full wp-image-26922 aligncenter\" src=\"https:\/\/olu-limburg.de\/wp-content\/uploads\/2022\/08\/IMG_20220708_150831_ergebnis.jpg\" alt=\"\" width=\"800\" height=\"600\" srcset=\"https:\/\/olu-limburg.de\/wp-content\/uploads\/2022\/08\/IMG_20220708_150831_ergebnis.jpg 800w, https:\/\/olu-limburg.de\/wp-content\/uploads\/2022\/08\/IMG_20220708_150831_ergebnis-300x225.jpg 300w, https:\/\/olu-limburg.de\/wp-content\/uploads\/2022\/08\/IMG_20220708_150831_ergebnis-768x576.jpg 768w, https:\/\/olu-limburg.de\/wp-content\/uploads\/2022\/08\/IMG_20220708_150831_ergebnis-624x468.jpg 624w\" sizes=\"auto, (max-width: 800px) 100vw, 800px\" \/><\/a><\/p>\n<p>Die jungen Rennfahrer m\u00fcssen sich aber beeilen, denn schon um 15.34 Uhr k\u00fcndigt die &#8222;Micky Maus&#8220; die nahende Werbekarawane an.<\/p>\n<p><a href=\"https:\/\/olu-limburg.de\/wp-content\/uploads\/2022\/08\/P1090975_ergebnis.jpg\"><img loading=\"lazy\" decoding=\"async\" class=\"size-full wp-image-26929 aligncenter\" src=\"https:\/\/olu-limburg.de\/wp-content\/uploads\/2022\/08\/P1090975_ergebnis.jpg\" alt=\"\" width=\"800\" height=\"600\" srcset=\"https:\/\/olu-limburg.de\/wp-content\/uploads\/2022\/08\/P1090975_ergebnis.jpg 800w, https:\/\/olu-limburg.de\/wp-content\/uploads\/2022\/08\/P1090975_ergebnis-300x225.jpg 300w, https:\/\/olu-limburg.de\/wp-content\/uploads\/2022\/08\/P1090975_ergebnis-768x576.jpg 768w, https:\/\/olu-limburg.de\/wp-content\/uploads\/2022\/08\/P1090975_ergebnis-624x468.jpg 624w\" sizes=\"auto, (max-width: 800px) 100vw, 800px\" \/><\/a><\/p>\n<p>Es ist wie ein Fastnachtsumzug f\u00fcr Erwachsene, die sich, wie sonst die Kinder, auf alles st\u00fcrzen, was von den Wagen herunter geworfen wird.<\/p>\n<p><a href=\"https:\/\/olu-limburg.de\/wp-content\/uploads\/2022\/08\/IMG_20220708_154309_ergebnis.jpg\"><img loading=\"lazy\" decoding=\"async\" class=\"size-full wp-image-26924 aligncenter\" src=\"https:\/\/olu-limburg.de\/wp-content\/uploads\/2022\/08\/IMG_20220708_154309_ergebnis.jpg\" alt=\"\" width=\"800\" height=\"600\" srcset=\"https:\/\/olu-limburg.de\/wp-content\/uploads\/2022\/08\/IMG_20220708_154309_ergebnis.jpg 800w, https:\/\/olu-limburg.de\/wp-content\/uploads\/2022\/08\/IMG_20220708_154309_ergebnis-300x225.jpg 300w, https:\/\/olu-limburg.de\/wp-content\/uploads\/2022\/08\/IMG_20220708_154309_ergebnis-768x576.jpg 768w, https:\/\/olu-limburg.de\/wp-content\/uploads\/2022\/08\/IMG_20220708_154309_ergebnis-624x468.jpg 624w\" sizes=\"auto, (max-width: 800px) 100vw, 800px\" \/><\/a><\/p>\n<p><a href=\"https:\/\/olu-limburg.de\/wp-content\/uploads\/2022\/08\/IMG_20220708_154614_ergebnis.jpg\"><img loading=\"lazy\" decoding=\"async\" class=\"size-full wp-image-26925 aligncenter\" src=\"https:\/\/olu-limburg.de\/wp-content\/uploads\/2022\/08\/IMG_20220708_154614_ergebnis.jpg\" alt=\"\" width=\"800\" height=\"600\" srcset=\"https:\/\/olu-limburg.de\/wp-content\/uploads\/2022\/08\/IMG_20220708_154614_ergebnis.jpg 800w, https:\/\/olu-limburg.de\/wp-content\/uploads\/2022\/08\/IMG_20220708_154614_ergebnis-300x225.jpg 300w, https:\/\/olu-limburg.de\/wp-content\/uploads\/2022\/08\/IMG_20220708_154614_ergebnis-768x576.jpg 768w, https:\/\/olu-limburg.de\/wp-content\/uploads\/2022\/08\/IMG_20220708_154614_ergebnis-624x468.jpg 624w\" sizes=\"auto, (max-width: 800px) 100vw, 800px\" \/><\/a><\/p>\n<p><a href=\"https:\/\/olu-limburg.de\/wp-content\/uploads\/2022\/08\/P1090977_ergebnis.jpg\"><img loading=\"lazy\" decoding=\"async\" class=\"size-full wp-image-26930 aligncenter\" src=\"https:\/\/olu-limburg.de\/wp-content\/uploads\/2022\/08\/P1090977_ergebnis.jpg\" alt=\"\" width=\"800\" height=\"600\" srcset=\"https:\/\/olu-limburg.de\/wp-content\/uploads\/2022\/08\/P1090977_ergebnis.jpg 800w, https:\/\/olu-limburg.de\/wp-content\/uploads\/2022\/08\/P1090977_ergebnis-300x225.jpg 300w, https:\/\/olu-limburg.de\/wp-content\/uploads\/2022\/08\/P1090977_ergebnis-768x576.jpg 768w, https:\/\/olu-limburg.de\/wp-content\/uploads\/2022\/08\/P1090977_ergebnis-624x468.jpg 624w\" sizes=\"auto, (max-width: 800px) 100vw, 800px\" \/><\/a><\/p>\n<p><a href=\"https:\/\/olu-limburg.de\/wp-content\/uploads\/2022\/08\/P1090981_ergebnis.jpg\"><img loading=\"lazy\" decoding=\"async\" class=\"size-full wp-image-26931 aligncenter\" src=\"https:\/\/olu-limburg.de\/wp-content\/uploads\/2022\/08\/P1090981_ergebnis.jpg\" alt=\"\" width=\"800\" height=\"600\" srcset=\"https:\/\/olu-limburg.de\/wp-content\/uploads\/2022\/08\/P1090981_ergebnis.jpg 800w, https:\/\/olu-limburg.de\/wp-content\/uploads\/2022\/08\/P1090981_ergebnis-300x225.jpg 300w, https:\/\/olu-limburg.de\/wp-content\/uploads\/2022\/08\/P1090981_ergebnis-768x576.jpg 768w, https:\/\/olu-limburg.de\/wp-content\/uploads\/2022\/08\/P1090981_ergebnis-624x468.jpg 624w\" sizes=\"auto, (max-width: 800px) 100vw, 800px\" \/><\/a><\/p>\n<p><a href=\"https:\/\/olu-limburg.de\/wp-content\/uploads\/2022\/08\/IMG_20220708_154743_ergebnis.jpg\"><img loading=\"lazy\" decoding=\"async\" class=\"size-full wp-image-26927 aligncenter\" src=\"https:\/\/olu-limburg.de\/wp-content\/uploads\/2022\/08\/IMG_20220708_154743_ergebnis.jpg\" alt=\"\" width=\"800\" height=\"600\" srcset=\"https:\/\/olu-limburg.de\/wp-content\/uploads\/2022\/08\/IMG_20220708_154743_ergebnis.jpg 800w, https:\/\/olu-limburg.de\/wp-content\/uploads\/2022\/08\/IMG_20220708_154743_ergebnis-300x225.jpg 300w, https:\/\/olu-limburg.de\/wp-content\/uploads\/2022\/08\/IMG_20220708_154743_ergebnis-768x576.jpg 768w, https:\/\/olu-limburg.de\/wp-content\/uploads\/2022\/08\/IMG_20220708_154743_ergebnis-624x468.jpg 624w\" sizes=\"auto, (max-width: 800px) 100vw, 800px\" \/><\/a><\/p>\n<p><a href=\"https:\/\/olu-limburg.de\/wp-content\/uploads\/2022\/08\/IMG_20220708_154713_ergebnis.jpg\"><img loading=\"lazy\" decoding=\"async\" class=\"size-full wp-image-26926 aligncenter\" src=\"https:\/\/olu-limburg.de\/wp-content\/uploads\/2022\/08\/IMG_20220708_154713_ergebnis.jpg\" alt=\"\" width=\"800\" height=\"600\" srcset=\"https:\/\/olu-limburg.de\/wp-content\/uploads\/2022\/08\/IMG_20220708_154713_ergebnis.jpg 800w, https:\/\/olu-limburg.de\/wp-content\/uploads\/2022\/08\/IMG_20220708_154713_ergebnis-300x225.jpg 300w, https:\/\/olu-limburg.de\/wp-content\/uploads\/2022\/08\/IMG_20220708_154713_ergebnis-768x576.jpg 768w, https:\/\/olu-limburg.de\/wp-content\/uploads\/2022\/08\/IMG_20220708_154713_ergebnis-624x468.jpg 624w\" sizes=\"auto, (max-width: 800px) 100vw, 800px\" \/><\/a><\/p>\n<p><a href=\"https:\/\/olu-limburg.de\/wp-content\/uploads\/2022\/08\/P1090988_ergebnis.jpg\"><img loading=\"lazy\" decoding=\"async\" class=\"size-full wp-image-26932 aligncenter\" src=\"https:\/\/olu-limburg.de\/wp-content\/uploads\/2022\/08\/P1090988_ergebnis.jpg\" alt=\"\" width=\"800\" height=\"600\" srcset=\"https:\/\/olu-limburg.de\/wp-content\/uploads\/2022\/08\/P1090988_ergebnis.jpg 800w, https:\/\/olu-limburg.de\/wp-content\/uploads\/2022\/08\/P1090988_ergebnis-300x225.jpg 300w, https:\/\/olu-limburg.de\/wp-content\/uploads\/2022\/08\/P1090988_ergebnis-768x576.jpg 768w, https:\/\/olu-limburg.de\/wp-content\/uploads\/2022\/08\/P1090988_ergebnis-624x468.jpg 624w\" sizes=\"auto, (max-width: 800px) 100vw, 800px\" \/><\/a><\/p>\n<p>Und zum Abschluss verkaufen mehrere Merchandising-Fahrzeuge: T\u00fcten mit der Sportzeitung &#8222;L&#8217;Equipe&#8220;, einigen Illustrierten, und Schirme oder M\u00fctzen mit dem ofiziellen Tour de France-Signet.<\/p>\n<p><a href=\"https:\/\/olu-limburg.de\/wp-content\/uploads\/2022\/08\/IMG_20220708_162629_ergebnis.jpg\"><img loading=\"lazy\" decoding=\"async\" class=\"size-full wp-image-26928 aligncenter\" src=\"https:\/\/olu-limburg.de\/wp-content\/uploads\/2022\/08\/IMG_20220708_162629_ergebnis.jpg\" alt=\"\" width=\"800\" height=\"600\" srcset=\"https:\/\/olu-limburg.de\/wp-content\/uploads\/2022\/08\/IMG_20220708_162629_ergebnis.jpg 800w, https:\/\/olu-limburg.de\/wp-content\/uploads\/2022\/08\/IMG_20220708_162629_ergebnis-300x225.jpg 300w, https:\/\/olu-limburg.de\/wp-content\/uploads\/2022\/08\/IMG_20220708_162629_ergebnis-768x576.jpg 768w, https:\/\/olu-limburg.de\/wp-content\/uploads\/2022\/08\/IMG_20220708_162629_ergebnis-624x468.jpg 624w\" sizes=\"auto, (max-width: 800px) 100vw, 800px\" \/><\/a><\/p>\n<p>Das Brummen der Hubschrauber, von denen die herrlichen Luftaufnahmen der Tour f\u00fcr die Fernsehzuschauer kommen, n\u00e4hern sich immer mehr. Es sind schon waghalsige Man\u00f6ver der Piloten, die ganz langsam und nur wenige Meter \u00fcber den Baumwipfeln fliegen, damit die Rennfahrer von oben gefilmt werden k\u00f6nnen. Den Rest erledigen die Kameraleute auf den Motorr\u00e4dern.<\/p>\n<p>Die ersten Begleitfahrzeuge der Teams sausen schon an uns vorbei, &#8230;<\/p>\n<p><a href=\"https:\/\/olu-limburg.de\/wp-content\/uploads\/2022\/08\/IMG_20220708_164001_ergebnis.jpg\"><img loading=\"lazy\" decoding=\"async\" class=\"size-full wp-image-26935 aligncenter\" src=\"https:\/\/olu-limburg.de\/wp-content\/uploads\/2022\/08\/IMG_20220708_164001_ergebnis.jpg\" alt=\"\" width=\"800\" height=\"600\" srcset=\"https:\/\/olu-limburg.de\/wp-content\/uploads\/2022\/08\/IMG_20220708_164001_ergebnis.jpg 800w, https:\/\/olu-limburg.de\/wp-content\/uploads\/2022\/08\/IMG_20220708_164001_ergebnis-300x225.jpg 300w, https:\/\/olu-limburg.de\/wp-content\/uploads\/2022\/08\/IMG_20220708_164001_ergebnis-768x576.jpg 768w, https:\/\/olu-limburg.de\/wp-content\/uploads\/2022\/08\/IMG_20220708_164001_ergebnis-624x468.jpg 624w\" sizes=\"auto, (max-width: 800px) 100vw, 800px\" \/><\/a><\/p>\n<p><a href=\"https:\/\/olu-limburg.de\/wp-content\/uploads\/2022\/08\/IMG_20220708_163505_ergebnis.jpg\"><img loading=\"lazy\" decoding=\"async\" class=\"size-full wp-image-26934 aligncenter\" src=\"https:\/\/olu-limburg.de\/wp-content\/uploads\/2022\/08\/IMG_20220708_163505_ergebnis.jpg\" alt=\"\" width=\"800\" height=\"600\" srcset=\"https:\/\/olu-limburg.de\/wp-content\/uploads\/2022\/08\/IMG_20220708_163505_ergebnis.jpg 800w, https:\/\/olu-limburg.de\/wp-content\/uploads\/2022\/08\/IMG_20220708_163505_ergebnis-300x225.jpg 300w, https:\/\/olu-limburg.de\/wp-content\/uploads\/2022\/08\/IMG_20220708_163505_ergebnis-768x576.jpg 768w, https:\/\/olu-limburg.de\/wp-content\/uploads\/2022\/08\/IMG_20220708_163505_ergebnis-624x468.jpg 624w\" sizes=\"auto, (max-width: 800px) 100vw, 800px\" \/><\/a><\/p>\n<p>&#8230; da sehen wir den Deutschen, Lennard K\u00e4mna vom Team Bora-Hansgrohe, alleine zu uns kommen. Bis kurz vor Plancher-les-Mines war er noch Teil einer Ausrei\u00dfergruppe, die sich \u00fcber 120 km einen guten Vorsprung herausgefahren hat. Dann versch\u00e4rfte er das Tempo derma\u00dfen, dass die Gruppe regelrecht auseinanderflog. Er sieht gut aus, und wir jubeln schon, da nur noch ca. 3,5 km vor ihm liegen.<\/p>\n<div id=\"attachment_26936\" style=\"width: 810px\" class=\"wp-caption aligncenter\"><a href=\"https:\/\/olu-limburg.de\/wp-content\/uploads\/2022\/08\/IMG_20220708_165817_ergebnis.jpg\"><img loading=\"lazy\" decoding=\"async\" aria-describedby=\"caption-attachment-26936\" class=\"wp-image-26936 size-full\" src=\"https:\/\/olu-limburg.de\/wp-content\/uploads\/2022\/08\/IMG_20220708_165817_ergebnis.jpg\" alt=\"\" width=\"800\" height=\"600\" srcset=\"https:\/\/olu-limburg.de\/wp-content\/uploads\/2022\/08\/IMG_20220708_165817_ergebnis.jpg 800w, https:\/\/olu-limburg.de\/wp-content\/uploads\/2022\/08\/IMG_20220708_165817_ergebnis-300x225.jpg 300w, https:\/\/olu-limburg.de\/wp-content\/uploads\/2022\/08\/IMG_20220708_165817_ergebnis-768x576.jpg 768w, https:\/\/olu-limburg.de\/wp-content\/uploads\/2022\/08\/IMG_20220708_165817_ergebnis-624x468.jpg 624w\" sizes=\"auto, (max-width: 800px) 100vw, 800px\" \/><\/a><p id=\"caption-attachment-26936\" class=\"wp-caption-text\">Lennard K\u00e4mna<\/p><\/div>\n<div id=\"attachment_26959\" style=\"width: 810px\" class=\"wp-caption aligncenter\"><a href=\"https:\/\/olu-limburg.de\/wp-content\/uploads\/2022\/08\/IMG_20220725_222338_ergebnis.jpg\"><img loading=\"lazy\" decoding=\"async\" aria-describedby=\"caption-attachment-26959\" class=\"wp-image-26959 size-full\" src=\"https:\/\/olu-limburg.de\/wp-content\/uploads\/2022\/08\/IMG_20220725_222338_ergebnis.jpg\" alt=\"\" width=\"800\" height=\"600\" srcset=\"https:\/\/olu-limburg.de\/wp-content\/uploads\/2022\/08\/IMG_20220725_222338_ergebnis.jpg 800w, https:\/\/olu-limburg.de\/wp-content\/uploads\/2022\/08\/IMG_20220725_222338_ergebnis-300x225.jpg 300w, https:\/\/olu-limburg.de\/wp-content\/uploads\/2022\/08\/IMG_20220725_222338_ergebnis-768x576.jpg 768w, https:\/\/olu-limburg.de\/wp-content\/uploads\/2022\/08\/IMG_20220725_222338_ergebnis-624x468.jpg 624w\" sizes=\"auto, (max-width: 800px) 100vw, 800px\" \/><\/a><p id=\"caption-attachment-26959\" class=\"wp-caption-text\">Da ist der Chronist doch tats\u00e4chlich links in Gelb im Fernsehen zu sehen.<\/p><\/div>\n<p>Mit gleichm\u00e4\u00dfigem und festem Tritt zieht K\u00e4mna an uns vorbei. Als Einziger konnte ihm noch Simon Geschke folgen. Doch auch er musste ihn am Anfang der Spitzkehren ziehen lassen.<\/p>\n<div id=\"attachment_26937\" style=\"width: 810px\" class=\"wp-caption aligncenter\"><a href=\"https:\/\/olu-limburg.de\/wp-content\/uploads\/2022\/08\/IMG_20220708_165833_ergebnis.jpg\"><img loading=\"lazy\" decoding=\"async\" aria-describedby=\"caption-attachment-26937\" class=\"wp-image-26937 size-full\" src=\"https:\/\/olu-limburg.de\/wp-content\/uploads\/2022\/08\/IMG_20220708_165833_ergebnis.jpg\" alt=\"\" width=\"800\" height=\"600\" srcset=\"https:\/\/olu-limburg.de\/wp-content\/uploads\/2022\/08\/IMG_20220708_165833_ergebnis.jpg 800w, https:\/\/olu-limburg.de\/wp-content\/uploads\/2022\/08\/IMG_20220708_165833_ergebnis-300x225.jpg 300w, https:\/\/olu-limburg.de\/wp-content\/uploads\/2022\/08\/IMG_20220708_165833_ergebnis-768x576.jpg 768w, https:\/\/olu-limburg.de\/wp-content\/uploads\/2022\/08\/IMG_20220708_165833_ergebnis-624x468.jpg 624w\" sizes=\"auto, (max-width: 800px) 100vw, 800px\" \/><\/a><p id=\"caption-attachment-26937\" class=\"wp-caption-text\">Simon Geschke<\/p><\/div>\n<p>Dylan Teuns und kurz darauf auch noch Luke Durbridge, ebenfalls Mitglieder der ehemaligen Ausrei\u00dfergruppe, k\u00f6nnen sich gerade noch so vor dem &#8222;Hauptfeld&#8220; halten. Maximilian Schachmann ist schon eingeholt worden.<\/p>\n<div style=\"width: 810px\" class=\"wp-caption aligncenter\"><a href=\"https:\/\/olu-limburg.de\/wp-content\/uploads\/2022\/08\/IMG_20220708_165854_ergebnis.jpg\"><img loading=\"lazy\" decoding=\"async\" class=\"wp-image-26938 size-full\" src=\"https:\/\/olu-limburg.de\/wp-content\/uploads\/2022\/08\/IMG_20220708_165854_ergebnis.jpg\" alt=\"\" width=\"800\" height=\"600\" srcset=\"https:\/\/olu-limburg.de\/wp-content\/uploads\/2022\/08\/IMG_20220708_165854_ergebnis.jpg 800w, https:\/\/olu-limburg.de\/wp-content\/uploads\/2022\/08\/IMG_20220708_165854_ergebnis-300x225.jpg 300w, https:\/\/olu-limburg.de\/wp-content\/uploads\/2022\/08\/IMG_20220708_165854_ergebnis-768x576.jpg 768w, https:\/\/olu-limburg.de\/wp-content\/uploads\/2022\/08\/IMG_20220708_165854_ergebnis-624x468.jpg 624w\" sizes=\"auto, (max-width: 800px) 100vw, 800px\" \/><\/a><p class=\"wp-caption-text\">Dylan Teuns<\/p><\/div>\n<p>Mit einem R\u00fcckstand von nur noch 1:04 Minuten jagt das mittlerweile stark dezimierte Hauptfeld mit den Gesamtf\u00fchrenden Pogacar, Powless und Vingegaard heran. George Bennett und Rafal Majka von UAE machen f\u00fcr das Gelbe Trikot, Tadej Pogacar, die Nachf\u00fchrarbeit.<\/p>\n<p><a href=\"https:\/\/olu-limburg.de\/wp-content\/uploads\/2022\/08\/IMG_20220708_165920_ergebnis.jpg\"><img loading=\"lazy\" decoding=\"async\" class=\"aligncenter wp-image-26939 size-full\" src=\"https:\/\/olu-limburg.de\/wp-content\/uploads\/2022\/08\/IMG_20220708_165920_ergebnis.jpg\" alt=\"\" width=\"800\" height=\"600\" srcset=\"https:\/\/olu-limburg.de\/wp-content\/uploads\/2022\/08\/IMG_20220708_165920_ergebnis.jpg 800w, https:\/\/olu-limburg.de\/wp-content\/uploads\/2022\/08\/IMG_20220708_165920_ergebnis-300x225.jpg 300w, https:\/\/olu-limburg.de\/wp-content\/uploads\/2022\/08\/IMG_20220708_165920_ergebnis-768x576.jpg 768w, https:\/\/olu-limburg.de\/wp-content\/uploads\/2022\/08\/IMG_20220708_165920_ergebnis-624x468.jpg 624w\" sizes=\"auto, (max-width: 800px) 100vw, 800px\" \/><\/a><\/p>\n<div id=\"attachment_26960\" style=\"width: 810px\" class=\"wp-caption aligncenter\"><a href=\"https:\/\/olu-limburg.de\/wp-content\/uploads\/2022\/08\/IMG_20220725_222853_ergebnis.jpg\"><img loading=\"lazy\" decoding=\"async\" aria-describedby=\"caption-attachment-26960\" class=\"wp-image-26960 size-full\" src=\"https:\/\/olu-limburg.de\/wp-content\/uploads\/2022\/08\/IMG_20220725_222853_ergebnis.jpg\" alt=\"\" width=\"800\" height=\"600\" srcset=\"https:\/\/olu-limburg.de\/wp-content\/uploads\/2022\/08\/IMG_20220725_222853_ergebnis.jpg 800w, https:\/\/olu-limburg.de\/wp-content\/uploads\/2022\/08\/IMG_20220725_222853_ergebnis-300x225.jpg 300w, https:\/\/olu-limburg.de\/wp-content\/uploads\/2022\/08\/IMG_20220725_222853_ergebnis-768x576.jpg 768w, https:\/\/olu-limburg.de\/wp-content\/uploads\/2022\/08\/IMG_20220725_222853_ergebnis-624x468.jpg 624w\" sizes=\"auto, (max-width: 800px) 100vw, 800px\" \/><\/a><p id=\"caption-attachment-26960\" class=\"wp-caption-text\">Und noch einmal bin ich ein wenig sp\u00e4ter im Bild.<\/p><\/div>\n<div id=\"attachment_26940\" style=\"width: 810px\" class=\"wp-caption alignnone\"><a href=\"https:\/\/olu-limburg.de\/wp-content\/uploads\/2022\/08\/IMG_20220708_165922_ergebnis.jpg\"><img loading=\"lazy\" decoding=\"async\" aria-describedby=\"caption-attachment-26940\" class=\"wp-image-26940 size-full\" src=\"https:\/\/olu-limburg.de\/wp-content\/uploads\/2022\/08\/IMG_20220708_165922_ergebnis.jpg\" alt=\"\" width=\"800\" height=\"600\" srcset=\"https:\/\/olu-limburg.de\/wp-content\/uploads\/2022\/08\/IMG_20220708_165922_ergebnis.jpg 800w, https:\/\/olu-limburg.de\/wp-content\/uploads\/2022\/08\/IMG_20220708_165922_ergebnis-300x225.jpg 300w, https:\/\/olu-limburg.de\/wp-content\/uploads\/2022\/08\/IMG_20220708_165922_ergebnis-768x576.jpg 768w, https:\/\/olu-limburg.de\/wp-content\/uploads\/2022\/08\/IMG_20220708_165922_ergebnis-624x468.jpg 624w\" sizes=\"auto, (max-width: 800px) 100vw, 800px\" \/><\/a><p id=\"caption-attachment-26940\" class=\"wp-caption-text\">rechts im Bild: Jonas Vingegaard (Jumbo-Visma) h\u00e4lt sich noch etwas zur\u00fcck und wird von seinem Teamgef\u00e4hrten Sepp Kuss (Nr. 14) gesichert. Etwas verdeckt durch Vingegaard f\u00e4hrt mit der Nr. 151 Nairo Quintana von Arkea-Samsic.<\/p><\/div>\n<div id=\"attachment_26941\" style=\"width: 810px\" class=\"wp-caption aligncenter\"><a href=\"https:\/\/olu-limburg.de\/wp-content\/uploads\/2022\/08\/IMG_20220708_165925_ergebnis.jpg\"><img loading=\"lazy\" decoding=\"async\" aria-describedby=\"caption-attachment-26941\" class=\"wp-image-26941 size-full\" src=\"https:\/\/olu-limburg.de\/wp-content\/uploads\/2022\/08\/IMG_20220708_165925_ergebnis.jpg\" alt=\"\" width=\"800\" height=\"600\" srcset=\"https:\/\/olu-limburg.de\/wp-content\/uploads\/2022\/08\/IMG_20220708_165925_ergebnis.jpg 800w, https:\/\/olu-limburg.de\/wp-content\/uploads\/2022\/08\/IMG_20220708_165925_ergebnis-300x225.jpg 300w, https:\/\/olu-limburg.de\/wp-content\/uploads\/2022\/08\/IMG_20220708_165925_ergebnis-768x576.jpg 768w, https:\/\/olu-limburg.de\/wp-content\/uploads\/2022\/08\/IMG_20220708_165925_ergebnis-624x468.jpg 624w\" sizes=\"auto, (max-width: 800px) 100vw, 800px\" \/><\/a><p id=\"caption-attachment-26941\" class=\"wp-caption-text\">Fast am Ende des Hauptfeldes qu\u00e4lt sich der von Sturzverletzungen geplagte Kapit\u00e4n von Bora-Hansgrohe, Aleksandr Vlasov (41), hoch ins Ziel.<\/p><\/div>\n<p>Maximilian Schachmann (47), rechts, war auch noch ein Mitglied der ehemaligen Ausrei\u00dfergruppe, und hat sehr viel f\u00fcr Lennard K\u00e4mna gearbeitet. Links neben ihm f\u00e4hrt Jakob Fuglsang (194). F\u00fcr die Beiden und die zwei anderen Mitstreiter z\u00e4hlt als Schlu\u00dflichter der Hauptgruppe jetzt nur noch das Ankommen.<\/p>\n<p><a href=\"https:\/\/olu-limburg.de\/wp-content\/uploads\/2022\/08\/IMG_20220708_165928_ergebnis.jpg\"><img loading=\"lazy\" decoding=\"async\" class=\"size-full wp-image-26942 aligncenter\" src=\"https:\/\/olu-limburg.de\/wp-content\/uploads\/2022\/08\/IMG_20220708_165928_ergebnis.jpg\" alt=\"\" width=\"800\" height=\"600\" srcset=\"https:\/\/olu-limburg.de\/wp-content\/uploads\/2022\/08\/IMG_20220708_165928_ergebnis.jpg 800w, https:\/\/olu-limburg.de\/wp-content\/uploads\/2022\/08\/IMG_20220708_165928_ergebnis-300x225.jpg 300w, https:\/\/olu-limburg.de\/wp-content\/uploads\/2022\/08\/IMG_20220708_165928_ergebnis-768x576.jpg 768w, https:\/\/olu-limburg.de\/wp-content\/uploads\/2022\/08\/IMG_20220708_165928_ergebnis-624x468.jpg 624w\" sizes=\"auto, (max-width: 800px) 100vw, 800px\" \/><\/a><\/p>\n<p>&#8222;Gezeichnete&#8220; Gesichter der Fahrer, die bis vor wenigen Metern noch in der Hauptgruppe waren.<\/p>\n<p><a href=\"https:\/\/olu-limburg.de\/wp-content\/uploads\/2022\/08\/IMG_20220708_170038_ergebnis.jpg\"><img loading=\"lazy\" decoding=\"async\" class=\"size-full wp-image-26945 aligncenter\" src=\"https:\/\/olu-limburg.de\/wp-content\/uploads\/2022\/08\/IMG_20220708_170038_ergebnis.jpg\" alt=\"\" width=\"800\" height=\"600\" srcset=\"https:\/\/olu-limburg.de\/wp-content\/uploads\/2022\/08\/IMG_20220708_170038_ergebnis.jpg 800w, https:\/\/olu-limburg.de\/wp-content\/uploads\/2022\/08\/IMG_20220708_170038_ergebnis-300x225.jpg 300w, https:\/\/olu-limburg.de\/wp-content\/uploads\/2022\/08\/IMG_20220708_170038_ergebnis-768x576.jpg 768w, https:\/\/olu-limburg.de\/wp-content\/uploads\/2022\/08\/IMG_20220708_170038_ergebnis-624x468.jpg 624w\" sizes=\"auto, (max-width: 800px) 100vw, 800px\" \/><\/a><\/p>\n<p><a href=\"https:\/\/olu-limburg.de\/wp-content\/uploads\/2022\/08\/IMG_20220708_170156_ergebnis.jpg\"><img loading=\"lazy\" decoding=\"async\" class=\"size-full wp-image-26946 aligncenter\" src=\"https:\/\/olu-limburg.de\/wp-content\/uploads\/2022\/08\/IMG_20220708_170156_ergebnis.jpg\" alt=\"\" width=\"800\" height=\"600\" srcset=\"https:\/\/olu-limburg.de\/wp-content\/uploads\/2022\/08\/IMG_20220708_170156_ergebnis.jpg 800w, https:\/\/olu-limburg.de\/wp-content\/uploads\/2022\/08\/IMG_20220708_170156_ergebnis-300x225.jpg 300w, https:\/\/olu-limburg.de\/wp-content\/uploads\/2022\/08\/IMG_20220708_170156_ergebnis-768x576.jpg 768w, https:\/\/olu-limburg.de\/wp-content\/uploads\/2022\/08\/IMG_20220708_170156_ergebnis-624x468.jpg 624w\" sizes=\"auto, (max-width: 800px) 100vw, 800px\" \/><\/a><\/p>\n<div id=\"attachment_26947\" style=\"width: 810px\" class=\"wp-caption aligncenter\"><a href=\"https:\/\/olu-limburg.de\/wp-content\/uploads\/2022\/08\/IMG_20220708_170213_ergebnis.jpg\"><img loading=\"lazy\" decoding=\"async\" aria-describedby=\"caption-attachment-26947\" class=\"wp-image-26947 size-full\" src=\"https:\/\/olu-limburg.de\/wp-content\/uploads\/2022\/08\/IMG_20220708_170213_ergebnis.jpg\" alt=\"\" width=\"800\" height=\"600\" srcset=\"https:\/\/olu-limburg.de\/wp-content\/uploads\/2022\/08\/IMG_20220708_170213_ergebnis.jpg 800w, https:\/\/olu-limburg.de\/wp-content\/uploads\/2022\/08\/IMG_20220708_170213_ergebnis-300x225.jpg 300w, https:\/\/olu-limburg.de\/wp-content\/uploads\/2022\/08\/IMG_20220708_170213_ergebnis-768x576.jpg 768w, https:\/\/olu-limburg.de\/wp-content\/uploads\/2022\/08\/IMG_20220708_170213_ergebnis-624x468.jpg 624w\" sizes=\"auto, (max-width: 800px) 100vw, 800px\" \/><\/a><p id=\"caption-attachment-26947\" class=\"wp-caption-text\">Nils Politt mit dem deutschen Meistertrikot.<\/p><\/div>\n<p>Momentan werden die Handys strapaziert. Es wird gemeldet, dass sich Pogacar und Vingegaard vom Hauptfeld abgesetzt haben, und der Abstand zu K\u00e4mna immer geringer wird. K\u00e4mna befindet sich schon auf der Schotterstra\u00dfe. Er hat noch einige Sekunden Vorsprung. Als es aber ca 150 m vor dem Ziel in die 24%-Steigung hieingeht, fliegen Pogacar mit Vingegaard am Hinterrad regelrecht heran, und passieren Lennard K\u00e4mna. Welch ein Drama auf den letzten Metern. Kurz vor dem Ziel wird der v\u00f6llig demoralisierte K\u00e4mna auch noch von Primoz Roglic \u00fcberholt. Nach dieser bravour\u00f6sen Leistung gibt es f\u00fcr K\u00e4mna heute noch nicht einmal einen Podiumsplatz.<\/p>\n<p>Jetzt hat sich bereits eine gr\u00f6\u00dfere L\u00fccke von 15 Minuten aufgetan, und alles wartet auf die Nachz\u00fcgler.<\/p>\n<p><a href=\"https:\/\/olu-limburg.de\/wp-content\/uploads\/2022\/08\/P1090992_ergebnis.jpg\"><img loading=\"lazy\" decoding=\"async\" class=\"size-full wp-image-26949 aligncenter\" src=\"https:\/\/olu-limburg.de\/wp-content\/uploads\/2022\/08\/P1090992_ergebnis.jpg\" alt=\"\" width=\"800\" height=\"600\" srcset=\"https:\/\/olu-limburg.de\/wp-content\/uploads\/2022\/08\/P1090992_ergebnis.jpg 800w, https:\/\/olu-limburg.de\/wp-content\/uploads\/2022\/08\/P1090992_ergebnis-300x225.jpg 300w, https:\/\/olu-limburg.de\/wp-content\/uploads\/2022\/08\/P1090992_ergebnis-768x576.jpg 768w, https:\/\/olu-limburg.de\/wp-content\/uploads\/2022\/08\/P1090992_ergebnis-624x468.jpg 624w\" sizes=\"auto, (max-width: 800px) 100vw, 800px\" \/><\/a><\/p>\n<p><a href=\"https:\/\/olu-limburg.de\/wp-content\/uploads\/2022\/08\/IMG_20220708_170431_1_ergebnis-e1659885351926.jpg\"><img loading=\"lazy\" decoding=\"async\" class=\"size-full wp-image-26950 aligncenter\" src=\"https:\/\/olu-limburg.de\/wp-content\/uploads\/2022\/08\/IMG_20220708_170431_1_ergebnis-e1659885351926.jpg\" alt=\"\" width=\"450\" height=\"600\" srcset=\"https:\/\/olu-limburg.de\/wp-content\/uploads\/2022\/08\/IMG_20220708_170431_1_ergebnis-e1659885351926.jpg 450w, https:\/\/olu-limburg.de\/wp-content\/uploads\/2022\/08\/IMG_20220708_170431_1_ergebnis-e1659885351926-225x300.jpg 225w\" sizes=\"auto, (max-width: 450px) 100vw, 450px\" \/><\/a><\/p>\n<p><a href=\"https:\/\/olu-limburg.de\/wp-content\/uploads\/2022\/08\/IMG_20220708_170610_ergebnis.jpg\"><img loading=\"lazy\" decoding=\"async\" class=\"size-full wp-image-26951 aligncenter\" src=\"https:\/\/olu-limburg.de\/wp-content\/uploads\/2022\/08\/IMG_20220708_170610_ergebnis.jpg\" alt=\"\" width=\"800\" height=\"600\" srcset=\"https:\/\/olu-limburg.de\/wp-content\/uploads\/2022\/08\/IMG_20220708_170610_ergebnis.jpg 800w, https:\/\/olu-limburg.de\/wp-content\/uploads\/2022\/08\/IMG_20220708_170610_ergebnis-300x225.jpg 300w, https:\/\/olu-limburg.de\/wp-content\/uploads\/2022\/08\/IMG_20220708_170610_ergebnis-768x576.jpg 768w, https:\/\/olu-limburg.de\/wp-content\/uploads\/2022\/08\/IMG_20220708_170610_ergebnis-624x468.jpg 624w\" sizes=\"auto, (max-width: 800px) 100vw, 800px\" \/><\/a><\/p>\n<p><a href=\"https:\/\/olu-limburg.de\/wp-content\/uploads\/2022\/08\/IMG_20220708_170708_ergebnis.jpg\"><img loading=\"lazy\" decoding=\"async\" class=\"size-full wp-image-26952 aligncenter\" src=\"https:\/\/olu-limburg.de\/wp-content\/uploads\/2022\/08\/IMG_20220708_170708_ergebnis.jpg\" alt=\"\" width=\"800\" height=\"600\" srcset=\"https:\/\/olu-limburg.de\/wp-content\/uploads\/2022\/08\/IMG_20220708_170708_ergebnis.jpg 800w, https:\/\/olu-limburg.de\/wp-content\/uploads\/2022\/08\/IMG_20220708_170708_ergebnis-300x225.jpg 300w, https:\/\/olu-limburg.de\/wp-content\/uploads\/2022\/08\/IMG_20220708_170708_ergebnis-768x576.jpg 768w, https:\/\/olu-limburg.de\/wp-content\/uploads\/2022\/08\/IMG_20220708_170708_ergebnis-624x468.jpg 624w\" sizes=\"auto, (max-width: 800px) 100vw, 800px\" \/><\/a><\/p>\n<p><a href=\"https:\/\/olu-limburg.de\/wp-content\/uploads\/2022\/08\/IMG_20220708_171246_ergebnis.jpg\"><img loading=\"lazy\" decoding=\"async\" class=\"size-full wp-image-26953 aligncenter\" src=\"https:\/\/olu-limburg.de\/wp-content\/uploads\/2022\/08\/IMG_20220708_171246_ergebnis.jpg\" alt=\"\" width=\"800\" height=\"600\" srcset=\"https:\/\/olu-limburg.de\/wp-content\/uploads\/2022\/08\/IMG_20220708_171246_ergebnis.jpg 800w, https:\/\/olu-limburg.de\/wp-content\/uploads\/2022\/08\/IMG_20220708_171246_ergebnis-300x225.jpg 300w, https:\/\/olu-limburg.de\/wp-content\/uploads\/2022\/08\/IMG_20220708_171246_ergebnis-768x576.jpg 768w, https:\/\/olu-limburg.de\/wp-content\/uploads\/2022\/08\/IMG_20220708_171246_ergebnis-624x468.jpg 624w\" sizes=\"auto, (max-width: 800px) 100vw, 800px\" \/><\/a><\/p>\n<p>Nachdem der &#8222;Besenwagen&#8220; an uns vorbeigefahren ist, machen wir uns sofort auf den Weg nach unten. Wir haben vor, noch bis morgen auf der Wiese zu bleiben. Von einigen anderen Wohnmobilisten haben wir aber geh\u00f6rt, dass sie schon heute fahren wollen.<\/p>\n<p>Berg runter zu gehen ist zwar leichter, geht aber ganz sch\u00f6n auf die Schienbeine. Seit einigen Minuten sau\u00dfen die Rennfahrer auf dem Weg zu ihren Tourbussen wieder an uns vorbei, die in Plancher-les-Mines stehen. Dabei machen sie mit Trillerpfeifen auf sich aufmerksam.<\/p>\n<p>Ich sitze mit Christian vor dem Wohnmobil, und tats\u00e4chlich f\u00e4hrt ein Wohnmobil nach dem anderen vom Platz, ohne dass es von der Stra\u00dfe her zu einem R\u00fcckstau kommt.<\/p>\n<p>Gleich ist es 19.00 Uhr und es ist noch lange hell. Es k\u00f6nnte noch klappen. Unsere Utensilien sind schnell eingepackt, und schon machen wir uns auf den Weg. Ich habe die Idee, \u00fcber Landstra\u00dfen bis Villars-les-Dombs zu fahren, um auf dem Parkplatz des Vogelparks zu \u00fcbernachten. Dann haben wir schon einen Gro\u00dfteil der f\u00fcr morgen geplanten Strecke zur\u00fcckgelegt, und sind schneller in Le Bourg d&#8217;Oisans unterhalb von Alpe D&#8217;Huez.<\/p>\n<p>Es ist eine bl\u00f6de Idee gewesen, denn nach wenigen Kilometern stehen wir im Tourstau, da verst\u00e4ndlicherweise die offiziellen Tourfahrzeuge Vorfahrt haben, und nicht nur ich solch eine Idee hatte. Wir kommen danach auf der Landstra\u00dfe ohne viel Verkehr gut voran, aber auch durch viele Ortschaften mit noch mehr Kreiseln.<\/p>\n<p>Nach 296 km kommen wir erst ein paar Minuten nach Mitternacht in Villars-les-Dombs an. Wir sind total fertig, und wollen nicht mehr viel essen, obwohl die letzte richtige Mahlzeit unser Fr\u00fchst\u00fcck war. Mein Beifahrer ist stocksauer auf mich. Verst\u00e4ndlich!<\/p>\n<p>Tagesstrecke: 296 km<\/p>\n<p>&nbsp;<\/p>\n<p><strong>Samstag, 09.07.2022<\/strong><\/p>\n<p>Im Vogelpark kann man noch mit dem Wohnmobil \u00fcbernachten, doch die kostenlose Ver-und Entsorgungsstation ist abgebaut worden.<\/p>\n<p>Wir fahren noch mal in den Ort zum Super U tanken und einkaufen, und holen uns nebenan beim B\u00e4cker Croissants, sowie einen Kakao und einen Cappucino. So gest\u00e4rkt fahren wir durch die Seenlandschaft auf dem schnellsten Wege in Richtung Autobahn.<\/p>\n<p><a href=\"https:\/\/olu-limburg.de\/wp-content\/uploads\/2022\/08\/IMG_20220709_111513_ergebnis.jpg\"><img loading=\"lazy\" decoding=\"async\" class=\"size-full wp-image-26962 alignnone\" src=\"https:\/\/olu-limburg.de\/wp-content\/uploads\/2022\/08\/IMG_20220709_111513_ergebnis.jpg\" alt=\"\" width=\"800\" height=\"600\" srcset=\"https:\/\/olu-limburg.de\/wp-content\/uploads\/2022\/08\/IMG_20220709_111513_ergebnis.jpg 800w, https:\/\/olu-limburg.de\/wp-content\/uploads\/2022\/08\/IMG_20220709_111513_ergebnis-300x225.jpg 300w, https:\/\/olu-limburg.de\/wp-content\/uploads\/2022\/08\/IMG_20220709_111513_ergebnis-768x576.jpg 768w, https:\/\/olu-limburg.de\/wp-content\/uploads\/2022\/08\/IMG_20220709_111513_ergebnis-624x468.jpg 624w\" sizes=\"auto, (max-width: 800px) 100vw, 800px\" \/><\/a><\/p>\n<p>&nbsp;<\/p>\n<p><a href=\"https:\/\/olu-limburg.de\/wp-content\/uploads\/2022\/08\/IMG_20220709_111523_ergebnis.jpg\"><img loading=\"lazy\" decoding=\"async\" class=\"size-full wp-image-26963 aligncenter\" src=\"https:\/\/olu-limburg.de\/wp-content\/uploads\/2022\/08\/IMG_20220709_111523_ergebnis.jpg\" alt=\"\" width=\"800\" height=\"600\" srcset=\"https:\/\/olu-limburg.de\/wp-content\/uploads\/2022\/08\/IMG_20220709_111523_ergebnis.jpg 800w, https:\/\/olu-limburg.de\/wp-content\/uploads\/2022\/08\/IMG_20220709_111523_ergebnis-300x225.jpg 300w, https:\/\/olu-limburg.de\/wp-content\/uploads\/2022\/08\/IMG_20220709_111523_ergebnis-768x576.jpg 768w, https:\/\/olu-limburg.de\/wp-content\/uploads\/2022\/08\/IMG_20220709_111523_ergebnis-624x468.jpg 624w\" sizes=\"auto, (max-width: 800px) 100vw, 800px\" \/><\/a><\/p>\n<p>Auf der Umfahrung von Lyon zahlen wir zwei Mal Maut f\u00fcr PKW (EUR 1,40\/EUR 2,20). F\u00fcr die Strecke bis kurz vor Grenoble werden wir mit EUR 27,40 zur Kasse gebeten. Das habe ich aber erst zuhause bei der Kreditkartenabrechnung festgestellt, denn die Anzeige am Kassenautomaten war defekt. Ich habe so etwas sofort geahnt. Wir wurden in Classe 3 eingestuft, ohne dass ich reklamieren konnte.<\/p>\n<p>Daf\u00fcr habe ich aber auch auf der Rastst\u00e4tte &#8222;Aire de L&#8217;Isle d&#8217;Abeau&#8220; die Entsorgung vorgenommen, und an einer etwas entfernten Trinkwasserstelle meinen Frischwassertank bef\u00fcllt. Es ist immer wieder grauenhaft zu sehen, dass es Wohnmobilisten gibt, die ihre Toilettenkassetten in den Ablauf unter dem Wasserhahn zur Reinigung der Kassetten entsorgen. und die ganze Anlage verdrecken. Dabei brauch man neben der Anlage nur einen Metalldeckel im Boden abnehmen, und schon klappt alles auf sauberem Wege.<\/p>\n<p>Vor uns tauchen die Berge auf. Nach Grenoble fahren wir auf der D1091 in die Gorges de la Romanches.<\/p>\n<p><a href=\"https:\/\/olu-limburg.de\/wp-content\/uploads\/2022\/08\/IMG_20220709_132100_ergebnis.jpg\"><img loading=\"lazy\" decoding=\"async\" class=\"size-full wp-image-26964 aligncenter\" src=\"https:\/\/olu-limburg.de\/wp-content\/uploads\/2022\/08\/IMG_20220709_132100_ergebnis.jpg\" alt=\"\" width=\"800\" height=\"600\" srcset=\"https:\/\/olu-limburg.de\/wp-content\/uploads\/2022\/08\/IMG_20220709_132100_ergebnis.jpg 800w, https:\/\/olu-limburg.de\/wp-content\/uploads\/2022\/08\/IMG_20220709_132100_ergebnis-300x225.jpg 300w, https:\/\/olu-limburg.de\/wp-content\/uploads\/2022\/08\/IMG_20220709_132100_ergebnis-768x576.jpg 768w, https:\/\/olu-limburg.de\/wp-content\/uploads\/2022\/08\/IMG_20220709_132100_ergebnis-624x468.jpg 624w\" sizes=\"auto, (max-width: 800px) 100vw, 800px\" \/><\/a><\/p>\n<p><a href=\"https:\/\/olu-limburg.de\/wp-content\/uploads\/2022\/08\/IMG_20220709_141955_ergebnis.jpg\"><img loading=\"lazy\" decoding=\"async\" class=\"size-full wp-image-26965 aligncenter\" src=\"https:\/\/olu-limburg.de\/wp-content\/uploads\/2022\/08\/IMG_20220709_141955_ergebnis.jpg\" alt=\"\" width=\"800\" height=\"600\" srcset=\"https:\/\/olu-limburg.de\/wp-content\/uploads\/2022\/08\/IMG_20220709_141955_ergebnis.jpg 800w, https:\/\/olu-limburg.de\/wp-content\/uploads\/2022\/08\/IMG_20220709_141955_ergebnis-300x225.jpg 300w, https:\/\/olu-limburg.de\/wp-content\/uploads\/2022\/08\/IMG_20220709_141955_ergebnis-768x576.jpg 768w, https:\/\/olu-limburg.de\/wp-content\/uploads\/2022\/08\/IMG_20220709_141955_ergebnis-624x468.jpg 624w\" sizes=\"auto, (max-width: 800px) 100vw, 800px\" \/><\/a><\/p>\n<div id=\"attachment_26966\" style=\"width: 810px\" class=\"wp-caption aligncenter\"><a href=\"https:\/\/olu-limburg.de\/wp-content\/uploads\/2022\/08\/IMG_20220709_143446_ergebnis.jpg\"><img loading=\"lazy\" decoding=\"async\" aria-describedby=\"caption-attachment-26966\" class=\"wp-image-26966 size-full\" src=\"https:\/\/olu-limburg.de\/wp-content\/uploads\/2022\/08\/IMG_20220709_143446_ergebnis.jpg\" alt=\"\" width=\"800\" height=\"600\" srcset=\"https:\/\/olu-limburg.de\/wp-content\/uploads\/2022\/08\/IMG_20220709_143446_ergebnis.jpg 800w, https:\/\/olu-limburg.de\/wp-content\/uploads\/2022\/08\/IMG_20220709_143446_ergebnis-300x225.jpg 300w, https:\/\/olu-limburg.de\/wp-content\/uploads\/2022\/08\/IMG_20220709_143446_ergebnis-768x576.jpg 768w, https:\/\/olu-limburg.de\/wp-content\/uploads\/2022\/08\/IMG_20220709_143446_ergebnis-624x468.jpg 624w\" sizes=\"auto, (max-width: 800px) 100vw, 800px\" \/><\/a><p id=\"caption-attachment-26966\" class=\"wp-caption-text\">kurz vor Le Bourg d&#8217;Oisans<\/p><\/div>\n<p>In Le Bourg d&#8217;Oisans stehen schon in allen Ecken Wohnmobile herum. Wir parken beim Supermarkt unweit des Kreisels, wo die Stra\u00dfe nach Alpe d&#8217;Huez abzweigt. Wir sind noch unschl\u00fcssig wie es weiter gehen soll.<\/p>\n<p>Aber zuerst besuchen wir den Ort, streifen ein wenig durch den alten Ortskern und suchen uns eine Pizzeria. Nachdem wir gestern hungern &#8222;mussten&#8220;, wollen wir heute ordentlich zulangen.<\/p>\n<p><a href=\"https:\/\/olu-limburg.de\/wp-content\/uploads\/2022\/08\/IMG_20220709_145746_ergebnis-e1660475214567.jpg\"><img loading=\"lazy\" decoding=\"async\" class=\"size-full wp-image-26970 alignleft\" src=\"https:\/\/olu-limburg.de\/wp-content\/uploads\/2022\/08\/IMG_20220709_145746_ergebnis-e1660475214567.jpg\" alt=\"\" width=\"450\" height=\"600\" srcset=\"https:\/\/olu-limburg.de\/wp-content\/uploads\/2022\/08\/IMG_20220709_145746_ergebnis-e1660475214567.jpg 450w, https:\/\/olu-limburg.de\/wp-content\/uploads\/2022\/08\/IMG_20220709_145746_ergebnis-e1660475214567-225x300.jpg 225w\" sizes=\"auto, (max-width: 450px) 100vw, 450px\" \/><\/a><\/p>\n<p><a href=\"https:\/\/olu-limburg.de\/wp-content\/uploads\/2022\/08\/IMG_20220709_151301_ergebnis-e1660475247764.jpg\"><img loading=\"lazy\" decoding=\"async\" class=\"wp-image-26971 size-full alignright\" src=\"https:\/\/olu-limburg.de\/wp-content\/uploads\/2022\/08\/IMG_20220709_151301_ergebnis-e1660475247764.jpg\" alt=\"\" width=\"450\" height=\"600\" srcset=\"https:\/\/olu-limburg.de\/wp-content\/uploads\/2022\/08\/IMG_20220709_151301_ergebnis-e1660475247764.jpg 450w, https:\/\/olu-limburg.de\/wp-content\/uploads\/2022\/08\/IMG_20220709_151301_ergebnis-e1660475247764-225x300.jpg 225w\" sizes=\"auto, (max-width: 450px) 100vw, 450px\" \/><\/a><\/p>\n<p><a href=\"https:\/\/olu-limburg.de\/wp-content\/uploads\/2022\/08\/IMG_20220709_152533_ergebnis.jpg\"><img loading=\"lazy\" decoding=\"async\" class=\"size-full wp-image-26972 aligncenter\" src=\"https:\/\/olu-limburg.de\/wp-content\/uploads\/2022\/08\/IMG_20220709_152533_ergebnis.jpg\" alt=\"\" width=\"800\" height=\"600\" srcset=\"https:\/\/olu-limburg.de\/wp-content\/uploads\/2022\/08\/IMG_20220709_152533_ergebnis.jpg 800w, https:\/\/olu-limburg.de\/wp-content\/uploads\/2022\/08\/IMG_20220709_152533_ergebnis-300x225.jpg 300w, https:\/\/olu-limburg.de\/wp-content\/uploads\/2022\/08\/IMG_20220709_152533_ergebnis-768x576.jpg 768w, https:\/\/olu-limburg.de\/wp-content\/uploads\/2022\/08\/IMG_20220709_152533_ergebnis-624x468.jpg 624w\" sizes=\"auto, (max-width: 800px) 100vw, 800px\" \/><\/a><\/p>\n<p>In Le Bourg d&#8217;Oisans kommt man nicht an der Tour de France vorbei. Im Ort und in den Schaufenstern ist alles auf die Tour ausgerichtet. Denn am kommenden Donnerstag ist hier der Einstieg in die 21 Spitzkehren den Berg hinauf, und am n\u00e4chsten Tag wird hier die neue Etappe gestartet. Komischerweise stehen an der Stra\u00dfe auch schon Schilder, dass von heute Abend die Stra\u00dfe nach Alpe d&#8217;Huez\u00a0 bis Sonntagabend gesperrt wird.<\/p>\n<div id=\"attachment_26973\" style=\"width: 810px\" class=\"wp-caption aligncenter\"><a href=\"https:\/\/olu-limburg.de\/wp-content\/uploads\/2022\/08\/IMG_20220709_160013_ergebnis.jpg\"><img loading=\"lazy\" decoding=\"async\" aria-describedby=\"caption-attachment-26973\" class=\"wp-image-26973 size-full\" src=\"https:\/\/olu-limburg.de\/wp-content\/uploads\/2022\/08\/IMG_20220709_160013_ergebnis.jpg\" alt=\"\" width=\"800\" height=\"600\" srcset=\"https:\/\/olu-limburg.de\/wp-content\/uploads\/2022\/08\/IMG_20220709_160013_ergebnis.jpg 800w, https:\/\/olu-limburg.de\/wp-content\/uploads\/2022\/08\/IMG_20220709_160013_ergebnis-300x225.jpg 300w, https:\/\/olu-limburg.de\/wp-content\/uploads\/2022\/08\/IMG_20220709_160013_ergebnis-768x576.jpg 768w, https:\/\/olu-limburg.de\/wp-content\/uploads\/2022\/08\/IMG_20220709_160013_ergebnis-624x468.jpg 624w\" sizes=\"auto, (max-width: 800px) 100vw, 800px\" \/><\/a><p id=\"caption-attachment-26973\" class=\"wp-caption-text\">St\u00e4ndig sehen wir gef\u00fchrte Radtouren.<\/p><\/div>\n<p>Christian m\u00f6chte gerne nach Alpe d&#8217;Huez hoch. Ich habe gegen die Bergauffahrt auch keine Bedenken. Mich st\u00f6ren eher die Gedanken an die Bergabfahrt. Ich lasse mich aber \u00fcberreden und los geht&#8217;s. Mittlerweile ist auch der Parkplatz des Supermarktes wie leer gefegt von den Wohnmobilen.<\/p>\n<p>Mutig fahre ich auf die Wand zu, an der sich die Stra\u00dfe mit den 21 Spitzkehren hochschraubt. Dass ist f\u00fcr einen Fahrer wie mich, der aus dem Flachland kommt, schon eine Herausforderung. Ich sage mir, du hast schon andere P\u00e4sse und Schotterstra\u00dfen in den Gebirgen Griechenlands und in der T\u00fcrkei geschafft, du schaffst auch dies.<\/p>\n<p><a href=\"https:\/\/olu-limburg.de\/wp-content\/uploads\/2022\/08\/IMG-20220814-WA0003.jpg\"><img loading=\"lazy\" decoding=\"async\" class=\"size-full wp-image-26976 aligncenter\" src=\"https:\/\/olu-limburg.de\/wp-content\/uploads\/2022\/08\/IMG-20220814-WA0003.jpg\" alt=\"\" width=\"1440\" height=\"648\" srcset=\"https:\/\/olu-limburg.de\/wp-content\/uploads\/2022\/08\/IMG-20220814-WA0003.jpg 1440w, https:\/\/olu-limburg.de\/wp-content\/uploads\/2022\/08\/IMG-20220814-WA0003-300x135.jpg 300w, https:\/\/olu-limburg.de\/wp-content\/uploads\/2022\/08\/IMG-20220814-WA0003-1024x461.jpg 1024w, https:\/\/olu-limburg.de\/wp-content\/uploads\/2022\/08\/IMG-20220814-WA0003-768x346.jpg 768w, https:\/\/olu-limburg.de\/wp-content\/uploads\/2022\/08\/IMG-20220814-WA0003-624x281.jpg 624w\" sizes=\"auto, (max-width: 1440px) 100vw, 1440px\" \/><\/a><\/p>\n<p>Vereinzelt stehen bereits Wohnmobile in den Kurven. F\u00fcr uns habe ich noch nichts gesehen, wo ich mich platzieren w\u00fcrde. Wir passieren die H\u00e4user von Huez, und weiter geht es nach oben.<\/p>\n<p><a href=\"https:\/\/olu-limburg.de\/wp-content\/uploads\/2022\/08\/IMG-20220815-WA0019-e1660597999591.jpg\"><img loading=\"lazy\" decoding=\"async\" class=\"size-full wp-image-26982 aligncenter\" src=\"https:\/\/olu-limburg.de\/wp-content\/uploads\/2022\/08\/IMG-20220815-WA0019-e1660597999591.jpg\" alt=\"\" width=\"450\" height=\"600\" srcset=\"https:\/\/olu-limburg.de\/wp-content\/uploads\/2022\/08\/IMG-20220815-WA0019-e1660597999591.jpg 450w, https:\/\/olu-limburg.de\/wp-content\/uploads\/2022\/08\/IMG-20220815-WA0019-e1660597999591-225x300.jpg 225w\" sizes=\"auto, (max-width: 450px) 100vw, 450px\" \/><\/a><\/p>\n<p>Mittlerweile sind wir aus dem Bereich der Spitzkehren raus und die Fahrt wird angenehmer.<\/p>\n<p><a href=\"https:\/\/olu-limburg.de\/wp-content\/uploads\/2022\/08\/IMG-20220815-WA0020.jpg\"><img loading=\"lazy\" decoding=\"async\" class=\"size-full wp-image-26983 aligncenter\" src=\"https:\/\/olu-limburg.de\/wp-content\/uploads\/2022\/08\/IMG-20220815-WA0020.jpg\" alt=\"\" width=\"1599\" height=\"1200\" srcset=\"https:\/\/olu-limburg.de\/wp-content\/uploads\/2022\/08\/IMG-20220815-WA0020.jpg 1599w, https:\/\/olu-limburg.de\/wp-content\/uploads\/2022\/08\/IMG-20220815-WA0020-300x225.jpg 300w, https:\/\/olu-limburg.de\/wp-content\/uploads\/2022\/08\/IMG-20220815-WA0020-1024x768.jpg 1024w, https:\/\/olu-limburg.de\/wp-content\/uploads\/2022\/08\/IMG-20220815-WA0020-768x576.jpg 768w, https:\/\/olu-limburg.de\/wp-content\/uploads\/2022\/08\/IMG-20220815-WA0020-1536x1153.jpg 1536w, https:\/\/olu-limburg.de\/wp-content\/uploads\/2022\/08\/IMG-20220815-WA0020-624x468.jpg 624w\" sizes=\"auto, (max-width: 1599px) 100vw, 1599px\" \/><\/a><\/p>\n<p>Als wir nach Alpe d&#8217;Huez hineinfahren, und nach der \u00dcberwindung von 1.100 H\u00f6henmetern auf 12 Kilometern an den ersten Kreisel kommen, sehe ich vor uns eine Menge Polizei. So, das war&#8217;s. Jetzt d\u00fcrfen wir wieder umkehren. Erst auf\u00a0 den zweiten Blick sehe ich, dass rechts auf dem Parkplatz schon alles voller Wohnmobile steht.<\/p>\n<p><a href=\"https:\/\/olu-limburg.de\/wp-content\/uploads\/2022\/08\/IMG-20220815-WA0012.jpg\"><img loading=\"lazy\" decoding=\"async\" class=\"size-full wp-image-26978 aligncenter\" src=\"https:\/\/olu-limburg.de\/wp-content\/uploads\/2022\/08\/IMG-20220815-WA0012.jpg\" alt=\"\" width=\"1599\" height=\"1200\" srcset=\"https:\/\/olu-limburg.de\/wp-content\/uploads\/2022\/08\/IMG-20220815-WA0012.jpg 1599w, https:\/\/olu-limburg.de\/wp-content\/uploads\/2022\/08\/IMG-20220815-WA0012-300x225.jpg 300w, https:\/\/olu-limburg.de\/wp-content\/uploads\/2022\/08\/IMG-20220815-WA0012-1024x768.jpg 1024w, https:\/\/olu-limburg.de\/wp-content\/uploads\/2022\/08\/IMG-20220815-WA0012-768x576.jpg 768w, https:\/\/olu-limburg.de\/wp-content\/uploads\/2022\/08\/IMG-20220815-WA0012-1536x1153.jpg 1536w, https:\/\/olu-limburg.de\/wp-content\/uploads\/2022\/08\/IMG-20220815-WA0012-624x468.jpg 624w\" sizes=\"auto, (max-width: 1599px) 100vw, 1599px\" \/><\/a><\/p>\n<p><a href=\"https:\/\/olu-limburg.de\/wp-content\/uploads\/2022\/08\/IMG_20220709_194200_ergebnis.jpg\"><img loading=\"lazy\" decoding=\"async\" class=\"size-full wp-image-27002 aligncenter\" src=\"https:\/\/olu-limburg.de\/wp-content\/uploads\/2022\/08\/IMG_20220709_194200_ergebnis.jpg\" alt=\"\" width=\"800\" height=\"600\" srcset=\"https:\/\/olu-limburg.de\/wp-content\/uploads\/2022\/08\/IMG_20220709_194200_ergebnis.jpg 800w, https:\/\/olu-limburg.de\/wp-content\/uploads\/2022\/08\/IMG_20220709_194200_ergebnis-300x225.jpg 300w, https:\/\/olu-limburg.de\/wp-content\/uploads\/2022\/08\/IMG_20220709_194200_ergebnis-768x576.jpg 768w, https:\/\/olu-limburg.de\/wp-content\/uploads\/2022\/08\/IMG_20220709_194200_ergebnis-624x468.jpg 624w\" sizes=\"auto, (max-width: 800px) 100vw, 800px\" \/><\/a><\/p>\n<p>Wir werden von einem Polizisten h\u00f6flich gefragt, ob wir zur Tour de France wollen, dann sollen wir bitte dem vor uns stehenden Polizeiwagen folgen.<\/p>\n<p><a href=\"https:\/\/olu-limburg.de\/wp-content\/uploads\/2022\/08\/IMG-20220815-WA0011-e1660598076123.jpg\"><img loading=\"lazy\" decoding=\"async\" class=\"size-full wp-image-26977 aligncenter\" src=\"https:\/\/olu-limburg.de\/wp-content\/uploads\/2022\/08\/IMG-20220815-WA0011-e1660598076123.jpg\" alt=\"\" width=\"450\" height=\"600\" srcset=\"https:\/\/olu-limburg.de\/wp-content\/uploads\/2022\/08\/IMG-20220815-WA0011-e1660598076123.jpg 450w, https:\/\/olu-limburg.de\/wp-content\/uploads\/2022\/08\/IMG-20220815-WA0011-e1660598076123-225x300.jpg 225w\" sizes=\"auto, (max-width: 450px) 100vw, 450px\" \/><\/a><\/p>\n<p>Auf unserem Stellplatz bekommen wir genau gesagt wo wir uns hinstellen sollen, erhalten Infos zu den den bereitgestellten Dixie-Klos und dem Beh\u00e4lter f\u00fcr die Toilettenkassetten-Entsorgung. Die Frischwasserversorgung ist 50 m weiter. Wir empfinden es als einen vorbildlichen Empfang f\u00fcr einen Super-Stellplatz ohne jegliche Geb\u00fchren.<\/p>\n<p><a href=\"https:\/\/olu-limburg.de\/wp-content\/uploads\/2022\/08\/IMG_20220709_181140_ergebnis.jpg\"><img loading=\"lazy\" decoding=\"async\" class=\"alignnone size-full wp-image-26987\" src=\"https:\/\/olu-limburg.de\/wp-content\/uploads\/2022\/08\/IMG_20220709_181140_ergebnis.jpg\" alt=\"\" width=\"800\" height=\"600\" srcset=\"https:\/\/olu-limburg.de\/wp-content\/uploads\/2022\/08\/IMG_20220709_181140_ergebnis.jpg 800w, https:\/\/olu-limburg.de\/wp-content\/uploads\/2022\/08\/IMG_20220709_181140_ergebnis-300x225.jpg 300w, https:\/\/olu-limburg.de\/wp-content\/uploads\/2022\/08\/IMG_20220709_181140_ergebnis-768x576.jpg 768w, https:\/\/olu-limburg.de\/wp-content\/uploads\/2022\/08\/IMG_20220709_181140_ergebnis-624x468.jpg 624w\" sizes=\"auto, (max-width: 800px) 100vw, 800px\" \/><\/a><\/p>\n<p>Hinter uns beginnt die Natur, wenn man mal von den Seilbahnen absieht. Und ein Reiterhof mit gro\u00dfem Reitplatz und tollen Pferden kann doch nur ein H\u00f6hentrainingslager sein.<\/p>\n<p><a href=\"https:\/\/olu-limburg.de\/wp-content\/uploads\/2022\/08\/P1090995_ergebnis.jpg\"><img loading=\"lazy\" decoding=\"async\" class=\"size-full wp-image-27008 aligncenter\" src=\"https:\/\/olu-limburg.de\/wp-content\/uploads\/2022\/08\/P1090995_ergebnis.jpg\" alt=\"\" width=\"800\" height=\"600\" srcset=\"https:\/\/olu-limburg.de\/wp-content\/uploads\/2022\/08\/P1090995_ergebnis.jpg 800w, https:\/\/olu-limburg.de\/wp-content\/uploads\/2022\/08\/P1090995_ergebnis-300x225.jpg 300w, https:\/\/olu-limburg.de\/wp-content\/uploads\/2022\/08\/P1090995_ergebnis-768x576.jpg 768w, https:\/\/olu-limburg.de\/wp-content\/uploads\/2022\/08\/P1090995_ergebnis-624x468.jpg 624w\" sizes=\"auto, (max-width: 800px) 100vw, 800px\" \/><\/a><\/p>\n<p>Nach einer ausgiebigen Ruhepause starten wir kurz nach 18.00 Uhr zu einem Erkundungsgang durch Alpe d&#8217;Huez. Die Temperaturen sind hier oben sehr angenehm und nicht mit der Hitze unten im Tal zu vergleichen.<\/p>\n<p><a href=\"https:\/\/olu-limburg.de\/wp-content\/uploads\/2022\/08\/IMG_20220709_181010_ergebnis.jpg\"><img loading=\"lazy\" decoding=\"async\" class=\"size-full wp-image-26994 aligncenter\" src=\"https:\/\/olu-limburg.de\/wp-content\/uploads\/2022\/08\/IMG_20220709_181010_ergebnis.jpg\" alt=\"\" width=\"800\" height=\"600\" srcset=\"https:\/\/olu-limburg.de\/wp-content\/uploads\/2022\/08\/IMG_20220709_181010_ergebnis.jpg 800w, https:\/\/olu-limburg.de\/wp-content\/uploads\/2022\/08\/IMG_20220709_181010_ergebnis-300x225.jpg 300w, https:\/\/olu-limburg.de\/wp-content\/uploads\/2022\/08\/IMG_20220709_181010_ergebnis-768x576.jpg 768w, https:\/\/olu-limburg.de\/wp-content\/uploads\/2022\/08\/IMG_20220709_181010_ergebnis-624x468.jpg 624w\" sizes=\"auto, (max-width: 800px) 100vw, 800px\" \/><\/a><\/p>\n<p>\u00dcberall stehen die typischen holzverkleideten H\u00e4user.<\/p>\n<p><a href=\"https:\/\/olu-limburg.de\/wp-content\/uploads\/2022\/08\/P1090997_ergebnis.jpg\"><img loading=\"lazy\" decoding=\"async\" class=\"size-full wp-image-27009 aligncenter\" src=\"https:\/\/olu-limburg.de\/wp-content\/uploads\/2022\/08\/P1090997_ergebnis.jpg\" alt=\"\" width=\"800\" height=\"600\" srcset=\"https:\/\/olu-limburg.de\/wp-content\/uploads\/2022\/08\/P1090997_ergebnis.jpg 800w, https:\/\/olu-limburg.de\/wp-content\/uploads\/2022\/08\/P1090997_ergebnis-300x225.jpg 300w, https:\/\/olu-limburg.de\/wp-content\/uploads\/2022\/08\/P1090997_ergebnis-768x576.jpg 768w, https:\/\/olu-limburg.de\/wp-content\/uploads\/2022\/08\/P1090997_ergebnis-624x468.jpg 624w\" sizes=\"auto, (max-width: 800px) 100vw, 800px\" \/><\/a><\/p>\n<p><a href=\"https:\/\/olu-limburg.de\/wp-content\/uploads\/2022\/08\/P1090999_ergebnis.jpg\"><img loading=\"lazy\" decoding=\"async\" class=\"size-full wp-image-27010 aligncenter\" src=\"https:\/\/olu-limburg.de\/wp-content\/uploads\/2022\/08\/P1090999_ergebnis.jpg\" alt=\"\" width=\"800\" height=\"600\" srcset=\"https:\/\/olu-limburg.de\/wp-content\/uploads\/2022\/08\/P1090999_ergebnis.jpg 800w, https:\/\/olu-limburg.de\/wp-content\/uploads\/2022\/08\/P1090999_ergebnis-300x225.jpg 300w, https:\/\/olu-limburg.de\/wp-content\/uploads\/2022\/08\/P1090999_ergebnis-768x576.jpg 768w, https:\/\/olu-limburg.de\/wp-content\/uploads\/2022\/08\/P1090999_ergebnis-624x468.jpg 624w\" sizes=\"auto, (max-width: 800px) 100vw, 800px\" \/><\/a><\/p>\n<p>Blick ins Unterdorf.<\/p>\n<p><a href=\"https:\/\/olu-limburg.de\/wp-content\/uploads\/2022\/08\/P1100003_ergebnis.jpg\"><img loading=\"lazy\" decoding=\"async\" class=\"size-full wp-image-27011 aligncenter\" src=\"https:\/\/olu-limburg.de\/wp-content\/uploads\/2022\/08\/P1100003_ergebnis.jpg\" alt=\"\" width=\"800\" height=\"600\" srcset=\"https:\/\/olu-limburg.de\/wp-content\/uploads\/2022\/08\/P1100003_ergebnis.jpg 800w, https:\/\/olu-limburg.de\/wp-content\/uploads\/2022\/08\/P1100003_ergebnis-300x225.jpg 300w, https:\/\/olu-limburg.de\/wp-content\/uploads\/2022\/08\/P1100003_ergebnis-768x576.jpg 768w, https:\/\/olu-limburg.de\/wp-content\/uploads\/2022\/08\/P1100003_ergebnis-624x468.jpg 624w\" sizes=\"auto, (max-width: 800px) 100vw, 800px\" \/><\/a><\/p>\n<p>Die wichtige Infrastruktur hat ge\u00f6ffnet.<\/p>\n<p><a href=\"https:\/\/olu-limburg.de\/wp-content\/uploads\/2022\/08\/P1100004_ergebnis.jpg\"><img loading=\"lazy\" decoding=\"async\" class=\"size-full wp-image-27012 aligncenter\" src=\"https:\/\/olu-limburg.de\/wp-content\/uploads\/2022\/08\/P1100004_ergebnis.jpg\" alt=\"\" width=\"800\" height=\"600\" srcset=\"https:\/\/olu-limburg.de\/wp-content\/uploads\/2022\/08\/P1100004_ergebnis.jpg 800w, https:\/\/olu-limburg.de\/wp-content\/uploads\/2022\/08\/P1100004_ergebnis-300x225.jpg 300w, https:\/\/olu-limburg.de\/wp-content\/uploads\/2022\/08\/P1100004_ergebnis-768x576.jpg 768w, https:\/\/olu-limburg.de\/wp-content\/uploads\/2022\/08\/P1100004_ergebnis-624x468.jpg 624w\" sizes=\"auto, (max-width: 800px) 100vw, 800px\" \/><\/a><\/p>\n<p><a href=\"https:\/\/olu-limburg.de\/wp-content\/uploads\/2022\/08\/P1100007_ergebnis.jpg\"><img loading=\"lazy\" decoding=\"async\" class=\"size-full wp-image-27013 aligncenter\" src=\"https:\/\/olu-limburg.de\/wp-content\/uploads\/2022\/08\/P1100007_ergebnis.jpg\" alt=\"\" width=\"800\" height=\"600\" srcset=\"https:\/\/olu-limburg.de\/wp-content\/uploads\/2022\/08\/P1100007_ergebnis.jpg 800w, https:\/\/olu-limburg.de\/wp-content\/uploads\/2022\/08\/P1100007_ergebnis-300x225.jpg 300w, https:\/\/olu-limburg.de\/wp-content\/uploads\/2022\/08\/P1100007_ergebnis-768x576.jpg 768w, https:\/\/olu-limburg.de\/wp-content\/uploads\/2022\/08\/P1100007_ergebnis-624x468.jpg 624w\" sizes=\"auto, (max-width: 800px) 100vw, 800px\" \/><\/a><\/p>\n<p><a href=\"https:\/\/olu-limburg.de\/wp-content\/uploads\/2022\/08\/IMG_20220709_182812_ergebnis.jpg\"><img loading=\"lazy\" decoding=\"async\" class=\"size-full wp-image-26995 aligncenter\" src=\"https:\/\/olu-limburg.de\/wp-content\/uploads\/2022\/08\/IMG_20220709_182812_ergebnis.jpg\" alt=\"\" width=\"800\" height=\"600\" srcset=\"https:\/\/olu-limburg.de\/wp-content\/uploads\/2022\/08\/IMG_20220709_182812_ergebnis.jpg 800w, https:\/\/olu-limburg.de\/wp-content\/uploads\/2022\/08\/IMG_20220709_182812_ergebnis-300x225.jpg 300w, https:\/\/olu-limburg.de\/wp-content\/uploads\/2022\/08\/IMG_20220709_182812_ergebnis-768x576.jpg 768w, https:\/\/olu-limburg.de\/wp-content\/uploads\/2022\/08\/IMG_20220709_182812_ergebnis-624x468.jpg 624w\" sizes=\"auto, (max-width: 800px) 100vw, 800px\" \/><\/a><\/p>\n<p><a href=\"https:\/\/olu-limburg.de\/wp-content\/uploads\/2022\/08\/IMG_20220709_194340_ergebnis.jpg\"><img loading=\"lazy\" decoding=\"async\" class=\"size-full wp-image-27003 aligncenter\" src=\"https:\/\/olu-limburg.de\/wp-content\/uploads\/2022\/08\/IMG_20220709_194340_ergebnis.jpg\" alt=\"\" width=\"800\" height=\"600\" srcset=\"https:\/\/olu-limburg.de\/wp-content\/uploads\/2022\/08\/IMG_20220709_194340_ergebnis.jpg 800w, https:\/\/olu-limburg.de\/wp-content\/uploads\/2022\/08\/IMG_20220709_194340_ergebnis-300x225.jpg 300w, https:\/\/olu-limburg.de\/wp-content\/uploads\/2022\/08\/IMG_20220709_194340_ergebnis-768x576.jpg 768w, https:\/\/olu-limburg.de\/wp-content\/uploads\/2022\/08\/IMG_20220709_194340_ergebnis-624x468.jpg 624w\" sizes=\"auto, (max-width: 800px) 100vw, 800px\" \/><\/a><\/p>\n<p><a href=\"https:\/\/olu-limburg.de\/wp-content\/uploads\/2022\/08\/IMG_20220709_194409_ergebnis-e1661955186701.jpg\"><img loading=\"lazy\" decoding=\"async\" class=\"size-full wp-image-27004 aligncenter\" src=\"https:\/\/olu-limburg.de\/wp-content\/uploads\/2022\/08\/IMG_20220709_194409_ergebnis-e1661955186701.jpg\" alt=\"\" width=\"450\" height=\"600\" srcset=\"https:\/\/olu-limburg.de\/wp-content\/uploads\/2022\/08\/IMG_20220709_194409_ergebnis-e1661955186701.jpg 450w, https:\/\/olu-limburg.de\/wp-content\/uploads\/2022\/08\/IMG_20220709_194409_ergebnis-e1661955186701-225x300.jpg 225w\" sizes=\"auto, (max-width: 450px) 100vw, 450px\" \/><\/a><\/p>\n<p>Das Schwimmbad und die benachbarte Eisbahn (!!!)\u00a0 haben auch offen.<\/p>\n<p><a href=\"https:\/\/olu-limburg.de\/wp-content\/uploads\/2022\/08\/IMG_20220709_183022_ergebnis.jpg\"><img loading=\"lazy\" decoding=\"async\" class=\"size-full wp-image-26996 aligncenter\" src=\"https:\/\/olu-limburg.de\/wp-content\/uploads\/2022\/08\/IMG_20220709_183022_ergebnis.jpg\" alt=\"\" width=\"800\" height=\"600\" srcset=\"https:\/\/olu-limburg.de\/wp-content\/uploads\/2022\/08\/IMG_20220709_183022_ergebnis.jpg 800w, https:\/\/olu-limburg.de\/wp-content\/uploads\/2022\/08\/IMG_20220709_183022_ergebnis-300x225.jpg 300w, https:\/\/olu-limburg.de\/wp-content\/uploads\/2022\/08\/IMG_20220709_183022_ergebnis-768x576.jpg 768w, https:\/\/olu-limburg.de\/wp-content\/uploads\/2022\/08\/IMG_20220709_183022_ergebnis-624x468.jpg 624w\" sizes=\"auto, (max-width: 800px) 100vw, 800px\" \/><\/a><\/p>\n<p><a href=\"https:\/\/olu-limburg.de\/wp-content\/uploads\/2022\/08\/IMG_20220709_184134_ergebnis.jpg\"><img loading=\"lazy\" decoding=\"async\" class=\"size-full wp-image-26997 aligncenter\" src=\"https:\/\/olu-limburg.de\/wp-content\/uploads\/2022\/08\/IMG_20220709_184134_ergebnis.jpg\" alt=\"\" width=\"800\" height=\"600\" srcset=\"https:\/\/olu-limburg.de\/wp-content\/uploads\/2022\/08\/IMG_20220709_184134_ergebnis.jpg 800w, https:\/\/olu-limburg.de\/wp-content\/uploads\/2022\/08\/IMG_20220709_184134_ergebnis-300x225.jpg 300w, https:\/\/olu-limburg.de\/wp-content\/uploads\/2022\/08\/IMG_20220709_184134_ergebnis-768x576.jpg 768w, https:\/\/olu-limburg.de\/wp-content\/uploads\/2022\/08\/IMG_20220709_184134_ergebnis-624x468.jpg 624w\" sizes=\"auto, (max-width: 800px) 100vw, 800px\" \/><\/a><\/p>\n<p>F\u00fcr den Drink zum Sonnenuntergang haben wir schnell eine sch\u00f6ne Bar gefunden.<\/p>\n<p><a href=\"https:\/\/olu-limburg.de\/wp-content\/uploads\/2022\/08\/IMG_20220709_193241_ergebnis.jpg\"><img loading=\"lazy\" decoding=\"async\" class=\"size-full wp-image-26999 aligncenter\" src=\"https:\/\/olu-limburg.de\/wp-content\/uploads\/2022\/08\/IMG_20220709_193241_ergebnis.jpg\" alt=\"\" width=\"800\" height=\"600\" srcset=\"https:\/\/olu-limburg.de\/wp-content\/uploads\/2022\/08\/IMG_20220709_193241_ergebnis.jpg 800w, https:\/\/olu-limburg.de\/wp-content\/uploads\/2022\/08\/IMG_20220709_193241_ergebnis-300x225.jpg 300w, https:\/\/olu-limburg.de\/wp-content\/uploads\/2022\/08\/IMG_20220709_193241_ergebnis-768x576.jpg 768w, https:\/\/olu-limburg.de\/wp-content\/uploads\/2022\/08\/IMG_20220709_193241_ergebnis-624x468.jpg 624w\" sizes=\"auto, (max-width: 800px) 100vw, 800px\" \/><\/a><\/p>\n<p><a href=\"https:\/\/olu-limburg.de\/wp-content\/uploads\/2022\/08\/IMG_20220709_185809_ergebnis-e1661954431878.jpg\"><img loading=\"lazy\" decoding=\"async\" class=\"size-full wp-image-26998 aligncenter\" src=\"https:\/\/olu-limburg.de\/wp-content\/uploads\/2022\/08\/IMG_20220709_185809_ergebnis-e1661954431878.jpg\" alt=\"\" width=\"450\" height=\"600\" srcset=\"https:\/\/olu-limburg.de\/wp-content\/uploads\/2022\/08\/IMG_20220709_185809_ergebnis-e1661954431878.jpg 450w, https:\/\/olu-limburg.de\/wp-content\/uploads\/2022\/08\/IMG_20220709_185809_ergebnis-e1661954431878-225x300.jpg 225w\" sizes=\"auto, (max-width: 450px) 100vw, 450px\" \/><\/a><\/p>\n<p>Zwischen den gro\u00dfen Hotelburgen gibt es immer noch ein paar \u00e4ltere H\u00e4user.<\/p>\n<p><a href=\"https:\/\/olu-limburg.de\/wp-content\/uploads\/2022\/08\/IMG_20220709_193452_ergebnis.jpg\"><img loading=\"lazy\" decoding=\"async\" class=\"size-full wp-image-27000 aligncenter\" src=\"https:\/\/olu-limburg.de\/wp-content\/uploads\/2022\/08\/IMG_20220709_193452_ergebnis.jpg\" alt=\"\" width=\"800\" height=\"600\" srcset=\"https:\/\/olu-limburg.de\/wp-content\/uploads\/2022\/08\/IMG_20220709_193452_ergebnis.jpg 800w, https:\/\/olu-limburg.de\/wp-content\/uploads\/2022\/08\/IMG_20220709_193452_ergebnis-300x225.jpg 300w, https:\/\/olu-limburg.de\/wp-content\/uploads\/2022\/08\/IMG_20220709_193452_ergebnis-768x576.jpg 768w, https:\/\/olu-limburg.de\/wp-content\/uploads\/2022\/08\/IMG_20220709_193452_ergebnis-624x468.jpg 624w\" sizes=\"auto, (max-width: 800px) 100vw, 800px\" \/><\/a><\/p>\n<p><a href=\"https:\/\/olu-limburg.de\/wp-content\/uploads\/2022\/08\/IMG_20220709_193832_ergebnis.jpg\"><img loading=\"lazy\" decoding=\"async\" class=\"size-full wp-image-27001 aligncenter\" src=\"https:\/\/olu-limburg.de\/wp-content\/uploads\/2022\/08\/IMG_20220709_193832_ergebnis.jpg\" alt=\"\" width=\"800\" height=\"600\" srcset=\"https:\/\/olu-limburg.de\/wp-content\/uploads\/2022\/08\/IMG_20220709_193832_ergebnis.jpg 800w, https:\/\/olu-limburg.de\/wp-content\/uploads\/2022\/08\/IMG_20220709_193832_ergebnis-300x225.jpg 300w, https:\/\/olu-limburg.de\/wp-content\/uploads\/2022\/08\/IMG_20220709_193832_ergebnis-768x576.jpg 768w, https:\/\/olu-limburg.de\/wp-content\/uploads\/2022\/08\/IMG_20220709_193832_ergebnis-624x468.jpg 624w\" sizes=\"auto, (max-width: 800px) 100vw, 800px\" \/><\/a><\/p>\n<p>An der Hauptstra\u00dfe steht eine Markierung f\u00fcr die &#8222;Finisher&#8220; des Erreichens von Alpe d&#8217;Huez.<\/p>\n<p><a href=\"https:\/\/olu-limburg.de\/wp-content\/uploads\/2022\/08\/IMG_20220709_195933_ergebnis-e1661955268292.jpg\"><img loading=\"lazy\" decoding=\"async\" class=\"size-full wp-image-27005 aligncenter\" src=\"https:\/\/olu-limburg.de\/wp-content\/uploads\/2022\/08\/IMG_20220709_195933_ergebnis-e1661955268292.jpg\" alt=\"\" width=\"450\" height=\"600\" srcset=\"https:\/\/olu-limburg.de\/wp-content\/uploads\/2022\/08\/IMG_20220709_195933_ergebnis-e1661955268292.jpg 450w, https:\/\/olu-limburg.de\/wp-content\/uploads\/2022\/08\/IMG_20220709_195933_ergebnis-e1661955268292-225x300.jpg 225w\" sizes=\"auto, (max-width: 450px) 100vw, 450px\" \/><\/a><\/p>\n<p><strong>Unsere heutige Erkenntnis<\/strong>:<\/p>\n<p>So wie im Winter Alpe d&#8217;Huez den Skifahrern geh\u00f6rt, sind im Sommer Wanderer, aber vor allem Mountainbiker angesagt.<\/p>\n<div id=\"attachment_27006\" style=\"width: 810px\" class=\"wp-caption aligncenter\"><a href=\"https:\/\/olu-limburg.de\/wp-content\/uploads\/2022\/08\/IMG_20220709_205642_ergebnis.jpg\"><img loading=\"lazy\" decoding=\"async\" aria-describedby=\"caption-attachment-27006\" class=\"wp-image-27006 size-full\" src=\"https:\/\/olu-limburg.de\/wp-content\/uploads\/2022\/08\/IMG_20220709_205642_ergebnis.jpg\" alt=\"\" width=\"800\" height=\"600\" srcset=\"https:\/\/olu-limburg.de\/wp-content\/uploads\/2022\/08\/IMG_20220709_205642_ergebnis.jpg 800w, https:\/\/olu-limburg.de\/wp-content\/uploads\/2022\/08\/IMG_20220709_205642_ergebnis-300x225.jpg 300w, https:\/\/olu-limburg.de\/wp-content\/uploads\/2022\/08\/IMG_20220709_205642_ergebnis-768x576.jpg 768w, https:\/\/olu-limburg.de\/wp-content\/uploads\/2022\/08\/IMG_20220709_205642_ergebnis-624x468.jpg 624w\" sizes=\"auto, (max-width: 800px) 100vw, 800px\" \/><\/a><p id=\"caption-attachment-27006\" class=\"wp-caption-text\">Ausblick zum Pic du Lac Blanc mit 3.323 m (in der Mitte die kleine Spitze)<\/p><\/div>\n<div id=\"attachment_27014\" style=\"width: 810px\" class=\"wp-caption aligncenter\"><a href=\"https:\/\/olu-limburg.de\/wp-content\/uploads\/2022\/08\/P1100014_ergebnis.jpg\"><img loading=\"lazy\" decoding=\"async\" aria-describedby=\"caption-attachment-27014\" class=\"wp-image-27014 size-full\" src=\"https:\/\/olu-limburg.de\/wp-content\/uploads\/2022\/08\/P1100014_ergebnis.jpg\" alt=\"\" width=\"800\" height=\"600\" srcset=\"https:\/\/olu-limburg.de\/wp-content\/uploads\/2022\/08\/P1100014_ergebnis.jpg 800w, https:\/\/olu-limburg.de\/wp-content\/uploads\/2022\/08\/P1100014_ergebnis-300x225.jpg 300w, https:\/\/olu-limburg.de\/wp-content\/uploads\/2022\/08\/P1100014_ergebnis-768x576.jpg 768w, https:\/\/olu-limburg.de\/wp-content\/uploads\/2022\/08\/P1100014_ergebnis-624x468.jpg 624w\" sizes=\"auto, (max-width: 800px) 100vw, 800px\" \/><\/a><p id=\"caption-attachment-27014\" class=\"wp-caption-text\">Endpunkt mit der Seilbahn auf dem Pic du Lac Blanc<\/p><\/div>\n<div id=\"attachment_27007\" style=\"width: 810px\" class=\"wp-caption aligncenter\"><a href=\"https:\/\/olu-limburg.de\/wp-content\/uploads\/2022\/08\/IMG_20220709_212031_ergebnis.jpg\"><img loading=\"lazy\" decoding=\"async\" aria-describedby=\"caption-attachment-27007\" class=\"wp-image-27007 size-full\" src=\"https:\/\/olu-limburg.de\/wp-content\/uploads\/2022\/08\/IMG_20220709_212031_ergebnis.jpg\" alt=\"\" width=\"800\" height=\"600\" srcset=\"https:\/\/olu-limburg.de\/wp-content\/uploads\/2022\/08\/IMG_20220709_212031_ergebnis.jpg 800w, https:\/\/olu-limburg.de\/wp-content\/uploads\/2022\/08\/IMG_20220709_212031_ergebnis-300x225.jpg 300w, https:\/\/olu-limburg.de\/wp-content\/uploads\/2022\/08\/IMG_20220709_212031_ergebnis-768x576.jpg 768w, https:\/\/olu-limburg.de\/wp-content\/uploads\/2022\/08\/IMG_20220709_212031_ergebnis-624x468.jpg 624w\" sizes=\"auto, (max-width: 800px) 100vw, 800px\" \/><\/a><p id=\"caption-attachment-27007\" class=\"wp-caption-text\">unser allabendliches Panorama aus dem Wohnmobil: Sonnenuntergang an der gegen\u00fcberliegenden Bergwand<\/p><\/div>\n<p>Tagesstrecke: 205 km<\/p>\n<p>&nbsp;<\/p>\n<p><strong>Sonntag, 10.07.2022<\/strong><\/p>\n<p>Heute Nacht war es ganz sch\u00f6n kalt. Die d\u00fcnne Sommerdecke war oben und unten zu kurz, und das Au\u00dfenthermometer zeigte morgens 7\u00b0 an. Ansonsten haben wir sehr gut geschlafen. Es war sehr ruhig, was mich zuerst sehr irritierte, bis mir auffiel, dass aufgrund der fehlenden B\u00e4ume auch keine V\u00f6gel zu h\u00f6ren waren.<\/p>\n<div id=\"attachment_27018\" style=\"width: 810px\" class=\"wp-caption aligncenter\"><a href=\"https:\/\/olu-limburg.de\/wp-content\/uploads\/2022\/09\/IMG_20220710_121150_ergebnis.jpg\"><img loading=\"lazy\" decoding=\"async\" aria-describedby=\"caption-attachment-27018\" class=\"wp-image-27018 size-full\" src=\"https:\/\/olu-limburg.de\/wp-content\/uploads\/2022\/09\/IMG_20220710_121150_ergebnis.jpg\" alt=\"\" width=\"800\" height=\"600\" srcset=\"https:\/\/olu-limburg.de\/wp-content\/uploads\/2022\/09\/IMG_20220710_121150_ergebnis.jpg 800w, https:\/\/olu-limburg.de\/wp-content\/uploads\/2022\/09\/IMG_20220710_121150_ergebnis-300x225.jpg 300w, https:\/\/olu-limburg.de\/wp-content\/uploads\/2022\/09\/IMG_20220710_121150_ergebnis-768x576.jpg 768w, https:\/\/olu-limburg.de\/wp-content\/uploads\/2022\/09\/IMG_20220710_121150_ergebnis-624x468.jpg 624w\" sizes=\"auto, (max-width: 800px) 100vw, 800px\" \/><\/a><p id=\"caption-attachment-27018\" class=\"wp-caption-text\">Nachdem unser Feld voll war, haben wir auf der Wiese vor uns Zuwachs bekommen.<\/p><\/div>\n<p>Bei tollem Wetter lasse ich mich nach dem Fr\u00fchst\u00fcck zu einer Seilbahnfahrt (EUR 7,00\/Person) auf den westlich von uns liegenden Berg, La Grande Sure (2.114 m ), \u00fcberreden. Wir sind ja fast von allen Seiten mit Seilbahnen eingerahmt. Bei meiner vor vielen Jahren pl\u00f6tzlich aufgetretenen H\u00f6henangst meide ich normalerweise Kabinenbahnen, Sessellifte sind schon eher drin, und gro\u00dfe an einer steilen Wand aufsteigende Gro\u00dfkabinen gehen gar nicht.<\/p>\n<p><a href=\"https:\/\/olu-limburg.de\/wp-content\/uploads\/2022\/09\/IMG_20220710_123103_ergebnis.jpg\"><img loading=\"lazy\" decoding=\"async\" class=\"size-full wp-image-27020 aligncenter\" src=\"https:\/\/olu-limburg.de\/wp-content\/uploads\/2022\/09\/IMG_20220710_123103_ergebnis.jpg\" alt=\"\" width=\"800\" height=\"600\" srcset=\"https:\/\/olu-limburg.de\/wp-content\/uploads\/2022\/09\/IMG_20220710_123103_ergebnis.jpg 800w, https:\/\/olu-limburg.de\/wp-content\/uploads\/2022\/09\/IMG_20220710_123103_ergebnis-300x225.jpg 300w, https:\/\/olu-limburg.de\/wp-content\/uploads\/2022\/09\/IMG_20220710_123103_ergebnis-768x576.jpg 768w, https:\/\/olu-limburg.de\/wp-content\/uploads\/2022\/09\/IMG_20220710_123103_ergebnis-624x468.jpg 624w\" sizes=\"auto, (max-width: 800px) 100vw, 800px\" \/><\/a><\/p>\n<div id=\"attachment_27019\" style=\"width: 810px\" class=\"wp-caption aligncenter\"><a href=\"https:\/\/olu-limburg.de\/wp-content\/uploads\/2022\/09\/IMG_20220710_123027_ergebnis.jpg\"><img loading=\"lazy\" decoding=\"async\" aria-describedby=\"caption-attachment-27019\" class=\"wp-image-27019 size-full\" src=\"https:\/\/olu-limburg.de\/wp-content\/uploads\/2022\/09\/IMG_20220710_123027_ergebnis.jpg\" alt=\"\" width=\"800\" height=\"600\" srcset=\"https:\/\/olu-limburg.de\/wp-content\/uploads\/2022\/09\/IMG_20220710_123027_ergebnis.jpg 800w, https:\/\/olu-limburg.de\/wp-content\/uploads\/2022\/09\/IMG_20220710_123027_ergebnis-300x225.jpg 300w, https:\/\/olu-limburg.de\/wp-content\/uploads\/2022\/09\/IMG_20220710_123027_ergebnis-768x576.jpg 768w, https:\/\/olu-limburg.de\/wp-content\/uploads\/2022\/09\/IMG_20220710_123027_ergebnis-624x468.jpg 624w\" sizes=\"auto, (max-width: 800px) 100vw, 800px\" \/><\/a><p id=\"caption-attachment-27019\" class=\"wp-caption-text\">Nach vorne zu schauen ist einfach.<\/p><\/div>\n<div id=\"attachment_27021\" style=\"width: 810px\" class=\"wp-caption aligncenter\"><a href=\"https:\/\/olu-limburg.de\/wp-content\/uploads\/2022\/09\/IMG_20220710_123128_ergebnis.jpg\"><img loading=\"lazy\" decoding=\"async\" aria-describedby=\"caption-attachment-27021\" class=\"wp-image-27021 size-full\" src=\"https:\/\/olu-limburg.de\/wp-content\/uploads\/2022\/09\/IMG_20220710_123128_ergebnis.jpg\" alt=\"\" width=\"800\" height=\"600\" srcset=\"https:\/\/olu-limburg.de\/wp-content\/uploads\/2022\/09\/IMG_20220710_123128_ergebnis.jpg 800w, https:\/\/olu-limburg.de\/wp-content\/uploads\/2022\/09\/IMG_20220710_123128_ergebnis-300x225.jpg 300w, https:\/\/olu-limburg.de\/wp-content\/uploads\/2022\/09\/IMG_20220710_123128_ergebnis-768x576.jpg 768w, https:\/\/olu-limburg.de\/wp-content\/uploads\/2022\/09\/IMG_20220710_123128_ergebnis-624x468.jpg 624w\" sizes=\"auto, (max-width: 800px) 100vw, 800px\" \/><\/a><p id=\"caption-attachment-27021\" class=\"wp-caption-text\">Jetzt kommt ein vorsichtiger Blick zur\u00fcck.<\/p><\/div>\n<div id=\"attachment_27022\" style=\"width: 810px\" class=\"wp-caption aligncenter\"><a href=\"https:\/\/olu-limburg.de\/wp-content\/uploads\/2022\/09\/IMG_20220710_123309_ergebnis.jpg\"><img loading=\"lazy\" decoding=\"async\" aria-describedby=\"caption-attachment-27022\" class=\"wp-image-27022 size-full\" src=\"https:\/\/olu-limburg.de\/wp-content\/uploads\/2022\/09\/IMG_20220710_123309_ergebnis.jpg\" alt=\"\" width=\"800\" height=\"600\" srcset=\"https:\/\/olu-limburg.de\/wp-content\/uploads\/2022\/09\/IMG_20220710_123309_ergebnis.jpg 800w, https:\/\/olu-limburg.de\/wp-content\/uploads\/2022\/09\/IMG_20220710_123309_ergebnis-300x225.jpg 300w, https:\/\/olu-limburg.de\/wp-content\/uploads\/2022\/09\/IMG_20220710_123309_ergebnis-768x576.jpg 768w, https:\/\/olu-limburg.de\/wp-content\/uploads\/2022\/09\/IMG_20220710_123309_ergebnis-624x468.jpg 624w\" sizes=\"auto, (max-width: 800px) 100vw, 800px\" \/><\/a><p id=\"caption-attachment-27022\" class=\"wp-caption-text\">Und schon sind wir fast oben.<\/p><\/div>\n<p>Die Aussicht \u00fcber Alpe d&#8217;Huez auf die umliegenden Dreitausender ist von hier aus grandios.<\/p>\n<p><a href=\"https:\/\/olu-limburg.de\/wp-content\/uploads\/2022\/09\/P1100017_ergebnis.jpg\"><img loading=\"lazy\" decoding=\"async\" class=\"size-full wp-image-27029 aligncenter\" src=\"https:\/\/olu-limburg.de\/wp-content\/uploads\/2022\/09\/P1100017_ergebnis.jpg\" alt=\"\" width=\"800\" height=\"203\" srcset=\"https:\/\/olu-limburg.de\/wp-content\/uploads\/2022\/09\/P1100017_ergebnis.jpg 800w, https:\/\/olu-limburg.de\/wp-content\/uploads\/2022\/09\/P1100017_ergebnis-300x76.jpg 300w, https:\/\/olu-limburg.de\/wp-content\/uploads\/2022\/09\/P1100017_ergebnis-768x195.jpg 768w, https:\/\/olu-limburg.de\/wp-content\/uploads\/2022\/09\/P1100017_ergebnis-624x158.jpg 624w\" sizes=\"auto, (max-width: 800px) 100vw, 800px\" \/><\/a><\/p>\n<div id=\"attachment_27030\" style=\"width: 810px\" class=\"wp-caption aligncenter\"><a href=\"https:\/\/olu-limburg.de\/wp-content\/uploads\/2022\/09\/P1100018_ergebnis.jpg\"><img loading=\"lazy\" decoding=\"async\" aria-describedby=\"caption-attachment-27030\" class=\"wp-image-27030 size-full\" src=\"https:\/\/olu-limburg.de\/wp-content\/uploads\/2022\/09\/P1100018_ergebnis.jpg\" alt=\"\" width=\"800\" height=\"600\" srcset=\"https:\/\/olu-limburg.de\/wp-content\/uploads\/2022\/09\/P1100018_ergebnis.jpg 800w, https:\/\/olu-limburg.de\/wp-content\/uploads\/2022\/09\/P1100018_ergebnis-300x225.jpg 300w, https:\/\/olu-limburg.de\/wp-content\/uploads\/2022\/09\/P1100018_ergebnis-768x576.jpg 768w, https:\/\/olu-limburg.de\/wp-content\/uploads\/2022\/09\/P1100018_ergebnis-624x468.jpg 624w\" sizes=\"auto, (max-width: 800px) 100vw, 800px\" \/><\/a><p id=\"caption-attachment-27030\" class=\"wp-caption-text\">Im Hintergrund ist das Massif des Ecrins zu sehen.<\/p><\/div>\n<div id=\"attachment_27025\" style=\"width: 810px\" class=\"wp-caption aligncenter\"><a href=\"https:\/\/olu-limburg.de\/wp-content\/uploads\/2022\/09\/IMG_20220710_124750_ergebnis.jpg\"><img loading=\"lazy\" decoding=\"async\" aria-describedby=\"caption-attachment-27025\" class=\"wp-image-27025 size-full\" src=\"https:\/\/olu-limburg.de\/wp-content\/uploads\/2022\/09\/IMG_20220710_124750_ergebnis.jpg\" alt=\"\" width=\"800\" height=\"600\" srcset=\"https:\/\/olu-limburg.de\/wp-content\/uploads\/2022\/09\/IMG_20220710_124750_ergebnis.jpg 800w, https:\/\/olu-limburg.de\/wp-content\/uploads\/2022\/09\/IMG_20220710_124750_ergebnis-300x225.jpg 300w, https:\/\/olu-limburg.de\/wp-content\/uploads\/2022\/09\/IMG_20220710_124750_ergebnis-768x576.jpg 768w, https:\/\/olu-limburg.de\/wp-content\/uploads\/2022\/09\/IMG_20220710_124750_ergebnis-624x468.jpg 624w\" sizes=\"auto, (max-width: 800px) 100vw, 800px\" \/><\/a><p id=\"caption-attachment-27025\" class=\"wp-caption-text\">Limks auf den Wiesen sieht man deutlich die Spuren der Mountainbiker-Bahnen.<\/p><\/div>\n<p>Wer m\u00f6chte, kann sich bei verschiedenen Schwierigkeitsstufen mit dem Mountainbike ins Tal st\u00fcrzen.<\/p>\n<p><a href=\"https:\/\/olu-limburg.de\/wp-content\/uploads\/2022\/09\/P1100024_ergebnis.jpg\"><img loading=\"lazy\" decoding=\"async\" class=\"size-full wp-image-27031 aligncenter\" src=\"https:\/\/olu-limburg.de\/wp-content\/uploads\/2022\/09\/P1100024_ergebnis.jpg\" alt=\"\" width=\"800\" height=\"600\" srcset=\"https:\/\/olu-limburg.de\/wp-content\/uploads\/2022\/09\/P1100024_ergebnis.jpg 800w, https:\/\/olu-limburg.de\/wp-content\/uploads\/2022\/09\/P1100024_ergebnis-300x225.jpg 300w, https:\/\/olu-limburg.de\/wp-content\/uploads\/2022\/09\/P1100024_ergebnis-768x576.jpg 768w, https:\/\/olu-limburg.de\/wp-content\/uploads\/2022\/09\/P1100024_ergebnis-624x468.jpg 624w\" sizes=\"auto, (max-width: 800px) 100vw, 800px\" \/><\/a><\/p>\n<p>Wir bevorzugen die ruhige Art per Pedes.<\/p>\n<p><a href=\"https:\/\/olu-limburg.de\/wp-content\/uploads\/2022\/09\/IMG_20220710_123416_ergebnis.jpg\"><img loading=\"lazy\" decoding=\"async\" class=\"size-full wp-image-27023 aligncenter\" src=\"https:\/\/olu-limburg.de\/wp-content\/uploads\/2022\/09\/IMG_20220710_123416_ergebnis.jpg\" alt=\"\" width=\"800\" height=\"600\" srcset=\"https:\/\/olu-limburg.de\/wp-content\/uploads\/2022\/09\/IMG_20220710_123416_ergebnis.jpg 800w, https:\/\/olu-limburg.de\/wp-content\/uploads\/2022\/09\/IMG_20220710_123416_ergebnis-300x225.jpg 300w, https:\/\/olu-limburg.de\/wp-content\/uploads\/2022\/09\/IMG_20220710_123416_ergebnis-768x576.jpg 768w, https:\/\/olu-limburg.de\/wp-content\/uploads\/2022\/09\/IMG_20220710_123416_ergebnis-624x468.jpg 624w\" sizes=\"auto, (max-width: 800px) 100vw, 800px\" \/><\/a><\/p>\n<p><a href=\"https:\/\/olu-limburg.de\/wp-content\/uploads\/2022\/09\/IMG-20220710-WA0016_ergebnis.jpg\"><img loading=\"lazy\" decoding=\"async\" class=\"size-full wp-image-27028 aligncenter\" src=\"https:\/\/olu-limburg.de\/wp-content\/uploads\/2022\/09\/IMG-20220710-WA0016_ergebnis.jpg\" alt=\"\" width=\"800\" height=\"598\" srcset=\"https:\/\/olu-limburg.de\/wp-content\/uploads\/2022\/09\/IMG-20220710-WA0016_ergebnis.jpg 800w, https:\/\/olu-limburg.de\/wp-content\/uploads\/2022\/09\/IMG-20220710-WA0016_ergebnis-300x224.jpg 300w, https:\/\/olu-limburg.de\/wp-content\/uploads\/2022\/09\/IMG-20220710-WA0016_ergebnis-768x574.jpg 768w, https:\/\/olu-limburg.de\/wp-content\/uploads\/2022\/09\/IMG-20220710-WA0016_ergebnis-624x466.jpg 624w\" sizes=\"auto, (max-width: 800px) 100vw, 800px\" \/><\/a><\/p>\n<div id=\"attachment_27026\" style=\"width: 810px\" class=\"wp-caption aligncenter\"><a href=\"https:\/\/olu-limburg.de\/wp-content\/uploads\/2022\/09\/IMG_20220710_125924_ergebnis.jpg\"><img loading=\"lazy\" decoding=\"async\" aria-describedby=\"caption-attachment-27026\" class=\"wp-image-27026 size-full\" src=\"https:\/\/olu-limburg.de\/wp-content\/uploads\/2022\/09\/IMG_20220710_125924_ergebnis.jpg\" alt=\"\" width=\"800\" height=\"600\" srcset=\"https:\/\/olu-limburg.de\/wp-content\/uploads\/2022\/09\/IMG_20220710_125924_ergebnis.jpg 800w, https:\/\/olu-limburg.de\/wp-content\/uploads\/2022\/09\/IMG_20220710_125924_ergebnis-300x225.jpg 300w, https:\/\/olu-limburg.de\/wp-content\/uploads\/2022\/09\/IMG_20220710_125924_ergebnis-768x576.jpg 768w, https:\/\/olu-limburg.de\/wp-content\/uploads\/2022\/09\/IMG_20220710_125924_ergebnis-624x468.jpg 624w\" sizes=\"auto, (max-width: 800px) 100vw, 800px\" \/><\/a><p id=\"caption-attachment-27026\" class=\"wp-caption-text\">Blick auf den Lac de Verney<\/p><\/div>\n<p>Auf dem Weg nach unten achten wir die ganze Zeit darauf, dass hinter uns kein Mountainbiker angesaust kommt. Vor uns die zwei kleinen R\u00f6hren sind Tunnels f\u00fcr die Biker, die als zus\u00e4tzliche Schwierigkeit eingebaut sind.<\/p>\n<p><a href=\"https:\/\/olu-limburg.de\/wp-content\/uploads\/2022\/09\/IMG_20220710_130154_ergebnis.jpg\"><img loading=\"lazy\" decoding=\"async\" class=\"wp-image-27027 size-full aligncenter\" src=\"https:\/\/olu-limburg.de\/wp-content\/uploads\/2022\/09\/IMG_20220710_130154_ergebnis.jpg\" alt=\"\" width=\"800\" height=\"600\" srcset=\"https:\/\/olu-limburg.de\/wp-content\/uploads\/2022\/09\/IMG_20220710_130154_ergebnis.jpg 800w, https:\/\/olu-limburg.de\/wp-content\/uploads\/2022\/09\/IMG_20220710_130154_ergebnis-300x225.jpg 300w, https:\/\/olu-limburg.de\/wp-content\/uploads\/2022\/09\/IMG_20220710_130154_ergebnis-768x576.jpg 768w, https:\/\/olu-limburg.de\/wp-content\/uploads\/2022\/09\/IMG_20220710_130154_ergebnis-624x468.jpg 624w\" sizes=\"auto, (max-width: 800px) 100vw, 800px\" \/><\/a><\/p>\n<p>Auf dem Weg nach unten hat die Natur so viel zu bieten.<\/p>\n<p><a href=\"https:\/\/olu-limburg.de\/wp-content\/uploads\/2022\/09\/IMG_20220710_130538_ergebnis.jpg\"><img loading=\"lazy\" decoding=\"async\" class=\"size-full wp-image-27034 aligncenter\" src=\"https:\/\/olu-limburg.de\/wp-content\/uploads\/2022\/09\/IMG_20220710_130538_ergebnis.jpg\" alt=\"\" width=\"800\" height=\"600\" srcset=\"https:\/\/olu-limburg.de\/wp-content\/uploads\/2022\/09\/IMG_20220710_130538_ergebnis.jpg 800w, https:\/\/olu-limburg.de\/wp-content\/uploads\/2022\/09\/IMG_20220710_130538_ergebnis-300x225.jpg 300w, https:\/\/olu-limburg.de\/wp-content\/uploads\/2022\/09\/IMG_20220710_130538_ergebnis-768x576.jpg 768w, https:\/\/olu-limburg.de\/wp-content\/uploads\/2022\/09\/IMG_20220710_130538_ergebnis-624x468.jpg 624w\" sizes=\"auto, (max-width: 800px) 100vw, 800px\" \/><\/a><\/p>\n<p><a href=\"https:\/\/olu-limburg.de\/wp-content\/uploads\/2022\/09\/IMG_20220710_132557_ergebnis.jpg\"><img loading=\"lazy\" decoding=\"async\" class=\"size-full wp-image-27037 aligncenter\" src=\"https:\/\/olu-limburg.de\/wp-content\/uploads\/2022\/09\/IMG_20220710_132557_ergebnis.jpg\" alt=\"\" width=\"800\" height=\"600\" srcset=\"https:\/\/olu-limburg.de\/wp-content\/uploads\/2022\/09\/IMG_20220710_132557_ergebnis.jpg 800w, https:\/\/olu-limburg.de\/wp-content\/uploads\/2022\/09\/IMG_20220710_132557_ergebnis-300x225.jpg 300w, https:\/\/olu-limburg.de\/wp-content\/uploads\/2022\/09\/IMG_20220710_132557_ergebnis-768x576.jpg 768w, https:\/\/olu-limburg.de\/wp-content\/uploads\/2022\/09\/IMG_20220710_132557_ergebnis-624x468.jpg 624w\" sizes=\"auto, (max-width: 800px) 100vw, 800px\" \/><\/a><\/p>\n<div id=\"attachment_27038\" style=\"width: 810px\" class=\"wp-caption aligncenter\"><a href=\"https:\/\/olu-limburg.de\/wp-content\/uploads\/2022\/09\/P1100031_ergebnis.jpg\"><img loading=\"lazy\" decoding=\"async\" aria-describedby=\"caption-attachment-27038\" class=\"wp-image-27038 size-full\" src=\"https:\/\/olu-limburg.de\/wp-content\/uploads\/2022\/09\/P1100031_ergebnis.jpg\" alt=\"\" width=\"800\" height=\"600\" srcset=\"https:\/\/olu-limburg.de\/wp-content\/uploads\/2022\/09\/P1100031_ergebnis.jpg 800w, https:\/\/olu-limburg.de\/wp-content\/uploads\/2022\/09\/P1100031_ergebnis-300x225.jpg 300w, https:\/\/olu-limburg.de\/wp-content\/uploads\/2022\/09\/P1100031_ergebnis-768x576.jpg 768w, https:\/\/olu-limburg.de\/wp-content\/uploads\/2022\/09\/P1100031_ergebnis-624x468.jpg 624w\" sizes=\"auto, (max-width: 800px) 100vw, 800px\" \/><\/a><p id=\"caption-attachment-27038\" class=\"wp-caption-text\">Die R\u00f6hre der Biker.<\/p><\/div>\n<p><a href=\"https:\/\/olu-limburg.de\/wp-content\/uploads\/2022\/09\/IMG_20220710_130610_1_ergebnis.jpg\"><img loading=\"lazy\" decoding=\"async\" class=\"size-full wp-image-27035 aligncenter\" src=\"https:\/\/olu-limburg.de\/wp-content\/uploads\/2022\/09\/IMG_20220710_130610_1_ergebnis.jpg\" alt=\"\" width=\"800\" height=\"600\" srcset=\"https:\/\/olu-limburg.de\/wp-content\/uploads\/2022\/09\/IMG_20220710_130610_1_ergebnis.jpg 800w, https:\/\/olu-limburg.de\/wp-content\/uploads\/2022\/09\/IMG_20220710_130610_1_ergebnis-300x225.jpg 300w, https:\/\/olu-limburg.de\/wp-content\/uploads\/2022\/09\/IMG_20220710_130610_1_ergebnis-768x576.jpg 768w, https:\/\/olu-limburg.de\/wp-content\/uploads\/2022\/09\/IMG_20220710_130610_1_ergebnis-624x468.jpg 624w\" sizes=\"auto, (max-width: 800px) 100vw, 800px\" \/><\/a><\/p>\n<p><a href=\"https:\/\/olu-limburg.de\/wp-content\/uploads\/2022\/09\/IMG_20220710_130833_ergebnis.jpg\"><img loading=\"lazy\" decoding=\"async\" class=\"size-full wp-image-27036 aligncenter\" src=\"https:\/\/olu-limburg.de\/wp-content\/uploads\/2022\/09\/IMG_20220710_130833_ergebnis.jpg\" alt=\"\" width=\"800\" height=\"600\" srcset=\"https:\/\/olu-limburg.de\/wp-content\/uploads\/2022\/09\/IMG_20220710_130833_ergebnis.jpg 800w, https:\/\/olu-limburg.de\/wp-content\/uploads\/2022\/09\/IMG_20220710_130833_ergebnis-300x225.jpg 300w, https:\/\/olu-limburg.de\/wp-content\/uploads\/2022\/09\/IMG_20220710_130833_ergebnis-768x576.jpg 768w, https:\/\/olu-limburg.de\/wp-content\/uploads\/2022\/09\/IMG_20220710_130833_ergebnis-624x468.jpg 624w\" sizes=\"auto, (max-width: 800px) 100vw, 800px\" \/><\/a><\/p>\n<p><a href=\"https:\/\/olu-limburg.de\/wp-content\/uploads\/2022\/09\/P1100036_ergebnis.jpg\"><img loading=\"lazy\" decoding=\"async\" class=\"size-full wp-image-27040 aligncenter\" src=\"https:\/\/olu-limburg.de\/wp-content\/uploads\/2022\/09\/P1100036_ergebnis.jpg\" alt=\"\" width=\"800\" height=\"600\" srcset=\"https:\/\/olu-limburg.de\/wp-content\/uploads\/2022\/09\/P1100036_ergebnis.jpg 800w, https:\/\/olu-limburg.de\/wp-content\/uploads\/2022\/09\/P1100036_ergebnis-300x225.jpg 300w, https:\/\/olu-limburg.de\/wp-content\/uploads\/2022\/09\/P1100036_ergebnis-768x576.jpg 768w, https:\/\/olu-limburg.de\/wp-content\/uploads\/2022\/09\/P1100036_ergebnis-624x468.jpg 624w\" sizes=\"auto, (max-width: 800px) 100vw, 800px\" \/><\/a><\/p>\n<p>Als ich heute Morgen vom B\u00e4cker Croissants und ein Baguette geholt habe, sah ich wenige hundert Meter unter unserem Stellplatz ein vollst\u00e4ndig aufgebautes Zielinstrumentarium. Ich konnte mir das nicht erkl\u00e4ren, da die Tour doch erst in vier Tagen hierher kommt.<\/p>\n<p>Nach einem kurzen Mittagessen im Wohnmobil machen wir einen Spaziergang in den Ort. Dort l\u00f6ste sich ganz schnell das R\u00e4tsel auf.<\/p>\n<p>Heute machen sich \u00fcber 15.000 Hobbyradsportler im Wellenstart bei dem Jedermann-Rennen der &#8222;L&#8217;\u00c9tape du Tour de France&#8220; auf den Weg, um 167 km mit 4700 H\u00f6henmetern zu \u00fcberwinden. Der Start ist in Briancon, geht \u00fcber den Col de la Croix de Fer und den Col du Galibier hoch nach Alpe d&#8217;Huez. Dabei bew\u00e4ltigen sie genau die gleiche legend\u00e4r gewordene Strecke von der &#8222;Tour&#8220; 1986, auf der damals Greg Lemond und Bernard Hinault Hand in Hand ins Ziel fuhren. Dieses Jedermann-Rennen wird heute zum 30. Mal ausgetragen.<\/p>\n<p><a href=\"https:\/\/olu-limburg.de\/wp-content\/uploads\/2022\/09\/IMG_20220710_164648_ergebnis.jpg\"><img loading=\"lazy\" decoding=\"async\" class=\"size-full wp-image-27042 aligncenter\" src=\"https:\/\/olu-limburg.de\/wp-content\/uploads\/2022\/09\/IMG_20220710_164648_ergebnis.jpg\" alt=\"\" width=\"800\" height=\"600\" srcset=\"https:\/\/olu-limburg.de\/wp-content\/uploads\/2022\/09\/IMG_20220710_164648_ergebnis.jpg 800w, https:\/\/olu-limburg.de\/wp-content\/uploads\/2022\/09\/IMG_20220710_164648_ergebnis-300x225.jpg 300w, https:\/\/olu-limburg.de\/wp-content\/uploads\/2022\/09\/IMG_20220710_164648_ergebnis-768x576.jpg 768w, https:\/\/olu-limburg.de\/wp-content\/uploads\/2022\/09\/IMG_20220710_164648_ergebnis-624x468.jpg 624w\" sizes=\"auto, (max-width: 800px) 100vw, 800px\" \/><\/a><\/p>\n<p><a href=\"https:\/\/olu-limburg.de\/wp-content\/uploads\/2022\/09\/IMG_20220710_164716_ergebnis.jpg\"><img loading=\"lazy\" decoding=\"async\" class=\"size-full wp-image-27043 aligncenter\" src=\"https:\/\/olu-limburg.de\/wp-content\/uploads\/2022\/09\/IMG_20220710_164716_ergebnis.jpg\" alt=\"\" width=\"800\" height=\"600\" srcset=\"https:\/\/olu-limburg.de\/wp-content\/uploads\/2022\/09\/IMG_20220710_164716_ergebnis.jpg 800w, https:\/\/olu-limburg.de\/wp-content\/uploads\/2022\/09\/IMG_20220710_164716_ergebnis-300x225.jpg 300w, https:\/\/olu-limburg.de\/wp-content\/uploads\/2022\/09\/IMG_20220710_164716_ergebnis-768x576.jpg 768w, https:\/\/olu-limburg.de\/wp-content\/uploads\/2022\/09\/IMG_20220710_164716_ergebnis-624x468.jpg 624w\" sizes=\"auto, (max-width: 800px) 100vw, 800px\" \/><\/a><\/p>\n<p>Didi, der Tour-Teufel, hat hierzu ebenfalls eine Einladung erhalten, und klatscht auf Wunsch die Finisher ab und steht f\u00fcr Selfies bereit.<\/p>\n<p><a href=\"https:\/\/olu-limburg.de\/wp-content\/uploads\/2022\/09\/IMG_20220710_170951_ergebnis.jpg\"><img loading=\"lazy\" decoding=\"async\" class=\"size-full wp-image-27045 aligncenter\" src=\"https:\/\/olu-limburg.de\/wp-content\/uploads\/2022\/09\/IMG_20220710_170951_ergebnis.jpg\" alt=\"\" width=\"800\" height=\"600\" srcset=\"https:\/\/olu-limburg.de\/wp-content\/uploads\/2022\/09\/IMG_20220710_170951_ergebnis.jpg 800w, https:\/\/olu-limburg.de\/wp-content\/uploads\/2022\/09\/IMG_20220710_170951_ergebnis-300x225.jpg 300w, https:\/\/olu-limburg.de\/wp-content\/uploads\/2022\/09\/IMG_20220710_170951_ergebnis-768x576.jpg 768w, https:\/\/olu-limburg.de\/wp-content\/uploads\/2022\/09\/IMG_20220710_170951_ergebnis-624x468.jpg 624w\" sizes=\"auto, (max-width: 800px) 100vw, 800px\" \/><\/a><\/p>\n<p><a href=\"https:\/\/olu-limburg.de\/wp-content\/uploads\/2022\/09\/IMG_20220710_170933_ergebnis-e1662124886717.jpg\"><img loading=\"lazy\" decoding=\"async\" class=\"size-full wp-image-27044 aligncenter\" src=\"https:\/\/olu-limburg.de\/wp-content\/uploads\/2022\/09\/IMG_20220710_170933_ergebnis-e1662124886717.jpg\" alt=\"\" width=\"450\" height=\"600\" srcset=\"https:\/\/olu-limburg.de\/wp-content\/uploads\/2022\/09\/IMG_20220710_170933_ergebnis-e1662124886717.jpg 450w, https:\/\/olu-limburg.de\/wp-content\/uploads\/2022\/09\/IMG_20220710_170933_ergebnis-e1662124886717-225x300.jpg 225w\" sizes=\"auto, (max-width: 450px) 100vw, 450px\" \/><\/a><\/p>\n<p>Didi ist ein sehr angenehmer Mensch, den wir 2013 in Le Bourg d&#8217;Oissans kurz vor dem Aufstieg nach Alpe d&#8217;Huez kennengelernt haben. Hier oben haben wir wieder einige Zeit zusammen gestanden, uns unterhalten und schauen gemeinsam das Ende der heutigen Touretappe von Aigle zum Wintersportgebiet Ch\u00e2tel les Portes du Soleil. Er f\u00e4hrt aber heute Abend wieder runter, weil er am Mittwoch am Galibier sein m\u00f6chte.<\/p>\n<p><a href=\"https:\/\/olu-limburg.de\/wp-content\/uploads\/2022\/09\/IMG-20220710-WA0017_ergebnis-e1662125485746.jpg\"><img loading=\"lazy\" decoding=\"async\" class=\"size-full wp-image-27047 aligncenter\" src=\"https:\/\/olu-limburg.de\/wp-content\/uploads\/2022\/09\/IMG-20220710-WA0017_ergebnis-e1662125485746.jpg\" alt=\"\" width=\"450\" height=\"602\" srcset=\"https:\/\/olu-limburg.de\/wp-content\/uploads\/2022\/09\/IMG-20220710-WA0017_ergebnis-e1662125485746.jpg 450w, https:\/\/olu-limburg.de\/wp-content\/uploads\/2022\/09\/IMG-20220710-WA0017_ergebnis-e1662125485746-224x300.jpg 224w\" sizes=\"auto, (max-width: 450px) 100vw, 450px\" \/><\/a><\/p>\n<p>Ich g\u00f6nne mir anschlie\u00dfend zum Sonnenuntergang noch ein sch\u00f6nes Guinness.<\/p>\n<p><a href=\"https:\/\/olu-limburg.de\/wp-content\/uploads\/2022\/09\/IMG_20220710_184323_ergebnis-e1662125512279.jpg\"><img loading=\"lazy\" decoding=\"async\" class=\"size-full wp-image-27046 aligncenter\" src=\"https:\/\/olu-limburg.de\/wp-content\/uploads\/2022\/09\/IMG_20220710_184323_ergebnis-e1662125512279.jpg\" alt=\"\" width=\"450\" height=\"600\" srcset=\"https:\/\/olu-limburg.de\/wp-content\/uploads\/2022\/09\/IMG_20220710_184323_ergebnis-e1662125512279.jpg 450w, https:\/\/olu-limburg.de\/wp-content\/uploads\/2022\/09\/IMG_20220710_184323_ergebnis-e1662125512279-225x300.jpg 225w\" sizes=\"auto, (max-width: 450px) 100vw, 450px\" \/><\/a><\/p>\n<p>Tagesstrecke: 0 km<\/p>\n<p>&nbsp;<\/p>\n<p><strong>Montag, 11.07.2022<\/strong><\/p>\n<p>Nachdem mir gestern die Fahrt mit der Seilbahn und der anschlie\u00dfende Spaziergang so gut gefallen hat, machen wir heute noch einmal eine Tour auf der anderen Seite des Tales in Richtung des Pic du Lac Blanc. Wir steigen aber schon bei der ersten Zwischenstation auf 2.110 m aus.<\/p>\n<p><a href=\"https:\/\/olu-limburg.de\/wp-content\/uploads\/2022\/09\/IMG_20220711_113113_ergebnis.jpg\"><img loading=\"lazy\" decoding=\"async\" class=\"size-full wp-image-27060 aligncenter\" src=\"https:\/\/olu-limburg.de\/wp-content\/uploads\/2022\/09\/IMG_20220711_113113_ergebnis.jpg\" alt=\"\" width=\"800\" height=\"600\" srcset=\"https:\/\/olu-limburg.de\/wp-content\/uploads\/2022\/09\/IMG_20220711_113113_ergebnis.jpg 800w, https:\/\/olu-limburg.de\/wp-content\/uploads\/2022\/09\/IMG_20220711_113113_ergebnis-300x225.jpg 300w, https:\/\/olu-limburg.de\/wp-content\/uploads\/2022\/09\/IMG_20220711_113113_ergebnis-768x576.jpg 768w, https:\/\/olu-limburg.de\/wp-content\/uploads\/2022\/09\/IMG_20220711_113113_ergebnis-624x468.jpg 624w\" sizes=\"auto, (max-width: 800px) 100vw, 800px\" \/><\/a><\/p>\n<p><a href=\"https:\/\/olu-limburg.de\/wp-content\/uploads\/2022\/09\/IMG_20220711_113323_ergebnis.jpg\"><img loading=\"lazy\" decoding=\"async\" class=\"size-full wp-image-27061 aligncenter\" src=\"https:\/\/olu-limburg.de\/wp-content\/uploads\/2022\/09\/IMG_20220711_113323_ergebnis.jpg\" alt=\"\" width=\"800\" height=\"600\" srcset=\"https:\/\/olu-limburg.de\/wp-content\/uploads\/2022\/09\/IMG_20220711_113323_ergebnis.jpg 800w, https:\/\/olu-limburg.de\/wp-content\/uploads\/2022\/09\/IMG_20220711_113323_ergebnis-300x225.jpg 300w, https:\/\/olu-limburg.de\/wp-content\/uploads\/2022\/09\/IMG_20220711_113323_ergebnis-768x576.jpg 768w, https:\/\/olu-limburg.de\/wp-content\/uploads\/2022\/09\/IMG_20220711_113323_ergebnis-624x468.jpg 624w\" sizes=\"auto, (max-width: 800px) 100vw, 800px\" \/><\/a><\/p>\n<p><a href=\"https:\/\/olu-limburg.de\/wp-content\/uploads\/2022\/09\/IMG_20220711_113612_ergebnis.jpg\"><img loading=\"lazy\" decoding=\"async\" class=\"size-full wp-image-27062 aligncenter\" src=\"https:\/\/olu-limburg.de\/wp-content\/uploads\/2022\/09\/IMG_20220711_113612_ergebnis.jpg\" alt=\"\" width=\"800\" height=\"600\" srcset=\"https:\/\/olu-limburg.de\/wp-content\/uploads\/2022\/09\/IMG_20220711_113612_ergebnis.jpg 800w, https:\/\/olu-limburg.de\/wp-content\/uploads\/2022\/09\/IMG_20220711_113612_ergebnis-300x225.jpg 300w, https:\/\/olu-limburg.de\/wp-content\/uploads\/2022\/09\/IMG_20220711_113612_ergebnis-768x576.jpg 768w, https:\/\/olu-limburg.de\/wp-content\/uploads\/2022\/09\/IMG_20220711_113612_ergebnis-624x468.jpg 624w\" sizes=\"auto, (max-width: 800px) 100vw, 800px\" \/><\/a><\/p>\n<div id=\"attachment_27063\" style=\"width: 810px\" class=\"wp-caption aligncenter\"><a href=\"https:\/\/olu-limburg.de\/wp-content\/uploads\/2022\/09\/IMG_20220711_113650_ergebnis.jpg\"><img loading=\"lazy\" decoding=\"async\" aria-describedby=\"caption-attachment-27063\" class=\"wp-image-27063 size-full\" src=\"https:\/\/olu-limburg.de\/wp-content\/uploads\/2022\/09\/IMG_20220711_113650_ergebnis.jpg\" alt=\"\" width=\"800\" height=\"600\" srcset=\"https:\/\/olu-limburg.de\/wp-content\/uploads\/2022\/09\/IMG_20220711_113650_ergebnis.jpg 800w, https:\/\/olu-limburg.de\/wp-content\/uploads\/2022\/09\/IMG_20220711_113650_ergebnis-300x225.jpg 300w, https:\/\/olu-limburg.de\/wp-content\/uploads\/2022\/09\/IMG_20220711_113650_ergebnis-768x576.jpg 768w, https:\/\/olu-limburg.de\/wp-content\/uploads\/2022\/09\/IMG_20220711_113650_ergebnis-624x468.jpg 624w\" sizes=\"auto, (max-width: 800px) 100vw, 800px\" \/><\/a><p id=\"caption-attachment-27063\" class=\"wp-caption-text\">Gut gepolstert st\u00fcrzen sich die Biker \u00fcber die steinige Piste.<\/p><\/div>\n<p><a href=\"https:\/\/olu-limburg.de\/wp-content\/uploads\/2022\/09\/P1100048_ergebnis.jpg\"><img loading=\"lazy\" decoding=\"async\" class=\"size-full wp-image-27058 aligncenter\" src=\"https:\/\/olu-limburg.de\/wp-content\/uploads\/2022\/09\/P1100048_ergebnis.jpg\" alt=\"\" width=\"800\" height=\"600\" srcset=\"https:\/\/olu-limburg.de\/wp-content\/uploads\/2022\/09\/P1100048_ergebnis.jpg 800w, https:\/\/olu-limburg.de\/wp-content\/uploads\/2022\/09\/P1100048_ergebnis-300x225.jpg 300w, https:\/\/olu-limburg.de\/wp-content\/uploads\/2022\/09\/P1100048_ergebnis-768x576.jpg 768w, https:\/\/olu-limburg.de\/wp-content\/uploads\/2022\/09\/P1100048_ergebnis-624x468.jpg 624w\" sizes=\"auto, (max-width: 800px) 100vw, 800px\" \/><\/a><\/p>\n<p><a href=\"https:\/\/olu-limburg.de\/wp-content\/uploads\/2022\/09\/P1100043_ergebnis-e1662397347721.jpg\"><img loading=\"lazy\" decoding=\"async\" class=\"size-full wp-image-27056 aligncenter\" src=\"https:\/\/olu-limburg.de\/wp-content\/uploads\/2022\/09\/P1100043_ergebnis-e1662397347721.jpg\" alt=\"\" width=\"450\" height=\"600\" srcset=\"https:\/\/olu-limburg.de\/wp-content\/uploads\/2022\/09\/P1100043_ergebnis-e1662397347721.jpg 450w, https:\/\/olu-limburg.de\/wp-content\/uploads\/2022\/09\/P1100043_ergebnis-e1662397347721-225x300.jpg 225w\" sizes=\"auto, (max-width: 450px) 100vw, 450px\" \/><\/a><\/p>\n<div id=\"attachment_27057\" style=\"width: 810px\" class=\"wp-caption aligncenter\"><a href=\"https:\/\/olu-limburg.de\/wp-content\/uploads\/2022\/09\/P1100044_ergebnis.jpg\"><img loading=\"lazy\" decoding=\"async\" aria-describedby=\"caption-attachment-27057\" class=\"wp-image-27057 size-full\" src=\"https:\/\/olu-limburg.de\/wp-content\/uploads\/2022\/09\/P1100044_ergebnis.jpg\" alt=\"\" width=\"800\" height=\"600\" srcset=\"https:\/\/olu-limburg.de\/wp-content\/uploads\/2022\/09\/P1100044_ergebnis.jpg 800w, https:\/\/olu-limburg.de\/wp-content\/uploads\/2022\/09\/P1100044_ergebnis-300x225.jpg 300w, https:\/\/olu-limburg.de\/wp-content\/uploads\/2022\/09\/P1100044_ergebnis-768x576.jpg 768w, https:\/\/olu-limburg.de\/wp-content\/uploads\/2022\/09\/P1100044_ergebnis-624x468.jpg 624w\" sizes=\"auto, (max-width: 800px) 100vw, 800px\" \/><\/a><p id=\"caption-attachment-27057\" class=\"wp-caption-text\">Hier geht es oben los.<\/p><\/div>\n<div id=\"attachment_27059\" style=\"width: 460px\" class=\"wp-caption alignleft\"><a href=\"https:\/\/olu-limburg.de\/wp-content\/uploads\/2022\/09\/P1100049_ergebnis-e1662397229144.jpg\"><img loading=\"lazy\" decoding=\"async\" aria-describedby=\"caption-attachment-27059\" class=\"wp-image-27059 size-full\" src=\"https:\/\/olu-limburg.de\/wp-content\/uploads\/2022\/09\/P1100049_ergebnis-e1662397229144.jpg\" alt=\"\" width=\"450\" height=\"600\" srcset=\"https:\/\/olu-limburg.de\/wp-content\/uploads\/2022\/09\/P1100049_ergebnis-e1662397229144.jpg 450w, https:\/\/olu-limburg.de\/wp-content\/uploads\/2022\/09\/P1100049_ergebnis-e1662397229144-225x300.jpg 225w\" sizes=\"auto, (max-width: 450px) 100vw, 450px\" \/><\/a><p id=\"caption-attachment-27059\" class=\"wp-caption-text\">von diesem Wasserfall &#8230;<\/p><\/div>\n<div id=\"attachment_27064\" style=\"width: 460px\" class=\"wp-caption alignright\"><a href=\"https:\/\/olu-limburg.de\/wp-content\/uploads\/2022\/09\/IMG_20220711_114849_ergebnis-e1662396561738.jpg\"><img loading=\"lazy\" decoding=\"async\" aria-describedby=\"caption-attachment-27064\" class=\"wp-image-27064 size-full\" src=\"https:\/\/olu-limburg.de\/wp-content\/uploads\/2022\/09\/IMG_20220711_114849_ergebnis-e1662396561738.jpg\" alt=\"\" width=\"450\" height=\"600\" srcset=\"https:\/\/olu-limburg.de\/wp-content\/uploads\/2022\/09\/IMG_20220711_114849_ergebnis-e1662396561738.jpg 450w, https:\/\/olu-limburg.de\/wp-content\/uploads\/2022\/09\/IMG_20220711_114849_ergebnis-e1662396561738-225x300.jpg 225w\" sizes=\"auto, (max-width: 450px) 100vw, 450px\" \/><\/a><p id=\"caption-attachment-27064\" class=\"wp-caption-text\">&#8230; kommt hier unten nicht mehr viel an.<\/p><\/div>\n<p><a href=\"https:\/\/olu-limburg.de\/wp-content\/uploads\/2022\/09\/IMG_20220711_115232_ergebnis.jpg\"><img loading=\"lazy\" decoding=\"async\" class=\"size-full wp-image-27065 aligncenter\" src=\"https:\/\/olu-limburg.de\/wp-content\/uploads\/2022\/09\/IMG_20220711_115232_ergebnis.jpg\" alt=\"\" width=\"800\" height=\"600\" srcset=\"https:\/\/olu-limburg.de\/wp-content\/uploads\/2022\/09\/IMG_20220711_115232_ergebnis.jpg 800w, https:\/\/olu-limburg.de\/wp-content\/uploads\/2022\/09\/IMG_20220711_115232_ergebnis-300x225.jpg 300w, https:\/\/olu-limburg.de\/wp-content\/uploads\/2022\/09\/IMG_20220711_115232_ergebnis-768x576.jpg 768w, https:\/\/olu-limburg.de\/wp-content\/uploads\/2022\/09\/IMG_20220711_115232_ergebnis-624x468.jpg 624w\" sizes=\"auto, (max-width: 800px) 100vw, 800px\" \/><\/a><\/p>\n<p><a href=\"https:\/\/olu-limburg.de\/wp-content\/uploads\/2022\/09\/IMG_20220711_115400_ergebnis-e1662396543564.jpg\"><img loading=\"lazy\" decoding=\"async\" class=\"size-full wp-image-27067 alignleft\" src=\"https:\/\/olu-limburg.de\/wp-content\/uploads\/2022\/09\/IMG_20220711_115400_ergebnis-e1662396543564.jpg\" alt=\"\" width=\"450\" height=\"600\" srcset=\"https:\/\/olu-limburg.de\/wp-content\/uploads\/2022\/09\/IMG_20220711_115400_ergebnis-e1662396543564.jpg 450w, https:\/\/olu-limburg.de\/wp-content\/uploads\/2022\/09\/IMG_20220711_115400_ergebnis-e1662396543564-225x300.jpg 225w\" sizes=\"auto, (max-width: 450px) 100vw, 450px\" \/><\/a><\/p>\n<p><a href=\"https:\/\/olu-limburg.de\/wp-content\/uploads\/2022\/09\/IMG_20220711_115742_ergebnis-e1662396638692.jpg\"><img loading=\"lazy\" decoding=\"async\" class=\"size-full wp-image-27068 alignright\" src=\"https:\/\/olu-limburg.de\/wp-content\/uploads\/2022\/09\/IMG_20220711_115742_ergebnis-e1662396638692.jpg\" alt=\"\" width=\"450\" height=\"600\" srcset=\"https:\/\/olu-limburg.de\/wp-content\/uploads\/2022\/09\/IMG_20220711_115742_ergebnis-e1662396638692.jpg 450w, https:\/\/olu-limburg.de\/wp-content\/uploads\/2022\/09\/IMG_20220711_115742_ergebnis-e1662396638692-225x300.jpg 225w\" sizes=\"auto, (max-width: 450px) 100vw, 450px\" \/><\/a><\/p>\n<p><a href=\"https:\/\/olu-limburg.de\/wp-content\/uploads\/2022\/09\/IMG_20220711_115804_ergebnis-e1662396648756.jpg\"><img loading=\"lazy\" decoding=\"async\" class=\"size-full wp-image-27069 alignleft\" src=\"https:\/\/olu-limburg.de\/wp-content\/uploads\/2022\/09\/IMG_20220711_115804_ergebnis-e1662396648756.jpg\" alt=\"\" width=\"450\" height=\"600\" srcset=\"https:\/\/olu-limburg.de\/wp-content\/uploads\/2022\/09\/IMG_20220711_115804_ergebnis-e1662396648756.jpg 450w, https:\/\/olu-limburg.de\/wp-content\/uploads\/2022\/09\/IMG_20220711_115804_ergebnis-e1662396648756-225x300.jpg 225w\" sizes=\"auto, (max-width: 450px) 100vw, 450px\" \/><\/a><\/p>\n<p><a href=\"https:\/\/olu-limburg.de\/wp-content\/uploads\/2022\/09\/IMG_20220711_115824_ergebnis-e1662396680225.jpg\"><img loading=\"lazy\" decoding=\"async\" class=\"size-full wp-image-27070 alignright\" src=\"https:\/\/olu-limburg.de\/wp-content\/uploads\/2022\/09\/IMG_20220711_115824_ergebnis-e1662396680225.jpg\" alt=\"\" width=\"450\" height=\"600\" srcset=\"https:\/\/olu-limburg.de\/wp-content\/uploads\/2022\/09\/IMG_20220711_115824_ergebnis-e1662396680225.jpg 450w, https:\/\/olu-limburg.de\/wp-content\/uploads\/2022\/09\/IMG_20220711_115824_ergebnis-e1662396680225-225x300.jpg 225w\" sizes=\"auto, (max-width: 450px) 100vw, 450px\" \/><\/a><\/p>\n<div id=\"attachment_27071\" style=\"width: 810px\" class=\"wp-caption aligncenter\"><a href=\"https:\/\/olu-limburg.de\/wp-content\/uploads\/2022\/09\/IMG_20220711_120046_ergebnis.jpg\"><img loading=\"lazy\" decoding=\"async\" aria-describedby=\"caption-attachment-27071\" class=\"wp-image-27071 size-full\" src=\"https:\/\/olu-limburg.de\/wp-content\/uploads\/2022\/09\/IMG_20220711_120046_ergebnis.jpg\" alt=\"\" width=\"800\" height=\"600\" srcset=\"https:\/\/olu-limburg.de\/wp-content\/uploads\/2022\/09\/IMG_20220711_120046_ergebnis.jpg 800w, https:\/\/olu-limburg.de\/wp-content\/uploads\/2022\/09\/IMG_20220711_120046_ergebnis-300x225.jpg 300w, https:\/\/olu-limburg.de\/wp-content\/uploads\/2022\/09\/IMG_20220711_120046_ergebnis-768x576.jpg 768w, https:\/\/olu-limburg.de\/wp-content\/uploads\/2022\/09\/IMG_20220711_120046_ergebnis-624x468.jpg 624w\" sizes=\"auto, (max-width: 800px) 100vw, 800px\" \/><\/a><p id=\"caption-attachment-27071\" class=\"wp-caption-text\">Dort sollte eigentlich der Lac Besson sein, f\u00fcr den es momentan aber kein Wasser mehr gibt.<\/p><\/div>\n<div id=\"attachment_27072\" style=\"width: 810px\" class=\"wp-caption aligncenter\"><a href=\"https:\/\/olu-limburg.de\/wp-content\/uploads\/2022\/09\/IMG_20220711_120353_ergebnis.jpg\"><img loading=\"lazy\" decoding=\"async\" aria-describedby=\"caption-attachment-27072\" class=\"wp-image-27072 size-full\" src=\"https:\/\/olu-limburg.de\/wp-content\/uploads\/2022\/09\/IMG_20220711_120353_ergebnis.jpg\" alt=\"\" width=\"800\" height=\"600\" srcset=\"https:\/\/olu-limburg.de\/wp-content\/uploads\/2022\/09\/IMG_20220711_120353_ergebnis.jpg 800w, https:\/\/olu-limburg.de\/wp-content\/uploads\/2022\/09\/IMG_20220711_120353_ergebnis-300x225.jpg 300w, https:\/\/olu-limburg.de\/wp-content\/uploads\/2022\/09\/IMG_20220711_120353_ergebnis-768x576.jpg 768w, https:\/\/olu-limburg.de\/wp-content\/uploads\/2022\/09\/IMG_20220711_120353_ergebnis-624x468.jpg 624w\" sizes=\"auto, (max-width: 800px) 100vw, 800px\" \/><\/a><p id=\"caption-attachment-27072\" class=\"wp-caption-text\">Die Seilbahnstationen sehen wie Raketenabschussrampen aus.<\/p><\/div>\n<p><a href=\"https:\/\/olu-limburg.de\/wp-content\/uploads\/2022\/09\/IMG_20220711_120433_ergebnis.jpg\"><img loading=\"lazy\" decoding=\"async\" class=\"size-full wp-image-27073 aligncenter\" src=\"https:\/\/olu-limburg.de\/wp-content\/uploads\/2022\/09\/IMG_20220711_120433_ergebnis.jpg\" alt=\"\" width=\"800\" height=\"600\" srcset=\"https:\/\/olu-limburg.de\/wp-content\/uploads\/2022\/09\/IMG_20220711_120433_ergebnis.jpg 800w, https:\/\/olu-limburg.de\/wp-content\/uploads\/2022\/09\/IMG_20220711_120433_ergebnis-300x225.jpg 300w, https:\/\/olu-limburg.de\/wp-content\/uploads\/2022\/09\/IMG_20220711_120433_ergebnis-768x576.jpg 768w, https:\/\/olu-limburg.de\/wp-content\/uploads\/2022\/09\/IMG_20220711_120433_ergebnis-624x468.jpg 624w\" sizes=\"auto, (max-width: 800px) 100vw, 800px\" \/><\/a><\/p>\n<div id=\"attachment_27074\" style=\"width: 810px\" class=\"wp-caption aligncenter\"><a href=\"https:\/\/olu-limburg.de\/wp-content\/uploads\/2022\/09\/IMG_20220711_121506_ergebnis.jpg\"><img loading=\"lazy\" decoding=\"async\" aria-describedby=\"caption-attachment-27074\" class=\"wp-image-27074 size-full\" src=\"https:\/\/olu-limburg.de\/wp-content\/uploads\/2022\/09\/IMG_20220711_121506_ergebnis.jpg\" alt=\"\" width=\"800\" height=\"600\" srcset=\"https:\/\/olu-limburg.de\/wp-content\/uploads\/2022\/09\/IMG_20220711_121506_ergebnis.jpg 800w, https:\/\/olu-limburg.de\/wp-content\/uploads\/2022\/09\/IMG_20220711_121506_ergebnis-300x225.jpg 300w, https:\/\/olu-limburg.de\/wp-content\/uploads\/2022\/09\/IMG_20220711_121506_ergebnis-768x576.jpg 768w, https:\/\/olu-limburg.de\/wp-content\/uploads\/2022\/09\/IMG_20220711_121506_ergebnis-624x468.jpg 624w\" sizes=\"auto, (max-width: 800px) 100vw, 800px\" \/><\/a><p id=\"caption-attachment-27074\" class=\"wp-caption-text\">Die Furchen der Mountainbiker zerschneiden die H\u00e4nge.<\/p><\/div>\n<p>Auf unserem &#8222;Abstieg&#8220; kommen wir am Gasthof &#8222;La Plage des Neiges&#8220; vorbei, und kehren nat\u00fcrlich ein. Die Aussicht und das Essen sind gut, haben aber auch ihren Preis.<\/p>\n<p><a href=\"https:\/\/olu-limburg.de\/wp-content\/uploads\/2022\/09\/IMG_20220711_132742_ergebnis.jpg\"><img loading=\"lazy\" decoding=\"async\" class=\"size-full wp-image-27078 aligncenter\" src=\"https:\/\/olu-limburg.de\/wp-content\/uploads\/2022\/09\/IMG_20220711_132742_ergebnis.jpg\" alt=\"\" width=\"800\" height=\"600\" srcset=\"https:\/\/olu-limburg.de\/wp-content\/uploads\/2022\/09\/IMG_20220711_132742_ergebnis.jpg 800w, https:\/\/olu-limburg.de\/wp-content\/uploads\/2022\/09\/IMG_20220711_132742_ergebnis-300x225.jpg 300w, https:\/\/olu-limburg.de\/wp-content\/uploads\/2022\/09\/IMG_20220711_132742_ergebnis-768x576.jpg 768w, https:\/\/olu-limburg.de\/wp-content\/uploads\/2022\/09\/IMG_20220711_132742_ergebnis-624x468.jpg 624w\" sizes=\"auto, (max-width: 800px) 100vw, 800px\" \/><\/a><\/p>\n<p><a href=\"https:\/\/olu-limburg.de\/wp-content\/uploads\/2022\/09\/IMG_20220711_132557_ergebnis.jpg\"><img loading=\"lazy\" decoding=\"async\" class=\"size-full wp-image-27077 aligncenter\" src=\"https:\/\/olu-limburg.de\/wp-content\/uploads\/2022\/09\/IMG_20220711_132557_ergebnis.jpg\" alt=\"\" width=\"800\" height=\"600\" srcset=\"https:\/\/olu-limburg.de\/wp-content\/uploads\/2022\/09\/IMG_20220711_132557_ergebnis.jpg 800w, https:\/\/olu-limburg.de\/wp-content\/uploads\/2022\/09\/IMG_20220711_132557_ergebnis-300x225.jpg 300w, https:\/\/olu-limburg.de\/wp-content\/uploads\/2022\/09\/IMG_20220711_132557_ergebnis-768x576.jpg 768w, https:\/\/olu-limburg.de\/wp-content\/uploads\/2022\/09\/IMG_20220711_132557_ergebnis-624x468.jpg 624w\" sizes=\"auto, (max-width: 800px) 100vw, 800px\" \/><\/a><\/p>\n<p><a href=\"https:\/\/olu-limburg.de\/wp-content\/uploads\/2022\/09\/IMG_20220711_132413_ergebnis.jpg\"><img loading=\"lazy\" decoding=\"async\" class=\"size-full wp-image-27076 aligncenter\" src=\"https:\/\/olu-limburg.de\/wp-content\/uploads\/2022\/09\/IMG_20220711_132413_ergebnis.jpg\" alt=\"\" width=\"800\" height=\"600\" srcset=\"https:\/\/olu-limburg.de\/wp-content\/uploads\/2022\/09\/IMG_20220711_132413_ergebnis.jpg 800w, https:\/\/olu-limburg.de\/wp-content\/uploads\/2022\/09\/IMG_20220711_132413_ergebnis-300x225.jpg 300w, https:\/\/olu-limburg.de\/wp-content\/uploads\/2022\/09\/IMG_20220711_132413_ergebnis-768x576.jpg 768w, https:\/\/olu-limburg.de\/wp-content\/uploads\/2022\/09\/IMG_20220711_132413_ergebnis-624x468.jpg 624w\" sizes=\"auto, (max-width: 800px) 100vw, 800px\" \/><\/a><\/p>\n<p><a href=\"https:\/\/olu-limburg.de\/wp-content\/uploads\/2022\/09\/IMG_20220711_122652_ergebnis-e1662397107633.jpg\"><img loading=\"lazy\" decoding=\"async\" class=\"size-full wp-image-27075 aligncenter\" src=\"https:\/\/olu-limburg.de\/wp-content\/uploads\/2022\/09\/IMG_20220711_122652_ergebnis-e1662397107633.jpg\" alt=\"\" width=\"450\" height=\"600\" srcset=\"https:\/\/olu-limburg.de\/wp-content\/uploads\/2022\/09\/IMG_20220711_122652_ergebnis-e1662397107633.jpg 450w, https:\/\/olu-limburg.de\/wp-content\/uploads\/2022\/09\/IMG_20220711_122652_ergebnis-e1662397107633-225x300.jpg 225w\" sizes=\"auto, (max-width: 450px) 100vw, 450px\" \/><\/a><\/p>\n<p>Pl\u00f6tzlich rauscht es \u00fcber unseren K\u00f6pfen. Die Paraglider haben direkt neben den Wohnmobilen ihren Landeplatz.<\/p>\n<p><a href=\"https:\/\/olu-limburg.de\/wp-content\/uploads\/2022\/09\/P1100051_ergebnis.jpg\"><img loading=\"lazy\" decoding=\"async\" class=\"wp-image-27094 size-full aligncenter\" src=\"https:\/\/olu-limburg.de\/wp-content\/uploads\/2022\/09\/P1100051_ergebnis.jpg\" alt=\"\" width=\"800\" height=\"600\" srcset=\"https:\/\/olu-limburg.de\/wp-content\/uploads\/2022\/09\/P1100051_ergebnis.jpg 800w, https:\/\/olu-limburg.de\/wp-content\/uploads\/2022\/09\/P1100051_ergebnis-300x225.jpg 300w, https:\/\/olu-limburg.de\/wp-content\/uploads\/2022\/09\/P1100051_ergebnis-768x576.jpg 768w, https:\/\/olu-limburg.de\/wp-content\/uploads\/2022\/09\/P1100051_ergebnis-624x468.jpg 624w\" sizes=\"auto, (max-width: 800px) 100vw, 800px\" \/><\/a><\/p>\n<p><a href=\"https:\/\/olu-limburg.de\/wp-content\/uploads\/2022\/09\/IMG_20220711_133507_ergebnis-e1662472149921.jpg\"><img loading=\"lazy\" decoding=\"async\" class=\"size-full wp-image-27083 alignleft\" src=\"https:\/\/olu-limburg.de\/wp-content\/uploads\/2022\/09\/IMG_20220711_133507_ergebnis-e1662472149921.jpg\" alt=\"\" width=\"450\" height=\"600\" srcset=\"https:\/\/olu-limburg.de\/wp-content\/uploads\/2022\/09\/IMG_20220711_133507_ergebnis-e1662472149921.jpg 450w, https:\/\/olu-limburg.de\/wp-content\/uploads\/2022\/09\/IMG_20220711_133507_ergebnis-e1662472149921-225x300.jpg 225w\" sizes=\"auto, (max-width: 450px) 100vw, 450px\" \/><\/a><\/p>\n<p><a href=\"https:\/\/olu-limburg.de\/wp-content\/uploads\/2022\/09\/IMG_20220711_133555_ergebnis-e1662472170114.jpg\"><img loading=\"lazy\" decoding=\"async\" class=\"size-full wp-image-27084 alignright\" src=\"https:\/\/olu-limburg.de\/wp-content\/uploads\/2022\/09\/IMG_20220711_133555_ergebnis-e1662472170114.jpg\" alt=\"\" width=\"450\" height=\"600\" srcset=\"https:\/\/olu-limburg.de\/wp-content\/uploads\/2022\/09\/IMG_20220711_133555_ergebnis-e1662472170114.jpg 450w, https:\/\/olu-limburg.de\/wp-content\/uploads\/2022\/09\/IMG_20220711_133555_ergebnis-e1662472170114-225x300.jpg 225w\" sizes=\"auto, (max-width: 450px) 100vw, 450px\" \/><\/a><\/p>\n<p><a href=\"https:\/\/olu-limburg.de\/wp-content\/uploads\/2022\/09\/IMG_20220711_133836_ergebnis.jpg\"><img loading=\"lazy\" decoding=\"async\" class=\"size-full wp-image-27085 aligncenter\" src=\"https:\/\/olu-limburg.de\/wp-content\/uploads\/2022\/09\/IMG_20220711_133836_ergebnis.jpg\" alt=\"\" width=\"800\" height=\"600\" srcset=\"https:\/\/olu-limburg.de\/wp-content\/uploads\/2022\/09\/IMG_20220711_133836_ergebnis.jpg 800w, https:\/\/olu-limburg.de\/wp-content\/uploads\/2022\/09\/IMG_20220711_133836_ergebnis-300x225.jpg 300w, https:\/\/olu-limburg.de\/wp-content\/uploads\/2022\/09\/IMG_20220711_133836_ergebnis-768x576.jpg 768w, https:\/\/olu-limburg.de\/wp-content\/uploads\/2022\/09\/IMG_20220711_133836_ergebnis-624x468.jpg 624w\" sizes=\"auto, (max-width: 800px) 100vw, 800px\" \/><\/a><\/p>\n<div id=\"attachment_27086\" style=\"width: 810px\" class=\"wp-caption aligncenter\"><a href=\"https:\/\/olu-limburg.de\/wp-content\/uploads\/2022\/09\/IMG_20220711_134503_ergebnis.jpg\"><img loading=\"lazy\" decoding=\"async\" aria-describedby=\"caption-attachment-27086\" class=\"wp-image-27086 size-full\" src=\"https:\/\/olu-limburg.de\/wp-content\/uploads\/2022\/09\/IMG_20220711_134503_ergebnis.jpg\" alt=\"\" width=\"800\" height=\"600\" srcset=\"https:\/\/olu-limburg.de\/wp-content\/uploads\/2022\/09\/IMG_20220711_134503_ergebnis.jpg 800w, https:\/\/olu-limburg.de\/wp-content\/uploads\/2022\/09\/IMG_20220711_134503_ergebnis-300x225.jpg 300w, https:\/\/olu-limburg.de\/wp-content\/uploads\/2022\/09\/IMG_20220711_134503_ergebnis-768x576.jpg 768w, https:\/\/olu-limburg.de\/wp-content\/uploads\/2022\/09\/IMG_20220711_134503_ergebnis-624x468.jpg 624w\" sizes=\"auto, (max-width: 800px) 100vw, 800px\" \/><\/a><p id=\"caption-attachment-27086\" class=\"wp-caption-text\">Siesta<\/p><\/div>\n<div id=\"attachment_27087\" style=\"width: 810px\" class=\"wp-caption aligncenter\"><a href=\"https:\/\/olu-limburg.de\/wp-content\/uploads\/2022\/09\/IMG_20220711_145036_ergebnis.jpg\"><img loading=\"lazy\" decoding=\"async\" aria-describedby=\"caption-attachment-27087\" class=\"wp-image-27087 size-full\" src=\"https:\/\/olu-limburg.de\/wp-content\/uploads\/2022\/09\/IMG_20220711_145036_ergebnis.jpg\" alt=\"\" width=\"800\" height=\"600\" srcset=\"https:\/\/olu-limburg.de\/wp-content\/uploads\/2022\/09\/IMG_20220711_145036_ergebnis.jpg 800w, https:\/\/olu-limburg.de\/wp-content\/uploads\/2022\/09\/IMG_20220711_145036_ergebnis-300x225.jpg 300w, https:\/\/olu-limburg.de\/wp-content\/uploads\/2022\/09\/IMG_20220711_145036_ergebnis-768x576.jpg 768w, https:\/\/olu-limburg.de\/wp-content\/uploads\/2022\/09\/IMG_20220711_145036_ergebnis-624x468.jpg 624w\" sizes=\"auto, (max-width: 800px) 100vw, 800px\" \/><\/a><p id=\"caption-attachment-27087\" class=\"wp-caption-text\">Der &#8222;Adler&#8220; ist gelandet.<\/p><\/div>\n<p>Am Nachmittag machen wir noch einmal einen Spaziergang durch Alpe d&#8217;Huez und besuchen die Eglise Notre-Dame-des-Neiges.<\/p>\n<p><a href=\"https:\/\/olu-limburg.de\/wp-content\/uploads\/2022\/09\/IMG_20220711_162715_ergebnis.jpg\"><img loading=\"lazy\" decoding=\"async\" class=\"size-full wp-image-27088 aligncenter\" src=\"https:\/\/olu-limburg.de\/wp-content\/uploads\/2022\/09\/IMG_20220711_162715_ergebnis.jpg\" alt=\"\" width=\"800\" height=\"600\" srcset=\"https:\/\/olu-limburg.de\/wp-content\/uploads\/2022\/09\/IMG_20220711_162715_ergebnis.jpg 800w, https:\/\/olu-limburg.de\/wp-content\/uploads\/2022\/09\/IMG_20220711_162715_ergebnis-300x225.jpg 300w, https:\/\/olu-limburg.de\/wp-content\/uploads\/2022\/09\/IMG_20220711_162715_ergebnis-768x576.jpg 768w, https:\/\/olu-limburg.de\/wp-content\/uploads\/2022\/09\/IMG_20220711_162715_ergebnis-624x468.jpg 624w\" sizes=\"auto, (max-width: 800px) 100vw, 800px\" \/><\/a><\/p>\n<p><a href=\"https:\/\/olu-limburg.de\/wp-content\/uploads\/2022\/09\/IMG_20220711_163214_ergebnis.jpg\"><img loading=\"lazy\" decoding=\"async\" class=\"size-full wp-image-27089 aligncenter\" src=\"https:\/\/olu-limburg.de\/wp-content\/uploads\/2022\/09\/IMG_20220711_163214_ergebnis.jpg\" alt=\"\" width=\"800\" height=\"600\" srcset=\"https:\/\/olu-limburg.de\/wp-content\/uploads\/2022\/09\/IMG_20220711_163214_ergebnis.jpg 800w, https:\/\/olu-limburg.de\/wp-content\/uploads\/2022\/09\/IMG_20220711_163214_ergebnis-300x225.jpg 300w, https:\/\/olu-limburg.de\/wp-content\/uploads\/2022\/09\/IMG_20220711_163214_ergebnis-768x576.jpg 768w, https:\/\/olu-limburg.de\/wp-content\/uploads\/2022\/09\/IMG_20220711_163214_ergebnis-624x468.jpg 624w\" sizes=\"auto, (max-width: 800px) 100vw, 800px\" \/><\/a><\/p>\n<p><a href=\"https:\/\/olu-limburg.de\/wp-content\/uploads\/2022\/09\/IMG_20220711_163355_ergebnis-e1662472500972.jpg\"><img loading=\"lazy\" decoding=\"async\" class=\"size-full wp-image-27090 aligncenter\" src=\"https:\/\/olu-limburg.de\/wp-content\/uploads\/2022\/09\/IMG_20220711_163355_ergebnis-e1662472500972.jpg\" alt=\"\" width=\"450\" height=\"600\" srcset=\"https:\/\/olu-limburg.de\/wp-content\/uploads\/2022\/09\/IMG_20220711_163355_ergebnis-e1662472500972.jpg 450w, https:\/\/olu-limburg.de\/wp-content\/uploads\/2022\/09\/IMG_20220711_163355_ergebnis-e1662472500972-225x300.jpg 225w\" sizes=\"auto, (max-width: 450px) 100vw, 450px\" \/><\/a><\/p>\n<p><a href=\"https:\/\/olu-limburg.de\/wp-content\/uploads\/2022\/09\/IMG_20220711_163520_ergebnis.jpg\"><img loading=\"lazy\" decoding=\"async\" class=\"size-full wp-image-27091 aligncenter\" src=\"https:\/\/olu-limburg.de\/wp-content\/uploads\/2022\/09\/IMG_20220711_163520_ergebnis.jpg\" alt=\"\" width=\"800\" height=\"600\" srcset=\"https:\/\/olu-limburg.de\/wp-content\/uploads\/2022\/09\/IMG_20220711_163520_ergebnis.jpg 800w, https:\/\/olu-limburg.de\/wp-content\/uploads\/2022\/09\/IMG_20220711_163520_ergebnis-300x225.jpg 300w, https:\/\/olu-limburg.de\/wp-content\/uploads\/2022\/09\/IMG_20220711_163520_ergebnis-768x576.jpg 768w, https:\/\/olu-limburg.de\/wp-content\/uploads\/2022\/09\/IMG_20220711_163520_ergebnis-624x468.jpg 624w\" sizes=\"auto, (max-width: 800px) 100vw, 800px\" \/><\/a><\/p>\n<p>Tagesstrecke: 0 km<\/p>\n<p>&nbsp;<\/p>\n<p><strong>Dienstag und Mittwoch, 12. und 13.07.2022<\/strong><\/p>\n<p>Nachdem wir die ersten Tage in der herrlichen Umgebung von Alpe d&#8217;Huez so richtig aktiv genossen haben, lassen wir es nun ruhiger angehen. Auf meinem morgendlichem Weg zum B\u00e4cker kommt mir ein Wanderer mit Angelruten im Rucksack entgegen. Hier oben??? Ich schaue zweimal hin. Das Bild bleibt.<\/p>\n<p><a href=\"https:\/\/olu-limburg.de\/wp-content\/uploads\/2022\/09\/IMG_20220712_085511_ergebnis-e1662472836316.jpg\"><img loading=\"lazy\" decoding=\"async\" class=\"size-full wp-image-27092 aligncenter\" src=\"https:\/\/olu-limburg.de\/wp-content\/uploads\/2022\/09\/IMG_20220712_085511_ergebnis-e1662472836316.jpg\" alt=\"\" width=\"450\" height=\"600\" srcset=\"https:\/\/olu-limburg.de\/wp-content\/uploads\/2022\/09\/IMG_20220712_085511_ergebnis-e1662472836316.jpg 450w, https:\/\/olu-limburg.de\/wp-content\/uploads\/2022\/09\/IMG_20220712_085511_ergebnis-e1662472836316-225x300.jpg 225w\" sizes=\"auto, (max-width: 450px) 100vw, 450px\" \/><\/a><\/p>\n<p>Nach dem Einkauf von Baguette, Croissants und einem Pain Chocolat genie\u00dfe ich den Morgen bei einem Petit Caf\u00e9 noir.<\/p>\n<p><a href=\"https:\/\/olu-limburg.de\/wp-content\/uploads\/2022\/09\/IMG_20220712_090535_ergebnis.jpg\"><img loading=\"lazy\" decoding=\"async\" class=\"size-full wp-image-27093 aligncenter\" src=\"https:\/\/olu-limburg.de\/wp-content\/uploads\/2022\/09\/IMG_20220712_090535_ergebnis.jpg\" alt=\"\" width=\"800\" height=\"600\" srcset=\"https:\/\/olu-limburg.de\/wp-content\/uploads\/2022\/09\/IMG_20220712_090535_ergebnis.jpg 800w, https:\/\/olu-limburg.de\/wp-content\/uploads\/2022\/09\/IMG_20220712_090535_ergebnis-300x225.jpg 300w, https:\/\/olu-limburg.de\/wp-content\/uploads\/2022\/09\/IMG_20220712_090535_ergebnis-768x576.jpg 768w, https:\/\/olu-limburg.de\/wp-content\/uploads\/2022\/09\/IMG_20220712_090535_ergebnis-624x468.jpg 624w\" sizes=\"auto, (max-width: 800px) 100vw, 800px\" \/><\/a><\/p>\n<p>Danach ist chillen angesagt. Nachmittags gehen wir zu unserer &#8222;Lieblingsbar&#8220; und schauen uns dort die Alpenetappen der Tour an, da ja unser Fernsehen nicht geht.<\/p>\n<p>Der Mond soll morgen der Erde am n\u00e4chsten sein. Heute ist er aber auch schon gro\u00df.<\/p>\n<p><a href=\"https:\/\/olu-limburg.de\/wp-content\/uploads\/2022\/09\/P1100055_ergebnis.jpg\"><img loading=\"lazy\" decoding=\"async\" class=\"size-full wp-image-27104 aligncenter\" src=\"https:\/\/olu-limburg.de\/wp-content\/uploads\/2022\/09\/P1100055_ergebnis.jpg\" alt=\"\" width=\"800\" height=\"600\" srcset=\"https:\/\/olu-limburg.de\/wp-content\/uploads\/2022\/09\/P1100055_ergebnis.jpg 800w, https:\/\/olu-limburg.de\/wp-content\/uploads\/2022\/09\/P1100055_ergebnis-300x225.jpg 300w, https:\/\/olu-limburg.de\/wp-content\/uploads\/2022\/09\/P1100055_ergebnis-768x576.jpg 768w, https:\/\/olu-limburg.de\/wp-content\/uploads\/2022\/09\/P1100055_ergebnis-624x468.jpg 624w\" sizes=\"auto, (max-width: 800px) 100vw, 800px\" \/><\/a><\/p>\n<p>Daf\u00fcr zeigen sich am n\u00e4chsten Abend die Wolken in ganz besonderen Farben. Der Mond ist nicht zu sehen.<\/p>\n<p><a href=\"https:\/\/olu-limburg.de\/wp-content\/uploads\/2022\/09\/IMG_20220713_210740_ergebnis.jpg\"><img loading=\"lazy\" decoding=\"async\" class=\"size-full wp-image-27098 aligncenter\" src=\"https:\/\/olu-limburg.de\/wp-content\/uploads\/2022\/09\/IMG_20220713_210740_ergebnis.jpg\" alt=\"\" width=\"800\" height=\"600\" srcset=\"https:\/\/olu-limburg.de\/wp-content\/uploads\/2022\/09\/IMG_20220713_210740_ergebnis.jpg 800w, https:\/\/olu-limburg.de\/wp-content\/uploads\/2022\/09\/IMG_20220713_210740_ergebnis-300x225.jpg 300w, https:\/\/olu-limburg.de\/wp-content\/uploads\/2022\/09\/IMG_20220713_210740_ergebnis-768x576.jpg 768w, https:\/\/olu-limburg.de\/wp-content\/uploads\/2022\/09\/IMG_20220713_210740_ergebnis-624x468.jpg 624w\" sizes=\"auto, (max-width: 800px) 100vw, 800px\" \/><\/a><\/p>\n<p>Nach 21.00 Uhr gehen wir noch einmal runter in den Ort. Die ersten Trucks der Tour sind auch schon da.<\/p>\n<p><a href=\"https:\/\/olu-limburg.de\/wp-content\/uploads\/2022\/09\/P1100056_ergebnis.jpg\"><img loading=\"lazy\" decoding=\"async\" class=\"size-full wp-image-27105 aligncenter\" src=\"https:\/\/olu-limburg.de\/wp-content\/uploads\/2022\/09\/P1100056_ergebnis.jpg\" alt=\"\" width=\"800\" height=\"600\" srcset=\"https:\/\/olu-limburg.de\/wp-content\/uploads\/2022\/09\/P1100056_ergebnis.jpg 800w, https:\/\/olu-limburg.de\/wp-content\/uploads\/2022\/09\/P1100056_ergebnis-300x225.jpg 300w, https:\/\/olu-limburg.de\/wp-content\/uploads\/2022\/09\/P1100056_ergebnis-768x576.jpg 768w, https:\/\/olu-limburg.de\/wp-content\/uploads\/2022\/09\/P1100056_ergebnis-624x468.jpg 624w\" sizes=\"auto, (max-width: 800px) 100vw, 800px\" \/><\/a><\/p>\n<p>Wie schon am La Planche des Belles Filles beschrieben, gilt in Frankreich &#8222;unser&#8220; Jan Ullrich als herausragender Radprofi. Auch hier in Alpe d&#8217;Huez wird er in 2001 und 2004 nach der Streichung von Lance Armstrong als neuer Etappensieger gef\u00fchrt.<\/p>\n<p><a href=\"https:\/\/olu-limburg.de\/wp-content\/uploads\/2022\/09\/P1100059_ergebnis.jpg\"><img loading=\"lazy\" decoding=\"async\" class=\"size-full wp-image-27106 aligncenter\" src=\"https:\/\/olu-limburg.de\/wp-content\/uploads\/2022\/09\/P1100059_ergebnis.jpg\" alt=\"\" width=\"800\" height=\"600\" srcset=\"https:\/\/olu-limburg.de\/wp-content\/uploads\/2022\/09\/P1100059_ergebnis.jpg 800w, https:\/\/olu-limburg.de\/wp-content\/uploads\/2022\/09\/P1100059_ergebnis-300x225.jpg 300w, https:\/\/olu-limburg.de\/wp-content\/uploads\/2022\/09\/P1100059_ergebnis-768x576.jpg 768w, https:\/\/olu-limburg.de\/wp-content\/uploads\/2022\/09\/P1100059_ergebnis-624x468.jpg 624w\" sizes=\"auto, (max-width: 800px) 100vw, 800px\" \/><\/a><\/p>\n<p>Weit \u00fcber 100 Wohnmobile auf dem unteren Stellplatz mussten auf einen weiter entfernten Platz umziehen, weil die Tourorganisatoren die Wiese ben\u00f6tigen.<\/p>\n<p><a href=\"https:\/\/olu-limburg.de\/wp-content\/uploads\/2022\/09\/P1100060_ergebnis.jpg\"><img loading=\"lazy\" decoding=\"async\" class=\"size-full wp-image-27107 aligncenter\" src=\"https:\/\/olu-limburg.de\/wp-content\/uploads\/2022\/09\/P1100060_ergebnis.jpg\" alt=\"\" width=\"800\" height=\"600\" srcset=\"https:\/\/olu-limburg.de\/wp-content\/uploads\/2022\/09\/P1100060_ergebnis.jpg 800w, https:\/\/olu-limburg.de\/wp-content\/uploads\/2022\/09\/P1100060_ergebnis-300x225.jpg 300w, https:\/\/olu-limburg.de\/wp-content\/uploads\/2022\/09\/P1100060_ergebnis-768x576.jpg 768w, https:\/\/olu-limburg.de\/wp-content\/uploads\/2022\/09\/P1100060_ergebnis-624x468.jpg 624w\" sizes=\"auto, (max-width: 800px) 100vw, 800px\" \/><\/a><\/p>\n<p>Am Vorabend des Nationalfeiertages werden mit einer Live-Band und Feuerwerk die Festivit\u00e4ten landesweit begonnen.<\/p>\n<p><a href=\"https:\/\/olu-limburg.de\/wp-content\/uploads\/2022\/09\/IMG_20220713_212940_ergebnis.jpg\"><img loading=\"lazy\" decoding=\"async\" class=\"size-full wp-image-27099 aligncenter\" src=\"https:\/\/olu-limburg.de\/wp-content\/uploads\/2022\/09\/IMG_20220713_212940_ergebnis.jpg\" alt=\"\" width=\"800\" height=\"600\" srcset=\"https:\/\/olu-limburg.de\/wp-content\/uploads\/2022\/09\/IMG_20220713_212940_ergebnis.jpg 800w, https:\/\/olu-limburg.de\/wp-content\/uploads\/2022\/09\/IMG_20220713_212940_ergebnis-300x225.jpg 300w, https:\/\/olu-limburg.de\/wp-content\/uploads\/2022\/09\/IMG_20220713_212940_ergebnis-768x576.jpg 768w, https:\/\/olu-limburg.de\/wp-content\/uploads\/2022\/09\/IMG_20220713_212940_ergebnis-624x468.jpg 624w\" sizes=\"auto, (max-width: 800px) 100vw, 800px\" \/><\/a><\/p>\n<p><a href=\"https:\/\/olu-limburg.de\/wp-content\/uploads\/2022\/09\/IMG_20220713_214739_ergebnis.jpg\"><img loading=\"lazy\" decoding=\"async\" class=\"size-full wp-image-27100 aligncenter\" src=\"https:\/\/olu-limburg.de\/wp-content\/uploads\/2022\/09\/IMG_20220713_214739_ergebnis.jpg\" alt=\"\" width=\"800\" height=\"600\" srcset=\"https:\/\/olu-limburg.de\/wp-content\/uploads\/2022\/09\/IMG_20220713_214739_ergebnis.jpg 800w, https:\/\/olu-limburg.de\/wp-content\/uploads\/2022\/09\/IMG_20220713_214739_ergebnis-300x225.jpg 300w, https:\/\/olu-limburg.de\/wp-content\/uploads\/2022\/09\/IMG_20220713_214739_ergebnis-768x576.jpg 768w, https:\/\/olu-limburg.de\/wp-content\/uploads\/2022\/09\/IMG_20220713_214739_ergebnis-624x468.jpg 624w\" sizes=\"auto, (max-width: 800px) 100vw, 800px\" \/><\/a><\/p>\n<p><a href=\"https:\/\/olu-limburg.de\/wp-content\/uploads\/2022\/09\/P1100064_ergebnis.jpg\"><img loading=\"lazy\" decoding=\"async\" class=\"size-full wp-image-27108 aligncenter\" src=\"https:\/\/olu-limburg.de\/wp-content\/uploads\/2022\/09\/P1100064_ergebnis.jpg\" alt=\"\" width=\"800\" height=\"600\" srcset=\"https:\/\/olu-limburg.de\/wp-content\/uploads\/2022\/09\/P1100064_ergebnis.jpg 800w, https:\/\/olu-limburg.de\/wp-content\/uploads\/2022\/09\/P1100064_ergebnis-300x225.jpg 300w, https:\/\/olu-limburg.de\/wp-content\/uploads\/2022\/09\/P1100064_ergebnis-768x576.jpg 768w, https:\/\/olu-limburg.de\/wp-content\/uploads\/2022\/09\/P1100064_ergebnis-624x468.jpg 624w\" sizes=\"auto, (max-width: 800px) 100vw, 800px\" \/><\/a><\/p>\n<p><a href=\"https:\/\/olu-limburg.de\/wp-content\/uploads\/2022\/09\/P1100067_ergebnis-e1662474909661.jpg\"><img loading=\"lazy\" decoding=\"async\" class=\"size-full wp-image-27109 aligncenter\" src=\"https:\/\/olu-limburg.de\/wp-content\/uploads\/2022\/09\/P1100067_ergebnis-e1662474909661.jpg\" alt=\"\" width=\"450\" height=\"600\" srcset=\"https:\/\/olu-limburg.de\/wp-content\/uploads\/2022\/09\/P1100067_ergebnis-e1662474909661.jpg 450w, https:\/\/olu-limburg.de\/wp-content\/uploads\/2022\/09\/P1100067_ergebnis-e1662474909661-225x300.jpg 225w\" sizes=\"auto, (max-width: 450px) 100vw, 450px\" \/><\/a><\/p>\n<p><a href=\"https:\/\/olu-limburg.de\/wp-content\/uploads\/2022\/09\/P1100069_ergebnis.jpg\"><img loading=\"lazy\" decoding=\"async\" class=\"size-full wp-image-27110 aligncenter\" src=\"https:\/\/olu-limburg.de\/wp-content\/uploads\/2022\/09\/P1100069_ergebnis.jpg\" alt=\"\" width=\"800\" height=\"600\" srcset=\"https:\/\/olu-limburg.de\/wp-content\/uploads\/2022\/09\/P1100069_ergebnis.jpg 800w, https:\/\/olu-limburg.de\/wp-content\/uploads\/2022\/09\/P1100069_ergebnis-300x225.jpg 300w, https:\/\/olu-limburg.de\/wp-content\/uploads\/2022\/09\/P1100069_ergebnis-768x576.jpg 768w, https:\/\/olu-limburg.de\/wp-content\/uploads\/2022\/09\/P1100069_ergebnis-624x468.jpg 624w\" sizes=\"auto, (max-width: 800px) 100vw, 800px\" \/><\/a><\/p>\n<p>Kurz vor 23.00 Uhr f\u00e4hrt ein Konvoi mit weiteren Tour-Trucks laut hupend durch Alpe d&#8217;Huez. Ich glaube, die Fahrer sind alle sehr froh, dass sie bei Dunkelheit die 14 km lange Strecke enger Serpentinen mit ihren langen Trucks \u00fcberstanden haben.<\/p>\n<p><a href=\"https:\/\/olu-limburg.de\/wp-content\/uploads\/2022\/09\/IMG_20220713_224930_ergebnis.jpg\"><img loading=\"lazy\" decoding=\"async\" class=\"size-full wp-image-27101 aligncenter\" src=\"https:\/\/olu-limburg.de\/wp-content\/uploads\/2022\/09\/IMG_20220713_224930_ergebnis.jpg\" alt=\"\" width=\"800\" height=\"600\" srcset=\"https:\/\/olu-limburg.de\/wp-content\/uploads\/2022\/09\/IMG_20220713_224930_ergebnis.jpg 800w, https:\/\/olu-limburg.de\/wp-content\/uploads\/2022\/09\/IMG_20220713_224930_ergebnis-300x225.jpg 300w, https:\/\/olu-limburg.de\/wp-content\/uploads\/2022\/09\/IMG_20220713_224930_ergebnis-768x576.jpg 768w, https:\/\/olu-limburg.de\/wp-content\/uploads\/2022\/09\/IMG_20220713_224930_ergebnis-624x468.jpg 624w\" sizes=\"auto, (max-width: 800px) 100vw, 800px\" \/><\/a><\/p>\n<p><a href=\"https:\/\/olu-limburg.de\/wp-content\/uploads\/2022\/09\/IMG_20220713_225117_ergebnis.jpg\"><img loading=\"lazy\" decoding=\"async\" class=\"size-full wp-image-27103 aligncenter\" src=\"https:\/\/olu-limburg.de\/wp-content\/uploads\/2022\/09\/IMG_20220713_225117_ergebnis.jpg\" alt=\"\" width=\"800\" height=\"600\" srcset=\"https:\/\/olu-limburg.de\/wp-content\/uploads\/2022\/09\/IMG_20220713_225117_ergebnis.jpg 800w, https:\/\/olu-limburg.de\/wp-content\/uploads\/2022\/09\/IMG_20220713_225117_ergebnis-300x225.jpg 300w, https:\/\/olu-limburg.de\/wp-content\/uploads\/2022\/09\/IMG_20220713_225117_ergebnis-768x576.jpg 768w, https:\/\/olu-limburg.de\/wp-content\/uploads\/2022\/09\/IMG_20220713_225117_ergebnis-624x468.jpg 624w\" sizes=\"auto, (max-width: 800px) 100vw, 800px\" \/><\/a><\/p>\n<p>Tagesstrecke: 0 km<\/p>\n<p>&nbsp;<\/p>\n<p><strong>Donnesrtag, 14.07.2022<\/strong><\/p>\n<p>Von weitem sieht man schon das &#8222;Gelbe Trikot&#8220; am Hang leuchten. Heute steht alles im Zeichen der &#8222;Tour de France&#8220;.<\/p>\n<p><a href=\"https:\/\/olu-limburg.de\/wp-content\/uploads\/2022\/09\/IMG_20220714_080950_ergebnis.jpg\"><img loading=\"lazy\" decoding=\"async\" class=\"size-full wp-image-27113 aligncenter\" src=\"https:\/\/olu-limburg.de\/wp-content\/uploads\/2022\/09\/IMG_20220714_080950_ergebnis.jpg\" alt=\"\" width=\"800\" height=\"600\" srcset=\"https:\/\/olu-limburg.de\/wp-content\/uploads\/2022\/09\/IMG_20220714_080950_ergebnis.jpg 800w, https:\/\/olu-limburg.de\/wp-content\/uploads\/2022\/09\/IMG_20220714_080950_ergebnis-300x225.jpg 300w, https:\/\/olu-limburg.de\/wp-content\/uploads\/2022\/09\/IMG_20220714_080950_ergebnis-768x576.jpg 768w, https:\/\/olu-limburg.de\/wp-content\/uploads\/2022\/09\/IMG_20220714_080950_ergebnis-624x468.jpg 624w\" sizes=\"auto, (max-width: 800px) 100vw, 800px\" \/><\/a><\/p>\n<p>Alle Bars und Restaurants sind mit Werbematerial ausgestaffiert.<\/p>\n<p><a href=\"https:\/\/olu-limburg.de\/wp-content\/uploads\/2022\/09\/IMG_20220714_081230_ergebnis.jpg\"><img loading=\"lazy\" decoding=\"async\" class=\"size-full wp-image-27114 aligncenter\" src=\"https:\/\/olu-limburg.de\/wp-content\/uploads\/2022\/09\/IMG_20220714_081230_ergebnis.jpg\" alt=\"\" width=\"800\" height=\"600\" srcset=\"https:\/\/olu-limburg.de\/wp-content\/uploads\/2022\/09\/IMG_20220714_081230_ergebnis.jpg 800w, https:\/\/olu-limburg.de\/wp-content\/uploads\/2022\/09\/IMG_20220714_081230_ergebnis-300x225.jpg 300w, https:\/\/olu-limburg.de\/wp-content\/uploads\/2022\/09\/IMG_20220714_081230_ergebnis-768x576.jpg 768w, https:\/\/olu-limburg.de\/wp-content\/uploads\/2022\/09\/IMG_20220714_081230_ergebnis-624x468.jpg 624w\" sizes=\"auto, (max-width: 800px) 100vw, 800px\" \/><\/a><\/p>\n<p>\u00dcber Nacht entstand eine eigene Kolonie f\u00fcr die Arbeiter der Tour.<\/p>\n<p><a href=\"https:\/\/olu-limburg.de\/wp-content\/uploads\/2022\/09\/IMG_20220714_081451_ergebnis.jpg\"><img loading=\"lazy\" decoding=\"async\" class=\"size-full wp-image-27116 aligncenter\" src=\"https:\/\/olu-limburg.de\/wp-content\/uploads\/2022\/09\/IMG_20220714_081451_ergebnis.jpg\" alt=\"\" width=\"800\" height=\"600\" srcset=\"https:\/\/olu-limburg.de\/wp-content\/uploads\/2022\/09\/IMG_20220714_081451_ergebnis.jpg 800w, https:\/\/olu-limburg.de\/wp-content\/uploads\/2022\/09\/IMG_20220714_081451_ergebnis-300x225.jpg 300w, https:\/\/olu-limburg.de\/wp-content\/uploads\/2022\/09\/IMG_20220714_081451_ergebnis-768x576.jpg 768w, https:\/\/olu-limburg.de\/wp-content\/uploads\/2022\/09\/IMG_20220714_081451_ergebnis-624x468.jpg 624w\" sizes=\"auto, (max-width: 800px) 100vw, 800px\" \/><\/a><\/p>\n<p><a href=\"https:\/\/olu-limburg.de\/wp-content\/uploads\/2022\/09\/IMG_20220714_082252_ergebnis.jpg\"><img loading=\"lazy\" decoding=\"async\" class=\"size-full wp-image-27117 aligncenter\" src=\"https:\/\/olu-limburg.de\/wp-content\/uploads\/2022\/09\/IMG_20220714_082252_ergebnis.jpg\" alt=\"\" width=\"800\" height=\"600\" srcset=\"https:\/\/olu-limburg.de\/wp-content\/uploads\/2022\/09\/IMG_20220714_082252_ergebnis.jpg 800w, https:\/\/olu-limburg.de\/wp-content\/uploads\/2022\/09\/IMG_20220714_082252_ergebnis-300x225.jpg 300w, https:\/\/olu-limburg.de\/wp-content\/uploads\/2022\/09\/IMG_20220714_082252_ergebnis-768x576.jpg 768w, https:\/\/olu-limburg.de\/wp-content\/uploads\/2022\/09\/IMG_20220714_082252_ergebnis-624x468.jpg 624w\" sizes=\"auto, (max-width: 800px) 100vw, 800px\" \/><\/a><\/p>\n<p>\u00dcberall wird unter Zeitdruck aufgebaut. Jeder Handgriff mu\u00df sitzen.<\/p>\n<p><a href=\"https:\/\/olu-limburg.de\/wp-content\/uploads\/2022\/09\/IMG_20220714_081418_ergebnis.jpg\"><img loading=\"lazy\" decoding=\"async\" class=\"size-full wp-image-27115 aligncenter\" src=\"https:\/\/olu-limburg.de\/wp-content\/uploads\/2022\/09\/IMG_20220714_081418_ergebnis.jpg\" alt=\"\" width=\"800\" height=\"600\" srcset=\"https:\/\/olu-limburg.de\/wp-content\/uploads\/2022\/09\/IMG_20220714_081418_ergebnis.jpg 800w, https:\/\/olu-limburg.de\/wp-content\/uploads\/2022\/09\/IMG_20220714_081418_ergebnis-300x225.jpg 300w, https:\/\/olu-limburg.de\/wp-content\/uploads\/2022\/09\/IMG_20220714_081418_ergebnis-768x576.jpg 768w, https:\/\/olu-limburg.de\/wp-content\/uploads\/2022\/09\/IMG_20220714_081418_ergebnis-624x468.jpg 624w\" sizes=\"auto, (max-width: 800px) 100vw, 800px\" \/><\/a><\/p>\n<p><a href=\"https:\/\/olu-limburg.de\/wp-content\/uploads\/2022\/09\/IMG_20220714_082319_ergebnis.jpg\"><img loading=\"lazy\" decoding=\"async\" class=\"size-full wp-image-27118 aligncenter\" src=\"https:\/\/olu-limburg.de\/wp-content\/uploads\/2022\/09\/IMG_20220714_082319_ergebnis.jpg\" alt=\"\" width=\"800\" height=\"600\" srcset=\"https:\/\/olu-limburg.de\/wp-content\/uploads\/2022\/09\/IMG_20220714_082319_ergebnis.jpg 800w, https:\/\/olu-limburg.de\/wp-content\/uploads\/2022\/09\/IMG_20220714_082319_ergebnis-300x225.jpg 300w, https:\/\/olu-limburg.de\/wp-content\/uploads\/2022\/09\/IMG_20220714_082319_ergebnis-768x576.jpg 768w, https:\/\/olu-limburg.de\/wp-content\/uploads\/2022\/09\/IMG_20220714_082319_ergebnis-624x468.jpg 624w\" sizes=\"auto, (max-width: 800px) 100vw, 800px\" \/><\/a><\/p>\n<p><a href=\"https:\/\/olu-limburg.de\/wp-content\/uploads\/2022\/09\/IMG_20220714_082347_ergebnis.jpg\"><img loading=\"lazy\" decoding=\"async\" class=\"size-full wp-image-27119 aligncenter\" src=\"https:\/\/olu-limburg.de\/wp-content\/uploads\/2022\/09\/IMG_20220714_082347_ergebnis.jpg\" alt=\"\" width=\"800\" height=\"600\" srcset=\"https:\/\/olu-limburg.de\/wp-content\/uploads\/2022\/09\/IMG_20220714_082347_ergebnis.jpg 800w, https:\/\/olu-limburg.de\/wp-content\/uploads\/2022\/09\/IMG_20220714_082347_ergebnis-300x225.jpg 300w, https:\/\/olu-limburg.de\/wp-content\/uploads\/2022\/09\/IMG_20220714_082347_ergebnis-768x576.jpg 768w, https:\/\/olu-limburg.de\/wp-content\/uploads\/2022\/09\/IMG_20220714_082347_ergebnis-624x468.jpg 624w\" sizes=\"auto, (max-width: 800px) 100vw, 800px\" \/><\/a><\/p>\n<p><a href=\"https:\/\/olu-limburg.de\/wp-content\/uploads\/2022\/09\/IMG_20220714_095354_ergebnis.jpg\"><img loading=\"lazy\" decoding=\"async\" class=\"size-full wp-image-27120 aligncenter\" src=\"https:\/\/olu-limburg.de\/wp-content\/uploads\/2022\/09\/IMG_20220714_095354_ergebnis.jpg\" alt=\"\" width=\"800\" height=\"600\" srcset=\"https:\/\/olu-limburg.de\/wp-content\/uploads\/2022\/09\/IMG_20220714_095354_ergebnis.jpg 800w, https:\/\/olu-limburg.de\/wp-content\/uploads\/2022\/09\/IMG_20220714_095354_ergebnis-300x225.jpg 300w, https:\/\/olu-limburg.de\/wp-content\/uploads\/2022\/09\/IMG_20220714_095354_ergebnis-768x576.jpg 768w, https:\/\/olu-limburg.de\/wp-content\/uploads\/2022\/09\/IMG_20220714_095354_ergebnis-624x468.jpg 624w\" sizes=\"auto, (max-width: 800px) 100vw, 800px\" \/><\/a><\/p>\n<p>Und um 10.00 Uhr haben wir, gut mit St\u00fchlen, Sonnenschirmen, Essen und Getr\u00e4nken ausger\u00fcstet, unseren erh\u00f6hten Platz im Zielbereich &#8222;bezogen&#8220;.<\/p>\n<p><a href=\"https:\/\/olu-limburg.de\/wp-content\/uploads\/2022\/09\/IMG_20220714_100929_ergebnis.jpg\"><img loading=\"lazy\" decoding=\"async\" class=\"size-full wp-image-27121 aligncenter\" src=\"https:\/\/olu-limburg.de\/wp-content\/uploads\/2022\/09\/IMG_20220714_100929_ergebnis.jpg\" alt=\"\" width=\"800\" height=\"600\" srcset=\"https:\/\/olu-limburg.de\/wp-content\/uploads\/2022\/09\/IMG_20220714_100929_ergebnis.jpg 800w, https:\/\/olu-limburg.de\/wp-content\/uploads\/2022\/09\/IMG_20220714_100929_ergebnis-300x225.jpg 300w, https:\/\/olu-limburg.de\/wp-content\/uploads\/2022\/09\/IMG_20220714_100929_ergebnis-768x576.jpg 768w, https:\/\/olu-limburg.de\/wp-content\/uploads\/2022\/09\/IMG_20220714_100929_ergebnis-624x468.jpg 624w\" sizes=\"auto, (max-width: 800px) 100vw, 800px\" \/><\/a><\/p>\n<p>Es wird ein langer Tag in der Sonne. Wir rutschen noch etwas weiter nach links in das kleine Dreieck hinein. Die Aussicht muss immer wieder &#8222;verteidigt&#8220; werden.<\/p>\n<p>Eine Spezialeinheit der Gendamerie kontrolliert die M\u00fclleimer mit Sp\u00fcrhunden. Anschliessend m\u00fcssen alle Klappdeckel zugeschraubt werden.<\/p>\n<p><a href=\"https:\/\/olu-limburg.de\/wp-content\/uploads\/2022\/09\/IMG_20220714_103136_ergebnis-e1662477933587.jpg\"><img loading=\"lazy\" decoding=\"async\" class=\"size-full wp-image-27123 aligncenter\" src=\"https:\/\/olu-limburg.de\/wp-content\/uploads\/2022\/09\/IMG_20220714_103136_ergebnis-e1662477933587.jpg\" alt=\"\" width=\"450\" height=\"600\" srcset=\"https:\/\/olu-limburg.de\/wp-content\/uploads\/2022\/09\/IMG_20220714_103136_ergebnis-e1662477933587.jpg 450w, https:\/\/olu-limburg.de\/wp-content\/uploads\/2022\/09\/IMG_20220714_103136_ergebnis-e1662477933587-225x300.jpg 225w\" sizes=\"auto, (max-width: 450px) 100vw, 450px\" \/><\/a><\/p>\n<p><a href=\"https:\/\/olu-limburg.de\/wp-content\/uploads\/2022\/09\/IMG_20220714_104239_ergebnis-e1662478043429.jpg\"><img loading=\"lazy\" decoding=\"async\" class=\"wp-image-27124 size-full aligncenter\" src=\"https:\/\/olu-limburg.de\/wp-content\/uploads\/2022\/09\/IMG_20220714_104239_ergebnis-e1662478043429.jpg\" alt=\"\" width=\"450\" height=\"600\" srcset=\"https:\/\/olu-limburg.de\/wp-content\/uploads\/2022\/09\/IMG_20220714_104239_ergebnis-e1662478043429.jpg 450w, https:\/\/olu-limburg.de\/wp-content\/uploads\/2022\/09\/IMG_20220714_104239_ergebnis-e1662478043429-225x300.jpg 225w\" sizes=\"auto, (max-width: 450px) 100vw, 450px\" \/><\/a><\/p>\n<p><a href=\"https:\/\/olu-limburg.de\/wp-content\/uploads\/2022\/09\/IMG_20220714_112515_ergebnis-e1662478060460.jpg\"><img loading=\"lazy\" decoding=\"async\" class=\"wp-image-27125 size-full aligncenter\" src=\"https:\/\/olu-limburg.de\/wp-content\/uploads\/2022\/09\/IMG_20220714_112515_ergebnis-e1662478060460.jpg\" alt=\"\" width=\"450\" height=\"600\" srcset=\"https:\/\/olu-limburg.de\/wp-content\/uploads\/2022\/09\/IMG_20220714_112515_ergebnis-e1662478060460.jpg 450w, https:\/\/olu-limburg.de\/wp-content\/uploads\/2022\/09\/IMG_20220714_112515_ergebnis-e1662478060460-225x300.jpg 225w\" sizes=\"auto, (max-width: 450px) 100vw, 450px\" \/><\/a><\/p>\n<p>Die Technik steht.<\/p>\n<p><a href=\"https:\/\/olu-limburg.de\/wp-content\/uploads\/2022\/09\/IMG_20220714_120351_ergebnis.jpg\"><img loading=\"lazy\" decoding=\"async\" class=\"size-full wp-image-27126 aligncenter\" src=\"https:\/\/olu-limburg.de\/wp-content\/uploads\/2022\/09\/IMG_20220714_120351_ergebnis.jpg\" alt=\"\" width=\"800\" height=\"600\" srcset=\"https:\/\/olu-limburg.de\/wp-content\/uploads\/2022\/09\/IMG_20220714_120351_ergebnis.jpg 800w, https:\/\/olu-limburg.de\/wp-content\/uploads\/2022\/09\/IMG_20220714_120351_ergebnis-300x225.jpg 300w, https:\/\/olu-limburg.de\/wp-content\/uploads\/2022\/09\/IMG_20220714_120351_ergebnis-768x576.jpg 768w, https:\/\/olu-limburg.de\/wp-content\/uploads\/2022\/09\/IMG_20220714_120351_ergebnis-624x468.jpg 624w\" sizes=\"auto, (max-width: 800px) 100vw, 800px\" \/><\/a><\/p>\n<p>Um 16.30 kommt die Werbekolonne, &#8230;<\/p>\n<p><a href=\"https:\/\/olu-limburg.de\/wp-content\/uploads\/2022\/09\/P1100071_ergebnis.jpg\"><img loading=\"lazy\" decoding=\"async\" class=\"size-full wp-image-27136 aligncenter\" src=\"https:\/\/olu-limburg.de\/wp-content\/uploads\/2022\/09\/P1100071_ergebnis.jpg\" alt=\"\" width=\"800\" height=\"600\" srcset=\"https:\/\/olu-limburg.de\/wp-content\/uploads\/2022\/09\/P1100071_ergebnis.jpg 800w, https:\/\/olu-limburg.de\/wp-content\/uploads\/2022\/09\/P1100071_ergebnis-300x225.jpg 300w, https:\/\/olu-limburg.de\/wp-content\/uploads\/2022\/09\/P1100071_ergebnis-768x576.jpg 768w, https:\/\/olu-limburg.de\/wp-content\/uploads\/2022\/09\/P1100071_ergebnis-624x468.jpg 624w\" sizes=\"auto, (max-width: 800px) 100vw, 800px\" \/><\/a><\/p>\n<p><a href=\"https:\/\/olu-limburg.de\/wp-content\/uploads\/2022\/09\/P1100075_ergebnis.jpg\"><img loading=\"lazy\" decoding=\"async\" class=\"size-full wp-image-27137 aligncenter\" src=\"https:\/\/olu-limburg.de\/wp-content\/uploads\/2022\/09\/P1100075_ergebnis.jpg\" alt=\"\" width=\"800\" height=\"600\" srcset=\"https:\/\/olu-limburg.de\/wp-content\/uploads\/2022\/09\/P1100075_ergebnis.jpg 800w, https:\/\/olu-limburg.de\/wp-content\/uploads\/2022\/09\/P1100075_ergebnis-300x225.jpg 300w, https:\/\/olu-limburg.de\/wp-content\/uploads\/2022\/09\/P1100075_ergebnis-768x576.jpg 768w, https:\/\/olu-limburg.de\/wp-content\/uploads\/2022\/09\/P1100075_ergebnis-624x468.jpg 624w\" sizes=\"auto, (max-width: 800px) 100vw, 800px\" \/><\/a><\/p>\n<p>&#8230;, und um 18.13 Uhr f\u00e4hrt der Erste, der mittlerweile in viele Fahrer und Duos aufgel\u00f6sten Ausrei\u00dfergruppe, bei uns vorbei.<\/p>\n<div id=\"attachment_27127\" style=\"width: 810px\" class=\"wp-caption aligncenter\"><a href=\"https:\/\/olu-limburg.de\/wp-content\/uploads\/2022\/09\/IMG_20220714_181321_ergebnis.jpg\"><img loading=\"lazy\" decoding=\"async\" aria-describedby=\"caption-attachment-27127\" class=\"wp-image-27127 size-full\" src=\"https:\/\/olu-limburg.de\/wp-content\/uploads\/2022\/09\/IMG_20220714_181321_ergebnis.jpg\" alt=\"\" width=\"800\" height=\"600\" srcset=\"https:\/\/olu-limburg.de\/wp-content\/uploads\/2022\/09\/IMG_20220714_181321_ergebnis.jpg 800w, https:\/\/olu-limburg.de\/wp-content\/uploads\/2022\/09\/IMG_20220714_181321_ergebnis-300x225.jpg 300w, https:\/\/olu-limburg.de\/wp-content\/uploads\/2022\/09\/IMG_20220714_181321_ergebnis-768x576.jpg 768w, https:\/\/olu-limburg.de\/wp-content\/uploads\/2022\/09\/IMG_20220714_181321_ergebnis-624x468.jpg 624w\" sizes=\"auto, (max-width: 800px) 100vw, 800px\" \/><\/a><p id=\"caption-attachment-27127\" class=\"wp-caption-text\">1. Thomas Pidcock (INEOS)<\/p><\/div>\n<div id=\"attachment_27128\" style=\"width: 810px\" class=\"wp-caption aligncenter\"><a href=\"https:\/\/olu-limburg.de\/wp-content\/uploads\/2022\/09\/IMG_20220714_181409_ergebnis.jpg\"><img loading=\"lazy\" decoding=\"async\" aria-describedby=\"caption-attachment-27128\" class=\"wp-image-27128 size-full\" src=\"https:\/\/olu-limburg.de\/wp-content\/uploads\/2022\/09\/IMG_20220714_181409_ergebnis.jpg\" alt=\"\" width=\"800\" height=\"600\" srcset=\"https:\/\/olu-limburg.de\/wp-content\/uploads\/2022\/09\/IMG_20220714_181409_ergebnis.jpg 800w, https:\/\/olu-limburg.de\/wp-content\/uploads\/2022\/09\/IMG_20220714_181409_ergebnis-300x225.jpg 300w, https:\/\/olu-limburg.de\/wp-content\/uploads\/2022\/09\/IMG_20220714_181409_ergebnis-768x576.jpg 768w, https:\/\/olu-limburg.de\/wp-content\/uploads\/2022\/09\/IMG_20220714_181409_ergebnis-624x468.jpg 624w\" sizes=\"auto, (max-width: 800px) 100vw, 800px\" \/><\/a><p id=\"caption-attachment-27128\" class=\"wp-caption-text\">2. Louis Meintjes (IWG)<\/p><\/div>\n<div id=\"attachment_27129\" style=\"width: 810px\" class=\"wp-caption aligncenter\"><a href=\"https:\/\/olu-limburg.de\/wp-content\/uploads\/2022\/09\/IMG_20220714_181526_ergebnis.jpg\"><img loading=\"lazy\" decoding=\"async\" aria-describedby=\"caption-attachment-27129\" class=\"wp-image-27129 size-full\" src=\"https:\/\/olu-limburg.de\/wp-content\/uploads\/2022\/09\/IMG_20220714_181526_ergebnis.jpg\" alt=\"\" width=\"800\" height=\"600\" srcset=\"https:\/\/olu-limburg.de\/wp-content\/uploads\/2022\/09\/IMG_20220714_181526_ergebnis.jpg 800w, https:\/\/olu-limburg.de\/wp-content\/uploads\/2022\/09\/IMG_20220714_181526_ergebnis-300x225.jpg 300w, https:\/\/olu-limburg.de\/wp-content\/uploads\/2022\/09\/IMG_20220714_181526_ergebnis-768x576.jpg 768w, https:\/\/olu-limburg.de\/wp-content\/uploads\/2022\/09\/IMG_20220714_181526_ergebnis-624x468.jpg 624w\" sizes=\"auto, (max-width: 800px) 100vw, 800px\" \/><\/a><p id=\"caption-attachment-27129\" class=\"wp-caption-text\">3. Chris Froome (IPT) Das passiert wahrscheinlich auch nicht mehr so oft.<\/p><\/div>\n<div id=\"attachment_27130\" style=\"width: 810px\" class=\"wp-caption aligncenter\"><a href=\"https:\/\/olu-limburg.de\/wp-content\/uploads\/2022\/09\/IMG_20220714_181648_ergebnis.jpg\"><img loading=\"lazy\" decoding=\"async\" aria-describedby=\"caption-attachment-27130\" class=\"wp-image-27130 size-full\" src=\"https:\/\/olu-limburg.de\/wp-content\/uploads\/2022\/09\/IMG_20220714_181648_ergebnis.jpg\" alt=\"\" width=\"800\" height=\"600\" srcset=\"https:\/\/olu-limburg.de\/wp-content\/uploads\/2022\/09\/IMG_20220714_181648_ergebnis.jpg 800w, https:\/\/olu-limburg.de\/wp-content\/uploads\/2022\/09\/IMG_20220714_181648_ergebnis-300x225.jpg 300w, https:\/\/olu-limburg.de\/wp-content\/uploads\/2022\/09\/IMG_20220714_181648_ergebnis-768x576.jpg 768w, https:\/\/olu-limburg.de\/wp-content\/uploads\/2022\/09\/IMG_20220714_181648_ergebnis-624x468.jpg 624w\" sizes=\"auto, (max-width: 800px) 100vw, 800px\" \/><\/a><p id=\"caption-attachment-27130\" class=\"wp-caption-text\">in R\u00fcckenansicht: 5. Tadej Pogacar (UAE), 6. Jonas Vingegaard (Jumbo-Visma)<\/p><\/div>\n<div id=\"attachment_27131\" style=\"width: 810px\" class=\"wp-caption aligncenter\"><a href=\"https:\/\/olu-limburg.de\/wp-content\/uploads\/2022\/09\/IMG_20220714_181928_ergebnis.jpg\"><img loading=\"lazy\" decoding=\"async\" aria-describedby=\"caption-attachment-27131\" class=\"wp-image-27131 size-full\" src=\"https:\/\/olu-limburg.de\/wp-content\/uploads\/2022\/09\/IMG_20220714_181928_ergebnis.jpg\" alt=\"\" width=\"800\" height=\"600\" srcset=\"https:\/\/olu-limburg.de\/wp-content\/uploads\/2022\/09\/IMG_20220714_181928_ergebnis.jpg 800w, https:\/\/olu-limburg.de\/wp-content\/uploads\/2022\/09\/IMG_20220714_181928_ergebnis-300x225.jpg 300w, https:\/\/olu-limburg.de\/wp-content\/uploads\/2022\/09\/IMG_20220714_181928_ergebnis-768x576.jpg 768w, https:\/\/olu-limburg.de\/wp-content\/uploads\/2022\/09\/IMG_20220714_181928_ergebnis-624x468.jpg 624w\" sizes=\"auto, (max-width: 800px) 100vw, 800px\" \/><\/a><p id=\"caption-attachment-27131\" class=\"wp-caption-text\">im Zielsprint: 17. Bob Jungels (AG2R) und 18. Aleksandr Vlasov (Bora)<\/p><\/div>\n<p>Bei der Siegerehrung:<\/p>\n<div id=\"attachment_27132\" style=\"width: 460px\" class=\"wp-caption aligncenter\"><a href=\"https:\/\/olu-limburg.de\/wp-content\/uploads\/2022\/09\/IMG_20220714_183521_ergebnis-e1662479161463.jpg\"><img loading=\"lazy\" decoding=\"async\" aria-describedby=\"caption-attachment-27132\" class=\"wp-image-27132 size-full\" src=\"https:\/\/olu-limburg.de\/wp-content\/uploads\/2022\/09\/IMG_20220714_183521_ergebnis-e1662479161463.jpg\" alt=\"\" width=\"450\" height=\"600\" srcset=\"https:\/\/olu-limburg.de\/wp-content\/uploads\/2022\/09\/IMG_20220714_183521_ergebnis-e1662479161463.jpg 450w, https:\/\/olu-limburg.de\/wp-content\/uploads\/2022\/09\/IMG_20220714_183521_ergebnis-e1662479161463-225x300.jpg 225w\" sizes=\"auto, (max-width: 450px) 100vw, 450px\" \/><\/a><p id=\"caption-attachment-27132\" class=\"wp-caption-text\">Tagessieger Thomas Pidcock<\/p><\/div>\n<div id=\"attachment_27133\" style=\"width: 460px\" class=\"wp-caption alignleft\"><a href=\"https:\/\/olu-limburg.de\/wp-content\/uploads\/2022\/09\/IMG_20220714_183720_ergebnis-e1662479182131.jpg\"><img loading=\"lazy\" decoding=\"async\" aria-describedby=\"caption-attachment-27133\" class=\"wp-image-27133 size-full\" src=\"https:\/\/olu-limburg.de\/wp-content\/uploads\/2022\/09\/IMG_20220714_183720_ergebnis-e1662479182131.jpg\" alt=\"\" width=\"450\" height=\"600\" srcset=\"https:\/\/olu-limburg.de\/wp-content\/uploads\/2022\/09\/IMG_20220714_183720_ergebnis-e1662479182131.jpg 450w, https:\/\/olu-limburg.de\/wp-content\/uploads\/2022\/09\/IMG_20220714_183720_ergebnis-e1662479182131-225x300.jpg 225w\" sizes=\"auto, (max-width: 450px) 100vw, 450px\" \/><\/a><p id=\"caption-attachment-27133\" class=\"wp-caption-text\">Gesamtf\u00fchrender: Jonas Vingegaard<\/p><\/div>\n<div id=\"attachment_27134\" style=\"width: 460px\" class=\"wp-caption alignright\"><a href=\"https:\/\/olu-limburg.de\/wp-content\/uploads\/2022\/09\/IMG_20220714_184626_ergebnis-e1662479201350.jpg\"><img loading=\"lazy\" decoding=\"async\" aria-describedby=\"caption-attachment-27134\" class=\"wp-image-27134 size-full\" src=\"https:\/\/olu-limburg.de\/wp-content\/uploads\/2022\/09\/IMG_20220714_184626_ergebnis-e1662479201350.jpg\" alt=\"\" width=\"450\" height=\"600\" srcset=\"https:\/\/olu-limburg.de\/wp-content\/uploads\/2022\/09\/IMG_20220714_184626_ergebnis-e1662479201350.jpg 450w, https:\/\/olu-limburg.de\/wp-content\/uploads\/2022\/09\/IMG_20220714_184626_ergebnis-e1662479201350-225x300.jpg 225w\" sizes=\"auto, (max-width: 450px) 100vw, 450px\" \/><\/a><p id=\"caption-attachment-27134\" class=\"wp-caption-text\">bester Sprinter: Wout van Aert (Jumbo Visma)<\/p><\/div>\n<div id=\"attachment_27135\" style=\"width: 460px\" class=\"wp-caption aligncenter\"><a href=\"https:\/\/olu-limburg.de\/wp-content\/uploads\/2022\/09\/IMG_20220714_185303_ergebnis-e1662479219484.jpg\"><img loading=\"lazy\" decoding=\"async\" aria-describedby=\"caption-attachment-27135\" class=\"wp-image-27135 size-full\" src=\"https:\/\/olu-limburg.de\/wp-content\/uploads\/2022\/09\/IMG_20220714_185303_ergebnis-e1662479219484.jpg\" alt=\"\" width=\"450\" height=\"600\" srcset=\"https:\/\/olu-limburg.de\/wp-content\/uploads\/2022\/09\/IMG_20220714_185303_ergebnis-e1662479219484.jpg 450w, https:\/\/olu-limburg.de\/wp-content\/uploads\/2022\/09\/IMG_20220714_185303_ergebnis-e1662479219484-225x300.jpg 225w\" sizes=\"auto, (max-width: 450px) 100vw, 450px\" \/><\/a><p id=\"caption-attachment-27135\" class=\"wp-caption-text\">bester Bergfahrer: Simon Geschke (COF), der ganz tragisch bei der letzten Bergetappe der Tour das Trikot verliert.<\/p><\/div>\n<p><strong>Fazit:<\/strong> Alpe d&#8217;Huez war als Ort in dieser Landschaft ein wunderbares Erlebnis. Ein Zielort als Tourerlebnis mu\u00df aber nicht mehr sein. Vielleicht ist aber auch die Spannung der Situation ausschlaggebend. Irgendwo an der Strecke ist man auf jeden Fall n\u00e4her dran.<\/p>\n<p>Tagesstrecke: 0 km<\/p>\n<p>&nbsp;<\/p>\n<p><strong>Freitag, 15.07.2022<\/strong><\/p>\n<p>Gestern Abend haben wir noch beschlossen, dass wir heute ganz fr\u00fch vom Berg runter fahren. Um kurz nach 06.00 Uhr fahren wir los. Auf der Stra\u00dfe sieht man schon nichts mehr von den Touraufbauten. Nur die Gatter stehen noch links und rechts. F\u00fcr mich beginnt jetzt der schwerste Teil &#8211; die Fahrt abw\u00e4rts.<\/p>\n<p><a href=\"https:\/\/olu-limburg.de\/wp-content\/uploads\/2022\/08\/IMG-20220815-WA0014.jpg\"><img loading=\"lazy\" decoding=\"async\" class=\"size-full wp-image-26979 aligncenter\" src=\"https:\/\/olu-limburg.de\/wp-content\/uploads\/2022\/08\/IMG-20220815-WA0014.jpg\" alt=\"\" width=\"1599\" height=\"1200\" srcset=\"https:\/\/olu-limburg.de\/wp-content\/uploads\/2022\/08\/IMG-20220815-WA0014.jpg 1599w, https:\/\/olu-limburg.de\/wp-content\/uploads\/2022\/08\/IMG-20220815-WA0014-300x225.jpg 300w, https:\/\/olu-limburg.de\/wp-content\/uploads\/2022\/08\/IMG-20220815-WA0014-1024x768.jpg 1024w, https:\/\/olu-limburg.de\/wp-content\/uploads\/2022\/08\/IMG-20220815-WA0014-768x576.jpg 768w, https:\/\/olu-limburg.de\/wp-content\/uploads\/2022\/08\/IMG-20220815-WA0014-1536x1153.jpg 1536w, https:\/\/olu-limburg.de\/wp-content\/uploads\/2022\/08\/IMG-20220815-WA0014-624x468.jpg 624w\" sizes=\"auto, (max-width: 1599px) 100vw, 1599px\" \/><\/a><\/p>\n<p><a href=\"https:\/\/olu-limburg.de\/wp-content\/uploads\/2022\/08\/IMG-20220815-WA0017.jpg\"><img loading=\"lazy\" decoding=\"async\" class=\"size-full wp-image-26981 aligncenter\" src=\"https:\/\/olu-limburg.de\/wp-content\/uploads\/2022\/08\/IMG-20220815-WA0017.jpg\" alt=\"\" width=\"1599\" height=\"1200\" srcset=\"https:\/\/olu-limburg.de\/wp-content\/uploads\/2022\/08\/IMG-20220815-WA0017.jpg 1599w, https:\/\/olu-limburg.de\/wp-content\/uploads\/2022\/08\/IMG-20220815-WA0017-300x225.jpg 300w, https:\/\/olu-limburg.de\/wp-content\/uploads\/2022\/08\/IMG-20220815-WA0017-1024x768.jpg 1024w, https:\/\/olu-limburg.de\/wp-content\/uploads\/2022\/08\/IMG-20220815-WA0017-768x576.jpg 768w, https:\/\/olu-limburg.de\/wp-content\/uploads\/2022\/08\/IMG-20220815-WA0017-1536x1153.jpg 1536w, https:\/\/olu-limburg.de\/wp-content\/uploads\/2022\/08\/IMG-20220815-WA0017-624x468.jpg 624w\" sizes=\"auto, (max-width: 1599px) 100vw, 1599px\" \/><\/a><\/p>\n<p>Geschafft, wir sind wieder unten!<\/p>\n<p><a href=\"https:\/\/olu-limburg.de\/wp-content\/uploads\/2022\/08\/IMG-20220815-WA0016.jpg\"><img loading=\"lazy\" decoding=\"async\" class=\"size-full wp-image-26980 aligncenter\" src=\"https:\/\/olu-limburg.de\/wp-content\/uploads\/2022\/08\/IMG-20220815-WA0016.jpg\" alt=\"\" width=\"1290\" height=\"967\" srcset=\"https:\/\/olu-limburg.de\/wp-content\/uploads\/2022\/08\/IMG-20220815-WA0016.jpg 1290w, https:\/\/olu-limburg.de\/wp-content\/uploads\/2022\/08\/IMG-20220815-WA0016-300x225.jpg 300w, https:\/\/olu-limburg.de\/wp-content\/uploads\/2022\/08\/IMG-20220815-WA0016-1024x768.jpg 1024w, https:\/\/olu-limburg.de\/wp-content\/uploads\/2022\/08\/IMG-20220815-WA0016-768x576.jpg 768w, https:\/\/olu-limburg.de\/wp-content\/uploads\/2022\/08\/IMG-20220815-WA0016-624x468.jpg 624w\" sizes=\"auto, (max-width: 1290px) 100vw, 1290px\" \/><\/a><\/p>\n<p>Jetzt \u00fcbergebe ich das Lenkrad an Christian und ich \u00fcbe mich wieder als Beifahrer.\u00a0 Bei Grenoble fahren wir auf die Autobahn. Diesmal passe ich bei der n\u00e4chsten Mautstelle auf und lasse mich auf Classe 2 runterstufen. Und schon bezahle ich nur EUR 19,80. Das Gleiche gelingt mir auch kurz vor Montb\u00e9liard (unterhalb von Belfort) mit EUR 48,60 und hinter Belfort mit EUR 4,60.<\/p>\n<p>Danach wechseln wir auf die kostenlose Elsass-Autobahn. Wenn da nicht die neue Umfahrung von Strasbourg w\u00e4re. Dem Autofahrer wird aufgrund von gesperrten Abfahrten \u00fcberhaupt keine Wahl gelassen. An der Mautstelle sage ich, wie auf der Hinfahrt, mein Spr\u00fcchlein auf, aber dieses Mal ist die Dame an der Sprechanlage unerbittlich: Classe 3 = EUR 11,60 (das Doppelte von der Hinfahrt).<\/p>\n<p>Kurz nach 17.00 Uhr erreichen wir Wissembourg und fahren auf den Parkplatz vor den Royal Wok. Wir haben den ganzen Tag daraufhin gelebt. Um 18.00 Uhr d\u00fcrfen wir endlich rein, und f\u00fcr mich beginnt bei dem wundervollen B\u00fcfett eine einst\u00fcndige Essensorgie.<\/p>\n<p><a href=\"https:\/\/olu-limburg.de\/wp-content\/uploads\/2022\/09\/IMG_20220715_181539_ergebnis.jpg\"><img loading=\"lazy\" decoding=\"async\" class=\"size-full wp-image-27142 aligncenter\" src=\"https:\/\/olu-limburg.de\/wp-content\/uploads\/2022\/09\/IMG_20220715_181539_ergebnis.jpg\" alt=\"\" width=\"800\" height=\"600\" srcset=\"https:\/\/olu-limburg.de\/wp-content\/uploads\/2022\/09\/IMG_20220715_181539_ergebnis.jpg 800w, https:\/\/olu-limburg.de\/wp-content\/uploads\/2022\/09\/IMG_20220715_181539_ergebnis-300x225.jpg 300w, https:\/\/olu-limburg.de\/wp-content\/uploads\/2022\/09\/IMG_20220715_181539_ergebnis-768x576.jpg 768w, https:\/\/olu-limburg.de\/wp-content\/uploads\/2022\/09\/IMG_20220715_181539_ergebnis-624x468.jpg 624w\" sizes=\"auto, (max-width: 800px) 100vw, 800px\" \/><\/a><\/p>\n<p><a href=\"https:\/\/olu-limburg.de\/wp-content\/uploads\/2022\/09\/IMG_20220715_182243_ergebnis.jpg\"><img loading=\"lazy\" decoding=\"async\" class=\"size-full wp-image-27143 aligncenter\" src=\"https:\/\/olu-limburg.de\/wp-content\/uploads\/2022\/09\/IMG_20220715_182243_ergebnis.jpg\" alt=\"\" width=\"800\" height=\"600\" srcset=\"https:\/\/olu-limburg.de\/wp-content\/uploads\/2022\/09\/IMG_20220715_182243_ergebnis.jpg 800w, https:\/\/olu-limburg.de\/wp-content\/uploads\/2022\/09\/IMG_20220715_182243_ergebnis-300x225.jpg 300w, https:\/\/olu-limburg.de\/wp-content\/uploads\/2022\/09\/IMG_20220715_182243_ergebnis-768x576.jpg 768w, https:\/\/olu-limburg.de\/wp-content\/uploads\/2022\/09\/IMG_20220715_182243_ergebnis-624x468.jpg 624w\" sizes=\"auto, (max-width: 800px) 100vw, 800px\" \/><\/a><\/p>\n<p><a href=\"https:\/\/olu-limburg.de\/wp-content\/uploads\/2022\/09\/IMG_20220715_183029_ergebnis.jpg\"><img loading=\"lazy\" decoding=\"async\" class=\"size-full wp-image-27144 aligncenter\" src=\"https:\/\/olu-limburg.de\/wp-content\/uploads\/2022\/09\/IMG_20220715_183029_ergebnis.jpg\" alt=\"\" width=\"800\" height=\"600\" srcset=\"https:\/\/olu-limburg.de\/wp-content\/uploads\/2022\/09\/IMG_20220715_183029_ergebnis.jpg 800w, https:\/\/olu-limburg.de\/wp-content\/uploads\/2022\/09\/IMG_20220715_183029_ergebnis-300x225.jpg 300w, https:\/\/olu-limburg.de\/wp-content\/uploads\/2022\/09\/IMG_20220715_183029_ergebnis-768x576.jpg 768w, https:\/\/olu-limburg.de\/wp-content\/uploads\/2022\/09\/IMG_20220715_183029_ergebnis-624x468.jpg 624w\" sizes=\"auto, (max-width: 800px) 100vw, 800px\" \/><\/a><\/p>\n<p><a href=\"https:\/\/olu-limburg.de\/wp-content\/uploads\/2022\/09\/IMG_20220715_184125_ergebnis.jpg\"><img loading=\"lazy\" decoding=\"async\" class=\"size-full wp-image-27145 aligncenter\" src=\"https:\/\/olu-limburg.de\/wp-content\/uploads\/2022\/09\/IMG_20220715_184125_ergebnis.jpg\" alt=\"\" width=\"800\" height=\"600\" srcset=\"https:\/\/olu-limburg.de\/wp-content\/uploads\/2022\/09\/IMG_20220715_184125_ergebnis.jpg 800w, https:\/\/olu-limburg.de\/wp-content\/uploads\/2022\/09\/IMG_20220715_184125_ergebnis-300x225.jpg 300w, https:\/\/olu-limburg.de\/wp-content\/uploads\/2022\/09\/IMG_20220715_184125_ergebnis-768x576.jpg 768w, https:\/\/olu-limburg.de\/wp-content\/uploads\/2022\/09\/IMG_20220715_184125_ergebnis-624x468.jpg 624w\" sizes=\"auto, (max-width: 800px) 100vw, 800px\" \/><\/a><\/p>\n<p><a href=\"https:\/\/olu-limburg.de\/wp-content\/uploads\/2022\/09\/IMG_20220715_185211_ergebnis.jpg\"><img loading=\"lazy\" decoding=\"async\" class=\"size-full wp-image-27146 aligncenter\" src=\"https:\/\/olu-limburg.de\/wp-content\/uploads\/2022\/09\/IMG_20220715_185211_ergebnis.jpg\" alt=\"\" width=\"800\" height=\"600\" srcset=\"https:\/\/olu-limburg.de\/wp-content\/uploads\/2022\/09\/IMG_20220715_185211_ergebnis.jpg 800w, https:\/\/olu-limburg.de\/wp-content\/uploads\/2022\/09\/IMG_20220715_185211_ergebnis-300x225.jpg 300w, https:\/\/olu-limburg.de\/wp-content\/uploads\/2022\/09\/IMG_20220715_185211_ergebnis-768x576.jpg 768w, https:\/\/olu-limburg.de\/wp-content\/uploads\/2022\/09\/IMG_20220715_185211_ergebnis-624x468.jpg 624w\" sizes=\"auto, (max-width: 800px) 100vw, 800px\" \/><\/a><\/p>\n<p><a href=\"https:\/\/olu-limburg.de\/wp-content\/uploads\/2022\/09\/IMG_20220715_190732_ergebnis.jpg\"><img loading=\"lazy\" decoding=\"async\" class=\"size-full wp-image-27147 aligncenter\" src=\"https:\/\/olu-limburg.de\/wp-content\/uploads\/2022\/09\/IMG_20220715_190732_ergebnis.jpg\" alt=\"\" width=\"800\" height=\"600\" srcset=\"https:\/\/olu-limburg.de\/wp-content\/uploads\/2022\/09\/IMG_20220715_190732_ergebnis.jpg 800w, https:\/\/olu-limburg.de\/wp-content\/uploads\/2022\/09\/IMG_20220715_190732_ergebnis-300x225.jpg 300w, https:\/\/olu-limburg.de\/wp-content\/uploads\/2022\/09\/IMG_20220715_190732_ergebnis-768x576.jpg 768w, https:\/\/olu-limburg.de\/wp-content\/uploads\/2022\/09\/IMG_20220715_190732_ergebnis-624x468.jpg 624w\" sizes=\"auto, (max-width: 800px) 100vw, 800px\" \/><\/a><\/p>\n<p><a href=\"https:\/\/olu-limburg.de\/wp-content\/uploads\/2022\/09\/IMG_20220715_191608_ergebnis.jpg\"><img loading=\"lazy\" decoding=\"async\" class=\"size-full wp-image-27148 aligncenter\" src=\"https:\/\/olu-limburg.de\/wp-content\/uploads\/2022\/09\/IMG_20220715_191608_ergebnis.jpg\" alt=\"\" width=\"800\" height=\"600\" srcset=\"https:\/\/olu-limburg.de\/wp-content\/uploads\/2022\/09\/IMG_20220715_191608_ergebnis.jpg 800w, https:\/\/olu-limburg.de\/wp-content\/uploads\/2022\/09\/IMG_20220715_191608_ergebnis-300x225.jpg 300w, https:\/\/olu-limburg.de\/wp-content\/uploads\/2022\/09\/IMG_20220715_191608_ergebnis-768x576.jpg 768w, https:\/\/olu-limburg.de\/wp-content\/uploads\/2022\/09\/IMG_20220715_191608_ergebnis-624x468.jpg 624w\" sizes=\"auto, (max-width: 800px) 100vw, 800px\" \/><\/a><\/p>\n<p>Ich h\u00e4tte so gerne weiter gegessen. Es war aber wirklich nicht mehr drin.<\/p>\n<p>Ges\u00e4ttigt und zufrieden fahren wir zu unserem \u00dcbernachtungsplatz am Schwimmbad.<\/p>\n<p>Tagestrecke: 715 km<\/p>\n<p>&nbsp;<\/p>\n<p><strong>Samstag, 16.07.2022<\/strong><\/p>\n<p>Nach dem Fr\u00fchst\u00fcck wird noch in Wissembourg entsorgt, dann in Edenkoben getankt, und ab geht es Nachhause.<\/p>\n<p>Tagesstrecke: 195 km<\/p>\n<p>&nbsp;<\/p>\n<p style=\"text-align: center;\"><a href=\"https:\/\/olu-limburg.de\/?page_id=26735\">zur\u00fcck zum Seitenanfang<\/a><\/p>\n","protected":false},"excerpt":{"rendered":"<p>Text und Fotos: Hans-Werner Kaum dass die ersten Informationen zur Etappenf\u00fchrung an die \u00d6ffentlichkeit kamen, stand f\u00fcr uns (mein j\u00fcngster Sohn und ich) fest, es gibt wieder eine &#8222;M\u00e4nnertour&#8220; zur Tour de France. Letztendlich haben wir uns f\u00fcr die letzten Kilometer zum La Planche des Belles Filles in den Vogesen, und auf das Etappenziel in [&hellip;]<\/p>\n","protected":false},"author":1,"featured_media":0,"parent":0,"menu_order":0,"comment_status":"closed","ping_status":"closed","template":"page-templates\/full-width.php","meta":{"footnotes":""},"class_list":["post-26735","page","type-page","status-publish","hentry"],"_links":{"self":[{"href":"https:\/\/olu-limburg.de\/index.php?rest_route=\/wp\/v2\/pages\/26735","targetHints":{"allow":["GET"]}}],"collection":[{"href":"https:\/\/olu-limburg.de\/index.php?rest_route=\/wp\/v2\/pages"}],"about":[{"href":"https:\/\/olu-limburg.de\/index.php?rest_route=\/wp\/v2\/types\/page"}],"author":[{"embeddable":true,"href":"https:\/\/olu-limburg.de\/index.php?rest_route=\/wp\/v2\/users\/1"}],"replies":[{"embeddable":true,"href":"https:\/\/olu-limburg.de\/index.php?rest_route=%2Fwp%2Fv2%2Fcomments&post=26735"}],"version-history":[{"count":56,"href":"https:\/\/olu-limburg.de\/index.php?rest_route=\/wp\/v2\/pages\/26735\/revisions"}],"predecessor-version":[{"id":27151,"href":"https:\/\/olu-limburg.de\/index.php?rest_route=\/wp\/v2\/pages\/26735\/revisions\/27151"}],"wp:attachment":[{"href":"https:\/\/olu-limburg.de\/index.php?rest_route=%2Fwp%2Fv2%2Fmedia&parent=26735"}],"curies":[{"name":"wp","href":"https:\/\/api.w.org\/{rel}","templated":true}]}}