{"id":26536,"date":"2022-02-13T18:11:13","date_gmt":"2022-02-13T17:11:13","guid":{"rendered":"https:\/\/olu-limburg.de\/?page_id=26536"},"modified":"2022-02-21T22:41:28","modified_gmt":"2022-02-21T21:41:28","slug":"le-tour-2021-am-mont-ventoux-mit-einem-kurzen-ritt-in-die-camargue-in-arbeit","status":"publish","type":"page","link":"https:\/\/olu-limburg.de\/?page_id=26536","title":{"rendered":"Le Tour 2021 am Mont Ventoux mit einem kurzen &#8222;Ritt&#8220; in die Camargue"},"content":{"rendered":"<p>Text: Hans-Werner\u00a0\u00a0\u00a0\u00a0\u00a0\u00a0\u00a0\u00a0\u00a0\u00a0\u00a0\u00a0\u00a0\u00a0\u00a0\u00a0\u00a0\u00a0\u00a0\u00a0\u00a0\u00a0\u00a0\u00a0\u00a0\u00a0\u00a0\u00a0\u00a0\u00a0\u00a0\u00a0\u00a0\u00a0\u00a0\u00a0\u00a0\u00a0\u00a0\u00a0\u00a0\u00a0\u00a0\u00a0\u00a0\u00a0\u00a0\u00a0\u00a0\u00a0\u00a0\u00a0\u00a0\u00a0\u00a0\u00a0\u00a0\u00a0\u00a0\u00a0\u00a0\u00a0\u00a0\u00a0\u00a0\u00a0\u00a0\u00a0\u00a0\u00a0\u00a0\u00a0\u00a0\u00a0\u00a0\u00a0\u00a0\u00a0\u00a0\u00a0\u00a0\u00a0\u00a0\u00a0\u00a0\u00a0\u00a0\u00a0\u00a0\u00a0\u00a0\u00a0\u00a0\u00a0\u00a0\u00a0\u00a0\u00a0\u00a0\u00a0\u00a0 Fotos: Hans-Werner und Christian<\/p>\n<p>In 2013 habe ich mit meinem j\u00fcngsten Sohn anl\u00e4\u00dflich der 100. Tour de France eine M\u00e4nnertour zum Mont Ventoux und nach Alpe d&#8217;Huez unternommen. Es hat einige Jahre gebraucht, bis wir wieder unserer Tour-de-France-Leidenschaft nachgegeben haben und zu solch einem Ereignis gestartet sind. In diesem Jahr wird der Mont Ventoux am Mittwoch dem 07.07.2021 auf der Strecke von Sorgues nach Malauc\u00e8ne zweimal \u00fcberfahren. Solch eine &#8222;H\u00f6llenetappe&#8220; lockt. Und wenn wir schon mal so weit im S\u00fcden sind, nutzen wir dies zu einem kurzen Abstecher in die Camargue nach Les Stes. Maries de la Mer.<\/p>\n<div style=\"width: 320px;\" class=\"wp-video\"><video class=\"wp-video-shortcode\" id=\"video-26536-1\" width=\"320\" height=\"240\" preload=\"metadata\" controls=\"controls\"><source type=\"video\/mp4\" src=\"https:\/\/olu-limburg.de\/wp-content\/uploads\/2022\/02\/VID_20210707_170045_x264.m4v?_=1\" \/><a href=\"https:\/\/olu-limburg.de\/wp-content\/uploads\/2022\/02\/VID_20210707_170045_x264.m4v\">https:\/\/olu-limburg.de\/wp-content\/uploads\/2022\/02\/VID_20210707_170045_x264.m4v<\/a><\/video><\/div>\n<p>&nbsp;<\/p>\n<div style=\"width: 320px;\" class=\"wp-video\"><video class=\"wp-video-shortcode\" id=\"video-26536-2\" width=\"320\" height=\"240\" preload=\"metadata\" controls=\"controls\"><source type=\"video\/mp4\" src=\"https:\/\/olu-limburg.de\/wp-content\/uploads\/2022\/02\/VID_20210708_134239_x264.m4v?_=2\" \/><a href=\"https:\/\/olu-limburg.de\/wp-content\/uploads\/2022\/02\/VID_20210708_134239_x264.m4v\">https:\/\/olu-limburg.de\/wp-content\/uploads\/2022\/02\/VID_20210708_134239_x264.m4v<\/a><\/video><\/div>\n<p>&nbsp;<\/p>\n<div style=\"width: 320px;\" class=\"wp-video\"><video class=\"wp-video-shortcode\" id=\"video-26536-3\" width=\"320\" height=\"240\" preload=\"metadata\" controls=\"controls\"><source type=\"video\/mp4\" src=\"https:\/\/olu-limburg.de\/wp-content\/uploads\/2022\/02\/VID_20210710_214511_x264.m4v?_=3\" \/><a href=\"https:\/\/olu-limburg.de\/wp-content\/uploads\/2022\/02\/VID_20210710_214511_x264.m4v\">https:\/\/olu-limburg.de\/wp-content\/uploads\/2022\/02\/VID_20210710_214511_x264.m4v<\/a><\/video><\/div>\n<p>&nbsp;<\/p>\n<p><strong>Kurztrip vom Samstag, 03.07. bis zum Dienstag, 13.07.2021<\/strong><\/p>\n<p>Wir nutzen die kostenlosen Autobahnen \u00fcber Luxemburg, Metz, Nancy bis in H\u00f6he von Toul, und wechseln dann auf die Nationalstra\u00dfe nach Langres, Dijon, bis kurz hinter Macon. Hier fahren wir auf den uns bekannten kostenlosen Stellplatz mit V+E in La Chapelle-de-Guinchay, den wir noch aus 2013 kennen. Man soll sich aber nie auf Vergangenes verlassen. Denn der Pizzawagen kommt abends nicht mehr an den Platz. Corona?<\/p>\n<p><a href=\"https:\/\/olu-limburg.de\/wp-content\/uploads\/2022\/02\/IMG-20210703-WA0003.jpg\"><img loading=\"lazy\" decoding=\"async\" class=\"size-full wp-image-26698 aligncenter\" src=\"https:\/\/olu-limburg.de\/wp-content\/uploads\/2022\/02\/IMG-20210703-WA0003.jpg\" alt=\"\" width=\"1440\" height=\"648\" srcset=\"https:\/\/olu-limburg.de\/wp-content\/uploads\/2022\/02\/IMG-20210703-WA0003.jpg 1440w, https:\/\/olu-limburg.de\/wp-content\/uploads\/2022\/02\/IMG-20210703-WA0003-300x135.jpg 300w, https:\/\/olu-limburg.de\/wp-content\/uploads\/2022\/02\/IMG-20210703-WA0003-1024x461.jpg 1024w, https:\/\/olu-limburg.de\/wp-content\/uploads\/2022\/02\/IMG-20210703-WA0003-768x346.jpg 768w, https:\/\/olu-limburg.de\/wp-content\/uploads\/2022\/02\/IMG-20210703-WA0003-624x281.jpg 624w\" sizes=\"auto, (max-width: 1440px) 100vw, 1440px\" \/><\/a><\/p>\n<p><a href=\"https:\/\/olu-limburg.de\/wp-content\/uploads\/2022\/02\/IMG-20210703-WA0011.jpg\"><img loading=\"lazy\" decoding=\"async\" class=\"size-full wp-image-26700 aligncenter\" src=\"https:\/\/olu-limburg.de\/wp-content\/uploads\/2022\/02\/IMG-20210703-WA0011.jpg\" alt=\"\" width=\"1599\" height=\"899\" srcset=\"https:\/\/olu-limburg.de\/wp-content\/uploads\/2022\/02\/IMG-20210703-WA0011.jpg 1599w, https:\/\/olu-limburg.de\/wp-content\/uploads\/2022\/02\/IMG-20210703-WA0011-300x169.jpg 300w, https:\/\/olu-limburg.de\/wp-content\/uploads\/2022\/02\/IMG-20210703-WA0011-1024x576.jpg 1024w, https:\/\/olu-limburg.de\/wp-content\/uploads\/2022\/02\/IMG-20210703-WA0011-768x432.jpg 768w, https:\/\/olu-limburg.de\/wp-content\/uploads\/2022\/02\/IMG-20210703-WA0011-1536x864.jpg 1536w, https:\/\/olu-limburg.de\/wp-content\/uploads\/2022\/02\/IMG-20210703-WA0011-624x351.jpg 624w\" sizes=\"auto, (max-width: 1599px) 100vw, 1599px\" \/><\/a><\/p>\n<p>Wir gehen zur Hauptstra\u00dfe zu einem Pizza-Imbiss. In etwa drei Stunden k\u00f6nnen wir unsere Pizza abholen. Das wollen wir nicht. Heute ist bei den Vorbestellungen Hochbetrieb. Wir gehen zur\u00fcck in das eigentliche Ortszentrum abseits der Stra\u00dfe, etwa 1,5 Kilometer. Das einzige Restaurant hat geschlossen. Der Besitzer feiert im Gemeindezentrum eine riesige Hochzeit. Mein Beifahrer schimpft wie ein Rohrspatz, weil es den ganzen Tag nur Snacks zu essen gab. Also koche ich schnell im Wohnmobil ein Nudelgericht.<\/p>\n<p>Am Sonntag geht es bei Villefranche auf die Autobahn gen S\u00fcden. In Lyon staut sich der Verkehr. Ich bin ein wenig unter Zeitdruck, da ich zur Mittagszeit unbedingt in Montelimar zum China-Wok m\u00f6chte. Auf dem Beifahrersitz wird schon wieder jemand unruhig. Ich schaffe es gerade noch zu einer Zeit, die den Bediensteten genehm ist. F\u00fcr uns hat es sich auf jeden Fall gelohnt.<\/p>\n<p><a href=\"https:\/\/olu-limburg.de\/wp-content\/uploads\/2022\/02\/IMG-20210704-WA0002.jpg\"><img loading=\"lazy\" decoding=\"async\" class=\"size-full wp-image-26701 aligncenter\" src=\"https:\/\/olu-limburg.de\/wp-content\/uploads\/2022\/02\/IMG-20210704-WA0002.jpg\" alt=\"\" width=\"1440\" height=\"648\" srcset=\"https:\/\/olu-limburg.de\/wp-content\/uploads\/2022\/02\/IMG-20210704-WA0002.jpg 1440w, https:\/\/olu-limburg.de\/wp-content\/uploads\/2022\/02\/IMG-20210704-WA0002-300x135.jpg 300w, https:\/\/olu-limburg.de\/wp-content\/uploads\/2022\/02\/IMG-20210704-WA0002-1024x461.jpg 1024w, https:\/\/olu-limburg.de\/wp-content\/uploads\/2022\/02\/IMG-20210704-WA0002-768x346.jpg 768w, https:\/\/olu-limburg.de\/wp-content\/uploads\/2022\/02\/IMG-20210704-WA0002-624x281.jpg 624w\" sizes=\"auto, (max-width: 1440px) 100vw, 1440px\" \/><\/a><\/p>\n<p>Hier nur eine kleine Auswahl der Leckereien eines franz\u00f6sischen China-B\u00fcfetts:<\/p>\n<p><a href=\"https:\/\/olu-limburg.de\/wp-content\/uploads\/2022\/02\/IMG_20210704_131538_ergebnis.jpg\"><img loading=\"lazy\" decoding=\"async\" class=\"alignnone size-full wp-image-26547\" src=\"https:\/\/olu-limburg.de\/wp-content\/uploads\/2022\/02\/IMG_20210704_131538_ergebnis.jpg\" alt=\"\" width=\"800\" height=\"600\" srcset=\"https:\/\/olu-limburg.de\/wp-content\/uploads\/2022\/02\/IMG_20210704_131538_ergebnis.jpg 800w, https:\/\/olu-limburg.de\/wp-content\/uploads\/2022\/02\/IMG_20210704_131538_ergebnis-300x225.jpg 300w, https:\/\/olu-limburg.de\/wp-content\/uploads\/2022\/02\/IMG_20210704_131538_ergebnis-768x576.jpg 768w, https:\/\/olu-limburg.de\/wp-content\/uploads\/2022\/02\/IMG_20210704_131538_ergebnis-624x468.jpg 624w\" sizes=\"auto, (max-width: 800px) 100vw, 800px\" \/><\/a><\/p>\n<p><a href=\"https:\/\/olu-limburg.de\/wp-content\/uploads\/2022\/02\/IMG_20210704_133904_ergebnis.jpg\"><img loading=\"lazy\" decoding=\"async\" class=\"alignnone size-full wp-image-26548\" src=\"https:\/\/olu-limburg.de\/wp-content\/uploads\/2022\/02\/IMG_20210704_133904_ergebnis.jpg\" alt=\"\" width=\"800\" height=\"600\" srcset=\"https:\/\/olu-limburg.de\/wp-content\/uploads\/2022\/02\/IMG_20210704_133904_ergebnis.jpg 800w, https:\/\/olu-limburg.de\/wp-content\/uploads\/2022\/02\/IMG_20210704_133904_ergebnis-300x225.jpg 300w, https:\/\/olu-limburg.de\/wp-content\/uploads\/2022\/02\/IMG_20210704_133904_ergebnis-768x576.jpg 768w, https:\/\/olu-limburg.de\/wp-content\/uploads\/2022\/02\/IMG_20210704_133904_ergebnis-624x468.jpg 624w\" sizes=\"auto, (max-width: 800px) 100vw, 800px\" \/><\/a><\/p>\n<p><a href=\"https:\/\/olu-limburg.de\/wp-content\/uploads\/2022\/02\/IMG_20210704_140757_ergebnis.jpg\"><img loading=\"lazy\" decoding=\"async\" class=\"alignnone size-full wp-image-26549\" src=\"https:\/\/olu-limburg.de\/wp-content\/uploads\/2022\/02\/IMG_20210704_140757_ergebnis.jpg\" alt=\"\" width=\"800\" height=\"600\" srcset=\"https:\/\/olu-limburg.de\/wp-content\/uploads\/2022\/02\/IMG_20210704_140757_ergebnis.jpg 800w, https:\/\/olu-limburg.de\/wp-content\/uploads\/2022\/02\/IMG_20210704_140757_ergebnis-300x225.jpg 300w, https:\/\/olu-limburg.de\/wp-content\/uploads\/2022\/02\/IMG_20210704_140757_ergebnis-768x576.jpg 768w, https:\/\/olu-limburg.de\/wp-content\/uploads\/2022\/02\/IMG_20210704_140757_ergebnis-624x468.jpg 624w\" sizes=\"auto, (max-width: 800px) 100vw, 800px\" \/><\/a><\/p>\n<p>Nun kann es mit dem Wohnmobil auf dem schnellsten Weg nach B\u00e9doin, am Fu\u00dfe des Mont Ventoux, gehen. Auf dem ausgeschilderten Stellplatz stehen schon einige, aber nicht so viele, Wohnmobile. Und da es bis Mittwoch noch einige Tage sind, wollen wir heute Abend die Gastronomie in B\u00e9doin begl\u00fccken.<\/p>\n<p><a href=\"https:\/\/olu-limburg.de\/wp-content\/uploads\/2022\/02\/IMG_20210704_145934_ergebnis.jpg\"><img loading=\"lazy\" decoding=\"async\" class=\"alignnone size-full wp-image-26551\" src=\"https:\/\/olu-limburg.de\/wp-content\/uploads\/2022\/02\/IMG_20210704_145934_ergebnis.jpg\" alt=\"\" width=\"800\" height=\"600\" srcset=\"https:\/\/olu-limburg.de\/wp-content\/uploads\/2022\/02\/IMG_20210704_145934_ergebnis.jpg 800w, https:\/\/olu-limburg.de\/wp-content\/uploads\/2022\/02\/IMG_20210704_145934_ergebnis-300x225.jpg 300w, https:\/\/olu-limburg.de\/wp-content\/uploads\/2022\/02\/IMG_20210704_145934_ergebnis-768x576.jpg 768w, https:\/\/olu-limburg.de\/wp-content\/uploads\/2022\/02\/IMG_20210704_145934_ergebnis-624x468.jpg 624w\" sizes=\"auto, (max-width: 800px) 100vw, 800px\" \/><\/a><\/p>\n<p><a href=\"https:\/\/olu-limburg.de\/wp-content\/uploads\/2022\/02\/IMG-20210704-WA0021.jpg\"><img loading=\"lazy\" decoding=\"async\" class=\"size-full wp-image-26703 aligncenter\" src=\"https:\/\/olu-limburg.de\/wp-content\/uploads\/2022\/02\/IMG-20210704-WA0021.jpg\" alt=\"\" width=\"1440\" height=\"648\" srcset=\"https:\/\/olu-limburg.de\/wp-content\/uploads\/2022\/02\/IMG-20210704-WA0021.jpg 1440w, https:\/\/olu-limburg.de\/wp-content\/uploads\/2022\/02\/IMG-20210704-WA0021-300x135.jpg 300w, https:\/\/olu-limburg.de\/wp-content\/uploads\/2022\/02\/IMG-20210704-WA0021-1024x461.jpg 1024w, https:\/\/olu-limburg.de\/wp-content\/uploads\/2022\/02\/IMG-20210704-WA0021-768x346.jpg 768w, https:\/\/olu-limburg.de\/wp-content\/uploads\/2022\/02\/IMG-20210704-WA0021-624x281.jpg 624w\" sizes=\"auto, (max-width: 1440px) 100vw, 1440px\" \/><\/a><\/p>\n<p><a href=\"https:\/\/olu-limburg.de\/wp-content\/uploads\/2022\/02\/IMG-20210704-WA0026.jpg\"><img loading=\"lazy\" decoding=\"async\" class=\"size-full wp-image-26704 aligncenter\" src=\"https:\/\/olu-limburg.de\/wp-content\/uploads\/2022\/02\/IMG-20210704-WA0026.jpg\" alt=\"\" width=\"1599\" height=\"899\" srcset=\"https:\/\/olu-limburg.de\/wp-content\/uploads\/2022\/02\/IMG-20210704-WA0026.jpg 1599w, https:\/\/olu-limburg.de\/wp-content\/uploads\/2022\/02\/IMG-20210704-WA0026-300x169.jpg 300w, https:\/\/olu-limburg.de\/wp-content\/uploads\/2022\/02\/IMG-20210704-WA0026-1024x576.jpg 1024w, https:\/\/olu-limburg.de\/wp-content\/uploads\/2022\/02\/IMG-20210704-WA0026-768x432.jpg 768w, https:\/\/olu-limburg.de\/wp-content\/uploads\/2022\/02\/IMG-20210704-WA0026-1536x864.jpg 1536w, https:\/\/olu-limburg.de\/wp-content\/uploads\/2022\/02\/IMG-20210704-WA0026-624x351.jpg 624w\" sizes=\"auto, (max-width: 1599px) 100vw, 1599px\" \/><\/a><\/p>\n<p><a href=\"https:\/\/olu-limburg.de\/wp-content\/uploads\/2022\/02\/IMG_20210704_175717_ergebnis.jpg\"><img loading=\"lazy\" decoding=\"async\" class=\"alignnone size-full wp-image-26552\" src=\"https:\/\/olu-limburg.de\/wp-content\/uploads\/2022\/02\/IMG_20210704_175717_ergebnis.jpg\" alt=\"\" width=\"800\" height=\"600\" srcset=\"https:\/\/olu-limburg.de\/wp-content\/uploads\/2022\/02\/IMG_20210704_175717_ergebnis.jpg 800w, https:\/\/olu-limburg.de\/wp-content\/uploads\/2022\/02\/IMG_20210704_175717_ergebnis-300x225.jpg 300w, https:\/\/olu-limburg.de\/wp-content\/uploads\/2022\/02\/IMG_20210704_175717_ergebnis-768x576.jpg 768w, https:\/\/olu-limburg.de\/wp-content\/uploads\/2022\/02\/IMG_20210704_175717_ergebnis-624x468.jpg 624w\" sizes=\"auto, (max-width: 800px) 100vw, 800px\" \/><\/a><\/p>\n<p>Wir machen uns auf den Weg in den Ort, Als aber einige Wohnmobile in Richtung Mont Ventoux an uns vorbei fahren, werde ich so langsam unruhig. Wir planen um, und fahren doch schon heute hoch.<\/p>\n<p>Kaum haben wir B\u00e9doin verlassen und sind kurz vor Ste. Colombe, stehen mehrere Polizeiautos uns im Weg. Mir wird mitgeteilt, dass die Stra\u00dfe gesperrt ist und niemand mehr auf dem Gipfel \u00fcbernachten darf. Ich mu\u00df, wie die anderen auch, drehen! Da ich nach einer so langen Anfahrt nicht aufgeben m\u00f6chte, fahre ich nochmals zur Polizeisperre. Auch mein Hinweis, dass ich nur auf das Plateau oberhalb vom Chalet Reynard m\u00f6chte, wird abgewiesen. Wir einigen uns aber darauf, da\u00df ich \u00fcber den Gipfel hinaus weiter fahren darf.<\/p>\n<p>Beim Chalet Reynard sehe ich schon die Polizeistreife, die mich heran winkt. Wieder werde ich auf das \u00dcbernachtungsverbot hingewiesen, darf aber \u00fcber den Gipfel weiterfahren.<\/p>\n<p>Nach ca. 300 m sehe ich schon auf dem von mir anvisierten Plateau die wei\u00dfen D\u00e4cher stehen. Ohne Blinker zu setzen und irgendwelche Fragen zu stellen, verschwinde ich in dem Gew\u00fchl der Wohnmobile, und suche uns einen Platz. Mein Sohn sieht uns schon in einem franz\u00f6sischen Gef\u00e4ngnis \u00fcbernachten.<\/p>\n<p><a href=\"https:\/\/olu-limburg.de\/wp-content\/uploads\/2022\/02\/IMG_20210704_185747_ergebnis.jpg\"><img loading=\"lazy\" decoding=\"async\" class=\"alignnone size-full wp-image-26553\" src=\"https:\/\/olu-limburg.de\/wp-content\/uploads\/2022\/02\/IMG_20210704_185747_ergebnis.jpg\" alt=\"\" width=\"800\" height=\"600\" srcset=\"https:\/\/olu-limburg.de\/wp-content\/uploads\/2022\/02\/IMG_20210704_185747_ergebnis.jpg 800w, https:\/\/olu-limburg.de\/wp-content\/uploads\/2022\/02\/IMG_20210704_185747_ergebnis-300x225.jpg 300w, https:\/\/olu-limburg.de\/wp-content\/uploads\/2022\/02\/IMG_20210704_185747_ergebnis-768x576.jpg 768w, https:\/\/olu-limburg.de\/wp-content\/uploads\/2022\/02\/IMG_20210704_185747_ergebnis-624x468.jpg 624w\" sizes=\"auto, (max-width: 800px) 100vw, 800px\" \/><\/a><\/p>\n<p>Nachdem wir jetzt einen Platz haben, werden Tisch und St\u00fchle rausgestellt. Wir \u00f6ffnen unsere eigene Bar. So langsam kl\u00e4rt sich alles. Der Mont Ventoux ist UNESCO Weltkulturerbe und die Natursch\u00fctzer haben strenge Ma\u00dfnahmen durchgesetzt. Es d\u00fcrfen bei Gro\u00dfveranstaltungen, wie der Tour de France, keine Fahrzeuge mehr unbefestigt entlang der Stra\u00dfen stehen, und es darf nur noch eine zahlenm\u00e4\u00dfig reglementierte Anzahl Wohnmobile auf dem eingez\u00e4unten Plateau stehen.<\/p>\n<p><a href=\"https:\/\/olu-limburg.de\/wp-content\/uploads\/2022\/02\/IMG-20210706-WA0002.jpg\"><img loading=\"lazy\" decoding=\"async\" class=\"size-full wp-image-26708 aligncenter\" src=\"https:\/\/olu-limburg.de\/wp-content\/uploads\/2022\/02\/IMG-20210706-WA0002.jpg\" alt=\"\" width=\"1599\" height=\"899\" srcset=\"https:\/\/olu-limburg.de\/wp-content\/uploads\/2022\/02\/IMG-20210706-WA0002.jpg 1599w, https:\/\/olu-limburg.de\/wp-content\/uploads\/2022\/02\/IMG-20210706-WA0002-300x169.jpg 300w, https:\/\/olu-limburg.de\/wp-content\/uploads\/2022\/02\/IMG-20210706-WA0002-1024x576.jpg 1024w, https:\/\/olu-limburg.de\/wp-content\/uploads\/2022\/02\/IMG-20210706-WA0002-768x432.jpg 768w, https:\/\/olu-limburg.de\/wp-content\/uploads\/2022\/02\/IMG-20210706-WA0002-1536x864.jpg 1536w, https:\/\/olu-limburg.de\/wp-content\/uploads\/2022\/02\/IMG-20210706-WA0002-624x351.jpg 624w\" sizes=\"auto, (max-width: 1599px) 100vw, 1599px\" \/><\/a><\/p>\n<p>Kurz nach unserem Eintreffen sind bei der Einfahrt Sicherheitsposten eingerichtet worden. Zahlreiche Wohnmobile, die auch irgendwie durchgeschl\u00fcpft sind, werden abgewiesen. Nachts gibt es aber noch einigen Zuwachs in unserer N\u00e4he.<\/p>\n<p><a href=\"https:\/\/olu-limburg.de\/wp-content\/uploads\/2022\/02\/IMG_20210704_195410_ergebnis-e1645030150944.jpg\"><img loading=\"lazy\" decoding=\"async\" class=\"size-full wp-image-26556 aligncenter\" src=\"https:\/\/olu-limburg.de\/wp-content\/uploads\/2022\/02\/IMG_20210704_195410_ergebnis-e1645030150944.jpg\" alt=\"\" width=\"450\" height=\"600\" \/><\/a><\/p>\n<div id=\"attachment_26554\" style=\"width: 810px\" class=\"wp-caption aligncenter\"><a href=\"https:\/\/olu-limburg.de\/wp-content\/uploads\/2022\/02\/IMG_20210704_194520_ergebnis.jpg\"><img loading=\"lazy\" decoding=\"async\" aria-describedby=\"caption-attachment-26554\" class=\"wp-image-26554 size-full\" src=\"https:\/\/olu-limburg.de\/wp-content\/uploads\/2022\/02\/IMG_20210704_194520_ergebnis.jpg\" alt=\"\" width=\"800\" height=\"600\" srcset=\"https:\/\/olu-limburg.de\/wp-content\/uploads\/2022\/02\/IMG_20210704_194520_ergebnis.jpg 800w, https:\/\/olu-limburg.de\/wp-content\/uploads\/2022\/02\/IMG_20210704_194520_ergebnis-300x225.jpg 300w, https:\/\/olu-limburg.de\/wp-content\/uploads\/2022\/02\/IMG_20210704_194520_ergebnis-768x576.jpg 768w, https:\/\/olu-limburg.de\/wp-content\/uploads\/2022\/02\/IMG_20210704_194520_ergebnis-624x468.jpg 624w\" sizes=\"auto, (max-width: 800px) 100vw, 800px\" \/><\/a><p id=\"caption-attachment-26554\" class=\"wp-caption-text\">Die Einfahrt ist jetzt gesperrt.<\/p><\/div>\n<div id=\"attachment_26555\" style=\"width: 810px\" class=\"wp-caption alignnone\"><a href=\"https:\/\/olu-limburg.de\/wp-content\/uploads\/2022\/02\/IMG_20210704_195009_ergebnis.jpg\"><img loading=\"lazy\" decoding=\"async\" aria-describedby=\"caption-attachment-26555\" class=\"wp-image-26555 size-full\" src=\"https:\/\/olu-limburg.de\/wp-content\/uploads\/2022\/02\/IMG_20210704_195009_ergebnis.jpg\" alt=\"\" width=\"800\" height=\"600\" srcset=\"https:\/\/olu-limburg.de\/wp-content\/uploads\/2022\/02\/IMG_20210704_195009_ergebnis.jpg 800w, https:\/\/olu-limburg.de\/wp-content\/uploads\/2022\/02\/IMG_20210704_195009_ergebnis-300x225.jpg 300w, https:\/\/olu-limburg.de\/wp-content\/uploads\/2022\/02\/IMG_20210704_195009_ergebnis-768x576.jpg 768w, https:\/\/olu-limburg.de\/wp-content\/uploads\/2022\/02\/IMG_20210704_195009_ergebnis-624x468.jpg 624w\" sizes=\"auto, (max-width: 800px) 100vw, 800px\" \/><\/a><p id=\"caption-attachment-26555\" class=\"wp-caption-text\">Chalet Reynard unterhalb unseres Platzes. In dem Restaurant gibts gute Pizza.<\/p><\/div>\n<p>Heute Morgen sind schon einiger Ranger \u00fcber den Platz gelaufen und haben die Wohnmobile gez\u00e4hlt.<\/p>\n<p><a href=\"https:\/\/olu-limburg.de\/wp-content\/uploads\/2022\/02\/IMG-20210705-WA0032.jpg\"><img loading=\"lazy\" decoding=\"async\" class=\"size-full wp-image-26706 aligncenter\" src=\"https:\/\/olu-limburg.de\/wp-content\/uploads\/2022\/02\/IMG-20210705-WA0032.jpg\" alt=\"\" width=\"1440\" height=\"648\" srcset=\"https:\/\/olu-limburg.de\/wp-content\/uploads\/2022\/02\/IMG-20210705-WA0032.jpg 1440w, https:\/\/olu-limburg.de\/wp-content\/uploads\/2022\/02\/IMG-20210705-WA0032-300x135.jpg 300w, https:\/\/olu-limburg.de\/wp-content\/uploads\/2022\/02\/IMG-20210705-WA0032-1024x461.jpg 1024w, https:\/\/olu-limburg.de\/wp-content\/uploads\/2022\/02\/IMG-20210705-WA0032-768x346.jpg 768w, https:\/\/olu-limburg.de\/wp-content\/uploads\/2022\/02\/IMG-20210705-WA0032-624x281.jpg 624w\" sizes=\"auto, (max-width: 1440px) 100vw, 1440px\" \/><\/a><\/p>\n<div id=\"attachment_26557\" style=\"width: 810px\" class=\"wp-caption alignnone\"><a href=\"https:\/\/olu-limburg.de\/wp-content\/uploads\/2022\/02\/IMG_20210705_093730_ergebnis.jpg\"><img loading=\"lazy\" decoding=\"async\" aria-describedby=\"caption-attachment-26557\" class=\"wp-image-26557 size-full\" src=\"https:\/\/olu-limburg.de\/wp-content\/uploads\/2022\/02\/IMG_20210705_093730_ergebnis.jpg\" alt=\"\" width=\"800\" height=\"600\" srcset=\"https:\/\/olu-limburg.de\/wp-content\/uploads\/2022\/02\/IMG_20210705_093730_ergebnis.jpg 800w, https:\/\/olu-limburg.de\/wp-content\/uploads\/2022\/02\/IMG_20210705_093730_ergebnis-300x225.jpg 300w, https:\/\/olu-limburg.de\/wp-content\/uploads\/2022\/02\/IMG_20210705_093730_ergebnis-768x576.jpg 768w, https:\/\/olu-limburg.de\/wp-content\/uploads\/2022\/02\/IMG_20210705_093730_ergebnis-624x468.jpg 624w\" sizes=\"auto, (max-width: 800px) 100vw, 800px\" \/><\/a><p id=\"caption-attachment-26557\" class=\"wp-caption-text\">F\u00fcr Ver- und Entsorgung ist vorbildlich gesorgt.<\/p><\/div>\n<p><a href=\"https:\/\/olu-limburg.de\/wp-content\/uploads\/2022\/02\/IMG-20210705-WA0008.jpg\"><img loading=\"lazy\" decoding=\"async\" class=\"wp-image-26705 aligncenter\" src=\"https:\/\/olu-limburg.de\/wp-content\/uploads\/2022\/02\/IMG-20210705-WA0008.jpg\" alt=\"\" width=\"450\" height=\"1000\" srcset=\"https:\/\/olu-limburg.de\/wp-content\/uploads\/2022\/02\/IMG-20210705-WA0008.jpg 648w, https:\/\/olu-limburg.de\/wp-content\/uploads\/2022\/02\/IMG-20210705-WA0008-135x300.jpg 135w, https:\/\/olu-limburg.de\/wp-content\/uploads\/2022\/02\/IMG-20210705-WA0008-461x1024.jpg 461w, https:\/\/olu-limburg.de\/wp-content\/uploads\/2022\/02\/IMG-20210705-WA0008-624x1387.jpg 624w\" sizes=\"auto, (max-width: 450px) 100vw, 450px\" \/><\/a><\/p>\n<p>Die Wartezeit bis zu dem gro\u00dfen Tag, nutzen wir zu einem Spaziergang auf den Gipfel. Danach bekommen wir noch Besuch von meinem Neffen, der mit dem Fahrrad aus Sault kam, runter nach B\u00e9doin fuhr, um dann von unten den Berg zu befahren. Nach einem Kaffee machte er sich wieder auf R\u00fcckfahrt. Er reist schon seit Tagen mit der Tour und f\u00e4hrt ausgew\u00e4hlte Strecken vorher ab.<\/p>\n<div id=\"attachment_26561\" style=\"width: 810px\" class=\"wp-caption alignnone\"><a href=\"https:\/\/olu-limburg.de\/wp-content\/uploads\/2022\/02\/P1070411_ergebnis.jpg\"><img loading=\"lazy\" decoding=\"async\" aria-describedby=\"caption-attachment-26561\" class=\"wp-image-26561 size-full\" src=\"https:\/\/olu-limburg.de\/wp-content\/uploads\/2022\/02\/P1070411_ergebnis.jpg\" alt=\"\" width=\"800\" height=\"600\" srcset=\"https:\/\/olu-limburg.de\/wp-content\/uploads\/2022\/02\/P1070411_ergebnis.jpg 800w, https:\/\/olu-limburg.de\/wp-content\/uploads\/2022\/02\/P1070411_ergebnis-300x225.jpg 300w, https:\/\/olu-limburg.de\/wp-content\/uploads\/2022\/02\/P1070411_ergebnis-768x576.jpg 768w, https:\/\/olu-limburg.de\/wp-content\/uploads\/2022\/02\/P1070411_ergebnis-624x468.jpg 624w\" sizes=\"auto, (max-width: 800px) 100vw, 800px\" \/><\/a><p id=\"caption-attachment-26561\" class=\"wp-caption-text\">Blauer Himmel und strahlender Sonnenschein \u00fcber dem Mont Ventoux &#8211; eine Seltenheit.<\/p><\/div>\n<p>Und daf\u00fcr k\u00e4mpfen die Natursch\u00fctzer.<\/p>\n<p><a href=\"https:\/\/olu-limburg.de\/wp-content\/uploads\/2022\/02\/P1070413_ergebnis.jpg\"><img loading=\"lazy\" decoding=\"async\" class=\"alignnone size-full wp-image-26562\" src=\"https:\/\/olu-limburg.de\/wp-content\/uploads\/2022\/02\/P1070413_ergebnis.jpg\" alt=\"\" width=\"800\" height=\"600\" srcset=\"https:\/\/olu-limburg.de\/wp-content\/uploads\/2022\/02\/P1070413_ergebnis.jpg 800w, https:\/\/olu-limburg.de\/wp-content\/uploads\/2022\/02\/P1070413_ergebnis-300x225.jpg 300w, https:\/\/olu-limburg.de\/wp-content\/uploads\/2022\/02\/P1070413_ergebnis-768x576.jpg 768w, https:\/\/olu-limburg.de\/wp-content\/uploads\/2022\/02\/P1070413_ergebnis-624x468.jpg 624w\" sizes=\"auto, (max-width: 800px) 100vw, 800px\" \/><\/a><\/p>\n<p><a href=\"https:\/\/olu-limburg.de\/wp-content\/uploads\/2022\/02\/P1070414_ergebnis.jpg\"><img loading=\"lazy\" decoding=\"async\" class=\"alignnone size-full wp-image-26563\" src=\"https:\/\/olu-limburg.de\/wp-content\/uploads\/2022\/02\/P1070414_ergebnis.jpg\" alt=\"\" width=\"800\" height=\"600\" srcset=\"https:\/\/olu-limburg.de\/wp-content\/uploads\/2022\/02\/P1070414_ergebnis.jpg 800w, https:\/\/olu-limburg.de\/wp-content\/uploads\/2022\/02\/P1070414_ergebnis-300x225.jpg 300w, https:\/\/olu-limburg.de\/wp-content\/uploads\/2022\/02\/P1070414_ergebnis-768x576.jpg 768w, https:\/\/olu-limburg.de\/wp-content\/uploads\/2022\/02\/P1070414_ergebnis-624x468.jpg 624w\" sizes=\"auto, (max-width: 800px) 100vw, 800px\" \/><\/a><\/p>\n<p><a href=\"https:\/\/olu-limburg.de\/wp-content\/uploads\/2022\/02\/P1070432_ergebnis.jpg\"><img loading=\"lazy\" decoding=\"async\" class=\"alignnone size-full wp-image-26565\" src=\"https:\/\/olu-limburg.de\/wp-content\/uploads\/2022\/02\/P1070432_ergebnis.jpg\" alt=\"\" width=\"800\" height=\"600\" srcset=\"https:\/\/olu-limburg.de\/wp-content\/uploads\/2022\/02\/P1070432_ergebnis.jpg 800w, https:\/\/olu-limburg.de\/wp-content\/uploads\/2022\/02\/P1070432_ergebnis-300x225.jpg 300w, https:\/\/olu-limburg.de\/wp-content\/uploads\/2022\/02\/P1070432_ergebnis-768x576.jpg 768w, https:\/\/olu-limburg.de\/wp-content\/uploads\/2022\/02\/P1070432_ergebnis-624x468.jpg 624w\" sizes=\"auto, (max-width: 800px) 100vw, 800px\" \/><\/a><\/p>\n<p>Es ist ein schwei\u00dftreibender Weg nach oben.<\/p>\n<div id=\"attachment_26559\" style=\"width: 810px\" class=\"wp-caption alignnone\"><a href=\"https:\/\/olu-limburg.de\/wp-content\/uploads\/2022\/02\/IMG_20210705_095146_ergebnis.jpg\"><img loading=\"lazy\" decoding=\"async\" aria-describedby=\"caption-attachment-26559\" class=\"wp-image-26559 size-full\" src=\"https:\/\/olu-limburg.de\/wp-content\/uploads\/2022\/02\/IMG_20210705_095146_ergebnis.jpg\" alt=\"\" width=\"800\" height=\"600\" srcset=\"https:\/\/olu-limburg.de\/wp-content\/uploads\/2022\/02\/IMG_20210705_095146_ergebnis.jpg 800w, https:\/\/olu-limburg.de\/wp-content\/uploads\/2022\/02\/IMG_20210705_095146_ergebnis-300x225.jpg 300w, https:\/\/olu-limburg.de\/wp-content\/uploads\/2022\/02\/IMG_20210705_095146_ergebnis-768x576.jpg 768w, https:\/\/olu-limburg.de\/wp-content\/uploads\/2022\/02\/IMG_20210705_095146_ergebnis-624x468.jpg 624w\" sizes=\"auto, (max-width: 800px) 100vw, 800px\" \/><\/a><p id=\"caption-attachment-26559\" class=\"wp-caption-text\">Blick zur\u00fcck auf unseren Stellplatz.<\/p><\/div>\n<div id=\"attachment_26564\" style=\"width: 810px\" class=\"wp-caption alignnone\"><a href=\"https:\/\/olu-limburg.de\/wp-content\/uploads\/2022\/02\/P1070428_ergebnis.jpg\"><img loading=\"lazy\" decoding=\"async\" aria-describedby=\"caption-attachment-26564\" class=\"wp-image-26564 size-full\" src=\"https:\/\/olu-limburg.de\/wp-content\/uploads\/2022\/02\/P1070428_ergebnis.jpg\" alt=\"\" width=\"800\" height=\"600\" srcset=\"https:\/\/olu-limburg.de\/wp-content\/uploads\/2022\/02\/P1070428_ergebnis.jpg 800w, https:\/\/olu-limburg.de\/wp-content\/uploads\/2022\/02\/P1070428_ergebnis-300x225.jpg 300w, https:\/\/olu-limburg.de\/wp-content\/uploads\/2022\/02\/P1070428_ergebnis-768x576.jpg 768w, https:\/\/olu-limburg.de\/wp-content\/uploads\/2022\/02\/P1070428_ergebnis-624x468.jpg 624w\" sizes=\"auto, (max-width: 800px) 100vw, 800px\" \/><\/a><p id=\"caption-attachment-26564\" class=\"wp-caption-text\">Bei dem &#8222;roten Kreuz&#8220; das sind wir.<\/p><\/div>\n<p>Es gibt verschiedene M\u00f6glichkeiten den Berg zu befahren.<\/p>\n<p><a href=\"https:\/\/olu-limburg.de\/wp-content\/uploads\/2022\/02\/P1070434_ergebnis.jpg\"><img loading=\"lazy\" decoding=\"async\" class=\"alignnone size-full wp-image-26566\" src=\"https:\/\/olu-limburg.de\/wp-content\/uploads\/2022\/02\/P1070434_ergebnis.jpg\" alt=\"\" width=\"800\" height=\"600\" srcset=\"https:\/\/olu-limburg.de\/wp-content\/uploads\/2022\/02\/P1070434_ergebnis.jpg 800w, https:\/\/olu-limburg.de\/wp-content\/uploads\/2022\/02\/P1070434_ergebnis-300x225.jpg 300w, https:\/\/olu-limburg.de\/wp-content\/uploads\/2022\/02\/P1070434_ergebnis-768x576.jpg 768w, https:\/\/olu-limburg.de\/wp-content\/uploads\/2022\/02\/P1070434_ergebnis-624x468.jpg 624w\" sizes=\"auto, (max-width: 800px) 100vw, 800px\" \/><\/a><\/p>\n<p><a href=\"https:\/\/olu-limburg.de\/wp-content\/uploads\/2022\/02\/P1070442_ergebnis.jpg\"><img loading=\"lazy\" decoding=\"async\" class=\"alignnone size-full wp-image-26569\" src=\"https:\/\/olu-limburg.de\/wp-content\/uploads\/2022\/02\/P1070442_ergebnis.jpg\" alt=\"\" width=\"800\" height=\"600\" srcset=\"https:\/\/olu-limburg.de\/wp-content\/uploads\/2022\/02\/P1070442_ergebnis.jpg 800w, https:\/\/olu-limburg.de\/wp-content\/uploads\/2022\/02\/P1070442_ergebnis-300x225.jpg 300w, https:\/\/olu-limburg.de\/wp-content\/uploads\/2022\/02\/P1070442_ergebnis-768x576.jpg 768w, https:\/\/olu-limburg.de\/wp-content\/uploads\/2022\/02\/P1070442_ergebnis-624x468.jpg 624w\" sizes=\"auto, (max-width: 800px) 100vw, 800px\" \/><\/a><\/p>\n<p><a href=\"https:\/\/olu-limburg.de\/wp-content\/uploads\/2022\/02\/P1070439_ergebnis.jpg\"><img loading=\"lazy\" decoding=\"async\" class=\"alignnone size-full wp-image-26567\" src=\"https:\/\/olu-limburg.de\/wp-content\/uploads\/2022\/02\/P1070439_ergebnis.jpg\" alt=\"\" width=\"800\" height=\"600\" srcset=\"https:\/\/olu-limburg.de\/wp-content\/uploads\/2022\/02\/P1070439_ergebnis.jpg 800w, https:\/\/olu-limburg.de\/wp-content\/uploads\/2022\/02\/P1070439_ergebnis-300x225.jpg 300w, https:\/\/olu-limburg.de\/wp-content\/uploads\/2022\/02\/P1070439_ergebnis-768x576.jpg 768w, https:\/\/olu-limburg.de\/wp-content\/uploads\/2022\/02\/P1070439_ergebnis-624x468.jpg 624w\" sizes=\"auto, (max-width: 800px) 100vw, 800px\" \/><\/a><\/p>\n<div id=\"attachment_26560\" style=\"width: 810px\" class=\"wp-caption alignnone\"><a href=\"https:\/\/olu-limburg.de\/wp-content\/uploads\/2022\/02\/IMG_20210705_110334_ergebnis.jpg\"><img loading=\"lazy\" decoding=\"async\" aria-describedby=\"caption-attachment-26560\" class=\"wp-image-26560 size-full\" src=\"https:\/\/olu-limburg.de\/wp-content\/uploads\/2022\/02\/IMG_20210705_110334_ergebnis.jpg\" alt=\"\" width=\"800\" height=\"600\" srcset=\"https:\/\/olu-limburg.de\/wp-content\/uploads\/2022\/02\/IMG_20210705_110334_ergebnis.jpg 800w, https:\/\/olu-limburg.de\/wp-content\/uploads\/2022\/02\/IMG_20210705_110334_ergebnis-300x225.jpg 300w, https:\/\/olu-limburg.de\/wp-content\/uploads\/2022\/02\/IMG_20210705_110334_ergebnis-768x576.jpg 768w, https:\/\/olu-limburg.de\/wp-content\/uploads\/2022\/02\/IMG_20210705_110334_ergebnis-624x468.jpg 624w\" sizes=\"auto, (max-width: 800px) 100vw, 800px\" \/><\/a><p id=\"caption-attachment-26560\" class=\"wp-caption-text\">Gedenkstein f\u00fcr den Rennfahrer Tom Simpson<\/p><\/div>\n<div id=\"attachment_26568\" style=\"width: 810px\" class=\"wp-caption alignnone\"><a href=\"https:\/\/olu-limburg.de\/wp-content\/uploads\/2022\/02\/P1070441_ergebnis.jpg\"><img loading=\"lazy\" decoding=\"async\" aria-describedby=\"caption-attachment-26568\" class=\"wp-image-26568 size-full\" src=\"https:\/\/olu-limburg.de\/wp-content\/uploads\/2022\/02\/P1070441_ergebnis.jpg\" alt=\"\" width=\"800\" height=\"600\" srcset=\"https:\/\/olu-limburg.de\/wp-content\/uploads\/2022\/02\/P1070441_ergebnis.jpg 800w, https:\/\/olu-limburg.de\/wp-content\/uploads\/2022\/02\/P1070441_ergebnis-300x225.jpg 300w, https:\/\/olu-limburg.de\/wp-content\/uploads\/2022\/02\/P1070441_ergebnis-768x576.jpg 768w, https:\/\/olu-limburg.de\/wp-content\/uploads\/2022\/02\/P1070441_ergebnis-624x468.jpg 624w\" sizes=\"auto, (max-width: 800px) 100vw, 800px\" \/><\/a><p id=\"caption-attachment-26568\" class=\"wp-caption-text\">Blick \u00fcber das Tal in Richtung Sault.<\/p><\/div>\n<p>Die haben es geschafft.<\/p>\n<p><a href=\"https:\/\/olu-limburg.de\/wp-content\/uploads\/2022\/02\/IMG_20210705_123836_ergebnis.jpg\"><img loading=\"lazy\" decoding=\"async\" class=\"alignnone size-full wp-image-26573\" src=\"https:\/\/olu-limburg.de\/wp-content\/uploads\/2022\/02\/IMG_20210705_123836_ergebnis.jpg\" alt=\"\" width=\"800\" height=\"600\" srcset=\"https:\/\/olu-limburg.de\/wp-content\/uploads\/2022\/02\/IMG_20210705_123836_ergebnis.jpg 800w, https:\/\/olu-limburg.de\/wp-content\/uploads\/2022\/02\/IMG_20210705_123836_ergebnis-300x225.jpg 300w, https:\/\/olu-limburg.de\/wp-content\/uploads\/2022\/02\/IMG_20210705_123836_ergebnis-768x576.jpg 768w, https:\/\/olu-limburg.de\/wp-content\/uploads\/2022\/02\/IMG_20210705_123836_ergebnis-624x468.jpg 624w\" sizes=\"auto, (max-width: 800px) 100vw, 800px\" \/><\/a><\/p>\n<p><a href=\"https:\/\/olu-limburg.de\/wp-content\/uploads\/2022\/02\/P1070449_ergebnis-e1645031728309.jpg\"><img loading=\"lazy\" decoding=\"async\" class=\"alignnone size-full wp-image-26578\" src=\"https:\/\/olu-limburg.de\/wp-content\/uploads\/2022\/02\/P1070449_ergebnis-e1645031728309.jpg\" alt=\"\" width=\"450\" height=\"600\" \/><\/a><\/p>\n<p>Um das alte Geb\u00e4ude f\u00fchrt die Stra\u00dfe runter nach Malauc\u00e8ne.<\/p>\n<p><a href=\"https:\/\/olu-limburg.de\/wp-content\/uploads\/2022\/02\/IMG_20210705_124159_ergebnis.jpg\"><img loading=\"lazy\" decoding=\"async\" class=\"alignnone size-full wp-image-26574\" src=\"https:\/\/olu-limburg.de\/wp-content\/uploads\/2022\/02\/IMG_20210705_124159_ergebnis.jpg\" alt=\"\" width=\"800\" height=\"600\" srcset=\"https:\/\/olu-limburg.de\/wp-content\/uploads\/2022\/02\/IMG_20210705_124159_ergebnis.jpg 800w, https:\/\/olu-limburg.de\/wp-content\/uploads\/2022\/02\/IMG_20210705_124159_ergebnis-300x225.jpg 300w, https:\/\/olu-limburg.de\/wp-content\/uploads\/2022\/02\/IMG_20210705_124159_ergebnis-768x576.jpg 768w, https:\/\/olu-limburg.de\/wp-content\/uploads\/2022\/02\/IMG_20210705_124159_ergebnis-624x468.jpg 624w\" sizes=\"auto, (max-width: 800px) 100vw, 800px\" \/><\/a><\/p>\n<p><a href=\"https:\/\/olu-limburg.de\/wp-content\/uploads\/2022\/02\/P1070446_ergebnis.jpg\"><img loading=\"lazy\" decoding=\"async\" class=\"alignnone size-full wp-image-26577\" src=\"https:\/\/olu-limburg.de\/wp-content\/uploads\/2022\/02\/P1070446_ergebnis.jpg\" alt=\"\" width=\"800\" height=\"600\" srcset=\"https:\/\/olu-limburg.de\/wp-content\/uploads\/2022\/02\/P1070446_ergebnis.jpg 800w, https:\/\/olu-limburg.de\/wp-content\/uploads\/2022\/02\/P1070446_ergebnis-300x225.jpg 300w, https:\/\/olu-limburg.de\/wp-content\/uploads\/2022\/02\/P1070446_ergebnis-768x576.jpg 768w, https:\/\/olu-limburg.de\/wp-content\/uploads\/2022\/02\/P1070446_ergebnis-624x468.jpg 624w\" sizes=\"auto, (max-width: 800px) 100vw, 800px\" \/><\/a><\/p>\n<p>Wir k\u00fcmmern uns um unser leibliches Wohl.<\/p>\n<p><a href=\"https:\/\/olu-limburg.de\/wp-content\/uploads\/2022\/02\/P1070445_ergebnis.jpg\"><img loading=\"lazy\" decoding=\"async\" class=\"alignnone size-full wp-image-26576\" src=\"https:\/\/olu-limburg.de\/wp-content\/uploads\/2022\/02\/P1070445_ergebnis.jpg\" alt=\"\" width=\"800\" height=\"600\" srcset=\"https:\/\/olu-limburg.de\/wp-content\/uploads\/2022\/02\/P1070445_ergebnis.jpg 800w, https:\/\/olu-limburg.de\/wp-content\/uploads\/2022\/02\/P1070445_ergebnis-300x225.jpg 300w, https:\/\/olu-limburg.de\/wp-content\/uploads\/2022\/02\/P1070445_ergebnis-768x576.jpg 768w, https:\/\/olu-limburg.de\/wp-content\/uploads\/2022\/02\/P1070445_ergebnis-624x468.jpg 624w\" sizes=\"auto, (max-width: 800px) 100vw, 800px\" \/><\/a><\/p>\n<p><a href=\"https:\/\/olu-limburg.de\/wp-content\/uploads\/2022\/02\/IMG_20210705_115046_ergebnis.jpg\"><img loading=\"lazy\" decoding=\"async\" class=\"alignnone size-full wp-image-26571\" src=\"https:\/\/olu-limburg.de\/wp-content\/uploads\/2022\/02\/IMG_20210705_115046_ergebnis.jpg\" alt=\"\" width=\"800\" height=\"600\" srcset=\"https:\/\/olu-limburg.de\/wp-content\/uploads\/2022\/02\/IMG_20210705_115046_ergebnis.jpg 800w, https:\/\/olu-limburg.de\/wp-content\/uploads\/2022\/02\/IMG_20210705_115046_ergebnis-300x225.jpg 300w, https:\/\/olu-limburg.de\/wp-content\/uploads\/2022\/02\/IMG_20210705_115046_ergebnis-768x576.jpg 768w, https:\/\/olu-limburg.de\/wp-content\/uploads\/2022\/02\/IMG_20210705_115046_ergebnis-624x468.jpg 624w\" sizes=\"auto, (max-width: 800px) 100vw, 800px\" \/><\/a><\/p>\n<p>Mit dem halbrohen &#8222;Boef hach\u00e9&#8220; kann ich mich nicht anfreunden. Es gibt aber nichts anderes.<\/p>\n<p><a href=\"https:\/\/olu-limburg.de\/wp-content\/uploads\/2022\/02\/IMG_20210705_120725_ergebnis.jpg\"><img loading=\"lazy\" decoding=\"async\" class=\"alignnone size-full wp-image-26572\" src=\"https:\/\/olu-limburg.de\/wp-content\/uploads\/2022\/02\/IMG_20210705_120725_ergebnis.jpg\" alt=\"\" width=\"800\" height=\"600\" srcset=\"https:\/\/olu-limburg.de\/wp-content\/uploads\/2022\/02\/IMG_20210705_120725_ergebnis.jpg 800w, https:\/\/olu-limburg.de\/wp-content\/uploads\/2022\/02\/IMG_20210705_120725_ergebnis-300x225.jpg 300w, https:\/\/olu-limburg.de\/wp-content\/uploads\/2022\/02\/IMG_20210705_120725_ergebnis-768x576.jpg 768w, https:\/\/olu-limburg.de\/wp-content\/uploads\/2022\/02\/IMG_20210705_120725_ergebnis-624x468.jpg 624w\" sizes=\"auto, (max-width: 800px) 100vw, 800px\" \/><\/a><\/p>\n<p>Mittlerweile haben schon einige Wohnmobilisten geflaggt.<\/p>\n<p><a href=\"https:\/\/olu-limburg.de\/wp-content\/uploads\/2022\/02\/P1070452_ergebnis.jpg\"><img loading=\"lazy\" decoding=\"async\" class=\"size-full wp-image-26579 aligncenter\" src=\"https:\/\/olu-limburg.de\/wp-content\/uploads\/2022\/02\/P1070452_ergebnis.jpg\" alt=\"\" width=\"800\" height=\"600\" srcset=\"https:\/\/olu-limburg.de\/wp-content\/uploads\/2022\/02\/P1070452_ergebnis.jpg 800w, https:\/\/olu-limburg.de\/wp-content\/uploads\/2022\/02\/P1070452_ergebnis-300x225.jpg 300w, https:\/\/olu-limburg.de\/wp-content\/uploads\/2022\/02\/P1070452_ergebnis-768x576.jpg 768w, https:\/\/olu-limburg.de\/wp-content\/uploads\/2022\/02\/P1070452_ergebnis-624x468.jpg 624w\" sizes=\"auto, (max-width: 800px) 100vw, 800px\" \/><\/a><\/p>\n<p>Unser Besuch ist da.<\/p>\n<p><a href=\"https:\/\/olu-limburg.de\/wp-content\/uploads\/2022\/02\/IMG_20210706_173712_ergebnis.jpg\"><img loading=\"lazy\" decoding=\"async\" class=\"size-full wp-image-26575 aligncenter\" src=\"https:\/\/olu-limburg.de\/wp-content\/uploads\/2022\/02\/IMG_20210706_173712_ergebnis.jpg\" alt=\"\" width=\"800\" height=\"600\" srcset=\"https:\/\/olu-limburg.de\/wp-content\/uploads\/2022\/02\/IMG_20210706_173712_ergebnis.jpg 800w, https:\/\/olu-limburg.de\/wp-content\/uploads\/2022\/02\/IMG_20210706_173712_ergebnis-300x225.jpg 300w, https:\/\/olu-limburg.de\/wp-content\/uploads\/2022\/02\/IMG_20210706_173712_ergebnis-768x576.jpg 768w, https:\/\/olu-limburg.de\/wp-content\/uploads\/2022\/02\/IMG_20210706_173712_ergebnis-624x468.jpg 624w\" sizes=\"auto, (max-width: 800px) 100vw, 800px\" \/><\/a><\/p>\n<p>Am Mitwoch ist dann der gro\u00dfe Tag. So langsam kommen die Zuschauer an den Stra\u00dfenrand. Es ist wie immer ein lustiges V\u00f6lkchen. Die Werbekarawane rauscht vorbei. Und wie bei Karneval wird viel Werbematerial geworfen.<\/p>\n<p><a href=\"https:\/\/olu-limburg.de\/wp-content\/uploads\/2022\/02\/P1070470_ergebnis.jpg\"><img loading=\"lazy\" decoding=\"async\" class=\"size-full wp-image-26586 aligncenter\" src=\"https:\/\/olu-limburg.de\/wp-content\/uploads\/2022\/02\/P1070470_ergebnis.jpg\" alt=\"\" width=\"800\" height=\"449\" srcset=\"https:\/\/olu-limburg.de\/wp-content\/uploads\/2022\/02\/P1070470_ergebnis.jpg 800w, https:\/\/olu-limburg.de\/wp-content\/uploads\/2022\/02\/P1070470_ergebnis-300x168.jpg 300w, https:\/\/olu-limburg.de\/wp-content\/uploads\/2022\/02\/P1070470_ergebnis-768x431.jpg 768w, https:\/\/olu-limburg.de\/wp-content\/uploads\/2022\/02\/P1070470_ergebnis-624x350.jpg 624w\" sizes=\"auto, (max-width: 800px) 100vw, 800px\" \/><\/a><\/p>\n<p><a href=\"https:\/\/olu-limburg.de\/wp-content\/uploads\/2022\/02\/P1070459_ergebnis.jpg\"><img loading=\"lazy\" decoding=\"async\" class=\"size-full wp-image-26581 aligncenter\" src=\"https:\/\/olu-limburg.de\/wp-content\/uploads\/2022\/02\/P1070459_ergebnis.jpg\" alt=\"\" width=\"800\" height=\"600\" srcset=\"https:\/\/olu-limburg.de\/wp-content\/uploads\/2022\/02\/P1070459_ergebnis.jpg 800w, https:\/\/olu-limburg.de\/wp-content\/uploads\/2022\/02\/P1070459_ergebnis-300x225.jpg 300w, https:\/\/olu-limburg.de\/wp-content\/uploads\/2022\/02\/P1070459_ergebnis-768x576.jpg 768w, https:\/\/olu-limburg.de\/wp-content\/uploads\/2022\/02\/P1070459_ergebnis-624x468.jpg 624w\" sizes=\"auto, (max-width: 800px) 100vw, 800px\" \/><\/a><\/p>\n<p><a href=\"https:\/\/olu-limburg.de\/wp-content\/uploads\/2022\/02\/P1070461_ergebnis.jpg\"><img loading=\"lazy\" decoding=\"async\" class=\"size-full wp-image-26582 aligncenter\" src=\"https:\/\/olu-limburg.de\/wp-content\/uploads\/2022\/02\/P1070461_ergebnis.jpg\" alt=\"\" width=\"800\" height=\"600\" srcset=\"https:\/\/olu-limburg.de\/wp-content\/uploads\/2022\/02\/P1070461_ergebnis.jpg 800w, https:\/\/olu-limburg.de\/wp-content\/uploads\/2022\/02\/P1070461_ergebnis-300x225.jpg 300w, https:\/\/olu-limburg.de\/wp-content\/uploads\/2022\/02\/P1070461_ergebnis-768x576.jpg 768w, https:\/\/olu-limburg.de\/wp-content\/uploads\/2022\/02\/P1070461_ergebnis-624x468.jpg 624w\" sizes=\"auto, (max-width: 800px) 100vw, 800px\" \/><\/a><\/p>\n<p><a href=\"https:\/\/olu-limburg.de\/wp-content\/uploads\/2022\/02\/P1070466_ergebnis.jpg\"><img loading=\"lazy\" decoding=\"async\" class=\"size-full wp-image-26583 aligncenter\" src=\"https:\/\/olu-limburg.de\/wp-content\/uploads\/2022\/02\/P1070466_ergebnis.jpg\" alt=\"\" width=\"800\" height=\"600\" srcset=\"https:\/\/olu-limburg.de\/wp-content\/uploads\/2022\/02\/P1070466_ergebnis.jpg 800w, https:\/\/olu-limburg.de\/wp-content\/uploads\/2022\/02\/P1070466_ergebnis-300x225.jpg 300w, https:\/\/olu-limburg.de\/wp-content\/uploads\/2022\/02\/P1070466_ergebnis-768x576.jpg 768w, https:\/\/olu-limburg.de\/wp-content\/uploads\/2022\/02\/P1070466_ergebnis-624x468.jpg 624w\" sizes=\"auto, (max-width: 800px) 100vw, 800px\" \/><\/a><\/p>\n<p><a href=\"https:\/\/olu-limburg.de\/wp-content\/uploads\/2022\/02\/P1070468_ergebnis.jpg\"><img loading=\"lazy\" decoding=\"async\" class=\"size-full wp-image-26584 aligncenter\" src=\"https:\/\/olu-limburg.de\/wp-content\/uploads\/2022\/02\/P1070468_ergebnis.jpg\" alt=\"\" width=\"800\" height=\"600\" srcset=\"https:\/\/olu-limburg.de\/wp-content\/uploads\/2022\/02\/P1070468_ergebnis.jpg 800w, https:\/\/olu-limburg.de\/wp-content\/uploads\/2022\/02\/P1070468_ergebnis-300x225.jpg 300w, https:\/\/olu-limburg.de\/wp-content\/uploads\/2022\/02\/P1070468_ergebnis-768x576.jpg 768w, https:\/\/olu-limburg.de\/wp-content\/uploads\/2022\/02\/P1070468_ergebnis-624x468.jpg 624w\" sizes=\"auto, (max-width: 800px) 100vw, 800px\" \/><\/a><\/p>\n<p><a href=\"https:\/\/olu-limburg.de\/wp-content\/uploads\/2022\/02\/P1070469_ergebnis.jpg\"><img loading=\"lazy\" decoding=\"async\" class=\"size-full wp-image-26585 aligncenter\" src=\"https:\/\/olu-limburg.de\/wp-content\/uploads\/2022\/02\/P1070469_ergebnis.jpg\" alt=\"\" width=\"800\" height=\"600\" srcset=\"https:\/\/olu-limburg.de\/wp-content\/uploads\/2022\/02\/P1070469_ergebnis.jpg 800w, https:\/\/olu-limburg.de\/wp-content\/uploads\/2022\/02\/P1070469_ergebnis-300x225.jpg 300w, https:\/\/olu-limburg.de\/wp-content\/uploads\/2022\/02\/P1070469_ergebnis-768x576.jpg 768w, https:\/\/olu-limburg.de\/wp-content\/uploads\/2022\/02\/P1070469_ergebnis-624x468.jpg 624w\" sizes=\"auto, (max-width: 800px) 100vw, 800px\" \/><\/a><\/p>\n<p><a href=\"https:\/\/olu-limburg.de\/wp-content\/uploads\/2022\/02\/P1070473_ergebnis.jpg\"><img loading=\"lazy\" decoding=\"async\" class=\"size-full wp-image-26587 aligncenter\" src=\"https:\/\/olu-limburg.de\/wp-content\/uploads\/2022\/02\/P1070473_ergebnis.jpg\" alt=\"\" width=\"800\" height=\"600\" srcset=\"https:\/\/olu-limburg.de\/wp-content\/uploads\/2022\/02\/P1070473_ergebnis.jpg 800w, https:\/\/olu-limburg.de\/wp-content\/uploads\/2022\/02\/P1070473_ergebnis-300x225.jpg 300w, https:\/\/olu-limburg.de\/wp-content\/uploads\/2022\/02\/P1070473_ergebnis-768x576.jpg 768w, https:\/\/olu-limburg.de\/wp-content\/uploads\/2022\/02\/P1070473_ergebnis-624x468.jpg 624w\" sizes=\"auto, (max-width: 800px) 100vw, 800px\" \/><\/a><\/p>\n<p><a href=\"https:\/\/olu-limburg.de\/wp-content\/uploads\/2022\/02\/P1070478_ergebnis.jpg\"><img loading=\"lazy\" decoding=\"async\" class=\"size-full wp-image-26588 aligncenter\" src=\"https:\/\/olu-limburg.de\/wp-content\/uploads\/2022\/02\/P1070478_ergebnis.jpg\" alt=\"\" width=\"800\" height=\"600\" srcset=\"https:\/\/olu-limburg.de\/wp-content\/uploads\/2022\/02\/P1070478_ergebnis.jpg 800w, https:\/\/olu-limburg.de\/wp-content\/uploads\/2022\/02\/P1070478_ergebnis-300x225.jpg 300w, https:\/\/olu-limburg.de\/wp-content\/uploads\/2022\/02\/P1070478_ergebnis-768x576.jpg 768w, https:\/\/olu-limburg.de\/wp-content\/uploads\/2022\/02\/P1070478_ergebnis-624x468.jpg 624w\" sizes=\"auto, (max-width: 800px) 100vw, 800px\" \/><\/a><\/p>\n<p>Es dauert nicht lange. dann h\u00f6ren wir um 15.21 Uhr die Hubschrauber n\u00e4her kommen.<\/p>\n<p><a href=\"https:\/\/olu-limburg.de\/wp-content\/uploads\/2022\/02\/P1070479_ergebnis.jpg\"><img loading=\"lazy\" decoding=\"async\" class=\"size-full wp-image-26596 aligncenter\" src=\"https:\/\/olu-limburg.de\/wp-content\/uploads\/2022\/02\/P1070479_ergebnis.jpg\" alt=\"\" width=\"800\" height=\"600\" srcset=\"https:\/\/olu-limburg.de\/wp-content\/uploads\/2022\/02\/P1070479_ergebnis.jpg 800w, https:\/\/olu-limburg.de\/wp-content\/uploads\/2022\/02\/P1070479_ergebnis-300x225.jpg 300w, https:\/\/olu-limburg.de\/wp-content\/uploads\/2022\/02\/P1070479_ergebnis-768x576.jpg 768w, https:\/\/olu-limburg.de\/wp-content\/uploads\/2022\/02\/P1070479_ergebnis-624x468.jpg 624w\" sizes=\"auto, (max-width: 800px) 100vw, 800px\" \/><\/a><\/p>\n<p>Die Radrennfahrer sind jetzt um 15.23 Uhr schon seit 12 km in dem etwas leichteren Anstieg aus Richtung Sault, und trotzdem sau\u00dfen sie die noch kommenden 6 km an uns vorbei hoch zum Gipfel. Etwa 5 Minuten vor dem Hauptfeld befindet sich die Spitzengruppe.<\/p>\n<div id=\"attachment_26590\" style=\"width: 810px\" class=\"wp-caption aligncenter\"><a href=\"https:\/\/olu-limburg.de\/wp-content\/uploads\/2022\/02\/IMG_20210707_152326_ergebnis.jpg\"><img loading=\"lazy\" decoding=\"async\" aria-describedby=\"caption-attachment-26590\" class=\"wp-image-26590 size-full\" src=\"https:\/\/olu-limburg.de\/wp-content\/uploads\/2022\/02\/IMG_20210707_152326_ergebnis.jpg\" alt=\"\" width=\"800\" height=\"600\" srcset=\"https:\/\/olu-limburg.de\/wp-content\/uploads\/2022\/02\/IMG_20210707_152326_ergebnis.jpg 800w, https:\/\/olu-limburg.de\/wp-content\/uploads\/2022\/02\/IMG_20210707_152326_ergebnis-300x225.jpg 300w, https:\/\/olu-limburg.de\/wp-content\/uploads\/2022\/02\/IMG_20210707_152326_ergebnis-768x576.jpg 768w, https:\/\/olu-limburg.de\/wp-content\/uploads\/2022\/02\/IMG_20210707_152326_ergebnis-624x468.jpg 624w\" sizes=\"auto, (max-width: 800px) 100vw, 800px\" \/><\/a><p id=\"caption-attachment-26590\" class=\"wp-caption-text\">INEOS macht hier noch in voller St\u00e4rke die F\u00fchrungsarbeit im Hauptfeld.<\/p><\/div>\n<p><a href=\"https:\/\/olu-limburg.de\/wp-content\/uploads\/2022\/02\/IMG_20210707_152328_ergebnis.jpg\"><img loading=\"lazy\" decoding=\"async\" class=\"size-full wp-image-26591 aligncenter\" src=\"https:\/\/olu-limburg.de\/wp-content\/uploads\/2022\/02\/IMG_20210707_152328_ergebnis.jpg\" alt=\"\" width=\"800\" height=\"600\" srcset=\"https:\/\/olu-limburg.de\/wp-content\/uploads\/2022\/02\/IMG_20210707_152328_ergebnis.jpg 800w, https:\/\/olu-limburg.de\/wp-content\/uploads\/2022\/02\/IMG_20210707_152328_ergebnis-300x225.jpg 300w, https:\/\/olu-limburg.de\/wp-content\/uploads\/2022\/02\/IMG_20210707_152328_ergebnis-768x576.jpg 768w, https:\/\/olu-limburg.de\/wp-content\/uploads\/2022\/02\/IMG_20210707_152328_ergebnis-624x468.jpg 624w\" sizes=\"auto, (max-width: 800px) 100vw, 800px\" \/><\/a><\/p>\n<div id=\"attachment_26592\" style=\"width: 810px\" class=\"wp-caption aligncenter\"><a href=\"https:\/\/olu-limburg.de\/wp-content\/uploads\/2022\/02\/IMG_20210707_152329_ergebnis.jpg\"><img loading=\"lazy\" decoding=\"async\" aria-describedby=\"caption-attachment-26592\" class=\"wp-image-26592 size-full\" src=\"https:\/\/olu-limburg.de\/wp-content\/uploads\/2022\/02\/IMG_20210707_152329_ergebnis.jpg\" alt=\"\" width=\"800\" height=\"600\" srcset=\"https:\/\/olu-limburg.de\/wp-content\/uploads\/2022\/02\/IMG_20210707_152329_ergebnis.jpg 800w, https:\/\/olu-limburg.de\/wp-content\/uploads\/2022\/02\/IMG_20210707_152329_ergebnis-300x225.jpg 300w, https:\/\/olu-limburg.de\/wp-content\/uploads\/2022\/02\/IMG_20210707_152329_ergebnis-768x576.jpg 768w, https:\/\/olu-limburg.de\/wp-content\/uploads\/2022\/02\/IMG_20210707_152329_ergebnis-624x468.jpg 624w\" sizes=\"auto, (max-width: 800px) 100vw, 800px\" \/><\/a><p id=\"caption-attachment-26592\" class=\"wp-caption-text\">Tadej Pogacar (in gelb) wird von seiner Mannschaft besch\u00fctzt.<\/p><\/div>\n<div id=\"attachment_26593\" style=\"width: 810px\" class=\"wp-caption aligncenter\"><a href=\"https:\/\/olu-limburg.de\/wp-content\/uploads\/2022\/02\/IMG_20210707_152347_ergebnis.jpg\"><img loading=\"lazy\" decoding=\"async\" aria-describedby=\"caption-attachment-26593\" class=\"wp-image-26593 size-full\" src=\"https:\/\/olu-limburg.de\/wp-content\/uploads\/2022\/02\/IMG_20210707_152347_ergebnis.jpg\" alt=\"\" width=\"800\" height=\"600\" srcset=\"https:\/\/olu-limburg.de\/wp-content\/uploads\/2022\/02\/IMG_20210707_152347_ergebnis.jpg 800w, https:\/\/olu-limburg.de\/wp-content\/uploads\/2022\/02\/IMG_20210707_152347_ergebnis-300x225.jpg 300w, https:\/\/olu-limburg.de\/wp-content\/uploads\/2022\/02\/IMG_20210707_152347_ergebnis-768x576.jpg 768w, https:\/\/olu-limburg.de\/wp-content\/uploads\/2022\/02\/IMG_20210707_152347_ergebnis-624x468.jpg 624w\" sizes=\"auto, (max-width: 800px) 100vw, 800px\" \/><\/a><p id=\"caption-attachment-26593\" class=\"wp-caption-text\">Der Job mit der Kamera ist schon waghalsig!<\/p><\/div>\n<div id=\"attachment_26594\" style=\"width: 810px\" class=\"wp-caption aligncenter\"><a href=\"https:\/\/olu-limburg.de\/wp-content\/uploads\/2022\/02\/IMG_20210707_153029_ergebnis.jpg\"><img loading=\"lazy\" decoding=\"async\" aria-describedby=\"caption-attachment-26594\" class=\"wp-image-26594 size-full\" src=\"https:\/\/olu-limburg.de\/wp-content\/uploads\/2022\/02\/IMG_20210707_153029_ergebnis.jpg\" alt=\"\" width=\"800\" height=\"600\" srcset=\"https:\/\/olu-limburg.de\/wp-content\/uploads\/2022\/02\/IMG_20210707_153029_ergebnis.jpg 800w, https:\/\/olu-limburg.de\/wp-content\/uploads\/2022\/02\/IMG_20210707_153029_ergebnis-300x225.jpg 300w, https:\/\/olu-limburg.de\/wp-content\/uploads\/2022\/02\/IMG_20210707_153029_ergebnis-768x576.jpg 768w, https:\/\/olu-limburg.de\/wp-content\/uploads\/2022\/02\/IMG_20210707_153029_ergebnis-624x468.jpg 624w\" sizes=\"auto, (max-width: 800px) 100vw, 800px\" \/><\/a><p id=\"caption-attachment-26594\" class=\"wp-caption-text\">Bei den Nachz\u00fcglern, vorne ist Thomas de Gendt, sieht es schon langsamer aus.<\/p><\/div>\n<div id=\"attachment_26595\" style=\"width: 810px\" class=\"wp-caption aligncenter\"><a href=\"https:\/\/olu-limburg.de\/wp-content\/uploads\/2022\/02\/IMG_20210707_153228_ergebnis.jpg\"><img loading=\"lazy\" decoding=\"async\" aria-describedby=\"caption-attachment-26595\" class=\"wp-image-26595 size-full\" src=\"https:\/\/olu-limburg.de\/wp-content\/uploads\/2022\/02\/IMG_20210707_153228_ergebnis.jpg\" alt=\"\" width=\"800\" height=\"600\" srcset=\"https:\/\/olu-limburg.de\/wp-content\/uploads\/2022\/02\/IMG_20210707_153228_ergebnis.jpg 800w, https:\/\/olu-limburg.de\/wp-content\/uploads\/2022\/02\/IMG_20210707_153228_ergebnis-300x225.jpg 300w, https:\/\/olu-limburg.de\/wp-content\/uploads\/2022\/02\/IMG_20210707_153228_ergebnis-768x576.jpg 768w, https:\/\/olu-limburg.de\/wp-content\/uploads\/2022\/02\/IMG_20210707_153228_ergebnis-624x468.jpg 624w\" sizes=\"auto, (max-width: 800px) 100vw, 800px\" \/><\/a><p id=\"caption-attachment-26595\" class=\"wp-caption-text\">Es ist schon 15.32 Uhr als der Sprinter Mark Cavendish mit zwei Helfern vorbei kommt.<\/p><\/div>\n<p>Man vertreibt sich die Wartezeit bis zur zweiten Durchfahrt.<\/p>\n<p><a href=\"https:\/\/olu-limburg.de\/wp-content\/uploads\/2022\/02\/P1070487_ergebnis.jpg\"><img loading=\"lazy\" decoding=\"async\" class=\"size-full wp-image-26598 aligncenter\" src=\"https:\/\/olu-limburg.de\/wp-content\/uploads\/2022\/02\/P1070487_ergebnis.jpg\" alt=\"\" width=\"800\" height=\"600\" srcset=\"https:\/\/olu-limburg.de\/wp-content\/uploads\/2022\/02\/P1070487_ergebnis.jpg 800w, https:\/\/olu-limburg.de\/wp-content\/uploads\/2022\/02\/P1070487_ergebnis-300x225.jpg 300w, https:\/\/olu-limburg.de\/wp-content\/uploads\/2022\/02\/P1070487_ergebnis-768x576.jpg 768w, https:\/\/olu-limburg.de\/wp-content\/uploads\/2022\/02\/P1070487_ergebnis-624x468.jpg 624w\" sizes=\"auto, (max-width: 800px) 100vw, 800px\" \/><\/a><\/p>\n<p><a href=\"https:\/\/olu-limburg.de\/wp-content\/uploads\/2022\/02\/P1070488_ergebnis.jpg\"><img loading=\"lazy\" decoding=\"async\" class=\"size-full wp-image-26599 aligncenter\" src=\"https:\/\/olu-limburg.de\/wp-content\/uploads\/2022\/02\/P1070488_ergebnis.jpg\" alt=\"\" width=\"800\" height=\"600\" srcset=\"https:\/\/olu-limburg.de\/wp-content\/uploads\/2022\/02\/P1070488_ergebnis.jpg 800w, https:\/\/olu-limburg.de\/wp-content\/uploads\/2022\/02\/P1070488_ergebnis-300x225.jpg 300w, https:\/\/olu-limburg.de\/wp-content\/uploads\/2022\/02\/P1070488_ergebnis-768x576.jpg 768w, https:\/\/olu-limburg.de\/wp-content\/uploads\/2022\/02\/P1070488_ergebnis-624x468.jpg 624w\" sizes=\"auto, (max-width: 800px) 100vw, 800px\" \/><\/a><\/p>\n<p>Dort ist dann aber nicht Schlu\u00df. Es geht die Nordroute hinab nach Malauc\u00e8ne und \u00fcber zwei kleinere enge Anstiege nach B\u00e9doin, um daqnn 22 km berghoch zu fahren. Das Ziel ist nach einer halsbrecherischen Abfahrt in Malauc\u00e8ne.<\/p>\n<p>Bei der zweiten Runde \u00fcber den Berg ist von der vorhergehenden Ausreisergruppe nur noch wenig zu sehen. Jetzt sind fast nur noch die Klassementfahrer und einige Bergspezialisten vorne platziert.<\/p>\n<p>Als Erster kommt bei uns Wout van Aert (Jumbo) um 16.56 Uhr vorbei. Er ist der einzig Verbliebene aus einer ehemals 16-k\u00f6pfigen Spitzengruppe. &#8230;<\/p>\n<p><a href=\"https:\/\/olu-limburg.de\/wp-content\/uploads\/2022\/02\/IMG_20210707_165608_ergebnis.jpg\"><img loading=\"lazy\" decoding=\"async\" class=\"size-full wp-image-26601 aligncenter\" src=\"https:\/\/olu-limburg.de\/wp-content\/uploads\/2022\/02\/IMG_20210707_165608_ergebnis.jpg\" alt=\"\" width=\"800\" height=\"600\" srcset=\"https:\/\/olu-limburg.de\/wp-content\/uploads\/2022\/02\/IMG_20210707_165608_ergebnis.jpg 800w, https:\/\/olu-limburg.de\/wp-content\/uploads\/2022\/02\/IMG_20210707_165608_ergebnis-300x225.jpg 300w, https:\/\/olu-limburg.de\/wp-content\/uploads\/2022\/02\/IMG_20210707_165608_ergebnis-768x576.jpg 768w, https:\/\/olu-limburg.de\/wp-content\/uploads\/2022\/02\/IMG_20210707_165608_ergebnis-624x468.jpg 624w\" sizes=\"auto, (max-width: 800px) 100vw, 800px\" \/><\/a><\/p>\n<p>&#8230; gefolgt von seinen ehemaligen Weggef\u00e4hrten Kenny Ellisonde und Bauke Mollema.<\/p>\n<div id=\"attachment_26602\" style=\"width: 810px\" class=\"wp-caption aligncenter\"><a href=\"https:\/\/olu-limburg.de\/wp-content\/uploads\/2022\/02\/IMG_20210707_165731_ergebnis.jpg\"><img loading=\"lazy\" decoding=\"async\" aria-describedby=\"caption-attachment-26602\" class=\"wp-image-26602 size-full\" src=\"https:\/\/olu-limburg.de\/wp-content\/uploads\/2022\/02\/IMG_20210707_165731_ergebnis.jpg\" alt=\"\" width=\"800\" height=\"600\" srcset=\"https:\/\/olu-limburg.de\/wp-content\/uploads\/2022\/02\/IMG_20210707_165731_ergebnis.jpg 800w, https:\/\/olu-limburg.de\/wp-content\/uploads\/2022\/02\/IMG_20210707_165731_ergebnis-300x225.jpg 300w, https:\/\/olu-limburg.de\/wp-content\/uploads\/2022\/02\/IMG_20210707_165731_ergebnis-768x576.jpg 768w, https:\/\/olu-limburg.de\/wp-content\/uploads\/2022\/02\/IMG_20210707_165731_ergebnis-624x468.jpg 624w\" sizes=\"auto, (max-width: 800px) 100vw, 800px\" \/><\/a><p id=\"caption-attachment-26602\" class=\"wp-caption-text\">Bauke Mollema<\/p><\/div>\n<p>Der Hubschrauber &#8222;k\u00fcndigt&#8220; wieder eine gr\u00f6\u00dfere Gruppe an.<\/p>\n<p><a href=\"https:\/\/olu-limburg.de\/wp-content\/uploads\/2022\/02\/IMG_20210707_165946_ergebnis.jpg\"><img loading=\"lazy\" decoding=\"async\" class=\"size-full wp-image-26604 aligncenter\" src=\"https:\/\/olu-limburg.de\/wp-content\/uploads\/2022\/02\/IMG_20210707_165946_ergebnis.jpg\" alt=\"\" width=\"800\" height=\"600\" srcset=\"https:\/\/olu-limburg.de\/wp-content\/uploads\/2022\/02\/IMG_20210707_165946_ergebnis.jpg 800w, https:\/\/olu-limburg.de\/wp-content\/uploads\/2022\/02\/IMG_20210707_165946_ergebnis-300x225.jpg 300w, https:\/\/olu-limburg.de\/wp-content\/uploads\/2022\/02\/IMG_20210707_165946_ergebnis-768x576.jpg 768w, https:\/\/olu-limburg.de\/wp-content\/uploads\/2022\/02\/IMG_20210707_165946_ergebnis-624x468.jpg 624w\" sizes=\"auto, (max-width: 800px) 100vw, 800px\" \/><\/a><\/p>\n<p>Die Nachz\u00fcgler haben jetzt Zeit.<\/p>\n<p>Julian Alaphilippe, bei der ersten \u00dcberquerung noch in der Spitzengruppe, liegt jetzt schon hinter dem Gelben Trikot und ca. 5 Minuten hinter Van Aert zur\u00fcck.<\/p>\n<p><a href=\"https:\/\/olu-limburg.de\/wp-content\/uploads\/2022\/02\/IMG_20210707_170102_ergebnis.jpg\"><img loading=\"lazy\" decoding=\"async\" class=\"size-full wp-image-26605 aligncenter\" src=\"https:\/\/olu-limburg.de\/wp-content\/uploads\/2022\/02\/IMG_20210707_170102_ergebnis.jpg\" alt=\"\" width=\"800\" height=\"600\" srcset=\"https:\/\/olu-limburg.de\/wp-content\/uploads\/2022\/02\/IMG_20210707_170102_ergebnis.jpg 800w, https:\/\/olu-limburg.de\/wp-content\/uploads\/2022\/02\/IMG_20210707_170102_ergebnis-300x225.jpg 300w, https:\/\/olu-limburg.de\/wp-content\/uploads\/2022\/02\/IMG_20210707_170102_ergebnis-768x576.jpg 768w, https:\/\/olu-limburg.de\/wp-content\/uploads\/2022\/02\/IMG_20210707_170102_ergebnis-624x468.jpg 624w\" sizes=\"auto, (max-width: 800px) 100vw, 800px\" \/><\/a><\/p>\n<p><a href=\"https:\/\/olu-limburg.de\/wp-content\/uploads\/2022\/02\/IMG_20210707_170325_ergebnis.jpg\"><img loading=\"lazy\" decoding=\"async\" class=\"size-full wp-image-26606 aligncenter\" src=\"https:\/\/olu-limburg.de\/wp-content\/uploads\/2022\/02\/IMG_20210707_170325_ergebnis.jpg\" alt=\"\" width=\"800\" height=\"600\" srcset=\"https:\/\/olu-limburg.de\/wp-content\/uploads\/2022\/02\/IMG_20210707_170325_ergebnis.jpg 800w, https:\/\/olu-limburg.de\/wp-content\/uploads\/2022\/02\/IMG_20210707_170325_ergebnis-300x225.jpg 300w, https:\/\/olu-limburg.de\/wp-content\/uploads\/2022\/02\/IMG_20210707_170325_ergebnis-768x576.jpg 768w, https:\/\/olu-limburg.de\/wp-content\/uploads\/2022\/02\/IMG_20210707_170325_ergebnis-624x468.jpg 624w\" sizes=\"auto, (max-width: 800px) 100vw, 800px\" \/><\/a><\/p>\n<div id=\"attachment_26607\" style=\"width: 810px\" class=\"wp-caption aligncenter\"><a href=\"https:\/\/olu-limburg.de\/wp-content\/uploads\/2022\/02\/IMG_20210707_170608_ergebnis.jpg\"><img loading=\"lazy\" decoding=\"async\" aria-describedby=\"caption-attachment-26607\" class=\"wp-image-26607 size-full\" src=\"https:\/\/olu-limburg.de\/wp-content\/uploads\/2022\/02\/IMG_20210707_170608_ergebnis.jpg\" alt=\"\" width=\"800\" height=\"600\" srcset=\"https:\/\/olu-limburg.de\/wp-content\/uploads\/2022\/02\/IMG_20210707_170608_ergebnis.jpg 800w, https:\/\/olu-limburg.de\/wp-content\/uploads\/2022\/02\/IMG_20210707_170608_ergebnis-300x225.jpg 300w, https:\/\/olu-limburg.de\/wp-content\/uploads\/2022\/02\/IMG_20210707_170608_ergebnis-768x576.jpg 768w, https:\/\/olu-limburg.de\/wp-content\/uploads\/2022\/02\/IMG_20210707_170608_ergebnis-624x468.jpg 624w\" sizes=\"auto, (max-width: 800px) 100vw, 800px\" \/><\/a><p id=\"caption-attachment-26607\" class=\"wp-caption-text\">Sepp Kuss<\/p><\/div>\n<div id=\"attachment_26608\" style=\"width: 810px\" class=\"wp-caption aligncenter\"><a href=\"https:\/\/olu-limburg.de\/wp-content\/uploads\/2022\/02\/IMG_20210707_170635_ergebnis.jpg\"><img loading=\"lazy\" decoding=\"async\" aria-describedby=\"caption-attachment-26608\" class=\"wp-image-26608 size-full\" src=\"https:\/\/olu-limburg.de\/wp-content\/uploads\/2022\/02\/IMG_20210707_170635_ergebnis.jpg\" alt=\"\" width=\"800\" height=\"600\" srcset=\"https:\/\/olu-limburg.de\/wp-content\/uploads\/2022\/02\/IMG_20210707_170635_ergebnis.jpg 800w, https:\/\/olu-limburg.de\/wp-content\/uploads\/2022\/02\/IMG_20210707_170635_ergebnis-300x225.jpg 300w, https:\/\/olu-limburg.de\/wp-content\/uploads\/2022\/02\/IMG_20210707_170635_ergebnis-768x576.jpg 768w, https:\/\/olu-limburg.de\/wp-content\/uploads\/2022\/02\/IMG_20210707_170635_ergebnis-624x468.jpg 624w\" sizes=\"auto, (max-width: 800px) 100vw, 800px\" \/><\/a><p id=\"caption-attachment-26608\" class=\"wp-caption-text\">Emanuel Buchmann tut sich auch schwer.<\/p><\/div>\n<div id=\"attachment_26609\" style=\"width: 810px\" class=\"wp-caption aligncenter\"><a href=\"https:\/\/olu-limburg.de\/wp-content\/uploads\/2022\/02\/IMG_20210707_171206_ergebnis.jpg\"><img loading=\"lazy\" decoding=\"async\" aria-describedby=\"caption-attachment-26609\" class=\"wp-image-26609 size-full\" src=\"https:\/\/olu-limburg.de\/wp-content\/uploads\/2022\/02\/IMG_20210707_171206_ergebnis.jpg\" alt=\"\" width=\"800\" height=\"600\" srcset=\"https:\/\/olu-limburg.de\/wp-content\/uploads\/2022\/02\/IMG_20210707_171206_ergebnis.jpg 800w, https:\/\/olu-limburg.de\/wp-content\/uploads\/2022\/02\/IMG_20210707_171206_ergebnis-300x225.jpg 300w, https:\/\/olu-limburg.de\/wp-content\/uploads\/2022\/02\/IMG_20210707_171206_ergebnis-768x576.jpg 768w, https:\/\/olu-limburg.de\/wp-content\/uploads\/2022\/02\/IMG_20210707_171206_ergebnis-624x468.jpg 624w\" sizes=\"auto, (max-width: 800px) 100vw, 800px\" \/><\/a><p id=\"caption-attachment-26609\" class=\"wp-caption-text\">Jesus Herrada und Simon Geschke<\/p><\/div>\n<div id=\"attachment_26610\" style=\"width: 810px\" class=\"wp-caption aligncenter\"><a href=\"https:\/\/olu-limburg.de\/wp-content\/uploads\/2022\/02\/IMG_20210707_171542_ergebnis.jpg\"><img loading=\"lazy\" decoding=\"async\" aria-describedby=\"caption-attachment-26610\" class=\"wp-image-26610 size-full\" src=\"https:\/\/olu-limburg.de\/wp-content\/uploads\/2022\/02\/IMG_20210707_171542_ergebnis.jpg\" alt=\"\" width=\"800\" height=\"600\" srcset=\"https:\/\/olu-limburg.de\/wp-content\/uploads\/2022\/02\/IMG_20210707_171542_ergebnis.jpg 800w, https:\/\/olu-limburg.de\/wp-content\/uploads\/2022\/02\/IMG_20210707_171542_ergebnis-300x225.jpg 300w, https:\/\/olu-limburg.de\/wp-content\/uploads\/2022\/02\/IMG_20210707_171542_ergebnis-768x576.jpg 768w, https:\/\/olu-limburg.de\/wp-content\/uploads\/2022\/02\/IMG_20210707_171542_ergebnis-624x468.jpg 624w\" sizes=\"auto, (max-width: 800px) 100vw, 800px\" \/><\/a><p id=\"caption-attachment-26610\" class=\"wp-caption-text\">Nils Politt war am Anfang auch in der 16-k\u00f6pfigen Spitzengruppe. Jetzt geht es nur noch ums \u00dcberleben.<\/p><\/div>\n<div id=\"attachment_26611\" style=\"width: 810px\" class=\"wp-caption aligncenter\"><a href=\"https:\/\/olu-limburg.de\/wp-content\/uploads\/2022\/02\/IMG_20210707_172147_ergebnis.jpg\"><img loading=\"lazy\" decoding=\"async\" aria-describedby=\"caption-attachment-26611\" class=\"wp-image-26611 size-full\" src=\"https:\/\/olu-limburg.de\/wp-content\/uploads\/2022\/02\/IMG_20210707_172147_ergebnis.jpg\" alt=\"\" width=\"800\" height=\"600\" srcset=\"https:\/\/olu-limburg.de\/wp-content\/uploads\/2022\/02\/IMG_20210707_172147_ergebnis.jpg 800w, https:\/\/olu-limburg.de\/wp-content\/uploads\/2022\/02\/IMG_20210707_172147_ergebnis-300x225.jpg 300w, https:\/\/olu-limburg.de\/wp-content\/uploads\/2022\/02\/IMG_20210707_172147_ergebnis-768x576.jpg 768w, https:\/\/olu-limburg.de\/wp-content\/uploads\/2022\/02\/IMG_20210707_172147_ergebnis-624x468.jpg 624w\" sizes=\"auto, (max-width: 800px) 100vw, 800px\" \/><\/a><p id=\"caption-attachment-26611\" class=\"wp-caption-text\">Chris Froome ist zwar Leader seiner Mannschaft. Seine Leistungen sind davon aber meilenweit entfernt, und hier ist er bereits 24 Minuten hinter Van Aert.<\/p><\/div>\n<div id=\"attachment_26612\" style=\"width: 810px\" class=\"wp-caption aligncenter\"><a href=\"https:\/\/olu-limburg.de\/wp-content\/uploads\/2022\/02\/IMG_20210707_172443_ergebnis.jpg\"><img loading=\"lazy\" decoding=\"async\" aria-describedby=\"caption-attachment-26612\" class=\"wp-image-26612 size-full\" src=\"https:\/\/olu-limburg.de\/wp-content\/uploads\/2022\/02\/IMG_20210707_172443_ergebnis.jpg\" alt=\"\" width=\"800\" height=\"600\" srcset=\"https:\/\/olu-limburg.de\/wp-content\/uploads\/2022\/02\/IMG_20210707_172443_ergebnis.jpg 800w, https:\/\/olu-limburg.de\/wp-content\/uploads\/2022\/02\/IMG_20210707_172443_ergebnis-300x225.jpg 300w, https:\/\/olu-limburg.de\/wp-content\/uploads\/2022\/02\/IMG_20210707_172443_ergebnis-768x576.jpg 768w, https:\/\/olu-limburg.de\/wp-content\/uploads\/2022\/02\/IMG_20210707_172443_ergebnis-624x468.jpg 624w\" sizes=\"auto, (max-width: 800px) 100vw, 800px\" \/><\/a><p id=\"caption-attachment-26612\" class=\"wp-caption-text\">Nairo Quintana, der Tr\u00e4ger des Bergtrikots und einstiger Spitzenfahrer ist nochmals 3 Minuten weiter hinter dem F\u00fchrenden.<\/p><\/div>\n<p>Im Wohnmobil sehen wir dann die Zieleinfahrt von Wout Van Aert in Malauc\u00e8ne auf dem Fernseher.<\/p>\n<p><a href=\"https:\/\/olu-limburg.de\/wp-content\/uploads\/2022\/02\/IMG_20210707_173353_ergebnis.jpg\"><img loading=\"lazy\" decoding=\"async\" class=\"size-full wp-image-26613 aligncenter\" src=\"https:\/\/olu-limburg.de\/wp-content\/uploads\/2022\/02\/IMG_20210707_173353_ergebnis.jpg\" alt=\"\" width=\"800\" height=\"600\" srcset=\"https:\/\/olu-limburg.de\/wp-content\/uploads\/2022\/02\/IMG_20210707_173353_ergebnis.jpg 800w, https:\/\/olu-limburg.de\/wp-content\/uploads\/2022\/02\/IMG_20210707_173353_ergebnis-300x225.jpg 300w, https:\/\/olu-limburg.de\/wp-content\/uploads\/2022\/02\/IMG_20210707_173353_ergebnis-768x576.jpg 768w, https:\/\/olu-limburg.de\/wp-content\/uploads\/2022\/02\/IMG_20210707_173353_ergebnis-624x468.jpg 624w\" sizes=\"auto, (max-width: 800px) 100vw, 800px\" \/><\/a><\/p>\n<p>Nach Kenny Elissonde und Bauke Mollema kommt die Vierergruppe mit Tadej Pogacar, Rigoberto Uran, Richard Carapaz und Jonas Vingegaard ins Ziel.<\/p>\n<p><a href=\"https:\/\/olu-limburg.de\/wp-content\/uploads\/2022\/02\/IMG_20210707_173533_ergebnis.jpg\"><img loading=\"lazy\" decoding=\"async\" class=\"size-full wp-image-26614 aligncenter\" src=\"https:\/\/olu-limburg.de\/wp-content\/uploads\/2022\/02\/IMG_20210707_173533_ergebnis.jpg\" alt=\"\" width=\"800\" height=\"600\" srcset=\"https:\/\/olu-limburg.de\/wp-content\/uploads\/2022\/02\/IMG_20210707_173533_ergebnis.jpg 800w, https:\/\/olu-limburg.de\/wp-content\/uploads\/2022\/02\/IMG_20210707_173533_ergebnis-300x225.jpg 300w, https:\/\/olu-limburg.de\/wp-content\/uploads\/2022\/02\/IMG_20210707_173533_ergebnis-768x576.jpg 768w, https:\/\/olu-limburg.de\/wp-content\/uploads\/2022\/02\/IMG_20210707_173533_ergebnis-624x468.jpg 624w\" sizes=\"auto, (max-width: 800px) 100vw, 800px\" \/><\/a><\/p>\n<p>Unser Highlight dieser Reise &#8211; die Tour ist vorbei. Auf dem Platz wird teilweise schon gepackt. Ich halte dies noch f\u00fcr viel zu fr\u00fch, denn weiter unten sind bestimmt noch zahlreiche Fu\u00dfg\u00e4nger unterwegs. Wir haben deshalb beschlossen, erst morgen den Berg runter zu fahren.<\/p>\n<p>\u00dcber Carpentras, Avignon und Arles fahren wir am Donnerstag, den 08.07.2021, in das Gebiet der Camargue. Les Stes. Maries de la Mer ist unser Ziel. Wir fahren zum Campingplatz &#8222;La Brise&#8220; und genie\u00dfen noch einige sch\u00f6ne Tage.<\/p>\n<div id=\"attachment_26709\" style=\"width: 1450px\" class=\"wp-caption aligncenter\"><a href=\"https:\/\/olu-limburg.de\/wp-content\/uploads\/2022\/02\/IMG-20210708-WA0005.jpg\"><img loading=\"lazy\" decoding=\"async\" aria-describedby=\"caption-attachment-26709\" class=\"wp-image-26709 size-full\" src=\"https:\/\/olu-limburg.de\/wp-content\/uploads\/2022\/02\/IMG-20210708-WA0005.jpg\" alt=\"\" width=\"1440\" height=\"648\" srcset=\"https:\/\/olu-limburg.de\/wp-content\/uploads\/2022\/02\/IMG-20210708-WA0005.jpg 1440w, https:\/\/olu-limburg.de\/wp-content\/uploads\/2022\/02\/IMG-20210708-WA0005-300x135.jpg 300w, https:\/\/olu-limburg.de\/wp-content\/uploads\/2022\/02\/IMG-20210708-WA0005-1024x461.jpg 1024w, https:\/\/olu-limburg.de\/wp-content\/uploads\/2022\/02\/IMG-20210708-WA0005-768x346.jpg 768w, https:\/\/olu-limburg.de\/wp-content\/uploads\/2022\/02\/IMG-20210708-WA0005-624x281.jpg 624w\" sizes=\"auto, (max-width: 1440px) 100vw, 1440px\" \/><\/a><p id=\"caption-attachment-26709\" class=\"wp-caption-text\">Wir n\u00e4hern uns Avignon.<\/p><\/div>\n<p><a href=\"https:\/\/olu-limburg.de\/wp-content\/uploads\/2022\/02\/IMG-20210708-WA0006.jpg\"><img loading=\"lazy\" decoding=\"async\" class=\"size-full wp-image-26710 aligncenter\" src=\"https:\/\/olu-limburg.de\/wp-content\/uploads\/2022\/02\/IMG-20210708-WA0006.jpg\" alt=\"\" width=\"1440\" height=\"648\" srcset=\"https:\/\/olu-limburg.de\/wp-content\/uploads\/2022\/02\/IMG-20210708-WA0006.jpg 1440w, https:\/\/olu-limburg.de\/wp-content\/uploads\/2022\/02\/IMG-20210708-WA0006-300x135.jpg 300w, https:\/\/olu-limburg.de\/wp-content\/uploads\/2022\/02\/IMG-20210708-WA0006-1024x461.jpg 1024w, https:\/\/olu-limburg.de\/wp-content\/uploads\/2022\/02\/IMG-20210708-WA0006-768x346.jpg 768w, https:\/\/olu-limburg.de\/wp-content\/uploads\/2022\/02\/IMG-20210708-WA0006-624x281.jpg 624w\" sizes=\"auto, (max-width: 1440px) 100vw, 1440px\" \/><\/a><\/p>\n<p><a href=\"https:\/\/olu-limburg.de\/wp-content\/uploads\/2022\/02\/IMG-20210708-WA0009.jpg\"><img loading=\"lazy\" decoding=\"async\" class=\"size-full wp-image-26711 aligncenter\" src=\"https:\/\/olu-limburg.de\/wp-content\/uploads\/2022\/02\/IMG-20210708-WA0009.jpg\" alt=\"\" width=\"1440\" height=\"648\" srcset=\"https:\/\/olu-limburg.de\/wp-content\/uploads\/2022\/02\/IMG-20210708-WA0009.jpg 1440w, https:\/\/olu-limburg.de\/wp-content\/uploads\/2022\/02\/IMG-20210708-WA0009-300x135.jpg 300w, https:\/\/olu-limburg.de\/wp-content\/uploads\/2022\/02\/IMG-20210708-WA0009-1024x461.jpg 1024w, https:\/\/olu-limburg.de\/wp-content\/uploads\/2022\/02\/IMG-20210708-WA0009-768x346.jpg 768w, https:\/\/olu-limburg.de\/wp-content\/uploads\/2022\/02\/IMG-20210708-WA0009-624x281.jpg 624w\" sizes=\"auto, (max-width: 1440px) 100vw, 1440px\" \/><\/a><\/p>\n<div id=\"attachment_26712\" style=\"width: 460px\" class=\"wp-caption aligncenter\"><a href=\"https:\/\/olu-limburg.de\/wp-content\/uploads\/2022\/02\/IMG-20210708-WA0016-e1645454697406.jpg\"><img loading=\"lazy\" decoding=\"async\" aria-describedby=\"caption-attachment-26712\" class=\"wp-image-26712 size-full\" src=\"https:\/\/olu-limburg.de\/wp-content\/uploads\/2022\/02\/IMG-20210708-WA0016-e1645454697406.jpg\" alt=\"\" width=\"450\" height=\"1000\" \/><\/a><p id=\"caption-attachment-26712\" class=\"wp-caption-text\">Kulturkomplex Luma Arles von Frank Gehry entworfen<\/p><\/div>\n<p><a href=\"https:\/\/olu-limburg.de\/wp-content\/uploads\/2022\/02\/IMG-20210708-WA0018.jpg\"><img loading=\"lazy\" decoding=\"async\" class=\"size-full wp-image-26713 aligncenter\" src=\"https:\/\/olu-limburg.de\/wp-content\/uploads\/2022\/02\/IMG-20210708-WA0018.jpg\" alt=\"\" width=\"1440\" height=\"648\" srcset=\"https:\/\/olu-limburg.de\/wp-content\/uploads\/2022\/02\/IMG-20210708-WA0018.jpg 1440w, https:\/\/olu-limburg.de\/wp-content\/uploads\/2022\/02\/IMG-20210708-WA0018-300x135.jpg 300w, https:\/\/olu-limburg.de\/wp-content\/uploads\/2022\/02\/IMG-20210708-WA0018-1024x461.jpg 1024w, https:\/\/olu-limburg.de\/wp-content\/uploads\/2022\/02\/IMG-20210708-WA0018-768x346.jpg 768w, https:\/\/olu-limburg.de\/wp-content\/uploads\/2022\/02\/IMG-20210708-WA0018-624x281.jpg 624w\" sizes=\"auto, (max-width: 1440px) 100vw, 1440px\" \/><\/a><\/p>\n<p><a href=\"https:\/\/olu-limburg.de\/wp-content\/uploads\/2022\/02\/IMG-20210708-WA0025.jpg\"><img loading=\"lazy\" decoding=\"async\" class=\"size-full wp-image-26714 aligncenter\" src=\"https:\/\/olu-limburg.de\/wp-content\/uploads\/2022\/02\/IMG-20210708-WA0025.jpg\" alt=\"\" width=\"1440\" height=\"648\" srcset=\"https:\/\/olu-limburg.de\/wp-content\/uploads\/2022\/02\/IMG-20210708-WA0025.jpg 1440w, https:\/\/olu-limburg.de\/wp-content\/uploads\/2022\/02\/IMG-20210708-WA0025-300x135.jpg 300w, https:\/\/olu-limburg.de\/wp-content\/uploads\/2022\/02\/IMG-20210708-WA0025-1024x461.jpg 1024w, https:\/\/olu-limburg.de\/wp-content\/uploads\/2022\/02\/IMG-20210708-WA0025-768x346.jpg 768w, https:\/\/olu-limburg.de\/wp-content\/uploads\/2022\/02\/IMG-20210708-WA0025-624x281.jpg 624w\" sizes=\"auto, (max-width: 1440px) 100vw, 1440px\" \/><\/a><\/p>\n<p><a href=\"https:\/\/olu-limburg.de\/wp-content\/uploads\/2022\/02\/IMG-20210708-WA0029.jpg\"><img loading=\"lazy\" decoding=\"async\" class=\"size-full wp-image-26715 aligncenter\" src=\"https:\/\/olu-limburg.de\/wp-content\/uploads\/2022\/02\/IMG-20210708-WA0029.jpg\" alt=\"\" width=\"1440\" height=\"648\" srcset=\"https:\/\/olu-limburg.de\/wp-content\/uploads\/2022\/02\/IMG-20210708-WA0029.jpg 1440w, https:\/\/olu-limburg.de\/wp-content\/uploads\/2022\/02\/IMG-20210708-WA0029-300x135.jpg 300w, https:\/\/olu-limburg.de\/wp-content\/uploads\/2022\/02\/IMG-20210708-WA0029-1024x461.jpg 1024w, https:\/\/olu-limburg.de\/wp-content\/uploads\/2022\/02\/IMG-20210708-WA0029-768x346.jpg 768w, https:\/\/olu-limburg.de\/wp-content\/uploads\/2022\/02\/IMG-20210708-WA0029-624x281.jpg 624w\" sizes=\"auto, (max-width: 1440px) 100vw, 1440px\" \/><\/a><\/p>\n<p>Les Saintes Maries de la Mer ist f\u00fcr uns seit 1974 &#8222;Kult&#8220;. F\u00fcr unseren j\u00fcngsten Sohn ist es auch einer seiner liebsten Urlaubsorte. Unsere Wohnmobilbleibe ist f\u00fcr die n\u00e4chsten Tage gekl\u00e4rt, also nichts wie ab in den Ort.<\/p>\n<p><a href=\"https:\/\/olu-limburg.de\/wp-content\/uploads\/2022\/02\/P1070517_ergebnis.jpg\"><img loading=\"lazy\" decoding=\"async\" class=\"size-full wp-image-26679 aligncenter\" src=\"https:\/\/olu-limburg.de\/wp-content\/uploads\/2022\/02\/P1070517_ergebnis.jpg\" alt=\"\" width=\"800\" height=\"600\" srcset=\"https:\/\/olu-limburg.de\/wp-content\/uploads\/2022\/02\/P1070517_ergebnis.jpg 800w, https:\/\/olu-limburg.de\/wp-content\/uploads\/2022\/02\/P1070517_ergebnis-300x225.jpg 300w, https:\/\/olu-limburg.de\/wp-content\/uploads\/2022\/02\/P1070517_ergebnis-768x576.jpg 768w, https:\/\/olu-limburg.de\/wp-content\/uploads\/2022\/02\/P1070517_ergebnis-624x468.jpg 624w\" sizes=\"auto, (max-width: 800px) 100vw, 800px\" \/><\/a><\/p>\n<p><a href=\"https:\/\/olu-limburg.de\/wp-content\/uploads\/2022\/02\/IMG_20210708_131823_ergebnis.jpg\"><img loading=\"lazy\" decoding=\"async\" class=\"size-full wp-image-26620 aligncenter\" src=\"https:\/\/olu-limburg.de\/wp-content\/uploads\/2022\/02\/IMG_20210708_131823_ergebnis.jpg\" alt=\"\" width=\"800\" height=\"600\" srcset=\"https:\/\/olu-limburg.de\/wp-content\/uploads\/2022\/02\/IMG_20210708_131823_ergebnis.jpg 800w, https:\/\/olu-limburg.de\/wp-content\/uploads\/2022\/02\/IMG_20210708_131823_ergebnis-300x225.jpg 300w, https:\/\/olu-limburg.de\/wp-content\/uploads\/2022\/02\/IMG_20210708_131823_ergebnis-768x576.jpg 768w, https:\/\/olu-limburg.de\/wp-content\/uploads\/2022\/02\/IMG_20210708_131823_ergebnis-624x468.jpg 624w\" sizes=\"auto, (max-width: 800px) 100vw, 800px\" \/><\/a><\/p>\n<p><a href=\"https:\/\/olu-limburg.de\/wp-content\/uploads\/2022\/02\/IMG_20210708_133813_ergebnis-e1645285481770.jpg\"><img loading=\"lazy\" decoding=\"async\" class=\"size-full wp-image-26621 aligncenter\" src=\"https:\/\/olu-limburg.de\/wp-content\/uploads\/2022\/02\/IMG_20210708_133813_ergebnis-e1645285481770.jpg\" alt=\"\" width=\"450\" height=\"600\" \/><\/a><\/p>\n<div id=\"attachment_26622\" style=\"width: 810px\" class=\"wp-caption aligncenter\"><a href=\"https:\/\/olu-limburg.de\/wp-content\/uploads\/2022\/02\/IMG_20210708_135646_ergebnis.jpg\"><img loading=\"lazy\" decoding=\"async\" aria-describedby=\"caption-attachment-26622\" class=\"wp-image-26622 size-full\" src=\"https:\/\/olu-limburg.de\/wp-content\/uploads\/2022\/02\/IMG_20210708_135646_ergebnis.jpg\" alt=\"\" width=\"800\" height=\"600\" srcset=\"https:\/\/olu-limburg.de\/wp-content\/uploads\/2022\/02\/IMG_20210708_135646_ergebnis.jpg 800w, https:\/\/olu-limburg.de\/wp-content\/uploads\/2022\/02\/IMG_20210708_135646_ergebnis-300x225.jpg 300w, https:\/\/olu-limburg.de\/wp-content\/uploads\/2022\/02\/IMG_20210708_135646_ergebnis-768x576.jpg 768w, https:\/\/olu-limburg.de\/wp-content\/uploads\/2022\/02\/IMG_20210708_135646_ergebnis-624x468.jpg 624w\" sizes=\"auto, (max-width: 800px) 100vw, 800px\" \/><\/a><p id=\"caption-attachment-26622\" class=\"wp-caption-text\">Essen mit Musikuntermalung<\/p><\/div>\n<p><a href=\"https:\/\/olu-limburg.de\/wp-content\/uploads\/2022\/02\/IMG_20210708_143027_ergebnis.jpg\"><img loading=\"lazy\" decoding=\"async\" class=\"size-full wp-image-26623 aligncenter\" src=\"https:\/\/olu-limburg.de\/wp-content\/uploads\/2022\/02\/IMG_20210708_143027_ergebnis.jpg\" alt=\"\" width=\"800\" height=\"600\" srcset=\"https:\/\/olu-limburg.de\/wp-content\/uploads\/2022\/02\/IMG_20210708_143027_ergebnis.jpg 800w, https:\/\/olu-limburg.de\/wp-content\/uploads\/2022\/02\/IMG_20210708_143027_ergebnis-300x225.jpg 300w, https:\/\/olu-limburg.de\/wp-content\/uploads\/2022\/02\/IMG_20210708_143027_ergebnis-768x576.jpg 768w, https:\/\/olu-limburg.de\/wp-content\/uploads\/2022\/02\/IMG_20210708_143027_ergebnis-624x468.jpg 624w\" sizes=\"auto, (max-width: 800px) 100vw, 800px\" \/><\/a><\/p>\n<p><a href=\"https:\/\/olu-limburg.de\/wp-content\/uploads\/2022\/02\/IMG_20210708_143108_ergebnis-e1645285569932.jpg\"><img loading=\"lazy\" decoding=\"async\" class=\"size-full wp-image-26624 alignleft\" src=\"https:\/\/olu-limburg.de\/wp-content\/uploads\/2022\/02\/IMG_20210708_143108_ergebnis-e1645285569932.jpg\" alt=\"\" width=\"450\" height=\"600\" \/><\/a><\/p>\n<p><a href=\"https:\/\/olu-limburg.de\/wp-content\/uploads\/2022\/02\/IMG_20210708_143217_ergebnis-e1645285588368.jpg\"><img loading=\"lazy\" decoding=\"async\" class=\"size-full wp-image-26625 alignright\" src=\"https:\/\/olu-limburg.de\/wp-content\/uploads\/2022\/02\/IMG_20210708_143217_ergebnis-e1645285588368.jpg\" alt=\"\" width=\"450\" height=\"600\" \/><\/a><\/p>\n<p><a href=\"https:\/\/olu-limburg.de\/wp-content\/uploads\/2022\/02\/IMG_20210708_144437_ergebnis.jpg\"><img loading=\"lazy\" decoding=\"async\" class=\"size-full wp-image-26627 aligncenter\" src=\"https:\/\/olu-limburg.de\/wp-content\/uploads\/2022\/02\/IMG_20210708_144437_ergebnis.jpg\" alt=\"\" width=\"800\" height=\"600\" srcset=\"https:\/\/olu-limburg.de\/wp-content\/uploads\/2022\/02\/IMG_20210708_144437_ergebnis.jpg 800w, https:\/\/olu-limburg.de\/wp-content\/uploads\/2022\/02\/IMG_20210708_144437_ergebnis-300x225.jpg 300w, https:\/\/olu-limburg.de\/wp-content\/uploads\/2022\/02\/IMG_20210708_144437_ergebnis-768x576.jpg 768w, https:\/\/olu-limburg.de\/wp-content\/uploads\/2022\/02\/IMG_20210708_144437_ergebnis-624x468.jpg 624w\" sizes=\"auto, (max-width: 800px) 100vw, 800px\" \/><\/a><\/p>\n<p><a href=\"https:\/\/olu-limburg.de\/wp-content\/uploads\/2022\/02\/IMG_20210708_144629_ergebnis.jpg\"><img loading=\"lazy\" decoding=\"async\" class=\"size-full wp-image-26628 aligncenter\" src=\"https:\/\/olu-limburg.de\/wp-content\/uploads\/2022\/02\/IMG_20210708_144629_ergebnis.jpg\" alt=\"\" width=\"800\" height=\"600\" srcset=\"https:\/\/olu-limburg.de\/wp-content\/uploads\/2022\/02\/IMG_20210708_144629_ergebnis.jpg 800w, https:\/\/olu-limburg.de\/wp-content\/uploads\/2022\/02\/IMG_20210708_144629_ergebnis-300x225.jpg 300w, https:\/\/olu-limburg.de\/wp-content\/uploads\/2022\/02\/IMG_20210708_144629_ergebnis-768x576.jpg 768w, https:\/\/olu-limburg.de\/wp-content\/uploads\/2022\/02\/IMG_20210708_144629_ergebnis-624x468.jpg 624w\" sizes=\"auto, (max-width: 800px) 100vw, 800px\" \/><\/a><\/p>\n<p><a href=\"https:\/\/olu-limburg.de\/wp-content\/uploads\/2022\/02\/IMG-20210708-WA0056.jpg\"><img loading=\"lazy\" decoding=\"async\" class=\"size-full wp-image-26718 aligncenter\" src=\"https:\/\/olu-limburg.de\/wp-content\/uploads\/2022\/02\/IMG-20210708-WA0056.jpg\" alt=\"\" width=\"1440\" height=\"648\" srcset=\"https:\/\/olu-limburg.de\/wp-content\/uploads\/2022\/02\/IMG-20210708-WA0056.jpg 1440w, https:\/\/olu-limburg.de\/wp-content\/uploads\/2022\/02\/IMG-20210708-WA0056-300x135.jpg 300w, https:\/\/olu-limburg.de\/wp-content\/uploads\/2022\/02\/IMG-20210708-WA0056-1024x461.jpg 1024w, https:\/\/olu-limburg.de\/wp-content\/uploads\/2022\/02\/IMG-20210708-WA0056-768x346.jpg 768w, https:\/\/olu-limburg.de\/wp-content\/uploads\/2022\/02\/IMG-20210708-WA0056-624x281.jpg 624w\" sizes=\"auto, (max-width: 1440px) 100vw, 1440px\" \/><\/a><\/p>\n<p><a href=\"https:\/\/olu-limburg.de\/wp-content\/uploads\/2022\/02\/IMG_20210708_145431_ergebnis.jpg\"><img loading=\"lazy\" decoding=\"async\" class=\"size-full wp-image-26629 aligncenter\" src=\"https:\/\/olu-limburg.de\/wp-content\/uploads\/2022\/02\/IMG_20210708_145431_ergebnis.jpg\" alt=\"\" width=\"800\" height=\"600\" srcset=\"https:\/\/olu-limburg.de\/wp-content\/uploads\/2022\/02\/IMG_20210708_145431_ergebnis.jpg 800w, https:\/\/olu-limburg.de\/wp-content\/uploads\/2022\/02\/IMG_20210708_145431_ergebnis-300x225.jpg 300w, https:\/\/olu-limburg.de\/wp-content\/uploads\/2022\/02\/IMG_20210708_145431_ergebnis-768x576.jpg 768w, https:\/\/olu-limburg.de\/wp-content\/uploads\/2022\/02\/IMG_20210708_145431_ergebnis-624x468.jpg 624w\" sizes=\"auto, (max-width: 800px) 100vw, 800px\" \/><\/a><\/p>\n<div id=\"attachment_26630\" style=\"width: 810px\" class=\"wp-caption aligncenter\"><a href=\"https:\/\/olu-limburg.de\/wp-content\/uploads\/2022\/02\/IMG_20210708_205531_ergebnis.jpg\"><img loading=\"lazy\" decoding=\"async\" aria-describedby=\"caption-attachment-26630\" class=\"wp-image-26630 size-full\" src=\"https:\/\/olu-limburg.de\/wp-content\/uploads\/2022\/02\/IMG_20210708_205531_ergebnis.jpg\" alt=\"\" width=\"800\" height=\"600\" srcset=\"https:\/\/olu-limburg.de\/wp-content\/uploads\/2022\/02\/IMG_20210708_205531_ergebnis.jpg 800w, https:\/\/olu-limburg.de\/wp-content\/uploads\/2022\/02\/IMG_20210708_205531_ergebnis-300x225.jpg 300w, https:\/\/olu-limburg.de\/wp-content\/uploads\/2022\/02\/IMG_20210708_205531_ergebnis-768x576.jpg 768w, https:\/\/olu-limburg.de\/wp-content\/uploads\/2022\/02\/IMG_20210708_205531_ergebnis-624x468.jpg 624w\" sizes=\"auto, (max-width: 800px) 100vw, 800px\" \/><\/a><p id=\"caption-attachment-26630\" class=\"wp-caption-text\">Camping &#8222;La Brise&#8220;<\/p><\/div>\n<p><a href=\"https:\/\/olu-limburg.de\/wp-content\/uploads\/2022\/02\/IMG_20210708_211331_ergebnis.jpg\"><img loading=\"lazy\" decoding=\"async\" class=\"size-full wp-image-26631 aligncenter\" src=\"https:\/\/olu-limburg.de\/wp-content\/uploads\/2022\/02\/IMG_20210708_211331_ergebnis.jpg\" alt=\"\" width=\"800\" height=\"600\" srcset=\"https:\/\/olu-limburg.de\/wp-content\/uploads\/2022\/02\/IMG_20210708_211331_ergebnis.jpg 800w, https:\/\/olu-limburg.de\/wp-content\/uploads\/2022\/02\/IMG_20210708_211331_ergebnis-300x225.jpg 300w, https:\/\/olu-limburg.de\/wp-content\/uploads\/2022\/02\/IMG_20210708_211331_ergebnis-768x576.jpg 768w, https:\/\/olu-limburg.de\/wp-content\/uploads\/2022\/02\/IMG_20210708_211331_ergebnis-624x468.jpg 624w\" sizes=\"auto, (max-width: 800px) 100vw, 800px\" \/><\/a><\/p>\n<p>Am Freitagmorgen ist in Sts. Maries gro\u00dfer Markt.<\/p>\n<p><a href=\"https:\/\/olu-limburg.de\/wp-content\/uploads\/2022\/02\/P1070490_ergebnis.jpg\"><img loading=\"lazy\" decoding=\"async\" class=\"alignnone size-full wp-image-26638\" src=\"https:\/\/olu-limburg.de\/wp-content\/uploads\/2022\/02\/P1070490_ergebnis.jpg\" alt=\"\" width=\"800\" height=\"600\" srcset=\"https:\/\/olu-limburg.de\/wp-content\/uploads\/2022\/02\/P1070490_ergebnis.jpg 800w, https:\/\/olu-limburg.de\/wp-content\/uploads\/2022\/02\/P1070490_ergebnis-300x225.jpg 300w, https:\/\/olu-limburg.de\/wp-content\/uploads\/2022\/02\/P1070490_ergebnis-768x576.jpg 768w, https:\/\/olu-limburg.de\/wp-content\/uploads\/2022\/02\/P1070490_ergebnis-624x468.jpg 624w\" sizes=\"auto, (max-width: 800px) 100vw, 800px\" \/><\/a><\/p>\n<p><a href=\"https:\/\/olu-limburg.de\/wp-content\/uploads\/2022\/02\/P1070492_ergebnis.jpg\"><img loading=\"lazy\" decoding=\"async\" class=\"alignnone size-full wp-image-26639\" src=\"https:\/\/olu-limburg.de\/wp-content\/uploads\/2022\/02\/P1070492_ergebnis.jpg\" alt=\"\" width=\"800\" height=\"600\" srcset=\"https:\/\/olu-limburg.de\/wp-content\/uploads\/2022\/02\/P1070492_ergebnis.jpg 800w, https:\/\/olu-limburg.de\/wp-content\/uploads\/2022\/02\/P1070492_ergebnis-300x225.jpg 300w, https:\/\/olu-limburg.de\/wp-content\/uploads\/2022\/02\/P1070492_ergebnis-768x576.jpg 768w, https:\/\/olu-limburg.de\/wp-content\/uploads\/2022\/02\/P1070492_ergebnis-624x468.jpg 624w\" sizes=\"auto, (max-width: 800px) 100vw, 800px\" \/><\/a><\/p>\n<div id=\"attachment_26640\" style=\"width: 810px\" class=\"wp-caption alignnone\"><a href=\"https:\/\/olu-limburg.de\/wp-content\/uploads\/2022\/02\/P1070493_ergebnis.jpg\"><img loading=\"lazy\" decoding=\"async\" aria-describedby=\"caption-attachment-26640\" class=\"wp-image-26640 size-full\" src=\"https:\/\/olu-limburg.de\/wp-content\/uploads\/2022\/02\/P1070493_ergebnis.jpg\" alt=\"\" width=\"800\" height=\"600\" srcset=\"https:\/\/olu-limburg.de\/wp-content\/uploads\/2022\/02\/P1070493_ergebnis.jpg 800w, https:\/\/olu-limburg.de\/wp-content\/uploads\/2022\/02\/P1070493_ergebnis-300x225.jpg 300w, https:\/\/olu-limburg.de\/wp-content\/uploads\/2022\/02\/P1070493_ergebnis-768x576.jpg 768w, https:\/\/olu-limburg.de\/wp-content\/uploads\/2022\/02\/P1070493_ergebnis-624x468.jpg 624w\" sizes=\"auto, (max-width: 800px) 100vw, 800px\" \/><\/a><p id=\"caption-attachment-26640\" class=\"wp-caption-text\">In den Restaurants wird so langsam mit den Vorbereitungen begonnen.<\/p><\/div>\n<p>Wir schauen im &#8222;O Pica Pica&#8220;, gegen\u00fcber der Arena, vorbei und lassen uns eine Portion Tellines bringen. Die K\u00fcche ist auf &#8222;A la plancha&#8220;-Gerichte spezialisiert.<\/p>\n<p><a href=\"https:\/\/olu-limburg.de\/wp-content\/uploads\/2022\/02\/IMG_20210709_115827_ergebnis.jpg\"><img loading=\"lazy\" decoding=\"async\" class=\"wp-image-26634 size-full aligncenter\" src=\"https:\/\/olu-limburg.de\/wp-content\/uploads\/2022\/02\/IMG_20210709_115827_ergebnis.jpg\" alt=\"\" width=\"800\" height=\"600\" srcset=\"https:\/\/olu-limburg.de\/wp-content\/uploads\/2022\/02\/IMG_20210709_115827_ergebnis.jpg 800w, https:\/\/olu-limburg.de\/wp-content\/uploads\/2022\/02\/IMG_20210709_115827_ergebnis-300x225.jpg 300w, https:\/\/olu-limburg.de\/wp-content\/uploads\/2022\/02\/IMG_20210709_115827_ergebnis-768x576.jpg 768w, https:\/\/olu-limburg.de\/wp-content\/uploads\/2022\/02\/IMG_20210709_115827_ergebnis-624x468.jpg 624w\" sizes=\"auto, (max-width: 800px) 100vw, 800px\" \/><\/a><\/p>\n<p><a href=\"https:\/\/olu-limburg.de\/wp-content\/uploads\/2022\/02\/IMG_20210709_113815_ergebnis.jpg\"><img loading=\"lazy\" decoding=\"async\" class=\"size-full wp-image-26633 aligncenter\" src=\"https:\/\/olu-limburg.de\/wp-content\/uploads\/2022\/02\/IMG_20210709_113815_ergebnis.jpg\" alt=\"\" width=\"800\" height=\"600\" srcset=\"https:\/\/olu-limburg.de\/wp-content\/uploads\/2022\/02\/IMG_20210709_113815_ergebnis.jpg 800w, https:\/\/olu-limburg.de\/wp-content\/uploads\/2022\/02\/IMG_20210709_113815_ergebnis-300x225.jpg 300w, https:\/\/olu-limburg.de\/wp-content\/uploads\/2022\/02\/IMG_20210709_113815_ergebnis-768x576.jpg 768w, https:\/\/olu-limburg.de\/wp-content\/uploads\/2022\/02\/IMG_20210709_113815_ergebnis-624x468.jpg 624w\" sizes=\"auto, (max-width: 800px) 100vw, 800px\" \/><\/a><\/p>\n<p>Es ist so sch\u00f6n am Strand. Wir unterbrechen kurzerhand unseren Heimweg zum Campingplatz und kehren auf einen Drink bei der Boho Beach-Bar ein.<\/p>\n<p><a href=\"https:\/\/olu-limburg.de\/wp-content\/uploads\/2022\/02\/P1070500_ergebnis.jpg\"><img loading=\"lazy\" decoding=\"async\" class=\"size-full wp-image-26642 aligncenter\" src=\"https:\/\/olu-limburg.de\/wp-content\/uploads\/2022\/02\/P1070500_ergebnis.jpg\" alt=\"\" width=\"800\" height=\"600\" srcset=\"https:\/\/olu-limburg.de\/wp-content\/uploads\/2022\/02\/P1070500_ergebnis.jpg 800w, https:\/\/olu-limburg.de\/wp-content\/uploads\/2022\/02\/P1070500_ergebnis-300x225.jpg 300w, https:\/\/olu-limburg.de\/wp-content\/uploads\/2022\/02\/P1070500_ergebnis-768x576.jpg 768w, https:\/\/olu-limburg.de\/wp-content\/uploads\/2022\/02\/P1070500_ergebnis-624x468.jpg 624w\" sizes=\"auto, (max-width: 800px) 100vw, 800px\" \/><\/a><\/p>\n<p><a href=\"https:\/\/olu-limburg.de\/wp-content\/uploads\/2022\/02\/IMG_20210709_124607_ergebnis.jpg\"><img loading=\"lazy\" decoding=\"async\" class=\"size-full wp-image-26636 aligncenter\" src=\"https:\/\/olu-limburg.de\/wp-content\/uploads\/2022\/02\/IMG_20210709_124607_ergebnis.jpg\" alt=\"\" width=\"800\" height=\"600\" srcset=\"https:\/\/olu-limburg.de\/wp-content\/uploads\/2022\/02\/IMG_20210709_124607_ergebnis.jpg 800w, https:\/\/olu-limburg.de\/wp-content\/uploads\/2022\/02\/IMG_20210709_124607_ergebnis-300x225.jpg 300w, https:\/\/olu-limburg.de\/wp-content\/uploads\/2022\/02\/IMG_20210709_124607_ergebnis-768x576.jpg 768w, https:\/\/olu-limburg.de\/wp-content\/uploads\/2022\/02\/IMG_20210709_124607_ergebnis-624x468.jpg 624w\" sizes=\"auto, (max-width: 800px) 100vw, 800px\" \/><\/a><\/p>\n<p><a href=\"https:\/\/olu-limburg.de\/wp-content\/uploads\/2022\/02\/IMG_20210709_124038_ergebnis.jpg\"><img loading=\"lazy\" decoding=\"async\" class=\"size-full wp-image-26635 aligncenter\" src=\"https:\/\/olu-limburg.de\/wp-content\/uploads\/2022\/02\/IMG_20210709_124038_ergebnis.jpg\" alt=\"\" width=\"800\" height=\"600\" srcset=\"https:\/\/olu-limburg.de\/wp-content\/uploads\/2022\/02\/IMG_20210709_124038_ergebnis.jpg 800w, https:\/\/olu-limburg.de\/wp-content\/uploads\/2022\/02\/IMG_20210709_124038_ergebnis-300x225.jpg 300w, https:\/\/olu-limburg.de\/wp-content\/uploads\/2022\/02\/IMG_20210709_124038_ergebnis-768x576.jpg 768w, https:\/\/olu-limburg.de\/wp-content\/uploads\/2022\/02\/IMG_20210709_124038_ergebnis-624x468.jpg 624w\" sizes=\"auto, (max-width: 800px) 100vw, 800px\" \/><\/a><\/p>\n<p><a href=\"https:\/\/olu-limburg.de\/wp-content\/uploads\/2022\/02\/IMG-20210709-WA0007-e1645455122425.jpg\"><img loading=\"lazy\" decoding=\"async\" class=\"size-full wp-image-26719 aligncenter\" src=\"https:\/\/olu-limburg.de\/wp-content\/uploads\/2022\/02\/IMG-20210709-WA0007-e1645455122425.jpg\" alt=\"\" width=\"450\" height=\"1000\" \/><\/a><\/p>\n<p><a href=\"https:\/\/olu-limburg.de\/wp-content\/uploads\/2022\/02\/P1070499_ergebnis.jpg\"><img loading=\"lazy\" decoding=\"async\" class=\"size-full wp-image-26641 aligncenter\" src=\"https:\/\/olu-limburg.de\/wp-content\/uploads\/2022\/02\/P1070499_ergebnis.jpg\" alt=\"\" width=\"800\" height=\"600\" srcset=\"https:\/\/olu-limburg.de\/wp-content\/uploads\/2022\/02\/P1070499_ergebnis.jpg 800w, https:\/\/olu-limburg.de\/wp-content\/uploads\/2022\/02\/P1070499_ergebnis-300x225.jpg 300w, https:\/\/olu-limburg.de\/wp-content\/uploads\/2022\/02\/P1070499_ergebnis-768x576.jpg 768w, https:\/\/olu-limburg.de\/wp-content\/uploads\/2022\/02\/P1070499_ergebnis-624x468.jpg 624w\" sizes=\"auto, (max-width: 800px) 100vw, 800px\" \/><\/a><\/p>\n<p>Das anschlie\u00dfende Bad im Meer war ein Traum. Am Abend gab es dann wieder eine kleine St\u00e4rkung.<\/p>\n<p><a href=\"https:\/\/olu-limburg.de\/wp-content\/uploads\/2022\/02\/IMG_20210709_190828_ergebnis.jpg\"><img loading=\"lazy\" decoding=\"async\" class=\"size-full wp-image-26637 aligncenter\" src=\"https:\/\/olu-limburg.de\/wp-content\/uploads\/2022\/02\/IMG_20210709_190828_ergebnis.jpg\" alt=\"\" width=\"800\" height=\"600\" srcset=\"https:\/\/olu-limburg.de\/wp-content\/uploads\/2022\/02\/IMG_20210709_190828_ergebnis.jpg 800w, https:\/\/olu-limburg.de\/wp-content\/uploads\/2022\/02\/IMG_20210709_190828_ergebnis-300x225.jpg 300w, https:\/\/olu-limburg.de\/wp-content\/uploads\/2022\/02\/IMG_20210709_190828_ergebnis-768x576.jpg 768w, https:\/\/olu-limburg.de\/wp-content\/uploads\/2022\/02\/IMG_20210709_190828_ergebnis-624x468.jpg 624w\" sizes=\"auto, (max-width: 800px) 100vw, 800px\" \/><\/a><\/p>\n<p>Den Samstag lassen wir ruhig angehen. Heute Abend wollen wir dann zu einem Spectacle in die Arena. Dabei sollen sportliche junge M\u00e4nner mit einem kleinen Handrechen den Stieren Wollschleifen zwischen den H\u00f6rnern entrei\u00dfen. Von Spendern aus den \u00f6rtlichen Unternehmen werden hierf\u00fcr Preise ausgesetzt.<\/p>\n<p>Die Bar mit dem wei\u00dfen Terrassendach, war fr\u00fcher mit einer gelben Plane \u00fcberdacht. Hier trafen sich in den 70er Jahren die ganzen &#8222;Wildcamper&#8220; von dem riesigen Oststrand. Auf der Toilette hing deshalb auch ein Schild &#8222;Haare waschen verboten&#8220;.<\/p>\n<p><a href=\"https:\/\/olu-limburg.de\/wp-content\/uploads\/2022\/02\/P1070503_ergebnis.jpg\"><img loading=\"lazy\" decoding=\"async\" class=\"size-full wp-image-26666 aligncenter\" src=\"https:\/\/olu-limburg.de\/wp-content\/uploads\/2022\/02\/P1070503_ergebnis.jpg\" alt=\"\" width=\"800\" height=\"600\" srcset=\"https:\/\/olu-limburg.de\/wp-content\/uploads\/2022\/02\/P1070503_ergebnis.jpg 800w, https:\/\/olu-limburg.de\/wp-content\/uploads\/2022\/02\/P1070503_ergebnis-300x225.jpg 300w, https:\/\/olu-limburg.de\/wp-content\/uploads\/2022\/02\/P1070503_ergebnis-768x576.jpg 768w, https:\/\/olu-limburg.de\/wp-content\/uploads\/2022\/02\/P1070503_ergebnis-624x468.jpg 624w\" sizes=\"auto, (max-width: 800px) 100vw, 800px\" \/><\/a><\/p>\n<p>In einer ruhigen Ecke wird aus der Hand gelesen.<\/p>\n<p><a href=\"https:\/\/olu-limburg.de\/wp-content\/uploads\/2022\/02\/P1070504_ergebnis.jpg\"><img loading=\"lazy\" decoding=\"async\" class=\"size-full wp-image-26667 aligncenter\" src=\"https:\/\/olu-limburg.de\/wp-content\/uploads\/2022\/02\/P1070504_ergebnis.jpg\" alt=\"\" width=\"800\" height=\"600\" srcset=\"https:\/\/olu-limburg.de\/wp-content\/uploads\/2022\/02\/P1070504_ergebnis.jpg 800w, https:\/\/olu-limburg.de\/wp-content\/uploads\/2022\/02\/P1070504_ergebnis-300x225.jpg 300w, https:\/\/olu-limburg.de\/wp-content\/uploads\/2022\/02\/P1070504_ergebnis-768x576.jpg 768w, https:\/\/olu-limburg.de\/wp-content\/uploads\/2022\/02\/P1070504_ergebnis-624x468.jpg 624w\" sizes=\"auto, (max-width: 800px) 100vw, 800px\" \/><\/a><\/p>\n<p>&nbsp;<\/p>\n<p><a href=\"https:\/\/olu-limburg.de\/wp-content\/uploads\/2022\/02\/P1070505_ergebnis.jpg\"><img loading=\"lazy\" decoding=\"async\" class=\"size-full wp-image-26668 aligncenter\" src=\"https:\/\/olu-limburg.de\/wp-content\/uploads\/2022\/02\/P1070505_ergebnis.jpg\" alt=\"\" width=\"800\" height=\"600\" srcset=\"https:\/\/olu-limburg.de\/wp-content\/uploads\/2022\/02\/P1070505_ergebnis.jpg 800w, https:\/\/olu-limburg.de\/wp-content\/uploads\/2022\/02\/P1070505_ergebnis-300x225.jpg 300w, https:\/\/olu-limburg.de\/wp-content\/uploads\/2022\/02\/P1070505_ergebnis-768x576.jpg 768w, https:\/\/olu-limburg.de\/wp-content\/uploads\/2022\/02\/P1070505_ergebnis-624x468.jpg 624w\" sizes=\"auto, (max-width: 800px) 100vw, 800px\" \/><\/a><\/p>\n<p>Im Hafen liegen Fischerboote und Freizeityachten ruhig nebeneinander.<\/p>\n<p><a href=\"https:\/\/olu-limburg.de\/wp-content\/uploads\/2022\/02\/IMG_20210709_201027_ergebnis.jpg\"><img loading=\"lazy\" decoding=\"async\" class=\"size-full wp-image-26643 aligncenter\" src=\"https:\/\/olu-limburg.de\/wp-content\/uploads\/2022\/02\/IMG_20210709_201027_ergebnis.jpg\" alt=\"\" width=\"800\" height=\"600\" srcset=\"https:\/\/olu-limburg.de\/wp-content\/uploads\/2022\/02\/IMG_20210709_201027_ergebnis.jpg 800w, https:\/\/olu-limburg.de\/wp-content\/uploads\/2022\/02\/IMG_20210709_201027_ergebnis-300x225.jpg 300w, https:\/\/olu-limburg.de\/wp-content\/uploads\/2022\/02\/IMG_20210709_201027_ergebnis-768x576.jpg 768w, https:\/\/olu-limburg.de\/wp-content\/uploads\/2022\/02\/IMG_20210709_201027_ergebnis-624x468.jpg 624w\" sizes=\"auto, (max-width: 800px) 100vw, 800px\" \/><\/a><\/p>\n<p>Man kann sich auch \u00fcber eine Galette mit Schinken und K\u00e4se freuen.<\/p>\n<p><a href=\"https:\/\/olu-limburg.de\/wp-content\/uploads\/2022\/02\/P1070509_ergebnis.jpg\"><img loading=\"lazy\" decoding=\"async\" class=\"size-full wp-image-26669 aligncenter\" src=\"https:\/\/olu-limburg.de\/wp-content\/uploads\/2022\/02\/P1070509_ergebnis.jpg\" alt=\"\" width=\"800\" height=\"600\" srcset=\"https:\/\/olu-limburg.de\/wp-content\/uploads\/2022\/02\/P1070509_ergebnis.jpg 800w, https:\/\/olu-limburg.de\/wp-content\/uploads\/2022\/02\/P1070509_ergebnis-300x225.jpg 300w, https:\/\/olu-limburg.de\/wp-content\/uploads\/2022\/02\/P1070509_ergebnis-768x576.jpg 768w, https:\/\/olu-limburg.de\/wp-content\/uploads\/2022\/02\/P1070509_ergebnis-624x468.jpg 624w\" sizes=\"auto, (max-width: 800px) 100vw, 800px\" \/><\/a><\/p>\n<p><a href=\"https:\/\/olu-limburg.de\/wp-content\/uploads\/2022\/02\/IMG_20210710_122527_ergebnis.jpg\"><img loading=\"lazy\" decoding=\"async\" class=\"size-full wp-image-26644 aligncenter\" src=\"https:\/\/olu-limburg.de\/wp-content\/uploads\/2022\/02\/IMG_20210710_122527_ergebnis.jpg\" alt=\"\" width=\"800\" height=\"600\" srcset=\"https:\/\/olu-limburg.de\/wp-content\/uploads\/2022\/02\/IMG_20210710_122527_ergebnis.jpg 800w, https:\/\/olu-limburg.de\/wp-content\/uploads\/2022\/02\/IMG_20210710_122527_ergebnis-300x225.jpg 300w, https:\/\/olu-limburg.de\/wp-content\/uploads\/2022\/02\/IMG_20210710_122527_ergebnis-768x576.jpg 768w, https:\/\/olu-limburg.de\/wp-content\/uploads\/2022\/02\/IMG_20210710_122527_ergebnis-624x468.jpg 624w\" sizes=\"auto, (max-width: 800px) 100vw, 800px\" \/><\/a><\/p>\n<p>Nach unserem nachmitt\u00e4glichen Bad im Meer gehen wir wieder in den Ort. An der Kirche wird Musik gemacht und nebenan ist ein Flohmarkt mit CDs und Schallplatten.<\/p>\n<p><a href=\"https:\/\/olu-limburg.de\/wp-content\/uploads\/2022\/02\/IMG_20210710_201717_ergebnis.jpg\"><img loading=\"lazy\" decoding=\"async\" class=\"size-full wp-image-26648 aligncenter\" src=\"https:\/\/olu-limburg.de\/wp-content\/uploads\/2022\/02\/IMG_20210710_201717_ergebnis.jpg\" alt=\"\" width=\"800\" height=\"600\" srcset=\"https:\/\/olu-limburg.de\/wp-content\/uploads\/2022\/02\/IMG_20210710_201717_ergebnis.jpg 800w, https:\/\/olu-limburg.de\/wp-content\/uploads\/2022\/02\/IMG_20210710_201717_ergebnis-300x225.jpg 300w, https:\/\/olu-limburg.de\/wp-content\/uploads\/2022\/02\/IMG_20210710_201717_ergebnis-768x576.jpg 768w, https:\/\/olu-limburg.de\/wp-content\/uploads\/2022\/02\/IMG_20210710_201717_ergebnis-624x468.jpg 624w\" sizes=\"auto, (max-width: 800px) 100vw, 800px\" \/><\/a><\/p>\n<p><a href=\"https:\/\/olu-limburg.de\/wp-content\/uploads\/2022\/02\/IMG-20210710-WA0008.jpg\"><img loading=\"lazy\" decoding=\"async\" class=\"size-full wp-image-26721 aligncenter\" src=\"https:\/\/olu-limburg.de\/wp-content\/uploads\/2022\/02\/IMG-20210710-WA0008.jpg\" alt=\"\" width=\"1599\" height=\"899\" srcset=\"https:\/\/olu-limburg.de\/wp-content\/uploads\/2022\/02\/IMG-20210710-WA0008.jpg 1599w, https:\/\/olu-limburg.de\/wp-content\/uploads\/2022\/02\/IMG-20210710-WA0008-300x169.jpg 300w, https:\/\/olu-limburg.de\/wp-content\/uploads\/2022\/02\/IMG-20210710-WA0008-1024x576.jpg 1024w, https:\/\/olu-limburg.de\/wp-content\/uploads\/2022\/02\/IMG-20210710-WA0008-768x432.jpg 768w, https:\/\/olu-limburg.de\/wp-content\/uploads\/2022\/02\/IMG-20210710-WA0008-1536x864.jpg 1536w, https:\/\/olu-limburg.de\/wp-content\/uploads\/2022\/02\/IMG-20210710-WA0008-624x351.jpg 624w\" sizes=\"auto, (max-width: 1599px) 100vw, 1599px\" \/><\/a><\/p>\n<p>Mittlerweile sind die Restaurants gut besucht. Auch wir halten deshalb nach einem sch\u00f6nen Lokal Ausschau.<\/p>\n<p><a href=\"https:\/\/olu-limburg.de\/wp-content\/uploads\/2022\/02\/IMG_20210710_200544_ergebnis.jpg\"><img loading=\"lazy\" decoding=\"async\" class=\"size-full wp-image-26647 aligncenter\" src=\"https:\/\/olu-limburg.de\/wp-content\/uploads\/2022\/02\/IMG_20210710_200544_ergebnis.jpg\" alt=\"\" width=\"800\" height=\"600\" srcset=\"https:\/\/olu-limburg.de\/wp-content\/uploads\/2022\/02\/IMG_20210710_200544_ergebnis.jpg 800w, https:\/\/olu-limburg.de\/wp-content\/uploads\/2022\/02\/IMG_20210710_200544_ergebnis-300x225.jpg 300w, https:\/\/olu-limburg.de\/wp-content\/uploads\/2022\/02\/IMG_20210710_200544_ergebnis-768x576.jpg 768w, https:\/\/olu-limburg.de\/wp-content\/uploads\/2022\/02\/IMG_20210710_200544_ergebnis-624x468.jpg 624w\" sizes=\"auto, (max-width: 800px) 100vw, 800px\" \/><\/a><\/p>\n<p>Auch wir sind f\u00fcndig geworden.<\/p>\n<div id=\"attachment_26645\" style=\"width: 460px\" class=\"wp-caption aligncenter\"><a href=\"https:\/\/olu-limburg.de\/wp-content\/uploads\/2022\/02\/IMG_20210710_185119_ergebnis-e1645290969223.jpg\"><img loading=\"lazy\" decoding=\"async\" aria-describedby=\"caption-attachment-26645\" class=\"wp-image-26645 size-full\" src=\"https:\/\/olu-limburg.de\/wp-content\/uploads\/2022\/02\/IMG_20210710_185119_ergebnis-e1645290969223.jpg\" alt=\"\" width=\"450\" height=\"600\" \/><\/a><p id=\"caption-attachment-26645\" class=\"wp-caption-text\">Vorspeisen: Tintenfischringe und Tellines<\/p><\/div>\n<div id=\"attachment_26646\" style=\"width: 810px\" class=\"wp-caption alignnone\"><a href=\"https:\/\/olu-limburg.de\/wp-content\/uploads\/2022\/02\/IMG_20210710_192312_ergebnis.jpg\"><img loading=\"lazy\" decoding=\"async\" aria-describedby=\"caption-attachment-26646\" class=\"wp-image-26646 size-full\" src=\"https:\/\/olu-limburg.de\/wp-content\/uploads\/2022\/02\/IMG_20210710_192312_ergebnis.jpg\" alt=\"\" width=\"800\" height=\"600\" srcset=\"https:\/\/olu-limburg.de\/wp-content\/uploads\/2022\/02\/IMG_20210710_192312_ergebnis.jpg 800w, https:\/\/olu-limburg.de\/wp-content\/uploads\/2022\/02\/IMG_20210710_192312_ergebnis-300x225.jpg 300w, https:\/\/olu-limburg.de\/wp-content\/uploads\/2022\/02\/IMG_20210710_192312_ergebnis-768x576.jpg 768w, https:\/\/olu-limburg.de\/wp-content\/uploads\/2022\/02\/IMG_20210710_192312_ergebnis-624x468.jpg 624w\" sizes=\"auto, (max-width: 800px) 100vw, 800px\" \/><\/a><p id=\"caption-attachment-26646\" class=\"wp-caption-text\">Fritto Misto di Mare<\/p><\/div>\n<p><a href=\"https:\/\/olu-limburg.de\/wp-content\/uploads\/2022\/02\/IMG_20210710_203422_BURST001_COVER_ergebnis-e1645291146916.jpg\"><img loading=\"lazy\" decoding=\"async\" class=\"size-full wp-image-26649\" src=\"https:\/\/olu-limburg.de\/wp-content\/uploads\/2022\/02\/IMG_20210710_203422_BURST001_COVER_ergebnis-e1645291146916.jpg\" alt=\"\" width=\"450\" height=\"600\" \/><\/a><\/p>\n<p><a href=\"https:\/\/olu-limburg.de\/wp-content\/uploads\/2022\/02\/IMG-20210710-WA0007-rotated.jpg\"><img loading=\"lazy\" decoding=\"async\" class=\"size-full wp-image-26720 aligncenter\" src=\"https:\/\/olu-limburg.de\/wp-content\/uploads\/2022\/02\/IMG-20210710-WA0007-rotated.jpg\" alt=\"\" width=\"1599\" height=\"899\" srcset=\"https:\/\/olu-limburg.de\/wp-content\/uploads\/2022\/02\/IMG-20210710-WA0007-rotated.jpg 1599w, https:\/\/olu-limburg.de\/wp-content\/uploads\/2022\/02\/IMG-20210710-WA0007-300x169.jpg 300w, https:\/\/olu-limburg.de\/wp-content\/uploads\/2022\/02\/IMG-20210710-WA0007-1024x576.jpg 1024w, https:\/\/olu-limburg.de\/wp-content\/uploads\/2022\/02\/IMG-20210710-WA0007-768x432.jpg 768w, https:\/\/olu-limburg.de\/wp-content\/uploads\/2022\/02\/IMG-20210710-WA0007-1536x864.jpg 1536w, https:\/\/olu-limburg.de\/wp-content\/uploads\/2022\/02\/IMG-20210710-WA0007-624x351.jpg 624w\" sizes=\"auto, (max-width: 1599px) 100vw, 1599px\" \/><\/a><\/p>\n<p><a href=\"https:\/\/olu-limburg.de\/wp-content\/uploads\/2022\/02\/IMG_20210710_203822_ergebnis.jpg\"><img loading=\"lazy\" decoding=\"async\" class=\"size-full wp-image-26650 aligncenter\" src=\"https:\/\/olu-limburg.de\/wp-content\/uploads\/2022\/02\/IMG_20210710_203822_ergebnis.jpg\" alt=\"\" width=\"800\" height=\"600\" srcset=\"https:\/\/olu-limburg.de\/wp-content\/uploads\/2022\/02\/IMG_20210710_203822_ergebnis.jpg 800w, https:\/\/olu-limburg.de\/wp-content\/uploads\/2022\/02\/IMG_20210710_203822_ergebnis-300x225.jpg 300w, https:\/\/olu-limburg.de\/wp-content\/uploads\/2022\/02\/IMG_20210710_203822_ergebnis-768x576.jpg 768w, https:\/\/olu-limburg.de\/wp-content\/uploads\/2022\/02\/IMG_20210710_203822_ergebnis-624x468.jpg 624w\" sizes=\"auto, (max-width: 800px) 100vw, 800px\" \/><\/a><\/p>\n<div id=\"attachment_26651\" style=\"width: 810px\" class=\"wp-caption aligncenter\"><a href=\"https:\/\/olu-limburg.de\/wp-content\/uploads\/2022\/02\/IMG_20210710_204024_ergebnis.jpg\"><img loading=\"lazy\" decoding=\"async\" aria-describedby=\"caption-attachment-26651\" class=\"wp-image-26651 size-full\" src=\"https:\/\/olu-limburg.de\/wp-content\/uploads\/2022\/02\/IMG_20210710_204024_ergebnis.jpg\" alt=\"\" width=\"800\" height=\"600\" srcset=\"https:\/\/olu-limburg.de\/wp-content\/uploads\/2022\/02\/IMG_20210710_204024_ergebnis.jpg 800w, https:\/\/olu-limburg.de\/wp-content\/uploads\/2022\/02\/IMG_20210710_204024_ergebnis-300x225.jpg 300w, https:\/\/olu-limburg.de\/wp-content\/uploads\/2022\/02\/IMG_20210710_204024_ergebnis-768x576.jpg 768w, https:\/\/olu-limburg.de\/wp-content\/uploads\/2022\/02\/IMG_20210710_204024_ergebnis-624x468.jpg 624w\" sizes=\"auto, (max-width: 800px) 100vw, 800px\" \/><\/a><p id=\"caption-attachment-26651\" class=\"wp-caption-text\">Der staubige Boden wird noch geswpritzt<\/p><\/div>\n<div id=\"attachment_26652\" style=\"width: 810px\" class=\"wp-caption aligncenter\"><a href=\"https:\/\/olu-limburg.de\/wp-content\/uploads\/2022\/02\/IMG_20210710_213922_ergebnis.jpg\"><img loading=\"lazy\" decoding=\"async\" aria-describedby=\"caption-attachment-26652\" class=\"wp-image-26652 size-full\" src=\"https:\/\/olu-limburg.de\/wp-content\/uploads\/2022\/02\/IMG_20210710_213922_ergebnis.jpg\" alt=\"\" width=\"800\" height=\"600\" srcset=\"https:\/\/olu-limburg.de\/wp-content\/uploads\/2022\/02\/IMG_20210710_213922_ergebnis.jpg 800w, https:\/\/olu-limburg.de\/wp-content\/uploads\/2022\/02\/IMG_20210710_213922_ergebnis-300x225.jpg 300w, https:\/\/olu-limburg.de\/wp-content\/uploads\/2022\/02\/IMG_20210710_213922_ergebnis-768x576.jpg 768w, https:\/\/olu-limburg.de\/wp-content\/uploads\/2022\/02\/IMG_20210710_213922_ergebnis-624x468.jpg 624w\" sizes=\"auto, (max-width: 800px) 100vw, 800px\" \/><\/a><p id=\"caption-attachment-26652\" class=\"wp-caption-text\">Um 21.30 Uhr beginnt das Spectacle mit der Vorstellung der jungen M\u00e4nner.<\/p><\/div>\n<p><a href=\"https:\/\/olu-limburg.de\/wp-content\/uploads\/2022\/02\/IMG_20210710_214203_ergebnis.jpg\"><img loading=\"lazy\" decoding=\"async\" class=\"size-full wp-image-26653 aligncenter\" src=\"https:\/\/olu-limburg.de\/wp-content\/uploads\/2022\/02\/IMG_20210710_214203_ergebnis.jpg\" alt=\"\" width=\"800\" height=\"600\" srcset=\"https:\/\/olu-limburg.de\/wp-content\/uploads\/2022\/02\/IMG_20210710_214203_ergebnis.jpg 800w, https:\/\/olu-limburg.de\/wp-content\/uploads\/2022\/02\/IMG_20210710_214203_ergebnis-300x225.jpg 300w, https:\/\/olu-limburg.de\/wp-content\/uploads\/2022\/02\/IMG_20210710_214203_ergebnis-768x576.jpg 768w, https:\/\/olu-limburg.de\/wp-content\/uploads\/2022\/02\/IMG_20210710_214203_ergebnis-624x468.jpg 624w\" sizes=\"auto, (max-width: 800px) 100vw, 800px\" \/><\/a><\/p>\n<div id=\"attachment_26655\" style=\"width: 810px\" class=\"wp-caption aligncenter\"><a href=\"https:\/\/olu-limburg.de\/wp-content\/uploads\/2022\/02\/IMG_20210710_215001_ergebnis.jpg\"><img loading=\"lazy\" decoding=\"async\" aria-describedby=\"caption-attachment-26655\" class=\"wp-image-26655 size-full\" src=\"https:\/\/olu-limburg.de\/wp-content\/uploads\/2022\/02\/IMG_20210710_215001_ergebnis.jpg\" alt=\"\" width=\"800\" height=\"600\" srcset=\"https:\/\/olu-limburg.de\/wp-content\/uploads\/2022\/02\/IMG_20210710_215001_ergebnis.jpg 800w, https:\/\/olu-limburg.de\/wp-content\/uploads\/2022\/02\/IMG_20210710_215001_ergebnis-300x225.jpg 300w, https:\/\/olu-limburg.de\/wp-content\/uploads\/2022\/02\/IMG_20210710_215001_ergebnis-768x576.jpg 768w, https:\/\/olu-limburg.de\/wp-content\/uploads\/2022\/02\/IMG_20210710_215001_ergebnis-624x468.jpg 624w\" sizes=\"auto, (max-width: 800px) 100vw, 800px\" \/><\/a><p id=\"caption-attachment-26655\" class=\"wp-caption-text\">Man mu\u00df schnell sein. Dies war auf jeden Fall knapp.<\/p><\/div>\n<div id=\"attachment_26656\" style=\"width: 810px\" class=\"wp-caption aligncenter\"><a href=\"https:\/\/olu-limburg.de\/wp-content\/uploads\/2022\/02\/IMG_20210710_215701_ergebnis.jpg\"><img loading=\"lazy\" decoding=\"async\" aria-describedby=\"caption-attachment-26656\" class=\"wp-image-26656 size-full\" src=\"https:\/\/olu-limburg.de\/wp-content\/uploads\/2022\/02\/IMG_20210710_215701_ergebnis.jpg\" alt=\"\" width=\"800\" height=\"600\" srcset=\"https:\/\/olu-limburg.de\/wp-content\/uploads\/2022\/02\/IMG_20210710_215701_ergebnis.jpg 800w, https:\/\/olu-limburg.de\/wp-content\/uploads\/2022\/02\/IMG_20210710_215701_ergebnis-300x225.jpg 300w, https:\/\/olu-limburg.de\/wp-content\/uploads\/2022\/02\/IMG_20210710_215701_ergebnis-768x576.jpg 768w, https:\/\/olu-limburg.de\/wp-content\/uploads\/2022\/02\/IMG_20210710_215701_ergebnis-624x468.jpg 624w\" sizes=\"auto, (max-width: 800px) 100vw, 800px\" \/><\/a><p id=\"caption-attachment-26656\" class=\"wp-caption-text\">Manchmal kommt der Stier auch hinterher.<\/p><\/div>\n<p><a href=\"https:\/\/olu-limburg.de\/wp-content\/uploads\/2022\/02\/IMG_20210710_220220_ergebnis.jpg\"><img loading=\"lazy\" decoding=\"async\" class=\"size-full wp-image-26658 aligncenter\" src=\"https:\/\/olu-limburg.de\/wp-content\/uploads\/2022\/02\/IMG_20210710_220220_ergebnis.jpg\" alt=\"\" width=\"800\" height=\"600\" srcset=\"https:\/\/olu-limburg.de\/wp-content\/uploads\/2022\/02\/IMG_20210710_220220_ergebnis.jpg 800w, https:\/\/olu-limburg.de\/wp-content\/uploads\/2022\/02\/IMG_20210710_220220_ergebnis-300x225.jpg 300w, https:\/\/olu-limburg.de\/wp-content\/uploads\/2022\/02\/IMG_20210710_220220_ergebnis-768x576.jpg 768w, https:\/\/olu-limburg.de\/wp-content\/uploads\/2022\/02\/IMG_20210710_220220_ergebnis-624x468.jpg 624w\" sizes=\"auto, (max-width: 800px) 100vw, 800px\" \/><\/a><\/p>\n<p><a href=\"https:\/\/olu-limburg.de\/wp-content\/uploads\/2022\/02\/IMG_20210710_220121_ergebnis.jpg\"><img loading=\"lazy\" decoding=\"async\" class=\"size-full wp-image-26657 aligncenter\" src=\"https:\/\/olu-limburg.de\/wp-content\/uploads\/2022\/02\/IMG_20210710_220121_ergebnis.jpg\" alt=\"\" width=\"800\" height=\"600\" srcset=\"https:\/\/olu-limburg.de\/wp-content\/uploads\/2022\/02\/IMG_20210710_220121_ergebnis.jpg 800w, https:\/\/olu-limburg.de\/wp-content\/uploads\/2022\/02\/IMG_20210710_220121_ergebnis-300x225.jpg 300w, https:\/\/olu-limburg.de\/wp-content\/uploads\/2022\/02\/IMG_20210710_220121_ergebnis-768x576.jpg 768w, https:\/\/olu-limburg.de\/wp-content\/uploads\/2022\/02\/IMG_20210710_220121_ergebnis-624x468.jpg 624w\" sizes=\"auto, (max-width: 800px) 100vw, 800px\" \/><\/a><\/p>\n<p><a href=\"https:\/\/olu-limburg.de\/wp-content\/uploads\/2022\/02\/IMG_20210710_233303_ergebnis.jpg\"><img loading=\"lazy\" decoding=\"async\" class=\"size-full wp-image-26659 aligncenter\" src=\"https:\/\/olu-limburg.de\/wp-content\/uploads\/2022\/02\/IMG_20210710_233303_ergebnis.jpg\" alt=\"\" width=\"800\" height=\"600\" srcset=\"https:\/\/olu-limburg.de\/wp-content\/uploads\/2022\/02\/IMG_20210710_233303_ergebnis.jpg 800w, https:\/\/olu-limburg.de\/wp-content\/uploads\/2022\/02\/IMG_20210710_233303_ergebnis-300x225.jpg 300w, https:\/\/olu-limburg.de\/wp-content\/uploads\/2022\/02\/IMG_20210710_233303_ergebnis-768x576.jpg 768w, https:\/\/olu-limburg.de\/wp-content\/uploads\/2022\/02\/IMG_20210710_233303_ergebnis-624x468.jpg 624w\" sizes=\"auto, (max-width: 800px) 100vw, 800px\" \/><\/a><\/p>\n<p>Um 23.30 Uhr ist Schlu\u00df. Drau\u00dfen pulsiert aber in den Bars noch das Leben.<\/p>\n<p><a href=\"https:\/\/olu-limburg.de\/wp-content\/uploads\/2022\/02\/IMG_20210710_233522_ergebnis.jpg\"><img loading=\"lazy\" decoding=\"async\" class=\"size-full wp-image-26661 aligncenter\" src=\"https:\/\/olu-limburg.de\/wp-content\/uploads\/2022\/02\/IMG_20210710_233522_ergebnis.jpg\" alt=\"\" width=\"800\" height=\"600\" srcset=\"https:\/\/olu-limburg.de\/wp-content\/uploads\/2022\/02\/IMG_20210710_233522_ergebnis.jpg 800w, https:\/\/olu-limburg.de\/wp-content\/uploads\/2022\/02\/IMG_20210710_233522_ergebnis-300x225.jpg 300w, https:\/\/olu-limburg.de\/wp-content\/uploads\/2022\/02\/IMG_20210710_233522_ergebnis-768x576.jpg 768w, https:\/\/olu-limburg.de\/wp-content\/uploads\/2022\/02\/IMG_20210710_233522_ergebnis-624x468.jpg 624w\" sizes=\"auto, (max-width: 800px) 100vw, 800px\" \/><\/a><\/p>\n<p><a href=\"https:\/\/olu-limburg.de\/wp-content\/uploads\/2022\/02\/IMG_20210710_233651_ergebnis.jpg\"><img loading=\"lazy\" decoding=\"async\" class=\"size-full wp-image-26662 aligncenter\" src=\"https:\/\/olu-limburg.de\/wp-content\/uploads\/2022\/02\/IMG_20210710_233651_ergebnis.jpg\" alt=\"\" width=\"800\" height=\"600\" srcset=\"https:\/\/olu-limburg.de\/wp-content\/uploads\/2022\/02\/IMG_20210710_233651_ergebnis.jpg 800w, https:\/\/olu-limburg.de\/wp-content\/uploads\/2022\/02\/IMG_20210710_233651_ergebnis-300x225.jpg 300w, https:\/\/olu-limburg.de\/wp-content\/uploads\/2022\/02\/IMG_20210710_233651_ergebnis-768x576.jpg 768w, https:\/\/olu-limburg.de\/wp-content\/uploads\/2022\/02\/IMG_20210710_233651_ergebnis-624x468.jpg 624w\" sizes=\"auto, (max-width: 800px) 100vw, 800px\" \/><\/a><\/p>\n<p><a href=\"https:\/\/olu-limburg.de\/wp-content\/uploads\/2022\/02\/IMG_20210710_233752_ergebnis.jpg\"><img loading=\"lazy\" decoding=\"async\" class=\"size-full wp-image-26663 aligncenter\" src=\"https:\/\/olu-limburg.de\/wp-content\/uploads\/2022\/02\/IMG_20210710_233752_ergebnis.jpg\" alt=\"\" width=\"800\" height=\"600\" srcset=\"https:\/\/olu-limburg.de\/wp-content\/uploads\/2022\/02\/IMG_20210710_233752_ergebnis.jpg 800w, https:\/\/olu-limburg.de\/wp-content\/uploads\/2022\/02\/IMG_20210710_233752_ergebnis-300x225.jpg 300w, https:\/\/olu-limburg.de\/wp-content\/uploads\/2022\/02\/IMG_20210710_233752_ergebnis-768x576.jpg 768w, https:\/\/olu-limburg.de\/wp-content\/uploads\/2022\/02\/IMG_20210710_233752_ergebnis-624x468.jpg 624w\" sizes=\"auto, (max-width: 800px) 100vw, 800px\" \/><\/a><\/p>\n<p>Wir machen uns aber auf den Weg zu unserem Wohnmobil. Der Tag war lang genug.<\/p>\n<p><a href=\"https:\/\/olu-limburg.de\/wp-content\/uploads\/2022\/02\/IMG_20210710_234233_ergebnis.jpg\"><img loading=\"lazy\" decoding=\"async\" class=\"size-full wp-image-26664 aligncenter\" src=\"https:\/\/olu-limburg.de\/wp-content\/uploads\/2022\/02\/IMG_20210710_234233_ergebnis.jpg\" alt=\"\" width=\"800\" height=\"600\" srcset=\"https:\/\/olu-limburg.de\/wp-content\/uploads\/2022\/02\/IMG_20210710_234233_ergebnis.jpg 800w, https:\/\/olu-limburg.de\/wp-content\/uploads\/2022\/02\/IMG_20210710_234233_ergebnis-300x225.jpg 300w, https:\/\/olu-limburg.de\/wp-content\/uploads\/2022\/02\/IMG_20210710_234233_ergebnis-768x576.jpg 768w, https:\/\/olu-limburg.de\/wp-content\/uploads\/2022\/02\/IMG_20210710_234233_ergebnis-624x468.jpg 624w\" sizes=\"auto, (max-width: 800px) 100vw, 800px\" \/><\/a><\/p>\n<p><a href=\"https:\/\/olu-limburg.de\/wp-content\/uploads\/2022\/02\/IMG_20210710_234506_ergebnis.jpg\"><img loading=\"lazy\" decoding=\"async\" class=\"size-full wp-image-26665 aligncenter\" src=\"https:\/\/olu-limburg.de\/wp-content\/uploads\/2022\/02\/IMG_20210710_234506_ergebnis.jpg\" alt=\"\" width=\"800\" height=\"600\" srcset=\"https:\/\/olu-limburg.de\/wp-content\/uploads\/2022\/02\/IMG_20210710_234506_ergebnis.jpg 800w, https:\/\/olu-limburg.de\/wp-content\/uploads\/2022\/02\/IMG_20210710_234506_ergebnis-300x225.jpg 300w, https:\/\/olu-limburg.de\/wp-content\/uploads\/2022\/02\/IMG_20210710_234506_ergebnis-768x576.jpg 768w, https:\/\/olu-limburg.de\/wp-content\/uploads\/2022\/02\/IMG_20210710_234506_ergebnis-624x468.jpg 624w\" sizes=\"auto, (max-width: 800px) 100vw, 800px\" \/><\/a><\/p>\n<p>Dies ist unsere t\u00e4gliche &#8222;Rennstrecke&#8220; in den Ort.<\/p>\n<p><a href=\"https:\/\/olu-limburg.de\/wp-content\/uploads\/2022\/02\/IMG_20210711_112554_ergebnis.jpg\"><img loading=\"lazy\" decoding=\"async\" class=\"size-full wp-image-26671 aligncenter\" src=\"https:\/\/olu-limburg.de\/wp-content\/uploads\/2022\/02\/IMG_20210711_112554_ergebnis.jpg\" alt=\"\" width=\"800\" height=\"600\" srcset=\"https:\/\/olu-limburg.de\/wp-content\/uploads\/2022\/02\/IMG_20210711_112554_ergebnis.jpg 800w, https:\/\/olu-limburg.de\/wp-content\/uploads\/2022\/02\/IMG_20210711_112554_ergebnis-300x225.jpg 300w, https:\/\/olu-limburg.de\/wp-content\/uploads\/2022\/02\/IMG_20210711_112554_ergebnis-768x576.jpg 768w, https:\/\/olu-limburg.de\/wp-content\/uploads\/2022\/02\/IMG_20210711_112554_ergebnis-624x468.jpg 624w\" sizes=\"auto, (max-width: 800px) 100vw, 800px\" \/><\/a><\/p>\n<div id=\"attachment_26673\" style=\"width: 810px\" class=\"wp-caption aligncenter\"><a href=\"https:\/\/olu-limburg.de\/wp-content\/uploads\/2022\/02\/IMG_20210711_130807_ergebnis.jpg\"><img loading=\"lazy\" decoding=\"async\" aria-describedby=\"caption-attachment-26673\" class=\"wp-image-26673 size-full\" src=\"https:\/\/olu-limburg.de\/wp-content\/uploads\/2022\/02\/IMG_20210711_130807_ergebnis.jpg\" alt=\"\" width=\"800\" height=\"600\" srcset=\"https:\/\/olu-limburg.de\/wp-content\/uploads\/2022\/02\/IMG_20210711_130807_ergebnis.jpg 800w, https:\/\/olu-limburg.de\/wp-content\/uploads\/2022\/02\/IMG_20210711_130807_ergebnis-300x225.jpg 300w, https:\/\/olu-limburg.de\/wp-content\/uploads\/2022\/02\/IMG_20210711_130807_ergebnis-768x576.jpg 768w, https:\/\/olu-limburg.de\/wp-content\/uploads\/2022\/02\/IMG_20210711_130807_ergebnis-624x468.jpg 624w\" sizes=\"auto, (max-width: 800px) 100vw, 800px\" \/><\/a><p id=\"caption-attachment-26673\" class=\"wp-caption-text\">das Rathaus am Marktplatz<\/p><\/div>\n<div id=\"attachment_26678\" style=\"width: 810px\" class=\"wp-caption aligncenter\"><a href=\"https:\/\/olu-limburg.de\/wp-content\/uploads\/2022\/02\/P1070512_ergebnis.jpg\"><img loading=\"lazy\" decoding=\"async\" aria-describedby=\"caption-attachment-26678\" class=\"wp-image-26678 size-full\" src=\"https:\/\/olu-limburg.de\/wp-content\/uploads\/2022\/02\/P1070512_ergebnis.jpg\" alt=\"\" width=\"800\" height=\"600\" srcset=\"https:\/\/olu-limburg.de\/wp-content\/uploads\/2022\/02\/P1070512_ergebnis.jpg 800w, https:\/\/olu-limburg.de\/wp-content\/uploads\/2022\/02\/P1070512_ergebnis-300x225.jpg 300w, https:\/\/olu-limburg.de\/wp-content\/uploads\/2022\/02\/P1070512_ergebnis-768x576.jpg 768w, https:\/\/olu-limburg.de\/wp-content\/uploads\/2022\/02\/P1070512_ergebnis-624x468.jpg 624w\" sizes=\"auto, (max-width: 800px) 100vw, 800px\" \/><\/a><p id=\"caption-attachment-26678\" class=\"wp-caption-text\">eine angenehme Caf\u00e9-Bar<\/p><\/div>\n<p><a href=\"https:\/\/olu-limburg.de\/wp-content\/uploads\/2022\/02\/IMG_20210711_120048_ergebnis-e1645292767198.jpg\"><img loading=\"lazy\" decoding=\"async\" class=\"size-full wp-image-26672 aligncenter\" src=\"https:\/\/olu-limburg.de\/wp-content\/uploads\/2022\/02\/IMG_20210711_120048_ergebnis-e1645292767198.jpg\" alt=\"\" width=\"450\" height=\"600\" \/><\/a><\/p>\n<p>Hier bekommen wir am Abend unser Abschiedsessen.<\/p>\n<p><a href=\"https:\/\/olu-limburg.de\/wp-content\/uploads\/2022\/02\/IMG_20210711_201510_ergebnis.jpg\"><img loading=\"lazy\" decoding=\"async\" class=\"size-full wp-image-26676 aligncenter\" src=\"https:\/\/olu-limburg.de\/wp-content\/uploads\/2022\/02\/IMG_20210711_201510_ergebnis.jpg\" alt=\"\" width=\"800\" height=\"600\" srcset=\"https:\/\/olu-limburg.de\/wp-content\/uploads\/2022\/02\/IMG_20210711_201510_ergebnis.jpg 800w, https:\/\/olu-limburg.de\/wp-content\/uploads\/2022\/02\/IMG_20210711_201510_ergebnis-300x225.jpg 300w, https:\/\/olu-limburg.de\/wp-content\/uploads\/2022\/02\/IMG_20210711_201510_ergebnis-768x576.jpg 768w, https:\/\/olu-limburg.de\/wp-content\/uploads\/2022\/02\/IMG_20210711_201510_ergebnis-624x468.jpg 624w\" sizes=\"auto, (max-width: 800px) 100vw, 800px\" \/><\/a><\/p>\n<p><a href=\"https:\/\/olu-limburg.de\/wp-content\/uploads\/2022\/02\/IMG_20210711_193055_ergebnis-e1645292798211.jpg\"><img loading=\"lazy\" decoding=\"async\" class=\"size-full wp-image-26675 aligncenter\" src=\"https:\/\/olu-limburg.de\/wp-content\/uploads\/2022\/02\/IMG_20210711_193055_ergebnis-e1645292798211.jpg\" alt=\"\" width=\"450\" height=\"600\" \/><\/a><\/p>\n<p><a href=\"https:\/\/olu-limburg.de\/wp-content\/uploads\/2022\/02\/IMG_20210711_193044_ergebnis.jpg\"><img loading=\"lazy\" decoding=\"async\" class=\"size-full wp-image-26674 aligncenter\" src=\"https:\/\/olu-limburg.de\/wp-content\/uploads\/2022\/02\/IMG_20210711_193044_ergebnis.jpg\" alt=\"\" width=\"800\" height=\"600\" srcset=\"https:\/\/olu-limburg.de\/wp-content\/uploads\/2022\/02\/IMG_20210711_193044_ergebnis.jpg 800w, https:\/\/olu-limburg.de\/wp-content\/uploads\/2022\/02\/IMG_20210711_193044_ergebnis-300x225.jpg 300w, https:\/\/olu-limburg.de\/wp-content\/uploads\/2022\/02\/IMG_20210711_193044_ergebnis-768x576.jpg 768w, https:\/\/olu-limburg.de\/wp-content\/uploads\/2022\/02\/IMG_20210711_193044_ergebnis-624x468.jpg 624w\" sizes=\"auto, (max-width: 800px) 100vw, 800px\" \/><\/a><a href=\"https:\/\/olu-limburg.de\/wp-content\/uploads\/2022\/02\/IMG_20210711_202843_ergebnis.jpg\"><img loading=\"lazy\" decoding=\"async\" class=\"size-full wp-image-26677 aligncenter\" src=\"https:\/\/olu-limburg.de\/wp-content\/uploads\/2022\/02\/IMG_20210711_202843_ergebnis.jpg\" alt=\"\" width=\"800\" height=\"600\" srcset=\"https:\/\/olu-limburg.de\/wp-content\/uploads\/2022\/02\/IMG_20210711_202843_ergebnis.jpg 800w, https:\/\/olu-limburg.de\/wp-content\/uploads\/2022\/02\/IMG_20210711_202843_ergebnis-300x225.jpg 300w, https:\/\/olu-limburg.de\/wp-content\/uploads\/2022\/02\/IMG_20210711_202843_ergebnis-768x576.jpg 768w, https:\/\/olu-limburg.de\/wp-content\/uploads\/2022\/02\/IMG_20210711_202843_ergebnis-624x468.jpg 624w\" sizes=\"auto, (max-width: 800px) 100vw, 800px\" \/><\/a><\/p>\n<p>Am Montag, den 12.07.2021, fahren wir fr\u00fch los. Da wir heute m\u00f6glichst weit kommen wollen, fahren wir schnellstm\u00f6glich auf die Autobahn. In Montelimar fahren wir ab und machen beim China-Wok wieder unsere Mittagsrast, zwar sp\u00e4t, aber gerade noch m\u00f6glich. Danach geht es wieder auf die Autobahn. Ab Lyon fahren wir nur durch Regen. Es wird z\u00e4h. In Beaune wollen wir \u00fcbernachten und fahren zu dem dortigen Stellplatz.<\/p>\n<p>Nach der Autobahnfahrt haben wir Hunger und Durst. Es ist von oben immer noch etwas feucht. Trotzdem starten wir einen Rundgang durch den historischen Ortskern. Unseren Erfolg kann man so beschreiben: Dort wo wir Platz bekommen k\u00f6nnten, war es zu teuer. Wo es preislich annehmbar war, war alles besetzt. Ansonsten waren viele Bars geschlossen. So mussten wir uns doch selbst versorgen.<\/p>\n<p><a href=\"https:\/\/olu-limburg.de\/wp-content\/uploads\/2022\/02\/IMG_20210712_191901_ergebnis.jpg\"><img loading=\"lazy\" decoding=\"async\" class=\"size-full wp-image-26682 aligncenter\" src=\"https:\/\/olu-limburg.de\/wp-content\/uploads\/2022\/02\/IMG_20210712_191901_ergebnis.jpg\" alt=\"\" width=\"800\" height=\"600\" srcset=\"https:\/\/olu-limburg.de\/wp-content\/uploads\/2022\/02\/IMG_20210712_191901_ergebnis.jpg 800w, https:\/\/olu-limburg.de\/wp-content\/uploads\/2022\/02\/IMG_20210712_191901_ergebnis-300x225.jpg 300w, https:\/\/olu-limburg.de\/wp-content\/uploads\/2022\/02\/IMG_20210712_191901_ergebnis-768x576.jpg 768w, https:\/\/olu-limburg.de\/wp-content\/uploads\/2022\/02\/IMG_20210712_191901_ergebnis-624x468.jpg 624w\" sizes=\"auto, (max-width: 800px) 100vw, 800px\" \/><\/a><\/p>\n<p><a href=\"https:\/\/olu-limburg.de\/wp-content\/uploads\/2022\/02\/IMG_20210712_192031_ergebnis.jpg\"><img loading=\"lazy\" decoding=\"async\" class=\"size-full wp-image-26683 aligncenter\" src=\"https:\/\/olu-limburg.de\/wp-content\/uploads\/2022\/02\/IMG_20210712_192031_ergebnis.jpg\" alt=\"\" width=\"800\" height=\"600\" srcset=\"https:\/\/olu-limburg.de\/wp-content\/uploads\/2022\/02\/IMG_20210712_192031_ergebnis.jpg 800w, https:\/\/olu-limburg.de\/wp-content\/uploads\/2022\/02\/IMG_20210712_192031_ergebnis-300x225.jpg 300w, https:\/\/olu-limburg.de\/wp-content\/uploads\/2022\/02\/IMG_20210712_192031_ergebnis-768x576.jpg 768w, https:\/\/olu-limburg.de\/wp-content\/uploads\/2022\/02\/IMG_20210712_192031_ergebnis-624x468.jpg 624w\" sizes=\"auto, (max-width: 800px) 100vw, 800px\" \/><\/a><\/p>\n<p>Und wieder geht es am Morgen auf die Stra\u00dfe. In Langres haben wir Gl\u00fcck und b ekommen doch tats\u00e4chlich im einzigen offenen und sehr gut besuchten Restaurant einen Tisch und f\u00fcr jeden eine riesige Pizza. Gut war&#8217;s.<\/p>\n<p><a href=\"https:\/\/olu-limburg.de\/wp-content\/uploads\/2022\/02\/IMG_20210713_132222_ergebnis.jpg\"><img loading=\"lazy\" decoding=\"async\" class=\"size-full wp-image-26685 aligncenter\" src=\"https:\/\/olu-limburg.de\/wp-content\/uploads\/2022\/02\/IMG_20210713_132222_ergebnis.jpg\" alt=\"\" width=\"800\" height=\"600\" srcset=\"https:\/\/olu-limburg.de\/wp-content\/uploads\/2022\/02\/IMG_20210713_132222_ergebnis.jpg 800w, https:\/\/olu-limburg.de\/wp-content\/uploads\/2022\/02\/IMG_20210713_132222_ergebnis-300x225.jpg 300w, https:\/\/olu-limburg.de\/wp-content\/uploads\/2022\/02\/IMG_20210713_132222_ergebnis-768x576.jpg 768w, https:\/\/olu-limburg.de\/wp-content\/uploads\/2022\/02\/IMG_20210713_132222_ergebnis-624x468.jpg 624w\" sizes=\"auto, (max-width: 800px) 100vw, 800px\" \/><\/a><\/p>\n<p><a href=\"https:\/\/olu-limburg.de\/wp-content\/uploads\/2022\/02\/IMG_20210713_124828_ergebnis.jpg\"><img loading=\"lazy\" decoding=\"async\" class=\"size-full wp-image-26684 aligncenter\" src=\"https:\/\/olu-limburg.de\/wp-content\/uploads\/2022\/02\/IMG_20210713_124828_ergebnis.jpg\" alt=\"\" width=\"800\" height=\"600\" srcset=\"https:\/\/olu-limburg.de\/wp-content\/uploads\/2022\/02\/IMG_20210713_124828_ergebnis.jpg 800w, https:\/\/olu-limburg.de\/wp-content\/uploads\/2022\/02\/IMG_20210713_124828_ergebnis-300x225.jpg 300w, https:\/\/olu-limburg.de\/wp-content\/uploads\/2022\/02\/IMG_20210713_124828_ergebnis-768x576.jpg 768w, https:\/\/olu-limburg.de\/wp-content\/uploads\/2022\/02\/IMG_20210713_124828_ergebnis-624x468.jpg 624w\" sizes=\"auto, (max-width: 800px) 100vw, 800px\" \/><\/a><\/p>\n<p>Das letzte Teilst\u00fcck haben wir uns beim Fahren abgewechselt und waren am Abend wieder in Limburg. Alles in allem hatten wir eine sch\u00f6ne M\u00e4nner-Tour.<\/p>\n<p style=\"text-align: center;\">&#8211; &#8211; &#8211; &#8211; &#8211;<\/p>\n<p>Und schon planen wir f\u00fcr 2022 die n\u00e4chste Fahrt zur Tour de France zur &#8222;Planche de Belles Filles&#8220; in den Vogesen und anschlie\u00dfend zur Etappe nach Alpe d&#8217;Huez.<\/p>\n<p>&nbsp;<\/p>\n<p style=\"text-align: center;\"><a href=\"https:\/\/olu-limburg.de\/?page_id=26536\">zur\u00fcck zum Seitenanfang<\/a><\/p>\n","protected":false},"excerpt":{"rendered":"<p>Text: Hans-Werner\u00a0\u00a0\u00a0\u00a0\u00a0\u00a0\u00a0\u00a0\u00a0\u00a0\u00a0\u00a0\u00a0\u00a0\u00a0\u00a0\u00a0\u00a0\u00a0\u00a0\u00a0\u00a0\u00a0\u00a0\u00a0\u00a0\u00a0\u00a0\u00a0\u00a0\u00a0\u00a0\u00a0\u00a0\u00a0\u00a0\u00a0\u00a0\u00a0\u00a0\u00a0\u00a0\u00a0\u00a0\u00a0\u00a0\u00a0\u00a0\u00a0\u00a0\u00a0\u00a0\u00a0\u00a0\u00a0\u00a0\u00a0\u00a0\u00a0\u00a0\u00a0\u00a0\u00a0\u00a0\u00a0\u00a0\u00a0\u00a0\u00a0\u00a0\u00a0\u00a0\u00a0\u00a0\u00a0\u00a0\u00a0\u00a0\u00a0\u00a0\u00a0\u00a0\u00a0\u00a0\u00a0\u00a0\u00a0\u00a0\u00a0\u00a0\u00a0\u00a0\u00a0\u00a0\u00a0\u00a0\u00a0\u00a0\u00a0\u00a0\u00a0 Fotos: Hans-Werner und Christian In 2013 habe ich mit meinem j\u00fcngsten Sohn anl\u00e4\u00dflich der 100. Tour de France eine M\u00e4nnertour zum Mont Ventoux und nach Alpe d&#8217;Huez unternommen. Es hat einige Jahre gebraucht, bis wir wieder unserer Tour-de-France-Leidenschaft nachgegeben haben und zu solch einem Ereignis gestartet sind. In diesem Jahr wird der Mont [&hellip;]<\/p>\n","protected":false},"author":1,"featured_media":0,"parent":0,"menu_order":0,"comment_status":"closed","ping_status":"closed","template":"page-templates\/full-width.php","meta":{"footnotes":""},"class_list":["post-26536","page","type-page","status-publish","hentry"],"_links":{"self":[{"href":"https:\/\/olu-limburg.de\/index.php?rest_route=\/wp\/v2\/pages\/26536","targetHints":{"allow":["GET"]}}],"collection":[{"href":"https:\/\/olu-limburg.de\/index.php?rest_route=\/wp\/v2\/pages"}],"about":[{"href":"https:\/\/olu-limburg.de\/index.php?rest_route=\/wp\/v2\/types\/page"}],"author":[{"embeddable":true,"href":"https:\/\/olu-limburg.de\/index.php?rest_route=\/wp\/v2\/users\/1"}],"replies":[{"embeddable":true,"href":"https:\/\/olu-limburg.de\/index.php?rest_route=%2Fwp%2Fv2%2Fcomments&post=26536"}],"version-history":[{"count":31,"href":"https:\/\/olu-limburg.de\/index.php?rest_route=\/wp\/v2\/pages\/26536\/revisions"}],"predecessor-version":[{"id":26724,"href":"https:\/\/olu-limburg.de\/index.php?rest_route=\/wp\/v2\/pages\/26536\/revisions\/26724"}],"wp:attachment":[{"href":"https:\/\/olu-limburg.de\/index.php?rest_route=%2Fwp%2Fv2%2Fmedia&parent=26536"}],"curies":[{"name":"wp","href":"https:\/\/api.w.org\/{rel}","templated":true}]}}