{"id":2574,"date":"2015-07-21T16:00:09","date_gmt":"2015-07-21T14:00:09","guid":{"rendered":"https:\/\/olu-limburg.de\/?page_id=2574"},"modified":"2016-02-27T12:42:54","modified_gmt":"2016-02-27T11:42:54","slug":"weinbergnacht-und-mandelbluete-pfalz-maerz-2014","status":"publish","type":"page","link":"https:\/\/olu-limburg.de\/?page_id=2574","title":{"rendered":"Weinbergnacht und Mandelbl\u00fcte Pfalz M\u00e4rz 2014"},"content":{"rendered":"<p>Vom 13. bis 16.03.2014 waren wir in der Pfalz unterwegs. Unsere Ziele waren die Weinbergnacht in Bad D\u00fcrkheim und das Mandelbl\u00fctenfest in Gimmeldingen.<\/p>\n<p>Text und Fotos: Hans-Werner<\/p>\n<p>&nbsp;<\/p>\n<p><b>Donnerstag, 13.03.2014<\/b><\/p>\n<p>Es w\u00e4re ja zu einfach gewesen, wenn wir direkt von Limburg nach Bad D\u00fcrkheim gefahren w\u00e4ren, wo wir die Weinbergnacht am Freitag erleben wollen. Nein, uns zog es erst einmal nach Wissembourg (Elsass); ein sch\u00f6nes franz\u00f6sisches Mittagessen und ein Erlebniseinkauf sind uns wichtiger.<\/p>\n<p><a href=\"https:\/\/olu-limburg.de\/wp-content\/uploads\/2015\/07\/SAM_0842.jpg\"><img loading=\"lazy\" decoding=\"async\" class=\"alignnone size-full wp-image-2579\" src=\"https:\/\/olu-limburg.de\/wp-content\/uploads\/2015\/07\/SAM_0842.jpg\" alt=\"SAM_0842\" width=\"800\" height=\"600\" srcset=\"https:\/\/olu-limburg.de\/wp-content\/uploads\/2015\/07\/SAM_0842.jpg 800w, https:\/\/olu-limburg.de\/wp-content\/uploads\/2015\/07\/SAM_0842-300x225.jpg 300w, https:\/\/olu-limburg.de\/wp-content\/uploads\/2015\/07\/SAM_0842-624x468.jpg 624w\" sizes=\"auto, (max-width: 800px) 100vw, 800px\" \/><\/a><\/p>\n<p>Eigentlich wollen wir in Gleiszellen-Gleishorbach auf der Wiese unterhalb des Ortes stehen und das sonnige Wetter zu einem Spaziergang nutzen. Da der Platz aber sehr nass und aufgeweicht ist und au\u00dfer uns sich niemand dorthin verirrt hat, fahren wir schon jetzt weiter nach Bad D\u00fcrkheim.<\/p>\n<p>Auf dem Stellplatz in Bad D\u00fcrkheim ist bereits Leben, hier sind wir richtig. Wir drehen noch eine Runde durch den Ort, sonnen uns beim Wohnmobil und besuchen abends noch die Strau\u00dfwirtschaft.<\/p>\n<p>&nbsp;<\/p>\n<p><b>Freitag, 14.03.2014<\/b><\/p>\n<p>Es ist herrliches Wetter. Wir nutzen dies zu einer Wanderung zur Klosterruine Limburg. Dies ist nicht weit und geht gem\u00fctlich im Tal entlang. Nur zum Schlu\u00df die vielen Treppen sind wie immer eine Qual. Der Ausblick und die Umgebung sind aber Entsch\u00e4digung genug. Bei diesem Wetter gibt es dort oben auch bereits eine Au\u00dfenbewirtschaftung, und wir genie\u00dfen die typisch Pf\u00e4lzer Wei\u00dfweinschorle &#8211; 0,4 l\u00a0 Wei\u00dfwein und 0,1 l Wasser.<\/p>\n<div id=\"attachment_2580\" style=\"width: 460px\" class=\"wp-caption aligncenter\"><a href=\"https:\/\/olu-limburg.de\/wp-content\/uploads\/2015\/07\/SAM_0848-e1437487688494.jpg\"><img loading=\"lazy\" decoding=\"async\" aria-describedby=\"caption-attachment-2580\" class=\"size-full wp-image-2580\" src=\"https:\/\/olu-limburg.de\/wp-content\/uploads\/2015\/07\/SAM_0848-e1437487688494.jpg\" alt=\"Klosterruine Limburg\" width=\"450\" height=\"600\" \/><\/a><p id=\"caption-attachment-2580\" class=\"wp-caption-text\">Klosterruine Limburg<\/p><\/div>\n<p><a href=\"https:\/\/olu-limburg.de\/wp-content\/uploads\/2015\/07\/SAM_0867.jpg\"><img loading=\"lazy\" decoding=\"async\" class=\"alignnone size-full wp-image-2585\" src=\"https:\/\/olu-limburg.de\/wp-content\/uploads\/2015\/07\/SAM_0867.jpg\" alt=\"SAM_0867\" width=\"800\" height=\"600\" srcset=\"https:\/\/olu-limburg.de\/wp-content\/uploads\/2015\/07\/SAM_0867.jpg 800w, https:\/\/olu-limburg.de\/wp-content\/uploads\/2015\/07\/SAM_0867-300x225.jpg 300w, https:\/\/olu-limburg.de\/wp-content\/uploads\/2015\/07\/SAM_0867-624x468.jpg 624w\" sizes=\"auto, (max-width: 800px) 100vw, 800px\" \/><\/a><\/p>\n<p><a href=\"https:\/\/olu-limburg.de\/wp-content\/uploads\/2015\/07\/SAM_0859.jpg\"><img loading=\"lazy\" decoding=\"async\" class=\"alignnone size-full wp-image-2582\" src=\"https:\/\/olu-limburg.de\/wp-content\/uploads\/2015\/07\/SAM_0859.jpg\" alt=\"SAM_0859\" width=\"800\" height=\"600\" srcset=\"https:\/\/olu-limburg.de\/wp-content\/uploads\/2015\/07\/SAM_0859.jpg 800w, https:\/\/olu-limburg.de\/wp-content\/uploads\/2015\/07\/SAM_0859-300x225.jpg 300w, https:\/\/olu-limburg.de\/wp-content\/uploads\/2015\/07\/SAM_0859-624x468.jpg 624w\" sizes=\"auto, (max-width: 800px) 100vw, 800px\" \/><\/a><\/p>\n<p><a href=\"https:\/\/olu-limburg.de\/wp-content\/uploads\/2015\/07\/SAM_0860.jpg\"><img loading=\"lazy\" decoding=\"async\" class=\"alignnone size-full wp-image-2583\" src=\"https:\/\/olu-limburg.de\/wp-content\/uploads\/2015\/07\/SAM_0860.jpg\" alt=\"SAM_0860\" width=\"800\" height=\"600\" srcset=\"https:\/\/olu-limburg.de\/wp-content\/uploads\/2015\/07\/SAM_0860.jpg 800w, https:\/\/olu-limburg.de\/wp-content\/uploads\/2015\/07\/SAM_0860-300x225.jpg 300w, https:\/\/olu-limburg.de\/wp-content\/uploads\/2015\/07\/SAM_0860-624x468.jpg 624w\" sizes=\"auto, (max-width: 800px) 100vw, 800px\" \/><\/a><\/p>\n<div id=\"attachment_2584\" style=\"width: 460px\" class=\"wp-caption aligncenter\"><a href=\"https:\/\/olu-limburg.de\/wp-content\/uploads\/2015\/07\/SAM_0861-e1437487848475.jpg\"><img loading=\"lazy\" decoding=\"async\" aria-describedby=\"caption-attachment-2584\" class=\"size-full wp-image-2584\" src=\"https:\/\/olu-limburg.de\/wp-content\/uploads\/2015\/07\/SAM_0861-e1437487848475.jpg\" alt=\"Vorsicht! Auch bei Weinschorle kann es bei \u00fcberm\u00e4\u00dfigem Genuss zu Sehst\u00f6rungen kommen.\" width=\"450\" height=\"600\" \/><\/a><p id=\"caption-attachment-2584\" class=\"wp-caption-text\">Vorsicht! Auch bei Weinschorle kann es bei \u00fcberm\u00e4\u00dfigem Genuss zu Sehst\u00f6rungen kommen.<\/p><\/div>\n<p><a href=\"https:\/\/olu-limburg.de\/wp-content\/uploads\/2015\/07\/SAM_0871.jpg\"><img loading=\"lazy\" decoding=\"async\" class=\"alignnone size-full wp-image-2586\" src=\"https:\/\/olu-limburg.de\/wp-content\/uploads\/2015\/07\/SAM_0871.jpg\" alt=\"SAM_0871\" width=\"800\" height=\"600\" srcset=\"https:\/\/olu-limburg.de\/wp-content\/uploads\/2015\/07\/SAM_0871.jpg 800w, https:\/\/olu-limburg.de\/wp-content\/uploads\/2015\/07\/SAM_0871-300x225.jpg 300w, https:\/\/olu-limburg.de\/wp-content\/uploads\/2015\/07\/SAM_0871-624x468.jpg 624w\" sizes=\"auto, (max-width: 800px) 100vw, 800px\" \/><\/a><\/p>\n<p>Mittlerweile ist auch Monika (monana) aus dem Wohnmobil-Forum eingetroffen. Abends laufen wir gemeinsam die Tour der Weinbergnacht mit vielen anderen tausend Freunden des Weines und bewundern die Beleuchtung und die unterschiedlichen Geschmacksnuancen der angebotenen Weine. Hierbei ist zu sagen, dass man bereits im Vorverkauf eine Karte mit Gutscheinen im Wert von EUR 15,00 beim Tourismusb\u00fcro kauft. Man erh\u00e4lt daf\u00fcr 15 Gutscheine \u00e0 0,05 l und ein Weinglas. An den Weinst\u00e4nden gibt es auch nur den Wein auf diese Gutscheine. Ein Barverkauf ist nicht m\u00f6glich.<\/p>\n<p><a href=\"https:\/\/olu-limburg.de\/wp-content\/uploads\/2015\/07\/SAM_0873.jpg\"><img loading=\"lazy\" decoding=\"async\" class=\"alignnone size-full wp-image-2587\" src=\"https:\/\/olu-limburg.de\/wp-content\/uploads\/2015\/07\/SAM_0873.jpg\" alt=\"SAM_0873\" width=\"800\" height=\"600\" srcset=\"https:\/\/olu-limburg.de\/wp-content\/uploads\/2015\/07\/SAM_0873.jpg 800w, https:\/\/olu-limburg.de\/wp-content\/uploads\/2015\/07\/SAM_0873-300x225.jpg 300w, https:\/\/olu-limburg.de\/wp-content\/uploads\/2015\/07\/SAM_0873-624x468.jpg 624w\" sizes=\"auto, (max-width: 800px) 100vw, 800px\" \/><\/a><\/p>\n<p><a href=\"https:\/\/olu-limburg.de\/wp-content\/uploads\/2015\/07\/SAM_0874.jpg\"><img loading=\"lazy\" decoding=\"async\" class=\"alignnone size-full wp-image-2588\" src=\"https:\/\/olu-limburg.de\/wp-content\/uploads\/2015\/07\/SAM_0874.jpg\" alt=\"SAM_0874\" width=\"800\" height=\"600\" srcset=\"https:\/\/olu-limburg.de\/wp-content\/uploads\/2015\/07\/SAM_0874.jpg 800w, https:\/\/olu-limburg.de\/wp-content\/uploads\/2015\/07\/SAM_0874-300x225.jpg 300w, https:\/\/olu-limburg.de\/wp-content\/uploads\/2015\/07\/SAM_0874-624x468.jpg 624w\" sizes=\"auto, (max-width: 800px) 100vw, 800px\" \/><\/a><\/p>\n<p><a href=\"https:\/\/olu-limburg.de\/wp-content\/uploads\/2015\/07\/SAM_0880.jpg\"><img loading=\"lazy\" decoding=\"async\" class=\"alignnone size-full wp-image-2589\" src=\"https:\/\/olu-limburg.de\/wp-content\/uploads\/2015\/07\/SAM_0880.jpg\" alt=\"SAM_0880\" width=\"800\" height=\"600\" srcset=\"https:\/\/olu-limburg.de\/wp-content\/uploads\/2015\/07\/SAM_0880.jpg 800w, https:\/\/olu-limburg.de\/wp-content\/uploads\/2015\/07\/SAM_0880-300x225.jpg 300w, https:\/\/olu-limburg.de\/wp-content\/uploads\/2015\/07\/SAM_0880-624x468.jpg 624w\" sizes=\"auto, (max-width: 800px) 100vw, 800px\" \/><\/a><\/p>\n<p><a href=\"https:\/\/olu-limburg.de\/wp-content\/uploads\/2015\/07\/SAM_0883.jpg\"><img loading=\"lazy\" decoding=\"async\" class=\"alignnone size-full wp-image-2590\" src=\"https:\/\/olu-limburg.de\/wp-content\/uploads\/2015\/07\/SAM_0883.jpg\" alt=\"SAM_0883\" width=\"800\" height=\"600\" srcset=\"https:\/\/olu-limburg.de\/wp-content\/uploads\/2015\/07\/SAM_0883.jpg 800w, https:\/\/olu-limburg.de\/wp-content\/uploads\/2015\/07\/SAM_0883-300x225.jpg 300w, https:\/\/olu-limburg.de\/wp-content\/uploads\/2015\/07\/SAM_0883-624x468.jpg 624w\" sizes=\"auto, (max-width: 800px) 100vw, 800px\" \/><\/a><\/p>\n<p><a href=\"https:\/\/olu-limburg.de\/wp-content\/uploads\/2015\/07\/SAM_0885.jpg\"><img loading=\"lazy\" decoding=\"async\" class=\"alignnone size-full wp-image-2591\" src=\"https:\/\/olu-limburg.de\/wp-content\/uploads\/2015\/07\/SAM_0885.jpg\" alt=\"SAM_0885\" width=\"800\" height=\"600\" srcset=\"https:\/\/olu-limburg.de\/wp-content\/uploads\/2015\/07\/SAM_0885.jpg 800w, https:\/\/olu-limburg.de\/wp-content\/uploads\/2015\/07\/SAM_0885-300x225.jpg 300w, https:\/\/olu-limburg.de\/wp-content\/uploads\/2015\/07\/SAM_0885-624x468.jpg 624w\" sizes=\"auto, (max-width: 800px) 100vw, 800px\" \/><\/a><\/p>\n<p><a href=\"https:\/\/olu-limburg.de\/wp-content\/uploads\/2015\/07\/SAM_0888-e1437487980765.jpg\"><img loading=\"lazy\" decoding=\"async\" class=\"alignnone size-full wp-image-2592\" src=\"https:\/\/olu-limburg.de\/wp-content\/uploads\/2015\/07\/SAM_0888-e1437487980765.jpg\" alt=\"SAM_0888\" width=\"450\" height=\"600\" \/><\/a><\/p>\n<p><a href=\"https:\/\/olu-limburg.de\/wp-content\/uploads\/2015\/07\/SAM_0893-e1437487996496.jpg\"><img loading=\"lazy\" decoding=\"async\" class=\"size-full wp-image-2593 alignright\" src=\"https:\/\/olu-limburg.de\/wp-content\/uploads\/2015\/07\/SAM_0893-e1437487996496.jpg\" alt=\"SAM_0893\" width=\"450\" height=\"600\" \/><\/a><\/p>\n<p><a href=\"https:\/\/olu-limburg.de\/wp-content\/uploads\/2015\/07\/SAM_0895-e1437488026100.jpg\"><img loading=\"lazy\" decoding=\"async\" class=\"size-full wp-image-2594 aligncenter\" src=\"https:\/\/olu-limburg.de\/wp-content\/uploads\/2015\/07\/SAM_0895-e1437488026100.jpg\" alt=\"SAM_0895\" width=\"450\" height=\"600\" \/><\/a><\/p>\n<p><a href=\"https:\/\/olu-limburg.de\/wp-content\/uploads\/2015\/07\/SAM_0897.jpg\"><img loading=\"lazy\" decoding=\"async\" class=\"alignnone size-full wp-image-2595\" src=\"https:\/\/olu-limburg.de\/wp-content\/uploads\/2015\/07\/SAM_0897.jpg\" alt=\"SAM_0897\" width=\"800\" height=\"600\" srcset=\"https:\/\/olu-limburg.de\/wp-content\/uploads\/2015\/07\/SAM_0897.jpg 800w, https:\/\/olu-limburg.de\/wp-content\/uploads\/2015\/07\/SAM_0897-300x225.jpg 300w, https:\/\/olu-limburg.de\/wp-content\/uploads\/2015\/07\/SAM_0897-624x468.jpg 624w\" sizes=\"auto, (max-width: 800px) 100vw, 800px\" \/><\/a><\/p>\n<p>&nbsp;<\/p>\n<p><b>Samstag, 15.03.2014<\/b><\/p>\n<p>Das Wetter hat umgeschlagen und es ist k\u00fchl und bedeckt. Heute ziehen wir weiter nach Gimmeldingen und stellen uns zu den anderen Wohnmobilen auf den Parkplatz am Tennisplatz. Der Fu\u00dfweg nach Gimmeldingen l\u00e4sst sich gut gehen. Im Ort ist aufgrund der etwas k\u00fchlen Witterung noch nicht so viel los. Wir lassen uns trotzdem pf\u00e4lzer Essen und Weinschorle schmecken. Die B\u00e4ume stehen voll in Bl\u00fcte. Langsam wird der Besucherstrom immer mehr und die gute Stimmung h\u00e4lt noch bis weit in die Abendstunden gut an.<\/p>\n<p><a href=\"https:\/\/olu-limburg.de\/wp-content\/uploads\/2015\/07\/SAM_0904.jpg\"><img loading=\"lazy\" decoding=\"async\" class=\"alignnone size-full wp-image-2597\" src=\"https:\/\/olu-limburg.de\/wp-content\/uploads\/2015\/07\/SAM_0904.jpg\" alt=\"SAM_0904\" width=\"800\" height=\"600\" srcset=\"https:\/\/olu-limburg.de\/wp-content\/uploads\/2015\/07\/SAM_0904.jpg 800w, https:\/\/olu-limburg.de\/wp-content\/uploads\/2015\/07\/SAM_0904-300x225.jpg 300w, https:\/\/olu-limburg.de\/wp-content\/uploads\/2015\/07\/SAM_0904-624x468.jpg 624w\" sizes=\"auto, (max-width: 800px) 100vw, 800px\" \/><\/a><\/p>\n<p><a href=\"https:\/\/olu-limburg.de\/wp-content\/uploads\/2015\/07\/SAM_0899.jpg\"><img loading=\"lazy\" decoding=\"async\" class=\"alignnone size-full wp-image-2596\" src=\"https:\/\/olu-limburg.de\/wp-content\/uploads\/2015\/07\/SAM_0899.jpg\" alt=\"SAM_0899\" width=\"800\" height=\"600\" srcset=\"https:\/\/olu-limburg.de\/wp-content\/uploads\/2015\/07\/SAM_0899.jpg 800w, https:\/\/olu-limburg.de\/wp-content\/uploads\/2015\/07\/SAM_0899-300x225.jpg 300w, https:\/\/olu-limburg.de\/wp-content\/uploads\/2015\/07\/SAM_0899-624x468.jpg 624w\" sizes=\"auto, (max-width: 800px) 100vw, 800px\" \/><\/a><\/p>\n<p><a href=\"https:\/\/olu-limburg.de\/wp-content\/uploads\/2015\/07\/SAM_0907-e1437488158333.jpg\"><img loading=\"lazy\" decoding=\"async\" class=\"alignnone size-full wp-image-2599\" src=\"https:\/\/olu-limburg.de\/wp-content\/uploads\/2015\/07\/SAM_0907-e1437488158333.jpg\" alt=\"SAM_0907\" width=\"450\" height=\"600\" \/><\/a><\/p>\n<p><a href=\"https:\/\/olu-limburg.de\/wp-content\/uploads\/2015\/07\/SAM_0905-e1437488183985.jpg\"><img loading=\"lazy\" decoding=\"async\" class=\"size-full wp-image-2598 alignright\" src=\"https:\/\/olu-limburg.de\/wp-content\/uploads\/2015\/07\/SAM_0905-e1437488183985.jpg\" alt=\"SAM_0905\" width=\"450\" height=\"600\" \/><\/a><\/p>\n<p><a href=\"https:\/\/olu-limburg.de\/wp-content\/uploads\/2015\/07\/SAM_0910-e1437488227402.jpg\"><img loading=\"lazy\" decoding=\"async\" class=\"size-full wp-image-2600 aligncenter\" src=\"https:\/\/olu-limburg.de\/wp-content\/uploads\/2015\/07\/SAM_0910-e1437488227402.jpg\" alt=\"SAM_0910\" width=\"450\" height=\"600\" \/><\/a><\/p>\n<p><a href=\"https:\/\/olu-limburg.de\/wp-content\/uploads\/2015\/07\/SAM_0914.jpg\"><img loading=\"lazy\" decoding=\"async\" class=\"alignnone size-full wp-image-2601\" src=\"https:\/\/olu-limburg.de\/wp-content\/uploads\/2015\/07\/SAM_0914.jpg\" alt=\"SAM_0914\" width=\"800\" height=\"600\" srcset=\"https:\/\/olu-limburg.de\/wp-content\/uploads\/2015\/07\/SAM_0914.jpg 800w, https:\/\/olu-limburg.de\/wp-content\/uploads\/2015\/07\/SAM_0914-300x225.jpg 300w, https:\/\/olu-limburg.de\/wp-content\/uploads\/2015\/07\/SAM_0914-624x468.jpg 624w\" sizes=\"auto, (max-width: 800px) 100vw, 800px\" \/><\/a><\/p>\n<p><a href=\"https:\/\/olu-limburg.de\/wp-content\/uploads\/2015\/07\/SAM_0917-e1437488260300.jpg\"><img loading=\"lazy\" decoding=\"async\" class=\"size-full wp-image-2602 aligncenter\" src=\"https:\/\/olu-limburg.de\/wp-content\/uploads\/2015\/07\/SAM_0917-e1437488260300.jpg\" alt=\"SAM_0917\" width=\"450\" height=\"600\" \/><\/a><\/p>\n<p><b>Sonntag, 16.03.2014<\/b><\/p>\n<p>Da das Wetter sich nicht besonders gebessert hat bleiben wir nicht noch l\u00e4nger hier. Wir haben es uns gestern gut gehen lassen, und k\u00f6nnen deshalb heute beruhigt nach Hause fahren.<\/p>\n<p>&nbsp;<\/p>\n<p style=\"text-align: center;\"><a href=\"https:\/\/olu-limburg.de\/?page_id=2574\">Wieder zum Seitenanfang<\/a><\/p>\n","protected":false},"excerpt":{"rendered":"<p>Vom 13. bis 16.03.2014 waren wir in der Pfalz unterwegs. Unsere Ziele waren die Weinbergnacht in Bad D\u00fcrkheim und das Mandelbl\u00fctenfest in Gimmeldingen. Text und Fotos: Hans-Werner &nbsp; Donnerstag, 13.03.2014 Es w\u00e4re ja zu einfach gewesen, wenn wir direkt von Limburg nach Bad D\u00fcrkheim gefahren w\u00e4ren, wo wir die Weinbergnacht am Freitag erleben wollen. Nein, [&hellip;]<\/p>\n","protected":false},"author":1,"featured_media":0,"parent":0,"menu_order":0,"comment_status":"closed","ping_status":"closed","template":"page-templates\/full-width.php","meta":{"footnotes":""},"class_list":["post-2574","page","type-page","status-publish","hentry"],"_links":{"self":[{"href":"https:\/\/olu-limburg.de\/index.php?rest_route=\/wp\/v2\/pages\/2574","targetHints":{"allow":["GET"]}}],"collection":[{"href":"https:\/\/olu-limburg.de\/index.php?rest_route=\/wp\/v2\/pages"}],"about":[{"href":"https:\/\/olu-limburg.de\/index.php?rest_route=\/wp\/v2\/types\/page"}],"author":[{"embeddable":true,"href":"https:\/\/olu-limburg.de\/index.php?rest_route=\/wp\/v2\/users\/1"}],"replies":[{"embeddable":true,"href":"https:\/\/olu-limburg.de\/index.php?rest_route=%2Fwp%2Fv2%2Fcomments&post=2574"}],"version-history":[{"count":7,"href":"https:\/\/olu-limburg.de\/index.php?rest_route=\/wp\/v2\/pages\/2574\/revisions"}],"predecessor-version":[{"id":7602,"href":"https:\/\/olu-limburg.de\/index.php?rest_route=\/wp\/v2\/pages\/2574\/revisions\/7602"}],"wp:attachment":[{"href":"https:\/\/olu-limburg.de\/index.php?rest_route=%2Fwp%2Fv2%2Fmedia&parent=2574"}],"curies":[{"name":"wp","href":"https:\/\/api.w.org\/{rel}","templated":true}]}}