{"id":24393,"date":"2021-01-15T18:12:37","date_gmt":"2021-01-15T17:12:37","guid":{"rendered":"https:\/\/olu-limburg.de\/?page_id=24393"},"modified":"2021-02-17T17:34:41","modified_gmt":"2021-02-17T16:34:41","slug":"deutschlands-norden-spaetsommer-2020","status":"publish","type":"page","link":"https:\/\/olu-limburg.de\/?page_id=24393","title":{"rendered":"Deutschlands Norden &#8211; Sp\u00e4tsommer 2020"},"content":{"rendered":"<p>Text: Hans-Werner\u00a0\u00a0\u00a0\u00a0\u00a0\u00a0\u00a0\u00a0\u00a0\u00a0\u00a0\u00a0\u00a0\u00a0\u00a0\u00a0\u00a0\u00a0\u00a0\u00a0\u00a0\u00a0\u00a0\u00a0\u00a0\u00a0\u00a0\u00a0\u00a0\u00a0\u00a0\u00a0\u00a0\u00a0\u00a0\u00a0\u00a0\u00a0\u00a0\u00a0\u00a0\u00a0\u00a0\u00a0\u00a0\u00a0\u00a0\u00a0\u00a0\u00a0\u00a0\u00a0\u00a0\u00a0\u00a0\u00a0\u00a0\u00a0\u00a0\u00a0\u00a0\u00a0\u00a0\u00a0\u00a0\u00a0\u00a0\u00a0\u00a0\u00a0\u00a0\u00a0\u00a0\u00a0\u00a0\u00a0\u00a0\u00a0\u00a0\u00a0\u00a0\u00a0\u00a0\u00a0\u00a0\u00a0\u00a0\u00a0\u00a0\u00a0\u00a0\u00a0\u00a0\u00a0\u00a0\u00a0 Fotos: Hans-Werner und Lena<\/p>\n<p>&nbsp;<\/p>\n<p>Unsere Wohnmobil-Tour in den Norden Deutschlands mit einem Abstecher nach Sylt und durch den S\u00fcden D\u00e4nemarks war auf ca. vier Wochen ausgelegt, und galt f\u00fcr uns als anzustrebendes Ziel, um die Erschwernisse und Beeintr\u00e4chtigungen der Corona-Pandemie zu \u00fcberstehen. Denn die geplante Fr\u00fchjahrstour im M\u00e4rz nach Sizilien war von uns schon recht fr\u00fch abgehakt worden. Besonders der Abstecher nach Sylt war nun ein Herzenswunsch von Lena, und der Stellplatz auf dem Campingplatz in Wenningstedt wurde trotz der Ungewissheiten von uns im April sofort fest gebucht. Sobald die Situation in D\u00e4nemark halbwegs eindeutig wurde, erledigten wir noch die F\u00e4hrbuchung. Au\u00dferdem haben wir in die Reiseplanung mit der Burg H\u00fclshoff bei Havixbeck noch ein POI (Point of Interest) eingebaut, da wir in unserem privaten Literaturkreis gemeinsam das Buch &#8222;Fr\u00e4ulein Nettes kurzer Sommer&#8220; von Karen Duve gelesen haben, in dem es um eine Romanbiografie \u00fcber Annette von Droste-H\u00fclshoff geht.<\/p>\n<p>Tats\u00e4chlich ist es dann nur eine knapp 3-w\u00f6chige Reise vom 12.09. bis zum 01.10.2020 geworden, die wir aus gesundheitlichen Gr\u00fcnden verk\u00fcrzen mussten. Dabei sind wir 2.002 km gefahren und haben nur auf diversen Wohnmobil-Stellpl\u00e4tzen und dem CP Wenningstedt \u00fcbernachtet.<\/p>\n<p>&nbsp;<\/p>\n<p><strong>Samstag, 12.09.2020<\/strong><\/p>\n<p>Wieder ist es eine gute Wahl, samstags auf der Autobahn ohne allzu viel LKW-Verkehr &#8222;Kilometer zu machen&#8220;. So erreichen wir ganz gem\u00fctlich \u00fcber die A45 und A1 unser erstes \u00dcbernachtungsziel, den Stellplatz &#8222;Bikertreff&#8220; bei Nordkirchen. Wir haben mit vielen Wohnmobilen aufgrund der Beschr\u00e4nkungen f\u00fcrs Ausland gerechnet, aber nicht mit dem Naheliegendsten, einem Bikertreffen.<\/p>\n<p>\u00dcberall standen gl\u00e4nzende Harleys uvm. herum. Die &#8222;Herren in schwarz&#8220; fachsimpelten und sp\u00fclten sich die Kehlen. Auch hinter dem Haus war alles voll. Auf den Wiesen fand sich nicht mal das kleinste Pl\u00e4tzchen f\u00fcr uns. Selbst die R\u00fccksprache mit den Wirten brachte keinen Erfolg. Es ist mir auch klar, hier ist ein Bikertreff und die Leute wollen unter sich sein.<\/p>\n<p>F\u00fcr uns hei\u00dft es also weiterziehen. Wir schauen uns den Stellplatz in Ascheberg an, und beschlie\u00dfen, dass wir weiter fahren. Der n\u00e4chste Vorschlag ist der kostenlose Stellplatz ohne V+E vom &#8222;Brauhaus Klute&#8220; in der N\u00e4he von Havixbeck. Hier ist es ruhig, und das Brauhaus sieht einladend aus. <span class=\"aCOpRe\">Das Herzst\u00fcck des Brauhauses ist die Brauanlage der ehemaligen Karmeliterbrauerei von 1352 in Bad Neustadt an der Saale.<\/span><\/p>\n<p><a href=\"https:\/\/olu-limburg.de\/wp-content\/uploads\/2021\/01\/P1050831_ergebnis.jpg\"><img loading=\"lazy\" decoding=\"async\" class=\"size-full wp-image-24594 aligncenter\" src=\"https:\/\/olu-limburg.de\/wp-content\/uploads\/2021\/01\/P1050831_ergebnis.jpg\" alt=\"\" width=\"800\" height=\"600\" srcset=\"https:\/\/olu-limburg.de\/wp-content\/uploads\/2021\/01\/P1050831_ergebnis.jpg 800w, https:\/\/olu-limburg.de\/wp-content\/uploads\/2021\/01\/P1050831_ergebnis-300x225.jpg 300w, https:\/\/olu-limburg.de\/wp-content\/uploads\/2021\/01\/P1050831_ergebnis-768x576.jpg 768w, https:\/\/olu-limburg.de\/wp-content\/uploads\/2021\/01\/P1050831_ergebnis-624x468.jpg 624w\" sizes=\"auto, (max-width: 800px) 100vw, 800px\" \/><\/a><\/p>\n<p><a href=\"https:\/\/olu-limburg.de\/wp-content\/uploads\/2021\/01\/IMG_20200912_191138_ergebnis.jpg\"><img loading=\"lazy\" decoding=\"async\" class=\"size-full wp-image-24414 aligncenter\" src=\"https:\/\/olu-limburg.de\/wp-content\/uploads\/2021\/01\/IMG_20200912_191138_ergebnis.jpg\" alt=\"\" width=\"800\" height=\"600\" srcset=\"https:\/\/olu-limburg.de\/wp-content\/uploads\/2021\/01\/IMG_20200912_191138_ergebnis.jpg 800w, https:\/\/olu-limburg.de\/wp-content\/uploads\/2021\/01\/IMG_20200912_191138_ergebnis-300x225.jpg 300w, https:\/\/olu-limburg.de\/wp-content\/uploads\/2021\/01\/IMG_20200912_191138_ergebnis-768x576.jpg 768w, https:\/\/olu-limburg.de\/wp-content\/uploads\/2021\/01\/IMG_20200912_191138_ergebnis-624x468.jpg 624w\" sizes=\"auto, (max-width: 800px) 100vw, 800px\" \/><\/a><\/p>\n<p>Als wir uns im Biergarten nach einem sch\u00f6nen Platz umschauen und uns auf die regionalen Gerichte von der Speisekarte freuen, erfahren wir von der netten Bedienung, dass drau\u00dfen kein Essen mehr serviert wird. Stattdessen gibt es drinnen, wie an jedem Wochenende, &#8222;Klutes B\u00fcfett&#8220; f\u00fcr EUR 24,90. Da sagen wir nicht &#8222;Nein&#8220;. Wir werden als die Wohnmobilisten, man hatte uns schon ankommen sehen, sehr aufmerksam und gut bedient. Das B\u00fcfett und das selbstgebraute Bier sind sehr gut.<\/p>\n<p><a href=\"https:\/\/olu-limburg.de\/wp-content\/uploads\/2021\/01\/IMG_20200912_183712_ergebnis.jpg\"><img loading=\"lazy\" decoding=\"async\" class=\"size-full wp-image-24412 aligncenter\" src=\"https:\/\/olu-limburg.de\/wp-content\/uploads\/2021\/01\/IMG_20200912_183712_ergebnis.jpg\" alt=\"\" width=\"800\" height=\"600\" srcset=\"https:\/\/olu-limburg.de\/wp-content\/uploads\/2021\/01\/IMG_20200912_183712_ergebnis.jpg 800w, https:\/\/olu-limburg.de\/wp-content\/uploads\/2021\/01\/IMG_20200912_183712_ergebnis-300x225.jpg 300w, https:\/\/olu-limburg.de\/wp-content\/uploads\/2021\/01\/IMG_20200912_183712_ergebnis-768x576.jpg 768w, https:\/\/olu-limburg.de\/wp-content\/uploads\/2021\/01\/IMG_20200912_183712_ergebnis-624x468.jpg 624w\" sizes=\"auto, (max-width: 800px) 100vw, 800px\" \/><\/a><\/p>\n<p><a href=\"https:\/\/olu-limburg.de\/wp-content\/uploads\/2021\/01\/IMG_20200912_183743_ergebnis-e1611076482192.jpg\"><img loading=\"lazy\" decoding=\"async\" class=\"size-full wp-image-24413 alignleft\" src=\"https:\/\/olu-limburg.de\/wp-content\/uploads\/2021\/01\/IMG_20200912_183743_ergebnis-e1611076482192.jpg\" alt=\"\" width=\"450\" height=\"600\" \/><\/a><\/p>\n<p><a href=\"https:\/\/olu-limburg.de\/wp-content\/uploads\/2021\/01\/IMG_20200912_175659_ergebnis-e1611076613795.jpg\"><img loading=\"lazy\" decoding=\"async\" class=\"size-full wp-image-24409 alignright\" src=\"https:\/\/olu-limburg.de\/wp-content\/uploads\/2021\/01\/IMG_20200912_175659_ergebnis-e1611076613795.jpg\" alt=\"\" width=\"450\" height=\"600\" \/><\/a><\/p>\n<p><a href=\"https:\/\/olu-limburg.de\/wp-content\/uploads\/2021\/01\/IMG_20200912_181125_ergebnis.jpg\"><img loading=\"lazy\" decoding=\"async\" class=\"size-full wp-image-24411 aligncenter\" src=\"https:\/\/olu-limburg.de\/wp-content\/uploads\/2021\/01\/IMG_20200912_181125_ergebnis.jpg\" alt=\"\" width=\"800\" height=\"600\" srcset=\"https:\/\/olu-limburg.de\/wp-content\/uploads\/2021\/01\/IMG_20200912_181125_ergebnis.jpg 800w, https:\/\/olu-limburg.de\/wp-content\/uploads\/2021\/01\/IMG_20200912_181125_ergebnis-300x225.jpg 300w, https:\/\/olu-limburg.de\/wp-content\/uploads\/2021\/01\/IMG_20200912_181125_ergebnis-768x576.jpg 768w, https:\/\/olu-limburg.de\/wp-content\/uploads\/2021\/01\/IMG_20200912_181125_ergebnis-624x468.jpg 624w\" sizes=\"auto, (max-width: 800px) 100vw, 800px\" \/><\/a><\/p>\n<p><a href=\"https:\/\/olu-limburg.de\/wp-content\/uploads\/2021\/01\/IMG_20200912_175650_ergebnis.jpg\"><img loading=\"lazy\" decoding=\"async\" class=\"size-full wp-image-24408 aligncenter\" src=\"https:\/\/olu-limburg.de\/wp-content\/uploads\/2021\/01\/IMG_20200912_175650_ergebnis.jpg\" alt=\"\" width=\"800\" height=\"600\" srcset=\"https:\/\/olu-limburg.de\/wp-content\/uploads\/2021\/01\/IMG_20200912_175650_ergebnis.jpg 800w, https:\/\/olu-limburg.de\/wp-content\/uploads\/2021\/01\/IMG_20200912_175650_ergebnis-300x225.jpg 300w, https:\/\/olu-limburg.de\/wp-content\/uploads\/2021\/01\/IMG_20200912_175650_ergebnis-768x576.jpg 768w, https:\/\/olu-limburg.de\/wp-content\/uploads\/2021\/01\/IMG_20200912_175650_ergebnis-624x468.jpg 624w\" sizes=\"auto, (max-width: 800px) 100vw, 800px\" \/><\/a><\/p>\n<p><a href=\"https:\/\/olu-limburg.de\/wp-content\/uploads\/2021\/01\/IMG_20200912_180752_ergebnis.jpg\"><img loading=\"lazy\" decoding=\"async\" class=\"size-full wp-image-24410 aligncenter\" src=\"https:\/\/olu-limburg.de\/wp-content\/uploads\/2021\/01\/IMG_20200912_180752_ergebnis.jpg\" alt=\"\" width=\"800\" height=\"600\" srcset=\"https:\/\/olu-limburg.de\/wp-content\/uploads\/2021\/01\/IMG_20200912_180752_ergebnis.jpg 800w, https:\/\/olu-limburg.de\/wp-content\/uploads\/2021\/01\/IMG_20200912_180752_ergebnis-300x225.jpg 300w, https:\/\/olu-limburg.de\/wp-content\/uploads\/2021\/01\/IMG_20200912_180752_ergebnis-768x576.jpg 768w, https:\/\/olu-limburg.de\/wp-content\/uploads\/2021\/01\/IMG_20200912_180752_ergebnis-624x468.jpg 624w\" sizes=\"auto, (max-width: 800px) 100vw, 800px\" \/><\/a><\/p>\n<p>Nachdem sich die letzten G\u00e4ste auf den Heimweg gemacht haben, kehrte Stille auf unserem Parkplatz ein.<\/p>\n<p>Tagesstrecke: 269 km<\/p>\n<p>&nbsp;<\/p>\n<p><strong>Sonntag, 13.09.2020<\/strong><\/p>\n<p>Heute wollen wir zur Burg H\u00fclshoff fahren, die sich nicht weit von hier in Richtung Havixbeck befindet. Da wir uns zur Zeit literarisch mit Annette von Droste-H\u00fclshoff (1797 &#8211; 1848) befassen, m\u00f6chten wir uns das Stammhaus anschauen. Ausserdem gibt es heute, am Tag des offenen Denkmals, trotz Corona die M\u00f6glichkeit, sich die R\u00e4umlichkeiten im Museum anzuschauenn und im Park wird ein Picknick-Event angeboten. Wir haben nat\u00fcrlich unseren gut gef\u00fcllten Picknickkorb selbst dabei.<\/p>\n<p>Wir sind schon sehr fr\u00fch dorthin gefahren, damit wir einen vern\u00fcnftigen Parkplatz f\u00fcr unser Wohnmobil haben. Da der innere Bereich des Wasserschlosses erst um 12.00 Uhr ge\u00f6ffnet wird, machen wir noch einen ausgiebigen Spaziergang durch den etwa 30 Hektar gro\u00dfen Landschaftsgarten.<\/p>\n<p><a href=\"https:\/\/olu-limburg.de\/wp-content\/uploads\/2021\/01\/IMG_20200913_105001_ergebnis.jpg\"><img loading=\"lazy\" decoding=\"async\" class=\"size-full wp-image-24424 aligncenter\" src=\"https:\/\/olu-limburg.de\/wp-content\/uploads\/2021\/01\/IMG_20200913_105001_ergebnis.jpg\" alt=\"\" width=\"800\" height=\"600\" srcset=\"https:\/\/olu-limburg.de\/wp-content\/uploads\/2021\/01\/IMG_20200913_105001_ergebnis.jpg 800w, https:\/\/olu-limburg.de\/wp-content\/uploads\/2021\/01\/IMG_20200913_105001_ergebnis-300x225.jpg 300w, https:\/\/olu-limburg.de\/wp-content\/uploads\/2021\/01\/IMG_20200913_105001_ergebnis-768x576.jpg 768w, https:\/\/olu-limburg.de\/wp-content\/uploads\/2021\/01\/IMG_20200913_105001_ergebnis-624x468.jpg 624w\" sizes=\"auto, (max-width: 800px) 100vw, 800px\" \/><\/a><\/p>\n<p><a href=\"https:\/\/olu-limburg.de\/wp-content\/uploads\/2021\/01\/P1060444_ergebnis.jpg\"><img loading=\"lazy\" decoding=\"async\" class=\"size-full wp-image-24426 aligncenter\" src=\"https:\/\/olu-limburg.de\/wp-content\/uploads\/2021\/01\/P1060444_ergebnis.jpg\" alt=\"\" width=\"800\" height=\"600\" srcset=\"https:\/\/olu-limburg.de\/wp-content\/uploads\/2021\/01\/P1060444_ergebnis.jpg 800w, https:\/\/olu-limburg.de\/wp-content\/uploads\/2021\/01\/P1060444_ergebnis-300x225.jpg 300w, https:\/\/olu-limburg.de\/wp-content\/uploads\/2021\/01\/P1060444_ergebnis-768x576.jpg 768w, https:\/\/olu-limburg.de\/wp-content\/uploads\/2021\/01\/P1060444_ergebnis-624x468.jpg 624w\" sizes=\"auto, (max-width: 800px) 100vw, 800px\" \/><\/a><\/p>\n<div id=\"attachment_24428\" style=\"width: 460px\" class=\"wp-caption aligncenter\"><a href=\"https:\/\/olu-limburg.de\/wp-content\/uploads\/2021\/01\/P1060447_ergebnis-e1611243724432.jpg\"><img loading=\"lazy\" decoding=\"async\" aria-describedby=\"caption-attachment-24428\" class=\"size-full wp-image-24428\" src=\"https:\/\/olu-limburg.de\/wp-content\/uploads\/2021\/01\/P1060447_ergebnis-e1611243724432.jpg\" alt=\"\" width=\"450\" height=\"600\" \/><\/a><p id=\"caption-attachment-24428\" class=\"wp-caption-text\">Annette von Droste-H\u00fclshoff<\/p><\/div>\n<p><a href=\"https:\/\/olu-limburg.de\/wp-content\/uploads\/2021\/01\/P1060445_ergebnis.jpg\"><img loading=\"lazy\" decoding=\"async\" class=\"size-full wp-image-24427 aligncenter\" src=\"https:\/\/olu-limburg.de\/wp-content\/uploads\/2021\/01\/P1060445_ergebnis.jpg\" alt=\"\" width=\"800\" height=\"600\" srcset=\"https:\/\/olu-limburg.de\/wp-content\/uploads\/2021\/01\/P1060445_ergebnis.jpg 800w, https:\/\/olu-limburg.de\/wp-content\/uploads\/2021\/01\/P1060445_ergebnis-300x225.jpg 300w, https:\/\/olu-limburg.de\/wp-content\/uploads\/2021\/01\/P1060445_ergebnis-768x576.jpg 768w, https:\/\/olu-limburg.de\/wp-content\/uploads\/2021\/01\/P1060445_ergebnis-624x468.jpg 624w\" sizes=\"auto, (max-width: 800px) 100vw, 800px\" \/><\/a><\/p>\n<p><a href=\"https:\/\/olu-limburg.de\/wp-content\/uploads\/2021\/01\/IMG_20200913_110342_ergebnis.jpg\"><img loading=\"lazy\" decoding=\"async\" class=\"size-full wp-image-24425 aligncenter\" src=\"https:\/\/olu-limburg.de\/wp-content\/uploads\/2021\/01\/IMG_20200913_110342_ergebnis.jpg\" alt=\"\" width=\"800\" height=\"600\" srcset=\"https:\/\/olu-limburg.de\/wp-content\/uploads\/2021\/01\/IMG_20200913_110342_ergebnis.jpg 800w, https:\/\/olu-limburg.de\/wp-content\/uploads\/2021\/01\/IMG_20200913_110342_ergebnis-300x225.jpg 300w, https:\/\/olu-limburg.de\/wp-content\/uploads\/2021\/01\/IMG_20200913_110342_ergebnis-768x576.jpg 768w, https:\/\/olu-limburg.de\/wp-content\/uploads\/2021\/01\/IMG_20200913_110342_ergebnis-624x468.jpg 624w\" sizes=\"auto, (max-width: 800px) 100vw, 800px\" \/><\/a><\/p>\n<p>Auf unserem Spaziergang erreichen wir das Teehaus, das leider wegen &#8222;Corona&#8220; geschlossen ist.<\/p>\n<div id=\"attachment_24429\" style=\"width: 810px\" class=\"wp-caption aligncenter\"><a href=\"https:\/\/olu-limburg.de\/wp-content\/uploads\/2021\/01\/P1060450_ergebnis.jpg\"><img loading=\"lazy\" decoding=\"async\" aria-describedby=\"caption-attachment-24429\" class=\"size-full wp-image-24429\" src=\"https:\/\/olu-limburg.de\/wp-content\/uploads\/2021\/01\/P1060450_ergebnis.jpg\" alt=\"\" width=\"800\" height=\"600\" srcset=\"https:\/\/olu-limburg.de\/wp-content\/uploads\/2021\/01\/P1060450_ergebnis.jpg 800w, https:\/\/olu-limburg.de\/wp-content\/uploads\/2021\/01\/P1060450_ergebnis-300x225.jpg 300w, https:\/\/olu-limburg.de\/wp-content\/uploads\/2021\/01\/P1060450_ergebnis-768x576.jpg 768w, https:\/\/olu-limburg.de\/wp-content\/uploads\/2021\/01\/P1060450_ergebnis-624x468.jpg 624w\" sizes=\"auto, (max-width: 800px) 100vw, 800px\" \/><\/a><p id=\"caption-attachment-24429\" class=\"wp-caption-text\">Annettes Teeh\u00e4uschen: 1804 erbaut von Ferdinand von Droste (Onkel der Dichterin)<\/p><\/div>\n<p><a href=\"https:\/\/olu-limburg.de\/wp-content\/uploads\/2021\/01\/P1060452_ergebnis.jpg\"><img loading=\"lazy\" decoding=\"async\" class=\"size-full wp-image-24430 aligncenter\" src=\"https:\/\/olu-limburg.de\/wp-content\/uploads\/2021\/01\/P1060452_ergebnis.jpg\" alt=\"\" width=\"800\" height=\"600\" srcset=\"https:\/\/olu-limburg.de\/wp-content\/uploads\/2021\/01\/P1060452_ergebnis.jpg 800w, https:\/\/olu-limburg.de\/wp-content\/uploads\/2021\/01\/P1060452_ergebnis-300x225.jpg 300w, https:\/\/olu-limburg.de\/wp-content\/uploads\/2021\/01\/P1060452_ergebnis-768x576.jpg 768w, https:\/\/olu-limburg.de\/wp-content\/uploads\/2021\/01\/P1060452_ergebnis-624x468.jpg 624w\" sizes=\"auto, (max-width: 800px) 100vw, 800px\" \/><\/a><\/p>\n<p>Hier trank Annette gerne ihren Nachmittagstee und sammelte Ideen f\u00fcr Ihre lyrischen Arbeiten.<\/p>\n<p><a href=\"https:\/\/olu-limburg.de\/wp-content\/uploads\/2021\/01\/P1060453_ergebnis.jpg\"><img loading=\"lazy\" decoding=\"async\" class=\"size-full wp-image-24431 aligncenter\" src=\"https:\/\/olu-limburg.de\/wp-content\/uploads\/2021\/01\/P1060453_ergebnis.jpg\" alt=\"\" width=\"800\" height=\"600\" srcset=\"https:\/\/olu-limburg.de\/wp-content\/uploads\/2021\/01\/P1060453_ergebnis.jpg 800w, https:\/\/olu-limburg.de\/wp-content\/uploads\/2021\/01\/P1060453_ergebnis-300x225.jpg 300w, https:\/\/olu-limburg.de\/wp-content\/uploads\/2021\/01\/P1060453_ergebnis-768x576.jpg 768w, https:\/\/olu-limburg.de\/wp-content\/uploads\/2021\/01\/P1060453_ergebnis-624x468.jpg 624w\" sizes=\"auto, (max-width: 800px) 100vw, 800px\" \/><\/a><\/p>\n<p><a href=\"https:\/\/olu-limburg.de\/wp-content\/uploads\/2021\/01\/P1060454_ergebnis.jpg\"><img loading=\"lazy\" decoding=\"async\" class=\"size-full wp-image-24432 aligncenter\" src=\"https:\/\/olu-limburg.de\/wp-content\/uploads\/2021\/01\/P1060454_ergebnis.jpg\" alt=\"\" width=\"800\" height=\"600\" srcset=\"https:\/\/olu-limburg.de\/wp-content\/uploads\/2021\/01\/P1060454_ergebnis.jpg 800w, https:\/\/olu-limburg.de\/wp-content\/uploads\/2021\/01\/P1060454_ergebnis-300x225.jpg 300w, https:\/\/olu-limburg.de\/wp-content\/uploads\/2021\/01\/P1060454_ergebnis-768x576.jpg 768w, https:\/\/olu-limburg.de\/wp-content\/uploads\/2021\/01\/P1060454_ergebnis-624x468.jpg 624w\" sizes=\"auto, (max-width: 800px) 100vw, 800px\" \/><\/a><\/p>\n<p><a href=\"https:\/\/olu-limburg.de\/wp-content\/uploads\/2021\/01\/P1060455_ergebnis.jpg\"><img loading=\"lazy\" decoding=\"async\" class=\"size-full wp-image-24433 aligncenter\" src=\"https:\/\/olu-limburg.de\/wp-content\/uploads\/2021\/01\/P1060455_ergebnis.jpg\" alt=\"\" width=\"800\" height=\"600\" srcset=\"https:\/\/olu-limburg.de\/wp-content\/uploads\/2021\/01\/P1060455_ergebnis.jpg 800w, https:\/\/olu-limburg.de\/wp-content\/uploads\/2021\/01\/P1060455_ergebnis-300x225.jpg 300w, https:\/\/olu-limburg.de\/wp-content\/uploads\/2021\/01\/P1060455_ergebnis-768x576.jpg 768w, https:\/\/olu-limburg.de\/wp-content\/uploads\/2021\/01\/P1060455_ergebnis-624x468.jpg 624w\" sizes=\"auto, (max-width: 800px) 100vw, 800px\" \/><\/a><\/p>\n<p><a href=\"https:\/\/olu-limburg.de\/wp-content\/uploads\/2021\/01\/P1060457_ergebnis.jpg\"><img loading=\"lazy\" decoding=\"async\" class=\"size-full wp-image-24434 aligncenter\" src=\"https:\/\/olu-limburg.de\/wp-content\/uploads\/2021\/01\/P1060457_ergebnis.jpg\" alt=\"\" width=\"800\" height=\"600\" srcset=\"https:\/\/olu-limburg.de\/wp-content\/uploads\/2021\/01\/P1060457_ergebnis.jpg 800w, https:\/\/olu-limburg.de\/wp-content\/uploads\/2021\/01\/P1060457_ergebnis-300x225.jpg 300w, https:\/\/olu-limburg.de\/wp-content\/uploads\/2021\/01\/P1060457_ergebnis-768x576.jpg 768w, https:\/\/olu-limburg.de\/wp-content\/uploads\/2021\/01\/P1060457_ergebnis-624x468.jpg 624w\" sizes=\"auto, (max-width: 800px) 100vw, 800px\" \/><\/a><\/p>\n<p><a href=\"https:\/\/olu-limburg.de\/wp-content\/uploads\/2021\/01\/P1060461_ergebnis.jpg\"><img loading=\"lazy\" decoding=\"async\" class=\"size-full wp-image-24435 aligncenter\" src=\"https:\/\/olu-limburg.de\/wp-content\/uploads\/2021\/01\/P1060461_ergebnis.jpg\" alt=\"\" width=\"800\" height=\"600\" srcset=\"https:\/\/olu-limburg.de\/wp-content\/uploads\/2021\/01\/P1060461_ergebnis.jpg 800w, https:\/\/olu-limburg.de\/wp-content\/uploads\/2021\/01\/P1060461_ergebnis-300x225.jpg 300w, https:\/\/olu-limburg.de\/wp-content\/uploads\/2021\/01\/P1060461_ergebnis-768x576.jpg 768w, https:\/\/olu-limburg.de\/wp-content\/uploads\/2021\/01\/P1060461_ergebnis-624x468.jpg 624w\" sizes=\"auto, (max-width: 800px) 100vw, 800px\" \/><\/a><\/p>\n<p><a href=\"https:\/\/olu-limburg.de\/wp-content\/uploads\/2021\/01\/P1060469_ergebnis.jpg\"><img loading=\"lazy\" decoding=\"async\" class=\"size-full wp-image-24441 aligncenter\" src=\"https:\/\/olu-limburg.de\/wp-content\/uploads\/2021\/01\/P1060469_ergebnis.jpg\" alt=\"\" width=\"800\" height=\"600\" srcset=\"https:\/\/olu-limburg.de\/wp-content\/uploads\/2021\/01\/P1060469_ergebnis.jpg 800w, https:\/\/olu-limburg.de\/wp-content\/uploads\/2021\/01\/P1060469_ergebnis-300x225.jpg 300w, https:\/\/olu-limburg.de\/wp-content\/uploads\/2021\/01\/P1060469_ergebnis-768x576.jpg 768w, https:\/\/olu-limburg.de\/wp-content\/uploads\/2021\/01\/P1060469_ergebnis-624x468.jpg 624w\" sizes=\"auto, (max-width: 800px) 100vw, 800px\" \/><\/a><\/p>\n<p>Es ist schon sehr hei\u00df. Wir nutzen noch ein wenig den Schattenplatz in einem Pavillon und warten darauf, dass es 12.00 Uhr wird.<\/p>\n<p><a href=\"https:\/\/olu-limburg.de\/wp-content\/uploads\/2021\/01\/P1060465_ergebnis-e1611244029332.jpg\"><img loading=\"lazy\" decoding=\"async\" class=\"size-full wp-image-24436 aligncenter\" src=\"https:\/\/olu-limburg.de\/wp-content\/uploads\/2021\/01\/P1060465_ergebnis-e1611244029332.jpg\" alt=\"\" width=\"450\" height=\"600\" \/><\/a><\/p>\n<p>Endlich d\u00fcrfen wir in den inneren Bereich des Schlosses. In dem Museum, das sich in den ehemaligen Wohnr\u00e4umen befindet, darf nicht fotografiert werden.<\/p>\n<p><a href=\"https:\/\/olu-limburg.de\/wp-content\/uploads\/2021\/01\/P1060466_ergebnis.jpg\"><img loading=\"lazy\" decoding=\"async\" class=\"size-full wp-image-24437 aligncenter\" src=\"https:\/\/olu-limburg.de\/wp-content\/uploads\/2021\/01\/P1060466_ergebnis.jpg\" alt=\"\" width=\"800\" height=\"600\" srcset=\"https:\/\/olu-limburg.de\/wp-content\/uploads\/2021\/01\/P1060466_ergebnis.jpg 800w, https:\/\/olu-limburg.de\/wp-content\/uploads\/2021\/01\/P1060466_ergebnis-300x225.jpg 300w, https:\/\/olu-limburg.de\/wp-content\/uploads\/2021\/01\/P1060466_ergebnis-768x576.jpg 768w, https:\/\/olu-limburg.de\/wp-content\/uploads\/2021\/01\/P1060466_ergebnis-624x468.jpg 624w\" sizes=\"auto, (max-width: 800px) 100vw, 800px\" \/><\/a><\/p>\n<p><a href=\"https:\/\/olu-limburg.de\/wp-content\/uploads\/2021\/01\/P1060467_ergebnis.jpg\"><img loading=\"lazy\" decoding=\"async\" class=\"size-full wp-image-24440 aligncenter\" src=\"https:\/\/olu-limburg.de\/wp-content\/uploads\/2021\/01\/P1060467_ergebnis.jpg\" alt=\"\" width=\"800\" height=\"600\" srcset=\"https:\/\/olu-limburg.de\/wp-content\/uploads\/2021\/01\/P1060467_ergebnis.jpg 800w, https:\/\/olu-limburg.de\/wp-content\/uploads\/2021\/01\/P1060467_ergebnis-300x225.jpg 300w, https:\/\/olu-limburg.de\/wp-content\/uploads\/2021\/01\/P1060467_ergebnis-768x576.jpg 768w, https:\/\/olu-limburg.de\/wp-content\/uploads\/2021\/01\/P1060467_ergebnis-624x468.jpg 624w\" sizes=\"auto, (max-width: 800px) 100vw, 800px\" \/><\/a><\/p>\n<p>Nun ist es Zeit f\u00fcr unser Mittags-Picknick. Es dauert lange, bis wir aus dem gro\u00dfen Angebot den idealen Platz mit Aussicht auf das Wasserschlo\u00df gefunden haben. Und jetzt &#8222;sticht&#8220; auch noch so die Sonne. Irgendwie haben wir scheinbar aufgrund des gro\u00dfen Hungers nicht so viele Bilder gemacht. Und die gro\u00dfe Flasche Champagner haben wir nicht anger\u00fchrt, weil wir nachher noch weiter fahren wollen. Daf\u00fcr gibt es ein kleines Fl\u00e4schchen Prosecco.<\/p>\n<p><a href=\"https:\/\/olu-limburg.de\/wp-content\/uploads\/2021\/01\/20200912_101200_ergebnis.jpg\"><img loading=\"lazy\" decoding=\"async\" class=\"size-full wp-image-24590 aligncenter\" src=\"https:\/\/olu-limburg.de\/wp-content\/uploads\/2021\/01\/20200912_101200_ergebnis.jpg\" alt=\"\" width=\"800\" height=\"600\" srcset=\"https:\/\/olu-limburg.de\/wp-content\/uploads\/2021\/01\/20200912_101200_ergebnis.jpg 800w, https:\/\/olu-limburg.de\/wp-content\/uploads\/2021\/01\/20200912_101200_ergebnis-300x225.jpg 300w, https:\/\/olu-limburg.de\/wp-content\/uploads\/2021\/01\/20200912_101200_ergebnis-768x576.jpg 768w, https:\/\/olu-limburg.de\/wp-content\/uploads\/2021\/01\/20200912_101200_ergebnis-624x468.jpg 624w\" sizes=\"auto, (max-width: 800px) 100vw, 800px\" \/><\/a><\/p>\n<p><a href=\"https:\/\/olu-limburg.de\/wp-content\/uploads\/2021\/01\/IMG_20200913_132759_ergebnis-e1611244966176.jpg\"><img loading=\"lazy\" decoding=\"async\" class=\"size-full wp-image-24442 aligncenter\" src=\"https:\/\/olu-limburg.de\/wp-content\/uploads\/2021\/01\/IMG_20200913_132759_ergebnis-e1611244966176.jpg\" alt=\"\" width=\"450\" height=\"600\" \/><\/a><\/p>\n<p><a href=\"https:\/\/olu-limburg.de\/wp-content\/uploads\/2021\/01\/20200913_140634_ergebnis.jpg\"><img loading=\"lazy\" decoding=\"async\" class=\"size-full wp-image-24593 aligncenter\" src=\"https:\/\/olu-limburg.de\/wp-content\/uploads\/2021\/01\/20200913_140634_ergebnis.jpg\" alt=\"\" width=\"800\" height=\"600\" srcset=\"https:\/\/olu-limburg.de\/wp-content\/uploads\/2021\/01\/20200913_140634_ergebnis.jpg 800w, https:\/\/olu-limburg.de\/wp-content\/uploads\/2021\/01\/20200913_140634_ergebnis-300x225.jpg 300w, https:\/\/olu-limburg.de\/wp-content\/uploads\/2021\/01\/20200913_140634_ergebnis-768x576.jpg 768w, https:\/\/olu-limburg.de\/wp-content\/uploads\/2021\/01\/20200913_140634_ergebnis-624x468.jpg 624w\" sizes=\"auto, (max-width: 800px) 100vw, 800px\" \/><\/a><\/p>\n<p>Nur f\u00fcnf Kilometer vom Schloss entfernt, erreichen wir das &#8222;Haus R\u00fcschhaus&#8220;. Als der Vater von Annette 1826 verstarb, beanspruchte ihr Bruder f\u00fcr seine eigene Familie das gesamte Schloss. Davor hatten schon mal etwas mehr als 100 Personen aus Familie und Bediensteten in der Burg gewohnt. Daraufhin zog sich Annette mit ihrer Mutter und Schwester auf das in der N\u00e4he liegende sp\u00e4tbarocke Landhaus &#8222;R\u00fcschhaus&#8220; zur\u00fcck. Sie lebte hier bis 1846.<\/p>\n<p><a href=\"https:\/\/olu-limburg.de\/wp-content\/uploads\/2021\/01\/P1060470_ergebnis.jpg\"><img loading=\"lazy\" decoding=\"async\" class=\"size-full wp-image-24444 aligncenter\" src=\"https:\/\/olu-limburg.de\/wp-content\/uploads\/2021\/01\/P1060470_ergebnis.jpg\" alt=\"\" width=\"800\" height=\"600\" srcset=\"https:\/\/olu-limburg.de\/wp-content\/uploads\/2021\/01\/P1060470_ergebnis.jpg 800w, https:\/\/olu-limburg.de\/wp-content\/uploads\/2021\/01\/P1060470_ergebnis-300x225.jpg 300w, https:\/\/olu-limburg.de\/wp-content\/uploads\/2021\/01\/P1060470_ergebnis-768x576.jpg 768w, https:\/\/olu-limburg.de\/wp-content\/uploads\/2021\/01\/P1060470_ergebnis-624x468.jpg 624w\" sizes=\"auto, (max-width: 800px) 100vw, 800px\" \/><\/a><\/p>\n<p><a href=\"https:\/\/olu-limburg.de\/wp-content\/uploads\/2021\/01\/P1060472_ergebnis.jpg\"><img loading=\"lazy\" decoding=\"async\" class=\"size-full wp-image-24445 aligncenter\" src=\"https:\/\/olu-limburg.de\/wp-content\/uploads\/2021\/01\/P1060472_ergebnis.jpg\" alt=\"\" width=\"800\" height=\"600\" srcset=\"https:\/\/olu-limburg.de\/wp-content\/uploads\/2021\/01\/P1060472_ergebnis.jpg 800w, https:\/\/olu-limburg.de\/wp-content\/uploads\/2021\/01\/P1060472_ergebnis-300x225.jpg 300w, https:\/\/olu-limburg.de\/wp-content\/uploads\/2021\/01\/P1060472_ergebnis-768x576.jpg 768w, https:\/\/olu-limburg.de\/wp-content\/uploads\/2021\/01\/P1060472_ergebnis-624x468.jpg 624w\" sizes=\"auto, (max-width: 800px) 100vw, 800px\" \/><\/a><\/p>\n<p><a href=\"https:\/\/olu-limburg.de\/wp-content\/uploads\/2021\/01\/P1060473_ergebnis-e1611245849427.jpg\"><img loading=\"lazy\" decoding=\"async\" class=\"size-full wp-image-24446 aligncenter\" src=\"https:\/\/olu-limburg.de\/wp-content\/uploads\/2021\/01\/P1060473_ergebnis-e1611245849427.jpg\" alt=\"\" width=\"450\" height=\"600\" \/><\/a><\/p>\n<p><a href=\"https:\/\/olu-limburg.de\/wp-content\/uploads\/2021\/01\/P1060476_ergebnis.jpg\"><img loading=\"lazy\" decoding=\"async\" class=\"size-full wp-image-24447 aligncenter\" src=\"https:\/\/olu-limburg.de\/wp-content\/uploads\/2021\/01\/P1060476_ergebnis.jpg\" alt=\"\" width=\"800\" height=\"600\" srcset=\"https:\/\/olu-limburg.de\/wp-content\/uploads\/2021\/01\/P1060476_ergebnis.jpg 800w, https:\/\/olu-limburg.de\/wp-content\/uploads\/2021\/01\/P1060476_ergebnis-300x225.jpg 300w, https:\/\/olu-limburg.de\/wp-content\/uploads\/2021\/01\/P1060476_ergebnis-768x576.jpg 768w, https:\/\/olu-limburg.de\/wp-content\/uploads\/2021\/01\/P1060476_ergebnis-624x468.jpg 624w\" sizes=\"auto, (max-width: 800px) 100vw, 800px\" \/><\/a><\/p>\n<p>Die nun folgende Fahrt auf der A1 entwickelt sich zu einer regelrechten Irrfahrt. Baustellen, Vollsperrung der Autobahn, Sperrung der eigentlichen n\u00e4chsten Auffahrt. Trotz allen Widrigkeiten erreichen wir den kostenlosen Stellplatz mit V+E in Buxtehude-Neukloster auf dem Pfingstmarktplatz. Wir sind noch ca. 3 km von Buxtehude entfernt, und nach Besichtigung der Hauptstra\u00dfe in Neukloster gibt es keine besonderen Erkenntnisse. Vorher sind wir durch sch\u00f6nere D\u00f6rfer gekommen. Trotzdem bleiben wir zur \u00dcbernachtung hier.<\/p>\n<p><a href=\"https:\/\/olu-limburg.de\/wp-content\/uploads\/2021\/01\/P1050839_ergebnis.jpg\"><img loading=\"lazy\" decoding=\"async\" class=\"size-full wp-image-24595 aligncenter\" src=\"https:\/\/olu-limburg.de\/wp-content\/uploads\/2021\/01\/P1050839_ergebnis.jpg\" alt=\"\" width=\"800\" height=\"600\" srcset=\"https:\/\/olu-limburg.de\/wp-content\/uploads\/2021\/01\/P1050839_ergebnis.jpg 800w, https:\/\/olu-limburg.de\/wp-content\/uploads\/2021\/01\/P1050839_ergebnis-300x225.jpg 300w, https:\/\/olu-limburg.de\/wp-content\/uploads\/2021\/01\/P1050839_ergebnis-768x576.jpg 768w, https:\/\/olu-limburg.de\/wp-content\/uploads\/2021\/01\/P1050839_ergebnis-624x468.jpg 624w\" sizes=\"auto, (max-width: 800px) 100vw, 800px\" \/><\/a><\/p>\n<p>Tagesstrecke: 282 km<\/p>\n<p>&nbsp;<\/p>\n<p><strong>Montag, 14.09.2020<\/strong><\/p>\n<p>Bei strahlend blauem Himmel machen wir uns auf den Weg nach Buxtehude. Da wir uns die Stadt anschauen wollen, m\u00f6chten wir den Stellplatz am Sch\u00fctzenplatz anfahren. Die normale Anfahrt ist gesperrt. Nach einigem Suchen schaffen wir es doch. Der kostenpflichtige Stellplatz mit V+E (Geb\u00fchr EUR 5,00) ist aber eine Baustelle. Wir wollen nach dem Besuch sowieso wieder weiter fahren. Also schreibe ich f\u00fcr das Armaturenbrett eine Nachricht \u00fcber die kurze Stadtbesichtigung (f\u00fcr irgendwelche Kassierer oder das Ordnungsamt), da ein Kurzzeitparken f\u00fcr Wohnmobile bei dem Parkautomaten nicht vorgesehen ist.<\/p>\n<p><a href=\"https:\/\/olu-limburg.de\/wp-content\/uploads\/2021\/01\/P1060495_ergebnis-e1611248473664.jpg\"><img loading=\"lazy\" decoding=\"async\" class=\"size-full wp-image-24465 aligncenter\" src=\"https:\/\/olu-limburg.de\/wp-content\/uploads\/2021\/01\/P1060495_ergebnis-e1611248473664.jpg\" alt=\"\" width=\"450\" height=\"600\" \/><\/a><\/p>\n<p><a href=\"https:\/\/olu-limburg.de\/wp-content\/uploads\/2021\/01\/P1050876_ergebnis.jpg\"><img loading=\"lazy\" decoding=\"async\" class=\"size-full wp-image-24597 aligncenter\" src=\"https:\/\/olu-limburg.de\/wp-content\/uploads\/2021\/01\/P1050876_ergebnis.jpg\" alt=\"\" width=\"800\" height=\"600\" srcset=\"https:\/\/olu-limburg.de\/wp-content\/uploads\/2021\/01\/P1050876_ergebnis.jpg 800w, https:\/\/olu-limburg.de\/wp-content\/uploads\/2021\/01\/P1050876_ergebnis-300x225.jpg 300w, https:\/\/olu-limburg.de\/wp-content\/uploads\/2021\/01\/P1050876_ergebnis-768x576.jpg 768w, https:\/\/olu-limburg.de\/wp-content\/uploads\/2021\/01\/P1050876_ergebnis-624x468.jpg 624w\" sizes=\"auto, (max-width: 800px) 100vw, 800px\" \/><\/a><\/p>\n<div id=\"attachment_24454\" style=\"width: 810px\" class=\"wp-caption aligncenter\"><a href=\"https:\/\/olu-limburg.de\/wp-content\/uploads\/2021\/01\/P1060478_ergebnis.jpg\"><img loading=\"lazy\" decoding=\"async\" aria-describedby=\"caption-attachment-24454\" class=\"size-full wp-image-24454\" src=\"https:\/\/olu-limburg.de\/wp-content\/uploads\/2021\/01\/P1060478_ergebnis.jpg\" alt=\"\" width=\"800\" height=\"600\" srcset=\"https:\/\/olu-limburg.de\/wp-content\/uploads\/2021\/01\/P1060478_ergebnis.jpg 800w, https:\/\/olu-limburg.de\/wp-content\/uploads\/2021\/01\/P1060478_ergebnis-300x225.jpg 300w, https:\/\/olu-limburg.de\/wp-content\/uploads\/2021\/01\/P1060478_ergebnis-768x576.jpg 768w, https:\/\/olu-limburg.de\/wp-content\/uploads\/2021\/01\/P1060478_ergebnis-624x468.jpg 624w\" sizes=\"auto, (max-width: 800px) 100vw, 800px\" \/><\/a><p id=\"caption-attachment-24454\" class=\"wp-caption-text\">unser erster Eindruck am Tor zur Altstadt in Buxtehude<\/p><\/div>\n<p><a href=\"https:\/\/olu-limburg.de\/wp-content\/uploads\/2021\/01\/P1060480_ergebnis-e1611248538273.jpg\"><img loading=\"lazy\" decoding=\"async\" class=\"size-full wp-image-24455 alignleft\" src=\"https:\/\/olu-limburg.de\/wp-content\/uploads\/2021\/01\/P1060480_ergebnis-e1611248538273.jpg\" alt=\"\" width=\"450\" height=\"600\" \/><\/a><\/p>\n<p><a href=\"https:\/\/olu-limburg.de\/wp-content\/uploads\/2021\/01\/P1060481_ergebnis-e1611248563208.jpg\"><img loading=\"lazy\" decoding=\"async\" class=\"size-full wp-image-24456 alignright\" src=\"https:\/\/olu-limburg.de\/wp-content\/uploads\/2021\/01\/P1060481_ergebnis-e1611248563208.jpg\" alt=\"\" width=\"450\" height=\"600\" \/><\/a><\/p>\n<p><a href=\"https:\/\/olu-limburg.de\/wp-content\/uploads\/2021\/01\/P1060482_ergebnis.jpg\"><img loading=\"lazy\" decoding=\"async\" class=\"size-full wp-image-24457 aligncenter\" src=\"https:\/\/olu-limburg.de\/wp-content\/uploads\/2021\/01\/P1060482_ergebnis.jpg\" alt=\"\" width=\"800\" height=\"600\" srcset=\"https:\/\/olu-limburg.de\/wp-content\/uploads\/2021\/01\/P1060482_ergebnis.jpg 800w, https:\/\/olu-limburg.de\/wp-content\/uploads\/2021\/01\/P1060482_ergebnis-300x225.jpg 300w, https:\/\/olu-limburg.de\/wp-content\/uploads\/2021\/01\/P1060482_ergebnis-768x576.jpg 768w, https:\/\/olu-limburg.de\/wp-content\/uploads\/2021\/01\/P1060482_ergebnis-624x468.jpg 624w\" sizes=\"auto, (max-width: 800px) 100vw, 800px\" \/><\/a><\/p>\n<p><a href=\"https:\/\/olu-limburg.de\/wp-content\/uploads\/2021\/01\/P1060483_ergebnis.jpg\"><img loading=\"lazy\" decoding=\"async\" class=\"size-full wp-image-24458 aligncenter\" src=\"https:\/\/olu-limburg.de\/wp-content\/uploads\/2021\/01\/P1060483_ergebnis.jpg\" alt=\"\" width=\"800\" height=\"600\" srcset=\"https:\/\/olu-limburg.de\/wp-content\/uploads\/2021\/01\/P1060483_ergebnis.jpg 800w, https:\/\/olu-limburg.de\/wp-content\/uploads\/2021\/01\/P1060483_ergebnis-300x225.jpg 300w, https:\/\/olu-limburg.de\/wp-content\/uploads\/2021\/01\/P1060483_ergebnis-768x576.jpg 768w, https:\/\/olu-limburg.de\/wp-content\/uploads\/2021\/01\/P1060483_ergebnis-624x468.jpg 624w\" sizes=\"auto, (max-width: 800px) 100vw, 800px\" \/><\/a><\/p>\n<p>Dieser Platz mit dem Namen Stavenort wird schon seit 1575 erw\u00e4hnt. Der Name kommt von der fr\u00fcher hier stehenden Badestube (Stave, Stove).<\/p>\n<p><a href=\"https:\/\/olu-limburg.de\/wp-content\/uploads\/2021\/01\/P1060487_ergebnis.jpg\"><img loading=\"lazy\" decoding=\"async\" class=\"wp-image-24460 size-full aligncenter\" src=\"https:\/\/olu-limburg.de\/wp-content\/uploads\/2021\/01\/P1060487_ergebnis.jpg\" alt=\"\" width=\"800\" height=\"600\" srcset=\"https:\/\/olu-limburg.de\/wp-content\/uploads\/2021\/01\/P1060487_ergebnis.jpg 800w, https:\/\/olu-limburg.de\/wp-content\/uploads\/2021\/01\/P1060487_ergebnis-300x225.jpg 300w, https:\/\/olu-limburg.de\/wp-content\/uploads\/2021\/01\/P1060487_ergebnis-768x576.jpg 768w, https:\/\/olu-limburg.de\/wp-content\/uploads\/2021\/01\/P1060487_ergebnis-624x468.jpg 624w\" sizes=\"auto, (max-width: 800px) 100vw, 800px\" \/><\/a><\/p>\n<p>&nbsp;<\/p>\n<p><a href=\"https:\/\/olu-limburg.de\/wp-content\/uploads\/2021\/01\/P1060485_ergebnis-e1611248609701.jpg\"><img loading=\"lazy\" decoding=\"async\" class=\"size-full wp-image-24459 aligncenter\" src=\"https:\/\/olu-limburg.de\/wp-content\/uploads\/2021\/01\/P1060485_ergebnis-e1611248609701.jpg\" alt=\"\" width=\"450\" height=\"600\" \/><\/a><\/p>\n<p><a href=\"https:\/\/olu-limburg.de\/wp-content\/uploads\/2021\/01\/P1060488_ergebnis.jpg\"><img loading=\"lazy\" decoding=\"async\" class=\"size-full wp-image-24461 aligncenter\" src=\"https:\/\/olu-limburg.de\/wp-content\/uploads\/2021\/01\/P1060488_ergebnis.jpg\" alt=\"\" width=\"800\" height=\"600\" srcset=\"https:\/\/olu-limburg.de\/wp-content\/uploads\/2021\/01\/P1060488_ergebnis.jpg 800w, https:\/\/olu-limburg.de\/wp-content\/uploads\/2021\/01\/P1060488_ergebnis-300x225.jpg 300w, https:\/\/olu-limburg.de\/wp-content\/uploads\/2021\/01\/P1060488_ergebnis-768x576.jpg 768w, https:\/\/olu-limburg.de\/wp-content\/uploads\/2021\/01\/P1060488_ergebnis-624x468.jpg 624w\" sizes=\"auto, (max-width: 800px) 100vw, 800px\" \/><\/a><\/p>\n<div id=\"attachment_24462\" style=\"width: 460px\" class=\"wp-caption aligncenter\"><a href=\"https:\/\/olu-limburg.de\/wp-content\/uploads\/2021\/01\/P1060490_ergebnis-e1611248641576.jpg\"><img loading=\"lazy\" decoding=\"async\" aria-describedby=\"caption-attachment-24462\" class=\"wp-image-24462 size-full\" src=\"https:\/\/olu-limburg.de\/wp-content\/uploads\/2021\/01\/P1060490_ergebnis-e1611248641576.jpg\" alt=\"\" width=\"450\" height=\"600\" \/><\/a><p id=\"caption-attachment-24462\" class=\"wp-caption-text\">St.-Petri-Kirche<\/p><\/div>\n<p><a href=\"https:\/\/olu-limburg.de\/wp-content\/uploads\/2021\/01\/P1060493_ergebnis.jpg\"><img loading=\"lazy\" decoding=\"async\" class=\"size-full wp-image-24463 aligncenter\" src=\"https:\/\/olu-limburg.de\/wp-content\/uploads\/2021\/01\/P1060493_ergebnis.jpg\" alt=\"\" width=\"800\" height=\"600\" srcset=\"https:\/\/olu-limburg.de\/wp-content\/uploads\/2021\/01\/P1060493_ergebnis.jpg 800w, https:\/\/olu-limburg.de\/wp-content\/uploads\/2021\/01\/P1060493_ergebnis-300x225.jpg 300w, https:\/\/olu-limburg.de\/wp-content\/uploads\/2021\/01\/P1060493_ergebnis-768x576.jpg 768w, https:\/\/olu-limburg.de\/wp-content\/uploads\/2021\/01\/P1060493_ergebnis-624x468.jpg 624w\" sizes=\"auto, (max-width: 800px) 100vw, 800px\" \/><\/a><\/p>\n<div id=\"attachment_24464\" style=\"width: 810px\" class=\"wp-caption aligncenter\"><a href=\"https:\/\/olu-limburg.de\/wp-content\/uploads\/2021\/01\/P1060494_ergebnis.jpg\"><img loading=\"lazy\" decoding=\"async\" aria-describedby=\"caption-attachment-24464\" class=\"wp-image-24464 size-full\" src=\"https:\/\/olu-limburg.de\/wp-content\/uploads\/2021\/01\/P1060494_ergebnis.jpg\" alt=\"\" width=\"800\" height=\"600\" srcset=\"https:\/\/olu-limburg.de\/wp-content\/uploads\/2021\/01\/P1060494_ergebnis.jpg 800w, https:\/\/olu-limburg.de\/wp-content\/uploads\/2021\/01\/P1060494_ergebnis-300x225.jpg 300w, https:\/\/olu-limburg.de\/wp-content\/uploads\/2021\/01\/P1060494_ergebnis-768x576.jpg 768w, https:\/\/olu-limburg.de\/wp-content\/uploads\/2021\/01\/P1060494_ergebnis-624x468.jpg 624w\" sizes=\"auto, (max-width: 800px) 100vw, 800px\" \/><\/a><p id=\"caption-attachment-24464\" class=\"wp-caption-text\">Abthaus<\/p><\/div>\n<p><a href=\"https:\/\/olu-limburg.de\/wp-content\/uploads\/2021\/01\/P1060496_ergebnis-e1611248670320.jpg\"><img loading=\"lazy\" decoding=\"async\" class=\"size-full wp-image-24466 aligncenter\" src=\"https:\/\/olu-limburg.de\/wp-content\/uploads\/2021\/01\/P1060496_ergebnis-e1611248670320.jpg\" alt=\"\" width=\"450\" height=\"600\" \/><\/a><\/p>\n<div id=\"attachment_24467\" style=\"width: 810px\" class=\"wp-caption aligncenter\"><a href=\"https:\/\/olu-limburg.de\/wp-content\/uploads\/2021\/01\/P1060499_ergebnis.jpg\"><img loading=\"lazy\" decoding=\"async\" aria-describedby=\"caption-attachment-24467\" class=\"wp-image-24467 size-full\" src=\"https:\/\/olu-limburg.de\/wp-content\/uploads\/2021\/01\/P1060499_ergebnis.jpg\" alt=\"\" width=\"800\" height=\"600\" srcset=\"https:\/\/olu-limburg.de\/wp-content\/uploads\/2021\/01\/P1060499_ergebnis.jpg 800w, https:\/\/olu-limburg.de\/wp-content\/uploads\/2021\/01\/P1060499_ergebnis-300x225.jpg 300w, https:\/\/olu-limburg.de\/wp-content\/uploads\/2021\/01\/P1060499_ergebnis-768x576.jpg 768w, https:\/\/olu-limburg.de\/wp-content\/uploads\/2021\/01\/P1060499_ergebnis-624x468.jpg 624w\" sizes=\"auto, (max-width: 800px) 100vw, 800px\" \/><\/a><p id=\"caption-attachment-24467\" class=\"wp-caption-text\">Blick auf die Westfleth<\/p><\/div>\n<div id=\"attachment_24468\" style=\"width: 460px\" class=\"wp-caption aligncenter\"><a href=\"https:\/\/olu-limburg.de\/wp-content\/uploads\/2021\/01\/P1060500_ergebnis-e1611248711789.jpg\"><img loading=\"lazy\" decoding=\"async\" aria-describedby=\"caption-attachment-24468\" class=\"wp-image-24468 size-full\" src=\"https:\/\/olu-limburg.de\/wp-content\/uploads\/2021\/01\/P1060500_ergebnis-e1611248711789.jpg\" alt=\"\" width=\"450\" height=\"600\" \/><\/a><p id=\"caption-attachment-24468\" class=\"wp-caption-text\">der Flethkieker<\/p><\/div>\n<p><a href=\"https:\/\/olu-limburg.de\/wp-content\/uploads\/2021\/01\/P1060501_ergebnis.jpg\"><img loading=\"lazy\" decoding=\"async\" class=\"size-full wp-image-24469 aligncenter\" src=\"https:\/\/olu-limburg.de\/wp-content\/uploads\/2021\/01\/P1060501_ergebnis.jpg\" alt=\"\" width=\"800\" height=\"600\" srcset=\"https:\/\/olu-limburg.de\/wp-content\/uploads\/2021\/01\/P1060501_ergebnis.jpg 800w, https:\/\/olu-limburg.de\/wp-content\/uploads\/2021\/01\/P1060501_ergebnis-300x225.jpg 300w, https:\/\/olu-limburg.de\/wp-content\/uploads\/2021\/01\/P1060501_ergebnis-768x576.jpg 768w, https:\/\/olu-limburg.de\/wp-content\/uploads\/2021\/01\/P1060501_ergebnis-624x468.jpg 624w\" sizes=\"auto, (max-width: 800px) 100vw, 800px\" \/><\/a><\/p>\n<p><a href=\"https:\/\/olu-limburg.de\/wp-content\/uploads\/2021\/01\/P1060502_ergebnis-e1611248752470.jpg\"><img loading=\"lazy\" decoding=\"async\" class=\"size-full wp-image-24470 alignleft\" src=\"https:\/\/olu-limburg.de\/wp-content\/uploads\/2021\/01\/P1060502_ergebnis-e1611248752470.jpg\" alt=\"\" width=\"450\" height=\"600\" \/><\/a><\/p>\n<p><a href=\"https:\/\/olu-limburg.de\/wp-content\/uploads\/2021\/01\/P1060503_ergebnis-e1611248777450.jpg\"><img loading=\"lazy\" decoding=\"async\" class=\"size-full wp-image-24471 alignright\" src=\"https:\/\/olu-limburg.de\/wp-content\/uploads\/2021\/01\/P1060503_ergebnis-e1611248777450.jpg\" alt=\"\" width=\"450\" height=\"600\" \/><\/a><\/p>\n<p><a href=\"https:\/\/olu-limburg.de\/wp-content\/uploads\/2021\/01\/P1060504_ergebnis.jpg\"><img loading=\"lazy\" decoding=\"async\" class=\"size-full wp-image-24472 aligncenter\" src=\"https:\/\/olu-limburg.de\/wp-content\/uploads\/2021\/01\/P1060504_ergebnis.jpg\" alt=\"\" width=\"800\" height=\"600\" srcset=\"https:\/\/olu-limburg.de\/wp-content\/uploads\/2021\/01\/P1060504_ergebnis.jpg 800w, https:\/\/olu-limburg.de\/wp-content\/uploads\/2021\/01\/P1060504_ergebnis-300x225.jpg 300w, https:\/\/olu-limburg.de\/wp-content\/uploads\/2021\/01\/P1060504_ergebnis-768x576.jpg 768w, https:\/\/olu-limburg.de\/wp-content\/uploads\/2021\/01\/P1060504_ergebnis-624x468.jpg 624w\" sizes=\"auto, (max-width: 800px) 100vw, 800px\" \/><\/a><\/p>\n<p><a href=\"https:\/\/olu-limburg.de\/wp-content\/uploads\/2021\/01\/P1060505_ergebnis-e1611266349217.jpg\"><img loading=\"lazy\" decoding=\"async\" class=\"size-full wp-image-24473 aligncenter\" src=\"https:\/\/olu-limburg.de\/wp-content\/uploads\/2021\/01\/P1060505_ergebnis-e1611266349217.jpg\" alt=\"\" width=\"450\" height=\"600\" \/><\/a><\/p>\n<p>Wir st\u00e4rken uns heute Mittag im Restaurant &#8222;Amadeus&#8220;, im ehemaligen Buxtehuder B\u00fcrgerhaus.<\/p>\n<p><a href=\"https:\/\/olu-limburg.de\/wp-content\/uploads\/2021\/01\/P1060507_ergebnis-e1611266372371.jpg\"><img loading=\"lazy\" decoding=\"async\" class=\"size-full wp-image-24474 aligncenter\" src=\"https:\/\/olu-limburg.de\/wp-content\/uploads\/2021\/01\/P1060507_ergebnis-e1611266372371.jpg\" alt=\"\" width=\"450\" height=\"600\" \/><\/a><\/p>\n<p><a href=\"https:\/\/olu-limburg.de\/wp-content\/uploads\/2021\/01\/P1060510_ergebnis.jpg\"><img loading=\"lazy\" decoding=\"async\" class=\"size-full wp-image-24477 aligncenter\" src=\"https:\/\/olu-limburg.de\/wp-content\/uploads\/2021\/01\/P1060510_ergebnis.jpg\" alt=\"\" width=\"800\" height=\"600\" srcset=\"https:\/\/olu-limburg.de\/wp-content\/uploads\/2021\/01\/P1060510_ergebnis.jpg 800w, https:\/\/olu-limburg.de\/wp-content\/uploads\/2021\/01\/P1060510_ergebnis-300x225.jpg 300w, https:\/\/olu-limburg.de\/wp-content\/uploads\/2021\/01\/P1060510_ergebnis-768x576.jpg 768w, https:\/\/olu-limburg.de\/wp-content\/uploads\/2021\/01\/P1060510_ergebnis-624x468.jpg 624w\" sizes=\"auto, (max-width: 800px) 100vw, 800px\" \/><\/a><\/p>\n<p><a href=\"https:\/\/olu-limburg.de\/wp-content\/uploads\/2021\/01\/P1060509_ergebnis.jpg\"><img loading=\"lazy\" decoding=\"async\" class=\"size-full wp-image-24476 aligncenter\" src=\"https:\/\/olu-limburg.de\/wp-content\/uploads\/2021\/01\/P1060509_ergebnis.jpg\" alt=\"\" width=\"800\" height=\"600\" srcset=\"https:\/\/olu-limburg.de\/wp-content\/uploads\/2021\/01\/P1060509_ergebnis.jpg 800w, https:\/\/olu-limburg.de\/wp-content\/uploads\/2021\/01\/P1060509_ergebnis-300x225.jpg 300w, https:\/\/olu-limburg.de\/wp-content\/uploads\/2021\/01\/P1060509_ergebnis-768x576.jpg 768w, https:\/\/olu-limburg.de\/wp-content\/uploads\/2021\/01\/P1060509_ergebnis-624x468.jpg 624w\" sizes=\"auto, (max-width: 800px) 100vw, 800px\" \/><\/a><\/p>\n<p><a href=\"https:\/\/olu-limburg.de\/wp-content\/uploads\/2021\/01\/P1050867_ergebnis-e1611765021250.jpg\"><img loading=\"lazy\" decoding=\"async\" class=\"size-full wp-image-24596 aligncenter\" src=\"https:\/\/olu-limburg.de\/wp-content\/uploads\/2021\/01\/P1050867_ergebnis-e1611765021250.jpg\" alt=\"\" width=\"450\" height=\"600\" \/><\/a><\/p>\n<div id=\"attachment_24475\" style=\"width: 810px\" class=\"wp-caption aligncenter\"><a href=\"https:\/\/olu-limburg.de\/wp-content\/uploads\/2021\/01\/P1060508_ergebnis.jpg\"><img loading=\"lazy\" decoding=\"async\" aria-describedby=\"caption-attachment-24475\" class=\"wp-image-24475 size-full\" src=\"https:\/\/olu-limburg.de\/wp-content\/uploads\/2021\/01\/P1060508_ergebnis.jpg\" alt=\"\" width=\"800\" height=\"600\" srcset=\"https:\/\/olu-limburg.de\/wp-content\/uploads\/2021\/01\/P1060508_ergebnis.jpg 800w, https:\/\/olu-limburg.de\/wp-content\/uploads\/2021\/01\/P1060508_ergebnis-300x225.jpg 300w, https:\/\/olu-limburg.de\/wp-content\/uploads\/2021\/01\/P1060508_ergebnis-768x576.jpg 768w, https:\/\/olu-limburg.de\/wp-content\/uploads\/2021\/01\/P1060508_ergebnis-624x468.jpg 624w\" sizes=\"auto, (max-width: 800px) 100vw, 800px\" \/><\/a><p id=\"caption-attachment-24475\" class=\"wp-caption-text\">Rathaus<\/p><\/div>\n<div id=\"attachment_24478\" style=\"width: 810px\" class=\"wp-caption aligncenter\"><a href=\"https:\/\/olu-limburg.de\/wp-content\/uploads\/2021\/01\/P1060511_ergebnis.jpg\"><img loading=\"lazy\" decoding=\"async\" aria-describedby=\"caption-attachment-24478\" class=\"wp-image-24478 size-full\" src=\"https:\/\/olu-limburg.de\/wp-content\/uploads\/2021\/01\/P1060511_ergebnis.jpg\" alt=\"\" width=\"800\" height=\"600\" srcset=\"https:\/\/olu-limburg.de\/wp-content\/uploads\/2021\/01\/P1060511_ergebnis.jpg 800w, https:\/\/olu-limburg.de\/wp-content\/uploads\/2021\/01\/P1060511_ergebnis-300x225.jpg 300w, https:\/\/olu-limburg.de\/wp-content\/uploads\/2021\/01\/P1060511_ergebnis-768x576.jpg 768w, https:\/\/olu-limburg.de\/wp-content\/uploads\/2021\/01\/P1060511_ergebnis-624x468.jpg 624w\" sizes=\"auto, (max-width: 800px) 100vw, 800px\" \/><\/a><p id=\"caption-attachment-24478\" class=\"wp-caption-text\">Das M\u00e4rchen vom Hasen und Igel verbindet man mit dem fr\u00fcheren \u00d6rtchen Buxtehude.<\/p><\/div>\n<p><a href=\"https:\/\/olu-limburg.de\/wp-content\/uploads\/2021\/01\/P1060512_ergebnis-e1611266448491.jpg\"><img loading=\"lazy\" decoding=\"async\" class=\"size-full wp-image-24479 alignleft\" src=\"https:\/\/olu-limburg.de\/wp-content\/uploads\/2021\/01\/P1060512_ergebnis-e1611266448491.jpg\" alt=\"\" width=\"450\" height=\"600\" \/><\/a><\/p>\n<p><a href=\"https:\/\/olu-limburg.de\/wp-content\/uploads\/2021\/01\/P1060513_ergebnis-e1611266464239.jpg\"><img loading=\"lazy\" decoding=\"async\" class=\"size-full wp-image-24480 alignright\" src=\"https:\/\/olu-limburg.de\/wp-content\/uploads\/2021\/01\/P1060513_ergebnis-e1611266464239.jpg\" alt=\"\" width=\"450\" height=\"600\" \/><\/a><\/p>\n<p><a href=\"https:\/\/olu-limburg.de\/wp-content\/uploads\/2021\/01\/P1060514_ergebnis.jpg\"><img loading=\"lazy\" decoding=\"async\" class=\"size-full wp-image-24481 aligncenter\" src=\"https:\/\/olu-limburg.de\/wp-content\/uploads\/2021\/01\/P1060514_ergebnis.jpg\" alt=\"\" width=\"800\" height=\"600\" srcset=\"https:\/\/olu-limburg.de\/wp-content\/uploads\/2021\/01\/P1060514_ergebnis.jpg 800w, https:\/\/olu-limburg.de\/wp-content\/uploads\/2021\/01\/P1060514_ergebnis-300x225.jpg 300w, https:\/\/olu-limburg.de\/wp-content\/uploads\/2021\/01\/P1060514_ergebnis-768x576.jpg 768w, https:\/\/olu-limburg.de\/wp-content\/uploads\/2021\/01\/P1060514_ergebnis-624x468.jpg 624w\" sizes=\"auto, (max-width: 800px) 100vw, 800px\" \/><\/a><\/p>\n<p>Ich glaube, wir haben Plattf\u00fc\u00dfe und sind von der Hitze fix und fertig. Am Wohnmobil erfrischen wir uns etwas und schon geht es weiter. Wir fahren in Richtung Elbe und erreichen den kleinen Ort Borstel im Alten Land, einem der gr\u00f6\u00dften Obstanbaugebiete Europas. Hier machen wir bei einem kurzen Stopp einen Spaziergang auf dem Deich entlang. Um uns herum liegen riesige Fl\u00e4chen mit Apfelplantagen und kein Kilometer entfernt befindet sich die Hahn\u00f6fer Nebenelbe.<\/p>\n<p><a href=\"https:\/\/olu-limburg.de\/wp-content\/uploads\/2021\/01\/IMG_20200914_143020_ergebnis.jpg\"><img loading=\"lazy\" decoding=\"async\" class=\"size-full wp-image-24489 aligncenter\" src=\"https:\/\/olu-limburg.de\/wp-content\/uploads\/2021\/01\/IMG_20200914_143020_ergebnis.jpg\" alt=\"\" width=\"800\" height=\"600\" srcset=\"https:\/\/olu-limburg.de\/wp-content\/uploads\/2021\/01\/IMG_20200914_143020_ergebnis.jpg 800w, https:\/\/olu-limburg.de\/wp-content\/uploads\/2021\/01\/IMG_20200914_143020_ergebnis-300x225.jpg 300w, https:\/\/olu-limburg.de\/wp-content\/uploads\/2021\/01\/IMG_20200914_143020_ergebnis-768x576.jpg 768w, https:\/\/olu-limburg.de\/wp-content\/uploads\/2021\/01\/IMG_20200914_143020_ergebnis-624x468.jpg 624w\" sizes=\"auto, (max-width: 800px) 100vw, 800px\" \/><\/a><\/p>\n<p><a href=\"https:\/\/olu-limburg.de\/wp-content\/uploads\/2021\/01\/IMG_20200914_144914_ergebnis.jpg\"><img loading=\"lazy\" decoding=\"async\" class=\"size-full wp-image-24490 aligncenter\" src=\"https:\/\/olu-limburg.de\/wp-content\/uploads\/2021\/01\/IMG_20200914_144914_ergebnis.jpg\" alt=\"\" width=\"800\" height=\"600\" srcset=\"https:\/\/olu-limburg.de\/wp-content\/uploads\/2021\/01\/IMG_20200914_144914_ergebnis.jpg 800w, https:\/\/olu-limburg.de\/wp-content\/uploads\/2021\/01\/IMG_20200914_144914_ergebnis-300x225.jpg 300w, https:\/\/olu-limburg.de\/wp-content\/uploads\/2021\/01\/IMG_20200914_144914_ergebnis-768x576.jpg 768w, https:\/\/olu-limburg.de\/wp-content\/uploads\/2021\/01\/IMG_20200914_144914_ergebnis-624x468.jpg 624w\" sizes=\"auto, (max-width: 800px) 100vw, 800px\" \/><\/a><\/p>\n<p><a href=\"https:\/\/olu-limburg.de\/wp-content\/uploads\/2021\/01\/P1060518_ergebnis.jpg\"><img loading=\"lazy\" decoding=\"async\" class=\"size-full wp-image-24492 aligncenter\" src=\"https:\/\/olu-limburg.de\/wp-content\/uploads\/2021\/01\/P1060518_ergebnis.jpg\" alt=\"\" width=\"800\" height=\"600\" srcset=\"https:\/\/olu-limburg.de\/wp-content\/uploads\/2021\/01\/P1060518_ergebnis.jpg 800w, https:\/\/olu-limburg.de\/wp-content\/uploads\/2021\/01\/P1060518_ergebnis-300x225.jpg 300w, https:\/\/olu-limburg.de\/wp-content\/uploads\/2021\/01\/P1060518_ergebnis-768x576.jpg 768w, https:\/\/olu-limburg.de\/wp-content\/uploads\/2021\/01\/P1060518_ergebnis-624x468.jpg 624w\" sizes=\"auto, (max-width: 800px) 100vw, 800px\" \/><\/a><\/p>\n<p><a href=\"https:\/\/olu-limburg.de\/wp-content\/uploads\/2021\/01\/P1060523_ergebnis.jpg\"><img loading=\"lazy\" decoding=\"async\" class=\"size-full wp-image-24493 aligncenter\" src=\"https:\/\/olu-limburg.de\/wp-content\/uploads\/2021\/01\/P1060523_ergebnis.jpg\" alt=\"\" width=\"800\" height=\"600\" srcset=\"https:\/\/olu-limburg.de\/wp-content\/uploads\/2021\/01\/P1060523_ergebnis.jpg 800w, https:\/\/olu-limburg.de\/wp-content\/uploads\/2021\/01\/P1060523_ergebnis-300x225.jpg 300w, https:\/\/olu-limburg.de\/wp-content\/uploads\/2021\/01\/P1060523_ergebnis-768x576.jpg 768w, https:\/\/olu-limburg.de\/wp-content\/uploads\/2021\/01\/P1060523_ergebnis-624x468.jpg 624w\" sizes=\"auto, (max-width: 800px) 100vw, 800px\" \/><\/a><\/p>\n<p><a href=\"https:\/\/olu-limburg.de\/wp-content\/uploads\/2021\/01\/P1060525_ergebnis.jpg\"><img loading=\"lazy\" decoding=\"async\" class=\"size-full wp-image-24494 aligncenter\" src=\"https:\/\/olu-limburg.de\/wp-content\/uploads\/2021\/01\/P1060525_ergebnis.jpg\" alt=\"\" width=\"800\" height=\"600\" srcset=\"https:\/\/olu-limburg.de\/wp-content\/uploads\/2021\/01\/P1060525_ergebnis.jpg 800w, https:\/\/olu-limburg.de\/wp-content\/uploads\/2021\/01\/P1060525_ergebnis-300x225.jpg 300w, https:\/\/olu-limburg.de\/wp-content\/uploads\/2021\/01\/P1060525_ergebnis-768x576.jpg 768w, https:\/\/olu-limburg.de\/wp-content\/uploads\/2021\/01\/P1060525_ergebnis-624x468.jpg 624w\" sizes=\"auto, (max-width: 800px) 100vw, 800px\" \/><\/a><\/p>\n<p><a href=\"https:\/\/olu-limburg.de\/wp-content\/uploads\/2021\/01\/P1060526_ergebnis.jpg\"><img loading=\"lazy\" decoding=\"async\" class=\"size-full wp-image-24495 aligncenter\" src=\"https:\/\/olu-limburg.de\/wp-content\/uploads\/2021\/01\/P1060526_ergebnis.jpg\" alt=\"\" width=\"800\" height=\"600\" srcset=\"https:\/\/olu-limburg.de\/wp-content\/uploads\/2021\/01\/P1060526_ergebnis.jpg 800w, https:\/\/olu-limburg.de\/wp-content\/uploads\/2021\/01\/P1060526_ergebnis-300x225.jpg 300w, https:\/\/olu-limburg.de\/wp-content\/uploads\/2021\/01\/P1060526_ergebnis-768x576.jpg 768w, https:\/\/olu-limburg.de\/wp-content\/uploads\/2021\/01\/P1060526_ergebnis-624x468.jpg 624w\" sizes=\"auto, (max-width: 800px) 100vw, 800px\" \/><\/a><\/p>\n<p><a href=\"https:\/\/olu-limburg.de\/wp-content\/uploads\/2021\/01\/P1060529_ergebnis.jpg\"><img loading=\"lazy\" decoding=\"async\" class=\"size-full wp-image-24496 aligncenter\" src=\"https:\/\/olu-limburg.de\/wp-content\/uploads\/2021\/01\/P1060529_ergebnis.jpg\" alt=\"\" width=\"800\" height=\"600\" srcset=\"https:\/\/olu-limburg.de\/wp-content\/uploads\/2021\/01\/P1060529_ergebnis.jpg 800w, https:\/\/olu-limburg.de\/wp-content\/uploads\/2021\/01\/P1060529_ergebnis-300x225.jpg 300w, https:\/\/olu-limburg.de\/wp-content\/uploads\/2021\/01\/P1060529_ergebnis-768x576.jpg 768w, https:\/\/olu-limburg.de\/wp-content\/uploads\/2021\/01\/P1060529_ergebnis-624x468.jpg 624w\" sizes=\"auto, (max-width: 800px) 100vw, 800px\" \/><\/a><\/p>\n<p><a href=\"https:\/\/olu-limburg.de\/wp-content\/uploads\/2021\/01\/P1060515_ergebnis.jpg\"><img loading=\"lazy\" decoding=\"async\" class=\"size-full wp-image-24491 aligncenter\" src=\"https:\/\/olu-limburg.de\/wp-content\/uploads\/2021\/01\/P1060515_ergebnis.jpg\" alt=\"\" width=\"800\" height=\"600\" srcset=\"https:\/\/olu-limburg.de\/wp-content\/uploads\/2021\/01\/P1060515_ergebnis.jpg 800w, https:\/\/olu-limburg.de\/wp-content\/uploads\/2021\/01\/P1060515_ergebnis-300x225.jpg 300w, https:\/\/olu-limburg.de\/wp-content\/uploads\/2021\/01\/P1060515_ergebnis-768x576.jpg 768w, https:\/\/olu-limburg.de\/wp-content\/uploads\/2021\/01\/P1060515_ergebnis-624x468.jpg 624w\" sizes=\"auto, (max-width: 800px) 100vw, 800px\" \/><\/a><\/p>\n<p><a href=\"https:\/\/olu-limburg.de\/wp-content\/uploads\/2021\/01\/P1060530_ergebnis-e1611657282725.jpg\"><img loading=\"lazy\" decoding=\"async\" class=\"size-full wp-image-24497 aligncenter\" src=\"https:\/\/olu-limburg.de\/wp-content\/uploads\/2021\/01\/P1060530_ergebnis-e1611657282725.jpg\" alt=\"\" width=\"450\" height=\"600\" \/><\/a><\/p>\n<p><a href=\"https:\/\/olu-limburg.de\/wp-content\/uploads\/2021\/01\/P1060531_ergebnis.jpg\"><img loading=\"lazy\" decoding=\"async\" class=\"size-full wp-image-24498 aligncenter\" src=\"https:\/\/olu-limburg.de\/wp-content\/uploads\/2021\/01\/P1060531_ergebnis.jpg\" alt=\"\" width=\"800\" height=\"600\" srcset=\"https:\/\/olu-limburg.de\/wp-content\/uploads\/2021\/01\/P1060531_ergebnis.jpg 800w, https:\/\/olu-limburg.de\/wp-content\/uploads\/2021\/01\/P1060531_ergebnis-300x225.jpg 300w, https:\/\/olu-limburg.de\/wp-content\/uploads\/2021\/01\/P1060531_ergebnis-768x576.jpg 768w, https:\/\/olu-limburg.de\/wp-content\/uploads\/2021\/01\/P1060531_ergebnis-624x468.jpg 624w\" sizes=\"auto, (max-width: 800px) 100vw, 800px\" \/><\/a><\/p>\n<p>Borstel und Jork, der Sitz der Einheitsgemeinde Jork, gehen ineinander \u00fcber. Der Wohnmobil-Stellplatz von Jork liegt am Ortsrand und ist Teil eines gr\u00f6\u00dferen Parkplatzes. Der Platz ist ziemlich voll. Wir machen einen kleinen Spaziergang durch den alten Ortskern und kommen auch zum Gr\u00e4fenhof, dem heutigen Rathaus. Im Jahre 1776 heirateten dort Gotthold Ephraim Lessing und Eva K\u00f6nig.<\/p>\n<div id=\"attachment_24506\" style=\"width: 810px\" class=\"wp-caption aligncenter\"><a href=\"https:\/\/olu-limburg.de\/wp-content\/uploads\/2021\/01\/P1060543_ergebnis.jpg\"><img loading=\"lazy\" decoding=\"async\" aria-describedby=\"caption-attachment-24506\" class=\"wp-image-24506 size-full\" src=\"https:\/\/olu-limburg.de\/wp-content\/uploads\/2021\/01\/P1060543_ergebnis.jpg\" alt=\"\" width=\"800\" height=\"600\" srcset=\"https:\/\/olu-limburg.de\/wp-content\/uploads\/2021\/01\/P1060543_ergebnis.jpg 800w, https:\/\/olu-limburg.de\/wp-content\/uploads\/2021\/01\/P1060543_ergebnis-300x225.jpg 300w, https:\/\/olu-limburg.de\/wp-content\/uploads\/2021\/01\/P1060543_ergebnis-768x576.jpg 768w, https:\/\/olu-limburg.de\/wp-content\/uploads\/2021\/01\/P1060543_ergebnis-624x468.jpg 624w\" sizes=\"auto, (max-width: 800px) 100vw, 800px\" \/><\/a><p id=\"caption-attachment-24506\" class=\"wp-caption-text\">Apfelplantage im Alten Land<\/p><\/div>\n<div id=\"attachment_24499\" style=\"width: 460px\" class=\"wp-caption aligncenter\"><a href=\"https:\/\/olu-limburg.de\/wp-content\/uploads\/2021\/01\/P1060533_ergebnis.jpg\"><img loading=\"lazy\" decoding=\"async\" aria-describedby=\"caption-attachment-24499\" class=\"wp-image-24499\" src=\"https:\/\/olu-limburg.de\/wp-content\/uploads\/2021\/01\/P1060533_ergebnis.jpg\" alt=\"\" width=\"450\" height=\"600\" srcset=\"https:\/\/olu-limburg.de\/wp-content\/uploads\/2021\/01\/P1060533_ergebnis.jpg 600w, https:\/\/olu-limburg.de\/wp-content\/uploads\/2021\/01\/P1060533_ergebnis-225x300.jpg 225w\" sizes=\"auto, (max-width: 450px) 100vw, 450px\" \/><\/a><p id=\"caption-attachment-24499\" class=\"wp-caption-text\">ev.-luth. Kirche St. Matthias<\/p><\/div>\n<p><a href=\"https:\/\/olu-limburg.de\/wp-content\/uploads\/2021\/01\/P1060541_ergebnis-e1611657978636.jpg\"><img loading=\"lazy\" decoding=\"async\" class=\"size-full wp-image-24504 alignleft\" src=\"https:\/\/olu-limburg.de\/wp-content\/uploads\/2021\/01\/P1060541_ergebnis-e1611657978636.jpg\" alt=\"\" width=\"450\" height=\"600\" \/><\/a><\/p>\n<p><a href=\"https:\/\/olu-limburg.de\/wp-content\/uploads\/2021\/01\/P1060542_ergebnis-e1611658002541.jpg\"><img loading=\"lazy\" decoding=\"async\" class=\"size-full wp-image-24505 alignright\" src=\"https:\/\/olu-limburg.de\/wp-content\/uploads\/2021\/01\/P1060542_ergebnis-e1611658002541.jpg\" alt=\"\" width=\"450\" height=\"600\" \/><\/a><\/p>\n<p><a href=\"https:\/\/olu-limburg.de\/wp-content\/uploads\/2021\/01\/P1060534_ergebnis.jpg\"><img loading=\"lazy\" decoding=\"async\" class=\"size-full wp-image-24500 aligncenter\" src=\"https:\/\/olu-limburg.de\/wp-content\/uploads\/2021\/01\/P1060534_ergebnis.jpg\" alt=\"\" width=\"800\" height=\"600\" srcset=\"https:\/\/olu-limburg.de\/wp-content\/uploads\/2021\/01\/P1060534_ergebnis.jpg 800w, https:\/\/olu-limburg.de\/wp-content\/uploads\/2021\/01\/P1060534_ergebnis-300x225.jpg 300w, https:\/\/olu-limburg.de\/wp-content\/uploads\/2021\/01\/P1060534_ergebnis-768x576.jpg 768w, https:\/\/olu-limburg.de\/wp-content\/uploads\/2021\/01\/P1060534_ergebnis-624x468.jpg 624w\" sizes=\"auto, (max-width: 800px) 100vw, 800px\" \/><\/a><\/p>\n<p><a href=\"https:\/\/olu-limburg.de\/wp-content\/uploads\/2021\/01\/P1060537_ergebnis.jpg\"><img loading=\"lazy\" decoding=\"async\" class=\"size-full wp-image-24501 aligncenter\" src=\"https:\/\/olu-limburg.de\/wp-content\/uploads\/2021\/01\/P1060537_ergebnis.jpg\" alt=\"\" width=\"800\" height=\"600\" srcset=\"https:\/\/olu-limburg.de\/wp-content\/uploads\/2021\/01\/P1060537_ergebnis.jpg 800w, https:\/\/olu-limburg.de\/wp-content\/uploads\/2021\/01\/P1060537_ergebnis-300x225.jpg 300w, https:\/\/olu-limburg.de\/wp-content\/uploads\/2021\/01\/P1060537_ergebnis-768x576.jpg 768w, https:\/\/olu-limburg.de\/wp-content\/uploads\/2021\/01\/P1060537_ergebnis-624x468.jpg 624w\" sizes=\"auto, (max-width: 800px) 100vw, 800px\" \/><\/a><\/p>\n<p><a href=\"https:\/\/olu-limburg.de\/wp-content\/uploads\/2021\/01\/P1060538_ergebnis-e1611658050518.jpg\"><img loading=\"lazy\" decoding=\"async\" class=\"size-full wp-image-24502 aligncenter\" src=\"https:\/\/olu-limburg.de\/wp-content\/uploads\/2021\/01\/P1060538_ergebnis-e1611658050518.jpg\" alt=\"\" width=\"450\" height=\"600\" \/><\/a><\/p>\n<div id=\"attachment_24503\" style=\"width: 810px\" class=\"wp-caption aligncenter\"><a href=\"https:\/\/olu-limburg.de\/wp-content\/uploads\/2021\/01\/P1060540_ergebnis.jpg\"><img loading=\"lazy\" decoding=\"async\" aria-describedby=\"caption-attachment-24503\" class=\"size-full wp-image-24503\" src=\"https:\/\/olu-limburg.de\/wp-content\/uploads\/2021\/01\/P1060540_ergebnis.jpg\" alt=\"\" width=\"800\" height=\"600\" srcset=\"https:\/\/olu-limburg.de\/wp-content\/uploads\/2021\/01\/P1060540_ergebnis.jpg 800w, https:\/\/olu-limburg.de\/wp-content\/uploads\/2021\/01\/P1060540_ergebnis-300x225.jpg 300w, https:\/\/olu-limburg.de\/wp-content\/uploads\/2021\/01\/P1060540_ergebnis-768x576.jpg 768w, https:\/\/olu-limburg.de\/wp-content\/uploads\/2021\/01\/P1060540_ergebnis-624x468.jpg 624w\" sizes=\"auto, (max-width: 800px) 100vw, 800px\" \/><\/a><p id=\"caption-attachment-24503\" class=\"wp-caption-text\">Rathaus<\/p><\/div>\n<p><a href=\"https:\/\/olu-limburg.de\/wp-content\/uploads\/2021\/01\/P1060544_ergebnis.jpg\"><img loading=\"lazy\" decoding=\"async\" class=\"size-full wp-image-24507 aligncenter\" src=\"https:\/\/olu-limburg.de\/wp-content\/uploads\/2021\/01\/P1060544_ergebnis.jpg\" alt=\"\" width=\"800\" height=\"600\" srcset=\"https:\/\/olu-limburg.de\/wp-content\/uploads\/2021\/01\/P1060544_ergebnis.jpg 800w, https:\/\/olu-limburg.de\/wp-content\/uploads\/2021\/01\/P1060544_ergebnis-300x225.jpg 300w, https:\/\/olu-limburg.de\/wp-content\/uploads\/2021\/01\/P1060544_ergebnis-768x576.jpg 768w, https:\/\/olu-limburg.de\/wp-content\/uploads\/2021\/01\/P1060544_ergebnis-624x468.jpg 624w\" sizes=\"auto, (max-width: 800px) 100vw, 800px\" \/><\/a><\/p>\n<p><a href=\"https:\/\/olu-limburg.de\/wp-content\/uploads\/2021\/01\/20200915_111419_ergebnis.jpg\"><img loading=\"lazy\" decoding=\"async\" class=\"size-full wp-image-24598 aligncenter\" src=\"https:\/\/olu-limburg.de\/wp-content\/uploads\/2021\/01\/20200915_111419_ergebnis.jpg\" alt=\"\" width=\"800\" height=\"600\" srcset=\"https:\/\/olu-limburg.de\/wp-content\/uploads\/2021\/01\/20200915_111419_ergebnis.jpg 800w, https:\/\/olu-limburg.de\/wp-content\/uploads\/2021\/01\/20200915_111419_ergebnis-300x225.jpg 300w, https:\/\/olu-limburg.de\/wp-content\/uploads\/2021\/01\/20200915_111419_ergebnis-768x576.jpg 768w, https:\/\/olu-limburg.de\/wp-content\/uploads\/2021\/01\/20200915_111419_ergebnis-624x468.jpg 624w\" sizes=\"auto, (max-width: 800px) 100vw, 800px\" \/><\/a><\/p>\n<p>Auf der Deichstra\u00dfe gelangen wir zu unserem heutigen Ziel, dem Stellplatz ohne V+E (Geb\u00fchr 12,00 EUR) in Gr\u00fcnendeich am L\u00fche-Anleger. Links von uns ist die Elbe, und vor uns sind ein Biker-Parkplatz und dann eine &#8222;Fressmeile&#8220; f\u00fcr jeden Geschmack. Die Buden sind von 11.30 Uhr bis 19.00 Uhr ge\u00f6ffnet.<\/p>\n<p><a href=\"https:\/\/olu-limburg.de\/wp-content\/uploads\/2021\/01\/P1060545_ergebnis.jpg\"><img loading=\"lazy\" decoding=\"async\" class=\"size-full wp-image-24517 aligncenter\" src=\"https:\/\/olu-limburg.de\/wp-content\/uploads\/2021\/01\/P1060545_ergebnis.jpg\" alt=\"\" width=\"800\" height=\"600\" srcset=\"https:\/\/olu-limburg.de\/wp-content\/uploads\/2021\/01\/P1060545_ergebnis.jpg 800w, https:\/\/olu-limburg.de\/wp-content\/uploads\/2021\/01\/P1060545_ergebnis-300x225.jpg 300w, https:\/\/olu-limburg.de\/wp-content\/uploads\/2021\/01\/P1060545_ergebnis-768x576.jpg 768w, https:\/\/olu-limburg.de\/wp-content\/uploads\/2021\/01\/P1060545_ergebnis-624x468.jpg 624w\" sizes=\"auto, (max-width: 800px) 100vw, 800px\" \/><\/a><\/p>\n<p><a href=\"https:\/\/olu-limburg.de\/wp-content\/uploads\/2021\/01\/IMG_20200914_183436_ergebnis.jpg\"><img loading=\"lazy\" decoding=\"async\" class=\"size-full wp-image-24513 aligncenter\" src=\"https:\/\/olu-limburg.de\/wp-content\/uploads\/2021\/01\/IMG_20200914_183436_ergebnis.jpg\" alt=\"\" width=\"800\" height=\"600\" srcset=\"https:\/\/olu-limburg.de\/wp-content\/uploads\/2021\/01\/IMG_20200914_183436_ergebnis.jpg 800w, https:\/\/olu-limburg.de\/wp-content\/uploads\/2021\/01\/IMG_20200914_183436_ergebnis-300x225.jpg 300w, https:\/\/olu-limburg.de\/wp-content\/uploads\/2021\/01\/IMG_20200914_183436_ergebnis-768x576.jpg 768w, https:\/\/olu-limburg.de\/wp-content\/uploads\/2021\/01\/IMG_20200914_183436_ergebnis-624x468.jpg 624w\" sizes=\"auto, (max-width: 800px) 100vw, 800px\" \/><\/a><\/p>\n<p><a href=\"https:\/\/olu-limburg.de\/wp-content\/uploads\/2021\/01\/P1060548_ergebnis.jpg\"><img loading=\"lazy\" decoding=\"async\" class=\"size-full wp-image-24519 aligncenter\" src=\"https:\/\/olu-limburg.de\/wp-content\/uploads\/2021\/01\/P1060548_ergebnis.jpg\" alt=\"\" width=\"800\" height=\"600\" srcset=\"https:\/\/olu-limburg.de\/wp-content\/uploads\/2021\/01\/P1060548_ergebnis.jpg 800w, https:\/\/olu-limburg.de\/wp-content\/uploads\/2021\/01\/P1060548_ergebnis-300x225.jpg 300w, https:\/\/olu-limburg.de\/wp-content\/uploads\/2021\/01\/P1060548_ergebnis-768x576.jpg 768w, https:\/\/olu-limburg.de\/wp-content\/uploads\/2021\/01\/P1060548_ergebnis-624x468.jpg 624w\" sizes=\"auto, (max-width: 800px) 100vw, 800px\" \/><\/a><\/p>\n<p><a href=\"https:\/\/olu-limburg.de\/wp-content\/uploads\/2021\/01\/IMG_20200914_180106_ergebnis.jpg\"><img loading=\"lazy\" decoding=\"async\" class=\"size-full wp-image-24511 aligncenter\" src=\"https:\/\/olu-limburg.de\/wp-content\/uploads\/2021\/01\/IMG_20200914_180106_ergebnis.jpg\" alt=\"\" width=\"800\" height=\"600\" srcset=\"https:\/\/olu-limburg.de\/wp-content\/uploads\/2021\/01\/IMG_20200914_180106_ergebnis.jpg 800w, https:\/\/olu-limburg.de\/wp-content\/uploads\/2021\/01\/IMG_20200914_180106_ergebnis-300x225.jpg 300w, https:\/\/olu-limburg.de\/wp-content\/uploads\/2021\/01\/IMG_20200914_180106_ergebnis-768x576.jpg 768w, https:\/\/olu-limburg.de\/wp-content\/uploads\/2021\/01\/IMG_20200914_180106_ergebnis-624x468.jpg 624w\" sizes=\"auto, (max-width: 800px) 100vw, 800px\" \/><\/a><\/p>\n<p><a href=\"https:\/\/olu-limburg.de\/wp-content\/uploads\/2021\/01\/IMG_20200914_171254_ergebnis.jpg\"><img loading=\"lazy\" decoding=\"async\" class=\"size-full wp-image-24509 aligncenter\" src=\"https:\/\/olu-limburg.de\/wp-content\/uploads\/2021\/01\/IMG_20200914_171254_ergebnis.jpg\" alt=\"\" width=\"800\" height=\"600\" srcset=\"https:\/\/olu-limburg.de\/wp-content\/uploads\/2021\/01\/IMG_20200914_171254_ergebnis.jpg 800w, https:\/\/olu-limburg.de\/wp-content\/uploads\/2021\/01\/IMG_20200914_171254_ergebnis-300x225.jpg 300w, https:\/\/olu-limburg.de\/wp-content\/uploads\/2021\/01\/IMG_20200914_171254_ergebnis-768x576.jpg 768w, https:\/\/olu-limburg.de\/wp-content\/uploads\/2021\/01\/IMG_20200914_171254_ergebnis-624x468.jpg 624w\" sizes=\"auto, (max-width: 800px) 100vw, 800px\" \/><\/a><\/p>\n<div id=\"attachment_24508\" style=\"width: 460px\" class=\"wp-caption aligncenter\"><a href=\"https:\/\/olu-limburg.de\/wp-content\/uploads\/2021\/01\/IMG_20200914_170256_ergebnis-e1611658895656.jpg\"><img loading=\"lazy\" decoding=\"async\" aria-describedby=\"caption-attachment-24508\" class=\"wp-image-24508 size-full\" src=\"https:\/\/olu-limburg.de\/wp-content\/uploads\/2021\/01\/IMG_20200914_170256_ergebnis-e1611658895656.jpg\" alt=\"\" width=\"450\" height=\"600\" \/><\/a><p id=\"caption-attachment-24508\" class=\"wp-caption-text\">Matjes und Flens<\/p><\/div>\n<p><a href=\"https:\/\/olu-limburg.de\/wp-content\/uploads\/2021\/01\/P1060550_ergebnis.jpg\"><img loading=\"lazy\" decoding=\"async\" class=\"size-full wp-image-24520 aligncenter\" src=\"https:\/\/olu-limburg.de\/wp-content\/uploads\/2021\/01\/P1060550_ergebnis.jpg\" alt=\"\" width=\"800\" height=\"600\" srcset=\"https:\/\/olu-limburg.de\/wp-content\/uploads\/2021\/01\/P1060550_ergebnis.jpg 800w, https:\/\/olu-limburg.de\/wp-content\/uploads\/2021\/01\/P1060550_ergebnis-300x225.jpg 300w, https:\/\/olu-limburg.de\/wp-content\/uploads\/2021\/01\/P1060550_ergebnis-768x576.jpg 768w, https:\/\/olu-limburg.de\/wp-content\/uploads\/2021\/01\/P1060550_ergebnis-624x468.jpg 624w\" sizes=\"auto, (max-width: 800px) 100vw, 800px\" \/><\/a><\/p>\n<p><a href=\"https:\/\/olu-limburg.de\/wp-content\/uploads\/2021\/01\/P1060546_ergebnis.jpg\"><img loading=\"lazy\" decoding=\"async\" class=\"size-full wp-image-24518 aligncenter\" src=\"https:\/\/olu-limburg.de\/wp-content\/uploads\/2021\/01\/P1060546_ergebnis.jpg\" alt=\"\" width=\"800\" height=\"600\" srcset=\"https:\/\/olu-limburg.de\/wp-content\/uploads\/2021\/01\/P1060546_ergebnis.jpg 800w, https:\/\/olu-limburg.de\/wp-content\/uploads\/2021\/01\/P1060546_ergebnis-300x225.jpg 300w, https:\/\/olu-limburg.de\/wp-content\/uploads\/2021\/01\/P1060546_ergebnis-768x576.jpg 768w, https:\/\/olu-limburg.de\/wp-content\/uploads\/2021\/01\/P1060546_ergebnis-624x468.jpg 624w\" sizes=\"auto, (max-width: 800px) 100vw, 800px\" \/><\/a><\/p>\n<p><a href=\"https:\/\/olu-limburg.de\/wp-content\/uploads\/2021\/01\/P1060553_ergebnis.jpg\"><img loading=\"lazy\" decoding=\"async\" class=\"size-full wp-image-24521 aligncenter\" src=\"https:\/\/olu-limburg.de\/wp-content\/uploads\/2021\/01\/P1060553_ergebnis.jpg\" alt=\"\" width=\"800\" height=\"600\" srcset=\"https:\/\/olu-limburg.de\/wp-content\/uploads\/2021\/01\/P1060553_ergebnis.jpg 800w, https:\/\/olu-limburg.de\/wp-content\/uploads\/2021\/01\/P1060553_ergebnis-300x225.jpg 300w, https:\/\/olu-limburg.de\/wp-content\/uploads\/2021\/01\/P1060553_ergebnis-768x576.jpg 768w, https:\/\/olu-limburg.de\/wp-content\/uploads\/2021\/01\/P1060553_ergebnis-624x468.jpg 624w\" sizes=\"auto, (max-width: 800px) 100vw, 800px\" \/><\/a><\/p>\n<p><a href=\"https:\/\/olu-limburg.de\/wp-content\/uploads\/2021\/01\/IMG_20200914_175835_ergebnis.jpg\"><img loading=\"lazy\" decoding=\"async\" class=\"size-full wp-image-24510 aligncenter\" src=\"https:\/\/olu-limburg.de\/wp-content\/uploads\/2021\/01\/IMG_20200914_175835_ergebnis.jpg\" alt=\"\" width=\"800\" height=\"600\" srcset=\"https:\/\/olu-limburg.de\/wp-content\/uploads\/2021\/01\/IMG_20200914_175835_ergebnis.jpg 800w, https:\/\/olu-limburg.de\/wp-content\/uploads\/2021\/01\/IMG_20200914_175835_ergebnis-300x225.jpg 300w, https:\/\/olu-limburg.de\/wp-content\/uploads\/2021\/01\/IMG_20200914_175835_ergebnis-768x576.jpg 768w, https:\/\/olu-limburg.de\/wp-content\/uploads\/2021\/01\/IMG_20200914_175835_ergebnis-624x468.jpg 624w\" sizes=\"auto, (max-width: 800px) 100vw, 800px\" \/><\/a><\/p>\n<div id=\"attachment_24512\" style=\"width: 810px\" class=\"wp-caption aligncenter\"><a href=\"https:\/\/olu-limburg.de\/wp-content\/uploads\/2021\/01\/IMG_20200914_183347_ergebnis.jpg\"><img loading=\"lazy\" decoding=\"async\" aria-describedby=\"caption-attachment-24512\" class=\"size-full wp-image-24512\" src=\"https:\/\/olu-limburg.de\/wp-content\/uploads\/2021\/01\/IMG_20200914_183347_ergebnis.jpg\" alt=\"\" width=\"800\" height=\"600\" srcset=\"https:\/\/olu-limburg.de\/wp-content\/uploads\/2021\/01\/IMG_20200914_183347_ergebnis.jpg 800w, https:\/\/olu-limburg.de\/wp-content\/uploads\/2021\/01\/IMG_20200914_183347_ergebnis-300x225.jpg 300w, https:\/\/olu-limburg.de\/wp-content\/uploads\/2021\/01\/IMG_20200914_183347_ergebnis-768x576.jpg 768w, https:\/\/olu-limburg.de\/wp-content\/uploads\/2021\/01\/IMG_20200914_183347_ergebnis-624x468.jpg 624w\" sizes=\"auto, (max-width: 800px) 100vw, 800px\" \/><\/a><p id=\"caption-attachment-24512\" class=\"wp-caption-text\">Abendstund hat Gold im Mund<\/p><\/div>\n<div id=\"attachment_24514\" style=\"width: 810px\" class=\"wp-caption aligncenter\"><a href=\"https:\/\/olu-limburg.de\/wp-content\/uploads\/2021\/01\/IMG_20200914_191409_ergebnis.jpg\"><img loading=\"lazy\" decoding=\"async\" aria-describedby=\"caption-attachment-24514\" class=\"size-full wp-image-24514\" src=\"https:\/\/olu-limburg.de\/wp-content\/uploads\/2021\/01\/IMG_20200914_191409_ergebnis.jpg\" alt=\"\" width=\"800\" height=\"600\" srcset=\"https:\/\/olu-limburg.de\/wp-content\/uploads\/2021\/01\/IMG_20200914_191409_ergebnis.jpg 800w, https:\/\/olu-limburg.de\/wp-content\/uploads\/2021\/01\/IMG_20200914_191409_ergebnis-300x225.jpg 300w, https:\/\/olu-limburg.de\/wp-content\/uploads\/2021\/01\/IMG_20200914_191409_ergebnis-768x576.jpg 768w, https:\/\/olu-limburg.de\/wp-content\/uploads\/2021\/01\/IMG_20200914_191409_ergebnis-624x468.jpg 624w\" sizes=\"auto, (max-width: 800px) 100vw, 800px\" \/><\/a><p id=\"caption-attachment-24514\" class=\"wp-caption-text\">F\u00fcr die Einen ist es eine Probe, f\u00fcr uns ein Konzert.<\/p><\/div>\n<p><a href=\"https:\/\/olu-limburg.de\/wp-content\/uploads\/2021\/01\/P1050892_ergebnis.jpg\"><img loading=\"lazy\" decoding=\"async\" class=\"size-full wp-image-24599 aligncenter\" src=\"https:\/\/olu-limburg.de\/wp-content\/uploads\/2021\/01\/P1050892_ergebnis.jpg\" alt=\"\" width=\"800\" height=\"600\" srcset=\"https:\/\/olu-limburg.de\/wp-content\/uploads\/2021\/01\/P1050892_ergebnis.jpg 800w, https:\/\/olu-limburg.de\/wp-content\/uploads\/2021\/01\/P1050892_ergebnis-300x225.jpg 300w, https:\/\/olu-limburg.de\/wp-content\/uploads\/2021\/01\/P1050892_ergebnis-768x576.jpg 768w, https:\/\/olu-limburg.de\/wp-content\/uploads\/2021\/01\/P1050892_ergebnis-624x468.jpg 624w\" sizes=\"auto, (max-width: 800px) 100vw, 800px\" \/><\/a><\/p>\n<p><a href=\"https:\/\/olu-limburg.de\/wp-content\/uploads\/2021\/01\/P1050900_ergebnis.jpg\"><img loading=\"lazy\" decoding=\"async\" class=\"size-full wp-image-24600 aligncenter\" src=\"https:\/\/olu-limburg.de\/wp-content\/uploads\/2021\/01\/P1050900_ergebnis.jpg\" alt=\"\" width=\"800\" height=\"600\" srcset=\"https:\/\/olu-limburg.de\/wp-content\/uploads\/2021\/01\/P1050900_ergebnis.jpg 800w, https:\/\/olu-limburg.de\/wp-content\/uploads\/2021\/01\/P1050900_ergebnis-300x225.jpg 300w, https:\/\/olu-limburg.de\/wp-content\/uploads\/2021\/01\/P1050900_ergebnis-768x576.jpg 768w, https:\/\/olu-limburg.de\/wp-content\/uploads\/2021\/01\/P1050900_ergebnis-624x468.jpg 624w\" sizes=\"auto, (max-width: 800px) 100vw, 800px\" \/><\/a><\/p>\n<p><a href=\"https:\/\/olu-limburg.de\/wp-content\/uploads\/2021\/01\/IMG_20200914_193521_ergebnis.jpg\"><img loading=\"lazy\" decoding=\"async\" class=\"size-full wp-image-24515 aligncenter\" src=\"https:\/\/olu-limburg.de\/wp-content\/uploads\/2021\/01\/IMG_20200914_193521_ergebnis.jpg\" alt=\"\" width=\"800\" height=\"600\" srcset=\"https:\/\/olu-limburg.de\/wp-content\/uploads\/2021\/01\/IMG_20200914_193521_ergebnis.jpg 800w, https:\/\/olu-limburg.de\/wp-content\/uploads\/2021\/01\/IMG_20200914_193521_ergebnis-300x225.jpg 300w, https:\/\/olu-limburg.de\/wp-content\/uploads\/2021\/01\/IMG_20200914_193521_ergebnis-768x576.jpg 768w, https:\/\/olu-limburg.de\/wp-content\/uploads\/2021\/01\/IMG_20200914_193521_ergebnis-624x468.jpg 624w\" sizes=\"auto, (max-width: 800px) 100vw, 800px\" \/><\/a><\/p>\n<div id=\"attachment_24601\" style=\"width: 810px\" class=\"wp-caption aligncenter\"><a href=\"https:\/\/olu-limburg.de\/wp-content\/uploads\/2021\/01\/P1050905_ergebnis.jpg\"><img loading=\"lazy\" decoding=\"async\" aria-describedby=\"caption-attachment-24601\" class=\"size-full wp-image-24601\" src=\"https:\/\/olu-limburg.de\/wp-content\/uploads\/2021\/01\/P1050905_ergebnis.jpg\" alt=\"\" width=\"800\" height=\"600\" srcset=\"https:\/\/olu-limburg.de\/wp-content\/uploads\/2021\/01\/P1050905_ergebnis.jpg 800w, https:\/\/olu-limburg.de\/wp-content\/uploads\/2021\/01\/P1050905_ergebnis-300x225.jpg 300w, https:\/\/olu-limburg.de\/wp-content\/uploads\/2021\/01\/P1050905_ergebnis-768x576.jpg 768w, https:\/\/olu-limburg.de\/wp-content\/uploads\/2021\/01\/P1050905_ergebnis-624x468.jpg 624w\" sizes=\"auto, (max-width: 800px) 100vw, 800px\" \/><\/a><p id=\"caption-attachment-24601\" class=\"wp-caption-text\">Und abends gibt es noch die letzte Worscht.<\/p><\/div>\n<p><a href=\"https:\/\/olu-limburg.de\/wp-content\/uploads\/2021\/01\/IMG_20200914_201025_ergebnis.jpg\"><img loading=\"lazy\" decoding=\"async\" class=\"size-full wp-image-24516 aligncenter\" src=\"https:\/\/olu-limburg.de\/wp-content\/uploads\/2021\/01\/IMG_20200914_201025_ergebnis.jpg\" alt=\"\" width=\"800\" height=\"600\" srcset=\"https:\/\/olu-limburg.de\/wp-content\/uploads\/2021\/01\/IMG_20200914_201025_ergebnis.jpg 800w, https:\/\/olu-limburg.de\/wp-content\/uploads\/2021\/01\/IMG_20200914_201025_ergebnis-300x225.jpg 300w, https:\/\/olu-limburg.de\/wp-content\/uploads\/2021\/01\/IMG_20200914_201025_ergebnis-768x576.jpg 768w, https:\/\/olu-limburg.de\/wp-content\/uploads\/2021\/01\/IMG_20200914_201025_ergebnis-624x468.jpg 624w\" sizes=\"auto, (max-width: 800px) 100vw, 800px\" \/><\/a><\/p>\n<p>Tagesstrecke: 29 km<\/p>\n<p>&nbsp;<\/p>\n<p><strong>Dienstag, 15.09.2020<\/strong><\/p>\n<p><a href=\"https:\/\/olu-limburg.de\/wp-content\/uploads\/2021\/01\/P1060555_ergebnis.jpg\"><img loading=\"lazy\" decoding=\"async\" class=\"size-full wp-image-24522 aligncenter\" src=\"https:\/\/olu-limburg.de\/wp-content\/uploads\/2021\/01\/P1060555_ergebnis.jpg\" alt=\"\" width=\"800\" height=\"600\" srcset=\"https:\/\/olu-limburg.de\/wp-content\/uploads\/2021\/01\/P1060555_ergebnis.jpg 800w, https:\/\/olu-limburg.de\/wp-content\/uploads\/2021\/01\/P1060555_ergebnis-300x225.jpg 300w, https:\/\/olu-limburg.de\/wp-content\/uploads\/2021\/01\/P1060555_ergebnis-768x576.jpg 768w, https:\/\/olu-limburg.de\/wp-content\/uploads\/2021\/01\/P1060555_ergebnis-624x468.jpg 624w\" sizes=\"auto, (max-width: 800px) 100vw, 800px\" \/><\/a><\/p>\n<p><a href=\"https:\/\/olu-limburg.de\/wp-content\/uploads\/2021\/01\/P1060559_ergebnis.jpg\"><img loading=\"lazy\" decoding=\"async\" class=\"size-full wp-image-24531 aligncenter\" src=\"https:\/\/olu-limburg.de\/wp-content\/uploads\/2021\/01\/P1060559_ergebnis.jpg\" alt=\"\" width=\"800\" height=\"600\" srcset=\"https:\/\/olu-limburg.de\/wp-content\/uploads\/2021\/01\/P1060559_ergebnis.jpg 800w, https:\/\/olu-limburg.de\/wp-content\/uploads\/2021\/01\/P1060559_ergebnis-300x225.jpg 300w, https:\/\/olu-limburg.de\/wp-content\/uploads\/2021\/01\/P1060559_ergebnis-768x576.jpg 768w, https:\/\/olu-limburg.de\/wp-content\/uploads\/2021\/01\/P1060559_ergebnis-624x468.jpg 624w\" sizes=\"auto, (max-width: 800px) 100vw, 800px\" \/><\/a><\/p>\n<p>Nach einer ruhigen Nacht, im Hintergrund h\u00f6rte man nur dass leise, monotone Brummen der vorbeifahrenden Schiffe, machen wir uns bei strahlendem Sonnenschein auf den Weg zur F\u00e4hre Wischhafen &#8211; Gl\u00fcckstadt.<\/p>\n<p>Etwa 2,5 km vor der F\u00e4hre bilden wir das Ende des Staus. Es geht nur langsam voran. Doch hat alles mal ein Ende und f\u00fcr EUR 22,00 (Wohnmobil mit 2 Personen) werden wir auf die andere Seite transportiert.<\/p>\n<p><a href=\"https:\/\/olu-limburg.de\/wp-content\/uploads\/2021\/01\/20200915_120037_ergebnis.jpg\"><img loading=\"lazy\" decoding=\"async\" class=\"size-full wp-image-24602 aligncenter\" src=\"https:\/\/olu-limburg.de\/wp-content\/uploads\/2021\/01\/20200915_120037_ergebnis.jpg\" alt=\"\" width=\"800\" height=\"600\" srcset=\"https:\/\/olu-limburg.de\/wp-content\/uploads\/2021\/01\/20200915_120037_ergebnis.jpg 800w, https:\/\/olu-limburg.de\/wp-content\/uploads\/2021\/01\/20200915_120037_ergebnis-300x225.jpg 300w, https:\/\/olu-limburg.de\/wp-content\/uploads\/2021\/01\/20200915_120037_ergebnis-768x576.jpg 768w, https:\/\/olu-limburg.de\/wp-content\/uploads\/2021\/01\/20200915_120037_ergebnis-624x468.jpg 624w\" sizes=\"auto, (max-width: 800px) 100vw, 800px\" \/><\/a><\/p>\n<p><a href=\"https:\/\/olu-limburg.de\/wp-content\/uploads\/2021\/01\/IMG1_20200915_125904_ergebnis.jpg\"><img loading=\"lazy\" decoding=\"async\" class=\"size-full wp-image-24535 aligncenter\" src=\"https:\/\/olu-limburg.de\/wp-content\/uploads\/2021\/01\/IMG1_20200915_125904_ergebnis.jpg\" alt=\"\" width=\"800\" height=\"600\" srcset=\"https:\/\/olu-limburg.de\/wp-content\/uploads\/2021\/01\/IMG1_20200915_125904_ergebnis.jpg 800w, https:\/\/olu-limburg.de\/wp-content\/uploads\/2021\/01\/IMG1_20200915_125904_ergebnis-300x225.jpg 300w, https:\/\/olu-limburg.de\/wp-content\/uploads\/2021\/01\/IMG1_20200915_125904_ergebnis-768x576.jpg 768w, https:\/\/olu-limburg.de\/wp-content\/uploads\/2021\/01\/IMG1_20200915_125904_ergebnis-624x468.jpg 624w\" sizes=\"auto, (max-width: 800px) 100vw, 800px\" \/><\/a><\/p>\n<p><a href=\"https:\/\/olu-limburg.de\/wp-content\/uploads\/2021\/01\/IMG_20200915_125836_ergebnis.jpg\"><img loading=\"lazy\" decoding=\"async\" class=\"size-full wp-image-24532 aligncenter\" src=\"https:\/\/olu-limburg.de\/wp-content\/uploads\/2021\/01\/IMG_20200915_125836_ergebnis.jpg\" alt=\"\" width=\"800\" height=\"600\" srcset=\"https:\/\/olu-limburg.de\/wp-content\/uploads\/2021\/01\/IMG_20200915_125836_ergebnis.jpg 800w, https:\/\/olu-limburg.de\/wp-content\/uploads\/2021\/01\/IMG_20200915_125836_ergebnis-300x225.jpg 300w, https:\/\/olu-limburg.de\/wp-content\/uploads\/2021\/01\/IMG_20200915_125836_ergebnis-768x576.jpg 768w, https:\/\/olu-limburg.de\/wp-content\/uploads\/2021\/01\/IMG_20200915_125836_ergebnis-624x468.jpg 624w\" sizes=\"auto, (max-width: 800px) 100vw, 800px\" \/><\/a><\/p>\n<p>Wir stehen insgesamt 1 1\/4 Stunden im Stau bis wir auf die F\u00e4hre kommen.<\/p>\n<div id=\"attachment_24534\" style=\"width: 810px\" class=\"wp-caption aligncenter\"><a href=\"https:\/\/olu-limburg.de\/wp-content\/uploads\/2021\/01\/IMG_20200915_131507_ergebnis.jpg\"><img loading=\"lazy\" decoding=\"async\" aria-describedby=\"caption-attachment-24534\" class=\"wp-image-24534 size-full\" src=\"https:\/\/olu-limburg.de\/wp-content\/uploads\/2021\/01\/IMG_20200915_131507_ergebnis.jpg\" alt=\"\" width=\"800\" height=\"600\" srcset=\"https:\/\/olu-limburg.de\/wp-content\/uploads\/2021\/01\/IMG_20200915_131507_ergebnis.jpg 800w, https:\/\/olu-limburg.de\/wp-content\/uploads\/2021\/01\/IMG_20200915_131507_ergebnis-300x225.jpg 300w, https:\/\/olu-limburg.de\/wp-content\/uploads\/2021\/01\/IMG_20200915_131507_ergebnis-768x576.jpg 768w, https:\/\/olu-limburg.de\/wp-content\/uploads\/2021\/01\/IMG_20200915_131507_ergebnis-624x468.jpg 624w\" sizes=\"auto, (max-width: 800px) 100vw, 800px\" \/><\/a><p id=\"caption-attachment-24534\" class=\"wp-caption-text\">Illusion auf der F\u00e4hre<\/p><\/div>\n<p>Gl\u00fcckstadt wurde 1617 durch den d\u00e4nischen K\u00f6nig Christian IV. gegr\u00fcndet und als Festungsstadt ausgebaut. Mit dem Versprechen der Religionsfreiheit versuchte er den Zuzug von Einwohnern zu verbessern. Die Festungsbauten bew\u00e4hrten sich im 30-j\u00e4hrigen Krieg. Gl\u00fcckstadt war die einzige Festung in Schleswig Holstein, die nicht durch Belagerung bezwungen werden konnte.<\/p>\n<div id=\"attachment_24540\" style=\"width: 810px\" class=\"wp-caption aligncenter\"><a href=\"https:\/\/olu-limburg.de\/wp-content\/uploads\/2021\/01\/P1060566_ergebnis.jpg\"><img loading=\"lazy\" decoding=\"async\" aria-describedby=\"caption-attachment-24540\" class=\"wp-image-24540 size-full\" src=\"https:\/\/olu-limburg.de\/wp-content\/uploads\/2021\/01\/P1060566_ergebnis.jpg\" alt=\"\" width=\"800\" height=\"600\" srcset=\"https:\/\/olu-limburg.de\/wp-content\/uploads\/2021\/01\/P1060566_ergebnis.jpg 800w, https:\/\/olu-limburg.de\/wp-content\/uploads\/2021\/01\/P1060566_ergebnis-300x225.jpg 300w, https:\/\/olu-limburg.de\/wp-content\/uploads\/2021\/01\/P1060566_ergebnis-768x576.jpg 768w, https:\/\/olu-limburg.de\/wp-content\/uploads\/2021\/01\/P1060566_ergebnis-624x468.jpg 624w\" sizes=\"auto, (max-width: 800px) 100vw, 800px\" \/><\/a><p id=\"caption-attachment-24540\" class=\"wp-caption-text\">Am Fleth<\/p><\/div>\n<div id=\"attachment_24539\" style=\"width: 810px\" class=\"wp-caption aligncenter\"><a href=\"https:\/\/olu-limburg.de\/wp-content\/uploads\/2021\/01\/P1060565_ergebnis.jpg\"><img loading=\"lazy\" decoding=\"async\" aria-describedby=\"caption-attachment-24539\" class=\"wp-image-24539 size-full\" src=\"https:\/\/olu-limburg.de\/wp-content\/uploads\/2021\/01\/P1060565_ergebnis.jpg\" alt=\"\" width=\"800\" height=\"600\" srcset=\"https:\/\/olu-limburg.de\/wp-content\/uploads\/2021\/01\/P1060565_ergebnis.jpg 800w, https:\/\/olu-limburg.de\/wp-content\/uploads\/2021\/01\/P1060565_ergebnis-300x225.jpg 300w, https:\/\/olu-limburg.de\/wp-content\/uploads\/2021\/01\/P1060565_ergebnis-768x576.jpg 768w, https:\/\/olu-limburg.de\/wp-content\/uploads\/2021\/01\/P1060565_ergebnis-624x468.jpg 624w\" sizes=\"auto, (max-width: 800px) 100vw, 800px\" \/><\/a><p id=\"caption-attachment-24539\" class=\"wp-caption-text\">Marktplatz<\/p><\/div>\n<p><a href=\"https:\/\/olu-limburg.de\/wp-content\/uploads\/2021\/01\/P1060564_ergebnis.jpg\"><img loading=\"lazy\" decoding=\"async\" class=\"size-full wp-image-24538 aligncenter\" src=\"https:\/\/olu-limburg.de\/wp-content\/uploads\/2021\/01\/P1060564_ergebnis.jpg\" alt=\"\" width=\"800\" height=\"600\" srcset=\"https:\/\/olu-limburg.de\/wp-content\/uploads\/2021\/01\/P1060564_ergebnis.jpg 800w, https:\/\/olu-limburg.de\/wp-content\/uploads\/2021\/01\/P1060564_ergebnis-300x225.jpg 300w, https:\/\/olu-limburg.de\/wp-content\/uploads\/2021\/01\/P1060564_ergebnis-768x576.jpg 768w, https:\/\/olu-limburg.de\/wp-content\/uploads\/2021\/01\/P1060564_ergebnis-624x468.jpg 624w\" sizes=\"auto, (max-width: 800px) 100vw, 800px\" \/><\/a><\/p>\n<p>\u00dcberregional bekannt ist Gl\u00fcckstadt durch die traditionelle Matjes-Produktion. Wir testen das am Marktplatz im Gasthaus &#8222;Der kleine Heinrich&#8220;. Es hat sich gelohnt.<\/p>\n<div id=\"attachment_24537\" style=\"width: 810px\" class=\"wp-caption aligncenter\"><a href=\"https:\/\/olu-limburg.de\/wp-content\/uploads\/2021\/01\/P1060560_ergebnis.jpg\"><img loading=\"lazy\" decoding=\"async\" aria-describedby=\"caption-attachment-24537\" class=\"wp-image-24537 size-full\" src=\"https:\/\/olu-limburg.de\/wp-content\/uploads\/2021\/01\/P1060560_ergebnis.jpg\" alt=\"\" width=\"800\" height=\"600\" srcset=\"https:\/\/olu-limburg.de\/wp-content\/uploads\/2021\/01\/P1060560_ergebnis.jpg 800w, https:\/\/olu-limburg.de\/wp-content\/uploads\/2021\/01\/P1060560_ergebnis-300x225.jpg 300w, https:\/\/olu-limburg.de\/wp-content\/uploads\/2021\/01\/P1060560_ergebnis-768x576.jpg 768w, https:\/\/olu-limburg.de\/wp-content\/uploads\/2021\/01\/P1060560_ergebnis-624x468.jpg 624w\" sizes=\"auto, (max-width: 800px) 100vw, 800px\" \/><\/a><p id=\"caption-attachment-24537\" class=\"wp-caption-text\">Matjesvariatioin<\/p><\/div>\n<div id=\"attachment_24603\" style=\"width: 810px\" class=\"wp-caption aligncenter\"><a href=\"https:\/\/olu-limburg.de\/wp-content\/uploads\/2021\/01\/20200915_144507_ergebnis.jpg\"><img loading=\"lazy\" decoding=\"async\" aria-describedby=\"caption-attachment-24603\" class=\"wp-image-24603 size-full\" src=\"https:\/\/olu-limburg.de\/wp-content\/uploads\/2021\/01\/20200915_144507_ergebnis.jpg\" alt=\"\" width=\"800\" height=\"600\" srcset=\"https:\/\/olu-limburg.de\/wp-content\/uploads\/2021\/01\/20200915_144507_ergebnis.jpg 800w, https:\/\/olu-limburg.de\/wp-content\/uploads\/2021\/01\/20200915_144507_ergebnis-300x225.jpg 300w, https:\/\/olu-limburg.de\/wp-content\/uploads\/2021\/01\/20200915_144507_ergebnis-768x576.jpg 768w, https:\/\/olu-limburg.de\/wp-content\/uploads\/2021\/01\/20200915_144507_ergebnis-624x468.jpg 624w\" sizes=\"auto, (max-width: 800px) 100vw, 800px\" \/><\/a><p id=\"caption-attachment-24603\" class=\"wp-caption-text\">D\u00e4nischer Teller<\/p><\/div>\n<p><a href=\"https:\/\/olu-limburg.de\/wp-content\/uploads\/2021\/01\/P1060567_ergebnis-e1611671761341.jpg\"><img loading=\"lazy\" decoding=\"async\" class=\"size-full wp-image-24541 aligncenter\" src=\"https:\/\/olu-limburg.de\/wp-content\/uploads\/2021\/01\/P1060567_ergebnis-e1611671761341.jpg\" alt=\"\" width=\"450\" height=\"600\" \/><\/a><\/p>\n<div id=\"attachment_24542\" style=\"width: 810px\" class=\"wp-caption aligncenter\"><a href=\"https:\/\/olu-limburg.de\/wp-content\/uploads\/2021\/01\/P1060568_ergebnis.jpg\"><img loading=\"lazy\" decoding=\"async\" aria-describedby=\"caption-attachment-24542\" class=\"wp-image-24542 size-full\" src=\"https:\/\/olu-limburg.de\/wp-content\/uploads\/2021\/01\/P1060568_ergebnis.jpg\" alt=\"\" width=\"800\" height=\"600\" srcset=\"https:\/\/olu-limburg.de\/wp-content\/uploads\/2021\/01\/P1060568_ergebnis.jpg 800w, https:\/\/olu-limburg.de\/wp-content\/uploads\/2021\/01\/P1060568_ergebnis-300x225.jpg 300w, https:\/\/olu-limburg.de\/wp-content\/uploads\/2021\/01\/P1060568_ergebnis-768x576.jpg 768w, https:\/\/olu-limburg.de\/wp-content\/uploads\/2021\/01\/P1060568_ergebnis-624x468.jpg 624w\" sizes=\"auto, (max-width: 800px) 100vw, 800px\" \/><\/a><p id=\"caption-attachment-24542\" class=\"wp-caption-text\">Detlefsen-Museum<\/p><\/div>\n<div id=\"attachment_24543\" style=\"width: 810px\" class=\"wp-caption aligncenter\"><a href=\"https:\/\/olu-limburg.de\/wp-content\/uploads\/2021\/01\/P1060569_ergebnis.jpg\"><img loading=\"lazy\" decoding=\"async\" aria-describedby=\"caption-attachment-24543\" class=\"wp-image-24543 size-full\" src=\"https:\/\/olu-limburg.de\/wp-content\/uploads\/2021\/01\/P1060569_ergebnis.jpg\" alt=\"\" width=\"800\" height=\"600\" srcset=\"https:\/\/olu-limburg.de\/wp-content\/uploads\/2021\/01\/P1060569_ergebnis.jpg 800w, https:\/\/olu-limburg.de\/wp-content\/uploads\/2021\/01\/P1060569_ergebnis-300x225.jpg 300w, https:\/\/olu-limburg.de\/wp-content\/uploads\/2021\/01\/P1060569_ergebnis-768x576.jpg 768w, https:\/\/olu-limburg.de\/wp-content\/uploads\/2021\/01\/P1060569_ergebnis-624x468.jpg 624w\" sizes=\"auto, (max-width: 800px) 100vw, 800px\" \/><\/a><p id=\"caption-attachment-24543\" class=\"wp-caption-text\">ehemalige Spar- und Leihkasse Gl\u00fcckstadt<\/p><\/div>\n<p>Unser heutiger \u00dcbernachtungsplatz soll Loof&#8217;s Wohnmobilhafen mit V+E (Geb\u00fchr EUR 12,00) in Husum sein. Wir fahren ohne viel Verkehr kurz hinter Gl\u00fcckstadt auf die B5 bis Husum. Wie wir geh\u00f6rt haben, soll T\u00f6nning voller Wohnmobile sein. Hier beim Loof&#8217;s sind auch nur noch 2 oder 3 Pl\u00e4tze frei. Aufgrund der Coronaentwicklungen tummeln sich jetzt zu viele Wohnmobile in heimatlichen Gefilden.<\/p>\n<p>Wie immer, machen wir noch einen sch\u00f6nen Abendspaziergang durch die Stadt, die Theodor Storm in einem Gedicht als &#8222;graue Stadt am Meer&#8220; bezeichnet hat. So grau ist sie aber gar nicht.\u00a0 Der erste und der letzte Blick f\u00e4llt am Stellplatz immer auf den m\u00e4chtigen Siloturm, dort k\u00f6nnte es zutreffen. Den gab es aber mit Sicherheit damals noch nicht.<\/p>\n<p><a href=\"https:\/\/olu-limburg.de\/wp-content\/uploads\/2021\/01\/P1050918_ergebnis.jpg\"><img loading=\"lazy\" decoding=\"async\" class=\"size-full wp-image-24609 aligncenter\" src=\"https:\/\/olu-limburg.de\/wp-content\/uploads\/2021\/01\/P1050918_ergebnis.jpg\" alt=\"\" width=\"800\" height=\"600\" srcset=\"https:\/\/olu-limburg.de\/wp-content\/uploads\/2021\/01\/P1050918_ergebnis.jpg 800w, https:\/\/olu-limburg.de\/wp-content\/uploads\/2021\/01\/P1050918_ergebnis-300x225.jpg 300w, https:\/\/olu-limburg.de\/wp-content\/uploads\/2021\/01\/P1050918_ergebnis-768x576.jpg 768w, https:\/\/olu-limburg.de\/wp-content\/uploads\/2021\/01\/P1050918_ergebnis-624x468.jpg 624w\" sizes=\"auto, (max-width: 800px) 100vw, 800px\" \/><\/a><\/p>\n<p><a href=\"https:\/\/olu-limburg.de\/wp-content\/uploads\/2021\/01\/P1060570_ergebnis.jpg\"><img loading=\"lazy\" decoding=\"async\" class=\"size-full wp-image-24548 aligncenter\" src=\"https:\/\/olu-limburg.de\/wp-content\/uploads\/2021\/01\/P1060570_ergebnis.jpg\" alt=\"\" width=\"800\" height=\"600\" srcset=\"https:\/\/olu-limburg.de\/wp-content\/uploads\/2021\/01\/P1060570_ergebnis.jpg 800w, https:\/\/olu-limburg.de\/wp-content\/uploads\/2021\/01\/P1060570_ergebnis-300x225.jpg 300w, https:\/\/olu-limburg.de\/wp-content\/uploads\/2021\/01\/P1060570_ergebnis-768x576.jpg 768w, https:\/\/olu-limburg.de\/wp-content\/uploads\/2021\/01\/P1060570_ergebnis-624x468.jpg 624w\" sizes=\"auto, (max-width: 800px) 100vw, 800px\" \/><\/a><\/p>\n<p><a href=\"https:\/\/olu-limburg.de\/wp-content\/uploads\/2021\/01\/P1050907_ergebnis.jpg\"><img loading=\"lazy\" decoding=\"async\" class=\"size-full wp-image-24606 aligncenter\" src=\"https:\/\/olu-limburg.de\/wp-content\/uploads\/2021\/01\/P1050907_ergebnis.jpg\" alt=\"\" width=\"800\" height=\"600\" srcset=\"https:\/\/olu-limburg.de\/wp-content\/uploads\/2021\/01\/P1050907_ergebnis.jpg 800w, https:\/\/olu-limburg.de\/wp-content\/uploads\/2021\/01\/P1050907_ergebnis-300x225.jpg 300w, https:\/\/olu-limburg.de\/wp-content\/uploads\/2021\/01\/P1050907_ergebnis-768x576.jpg 768w, https:\/\/olu-limburg.de\/wp-content\/uploads\/2021\/01\/P1050907_ergebnis-624x468.jpg 624w\" sizes=\"auto, (max-width: 800px) 100vw, 800px\" \/><\/a><\/p>\n<p>Und wieder zieht es uns am Hafen entlang in die Altstadt.<\/p>\n<div id=\"attachment_24549\" style=\"width: 810px\" class=\"wp-caption aligncenter\"><a href=\"https:\/\/olu-limburg.de\/wp-content\/uploads\/2021\/01\/P1060571_ergebnis.jpg\"><img loading=\"lazy\" decoding=\"async\" aria-describedby=\"caption-attachment-24549\" class=\"wp-image-24549 size-full\" src=\"https:\/\/olu-limburg.de\/wp-content\/uploads\/2021\/01\/P1060571_ergebnis.jpg\" alt=\"\" width=\"800\" height=\"600\" srcset=\"https:\/\/olu-limburg.de\/wp-content\/uploads\/2021\/01\/P1060571_ergebnis.jpg 800w, https:\/\/olu-limburg.de\/wp-content\/uploads\/2021\/01\/P1060571_ergebnis-300x225.jpg 300w, https:\/\/olu-limburg.de\/wp-content\/uploads\/2021\/01\/P1060571_ergebnis-768x576.jpg 768w, https:\/\/olu-limburg.de\/wp-content\/uploads\/2021\/01\/P1060571_ergebnis-624x468.jpg 624w\" sizes=\"auto, (max-width: 800px) 100vw, 800px\" \/><\/a><p id=\"caption-attachment-24549\" class=\"wp-caption-text\">Au\u00dfenhafen<\/p><\/div>\n<div id=\"attachment_24551\" style=\"width: 810px\" class=\"wp-caption aligncenter\"><a href=\"https:\/\/olu-limburg.de\/wp-content\/uploads\/2021\/01\/P1060573_ergebnis.jpg\"><img loading=\"lazy\" decoding=\"async\" aria-describedby=\"caption-attachment-24551\" class=\"wp-image-24551 size-full\" src=\"https:\/\/olu-limburg.de\/wp-content\/uploads\/2021\/01\/P1060573_ergebnis.jpg\" alt=\"\" width=\"800\" height=\"600\" srcset=\"https:\/\/olu-limburg.de\/wp-content\/uploads\/2021\/01\/P1060573_ergebnis.jpg 800w, https:\/\/olu-limburg.de\/wp-content\/uploads\/2021\/01\/P1060573_ergebnis-300x225.jpg 300w, https:\/\/olu-limburg.de\/wp-content\/uploads\/2021\/01\/P1060573_ergebnis-768x576.jpg 768w, https:\/\/olu-limburg.de\/wp-content\/uploads\/2021\/01\/P1060573_ergebnis-624x468.jpg 624w\" sizes=\"auto, (max-width: 800px) 100vw, 800px\" \/><\/a><p id=\"caption-attachment-24551\" class=\"wp-caption-text\">Binnenhafen<\/p><\/div>\n<p><a href=\"https:\/\/olu-limburg.de\/wp-content\/uploads\/2021\/01\/P1060572_ergebnis-e1611677510439.jpg\"><img loading=\"lazy\" decoding=\"async\" class=\"size-full wp-image-24550 aligncenter\" src=\"https:\/\/olu-limburg.de\/wp-content\/uploads\/2021\/01\/P1060572_ergebnis-e1611677510439.jpg\" alt=\"\" width=\"450\" height=\"600\" \/><\/a><\/p>\n<p><a href=\"https:\/\/olu-limburg.de\/wp-content\/uploads\/2021\/01\/P1060574_ergebnis.jpg\"><img loading=\"lazy\" decoding=\"async\" class=\"size-full wp-image-24552 aligncenter\" src=\"https:\/\/olu-limburg.de\/wp-content\/uploads\/2021\/01\/P1060574_ergebnis.jpg\" alt=\"\" width=\"800\" height=\"600\" srcset=\"https:\/\/olu-limburg.de\/wp-content\/uploads\/2021\/01\/P1060574_ergebnis.jpg 800w, https:\/\/olu-limburg.de\/wp-content\/uploads\/2021\/01\/P1060574_ergebnis-300x225.jpg 300w, https:\/\/olu-limburg.de\/wp-content\/uploads\/2021\/01\/P1060574_ergebnis-768x576.jpg 768w, https:\/\/olu-limburg.de\/wp-content\/uploads\/2021\/01\/P1060574_ergebnis-624x468.jpg 624w\" sizes=\"auto, (max-width: 800px) 100vw, 800px\" \/><\/a><\/p>\n<div id=\"attachment_24554\" style=\"width: 810px\" class=\"wp-caption aligncenter\"><a href=\"https:\/\/olu-limburg.de\/wp-content\/uploads\/2021\/01\/P1060576_ergebnis.jpg\"><img loading=\"lazy\" decoding=\"async\" aria-describedby=\"caption-attachment-24554\" class=\"wp-image-24554 size-full\" src=\"https:\/\/olu-limburg.de\/wp-content\/uploads\/2021\/01\/P1060576_ergebnis.jpg\" alt=\"\" width=\"800\" height=\"600\" srcset=\"https:\/\/olu-limburg.de\/wp-content\/uploads\/2021\/01\/P1060576_ergebnis.jpg 800w, https:\/\/olu-limburg.de\/wp-content\/uploads\/2021\/01\/P1060576_ergebnis-300x225.jpg 300w, https:\/\/olu-limburg.de\/wp-content\/uploads\/2021\/01\/P1060576_ergebnis-768x576.jpg 768w, https:\/\/olu-limburg.de\/wp-content\/uploads\/2021\/01\/P1060576_ergebnis-624x468.jpg 624w\" sizes=\"auto, (max-width: 800px) 100vw, 800px\" \/><\/a><p id=\"caption-attachment-24554\" class=\"wp-caption-text\">Husumer Kulturhaus<\/p><\/div>\n<p><a href=\"https:\/\/olu-limburg.de\/wp-content\/uploads\/2021\/01\/P1060578_ergebnis.jpg\"><img loading=\"lazy\" decoding=\"async\" class=\"size-full wp-image-24555 aligncenter\" src=\"https:\/\/olu-limburg.de\/wp-content\/uploads\/2021\/01\/P1060578_ergebnis.jpg\" alt=\"\" width=\"800\" height=\"600\" srcset=\"https:\/\/olu-limburg.de\/wp-content\/uploads\/2021\/01\/P1060578_ergebnis.jpg 800w, https:\/\/olu-limburg.de\/wp-content\/uploads\/2021\/01\/P1060578_ergebnis-300x225.jpg 300w, https:\/\/olu-limburg.de\/wp-content\/uploads\/2021\/01\/P1060578_ergebnis-768x576.jpg 768w, https:\/\/olu-limburg.de\/wp-content\/uploads\/2021\/01\/P1060578_ergebnis-624x468.jpg 624w\" sizes=\"auto, (max-width: 800px) 100vw, 800px\" \/><\/a><\/p>\n<p><a href=\"https:\/\/olu-limburg.de\/wp-content\/uploads\/2021\/01\/P1060575_ergebnis.jpg\"><img loading=\"lazy\" decoding=\"async\" class=\"size-full wp-image-24553 aligncenter\" src=\"https:\/\/olu-limburg.de\/wp-content\/uploads\/2021\/01\/P1060575_ergebnis.jpg\" alt=\"\" width=\"800\" height=\"600\" srcset=\"https:\/\/olu-limburg.de\/wp-content\/uploads\/2021\/01\/P1060575_ergebnis.jpg 800w, https:\/\/olu-limburg.de\/wp-content\/uploads\/2021\/01\/P1060575_ergebnis-300x225.jpg 300w, https:\/\/olu-limburg.de\/wp-content\/uploads\/2021\/01\/P1060575_ergebnis-768x576.jpg 768w, https:\/\/olu-limburg.de\/wp-content\/uploads\/2021\/01\/P1060575_ergebnis-624x468.jpg 624w\" sizes=\"auto, (max-width: 800px) 100vw, 800px\" \/><\/a><\/p>\n<p><a href=\"https:\/\/olu-limburg.de\/wp-content\/uploads\/2021\/01\/P1060579_ergebnis.jpg\"><img loading=\"lazy\" decoding=\"async\" class=\"size-full wp-image-24556 aligncenter\" src=\"https:\/\/olu-limburg.de\/wp-content\/uploads\/2021\/01\/P1060579_ergebnis.jpg\" alt=\"\" width=\"800\" height=\"600\" srcset=\"https:\/\/olu-limburg.de\/wp-content\/uploads\/2021\/01\/P1060579_ergebnis.jpg 800w, https:\/\/olu-limburg.de\/wp-content\/uploads\/2021\/01\/P1060579_ergebnis-300x225.jpg 300w, https:\/\/olu-limburg.de\/wp-content\/uploads\/2021\/01\/P1060579_ergebnis-768x576.jpg 768w, https:\/\/olu-limburg.de\/wp-content\/uploads\/2021\/01\/P1060579_ergebnis-624x468.jpg 624w\" sizes=\"auto, (max-width: 800px) 100vw, 800px\" \/><\/a><\/p>\n<p><a href=\"https:\/\/olu-limburg.de\/wp-content\/uploads\/2021\/01\/P1060580_ergebnis-e1611677603778.jpg\"><img loading=\"lazy\" decoding=\"async\" class=\"size-full wp-image-24557 aligncenter\" src=\"https:\/\/olu-limburg.de\/wp-content\/uploads\/2021\/01\/P1060580_ergebnis-e1611677603778.jpg\" alt=\"\" width=\"450\" height=\"600\" \/><\/a><\/p>\n<p>Und wie immer, wenn wir zum Theodor-Storm-Haus kommen, ist es geschlossen. Wir haben richtiges Pech. Dies ist aber nicht das einzige Wohnhaus von Theodor Storm in Husum. Er ist mehrmals umgezogen.<\/p>\n<p><a href=\"https:\/\/olu-limburg.de\/wp-content\/uploads\/2021\/01\/P1060582_ergebnis-e1611677622322.jpg\"><img loading=\"lazy\" decoding=\"async\" class=\"size-full wp-image-24558 aligncenter\" src=\"https:\/\/olu-limburg.de\/wp-content\/uploads\/2021\/01\/P1060582_ergebnis-e1611677622322.jpg\" alt=\"\" width=\"450\" height=\"600\" \/><\/a><\/p>\n<p><a href=\"https:\/\/olu-limburg.de\/wp-content\/uploads\/2021\/01\/20200915_185817_ergebnis.jpg\"><img loading=\"lazy\" decoding=\"async\" class=\"size-full wp-image-24604 aligncenter\" src=\"https:\/\/olu-limburg.de\/wp-content\/uploads\/2021\/01\/20200915_185817_ergebnis.jpg\" alt=\"\" width=\"800\" height=\"600\" srcset=\"https:\/\/olu-limburg.de\/wp-content\/uploads\/2021\/01\/20200915_185817_ergebnis.jpg 800w, https:\/\/olu-limburg.de\/wp-content\/uploads\/2021\/01\/20200915_185817_ergebnis-300x225.jpg 300w, https:\/\/olu-limburg.de\/wp-content\/uploads\/2021\/01\/20200915_185817_ergebnis-768x576.jpg 768w, https:\/\/olu-limburg.de\/wp-content\/uploads\/2021\/01\/20200915_185817_ergebnis-624x468.jpg 624w\" sizes=\"auto, (max-width: 800px) 100vw, 800px\" \/><\/a><\/p>\n<p><a href=\"https:\/\/olu-limburg.de\/wp-content\/uploads\/2021\/01\/P1060583_ergebnis.jpg\"><img loading=\"lazy\" decoding=\"async\" class=\"size-full wp-image-24559 aligncenter\" src=\"https:\/\/olu-limburg.de\/wp-content\/uploads\/2021\/01\/P1060583_ergebnis.jpg\" alt=\"\" width=\"800\" height=\"600\" srcset=\"https:\/\/olu-limburg.de\/wp-content\/uploads\/2021\/01\/P1060583_ergebnis.jpg 800w, https:\/\/olu-limburg.de\/wp-content\/uploads\/2021\/01\/P1060583_ergebnis-300x225.jpg 300w, https:\/\/olu-limburg.de\/wp-content\/uploads\/2021\/01\/P1060583_ergebnis-768x576.jpg 768w, https:\/\/olu-limburg.de\/wp-content\/uploads\/2021\/01\/P1060583_ergebnis-624x468.jpg 624w\" sizes=\"auto, (max-width: 800px) 100vw, 800px\" \/><\/a><\/p>\n<p><a href=\"https:\/\/olu-limburg.de\/wp-content\/uploads\/2021\/01\/P1060587_ergebnis.jpg\"><img loading=\"lazy\" decoding=\"async\" class=\"size-full wp-image-24560 aligncenter\" src=\"https:\/\/olu-limburg.de\/wp-content\/uploads\/2021\/01\/P1060587_ergebnis.jpg\" alt=\"\" width=\"800\" height=\"600\" srcset=\"https:\/\/olu-limburg.de\/wp-content\/uploads\/2021\/01\/P1060587_ergebnis.jpg 800w, https:\/\/olu-limburg.de\/wp-content\/uploads\/2021\/01\/P1060587_ergebnis-300x225.jpg 300w, https:\/\/olu-limburg.de\/wp-content\/uploads\/2021\/01\/P1060587_ergebnis-768x576.jpg 768w, https:\/\/olu-limburg.de\/wp-content\/uploads\/2021\/01\/P1060587_ergebnis-624x468.jpg 624w\" sizes=\"auto, (max-width: 800px) 100vw, 800px\" \/><\/a><\/p>\n<p><a href=\"https:\/\/olu-limburg.de\/wp-content\/uploads\/2021\/01\/P1060588_ergebnis.jpg\"><img loading=\"lazy\" decoding=\"async\" class=\"size-full wp-image-24561 aligncenter\" src=\"https:\/\/olu-limburg.de\/wp-content\/uploads\/2021\/01\/P1060588_ergebnis.jpg\" alt=\"\" width=\"800\" height=\"600\" srcset=\"https:\/\/olu-limburg.de\/wp-content\/uploads\/2021\/01\/P1060588_ergebnis.jpg 800w, https:\/\/olu-limburg.de\/wp-content\/uploads\/2021\/01\/P1060588_ergebnis-300x225.jpg 300w, https:\/\/olu-limburg.de\/wp-content\/uploads\/2021\/01\/P1060588_ergebnis-768x576.jpg 768w, https:\/\/olu-limburg.de\/wp-content\/uploads\/2021\/01\/P1060588_ergebnis-624x468.jpg 624w\" sizes=\"auto, (max-width: 800px) 100vw, 800px\" \/><\/a><\/p>\n<p>Ziehen wir halt wieder weiter durch die Gassen.<\/p>\n<p><a href=\"https:\/\/olu-limburg.de\/wp-content\/uploads\/2021\/01\/P1060589_ergebnis.jpg\"><img loading=\"lazy\" decoding=\"async\" class=\"size-full wp-image-24562 aligncenter\" src=\"https:\/\/olu-limburg.de\/wp-content\/uploads\/2021\/01\/P1060589_ergebnis.jpg\" alt=\"\" width=\"800\" height=\"600\" srcset=\"https:\/\/olu-limburg.de\/wp-content\/uploads\/2021\/01\/P1060589_ergebnis.jpg 800w, https:\/\/olu-limburg.de\/wp-content\/uploads\/2021\/01\/P1060589_ergebnis-300x225.jpg 300w, https:\/\/olu-limburg.de\/wp-content\/uploads\/2021\/01\/P1060589_ergebnis-768x576.jpg 768w, https:\/\/olu-limburg.de\/wp-content\/uploads\/2021\/01\/P1060589_ergebnis-624x468.jpg 624w\" sizes=\"auto, (max-width: 800px) 100vw, 800px\" \/><\/a><\/p>\n<p><a href=\"https:\/\/olu-limburg.de\/wp-content\/uploads\/2021\/01\/P1060590_ergebnis.jpg\"><img loading=\"lazy\" decoding=\"async\" class=\"size-full wp-image-24563 aligncenter\" src=\"https:\/\/olu-limburg.de\/wp-content\/uploads\/2021\/01\/P1060590_ergebnis.jpg\" alt=\"\" width=\"800\" height=\"600\" srcset=\"https:\/\/olu-limburg.de\/wp-content\/uploads\/2021\/01\/P1060590_ergebnis.jpg 800w, https:\/\/olu-limburg.de\/wp-content\/uploads\/2021\/01\/P1060590_ergebnis-300x225.jpg 300w, https:\/\/olu-limburg.de\/wp-content\/uploads\/2021\/01\/P1060590_ergebnis-768x576.jpg 768w, https:\/\/olu-limburg.de\/wp-content\/uploads\/2021\/01\/P1060590_ergebnis-624x468.jpg 624w\" sizes=\"auto, (max-width: 800px) 100vw, 800px\" \/><\/a><\/p>\n<p><a href=\"https:\/\/olu-limburg.de\/wp-content\/uploads\/2021\/01\/P1060591_ergebnis-e1611677785384.jpg\"><img loading=\"lazy\" decoding=\"async\" class=\"size-full wp-image-24564 aligncenter\" src=\"https:\/\/olu-limburg.de\/wp-content\/uploads\/2021\/01\/P1060591_ergebnis-e1611677785384.jpg\" alt=\"\" width=\"450\" height=\"600\" \/><\/a><\/p>\n<div id=\"attachment_24565\" style=\"width: 810px\" class=\"wp-caption aligncenter\"><a href=\"https:\/\/olu-limburg.de\/wp-content\/uploads\/2021\/01\/P1060592_ergebnis.jpg\"><img loading=\"lazy\" decoding=\"async\" aria-describedby=\"caption-attachment-24565\" class=\"wp-image-24565 size-full\" src=\"https:\/\/olu-limburg.de\/wp-content\/uploads\/2021\/01\/P1060592_ergebnis.jpg\" alt=\"\" width=\"800\" height=\"600\" srcset=\"https:\/\/olu-limburg.de\/wp-content\/uploads\/2021\/01\/P1060592_ergebnis.jpg 800w, https:\/\/olu-limburg.de\/wp-content\/uploads\/2021\/01\/P1060592_ergebnis-300x225.jpg 300w, https:\/\/olu-limburg.de\/wp-content\/uploads\/2021\/01\/P1060592_ergebnis-768x576.jpg 768w, https:\/\/olu-limburg.de\/wp-content\/uploads\/2021\/01\/P1060592_ergebnis-624x468.jpg 624w\" sizes=\"auto, (max-width: 800px) 100vw, 800px\" \/><\/a><p id=\"caption-attachment-24565\" class=\"wp-caption-text\">Marktplatz<\/p><\/div>\n<div id=\"attachment_24567\" style=\"width: 460px\" class=\"wp-caption aligncenter\"><a href=\"https:\/\/olu-limburg.de\/wp-content\/uploads\/2021\/01\/P1060594_ergebnis-e1611677945219.jpg\"><img loading=\"lazy\" decoding=\"async\" aria-describedby=\"caption-attachment-24567\" class=\"wp-image-24567 size-full\" src=\"https:\/\/olu-limburg.de\/wp-content\/uploads\/2021\/01\/P1060594_ergebnis-e1611677945219.jpg\" alt=\"\" width=\"450\" height=\"600\" \/><\/a><p id=\"caption-attachment-24567\" class=\"wp-caption-text\">Asmussen-Woldsen-Denkmal, auch Tine-Brunnen genannt<\/p><\/div>\n<div id=\"attachment_24566\" style=\"width: 810px\" class=\"wp-caption aligncenter\"><a href=\"https:\/\/olu-limburg.de\/wp-content\/uploads\/2021\/01\/P1060593_ergebnis.jpg\"><img loading=\"lazy\" decoding=\"async\" aria-describedby=\"caption-attachment-24566\" class=\"wp-image-24566 size-full\" src=\"https:\/\/olu-limburg.de\/wp-content\/uploads\/2021\/01\/P1060593_ergebnis.jpg\" alt=\"\" width=\"800\" height=\"600\" srcset=\"https:\/\/olu-limburg.de\/wp-content\/uploads\/2021\/01\/P1060593_ergebnis.jpg 800w, https:\/\/olu-limburg.de\/wp-content\/uploads\/2021\/01\/P1060593_ergebnis-300x225.jpg 300w, https:\/\/olu-limburg.de\/wp-content\/uploads\/2021\/01\/P1060593_ergebnis-768x576.jpg 768w, https:\/\/olu-limburg.de\/wp-content\/uploads\/2021\/01\/P1060593_ergebnis-624x468.jpg 624w\" sizes=\"auto, (max-width: 800px) 100vw, 800px\" \/><\/a><p id=\"caption-attachment-24566\" class=\"wp-caption-text\">ev. St.-Marien-Kirche<\/p><\/div>\n<div id=\"attachment_24568\" style=\"width: 810px\" class=\"wp-caption aligncenter\"><a href=\"https:\/\/olu-limburg.de\/wp-content\/uploads\/2021\/01\/P1060595_ergebnis.jpg\"><img loading=\"lazy\" decoding=\"async\" aria-describedby=\"caption-attachment-24568\" class=\"size-full wp-image-24568\" src=\"https:\/\/olu-limburg.de\/wp-content\/uploads\/2021\/01\/P1060595_ergebnis.jpg\" alt=\"\" width=\"800\" height=\"600\" srcset=\"https:\/\/olu-limburg.de\/wp-content\/uploads\/2021\/01\/P1060595_ergebnis.jpg 800w, https:\/\/olu-limburg.de\/wp-content\/uploads\/2021\/01\/P1060595_ergebnis-300x225.jpg 300w, https:\/\/olu-limburg.de\/wp-content\/uploads\/2021\/01\/P1060595_ergebnis-768x576.jpg 768w, https:\/\/olu-limburg.de\/wp-content\/uploads\/2021\/01\/P1060595_ergebnis-624x468.jpg 624w\" sizes=\"auto, (max-width: 800px) 100vw, 800px\" \/><\/a><p id=\"caption-attachment-24568\" class=\"wp-caption-text\">ehemaliges K\u00f6nigliches Gymnasium, jetzt ein Hotel<\/p><\/div>\n<p><a href=\"https:\/\/olu-limburg.de\/wp-content\/uploads\/2021\/01\/P1060604_ergebnis-e1611678202655.jpg\"><img loading=\"lazy\" decoding=\"async\" class=\"size-full wp-image-24569 aligncenter\" src=\"https:\/\/olu-limburg.de\/wp-content\/uploads\/2021\/01\/P1060604_ergebnis-e1611678202655.jpg\" alt=\"\" width=\"450\" height=\"600\" \/><\/a><\/p>\n<p>Einen kleinen Aperitif haben wir uns nun aber verdient.<\/p>\n<div id=\"attachment_24605\" style=\"width: 810px\" class=\"wp-caption aligncenter\"><a href=\"https:\/\/olu-limburg.de\/wp-content\/uploads\/2021\/01\/20200915_195558_ergebnis.jpg\"><img loading=\"lazy\" decoding=\"async\" aria-describedby=\"caption-attachment-24605\" class=\"wp-image-24605 size-full\" src=\"https:\/\/olu-limburg.de\/wp-content\/uploads\/2021\/01\/20200915_195558_ergebnis.jpg\" alt=\"\" width=\"800\" height=\"600\" srcset=\"https:\/\/olu-limburg.de\/wp-content\/uploads\/2021\/01\/20200915_195558_ergebnis.jpg 800w, https:\/\/olu-limburg.de\/wp-content\/uploads\/2021\/01\/20200915_195558_ergebnis-300x225.jpg 300w, https:\/\/olu-limburg.de\/wp-content\/uploads\/2021\/01\/20200915_195558_ergebnis-768x576.jpg 768w, https:\/\/olu-limburg.de\/wp-content\/uploads\/2021\/01\/20200915_195558_ergebnis-624x468.jpg 624w\" sizes=\"auto, (max-width: 800px) 100vw, 800px\" \/><\/a><p id=\"caption-attachment-24605\" class=\"wp-caption-text\">Rhabarber-Spritz<\/p><\/div>\n<p><a href=\"https:\/\/olu-limburg.de\/wp-content\/uploads\/2021\/01\/P1060609_ergebnis.jpg\"><img loading=\"lazy\" decoding=\"async\" class=\"size-full wp-image-24571 aligncenter\" src=\"https:\/\/olu-limburg.de\/wp-content\/uploads\/2021\/01\/P1060609_ergebnis.jpg\" alt=\"\" width=\"800\" height=\"600\" srcset=\"https:\/\/olu-limburg.de\/wp-content\/uploads\/2021\/01\/P1060609_ergebnis.jpg 800w, https:\/\/olu-limburg.de\/wp-content\/uploads\/2021\/01\/P1060609_ergebnis-300x225.jpg 300w, https:\/\/olu-limburg.de\/wp-content\/uploads\/2021\/01\/P1060609_ergebnis-768x576.jpg 768w, https:\/\/olu-limburg.de\/wp-content\/uploads\/2021\/01\/P1060609_ergebnis-624x468.jpg 624w\" sizes=\"auto, (max-width: 800px) 100vw, 800px\" \/><\/a><\/p>\n<p><a href=\"https:\/\/olu-limburg.de\/wp-content\/uploads\/2021\/01\/P1060608_ergebnis.jpg\"><img loading=\"lazy\" decoding=\"async\" class=\"size-full wp-image-24570 aligncenter\" src=\"https:\/\/olu-limburg.de\/wp-content\/uploads\/2021\/01\/P1060608_ergebnis.jpg\" alt=\"\" width=\"800\" height=\"600\" srcset=\"https:\/\/olu-limburg.de\/wp-content\/uploads\/2021\/01\/P1060608_ergebnis.jpg 800w, https:\/\/olu-limburg.de\/wp-content\/uploads\/2021\/01\/P1060608_ergebnis-300x225.jpg 300w, https:\/\/olu-limburg.de\/wp-content\/uploads\/2021\/01\/P1060608_ergebnis-768x576.jpg 768w, https:\/\/olu-limburg.de\/wp-content\/uploads\/2021\/01\/P1060608_ergebnis-624x468.jpg 624w\" sizes=\"auto, (max-width: 800px) 100vw, 800px\" \/><\/a><\/p>\n<p><a href=\"https:\/\/olu-limburg.de\/wp-content\/uploads\/2021\/01\/P1060610_ergebnis.jpg\"><img loading=\"lazy\" decoding=\"async\" class=\"size-full wp-image-24572 aligncenter\" src=\"https:\/\/olu-limburg.de\/wp-content\/uploads\/2021\/01\/P1060610_ergebnis.jpg\" alt=\"\" width=\"800\" height=\"600\" srcset=\"https:\/\/olu-limburg.de\/wp-content\/uploads\/2021\/01\/P1060610_ergebnis.jpg 800w, https:\/\/olu-limburg.de\/wp-content\/uploads\/2021\/01\/P1060610_ergebnis-300x225.jpg 300w, https:\/\/olu-limburg.de\/wp-content\/uploads\/2021\/01\/P1060610_ergebnis-768x576.jpg 768w, https:\/\/olu-limburg.de\/wp-content\/uploads\/2021\/01\/P1060610_ergebnis-624x468.jpg 624w\" sizes=\"auto, (max-width: 800px) 100vw, 800px\" \/><\/a><\/p>\n<p>Tagesstrecke: 116 km<\/p>\n<p>&nbsp;<\/p>\n<p><strong>Mittwoch, 16.09.2020<\/strong><\/p>\n<p><a href=\"https:\/\/olu-limburg.de\/wp-content\/uploads\/2021\/01\/P1060611_ergebnis.jpg\"><img loading=\"lazy\" decoding=\"async\" class=\"size-full wp-image-24575 aligncenter\" src=\"https:\/\/olu-limburg.de\/wp-content\/uploads\/2021\/01\/P1060611_ergebnis.jpg\" alt=\"\" width=\"800\" height=\"600\" srcset=\"https:\/\/olu-limburg.de\/wp-content\/uploads\/2021\/01\/P1060611_ergebnis.jpg 800w, https:\/\/olu-limburg.de\/wp-content\/uploads\/2021\/01\/P1060611_ergebnis-300x225.jpg 300w, https:\/\/olu-limburg.de\/wp-content\/uploads\/2021\/01\/P1060611_ergebnis-768x576.jpg 768w, https:\/\/olu-limburg.de\/wp-content\/uploads\/2021\/01\/P1060611_ergebnis-624x468.jpg 624w\" sizes=\"auto, (max-width: 800px) 100vw, 800px\" \/><\/a><\/p>\n<p>Unser 24-Stunden-Stellplatz-Ticket l\u00e4sst uns heute Morgen noch genug Zeit, den Tag gem\u00fctlich zu beginnen. Direkt neben dem Stellplatz ist die Alte Fischereigenossenschaft mit einem kleinen Laden und verlockenden Angeboten.<\/p>\n<p><a href=\"https:\/\/olu-limburg.de\/wp-content\/uploads\/2021\/01\/P1050911_ergebnis.jpg\"><img loading=\"lazy\" decoding=\"async\" class=\"size-full wp-image-24608 aligncenter\" src=\"https:\/\/olu-limburg.de\/wp-content\/uploads\/2021\/01\/P1050911_ergebnis.jpg\" alt=\"\" width=\"800\" height=\"600\" srcset=\"https:\/\/olu-limburg.de\/wp-content\/uploads\/2021\/01\/P1050911_ergebnis.jpg 800w, https:\/\/olu-limburg.de\/wp-content\/uploads\/2021\/01\/P1050911_ergebnis-300x225.jpg 300w, https:\/\/olu-limburg.de\/wp-content\/uploads\/2021\/01\/P1050911_ergebnis-768x576.jpg 768w, https:\/\/olu-limburg.de\/wp-content\/uploads\/2021\/01\/P1050911_ergebnis-624x468.jpg 624w\" sizes=\"auto, (max-width: 800px) 100vw, 800px\" \/><\/a><a href=\"https:\/\/olu-limburg.de\/wp-content\/uploads\/2021\/01\/P1050909_ergebnis-e1611766247680.jpg\"><img loading=\"lazy\" decoding=\"async\" class=\"size-full wp-image-24607 aligncenter\" src=\"https:\/\/olu-limburg.de\/wp-content\/uploads\/2021\/01\/P1050909_ergebnis-e1611766247680.jpg\" alt=\"\" width=\"450\" height=\"600\" \/><\/a><\/p>\n<p>Wann bekommt man schon mal frische Nordseekrabben zu dem Preis, gut, wir m\u00fcssen alle Krabben selbst pulen. Wir konnten trotzdem nicht widerstehen und haben 1 kg ungepulte Nordseekrabben gekauft. Dazu, weil es so sch\u00f6n war, noch 12 frische Matjes. Bevor wir weiter in die Stadt gehen, verstaue ich noch alles in unseren K\u00fchlschrank im Wohnmobil.<\/p>\n<p><a href=\"https:\/\/olu-limburg.de\/wp-content\/uploads\/2021\/01\/P1060614_ergebnis-e1611679280829.jpg\"><img loading=\"lazy\" decoding=\"async\" class=\"size-full wp-image-24576 aligncenter\" src=\"https:\/\/olu-limburg.de\/wp-content\/uploads\/2021\/01\/P1060614_ergebnis-e1611679280829.jpg\" alt=\"\" width=\"450\" height=\"600\" \/><\/a><\/p>\n<p><a href=\"https:\/\/olu-limburg.de\/wp-content\/uploads\/2021\/01\/P1060615_ergebnis-e1611679301685.jpg\"><img loading=\"lazy\" decoding=\"async\" class=\"size-full wp-image-24577 aligncenter\" src=\"https:\/\/olu-limburg.de\/wp-content\/uploads\/2021\/01\/P1060615_ergebnis-e1611679301685.jpg\" alt=\"\" width=\"450\" height=\"600\" \/><\/a><\/p>\n<p>In einem Hafenrestaurant bestellen wir uns zum Mittagessen Muscheln in Weinsud mit verschiedenen Dips Vollkornbrot.<\/p>\n<p><a href=\"https:\/\/olu-limburg.de\/wp-content\/uploads\/2021\/01\/IMG_20200916_123148_ergebnis-e1611679322526.jpg\"><img loading=\"lazy\" decoding=\"async\" class=\"size-full wp-image-24574 aligncenter\" src=\"https:\/\/olu-limburg.de\/wp-content\/uploads\/2021\/01\/IMG_20200916_123148_ergebnis-e1611679322526.jpg\" alt=\"\" width=\"450\" height=\"600\" \/><\/a><\/p>\n<p><a href=\"https:\/\/olu-limburg.de\/wp-content\/uploads\/2021\/01\/P1050919_ergebnis.jpg\"><img loading=\"lazy\" decoding=\"async\" class=\"size-full wp-image-24610 aligncenter\" src=\"https:\/\/olu-limburg.de\/wp-content\/uploads\/2021\/01\/P1050919_ergebnis.jpg\" alt=\"\" width=\"800\" height=\"600\" srcset=\"https:\/\/olu-limburg.de\/wp-content\/uploads\/2021\/01\/P1050919_ergebnis.jpg 800w, https:\/\/olu-limburg.de\/wp-content\/uploads\/2021\/01\/P1050919_ergebnis-300x225.jpg 300w, https:\/\/olu-limburg.de\/wp-content\/uploads\/2021\/01\/P1050919_ergebnis-768x576.jpg 768w, https:\/\/olu-limburg.de\/wp-content\/uploads\/2021\/01\/P1050919_ergebnis-624x468.jpg 624w\" sizes=\"auto, (max-width: 800px) 100vw, 800px\" \/><\/a><\/p>\n<p>F\u00fcr morgen haben wir ganz fr\u00fch die F\u00e4hre nach Sylt gebucht, deshalb wollen wir heute noch nach R\u00f6m\u00f6 auf den Autocamperplads Oasen mit V+E (Geb\u00fchr DKK 130,00 bzw. EUR 18,00). An der Grenze nach D\u00e4nemark gibt es mittlerweile keine Beschr\u00e4nkungen und Kontrollen mehr. \u00dcber einen langen Damm erreichen wir die d\u00e4nische Watteninsel R\u00f6m\u00f6.<\/p>\n<p><a href=\"https:\/\/olu-limburg.de\/wp-content\/uploads\/2021\/01\/P1060618_ergebnis.jpg\"><img loading=\"lazy\" decoding=\"async\" class=\"size-full wp-image-24580 aligncenter\" src=\"https:\/\/olu-limburg.de\/wp-content\/uploads\/2021\/01\/P1060618_ergebnis.jpg\" alt=\"\" width=\"800\" height=\"600\" srcset=\"https:\/\/olu-limburg.de\/wp-content\/uploads\/2021\/01\/P1060618_ergebnis.jpg 800w, https:\/\/olu-limburg.de\/wp-content\/uploads\/2021\/01\/P1060618_ergebnis-300x225.jpg 300w, https:\/\/olu-limburg.de\/wp-content\/uploads\/2021\/01\/P1060618_ergebnis-768x576.jpg 768w, https:\/\/olu-limburg.de\/wp-content\/uploads\/2021\/01\/P1060618_ergebnis-624x468.jpg 624w\" sizes=\"auto, (max-width: 800px) 100vw, 800px\" \/><\/a><\/p>\n<p><a href=\"https:\/\/olu-limburg.de\/wp-content\/uploads\/2021\/01\/P1060619_ergebnis.jpg\"><img loading=\"lazy\" decoding=\"async\" class=\"size-full wp-image-24581 aligncenter\" src=\"https:\/\/olu-limburg.de\/wp-content\/uploads\/2021\/01\/P1060619_ergebnis.jpg\" alt=\"\" width=\"800\" height=\"600\" srcset=\"https:\/\/olu-limburg.de\/wp-content\/uploads\/2021\/01\/P1060619_ergebnis.jpg 800w, https:\/\/olu-limburg.de\/wp-content\/uploads\/2021\/01\/P1060619_ergebnis-300x225.jpg 300w, https:\/\/olu-limburg.de\/wp-content\/uploads\/2021\/01\/P1060619_ergebnis-768x576.jpg 768w, https:\/\/olu-limburg.de\/wp-content\/uploads\/2021\/01\/P1060619_ergebnis-624x468.jpg 624w\" sizes=\"auto, (max-width: 800px) 100vw, 800px\" \/><\/a><\/p>\n<p>Auf dem vorderen Bereich des Stellplatzes sind die Wohnmobile rund um einen k\u00fcnstlichen See angeordnet. Etwas weiter hinten befindet sich noch ein gro\u00dfes Wiesenfeld, wo ebenfalls grossz\u00fcgige Pl\u00e4tze vorhanden sind.<\/p>\n<p><a href=\"https:\/\/olu-limburg.de\/wp-content\/uploads\/2021\/01\/P1060620_ergebnis.jpg\"><img loading=\"lazy\" decoding=\"async\" class=\"size-full wp-image-24582 aligncenter\" src=\"https:\/\/olu-limburg.de\/wp-content\/uploads\/2021\/01\/P1060620_ergebnis.jpg\" alt=\"\" width=\"800\" height=\"600\" srcset=\"https:\/\/olu-limburg.de\/wp-content\/uploads\/2021\/01\/P1060620_ergebnis.jpg 800w, https:\/\/olu-limburg.de\/wp-content\/uploads\/2021\/01\/P1060620_ergebnis-300x225.jpg 300w, https:\/\/olu-limburg.de\/wp-content\/uploads\/2021\/01\/P1060620_ergebnis-768x576.jpg 768w, https:\/\/olu-limburg.de\/wp-content\/uploads\/2021\/01\/P1060620_ergebnis-624x468.jpg 624w\" sizes=\"auto, (max-width: 800px) 100vw, 800px\" \/><\/a><\/p>\n<p><a href=\"https:\/\/olu-limburg.de\/wp-content\/uploads\/2021\/01\/P1060624_ergebnis.jpg\"><img loading=\"lazy\" decoding=\"async\" class=\"size-full wp-image-24584 aligncenter\" src=\"https:\/\/olu-limburg.de\/wp-content\/uploads\/2021\/01\/P1060624_ergebnis.jpg\" alt=\"\" width=\"800\" height=\"600\" srcset=\"https:\/\/olu-limburg.de\/wp-content\/uploads\/2021\/01\/P1060624_ergebnis.jpg 800w, https:\/\/olu-limburg.de\/wp-content\/uploads\/2021\/01\/P1060624_ergebnis-300x225.jpg 300w, https:\/\/olu-limburg.de\/wp-content\/uploads\/2021\/01\/P1060624_ergebnis-768x576.jpg 768w, https:\/\/olu-limburg.de\/wp-content\/uploads\/2021\/01\/P1060624_ergebnis-624x468.jpg 624w\" sizes=\"auto, (max-width: 800px) 100vw, 800px\" \/><\/a><\/p>\n<p><a href=\"https:\/\/olu-limburg.de\/wp-content\/uploads\/2021\/01\/P1060623_ergebnis.jpg\"><img loading=\"lazy\" decoding=\"async\" class=\"size-full wp-image-24583 aligncenter\" src=\"https:\/\/olu-limburg.de\/wp-content\/uploads\/2021\/01\/P1060623_ergebnis.jpg\" alt=\"\" width=\"800\" height=\"600\" srcset=\"https:\/\/olu-limburg.de\/wp-content\/uploads\/2021\/01\/P1060623_ergebnis.jpg 800w, https:\/\/olu-limburg.de\/wp-content\/uploads\/2021\/01\/P1060623_ergebnis-300x225.jpg 300w, https:\/\/olu-limburg.de\/wp-content\/uploads\/2021\/01\/P1060623_ergebnis-768x576.jpg 768w, https:\/\/olu-limburg.de\/wp-content\/uploads\/2021\/01\/P1060623_ergebnis-624x468.jpg 624w\" sizes=\"auto, (max-width: 800px) 100vw, 800px\" \/><\/a><\/p>\n<p>Wir wollen eigentlich noch einen Spaziergang zum S\u00f6nderstrand unternehmen, was uns dann aber doch zu weit vorgekommen ist.<\/p>\n<p><a href=\"https:\/\/olu-limburg.de\/wp-content\/uploads\/2021\/01\/P1060625_ergebnis.jpg\"><img loading=\"lazy\" decoding=\"async\" class=\"size-full wp-image-24585 aligncenter\" src=\"https:\/\/olu-limburg.de\/wp-content\/uploads\/2021\/01\/P1060625_ergebnis.jpg\" alt=\"\" width=\"800\" height=\"600\" srcset=\"https:\/\/olu-limburg.de\/wp-content\/uploads\/2021\/01\/P1060625_ergebnis.jpg 800w, https:\/\/olu-limburg.de\/wp-content\/uploads\/2021\/01\/P1060625_ergebnis-300x225.jpg 300w, https:\/\/olu-limburg.de\/wp-content\/uploads\/2021\/01\/P1060625_ergebnis-768x576.jpg 768w, https:\/\/olu-limburg.de\/wp-content\/uploads\/2021\/01\/P1060625_ergebnis-624x468.jpg 624w\" sizes=\"auto, (max-width: 800px) 100vw, 800px\" \/><\/a><\/p>\n<p><a href=\"https:\/\/olu-limburg.de\/wp-content\/uploads\/2021\/01\/P1060626_ergebnis.jpg\"><img loading=\"lazy\" decoding=\"async\" class=\"size-full wp-image-24586 aligncenter\" src=\"https:\/\/olu-limburg.de\/wp-content\/uploads\/2021\/01\/P1060626_ergebnis.jpg\" alt=\"\" width=\"800\" height=\"600\" srcset=\"https:\/\/olu-limburg.de\/wp-content\/uploads\/2021\/01\/P1060626_ergebnis.jpg 800w, https:\/\/olu-limburg.de\/wp-content\/uploads\/2021\/01\/P1060626_ergebnis-300x225.jpg 300w, https:\/\/olu-limburg.de\/wp-content\/uploads\/2021\/01\/P1060626_ergebnis-768x576.jpg 768w, https:\/\/olu-limburg.de\/wp-content\/uploads\/2021\/01\/P1060626_ergebnis-624x468.jpg 624w\" sizes=\"auto, (max-width: 800px) 100vw, 800px\" \/><\/a><\/p>\n<p><a href=\"https:\/\/olu-limburg.de\/wp-content\/uploads\/2021\/01\/P1060628_ergebnis.jpg\"><img loading=\"lazy\" decoding=\"async\" class=\"size-full wp-image-24631 aligncenter\" src=\"https:\/\/olu-limburg.de\/wp-content\/uploads\/2021\/01\/P1060628_ergebnis.jpg\" alt=\"\" width=\"800\" height=\"600\" srcset=\"https:\/\/olu-limburg.de\/wp-content\/uploads\/2021\/01\/P1060628_ergebnis.jpg 800w, https:\/\/olu-limburg.de\/wp-content\/uploads\/2021\/01\/P1060628_ergebnis-300x225.jpg 300w, https:\/\/olu-limburg.de\/wp-content\/uploads\/2021\/01\/P1060628_ergebnis-768x576.jpg 768w, https:\/\/olu-limburg.de\/wp-content\/uploads\/2021\/01\/P1060628_ergebnis-624x468.jpg 624w\" sizes=\"auto, (max-width: 800px) 100vw, 800px\" \/><\/a><\/p>\n<p><a href=\"https:\/\/olu-limburg.de\/wp-content\/uploads\/2021\/01\/P1050926_ergebnis.jpg\"><img loading=\"lazy\" decoding=\"async\" class=\"size-full wp-image-24616 aligncenter\" src=\"https:\/\/olu-limburg.de\/wp-content\/uploads\/2021\/01\/P1050926_ergebnis.jpg\" alt=\"\" width=\"800\" height=\"600\" srcset=\"https:\/\/olu-limburg.de\/wp-content\/uploads\/2021\/01\/P1050926_ergebnis.jpg 800w, https:\/\/olu-limburg.de\/wp-content\/uploads\/2021\/01\/P1050926_ergebnis-300x225.jpg 300w, https:\/\/olu-limburg.de\/wp-content\/uploads\/2021\/01\/P1050926_ergebnis-768x576.jpg 768w, https:\/\/olu-limburg.de\/wp-content\/uploads\/2021\/01\/P1050926_ergebnis-624x468.jpg 624w\" sizes=\"auto, (max-width: 800px) 100vw, 800px\" \/><\/a><\/p>\n<p><a href=\"https:\/\/olu-limburg.de\/wp-content\/uploads\/2021\/01\/P1050924_ergebnis.jpg\"><img loading=\"lazy\" decoding=\"async\" class=\"size-full wp-image-24615 aligncenter\" src=\"https:\/\/olu-limburg.de\/wp-content\/uploads\/2021\/01\/P1050924_ergebnis.jpg\" alt=\"\" width=\"800\" height=\"600\" srcset=\"https:\/\/olu-limburg.de\/wp-content\/uploads\/2021\/01\/P1050924_ergebnis.jpg 800w, https:\/\/olu-limburg.de\/wp-content\/uploads\/2021\/01\/P1050924_ergebnis-300x225.jpg 300w, https:\/\/olu-limburg.de\/wp-content\/uploads\/2021\/01\/P1050924_ergebnis-768x576.jpg 768w, https:\/\/olu-limburg.de\/wp-content\/uploads\/2021\/01\/P1050924_ergebnis-624x468.jpg 624w\" sizes=\"auto, (max-width: 800px) 100vw, 800px\" \/><\/a><\/p>\n<p>Ein kleiner Abend-Snack: R\u00fchrei mit Krabben, oder Krabben pur, vielleicht mit Brot?<\/p>\n<div id=\"attachment_24628\" style=\"width: 460px\" class=\"wp-caption alignleft\"><a href=\"https:\/\/olu-limburg.de\/wp-content\/uploads\/2021\/01\/IMG_20200916_183606_ergebnis-e1611832054965.jpg\"><img loading=\"lazy\" decoding=\"async\" aria-describedby=\"caption-attachment-24628\" class=\"size-full wp-image-24628\" src=\"https:\/\/olu-limburg.de\/wp-content\/uploads\/2021\/01\/IMG_20200916_183606_ergebnis-e1611832054965.jpg\" alt=\"\" width=\"450\" height=\"600\" \/><\/a><p id=\"caption-attachment-24628\" class=\"wp-caption-text\">ein Kilo Nordseekrabben<\/p><\/div>\n<div id=\"attachment_24629\" style=\"width: 460px\" class=\"wp-caption alignright\"><a href=\"https:\/\/olu-limburg.de\/wp-content\/uploads\/2021\/01\/IMG_20200916_190201_ergebnis-e1611832097114.jpg\"><img loading=\"lazy\" decoding=\"async\" aria-describedby=\"caption-attachment-24629\" class=\"size-full wp-image-24629\" src=\"https:\/\/olu-limburg.de\/wp-content\/uploads\/2021\/01\/IMG_20200916_190201_ergebnis-e1611832097114.jpg\" alt=\"\" width=\"450\" height=\"600\" \/><\/a><p id=\"caption-attachment-24629\" class=\"wp-caption-text\">Das ist m\u00e4chtig viel Arbeit. Und jetzt wollen wir ja nur ein paar f\u00fcrs R\u00fchrei.<\/p><\/div>\n<p><a href=\"https:\/\/olu-limburg.de\/wp-content\/uploads\/2021\/01\/20200916_193716_ergebnis.jpg\"><img loading=\"lazy\" decoding=\"async\" class=\"size-full wp-image-24614 aligncenter\" src=\"https:\/\/olu-limburg.de\/wp-content\/uploads\/2021\/01\/20200916_193716_ergebnis.jpg\" alt=\"\" width=\"800\" height=\"600\" srcset=\"https:\/\/olu-limburg.de\/wp-content\/uploads\/2021\/01\/20200916_193716_ergebnis.jpg 800w, https:\/\/olu-limburg.de\/wp-content\/uploads\/2021\/01\/20200916_193716_ergebnis-300x225.jpg 300w, https:\/\/olu-limburg.de\/wp-content\/uploads\/2021\/01\/20200916_193716_ergebnis-768x576.jpg 768w, https:\/\/olu-limburg.de\/wp-content\/uploads\/2021\/01\/20200916_193716_ergebnis-624x468.jpg 624w\" sizes=\"auto, (max-width: 800px) 100vw, 800px\" \/><\/a><\/p>\n<p><a href=\"https:\/\/olu-limburg.de\/wp-content\/uploads\/2021\/01\/IMG_20200916_193726_ergebnis.jpg\"><img loading=\"lazy\" decoding=\"async\" class=\"size-full wp-image-24630 aligncenter\" src=\"https:\/\/olu-limburg.de\/wp-content\/uploads\/2021\/01\/IMG_20200916_193726_ergebnis.jpg\" alt=\"\" width=\"800\" height=\"600\" srcset=\"https:\/\/olu-limburg.de\/wp-content\/uploads\/2021\/01\/IMG_20200916_193726_ergebnis.jpg 800w, https:\/\/olu-limburg.de\/wp-content\/uploads\/2021\/01\/IMG_20200916_193726_ergebnis-300x225.jpg 300w, https:\/\/olu-limburg.de\/wp-content\/uploads\/2021\/01\/IMG_20200916_193726_ergebnis-768x576.jpg 768w, https:\/\/olu-limburg.de\/wp-content\/uploads\/2021\/01\/IMG_20200916_193726_ergebnis-624x468.jpg 624w\" sizes=\"auto, (max-width: 800px) 100vw, 800px\" \/><\/a><\/p>\n<p>Tagesstrecke: 108 km<\/p>\n<p>&nbsp;<\/p>\n<p><strong>Donnestag, 17.09.2020<\/strong><\/p>\n<p>Wir haben die F\u00e4hre nach Sylt bereits von Zuhause online gebucht, und m\u00fcssen nun die Buchungsbest\u00e4tigung nur noch gegen die Tickets eintauschen. Unsere F\u00e4hre soll um 09.30 Uhr losfahren. Wir sind schon einige Zeit fr\u00fcher im Hafen von Havneby und werden sofort an der Kontrollstelle durchgewunken, um auf die n\u00e4chste bereitstehende F\u00e4hre zu fahren. Wir sind bereits anhand des Kennzeichens gescannt und registriert worden.<\/p>\n<p><a href=\"https:\/\/olu-limburg.de\/wp-content\/uploads\/2021\/01\/P1060649_ergebnis.jpg\"><img loading=\"lazy\" decoding=\"async\" class=\"size-full wp-image-24626 aligncenter\" src=\"https:\/\/olu-limburg.de\/wp-content\/uploads\/2021\/01\/P1060649_ergebnis.jpg\" alt=\"\" width=\"800\" height=\"600\" srcset=\"https:\/\/olu-limburg.de\/wp-content\/uploads\/2021\/01\/P1060649_ergebnis.jpg 800w, https:\/\/olu-limburg.de\/wp-content\/uploads\/2021\/01\/P1060649_ergebnis-300x225.jpg 300w, https:\/\/olu-limburg.de\/wp-content\/uploads\/2021\/01\/P1060649_ergebnis-768x576.jpg 768w, https:\/\/olu-limburg.de\/wp-content\/uploads\/2021\/01\/P1060649_ergebnis-624x468.jpg 624w\" sizes=\"auto, (max-width: 800px) 100vw, 800px\" \/><\/a><\/p>\n<div id=\"attachment_24619\" style=\"width: 810px\" class=\"wp-caption aligncenter\"><a href=\"https:\/\/olu-limburg.de\/wp-content\/uploads\/2021\/01\/P1060630_ergebnis.jpg\"><img loading=\"lazy\" decoding=\"async\" aria-describedby=\"caption-attachment-24619\" class=\"wp-image-24619 size-full\" src=\"https:\/\/olu-limburg.de\/wp-content\/uploads\/2021\/01\/P1060630_ergebnis.jpg\" alt=\"\" width=\"800\" height=\"600\" srcset=\"https:\/\/olu-limburg.de\/wp-content\/uploads\/2021\/01\/P1060630_ergebnis.jpg 800w, https:\/\/olu-limburg.de\/wp-content\/uploads\/2021\/01\/P1060630_ergebnis-300x225.jpg 300w, https:\/\/olu-limburg.de\/wp-content\/uploads\/2021\/01\/P1060630_ergebnis-768x576.jpg 768w, https:\/\/olu-limburg.de\/wp-content\/uploads\/2021\/01\/P1060630_ergebnis-624x468.jpg 624w\" sizes=\"auto, (max-width: 800px) 100vw, 800px\" \/><\/a><p id=\"caption-attachment-24619\" class=\"wp-caption-text\">Wir verlassen Havneby.<\/p><\/div>\n<div id=\"attachment_24620\" style=\"width: 810px\" class=\"wp-caption aligncenter\"><a href=\"https:\/\/olu-limburg.de\/wp-content\/uploads\/2021\/01\/P1060631_ergebnis.jpg\"><img loading=\"lazy\" decoding=\"async\" aria-describedby=\"caption-attachment-24620\" class=\"wp-image-24620 size-full\" src=\"https:\/\/olu-limburg.de\/wp-content\/uploads\/2021\/01\/P1060631_ergebnis.jpg\" alt=\"\" width=\"800\" height=\"600\" srcset=\"https:\/\/olu-limburg.de\/wp-content\/uploads\/2021\/01\/P1060631_ergebnis.jpg 800w, https:\/\/olu-limburg.de\/wp-content\/uploads\/2021\/01\/P1060631_ergebnis-300x225.jpg 300w, https:\/\/olu-limburg.de\/wp-content\/uploads\/2021\/01\/P1060631_ergebnis-768x576.jpg 768w, https:\/\/olu-limburg.de\/wp-content\/uploads\/2021\/01\/P1060631_ergebnis-624x468.jpg 624w\" sizes=\"auto, (max-width: 800px) 100vw, 800px\" \/><\/a><p id=\"caption-attachment-24620\" class=\"wp-caption-text\">eine m\u00fcde Lena<\/p><\/div>\n<div id=\"attachment_24621\" style=\"width: 810px\" class=\"wp-caption aligncenter\"><a href=\"https:\/\/olu-limburg.de\/wp-content\/uploads\/2021\/01\/P1060632_ergebnis.jpg\"><img loading=\"lazy\" decoding=\"async\" aria-describedby=\"caption-attachment-24621\" class=\"wp-image-24621 size-full\" src=\"https:\/\/olu-limburg.de\/wp-content\/uploads\/2021\/01\/P1060632_ergebnis.jpg\" alt=\"\" width=\"800\" height=\"600\" srcset=\"https:\/\/olu-limburg.de\/wp-content\/uploads\/2021\/01\/P1060632_ergebnis.jpg 800w, https:\/\/olu-limburg.de\/wp-content\/uploads\/2021\/01\/P1060632_ergebnis-300x225.jpg 300w, https:\/\/olu-limburg.de\/wp-content\/uploads\/2021\/01\/P1060632_ergebnis-768x576.jpg 768w, https:\/\/olu-limburg.de\/wp-content\/uploads\/2021\/01\/P1060632_ergebnis-624x468.jpg 624w\" sizes=\"auto, (max-width: 800px) 100vw, 800px\" \/><\/a><p id=\"caption-attachment-24621\" class=\"wp-caption-text\">unser kleines Fr\u00fchst\u00fcck an Bord<\/p><\/div>\n<div id=\"attachment_24622\" style=\"width: 810px\" class=\"wp-caption aligncenter\"><a href=\"https:\/\/olu-limburg.de\/wp-content\/uploads\/2021\/01\/P1060637_ergebnis.jpg\"><img loading=\"lazy\" decoding=\"async\" aria-describedby=\"caption-attachment-24622\" class=\"size-full wp-image-24622\" src=\"https:\/\/olu-limburg.de\/wp-content\/uploads\/2021\/01\/P1060637_ergebnis.jpg\" alt=\"\" width=\"800\" height=\"600\" srcset=\"https:\/\/olu-limburg.de\/wp-content\/uploads\/2021\/01\/P1060637_ergebnis.jpg 800w, https:\/\/olu-limburg.de\/wp-content\/uploads\/2021\/01\/P1060637_ergebnis-300x225.jpg 300w, https:\/\/olu-limburg.de\/wp-content\/uploads\/2021\/01\/P1060637_ergebnis-768x576.jpg 768w, https:\/\/olu-limburg.de\/wp-content\/uploads\/2021\/01\/P1060637_ergebnis-624x468.jpg 624w\" sizes=\"auto, (max-width: 800px) 100vw, 800px\" \/><\/a><p id=\"caption-attachment-24622\" class=\"wp-caption-text\">die s\u00fcdwestliche Spitze von R\u00f6m\u00f6: S\u00f6nderstrand<\/p><\/div>\n<div id=\"attachment_24623\" style=\"width: 810px\" class=\"wp-caption aligncenter\"><a href=\"https:\/\/olu-limburg.de\/wp-content\/uploads\/2021\/01\/P1060639_ergebnis.jpg\"><img loading=\"lazy\" decoding=\"async\" aria-describedby=\"caption-attachment-24623\" class=\"size-full wp-image-24623\" src=\"https:\/\/olu-limburg.de\/wp-content\/uploads\/2021\/01\/P1060639_ergebnis.jpg\" alt=\"\" width=\"800\" height=\"600\" srcset=\"https:\/\/olu-limburg.de\/wp-content\/uploads\/2021\/01\/P1060639_ergebnis.jpg 800w, https:\/\/olu-limburg.de\/wp-content\/uploads\/2021\/01\/P1060639_ergebnis-300x225.jpg 300w, https:\/\/olu-limburg.de\/wp-content\/uploads\/2021\/01\/P1060639_ergebnis-768x576.jpg 768w, https:\/\/olu-limburg.de\/wp-content\/uploads\/2021\/01\/P1060639_ergebnis-624x468.jpg 624w\" sizes=\"auto, (max-width: 800px) 100vw, 800px\" \/><\/a><p id=\"caption-attachment-24623\" class=\"wp-caption-text\">S\u00f6nderstrand<\/p><\/div>\n<div id=\"attachment_24624\" style=\"width: 810px\" class=\"wp-caption aligncenter\"><a href=\"https:\/\/olu-limburg.de\/wp-content\/uploads\/2021\/01\/P1060642_ergebnis.jpg\"><img loading=\"lazy\" decoding=\"async\" aria-describedby=\"caption-attachment-24624\" class=\"size-full wp-image-24624\" src=\"https:\/\/olu-limburg.de\/wp-content\/uploads\/2021\/01\/P1060642_ergebnis.jpg\" alt=\"\" width=\"800\" height=\"600\" srcset=\"https:\/\/olu-limburg.de\/wp-content\/uploads\/2021\/01\/P1060642_ergebnis.jpg 800w, https:\/\/olu-limburg.de\/wp-content\/uploads\/2021\/01\/P1060642_ergebnis-300x225.jpg 300w, https:\/\/olu-limburg.de\/wp-content\/uploads\/2021\/01\/P1060642_ergebnis-768x576.jpg 768w, https:\/\/olu-limburg.de\/wp-content\/uploads\/2021\/01\/P1060642_ergebnis-624x468.jpg 624w\" sizes=\"auto, (max-width: 800px) 100vw, 800px\" \/><\/a><p id=\"caption-attachment-24624\" class=\"wp-caption-text\">\u00f6stliche Spitze vom Sylter Ellenbogen<\/p><\/div>\n<div id=\"attachment_24625\" style=\"width: 810px\" class=\"wp-caption aligncenter\"><a href=\"https:\/\/olu-limburg.de\/wp-content\/uploads\/2021\/01\/P1060648_ergebnis.jpg\"><img loading=\"lazy\" decoding=\"async\" aria-describedby=\"caption-attachment-24625\" class=\"size-full wp-image-24625\" src=\"https:\/\/olu-limburg.de\/wp-content\/uploads\/2021\/01\/P1060648_ergebnis.jpg\" alt=\"\" width=\"800\" height=\"600\" srcset=\"https:\/\/olu-limburg.de\/wp-content\/uploads\/2021\/01\/P1060648_ergebnis.jpg 800w, https:\/\/olu-limburg.de\/wp-content\/uploads\/2021\/01\/P1060648_ergebnis-300x225.jpg 300w, https:\/\/olu-limburg.de\/wp-content\/uploads\/2021\/01\/P1060648_ergebnis-768x576.jpg 768w, https:\/\/olu-limburg.de\/wp-content\/uploads\/2021\/01\/P1060648_ergebnis-624x468.jpg 624w\" sizes=\"auto, (max-width: 800px) 100vw, 800px\" \/><\/a><p id=\"caption-attachment-24625\" class=\"wp-caption-text\">Der Hafen von List kommt in Sicht.<\/p><\/div>\n<p><a href=\"https:\/\/olu-limburg.de\/wp-content\/uploads\/2021\/01\/P1060651_ergebnis.jpg\"><img loading=\"lazy\" decoding=\"async\" class=\"size-full wp-image-24627 aligncenter\" src=\"https:\/\/olu-limburg.de\/wp-content\/uploads\/2021\/01\/P1060651_ergebnis.jpg\" alt=\"\" width=\"800\" height=\"600\" srcset=\"https:\/\/olu-limburg.de\/wp-content\/uploads\/2021\/01\/P1060651_ergebnis.jpg 800w, https:\/\/olu-limburg.de\/wp-content\/uploads\/2021\/01\/P1060651_ergebnis-300x225.jpg 300w, https:\/\/olu-limburg.de\/wp-content\/uploads\/2021\/01\/P1060651_ergebnis-768x576.jpg 768w, https:\/\/olu-limburg.de\/wp-content\/uploads\/2021\/01\/P1060651_ergebnis-624x468.jpg 624w\" sizes=\"auto, (max-width: 800px) 100vw, 800px\" \/><\/a><\/p>\n<p>Durch die fr\u00fchere Abfahrt haben wir eine Stunde gewonnen und fahren schon um 09.30 Uhr auf Sylter Boden. Da wir sowieso erst ab 11.00 Uhr am Campingplatz erscheinen d\u00fcrfen. nutzen wir die Zeit, und fahren vorher zur s\u00fcdlichen Spitze der Insel, nach H\u00f6rnum.<\/p>\n<p><a href=\"https:\/\/olu-limburg.de\/wp-content\/uploads\/2021\/01\/P1060652_ergebnis.jpg\"><img loading=\"lazy\" decoding=\"async\" class=\"size-full wp-image-24644 aligncenter\" src=\"https:\/\/olu-limburg.de\/wp-content\/uploads\/2021\/01\/P1060652_ergebnis.jpg\" alt=\"\" width=\"800\" height=\"600\" srcset=\"https:\/\/olu-limburg.de\/wp-content\/uploads\/2021\/01\/P1060652_ergebnis.jpg 800w, https:\/\/olu-limburg.de\/wp-content\/uploads\/2021\/01\/P1060652_ergebnis-300x225.jpg 300w, https:\/\/olu-limburg.de\/wp-content\/uploads\/2021\/01\/P1060652_ergebnis-768x576.jpg 768w, https:\/\/olu-limburg.de\/wp-content\/uploads\/2021\/01\/P1060652_ergebnis-624x468.jpg 624w\" sizes=\"auto, (max-width: 800px) 100vw, 800px\" \/><\/a><\/p>\n<p>In Westerland verfranzen wir uns bei einer Umleitung f\u00fcr eine inner\u00f6rtliche Gro\u00dfbasustelle. Dadurch kommen wir zu einem Flohmarkt, der vor dem Rathaus stattfindet.<\/p>\n<p><a href=\"https:\/\/olu-limburg.de\/wp-content\/uploads\/2021\/01\/P1060655_ergebnis.jpg\"><img loading=\"lazy\" decoding=\"async\" class=\"size-full wp-image-24645 aligncenter\" src=\"https:\/\/olu-limburg.de\/wp-content\/uploads\/2021\/01\/P1060655_ergebnis.jpg\" alt=\"\" width=\"800\" height=\"600\" srcset=\"https:\/\/olu-limburg.de\/wp-content\/uploads\/2021\/01\/P1060655_ergebnis.jpg 800w, https:\/\/olu-limburg.de\/wp-content\/uploads\/2021\/01\/P1060655_ergebnis-300x225.jpg 300w, https:\/\/olu-limburg.de\/wp-content\/uploads\/2021\/01\/P1060655_ergebnis-768x576.jpg 768w, https:\/\/olu-limburg.de\/wp-content\/uploads\/2021\/01\/P1060655_ergebnis-624x468.jpg 624w\" sizes=\"auto, (max-width: 800px) 100vw, 800px\" \/><\/a><\/p>\n<p><a href=\"https:\/\/olu-limburg.de\/wp-content\/uploads\/2021\/01\/P1060656_ergebnis.jpg\"><img loading=\"lazy\" decoding=\"async\" class=\"size-full wp-image-24646 aligncenter\" src=\"https:\/\/olu-limburg.de\/wp-content\/uploads\/2021\/01\/P1060656_ergebnis.jpg\" alt=\"\" width=\"800\" height=\"600\" srcset=\"https:\/\/olu-limburg.de\/wp-content\/uploads\/2021\/01\/P1060656_ergebnis.jpg 800w, https:\/\/olu-limburg.de\/wp-content\/uploads\/2021\/01\/P1060656_ergebnis-300x225.jpg 300w, https:\/\/olu-limburg.de\/wp-content\/uploads\/2021\/01\/P1060656_ergebnis-768x576.jpg 768w, https:\/\/olu-limburg.de\/wp-content\/uploads\/2021\/01\/P1060656_ergebnis-624x468.jpg 624w\" sizes=\"auto, (max-width: 800px) 100vw, 800px\" \/><\/a><\/p>\n<p>In H\u00f6rnum halten wir Ausschau nach einem Parkplatz f\u00fcr uns. Das ist gar nicht so einfach. Vor einem kleinen Supermarkt befindet sich ein \u00f6ffentlicher Parkplatz, wo wir noch eine Nische f\u00fcr unser Wohnmobil finden. Nach einem kurzen Einkauf begeben wir uns zum Strand. Auch wenn sich auf der Promenade ein paar Menschen begegnen. Corona ist zu sp\u00fcren. Die Strandk\u00f6rbe sind fast alle leer.<\/p>\n<p><a href=\"https:\/\/olu-limburg.de\/wp-content\/uploads\/2021\/01\/IMG_20200917_112248_ergebnis.jpg\"><img loading=\"lazy\" decoding=\"async\" class=\"size-full wp-image-24641 aligncenter\" src=\"https:\/\/olu-limburg.de\/wp-content\/uploads\/2021\/01\/IMG_20200917_112248_ergebnis.jpg\" alt=\"\" width=\"800\" height=\"600\" srcset=\"https:\/\/olu-limburg.de\/wp-content\/uploads\/2021\/01\/IMG_20200917_112248_ergebnis.jpg 800w, https:\/\/olu-limburg.de\/wp-content\/uploads\/2021\/01\/IMG_20200917_112248_ergebnis-300x225.jpg 300w, https:\/\/olu-limburg.de\/wp-content\/uploads\/2021\/01\/IMG_20200917_112248_ergebnis-768x576.jpg 768w, https:\/\/olu-limburg.de\/wp-content\/uploads\/2021\/01\/IMG_20200917_112248_ergebnis-624x468.jpg 624w\" sizes=\"auto, (max-width: 800px) 100vw, 800px\" \/><\/a><\/p>\n<p><a href=\"https:\/\/olu-limburg.de\/wp-content\/uploads\/2021\/01\/IMG_20200917_112044_ergebnis.jpg\"><img loading=\"lazy\" decoding=\"async\" class=\"size-full wp-image-24639 aligncenter\" src=\"https:\/\/olu-limburg.de\/wp-content\/uploads\/2021\/01\/IMG_20200917_112044_ergebnis.jpg\" alt=\"\" width=\"800\" height=\"600\" srcset=\"https:\/\/olu-limburg.de\/wp-content\/uploads\/2021\/01\/IMG_20200917_112044_ergebnis.jpg 800w, https:\/\/olu-limburg.de\/wp-content\/uploads\/2021\/01\/IMG_20200917_112044_ergebnis-300x225.jpg 300w, https:\/\/olu-limburg.de\/wp-content\/uploads\/2021\/01\/IMG_20200917_112044_ergebnis-768x576.jpg 768w, https:\/\/olu-limburg.de\/wp-content\/uploads\/2021\/01\/IMG_20200917_112044_ergebnis-624x468.jpg 624w\" sizes=\"auto, (max-width: 800px) 100vw, 800px\" \/><\/a><\/p>\n<p><a href=\"https:\/\/olu-limburg.de\/wp-content\/uploads\/2021\/01\/IMG_20200917_112218_ergebnis-e1612029111492.jpg\"><img loading=\"lazy\" decoding=\"async\" class=\"size-full wp-image-24640 aligncenter\" src=\"https:\/\/olu-limburg.de\/wp-content\/uploads\/2021\/01\/IMG_20200917_112218_ergebnis-e1612029111492.jpg\" alt=\"\" width=\"450\" height=\"600\" \/><\/a><\/p>\n<p><a href=\"https:\/\/olu-limburg.de\/wp-content\/uploads\/2021\/01\/P1060667_ergebnis.jpg\"><img loading=\"lazy\" decoding=\"async\" class=\"size-full wp-image-24652 aligncenter\" src=\"https:\/\/olu-limburg.de\/wp-content\/uploads\/2021\/01\/P1060667_ergebnis.jpg\" alt=\"\" width=\"800\" height=\"600\" srcset=\"https:\/\/olu-limburg.de\/wp-content\/uploads\/2021\/01\/P1060667_ergebnis.jpg 800w, https:\/\/olu-limburg.de\/wp-content\/uploads\/2021\/01\/P1060667_ergebnis-300x225.jpg 300w, https:\/\/olu-limburg.de\/wp-content\/uploads\/2021\/01\/P1060667_ergebnis-768x576.jpg 768w, https:\/\/olu-limburg.de\/wp-content\/uploads\/2021\/01\/P1060667_ergebnis-624x468.jpg 624w\" sizes=\"auto, (max-width: 800px) 100vw, 800px\" \/><\/a><\/p>\n<p><a href=\"https:\/\/olu-limburg.de\/wp-content\/uploads\/2021\/01\/P1060668_ergebnis-e1612029170541.jpg\"><img loading=\"lazy\" decoding=\"async\" class=\"size-full wp-image-24653 aligncenter\" src=\"https:\/\/olu-limburg.de\/wp-content\/uploads\/2021\/01\/P1060668_ergebnis-e1612029170541.jpg\" alt=\"\" width=\"450\" height=\"600\" \/><\/a><\/p>\n<p>Im Hafen tummeln sich ein paar Schaulustige bei der Entladung des frischen Muschelfanges. Ansonsten ist auch hier bei den Lokalen alles leer.<\/p>\n<p><a href=\"https:\/\/olu-limburg.de\/wp-content\/uploads\/2021\/01\/P1060660_ergebnis.jpg\"><img loading=\"lazy\" decoding=\"async\" class=\"size-full wp-image-24648 aligncenter\" src=\"https:\/\/olu-limburg.de\/wp-content\/uploads\/2021\/01\/P1060660_ergebnis.jpg\" alt=\"\" width=\"800\" height=\"600\" srcset=\"https:\/\/olu-limburg.de\/wp-content\/uploads\/2021\/01\/P1060660_ergebnis.jpg 800w, https:\/\/olu-limburg.de\/wp-content\/uploads\/2021\/01\/P1060660_ergebnis-300x225.jpg 300w, https:\/\/olu-limburg.de\/wp-content\/uploads\/2021\/01\/P1060660_ergebnis-768x576.jpg 768w, https:\/\/olu-limburg.de\/wp-content\/uploads\/2021\/01\/P1060660_ergebnis-624x468.jpg 624w\" sizes=\"auto, (max-width: 800px) 100vw, 800px\" \/><\/a><\/p>\n<p><a href=\"https:\/\/olu-limburg.de\/wp-content\/uploads\/2021\/01\/P1060662_ergebnis.jpg\"><img loading=\"lazy\" decoding=\"async\" class=\"size-full wp-image-24649 aligncenter\" src=\"https:\/\/olu-limburg.de\/wp-content\/uploads\/2021\/01\/P1060662_ergebnis.jpg\" alt=\"\" width=\"800\" height=\"600\" srcset=\"https:\/\/olu-limburg.de\/wp-content\/uploads\/2021\/01\/P1060662_ergebnis.jpg 800w, https:\/\/olu-limburg.de\/wp-content\/uploads\/2021\/01\/P1060662_ergebnis-300x225.jpg 300w, https:\/\/olu-limburg.de\/wp-content\/uploads\/2021\/01\/P1060662_ergebnis-768x576.jpg 768w, https:\/\/olu-limburg.de\/wp-content\/uploads\/2021\/01\/P1060662_ergebnis-624x468.jpg 624w\" sizes=\"auto, (max-width: 800px) 100vw, 800px\" \/><\/a><\/p>\n<p><a href=\"https:\/\/olu-limburg.de\/wp-content\/uploads\/2021\/01\/IMG_20200917_110725_ergebnis-e1612029250982.jpg\"><img loading=\"lazy\" decoding=\"async\" class=\"size-full wp-image-24638 aligncenter\" src=\"https:\/\/olu-limburg.de\/wp-content\/uploads\/2021\/01\/IMG_20200917_110725_ergebnis-e1612029250982.jpg\" alt=\"\" width=\"450\" height=\"600\" \/><\/a><\/p>\n<div id=\"attachment_24637\" style=\"width: 810px\" class=\"wp-caption aligncenter\"><a href=\"https:\/\/olu-limburg.de\/wp-content\/uploads\/2021\/01\/IMG_20200917_110546_ergebnis.jpg\"><img loading=\"lazy\" decoding=\"async\" aria-describedby=\"caption-attachment-24637\" class=\"wp-image-24637 size-full\" src=\"https:\/\/olu-limburg.de\/wp-content\/uploads\/2021\/01\/IMG_20200917_110546_ergebnis.jpg\" alt=\"\" width=\"800\" height=\"600\" srcset=\"https:\/\/olu-limburg.de\/wp-content\/uploads\/2021\/01\/IMG_20200917_110546_ergebnis.jpg 800w, https:\/\/olu-limburg.de\/wp-content\/uploads\/2021\/01\/IMG_20200917_110546_ergebnis-300x225.jpg 300w, https:\/\/olu-limburg.de\/wp-content\/uploads\/2021\/01\/IMG_20200917_110546_ergebnis-768x576.jpg 768w, https:\/\/olu-limburg.de\/wp-content\/uploads\/2021\/01\/IMG_20200917_110546_ergebnis-624x468.jpg 624w\" sizes=\"auto, (max-width: 800px) 100vw, 800px\" \/><\/a><p id=\"caption-attachment-24637\" class=\"wp-caption-text\">Muschelfang im riesigen Transportkorb<\/p><\/div>\n<p><a href=\"https:\/\/olu-limburg.de\/wp-content\/uploads\/2021\/01\/P1060665_ergebnis.jpg\"><img loading=\"lazy\" decoding=\"async\" class=\"size-full wp-image-24650 aligncenter\" src=\"https:\/\/olu-limburg.de\/wp-content\/uploads\/2021\/01\/P1060665_ergebnis.jpg\" alt=\"\" width=\"800\" height=\"600\" srcset=\"https:\/\/olu-limburg.de\/wp-content\/uploads\/2021\/01\/P1060665_ergebnis.jpg 800w, https:\/\/olu-limburg.de\/wp-content\/uploads\/2021\/01\/P1060665_ergebnis-300x225.jpg 300w, https:\/\/olu-limburg.de\/wp-content\/uploads\/2021\/01\/P1060665_ergebnis-768x576.jpg 768w, https:\/\/olu-limburg.de\/wp-content\/uploads\/2021\/01\/P1060665_ergebnis-624x468.jpg 624w\" sizes=\"auto, (max-width: 800px) 100vw, 800px\" \/><\/a><\/p>\n<p><a href=\"https:\/\/olu-limburg.de\/wp-content\/uploads\/2021\/01\/P1060666_ergebnis.jpg\"><img loading=\"lazy\" decoding=\"async\" class=\"size-full wp-image-24651 aligncenter\" src=\"https:\/\/olu-limburg.de\/wp-content\/uploads\/2021\/01\/P1060666_ergebnis.jpg\" alt=\"\" width=\"800\" height=\"600\" srcset=\"https:\/\/olu-limburg.de\/wp-content\/uploads\/2021\/01\/P1060666_ergebnis.jpg 800w, https:\/\/olu-limburg.de\/wp-content\/uploads\/2021\/01\/P1060666_ergebnis-300x225.jpg 300w, https:\/\/olu-limburg.de\/wp-content\/uploads\/2021\/01\/P1060666_ergebnis-768x576.jpg 768w, https:\/\/olu-limburg.de\/wp-content\/uploads\/2021\/01\/P1060666_ergebnis-624x468.jpg 624w\" sizes=\"auto, (max-width: 800px) 100vw, 800px\" \/><\/a><\/p>\n<p>Wir fahren wieder zur\u00fcck nach Wenningstedt und besiedeln auf dem Campingplatz unsere reservierte Parzelle.<\/p>\n<div id=\"attachment_24655\" style=\"width: 810px\" class=\"wp-caption aligncenter\"><a href=\"https:\/\/olu-limburg.de\/wp-content\/uploads\/2021\/01\/P1060671_ergebnis.jpg\"><img loading=\"lazy\" decoding=\"async\" aria-describedby=\"caption-attachment-24655\" class=\"wp-image-24655 size-full\" src=\"https:\/\/olu-limburg.de\/wp-content\/uploads\/2021\/01\/P1060671_ergebnis.jpg\" alt=\"\" width=\"800\" height=\"600\" srcset=\"https:\/\/olu-limburg.de\/wp-content\/uploads\/2021\/01\/P1060671_ergebnis.jpg 800w, https:\/\/olu-limburg.de\/wp-content\/uploads\/2021\/01\/P1060671_ergebnis-300x225.jpg 300w, https:\/\/olu-limburg.de\/wp-content\/uploads\/2021\/01\/P1060671_ergebnis-768x576.jpg 768w, https:\/\/olu-limburg.de\/wp-content\/uploads\/2021\/01\/P1060671_ergebnis-624x468.jpg 624w\" sizes=\"auto, (max-width: 800px) 100vw, 800px\" \/><\/a><p id=\"caption-attachment-24655\" class=\"wp-caption-text\">starke Jungs und ein M\u00e4dchen vor dem Bahnhof in Westerland<\/p><\/div>\n<p>Auf dem Campingplatz in Wenningstedt beginnt f\u00fcr uns eine 5-t\u00e4gige Wohlf\u00fchlphase. Aber erst ist es mal Zeit f\u00fcr eine kleine Mahlzeit:<\/p>\n<p>Matjes-Br\u00f6tchen und Krabbensuppe<\/p>\n<p><a href=\"https:\/\/olu-limburg.de\/wp-content\/uploads\/2021\/01\/IMG_20200917_132845_ergebnis.jpg\"><img loading=\"lazy\" decoding=\"async\" class=\"size-full wp-image-24642 aligncenter\" src=\"https:\/\/olu-limburg.de\/wp-content\/uploads\/2021\/01\/IMG_20200917_132845_ergebnis.jpg\" alt=\"\" width=\"800\" height=\"600\" srcset=\"https:\/\/olu-limburg.de\/wp-content\/uploads\/2021\/01\/IMG_20200917_132845_ergebnis.jpg 800w, https:\/\/olu-limburg.de\/wp-content\/uploads\/2021\/01\/IMG_20200917_132845_ergebnis-300x225.jpg 300w, https:\/\/olu-limburg.de\/wp-content\/uploads\/2021\/01\/IMG_20200917_132845_ergebnis-768x576.jpg 768w, https:\/\/olu-limburg.de\/wp-content\/uploads\/2021\/01\/IMG_20200917_132845_ergebnis-624x468.jpg 624w\" sizes=\"auto, (max-width: 800px) 100vw, 800px\" \/><\/a><\/p>\n<p><a href=\"https:\/\/olu-limburg.de\/wp-content\/uploads\/2021\/01\/IMG_20200917_135612_ergebnis.jpg\"><img loading=\"lazy\" decoding=\"async\" class=\"size-full wp-image-24643 aligncenter\" src=\"https:\/\/olu-limburg.de\/wp-content\/uploads\/2021\/01\/IMG_20200917_135612_ergebnis.jpg\" alt=\"\" width=\"800\" height=\"600\" srcset=\"https:\/\/olu-limburg.de\/wp-content\/uploads\/2021\/01\/IMG_20200917_135612_ergebnis.jpg 800w, https:\/\/olu-limburg.de\/wp-content\/uploads\/2021\/01\/IMG_20200917_135612_ergebnis-300x225.jpg 300w, https:\/\/olu-limburg.de\/wp-content\/uploads\/2021\/01\/IMG_20200917_135612_ergebnis-768x576.jpg 768w, https:\/\/olu-limburg.de\/wp-content\/uploads\/2021\/01\/IMG_20200917_135612_ergebnis-624x468.jpg 624w\" sizes=\"auto, (max-width: 800px) 100vw, 800px\" \/><\/a>Am sp\u00e4ten Nachmittag machen wir uns mal auf zu einem Strandspaziergang &#8230;<\/p>\n<p><a href=\"https:\/\/olu-limburg.de\/wp-content\/uploads\/2021\/01\/P1060672_ergebnis.jpg\"><img loading=\"lazy\" decoding=\"async\" class=\"size-full wp-image-24660 aligncenter\" src=\"https:\/\/olu-limburg.de\/wp-content\/uploads\/2021\/01\/P1060672_ergebnis.jpg\" alt=\"\" width=\"800\" height=\"600\" srcset=\"https:\/\/olu-limburg.de\/wp-content\/uploads\/2021\/01\/P1060672_ergebnis.jpg 800w, https:\/\/olu-limburg.de\/wp-content\/uploads\/2021\/01\/P1060672_ergebnis-300x225.jpg 300w, https:\/\/olu-limburg.de\/wp-content\/uploads\/2021\/01\/P1060672_ergebnis-768x576.jpg 768w, https:\/\/olu-limburg.de\/wp-content\/uploads\/2021\/01\/P1060672_ergebnis-624x468.jpg 624w\" sizes=\"auto, (max-width: 800px) 100vw, 800px\" \/><\/a><\/p>\n<p><a href=\"https:\/\/olu-limburg.de\/wp-content\/uploads\/2021\/01\/P1060673_ergebnis.jpg\"><img loading=\"lazy\" decoding=\"async\" class=\"size-full wp-image-24661 aligncenter\" src=\"https:\/\/olu-limburg.de\/wp-content\/uploads\/2021\/01\/P1060673_ergebnis.jpg\" alt=\"\" width=\"800\" height=\"600\" srcset=\"https:\/\/olu-limburg.de\/wp-content\/uploads\/2021\/01\/P1060673_ergebnis.jpg 800w, https:\/\/olu-limburg.de\/wp-content\/uploads\/2021\/01\/P1060673_ergebnis-300x225.jpg 300w, https:\/\/olu-limburg.de\/wp-content\/uploads\/2021\/01\/P1060673_ergebnis-768x576.jpg 768w, https:\/\/olu-limburg.de\/wp-content\/uploads\/2021\/01\/P1060673_ergebnis-624x468.jpg 624w\" sizes=\"auto, (max-width: 800px) 100vw, 800px\" \/><\/a><\/p>\n<p><a href=\"https:\/\/olu-limburg.de\/wp-content\/uploads\/2021\/01\/P1060676_ergebnis.jpg\"><img loading=\"lazy\" decoding=\"async\" class=\"size-full wp-image-24662 aligncenter\" src=\"https:\/\/olu-limburg.de\/wp-content\/uploads\/2021\/01\/P1060676_ergebnis.jpg\" alt=\"\" width=\"800\" height=\"600\" srcset=\"https:\/\/olu-limburg.de\/wp-content\/uploads\/2021\/01\/P1060676_ergebnis.jpg 800w, https:\/\/olu-limburg.de\/wp-content\/uploads\/2021\/01\/P1060676_ergebnis-300x225.jpg 300w, https:\/\/olu-limburg.de\/wp-content\/uploads\/2021\/01\/P1060676_ergebnis-768x576.jpg 768w, https:\/\/olu-limburg.de\/wp-content\/uploads\/2021\/01\/P1060676_ergebnis-624x468.jpg 624w\" sizes=\"auto, (max-width: 800px) 100vw, 800px\" \/><\/a><\/p>\n<p><a href=\"https:\/\/olu-limburg.de\/wp-content\/uploads\/2021\/01\/P1060677_ergebnis.jpg\"><img loading=\"lazy\" decoding=\"async\" class=\"size-full wp-image-24663 aligncenter\" src=\"https:\/\/olu-limburg.de\/wp-content\/uploads\/2021\/01\/P1060677_ergebnis.jpg\" alt=\"\" width=\"800\" height=\"600\" srcset=\"https:\/\/olu-limburg.de\/wp-content\/uploads\/2021\/01\/P1060677_ergebnis.jpg 800w, https:\/\/olu-limburg.de\/wp-content\/uploads\/2021\/01\/P1060677_ergebnis-300x225.jpg 300w, https:\/\/olu-limburg.de\/wp-content\/uploads\/2021\/01\/P1060677_ergebnis-768x576.jpg 768w, https:\/\/olu-limburg.de\/wp-content\/uploads\/2021\/01\/P1060677_ergebnis-624x468.jpg 624w\" sizes=\"auto, (max-width: 800px) 100vw, 800px\" \/><\/a><\/p>\n<p><a href=\"https:\/\/olu-limburg.de\/wp-content\/uploads\/2021\/01\/P1060679_ergebnis.jpg\"><img loading=\"lazy\" decoding=\"async\" class=\"size-full wp-image-24664 aligncenter\" src=\"https:\/\/olu-limburg.de\/wp-content\/uploads\/2021\/01\/P1060679_ergebnis.jpg\" alt=\"\" width=\"800\" height=\"600\" srcset=\"https:\/\/olu-limburg.de\/wp-content\/uploads\/2021\/01\/P1060679_ergebnis.jpg 800w, https:\/\/olu-limburg.de\/wp-content\/uploads\/2021\/01\/P1060679_ergebnis-300x225.jpg 300w, https:\/\/olu-limburg.de\/wp-content\/uploads\/2021\/01\/P1060679_ergebnis-768x576.jpg 768w, https:\/\/olu-limburg.de\/wp-content\/uploads\/2021\/01\/P1060679_ergebnis-624x468.jpg 624w\" sizes=\"auto, (max-width: 800px) 100vw, 800px\" \/><\/a><\/p>\n<p><a href=\"https:\/\/olu-limburg.de\/wp-content\/uploads\/2021\/01\/IMG_20200917_164245_ergebnis.jpg\"><img loading=\"lazy\" decoding=\"async\" class=\"size-full wp-image-24659 aligncenter\" src=\"https:\/\/olu-limburg.de\/wp-content\/uploads\/2021\/01\/IMG_20200917_164245_ergebnis.jpg\" alt=\"\" width=\"800\" height=\"600\" srcset=\"https:\/\/olu-limburg.de\/wp-content\/uploads\/2021\/01\/IMG_20200917_164245_ergebnis.jpg 800w, https:\/\/olu-limburg.de\/wp-content\/uploads\/2021\/01\/IMG_20200917_164245_ergebnis-300x225.jpg 300w, https:\/\/olu-limburg.de\/wp-content\/uploads\/2021\/01\/IMG_20200917_164245_ergebnis-768x576.jpg 768w, https:\/\/olu-limburg.de\/wp-content\/uploads\/2021\/01\/IMG_20200917_164245_ergebnis-624x468.jpg 624w\" sizes=\"auto, (max-width: 800px) 100vw, 800px\" \/><\/a><\/p>\n<p>&#8230; und landen schlie\u00dflich am Strand\u00fcbergang Wenningstedt. Wir erklimmen den Treppenaufgang und kommen zum gro\u00dfen Geb\u00e4ude des Tourismus-Service Wenningstedt. Einige Lokale und Caf\u00e9s befinden sich im Geb\u00e4ude oder in der direkten Nachbarschaft. Das lustigste sind aber die Kunstintallationen.<\/p>\n<p><a href=\"https:\/\/olu-limburg.de\/wp-content\/uploads\/2021\/01\/P1060686_ergebnis.jpg\"><img loading=\"lazy\" decoding=\"async\" class=\"size-full wp-image-24666 aligncenter\" src=\"https:\/\/olu-limburg.de\/wp-content\/uploads\/2021\/01\/P1060686_ergebnis.jpg\" alt=\"\" width=\"800\" height=\"600\" srcset=\"https:\/\/olu-limburg.de\/wp-content\/uploads\/2021\/01\/P1060686_ergebnis.jpg 800w, https:\/\/olu-limburg.de\/wp-content\/uploads\/2021\/01\/P1060686_ergebnis-300x225.jpg 300w, https:\/\/olu-limburg.de\/wp-content\/uploads\/2021\/01\/P1060686_ergebnis-768x576.jpg 768w, https:\/\/olu-limburg.de\/wp-content\/uploads\/2021\/01\/P1060686_ergebnis-624x468.jpg 624w\" sizes=\"auto, (max-width: 800px) 100vw, 800px\" \/><\/a><\/p>\n<p><a href=\"https:\/\/olu-limburg.de\/wp-content\/uploads\/2021\/01\/P1060687_ergebnis.jpg\"><img loading=\"lazy\" decoding=\"async\" class=\"size-full wp-image-24667 aligncenter\" src=\"https:\/\/olu-limburg.de\/wp-content\/uploads\/2021\/01\/P1060687_ergebnis.jpg\" alt=\"\" width=\"800\" height=\"600\" srcset=\"https:\/\/olu-limburg.de\/wp-content\/uploads\/2021\/01\/P1060687_ergebnis.jpg 800w, https:\/\/olu-limburg.de\/wp-content\/uploads\/2021\/01\/P1060687_ergebnis-300x225.jpg 300w, https:\/\/olu-limburg.de\/wp-content\/uploads\/2021\/01\/P1060687_ergebnis-768x576.jpg 768w, https:\/\/olu-limburg.de\/wp-content\/uploads\/2021\/01\/P1060687_ergebnis-624x468.jpg 624w\" sizes=\"auto, (max-width: 800px) 100vw, 800px\" \/><\/a><\/p>\n<p><a href=\"https:\/\/olu-limburg.de\/wp-content\/uploads\/2021\/01\/P1060696_ergebnis.jpg\"><img loading=\"lazy\" decoding=\"async\" class=\"size-full wp-image-24672 aligncenter\" src=\"https:\/\/olu-limburg.de\/wp-content\/uploads\/2021\/01\/P1060696_ergebnis.jpg\" alt=\"\" width=\"800\" height=\"600\" srcset=\"https:\/\/olu-limburg.de\/wp-content\/uploads\/2021\/01\/P1060696_ergebnis.jpg 800w, https:\/\/olu-limburg.de\/wp-content\/uploads\/2021\/01\/P1060696_ergebnis-300x225.jpg 300w, https:\/\/olu-limburg.de\/wp-content\/uploads\/2021\/01\/P1060696_ergebnis-768x576.jpg 768w, https:\/\/olu-limburg.de\/wp-content\/uploads\/2021\/01\/P1060696_ergebnis-624x468.jpg 624w\" sizes=\"auto, (max-width: 800px) 100vw, 800px\" \/><\/a><\/p>\n<p>Etwa hundert Meter entfernt ist das neue Domizil vom &#8222;Gosch&#8220;. Hier ist auch einiger Trubel. Allein der Name lockt die Touristen bereits zu dem immer n\u00e4her kommenden Sonnenuntergang an. Auch wenn es noch Stunden dauern kann. Aufgrund von Corona gibt es bei Gosch keinen Gl\u00e4ser-Auschank mehr. Alles wird nur noch flaschenweise angeboten. Schlecht ist es f\u00fcr den Umsatz nicht.<\/p>\n<p><a href=\"https:\/\/olu-limburg.de\/wp-content\/uploads\/2021\/01\/P1060694_ergebnis.jpg\"><img loading=\"lazy\" decoding=\"async\" class=\"size-full wp-image-24670 aligncenter\" src=\"https:\/\/olu-limburg.de\/wp-content\/uploads\/2021\/01\/P1060694_ergebnis.jpg\" alt=\"\" width=\"800\" height=\"600\" srcset=\"https:\/\/olu-limburg.de\/wp-content\/uploads\/2021\/01\/P1060694_ergebnis.jpg 800w, https:\/\/olu-limburg.de\/wp-content\/uploads\/2021\/01\/P1060694_ergebnis-300x225.jpg 300w, https:\/\/olu-limburg.de\/wp-content\/uploads\/2021\/01\/P1060694_ergebnis-768x576.jpg 768w, https:\/\/olu-limburg.de\/wp-content\/uploads\/2021\/01\/P1060694_ergebnis-624x468.jpg 624w\" sizes=\"auto, (max-width: 800px) 100vw, 800px\" \/><\/a><\/p>\n<p><a href=\"https:\/\/olu-limburg.de\/wp-content\/uploads\/2021\/01\/P1060691_ergebnis-e1612031155670.jpg\"><img loading=\"lazy\" decoding=\"async\" class=\"size-full wp-image-24669 aligncenter\" src=\"https:\/\/olu-limburg.de\/wp-content\/uploads\/2021\/01\/P1060691_ergebnis-e1612031155670.jpg\" alt=\"\" width=\"450\" height=\"600\" \/><\/a><\/p>\n<p><a href=\"https:\/\/olu-limburg.de\/wp-content\/uploads\/2021\/01\/P1060684_ergebnis.jpg\"><img loading=\"lazy\" decoding=\"async\" class=\"size-full wp-image-24665 aligncenter\" src=\"https:\/\/olu-limburg.de\/wp-content\/uploads\/2021\/01\/P1060684_ergebnis.jpg\" alt=\"\" width=\"800\" height=\"600\" srcset=\"https:\/\/olu-limburg.de\/wp-content\/uploads\/2021\/01\/P1060684_ergebnis.jpg 800w, https:\/\/olu-limburg.de\/wp-content\/uploads\/2021\/01\/P1060684_ergebnis-300x225.jpg 300w, https:\/\/olu-limburg.de\/wp-content\/uploads\/2021\/01\/P1060684_ergebnis-768x576.jpg 768w, https:\/\/olu-limburg.de\/wp-content\/uploads\/2021\/01\/P1060684_ergebnis-624x468.jpg 624w\" sizes=\"auto, (max-width: 800px) 100vw, 800px\" \/><\/a><\/p>\n<p><a href=\"https:\/\/olu-limburg.de\/wp-content\/uploads\/2021\/01\/P1060690_ergebnis.jpg\"><img loading=\"lazy\" decoding=\"async\" class=\"size-full wp-image-24668 aligncenter\" src=\"https:\/\/olu-limburg.de\/wp-content\/uploads\/2021\/01\/P1060690_ergebnis.jpg\" alt=\"\" width=\"800\" height=\"600\" srcset=\"https:\/\/olu-limburg.de\/wp-content\/uploads\/2021\/01\/P1060690_ergebnis.jpg 800w, https:\/\/olu-limburg.de\/wp-content\/uploads\/2021\/01\/P1060690_ergebnis-300x225.jpg 300w, https:\/\/olu-limburg.de\/wp-content\/uploads\/2021\/01\/P1060690_ergebnis-768x576.jpg 768w, https:\/\/olu-limburg.de\/wp-content\/uploads\/2021\/01\/P1060690_ergebnis-624x468.jpg 624w\" sizes=\"auto, (max-width: 800px) 100vw, 800px\" \/><\/a><\/p>\n<p><a href=\"https:\/\/olu-limburg.de\/wp-content\/uploads\/2021\/01\/P1060695_ergebnis.jpg\"><img loading=\"lazy\" decoding=\"async\" class=\"size-full wp-image-24671 aligncenter\" src=\"https:\/\/olu-limburg.de\/wp-content\/uploads\/2021\/01\/P1060695_ergebnis.jpg\" alt=\"\" width=\"800\" height=\"600\" srcset=\"https:\/\/olu-limburg.de\/wp-content\/uploads\/2021\/01\/P1060695_ergebnis.jpg 800w, https:\/\/olu-limburg.de\/wp-content\/uploads\/2021\/01\/P1060695_ergebnis-300x225.jpg 300w, https:\/\/olu-limburg.de\/wp-content\/uploads\/2021\/01\/P1060695_ergebnis-768x576.jpg 768w, https:\/\/olu-limburg.de\/wp-content\/uploads\/2021\/01\/P1060695_ergebnis-624x468.jpg 624w\" sizes=\"auto, (max-width: 800px) 100vw, 800px\" \/><\/a><\/p>\n<p>Wir warten nicht bis zum Sonnenuntergang, sondern gehen gem\u00fctlich durch die Feriensiedlung zur\u00fcck zum Campingplatz.<\/p>\n<p><a href=\"https:\/\/olu-limburg.de\/wp-content\/uploads\/2021\/01\/P1060697_ergebnis.jpg\"><img loading=\"lazy\" decoding=\"async\" class=\"size-full wp-image-24673 aligncenter\" src=\"https:\/\/olu-limburg.de\/wp-content\/uploads\/2021\/01\/P1060697_ergebnis.jpg\" alt=\"\" width=\"800\" height=\"600\" srcset=\"https:\/\/olu-limburg.de\/wp-content\/uploads\/2021\/01\/P1060697_ergebnis.jpg 800w, https:\/\/olu-limburg.de\/wp-content\/uploads\/2021\/01\/P1060697_ergebnis-300x225.jpg 300w, https:\/\/olu-limburg.de\/wp-content\/uploads\/2021\/01\/P1060697_ergebnis-768x576.jpg 768w, https:\/\/olu-limburg.de\/wp-content\/uploads\/2021\/01\/P1060697_ergebnis-624x468.jpg 624w\" sizes=\"auto, (max-width: 800px) 100vw, 800px\" \/><\/a><\/p>\n<p>Tagesstrecke: 63 km<\/p>\n<p>&nbsp;<\/p>\n<p><strong>Freitag, 18.09.2020<\/strong><\/p>\n<p>Heute machen wir eine kleine Radtour nach Kampen. Dabei passieren wir den Dorfteich, &#8230;<\/p>\n<p><a href=\"https:\/\/olu-limburg.de\/wp-content\/uploads\/2021\/02\/P1060699_ergebnis.jpg\"><img loading=\"lazy\" decoding=\"async\" class=\"size-full wp-image-24697 aligncenter\" src=\"https:\/\/olu-limburg.de\/wp-content\/uploads\/2021\/02\/P1060699_ergebnis.jpg\" alt=\"\" width=\"800\" height=\"600\" srcset=\"https:\/\/olu-limburg.de\/wp-content\/uploads\/2021\/02\/P1060699_ergebnis.jpg 800w, https:\/\/olu-limburg.de\/wp-content\/uploads\/2021\/02\/P1060699_ergebnis-300x225.jpg 300w, https:\/\/olu-limburg.de\/wp-content\/uploads\/2021\/02\/P1060699_ergebnis-768x576.jpg 768w, https:\/\/olu-limburg.de\/wp-content\/uploads\/2021\/02\/P1060699_ergebnis-624x468.jpg 624w\" sizes=\"auto, (max-width: 800px) 100vw, 800px\" \/><\/a><\/p>\n<p>&#8230; die Friesenkapelle, &#8230;<\/p>\n<p><a href=\"https:\/\/olu-limburg.de\/wp-content\/uploads\/2021\/02\/IMG_20200918_115453_ergebnis.jpg\"><img loading=\"lazy\" decoding=\"async\" class=\"size-full wp-image-24679 aligncenter\" src=\"https:\/\/olu-limburg.de\/wp-content\/uploads\/2021\/02\/IMG_20200918_115453_ergebnis.jpg\" alt=\"\" width=\"800\" height=\"600\" srcset=\"https:\/\/olu-limburg.de\/wp-content\/uploads\/2021\/02\/IMG_20200918_115453_ergebnis.jpg 800w, https:\/\/olu-limburg.de\/wp-content\/uploads\/2021\/02\/IMG_20200918_115453_ergebnis-300x225.jpg 300w, https:\/\/olu-limburg.de\/wp-content\/uploads\/2021\/02\/IMG_20200918_115453_ergebnis-768x576.jpg 768w, https:\/\/olu-limburg.de\/wp-content\/uploads\/2021\/02\/IMG_20200918_115453_ergebnis-624x468.jpg 624w\" sizes=\"auto, (max-width: 800px) 100vw, 800px\" \/><\/a><\/p>\n<p><a href=\"https:\/\/olu-limburg.de\/wp-content\/uploads\/2021\/02\/P1060700_ergebnis.jpg\"><img loading=\"lazy\" decoding=\"async\" class=\"size-full wp-image-24698 aligncenter\" src=\"https:\/\/olu-limburg.de\/wp-content\/uploads\/2021\/02\/P1060700_ergebnis.jpg\" alt=\"\" width=\"800\" height=\"600\" srcset=\"https:\/\/olu-limburg.de\/wp-content\/uploads\/2021\/02\/P1060700_ergebnis.jpg 800w, https:\/\/olu-limburg.de\/wp-content\/uploads\/2021\/02\/P1060700_ergebnis-300x225.jpg 300w, https:\/\/olu-limburg.de\/wp-content\/uploads\/2021\/02\/P1060700_ergebnis-768x576.jpg 768w, https:\/\/olu-limburg.de\/wp-content\/uploads\/2021\/02\/P1060700_ergebnis-624x468.jpg 624w\" sizes=\"auto, (max-width: 800px) 100vw, 800px\" \/><\/a><\/p>\n<p>&#8230; das Steinzeitgrab Denghoog &#8230;<\/p>\n<p><a href=\"https:\/\/olu-limburg.de\/wp-content\/uploads\/2021\/02\/P1060701_ergebnis.jpg\"><img loading=\"lazy\" decoding=\"async\" class=\"size-full wp-image-24699 aligncenter\" src=\"https:\/\/olu-limburg.de\/wp-content\/uploads\/2021\/02\/P1060701_ergebnis.jpg\" alt=\"\" width=\"800\" height=\"600\" srcset=\"https:\/\/olu-limburg.de\/wp-content\/uploads\/2021\/02\/P1060701_ergebnis.jpg 800w, https:\/\/olu-limburg.de\/wp-content\/uploads\/2021\/02\/P1060701_ergebnis-300x225.jpg 300w, https:\/\/olu-limburg.de\/wp-content\/uploads\/2021\/02\/P1060701_ergebnis-768x576.jpg 768w, https:\/\/olu-limburg.de\/wp-content\/uploads\/2021\/02\/P1060701_ergebnis-624x468.jpg 624w\" sizes=\"auto, (max-width: 800px) 100vw, 800px\" \/><\/a><\/p>\n<p>&#8230; und die sonst so belebten Treffpunkte der Promis auf Kampens Str\u00f6mvai, &#8230;<\/p>\n<div id=\"attachment_24701\" style=\"width: 810px\" class=\"wp-caption aligncenter\"><a href=\"https:\/\/olu-limburg.de\/wp-content\/uploads\/2021\/02\/P1060707_ergebnis.jpg\"><img loading=\"lazy\" decoding=\"async\" aria-describedby=\"caption-attachment-24701\" class=\"wp-image-24701 size-full\" src=\"https:\/\/olu-limburg.de\/wp-content\/uploads\/2021\/02\/P1060707_ergebnis.jpg\" alt=\"\" width=\"800\" height=\"600\" srcset=\"https:\/\/olu-limburg.de\/wp-content\/uploads\/2021\/02\/P1060707_ergebnis.jpg 800w, https:\/\/olu-limburg.de\/wp-content\/uploads\/2021\/02\/P1060707_ergebnis-300x225.jpg 300w, https:\/\/olu-limburg.de\/wp-content\/uploads\/2021\/02\/P1060707_ergebnis-768x576.jpg 768w, https:\/\/olu-limburg.de\/wp-content\/uploads\/2021\/02\/P1060707_ergebnis-624x468.jpg 624w\" sizes=\"auto, (max-width: 800px) 100vw, 800px\" \/><\/a><p id=\"caption-attachment-24701\" class=\"wp-caption-text\">Blick auf das &#8222;rote Kliff&#8220;<\/p><\/div>\n<p><a href=\"https:\/\/olu-limburg.de\/wp-content\/uploads\/2021\/02\/P1060704_ergebnis.jpg\"><img loading=\"lazy\" decoding=\"async\" class=\"size-full wp-image-24700 aligncenter\" src=\"https:\/\/olu-limburg.de\/wp-content\/uploads\/2021\/02\/P1060704_ergebnis.jpg\" alt=\"\" width=\"800\" height=\"600\" srcset=\"https:\/\/olu-limburg.de\/wp-content\/uploads\/2021\/02\/P1060704_ergebnis.jpg 800w, https:\/\/olu-limburg.de\/wp-content\/uploads\/2021\/02\/P1060704_ergebnis-300x225.jpg 300w, https:\/\/olu-limburg.de\/wp-content\/uploads\/2021\/02\/P1060704_ergebnis-768x576.jpg 768w, https:\/\/olu-limburg.de\/wp-content\/uploads\/2021\/02\/P1060704_ergebnis-624x468.jpg 624w\" sizes=\"auto, (max-width: 800px) 100vw, 800px\" \/><\/a><\/p>\n<div id=\"attachment_24704\" style=\"width: 810px\" class=\"wp-caption aligncenter\"><a href=\"https:\/\/olu-limburg.de\/wp-content\/uploads\/2021\/02\/P1060708a_ergebnis.jpg\"><img loading=\"lazy\" decoding=\"async\" aria-describedby=\"caption-attachment-24704\" class=\"wp-image-24704 size-full\" src=\"https:\/\/olu-limburg.de\/wp-content\/uploads\/2021\/02\/P1060708a_ergebnis.jpg\" alt=\"\" width=\"800\" height=\"600\" srcset=\"https:\/\/olu-limburg.de\/wp-content\/uploads\/2021\/02\/P1060708a_ergebnis.jpg 800w, https:\/\/olu-limburg.de\/wp-content\/uploads\/2021\/02\/P1060708a_ergebnis-300x225.jpg 300w, https:\/\/olu-limburg.de\/wp-content\/uploads\/2021\/02\/P1060708a_ergebnis-768x576.jpg 768w, https:\/\/olu-limburg.de\/wp-content\/uploads\/2021\/02\/P1060708a_ergebnis-624x468.jpg 624w\" sizes=\"auto, (max-width: 800px) 100vw, 800px\" \/><\/a><p id=\"caption-attachment-24704\" class=\"wp-caption-text\">Zur Zeit kann man keine schicken Autos, nur die Corona-Leere sehen.<\/p><\/div>\n<p><a href=\"https:\/\/olu-limburg.de\/wp-content\/uploads\/2021\/02\/P1060709_ergebnis.jpg\"><img loading=\"lazy\" decoding=\"async\" class=\"size-full wp-image-24703 aligncenter\" src=\"https:\/\/olu-limburg.de\/wp-content\/uploads\/2021\/02\/P1060709_ergebnis.jpg\" alt=\"\" width=\"800\" height=\"600\" srcset=\"https:\/\/olu-limburg.de\/wp-content\/uploads\/2021\/02\/P1060709_ergebnis.jpg 800w, https:\/\/olu-limburg.de\/wp-content\/uploads\/2021\/02\/P1060709_ergebnis-300x225.jpg 300w, https:\/\/olu-limburg.de\/wp-content\/uploads\/2021\/02\/P1060709_ergebnis-768x576.jpg 768w, https:\/\/olu-limburg.de\/wp-content\/uploads\/2021\/02\/P1060709_ergebnis-624x468.jpg 624w\" sizes=\"auto, (max-width: 800px) 100vw, 800px\" \/><\/a><\/p>\n<p>&#8230; bevor wir unser Ziel, das Caf\u00e9 &#8222;Kupferkanne&#8220; erreichen. Hier stehen wir nach der Ankunft zuerst einmal in einer Corona-Schlange an. Hier ist Hochbetrieb und die Besucherzahl ist begrenzt, und es d\u00fcrfen erst wieder G\u00e4ste hinein, wenn sich andere verabschieden.<\/p>\n<p><a href=\"https:\/\/olu-limburg.de\/wp-content\/uploads\/2021\/02\/IMG_20200918_124732_ergebnis.jpg\"><img loading=\"lazy\" decoding=\"async\" class=\"size-full wp-image-24680 aligncenter\" src=\"https:\/\/olu-limburg.de\/wp-content\/uploads\/2021\/02\/IMG_20200918_124732_ergebnis.jpg\" alt=\"\" width=\"800\" height=\"600\" srcset=\"https:\/\/olu-limburg.de\/wp-content\/uploads\/2021\/02\/IMG_20200918_124732_ergebnis.jpg 800w, https:\/\/olu-limburg.de\/wp-content\/uploads\/2021\/02\/IMG_20200918_124732_ergebnis-300x225.jpg 300w, https:\/\/olu-limburg.de\/wp-content\/uploads\/2021\/02\/IMG_20200918_124732_ergebnis-768x576.jpg 768w, https:\/\/olu-limburg.de\/wp-content\/uploads\/2021\/02\/IMG_20200918_124732_ergebnis-624x468.jpg 624w\" sizes=\"auto, (max-width: 800px) 100vw, 800px\" \/><\/a><\/p>\n<p><a href=\"https:\/\/olu-limburg.de\/wp-content\/uploads\/2021\/02\/IMG_20200918_125654_ergebnis-e1612193034884.jpg\"><img loading=\"lazy\" decoding=\"async\" class=\"size-full wp-image-24681 aligncenter\" src=\"https:\/\/olu-limburg.de\/wp-content\/uploads\/2021\/02\/IMG_20200918_125654_ergebnis-e1612193034884.jpg\" alt=\"\" width=\"450\" height=\"600\" \/><\/a><\/p>\n<p><a href=\"https:\/\/olu-limburg.de\/wp-content\/uploads\/2021\/02\/IMG_20200918_130110_ergebnis.jpg\"><img loading=\"lazy\" decoding=\"async\" class=\"size-full wp-image-24683 aligncenter\" src=\"https:\/\/olu-limburg.de\/wp-content\/uploads\/2021\/02\/IMG_20200918_130110_ergebnis.jpg\" alt=\"\" width=\"800\" height=\"600\" srcset=\"https:\/\/olu-limburg.de\/wp-content\/uploads\/2021\/02\/IMG_20200918_130110_ergebnis.jpg 800w, https:\/\/olu-limburg.de\/wp-content\/uploads\/2021\/02\/IMG_20200918_130110_ergebnis-300x225.jpg 300w, https:\/\/olu-limburg.de\/wp-content\/uploads\/2021\/02\/IMG_20200918_130110_ergebnis-768x576.jpg 768w, https:\/\/olu-limburg.de\/wp-content\/uploads\/2021\/02\/IMG_20200918_130110_ergebnis-624x468.jpg 624w\" sizes=\"auto, (max-width: 800px) 100vw, 800px\" \/><\/a><\/p>\n<p>Irgendwann d\u00fcrfen wir auch hinein. F\u00fcr mich ist der Besuch in der &#8222;Kupferkanne&#8220; etwas ganz Neues. Lena war schon w\u00e4hrend ihrer Rehaaufenthalte \u00f6fter hier gewesen und hat mir immer vorgeschw\u00e4rmt.<\/p>\n<p>Gegen Ende des Zweiten Weltkrieges erhielt der Bildhauer G\u00fcnter Rieck, als Oberleutnant der Marine, einen Flakbunker auf Sylt als Quartier zugewiesen. Nach einigen Umbauten hatte er sich dann sein Atelier darin geschaffen. Andere K\u00fcnstlerkollegen kamen zu Besuch und genosssen den Ausblick bei einem Kaffee oder sonstigen Getr\u00e4nken. Aus dem Atelier wurde 1950 das K\u00fcnstlerlokal, die &#8222;Kupferkanne&#8220;. Den gleichen Charme verspr\u00fcht auch noch heute das Caf\u00e9.<\/p>\n<p><a href=\"https:\/\/olu-limburg.de\/wp-content\/uploads\/2021\/02\/IMG_20200918_142158_ergebnis.jpg\"><img loading=\"lazy\" decoding=\"async\" class=\"size-full wp-image-24693 aligncenter\" src=\"https:\/\/olu-limburg.de\/wp-content\/uploads\/2021\/02\/IMG_20200918_142158_ergebnis.jpg\" alt=\"\" width=\"800\" height=\"600\" srcset=\"https:\/\/olu-limburg.de\/wp-content\/uploads\/2021\/02\/IMG_20200918_142158_ergebnis.jpg 800w, https:\/\/olu-limburg.de\/wp-content\/uploads\/2021\/02\/IMG_20200918_142158_ergebnis-300x225.jpg 300w, https:\/\/olu-limburg.de\/wp-content\/uploads\/2021\/02\/IMG_20200918_142158_ergebnis-768x576.jpg 768w, https:\/\/olu-limburg.de\/wp-content\/uploads\/2021\/02\/IMG_20200918_142158_ergebnis-624x468.jpg 624w\" sizes=\"auto, (max-width: 800px) 100vw, 800px\" \/><\/a><\/p>\n<p><a href=\"https:\/\/olu-limburg.de\/wp-content\/uploads\/2021\/02\/IMG_20200918_142246_ergebnis.jpg\"><img loading=\"lazy\" decoding=\"async\" class=\"size-full wp-image-24694 aligncenter\" src=\"https:\/\/olu-limburg.de\/wp-content\/uploads\/2021\/02\/IMG_20200918_142246_ergebnis.jpg\" alt=\"\" width=\"800\" height=\"600\" srcset=\"https:\/\/olu-limburg.de\/wp-content\/uploads\/2021\/02\/IMG_20200918_142246_ergebnis.jpg 800w, https:\/\/olu-limburg.de\/wp-content\/uploads\/2021\/02\/IMG_20200918_142246_ergebnis-300x225.jpg 300w, https:\/\/olu-limburg.de\/wp-content\/uploads\/2021\/02\/IMG_20200918_142246_ergebnis-768x576.jpg 768w, https:\/\/olu-limburg.de\/wp-content\/uploads\/2021\/02\/IMG_20200918_142246_ergebnis-624x468.jpg 624w\" sizes=\"auto, (max-width: 800px) 100vw, 800px\" \/><\/a><\/p>\n<p><a href=\"https:\/\/olu-limburg.de\/wp-content\/uploads\/2021\/02\/IMG_20200918_142342_ergebnis.jpg\"><img loading=\"lazy\" decoding=\"async\" class=\"size-full wp-image-24695 aligncenter\" src=\"https:\/\/olu-limburg.de\/wp-content\/uploads\/2021\/02\/IMG_20200918_142342_ergebnis.jpg\" alt=\"\" width=\"800\" height=\"600\" srcset=\"https:\/\/olu-limburg.de\/wp-content\/uploads\/2021\/02\/IMG_20200918_142342_ergebnis.jpg 800w, https:\/\/olu-limburg.de\/wp-content\/uploads\/2021\/02\/IMG_20200918_142342_ergebnis-300x225.jpg 300w, https:\/\/olu-limburg.de\/wp-content\/uploads\/2021\/02\/IMG_20200918_142342_ergebnis-768x576.jpg 768w, https:\/\/olu-limburg.de\/wp-content\/uploads\/2021\/02\/IMG_20200918_142342_ergebnis-624x468.jpg 624w\" sizes=\"auto, (max-width: 800px) 100vw, 800px\" \/><\/a><\/p>\n<p><a href=\"https:\/\/olu-limburg.de\/wp-content\/uploads\/2021\/02\/IMG_20200918_132203_ergebnis.jpg\"><img loading=\"lazy\" decoding=\"async\" class=\"size-full wp-image-24684 aligncenter\" src=\"https:\/\/olu-limburg.de\/wp-content\/uploads\/2021\/02\/IMG_20200918_132203_ergebnis.jpg\" alt=\"\" width=\"800\" height=\"600\" srcset=\"https:\/\/olu-limburg.de\/wp-content\/uploads\/2021\/02\/IMG_20200918_132203_ergebnis.jpg 800w, https:\/\/olu-limburg.de\/wp-content\/uploads\/2021\/02\/IMG_20200918_132203_ergebnis-300x225.jpg 300w, https:\/\/olu-limburg.de\/wp-content\/uploads\/2021\/02\/IMG_20200918_132203_ergebnis-768x576.jpg 768w, https:\/\/olu-limburg.de\/wp-content\/uploads\/2021\/02\/IMG_20200918_132203_ergebnis-624x468.jpg 624w\" sizes=\"auto, (max-width: 800px) 100vw, 800px\" \/><\/a><\/p>\n<div id=\"attachment_24685\" style=\"width: 810px\" class=\"wp-caption aligncenter\"><a href=\"https:\/\/olu-limburg.de\/wp-content\/uploads\/2021\/02\/IMG_20200918_133439_ergebnis.jpg\"><img loading=\"lazy\" decoding=\"async\" aria-describedby=\"caption-attachment-24685\" class=\"wp-image-24685 size-full\" src=\"https:\/\/olu-limburg.de\/wp-content\/uploads\/2021\/02\/IMG_20200918_133439_ergebnis.jpg\" alt=\"\" width=\"800\" height=\"600\" srcset=\"https:\/\/olu-limburg.de\/wp-content\/uploads\/2021\/02\/IMG_20200918_133439_ergebnis.jpg 800w, https:\/\/olu-limburg.de\/wp-content\/uploads\/2021\/02\/IMG_20200918_133439_ergebnis-300x225.jpg 300w, https:\/\/olu-limburg.de\/wp-content\/uploads\/2021\/02\/IMG_20200918_133439_ergebnis-768x576.jpg 768w, https:\/\/olu-limburg.de\/wp-content\/uploads\/2021\/02\/IMG_20200918_133439_ergebnis-624x468.jpg 624w\" sizes=\"auto, (max-width: 800px) 100vw, 800px\" \/><\/a><p id=\"caption-attachment-24685\" class=\"wp-caption-text\">ein Pharis\u00e4er und ein riesiger Mohnstreusel<\/p><\/div>\n<div id=\"attachment_24723\" style=\"width: 810px\" class=\"wp-caption aligncenter\"><a href=\"https:\/\/olu-limburg.de\/wp-content\/uploads\/2021\/02\/20200918_133511_ergebnis.jpg\"><img loading=\"lazy\" decoding=\"async\" aria-describedby=\"caption-attachment-24723\" class=\"wp-image-24723 size-full\" src=\"https:\/\/olu-limburg.de\/wp-content\/uploads\/2021\/02\/20200918_133511_ergebnis.jpg\" alt=\"\" width=\"800\" height=\"600\" srcset=\"https:\/\/olu-limburg.de\/wp-content\/uploads\/2021\/02\/20200918_133511_ergebnis.jpg 800w, https:\/\/olu-limburg.de\/wp-content\/uploads\/2021\/02\/20200918_133511_ergebnis-300x225.jpg 300w, https:\/\/olu-limburg.de\/wp-content\/uploads\/2021\/02\/20200918_133511_ergebnis-768x576.jpg 768w, https:\/\/olu-limburg.de\/wp-content\/uploads\/2021\/02\/20200918_133511_ergebnis-624x468.jpg 624w\" sizes=\"auto, (max-width: 800px) 100vw, 800px\" \/><\/a><p id=\"caption-attachment-24723\" class=\"wp-caption-text\">Pott Tee von der Hausmischung mit Rhabarberkuchen<\/p><\/div>\n<div id=\"attachment_24722\" style=\"width: 810px\" class=\"wp-caption aligncenter\"><a href=\"https:\/\/olu-limburg.de\/wp-content\/uploads\/2021\/02\/20200918_133113_ergebnis.jpg\"><img loading=\"lazy\" decoding=\"async\" aria-describedby=\"caption-attachment-24722\" class=\"wp-image-24722 size-full\" src=\"https:\/\/olu-limburg.de\/wp-content\/uploads\/2021\/02\/20200918_133113_ergebnis.jpg\" alt=\"\" width=\"800\" height=\"600\" srcset=\"https:\/\/olu-limburg.de\/wp-content\/uploads\/2021\/02\/20200918_133113_ergebnis.jpg 800w, https:\/\/olu-limburg.de\/wp-content\/uploads\/2021\/02\/20200918_133113_ergebnis-300x225.jpg 300w, https:\/\/olu-limburg.de\/wp-content\/uploads\/2021\/02\/20200918_133113_ergebnis-768x576.jpg 768w, https:\/\/olu-limburg.de\/wp-content\/uploads\/2021\/02\/20200918_133113_ergebnis-624x468.jpg 624w\" sizes=\"auto, (max-width: 800px) 100vw, 800px\" \/><\/a><p id=\"caption-attachment-24722\" class=\"wp-caption-text\">Kaffee und Kuchen-ToGo-H\u00fctte mit separatem Eingang<\/p><\/div>\n<p>Ich muss nat\u00fcrlich auch noch einen kleinen Erkundungsspaziergang machen.<\/p>\n<p><a href=\"https:\/\/olu-limburg.de\/wp-content\/uploads\/2021\/02\/IMG_20200918_141834_ergebnis.jpg\"><img loading=\"lazy\" decoding=\"async\" class=\"size-full wp-image-24689 aligncenter\" src=\"https:\/\/olu-limburg.de\/wp-content\/uploads\/2021\/02\/IMG_20200918_141834_ergebnis.jpg\" alt=\"\" width=\"800\" height=\"600\" srcset=\"https:\/\/olu-limburg.de\/wp-content\/uploads\/2021\/02\/IMG_20200918_141834_ergebnis.jpg 800w, https:\/\/olu-limburg.de\/wp-content\/uploads\/2021\/02\/IMG_20200918_141834_ergebnis-300x225.jpg 300w, https:\/\/olu-limburg.de\/wp-content\/uploads\/2021\/02\/IMG_20200918_141834_ergebnis-768x576.jpg 768w, https:\/\/olu-limburg.de\/wp-content\/uploads\/2021\/02\/IMG_20200918_141834_ergebnis-624x468.jpg 624w\" sizes=\"auto, (max-width: 800px) 100vw, 800px\" \/><\/a><\/p>\n<p><a href=\"https:\/\/olu-limburg.de\/wp-content\/uploads\/2021\/02\/IMG_20200918_141717_ergebnis.jpg\"><img loading=\"lazy\" decoding=\"async\" class=\"size-full wp-image-24687 aligncenter\" src=\"https:\/\/olu-limburg.de\/wp-content\/uploads\/2021\/02\/IMG_20200918_141717_ergebnis.jpg\" alt=\"\" width=\"800\" height=\"600\" srcset=\"https:\/\/olu-limburg.de\/wp-content\/uploads\/2021\/02\/IMG_20200918_141717_ergebnis.jpg 800w, https:\/\/olu-limburg.de\/wp-content\/uploads\/2021\/02\/IMG_20200918_141717_ergebnis-300x225.jpg 300w, https:\/\/olu-limburg.de\/wp-content\/uploads\/2021\/02\/IMG_20200918_141717_ergebnis-768x576.jpg 768w, https:\/\/olu-limburg.de\/wp-content\/uploads\/2021\/02\/IMG_20200918_141717_ergebnis-624x468.jpg 624w\" sizes=\"auto, (max-width: 800px) 100vw, 800px\" \/><\/a><\/p>\n<p><a href=\"https:\/\/olu-limburg.de\/wp-content\/uploads\/2021\/02\/IMG_20200918_141756_ergebnis.jpg\"><img loading=\"lazy\" decoding=\"async\" class=\"size-full wp-image-24688 aligncenter\" src=\"https:\/\/olu-limburg.de\/wp-content\/uploads\/2021\/02\/IMG_20200918_141756_ergebnis.jpg\" alt=\"\" width=\"800\" height=\"600\" srcset=\"https:\/\/olu-limburg.de\/wp-content\/uploads\/2021\/02\/IMG_20200918_141756_ergebnis.jpg 800w, https:\/\/olu-limburg.de\/wp-content\/uploads\/2021\/02\/IMG_20200918_141756_ergebnis-300x225.jpg 300w, https:\/\/olu-limburg.de\/wp-content\/uploads\/2021\/02\/IMG_20200918_141756_ergebnis-768x576.jpg 768w, https:\/\/olu-limburg.de\/wp-content\/uploads\/2021\/02\/IMG_20200918_141756_ergebnis-624x468.jpg 624w\" sizes=\"auto, (max-width: 800px) 100vw, 800px\" \/><\/a><\/p>\n<p><a href=\"https:\/\/olu-limburg.de\/wp-content\/uploads\/2021\/02\/IMG_20200918_141906_ergebnis.jpg\"><img loading=\"lazy\" decoding=\"async\" class=\"size-full wp-image-24690 aligncenter\" src=\"https:\/\/olu-limburg.de\/wp-content\/uploads\/2021\/02\/IMG_20200918_141906_ergebnis.jpg\" alt=\"\" width=\"800\" height=\"600\" srcset=\"https:\/\/olu-limburg.de\/wp-content\/uploads\/2021\/02\/IMG_20200918_141906_ergebnis.jpg 800w, https:\/\/olu-limburg.de\/wp-content\/uploads\/2021\/02\/IMG_20200918_141906_ergebnis-300x225.jpg 300w, https:\/\/olu-limburg.de\/wp-content\/uploads\/2021\/02\/IMG_20200918_141906_ergebnis-768x576.jpg 768w, https:\/\/olu-limburg.de\/wp-content\/uploads\/2021\/02\/IMG_20200918_141906_ergebnis-624x468.jpg 624w\" sizes=\"auto, (max-width: 800px) 100vw, 800px\" \/><\/a><\/p>\n<p><a href=\"https:\/\/olu-limburg.de\/wp-content\/uploads\/2021\/02\/IMG_20200918_141945_ergebnis.jpg\"><img loading=\"lazy\" decoding=\"async\" class=\"size-full wp-image-24691 aligncenter\" src=\"https:\/\/olu-limburg.de\/wp-content\/uploads\/2021\/02\/IMG_20200918_141945_ergebnis.jpg\" alt=\"\" width=\"800\" height=\"600\" srcset=\"https:\/\/olu-limburg.de\/wp-content\/uploads\/2021\/02\/IMG_20200918_141945_ergebnis.jpg 800w, https:\/\/olu-limburg.de\/wp-content\/uploads\/2021\/02\/IMG_20200918_141945_ergebnis-300x225.jpg 300w, https:\/\/olu-limburg.de\/wp-content\/uploads\/2021\/02\/IMG_20200918_141945_ergebnis-768x576.jpg 768w, https:\/\/olu-limburg.de\/wp-content\/uploads\/2021\/02\/IMG_20200918_141945_ergebnis-624x468.jpg 624w\" sizes=\"auto, (max-width: 800px) 100vw, 800px\" \/><\/a><\/p>\n<div id=\"attachment_24692\" style=\"width: 810px\" class=\"wp-caption aligncenter\"><a href=\"https:\/\/olu-limburg.de\/wp-content\/uploads\/2021\/02\/IMG_20200918_142127_ergebnis.jpg\"><img loading=\"lazy\" decoding=\"async\" aria-describedby=\"caption-attachment-24692\" class=\"wp-image-24692 size-full\" src=\"https:\/\/olu-limburg.de\/wp-content\/uploads\/2021\/02\/IMG_20200918_142127_ergebnis.jpg\" alt=\"\" width=\"800\" height=\"600\" srcset=\"https:\/\/olu-limburg.de\/wp-content\/uploads\/2021\/02\/IMG_20200918_142127_ergebnis.jpg 800w, https:\/\/olu-limburg.de\/wp-content\/uploads\/2021\/02\/IMG_20200918_142127_ergebnis-300x225.jpg 300w, https:\/\/olu-limburg.de\/wp-content\/uploads\/2021\/02\/IMG_20200918_142127_ergebnis-768x576.jpg 768w, https:\/\/olu-limburg.de\/wp-content\/uploads\/2021\/02\/IMG_20200918_142127_ergebnis-624x468.jpg 624w\" sizes=\"auto, (max-width: 800px) 100vw, 800px\" \/><\/a><p id=\"caption-attachment-24692\" class=\"wp-caption-text\">Das ist zur Zeit der Corona-Ausgang.<\/p><\/div>\n<p><a href=\"https:\/\/olu-limburg.de\/wp-content\/uploads\/2021\/02\/IMG_20200918_141659_ergebnis.jpg\"><img loading=\"lazy\" decoding=\"async\" class=\"size-full wp-image-24686 aligncenter\" src=\"https:\/\/olu-limburg.de\/wp-content\/uploads\/2021\/02\/IMG_20200918_141659_ergebnis.jpg\" alt=\"\" width=\"800\" height=\"600\" srcset=\"https:\/\/olu-limburg.de\/wp-content\/uploads\/2021\/02\/IMG_20200918_141659_ergebnis.jpg 800w, https:\/\/olu-limburg.de\/wp-content\/uploads\/2021\/02\/IMG_20200918_141659_ergebnis-300x225.jpg 300w, https:\/\/olu-limburg.de\/wp-content\/uploads\/2021\/02\/IMG_20200918_141659_ergebnis-768x576.jpg 768w, https:\/\/olu-limburg.de\/wp-content\/uploads\/2021\/02\/IMG_20200918_141659_ergebnis-624x468.jpg 624w\" sizes=\"auto, (max-width: 800px) 100vw, 800px\" \/><\/a><\/p>\n<p><a href=\"https:\/\/olu-limburg.de\/wp-content\/uploads\/2021\/02\/IMG_20200918_142931_ergebnis.jpg\"><img loading=\"lazy\" decoding=\"async\" class=\"size-full wp-image-24696 aligncenter\" src=\"https:\/\/olu-limburg.de\/wp-content\/uploads\/2021\/02\/IMG_20200918_142931_ergebnis.jpg\" alt=\"\" width=\"800\" height=\"600\" srcset=\"https:\/\/olu-limburg.de\/wp-content\/uploads\/2021\/02\/IMG_20200918_142931_ergebnis.jpg 800w, https:\/\/olu-limburg.de\/wp-content\/uploads\/2021\/02\/IMG_20200918_142931_ergebnis-300x225.jpg 300w, https:\/\/olu-limburg.de\/wp-content\/uploads\/2021\/02\/IMG_20200918_142931_ergebnis-768x576.jpg 768w, https:\/\/olu-limburg.de\/wp-content\/uploads\/2021\/02\/IMG_20200918_142931_ergebnis-624x468.jpg 624w\" sizes=\"auto, (max-width: 800px) 100vw, 800px\" \/><\/a><\/p>\n<p>Entlang der Braderuper Heide fahren wir wieder zur\u00fcck. Nach einem kleinen Rechtsschwenk hei\u00dft es beim Golfclub Sylt noch mal die K\u00f6pfe einziehen, um wohlbehalten den Campingplatz in Wenningstedt zu erreichen.<\/p>\n<div id=\"attachment_24715\" style=\"width: 810px\" class=\"wp-caption aligncenter\"><a href=\"https:\/\/olu-limburg.de\/wp-content\/uploads\/2021\/02\/P1060712_ergebnis.jpg\"><img loading=\"lazy\" decoding=\"async\" aria-describedby=\"caption-attachment-24715\" class=\"wp-image-24715 size-full\" src=\"https:\/\/olu-limburg.de\/wp-content\/uploads\/2021\/02\/P1060712_ergebnis.jpg\" alt=\"\" width=\"800\" height=\"600\" srcset=\"https:\/\/olu-limburg.de\/wp-content\/uploads\/2021\/02\/P1060712_ergebnis.jpg 800w, https:\/\/olu-limburg.de\/wp-content\/uploads\/2021\/02\/P1060712_ergebnis-300x225.jpg 300w, https:\/\/olu-limburg.de\/wp-content\/uploads\/2021\/02\/P1060712_ergebnis-768x576.jpg 768w, https:\/\/olu-limburg.de\/wp-content\/uploads\/2021\/02\/P1060712_ergebnis-624x468.jpg 624w\" sizes=\"auto, (max-width: 800px) 100vw, 800px\" \/><\/a><p id=\"caption-attachment-24715\" class=\"wp-caption-text\">Restaurant mit regionaler K\u00fcche in Kampen mit einem jungen Betreiber-Gespann.<\/p><\/div>\n<p><a href=\"https:\/\/olu-limburg.de\/wp-content\/uploads\/2021\/02\/P1060713_ergebnis.jpg\"><img loading=\"lazy\" decoding=\"async\" class=\"size-full wp-image-24716 aligncenter\" src=\"https:\/\/olu-limburg.de\/wp-content\/uploads\/2021\/02\/P1060713_ergebnis.jpg\" alt=\"\" width=\"800\" height=\"600\" srcset=\"https:\/\/olu-limburg.de\/wp-content\/uploads\/2021\/02\/P1060713_ergebnis.jpg 800w, https:\/\/olu-limburg.de\/wp-content\/uploads\/2021\/02\/P1060713_ergebnis-300x225.jpg 300w, https:\/\/olu-limburg.de\/wp-content\/uploads\/2021\/02\/P1060713_ergebnis-768x576.jpg 768w, https:\/\/olu-limburg.de\/wp-content\/uploads\/2021\/02\/P1060713_ergebnis-624x468.jpg 624w\" sizes=\"auto, (max-width: 800px) 100vw, 800px\" \/><\/a><\/p>\n<p><a href=\"https:\/\/olu-limburg.de\/wp-content\/uploads\/2021\/02\/P1060714_ergebnis.jpg\"><img loading=\"lazy\" decoding=\"async\" class=\"size-full wp-image-24717 aligncenter\" src=\"https:\/\/olu-limburg.de\/wp-content\/uploads\/2021\/02\/P1060714_ergebnis.jpg\" alt=\"\" width=\"800\" height=\"600\" srcset=\"https:\/\/olu-limburg.de\/wp-content\/uploads\/2021\/02\/P1060714_ergebnis.jpg 800w, https:\/\/olu-limburg.de\/wp-content\/uploads\/2021\/02\/P1060714_ergebnis-300x225.jpg 300w, https:\/\/olu-limburg.de\/wp-content\/uploads\/2021\/02\/P1060714_ergebnis-768x576.jpg 768w, https:\/\/olu-limburg.de\/wp-content\/uploads\/2021\/02\/P1060714_ergebnis-624x468.jpg 624w\" sizes=\"auto, (max-width: 800px) 100vw, 800px\" \/><\/a><\/p>\n<p><a href=\"https:\/\/olu-limburg.de\/wp-content\/uploads\/2021\/02\/IMG_20200918_145101_BURST002_ergebnis.jpg\"><img loading=\"lazy\" decoding=\"async\" class=\"wp-image-24707 size-full aligncenter\" src=\"https:\/\/olu-limburg.de\/wp-content\/uploads\/2021\/02\/IMG_20200918_145101_BURST002_ergebnis.jpg\" alt=\"\" width=\"800\" height=\"600\" srcset=\"https:\/\/olu-limburg.de\/wp-content\/uploads\/2021\/02\/IMG_20200918_145101_BURST002_ergebnis.jpg 800w, https:\/\/olu-limburg.de\/wp-content\/uploads\/2021\/02\/IMG_20200918_145101_BURST002_ergebnis-300x225.jpg 300w, https:\/\/olu-limburg.de\/wp-content\/uploads\/2021\/02\/IMG_20200918_145101_BURST002_ergebnis-768x576.jpg 768w, https:\/\/olu-limburg.de\/wp-content\/uploads\/2021\/02\/IMG_20200918_145101_BURST002_ergebnis-624x468.jpg 624w\" sizes=\"auto, (max-width: 800px) 100vw, 800px\" \/><\/a><\/p>\n<p><a href=\"https:\/\/olu-limburg.de\/wp-content\/uploads\/2021\/02\/P1060716_ergebnis.jpg\"><img loading=\"lazy\" decoding=\"async\" class=\"size-full wp-image-24718 aligncenter\" src=\"https:\/\/olu-limburg.de\/wp-content\/uploads\/2021\/02\/P1060716_ergebnis.jpg\" alt=\"\" width=\"800\" height=\"600\" srcset=\"https:\/\/olu-limburg.de\/wp-content\/uploads\/2021\/02\/P1060716_ergebnis.jpg 800w, https:\/\/olu-limburg.de\/wp-content\/uploads\/2021\/02\/P1060716_ergebnis-300x225.jpg 300w, https:\/\/olu-limburg.de\/wp-content\/uploads\/2021\/02\/P1060716_ergebnis-768x576.jpg 768w, https:\/\/olu-limburg.de\/wp-content\/uploads\/2021\/02\/P1060716_ergebnis-624x468.jpg 624w\" sizes=\"auto, (max-width: 800px) 100vw, 800px\" \/><\/a><\/p>\n<p>Nach einer ausreichenden Erholungspause beim Wohnmobil gehen wir heute zum Sonnenuntergang an den Strand. F\u00fcr den sch\u00f6nen Anlass greifen wir auf das franz\u00f6sische Blubbergetr\u00e4nk zur\u00fcck, dass wir uns beim Wasserschloss H\u00fclshoff aufgespart haben. Windgesch\u00fctzt genie\u00dfen wir die herrliche Stimmung in einem gem\u00fctlichen Strandkorb.<\/p>\n<p><a href=\"https:\/\/olu-limburg.de\/wp-content\/uploads\/2021\/02\/IMG_20200918_190521_ergebnis-e1612197910352.jpg\"><img loading=\"lazy\" decoding=\"async\" class=\"size-full wp-image-24710 aligncenter\" src=\"https:\/\/olu-limburg.de\/wp-content\/uploads\/2021\/02\/IMG_20200918_190521_ergebnis-e1612197910352.jpg\" alt=\"\" width=\"450\" height=\"600\" \/><\/a><\/p>\n<p><a href=\"https:\/\/olu-limburg.de\/wp-content\/uploads\/2021\/02\/IMG_20200918_190405_ergebnis.jpg\"><img loading=\"lazy\" decoding=\"async\" class=\"size-full wp-image-24709 aligncenter\" src=\"https:\/\/olu-limburg.de\/wp-content\/uploads\/2021\/02\/IMG_20200918_190405_ergebnis.jpg\" alt=\"\" width=\"800\" height=\"600\" srcset=\"https:\/\/olu-limburg.de\/wp-content\/uploads\/2021\/02\/IMG_20200918_190405_ergebnis.jpg 800w, https:\/\/olu-limburg.de\/wp-content\/uploads\/2021\/02\/IMG_20200918_190405_ergebnis-300x225.jpg 300w, https:\/\/olu-limburg.de\/wp-content\/uploads\/2021\/02\/IMG_20200918_190405_ergebnis-768x576.jpg 768w, https:\/\/olu-limburg.de\/wp-content\/uploads\/2021\/02\/IMG_20200918_190405_ergebnis-624x468.jpg 624w\" sizes=\"auto, (max-width: 800px) 100vw, 800px\" \/><\/a><\/p>\n<p><a href=\"https:\/\/olu-limburg.de\/wp-content\/uploads\/2021\/02\/IMG_20200918_192215_ergebnis.jpg\"><img loading=\"lazy\" decoding=\"async\" class=\"size-full wp-image-24711 aligncenter\" src=\"https:\/\/olu-limburg.de\/wp-content\/uploads\/2021\/02\/IMG_20200918_192215_ergebnis.jpg\" alt=\"\" width=\"800\" height=\"600\" srcset=\"https:\/\/olu-limburg.de\/wp-content\/uploads\/2021\/02\/IMG_20200918_192215_ergebnis.jpg 800w, https:\/\/olu-limburg.de\/wp-content\/uploads\/2021\/02\/IMG_20200918_192215_ergebnis-300x225.jpg 300w, https:\/\/olu-limburg.de\/wp-content\/uploads\/2021\/02\/IMG_20200918_192215_ergebnis-768x576.jpg 768w, https:\/\/olu-limburg.de\/wp-content\/uploads\/2021\/02\/IMG_20200918_192215_ergebnis-624x468.jpg 624w\" sizes=\"auto, (max-width: 800px) 100vw, 800px\" \/><\/a><\/p>\n<p><a href=\"https:\/\/olu-limburg.de\/wp-content\/uploads\/2021\/02\/IMG_20200918_192648_ergebnis.jpg\"><img loading=\"lazy\" decoding=\"async\" class=\"wp-image-24712 size-full aligncenter\" src=\"https:\/\/olu-limburg.de\/wp-content\/uploads\/2021\/02\/IMG_20200918_192648_ergebnis.jpg\" alt=\"\" width=\"800\" height=\"600\" srcset=\"https:\/\/olu-limburg.de\/wp-content\/uploads\/2021\/02\/IMG_20200918_192648_ergebnis.jpg 800w, https:\/\/olu-limburg.de\/wp-content\/uploads\/2021\/02\/IMG_20200918_192648_ergebnis-300x225.jpg 300w, https:\/\/olu-limburg.de\/wp-content\/uploads\/2021\/02\/IMG_20200918_192648_ergebnis-768x576.jpg 768w, https:\/\/olu-limburg.de\/wp-content\/uploads\/2021\/02\/IMG_20200918_192648_ergebnis-624x468.jpg 624w\" sizes=\"auto, (max-width: 800px) 100vw, 800px\" \/><\/a><\/p>\n<p><a href=\"https:\/\/olu-limburg.de\/wp-content\/uploads\/2021\/02\/20200918_192027_ergebnis.jpg\"><img loading=\"lazy\" decoding=\"async\" class=\"size-full wp-image-24725 aligncenter\" src=\"https:\/\/olu-limburg.de\/wp-content\/uploads\/2021\/02\/20200918_192027_ergebnis.jpg\" alt=\"\" width=\"800\" height=\"600\" srcset=\"https:\/\/olu-limburg.de\/wp-content\/uploads\/2021\/02\/20200918_192027_ergebnis.jpg 800w, https:\/\/olu-limburg.de\/wp-content\/uploads\/2021\/02\/20200918_192027_ergebnis-300x225.jpg 300w, https:\/\/olu-limburg.de\/wp-content\/uploads\/2021\/02\/20200918_192027_ergebnis-768x576.jpg 768w, https:\/\/olu-limburg.de\/wp-content\/uploads\/2021\/02\/20200918_192027_ergebnis-624x468.jpg 624w\" sizes=\"auto, (max-width: 800px) 100vw, 800px\" \/><\/a><\/p>\n<p><a href=\"https:\/\/olu-limburg.de\/wp-content\/uploads\/2021\/02\/IMG_20200918_193304_ergebnis.jpg\"><img loading=\"lazy\" decoding=\"async\" class=\"size-full wp-image-24713 aligncenter\" src=\"https:\/\/olu-limburg.de\/wp-content\/uploads\/2021\/02\/IMG_20200918_193304_ergebnis.jpg\" alt=\"\" width=\"800\" height=\"600\" srcset=\"https:\/\/olu-limburg.de\/wp-content\/uploads\/2021\/02\/IMG_20200918_193304_ergebnis.jpg 800w, https:\/\/olu-limburg.de\/wp-content\/uploads\/2021\/02\/IMG_20200918_193304_ergebnis-300x225.jpg 300w, https:\/\/olu-limburg.de\/wp-content\/uploads\/2021\/02\/IMG_20200918_193304_ergebnis-768x576.jpg 768w, https:\/\/olu-limburg.de\/wp-content\/uploads\/2021\/02\/IMG_20200918_193304_ergebnis-624x468.jpg 624w\" sizes=\"auto, (max-width: 800px) 100vw, 800px\" \/><\/a><\/p>\n<p>Beim Wohnmobil sorgen wir schnell f\u00fcr den Nachschub von fester Nahrung. Wir haben ja noch so viele frische Krabben.<\/p>\n<p><a href=\"https:\/\/olu-limburg.de\/wp-content\/uploads\/2021\/02\/IMG_20200918_210009_ergebnis.jpg\"><img loading=\"lazy\" decoding=\"async\" class=\"size-full wp-image-24714 aligncenter\" src=\"https:\/\/olu-limburg.de\/wp-content\/uploads\/2021\/02\/IMG_20200918_210009_ergebnis.jpg\" alt=\"\" width=\"800\" height=\"600\" srcset=\"https:\/\/olu-limburg.de\/wp-content\/uploads\/2021\/02\/IMG_20200918_210009_ergebnis.jpg 800w, https:\/\/olu-limburg.de\/wp-content\/uploads\/2021\/02\/IMG_20200918_210009_ergebnis-300x225.jpg 300w, https:\/\/olu-limburg.de\/wp-content\/uploads\/2021\/02\/IMG_20200918_210009_ergebnis-768x576.jpg 768w, https:\/\/olu-limburg.de\/wp-content\/uploads\/2021\/02\/IMG_20200918_210009_ergebnis-624x468.jpg 624w\" sizes=\"auto, (max-width: 800px) 100vw, 800px\" \/><\/a><\/p>\n<p>Tagesstrecke: 0 km<\/p>\n<p>&nbsp;<\/p>\n<p><strong>Samstag, 19.09.2020<\/strong><\/p>\n<p>Heute machen wir einen gem\u00fctlichen Radausflug nach Westerland. Trotzdem geht es in den D\u00fcnen immer mal wieder hoch und runter.<\/p>\n<p>An einem Strandaufgang, Nummer merken, stellen wir unsere Fahrr\u00e4der ab und begeben uns auf die Strandpromenade. Hier sind jetzt wieder mehr Touristen unterwegs. Obwohl es ein Nichts ist gegen die Zeit vor Corona.<\/p>\n<p><a href=\"https:\/\/olu-limburg.de\/wp-content\/uploads\/2021\/02\/P1060732_ergebnis.jpg\"><img loading=\"lazy\" decoding=\"async\" class=\"size-full wp-image-24739 aligncenter\" src=\"https:\/\/olu-limburg.de\/wp-content\/uploads\/2021\/02\/P1060732_ergebnis.jpg\" alt=\"\" width=\"800\" height=\"600\" srcset=\"https:\/\/olu-limburg.de\/wp-content\/uploads\/2021\/02\/P1060732_ergebnis.jpg 800w, https:\/\/olu-limburg.de\/wp-content\/uploads\/2021\/02\/P1060732_ergebnis-300x225.jpg 300w, https:\/\/olu-limburg.de\/wp-content\/uploads\/2021\/02\/P1060732_ergebnis-768x576.jpg 768w, https:\/\/olu-limburg.de\/wp-content\/uploads\/2021\/02\/P1060732_ergebnis-624x468.jpg 624w\" sizes=\"auto, (max-width: 800px) 100vw, 800px\" \/><\/a><\/p>\n<p><a href=\"https:\/\/olu-limburg.de\/wp-content\/uploads\/2021\/02\/P1060728_ergebnis.jpg\"><img loading=\"lazy\" decoding=\"async\" class=\"size-full wp-image-24736 aligncenter\" src=\"https:\/\/olu-limburg.de\/wp-content\/uploads\/2021\/02\/P1060728_ergebnis.jpg\" alt=\"\" width=\"800\" height=\"600\" srcset=\"https:\/\/olu-limburg.de\/wp-content\/uploads\/2021\/02\/P1060728_ergebnis.jpg 800w, https:\/\/olu-limburg.de\/wp-content\/uploads\/2021\/02\/P1060728_ergebnis-300x225.jpg 300w, https:\/\/olu-limburg.de\/wp-content\/uploads\/2021\/02\/P1060728_ergebnis-768x576.jpg 768w, https:\/\/olu-limburg.de\/wp-content\/uploads\/2021\/02\/P1060728_ergebnis-624x468.jpg 624w\" sizes=\"auto, (max-width: 800px) 100vw, 800px\" \/><\/a><\/p>\n<p><a href=\"https:\/\/olu-limburg.de\/wp-content\/uploads\/2021\/02\/P1060726_ergebnis.jpg\"><img loading=\"lazy\" decoding=\"async\" class=\"size-full wp-image-24734 aligncenter\" src=\"https:\/\/olu-limburg.de\/wp-content\/uploads\/2021\/02\/P1060726_ergebnis.jpg\" alt=\"\" width=\"800\" height=\"600\" srcset=\"https:\/\/olu-limburg.de\/wp-content\/uploads\/2021\/02\/P1060726_ergebnis.jpg 800w, https:\/\/olu-limburg.de\/wp-content\/uploads\/2021\/02\/P1060726_ergebnis-300x225.jpg 300w, https:\/\/olu-limburg.de\/wp-content\/uploads\/2021\/02\/P1060726_ergebnis-768x576.jpg 768w, https:\/\/olu-limburg.de\/wp-content\/uploads\/2021\/02\/P1060726_ergebnis-624x468.jpg 624w\" sizes=\"auto, (max-width: 800px) 100vw, 800px\" \/><\/a><\/p>\n<div id=\"attachment_24733\" style=\"width: 460px\" class=\"wp-caption aligncenter\"><a href=\"https:\/\/olu-limburg.de\/wp-content\/uploads\/2021\/02\/P1060725_ergebnis-e1612262555863.jpg\"><img loading=\"lazy\" decoding=\"async\" aria-describedby=\"caption-attachment-24733\" class=\"wp-image-24733 size-full\" src=\"https:\/\/olu-limburg.de\/wp-content\/uploads\/2021\/02\/P1060725_ergebnis-e1612262555863.jpg\" alt=\"\" width=\"450\" height=\"600\" \/><\/a><p id=\"caption-attachment-24733\" class=\"wp-caption-text\">K\u00f6llnflocken-Auslage<\/p><\/div>\n<div id=\"attachment_24731\" style=\"width: 810px\" class=\"wp-caption aligncenter\"><a href=\"https:\/\/olu-limburg.de\/wp-content\/uploads\/2021\/02\/P1060722_ergebnis.jpg\"><img loading=\"lazy\" decoding=\"async\" aria-describedby=\"caption-attachment-24731\" class=\"wp-image-24731 size-full\" src=\"https:\/\/olu-limburg.de\/wp-content\/uploads\/2021\/02\/P1060722_ergebnis.jpg\" alt=\"\" width=\"800\" height=\"600\" srcset=\"https:\/\/olu-limburg.de\/wp-content\/uploads\/2021\/02\/P1060722_ergebnis.jpg 800w, https:\/\/olu-limburg.de\/wp-content\/uploads\/2021\/02\/P1060722_ergebnis-300x225.jpg 300w, https:\/\/olu-limburg.de\/wp-content\/uploads\/2021\/02\/P1060722_ergebnis-768x576.jpg 768w, https:\/\/olu-limburg.de\/wp-content\/uploads\/2021\/02\/P1060722_ergebnis-624x468.jpg 624w\" sizes=\"auto, (max-width: 800px) 100vw, 800px\" \/><\/a><p id=\"caption-attachment-24731\" class=\"wp-caption-text\">Blick auf die Friedrichstra\u00dfe<\/p><\/div>\n<div id=\"attachment_24730\" style=\"width: 460px\" class=\"wp-caption aligncenter\"><a href=\"https:\/\/olu-limburg.de\/wp-content\/uploads\/2021\/02\/P1060721_ergebnis-e1612262602743.jpg\"><img loading=\"lazy\" decoding=\"async\" aria-describedby=\"caption-attachment-24730\" class=\"wp-image-24730 size-full\" src=\"https:\/\/olu-limburg.de\/wp-content\/uploads\/2021\/02\/P1060721_ergebnis-e1612262602743.jpg\" alt=\"\" width=\"450\" height=\"600\" \/><\/a><p id=\"caption-attachment-24730\" class=\"wp-caption-text\">Udo ist \u00fcberall<\/p><\/div>\n<div id=\"attachment_24729\" style=\"width: 460px\" class=\"wp-caption aligncenter\"><a href=\"https:\/\/olu-limburg.de\/wp-content\/uploads\/2021\/02\/P1060719_ergebnis-e1612262635736.jpg\"><img loading=\"lazy\" decoding=\"async\" aria-describedby=\"caption-attachment-24729\" class=\"wp-image-24729 size-full\" src=\"https:\/\/olu-limburg.de\/wp-content\/uploads\/2021\/02\/P1060719_ergebnis-e1612262635736.jpg\" alt=\"\" width=\"450\" height=\"600\" \/><\/a><p id=\"caption-attachment-24729\" class=\"wp-caption-text\">In Husum EUR 7,00\/kg bei der Genossenschaft<\/p><\/div>\n<p>Auf der Suche nach einem Mittagessen ohne Fisch, landen wir beim &#8222;Jugoslawen&#8220; in der Paulstra\u00dfe. Kulinarik geht zwar anders, es war aber eine Abwechslung auf dem Teller.<\/p>\n<div id=\"attachment_24727\" style=\"width: 810px\" class=\"wp-caption aligncenter\"><a href=\"https:\/\/olu-limburg.de\/wp-content\/uploads\/2021\/02\/IMG_20200919_143157_ergebnis.jpg\"><img loading=\"lazy\" decoding=\"async\" aria-describedby=\"caption-attachment-24727\" class=\"wp-image-24727 size-full\" src=\"https:\/\/olu-limburg.de\/wp-content\/uploads\/2021\/02\/IMG_20200919_143157_ergebnis.jpg\" alt=\"\" width=\"800\" height=\"600\" srcset=\"https:\/\/olu-limburg.de\/wp-content\/uploads\/2021\/02\/IMG_20200919_143157_ergebnis.jpg 800w, https:\/\/olu-limburg.de\/wp-content\/uploads\/2021\/02\/IMG_20200919_143157_ergebnis-300x225.jpg 300w, https:\/\/olu-limburg.de\/wp-content\/uploads\/2021\/02\/IMG_20200919_143157_ergebnis-768x576.jpg 768w, https:\/\/olu-limburg.de\/wp-content\/uploads\/2021\/02\/IMG_20200919_143157_ergebnis-624x468.jpg 624w\" sizes=\"auto, (max-width: 800px) 100vw, 800px\" \/><\/a><p id=\"caption-attachment-24727\" class=\"wp-caption-text\">Balkanteller<\/p><\/div>\n<div id=\"attachment_24728\" style=\"width: 810px\" class=\"wp-caption aligncenter\"><a href=\"https:\/\/olu-limburg.de\/wp-content\/uploads\/2021\/02\/IMG_20200919_143204_ergebnis.jpg\"><img loading=\"lazy\" decoding=\"async\" aria-describedby=\"caption-attachment-24728\" class=\"wp-image-24728 size-full\" src=\"https:\/\/olu-limburg.de\/wp-content\/uploads\/2021\/02\/IMG_20200919_143204_ergebnis.jpg\" alt=\"\" width=\"800\" height=\"600\" srcset=\"https:\/\/olu-limburg.de\/wp-content\/uploads\/2021\/02\/IMG_20200919_143204_ergebnis.jpg 800w, https:\/\/olu-limburg.de\/wp-content\/uploads\/2021\/02\/IMG_20200919_143204_ergebnis-300x225.jpg 300w, https:\/\/olu-limburg.de\/wp-content\/uploads\/2021\/02\/IMG_20200919_143204_ergebnis-768x576.jpg 768w, https:\/\/olu-limburg.de\/wp-content\/uploads\/2021\/02\/IMG_20200919_143204_ergebnis-624x468.jpg 624w\" sizes=\"auto, (max-width: 800px) 100vw, 800px\" \/><\/a><p id=\"caption-attachment-24728\" class=\"wp-caption-text\">Lammhaxe<\/p><\/div>\n<p><a href=\"https:\/\/olu-limburg.de\/wp-content\/uploads\/2021\/02\/P1060724_ergebnis.jpg\"><img loading=\"lazy\" decoding=\"async\" class=\"size-full wp-image-24732 aligncenter\" src=\"https:\/\/olu-limburg.de\/wp-content\/uploads\/2021\/02\/P1060724_ergebnis.jpg\" alt=\"\" width=\"800\" height=\"600\" srcset=\"https:\/\/olu-limburg.de\/wp-content\/uploads\/2021\/02\/P1060724_ergebnis.jpg 800w, https:\/\/olu-limburg.de\/wp-content\/uploads\/2021\/02\/P1060724_ergebnis-300x225.jpg 300w, https:\/\/olu-limburg.de\/wp-content\/uploads\/2021\/02\/P1060724_ergebnis-768x576.jpg 768w, https:\/\/olu-limburg.de\/wp-content\/uploads\/2021\/02\/P1060724_ergebnis-624x468.jpg 624w\" sizes=\"auto, (max-width: 800px) 100vw, 800px\" \/><\/a><\/p>\n<div id=\"attachment_24735\" style=\"width: 460px\" class=\"wp-caption aligncenter\"><a href=\"https:\/\/olu-limburg.de\/wp-content\/uploads\/2021\/02\/P1060727_ergebnis-e1612262698553.jpg\"><img loading=\"lazy\" decoding=\"async\" aria-describedby=\"caption-attachment-24735\" class=\"wp-image-24735 size-full\" src=\"https:\/\/olu-limburg.de\/wp-content\/uploads\/2021\/02\/P1060727_ergebnis-e1612262698553.jpg\" alt=\"\" width=\"450\" height=\"600\" \/><\/a><p id=\"caption-attachment-24735\" class=\"wp-caption-text\">so geht&#8217;s auch<\/p><\/div>\n<p><a href=\"https:\/\/olu-limburg.de\/wp-content\/uploads\/2021\/02\/P1060731_ergebnis.jpg\"><img loading=\"lazy\" decoding=\"async\" class=\"size-full wp-image-24738 aligncenter\" src=\"https:\/\/olu-limburg.de\/wp-content\/uploads\/2021\/02\/P1060731_ergebnis.jpg\" alt=\"\" width=\"800\" height=\"600\" srcset=\"https:\/\/olu-limburg.de\/wp-content\/uploads\/2021\/02\/P1060731_ergebnis.jpg 800w, https:\/\/olu-limburg.de\/wp-content\/uploads\/2021\/02\/P1060731_ergebnis-300x225.jpg 300w, https:\/\/olu-limburg.de\/wp-content\/uploads\/2021\/02\/P1060731_ergebnis-768x576.jpg 768w, https:\/\/olu-limburg.de\/wp-content\/uploads\/2021\/02\/P1060731_ergebnis-624x468.jpg 624w\" sizes=\"auto, (max-width: 800px) 100vw, 800px\" \/><\/a><\/p>\n<p><a href=\"https:\/\/olu-limburg.de\/wp-content\/uploads\/2021\/02\/20200919_164234_ergebnis.jpg\"><img loading=\"lazy\" decoding=\"async\" class=\"size-full wp-image-24742 aligncenter\" src=\"https:\/\/olu-limburg.de\/wp-content\/uploads\/2021\/02\/20200919_164234_ergebnis.jpg\" alt=\"\" width=\"800\" height=\"600\" srcset=\"https:\/\/olu-limburg.de\/wp-content\/uploads\/2021\/02\/20200919_164234_ergebnis.jpg 800w, https:\/\/olu-limburg.de\/wp-content\/uploads\/2021\/02\/20200919_164234_ergebnis-300x225.jpg 300w, https:\/\/olu-limburg.de\/wp-content\/uploads\/2021\/02\/20200919_164234_ergebnis-768x576.jpg 768w, https:\/\/olu-limburg.de\/wp-content\/uploads\/2021\/02\/20200919_164234_ergebnis-624x468.jpg 624w\" sizes=\"auto, (max-width: 800px) 100vw, 800px\" \/><\/a><\/p>\n<p>Tagesstrecke: 0 km<\/p>\n<p>&nbsp;<\/p>\n<p><strong>Sonntag, 20.09.2020<\/strong><\/p>\n<p>Den heutigen Ausflug an die Ostseite der Insel nach Munkmarsch und Keitum machen wir mit dem Wohnmobil. \u00dcber Braderup fahren wir zum Hafen beim Hotel &#8222;F\u00e4hrhaus Sylt&#8220;. Hier finden wir noch eine L\u00fccke auf dem Parkstreifen entlang der Stra\u00dfe.<\/p>\n<p><a href=\"https:\/\/olu-limburg.de\/wp-content\/uploads\/2021\/02\/P1060733_ergebnis.jpg\"><img loading=\"lazy\" decoding=\"async\" class=\"size-full wp-image-24745 aligncenter\" src=\"https:\/\/olu-limburg.de\/wp-content\/uploads\/2021\/02\/P1060733_ergebnis.jpg\" alt=\"\" width=\"800\" height=\"600\" srcset=\"https:\/\/olu-limburg.de\/wp-content\/uploads\/2021\/02\/P1060733_ergebnis.jpg 800w, https:\/\/olu-limburg.de\/wp-content\/uploads\/2021\/02\/P1060733_ergebnis-300x225.jpg 300w, https:\/\/olu-limburg.de\/wp-content\/uploads\/2021\/02\/P1060733_ergebnis-768x576.jpg 768w, https:\/\/olu-limburg.de\/wp-content\/uploads\/2021\/02\/P1060733_ergebnis-624x468.jpg 624w\" sizes=\"auto, (max-width: 800px) 100vw, 800px\" \/><\/a><\/p>\n<p>Es ist herrliches Wetter um einen sch\u00f6nen Spaziergang am Wattenmeer entlang zu unternehmen.<\/p>\n<p><a href=\"https:\/\/olu-limburg.de\/wp-content\/uploads\/2021\/02\/P1060736_ergebnis.jpg\"><img loading=\"lazy\" decoding=\"async\" class=\"size-full wp-image-24762 aligncenter\" src=\"https:\/\/olu-limburg.de\/wp-content\/uploads\/2021\/02\/P1060736_ergebnis.jpg\" alt=\"\" width=\"800\" height=\"600\" srcset=\"https:\/\/olu-limburg.de\/wp-content\/uploads\/2021\/02\/P1060736_ergebnis.jpg 800w, https:\/\/olu-limburg.de\/wp-content\/uploads\/2021\/02\/P1060736_ergebnis-300x225.jpg 300w, https:\/\/olu-limburg.de\/wp-content\/uploads\/2021\/02\/P1060736_ergebnis-768x576.jpg 768w, https:\/\/olu-limburg.de\/wp-content\/uploads\/2021\/02\/P1060736_ergebnis-624x468.jpg 624w\" sizes=\"auto, (max-width: 800px) 100vw, 800px\" \/><\/a><\/p>\n<p><a href=\"https:\/\/olu-limburg.de\/wp-content\/uploads\/2021\/02\/P1060737_ergebnis.jpg\"><img loading=\"lazy\" decoding=\"async\" class=\"size-full wp-image-24763 aligncenter\" src=\"https:\/\/olu-limburg.de\/wp-content\/uploads\/2021\/02\/P1060737_ergebnis.jpg\" alt=\"\" width=\"800\" height=\"600\" srcset=\"https:\/\/olu-limburg.de\/wp-content\/uploads\/2021\/02\/P1060737_ergebnis.jpg 800w, https:\/\/olu-limburg.de\/wp-content\/uploads\/2021\/02\/P1060737_ergebnis-300x225.jpg 300w, https:\/\/olu-limburg.de\/wp-content\/uploads\/2021\/02\/P1060737_ergebnis-768x576.jpg 768w, https:\/\/olu-limburg.de\/wp-content\/uploads\/2021\/02\/P1060737_ergebnis-624x468.jpg 624w\" sizes=\"auto, (max-width: 800px) 100vw, 800px\" \/><\/a><\/p>\n<p><a href=\"https:\/\/olu-limburg.de\/wp-content\/uploads\/2021\/02\/P1060738_ergebnis.jpg\"><img loading=\"lazy\" decoding=\"async\" class=\"size-full wp-image-24764 aligncenter\" src=\"https:\/\/olu-limburg.de\/wp-content\/uploads\/2021\/02\/P1060738_ergebnis.jpg\" alt=\"\" width=\"800\" height=\"600\" srcset=\"https:\/\/olu-limburg.de\/wp-content\/uploads\/2021\/02\/P1060738_ergebnis.jpg 800w, https:\/\/olu-limburg.de\/wp-content\/uploads\/2021\/02\/P1060738_ergebnis-300x225.jpg 300w, https:\/\/olu-limburg.de\/wp-content\/uploads\/2021\/02\/P1060738_ergebnis-768x576.jpg 768w, https:\/\/olu-limburg.de\/wp-content\/uploads\/2021\/02\/P1060738_ergebnis-624x468.jpg 624w\" sizes=\"auto, (max-width: 800px) 100vw, 800px\" \/><\/a><\/p>\n<p>Von Munkmarsch sehen wir tolle H\u00e4user auf traumhaften Grundst\u00fccken.<\/p>\n<p><a href=\"https:\/\/olu-limburg.de\/wp-content\/uploads\/2021\/02\/P1060739_ergebnis.jpg\"><img loading=\"lazy\" decoding=\"async\" class=\"size-full wp-image-24765 aligncenter\" src=\"https:\/\/olu-limburg.de\/wp-content\/uploads\/2021\/02\/P1060739_ergebnis.jpg\" alt=\"\" width=\"800\" height=\"600\" srcset=\"https:\/\/olu-limburg.de\/wp-content\/uploads\/2021\/02\/P1060739_ergebnis.jpg 800w, https:\/\/olu-limburg.de\/wp-content\/uploads\/2021\/02\/P1060739_ergebnis-300x225.jpg 300w, https:\/\/olu-limburg.de\/wp-content\/uploads\/2021\/02\/P1060739_ergebnis-768x576.jpg 768w, https:\/\/olu-limburg.de\/wp-content\/uploads\/2021\/02\/P1060739_ergebnis-624x468.jpg 624w\" sizes=\"auto, (max-width: 800px) 100vw, 800px\" \/><\/a><\/p>\n<p><a href=\"https:\/\/olu-limburg.de\/wp-content\/uploads\/2021\/02\/P1060740_ergebnis.jpg\"><img loading=\"lazy\" decoding=\"async\" class=\"size-full wp-image-24766 aligncenter\" src=\"https:\/\/olu-limburg.de\/wp-content\/uploads\/2021\/02\/P1060740_ergebnis.jpg\" alt=\"\" width=\"800\" height=\"600\" srcset=\"https:\/\/olu-limburg.de\/wp-content\/uploads\/2021\/02\/P1060740_ergebnis.jpg 800w, https:\/\/olu-limburg.de\/wp-content\/uploads\/2021\/02\/P1060740_ergebnis-300x225.jpg 300w, https:\/\/olu-limburg.de\/wp-content\/uploads\/2021\/02\/P1060740_ergebnis-768x576.jpg 768w, https:\/\/olu-limburg.de\/wp-content\/uploads\/2021\/02\/P1060740_ergebnis-624x468.jpg 624w\" sizes=\"auto, (max-width: 800px) 100vw, 800px\" \/><\/a><\/p>\n<p><a href=\"https:\/\/olu-limburg.de\/wp-content\/uploads\/2021\/02\/P1060741_ergebnis.jpg\"><img loading=\"lazy\" decoding=\"async\" class=\"size-full wp-image-24767 aligncenter\" src=\"https:\/\/olu-limburg.de\/wp-content\/uploads\/2021\/02\/P1060741_ergebnis.jpg\" alt=\"\" width=\"800\" height=\"600\" srcset=\"https:\/\/olu-limburg.de\/wp-content\/uploads\/2021\/02\/P1060741_ergebnis.jpg 800w, https:\/\/olu-limburg.de\/wp-content\/uploads\/2021\/02\/P1060741_ergebnis-300x225.jpg 300w, https:\/\/olu-limburg.de\/wp-content\/uploads\/2021\/02\/P1060741_ergebnis-768x576.jpg 768w, https:\/\/olu-limburg.de\/wp-content\/uploads\/2021\/02\/P1060741_ergebnis-624x468.jpg 624w\" sizes=\"auto, (max-width: 800px) 100vw, 800px\" \/><\/a><\/p>\n<p><a href=\"https:\/\/olu-limburg.de\/wp-content\/uploads\/2021\/02\/P1060744_ergebnis.jpg\"><img loading=\"lazy\" decoding=\"async\" class=\"size-full wp-image-24768 aligncenter\" src=\"https:\/\/olu-limburg.de\/wp-content\/uploads\/2021\/02\/P1060744_ergebnis.jpg\" alt=\"\" width=\"800\" height=\"600\" srcset=\"https:\/\/olu-limburg.de\/wp-content\/uploads\/2021\/02\/P1060744_ergebnis.jpg 800w, https:\/\/olu-limburg.de\/wp-content\/uploads\/2021\/02\/P1060744_ergebnis-300x225.jpg 300w, https:\/\/olu-limburg.de\/wp-content\/uploads\/2021\/02\/P1060744_ergebnis-768x576.jpg 768w, https:\/\/olu-limburg.de\/wp-content\/uploads\/2021\/02\/P1060744_ergebnis-624x468.jpg 624w\" sizes=\"auto, (max-width: 800px) 100vw, 800px\" \/><\/a><\/p>\n<p><a href=\"https:\/\/olu-limburg.de\/wp-content\/uploads\/2021\/02\/P1060745_ergebnis.jpg\"><img loading=\"lazy\" decoding=\"async\" class=\"size-full wp-image-24769 aligncenter\" src=\"https:\/\/olu-limburg.de\/wp-content\/uploads\/2021\/02\/P1060745_ergebnis.jpg\" alt=\"\" width=\"800\" height=\"600\" srcset=\"https:\/\/olu-limburg.de\/wp-content\/uploads\/2021\/02\/P1060745_ergebnis.jpg 800w, https:\/\/olu-limburg.de\/wp-content\/uploads\/2021\/02\/P1060745_ergebnis-300x225.jpg 300w, https:\/\/olu-limburg.de\/wp-content\/uploads\/2021\/02\/P1060745_ergebnis-768x576.jpg 768w, https:\/\/olu-limburg.de\/wp-content\/uploads\/2021\/02\/P1060745_ergebnis-624x468.jpg 624w\" sizes=\"auto, (max-width: 800px) 100vw, 800px\" \/><\/a><\/p>\n<p><a href=\"https:\/\/olu-limburg.de\/wp-content\/uploads\/2021\/02\/P1060750_ergebnis.jpg\"><img loading=\"lazy\" decoding=\"async\" class=\"size-full wp-image-24770 aligncenter\" src=\"https:\/\/olu-limburg.de\/wp-content\/uploads\/2021\/02\/P1060750_ergebnis.jpg\" alt=\"\" width=\"800\" height=\"600\" srcset=\"https:\/\/olu-limburg.de\/wp-content\/uploads\/2021\/02\/P1060750_ergebnis.jpg 800w, https:\/\/olu-limburg.de\/wp-content\/uploads\/2021\/02\/P1060750_ergebnis-300x225.jpg 300w, https:\/\/olu-limburg.de\/wp-content\/uploads\/2021\/02\/P1060750_ergebnis-768x576.jpg 768w, https:\/\/olu-limburg.de\/wp-content\/uploads\/2021\/02\/P1060750_ergebnis-624x468.jpg 624w\" sizes=\"auto, (max-width: 800px) 100vw, 800px\" \/><\/a><\/p>\n<p>Bei der ein kleines St\u00fcck weiter folgenden Ferienhaussiedlung wechseln wir an die Stra\u00dfe, um die Kirche St. Severin mit dem interessanten Friedhof nicht zu verpassen.<\/p>\n<p>Die Kirche von Keitum aus dem 13. Jhdt. stand lange alleine auf dem flachen Land und ihr Turm diente den Wattschiffern als Landmarke. Auf dem Friedhof sind noch viele alte Grabsteine zu sehen. Au\u00dferdem haben sich einige bekannte Zugezogene hier beerdigen lassen.<\/p>\n<p><a href=\"https:\/\/olu-limburg.de\/wp-content\/uploads\/2021\/02\/P1060751_ergebnis.jpg\"><img loading=\"lazy\" decoding=\"async\" class=\"size-full wp-image-24771 aligncenter\" src=\"https:\/\/olu-limburg.de\/wp-content\/uploads\/2021\/02\/P1060751_ergebnis.jpg\" alt=\"\" width=\"800\" height=\"600\" srcset=\"https:\/\/olu-limburg.de\/wp-content\/uploads\/2021\/02\/P1060751_ergebnis.jpg 800w, https:\/\/olu-limburg.de\/wp-content\/uploads\/2021\/02\/P1060751_ergebnis-300x225.jpg 300w, https:\/\/olu-limburg.de\/wp-content\/uploads\/2021\/02\/P1060751_ergebnis-768x576.jpg 768w, https:\/\/olu-limburg.de\/wp-content\/uploads\/2021\/02\/P1060751_ergebnis-624x468.jpg 624w\" sizes=\"auto, (max-width: 800px) 100vw, 800px\" \/><\/a><\/p>\n<p><a href=\"https:\/\/olu-limburg.de\/wp-content\/uploads\/2021\/02\/P1060754_ergebnis-e1612283155954.jpg\"><img loading=\"lazy\" decoding=\"async\" class=\"size-full wp-image-24773 aligncenter\" src=\"https:\/\/olu-limburg.de\/wp-content\/uploads\/2021\/02\/P1060754_ergebnis-e1612283155954.jpg\" alt=\"\" width=\"450\" height=\"600\" \/><\/a><\/p>\n<p><a href=\"https:\/\/olu-limburg.de\/wp-content\/uploads\/2021\/02\/P1060752_ergebnis.jpg\"><img loading=\"lazy\" decoding=\"async\" class=\"size-full wp-image-24772 aligncenter\" src=\"https:\/\/olu-limburg.de\/wp-content\/uploads\/2021\/02\/P1060752_ergebnis.jpg\" alt=\"\" width=\"800\" height=\"600\" srcset=\"https:\/\/olu-limburg.de\/wp-content\/uploads\/2021\/02\/P1060752_ergebnis.jpg 800w, https:\/\/olu-limburg.de\/wp-content\/uploads\/2021\/02\/P1060752_ergebnis-300x225.jpg 300w, https:\/\/olu-limburg.de\/wp-content\/uploads\/2021\/02\/P1060752_ergebnis-768x576.jpg 768w, https:\/\/olu-limburg.de\/wp-content\/uploads\/2021\/02\/P1060752_ergebnis-624x468.jpg 624w\" sizes=\"auto, (max-width: 800px) 100vw, 800px\" \/><\/a><\/p>\n<p><a href=\"https:\/\/olu-limburg.de\/wp-content\/uploads\/2021\/02\/P1060755_ergebnis.jpg\"><img loading=\"lazy\" decoding=\"async\" class=\"size-full wp-image-24774 aligncenter\" src=\"https:\/\/olu-limburg.de\/wp-content\/uploads\/2021\/02\/P1060755_ergebnis.jpg\" alt=\"\" width=\"800\" height=\"600\" srcset=\"https:\/\/olu-limburg.de\/wp-content\/uploads\/2021\/02\/P1060755_ergebnis.jpg 800w, https:\/\/olu-limburg.de\/wp-content\/uploads\/2021\/02\/P1060755_ergebnis-300x225.jpg 300w, https:\/\/olu-limburg.de\/wp-content\/uploads\/2021\/02\/P1060755_ergebnis-768x576.jpg 768w, https:\/\/olu-limburg.de\/wp-content\/uploads\/2021\/02\/P1060755_ergebnis-624x468.jpg 624w\" sizes=\"auto, (max-width: 800px) 100vw, 800px\" \/><\/a><\/p>\n<p><a href=\"https:\/\/olu-limburg.de\/wp-content\/uploads\/2021\/02\/P1060761_ergebnis-e1612283197144.jpg\"><img loading=\"lazy\" decoding=\"async\" class=\"size-full wp-image-24777 aligncenter\" src=\"https:\/\/olu-limburg.de\/wp-content\/uploads\/2021\/02\/P1060761_ergebnis-e1612283197144.jpg\" alt=\"\" width=\"450\" height=\"600\" \/><\/a><\/p>\n<p><a href=\"https:\/\/olu-limburg.de\/wp-content\/uploads\/2021\/02\/P1060760_ergebnis.jpg\"><img loading=\"lazy\" decoding=\"async\" class=\"size-full wp-image-24776 aligncenter\" src=\"https:\/\/olu-limburg.de\/wp-content\/uploads\/2021\/02\/P1060760_ergebnis.jpg\" alt=\"\" width=\"800\" height=\"600\" srcset=\"https:\/\/olu-limburg.de\/wp-content\/uploads\/2021\/02\/P1060760_ergebnis.jpg 800w, https:\/\/olu-limburg.de\/wp-content\/uploads\/2021\/02\/P1060760_ergebnis-300x225.jpg 300w, https:\/\/olu-limburg.de\/wp-content\/uploads\/2021\/02\/P1060760_ergebnis-768x576.jpg 768w, https:\/\/olu-limburg.de\/wp-content\/uploads\/2021\/02\/P1060760_ergebnis-624x468.jpg 624w\" sizes=\"auto, (max-width: 800px) 100vw, 800px\" \/><\/a><\/p>\n<p><a href=\"https:\/\/olu-limburg.de\/wp-content\/uploads\/2021\/02\/P1060759_ergebnis.jpg\"><img loading=\"lazy\" decoding=\"async\" class=\"size-full wp-image-24775 aligncenter\" src=\"https:\/\/olu-limburg.de\/wp-content\/uploads\/2021\/02\/P1060759_ergebnis.jpg\" alt=\"\" width=\"800\" height=\"600\" srcset=\"https:\/\/olu-limburg.de\/wp-content\/uploads\/2021\/02\/P1060759_ergebnis.jpg 800w, https:\/\/olu-limburg.de\/wp-content\/uploads\/2021\/02\/P1060759_ergebnis-300x225.jpg 300w, https:\/\/olu-limburg.de\/wp-content\/uploads\/2021\/02\/P1060759_ergebnis-768x576.jpg 768w, https:\/\/olu-limburg.de\/wp-content\/uploads\/2021\/02\/P1060759_ergebnis-624x468.jpg 624w\" sizes=\"auto, (max-width: 800px) 100vw, 800px\" \/><\/a><\/p>\n<p>Auf dem Gebiet des heutigen Keitum ist um 1462 eine Siedlung mit Namen Heitum urkundlich erw\u00e4hnt. Im 17. und 18. Jhdt. entstanden dann viele der sch\u00f6nen alten Friesenh\u00e4user als Altersruhesitze wohlhabender Kapit\u00e4ne.<\/p>\n<p><a href=\"https:\/\/olu-limburg.de\/wp-content\/uploads\/2021\/02\/P1060763_ergebnis.jpg\"><img loading=\"lazy\" decoding=\"async\" class=\"size-full wp-image-24778 aligncenter\" src=\"https:\/\/olu-limburg.de\/wp-content\/uploads\/2021\/02\/P1060763_ergebnis.jpg\" alt=\"\" width=\"800\" height=\"600\" srcset=\"https:\/\/olu-limburg.de\/wp-content\/uploads\/2021\/02\/P1060763_ergebnis.jpg 800w, https:\/\/olu-limburg.de\/wp-content\/uploads\/2021\/02\/P1060763_ergebnis-300x225.jpg 300w, https:\/\/olu-limburg.de\/wp-content\/uploads\/2021\/02\/P1060763_ergebnis-768x576.jpg 768w, https:\/\/olu-limburg.de\/wp-content\/uploads\/2021\/02\/P1060763_ergebnis-624x468.jpg 624w\" sizes=\"auto, (max-width: 800px) 100vw, 800px\" \/><\/a><\/p>\n<p><a href=\"https:\/\/olu-limburg.de\/wp-content\/uploads\/2021\/02\/P1060764_ergebnis.jpg\"><img loading=\"lazy\" decoding=\"async\" class=\"size-full wp-image-24779 aligncenter\" src=\"https:\/\/olu-limburg.de\/wp-content\/uploads\/2021\/02\/P1060764_ergebnis.jpg\" alt=\"\" width=\"800\" height=\"600\" srcset=\"https:\/\/olu-limburg.de\/wp-content\/uploads\/2021\/02\/P1060764_ergebnis.jpg 800w, https:\/\/olu-limburg.de\/wp-content\/uploads\/2021\/02\/P1060764_ergebnis-300x225.jpg 300w, https:\/\/olu-limburg.de\/wp-content\/uploads\/2021\/02\/P1060764_ergebnis-768x576.jpg 768w, https:\/\/olu-limburg.de\/wp-content\/uploads\/2021\/02\/P1060764_ergebnis-624x468.jpg 624w\" sizes=\"auto, (max-width: 800px) 100vw, 800px\" \/><\/a><\/p>\n<p><a href=\"https:\/\/olu-limburg.de\/wp-content\/uploads\/2021\/02\/P1060765_ergebnis.jpg\"><img loading=\"lazy\" decoding=\"async\" class=\"size-full wp-image-24780 aligncenter\" src=\"https:\/\/olu-limburg.de\/wp-content\/uploads\/2021\/02\/P1060765_ergebnis.jpg\" alt=\"\" width=\"800\" height=\"600\" srcset=\"https:\/\/olu-limburg.de\/wp-content\/uploads\/2021\/02\/P1060765_ergebnis.jpg 800w, https:\/\/olu-limburg.de\/wp-content\/uploads\/2021\/02\/P1060765_ergebnis-300x225.jpg 300w, https:\/\/olu-limburg.de\/wp-content\/uploads\/2021\/02\/P1060765_ergebnis-768x576.jpg 768w, https:\/\/olu-limburg.de\/wp-content\/uploads\/2021\/02\/P1060765_ergebnis-624x468.jpg 624w\" sizes=\"auto, (max-width: 800px) 100vw, 800px\" \/><\/a><\/p>\n<p><a href=\"https:\/\/olu-limburg.de\/wp-content\/uploads\/2021\/02\/P1060766_ergebnis.jpg\"><img loading=\"lazy\" decoding=\"async\" class=\"size-full wp-image-24781 aligncenter\" src=\"https:\/\/olu-limburg.de\/wp-content\/uploads\/2021\/02\/P1060766_ergebnis.jpg\" alt=\"\" width=\"800\" height=\"600\" srcset=\"https:\/\/olu-limburg.de\/wp-content\/uploads\/2021\/02\/P1060766_ergebnis.jpg 800w, https:\/\/olu-limburg.de\/wp-content\/uploads\/2021\/02\/P1060766_ergebnis-300x225.jpg 300w, https:\/\/olu-limburg.de\/wp-content\/uploads\/2021\/02\/P1060766_ergebnis-768x576.jpg 768w, https:\/\/olu-limburg.de\/wp-content\/uploads\/2021\/02\/P1060766_ergebnis-624x468.jpg 624w\" sizes=\"auto, (max-width: 800px) 100vw, 800px\" \/><\/a><\/p>\n<p><a href=\"https:\/\/olu-limburg.de\/wp-content\/uploads\/2021\/02\/P1060767_ergebnis.jpg\"><img loading=\"lazy\" decoding=\"async\" class=\"size-full wp-image-24782 aligncenter\" src=\"https:\/\/olu-limburg.de\/wp-content\/uploads\/2021\/02\/P1060767_ergebnis.jpg\" alt=\"\" width=\"800\" height=\"600\" srcset=\"https:\/\/olu-limburg.de\/wp-content\/uploads\/2021\/02\/P1060767_ergebnis.jpg 800w, https:\/\/olu-limburg.de\/wp-content\/uploads\/2021\/02\/P1060767_ergebnis-300x225.jpg 300w, https:\/\/olu-limburg.de\/wp-content\/uploads\/2021\/02\/P1060767_ergebnis-768x576.jpg 768w, https:\/\/olu-limburg.de\/wp-content\/uploads\/2021\/02\/P1060767_ergebnis-624x468.jpg 624w\" sizes=\"auto, (max-width: 800px) 100vw, 800px\" \/><\/a><\/p>\n<div id=\"attachment_24783\" style=\"width: 460px\" class=\"wp-caption aligncenter\"><a href=\"https:\/\/olu-limburg.de\/wp-content\/uploads\/2021\/02\/P1060768_ergebnis-e1612284869164.jpg\"><img loading=\"lazy\" decoding=\"async\" aria-describedby=\"caption-attachment-24783\" class=\"wp-image-24783 size-full\" src=\"https:\/\/olu-limburg.de\/wp-content\/uploads\/2021\/02\/P1060768_ergebnis-e1612284869164.jpg\" alt=\"\" width=\"450\" height=\"600\" \/><\/a><p id=\"caption-attachment-24783\" class=\"wp-caption-text\">Triumpfbogen des Sylter Heimatmuseum aus den Kieferknochen eines Wals<\/p><\/div>\n<div id=\"attachment_24784\" style=\"width: 810px\" class=\"wp-caption aligncenter\"><a href=\"https:\/\/olu-limburg.de\/wp-content\/uploads\/2021\/02\/P1060769_ergebnis.jpg\"><img loading=\"lazy\" decoding=\"async\" aria-describedby=\"caption-attachment-24784\" class=\"wp-image-24784 size-full\" src=\"https:\/\/olu-limburg.de\/wp-content\/uploads\/2021\/02\/P1060769_ergebnis.jpg\" alt=\"\" width=\"800\" height=\"600\" srcset=\"https:\/\/olu-limburg.de\/wp-content\/uploads\/2021\/02\/P1060769_ergebnis.jpg 800w, https:\/\/olu-limburg.de\/wp-content\/uploads\/2021\/02\/P1060769_ergebnis-300x225.jpg 300w, https:\/\/olu-limburg.de\/wp-content\/uploads\/2021\/02\/P1060769_ergebnis-768x576.jpg 768w, https:\/\/olu-limburg.de\/wp-content\/uploads\/2021\/02\/P1060769_ergebnis-624x468.jpg 624w\" sizes=\"auto, (max-width: 800px) 100vw, 800px\" \/><\/a><p id=\"caption-attachment-24784\" class=\"wp-caption-text\">Sylter Heimatmuseum<\/p><\/div>\n<div id=\"attachment_24785\" style=\"width: 810px\" class=\"wp-caption aligncenter\"><a href=\"https:\/\/olu-limburg.de\/wp-content\/uploads\/2021\/02\/P1060770_ergebnis_ergebnis.jpg\"><img loading=\"lazy\" decoding=\"async\" aria-describedby=\"caption-attachment-24785\" class=\"wp-image-24785 size-full\" src=\"https:\/\/olu-limburg.de\/wp-content\/uploads\/2021\/02\/P1060770_ergebnis_ergebnis.jpg\" alt=\"\" width=\"800\" height=\"600\" srcset=\"https:\/\/olu-limburg.de\/wp-content\/uploads\/2021\/02\/P1060770_ergebnis_ergebnis.jpg 800w, https:\/\/olu-limburg.de\/wp-content\/uploads\/2021\/02\/P1060770_ergebnis_ergebnis-300x225.jpg 300w, https:\/\/olu-limburg.de\/wp-content\/uploads\/2021\/02\/P1060770_ergebnis_ergebnis-768x576.jpg 768w, https:\/\/olu-limburg.de\/wp-content\/uploads\/2021\/02\/P1060770_ergebnis_ergebnis-624x468.jpg 624w\" sizes=\"auto, (max-width: 800px) 100vw, 800px\" \/><\/a><p id=\"caption-attachment-24785\" class=\"wp-caption-text\">Skelettteile eines Wals<\/p><\/div>\n<p>Um unseren Hunger zu stillen haben wir einige Stra\u00dfen abgegrast, und sind dann doch dort gelandet, wo wir bereits am Anfang davor standen, bei der &#8222;Kleinen K\u00fcchenkate&#8220;.<\/p>\n<p><a href=\"https:\/\/olu-limburg.de\/wp-content\/uploads\/2021\/02\/P1060772_ergebnis.jpg\"><img loading=\"lazy\" decoding=\"async\" class=\"size-full wp-image-24786 aligncenter\" src=\"https:\/\/olu-limburg.de\/wp-content\/uploads\/2021\/02\/P1060772_ergebnis.jpg\" alt=\"\" width=\"800\" height=\"600\" srcset=\"https:\/\/olu-limburg.de\/wp-content\/uploads\/2021\/02\/P1060772_ergebnis.jpg 800w, https:\/\/olu-limburg.de\/wp-content\/uploads\/2021\/02\/P1060772_ergebnis-300x225.jpg 300w, https:\/\/olu-limburg.de\/wp-content\/uploads\/2021\/02\/P1060772_ergebnis-768x576.jpg 768w, https:\/\/olu-limburg.de\/wp-content\/uploads\/2021\/02\/P1060772_ergebnis-624x468.jpg 624w\" sizes=\"auto, (max-width: 800px) 100vw, 800px\" \/><\/a><\/p>\n<div id=\"attachment_24788\" style=\"width: 610px\" class=\"wp-caption aligncenter\"><a href=\"https:\/\/olu-limburg.de\/wp-content\/uploads\/2021\/02\/IMG_20200920_143202_ergebnis-e1612284948718.jpg\"><img loading=\"lazy\" decoding=\"async\" aria-describedby=\"caption-attachment-24788\" class=\"wp-image-24788 size-full\" src=\"https:\/\/olu-limburg.de\/wp-content\/uploads\/2021\/02\/IMG_20200920_143202_ergebnis-e1612285001348.jpg\" alt=\"\" width=\"600\" height=\"450\" srcset=\"https:\/\/olu-limburg.de\/wp-content\/uploads\/2021\/02\/IMG_20200920_143202_ergebnis-e1612285001348.jpg 600w, https:\/\/olu-limburg.de\/wp-content\/uploads\/2021\/02\/IMG_20200920_143202_ergebnis-e1612285001348-300x225.jpg 300w\" sizes=\"auto, (max-width: 600px) 100vw, 600px\" \/><\/a><p id=\"caption-attachment-24788\" class=\"wp-caption-text\">Holsteiner Schnitzel<\/p><\/div>\n<div id=\"attachment_24790\" style=\"width: 810px\" class=\"wp-caption aligncenter\"><a href=\"https:\/\/olu-limburg.de\/wp-content\/uploads\/2021\/02\/20200920_143344_ergebnis.jpg\"><img loading=\"lazy\" decoding=\"async\" aria-describedby=\"caption-attachment-24790\" class=\"wp-image-24790 size-full\" src=\"https:\/\/olu-limburg.de\/wp-content\/uploads\/2021\/02\/20200920_143344_ergebnis.jpg\" alt=\"\" width=\"800\" height=\"600\" srcset=\"https:\/\/olu-limburg.de\/wp-content\/uploads\/2021\/02\/20200920_143344_ergebnis.jpg 800w, https:\/\/olu-limburg.de\/wp-content\/uploads\/2021\/02\/20200920_143344_ergebnis-300x225.jpg 300w, https:\/\/olu-limburg.de\/wp-content\/uploads\/2021\/02\/20200920_143344_ergebnis-768x576.jpg 768w, https:\/\/olu-limburg.de\/wp-content\/uploads\/2021\/02\/20200920_143344_ergebnis-624x468.jpg 624w\" sizes=\"auto, (max-width: 800px) 100vw, 800px\" \/><\/a><p id=\"caption-attachment-24790\" class=\"wp-caption-text\">Schafsk\u00e4se-Salat<\/p><\/div>\n<p>Den restlichen Tag lassen wir ganz gem\u00fctlich bei unserem Wohnmobil ausklingen, denn morgen &#8222;geht&#8220; es wieder aufs Festland.<\/p>\n<p>Tagesstrecke: 15 km<\/p>\n<p>&nbsp;<\/p>\n<p><strong>Montag, 21.09.2020<\/strong><\/p>\n<p>Bis 11.00 Uhr m\u00fcssen wir unsere Parzelle verlassen und bezahlt haben. Die Begrenzungsschilder f\u00fcr die Ausrichtung des n\u00e4chsten Wohnmobils werden schon wieder in den Boden gerammt.<\/p>\n<p>Nach allen notwendigen Ver- und Entsorgungsarbeiten fahren wir schon mal nach List. Das Wohnmobil stellen wir auf dem gro\u00dfen Parkplatz vor dem Hafen ab, und begeben uns in das Restaurantviertel am Hafen. Die eine Seite wird fast vollst\u00e4ndig von Gosch belegt. Wie \u00fcberall, geht auch hier ohne Anmeldung und Registrierung gar nichts.<\/p>\n<div id=\"attachment_24792\" style=\"width: 810px\" class=\"wp-caption aligncenter\"><a href=\"https:\/\/olu-limburg.de\/wp-content\/uploads\/2021\/02\/IMG_20200921_130436_ergebnis.jpg\"><img loading=\"lazy\" decoding=\"async\" aria-describedby=\"caption-attachment-24792\" class=\"wp-image-24792 size-full\" src=\"https:\/\/olu-limburg.de\/wp-content\/uploads\/2021\/02\/IMG_20200921_130436_ergebnis.jpg\" alt=\"\" width=\"800\" height=\"600\" srcset=\"https:\/\/olu-limburg.de\/wp-content\/uploads\/2021\/02\/IMG_20200921_130436_ergebnis.jpg 800w, https:\/\/olu-limburg.de\/wp-content\/uploads\/2021\/02\/IMG_20200921_130436_ergebnis-300x225.jpg 300w, https:\/\/olu-limburg.de\/wp-content\/uploads\/2021\/02\/IMG_20200921_130436_ergebnis-768x576.jpg 768w, https:\/\/olu-limburg.de\/wp-content\/uploads\/2021\/02\/IMG_20200921_130436_ergebnis-624x468.jpg 624w\" sizes=\"auto, (max-width: 800px) 100vw, 800px\" \/><\/a><p id=\"caption-attachment-24792\" class=\"wp-caption-text\">eine F\u00e4hre kommt wieder rein<\/p><\/div>\n<p><a href=\"https:\/\/olu-limburg.de\/wp-content\/uploads\/2021\/02\/IMG_20200921_131403_ergebnis.jpg\"><img loading=\"lazy\" decoding=\"async\" class=\"size-full wp-image-24793 aligncenter\" src=\"https:\/\/olu-limburg.de\/wp-content\/uploads\/2021\/02\/IMG_20200921_131403_ergebnis.jpg\" alt=\"\" width=\"800\" height=\"600\" srcset=\"https:\/\/olu-limburg.de\/wp-content\/uploads\/2021\/02\/IMG_20200921_131403_ergebnis.jpg 800w, https:\/\/olu-limburg.de\/wp-content\/uploads\/2021\/02\/IMG_20200921_131403_ergebnis-300x225.jpg 300w, https:\/\/olu-limburg.de\/wp-content\/uploads\/2021\/02\/IMG_20200921_131403_ergebnis-768x576.jpg 768w, https:\/\/olu-limburg.de\/wp-content\/uploads\/2021\/02\/IMG_20200921_131403_ergebnis-624x468.jpg 624w\" sizes=\"auto, (max-width: 800px) 100vw, 800px\" \/><\/a><\/p>\n<p><a href=\"https:\/\/olu-limburg.de\/wp-content\/uploads\/2021\/02\/IMG_20200921_131537_ergebnis.jpg\"><img loading=\"lazy\" decoding=\"async\" class=\"size-full wp-image-24794 aligncenter\" src=\"https:\/\/olu-limburg.de\/wp-content\/uploads\/2021\/02\/IMG_20200921_131537_ergebnis.jpg\" alt=\"\" width=\"800\" height=\"600\" srcset=\"https:\/\/olu-limburg.de\/wp-content\/uploads\/2021\/02\/IMG_20200921_131537_ergebnis.jpg 800w, https:\/\/olu-limburg.de\/wp-content\/uploads\/2021\/02\/IMG_20200921_131537_ergebnis-300x225.jpg 300w, https:\/\/olu-limburg.de\/wp-content\/uploads\/2021\/02\/IMG_20200921_131537_ergebnis-768x576.jpg 768w, https:\/\/olu-limburg.de\/wp-content\/uploads\/2021\/02\/IMG_20200921_131537_ergebnis-624x468.jpg 624w\" sizes=\"auto, (max-width: 800px) 100vw, 800px\" \/><\/a><\/p>\n<p><a href=\"https:\/\/olu-limburg.de\/wp-content\/uploads\/2021\/02\/IMG_20200921_131723_ergebnis.jpg\"><img loading=\"lazy\" decoding=\"async\" class=\"size-full wp-image-24796 aligncenter\" src=\"https:\/\/olu-limburg.de\/wp-content\/uploads\/2021\/02\/IMG_20200921_131723_ergebnis.jpg\" alt=\"\" width=\"800\" height=\"600\" srcset=\"https:\/\/olu-limburg.de\/wp-content\/uploads\/2021\/02\/IMG_20200921_131723_ergebnis.jpg 800w, https:\/\/olu-limburg.de\/wp-content\/uploads\/2021\/02\/IMG_20200921_131723_ergebnis-300x225.jpg 300w, https:\/\/olu-limburg.de\/wp-content\/uploads\/2021\/02\/IMG_20200921_131723_ergebnis-768x576.jpg 768w, https:\/\/olu-limburg.de\/wp-content\/uploads\/2021\/02\/IMG_20200921_131723_ergebnis-624x468.jpg 624w\" sizes=\"auto, (max-width: 800px) 100vw, 800px\" \/><\/a><\/p>\n<p><a href=\"https:\/\/olu-limburg.de\/wp-content\/uploads\/2021\/02\/IMG_20200921_131716_ergebnis.jpg\"><img loading=\"lazy\" decoding=\"async\" class=\"size-full wp-image-24795 aligncenter\" src=\"https:\/\/olu-limburg.de\/wp-content\/uploads\/2021\/02\/IMG_20200921_131716_ergebnis.jpg\" alt=\"\" width=\"800\" height=\"600\" srcset=\"https:\/\/olu-limburg.de\/wp-content\/uploads\/2021\/02\/IMG_20200921_131716_ergebnis.jpg 800w, https:\/\/olu-limburg.de\/wp-content\/uploads\/2021\/02\/IMG_20200921_131716_ergebnis-300x225.jpg 300w, https:\/\/olu-limburg.de\/wp-content\/uploads\/2021\/02\/IMG_20200921_131716_ergebnis-768x576.jpg 768w, https:\/\/olu-limburg.de\/wp-content\/uploads\/2021\/02\/IMG_20200921_131716_ergebnis-624x468.jpg 624w\" sizes=\"auto, (max-width: 800px) 100vw, 800px\" \/><\/a><\/p>\n<p>Wir haben uns einen Schattenplatz geben lassen, denn in der Sonne ist es nicht auszuhalten.<\/p>\n<p><a href=\"https:\/\/olu-limburg.de\/wp-content\/uploads\/2021\/02\/IMG_20200921_132627_ergebnis.jpg\"><img loading=\"lazy\" decoding=\"async\" class=\"size-full wp-image-24797 aligncenter\" src=\"https:\/\/olu-limburg.de\/wp-content\/uploads\/2021\/02\/IMG_20200921_132627_ergebnis.jpg\" alt=\"\" width=\"800\" height=\"600\" srcset=\"https:\/\/olu-limburg.de\/wp-content\/uploads\/2021\/02\/IMG_20200921_132627_ergebnis.jpg 800w, https:\/\/olu-limburg.de\/wp-content\/uploads\/2021\/02\/IMG_20200921_132627_ergebnis-300x225.jpg 300w, https:\/\/olu-limburg.de\/wp-content\/uploads\/2021\/02\/IMG_20200921_132627_ergebnis-768x576.jpg 768w, https:\/\/olu-limburg.de\/wp-content\/uploads\/2021\/02\/IMG_20200921_132627_ergebnis-624x468.jpg 624w\" sizes=\"auto, (max-width: 800px) 100vw, 800px\" \/><\/a><\/p>\n<p><a href=\"https:\/\/olu-limburg.de\/wp-content\/uploads\/2021\/02\/20200921_133620_ergebnis.jpg\"><img loading=\"lazy\" decoding=\"async\" class=\"size-full wp-image-24807 aligncenter\" src=\"https:\/\/olu-limburg.de\/wp-content\/uploads\/2021\/02\/20200921_133620_ergebnis.jpg\" alt=\"\" width=\"800\" height=\"600\" srcset=\"https:\/\/olu-limburg.de\/wp-content\/uploads\/2021\/02\/20200921_133620_ergebnis.jpg 800w, https:\/\/olu-limburg.de\/wp-content\/uploads\/2021\/02\/20200921_133620_ergebnis-300x225.jpg 300w, https:\/\/olu-limburg.de\/wp-content\/uploads\/2021\/02\/20200921_133620_ergebnis-768x576.jpg 768w, https:\/\/olu-limburg.de\/wp-content\/uploads\/2021\/02\/20200921_133620_ergebnis-624x468.jpg 624w\" sizes=\"auto, (max-width: 800px) 100vw, 800px\" \/><\/a><\/p>\n<div id=\"attachment_24798\" style=\"width: 810px\" class=\"wp-caption aligncenter\"><a href=\"https:\/\/olu-limburg.de\/wp-content\/uploads\/2021\/02\/IMG_20200921_135209_ergebnis.jpg\"><img loading=\"lazy\" decoding=\"async\" aria-describedby=\"caption-attachment-24798\" class=\"wp-image-24798 size-full\" src=\"https:\/\/olu-limburg.de\/wp-content\/uploads\/2021\/02\/IMG_20200921_135209_ergebnis.jpg\" alt=\"\" width=\"800\" height=\"600\" srcset=\"https:\/\/olu-limburg.de\/wp-content\/uploads\/2021\/02\/IMG_20200921_135209_ergebnis.jpg 800w, https:\/\/olu-limburg.de\/wp-content\/uploads\/2021\/02\/IMG_20200921_135209_ergebnis-300x225.jpg 300w, https:\/\/olu-limburg.de\/wp-content\/uploads\/2021\/02\/IMG_20200921_135209_ergebnis-768x576.jpg 768w, https:\/\/olu-limburg.de\/wp-content\/uploads\/2021\/02\/IMG_20200921_135209_ergebnis-624x468.jpg 624w\" sizes=\"auto, (max-width: 800px) 100vw, 800px\" \/><\/a><p id=\"caption-attachment-24798\" class=\"wp-caption-text\">Mixgrillteller<\/p><\/div>\n<div id=\"attachment_24799\" style=\"width: 810px\" class=\"wp-caption aligncenter\"><a href=\"https:\/\/olu-limburg.de\/wp-content\/uploads\/2021\/02\/IMG_20200921_135222_ergebnis.jpg\"><img loading=\"lazy\" decoding=\"async\" aria-describedby=\"caption-attachment-24799\" class=\"wp-image-24799 size-full\" src=\"https:\/\/olu-limburg.de\/wp-content\/uploads\/2021\/02\/IMG_20200921_135222_ergebnis.jpg\" alt=\"\" width=\"800\" height=\"600\" srcset=\"https:\/\/olu-limburg.de\/wp-content\/uploads\/2021\/02\/IMG_20200921_135222_ergebnis.jpg 800w, https:\/\/olu-limburg.de\/wp-content\/uploads\/2021\/02\/IMG_20200921_135222_ergebnis-300x225.jpg 300w, https:\/\/olu-limburg.de\/wp-content\/uploads\/2021\/02\/IMG_20200921_135222_ergebnis-768x576.jpg 768w, https:\/\/olu-limburg.de\/wp-content\/uploads\/2021\/02\/IMG_20200921_135222_ergebnis-624x468.jpg 624w\" sizes=\"auto, (max-width: 800px) 100vw, 800px\" \/><\/a><p id=\"caption-attachment-24799\" class=\"wp-caption-text\">Penne mit Pesto und Lachs<\/p><\/div>\n<p>Sonne genie\u00dfen und Schiffchen gucken!<\/p>\n<p><a href=\"https:\/\/olu-limburg.de\/wp-content\/uploads\/2021\/02\/IMG_20200921_144610_ergebnis.jpg\"><img loading=\"lazy\" decoding=\"async\" class=\"size-full wp-image-24800 aligncenter\" src=\"https:\/\/olu-limburg.de\/wp-content\/uploads\/2021\/02\/IMG_20200921_144610_ergebnis.jpg\" alt=\"\" width=\"800\" height=\"600\" srcset=\"https:\/\/olu-limburg.de\/wp-content\/uploads\/2021\/02\/IMG_20200921_144610_ergebnis.jpg 800w, https:\/\/olu-limburg.de\/wp-content\/uploads\/2021\/02\/IMG_20200921_144610_ergebnis-300x225.jpg 300w, https:\/\/olu-limburg.de\/wp-content\/uploads\/2021\/02\/IMG_20200921_144610_ergebnis-768x576.jpg 768w, https:\/\/olu-limburg.de\/wp-content\/uploads\/2021\/02\/IMG_20200921_144610_ergebnis-624x468.jpg 624w\" sizes=\"auto, (max-width: 800px) 100vw, 800px\" \/><\/a><\/p>\n<p><a href=\"https:\/\/olu-limburg.de\/wp-content\/uploads\/2021\/02\/IMG_20200921_144726_ergebnis.jpg\"><img loading=\"lazy\" decoding=\"async\" class=\"size-full wp-image-24801 aligncenter\" src=\"https:\/\/olu-limburg.de\/wp-content\/uploads\/2021\/02\/IMG_20200921_144726_ergebnis.jpg\" alt=\"\" width=\"800\" height=\"600\" srcset=\"https:\/\/olu-limburg.de\/wp-content\/uploads\/2021\/02\/IMG_20200921_144726_ergebnis.jpg 800w, https:\/\/olu-limburg.de\/wp-content\/uploads\/2021\/02\/IMG_20200921_144726_ergebnis-300x225.jpg 300w, https:\/\/olu-limburg.de\/wp-content\/uploads\/2021\/02\/IMG_20200921_144726_ergebnis-768x576.jpg 768w, https:\/\/olu-limburg.de\/wp-content\/uploads\/2021\/02\/IMG_20200921_144726_ergebnis-624x468.jpg 624w\" sizes=\"auto, (max-width: 800px) 100vw, 800px\" \/><\/a><\/p>\n<div id=\"attachment_24802\" style=\"width: 810px\" class=\"wp-caption aligncenter\"><a href=\"https:\/\/olu-limburg.de\/wp-content\/uploads\/2021\/02\/IMG_20200921_144818_009_ergebnis.jpg\"><img loading=\"lazy\" decoding=\"async\" aria-describedby=\"caption-attachment-24802\" class=\"wp-image-24802 size-full\" src=\"https:\/\/olu-limburg.de\/wp-content\/uploads\/2021\/02\/IMG_20200921_144818_009_ergebnis.jpg\" alt=\"\" width=\"800\" height=\"600\" srcset=\"https:\/\/olu-limburg.de\/wp-content\/uploads\/2021\/02\/IMG_20200921_144818_009_ergebnis.jpg 800w, https:\/\/olu-limburg.de\/wp-content\/uploads\/2021\/02\/IMG_20200921_144818_009_ergebnis-300x225.jpg 300w, https:\/\/olu-limburg.de\/wp-content\/uploads\/2021\/02\/IMG_20200921_144818_009_ergebnis-768x576.jpg 768w, https:\/\/olu-limburg.de\/wp-content\/uploads\/2021\/02\/IMG_20200921_144818_009_ergebnis-624x468.jpg 624w\" sizes=\"auto, (max-width: 800px) 100vw, 800px\" \/><\/a><p id=\"caption-attachment-24802\" class=\"wp-caption-text\">Dort gibt es irgendeine \u00dcbung mit den Rettungsbooten, oder sind es Vorbereitungen f\u00fcr einen Landgang?<\/p><\/div>\n<p><a href=\"https:\/\/olu-limburg.de\/wp-content\/uploads\/2021\/02\/IMG_20200921_145249_ergebnis.jpg\"><img loading=\"lazy\" decoding=\"async\" class=\"size-full wp-image-24803 aligncenter\" src=\"https:\/\/olu-limburg.de\/wp-content\/uploads\/2021\/02\/IMG_20200921_145249_ergebnis.jpg\" alt=\"\" width=\"800\" height=\"600\" srcset=\"https:\/\/olu-limburg.de\/wp-content\/uploads\/2021\/02\/IMG_20200921_145249_ergebnis.jpg 800w, https:\/\/olu-limburg.de\/wp-content\/uploads\/2021\/02\/IMG_20200921_145249_ergebnis-300x225.jpg 300w, https:\/\/olu-limburg.de\/wp-content\/uploads\/2021\/02\/IMG_20200921_145249_ergebnis-768x576.jpg 768w, https:\/\/olu-limburg.de\/wp-content\/uploads\/2021\/02\/IMG_20200921_145249_ergebnis-624x468.jpg 624w\" sizes=\"auto, (max-width: 800px) 100vw, 800px\" \/><\/a><\/p>\n<p>Wir gehen zur\u00fcck zum Wohnmobil und melden uns einfach wieder f\u00fcr eine fr\u00fchere F\u00e4hre an.<\/p>\n<p><a href=\"https:\/\/olu-limburg.de\/wp-content\/uploads\/2021\/02\/IMG_20200921_151335_ergebnis.jpg\"><img loading=\"lazy\" decoding=\"async\" class=\"size-full wp-image-24804 aligncenter\" src=\"https:\/\/olu-limburg.de\/wp-content\/uploads\/2021\/02\/IMG_20200921_151335_ergebnis.jpg\" alt=\"\" width=\"800\" height=\"600\" srcset=\"https:\/\/olu-limburg.de\/wp-content\/uploads\/2021\/02\/IMG_20200921_151335_ergebnis.jpg 800w, https:\/\/olu-limburg.de\/wp-content\/uploads\/2021\/02\/IMG_20200921_151335_ergebnis-300x225.jpg 300w, https:\/\/olu-limburg.de\/wp-content\/uploads\/2021\/02\/IMG_20200921_151335_ergebnis-768x576.jpg 768w, https:\/\/olu-limburg.de\/wp-content\/uploads\/2021\/02\/IMG_20200921_151335_ergebnis-624x468.jpg 624w\" sizes=\"auto, (max-width: 800px) 100vw, 800px\" \/><\/a><\/p>\n<p>Diesmal haben wir zwei Stunden Zeit gewonnen. Diese nutzen wir gerne um bei der Ankunft in Havneby zuerst den S\u00f6nderstrand aufzusuchen. Diese Weite des Strandes ist einfach grandios.<\/p>\n<p><a href=\"https:\/\/olu-limburg.de\/wp-content\/uploads\/2021\/02\/IMG_20200921_163030_ergebnis.jpg\"><img loading=\"lazy\" decoding=\"async\" class=\"size-full wp-image-24809 aligncenter\" src=\"https:\/\/olu-limburg.de\/wp-content\/uploads\/2021\/02\/IMG_20200921_163030_ergebnis.jpg\" alt=\"\" width=\"800\" height=\"600\" srcset=\"https:\/\/olu-limburg.de\/wp-content\/uploads\/2021\/02\/IMG_20200921_163030_ergebnis.jpg 800w, https:\/\/olu-limburg.de\/wp-content\/uploads\/2021\/02\/IMG_20200921_163030_ergebnis-300x225.jpg 300w, https:\/\/olu-limburg.de\/wp-content\/uploads\/2021\/02\/IMG_20200921_163030_ergebnis-768x576.jpg 768w, https:\/\/olu-limburg.de\/wp-content\/uploads\/2021\/02\/IMG_20200921_163030_ergebnis-624x468.jpg 624w\" sizes=\"auto, (max-width: 800px) 100vw, 800px\" \/><\/a><\/p>\n<p><a href=\"https:\/\/olu-limburg.de\/wp-content\/uploads\/2021\/02\/IMG_20200921_164737_ergebnis.jpg\"><img loading=\"lazy\" decoding=\"async\" class=\"size-full wp-image-24811 aligncenter\" src=\"https:\/\/olu-limburg.de\/wp-content\/uploads\/2021\/02\/IMG_20200921_164737_ergebnis.jpg\" alt=\"\" width=\"800\" height=\"600\" srcset=\"https:\/\/olu-limburg.de\/wp-content\/uploads\/2021\/02\/IMG_20200921_164737_ergebnis.jpg 800w, https:\/\/olu-limburg.de\/wp-content\/uploads\/2021\/02\/IMG_20200921_164737_ergebnis-300x225.jpg 300w, https:\/\/olu-limburg.de\/wp-content\/uploads\/2021\/02\/IMG_20200921_164737_ergebnis-768x576.jpg 768w, https:\/\/olu-limburg.de\/wp-content\/uploads\/2021\/02\/IMG_20200921_164737_ergebnis-624x468.jpg 624w\" sizes=\"auto, (max-width: 800px) 100vw, 800px\" \/><\/a><\/p>\n<p><a href=\"https:\/\/olu-limburg.de\/wp-content\/uploads\/2021\/02\/IMG_20200921_163919_ergebnis.jpg\"><img loading=\"lazy\" decoding=\"async\" class=\"size-full wp-image-24810 aligncenter\" src=\"https:\/\/olu-limburg.de\/wp-content\/uploads\/2021\/02\/IMG_20200921_163919_ergebnis.jpg\" alt=\"\" width=\"800\" height=\"600\" srcset=\"https:\/\/olu-limburg.de\/wp-content\/uploads\/2021\/02\/IMG_20200921_163919_ergebnis.jpg 800w, https:\/\/olu-limburg.de\/wp-content\/uploads\/2021\/02\/IMG_20200921_163919_ergebnis-300x225.jpg 300w, https:\/\/olu-limburg.de\/wp-content\/uploads\/2021\/02\/IMG_20200921_163919_ergebnis-768x576.jpg 768w, https:\/\/olu-limburg.de\/wp-content\/uploads\/2021\/02\/IMG_20200921_163919_ergebnis-624x468.jpg 624w\" sizes=\"auto, (max-width: 800px) 100vw, 800px\" \/><\/a><\/p>\n<p><a href=\"https:\/\/olu-limburg.de\/wp-content\/uploads\/2021\/02\/IMG_20200921_165249_ergebnis.jpg\"><img loading=\"lazy\" decoding=\"async\" class=\"size-full wp-image-24812 aligncenter\" src=\"https:\/\/olu-limburg.de\/wp-content\/uploads\/2021\/02\/IMG_20200921_165249_ergebnis.jpg\" alt=\"\" width=\"800\" height=\"600\" srcset=\"https:\/\/olu-limburg.de\/wp-content\/uploads\/2021\/02\/IMG_20200921_165249_ergebnis.jpg 800w, https:\/\/olu-limburg.de\/wp-content\/uploads\/2021\/02\/IMG_20200921_165249_ergebnis-300x225.jpg 300w, https:\/\/olu-limburg.de\/wp-content\/uploads\/2021\/02\/IMG_20200921_165249_ergebnis-768x576.jpg 768w, https:\/\/olu-limburg.de\/wp-content\/uploads\/2021\/02\/IMG_20200921_165249_ergebnis-624x468.jpg 624w\" sizes=\"auto, (max-width: 800px) 100vw, 800px\" \/><\/a><\/p>\n<p><a href=\"https:\/\/olu-limburg.de\/wp-content\/uploads\/2021\/02\/IMG_20200921_165806_ergebnis.jpg\"><img loading=\"lazy\" decoding=\"async\" class=\"size-full wp-image-24813 aligncenter\" src=\"https:\/\/olu-limburg.de\/wp-content\/uploads\/2021\/02\/IMG_20200921_165806_ergebnis.jpg\" alt=\"\" width=\"800\" height=\"600\" srcset=\"https:\/\/olu-limburg.de\/wp-content\/uploads\/2021\/02\/IMG_20200921_165806_ergebnis.jpg 800w, https:\/\/olu-limburg.de\/wp-content\/uploads\/2021\/02\/IMG_20200921_165806_ergebnis-300x225.jpg 300w, https:\/\/olu-limburg.de\/wp-content\/uploads\/2021\/02\/IMG_20200921_165806_ergebnis-768x576.jpg 768w, https:\/\/olu-limburg.de\/wp-content\/uploads\/2021\/02\/IMG_20200921_165806_ergebnis-624x468.jpg 624w\" sizes=\"auto, (max-width: 800px) 100vw, 800px\" \/><\/a><\/p>\n<p><a href=\"https:\/\/olu-limburg.de\/wp-content\/uploads\/2021\/02\/IMG_20200921_170146_ergebnis-e1612372930256.jpg\"><img loading=\"lazy\" decoding=\"async\" class=\"size-full wp-image-24814 aligncenter\" src=\"https:\/\/olu-limburg.de\/wp-content\/uploads\/2021\/02\/IMG_20200921_170146_ergebnis-e1612372930256.jpg\" alt=\"\" width=\"600\" height=\"450\" srcset=\"https:\/\/olu-limburg.de\/wp-content\/uploads\/2021\/02\/IMG_20200921_170146_ergebnis-e1612372930256.jpg 600w, https:\/\/olu-limburg.de\/wp-content\/uploads\/2021\/02\/IMG_20200921_170146_ergebnis-e1612372930256-300x225.jpg 300w\" sizes=\"auto, (max-width: 600px) 100vw, 600px\" \/><\/a><\/p>\n<p><a href=\"https:\/\/olu-limburg.de\/wp-content\/uploads\/2021\/02\/IMG_20200921_170406_ergebnis.jpg\"><img loading=\"lazy\" decoding=\"async\" class=\"size-full wp-image-24815 aligncenter\" src=\"https:\/\/olu-limburg.de\/wp-content\/uploads\/2021\/02\/IMG_20200921_170406_ergebnis.jpg\" alt=\"\" width=\"800\" height=\"600\" srcset=\"https:\/\/olu-limburg.de\/wp-content\/uploads\/2021\/02\/IMG_20200921_170406_ergebnis.jpg 800w, https:\/\/olu-limburg.de\/wp-content\/uploads\/2021\/02\/IMG_20200921_170406_ergebnis-300x225.jpg 300w, https:\/\/olu-limburg.de\/wp-content\/uploads\/2021\/02\/IMG_20200921_170406_ergebnis-768x576.jpg 768w, https:\/\/olu-limburg.de\/wp-content\/uploads\/2021\/02\/IMG_20200921_170406_ergebnis-624x468.jpg 624w\" sizes=\"auto, (max-width: 800px) 100vw, 800px\" \/><\/a><\/p>\n<p><a href=\"https:\/\/olu-limburg.de\/wp-content\/uploads\/2021\/02\/IMG_20200921_181539_ergebnis.jpg\"><img loading=\"lazy\" decoding=\"async\" class=\"size-full wp-image-24816 aligncenter\" src=\"https:\/\/olu-limburg.de\/wp-content\/uploads\/2021\/02\/IMG_20200921_181539_ergebnis.jpg\" alt=\"\" width=\"800\" height=\"600\" srcset=\"https:\/\/olu-limburg.de\/wp-content\/uploads\/2021\/02\/IMG_20200921_181539_ergebnis.jpg 800w, https:\/\/olu-limburg.de\/wp-content\/uploads\/2021\/02\/IMG_20200921_181539_ergebnis-300x225.jpg 300w, https:\/\/olu-limburg.de\/wp-content\/uploads\/2021\/02\/IMG_20200921_181539_ergebnis-768x576.jpg 768w, https:\/\/olu-limburg.de\/wp-content\/uploads\/2021\/02\/IMG_20200921_181539_ergebnis-624x468.jpg 624w\" sizes=\"auto, (max-width: 800px) 100vw, 800px\" \/><\/a><\/p>\n<p>Auf dem Autokamperplads Oasen R\u00f6m\u00f6 mit V+E (Stellplatzgeb\u00fchr DKK 130,00 bzw. EUR 18,00) haben wir einen wundersch\u00f6nen Platz im vorderen Bereich erhalten. Diesmal sogar im Rondell.<\/p>\n<p><a href=\"https:\/\/olu-limburg.de\/wp-content\/uploads\/2021\/02\/IMG_20200921_183225_ergebnis.jpg\"><img loading=\"lazy\" decoding=\"async\" class=\"size-full wp-image-24817 aligncenter\" src=\"https:\/\/olu-limburg.de\/wp-content\/uploads\/2021\/02\/IMG_20200921_183225_ergebnis.jpg\" alt=\"\" width=\"800\" height=\"600\" srcset=\"https:\/\/olu-limburg.de\/wp-content\/uploads\/2021\/02\/IMG_20200921_183225_ergebnis.jpg 800w, https:\/\/olu-limburg.de\/wp-content\/uploads\/2021\/02\/IMG_20200921_183225_ergebnis-300x225.jpg 300w, https:\/\/olu-limburg.de\/wp-content\/uploads\/2021\/02\/IMG_20200921_183225_ergebnis-768x576.jpg 768w, https:\/\/olu-limburg.de\/wp-content\/uploads\/2021\/02\/IMG_20200921_183225_ergebnis-624x468.jpg 624w\" sizes=\"auto, (max-width: 800px) 100vw, 800px\" \/><\/a><\/p>\n<div id=\"attachment_24818\" style=\"width: 810px\" class=\"wp-caption aligncenter\"><a href=\"https:\/\/olu-limburg.de\/wp-content\/uploads\/2021\/02\/IMG_20200921_193828_ergebnis.jpg\"><img loading=\"lazy\" decoding=\"async\" aria-describedby=\"caption-attachment-24818\" class=\"wp-image-24818 size-full\" src=\"https:\/\/olu-limburg.de\/wp-content\/uploads\/2021\/02\/IMG_20200921_193828_ergebnis.jpg\" alt=\"\" width=\"800\" height=\"600\" srcset=\"https:\/\/olu-limburg.de\/wp-content\/uploads\/2021\/02\/IMG_20200921_193828_ergebnis.jpg 800w, https:\/\/olu-limburg.de\/wp-content\/uploads\/2021\/02\/IMG_20200921_193828_ergebnis-300x225.jpg 300w, https:\/\/olu-limburg.de\/wp-content\/uploads\/2021\/02\/IMG_20200921_193828_ergebnis-768x576.jpg 768w, https:\/\/olu-limburg.de\/wp-content\/uploads\/2021\/02\/IMG_20200921_193828_ergebnis-624x468.jpg 624w\" sizes=\"auto, (max-width: 800px) 100vw, 800px\" \/><\/a><p id=\"caption-attachment-24818\" class=\"wp-caption-text\">Abendstimmung mit wabernden Bodennebeln<\/p><\/div>\n<p><a href=\"https:\/\/olu-limburg.de\/wp-content\/uploads\/2021\/02\/P1060774_ergebnis.jpg\"><img loading=\"lazy\" decoding=\"async\" class=\"size-full wp-image-24819 aligncenter\" src=\"https:\/\/olu-limburg.de\/wp-content\/uploads\/2021\/02\/P1060774_ergebnis.jpg\" alt=\"\" width=\"800\" height=\"600\" srcset=\"https:\/\/olu-limburg.de\/wp-content\/uploads\/2021\/02\/P1060774_ergebnis.jpg 800w, https:\/\/olu-limburg.de\/wp-content\/uploads\/2021\/02\/P1060774_ergebnis-300x225.jpg 300w, https:\/\/olu-limburg.de\/wp-content\/uploads\/2021\/02\/P1060774_ergebnis-768x576.jpg 768w, https:\/\/olu-limburg.de\/wp-content\/uploads\/2021\/02\/P1060774_ergebnis-624x468.jpg 624w\" sizes=\"auto, (max-width: 800px) 100vw, 800px\" \/><\/a><\/p>\n<p>Tagesstrecke: 33 km<\/p>\n<p>&nbsp;<\/p>\n<p><strong>Dienstag, 22.09.2020<\/strong><\/p>\n<p><a href=\"https:\/\/olu-limburg.de\/wp-content\/uploads\/2021\/02\/IMG_20200922_111520_ergebnis.jpg\"><img loading=\"lazy\" decoding=\"async\" class=\"size-full wp-image-24822 aligncenter\" src=\"https:\/\/olu-limburg.de\/wp-content\/uploads\/2021\/02\/IMG_20200922_111520_ergebnis.jpg\" alt=\"\" width=\"800\" height=\"600\" srcset=\"https:\/\/olu-limburg.de\/wp-content\/uploads\/2021\/02\/IMG_20200922_111520_ergebnis.jpg 800w, https:\/\/olu-limburg.de\/wp-content\/uploads\/2021\/02\/IMG_20200922_111520_ergebnis-300x225.jpg 300w, https:\/\/olu-limburg.de\/wp-content\/uploads\/2021\/02\/IMG_20200922_111520_ergebnis-768x576.jpg 768w, https:\/\/olu-limburg.de\/wp-content\/uploads\/2021\/02\/IMG_20200922_111520_ergebnis-624x468.jpg 624w\" sizes=\"auto, (max-width: 800px) 100vw, 800px\" \/><\/a><\/p>\n<p>Ein klein wenig m\u00f6chten wir noch D\u00e4nemark erkunden. In den 80ern hatten wir D\u00e4nemark bei unserer Skandinavien-Tour mit Zelt einen Besuch abgestattet. Ein weiterer geplanter Urlaub dort ist von uns an einem lauen Sommerabend in Limburg ganz einfach zugunsten eines Urlaubs in der Bretagne gestrichen worden. Nun sind wir aber hier, und verstehen rein gar nichts, weder in Sprache noch Schrift.<\/p>\n<p><a href=\"https:\/\/olu-limburg.de\/wp-content\/uploads\/2021\/02\/IMG_20200922_113651_1_ergebnis.jpg\"><img loading=\"lazy\" decoding=\"async\" class=\"size-full wp-image-24823 aligncenter\" src=\"https:\/\/olu-limburg.de\/wp-content\/uploads\/2021\/02\/IMG_20200922_113651_1_ergebnis.jpg\" alt=\"\" width=\"800\" height=\"600\" srcset=\"https:\/\/olu-limburg.de\/wp-content\/uploads\/2021\/02\/IMG_20200922_113651_1_ergebnis.jpg 800w, https:\/\/olu-limburg.de\/wp-content\/uploads\/2021\/02\/IMG_20200922_113651_1_ergebnis-300x225.jpg 300w, https:\/\/olu-limburg.de\/wp-content\/uploads\/2021\/02\/IMG_20200922_113651_1_ergebnis-768x576.jpg 768w, https:\/\/olu-limburg.de\/wp-content\/uploads\/2021\/02\/IMG_20200922_113651_1_ergebnis-624x468.jpg 624w\" sizes=\"auto, (max-width: 800px) 100vw, 800px\" \/><\/a><\/p>\n<p>Heute wollen wir nach Ribe. Dies soll die \u00e4lteste Stadt D\u00e4nemarks sein (Sie wurde um 760 n. Chr. am Ribe A gegr\u00fcndet.), und \u00fcber 100 H\u00e4user der Altstadt stehen unter Denkmalschutz. Wir fahren den f\u00fcr 48 Std. kostenlosen Stellplatz mit V+E am Stampem\u00f6llevej an. Er ist Teil eines Gro\u00dfparkplatzes. Leider werden die f\u00fcr Wohnmobile reservierten Parkpl\u00e4tze morgens besonders gerne von Berufst\u00e4tigen angefahren. Obwohl gen\u00fcgend andere Pl\u00e4tze frei sind. Am Sp\u00e4tnachmittag erledigt sich das Problem aber wieder. Wir parken so lange einfach im gro\u00dfz\u00fcgigen Wendehammer und gehen in die nahe gelegene Altstadt von Ribe.<\/p>\n<p>Der oder die Ribe A umschlie\u00dft die Altstadt s\u00fcdlich als Bach, und n\u00f6rdlich als Kanal.<\/p>\n<p><a href=\"https:\/\/olu-limburg.de\/wp-content\/uploads\/2021\/02\/P1060775_ergebnis-e1612525237653.jpg\"><img loading=\"lazy\" decoding=\"async\" class=\"size-full wp-image-24824 aligncenter\" src=\"https:\/\/olu-limburg.de\/wp-content\/uploads\/2021\/02\/P1060775_ergebnis-e1612525237653.jpg\" alt=\"\" width=\"450\" height=\"600\" \/><\/a><\/p>\n<p><a href=\"https:\/\/olu-limburg.de\/wp-content\/uploads\/2021\/02\/P1060777_ergebnis.jpg\"><img loading=\"lazy\" decoding=\"async\" class=\"size-full wp-image-24825 aligncenter\" src=\"https:\/\/olu-limburg.de\/wp-content\/uploads\/2021\/02\/P1060777_ergebnis.jpg\" alt=\"\" width=\"800\" height=\"600\" srcset=\"https:\/\/olu-limburg.de\/wp-content\/uploads\/2021\/02\/P1060777_ergebnis.jpg 800w, https:\/\/olu-limburg.de\/wp-content\/uploads\/2021\/02\/P1060777_ergebnis-300x225.jpg 300w, https:\/\/olu-limburg.de\/wp-content\/uploads\/2021\/02\/P1060777_ergebnis-768x576.jpg 768w, https:\/\/olu-limburg.de\/wp-content\/uploads\/2021\/02\/P1060777_ergebnis-624x468.jpg 624w\" sizes=\"auto, (max-width: 800px) 100vw, 800px\" \/><\/a><\/p>\n<p><a href=\"https:\/\/olu-limburg.de\/wp-content\/uploads\/2021\/02\/P1060779_ergebnis.jpg\"><img loading=\"lazy\" decoding=\"async\" class=\"size-full wp-image-24826 aligncenter\" src=\"https:\/\/olu-limburg.de\/wp-content\/uploads\/2021\/02\/P1060779_ergebnis.jpg\" alt=\"\" width=\"800\" height=\"600\" srcset=\"https:\/\/olu-limburg.de\/wp-content\/uploads\/2021\/02\/P1060779_ergebnis.jpg 800w, https:\/\/olu-limburg.de\/wp-content\/uploads\/2021\/02\/P1060779_ergebnis-300x225.jpg 300w, https:\/\/olu-limburg.de\/wp-content\/uploads\/2021\/02\/P1060779_ergebnis-768x576.jpg 768w, https:\/\/olu-limburg.de\/wp-content\/uploads\/2021\/02\/P1060779_ergebnis-624x468.jpg 624w\" sizes=\"auto, (max-width: 800px) 100vw, 800px\" \/><\/a><\/p>\n<p><a href=\"https:\/\/olu-limburg.de\/wp-content\/uploads\/2021\/02\/P1060785_ergebnis.jpg\"><img loading=\"lazy\" decoding=\"async\" class=\"size-full wp-image-24828 aligncenter\" src=\"https:\/\/olu-limburg.de\/wp-content\/uploads\/2021\/02\/P1060785_ergebnis.jpg\" alt=\"\" width=\"800\" height=\"600\" srcset=\"https:\/\/olu-limburg.de\/wp-content\/uploads\/2021\/02\/P1060785_ergebnis.jpg 800w, https:\/\/olu-limburg.de\/wp-content\/uploads\/2021\/02\/P1060785_ergebnis-300x225.jpg 300w, https:\/\/olu-limburg.de\/wp-content\/uploads\/2021\/02\/P1060785_ergebnis-768x576.jpg 768w, https:\/\/olu-limburg.de\/wp-content\/uploads\/2021\/02\/P1060785_ergebnis-624x468.jpg 624w\" sizes=\"auto, (max-width: 800px) 100vw, 800px\" \/><\/a><\/p>\n<p><a href=\"https:\/\/olu-limburg.de\/wp-content\/uploads\/2021\/02\/P1060784_ergebnis-e1612525289519.jpg\"><img loading=\"lazy\" decoding=\"async\" class=\"size-full wp-image-24827 aligncenter\" src=\"https:\/\/olu-limburg.de\/wp-content\/uploads\/2021\/02\/P1060784_ergebnis-e1612525289519.jpg\" alt=\"\" width=\"450\" height=\"600\" \/><\/a><\/p>\n<p><a href=\"https:\/\/olu-limburg.de\/wp-content\/uploads\/2021\/02\/P1060786_ergebnis.jpg\"><img loading=\"lazy\" decoding=\"async\" class=\"size-full wp-image-24829 aligncenter\" src=\"https:\/\/olu-limburg.de\/wp-content\/uploads\/2021\/02\/P1060786_ergebnis.jpg\" alt=\"\" width=\"800\" height=\"600\" srcset=\"https:\/\/olu-limburg.de\/wp-content\/uploads\/2021\/02\/P1060786_ergebnis.jpg 800w, https:\/\/olu-limburg.de\/wp-content\/uploads\/2021\/02\/P1060786_ergebnis-300x225.jpg 300w, https:\/\/olu-limburg.de\/wp-content\/uploads\/2021\/02\/P1060786_ergebnis-768x576.jpg 768w, https:\/\/olu-limburg.de\/wp-content\/uploads\/2021\/02\/P1060786_ergebnis-624x468.jpg 624w\" sizes=\"auto, (max-width: 800px) 100vw, 800px\" \/><\/a><\/p>\n<p><a href=\"https:\/\/olu-limburg.de\/wp-content\/uploads\/2021\/02\/P1060792_ergebnis-e1612525369653.jpg\"><img loading=\"lazy\" decoding=\"async\" class=\"size-full wp-image-24830 aligncenter\" src=\"https:\/\/olu-limburg.de\/wp-content\/uploads\/2021\/02\/P1060792_ergebnis-e1612525369653.jpg\" alt=\"\" width=\"450\" height=\"600\" \/><\/a><\/p>\n<p><a href=\"https:\/\/olu-limburg.de\/wp-content\/uploads\/2021\/02\/P1060794_ergebnis.jpg\"><img loading=\"lazy\" decoding=\"async\" class=\"size-full wp-image-24831 aligncenter\" src=\"https:\/\/olu-limburg.de\/wp-content\/uploads\/2021\/02\/P1060794_ergebnis.jpg\" alt=\"\" width=\"800\" height=\"600\" srcset=\"https:\/\/olu-limburg.de\/wp-content\/uploads\/2021\/02\/P1060794_ergebnis.jpg 800w, https:\/\/olu-limburg.de\/wp-content\/uploads\/2021\/02\/P1060794_ergebnis-300x225.jpg 300w, https:\/\/olu-limburg.de\/wp-content\/uploads\/2021\/02\/P1060794_ergebnis-768x576.jpg 768w, https:\/\/olu-limburg.de\/wp-content\/uploads\/2021\/02\/P1060794_ergebnis-624x468.jpg 624w\" sizes=\"auto, (max-width: 800px) 100vw, 800px\" \/><\/a><\/p>\n<p>Hier finden aber auch wir etwas zum Essen.<\/p>\n<p><a href=\"https:\/\/olu-limburg.de\/wp-content\/uploads\/2021\/02\/P1060800_ergebnis.jpg\"><img loading=\"lazy\" decoding=\"async\" class=\"size-full wp-image-24835 aligncenter\" src=\"https:\/\/olu-limburg.de\/wp-content\/uploads\/2021\/02\/P1060800_ergebnis.jpg\" alt=\"\" width=\"800\" height=\"600\" srcset=\"https:\/\/olu-limburg.de\/wp-content\/uploads\/2021\/02\/P1060800_ergebnis.jpg 800w, https:\/\/olu-limburg.de\/wp-content\/uploads\/2021\/02\/P1060800_ergebnis-300x225.jpg 300w, https:\/\/olu-limburg.de\/wp-content\/uploads\/2021\/02\/P1060800_ergebnis-768x576.jpg 768w, https:\/\/olu-limburg.de\/wp-content\/uploads\/2021\/02\/P1060800_ergebnis-624x468.jpg 624w\" sizes=\"auto, (max-width: 800px) 100vw, 800px\" \/><\/a><\/p>\n<p><a href=\"https:\/\/olu-limburg.de\/wp-content\/uploads\/2021\/02\/P1060795_ergebnis.jpg\"><img loading=\"lazy\" decoding=\"async\" class=\"size-full wp-image-24832 aligncenter\" src=\"https:\/\/olu-limburg.de\/wp-content\/uploads\/2021\/02\/P1060795_ergebnis.jpg\" alt=\"\" width=\"800\" height=\"600\" srcset=\"https:\/\/olu-limburg.de\/wp-content\/uploads\/2021\/02\/P1060795_ergebnis.jpg 800w, https:\/\/olu-limburg.de\/wp-content\/uploads\/2021\/02\/P1060795_ergebnis-300x225.jpg 300w, https:\/\/olu-limburg.de\/wp-content\/uploads\/2021\/02\/P1060795_ergebnis-768x576.jpg 768w, https:\/\/olu-limburg.de\/wp-content\/uploads\/2021\/02\/P1060795_ergebnis-624x468.jpg 624w\" sizes=\"auto, (max-width: 800px) 100vw, 800px\" \/><\/a><\/p>\n<div id=\"attachment_24833\" style=\"width: 810px\" class=\"wp-caption aligncenter\"><a href=\"https:\/\/olu-limburg.de\/wp-content\/uploads\/2021\/02\/P1060796_ergebnis.jpg\"><img loading=\"lazy\" decoding=\"async\" aria-describedby=\"caption-attachment-24833\" class=\"wp-image-24833 size-full\" src=\"https:\/\/olu-limburg.de\/wp-content\/uploads\/2021\/02\/P1060796_ergebnis.jpg\" alt=\"\" width=\"800\" height=\"600\" srcset=\"https:\/\/olu-limburg.de\/wp-content\/uploads\/2021\/02\/P1060796_ergebnis.jpg 800w, https:\/\/olu-limburg.de\/wp-content\/uploads\/2021\/02\/P1060796_ergebnis-300x225.jpg 300w, https:\/\/olu-limburg.de\/wp-content\/uploads\/2021\/02\/P1060796_ergebnis-768x576.jpg 768w, https:\/\/olu-limburg.de\/wp-content\/uploads\/2021\/02\/P1060796_ergebnis-624x468.jpg 624w\" sizes=\"auto, (max-width: 800px) 100vw, 800px\" \/><\/a><p id=\"caption-attachment-24833\" class=\"wp-caption-text\">Pizza Vikinger<\/p><\/div>\n<div id=\"attachment_24865\" style=\"width: 810px\" class=\"wp-caption aligncenter\"><a href=\"https:\/\/olu-limburg.de\/wp-content\/uploads\/2021\/02\/20200922_133037_ergebnis.jpg\"><img loading=\"lazy\" decoding=\"async\" aria-describedby=\"caption-attachment-24865\" class=\"wp-image-24865 size-full\" src=\"https:\/\/olu-limburg.de\/wp-content\/uploads\/2021\/02\/20200922_133037_ergebnis.jpg\" alt=\"\" width=\"800\" height=\"600\" srcset=\"https:\/\/olu-limburg.de\/wp-content\/uploads\/2021\/02\/20200922_133037_ergebnis.jpg 800w, https:\/\/olu-limburg.de\/wp-content\/uploads\/2021\/02\/20200922_133037_ergebnis-300x225.jpg 300w, https:\/\/olu-limburg.de\/wp-content\/uploads\/2021\/02\/20200922_133037_ergebnis-768x576.jpg 768w, https:\/\/olu-limburg.de\/wp-content\/uploads\/2021\/02\/20200922_133037_ergebnis-624x468.jpg 624w\" sizes=\"auto, (max-width: 800px) 100vw, 800px\" \/><\/a><p id=\"caption-attachment-24865\" class=\"wp-caption-text\">Spaghetti al Frutti de Mare<\/p><\/div>\n<p>Ganz langsam durchstreifen wir noch einen anderen Bereich der Altstadt &#8230;<\/p>\n<p><a href=\"https:\/\/olu-limburg.de\/wp-content\/uploads\/2021\/02\/P1060801_ergebnis-e1612526648646.jpg\"><img loading=\"lazy\" decoding=\"async\" class=\"size-full wp-image-24837 aligncenter\" src=\"https:\/\/olu-limburg.de\/wp-content\/uploads\/2021\/02\/P1060801_ergebnis-e1612526648646.jpg\" alt=\"\" width=\"450\" height=\"600\" \/><\/a><\/p>\n<p><a href=\"https:\/\/olu-limburg.de\/wp-content\/uploads\/2021\/02\/P1060806_ergebnis.jpg\"><img loading=\"lazy\" decoding=\"async\" class=\"size-full wp-image-24839 aligncenter\" src=\"https:\/\/olu-limburg.de\/wp-content\/uploads\/2021\/02\/P1060806_ergebnis.jpg\" alt=\"\" width=\"800\" height=\"600\" srcset=\"https:\/\/olu-limburg.de\/wp-content\/uploads\/2021\/02\/P1060806_ergebnis.jpg 800w, https:\/\/olu-limburg.de\/wp-content\/uploads\/2021\/02\/P1060806_ergebnis-300x225.jpg 300w, https:\/\/olu-limburg.de\/wp-content\/uploads\/2021\/02\/P1060806_ergebnis-768x576.jpg 768w, https:\/\/olu-limburg.de\/wp-content\/uploads\/2021\/02\/P1060806_ergebnis-624x468.jpg 624w\" sizes=\"auto, (max-width: 800px) 100vw, 800px\" \/><\/a><\/p>\n<p><a href=\"https:\/\/olu-limburg.de\/wp-content\/uploads\/2021\/02\/P1060809_ergebnis-e1612526785883.jpg\"><img loading=\"lazy\" decoding=\"async\" class=\"size-full wp-image-24840 alignleft\" src=\"https:\/\/olu-limburg.de\/wp-content\/uploads\/2021\/02\/P1060809_ergebnis-e1612526785883.jpg\" alt=\"\" width=\"450\" height=\"600\" \/><\/a><\/p>\n<p><a href=\"https:\/\/olu-limburg.de\/wp-content\/uploads\/2021\/02\/P1060802_ergebnis-e1612526816621.jpg\"><img loading=\"lazy\" decoding=\"async\" class=\"size-full wp-image-24838 alignright\" src=\"https:\/\/olu-limburg.de\/wp-content\/uploads\/2021\/02\/P1060802_ergebnis-e1612526816621.jpg\" alt=\"\" width=\"450\" height=\"600\" \/><\/a><\/p>\n<p><a href=\"https:\/\/olu-limburg.de\/wp-content\/uploads\/2021\/02\/P1060820_ergebnis.jpg\"><img loading=\"lazy\" decoding=\"async\" class=\"size-full wp-image-24841 aligncenter\" src=\"https:\/\/olu-limburg.de\/wp-content\/uploads\/2021\/02\/P1060820_ergebnis.jpg\" alt=\"\" width=\"800\" height=\"600\" srcset=\"https:\/\/olu-limburg.de\/wp-content\/uploads\/2021\/02\/P1060820_ergebnis.jpg 800w, https:\/\/olu-limburg.de\/wp-content\/uploads\/2021\/02\/P1060820_ergebnis-300x225.jpg 300w, https:\/\/olu-limburg.de\/wp-content\/uploads\/2021\/02\/P1060820_ergebnis-768x576.jpg 768w, https:\/\/olu-limburg.de\/wp-content\/uploads\/2021\/02\/P1060820_ergebnis-624x468.jpg 624w\" sizes=\"auto, (max-width: 800px) 100vw, 800px\" \/><\/a><\/p>\n<p><a href=\"https:\/\/olu-limburg.de\/wp-content\/uploads\/2021\/02\/P1060822_ergebnis.jpg\"><img loading=\"lazy\" decoding=\"async\" class=\"size-full wp-image-24842 aligncenter\" src=\"https:\/\/olu-limburg.de\/wp-content\/uploads\/2021\/02\/P1060822_ergebnis.jpg\" alt=\"\" width=\"800\" height=\"600\" srcset=\"https:\/\/olu-limburg.de\/wp-content\/uploads\/2021\/02\/P1060822_ergebnis.jpg 800w, https:\/\/olu-limburg.de\/wp-content\/uploads\/2021\/02\/P1060822_ergebnis-300x225.jpg 300w, https:\/\/olu-limburg.de\/wp-content\/uploads\/2021\/02\/P1060822_ergebnis-768x576.jpg 768w, https:\/\/olu-limburg.de\/wp-content\/uploads\/2021\/02\/P1060822_ergebnis-624x468.jpg 624w\" sizes=\"auto, (max-width: 800px) 100vw, 800px\" \/><\/a><\/p>\n<p><a href=\"https:\/\/olu-limburg.de\/wp-content\/uploads\/2021\/02\/P1060823_ergebnis.jpg\"><img loading=\"lazy\" decoding=\"async\" class=\"size-full wp-image-24843 aligncenter\" src=\"https:\/\/olu-limburg.de\/wp-content\/uploads\/2021\/02\/P1060823_ergebnis.jpg\" alt=\"\" width=\"800\" height=\"600\" srcset=\"https:\/\/olu-limburg.de\/wp-content\/uploads\/2021\/02\/P1060823_ergebnis.jpg 800w, https:\/\/olu-limburg.de\/wp-content\/uploads\/2021\/02\/P1060823_ergebnis-300x225.jpg 300w, https:\/\/olu-limburg.de\/wp-content\/uploads\/2021\/02\/P1060823_ergebnis-768x576.jpg 768w, https:\/\/olu-limburg.de\/wp-content\/uploads\/2021\/02\/P1060823_ergebnis-624x468.jpg 624w\" sizes=\"auto, (max-width: 800px) 100vw, 800px\" \/><\/a><\/p>\n<p><a href=\"https:\/\/olu-limburg.de\/wp-content\/uploads\/2021\/02\/P1060824_ergebnis.jpg\"><img loading=\"lazy\" decoding=\"async\" class=\"size-full wp-image-24844 aligncenter\" src=\"https:\/\/olu-limburg.de\/wp-content\/uploads\/2021\/02\/P1060824_ergebnis.jpg\" alt=\"\" width=\"800\" height=\"600\" srcset=\"https:\/\/olu-limburg.de\/wp-content\/uploads\/2021\/02\/P1060824_ergebnis.jpg 800w, https:\/\/olu-limburg.de\/wp-content\/uploads\/2021\/02\/P1060824_ergebnis-300x225.jpg 300w, https:\/\/olu-limburg.de\/wp-content\/uploads\/2021\/02\/P1060824_ergebnis-768x576.jpg 768w, https:\/\/olu-limburg.de\/wp-content\/uploads\/2021\/02\/P1060824_ergebnis-624x468.jpg 624w\" sizes=\"auto, (max-width: 800px) 100vw, 800px\" \/><\/a><\/p>\n<p>Im Hafen steht die Sturmfluts\u00e4ule.<\/p>\n<p><em>Ausz\u00fcge von Aufzeichnungen der Website &#8222;danhostel-ribe&#8220;<\/em><\/p>\n<p><em>Die h\u00f6chte Markierung (6m \u00fc. NN) zeigt das Hochwasser von 1634 an. Im November 1911 kam es durch ein lang andauerndes Unwetter zu einem Wasseranstieg, dass der Zimmermann Apitz singend auf seinem K\u00fcchentisch sa\u00df und die F\u00fc\u00dfe im Wasser hingen. Ihm machte das alles nichts aus, denn seine Frau hatte ihm in der gleichen Nacht einen Jungen geboren, den sie Hermann Stormflod nannten. Durch den Deichbau von 1912 ist seitdem Ribe vor weiteren \u00dcberflutungen gesch\u00fctzt worden. 1999, bei dem schlimmsten Orkan der letzten 100 Jahre, stieg das Meer bei Niedrigwasser bis 30 cm unter der Deichkrone von 7 m. Bei Hochwasser w\u00e4re das Marschland trotz Deichbau mit ca. 1,50 m \u00fcbersp\u00fclt worden.<\/em><\/p>\n<div id=\"attachment_24845\" style=\"width: 460px\" class=\"wp-caption aligncenter\"><a href=\"https:\/\/olu-limburg.de\/wp-content\/uploads\/2021\/02\/P1060825_ergebnis-e1612526871130.jpg\"><img loading=\"lazy\" decoding=\"async\" aria-describedby=\"caption-attachment-24845\" class=\"wp-image-24845 size-full\" src=\"https:\/\/olu-limburg.de\/wp-content\/uploads\/2021\/02\/P1060825_ergebnis-e1612526871130.jpg\" alt=\"\" width=\"450\" height=\"600\" \/><\/a><p id=\"caption-attachment-24845\" class=\"wp-caption-text\">Sturmfluts\u00e4ule<\/p><\/div>\n<p><a href=\"https:\/\/olu-limburg.de\/wp-content\/uploads\/2021\/02\/P1060829_ergebnis.jpg\"><img loading=\"lazy\" decoding=\"async\" class=\"size-full wp-image-24847 aligncenter\" src=\"https:\/\/olu-limburg.de\/wp-content\/uploads\/2021\/02\/P1060829_ergebnis.jpg\" alt=\"\" width=\"800\" height=\"600\" srcset=\"https:\/\/olu-limburg.de\/wp-content\/uploads\/2021\/02\/P1060829_ergebnis.jpg 800w, https:\/\/olu-limburg.de\/wp-content\/uploads\/2021\/02\/P1060829_ergebnis-300x225.jpg 300w, https:\/\/olu-limburg.de\/wp-content\/uploads\/2021\/02\/P1060829_ergebnis-768x576.jpg 768w, https:\/\/olu-limburg.de\/wp-content\/uploads\/2021\/02\/P1060829_ergebnis-624x468.jpg 624w\" sizes=\"auto, (max-width: 800px) 100vw, 800px\" \/><\/a><\/p>\n<p><a href=\"https:\/\/olu-limburg.de\/wp-content\/uploads\/2021\/02\/P1060827_ergebnis.jpg\"><img loading=\"lazy\" decoding=\"async\" class=\"size-full wp-image-24846 aligncenter\" src=\"https:\/\/olu-limburg.de\/wp-content\/uploads\/2021\/02\/P1060827_ergebnis.jpg\" alt=\"\" width=\"800\" height=\"600\" srcset=\"https:\/\/olu-limburg.de\/wp-content\/uploads\/2021\/02\/P1060827_ergebnis.jpg 800w, https:\/\/olu-limburg.de\/wp-content\/uploads\/2021\/02\/P1060827_ergebnis-300x225.jpg 300w, https:\/\/olu-limburg.de\/wp-content\/uploads\/2021\/02\/P1060827_ergebnis-768x576.jpg 768w, https:\/\/olu-limburg.de\/wp-content\/uploads\/2021\/02\/P1060827_ergebnis-624x468.jpg 624w\" sizes=\"auto, (max-width: 800px) 100vw, 800px\" \/><\/a><\/p>\n<p>&#8230; und gelangen dann zur Ribe Domkirke. Ribe ist schon seit 1117 Bischofssitz. Der heutige Dom wurde mit Tuffstein aus der Region K\u00f6ln-Eifel, Sandstein aus dem Wesergebiet und mit Granit aus dem Jutland erbaut und 1250 fertig gestellt, und zeigt die gleichen \u00dcberg\u00e4nge von der romanischen auf die gotische Architektur wie unser Dom in Limburg an der Lahn, der 15 Jahre \u00e4lter ist. Auch die Aufteilung der nach oben gehenden Gefache ist fast identisch.<\/p>\n<p>1283 st\u00fcrzte der linke Turm ein. Der danach erbaute und 1333 fertiggestellte Turm ist ein Stadtturm, auch B\u00fcrgerturm genannt. Die B\u00fcrgerschaft h\u00e4ngte dort die Sturmglocke auf.<\/p>\n<p><a href=\"https:\/\/olu-limburg.de\/wp-content\/uploads\/2021\/02\/P1060835_ergebnis-e1612526920598.jpg\"><img loading=\"lazy\" decoding=\"async\" class=\"size-full wp-image-24849 aligncenter\" src=\"https:\/\/olu-limburg.de\/wp-content\/uploads\/2021\/02\/P1060835_ergebnis-e1612526920598.jpg\" alt=\"\" width=\"450\" height=\"600\" \/><\/a><\/p>\n<div id=\"attachment_24867\" style=\"width: 810px\" class=\"wp-caption aligncenter\"><a href=\"https:\/\/olu-limburg.de\/wp-content\/uploads\/2021\/02\/20200922_164335_ergebnis.jpg\"><img loading=\"lazy\" decoding=\"async\" aria-describedby=\"caption-attachment-24867\" class=\"wp-image-24867 size-full\" src=\"https:\/\/olu-limburg.de\/wp-content\/uploads\/2021\/02\/20200922_164335_ergebnis.jpg\" alt=\"\" width=\"800\" height=\"600\" srcset=\"https:\/\/olu-limburg.de\/wp-content\/uploads\/2021\/02\/20200922_164335_ergebnis.jpg 800w, https:\/\/olu-limburg.de\/wp-content\/uploads\/2021\/02\/20200922_164335_ergebnis-300x225.jpg 300w, https:\/\/olu-limburg.de\/wp-content\/uploads\/2021\/02\/20200922_164335_ergebnis-768x576.jpg 768w, https:\/\/olu-limburg.de\/wp-content\/uploads\/2021\/02\/20200922_164335_ergebnis-624x468.jpg 624w\" sizes=\"auto, (max-width: 800px) 100vw, 800px\" \/><\/a><p id=\"caption-attachment-24867\" class=\"wp-caption-text\">Statue des Hl. Ansgar, Apostel des Nordens<\/p><\/div>\n<div id=\"attachment_24850\" style=\"width: 810px\" class=\"wp-caption aligncenter\"><a href=\"https:\/\/olu-limburg.de\/wp-content\/uploads\/2021\/02\/P1060836_ergebnis.jpg\"><img loading=\"lazy\" decoding=\"async\" aria-describedby=\"caption-attachment-24850\" class=\"wp-image-24850 size-full\" src=\"https:\/\/olu-limburg.de\/wp-content\/uploads\/2021\/02\/P1060836_ergebnis.jpg\" alt=\"\" width=\"800\" height=\"600\" srcset=\"https:\/\/olu-limburg.de\/wp-content\/uploads\/2021\/02\/P1060836_ergebnis.jpg 800w, https:\/\/olu-limburg.de\/wp-content\/uploads\/2021\/02\/P1060836_ergebnis-300x225.jpg 300w, https:\/\/olu-limburg.de\/wp-content\/uploads\/2021\/02\/P1060836_ergebnis-768x576.jpg 768w, https:\/\/olu-limburg.de\/wp-content\/uploads\/2021\/02\/P1060836_ergebnis-624x468.jpg 624w\" sizes=\"auto, (max-width: 800px) 100vw, 800px\" \/><\/a><p id=\"caption-attachment-24850\" class=\"wp-caption-text\">links: Hans Tausen (Anf\u00fchrer der d\u00e4nischen Reformationsbewegung) ; rechts: Hans Adolf Brorson (Bischof von Ribe)<\/p><\/div>\n<p><a href=\"https:\/\/olu-limburg.de\/wp-content\/uploads\/2021\/02\/P1060838_ergebnis-e1612526978632.jpg\"><img loading=\"lazy\" decoding=\"async\" class=\"size-full wp-image-24852 aligncenter\" src=\"https:\/\/olu-limburg.de\/wp-content\/uploads\/2021\/02\/P1060838_ergebnis-e1612526978632.jpg\" alt=\"\" width=\"450\" height=\"600\" \/><\/a><\/p>\n<p><a href=\"https:\/\/olu-limburg.de\/wp-content\/uploads\/2021\/02\/P1060839_ergebnis.jpg\"><img loading=\"lazy\" decoding=\"async\" class=\"size-full wp-image-24853 aligncenter\" src=\"https:\/\/olu-limburg.de\/wp-content\/uploads\/2021\/02\/P1060839_ergebnis.jpg\" alt=\"\" width=\"800\" height=\"600\" srcset=\"https:\/\/olu-limburg.de\/wp-content\/uploads\/2021\/02\/P1060839_ergebnis.jpg 800w, https:\/\/olu-limburg.de\/wp-content\/uploads\/2021\/02\/P1060839_ergebnis-300x225.jpg 300w, https:\/\/olu-limburg.de\/wp-content\/uploads\/2021\/02\/P1060839_ergebnis-768x576.jpg 768w, https:\/\/olu-limburg.de\/wp-content\/uploads\/2021\/02\/P1060839_ergebnis-624x468.jpg 624w\" sizes=\"auto, (max-width: 800px) 100vw, 800px\" \/><\/a><\/p>\n<p><a href=\"https:\/\/olu-limburg.de\/wp-content\/uploads\/2021\/02\/P1060841_ergebnis-e1612527007160.jpg\"><img loading=\"lazy\" decoding=\"async\" class=\"size-full wp-image-24854 alignleft\" src=\"https:\/\/olu-limburg.de\/wp-content\/uploads\/2021\/02\/P1060841_ergebnis-e1612527007160.jpg\" alt=\"\" width=\"450\" height=\"600\" \/><\/a><\/p>\n<p><a href=\"https:\/\/olu-limburg.de\/wp-content\/uploads\/2021\/02\/P1060842_ergebnis-e1612527026154.jpg\"><img loading=\"lazy\" decoding=\"async\" class=\"size-full wp-image-24855 alignright\" src=\"https:\/\/olu-limburg.de\/wp-content\/uploads\/2021\/02\/P1060842_ergebnis-e1612527026154.jpg\" alt=\"\" width=\"450\" height=\"600\" \/><\/a><\/p>\n<div id=\"attachment_24856\" style=\"width: 460px\" class=\"wp-caption alignleft\"><a href=\"https:\/\/olu-limburg.de\/wp-content\/uploads\/2021\/02\/P1060846_ergebnis-e1612527039122.jpg\"><img loading=\"lazy\" decoding=\"async\" aria-describedby=\"caption-attachment-24856\" class=\"wp-image-24856 size-full\" src=\"https:\/\/olu-limburg.de\/wp-content\/uploads\/2021\/02\/P1060846_ergebnis-e1612527039122.jpg\" alt=\"\" width=\"450\" height=\"600\" \/><\/a><p id=\"caption-attachment-24856\" class=\"wp-caption-text\">Orgel von 1634\/35<\/p><\/div>\n<div id=\"attachment_24857\" style=\"width: 460px\" class=\"wp-caption alignright\"><a href=\"https:\/\/olu-limburg.de\/wp-content\/uploads\/2021\/02\/P1060847_ergebnis-e1612527053901.jpg\"><img loading=\"lazy\" decoding=\"async\" aria-describedby=\"caption-attachment-24857\" class=\"wp-image-24857 size-full\" src=\"https:\/\/olu-limburg.de\/wp-content\/uploads\/2021\/02\/P1060847_ergebnis-e1612527053901.jpg\" alt=\"\" width=\"450\" height=\"600\" \/><\/a><p id=\"caption-attachment-24857\" class=\"wp-caption-text\">Kanzel von 1597<\/p><\/div>\n<p><a href=\"https:\/\/olu-limburg.de\/wp-content\/uploads\/2021\/02\/P1060848_ergebnis-e1612527066263.jpg\"><img loading=\"lazy\" decoding=\"async\" class=\"size-full wp-image-24858 alignleft\" src=\"https:\/\/olu-limburg.de\/wp-content\/uploads\/2021\/02\/P1060848_ergebnis-e1612527066263.jpg\" alt=\"\" width=\"450\" height=\"600\" \/><\/a><\/p>\n<p><a href=\"https:\/\/olu-limburg.de\/wp-content\/uploads\/2021\/02\/P1060849_ergebnis-e1612527081998.jpg\"><img loading=\"lazy\" decoding=\"async\" class=\"size-full wp-image-24859 alignright\" src=\"https:\/\/olu-limburg.de\/wp-content\/uploads\/2021\/02\/P1060849_ergebnis-e1612527081998.jpg\" alt=\"\" width=\"450\" height=\"600\" \/><\/a><\/p>\n<p><a href=\"https:\/\/olu-limburg.de\/wp-content\/uploads\/2021\/02\/P1060850_ergebnis-e1612527097654.jpg\"><img loading=\"lazy\" decoding=\"async\" class=\"size-full wp-image-24860 aligncenter\" src=\"https:\/\/olu-limburg.de\/wp-content\/uploads\/2021\/02\/P1060850_ergebnis-e1612527097654.jpg\" alt=\"\" width=\"450\" height=\"600\" \/><\/a><\/p>\n<p>Bei der Umgestaltung des Domplatzes kamen bei den Umbauten zwischen 2008 und 2012 Gr\u00e4ber und die \u00dcberreste eines Klosters zum Vorschein. Aufgrund der Untersuchungen soll sich hier der \u00e4lteste Friedhof D\u00e4nemarks befunden haben. Die erste Kirche, von Ansgar gegr\u00fcndet, befand sich auf dem Platz, wo heute der Dom steht. Die ersten Christen wurden um die Kirche herum begraben.<\/p>\n<p><a href=\"https:\/\/olu-limburg.de\/wp-content\/uploads\/2021\/02\/P1060837_ergebnis.jpg\"><img loading=\"lazy\" decoding=\"async\" class=\"size-full wp-image-24851 aligncenter\" src=\"https:\/\/olu-limburg.de\/wp-content\/uploads\/2021\/02\/P1060837_ergebnis.jpg\" alt=\"\" width=\"800\" height=\"600\" srcset=\"https:\/\/olu-limburg.de\/wp-content\/uploads\/2021\/02\/P1060837_ergebnis.jpg 800w, https:\/\/olu-limburg.de\/wp-content\/uploads\/2021\/02\/P1060837_ergebnis-300x225.jpg 300w, https:\/\/olu-limburg.de\/wp-content\/uploads\/2021\/02\/P1060837_ergebnis-768x576.jpg 768w, https:\/\/olu-limburg.de\/wp-content\/uploads\/2021\/02\/P1060837_ergebnis-624x468.jpg 624w\" sizes=\"auto, (max-width: 800px) 100vw, 800px\" \/><\/a><\/p>\n<p>Neben der Kirche befand sich ab 1145 ein Kloster, in dem die Pfarrer der Kirche untergebracht waren. Zu sehen sind noch die Grundmauern des Speisesaals.<\/p>\n<p><a href=\"https:\/\/olu-limburg.de\/wp-content\/uploads\/2021\/02\/P1060853_ergebnis.jpg\"><img loading=\"lazy\" decoding=\"async\" class=\"size-full wp-image-24861 aligncenter\" src=\"https:\/\/olu-limburg.de\/wp-content\/uploads\/2021\/02\/P1060853_ergebnis.jpg\" alt=\"\" width=\"800\" height=\"600\" srcset=\"https:\/\/olu-limburg.de\/wp-content\/uploads\/2021\/02\/P1060853_ergebnis.jpg 800w, https:\/\/olu-limburg.de\/wp-content\/uploads\/2021\/02\/P1060853_ergebnis-300x225.jpg 300w, https:\/\/olu-limburg.de\/wp-content\/uploads\/2021\/02\/P1060853_ergebnis-768x576.jpg 768w, https:\/\/olu-limburg.de\/wp-content\/uploads\/2021\/02\/P1060853_ergebnis-624x468.jpg 624w\" sizes=\"auto, (max-width: 800px) 100vw, 800px\" \/><\/a><\/p>\n<p><a href=\"https:\/\/olu-limburg.de\/wp-content\/uploads\/2021\/02\/P1060855_ergebnis-e1612545558337.jpg\"><img loading=\"lazy\" decoding=\"async\" class=\"size-full wp-image-24877 aligncenter\" src=\"https:\/\/olu-limburg.de\/wp-content\/uploads\/2021\/02\/P1060855_ergebnis-e1612545558337.jpg\" alt=\"\" width=\"450\" height=\"600\" \/><\/a><\/p>\n<p>Bei der Heimkehr von der wirklich ausgedehnten Erkundungstour haben wir einen Stellplatz ergattert. Wir sind aber nochmals umgezogen (Entsorgung in der Nachbarschaft).<\/p>\n<p><a href=\"https:\/\/olu-limburg.de\/wp-content\/uploads\/2021\/02\/20200922_171938_ergebnis.jpg\"><img loading=\"lazy\" decoding=\"async\" class=\"size-full wp-image-24868 aligncenter\" src=\"https:\/\/olu-limburg.de\/wp-content\/uploads\/2021\/02\/20200922_171938_ergebnis.jpg\" alt=\"\" width=\"800\" height=\"600\" srcset=\"https:\/\/olu-limburg.de\/wp-content\/uploads\/2021\/02\/20200922_171938_ergebnis.jpg 800w, https:\/\/olu-limburg.de\/wp-content\/uploads\/2021\/02\/20200922_171938_ergebnis-300x225.jpg 300w, https:\/\/olu-limburg.de\/wp-content\/uploads\/2021\/02\/20200922_171938_ergebnis-768x576.jpg 768w, https:\/\/olu-limburg.de\/wp-content\/uploads\/2021\/02\/20200922_171938_ergebnis-624x468.jpg 624w\" sizes=\"auto, (max-width: 800px) 100vw, 800px\" \/><\/a><\/p>\n<p>Tagesstrecke: 48 km<\/p>\n<p>&nbsp;<\/p>\n<p><strong>Mittwoch, 23.09.2020<\/strong><\/p>\n<p><a href=\"https:\/\/olu-limburg.de\/wp-content\/uploads\/2021\/02\/P1060856_ergebnis.jpg\"><img loading=\"lazy\" decoding=\"async\" class=\"size-full wp-image-24878 aligncenter\" src=\"https:\/\/olu-limburg.de\/wp-content\/uploads\/2021\/02\/P1060856_ergebnis.jpg\" alt=\"\" width=\"800\" height=\"600\" srcset=\"https:\/\/olu-limburg.de\/wp-content\/uploads\/2021\/02\/P1060856_ergebnis.jpg 800w, https:\/\/olu-limburg.de\/wp-content\/uploads\/2021\/02\/P1060856_ergebnis-300x225.jpg 300w, https:\/\/olu-limburg.de\/wp-content\/uploads\/2021\/02\/P1060856_ergebnis-768x576.jpg 768w, https:\/\/olu-limburg.de\/wp-content\/uploads\/2021\/02\/P1060856_ergebnis-624x468.jpg 624w\" sizes=\"auto, (max-width: 800px) 100vw, 800px\" \/><\/a><\/p>\n<p>Und noch einmal zieht es uns in die schmucke Stadt, wo wir tats\u00e4chlich noch weitere sch\u00f6ne Ecken finden.<\/p>\n<p><a href=\"https:\/\/olu-limburg.de\/wp-content\/uploads\/2021\/02\/IMG_20200923_113703_ergebnis.jpg\"><img loading=\"lazy\" decoding=\"async\" class=\"size-full wp-image-24871 aligncenter\" src=\"https:\/\/olu-limburg.de\/wp-content\/uploads\/2021\/02\/IMG_20200923_113703_ergebnis.jpg\" alt=\"\" width=\"800\" height=\"600\" srcset=\"https:\/\/olu-limburg.de\/wp-content\/uploads\/2021\/02\/IMG_20200923_113703_ergebnis.jpg 800w, https:\/\/olu-limburg.de\/wp-content\/uploads\/2021\/02\/IMG_20200923_113703_ergebnis-300x225.jpg 300w, https:\/\/olu-limburg.de\/wp-content\/uploads\/2021\/02\/IMG_20200923_113703_ergebnis-768x576.jpg 768w, https:\/\/olu-limburg.de\/wp-content\/uploads\/2021\/02\/IMG_20200923_113703_ergebnis-624x468.jpg 624w\" sizes=\"auto, (max-width: 800px) 100vw, 800px\" \/><\/a><\/p>\n<p><a href=\"https:\/\/olu-limburg.de\/wp-content\/uploads\/2021\/02\/IMG_20200923_114048_ergebnis-e1612545659270.jpg\"><img loading=\"lazy\" decoding=\"async\" class=\"size-full wp-image-24872 aligncenter\" src=\"https:\/\/olu-limburg.de\/wp-content\/uploads\/2021\/02\/IMG_20200923_114048_ergebnis-e1612545659270.jpg\" alt=\"\" width=\"450\" height=\"600\" \/><\/a><\/p>\n<p><a href=\"https:\/\/olu-limburg.de\/wp-content\/uploads\/2021\/02\/IMG_20200923_114354_ergebnis.jpg\"><img loading=\"lazy\" decoding=\"async\" class=\"size-full wp-image-24873 aligncenter\" src=\"https:\/\/olu-limburg.de\/wp-content\/uploads\/2021\/02\/IMG_20200923_114354_ergebnis.jpg\" alt=\"\" width=\"800\" height=\"600\" srcset=\"https:\/\/olu-limburg.de\/wp-content\/uploads\/2021\/02\/IMG_20200923_114354_ergebnis.jpg 800w, https:\/\/olu-limburg.de\/wp-content\/uploads\/2021\/02\/IMG_20200923_114354_ergebnis-300x225.jpg 300w, https:\/\/olu-limburg.de\/wp-content\/uploads\/2021\/02\/IMG_20200923_114354_ergebnis-768x576.jpg 768w, https:\/\/olu-limburg.de\/wp-content\/uploads\/2021\/02\/IMG_20200923_114354_ergebnis-624x468.jpg 624w\" sizes=\"auto, (max-width: 800px) 100vw, 800px\" \/><\/a><\/p>\n<p><a href=\"https:\/\/olu-limburg.de\/wp-content\/uploads\/2021\/02\/IMG_20200923_114408_ergebnis.jpg\"><img loading=\"lazy\" decoding=\"async\" class=\"size-full wp-image-24874 aligncenter\" src=\"https:\/\/olu-limburg.de\/wp-content\/uploads\/2021\/02\/IMG_20200923_114408_ergebnis.jpg\" alt=\"\" width=\"800\" height=\"600\" srcset=\"https:\/\/olu-limburg.de\/wp-content\/uploads\/2021\/02\/IMG_20200923_114408_ergebnis.jpg 800w, https:\/\/olu-limburg.de\/wp-content\/uploads\/2021\/02\/IMG_20200923_114408_ergebnis-300x225.jpg 300w, https:\/\/olu-limburg.de\/wp-content\/uploads\/2021\/02\/IMG_20200923_114408_ergebnis-768x576.jpg 768w, https:\/\/olu-limburg.de\/wp-content\/uploads\/2021\/02\/IMG_20200923_114408_ergebnis-624x468.jpg 624w\" sizes=\"auto, (max-width: 800px) 100vw, 800px\" \/><\/a><\/p>\n<p><a href=\"https:\/\/olu-limburg.de\/wp-content\/uploads\/2021\/02\/IMG_20200923_121747_ergebnis-e1612545696682.jpg\"><img loading=\"lazy\" decoding=\"async\" class=\"size-full wp-image-24875 aligncenter\" src=\"https:\/\/olu-limburg.de\/wp-content\/uploads\/2021\/02\/IMG_20200923_121747_ergebnis-e1612545696682.jpg\" alt=\"\" width=\"450\" height=\"600\" \/><\/a><\/p>\n<p>Nur mit der Verpflegung ist es schwierig. Dass haben wir schon gestern festgestellt. \u00dcberall gibt es Burger oder sonstigen Fast-Food, und ausl\u00e4ndische K\u00fcche verschiedenster Art.<\/p>\n<p><a href=\"https:\/\/olu-limburg.de\/wp-content\/uploads\/2021\/02\/IMG_20200923_122329_ergebnis-e1612545710258.jpg\"><img loading=\"lazy\" decoding=\"async\" class=\"size-full wp-image-24876 aligncenter\" src=\"https:\/\/olu-limburg.de\/wp-content\/uploads\/2021\/02\/IMG_20200923_122329_ergebnis-e1612545710258.jpg\" alt=\"\" width=\"450\" height=\"600\" \/><\/a><\/p>\n<p><a href=\"https:\/\/olu-limburg.de\/wp-content\/uploads\/2021\/02\/IMG_20200923_132556_ergebnis.jpg\"><img loading=\"lazy\" decoding=\"async\" class=\"size-full wp-image-24894 aligncenter\" src=\"https:\/\/olu-limburg.de\/wp-content\/uploads\/2021\/02\/IMG_20200923_132556_ergebnis.jpg\" alt=\"\" width=\"800\" height=\"600\" srcset=\"https:\/\/olu-limburg.de\/wp-content\/uploads\/2021\/02\/IMG_20200923_132556_ergebnis.jpg 800w, https:\/\/olu-limburg.de\/wp-content\/uploads\/2021\/02\/IMG_20200923_132556_ergebnis-300x225.jpg 300w, https:\/\/olu-limburg.de\/wp-content\/uploads\/2021\/02\/IMG_20200923_132556_ergebnis-768x576.jpg 768w, https:\/\/olu-limburg.de\/wp-content\/uploads\/2021\/02\/IMG_20200923_132556_ergebnis-624x468.jpg 624w\" sizes=\"auto, (max-width: 800px) 100vw, 800px\" \/><\/a><\/p>\n<p>Wir fahren weiter nach L\u00f6gumkloster, um uns das dortige Zisterzienserkloster anzuschauen. Wir haben ja sp\u00e4t gefr\u00fchst\u00fcckt, also k\u00f6nnen wir es auch bis dorthin aushalten.<\/p>\n<p><a href=\"https:\/\/olu-limburg.de\/wp-content\/uploads\/2021\/02\/P1060858_ergebnis.jpg\"><img loading=\"lazy\" decoding=\"async\" class=\"size-full wp-image-24880 aligncenter\" src=\"https:\/\/olu-limburg.de\/wp-content\/uploads\/2021\/02\/P1060858_ergebnis.jpg\" alt=\"\" width=\"800\" height=\"600\" srcset=\"https:\/\/olu-limburg.de\/wp-content\/uploads\/2021\/02\/P1060858_ergebnis.jpg 800w, https:\/\/olu-limburg.de\/wp-content\/uploads\/2021\/02\/P1060858_ergebnis-300x225.jpg 300w, https:\/\/olu-limburg.de\/wp-content\/uploads\/2021\/02\/P1060858_ergebnis-768x576.jpg 768w, https:\/\/olu-limburg.de\/wp-content\/uploads\/2021\/02\/P1060858_ergebnis-624x468.jpg 624w\" sizes=\"auto, (max-width: 800px) 100vw, 800px\" \/><\/a><\/p>\n<p>Nach einer schnell zubereiteten Mahlzeit schauen wir uns die \u00dcberreste des 1173 gegr\u00fcndeten Klosters an. Es war das Tochterkloster von Herrevad (Schonen), dem ersten Zisterzienserkloster im Norden. Von der vierfl\u00fcgeligen Klosteranlage ist nur noch der Ostfl\u00fcgel und die Klosterkirche erhalten. Auch hier finden wir wieder den \u00dcbergang von der Sp\u00e4tromanik zur Fr\u00fchgotik.<\/p>\n<p><a href=\"https:\/\/olu-limburg.de\/wp-content\/uploads\/2021\/02\/P1060860_ergebnis.jpg\"><img loading=\"lazy\" decoding=\"async\" class=\"size-full wp-image-24882 aligncenter\" src=\"https:\/\/olu-limburg.de\/wp-content\/uploads\/2021\/02\/P1060860_ergebnis.jpg\" alt=\"\" width=\"800\" height=\"600\" srcset=\"https:\/\/olu-limburg.de\/wp-content\/uploads\/2021\/02\/P1060860_ergebnis.jpg 800w, https:\/\/olu-limburg.de\/wp-content\/uploads\/2021\/02\/P1060860_ergebnis-300x225.jpg 300w, https:\/\/olu-limburg.de\/wp-content\/uploads\/2021\/02\/P1060860_ergebnis-768x576.jpg 768w, https:\/\/olu-limburg.de\/wp-content\/uploads\/2021\/02\/P1060860_ergebnis-624x468.jpg 624w\" sizes=\"auto, (max-width: 800px) 100vw, 800px\" \/><\/a><\/p>\n<p><a href=\"https:\/\/olu-limburg.de\/wp-content\/uploads\/2021\/02\/P1060892_ergebnis-e1612547526263.jpg\"><img loading=\"lazy\" decoding=\"async\" class=\"size-full wp-image-24892 aligncenter\" src=\"https:\/\/olu-limburg.de\/wp-content\/uploads\/2021\/02\/P1060892_ergebnis-e1612547526263.jpg\" alt=\"\" width=\"450\" height=\"600\" \/><\/a><\/p>\n<div id=\"attachment_24883\" style=\"width: 460px\" class=\"wp-caption alignleft\"><a href=\"https:\/\/olu-limburg.de\/wp-content\/uploads\/2021\/02\/P1060861_ergebnis-e1612547559421.jpg\"><img loading=\"lazy\" decoding=\"async\" aria-describedby=\"caption-attachment-24883\" class=\"wp-image-24883 size-full\" src=\"https:\/\/olu-limburg.de\/wp-content\/uploads\/2021\/02\/P1060861_ergebnis-e1612547559421.jpg\" alt=\"\" width=\"450\" height=\"600\" \/><\/a><p id=\"caption-attachment-24883\" class=\"wp-caption-text\">Aufgang zum Klosterbereich<\/p><\/div>\n<p><a href=\"https:\/\/olu-limburg.de\/wp-content\/uploads\/2021\/02\/P1060869_ergebnis-e1612547611593.jpg\"><img loading=\"lazy\" decoding=\"async\" class=\"size-full wp-image-24886 alignright\" src=\"https:\/\/olu-limburg.de\/wp-content\/uploads\/2021\/02\/P1060869_ergebnis-e1612547611593.jpg\" alt=\"\" width=\"450\" height=\"600\" \/><\/a><\/p>\n<p><a href=\"https:\/\/olu-limburg.de\/wp-content\/uploads\/2021\/02\/P1060867_ergebnis-e1612547669529.jpg\"><img loading=\"lazy\" decoding=\"async\" class=\"size-full wp-image-24885 alignleft\" src=\"https:\/\/olu-limburg.de\/wp-content\/uploads\/2021\/02\/P1060867_ergebnis-e1612547669529.jpg\" alt=\"\" width=\"450\" height=\"600\" \/><\/a><\/p>\n<p><a href=\"https:\/\/olu-limburg.de\/wp-content\/uploads\/2021\/02\/P1060870_ergebnis-e1612547692229.jpg\"><img loading=\"lazy\" decoding=\"async\" class=\"size-full wp-image-24887 alignright\" src=\"https:\/\/olu-limburg.de\/wp-content\/uploads\/2021\/02\/P1060870_ergebnis-e1612547692229.jpg\" alt=\"\" width=\"450\" height=\"600\" \/><\/a><\/p>\n<p><a href=\"https:\/\/olu-limburg.de\/wp-content\/uploads\/2021\/02\/P1060872_ergebnis.jpg\"><img loading=\"lazy\" decoding=\"async\" class=\"size-full wp-image-24889 aligncenter\" src=\"https:\/\/olu-limburg.de\/wp-content\/uploads\/2021\/02\/P1060872_ergebnis.jpg\" alt=\"\" width=\"800\" height=\"600\" srcset=\"https:\/\/olu-limburg.de\/wp-content\/uploads\/2021\/02\/P1060872_ergebnis.jpg 800w, https:\/\/olu-limburg.de\/wp-content\/uploads\/2021\/02\/P1060872_ergebnis-300x225.jpg 300w, https:\/\/olu-limburg.de\/wp-content\/uploads\/2021\/02\/P1060872_ergebnis-768x576.jpg 768w, https:\/\/olu-limburg.de\/wp-content\/uploads\/2021\/02\/P1060872_ergebnis-624x468.jpg 624w\" sizes=\"auto, (max-width: 800px) 100vw, 800px\" \/><\/a><\/p>\n<div id=\"attachment_24890\" style=\"width: 810px\" class=\"wp-caption aligncenter\"><a href=\"https:\/\/olu-limburg.de\/wp-content\/uploads\/2021\/02\/P1060873_ergebnis.jpg\"><img loading=\"lazy\" decoding=\"async\" aria-describedby=\"caption-attachment-24890\" class=\"wp-image-24890 size-full\" src=\"https:\/\/olu-limburg.de\/wp-content\/uploads\/2021\/02\/P1060873_ergebnis.jpg\" alt=\"\" width=\"800\" height=\"600\" srcset=\"https:\/\/olu-limburg.de\/wp-content\/uploads\/2021\/02\/P1060873_ergebnis.jpg 800w, https:\/\/olu-limburg.de\/wp-content\/uploads\/2021\/02\/P1060873_ergebnis-300x225.jpg 300w, https:\/\/olu-limburg.de\/wp-content\/uploads\/2021\/02\/P1060873_ergebnis-768x576.jpg 768w, https:\/\/olu-limburg.de\/wp-content\/uploads\/2021\/02\/P1060873_ergebnis-624x468.jpg 624w\" sizes=\"auto, (max-width: 800px) 100vw, 800px\" \/><\/a><p id=\"caption-attachment-24890\" class=\"wp-caption-text\">alter Aufgang zum Dormitorium<\/p><\/div>\n<p><a href=\"https:\/\/olu-limburg.de\/wp-content\/uploads\/2021\/02\/P1060871_ergebnis.jpg\"><img loading=\"lazy\" decoding=\"async\" class=\"size-full wp-image-24888 aligncenter\" src=\"https:\/\/olu-limburg.de\/wp-content\/uploads\/2021\/02\/P1060871_ergebnis.jpg\" alt=\"\" width=\"800\" height=\"600\" srcset=\"https:\/\/olu-limburg.de\/wp-content\/uploads\/2021\/02\/P1060871_ergebnis.jpg 800w, https:\/\/olu-limburg.de\/wp-content\/uploads\/2021\/02\/P1060871_ergebnis-300x225.jpg 300w, https:\/\/olu-limburg.de\/wp-content\/uploads\/2021\/02\/P1060871_ergebnis-768x576.jpg 768w, https:\/\/olu-limburg.de\/wp-content\/uploads\/2021\/02\/P1060871_ergebnis-624x468.jpg 624w\" sizes=\"auto, (max-width: 800px) 100vw, 800px\" \/><\/a><\/p>\n<p><a href=\"https:\/\/olu-limburg.de\/wp-content\/uploads\/2021\/02\/P1060878_ergebnis-e1612547778329.jpg\"><img loading=\"lazy\" decoding=\"async\" class=\"size-full wp-image-24891 aligncenter\" src=\"https:\/\/olu-limburg.de\/wp-content\/uploads\/2021\/02\/P1060878_ergebnis-e1612547778329.jpg\" alt=\"\" width=\"450\" height=\"600\" \/><\/a><\/p>\n<p>Der benachbarte moderne Glockenturm hat das gr\u00f6\u00dfte Glockenspiel D\u00e4nemarks und erklingt sechsmal am Tag.<\/p>\n<p><a href=\"https:\/\/olu-limburg.de\/wp-content\/uploads\/2021\/02\/P1060896_ergebnis.jpg\"><img loading=\"lazy\" decoding=\"async\" class=\"wp-image-24893 size-full aligncenter\" src=\"https:\/\/olu-limburg.de\/wp-content\/uploads\/2021\/02\/P1060896_ergebnis.jpg\" alt=\"\" width=\"800\" height=\"600\" srcset=\"https:\/\/olu-limburg.de\/wp-content\/uploads\/2021\/02\/P1060896_ergebnis.jpg 800w, https:\/\/olu-limburg.de\/wp-content\/uploads\/2021\/02\/P1060896_ergebnis-300x225.jpg 300w, https:\/\/olu-limburg.de\/wp-content\/uploads\/2021\/02\/P1060896_ergebnis-768x576.jpg 768w, https:\/\/olu-limburg.de\/wp-content\/uploads\/2021\/02\/P1060896_ergebnis-624x468.jpg 624w\" sizes=\"auto, (max-width: 800px) 100vw, 800px\" \/><\/a><\/p>\n<p>Bei unserer Fahrt in Richtung Deutschland erreichen wir die Grenze bei Aventoft. Einige H\u00e4user mit zwei gro\u00dfen Superm\u00e4rkten erwecken den Eindruck g\u00fcnstiger Eink\u00e4ufsm\u00f6glichkeiten. Ich wollte sowieso noch d\u00e4nisches Dosenbier einkaufen. Andere K\u00e4ufer haben ihre Einkaufswagen bis oben hin mit Dosengetr\u00e4nken vollgeladen.<\/p>\n<p>Als ich mit meinem Einkauf zur Kasse komme, werde ich nach Ausfuhrpapieren gefragt. ??? Es geht dabei nicht um den Inhalt der Dosen, sondern um die Dosen selber und die unterschiedlichen Recycling-Bestimmungen. Also zur\u00fcck. Mein Einkauf beschr\u00e4nkt sich deshalb auf 3 x Ritter Sport, 1 x K\u00e4rgarden Butter, 1 Flasche Aalborg Jubil\u00e4ums Akvavit und eine 20er Box mit Budweiser Flaschenbier (das geht). Dadurch bin ich meine DKK los.<\/p>\n<p><a href=\"https:\/\/olu-limburg.de\/wp-content\/uploads\/2021\/02\/20200923_171829_ergebnis.jpg\"><img loading=\"lazy\" decoding=\"async\" class=\"size-full wp-image-24898 aligncenter\" src=\"https:\/\/olu-limburg.de\/wp-content\/uploads\/2021\/02\/20200923_171829_ergebnis.jpg\" alt=\"\" width=\"800\" height=\"600\" srcset=\"https:\/\/olu-limburg.de\/wp-content\/uploads\/2021\/02\/20200923_171829_ergebnis.jpg 800w, https:\/\/olu-limburg.de\/wp-content\/uploads\/2021\/02\/20200923_171829_ergebnis-300x225.jpg 300w, https:\/\/olu-limburg.de\/wp-content\/uploads\/2021\/02\/20200923_171829_ergebnis-768x576.jpg 768w, https:\/\/olu-limburg.de\/wp-content\/uploads\/2021\/02\/20200923_171829_ergebnis-624x468.jpg 624w\" sizes=\"auto, (max-width: 800px) 100vw, 800px\" \/><\/a><\/p>\n<p>F\u00fcr das Nolde-Museum ist es jetzt zu sp\u00e4t. Deshalb fahren wir zum \u00dcbernachten auf den nicht mehr weit entfernten kostenlosen Stellplatz &#8222;Am Badedeich&#8220; (mit Strom und Frischwasser gegen Geb\u00fchr) von Emmelsb\u00fcll-Horsb\u00fcll. Er ist auf drei Stellpl\u00e4tze stark verkleinert worden, und man kann nicht mehr auf der Wiese stehen. Da diese bereits belegt waren, haben wir uns auf den breiten Randstreifen entlang des Wirtschaftsweges gestellt.<\/p>\n<p><a href=\"https:\/\/olu-limburg.de\/wp-content\/uploads\/2021\/02\/P1060897_ergebnis.jpg\"><img loading=\"lazy\" decoding=\"async\" class=\"size-full wp-image-24902 aligncenter\" src=\"https:\/\/olu-limburg.de\/wp-content\/uploads\/2021\/02\/P1060897_ergebnis.jpg\" alt=\"\" width=\"800\" height=\"600\" srcset=\"https:\/\/olu-limburg.de\/wp-content\/uploads\/2021\/02\/P1060897_ergebnis.jpg 800w, https:\/\/olu-limburg.de\/wp-content\/uploads\/2021\/02\/P1060897_ergebnis-300x225.jpg 300w, https:\/\/olu-limburg.de\/wp-content\/uploads\/2021\/02\/P1060897_ergebnis-768x576.jpg 768w, https:\/\/olu-limburg.de\/wp-content\/uploads\/2021\/02\/P1060897_ergebnis-624x468.jpg 624w\" sizes=\"auto, (max-width: 800px) 100vw, 800px\" \/><\/a><a href=\"https:\/\/olu-limburg.de\/wp-content\/uploads\/2021\/02\/P1060900_ergebnis.jpg\"><img loading=\"lazy\" decoding=\"async\" class=\"size-full wp-image-24903 aligncenter\" src=\"https:\/\/olu-limburg.de\/wp-content\/uploads\/2021\/02\/P1060900_ergebnis.jpg\" alt=\"\" width=\"800\" height=\"600\" srcset=\"https:\/\/olu-limburg.de\/wp-content\/uploads\/2021\/02\/P1060900_ergebnis.jpg 800w, https:\/\/olu-limburg.de\/wp-content\/uploads\/2021\/02\/P1060900_ergebnis-300x225.jpg 300w, https:\/\/olu-limburg.de\/wp-content\/uploads\/2021\/02\/P1060900_ergebnis-768x576.jpg 768w, https:\/\/olu-limburg.de\/wp-content\/uploads\/2021\/02\/P1060900_ergebnis-624x468.jpg 624w\" sizes=\"auto, (max-width: 800px) 100vw, 800px\" \/><\/a><\/p>\n<p><a href=\"https:\/\/olu-limburg.de\/wp-content\/uploads\/2021\/02\/IMG_20200923_181904_ergebnis.jpg\"><img loading=\"lazy\" decoding=\"async\" class=\"size-full wp-image-24901 aligncenter\" src=\"https:\/\/olu-limburg.de\/wp-content\/uploads\/2021\/02\/IMG_20200923_181904_ergebnis.jpg\" alt=\"\" width=\"800\" height=\"600\" srcset=\"https:\/\/olu-limburg.de\/wp-content\/uploads\/2021\/02\/IMG_20200923_181904_ergebnis.jpg 800w, https:\/\/olu-limburg.de\/wp-content\/uploads\/2021\/02\/IMG_20200923_181904_ergebnis-300x225.jpg 300w, https:\/\/olu-limburg.de\/wp-content\/uploads\/2021\/02\/IMG_20200923_181904_ergebnis-768x576.jpg 768w, https:\/\/olu-limburg.de\/wp-content\/uploads\/2021\/02\/IMG_20200923_181904_ergebnis-624x468.jpg 624w\" sizes=\"auto, (max-width: 800px) 100vw, 800px\" \/><\/a><\/p>\n<p><a href=\"https:\/\/olu-limburg.de\/wp-content\/uploads\/2021\/02\/IMG_20200923_181845_ergebnis.jpg\"><img loading=\"lazy\" decoding=\"async\" class=\"size-full wp-image-24900 aligncenter\" src=\"https:\/\/olu-limburg.de\/wp-content\/uploads\/2021\/02\/IMG_20200923_181845_ergebnis.jpg\" alt=\"\" width=\"800\" height=\"600\" srcset=\"https:\/\/olu-limburg.de\/wp-content\/uploads\/2021\/02\/IMG_20200923_181845_ergebnis.jpg 800w, https:\/\/olu-limburg.de\/wp-content\/uploads\/2021\/02\/IMG_20200923_181845_ergebnis-300x225.jpg 300w, https:\/\/olu-limburg.de\/wp-content\/uploads\/2021\/02\/IMG_20200923_181845_ergebnis-768x576.jpg 768w, https:\/\/olu-limburg.de\/wp-content\/uploads\/2021\/02\/IMG_20200923_181845_ergebnis-624x468.jpg 624w\" sizes=\"auto, (max-width: 800px) 100vw, 800px\" \/><\/a><\/p>\n<p><a href=\"https:\/\/olu-limburg.de\/wp-content\/uploads\/2021\/02\/P1060901_ergebnis.jpg\"><img loading=\"lazy\" decoding=\"async\" class=\"size-full wp-image-24904 aligncenter\" src=\"https:\/\/olu-limburg.de\/wp-content\/uploads\/2021\/02\/P1060901_ergebnis.jpg\" alt=\"\" width=\"800\" height=\"600\" srcset=\"https:\/\/olu-limburg.de\/wp-content\/uploads\/2021\/02\/P1060901_ergebnis.jpg 800w, https:\/\/olu-limburg.de\/wp-content\/uploads\/2021\/02\/P1060901_ergebnis-300x225.jpg 300w, https:\/\/olu-limburg.de\/wp-content\/uploads\/2021\/02\/P1060901_ergebnis-768x576.jpg 768w, https:\/\/olu-limburg.de\/wp-content\/uploads\/2021\/02\/P1060901_ergebnis-624x468.jpg 624w\" sizes=\"auto, (max-width: 800px) 100vw, 800px\" \/><\/a><\/p>\n<div id=\"attachment_24899\" style=\"width: 810px\" class=\"wp-caption aligncenter\"><a href=\"https:\/\/olu-limburg.de\/wp-content\/uploads\/2021\/02\/IMG_20200923_181815_ergebnis.jpg\"><img loading=\"lazy\" decoding=\"async\" aria-describedby=\"caption-attachment-24899\" class=\"wp-image-24899 size-full\" src=\"https:\/\/olu-limburg.de\/wp-content\/uploads\/2021\/02\/IMG_20200923_181815_ergebnis.jpg\" alt=\"\" width=\"800\" height=\"600\" srcset=\"https:\/\/olu-limburg.de\/wp-content\/uploads\/2021\/02\/IMG_20200923_181815_ergebnis.jpg 800w, https:\/\/olu-limburg.de\/wp-content\/uploads\/2021\/02\/IMG_20200923_181815_ergebnis-300x225.jpg 300w, https:\/\/olu-limburg.de\/wp-content\/uploads\/2021\/02\/IMG_20200923_181815_ergebnis-768x576.jpg 768w, https:\/\/olu-limburg.de\/wp-content\/uploads\/2021\/02\/IMG_20200923_181815_ergebnis-624x468.jpg 624w\" sizes=\"auto, (max-width: 800px) 100vw, 800px\" \/><\/a><p id=\"caption-attachment-24899\" class=\"wp-caption-text\">Blick auf das Meeresschwimmbecken<\/p><\/div>\n<p>Tagesstrecke: 96 km<\/p>\n<p>&nbsp;<\/p>\n<p><strong>Donnerstag, 24.09.2020<\/strong><\/p>\n<p>Heute haben wir strahlendblauen Himmel und eisigen Wind.<\/p>\n<p><a href=\"https:\/\/olu-limburg.de\/wp-content\/uploads\/2021\/02\/P1060906_ergebnis.jpg\"><img loading=\"lazy\" decoding=\"async\" class=\"size-full wp-image-24910 aligncenter\" src=\"https:\/\/olu-limburg.de\/wp-content\/uploads\/2021\/02\/P1060906_ergebnis.jpg\" alt=\"\" width=\"800\" height=\"600\" srcset=\"https:\/\/olu-limburg.de\/wp-content\/uploads\/2021\/02\/P1060906_ergebnis.jpg 800w, https:\/\/olu-limburg.de\/wp-content\/uploads\/2021\/02\/P1060906_ergebnis-300x225.jpg 300w, https:\/\/olu-limburg.de\/wp-content\/uploads\/2021\/02\/P1060906_ergebnis-768x576.jpg 768w, https:\/\/olu-limburg.de\/wp-content\/uploads\/2021\/02\/P1060906_ergebnis-624x468.jpg 624w\" sizes=\"auto, (max-width: 800px) 100vw, 800px\" \/><\/a><\/p>\n<p><a href=\"https:\/\/olu-limburg.de\/wp-content\/uploads\/2021\/02\/P1060907_ergebnis.jpg\"><img loading=\"lazy\" decoding=\"async\" class=\"size-full wp-image-24911 aligncenter\" src=\"https:\/\/olu-limburg.de\/wp-content\/uploads\/2021\/02\/P1060907_ergebnis.jpg\" alt=\"\" width=\"800\" height=\"600\" srcset=\"https:\/\/olu-limburg.de\/wp-content\/uploads\/2021\/02\/P1060907_ergebnis.jpg 800w, https:\/\/olu-limburg.de\/wp-content\/uploads\/2021\/02\/P1060907_ergebnis-300x225.jpg 300w, https:\/\/olu-limburg.de\/wp-content\/uploads\/2021\/02\/P1060907_ergebnis-768x576.jpg 768w, https:\/\/olu-limburg.de\/wp-content\/uploads\/2021\/02\/P1060907_ergebnis-624x468.jpg 624w\" sizes=\"auto, (max-width: 800px) 100vw, 800px\" \/><\/a><\/p>\n<p><a href=\"https:\/\/olu-limburg.de\/wp-content\/uploads\/2021\/02\/IMG_20200924_111142_ergebnis.jpg\"><img loading=\"lazy\" decoding=\"async\" class=\"size-full wp-image-24908 aligncenter\" src=\"https:\/\/olu-limburg.de\/wp-content\/uploads\/2021\/02\/IMG_20200924_111142_ergebnis.jpg\" alt=\"\" width=\"800\" height=\"600\" srcset=\"https:\/\/olu-limburg.de\/wp-content\/uploads\/2021\/02\/IMG_20200924_111142_ergebnis.jpg 800w, https:\/\/olu-limburg.de\/wp-content\/uploads\/2021\/02\/IMG_20200924_111142_ergebnis-300x225.jpg 300w, https:\/\/olu-limburg.de\/wp-content\/uploads\/2021\/02\/IMG_20200924_111142_ergebnis-768x576.jpg 768w, https:\/\/olu-limburg.de\/wp-content\/uploads\/2021\/02\/IMG_20200924_111142_ergebnis-624x468.jpg 624w\" sizes=\"auto, (max-width: 800px) 100vw, 800px\" \/><\/a><\/p>\n<p><a href=\"https:\/\/olu-limburg.de\/wp-content\/uploads\/2021\/02\/IMG_20200924_111255_ergebnis.jpg\"><img loading=\"lazy\" decoding=\"async\" class=\"size-full wp-image-24909 aligncenter\" src=\"https:\/\/olu-limburg.de\/wp-content\/uploads\/2021\/02\/IMG_20200924_111255_ergebnis.jpg\" alt=\"\" width=\"800\" height=\"600\" srcset=\"https:\/\/olu-limburg.de\/wp-content\/uploads\/2021\/02\/IMG_20200924_111255_ergebnis.jpg 800w, https:\/\/olu-limburg.de\/wp-content\/uploads\/2021\/02\/IMG_20200924_111255_ergebnis-300x225.jpg 300w, https:\/\/olu-limburg.de\/wp-content\/uploads\/2021\/02\/IMG_20200924_111255_ergebnis-768x576.jpg 768w, https:\/\/olu-limburg.de\/wp-content\/uploads\/2021\/02\/IMG_20200924_111255_ergebnis-624x468.jpg 624w\" sizes=\"auto, (max-width: 800px) 100vw, 800px\" \/><\/a><\/p>\n<p>F\u00fcr die erste Station heute fahren wir wieder ein St\u00fcck zur\u00fcck. Wir wollen zum Nolde-Museum bei Seeb\u00fcll. Dort gibt es die 64. Jahresausstellung &#8222;Emil Nolde &#8211; Der Zauber des kleinen Formats&#8220;. Zum Gl\u00fcck durfte die Stiftung wieder unter ganz strengen Corona-Richtlinien das Besucherforum und den K\u00fcnstlergarten \u00f6ffnen. In das 1927 von Emil Nolde fertiggestellte Wohnhaus kann man momentan nicht hinein, da dort denkmalgerecht saniert wird.<\/p>\n<p><a href=\"https:\/\/olu-limburg.de\/wp-content\/uploads\/2021\/02\/P1060911_ergebnis.jpg\"><img loading=\"lazy\" decoding=\"async\" class=\"size-full wp-image-24912 aligncenter\" src=\"https:\/\/olu-limburg.de\/wp-content\/uploads\/2021\/02\/P1060911_ergebnis.jpg\" alt=\"\" width=\"800\" height=\"600\" srcset=\"https:\/\/olu-limburg.de\/wp-content\/uploads\/2021\/02\/P1060911_ergebnis.jpg 800w, https:\/\/olu-limburg.de\/wp-content\/uploads\/2021\/02\/P1060911_ergebnis-300x225.jpg 300w, https:\/\/olu-limburg.de\/wp-content\/uploads\/2021\/02\/P1060911_ergebnis-768x576.jpg 768w, https:\/\/olu-limburg.de\/wp-content\/uploads\/2021\/02\/P1060911_ergebnis-624x468.jpg 624w\" sizes=\"auto, (max-width: 800px) 100vw, 800px\" \/><\/a><\/p>\n<div id=\"attachment_24913\" style=\"width: 810px\" class=\"wp-caption aligncenter\"><a href=\"https:\/\/olu-limburg.de\/wp-content\/uploads\/2021\/02\/P1060912_ergebnis.jpg\"><img loading=\"lazy\" decoding=\"async\" aria-describedby=\"caption-attachment-24913\" class=\"wp-image-24913 size-full\" src=\"https:\/\/olu-limburg.de\/wp-content\/uploads\/2021\/02\/P1060912_ergebnis.jpg\" alt=\"\" width=\"800\" height=\"600\" srcset=\"https:\/\/olu-limburg.de\/wp-content\/uploads\/2021\/02\/P1060912_ergebnis.jpg 800w, https:\/\/olu-limburg.de\/wp-content\/uploads\/2021\/02\/P1060912_ergebnis-300x225.jpg 300w, https:\/\/olu-limburg.de\/wp-content\/uploads\/2021\/02\/P1060912_ergebnis-768x576.jpg 768w, https:\/\/olu-limburg.de\/wp-content\/uploads\/2021\/02\/P1060912_ergebnis-624x468.jpg 624w\" sizes=\"auto, (max-width: 800px) 100vw, 800px\" \/><\/a><p id=\"caption-attachment-24913\" class=\"wp-caption-text\">Blick auf das versteckte Wohnhaus Noldes<\/p><\/div>\n<div id=\"attachment_24914\" style=\"width: 810px\" class=\"wp-caption aligncenter\"><a href=\"https:\/\/olu-limburg.de\/wp-content\/uploads\/2021\/02\/P1060914_ergebnis.jpg\"><img loading=\"lazy\" decoding=\"async\" aria-describedby=\"caption-attachment-24914\" class=\"wp-image-24914 size-full\" src=\"https:\/\/olu-limburg.de\/wp-content\/uploads\/2021\/02\/P1060914_ergebnis.jpg\" alt=\"\" width=\"800\" height=\"600\" srcset=\"https:\/\/olu-limburg.de\/wp-content\/uploads\/2021\/02\/P1060914_ergebnis.jpg 800w, https:\/\/olu-limburg.de\/wp-content\/uploads\/2021\/02\/P1060914_ergebnis-300x225.jpg 300w, https:\/\/olu-limburg.de\/wp-content\/uploads\/2021\/02\/P1060914_ergebnis-768x576.jpg 768w, https:\/\/olu-limburg.de\/wp-content\/uploads\/2021\/02\/P1060914_ergebnis-624x468.jpg 624w\" sizes=\"auto, (max-width: 800px) 100vw, 800px\" \/><\/a><p id=\"caption-attachment-24914\" class=\"wp-caption-text\">H\u00fclltoft Hof heute<\/p><\/div>\n<p><a href=\"https:\/\/olu-limburg.de\/wp-content\/uploads\/2021\/02\/P1060916_ergebnis.jpg\"><img loading=\"lazy\" decoding=\"async\" class=\"size-full wp-image-24923 aligncenter\" src=\"https:\/\/olu-limburg.de\/wp-content\/uploads\/2021\/02\/P1060916_ergebnis.jpg\" alt=\"\" width=\"800\" height=\"600\" srcset=\"https:\/\/olu-limburg.de\/wp-content\/uploads\/2021\/02\/P1060916_ergebnis.jpg 800w, https:\/\/olu-limburg.de\/wp-content\/uploads\/2021\/02\/P1060916_ergebnis-300x225.jpg 300w, https:\/\/olu-limburg.de\/wp-content\/uploads\/2021\/02\/P1060916_ergebnis-768x576.jpg 768w, https:\/\/olu-limburg.de\/wp-content\/uploads\/2021\/02\/P1060916_ergebnis-624x468.jpg 624w\" sizes=\"auto, (max-width: 800px) 100vw, 800px\" \/><\/a><\/p>\n<p>Zum ersten Mal findet die Jahresausstellung nicht im Wohn- und Atelierhaus Noldes, sondern im Besucherforum statt.<\/p>\n<p><a href=\"https:\/\/olu-limburg.de\/wp-content\/uploads\/2021\/02\/P1060918_ergebnis.jpg\"><img loading=\"lazy\" decoding=\"async\" class=\"size-full wp-image-24916 aligncenter\" src=\"https:\/\/olu-limburg.de\/wp-content\/uploads\/2021\/02\/P1060918_ergebnis.jpg\" alt=\"\" width=\"800\" height=\"600\" srcset=\"https:\/\/olu-limburg.de\/wp-content\/uploads\/2021\/02\/P1060918_ergebnis.jpg 800w, https:\/\/olu-limburg.de\/wp-content\/uploads\/2021\/02\/P1060918_ergebnis-300x225.jpg 300w, https:\/\/olu-limburg.de\/wp-content\/uploads\/2021\/02\/P1060918_ergebnis-768x576.jpg 768w, https:\/\/olu-limburg.de\/wp-content\/uploads\/2021\/02\/P1060918_ergebnis-624x468.jpg 624w\" sizes=\"auto, (max-width: 800px) 100vw, 800px\" \/><\/a><\/p>\n<p><a href=\"https:\/\/olu-limburg.de\/wp-content\/uploads\/2021\/02\/P1060919_ergebnis.jpg\"><img loading=\"lazy\" decoding=\"async\" class=\"size-full wp-image-24917 aligncenter\" src=\"https:\/\/olu-limburg.de\/wp-content\/uploads\/2021\/02\/P1060919_ergebnis.jpg\" alt=\"\" width=\"800\" height=\"600\" srcset=\"https:\/\/olu-limburg.de\/wp-content\/uploads\/2021\/02\/P1060919_ergebnis.jpg 800w, https:\/\/olu-limburg.de\/wp-content\/uploads\/2021\/02\/P1060919_ergebnis-300x225.jpg 300w, https:\/\/olu-limburg.de\/wp-content\/uploads\/2021\/02\/P1060919_ergebnis-768x576.jpg 768w, https:\/\/olu-limburg.de\/wp-content\/uploads\/2021\/02\/P1060919_ergebnis-624x468.jpg 624w\" sizes=\"auto, (max-width: 800px) 100vw, 800px\" \/><\/a><\/p>\n<p><a href=\"https:\/\/olu-limburg.de\/wp-content\/uploads\/2021\/02\/P1060922_ergebnis.jpg\"><img loading=\"lazy\" decoding=\"async\" class=\"size-full wp-image-24918 aligncenter\" src=\"https:\/\/olu-limburg.de\/wp-content\/uploads\/2021\/02\/P1060922_ergebnis.jpg\" alt=\"\" width=\"800\" height=\"600\" srcset=\"https:\/\/olu-limburg.de\/wp-content\/uploads\/2021\/02\/P1060922_ergebnis.jpg 800w, https:\/\/olu-limburg.de\/wp-content\/uploads\/2021\/02\/P1060922_ergebnis-300x225.jpg 300w, https:\/\/olu-limburg.de\/wp-content\/uploads\/2021\/02\/P1060922_ergebnis-768x576.jpg 768w, https:\/\/olu-limburg.de\/wp-content\/uploads\/2021\/02\/P1060922_ergebnis-624x468.jpg 624w\" sizes=\"auto, (max-width: 800px) 100vw, 800px\" \/><\/a><\/p>\n<p><a href=\"https:\/\/olu-limburg.de\/wp-content\/uploads\/2021\/02\/P1060928_ergebnis.jpg\"><img loading=\"lazy\" decoding=\"async\" class=\"size-full wp-image-24920 aligncenter\" src=\"https:\/\/olu-limburg.de\/wp-content\/uploads\/2021\/02\/P1060928_ergebnis.jpg\" alt=\"\" width=\"800\" height=\"600\" srcset=\"https:\/\/olu-limburg.de\/wp-content\/uploads\/2021\/02\/P1060928_ergebnis.jpg 800w, https:\/\/olu-limburg.de\/wp-content\/uploads\/2021\/02\/P1060928_ergebnis-300x225.jpg 300w, https:\/\/olu-limburg.de\/wp-content\/uploads\/2021\/02\/P1060928_ergebnis-768x576.jpg 768w, https:\/\/olu-limburg.de\/wp-content\/uploads\/2021\/02\/P1060928_ergebnis-624x468.jpg 624w\" sizes=\"auto, (max-width: 800px) 100vw, 800px\" \/><\/a><\/p>\n<p><a href=\"https:\/\/olu-limburg.de\/wp-content\/uploads\/2021\/02\/P1060935_ergebnis-e1612696859176.jpg\"><img loading=\"lazy\" decoding=\"async\" class=\"size-full wp-image-24921 aligncenter\" src=\"https:\/\/olu-limburg.de\/wp-content\/uploads\/2021\/02\/P1060935_ergebnis-e1612696859176.jpg\" alt=\"\" width=\"450\" height=\"600\" \/><\/a><\/p>\n<p><a href=\"https:\/\/olu-limburg.de\/wp-content\/uploads\/2021\/02\/P1060930_ergebnis.jpg\"><img loading=\"lazy\" decoding=\"async\" class=\"size-full wp-image-24924 aligncenter\" src=\"https:\/\/olu-limburg.de\/wp-content\/uploads\/2021\/02\/P1060930_ergebnis.jpg\" alt=\"\" width=\"800\" height=\"600\" srcset=\"https:\/\/olu-limburg.de\/wp-content\/uploads\/2021\/02\/P1060930_ergebnis.jpg 800w, https:\/\/olu-limburg.de\/wp-content\/uploads\/2021\/02\/P1060930_ergebnis-300x225.jpg 300w, https:\/\/olu-limburg.de\/wp-content\/uploads\/2021\/02\/P1060930_ergebnis-768x576.jpg 768w, https:\/\/olu-limburg.de\/wp-content\/uploads\/2021\/02\/P1060930_ergebnis-624x468.jpg 624w\" sizes=\"auto, (max-width: 800px) 100vw, 800px\" \/><\/a><\/p>\n<p>Anschlie\u00dfend genie\u00dfen wir bei sonnigem Wetter den Spaziergang durch den K\u00fcnstlergarten, den Emil Nolde selbst konzipiert hat. Nach ausgiebigen und wieder verworfenen Planungen hat er den Garten um die Buchstaben A und E, aus denen die Wege wurden, entworfen.<\/p>\n<p><a href=\"https:\/\/olu-limburg.de\/wp-content\/uploads\/2021\/02\/P1060940_ergebnis.jpg\"><img loading=\"lazy\" decoding=\"async\" class=\"size-full wp-image-24935 aligncenter\" src=\"https:\/\/olu-limburg.de\/wp-content\/uploads\/2021\/02\/P1060940_ergebnis.jpg\" alt=\"\" width=\"800\" height=\"600\" srcset=\"https:\/\/olu-limburg.de\/wp-content\/uploads\/2021\/02\/P1060940_ergebnis.jpg 800w, https:\/\/olu-limburg.de\/wp-content\/uploads\/2021\/02\/P1060940_ergebnis-300x225.jpg 300w, https:\/\/olu-limburg.de\/wp-content\/uploads\/2021\/02\/P1060940_ergebnis-768x576.jpg 768w, https:\/\/olu-limburg.de\/wp-content\/uploads\/2021\/02\/P1060940_ergebnis-624x468.jpg 624w\" sizes=\"auto, (max-width: 800px) 100vw, 800px\" \/><\/a><\/p>\n<p><a href=\"https:\/\/olu-limburg.de\/wp-content\/uploads\/2021\/02\/P1060939_ergebnis.jpg\"><img loading=\"lazy\" decoding=\"async\" class=\"size-full wp-image-24934 aligncenter\" src=\"https:\/\/olu-limburg.de\/wp-content\/uploads\/2021\/02\/P1060939_ergebnis.jpg\" alt=\"\" width=\"800\" height=\"600\" srcset=\"https:\/\/olu-limburg.de\/wp-content\/uploads\/2021\/02\/P1060939_ergebnis.jpg 800w, https:\/\/olu-limburg.de\/wp-content\/uploads\/2021\/02\/P1060939_ergebnis-300x225.jpg 300w, https:\/\/olu-limburg.de\/wp-content\/uploads\/2021\/02\/P1060939_ergebnis-768x576.jpg 768w, https:\/\/olu-limburg.de\/wp-content\/uploads\/2021\/02\/P1060939_ergebnis-624x468.jpg 624w\" sizes=\"auto, (max-width: 800px) 100vw, 800px\" \/><\/a><\/p>\n<p><a href=\"https:\/\/olu-limburg.de\/wp-content\/uploads\/2021\/02\/IMG_20200924_135610_ergebnis.jpg\"><img loading=\"lazy\" decoding=\"async\" class=\"size-full wp-image-24930 aligncenter\" src=\"https:\/\/olu-limburg.de\/wp-content\/uploads\/2021\/02\/IMG_20200924_135610_ergebnis.jpg\" alt=\"\" width=\"800\" height=\"600\" srcset=\"https:\/\/olu-limburg.de\/wp-content\/uploads\/2021\/02\/IMG_20200924_135610_ergebnis.jpg 800w, https:\/\/olu-limburg.de\/wp-content\/uploads\/2021\/02\/IMG_20200924_135610_ergebnis-300x225.jpg 300w, https:\/\/olu-limburg.de\/wp-content\/uploads\/2021\/02\/IMG_20200924_135610_ergebnis-768x576.jpg 768w, https:\/\/olu-limburg.de\/wp-content\/uploads\/2021\/02\/IMG_20200924_135610_ergebnis-624x468.jpg 624w\" sizes=\"auto, (max-width: 800px) 100vw, 800px\" \/><\/a><\/p>\n<p><a href=\"https:\/\/olu-limburg.de\/wp-content\/uploads\/2021\/02\/IMG_20200924_135142_ergebnis.jpg\"><img loading=\"lazy\" decoding=\"async\" class=\"size-full wp-image-24927 aligncenter\" src=\"https:\/\/olu-limburg.de\/wp-content\/uploads\/2021\/02\/IMG_20200924_135142_ergebnis.jpg\" alt=\"\" width=\"800\" height=\"600\" srcset=\"https:\/\/olu-limburg.de\/wp-content\/uploads\/2021\/02\/IMG_20200924_135142_ergebnis.jpg 800w, https:\/\/olu-limburg.de\/wp-content\/uploads\/2021\/02\/IMG_20200924_135142_ergebnis-300x225.jpg 300w, https:\/\/olu-limburg.de\/wp-content\/uploads\/2021\/02\/IMG_20200924_135142_ergebnis-768x576.jpg 768w, https:\/\/olu-limburg.de\/wp-content\/uploads\/2021\/02\/IMG_20200924_135142_ergebnis-624x468.jpg 624w\" sizes=\"auto, (max-width: 800px) 100vw, 800px\" \/><\/a><\/p>\n<p><a href=\"https:\/\/olu-limburg.de\/wp-content\/uploads\/2021\/02\/P1060949_ergebnis-e1612699705561.jpg\"><img loading=\"lazy\" decoding=\"async\" class=\"size-full wp-image-24941 aligncenter\" src=\"https:\/\/olu-limburg.de\/wp-content\/uploads\/2021\/02\/P1060949_ergebnis-e1612699705561.jpg\" alt=\"\" width=\"450\" height=\"600\" \/><\/a><\/p>\n<p><a href=\"https:\/\/olu-limburg.de\/wp-content\/uploads\/2021\/02\/IMG_20200924_135157_ergebnis.jpg\"><img loading=\"lazy\" decoding=\"async\" class=\"size-full wp-image-24928 aligncenter\" src=\"https:\/\/olu-limburg.de\/wp-content\/uploads\/2021\/02\/IMG_20200924_135157_ergebnis.jpg\" alt=\"\" width=\"800\" height=\"600\" srcset=\"https:\/\/olu-limburg.de\/wp-content\/uploads\/2021\/02\/IMG_20200924_135157_ergebnis.jpg 800w, https:\/\/olu-limburg.de\/wp-content\/uploads\/2021\/02\/IMG_20200924_135157_ergebnis-300x225.jpg 300w, https:\/\/olu-limburg.de\/wp-content\/uploads\/2021\/02\/IMG_20200924_135157_ergebnis-768x576.jpg 768w, https:\/\/olu-limburg.de\/wp-content\/uploads\/2021\/02\/IMG_20200924_135157_ergebnis-624x468.jpg 624w\" sizes=\"auto, (max-width: 800px) 100vw, 800px\" \/><\/a><\/p>\n<p><a href=\"https:\/\/olu-limburg.de\/wp-content\/uploads\/2021\/02\/P1060950_ergebnis.jpg\"><img loading=\"lazy\" decoding=\"async\" class=\"size-full wp-image-24942 aligncenter\" src=\"https:\/\/olu-limburg.de\/wp-content\/uploads\/2021\/02\/P1060950_ergebnis.jpg\" alt=\"\" width=\"800\" height=\"600\" srcset=\"https:\/\/olu-limburg.de\/wp-content\/uploads\/2021\/02\/P1060950_ergebnis.jpg 800w, https:\/\/olu-limburg.de\/wp-content\/uploads\/2021\/02\/P1060950_ergebnis-300x225.jpg 300w, https:\/\/olu-limburg.de\/wp-content\/uploads\/2021\/02\/P1060950_ergebnis-768x576.jpg 768w, https:\/\/olu-limburg.de\/wp-content\/uploads\/2021\/02\/P1060950_ergebnis-624x468.jpg 624w\" sizes=\"auto, (max-width: 800px) 100vw, 800px\" \/><\/a><\/p>\n<p><a href=\"https:\/\/olu-limburg.de\/wp-content\/uploads\/2021\/02\/IMG_20200924_140107_ergebnis.jpg\"><img loading=\"lazy\" decoding=\"async\" class=\"size-full wp-image-24932 aligncenter\" src=\"https:\/\/olu-limburg.de\/wp-content\/uploads\/2021\/02\/IMG_20200924_140107_ergebnis.jpg\" alt=\"\" width=\"800\" height=\"600\" srcset=\"https:\/\/olu-limburg.de\/wp-content\/uploads\/2021\/02\/IMG_20200924_140107_ergebnis.jpg 800w, https:\/\/olu-limburg.de\/wp-content\/uploads\/2021\/02\/IMG_20200924_140107_ergebnis-300x225.jpg 300w, https:\/\/olu-limburg.de\/wp-content\/uploads\/2021\/02\/IMG_20200924_140107_ergebnis-768x576.jpg 768w, https:\/\/olu-limburg.de\/wp-content\/uploads\/2021\/02\/IMG_20200924_140107_ergebnis-624x468.jpg 624w\" sizes=\"auto, (max-width: 800px) 100vw, 800px\" \/><\/a><\/p>\n<div id=\"attachment_24931\" style=\"width: 810px\" class=\"wp-caption aligncenter\"><a href=\"https:\/\/olu-limburg.de\/wp-content\/uploads\/2021\/02\/IMG_20200924_135628_ergebnis.jpg\"><img loading=\"lazy\" decoding=\"async\" aria-describedby=\"caption-attachment-24931\" class=\"wp-image-24931 size-full\" src=\"https:\/\/olu-limburg.de\/wp-content\/uploads\/2021\/02\/IMG_20200924_135628_ergebnis.jpg\" alt=\"\" width=\"800\" height=\"600\" srcset=\"https:\/\/olu-limburg.de\/wp-content\/uploads\/2021\/02\/IMG_20200924_135628_ergebnis.jpg 800w, https:\/\/olu-limburg.de\/wp-content\/uploads\/2021\/02\/IMG_20200924_135628_ergebnis-300x225.jpg 300w, https:\/\/olu-limburg.de\/wp-content\/uploads\/2021\/02\/IMG_20200924_135628_ergebnis-768x576.jpg 768w, https:\/\/olu-limburg.de\/wp-content\/uploads\/2021\/02\/IMG_20200924_135628_ergebnis-624x468.jpg 624w\" sizes=\"auto, (max-width: 800px) 100vw, 800px\" \/><\/a><p id=\"caption-attachment-24931\" class=\"wp-caption-text\">das Wohn- und Atelierhaus Noldes<\/p><\/div>\n<p><a href=\"https:\/\/olu-limburg.de\/wp-content\/uploads\/2021\/02\/P1060948_ergebnis.jpg\"><img loading=\"lazy\" decoding=\"async\" class=\"size-full wp-image-24940 aligncenter\" src=\"https:\/\/olu-limburg.de\/wp-content\/uploads\/2021\/02\/P1060948_ergebnis.jpg\" alt=\"\" width=\"800\" height=\"600\" srcset=\"https:\/\/olu-limburg.de\/wp-content\/uploads\/2021\/02\/P1060948_ergebnis.jpg 800w, https:\/\/olu-limburg.de\/wp-content\/uploads\/2021\/02\/P1060948_ergebnis-300x225.jpg 300w, https:\/\/olu-limburg.de\/wp-content\/uploads\/2021\/02\/P1060948_ergebnis-768x576.jpg 768w, https:\/\/olu-limburg.de\/wp-content\/uploads\/2021\/02\/P1060948_ergebnis-624x468.jpg 624w\" sizes=\"auto, (max-width: 800px) 100vw, 800px\" \/><\/a><\/p>\n<p><a href=\"https:\/\/olu-limburg.de\/wp-content\/uploads\/2021\/02\/P1060954_ergebnis.jpg\"><img loading=\"lazy\" decoding=\"async\" class=\"size-full wp-image-24946 aligncenter\" src=\"https:\/\/olu-limburg.de\/wp-content\/uploads\/2021\/02\/P1060954_ergebnis.jpg\" alt=\"\" width=\"800\" height=\"600\" srcset=\"https:\/\/olu-limburg.de\/wp-content\/uploads\/2021\/02\/P1060954_ergebnis.jpg 800w, https:\/\/olu-limburg.de\/wp-content\/uploads\/2021\/02\/P1060954_ergebnis-300x225.jpg 300w, https:\/\/olu-limburg.de\/wp-content\/uploads\/2021\/02\/P1060954_ergebnis-768x576.jpg 768w, https:\/\/olu-limburg.de\/wp-content\/uploads\/2021\/02\/P1060954_ergebnis-624x468.jpg 624w\" sizes=\"auto, (max-width: 800px) 100vw, 800px\" \/><\/a><\/p>\n<p><a href=\"https:\/\/olu-limburg.de\/wp-content\/uploads\/2021\/02\/P1060951_ergebnis.jpg\"><img loading=\"lazy\" decoding=\"async\" class=\"size-full wp-image-24943 aligncenter\" src=\"https:\/\/olu-limburg.de\/wp-content\/uploads\/2021\/02\/P1060951_ergebnis.jpg\" alt=\"\" width=\"800\" height=\"600\" srcset=\"https:\/\/olu-limburg.de\/wp-content\/uploads\/2021\/02\/P1060951_ergebnis.jpg 800w, https:\/\/olu-limburg.de\/wp-content\/uploads\/2021\/02\/P1060951_ergebnis-300x225.jpg 300w, https:\/\/olu-limburg.de\/wp-content\/uploads\/2021\/02\/P1060951_ergebnis-768x576.jpg 768w, https:\/\/olu-limburg.de\/wp-content\/uploads\/2021\/02\/P1060951_ergebnis-624x468.jpg 624w\" sizes=\"auto, (max-width: 800px) 100vw, 800px\" \/><\/a><\/p>\n<p><a href=\"https:\/\/olu-limburg.de\/wp-content\/uploads\/2021\/02\/P1060962_ergebnis.jpg\"><img loading=\"lazy\" decoding=\"async\" class=\"size-full wp-image-24949 aligncenter\" src=\"https:\/\/olu-limburg.de\/wp-content\/uploads\/2021\/02\/P1060962_ergebnis.jpg\" alt=\"\" width=\"800\" height=\"600\" srcset=\"https:\/\/olu-limburg.de\/wp-content\/uploads\/2021\/02\/P1060962_ergebnis.jpg 800w, https:\/\/olu-limburg.de\/wp-content\/uploads\/2021\/02\/P1060962_ergebnis-300x225.jpg 300w, https:\/\/olu-limburg.de\/wp-content\/uploads\/2021\/02\/P1060962_ergebnis-768x576.jpg 768w, https:\/\/olu-limburg.de\/wp-content\/uploads\/2021\/02\/P1060962_ergebnis-624x468.jpg 624w\" sizes=\"auto, (max-width: 800px) 100vw, 800px\" \/><\/a><\/p>\n<p><a href=\"https:\/\/olu-limburg.de\/wp-content\/uploads\/2021\/02\/P1060952_ergebnis.jpg\"><img loading=\"lazy\" decoding=\"async\" class=\"size-full wp-image-24944 aligncenter\" src=\"https:\/\/olu-limburg.de\/wp-content\/uploads\/2021\/02\/P1060952_ergebnis.jpg\" alt=\"\" width=\"800\" height=\"600\" srcset=\"https:\/\/olu-limburg.de\/wp-content\/uploads\/2021\/02\/P1060952_ergebnis.jpg 800w, https:\/\/olu-limburg.de\/wp-content\/uploads\/2021\/02\/P1060952_ergebnis-300x225.jpg 300w, https:\/\/olu-limburg.de\/wp-content\/uploads\/2021\/02\/P1060952_ergebnis-768x576.jpg 768w, https:\/\/olu-limburg.de\/wp-content\/uploads\/2021\/02\/P1060952_ergebnis-624x468.jpg 624w\" sizes=\"auto, (max-width: 800px) 100vw, 800px\" \/><\/a><\/p>\n<p><a href=\"https:\/\/olu-limburg.de\/wp-content\/uploads\/2021\/02\/P1060957_ergebnis.jpg\"><img loading=\"lazy\" decoding=\"async\" class=\"size-full wp-image-24948 aligncenter\" src=\"https:\/\/olu-limburg.de\/wp-content\/uploads\/2021\/02\/P1060957_ergebnis.jpg\" alt=\"\" width=\"800\" height=\"600\" srcset=\"https:\/\/olu-limburg.de\/wp-content\/uploads\/2021\/02\/P1060957_ergebnis.jpg 800w, https:\/\/olu-limburg.de\/wp-content\/uploads\/2021\/02\/P1060957_ergebnis-300x225.jpg 300w, https:\/\/olu-limburg.de\/wp-content\/uploads\/2021\/02\/P1060957_ergebnis-768x576.jpg 768w, https:\/\/olu-limburg.de\/wp-content\/uploads\/2021\/02\/P1060957_ergebnis-624x468.jpg 624w\" sizes=\"auto, (max-width: 800px) 100vw, 800px\" \/><\/a><\/p>\n<p><a href=\"https:\/\/olu-limburg.de\/wp-content\/uploads\/2021\/02\/P1060956_ergebnis.jpg\"><img loading=\"lazy\" decoding=\"async\" class=\"size-full wp-image-24947 aligncenter\" src=\"https:\/\/olu-limburg.de\/wp-content\/uploads\/2021\/02\/P1060956_ergebnis.jpg\" alt=\"\" width=\"800\" height=\"600\" srcset=\"https:\/\/olu-limburg.de\/wp-content\/uploads\/2021\/02\/P1060956_ergebnis.jpg 800w, https:\/\/olu-limburg.de\/wp-content\/uploads\/2021\/02\/P1060956_ergebnis-300x225.jpg 300w, https:\/\/olu-limburg.de\/wp-content\/uploads\/2021\/02\/P1060956_ergebnis-768x576.jpg 768w, https:\/\/olu-limburg.de\/wp-content\/uploads\/2021\/02\/P1060956_ergebnis-624x468.jpg 624w\" sizes=\"auto, (max-width: 800px) 100vw, 800px\" \/><\/a><\/p>\n<p><a href=\"https:\/\/olu-limburg.de\/wp-content\/uploads\/2021\/02\/P1060953_ergebnis.jpg\"><img loading=\"lazy\" decoding=\"async\" class=\"size-full wp-image-24945 aligncenter\" src=\"https:\/\/olu-limburg.de\/wp-content\/uploads\/2021\/02\/P1060953_ergebnis.jpg\" alt=\"\" width=\"800\" height=\"600\" srcset=\"https:\/\/olu-limburg.de\/wp-content\/uploads\/2021\/02\/P1060953_ergebnis.jpg 800w, https:\/\/olu-limburg.de\/wp-content\/uploads\/2021\/02\/P1060953_ergebnis-300x225.jpg 300w, https:\/\/olu-limburg.de\/wp-content\/uploads\/2021\/02\/P1060953_ergebnis-768x576.jpg 768w, https:\/\/olu-limburg.de\/wp-content\/uploads\/2021\/02\/P1060953_ergebnis-624x468.jpg 624w\" sizes=\"auto, (max-width: 800px) 100vw, 800px\" \/><\/a><\/p>\n<p><a href=\"https:\/\/olu-limburg.de\/wp-content\/uploads\/2021\/02\/P1060964_ergebnis.jpg\"><img loading=\"lazy\" decoding=\"async\" class=\"size-full wp-image-24950 aligncenter\" src=\"https:\/\/olu-limburg.de\/wp-content\/uploads\/2021\/02\/P1060964_ergebnis.jpg\" alt=\"\" width=\"800\" height=\"600\" srcset=\"https:\/\/olu-limburg.de\/wp-content\/uploads\/2021\/02\/P1060964_ergebnis.jpg 800w, https:\/\/olu-limburg.de\/wp-content\/uploads\/2021\/02\/P1060964_ergebnis-300x225.jpg 300w, https:\/\/olu-limburg.de\/wp-content\/uploads\/2021\/02\/P1060964_ergebnis-768x576.jpg 768w, https:\/\/olu-limburg.de\/wp-content\/uploads\/2021\/02\/P1060964_ergebnis-624x468.jpg 624w\" sizes=\"auto, (max-width: 800px) 100vw, 800px\" \/><\/a><\/p>\n<p>Ada und Emil Nolde &#8211; im Mausoleum f\u00fcr immer vereint!<\/p>\n<p><a href=\"https:\/\/olu-limburg.de\/wp-content\/uploads\/2021\/02\/P1060944_ergebnis.jpg\"><img loading=\"lazy\" decoding=\"async\" class=\"size-full wp-image-24938 aligncenter\" src=\"https:\/\/olu-limburg.de\/wp-content\/uploads\/2021\/02\/P1060944_ergebnis.jpg\" alt=\"\" width=\"800\" height=\"600\" srcset=\"https:\/\/olu-limburg.de\/wp-content\/uploads\/2021\/02\/P1060944_ergebnis.jpg 800w, https:\/\/olu-limburg.de\/wp-content\/uploads\/2021\/02\/P1060944_ergebnis-300x225.jpg 300w, https:\/\/olu-limburg.de\/wp-content\/uploads\/2021\/02\/P1060944_ergebnis-768x576.jpg 768w, https:\/\/olu-limburg.de\/wp-content\/uploads\/2021\/02\/P1060944_ergebnis-624x468.jpg 624w\" sizes=\"auto, (max-width: 800px) 100vw, 800px\" \/><\/a><\/p>\n<p><a href=\"https:\/\/olu-limburg.de\/wp-content\/uploads\/2021\/02\/IMG_20200924_135040_ergebnis.jpg\"><img loading=\"lazy\" decoding=\"async\" class=\"size-full wp-image-24926 aligncenter\" src=\"https:\/\/olu-limburg.de\/wp-content\/uploads\/2021\/02\/IMG_20200924_135040_ergebnis.jpg\" alt=\"\" width=\"800\" height=\"600\" srcset=\"https:\/\/olu-limburg.de\/wp-content\/uploads\/2021\/02\/IMG_20200924_135040_ergebnis.jpg 800w, https:\/\/olu-limburg.de\/wp-content\/uploads\/2021\/02\/IMG_20200924_135040_ergebnis-300x225.jpg 300w, https:\/\/olu-limburg.de\/wp-content\/uploads\/2021\/02\/IMG_20200924_135040_ergebnis-768x576.jpg 768w, https:\/\/olu-limburg.de\/wp-content\/uploads\/2021\/02\/IMG_20200924_135040_ergebnis-624x468.jpg 624w\" sizes=\"auto, (max-width: 800px) 100vw, 800px\" \/><\/a><\/p>\n<p>Im Besucherforum gibt es heute Gulasch als Tagesessen. Das hatten wir uns gestern selbst gemacht. Wir verzichten deshalb darauf, und schauen mal wo wir was zu essen finden.<\/p>\n<p><a href=\"https:\/\/olu-limburg.de\/wp-content\/uploads\/2021\/02\/IMG_20200924_141623_ergebnis.jpg\"><img loading=\"lazy\" decoding=\"async\" class=\"size-full wp-image-24933 aligncenter\" src=\"https:\/\/olu-limburg.de\/wp-content\/uploads\/2021\/02\/IMG_20200924_141623_ergebnis.jpg\" alt=\"\" width=\"800\" height=\"600\" srcset=\"https:\/\/olu-limburg.de\/wp-content\/uploads\/2021\/02\/IMG_20200924_141623_ergebnis.jpg 800w, https:\/\/olu-limburg.de\/wp-content\/uploads\/2021\/02\/IMG_20200924_141623_ergebnis-300x225.jpg 300w, https:\/\/olu-limburg.de\/wp-content\/uploads\/2021\/02\/IMG_20200924_141623_ergebnis-768x576.jpg 768w, https:\/\/olu-limburg.de\/wp-content\/uploads\/2021\/02\/IMG_20200924_141623_ergebnis-624x468.jpg 624w\" sizes=\"auto, (max-width: 800px) 100vw, 800px\" \/><\/a><\/p>\n<p><a href=\"https:\/\/olu-limburg.de\/wp-content\/uploads\/2021\/02\/P1060942_ergebnis.jpg\"><img loading=\"lazy\" decoding=\"async\" class=\"size-full wp-image-24937 aligncenter\" src=\"https:\/\/olu-limburg.de\/wp-content\/uploads\/2021\/02\/P1060942_ergebnis.jpg\" alt=\"\" width=\"800\" height=\"600\" srcset=\"https:\/\/olu-limburg.de\/wp-content\/uploads\/2021\/02\/P1060942_ergebnis.jpg 800w, https:\/\/olu-limburg.de\/wp-content\/uploads\/2021\/02\/P1060942_ergebnis-300x225.jpg 300w, https:\/\/olu-limburg.de\/wp-content\/uploads\/2021\/02\/P1060942_ergebnis-768x576.jpg 768w, https:\/\/olu-limburg.de\/wp-content\/uploads\/2021\/02\/P1060942_ergebnis-624x468.jpg 624w\" sizes=\"auto, (max-width: 800px) 100vw, 800px\" \/><\/a><\/p>\n<p>Bei Nieb\u00fcll fahren wir s\u00fcdw\u00e4rts auf die B5, und tauschen an einer Tankstelle die leere Gasflasche. Wenig sp\u00e4ter sehen wir an einer Tankstelle einen Imbisswagen. Wir tanken und holen uns die zwei letzten Teller mit Erbsensuppe samt Wursteinlage. Ich sag nur &#8211; lecker.<\/p>\n<p><a href=\"https:\/\/olu-limburg.de\/wp-content\/uploads\/2021\/02\/20200924_145932_ergebnis-e1612712532977.jpg\"><img loading=\"lazy\" decoding=\"async\" class=\"size-full wp-image-24956 aligncenter\" src=\"https:\/\/olu-limburg.de\/wp-content\/uploads\/2021\/02\/20200924_145932_ergebnis-e1612712532977.jpg\" alt=\"\" width=\"450\" height=\"600\" \/><\/a><\/p>\n<p>F\u00fcr uns geht es weiter zu unserem n\u00e4chsten \u00dcbernachtungsplatz, dem Stellplatz Reu\u00dfenk\u00f6ge am Amsinck Haus (Geb\u00fchr EUR 7,00; Frischwasser und Grauwasser inklusive; Toilettenentleerung nicht m\u00f6glich; G\u00e4stetoilette am Amsinckhaus frei nutzbar).<\/p>\n<p><a href=\"https:\/\/olu-limburg.de\/wp-content\/uploads\/2021\/02\/IMG_20200924_174544_ergebnis.jpg\"><img loading=\"lazy\" decoding=\"async\" class=\"size-full wp-image-24965 aligncenter\" src=\"https:\/\/olu-limburg.de\/wp-content\/uploads\/2021\/02\/IMG_20200924_174544_ergebnis.jpg\" alt=\"\" width=\"800\" height=\"600\" srcset=\"https:\/\/olu-limburg.de\/wp-content\/uploads\/2021\/02\/IMG_20200924_174544_ergebnis.jpg 800w, https:\/\/olu-limburg.de\/wp-content\/uploads\/2021\/02\/IMG_20200924_174544_ergebnis-300x225.jpg 300w, https:\/\/olu-limburg.de\/wp-content\/uploads\/2021\/02\/IMG_20200924_174544_ergebnis-768x576.jpg 768w, https:\/\/olu-limburg.de\/wp-content\/uploads\/2021\/02\/IMG_20200924_174544_ergebnis-624x468.jpg 624w\" sizes=\"auto, (max-width: 800px) 100vw, 800px\" \/><\/a><\/p>\n<p><a href=\"https:\/\/olu-limburg.de\/wp-content\/uploads\/2021\/02\/IMG_20200924_172241_ergebnis.jpg\"><img loading=\"lazy\" decoding=\"async\" class=\"size-full wp-image-24958 aligncenter\" src=\"https:\/\/olu-limburg.de\/wp-content\/uploads\/2021\/02\/IMG_20200924_172241_ergebnis.jpg\" alt=\"\" width=\"800\" height=\"600\" srcset=\"https:\/\/olu-limburg.de\/wp-content\/uploads\/2021\/02\/IMG_20200924_172241_ergebnis.jpg 800w, https:\/\/olu-limburg.de\/wp-content\/uploads\/2021\/02\/IMG_20200924_172241_ergebnis-300x225.jpg 300w, https:\/\/olu-limburg.de\/wp-content\/uploads\/2021\/02\/IMG_20200924_172241_ergebnis-768x576.jpg 768w, https:\/\/olu-limburg.de\/wp-content\/uploads\/2021\/02\/IMG_20200924_172241_ergebnis-624x468.jpg 624w\" sizes=\"auto, (max-width: 800px) 100vw, 800px\" \/><\/a><\/p>\n<p><a href=\"https:\/\/olu-limburg.de\/wp-content\/uploads\/2021\/02\/IMG_20200924_172824_ergebnis.jpg\"><img loading=\"lazy\" decoding=\"async\" class=\"size-full wp-image-24959 aligncenter\" src=\"https:\/\/olu-limburg.de\/wp-content\/uploads\/2021\/02\/IMG_20200924_172824_ergebnis.jpg\" alt=\"\" width=\"800\" height=\"600\" srcset=\"https:\/\/olu-limburg.de\/wp-content\/uploads\/2021\/02\/IMG_20200924_172824_ergebnis.jpg 800w, https:\/\/olu-limburg.de\/wp-content\/uploads\/2021\/02\/IMG_20200924_172824_ergebnis-300x225.jpg 300w, https:\/\/olu-limburg.de\/wp-content\/uploads\/2021\/02\/IMG_20200924_172824_ergebnis-768x576.jpg 768w, https:\/\/olu-limburg.de\/wp-content\/uploads\/2021\/02\/IMG_20200924_172824_ergebnis-624x468.jpg 624w\" sizes=\"auto, (max-width: 800px) 100vw, 800px\" \/><\/a><\/p>\n<p><a href=\"https:\/\/olu-limburg.de\/wp-content\/uploads\/2021\/02\/IMG_20200924_172945_ergebnis.jpg\"><img loading=\"lazy\" decoding=\"async\" class=\"size-full wp-image-24960 aligncenter\" src=\"https:\/\/olu-limburg.de\/wp-content\/uploads\/2021\/02\/IMG_20200924_172945_ergebnis.jpg\" alt=\"\" width=\"800\" height=\"600\" srcset=\"https:\/\/olu-limburg.de\/wp-content\/uploads\/2021\/02\/IMG_20200924_172945_ergebnis.jpg 800w, https:\/\/olu-limburg.de\/wp-content\/uploads\/2021\/02\/IMG_20200924_172945_ergebnis-300x225.jpg 300w, https:\/\/olu-limburg.de\/wp-content\/uploads\/2021\/02\/IMG_20200924_172945_ergebnis-768x576.jpg 768w, https:\/\/olu-limburg.de\/wp-content\/uploads\/2021\/02\/IMG_20200924_172945_ergebnis-624x468.jpg 624w\" sizes=\"auto, (max-width: 800px) 100vw, 800px\" \/><\/a><\/p>\n<p><a href=\"https:\/\/olu-limburg.de\/wp-content\/uploads\/2021\/02\/IMG_20200924_174501_ergebnis.jpg\"><img loading=\"lazy\" decoding=\"async\" class=\"size-full wp-image-24964 aligncenter\" src=\"https:\/\/olu-limburg.de\/wp-content\/uploads\/2021\/02\/IMG_20200924_174501_ergebnis.jpg\" alt=\"\" width=\"800\" height=\"600\" srcset=\"https:\/\/olu-limburg.de\/wp-content\/uploads\/2021\/02\/IMG_20200924_174501_ergebnis.jpg 800w, https:\/\/olu-limburg.de\/wp-content\/uploads\/2021\/02\/IMG_20200924_174501_ergebnis-300x225.jpg 300w, https:\/\/olu-limburg.de\/wp-content\/uploads\/2021\/02\/IMG_20200924_174501_ergebnis-768x576.jpg 768w, https:\/\/olu-limburg.de\/wp-content\/uploads\/2021\/02\/IMG_20200924_174501_ergebnis-624x468.jpg 624w\" sizes=\"auto, (max-width: 800px) 100vw, 800px\" \/><\/a><\/p>\n<div id=\"attachment_24962\" style=\"width: 810px\" class=\"wp-caption aligncenter\"><a href=\"https:\/\/olu-limburg.de\/wp-content\/uploads\/2021\/02\/IMG_20200924_173032_ergebnis.jpg\"><img loading=\"lazy\" decoding=\"async\" aria-describedby=\"caption-attachment-24962\" class=\"wp-image-24962 size-full\" src=\"https:\/\/olu-limburg.de\/wp-content\/uploads\/2021\/02\/IMG_20200924_173032_ergebnis.jpg\" alt=\"\" width=\"800\" height=\"600\" srcset=\"https:\/\/olu-limburg.de\/wp-content\/uploads\/2021\/02\/IMG_20200924_173032_ergebnis.jpg 800w, https:\/\/olu-limburg.de\/wp-content\/uploads\/2021\/02\/IMG_20200924_173032_ergebnis-300x225.jpg 300w, https:\/\/olu-limburg.de\/wp-content\/uploads\/2021\/02\/IMG_20200924_173032_ergebnis-768x576.jpg 768w, https:\/\/olu-limburg.de\/wp-content\/uploads\/2021\/02\/IMG_20200924_173032_ergebnis-624x468.jpg 624w\" sizes=\"auto, (max-width: 800px) 100vw, 800px\" \/><\/a><p id=\"caption-attachment-24962\" class=\"wp-caption-text\">Blick zur Hamburger Hallig im Gegenlicht<\/p><\/div>\n<p><a href=\"https:\/\/olu-limburg.de\/wp-content\/uploads\/2021\/02\/IMG_20200924_174131_ergebnis.jpg\"><img loading=\"lazy\" decoding=\"async\" class=\"size-full wp-image-24963 aligncenter\" src=\"https:\/\/olu-limburg.de\/wp-content\/uploads\/2021\/02\/IMG_20200924_174131_ergebnis.jpg\" alt=\"\" width=\"800\" height=\"600\" srcset=\"https:\/\/olu-limburg.de\/wp-content\/uploads\/2021\/02\/IMG_20200924_174131_ergebnis.jpg 800w, https:\/\/olu-limburg.de\/wp-content\/uploads\/2021\/02\/IMG_20200924_174131_ergebnis-300x225.jpg 300w, https:\/\/olu-limburg.de\/wp-content\/uploads\/2021\/02\/IMG_20200924_174131_ergebnis-768x576.jpg 768w, https:\/\/olu-limburg.de\/wp-content\/uploads\/2021\/02\/IMG_20200924_174131_ergebnis-624x468.jpg 624w\" sizes=\"auto, (max-width: 800px) 100vw, 800px\" \/><\/a><\/p>\n<p><a href=\"https:\/\/olu-limburg.de\/wp-content\/uploads\/2021\/02\/IMG_20200924_155331_ergebnis.jpg\"><img loading=\"lazy\" decoding=\"async\" class=\"size-full wp-image-24957 aligncenter\" src=\"https:\/\/olu-limburg.de\/wp-content\/uploads\/2021\/02\/IMG_20200924_155331_ergebnis.jpg\" alt=\"\" width=\"800\" height=\"600\" srcset=\"https:\/\/olu-limburg.de\/wp-content\/uploads\/2021\/02\/IMG_20200924_155331_ergebnis.jpg 800w, https:\/\/olu-limburg.de\/wp-content\/uploads\/2021\/02\/IMG_20200924_155331_ergebnis-300x225.jpg 300w, https:\/\/olu-limburg.de\/wp-content\/uploads\/2021\/02\/IMG_20200924_155331_ergebnis-768x576.jpg 768w, https:\/\/olu-limburg.de\/wp-content\/uploads\/2021\/02\/IMG_20200924_155331_ergebnis-624x468.jpg 624w\" sizes=\"auto, (max-width: 800px) 100vw, 800px\" \/><\/a><\/p>\n<p>F\u00fcr heute haben wir genug unternommen.<\/p>\n<p>Tagesstrecke: 60 km<\/p>\n<p>&nbsp;<\/p>\n<p><strong>Freitag, 25.09.2020<\/strong><\/p>\n<p>Das Wetter ist heute etwas ungem\u00fctlicher. Gegen Mittag fahren wir raus zur Hamburger Hallig, und dort nat\u00fcrlich zum Hallig-Krog.<\/p>\n<p><a href=\"https:\/\/olu-limburg.de\/wp-content\/uploads\/2021\/02\/P1060978_ergebnis.jpg\"><img loading=\"lazy\" decoding=\"async\" class=\"size-full wp-image-24978 aligncenter\" src=\"https:\/\/olu-limburg.de\/wp-content\/uploads\/2021\/02\/P1060978_ergebnis.jpg\" alt=\"\" width=\"800\" height=\"600\" srcset=\"https:\/\/olu-limburg.de\/wp-content\/uploads\/2021\/02\/P1060978_ergebnis.jpg 800w, https:\/\/olu-limburg.de\/wp-content\/uploads\/2021\/02\/P1060978_ergebnis-300x225.jpg 300w, https:\/\/olu-limburg.de\/wp-content\/uploads\/2021\/02\/P1060978_ergebnis-768x576.jpg 768w, https:\/\/olu-limburg.de\/wp-content\/uploads\/2021\/02\/P1060978_ergebnis-624x468.jpg 624w\" sizes=\"auto, (max-width: 800px) 100vw, 800px\" \/><\/a><\/p>\n<p><a href=\"https:\/\/olu-limburg.de\/wp-content\/uploads\/2021\/02\/P1070008_ergebnis.jpg\"><img loading=\"lazy\" decoding=\"async\" class=\"size-full wp-image-24986 aligncenter\" src=\"https:\/\/olu-limburg.de\/wp-content\/uploads\/2021\/02\/P1070008_ergebnis.jpg\" alt=\"\" width=\"800\" height=\"600\" srcset=\"https:\/\/olu-limburg.de\/wp-content\/uploads\/2021\/02\/P1070008_ergebnis.jpg 800w, https:\/\/olu-limburg.de\/wp-content\/uploads\/2021\/02\/P1070008_ergebnis-300x225.jpg 300w, https:\/\/olu-limburg.de\/wp-content\/uploads\/2021\/02\/P1070008_ergebnis-768x576.jpg 768w, https:\/\/olu-limburg.de\/wp-content\/uploads\/2021\/02\/P1070008_ergebnis-624x468.jpg 624w\" sizes=\"auto, (max-width: 800px) 100vw, 800px\" \/><\/a><\/p>\n<div id=\"attachment_24987\" style=\"width: 810px\" class=\"wp-caption aligncenter\"><a href=\"https:\/\/olu-limburg.de\/wp-content\/uploads\/2021\/02\/P1060974_ergebnis.jpg\"><img loading=\"lazy\" decoding=\"async\" aria-describedby=\"caption-attachment-24987\" class=\"wp-image-24987 size-full\" src=\"https:\/\/olu-limburg.de\/wp-content\/uploads\/2021\/02\/P1060974_ergebnis.jpg\" alt=\"\" width=\"800\" height=\"600\" srcset=\"https:\/\/olu-limburg.de\/wp-content\/uploads\/2021\/02\/P1060974_ergebnis.jpg 800w, https:\/\/olu-limburg.de\/wp-content\/uploads\/2021\/02\/P1060974_ergebnis-300x225.jpg 300w, https:\/\/olu-limburg.de\/wp-content\/uploads\/2021\/02\/P1060974_ergebnis-768x576.jpg 768w, https:\/\/olu-limburg.de\/wp-content\/uploads\/2021\/02\/P1060974_ergebnis-624x468.jpg 624w\" sizes=\"auto, (max-width: 800px) 100vw, 800px\" \/><\/a><p id=\"caption-attachment-24987\" class=\"wp-caption-text\">Messstation der Universit\u00e4t Hamburg zum Klimawandel<\/p><\/div>\n<p><a href=\"https:\/\/olu-limburg.de\/wp-content\/uploads\/2021\/02\/P1070003_ergebnis.jpg\"><img loading=\"lazy\" decoding=\"async\" class=\"size-full wp-image-24985 aligncenter\" src=\"https:\/\/olu-limburg.de\/wp-content\/uploads\/2021\/02\/P1070003_ergebnis.jpg\" alt=\"\" width=\"800\" height=\"600\" srcset=\"https:\/\/olu-limburg.de\/wp-content\/uploads\/2021\/02\/P1070003_ergebnis.jpg 800w, https:\/\/olu-limburg.de\/wp-content\/uploads\/2021\/02\/P1070003_ergebnis-300x225.jpg 300w, https:\/\/olu-limburg.de\/wp-content\/uploads\/2021\/02\/P1070003_ergebnis-768x576.jpg 768w, https:\/\/olu-limburg.de\/wp-content\/uploads\/2021\/02\/P1070003_ergebnis-624x468.jpg 624w\" sizes=\"auto, (max-width: 800px) 100vw, 800px\" \/><\/a><\/p>\n<p>Vor dem Essen schauen wir uns erst ein wenig um.<\/p>\n<p><a href=\"https:\/\/olu-limburg.de\/wp-content\/uploads\/2021\/02\/IMG_20200925_135207_ergebnis.jpg\"><img loading=\"lazy\" decoding=\"async\" class=\"size-full wp-image-24972 aligncenter\" src=\"https:\/\/olu-limburg.de\/wp-content\/uploads\/2021\/02\/IMG_20200925_135207_ergebnis.jpg\" alt=\"\" width=\"800\" height=\"600\" srcset=\"https:\/\/olu-limburg.de\/wp-content\/uploads\/2021\/02\/IMG_20200925_135207_ergebnis.jpg 800w, https:\/\/olu-limburg.de\/wp-content\/uploads\/2021\/02\/IMG_20200925_135207_ergebnis-300x225.jpg 300w, https:\/\/olu-limburg.de\/wp-content\/uploads\/2021\/02\/IMG_20200925_135207_ergebnis-768x576.jpg 768w, https:\/\/olu-limburg.de\/wp-content\/uploads\/2021\/02\/IMG_20200925_135207_ergebnis-624x468.jpg 624w\" sizes=\"auto, (max-width: 800px) 100vw, 800px\" \/><\/a><\/p>\n<div id=\"attachment_24975\" style=\"width: 460px\" class=\"wp-caption aligncenter\"><a href=\"https:\/\/olu-limburg.de\/wp-content\/uploads\/2021\/02\/IMG_20200925_135544_ergebnis-e1612715041372.jpg\"><img loading=\"lazy\" decoding=\"async\" aria-describedby=\"caption-attachment-24975\" class=\"wp-image-24975 size-full\" src=\"https:\/\/olu-limburg.de\/wp-content\/uploads\/2021\/02\/IMG_20200925_135544_ergebnis-e1612715041372.jpg\" alt=\"\" width=\"450\" height=\"600\" \/><\/a><p id=\"caption-attachment-24975\" class=\"wp-caption-text\">Fluts\u00e4ule &#8211; der obere Ring ist von 1976<\/p><\/div>\n<p><a href=\"https:\/\/olu-limburg.de\/wp-content\/uploads\/2021\/02\/IMG_20200925_135415_ergebnis.jpg\"><img loading=\"lazy\" decoding=\"async\" class=\"size-full wp-image-24974 aligncenter\" src=\"https:\/\/olu-limburg.de\/wp-content\/uploads\/2021\/02\/IMG_20200925_135415_ergebnis.jpg\" alt=\"\" width=\"800\" height=\"600\" srcset=\"https:\/\/olu-limburg.de\/wp-content\/uploads\/2021\/02\/IMG_20200925_135415_ergebnis.jpg 800w, https:\/\/olu-limburg.de\/wp-content\/uploads\/2021\/02\/IMG_20200925_135415_ergebnis-300x225.jpg 300w, https:\/\/olu-limburg.de\/wp-content\/uploads\/2021\/02\/IMG_20200925_135415_ergebnis-768x576.jpg 768w, https:\/\/olu-limburg.de\/wp-content\/uploads\/2021\/02\/IMG_20200925_135415_ergebnis-624x468.jpg 624w\" sizes=\"auto, (max-width: 800px) 100vw, 800px\" \/><\/a><\/p>\n<div id=\"attachment_24982\" style=\"width: 810px\" class=\"wp-caption aligncenter\"><a href=\"https:\/\/olu-limburg.de\/wp-content\/uploads\/2021\/02\/P1060989_ergebnis.jpg\"><img loading=\"lazy\" decoding=\"async\" aria-describedby=\"caption-attachment-24982\" class=\"wp-image-24982 size-full\" src=\"https:\/\/olu-limburg.de\/wp-content\/uploads\/2021\/02\/P1060989_ergebnis.jpg\" alt=\"\" width=\"800\" height=\"600\" srcset=\"https:\/\/olu-limburg.de\/wp-content\/uploads\/2021\/02\/P1060989_ergebnis.jpg 800w, https:\/\/olu-limburg.de\/wp-content\/uploads\/2021\/02\/P1060989_ergebnis-300x225.jpg 300w, https:\/\/olu-limburg.de\/wp-content\/uploads\/2021\/02\/P1060989_ergebnis-768x576.jpg 768w, https:\/\/olu-limburg.de\/wp-content\/uploads\/2021\/02\/P1060989_ergebnis-624x468.jpg 624w\" sizes=\"auto, (max-width: 800px) 100vw, 800px\" \/><\/a><p id=\"caption-attachment-24982\" class=\"wp-caption-text\">im Hintergrund: Hallig Nordstrandischmoor<\/p><\/div>\n<div id=\"attachment_24983\" style=\"width: 810px\" class=\"wp-caption aligncenter\"><a href=\"https:\/\/olu-limburg.de\/wp-content\/uploads\/2021\/02\/P1060993_ergebnis.jpg\"><img loading=\"lazy\" decoding=\"async\" aria-describedby=\"caption-attachment-24983\" class=\"wp-image-24983 size-full\" src=\"https:\/\/olu-limburg.de\/wp-content\/uploads\/2021\/02\/P1060993_ergebnis.jpg\" alt=\"\" width=\"800\" height=\"600\" srcset=\"https:\/\/olu-limburg.de\/wp-content\/uploads\/2021\/02\/P1060993_ergebnis.jpg 800w, https:\/\/olu-limburg.de\/wp-content\/uploads\/2021\/02\/P1060993_ergebnis-300x225.jpg 300w, https:\/\/olu-limburg.de\/wp-content\/uploads\/2021\/02\/P1060993_ergebnis-768x576.jpg 768w, https:\/\/olu-limburg.de\/wp-content\/uploads\/2021\/02\/P1060993_ergebnis-624x468.jpg 624w\" sizes=\"auto, (max-width: 800px) 100vw, 800px\" \/><\/a><p id=\"caption-attachment-24983\" class=\"wp-caption-text\">halbrechts: die kleine Hallig Gr\u00f6de; im Hintergrund: Hallig Langeness<\/p><\/div>\n<p><a href=\"https:\/\/olu-limburg.de\/wp-content\/uploads\/2021\/02\/P1060985_ergebnis.jpg\"><img loading=\"lazy\" decoding=\"async\" class=\"size-full wp-image-24980 aligncenter\" src=\"https:\/\/olu-limburg.de\/wp-content\/uploads\/2021\/02\/P1060985_ergebnis.jpg\" alt=\"\" width=\"800\" height=\"600\" srcset=\"https:\/\/olu-limburg.de\/wp-content\/uploads\/2021\/02\/P1060985_ergebnis.jpg 800w, https:\/\/olu-limburg.de\/wp-content\/uploads\/2021\/02\/P1060985_ergebnis-300x225.jpg 300w, https:\/\/olu-limburg.de\/wp-content\/uploads\/2021\/02\/P1060985_ergebnis-768x576.jpg 768w, https:\/\/olu-limburg.de\/wp-content\/uploads\/2021\/02\/P1060985_ergebnis-624x468.jpg 624w\" sizes=\"auto, (max-width: 800px) 100vw, 800px\" \/><\/a><\/p>\n<p><a href=\"https:\/\/olu-limburg.de\/wp-content\/uploads\/2021\/02\/20200925_123013_ergebnis-e1612715513387.jpg\"><img loading=\"lazy\" decoding=\"async\" class=\"size-full wp-image-24966 aligncenter\" src=\"https:\/\/olu-limburg.de\/wp-content\/uploads\/2021\/02\/20200925_123013_ergebnis-e1612715513387.jpg\" alt=\"\" width=\"450\" height=\"600\" \/><\/a><\/p>\n<p><a href=\"https:\/\/olu-limburg.de\/wp-content\/uploads\/2021\/02\/IMG_20200925_134947_ergebnis.jpg\"><img loading=\"lazy\" decoding=\"async\" class=\"size-full wp-image-24971 aligncenter\" src=\"https:\/\/olu-limburg.de\/wp-content\/uploads\/2021\/02\/IMG_20200925_134947_ergebnis.jpg\" alt=\"\" width=\"800\" height=\"600\" srcset=\"https:\/\/olu-limburg.de\/wp-content\/uploads\/2021\/02\/IMG_20200925_134947_ergebnis.jpg 800w, https:\/\/olu-limburg.de\/wp-content\/uploads\/2021\/02\/IMG_20200925_134947_ergebnis-300x225.jpg 300w, https:\/\/olu-limburg.de\/wp-content\/uploads\/2021\/02\/IMG_20200925_134947_ergebnis-768x576.jpg 768w, https:\/\/olu-limburg.de\/wp-content\/uploads\/2021\/02\/IMG_20200925_134947_ergebnis-624x468.jpg 624w\" sizes=\"auto, (max-width: 800px) 100vw, 800px\" \/><\/a><\/p>\n<p><a href=\"https:\/\/olu-limburg.de\/wp-content\/uploads\/2021\/02\/IMG_20200925_124732_ergebnis-e1612715553452.jpg\"><img loading=\"lazy\" decoding=\"async\" class=\"size-full wp-image-24969 aligncenter\" src=\"https:\/\/olu-limburg.de\/wp-content\/uploads\/2021\/02\/IMG_20200925_124732_ergebnis-e1612715553452.jpg\" alt=\"\" width=\"450\" height=\"600\" \/><\/a><\/p>\n<div id=\"attachment_24970\" style=\"width: 810px\" class=\"wp-caption aligncenter\"><a href=\"https:\/\/olu-limburg.de\/wp-content\/uploads\/2021\/02\/IMG_20200925_130136_ergebnis.jpg\"><img loading=\"lazy\" decoding=\"async\" aria-describedby=\"caption-attachment-24970\" class=\"wp-image-24970 size-full\" src=\"https:\/\/olu-limburg.de\/wp-content\/uploads\/2021\/02\/IMG_20200925_130136_ergebnis.jpg\" alt=\"\" width=\"800\" height=\"600\" srcset=\"https:\/\/olu-limburg.de\/wp-content\/uploads\/2021\/02\/IMG_20200925_130136_ergebnis.jpg 800w, https:\/\/olu-limburg.de\/wp-content\/uploads\/2021\/02\/IMG_20200925_130136_ergebnis-300x225.jpg 300w, https:\/\/olu-limburg.de\/wp-content\/uploads\/2021\/02\/IMG_20200925_130136_ergebnis-768x576.jpg 768w, https:\/\/olu-limburg.de\/wp-content\/uploads\/2021\/02\/IMG_20200925_130136_ergebnis-624x468.jpg 624w\" sizes=\"auto, (max-width: 800px) 100vw, 800px\" \/><\/a><p id=\"caption-attachment-24970\" class=\"wp-caption-text\">Lammhaxe<\/p><\/div>\n<p><a href=\"https:\/\/olu-limburg.de\/wp-content\/uploads\/2021\/02\/IMG_20200925_135303_ergebnis.jpg\"><img loading=\"lazy\" decoding=\"async\" class=\"size-full wp-image-24973 aligncenter\" src=\"https:\/\/olu-limburg.de\/wp-content\/uploads\/2021\/02\/IMG_20200925_135303_ergebnis.jpg\" alt=\"\" width=\"800\" height=\"600\" srcset=\"https:\/\/olu-limburg.de\/wp-content\/uploads\/2021\/02\/IMG_20200925_135303_ergebnis.jpg 800w, https:\/\/olu-limburg.de\/wp-content\/uploads\/2021\/02\/IMG_20200925_135303_ergebnis-300x225.jpg 300w, https:\/\/olu-limburg.de\/wp-content\/uploads\/2021\/02\/IMG_20200925_135303_ergebnis-768x576.jpg 768w, https:\/\/olu-limburg.de\/wp-content\/uploads\/2021\/02\/IMG_20200925_135303_ergebnis-624x468.jpg 624w\" sizes=\"auto, (max-width: 800px) 100vw, 800px\" \/><\/a><\/p>\n<div id=\"attachment_24984\" style=\"width: 810px\" class=\"wp-caption aligncenter\"><a href=\"https:\/\/olu-limburg.de\/wp-content\/uploads\/2021\/02\/P1060996_ergebnis.jpg\"><img loading=\"lazy\" decoding=\"async\" aria-describedby=\"caption-attachment-24984\" class=\"wp-image-24984 size-full\" src=\"https:\/\/olu-limburg.de\/wp-content\/uploads\/2021\/02\/P1060996_ergebnis.jpg\" alt=\"\" width=\"800\" height=\"600\" srcset=\"https:\/\/olu-limburg.de\/wp-content\/uploads\/2021\/02\/P1060996_ergebnis.jpg 800w, https:\/\/olu-limburg.de\/wp-content\/uploads\/2021\/02\/P1060996_ergebnis-300x225.jpg 300w, https:\/\/olu-limburg.de\/wp-content\/uploads\/2021\/02\/P1060996_ergebnis-768x576.jpg 768w, https:\/\/olu-limburg.de\/wp-content\/uploads\/2021\/02\/P1060996_ergebnis-624x468.jpg 624w\" sizes=\"auto, (max-width: 800px) 100vw, 800px\" \/><\/a><p id=\"caption-attachment-24984\" class=\"wp-caption-text\">Blick zur\u00fcck<\/p><\/div>\n<p><a href=\"https:\/\/olu-limburg.de\/wp-content\/uploads\/2021\/02\/IMG_20200925_135750_ergebnis.jpg\"><img loading=\"lazy\" decoding=\"async\" class=\"size-full wp-image-24976 aligncenter\" src=\"https:\/\/olu-limburg.de\/wp-content\/uploads\/2021\/02\/IMG_20200925_135750_ergebnis.jpg\" alt=\"\" width=\"800\" height=\"600\" srcset=\"https:\/\/olu-limburg.de\/wp-content\/uploads\/2021\/02\/IMG_20200925_135750_ergebnis.jpg 800w, https:\/\/olu-limburg.de\/wp-content\/uploads\/2021\/02\/IMG_20200925_135750_ergebnis-300x225.jpg 300w, https:\/\/olu-limburg.de\/wp-content\/uploads\/2021\/02\/IMG_20200925_135750_ergebnis-768x576.jpg 768w, https:\/\/olu-limburg.de\/wp-content\/uploads\/2021\/02\/IMG_20200925_135750_ergebnis-624x468.jpg 624w\" sizes=\"auto, (max-width: 800px) 100vw, 800px\" \/><\/a><\/p>\n<p>Tagesstrecke: 8 km<\/p>\n<p>&nbsp;<\/p>\n<p><strong>Samstag, 26.09.2020<\/strong><\/p>\n<p><a href=\"https:\/\/olu-limburg.de\/wp-content\/uploads\/2021\/02\/20200926_103357_ergebnis.jpg\"><img loading=\"lazy\" decoding=\"async\" class=\"size-full wp-image-24990 aligncenter\" src=\"https:\/\/olu-limburg.de\/wp-content\/uploads\/2021\/02\/20200926_103357_ergebnis.jpg\" alt=\"\" width=\"800\" height=\"600\" srcset=\"https:\/\/olu-limburg.de\/wp-content\/uploads\/2021\/02\/20200926_103357_ergebnis.jpg 800w, https:\/\/olu-limburg.de\/wp-content\/uploads\/2021\/02\/20200926_103357_ergebnis-300x225.jpg 300w, https:\/\/olu-limburg.de\/wp-content\/uploads\/2021\/02\/20200926_103357_ergebnis-768x576.jpg 768w, https:\/\/olu-limburg.de\/wp-content\/uploads\/2021\/02\/20200926_103357_ergebnis-624x468.jpg 624w\" sizes=\"auto, (max-width: 800px) 100vw, 800px\" \/><\/a><\/p>\n<p>Es ist alles grau als wir abfahren. Das Wetter scheint umzuschlagen. Wir wollen weiter, und bleiben noch ein wenig auf den Nebenstra\u00dfen, bevor wir kurz vor Husum auf die B5 fahren. Nach ein paar Kilometern geht es aber schon wieder runter in Richtung Friedrichstadt. Dort soll es in der Innenstadt besonders sch\u00f6n sein.<\/p>\n<p>Auf dem Friedrichst\u00e4dter Wohnmobilstellplatz &#8222;Halbmond 5&#8220; mit V+E (Geb\u00fchr EUR 13,00; Kurtaxe EUR 2,00; Strom EUR 0,60\/kWh) ist noch Platz f\u00fcr uns. Kurz vor 12.00 Uhr sind wir mit allen Arbeiten fertig. Unser Erkundungsgang durch Friedrichstadt kann los gehen.<\/p>\n<p><a href=\"https:\/\/olu-limburg.de\/wp-content\/uploads\/2021\/02\/P1070010_ergebnis.jpg\"><img loading=\"lazy\" decoding=\"async\" class=\"size-full wp-image-25008 aligncenter\" src=\"https:\/\/olu-limburg.de\/wp-content\/uploads\/2021\/02\/P1070010_ergebnis.jpg\" alt=\"\" width=\"800\" height=\"600\" srcset=\"https:\/\/olu-limburg.de\/wp-content\/uploads\/2021\/02\/P1070010_ergebnis.jpg 800w, https:\/\/olu-limburg.de\/wp-content\/uploads\/2021\/02\/P1070010_ergebnis-300x225.jpg 300w, https:\/\/olu-limburg.de\/wp-content\/uploads\/2021\/02\/P1070010_ergebnis-768x576.jpg 768w, https:\/\/olu-limburg.de\/wp-content\/uploads\/2021\/02\/P1070010_ergebnis-624x468.jpg 624w\" sizes=\"auto, (max-width: 800px) 100vw, 800px\" \/><\/a><\/p>\n<p><a href=\"https:\/\/olu-limburg.de\/wp-content\/uploads\/2021\/02\/P1070009_ergebnis.jpg\"><img loading=\"lazy\" decoding=\"async\" class=\"size-full wp-image-25007 aligncenter\" src=\"https:\/\/olu-limburg.de\/wp-content\/uploads\/2021\/02\/P1070009_ergebnis.jpg\" alt=\"\" width=\"800\" height=\"600\" srcset=\"https:\/\/olu-limburg.de\/wp-content\/uploads\/2021\/02\/P1070009_ergebnis.jpg 800w, https:\/\/olu-limburg.de\/wp-content\/uploads\/2021\/02\/P1070009_ergebnis-300x225.jpg 300w, https:\/\/olu-limburg.de\/wp-content\/uploads\/2021\/02\/P1070009_ergebnis-768x576.jpg 768w, https:\/\/olu-limburg.de\/wp-content\/uploads\/2021\/02\/P1070009_ergebnis-624x468.jpg 624w\" sizes=\"auto, (max-width: 800px) 100vw, 800px\" \/><\/a><\/p>\n<p>Bereits nach wenigen hundert Metern verstehen wir, wieso man auch von der Holl\u00e4nderstadt mit ihren Grachten spricht. Andere geben der Stadt den Zusatz &#8222;Venedig des Nordens&#8220;. Fest steht aber, dass Herzog Friedrich III. von Schleswig-Gottorf 1621 mit vertriebenen Remonstranten, dass ist eine protestantische Religionsgemeinschaft in den Niederlanden, diese Stadt gr\u00fcndete. Diese Holl\u00e4nder pr\u00e4gten als st\u00e4rkste Bev\u00f6lkerungsgruppe entscheidend das Stadtbild.<\/p>\n<p><a href=\"https:\/\/olu-limburg.de\/wp-content\/uploads\/2021\/02\/P1070013_ergebnis.jpg\"><img loading=\"lazy\" decoding=\"async\" class=\"size-full wp-image-25010 aligncenter\" src=\"https:\/\/olu-limburg.de\/wp-content\/uploads\/2021\/02\/P1070013_ergebnis.jpg\" alt=\"\" width=\"800\" height=\"600\" srcset=\"https:\/\/olu-limburg.de\/wp-content\/uploads\/2021\/02\/P1070013_ergebnis.jpg 800w, https:\/\/olu-limburg.de\/wp-content\/uploads\/2021\/02\/P1070013_ergebnis-300x225.jpg 300w, https:\/\/olu-limburg.de\/wp-content\/uploads\/2021\/02\/P1070013_ergebnis-768x576.jpg 768w, https:\/\/olu-limburg.de\/wp-content\/uploads\/2021\/02\/P1070013_ergebnis-624x468.jpg 624w\" sizes=\"auto, (max-width: 800px) 100vw, 800px\" \/><\/a><\/p>\n<p><a href=\"https:\/\/olu-limburg.de\/wp-content\/uploads\/2021\/02\/P1070011_ergebnis.jpg\"><img loading=\"lazy\" decoding=\"async\" class=\"size-full wp-image-25009 aligncenter\" src=\"https:\/\/olu-limburg.de\/wp-content\/uploads\/2021\/02\/P1070011_ergebnis.jpg\" alt=\"\" width=\"800\" height=\"600\" srcset=\"https:\/\/olu-limburg.de\/wp-content\/uploads\/2021\/02\/P1070011_ergebnis.jpg 800w, https:\/\/olu-limburg.de\/wp-content\/uploads\/2021\/02\/P1070011_ergebnis-300x225.jpg 300w, https:\/\/olu-limburg.de\/wp-content\/uploads\/2021\/02\/P1070011_ergebnis-768x576.jpg 768w, https:\/\/olu-limburg.de\/wp-content\/uploads\/2021\/02\/P1070011_ergebnis-624x468.jpg 624w\" sizes=\"auto, (max-width: 800px) 100vw, 800px\" \/><\/a><\/p>\n<p><a href=\"https:\/\/olu-limburg.de\/wp-content\/uploads\/2021\/02\/P1070015_ergebnis.jpg\"><img loading=\"lazy\" decoding=\"async\" class=\"size-full wp-image-25011 aligncenter\" src=\"https:\/\/olu-limburg.de\/wp-content\/uploads\/2021\/02\/P1070015_ergebnis.jpg\" alt=\"\" width=\"800\" height=\"600\" srcset=\"https:\/\/olu-limburg.de\/wp-content\/uploads\/2021\/02\/P1070015_ergebnis.jpg 800w, https:\/\/olu-limburg.de\/wp-content\/uploads\/2021\/02\/P1070015_ergebnis-300x225.jpg 300w, https:\/\/olu-limburg.de\/wp-content\/uploads\/2021\/02\/P1070015_ergebnis-768x576.jpg 768w, https:\/\/olu-limburg.de\/wp-content\/uploads\/2021\/02\/P1070015_ergebnis-624x468.jpg 624w\" sizes=\"auto, (max-width: 800px) 100vw, 800px\" \/><\/a><\/p>\n<p><a href=\"https:\/\/olu-limburg.de\/wp-content\/uploads\/2021\/02\/P1070017_ergebnis-e1612794377794.jpg\"><img loading=\"lazy\" decoding=\"async\" class=\"size-full wp-image-25012 alignleft\" src=\"https:\/\/olu-limburg.de\/wp-content\/uploads\/2021\/02\/P1070017_ergebnis-e1612794377794.jpg\" alt=\"\" width=\"450\" height=\"600\" \/><\/a><\/p>\n<div id=\"attachment_25013\" style=\"width: 460px\" class=\"wp-caption alignright\"><a href=\"https:\/\/olu-limburg.de\/wp-content\/uploads\/2021\/02\/P1070018_ergebnis-e1612794393976.jpg\"><img loading=\"lazy\" decoding=\"async\" aria-describedby=\"caption-attachment-25013\" class=\"wp-image-25013 size-full\" src=\"https:\/\/olu-limburg.de\/wp-content\/uploads\/2021\/02\/P1070018_ergebnis-e1612794393976.jpg\" alt=\"\" width=\"450\" height=\"600\" \/><\/a><p id=\"caption-attachment-25013\" class=\"wp-caption-text\">Remonstrantenkirche<\/p><\/div>\n<p><a href=\"https:\/\/olu-limburg.de\/wp-content\/uploads\/2021\/02\/P1070024_ergebnis.jpg\"><img loading=\"lazy\" decoding=\"async\" class=\"size-full wp-image-25015 aligncenter\" src=\"https:\/\/olu-limburg.de\/wp-content\/uploads\/2021\/02\/P1070024_ergebnis.jpg\" alt=\"\" width=\"800\" height=\"600\" srcset=\"https:\/\/olu-limburg.de\/wp-content\/uploads\/2021\/02\/P1070024_ergebnis.jpg 800w, https:\/\/olu-limburg.de\/wp-content\/uploads\/2021\/02\/P1070024_ergebnis-300x225.jpg 300w, https:\/\/olu-limburg.de\/wp-content\/uploads\/2021\/02\/P1070024_ergebnis-768x576.jpg 768w, https:\/\/olu-limburg.de\/wp-content\/uploads\/2021\/02\/P1070024_ergebnis-624x468.jpg 624w\" sizes=\"auto, (max-width: 800px) 100vw, 800px\" \/><\/a><\/p>\n<p><a href=\"https:\/\/olu-limburg.de\/wp-content\/uploads\/2021\/02\/P1070026_ergebnis.jpg\"><img loading=\"lazy\" decoding=\"async\" class=\"size-full wp-image-25016 aligncenter\" src=\"https:\/\/olu-limburg.de\/wp-content\/uploads\/2021\/02\/P1070026_ergebnis.jpg\" alt=\"\" width=\"800\" height=\"600\" srcset=\"https:\/\/olu-limburg.de\/wp-content\/uploads\/2021\/02\/P1070026_ergebnis.jpg 800w, https:\/\/olu-limburg.de\/wp-content\/uploads\/2021\/02\/P1070026_ergebnis-300x225.jpg 300w, https:\/\/olu-limburg.de\/wp-content\/uploads\/2021\/02\/P1070026_ergebnis-768x576.jpg 768w, https:\/\/olu-limburg.de\/wp-content\/uploads\/2021\/02\/P1070026_ergebnis-624x468.jpg 624w\" sizes=\"auto, (max-width: 800px) 100vw, 800px\" \/><\/a><\/p>\n<p><a href=\"https:\/\/olu-limburg.de\/wp-content\/uploads\/2021\/02\/P1070027_ergebnis-e1612794441698.jpg\"><img loading=\"lazy\" decoding=\"async\" class=\"size-full wp-image-25017 aligncenter\" src=\"https:\/\/olu-limburg.de\/wp-content\/uploads\/2021\/02\/P1070027_ergebnis-e1612794441698.jpg\" alt=\"\" width=\"450\" height=\"600\" \/><\/a><\/p>\n<p>F\u00fcr unseren Mittagshunger w\u00e4hlen wir ein Ristorante Pizzeria am Marktplatz, weil wir gro\u00dfe Lust auf Muscheln haben. In Friedrichstadt gibt es aber auch noch gen\u00fcgend Fisch zu essen.<\/p>\n<p><a href=\"https:\/\/olu-limburg.de\/wp-content\/uploads\/2021\/02\/P1070023_ergebnis.jpg\"><img loading=\"lazy\" decoding=\"async\" class=\"size-full wp-image-25014 aligncenter\" src=\"https:\/\/olu-limburg.de\/wp-content\/uploads\/2021\/02\/P1070023_ergebnis.jpg\" alt=\"\" width=\"800\" height=\"600\" srcset=\"https:\/\/olu-limburg.de\/wp-content\/uploads\/2021\/02\/P1070023_ergebnis.jpg 800w, https:\/\/olu-limburg.de\/wp-content\/uploads\/2021\/02\/P1070023_ergebnis-300x225.jpg 300w, https:\/\/olu-limburg.de\/wp-content\/uploads\/2021\/02\/P1070023_ergebnis-768x576.jpg 768w, https:\/\/olu-limburg.de\/wp-content\/uploads\/2021\/02\/P1070023_ergebnis-624x468.jpg 624w\" sizes=\"auto, (max-width: 800px) 100vw, 800px\" \/><\/a><\/p>\n<p><a href=\"https:\/\/olu-limburg.de\/wp-content\/uploads\/2021\/02\/P1070029_ergebnis-e1612794492424.jpg\"><img loading=\"lazy\" decoding=\"async\" class=\"size-full wp-image-25018 aligncenter\" src=\"https:\/\/olu-limburg.de\/wp-content\/uploads\/2021\/02\/P1070029_ergebnis-e1612794492424.jpg\" alt=\"\" width=\"450\" height=\"600\" \/><\/a><\/p>\n<p><a href=\"https:\/\/olu-limburg.de\/wp-content\/uploads\/2021\/02\/20200926_144828_ergebnis.jpg\"><img loading=\"lazy\" decoding=\"async\" class=\"size-full wp-image-24994 aligncenter\" src=\"https:\/\/olu-limburg.de\/wp-content\/uploads\/2021\/02\/20200926_144828_ergebnis.jpg\" alt=\"\" width=\"800\" height=\"600\" srcset=\"https:\/\/olu-limburg.de\/wp-content\/uploads\/2021\/02\/20200926_144828_ergebnis.jpg 800w, https:\/\/olu-limburg.de\/wp-content\/uploads\/2021\/02\/20200926_144828_ergebnis-300x225.jpg 300w, https:\/\/olu-limburg.de\/wp-content\/uploads\/2021\/02\/20200926_144828_ergebnis-768x576.jpg 768w, https:\/\/olu-limburg.de\/wp-content\/uploads\/2021\/02\/20200926_144828_ergebnis-624x468.jpg 624w\" sizes=\"auto, (max-width: 800px) 100vw, 800px\" \/><\/a><\/p>\n<div id=\"attachment_25004\" style=\"width: 810px\" class=\"wp-caption aligncenter\"><a href=\"https:\/\/olu-limburg.de\/wp-content\/uploads\/2021\/02\/IMG_20200926_133844_ergebnis.jpg\"><img loading=\"lazy\" decoding=\"async\" aria-describedby=\"caption-attachment-25004\" class=\"wp-image-25004 size-full\" src=\"https:\/\/olu-limburg.de\/wp-content\/uploads\/2021\/02\/IMG_20200926_133844_ergebnis.jpg\" alt=\"\" width=\"800\" height=\"600\" srcset=\"https:\/\/olu-limburg.de\/wp-content\/uploads\/2021\/02\/IMG_20200926_133844_ergebnis.jpg 800w, https:\/\/olu-limburg.de\/wp-content\/uploads\/2021\/02\/IMG_20200926_133844_ergebnis-300x225.jpg 300w, https:\/\/olu-limburg.de\/wp-content\/uploads\/2021\/02\/IMG_20200926_133844_ergebnis-768x576.jpg 768w, https:\/\/olu-limburg.de\/wp-content\/uploads\/2021\/02\/IMG_20200926_133844_ergebnis-624x468.jpg 624w\" sizes=\"auto, (max-width: 800px) 100vw, 800px\" \/><\/a><p id=\"caption-attachment-25004\" class=\"wp-caption-text\">Antipasto della Casa<\/p><\/div>\n<div id=\"attachment_24992\" style=\"width: 810px\" class=\"wp-caption aligncenter\"><a href=\"https:\/\/olu-limburg.de\/wp-content\/uploads\/2021\/02\/20200926_140155_ergebnis.jpg\"><img loading=\"lazy\" decoding=\"async\" aria-describedby=\"caption-attachment-24992\" class=\"wp-image-24992 size-full\" src=\"https:\/\/olu-limburg.de\/wp-content\/uploads\/2021\/02\/20200926_140155_ergebnis.jpg\" alt=\"\" width=\"800\" height=\"600\" srcset=\"https:\/\/olu-limburg.de\/wp-content\/uploads\/2021\/02\/20200926_140155_ergebnis.jpg 800w, https:\/\/olu-limburg.de\/wp-content\/uploads\/2021\/02\/20200926_140155_ergebnis-300x225.jpg 300w, https:\/\/olu-limburg.de\/wp-content\/uploads\/2021\/02\/20200926_140155_ergebnis-768x576.jpg 768w, https:\/\/olu-limburg.de\/wp-content\/uploads\/2021\/02\/20200926_140155_ergebnis-624x468.jpg 624w\" sizes=\"auto, (max-width: 800px) 100vw, 800px\" \/><\/a><p id=\"caption-attachment-24992\" class=\"wp-caption-text\">Miesmuscheln der Tagesempfehlung<\/p><\/div>\n<p>Mit einem kleinen Verdauungsspaziergang geht es gem\u00e4chlich zur\u00fcck zum Stellplatz.<\/p>\n<p><a href=\"https:\/\/olu-limburg.de\/wp-content\/uploads\/2021\/02\/IMG_20200926_130319_ergebnis.jpg\"><img loading=\"lazy\" decoding=\"async\" class=\"size-full wp-image-25003 aligncenter\" src=\"https:\/\/olu-limburg.de\/wp-content\/uploads\/2021\/02\/IMG_20200926_130319_ergebnis.jpg\" alt=\"\" width=\"800\" height=\"600\" srcset=\"https:\/\/olu-limburg.de\/wp-content\/uploads\/2021\/02\/IMG_20200926_130319_ergebnis.jpg 800w, https:\/\/olu-limburg.de\/wp-content\/uploads\/2021\/02\/IMG_20200926_130319_ergebnis-300x225.jpg 300w, https:\/\/olu-limburg.de\/wp-content\/uploads\/2021\/02\/IMG_20200926_130319_ergebnis-768x576.jpg 768w, https:\/\/olu-limburg.de\/wp-content\/uploads\/2021\/02\/IMG_20200926_130319_ergebnis-624x468.jpg 624w\" sizes=\"auto, (max-width: 800px) 100vw, 800px\" \/><\/a><\/p>\n<p><a href=\"https:\/\/olu-limburg.de\/wp-content\/uploads\/2021\/02\/20200926_150334_ergebnis.jpg\"><img loading=\"lazy\" decoding=\"async\" class=\"size-full wp-image-24995 aligncenter\" src=\"https:\/\/olu-limburg.de\/wp-content\/uploads\/2021\/02\/20200926_150334_ergebnis.jpg\" alt=\"\" width=\"800\" height=\"600\" srcset=\"https:\/\/olu-limburg.de\/wp-content\/uploads\/2021\/02\/20200926_150334_ergebnis.jpg 800w, https:\/\/olu-limburg.de\/wp-content\/uploads\/2021\/02\/20200926_150334_ergebnis-300x225.jpg 300w, https:\/\/olu-limburg.de\/wp-content\/uploads\/2021\/02\/20200926_150334_ergebnis-768x576.jpg 768w, https:\/\/olu-limburg.de\/wp-content\/uploads\/2021\/02\/20200926_150334_ergebnis-624x468.jpg 624w\" sizes=\"auto, (max-width: 800px) 100vw, 800px\" \/><\/a><\/p>\n<p><a href=\"https:\/\/olu-limburg.de\/wp-content\/uploads\/2021\/02\/P1070030_ergebnis.jpg\"><img loading=\"lazy\" decoding=\"async\" class=\"size-full wp-image-25019 aligncenter\" src=\"https:\/\/olu-limburg.de\/wp-content\/uploads\/2021\/02\/P1070030_ergebnis.jpg\" alt=\"\" width=\"800\" height=\"600\" srcset=\"https:\/\/olu-limburg.de\/wp-content\/uploads\/2021\/02\/P1070030_ergebnis.jpg 800w, https:\/\/olu-limburg.de\/wp-content\/uploads\/2021\/02\/P1070030_ergebnis-300x225.jpg 300w, https:\/\/olu-limburg.de\/wp-content\/uploads\/2021\/02\/P1070030_ergebnis-768x576.jpg 768w, https:\/\/olu-limburg.de\/wp-content\/uploads\/2021\/02\/P1070030_ergebnis-624x468.jpg 624w\" sizes=\"auto, (max-width: 800px) 100vw, 800px\" \/><\/a><\/p>\n<p><a href=\"https:\/\/olu-limburg.de\/wp-content\/uploads\/2021\/02\/P1070034_ergebnis.jpg\"><img loading=\"lazy\" decoding=\"async\" class=\"size-full wp-image-25020 aligncenter\" src=\"https:\/\/olu-limburg.de\/wp-content\/uploads\/2021\/02\/P1070034_ergebnis.jpg\" alt=\"\" width=\"800\" height=\"600\" srcset=\"https:\/\/olu-limburg.de\/wp-content\/uploads\/2021\/02\/P1070034_ergebnis.jpg 800w, https:\/\/olu-limburg.de\/wp-content\/uploads\/2021\/02\/P1070034_ergebnis-300x225.jpg 300w, https:\/\/olu-limburg.de\/wp-content\/uploads\/2021\/02\/P1070034_ergebnis-768x576.jpg 768w, https:\/\/olu-limburg.de\/wp-content\/uploads\/2021\/02\/P1070034_ergebnis-624x468.jpg 624w\" sizes=\"auto, (max-width: 800px) 100vw, 800px\" \/><\/a><\/p>\n<p><a href=\"https:\/\/olu-limburg.de\/wp-content\/uploads\/2021\/02\/P1070035_ergebnis-e1612794999281.jpg\"><img loading=\"lazy\" decoding=\"async\" class=\"size-full wp-image-25021 aligncenter\" src=\"https:\/\/olu-limburg.de\/wp-content\/uploads\/2021\/02\/P1070035_ergebnis-e1612794999281.jpg\" alt=\"\" width=\"450\" height=\"600\" \/><\/a><\/p>\n<p><a href=\"https:\/\/olu-limburg.de\/wp-content\/uploads\/2021\/02\/P1070037_ergebnis.jpg\"><img loading=\"lazy\" decoding=\"async\" class=\"size-full wp-image-25022 aligncenter\" src=\"https:\/\/olu-limburg.de\/wp-content\/uploads\/2021\/02\/P1070037_ergebnis.jpg\" alt=\"\" width=\"800\" height=\"600\" srcset=\"https:\/\/olu-limburg.de\/wp-content\/uploads\/2021\/02\/P1070037_ergebnis.jpg 800w, https:\/\/olu-limburg.de\/wp-content\/uploads\/2021\/02\/P1070037_ergebnis-300x225.jpg 300w, https:\/\/olu-limburg.de\/wp-content\/uploads\/2021\/02\/P1070037_ergebnis-768x576.jpg 768w, https:\/\/olu-limburg.de\/wp-content\/uploads\/2021\/02\/P1070037_ergebnis-624x468.jpg 624w\" sizes=\"auto, (max-width: 800px) 100vw, 800px\" \/><\/a><\/p>\n<p>Tagesstrecke: 45 km<\/p>\n<p>&nbsp;<\/p>\n<p><strong>Sonntag, 27.09.2020<\/strong><\/p>\n<div id=\"attachment_25026\" style=\"width: 810px\" class=\"wp-caption aligncenter\"><a href=\"https:\/\/olu-limburg.de\/wp-content\/uploads\/2021\/02\/20200928_105709_ergebnis.jpg\"><img loading=\"lazy\" decoding=\"async\" aria-describedby=\"caption-attachment-25026\" class=\"wp-image-25026 size-full\" src=\"https:\/\/olu-limburg.de\/wp-content\/uploads\/2021\/02\/20200928_105709_ergebnis.jpg\" alt=\"\" width=\"800\" height=\"600\" srcset=\"https:\/\/olu-limburg.de\/wp-content\/uploads\/2021\/02\/20200928_105709_ergebnis.jpg 800w, https:\/\/olu-limburg.de\/wp-content\/uploads\/2021\/02\/20200928_105709_ergebnis-300x225.jpg 300w, https:\/\/olu-limburg.de\/wp-content\/uploads\/2021\/02\/20200928_105709_ergebnis-768x576.jpg 768w, https:\/\/olu-limburg.de\/wp-content\/uploads\/2021\/02\/20200928_105709_ergebnis-624x468.jpg 624w\" sizes=\"auto, (max-width: 800px) 100vw, 800px\" \/><\/a><p id=\"caption-attachment-25026\" class=\"wp-caption-text\">Dieser Imbiss auf dem Stellplatz hat jeden Abend ge\u00f6ffnet.<\/p><\/div>\n<p>Das Wetter ist nicht so besonders. Trotzdem m\u00f6chten wir noch einmal in die Stadt. Uns lockt eine Grachtenfahrt (EUR 10,00\/Person), um die versteckten Ecken der &#8222;Holl\u00e4nderstadt&#8220; von der Wasserseite zu sehen.<\/p>\n<p>Die Fahrt beginnt am F\u00fcrstenburggraben.<\/p>\n<p><a href=\"https:\/\/olu-limburg.de\/wp-content\/uploads\/2021\/02\/P1070038_ergebnis.jpg\"><img loading=\"lazy\" decoding=\"async\" class=\"size-full wp-image-25029 aligncenter\" src=\"https:\/\/olu-limburg.de\/wp-content\/uploads\/2021\/02\/P1070038_ergebnis.jpg\" alt=\"\" width=\"800\" height=\"600\" srcset=\"https:\/\/olu-limburg.de\/wp-content\/uploads\/2021\/02\/P1070038_ergebnis.jpg 800w, https:\/\/olu-limburg.de\/wp-content\/uploads\/2021\/02\/P1070038_ergebnis-300x225.jpg 300w, https:\/\/olu-limburg.de\/wp-content\/uploads\/2021\/02\/P1070038_ergebnis-768x576.jpg 768w, https:\/\/olu-limburg.de\/wp-content\/uploads\/2021\/02\/P1070038_ergebnis-624x468.jpg 624w\" sizes=\"auto, (max-width: 800px) 100vw, 800px\" \/><\/a><\/p>\n<p>Als wir auf den Wester-Sielzug sto\u00dfen, sehen wir vor uns Ruderer, die Teilnehmer einer Sprint-Regatta sind.<\/p>\n<p><a href=\"https:\/\/olu-limburg.de\/wp-content\/uploads\/2021\/02\/P1070039_ergebnis.jpg\"><img loading=\"lazy\" decoding=\"async\" class=\"size-full wp-image-25030 aligncenter\" src=\"https:\/\/olu-limburg.de\/wp-content\/uploads\/2021\/02\/P1070039_ergebnis.jpg\" alt=\"\" width=\"800\" height=\"600\" srcset=\"https:\/\/olu-limburg.de\/wp-content\/uploads\/2021\/02\/P1070039_ergebnis.jpg 800w, https:\/\/olu-limburg.de\/wp-content\/uploads\/2021\/02\/P1070039_ergebnis-300x225.jpg 300w, https:\/\/olu-limburg.de\/wp-content\/uploads\/2021\/02\/P1070039_ergebnis-768x576.jpg 768w, https:\/\/olu-limburg.de\/wp-content\/uploads\/2021\/02\/P1070039_ergebnis-624x468.jpg 624w\" sizes=\"auto, (max-width: 800px) 100vw, 800px\" \/><\/a><\/p>\n<p>Beim n\u00e4chsten Richtungswechsel kommen wir auf die Treene, die hier in die Eider m\u00fcndet. Leider haben wir ein wenig Pech. Es f\u00e4ngt an zu regnen, und die Scheiben des Panoramabootes werden immer undurchsichtiger.<\/p>\n<p><a href=\"https:\/\/olu-limburg.de\/wp-content\/uploads\/2021\/02\/P1070040_ergebnis.jpg\"><img loading=\"lazy\" decoding=\"async\" class=\"size-full wp-image-25031 aligncenter\" src=\"https:\/\/olu-limburg.de\/wp-content\/uploads\/2021\/02\/P1070040_ergebnis.jpg\" alt=\"\" width=\"800\" height=\"600\" srcset=\"https:\/\/olu-limburg.de\/wp-content\/uploads\/2021\/02\/P1070040_ergebnis.jpg 800w, https:\/\/olu-limburg.de\/wp-content\/uploads\/2021\/02\/P1070040_ergebnis-300x225.jpg 300w, https:\/\/olu-limburg.de\/wp-content\/uploads\/2021\/02\/P1070040_ergebnis-768x576.jpg 768w, https:\/\/olu-limburg.de\/wp-content\/uploads\/2021\/02\/P1070040_ergebnis-624x468.jpg 624w\" sizes=\"auto, (max-width: 800px) 100vw, 800px\" \/><\/a><\/p>\n<p><a href=\"https:\/\/olu-limburg.de\/wp-content\/uploads\/2021\/02\/P1070042_ergebnis.jpg\"><img loading=\"lazy\" decoding=\"async\" class=\"size-full wp-image-25032 aligncenter\" src=\"https:\/\/olu-limburg.de\/wp-content\/uploads\/2021\/02\/P1070042_ergebnis.jpg\" alt=\"\" width=\"800\" height=\"600\" srcset=\"https:\/\/olu-limburg.de\/wp-content\/uploads\/2021\/02\/P1070042_ergebnis.jpg 800w, https:\/\/olu-limburg.de\/wp-content\/uploads\/2021\/02\/P1070042_ergebnis-300x225.jpg 300w, https:\/\/olu-limburg.de\/wp-content\/uploads\/2021\/02\/P1070042_ergebnis-768x576.jpg 768w, https:\/\/olu-limburg.de\/wp-content\/uploads\/2021\/02\/P1070042_ergebnis-624x468.jpg 624w\" sizes=\"auto, (max-width: 800px) 100vw, 800px\" \/><\/a><\/p>\n<p><a href=\"https:\/\/olu-limburg.de\/wp-content\/uploads\/2021\/02\/P1070043_ergebnis.jpg\"><img loading=\"lazy\" decoding=\"async\" class=\"size-full wp-image-25033 aligncenter\" src=\"https:\/\/olu-limburg.de\/wp-content\/uploads\/2021\/02\/P1070043_ergebnis.jpg\" alt=\"\" width=\"800\" height=\"600\" srcset=\"https:\/\/olu-limburg.de\/wp-content\/uploads\/2021\/02\/P1070043_ergebnis.jpg 800w, https:\/\/olu-limburg.de\/wp-content\/uploads\/2021\/02\/P1070043_ergebnis-300x225.jpg 300w, https:\/\/olu-limburg.de\/wp-content\/uploads\/2021\/02\/P1070043_ergebnis-768x576.jpg 768w, https:\/\/olu-limburg.de\/wp-content\/uploads\/2021\/02\/P1070043_ergebnis-624x468.jpg 624w\" sizes=\"auto, (max-width: 800px) 100vw, 800px\" \/><\/a><\/p>\n<p><a href=\"https:\/\/olu-limburg.de\/wp-content\/uploads\/2021\/02\/P1070044_ergebnis-e1612797583473.jpg\"><img loading=\"lazy\" decoding=\"async\" class=\"size-full wp-image-25034 aligncenter\" src=\"https:\/\/olu-limburg.de\/wp-content\/uploads\/2021\/02\/P1070044_ergebnis-e1612797583473.jpg\" alt=\"\" width=\"450\" height=\"600\" \/><\/a><\/p>\n<p><a href=\"https:\/\/olu-limburg.de\/wp-content\/uploads\/2021\/02\/P1070047_ergebnis.jpg\"><img loading=\"lazy\" decoding=\"async\" class=\"size-full wp-image-25035 aligncenter\" src=\"https:\/\/olu-limburg.de\/wp-content\/uploads\/2021\/02\/P1070047_ergebnis.jpg\" alt=\"\" width=\"800\" height=\"600\" srcset=\"https:\/\/olu-limburg.de\/wp-content\/uploads\/2021\/02\/P1070047_ergebnis.jpg 800w, https:\/\/olu-limburg.de\/wp-content\/uploads\/2021\/02\/P1070047_ergebnis-300x225.jpg 300w, https:\/\/olu-limburg.de\/wp-content\/uploads\/2021\/02\/P1070047_ergebnis-768x576.jpg 768w, https:\/\/olu-limburg.de\/wp-content\/uploads\/2021\/02\/P1070047_ergebnis-624x468.jpg 624w\" sizes=\"auto, (max-width: 800px) 100vw, 800px\" \/><\/a><\/p>\n<p><a href=\"https:\/\/olu-limburg.de\/wp-content\/uploads\/2021\/02\/P1070049_ergebnis.jpg\"><img loading=\"lazy\" decoding=\"async\" class=\"size-full wp-image-25036 aligncenter\" src=\"https:\/\/olu-limburg.de\/wp-content\/uploads\/2021\/02\/P1070049_ergebnis.jpg\" alt=\"\" width=\"800\" height=\"600\" srcset=\"https:\/\/olu-limburg.de\/wp-content\/uploads\/2021\/02\/P1070049_ergebnis.jpg 800w, https:\/\/olu-limburg.de\/wp-content\/uploads\/2021\/02\/P1070049_ergebnis-300x225.jpg 300w, https:\/\/olu-limburg.de\/wp-content\/uploads\/2021\/02\/P1070049_ergebnis-768x576.jpg 768w, https:\/\/olu-limburg.de\/wp-content\/uploads\/2021\/02\/P1070049_ergebnis-624x468.jpg 624w\" sizes=\"auto, (max-width: 800px) 100vw, 800px\" \/><\/a><\/p>\n<p><a href=\"https:\/\/olu-limburg.de\/wp-content\/uploads\/2021\/02\/P1070050_ergebnis.jpg\"><img loading=\"lazy\" decoding=\"async\" class=\"size-full wp-image-25037 aligncenter\" src=\"https:\/\/olu-limburg.de\/wp-content\/uploads\/2021\/02\/P1070050_ergebnis.jpg\" alt=\"\" width=\"800\" height=\"600\" srcset=\"https:\/\/olu-limburg.de\/wp-content\/uploads\/2021\/02\/P1070050_ergebnis.jpg 800w, https:\/\/olu-limburg.de\/wp-content\/uploads\/2021\/02\/P1070050_ergebnis-300x225.jpg 300w, https:\/\/olu-limburg.de\/wp-content\/uploads\/2021\/02\/P1070050_ergebnis-768x576.jpg 768w, https:\/\/olu-limburg.de\/wp-content\/uploads\/2021\/02\/P1070050_ergebnis-624x468.jpg 624w\" sizes=\"auto, (max-width: 800px) 100vw, 800px\" \/><\/a><\/p>\n<p>Ich setze mich um, es ist ja coronabedingt genug Platz auf dem Boot, und nutze zum Fotografieren die offene L\u00fcftungsluke im Dach.<\/p>\n<p><a href=\"https:\/\/olu-limburg.de\/wp-content\/uploads\/2021\/02\/20200927_123416_ergebnis.jpg\"><img loading=\"lazy\" decoding=\"async\" class=\"size-full wp-image-25024 aligncenter\" src=\"https:\/\/olu-limburg.de\/wp-content\/uploads\/2021\/02\/20200927_123416_ergebnis.jpg\" alt=\"\" width=\"800\" height=\"600\" srcset=\"https:\/\/olu-limburg.de\/wp-content\/uploads\/2021\/02\/20200927_123416_ergebnis.jpg 800w, https:\/\/olu-limburg.de\/wp-content\/uploads\/2021\/02\/20200927_123416_ergebnis-300x225.jpg 300w, https:\/\/olu-limburg.de\/wp-content\/uploads\/2021\/02\/20200927_123416_ergebnis-768x576.jpg 768w, https:\/\/olu-limburg.de\/wp-content\/uploads\/2021\/02\/20200927_123416_ergebnis-624x468.jpg 624w\" sizes=\"auto, (max-width: 800px) 100vw, 800px\" \/><\/a><\/p>\n<p><a href=\"https:\/\/olu-limburg.de\/wp-content\/uploads\/2021\/02\/P1070054_ergebnis.jpg\"><img loading=\"lazy\" decoding=\"async\" class=\"size-full wp-image-25038 aligncenter\" src=\"https:\/\/olu-limburg.de\/wp-content\/uploads\/2021\/02\/P1070054_ergebnis.jpg\" alt=\"\" width=\"800\" height=\"600\" srcset=\"https:\/\/olu-limburg.de\/wp-content\/uploads\/2021\/02\/P1070054_ergebnis.jpg 800w, https:\/\/olu-limburg.de\/wp-content\/uploads\/2021\/02\/P1070054_ergebnis-300x225.jpg 300w, https:\/\/olu-limburg.de\/wp-content\/uploads\/2021\/02\/P1070054_ergebnis-768x576.jpg 768w, https:\/\/olu-limburg.de\/wp-content\/uploads\/2021\/02\/P1070054_ergebnis-624x468.jpg 624w\" sizes=\"auto, (max-width: 800px) 100vw, 800px\" \/><\/a><\/p>\n<p><a href=\"https:\/\/olu-limburg.de\/wp-content\/uploads\/2021\/02\/P1070055_ergebnis.jpg\"><img loading=\"lazy\" decoding=\"async\" class=\"size-full wp-image-25039 aligncenter\" src=\"https:\/\/olu-limburg.de\/wp-content\/uploads\/2021\/02\/P1070055_ergebnis.jpg\" alt=\"\" width=\"800\" height=\"600\" srcset=\"https:\/\/olu-limburg.de\/wp-content\/uploads\/2021\/02\/P1070055_ergebnis.jpg 800w, https:\/\/olu-limburg.de\/wp-content\/uploads\/2021\/02\/P1070055_ergebnis-300x225.jpg 300w, https:\/\/olu-limburg.de\/wp-content\/uploads\/2021\/02\/P1070055_ergebnis-768x576.jpg 768w, https:\/\/olu-limburg.de\/wp-content\/uploads\/2021\/02\/P1070055_ergebnis-624x468.jpg 624w\" sizes=\"auto, (max-width: 800px) 100vw, 800px\" \/><\/a><\/p>\n<p><a href=\"https:\/\/olu-limburg.de\/wp-content\/uploads\/2021\/02\/P1070056_ergebnis.jpg\"><img loading=\"lazy\" decoding=\"async\" class=\"size-full wp-image-25040 aligncenter\" src=\"https:\/\/olu-limburg.de\/wp-content\/uploads\/2021\/02\/P1070056_ergebnis.jpg\" alt=\"\" width=\"800\" height=\"600\" srcset=\"https:\/\/olu-limburg.de\/wp-content\/uploads\/2021\/02\/P1070056_ergebnis.jpg 800w, https:\/\/olu-limburg.de\/wp-content\/uploads\/2021\/02\/P1070056_ergebnis-300x225.jpg 300w, https:\/\/olu-limburg.de\/wp-content\/uploads\/2021\/02\/P1070056_ergebnis-768x576.jpg 768w, https:\/\/olu-limburg.de\/wp-content\/uploads\/2021\/02\/P1070056_ergebnis-624x468.jpg 624w\" sizes=\"auto, (max-width: 800px) 100vw, 800px\" \/><\/a><\/p>\n<p><a href=\"https:\/\/olu-limburg.de\/wp-content\/uploads\/2021\/02\/P1070058_ergebnis.jpg\"><img loading=\"lazy\" decoding=\"async\" class=\"size-full wp-image-25041 aligncenter\" src=\"https:\/\/olu-limburg.de\/wp-content\/uploads\/2021\/02\/P1070058_ergebnis.jpg\" alt=\"\" width=\"800\" height=\"600\" srcset=\"https:\/\/olu-limburg.de\/wp-content\/uploads\/2021\/02\/P1070058_ergebnis.jpg 800w, https:\/\/olu-limburg.de\/wp-content\/uploads\/2021\/02\/P1070058_ergebnis-300x225.jpg 300w, https:\/\/olu-limburg.de\/wp-content\/uploads\/2021\/02\/P1070058_ergebnis-768x576.jpg 768w, https:\/\/olu-limburg.de\/wp-content\/uploads\/2021\/02\/P1070058_ergebnis-624x468.jpg 624w\" sizes=\"auto, (max-width: 800px) 100vw, 800px\" \/><\/a><\/p>\n<p>Nun geht es wieder zu Fu\u00df weiter.<\/p>\n<p><a href=\"https:\/\/olu-limburg.de\/wp-content\/uploads\/2021\/02\/P1070062_ergebnis.jpg\"><img loading=\"lazy\" decoding=\"async\" class=\"size-full wp-image-25044 aligncenter\" src=\"https:\/\/olu-limburg.de\/wp-content\/uploads\/2021\/02\/P1070062_ergebnis.jpg\" alt=\"\" width=\"800\" height=\"600\" srcset=\"https:\/\/olu-limburg.de\/wp-content\/uploads\/2021\/02\/P1070062_ergebnis.jpg 800w, https:\/\/olu-limburg.de\/wp-content\/uploads\/2021\/02\/P1070062_ergebnis-300x225.jpg 300w, https:\/\/olu-limburg.de\/wp-content\/uploads\/2021\/02\/P1070062_ergebnis-768x576.jpg 768w, https:\/\/olu-limburg.de\/wp-content\/uploads\/2021\/02\/P1070062_ergebnis-624x468.jpg 624w\" sizes=\"auto, (max-width: 800px) 100vw, 800px\" \/><\/a><\/p>\n<p><a href=\"https:\/\/olu-limburg.de\/wp-content\/uploads\/2021\/02\/P1070060_ergebnis-e1612798096336.jpg\"><img loading=\"lazy\" decoding=\"async\" class=\"size-full wp-image-25042 aligncenter\" src=\"https:\/\/olu-limburg.de\/wp-content\/uploads\/2021\/02\/P1070060_ergebnis-e1612798096336.jpg\" alt=\"\" width=\"450\" height=\"600\" \/><\/a><\/p>\n<p><a href=\"https:\/\/olu-limburg.de\/wp-content\/uploads\/2021\/02\/P1070061_ergebnis-e1612798112649.jpg\"><img loading=\"lazy\" decoding=\"async\" class=\"size-full wp-image-25043 aligncenter\" src=\"https:\/\/olu-limburg.de\/wp-content\/uploads\/2021\/02\/P1070061_ergebnis-e1612798112649.jpg\" alt=\"\" width=\"450\" height=\"600\" \/><\/a><\/p>\n<p>Und schon sitzen wir wieder beim Essen. Heute haben wir uns f\u00fcr Fisch entschieden.<\/p>\n<p><a href=\"https:\/\/olu-limburg.de\/wp-content\/uploads\/2021\/02\/IMG_20200927_133837_ergebnis.jpg\"><img loading=\"lazy\" decoding=\"async\" class=\"size-full wp-image-25027 aligncenter\" src=\"https:\/\/olu-limburg.de\/wp-content\/uploads\/2021\/02\/IMG_20200927_133837_ergebnis.jpg\" alt=\"\" width=\"800\" height=\"600\" srcset=\"https:\/\/olu-limburg.de\/wp-content\/uploads\/2021\/02\/IMG_20200927_133837_ergebnis.jpg 800w, https:\/\/olu-limburg.de\/wp-content\/uploads\/2021\/02\/IMG_20200927_133837_ergebnis-300x225.jpg 300w, https:\/\/olu-limburg.de\/wp-content\/uploads\/2021\/02\/IMG_20200927_133837_ergebnis-768x576.jpg 768w, https:\/\/olu-limburg.de\/wp-content\/uploads\/2021\/02\/IMG_20200927_133837_ergebnis-624x468.jpg 624w\" sizes=\"auto, (max-width: 800px) 100vw, 800px\" \/><\/a><\/p>\n<p><a href=\"https:\/\/olu-limburg.de\/wp-content\/uploads\/2021\/02\/IMG_20200927_133845_ergebnis.jpg\"><img loading=\"lazy\" decoding=\"async\" class=\"size-full wp-image-25028 aligncenter\" src=\"https:\/\/olu-limburg.de\/wp-content\/uploads\/2021\/02\/IMG_20200927_133845_ergebnis.jpg\" alt=\"\" width=\"800\" height=\"600\" srcset=\"https:\/\/olu-limburg.de\/wp-content\/uploads\/2021\/02\/IMG_20200927_133845_ergebnis.jpg 800w, https:\/\/olu-limburg.de\/wp-content\/uploads\/2021\/02\/IMG_20200927_133845_ergebnis-300x225.jpg 300w, https:\/\/olu-limburg.de\/wp-content\/uploads\/2021\/02\/IMG_20200927_133845_ergebnis-768x576.jpg 768w, https:\/\/olu-limburg.de\/wp-content\/uploads\/2021\/02\/IMG_20200927_133845_ergebnis-624x468.jpg 624w\" sizes=\"auto, (max-width: 800px) 100vw, 800px\" \/><\/a><\/p>\n<p>Mit einer kleinen Runde auf dem Heimweg beschlie\u00dfen wir unsere Wanderungen durch Friedrichstadt.<\/p>\n<p><a href=\"https:\/\/olu-limburg.de\/wp-content\/uploads\/2021\/02\/P1070063_ergebnis.jpg\"><img loading=\"lazy\" decoding=\"async\" class=\"size-full wp-image-25045 aligncenter\" src=\"https:\/\/olu-limburg.de\/wp-content\/uploads\/2021\/02\/P1070063_ergebnis.jpg\" alt=\"\" width=\"800\" height=\"600\" srcset=\"https:\/\/olu-limburg.de\/wp-content\/uploads\/2021\/02\/P1070063_ergebnis.jpg 800w, https:\/\/olu-limburg.de\/wp-content\/uploads\/2021\/02\/P1070063_ergebnis-300x225.jpg 300w, https:\/\/olu-limburg.de\/wp-content\/uploads\/2021\/02\/P1070063_ergebnis-768x576.jpg 768w, https:\/\/olu-limburg.de\/wp-content\/uploads\/2021\/02\/P1070063_ergebnis-624x468.jpg 624w\" sizes=\"auto, (max-width: 800px) 100vw, 800px\" \/><\/a><\/p>\n<div id=\"attachment_25046\" style=\"width: 460px\" class=\"wp-caption alignleft\"><a href=\"https:\/\/olu-limburg.de\/wp-content\/uploads\/2021\/02\/P1070064_ergebnis-e1612798226435.jpg\"><img loading=\"lazy\" decoding=\"async\" aria-describedby=\"caption-attachment-25046\" class=\"wp-image-25046 size-full\" src=\"https:\/\/olu-limburg.de\/wp-content\/uploads\/2021\/02\/P1070064_ergebnis-e1612798226435.jpg\" alt=\"\" width=\"450\" height=\"600\" \/><\/a><p id=\"caption-attachment-25046\" class=\"wp-caption-text\">Museum &#8222;Alte M\u00fcnze&#8220;<\/p><\/div>\n<div id=\"attachment_25047\" style=\"width: 460px\" class=\"wp-caption alignright\"><a href=\"https:\/\/olu-limburg.de\/wp-content\/uploads\/2021\/02\/P1070068_ergebnis-e1612798237206.jpg\"><img loading=\"lazy\" decoding=\"async\" aria-describedby=\"caption-attachment-25047\" class=\"wp-image-25047 size-full\" src=\"https:\/\/olu-limburg.de\/wp-content\/uploads\/2021\/02\/P1070068_ergebnis-e1612798237206.jpg\" alt=\"\" width=\"450\" height=\"600\" \/><\/a><p id=\"caption-attachment-25047\" class=\"wp-caption-text\">Mennonitenkirche<\/p><\/div>\n<p><a href=\"https:\/\/olu-limburg.de\/wp-content\/uploads\/2021\/02\/P1070070_ergebnis.jpg\"><img loading=\"lazy\" decoding=\"async\" class=\"size-full wp-image-25048 aligncenter\" src=\"https:\/\/olu-limburg.de\/wp-content\/uploads\/2021\/02\/P1070070_ergebnis.jpg\" alt=\"\" width=\"800\" height=\"600\" srcset=\"https:\/\/olu-limburg.de\/wp-content\/uploads\/2021\/02\/P1070070_ergebnis.jpg 800w, https:\/\/olu-limburg.de\/wp-content\/uploads\/2021\/02\/P1070070_ergebnis-300x225.jpg 300w, https:\/\/olu-limburg.de\/wp-content\/uploads\/2021\/02\/P1070070_ergebnis-768x576.jpg 768w, https:\/\/olu-limburg.de\/wp-content\/uploads\/2021\/02\/P1070070_ergebnis-624x468.jpg 624w\" sizes=\"auto, (max-width: 800px) 100vw, 800px\" \/><\/a><\/p>\n<div id=\"attachment_25049\" style=\"width: 810px\" class=\"wp-caption aligncenter\"><a href=\"https:\/\/olu-limburg.de\/wp-content\/uploads\/2021\/02\/P1070072_ergebnis.jpg\"><img loading=\"lazy\" decoding=\"async\" aria-describedby=\"caption-attachment-25049\" class=\"wp-image-25049 size-full\" src=\"https:\/\/olu-limburg.de\/wp-content\/uploads\/2021\/02\/P1070072_ergebnis.jpg\" alt=\"\" width=\"800\" height=\"600\" srcset=\"https:\/\/olu-limburg.de\/wp-content\/uploads\/2021\/02\/P1070072_ergebnis.jpg 800w, https:\/\/olu-limburg.de\/wp-content\/uploads\/2021\/02\/P1070072_ergebnis-300x225.jpg 300w, https:\/\/olu-limburg.de\/wp-content\/uploads\/2021\/02\/P1070072_ergebnis-768x576.jpg 768w, https:\/\/olu-limburg.de\/wp-content\/uploads\/2021\/02\/P1070072_ergebnis-624x468.jpg 624w\" sizes=\"auto, (max-width: 800px) 100vw, 800px\" \/><\/a><p id=\"caption-attachment-25049\" class=\"wp-caption-text\">Synagoge<\/p><\/div>\n<p><a href=\"https:\/\/olu-limburg.de\/wp-content\/uploads\/2021\/02\/P1070074_ergebnis.jpg\"><img loading=\"lazy\" decoding=\"async\" class=\"size-full wp-image-25050 aligncenter\" src=\"https:\/\/olu-limburg.de\/wp-content\/uploads\/2021\/02\/P1070074_ergebnis.jpg\" alt=\"\" width=\"800\" height=\"600\" srcset=\"https:\/\/olu-limburg.de\/wp-content\/uploads\/2021\/02\/P1070074_ergebnis.jpg 800w, https:\/\/olu-limburg.de\/wp-content\/uploads\/2021\/02\/P1070074_ergebnis-300x225.jpg 300w, https:\/\/olu-limburg.de\/wp-content\/uploads\/2021\/02\/P1070074_ergebnis-768x576.jpg 768w, https:\/\/olu-limburg.de\/wp-content\/uploads\/2021\/02\/P1070074_ergebnis-624x468.jpg 624w\" sizes=\"auto, (max-width: 800px) 100vw, 800px\" \/><\/a><\/p>\n<p>Tagesstrecke: 0 km<\/p>\n<p>&nbsp;<\/p>\n<p><strong>Montag, 28.09.2020<\/strong><\/p>\n<p>Unser n\u00e4chstes Ziel, Rendsburg, f\u00fchrt uns an den Nord-Ostsee-Kanal. Hier fahren wir zum Wohnmobilhafen am Kreishafen NOK mit V+E (Geb\u00fchr EUR 12,00). Wir stehen direkt am Kanal, k\u00f6nnen Schiffe gucken und haben Ausblick auf die Hochbr\u00fccke. Die k\u00f6nnen wir zur Zeit wegen Sanierungsarbeiten aber nicht in Aktion sehen. Ansonsten wird gefaulenzt. Die Innenstadt ist uns von hier aus zu weit entfernt. Da wir gut versorgt sind, ist alles kein Problem.<\/p>\n<p><a href=\"https:\/\/olu-limburg.de\/wp-content\/uploads\/2021\/02\/P1070085_ergebnis.jpg\"><img loading=\"lazy\" decoding=\"async\" class=\"size-full wp-image-25061 aligncenter\" src=\"https:\/\/olu-limburg.de\/wp-content\/uploads\/2021\/02\/P1070085_ergebnis.jpg\" alt=\"\" width=\"800\" height=\"600\" srcset=\"https:\/\/olu-limburg.de\/wp-content\/uploads\/2021\/02\/P1070085_ergebnis.jpg 800w, https:\/\/olu-limburg.de\/wp-content\/uploads\/2021\/02\/P1070085_ergebnis-300x225.jpg 300w, https:\/\/olu-limburg.de\/wp-content\/uploads\/2021\/02\/P1070085_ergebnis-768x576.jpg 768w, https:\/\/olu-limburg.de\/wp-content\/uploads\/2021\/02\/P1070085_ergebnis-624x468.jpg 624w\" sizes=\"auto, (max-width: 800px) 100vw, 800px\" \/><\/a><\/p>\n<p><a href=\"https:\/\/olu-limburg.de\/wp-content\/uploads\/2021\/02\/IMG_20200928_135041_ergebnis.jpg\"><img loading=\"lazy\" decoding=\"async\" class=\"size-full wp-image-25053 aligncenter\" src=\"https:\/\/olu-limburg.de\/wp-content\/uploads\/2021\/02\/IMG_20200928_135041_ergebnis.jpg\" alt=\"\" width=\"800\" height=\"600\" srcset=\"https:\/\/olu-limburg.de\/wp-content\/uploads\/2021\/02\/IMG_20200928_135041_ergebnis.jpg 800w, https:\/\/olu-limburg.de\/wp-content\/uploads\/2021\/02\/IMG_20200928_135041_ergebnis-300x225.jpg 300w, https:\/\/olu-limburg.de\/wp-content\/uploads\/2021\/02\/IMG_20200928_135041_ergebnis-768x576.jpg 768w, https:\/\/olu-limburg.de\/wp-content\/uploads\/2021\/02\/IMG_20200928_135041_ergebnis-624x468.jpg 624w\" sizes=\"auto, (max-width: 800px) 100vw, 800px\" \/><\/a><\/p>\n<p><a href=\"https:\/\/olu-limburg.de\/wp-content\/uploads\/2021\/02\/IMG_20200928_135349_ergebnis.jpg\"><img loading=\"lazy\" decoding=\"async\" class=\"size-full wp-image-25054 aligncenter\" src=\"https:\/\/olu-limburg.de\/wp-content\/uploads\/2021\/02\/IMG_20200928_135349_ergebnis.jpg\" alt=\"\" width=\"800\" height=\"600\" srcset=\"https:\/\/olu-limburg.de\/wp-content\/uploads\/2021\/02\/IMG_20200928_135349_ergebnis.jpg 800w, https:\/\/olu-limburg.de\/wp-content\/uploads\/2021\/02\/IMG_20200928_135349_ergebnis-300x225.jpg 300w, https:\/\/olu-limburg.de\/wp-content\/uploads\/2021\/02\/IMG_20200928_135349_ergebnis-768x576.jpg 768w, https:\/\/olu-limburg.de\/wp-content\/uploads\/2021\/02\/IMG_20200928_135349_ergebnis-624x468.jpg 624w\" sizes=\"auto, (max-width: 800px) 100vw, 800px\" \/><\/a><\/p>\n<p>Einen kleinen Imbiss gibt es auch noch.<\/p>\n<p><a href=\"https:\/\/olu-limburg.de\/wp-content\/uploads\/2021\/02\/20200928_141400-Kopie_ergebnis.jpg\"><img loading=\"lazy\" decoding=\"async\" class=\"size-full wp-image-25062 aligncenter\" src=\"https:\/\/olu-limburg.de\/wp-content\/uploads\/2021\/02\/20200928_141400-Kopie_ergebnis.jpg\" alt=\"\" width=\"800\" height=\"600\" srcset=\"https:\/\/olu-limburg.de\/wp-content\/uploads\/2021\/02\/20200928_141400-Kopie_ergebnis.jpg 800w, https:\/\/olu-limburg.de\/wp-content\/uploads\/2021\/02\/20200928_141400-Kopie_ergebnis-300x225.jpg 300w, https:\/\/olu-limburg.de\/wp-content\/uploads\/2021\/02\/20200928_141400-Kopie_ergebnis-768x576.jpg 768w, https:\/\/olu-limburg.de\/wp-content\/uploads\/2021\/02\/20200928_141400-Kopie_ergebnis-624x468.jpg 624w\" sizes=\"auto, (max-width: 800px) 100vw, 800px\" \/><\/a><\/p>\n<p>Die Stahlkonstruktion der Rendsburger Hochbr\u00fccke wurde 1913 fertiggestellt und dient als Eisenbahnbr\u00fccke. Au\u00dferdem bringt sie mit einer angeh\u00e4ngten Schwebef\u00e4hre Fu\u00dfg\u00e4nger und Fahrzeuge \u00fcber den Nord-Ostsee-Kanal. Momentan wird sie bei laufendem Zugverkehr saniert. Mit einem lauten Tr\u00f6ten aus einem Signalhorn wird jeder Zug f\u00fcr die Arbeiter angek\u00fcndigt. Wir wissen dann auch bescheid. Zum Gl\u00fcck verlassen die Arbeiter um 17.00 Uhr die Br\u00fccke. Die Schwebef\u00e4hre ist momentan ganz au\u00dfer Betrieb.<\/p>\n<p><a href=\"https:\/\/olu-limburg.de\/wp-content\/uploads\/2021\/02\/IMG_20200928_141250_ergebnis.jpg\"><img loading=\"lazy\" decoding=\"async\" class=\"size-full wp-image-25055 aligncenter\" src=\"https:\/\/olu-limburg.de\/wp-content\/uploads\/2021\/02\/IMG_20200928_141250_ergebnis.jpg\" alt=\"\" width=\"800\" height=\"600\" srcset=\"https:\/\/olu-limburg.de\/wp-content\/uploads\/2021\/02\/IMG_20200928_141250_ergebnis.jpg 800w, https:\/\/olu-limburg.de\/wp-content\/uploads\/2021\/02\/IMG_20200928_141250_ergebnis-300x225.jpg 300w, https:\/\/olu-limburg.de\/wp-content\/uploads\/2021\/02\/IMG_20200928_141250_ergebnis-768x576.jpg 768w, https:\/\/olu-limburg.de\/wp-content\/uploads\/2021\/02\/IMG_20200928_141250_ergebnis-624x468.jpg 624w\" sizes=\"auto, (max-width: 800px) 100vw, 800px\" \/><\/a><\/p>\n<p><a href=\"https:\/\/olu-limburg.de\/wp-content\/uploads\/2021\/02\/P1070078_ergebnis-e1612800493484.jpg\"><img loading=\"lazy\" decoding=\"async\" class=\"size-full wp-image-25058 alignleft\" src=\"https:\/\/olu-limburg.de\/wp-content\/uploads\/2021\/02\/P1070078_ergebnis-e1612800493484.jpg\" alt=\"\" width=\"450\" height=\"600\" \/><\/a><\/p>\n<p><a href=\"https:\/\/olu-limburg.de\/wp-content\/uploads\/2021\/02\/P1070083_ergebnis-e1612800543771.jpg\"><img loading=\"lazy\" decoding=\"async\" class=\"size-full wp-image-25060 alignright\" src=\"https:\/\/olu-limburg.de\/wp-content\/uploads\/2021\/02\/P1070083_ergebnis-e1612800543771.jpg\" alt=\"\" width=\"450\" height=\"600\" \/><\/a><\/p>\n<p><a href=\"https:\/\/olu-limburg.de\/wp-content\/uploads\/2021\/02\/P1070080_ergebnis.jpg\"><img loading=\"lazy\" decoding=\"async\" class=\"size-full wp-image-25059 aligncenter\" src=\"https:\/\/olu-limburg.de\/wp-content\/uploads\/2021\/02\/P1070080_ergebnis.jpg\" alt=\"\" width=\"800\" height=\"600\" srcset=\"https:\/\/olu-limburg.de\/wp-content\/uploads\/2021\/02\/P1070080_ergebnis.jpg 800w, https:\/\/olu-limburg.de\/wp-content\/uploads\/2021\/02\/P1070080_ergebnis-300x225.jpg 300w, https:\/\/olu-limburg.de\/wp-content\/uploads\/2021\/02\/P1070080_ergebnis-768x576.jpg 768w, https:\/\/olu-limburg.de\/wp-content\/uploads\/2021\/02\/P1070080_ergebnis-624x468.jpg 624w\" sizes=\"auto, (max-width: 800px) 100vw, 800px\" \/><\/a><\/p>\n<p><a href=\"https:\/\/olu-limburg.de\/wp-content\/uploads\/2021\/02\/IMG_20200928_230052_ergebnis.jpg\"><img loading=\"lazy\" decoding=\"async\" class=\"size-full wp-image-25056 aligncenter\" src=\"https:\/\/olu-limburg.de\/wp-content\/uploads\/2021\/02\/IMG_20200928_230052_ergebnis.jpg\" alt=\"\" width=\"800\" height=\"600\" srcset=\"https:\/\/olu-limburg.de\/wp-content\/uploads\/2021\/02\/IMG_20200928_230052_ergebnis.jpg 800w, https:\/\/olu-limburg.de\/wp-content\/uploads\/2021\/02\/IMG_20200928_230052_ergebnis-300x225.jpg 300w, https:\/\/olu-limburg.de\/wp-content\/uploads\/2021\/02\/IMG_20200928_230052_ergebnis-768x576.jpg 768w, https:\/\/olu-limburg.de\/wp-content\/uploads\/2021\/02\/IMG_20200928_230052_ergebnis-624x468.jpg 624w\" sizes=\"auto, (max-width: 800px) 100vw, 800px\" \/><\/a><\/p>\n<p><a href=\"https:\/\/olu-limburg.de\/wp-content\/uploads\/2021\/02\/IMG_20200928_230124_ergebnis.jpg\"><img loading=\"lazy\" decoding=\"async\" class=\"size-full wp-image-25057 aligncenter\" src=\"https:\/\/olu-limburg.de\/wp-content\/uploads\/2021\/02\/IMG_20200928_230124_ergebnis.jpg\" alt=\"\" width=\"800\" height=\"600\" srcset=\"https:\/\/olu-limburg.de\/wp-content\/uploads\/2021\/02\/IMG_20200928_230124_ergebnis.jpg 800w, https:\/\/olu-limburg.de\/wp-content\/uploads\/2021\/02\/IMG_20200928_230124_ergebnis-300x225.jpg 300w, https:\/\/olu-limburg.de\/wp-content\/uploads\/2021\/02\/IMG_20200928_230124_ergebnis-768x576.jpg 768w, https:\/\/olu-limburg.de\/wp-content\/uploads\/2021\/02\/IMG_20200928_230124_ergebnis-624x468.jpg 624w\" sizes=\"auto, (max-width: 800px) 100vw, 800px\" \/><\/a><\/p>\n<p>Tagesstrecke: 62 km<\/p>\n<p>&nbsp;<\/p>\n<p><strong>Dienstag, 29.09.2020<\/strong><\/p>\n<p>Hurra, die Sonne ist wieder da. Nun sieht die Welt wieder viel freundlicher aus.<\/p>\n<p><a href=\"https:\/\/olu-limburg.de\/wp-content\/uploads\/2021\/02\/IMG_20200929_090851_ergebnis.jpg\"><img loading=\"lazy\" decoding=\"async\" class=\"size-full wp-image-25064 aligncenter\" src=\"https:\/\/olu-limburg.de\/wp-content\/uploads\/2021\/02\/IMG_20200929_090851_ergebnis.jpg\" alt=\"\" width=\"800\" height=\"600\" srcset=\"https:\/\/olu-limburg.de\/wp-content\/uploads\/2021\/02\/IMG_20200929_090851_ergebnis.jpg 800w, https:\/\/olu-limburg.de\/wp-content\/uploads\/2021\/02\/IMG_20200929_090851_ergebnis-300x225.jpg 300w, https:\/\/olu-limburg.de\/wp-content\/uploads\/2021\/02\/IMG_20200929_090851_ergebnis-768x576.jpg 768w, https:\/\/olu-limburg.de\/wp-content\/uploads\/2021\/02\/IMG_20200929_090851_ergebnis-624x468.jpg 624w\" sizes=\"auto, (max-width: 800px) 100vw, 800px\" \/><\/a><\/p>\n<p><a href=\"https:\/\/olu-limburg.de\/wp-content\/uploads\/2021\/02\/P1070090_ergebnis.jpg\"><img loading=\"lazy\" decoding=\"async\" class=\"size-full wp-image-25065 aligncenter\" src=\"https:\/\/olu-limburg.de\/wp-content\/uploads\/2021\/02\/P1070090_ergebnis.jpg\" alt=\"\" width=\"800\" height=\"600\" srcset=\"https:\/\/olu-limburg.de\/wp-content\/uploads\/2021\/02\/P1070090_ergebnis.jpg 800w, https:\/\/olu-limburg.de\/wp-content\/uploads\/2021\/02\/P1070090_ergebnis-300x225.jpg 300w, https:\/\/olu-limburg.de\/wp-content\/uploads\/2021\/02\/P1070090_ergebnis-768x576.jpg 768w, https:\/\/olu-limburg.de\/wp-content\/uploads\/2021\/02\/P1070090_ergebnis-624x468.jpg 624w\" sizes=\"auto, (max-width: 800px) 100vw, 800px\" \/><\/a><\/p>\n<p><a href=\"https:\/\/olu-limburg.de\/wp-content\/uploads\/2021\/02\/P1070091_ergebnis.jpg\"><img loading=\"lazy\" decoding=\"async\" class=\"size-full wp-image-25066 aligncenter\" src=\"https:\/\/olu-limburg.de\/wp-content\/uploads\/2021\/02\/P1070091_ergebnis.jpg\" alt=\"\" width=\"800\" height=\"600\" srcset=\"https:\/\/olu-limburg.de\/wp-content\/uploads\/2021\/02\/P1070091_ergebnis.jpg 800w, https:\/\/olu-limburg.de\/wp-content\/uploads\/2021\/02\/P1070091_ergebnis-300x225.jpg 300w, https:\/\/olu-limburg.de\/wp-content\/uploads\/2021\/02\/P1070091_ergebnis-768x576.jpg 768w, https:\/\/olu-limburg.de\/wp-content\/uploads\/2021\/02\/P1070091_ergebnis-624x468.jpg 624w\" sizes=\"auto, (max-width: 800px) 100vw, 800px\" \/><\/a><\/p>\n<p><a href=\"https:\/\/olu-limburg.de\/wp-content\/uploads\/2021\/02\/P1070092_ergebnis.jpg\"><img loading=\"lazy\" decoding=\"async\" class=\"size-full wp-image-25067 aligncenter\" src=\"https:\/\/olu-limburg.de\/wp-content\/uploads\/2021\/02\/P1070092_ergebnis.jpg\" alt=\"\" width=\"800\" height=\"600\" srcset=\"https:\/\/olu-limburg.de\/wp-content\/uploads\/2021\/02\/P1070092_ergebnis.jpg 800w, https:\/\/olu-limburg.de\/wp-content\/uploads\/2021\/02\/P1070092_ergebnis-300x225.jpg 300w, https:\/\/olu-limburg.de\/wp-content\/uploads\/2021\/02\/P1070092_ergebnis-768x576.jpg 768w, https:\/\/olu-limburg.de\/wp-content\/uploads\/2021\/02\/P1070092_ergebnis-624x468.jpg 624w\" sizes=\"auto, (max-width: 800px) 100vw, 800px\" \/><\/a><\/p>\n<p>Um jetzt f\u00fcr die Weiterfahrt auf die andere Kanalseite zu gelangen, m\u00fcssen wir noch ein paar Kilometer weiter zur F\u00e4hre Nobiskrug fahren. Hier wird nat\u00fcrlich auch wieder etwas gestaut.<\/p>\n<p><a href=\"https:\/\/olu-limburg.de\/wp-content\/uploads\/2021\/02\/P1070093_ergebnis.jpg\"><img loading=\"lazy\" decoding=\"async\" class=\"size-full wp-image-25068 aligncenter\" src=\"https:\/\/olu-limburg.de\/wp-content\/uploads\/2021\/02\/P1070093_ergebnis.jpg\" alt=\"\" width=\"800\" height=\"600\" srcset=\"https:\/\/olu-limburg.de\/wp-content\/uploads\/2021\/02\/P1070093_ergebnis.jpg 800w, https:\/\/olu-limburg.de\/wp-content\/uploads\/2021\/02\/P1070093_ergebnis-300x225.jpg 300w, https:\/\/olu-limburg.de\/wp-content\/uploads\/2021\/02\/P1070093_ergebnis-768x576.jpg 768w, https:\/\/olu-limburg.de\/wp-content\/uploads\/2021\/02\/P1070093_ergebnis-624x468.jpg 624w\" sizes=\"auto, (max-width: 800px) 100vw, 800px\" \/><\/a><\/p>\n<p><a href=\"https:\/\/olu-limburg.de\/wp-content\/uploads\/2021\/02\/P1070095_ergebnis.jpg\"><img loading=\"lazy\" decoding=\"async\" class=\"size-full wp-image-25069 aligncenter\" src=\"https:\/\/olu-limburg.de\/wp-content\/uploads\/2021\/02\/P1070095_ergebnis.jpg\" alt=\"\" width=\"800\" height=\"600\" srcset=\"https:\/\/olu-limburg.de\/wp-content\/uploads\/2021\/02\/P1070095_ergebnis.jpg 800w, https:\/\/olu-limburg.de\/wp-content\/uploads\/2021\/02\/P1070095_ergebnis-300x225.jpg 300w, https:\/\/olu-limburg.de\/wp-content\/uploads\/2021\/02\/P1070095_ergebnis-768x576.jpg 768w, https:\/\/olu-limburg.de\/wp-content\/uploads\/2021\/02\/P1070095_ergebnis-624x468.jpg 624w\" sizes=\"auto, (max-width: 800px) 100vw, 800px\" \/><\/a><\/p>\n<p>Die heutige Fahrstrecke in Richtung Heimat wird etwas l\u00e4nger und kniffliger, weil wir Hamburg umgehen wollen. So fahren wir ein St\u00fcck die A7, wechseln dann auf die A21 bis Ahrensburg, und dann \u00fcber Bundesstra\u00dfen nach L\u00fcneburg. Hier gef\u00e4llt es uns gut, und der Stellplatz ist stadtnah. Was wollen wir mehr.<\/p>\n<div id=\"attachment_25072\" style=\"width: 810px\" class=\"wp-caption aligncenter\"><a href=\"https:\/\/olu-limburg.de\/wp-content\/uploads\/2021\/02\/P1070099_ergebnis.jpg\"><img loading=\"lazy\" decoding=\"async\" aria-describedby=\"caption-attachment-25072\" class=\"wp-image-25072 size-full\" src=\"https:\/\/olu-limburg.de\/wp-content\/uploads\/2021\/02\/P1070099_ergebnis.jpg\" alt=\"\" width=\"800\" height=\"600\" srcset=\"https:\/\/olu-limburg.de\/wp-content\/uploads\/2021\/02\/P1070099_ergebnis.jpg 800w, https:\/\/olu-limburg.de\/wp-content\/uploads\/2021\/02\/P1070099_ergebnis-300x225.jpg 300w, https:\/\/olu-limburg.de\/wp-content\/uploads\/2021\/02\/P1070099_ergebnis-768x576.jpg 768w, https:\/\/olu-limburg.de\/wp-content\/uploads\/2021\/02\/P1070099_ergebnis-624x468.jpg 624w\" sizes=\"auto, (max-width: 800px) 100vw, 800px\" \/><\/a><p id=\"caption-attachment-25072\" class=\"wp-caption-text\">Elb\u00fcberquerung bei Lauenburg<\/p><\/div>\n<p><a href=\"https:\/\/olu-limburg.de\/wp-content\/uploads\/2021\/02\/P1070100_ergebnis.jpg\"><img loading=\"lazy\" decoding=\"async\" class=\"size-full wp-image-25073 aligncenter\" src=\"https:\/\/olu-limburg.de\/wp-content\/uploads\/2021\/02\/P1070100_ergebnis.jpg\" alt=\"\" width=\"800\" height=\"600\" srcset=\"https:\/\/olu-limburg.de\/wp-content\/uploads\/2021\/02\/P1070100_ergebnis.jpg 800w, https:\/\/olu-limburg.de\/wp-content\/uploads\/2021\/02\/P1070100_ergebnis-300x225.jpg 300w, https:\/\/olu-limburg.de\/wp-content\/uploads\/2021\/02\/P1070100_ergebnis-768x576.jpg 768w, https:\/\/olu-limburg.de\/wp-content\/uploads\/2021\/02\/P1070100_ergebnis-624x468.jpg 624w\" sizes=\"auto, (max-width: 800px) 100vw, 800px\" \/><\/a><\/p>\n<p>Der Stellplatz S\u00fclzwiesen mit V+E in L\u00fcneburg (Geb\u00fchr EUR 14,72 zahlbar per \u00dcberweisung, da der Automat defekt ist) ist gut besucht.<\/p>\n<p><a href=\"https:\/\/olu-limburg.de\/wp-content\/uploads\/2021\/02\/IMG_20200929_144008_ergebnis.jpg\"><img loading=\"lazy\" decoding=\"async\" class=\"size-full wp-image-25074 aligncenter\" src=\"https:\/\/olu-limburg.de\/wp-content\/uploads\/2021\/02\/IMG_20200929_144008_ergebnis.jpg\" alt=\"\" width=\"800\" height=\"600\" srcset=\"https:\/\/olu-limburg.de\/wp-content\/uploads\/2021\/02\/IMG_20200929_144008_ergebnis.jpg 800w, https:\/\/olu-limburg.de\/wp-content\/uploads\/2021\/02\/IMG_20200929_144008_ergebnis-300x225.jpg 300w, https:\/\/olu-limburg.de\/wp-content\/uploads\/2021\/02\/IMG_20200929_144008_ergebnis-768x576.jpg 768w, https:\/\/olu-limburg.de\/wp-content\/uploads\/2021\/02\/IMG_20200929_144008_ergebnis-624x468.jpg 624w\" sizes=\"auto, (max-width: 800px) 100vw, 800px\" \/><\/a><\/p>\n<p><a href=\"https:\/\/olu-limburg.de\/wp-content\/uploads\/2021\/02\/IMG_20200929_144018_ergebnis.jpg\"><img loading=\"lazy\" decoding=\"async\" class=\"size-full wp-image-25075 aligncenter\" src=\"https:\/\/olu-limburg.de\/wp-content\/uploads\/2021\/02\/IMG_20200929_144018_ergebnis.jpg\" alt=\"\" width=\"800\" height=\"600\" srcset=\"https:\/\/olu-limburg.de\/wp-content\/uploads\/2021\/02\/IMG_20200929_144018_ergebnis.jpg 800w, https:\/\/olu-limburg.de\/wp-content\/uploads\/2021\/02\/IMG_20200929_144018_ergebnis-300x225.jpg 300w, https:\/\/olu-limburg.de\/wp-content\/uploads\/2021\/02\/IMG_20200929_144018_ergebnis-768x576.jpg 768w, https:\/\/olu-limburg.de\/wp-content\/uploads\/2021\/02\/IMG_20200929_144018_ergebnis-624x468.jpg 624w\" sizes=\"auto, (max-width: 800px) 100vw, 800px\" \/><\/a><\/p>\n<p>Wir sind nicht das erste Mal hier. Die Stadt gef\u00e4llt uns sehr gut. Unseren Stadtrundgang verlegen wir auf eine etwas sp\u00e4tere Stunde. Gegen 17.30 Uhr geht es los. Durch kleine Gassen erreichen wir den inneren Bezirk der Hansestadt L\u00fcneburg mit seiner Universit\u00e4t.<\/p>\n<div id=\"attachment_25093\" style=\"width: 810px\" class=\"wp-caption aligncenter\"><a href=\"https:\/\/olu-limburg.de\/wp-content\/uploads\/2021\/02\/P1070103_ergebnis.jpg\"><img loading=\"lazy\" decoding=\"async\" aria-describedby=\"caption-attachment-25093\" class=\"wp-image-25093 size-full\" src=\"https:\/\/olu-limburg.de\/wp-content\/uploads\/2021\/02\/P1070103_ergebnis.jpg\" alt=\"\" width=\"800\" height=\"600\" srcset=\"https:\/\/olu-limburg.de\/wp-content\/uploads\/2021\/02\/P1070103_ergebnis.jpg 800w, https:\/\/olu-limburg.de\/wp-content\/uploads\/2021\/02\/P1070103_ergebnis-300x225.jpg 300w, https:\/\/olu-limburg.de\/wp-content\/uploads\/2021\/02\/P1070103_ergebnis-768x576.jpg 768w, https:\/\/olu-limburg.de\/wp-content\/uploads\/2021\/02\/P1070103_ergebnis-624x468.jpg 624w\" sizes=\"auto, (max-width: 800px) 100vw, 800px\" \/><\/a><p id=\"caption-attachment-25093\" class=\"wp-caption-text\">L\u00fcneburgs Senkungsgebiet &#8222;auf dem Meere&#8220;<\/p><\/div>\n<div id=\"attachment_25094\" style=\"width: 810px\" class=\"wp-caption aligncenter\"><a href=\"https:\/\/olu-limburg.de\/wp-content\/uploads\/2021\/02\/P1070104_ergebnis.jpg\"><img loading=\"lazy\" decoding=\"async\" aria-describedby=\"caption-attachment-25094\" class=\"wp-image-25094 size-full\" src=\"https:\/\/olu-limburg.de\/wp-content\/uploads\/2021\/02\/P1070104_ergebnis.jpg\" alt=\"\" width=\"800\" height=\"600\" srcset=\"https:\/\/olu-limburg.de\/wp-content\/uploads\/2021\/02\/P1070104_ergebnis.jpg 800w, https:\/\/olu-limburg.de\/wp-content\/uploads\/2021\/02\/P1070104_ergebnis-300x225.jpg 300w, https:\/\/olu-limburg.de\/wp-content\/uploads\/2021\/02\/P1070104_ergebnis-768x576.jpg 768w, https:\/\/olu-limburg.de\/wp-content\/uploads\/2021\/02\/P1070104_ergebnis-624x468.jpg 624w\" sizes=\"auto, (max-width: 800px) 100vw, 800px\" \/><\/a><p id=\"caption-attachment-25094\" class=\"wp-caption-text\">noch aktive Pferde-Metzgerei<\/p><\/div>\n<p><a href=\"https:\/\/olu-limburg.de\/wp-content\/uploads\/2021\/02\/P1070105_ergebnis.jpg\"><img loading=\"lazy\" decoding=\"async\" class=\"size-full wp-image-25095 aligncenter\" src=\"https:\/\/olu-limburg.de\/wp-content\/uploads\/2021\/02\/P1070105_ergebnis.jpg\" alt=\"\" width=\"800\" height=\"600\" srcset=\"https:\/\/olu-limburg.de\/wp-content\/uploads\/2021\/02\/P1070105_ergebnis.jpg 800w, https:\/\/olu-limburg.de\/wp-content\/uploads\/2021\/02\/P1070105_ergebnis-300x225.jpg 300w, https:\/\/olu-limburg.de\/wp-content\/uploads\/2021\/02\/P1070105_ergebnis-768x576.jpg 768w, https:\/\/olu-limburg.de\/wp-content\/uploads\/2021\/02\/P1070105_ergebnis-624x468.jpg 624w\" sizes=\"auto, (max-width: 800px) 100vw, 800px\" \/><\/a><\/p>\n<p><a href=\"https:\/\/olu-limburg.de\/wp-content\/uploads\/2021\/02\/P1070107_ergebnis.jpg\"><img loading=\"lazy\" decoding=\"async\" class=\"size-full wp-image-25096 aligncenter\" src=\"https:\/\/olu-limburg.de\/wp-content\/uploads\/2021\/02\/P1070107_ergebnis.jpg\" alt=\"\" width=\"800\" height=\"600\" srcset=\"https:\/\/olu-limburg.de\/wp-content\/uploads\/2021\/02\/P1070107_ergebnis.jpg 800w, https:\/\/olu-limburg.de\/wp-content\/uploads\/2021\/02\/P1070107_ergebnis-300x225.jpg 300w, https:\/\/olu-limburg.de\/wp-content\/uploads\/2021\/02\/P1070107_ergebnis-768x576.jpg 768w, https:\/\/olu-limburg.de\/wp-content\/uploads\/2021\/02\/P1070107_ergebnis-624x468.jpg 624w\" sizes=\"auto, (max-width: 800px) 100vw, 800px\" \/><\/a><\/p>\n<p><a href=\"https:\/\/olu-limburg.de\/wp-content\/uploads\/2021\/02\/P1070113_ergebnis.jpg\"><img loading=\"lazy\" decoding=\"async\" class=\"size-full wp-image-25097 aligncenter\" src=\"https:\/\/olu-limburg.de\/wp-content\/uploads\/2021\/02\/P1070113_ergebnis.jpg\" alt=\"\" width=\"800\" height=\"600\" srcset=\"https:\/\/olu-limburg.de\/wp-content\/uploads\/2021\/02\/P1070113_ergebnis.jpg 800w, https:\/\/olu-limburg.de\/wp-content\/uploads\/2021\/02\/P1070113_ergebnis-300x225.jpg 300w, https:\/\/olu-limburg.de\/wp-content\/uploads\/2021\/02\/P1070113_ergebnis-768x576.jpg 768w, https:\/\/olu-limburg.de\/wp-content\/uploads\/2021\/02\/P1070113_ergebnis-624x468.jpg 624w\" sizes=\"auto, (max-width: 800px) 100vw, 800px\" \/><\/a><\/p>\n<div id=\"attachment_25078\" style=\"width: 810px\" class=\"wp-caption aligncenter\"><a href=\"https:\/\/olu-limburg.de\/wp-content\/uploads\/2021\/02\/IMG_20200929_174102_ergebnis.jpg\"><img loading=\"lazy\" decoding=\"async\" aria-describedby=\"caption-attachment-25078\" class=\"wp-image-25078 size-full\" src=\"https:\/\/olu-limburg.de\/wp-content\/uploads\/2021\/02\/IMG_20200929_174102_ergebnis.jpg\" alt=\"\" width=\"800\" height=\"600\" srcset=\"https:\/\/olu-limburg.de\/wp-content\/uploads\/2021\/02\/IMG_20200929_174102_ergebnis.jpg 800w, https:\/\/olu-limburg.de\/wp-content\/uploads\/2021\/02\/IMG_20200929_174102_ergebnis-300x225.jpg 300w, https:\/\/olu-limburg.de\/wp-content\/uploads\/2021\/02\/IMG_20200929_174102_ergebnis-768x576.jpg 768w, https:\/\/olu-limburg.de\/wp-content\/uploads\/2021\/02\/IMG_20200929_174102_ergebnis-624x468.jpg 624w\" sizes=\"auto, (max-width: 800px) 100vw, 800px\" \/><\/a><p id=\"caption-attachment-25078\" class=\"wp-caption-text\">&#8222;Am Sande&#8220; mit Blick auf die St. Johanniskirche<\/p><\/div>\n<div id=\"attachment_25079\" style=\"width: 810px\" class=\"wp-caption aligncenter\"><a href=\"https:\/\/olu-limburg.de\/wp-content\/uploads\/2021\/02\/IMG_20200929_181237_ergebnis.jpg\"><img loading=\"lazy\" decoding=\"async\" aria-describedby=\"caption-attachment-25079\" class=\"wp-image-25079 size-full\" src=\"https:\/\/olu-limburg.de\/wp-content\/uploads\/2021\/02\/IMG_20200929_181237_ergebnis.jpg\" alt=\"\" width=\"800\" height=\"600\" srcset=\"https:\/\/olu-limburg.de\/wp-content\/uploads\/2021\/02\/IMG_20200929_181237_ergebnis.jpg 800w, https:\/\/olu-limburg.de\/wp-content\/uploads\/2021\/02\/IMG_20200929_181237_ergebnis-300x225.jpg 300w, https:\/\/olu-limburg.de\/wp-content\/uploads\/2021\/02\/IMG_20200929_181237_ergebnis-768x576.jpg 768w, https:\/\/olu-limburg.de\/wp-content\/uploads\/2021\/02\/IMG_20200929_181237_ergebnis-624x468.jpg 624w\" sizes=\"auto, (max-width: 800px) 100vw, 800px\" \/><\/a><p id=\"caption-attachment-25079\" class=\"wp-caption-text\">an der Ilmenau<\/p><\/div>\n<div id=\"attachment_25080\" style=\"width: 810px\" class=\"wp-caption aligncenter\"><a href=\"https:\/\/olu-limburg.de\/wp-content\/uploads\/2021\/02\/IMG_20200929_181747_ergebnis.jpg\"><img loading=\"lazy\" decoding=\"async\" aria-describedby=\"caption-attachment-25080\" class=\"wp-image-25080 size-full\" src=\"https:\/\/olu-limburg.de\/wp-content\/uploads\/2021\/02\/IMG_20200929_181747_ergebnis.jpg\" alt=\"\" width=\"800\" height=\"600\" srcset=\"https:\/\/olu-limburg.de\/wp-content\/uploads\/2021\/02\/IMG_20200929_181747_ergebnis.jpg 800w, https:\/\/olu-limburg.de\/wp-content\/uploads\/2021\/02\/IMG_20200929_181747_ergebnis-300x225.jpg 300w, https:\/\/olu-limburg.de\/wp-content\/uploads\/2021\/02\/IMG_20200929_181747_ergebnis-768x576.jpg 768w, https:\/\/olu-limburg.de\/wp-content\/uploads\/2021\/02\/IMG_20200929_181747_ergebnis-624x468.jpg 624w\" sizes=\"auto, (max-width: 800px) 100vw, 800px\" \/><\/a><p id=\"caption-attachment-25080\" class=\"wp-caption-text\">Alter Kran im L\u00fcneburger Hafen<\/p><\/div>\n<div id=\"attachment_25099\" style=\"width: 810px\" class=\"wp-caption aligncenter\"><a href=\"https:\/\/olu-limburg.de\/wp-content\/uploads\/2021\/02\/20200929_181502_ergebnis.jpg\"><img loading=\"lazy\" decoding=\"async\" aria-describedby=\"caption-attachment-25099\" class=\"wp-image-25099 size-full\" src=\"https:\/\/olu-limburg.de\/wp-content\/uploads\/2021\/02\/20200929_181502_ergebnis.jpg\" alt=\"\" width=\"800\" height=\"600\" srcset=\"https:\/\/olu-limburg.de\/wp-content\/uploads\/2021\/02\/20200929_181502_ergebnis.jpg 800w, https:\/\/olu-limburg.de\/wp-content\/uploads\/2021\/02\/20200929_181502_ergebnis-300x225.jpg 300w, https:\/\/olu-limburg.de\/wp-content\/uploads\/2021\/02\/20200929_181502_ergebnis-768x576.jpg 768w, https:\/\/olu-limburg.de\/wp-content\/uploads\/2021\/02\/20200929_181502_ergebnis-624x468.jpg 624w\" sizes=\"auto, (max-width: 800px) 100vw, 800px\" \/><\/a><p id=\"caption-attachment-25099\" class=\"wp-caption-text\">Mark Twain und ich<\/p><\/div>\n<div id=\"attachment_25098\" style=\"width: 810px\" class=\"wp-caption aligncenter\"><a href=\"https:\/\/olu-limburg.de\/wp-content\/uploads\/2021\/02\/P1070120_ergebnis.jpg\"><img loading=\"lazy\" decoding=\"async\" aria-describedby=\"caption-attachment-25098\" class=\"wp-image-25098 size-full\" src=\"https:\/\/olu-limburg.de\/wp-content\/uploads\/2021\/02\/P1070120_ergebnis.jpg\" alt=\"\" width=\"800\" height=\"600\" srcset=\"https:\/\/olu-limburg.de\/wp-content\/uploads\/2021\/02\/P1070120_ergebnis.jpg 800w, https:\/\/olu-limburg.de\/wp-content\/uploads\/2021\/02\/P1070120_ergebnis-300x225.jpg 300w, https:\/\/olu-limburg.de\/wp-content\/uploads\/2021\/02\/P1070120_ergebnis-768x576.jpg 768w, https:\/\/olu-limburg.de\/wp-content\/uploads\/2021\/02\/P1070120_ergebnis-624x468.jpg 624w\" sizes=\"auto, (max-width: 800px) 100vw, 800px\" \/><\/a><p id=\"caption-attachment-25098\" class=\"wp-caption-text\">L\u00fcnertorstra\u00dfe und Restaurantviertel am Stintmarkt<\/p><\/div>\n<div id=\"attachment_25081\" style=\"width: 810px\" class=\"wp-caption aligncenter\"><a href=\"https:\/\/olu-limburg.de\/wp-content\/uploads\/2021\/02\/IMG_20200929_185235_ergebnis.jpg\"><img loading=\"lazy\" decoding=\"async\" aria-describedby=\"caption-attachment-25081\" class=\"wp-image-25081 size-full\" src=\"https:\/\/olu-limburg.de\/wp-content\/uploads\/2021\/02\/IMG_20200929_185235_ergebnis.jpg\" alt=\"\" width=\"800\" height=\"600\" srcset=\"https:\/\/olu-limburg.de\/wp-content\/uploads\/2021\/02\/IMG_20200929_185235_ergebnis.jpg 800w, https:\/\/olu-limburg.de\/wp-content\/uploads\/2021\/02\/IMG_20200929_185235_ergebnis-300x225.jpg 300w, https:\/\/olu-limburg.de\/wp-content\/uploads\/2021\/02\/IMG_20200929_185235_ergebnis-768x576.jpg 768w, https:\/\/olu-limburg.de\/wp-content\/uploads\/2021\/02\/IMG_20200929_185235_ergebnis-624x468.jpg 624w\" sizes=\"auto, (max-width: 800px) 100vw, 800px\" \/><\/a><p id=\"caption-attachment-25081\" class=\"wp-caption-text\">Schweinefiletmedaillons<\/p><\/div>\n<div id=\"attachment_25100\" style=\"width: 810px\" class=\"wp-caption aligncenter\"><a href=\"https:\/\/olu-limburg.de\/wp-content\/uploads\/2021\/02\/20200929_185320_ergebnis.jpg\"><img loading=\"lazy\" decoding=\"async\" aria-describedby=\"caption-attachment-25100\" class=\"wp-image-25100 size-full\" src=\"https:\/\/olu-limburg.de\/wp-content\/uploads\/2021\/02\/20200929_185320_ergebnis.jpg\" alt=\"\" width=\"800\" height=\"600\" srcset=\"https:\/\/olu-limburg.de\/wp-content\/uploads\/2021\/02\/20200929_185320_ergebnis.jpg 800w, https:\/\/olu-limburg.de\/wp-content\/uploads\/2021\/02\/20200929_185320_ergebnis-300x225.jpg 300w, https:\/\/olu-limburg.de\/wp-content\/uploads\/2021\/02\/20200929_185320_ergebnis-768x576.jpg 768w, https:\/\/olu-limburg.de\/wp-content\/uploads\/2021\/02\/20200929_185320_ergebnis-624x468.jpg 624w\" sizes=\"auto, (max-width: 800px) 100vw, 800px\" \/><\/a><p id=\"caption-attachment-25100\" class=\"wp-caption-text\">Lachsschnitte<\/p><\/div>\n<p>Es wird herbstlich, die Heizpilze sind schon an.<\/p>\n<p><a href=\"https:\/\/olu-limburg.de\/wp-content\/uploads\/2021\/02\/IMG_20200929_191654_ergebnis.jpg\"><img loading=\"lazy\" decoding=\"async\" class=\"size-full wp-image-25083 aligncenter\" src=\"https:\/\/olu-limburg.de\/wp-content\/uploads\/2021\/02\/IMG_20200929_191654_ergebnis.jpg\" alt=\"\" width=\"800\" height=\"600\" srcset=\"https:\/\/olu-limburg.de\/wp-content\/uploads\/2021\/02\/IMG_20200929_191654_ergebnis.jpg 800w, https:\/\/olu-limburg.de\/wp-content\/uploads\/2021\/02\/IMG_20200929_191654_ergebnis-300x225.jpg 300w, https:\/\/olu-limburg.de\/wp-content\/uploads\/2021\/02\/IMG_20200929_191654_ergebnis-768x576.jpg 768w, https:\/\/olu-limburg.de\/wp-content\/uploads\/2021\/02\/IMG_20200929_191654_ergebnis-624x468.jpg 624w\" sizes=\"auto, (max-width: 800px) 100vw, 800px\" \/><\/a><\/p>\n<p><a href=\"https:\/\/olu-limburg.de\/wp-content\/uploads\/2021\/02\/IMG_20200929_193946_ergebnis.jpg\"><img loading=\"lazy\" decoding=\"async\" class=\"size-full wp-image-25084 aligncenter\" src=\"https:\/\/olu-limburg.de\/wp-content\/uploads\/2021\/02\/IMG_20200929_193946_ergebnis.jpg\" alt=\"\" width=\"800\" height=\"600\" srcset=\"https:\/\/olu-limburg.de\/wp-content\/uploads\/2021\/02\/IMG_20200929_193946_ergebnis.jpg 800w, https:\/\/olu-limburg.de\/wp-content\/uploads\/2021\/02\/IMG_20200929_193946_ergebnis-300x225.jpg 300w, https:\/\/olu-limburg.de\/wp-content\/uploads\/2021\/02\/IMG_20200929_193946_ergebnis-768x576.jpg 768w, https:\/\/olu-limburg.de\/wp-content\/uploads\/2021\/02\/IMG_20200929_193946_ergebnis-624x468.jpg 624w\" sizes=\"auto, (max-width: 800px) 100vw, 800px\" \/><\/a><\/p>\n<p><a href=\"https:\/\/olu-limburg.de\/wp-content\/uploads\/2021\/02\/IMG_20200929_194003_ergebnis.jpg\"><img loading=\"lazy\" decoding=\"async\" class=\"size-full wp-image-25085 aligncenter\" src=\"https:\/\/olu-limburg.de\/wp-content\/uploads\/2021\/02\/IMG_20200929_194003_ergebnis.jpg\" alt=\"\" width=\"800\" height=\"600\" srcset=\"https:\/\/olu-limburg.de\/wp-content\/uploads\/2021\/02\/IMG_20200929_194003_ergebnis.jpg 800w, https:\/\/olu-limburg.de\/wp-content\/uploads\/2021\/02\/IMG_20200929_194003_ergebnis-300x225.jpg 300w, https:\/\/olu-limburg.de\/wp-content\/uploads\/2021\/02\/IMG_20200929_194003_ergebnis-768x576.jpg 768w, https:\/\/olu-limburg.de\/wp-content\/uploads\/2021\/02\/IMG_20200929_194003_ergebnis-624x468.jpg 624w\" sizes=\"auto, (max-width: 800px) 100vw, 800px\" \/><\/a><\/p>\n<p><a href=\"https:\/\/olu-limburg.de\/wp-content\/uploads\/2021\/02\/IMG_20200929_194010_ergebnis.jpg\"><img loading=\"lazy\" decoding=\"async\" class=\"size-full wp-image-25086 aligncenter\" src=\"https:\/\/olu-limburg.de\/wp-content\/uploads\/2021\/02\/IMG_20200929_194010_ergebnis.jpg\" alt=\"\" width=\"800\" height=\"600\" srcset=\"https:\/\/olu-limburg.de\/wp-content\/uploads\/2021\/02\/IMG_20200929_194010_ergebnis.jpg 800w, https:\/\/olu-limburg.de\/wp-content\/uploads\/2021\/02\/IMG_20200929_194010_ergebnis-300x225.jpg 300w, https:\/\/olu-limburg.de\/wp-content\/uploads\/2021\/02\/IMG_20200929_194010_ergebnis-768x576.jpg 768w, https:\/\/olu-limburg.de\/wp-content\/uploads\/2021\/02\/IMG_20200929_194010_ergebnis-624x468.jpg 624w\" sizes=\"auto, (max-width: 800px) 100vw, 800px\" \/><\/a><\/p>\n<div id=\"attachment_25087\" style=\"width: 810px\" class=\"wp-caption aligncenter\"><a href=\"https:\/\/olu-limburg.de\/wp-content\/uploads\/2021\/02\/IMG_20200929_195450_ergebnis.jpg\"><img loading=\"lazy\" decoding=\"async\" aria-describedby=\"caption-attachment-25087\" class=\"wp-image-25087 size-full\" src=\"https:\/\/olu-limburg.de\/wp-content\/uploads\/2021\/02\/IMG_20200929_195450_ergebnis.jpg\" alt=\"\" width=\"800\" height=\"600\" srcset=\"https:\/\/olu-limburg.de\/wp-content\/uploads\/2021\/02\/IMG_20200929_195450_ergebnis.jpg 800w, https:\/\/olu-limburg.de\/wp-content\/uploads\/2021\/02\/IMG_20200929_195450_ergebnis-300x225.jpg 300w, https:\/\/olu-limburg.de\/wp-content\/uploads\/2021\/02\/IMG_20200929_195450_ergebnis-768x576.jpg 768w, https:\/\/olu-limburg.de\/wp-content\/uploads\/2021\/02\/IMG_20200929_195450_ergebnis-624x468.jpg 624w\" sizes=\"auto, (max-width: 800px) 100vw, 800px\" \/><\/a><p id=\"caption-attachment-25087\" class=\"wp-caption-text\">Rathaus<\/p><\/div>\n<div id=\"attachment_25088\" style=\"width: 460px\" class=\"wp-caption aligncenter\"><a href=\"https:\/\/olu-limburg.de\/wp-content\/uploads\/2021\/02\/IMG_20200929_195632_ergebnis-e1612886466733.jpg\"><img loading=\"lazy\" decoding=\"async\" aria-describedby=\"caption-attachment-25088\" class=\"wp-image-25088 size-full\" src=\"https:\/\/olu-limburg.de\/wp-content\/uploads\/2021\/02\/IMG_20200929_195632_ergebnis-e1612886466733.jpg\" alt=\"\" width=\"450\" height=\"600\" \/><\/a><p id=\"caption-attachment-25088\" class=\"wp-caption-text\">Meinung eines Unbekannten<\/p><\/div>\n<p><a href=\"https:\/\/olu-limburg.de\/wp-content\/uploads\/2021\/02\/IMG_20200929_200244_ergebnis.jpg\"><img loading=\"lazy\" decoding=\"async\" class=\"size-full wp-image-25089 aligncenter\" src=\"https:\/\/olu-limburg.de\/wp-content\/uploads\/2021\/02\/IMG_20200929_200244_ergebnis.jpg\" alt=\"\" width=\"800\" height=\"600\" srcset=\"https:\/\/olu-limburg.de\/wp-content\/uploads\/2021\/02\/IMG_20200929_200244_ergebnis.jpg 800w, https:\/\/olu-limburg.de\/wp-content\/uploads\/2021\/02\/IMG_20200929_200244_ergebnis-300x225.jpg 300w, https:\/\/olu-limburg.de\/wp-content\/uploads\/2021\/02\/IMG_20200929_200244_ergebnis-768x576.jpg 768w, https:\/\/olu-limburg.de\/wp-content\/uploads\/2021\/02\/IMG_20200929_200244_ergebnis-624x468.jpg 624w\" sizes=\"auto, (max-width: 800px) 100vw, 800px\" \/><\/a><\/p>\n<p><a href=\"https:\/\/olu-limburg.de\/wp-content\/uploads\/2021\/02\/IMG_20200929_200310_ergebnis.jpg\"><img loading=\"lazy\" decoding=\"async\" class=\"size-full wp-image-25090 aligncenter\" src=\"https:\/\/olu-limburg.de\/wp-content\/uploads\/2021\/02\/IMG_20200929_200310_ergebnis.jpg\" alt=\"\" width=\"800\" height=\"600\" srcset=\"https:\/\/olu-limburg.de\/wp-content\/uploads\/2021\/02\/IMG_20200929_200310_ergebnis.jpg 800w, https:\/\/olu-limburg.de\/wp-content\/uploads\/2021\/02\/IMG_20200929_200310_ergebnis-300x225.jpg 300w, https:\/\/olu-limburg.de\/wp-content\/uploads\/2021\/02\/IMG_20200929_200310_ergebnis-768x576.jpg 768w, https:\/\/olu-limburg.de\/wp-content\/uploads\/2021\/02\/IMG_20200929_200310_ergebnis-624x468.jpg 624w\" sizes=\"auto, (max-width: 800px) 100vw, 800px\" \/><\/a><\/p>\n<p><a href=\"https:\/\/olu-limburg.de\/wp-content\/uploads\/2021\/02\/IMG_20200929_201229_ergebnis.jpg\"><img loading=\"lazy\" decoding=\"async\" class=\"size-full wp-image-25091 aligncenter\" src=\"https:\/\/olu-limburg.de\/wp-content\/uploads\/2021\/02\/IMG_20200929_201229_ergebnis.jpg\" alt=\"\" width=\"800\" height=\"600\" srcset=\"https:\/\/olu-limburg.de\/wp-content\/uploads\/2021\/02\/IMG_20200929_201229_ergebnis.jpg 800w, https:\/\/olu-limburg.de\/wp-content\/uploads\/2021\/02\/IMG_20200929_201229_ergebnis-300x225.jpg 300w, https:\/\/olu-limburg.de\/wp-content\/uploads\/2021\/02\/IMG_20200929_201229_ergebnis-768x576.jpg 768w, https:\/\/olu-limburg.de\/wp-content\/uploads\/2021\/02\/IMG_20200929_201229_ergebnis-624x468.jpg 624w\" sizes=\"auto, (max-width: 800px) 100vw, 800px\" \/><\/a><\/p>\n<p><a href=\"https:\/\/olu-limburg.de\/wp-content\/uploads\/2021\/02\/IMG_20200929_201422_ergebnis-e1612886518315.jpg\"><img loading=\"lazy\" decoding=\"async\" class=\"size-full wp-image-25092 aligncenter\" src=\"https:\/\/olu-limburg.de\/wp-content\/uploads\/2021\/02\/IMG_20200929_201422_ergebnis-e1612886518315.jpg\" alt=\"\" width=\"450\" height=\"600\" \/><\/a><\/p>\n<p>Und wieder ist ein Tag vorbei.<\/p>\n<p>Tagesstrecke: 179 km<\/p>\n<p>&nbsp;<\/p>\n<p><strong>Mittwoch, 30.09.2020<\/strong><\/p>\n<p>Heute machen wir uns fr\u00fcher auf den Weg. Wir wollen bis Hannoversch M\u00fcnden kommen. Es dauert etwas bis wir auf die A7 gelangen. Danach geht es aber flott weiter. So da\u00df wir gegen 15.00 Uhr auf dem Stellplatz Tanzwerder mit V+E (Geb\u00fchr EUR 6,00\/24 Std.) ankommen. Der eigentliche Stellplatzbereich ist voll belegt. Wir versammeln uns mit anderen Wohnmobilen rundherum.<\/p>\n<p><a href=\"https:\/\/olu-limburg.de\/wp-content\/uploads\/2021\/02\/P1070121a_ergebnis.jpg\"><img loading=\"lazy\" decoding=\"async\" class=\"size-full wp-image-25140 aligncenter\" src=\"https:\/\/olu-limburg.de\/wp-content\/uploads\/2021\/02\/P1070121a_ergebnis.jpg\" alt=\"\" width=\"800\" height=\"600\" srcset=\"https:\/\/olu-limburg.de\/wp-content\/uploads\/2021\/02\/P1070121a_ergebnis.jpg 800w, https:\/\/olu-limburg.de\/wp-content\/uploads\/2021\/02\/P1070121a_ergebnis-300x225.jpg 300w, https:\/\/olu-limburg.de\/wp-content\/uploads\/2021\/02\/P1070121a_ergebnis-768x576.jpg 768w, https:\/\/olu-limburg.de\/wp-content\/uploads\/2021\/02\/P1070121a_ergebnis-624x468.jpg 624w\" sizes=\"auto, (max-width: 800px) 100vw, 800px\" \/><\/a><\/p>\n<p>Nach einer kurzen Siesta erkunden wir die n\u00e4here Umgebung und die Altstadt von Hann.M\u00fcnden. Als erstes gehen wir zum Weserstein, wo die Fulda (links) sich mit der Werra (rechts) zur Weser vereint.<\/p>\n<p><a href=\"https:\/\/olu-limburg.de\/wp-content\/uploads\/2021\/02\/P1070129_ergebnis.jpg\"><img loading=\"lazy\" decoding=\"async\" class=\"size-full wp-image-25114 aligncenter\" src=\"https:\/\/olu-limburg.de\/wp-content\/uploads\/2021\/02\/P1070129_ergebnis.jpg\" alt=\"\" width=\"800\" height=\"600\" srcset=\"https:\/\/olu-limburg.de\/wp-content\/uploads\/2021\/02\/P1070129_ergebnis.jpg 800w, https:\/\/olu-limburg.de\/wp-content\/uploads\/2021\/02\/P1070129_ergebnis-300x225.jpg 300w, https:\/\/olu-limburg.de\/wp-content\/uploads\/2021\/02\/P1070129_ergebnis-768x576.jpg 768w, https:\/\/olu-limburg.de\/wp-content\/uploads\/2021\/02\/P1070129_ergebnis-624x468.jpg 624w\" sizes=\"auto, (max-width: 800px) 100vw, 800px\" \/><\/a><\/p>\n<p><a href=\"https:\/\/olu-limburg.de\/wp-content\/uploads\/2021\/02\/IMG_20200930_162934_ergebnis.jpg\"><img loading=\"lazy\" decoding=\"async\" class=\"size-full wp-image-25109 aligncenter\" src=\"https:\/\/olu-limburg.de\/wp-content\/uploads\/2021\/02\/IMG_20200930_162934_ergebnis.jpg\" alt=\"\" width=\"800\" height=\"600\" srcset=\"https:\/\/olu-limburg.de\/wp-content\/uploads\/2021\/02\/IMG_20200930_162934_ergebnis.jpg 800w, https:\/\/olu-limburg.de\/wp-content\/uploads\/2021\/02\/IMG_20200930_162934_ergebnis-300x225.jpg 300w, https:\/\/olu-limburg.de\/wp-content\/uploads\/2021\/02\/IMG_20200930_162934_ergebnis-768x576.jpg 768w, https:\/\/olu-limburg.de\/wp-content\/uploads\/2021\/02\/IMG_20200930_162934_ergebnis-624x468.jpg 624w\" sizes=\"auto, (max-width: 800px) 100vw, 800px\" \/><\/a><\/p>\n<div id=\"attachment_25115\" style=\"width: 460px\" class=\"wp-caption aligncenter\"><a href=\"https:\/\/olu-limburg.de\/wp-content\/uploads\/2021\/02\/P1070130_ergebnis-e1612890306785.jpg\"><img loading=\"lazy\" decoding=\"async\" aria-describedby=\"caption-attachment-25115\" class=\"wp-image-25115 size-full\" src=\"https:\/\/olu-limburg.de\/wp-content\/uploads\/2021\/02\/P1070130_ergebnis-e1612890306785.jpg\" alt=\"\" width=\"450\" height=\"600\" \/><\/a><p id=\"caption-attachment-25115\" class=\"wp-caption-text\">Blick auf den Turm von St. Blasius<\/p><\/div>\n<div id=\"attachment_25116\" style=\"width: 810px\" class=\"wp-caption aligncenter\"><a href=\"https:\/\/olu-limburg.de\/wp-content\/uploads\/2021\/02\/P1070132_ergebnis.jpg\"><img loading=\"lazy\" decoding=\"async\" aria-describedby=\"caption-attachment-25116\" class=\"wp-image-25116 size-full\" src=\"https:\/\/olu-limburg.de\/wp-content\/uploads\/2021\/02\/P1070132_ergebnis.jpg\" alt=\"\" width=\"800\" height=\"600\" srcset=\"https:\/\/olu-limburg.de\/wp-content\/uploads\/2021\/02\/P1070132_ergebnis.jpg 800w, https:\/\/olu-limburg.de\/wp-content\/uploads\/2021\/02\/P1070132_ergebnis-300x225.jpg 300w, https:\/\/olu-limburg.de\/wp-content\/uploads\/2021\/02\/P1070132_ergebnis-768x576.jpg 768w, https:\/\/olu-limburg.de\/wp-content\/uploads\/2021\/02\/P1070132_ergebnis-624x468.jpg 624w\" sizes=\"auto, (max-width: 800px) 100vw, 800px\" \/><\/a><p id=\"caption-attachment-25116\" class=\"wp-caption-text\">der interkulturelle Garten<\/p><\/div>\n<div id=\"attachment_25110\" style=\"width: 810px\" class=\"wp-caption aligncenter\"><a href=\"https:\/\/olu-limburg.de\/wp-content\/uploads\/2021\/02\/IMG_20200930_170005_ergebnis.jpg\"><img loading=\"lazy\" decoding=\"async\" aria-describedby=\"caption-attachment-25110\" class=\"wp-image-25110 size-full\" src=\"https:\/\/olu-limburg.de\/wp-content\/uploads\/2021\/02\/IMG_20200930_170005_ergebnis.jpg\" alt=\"\" width=\"800\" height=\"600\" srcset=\"https:\/\/olu-limburg.de\/wp-content\/uploads\/2021\/02\/IMG_20200930_170005_ergebnis.jpg 800w, https:\/\/olu-limburg.de\/wp-content\/uploads\/2021\/02\/IMG_20200930_170005_ergebnis-300x225.jpg 300w, https:\/\/olu-limburg.de\/wp-content\/uploads\/2021\/02\/IMG_20200930_170005_ergebnis-768x576.jpg 768w, https:\/\/olu-limburg.de\/wp-content\/uploads\/2021\/02\/IMG_20200930_170005_ergebnis-624x468.jpg 624w\" sizes=\"auto, (max-width: 800px) 100vw, 800px\" \/><\/a><p id=\"caption-attachment-25110\" class=\"wp-caption-text\">\u00dcbergang zur Altstadt<\/p><\/div>\n<p><a href=\"https:\/\/olu-limburg.de\/wp-content\/uploads\/2021\/02\/P1070136_ergebnis.jpg\"><img loading=\"lazy\" decoding=\"async\" class=\"size-full wp-image-25117 aligncenter\" src=\"https:\/\/olu-limburg.de\/wp-content\/uploads\/2021\/02\/P1070136_ergebnis.jpg\" alt=\"\" width=\"800\" height=\"600\" srcset=\"https:\/\/olu-limburg.de\/wp-content\/uploads\/2021\/02\/P1070136_ergebnis.jpg 800w, https:\/\/olu-limburg.de\/wp-content\/uploads\/2021\/02\/P1070136_ergebnis-300x225.jpg 300w, https:\/\/olu-limburg.de\/wp-content\/uploads\/2021\/02\/P1070136_ergebnis-768x576.jpg 768w, https:\/\/olu-limburg.de\/wp-content\/uploads\/2021\/02\/P1070136_ergebnis-624x468.jpg 624w\" sizes=\"auto, (max-width: 800px) 100vw, 800px\" \/><\/a><\/p>\n<p><a href=\"https:\/\/olu-limburg.de\/wp-content\/uploads\/2021\/02\/P1070140_ergebnis.jpg\"><img loading=\"lazy\" decoding=\"async\" class=\"size-full wp-image-25120 aligncenter\" src=\"https:\/\/olu-limburg.de\/wp-content\/uploads\/2021\/02\/P1070140_ergebnis.jpg\" alt=\"\" width=\"800\" height=\"600\" srcset=\"https:\/\/olu-limburg.de\/wp-content\/uploads\/2021\/02\/P1070140_ergebnis.jpg 800w, https:\/\/olu-limburg.de\/wp-content\/uploads\/2021\/02\/P1070140_ergebnis-300x225.jpg 300w, https:\/\/olu-limburg.de\/wp-content\/uploads\/2021\/02\/P1070140_ergebnis-768x576.jpg 768w, https:\/\/olu-limburg.de\/wp-content\/uploads\/2021\/02\/P1070140_ergebnis-624x468.jpg 624w\" sizes=\"auto, (max-width: 800px) 100vw, 800px\" \/><\/a><\/p>\n<div id=\"attachment_25118\" style=\"width: 810px\" class=\"wp-caption aligncenter\"><a href=\"https:\/\/olu-limburg.de\/wp-content\/uploads\/2021\/02\/P1070137_ergebnis.jpg\"><img loading=\"lazy\" decoding=\"async\" aria-describedby=\"caption-attachment-25118\" class=\"wp-image-25118 size-full\" src=\"https:\/\/olu-limburg.de\/wp-content\/uploads\/2021\/02\/P1070137_ergebnis.jpg\" alt=\"\" width=\"800\" height=\"600\" srcset=\"https:\/\/olu-limburg.de\/wp-content\/uploads\/2021\/02\/P1070137_ergebnis.jpg 800w, https:\/\/olu-limburg.de\/wp-content\/uploads\/2021\/02\/P1070137_ergebnis-300x225.jpg 300w, https:\/\/olu-limburg.de\/wp-content\/uploads\/2021\/02\/P1070137_ergebnis-768x576.jpg 768w, https:\/\/olu-limburg.de\/wp-content\/uploads\/2021\/02\/P1070137_ergebnis-624x468.jpg 624w\" sizes=\"auto, (max-width: 800px) 100vw, 800px\" \/><\/a><p id=\"caption-attachment-25118\" class=\"wp-caption-text\">\u00dcberreste vom alten Brauhaus<\/p><\/div>\n<p><a href=\"https:\/\/olu-limburg.de\/wp-content\/uploads\/2021\/02\/P1070139_ergebnis-e1612890369106.jpg\"><img loading=\"lazy\" decoding=\"async\" class=\"size-full wp-image-25119 alignleft\" src=\"https:\/\/olu-limburg.de\/wp-content\/uploads\/2021\/02\/P1070139_ergebnis-e1612890369106.jpg\" alt=\"\" width=\"450\" height=\"600\" \/><\/a><\/p>\n<p><a href=\"https:\/\/olu-limburg.de\/wp-content\/uploads\/2021\/02\/P1070141_ergebnis-e1612890390983.jpg\"><img loading=\"lazy\" decoding=\"async\" class=\"size-full wp-image-25121 alignright\" src=\"https:\/\/olu-limburg.de\/wp-content\/uploads\/2021\/02\/P1070141_ergebnis-e1612890390983.jpg\" alt=\"\" width=\"450\" height=\"600\" \/><\/a><\/p>\n<div id=\"attachment_25122\" style=\"width: 810px\" class=\"wp-caption aligncenter\"><a href=\"https:\/\/olu-limburg.de\/wp-content\/uploads\/2021\/02\/P1070142_ergebnis.jpg\"><img loading=\"lazy\" decoding=\"async\" aria-describedby=\"caption-attachment-25122\" class=\"wp-image-25122 size-full\" src=\"https:\/\/olu-limburg.de\/wp-content\/uploads\/2021\/02\/P1070142_ergebnis.jpg\" alt=\"\" width=\"800\" height=\"600\" srcset=\"https:\/\/olu-limburg.de\/wp-content\/uploads\/2021\/02\/P1070142_ergebnis.jpg 800w, https:\/\/olu-limburg.de\/wp-content\/uploads\/2021\/02\/P1070142_ergebnis-300x225.jpg 300w, https:\/\/olu-limburg.de\/wp-content\/uploads\/2021\/02\/P1070142_ergebnis-768x576.jpg 768w, https:\/\/olu-limburg.de\/wp-content\/uploads\/2021\/02\/P1070142_ergebnis-624x468.jpg 624w\" sizes=\"auto, (max-width: 800px) 100vw, 800px\" \/><\/a><p id=\"caption-attachment-25122\" class=\"wp-caption-text\">das im Kern gotische Rathaus<\/p><\/div>\n<p><a href=\"https:\/\/olu-limburg.de\/wp-content\/uploads\/2021\/02\/P1070143_ergebnis-e1612890436202.jpg\"><img loading=\"lazy\" decoding=\"async\" class=\"size-full wp-image-25123 alignleft\" src=\"https:\/\/olu-limburg.de\/wp-content\/uploads\/2021\/02\/P1070143_ergebnis-e1612890436202.jpg\" alt=\"\" width=\"450\" height=\"600\" \/><\/a><\/p>\n<p><a href=\"https:\/\/olu-limburg.de\/wp-content\/uploads\/2021\/02\/P1070144_ergebnis-e1612890453213.jpg\"><img loading=\"lazy\" decoding=\"async\" class=\"size-full wp-image-25124 alignright\" src=\"https:\/\/olu-limburg.de\/wp-content\/uploads\/2021\/02\/P1070144_ergebnis-e1612890453213.jpg\" alt=\"\" width=\"450\" height=\"600\" \/><\/a><\/p>\n<div id=\"attachment_25125\" style=\"width: 810px\" class=\"wp-caption aligncenter\"><a href=\"https:\/\/olu-limburg.de\/wp-content\/uploads\/2021\/02\/P1070146_ergebnis.jpg\"><img loading=\"lazy\" decoding=\"async\" aria-describedby=\"caption-attachment-25125\" class=\"wp-image-25125 size-full\" src=\"https:\/\/olu-limburg.de\/wp-content\/uploads\/2021\/02\/P1070146_ergebnis.jpg\" alt=\"\" width=\"800\" height=\"600\" srcset=\"https:\/\/olu-limburg.de\/wp-content\/uploads\/2021\/02\/P1070146_ergebnis.jpg 800w, https:\/\/olu-limburg.de\/wp-content\/uploads\/2021\/02\/P1070146_ergebnis-300x225.jpg 300w, https:\/\/olu-limburg.de\/wp-content\/uploads\/2021\/02\/P1070146_ergebnis-768x576.jpg 768w, https:\/\/olu-limburg.de\/wp-content\/uploads\/2021\/02\/P1070146_ergebnis-624x468.jpg 624w\" sizes=\"auto, (max-width: 800px) 100vw, 800px\" \/><\/a><p id=\"caption-attachment-25125\" class=\"wp-caption-text\">der Szeneplatz mit der R\u00fcckseite des Rathauses<\/p><\/div>\n<div id=\"attachment_25126\" style=\"width: 460px\" class=\"wp-caption aligncenter\"><a href=\"https:\/\/olu-limburg.de\/wp-content\/uploads\/2021\/02\/P1070147_ergebnis-e1612890478314.jpg\"><img loading=\"lazy\" decoding=\"async\" aria-describedby=\"caption-attachment-25126\" class=\"wp-image-25126 size-full\" src=\"https:\/\/olu-limburg.de\/wp-content\/uploads\/2021\/02\/P1070147_ergebnis-e1612890478314.jpg\" alt=\"\" width=\"450\" height=\"600\" \/><\/a><p id=\"caption-attachment-25126\" class=\"wp-caption-text\">St. Blasius<\/p><\/div>\n<div id=\"attachment_25127\" style=\"width: 810px\" class=\"wp-caption aligncenter\"><a href=\"https:\/\/olu-limburg.de\/wp-content\/uploads\/2021\/02\/P1070151_ergebnis.jpg\"><img loading=\"lazy\" decoding=\"async\" aria-describedby=\"caption-attachment-25127\" class=\"wp-image-25127 size-full\" src=\"https:\/\/olu-limburg.de\/wp-content\/uploads\/2021\/02\/P1070151_ergebnis.jpg\" alt=\"\" width=\"800\" height=\"600\" srcset=\"https:\/\/olu-limburg.de\/wp-content\/uploads\/2021\/02\/P1070151_ergebnis.jpg 800w, https:\/\/olu-limburg.de\/wp-content\/uploads\/2021\/02\/P1070151_ergebnis-300x225.jpg 300w, https:\/\/olu-limburg.de\/wp-content\/uploads\/2021\/02\/P1070151_ergebnis-768x576.jpg 768w, https:\/\/olu-limburg.de\/wp-content\/uploads\/2021\/02\/P1070151_ergebnis-624x468.jpg 624w\" sizes=\"auto, (max-width: 800px) 100vw, 800px\" \/><\/a><p id=\"caption-attachment-25127\" class=\"wp-caption-text\">Rotunde an der Wallstra\u00dfe<\/p><\/div>\n<div id=\"attachment_25128\" style=\"width: 460px\" class=\"wp-caption aligncenter\"><a href=\"https:\/\/olu-limburg.de\/wp-content\/uploads\/2021\/02\/P1070152_ergebnis-e1612890504417.jpg\"><img loading=\"lazy\" decoding=\"async\" aria-describedby=\"caption-attachment-25128\" class=\"wp-image-25128 size-full\" src=\"https:\/\/olu-limburg.de\/wp-content\/uploads\/2021\/02\/P1070152_ergebnis-e1612890504417.jpg\" alt=\"\" width=\"450\" height=\"600\" \/><\/a><p id=\"caption-attachment-25128\" class=\"wp-caption-text\">der Ziegelpfortenturm<\/p><\/div>\n<p><a href=\"https:\/\/olu-limburg.de\/wp-content\/uploads\/2021\/02\/P1070155_ergebnis.jpg\"><img loading=\"lazy\" decoding=\"async\" class=\"size-full wp-image-25130 aligncenter\" src=\"https:\/\/olu-limburg.de\/wp-content\/uploads\/2021\/02\/P1070155_ergebnis.jpg\" alt=\"\" width=\"800\" height=\"600\" srcset=\"https:\/\/olu-limburg.de\/wp-content\/uploads\/2021\/02\/P1070155_ergebnis.jpg 800w, https:\/\/olu-limburg.de\/wp-content\/uploads\/2021\/02\/P1070155_ergebnis-300x225.jpg 300w, https:\/\/olu-limburg.de\/wp-content\/uploads\/2021\/02\/P1070155_ergebnis-768x576.jpg 768w, https:\/\/olu-limburg.de\/wp-content\/uploads\/2021\/02\/P1070155_ergebnis-624x468.jpg 624w\" sizes=\"auto, (max-width: 800px) 100vw, 800px\" \/><\/a><\/p>\n<div id=\"attachment_25131\" style=\"width: 460px\" class=\"wp-caption aligncenter\"><a href=\"https:\/\/olu-limburg.de\/wp-content\/uploads\/2021\/02\/P1070160_ergebnis-e1612890528126.jpg\"><img loading=\"lazy\" decoding=\"async\" aria-describedby=\"caption-attachment-25131\" class=\"wp-image-25131 size-full\" src=\"https:\/\/olu-limburg.de\/wp-content\/uploads\/2021\/02\/P1070160_ergebnis-e1612890528126.jpg\" alt=\"\" width=\"450\" height=\"600\" \/><\/a><p id=\"caption-attachment-25131\" class=\"wp-caption-text\">das durch Vorbauten versteckte Welfenschloss; es schaut nur die Giebelspitze heraus.<\/p><\/div>\n<p><a href=\"https:\/\/olu-limburg.de\/wp-content\/uploads\/2021\/02\/P1070164_ergebnis-e1612890546550.jpg\"><img loading=\"lazy\" decoding=\"async\" class=\"size-full wp-image-25132 alignleft\" src=\"https:\/\/olu-limburg.de\/wp-content\/uploads\/2021\/02\/P1070164_ergebnis-e1612890546550.jpg\" alt=\"\" width=\"450\" height=\"600\" \/><\/a><\/p>\n<p><a href=\"https:\/\/olu-limburg.de\/wp-content\/uploads\/2021\/02\/P1070165_ergebnis-e1612890590403.jpg\"><img loading=\"lazy\" decoding=\"async\" class=\"size-full wp-image-25133 alignright\" src=\"https:\/\/olu-limburg.de\/wp-content\/uploads\/2021\/02\/P1070165_ergebnis-e1612890590403.jpg\" alt=\"\" width=\"450\" height=\"600\" \/><\/a><\/p>\n<div id=\"attachment_25134\" style=\"width: 810px\" class=\"wp-caption aligncenter\"><a href=\"https:\/\/olu-limburg.de\/wp-content\/uploads\/2021\/02\/P1070168_ergebnis.jpg\"><img loading=\"lazy\" decoding=\"async\" aria-describedby=\"caption-attachment-25134\" class=\"wp-image-25134 size-full\" src=\"https:\/\/olu-limburg.de\/wp-content\/uploads\/2021\/02\/P1070168_ergebnis.jpg\" alt=\"\" width=\"800\" height=\"600\" srcset=\"https:\/\/olu-limburg.de\/wp-content\/uploads\/2021\/02\/P1070168_ergebnis.jpg 800w, https:\/\/olu-limburg.de\/wp-content\/uploads\/2021\/02\/P1070168_ergebnis-300x225.jpg 300w, https:\/\/olu-limburg.de\/wp-content\/uploads\/2021\/02\/P1070168_ergebnis-768x576.jpg 768w, https:\/\/olu-limburg.de\/wp-content\/uploads\/2021\/02\/P1070168_ergebnis-624x468.jpg 624w\" sizes=\"auto, (max-width: 800px) 100vw, 800px\" \/><\/a><p id=\"caption-attachment-25134\" class=\"wp-caption-text\">alte Werrabr\u00fccke<\/p><\/div>\n<p><a href=\"https:\/\/olu-limburg.de\/wp-content\/uploads\/2021\/02\/P1070170_ergebnis-e1612890614863.jpg\"><img loading=\"lazy\" decoding=\"async\" class=\"size-full wp-image-25135 aligncenter\" src=\"https:\/\/olu-limburg.de\/wp-content\/uploads\/2021\/02\/P1070170_ergebnis-e1612890614863.jpg\" alt=\"\" width=\"450\" height=\"600\" \/><\/a><\/p>\n<div id=\"attachment_25136\" style=\"width: 810px\" class=\"wp-caption aligncenter\"><a href=\"https:\/\/olu-limburg.de\/wp-content\/uploads\/2021\/02\/P1070171_ergebnis.jpg\"><img loading=\"lazy\" decoding=\"async\" aria-describedby=\"caption-attachment-25136\" class=\"wp-image-25136 size-full\" src=\"https:\/\/olu-limburg.de\/wp-content\/uploads\/2021\/02\/P1070171_ergebnis.jpg\" alt=\"\" width=\"800\" height=\"600\" srcset=\"https:\/\/olu-limburg.de\/wp-content\/uploads\/2021\/02\/P1070171_ergebnis.jpg 800w, https:\/\/olu-limburg.de\/wp-content\/uploads\/2021\/02\/P1070171_ergebnis-300x225.jpg 300w, https:\/\/olu-limburg.de\/wp-content\/uploads\/2021\/02\/P1070171_ergebnis-768x576.jpg 768w, https:\/\/olu-limburg.de\/wp-content\/uploads\/2021\/02\/P1070171_ergebnis-624x468.jpg 624w\" sizes=\"auto, (max-width: 800px) 100vw, 800px\" \/><\/a><p id=\"caption-attachment-25136\" class=\"wp-caption-text\">Seitenansicht des Welfenschloss M\u00fcnden<\/p><\/div>\n<p><a href=\"https:\/\/olu-limburg.de\/wp-content\/uploads\/2021\/02\/P1070172_ergebnis-e1612890642432.jpg\"><img loading=\"lazy\" decoding=\"async\" class=\"size-full wp-image-25137 aligncenter\" src=\"https:\/\/olu-limburg.de\/wp-content\/uploads\/2021\/02\/P1070172_ergebnis-e1612890642432.jpg\" alt=\"\" width=\"450\" height=\"600\" \/><\/a><\/p>\n<p>Auf dem Tanzwerder gehen wir in ein Restaurant mit deutscher K\u00fcche, was wir uns schon vorher ausgesucht haben. Wir haben Gl\u00fcck, denn die Betreiber m\u00f6chten f\u00fcr heute schlie\u00dfen. Eigentlich ist es mit noch nicht mal 18.30 Uhr noch recht fr\u00fch.<\/p>\n<p><a href=\"https:\/\/olu-limburg.de\/wp-content\/uploads\/2021\/02\/20200930_194254_ergebnis.jpg\"><img loading=\"lazy\" decoding=\"async\" class=\"size-full wp-image-25107 aligncenter\" src=\"https:\/\/olu-limburg.de\/wp-content\/uploads\/2021\/02\/20200930_194254_ergebnis.jpg\" alt=\"\" width=\"800\" height=\"600\" srcset=\"https:\/\/olu-limburg.de\/wp-content\/uploads\/2021\/02\/20200930_194254_ergebnis.jpg 800w, https:\/\/olu-limburg.de\/wp-content\/uploads\/2021\/02\/20200930_194254_ergebnis-300x225.jpg 300w, https:\/\/olu-limburg.de\/wp-content\/uploads\/2021\/02\/20200930_194254_ergebnis-768x576.jpg 768w, https:\/\/olu-limburg.de\/wp-content\/uploads\/2021\/02\/20200930_194254_ergebnis-624x468.jpg 624w\" sizes=\"auto, (max-width: 800px) 100vw, 800px\" \/><\/a><\/p>\n<div id=\"attachment_25111\" style=\"width: 810px\" class=\"wp-caption aligncenter\"><a href=\"https:\/\/olu-limburg.de\/wp-content\/uploads\/2021\/02\/IMG_20200930_185702_ergebnis.jpg\"><img loading=\"lazy\" decoding=\"async\" aria-describedby=\"caption-attachment-25111\" class=\"wp-image-25111 size-full\" src=\"https:\/\/olu-limburg.de\/wp-content\/uploads\/2021\/02\/IMG_20200930_185702_ergebnis.jpg\" alt=\"\" width=\"800\" height=\"600\" srcset=\"https:\/\/olu-limburg.de\/wp-content\/uploads\/2021\/02\/IMG_20200930_185702_ergebnis.jpg 800w, https:\/\/olu-limburg.de\/wp-content\/uploads\/2021\/02\/IMG_20200930_185702_ergebnis-300x225.jpg 300w, https:\/\/olu-limburg.de\/wp-content\/uploads\/2021\/02\/IMG_20200930_185702_ergebnis-768x576.jpg 768w, https:\/\/olu-limburg.de\/wp-content\/uploads\/2021\/02\/IMG_20200930_185702_ergebnis-624x468.jpg 624w\" sizes=\"auto, (max-width: 800px) 100vw, 800px\" \/><\/a><p id=\"caption-attachment-25111\" class=\"wp-caption-text\">Sauerbraten<\/p><\/div>\n<div id=\"attachment_25106\" style=\"width: 810px\" class=\"wp-caption aligncenter\"><a href=\"https:\/\/olu-limburg.de\/wp-content\/uploads\/2021\/02\/20200930_185707_ergebnis.jpg\"><img loading=\"lazy\" decoding=\"async\" aria-describedby=\"caption-attachment-25106\" class=\"wp-image-25106 size-full\" src=\"https:\/\/olu-limburg.de\/wp-content\/uploads\/2021\/02\/20200930_185707_ergebnis.jpg\" alt=\"\" width=\"800\" height=\"600\" srcset=\"https:\/\/olu-limburg.de\/wp-content\/uploads\/2021\/02\/20200930_185707_ergebnis.jpg 800w, https:\/\/olu-limburg.de\/wp-content\/uploads\/2021\/02\/20200930_185707_ergebnis-300x225.jpg 300w, https:\/\/olu-limburg.de\/wp-content\/uploads\/2021\/02\/20200930_185707_ergebnis-768x576.jpg 768w, https:\/\/olu-limburg.de\/wp-content\/uploads\/2021\/02\/20200930_185707_ergebnis-624x468.jpg 624w\" sizes=\"auto, (max-width: 800px) 100vw, 800px\" \/><\/a><p id=\"caption-attachment-25106\" class=\"wp-caption-text\">Schweinebraten<\/p><\/div>\n<div id=\"attachment_25138\" style=\"width: 810px\" class=\"wp-caption aligncenter\"><a href=\"https:\/\/olu-limburg.de\/wp-content\/uploads\/2021\/02\/P1070173_ergebnis.jpg\"><img loading=\"lazy\" decoding=\"async\" aria-describedby=\"caption-attachment-25138\" class=\"wp-image-25138 size-full\" src=\"https:\/\/olu-limburg.de\/wp-content\/uploads\/2021\/02\/P1070173_ergebnis.jpg\" alt=\"\" width=\"800\" height=\"600\" srcset=\"https:\/\/olu-limburg.de\/wp-content\/uploads\/2021\/02\/P1070173_ergebnis.jpg 800w, https:\/\/olu-limburg.de\/wp-content\/uploads\/2021\/02\/P1070173_ergebnis-300x225.jpg 300w, https:\/\/olu-limburg.de\/wp-content\/uploads\/2021\/02\/P1070173_ergebnis-768x576.jpg 768w, https:\/\/olu-limburg.de\/wp-content\/uploads\/2021\/02\/P1070173_ergebnis-624x468.jpg 624w\" sizes=\"auto, (max-width: 800px) 100vw, 800px\" \/><\/a><p id=\"caption-attachment-25138\" class=\"wp-caption-text\">Bei den Wohnmobilen ist Ruhe angesagt.<\/p><\/div>\n<p>Tagesstrecke: 284 km<\/p>\n<p>&nbsp;<\/p>\n<p><strong>Donnerstag, 01.10.2020<\/strong><\/p>\n<p>Heute ist Heimreisetag. Es ist nicht mehr so weit. Deshalb wollen wir noch einen Abstecher nach Kassel, zum Schloss Wilhelmsh\u00f6he, machen.\u00a0 Wir fahren noch ein St\u00fcck durch das Fuldatal, und werden anschlie\u00dfend mit Hilfe einer sehr guten Ausschilderung durch Kassel bis hoch zum Parkplatz Wilhelmsh\u00f6he geleitet. Dort gibt es sogar extra Pl\u00e4tze f\u00fcr Wohnmobile.<\/p>\n<p>Direkt unterhalb des Parkplatzes ist das Besucherzentrum Wilhelmsh\u00f6he und die S-Bahn-Station &#8222;Wilhelmsh\u00f6he (Park)&#8220;.<\/p>\n<p><a href=\"https:\/\/olu-limburg.de\/wp-content\/uploads\/2021\/02\/P1070180_ergebnis.jpg\"><img loading=\"lazy\" decoding=\"async\" class=\"wp-image-25155 size-full aligncenter\" src=\"https:\/\/olu-limburg.de\/wp-content\/uploads\/2021\/02\/P1070180_ergebnis.jpg\" alt=\"\" width=\"800\" height=\"600\" srcset=\"https:\/\/olu-limburg.de\/wp-content\/uploads\/2021\/02\/P1070180_ergebnis.jpg 800w, https:\/\/olu-limburg.de\/wp-content\/uploads\/2021\/02\/P1070180_ergebnis-300x225.jpg 300w, https:\/\/olu-limburg.de\/wp-content\/uploads\/2021\/02\/P1070180_ergebnis-768x576.jpg 768w, https:\/\/olu-limburg.de\/wp-content\/uploads\/2021\/02\/P1070180_ergebnis-624x468.jpg 624w\" sizes=\"auto, (max-width: 800px) 100vw, 800px\" \/><\/a><\/p>\n<p>Nun beginnt f\u00fcr uns der Aufstieg. Es geht wirklich nur noch hoch zum Schloss Wilhelmsh\u00f6he. Das Schloss lie\u00df sich Ende des 18. Jahrhunderts Landgraf Wilhlem IX. und sp\u00e4tere Kurf\u00fcrst Wilhelm I. im klassizistischen Stil errichten.<\/p>\n<p><a href=\"https:\/\/olu-limburg.de\/wp-content\/uploads\/2021\/02\/P1070174_ergebnis.jpg\"><img loading=\"lazy\" decoding=\"async\" class=\"size-full wp-image-25154 aligncenter\" src=\"https:\/\/olu-limburg.de\/wp-content\/uploads\/2021\/02\/P1070174_ergebnis.jpg\" alt=\"\" width=\"800\" height=\"600\" srcset=\"https:\/\/olu-limburg.de\/wp-content\/uploads\/2021\/02\/P1070174_ergebnis.jpg 800w, https:\/\/olu-limburg.de\/wp-content\/uploads\/2021\/02\/P1070174_ergebnis-300x225.jpg 300w, https:\/\/olu-limburg.de\/wp-content\/uploads\/2021\/02\/P1070174_ergebnis-768x576.jpg 768w, https:\/\/olu-limburg.de\/wp-content\/uploads\/2021\/02\/P1070174_ergebnis-624x468.jpg 624w\" sizes=\"auto, (max-width: 800px) 100vw, 800px\" \/><\/a><\/p>\n<div id=\"attachment_25157\" style=\"width: 460px\" class=\"wp-caption aligncenter\"><a href=\"https:\/\/olu-limburg.de\/wp-content\/uploads\/2021\/02\/P1070187_ergebnis-e1612956209840.jpg\"><img loading=\"lazy\" decoding=\"async\" aria-describedby=\"caption-attachment-25157\" class=\"wp-image-25157 size-full\" src=\"https:\/\/olu-limburg.de\/wp-content\/uploads\/2021\/02\/P1070187_ergebnis-e1612956209840.jpg\" alt=\"\" width=\"450\" height=\"600\" \/><\/a><p id=\"caption-attachment-25157\" class=\"wp-caption-text\">&#8222;Alte Wache&#8220;<\/p><\/div>\n<div id=\"attachment_25156\" style=\"width: 810px\" class=\"wp-caption aligncenter\"><a href=\"https:\/\/olu-limburg.de\/wp-content\/uploads\/2021\/02\/P1070183_ergebnis.jpg\"><img loading=\"lazy\" decoding=\"async\" aria-describedby=\"caption-attachment-25156\" class=\"wp-image-25156 size-full\" src=\"https:\/\/olu-limburg.de\/wp-content\/uploads\/2021\/02\/P1070183_ergebnis.jpg\" alt=\"\" width=\"800\" height=\"600\" srcset=\"https:\/\/olu-limburg.de\/wp-content\/uploads\/2021\/02\/P1070183_ergebnis.jpg 800w, https:\/\/olu-limburg.de\/wp-content\/uploads\/2021\/02\/P1070183_ergebnis-300x225.jpg 300w, https:\/\/olu-limburg.de\/wp-content\/uploads\/2021\/02\/P1070183_ergebnis-768x576.jpg 768w, https:\/\/olu-limburg.de\/wp-content\/uploads\/2021\/02\/P1070183_ergebnis-624x468.jpg 624w\" sizes=\"auto, (max-width: 800px) 100vw, 800px\" \/><\/a><p id=\"caption-attachment-25156\" class=\"wp-caption-text\">Schloss Wilhelmsh\u00f6he von der Kasseler Seite<\/p><\/div>\n<div id=\"attachment_25143\" style=\"width: 810px\" class=\"wp-caption aligncenter\"><a href=\"https:\/\/olu-limburg.de\/wp-content\/uploads\/2021\/02\/IMG_20201001_120623_ergebnis.jpg\"><img loading=\"lazy\" decoding=\"async\" aria-describedby=\"caption-attachment-25143\" class=\"wp-image-25143 size-full\" src=\"https:\/\/olu-limburg.de\/wp-content\/uploads\/2021\/02\/IMG_20201001_120623_ergebnis.jpg\" alt=\"\" width=\"800\" height=\"600\" srcset=\"https:\/\/olu-limburg.de\/wp-content\/uploads\/2021\/02\/IMG_20201001_120623_ergebnis.jpg 800w, https:\/\/olu-limburg.de\/wp-content\/uploads\/2021\/02\/IMG_20201001_120623_ergebnis-300x225.jpg 300w, https:\/\/olu-limburg.de\/wp-content\/uploads\/2021\/02\/IMG_20201001_120623_ergebnis-768x576.jpg 768w, https:\/\/olu-limburg.de\/wp-content\/uploads\/2021\/02\/IMG_20201001_120623_ergebnis-624x468.jpg 624w\" sizes=\"auto, (max-width: 800px) 100vw, 800px\" \/><\/a><p id=\"caption-attachment-25143\" class=\"wp-caption-text\">Schlosspark mit der Zentralachse zum Herkulesdenkmal<\/p><\/div>\n<div id=\"attachment_25145\" style=\"width: 460px\" class=\"wp-caption aligncenter\"><a href=\"https:\/\/olu-limburg.de\/wp-content\/uploads\/2021\/02\/IMG_20201001_121859_ergebnis-e1612956399599.jpg\"><img loading=\"lazy\" decoding=\"async\" aria-describedby=\"caption-attachment-25145\" class=\"wp-image-25145 size-full\" src=\"https:\/\/olu-limburg.de\/wp-content\/uploads\/2021\/02\/IMG_20201001_121859_ergebnis-e1612956399599.jpg\" alt=\"\" width=\"450\" height=\"600\" \/><\/a><p id=\"caption-attachment-25145\" class=\"wp-caption-text\">Blick auf die L\u00f6wenburg<\/p><\/div>\n<div id=\"attachment_25159\" style=\"width: 810px\" class=\"wp-caption aligncenter\"><a href=\"https:\/\/olu-limburg.de\/wp-content\/uploads\/2021\/02\/P1070196_ergebnis.jpg\"><img loading=\"lazy\" decoding=\"async\" aria-describedby=\"caption-attachment-25159\" class=\"wp-image-25159 size-full\" src=\"https:\/\/olu-limburg.de\/wp-content\/uploads\/2021\/02\/P1070196_ergebnis.jpg\" alt=\"\" width=\"800\" height=\"600\" srcset=\"https:\/\/olu-limburg.de\/wp-content\/uploads\/2021\/02\/P1070196_ergebnis.jpg 800w, https:\/\/olu-limburg.de\/wp-content\/uploads\/2021\/02\/P1070196_ergebnis-300x225.jpg 300w, https:\/\/olu-limburg.de\/wp-content\/uploads\/2021\/02\/P1070196_ergebnis-768x576.jpg 768w, https:\/\/olu-limburg.de\/wp-content\/uploads\/2021\/02\/P1070196_ergebnis-624x468.jpg 624w\" sizes=\"auto, (max-width: 800px) 100vw, 800px\" \/><\/a><p id=\"caption-attachment-25159\" class=\"wp-caption-text\">parkseitige Ansicht des Schloss Wilhelmsh\u00f6he; im linken Trakt befindet sich die Schlosskirche<\/p><\/div>\n<p><a href=\"https:\/\/olu-limburg.de\/wp-content\/uploads\/2021\/02\/IMG_20201001_122532_ergebnis.jpg\"><img loading=\"lazy\" decoding=\"async\" class=\"size-full wp-image-25148 aligncenter\" src=\"https:\/\/olu-limburg.de\/wp-content\/uploads\/2021\/02\/IMG_20201001_122532_ergebnis.jpg\" alt=\"\" width=\"800\" height=\"600\" srcset=\"https:\/\/olu-limburg.de\/wp-content\/uploads\/2021\/02\/IMG_20201001_122532_ergebnis.jpg 800w, https:\/\/olu-limburg.de\/wp-content\/uploads\/2021\/02\/IMG_20201001_122532_ergebnis-300x225.jpg 300w, https:\/\/olu-limburg.de\/wp-content\/uploads\/2021\/02\/IMG_20201001_122532_ergebnis-768x576.jpg 768w, https:\/\/olu-limburg.de\/wp-content\/uploads\/2021\/02\/IMG_20201001_122532_ergebnis-624x468.jpg 624w\" sizes=\"auto, (max-width: 800px) 100vw, 800px\" \/><\/a><\/p>\n<p><a href=\"https:\/\/olu-limburg.de\/wp-content\/uploads\/2021\/02\/IMG_20201001_120751_ergebnis-e1612956249180.jpg\"><img loading=\"lazy\" decoding=\"async\" class=\"size-full wp-image-25144 aligncenter\" src=\"https:\/\/olu-limburg.de\/wp-content\/uploads\/2021\/02\/IMG_20201001_120751_ergebnis-e1612956249180.jpg\" alt=\"\" width=\"450\" height=\"600\" \/><\/a><\/p>\n<div id=\"attachment_25147\" style=\"width: 810px\" class=\"wp-caption aligncenter\"><a href=\"https:\/\/olu-limburg.de\/wp-content\/uploads\/2021\/02\/IMG_20201001_122427_ergebnis.jpg\"><img loading=\"lazy\" decoding=\"async\" aria-describedby=\"caption-attachment-25147\" class=\"wp-image-25147 size-full\" src=\"https:\/\/olu-limburg.de\/wp-content\/uploads\/2021\/02\/IMG_20201001_122427_ergebnis.jpg\" alt=\"\" width=\"800\" height=\"600\" srcset=\"https:\/\/olu-limburg.de\/wp-content\/uploads\/2021\/02\/IMG_20201001_122427_ergebnis.jpg 800w, https:\/\/olu-limburg.de\/wp-content\/uploads\/2021\/02\/IMG_20201001_122427_ergebnis-300x225.jpg 300w, https:\/\/olu-limburg.de\/wp-content\/uploads\/2021\/02\/IMG_20201001_122427_ergebnis-768x576.jpg 768w, https:\/\/olu-limburg.de\/wp-content\/uploads\/2021\/02\/IMG_20201001_122427_ergebnis-624x468.jpg 624w\" sizes=\"auto, (max-width: 800px) 100vw, 800px\" \/><\/a><p id=\"caption-attachment-25147\" class=\"wp-caption-text\">Fontaineteich mit Jussow-Tempel (der eigentliche Apollo-Tempel wurde von Heinrich Christoph Jussow erbaut, und sp\u00e4ter nach ihm benannt)<\/p><\/div>\n<p><a href=\"https:\/\/olu-limburg.de\/wp-content\/uploads\/2021\/02\/IMG_20201001_122905_ergebnis.jpg\"><img loading=\"lazy\" decoding=\"async\" class=\"size-full wp-image-25149 aligncenter\" src=\"https:\/\/olu-limburg.de\/wp-content\/uploads\/2021\/02\/IMG_20201001_122905_ergebnis.jpg\" alt=\"\" width=\"800\" height=\"600\" srcset=\"https:\/\/olu-limburg.de\/wp-content\/uploads\/2021\/02\/IMG_20201001_122905_ergebnis.jpg 800w, https:\/\/olu-limburg.de\/wp-content\/uploads\/2021\/02\/IMG_20201001_122905_ergebnis-300x225.jpg 300w, https:\/\/olu-limburg.de\/wp-content\/uploads\/2021\/02\/IMG_20201001_122905_ergebnis-768x576.jpg 768w, https:\/\/olu-limburg.de\/wp-content\/uploads\/2021\/02\/IMG_20201001_122905_ergebnis-624x468.jpg 624w\" sizes=\"auto, (max-width: 800px) 100vw, 800px\" \/><\/a><\/p>\n<p><a href=\"https:\/\/olu-limburg.de\/wp-content\/uploads\/2021\/02\/P1070193_ergebnis-e1612956453179.jpg\"><img loading=\"lazy\" decoding=\"async\" class=\"size-full wp-image-25158 aligncenter\" src=\"https:\/\/olu-limburg.de\/wp-content\/uploads\/2021\/02\/P1070193_ergebnis-e1612956453179.jpg\" alt=\"\" width=\"450\" height=\"600\" \/><\/a><\/p>\n<div id=\"attachment_25150\" style=\"width: 810px\" class=\"wp-caption aligncenter\"><a href=\"https:\/\/olu-limburg.de\/wp-content\/uploads\/2021\/02\/IMG_20201001_124220_ergebnis.jpg\"><img loading=\"lazy\" decoding=\"async\" aria-describedby=\"caption-attachment-25150\" class=\"wp-image-25150 size-full\" src=\"https:\/\/olu-limburg.de\/wp-content\/uploads\/2021\/02\/IMG_20201001_124220_ergebnis.jpg\" alt=\"\" width=\"800\" height=\"600\" srcset=\"https:\/\/olu-limburg.de\/wp-content\/uploads\/2021\/02\/IMG_20201001_124220_ergebnis.jpg 800w, https:\/\/olu-limburg.de\/wp-content\/uploads\/2021\/02\/IMG_20201001_124220_ergebnis-300x225.jpg 300w, https:\/\/olu-limburg.de\/wp-content\/uploads\/2021\/02\/IMG_20201001_124220_ergebnis-768x576.jpg 768w, https:\/\/olu-limburg.de\/wp-content\/uploads\/2021\/02\/IMG_20201001_124220_ergebnis-624x468.jpg 624w\" sizes=\"auto, (max-width: 800px) 100vw, 800px\" \/><\/a><p id=\"caption-attachment-25150\" class=\"wp-caption-text\">Gew\u00e4chshaus<\/p><\/div>\n<p><a href=\"https:\/\/olu-limburg.de\/wp-content\/uploads\/2021\/02\/IMG_20201001_124303_ergebnis.jpg\"><img loading=\"lazy\" decoding=\"async\" class=\"size-full wp-image-25151 aligncenter\" src=\"https:\/\/olu-limburg.de\/wp-content\/uploads\/2021\/02\/IMG_20201001_124303_ergebnis.jpg\" alt=\"\" width=\"800\" height=\"600\" srcset=\"https:\/\/olu-limburg.de\/wp-content\/uploads\/2021\/02\/IMG_20201001_124303_ergebnis.jpg 800w, https:\/\/olu-limburg.de\/wp-content\/uploads\/2021\/02\/IMG_20201001_124303_ergebnis-300x225.jpg 300w, https:\/\/olu-limburg.de\/wp-content\/uploads\/2021\/02\/IMG_20201001_124303_ergebnis-768x576.jpg 768w, https:\/\/olu-limburg.de\/wp-content\/uploads\/2021\/02\/IMG_20201001_124303_ergebnis-624x468.jpg 624w\" sizes=\"auto, (max-width: 800px) 100vw, 800px\" \/><\/a><\/p>\n<p><a href=\"https:\/\/olu-limburg.de\/wp-content\/uploads\/2021\/02\/IMG_20201001_124317_ergebnis.jpg\"><img loading=\"lazy\" decoding=\"async\" class=\"size-full wp-image-25152 aligncenter\" src=\"https:\/\/olu-limburg.de\/wp-content\/uploads\/2021\/02\/IMG_20201001_124317_ergebnis.jpg\" alt=\"\" width=\"800\" height=\"600\" srcset=\"https:\/\/olu-limburg.de\/wp-content\/uploads\/2021\/02\/IMG_20201001_124317_ergebnis.jpg 800w, https:\/\/olu-limburg.de\/wp-content\/uploads\/2021\/02\/IMG_20201001_124317_ergebnis-300x225.jpg 300w, https:\/\/olu-limburg.de\/wp-content\/uploads\/2021\/02\/IMG_20201001_124317_ergebnis-768x576.jpg 768w, https:\/\/olu-limburg.de\/wp-content\/uploads\/2021\/02\/IMG_20201001_124317_ergebnis-624x468.jpg 624w\" sizes=\"auto, (max-width: 800px) 100vw, 800px\" \/><\/a><\/p>\n<p><a href=\"https:\/\/olu-limburg.de\/wp-content\/uploads\/2021\/02\/P1070203_ergebnis.jpg\"><img loading=\"lazy\" decoding=\"async\" class=\"size-full wp-image-25161 aligncenter\" src=\"https:\/\/olu-limburg.de\/wp-content\/uploads\/2021\/02\/P1070203_ergebnis.jpg\" alt=\"\" width=\"800\" height=\"600\" srcset=\"https:\/\/olu-limburg.de\/wp-content\/uploads\/2021\/02\/P1070203_ergebnis.jpg 800w, https:\/\/olu-limburg.de\/wp-content\/uploads\/2021\/02\/P1070203_ergebnis-300x225.jpg 300w, https:\/\/olu-limburg.de\/wp-content\/uploads\/2021\/02\/P1070203_ergebnis-768x576.jpg 768w, https:\/\/olu-limburg.de\/wp-content\/uploads\/2021\/02\/P1070203_ergebnis-624x468.jpg 624w\" sizes=\"auto, (max-width: 800px) 100vw, 800px\" \/><\/a><\/p>\n<p><a href=\"https:\/\/olu-limburg.de\/wp-content\/uploads\/2021\/02\/P1070205_ergebnis.jpg\"><img loading=\"lazy\" decoding=\"async\" class=\"size-full wp-image-25162 aligncenter\" src=\"https:\/\/olu-limburg.de\/wp-content\/uploads\/2021\/02\/P1070205_ergebnis.jpg\" alt=\"\" width=\"800\" height=\"600\" srcset=\"https:\/\/olu-limburg.de\/wp-content\/uploads\/2021\/02\/P1070205_ergebnis.jpg 800w, https:\/\/olu-limburg.de\/wp-content\/uploads\/2021\/02\/P1070205_ergebnis-300x225.jpg 300w, https:\/\/olu-limburg.de\/wp-content\/uploads\/2021\/02\/P1070205_ergebnis-768x576.jpg 768w, https:\/\/olu-limburg.de\/wp-content\/uploads\/2021\/02\/P1070205_ergebnis-624x468.jpg 624w\" sizes=\"auto, (max-width: 800px) 100vw, 800px\" \/><\/a><\/p>\n<div id=\"attachment_25163\" style=\"width: 810px\" class=\"wp-caption aligncenter\"><a href=\"https:\/\/olu-limburg.de\/wp-content\/uploads\/2021\/02\/P1070206_ergebnis.jpg\"><img loading=\"lazy\" decoding=\"async\" aria-describedby=\"caption-attachment-25163\" class=\"wp-image-25163 size-full\" src=\"https:\/\/olu-limburg.de\/wp-content\/uploads\/2021\/02\/P1070206_ergebnis.jpg\" alt=\"\" width=\"800\" height=\"600\" srcset=\"https:\/\/olu-limburg.de\/wp-content\/uploads\/2021\/02\/P1070206_ergebnis.jpg 800w, https:\/\/olu-limburg.de\/wp-content\/uploads\/2021\/02\/P1070206_ergebnis-300x225.jpg 300w, https:\/\/olu-limburg.de\/wp-content\/uploads\/2021\/02\/P1070206_ergebnis-768x576.jpg 768w, https:\/\/olu-limburg.de\/wp-content\/uploads\/2021\/02\/P1070206_ergebnis-624x468.jpg 624w\" sizes=\"auto, (max-width: 800px) 100vw, 800px\" \/><\/a><p id=\"caption-attachment-25163\" class=\"wp-caption-text\">Ballhaus<\/p><\/div>\n<p>Es ist ein Traum, durch diesen Park spazieren zu gehen. Heute haben wir uns nur einen kleinen Teil angesehen, weil wir noch Nachhause fahren wollen. Auf jeden Fall ist die Schlossanlage noch einmal einen Besuch wert.<\/p>\n<p>Von der Wilhelmsh\u00f6he werden wir noch ein St\u00fcck \u00fcber die A44 geleitet, bis wir auf die A7 gelangen. Der Verkehr rollt z\u00fcgig. Ich schreibe es jetzt schon. Bei unserem Autoradio geht seit einigen Tagen nur noch der CD-Player und der USB-Anschluss. Der Radioempfang ist stumm. Am Kirchheimer Dreieck werden schon Warnungen angezeigt, dass man die A5 meiden, und \u00fcber Fulda in Richtung Frankfurt fahren soll. Aber am Hattenbacher Dreieck fahren vor uns noch sehr viele Lastwagen in Richtung der A5, wir also auch. Aufgrund der fehlenden Meldungen aus dem Radio haben wir keine weiteren Erkenntnisse.<\/p>\n<p>Es dauert nicht lange, da sehen wir vor uns den Stau. Zuerst kann ich noch ein oder zwei Kiiometer auf der linken Spur an den LKWs vorbei fahren. Dann stehen auch wir. Warum, wei\u00df ich nicht. Ich z\u00fccke das Handy und lese von Umwelt-Aktivisten, die sich von einer Br\u00fccke bei Alsfeld in halber H\u00f6he abgeseilt haben und den gesamten Autobahnverkehr blockieren. Sie wollen damit gegen die Rodungen im Dannenr\u00f6der Forst protestieren.<\/p>\n<p>Wir schleichen schon f\u00fcr wenige Kilometer seit fast zwei Stunden \u00fcber die Autobahn. Bei der Ausfahrt Alsfeld-Ost verlassen wir die Autobahn und halten uns an die Umleitungsempfehlung. Pl\u00f6tzlich ist davon nichts mehr zu sehen. Wir irren durch Alsfeld und geraten auf die B254 in Richtung Lauterbach. Da wollen wir aber nicht hin. Nach nicht ganz einer Stunde stehen wir wieder an der Ampelkreuzung bei der BAB-Ausfahrt Alsfeld-Ost. Jetzt halten wir uns an die B49, die kennen wir &#8211; f\u00fchrt durch Limburg. Wir passieren die bestreikte Autobahnbr\u00fccke. Mittlerweile fliesst der Verkehr wieder, na toll. Es ist aber noch ein riesiges Polizeiaufgebot vorhanden.<\/p>\n<p>Wir bleiben bis Gr\u00fcnberg auf der B49, unterwegs sehen wir, das an anderen Stellen jetzt auch Riesenstaus zu erkennen sind. Bei der Auffahrt Gr\u00fcnberg fahren wir wieder auf die A5, die wir bei Reiskirchen in Richtung Gie\u00dfen verlassen. Puh geschafft, denken wir. Fehlanzeige! Zwischen Gie\u00dfen und Wetzlar ist Stau wegen einer Baustelle. Und zwischen Biskirchen und L\u00f6hnberg gab es noch einmal wegen einer Baustelle eine Vollsperrung der B49, und wir mussten uns \u00fcber eine schmale Nebenstra\u00dfe qu\u00e4len. Total genervt und Stunden sp\u00e4ter als geplant erreichen wir endlich unser Zuhause. Das war ein aufregender letzter Tag.<\/p>\n<p>Tagesstrecke: 260 km<\/p>\n<p>&nbsp;<\/p>\n<p style=\"text-align: center;\"><a href=\"https:\/\/olu-limburg.de\/?page_id=24393\">zur\u00fcck zum Seitenanfang<\/a><\/p>\n<p>&nbsp;<\/p>\n<p>&nbsp;<\/p>\n<p>&nbsp;<\/p>\n<p>&nbsp;<\/p>\n<p>&nbsp;<\/p>\n<p>&nbsp;<\/p>\n","protected":false},"excerpt":{"rendered":"<p>Text: Hans-Werner\u00a0\u00a0\u00a0\u00a0\u00a0\u00a0\u00a0\u00a0\u00a0\u00a0\u00a0\u00a0\u00a0\u00a0\u00a0\u00a0\u00a0\u00a0\u00a0\u00a0\u00a0\u00a0\u00a0\u00a0\u00a0\u00a0\u00a0\u00a0\u00a0\u00a0\u00a0\u00a0\u00a0\u00a0\u00a0\u00a0\u00a0\u00a0\u00a0\u00a0\u00a0\u00a0\u00a0\u00a0\u00a0\u00a0\u00a0\u00a0\u00a0\u00a0\u00a0\u00a0\u00a0\u00a0\u00a0\u00a0\u00a0\u00a0\u00a0\u00a0\u00a0\u00a0\u00a0\u00a0\u00a0\u00a0\u00a0\u00a0\u00a0\u00a0\u00a0\u00a0\u00a0\u00a0\u00a0\u00a0\u00a0\u00a0\u00a0\u00a0\u00a0\u00a0\u00a0\u00a0\u00a0\u00a0\u00a0\u00a0\u00a0\u00a0\u00a0\u00a0\u00a0\u00a0\u00a0\u00a0 Fotos: Hans-Werner und Lena &nbsp; Unsere Wohnmobil-Tour in den Norden Deutschlands mit einem Abstecher nach Sylt und durch den S\u00fcden D\u00e4nemarks war auf ca. vier Wochen ausgelegt, und galt f\u00fcr uns als anzustrebendes Ziel, um die Erschwernisse und Beeintr\u00e4chtigungen der Corona-Pandemie zu \u00fcberstehen. Denn die geplante Fr\u00fchjahrstour im M\u00e4rz nach Sizilien war von [&hellip;]<\/p>\n","protected":false},"author":1,"featured_media":0,"parent":0,"menu_order":0,"comment_status":"closed","ping_status":"closed","template":"page-templates\/full-width.php","meta":{"footnotes":""},"class_list":["post-24393","page","type-page","status-publish","hentry"],"_links":{"self":[{"href":"https:\/\/olu-limburg.de\/index.php?rest_route=\/wp\/v2\/pages\/24393","targetHints":{"allow":["GET"]}}],"collection":[{"href":"https:\/\/olu-limburg.de\/index.php?rest_route=\/wp\/v2\/pages"}],"about":[{"href":"https:\/\/olu-limburg.de\/index.php?rest_route=\/wp\/v2\/types\/page"}],"author":[{"embeddable":true,"href":"https:\/\/olu-limburg.de\/index.php?rest_route=\/wp\/v2\/users\/1"}],"replies":[{"embeddable":true,"href":"https:\/\/olu-limburg.de\/index.php?rest_route=%2Fwp%2Fv2%2Fcomments&post=24393"}],"version-history":[{"count":129,"href":"https:\/\/olu-limburg.de\/index.php?rest_route=\/wp\/v2\/pages\/24393\/revisions"}],"predecessor-version":[{"id":25183,"href":"https:\/\/olu-limburg.de\/index.php?rest_route=\/wp\/v2\/pages\/24393\/revisions\/25183"}],"wp:attachment":[{"href":"https:\/\/olu-limburg.de\/index.php?rest_route=%2Fwp%2Fv2%2Fmedia&parent=24393"}],"curies":[{"name":"wp","href":"https:\/\/api.w.org\/{rel}","templated":true}]}}