{"id":21324,"date":"2019-11-28T15:47:53","date_gmt":"2019-11-28T14:47:53","guid":{"rendered":"https:\/\/olu-limburg.de\/?page_id=21324"},"modified":"2019-12-15T16:57:46","modified_gmt":"2019-12-15T15:57:46","slug":"frankreichs-suedwesten-spaetsommer-2019-teil-5","status":"publish","type":"page","link":"https:\/\/olu-limburg.de\/?page_id=21324","title":{"rendered":"Frankreichs S\u00fcdwesten &#8211; Sp\u00e4tsommer 2019 Teil 5"},"content":{"rendered":"<p><a href=\"https:\/\/olu-limburg.de\/wp-content\/uploads\/2019\/11\/Schirmfoto-Frankreich-5.-Woche-2_LI.jpg\"><img loading=\"lazy\" decoding=\"async\" class=\"alignnone size-full wp-image-21326\" src=\"https:\/\/olu-limburg.de\/wp-content\/uploads\/2019\/11\/Schirmfoto-Frankreich-5.-Woche-2_LI.jpg\" alt=\"\" width=\"854\" height=\"544\" srcset=\"https:\/\/olu-limburg.de\/wp-content\/uploads\/2019\/11\/Schirmfoto-Frankreich-5.-Woche-2_LI.jpg 854w, https:\/\/olu-limburg.de\/wp-content\/uploads\/2019\/11\/Schirmfoto-Frankreich-5.-Woche-2_LI-300x191.jpg 300w, https:\/\/olu-limburg.de\/wp-content\/uploads\/2019\/11\/Schirmfoto-Frankreich-5.-Woche-2_LI-768x489.jpg 768w, https:\/\/olu-limburg.de\/wp-content\/uploads\/2019\/11\/Schirmfoto-Frankreich-5.-Woche-2_LI-624x397.jpg 624w\" sizes=\"auto, (max-width: 854px) 100vw, 854px\" \/><\/a><\/p>\n<p>&nbsp;<\/p>\n<p><strong>Montag, 30.09.2019<\/strong><\/p>\n<p>Um 08.45 Uhr f\u00e4hrt der B\u00e4cker auf den Platz und h\u00e4lt direkt hinter unserem Wohnmobil. Der Einkauf ist schnell erledigt. Der Stellplatz leert sich zusehends. Und da wir mit dem Nachbarn vor unserer Aufbaut\u00fcr nicht so zufrieden sind, nutzen wir die Gelegenheit und ziehen nach dem Fr\u00fchst\u00fcck auf einen Eckplatz um.<\/p>\n<p><a href=\"https:\/\/olu-limburg.de\/wp-content\/uploads\/2019\/12\/20190930_084255_ergebnis-scaled.jpg\"><img loading=\"lazy\" decoding=\"async\" class=\"size-full wp-image-21520 aligncenter\" src=\"https:\/\/olu-limburg.de\/wp-content\/uploads\/2019\/12\/20190930_084255_ergebnis-scaled.jpg\" alt=\"\" width=\"2560\" height=\"1920\" srcset=\"https:\/\/olu-limburg.de\/wp-content\/uploads\/2019\/12\/20190930_084255_ergebnis-scaled.jpg 2560w, https:\/\/olu-limburg.de\/wp-content\/uploads\/2019\/12\/20190930_084255_ergebnis-300x225.jpg 300w, https:\/\/olu-limburg.de\/wp-content\/uploads\/2019\/12\/20190930_084255_ergebnis-1024x768.jpg 1024w, https:\/\/olu-limburg.de\/wp-content\/uploads\/2019\/12\/20190930_084255_ergebnis-768x576.jpg 768w, https:\/\/olu-limburg.de\/wp-content\/uploads\/2019\/12\/20190930_084255_ergebnis-1536x1152.jpg 1536w, https:\/\/olu-limburg.de\/wp-content\/uploads\/2019\/12\/20190930_084255_ergebnis-2048x1536.jpg 2048w, https:\/\/olu-limburg.de\/wp-content\/uploads\/2019\/12\/20190930_084255_ergebnis-624x468.jpg 624w\" sizes=\"auto, (max-width: 2560px) 100vw, 2560px\" \/><\/a><\/p>\n<p>Drau\u00dfen ist es herrlich. Gerade das richtige Wetter um einen Spaziergang am Strand entlang in den Ort zu machen.<\/p>\n<p><a href=\"https:\/\/olu-limburg.de\/wp-content\/uploads\/2019\/12\/P1010303_ergebnis-scaled-e1575364038990.jpg\"><img loading=\"lazy\" decoding=\"async\" class=\"size-full wp-image-21531 aligncenter\" src=\"https:\/\/olu-limburg.de\/wp-content\/uploads\/2019\/12\/P1010303_ergebnis-scaled-e1575364038990.jpg\" alt=\"\" width=\"800\" height=\"600\" \/><\/a><\/p>\n<p><a href=\"https:\/\/olu-limburg.de\/wp-content\/uploads\/2019\/12\/DSC01256_ergebnis.jpg\"><img loading=\"lazy\" decoding=\"async\" class=\"size-full wp-image-21339 aligncenter\" src=\"https:\/\/olu-limburg.de\/wp-content\/uploads\/2019\/12\/DSC01256_ergebnis.jpg\" alt=\"\" width=\"800\" height=\"600\" srcset=\"https:\/\/olu-limburg.de\/wp-content\/uploads\/2019\/12\/DSC01256_ergebnis.jpg 800w, https:\/\/olu-limburg.de\/wp-content\/uploads\/2019\/12\/DSC01256_ergebnis-300x225.jpg 300w, https:\/\/olu-limburg.de\/wp-content\/uploads\/2019\/12\/DSC01256_ergebnis-768x576.jpg 768w, https:\/\/olu-limburg.de\/wp-content\/uploads\/2019\/12\/DSC01256_ergebnis-624x468.jpg 624w\" sizes=\"auto, (max-width: 800px) 100vw, 800px\" \/><\/a><\/p>\n<div id=\"attachment_21345\" style=\"width: 810px\" class=\"wp-caption aligncenter\"><a href=\"https:\/\/olu-limburg.de\/wp-content\/uploads\/2019\/12\/IMG_20190930_111511_ergebnis.jpg\"><img loading=\"lazy\" decoding=\"async\" aria-describedby=\"caption-attachment-21345\" class=\"size-full wp-image-21345\" src=\"https:\/\/olu-limburg.de\/wp-content\/uploads\/2019\/12\/IMG_20190930_111511_ergebnis.jpg\" alt=\"\" width=\"800\" height=\"600\" srcset=\"https:\/\/olu-limburg.de\/wp-content\/uploads\/2019\/12\/IMG_20190930_111511_ergebnis.jpg 800w, https:\/\/olu-limburg.de\/wp-content\/uploads\/2019\/12\/IMG_20190930_111511_ergebnis-300x225.jpg 300w, https:\/\/olu-limburg.de\/wp-content\/uploads\/2019\/12\/IMG_20190930_111511_ergebnis-768x576.jpg 768w, https:\/\/olu-limburg.de\/wp-content\/uploads\/2019\/12\/IMG_20190930_111511_ergebnis-624x468.jpg 624w\" sizes=\"auto, (max-width: 800px) 100vw, 800px\" \/><\/a><p id=\"caption-attachment-21345\" class=\"wp-caption-text\">sinnvolle Nutzung als Kunstobjekt<\/p><\/div>\n<p><a href=\"https:\/\/olu-limburg.de\/wp-content\/uploads\/2019\/12\/P1010312_ergebnis-scaled-e1575364051681.jpg\"><img loading=\"lazy\" decoding=\"async\" class=\"size-full wp-image-21532 aligncenter\" src=\"https:\/\/olu-limburg.de\/wp-content\/uploads\/2019\/12\/P1010312_ergebnis-scaled-e1575364051681.jpg\" alt=\"\" width=\"800\" height=\"600\" \/><\/a><\/p>\n<p>Bei den Bars bzw. Restaurants an der Promenade sind zahlreiche Aufr\u00e4umarbeiten zugange. Die Einen beseitigen die Wassersch\u00e4den vom Vorabend, als es so einen starken Wellengang gab und \u00fcberschwappte, und die Anderen schliessen bereits ihr Mobiliar f\u00fcr den Winterschlaf weg.<\/p>\n<p><a href=\"https:\/\/olu-limburg.de\/wp-content\/uploads\/2019\/12\/IMG_20190930_140025_ergebnis.jpg\"><img loading=\"lazy\" decoding=\"async\" class=\"size-full wp-image-21352 aligncenter\" src=\"https:\/\/olu-limburg.de\/wp-content\/uploads\/2019\/12\/IMG_20190930_140025_ergebnis.jpg\" alt=\"\" width=\"800\" height=\"600\" srcset=\"https:\/\/olu-limburg.de\/wp-content\/uploads\/2019\/12\/IMG_20190930_140025_ergebnis.jpg 800w, https:\/\/olu-limburg.de\/wp-content\/uploads\/2019\/12\/IMG_20190930_140025_ergebnis-300x225.jpg 300w, https:\/\/olu-limburg.de\/wp-content\/uploads\/2019\/12\/IMG_20190930_140025_ergebnis-768x576.jpg 768w, https:\/\/olu-limburg.de\/wp-content\/uploads\/2019\/12\/IMG_20190930_140025_ergebnis-624x468.jpg 624w\" sizes=\"auto, (max-width: 800px) 100vw, 800px\" \/><\/a><\/p>\n<p><a href=\"https:\/\/olu-limburg.de\/wp-content\/uploads\/2019\/12\/IMG_20190930_140505_ergebnis.jpg\"><img loading=\"lazy\" decoding=\"async\" class=\"size-full wp-image-21353 aligncenter\" src=\"https:\/\/olu-limburg.de\/wp-content\/uploads\/2019\/12\/IMG_20190930_140505_ergebnis.jpg\" alt=\"\" width=\"800\" height=\"600\" srcset=\"https:\/\/olu-limburg.de\/wp-content\/uploads\/2019\/12\/IMG_20190930_140505_ergebnis.jpg 800w, https:\/\/olu-limburg.de\/wp-content\/uploads\/2019\/12\/IMG_20190930_140505_ergebnis-300x225.jpg 300w, https:\/\/olu-limburg.de\/wp-content\/uploads\/2019\/12\/IMG_20190930_140505_ergebnis-768x576.jpg 768w, https:\/\/olu-limburg.de\/wp-content\/uploads\/2019\/12\/IMG_20190930_140505_ergebnis-624x468.jpg 624w\" sizes=\"auto, (max-width: 800px) 100vw, 800px\" \/><\/a><\/p>\n<p>Die Jet\u00e9e (=Pier, wir haben wieder etwas gelernt) ist ganz gesperrt, wahrscheinlich wegen der mittlerweile maroden Balken.<\/p>\n<p><a href=\"https:\/\/olu-limburg.de\/wp-content\/uploads\/2019\/12\/P1010322_ergebnis-scaled-e1575364064495.jpg\"><img loading=\"lazy\" decoding=\"async\" class=\"size-full wp-image-21533 aligncenter\" src=\"https:\/\/olu-limburg.de\/wp-content\/uploads\/2019\/12\/P1010322_ergebnis-scaled-e1575364064495.jpg\" alt=\"\" width=\"800\" height=\"600\" \/><\/a><\/p>\n<div id=\"attachment_21341\" style=\"width: 460px\" class=\"wp-caption aligncenter\"><a href=\"https:\/\/olu-limburg.de\/wp-content\/uploads\/2019\/12\/DSC01267_ergebnis-e1575296995645.jpg\"><img loading=\"lazy\" decoding=\"async\" aria-describedby=\"caption-attachment-21341\" class=\"size-full wp-image-21341\" src=\"https:\/\/olu-limburg.de\/wp-content\/uploads\/2019\/12\/DSC01267_ergebnis-e1575296995645.jpg\" alt=\"\" width=\"450\" height=\"600\" \/><\/a><p id=\"caption-attachment-21341\" class=\"wp-caption-text\">die Unterwelt des Piers<\/p><\/div>\n<p><a href=\"https:\/\/olu-limburg.de\/wp-content\/uploads\/2019\/12\/IMG_20190930_115507_ergebnis.jpg\"><img loading=\"lazy\" decoding=\"async\" class=\"size-full wp-image-21346 aligncenter\" src=\"https:\/\/olu-limburg.de\/wp-content\/uploads\/2019\/12\/IMG_20190930_115507_ergebnis.jpg\" alt=\"\" width=\"800\" height=\"600\" srcset=\"https:\/\/olu-limburg.de\/wp-content\/uploads\/2019\/12\/IMG_20190930_115507_ergebnis.jpg 800w, https:\/\/olu-limburg.de\/wp-content\/uploads\/2019\/12\/IMG_20190930_115507_ergebnis-300x225.jpg 300w, https:\/\/olu-limburg.de\/wp-content\/uploads\/2019\/12\/IMG_20190930_115507_ergebnis-768x576.jpg 768w, https:\/\/olu-limburg.de\/wp-content\/uploads\/2019\/12\/IMG_20190930_115507_ergebnis-624x468.jpg 624w\" sizes=\"auto, (max-width: 800px) 100vw, 800px\" \/><\/a><\/p>\n<p>Auf unserer Seite s\u00e4umen zahlreiche Restaurants die lange Hafeneinfahrt. F\u00fcr mich gibt es also auch nichts Naheliegenderes, als mit dem Studium der Speisekarten zu beginnen. Und wenn ich so studiere, bin ich doch auch ein Student, ein Student der Wirtschaftswissenschaft im wahrsten Sinne des Wortes, oder? Man spricht ja auch von grauer Theorie. Ich bin f\u00fcr die Praxis.<\/p>\n<p><a href=\"https:\/\/olu-limburg.de\/wp-content\/uploads\/2019\/12\/DSC01269_ergebnis.jpg\"><img loading=\"lazy\" decoding=\"async\" class=\"size-full wp-image-21343 aligncenter\" src=\"https:\/\/olu-limburg.de\/wp-content\/uploads\/2019\/12\/DSC01269_ergebnis.jpg\" alt=\"\" width=\"800\" height=\"600\" srcset=\"https:\/\/olu-limburg.de\/wp-content\/uploads\/2019\/12\/DSC01269_ergebnis.jpg 800w, https:\/\/olu-limburg.de\/wp-content\/uploads\/2019\/12\/DSC01269_ergebnis-300x225.jpg 300w, https:\/\/olu-limburg.de\/wp-content\/uploads\/2019\/12\/DSC01269_ergebnis-768x576.jpg 768w, https:\/\/olu-limburg.de\/wp-content\/uploads\/2019\/12\/DSC01269_ergebnis-624x468.jpg 624w\" sizes=\"auto, (max-width: 800px) 100vw, 800px\" \/><\/a><\/p>\n<p>Men\u00fc zu EUR 14,90<\/p>\n<p>Vorspeise:<\/p>\n<div id=\"attachment_21347\" style=\"width: 810px\" class=\"wp-caption aligncenter\"><a href=\"https:\/\/olu-limburg.de\/wp-content\/uploads\/2019\/12\/IMG_20190930_124341_ergebnis.jpg\"><img loading=\"lazy\" decoding=\"async\" aria-describedby=\"caption-attachment-21347\" class=\"size-full wp-image-21347\" src=\"https:\/\/olu-limburg.de\/wp-content\/uploads\/2019\/12\/IMG_20190930_124341_ergebnis.jpg\" alt=\"\" width=\"800\" height=\"600\" srcset=\"https:\/\/olu-limburg.de\/wp-content\/uploads\/2019\/12\/IMG_20190930_124341_ergebnis.jpg 800w, https:\/\/olu-limburg.de\/wp-content\/uploads\/2019\/12\/IMG_20190930_124341_ergebnis-300x225.jpg 300w, https:\/\/olu-limburg.de\/wp-content\/uploads\/2019\/12\/IMG_20190930_124341_ergebnis-768x576.jpg 768w, https:\/\/olu-limburg.de\/wp-content\/uploads\/2019\/12\/IMG_20190930_124341_ergebnis-624x468.jpg 624w\" sizes=\"auto, (max-width: 800px) 100vw, 800px\" \/><\/a><p id=\"caption-attachment-21347\" class=\"wp-caption-text\">Salade d&#8217;Anchois<\/p><\/div>\n<div id=\"attachment_21348\" style=\"width: 810px\" class=\"wp-caption aligncenter\"><a href=\"https:\/\/olu-limburg.de\/wp-content\/uploads\/2019\/12\/IMG_20190930_124358_ergebnis.jpg\"><img loading=\"lazy\" decoding=\"async\" aria-describedby=\"caption-attachment-21348\" class=\"size-full wp-image-21348\" src=\"https:\/\/olu-limburg.de\/wp-content\/uploads\/2019\/12\/IMG_20190930_124358_ergebnis.jpg\" alt=\"\" width=\"800\" height=\"600\" srcset=\"https:\/\/olu-limburg.de\/wp-content\/uploads\/2019\/12\/IMG_20190930_124358_ergebnis.jpg 800w, https:\/\/olu-limburg.de\/wp-content\/uploads\/2019\/12\/IMG_20190930_124358_ergebnis-300x225.jpg 300w, https:\/\/olu-limburg.de\/wp-content\/uploads\/2019\/12\/IMG_20190930_124358_ergebnis-768x576.jpg 768w, https:\/\/olu-limburg.de\/wp-content\/uploads\/2019\/12\/IMG_20190930_124358_ergebnis-624x468.jpg 624w\" sizes=\"auto, (max-width: 800px) 100vw, 800px\" \/><\/a><p id=\"caption-attachment-21348\" class=\"wp-caption-text\">Salade de Campagne (mit Leberpastete<\/p><\/div>\n<p>Hauptgericht:<\/p>\n<div id=\"attachment_21349\" style=\"width: 810px\" class=\"wp-caption aligncenter\"><a href=\"https:\/\/olu-limburg.de\/wp-content\/uploads\/2019\/12\/IMG_20190930_130521_ergebnis.jpg\"><img loading=\"lazy\" decoding=\"async\" aria-describedby=\"caption-attachment-21349\" class=\"size-full wp-image-21349\" src=\"https:\/\/olu-limburg.de\/wp-content\/uploads\/2019\/12\/IMG_20190930_130521_ergebnis.jpg\" alt=\"\" width=\"800\" height=\"600\" srcset=\"https:\/\/olu-limburg.de\/wp-content\/uploads\/2019\/12\/IMG_20190930_130521_ergebnis.jpg 800w, https:\/\/olu-limburg.de\/wp-content\/uploads\/2019\/12\/IMG_20190930_130521_ergebnis-300x225.jpg 300w, https:\/\/olu-limburg.de\/wp-content\/uploads\/2019\/12\/IMG_20190930_130521_ergebnis-768x576.jpg 768w, https:\/\/olu-limburg.de\/wp-content\/uploads\/2019\/12\/IMG_20190930_130521_ergebnis-624x468.jpg 624w\" sizes=\"auto, (max-width: 800px) 100vw, 800px\" \/><\/a><p id=\"caption-attachment-21349\" class=\"wp-caption-text\">Merluchon \u00e0 la Plancha (auf der Patte gegrillter Hechtdorsch oder Seehecht)<\/p><\/div>\n<p>Nachspeise:<\/p>\n<div id=\"attachment_21350\" style=\"width: 810px\" class=\"wp-caption aligncenter\"><a href=\"https:\/\/olu-limburg.de\/wp-content\/uploads\/2019\/12\/IMG_20190930_132557_ergebnis.jpg\"><img loading=\"lazy\" decoding=\"async\" aria-describedby=\"caption-attachment-21350\" class=\"size-full wp-image-21350\" src=\"https:\/\/olu-limburg.de\/wp-content\/uploads\/2019\/12\/IMG_20190930_132557_ergebnis.jpg\" alt=\"\" width=\"800\" height=\"600\" srcset=\"https:\/\/olu-limburg.de\/wp-content\/uploads\/2019\/12\/IMG_20190930_132557_ergebnis.jpg 800w, https:\/\/olu-limburg.de\/wp-content\/uploads\/2019\/12\/IMG_20190930_132557_ergebnis-300x225.jpg 300w, https:\/\/olu-limburg.de\/wp-content\/uploads\/2019\/12\/IMG_20190930_132557_ergebnis-768x576.jpg 768w, https:\/\/olu-limburg.de\/wp-content\/uploads\/2019\/12\/IMG_20190930_132557_ergebnis-624x468.jpg 624w\" sizes=\"auto, (max-width: 800px) 100vw, 800px\" \/><\/a><p id=\"caption-attachment-21350\" class=\"wp-caption-text\">Profiterole Glace vanille, Sauce chocolat<\/p><\/div>\n<p><a href=\"https:\/\/olu-limburg.de\/wp-content\/uploads\/2019\/12\/20190930_132548_ergebnis-scaled.jpg\"><img loading=\"lazy\" decoding=\"async\" class=\"size-full wp-image-21522 aligncenter\" src=\"https:\/\/olu-limburg.de\/wp-content\/uploads\/2019\/12\/20190930_132548_ergebnis-scaled.jpg\" alt=\"\" width=\"2560\" height=\"1920\" srcset=\"https:\/\/olu-limburg.de\/wp-content\/uploads\/2019\/12\/20190930_132548_ergebnis-scaled.jpg 2560w, https:\/\/olu-limburg.de\/wp-content\/uploads\/2019\/12\/20190930_132548_ergebnis-300x225.jpg 300w, https:\/\/olu-limburg.de\/wp-content\/uploads\/2019\/12\/20190930_132548_ergebnis-1024x768.jpg 1024w, https:\/\/olu-limburg.de\/wp-content\/uploads\/2019\/12\/20190930_132548_ergebnis-768x576.jpg 768w, https:\/\/olu-limburg.de\/wp-content\/uploads\/2019\/12\/20190930_132548_ergebnis-1536x1152.jpg 1536w, https:\/\/olu-limburg.de\/wp-content\/uploads\/2019\/12\/20190930_132548_ergebnis-2048x1536.jpg 2048w, https:\/\/olu-limburg.de\/wp-content\/uploads\/2019\/12\/20190930_132548_ergebnis-624x468.jpg 624w\" sizes=\"auto, (max-width: 2560px) 100vw, 2560px\" \/><\/a><\/p>\n<p>Wir haben keinen Bedarf noch weiter in den Ortskern zu gehen. So wird der R\u00fcckweg, wieder am Strand entlang, zum Verdauungsspaziergang.<\/p>\n<div id=\"attachment_21340\" style=\"width: 810px\" class=\"wp-caption aligncenter\"><a href=\"https:\/\/olu-limburg.de\/wp-content\/uploads\/2019\/12\/DSC01261_ergebnis.jpg\"><img loading=\"lazy\" decoding=\"async\" aria-describedby=\"caption-attachment-21340\" class=\"size-full wp-image-21340\" src=\"https:\/\/olu-limburg.de\/wp-content\/uploads\/2019\/12\/DSC01261_ergebnis.jpg\" alt=\"\" width=\"800\" height=\"600\" srcset=\"https:\/\/olu-limburg.de\/wp-content\/uploads\/2019\/12\/DSC01261_ergebnis.jpg 800w, https:\/\/olu-limburg.de\/wp-content\/uploads\/2019\/12\/DSC01261_ergebnis-300x225.jpg 300w, https:\/\/olu-limburg.de\/wp-content\/uploads\/2019\/12\/DSC01261_ergebnis-768x576.jpg 768w, https:\/\/olu-limburg.de\/wp-content\/uploads\/2019\/12\/DSC01261_ergebnis-624x468.jpg 624w\" sizes=\"auto, (max-width: 800px) 100vw, 800px\" \/><\/a><p id=\"caption-attachment-21340\" class=\"wp-caption-text\">Blick zur\u00fcck<\/p><\/div>\n<p>Den Rest des Tages betrachten wir als lange Siesta. Beim abendlichen Rundgang der Kassiererin werden nur noch 10.00 EUR f\u00fcr die \u00dcbernachtung genommen, da wir morgen schon &#8222;im Oktober aufwachen&#8220; und damit die Preisreduzierung greift.<\/p>\n<p><a href=\"https:\/\/olu-limburg.de\/wp-content\/uploads\/2019\/12\/DSC01270_ergebnis.jpg\"><img loading=\"lazy\" decoding=\"async\" class=\"size-full wp-image-21344 aligncenter\" src=\"https:\/\/olu-limburg.de\/wp-content\/uploads\/2019\/12\/DSC01270_ergebnis.jpg\" alt=\"\" width=\"800\" height=\"600\" srcset=\"https:\/\/olu-limburg.de\/wp-content\/uploads\/2019\/12\/DSC01270_ergebnis.jpg 800w, https:\/\/olu-limburg.de\/wp-content\/uploads\/2019\/12\/DSC01270_ergebnis-300x225.jpg 300w, https:\/\/olu-limburg.de\/wp-content\/uploads\/2019\/12\/DSC01270_ergebnis-768x576.jpg 768w, https:\/\/olu-limburg.de\/wp-content\/uploads\/2019\/12\/DSC01270_ergebnis-624x468.jpg 624w\" sizes=\"auto, (max-width: 800px) 100vw, 800px\" \/><\/a><\/p>\n<p>Tagesstrecke: 0 km<\/p>\n<p>&nbsp;<\/p>\n<p><strong>Dienstag, 01.10.2019<\/strong><\/p>\n<p>Der B\u00e4cker kommt auch heute wieder p\u00fcnktlich auf den Platz.<\/p>\n<p><a href=\"https:\/\/olu-limburg.de\/wp-content\/uploads\/2019\/12\/IMG_20191001_084747_ergebnis.jpg\"><img loading=\"lazy\" decoding=\"async\" class=\"size-full wp-image-21356 aligncenter\" src=\"https:\/\/olu-limburg.de\/wp-content\/uploads\/2019\/12\/IMG_20191001_084747_ergebnis.jpg\" alt=\"\" width=\"800\" height=\"600\" srcset=\"https:\/\/olu-limburg.de\/wp-content\/uploads\/2019\/12\/IMG_20191001_084747_ergebnis.jpg 800w, https:\/\/olu-limburg.de\/wp-content\/uploads\/2019\/12\/IMG_20191001_084747_ergebnis-300x225.jpg 300w, https:\/\/olu-limburg.de\/wp-content\/uploads\/2019\/12\/IMG_20191001_084747_ergebnis-768x576.jpg 768w, https:\/\/olu-limburg.de\/wp-content\/uploads\/2019\/12\/IMG_20191001_084747_ergebnis-624x468.jpg 624w\" sizes=\"auto, (max-width: 800px) 100vw, 800px\" \/><\/a><\/p>\n<p>Nach dem Fr\u00fchst\u00fcck gehen wir zum Abschied noch einmal hoch auf die D\u00fcne und schauen Paraglidern bei ihren Flug\u00fcbungen zu.<\/p>\n<p><a href=\"https:\/\/olu-limburg.de\/wp-content\/uploads\/2019\/12\/IMG_20191001_100039_ergebnis.jpg\"><img loading=\"lazy\" decoding=\"async\" class=\"size-full wp-image-21357 aligncenter\" src=\"https:\/\/olu-limburg.de\/wp-content\/uploads\/2019\/12\/IMG_20191001_100039_ergebnis.jpg\" alt=\"\" width=\"800\" height=\"600\" srcset=\"https:\/\/olu-limburg.de\/wp-content\/uploads\/2019\/12\/IMG_20191001_100039_ergebnis.jpg 800w, https:\/\/olu-limburg.de\/wp-content\/uploads\/2019\/12\/IMG_20191001_100039_ergebnis-300x225.jpg 300w, https:\/\/olu-limburg.de\/wp-content\/uploads\/2019\/12\/IMG_20191001_100039_ergebnis-768x576.jpg 768w, https:\/\/olu-limburg.de\/wp-content\/uploads\/2019\/12\/IMG_20191001_100039_ergebnis-624x468.jpg 624w\" sizes=\"auto, (max-width: 800px) 100vw, 800px\" \/><\/a><\/p>\n<p><a href=\"https:\/\/olu-limburg.de\/wp-content\/uploads\/2019\/12\/DSC01276_ergebnis.jpg\"><img loading=\"lazy\" decoding=\"async\" class=\"size-full wp-image-21355 aligncenter\" src=\"https:\/\/olu-limburg.de\/wp-content\/uploads\/2019\/12\/DSC01276_ergebnis.jpg\" alt=\"\" width=\"800\" height=\"600\" srcset=\"https:\/\/olu-limburg.de\/wp-content\/uploads\/2019\/12\/DSC01276_ergebnis.jpg 800w, https:\/\/olu-limburg.de\/wp-content\/uploads\/2019\/12\/DSC01276_ergebnis-300x225.jpg 300w, https:\/\/olu-limburg.de\/wp-content\/uploads\/2019\/12\/DSC01276_ergebnis-768x576.jpg 768w, https:\/\/olu-limburg.de\/wp-content\/uploads\/2019\/12\/DSC01276_ergebnis-624x468.jpg 624w\" sizes=\"auto, (max-width: 800px) 100vw, 800px\" \/><\/a><\/p>\n<p><a href=\"https:\/\/olu-limburg.de\/wp-content\/uploads\/2019\/12\/P1010330_ergebnis-scaled-e1575364075903.jpg\"><img loading=\"lazy\" decoding=\"async\" class=\"size-full wp-image-21534 aligncenter\" src=\"https:\/\/olu-limburg.de\/wp-content\/uploads\/2019\/12\/P1010330_ergebnis-scaled-e1575364075903.jpg\" alt=\"\" width=\"800\" height=\"600\" \/><\/a><\/p>\n<p><a href=\"https:\/\/olu-limburg.de\/wp-content\/uploads\/2019\/12\/IMG_20191001_102919_ergebnis.jpg\"><img loading=\"lazy\" decoding=\"async\" class=\"size-full wp-image-21358 aligncenter\" src=\"https:\/\/olu-limburg.de\/wp-content\/uploads\/2019\/12\/IMG_20191001_102919_ergebnis.jpg\" alt=\"\" width=\"800\" height=\"600\" srcset=\"https:\/\/olu-limburg.de\/wp-content\/uploads\/2019\/12\/IMG_20191001_102919_ergebnis.jpg 800w, https:\/\/olu-limburg.de\/wp-content\/uploads\/2019\/12\/IMG_20191001_102919_ergebnis-300x225.jpg 300w, https:\/\/olu-limburg.de\/wp-content\/uploads\/2019\/12\/IMG_20191001_102919_ergebnis-768x576.jpg 768w, https:\/\/olu-limburg.de\/wp-content\/uploads\/2019\/12\/IMG_20191001_102919_ergebnis-624x468.jpg 624w\" sizes=\"auto, (max-width: 800px) 100vw, 800px\" \/><\/a><\/p>\n<p>Heute stehen einige \u00dcberlegungen f\u00fcr unsere Weiterfahrt auf der Tagesordnung. In 14 Tagen wollen wir wieder Zuhause sein. Eine Runde durch Nordspanien, oder wenigstens durch das Baskenland, macht keinen Sinn mehr. Wir wollen ja zu keiner Zeit irgendwo in zeitlichen Stress geraten. Aber wenigstens nach Hondarribia fahren, und abends eine Tour durch die Tapas-Bars machen, w\u00e4re schon sch\u00f6n.<\/p>\n<p>Also los geht&#8217;s. In Ondres, dort gibt es sonntags einen tollen Markt, biegen wir von der Hauptstra\u00dfe ab in Richtung Ondres-Plage, wo wir uns den Wohnmobil-Stellplatz anschauen wollen. Die Wegstrecke zieht sich und dementsprechend weit entfernt ist der Stellplatz vom Ort selbst. Ondres-Plage sind ein paar Ferienh\u00e4user und ein paar Restaurants, die um diese Jahreszeit alle im Winterschlaf sind. F\u00fcr uns also vollkommen uninteressant.<\/p>\n<p><a href=\"https:\/\/olu-limburg.de\/wp-content\/uploads\/2019\/12\/IMG_20191001_114522_ergebnis.jpg\"><img loading=\"lazy\" decoding=\"async\" class=\"size-full wp-image-21359 aligncenter\" src=\"https:\/\/olu-limburg.de\/wp-content\/uploads\/2019\/12\/IMG_20191001_114522_ergebnis.jpg\" alt=\"\" width=\"800\" height=\"600\" srcset=\"https:\/\/olu-limburg.de\/wp-content\/uploads\/2019\/12\/IMG_20191001_114522_ergebnis.jpg 800w, https:\/\/olu-limburg.de\/wp-content\/uploads\/2019\/12\/IMG_20191001_114522_ergebnis-300x225.jpg 300w, https:\/\/olu-limburg.de\/wp-content\/uploads\/2019\/12\/IMG_20191001_114522_ergebnis-768x576.jpg 768w, https:\/\/olu-limburg.de\/wp-content\/uploads\/2019\/12\/IMG_20191001_114522_ergebnis-624x468.jpg 624w\" sizes=\"auto, (max-width: 800px) 100vw, 800px\" \/><\/a><\/p>\n<p>Weiter geht es ziemlich fl\u00fcssig durch Bayonne und um Biarritz herum. Das wir danach die Grenze in Hendaye passieren, merken wir nur an der besonderen H\u00e4ufung von Gesch\u00e4ften mit Spirituosen und sonstigen Reisemitbringseln.<\/p>\n<p>Wir wollen in Hondarribia auf den Strandparkplatz vom Parking Hondartza. Dort haben wir bei unserem letzten Besuch zusammen mit anderen Wohnmobilisten sehr sch\u00f6n gestanden. Mittlerweile ist dieser Platz, und auch einige Parkstreifen in der Umgebung, aber f\u00fcr Fahrzeuge unserer H\u00f6he gesperrt, auch wenn es keine Balken gibt. Wir respektieren dies, und finden nach feinf\u00fchliger Suche einen sch\u00f6nen \u00dcbernachtungsplatz f\u00fcr uns.<\/p>\n<p><a href=\"https:\/\/olu-limburg.de\/wp-content\/uploads\/2019\/12\/IMG_20191001_153258_ergebnis.jpg\"><img loading=\"lazy\" decoding=\"async\" class=\"size-full wp-image-21360 aligncenter\" src=\"https:\/\/olu-limburg.de\/wp-content\/uploads\/2019\/12\/IMG_20191001_153258_ergebnis.jpg\" alt=\"\" width=\"800\" height=\"600\" srcset=\"https:\/\/olu-limburg.de\/wp-content\/uploads\/2019\/12\/IMG_20191001_153258_ergebnis.jpg 800w, https:\/\/olu-limburg.de\/wp-content\/uploads\/2019\/12\/IMG_20191001_153258_ergebnis-300x225.jpg 300w, https:\/\/olu-limburg.de\/wp-content\/uploads\/2019\/12\/IMG_20191001_153258_ergebnis-768x576.jpg 768w, https:\/\/olu-limburg.de\/wp-content\/uploads\/2019\/12\/IMG_20191001_153258_ergebnis-624x468.jpg 624w\" sizes=\"auto, (max-width: 800px) 100vw, 800px\" \/><\/a><\/p>\n<p>Jetzt k\u00f6nnen wir einen sch\u00f6nen Spaziergang durch die Altstadt Hondarribias machen. Bei unserem Auf und Ab gelangen wir auf die andere Seite der Altstadt, wo wir erstmals die Ausma\u00dfe der riesigen Befestung landeinw\u00e4rts sehen.<\/p>\n<div id=\"attachment_21361\" style=\"width: 810px\" class=\"wp-caption aligncenter\"><a href=\"https:\/\/olu-limburg.de\/wp-content\/uploads\/2019\/12\/P1030441_ergebnis.jpg\"><img loading=\"lazy\" decoding=\"async\" aria-describedby=\"caption-attachment-21361\" class=\"wp-image-21361 size-full\" src=\"https:\/\/olu-limburg.de\/wp-content\/uploads\/2019\/12\/P1030441_ergebnis.jpg\" alt=\"\" width=\"800\" height=\"600\" srcset=\"https:\/\/olu-limburg.de\/wp-content\/uploads\/2019\/12\/P1030441_ergebnis.jpg 800w, https:\/\/olu-limburg.de\/wp-content\/uploads\/2019\/12\/P1030441_ergebnis-300x225.jpg 300w, https:\/\/olu-limburg.de\/wp-content\/uploads\/2019\/12\/P1030441_ergebnis-768x576.jpg 768w, https:\/\/olu-limburg.de\/wp-content\/uploads\/2019\/12\/P1030441_ergebnis-624x468.jpg 624w\" sizes=\"auto, (max-width: 800px) 100vw, 800px\" \/><\/a><p id=\"caption-attachment-21361\" class=\"wp-caption-text\">Blick auf Hendaye<\/p><\/div>\n<div id=\"attachment_21363\" style=\"width: 810px\" class=\"wp-caption aligncenter\"><a href=\"https:\/\/olu-limburg.de\/wp-content\/uploads\/2019\/12\/IMG_20191001_181305_ergebnis.jpg\"><img loading=\"lazy\" decoding=\"async\" aria-describedby=\"caption-attachment-21363\" class=\"size-full wp-image-21363\" src=\"https:\/\/olu-limburg.de\/wp-content\/uploads\/2019\/12\/IMG_20191001_181305_ergebnis.jpg\" alt=\"\" width=\"800\" height=\"600\" srcset=\"https:\/\/olu-limburg.de\/wp-content\/uploads\/2019\/12\/IMG_20191001_181305_ergebnis.jpg 800w, https:\/\/olu-limburg.de\/wp-content\/uploads\/2019\/12\/IMG_20191001_181305_ergebnis-300x225.jpg 300w, https:\/\/olu-limburg.de\/wp-content\/uploads\/2019\/12\/IMG_20191001_181305_ergebnis-768x576.jpg 768w, https:\/\/olu-limburg.de\/wp-content\/uploads\/2019\/12\/IMG_20191001_181305_ergebnis-624x468.jpg 624w\" sizes=\"auto, (max-width: 800px) 100vw, 800px\" \/><\/a><p id=\"caption-attachment-21363\" class=\"wp-caption-text\">buntes baskisches Fachwerk<\/p><\/div>\n<p><a href=\"https:\/\/olu-limburg.de\/wp-content\/uploads\/2019\/12\/P1030452_ergebnis.jpg\"><img loading=\"lazy\" decoding=\"async\" class=\"size-full wp-image-21365 aligncenter\" src=\"https:\/\/olu-limburg.de\/wp-content\/uploads\/2019\/12\/P1030452_ergebnis.jpg\" alt=\"\" width=\"800\" height=\"600\" srcset=\"https:\/\/olu-limburg.de\/wp-content\/uploads\/2019\/12\/P1030452_ergebnis.jpg 800w, https:\/\/olu-limburg.de\/wp-content\/uploads\/2019\/12\/P1030452_ergebnis-300x225.jpg 300w, https:\/\/olu-limburg.de\/wp-content\/uploads\/2019\/12\/P1030452_ergebnis-768x576.jpg 768w, https:\/\/olu-limburg.de\/wp-content\/uploads\/2019\/12\/P1030452_ergebnis-624x468.jpg 624w\" sizes=\"auto, (max-width: 800px) 100vw, 800px\" \/><\/a><\/p>\n<p><a href=\"https:\/\/olu-limburg.de\/wp-content\/uploads\/2019\/12\/P1030450_ergebnis.jpg\"><img loading=\"lazy\" decoding=\"async\" class=\"size-full wp-image-21364 aligncenter\" src=\"https:\/\/olu-limburg.de\/wp-content\/uploads\/2019\/12\/P1030450_ergebnis.jpg\" alt=\"\" width=\"800\" height=\"600\" srcset=\"https:\/\/olu-limburg.de\/wp-content\/uploads\/2019\/12\/P1030450_ergebnis.jpg 800w, https:\/\/olu-limburg.de\/wp-content\/uploads\/2019\/12\/P1030450_ergebnis-300x225.jpg 300w, https:\/\/olu-limburg.de\/wp-content\/uploads\/2019\/12\/P1030450_ergebnis-768x576.jpg 768w, https:\/\/olu-limburg.de\/wp-content\/uploads\/2019\/12\/P1030450_ergebnis-624x468.jpg 624w\" sizes=\"auto, (max-width: 800px) 100vw, 800px\" \/><\/a><\/p>\n<div id=\"attachment_21366\" style=\"width: 460px\" class=\"wp-caption aligncenter\"><a href=\"https:\/\/olu-limburg.de\/wp-content\/uploads\/2019\/12\/P1030456_ergebnis-e1575299171467.jpg\"><img loading=\"lazy\" decoding=\"async\" aria-describedby=\"caption-attachment-21366\" class=\"size-full wp-image-21366\" src=\"https:\/\/olu-limburg.de\/wp-content\/uploads\/2019\/12\/P1030456_ergebnis-e1575299171467.jpg\" alt=\"\" width=\"450\" height=\"600\" \/><\/a><p id=\"caption-attachment-21366\" class=\"wp-caption-text\">Aufstieg in die Altstadt<\/p><\/div>\n<p><a href=\"https:\/\/olu-limburg.de\/wp-content\/uploads\/2019\/12\/P1030461_ergebnis.jpg\"><img loading=\"lazy\" decoding=\"async\" class=\"size-full wp-image-21367 aligncenter\" src=\"https:\/\/olu-limburg.de\/wp-content\/uploads\/2019\/12\/P1030461_ergebnis.jpg\" alt=\"\" width=\"800\" height=\"600\" srcset=\"https:\/\/olu-limburg.de\/wp-content\/uploads\/2019\/12\/P1030461_ergebnis.jpg 800w, https:\/\/olu-limburg.de\/wp-content\/uploads\/2019\/12\/P1030461_ergebnis-300x225.jpg 300w, https:\/\/olu-limburg.de\/wp-content\/uploads\/2019\/12\/P1030461_ergebnis-768x576.jpg 768w, https:\/\/olu-limburg.de\/wp-content\/uploads\/2019\/12\/P1030461_ergebnis-624x468.jpg 624w\" sizes=\"auto, (max-width: 800px) 100vw, 800px\" \/><\/a><\/p>\n<div id=\"attachment_21370\" style=\"width: 810px\" class=\"wp-caption aligncenter\"><a href=\"https:\/\/olu-limburg.de\/wp-content\/uploads\/2019\/12\/P1030465_ergebnis.jpg\"><img loading=\"lazy\" decoding=\"async\" aria-describedby=\"caption-attachment-21370\" class=\"size-full wp-image-21370\" src=\"https:\/\/olu-limburg.de\/wp-content\/uploads\/2019\/12\/P1030465_ergebnis.jpg\" alt=\"\" width=\"800\" height=\"600\" srcset=\"https:\/\/olu-limburg.de\/wp-content\/uploads\/2019\/12\/P1030465_ergebnis.jpg 800w, https:\/\/olu-limburg.de\/wp-content\/uploads\/2019\/12\/P1030465_ergebnis-300x225.jpg 300w, https:\/\/olu-limburg.de\/wp-content\/uploads\/2019\/12\/P1030465_ergebnis-768x576.jpg 768w, https:\/\/olu-limburg.de\/wp-content\/uploads\/2019\/12\/P1030465_ergebnis-624x468.jpg 624w\" sizes=\"auto, (max-width: 800px) 100vw, 800px\" \/><\/a><p id=\"caption-attachment-21370\" class=\"wp-caption-text\">das alte Schlo\u00df ist jetzt das &#8222;Parador de Hondarribia&#8220;<\/p><\/div>\n<p><a href=\"https:\/\/olu-limburg.de\/wp-content\/uploads\/2019\/12\/P1030466_ergebnis.jpg\"><img loading=\"lazy\" decoding=\"async\" class=\"size-full wp-image-21371 aligncenter\" src=\"https:\/\/olu-limburg.de\/wp-content\/uploads\/2019\/12\/P1030466_ergebnis.jpg\" alt=\"\" width=\"800\" height=\"600\" srcset=\"https:\/\/olu-limburg.de\/wp-content\/uploads\/2019\/12\/P1030466_ergebnis.jpg 800w, https:\/\/olu-limburg.de\/wp-content\/uploads\/2019\/12\/P1030466_ergebnis-300x225.jpg 300w, https:\/\/olu-limburg.de\/wp-content\/uploads\/2019\/12\/P1030466_ergebnis-768x576.jpg 768w, https:\/\/olu-limburg.de\/wp-content\/uploads\/2019\/12\/P1030466_ergebnis-624x468.jpg 624w\" sizes=\"auto, (max-width: 800px) 100vw, 800px\" \/><\/a><\/p>\n<p><a href=\"https:\/\/olu-limburg.de\/wp-content\/uploads\/2019\/12\/P1030463_ergebnis.jpg\"><img loading=\"lazy\" decoding=\"async\" class=\"size-full wp-image-21368 aligncenter\" src=\"https:\/\/olu-limburg.de\/wp-content\/uploads\/2019\/12\/P1030463_ergebnis.jpg\" alt=\"\" width=\"800\" height=\"600\" srcset=\"https:\/\/olu-limburg.de\/wp-content\/uploads\/2019\/12\/P1030463_ergebnis.jpg 800w, https:\/\/olu-limburg.de\/wp-content\/uploads\/2019\/12\/P1030463_ergebnis-300x225.jpg 300w, https:\/\/olu-limburg.de\/wp-content\/uploads\/2019\/12\/P1030463_ergebnis-768x576.jpg 768w, https:\/\/olu-limburg.de\/wp-content\/uploads\/2019\/12\/P1030463_ergebnis-624x468.jpg 624w\" sizes=\"auto, (max-width: 800px) 100vw, 800px\" \/><\/a><\/p>\n<p><a href=\"https:\/\/olu-limburg.de\/wp-content\/uploads\/2019\/12\/P1030471_ergebnis-e1575299307206.jpg\"><img loading=\"lazy\" decoding=\"async\" class=\"size-full wp-image-21372 aligncenter\" src=\"https:\/\/olu-limburg.de\/wp-content\/uploads\/2019\/12\/P1030471_ergebnis-e1575299307206.jpg\" alt=\"\" width=\"450\" height=\"600\" \/><\/a><\/p>\n<div id=\"attachment_21369\" style=\"width: 810px\" class=\"wp-caption aligncenter\"><a href=\"https:\/\/olu-limburg.de\/wp-content\/uploads\/2019\/12\/P1030464_ergebnis.jpg\"><img loading=\"lazy\" decoding=\"async\" aria-describedby=\"caption-attachment-21369\" class=\"size-full wp-image-21369\" src=\"https:\/\/olu-limburg.de\/wp-content\/uploads\/2019\/12\/P1030464_ergebnis.jpg\" alt=\"\" width=\"800\" height=\"600\" srcset=\"https:\/\/olu-limburg.de\/wp-content\/uploads\/2019\/12\/P1030464_ergebnis.jpg 800w, https:\/\/olu-limburg.de\/wp-content\/uploads\/2019\/12\/P1030464_ergebnis-300x225.jpg 300w, https:\/\/olu-limburg.de\/wp-content\/uploads\/2019\/12\/P1030464_ergebnis-768x576.jpg 768w, https:\/\/olu-limburg.de\/wp-content\/uploads\/2019\/12\/P1030464_ergebnis-624x468.jpg 624w\" sizes=\"auto, (max-width: 800px) 100vw, 800px\" \/><\/a><p id=\"caption-attachment-21369\" class=\"wp-caption-text\">Touristen-Kitsch<\/p><\/div>\n<p><a href=\"https:\/\/olu-limburg.de\/wp-content\/uploads\/2019\/12\/P1030472_ergebnis-e1575299390455.jpg\"><img loading=\"lazy\" decoding=\"async\" class=\"size-full wp-image-21373 alignleft\" src=\"https:\/\/olu-limburg.de\/wp-content\/uploads\/2019\/12\/P1030472_ergebnis-e1575299390455.jpg\" alt=\"\" width=\"450\" height=\"600\" \/><\/a><\/p>\n<p><a href=\"https:\/\/olu-limburg.de\/wp-content\/uploads\/2019\/12\/P1030473_ergebnis-e1575299569712.jpg\"><img loading=\"lazy\" decoding=\"async\" class=\"size-full wp-image-21374 alignright\" src=\"https:\/\/olu-limburg.de\/wp-content\/uploads\/2019\/12\/P1030473_ergebnis-e1575299569712.jpg\" alt=\"\" width=\"450\" height=\"600\" \/><\/a><\/p>\n<p><a href=\"https:\/\/olu-limburg.de\/wp-content\/uploads\/2019\/12\/P1030481_ergebnis.jpg\"><img loading=\"lazy\" decoding=\"async\" class=\"size-full wp-image-21378 aligncenter\" src=\"https:\/\/olu-limburg.de\/wp-content\/uploads\/2019\/12\/P1030481_ergebnis.jpg\" alt=\"\" width=\"800\" height=\"600\" srcset=\"https:\/\/olu-limburg.de\/wp-content\/uploads\/2019\/12\/P1030481_ergebnis.jpg 800w, https:\/\/olu-limburg.de\/wp-content\/uploads\/2019\/12\/P1030481_ergebnis-300x225.jpg 300w, https:\/\/olu-limburg.de\/wp-content\/uploads\/2019\/12\/P1030481_ergebnis-768x576.jpg 768w, https:\/\/olu-limburg.de\/wp-content\/uploads\/2019\/12\/P1030481_ergebnis-624x468.jpg 624w\" sizes=\"auto, (max-width: 800px) 100vw, 800px\" \/><\/a><\/p>\n<p><a href=\"https:\/\/olu-limburg.de\/wp-content\/uploads\/2019\/12\/P1030476_ergebnis.jpg\"><img loading=\"lazy\" decoding=\"async\" class=\"size-full wp-image-21376 aligncenter\" src=\"https:\/\/olu-limburg.de\/wp-content\/uploads\/2019\/12\/P1030476_ergebnis.jpg\" alt=\"\" width=\"800\" height=\"600\" srcset=\"https:\/\/olu-limburg.de\/wp-content\/uploads\/2019\/12\/P1030476_ergebnis.jpg 800w, https:\/\/olu-limburg.de\/wp-content\/uploads\/2019\/12\/P1030476_ergebnis-300x225.jpg 300w, https:\/\/olu-limburg.de\/wp-content\/uploads\/2019\/12\/P1030476_ergebnis-768x576.jpg 768w, https:\/\/olu-limburg.de\/wp-content\/uploads\/2019\/12\/P1030476_ergebnis-624x468.jpg 624w\" sizes=\"auto, (max-width: 800px) 100vw, 800px\" \/><\/a><\/p>\n<p><a href=\"https:\/\/olu-limburg.de\/wp-content\/uploads\/2019\/12\/P1030474_ergebnis.jpg\"><img loading=\"lazy\" decoding=\"async\" class=\"size-full wp-image-21375 aligncenter\" src=\"https:\/\/olu-limburg.de\/wp-content\/uploads\/2019\/12\/P1030474_ergebnis.jpg\" alt=\"\" width=\"800\" height=\"600\" srcset=\"https:\/\/olu-limburg.de\/wp-content\/uploads\/2019\/12\/P1030474_ergebnis.jpg 800w, https:\/\/olu-limburg.de\/wp-content\/uploads\/2019\/12\/P1030474_ergebnis-300x225.jpg 300w, https:\/\/olu-limburg.de\/wp-content\/uploads\/2019\/12\/P1030474_ergebnis-768x576.jpg 768w, https:\/\/olu-limburg.de\/wp-content\/uploads\/2019\/12\/P1030474_ergebnis-624x468.jpg 624w\" sizes=\"auto, (max-width: 800px) 100vw, 800px\" \/><\/a><\/p>\n<p><a href=\"https:\/\/olu-limburg.de\/wp-content\/uploads\/2019\/12\/P1030477_ergebnis-e1575299628819.jpg\"><img loading=\"lazy\" decoding=\"async\" class=\"size-full wp-image-21377 aligncenter\" src=\"https:\/\/olu-limburg.de\/wp-content\/uploads\/2019\/12\/P1030477_ergebnis-e1575299628819.jpg\" alt=\"\" width=\"450\" height=\"600\" \/><\/a><\/p>\n<div id=\"attachment_21380\" style=\"width: 810px\" class=\"wp-caption aligncenter\"><a href=\"https:\/\/olu-limburg.de\/wp-content\/uploads\/2019\/12\/P1030484_ergebnis.jpg\"><img loading=\"lazy\" decoding=\"async\" aria-describedby=\"caption-attachment-21380\" class=\"wp-image-21380 size-full\" src=\"https:\/\/olu-limburg.de\/wp-content\/uploads\/2019\/12\/P1030484_ergebnis.jpg\" alt=\"\" width=\"800\" height=\"600\" srcset=\"https:\/\/olu-limburg.de\/wp-content\/uploads\/2019\/12\/P1030484_ergebnis.jpg 800w, https:\/\/olu-limburg.de\/wp-content\/uploads\/2019\/12\/P1030484_ergebnis-300x225.jpg 300w, https:\/\/olu-limburg.de\/wp-content\/uploads\/2019\/12\/P1030484_ergebnis-768x576.jpg 768w, https:\/\/olu-limburg.de\/wp-content\/uploads\/2019\/12\/P1030484_ergebnis-624x468.jpg 624w\" sizes=\"auto, (max-width: 800px) 100vw, 800px\" \/><\/a><p id=\"caption-attachment-21380\" class=\"wp-caption-text\">Santa Maria Atea (Tor zur Hl. Maria)<\/p><\/div>\n<div id=\"attachment_21379\" style=\"width: 460px\" class=\"wp-caption aligncenter\"><a href=\"https:\/\/olu-limburg.de\/wp-content\/uploads\/2019\/12\/P1030483_ergebnis-e1575299714678.jpg\"><img loading=\"lazy\" decoding=\"async\" aria-describedby=\"caption-attachment-21379\" class=\"wp-image-21379 size-full\" src=\"https:\/\/olu-limburg.de\/wp-content\/uploads\/2019\/12\/P1030483_ergebnis-e1575299714678.jpg\" alt=\"\" width=\"450\" height=\"600\" \/><\/a><p id=\"caption-attachment-21379\" class=\"wp-caption-text\">Feldscher (Handwerker zur Behandlung verwundeter Soldaten)<\/p><\/div>\n<p><a href=\"https:\/\/olu-limburg.de\/wp-content\/uploads\/2019\/12\/P1030487_ergebnis.jpg\"><img loading=\"lazy\" decoding=\"async\" class=\"size-full wp-image-21381 aligncenter\" src=\"https:\/\/olu-limburg.de\/wp-content\/uploads\/2019\/12\/P1030487_ergebnis.jpg\" alt=\"\" width=\"800\" height=\"600\" srcset=\"https:\/\/olu-limburg.de\/wp-content\/uploads\/2019\/12\/P1030487_ergebnis.jpg 800w, https:\/\/olu-limburg.de\/wp-content\/uploads\/2019\/12\/P1030487_ergebnis-300x225.jpg 300w, https:\/\/olu-limburg.de\/wp-content\/uploads\/2019\/12\/P1030487_ergebnis-768x576.jpg 768w, https:\/\/olu-limburg.de\/wp-content\/uploads\/2019\/12\/P1030487_ergebnis-624x468.jpg 624w\" sizes=\"auto, (max-width: 800px) 100vw, 800px\" \/><\/a><\/p>\n<p><a href=\"https:\/\/olu-limburg.de\/wp-content\/uploads\/2019\/12\/P1030491_ergebnis.jpg\"><img loading=\"lazy\" decoding=\"async\" class=\"size-full wp-image-21383 aligncenter\" src=\"https:\/\/olu-limburg.de\/wp-content\/uploads\/2019\/12\/P1030491_ergebnis.jpg\" alt=\"\" width=\"800\" height=\"600\" srcset=\"https:\/\/olu-limburg.de\/wp-content\/uploads\/2019\/12\/P1030491_ergebnis.jpg 800w, https:\/\/olu-limburg.de\/wp-content\/uploads\/2019\/12\/P1030491_ergebnis-300x225.jpg 300w, https:\/\/olu-limburg.de\/wp-content\/uploads\/2019\/12\/P1030491_ergebnis-768x576.jpg 768w, https:\/\/olu-limburg.de\/wp-content\/uploads\/2019\/12\/P1030491_ergebnis-624x468.jpg 624w\" sizes=\"auto, (max-width: 800px) 100vw, 800px\" \/><\/a><\/p>\n<p><a href=\"https:\/\/olu-limburg.de\/wp-content\/uploads\/2019\/12\/P1030490_ergebnis.jpg\"><img loading=\"lazy\" decoding=\"async\" class=\"size-full wp-image-21382 aligncenter\" src=\"https:\/\/olu-limburg.de\/wp-content\/uploads\/2019\/12\/P1030490_ergebnis.jpg\" alt=\"\" width=\"800\" height=\"600\" srcset=\"https:\/\/olu-limburg.de\/wp-content\/uploads\/2019\/12\/P1030490_ergebnis.jpg 800w, https:\/\/olu-limburg.de\/wp-content\/uploads\/2019\/12\/P1030490_ergebnis-300x225.jpg 300w, https:\/\/olu-limburg.de\/wp-content\/uploads\/2019\/12\/P1030490_ergebnis-768x576.jpg 768w, https:\/\/olu-limburg.de\/wp-content\/uploads\/2019\/12\/P1030490_ergebnis-624x468.jpg 624w\" sizes=\"auto, (max-width: 800px) 100vw, 800px\" \/><\/a><\/p>\n<p>Nun ist aber Zeit f\u00fcr den sch\u00f6nsten Teil des Tages. In der Fu\u00dfg\u00e4ngerzone befinden sich zahlreiche Tapas-Bars, die auch schon von den Einheimischen rege besucht werden. Es bieten sich viele kleine und urige Lokalit\u00e4ten an. Auf den Theken stehen vorbereitete Tapas, hier im Baskenland Pintxo, oder man bestellt sich frisch zubereitete Rationes (kleine Portionen eines Gerichtes). Dazu trinken wir gerne Vermouth oder Wein.<\/p>\n<p><a href=\"https:\/\/olu-limburg.de\/wp-content\/uploads\/2019\/12\/P1030501_ergebnis.jpg\"><img loading=\"lazy\" decoding=\"async\" class=\"size-full wp-image-21394 aligncenter\" src=\"https:\/\/olu-limburg.de\/wp-content\/uploads\/2019\/12\/P1030501_ergebnis.jpg\" alt=\"\" width=\"800\" height=\"600\" srcset=\"https:\/\/olu-limburg.de\/wp-content\/uploads\/2019\/12\/P1030501_ergebnis.jpg 800w, https:\/\/olu-limburg.de\/wp-content\/uploads\/2019\/12\/P1030501_ergebnis-300x225.jpg 300w, https:\/\/olu-limburg.de\/wp-content\/uploads\/2019\/12\/P1030501_ergebnis-768x576.jpg 768w, https:\/\/olu-limburg.de\/wp-content\/uploads\/2019\/12\/P1030501_ergebnis-624x468.jpg 624w\" sizes=\"auto, (max-width: 800px) 100vw, 800px\" \/><\/a><\/p>\n<div id=\"attachment_21395\" style=\"width: 810px\" class=\"wp-caption aligncenter\"><a href=\"https:\/\/olu-limburg.de\/wp-content\/uploads\/2019\/12\/P1030502_ergebnis.jpg\"><img loading=\"lazy\" decoding=\"async\" aria-describedby=\"caption-attachment-21395\" class=\"size-full wp-image-21395\" src=\"https:\/\/olu-limburg.de\/wp-content\/uploads\/2019\/12\/P1030502_ergebnis.jpg\" alt=\"\" width=\"800\" height=\"600\" srcset=\"https:\/\/olu-limburg.de\/wp-content\/uploads\/2019\/12\/P1030502_ergebnis.jpg 800w, https:\/\/olu-limburg.de\/wp-content\/uploads\/2019\/12\/P1030502_ergebnis-300x225.jpg 300w, https:\/\/olu-limburg.de\/wp-content\/uploads\/2019\/12\/P1030502_ergebnis-768x576.jpg 768w, https:\/\/olu-limburg.de\/wp-content\/uploads\/2019\/12\/P1030502_ergebnis-624x468.jpg 624w\" sizes=\"auto, (max-width: 800px) 100vw, 800px\" \/><\/a><p id=\"caption-attachment-21395\" class=\"wp-caption-text\">unverst\u00e4ndliche Stra\u00dfennahmen<\/p><\/div>\n<p><a href=\"https:\/\/olu-limburg.de\/wp-content\/uploads\/2019\/12\/P1030497_ergebnis.jpg\"><img loading=\"lazy\" decoding=\"async\" class=\"size-full wp-image-21392 aligncenter\" src=\"https:\/\/olu-limburg.de\/wp-content\/uploads\/2019\/12\/P1030497_ergebnis.jpg\" alt=\"\" width=\"800\" height=\"600\" srcset=\"https:\/\/olu-limburg.de\/wp-content\/uploads\/2019\/12\/P1030497_ergebnis.jpg 800w, https:\/\/olu-limburg.de\/wp-content\/uploads\/2019\/12\/P1030497_ergebnis-300x225.jpg 300w, https:\/\/olu-limburg.de\/wp-content\/uploads\/2019\/12\/P1030497_ergebnis-768x576.jpg 768w, https:\/\/olu-limburg.de\/wp-content\/uploads\/2019\/12\/P1030497_ergebnis-624x468.jpg 624w\" sizes=\"auto, (max-width: 800px) 100vw, 800px\" \/><\/a><\/p>\n<p><a href=\"https:\/\/olu-limburg.de\/wp-content\/uploads\/2019\/12\/IMG_20191001_193134_ergebnis.jpg\"><img loading=\"lazy\" decoding=\"async\" class=\"size-full wp-image-21388 aligncenter\" src=\"https:\/\/olu-limburg.de\/wp-content\/uploads\/2019\/12\/IMG_20191001_193134_ergebnis.jpg\" alt=\"\" width=\"800\" height=\"600\" srcset=\"https:\/\/olu-limburg.de\/wp-content\/uploads\/2019\/12\/IMG_20191001_193134_ergebnis.jpg 800w, https:\/\/olu-limburg.de\/wp-content\/uploads\/2019\/12\/IMG_20191001_193134_ergebnis-300x225.jpg 300w, https:\/\/olu-limburg.de\/wp-content\/uploads\/2019\/12\/IMG_20191001_193134_ergebnis-768x576.jpg 768w, https:\/\/olu-limburg.de\/wp-content\/uploads\/2019\/12\/IMG_20191001_193134_ergebnis-624x468.jpg 624w\" sizes=\"auto, (max-width: 800px) 100vw, 800px\" \/><\/a><\/p>\n<p><a href=\"https:\/\/olu-limburg.de\/wp-content\/uploads\/2019\/12\/IMG_20191001_192150_ergebnis.jpg\"><img loading=\"lazy\" decoding=\"async\" class=\"size-full wp-image-21387 aligncenter\" src=\"https:\/\/olu-limburg.de\/wp-content\/uploads\/2019\/12\/IMG_20191001_192150_ergebnis.jpg\" alt=\"\" width=\"800\" height=\"600\" srcset=\"https:\/\/olu-limburg.de\/wp-content\/uploads\/2019\/12\/IMG_20191001_192150_ergebnis.jpg 800w, https:\/\/olu-limburg.de\/wp-content\/uploads\/2019\/12\/IMG_20191001_192150_ergebnis-300x225.jpg 300w, https:\/\/olu-limburg.de\/wp-content\/uploads\/2019\/12\/IMG_20191001_192150_ergebnis-768x576.jpg 768w, https:\/\/olu-limburg.de\/wp-content\/uploads\/2019\/12\/IMG_20191001_192150_ergebnis-624x468.jpg 624w\" sizes=\"auto, (max-width: 800px) 100vw, 800px\" \/><\/a><\/p>\n<div id=\"attachment_21386\" style=\"width: 810px\" class=\"wp-caption aligncenter\"><a href=\"https:\/\/olu-limburg.de\/wp-content\/uploads\/2019\/12\/IMG_20191001_191454_ergebnis.jpg\"><img loading=\"lazy\" decoding=\"async\" aria-describedby=\"caption-attachment-21386\" class=\"size-full wp-image-21386\" src=\"https:\/\/olu-limburg.de\/wp-content\/uploads\/2019\/12\/IMG_20191001_191454_ergebnis.jpg\" alt=\"\" width=\"800\" height=\"600\" srcset=\"https:\/\/olu-limburg.de\/wp-content\/uploads\/2019\/12\/IMG_20191001_191454_ergebnis.jpg 800w, https:\/\/olu-limburg.de\/wp-content\/uploads\/2019\/12\/IMG_20191001_191454_ergebnis-300x225.jpg 300w, https:\/\/olu-limburg.de\/wp-content\/uploads\/2019\/12\/IMG_20191001_191454_ergebnis-768x576.jpg 768w, https:\/\/olu-limburg.de\/wp-content\/uploads\/2019\/12\/IMG_20191001_191454_ergebnis-624x468.jpg 624w\" sizes=\"auto, (max-width: 800px) 100vw, 800px\" \/><\/a><p id=\"caption-attachment-21386\" class=\"wp-caption-text\">unser erster Streich<\/p><\/div>\n<div id=\"attachment_21385\" style=\"width: 810px\" class=\"wp-caption aligncenter\"><a href=\"https:\/\/olu-limburg.de\/wp-content\/uploads\/2019\/12\/IMG_20191001_191034_ergebnis.jpg\"><img loading=\"lazy\" decoding=\"async\" aria-describedby=\"caption-attachment-21385\" class=\"size-full wp-image-21385\" src=\"https:\/\/olu-limburg.de\/wp-content\/uploads\/2019\/12\/IMG_20191001_191034_ergebnis.jpg\" alt=\"\" width=\"800\" height=\"600\" srcset=\"https:\/\/olu-limburg.de\/wp-content\/uploads\/2019\/12\/IMG_20191001_191034_ergebnis.jpg 800w, https:\/\/olu-limburg.de\/wp-content\/uploads\/2019\/12\/IMG_20191001_191034_ergebnis-300x225.jpg 300w, https:\/\/olu-limburg.de\/wp-content\/uploads\/2019\/12\/IMG_20191001_191034_ergebnis-768x576.jpg 768w, https:\/\/olu-limburg.de\/wp-content\/uploads\/2019\/12\/IMG_20191001_191034_ergebnis-624x468.jpg 624w\" sizes=\"auto, (max-width: 800px) 100vw, 800px\" \/><\/a><p id=\"caption-attachment-21385\" class=\"wp-caption-text\">verlockende Auslagen<\/p><\/div>\n<div id=\"attachment_21390\" style=\"width: 460px\" class=\"wp-caption aligncenter\"><a href=\"https:\/\/olu-limburg.de\/wp-content\/uploads\/2019\/12\/IMG_20191001_202730_ergebnis-e1575300895726.jpg\"><img loading=\"lazy\" decoding=\"async\" aria-describedby=\"caption-attachment-21390\" class=\"wp-image-21390 size-full\" src=\"https:\/\/olu-limburg.de\/wp-content\/uploads\/2019\/12\/IMG_20191001_202730_ergebnis-e1575300895726.jpg\" alt=\"\" width=\"450\" height=\"600\" \/><\/a><p id=\"caption-attachment-21390\" class=\"wp-caption-text\">zweiter Streich<\/p><\/div>\n<p><a href=\"https:\/\/olu-limburg.de\/wp-content\/uploads\/2019\/12\/IMG_20191001_193602_ergebnis.jpg\"><img loading=\"lazy\" decoding=\"async\" class=\"size-full wp-image-21389 aligncenter\" src=\"https:\/\/olu-limburg.de\/wp-content\/uploads\/2019\/12\/IMG_20191001_193602_ergebnis.jpg\" alt=\"\" width=\"800\" height=\"600\" srcset=\"https:\/\/olu-limburg.de\/wp-content\/uploads\/2019\/12\/IMG_20191001_193602_ergebnis.jpg 800w, https:\/\/olu-limburg.de\/wp-content\/uploads\/2019\/12\/IMG_20191001_193602_ergebnis-300x225.jpg 300w, https:\/\/olu-limburg.de\/wp-content\/uploads\/2019\/12\/IMG_20191001_193602_ergebnis-768x576.jpg 768w, https:\/\/olu-limburg.de\/wp-content\/uploads\/2019\/12\/IMG_20191001_193602_ergebnis-624x468.jpg 624w\" sizes=\"auto, (max-width: 800px) 100vw, 800px\" \/><\/a><\/p>\n<div id=\"attachment_21523\" style=\"width: 810px\" class=\"wp-caption aligncenter\"><a href=\"https:\/\/olu-limburg.de\/wp-content\/uploads\/2019\/12\/20191001_194038_ergebnis-scaled-e1575362981519.jpg\"><img loading=\"lazy\" decoding=\"async\" aria-describedby=\"caption-attachment-21523\" class=\"size-full wp-image-21523\" src=\"https:\/\/olu-limburg.de\/wp-content\/uploads\/2019\/12\/20191001_194038_ergebnis-scaled-e1575362981519.jpg\" alt=\"\" width=\"800\" height=\"600\" \/><\/a><p id=\"caption-attachment-21523\" class=\"wp-caption-text\">dritter Streich mit warmen Tapas und Rationes<\/p><\/div>\n<p><a href=\"https:\/\/olu-limburg.de\/wp-content\/uploads\/2019\/12\/P1010384_ergebnis-scaled-e1575364302697.jpg\"><img loading=\"lazy\" decoding=\"async\" class=\"size-full wp-image-21535 aligncenter\" src=\"https:\/\/olu-limburg.de\/wp-content\/uploads\/2019\/12\/P1010384_ergebnis-scaled-e1575364302697.jpg\" alt=\"\" width=\"800\" height=\"600\" \/><\/a><\/p>\n<p>&nbsp;<\/p>\n<p><a href=\"https:\/\/olu-limburg.de\/wp-content\/uploads\/2019\/12\/P1010385_ergebnis-scaled-e1575364311683.jpg\"><img loading=\"lazy\" decoding=\"async\" class=\"size-full wp-image-21536 aligncenter\" src=\"https:\/\/olu-limburg.de\/wp-content\/uploads\/2019\/12\/P1010385_ergebnis-scaled-e1575364311683.jpg\" alt=\"\" width=\"800\" height=\"600\" \/><\/a><\/p>\n<p>Nach drei ganz unterschiedlichen Lokalit\u00e4ten und einem sch\u00f6nen Abend, den wir sogar bei einer Bar drau\u00dfen sitzend verbringen, beenden wir unsere Tapas-Tour.<\/p>\n<div id=\"attachment_21396\" style=\"width: 810px\" class=\"wp-caption aligncenter\"><a href=\"https:\/\/olu-limburg.de\/wp-content\/uploads\/2019\/12\/P1030503_ergebnis.jpg\"><img loading=\"lazy\" decoding=\"async\" aria-describedby=\"caption-attachment-21396\" class=\"wp-image-21396 size-full\" src=\"https:\/\/olu-limburg.de\/wp-content\/uploads\/2019\/12\/P1030503_ergebnis.jpg\" alt=\"\" width=\"800\" height=\"600\" srcset=\"https:\/\/olu-limburg.de\/wp-content\/uploads\/2019\/12\/P1030503_ergebnis.jpg 800w, https:\/\/olu-limburg.de\/wp-content\/uploads\/2019\/12\/P1030503_ergebnis-300x225.jpg 300w, https:\/\/olu-limburg.de\/wp-content\/uploads\/2019\/12\/P1030503_ergebnis-768x576.jpg 768w, https:\/\/olu-limburg.de\/wp-content\/uploads\/2019\/12\/P1030503_ergebnis-624x468.jpg 624w\" sizes=\"auto, (max-width: 800px) 100vw, 800px\" \/><\/a><p id=\"caption-attachment-21396\" class=\"wp-caption-text\">n\u00e4chtlicher Blick auf Hendaye<\/p><\/div>\n<p><a href=\"https:\/\/olu-limburg.de\/wp-content\/uploads\/2019\/12\/P1030504_ergebnis.jpg\"><img loading=\"lazy\" decoding=\"async\" class=\"size-full wp-image-21397 aligncenter\" src=\"https:\/\/olu-limburg.de\/wp-content\/uploads\/2019\/12\/P1030504_ergebnis.jpg\" alt=\"\" width=\"800\" height=\"600\" srcset=\"https:\/\/olu-limburg.de\/wp-content\/uploads\/2019\/12\/P1030504_ergebnis.jpg 800w, https:\/\/olu-limburg.de\/wp-content\/uploads\/2019\/12\/P1030504_ergebnis-300x225.jpg 300w, https:\/\/olu-limburg.de\/wp-content\/uploads\/2019\/12\/P1030504_ergebnis-768x576.jpg 768w, https:\/\/olu-limburg.de\/wp-content\/uploads\/2019\/12\/P1030504_ergebnis-624x468.jpg 624w\" sizes=\"auto, (max-width: 800px) 100vw, 800px\" \/><\/a><\/p>\n<p>Sp\u00e4ter in der Nacht f\u00e4ngt es an zu st\u00fcrmen und es sch\u00fcttet f\u00fcrcherlich. Wir stehen so, dass wir permanent von den B\u00f6en durchger\u00fcttelt werden. Ich parke kurzerhand um, und stelle das Wohnmobil mit dem Alkoven in den Wind.<\/p>\n<p>Tagesstrecke: 72 km<\/p>\n<p>&nbsp;<\/p>\n<p><strong>Mittwoch, 02.10.2019<\/strong><\/p>\n<p>Es regnet heute, und au\u00dferdem hat es merklich abgek\u00fchlt. Unser kurzer Besuch in Spanien ist zu Ende. Wir legen trotzdem an der Grenze einen Stopp ein. Auf dem Parkplatz werden die Wohnmobile extra auf einem separaten Platz eingewiesen, und haben dabei prompt die einzige billige Tankstelle verpasst. F\u00fcr uns steht ein besonderer Parkautomat zur Verf\u00fcgung. Doch fast jeder, egal welcher Nationalit\u00e4t, ben\u00f6tigt die besondere Hilfe der, trotz Regen, total freundlichen spanischen Parkw\u00e4chter, da manche Tasten, warum auch immer, doppelt gedr\u00fcckt werden m\u00fcssen. Wir bezahlen f\u00fcr zwei Stunden EUR 2,50.<\/p>\n<p>Jetzt k\u00f6nnen wir uns in Ruhe umsehen. Zahlreiche Gesch\u00e4fte, wie fr\u00fcher in Tax free-Bereichen, stehen dicht beieinander. Wir wollen spanischen Vermouth mitnehmen, und finden aber nur den absoluten Marktf\u00fchrer Martini, also italienischen Vermouth. Nee. wenn schon ein ausl\u00e4ndisches Produkt, dann darf es auch eine neue Flasche Pastis, ein Ricard, sein. Und ein Fino Jerez, ein Tio Pepe, landet auch noch neben einer w\u00fcrzigen Chorizo vom Iberico-Schwein im Einkaufskorb,<\/p>\n<p><a href=\"https:\/\/olu-limburg.de\/wp-content\/uploads\/2019\/12\/IMG_20191002_120116_ergebnis.jpg\"><img loading=\"lazy\" decoding=\"async\" class=\"size-full wp-image-21399 aligncenter\" src=\"https:\/\/olu-limburg.de\/wp-content\/uploads\/2019\/12\/IMG_20191002_120116_ergebnis.jpg\" alt=\"\" width=\"800\" height=\"600\" srcset=\"https:\/\/olu-limburg.de\/wp-content\/uploads\/2019\/12\/IMG_20191002_120116_ergebnis.jpg 800w, https:\/\/olu-limburg.de\/wp-content\/uploads\/2019\/12\/IMG_20191002_120116_ergebnis-300x225.jpg 300w, https:\/\/olu-limburg.de\/wp-content\/uploads\/2019\/12\/IMG_20191002_120116_ergebnis-768x576.jpg 768w, https:\/\/olu-limburg.de\/wp-content\/uploads\/2019\/12\/IMG_20191002_120116_ergebnis-624x468.jpg 624w\" sizes=\"auto, (max-width: 800px) 100vw, 800px\" \/><\/a><\/p>\n<p><a href=\"https:\/\/olu-limburg.de\/wp-content\/uploads\/2019\/12\/IMG_20191002_120657_ergebnis.jpg\"><img loading=\"lazy\" decoding=\"async\" class=\"size-full wp-image-21400 aligncenter\" src=\"https:\/\/olu-limburg.de\/wp-content\/uploads\/2019\/12\/IMG_20191002_120657_ergebnis.jpg\" alt=\"\" width=\"800\" height=\"600\" srcset=\"https:\/\/olu-limburg.de\/wp-content\/uploads\/2019\/12\/IMG_20191002_120657_ergebnis.jpg 800w, https:\/\/olu-limburg.de\/wp-content\/uploads\/2019\/12\/IMG_20191002_120657_ergebnis-300x225.jpg 300w, https:\/\/olu-limburg.de\/wp-content\/uploads\/2019\/12\/IMG_20191002_120657_ergebnis-768x576.jpg 768w, https:\/\/olu-limburg.de\/wp-content\/uploads\/2019\/12\/IMG_20191002_120657_ergebnis-624x468.jpg 624w\" sizes=\"auto, (max-width: 800px) 100vw, 800px\" \/><\/a><\/p>\n<p><a href=\"https:\/\/olu-limburg.de\/wp-content\/uploads\/2019\/12\/IMG_20191002_121021_ergebnis.jpg\"><img loading=\"lazy\" decoding=\"async\" class=\"size-full wp-image-21401 aligncenter\" src=\"https:\/\/olu-limburg.de\/wp-content\/uploads\/2019\/12\/IMG_20191002_121021_ergebnis.jpg\" alt=\"\" width=\"800\" height=\"600\" srcset=\"https:\/\/olu-limburg.de\/wp-content\/uploads\/2019\/12\/IMG_20191002_121021_ergebnis.jpg 800w, https:\/\/olu-limburg.de\/wp-content\/uploads\/2019\/12\/IMG_20191002_121021_ergebnis-300x225.jpg 300w, https:\/\/olu-limburg.de\/wp-content\/uploads\/2019\/12\/IMG_20191002_121021_ergebnis-768x576.jpg 768w, https:\/\/olu-limburg.de\/wp-content\/uploads\/2019\/12\/IMG_20191002_121021_ergebnis-624x468.jpg 624w\" sizes=\"auto, (max-width: 800px) 100vw, 800px\" \/><\/a><\/p>\n<div id=\"attachment_21403\" style=\"width: 810px\" class=\"wp-caption aligncenter\"><a href=\"https:\/\/olu-limburg.de\/wp-content\/uploads\/2019\/12\/IMG_20191002_121440_ergebnis.jpg\"><img loading=\"lazy\" decoding=\"async\" aria-describedby=\"caption-attachment-21403\" class=\"size-full wp-image-21403\" src=\"https:\/\/olu-limburg.de\/wp-content\/uploads\/2019\/12\/IMG_20191002_121440_ergebnis.jpg\" alt=\"\" width=\"800\" height=\"600\" srcset=\"https:\/\/olu-limburg.de\/wp-content\/uploads\/2019\/12\/IMG_20191002_121440_ergebnis.jpg 800w, https:\/\/olu-limburg.de\/wp-content\/uploads\/2019\/12\/IMG_20191002_121440_ergebnis-300x225.jpg 300w, https:\/\/olu-limburg.de\/wp-content\/uploads\/2019\/12\/IMG_20191002_121440_ergebnis-768x576.jpg 768w, https:\/\/olu-limburg.de\/wp-content\/uploads\/2019\/12\/IMG_20191002_121440_ergebnis-624x468.jpg 624w\" sizes=\"auto, (max-width: 800px) 100vw, 800px\" \/><\/a><p id=\"caption-attachment-21403\" class=\"wp-caption-text\">Strom-Tankstelle f\u00fcr Linienbusse<\/p><\/div>\n<p>Weiter geht es erst nach St. Jean-de-Luz. Dort sind wir gestern nur hindurch gefahren. In der N\u00e4he des Bahnhofs finden wir noch einen Parkplatz und gehen in den Ortskern. Zum Gl\u00fcck hat der Regen aufgeh\u00f6rt. Der kalte Wind pfeift weiterhin durch die Gassen. Von dem Trubel an den Tischen vor den Restaurants ist nichts mehr zu sehen. Der Winter ist eingekehrt. Manchmal gibt es noch gesch\u00fctzte oder beheizte Vorbauten.<\/p>\n<p><a href=\"https:\/\/olu-limburg.de\/wp-content\/uploads\/2019\/12\/P1030516_ergebnis.jpg\"><img loading=\"lazy\" decoding=\"async\" class=\"size-full wp-image-21411 aligncenter\" src=\"https:\/\/olu-limburg.de\/wp-content\/uploads\/2019\/12\/P1030516_ergebnis.jpg\" alt=\"\" width=\"800\" height=\"600\" srcset=\"https:\/\/olu-limburg.de\/wp-content\/uploads\/2019\/12\/P1030516_ergebnis.jpg 800w, https:\/\/olu-limburg.de\/wp-content\/uploads\/2019\/12\/P1030516_ergebnis-300x225.jpg 300w, https:\/\/olu-limburg.de\/wp-content\/uploads\/2019\/12\/P1030516_ergebnis-768x576.jpg 768w, https:\/\/olu-limburg.de\/wp-content\/uploads\/2019\/12\/P1030516_ergebnis-624x468.jpg 624w\" sizes=\"auto, (max-width: 800px) 100vw, 800px\" \/><\/a><\/p>\n<p><a href=\"https:\/\/olu-limburg.de\/wp-content\/uploads\/2019\/12\/20191002_142857_ergebnis-scaled-e1575363202106.jpg\"><img loading=\"lazy\" decoding=\"async\" class=\"size-full wp-image-21524 aligncenter\" src=\"https:\/\/olu-limburg.de\/wp-content\/uploads\/2019\/12\/20191002_142857_ergebnis-scaled-e1575363202106.jpg\" alt=\"\" width=\"450\" height=\"600\" \/><\/a><\/p>\n<div id=\"attachment_21410\" style=\"width: 810px\" class=\"wp-caption aligncenter\"><a href=\"https:\/\/olu-limburg.de\/wp-content\/uploads\/2019\/12\/P1030513_ergebnis.jpg\"><img loading=\"lazy\" decoding=\"async\" aria-describedby=\"caption-attachment-21410\" class=\"wp-image-21410 size-full\" src=\"https:\/\/olu-limburg.de\/wp-content\/uploads\/2019\/12\/P1030513_ergebnis.jpg\" alt=\"\" width=\"800\" height=\"600\" srcset=\"https:\/\/olu-limburg.de\/wp-content\/uploads\/2019\/12\/P1030513_ergebnis.jpg 800w, https:\/\/olu-limburg.de\/wp-content\/uploads\/2019\/12\/P1030513_ergebnis-300x225.jpg 300w, https:\/\/olu-limburg.de\/wp-content\/uploads\/2019\/12\/P1030513_ergebnis-768x576.jpg 768w, https:\/\/olu-limburg.de\/wp-content\/uploads\/2019\/12\/P1030513_ergebnis-624x468.jpg 624w\" sizes=\"auto, (max-width: 800px) 100vw, 800px\" \/><\/a><p id=\"caption-attachment-21410\" class=\"wp-caption-text\">&#8222;Maison Louis XIV&#8220;. Hier logierte Ludwig XIV. bei seiner Verm\u00e4hlung mit Marie-Th\u00e9r\u00e8se im Jahre 1660<\/p><\/div>\n<div id=\"attachment_21416\" style=\"width: 460px\" class=\"wp-caption aligncenter\"><a href=\"https:\/\/olu-limburg.de\/wp-content\/uploads\/2019\/12\/P1030529_ergebnis-e1575302563408.jpg\"><img loading=\"lazy\" decoding=\"async\" aria-describedby=\"caption-attachment-21416\" class=\"size-full wp-image-21416\" src=\"https:\/\/olu-limburg.de\/wp-content\/uploads\/2019\/12\/P1030529_ergebnis-e1575302563408.jpg\" alt=\"\" width=\"450\" height=\"600\" \/><\/a><p id=\"caption-attachment-21416\" class=\"wp-caption-text\">Die Trauung fand in der \u00c9glise St.-Jean-Babtiste statt.<\/p><\/div>\n<div id=\"attachment_21417\" style=\"width: 810px\" class=\"wp-caption aligncenter\"><a href=\"https:\/\/olu-limburg.de\/wp-content\/uploads\/2019\/12\/P1030530_ergebnis.jpg\"><img loading=\"lazy\" decoding=\"async\" aria-describedby=\"caption-attachment-21417\" class=\"size-full wp-image-21417\" src=\"https:\/\/olu-limburg.de\/wp-content\/uploads\/2019\/12\/P1030530_ergebnis.jpg\" alt=\"\" width=\"800\" height=\"600\" srcset=\"https:\/\/olu-limburg.de\/wp-content\/uploads\/2019\/12\/P1030530_ergebnis.jpg 800w, https:\/\/olu-limburg.de\/wp-content\/uploads\/2019\/12\/P1030530_ergebnis-300x225.jpg 300w, https:\/\/olu-limburg.de\/wp-content\/uploads\/2019\/12\/P1030530_ergebnis-768x576.jpg 768w, https:\/\/olu-limburg.de\/wp-content\/uploads\/2019\/12\/P1030530_ergebnis-624x468.jpg 624w\" sizes=\"auto, (max-width: 800px) 100vw, 800px\" \/><\/a><p id=\"caption-attachment-21417\" class=\"wp-caption-text\">Die Eingangst\u00fcr durch die das Paar eintrat, wurde danach zugemauert. Die T\u00fcr ist nur noch eine Attrappe.<\/p><\/div>\n<p><a href=\"https:\/\/olu-limburg.de\/wp-content\/uploads\/2019\/12\/P1030528_ergebnis.jpg\"><img loading=\"lazy\" decoding=\"async\" class=\"size-full wp-image-21415 aligncenter\" src=\"https:\/\/olu-limburg.de\/wp-content\/uploads\/2019\/12\/P1030528_ergebnis.jpg\" alt=\"\" width=\"800\" height=\"600\" srcset=\"https:\/\/olu-limburg.de\/wp-content\/uploads\/2019\/12\/P1030528_ergebnis.jpg 800w, https:\/\/olu-limburg.de\/wp-content\/uploads\/2019\/12\/P1030528_ergebnis-300x225.jpg 300w, https:\/\/olu-limburg.de\/wp-content\/uploads\/2019\/12\/P1030528_ergebnis-768x576.jpg 768w, https:\/\/olu-limburg.de\/wp-content\/uploads\/2019\/12\/P1030528_ergebnis-624x468.jpg 624w\" sizes=\"auto, (max-width: 800px) 100vw, 800px\" \/><\/a><\/p>\n<p><a href=\"https:\/\/olu-limburg.de\/wp-content\/uploads\/2019\/12\/20191002_144358_ergebnis-scaled-e1575363247539.jpg\"><img loading=\"lazy\" decoding=\"async\" class=\"size-full wp-image-21525 aligncenter\" src=\"https:\/\/olu-limburg.de\/wp-content\/uploads\/2019\/12\/20191002_144358_ergebnis-scaled-e1575363247539.jpg\" alt=\"\" width=\"450\" height=\"600\" \/><\/a><\/p>\n<div id=\"attachment_21404\" style=\"width: 460px\" class=\"wp-caption aligncenter\"><a href=\"https:\/\/olu-limburg.de\/wp-content\/uploads\/2019\/12\/IMG_20191002_142318_ergebnis-e1575302904228.jpg\"><img loading=\"lazy\" decoding=\"async\" aria-describedby=\"caption-attachment-21404\" class=\"wp-image-21404 size-full\" src=\"https:\/\/olu-limburg.de\/wp-content\/uploads\/2019\/12\/IMG_20191002_142318_ergebnis-e1575302904228.jpg\" alt=\"\" width=\"450\" height=\"600\" \/><\/a><p id=\"caption-attachment-21404\" class=\"wp-caption-text\">Baskisch ist schon problematisch. Zum Gl\u00fcck gibt es franz\u00f6sische \u00dcbersetzungen.<\/p><\/div>\n<p>Auf kleinen Stra\u00dfen fahren wir nach Espelette. Um diese Jahreszeit wird dort sicher nicht mehr so viel los sein. Auf dem Parkplatz f\u00fcr Busse finden wir gerade noch einen Platz. Viele nummerierte Reisebusse stehen dort (Kreuzfahrtschiff ???). Dementsprechend viele Touristen ziehen durch die Gassen. Hier ist das Wetter auch nochmals eine Kleinigkeit besser geworden. Da und dort werden Kleinigkeiten probiert. Unser eigentliches Ziel ist aber das Auff\u00fcllen unserer Vorr\u00e4te, und die der Familie, an Piment d&#8217;Espelette.<\/p>\n<p><a href=\"https:\/\/olu-limburg.de\/wp-content\/uploads\/2019\/12\/IMG_20191002_151750_ergebnis.jpg\"><img loading=\"lazy\" decoding=\"async\" class=\"size-full wp-image-21406 aligncenter\" src=\"https:\/\/olu-limburg.de\/wp-content\/uploads\/2019\/12\/IMG_20191002_151750_ergebnis.jpg\" alt=\"\" width=\"800\" height=\"600\" srcset=\"https:\/\/olu-limburg.de\/wp-content\/uploads\/2019\/12\/IMG_20191002_151750_ergebnis.jpg 800w, https:\/\/olu-limburg.de\/wp-content\/uploads\/2019\/12\/IMG_20191002_151750_ergebnis-300x225.jpg 300w, https:\/\/olu-limburg.de\/wp-content\/uploads\/2019\/12\/IMG_20191002_151750_ergebnis-768x576.jpg 768w, https:\/\/olu-limburg.de\/wp-content\/uploads\/2019\/12\/IMG_20191002_151750_ergebnis-624x468.jpg 624w\" sizes=\"auto, (max-width: 800px) 100vw, 800px\" \/><\/a><\/p>\n<p><a href=\"https:\/\/olu-limburg.de\/wp-content\/uploads\/2019\/12\/IMG_20191002_151731_ergebnis.jpg\"><img loading=\"lazy\" decoding=\"async\" class=\"size-full wp-image-21405 aligncenter\" src=\"https:\/\/olu-limburg.de\/wp-content\/uploads\/2019\/12\/IMG_20191002_151731_ergebnis.jpg\" alt=\"\" width=\"800\" height=\"600\" srcset=\"https:\/\/olu-limburg.de\/wp-content\/uploads\/2019\/12\/IMG_20191002_151731_ergebnis.jpg 800w, https:\/\/olu-limburg.de\/wp-content\/uploads\/2019\/12\/IMG_20191002_151731_ergebnis-300x225.jpg 300w, https:\/\/olu-limburg.de\/wp-content\/uploads\/2019\/12\/IMG_20191002_151731_ergebnis-768x576.jpg 768w, https:\/\/olu-limburg.de\/wp-content\/uploads\/2019\/12\/IMG_20191002_151731_ergebnis-624x468.jpg 624w\" sizes=\"auto, (max-width: 800px) 100vw, 800px\" \/><\/a><\/p>\n<p><a href=\"https:\/\/olu-limburg.de\/wp-content\/uploads\/2019\/12\/IMG_20191002_162240_ergebnis.jpg\"><img loading=\"lazy\" decoding=\"async\" class=\"size-full wp-image-21420 aligncenter\" src=\"https:\/\/olu-limburg.de\/wp-content\/uploads\/2019\/12\/IMG_20191002_162240_ergebnis.jpg\" alt=\"\" width=\"800\" height=\"600\" srcset=\"https:\/\/olu-limburg.de\/wp-content\/uploads\/2019\/12\/IMG_20191002_162240_ergebnis.jpg 800w, https:\/\/olu-limburg.de\/wp-content\/uploads\/2019\/12\/IMG_20191002_162240_ergebnis-300x225.jpg 300w, https:\/\/olu-limburg.de\/wp-content\/uploads\/2019\/12\/IMG_20191002_162240_ergebnis-768x576.jpg 768w, https:\/\/olu-limburg.de\/wp-content\/uploads\/2019\/12\/IMG_20191002_162240_ergebnis-624x468.jpg 624w\" sizes=\"auto, (max-width: 800px) 100vw, 800px\" \/><\/a><\/p>\n<p><a href=\"https:\/\/olu-limburg.de\/wp-content\/uploads\/2019\/12\/P1030535_ergebnis.jpg\"><img loading=\"lazy\" decoding=\"async\" class=\"size-full wp-image-21426 aligncenter\" src=\"https:\/\/olu-limburg.de\/wp-content\/uploads\/2019\/12\/P1030535_ergebnis.jpg\" alt=\"\" width=\"800\" height=\"600\" srcset=\"https:\/\/olu-limburg.de\/wp-content\/uploads\/2019\/12\/P1030535_ergebnis.jpg 800w, https:\/\/olu-limburg.de\/wp-content\/uploads\/2019\/12\/P1030535_ergebnis-300x225.jpg 300w, https:\/\/olu-limburg.de\/wp-content\/uploads\/2019\/12\/P1030535_ergebnis-768x576.jpg 768w, https:\/\/olu-limburg.de\/wp-content\/uploads\/2019\/12\/P1030535_ergebnis-624x468.jpg 624w\" sizes=\"auto, (max-width: 800px) 100vw, 800px\" \/><\/a><\/p>\n<p><a href=\"https:\/\/olu-limburg.de\/wp-content\/uploads\/2019\/12\/P1030536_ergebnis.jpg\"><img loading=\"lazy\" decoding=\"async\" class=\"size-full wp-image-21427 aligncenter\" src=\"https:\/\/olu-limburg.de\/wp-content\/uploads\/2019\/12\/P1030536_ergebnis.jpg\" alt=\"\" width=\"800\" height=\"600\" srcset=\"https:\/\/olu-limburg.de\/wp-content\/uploads\/2019\/12\/P1030536_ergebnis.jpg 800w, https:\/\/olu-limburg.de\/wp-content\/uploads\/2019\/12\/P1030536_ergebnis-300x225.jpg 300w, https:\/\/olu-limburg.de\/wp-content\/uploads\/2019\/12\/P1030536_ergebnis-768x576.jpg 768w, https:\/\/olu-limburg.de\/wp-content\/uploads\/2019\/12\/P1030536_ergebnis-624x468.jpg 624w\" sizes=\"auto, (max-width: 800px) 100vw, 800px\" \/><\/a><\/p>\n<p>Wegen des Piment d&#8217;Espelette kommen die Touristen hier her. Dann wird ihnen Alles verkauft.<\/p>\n<p><a href=\"https:\/\/olu-limburg.de\/wp-content\/uploads\/2019\/12\/P1030537_ergebnis-e1575303575657.jpg\"><img loading=\"lazy\" decoding=\"async\" class=\"size-full wp-image-21428 aligncenter\" src=\"https:\/\/olu-limburg.de\/wp-content\/uploads\/2019\/12\/P1030537_ergebnis-e1575303575657.jpg\" alt=\"\" width=\"450\" height=\"600\" \/><\/a><\/p>\n<p><a href=\"https:\/\/olu-limburg.de\/wp-content\/uploads\/2019\/12\/IMG_20191002_162811_ergebnis.jpg\"><img loading=\"lazy\" decoding=\"async\" class=\"size-full wp-image-21422 aligncenter\" src=\"https:\/\/olu-limburg.de\/wp-content\/uploads\/2019\/12\/IMG_20191002_162811_ergebnis.jpg\" alt=\"\" width=\"800\" height=\"600\" srcset=\"https:\/\/olu-limburg.de\/wp-content\/uploads\/2019\/12\/IMG_20191002_162811_ergebnis.jpg 800w, https:\/\/olu-limburg.de\/wp-content\/uploads\/2019\/12\/IMG_20191002_162811_ergebnis-300x225.jpg 300w, https:\/\/olu-limburg.de\/wp-content\/uploads\/2019\/12\/IMG_20191002_162811_ergebnis-768x576.jpg 768w, https:\/\/olu-limburg.de\/wp-content\/uploads\/2019\/12\/IMG_20191002_162811_ergebnis-624x468.jpg 624w\" sizes=\"auto, (max-width: 800px) 100vw, 800px\" \/><\/a><\/p>\n<p><a href=\"https:\/\/olu-limburg.de\/wp-content\/uploads\/2019\/12\/P1030532_ergebnis-e1575303601132.jpg\"><img loading=\"lazy\" decoding=\"async\" class=\"size-full wp-image-21424 alignleft\" src=\"https:\/\/olu-limburg.de\/wp-content\/uploads\/2019\/12\/P1030532_ergebnis-e1575303601132.jpg\" alt=\"\" width=\"450\" height=\"600\" \/><\/a><\/p>\n<p><a href=\"https:\/\/olu-limburg.de\/wp-content\/uploads\/2019\/12\/IMG_20191002_162331_ergebnis-e1575303663878.jpg\"><img loading=\"lazy\" decoding=\"async\" class=\"size-full wp-image-21421 alignright\" src=\"https:\/\/olu-limburg.de\/wp-content\/uploads\/2019\/12\/IMG_20191002_162331_ergebnis-e1575303663878.jpg\" alt=\"\" width=\"450\" height=\"600\" \/><\/a><\/p>\n<p><a href=\"https:\/\/olu-limburg.de\/wp-content\/uploads\/2019\/12\/P1030539_ergebnis-e1575303679148.jpg\"><img loading=\"lazy\" decoding=\"async\" class=\"size-full wp-image-21430 aligncenter\" src=\"https:\/\/olu-limburg.de\/wp-content\/uploads\/2019\/12\/P1030539_ergebnis-e1575303679148.jpg\" alt=\"\" width=\"450\" height=\"600\" \/><\/a><\/p>\n<p><a href=\"https:\/\/olu-limburg.de\/wp-content\/uploads\/2019\/12\/P1030531_ergebnis.jpg\"><img loading=\"lazy\" decoding=\"async\" class=\"size-full wp-image-21423 aligncenter\" src=\"https:\/\/olu-limburg.de\/wp-content\/uploads\/2019\/12\/P1030531_ergebnis.jpg\" alt=\"\" width=\"800\" height=\"600\" srcset=\"https:\/\/olu-limburg.de\/wp-content\/uploads\/2019\/12\/P1030531_ergebnis.jpg 800w, https:\/\/olu-limburg.de\/wp-content\/uploads\/2019\/12\/P1030531_ergebnis-300x225.jpg 300w, https:\/\/olu-limburg.de\/wp-content\/uploads\/2019\/12\/P1030531_ergebnis-768x576.jpg 768w, https:\/\/olu-limburg.de\/wp-content\/uploads\/2019\/12\/P1030531_ergebnis-624x468.jpg 624w\" sizes=\"auto, (max-width: 800px) 100vw, 800px\" \/><\/a><\/p>\n<p><a href=\"https:\/\/olu-limburg.de\/wp-content\/uploads\/2019\/12\/P1030538_ergebnis.jpg\"><img loading=\"lazy\" decoding=\"async\" class=\"size-full wp-image-21429 aligncenter\" src=\"https:\/\/olu-limburg.de\/wp-content\/uploads\/2019\/12\/P1030538_ergebnis.jpg\" alt=\"\" width=\"800\" height=\"600\" srcset=\"https:\/\/olu-limburg.de\/wp-content\/uploads\/2019\/12\/P1030538_ergebnis.jpg 800w, https:\/\/olu-limburg.de\/wp-content\/uploads\/2019\/12\/P1030538_ergebnis-300x225.jpg 300w, https:\/\/olu-limburg.de\/wp-content\/uploads\/2019\/12\/P1030538_ergebnis-768x576.jpg 768w, https:\/\/olu-limburg.de\/wp-content\/uploads\/2019\/12\/P1030538_ergebnis-624x468.jpg 624w\" sizes=\"auto, (max-width: 800px) 100vw, 800px\" \/><\/a><\/p>\n<p><a href=\"https:\/\/olu-limburg.de\/wp-content\/uploads\/2019\/12\/P1030547_ergebnis.jpg\"><img loading=\"lazy\" decoding=\"async\" class=\"size-full wp-image-21435 aligncenter\" src=\"https:\/\/olu-limburg.de\/wp-content\/uploads\/2019\/12\/P1030547_ergebnis.jpg\" alt=\"\" width=\"800\" height=\"600\" srcset=\"https:\/\/olu-limburg.de\/wp-content\/uploads\/2019\/12\/P1030547_ergebnis.jpg 800w, https:\/\/olu-limburg.de\/wp-content\/uploads\/2019\/12\/P1030547_ergebnis-300x225.jpg 300w, https:\/\/olu-limburg.de\/wp-content\/uploads\/2019\/12\/P1030547_ergebnis-768x576.jpg 768w, https:\/\/olu-limburg.de\/wp-content\/uploads\/2019\/12\/P1030547_ergebnis-624x468.jpg 624w\" sizes=\"auto, (max-width: 800px) 100vw, 800px\" \/><\/a><\/p>\n<p><a href=\"https:\/\/olu-limburg.de\/wp-content\/uploads\/2019\/12\/P1030545_ergebnis.jpg\"><img loading=\"lazy\" decoding=\"async\" class=\"size-full wp-image-21433 aligncenter\" src=\"https:\/\/olu-limburg.de\/wp-content\/uploads\/2019\/12\/P1030545_ergebnis.jpg\" alt=\"\" width=\"800\" height=\"600\" srcset=\"https:\/\/olu-limburg.de\/wp-content\/uploads\/2019\/12\/P1030545_ergebnis.jpg 800w, https:\/\/olu-limburg.de\/wp-content\/uploads\/2019\/12\/P1030545_ergebnis-300x225.jpg 300w, https:\/\/olu-limburg.de\/wp-content\/uploads\/2019\/12\/P1030545_ergebnis-768x576.jpg 768w, https:\/\/olu-limburg.de\/wp-content\/uploads\/2019\/12\/P1030545_ergebnis-624x468.jpg 624w\" sizes=\"auto, (max-width: 800px) 100vw, 800px\" \/><\/a><\/p>\n<p><a href=\"https:\/\/olu-limburg.de\/wp-content\/uploads\/2019\/12\/P1030544_ergebnis.jpg\"><img loading=\"lazy\" decoding=\"async\" class=\"size-full wp-image-21432 aligncenter\" src=\"https:\/\/olu-limburg.de\/wp-content\/uploads\/2019\/12\/P1030544_ergebnis.jpg\" alt=\"\" width=\"800\" height=\"600\" srcset=\"https:\/\/olu-limburg.de\/wp-content\/uploads\/2019\/12\/P1030544_ergebnis.jpg 800w, https:\/\/olu-limburg.de\/wp-content\/uploads\/2019\/12\/P1030544_ergebnis-300x225.jpg 300w, https:\/\/olu-limburg.de\/wp-content\/uploads\/2019\/12\/P1030544_ergebnis-768x576.jpg 768w, https:\/\/olu-limburg.de\/wp-content\/uploads\/2019\/12\/P1030544_ergebnis-624x468.jpg 624w\" sizes=\"auto, (max-width: 800px) 100vw, 800px\" \/><\/a><\/p>\n<p><a href=\"https:\/\/olu-limburg.de\/wp-content\/uploads\/2019\/12\/P1030542_ergebnis.jpg\"><img loading=\"lazy\" decoding=\"async\" class=\"size-full wp-image-21431 aligncenter\" src=\"https:\/\/olu-limburg.de\/wp-content\/uploads\/2019\/12\/P1030542_ergebnis.jpg\" alt=\"\" width=\"800\" height=\"600\" srcset=\"https:\/\/olu-limburg.de\/wp-content\/uploads\/2019\/12\/P1030542_ergebnis.jpg 800w, https:\/\/olu-limburg.de\/wp-content\/uploads\/2019\/12\/P1030542_ergebnis-300x225.jpg 300w, https:\/\/olu-limburg.de\/wp-content\/uploads\/2019\/12\/P1030542_ergebnis-768x576.jpg 768w, https:\/\/olu-limburg.de\/wp-content\/uploads\/2019\/12\/P1030542_ergebnis-624x468.jpg 624w\" sizes=\"auto, (max-width: 800px) 100vw, 800px\" \/><\/a><\/p>\n<p><a href=\"https:\/\/olu-limburg.de\/wp-content\/uploads\/2019\/12\/P1030546_ergebnis.jpg\"><img loading=\"lazy\" decoding=\"async\" class=\"size-full wp-image-21434 aligncenter\" src=\"https:\/\/olu-limburg.de\/wp-content\/uploads\/2019\/12\/P1030546_ergebnis.jpg\" alt=\"\" width=\"800\" height=\"600\" srcset=\"https:\/\/olu-limburg.de\/wp-content\/uploads\/2019\/12\/P1030546_ergebnis.jpg 800w, https:\/\/olu-limburg.de\/wp-content\/uploads\/2019\/12\/P1030546_ergebnis-300x225.jpg 300w, https:\/\/olu-limburg.de\/wp-content\/uploads\/2019\/12\/P1030546_ergebnis-768x576.jpg 768w, https:\/\/olu-limburg.de\/wp-content\/uploads\/2019\/12\/P1030546_ergebnis-624x468.jpg 624w\" sizes=\"auto, (max-width: 800px) 100vw, 800px\" \/><\/a><\/p>\n<p>Unser \u00dcbernachtungsziel ist Saint-Jean-Pied-de-Port, das Eintrittstor zum Camino Franc\u00e9s. Am Wohnmobil-Stellplatz &#8222;Parking du Jai Alai&#8220; mit V+E (Geb\u00fchr EUR 8,00 f\u00fcr 24 Std. inkl. Strom) erwartet uns jetzt ebenfalls eine Schranke.<\/p>\n<p><a href=\"https:\/\/olu-limburg.de\/wp-content\/uploads\/2019\/12\/P1030549_ergebnis.jpg\"><img loading=\"lazy\" decoding=\"async\" class=\"size-full wp-image-21436 aligncenter\" src=\"https:\/\/olu-limburg.de\/wp-content\/uploads\/2019\/12\/P1030549_ergebnis.jpg\" alt=\"\" width=\"800\" height=\"600\" srcset=\"https:\/\/olu-limburg.de\/wp-content\/uploads\/2019\/12\/P1030549_ergebnis.jpg 800w, https:\/\/olu-limburg.de\/wp-content\/uploads\/2019\/12\/P1030549_ergebnis-300x225.jpg 300w, https:\/\/olu-limburg.de\/wp-content\/uploads\/2019\/12\/P1030549_ergebnis-768x576.jpg 768w, https:\/\/olu-limburg.de\/wp-content\/uploads\/2019\/12\/P1030549_ergebnis-624x468.jpg 624w\" sizes=\"auto, (max-width: 800px) 100vw, 800px\" \/><\/a><\/p>\n<p>Wir sind ein wenig platt und haben keine Lust noch irgendwo herum zu laufen. Morgen ist auch noch ein Tag.<\/p>\n<p>Tagesstrecke: 84 km<\/p>\n<p>&nbsp;<\/p>\n<p><strong>Donnerstag, 03.10.2019<\/strong><\/p>\n<p><a href=\"https:\/\/olu-limburg.de\/wp-content\/uploads\/2019\/12\/P1030550_ergebnis.jpg\"><img loading=\"lazy\" decoding=\"async\" class=\"size-full wp-image-21438 aligncenter\" src=\"https:\/\/olu-limburg.de\/wp-content\/uploads\/2019\/12\/P1030550_ergebnis.jpg\" alt=\"\" width=\"800\" height=\"600\" srcset=\"https:\/\/olu-limburg.de\/wp-content\/uploads\/2019\/12\/P1030550_ergebnis.jpg 800w, https:\/\/olu-limburg.de\/wp-content\/uploads\/2019\/12\/P1030550_ergebnis-300x225.jpg 300w, https:\/\/olu-limburg.de\/wp-content\/uploads\/2019\/12\/P1030550_ergebnis-768x576.jpg 768w, https:\/\/olu-limburg.de\/wp-content\/uploads\/2019\/12\/P1030550_ergebnis-624x468.jpg 624w\" sizes=\"auto, (max-width: 800px) 100vw, 800px\" \/><\/a><\/p>\n<div id=\"attachment_21466\" style=\"width: 810px\" class=\"wp-caption aligncenter\"><a href=\"https:\/\/olu-limburg.de\/wp-content\/uploads\/2019\/12\/P1030581_ergebnis.jpg\"><img loading=\"lazy\" decoding=\"async\" aria-describedby=\"caption-attachment-21466\" class=\"size-full wp-image-21466\" src=\"https:\/\/olu-limburg.de\/wp-content\/uploads\/2019\/12\/P1030581_ergebnis.jpg\" alt=\"\" width=\"800\" height=\"600\" srcset=\"https:\/\/olu-limburg.de\/wp-content\/uploads\/2019\/12\/P1030581_ergebnis.jpg 800w, https:\/\/olu-limburg.de\/wp-content\/uploads\/2019\/12\/P1030581_ergebnis-300x225.jpg 300w, https:\/\/olu-limburg.de\/wp-content\/uploads\/2019\/12\/P1030581_ergebnis-768x576.jpg 768w, https:\/\/olu-limburg.de\/wp-content\/uploads\/2019\/12\/P1030581_ergebnis-624x468.jpg 624w\" sizes=\"auto, (max-width: 800px) 100vw, 800px\" \/><\/a><p id=\"caption-attachment-21466\" class=\"wp-caption-text\">Stellplatz am Jai Alai<\/p><\/div>\n<p>Zuhause ist Tag der deutschen Einheit, und wir spazieren bei herrlichem Wetter durch die Gassen von St. Jean. Dabei begegnen uns noch einige Pilger, die sich versp\u00e4tet auf ihre erste Etappe machen.<\/p>\n<p><a href=\"https:\/\/olu-limburg.de\/wp-content\/uploads\/2019\/12\/P1030554_ergebnis.jpg\"><img loading=\"lazy\" decoding=\"async\" class=\"size-full wp-image-21440 aligncenter\" src=\"https:\/\/olu-limburg.de\/wp-content\/uploads\/2019\/12\/P1030554_ergebnis.jpg\" alt=\"\" width=\"800\" height=\"600\" srcset=\"https:\/\/olu-limburg.de\/wp-content\/uploads\/2019\/12\/P1030554_ergebnis.jpg 800w, https:\/\/olu-limburg.de\/wp-content\/uploads\/2019\/12\/P1030554_ergebnis-300x225.jpg 300w, https:\/\/olu-limburg.de\/wp-content\/uploads\/2019\/12\/P1030554_ergebnis-768x576.jpg 768w, https:\/\/olu-limburg.de\/wp-content\/uploads\/2019\/12\/P1030554_ergebnis-624x468.jpg 624w\" sizes=\"auto, (max-width: 800px) 100vw, 800px\" \/><\/a><\/p>\n<p><a href=\"https:\/\/olu-limburg.de\/wp-content\/uploads\/2019\/12\/P1030557_ergebnis.jpg\"><img loading=\"lazy\" decoding=\"async\" class=\"size-full wp-image-21442 aligncenter\" src=\"https:\/\/olu-limburg.de\/wp-content\/uploads\/2019\/12\/P1030557_ergebnis.jpg\" alt=\"\" width=\"800\" height=\"600\" srcset=\"https:\/\/olu-limburg.de\/wp-content\/uploads\/2019\/12\/P1030557_ergebnis.jpg 800w, https:\/\/olu-limburg.de\/wp-content\/uploads\/2019\/12\/P1030557_ergebnis-300x225.jpg 300w, https:\/\/olu-limburg.de\/wp-content\/uploads\/2019\/12\/P1030557_ergebnis-768x576.jpg 768w, https:\/\/olu-limburg.de\/wp-content\/uploads\/2019\/12\/P1030557_ergebnis-624x468.jpg 624w\" sizes=\"auto, (max-width: 800px) 100vw, 800px\" \/><\/a><\/p>\n<div id=\"attachment_21441\" style=\"width: 810px\" class=\"wp-caption aligncenter\"><a href=\"https:\/\/olu-limburg.de\/wp-content\/uploads\/2019\/12\/P1030556_ergebnis.jpg\"><img loading=\"lazy\" decoding=\"async\" aria-describedby=\"caption-attachment-21441\" class=\"wp-image-21441 size-full\" src=\"https:\/\/olu-limburg.de\/wp-content\/uploads\/2019\/12\/P1030556_ergebnis.jpg\" alt=\"\" width=\"800\" height=\"600\" srcset=\"https:\/\/olu-limburg.de\/wp-content\/uploads\/2019\/12\/P1030556_ergebnis.jpg 800w, https:\/\/olu-limburg.de\/wp-content\/uploads\/2019\/12\/P1030556_ergebnis-300x225.jpg 300w, https:\/\/olu-limburg.de\/wp-content\/uploads\/2019\/12\/P1030556_ergebnis-768x576.jpg 768w, https:\/\/olu-limburg.de\/wp-content\/uploads\/2019\/12\/P1030556_ergebnis-624x468.jpg 624w\" sizes=\"auto, (max-width: 800px) 100vw, 800px\" \/><\/a><p id=\"caption-attachment-21441\" class=\"wp-caption-text\">Blick hinter die T\u00fcr des Pelota-Vereinsheimes<\/p><\/div>\n<p><a href=\"https:\/\/olu-limburg.de\/wp-content\/uploads\/2019\/12\/P1030560_ergebnis.jpg\"><img loading=\"lazy\" decoding=\"async\" class=\"size-full wp-image-21443 aligncenter\" src=\"https:\/\/olu-limburg.de\/wp-content\/uploads\/2019\/12\/P1030560_ergebnis.jpg\" alt=\"\" width=\"800\" height=\"600\" srcset=\"https:\/\/olu-limburg.de\/wp-content\/uploads\/2019\/12\/P1030560_ergebnis.jpg 800w, https:\/\/olu-limburg.de\/wp-content\/uploads\/2019\/12\/P1030560_ergebnis-300x225.jpg 300w, https:\/\/olu-limburg.de\/wp-content\/uploads\/2019\/12\/P1030560_ergebnis-768x576.jpg 768w, https:\/\/olu-limburg.de\/wp-content\/uploads\/2019\/12\/P1030560_ergebnis-624x468.jpg 624w\" sizes=\"auto, (max-width: 800px) 100vw, 800px\" \/><\/a><\/p>\n<p><a href=\"https:\/\/olu-limburg.de\/wp-content\/uploads\/2019\/12\/P1030561_ergebnis.jpg\"><img loading=\"lazy\" decoding=\"async\" class=\"size-full wp-image-21444 aligncenter\" src=\"https:\/\/olu-limburg.de\/wp-content\/uploads\/2019\/12\/P1030561_ergebnis.jpg\" alt=\"\" width=\"800\" height=\"600\" srcset=\"https:\/\/olu-limburg.de\/wp-content\/uploads\/2019\/12\/P1030561_ergebnis.jpg 800w, https:\/\/olu-limburg.de\/wp-content\/uploads\/2019\/12\/P1030561_ergebnis-300x225.jpg 300w, https:\/\/olu-limburg.de\/wp-content\/uploads\/2019\/12\/P1030561_ergebnis-768x576.jpg 768w, https:\/\/olu-limburg.de\/wp-content\/uploads\/2019\/12\/P1030561_ergebnis-624x468.jpg 624w\" sizes=\"auto, (max-width: 800px) 100vw, 800px\" \/><\/a><\/p>\n<div id=\"attachment_21437\" style=\"width: 810px\" class=\"wp-caption aligncenter\"><a href=\"https:\/\/olu-limburg.de\/wp-content\/uploads\/2019\/12\/IMG_20191003_111308_ergebnis.jpg\"><img loading=\"lazy\" decoding=\"async\" aria-describedby=\"caption-attachment-21437\" class=\"size-full wp-image-21437\" src=\"https:\/\/olu-limburg.de\/wp-content\/uploads\/2019\/12\/IMG_20191003_111308_ergebnis.jpg\" alt=\"\" width=\"800\" height=\"600\" srcset=\"https:\/\/olu-limburg.de\/wp-content\/uploads\/2019\/12\/IMG_20191003_111308_ergebnis.jpg 800w, https:\/\/olu-limburg.de\/wp-content\/uploads\/2019\/12\/IMG_20191003_111308_ergebnis-300x225.jpg 300w, https:\/\/olu-limburg.de\/wp-content\/uploads\/2019\/12\/IMG_20191003_111308_ergebnis-768x576.jpg 768w, https:\/\/olu-limburg.de\/wp-content\/uploads\/2019\/12\/IMG_20191003_111308_ergebnis-624x468.jpg 624w\" sizes=\"auto, (max-width: 800px) 100vw, 800px\" \/><\/a><p id=\"caption-attachment-21437\" class=\"wp-caption-text\">Zeit f\u00fcr einen echten Caf\u00e9 (Zitat aus der Werbung)<\/p><\/div>\n<p><a href=\"https:\/\/olu-limburg.de\/wp-content\/uploads\/2019\/12\/P1030563_ergebnis.jpg\"><img loading=\"lazy\" decoding=\"async\" class=\"size-full wp-image-21445 aligncenter\" src=\"https:\/\/olu-limburg.de\/wp-content\/uploads\/2019\/12\/P1030563_ergebnis.jpg\" alt=\"\" width=\"800\" height=\"600\" srcset=\"https:\/\/olu-limburg.de\/wp-content\/uploads\/2019\/12\/P1030563_ergebnis.jpg 800w, https:\/\/olu-limburg.de\/wp-content\/uploads\/2019\/12\/P1030563_ergebnis-300x225.jpg 300w, https:\/\/olu-limburg.de\/wp-content\/uploads\/2019\/12\/P1030563_ergebnis-768x576.jpg 768w, https:\/\/olu-limburg.de\/wp-content\/uploads\/2019\/12\/P1030563_ergebnis-624x468.jpg 624w\" sizes=\"auto, (max-width: 800px) 100vw, 800px\" \/><\/a><\/p>\n<p><a href=\"https:\/\/olu-limburg.de\/wp-content\/uploads\/2019\/12\/P1030564_ergebnis-e1575304932134.jpg\"><img loading=\"lazy\" decoding=\"async\" class=\"size-full wp-image-21446 alignleft\" src=\"https:\/\/olu-limburg.de\/wp-content\/uploads\/2019\/12\/P1030564_ergebnis-e1575304932134.jpg\" alt=\"\" width=\"450\" height=\"600\" \/><\/a><\/p>\n<p><a href=\"https:\/\/olu-limburg.de\/wp-content\/uploads\/2019\/12\/P1030565_ergebnis-e1575304947432.jpg\"><img loading=\"lazy\" decoding=\"async\" class=\"size-full wp-image-21447 alignright\" src=\"https:\/\/olu-limburg.de\/wp-content\/uploads\/2019\/12\/P1030565_ergebnis-e1575304947432.jpg\" alt=\"\" width=\"450\" height=\"600\" \/><\/a><\/p>\n<p><a href=\"https:\/\/olu-limburg.de\/wp-content\/uploads\/2019\/12\/P1030566_ergebnis.jpg\"><img loading=\"lazy\" decoding=\"async\" class=\"size-full wp-image-21448 aligncenter\" src=\"https:\/\/olu-limburg.de\/wp-content\/uploads\/2019\/12\/P1030566_ergebnis.jpg\" alt=\"\" width=\"800\" height=\"600\" srcset=\"https:\/\/olu-limburg.de\/wp-content\/uploads\/2019\/12\/P1030566_ergebnis.jpg 800w, https:\/\/olu-limburg.de\/wp-content\/uploads\/2019\/12\/P1030566_ergebnis-300x225.jpg 300w, https:\/\/olu-limburg.de\/wp-content\/uploads\/2019\/12\/P1030566_ergebnis-768x576.jpg 768w, https:\/\/olu-limburg.de\/wp-content\/uploads\/2019\/12\/P1030566_ergebnis-624x468.jpg 624w\" sizes=\"auto, (max-width: 800px) 100vw, 800px\" \/><\/a><\/p>\n<p><a href=\"https:\/\/olu-limburg.de\/wp-content\/uploads\/2019\/12\/P1010487_ergebnis-scaled-e1575364577235.jpg\"><img loading=\"lazy\" decoding=\"async\" class=\"size-full wp-image-21543 aligncenter\" src=\"https:\/\/olu-limburg.de\/wp-content\/uploads\/2019\/12\/P1010487_ergebnis-scaled-e1575364577235.jpg\" alt=\"\" width=\"800\" height=\"600\" \/><\/a><\/p>\n<p>Als wir den alten Ortskern durch die Porte d&#8217;Espagne verlassen, sehen wir hinter einer Allee Wohnmobile stehen, und sto\u00dfen auf den Aire de Camping-Cars du Fronton, einen ehemaligen Campingplatz. Hier ist es viel sch\u00f6ner, da fahren wir hin.<\/p>\n<p><a href=\"https:\/\/olu-limburg.de\/wp-content\/uploads\/2019\/12\/P1030567_ergebnis.jpg\"><img loading=\"lazy\" decoding=\"async\" class=\"size-full wp-image-21449 aligncenter\" src=\"https:\/\/olu-limburg.de\/wp-content\/uploads\/2019\/12\/P1030567_ergebnis.jpg\" alt=\"\" width=\"800\" height=\"600\" srcset=\"https:\/\/olu-limburg.de\/wp-content\/uploads\/2019\/12\/P1030567_ergebnis.jpg 800w, https:\/\/olu-limburg.de\/wp-content\/uploads\/2019\/12\/P1030567_ergebnis-300x225.jpg 300w, https:\/\/olu-limburg.de\/wp-content\/uploads\/2019\/12\/P1030567_ergebnis-768x576.jpg 768w, https:\/\/olu-limburg.de\/wp-content\/uploads\/2019\/12\/P1030567_ergebnis-624x468.jpg 624w\" sizes=\"auto, (max-width: 800px) 100vw, 800px\" \/><\/a><\/p>\n<p><a href=\"https:\/\/olu-limburg.de\/wp-content\/uploads\/2019\/12\/P1030568_ergebnis-e1575305034134.jpg\"><img loading=\"lazy\" decoding=\"async\" class=\"size-full wp-image-21450 aligncenter\" src=\"https:\/\/olu-limburg.de\/wp-content\/uploads\/2019\/12\/P1030568_ergebnis-e1575305034134.jpg\" alt=\"\" width=\"450\" height=\"600\" \/><\/a><\/p>\n<p><a href=\"https:\/\/olu-limburg.de\/wp-content\/uploads\/2019\/12\/P1030569_ergebnis.jpg\"><img loading=\"lazy\" decoding=\"async\" class=\"size-full wp-image-21451 aligncenter\" src=\"https:\/\/olu-limburg.de\/wp-content\/uploads\/2019\/12\/P1030569_ergebnis.jpg\" alt=\"\" width=\"800\" height=\"600\" srcset=\"https:\/\/olu-limburg.de\/wp-content\/uploads\/2019\/12\/P1030569_ergebnis.jpg 800w, https:\/\/olu-limburg.de\/wp-content\/uploads\/2019\/12\/P1030569_ergebnis-300x225.jpg 300w, https:\/\/olu-limburg.de\/wp-content\/uploads\/2019\/12\/P1030569_ergebnis-768x576.jpg 768w, https:\/\/olu-limburg.de\/wp-content\/uploads\/2019\/12\/P1030569_ergebnis-624x468.jpg 624w\" sizes=\"auto, (max-width: 800px) 100vw, 800px\" \/><\/a><\/p>\n<p>Wir gehen also zur\u00fcck zum Wohnmobil, und fahren die zwei Kilometer durch den Ort zu dem\u00a0 Stellplatz am anderen Ende von St. Jean. Dabei sehen wir auch ein Lokal, welches wir heute Mittag beehren k\u00f6nnten.<\/p>\n<p><a href=\"https:\/\/olu-limburg.de\/wp-content\/uploads\/2019\/12\/P1030570_ergebnis.jpg\"><img loading=\"lazy\" decoding=\"async\" class=\"size-full wp-image-21452 aligncenter\" src=\"https:\/\/olu-limburg.de\/wp-content\/uploads\/2019\/12\/P1030570_ergebnis.jpg\" alt=\"\" width=\"800\" height=\"600\" srcset=\"https:\/\/olu-limburg.de\/wp-content\/uploads\/2019\/12\/P1030570_ergebnis.jpg 800w, https:\/\/olu-limburg.de\/wp-content\/uploads\/2019\/12\/P1030570_ergebnis-300x225.jpg 300w, https:\/\/olu-limburg.de\/wp-content\/uploads\/2019\/12\/P1030570_ergebnis-768x576.jpg 768w, https:\/\/olu-limburg.de\/wp-content\/uploads\/2019\/12\/P1030570_ergebnis-624x468.jpg 624w\" sizes=\"auto, (max-width: 800px) 100vw, 800px\" \/><\/a><\/p>\n<p><a href=\"https:\/\/olu-limburg.de\/wp-content\/uploads\/2019\/12\/IMG_20191003_130509_ergebnis.jpg\"><img loading=\"lazy\" decoding=\"async\" class=\"size-full wp-image-21459 aligncenter\" src=\"https:\/\/olu-limburg.de\/wp-content\/uploads\/2019\/12\/IMG_20191003_130509_ergebnis.jpg\" alt=\"\" width=\"800\" height=\"600\" srcset=\"https:\/\/olu-limburg.de\/wp-content\/uploads\/2019\/12\/IMG_20191003_130509_ergebnis.jpg 800w, https:\/\/olu-limburg.de\/wp-content\/uploads\/2019\/12\/IMG_20191003_130509_ergebnis-300x225.jpg 300w, https:\/\/olu-limburg.de\/wp-content\/uploads\/2019\/12\/IMG_20191003_130509_ergebnis-768x576.jpg 768w, https:\/\/olu-limburg.de\/wp-content\/uploads\/2019\/12\/IMG_20191003_130509_ergebnis-624x468.jpg 624w\" sizes=\"auto, (max-width: 800px) 100vw, 800px\" \/><\/a><\/p>\n<p><a href=\"https:\/\/olu-limburg.de\/wp-content\/uploads\/2019\/12\/IMG_20191003_121355_ergebnis.jpg\"><img loading=\"lazy\" decoding=\"async\" class=\"size-full wp-image-21458 aligncenter\" src=\"https:\/\/olu-limburg.de\/wp-content\/uploads\/2019\/12\/IMG_20191003_121355_ergebnis.jpg\" alt=\"\" width=\"800\" height=\"600\" srcset=\"https:\/\/olu-limburg.de\/wp-content\/uploads\/2019\/12\/IMG_20191003_121355_ergebnis.jpg 800w, https:\/\/olu-limburg.de\/wp-content\/uploads\/2019\/12\/IMG_20191003_121355_ergebnis-300x225.jpg 300w, https:\/\/olu-limburg.de\/wp-content\/uploads\/2019\/12\/IMG_20191003_121355_ergebnis-768x576.jpg 768w, https:\/\/olu-limburg.de\/wp-content\/uploads\/2019\/12\/IMG_20191003_121355_ergebnis-624x468.jpg 624w\" sizes=\"auto, (max-width: 800px) 100vw, 800px\" \/><\/a><\/p>\n<p><a href=\"https:\/\/olu-limburg.de\/wp-content\/uploads\/2019\/12\/P1030571_ergebnis-e1575306131130.jpg\"><img loading=\"lazy\" decoding=\"async\" class=\"size-full wp-image-21460 aligncenter\" src=\"https:\/\/olu-limburg.de\/wp-content\/uploads\/2019\/12\/P1030571_ergebnis-e1575306131130.jpg\" alt=\"\" width=\"450\" height=\"600\" \/><\/a><\/p>\n<p><a href=\"https:\/\/olu-limburg.de\/wp-content\/uploads\/2019\/12\/P1030577_ergebnis.jpg\"><img loading=\"lazy\" decoding=\"async\" class=\"size-full wp-image-21464 aligncenter\" src=\"https:\/\/olu-limburg.de\/wp-content\/uploads\/2019\/12\/P1030577_ergebnis.jpg\" alt=\"\" width=\"800\" height=\"600\" srcset=\"https:\/\/olu-limburg.de\/wp-content\/uploads\/2019\/12\/P1030577_ergebnis.jpg 800w, https:\/\/olu-limburg.de\/wp-content\/uploads\/2019\/12\/P1030577_ergebnis-300x225.jpg 300w, https:\/\/olu-limburg.de\/wp-content\/uploads\/2019\/12\/P1030577_ergebnis-768x576.jpg 768w, https:\/\/olu-limburg.de\/wp-content\/uploads\/2019\/12\/P1030577_ergebnis-624x468.jpg 624w\" sizes=\"auto, (max-width: 800px) 100vw, 800px\" \/><\/a><\/p>\n<p><a href=\"https:\/\/olu-limburg.de\/wp-content\/uploads\/2019\/12\/P1030580_ergebnis.jpg\"><img loading=\"lazy\" decoding=\"async\" class=\"size-full wp-image-21465 aligncenter\" src=\"https:\/\/olu-limburg.de\/wp-content\/uploads\/2019\/12\/P1030580_ergebnis.jpg\" alt=\"\" width=\"800\" height=\"600\" srcset=\"https:\/\/olu-limburg.de\/wp-content\/uploads\/2019\/12\/P1030580_ergebnis.jpg 800w, https:\/\/olu-limburg.de\/wp-content\/uploads\/2019\/12\/P1030580_ergebnis-300x225.jpg 300w, https:\/\/olu-limburg.de\/wp-content\/uploads\/2019\/12\/P1030580_ergebnis-768x576.jpg 768w, https:\/\/olu-limburg.de\/wp-content\/uploads\/2019\/12\/P1030580_ergebnis-624x468.jpg 624w\" sizes=\"auto, (max-width: 800px) 100vw, 800px\" \/><\/a><\/p>\n<p><a href=\"https:\/\/olu-limburg.de\/wp-content\/uploads\/2019\/12\/P1030572_ergebnis-e1575306196490.jpg\"><img loading=\"lazy\" decoding=\"async\" class=\"size-full wp-image-21461 aligncenter\" src=\"https:\/\/olu-limburg.de\/wp-content\/uploads\/2019\/12\/P1030572_ergebnis-e1575306196490.jpg\" alt=\"\" width=\"450\" height=\"600\" \/><\/a><\/p>\n<p><a href=\"https:\/\/olu-limburg.de\/wp-content\/uploads\/2019\/12\/P1030573_ergebnis-e1575306213564.jpg\"><img loading=\"lazy\" decoding=\"async\" class=\"size-full wp-image-21462 aligncenter\" src=\"https:\/\/olu-limburg.de\/wp-content\/uploads\/2019\/12\/P1030573_ergebnis-e1575306213564.jpg\" alt=\"\" width=\"450\" height=\"600\" \/><\/a><\/p>\n<p>Am Nachmittag durchqueren wir St. Jean wieder von der Porte d&#8217;Espagne bis hoch zur Porte Saint-Jaques. Fast jedes Haus bietet Nachtpl\u00e4tze f\u00fcr die Pilger an, die jetzt am Nachmittag in Scharen mit dem Zug eintreffen. Im Haus der &#8222;Amis du Chemin de Saint-Jaques&#8220; erhalten sie den Pilgerpass und viele Informationen zur Strecke. F\u00fcr morgen werden auch einige Warnungen zur \u00dcberquerung des Passes nach Roncesvalles ausgesprochen, da mit Regen und oben auf dem Pass mit Schnee gerechnet wird. Bei dem sch\u00f6nen Wetter kann man das noch gar nicht glauben.<\/p>\n<p><a href=\"https:\/\/olu-limburg.de\/wp-content\/uploads\/2019\/12\/P1030587_ergebnis.jpg\"><img loading=\"lazy\" decoding=\"async\" class=\"size-full wp-image-21467 aligncenter\" src=\"https:\/\/olu-limburg.de\/wp-content\/uploads\/2019\/12\/P1030587_ergebnis.jpg\" alt=\"\" width=\"800\" height=\"600\" srcset=\"https:\/\/olu-limburg.de\/wp-content\/uploads\/2019\/12\/P1030587_ergebnis.jpg 800w, https:\/\/olu-limburg.de\/wp-content\/uploads\/2019\/12\/P1030587_ergebnis-300x225.jpg 300w, https:\/\/olu-limburg.de\/wp-content\/uploads\/2019\/12\/P1030587_ergebnis-768x576.jpg 768w, https:\/\/olu-limburg.de\/wp-content\/uploads\/2019\/12\/P1030587_ergebnis-624x468.jpg 624w\" sizes=\"auto, (max-width: 800px) 100vw, 800px\" \/><\/a><\/p>\n<div id=\"attachment_21471\" style=\"width: 460px\" class=\"wp-caption aligncenter\"><a href=\"https:\/\/olu-limburg.de\/wp-content\/uploads\/2019\/12\/P1030595_ergebnis-e1575306739442.jpg\"><img loading=\"lazy\" decoding=\"async\" aria-describedby=\"caption-attachment-21471\" class=\"wp-image-21471 size-full\" src=\"https:\/\/olu-limburg.de\/wp-content\/uploads\/2019\/12\/P1030595_ergebnis-e1575306739442.jpg\" alt=\"\" width=\"450\" height=\"600\" \/><\/a><p id=\"caption-attachment-21471\" class=\"wp-caption-text\">\u00c9glise Notre Dame du Bout du Pont<\/p><\/div>\n<p><a href=\"https:\/\/olu-limburg.de\/wp-content\/uploads\/2019\/12\/P1030588_ergebnis.jpg\"><img loading=\"lazy\" decoding=\"async\" class=\"size-full wp-image-21468 aligncenter\" src=\"https:\/\/olu-limburg.de\/wp-content\/uploads\/2019\/12\/P1030588_ergebnis.jpg\" alt=\"\" width=\"800\" height=\"600\" srcset=\"https:\/\/olu-limburg.de\/wp-content\/uploads\/2019\/12\/P1030588_ergebnis.jpg 800w, https:\/\/olu-limburg.de\/wp-content\/uploads\/2019\/12\/P1030588_ergebnis-300x225.jpg 300w, https:\/\/olu-limburg.de\/wp-content\/uploads\/2019\/12\/P1030588_ergebnis-768x576.jpg 768w, https:\/\/olu-limburg.de\/wp-content\/uploads\/2019\/12\/P1030588_ergebnis-624x468.jpg 624w\" sizes=\"auto, (max-width: 800px) 100vw, 800px\" \/><\/a><\/p>\n<p><a href=\"https:\/\/olu-limburg.de\/wp-content\/uploads\/2019\/12\/P1030590_ergebnis-e1575306776343.jpg\"><img loading=\"lazy\" decoding=\"async\" class=\"size-full wp-image-21470 alignleft\" src=\"https:\/\/olu-limburg.de\/wp-content\/uploads\/2019\/12\/P1030590_ergebnis-e1575306776343.jpg\" alt=\"\" width=\"450\" height=\"600\" \/><\/a><\/p>\n<p><a href=\"https:\/\/olu-limburg.de\/wp-content\/uploads\/2019\/12\/P1010438_ergebnis-scaled-e1575364512217.jpg\"><img loading=\"lazy\" decoding=\"async\" class=\"size-full wp-image-21538 alignright\" src=\"https:\/\/olu-limburg.de\/wp-content\/uploads\/2019\/12\/P1010438_ergebnis-scaled-e1575364512217.jpg\" alt=\"\" width=\"450\" height=\"600\" \/><\/a><\/p>\n<p><a href=\"https:\/\/olu-limburg.de\/wp-content\/uploads\/2019\/12\/P1030589_ergebnis.jpg\"><img loading=\"lazy\" decoding=\"async\" class=\"size-full wp-image-21469 aligncenter\" src=\"https:\/\/olu-limburg.de\/wp-content\/uploads\/2019\/12\/P1030589_ergebnis.jpg\" alt=\"\" width=\"800\" height=\"600\" srcset=\"https:\/\/olu-limburg.de\/wp-content\/uploads\/2019\/12\/P1030589_ergebnis.jpg 800w, https:\/\/olu-limburg.de\/wp-content\/uploads\/2019\/12\/P1030589_ergebnis-300x225.jpg 300w, https:\/\/olu-limburg.de\/wp-content\/uploads\/2019\/12\/P1030589_ergebnis-768x576.jpg 768w, https:\/\/olu-limburg.de\/wp-content\/uploads\/2019\/12\/P1030589_ergebnis-624x468.jpg 624w\" sizes=\"auto, (max-width: 800px) 100vw, 800px\" \/><\/a><\/p>\n<div id=\"attachment_21542\" style=\"width: 810px\" class=\"wp-caption aligncenter\"><a href=\"https:\/\/olu-limburg.de\/wp-content\/uploads\/2019\/12\/P1010454_ergebnis-scaled-e1575364567240.jpg\"><img loading=\"lazy\" decoding=\"async\" aria-describedby=\"caption-attachment-21542\" class=\"wp-image-21542 size-full\" src=\"https:\/\/olu-limburg.de\/wp-content\/uploads\/2019\/12\/P1010454_ergebnis-scaled-e1575364567240.jpg\" alt=\"\" width=\"800\" height=\"600\" \/><\/a><p id=\"caption-attachment-21542\" class=\"wp-caption-text\">auch so kann eine Pilgerreise starten<\/p><\/div>\n<p><a href=\"https:\/\/olu-limburg.de\/wp-content\/uploads\/2019\/12\/P1030605_ergebnis-e1575306815624.jpg\"><img loading=\"lazy\" decoding=\"async\" class=\"size-full wp-image-21473 alignleft\" src=\"https:\/\/olu-limburg.de\/wp-content\/uploads\/2019\/12\/P1030605_ergebnis-e1575306815624.jpg\" alt=\"\" width=\"450\" height=\"600\" \/><\/a><\/p>\n<p><a href=\"https:\/\/olu-limburg.de\/wp-content\/uploads\/2019\/12\/P1030606_ergebnis-e1575306830816.jpg\"><img loading=\"lazy\" decoding=\"async\" class=\"size-full wp-image-21474 alignright\" src=\"https:\/\/olu-limburg.de\/wp-content\/uploads\/2019\/12\/P1030606_ergebnis-e1575306830816.jpg\" alt=\"\" width=\"450\" height=\"600\" \/><\/a><\/p>\n<p><a href=\"https:\/\/olu-limburg.de\/wp-content\/uploads\/2019\/12\/P1030599_ergebnis.jpg\"><img loading=\"lazy\" decoding=\"async\" class=\"size-full wp-image-21472 aligncenter\" src=\"https:\/\/olu-limburg.de\/wp-content\/uploads\/2019\/12\/P1030599_ergebnis.jpg\" alt=\"\" width=\"800\" height=\"600\" srcset=\"https:\/\/olu-limburg.de\/wp-content\/uploads\/2019\/12\/P1030599_ergebnis.jpg 800w, https:\/\/olu-limburg.de\/wp-content\/uploads\/2019\/12\/P1030599_ergebnis-300x225.jpg 300w, https:\/\/olu-limburg.de\/wp-content\/uploads\/2019\/12\/P1030599_ergebnis-768x576.jpg 768w, https:\/\/olu-limburg.de\/wp-content\/uploads\/2019\/12\/P1030599_ergebnis-624x468.jpg 624w\" sizes=\"auto, (max-width: 800px) 100vw, 800px\" \/><\/a><\/p>\n<p><a href=\"https:\/\/olu-limburg.de\/wp-content\/uploads\/2019\/12\/20191003_110002_ergebnis-scaled-e1575363353716.jpg\"><img loading=\"lazy\" decoding=\"async\" class=\"size-full wp-image-21526 alignleft\" src=\"https:\/\/olu-limburg.de\/wp-content\/uploads\/2019\/12\/20191003_110002_ergebnis-scaled-e1575363353716.jpg\" alt=\"\" width=\"450\" height=\"600\" \/><\/a><\/p>\n<p><a href=\"https:\/\/olu-limburg.de\/wp-content\/uploads\/2019\/12\/20191003_145012_ergebnis-scaled-e1575363528163.jpg\"><img loading=\"lazy\" decoding=\"async\" class=\"size-full wp-image-21527 alignright\" src=\"https:\/\/olu-limburg.de\/wp-content\/uploads\/2019\/12\/20191003_145012_ergebnis-scaled-e1575363528163.jpg\" alt=\"\" width=\"450\" height=\"600\" \/><\/a><\/p>\n<p><a href=\"https:\/\/olu-limburg.de\/wp-content\/uploads\/2019\/12\/P1030609_ergebnis.jpg\"><img loading=\"lazy\" decoding=\"async\" class=\"size-full wp-image-21478 aligncenter\" src=\"https:\/\/olu-limburg.de\/wp-content\/uploads\/2019\/12\/P1030609_ergebnis.jpg\" alt=\"\" width=\"800\" height=\"600\" srcset=\"https:\/\/olu-limburg.de\/wp-content\/uploads\/2019\/12\/P1030609_ergebnis.jpg 800w, https:\/\/olu-limburg.de\/wp-content\/uploads\/2019\/12\/P1030609_ergebnis-300x225.jpg 300w, https:\/\/olu-limburg.de\/wp-content\/uploads\/2019\/12\/P1030609_ergebnis-768x576.jpg 768w, https:\/\/olu-limburg.de\/wp-content\/uploads\/2019\/12\/P1030609_ergebnis-624x468.jpg 624w\" sizes=\"auto, (max-width: 800px) 100vw, 800px\" \/><\/a><\/p>\n<p><a href=\"https:\/\/olu-limburg.de\/wp-content\/uploads\/2019\/12\/P1030607_ergebnis.jpg\"><img loading=\"lazy\" decoding=\"async\" class=\"size-full wp-image-21477 aligncenter\" src=\"https:\/\/olu-limburg.de\/wp-content\/uploads\/2019\/12\/P1030607_ergebnis.jpg\" alt=\"\" width=\"800\" height=\"600\" srcset=\"https:\/\/olu-limburg.de\/wp-content\/uploads\/2019\/12\/P1030607_ergebnis.jpg 800w, https:\/\/olu-limburg.de\/wp-content\/uploads\/2019\/12\/P1030607_ergebnis-300x225.jpg 300w, https:\/\/olu-limburg.de\/wp-content\/uploads\/2019\/12\/P1030607_ergebnis-768x576.jpg 768w, https:\/\/olu-limburg.de\/wp-content\/uploads\/2019\/12\/P1030607_ergebnis-624x468.jpg 624w\" sizes=\"auto, (max-width: 800px) 100vw, 800px\" \/><\/a><\/p>\n<p><a href=\"https:\/\/olu-limburg.de\/wp-content\/uploads\/2019\/12\/P1030623_ergebnis-e1575308529662.jpg\"><img loading=\"lazy\" decoding=\"async\" class=\"size-full wp-image-21485 aligncenter\" src=\"https:\/\/olu-limburg.de\/wp-content\/uploads\/2019\/12\/P1030623_ergebnis-e1575308529662.jpg\" alt=\"\" width=\"450\" height=\"600\" \/><\/a><\/p>\n<p><a href=\"https:\/\/olu-limburg.de\/wp-content\/uploads\/2019\/12\/P1010450_ergebnis-scaled-e1575364525593.jpg\"><img loading=\"lazy\" decoding=\"async\" class=\"size-full wp-image-21539 alignleft\" src=\"https:\/\/olu-limburg.de\/wp-content\/uploads\/2019\/12\/P1010450_ergebnis-scaled-e1575364525593.jpg\" alt=\"\" width=\"450\" height=\"600\" \/><\/a><\/p>\n<p><a href=\"https:\/\/olu-limburg.de\/wp-content\/uploads\/2019\/12\/P1010451_ergebnis-scaled-e1575364544214.jpg\"><img loading=\"lazy\" decoding=\"async\" class=\"size-full wp-image-21540 alignright\" src=\"https:\/\/olu-limburg.de\/wp-content\/uploads\/2019\/12\/P1010451_ergebnis-scaled-e1575364544214.jpg\" alt=\"\" width=\"450\" height=\"600\" \/><\/a><\/p>\n<p><a href=\"https:\/\/olu-limburg.de\/wp-content\/uploads\/2019\/12\/P1010452_ergebnis-scaled-e1575364556929.jpg\"><img loading=\"lazy\" decoding=\"async\" class=\"size-full wp-image-21541 aligncenter\" src=\"https:\/\/olu-limburg.de\/wp-content\/uploads\/2019\/12\/P1010452_ergebnis-scaled-e1575364556929.jpg\" alt=\"\" width=\"450\" height=\"600\" \/><\/a><\/p>\n<p>Wir spazieren weiter bis hoch zur Zitadelle. Von hier aus hat man eine herrliche Aussicht.<\/p>\n<p><a href=\"https:\/\/olu-limburg.de\/wp-content\/uploads\/2019\/12\/P1030612_ergebnis.jpg\"><img loading=\"lazy\" decoding=\"async\" class=\"size-full wp-image-21479 aligncenter\" src=\"https:\/\/olu-limburg.de\/wp-content\/uploads\/2019\/12\/P1030612_ergebnis.jpg\" alt=\"\" width=\"800\" height=\"600\" srcset=\"https:\/\/olu-limburg.de\/wp-content\/uploads\/2019\/12\/P1030612_ergebnis.jpg 800w, https:\/\/olu-limburg.de\/wp-content\/uploads\/2019\/12\/P1030612_ergebnis-300x225.jpg 300w, https:\/\/olu-limburg.de\/wp-content\/uploads\/2019\/12\/P1030612_ergebnis-768x576.jpg 768w, https:\/\/olu-limburg.de\/wp-content\/uploads\/2019\/12\/P1030612_ergebnis-624x468.jpg 624w\" sizes=\"auto, (max-width: 800px) 100vw, 800px\" \/><\/a><\/p>\n<p><a href=\"https:\/\/olu-limburg.de\/wp-content\/uploads\/2019\/12\/P1030615_ergebnis.jpg\"><img loading=\"lazy\" decoding=\"async\" class=\"size-full wp-image-21480 aligncenter\" src=\"https:\/\/olu-limburg.de\/wp-content\/uploads\/2019\/12\/P1030615_ergebnis.jpg\" alt=\"\" width=\"800\" height=\"600\" srcset=\"https:\/\/olu-limburg.de\/wp-content\/uploads\/2019\/12\/P1030615_ergebnis.jpg 800w, https:\/\/olu-limburg.de\/wp-content\/uploads\/2019\/12\/P1030615_ergebnis-300x225.jpg 300w, https:\/\/olu-limburg.de\/wp-content\/uploads\/2019\/12\/P1030615_ergebnis-768x576.jpg 768w, https:\/\/olu-limburg.de\/wp-content\/uploads\/2019\/12\/P1030615_ergebnis-624x468.jpg 624w\" sizes=\"auto, (max-width: 800px) 100vw, 800px\" \/><\/a><\/p>\n<p><a href=\"https:\/\/olu-limburg.de\/wp-content\/uploads\/2019\/12\/P1030616_ergebnis.jpg\"><img loading=\"lazy\" decoding=\"async\" class=\"size-full wp-image-21481 aligncenter\" src=\"https:\/\/olu-limburg.de\/wp-content\/uploads\/2019\/12\/P1030616_ergebnis.jpg\" alt=\"\" width=\"800\" height=\"600\" srcset=\"https:\/\/olu-limburg.de\/wp-content\/uploads\/2019\/12\/P1030616_ergebnis.jpg 800w, https:\/\/olu-limburg.de\/wp-content\/uploads\/2019\/12\/P1030616_ergebnis-300x225.jpg 300w, https:\/\/olu-limburg.de\/wp-content\/uploads\/2019\/12\/P1030616_ergebnis-768x576.jpg 768w, https:\/\/olu-limburg.de\/wp-content\/uploads\/2019\/12\/P1030616_ergebnis-624x468.jpg 624w\" sizes=\"auto, (max-width: 800px) 100vw, 800px\" \/><\/a><\/p>\n<p><a href=\"https:\/\/olu-limburg.de\/wp-content\/uploads\/2019\/12\/P1030617_ergebnis.jpg\"><img loading=\"lazy\" decoding=\"async\" class=\"size-full wp-image-21482 aligncenter\" src=\"https:\/\/olu-limburg.de\/wp-content\/uploads\/2019\/12\/P1030617_ergebnis.jpg\" alt=\"\" width=\"800\" height=\"600\" srcset=\"https:\/\/olu-limburg.de\/wp-content\/uploads\/2019\/12\/P1030617_ergebnis.jpg 800w, https:\/\/olu-limburg.de\/wp-content\/uploads\/2019\/12\/P1030617_ergebnis-300x225.jpg 300w, https:\/\/olu-limburg.de\/wp-content\/uploads\/2019\/12\/P1030617_ergebnis-768x576.jpg 768w, https:\/\/olu-limburg.de\/wp-content\/uploads\/2019\/12\/P1030617_ergebnis-624x468.jpg 624w\" sizes=\"auto, (max-width: 800px) 100vw, 800px\" \/><\/a><\/p>\n<p><a href=\"https:\/\/olu-limburg.de\/wp-content\/uploads\/2019\/12\/P1030618_ergebnis.jpg\"><img loading=\"lazy\" decoding=\"async\" class=\"size-full wp-image-21483 aligncenter\" src=\"https:\/\/olu-limburg.de\/wp-content\/uploads\/2019\/12\/P1030618_ergebnis.jpg\" alt=\"\" width=\"800\" height=\"600\" srcset=\"https:\/\/olu-limburg.de\/wp-content\/uploads\/2019\/12\/P1030618_ergebnis.jpg 800w, https:\/\/olu-limburg.de\/wp-content\/uploads\/2019\/12\/P1030618_ergebnis-300x225.jpg 300w, https:\/\/olu-limburg.de\/wp-content\/uploads\/2019\/12\/P1030618_ergebnis-768x576.jpg 768w, https:\/\/olu-limburg.de\/wp-content\/uploads\/2019\/12\/P1030618_ergebnis-624x468.jpg 624w\" sizes=\"auto, (max-width: 800px) 100vw, 800px\" \/><\/a><\/p>\n<p><a href=\"https:\/\/olu-limburg.de\/wp-content\/uploads\/2019\/12\/P1030621_ergebnis.jpg\"><img loading=\"lazy\" decoding=\"async\" class=\"size-full wp-image-21484 aligncenter\" src=\"https:\/\/olu-limburg.de\/wp-content\/uploads\/2019\/12\/P1030621_ergebnis.jpg\" alt=\"\" width=\"800\" height=\"600\" srcset=\"https:\/\/olu-limburg.de\/wp-content\/uploads\/2019\/12\/P1030621_ergebnis.jpg 800w, https:\/\/olu-limburg.de\/wp-content\/uploads\/2019\/12\/P1030621_ergebnis-300x225.jpg 300w, https:\/\/olu-limburg.de\/wp-content\/uploads\/2019\/12\/P1030621_ergebnis-768x576.jpg 768w, https:\/\/olu-limburg.de\/wp-content\/uploads\/2019\/12\/P1030621_ergebnis-624x468.jpg 624w\" sizes=\"auto, (max-width: 800px) 100vw, 800px\" \/><\/a><\/p>\n<p><a href=\"https:\/\/olu-limburg.de\/wp-content\/uploads\/2019\/12\/IMG_20191003_150714_ergebnis.jpg\"><img loading=\"lazy\" decoding=\"async\" class=\"size-full wp-image-21475 aligncenter\" src=\"https:\/\/olu-limburg.de\/wp-content\/uploads\/2019\/12\/IMG_20191003_150714_ergebnis.jpg\" alt=\"\" width=\"800\" height=\"600\" srcset=\"https:\/\/olu-limburg.de\/wp-content\/uploads\/2019\/12\/IMG_20191003_150714_ergebnis.jpg 800w, https:\/\/olu-limburg.de\/wp-content\/uploads\/2019\/12\/IMG_20191003_150714_ergebnis-300x225.jpg 300w, https:\/\/olu-limburg.de\/wp-content\/uploads\/2019\/12\/IMG_20191003_150714_ergebnis-768x576.jpg 768w, https:\/\/olu-limburg.de\/wp-content\/uploads\/2019\/12\/IMG_20191003_150714_ergebnis-624x468.jpg 624w\" sizes=\"auto, (max-width: 800px) 100vw, 800px\" \/><\/a><\/p>\n<div style=\"width: 625px;\" class=\"wp-video\"><video class=\"wp-video-shortcode\" id=\"video-21324-1\" width=\"625\" height=\"352\" preload=\"metadata\" controls=\"controls\"><source type=\"video\/mp4\" src=\"https:\/\/olu-limburg.de\/wp-content\/uploads\/2019\/12\/VID_20191003_152921.mp4?_=1\" \/><a href=\"https:\/\/olu-limburg.de\/wp-content\/uploads\/2019\/12\/VID_20191003_152921.mp4\">https:\/\/olu-limburg.de\/wp-content\/uploads\/2019\/12\/VID_20191003_152921.mp4<\/a><\/video><\/div>\n<p>&nbsp;<\/p>\n<p>Bei der R\u00fcckkehr auf dem Stellplatz setzen wir uns vors Wohnmobil und genie\u00dfen die Sonne und die Ruhe mit Blick auf die Berge.<\/p>\n<p><a href=\"https:\/\/olu-limburg.de\/wp-content\/uploads\/2019\/12\/IMG_20191003_171214_ergebnis.jpg\"><img loading=\"lazy\" decoding=\"async\" class=\"size-full wp-image-21476 aligncenter\" src=\"https:\/\/olu-limburg.de\/wp-content\/uploads\/2019\/12\/IMG_20191003_171214_ergebnis.jpg\" alt=\"\" width=\"800\" height=\"600\" srcset=\"https:\/\/olu-limburg.de\/wp-content\/uploads\/2019\/12\/IMG_20191003_171214_ergebnis.jpg 800w, https:\/\/olu-limburg.de\/wp-content\/uploads\/2019\/12\/IMG_20191003_171214_ergebnis-300x225.jpg 300w, https:\/\/olu-limburg.de\/wp-content\/uploads\/2019\/12\/IMG_20191003_171214_ergebnis-768x576.jpg 768w, https:\/\/olu-limburg.de\/wp-content\/uploads\/2019\/12\/IMG_20191003_171214_ergebnis-624x468.jpg 624w\" sizes=\"auto, (max-width: 800px) 100vw, 800px\" \/><\/a><\/p>\n<p>Tagesstrecke: 2 km<\/p>\n<p>&nbsp;<\/p>\n<p><strong>Freitag, 04.10.2019<\/strong><\/p>\n<p>Mit Saint-Jean-Pied-de-Port haben wir unseren s\u00fcdlichsten Punkt der Reise erreicht. Nun geht es langsam wieder nach Norden. Auch das Wetter stimmt uns mit seiner durchwachsenen Darstellung auf das kommende Ende der Fahrt ein.<\/p>\n<p><a href=\"https:\/\/olu-limburg.de\/wp-content\/uploads\/2019\/12\/20191004_111822_ergebnis-scaled-e1575363583885.jpg\"><img loading=\"lazy\" decoding=\"async\" class=\"size-full wp-image-21528 aligncenter\" src=\"https:\/\/olu-limburg.de\/wp-content\/uploads\/2019\/12\/20191004_111822_ergebnis-scaled-e1575363583885.jpg\" alt=\"\" width=\"800\" height=\"600\" \/><\/a><\/p>\n<p>Auf kleinen Landstra\u00dfen durchqueren wir die alte Provinz B\u00e9arn. Ja, von hier stammt die <em>Sauce<\/em> <em>B\u00e9arnaise<\/em>. Wir sind mit der Mittagszeit schon ein wenig knapp dran. Trotzdem\u00a0 halten wir nicht in Orthez an. Das Wetter ist grad nicht so gut und Parkpl\u00e4tze f\u00fcr unser Wohnmobil sind auch entlang der Hauptstra\u00dfe nicht vorhanden.<\/p>\n<p>Es vergehen weitere Minuten und dann erreichen wir den kleinen Ort, Sault-de-Navailles, der laut Zusatzschild neben dem Ortsschild gastronomisch besonders herausragend sein soll. Normalerweise wird man auf der D933 um den Ort herumgef\u00fchrt. Wir biegen aber rechts ab, und durchfahren Ausschau haltend langsam auf einer schmalen Stra\u00dfe den Ort. Irgendwie sieht es nicht so nach tollem Essen aus. Gerade passieren wir die Kirche, da sehe ich vor mir ein langgestrecktes beiges Haus mit vielen blauen Fensterl\u00e4den. Halt, da stand doch ein Aufsteller vor der T\u00fcr. Das ist ein Restaurant.<\/p>\n<div id=\"attachment_21499\" style=\"width: 810px\" class=\"wp-caption aligncenter\"><a href=\"https:\/\/olu-limburg.de\/wp-content\/uploads\/2019\/12\/IMG_20191004_143629_ergebnis.jpg\"><img loading=\"lazy\" decoding=\"async\" aria-describedby=\"caption-attachment-21499\" class=\"wp-image-21499 size-full\" src=\"https:\/\/olu-limburg.de\/wp-content\/uploads\/2019\/12\/IMG_20191004_143629_ergebnis.jpg\" alt=\"\" width=\"800\" height=\"600\" srcset=\"https:\/\/olu-limburg.de\/wp-content\/uploads\/2019\/12\/IMG_20191004_143629_ergebnis.jpg 800w, https:\/\/olu-limburg.de\/wp-content\/uploads\/2019\/12\/IMG_20191004_143629_ergebnis-300x225.jpg 300w, https:\/\/olu-limburg.de\/wp-content\/uploads\/2019\/12\/IMG_20191004_143629_ergebnis-768x576.jpg 768w, https:\/\/olu-limburg.de\/wp-content\/uploads\/2019\/12\/IMG_20191004_143629_ergebnis-624x468.jpg 624w\" sizes=\"auto, (max-width: 800px) 100vw, 800px\" \/><\/a><p id=\"caption-attachment-21499\" class=\"wp-caption-text\">Im Hintergrund ist der Turm des ehem. Chateau de Sault.<\/p><\/div>\n<p><a href=\"https:\/\/olu-limburg.de\/wp-content\/uploads\/2019\/12\/IMG_20191004_143414_ergebnis.jpg\"><img loading=\"lazy\" decoding=\"async\" class=\"size-full wp-image-21498 aligncenter\" src=\"https:\/\/olu-limburg.de\/wp-content\/uploads\/2019\/12\/IMG_20191004_143414_ergebnis.jpg\" alt=\"\" width=\"800\" height=\"600\" srcset=\"https:\/\/olu-limburg.de\/wp-content\/uploads\/2019\/12\/IMG_20191004_143414_ergebnis.jpg 800w, https:\/\/olu-limburg.de\/wp-content\/uploads\/2019\/12\/IMG_20191004_143414_ergebnis-300x225.jpg 300w, https:\/\/olu-limburg.de\/wp-content\/uploads\/2019\/12\/IMG_20191004_143414_ergebnis-768x576.jpg 768w, https:\/\/olu-limburg.de\/wp-content\/uploads\/2019\/12\/IMG_20191004_143414_ergebnis-624x468.jpg 624w\" sizes=\"auto, (max-width: 800px) 100vw, 800px\" \/><\/a><\/p>\n<p><a href=\"https:\/\/olu-limburg.de\/wp-content\/uploads\/2019\/12\/IMG_20191004_143151_ergebnis.jpg\"><img loading=\"lazy\" decoding=\"async\" class=\"size-full wp-image-21496 aligncenter\" src=\"https:\/\/olu-limburg.de\/wp-content\/uploads\/2019\/12\/IMG_20191004_143151_ergebnis.jpg\" alt=\"\" width=\"800\" height=\"600\" srcset=\"https:\/\/olu-limburg.de\/wp-content\/uploads\/2019\/12\/IMG_20191004_143151_ergebnis.jpg 800w, https:\/\/olu-limburg.de\/wp-content\/uploads\/2019\/12\/IMG_20191004_143151_ergebnis-300x225.jpg 300w, https:\/\/olu-limburg.de\/wp-content\/uploads\/2019\/12\/IMG_20191004_143151_ergebnis-768x576.jpg 768w, https:\/\/olu-limburg.de\/wp-content\/uploads\/2019\/12\/IMG_20191004_143151_ergebnis-624x468.jpg 624w\" sizes=\"auto, (max-width: 800px) 100vw, 800px\" \/><\/a><\/p>\n<p>Ich biege die n\u00e4chste M\u00f6glichkeit links ab und fahre auf den gro\u00dfen Parkplatz hinter der Kirche. Als wir die Eingangst\u00fcr Restaurants &#8222;La Tour Galante&#8220; erreichen, sehe ich schon die &#8222;Michelin-Auszeichnung&#8220;, darunter steht aber tats\u00e4chlich der Aufsteller mit &#8222;Menu du Jour 13,50&#8220;. Kein Hinweis was es gibt. Also wird es f\u00fcr uns ein \u00dcberraschungsmen\u00fc.<\/p>\n<p><a href=\"https:\/\/olu-limburg.de\/wp-content\/uploads\/2019\/12\/IMG_20191004_143224_ergebnis.jpg\"><img loading=\"lazy\" decoding=\"async\" class=\"size-full wp-image-21497 aligncenter\" src=\"https:\/\/olu-limburg.de\/wp-content\/uploads\/2019\/12\/IMG_20191004_143224_ergebnis.jpg\" alt=\"\" width=\"800\" height=\"600\" srcset=\"https:\/\/olu-limburg.de\/wp-content\/uploads\/2019\/12\/IMG_20191004_143224_ergebnis.jpg 800w, https:\/\/olu-limburg.de\/wp-content\/uploads\/2019\/12\/IMG_20191004_143224_ergebnis-300x225.jpg 300w, https:\/\/olu-limburg.de\/wp-content\/uploads\/2019\/12\/IMG_20191004_143224_ergebnis-768x576.jpg 768w, https:\/\/olu-limburg.de\/wp-content\/uploads\/2019\/12\/IMG_20191004_143224_ergebnis-624x468.jpg 624w\" sizes=\"auto, (max-width: 800px) 100vw, 800px\" \/><\/a><\/p>\n<p>Zuerst landen wir rechts in dem Saal mit den Damastdecken, Kerzenleuchtern und dem Silber-Besteck. Auf unsere Frage nach dem Tagesmen\u00fc, bekommen wir einen freundlichen Hinweis auf den n\u00e4chsten Raum. Dort sind auch schon fast alle Tische besetzt, und zwar von Leuten wie wir. Das ist schon mal beruhigend.<\/p>\n<p>Wir werden erst mal befragt, ob wir das Tagesmen\u00fc wollen und was wir trinken m\u00f6chten. Und schon geht es mit den \u00dcberraschungen los.<\/p>\n<p>Die Consomm\u00e9 mit Gem\u00fcseeinlage sieht einfach aus, schmeckt aber hervorragend.<\/p>\n<p><a href=\"https:\/\/olu-limburg.de\/wp-content\/uploads\/2019\/12\/IMG_20191004_132241_ergebnis-e1575309545635.jpg\"><img loading=\"lazy\" decoding=\"async\" class=\"alignnone size-full wp-image-21489\" src=\"https:\/\/olu-limburg.de\/wp-content\/uploads\/2019\/12\/IMG_20191004_132241_ergebnis-e1575309545635.jpg\" alt=\"\" width=\"450\" height=\"600\" \/><\/a><\/p>\n<p><a href=\"https:\/\/olu-limburg.de\/wp-content\/uploads\/2019\/12\/IMG_20191004_132443_ergebnis.jpg\"><img loading=\"lazy\" decoding=\"async\" class=\"alignnone size-full wp-image-21490\" src=\"https:\/\/olu-limburg.de\/wp-content\/uploads\/2019\/12\/IMG_20191004_132443_ergebnis.jpg\" alt=\"\" width=\"800\" height=\"600\" srcset=\"https:\/\/olu-limburg.de\/wp-content\/uploads\/2019\/12\/IMG_20191004_132443_ergebnis.jpg 800w, https:\/\/olu-limburg.de\/wp-content\/uploads\/2019\/12\/IMG_20191004_132443_ergebnis-300x225.jpg 300w, https:\/\/olu-limburg.de\/wp-content\/uploads\/2019\/12\/IMG_20191004_132443_ergebnis-768x576.jpg 768w, https:\/\/olu-limburg.de\/wp-content\/uploads\/2019\/12\/IMG_20191004_132443_ergebnis-624x468.jpg 624w\" sizes=\"auto, (max-width: 800px) 100vw, 800px\" \/><\/a><\/p>\n<p>Als n\u00e4chstes bekommen wir Fischfilets an Gem\u00fcsestreifen mit Beurre blanc-So\u00dfe.<\/p>\n<p><a href=\"https:\/\/olu-limburg.de\/wp-content\/uploads\/2019\/12\/IMG_20191004_133743_ergebnis.jpg\"><img loading=\"lazy\" decoding=\"async\" class=\"alignnone size-full wp-image-21491\" src=\"https:\/\/olu-limburg.de\/wp-content\/uploads\/2019\/12\/IMG_20191004_133743_ergebnis.jpg\" alt=\"\" width=\"800\" height=\"600\" srcset=\"https:\/\/olu-limburg.de\/wp-content\/uploads\/2019\/12\/IMG_20191004_133743_ergebnis.jpg 800w, https:\/\/olu-limburg.de\/wp-content\/uploads\/2019\/12\/IMG_20191004_133743_ergebnis-300x225.jpg 300w, https:\/\/olu-limburg.de\/wp-content\/uploads\/2019\/12\/IMG_20191004_133743_ergebnis-768x576.jpg 768w, https:\/\/olu-limburg.de\/wp-content\/uploads\/2019\/12\/IMG_20191004_133743_ergebnis-624x468.jpg 624w\" sizes=\"auto, (max-width: 800px) 100vw, 800px\" \/><\/a><\/p>\n<p>Ich habe den Teller gerade leer und meine noch zu Lena, so kleine Portionen kennt man ja aus der Sternek\u00fcche. Da werden nicht nur Teller und Besteck wegger\u00e4umt, sondern neues Besteck aufgelegt.<\/p>\n<p><a href=\"https:\/\/olu-limburg.de\/wp-content\/uploads\/2019\/12\/IMG_20191004_135517_ergebnis.jpg\"><img loading=\"lazy\" decoding=\"async\" class=\"alignnone size-full wp-image-21492\" src=\"https:\/\/olu-limburg.de\/wp-content\/uploads\/2019\/12\/IMG_20191004_135517_ergebnis.jpg\" alt=\"\" width=\"800\" height=\"600\" srcset=\"https:\/\/olu-limburg.de\/wp-content\/uploads\/2019\/12\/IMG_20191004_135517_ergebnis.jpg 800w, https:\/\/olu-limburg.de\/wp-content\/uploads\/2019\/12\/IMG_20191004_135517_ergebnis-300x225.jpg 300w, https:\/\/olu-limburg.de\/wp-content\/uploads\/2019\/12\/IMG_20191004_135517_ergebnis-768x576.jpg 768w, https:\/\/olu-limburg.de\/wp-content\/uploads\/2019\/12\/IMG_20191004_135517_ergebnis-624x468.jpg 624w\" sizes=\"auto, (max-width: 800px) 100vw, 800px\" \/><\/a><\/p>\n<p>Und schon steht ein Teller mit &#8222;Filet Mignon&#8220; und Reis vor uns.<\/p>\n<p><a href=\"https:\/\/olu-limburg.de\/wp-content\/uploads\/2019\/12\/IMG_20191004_140004_ergebnis.jpg\"><img loading=\"lazy\" decoding=\"async\" class=\"alignnone size-full wp-image-21493\" src=\"https:\/\/olu-limburg.de\/wp-content\/uploads\/2019\/12\/IMG_20191004_140004_ergebnis.jpg\" alt=\"\" width=\"800\" height=\"600\" srcset=\"https:\/\/olu-limburg.de\/wp-content\/uploads\/2019\/12\/IMG_20191004_140004_ergebnis.jpg 800w, https:\/\/olu-limburg.de\/wp-content\/uploads\/2019\/12\/IMG_20191004_140004_ergebnis-300x225.jpg 300w, https:\/\/olu-limburg.de\/wp-content\/uploads\/2019\/12\/IMG_20191004_140004_ergebnis-768x576.jpg 768w, https:\/\/olu-limburg.de\/wp-content\/uploads\/2019\/12\/IMG_20191004_140004_ergebnis-624x468.jpg 624w\" sizes=\"auto, (max-width: 800px) 100vw, 800px\" \/><\/a><\/p>\n<p>Zu guter Letzt gibt es zum Dessert eine karamelisierte Apfeltarte mit Vanilleeis und ein Sahnetupfer mit eingearbeiteter Tonkabohne.<\/p>\n<p><a href=\"https:\/\/olu-limburg.de\/wp-content\/uploads\/2019\/12\/IMG_20191004_141559_ergebnis.jpg\"><img loading=\"lazy\" decoding=\"async\" class=\"alignnone size-full wp-image-21494\" src=\"https:\/\/olu-limburg.de\/wp-content\/uploads\/2019\/12\/IMG_20191004_141559_ergebnis.jpg\" alt=\"\" width=\"800\" height=\"600\" srcset=\"https:\/\/olu-limburg.de\/wp-content\/uploads\/2019\/12\/IMG_20191004_141559_ergebnis.jpg 800w, https:\/\/olu-limburg.de\/wp-content\/uploads\/2019\/12\/IMG_20191004_141559_ergebnis-300x225.jpg 300w, https:\/\/olu-limburg.de\/wp-content\/uploads\/2019\/12\/IMG_20191004_141559_ergebnis-768x576.jpg 768w, https:\/\/olu-limburg.de\/wp-content\/uploads\/2019\/12\/IMG_20191004_141559_ergebnis-624x468.jpg 624w\" sizes=\"auto, (max-width: 800px) 100vw, 800px\" \/><\/a><\/p>\n<p>Wir haben mit unserer Restaurantauswahl wahnsinniges Gl\u00fcck gehabt. Es schmeckte durchg\u00e4ngig\u00a0 ganz fantastisch. Warum sollte auch ein ausgezeichneter Koch f\u00fcr den Mittagstisch auf einmal schlechter kochen. Beim Bezahlen kommt die n\u00e4chste \u00dcberraschung, der halbe Liter Ros\u00e9 ist im Men\u00fcpreis enthalten. Das war bisher das preiswerteste Mittagsmen\u00fc des ganzen Urlaubs.<\/p>\n<div id=\"attachment_21495\" style=\"width: 460px\" class=\"wp-caption aligncenter\"><a href=\"https:\/\/olu-limburg.de\/wp-content\/uploads\/2019\/12\/IMG_20191004_143055_ergebnis-e1575309657194.jpg\"><img loading=\"lazy\" decoding=\"async\" aria-describedby=\"caption-attachment-21495\" class=\"wp-image-21495 size-full\" src=\"https:\/\/olu-limburg.de\/wp-content\/uploads\/2019\/12\/IMG_20191004_143055_ergebnis-e1575309657194.jpg\" alt=\"\" width=\"450\" height=\"600\" \/><\/a><p id=\"caption-attachment-21495\" class=\"wp-caption-text\">Blick zur\u00fcck in den Barbereich und auf &#8222;la M\u00e8re de Maison&#8220;<\/p><\/div>\n<p>W\u00e4hrend der Weiterfahrt schw\u00e4rmen wir noch immer von unserem Men\u00fc, da kommen wir an der Cave des Vignerons de Tursan vorbei. Drau\u00dfen steht ein gro\u00dfes Schild: &#8222;Le Bourret et arriv\u00e9e&#8220;. Ich lasse mir zwei 3-Liter-Ballons mit Rot- und Ros\u00e9wein abf\u00fcllen und nehme noch eine Flasche des Bourret (Federwei\u00dfer) und einen Aperitif &#8222;Floc de Gascogne&#8220; mit.<\/p>\n<p><a href=\"https:\/\/olu-limburg.de\/wp-content\/uploads\/2019\/12\/IMG_20191004_155453_ergebnis.jpg\"><img loading=\"lazy\" decoding=\"async\" class=\"size-full wp-image-21500 aligncenter\" src=\"https:\/\/olu-limburg.de\/wp-content\/uploads\/2019\/12\/IMG_20191004_155453_ergebnis.jpg\" alt=\"\" width=\"800\" height=\"600\" srcset=\"https:\/\/olu-limburg.de\/wp-content\/uploads\/2019\/12\/IMG_20191004_155453_ergebnis.jpg 800w, https:\/\/olu-limburg.de\/wp-content\/uploads\/2019\/12\/IMG_20191004_155453_ergebnis-300x225.jpg 300w, https:\/\/olu-limburg.de\/wp-content\/uploads\/2019\/12\/IMG_20191004_155453_ergebnis-768x576.jpg 768w, https:\/\/olu-limburg.de\/wp-content\/uploads\/2019\/12\/IMG_20191004_155453_ergebnis-624x468.jpg 624w\" sizes=\"auto, (max-width: 800px) 100vw, 800px\" \/><\/a><\/p>\n<p>Bei der Durchfahrt von Aire-sur-l&#8217;Adour geraten wir in einen Stau. Da sehen wir ein Hinweisschild zum Wohnmobil-Stellplatz. Was hindert uns, dort hin zu fahren? Der Stellplatz mit V+E (Geb\u00fchr EUR 6,32, wird abends kassiert) liegt hinter der Stierkampfarena und dem benachbarten Campingplatz, direkt am Flu\u00df.<\/p>\n<p><a href=\"https:\/\/olu-limburg.de\/wp-content\/uploads\/2019\/12\/P1030625_ergebnis-e1575309933362.jpg\"><img loading=\"lazy\" decoding=\"async\" class=\"size-full wp-image-21502 aligncenter\" src=\"https:\/\/olu-limburg.de\/wp-content\/uploads\/2019\/12\/P1030625_ergebnis-e1575309933362.jpg\" alt=\"\" width=\"450\" height=\"600\" \/><\/a><\/p>\n<p><a href=\"https:\/\/olu-limburg.de\/wp-content\/uploads\/2019\/12\/P1030624_ergebnis.jpg\"><img loading=\"lazy\" decoding=\"async\" class=\"size-full wp-image-21501 aligncenter\" src=\"https:\/\/olu-limburg.de\/wp-content\/uploads\/2019\/12\/P1030624_ergebnis.jpg\" alt=\"\" width=\"800\" height=\"600\" srcset=\"https:\/\/olu-limburg.de\/wp-content\/uploads\/2019\/12\/P1030624_ergebnis.jpg 800w, https:\/\/olu-limburg.de\/wp-content\/uploads\/2019\/12\/P1030624_ergebnis-300x225.jpg 300w, https:\/\/olu-limburg.de\/wp-content\/uploads\/2019\/12\/P1030624_ergebnis-768x576.jpg 768w, https:\/\/olu-limburg.de\/wp-content\/uploads\/2019\/12\/P1030624_ergebnis-624x468.jpg 624w\" sizes=\"auto, (max-width: 800px) 100vw, 800px\" \/><\/a><\/p>\n<p><a href=\"https:\/\/olu-limburg.de\/wp-content\/uploads\/2019\/12\/DSC01278_ergebnis.jpg\"><img loading=\"lazy\" decoding=\"async\" class=\"size-full wp-image-21503 aligncenter\" src=\"https:\/\/olu-limburg.de\/wp-content\/uploads\/2019\/12\/DSC01278_ergebnis.jpg\" alt=\"\" width=\"800\" height=\"600\" srcset=\"https:\/\/olu-limburg.de\/wp-content\/uploads\/2019\/12\/DSC01278_ergebnis.jpg 800w, https:\/\/olu-limburg.de\/wp-content\/uploads\/2019\/12\/DSC01278_ergebnis-300x225.jpg 300w, https:\/\/olu-limburg.de\/wp-content\/uploads\/2019\/12\/DSC01278_ergebnis-768x576.jpg 768w, https:\/\/olu-limburg.de\/wp-content\/uploads\/2019\/12\/DSC01278_ergebnis-624x468.jpg 624w\" sizes=\"auto, (max-width: 800px) 100vw, 800px\" \/><\/a><\/p>\n<p>Wir haben noch Bewegungsbedarf, und spazieren ein wenig durch den Ort.<\/p>\n<p><a href=\"https:\/\/olu-limburg.de\/wp-content\/uploads\/2019\/12\/P1030631_ergebnis-e1575310478943.jpg\"><img loading=\"lazy\" decoding=\"async\" class=\"size-full wp-image-21507 alignleft\" src=\"https:\/\/olu-limburg.de\/wp-content\/uploads\/2019\/12\/P1030631_ergebnis-e1575310478943.jpg\" alt=\"\" width=\"450\" height=\"600\" \/><\/a><\/p>\n<div id=\"attachment_21505\" style=\"width: 460px\" class=\"wp-caption alignright\"><a href=\"https:\/\/olu-limburg.de\/wp-content\/uploads\/2019\/12\/P1030628_ergebnis-e1575310416112.jpg\"><img loading=\"lazy\" decoding=\"async\" aria-describedby=\"caption-attachment-21505\" class=\"size-full wp-image-21505\" src=\"https:\/\/olu-limburg.de\/wp-content\/uploads\/2019\/12\/P1030628_ergebnis-e1575310416112.jpg\" alt=\"\" width=\"450\" height=\"600\" \/><\/a><p id=\"caption-attachment-21505\" class=\"wp-caption-text\">Denkmal f\u00fcr den Torrero, Iv\u00e1n Fandino, der hier am 17.06.2017 sein Leben verlor<\/p><\/div>\n<p><a href=\"https:\/\/olu-limburg.de\/wp-content\/uploads\/2019\/12\/P1030630_ergebnis.jpg\"><img loading=\"lazy\" decoding=\"async\" class=\"size-full wp-image-21506 aligncenter\" src=\"https:\/\/olu-limburg.de\/wp-content\/uploads\/2019\/12\/P1030630_ergebnis.jpg\" alt=\"\" width=\"800\" height=\"600\" srcset=\"https:\/\/olu-limburg.de\/wp-content\/uploads\/2019\/12\/P1030630_ergebnis.jpg 800w, https:\/\/olu-limburg.de\/wp-content\/uploads\/2019\/12\/P1030630_ergebnis-300x225.jpg 300w, https:\/\/olu-limburg.de\/wp-content\/uploads\/2019\/12\/P1030630_ergebnis-768x576.jpg 768w, https:\/\/olu-limburg.de\/wp-content\/uploads\/2019\/12\/P1030630_ergebnis-624x468.jpg 624w\" sizes=\"auto, (max-width: 800px) 100vw, 800px\" \/><\/a><\/p>\n<p><a href=\"https:\/\/olu-limburg.de\/wp-content\/uploads\/2019\/12\/P1030632_ergebnis.jpg\"><img loading=\"lazy\" decoding=\"async\" class=\"size-full wp-image-21508 aligncenter\" src=\"https:\/\/olu-limburg.de\/wp-content\/uploads\/2019\/12\/P1030632_ergebnis.jpg\" alt=\"\" width=\"800\" height=\"600\" srcset=\"https:\/\/olu-limburg.de\/wp-content\/uploads\/2019\/12\/P1030632_ergebnis.jpg 800w, https:\/\/olu-limburg.de\/wp-content\/uploads\/2019\/12\/P1030632_ergebnis-300x225.jpg 300w, https:\/\/olu-limburg.de\/wp-content\/uploads\/2019\/12\/P1030632_ergebnis-768x576.jpg 768w, https:\/\/olu-limburg.de\/wp-content\/uploads\/2019\/12\/P1030632_ergebnis-624x468.jpg 624w\" sizes=\"auto, (max-width: 800px) 100vw, 800px\" \/><\/a><\/p>\n<p><a href=\"https:\/\/olu-limburg.de\/wp-content\/uploads\/2019\/12\/P1030633_ergebnis-e1575310576932.jpg\"><img loading=\"lazy\" decoding=\"async\" class=\"size-full wp-image-21509 aligncenter\" src=\"https:\/\/olu-limburg.de\/wp-content\/uploads\/2019\/12\/P1030633_ergebnis-e1575310576932.jpg\" alt=\"\" width=\"450\" height=\"600\" \/><\/a><\/p>\n<div id=\"attachment_21510\" style=\"width: 460px\" class=\"wp-caption alignleft\"><a href=\"https:\/\/olu-limburg.de\/wp-content\/uploads\/2019\/12\/P1030634_ergebnis-e1575310591805.jpg\"><img loading=\"lazy\" decoding=\"async\" aria-describedby=\"caption-attachment-21510\" class=\"wp-image-21510 size-full\" src=\"https:\/\/olu-limburg.de\/wp-content\/uploads\/2019\/12\/P1030634_ergebnis-e1575310591805.jpg\" alt=\"\" width=\"450\" height=\"600\" \/><\/a><p id=\"caption-attachment-21510\" class=\"wp-caption-text\">Cath\u00e9drale St. Jean Baptiste<\/p><\/div>\n<p><a href=\"https:\/\/olu-limburg.de\/wp-content\/uploads\/2019\/12\/P1030636_ergebnis-e1575310609543.jpg\"><img loading=\"lazy\" decoding=\"async\" class=\"size-full wp-image-21511 alignright\" src=\"https:\/\/olu-limburg.de\/wp-content\/uploads\/2019\/12\/P1030636_ergebnis-e1575310609543.jpg\" alt=\"\" width=\"450\" height=\"600\" \/><\/a><\/p>\n<p><a href=\"https:\/\/olu-limburg.de\/wp-content\/uploads\/2019\/12\/P1030638_ergebnis-e1575310628257.jpg\"><img loading=\"lazy\" decoding=\"async\" class=\"size-full wp-image-21512 aligncenter\" src=\"https:\/\/olu-limburg.de\/wp-content\/uploads\/2019\/12\/P1030638_ergebnis-e1575310628257.jpg\" alt=\"\" width=\"450\" height=\"600\" \/><\/a><\/p>\n<p><a href=\"https:\/\/olu-limburg.de\/wp-content\/uploads\/2019\/12\/P1030639_ergebnis.jpg\"><img loading=\"lazy\" decoding=\"async\" class=\"size-full wp-image-21513 aligncenter\" src=\"https:\/\/olu-limburg.de\/wp-content\/uploads\/2019\/12\/P1030639_ergebnis.jpg\" alt=\"\" width=\"800\" height=\"600\" srcset=\"https:\/\/olu-limburg.de\/wp-content\/uploads\/2019\/12\/P1030639_ergebnis.jpg 800w, https:\/\/olu-limburg.de\/wp-content\/uploads\/2019\/12\/P1030639_ergebnis-300x225.jpg 300w, https:\/\/olu-limburg.de\/wp-content\/uploads\/2019\/12\/P1030639_ergebnis-768x576.jpg 768w, https:\/\/olu-limburg.de\/wp-content\/uploads\/2019\/12\/P1030639_ergebnis-624x468.jpg 624w\" sizes=\"auto, (max-width: 800px) 100vw, 800px\" \/><\/a><\/p>\n<div id=\"attachment_21514\" style=\"width: 460px\" class=\"wp-caption aligncenter\"><a href=\"https:\/\/olu-limburg.de\/wp-content\/uploads\/2019\/12\/P1030642_ergebnis-e1575310830634.jpg\"><img loading=\"lazy\" decoding=\"async\" aria-describedby=\"caption-attachment-21514\" class=\"wp-image-21514 size-full\" src=\"https:\/\/olu-limburg.de\/wp-content\/uploads\/2019\/12\/P1030642_ergebnis-e1575310830634.jpg\" alt=\"\" width=\"450\" height=\"600\" \/><\/a><p id=\"caption-attachment-21514\" class=\"wp-caption-text\">ehemaliges Kloster, jetzt Heimstatt einer religi\u00f6sen Gemeinschaft<\/p><\/div>\n<p><a href=\"https:\/\/olu-limburg.de\/wp-content\/uploads\/2019\/12\/P1030643_ergebnis.jpg\"><img loading=\"lazy\" decoding=\"async\" class=\"size-full wp-image-21515 aligncenter\" src=\"https:\/\/olu-limburg.de\/wp-content\/uploads\/2019\/12\/P1030643_ergebnis.jpg\" alt=\"\" width=\"800\" height=\"600\" srcset=\"https:\/\/olu-limburg.de\/wp-content\/uploads\/2019\/12\/P1030643_ergebnis.jpg 800w, https:\/\/olu-limburg.de\/wp-content\/uploads\/2019\/12\/P1030643_ergebnis-300x225.jpg 300w, https:\/\/olu-limburg.de\/wp-content\/uploads\/2019\/12\/P1030643_ergebnis-768x576.jpg 768w, https:\/\/olu-limburg.de\/wp-content\/uploads\/2019\/12\/P1030643_ergebnis-624x468.jpg 624w\" sizes=\"auto, (max-width: 800px) 100vw, 800px\" \/><\/a><\/p>\n<p><a href=\"https:\/\/olu-limburg.de\/wp-content\/uploads\/2019\/12\/P1030645_ergebnis.jpg\"><img loading=\"lazy\" decoding=\"async\" class=\"size-full wp-image-21516 aligncenter\" src=\"https:\/\/olu-limburg.de\/wp-content\/uploads\/2019\/12\/P1030645_ergebnis.jpg\" alt=\"\" width=\"800\" height=\"600\" srcset=\"https:\/\/olu-limburg.de\/wp-content\/uploads\/2019\/12\/P1030645_ergebnis.jpg 800w, https:\/\/olu-limburg.de\/wp-content\/uploads\/2019\/12\/P1030645_ergebnis-300x225.jpg 300w, https:\/\/olu-limburg.de\/wp-content\/uploads\/2019\/12\/P1030645_ergebnis-768x576.jpg 768w, https:\/\/olu-limburg.de\/wp-content\/uploads\/2019\/12\/P1030645_ergebnis-624x468.jpg 624w\" sizes=\"auto, (max-width: 800px) 100vw, 800px\" \/><\/a><\/p>\n<div id=\"attachment_21517\" style=\"width: 810px\" class=\"wp-caption aligncenter\"><a href=\"https:\/\/olu-limburg.de\/wp-content\/uploads\/2019\/12\/P1030646_ergebnis.jpg\"><img loading=\"lazy\" decoding=\"async\" aria-describedby=\"caption-attachment-21517\" class=\"size-full wp-image-21517\" src=\"https:\/\/olu-limburg.de\/wp-content\/uploads\/2019\/12\/P1030646_ergebnis.jpg\" alt=\"\" width=\"800\" height=\"600\" srcset=\"https:\/\/olu-limburg.de\/wp-content\/uploads\/2019\/12\/P1030646_ergebnis.jpg 800w, https:\/\/olu-limburg.de\/wp-content\/uploads\/2019\/12\/P1030646_ergebnis-300x225.jpg 300w, https:\/\/olu-limburg.de\/wp-content\/uploads\/2019\/12\/P1030646_ergebnis-768x576.jpg 768w, https:\/\/olu-limburg.de\/wp-content\/uploads\/2019\/12\/P1030646_ergebnis-624x468.jpg 624w\" sizes=\"auto, (max-width: 800px) 100vw, 800px\" \/><\/a><p id=\"caption-attachment-21517\" class=\"wp-caption-text\">Halle aux Cr\u00e9ateurs<\/p><\/div>\n<div id=\"attachment_21518\" style=\"width: 460px\" class=\"wp-caption aligncenter\"><a href=\"https:\/\/olu-limburg.de\/wp-content\/uploads\/2019\/12\/P1030647_ergebnis-e1575311008859.jpg\"><img loading=\"lazy\" decoding=\"async\" aria-describedby=\"caption-attachment-21518\" class=\"size-full wp-image-21518\" src=\"https:\/\/olu-limburg.de\/wp-content\/uploads\/2019\/12\/P1030647_ergebnis-e1575311008859.jpg\" alt=\"\" width=\"450\" height=\"600\" \/><\/a><p id=\"caption-attachment-21518\" class=\"wp-caption-text\">Und was ist wohl das?<\/p><\/div>\n<p>Tagesstrecke:\u00a0 129 km<\/p>\n<p>&nbsp;<\/p>\n<p><strong>Samstag, 05.10.2019<\/strong><\/p>\n<p>Bei dem B\u00e4cker an der Br\u00fccke gibt es wirklich gutes Baguette und Croissants. Nach dem ausgiebigen Fr\u00fchst\u00fcck zieht es uns wieder weiter. Unterwegs sehe ich in Nogaro noch eine Distillerie, in der ich mir einen guten Armagnac kaufe.<\/p>\n<p><a href=\"https:\/\/olu-limburg.de\/wp-content\/uploads\/2019\/12\/IMG_20191005_110851_ergebnis.jpg\"><img loading=\"lazy\" decoding=\"async\" class=\"size-full wp-image-21551 aligncenter\" src=\"https:\/\/olu-limburg.de\/wp-content\/uploads\/2019\/12\/IMG_20191005_110851_ergebnis.jpg\" alt=\"\" width=\"800\" height=\"600\" srcset=\"https:\/\/olu-limburg.de\/wp-content\/uploads\/2019\/12\/IMG_20191005_110851_ergebnis.jpg 800w, https:\/\/olu-limburg.de\/wp-content\/uploads\/2019\/12\/IMG_20191005_110851_ergebnis-300x225.jpg 300w, https:\/\/olu-limburg.de\/wp-content\/uploads\/2019\/12\/IMG_20191005_110851_ergebnis-768x576.jpg 768w, https:\/\/olu-limburg.de\/wp-content\/uploads\/2019\/12\/IMG_20191005_110851_ergebnis-624x468.jpg 624w\" sizes=\"auto, (max-width: 800px) 100vw, 800px\" \/><\/a><\/p>\n<p><a href=\"https:\/\/olu-limburg.de\/wp-content\/uploads\/2019\/12\/IMG_20191005_105144_ergebnis.jpg\"><img loading=\"lazy\" decoding=\"async\" class=\"size-full wp-image-21547 aligncenter\" src=\"https:\/\/olu-limburg.de\/wp-content\/uploads\/2019\/12\/IMG_20191005_105144_ergebnis.jpg\" alt=\"\" width=\"800\" height=\"600\" srcset=\"https:\/\/olu-limburg.de\/wp-content\/uploads\/2019\/12\/IMG_20191005_105144_ergebnis.jpg 800w, https:\/\/olu-limburg.de\/wp-content\/uploads\/2019\/12\/IMG_20191005_105144_ergebnis-300x225.jpg 300w, https:\/\/olu-limburg.de\/wp-content\/uploads\/2019\/12\/IMG_20191005_105144_ergebnis-768x576.jpg 768w, https:\/\/olu-limburg.de\/wp-content\/uploads\/2019\/12\/IMG_20191005_105144_ergebnis-624x468.jpg 624w\" sizes=\"auto, (max-width: 800px) 100vw, 800px\" \/><\/a><\/p>\n<p>Nogaro hat aber noch mehr zu bieten, z. B. eine Stierkampf-Arena, in der der unblutige Wettgstreit (Course Landaise) mit dem Stier gepflegt wird, &#8230;<\/p>\n<p><a href=\"https:\/\/olu-limburg.de\/wp-content\/uploads\/2019\/12\/IMG_20191005_110232_ergebnis.jpg\"><img loading=\"lazy\" decoding=\"async\" class=\"size-full wp-image-21548 aligncenter\" src=\"https:\/\/olu-limburg.de\/wp-content\/uploads\/2019\/12\/IMG_20191005_110232_ergebnis.jpg\" alt=\"\" width=\"800\" height=\"600\" srcset=\"https:\/\/olu-limburg.de\/wp-content\/uploads\/2019\/12\/IMG_20191005_110232_ergebnis.jpg 800w, https:\/\/olu-limburg.de\/wp-content\/uploads\/2019\/12\/IMG_20191005_110232_ergebnis-300x225.jpg 300w, https:\/\/olu-limburg.de\/wp-content\/uploads\/2019\/12\/IMG_20191005_110232_ergebnis-768x576.jpg 768w, https:\/\/olu-limburg.de\/wp-content\/uploads\/2019\/12\/IMG_20191005_110232_ergebnis-624x468.jpg 624w\" sizes=\"auto, (max-width: 800px) 100vw, 800px\" \/><\/a><\/p>\n<p><a href=\"https:\/\/olu-limburg.de\/wp-content\/uploads\/2019\/12\/IMG_20191005_110325_ergebnis.jpg\"><img loading=\"lazy\" decoding=\"async\" class=\"size-full wp-image-21549 aligncenter\" src=\"https:\/\/olu-limburg.de\/wp-content\/uploads\/2019\/12\/IMG_20191005_110325_ergebnis.jpg\" alt=\"\" width=\"800\" height=\"600\" srcset=\"https:\/\/olu-limburg.de\/wp-content\/uploads\/2019\/12\/IMG_20191005_110325_ergebnis.jpg 800w, https:\/\/olu-limburg.de\/wp-content\/uploads\/2019\/12\/IMG_20191005_110325_ergebnis-300x225.jpg 300w, https:\/\/olu-limburg.de\/wp-content\/uploads\/2019\/12\/IMG_20191005_110325_ergebnis-768x576.jpg 768w, https:\/\/olu-limburg.de\/wp-content\/uploads\/2019\/12\/IMG_20191005_110325_ergebnis-624x468.jpg 624w\" sizes=\"auto, (max-width: 800px) 100vw, 800px\" \/><\/a><\/p>\n<p><a href=\"https:\/\/olu-limburg.de\/wp-content\/uploads\/2019\/12\/IMG_20191005_110626_ergebnis.jpg\"><img loading=\"lazy\" decoding=\"async\" class=\"size-full wp-image-21550 aligncenter\" src=\"https:\/\/olu-limburg.de\/wp-content\/uploads\/2019\/12\/IMG_20191005_110626_ergebnis.jpg\" alt=\"\" width=\"800\" height=\"600\" srcset=\"https:\/\/olu-limburg.de\/wp-content\/uploads\/2019\/12\/IMG_20191005_110626_ergebnis.jpg 800w, https:\/\/olu-limburg.de\/wp-content\/uploads\/2019\/12\/IMG_20191005_110626_ergebnis-300x225.jpg 300w, https:\/\/olu-limburg.de\/wp-content\/uploads\/2019\/12\/IMG_20191005_110626_ergebnis-768x576.jpg 768w, https:\/\/olu-limburg.de\/wp-content\/uploads\/2019\/12\/IMG_20191005_110626_ergebnis-624x468.jpg 624w\" sizes=\"auto, (max-width: 800px) 100vw, 800px\" \/><\/a><\/p>\n<p><a href=\"https:\/\/olu-limburg.de\/wp-content\/uploads\/2019\/12\/P1010498_ergebnis-scaled-e1575364587829.jpg\"><img loading=\"lazy\" decoding=\"async\" class=\"size-full wp-image-21544 aligncenter\" src=\"https:\/\/olu-limburg.de\/wp-content\/uploads\/2019\/12\/P1010498_ergebnis-scaled-e1575364587829.jpg\" alt=\"\" width=\"450\" height=\"600\" \/><\/a><\/p>\n<p>&#8230; und den Nogaro-Ring. Heute wird dort ein Rennen gefahren.<\/p>\n<p><a href=\"https:\/\/olu-limburg.de\/wp-content\/uploads\/2019\/12\/IMG_20191005_111033_ergebnis-e1575385088618.jpg\"><img loading=\"lazy\" decoding=\"async\" class=\"size-full wp-image-21552 aligncenter\" src=\"https:\/\/olu-limburg.de\/wp-content\/uploads\/2019\/12\/IMG_20191005_111033_ergebnis-e1575385088618.jpg\" alt=\"\" width=\"450\" height=\"600\" \/><\/a><\/p>\n<p>Entlang der Garonne erreichen wir recht z\u00fcgig unseren n\u00e4chsten \u00dcbernachtungsplatz in Moissac.<\/p>\n<p>Der Stellplatz mit V+E und Strom (Geb\u00fchr EUR 6,00) scheint neu hergerichtet zu sein. Heute bekochen wir uns selbst mit etwas ganz Besonderem: Pf\u00e4lzer Saumagen, Bratkartoffeln und Salat.<\/p>\n<p>Danach spazieren wir am Canal Lat\u00e9ral \u00e0 la Garonne entlang zur Kanal-Br\u00fccke, Pont-Canal du Cacor, die \u00fcber den Tarn f\u00fchrt, der etwas au\u00dferhalb von Moissac in die Garonne m\u00fcndet. Mit dem Bau der 356 m langen Kanal-Br\u00fccke wurde 1842 begonnen, und 1846 abgeschlossen.<\/p>\n<p><a href=\"https:\/\/olu-limburg.de\/wp-content\/uploads\/2019\/12\/P1030648_ergebnis.jpg\"><img loading=\"lazy\" decoding=\"async\" class=\"size-full wp-image-21553 aligncenter\" src=\"https:\/\/olu-limburg.de\/wp-content\/uploads\/2019\/12\/P1030648_ergebnis.jpg\" alt=\"\" width=\"800\" height=\"600\" srcset=\"https:\/\/olu-limburg.de\/wp-content\/uploads\/2019\/12\/P1030648_ergebnis.jpg 800w, https:\/\/olu-limburg.de\/wp-content\/uploads\/2019\/12\/P1030648_ergebnis-300x225.jpg 300w, https:\/\/olu-limburg.de\/wp-content\/uploads\/2019\/12\/P1030648_ergebnis-768x576.jpg 768w, https:\/\/olu-limburg.de\/wp-content\/uploads\/2019\/12\/P1030648_ergebnis-624x468.jpg 624w\" sizes=\"auto, (max-width: 800px) 100vw, 800px\" \/><\/a><\/p>\n<p><a href=\"https:\/\/olu-limburg.de\/wp-content\/uploads\/2019\/12\/P1010506_ergebnis.jpg\"><img loading=\"lazy\" decoding=\"async\" class=\"size-full wp-image-21639 aligncenter\" src=\"https:\/\/olu-limburg.de\/wp-content\/uploads\/2019\/12\/P1010506_ergebnis.jpg\" alt=\"\" width=\"800\" height=\"600\" srcset=\"https:\/\/olu-limburg.de\/wp-content\/uploads\/2019\/12\/P1010506_ergebnis.jpg 800w, https:\/\/olu-limburg.de\/wp-content\/uploads\/2019\/12\/P1010506_ergebnis-300x225.jpg 300w, https:\/\/olu-limburg.de\/wp-content\/uploads\/2019\/12\/P1010506_ergebnis-768x576.jpg 768w, https:\/\/olu-limburg.de\/wp-content\/uploads\/2019\/12\/P1010506_ergebnis-624x468.jpg 624w\" sizes=\"auto, (max-width: 800px) 100vw, 800px\" \/><\/a><\/p>\n<p><a href=\"https:\/\/olu-limburg.de\/wp-content\/uploads\/2019\/12\/20191005_165846_ergebnis-e1575651465270.jpg\"><img loading=\"lazy\" decoding=\"async\" class=\"size-full wp-image-21638 aligncenter\" src=\"https:\/\/olu-limburg.de\/wp-content\/uploads\/2019\/12\/20191005_165846_ergebnis-e1575651465270.jpg\" alt=\"\" width=\"450\" height=\"600\" \/><\/a><\/p>\n<p><a href=\"https:\/\/olu-limburg.de\/wp-content\/uploads\/2019\/12\/P1010518_ergebnis.jpg\"><img loading=\"lazy\" decoding=\"async\" class=\"size-full wp-image-21641 aligncenter\" src=\"https:\/\/olu-limburg.de\/wp-content\/uploads\/2019\/12\/P1010518_ergebnis.jpg\" alt=\"\" width=\"800\" height=\"600\" srcset=\"https:\/\/olu-limburg.de\/wp-content\/uploads\/2019\/12\/P1010518_ergebnis.jpg 800w, https:\/\/olu-limburg.de\/wp-content\/uploads\/2019\/12\/P1010518_ergebnis-300x225.jpg 300w, https:\/\/olu-limburg.de\/wp-content\/uploads\/2019\/12\/P1010518_ergebnis-768x576.jpg 768w, https:\/\/olu-limburg.de\/wp-content\/uploads\/2019\/12\/P1010518_ergebnis-624x468.jpg 624w\" sizes=\"auto, (max-width: 800px) 100vw, 800px\" \/><\/a><\/p>\n<p><a href=\"https:\/\/olu-limburg.de\/wp-content\/uploads\/2019\/12\/P1030652_ergebnis.jpg\"><img loading=\"lazy\" decoding=\"async\" class=\"size-full wp-image-21556 aligncenter\" src=\"https:\/\/olu-limburg.de\/wp-content\/uploads\/2019\/12\/P1030652_ergebnis.jpg\" alt=\"\" width=\"800\" height=\"600\" srcset=\"https:\/\/olu-limburg.de\/wp-content\/uploads\/2019\/12\/P1030652_ergebnis.jpg 800w, https:\/\/olu-limburg.de\/wp-content\/uploads\/2019\/12\/P1030652_ergebnis-300x225.jpg 300w, https:\/\/olu-limburg.de\/wp-content\/uploads\/2019\/12\/P1030652_ergebnis-768x576.jpg 768w, https:\/\/olu-limburg.de\/wp-content\/uploads\/2019\/12\/P1030652_ergebnis-624x468.jpg 624w\" sizes=\"auto, (max-width: 800px) 100vw, 800px\" \/><\/a><\/p>\n<div id=\"attachment_21558\" style=\"width: 810px\" class=\"wp-caption aligncenter\"><a href=\"https:\/\/olu-limburg.de\/wp-content\/uploads\/2019\/12\/P1030654_ergebnis.jpg\"><img loading=\"lazy\" decoding=\"async\" aria-describedby=\"caption-attachment-21558\" class=\"wp-image-21558 size-full\" src=\"https:\/\/olu-limburg.de\/wp-content\/uploads\/2019\/12\/P1030654_ergebnis.jpg\" alt=\"\" width=\"800\" height=\"600\" srcset=\"https:\/\/olu-limburg.de\/wp-content\/uploads\/2019\/12\/P1030654_ergebnis.jpg 800w, https:\/\/olu-limburg.de\/wp-content\/uploads\/2019\/12\/P1030654_ergebnis-300x225.jpg 300w, https:\/\/olu-limburg.de\/wp-content\/uploads\/2019\/12\/P1030654_ergebnis-768x576.jpg 768w, https:\/\/olu-limburg.de\/wp-content\/uploads\/2019\/12\/P1030654_ergebnis-624x468.jpg 624w\" sizes=\"auto, (max-width: 800px) 100vw, 800px\" \/><\/a><p id=\"caption-attachment-21558\" class=\"wp-caption-text\">Pont-Canal du Cacor<\/p><\/div>\n<div id=\"attachment_21555\" style=\"width: 810px\" class=\"wp-caption aligncenter\"><a href=\"https:\/\/olu-limburg.de\/wp-content\/uploads\/2019\/12\/P1030651_ergebnis.jpg\"><img loading=\"lazy\" decoding=\"async\" aria-describedby=\"caption-attachment-21555\" class=\"size-full wp-image-21555\" src=\"https:\/\/olu-limburg.de\/wp-content\/uploads\/2019\/12\/P1030651_ergebnis.jpg\" alt=\"\" width=\"800\" height=\"600\" srcset=\"https:\/\/olu-limburg.de\/wp-content\/uploads\/2019\/12\/P1030651_ergebnis.jpg 800w, https:\/\/olu-limburg.de\/wp-content\/uploads\/2019\/12\/P1030651_ergebnis-300x225.jpg 300w, https:\/\/olu-limburg.de\/wp-content\/uploads\/2019\/12\/P1030651_ergebnis-768x576.jpg 768w, https:\/\/olu-limburg.de\/wp-content\/uploads\/2019\/12\/P1030651_ergebnis-624x468.jpg 624w\" sizes=\"auto, (max-width: 800px) 100vw, 800px\" \/><\/a><p id=\"caption-attachment-21555\" class=\"wp-caption-text\">f\u00fcr alle F\u00e4lle<\/p><\/div>\n<p><a href=\"https:\/\/olu-limburg.de\/wp-content\/uploads\/2019\/12\/P1010524_ergebnis.jpg\"><img loading=\"lazy\" decoding=\"async\" class=\"size-full wp-image-21642 aligncenter\" src=\"https:\/\/olu-limburg.de\/wp-content\/uploads\/2019\/12\/P1010524_ergebnis.jpg\" alt=\"\" width=\"800\" height=\"600\" srcset=\"https:\/\/olu-limburg.de\/wp-content\/uploads\/2019\/12\/P1010524_ergebnis.jpg 800w, https:\/\/olu-limburg.de\/wp-content\/uploads\/2019\/12\/P1010524_ergebnis-300x225.jpg 300w, https:\/\/olu-limburg.de\/wp-content\/uploads\/2019\/12\/P1010524_ergebnis-768x576.jpg 768w, https:\/\/olu-limburg.de\/wp-content\/uploads\/2019\/12\/P1010524_ergebnis-624x468.jpg 624w\" sizes=\"auto, (max-width: 800px) 100vw, 800px\" \/><\/a><\/p>\n<p>Wir schlie\u00dfen sogleich noch einen Rundgang durch Moissac an. In Richtung Marktplatz sehen wir, wie \u00fcberall in Altstadtbereichen, einigen Leerstand bei ehemaligen Gesch\u00e4ftsh\u00e4usern, der aber von K\u00fcnstlern ausgiebig genutzt wird.<\/p>\n<p><a href=\"https:\/\/olu-limburg.de\/wp-content\/uploads\/2019\/12\/P1030659_ergebnis.jpg\"><img loading=\"lazy\" decoding=\"async\" class=\"size-full wp-image-21560 aligncenter\" src=\"https:\/\/olu-limburg.de\/wp-content\/uploads\/2019\/12\/P1030659_ergebnis.jpg\" alt=\"\" width=\"800\" height=\"600\" srcset=\"https:\/\/olu-limburg.de\/wp-content\/uploads\/2019\/12\/P1030659_ergebnis.jpg 800w, https:\/\/olu-limburg.de\/wp-content\/uploads\/2019\/12\/P1030659_ergebnis-300x225.jpg 300w, https:\/\/olu-limburg.de\/wp-content\/uploads\/2019\/12\/P1030659_ergebnis-768x576.jpg 768w, https:\/\/olu-limburg.de\/wp-content\/uploads\/2019\/12\/P1030659_ergebnis-624x468.jpg 624w\" sizes=\"auto, (max-width: 800px) 100vw, 800px\" \/><\/a><\/p>\n<p><a href=\"https:\/\/olu-limburg.de\/wp-content\/uploads\/2019\/12\/P1030661_ergebnis.jpg\"><img loading=\"lazy\" decoding=\"async\" class=\"size-full wp-image-21561 aligncenter\" src=\"https:\/\/olu-limburg.de\/wp-content\/uploads\/2019\/12\/P1030661_ergebnis.jpg\" alt=\"\" width=\"800\" height=\"600\" srcset=\"https:\/\/olu-limburg.de\/wp-content\/uploads\/2019\/12\/P1030661_ergebnis.jpg 800w, https:\/\/olu-limburg.de\/wp-content\/uploads\/2019\/12\/P1030661_ergebnis-300x225.jpg 300w, https:\/\/olu-limburg.de\/wp-content\/uploads\/2019\/12\/P1030661_ergebnis-768x576.jpg 768w, https:\/\/olu-limburg.de\/wp-content\/uploads\/2019\/12\/P1030661_ergebnis-624x468.jpg 624w\" sizes=\"auto, (max-width: 800px) 100vw, 800px\" \/><\/a><\/p>\n<p><a href=\"https:\/\/olu-limburg.de\/wp-content\/uploads\/2019\/12\/P1010527_ergebnis-e1575651730275.jpg\"><img loading=\"lazy\" decoding=\"async\" class=\"size-full wp-image-21644 aligncenter\" src=\"https:\/\/olu-limburg.de\/wp-content\/uploads\/2019\/12\/P1010527_ergebnis-e1575651730275.jpg\" alt=\"\" width=\"450\" height=\"600\" \/><\/a><\/p>\n<div id=\"attachment_21562\" style=\"width: 810px\" class=\"wp-caption aligncenter\"><a href=\"https:\/\/olu-limburg.de\/wp-content\/uploads\/2019\/12\/P1030663_ergebnis.jpg\"><img loading=\"lazy\" decoding=\"async\" aria-describedby=\"caption-attachment-21562\" class=\"size-full wp-image-21562\" src=\"https:\/\/olu-limburg.de\/wp-content\/uploads\/2019\/12\/P1030663_ergebnis.jpg\" alt=\"\" width=\"800\" height=\"600\" srcset=\"https:\/\/olu-limburg.de\/wp-content\/uploads\/2019\/12\/P1030663_ergebnis.jpg 800w, https:\/\/olu-limburg.de\/wp-content\/uploads\/2019\/12\/P1030663_ergebnis-300x225.jpg 300w, https:\/\/olu-limburg.de\/wp-content\/uploads\/2019\/12\/P1030663_ergebnis-768x576.jpg 768w, https:\/\/olu-limburg.de\/wp-content\/uploads\/2019\/12\/P1030663_ergebnis-624x468.jpg 624w\" sizes=\"auto, (max-width: 800px) 100vw, 800px\" \/><\/a><p id=\"caption-attachment-21562\" class=\"wp-caption-text\">Auch hier fliegen die pinken Schirme als Zeichen durch die Luft.<\/p><\/div>\n<p><a href=\"https:\/\/olu-limburg.de\/wp-content\/uploads\/2019\/12\/P1030666_ergebnis-e1575386264182.jpg\"><img loading=\"lazy\" decoding=\"async\" class=\"size-full wp-image-21563 aligncenter\" src=\"https:\/\/olu-limburg.de\/wp-content\/uploads\/2019\/12\/P1030666_ergebnis-e1575386264182.jpg\" alt=\"\" width=\"450\" height=\"600\" \/><\/a><\/p>\n<p><a href=\"https:\/\/olu-limburg.de\/wp-content\/uploads\/2019\/12\/P1030670_ergebnis.jpg\"><img loading=\"lazy\" decoding=\"async\" class=\"size-full wp-image-21565 aligncenter\" src=\"https:\/\/olu-limburg.de\/wp-content\/uploads\/2019\/12\/P1030670_ergebnis.jpg\" alt=\"\" width=\"800\" height=\"600\" srcset=\"https:\/\/olu-limburg.de\/wp-content\/uploads\/2019\/12\/P1030670_ergebnis.jpg 800w, https:\/\/olu-limburg.de\/wp-content\/uploads\/2019\/12\/P1030670_ergebnis-300x225.jpg 300w, https:\/\/olu-limburg.de\/wp-content\/uploads\/2019\/12\/P1030670_ergebnis-768x576.jpg 768w, https:\/\/olu-limburg.de\/wp-content\/uploads\/2019\/12\/P1030670_ergebnis-624x468.jpg 624w\" sizes=\"auto, (max-width: 800px) 100vw, 800px\" \/><\/a><\/p>\n<p><a href=\"https:\/\/olu-limburg.de\/wp-content\/uploads\/2019\/12\/P1030671_ergebnis-e1575386300284.jpg\"><img loading=\"lazy\" decoding=\"async\" class=\"size-full wp-image-21566 aligncenter\" src=\"https:\/\/olu-limburg.de\/wp-content\/uploads\/2019\/12\/P1030671_ergebnis-e1575386300284.jpg\" alt=\"\" width=\"450\" height=\"600\" \/><\/a><\/p>\n<p><a href=\"https:\/\/olu-limburg.de\/wp-content\/uploads\/2019\/12\/P1030679_ergebnis.jpg\"><img loading=\"lazy\" decoding=\"async\" class=\"size-full wp-image-21567 aligncenter\" src=\"https:\/\/olu-limburg.de\/wp-content\/uploads\/2019\/12\/P1030679_ergebnis.jpg\" alt=\"\" width=\"800\" height=\"600\" srcset=\"https:\/\/olu-limburg.de\/wp-content\/uploads\/2019\/12\/P1030679_ergebnis.jpg 800w, https:\/\/olu-limburg.de\/wp-content\/uploads\/2019\/12\/P1030679_ergebnis-300x225.jpg 300w, https:\/\/olu-limburg.de\/wp-content\/uploads\/2019\/12\/P1030679_ergebnis-768x576.jpg 768w, https:\/\/olu-limburg.de\/wp-content\/uploads\/2019\/12\/P1030679_ergebnis-624x468.jpg 624w\" sizes=\"auto, (max-width: 800px) 100vw, 800px\" \/><\/a><\/p>\n<p><a href=\"https:\/\/olu-limburg.de\/wp-content\/uploads\/2019\/12\/P1030682_ergebnis-e1575386333397.jpg\"><img loading=\"lazy\" decoding=\"async\" class=\"size-full wp-image-21568 alignleft\" src=\"https:\/\/olu-limburg.de\/wp-content\/uploads\/2019\/12\/P1030682_ergebnis-e1575386333397.jpg\" alt=\"\" width=\"450\" height=\"600\" \/><\/a><\/p>\n<p><a href=\"https:\/\/olu-limburg.de\/wp-content\/uploads\/2019\/12\/P1030683_ergebnis-e1575386350537.jpg\"><img loading=\"lazy\" decoding=\"async\" class=\"size-full wp-image-21569 alignright\" src=\"https:\/\/olu-limburg.de\/wp-content\/uploads\/2019\/12\/P1030683_ergebnis-e1575386350537.jpg\" alt=\"\" width=\"450\" height=\"600\" \/><\/a><\/p>\n<p><a href=\"https:\/\/olu-limburg.de\/wp-content\/uploads\/2019\/12\/P1030686_ergebnis.jpg\"><img loading=\"lazy\" decoding=\"async\" class=\"size-full wp-image-21571 aligncenter\" src=\"https:\/\/olu-limburg.de\/wp-content\/uploads\/2019\/12\/P1030686_ergebnis.jpg\" alt=\"\" width=\"800\" height=\"600\" srcset=\"https:\/\/olu-limburg.de\/wp-content\/uploads\/2019\/12\/P1030686_ergebnis.jpg 800w, https:\/\/olu-limburg.de\/wp-content\/uploads\/2019\/12\/P1030686_ergebnis-300x225.jpg 300w, https:\/\/olu-limburg.de\/wp-content\/uploads\/2019\/12\/P1030686_ergebnis-768x576.jpg 768w, https:\/\/olu-limburg.de\/wp-content\/uploads\/2019\/12\/P1030686_ergebnis-624x468.jpg 624w\" sizes=\"auto, (max-width: 800px) 100vw, 800px\" \/><\/a><\/p>\n<p>Besonders bemerkenswert ist ebenfalls noch das Areal der Abbaye-Saint-Pierre.<\/p>\n<p><a href=\"https:\/\/olu-limburg.de\/wp-content\/uploads\/2019\/12\/P1030684_ergebnis.jpg\"><img loading=\"lazy\" decoding=\"async\" class=\"size-full wp-image-21570 aligncenter\" src=\"https:\/\/olu-limburg.de\/wp-content\/uploads\/2019\/12\/P1030684_ergebnis.jpg\" alt=\"\" width=\"800\" height=\"600\" srcset=\"https:\/\/olu-limburg.de\/wp-content\/uploads\/2019\/12\/P1030684_ergebnis.jpg 800w, https:\/\/olu-limburg.de\/wp-content\/uploads\/2019\/12\/P1030684_ergebnis-300x225.jpg 300w, https:\/\/olu-limburg.de\/wp-content\/uploads\/2019\/12\/P1030684_ergebnis-768x576.jpg 768w, https:\/\/olu-limburg.de\/wp-content\/uploads\/2019\/12\/P1030684_ergebnis-624x468.jpg 624w\" sizes=\"auto, (max-width: 800px) 100vw, 800px\" \/><\/a><\/p>\n<p><a href=\"https:\/\/olu-limburg.de\/wp-content\/uploads\/2019\/12\/IMG_20191005_183500_ergebnis.jpg\"><img loading=\"lazy\" decoding=\"async\" class=\"size-full wp-image-21577 aligncenter\" src=\"https:\/\/olu-limburg.de\/wp-content\/uploads\/2019\/12\/IMG_20191005_183500_ergebnis.jpg\" alt=\"\" width=\"800\" height=\"600\" srcset=\"https:\/\/olu-limburg.de\/wp-content\/uploads\/2019\/12\/IMG_20191005_183500_ergebnis.jpg 800w, https:\/\/olu-limburg.de\/wp-content\/uploads\/2019\/12\/IMG_20191005_183500_ergebnis-300x225.jpg 300w, https:\/\/olu-limburg.de\/wp-content\/uploads\/2019\/12\/IMG_20191005_183500_ergebnis-768x576.jpg 768w, https:\/\/olu-limburg.de\/wp-content\/uploads\/2019\/12\/IMG_20191005_183500_ergebnis-624x468.jpg 624w\" sizes=\"auto, (max-width: 800px) 100vw, 800px\" \/><\/a><\/p>\n<p><a href=\"https:\/\/olu-limburg.de\/wp-content\/uploads\/2019\/12\/P1030704_ergebnis-e1575387201652.jpg\"><img loading=\"lazy\" decoding=\"async\" class=\"size-full wp-image-21578 aligncenter\" src=\"https:\/\/olu-limburg.de\/wp-content\/uploads\/2019\/12\/P1030704_ergebnis-e1575387201652.jpg\" alt=\"\" width=\"450\" height=\"600\" \/><\/a><\/p>\n<p><a href=\"https:\/\/olu-limburg.de\/wp-content\/uploads\/2019\/12\/P1030687_ergebnis.jpg\"><img loading=\"lazy\" decoding=\"async\" class=\"size-full wp-image-21572 aligncenter\" src=\"https:\/\/olu-limburg.de\/wp-content\/uploads\/2019\/12\/P1030687_ergebnis.jpg\" alt=\"\" width=\"800\" height=\"600\" srcset=\"https:\/\/olu-limburg.de\/wp-content\/uploads\/2019\/12\/P1030687_ergebnis.jpg 800w, https:\/\/olu-limburg.de\/wp-content\/uploads\/2019\/12\/P1030687_ergebnis-300x225.jpg 300w, https:\/\/olu-limburg.de\/wp-content\/uploads\/2019\/12\/P1030687_ergebnis-768x576.jpg 768w, https:\/\/olu-limburg.de\/wp-content\/uploads\/2019\/12\/P1030687_ergebnis-624x468.jpg 624w\" sizes=\"auto, (max-width: 800px) 100vw, 800px\" \/><\/a><\/p>\n<p><a href=\"https:\/\/olu-limburg.de\/wp-content\/uploads\/2019\/12\/P1030688_ergebnis.jpg\"><img loading=\"lazy\" decoding=\"async\" class=\"size-full wp-image-21573 aligncenter\" src=\"https:\/\/olu-limburg.de\/wp-content\/uploads\/2019\/12\/P1030688_ergebnis.jpg\" alt=\"\" width=\"800\" height=\"600\" srcset=\"https:\/\/olu-limburg.de\/wp-content\/uploads\/2019\/12\/P1030688_ergebnis.jpg 800w, https:\/\/olu-limburg.de\/wp-content\/uploads\/2019\/12\/P1030688_ergebnis-300x225.jpg 300w, https:\/\/olu-limburg.de\/wp-content\/uploads\/2019\/12\/P1030688_ergebnis-768x576.jpg 768w, https:\/\/olu-limburg.de\/wp-content\/uploads\/2019\/12\/P1030688_ergebnis-624x468.jpg 624w\" sizes=\"auto, (max-width: 800px) 100vw, 800px\" \/><\/a><\/p>\n<p><a href=\"https:\/\/olu-limburg.de\/wp-content\/uploads\/2019\/12\/P1030691_ergebnis.jpg\"><img loading=\"lazy\" decoding=\"async\" class=\"size-full wp-image-21574 aligncenter\" src=\"https:\/\/olu-limburg.de\/wp-content\/uploads\/2019\/12\/P1030691_ergebnis.jpg\" alt=\"\" width=\"800\" height=\"600\" srcset=\"https:\/\/olu-limburg.de\/wp-content\/uploads\/2019\/12\/P1030691_ergebnis.jpg 800w, https:\/\/olu-limburg.de\/wp-content\/uploads\/2019\/12\/P1030691_ergebnis-300x225.jpg 300w, https:\/\/olu-limburg.de\/wp-content\/uploads\/2019\/12\/P1030691_ergebnis-768x576.jpg 768w, https:\/\/olu-limburg.de\/wp-content\/uploads\/2019\/12\/P1030691_ergebnis-624x468.jpg 624w\" sizes=\"auto, (max-width: 800px) 100vw, 800px\" \/><\/a><\/p>\n<p><a href=\"https:\/\/olu-limburg.de\/wp-content\/uploads\/2019\/12\/P1030710_ergebnis.jpg\"><img loading=\"lazy\" decoding=\"async\" class=\"size-full wp-image-21579 aligncenter\" src=\"https:\/\/olu-limburg.de\/wp-content\/uploads\/2019\/12\/P1030710_ergebnis.jpg\" alt=\"\" width=\"800\" height=\"600\" srcset=\"https:\/\/olu-limburg.de\/wp-content\/uploads\/2019\/12\/P1030710_ergebnis.jpg 800w, https:\/\/olu-limburg.de\/wp-content\/uploads\/2019\/12\/P1030710_ergebnis-300x225.jpg 300w, https:\/\/olu-limburg.de\/wp-content\/uploads\/2019\/12\/P1030710_ergebnis-768x576.jpg 768w, https:\/\/olu-limburg.de\/wp-content\/uploads\/2019\/12\/P1030710_ergebnis-624x468.jpg 624w\" sizes=\"auto, (max-width: 800px) 100vw, 800px\" \/><\/a><\/p>\n<p><a href=\"https:\/\/olu-limburg.de\/wp-content\/uploads\/2019\/12\/P1030693_ergebnis.jpg\"><img loading=\"lazy\" decoding=\"async\" class=\"size-full wp-image-21575 aligncenter\" src=\"https:\/\/olu-limburg.de\/wp-content\/uploads\/2019\/12\/P1030693_ergebnis.jpg\" alt=\"\" width=\"800\" height=\"600\" srcset=\"https:\/\/olu-limburg.de\/wp-content\/uploads\/2019\/12\/P1030693_ergebnis.jpg 800w, https:\/\/olu-limburg.de\/wp-content\/uploads\/2019\/12\/P1030693_ergebnis-300x225.jpg 300w, https:\/\/olu-limburg.de\/wp-content\/uploads\/2019\/12\/P1030693_ergebnis-768x576.jpg 768w, https:\/\/olu-limburg.de\/wp-content\/uploads\/2019\/12\/P1030693_ergebnis-624x468.jpg 624w\" sizes=\"auto, (max-width: 800px) 100vw, 800px\" \/><\/a><\/p>\n<p><a href=\"https:\/\/olu-limburg.de\/wp-content\/uploads\/2019\/12\/P1010549_ergebnis.jpg\"><img loading=\"lazy\" decoding=\"async\" class=\"size-full wp-image-21645 aligncenter\" src=\"https:\/\/olu-limburg.de\/wp-content\/uploads\/2019\/12\/P1010549_ergebnis.jpg\" alt=\"\" width=\"800\" height=\"600\" srcset=\"https:\/\/olu-limburg.de\/wp-content\/uploads\/2019\/12\/P1010549_ergebnis.jpg 800w, https:\/\/olu-limburg.de\/wp-content\/uploads\/2019\/12\/P1010549_ergebnis-300x225.jpg 300w, https:\/\/olu-limburg.de\/wp-content\/uploads\/2019\/12\/P1010549_ergebnis-768x576.jpg 768w, https:\/\/olu-limburg.de\/wp-content\/uploads\/2019\/12\/P1010549_ergebnis-624x468.jpg 624w\" sizes=\"auto, (max-width: 800px) 100vw, 800px\" \/><\/a><\/p>\n<div id=\"attachment_21581\" style=\"width: 460px\" class=\"wp-caption aligncenter\"><a href=\"https:\/\/olu-limburg.de\/wp-content\/uploads\/2019\/12\/P1030699_ergebnis-e1575387347684.jpg\"><img loading=\"lazy\" decoding=\"async\" aria-describedby=\"caption-attachment-21581\" class=\"size-full wp-image-21581\" src=\"https:\/\/olu-limburg.de\/wp-content\/uploads\/2019\/12\/P1030699_ergebnis-e1575387347684.jpg\" alt=\"\" width=\"450\" height=\"600\" \/><\/a><p id=\"caption-attachment-21581\" class=\"wp-caption-text\">Beispiel der wehrhaften Bauweise des Klosters<\/p><\/div>\n<div id=\"attachment_21580\" style=\"width: 810px\" class=\"wp-caption aligncenter\"><a href=\"https:\/\/olu-limburg.de\/wp-content\/uploads\/2019\/12\/P1030698_ergebnis.jpg\"><img loading=\"lazy\" decoding=\"async\" aria-describedby=\"caption-attachment-21580\" class=\"wp-image-21580 size-full\" src=\"https:\/\/olu-limburg.de\/wp-content\/uploads\/2019\/12\/P1030698_ergebnis.jpg\" alt=\"\" width=\"800\" height=\"600\" srcset=\"https:\/\/olu-limburg.de\/wp-content\/uploads\/2019\/12\/P1030698_ergebnis.jpg 800w, https:\/\/olu-limburg.de\/wp-content\/uploads\/2019\/12\/P1030698_ergebnis-300x225.jpg 300w, https:\/\/olu-limburg.de\/wp-content\/uploads\/2019\/12\/P1030698_ergebnis-768x576.jpg 768w, https:\/\/olu-limburg.de\/wp-content\/uploads\/2019\/12\/P1030698_ergebnis-624x468.jpg 624w\" sizes=\"auto, (max-width: 800px) 100vw, 800px\" \/><\/a><p id=\"caption-attachment-21580\" class=\"wp-caption-text\">Das Klostergel\u00e4nde wird heutzutage durch die Bahnschienen geteilt.<\/p><\/div>\n<p><a href=\"https:\/\/olu-limburg.de\/wp-content\/uploads\/2019\/12\/P1030702_ergebnis-e1575387444352.jpg\"><img loading=\"lazy\" decoding=\"async\" class=\"size-full wp-image-21582 aligncenter\" src=\"https:\/\/olu-limburg.de\/wp-content\/uploads\/2019\/12\/P1030702_ergebnis-e1575387444352.jpg\" alt=\"\" width=\"450\" height=\"600\" \/><\/a><\/p>\n<div id=\"attachment_21585\" style=\"width: 810px\" class=\"wp-caption aligncenter\"><a href=\"https:\/\/olu-limburg.de\/wp-content\/uploads\/2019\/12\/P1030715_ergebnis.jpg\"><img loading=\"lazy\" decoding=\"async\" aria-describedby=\"caption-attachment-21585\" class=\"wp-image-21585 size-full\" src=\"https:\/\/olu-limburg.de\/wp-content\/uploads\/2019\/12\/P1030715_ergebnis.jpg\" alt=\"\" width=\"800\" height=\"600\" srcset=\"https:\/\/olu-limburg.de\/wp-content\/uploads\/2019\/12\/P1030715_ergebnis.jpg 800w, https:\/\/olu-limburg.de\/wp-content\/uploads\/2019\/12\/P1030715_ergebnis-300x225.jpg 300w, https:\/\/olu-limburg.de\/wp-content\/uploads\/2019\/12\/P1030715_ergebnis-768x576.jpg 768w, https:\/\/olu-limburg.de\/wp-content\/uploads\/2019\/12\/P1030715_ergebnis-624x468.jpg 624w\" sizes=\"auto, (max-width: 800px) 100vw, 800px\" \/><\/a><p id=\"caption-attachment-21585\" class=\"wp-caption-text\">Klosterareal<\/p><\/div>\n<p><a href=\"https:\/\/olu-limburg.de\/wp-content\/uploads\/2019\/12\/P1030724_ergebnis.jpg\"><img loading=\"lazy\" decoding=\"async\" class=\"size-full wp-image-21590 aligncenter\" src=\"https:\/\/olu-limburg.de\/wp-content\/uploads\/2019\/12\/P1030724_ergebnis.jpg\" alt=\"\" width=\"800\" height=\"600\" srcset=\"https:\/\/olu-limburg.de\/wp-content\/uploads\/2019\/12\/P1030724_ergebnis.jpg 800w, https:\/\/olu-limburg.de\/wp-content\/uploads\/2019\/12\/P1030724_ergebnis-300x225.jpg 300w, https:\/\/olu-limburg.de\/wp-content\/uploads\/2019\/12\/P1030724_ergebnis-768x576.jpg 768w, https:\/\/olu-limburg.de\/wp-content\/uploads\/2019\/12\/P1030724_ergebnis-624x468.jpg 624w\" sizes=\"auto, (max-width: 800px) 100vw, 800px\" \/><\/a><\/p>\n<p><a href=\"https:\/\/olu-limburg.de\/wp-content\/uploads\/2019\/12\/P1030718_ergebnis.jpg\"><img loading=\"lazy\" decoding=\"async\" class=\"size-full wp-image-21587 aligncenter\" src=\"https:\/\/olu-limburg.de\/wp-content\/uploads\/2019\/12\/P1030718_ergebnis.jpg\" alt=\"\" width=\"800\" height=\"600\" srcset=\"https:\/\/olu-limburg.de\/wp-content\/uploads\/2019\/12\/P1030718_ergebnis.jpg 800w, https:\/\/olu-limburg.de\/wp-content\/uploads\/2019\/12\/P1030718_ergebnis-300x225.jpg 300w, https:\/\/olu-limburg.de\/wp-content\/uploads\/2019\/12\/P1030718_ergebnis-768x576.jpg 768w, https:\/\/olu-limburg.de\/wp-content\/uploads\/2019\/12\/P1030718_ergebnis-624x468.jpg 624w\" sizes=\"auto, (max-width: 800px) 100vw, 800px\" \/><\/a><\/p>\n<p><a href=\"https:\/\/olu-limburg.de\/wp-content\/uploads\/2019\/12\/P1030720_ergebnis-e1575387710196.jpg\"><img loading=\"lazy\" decoding=\"async\" class=\"size-full wp-image-21588 aligncenter\" src=\"https:\/\/olu-limburg.de\/wp-content\/uploads\/2019\/12\/P1030720_ergebnis-e1575387710196.jpg\" alt=\"\" width=\"450\" height=\"600\" \/><\/a><\/p>\n<p><a href=\"https:\/\/olu-limburg.de\/wp-content\/uploads\/2019\/12\/P1030721_ergebnis.jpg\"><img loading=\"lazy\" decoding=\"async\" class=\"size-full wp-image-21589 aligncenter\" src=\"https:\/\/olu-limburg.de\/wp-content\/uploads\/2019\/12\/P1030721_ergebnis.jpg\" alt=\"\" width=\"800\" height=\"600\" srcset=\"https:\/\/olu-limburg.de\/wp-content\/uploads\/2019\/12\/P1030721_ergebnis.jpg 800w, https:\/\/olu-limburg.de\/wp-content\/uploads\/2019\/12\/P1030721_ergebnis-300x225.jpg 300w, https:\/\/olu-limburg.de\/wp-content\/uploads\/2019\/12\/P1030721_ergebnis-768x576.jpg 768w, https:\/\/olu-limburg.de\/wp-content\/uploads\/2019\/12\/P1030721_ergebnis-624x468.jpg 624w\" sizes=\"auto, (max-width: 800px) 100vw, 800px\" \/><\/a><\/p>\n<p><a href=\"https:\/\/olu-limburg.de\/wp-content\/uploads\/2019\/12\/P1030713_ergebnis.jpg\"><img loading=\"lazy\" decoding=\"async\" class=\"size-full wp-image-21584 aligncenter\" src=\"https:\/\/olu-limburg.de\/wp-content\/uploads\/2019\/12\/P1030713_ergebnis.jpg\" alt=\"\" width=\"800\" height=\"600\" srcset=\"https:\/\/olu-limburg.de\/wp-content\/uploads\/2019\/12\/P1030713_ergebnis.jpg 800w, https:\/\/olu-limburg.de\/wp-content\/uploads\/2019\/12\/P1030713_ergebnis-300x225.jpg 300w, https:\/\/olu-limburg.de\/wp-content\/uploads\/2019\/12\/P1030713_ergebnis-768x576.jpg 768w, https:\/\/olu-limburg.de\/wp-content\/uploads\/2019\/12\/P1030713_ergebnis-624x468.jpg 624w\" sizes=\"auto, (max-width: 800px) 100vw, 800px\" \/><\/a><\/p>\n<p><a href=\"https:\/\/olu-limburg.de\/wp-content\/uploads\/2019\/12\/P1030703_ergebnis-e1575387780477.jpg\"><img loading=\"lazy\" decoding=\"async\" class=\"size-full wp-image-21583 aligncenter\" src=\"https:\/\/olu-limburg.de\/wp-content\/uploads\/2019\/12\/P1030703_ergebnis-e1575387780477.jpg\" alt=\"\" width=\"450\" height=\"600\" \/><\/a><\/p>\n<p><a href=\"https:\/\/olu-limburg.de\/wp-content\/uploads\/2019\/12\/P1030726_ergebnis.jpg\"><img loading=\"lazy\" decoding=\"async\" class=\"alignnone size-full wp-image-21592\" src=\"https:\/\/olu-limburg.de\/wp-content\/uploads\/2019\/12\/P1030726_ergebnis.jpg\" alt=\"\" width=\"800\" height=\"600\" srcset=\"https:\/\/olu-limburg.de\/wp-content\/uploads\/2019\/12\/P1030726_ergebnis.jpg 800w, https:\/\/olu-limburg.de\/wp-content\/uploads\/2019\/12\/P1030726_ergebnis-300x225.jpg 300w, https:\/\/olu-limburg.de\/wp-content\/uploads\/2019\/12\/P1030726_ergebnis-768x576.jpg 768w, https:\/\/olu-limburg.de\/wp-content\/uploads\/2019\/12\/P1030726_ergebnis-624x468.jpg 624w\" sizes=\"auto, (max-width: 800px) 100vw, 800px\" \/><\/a><\/p>\n<p><a href=\"https:\/\/olu-limburg.de\/wp-content\/uploads\/2019\/12\/P1030725_ergebnis.jpg\"><img loading=\"lazy\" decoding=\"async\" class=\"alignnone size-full wp-image-21591\" src=\"https:\/\/olu-limburg.de\/wp-content\/uploads\/2019\/12\/P1030725_ergebnis.jpg\" alt=\"\" width=\"800\" height=\"600\" srcset=\"https:\/\/olu-limburg.de\/wp-content\/uploads\/2019\/12\/P1030725_ergebnis.jpg 800w, https:\/\/olu-limburg.de\/wp-content\/uploads\/2019\/12\/P1030725_ergebnis-300x225.jpg 300w, https:\/\/olu-limburg.de\/wp-content\/uploads\/2019\/12\/P1030725_ergebnis-768x576.jpg 768w, https:\/\/olu-limburg.de\/wp-content\/uploads\/2019\/12\/P1030725_ergebnis-624x468.jpg 624w\" sizes=\"auto, (max-width: 800px) 100vw, 800px\" \/><\/a><\/p>\n<div id=\"attachment_21593\" style=\"width: 810px\" class=\"wp-caption aligncenter\"><a href=\"https:\/\/olu-limburg.de\/wp-content\/uploads\/2019\/12\/P1030727_ergebnis.jpg\"><img loading=\"lazy\" decoding=\"async\" aria-describedby=\"caption-attachment-21593\" class=\"size-full wp-image-21593\" src=\"https:\/\/olu-limburg.de\/wp-content\/uploads\/2019\/12\/P1030727_ergebnis.jpg\" alt=\"\" width=\"800\" height=\"600\" srcset=\"https:\/\/olu-limburg.de\/wp-content\/uploads\/2019\/12\/P1030727_ergebnis.jpg 800w, https:\/\/olu-limburg.de\/wp-content\/uploads\/2019\/12\/P1030727_ergebnis-300x225.jpg 300w, https:\/\/olu-limburg.de\/wp-content\/uploads\/2019\/12\/P1030727_ergebnis-768x576.jpg 768w, https:\/\/olu-limburg.de\/wp-content\/uploads\/2019\/12\/P1030727_ergebnis-624x468.jpg 624w\" sizes=\"auto, (max-width: 800px) 100vw, 800px\" \/><\/a><p id=\"caption-attachment-21593\" class=\"wp-caption-text\">B\u00fcste des heimischen Poeten Camille Delthil<\/p><\/div>\n<p>Auf dem Stellplatz sieht es aufgrund der niedrigen Stellplatzgeb\u00fchren inkl. Strom bei manchen Wohnmobilisten nach Dauer-Camping aus.<\/p>\n<p><a href=\"https:\/\/olu-limburg.de\/wp-content\/uploads\/2019\/12\/P1030731_ergebnis.jpg\"><img loading=\"lazy\" decoding=\"async\" class=\"alignnone size-full wp-image-21595\" src=\"https:\/\/olu-limburg.de\/wp-content\/uploads\/2019\/12\/P1030731_ergebnis.jpg\" alt=\"\" width=\"800\" height=\"600\" srcset=\"https:\/\/olu-limburg.de\/wp-content\/uploads\/2019\/12\/P1030731_ergebnis.jpg 800w, https:\/\/olu-limburg.de\/wp-content\/uploads\/2019\/12\/P1030731_ergebnis-300x225.jpg 300w, https:\/\/olu-limburg.de\/wp-content\/uploads\/2019\/12\/P1030731_ergebnis-768x576.jpg 768w, https:\/\/olu-limburg.de\/wp-content\/uploads\/2019\/12\/P1030731_ergebnis-624x468.jpg 624w\" sizes=\"auto, (max-width: 800px) 100vw, 800px\" \/><\/a><\/p>\n<p>Tagesstrecke: 151 km<\/p>\n<p>&nbsp;<\/p>\n<p><strong>Sonntag, 06.10.2019<\/strong><\/p>\n<p><a href=\"https:\/\/olu-limburg.de\/wp-content\/uploads\/2019\/12\/P1010594_ergebnis.jpg\"><img loading=\"lazy\" decoding=\"async\" class=\"size-full wp-image-21643 aligncenter\" src=\"https:\/\/olu-limburg.de\/wp-content\/uploads\/2019\/12\/P1010594_ergebnis.jpg\" alt=\"\" width=\"800\" height=\"600\" srcset=\"https:\/\/olu-limburg.de\/wp-content\/uploads\/2019\/12\/P1010594_ergebnis.jpg 800w, https:\/\/olu-limburg.de\/wp-content\/uploads\/2019\/12\/P1010594_ergebnis-300x225.jpg 300w, https:\/\/olu-limburg.de\/wp-content\/uploads\/2019\/12\/P1010594_ergebnis-768x576.jpg 768w, https:\/\/olu-limburg.de\/wp-content\/uploads\/2019\/12\/P1010594_ergebnis-624x468.jpg 624w\" sizes=\"auto, (max-width: 800px) 100vw, 800px\" \/><\/a><\/p>\n<p><a href=\"https:\/\/olu-limburg.de\/wp-content\/uploads\/2019\/12\/IMG_20191006_113811_ergebnis.jpg\"><img loading=\"lazy\" decoding=\"async\" class=\"size-full wp-image-21597 aligncenter\" src=\"https:\/\/olu-limburg.de\/wp-content\/uploads\/2019\/12\/IMG_20191006_113811_ergebnis.jpg\" alt=\"\" width=\"800\" height=\"600\" srcset=\"https:\/\/olu-limburg.de\/wp-content\/uploads\/2019\/12\/IMG_20191006_113811_ergebnis.jpg 800w, https:\/\/olu-limburg.de\/wp-content\/uploads\/2019\/12\/IMG_20191006_113811_ergebnis-300x225.jpg 300w, https:\/\/olu-limburg.de\/wp-content\/uploads\/2019\/12\/IMG_20191006_113811_ergebnis-768x576.jpg 768w, https:\/\/olu-limburg.de\/wp-content\/uploads\/2019\/12\/IMG_20191006_113811_ergebnis-624x468.jpg 624w\" sizes=\"auto, (max-width: 800px) 100vw, 800px\" \/><\/a><\/p>\n<p>Heute verschlechtert sich das Wetter mit jeder Stunde. In Cahors, das in einer Schleife des Lot liegt, machen wir Mittagsrast, und parken auf dem Wohnmobil-Stellplatz, der Teil eines Gro\u00df-Parplatzes ist und heute auch noch von einer Gro\u00dffamilie der Gens de Voyage bezogen wird.<\/p>\n<p>Wir laufen zuerst etwas an den Prachtbauten an dem Boulevard L\u00e9on Gambetta entlang und dann schauen wir uns noch die Cath\u00e9drale St.-Etienne in der Altstadt an.<\/p>\n<div id=\"attachment_21598\" style=\"width: 810px\" class=\"wp-caption aligncenter\"><a href=\"https:\/\/olu-limburg.de\/wp-content\/uploads\/2019\/12\/P1030732_ergebnis.jpg\"><img loading=\"lazy\" decoding=\"async\" aria-describedby=\"caption-attachment-21598\" class=\"size-full wp-image-21598\" src=\"https:\/\/olu-limburg.de\/wp-content\/uploads\/2019\/12\/P1030732_ergebnis.jpg\" alt=\"\" width=\"800\" height=\"600\" srcset=\"https:\/\/olu-limburg.de\/wp-content\/uploads\/2019\/12\/P1030732_ergebnis.jpg 800w, https:\/\/olu-limburg.de\/wp-content\/uploads\/2019\/12\/P1030732_ergebnis-300x225.jpg 300w, https:\/\/olu-limburg.de\/wp-content\/uploads\/2019\/12\/P1030732_ergebnis-768x576.jpg 768w, https:\/\/olu-limburg.de\/wp-content\/uploads\/2019\/12\/P1030732_ergebnis-624x468.jpg 624w\" sizes=\"auto, (max-width: 800px) 100vw, 800px\" \/><\/a><p id=\"caption-attachment-21598\" class=\"wp-caption-text\">Br\u00fccke \u00fcber den Lot<\/p><\/div>\n<div id=\"attachment_21599\" style=\"width: 810px\" class=\"wp-caption aligncenter\"><a href=\"https:\/\/olu-limburg.de\/wp-content\/uploads\/2019\/12\/P1030737_ergebnis.jpg\"><img loading=\"lazy\" decoding=\"async\" aria-describedby=\"caption-attachment-21599\" class=\"size-full wp-image-21599\" src=\"https:\/\/olu-limburg.de\/wp-content\/uploads\/2019\/12\/P1030737_ergebnis.jpg\" alt=\"\" width=\"800\" height=\"600\" srcset=\"https:\/\/olu-limburg.de\/wp-content\/uploads\/2019\/12\/P1030737_ergebnis.jpg 800w, https:\/\/olu-limburg.de\/wp-content\/uploads\/2019\/12\/P1030737_ergebnis-300x225.jpg 300w, https:\/\/olu-limburg.de\/wp-content\/uploads\/2019\/12\/P1030737_ergebnis-768x576.jpg 768w, https:\/\/olu-limburg.de\/wp-content\/uploads\/2019\/12\/P1030737_ergebnis-624x468.jpg 624w\" sizes=\"auto, (max-width: 800px) 100vw, 800px\" \/><\/a><p id=\"caption-attachment-21599\" class=\"wp-caption-text\">&#8222;Le capitulaire de Villi&#8220; beim alten Kloster der Kakobiner &#8211; Garten mit &#8222;8 R\u00e4umen&#8220; zahlreicher Pflanzen und Kr\u00e4uter die vom Kapit\u00e4n von Villis empfohlen wurden<\/p><\/div>\n<p><a href=\"https:\/\/olu-limburg.de\/wp-content\/uploads\/2019\/12\/P1030739_ergebnis.jpg\"><img loading=\"lazy\" decoding=\"async\" class=\"size-full wp-image-21600 aligncenter\" src=\"https:\/\/olu-limburg.de\/wp-content\/uploads\/2019\/12\/P1030739_ergebnis.jpg\" alt=\"\" width=\"800\" height=\"600\" srcset=\"https:\/\/olu-limburg.de\/wp-content\/uploads\/2019\/12\/P1030739_ergebnis.jpg 800w, https:\/\/olu-limburg.de\/wp-content\/uploads\/2019\/12\/P1030739_ergebnis-300x225.jpg 300w, https:\/\/olu-limburg.de\/wp-content\/uploads\/2019\/12\/P1030739_ergebnis-768x576.jpg 768w, https:\/\/olu-limburg.de\/wp-content\/uploads\/2019\/12\/P1030739_ergebnis-624x468.jpg 624w\" sizes=\"auto, (max-width: 800px) 100vw, 800px\" \/><\/a><\/p>\n<p><a href=\"https:\/\/olu-limburg.de\/wp-content\/uploads\/2019\/12\/P1030744_ergebnis.jpg\"><img loading=\"lazy\" decoding=\"async\" class=\"size-full wp-image-21601 aligncenter\" src=\"https:\/\/olu-limburg.de\/wp-content\/uploads\/2019\/12\/P1030744_ergebnis.jpg\" alt=\"\" width=\"800\" height=\"600\" srcset=\"https:\/\/olu-limburg.de\/wp-content\/uploads\/2019\/12\/P1030744_ergebnis.jpg 800w, https:\/\/olu-limburg.de\/wp-content\/uploads\/2019\/12\/P1030744_ergebnis-300x225.jpg 300w, https:\/\/olu-limburg.de\/wp-content\/uploads\/2019\/12\/P1030744_ergebnis-768x576.jpg 768w, https:\/\/olu-limburg.de\/wp-content\/uploads\/2019\/12\/P1030744_ergebnis-624x468.jpg 624w\" sizes=\"auto, (max-width: 800px) 100vw, 800px\" \/><\/a><\/p>\n<div id=\"attachment_21646\" style=\"width: 810px\" class=\"wp-caption aligncenter\"><a href=\"https:\/\/olu-limburg.de\/wp-content\/uploads\/2019\/12\/P1010626_ergebnis.jpg\"><img loading=\"lazy\" decoding=\"async\" aria-describedby=\"caption-attachment-21646\" class=\"size-full wp-image-21646\" src=\"https:\/\/olu-limburg.de\/wp-content\/uploads\/2019\/12\/P1010626_ergebnis.jpg\" alt=\"\" width=\"800\" height=\"600\" srcset=\"https:\/\/olu-limburg.de\/wp-content\/uploads\/2019\/12\/P1010626_ergebnis.jpg 800w, https:\/\/olu-limburg.de\/wp-content\/uploads\/2019\/12\/P1010626_ergebnis-300x225.jpg 300w, https:\/\/olu-limburg.de\/wp-content\/uploads\/2019\/12\/P1010626_ergebnis-768x576.jpg 768w, https:\/\/olu-limburg.de\/wp-content\/uploads\/2019\/12\/P1010626_ergebnis-624x468.jpg 624w\" sizes=\"auto, (max-width: 800px) 100vw, 800px\" \/><\/a><p id=\"caption-attachment-21646\" class=\"wp-caption-text\">hier m\u00fcssen M\u00e4use sein<\/p><\/div>\n<p><a href=\"https:\/\/olu-limburg.de\/wp-content\/uploads\/2019\/12\/P1030747_ergebnis-e1575647130922.jpg\"><img loading=\"lazy\" decoding=\"async\" class=\"size-full wp-image-21602 alignleft\" src=\"https:\/\/olu-limburg.de\/wp-content\/uploads\/2019\/12\/P1030747_ergebnis-e1575647130922.jpg\" alt=\"\" width=\"450\" height=\"600\" \/><\/a><\/p>\n<p>&nbsp;<\/p>\n<p><a href=\"https:\/\/olu-limburg.de\/wp-content\/uploads\/2019\/12\/P1010636_ergebnis-e1575651851293.jpg\"><img loading=\"lazy\" decoding=\"async\" class=\"size-full wp-image-21647 alignright\" src=\"https:\/\/olu-limburg.de\/wp-content\/uploads\/2019\/12\/P1010636_ergebnis-e1575651851293.jpg\" alt=\"\" width=\"450\" height=\"600\" \/><\/a><\/p>\n<p><a href=\"https:\/\/olu-limburg.de\/wp-content\/uploads\/2019\/12\/P1030753_ergebnis.jpg\"><img loading=\"lazy\" decoding=\"async\" class=\"size-full wp-image-21605 aligncenter\" src=\"https:\/\/olu-limburg.de\/wp-content\/uploads\/2019\/12\/P1030753_ergebnis.jpg\" alt=\"\" width=\"800\" height=\"600\" srcset=\"https:\/\/olu-limburg.de\/wp-content\/uploads\/2019\/12\/P1030753_ergebnis.jpg 800w, https:\/\/olu-limburg.de\/wp-content\/uploads\/2019\/12\/P1030753_ergebnis-300x225.jpg 300w, https:\/\/olu-limburg.de\/wp-content\/uploads\/2019\/12\/P1030753_ergebnis-768x576.jpg 768w, https:\/\/olu-limburg.de\/wp-content\/uploads\/2019\/12\/P1030753_ergebnis-624x468.jpg 624w\" sizes=\"auto, (max-width: 800px) 100vw, 800px\" \/><\/a><\/p>\n<div id=\"attachment_21603\" style=\"width: 810px\" class=\"wp-caption aligncenter\"><a href=\"https:\/\/olu-limburg.de\/wp-content\/uploads\/2019\/12\/P1030748_ergebnis.jpg\"><img loading=\"lazy\" decoding=\"async\" aria-describedby=\"caption-attachment-21603\" class=\"wp-image-21603 size-full\" src=\"https:\/\/olu-limburg.de\/wp-content\/uploads\/2019\/12\/P1030748_ergebnis.jpg\" alt=\"\" width=\"800\" height=\"600\" srcset=\"https:\/\/olu-limburg.de\/wp-content\/uploads\/2019\/12\/P1030748_ergebnis.jpg 800w, https:\/\/olu-limburg.de\/wp-content\/uploads\/2019\/12\/P1030748_ergebnis-300x225.jpg 300w, https:\/\/olu-limburg.de\/wp-content\/uploads\/2019\/12\/P1030748_ergebnis-768x576.jpg 768w, https:\/\/olu-limburg.de\/wp-content\/uploads\/2019\/12\/P1030748_ergebnis-624x468.jpg 624w\" sizes=\"auto, (max-width: 800px) 100vw, 800px\" \/><\/a><p id=\"caption-attachment-21603\" class=\"wp-caption-text\">Cath\u00e9drale St.-Etienne<\/p><\/div>\n<p><a href=\"https:\/\/olu-limburg.de\/wp-content\/uploads\/2019\/12\/P1030756_ergebnis.jpg\"><img loading=\"lazy\" decoding=\"async\" class=\"size-full wp-image-21607 aligncenter\" src=\"https:\/\/olu-limburg.de\/wp-content\/uploads\/2019\/12\/P1030756_ergebnis.jpg\" alt=\"\" width=\"800\" height=\"600\" srcset=\"https:\/\/olu-limburg.de\/wp-content\/uploads\/2019\/12\/P1030756_ergebnis.jpg 800w, https:\/\/olu-limburg.de\/wp-content\/uploads\/2019\/12\/P1030756_ergebnis-300x225.jpg 300w, https:\/\/olu-limburg.de\/wp-content\/uploads\/2019\/12\/P1030756_ergebnis-768x576.jpg 768w, https:\/\/olu-limburg.de\/wp-content\/uploads\/2019\/12\/P1030756_ergebnis-624x468.jpg 624w\" sizes=\"auto, (max-width: 800px) 100vw, 800px\" \/><\/a><\/p>\n<p><a href=\"https:\/\/olu-limburg.de\/wp-content\/uploads\/2019\/12\/P1030755_ergebnis-e1575647218685.jpg\"><img loading=\"lazy\" decoding=\"async\" class=\"size-full wp-image-21606 aligncenter\" src=\"https:\/\/olu-limburg.de\/wp-content\/uploads\/2019\/12\/P1030755_ergebnis-e1575647218685.jpg\" alt=\"\" width=\"450\" height=\"600\" \/><\/a><\/p>\n<p><a href=\"https:\/\/olu-limburg.de\/wp-content\/uploads\/2019\/12\/P1030760_ergebnis.jpg\"><img loading=\"lazy\" decoding=\"async\" class=\"size-full wp-image-21609 aligncenter\" src=\"https:\/\/olu-limburg.de\/wp-content\/uploads\/2019\/12\/P1030760_ergebnis.jpg\" alt=\"\" width=\"800\" height=\"600\" srcset=\"https:\/\/olu-limburg.de\/wp-content\/uploads\/2019\/12\/P1030760_ergebnis.jpg 800w, https:\/\/olu-limburg.de\/wp-content\/uploads\/2019\/12\/P1030760_ergebnis-300x225.jpg 300w, https:\/\/olu-limburg.de\/wp-content\/uploads\/2019\/12\/P1030760_ergebnis-768x576.jpg 768w, https:\/\/olu-limburg.de\/wp-content\/uploads\/2019\/12\/P1030760_ergebnis-624x468.jpg 624w\" sizes=\"auto, (max-width: 800px) 100vw, 800px\" \/><\/a><\/p>\n<div id=\"attachment_21648\" style=\"width: 810px\" class=\"wp-caption aligncenter\"><a href=\"https:\/\/olu-limburg.de\/wp-content\/uploads\/2019\/12\/P1010641_ergebnis.jpg\"><img loading=\"lazy\" decoding=\"async\" aria-describedby=\"caption-attachment-21648\" class=\"size-full wp-image-21648\" src=\"https:\/\/olu-limburg.de\/wp-content\/uploads\/2019\/12\/P1010641_ergebnis.jpg\" alt=\"\" width=\"800\" height=\"600\" srcset=\"https:\/\/olu-limburg.de\/wp-content\/uploads\/2019\/12\/P1010641_ergebnis.jpg 800w, https:\/\/olu-limburg.de\/wp-content\/uploads\/2019\/12\/P1010641_ergebnis-300x225.jpg 300w, https:\/\/olu-limburg.de\/wp-content\/uploads\/2019\/12\/P1010641_ergebnis-768x576.jpg 768w, https:\/\/olu-limburg.de\/wp-content\/uploads\/2019\/12\/P1010641_ergebnis-624x468.jpg 624w\" sizes=\"auto, (max-width: 800px) 100vw, 800px\" \/><\/a><p id=\"caption-attachment-21648\" class=\"wp-caption-text\">Lichtspiel mit der Projektion wechselnder Motive<\/p><\/div>\n<p><a href=\"https:\/\/olu-limburg.de\/wp-content\/uploads\/2019\/12\/P1030775_ergebnis.jpg\"><img loading=\"lazy\" decoding=\"async\" class=\"size-full wp-image-21616 aligncenter\" src=\"https:\/\/olu-limburg.de\/wp-content\/uploads\/2019\/12\/P1030775_ergebnis.jpg\" alt=\"\" width=\"800\" height=\"600\" srcset=\"https:\/\/olu-limburg.de\/wp-content\/uploads\/2019\/12\/P1030775_ergebnis.jpg 800w, https:\/\/olu-limburg.de\/wp-content\/uploads\/2019\/12\/P1030775_ergebnis-300x225.jpg 300w, https:\/\/olu-limburg.de\/wp-content\/uploads\/2019\/12\/P1030775_ergebnis-768x576.jpg 768w, https:\/\/olu-limburg.de\/wp-content\/uploads\/2019\/12\/P1030775_ergebnis-624x468.jpg 624w\" sizes=\"auto, (max-width: 800px) 100vw, 800px\" \/><\/a><\/p>\n<p><a href=\"https:\/\/olu-limburg.de\/wp-content\/uploads\/2019\/12\/P1030774_ergebnis-e1575647474134.jpg\"><img loading=\"lazy\" decoding=\"async\" class=\"size-full wp-image-21615 aligncenter\" src=\"https:\/\/olu-limburg.de\/wp-content\/uploads\/2019\/12\/P1030774_ergebnis-e1575647474134.jpg\" alt=\"\" width=\"450\" height=\"600\" \/><\/a><\/p>\n<p><a href=\"https:\/\/olu-limburg.de\/wp-content\/uploads\/2019\/12\/P1030762_ergebnis.jpg\"><img loading=\"lazy\" decoding=\"async\" class=\"size-full wp-image-21610 aligncenter\" src=\"https:\/\/olu-limburg.de\/wp-content\/uploads\/2019\/12\/P1030762_ergebnis.jpg\" alt=\"\" width=\"800\" height=\"600\" srcset=\"https:\/\/olu-limburg.de\/wp-content\/uploads\/2019\/12\/P1030762_ergebnis.jpg 800w, https:\/\/olu-limburg.de\/wp-content\/uploads\/2019\/12\/P1030762_ergebnis-300x225.jpg 300w, https:\/\/olu-limburg.de\/wp-content\/uploads\/2019\/12\/P1030762_ergebnis-768x576.jpg 768w, https:\/\/olu-limburg.de\/wp-content\/uploads\/2019\/12\/P1030762_ergebnis-624x468.jpg 624w\" sizes=\"auto, (max-width: 800px) 100vw, 800px\" \/><\/a><\/p>\n<p><a href=\"https:\/\/olu-limburg.de\/wp-content\/uploads\/2019\/12\/P1030767_ergebnis-e1575647547212.jpg\"><img loading=\"lazy\" decoding=\"async\" class=\"size-full wp-image-21612 aligncenter\" src=\"https:\/\/olu-limburg.de\/wp-content\/uploads\/2019\/12\/P1030767_ergebnis-e1575647547212.jpg\" alt=\"\" width=\"450\" height=\"600\" \/><\/a><\/p>\n<p><a href=\"https:\/\/olu-limburg.de\/wp-content\/uploads\/2019\/12\/P1030766_ergebnis.jpg\"><img loading=\"lazy\" decoding=\"async\" class=\"size-full wp-image-21611 aligncenter\" src=\"https:\/\/olu-limburg.de\/wp-content\/uploads\/2019\/12\/P1030766_ergebnis.jpg\" alt=\"\" width=\"800\" height=\"600\" srcset=\"https:\/\/olu-limburg.de\/wp-content\/uploads\/2019\/12\/P1030766_ergebnis.jpg 800w, https:\/\/olu-limburg.de\/wp-content\/uploads\/2019\/12\/P1030766_ergebnis-300x225.jpg 300w, https:\/\/olu-limburg.de\/wp-content\/uploads\/2019\/12\/P1030766_ergebnis-768x576.jpg 768w, https:\/\/olu-limburg.de\/wp-content\/uploads\/2019\/12\/P1030766_ergebnis-624x468.jpg 624w\" sizes=\"auto, (max-width: 800px) 100vw, 800px\" \/><\/a><\/p>\n<p><a href=\"https:\/\/olu-limburg.de\/wp-content\/uploads\/2019\/12\/P1030773_ergebnis.jpg\"><img loading=\"lazy\" decoding=\"async\" class=\"size-full wp-image-21614 aligncenter\" src=\"https:\/\/olu-limburg.de\/wp-content\/uploads\/2019\/12\/P1030773_ergebnis.jpg\" alt=\"\" width=\"800\" height=\"600\" srcset=\"https:\/\/olu-limburg.de\/wp-content\/uploads\/2019\/12\/P1030773_ergebnis.jpg 800w, https:\/\/olu-limburg.de\/wp-content\/uploads\/2019\/12\/P1030773_ergebnis-300x225.jpg 300w, https:\/\/olu-limburg.de\/wp-content\/uploads\/2019\/12\/P1030773_ergebnis-768x576.jpg 768w, https:\/\/olu-limburg.de\/wp-content\/uploads\/2019\/12\/P1030773_ergebnis-624x468.jpg 624w\" sizes=\"auto, (max-width: 800px) 100vw, 800px\" \/><\/a><\/p>\n<p>Zu mehr haben wir bei dem nun st\u00e4rker werdenden Regen keine Lust, und gehen zur\u00fcck zum Wohnmobil.<\/p>\n<p>Zuerst fahren wir auf der D820 aus Cahors heraus. Wir bewegen uns in einem auf und ab der Strecke. Sp\u00e4ter wechseln wir noch auf eine kleinere Stra\u00dfe, die uns nach Rocamadour bringt. Wir fahren auf den uns bekannten Parkplatz oberhalb von Rocamadour hinter dem Schlo\u00df. Es wird viel an der Zufahrt gebaut, und der gesamte Parkplatz f\u00fcr PKW und Wohnmobile ist nun mit einer Schranke versehen, die zum Gl\u00fcck heute au\u00dfer Betrieb ist. Das Parken auf dem neu angelegten Wohnmobil-Stellplatz ohne V+E soll tags\u00fcber EUR 10,00 und nachts zus\u00e4tzlich EUR 20,00 kosten; k\u00fcnftig also vollkommen uninteressant.<\/p>\n<p><a href=\"https:\/\/olu-limburg.de\/wp-content\/uploads\/2019\/12\/P1010669_ergebnis.jpg\"><img loading=\"lazy\" decoding=\"async\" class=\"size-full wp-image-21671 aligncenter\" src=\"https:\/\/olu-limburg.de\/wp-content\/uploads\/2019\/12\/P1010669_ergebnis.jpg\" alt=\"\" width=\"800\" height=\"600\" srcset=\"https:\/\/olu-limburg.de\/wp-content\/uploads\/2019\/12\/P1010669_ergebnis.jpg 800w, https:\/\/olu-limburg.de\/wp-content\/uploads\/2019\/12\/P1010669_ergebnis-300x225.jpg 300w, https:\/\/olu-limburg.de\/wp-content\/uploads\/2019\/12\/P1010669_ergebnis-768x576.jpg 768w, https:\/\/olu-limburg.de\/wp-content\/uploads\/2019\/12\/P1010669_ergebnis-624x468.jpg 624w\" sizes=\"auto, (max-width: 800px) 100vw, 800px\" \/><\/a><\/p>\n<p><a href=\"https:\/\/olu-limburg.de\/wp-content\/uploads\/2019\/12\/P1030783_ergebnis.jpg\"><img loading=\"lazy\" decoding=\"async\" class=\"size-full wp-image-21617 aligncenter\" src=\"https:\/\/olu-limburg.de\/wp-content\/uploads\/2019\/12\/P1030783_ergebnis.jpg\" alt=\"\" width=\"800\" height=\"600\" srcset=\"https:\/\/olu-limburg.de\/wp-content\/uploads\/2019\/12\/P1030783_ergebnis.jpg 800w, https:\/\/olu-limburg.de\/wp-content\/uploads\/2019\/12\/P1030783_ergebnis-300x225.jpg 300w, https:\/\/olu-limburg.de\/wp-content\/uploads\/2019\/12\/P1030783_ergebnis-768x576.jpg 768w, https:\/\/olu-limburg.de\/wp-content\/uploads\/2019\/12\/P1030783_ergebnis-624x468.jpg 624w\" sizes=\"auto, (max-width: 800px) 100vw, 800px\" \/><\/a><\/p>\n<p>K\u00fcnftige Nutzer des Parkplatzes k\u00f6nnen mit dem Parkticket den Aufzug nutzen. Wir laufen zu Fu\u00df den Kreuzweg hinunter bis zur Kirche und sp\u00e4ter auch wieder hoch.<\/p>\n<div id=\"attachment_21618\" style=\"width: 810px\" class=\"wp-caption aligncenter\"><a href=\"https:\/\/olu-limburg.de\/wp-content\/uploads\/2019\/12\/P1030784_ergebnis.jpg\"><img loading=\"lazy\" decoding=\"async\" aria-describedby=\"caption-attachment-21618\" class=\"size-full wp-image-21618\" src=\"https:\/\/olu-limburg.de\/wp-content\/uploads\/2019\/12\/P1030784_ergebnis.jpg\" alt=\"\" width=\"800\" height=\"600\" srcset=\"https:\/\/olu-limburg.de\/wp-content\/uploads\/2019\/12\/P1030784_ergebnis.jpg 800w, https:\/\/olu-limburg.de\/wp-content\/uploads\/2019\/12\/P1030784_ergebnis-300x225.jpg 300w, https:\/\/olu-limburg.de\/wp-content\/uploads\/2019\/12\/P1030784_ergebnis-768x576.jpg 768w, https:\/\/olu-limburg.de\/wp-content\/uploads\/2019\/12\/P1030784_ergebnis-624x468.jpg 624w\" sizes=\"auto, (max-width: 800px) 100vw, 800px\" \/><\/a><p id=\"caption-attachment-21618\" class=\"wp-caption-text\">Chateau de Rocamadour<\/p><\/div>\n<div id=\"attachment_21620\" style=\"width: 810px\" class=\"wp-caption aligncenter\"><a href=\"https:\/\/olu-limburg.de\/wp-content\/uploads\/2019\/12\/P1030791_ergebnis.jpg\"><img loading=\"lazy\" decoding=\"async\" aria-describedby=\"caption-attachment-21620\" class=\"wp-image-21620 size-full\" src=\"https:\/\/olu-limburg.de\/wp-content\/uploads\/2019\/12\/P1030791_ergebnis.jpg\" alt=\"\" width=\"800\" height=\"600\" srcset=\"https:\/\/olu-limburg.de\/wp-content\/uploads\/2019\/12\/P1030791_ergebnis.jpg 800w, https:\/\/olu-limburg.de\/wp-content\/uploads\/2019\/12\/P1030791_ergebnis-300x225.jpg 300w, https:\/\/olu-limburg.de\/wp-content\/uploads\/2019\/12\/P1030791_ergebnis-768x576.jpg 768w, https:\/\/olu-limburg.de\/wp-content\/uploads\/2019\/12\/P1030791_ergebnis-624x468.jpg 624w\" sizes=\"auto, (max-width: 800px) 100vw, 800px\" \/><\/a><p id=\"caption-attachment-21620\" class=\"wp-caption-text\">Blick \u00fcber den Ort Rocamadour<\/p><\/div>\n<div id=\"attachment_21621\" style=\"width: 460px\" class=\"wp-caption aligncenter\"><a href=\"https:\/\/olu-limburg.de\/wp-content\/uploads\/2019\/12\/P1030792_ergebnis-e1575648518799.jpg\"><img loading=\"lazy\" decoding=\"async\" aria-describedby=\"caption-attachment-21621\" class=\"wp-image-21621 size-full\" src=\"https:\/\/olu-limburg.de\/wp-content\/uploads\/2019\/12\/P1030792_ergebnis-e1575648518799.jpg\" alt=\"\" width=\"450\" height=\"600\" \/><\/a><p id=\"caption-attachment-21621\" class=\"wp-caption-text\">rechts ein Teil der Wallfahrtskirche Saint Saveur<\/p><\/div>\n<div id=\"attachment_21622\" style=\"width: 460px\" class=\"wp-caption aligncenter\"><a href=\"https:\/\/olu-limburg.de\/wp-content\/uploads\/2019\/12\/P1030793_ergebnis-e1575648586908.jpg\"><img loading=\"lazy\" decoding=\"async\" aria-describedby=\"caption-attachment-21622\" class=\"size-full wp-image-21622\" src=\"https:\/\/olu-limburg.de\/wp-content\/uploads\/2019\/12\/P1030793_ergebnis-e1575648586908.jpg\" alt=\"\" width=\"450\" height=\"600\" \/><\/a><p id=\"caption-attachment-21622\" class=\"wp-caption-text\">Kreuzweg<\/p><\/div>\n<p><a href=\"https:\/\/olu-limburg.de\/wp-content\/uploads\/2019\/12\/P1010674_ergebnis.jpg\"><img loading=\"lazy\" decoding=\"async\" class=\"size-full wp-image-21649 aligncenter\" src=\"https:\/\/olu-limburg.de\/wp-content\/uploads\/2019\/12\/P1010674_ergebnis.jpg\" alt=\"\" width=\"800\" height=\"600\" srcset=\"https:\/\/olu-limburg.de\/wp-content\/uploads\/2019\/12\/P1010674_ergebnis.jpg 800w, https:\/\/olu-limburg.de\/wp-content\/uploads\/2019\/12\/P1010674_ergebnis-300x225.jpg 300w, https:\/\/olu-limburg.de\/wp-content\/uploads\/2019\/12\/P1010674_ergebnis-768x576.jpg 768w, https:\/\/olu-limburg.de\/wp-content\/uploads\/2019\/12\/P1010674_ergebnis-624x468.jpg 624w\" sizes=\"auto, (max-width: 800px) 100vw, 800px\" \/><\/a><\/p>\n<div id=\"attachment_21625\" style=\"width: 810px\" class=\"wp-caption aligncenter\"><a href=\"https:\/\/olu-limburg.de\/wp-content\/uploads\/2019\/12\/P1030797_ergebnis.jpg\"><img loading=\"lazy\" decoding=\"async\" aria-describedby=\"caption-attachment-21625\" class=\"wp-image-21625 size-full\" src=\"https:\/\/olu-limburg.de\/wp-content\/uploads\/2019\/12\/P1030797_ergebnis.jpg\" alt=\"\" width=\"800\" height=\"600\" srcset=\"https:\/\/olu-limburg.de\/wp-content\/uploads\/2019\/12\/P1030797_ergebnis.jpg 800w, https:\/\/olu-limburg.de\/wp-content\/uploads\/2019\/12\/P1030797_ergebnis-300x225.jpg 300w, https:\/\/olu-limburg.de\/wp-content\/uploads\/2019\/12\/P1030797_ergebnis-768x576.jpg 768w, https:\/\/olu-limburg.de\/wp-content\/uploads\/2019\/12\/P1030797_ergebnis-624x468.jpg 624w\" sizes=\"auto, (max-width: 800px) 100vw, 800px\" \/><\/a><p id=\"caption-attachment-21625\" class=\"wp-caption-text\">links Saint Saveur mit weiteren Anbauten<\/p><\/div>\n<p><a href=\"https:\/\/olu-limburg.de\/wp-content\/uploads\/2019\/12\/P1030796_ergebnis-e1575648739420.jpg\"><img loading=\"lazy\" decoding=\"async\" class=\"size-full wp-image-21624 alignleft\" src=\"https:\/\/olu-limburg.de\/wp-content\/uploads\/2019\/12\/P1030796_ergebnis-e1575648739420.jpg\" alt=\"\" width=\"450\" height=\"600\" \/><\/a><\/p>\n<p><a href=\"https:\/\/olu-limburg.de\/wp-content\/uploads\/2019\/12\/P1030795_ergebnis-e1575648756911.jpg\"><img loading=\"lazy\" decoding=\"async\" class=\"size-full wp-image-21623 alignright\" src=\"https:\/\/olu-limburg.de\/wp-content\/uploads\/2019\/12\/P1030795_ergebnis-e1575648756911.jpg\" alt=\"\" width=\"450\" height=\"600\" \/><\/a><\/p>\n<p><a href=\"https:\/\/olu-limburg.de\/wp-content\/uploads\/2019\/12\/P1030800_ergebnis-e1575648814822.jpg\"><img loading=\"lazy\" decoding=\"async\" class=\"size-full wp-image-21626 aligncenter\" src=\"https:\/\/olu-limburg.de\/wp-content\/uploads\/2019\/12\/P1030800_ergebnis-e1575648814822.jpg\" alt=\"\" width=\"450\" height=\"600\" \/><\/a><\/p>\n<p><a href=\"https:\/\/olu-limburg.de\/wp-content\/uploads\/2019\/12\/P1030802_ergebnis.jpg\"><img loading=\"lazy\" decoding=\"async\" class=\"size-full wp-image-21628 aligncenter\" src=\"https:\/\/olu-limburg.de\/wp-content\/uploads\/2019\/12\/P1030802_ergebnis.jpg\" alt=\"\" width=\"800\" height=\"600\" srcset=\"https:\/\/olu-limburg.de\/wp-content\/uploads\/2019\/12\/P1030802_ergebnis.jpg 800w, https:\/\/olu-limburg.de\/wp-content\/uploads\/2019\/12\/P1030802_ergebnis-300x225.jpg 300w, https:\/\/olu-limburg.de\/wp-content\/uploads\/2019\/12\/P1030802_ergebnis-768x576.jpg 768w, https:\/\/olu-limburg.de\/wp-content\/uploads\/2019\/12\/P1030802_ergebnis-624x468.jpg 624w\" sizes=\"auto, (max-width: 800px) 100vw, 800px\" \/><\/a><\/p>\n<div id=\"attachment_21627\" style=\"width: 460px\" class=\"wp-caption aligncenter\"><a href=\"https:\/\/olu-limburg.de\/wp-content\/uploads\/2019\/12\/P1030801_ergebnis-e1575648798612.jpg\"><img loading=\"lazy\" decoding=\"async\" aria-describedby=\"caption-attachment-21627\" class=\"wp-image-21627 size-full\" src=\"https:\/\/olu-limburg.de\/wp-content\/uploads\/2019\/12\/P1030801_ergebnis-e1575648798612.jpg\" alt=\"\" width=\"450\" height=\"600\" \/><\/a><p id=\"caption-attachment-21627\" class=\"wp-caption-text\">La Chapelle Saint Louis de l&#8217;Ovalie &#8230;<\/p><\/div>\n<div id=\"attachment_21630\" style=\"width: 460px\" class=\"wp-caption alignleft\"><a href=\"https:\/\/olu-limburg.de\/wp-content\/uploads\/2019\/12\/P1030804_ergebnis-e1575648839115.jpg\"><img loading=\"lazy\" decoding=\"async\" aria-describedby=\"caption-attachment-21630\" class=\"wp-image-21630 size-full\" src=\"https:\/\/olu-limburg.de\/wp-content\/uploads\/2019\/12\/P1030804_ergebnis-e1575648839115.jpg\" alt=\"\" width=\"450\" height=\"600\" \/><\/a><p id=\"caption-attachment-21630\" class=\"wp-caption-text\">&#8230;von den Freunden des fr\u00fcheren Rugby dun Maroc genutzt werden.<\/p><\/div>\n<p><a href=\"https:\/\/olu-limburg.de\/wp-content\/uploads\/2019\/12\/P1030803_ergebnis-e1575649204799.jpg\"><img loading=\"lazy\" decoding=\"async\" class=\"size-full wp-image-21629 alignright\" src=\"https:\/\/olu-limburg.de\/wp-content\/uploads\/2019\/12\/P1030803_ergebnis-e1575649204799.jpg\" alt=\"\" width=\"450\" height=\"600\" \/><\/a><\/p>\n<p><a href=\"https:\/\/olu-limburg.de\/wp-content\/uploads\/2019\/12\/P1030805_ergebnis-e1575649225158.jpg\"><img loading=\"lazy\" decoding=\"async\" class=\"size-full wp-image-21631 alignleft\" src=\"https:\/\/olu-limburg.de\/wp-content\/uploads\/2019\/12\/P1030805_ergebnis-e1575649225158.jpg\" alt=\"\" width=\"450\" height=\"600\" \/><\/a><\/p>\n<p><a href=\"https:\/\/olu-limburg.de\/wp-content\/uploads\/2019\/12\/P1030806_ergebnis-e1575649270514.jpg\"><img loading=\"lazy\" decoding=\"async\" class=\"size-full wp-image-21632 alignright\" src=\"https:\/\/olu-limburg.de\/wp-content\/uploads\/2019\/12\/P1030806_ergebnis-e1575649270514.jpg\" alt=\"\" width=\"450\" height=\"600\" \/><\/a><\/p>\n<p><a href=\"https:\/\/olu-limburg.de\/wp-content\/uploads\/2019\/12\/P1030814_ergebnis.jpg\"><img loading=\"lazy\" decoding=\"async\" class=\"size-full wp-image-21634 aligncenter\" src=\"https:\/\/olu-limburg.de\/wp-content\/uploads\/2019\/12\/P1030814_ergebnis.jpg\" alt=\"\" width=\"800\" height=\"600\" srcset=\"https:\/\/olu-limburg.de\/wp-content\/uploads\/2019\/12\/P1030814_ergebnis.jpg 800w, https:\/\/olu-limburg.de\/wp-content\/uploads\/2019\/12\/P1030814_ergebnis-300x225.jpg 300w, https:\/\/olu-limburg.de\/wp-content\/uploads\/2019\/12\/P1030814_ergebnis-768x576.jpg 768w, https:\/\/olu-limburg.de\/wp-content\/uploads\/2019\/12\/P1030814_ergebnis-624x468.jpg 624w\" sizes=\"auto, (max-width: 800px) 100vw, 800px\" \/><\/a><\/p>\n<p><a href=\"https:\/\/olu-limburg.de\/wp-content\/uploads\/2019\/12\/P1030807_ergebnis-e1575649304785.jpg\"><img loading=\"lazy\" decoding=\"async\" class=\"size-full wp-image-21633 alignleft\" src=\"https:\/\/olu-limburg.de\/wp-content\/uploads\/2019\/12\/P1030807_ergebnis-e1575649304785.jpg\" alt=\"\" width=\"450\" height=\"600\" \/><\/a><\/p>\n<p><a href=\"https:\/\/olu-limburg.de\/wp-content\/uploads\/2019\/12\/P1010682_ergebnis-e1575652059887.jpg\"><img loading=\"lazy\" decoding=\"async\" class=\"size-full wp-image-21650 alignright\" src=\"https:\/\/olu-limburg.de\/wp-content\/uploads\/2019\/12\/P1010682_ergebnis-e1575652059887.jpg\" alt=\"\" width=\"450\" height=\"600\" \/><\/a><\/p>\n<div id=\"attachment_21636\" style=\"width: 810px\" class=\"wp-caption aligncenter\"><a href=\"https:\/\/olu-limburg.de\/wp-content\/uploads\/2019\/12\/P1030819_ergebnis.jpg\"><img loading=\"lazy\" decoding=\"async\" aria-describedby=\"caption-attachment-21636\" class=\"size-full wp-image-21636\" src=\"https:\/\/olu-limburg.de\/wp-content\/uploads\/2019\/12\/P1030819_ergebnis.jpg\" alt=\"\" width=\"800\" height=\"600\" srcset=\"https:\/\/olu-limburg.de\/wp-content\/uploads\/2019\/12\/P1030819_ergebnis.jpg 800w, https:\/\/olu-limburg.de\/wp-content\/uploads\/2019\/12\/P1030819_ergebnis-300x225.jpg 300w, https:\/\/olu-limburg.de\/wp-content\/uploads\/2019\/12\/P1030819_ergebnis-768x576.jpg 768w, https:\/\/olu-limburg.de\/wp-content\/uploads\/2019\/12\/P1030819_ergebnis-624x468.jpg 624w\" sizes=\"auto, (max-width: 800px) 100vw, 800px\" \/><\/a><p id=\"caption-attachment-21636\" class=\"wp-caption-text\">Wir schleppen uns zur\u00fcck nach oben.<\/p><\/div>\n<p>Tagesstrecke: 131 km<\/p>\n<p>&nbsp;<\/p>\n<p style=\"text-align: center;\"><a href=\"https:\/\/olu-limburg.de\/?page_id=21657\">weiter zu Teil 6<\/a><\/p>\n<p style=\"text-align: center;\">oder<\/p>\n<p style=\"text-align: center;\"><a href=\"https:\/\/olu-limburg.de\/?page_id=20227\">zur\u00fcck zur Startseite<\/a><\/p>\n<p>&nbsp;<\/p>\n<p>&nbsp;<\/p>\n<p>&nbsp;<\/p>\n<p>&nbsp;<\/p>\n<p>&nbsp;<\/p>\n<p>&nbsp;<\/p>\n<p>&nbsp;<\/p>\n","protected":false},"excerpt":{"rendered":"<p>&nbsp; Montag, 30.09.2019 Um 08.45 Uhr f\u00e4hrt der B\u00e4cker auf den Platz und h\u00e4lt direkt hinter unserem Wohnmobil. Der Einkauf ist schnell erledigt. Der Stellplatz leert sich zusehends. Und da wir mit dem Nachbarn vor unserer Aufbaut\u00fcr nicht so zufrieden sind, nutzen wir die Gelegenheit und ziehen nach dem Fr\u00fchst\u00fcck auf einen Eckplatz um. Drau\u00dfen [&hellip;]<\/p>\n","protected":false},"author":1,"featured_media":0,"parent":20227,"menu_order":0,"comment_status":"closed","ping_status":"closed","template":"page-templates\/full-width.php","meta":{"footnotes":""},"class_list":["post-21324","page","type-page","status-publish","hentry"],"_links":{"self":[{"href":"https:\/\/olu-limburg.de\/index.php?rest_route=\/wp\/v2\/pages\/21324","targetHints":{"allow":["GET"]}}],"collection":[{"href":"https:\/\/olu-limburg.de\/index.php?rest_route=\/wp\/v2\/pages"}],"about":[{"href":"https:\/\/olu-limburg.de\/index.php?rest_route=\/wp\/v2\/types\/page"}],"author":[{"embeddable":true,"href":"https:\/\/olu-limburg.de\/index.php?rest_route=\/wp\/v2\/users\/1"}],"replies":[{"embeddable":true,"href":"https:\/\/olu-limburg.de\/index.php?rest_route=%2Fwp%2Fv2%2Fcomments&post=21324"}],"version-history":[{"count":31,"href":"https:\/\/olu-limburg.de\/index.php?rest_route=\/wp\/v2\/pages\/21324\/revisions"}],"predecessor-version":[{"id":21951,"href":"https:\/\/olu-limburg.de\/index.php?rest_route=\/wp\/v2\/pages\/21324\/revisions\/21951"}],"up":[{"embeddable":true,"href":"https:\/\/olu-limburg.de\/index.php?rest_route=\/wp\/v2\/pages\/20227"}],"wp:attachment":[{"href":"https:\/\/olu-limburg.de\/index.php?rest_route=%2Fwp%2Fv2%2Fmedia&parent=21324"}],"curies":[{"name":"wp","href":"https:\/\/api.w.org\/{rel}","templated":true}]}}