{"id":13922,"date":"2017-11-27T18:47:17","date_gmt":"2017-11-27T17:47:17","guid":{"rendered":"https:\/\/olu-limburg.de\/?page_id=13922"},"modified":"2018-01-23T09:32:19","modified_gmt":"2018-01-23T08:32:19","slug":"bayerns-suedosten-herbst-2017","status":"publish","type":"page","link":"https:\/\/olu-limburg.de\/?page_id=13922","title":{"rendered":"Bayerns S\u00fcdosten Herbst 2017"},"content":{"rendered":"<p>&nbsp;<\/p>\n<p>Text: Hans-Werner, nach Aufzeichnungen von Lena\u00a0\u00a0\u00a0\u00a0\u00a0\u00a0\u00a0\u00a0\u00a0\u00a0\u00a0\u00a0\u00a0\u00a0\u00a0\u00a0\u00a0\u00a0\u00a0\u00a0\u00a0\u00a0\u00a0\u00a0\u00a0\u00a0\u00a0\u00a0\u00a0\u00a0\u00a0\u00a0\u00a0\u00a0\u00a0\u00a0\u00a0\u00a0\u00a0\u00a0\u00a0\u00a0\u00a0\u00a0\u00a0\u00a0\u00a0\u00a0\u00a0\u00a0\u00a0\u00a0\u00a0\u00a0\u00a0\u00a0\u00a0\u00a0\u00a0\u00a0\u00a0\u00a0\u00a0\u00a0\u00a0\u00a0\u00a0\u00a0\u00a0\u00a0 Fotos: Hans-Werner und Lena<\/p>\n<p>Es ist Herbst und wir m\u00f6chten noch einmal mit unserem Wohnmobil weg fahren. Unser Ziel soll in Bayern liegen. Mit dem s\u00fcd\u00f6stlichen Zipfel, irgendwo hinter dem Chiemsee, haben wir unser grobes Ziel f\u00fcr die Reise vom 18. bis zum 24. Oktober 2017 abgesteckt. Wir haben auf dieser Tour nur auf Stellpl\u00e4tzen \u00fcbernachtet und insgesamt 1.303 km zur\u00fcck gelegt.<\/p>\n<p>&nbsp;<\/p>\n<p><strong>Mittwoch, 18.10.2017<\/strong><\/p>\n<p>Heute Nachmittag haben wir erst noch unsere Enkelin bespa\u00dft, bevor wir uns um 18.00 Uhr auf die A3 in Richtung S\u00fcden aufgemacht haben. Es ist zwar schon fast dunkel, aber warum bis morgen warten? Wir wollen bis nach Marktheidenfeld fahren.<\/p>\n<p>Das geht auch ganz gut, bis uns die Baustellen kurz vor dem Ziel erwischen. Dabei sind die Baustellen nicht das Problem, sondern die hinter uns her fahrenden Brummis. Deren Fahrer sehen n\u00e4mlich nicht ein, dass man tats\u00e4chlich die vorgeschriebene Geschwindigkeit von 80 km einhalten mu\u00df. Es wird so dicht aufgefahren, dass ich mich wie angeschoben f\u00fchle, begleitet von Lichtsignalen und Fanfaren. F\u00fcr den hinter mir Herfahrenden bewirkt dies aber das Gegenteil des Gewollten. Eine bl\u00f6de Rahmenbedingung ist nur die Dunkelheit.<\/p>\n<p>Welch eine Erl\u00f6sung mu\u00df die Ausfahrt von Marktheidenfeld gewesen sein, denn das einsetzende Konzert schallte vielfach hinter uns her. Im Ort geht es direkt zum Stellplatz (Geb\u00fchr EUR 5,00), dessen Randpl\u00e4tze fast alle belegt sind. Wir stellen uns noch in eine ruhige Ecke und beschlie\u00dfen, im Wohnmobil zu bleiben. Wir haben beide keine Lust noch herum zu laufen. Zumal wir Marktheidenfeld schon mehrfach abgelaufen sind.<\/p>\n<p>Tagesstrecke: 157 km<\/p>\n<p>&nbsp;<\/p>\n<p><strong>Donnerstag, 19.10.2017<\/strong><\/p>\n<p><a href=\"https:\/\/olu-limburg.de\/wp-content\/uploads\/2018\/01\/DSC00152_ergebnis.jpg\"><img loading=\"lazy\" decoding=\"async\" class=\"size-full wp-image-13945 aligncenter\" src=\"https:\/\/olu-limburg.de\/wp-content\/uploads\/2018\/01\/DSC00152_ergebnis.jpg\" alt=\"\" width=\"800\" height=\"600\" srcset=\"https:\/\/olu-limburg.de\/wp-content\/uploads\/2018\/01\/DSC00152_ergebnis.jpg 800w, https:\/\/olu-limburg.de\/wp-content\/uploads\/2018\/01\/DSC00152_ergebnis-300x225.jpg 300w, https:\/\/olu-limburg.de\/wp-content\/uploads\/2018\/01\/DSC00152_ergebnis-768x576.jpg 768w, https:\/\/olu-limburg.de\/wp-content\/uploads\/2018\/01\/DSC00152_ergebnis-624x468.jpg 624w\" sizes=\"auto, (max-width: 800px) 100vw, 800px\" \/><\/a><\/p>\n<p>Am Morgen erwartet uns dichter Nebel \u00fcber dem Main. Wir lassen uns beim Fr\u00fchst\u00fcck viel Zeit, bevor es wieder auf die A3 geht. So langsam klart es auch wieder auf. Die Fahrt ist flott. Nach einem kurzen Blick auf die &#8222;Bayern-Arena&#8220; geht es in Richtung Innsbruck und in einen Stau. Unser Navi nutzt sofort die Gelegenheit uns eine Umleitung &#8222;aufs Auge&#8220; zu dr\u00fccken. Wir sind aber naviresistent und sparen uns eine Stunde Fahrzeit und 30 Mehrkilometer.<\/p>\n<p>In Traunstein verlassen wir die Autobahn auf dem Weg zum Paulbauernhof in Saaldorf-Surheim. In solch einem Moment, auf der Landstra\u00dfe, und auf dem Weg zu einem vorgegebenen Ziel, mu\u00df man sich voll und ganz auf sein Navi verlassen k\u00f6nnen. Und wir waren verlassen. Unser Navi kennt Schleichwege und f\u00fchrt uns vor eine un\u00fcberwindliche nur 3 m hohe Eisenbahnunterf\u00fchrung, direkt auf der anderen Seite liegt der Paulbauernhof. Ich habe mir ihn angeschaut, und bin aber selbst nicht von der Location \u00fcberzeugt.<\/p>\n<p>Nach kurzer Beratung wenden wir und nehmen den kostenlosen Stellplatz ohne V+E &#8222;Parkplatz Fischerhuber&#8220; in Laufen an der Salzach in Augenschein. Er liegt in der Freilassinger Stra\u00dfe am Ortsausgang schr\u00e4g gegen\u00fcber einer Tankstelle. Der Platz ist zweckm\u00e4\u00dfig und ein Fu\u00dfweg f\u00fchrt an der Salzach entlang in den Ort.<\/p>\n<p><a href=\"https:\/\/olu-limburg.de\/wp-content\/uploads\/2018\/01\/DSC00153_ergebnis.jpg\"><img loading=\"lazy\" decoding=\"async\" class=\"size-full wp-image-13946 aligncenter\" src=\"https:\/\/olu-limburg.de\/wp-content\/uploads\/2018\/01\/DSC00153_ergebnis.jpg\" alt=\"\" width=\"800\" height=\"600\" srcset=\"https:\/\/olu-limburg.de\/wp-content\/uploads\/2018\/01\/DSC00153_ergebnis.jpg 800w, https:\/\/olu-limburg.de\/wp-content\/uploads\/2018\/01\/DSC00153_ergebnis-300x225.jpg 300w, https:\/\/olu-limburg.de\/wp-content\/uploads\/2018\/01\/DSC00153_ergebnis-768x576.jpg 768w, https:\/\/olu-limburg.de\/wp-content\/uploads\/2018\/01\/DSC00153_ergebnis-624x468.jpg 624w\" sizes=\"auto, (max-width: 800px) 100vw, 800px\" \/><\/a><\/p>\n<p>Wir haben heute genug gesessen, und es ist noch sch\u00f6n, so da\u00df sich ein Spaziergang in das Zentrum von Laufen anbietet. Als wir die wunderbar gearbeitete &#8222;L\u00e4nderbr\u00fccke&#8220; erreichen, sind wir ganz erstaunt, dass bereits auf der anderen Seite \u00d6sterreich ist.<\/p>\n<p><a href=\"https:\/\/olu-limburg.de\/wp-content\/uploads\/2018\/01\/DSC00161_ergebnis.jpg\"><img loading=\"lazy\" decoding=\"async\" class=\"size-full wp-image-13947 aligncenter\" src=\"https:\/\/olu-limburg.de\/wp-content\/uploads\/2018\/01\/DSC00161_ergebnis.jpg\" alt=\"\" width=\"800\" height=\"600\" srcset=\"https:\/\/olu-limburg.de\/wp-content\/uploads\/2018\/01\/DSC00161_ergebnis.jpg 800w, https:\/\/olu-limburg.de\/wp-content\/uploads\/2018\/01\/DSC00161_ergebnis-300x225.jpg 300w, https:\/\/olu-limburg.de\/wp-content\/uploads\/2018\/01\/DSC00161_ergebnis-768x576.jpg 768w, https:\/\/olu-limburg.de\/wp-content\/uploads\/2018\/01\/DSC00161_ergebnis-624x468.jpg 624w\" sizes=\"auto, (max-width: 800px) 100vw, 800px\" \/><\/a><\/p>\n<p>Im Au\u00dfenbereich des ersten Caf\u00e9&#8217;s trinken wir etwas, bevor wir die Besichtigung von Laufen beginnen. Die Stiftskirche ist sehr sch\u00f6n und in deren Umfeld lassen wir noch weitere Prachtbauten auf uns einwirken.<\/p>\n<div id=\"attachment_13948\" style=\"width: 460px\" class=\"wp-caption alignleft\"><a href=\"https:\/\/olu-limburg.de\/wp-content\/uploads\/2018\/01\/DSC00162_ergebnis-e1516635928727.jpg\"><img loading=\"lazy\" decoding=\"async\" aria-describedby=\"caption-attachment-13948\" class=\"wp-image-13948 size-full\" src=\"https:\/\/olu-limburg.de\/wp-content\/uploads\/2018\/01\/DSC00162_ergebnis-e1516635928727.jpg\" alt=\"\" width=\"450\" height=\"600\" \/><\/a><p id=\"caption-attachment-13948\" class=\"wp-caption-text\">Blick auf die Stiftskirche<\/p><\/div>\n<p><a href=\"https:\/\/olu-limburg.de\/wp-content\/uploads\/2018\/01\/DSC00164_ergebnis-e1516635957190.jpg\"><img loading=\"lazy\" decoding=\"async\" class=\"size-full wp-image-13949 alignright\" src=\"https:\/\/olu-limburg.de\/wp-content\/uploads\/2018\/01\/DSC00164_ergebnis-e1516635957190.jpg\" alt=\"\" width=\"450\" height=\"600\" \/><\/a><\/p>\n<p><a href=\"https:\/\/olu-limburg.de\/wp-content\/uploads\/2018\/01\/DSC00170_ergebnis-e1516635980157.jpg\"><img loading=\"lazy\" decoding=\"async\" class=\"size-full wp-image-13950 aligncenter\" src=\"https:\/\/olu-limburg.de\/wp-content\/uploads\/2018\/01\/DSC00170_ergebnis-e1516635980157.jpg\" alt=\"\" width=\"450\" height=\"600\" \/><\/a><\/p>\n<div id=\"attachment_13951\" style=\"width: 810px\" class=\"wp-caption aligncenter\"><a href=\"https:\/\/olu-limburg.de\/wp-content\/uploads\/2018\/01\/DSC00171_ergebnis.jpg\"><img loading=\"lazy\" decoding=\"async\" aria-describedby=\"caption-attachment-13951\" class=\"wp-image-13951 size-full\" src=\"https:\/\/olu-limburg.de\/wp-content\/uploads\/2018\/01\/DSC00171_ergebnis.jpg\" alt=\"\" width=\"800\" height=\"600\" srcset=\"https:\/\/olu-limburg.de\/wp-content\/uploads\/2018\/01\/DSC00171_ergebnis.jpg 800w, https:\/\/olu-limburg.de\/wp-content\/uploads\/2018\/01\/DSC00171_ergebnis-300x225.jpg 300w, https:\/\/olu-limburg.de\/wp-content\/uploads\/2018\/01\/DSC00171_ergebnis-768x576.jpg 768w, https:\/\/olu-limburg.de\/wp-content\/uploads\/2018\/01\/DSC00171_ergebnis-624x468.jpg 624w\" sizes=\"auto, (max-width: 800px) 100vw, 800px\" \/><\/a><p id=\"caption-attachment-13951\" class=\"wp-caption-text\">Pfarrgarten und im Hintergrund der Wehrturm<\/p><\/div>\n<p><a href=\"https:\/\/olu-limburg.de\/wp-content\/uploads\/2018\/01\/DSC00175_ergebnis.jpg\"><img loading=\"lazy\" decoding=\"async\" class=\"size-full wp-image-13952 aligncenter\" src=\"https:\/\/olu-limburg.de\/wp-content\/uploads\/2018\/01\/DSC00175_ergebnis.jpg\" alt=\"\" width=\"800\" height=\"600\" srcset=\"https:\/\/olu-limburg.de\/wp-content\/uploads\/2018\/01\/DSC00175_ergebnis.jpg 800w, https:\/\/olu-limburg.de\/wp-content\/uploads\/2018\/01\/DSC00175_ergebnis-300x225.jpg 300w, https:\/\/olu-limburg.de\/wp-content\/uploads\/2018\/01\/DSC00175_ergebnis-768x576.jpg 768w, https:\/\/olu-limburg.de\/wp-content\/uploads\/2018\/01\/DSC00175_ergebnis-624x468.jpg 624w\" sizes=\"auto, (max-width: 800px) 100vw, 800px\" \/><\/a><\/p>\n<p>Im Bereich der Salzachschleife befindet sich noch ein Wehrturm, der mittlerweile zu einem Privatgeb\u00e4ude geh\u00f6rt.<\/p>\n<p>Beim Europasteg bleiben wir auf der hiesigen Seite, da wir aufgrund aufkommenden Hungers nach einem bayerischen Gasthaus suchen. Internationale K\u00fcche ist vorhanden, die Klosterstuben sind uns zu gehoben und das einzige Gasthaus, welches wir finden, hat heute Ruhetag.<\/p>\n<p><a href=\"https:\/\/olu-limburg.de\/wp-content\/uploads\/2018\/01\/DSC00176_ergebnis.jpg\"><img loading=\"lazy\" decoding=\"async\" class=\"size-full wp-image-13953 aligncenter\" src=\"https:\/\/olu-limburg.de\/wp-content\/uploads\/2018\/01\/DSC00176_ergebnis.jpg\" alt=\"\" width=\"800\" height=\"600\" srcset=\"https:\/\/olu-limburg.de\/wp-content\/uploads\/2018\/01\/DSC00176_ergebnis.jpg 800w, https:\/\/olu-limburg.de\/wp-content\/uploads\/2018\/01\/DSC00176_ergebnis-300x225.jpg 300w, https:\/\/olu-limburg.de\/wp-content\/uploads\/2018\/01\/DSC00176_ergebnis-768x576.jpg 768w, https:\/\/olu-limburg.de\/wp-content\/uploads\/2018\/01\/DSC00176_ergebnis-624x468.jpg 624w\" sizes=\"auto, (max-width: 800px) 100vw, 800px\" \/><\/a><\/p>\n<p>Unsere Lebensrettung liegt wohl auf der anderen Seite. In \u00d6sterreich, genauer in Oberndorf, sehen wir als erstes einen &#8222;Chinesen&#8220;. Bei der Befragung von zwei jungen Frauen bekommen wir einen &#8222;Italiener&#8220; empfohlen. Welch ein Werteverfall! Erst auf R\u00fcckfragen mit festen Vorgaben, nennt man uns das Gasthaus &#8222;Zur Bahn&#8220;.<\/p>\n<p>In dem Moment ist es wirklich eine Offenbarung. Die Kellner bedienen uns in Lederhosen, und die Speisekarte enth\u00e4lt &#8222;Beucherl mit Semmelkn\u00f6del&#8220;. Lena entscheidet sich f\u00fcr einen &#8222;Wildschweinr\u00fccken&#8220;. Wieder wohlgestimmt erreichen wir in stockfinsterer Nacht unser Wohnmobil.<\/p>\n<p><a href=\"https:\/\/olu-limburg.de\/wp-content\/uploads\/2018\/01\/DSC00177_ergebnis.jpg\"><img loading=\"lazy\" decoding=\"async\" class=\"size-full wp-image-13954 aligncenter\" src=\"https:\/\/olu-limburg.de\/wp-content\/uploads\/2018\/01\/DSC00177_ergebnis.jpg\" alt=\"\" width=\"800\" height=\"600\" srcset=\"https:\/\/olu-limburg.de\/wp-content\/uploads\/2018\/01\/DSC00177_ergebnis.jpg 800w, https:\/\/olu-limburg.de\/wp-content\/uploads\/2018\/01\/DSC00177_ergebnis-300x225.jpg 300w, https:\/\/olu-limburg.de\/wp-content\/uploads\/2018\/01\/DSC00177_ergebnis-768x576.jpg 768w, https:\/\/olu-limburg.de\/wp-content\/uploads\/2018\/01\/DSC00177_ergebnis-624x468.jpg 624w\" sizes=\"auto, (max-width: 800px) 100vw, 800px\" \/><\/a><\/p>\n<p><a href=\"https:\/\/olu-limburg.de\/wp-content\/uploads\/2018\/01\/DSC00179_ergebnis.jpg\"><img loading=\"lazy\" decoding=\"async\" class=\"size-full wp-image-13955 aligncenter\" src=\"https:\/\/olu-limburg.de\/wp-content\/uploads\/2018\/01\/DSC00179_ergebnis.jpg\" alt=\"\" width=\"800\" height=\"600\" srcset=\"https:\/\/olu-limburg.de\/wp-content\/uploads\/2018\/01\/DSC00179_ergebnis.jpg 800w, https:\/\/olu-limburg.de\/wp-content\/uploads\/2018\/01\/DSC00179_ergebnis-300x225.jpg 300w, https:\/\/olu-limburg.de\/wp-content\/uploads\/2018\/01\/DSC00179_ergebnis-768x576.jpg 768w, https:\/\/olu-limburg.de\/wp-content\/uploads\/2018\/01\/DSC00179_ergebnis-624x468.jpg 624w\" sizes=\"auto, (max-width: 800px) 100vw, 800px\" \/><\/a><\/p>\n<p>Tagesstrecke: 470 km<\/p>\n<p>&nbsp;<\/p>\n<p><strong>Freitag, 20.10.2017<\/strong><\/p>\n<p>Wir haben gut geschlafen, und drau\u00dfen ist es sonnig. Heute wollen wir noch nach Oberndorf zur Stille-Nacht-Kapelle. So starten wir den Tag mit einem Spaziergang an der Salzach entlang bis zum Europasteg. Hier \u00fcberqueren wir die Salzach nach \u00d6sterreich und steigen hoch zum Kalvarienberg.<\/p>\n<p><a href=\"https:\/\/olu-limburg.de\/wp-content\/uploads\/2018\/01\/DSC00180_ergebnis.jpg\"><img loading=\"lazy\" decoding=\"async\" class=\"size-full wp-image-13956 aligncenter\" src=\"https:\/\/olu-limburg.de\/wp-content\/uploads\/2018\/01\/DSC00180_ergebnis.jpg\" alt=\"\" width=\"800\" height=\"600\" srcset=\"https:\/\/olu-limburg.de\/wp-content\/uploads\/2018\/01\/DSC00180_ergebnis.jpg 800w, https:\/\/olu-limburg.de\/wp-content\/uploads\/2018\/01\/DSC00180_ergebnis-300x225.jpg 300w, https:\/\/olu-limburg.de\/wp-content\/uploads\/2018\/01\/DSC00180_ergebnis-768x576.jpg 768w, https:\/\/olu-limburg.de\/wp-content\/uploads\/2018\/01\/DSC00180_ergebnis-624x468.jpg 624w\" sizes=\"auto, (max-width: 800px) 100vw, 800px\" \/><\/a><\/p>\n<p><a href=\"https:\/\/olu-limburg.de\/wp-content\/uploads\/2018\/01\/DSC00183_ergebnis.jpg\"><img loading=\"lazy\" decoding=\"async\" class=\"size-full wp-image-13957 aligncenter\" src=\"https:\/\/olu-limburg.de\/wp-content\/uploads\/2018\/01\/DSC00183_ergebnis.jpg\" alt=\"\" width=\"800\" height=\"600\" srcset=\"https:\/\/olu-limburg.de\/wp-content\/uploads\/2018\/01\/DSC00183_ergebnis.jpg 800w, https:\/\/olu-limburg.de\/wp-content\/uploads\/2018\/01\/DSC00183_ergebnis-300x225.jpg 300w, https:\/\/olu-limburg.de\/wp-content\/uploads\/2018\/01\/DSC00183_ergebnis-768x576.jpg 768w, https:\/\/olu-limburg.de\/wp-content\/uploads\/2018\/01\/DSC00183_ergebnis-624x468.jpg 624w\" sizes=\"auto, (max-width: 800px) 100vw, 800px\" \/><\/a><\/p>\n<div id=\"attachment_13958\" style=\"width: 810px\" class=\"wp-caption aligncenter\"><a href=\"https:\/\/olu-limburg.de\/wp-content\/uploads\/2018\/01\/DSC00184_ergebnis.jpg\"><img loading=\"lazy\" decoding=\"async\" aria-describedby=\"caption-attachment-13958\" class=\"wp-image-13958 size-full\" src=\"https:\/\/olu-limburg.de\/wp-content\/uploads\/2018\/01\/DSC00184_ergebnis.jpg\" alt=\"\" width=\"800\" height=\"600\" srcset=\"https:\/\/olu-limburg.de\/wp-content\/uploads\/2018\/01\/DSC00184_ergebnis.jpg 800w, https:\/\/olu-limburg.de\/wp-content\/uploads\/2018\/01\/DSC00184_ergebnis-300x225.jpg 300w, https:\/\/olu-limburg.de\/wp-content\/uploads\/2018\/01\/DSC00184_ergebnis-768x576.jpg 768w, https:\/\/olu-limburg.de\/wp-content\/uploads\/2018\/01\/DSC00184_ergebnis-624x468.jpg 624w\" sizes=\"auto, (max-width: 800px) 100vw, 800px\" \/><\/a><p id=\"caption-attachment-13958\" class=\"wp-caption-text\">Europabr\u00fccke<\/p><\/div>\n<p><a href=\"https:\/\/olu-limburg.de\/wp-content\/uploads\/2018\/01\/DSC00186_ergebnis-e1516636389266.jpg\"><img loading=\"lazy\" decoding=\"async\" class=\"size-full wp-image-13960 alignleft\" src=\"https:\/\/olu-limburg.de\/wp-content\/uploads\/2018\/01\/DSC00186_ergebnis-e1516636389266.jpg\" alt=\"\" width=\"450\" height=\"600\" \/><\/a><\/p>\n<div id=\"attachment_13959\" style=\"width: 460px\" class=\"wp-caption alignright\"><a href=\"https:\/\/olu-limburg.de\/wp-content\/uploads\/2018\/01\/DSC00185_ergebnis-e1516636411435.jpg\"><img loading=\"lazy\" decoding=\"async\" aria-describedby=\"caption-attachment-13959\" class=\"wp-image-13959 size-full\" src=\"https:\/\/olu-limburg.de\/wp-content\/uploads\/2018\/01\/DSC00185_ergebnis-e1516636411435.jpg\" alt=\"\" width=\"450\" height=\"600\" \/><\/a><p id=\"caption-attachment-13959\" class=\"wp-caption-text\">Kalvarienberg<\/p><\/div>\n<p><a href=\"https:\/\/olu-limburg.de\/wp-content\/uploads\/2018\/01\/DSC00187_ergebnis-e1516636439453.jpg\"><img loading=\"lazy\" decoding=\"async\" class=\"size-full wp-image-13961 aligncenter\" src=\"https:\/\/olu-limburg.de\/wp-content\/uploads\/2018\/01\/DSC00187_ergebnis-e1516636439453.jpg\" alt=\"\" width=\"450\" height=\"600\" \/><\/a><\/p>\n<p>Es gibt kein Hinweisschild zur Stille-Nacht-Kapelle. Als wir einen Bauern fragen, wo sich diese befindet, zeigt er sie uns unten an der Salzach inmitten des alten Ortskerns von Oberndorf. Wir k\u00f6nnten sie aber auch weiter hinten \u00fcber einen Steig erreichen. Da wir nun mal hier oben sind, gehen wir noch zu der vor uns liegenden Wallfahrtskirche &#8222;Maria B\u00fchel&#8220;. Dabei umweht unsere Nasen der Duft von frisch verteiltem &#8222;Puddel&#8220;.<\/p>\n<p><a href=\"https:\/\/olu-limburg.de\/wp-content\/uploads\/2018\/01\/DSC00188_ergebnis.jpg\"><img loading=\"lazy\" decoding=\"async\" class=\"size-full wp-image-13962 aligncenter\" src=\"https:\/\/olu-limburg.de\/wp-content\/uploads\/2018\/01\/DSC00188_ergebnis.jpg\" alt=\"\" width=\"800\" height=\"600\" srcset=\"https:\/\/olu-limburg.de\/wp-content\/uploads\/2018\/01\/DSC00188_ergebnis.jpg 800w, https:\/\/olu-limburg.de\/wp-content\/uploads\/2018\/01\/DSC00188_ergebnis-300x225.jpg 300w, https:\/\/olu-limburg.de\/wp-content\/uploads\/2018\/01\/DSC00188_ergebnis-768x576.jpg 768w, https:\/\/olu-limburg.de\/wp-content\/uploads\/2018\/01\/DSC00188_ergebnis-624x468.jpg 624w\" sizes=\"auto, (max-width: 800px) 100vw, 800px\" \/><\/a><\/p>\n<p><a href=\"https:\/\/olu-limburg.de\/wp-content\/uploads\/2018\/01\/DSC00190_ergebnis.jpg\"><img loading=\"lazy\" decoding=\"async\" class=\"size-full wp-image-13963 aligncenter\" src=\"https:\/\/olu-limburg.de\/wp-content\/uploads\/2018\/01\/DSC00190_ergebnis.jpg\" alt=\"\" width=\"800\" height=\"600\" srcset=\"https:\/\/olu-limburg.de\/wp-content\/uploads\/2018\/01\/DSC00190_ergebnis.jpg 800w, https:\/\/olu-limburg.de\/wp-content\/uploads\/2018\/01\/DSC00190_ergebnis-300x225.jpg 300w, https:\/\/olu-limburg.de\/wp-content\/uploads\/2018\/01\/DSC00190_ergebnis-768x576.jpg 768w, https:\/\/olu-limburg.de\/wp-content\/uploads\/2018\/01\/DSC00190_ergebnis-624x468.jpg 624w\" sizes=\"auto, (max-width: 800px) 100vw, 800px\" \/><\/a><\/p>\n<p><a href=\"https:\/\/olu-limburg.de\/wp-content\/uploads\/2018\/01\/DSC00193_ergebnis.jpg\"><img loading=\"lazy\" decoding=\"async\" class=\"size-full wp-image-13965 aligncenter\" src=\"https:\/\/olu-limburg.de\/wp-content\/uploads\/2018\/01\/DSC00193_ergebnis.jpg\" alt=\"\" width=\"800\" height=\"600\" srcset=\"https:\/\/olu-limburg.de\/wp-content\/uploads\/2018\/01\/DSC00193_ergebnis.jpg 800w, https:\/\/olu-limburg.de\/wp-content\/uploads\/2018\/01\/DSC00193_ergebnis-300x225.jpg 300w, https:\/\/olu-limburg.de\/wp-content\/uploads\/2018\/01\/DSC00193_ergebnis-768x576.jpg 768w, https:\/\/olu-limburg.de\/wp-content\/uploads\/2018\/01\/DSC00193_ergebnis-624x468.jpg 624w\" sizes=\"auto, (max-width: 800px) 100vw, 800px\" \/><\/a><\/p>\n<div id=\"attachment_13964\" style=\"width: 810px\" class=\"wp-caption aligncenter\"><a href=\"https:\/\/olu-limburg.de\/wp-content\/uploads\/2018\/01\/DSC00191_ergebnis.jpg\"><img loading=\"lazy\" decoding=\"async\" aria-describedby=\"caption-attachment-13964\" class=\"wp-image-13964 size-full\" src=\"https:\/\/olu-limburg.de\/wp-content\/uploads\/2018\/01\/DSC00191_ergebnis.jpg\" alt=\"\" width=\"800\" height=\"600\" srcset=\"https:\/\/olu-limburg.de\/wp-content\/uploads\/2018\/01\/DSC00191_ergebnis.jpg 800w, https:\/\/olu-limburg.de\/wp-content\/uploads\/2018\/01\/DSC00191_ergebnis-300x225.jpg 300w, https:\/\/olu-limburg.de\/wp-content\/uploads\/2018\/01\/DSC00191_ergebnis-768x576.jpg 768w, https:\/\/olu-limburg.de\/wp-content\/uploads\/2018\/01\/DSC00191_ergebnis-624x468.jpg 624w\" sizes=\"auto, (max-width: 800px) 100vw, 800px\" \/><\/a><p id=\"caption-attachment-13964\" class=\"wp-caption-text\">Wallfahrtskirche &#8222;Maria B\u00fchel&#8220;<\/p><\/div>\n<p><a href=\"https:\/\/olu-limburg.de\/wp-content\/uploads\/2018\/01\/DSC00194_ergebnis.jpg\"><img loading=\"lazy\" decoding=\"async\" class=\"size-full wp-image-13966 aligncenter\" src=\"https:\/\/olu-limburg.de\/wp-content\/uploads\/2018\/01\/DSC00194_ergebnis.jpg\" alt=\"\" width=\"800\" height=\"600\" srcset=\"https:\/\/olu-limburg.de\/wp-content\/uploads\/2018\/01\/DSC00194_ergebnis.jpg 800w, https:\/\/olu-limburg.de\/wp-content\/uploads\/2018\/01\/DSC00194_ergebnis-300x225.jpg 300w, https:\/\/olu-limburg.de\/wp-content\/uploads\/2018\/01\/DSC00194_ergebnis-768x576.jpg 768w, https:\/\/olu-limburg.de\/wp-content\/uploads\/2018\/01\/DSC00194_ergebnis-624x468.jpg 624w\" sizes=\"auto, (max-width: 800px) 100vw, 800px\" \/><\/a><\/p>\n<p><a href=\"https:\/\/olu-limburg.de\/wp-content\/uploads\/2018\/01\/DSC00196_ergebnis-e1516636583715.jpg\"><img loading=\"lazy\" decoding=\"async\" class=\"size-full wp-image-13967 aligncenter\" src=\"https:\/\/olu-limburg.de\/wp-content\/uploads\/2018\/01\/DSC00196_ergebnis-e1516636583715.jpg\" alt=\"\" width=\"450\" height=\"600\" \/><\/a><\/p>\n<p>Irgendwie erreichen wir auf unserem Zickzack-Kurs tats\u00e4chlich den Abstieg zum alten Ortskern von Oberndorf. Mittendrin liegt auf einer kleinen Anh\u00f6he die Stille-Nacht-Kapelle. Hier erschallte zum ersten Mal das vom Hilfspriester Joseph Mohr geschriebene und vom Organisten Franz Xaver Gruber vertonte Gedicht &#8222;Stille Nacht&#8220;.<\/p>\n<p><a href=\"https:\/\/olu-limburg.de\/wp-content\/uploads\/2018\/01\/DSC00197_ergebnis.jpg\"><img loading=\"lazy\" decoding=\"async\" class=\"size-full wp-image-13968 aligncenter\" src=\"https:\/\/olu-limburg.de\/wp-content\/uploads\/2018\/01\/DSC00197_ergebnis.jpg\" alt=\"\" width=\"800\" height=\"600\" srcset=\"https:\/\/olu-limburg.de\/wp-content\/uploads\/2018\/01\/DSC00197_ergebnis.jpg 800w, https:\/\/olu-limburg.de\/wp-content\/uploads\/2018\/01\/DSC00197_ergebnis-300x225.jpg 300w, https:\/\/olu-limburg.de\/wp-content\/uploads\/2018\/01\/DSC00197_ergebnis-768x576.jpg 768w, https:\/\/olu-limburg.de\/wp-content\/uploads\/2018\/01\/DSC00197_ergebnis-624x468.jpg 624w\" sizes=\"auto, (max-width: 800px) 100vw, 800px\" \/><\/a><\/p>\n<p><a href=\"https:\/\/olu-limburg.de\/wp-content\/uploads\/2018\/01\/DSC00198_ergebnis-e1516636882228.jpg\"><img loading=\"lazy\" decoding=\"async\" class=\"size-full wp-image-13969 aligncenter\" src=\"https:\/\/olu-limburg.de\/wp-content\/uploads\/2018\/01\/DSC00198_ergebnis-e1516636882228.jpg\" alt=\"\" width=\"450\" height=\"600\" \/><\/a><\/p>\n<p><a href=\"https:\/\/olu-limburg.de\/wp-content\/uploads\/2018\/01\/DSC00199_ergebnis.jpg\"><img loading=\"lazy\" decoding=\"async\" class=\"size-full wp-image-13970 aligncenter\" src=\"https:\/\/olu-limburg.de\/wp-content\/uploads\/2018\/01\/DSC00199_ergebnis.jpg\" alt=\"\" width=\"800\" height=\"600\" srcset=\"https:\/\/olu-limburg.de\/wp-content\/uploads\/2018\/01\/DSC00199_ergebnis.jpg 800w, https:\/\/olu-limburg.de\/wp-content\/uploads\/2018\/01\/DSC00199_ergebnis-300x225.jpg 300w, https:\/\/olu-limburg.de\/wp-content\/uploads\/2018\/01\/DSC00199_ergebnis-768x576.jpg 768w, https:\/\/olu-limburg.de\/wp-content\/uploads\/2018\/01\/DSC00199_ergebnis-624x468.jpg 624w\" sizes=\"auto, (max-width: 800px) 100vw, 800px\" \/><\/a><\/p>\n<div id=\"attachment_13975\" style=\"width: 810px\" class=\"wp-caption aligncenter\"><a href=\"https:\/\/olu-limburg.de\/wp-content\/uploads\/2018\/01\/DSC00205_ergebnis.jpg\"><img loading=\"lazy\" decoding=\"async\" aria-describedby=\"caption-attachment-13975\" class=\"wp-image-13975 size-full\" src=\"https:\/\/olu-limburg.de\/wp-content\/uploads\/2018\/01\/DSC00205_ergebnis.jpg\" alt=\"\" width=\"800\" height=\"600\" srcset=\"https:\/\/olu-limburg.de\/wp-content\/uploads\/2018\/01\/DSC00205_ergebnis.jpg 800w, https:\/\/olu-limburg.de\/wp-content\/uploads\/2018\/01\/DSC00205_ergebnis-300x225.jpg 300w, https:\/\/olu-limburg.de\/wp-content\/uploads\/2018\/01\/DSC00205_ergebnis-768x576.jpg 768w, https:\/\/olu-limburg.de\/wp-content\/uploads\/2018\/01\/DSC00205_ergebnis-624x468.jpg 624w\" sizes=\"auto, (max-width: 800px) 100vw, 800px\" \/><\/a><p id=\"caption-attachment-13975\" class=\"wp-caption-text\">Stille-Nacht-Kapelle<\/p><\/div>\n<p><a href=\"https:\/\/olu-limburg.de\/wp-content\/uploads\/2018\/01\/DSC00201_ergebnis-e1516636966606.jpg\"><img loading=\"lazy\" decoding=\"async\" class=\"size-full wp-image-13971 aligncenter\" src=\"https:\/\/olu-limburg.de\/wp-content\/uploads\/2018\/01\/DSC00201_ergebnis-e1516636966606.jpg\" alt=\"\" width=\"450\" height=\"600\" \/><\/a><\/p>\n<p><a href=\"https:\/\/olu-limburg.de\/wp-content\/uploads\/2018\/01\/DSC00202_ergebnis-e1516636945818.jpg\"><img loading=\"lazy\" decoding=\"async\" class=\"size-full wp-image-13972 alignleft\" src=\"https:\/\/olu-limburg.de\/wp-content\/uploads\/2018\/01\/DSC00202_ergebnis-e1516636945818.jpg\" alt=\"\" width=\"450\" height=\"600\" \/><\/a><\/p>\n<p><a href=\"https:\/\/olu-limburg.de\/wp-content\/uploads\/2018\/01\/DSC00204_ergebnis-e1516636992571.jpg\"><img loading=\"lazy\" decoding=\"async\" class=\"size-full wp-image-13974 alignright\" src=\"https:\/\/olu-limburg.de\/wp-content\/uploads\/2018\/01\/DSC00204_ergebnis-e1516636992571.jpg\" alt=\"\" width=\"450\" height=\"600\" \/><\/a><\/p>\n<p><a href=\"https:\/\/olu-limburg.de\/wp-content\/uploads\/2018\/01\/DSC00203_ergebnis.jpg\"><img loading=\"lazy\" decoding=\"async\" class=\"size-full wp-image-13973 aligncenter\" src=\"https:\/\/olu-limburg.de\/wp-content\/uploads\/2018\/01\/DSC00203_ergebnis.jpg\" alt=\"\" width=\"800\" height=\"600\" srcset=\"https:\/\/olu-limburg.de\/wp-content\/uploads\/2018\/01\/DSC00203_ergebnis.jpg 800w, https:\/\/olu-limburg.de\/wp-content\/uploads\/2018\/01\/DSC00203_ergebnis-300x225.jpg 300w, https:\/\/olu-limburg.de\/wp-content\/uploads\/2018\/01\/DSC00203_ergebnis-768x576.jpg 768w, https:\/\/olu-limburg.de\/wp-content\/uploads\/2018\/01\/DSC00203_ergebnis-624x468.jpg 624w\" sizes=\"auto, (max-width: 800px) 100vw, 800px\" \/><\/a><\/p>\n<div id=\"attachment_13976\" style=\"width: 810px\" class=\"wp-caption aligncenter\"><a href=\"https:\/\/olu-limburg.de\/wp-content\/uploads\/2018\/01\/DSC00206_ergebnis.jpg\"><img loading=\"lazy\" decoding=\"async\" aria-describedby=\"caption-attachment-13976\" class=\"wp-image-13976 size-full\" src=\"https:\/\/olu-limburg.de\/wp-content\/uploads\/2018\/01\/DSC00206_ergebnis.jpg\" alt=\"\" width=\"800\" height=\"600\" srcset=\"https:\/\/olu-limburg.de\/wp-content\/uploads\/2018\/01\/DSC00206_ergebnis.jpg 800w, https:\/\/olu-limburg.de\/wp-content\/uploads\/2018\/01\/DSC00206_ergebnis-300x225.jpg 300w, https:\/\/olu-limburg.de\/wp-content\/uploads\/2018\/01\/DSC00206_ergebnis-768x576.jpg 768w, https:\/\/olu-limburg.de\/wp-content\/uploads\/2018\/01\/DSC00206_ergebnis-624x468.jpg 624w\" sizes=\"auto, (max-width: 800px) 100vw, 800px\" \/><\/a><p id=\"caption-attachment-13976\" class=\"wp-caption-text\">Ausw\u00fcchse des Tourismus<\/p><\/div>\n<p>Die Gemeinde Oberndorf hat sehr viel Aufbauarbeit geleistet und den Bezirk neu gestaltet. Denn das alte Dorf, dass an der Au\u00dfenseite der Salzachschleife lag, wurde regelm\u00e4\u00dfig von \u00dcberschwemmungen der Salzach heimgesucht und verw\u00fcstet. Deshalb wurde das neue Oberndorf um 500 m in ein nicht so gef\u00e4hrdetes Gebiet verlegt.<\/p>\n<p><a href=\"https:\/\/olu-limburg.de\/wp-content\/uploads\/2018\/01\/DSC00211_ergebnis.jpg\"><img loading=\"lazy\" decoding=\"async\" class=\"size-full wp-image-13978 aligncenter\" src=\"https:\/\/olu-limburg.de\/wp-content\/uploads\/2018\/01\/DSC00211_ergebnis.jpg\" alt=\"\" width=\"800\" height=\"600\" srcset=\"https:\/\/olu-limburg.de\/wp-content\/uploads\/2018\/01\/DSC00211_ergebnis.jpg 800w, https:\/\/olu-limburg.de\/wp-content\/uploads\/2018\/01\/DSC00211_ergebnis-300x225.jpg 300w, https:\/\/olu-limburg.de\/wp-content\/uploads\/2018\/01\/DSC00211_ergebnis-768x576.jpg 768w, https:\/\/olu-limburg.de\/wp-content\/uploads\/2018\/01\/DSC00211_ergebnis-624x468.jpg 624w\" sizes=\"auto, (max-width: 800px) 100vw, 800px\" \/><\/a><\/p>\n<div id=\"attachment_13977\" style=\"width: 810px\" class=\"wp-caption aligncenter\"><a href=\"https:\/\/olu-limburg.de\/wp-content\/uploads\/2018\/01\/DSC00210_ergebnis.jpg\"><img loading=\"lazy\" decoding=\"async\" aria-describedby=\"caption-attachment-13977\" class=\"wp-image-13977 size-full\" src=\"https:\/\/olu-limburg.de\/wp-content\/uploads\/2018\/01\/DSC00210_ergebnis.jpg\" alt=\"\" width=\"800\" height=\"600\" srcset=\"https:\/\/olu-limburg.de\/wp-content\/uploads\/2018\/01\/DSC00210_ergebnis.jpg 800w, https:\/\/olu-limburg.de\/wp-content\/uploads\/2018\/01\/DSC00210_ergebnis-300x225.jpg 300w, https:\/\/olu-limburg.de\/wp-content\/uploads\/2018\/01\/DSC00210_ergebnis-768x576.jpg 768w, https:\/\/olu-limburg.de\/wp-content\/uploads\/2018\/01\/DSC00210_ergebnis-624x468.jpg 624w\" sizes=\"auto, (max-width: 800px) 100vw, 800px\" \/><\/a><p id=\"caption-attachment-13977\" class=\"wp-caption-text\">Blick auf die Salzach-Schleife<\/p><\/div>\n<p><a href=\"https:\/\/olu-limburg.de\/wp-content\/uploads\/2018\/01\/DSC00213_ergebnis.jpg\"><img loading=\"lazy\" decoding=\"async\" class=\"size-full wp-image-13979 aligncenter\" src=\"https:\/\/olu-limburg.de\/wp-content\/uploads\/2018\/01\/DSC00213_ergebnis.jpg\" alt=\"\" width=\"800\" height=\"600\" srcset=\"https:\/\/olu-limburg.de\/wp-content\/uploads\/2018\/01\/DSC00213_ergebnis.jpg 800w, https:\/\/olu-limburg.de\/wp-content\/uploads\/2018\/01\/DSC00213_ergebnis-300x225.jpg 300w, https:\/\/olu-limburg.de\/wp-content\/uploads\/2018\/01\/DSC00213_ergebnis-768x576.jpg 768w, https:\/\/olu-limburg.de\/wp-content\/uploads\/2018\/01\/DSC00213_ergebnis-624x468.jpg 624w\" sizes=\"auto, (max-width: 800px) 100vw, 800px\" \/><\/a><\/p>\n<p>Uns zieht es jetzt zum Mittagstisch in den Gasthof &#8222;Bauernbr\u00e4u&#8220; zu Griesnockerlsuppe und K\u00e4sespatzen mit Salat zu EUR 6,90.<\/p>\n<p>Den R\u00fcckweg zum Wohnmobil machen wir bei herrlichem Sonnenschein. Nach einer kurzen Mittagsruhe fahren wir auf kleinen Nebenstra\u00dfen in Richtung Inzell. Kurz vorher geht es dann ab in den Ortsteil Hutterer. Hier wollen wir bei dem Gasthof Rauschbergblick \u00fcbernachten. Nach R\u00fccksprache mit dem Wirt ist dies kein Problem. Der Betrieb ist auch offen, nur wird noch ein weiteres G\u00e4stehaus gebaut. Aber bei Dunkelheit ist bestimmt alles ruhig.<\/p>\n<div id=\"attachment_13985\" style=\"width: 810px\" class=\"wp-caption aligncenter\"><a href=\"https:\/\/olu-limburg.de\/wp-content\/uploads\/2018\/01\/DSC00216_ergebnis.jpg\"><img loading=\"lazy\" decoding=\"async\" aria-describedby=\"caption-attachment-13985\" class=\"size-full wp-image-13985\" src=\"https:\/\/olu-limburg.de\/wp-content\/uploads\/2018\/01\/DSC00216_ergebnis.jpg\" alt=\"\" width=\"800\" height=\"600\" srcset=\"https:\/\/olu-limburg.de\/wp-content\/uploads\/2018\/01\/DSC00216_ergebnis.jpg 800w, https:\/\/olu-limburg.de\/wp-content\/uploads\/2018\/01\/DSC00216_ergebnis-300x225.jpg 300w, https:\/\/olu-limburg.de\/wp-content\/uploads\/2018\/01\/DSC00216_ergebnis-768x576.jpg 768w, https:\/\/olu-limburg.de\/wp-content\/uploads\/2018\/01\/DSC00216_ergebnis-624x468.jpg 624w\" sizes=\"auto, (max-width: 800px) 100vw, 800px\" \/><\/a><p id=\"caption-attachment-13985\" class=\"wp-caption-text\">Blick auf Hutterer<\/p><\/div>\n<p><a href=\"https:\/\/olu-limburg.de\/wp-content\/uploads\/2018\/01\/DSC00214_ergebnis.jpg\"><img loading=\"lazy\" decoding=\"async\" class=\"size-full wp-image-14000 aligncenter\" src=\"https:\/\/olu-limburg.de\/wp-content\/uploads\/2018\/01\/DSC00214_ergebnis.jpg\" alt=\"\" width=\"800\" height=\"600\" srcset=\"https:\/\/olu-limburg.de\/wp-content\/uploads\/2018\/01\/DSC00214_ergebnis.jpg 800w, https:\/\/olu-limburg.de\/wp-content\/uploads\/2018\/01\/DSC00214_ergebnis-300x225.jpg 300w, https:\/\/olu-limburg.de\/wp-content\/uploads\/2018\/01\/DSC00214_ergebnis-768x576.jpg 768w, https:\/\/olu-limburg.de\/wp-content\/uploads\/2018\/01\/DSC00214_ergebnis-624x468.jpg 624w\" sizes=\"auto, (max-width: 800px) 100vw, 800px\" \/><\/a><\/p>\n<p>Die Aussicht \u00fcber das Tal ist wundersch\u00f6n. Wir nutzen das herrliche Wetter und machen f\u00fcr heute die zweite Wanderung. Auf dem Weg entlang den Wiesen und Weiden passieren wir die Siedlung Reith und kommen dann in die Au\u00dfenbezirke von Inzell. Etwas weiter links sehen wir den Wohnmobil-Stellplatz liegen.<\/p>\n<p><a href=\"https:\/\/olu-limburg.de\/wp-content\/uploads\/2018\/01\/DSC00217_ergebnis.jpg\"><img loading=\"lazy\" decoding=\"async\" class=\"size-full wp-image-13986 aligncenter\" src=\"https:\/\/olu-limburg.de\/wp-content\/uploads\/2018\/01\/DSC00217_ergebnis.jpg\" alt=\"\" width=\"800\" height=\"600\" srcset=\"https:\/\/olu-limburg.de\/wp-content\/uploads\/2018\/01\/DSC00217_ergebnis.jpg 800w, https:\/\/olu-limburg.de\/wp-content\/uploads\/2018\/01\/DSC00217_ergebnis-300x225.jpg 300w, https:\/\/olu-limburg.de\/wp-content\/uploads\/2018\/01\/DSC00217_ergebnis-768x576.jpg 768w, https:\/\/olu-limburg.de\/wp-content\/uploads\/2018\/01\/DSC00217_ergebnis-624x468.jpg 624w\" sizes=\"auto, (max-width: 800px) 100vw, 800px\" \/><\/a><\/p>\n<p><a href=\"https:\/\/olu-limburg.de\/wp-content\/uploads\/2018\/01\/DSC00215_ergebnis.jpg\"><img loading=\"lazy\" decoding=\"async\" class=\"size-full wp-image-13984 aligncenter\" src=\"https:\/\/olu-limburg.de\/wp-content\/uploads\/2018\/01\/DSC00215_ergebnis.jpg\" alt=\"\" width=\"800\" height=\"600\" srcset=\"https:\/\/olu-limburg.de\/wp-content\/uploads\/2018\/01\/DSC00215_ergebnis.jpg 800w, https:\/\/olu-limburg.de\/wp-content\/uploads\/2018\/01\/DSC00215_ergebnis-300x225.jpg 300w, https:\/\/olu-limburg.de\/wp-content\/uploads\/2018\/01\/DSC00215_ergebnis-768x576.jpg 768w, https:\/\/olu-limburg.de\/wp-content\/uploads\/2018\/01\/DSC00215_ergebnis-624x468.jpg 624w\" sizes=\"auto, (max-width: 800px) 100vw, 800px\" \/><\/a><\/p>\n<div id=\"attachment_13987\" style=\"width: 810px\" class=\"wp-caption aligncenter\"><a href=\"https:\/\/olu-limburg.de\/wp-content\/uploads\/2018\/01\/DSC00219_ergebnis.jpg\"><img loading=\"lazy\" decoding=\"async\" aria-describedby=\"caption-attachment-13987\" class=\"wp-image-13987 size-full\" src=\"https:\/\/olu-limburg.de\/wp-content\/uploads\/2018\/01\/DSC00219_ergebnis.jpg\" alt=\"\" width=\"800\" height=\"600\" srcset=\"https:\/\/olu-limburg.de\/wp-content\/uploads\/2018\/01\/DSC00219_ergebnis.jpg 800w, https:\/\/olu-limburg.de\/wp-content\/uploads\/2018\/01\/DSC00219_ergebnis-300x225.jpg 300w, https:\/\/olu-limburg.de\/wp-content\/uploads\/2018\/01\/DSC00219_ergebnis-768x576.jpg 768w, https:\/\/olu-limburg.de\/wp-content\/uploads\/2018\/01\/DSC00219_ergebnis-624x468.jpg 624w\" sizes=\"auto, (max-width: 800px) 100vw, 800px\" \/><\/a><p id=\"caption-attachment-13987\" class=\"wp-caption-text\">Auf Zuruf ist die Herde auf dem Heimweg.<\/p><\/div>\n<p><a href=\"https:\/\/olu-limburg.de\/wp-content\/uploads\/2018\/01\/DSC00221_ergebnis.jpg\"><img loading=\"lazy\" decoding=\"async\" class=\"size-full wp-image-13989 aligncenter\" src=\"https:\/\/olu-limburg.de\/wp-content\/uploads\/2018\/01\/DSC00221_ergebnis.jpg\" alt=\"\" width=\"800\" height=\"600\" srcset=\"https:\/\/olu-limburg.de\/wp-content\/uploads\/2018\/01\/DSC00221_ergebnis.jpg 800w, https:\/\/olu-limburg.de\/wp-content\/uploads\/2018\/01\/DSC00221_ergebnis-300x225.jpg 300w, https:\/\/olu-limburg.de\/wp-content\/uploads\/2018\/01\/DSC00221_ergebnis-768x576.jpg 768w, https:\/\/olu-limburg.de\/wp-content\/uploads\/2018\/01\/DSC00221_ergebnis-624x468.jpg 624w\" sizes=\"auto, (max-width: 800px) 100vw, 800px\" \/><\/a><\/p>\n<p><a href=\"https:\/\/olu-limburg.de\/wp-content\/uploads\/2018\/01\/DSC00220_ergebnis.jpg\"><img loading=\"lazy\" decoding=\"async\" class=\"size-full wp-image-13988 aligncenter\" src=\"https:\/\/olu-limburg.de\/wp-content\/uploads\/2018\/01\/DSC00220_ergebnis.jpg\" alt=\"\" width=\"800\" height=\"600\" srcset=\"https:\/\/olu-limburg.de\/wp-content\/uploads\/2018\/01\/DSC00220_ergebnis.jpg 800w, https:\/\/olu-limburg.de\/wp-content\/uploads\/2018\/01\/DSC00220_ergebnis-300x225.jpg 300w, https:\/\/olu-limburg.de\/wp-content\/uploads\/2018\/01\/DSC00220_ergebnis-768x576.jpg 768w, https:\/\/olu-limburg.de\/wp-content\/uploads\/2018\/01\/DSC00220_ergebnis-624x468.jpg 624w\" sizes=\"auto, (max-width: 800px) 100vw, 800px\" \/><\/a><\/p>\n<p>Bei den Hotels sieht man die Fahrzeuge der verschiedenen Nationalmannschaften, die dort ihre Eisschnelll\u00e4ufer untergebracht haben. \u00dcberall laufen die Vorbereitungen f\u00fcr die Olympiade in Pjeungchang. Wir spazieren am Ortsrand entlang immer weiter ins hintere Tal hinein zur Eissporthalle, die man schon von weitem mit ihrem auffallenden Dach sieht.<\/p>\n<p><a href=\"https:\/\/olu-limburg.de\/wp-content\/uploads\/2018\/01\/DSC00228_ergebnis.jpg\"><img loading=\"lazy\" decoding=\"async\" class=\"size-full wp-image-13996 aligncenter\" src=\"https:\/\/olu-limburg.de\/wp-content\/uploads\/2018\/01\/DSC00228_ergebnis.jpg\" alt=\"\" width=\"800\" height=\"600\" srcset=\"https:\/\/olu-limburg.de\/wp-content\/uploads\/2018\/01\/DSC00228_ergebnis.jpg 800w, https:\/\/olu-limburg.de\/wp-content\/uploads\/2018\/01\/DSC00228_ergebnis-300x225.jpg 300w, https:\/\/olu-limburg.de\/wp-content\/uploads\/2018\/01\/DSC00228_ergebnis-768x576.jpg 768w, https:\/\/olu-limburg.de\/wp-content\/uploads\/2018\/01\/DSC00228_ergebnis-624x468.jpg 624w\" sizes=\"auto, (max-width: 800px) 100vw, 800px\" \/><\/a><\/p>\n<p><a href=\"https:\/\/olu-limburg.de\/wp-content\/uploads\/2018\/01\/DSC00222_ergebnis.jpg\"><img loading=\"lazy\" decoding=\"async\" class=\"size-full wp-image-13990 aligncenter\" src=\"https:\/\/olu-limburg.de\/wp-content\/uploads\/2018\/01\/DSC00222_ergebnis.jpg\" alt=\"\" width=\"800\" height=\"600\" srcset=\"https:\/\/olu-limburg.de\/wp-content\/uploads\/2018\/01\/DSC00222_ergebnis.jpg 800w, https:\/\/olu-limburg.de\/wp-content\/uploads\/2018\/01\/DSC00222_ergebnis-300x225.jpg 300w, https:\/\/olu-limburg.de\/wp-content\/uploads\/2018\/01\/DSC00222_ergebnis-768x576.jpg 768w, https:\/\/olu-limburg.de\/wp-content\/uploads\/2018\/01\/DSC00222_ergebnis-624x468.jpg 624w\" sizes=\"auto, (max-width: 800px) 100vw, 800px\" \/><\/a><\/p>\n<p><a href=\"https:\/\/olu-limburg.de\/wp-content\/uploads\/2018\/01\/DSC00224_ergebnis.jpg\"><img loading=\"lazy\" decoding=\"async\" class=\"size-full wp-image-13992 aligncenter\" src=\"https:\/\/olu-limburg.de\/wp-content\/uploads\/2018\/01\/DSC00224_ergebnis.jpg\" alt=\"\" width=\"800\" height=\"600\" srcset=\"https:\/\/olu-limburg.de\/wp-content\/uploads\/2018\/01\/DSC00224_ergebnis.jpg 800w, https:\/\/olu-limburg.de\/wp-content\/uploads\/2018\/01\/DSC00224_ergebnis-300x225.jpg 300w, https:\/\/olu-limburg.de\/wp-content\/uploads\/2018\/01\/DSC00224_ergebnis-768x576.jpg 768w, https:\/\/olu-limburg.de\/wp-content\/uploads\/2018\/01\/DSC00224_ergebnis-624x468.jpg 624w\" sizes=\"auto, (max-width: 800px) 100vw, 800px\" \/><\/a><\/p>\n<p><a href=\"https:\/\/olu-limburg.de\/wp-content\/uploads\/2018\/01\/DSC00223_ergebnis.jpg\"><img loading=\"lazy\" decoding=\"async\" class=\"size-full wp-image-13991 aligncenter\" src=\"https:\/\/olu-limburg.de\/wp-content\/uploads\/2018\/01\/DSC00223_ergebnis.jpg\" alt=\"\" width=\"800\" height=\"600\" srcset=\"https:\/\/olu-limburg.de\/wp-content\/uploads\/2018\/01\/DSC00223_ergebnis.jpg 800w, https:\/\/olu-limburg.de\/wp-content\/uploads\/2018\/01\/DSC00223_ergebnis-300x225.jpg 300w, https:\/\/olu-limburg.de\/wp-content\/uploads\/2018\/01\/DSC00223_ergebnis-768x576.jpg 768w, https:\/\/olu-limburg.de\/wp-content\/uploads\/2018\/01\/DSC00223_ergebnis-624x468.jpg 624w\" sizes=\"auto, (max-width: 800px) 100vw, 800px\" \/><\/a><\/p>\n<p>Die Sonne hat mich verf\u00fchrt, die Kleidung ein wenig zu luftig zu w\u00e4hlen. Hier hinten ist es im Schatten schon ganz sch\u00f6n k\u00fchl. Und Eintritt f\u00fcr das Training der Nationalmannschaften in einer kalten Eishalle zu bezahlen, macht jetzt auch keinen Sinn.<\/p>\n<p><a href=\"https:\/\/olu-limburg.de\/wp-content\/uploads\/2018\/01\/DSC00225_ergebnis.jpg\"><img loading=\"lazy\" decoding=\"async\" class=\"size-full wp-image-13993 aligncenter\" src=\"https:\/\/olu-limburg.de\/wp-content\/uploads\/2018\/01\/DSC00225_ergebnis.jpg\" alt=\"\" width=\"800\" height=\"600\" srcset=\"https:\/\/olu-limburg.de\/wp-content\/uploads\/2018\/01\/DSC00225_ergebnis.jpg 800w, https:\/\/olu-limburg.de\/wp-content\/uploads\/2018\/01\/DSC00225_ergebnis-300x225.jpg 300w, https:\/\/olu-limburg.de\/wp-content\/uploads\/2018\/01\/DSC00225_ergebnis-768x576.jpg 768w, https:\/\/olu-limburg.de\/wp-content\/uploads\/2018\/01\/DSC00225_ergebnis-624x468.jpg 624w\" sizes=\"auto, (max-width: 800px) 100vw, 800px\" \/><\/a><\/p>\n<p><a href=\"https:\/\/olu-limburg.de\/wp-content\/uploads\/2018\/01\/DSC00227_ergebnis.jpg\"><img loading=\"lazy\" decoding=\"async\" class=\"size-full wp-image-13995 aligncenter\" src=\"https:\/\/olu-limburg.de\/wp-content\/uploads\/2018\/01\/DSC00227_ergebnis.jpg\" alt=\"\" width=\"800\" height=\"600\" srcset=\"https:\/\/olu-limburg.de\/wp-content\/uploads\/2018\/01\/DSC00227_ergebnis.jpg 800w, https:\/\/olu-limburg.de\/wp-content\/uploads\/2018\/01\/DSC00227_ergebnis-300x225.jpg 300w, https:\/\/olu-limburg.de\/wp-content\/uploads\/2018\/01\/DSC00227_ergebnis-768x576.jpg 768w, https:\/\/olu-limburg.de\/wp-content\/uploads\/2018\/01\/DSC00227_ergebnis-624x468.jpg 624w\" sizes=\"auto, (max-width: 800px) 100vw, 800px\" \/><\/a><\/p>\n<p><a href=\"https:\/\/olu-limburg.de\/wp-content\/uploads\/2018\/01\/DSC00226_ergebnis.jpg\"><img loading=\"lazy\" decoding=\"async\" class=\"size-full wp-image-13994 aligncenter\" src=\"https:\/\/olu-limburg.de\/wp-content\/uploads\/2018\/01\/DSC00226_ergebnis.jpg\" alt=\"\" width=\"800\" height=\"600\" srcset=\"https:\/\/olu-limburg.de\/wp-content\/uploads\/2018\/01\/DSC00226_ergebnis.jpg 800w, https:\/\/olu-limburg.de\/wp-content\/uploads\/2018\/01\/DSC00226_ergebnis-300x225.jpg 300w, https:\/\/olu-limburg.de\/wp-content\/uploads\/2018\/01\/DSC00226_ergebnis-768x576.jpg 768w, https:\/\/olu-limburg.de\/wp-content\/uploads\/2018\/01\/DSC00226_ergebnis-624x468.jpg 624w\" sizes=\"auto, (max-width: 800px) 100vw, 800px\" \/><\/a><\/p>\n<p>Also begeben wir uns wieder auf den Heimweg. Jetzt merken wir, dass wir ganz sch\u00f6n weit gelaufen sind, und auch den Weg von heute Vormittag noch in den Knochen haben. Die Sonne geht hinter den Bergen unter, und die Temperaturen werden unangenehm. Nach mehr als neun Kilometer Wanderweg sind wir wieder bei unserem Wohnmobil.<\/p>\n<p>Mittlerweile hat auch das Restaurant ge\u00f6ffnet und wir werden von den Wirtsleuten und der Bedienung sehr freundlich begr\u00fc\u00dft. Das Essen und die Getr\u00e4nke schmecken gut.<\/p>\n<p><a href=\"https:\/\/olu-limburg.de\/wp-content\/uploads\/2018\/01\/DSC00230_ergebnis.jpg\"><img loading=\"lazy\" decoding=\"async\" class=\"size-full wp-image-13998 aligncenter\" src=\"https:\/\/olu-limburg.de\/wp-content\/uploads\/2018\/01\/DSC00230_ergebnis.jpg\" alt=\"\" width=\"800\" height=\"600\" srcset=\"https:\/\/olu-limburg.de\/wp-content\/uploads\/2018\/01\/DSC00230_ergebnis.jpg 800w, https:\/\/olu-limburg.de\/wp-content\/uploads\/2018\/01\/DSC00230_ergebnis-300x225.jpg 300w, https:\/\/olu-limburg.de\/wp-content\/uploads\/2018\/01\/DSC00230_ergebnis-768x576.jpg 768w, https:\/\/olu-limburg.de\/wp-content\/uploads\/2018\/01\/DSC00230_ergebnis-624x468.jpg 624w\" sizes=\"auto, (max-width: 800px) 100vw, 800px\" \/><\/a><\/p>\n<div id=\"attachment_13997\" style=\"width: 810px\" class=\"wp-caption aligncenter\"><a href=\"https:\/\/olu-limburg.de\/wp-content\/uploads\/2018\/01\/DSC00229_ergebnis.jpg\"><img loading=\"lazy\" decoding=\"async\" aria-describedby=\"caption-attachment-13997\" class=\"wp-image-13997 size-full\" src=\"https:\/\/olu-limburg.de\/wp-content\/uploads\/2018\/01\/DSC00229_ergebnis.jpg\" alt=\"\" width=\"800\" height=\"600\" srcset=\"https:\/\/olu-limburg.de\/wp-content\/uploads\/2018\/01\/DSC00229_ergebnis.jpg 800w, https:\/\/olu-limburg.de\/wp-content\/uploads\/2018\/01\/DSC00229_ergebnis-300x225.jpg 300w, https:\/\/olu-limburg.de\/wp-content\/uploads\/2018\/01\/DSC00229_ergebnis-768x576.jpg 768w, https:\/\/olu-limburg.de\/wp-content\/uploads\/2018\/01\/DSC00229_ergebnis-624x468.jpg 624w\" sizes=\"auto, (max-width: 800px) 100vw, 800px\" \/><\/a><p id=\"caption-attachment-13997\" class=\"wp-caption-text\">Freitags gibt es frisch ger\u00e4ucherte Forellen.<\/p><\/div>\n<p>F\u00fcr morgen bestellen wir noch Br\u00f6tchen und bekommen die Zusicherung, dass der helle Scheinwerfer vor dem Haus nach dem letzten Gast ausgemacht wird. Und wirklich, etwas sp\u00e4ter ist drau\u00dfen alles dunkel und wir haben eine sternenklare Nacht mit himmlicher Ruhe.<\/p>\n<p>Tagesstrecke: 41 km<\/p>\n<p>&nbsp;<\/p>\n<p><strong>Samstag, 21.10.2017<\/strong><\/p>\n<p>Um 05.00 Uhr zerrei\u00dft ein lauter Knall den Schutzmantel der Nacht. Begleitet von m\u00e4nnlichem Gejohle folgen in Abst\u00e4nden noch weitere Sch\u00fcsse. Stille! Kaum dass wir uns beruhigt haben und wieder eingeschlafen sind, geht es um 06.00 Uhr und im st\u00fcndlichen Rhythmus wieder los.<\/p>\n<p>Die Ruhe ist vorbei. Zudem steigt unten bei einem Bauernhof eine riesige Rauchwolke auf. Beim Abholen der Br\u00f6tchen frage ich die Wirtin, was denn los sei und erhalte die Erkl\u00e4rung, dass auf einem nicht weit entfernten Bauernhof (!) im Tal an dem Wochenende eine Hochzeit gefeiert w\u00fcrde, und die Burschen h\u00e4tten den Junggesellenabschied gefeiert. Herrlich, mit Knall und Rauch!!!<\/p>\n<p><a href=\"https:\/\/olu-limburg.de\/wp-content\/uploads\/2018\/01\/DSC00231_ergebnis.jpg\"><img loading=\"lazy\" decoding=\"async\" class=\"size-full wp-image-13999 aligncenter\" src=\"https:\/\/olu-limburg.de\/wp-content\/uploads\/2018\/01\/DSC00231_ergebnis.jpg\" alt=\"\" width=\"800\" height=\"600\" srcset=\"https:\/\/olu-limburg.de\/wp-content\/uploads\/2018\/01\/DSC00231_ergebnis.jpg 800w, https:\/\/olu-limburg.de\/wp-content\/uploads\/2018\/01\/DSC00231_ergebnis-300x225.jpg 300w, https:\/\/olu-limburg.de\/wp-content\/uploads\/2018\/01\/DSC00231_ergebnis-768x576.jpg 768w, https:\/\/olu-limburg.de\/wp-content\/uploads\/2018\/01\/DSC00231_ergebnis-624x468.jpg 624w\" sizes=\"auto, (max-width: 800px) 100vw, 800px\" \/><\/a><\/p>\n<p>Bei unserer Weiterfahrt nach Ruhpolding, passieren wir den besagten Bauernhof und sehen auch das verkohlte Junggesellenbett, was jetzt wohl nicht mehr gebraucht wird.<\/p>\n<p>Die Stra\u00dfe geht, wie gestern,\u00a0 rauf und runter. Nach zw\u00f6lf Kilometern erreichen wir Ruhpolding. Wir fahren auf einen Parkplatz am Ortsrand und streifen durch die Stra\u00dfen. Ein Nieselregen ist herein gezogen. Viel Spa\u00df macht uns der Rundgang bei dem Wetter nicht. Wir steigen hoch zur St.-Georgs-Kirche. Von hier aus hat man eine sch\u00f6ne Aussicht \u00fcber das Tal.<\/p>\n<p><a href=\"https:\/\/olu-limburg.de\/wp-content\/uploads\/2018\/01\/20171021_105018_ergebnis.jpg\"><img loading=\"lazy\" decoding=\"async\" class=\"size-full wp-image-14065 aligncenter\" src=\"https:\/\/olu-limburg.de\/wp-content\/uploads\/2018\/01\/20171021_105018_ergebnis.jpg\" alt=\"\" width=\"800\" height=\"600\" srcset=\"https:\/\/olu-limburg.de\/wp-content\/uploads\/2018\/01\/20171021_105018_ergebnis.jpg 800w, https:\/\/olu-limburg.de\/wp-content\/uploads\/2018\/01\/20171021_105018_ergebnis-300x225.jpg 300w, https:\/\/olu-limburg.de\/wp-content\/uploads\/2018\/01\/20171021_105018_ergebnis-768x576.jpg 768w, https:\/\/olu-limburg.de\/wp-content\/uploads\/2018\/01\/20171021_105018_ergebnis-624x468.jpg 624w\" sizes=\"auto, (max-width: 800px) 100vw, 800px\" \/><\/a><\/p>\n<p><a href=\"https:\/\/olu-limburg.de\/wp-content\/uploads\/2018\/01\/DSC00236_ergebnis.jpg\"><img loading=\"lazy\" decoding=\"async\" class=\"size-full wp-image-14006 aligncenter\" src=\"https:\/\/olu-limburg.de\/wp-content\/uploads\/2018\/01\/DSC00236_ergebnis.jpg\" alt=\"\" width=\"800\" height=\"600\" srcset=\"https:\/\/olu-limburg.de\/wp-content\/uploads\/2018\/01\/DSC00236_ergebnis.jpg 800w, https:\/\/olu-limburg.de\/wp-content\/uploads\/2018\/01\/DSC00236_ergebnis-300x225.jpg 300w, https:\/\/olu-limburg.de\/wp-content\/uploads\/2018\/01\/DSC00236_ergebnis-768x576.jpg 768w, https:\/\/olu-limburg.de\/wp-content\/uploads\/2018\/01\/DSC00236_ergebnis-624x468.jpg 624w\" sizes=\"auto, (max-width: 800px) 100vw, 800px\" \/><\/a><\/p>\n<p><a href=\"https:\/\/olu-limburg.de\/wp-content\/uploads\/2018\/01\/DSC00234_ergebnis.jpg\"><img loading=\"lazy\" decoding=\"async\" class=\"size-full wp-image-14004 aligncenter\" src=\"https:\/\/olu-limburg.de\/wp-content\/uploads\/2018\/01\/DSC00234_ergebnis.jpg\" alt=\"\" width=\"800\" height=\"600\" srcset=\"https:\/\/olu-limburg.de\/wp-content\/uploads\/2018\/01\/DSC00234_ergebnis.jpg 800w, https:\/\/olu-limburg.de\/wp-content\/uploads\/2018\/01\/DSC00234_ergebnis-300x225.jpg 300w, https:\/\/olu-limburg.de\/wp-content\/uploads\/2018\/01\/DSC00234_ergebnis-768x576.jpg 768w, https:\/\/olu-limburg.de\/wp-content\/uploads\/2018\/01\/DSC00234_ergebnis-624x468.jpg 624w\" sizes=\"auto, (max-width: 800px) 100vw, 800px\" \/><\/a><\/p>\n<p><a href=\"https:\/\/olu-limburg.de\/wp-content\/uploads\/2018\/01\/DSC00235_ergebnis.jpg\"><img loading=\"lazy\" decoding=\"async\" class=\"size-full wp-image-14005 aligncenter\" src=\"https:\/\/olu-limburg.de\/wp-content\/uploads\/2018\/01\/DSC00235_ergebnis.jpg\" alt=\"\" width=\"800\" height=\"600\" srcset=\"https:\/\/olu-limburg.de\/wp-content\/uploads\/2018\/01\/DSC00235_ergebnis.jpg 800w, https:\/\/olu-limburg.de\/wp-content\/uploads\/2018\/01\/DSC00235_ergebnis-300x225.jpg 300w, https:\/\/olu-limburg.de\/wp-content\/uploads\/2018\/01\/DSC00235_ergebnis-768x576.jpg 768w, https:\/\/olu-limburg.de\/wp-content\/uploads\/2018\/01\/DSC00235_ergebnis-624x468.jpg 624w\" sizes=\"auto, (max-width: 800px) 100vw, 800px\" \/><\/a><\/p>\n<p><a href=\"https:\/\/olu-limburg.de\/wp-content\/uploads\/2018\/01\/DSC00232_ergebnis.jpg\"><img loading=\"lazy\" decoding=\"async\" class=\"size-full wp-image-14003 aligncenter\" src=\"https:\/\/olu-limburg.de\/wp-content\/uploads\/2018\/01\/DSC00232_ergebnis.jpg\" alt=\"\" width=\"800\" height=\"600\" srcset=\"https:\/\/olu-limburg.de\/wp-content\/uploads\/2018\/01\/DSC00232_ergebnis.jpg 800w, https:\/\/olu-limburg.de\/wp-content\/uploads\/2018\/01\/DSC00232_ergebnis-300x225.jpg 300w, https:\/\/olu-limburg.de\/wp-content\/uploads\/2018\/01\/DSC00232_ergebnis-768x576.jpg 768w, https:\/\/olu-limburg.de\/wp-content\/uploads\/2018\/01\/DSC00232_ergebnis-624x468.jpg 624w\" sizes=\"auto, (max-width: 800px) 100vw, 800px\" \/><\/a><\/p>\n<p>Punkt 12.00 Uhr schlie\u00dfen alle Gesch\u00e4fte, auch der Laden, wo wir eigentlich noch etwas einkaufen m\u00f6chten. Pech f\u00fcr beide Parteien. F\u00fcrs Essen haben wir uns das &#8222;Maibaumst\u00fcberl&#8220; ausgesucht. Die Speisekarte liest sich gut und wir entscheiden uns f\u00fcr Hirsch und Schweinshaxe. Nur war die Gr\u00f6\u00dfe meiner Schweinshaxe abnormal. Ich war schon vom Anschauen satt. Au\u00dferdem f\u00fchlte ich mich heute irgendwie nicht gut. Das kommt bestimmt von meiner gestrigen Anzugsordnung, die einfach zu d\u00fcnn war. Tatsache ist, ich bekomme die Schweinshaxe nicht all und lasse mir noch den Rest einpacken.<\/p>\n<p><a href=\"https:\/\/olu-limburg.de\/wp-content\/uploads\/2018\/01\/20171021_123521_ergebnis.jpg\"><img loading=\"lazy\" decoding=\"async\" class=\"size-full wp-image-14067 aligncenter\" src=\"https:\/\/olu-limburg.de\/wp-content\/uploads\/2018\/01\/20171021_123521_ergebnis.jpg\" alt=\"\" width=\"800\" height=\"600\" srcset=\"https:\/\/olu-limburg.de\/wp-content\/uploads\/2018\/01\/20171021_123521_ergebnis.jpg 800w, https:\/\/olu-limburg.de\/wp-content\/uploads\/2018\/01\/20171021_123521_ergebnis-300x225.jpg 300w, https:\/\/olu-limburg.de\/wp-content\/uploads\/2018\/01\/20171021_123521_ergebnis-768x576.jpg 768w, https:\/\/olu-limburg.de\/wp-content\/uploads\/2018\/01\/20171021_123521_ergebnis-624x468.jpg 624w\" sizes=\"auto, (max-width: 800px) 100vw, 800px\" \/><\/a><\/p>\n<p><a href=\"https:\/\/olu-limburg.de\/wp-content\/uploads\/2018\/01\/DSC00237_ergebnis.jpg\"><img loading=\"lazy\" decoding=\"async\" class=\"size-full wp-image-14007 aligncenter\" src=\"https:\/\/olu-limburg.de\/wp-content\/uploads\/2018\/01\/DSC00237_ergebnis.jpg\" alt=\"\" width=\"800\" height=\"600\" srcset=\"https:\/\/olu-limburg.de\/wp-content\/uploads\/2018\/01\/DSC00237_ergebnis.jpg 800w, https:\/\/olu-limburg.de\/wp-content\/uploads\/2018\/01\/DSC00237_ergebnis-300x225.jpg 300w, https:\/\/olu-limburg.de\/wp-content\/uploads\/2018\/01\/DSC00237_ergebnis-768x576.jpg 768w, https:\/\/olu-limburg.de\/wp-content\/uploads\/2018\/01\/DSC00237_ergebnis-624x468.jpg 624w\" sizes=\"auto, (max-width: 800px) 100vw, 800px\" \/><\/a><\/p>\n<p>Wir fahren auf den Parkplatz der Rauschbergbahn und machen, nachdem das Wetter wieder besser geworden ist, einen Spaziergang um den Taubensee am Fu\u00dfe des Rauschbergs.<\/p>\n<p><a href=\"https:\/\/olu-limburg.de\/wp-content\/uploads\/2018\/01\/DSC00238_ergebnis.jpg\"><img loading=\"lazy\" decoding=\"async\" class=\"size-full wp-image-14008 aligncenter\" src=\"https:\/\/olu-limburg.de\/wp-content\/uploads\/2018\/01\/DSC00238_ergebnis.jpg\" alt=\"\" width=\"800\" height=\"600\" srcset=\"https:\/\/olu-limburg.de\/wp-content\/uploads\/2018\/01\/DSC00238_ergebnis.jpg 800w, https:\/\/olu-limburg.de\/wp-content\/uploads\/2018\/01\/DSC00238_ergebnis-300x225.jpg 300w, https:\/\/olu-limburg.de\/wp-content\/uploads\/2018\/01\/DSC00238_ergebnis-768x576.jpg 768w, https:\/\/olu-limburg.de\/wp-content\/uploads\/2018\/01\/DSC00238_ergebnis-624x468.jpg 624w\" sizes=\"auto, (max-width: 800px) 100vw, 800px\" \/><\/a><\/p>\n<p><a href=\"https:\/\/olu-limburg.de\/wp-content\/uploads\/2018\/01\/20171021_150447_ergebnis.jpg\"><img loading=\"lazy\" decoding=\"async\" class=\"size-full wp-image-14068 aligncenter\" src=\"https:\/\/olu-limburg.de\/wp-content\/uploads\/2018\/01\/20171021_150447_ergebnis.jpg\" alt=\"\" width=\"800\" height=\"600\" srcset=\"https:\/\/olu-limburg.de\/wp-content\/uploads\/2018\/01\/20171021_150447_ergebnis.jpg 800w, https:\/\/olu-limburg.de\/wp-content\/uploads\/2018\/01\/20171021_150447_ergebnis-300x225.jpg 300w, https:\/\/olu-limburg.de\/wp-content\/uploads\/2018\/01\/20171021_150447_ergebnis-768x576.jpg 768w, https:\/\/olu-limburg.de\/wp-content\/uploads\/2018\/01\/20171021_150447_ergebnis-624x468.jpg 624w\" sizes=\"auto, (max-width: 800px) 100vw, 800px\" \/><\/a><\/p>\n<div id=\"attachment_14009\" style=\"width: 810px\" class=\"wp-caption aligncenter\"><a href=\"https:\/\/olu-limburg.de\/wp-content\/uploads\/2018\/01\/DSC00239_ergebnis.jpg\"><img loading=\"lazy\" decoding=\"async\" aria-describedby=\"caption-attachment-14009\" class=\"size-full wp-image-14009\" src=\"https:\/\/olu-limburg.de\/wp-content\/uploads\/2018\/01\/DSC00239_ergebnis.jpg\" alt=\"\" width=\"800\" height=\"600\" srcset=\"https:\/\/olu-limburg.de\/wp-content\/uploads\/2018\/01\/DSC00239_ergebnis.jpg 800w, https:\/\/olu-limburg.de\/wp-content\/uploads\/2018\/01\/DSC00239_ergebnis-300x225.jpg 300w, https:\/\/olu-limburg.de\/wp-content\/uploads\/2018\/01\/DSC00239_ergebnis-768x576.jpg 768w, https:\/\/olu-limburg.de\/wp-content\/uploads\/2018\/01\/DSC00239_ergebnis-624x468.jpg 624w\" sizes=\"auto, (max-width: 800px) 100vw, 800px\" \/><\/a><p id=\"caption-attachment-14009\" class=\"wp-caption-text\">Blick auf den Taubensee<\/p><\/div>\n<p><a href=\"https:\/\/olu-limburg.de\/wp-content\/uploads\/2018\/01\/20171021_153200_ergebnis.jpg\"><img loading=\"lazy\" decoding=\"async\" class=\"size-full wp-image-14070 aligncenter\" src=\"https:\/\/olu-limburg.de\/wp-content\/uploads\/2018\/01\/20171021_153200_ergebnis.jpg\" alt=\"\" width=\"800\" height=\"600\" srcset=\"https:\/\/olu-limburg.de\/wp-content\/uploads\/2018\/01\/20171021_153200_ergebnis.jpg 800w, https:\/\/olu-limburg.de\/wp-content\/uploads\/2018\/01\/20171021_153200_ergebnis-300x225.jpg 300w, https:\/\/olu-limburg.de\/wp-content\/uploads\/2018\/01\/20171021_153200_ergebnis-768x576.jpg 768w, https:\/\/olu-limburg.de\/wp-content\/uploads\/2018\/01\/20171021_153200_ergebnis-624x468.jpg 624w\" sizes=\"auto, (max-width: 800px) 100vw, 800px\" \/><\/a><\/p>\n<p>Attraktionen entlang des Wanderweges:<\/p>\n<p><a href=\"https:\/\/olu-limburg.de\/wp-content\/uploads\/2018\/01\/DSC00242_ergebnis.jpg\"><img loading=\"lazy\" decoding=\"async\" class=\"size-full wp-image-14012 aligncenter\" src=\"https:\/\/olu-limburg.de\/wp-content\/uploads\/2018\/01\/DSC00242_ergebnis.jpg\" alt=\"\" width=\"800\" height=\"600\" srcset=\"https:\/\/olu-limburg.de\/wp-content\/uploads\/2018\/01\/DSC00242_ergebnis.jpg 800w, https:\/\/olu-limburg.de\/wp-content\/uploads\/2018\/01\/DSC00242_ergebnis-300x225.jpg 300w, https:\/\/olu-limburg.de\/wp-content\/uploads\/2018\/01\/DSC00242_ergebnis-768x576.jpg 768w, https:\/\/olu-limburg.de\/wp-content\/uploads\/2018\/01\/DSC00242_ergebnis-624x468.jpg 624w\" sizes=\"auto, (max-width: 800px) 100vw, 800px\" \/><\/a><\/p>\n<p><a href=\"https:\/\/olu-limburg.de\/wp-content\/uploads\/2018\/01\/DSC00240_ergebnis.jpg\"><img loading=\"lazy\" decoding=\"async\" class=\"size-full wp-image-14010 aligncenter\" src=\"https:\/\/olu-limburg.de\/wp-content\/uploads\/2018\/01\/DSC00240_ergebnis.jpg\" alt=\"\" width=\"800\" height=\"600\" srcset=\"https:\/\/olu-limburg.de\/wp-content\/uploads\/2018\/01\/DSC00240_ergebnis.jpg 800w, https:\/\/olu-limburg.de\/wp-content\/uploads\/2018\/01\/DSC00240_ergebnis-300x225.jpg 300w, https:\/\/olu-limburg.de\/wp-content\/uploads\/2018\/01\/DSC00240_ergebnis-768x576.jpg 768w, https:\/\/olu-limburg.de\/wp-content\/uploads\/2018\/01\/DSC00240_ergebnis-624x468.jpg 624w\" sizes=\"auto, (max-width: 800px) 100vw, 800px\" \/><\/a><\/p>\n<p><a href=\"https:\/\/olu-limburg.de\/wp-content\/uploads\/2018\/01\/DSC00241_ergebnis.jpg\"><img loading=\"lazy\" decoding=\"async\" class=\"size-full wp-image-14011 aligncenter\" src=\"https:\/\/olu-limburg.de\/wp-content\/uploads\/2018\/01\/DSC00241_ergebnis.jpg\" alt=\"\" width=\"800\" height=\"600\" srcset=\"https:\/\/olu-limburg.de\/wp-content\/uploads\/2018\/01\/DSC00241_ergebnis.jpg 800w, https:\/\/olu-limburg.de\/wp-content\/uploads\/2018\/01\/DSC00241_ergebnis-300x225.jpg 300w, https:\/\/olu-limburg.de\/wp-content\/uploads\/2018\/01\/DSC00241_ergebnis-768x576.jpg 768w, https:\/\/olu-limburg.de\/wp-content\/uploads\/2018\/01\/DSC00241_ergebnis-624x468.jpg 624w\" sizes=\"auto, (max-width: 800px) 100vw, 800px\" \/><\/a><\/p>\n<p><a href=\"https:\/\/olu-limburg.de\/wp-content\/uploads\/2018\/01\/DSC00245_ergebnis.jpg\"><img loading=\"lazy\" decoding=\"async\" class=\"size-full wp-image-14015 aligncenter\" src=\"https:\/\/olu-limburg.de\/wp-content\/uploads\/2018\/01\/DSC00245_ergebnis.jpg\" alt=\"\" width=\"800\" height=\"600\" srcset=\"https:\/\/olu-limburg.de\/wp-content\/uploads\/2018\/01\/DSC00245_ergebnis.jpg 800w, https:\/\/olu-limburg.de\/wp-content\/uploads\/2018\/01\/DSC00245_ergebnis-300x225.jpg 300w, https:\/\/olu-limburg.de\/wp-content\/uploads\/2018\/01\/DSC00245_ergebnis-768x576.jpg 768w, https:\/\/olu-limburg.de\/wp-content\/uploads\/2018\/01\/DSC00245_ergebnis-624x468.jpg 624w\" sizes=\"auto, (max-width: 800px) 100vw, 800px\" \/><\/a><\/p>\n<div id=\"attachment_14016\" style=\"width: 810px\" class=\"wp-caption aligncenter\"><a href=\"https:\/\/olu-limburg.de\/wp-content\/uploads\/2018\/01\/DSC00246_ergebnis.jpg\"><img loading=\"lazy\" decoding=\"async\" aria-describedby=\"caption-attachment-14016\" class=\"size-full wp-image-14016\" src=\"https:\/\/olu-limburg.de\/wp-content\/uploads\/2018\/01\/DSC00246_ergebnis.jpg\" alt=\"\" width=\"800\" height=\"600\" srcset=\"https:\/\/olu-limburg.de\/wp-content\/uploads\/2018\/01\/DSC00246_ergebnis.jpg 800w, https:\/\/olu-limburg.de\/wp-content\/uploads\/2018\/01\/DSC00246_ergebnis-300x225.jpg 300w, https:\/\/olu-limburg.de\/wp-content\/uploads\/2018\/01\/DSC00246_ergebnis-768x576.jpg 768w, https:\/\/olu-limburg.de\/wp-content\/uploads\/2018\/01\/DSC00246_ergebnis-624x468.jpg 624w\" sizes=\"auto, (max-width: 800px) 100vw, 800px\" \/><\/a><p id=\"caption-attachment-14016\" class=\"wp-caption-text\">Die Karawane zieht weiter.<\/p><\/div>\n<p>In Ruhpolding begeben wir uns noch mal ergebnislos auf die Suche nach einer offenen Apotheke. Also fahren wir wieder zur\u00fcck und auf den Wohnmobil-Stellplatz (Geb\u00fchr EUR 9,00) am Ortnerhof. Die Ver- und Entsorgung ist nebenan auf dem dazu geh\u00f6rigen Campingplatz.<\/p>\n<p>Au\u00dfer uns verirrt sich sp\u00e4ter nur noch ein VW-Bus auf den Stellplatz.<\/p>\n<p>Tagesstrecke: 27 km<\/p>\n<p>&nbsp;<\/p>\n<p><strong>Sonntag, 22.10.2017<\/strong><\/p>\n<p>Wie Lena schon bef\u00fcrchtete, hat das gestrige Abendrot schlechtes Wetter gebracht. Nachts trommelte der Regen auf das Dach. und auch jetzt sieht es nicht viel besser aus. Sich hier noch l\u00e4nger aufzuhalten macht keinen Sinn. In Traunstein ist Blattlmarkt. Mal schauen, was da los ist.<\/p>\n<p>Auf jeden Fall ist schon mal Stau um Traunstein herum. Wir suchen uns den n\u00e4chsten Parkplatz und folgen den anderen Besuchern ins Zentrum. Hier ist Jahrmarkt, Flohmarkt und verkaufsoffener Sonntag. Der Regen hat aufgeh\u00f6rt, soda\u00df wir uns in Ruhe alles anschauen k\u00f6nnen. Nach einer ersten kleinen Runde, lockt es uns aber schon ins proppenvolle &#8222;H\u00f6llbr\u00e4u&#8220;.\u00a0 Obwohl die Bedienung schon abwinkt, k\u00f6nnen wir uns bei einem netten Herrn mit an den Tisch setzen. Das Essen war wirklich gut und sehr preiswert.<\/p>\n<div id=\"attachment_14027\" style=\"width: 460px\" class=\"wp-caption aligncenter\"><a href=\"https:\/\/olu-limburg.de\/wp-content\/uploads\/2018\/01\/DSC00254_ergebnis-e1516640261282.jpg\"><img loading=\"lazy\" decoding=\"async\" aria-describedby=\"caption-attachment-14027\" class=\"size-full wp-image-14027\" src=\"https:\/\/olu-limburg.de\/wp-content\/uploads\/2018\/01\/DSC00254_ergebnis-e1516640261282.jpg\" alt=\"\" width=\"450\" height=\"600\" \/><\/a><p id=\"caption-attachment-14027\" class=\"wp-caption-text\">Salinenkapelle<\/p><\/div>\n<div id=\"attachment_14021\" style=\"width: 810px\" class=\"wp-caption aligncenter\"><a href=\"https:\/\/olu-limburg.de\/wp-content\/uploads\/2018\/01\/DSC00247_ergebnis.jpg\"><img loading=\"lazy\" decoding=\"async\" aria-describedby=\"caption-attachment-14021\" class=\"size-full wp-image-14021\" src=\"https:\/\/olu-limburg.de\/wp-content\/uploads\/2018\/01\/DSC00247_ergebnis.jpg\" alt=\"\" width=\"800\" height=\"600\" srcset=\"https:\/\/olu-limburg.de\/wp-content\/uploads\/2018\/01\/DSC00247_ergebnis.jpg 800w, https:\/\/olu-limburg.de\/wp-content\/uploads\/2018\/01\/DSC00247_ergebnis-300x225.jpg 300w, https:\/\/olu-limburg.de\/wp-content\/uploads\/2018\/01\/DSC00247_ergebnis-768x576.jpg 768w, https:\/\/olu-limburg.de\/wp-content\/uploads\/2018\/01\/DSC00247_ergebnis-624x468.jpg 624w\" sizes=\"auto, (max-width: 800px) 100vw, 800px\" \/><\/a><p id=\"caption-attachment-14021\" class=\"wp-caption-text\">Stadtplatz<\/p><\/div>\n<p><a href=\"https:\/\/olu-limburg.de\/wp-content\/uploads\/2018\/01\/DSC00249_ergebnis.jpg\"><img loading=\"lazy\" decoding=\"async\" class=\"size-full wp-image-14023 aligncenter\" src=\"https:\/\/olu-limburg.de\/wp-content\/uploads\/2018\/01\/DSC00249_ergebnis.jpg\" alt=\"\" width=\"800\" height=\"600\" srcset=\"https:\/\/olu-limburg.de\/wp-content\/uploads\/2018\/01\/DSC00249_ergebnis.jpg 800w, https:\/\/olu-limburg.de\/wp-content\/uploads\/2018\/01\/DSC00249_ergebnis-300x225.jpg 300w, https:\/\/olu-limburg.de\/wp-content\/uploads\/2018\/01\/DSC00249_ergebnis-768x576.jpg 768w, https:\/\/olu-limburg.de\/wp-content\/uploads\/2018\/01\/DSC00249_ergebnis-624x468.jpg 624w\" sizes=\"auto, (max-width: 800px) 100vw, 800px\" \/><\/a><\/p>\n<p><a href=\"https:\/\/olu-limburg.de\/wp-content\/uploads\/2018\/01\/P1070094_ergebnis-e1516659963826.jpg\"><img loading=\"lazy\" decoding=\"async\" class=\"size-full wp-image-14091 aligncenter\" src=\"https:\/\/olu-limburg.de\/wp-content\/uploads\/2018\/01\/P1070094_ergebnis-e1516659963826.jpg\" alt=\"\" width=\"450\" height=\"600\" \/><\/a><\/p>\n<div id=\"attachment_14025\" style=\"width: 810px\" class=\"wp-caption aligncenter\"><a href=\"https:\/\/olu-limburg.de\/wp-content\/uploads\/2018\/01\/DSC00251_ergebnis.jpg\"><img loading=\"lazy\" decoding=\"async\" aria-describedby=\"caption-attachment-14025\" class=\"wp-image-14025 size-full\" src=\"https:\/\/olu-limburg.de\/wp-content\/uploads\/2018\/01\/DSC00251_ergebnis.jpg\" alt=\"\" width=\"800\" height=\"600\" srcset=\"https:\/\/olu-limburg.de\/wp-content\/uploads\/2018\/01\/DSC00251_ergebnis.jpg 800w, https:\/\/olu-limburg.de\/wp-content\/uploads\/2018\/01\/DSC00251_ergebnis-300x225.jpg 300w, https:\/\/olu-limburg.de\/wp-content\/uploads\/2018\/01\/DSC00251_ergebnis-768x576.jpg 768w, https:\/\/olu-limburg.de\/wp-content\/uploads\/2018\/01\/DSC00251_ergebnis-624x468.jpg 624w\" sizes=\"auto, (max-width: 800px) 100vw, 800px\" \/><\/a><p id=\"caption-attachment-14025\" class=\"wp-caption-text\">Nicht nur hier in Traunstein gibt es Bosna, eine Bratwurst mit Zwiebeln belegt.<\/p><\/div>\n<p><a href=\"https:\/\/olu-limburg.de\/wp-content\/uploads\/2018\/01\/DSC00248_ergebnis.jpg\"><img loading=\"lazy\" decoding=\"async\" class=\"size-full wp-image-14022 aligncenter\" src=\"https:\/\/olu-limburg.de\/wp-content\/uploads\/2018\/01\/DSC00248_ergebnis.jpg\" alt=\"\" width=\"800\" height=\"600\" srcset=\"https:\/\/olu-limburg.de\/wp-content\/uploads\/2018\/01\/DSC00248_ergebnis.jpg 800w, https:\/\/olu-limburg.de\/wp-content\/uploads\/2018\/01\/DSC00248_ergebnis-300x225.jpg 300w, https:\/\/olu-limburg.de\/wp-content\/uploads\/2018\/01\/DSC00248_ergebnis-768x576.jpg 768w, https:\/\/olu-limburg.de\/wp-content\/uploads\/2018\/01\/DSC00248_ergebnis-624x468.jpg 624w\" sizes=\"auto, (max-width: 800px) 100vw, 800px\" \/><\/a><\/p>\n<div id=\"attachment_14071\" style=\"width: 810px\" class=\"wp-caption aligncenter\"><a href=\"https:\/\/olu-limburg.de\/wp-content\/uploads\/2018\/01\/20171022_122840_ergebnis.jpg\"><img loading=\"lazy\" decoding=\"async\" aria-describedby=\"caption-attachment-14071\" class=\"size-full wp-image-14071\" src=\"https:\/\/olu-limburg.de\/wp-content\/uploads\/2018\/01\/20171022_122840_ergebnis.jpg\" alt=\"\" width=\"800\" height=\"600\" srcset=\"https:\/\/olu-limburg.de\/wp-content\/uploads\/2018\/01\/20171022_122840_ergebnis.jpg 800w, https:\/\/olu-limburg.de\/wp-content\/uploads\/2018\/01\/20171022_122840_ergebnis-300x225.jpg 300w, https:\/\/olu-limburg.de\/wp-content\/uploads\/2018\/01\/20171022_122840_ergebnis-768x576.jpg 768w, https:\/\/olu-limburg.de\/wp-content\/uploads\/2018\/01\/20171022_122840_ergebnis-624x468.jpg 624w\" sizes=\"auto, (max-width: 800px) 100vw, 800px\" \/><\/a><p id=\"caption-attachment-14071\" class=\"wp-caption-text\">K\u00fcrbiskartoffelstrudel<\/p><\/div>\n<div id=\"attachment_14072\" style=\"width: 810px\" class=\"wp-caption aligncenter\"><a href=\"https:\/\/olu-limburg.de\/wp-content\/uploads\/2018\/01\/20171022_123547_ergebnis.jpg\"><img loading=\"lazy\" decoding=\"async\" aria-describedby=\"caption-attachment-14072\" class=\"size-full wp-image-14072\" src=\"https:\/\/olu-limburg.de\/wp-content\/uploads\/2018\/01\/20171022_123547_ergebnis.jpg\" alt=\"\" width=\"800\" height=\"600\" srcset=\"https:\/\/olu-limburg.de\/wp-content\/uploads\/2018\/01\/20171022_123547_ergebnis.jpg 800w, https:\/\/olu-limburg.de\/wp-content\/uploads\/2018\/01\/20171022_123547_ergebnis-300x225.jpg 300w, https:\/\/olu-limburg.de\/wp-content\/uploads\/2018\/01\/20171022_123547_ergebnis-768x576.jpg 768w, https:\/\/olu-limburg.de\/wp-content\/uploads\/2018\/01\/20171022_123547_ergebnis-624x468.jpg 624w\" sizes=\"auto, (max-width: 800px) 100vw, 800px\" \/><\/a><p id=\"caption-attachment-14072\" class=\"wp-caption-text\">Schweinekrustenbraten<\/p><\/div>\n<p>Jetzt drehen wir noch die gro\u00dfe Runde. Ich erstehe einen neuen gr\u00fcnen Hut. Der Flohmarkt ist aber zu professionell. In dem Innenhof des Landratsamtes pr\u00e4sentieren sich caritative Organisationen. Wir gewinnen bei einer Verlosung noch eine gute Flasche Wein.<\/p>\n<p><a href=\"https:\/\/olu-limburg.de\/wp-content\/uploads\/2018\/01\/P1070086_ergebnis-e1516659824753.jpg\"><img loading=\"lazy\" decoding=\"async\" class=\"size-full wp-image-14087 alignleft\" src=\"https:\/\/olu-limburg.de\/wp-content\/uploads\/2018\/01\/P1070086_ergebnis-e1516659824753.jpg\" alt=\"\" width=\"450\" height=\"600\" \/><\/a><\/p>\n<p><a href=\"https:\/\/olu-limburg.de\/wp-content\/uploads\/2018\/01\/P1070103_ergebnis-e1516659902207.jpg\"><img loading=\"lazy\" decoding=\"async\" class=\"size-full wp-image-14093 alignright\" src=\"https:\/\/olu-limburg.de\/wp-content\/uploads\/2018\/01\/P1070103_ergebnis-e1516659902207.jpg\" alt=\"\" width=\"450\" height=\"600\" \/><\/a><\/p>\n<p><a href=\"https:\/\/olu-limburg.de\/wp-content\/uploads\/2018\/01\/P1070100_ergebnis.jpg\"><img loading=\"lazy\" decoding=\"async\" class=\"size-full wp-image-14092 aligncenter\" src=\"https:\/\/olu-limburg.de\/wp-content\/uploads\/2018\/01\/P1070100_ergebnis.jpg\" alt=\"\" width=\"800\" height=\"600\" srcset=\"https:\/\/olu-limburg.de\/wp-content\/uploads\/2018\/01\/P1070100_ergebnis.jpg 800w, https:\/\/olu-limburg.de\/wp-content\/uploads\/2018\/01\/P1070100_ergebnis-300x225.jpg 300w, https:\/\/olu-limburg.de\/wp-content\/uploads\/2018\/01\/P1070100_ergebnis-768x576.jpg 768w, https:\/\/olu-limburg.de\/wp-content\/uploads\/2018\/01\/P1070100_ergebnis-624x468.jpg 624w\" sizes=\"auto, (max-width: 800px) 100vw, 800px\" \/><\/a><\/p>\n<p><a href=\"https:\/\/olu-limburg.de\/wp-content\/uploads\/2018\/01\/P1070080_ergebnis.jpg\"><img loading=\"lazy\" decoding=\"async\" class=\"size-full wp-image-14086 aligncenter\" src=\"https:\/\/olu-limburg.de\/wp-content\/uploads\/2018\/01\/P1070080_ergebnis.jpg\" alt=\"\" width=\"800\" height=\"600\" srcset=\"https:\/\/olu-limburg.de\/wp-content\/uploads\/2018\/01\/P1070080_ergebnis.jpg 800w, https:\/\/olu-limburg.de\/wp-content\/uploads\/2018\/01\/P1070080_ergebnis-300x225.jpg 300w, https:\/\/olu-limburg.de\/wp-content\/uploads\/2018\/01\/P1070080_ergebnis-768x576.jpg 768w, https:\/\/olu-limburg.de\/wp-content\/uploads\/2018\/01\/P1070080_ergebnis-624x468.jpg 624w\" sizes=\"auto, (max-width: 800px) 100vw, 800px\" \/><\/a><\/p>\n<p><a href=\"https:\/\/olu-limburg.de\/wp-content\/uploads\/2018\/01\/DSC00252_ergebnis.jpg\"><img loading=\"lazy\" decoding=\"async\" class=\"size-full wp-image-14026 aligncenter\" src=\"https:\/\/olu-limburg.de\/wp-content\/uploads\/2018\/01\/DSC00252_ergebnis.jpg\" alt=\"\" width=\"800\" height=\"600\" srcset=\"https:\/\/olu-limburg.de\/wp-content\/uploads\/2018\/01\/DSC00252_ergebnis.jpg 800w, https:\/\/olu-limburg.de\/wp-content\/uploads\/2018\/01\/DSC00252_ergebnis-300x225.jpg 300w, https:\/\/olu-limburg.de\/wp-content\/uploads\/2018\/01\/DSC00252_ergebnis-768x576.jpg 768w, https:\/\/olu-limburg.de\/wp-content\/uploads\/2018\/01\/DSC00252_ergebnis-624x468.jpg 624w\" sizes=\"auto, (max-width: 800px) 100vw, 800px\" \/><\/a><\/p>\n<div id=\"attachment_14028\" style=\"width: 810px\" class=\"wp-caption aligncenter\"><a href=\"https:\/\/olu-limburg.de\/wp-content\/uploads\/2018\/01\/DSC00255_ergebnis.jpg\"><img loading=\"lazy\" decoding=\"async\" aria-describedby=\"caption-attachment-14028\" class=\"wp-image-14028 size-full\" src=\"https:\/\/olu-limburg.de\/wp-content\/uploads\/2018\/01\/DSC00255_ergebnis.jpg\" alt=\"\" width=\"800\" height=\"600\" srcset=\"https:\/\/olu-limburg.de\/wp-content\/uploads\/2018\/01\/DSC00255_ergebnis.jpg 800w, https:\/\/olu-limburg.de\/wp-content\/uploads\/2018\/01\/DSC00255_ergebnis-300x225.jpg 300w, https:\/\/olu-limburg.de\/wp-content\/uploads\/2018\/01\/DSC00255_ergebnis-768x576.jpg 768w, https:\/\/olu-limburg.de\/wp-content\/uploads\/2018\/01\/DSC00255_ergebnis-624x468.jpg 624w\" sizes=\"auto, (max-width: 800px) 100vw, 800px\" \/><\/a><p id=\"caption-attachment-14028\" class=\"wp-caption-text\">altes Salinengel\u00e4nde<\/p><\/div>\n<p><a href=\"https:\/\/olu-limburg.de\/wp-content\/uploads\/2018\/01\/DSC00257_ergebnis.jpg\"><img loading=\"lazy\" decoding=\"async\" class=\"size-full wp-image-14029 aligncenter\" src=\"https:\/\/olu-limburg.de\/wp-content\/uploads\/2018\/01\/DSC00257_ergebnis.jpg\" alt=\"\" width=\"800\" height=\"600\" srcset=\"https:\/\/olu-limburg.de\/wp-content\/uploads\/2018\/01\/DSC00257_ergebnis.jpg 800w, https:\/\/olu-limburg.de\/wp-content\/uploads\/2018\/01\/DSC00257_ergebnis-300x225.jpg 300w, https:\/\/olu-limburg.de\/wp-content\/uploads\/2018\/01\/DSC00257_ergebnis-768x576.jpg 768w, https:\/\/olu-limburg.de\/wp-content\/uploads\/2018\/01\/DSC00257_ergebnis-624x468.jpg 624w\" sizes=\"auto, (max-width: 800px) 100vw, 800px\" \/><\/a><\/p>\n<div id=\"attachment_14031\" style=\"width: 810px\" class=\"wp-caption aligncenter\"><a href=\"https:\/\/olu-limburg.de\/wp-content\/uploads\/2018\/01\/DSC00261_ergebnis.jpg\"><img loading=\"lazy\" decoding=\"async\" aria-describedby=\"caption-attachment-14031\" class=\"wp-image-14031 size-full\" src=\"https:\/\/olu-limburg.de\/wp-content\/uploads\/2018\/01\/DSC00261_ergebnis.jpg\" alt=\"\" width=\"800\" height=\"600\" srcset=\"https:\/\/olu-limburg.de\/wp-content\/uploads\/2018\/01\/DSC00261_ergebnis.jpg 800w, https:\/\/olu-limburg.de\/wp-content\/uploads\/2018\/01\/DSC00261_ergebnis-300x225.jpg 300w, https:\/\/olu-limburg.de\/wp-content\/uploads\/2018\/01\/DSC00261_ergebnis-768x576.jpg 768w, https:\/\/olu-limburg.de\/wp-content\/uploads\/2018\/01\/DSC00261_ergebnis-624x468.jpg 624w\" sizes=\"auto, (max-width: 800px) 100vw, 800px\" \/><\/a><p id=\"caption-attachment-14031\" class=\"wp-caption-text\">Rupertistadl, 1864 erbautes Lagergeb\u00e4ude der Saline<\/p><\/div>\n<p><a href=\"https:\/\/olu-limburg.de\/wp-content\/uploads\/2018\/01\/DSC00259_ergebnis.jpg\"><img loading=\"lazy\" decoding=\"async\" class=\"size-full wp-image-14030 aligncenter\" src=\"https:\/\/olu-limburg.de\/wp-content\/uploads\/2018\/01\/DSC00259_ergebnis.jpg\" alt=\"\" width=\"800\" height=\"600\" srcset=\"https:\/\/olu-limburg.de\/wp-content\/uploads\/2018\/01\/DSC00259_ergebnis.jpg 800w, https:\/\/olu-limburg.de\/wp-content\/uploads\/2018\/01\/DSC00259_ergebnis-300x225.jpg 300w, https:\/\/olu-limburg.de\/wp-content\/uploads\/2018\/01\/DSC00259_ergebnis-768x576.jpg 768w, https:\/\/olu-limburg.de\/wp-content\/uploads\/2018\/01\/DSC00259_ergebnis-624x468.jpg 624w\" sizes=\"auto, (max-width: 800px) 100vw, 800px\" \/><\/a><\/p>\n<p>Drau\u00dfen geht ein kalter Wind. Hier wollen wir nicht bleiben und fahren lieber weiter nach Alt\u00f6tting zu dem kostenlosen Stellplatz mit V+E auf dem Dultplatz. Er ist etwas nackt, aber erf\u00fcllt seinen Zweck. Vor allem liegt er nah zum Zentrum.<\/p>\n<p><a href=\"https:\/\/olu-limburg.de\/wp-content\/uploads\/2018\/01\/DSC00262_ergebnis.jpg\"><img loading=\"lazy\" decoding=\"async\" class=\"size-full wp-image-14032 aligncenter\" src=\"https:\/\/olu-limburg.de\/wp-content\/uploads\/2018\/01\/DSC00262_ergebnis.jpg\" alt=\"\" width=\"800\" height=\"600\" srcset=\"https:\/\/olu-limburg.de\/wp-content\/uploads\/2018\/01\/DSC00262_ergebnis.jpg 800w, https:\/\/olu-limburg.de\/wp-content\/uploads\/2018\/01\/DSC00262_ergebnis-300x225.jpg 300w, https:\/\/olu-limburg.de\/wp-content\/uploads\/2018\/01\/DSC00262_ergebnis-768x576.jpg 768w, https:\/\/olu-limburg.de\/wp-content\/uploads\/2018\/01\/DSC00262_ergebnis-624x468.jpg 624w\" sizes=\"auto, (max-width: 800px) 100vw, 800px\" \/><\/a><\/p>\n<p>Das Verkehrsb\u00fcro leistet ganze Arbeit, wirbt es doch mit Alt\u00f6tting als dem &#8222;Herzen Bayerns&#8220;. Auf jeden Fall ist es das &#8222;Herz&#8220; f\u00fcr die Wallfahrer Bayerns, ganz besonders der Kapellplatz.<\/p>\n<div id=\"attachment_14095\" style=\"width: 810px\" class=\"wp-caption aligncenter\"><a href=\"https:\/\/olu-limburg.de\/wp-content\/uploads\/2018\/01\/P1070114_ergebnis.jpg\"><img loading=\"lazy\" decoding=\"async\" aria-describedby=\"caption-attachment-14095\" class=\"wp-image-14095 size-full\" src=\"https:\/\/olu-limburg.de\/wp-content\/uploads\/2018\/01\/P1070114_ergebnis.jpg\" alt=\"\" width=\"800\" height=\"600\" srcset=\"https:\/\/olu-limburg.de\/wp-content\/uploads\/2018\/01\/P1070114_ergebnis.jpg 800w, https:\/\/olu-limburg.de\/wp-content\/uploads\/2018\/01\/P1070114_ergebnis-300x225.jpg 300w, https:\/\/olu-limburg.de\/wp-content\/uploads\/2018\/01\/P1070114_ergebnis-768x576.jpg 768w, https:\/\/olu-limburg.de\/wp-content\/uploads\/2018\/01\/P1070114_ergebnis-624x468.jpg 624w\" sizes=\"auto, (max-width: 800px) 100vw, 800px\" \/><\/a><p id=\"caption-attachment-14095\" class=\"wp-caption-text\">stiftskirche mit Anbetungskapelle<\/p><\/div>\n<p><a href=\"https:\/\/olu-limburg.de\/wp-content\/uploads\/2018\/01\/DSC00265_ergebnis-e1516646729654.jpg\"><img loading=\"lazy\" decoding=\"async\" class=\"size-full wp-image-14035 aligncenter\" src=\"https:\/\/olu-limburg.de\/wp-content\/uploads\/2018\/01\/DSC00265_ergebnis-e1516646729654.jpg\" alt=\"\" width=\"450\" height=\"600\" \/><\/a><\/p>\n<p><a href=\"https:\/\/olu-limburg.de\/wp-content\/uploads\/2018\/01\/DSC00268_ergebnis.jpg\"><img loading=\"lazy\" decoding=\"async\" class=\"size-full wp-image-14037 aligncenter\" src=\"https:\/\/olu-limburg.de\/wp-content\/uploads\/2018\/01\/DSC00268_ergebnis.jpg\" alt=\"\" width=\"800\" height=\"600\" srcset=\"https:\/\/olu-limburg.de\/wp-content\/uploads\/2018\/01\/DSC00268_ergebnis.jpg 800w, https:\/\/olu-limburg.de\/wp-content\/uploads\/2018\/01\/DSC00268_ergebnis-300x225.jpg 300w, https:\/\/olu-limburg.de\/wp-content\/uploads\/2018\/01\/DSC00268_ergebnis-768x576.jpg 768w, https:\/\/olu-limburg.de\/wp-content\/uploads\/2018\/01\/DSC00268_ergebnis-624x468.jpg 624w\" sizes=\"auto, (max-width: 800px) 100vw, 800px\" \/><\/a><\/p>\n<p><a href=\"https:\/\/olu-limburg.de\/wp-content\/uploads\/2018\/01\/DSC00269_ergebnis.jpg\"><img loading=\"lazy\" decoding=\"async\" class=\"size-full wp-image-14038 aligncenter\" src=\"https:\/\/olu-limburg.de\/wp-content\/uploads\/2018\/01\/DSC00269_ergebnis.jpg\" alt=\"\" width=\"800\" height=\"600\" srcset=\"https:\/\/olu-limburg.de\/wp-content\/uploads\/2018\/01\/DSC00269_ergebnis.jpg 800w, https:\/\/olu-limburg.de\/wp-content\/uploads\/2018\/01\/DSC00269_ergebnis-300x225.jpg 300w, https:\/\/olu-limburg.de\/wp-content\/uploads\/2018\/01\/DSC00269_ergebnis-768x576.jpg 768w, https:\/\/olu-limburg.de\/wp-content\/uploads\/2018\/01\/DSC00269_ergebnis-624x468.jpg 624w\" sizes=\"auto, (max-width: 800px) 100vw, 800px\" \/><\/a><\/p>\n<p><a href=\"https:\/\/olu-limburg.de\/wp-content\/uploads\/2018\/01\/DSC00270_ergebnis-e1516646821155.jpg\"><img loading=\"lazy\" decoding=\"async\" class=\"size-full wp-image-14039 alignleft\" src=\"https:\/\/olu-limburg.de\/wp-content\/uploads\/2018\/01\/DSC00270_ergebnis-e1516646821155.jpg\" alt=\"\" width=\"450\" height=\"600\" \/><\/a><\/p>\n<p><a href=\"https:\/\/olu-limburg.de\/wp-content\/uploads\/2018\/01\/DSC00271_ergebnis-e1516646854713.jpg\"><img loading=\"lazy\" decoding=\"async\" class=\"size-full wp-image-14040 alignright\" src=\"https:\/\/olu-limburg.de\/wp-content\/uploads\/2018\/01\/DSC00271_ergebnis-e1516646854713.jpg\" alt=\"\" width=\"450\" height=\"600\" \/><\/a><\/p>\n<p><a href=\"https:\/\/olu-limburg.de\/wp-content\/uploads\/2018\/01\/DSC00273_ergebnis.jpg\"><img loading=\"lazy\" decoding=\"async\" class=\"size-full wp-image-14041 aligncenter\" src=\"https:\/\/olu-limburg.de\/wp-content\/uploads\/2018\/01\/DSC00273_ergebnis.jpg\" alt=\"\" width=\"800\" height=\"600\" srcset=\"https:\/\/olu-limburg.de\/wp-content\/uploads\/2018\/01\/DSC00273_ergebnis.jpg 800w, https:\/\/olu-limburg.de\/wp-content\/uploads\/2018\/01\/DSC00273_ergebnis-300x225.jpg 300w, https:\/\/olu-limburg.de\/wp-content\/uploads\/2018\/01\/DSC00273_ergebnis-768x576.jpg 768w, https:\/\/olu-limburg.de\/wp-content\/uploads\/2018\/01\/DSC00273_ergebnis-624x468.jpg 624w\" sizes=\"auto, (max-width: 800px) 100vw, 800px\" \/><\/a><\/p>\n<div id=\"attachment_14042\" style=\"width: 460px\" class=\"wp-caption aligncenter\"><a href=\"https:\/\/olu-limburg.de\/wp-content\/uploads\/2018\/01\/DSC00274_ergebnis-e1516646896689.jpg\"><img loading=\"lazy\" decoding=\"async\" aria-describedby=\"caption-attachment-14042\" class=\"wp-image-14042 size-full\" src=\"https:\/\/olu-limburg.de\/wp-content\/uploads\/2018\/01\/DSC00274_ergebnis-e1516646896689.jpg\" alt=\"\" width=\"450\" height=\"600\" \/><\/a><p id=\"caption-attachment-14042\" class=\"wp-caption-text\">Tilly-Kapelle<\/p><\/div>\n<p><a href=\"https:\/\/olu-limburg.de\/wp-content\/uploads\/2018\/01\/P1070134_ergebnis-e1516660169200.jpg\"><img loading=\"lazy\" decoding=\"async\" class=\"size-full wp-image-14096 aligncenter\" src=\"https:\/\/olu-limburg.de\/wp-content\/uploads\/2018\/01\/P1070134_ergebnis-e1516660169200.jpg\" alt=\"\" width=\"450\" height=\"600\" \/><\/a><\/p>\n<p><a href=\"https:\/\/olu-limburg.de\/wp-content\/uploads\/2018\/01\/DSC00275_ergebnis.jpg\"><img loading=\"lazy\" decoding=\"async\" class=\"size-full wp-image-14043 aligncenter\" src=\"https:\/\/olu-limburg.de\/wp-content\/uploads\/2018\/01\/DSC00275_ergebnis.jpg\" alt=\"\" width=\"800\" height=\"600\" srcset=\"https:\/\/olu-limburg.de\/wp-content\/uploads\/2018\/01\/DSC00275_ergebnis.jpg 800w, https:\/\/olu-limburg.de\/wp-content\/uploads\/2018\/01\/DSC00275_ergebnis-300x225.jpg 300w, https:\/\/olu-limburg.de\/wp-content\/uploads\/2018\/01\/DSC00275_ergebnis-768x576.jpg 768w, https:\/\/olu-limburg.de\/wp-content\/uploads\/2018\/01\/DSC00275_ergebnis-624x468.jpg 624w\" sizes=\"auto, (max-width: 800px) 100vw, 800px\" \/><\/a><\/p>\n<p><a href=\"https:\/\/olu-limburg.de\/wp-content\/uploads\/2018\/01\/DSC00276_ergebnis-e1516646944737.jpg\"><img loading=\"lazy\" decoding=\"async\" class=\"size-full wp-image-14044 alignleft\" src=\"https:\/\/olu-limburg.de\/wp-content\/uploads\/2018\/01\/DSC00276_ergebnis-e1516646944737.jpg\" alt=\"\" width=\"450\" height=\"600\" \/><\/a><\/p>\n<p><a href=\"https:\/\/olu-limburg.de\/wp-content\/uploads\/2018\/01\/DSC00281_ergebnis-e1516647035576.jpg\"><img loading=\"lazy\" decoding=\"async\" class=\"size-full wp-image-14048 alignright\" src=\"https:\/\/olu-limburg.de\/wp-content\/uploads\/2018\/01\/DSC00281_ergebnis-e1516647035576.jpg\" alt=\"\" width=\"450\" height=\"600\" \/><\/a><\/p>\n<div id=\"attachment_14047\" style=\"width: 810px\" class=\"wp-caption aligncenter\"><a href=\"https:\/\/olu-limburg.de\/wp-content\/uploads\/2018\/01\/DSC00280_ergebnis.jpg\"><img loading=\"lazy\" decoding=\"async\" aria-describedby=\"caption-attachment-14047\" class=\"wp-image-14047 size-full\" src=\"https:\/\/olu-limburg.de\/wp-content\/uploads\/2018\/01\/DSC00280_ergebnis.jpg\" alt=\"\" width=\"800\" height=\"600\" srcset=\"https:\/\/olu-limburg.de\/wp-content\/uploads\/2018\/01\/DSC00280_ergebnis.jpg 800w, https:\/\/olu-limburg.de\/wp-content\/uploads\/2018\/01\/DSC00280_ergebnis-300x225.jpg 300w, https:\/\/olu-limburg.de\/wp-content\/uploads\/2018\/01\/DSC00280_ergebnis-768x576.jpg 768w, https:\/\/olu-limburg.de\/wp-content\/uploads\/2018\/01\/DSC00280_ergebnis-624x468.jpg 624w\" sizes=\"auto, (max-width: 800px) 100vw, 800px\" \/><\/a><p id=\"caption-attachment-14047\" class=\"wp-caption-text\">Gnadenkapelle &#8222;Unsere liebe Frau&#8220;, schwarze Madonna von 1330<\/p><\/div>\n<p><a href=\"https:\/\/olu-limburg.de\/wp-content\/uploads\/2018\/01\/DSC00279_ergebnis.jpg\"><img loading=\"lazy\" decoding=\"async\" class=\"size-full wp-image-14046 aligncenter\" src=\"https:\/\/olu-limburg.de\/wp-content\/uploads\/2018\/01\/DSC00279_ergebnis.jpg\" alt=\"\" width=\"800\" height=\"600\" srcset=\"https:\/\/olu-limburg.de\/wp-content\/uploads\/2018\/01\/DSC00279_ergebnis.jpg 800w, https:\/\/olu-limburg.de\/wp-content\/uploads\/2018\/01\/DSC00279_ergebnis-300x225.jpg 300w, https:\/\/olu-limburg.de\/wp-content\/uploads\/2018\/01\/DSC00279_ergebnis-768x576.jpg 768w, https:\/\/olu-limburg.de\/wp-content\/uploads\/2018\/01\/DSC00279_ergebnis-624x468.jpg 624w\" sizes=\"auto, (max-width: 800px) 100vw, 800px\" \/><\/a><\/p>\n<p><a href=\"https:\/\/olu-limburg.de\/wp-content\/uploads\/2018\/01\/P1070165_ergebnis-e1516660279297.jpg\"><img loading=\"lazy\" decoding=\"async\" class=\"size-full wp-image-14099 aligncenter\" src=\"https:\/\/olu-limburg.de\/wp-content\/uploads\/2018\/01\/P1070165_ergebnis-e1516660279297.jpg\" alt=\"\" width=\"450\" height=\"600\" \/><\/a><\/p>\n<div id=\"attachment_14049\" style=\"width: 810px\" class=\"wp-caption aligncenter\"><a href=\"https:\/\/olu-limburg.de\/wp-content\/uploads\/2018\/01\/DSC00283_ergebnis.jpg\"><img loading=\"lazy\" decoding=\"async\" aria-describedby=\"caption-attachment-14049\" class=\"wp-image-14049 size-full\" src=\"https:\/\/olu-limburg.de\/wp-content\/uploads\/2018\/01\/DSC00283_ergebnis.jpg\" alt=\"\" width=\"800\" height=\"600\" srcset=\"https:\/\/olu-limburg.de\/wp-content\/uploads\/2018\/01\/DSC00283_ergebnis.jpg 800w, https:\/\/olu-limburg.de\/wp-content\/uploads\/2018\/01\/DSC00283_ergebnis-300x225.jpg 300w, https:\/\/olu-limburg.de\/wp-content\/uploads\/2018\/01\/DSC00283_ergebnis-768x576.jpg 768w, https:\/\/olu-limburg.de\/wp-content\/uploads\/2018\/01\/DSC00283_ergebnis-624x468.jpg 624w\" sizes=\"auto, (max-width: 800px) 100vw, 800px\" \/><\/a><p id=\"caption-attachment-14049\" class=\"wp-caption-text\">Kapellplatz<\/p><\/div>\n<div id=\"attachment_14098\" style=\"width: 460px\" class=\"wp-caption aligncenter\"><a href=\"https:\/\/olu-limburg.de\/wp-content\/uploads\/2018\/01\/P1070164_ergebnis-e1516660321886.jpg\"><img loading=\"lazy\" decoding=\"async\" aria-describedby=\"caption-attachment-14098\" class=\"wp-image-14098 size-full\" src=\"https:\/\/olu-limburg.de\/wp-content\/uploads\/2018\/01\/P1070164_ergebnis-e1516660321886.jpg\" alt=\"\" width=\"450\" height=\"600\" \/><\/a><p id=\"caption-attachment-14098\" class=\"wp-caption-text\">Kunstwerk &#8222;U-Bahn&#8220;<\/p><\/div>\n<div id=\"attachment_14050\" style=\"width: 810px\" class=\"wp-caption aligncenter\"><a href=\"https:\/\/olu-limburg.de\/wp-content\/uploads\/2018\/01\/DSC00284_ergebnis.jpg\"><img loading=\"lazy\" decoding=\"async\" aria-describedby=\"caption-attachment-14050\" class=\"wp-image-14050 size-full\" src=\"https:\/\/olu-limburg.de\/wp-content\/uploads\/2018\/01\/DSC00284_ergebnis.jpg\" alt=\"\" width=\"800\" height=\"600\" srcset=\"https:\/\/olu-limburg.de\/wp-content\/uploads\/2018\/01\/DSC00284_ergebnis.jpg 800w, https:\/\/olu-limburg.de\/wp-content\/uploads\/2018\/01\/DSC00284_ergebnis-300x225.jpg 300w, https:\/\/olu-limburg.de\/wp-content\/uploads\/2018\/01\/DSC00284_ergebnis-768x576.jpg 768w, https:\/\/olu-limburg.de\/wp-content\/uploads\/2018\/01\/DSC00284_ergebnis-624x468.jpg 624w\" sizes=\"auto, (max-width: 800px) 100vw, 800px\" \/><\/a><p id=\"caption-attachment-14050\" class=\"wp-caption-text\">ehemaliges Franziskanerhaus und p\u00e4pstliche Basilika St. Anna<\/p><\/div>\n<p><a href=\"https:\/\/olu-limburg.de\/wp-content\/uploads\/2018\/01\/DSC00285_ergebnis-e1516647163924.jpg\"><img loading=\"lazy\" decoding=\"async\" class=\"size-full wp-image-14051 alignleft\" src=\"https:\/\/olu-limburg.de\/wp-content\/uploads\/2018\/01\/DSC00285_ergebnis-e1516647163924.jpg\" alt=\"\" width=\"450\" height=\"600\" \/><\/a><\/p>\n<p><a href=\"https:\/\/olu-limburg.de\/wp-content\/uploads\/2018\/01\/DSC00290_ergebnis-e1516647182345.jpg\"><img loading=\"lazy\" decoding=\"async\" class=\"size-full wp-image-14053 alignright\" src=\"https:\/\/olu-limburg.de\/wp-content\/uploads\/2018\/01\/DSC00290_ergebnis-e1516647182345.jpg\" alt=\"\" width=\"450\" height=\"600\" \/><\/a><\/p>\n<p><a href=\"https:\/\/olu-limburg.de\/wp-content\/uploads\/2018\/01\/DSC00291_ergebnis.jpg\"><img loading=\"lazy\" decoding=\"async\" class=\"size-full wp-image-14054 aligncenter\" src=\"https:\/\/olu-limburg.de\/wp-content\/uploads\/2018\/01\/DSC00291_ergebnis.jpg\" alt=\"\" width=\"800\" height=\"600\" srcset=\"https:\/\/olu-limburg.de\/wp-content\/uploads\/2018\/01\/DSC00291_ergebnis.jpg 800w, https:\/\/olu-limburg.de\/wp-content\/uploads\/2018\/01\/DSC00291_ergebnis-300x225.jpg 300w, https:\/\/olu-limburg.de\/wp-content\/uploads\/2018\/01\/DSC00291_ergebnis-768x576.jpg 768w, https:\/\/olu-limburg.de\/wp-content\/uploads\/2018\/01\/DSC00291_ergebnis-624x468.jpg 624w\" sizes=\"auto, (max-width: 800px) 100vw, 800px\" \/><\/a><\/p>\n<p>Tagesstrecke: 68 km<\/p>\n<p>&nbsp;<\/p>\n<p><strong>Montag, 23.10.2017<\/strong><\/p>\n<p>Bei Regen schl\u00e4ft es sich besonders gut. Drau\u00dfen ist es unangenehm kalt. Nach dem Fr\u00fchst\u00fcck fahren wir auf der Landstra\u00dfe in Richtung Norden weiter. Bereits nach wenigen Kilometern erwischt uns eine Umleitung, die uns fast zur Verzweiflung bringt, denn sie f\u00fchrt uns erst einmal immer weiter weg von unserer Richtung.<\/p>\n<p>Zur Mittagszeit landen wir in Vilsbiburg, und da sich der Hunger bemerkbar macht, suchen wir nach einem z\u00fcnftigen Wirtshaus. Fehlanzeige! So landen wir zum Mittagessen in dem Caf\u00e9 (?) Gabriel. Das scheint hier so \u00fcblich zu sein. Bei unserem Rundgang finden wir auch den Hinweis auf einen Wohnmobil-Stellplatz, als Teil eines Gro\u00dfparkplatzes hinter dem Rathaus. Hierf\u00fcr mu\u00df man aber ein &#8222;Durchfahrt verboten&#8220;-Schild f\u00fcr gr\u00f6\u00dfere Fahrzeuge ignorieren.<\/p>\n<p><a href=\"https:\/\/olu-limburg.de\/wp-content\/uploads\/2018\/01\/P1070177_ergebnis.jpg\"><img loading=\"lazy\" decoding=\"async\" class=\"size-full wp-image-14100 aligncenter\" src=\"https:\/\/olu-limburg.de\/wp-content\/uploads\/2018\/01\/P1070177_ergebnis.jpg\" alt=\"\" width=\"800\" height=\"600\" srcset=\"https:\/\/olu-limburg.de\/wp-content\/uploads\/2018\/01\/P1070177_ergebnis.jpg 800w, https:\/\/olu-limburg.de\/wp-content\/uploads\/2018\/01\/P1070177_ergebnis-300x225.jpg 300w, https:\/\/olu-limburg.de\/wp-content\/uploads\/2018\/01\/P1070177_ergebnis-768x576.jpg 768w, https:\/\/olu-limburg.de\/wp-content\/uploads\/2018\/01\/P1070177_ergebnis-624x468.jpg 624w\" sizes=\"auto, (max-width: 800px) 100vw, 800px\" \/><\/a><\/p>\n<p>Es zieht uns jetzt doch auf die Autobahn, damit wir ein paar Kilometer machen k\u00f6nnen. Kurz vor N\u00fcrnberg verlassen wir die A3 bei Altdorf. Der eigentliche Stellplatz ist voll belegt, deshalb stellen wir uns auf den benachbarten PKW-Parkplatz. Wird sich im Industriegebiet schon keiner dran st\u00f6ren.<\/p>\n<p><a href=\"https:\/\/olu-limburg.de\/wp-content\/uploads\/2018\/01\/P1070181_ergebnis.jpg\"><img loading=\"lazy\" decoding=\"async\" class=\"size-full wp-image-14101 aligncenter\" src=\"https:\/\/olu-limburg.de\/wp-content\/uploads\/2018\/01\/P1070181_ergebnis.jpg\" alt=\"\" width=\"800\" height=\"600\" srcset=\"https:\/\/olu-limburg.de\/wp-content\/uploads\/2018\/01\/P1070181_ergebnis.jpg 800w, https:\/\/olu-limburg.de\/wp-content\/uploads\/2018\/01\/P1070181_ergebnis-300x225.jpg 300w, https:\/\/olu-limburg.de\/wp-content\/uploads\/2018\/01\/P1070181_ergebnis-768x576.jpg 768w, https:\/\/olu-limburg.de\/wp-content\/uploads\/2018\/01\/P1070181_ergebnis-624x468.jpg 624w\" sizes=\"auto, (max-width: 800px) 100vw, 800px\" \/><\/a><\/p>\n<p>Trotz feuchtem Wetter wollen wir uns noch etwas bewegen und begeben uns in den Innenbereich von Altdorf. Hier ist es wirklich sch\u00f6n. Schade, dass von oben solche &#8222;St\u00f6rfaktoren&#8220; kommen. Hier dreht sich sehr viel um Wallenstein, der 1599 hier wohnte und f\u00fcr ein Semester an der Akademie Altdorfina studierte. Die Akademie &#8222;Altdorfina&#8220; wird 1622 durch den Kaiser zur Universit\u00e4t erhoben und ist neben der Universit\u00e4t in Stra\u00dfburg die einzige reichsst\u00e4dtische Universit\u00e4t im &#8222;Heiligen r\u00f6mischen Reich deutscher Nation&#8220;.<\/p>\n<p><a href=\"https:\/\/olu-limburg.de\/wp-content\/uploads\/2018\/01\/P1070185_ergebnis-e1516660474121.jpg\"><img loading=\"lazy\" decoding=\"async\" class=\"size-full wp-image-14102 alignleft\" src=\"https:\/\/olu-limburg.de\/wp-content\/uploads\/2018\/01\/P1070185_ergebnis-e1516660474121.jpg\" alt=\"\" width=\"450\" height=\"600\" \/><\/a><\/p>\n<p><a href=\"https:\/\/olu-limburg.de\/wp-content\/uploads\/2018\/01\/SAM_5312_ergebnis-e1516647563954.jpg\"><img loading=\"lazy\" decoding=\"async\" class=\"size-full wp-image-14056 alignright\" src=\"https:\/\/olu-limburg.de\/wp-content\/uploads\/2018\/01\/SAM_5312_ergebnis-e1516647563954.jpg\" alt=\"\" width=\"450\" height=\"600\" \/><\/a><\/p>\n<div id=\"attachment_14057\" style=\"width: 810px\" class=\"wp-caption aligncenter\"><a href=\"https:\/\/olu-limburg.de\/wp-content\/uploads\/2018\/01\/SAM_5313_ergebnis.jpg\"><img loading=\"lazy\" decoding=\"async\" aria-describedby=\"caption-attachment-14057\" class=\"wp-image-14057 size-full\" src=\"https:\/\/olu-limburg.de\/wp-content\/uploads\/2018\/01\/SAM_5313_ergebnis.jpg\" alt=\"\" width=\"800\" height=\"600\" srcset=\"https:\/\/olu-limburg.de\/wp-content\/uploads\/2018\/01\/SAM_5313_ergebnis.jpg 800w, https:\/\/olu-limburg.de\/wp-content\/uploads\/2018\/01\/SAM_5313_ergebnis-300x225.jpg 300w, https:\/\/olu-limburg.de\/wp-content\/uploads\/2018\/01\/SAM_5313_ergebnis-768x576.jpg 768w, https:\/\/olu-limburg.de\/wp-content\/uploads\/2018\/01\/SAM_5313_ergebnis-624x468.jpg 624w\" sizes=\"auto, (max-width: 800px) 100vw, 800px\" \/><\/a><p id=\"caption-attachment-14057\" class=\"wp-caption-text\">Rathaus<\/p><\/div>\n<div id=\"attachment_14058\" style=\"width: 810px\" class=\"wp-caption aligncenter\"><a href=\"https:\/\/olu-limburg.de\/wp-content\/uploads\/2018\/01\/SAM_5315_ergebnis.jpg\"><img loading=\"lazy\" decoding=\"async\" aria-describedby=\"caption-attachment-14058\" class=\"wp-image-14058 size-full\" src=\"https:\/\/olu-limburg.de\/wp-content\/uploads\/2018\/01\/SAM_5315_ergebnis.jpg\" alt=\"\" width=\"800\" height=\"600\" srcset=\"https:\/\/olu-limburg.de\/wp-content\/uploads\/2018\/01\/SAM_5315_ergebnis.jpg 800w, https:\/\/olu-limburg.de\/wp-content\/uploads\/2018\/01\/SAM_5315_ergebnis-300x225.jpg 300w, https:\/\/olu-limburg.de\/wp-content\/uploads\/2018\/01\/SAM_5315_ergebnis-768x576.jpg 768w, https:\/\/olu-limburg.de\/wp-content\/uploads\/2018\/01\/SAM_5315_ergebnis-624x468.jpg 624w\" sizes=\"auto, (max-width: 800px) 100vw, 800px\" \/><\/a><p id=\"caption-attachment-14058\" class=\"wp-caption-text\">alte Universit\u00e4t<\/p><\/div>\n<p>In der N\u00e4he der ehemaligen Universit\u00e4t, vor dem Polizeigeb\u00e4ude, steht ein offener B\u00fccherschrank. Hier gibt es wirklich tolle B\u00fccher zum Tauschen. Falls jemand auch ein Liebhaber solcher Tauschb\u00f6rsen ist, haltet bitte das Niveau. Es ist wirklich sehr ansprechend.<\/p>\n<div id=\"attachment_14059\" style=\"width: 810px\" class=\"wp-caption aligncenter\"><a href=\"https:\/\/olu-limburg.de\/wp-content\/uploads\/2018\/01\/SAM_5318_ergebnis.jpg\"><img loading=\"lazy\" decoding=\"async\" aria-describedby=\"caption-attachment-14059\" class=\"wp-image-14059 size-full\" src=\"https:\/\/olu-limburg.de\/wp-content\/uploads\/2018\/01\/SAM_5318_ergebnis.jpg\" alt=\"\" width=\"800\" height=\"600\" srcset=\"https:\/\/olu-limburg.de\/wp-content\/uploads\/2018\/01\/SAM_5318_ergebnis.jpg 800w, https:\/\/olu-limburg.de\/wp-content\/uploads\/2018\/01\/SAM_5318_ergebnis-300x225.jpg 300w, https:\/\/olu-limburg.de\/wp-content\/uploads\/2018\/01\/SAM_5318_ergebnis-768x576.jpg 768w, https:\/\/olu-limburg.de\/wp-content\/uploads\/2018\/01\/SAM_5318_ergebnis-624x468.jpg 624w\" sizes=\"auto, (max-width: 800px) 100vw, 800px\" \/><\/a><p id=\"caption-attachment-14059\" class=\"wp-caption-text\">1558 als Schloss der n\u00fcrnbergischen Pfleger errichtet.<\/p><\/div>\n<p><a href=\"https:\/\/olu-limburg.de\/wp-content\/uploads\/2018\/01\/SAM_5319_ergebnis-e1516647651282.jpg\"><img loading=\"lazy\" decoding=\"async\" class=\"size-full wp-image-14060 alignleft\" src=\"https:\/\/olu-limburg.de\/wp-content\/uploads\/2018\/01\/SAM_5319_ergebnis-e1516647651282.jpg\" alt=\"\" width=\"450\" height=\"600\" \/><\/a><\/p>\n<p>&nbsp;<\/p>\n<div id=\"attachment_14109\" style=\"width: 460px\" class=\"wp-caption alignright\"><a href=\"https:\/\/olu-limburg.de\/wp-content\/uploads\/2018\/01\/P1070198_ergebnis-e1516660552795.jpg\"><img loading=\"lazy\" decoding=\"async\" aria-describedby=\"caption-attachment-14109\" class=\"wp-image-14109 size-full\" src=\"https:\/\/olu-limburg.de\/wp-content\/uploads\/2018\/01\/P1070198_ergebnis-e1516660552795.jpg\" alt=\"\" width=\"450\" height=\"600\" \/><\/a><p id=\"caption-attachment-14109\" class=\"wp-caption-text\">B\u00fccherschrank<\/p><\/div>\n<p><a href=\"https:\/\/olu-limburg.de\/wp-content\/uploads\/2018\/01\/SAM_5321_ergebnis-e1516647673703.jpg\"><img loading=\"lazy\" decoding=\"async\" class=\"size-full wp-image-14061 aligncenter\" src=\"https:\/\/olu-limburg.de\/wp-content\/uploads\/2018\/01\/SAM_5321_ergebnis-e1516647673703.jpg\" alt=\"\" width=\"450\" height=\"600\" \/><\/a><\/p>\n<p>Da wir schon mal in Franken sind, suchen wir nach einer sch\u00f6nen Weinstube und landen\u00a0 schlie\u00dflich im Gasthof &#8222;Zur Sonne&#8220; bei Stadtwurst, Schinkenplatte und Bier. Lena rettet aber unser Vorhaben mit einem Silvaner aus Franken.<\/p>\n<p><a href=\"https:\/\/olu-limburg.de\/wp-content\/uploads\/2018\/01\/P1070201_ergebnis.jpg\"><img loading=\"lazy\" decoding=\"async\" class=\"size-full wp-image-14111 aligncenter\" src=\"https:\/\/olu-limburg.de\/wp-content\/uploads\/2018\/01\/P1070201_ergebnis.jpg\" alt=\"\" width=\"800\" height=\"600\" srcset=\"https:\/\/olu-limburg.de\/wp-content\/uploads\/2018\/01\/P1070201_ergebnis.jpg 800w, https:\/\/olu-limburg.de\/wp-content\/uploads\/2018\/01\/P1070201_ergebnis-300x225.jpg 300w, https:\/\/olu-limburg.de\/wp-content\/uploads\/2018\/01\/P1070201_ergebnis-768x576.jpg 768w, https:\/\/olu-limburg.de\/wp-content\/uploads\/2018\/01\/P1070201_ergebnis-624x468.jpg 624w\" sizes=\"auto, (max-width: 800px) 100vw, 800px\" \/><\/a><\/p>\n<p><a href=\"https:\/\/olu-limburg.de\/wp-content\/uploads\/2018\/01\/P1070202_ergebnis.jpg\"><img loading=\"lazy\" decoding=\"async\" class=\"size-full wp-image-14112 aligncenter\" src=\"https:\/\/olu-limburg.de\/wp-content\/uploads\/2018\/01\/P1070202_ergebnis.jpg\" alt=\"\" width=\"800\" height=\"600\" srcset=\"https:\/\/olu-limburg.de\/wp-content\/uploads\/2018\/01\/P1070202_ergebnis.jpg 800w, https:\/\/olu-limburg.de\/wp-content\/uploads\/2018\/01\/P1070202_ergebnis-300x225.jpg 300w, https:\/\/olu-limburg.de\/wp-content\/uploads\/2018\/01\/P1070202_ergebnis-768x576.jpg 768w, https:\/\/olu-limburg.de\/wp-content\/uploads\/2018\/01\/P1070202_ergebnis-624x468.jpg 624w\" sizes=\"auto, (max-width: 800px) 100vw, 800px\" \/><\/a><\/p>\n<p>Tagesstrecke: 226 km<\/p>\n<p>&nbsp;<\/p>\n<p><strong>Dienstag, 24.10.2017<\/strong><\/p>\n<p>Bei diesem Wetter wollen wir jetzt nur noch heim. Es ist auf der A3 viel Verkehr. Zwischendurch haben wir wegen eines Unfalls im Baustellenbereich noch eine Vollsperrung.<\/p>\n<p>Tagesstrecke: 314 km<\/p>\n<p>&nbsp;<\/p>\n<p style=\"text-align: center;\"><a href=\"https:\/\/olu-limburg.de\/?page_id=13922\">Zum Seitenanfang<\/a><\/p>\n<p>&nbsp;<\/p>\n<p>&nbsp;<\/p>\n<p>&nbsp;<\/p>\n<p>&nbsp;<\/p>\n<p>&nbsp;<\/p>\n<p>&nbsp;<\/p>\n<p>&nbsp;<\/p>\n","protected":false},"excerpt":{"rendered":"<p>&nbsp; Text: Hans-Werner, nach Aufzeichnungen von Lena\u00a0\u00a0\u00a0\u00a0\u00a0\u00a0\u00a0\u00a0\u00a0\u00a0\u00a0\u00a0\u00a0\u00a0\u00a0\u00a0\u00a0\u00a0\u00a0\u00a0\u00a0\u00a0\u00a0\u00a0\u00a0\u00a0\u00a0\u00a0\u00a0\u00a0\u00a0\u00a0\u00a0\u00a0\u00a0\u00a0\u00a0\u00a0\u00a0\u00a0\u00a0\u00a0\u00a0\u00a0\u00a0\u00a0\u00a0\u00a0\u00a0\u00a0\u00a0\u00a0\u00a0\u00a0\u00a0\u00a0\u00a0\u00a0\u00a0\u00a0\u00a0\u00a0\u00a0\u00a0\u00a0\u00a0\u00a0\u00a0\u00a0\u00a0 Fotos: Hans-Werner und Lena Es ist Herbst und wir m\u00f6chten noch einmal mit unserem Wohnmobil weg fahren. Unser Ziel soll in Bayern liegen. Mit dem s\u00fcd\u00f6stlichen Zipfel, irgendwo hinter dem Chiemsee, haben wir unser grobes Ziel f\u00fcr die Reise vom 18. bis zum 24. Oktober 2017 abgesteckt. Wir [&hellip;]<\/p>\n","protected":false},"author":1,"featured_media":0,"parent":0,"menu_order":0,"comment_status":"closed","ping_status":"closed","template":"page-templates\/full-width.php","meta":{"footnotes":""},"class_list":["post-13922","page","type-page","status-publish","hentry"],"_links":{"self":[{"href":"https:\/\/olu-limburg.de\/index.php?rest_route=\/wp\/v2\/pages\/13922","targetHints":{"allow":["GET"]}}],"collection":[{"href":"https:\/\/olu-limburg.de\/index.php?rest_route=\/wp\/v2\/pages"}],"about":[{"href":"https:\/\/olu-limburg.de\/index.php?rest_route=\/wp\/v2\/types\/page"}],"author":[{"embeddable":true,"href":"https:\/\/olu-limburg.de\/index.php?rest_route=\/wp\/v2\/users\/1"}],"replies":[{"embeddable":true,"href":"https:\/\/olu-limburg.de\/index.php?rest_route=%2Fwp%2Fv2%2Fcomments&post=13922"}],"version-history":[{"count":34,"href":"https:\/\/olu-limburg.de\/index.php?rest_route=\/wp\/v2\/pages\/13922\/revisions"}],"predecessor-version":[{"id":14127,"href":"https:\/\/olu-limburg.de\/index.php?rest_route=\/wp\/v2\/pages\/13922\/revisions\/14127"}],"wp:attachment":[{"href":"https:\/\/olu-limburg.de\/index.php?rest_route=%2Fwp%2Fv2%2Fmedia&parent=13922"}],"curies":[{"name":"wp","href":"https:\/\/api.w.org\/{rel}","templated":true}]}}