{"id":1235,"date":"2015-02-10T17:41:51","date_gmt":"2015-02-10T16:41:51","guid":{"rendered":"https:\/\/olu-limburg.de\/?page_id=1235"},"modified":"2015-02-12T19:10:32","modified_gmt":"2015-02-12T18:10:32","slug":"silvester-in-ditzum-2014","status":"publish","type":"page","link":"https:\/\/olu-limburg.de\/?page_id=1235","title":{"rendered":"Silvester in Ditzum 2014"},"content":{"rendered":"<p>Nach einigen Jahreswechsel im erweiterten Emsland, haben wir uns diesmal\u00a0 die Insel Sylt vorgenommen. Aufgrund der Wetterkapriolen, Schnee, Glatteis und Sturm, fahren wir aber doch wieder mit etwas Versp\u00e4tung nach Ditzum ins Dollart-Gebiet. In der Zeit vom 30.01.2014 bis zum 05.01.2015 haben wir 872 km zur\u00fcck gelegt. Bei der Abfahrt haben wir noch nicht geahnt, dass wir fast die gesamte Zeit in Ditzum zubringen.<\/p>\n<p>&nbsp;<\/p>\n<p>Text: Hans-Werner\u00a0\u00a0\u00a0\u00a0\u00a0\u00a0\u00a0\u00a0\u00a0\u00a0\u00a0\u00a0\u00a0\u00a0\u00a0\u00a0\u00a0\u00a0\u00a0\u00a0\u00a0\u00a0\u00a0\u00a0\u00a0\u00a0\u00a0\u00a0\u00a0\u00a0\u00a0\u00a0\u00a0\u00a0\u00a0\u00a0\u00a0\u00a0\u00a0\u00a0\u00a0\u00a0\u00a0\u00a0\u00a0\u00a0\u00a0\u00a0\u00a0\u00a0\u00a0\u00a0\u00a0\u00a0\u00a0\u00a0\u00a0\u00a0\u00a0\u00a0\u00a0\u00a0\u00a0\u00a0\u00a0\u00a0\u00a0\u00a0\u00a0\u00a0\u00a0\u00a0\u00a0\u00a0\u00a0\u00a0\u00a0\u00a0\u00a0\u00a0\u00a0\u00a0\u00a0\u00a0\u00a0\u00a0 Fotos: Hans-Werner und Lena<\/p>\n<p>&nbsp;<\/p>\n<p><strong>Dienstag, 30.12.2014<\/strong><\/p>\n<p>Bei der Autobahnfahrt in Richtung Norden verl\u00e4uft alles ruhig. Der Stellplatz in Ditzum (Geb\u00fchr EUR 7,00) ist gut besucht, doch ein Pl\u00e4tzchen f\u00fcr uns gibt es alle mal. So nach und nach treffen noch weitere Wohnmobilisten ein. Wir laufen gegen Abend ein wenig auf den uns mittlerweile bekannten Wegen durch den Ort.<\/p>\n<p>Tagesstrecke: 415 km<\/p>\n<p><a href=\"https:\/\/olu-limburg.de\/wp-content\/uploads\/2015\/02\/DSC03438_ergebnis.jpg\"><img loading=\"lazy\" decoding=\"async\" class=\"size-full wp-image-1257 aligncenter\" src=\"https:\/\/olu-limburg.de\/wp-content\/uploads\/2015\/02\/DSC03438_ergebnis.jpg\" alt=\"DSC03438_ergebnis\" width=\"800\" height=\"600\" srcset=\"https:\/\/olu-limburg.de\/wp-content\/uploads\/2015\/02\/DSC03438_ergebnis.jpg 800w, https:\/\/olu-limburg.de\/wp-content\/uploads\/2015\/02\/DSC03438_ergebnis-300x225.jpg 300w, https:\/\/olu-limburg.de\/wp-content\/uploads\/2015\/02\/DSC03438_ergebnis-624x468.jpg 624w\" sizes=\"auto, (max-width: 800px) 100vw, 800px\" \/><\/a><\/p>\n<div id=\"attachment_1298\" style=\"width: 810px\" class=\"wp-caption aligncenter\"><a href=\"https:\/\/olu-limburg.de\/wp-content\/uploads\/2015\/02\/SAM_5584_ergebnis.jpg\"><img loading=\"lazy\" decoding=\"async\" aria-describedby=\"caption-attachment-1298\" class=\"wp-image-1298 size-full\" src=\"https:\/\/olu-limburg.de\/wp-content\/uploads\/2015\/02\/SAM_5584_ergebnis.jpg\" alt=\"SAM_5584_ergebnis\" width=\"800\" height=\"600\" srcset=\"https:\/\/olu-limburg.de\/wp-content\/uploads\/2015\/02\/SAM_5584_ergebnis.jpg 800w, https:\/\/olu-limburg.de\/wp-content\/uploads\/2015\/02\/SAM_5584_ergebnis-300x225.jpg 300w, https:\/\/olu-limburg.de\/wp-content\/uploads\/2015\/02\/SAM_5584_ergebnis-624x468.jpg 624w\" sizes=\"auto, (max-width: 800px) 100vw, 800px\" \/><\/a><p id=\"caption-attachment-1298\" class=\"wp-caption-text\">hausgemachte Quiche an Feldsalat und Tomaten<\/p><\/div>\n<p>&nbsp;<\/p>\n<p><strong>Mittwoch, 31.12.2014<\/strong><\/p>\n<p>Heute Vormittag hat die Fischereigenossenschaft nur noch einen kurzen Resteverkauf und schlie\u00dft dann bis Mitte M\u00e4rz 2015. Viel Auswahl gibt es nicht mehr, deshalb begn\u00fcgen wir uns mit ein paar Matjes.<\/p>\n<p><a href=\"https:\/\/olu-limburg.de\/wp-content\/uploads\/2015\/02\/DSC03445_ergebnis.jpg\"><img loading=\"lazy\" decoding=\"async\" class=\"size-full wp-image-1259 aligncenter\" src=\"https:\/\/olu-limburg.de\/wp-content\/uploads\/2015\/02\/DSC03445_ergebnis.jpg\" alt=\"DSC03445_ergebnis\" width=\"800\" height=\"600\" srcset=\"https:\/\/olu-limburg.de\/wp-content\/uploads\/2015\/02\/DSC03445_ergebnis.jpg 800w, https:\/\/olu-limburg.de\/wp-content\/uploads\/2015\/02\/DSC03445_ergebnis-300x225.jpg 300w, https:\/\/olu-limburg.de\/wp-content\/uploads\/2015\/02\/DSC03445_ergebnis-624x468.jpg 624w\" sizes=\"auto, (max-width: 800px) 100vw, 800px\" \/><\/a><\/p>\n<p><a href=\"https:\/\/olu-limburg.de\/wp-content\/uploads\/2015\/02\/DSC03449_ergebnis.jpg\"><img loading=\"lazy\" decoding=\"async\" class=\"size-full wp-image-1260 aligncenter\" src=\"https:\/\/olu-limburg.de\/wp-content\/uploads\/2015\/02\/DSC03449_ergebnis.jpg\" alt=\"DSC03449_ergebnis\" width=\"800\" height=\"600\" srcset=\"https:\/\/olu-limburg.de\/wp-content\/uploads\/2015\/02\/DSC03449_ergebnis.jpg 800w, https:\/\/olu-limburg.de\/wp-content\/uploads\/2015\/02\/DSC03449_ergebnis-300x225.jpg 300w, https:\/\/olu-limburg.de\/wp-content\/uploads\/2015\/02\/DSC03449_ergebnis-624x468.jpg 624w\" sizes=\"auto, (max-width: 800px) 100vw, 800px\" \/><\/a><\/p>\n<p>Das Wetter wechselt st\u00e4ndig und bringt uns Sonne, starken Wind und ab und zu eine Regenschauer. Trotzdem spazieren wir viel in und um Ditzum herum. Als uns gegen Mittag der gro\u00dfe Hunger erwischt gehen wir in die Schifferb\u00f6rse und genie\u00dfen die friesische K\u00fcche bei &#8222;Grau Aarfen&#8220; und &#8222;Dicke Bohnen&#8220;.<\/p>\n<p><a href=\"https:\/\/olu-limburg.de\/wp-content\/uploads\/2015\/02\/DSC03455_ergebnis.jpg\"><img loading=\"lazy\" decoding=\"async\" class=\"size-full wp-image-1263 aligncenter\" src=\"https:\/\/olu-limburg.de\/wp-content\/uploads\/2015\/02\/DSC03455_ergebnis.jpg\" alt=\"DSC03455_ergebnis\" width=\"800\" height=\"600\" srcset=\"https:\/\/olu-limburg.de\/wp-content\/uploads\/2015\/02\/DSC03455_ergebnis.jpg 800w, https:\/\/olu-limburg.de\/wp-content\/uploads\/2015\/02\/DSC03455_ergebnis-300x225.jpg 300w, https:\/\/olu-limburg.de\/wp-content\/uploads\/2015\/02\/DSC03455_ergebnis-624x468.jpg 624w\" sizes=\"auto, (max-width: 800px) 100vw, 800px\" \/><\/a><\/p>\n<p><a href=\"https:\/\/olu-limburg.de\/wp-content\/uploads\/2015\/02\/DSC03454_ergebnis.jpg\"><img loading=\"lazy\" decoding=\"async\" class=\"size-full wp-image-1262 aligncenter\" src=\"https:\/\/olu-limburg.de\/wp-content\/uploads\/2015\/02\/DSC03454_ergebnis.jpg\" alt=\"DSC03454_ergebnis\" width=\"800\" height=\"600\" srcset=\"https:\/\/olu-limburg.de\/wp-content\/uploads\/2015\/02\/DSC03454_ergebnis.jpg 800w, https:\/\/olu-limburg.de\/wp-content\/uploads\/2015\/02\/DSC03454_ergebnis-300x225.jpg 300w, https:\/\/olu-limburg.de\/wp-content\/uploads\/2015\/02\/DSC03454_ergebnis-624x468.jpg 624w\" sizes=\"auto, (max-width: 800px) 100vw, 800px\" \/><\/a><\/p>\n<div id=\"attachment_1301\" style=\"width: 810px\" class=\"wp-caption aligncenter\"><a href=\"https:\/\/olu-limburg.de\/wp-content\/uploads\/2015\/02\/SAM_5610_ergebnis.jpg\"><img loading=\"lazy\" decoding=\"async\" aria-describedby=\"caption-attachment-1301\" class=\"wp-image-1301 size-full\" src=\"https:\/\/olu-limburg.de\/wp-content\/uploads\/2015\/02\/SAM_5610_ergebnis.jpg\" alt=\"SAM_5610_ergebnis\" width=\"800\" height=\"600\" srcset=\"https:\/\/olu-limburg.de\/wp-content\/uploads\/2015\/02\/SAM_5610_ergebnis.jpg 800w, https:\/\/olu-limburg.de\/wp-content\/uploads\/2015\/02\/SAM_5610_ergebnis-300x225.jpg 300w, https:\/\/olu-limburg.de\/wp-content\/uploads\/2015\/02\/SAM_5610_ergebnis-624x468.jpg 624w\" sizes=\"auto, (max-width: 800px) 100vw, 800px\" \/><\/a><p id=\"caption-attachment-1301\" class=\"wp-caption-text\">Grau Aarfen mit Bratkartoffeln und Mettenden<\/p><\/div>\n<div id=\"attachment_1261\" style=\"width: 810px\" class=\"wp-caption aligncenter\"><a href=\"https:\/\/olu-limburg.de\/wp-content\/uploads\/2015\/02\/DSC03450_ergebnis.jpg\"><img loading=\"lazy\" decoding=\"async\" aria-describedby=\"caption-attachment-1261\" class=\"wp-image-1261 size-full\" src=\"https:\/\/olu-limburg.de\/wp-content\/uploads\/2015\/02\/DSC03450_ergebnis.jpg\" alt=\"DSC03450_ergebnis\" width=\"800\" height=\"600\" srcset=\"https:\/\/olu-limburg.de\/wp-content\/uploads\/2015\/02\/DSC03450_ergebnis.jpg 800w, https:\/\/olu-limburg.de\/wp-content\/uploads\/2015\/02\/DSC03450_ergebnis-300x225.jpg 300w, https:\/\/olu-limburg.de\/wp-content\/uploads\/2015\/02\/DSC03450_ergebnis-624x468.jpg 624w\" sizes=\"auto, (max-width: 800px) 100vw, 800px\" \/><\/a><p id=\"caption-attachment-1261\" class=\"wp-caption-text\">Dicke Bohnen mit Bratkartoffeln und Mettenden<\/p><\/div>\n<p><a href=\"https:\/\/olu-limburg.de\/wp-content\/uploads\/2015\/02\/DSC03462_ergebnis.jpg\"><img loading=\"lazy\" decoding=\"async\" class=\"size-full wp-image-1264 aligncenter\" src=\"https:\/\/olu-limburg.de\/wp-content\/uploads\/2015\/02\/DSC03462_ergebnis.jpg\" alt=\"DSC03462_ergebnis\" width=\"800\" height=\"600\" srcset=\"https:\/\/olu-limburg.de\/wp-content\/uploads\/2015\/02\/DSC03462_ergebnis.jpg 800w, https:\/\/olu-limburg.de\/wp-content\/uploads\/2015\/02\/DSC03462_ergebnis-300x225.jpg 300w, https:\/\/olu-limburg.de\/wp-content\/uploads\/2015\/02\/DSC03462_ergebnis-624x468.jpg 624w\" sizes=\"auto, (max-width: 800px) 100vw, 800px\" \/><\/a><\/p>\n<div id=\"attachment_1265\" style=\"width: 810px\" class=\"wp-caption aligncenter\"><a href=\"https:\/\/olu-limburg.de\/wp-content\/uploads\/2015\/02\/DSC03464_ergebnis.jpg\"><img loading=\"lazy\" decoding=\"async\" aria-describedby=\"caption-attachment-1265\" class=\"wp-image-1265 size-full\" src=\"https:\/\/olu-limburg.de\/wp-content\/uploads\/2015\/02\/DSC03464_ergebnis.jpg\" alt=\"DSC03464_ergebnis\" width=\"800\" height=\"600\" srcset=\"https:\/\/olu-limburg.de\/wp-content\/uploads\/2015\/02\/DSC03464_ergebnis.jpg 800w, https:\/\/olu-limburg.de\/wp-content\/uploads\/2015\/02\/DSC03464_ergebnis-300x225.jpg 300w, https:\/\/olu-limburg.de\/wp-content\/uploads\/2015\/02\/DSC03464_ergebnis-624x468.jpg 624w\" sizes=\"auto, (max-width: 800px) 100vw, 800px\" \/><\/a><p id=\"caption-attachment-1265\" class=\"wp-caption-text\">Ems-Sperrwerk bei Ditzum<\/p><\/div>\n<p><a href=\"https:\/\/olu-limburg.de\/wp-content\/uploads\/2015\/02\/SAM_5629_ergebnis.jpg\"><img loading=\"lazy\" decoding=\"async\" class=\"size-full wp-image-1303 aligncenter\" src=\"https:\/\/olu-limburg.de\/wp-content\/uploads\/2015\/02\/SAM_5629_ergebnis.jpg\" alt=\"SAM_5629_ergebnis\" width=\"800\" height=\"600\" srcset=\"https:\/\/olu-limburg.de\/wp-content\/uploads\/2015\/02\/SAM_5629_ergebnis.jpg 800w, https:\/\/olu-limburg.de\/wp-content\/uploads\/2015\/02\/SAM_5629_ergebnis-300x225.jpg 300w, https:\/\/olu-limburg.de\/wp-content\/uploads\/2015\/02\/SAM_5629_ergebnis-624x468.jpg 624w\" sizes=\"auto, (max-width: 800px) 100vw, 800px\" \/><\/a><\/p>\n<p><a href=\"https:\/\/olu-limburg.de\/wp-content\/uploads\/2015\/02\/DSC03478_ergebnis.jpg\"><img loading=\"lazy\" decoding=\"async\" class=\"size-full wp-image-1268 aligncenter\" src=\"https:\/\/olu-limburg.de\/wp-content\/uploads\/2015\/02\/DSC03478_ergebnis.jpg\" alt=\"DSC03478_ergebnis\" width=\"800\" height=\"600\" srcset=\"https:\/\/olu-limburg.de\/wp-content\/uploads\/2015\/02\/DSC03478_ergebnis.jpg 800w, https:\/\/olu-limburg.de\/wp-content\/uploads\/2015\/02\/DSC03478_ergebnis-300x225.jpg 300w, https:\/\/olu-limburg.de\/wp-content\/uploads\/2015\/02\/DSC03478_ergebnis-624x468.jpg 624w\" sizes=\"auto, (max-width: 800px) 100vw, 800px\" \/><\/a><\/p>\n<p>Am Abend machen wir uns wieder Raclette und gehen in den Hafen zum mittern\u00e4chtlichen Feuerwerk.<\/p>\n<p>Tagesstrecke: 0 km<\/p>\n<p><a href=\"https:\/\/olu-limburg.de\/wp-content\/uploads\/2015\/02\/DSC03483_ergebnis.jpg\"><img loading=\"lazy\" decoding=\"async\" class=\"size-full wp-image-1269 aligncenter\" src=\"https:\/\/olu-limburg.de\/wp-content\/uploads\/2015\/02\/DSC03483_ergebnis.jpg\" alt=\"DSC03483_ergebnis\" width=\"800\" height=\"600\" srcset=\"https:\/\/olu-limburg.de\/wp-content\/uploads\/2015\/02\/DSC03483_ergebnis.jpg 800w, https:\/\/olu-limburg.de\/wp-content\/uploads\/2015\/02\/DSC03483_ergebnis-300x225.jpg 300w, https:\/\/olu-limburg.de\/wp-content\/uploads\/2015\/02\/DSC03483_ergebnis-624x468.jpg 624w\" sizes=\"auto, (max-width: 800px) 100vw, 800px\" \/><\/a><\/p>\n<div id=\"attachment_1270\" style=\"width: 810px\" class=\"wp-caption aligncenter\"><a href=\"https:\/\/olu-limburg.de\/wp-content\/uploads\/2015\/02\/DSC03486_ergebnis.jpg\"><img loading=\"lazy\" decoding=\"async\" aria-describedby=\"caption-attachment-1270\" class=\"wp-image-1270 size-full\" src=\"https:\/\/olu-limburg.de\/wp-content\/uploads\/2015\/02\/DSC03486_ergebnis.jpg\" alt=\"DSC03486_ergebnis\" width=\"800\" height=\"600\" srcset=\"https:\/\/olu-limburg.de\/wp-content\/uploads\/2015\/02\/DSC03486_ergebnis.jpg 800w, https:\/\/olu-limburg.de\/wp-content\/uploads\/2015\/02\/DSC03486_ergebnis-300x225.jpg 300w, https:\/\/olu-limburg.de\/wp-content\/uploads\/2015\/02\/DSC03486_ergebnis-624x468.jpg 624w\" sizes=\"auto, (max-width: 800px) 100vw, 800px\" \/><\/a><p id=\"caption-attachment-1270\" class=\"wp-caption-text\">Raclette for Two bei Dinner for One<\/p><\/div>\n<div id=\"attachment_1271\" style=\"width: 810px\" class=\"wp-caption aligncenter\"><a href=\"https:\/\/olu-limburg.de\/wp-content\/uploads\/2015\/02\/DSC03487_ergebnis.jpg\"><img loading=\"lazy\" decoding=\"async\" aria-describedby=\"caption-attachment-1271\" class=\"wp-image-1271 size-full\" src=\"https:\/\/olu-limburg.de\/wp-content\/uploads\/2015\/02\/DSC03487_ergebnis.jpg\" alt=\"DSC03487_ergebnis\" width=\"800\" height=\"600\" srcset=\"https:\/\/olu-limburg.de\/wp-content\/uploads\/2015\/02\/DSC03487_ergebnis.jpg 800w, https:\/\/olu-limburg.de\/wp-content\/uploads\/2015\/02\/DSC03487_ergebnis-300x225.jpg 300w, https:\/\/olu-limburg.de\/wp-content\/uploads\/2015\/02\/DSC03487_ergebnis-624x468.jpg 624w\" sizes=\"auto, (max-width: 800px) 100vw, 800px\" \/><\/a><p id=\"caption-attachment-1271\" class=\"wp-caption-text\">unsere Angie war auch dabei<\/p><\/div>\n<p><a href=\"https:\/\/olu-limburg.de\/wp-content\/uploads\/2015\/02\/SAM_3459_ergebnis.jpg\"><img loading=\"lazy\" decoding=\"async\" class=\"size-full wp-image-1296 aligncenter\" src=\"https:\/\/olu-limburg.de\/wp-content\/uploads\/2015\/02\/SAM_3459_ergebnis.jpg\" alt=\"SAM_3459_ergebnis\" width=\"800\" height=\"600\" srcset=\"https:\/\/olu-limburg.de\/wp-content\/uploads\/2015\/02\/SAM_3459_ergebnis.jpg 800w, https:\/\/olu-limburg.de\/wp-content\/uploads\/2015\/02\/SAM_3459_ergebnis-300x225.jpg 300w, https:\/\/olu-limburg.de\/wp-content\/uploads\/2015\/02\/SAM_3459_ergebnis-624x468.jpg 624w\" sizes=\"auto, (max-width: 800px) 100vw, 800px\" \/><\/a><\/p>\n<p>&nbsp;<\/p>\n<p><strong>Donnerstag, 01.01.2015<\/strong><\/p>\n<p>Drau\u00dfen ist es so st\u00fcrmisch, dass an eine Weiterfahrt nicht zu denken ist. Bleiben wir halt noch einen Tag in Ditzum. Am Hafen gibt es eine kleine Kneipe, &#8222;Der fliegende Holl\u00e4nder&#8220;. Hier gibt es heute zu den Getr\u00e4nken als holl\u00e4ndische Spezialit\u00e4t &#8222;Oljeballen&#8220;.<\/p>\n<p>Tagesstrecke: 0 km<\/p>\n<p><a href=\"https:\/\/olu-limburg.de\/wp-content\/uploads\/2015\/02\/DSC03493_ergebnis.jpg\"><img loading=\"lazy\" decoding=\"async\" class=\"size-full wp-image-1272 aligncenter\" src=\"https:\/\/olu-limburg.de\/wp-content\/uploads\/2015\/02\/DSC03493_ergebnis.jpg\" alt=\"DSC03493_ergebnis\" width=\"800\" height=\"600\" srcset=\"https:\/\/olu-limburg.de\/wp-content\/uploads\/2015\/02\/DSC03493_ergebnis.jpg 800w, https:\/\/olu-limburg.de\/wp-content\/uploads\/2015\/02\/DSC03493_ergebnis-300x225.jpg 300w, https:\/\/olu-limburg.de\/wp-content\/uploads\/2015\/02\/DSC03493_ergebnis-624x468.jpg 624w\" sizes=\"auto, (max-width: 800px) 100vw, 800px\" \/><\/a><\/p>\n<p><a href=\"https:\/\/olu-limburg.de\/wp-content\/uploads\/2015\/02\/SAM_5608_ergebnis-e1423762966528.jpg\"><img loading=\"lazy\" decoding=\"async\" class=\"size-full wp-image-1300 alignleft\" src=\"https:\/\/olu-limburg.de\/wp-content\/uploads\/2015\/02\/SAM_5608_ergebnis-e1423762966528.jpg\" alt=\"SAM_5608_ergebnis\" width=\"450\" height=\"600\" \/><\/a><\/p>\n<p><a href=\"https:\/\/olu-limburg.de\/wp-content\/uploads\/2015\/02\/DSC03500_ergebnis-e1423758320469.jpg\"><img loading=\"lazy\" decoding=\"async\" class=\"size-full wp-image-1275 alignright\" src=\"https:\/\/olu-limburg.de\/wp-content\/uploads\/2015\/02\/DSC03500_ergebnis-e1423758320469.jpg\" alt=\"DSC03500_ergebnis\" width=\"450\" height=\"600\" \/><\/a><\/p>\n<p><a href=\"https:\/\/olu-limburg.de\/wp-content\/uploads\/2015\/02\/SAM_5650_ergebnis.jpg\"><img loading=\"lazy\" decoding=\"async\" class=\"size-full wp-image-1309 aligncenter\" src=\"https:\/\/olu-limburg.de\/wp-content\/uploads\/2015\/02\/SAM_5650_ergebnis.jpg\" alt=\"SAM_5650_ergebnis\" width=\"800\" height=\"600\" srcset=\"https:\/\/olu-limburg.de\/wp-content\/uploads\/2015\/02\/SAM_5650_ergebnis.jpg 800w, https:\/\/olu-limburg.de\/wp-content\/uploads\/2015\/02\/SAM_5650_ergebnis-300x225.jpg 300w, https:\/\/olu-limburg.de\/wp-content\/uploads\/2015\/02\/SAM_5650_ergebnis-624x468.jpg 624w\" sizes=\"auto, (max-width: 800px) 100vw, 800px\" \/><\/a><\/p>\n<div id=\"attachment_1274\" style=\"width: 460px\" class=\"wp-caption aligncenter\"><a href=\"https:\/\/olu-limburg.de\/wp-content\/uploads\/2015\/02\/DSC03498_ergebnis-e1423758344732.jpg\"><img loading=\"lazy\" decoding=\"async\" aria-describedby=\"caption-attachment-1274\" class=\"wp-image-1274 size-full\" src=\"https:\/\/olu-limburg.de\/wp-content\/uploads\/2015\/02\/DSC03498_ergebnis-e1423758344732.jpg\" alt=\"DSC03498_ergebnis\" width=\"450\" height=\"600\" \/><\/a><p id=\"caption-attachment-1274\" class=\"wp-caption-text\">Sanddorn-Grog mit Oljeballen<\/p><\/div>\n<p><a href=\"https:\/\/olu-limburg.de\/wp-content\/uploads\/2015\/02\/DSC03507_ergebnis.jpg\"><img loading=\"lazy\" decoding=\"async\" class=\"size-full wp-image-1277 aligncenter\" src=\"https:\/\/olu-limburg.de\/wp-content\/uploads\/2015\/02\/DSC03507_ergebnis.jpg\" alt=\"DSC03507_ergebnis\" width=\"800\" height=\"600\" srcset=\"https:\/\/olu-limburg.de\/wp-content\/uploads\/2015\/02\/DSC03507_ergebnis.jpg 800w, https:\/\/olu-limburg.de\/wp-content\/uploads\/2015\/02\/DSC03507_ergebnis-300x225.jpg 300w, https:\/\/olu-limburg.de\/wp-content\/uploads\/2015\/02\/DSC03507_ergebnis-624x468.jpg 624w\" sizes=\"auto, (max-width: 800px) 100vw, 800px\" \/><\/a><\/p>\n<p>&nbsp;<\/p>\n<p><strong>Freitag, 02.01.2015<\/strong><\/p>\n<p>Der Wind hat nachgelassen, sodass wir uns in Richtung Leer aufmachen. Die paar Pl\u00e4tze des Wohnmobil-Stellplatzes sind belegt, deshalb stellen wir uns nebenan auf den Parkplatz &#8222;Gro\u00dfe Bleiche&#8220;.<\/p>\n<p><a href=\"https:\/\/olu-limburg.de\/wp-content\/uploads\/2015\/02\/DSC03512_ergebnis.jpg\"><img loading=\"lazy\" decoding=\"async\" class=\"size-full wp-image-1278 aligncenter\" src=\"https:\/\/olu-limburg.de\/wp-content\/uploads\/2015\/02\/DSC03512_ergebnis.jpg\" alt=\"DSC03512_ergebnis\" width=\"800\" height=\"600\" srcset=\"https:\/\/olu-limburg.de\/wp-content\/uploads\/2015\/02\/DSC03512_ergebnis.jpg 800w, https:\/\/olu-limburg.de\/wp-content\/uploads\/2015\/02\/DSC03512_ergebnis-300x225.jpg 300w, https:\/\/olu-limburg.de\/wp-content\/uploads\/2015\/02\/DSC03512_ergebnis-624x468.jpg 624w\" sizes=\"auto, (max-width: 800px) 100vw, 800px\" \/><\/a><\/p>\n<p>Der Rundgang durch die Altstadt, an die Ufer der Leda und in die Fu\u00dfg\u00e4ngerzone f\u00fchrt uns unweigerlich wieder zur Hotelbar &#8222;Tiffany&#8220;. Es ist Mittagszeit und der &#8222;Gr\u00fcnkohl mit Pinkel&#8220; lockt. Doch wird unser Magen auf eine schwere Probe gestellt, denn in dem Lokal muss die eine Bedienung sich vorne um die G\u00e4ste k\u00fcmmern und in der K\u00fcche die Speisen zubereiten. Da es leider nur wenig Alternativen gibt, bleiben wir sitzen, warten zwei Stunden auf das Essen und bedauern die Bedienung. Aber, geschmeckt hat es!<\/p>\n<div id=\"attachment_1279\" style=\"width: 810px\" class=\"wp-caption aligncenter\"><a href=\"https:\/\/olu-limburg.de\/wp-content\/uploads\/2015\/02\/DSC03514_ergebnis.jpg\"><img loading=\"lazy\" decoding=\"async\" aria-describedby=\"caption-attachment-1279\" class=\"wp-image-1279 size-full\" src=\"https:\/\/olu-limburg.de\/wp-content\/uploads\/2015\/02\/DSC03514_ergebnis.jpg\" alt=\"DSC03514_ergebnis\" width=\"800\" height=\"600\" srcset=\"https:\/\/olu-limburg.de\/wp-content\/uploads\/2015\/02\/DSC03514_ergebnis.jpg 800w, https:\/\/olu-limburg.de\/wp-content\/uploads\/2015\/02\/DSC03514_ergebnis-300x225.jpg 300w, https:\/\/olu-limburg.de\/wp-content\/uploads\/2015\/02\/DSC03514_ergebnis-624x468.jpg 624w\" sizes=\"auto, (max-width: 800px) 100vw, 800px\" \/><\/a><p id=\"caption-attachment-1279\" class=\"wp-caption-text\">Gr\u00fcnkohl mit Pinkel<\/p><\/div>\n<p>Bei der Ausfahrt aus Leer bl\u00e4st der Wind aber wieder derma\u00dfen, dass wir uns gar nicht viel absprechen m\u00fcssen und das Wohnmobil wird in Richtung Ditzum gelenkt. Der kleine Ort mit dem sch\u00f6nen Stellplatz hat uns wieder und der freundliche Kassierer, der allabendlich bei jedem Wind und Wetter vorbei kommt, freut sich auch.<\/p>\n<p>Tagesstrecke: 41 km<\/p>\n<p>&nbsp;<\/p>\n<p><strong>Samstag, 03.01.2015 bis Sonntag, 04.01.2015<\/strong><\/p>\n<p>Jetzt machen wir es uns eben hier in Ditzum gem\u00fctlich und nutzen jede Gelegenheit f\u00fcr kleinere und gr\u00f6\u00dfere Spazierg\u00e4nge. Wobei es der Spaziergang am Samstag \u00fcber Oldendorp, Ditzumerhammrich (Einkehr in einem von Holl\u00e4ndern gef\u00fchrten Caf\u00e9 bei Tee und Krokketjes Special), zur Plattform, und am Deich entlang \u00fcber Pogum wieder nach Ditzum mit seinen 13 km ganz sch\u00f6n in sich hatte.<\/p>\n<div id=\"attachment_1280\" style=\"width: 810px\" class=\"wp-caption aligncenter\"><a href=\"https:\/\/olu-limburg.de\/wp-content\/uploads\/2015\/02\/DSC03517_ergebnis.jpg\"><img loading=\"lazy\" decoding=\"async\" aria-describedby=\"caption-attachment-1280\" class=\"wp-image-1280 size-full\" src=\"https:\/\/olu-limburg.de\/wp-content\/uploads\/2015\/02\/DSC03517_ergebnis.jpg\" alt=\"DSC03517_ergebnis\" width=\"800\" height=\"600\" srcset=\"https:\/\/olu-limburg.de\/wp-content\/uploads\/2015\/02\/DSC03517_ergebnis.jpg 800w, https:\/\/olu-limburg.de\/wp-content\/uploads\/2015\/02\/DSC03517_ergebnis-300x225.jpg 300w, https:\/\/olu-limburg.de\/wp-content\/uploads\/2015\/02\/DSC03517_ergebnis-624x468.jpg 624w\" sizes=\"auto, (max-width: 800px) 100vw, 800px\" \/><\/a><p id=\"caption-attachment-1280\" class=\"wp-caption-text\">Kirche in Oldendorp<\/p><\/div>\n<p><a href=\"https:\/\/olu-limburg.de\/wp-content\/uploads\/2015\/02\/DSC03519_ergebnis.jpg\"><img loading=\"lazy\" decoding=\"async\" class=\"size-full wp-image-1281 aligncenter\" src=\"https:\/\/olu-limburg.de\/wp-content\/uploads\/2015\/02\/DSC03519_ergebnis.jpg\" alt=\"DSC03519_ergebnis\" width=\"800\" height=\"600\" srcset=\"https:\/\/olu-limburg.de\/wp-content\/uploads\/2015\/02\/DSC03519_ergebnis.jpg 800w, https:\/\/olu-limburg.de\/wp-content\/uploads\/2015\/02\/DSC03519_ergebnis-300x225.jpg 300w, https:\/\/olu-limburg.de\/wp-content\/uploads\/2015\/02\/DSC03519_ergebnis-624x468.jpg 624w\" sizes=\"auto, (max-width: 800px) 100vw, 800px\" \/><\/a><\/p>\n<p><a href=\"https:\/\/olu-limburg.de\/wp-content\/uploads\/2015\/02\/DSC03523_ergebnis.jpg\"><img loading=\"lazy\" decoding=\"async\" class=\"size-full wp-image-1283 aligncenter\" src=\"https:\/\/olu-limburg.de\/wp-content\/uploads\/2015\/02\/DSC03523_ergebnis.jpg\" alt=\"DSC03523_ergebnis\" width=\"800\" height=\"600\" srcset=\"https:\/\/olu-limburg.de\/wp-content\/uploads\/2015\/02\/DSC03523_ergebnis.jpg 800w, https:\/\/olu-limburg.de\/wp-content\/uploads\/2015\/02\/DSC03523_ergebnis-300x225.jpg 300w, https:\/\/olu-limburg.de\/wp-content\/uploads\/2015\/02\/DSC03523_ergebnis-624x468.jpg 624w\" sizes=\"auto, (max-width: 800px) 100vw, 800px\" \/><\/a><\/p>\n<p><a href=\"https:\/\/olu-limburg.de\/wp-content\/uploads\/2015\/02\/DSC03520_ergebnis.jpg\"><img loading=\"lazy\" decoding=\"async\" class=\"size-full wp-image-1282 aligncenter\" src=\"https:\/\/olu-limburg.de\/wp-content\/uploads\/2015\/02\/DSC03520_ergebnis.jpg\" alt=\"DSC03520_ergebnis\" width=\"800\" height=\"600\" srcset=\"https:\/\/olu-limburg.de\/wp-content\/uploads\/2015\/02\/DSC03520_ergebnis.jpg 800w, https:\/\/olu-limburg.de\/wp-content\/uploads\/2015\/02\/DSC03520_ergebnis-300x225.jpg 300w, https:\/\/olu-limburg.de\/wp-content\/uploads\/2015\/02\/DSC03520_ergebnis-624x468.jpg 624w\" sizes=\"auto, (max-width: 800px) 100vw, 800px\" \/><\/a><\/p>\n<p><a href=\"https:\/\/olu-limburg.de\/wp-content\/uploads\/2015\/02\/DSC03527_ergebnis-e1423758536380.jpg\"><img loading=\"lazy\" decoding=\"async\" class=\"size-full wp-image-1284 aligncenter\" src=\"https:\/\/olu-limburg.de\/wp-content\/uploads\/2015\/02\/DSC03527_ergebnis-e1423758536380.jpg\" alt=\"DSC03527_ergebnis\" width=\"450\" height=\"600\" \/><\/a><\/p>\n<p>Danach schmeckte die Fischplatte in der Schifferb\u00f6rse gerade nochmal so gut.<\/p>\n<p><a href=\"https:\/\/olu-limburg.de\/wp-content\/uploads\/2015\/02\/DSC03528_ergebnis.jpg\"><img loading=\"lazy\" decoding=\"async\" class=\"size-full wp-image-1285 aligncenter\" src=\"https:\/\/olu-limburg.de\/wp-content\/uploads\/2015\/02\/DSC03528_ergebnis.jpg\" alt=\"DSC03528_ergebnis\" width=\"800\" height=\"600\" srcset=\"https:\/\/olu-limburg.de\/wp-content\/uploads\/2015\/02\/DSC03528_ergebnis.jpg 800w, https:\/\/olu-limburg.de\/wp-content\/uploads\/2015\/02\/DSC03528_ergebnis-300x225.jpg 300w, https:\/\/olu-limburg.de\/wp-content\/uploads\/2015\/02\/DSC03528_ergebnis-624x468.jpg 624w\" sizes=\"auto, (max-width: 800px) 100vw, 800px\" \/><\/a><\/p>\n<p>Den Sonntag haben wir mit faulenzen und spazieren verbracht. Zu der Musikveranstaltung im &#8222;Fliegenden Holl\u00e4nder&#8220; sind wir zwar fr\u00fchzeitig hingegangen, da das Platzangebot nur recht gering ausf\u00e4llt, doch waren wir leider zu sp\u00e4t. An der T\u00fcr hing schon das Schild &#8222;Wegen \u00dcberf\u00fcllung geschlossen&#8220;. Schade!<\/p>\n<p>Tagesstrecken: nichts<\/p>\n<p><a href=\"https:\/\/olu-limburg.de\/wp-content\/uploads\/2015\/02\/DSC03530_ergebnis.jpg\"><img loading=\"lazy\" decoding=\"async\" class=\"size-full wp-image-1286 aligncenter\" src=\"https:\/\/olu-limburg.de\/wp-content\/uploads\/2015\/02\/DSC03530_ergebnis.jpg\" alt=\"DSC03530_ergebnis\" width=\"800\" height=\"600\" srcset=\"https:\/\/olu-limburg.de\/wp-content\/uploads\/2015\/02\/DSC03530_ergebnis.jpg 800w, https:\/\/olu-limburg.de\/wp-content\/uploads\/2015\/02\/DSC03530_ergebnis-300x225.jpg 300w, https:\/\/olu-limburg.de\/wp-content\/uploads\/2015\/02\/DSC03530_ergebnis-624x468.jpg 624w\" sizes=\"auto, (max-width: 800px) 100vw, 800px\" \/><\/a><\/p>\n<p><a href=\"https:\/\/olu-limburg.de\/wp-content\/uploads\/2015\/02\/DSC03531_ergebnis.jpg\"><img loading=\"lazy\" decoding=\"async\" class=\"size-full wp-image-1287 aligncenter\" src=\"https:\/\/olu-limburg.de\/wp-content\/uploads\/2015\/02\/DSC03531_ergebnis.jpg\" alt=\"DSC03531_ergebnis\" width=\"800\" height=\"600\" srcset=\"https:\/\/olu-limburg.de\/wp-content\/uploads\/2015\/02\/DSC03531_ergebnis.jpg 800w, https:\/\/olu-limburg.de\/wp-content\/uploads\/2015\/02\/DSC03531_ergebnis-300x225.jpg 300w, https:\/\/olu-limburg.de\/wp-content\/uploads\/2015\/02\/DSC03531_ergebnis-624x468.jpg 624w\" sizes=\"auto, (max-width: 800px) 100vw, 800px\" \/><\/a><\/p>\n<div id=\"attachment_1288\" style=\"width: 810px\" class=\"wp-caption aligncenter\"><a href=\"https:\/\/olu-limburg.de\/wp-content\/uploads\/2015\/02\/DSC03532_ergebnis.jpg\"><img loading=\"lazy\" decoding=\"async\" aria-describedby=\"caption-attachment-1288\" class=\"wp-image-1288 size-full\" src=\"https:\/\/olu-limburg.de\/wp-content\/uploads\/2015\/02\/DSC03532_ergebnis.jpg\" alt=\"DSC03532_ergebnis\" width=\"800\" height=\"600\" srcset=\"https:\/\/olu-limburg.de\/wp-content\/uploads\/2015\/02\/DSC03532_ergebnis.jpg 800w, https:\/\/olu-limburg.de\/wp-content\/uploads\/2015\/02\/DSC03532_ergebnis-300x225.jpg 300w, https:\/\/olu-limburg.de\/wp-content\/uploads\/2015\/02\/DSC03532_ergebnis-624x468.jpg 624w\" sizes=\"auto, (max-width: 800px) 100vw, 800px\" \/><\/a><p id=\"caption-attachment-1288\" class=\"wp-caption-text\">Ditzumer Hafen<\/p><\/div>\n<p><a href=\"https:\/\/olu-limburg.de\/wp-content\/uploads\/2015\/02\/DSC03534_ergebnis.jpg\"><img loading=\"lazy\" decoding=\"async\" class=\"size-full wp-image-1289 aligncenter\" src=\"https:\/\/olu-limburg.de\/wp-content\/uploads\/2015\/02\/DSC03534_ergebnis.jpg\" alt=\"DSC03534_ergebnis\" width=\"800\" height=\"600\" srcset=\"https:\/\/olu-limburg.de\/wp-content\/uploads\/2015\/02\/DSC03534_ergebnis.jpg 800w, https:\/\/olu-limburg.de\/wp-content\/uploads\/2015\/02\/DSC03534_ergebnis-300x225.jpg 300w, https:\/\/olu-limburg.de\/wp-content\/uploads\/2015\/02\/DSC03534_ergebnis-624x468.jpg 624w\" sizes=\"auto, (max-width: 800px) 100vw, 800px\" \/><\/a><\/p>\n<div id=\"attachment_1290\" style=\"width: 810px\" class=\"wp-caption aligncenter\"><a href=\"https:\/\/olu-limburg.de\/wp-content\/uploads\/2015\/02\/DSC03535_ergebnis.jpg\"><img loading=\"lazy\" decoding=\"async\" aria-describedby=\"caption-attachment-1290\" class=\"wp-image-1290 size-full\" src=\"https:\/\/olu-limburg.de\/wp-content\/uploads\/2015\/02\/DSC03535_ergebnis.jpg\" alt=\"DSC03535_ergebnis\" width=\"800\" height=\"600\" srcset=\"https:\/\/olu-limburg.de\/wp-content\/uploads\/2015\/02\/DSC03535_ergebnis.jpg 800w, https:\/\/olu-limburg.de\/wp-content\/uploads\/2015\/02\/DSC03535_ergebnis-300x225.jpg 300w, https:\/\/olu-limburg.de\/wp-content\/uploads\/2015\/02\/DSC03535_ergebnis-624x468.jpg 624w\" sizes=\"auto, (max-width: 800px) 100vw, 800px\" \/><\/a><p id=\"caption-attachment-1290\" class=\"wp-caption-text\">Warteh\u00e4uschen am Au\u00dfenanleger<\/p><\/div>\n<p><a href=\"https:\/\/olu-limburg.de\/wp-content\/uploads\/2015\/02\/DSC03539_ergebnis.jpg\"><img loading=\"lazy\" decoding=\"async\" class=\"size-full wp-image-1291 aligncenter\" src=\"https:\/\/olu-limburg.de\/wp-content\/uploads\/2015\/02\/DSC03539_ergebnis.jpg\" alt=\"DSC03539_ergebnis\" width=\"800\" height=\"600\" srcset=\"https:\/\/olu-limburg.de\/wp-content\/uploads\/2015\/02\/DSC03539_ergebnis.jpg 800w, https:\/\/olu-limburg.de\/wp-content\/uploads\/2015\/02\/DSC03539_ergebnis-300x225.jpg 300w, https:\/\/olu-limburg.de\/wp-content\/uploads\/2015\/02\/DSC03539_ergebnis-624x468.jpg 624w\" sizes=\"auto, (max-width: 800px) 100vw, 800px\" \/><\/a><\/p>\n<div id=\"attachment_1294\" style=\"width: 460px\" class=\"wp-caption aligncenter\"><a href=\"https:\/\/olu-limburg.de\/wp-content\/uploads\/2015\/02\/DSC03549_ergebnis-e1423758692910.jpg\"><img loading=\"lazy\" decoding=\"async\" aria-describedby=\"caption-attachment-1294\" class=\"wp-image-1294 size-full\" src=\"https:\/\/olu-limburg.de\/wp-content\/uploads\/2015\/02\/DSC03549_ergebnis-e1423758692910.jpg\" alt=\"DSC03549_ergebnis\" width=\"450\" height=\"600\" \/><\/a><p id=\"caption-attachment-1294\" class=\"wp-caption-text\">Pogumer Kirche<\/p><\/div>\n<p><a href=\"https:\/\/olu-limburg.de\/wp-content\/uploads\/2015\/02\/SAM_5681_ergebnis.jpg\"><img loading=\"lazy\" decoding=\"async\" class=\"size-full wp-image-1318 aligncenter\" src=\"https:\/\/olu-limburg.de\/wp-content\/uploads\/2015\/02\/SAM_5681_ergebnis.jpg\" alt=\"SAM_5681_ergebnis\" width=\"800\" height=\"600\" srcset=\"https:\/\/olu-limburg.de\/wp-content\/uploads\/2015\/02\/SAM_5681_ergebnis.jpg 800w, https:\/\/olu-limburg.de\/wp-content\/uploads\/2015\/02\/SAM_5681_ergebnis-300x225.jpg 300w, https:\/\/olu-limburg.de\/wp-content\/uploads\/2015\/02\/SAM_5681_ergebnis-624x468.jpg 624w\" sizes=\"auto, (max-width: 800px) 100vw, 800px\" \/><\/a><\/p>\n<p><a href=\"https:\/\/olu-limburg.de\/wp-content\/uploads\/2015\/02\/SAM_5675_ergebnis.jpg\"><img loading=\"lazy\" decoding=\"async\" class=\"size-full wp-image-1315 aligncenter\" src=\"https:\/\/olu-limburg.de\/wp-content\/uploads\/2015\/02\/SAM_5675_ergebnis.jpg\" alt=\"SAM_5675_ergebnis\" width=\"800\" height=\"600\" srcset=\"https:\/\/olu-limburg.de\/wp-content\/uploads\/2015\/02\/SAM_5675_ergebnis.jpg 800w, https:\/\/olu-limburg.de\/wp-content\/uploads\/2015\/02\/SAM_5675_ergebnis-300x225.jpg 300w, https:\/\/olu-limburg.de\/wp-content\/uploads\/2015\/02\/SAM_5675_ergebnis-624x468.jpg 624w\" sizes=\"auto, (max-width: 800px) 100vw, 800px\" \/><\/a><\/p>\n<p><a href=\"https:\/\/olu-limburg.de\/wp-content\/uploads\/2015\/02\/SAM_5673_ergebnis.jpg\"><img loading=\"lazy\" decoding=\"async\" class=\"size-full wp-image-1314 aligncenter\" src=\"https:\/\/olu-limburg.de\/wp-content\/uploads\/2015\/02\/SAM_5673_ergebnis.jpg\" alt=\"SAM_5673_ergebnis\" width=\"800\" height=\"600\" srcset=\"https:\/\/olu-limburg.de\/wp-content\/uploads\/2015\/02\/SAM_5673_ergebnis.jpg 800w, https:\/\/olu-limburg.de\/wp-content\/uploads\/2015\/02\/SAM_5673_ergebnis-300x225.jpg 300w, https:\/\/olu-limburg.de\/wp-content\/uploads\/2015\/02\/SAM_5673_ergebnis-624x468.jpg 624w\" sizes=\"auto, (max-width: 800px) 100vw, 800px\" \/><\/a><\/p>\n<div id=\"attachment_1295\" style=\"width: 460px\" class=\"wp-caption aligncenter\"><a href=\"https:\/\/olu-limburg.de\/wp-content\/uploads\/2015\/02\/DSC03550_ergebnis-e1423758740546.jpg\"><img loading=\"lazy\" decoding=\"async\" aria-describedby=\"caption-attachment-1295\" class=\"wp-image-1295 size-full\" src=\"https:\/\/olu-limburg.de\/wp-content\/uploads\/2015\/02\/DSC03550_ergebnis-e1423758740546.jpg\" alt=\"DSC03550_ergebnis\" width=\"450\" height=\"600\" \/><\/a><p id=\"caption-attachment-1295\" class=\"wp-caption-text\">Ditzumer Windm\u00fchle<\/p><\/div>\n<p><a href=\"https:\/\/olu-limburg.de\/wp-content\/uploads\/2015\/02\/SAM_5699_ergebnis.jpg\"><img loading=\"lazy\" decoding=\"async\" class=\"size-full wp-image-1321 aligncenter\" src=\"https:\/\/olu-limburg.de\/wp-content\/uploads\/2015\/02\/SAM_5699_ergebnis.jpg\" alt=\"SAM_5699_ergebnis\" width=\"800\" height=\"600\" srcset=\"https:\/\/olu-limburg.de\/wp-content\/uploads\/2015\/02\/SAM_5699_ergebnis.jpg 800w, https:\/\/olu-limburg.de\/wp-content\/uploads\/2015\/02\/SAM_5699_ergebnis-300x225.jpg 300w, https:\/\/olu-limburg.de\/wp-content\/uploads\/2015\/02\/SAM_5699_ergebnis-624x468.jpg 624w\" sizes=\"auto, (max-width: 800px) 100vw, 800px\" \/><\/a><\/p>\n<p>&nbsp;<\/p>\n<p><strong>Montag, 05.01.2015<\/strong><\/p>\n<p>Die Heimat ruft.<\/p>\n<p>Tagesstrecke: 416 km<\/p>\n<p>&nbsp;<\/p>\n<p style=\"text-align: center;\"><a href=\"https:\/\/olu-limburg.de\/?page_id=1235\">Zur\u00fcck zum Seitenanfang<\/a><\/p>\n<p>&nbsp;<\/p>\n<p>&nbsp;<\/p>\n<p>&nbsp;<\/p>\n<p>&nbsp;<\/p>\n<p>&nbsp;<\/p>\n<p>&nbsp;<\/p>\n<p>&nbsp;<\/p>\n<p>&nbsp;<\/p>\n<p>&nbsp;<\/p>\n<p>&nbsp;<\/p>\n","protected":false},"excerpt":{"rendered":"<p>Nach einigen Jahreswechsel im erweiterten Emsland, haben wir uns diesmal\u00a0 die Insel Sylt vorgenommen. Aufgrund der Wetterkapriolen, Schnee, Glatteis und Sturm, fahren wir aber doch wieder mit etwas Versp\u00e4tung nach Ditzum ins Dollart-Gebiet. In der Zeit vom 30.01.2014 bis zum 05.01.2015 haben wir 872 km zur\u00fcck gelegt. Bei der Abfahrt haben wir noch nicht geahnt, [&hellip;]<\/p>\n","protected":false},"author":1,"featured_media":0,"parent":0,"menu_order":0,"comment_status":"closed","ping_status":"closed","template":"page-templates\/full-width.php","meta":{"footnotes":""},"class_list":["post-1235","page","type-page","status-publish","hentry"],"_links":{"self":[{"href":"https:\/\/olu-limburg.de\/index.php?rest_route=\/wp\/v2\/pages\/1235","targetHints":{"allow":["GET"]}}],"collection":[{"href":"https:\/\/olu-limburg.de\/index.php?rest_route=\/wp\/v2\/pages"}],"about":[{"href":"https:\/\/olu-limburg.de\/index.php?rest_route=\/wp\/v2\/types\/page"}],"author":[{"embeddable":true,"href":"https:\/\/olu-limburg.de\/index.php?rest_route=\/wp\/v2\/users\/1"}],"replies":[{"embeddable":true,"href":"https:\/\/olu-limburg.de\/index.php?rest_route=%2Fwp%2Fv2%2Fcomments&post=1235"}],"version-history":[{"count":24,"href":"https:\/\/olu-limburg.de\/index.php?rest_route=\/wp\/v2\/pages\/1235\/revisions"}],"predecessor-version":[{"id":1327,"href":"https:\/\/olu-limburg.de\/index.php?rest_route=\/wp\/v2\/pages\/1235\/revisions\/1327"}],"wp:attachment":[{"href":"https:\/\/olu-limburg.de\/index.php?rest_route=%2Fwp%2Fv2%2Fmedia&parent=1235"}],"curies":[{"name":"wp","href":"https:\/\/api.w.org\/{rel}","templated":true}]}}