{"id":12307,"date":"2017-09-24T09:35:41","date_gmt":"2017-09-24T07:35:41","guid":{"rendered":"https:\/\/olu-limburg.de\/?page_id=12307"},"modified":"2017-11-04T14:44:36","modified_gmt":"2017-11-04T13:44:36","slug":"bretagne-und-ein-wenig-mehr-spaetsommer-2017","status":"publish","type":"page","link":"https:\/\/olu-limburg.de\/?page_id=12307","title":{"rendered":"Bretagne und ein wenig mehr &#8211; Sp\u00e4tsommer 2017"},"content":{"rendered":"<p>Text: Hans-Werner\u00a0\u00a0\u00a0\u00a0\u00a0\u00a0\u00a0\u00a0\u00a0\u00a0\u00a0\u00a0\u00a0\u00a0\u00a0\u00a0\u00a0\u00a0\u00a0\u00a0\u00a0\u00a0\u00a0\u00a0\u00a0\u00a0\u00a0\u00a0\u00a0\u00a0\u00a0\u00a0\u00a0\u00a0\u00a0\u00a0\u00a0\u00a0\u00a0\u00a0\u00a0\u00a0\u00a0\u00a0\u00a0\u00a0\u00a0\u00a0\u00a0\u00a0\u00a0\u00a0\u00a0\u00a0\u00a0\u00a0\u00a0\u00a0\u00a0\u00a0\u00a0\u00a0\u00a0\u00a0\u00a0\u00a0\u00a0\u00a0\u00a0\u00a0\u00a0\u00a0\u00a0\u00a0\u00a0\u00a0\u00a0\u00a0\u00a0\u00a0\u00a0\u00a0\u00a0\u00a0\u00a0\u00a0\u00a0\u00a0\u00a0\u00a0\u00a0\u00a0\u00a0\u00a0\u00a0\u00a0\u00a0\u00a0\u00a0\u00a0\u00a0\u00a0\u00a0\u00a0\u00a0\u00a0\u00a0\u00a0\u00a0\u00a0\u00a0\u00a0\u00a0\u00a0\u00a0\u00a0 Fotos: Hans-Werner und Lena<\/p>\n<p>&nbsp;<\/p>\n<p>Wir haben ein ungerades Jahr und schon lange stand f\u00fcr uns fest: Im August fahren wir in die Bretagne nach Paimpol zum Festival &#8222;Chant de Marin&#8220;, und anschlie\u00dfend streifen wir gem\u00fctlich durch die Region!<\/p>\n<p><a href=\"https:\/\/olu-limburg.de\/wp-content\/uploads\/2017\/09\/DSC08402_ergebnis.jpg\"><img loading=\"lazy\" decoding=\"async\" class=\"size-full wp-image-12318 aligncenter\" src=\"https:\/\/olu-limburg.de\/wp-content\/uploads\/2017\/09\/DSC08402_ergebnis.jpg\" alt=\"\" width=\"800\" height=\"600\" srcset=\"https:\/\/olu-limburg.de\/wp-content\/uploads\/2017\/09\/DSC08402_ergebnis.jpg 800w, https:\/\/olu-limburg.de\/wp-content\/uploads\/2017\/09\/DSC08402_ergebnis-300x225.jpg 300w, https:\/\/olu-limburg.de\/wp-content\/uploads\/2017\/09\/DSC08402_ergebnis-768x576.jpg 768w, https:\/\/olu-limburg.de\/wp-content\/uploads\/2017\/09\/DSC08402_ergebnis-624x468.jpg 624w\" sizes=\"auto, (max-width: 800px) 100vw, 800px\" \/><\/a><\/p>\n<p>So geschah es auch. Wir waren vom 06. August bis zum 15. September 2017 auf Tour, und haben dabei eine kleine Runde durch die Bretagne (mit den Schwerpunkten: Nordk\u00fcste von Paimpol bis Tregastel, S\u00fcdk\u00fcste von Pont Aven bis St. Nazaire einschlie\u00dflich der Bri\u00e8re) gedreht, waren auf der Ile de Noirmoutier und sind ein kleines St\u00fcck an der Loire entlang gefahren. Dabei haben wir insgesamt 3.130 km zur\u00fcck gelegt. \u00dcbernachtet haben wir auf offiziellen Wohnmobil-Stellpl\u00e4tzen und an sch\u00f6nen Stellen, wo dies m\u00f6glich war.<\/p>\n<p>F\u00fcr uns Viel-Frankreich-Urlauber war die Tatsache wieder einmal erstaunlich, dass wir so viel\u00a0 Neues und Unbekanntes gesehen haben. Au\u00dferdem sind wir durch Orte und Gegenden gekommen, die wir uns das n\u00e4chste Mal unbedingt genauer anschauen wollen. Der Fundus geht also nie aus.<\/p>\n<p>Um noch einmal den ewigen Streitpunkt abzuhandeln: Wenn wir eine mautpflichtige Autobahn benutzt haben, wurden wir vom Automaten, wie auch von der Kassiererin im H\u00e4uschen in Klasse 2 eingestuft. Als uns ein Automat einmal in Klasse 3 einstufen wollte, wurde dies nach einem kleinen Hinweis mit der Sprechtaste sofort bereinigt.<\/p>\n<p>So ganz nebenbei hat unser treues Wohnmobil auf dieser Tour die 200.000 km \u00fcberschritten.<\/p>\n<p>&nbsp;<\/p>\n<p>&nbsp;<\/p>\n<p><strong>Sonntag, 06. August 2017<\/strong><\/p>\n<p>Nachdem wir gestern noch eine Hochzeit in der Verwandtschaft gefeiert haben, kommen wir mittags von Limburg los. Wir fahren auf der A3 bis K\u00f6ln und dann \u00fcber die A4 an Aachen vorbei und \u00fcber die belgische Grenze. Unser \u00dcbernachtungsziel, der kleine Ort Thieu, liegt nicht weit ab von der A15. Das besondere ist aber der kostenlose \u00dcbernachtungsplatz ohne V+E am Canal du Centre, unweit vom Schiffshebewerk Str\u00e9py-Thieu, einem der gr\u00f6\u00dften der Welt.<\/p>\n<div id=\"attachment_12321\" style=\"width: 810px\" class=\"wp-caption aligncenter\"><a href=\"https:\/\/olu-limburg.de\/wp-content\/uploads\/2017\/09\/DSC08042_ergebnis.jpg\"><img loading=\"lazy\" decoding=\"async\" aria-describedby=\"caption-attachment-12321\" class=\"wp-image-12321 size-full\" src=\"https:\/\/olu-limburg.de\/wp-content\/uploads\/2017\/09\/DSC08042_ergebnis.jpg\" alt=\"\" width=\"800\" height=\"600\" srcset=\"https:\/\/olu-limburg.de\/wp-content\/uploads\/2017\/09\/DSC08042_ergebnis.jpg 800w, https:\/\/olu-limburg.de\/wp-content\/uploads\/2017\/09\/DSC08042_ergebnis-300x225.jpg 300w, https:\/\/olu-limburg.de\/wp-content\/uploads\/2017\/09\/DSC08042_ergebnis-768x576.jpg 768w, https:\/\/olu-limburg.de\/wp-content\/uploads\/2017\/09\/DSC08042_ergebnis-624x468.jpg 624w\" sizes=\"auto, (max-width: 800px) 100vw, 800px\" \/><\/a><p id=\"caption-attachment-12321\" class=\"wp-caption-text\">Das neue Schiffshebewerk ist seit 2002 in Betrieb.<\/p><\/div>\n<div id=\"attachment_12322\" style=\"width: 810px\" class=\"wp-caption aligncenter\"><a href=\"https:\/\/olu-limburg.de\/wp-content\/uploads\/2017\/09\/DSC08044_ergebnis.jpg\"><img loading=\"lazy\" decoding=\"async\" aria-describedby=\"caption-attachment-12322\" class=\"size-full wp-image-12322\" src=\"https:\/\/olu-limburg.de\/wp-content\/uploads\/2017\/09\/DSC08044_ergebnis.jpg\" alt=\"\" width=\"800\" height=\"600\" srcset=\"https:\/\/olu-limburg.de\/wp-content\/uploads\/2017\/09\/DSC08044_ergebnis.jpg 800w, https:\/\/olu-limburg.de\/wp-content\/uploads\/2017\/09\/DSC08044_ergebnis-300x225.jpg 300w, https:\/\/olu-limburg.de\/wp-content\/uploads\/2017\/09\/DSC08044_ergebnis-768x576.jpg 768w, https:\/\/olu-limburg.de\/wp-content\/uploads\/2017\/09\/DSC08044_ergebnis-624x468.jpg 624w\" sizes=\"auto, (max-width: 800px) 100vw, 800px\" \/><\/a><p id=\"caption-attachment-12322\" class=\"wp-caption-text\">der ehrw\u00fcrdige Vorg\u00e4nger<\/p><\/div>\n<p><a href=\"https:\/\/olu-limburg.de\/wp-content\/uploads\/2017\/09\/DSC08047_ergebnis.jpg\"><img loading=\"lazy\" decoding=\"async\" class=\"size-full wp-image-12323 aligncenter\" src=\"https:\/\/olu-limburg.de\/wp-content\/uploads\/2017\/09\/DSC08047_ergebnis.jpg\" alt=\"\" width=\"800\" height=\"600\" srcset=\"https:\/\/olu-limburg.de\/wp-content\/uploads\/2017\/09\/DSC08047_ergebnis.jpg 800w, https:\/\/olu-limburg.de\/wp-content\/uploads\/2017\/09\/DSC08047_ergebnis-300x225.jpg 300w, https:\/\/olu-limburg.de\/wp-content\/uploads\/2017\/09\/DSC08047_ergebnis-768x576.jpg 768w, https:\/\/olu-limburg.de\/wp-content\/uploads\/2017\/09\/DSC08047_ergebnis-624x468.jpg 624w\" sizes=\"auto, (max-width: 800px) 100vw, 800px\" \/><\/a><\/p>\n<p><a href=\"https:\/\/olu-limburg.de\/wp-content\/uploads\/2017\/09\/20170806_210413_ergebnis.jpg\"><img loading=\"lazy\" decoding=\"async\" class=\"size-full wp-image-12344 aligncenter\" src=\"https:\/\/olu-limburg.de\/wp-content\/uploads\/2017\/09\/20170806_210413_ergebnis.jpg\" alt=\"\" width=\"800\" height=\"600\" srcset=\"https:\/\/olu-limburg.de\/wp-content\/uploads\/2017\/09\/20170806_210413_ergebnis.jpg 800w, https:\/\/olu-limburg.de\/wp-content\/uploads\/2017\/09\/20170806_210413_ergebnis-300x225.jpg 300w, https:\/\/olu-limburg.de\/wp-content\/uploads\/2017\/09\/20170806_210413_ergebnis-768x576.jpg 768w, https:\/\/olu-limburg.de\/wp-content\/uploads\/2017\/09\/20170806_210413_ergebnis-624x468.jpg 624w\" sizes=\"auto, (max-width: 800px) 100vw, 800px\" \/><\/a><\/p>\n<p>Tagesstrecke: 369 km<\/p>\n<p>&nbsp;<\/p>\n<p><strong>Montag, 07. August 2017<\/strong><\/p>\n<p>Bei der heutigen Fahrt m\u00f6chte ich Mautstrecken vermeiden. Das wir etwas langsamer vorw\u00e4rts kommen liegt aber bereits an den zahlreichen Baustellen auf der belgischen Autobahn. In Frankreich fahren wir zielgerichtet immer nach Westen zum s\u00fcdlichen Zipfel der Baie de la Somme. Der zu Cayeux-sur-Mer geh\u00f6rende kostenlose Stellplatz ohne V+E kann n\u00e4mlich nur von Le Hourdel angefahren werden.<\/p>\n<p>Der Stellplatz ist schon voll belegt. Ein netter Franzose zeigt uns aber an, dass er in wenigen Minuten abf\u00e4hrt. Wir machen einen Spaziergang zum Strand und durch den kleinen Ort. Drau\u00dfen auf den Sandb\u00e4nken l\u00fcmmeln sich die Seehunde herum.<\/p>\n<div id=\"attachment_12325\" style=\"width: 810px\" class=\"wp-caption aligncenter\"><a href=\"https:\/\/olu-limburg.de\/wp-content\/uploads\/2017\/09\/DSC08053_ergebnis.jpg\"><img loading=\"lazy\" decoding=\"async\" aria-describedby=\"caption-attachment-12325\" class=\"size-full wp-image-12325\" src=\"https:\/\/olu-limburg.de\/wp-content\/uploads\/2017\/09\/DSC08053_ergebnis.jpg\" alt=\"\" width=\"800\" height=\"600\" srcset=\"https:\/\/olu-limburg.de\/wp-content\/uploads\/2017\/09\/DSC08053_ergebnis.jpg 800w, https:\/\/olu-limburg.de\/wp-content\/uploads\/2017\/09\/DSC08053_ergebnis-300x225.jpg 300w, https:\/\/olu-limburg.de\/wp-content\/uploads\/2017\/09\/DSC08053_ergebnis-768x576.jpg 768w, https:\/\/olu-limburg.de\/wp-content\/uploads\/2017\/09\/DSC08053_ergebnis-624x468.jpg 624w\" sizes=\"auto, (max-width: 800px) 100vw, 800px\" \/><\/a><p id=\"caption-attachment-12325\" class=\"wp-caption-text\">die fast unendlichen Weiten der Baie bei Ebbe<\/p><\/div>\n<p><a href=\"https:\/\/olu-limburg.de\/wp-content\/uploads\/2017\/09\/DSC08060_ergebnis.jpg\"><img loading=\"lazy\" decoding=\"async\" class=\"size-full wp-image-12326 aligncenter\" src=\"https:\/\/olu-limburg.de\/wp-content\/uploads\/2017\/09\/DSC08060_ergebnis.jpg\" alt=\"\" width=\"800\" height=\"600\" srcset=\"https:\/\/olu-limburg.de\/wp-content\/uploads\/2017\/09\/DSC08060_ergebnis.jpg 800w, https:\/\/olu-limburg.de\/wp-content\/uploads\/2017\/09\/DSC08060_ergebnis-300x225.jpg 300w, https:\/\/olu-limburg.de\/wp-content\/uploads\/2017\/09\/DSC08060_ergebnis-768x576.jpg 768w, https:\/\/olu-limburg.de\/wp-content\/uploads\/2017\/09\/DSC08060_ergebnis-624x468.jpg 624w\" sizes=\"auto, (max-width: 800px) 100vw, 800px\" \/><\/a><\/p>\n<div id=\"attachment_12327\" style=\"width: 810px\" class=\"wp-caption aligncenter\"><a href=\"https:\/\/olu-limburg.de\/wp-content\/uploads\/2017\/09\/DSC08061_ergebnis.jpg\"><img loading=\"lazy\" decoding=\"async\" aria-describedby=\"caption-attachment-12327\" class=\"size-full wp-image-12327\" src=\"https:\/\/olu-limburg.de\/wp-content\/uploads\/2017\/09\/DSC08061_ergebnis.jpg\" alt=\"\" width=\"800\" height=\"600\" srcset=\"https:\/\/olu-limburg.de\/wp-content\/uploads\/2017\/09\/DSC08061_ergebnis.jpg 800w, https:\/\/olu-limburg.de\/wp-content\/uploads\/2017\/09\/DSC08061_ergebnis-300x225.jpg 300w, https:\/\/olu-limburg.de\/wp-content\/uploads\/2017\/09\/DSC08061_ergebnis-768x576.jpg 768w, https:\/\/olu-limburg.de\/wp-content\/uploads\/2017\/09\/DSC08061_ergebnis-624x468.jpg 624w\" sizes=\"auto, (max-width: 800px) 100vw, 800px\" \/><\/a><p id=\"caption-attachment-12327\" class=\"wp-caption-text\">Meistens liegen die Schiffe einen Stock tiefer.<\/p><\/div>\n<p><a href=\"https:\/\/olu-limburg.de\/wp-content\/uploads\/2017\/09\/DSC08065_ergebnis.jpg\"><img loading=\"lazy\" decoding=\"async\" class=\"size-full wp-image-12328 aligncenter\" src=\"https:\/\/olu-limburg.de\/wp-content\/uploads\/2017\/09\/DSC08065_ergebnis.jpg\" alt=\"\" width=\"800\" height=\"600\" srcset=\"https:\/\/olu-limburg.de\/wp-content\/uploads\/2017\/09\/DSC08065_ergebnis.jpg 800w, https:\/\/olu-limburg.de\/wp-content\/uploads\/2017\/09\/DSC08065_ergebnis-300x225.jpg 300w, https:\/\/olu-limburg.de\/wp-content\/uploads\/2017\/09\/DSC08065_ergebnis-768x576.jpg 768w, https:\/\/olu-limburg.de\/wp-content\/uploads\/2017\/09\/DSC08065_ergebnis-624x468.jpg 624w\" sizes=\"auto, (max-width: 800px) 100vw, 800px\" \/><\/a><\/p>\n<p><a href=\"https:\/\/olu-limburg.de\/wp-content\/uploads\/2017\/09\/DSC08066_ergebnis.jpg\"><img loading=\"lazy\" decoding=\"async\" class=\"size-full wp-image-12329 aligncenter\" src=\"https:\/\/olu-limburg.de\/wp-content\/uploads\/2017\/09\/DSC08066_ergebnis.jpg\" alt=\"\" width=\"800\" height=\"600\" srcset=\"https:\/\/olu-limburg.de\/wp-content\/uploads\/2017\/09\/DSC08066_ergebnis.jpg 800w, https:\/\/olu-limburg.de\/wp-content\/uploads\/2017\/09\/DSC08066_ergebnis-300x225.jpg 300w, https:\/\/olu-limburg.de\/wp-content\/uploads\/2017\/09\/DSC08066_ergebnis-768x576.jpg 768w, https:\/\/olu-limburg.de\/wp-content\/uploads\/2017\/09\/DSC08066_ergebnis-624x468.jpg 624w\" sizes=\"auto, (max-width: 800px) 100vw, 800px\" \/><\/a><\/p>\n<p>Tagesstrecke: 263 km<\/p>\n<p>&nbsp;<\/p>\n<p><strong>Dienstag, 08. August 2017<\/strong><\/p>\n<p>Es ist k\u00e4lter geworden und es nieselt. Ein kleines St\u00fcck fahren wir noch an bzw. oberhalb der K\u00fcste entlang. S\u00fcdlich von Dieppe wechseln wir auf die Autobahn. Bei der Mautstation kurz vor der Abfahrt nach Le Havre bezahlen wir EUR 9,00 (Klasse 2). F\u00fcr die Pont de Normandie nach Honfleur bezahlen wir EUR 6,20. Zum Gl\u00fcck ist der Wind mal kurzzeitig eingeschlafen. Mir ist es bei solch hohen Br\u00fccken immer ein wenig mulmig.<\/p>\n<p>Der Stellplatz mit V+E und Strom (Geb\u00fchr EUR 11,00) in Honfleur ist trotz seines riesigen Angebotes von ca. 200 Stellpl\u00e4tzen ziemlich voll.<\/p>\n<p><a href=\"https:\/\/olu-limburg.de\/wp-content\/uploads\/2017\/09\/DSC08067_ergebnis.jpg\"><img loading=\"lazy\" decoding=\"async\" class=\"size-full wp-image-12331 aligncenter\" src=\"https:\/\/olu-limburg.de\/wp-content\/uploads\/2017\/09\/DSC08067_ergebnis.jpg\" alt=\"\" width=\"800\" height=\"600\" srcset=\"https:\/\/olu-limburg.de\/wp-content\/uploads\/2017\/09\/DSC08067_ergebnis.jpg 800w, https:\/\/olu-limburg.de\/wp-content\/uploads\/2017\/09\/DSC08067_ergebnis-300x225.jpg 300w, https:\/\/olu-limburg.de\/wp-content\/uploads\/2017\/09\/DSC08067_ergebnis-768x576.jpg 768w, https:\/\/olu-limburg.de\/wp-content\/uploads\/2017\/09\/DSC08067_ergebnis-624x468.jpg 624w\" sizes=\"auto, (max-width: 800px) 100vw, 800px\" \/><\/a><\/p>\n<p>Auch wenn wir schon so oft in Honfleur waren, zieht es uns immer wieder hier hin. Erstens ist es ein guter \u00dcbernachtungsplatz, und zweitens hat Honfleur in meinen Augen den malerischsten Binnen-Hafen.<\/p>\n<p>Wir machen uns einen kleinen Mittagsimbiss im Wohnmobil und heben uns den gro\u00dfen Hunger f\u00fcr heute Abend auf. Danach ist ein wenig Ruhe angesagt.<\/p>\n<p>Am fr\u00fchen Abend drehen wir dann eine ausgiebige Runde um das Hafenbecken herum und durch die nahe gelegenen Gassen. Wir sammeln Eindr\u00fccke und studieren das Restaurant-Angebot. Letztendlich hat es uns &#8222;Le Corsaire&#8220; am Place Sainte-Catherine, gegen\u00fcber der Kirche, angetan. Wir reservieren einen Tisch und ziehen noch einmal los.<\/p>\n<p><a href=\"https:\/\/olu-limburg.de\/wp-content\/uploads\/2017\/09\/DSC08070_ergebnis.jpg\"><img loading=\"lazy\" decoding=\"async\" class=\"size-full wp-image-12332 aligncenter\" src=\"https:\/\/olu-limburg.de\/wp-content\/uploads\/2017\/09\/DSC08070_ergebnis.jpg\" alt=\"\" width=\"800\" height=\"600\" srcset=\"https:\/\/olu-limburg.de\/wp-content\/uploads\/2017\/09\/DSC08070_ergebnis.jpg 800w, https:\/\/olu-limburg.de\/wp-content\/uploads\/2017\/09\/DSC08070_ergebnis-300x225.jpg 300w, https:\/\/olu-limburg.de\/wp-content\/uploads\/2017\/09\/DSC08070_ergebnis-768x576.jpg 768w, https:\/\/olu-limburg.de\/wp-content\/uploads\/2017\/09\/DSC08070_ergebnis-624x468.jpg 624w\" sizes=\"auto, (max-width: 800px) 100vw, 800px\" \/><\/a><\/p>\n<p><a href=\"https:\/\/olu-limburg.de\/wp-content\/uploads\/2017\/09\/DSC08071_ergebnis.jpg\"><img loading=\"lazy\" decoding=\"async\" class=\"size-full wp-image-12333 aligncenter\" src=\"https:\/\/olu-limburg.de\/wp-content\/uploads\/2017\/09\/DSC08071_ergebnis.jpg\" alt=\"\" width=\"800\" height=\"600\" srcset=\"https:\/\/olu-limburg.de\/wp-content\/uploads\/2017\/09\/DSC08071_ergebnis.jpg 800w, https:\/\/olu-limburg.de\/wp-content\/uploads\/2017\/09\/DSC08071_ergebnis-300x225.jpg 300w, https:\/\/olu-limburg.de\/wp-content\/uploads\/2017\/09\/DSC08071_ergebnis-768x576.jpg 768w, https:\/\/olu-limburg.de\/wp-content\/uploads\/2017\/09\/DSC08071_ergebnis-624x468.jpg 624w\" sizes=\"auto, (max-width: 800px) 100vw, 800px\" \/><\/a><\/p>\n<p><a href=\"https:\/\/olu-limburg.de\/wp-content\/uploads\/2017\/09\/DSC08074_ergebnis.jpg\"><img loading=\"lazy\" decoding=\"async\" class=\"size-full wp-image-12334 aligncenter\" src=\"https:\/\/olu-limburg.de\/wp-content\/uploads\/2017\/09\/DSC08074_ergebnis.jpg\" alt=\"\" width=\"800\" height=\"600\" srcset=\"https:\/\/olu-limburg.de\/wp-content\/uploads\/2017\/09\/DSC08074_ergebnis.jpg 800w, https:\/\/olu-limburg.de\/wp-content\/uploads\/2017\/09\/DSC08074_ergebnis-300x225.jpg 300w, https:\/\/olu-limburg.de\/wp-content\/uploads\/2017\/09\/DSC08074_ergebnis-768x576.jpg 768w, https:\/\/olu-limburg.de\/wp-content\/uploads\/2017\/09\/DSC08074_ergebnis-624x468.jpg 624w\" sizes=\"auto, (max-width: 800px) 100vw, 800px\" \/><\/a><\/p>\n<p><a href=\"https:\/\/olu-limburg.de\/wp-content\/uploads\/2017\/09\/P1050060_ergebnis.jpg\"><img loading=\"lazy\" decoding=\"async\" class=\"size-full wp-image-12367 aligncenter\" src=\"https:\/\/olu-limburg.de\/wp-content\/uploads\/2017\/09\/P1050060_ergebnis.jpg\" alt=\"\" width=\"800\" height=\"600\" srcset=\"https:\/\/olu-limburg.de\/wp-content\/uploads\/2017\/09\/P1050060_ergebnis.jpg 800w, https:\/\/olu-limburg.de\/wp-content\/uploads\/2017\/09\/P1050060_ergebnis-300x225.jpg 300w, https:\/\/olu-limburg.de\/wp-content\/uploads\/2017\/09\/P1050060_ergebnis-768x576.jpg 768w, https:\/\/olu-limburg.de\/wp-content\/uploads\/2017\/09\/P1050060_ergebnis-624x468.jpg 624w\" sizes=\"auto, (max-width: 800px) 100vw, 800px\" \/><\/a><\/p>\n<p><a href=\"https:\/\/olu-limburg.de\/wp-content\/uploads\/2017\/09\/DSC08078_ergebnis-e1506952187303.jpg\"><img loading=\"lazy\" decoding=\"async\" class=\"size-full wp-image-12336 alignleft\" src=\"https:\/\/olu-limburg.de\/wp-content\/uploads\/2017\/09\/DSC08078_ergebnis-e1506952187303.jpg\" alt=\"\" width=\"450\" height=\"600\" \/><\/a><\/p>\n<p><a href=\"https:\/\/olu-limburg.de\/wp-content\/uploads\/2017\/09\/DSC08083_ergebnis-e1506952212101.jpg\"><img loading=\"lazy\" decoding=\"async\" class=\"size-full wp-image-12339 alignright\" src=\"https:\/\/olu-limburg.de\/wp-content\/uploads\/2017\/09\/DSC08083_ergebnis-e1506952212101.jpg\" alt=\"\" width=\"450\" height=\"600\" \/><\/a><\/p>\n<p>&nbsp;<\/p>\n<p><a href=\"https:\/\/olu-limburg.de\/wp-content\/uploads\/2017\/09\/DSC08080_ergebnis.jpg\"><img loading=\"lazy\" decoding=\"async\" class=\"size-full wp-image-12338 aligncenter\" src=\"https:\/\/olu-limburg.de\/wp-content\/uploads\/2017\/09\/DSC08080_ergebnis.jpg\" alt=\"\" width=\"800\" height=\"600\" srcset=\"https:\/\/olu-limburg.de\/wp-content\/uploads\/2017\/09\/DSC08080_ergebnis.jpg 800w, https:\/\/olu-limburg.de\/wp-content\/uploads\/2017\/09\/DSC08080_ergebnis-300x225.jpg 300w, https:\/\/olu-limburg.de\/wp-content\/uploads\/2017\/09\/DSC08080_ergebnis-768x576.jpg 768w, https:\/\/olu-limburg.de\/wp-content\/uploads\/2017\/09\/DSC08080_ergebnis-624x468.jpg 624w\" sizes=\"auto, (max-width: 800px) 100vw, 800px\" \/><\/a><\/p>\n<p><a href=\"https:\/\/olu-limburg.de\/wp-content\/uploads\/2017\/09\/DSC08076_ergebnis.jpg\"><img loading=\"lazy\" decoding=\"async\" class=\"size-full wp-image-12335 aligncenter\" src=\"https:\/\/olu-limburg.de\/wp-content\/uploads\/2017\/09\/DSC08076_ergebnis.jpg\" alt=\"\" width=\"800\" height=\"600\" srcset=\"https:\/\/olu-limburg.de\/wp-content\/uploads\/2017\/09\/DSC08076_ergebnis.jpg 800w, https:\/\/olu-limburg.de\/wp-content\/uploads\/2017\/09\/DSC08076_ergebnis-300x225.jpg 300w, https:\/\/olu-limburg.de\/wp-content\/uploads\/2017\/09\/DSC08076_ergebnis-768x576.jpg 768w, https:\/\/olu-limburg.de\/wp-content\/uploads\/2017\/09\/DSC08076_ergebnis-624x468.jpg 624w\" sizes=\"auto, (max-width: 800px) 100vw, 800px\" \/><\/a><\/p>\n<p>In einer kleinen Bar am Hafen nehmen wir noch unseren Aperitif, einen Kir Normand (Cassis mit Cidre), ein. Dann treibt uns auch schon unser Hunger zum Essen.<\/p>\n<p>Es war ratsam, unseren Tisch vorher zu reservieren. Denn im Nu sind alle Pl\u00e4tze im Au\u00dfenbereich belegt. Wir sind in Honfleur, und hier ist das klassische Gericht wie in Cancale eine Plateau de Fruits de Mer. Was dann aber f\u00fcr 2 Personen auf den Tisch kommt, \u00fcbertrifft jegliche Erwartungen.<\/p>\n<p><a href=\"https:\/\/olu-limburg.de\/wp-content\/uploads\/2017\/09\/DSC08079_ergebnis-e1506952399281.jpg\"><img loading=\"lazy\" decoding=\"async\" class=\"size-full wp-image-12337 aligncenter\" src=\"https:\/\/olu-limburg.de\/wp-content\/uploads\/2017\/09\/DSC08079_ergebnis-e1506952399281.jpg\" alt=\"\" width=\"450\" height=\"600\" \/><\/a><\/p>\n<p><a href=\"https:\/\/olu-limburg.de\/wp-content\/uploads\/2017\/09\/20170808_193020_ergebnis.jpg\"><img loading=\"lazy\" decoding=\"async\" class=\"size-full wp-image-12345 aligncenter\" src=\"https:\/\/olu-limburg.de\/wp-content\/uploads\/2017\/09\/20170808_193020_ergebnis.jpg\" alt=\"\" width=\"800\" height=\"600\" srcset=\"https:\/\/olu-limburg.de\/wp-content\/uploads\/2017\/09\/20170808_193020_ergebnis.jpg 800w, https:\/\/olu-limburg.de\/wp-content\/uploads\/2017\/09\/20170808_193020_ergebnis-300x225.jpg 300w, https:\/\/olu-limburg.de\/wp-content\/uploads\/2017\/09\/20170808_193020_ergebnis-768x576.jpg 768w, https:\/\/olu-limburg.de\/wp-content\/uploads\/2017\/09\/20170808_193020_ergebnis-624x468.jpg 624w\" sizes=\"auto, (max-width: 800px) 100vw, 800px\" \/><\/a><\/p>\n<div id=\"attachment_12346\" style=\"width: 810px\" class=\"wp-caption aligncenter\"><a href=\"https:\/\/olu-limburg.de\/wp-content\/uploads\/2017\/09\/20170808_194612_ergebnis.jpg\"><img loading=\"lazy\" decoding=\"async\" aria-describedby=\"caption-attachment-12346\" class=\"wp-image-12346 size-full\" src=\"https:\/\/olu-limburg.de\/wp-content\/uploads\/2017\/09\/20170808_194612_ergebnis.jpg\" alt=\"\" width=\"800\" height=\"600\" srcset=\"https:\/\/olu-limburg.de\/wp-content\/uploads\/2017\/09\/20170808_194612_ergebnis.jpg 800w, https:\/\/olu-limburg.de\/wp-content\/uploads\/2017\/09\/20170808_194612_ergebnis-300x225.jpg 300w, https:\/\/olu-limburg.de\/wp-content\/uploads\/2017\/09\/20170808_194612_ergebnis-768x576.jpg 768w, https:\/\/olu-limburg.de\/wp-content\/uploads\/2017\/09\/20170808_194612_ergebnis-624x468.jpg 624w\" sizes=\"auto, (max-width: 800px) 100vw, 800px\" \/><\/a><p id=\"caption-attachment-12346\" class=\"wp-caption-text\">Unter den ganzen Langostinos und Crevetten verstecken sich noch zahlreiche Muscheln.<\/p><\/div>\n<p>W\u00e4hrend wir so langsam vor uns hin schlemmten, ging urpl\u00f6tzlich ein riesiger Regenschauer herunter. Das Wasser ergoss sich \u00fcber die Sonnenschirme und floss zwischen den Tischen hindurch. Zahlreiche G\u00e4ste flohen so weit es ging in das Lokal hinein. Wir lie\u00dfen uns aber unser Essen nicht vermiesen und genossen die frische Luft im Freien.<\/p>\n<p><a href=\"https:\/\/olu-limburg.de\/wp-content\/uploads\/2017\/09\/DSC08088_ergebnis.jpg\"><img loading=\"lazy\" decoding=\"async\" class=\"size-full wp-image-12341 aligncenter\" src=\"https:\/\/olu-limburg.de\/wp-content\/uploads\/2017\/09\/DSC08088_ergebnis.jpg\" alt=\"\" width=\"800\" height=\"600\" srcset=\"https:\/\/olu-limburg.de\/wp-content\/uploads\/2017\/09\/DSC08088_ergebnis.jpg 800w, https:\/\/olu-limburg.de\/wp-content\/uploads\/2017\/09\/DSC08088_ergebnis-300x225.jpg 300w, https:\/\/olu-limburg.de\/wp-content\/uploads\/2017\/09\/DSC08088_ergebnis-768x576.jpg 768w, https:\/\/olu-limburg.de\/wp-content\/uploads\/2017\/09\/DSC08088_ergebnis-624x468.jpg 624w\" sizes=\"auto, (max-width: 800px) 100vw, 800px\" \/><\/a><\/p>\n<p>Trotz allem guten Willen k\u00f6nnen wir die Plateau nicht bew\u00e4ltigen. Wir lassen uns den Rest ganz einfach einpacken. Nachdem das Wetter sich wieder ein wenig beruhigt hat, ziehen wir gut gelaunt und satt wieder zu unserem Wohnmobil. Drau\u00dfen ist nach dem Regen ein wunderbares Licht.<\/p>\n<p><a href=\"https:\/\/olu-limburg.de\/wp-content\/uploads\/2017\/09\/20170808_211657_ergebnis.jpg\"><img loading=\"lazy\" decoding=\"async\" class=\"alignnone size-full wp-image-12347\" src=\"https:\/\/olu-limburg.de\/wp-content\/uploads\/2017\/09\/20170808_211657_ergebnis.jpg\" alt=\"\" width=\"800\" height=\"600\" srcset=\"https:\/\/olu-limburg.de\/wp-content\/uploads\/2017\/09\/20170808_211657_ergebnis.jpg 800w, https:\/\/olu-limburg.de\/wp-content\/uploads\/2017\/09\/20170808_211657_ergebnis-300x225.jpg 300w, https:\/\/olu-limburg.de\/wp-content\/uploads\/2017\/09\/20170808_211657_ergebnis-768x576.jpg 768w, https:\/\/olu-limburg.de\/wp-content\/uploads\/2017\/09\/20170808_211657_ergebnis-624x468.jpg 624w\" sizes=\"auto, (max-width: 800px) 100vw, 800px\" \/><\/a><\/p>\n<p><a href=\"https:\/\/olu-limburg.de\/wp-content\/uploads\/2017\/09\/DSC08092_ergebnis.jpg\"><img loading=\"lazy\" decoding=\"async\" class=\"alignnone size-full wp-image-12342\" src=\"https:\/\/olu-limburg.de\/wp-content\/uploads\/2017\/09\/DSC08092_ergebnis.jpg\" alt=\"\" width=\"800\" height=\"600\" srcset=\"https:\/\/olu-limburg.de\/wp-content\/uploads\/2017\/09\/DSC08092_ergebnis.jpg 800w, https:\/\/olu-limburg.de\/wp-content\/uploads\/2017\/09\/DSC08092_ergebnis-300x225.jpg 300w, https:\/\/olu-limburg.de\/wp-content\/uploads\/2017\/09\/DSC08092_ergebnis-768x576.jpg 768w, https:\/\/olu-limburg.de\/wp-content\/uploads\/2017\/09\/DSC08092_ergebnis-624x468.jpg 624w\" sizes=\"auto, (max-width: 800px) 100vw, 800px\" \/><\/a><\/p>\n<p><a href=\"https:\/\/olu-limburg.de\/wp-content\/uploads\/2017\/09\/DSC08094_ergebnis.jpg\"><img loading=\"lazy\" decoding=\"async\" class=\"alignnone size-full wp-image-12343\" src=\"https:\/\/olu-limburg.de\/wp-content\/uploads\/2017\/09\/DSC08094_ergebnis.jpg\" alt=\"\" width=\"800\" height=\"600\" srcset=\"https:\/\/olu-limburg.de\/wp-content\/uploads\/2017\/09\/DSC08094_ergebnis.jpg 800w, https:\/\/olu-limburg.de\/wp-content\/uploads\/2017\/09\/DSC08094_ergebnis-300x225.jpg 300w, https:\/\/olu-limburg.de\/wp-content\/uploads\/2017\/09\/DSC08094_ergebnis-768x576.jpg 768w, https:\/\/olu-limburg.de\/wp-content\/uploads\/2017\/09\/DSC08094_ergebnis-624x468.jpg 624w\" sizes=\"auto, (max-width: 800px) 100vw, 800px\" \/><\/a><\/p>\n<p>Tagesstrecke: 175 km<\/p>\n<p>&nbsp;<\/p>\n<p><strong>Mittwoch, 09. August 2017<\/strong><\/p>\n<p>Das Wetter ist sehr wechselhaft. Der B\u00e4cker kommt kurz nach 08.30 Uhr auf den Stellplatz. Wir wollen heute bis Erquy fahren, deshalb nehmen wir sofort die Autobahn. Unterwegs zahlen wir zweimal P\u00e8age in Kl. 2 (EUR 2,10 und EUR 5,40). Gegen Mittag erreichen wir die Ausfahrt 40. In Sichtweite zur Autobahn gibt es hier einen wirklich guten &#8222;Routier&#8220;.<\/p>\n<p><a href=\"https:\/\/olu-limburg.de\/wp-content\/uploads\/2017\/09\/P1050080_ergebnis-e1506957369575.jpg\"><img loading=\"lazy\" decoding=\"async\" class=\"size-full wp-image-12368 aligncenter\" src=\"https:\/\/olu-limburg.de\/wp-content\/uploads\/2017\/09\/P1050080_ergebnis-e1506957369575.jpg\" alt=\"\" width=\"450\" height=\"600\" \/><\/a><\/p>\n<p>Die Autobahn ist mittlerweile kostenlos. Trotzdem fahren wir ab Dinard aauf der Landstra\u00dfe in Richtung Erquy. Entgegen unseren Bef\u00fcrchtungen ist um diese Zeit um kurz nach 15.00 Uhr noch gen\u00fcgend Platz auf dem Stellplatz mit V+E (Geb\u00fchr EUR 6,00).<\/p>\n<p><a href=\"https:\/\/olu-limburg.de\/wp-content\/uploads\/2017\/09\/DSC08095_ergebnis.jpg\"><img loading=\"lazy\" decoding=\"async\" class=\"size-full wp-image-12355 aligncenter\" src=\"https:\/\/olu-limburg.de\/wp-content\/uploads\/2017\/09\/DSC08095_ergebnis.jpg\" alt=\"\" width=\"800\" height=\"600\" srcset=\"https:\/\/olu-limburg.de\/wp-content\/uploads\/2017\/09\/DSC08095_ergebnis.jpg 800w, https:\/\/olu-limburg.de\/wp-content\/uploads\/2017\/09\/DSC08095_ergebnis-300x225.jpg 300w, https:\/\/olu-limburg.de\/wp-content\/uploads\/2017\/09\/DSC08095_ergebnis-768x576.jpg 768w, https:\/\/olu-limburg.de\/wp-content\/uploads\/2017\/09\/DSC08095_ergebnis-624x468.jpg 624w\" sizes=\"auto, (max-width: 800px) 100vw, 800px\" \/><\/a><\/p>\n<p>Wir laufen mal kurz hoch in den Ort. Dort erwischt uns eine Regenschauer und treibt uns in eine Bar. W\u00e4hrend der Ferienzeit gibt es in Erquy immer am Mittwochabend eine Openair-Musikveranstaltung. Die Musiker, eine Brass-Band, treffen ihre Vorbereitungen aber wieder sicherheitshalber unter dem Markthallendach.<\/p>\n<p>Wieder im Wohnmobil vertilgen wir erst einmal die Reste unserer gestrigen Platte. Drau\u00dfen st\u00fcrmt und regnet es immer weiter. F\u00fcr uns gibt es kein Konzert heute Abend.<\/p>\n<p><a href=\"https:\/\/olu-limburg.de\/wp-content\/uploads\/2017\/09\/DSC08097_ergebnis.jpg\"><img loading=\"lazy\" decoding=\"async\" class=\"size-full wp-image-12356 aligncenter\" src=\"https:\/\/olu-limburg.de\/wp-content\/uploads\/2017\/09\/DSC08097_ergebnis.jpg\" alt=\"\" width=\"800\" height=\"600\" srcset=\"https:\/\/olu-limburg.de\/wp-content\/uploads\/2017\/09\/DSC08097_ergebnis.jpg 800w, https:\/\/olu-limburg.de\/wp-content\/uploads\/2017\/09\/DSC08097_ergebnis-300x225.jpg 300w, https:\/\/olu-limburg.de\/wp-content\/uploads\/2017\/09\/DSC08097_ergebnis-768x576.jpg 768w, https:\/\/olu-limburg.de\/wp-content\/uploads\/2017\/09\/DSC08097_ergebnis-624x468.jpg 624w\" sizes=\"auto, (max-width: 800px) 100vw, 800px\" \/><\/a><\/p>\n<p>Tagesstrecke: 288 km<\/p>\n<p>&nbsp;<\/p>\n<p><strong>Donnerstag, 10. August 2017<\/strong><\/p>\n<p>Nachdem wir heute Nacht noch einige Male durchger\u00fcttelt wurden, hat sich das Wetter nun beruhigt. Um 08.35 Uhr f\u00e4hrt der B\u00e4cker mit Gehupe auf den Platz. Der Himmel klart immer mehr auf und strahlt in einem herrlichen Blau. Wir wussten schon gar nicht mehr, wie so etwas aussieht.<\/p>\n<div id=\"attachment_12363\" style=\"width: 810px\" class=\"wp-caption aligncenter\"><a href=\"https:\/\/olu-limburg.de\/wp-content\/uploads\/2017\/09\/DSC08098K_ergebnis.jpg\"><img loading=\"lazy\" decoding=\"async\" aria-describedby=\"caption-attachment-12363\" class=\"wp-image-12363 size-full\" src=\"https:\/\/olu-limburg.de\/wp-content\/uploads\/2017\/09\/DSC08098K_ergebnis.jpg\" alt=\"\" width=\"800\" height=\"600\" srcset=\"https:\/\/olu-limburg.de\/wp-content\/uploads\/2017\/09\/DSC08098K_ergebnis.jpg 800w, https:\/\/olu-limburg.de\/wp-content\/uploads\/2017\/09\/DSC08098K_ergebnis-300x225.jpg 300w, https:\/\/olu-limburg.de\/wp-content\/uploads\/2017\/09\/DSC08098K_ergebnis-768x576.jpg 768w, https:\/\/olu-limburg.de\/wp-content\/uploads\/2017\/09\/DSC08098K_ergebnis-624x468.jpg 624w\" sizes=\"auto, (max-width: 800px) 100vw, 800px\" \/><\/a><p id=\"caption-attachment-12363\" class=\"wp-caption-text\">Ob im Laden oder am Auto, beim B\u00e4cker bilden sich Schlangen.<\/p><\/div>\n<p><a href=\"https:\/\/olu-limburg.de\/wp-content\/uploads\/2017\/09\/DSC08099K_ergebnis.jpg\"><img loading=\"lazy\" decoding=\"async\" class=\"size-full wp-image-12364 aligncenter\" src=\"https:\/\/olu-limburg.de\/wp-content\/uploads\/2017\/09\/DSC08099K_ergebnis.jpg\" alt=\"\" width=\"800\" height=\"600\" srcset=\"https:\/\/olu-limburg.de\/wp-content\/uploads\/2017\/09\/DSC08099K_ergebnis.jpg 800w, https:\/\/olu-limburg.de\/wp-content\/uploads\/2017\/09\/DSC08099K_ergebnis-300x225.jpg 300w, https:\/\/olu-limburg.de\/wp-content\/uploads\/2017\/09\/DSC08099K_ergebnis-768x576.jpg 768w, https:\/\/olu-limburg.de\/wp-content\/uploads\/2017\/09\/DSC08099K_ergebnis-624x468.jpg 624w\" sizes=\"auto, (max-width: 800px) 100vw, 800px\" \/><\/a><\/p>\n<p>Um 10.00 Uhr &#8222;verabschieden&#8220; wir uns von Erquy, da wir vor 12.00 Uhr bereits in Paimpol sein wollen. Um diese Zeit werden die Festival-Parkpl\u00e4tze ge\u00f6ffnet. Wir wollen in diesem Jahr auf den P8, Goas Plat. Er hat eine V+E, ist nur wenige hundert Meter vom Hafen entfernt und hat Platz f\u00fcr 400 Wohnmobile.<\/p>\n<p>Gegen 11.30 Uhr erreichen wir Paimpol und stehen am Einlass zum Parkplatz. Ich wei\u00df nicht wieviel hundert Wohnmobile schon da stehen. Wir bekommen aber noch einen ruhigen Platz. Das ist uns wichtig. Das Gel\u00e4nde ist vollkommen geteert und man steht sauber. Es hat sich gelohnt, dass wir bei der Anreise eine gesunde Mischung aus Strecke machen und trotzdem ruhig bleiben gefunden haben.<\/p>\n<p>Ein Bediensteter der \u00f6rtlichen Polizei hat seinen gro\u00dfen Auftritt und kann ein Wohnmobil nach dem anderen abkassieren, denn in diesem Jahr werden erstmals Stellplatzgeb\u00fchren berechnet (EUR 5,00\/Nacht), was ich aber f\u00fcr das Angebot ganz in Ordnung finde.<\/p>\n<p>Ab jetzt ist die Hetze vorbei und wir lassen es uns gut gehen. Wir beobachten noch ein wenig den Einparkverkehr und begeben uns dann kurz nach 14.00 Uhr runter zum Hafen, da wir noch unsere 3-Tages-Eintrittskarten f\u00fcr das Festival holen wollen. Eine Karte kostet EUR 54,00.<\/p>\n<p><a href=\"https:\/\/olu-limburg.de\/wp-content\/uploads\/2017\/09\/DSC08114_ergebnis.jpg\"><img loading=\"lazy\" decoding=\"async\" class=\"size-full wp-image-12383 aligncenter\" src=\"https:\/\/olu-limburg.de\/wp-content\/uploads\/2017\/09\/DSC08114_ergebnis.jpg\" alt=\"\" width=\"800\" height=\"600\" srcset=\"https:\/\/olu-limburg.de\/wp-content\/uploads\/2017\/09\/DSC08114_ergebnis.jpg 800w, https:\/\/olu-limburg.de\/wp-content\/uploads\/2017\/09\/DSC08114_ergebnis-300x225.jpg 300w, https:\/\/olu-limburg.de\/wp-content\/uploads\/2017\/09\/DSC08114_ergebnis-768x576.jpg 768w, https:\/\/olu-limburg.de\/wp-content\/uploads\/2017\/09\/DSC08114_ergebnis-624x468.jpg 624w\" sizes=\"auto, (max-width: 800px) 100vw, 800px\" \/><\/a><\/p>\n<p><a href=\"https:\/\/olu-limburg.de\/wp-content\/uploads\/2017\/09\/DSC08100_ergebnis-e1506961611869.jpg\"><img loading=\"lazy\" decoding=\"async\" class=\"size-full wp-image-12375 aligncenter\" src=\"https:\/\/olu-limburg.de\/wp-content\/uploads\/2017\/09\/DSC08100_ergebnis-e1506961611869.jpg\" alt=\"\" width=\"450\" height=\"600\" \/><\/a><\/p>\n<p>Wir werfen mal einen kurzen Blick in den Hafen. Einige gro\u00dfe Segelschiffe sind schon da. Bevor heute Abend bei Flut die Armada der Segelboote im Hafen eintrifft, ziehen wir uns noch einmal in unser Wohnmobil zur\u00fcck.<\/p>\n<p><a href=\"https:\/\/olu-limburg.de\/wp-content\/uploads\/2017\/09\/DSC08101_ergebnis-e1506961643350.jpg\"><img loading=\"lazy\" decoding=\"async\" class=\"size-full wp-image-12376 alignleft\" src=\"https:\/\/olu-limburg.de\/wp-content\/uploads\/2017\/09\/DSC08101_ergebnis-e1506961643350.jpg\" alt=\"\" width=\"450\" height=\"600\" \/><\/a><\/p>\n<p><a href=\"https:\/\/olu-limburg.de\/wp-content\/uploads\/2017\/09\/DSC08104_ergebnis-e1506961680832.jpg\"><img loading=\"lazy\" decoding=\"async\" class=\"size-full wp-image-12377 alignright\" src=\"https:\/\/olu-limburg.de\/wp-content\/uploads\/2017\/09\/DSC08104_ergebnis-e1506961680832.jpg\" alt=\"\" width=\"450\" height=\"600\" \/><\/a><\/p>\n<p><a href=\"https:\/\/olu-limburg.de\/wp-content\/uploads\/2017\/09\/DSC08105_ergebnis.jpg\"><img loading=\"lazy\" decoding=\"async\" class=\"size-full wp-image-12378 aligncenter\" src=\"https:\/\/olu-limburg.de\/wp-content\/uploads\/2017\/09\/DSC08105_ergebnis.jpg\" alt=\"\" width=\"800\" height=\"600\" srcset=\"https:\/\/olu-limburg.de\/wp-content\/uploads\/2017\/09\/DSC08105_ergebnis.jpg 800w, https:\/\/olu-limburg.de\/wp-content\/uploads\/2017\/09\/DSC08105_ergebnis-300x225.jpg 300w, https:\/\/olu-limburg.de\/wp-content\/uploads\/2017\/09\/DSC08105_ergebnis-768x576.jpg 768w, https:\/\/olu-limburg.de\/wp-content\/uploads\/2017\/09\/DSC08105_ergebnis-624x468.jpg 624w\" sizes=\"auto, (max-width: 800px) 100vw, 800px\" \/><\/a><\/p>\n<p><a href=\"https:\/\/olu-limburg.de\/wp-content\/uploads\/2017\/09\/DSC08108_ergebnis.jpg\"><img loading=\"lazy\" decoding=\"async\" class=\"size-full wp-image-12380 aligncenter\" src=\"https:\/\/olu-limburg.de\/wp-content\/uploads\/2017\/09\/DSC08108_ergebnis.jpg\" alt=\"\" width=\"800\" height=\"600\" srcset=\"https:\/\/olu-limburg.de\/wp-content\/uploads\/2017\/09\/DSC08108_ergebnis.jpg 800w, https:\/\/olu-limburg.de\/wp-content\/uploads\/2017\/09\/DSC08108_ergebnis-300x225.jpg 300w, https:\/\/olu-limburg.de\/wp-content\/uploads\/2017\/09\/DSC08108_ergebnis-768x576.jpg 768w, https:\/\/olu-limburg.de\/wp-content\/uploads\/2017\/09\/DSC08108_ergebnis-624x468.jpg 624w\" sizes=\"auto, (max-width: 800px) 100vw, 800px\" \/><\/a><\/p>\n<div id=\"attachment_12381\" style=\"width: 810px\" class=\"wp-caption aligncenter\"><a href=\"https:\/\/olu-limburg.de\/wp-content\/uploads\/2017\/09\/DSC08111_ergebnis.jpg\"><img loading=\"lazy\" decoding=\"async\" aria-describedby=\"caption-attachment-12381\" class=\"size-full wp-image-12381\" src=\"https:\/\/olu-limburg.de\/wp-content\/uploads\/2017\/09\/DSC08111_ergebnis.jpg\" alt=\"\" width=\"800\" height=\"600\" srcset=\"https:\/\/olu-limburg.de\/wp-content\/uploads\/2017\/09\/DSC08111_ergebnis.jpg 800w, https:\/\/olu-limburg.de\/wp-content\/uploads\/2017\/09\/DSC08111_ergebnis-300x225.jpg 300w, https:\/\/olu-limburg.de\/wp-content\/uploads\/2017\/09\/DSC08111_ergebnis-768x576.jpg 768w, https:\/\/olu-limburg.de\/wp-content\/uploads\/2017\/09\/DSC08111_ergebnis-624x468.jpg 624w\" sizes=\"auto, (max-width: 800px) 100vw, 800px\" \/><\/a><p id=\"caption-attachment-12381\" class=\"wp-caption-text\">Bordverpflegung<\/p><\/div>\n<div id=\"attachment_12379\" style=\"width: 810px\" class=\"wp-caption aligncenter\"><a href=\"https:\/\/olu-limburg.de\/wp-content\/uploads\/2017\/09\/DSC08106_ergebnis.jpg\"><img loading=\"lazy\" decoding=\"async\" aria-describedby=\"caption-attachment-12379\" class=\"size-full wp-image-12379\" src=\"https:\/\/olu-limburg.de\/wp-content\/uploads\/2017\/09\/DSC08106_ergebnis.jpg\" alt=\"\" width=\"800\" height=\"600\" srcset=\"https:\/\/olu-limburg.de\/wp-content\/uploads\/2017\/09\/DSC08106_ergebnis.jpg 800w, https:\/\/olu-limburg.de\/wp-content\/uploads\/2017\/09\/DSC08106_ergebnis-300x225.jpg 300w, https:\/\/olu-limburg.de\/wp-content\/uploads\/2017\/09\/DSC08106_ergebnis-768x576.jpg 768w, https:\/\/olu-limburg.de\/wp-content\/uploads\/2017\/09\/DSC08106_ergebnis-624x468.jpg 624w\" sizes=\"auto, (max-width: 800px) 100vw, 800px\" \/><\/a><p id=\"caption-attachment-12379\" class=\"wp-caption-text\">Drau\u00dfen in der Bucht herrscht noch absolute Ebbe.<\/p><\/div>\n<div id=\"attachment_12382\" style=\"width: 810px\" class=\"wp-caption aligncenter\"><a href=\"https:\/\/olu-limburg.de\/wp-content\/uploads\/2017\/09\/DSC08112_ergebnis.jpg\"><img loading=\"lazy\" decoding=\"async\" aria-describedby=\"caption-attachment-12382\" class=\"wp-image-12382 size-full\" src=\"https:\/\/olu-limburg.de\/wp-content\/uploads\/2017\/09\/DSC08112_ergebnis.jpg\" alt=\"\" width=\"800\" height=\"600\" srcset=\"https:\/\/olu-limburg.de\/wp-content\/uploads\/2017\/09\/DSC08112_ergebnis.jpg 800w, https:\/\/olu-limburg.de\/wp-content\/uploads\/2017\/09\/DSC08112_ergebnis-300x225.jpg 300w, https:\/\/olu-limburg.de\/wp-content\/uploads\/2017\/09\/DSC08112_ergebnis-768x576.jpg 768w, https:\/\/olu-limburg.de\/wp-content\/uploads\/2017\/09\/DSC08112_ergebnis-624x468.jpg 624w\" sizes=\"auto, (max-width: 800px) 100vw, 800px\" \/><\/a><p id=\"caption-attachment-12382\" class=\"wp-caption-text\">Paimpol hat sich herausgeputzt<\/p><\/div>\n<p>In der Zwischenzeit ist auch der letzte Platz besetzt worden. Nachdem wir uns \u00fcber die Daten von Ebbe und Flut informiert haben, begeben wir uns gegen 19.00 Uhr wieder zum Hafen und warten auf die Einfahrt der Segler.<\/p>\n<p><a href=\"https:\/\/olu-limburg.de\/wp-content\/uploads\/2017\/09\/P1050110_ergebnis.jpg\"><img loading=\"lazy\" decoding=\"async\" class=\"alignnone size-full wp-image-12384\" src=\"https:\/\/olu-limburg.de\/wp-content\/uploads\/2017\/09\/P1050110_ergebnis.jpg\" alt=\"\" width=\"800\" height=\"600\" srcset=\"https:\/\/olu-limburg.de\/wp-content\/uploads\/2017\/09\/P1050110_ergebnis.jpg 800w, https:\/\/olu-limburg.de\/wp-content\/uploads\/2017\/09\/P1050110_ergebnis-300x225.jpg 300w, https:\/\/olu-limburg.de\/wp-content\/uploads\/2017\/09\/P1050110_ergebnis-768x576.jpg 768w, https:\/\/olu-limburg.de\/wp-content\/uploads\/2017\/09\/P1050110_ergebnis-624x468.jpg 624w\" sizes=\"auto, (max-width: 800px) 100vw, 800px\" \/><\/a><\/p>\n<p>Es ist immer wieder ein gro\u00dfes Erlebnis, diese Einfahrt der unterschiedlichen Segler mitzuerleben. Jeder vertreibt sich die Zeit auf seine Weise.<\/p>\n<div id=\"attachment_12387\" style=\"width: 810px\" class=\"wp-caption alignnone\"><a href=\"https:\/\/olu-limburg.de\/wp-content\/uploads\/2017\/09\/DSC08116_ergebnis.jpg\"><img loading=\"lazy\" decoding=\"async\" aria-describedby=\"caption-attachment-12387\" class=\"size-full wp-image-12387\" src=\"https:\/\/olu-limburg.de\/wp-content\/uploads\/2017\/09\/DSC08116_ergebnis.jpg\" alt=\"\" width=\"800\" height=\"600\" srcset=\"https:\/\/olu-limburg.de\/wp-content\/uploads\/2017\/09\/DSC08116_ergebnis.jpg 800w, https:\/\/olu-limburg.de\/wp-content\/uploads\/2017\/09\/DSC08116_ergebnis-300x225.jpg 300w, https:\/\/olu-limburg.de\/wp-content\/uploads\/2017\/09\/DSC08116_ergebnis-768x576.jpg 768w, https:\/\/olu-limburg.de\/wp-content\/uploads\/2017\/09\/DSC08116_ergebnis-624x468.jpg 624w\" sizes=\"auto, (max-width: 800px) 100vw, 800px\" \/><\/a><p id=\"caption-attachment-12387\" class=\"wp-caption-text\">Die Einen sitzen eher ggem\u00fctlich beisammen, &#8230;<\/p><\/div>\n<div id=\"attachment_12388\" style=\"width: 810px\" class=\"wp-caption alignnone\"><a href=\"https:\/\/olu-limburg.de\/wp-content\/uploads\/2017\/09\/DSC08118_ergebnis.jpg\"><img loading=\"lazy\" decoding=\"async\" aria-describedby=\"caption-attachment-12388\" class=\"size-full wp-image-12388\" src=\"https:\/\/olu-limburg.de\/wp-content\/uploads\/2017\/09\/DSC08118_ergebnis.jpg\" alt=\"\" width=\"800\" height=\"600\" srcset=\"https:\/\/olu-limburg.de\/wp-content\/uploads\/2017\/09\/DSC08118_ergebnis.jpg 800w, https:\/\/olu-limburg.de\/wp-content\/uploads\/2017\/09\/DSC08118_ergebnis-300x225.jpg 300w, https:\/\/olu-limburg.de\/wp-content\/uploads\/2017\/09\/DSC08118_ergebnis-768x576.jpg 768w, https:\/\/olu-limburg.de\/wp-content\/uploads\/2017\/09\/DSC08118_ergebnis-624x468.jpg 624w\" sizes=\"auto, (max-width: 800px) 100vw, 800px\" \/><\/a><p id=\"caption-attachment-12388\" class=\"wp-caption-text\">&#8230;, Andere bauen noch ihre Attraktionen zusammen &#8230;<\/p><\/div>\n<div id=\"attachment_12389\" style=\"width: 810px\" class=\"wp-caption alignnone\"><a href=\"https:\/\/olu-limburg.de\/wp-content\/uploads\/2017\/09\/DSC08120_ergebnis.jpg\"><img loading=\"lazy\" decoding=\"async\" aria-describedby=\"caption-attachment-12389\" class=\"size-full wp-image-12389\" src=\"https:\/\/olu-limburg.de\/wp-content\/uploads\/2017\/09\/DSC08120_ergebnis.jpg\" alt=\"\" width=\"800\" height=\"600\" srcset=\"https:\/\/olu-limburg.de\/wp-content\/uploads\/2017\/09\/DSC08120_ergebnis.jpg 800w, https:\/\/olu-limburg.de\/wp-content\/uploads\/2017\/09\/DSC08120_ergebnis-300x225.jpg 300w, https:\/\/olu-limburg.de\/wp-content\/uploads\/2017\/09\/DSC08120_ergebnis-768x576.jpg 768w, https:\/\/olu-limburg.de\/wp-content\/uploads\/2017\/09\/DSC08120_ergebnis-624x468.jpg 624w\" sizes=\"auto, (max-width: 800px) 100vw, 800px\" \/><\/a><p id=\"caption-attachment-12389\" class=\"wp-caption-text\">&#8230; und wieder Andere haben noch wichtige Telefonate zu erledigen.<\/p><\/div>\n<p>So langsam f\u00fcllt sich die Bucht immer mehr mit Wasser, und nach und nach kommen die Schiffe herein. Vor der Hafeneinfahrt haben sich viele Zuschauer eingefunden, die die Segler mit viel Beifall begr\u00fc\u00dfen.<\/p>\n<p><a href=\"https:\/\/olu-limburg.de\/wp-content\/uploads\/2017\/09\/DSC08127_ergebnis.jpg\"><img loading=\"lazy\" decoding=\"async\" class=\"size-full wp-image-12392 aligncenter\" src=\"https:\/\/olu-limburg.de\/wp-content\/uploads\/2017\/09\/DSC08127_ergebnis.jpg\" alt=\"\" width=\"800\" height=\"600\" srcset=\"https:\/\/olu-limburg.de\/wp-content\/uploads\/2017\/09\/DSC08127_ergebnis.jpg 800w, https:\/\/olu-limburg.de\/wp-content\/uploads\/2017\/09\/DSC08127_ergebnis-300x225.jpg 300w, https:\/\/olu-limburg.de\/wp-content\/uploads\/2017\/09\/DSC08127_ergebnis-768x576.jpg 768w, https:\/\/olu-limburg.de\/wp-content\/uploads\/2017\/09\/DSC08127_ergebnis-624x468.jpg 624w\" sizes=\"auto, (max-width: 800px) 100vw, 800px\" \/><\/a><\/p>\n<p><a href=\"https:\/\/olu-limburg.de\/wp-content\/uploads\/2017\/09\/DSC08125_ergebnis.jpg\"><img loading=\"lazy\" decoding=\"async\" class=\"size-full wp-image-12391 aligncenter\" src=\"https:\/\/olu-limburg.de\/wp-content\/uploads\/2017\/09\/DSC08125_ergebnis.jpg\" alt=\"\" width=\"800\" height=\"600\" srcset=\"https:\/\/olu-limburg.de\/wp-content\/uploads\/2017\/09\/DSC08125_ergebnis.jpg 800w, https:\/\/olu-limburg.de\/wp-content\/uploads\/2017\/09\/DSC08125_ergebnis-300x225.jpg 300w, https:\/\/olu-limburg.de\/wp-content\/uploads\/2017\/09\/DSC08125_ergebnis-768x576.jpg 768w, https:\/\/olu-limburg.de\/wp-content\/uploads\/2017\/09\/DSC08125_ergebnis-624x468.jpg 624w\" sizes=\"auto, (max-width: 800px) 100vw, 800px\" \/><\/a><\/p>\n<p><a href=\"https:\/\/olu-limburg.de\/wp-content\/uploads\/2017\/09\/DSC08129_ergebnis.jpg\"><img loading=\"lazy\" decoding=\"async\" class=\"size-full wp-image-12393 aligncenter\" src=\"https:\/\/olu-limburg.de\/wp-content\/uploads\/2017\/09\/DSC08129_ergebnis.jpg\" alt=\"\" width=\"800\" height=\"600\" srcset=\"https:\/\/olu-limburg.de\/wp-content\/uploads\/2017\/09\/DSC08129_ergebnis.jpg 800w, https:\/\/olu-limburg.de\/wp-content\/uploads\/2017\/09\/DSC08129_ergebnis-300x225.jpg 300w, https:\/\/olu-limburg.de\/wp-content\/uploads\/2017\/09\/DSC08129_ergebnis-768x576.jpg 768w, https:\/\/olu-limburg.de\/wp-content\/uploads\/2017\/09\/DSC08129_ergebnis-624x468.jpg 624w\" sizes=\"auto, (max-width: 800px) 100vw, 800px\" \/><\/a><\/p>\n<p><a href=\"https:\/\/olu-limburg.de\/wp-content\/uploads\/2017\/09\/DSC08131_ergebnis.jpg\"><img loading=\"lazy\" decoding=\"async\" class=\"size-full wp-image-12394 aligncenter\" src=\"https:\/\/olu-limburg.de\/wp-content\/uploads\/2017\/09\/DSC08131_ergebnis.jpg\" alt=\"\" width=\"800\" height=\"600\" srcset=\"https:\/\/olu-limburg.de\/wp-content\/uploads\/2017\/09\/DSC08131_ergebnis.jpg 800w, https:\/\/olu-limburg.de\/wp-content\/uploads\/2017\/09\/DSC08131_ergebnis-300x225.jpg 300w, https:\/\/olu-limburg.de\/wp-content\/uploads\/2017\/09\/DSC08131_ergebnis-768x576.jpg 768w, https:\/\/olu-limburg.de\/wp-content\/uploads\/2017\/09\/DSC08131_ergebnis-624x468.jpg 624w\" sizes=\"auto, (max-width: 800px) 100vw, 800px\" \/><\/a><\/p>\n<p><a href=\"https:\/\/olu-limburg.de\/wp-content\/uploads\/2017\/09\/DSC08143_ergebnis.jpg\"><img loading=\"lazy\" decoding=\"async\" class=\"size-full wp-image-12396 aligncenter\" src=\"https:\/\/olu-limburg.de\/wp-content\/uploads\/2017\/09\/DSC08143_ergebnis.jpg\" alt=\"\" width=\"800\" height=\"600\" srcset=\"https:\/\/olu-limburg.de\/wp-content\/uploads\/2017\/09\/DSC08143_ergebnis.jpg 800w, https:\/\/olu-limburg.de\/wp-content\/uploads\/2017\/09\/DSC08143_ergebnis-300x225.jpg 300w, https:\/\/olu-limburg.de\/wp-content\/uploads\/2017\/09\/DSC08143_ergebnis-768x576.jpg 768w, https:\/\/olu-limburg.de\/wp-content\/uploads\/2017\/09\/DSC08143_ergebnis-624x468.jpg 624w\" sizes=\"auto, (max-width: 800px) 100vw, 800px\" \/><\/a><\/p>\n<p><a href=\"https:\/\/olu-limburg.de\/wp-content\/uploads\/2017\/09\/DSC08139_ergebnis.jpg\"><img loading=\"lazy\" decoding=\"async\" class=\"size-full wp-image-12395 aligncenter\" src=\"https:\/\/olu-limburg.de\/wp-content\/uploads\/2017\/09\/DSC08139_ergebnis.jpg\" alt=\"\" width=\"800\" height=\"600\" srcset=\"https:\/\/olu-limburg.de\/wp-content\/uploads\/2017\/09\/DSC08139_ergebnis.jpg 800w, https:\/\/olu-limburg.de\/wp-content\/uploads\/2017\/09\/DSC08139_ergebnis-300x225.jpg 300w, https:\/\/olu-limburg.de\/wp-content\/uploads\/2017\/09\/DSC08139_ergebnis-768x576.jpg 768w, https:\/\/olu-limburg.de\/wp-content\/uploads\/2017\/09\/DSC08139_ergebnis-624x468.jpg 624w\" sizes=\"auto, (max-width: 800px) 100vw, 800px\" \/><\/a><\/p>\n<p><a href=\"https:\/\/olu-limburg.de\/wp-content\/uploads\/2017\/09\/DSC08145_ergebnis.jpg\"><img loading=\"lazy\" decoding=\"async\" class=\"size-full wp-image-12397 aligncenter\" src=\"https:\/\/olu-limburg.de\/wp-content\/uploads\/2017\/09\/DSC08145_ergebnis.jpg\" alt=\"\" width=\"800\" height=\"600\" srcset=\"https:\/\/olu-limburg.de\/wp-content\/uploads\/2017\/09\/DSC08145_ergebnis.jpg 800w, https:\/\/olu-limburg.de\/wp-content\/uploads\/2017\/09\/DSC08145_ergebnis-300x225.jpg 300w, https:\/\/olu-limburg.de\/wp-content\/uploads\/2017\/09\/DSC08145_ergebnis-768x576.jpg 768w, https:\/\/olu-limburg.de\/wp-content\/uploads\/2017\/09\/DSC08145_ergebnis-624x468.jpg 624w\" sizes=\"auto, (max-width: 800px) 100vw, 800px\" \/><\/a><\/p>\n<p><a href=\"https:\/\/olu-limburg.de\/wp-content\/uploads\/2017\/09\/DSC08150_ergebnis.jpg\"><img loading=\"lazy\" decoding=\"async\" class=\"alignnone size-full wp-image-12398\" src=\"https:\/\/olu-limburg.de\/wp-content\/uploads\/2017\/09\/DSC08150_ergebnis.jpg\" alt=\"\" width=\"800\" height=\"600\" srcset=\"https:\/\/olu-limburg.de\/wp-content\/uploads\/2017\/09\/DSC08150_ergebnis.jpg 800w, https:\/\/olu-limburg.de\/wp-content\/uploads\/2017\/09\/DSC08150_ergebnis-300x225.jpg 300w, https:\/\/olu-limburg.de\/wp-content\/uploads\/2017\/09\/DSC08150_ergebnis-768x576.jpg 768w, https:\/\/olu-limburg.de\/wp-content\/uploads\/2017\/09\/DSC08150_ergebnis-624x468.jpg 624w\" sizes=\"auto, (max-width: 800px) 100vw, 800px\" \/><\/a><\/p>\n<p><a href=\"https:\/\/olu-limburg.de\/wp-content\/uploads\/2017\/09\/DSC08152_ergebnis-e1506963761174.jpg\"><img loading=\"lazy\" decoding=\"async\" class=\"size-full wp-image-12399 aligncenter\" src=\"https:\/\/olu-limburg.de\/wp-content\/uploads\/2017\/09\/DSC08152_ergebnis-e1506963761174.jpg\" alt=\"\" width=\"450\" height=\"600\" \/><\/a><\/p>\n<p><a href=\"https:\/\/olu-limburg.de\/wp-content\/uploads\/2017\/09\/DSC08164_ergebnis.jpg\"><img loading=\"lazy\" decoding=\"async\" class=\"size-full wp-image-12400 aligncenter\" src=\"https:\/\/olu-limburg.de\/wp-content\/uploads\/2017\/09\/DSC08164_ergebnis.jpg\" alt=\"\" width=\"800\" height=\"600\" srcset=\"https:\/\/olu-limburg.de\/wp-content\/uploads\/2017\/09\/DSC08164_ergebnis.jpg 800w, https:\/\/olu-limburg.de\/wp-content\/uploads\/2017\/09\/DSC08164_ergebnis-300x225.jpg 300w, https:\/\/olu-limburg.de\/wp-content\/uploads\/2017\/09\/DSC08164_ergebnis-768x576.jpg 768w, https:\/\/olu-limburg.de\/wp-content\/uploads\/2017\/09\/DSC08164_ergebnis-624x468.jpg 624w\" sizes=\"auto, (max-width: 800px) 100vw, 800px\" \/><\/a><\/p>\n<p><a href=\"https:\/\/olu-limburg.de\/wp-content\/uploads\/2017\/09\/DSC08166_ergebnis.jpg\"><img loading=\"lazy\" decoding=\"async\" class=\"size-full wp-image-12401 aligncenter\" src=\"https:\/\/olu-limburg.de\/wp-content\/uploads\/2017\/09\/DSC08166_ergebnis.jpg\" alt=\"\" width=\"800\" height=\"600\" srcset=\"https:\/\/olu-limburg.de\/wp-content\/uploads\/2017\/09\/DSC08166_ergebnis.jpg 800w, https:\/\/olu-limburg.de\/wp-content\/uploads\/2017\/09\/DSC08166_ergebnis-300x225.jpg 300w, https:\/\/olu-limburg.de\/wp-content\/uploads\/2017\/09\/DSC08166_ergebnis-768x576.jpg 768w, https:\/\/olu-limburg.de\/wp-content\/uploads\/2017\/09\/DSC08166_ergebnis-624x468.jpg 624w\" sizes=\"auto, (max-width: 800px) 100vw, 800px\" \/><\/a><\/p>\n<p>So langsam reihen sich die gro\u00dfen Segler im Hafen ein.<\/p>\n<p><a href=\"https:\/\/olu-limburg.de\/wp-content\/uploads\/2017\/09\/DSC08173_ergebnis-e1506963836771.jpg\"><img loading=\"lazy\" decoding=\"async\" class=\"size-full wp-image-12402 aligncenter\" src=\"https:\/\/olu-limburg.de\/wp-content\/uploads\/2017\/09\/DSC08173_ergebnis-e1506963836771.jpg\" alt=\"\" width=\"450\" height=\"600\" \/><\/a><\/p>\n<p><a href=\"https:\/\/olu-limburg.de\/wp-content\/uploads\/2017\/09\/DSC08176_ergebnis.jpg\"><img loading=\"lazy\" decoding=\"async\" class=\"size-full wp-image-12403 aligncenter\" src=\"https:\/\/olu-limburg.de\/wp-content\/uploads\/2017\/09\/DSC08176_ergebnis.jpg\" alt=\"\" width=\"800\" height=\"600\" srcset=\"https:\/\/olu-limburg.de\/wp-content\/uploads\/2017\/09\/DSC08176_ergebnis.jpg 800w, https:\/\/olu-limburg.de\/wp-content\/uploads\/2017\/09\/DSC08176_ergebnis-300x225.jpg 300w, https:\/\/olu-limburg.de\/wp-content\/uploads\/2017\/09\/DSC08176_ergebnis-768x576.jpg 768w, https:\/\/olu-limburg.de\/wp-content\/uploads\/2017\/09\/DSC08176_ergebnis-624x468.jpg 624w\" sizes=\"auto, (max-width: 800px) 100vw, 800px\" \/><\/a><\/p>\n<p><a href=\"https:\/\/olu-limburg.de\/wp-content\/uploads\/2017\/09\/DSC08180_ergebnis.jpg\"><img loading=\"lazy\" decoding=\"async\" class=\"size-full wp-image-12404 aligncenter\" src=\"https:\/\/olu-limburg.de\/wp-content\/uploads\/2017\/09\/DSC08180_ergebnis.jpg\" alt=\"\" width=\"800\" height=\"600\" srcset=\"https:\/\/olu-limburg.de\/wp-content\/uploads\/2017\/09\/DSC08180_ergebnis.jpg 800w, https:\/\/olu-limburg.de\/wp-content\/uploads\/2017\/09\/DSC08180_ergebnis-300x225.jpg 300w, https:\/\/olu-limburg.de\/wp-content\/uploads\/2017\/09\/DSC08180_ergebnis-768x576.jpg 768w, https:\/\/olu-limburg.de\/wp-content\/uploads\/2017\/09\/DSC08180_ergebnis-624x468.jpg 624w\" sizes=\"auto, (max-width: 800px) 100vw, 800px\" \/><\/a><\/p>\n<p>Die Einstimmung zu dem 3-t\u00e4gigen Musikfestival war wie immer sehr sch\u00f6n.<\/p>\n<p>Tagesstrecke: 76 km<\/p>\n<p>&nbsp;<\/p>\n<p><strong>Freitag, 11. August 2017<\/strong><\/p>\n<p>Baguettes und Croissants gibt es im benachbarten Carrefour. Etwas sp\u00e4ter nutzen wir diese M\u00f6glichkeit auch noch zu einem kleinen Einkauf. Dabei f\u00e4llt uns in der Fischabteilung die Werbung f\u00fcr die verschiedensten Ausf\u00fchrungen von Meeresfr\u00fcchteplatten zu wirklich g\u00fcnstigen Preisen auf. Da wir sowieso noch l\u00e4nger in Paimpol sind, bestellen wir uns eine Platte f\u00fcr morgen.<\/p>\n<p>Gegen 14.00 Uhr gehen wir hinunter zum Hafen. Am Einlass bilden sich Schlangen, da in diesem Jahr von Sicherheitsleuten Kontrollen durchgef\u00fchrt werden. Es wird nach Waffen bzw. Messern gefragt (auf dem Festivalgel\u00e4nde gibt es die tollsten Jagdmesser zu kaufen.???).<\/p>\n<p>Vor uns liegen jetzt drei Tage Musik von 14.00 Uhr bis nachts um 02.00 Uhr auf f\u00fcnf gro\u00dfen B\u00fchnen. Hinzu kommt jede Menge Stra\u00dfenmusik . Das diesj\u00e4hrige Festival-Thema lautet: &#8222;Les Routes de L&#8217;Orient&#8220;. Folgen wir also Marco Polo, Vasco de Gama und Magellan, und genie\u00dfen die Weltmusik des Ostens. Kernpunkt ist und bleibt aber auch die Musik der Bretagne.<\/p>\n<p>Heute spazieren wir gem\u00fctlich um den Hafen herum, schauen \u00fcberall mal bei den B\u00fchnen vorbei &#8230;<\/p>\n<p><a href=\"https:\/\/olu-limburg.de\/wp-content\/uploads\/2017\/09\/DSC08186_ergebnis.jpg\"><img loading=\"lazy\" decoding=\"async\" class=\"size-full wp-image-12410 aligncenter\" src=\"https:\/\/olu-limburg.de\/wp-content\/uploads\/2017\/09\/DSC08186_ergebnis.jpg\" alt=\"\" width=\"800\" height=\"600\" srcset=\"https:\/\/olu-limburg.de\/wp-content\/uploads\/2017\/09\/DSC08186_ergebnis.jpg 800w, https:\/\/olu-limburg.de\/wp-content\/uploads\/2017\/09\/DSC08186_ergebnis-300x225.jpg 300w, https:\/\/olu-limburg.de\/wp-content\/uploads\/2017\/09\/DSC08186_ergebnis-768x576.jpg 768w, https:\/\/olu-limburg.de\/wp-content\/uploads\/2017\/09\/DSC08186_ergebnis-624x468.jpg 624w\" sizes=\"auto, (max-width: 800px) 100vw, 800px\" \/><\/a><\/p>\n<p><a href=\"https:\/\/olu-limburg.de\/wp-content\/uploads\/2017\/09\/20170811_154022_ergebnis.jpg\"><img loading=\"lazy\" decoding=\"async\" class=\"size-full wp-image-12428 aligncenter\" src=\"https:\/\/olu-limburg.de\/wp-content\/uploads\/2017\/09\/20170811_154022_ergebnis.jpg\" alt=\"\" width=\"800\" height=\"600\" srcset=\"https:\/\/olu-limburg.de\/wp-content\/uploads\/2017\/09\/20170811_154022_ergebnis.jpg 800w, https:\/\/olu-limburg.de\/wp-content\/uploads\/2017\/09\/20170811_154022_ergebnis-300x225.jpg 300w, https:\/\/olu-limburg.de\/wp-content\/uploads\/2017\/09\/20170811_154022_ergebnis-768x576.jpg 768w, https:\/\/olu-limburg.de\/wp-content\/uploads\/2017\/09\/20170811_154022_ergebnis-624x468.jpg 624w\" sizes=\"auto, (max-width: 800px) 100vw, 800px\" \/><\/a><\/p>\n<p><a href=\"https:\/\/olu-limburg.de\/wp-content\/uploads\/2017\/09\/DSC08191_ergebnis.jpg\"><img loading=\"lazy\" decoding=\"async\" class=\"size-full wp-image-12411 aligncenter\" src=\"https:\/\/olu-limburg.de\/wp-content\/uploads\/2017\/09\/DSC08191_ergebnis.jpg\" alt=\"\" width=\"800\" height=\"600\" srcset=\"https:\/\/olu-limburg.de\/wp-content\/uploads\/2017\/09\/DSC08191_ergebnis.jpg 800w, https:\/\/olu-limburg.de\/wp-content\/uploads\/2017\/09\/DSC08191_ergebnis-300x225.jpg 300w, https:\/\/olu-limburg.de\/wp-content\/uploads\/2017\/09\/DSC08191_ergebnis-768x576.jpg 768w, https:\/\/olu-limburg.de\/wp-content\/uploads\/2017\/09\/DSC08191_ergebnis-624x468.jpg 624w\" sizes=\"auto, (max-width: 800px) 100vw, 800px\" \/><\/a><\/p>\n<p><a href=\"https:\/\/olu-limburg.de\/wp-content\/uploads\/2017\/09\/DSC08193_ergebnis.jpg\"><img loading=\"lazy\" decoding=\"async\" class=\"size-full wp-image-12412 aligncenter\" src=\"https:\/\/olu-limburg.de\/wp-content\/uploads\/2017\/09\/DSC08193_ergebnis.jpg\" alt=\"\" width=\"800\" height=\"600\" srcset=\"https:\/\/olu-limburg.de\/wp-content\/uploads\/2017\/09\/DSC08193_ergebnis.jpg 800w, https:\/\/olu-limburg.de\/wp-content\/uploads\/2017\/09\/DSC08193_ergebnis-300x225.jpg 300w, https:\/\/olu-limburg.de\/wp-content\/uploads\/2017\/09\/DSC08193_ergebnis-768x576.jpg 768w, https:\/\/olu-limburg.de\/wp-content\/uploads\/2017\/09\/DSC08193_ergebnis-624x468.jpg 624w\" sizes=\"auto, (max-width: 800px) 100vw, 800px\" \/><\/a><\/p>\n<p><a href=\"https:\/\/olu-limburg.de\/wp-content\/uploads\/2017\/09\/DSC08194_ergebnis.jpg\"><img loading=\"lazy\" decoding=\"async\" class=\"size-full wp-image-12413 aligncenter\" src=\"https:\/\/olu-limburg.de\/wp-content\/uploads\/2017\/09\/DSC08194_ergebnis.jpg\" alt=\"\" width=\"800\" height=\"600\" srcset=\"https:\/\/olu-limburg.de\/wp-content\/uploads\/2017\/09\/DSC08194_ergebnis.jpg 800w, https:\/\/olu-limburg.de\/wp-content\/uploads\/2017\/09\/DSC08194_ergebnis-300x225.jpg 300w, https:\/\/olu-limburg.de\/wp-content\/uploads\/2017\/09\/DSC08194_ergebnis-768x576.jpg 768w, https:\/\/olu-limburg.de\/wp-content\/uploads\/2017\/09\/DSC08194_ergebnis-624x468.jpg 624w\" sizes=\"auto, (max-width: 800px) 100vw, 800px\" \/><\/a><\/p>\n<p><a href=\"https:\/\/olu-limburg.de\/wp-content\/uploads\/2017\/09\/DSC08200_ergebnis.jpg\"><img loading=\"lazy\" decoding=\"async\" class=\"size-full wp-image-12414 aligncenter\" src=\"https:\/\/olu-limburg.de\/wp-content\/uploads\/2017\/09\/DSC08200_ergebnis.jpg\" alt=\"\" width=\"800\" height=\"600\" srcset=\"https:\/\/olu-limburg.de\/wp-content\/uploads\/2017\/09\/DSC08200_ergebnis.jpg 800w, https:\/\/olu-limburg.de\/wp-content\/uploads\/2017\/09\/DSC08200_ergebnis-300x225.jpg 300w, https:\/\/olu-limburg.de\/wp-content\/uploads\/2017\/09\/DSC08200_ergebnis-768x576.jpg 768w, https:\/\/olu-limburg.de\/wp-content\/uploads\/2017\/09\/DSC08200_ergebnis-624x468.jpg 624w\" sizes=\"auto, (max-width: 800px) 100vw, 800px\" \/><\/a><\/p>\n<p>&#8230; und gehen dann zu <a href=\"https:\/\/www.youtube.com\/watch?v=ITrVDzUyGhk\">Gocoo<\/a>, einer japanischen Percussionformation, an die Hauptb\u00fchne.<\/p>\n<p><a href=\"https:\/\/olu-limburg.de\/wp-content\/uploads\/2017\/09\/DSC08275_ergebnis.jpg\"><img loading=\"lazy\" decoding=\"async\" class=\"size-full wp-image-12420 aligncenter\" src=\"https:\/\/olu-limburg.de\/wp-content\/uploads\/2017\/09\/DSC08275_ergebnis.jpg\" alt=\"\" width=\"800\" height=\"600\" srcset=\"https:\/\/olu-limburg.de\/wp-content\/uploads\/2017\/09\/DSC08275_ergebnis.jpg 800w, https:\/\/olu-limburg.de\/wp-content\/uploads\/2017\/09\/DSC08275_ergebnis-300x225.jpg 300w, https:\/\/olu-limburg.de\/wp-content\/uploads\/2017\/09\/DSC08275_ergebnis-768x576.jpg 768w, https:\/\/olu-limburg.de\/wp-content\/uploads\/2017\/09\/DSC08275_ergebnis-624x468.jpg 624w\" sizes=\"auto, (max-width: 800px) 100vw, 800px\" \/><\/a><\/p>\n<p><a href=\"https:\/\/olu-limburg.de\/wp-content\/uploads\/2017\/09\/DSC08226_ergebnis.jpg\"><img loading=\"lazy\" decoding=\"async\" class=\"size-full wp-image-12415 aligncenter\" src=\"https:\/\/olu-limburg.de\/wp-content\/uploads\/2017\/09\/DSC08226_ergebnis.jpg\" alt=\"\" width=\"800\" height=\"600\" srcset=\"https:\/\/olu-limburg.de\/wp-content\/uploads\/2017\/09\/DSC08226_ergebnis.jpg 800w, https:\/\/olu-limburg.de\/wp-content\/uploads\/2017\/09\/DSC08226_ergebnis-300x225.jpg 300w, https:\/\/olu-limburg.de\/wp-content\/uploads\/2017\/09\/DSC08226_ergebnis-768x576.jpg 768w, https:\/\/olu-limburg.de\/wp-content\/uploads\/2017\/09\/DSC08226_ergebnis-624x468.jpg 624w\" sizes=\"auto, (max-width: 800px) 100vw, 800px\" \/><\/a><\/p>\n<p><a href=\"https:\/\/olu-limburg.de\/wp-content\/uploads\/2017\/09\/DSC08239_ergebnis.jpg\"><img loading=\"lazy\" decoding=\"async\" class=\"size-full wp-image-12416 aligncenter\" src=\"https:\/\/olu-limburg.de\/wp-content\/uploads\/2017\/09\/DSC08239_ergebnis.jpg\" alt=\"\" width=\"800\" height=\"600\" srcset=\"https:\/\/olu-limburg.de\/wp-content\/uploads\/2017\/09\/DSC08239_ergebnis.jpg 800w, https:\/\/olu-limburg.de\/wp-content\/uploads\/2017\/09\/DSC08239_ergebnis-300x225.jpg 300w, https:\/\/olu-limburg.de\/wp-content\/uploads\/2017\/09\/DSC08239_ergebnis-768x576.jpg 768w, https:\/\/olu-limburg.de\/wp-content\/uploads\/2017\/09\/DSC08239_ergebnis-624x468.jpg 624w\" sizes=\"auto, (max-width: 800px) 100vw, 800px\" \/><\/a><\/p>\n<p><a href=\"https:\/\/olu-limburg.de\/wp-content\/uploads\/2017\/09\/DSC08250_ergebnis.jpg\"><img loading=\"lazy\" decoding=\"async\" class=\"size-full wp-image-12417 aligncenter\" src=\"https:\/\/olu-limburg.de\/wp-content\/uploads\/2017\/09\/DSC08250_ergebnis.jpg\" alt=\"\" width=\"800\" height=\"600\" srcset=\"https:\/\/olu-limburg.de\/wp-content\/uploads\/2017\/09\/DSC08250_ergebnis.jpg 800w, https:\/\/olu-limburg.de\/wp-content\/uploads\/2017\/09\/DSC08250_ergebnis-300x225.jpg 300w, https:\/\/olu-limburg.de\/wp-content\/uploads\/2017\/09\/DSC08250_ergebnis-768x576.jpg 768w, https:\/\/olu-limburg.de\/wp-content\/uploads\/2017\/09\/DSC08250_ergebnis-624x468.jpg 624w\" sizes=\"auto, (max-width: 800px) 100vw, 800px\" \/><\/a><\/p>\n<p><a href=\"https:\/\/olu-limburg.de\/wp-content\/uploads\/2017\/09\/DSC08251_ergebnis.jpg\"><img loading=\"lazy\" decoding=\"async\" class=\"size-full wp-image-12418 aligncenter\" src=\"https:\/\/olu-limburg.de\/wp-content\/uploads\/2017\/09\/DSC08251_ergebnis.jpg\" alt=\"\" width=\"800\" height=\"600\" srcset=\"https:\/\/olu-limburg.de\/wp-content\/uploads\/2017\/09\/DSC08251_ergebnis.jpg 800w, https:\/\/olu-limburg.de\/wp-content\/uploads\/2017\/09\/DSC08251_ergebnis-300x225.jpg 300w, https:\/\/olu-limburg.de\/wp-content\/uploads\/2017\/09\/DSC08251_ergebnis-768x576.jpg 768w, https:\/\/olu-limburg.de\/wp-content\/uploads\/2017\/09\/DSC08251_ergebnis-624x468.jpg 624w\" sizes=\"auto, (max-width: 800px) 100vw, 800px\" \/><\/a><\/p>\n<p><a href=\"https:\/\/olu-limburg.de\/wp-content\/uploads\/2017\/09\/DSC08263_ergebnis.jpg\"><img loading=\"lazy\" decoding=\"async\" class=\"size-full wp-image-12419 aligncenter\" src=\"https:\/\/olu-limburg.de\/wp-content\/uploads\/2017\/09\/DSC08263_ergebnis.jpg\" alt=\"\" width=\"800\" height=\"600\" srcset=\"https:\/\/olu-limburg.de\/wp-content\/uploads\/2017\/09\/DSC08263_ergebnis.jpg 800w, https:\/\/olu-limburg.de\/wp-content\/uploads\/2017\/09\/DSC08263_ergebnis-300x225.jpg 300w, https:\/\/olu-limburg.de\/wp-content\/uploads\/2017\/09\/DSC08263_ergebnis-768x576.jpg 768w, https:\/\/olu-limburg.de\/wp-content\/uploads\/2017\/09\/DSC08263_ergebnis-624x468.jpg 624w\" sizes=\"auto, (max-width: 800px) 100vw, 800px\" \/><\/a><\/p>\n<div id=\"attachment_12421\" style=\"width: 460px\" class=\"wp-caption aligncenter\"><a href=\"https:\/\/olu-limburg.de\/wp-content\/uploads\/2017\/09\/DSC08281_ergebnis-e1507024836324.jpg\"><img loading=\"lazy\" decoding=\"async\" aria-describedby=\"caption-attachment-12421\" class=\"size-full wp-image-12421\" src=\"https:\/\/olu-limburg.de\/wp-content\/uploads\/2017\/09\/DSC08281_ergebnis-e1507024836324.jpg\" alt=\"\" width=\"450\" height=\"600\" \/><\/a><p id=\"caption-attachment-12421\" class=\"wp-caption-text\">Auch ein nachfolgender Musiker interessiert sich f\u00fcr die unglaubliche Performance.<\/p><\/div>\n<p>Mit m\u00fcden F\u00fc\u00dfen schleppen wir uns so um 21.00 Uhr wieder zu unserem Wohnmobil zur\u00fcck. Der P8 liegt wirklich ideal. Wir laufen 5 Minuten und sind da. Die letzten Male mussten wir auf einen Pendelbus warten und hoffen, dass wir mitgenommen werden k\u00f6nnen.<\/p>\n<p>Tagesstrecke: 0 km<\/p>\n<p>&nbsp;<\/p>\n<p><strong>Samstag, 12. August 2017<\/strong><\/p>\n<p>Nachdem es heute Nacht noch einmal geregnet hat, scheint nun wieder die Sonne und es wird richtig warm. Wir faulenzen noch etwas, bevor wir unsere Meeresfr\u00fcchteplatte im Carrefour abholen.<\/p>\n<div id=\"attachment_12422\" style=\"width: 810px\" class=\"wp-caption alignnone\"><a href=\"https:\/\/olu-limburg.de\/wp-content\/uploads\/2017\/09\/DSC08290_ergebnis.jpg\"><img loading=\"lazy\" decoding=\"async\" aria-describedby=\"caption-attachment-12422\" class=\"wp-image-12422 size-full\" src=\"https:\/\/olu-limburg.de\/wp-content\/uploads\/2017\/09\/DSC08290_ergebnis.jpg\" alt=\"\" width=\"800\" height=\"600\" srcset=\"https:\/\/olu-limburg.de\/wp-content\/uploads\/2017\/09\/DSC08290_ergebnis.jpg 800w, https:\/\/olu-limburg.de\/wp-content\/uploads\/2017\/09\/DSC08290_ergebnis-300x225.jpg 300w, https:\/\/olu-limburg.de\/wp-content\/uploads\/2017\/09\/DSC08290_ergebnis-768x576.jpg 768w, https:\/\/olu-limburg.de\/wp-content\/uploads\/2017\/09\/DSC08290_ergebnis-624x468.jpg 624w\" sizes=\"auto, (max-width: 800px) 100vw, 800px\" \/><\/a><p id=\"caption-attachment-12422\" class=\"wp-caption-text\">Vorspeise: Melone mit Hochprozentigem<\/p><\/div>\n<div id=\"attachment_12423\" style=\"width: 810px\" class=\"wp-caption alignnone\"><a href=\"https:\/\/olu-limburg.de\/wp-content\/uploads\/2017\/09\/DSC08291_ergebnis.jpg\"><img loading=\"lazy\" decoding=\"async\" aria-describedby=\"caption-attachment-12423\" class=\"size-full wp-image-12423\" src=\"https:\/\/olu-limburg.de\/wp-content\/uploads\/2017\/09\/DSC08291_ergebnis.jpg\" alt=\"\" width=\"800\" height=\"600\" srcset=\"https:\/\/olu-limburg.de\/wp-content\/uploads\/2017\/09\/DSC08291_ergebnis.jpg 800w, https:\/\/olu-limburg.de\/wp-content\/uploads\/2017\/09\/DSC08291_ergebnis-300x225.jpg 300w, https:\/\/olu-limburg.de\/wp-content\/uploads\/2017\/09\/DSC08291_ergebnis-768x576.jpg 768w, https:\/\/olu-limburg.de\/wp-content\/uploads\/2017\/09\/DSC08291_ergebnis-624x468.jpg 624w\" sizes=\"auto, (max-width: 800px) 100vw, 800px\" \/><\/a><p id=\"caption-attachment-12423\" class=\"wp-caption-text\">&#8222;Tonnerre de Brest&#8220;<\/p><\/div>\n<p><a href=\"https:\/\/olu-limburg.de\/wp-content\/uploads\/2017\/09\/DSC08292_ergebnis.jpg\"><img loading=\"lazy\" decoding=\"async\" class=\"alignnone size-full wp-image-12424\" src=\"https:\/\/olu-limburg.de\/wp-content\/uploads\/2017\/09\/DSC08292_ergebnis.jpg\" alt=\"\" width=\"800\" height=\"600\" srcset=\"https:\/\/olu-limburg.de\/wp-content\/uploads\/2017\/09\/DSC08292_ergebnis.jpg 800w, https:\/\/olu-limburg.de\/wp-content\/uploads\/2017\/09\/DSC08292_ergebnis-300x225.jpg 300w, https:\/\/olu-limburg.de\/wp-content\/uploads\/2017\/09\/DSC08292_ergebnis-768x576.jpg 768w, https:\/\/olu-limburg.de\/wp-content\/uploads\/2017\/09\/DSC08292_ergebnis-624x468.jpg 624w\" sizes=\"auto, (max-width: 800px) 100vw, 800px\" \/><\/a><\/p>\n<p>Gut gest\u00e4rkt und bei herrlichem Wetter zieht es uns zum Hafen. Die Aktionen rund um die Quais sind schon im Gange.<\/p>\n<p><a href=\"https:\/\/olu-limburg.de\/wp-content\/uploads\/2017\/09\/DSC08297_ergebnis-e1507045732225.jpg\"><img loading=\"lazy\" decoding=\"async\" class=\"size-full wp-image-12433 alignleft\" src=\"https:\/\/olu-limburg.de\/wp-content\/uploads\/2017\/09\/DSC08297_ergebnis-e1507045732225.jpg\" alt=\"\" width=\"450\" height=\"600\" \/><\/a><\/p>\n<p><a href=\"https:\/\/olu-limburg.de\/wp-content\/uploads\/2017\/09\/DSC08300_ergebnis-e1507045768829.jpg\"><img loading=\"lazy\" decoding=\"async\" class=\"size-full wp-image-12434 alignright\" src=\"https:\/\/olu-limburg.de\/wp-content\/uploads\/2017\/09\/DSC08300_ergebnis-e1507045768829.jpg\" alt=\"\" width=\"450\" height=\"600\" \/><\/a><\/p>\n<p><a href=\"https:\/\/olu-limburg.de\/wp-content\/uploads\/2017\/09\/DSC08313_ergebnis.jpg\"><img loading=\"lazy\" decoding=\"async\" class=\"size-full wp-image-12437 aligncenter\" src=\"https:\/\/olu-limburg.de\/wp-content\/uploads\/2017\/09\/DSC08313_ergebnis.jpg\" alt=\"\" width=\"800\" height=\"600\" srcset=\"https:\/\/olu-limburg.de\/wp-content\/uploads\/2017\/09\/DSC08313_ergebnis.jpg 800w, https:\/\/olu-limburg.de\/wp-content\/uploads\/2017\/09\/DSC08313_ergebnis-300x225.jpg 300w, https:\/\/olu-limburg.de\/wp-content\/uploads\/2017\/09\/DSC08313_ergebnis-768x576.jpg 768w, https:\/\/olu-limburg.de\/wp-content\/uploads\/2017\/09\/DSC08313_ergebnis-624x468.jpg 624w\" sizes=\"auto, (max-width: 800px) 100vw, 800px\" \/><\/a><\/p>\n<p>Unser Ziel ist aber die korsich-bretonische Gruppe &#8222;Kanditerra&#8220; im Cabaretzelt Michel Tonnerre. Der polyphonische Gesang dieses Frauenensembles war ganz einfach toll.<\/p>\n<p><a href=\"https:\/\/olu-limburg.de\/wp-content\/uploads\/2017\/09\/DSC08309_ergebnis.jpg\"><img loading=\"lazy\" decoding=\"async\" class=\"alignnone size-full wp-image-12435\" src=\"https:\/\/olu-limburg.de\/wp-content\/uploads\/2017\/09\/DSC08309_ergebnis.jpg\" alt=\"\" width=\"800\" height=\"600\" srcset=\"https:\/\/olu-limburg.de\/wp-content\/uploads\/2017\/09\/DSC08309_ergebnis.jpg 800w, https:\/\/olu-limburg.de\/wp-content\/uploads\/2017\/09\/DSC08309_ergebnis-300x225.jpg 300w, https:\/\/olu-limburg.de\/wp-content\/uploads\/2017\/09\/DSC08309_ergebnis-768x576.jpg 768w, https:\/\/olu-limburg.de\/wp-content\/uploads\/2017\/09\/DSC08309_ergebnis-624x468.jpg 624w\" sizes=\"auto, (max-width: 800px) 100vw, 800px\" \/><\/a><\/p>\n<p>Auch so etwas gibt es auf den Quais beim Abspielen der &#8222;heimlichen&#8220; bretonischen Nationalhymne (Hand aufs Herz).<\/p>\n<p><a href=\"https:\/\/olu-limburg.de\/wp-content\/uploads\/2017\/09\/DSC08312_ergebnis.jpg\"><img loading=\"lazy\" decoding=\"async\" class=\"size-full wp-image-12438 aligncenter\" src=\"https:\/\/olu-limburg.de\/wp-content\/uploads\/2017\/09\/DSC08312_ergebnis.jpg\" alt=\"\" width=\"800\" height=\"600\" srcset=\"https:\/\/olu-limburg.de\/wp-content\/uploads\/2017\/09\/DSC08312_ergebnis.jpg 800w, https:\/\/olu-limburg.de\/wp-content\/uploads\/2017\/09\/DSC08312_ergebnis-300x225.jpg 300w, https:\/\/olu-limburg.de\/wp-content\/uploads\/2017\/09\/DSC08312_ergebnis-768x576.jpg 768w, https:\/\/olu-limburg.de\/wp-content\/uploads\/2017\/09\/DSC08312_ergebnis-624x468.jpg 624w\" sizes=\"auto, (max-width: 800px) 100vw, 800px\" \/><\/a><\/p>\n<p><a href=\"https:\/\/olu-limburg.de\/wp-content\/uploads\/2017\/09\/DSC08319_ergebnis.jpg\"><img loading=\"lazy\" decoding=\"async\" class=\"size-full wp-image-12442 aligncenter\" src=\"https:\/\/olu-limburg.de\/wp-content\/uploads\/2017\/09\/DSC08319_ergebnis.jpg\" alt=\"\" width=\"800\" height=\"600\" srcset=\"https:\/\/olu-limburg.de\/wp-content\/uploads\/2017\/09\/DSC08319_ergebnis.jpg 800w, https:\/\/olu-limburg.de\/wp-content\/uploads\/2017\/09\/DSC08319_ergebnis-300x225.jpg 300w, https:\/\/olu-limburg.de\/wp-content\/uploads\/2017\/09\/DSC08319_ergebnis-768x576.jpg 768w, https:\/\/olu-limburg.de\/wp-content\/uploads\/2017\/09\/DSC08319_ergebnis-624x468.jpg 624w\" sizes=\"auto, (max-width: 800px) 100vw, 800px\" \/><\/a><\/p>\n<div id=\"attachment_12440\" style=\"width: 810px\" class=\"wp-caption aligncenter\"><a href=\"https:\/\/olu-limburg.de\/wp-content\/uploads\/2017\/09\/DSC08316_ergebnis.jpg\"><img loading=\"lazy\" decoding=\"async\" aria-describedby=\"caption-attachment-12440\" class=\"size-full wp-image-12440\" src=\"https:\/\/olu-limburg.de\/wp-content\/uploads\/2017\/09\/DSC08316_ergebnis.jpg\" alt=\"\" width=\"800\" height=\"600\" srcset=\"https:\/\/olu-limburg.de\/wp-content\/uploads\/2017\/09\/DSC08316_ergebnis.jpg 800w, https:\/\/olu-limburg.de\/wp-content\/uploads\/2017\/09\/DSC08316_ergebnis-300x225.jpg 300w, https:\/\/olu-limburg.de\/wp-content\/uploads\/2017\/09\/DSC08316_ergebnis-768x576.jpg 768w, https:\/\/olu-limburg.de\/wp-content\/uploads\/2017\/09\/DSC08316_ergebnis-624x468.jpg 624w\" sizes=\"auto, (max-width: 800px) 100vw, 800px\" \/><\/a><p id=\"caption-attachment-12440\" class=\"wp-caption-text\">The Kimber&#8217;s Men<\/p><\/div>\n<p><a href=\"https:\/\/olu-limburg.de\/wp-content\/uploads\/2017\/09\/DSC08318_ergebnis.jpg\"><img loading=\"lazy\" decoding=\"async\" class=\"size-full wp-image-12441 aligncenter\" src=\"https:\/\/olu-limburg.de\/wp-content\/uploads\/2017\/09\/DSC08318_ergebnis.jpg\" alt=\"\" width=\"800\" height=\"600\" srcset=\"https:\/\/olu-limburg.de\/wp-content\/uploads\/2017\/09\/DSC08318_ergebnis.jpg 800w, https:\/\/olu-limburg.de\/wp-content\/uploads\/2017\/09\/DSC08318_ergebnis-300x225.jpg 300w, https:\/\/olu-limburg.de\/wp-content\/uploads\/2017\/09\/DSC08318_ergebnis-768x576.jpg 768w, https:\/\/olu-limburg.de\/wp-content\/uploads\/2017\/09\/DSC08318_ergebnis-624x468.jpg 624w\" sizes=\"auto, (max-width: 800px) 100vw, 800px\" \/><\/a><\/p>\n<p><a href=\"https:\/\/olu-limburg.de\/wp-content\/uploads\/2017\/09\/DSC08328_ergebnis-e1507047443610.jpg\"><img loading=\"lazy\" decoding=\"async\" class=\"size-full wp-image-12444 alignleft\" src=\"https:\/\/olu-limburg.de\/wp-content\/uploads\/2017\/09\/DSC08328_ergebnis-e1507047443610.jpg\" alt=\"\" width=\"450\" height=\"600\" \/><\/a><\/p>\n<div id=\"attachment_12446\" style=\"width: 460px\" class=\"wp-caption alignright\"><a href=\"https:\/\/olu-limburg.de\/wp-content\/uploads\/2017\/09\/DSC08334_ergebnis-e1507047496731.jpg\"><img loading=\"lazy\" decoding=\"async\" aria-describedby=\"caption-attachment-12446\" class=\"size-full wp-image-12446\" src=\"https:\/\/olu-limburg.de\/wp-content\/uploads\/2017\/09\/DSC08334_ergebnis-e1507047496731.jpg\" alt=\"\" width=\"450\" height=\"600\" \/><\/a><p id=\"caption-attachment-12446\" class=\"wp-caption-text\">der Versorgungs-Express<\/p><\/div>\n<p><a href=\"https:\/\/olu-limburg.de\/wp-content\/uploads\/2017\/09\/DSC08320_ergebnis.jpg\"><img loading=\"lazy\" decoding=\"async\" class=\"size-full wp-image-12443 aligncenter\" src=\"https:\/\/olu-limburg.de\/wp-content\/uploads\/2017\/09\/DSC08320_ergebnis.jpg\" alt=\"\" width=\"800\" height=\"600\" srcset=\"https:\/\/olu-limburg.de\/wp-content\/uploads\/2017\/09\/DSC08320_ergebnis.jpg 800w, https:\/\/olu-limburg.de\/wp-content\/uploads\/2017\/09\/DSC08320_ergebnis-300x225.jpg 300w, https:\/\/olu-limburg.de\/wp-content\/uploads\/2017\/09\/DSC08320_ergebnis-768x576.jpg 768w, https:\/\/olu-limburg.de\/wp-content\/uploads\/2017\/09\/DSC08320_ergebnis-624x468.jpg 624w\" sizes=\"auto, (max-width: 800px) 100vw, 800px\" \/><\/a><\/p>\n<p><a href=\"https:\/\/olu-limburg.de\/wp-content\/uploads\/2017\/09\/DSC08332_ergebnis.jpg\"><img loading=\"lazy\" decoding=\"async\" class=\"size-full wp-image-12445 aligncenter\" src=\"https:\/\/olu-limburg.de\/wp-content\/uploads\/2017\/09\/DSC08332_ergebnis.jpg\" alt=\"\" width=\"800\" height=\"600\" srcset=\"https:\/\/olu-limburg.de\/wp-content\/uploads\/2017\/09\/DSC08332_ergebnis.jpg 800w, https:\/\/olu-limburg.de\/wp-content\/uploads\/2017\/09\/DSC08332_ergebnis-300x225.jpg 300w, https:\/\/olu-limburg.de\/wp-content\/uploads\/2017\/09\/DSC08332_ergebnis-768x576.jpg 768w, https:\/\/olu-limburg.de\/wp-content\/uploads\/2017\/09\/DSC08332_ergebnis-624x468.jpg 624w\" sizes=\"auto, (max-width: 800px) 100vw, 800px\" \/><\/a><\/p>\n<p><a href=\"https:\/\/olu-limburg.de\/wp-content\/uploads\/2017\/09\/DSC08349_ergebnis.jpg\"><img loading=\"lazy\" decoding=\"async\" class=\"size-full wp-image-12448 aligncenter\" src=\"https:\/\/olu-limburg.de\/wp-content\/uploads\/2017\/09\/DSC08349_ergebnis.jpg\" alt=\"\" width=\"800\" height=\"600\" srcset=\"https:\/\/olu-limburg.de\/wp-content\/uploads\/2017\/09\/DSC08349_ergebnis.jpg 800w, https:\/\/olu-limburg.de\/wp-content\/uploads\/2017\/09\/DSC08349_ergebnis-300x225.jpg 300w, https:\/\/olu-limburg.de\/wp-content\/uploads\/2017\/09\/DSC08349_ergebnis-768x576.jpg 768w, https:\/\/olu-limburg.de\/wp-content\/uploads\/2017\/09\/DSC08349_ergebnis-624x468.jpg 624w\" sizes=\"auto, (max-width: 800px) 100vw, 800px\" \/><\/a><\/p>\n<p>So langsam bewegen wir uns zur Hauptb\u00fchne &#8222;Sc\u00e8ne Stan Hugil&#8220; um den Altmeister des bretonischen Harfen-Rock, <a href=\"https:\/\/www.youtube.com\/watch?v=UkDRL1Di0VE\">Alan Stivell<\/a>, hautnah erleben zu k\u00f6nnen.<\/p>\n<p><a href=\"https:\/\/olu-limburg.de\/wp-content\/uploads\/2017\/09\/DSC08386_ergebnis.jpg\"><img loading=\"lazy\" decoding=\"async\" class=\"size-full wp-image-12454 aligncenter\" src=\"https:\/\/olu-limburg.de\/wp-content\/uploads\/2017\/09\/DSC08386_ergebnis.jpg\" alt=\"\" width=\"800\" height=\"600\" srcset=\"https:\/\/olu-limburg.de\/wp-content\/uploads\/2017\/09\/DSC08386_ergebnis.jpg 800w, https:\/\/olu-limburg.de\/wp-content\/uploads\/2017\/09\/DSC08386_ergebnis-300x225.jpg 300w, https:\/\/olu-limburg.de\/wp-content\/uploads\/2017\/09\/DSC08386_ergebnis-768x576.jpg 768w, https:\/\/olu-limburg.de\/wp-content\/uploads\/2017\/09\/DSC08386_ergebnis-624x468.jpg 624w\" sizes=\"auto, (max-width: 800px) 100vw, 800px\" \/><\/a><\/p>\n<p><a href=\"https:\/\/olu-limburg.de\/wp-content\/uploads\/2017\/09\/DSC08363_ergebnis-e1507049501878.jpg\"><img loading=\"lazy\" decoding=\"async\" class=\"size-full wp-image-12450 alignleft\" src=\"https:\/\/olu-limburg.de\/wp-content\/uploads\/2017\/09\/DSC08363_ergebnis-e1507049501878.jpg\" alt=\"\" width=\"450\" height=\"600\" \/><\/a><\/p>\n<p><a href=\"https:\/\/olu-limburg.de\/wp-content\/uploads\/2017\/09\/DSC08368_ergebnis-e1507049547934.jpg\"><img loading=\"lazy\" decoding=\"async\" class=\"size-full wp-image-12451 alignright\" src=\"https:\/\/olu-limburg.de\/wp-content\/uploads\/2017\/09\/DSC08368_ergebnis-e1507049547934.jpg\" alt=\"\" width=\"450\" height=\"600\" \/><\/a><\/p>\n<p><a href=\"https:\/\/olu-limburg.de\/wp-content\/uploads\/2017\/09\/DSC08381_ergebnis-e1507049571446.jpg\"><img loading=\"lazy\" decoding=\"async\" class=\"size-full wp-image-12452 alignleft\" src=\"https:\/\/olu-limburg.de\/wp-content\/uploads\/2017\/09\/DSC08381_ergebnis-e1507049571446.jpg\" alt=\"\" width=\"450\" height=\"600\" \/><\/a><\/p>\n<p><a href=\"https:\/\/olu-limburg.de\/wp-content\/uploads\/2017\/09\/DSC08382_ergebnis-e1507049593197.jpg\"><img loading=\"lazy\" decoding=\"async\" class=\"size-full wp-image-12453 alignright\" src=\"https:\/\/olu-limburg.de\/wp-content\/uploads\/2017\/09\/DSC08382_ergebnis-e1507049593197.jpg\" alt=\"\" width=\"450\" height=\"600\" \/><\/a><\/p>\n<div id=\"attachment_12455\" style=\"width: 810px\" class=\"wp-caption aligncenter\"><a href=\"https:\/\/olu-limburg.de\/wp-content\/uploads\/2017\/09\/DSC08392_ergebnis.jpg\"><img loading=\"lazy\" decoding=\"async\" aria-describedby=\"caption-attachment-12455\" class=\"size-full wp-image-12455\" src=\"https:\/\/olu-limburg.de\/wp-content\/uploads\/2017\/09\/DSC08392_ergebnis.jpg\" alt=\"\" width=\"800\" height=\"600\" srcset=\"https:\/\/olu-limburg.de\/wp-content\/uploads\/2017\/09\/DSC08392_ergebnis.jpg 800w, https:\/\/olu-limburg.de\/wp-content\/uploads\/2017\/09\/DSC08392_ergebnis-300x225.jpg 300w, https:\/\/olu-limburg.de\/wp-content\/uploads\/2017\/09\/DSC08392_ergebnis-768x576.jpg 768w, https:\/\/olu-limburg.de\/wp-content\/uploads\/2017\/09\/DSC08392_ergebnis-624x468.jpg 624w\" sizes=\"auto, (max-width: 800px) 100vw, 800px\" \/><\/a><p id=\"caption-attachment-12455\" class=\"wp-caption-text\">Alan Stivell und Gabriel Yacoub (Chef von Malicorne)<\/p><\/div>\n<p>Auf unserem Heimweg genie\u00dfen wir die Abendruhe in der Altstadt von Paimpol.<\/p>\n<p><a href=\"https:\/\/olu-limburg.de\/wp-content\/uploads\/2017\/09\/DSC08393_ergebnis.jpg\"><img loading=\"lazy\" decoding=\"async\" class=\"alignnone size-full wp-image-12456\" src=\"https:\/\/olu-limburg.de\/wp-content\/uploads\/2017\/09\/DSC08393_ergebnis.jpg\" alt=\"\" width=\"800\" height=\"600\" srcset=\"https:\/\/olu-limburg.de\/wp-content\/uploads\/2017\/09\/DSC08393_ergebnis.jpg 800w, https:\/\/olu-limburg.de\/wp-content\/uploads\/2017\/09\/DSC08393_ergebnis-300x225.jpg 300w, https:\/\/olu-limburg.de\/wp-content\/uploads\/2017\/09\/DSC08393_ergebnis-768x576.jpg 768w, https:\/\/olu-limburg.de\/wp-content\/uploads\/2017\/09\/DSC08393_ergebnis-624x468.jpg 624w\" sizes=\"auto, (max-width: 800px) 100vw, 800px\" \/><\/a><\/p>\n<p><a href=\"https:\/\/olu-limburg.de\/wp-content\/uploads\/2017\/09\/DSC08395_ergebnis.jpg\"><img loading=\"lazy\" decoding=\"async\" class=\"alignnone size-full wp-image-12457\" src=\"https:\/\/olu-limburg.de\/wp-content\/uploads\/2017\/09\/DSC08395_ergebnis.jpg\" alt=\"\" width=\"800\" height=\"600\" srcset=\"https:\/\/olu-limburg.de\/wp-content\/uploads\/2017\/09\/DSC08395_ergebnis.jpg 800w, https:\/\/olu-limburg.de\/wp-content\/uploads\/2017\/09\/DSC08395_ergebnis-300x225.jpg 300w, https:\/\/olu-limburg.de\/wp-content\/uploads\/2017\/09\/DSC08395_ergebnis-768x576.jpg 768w, https:\/\/olu-limburg.de\/wp-content\/uploads\/2017\/09\/DSC08395_ergebnis-624x468.jpg 624w\" sizes=\"auto, (max-width: 800px) 100vw, 800px\" \/><\/a><\/p>\n<p>Tagesstrecke: 0 km<\/p>\n<p>&nbsp;<\/p>\n<p><strong>Sonntag, 13. August 2017<\/strong><\/p>\n<p>Heute essen wir am Hafen in einem Restaurant Moules, ziehen noch mal kurz um die Ecken und ruhen uns dann im Wohnmobil f\u00fcr die kommende bretonische Session aus Louis Capart, Gwennyn und Gilles Servat aus.<\/p>\n<p><a href=\"https:\/\/olu-limburg.de\/wp-content\/uploads\/2017\/09\/DSC08400_ergebnis.jpg\"><img loading=\"lazy\" decoding=\"async\" class=\"size-full wp-image-12459 aligncenter\" src=\"https:\/\/olu-limburg.de\/wp-content\/uploads\/2017\/09\/DSC08400_ergebnis.jpg\" alt=\"\" width=\"800\" height=\"600\" srcset=\"https:\/\/olu-limburg.de\/wp-content\/uploads\/2017\/09\/DSC08400_ergebnis.jpg 800w, https:\/\/olu-limburg.de\/wp-content\/uploads\/2017\/09\/DSC08400_ergebnis-300x225.jpg 300w, https:\/\/olu-limburg.de\/wp-content\/uploads\/2017\/09\/DSC08400_ergebnis-768x576.jpg 768w, https:\/\/olu-limburg.de\/wp-content\/uploads\/2017\/09\/DSC08400_ergebnis-624x468.jpg 624w\" sizes=\"auto, (max-width: 800px) 100vw, 800px\" \/><\/a><\/p>\n<p><a href=\"https:\/\/olu-limburg.de\/wp-content\/uploads\/2017\/09\/DSC08406_ergebnis.jpg\"><img loading=\"lazy\" decoding=\"async\" class=\"size-full wp-image-12460 aligncenter\" src=\"https:\/\/olu-limburg.de\/wp-content\/uploads\/2017\/09\/DSC08406_ergebnis.jpg\" alt=\"\" width=\"800\" height=\"600\" srcset=\"https:\/\/olu-limburg.de\/wp-content\/uploads\/2017\/09\/DSC08406_ergebnis.jpg 800w, https:\/\/olu-limburg.de\/wp-content\/uploads\/2017\/09\/DSC08406_ergebnis-300x225.jpg 300w, https:\/\/olu-limburg.de\/wp-content\/uploads\/2017\/09\/DSC08406_ergebnis-768x576.jpg 768w, https:\/\/olu-limburg.de\/wp-content\/uploads\/2017\/09\/DSC08406_ergebnis-624x468.jpg 624w\" sizes=\"auto, (max-width: 800px) 100vw, 800px\" \/><\/a><\/p>\n<p><a href=\"https:\/\/olu-limburg.de\/wp-content\/uploads\/2017\/09\/DSC08408_ergebnis-e1507051339607.jpg\"><img loading=\"lazy\" decoding=\"async\" class=\"size-full wp-image-12461 alignleft\" src=\"https:\/\/olu-limburg.de\/wp-content\/uploads\/2017\/09\/DSC08408_ergebnis-e1507051339607.jpg\" alt=\"\" width=\"450\" height=\"600\" \/><\/a><\/p>\n<p><a href=\"https:\/\/olu-limburg.de\/wp-content\/uploads\/2017\/09\/DSC08424_ergebnis-e1507051366364.jpg\"><img loading=\"lazy\" decoding=\"async\" class=\"size-full wp-image-12466 alignright\" src=\"https:\/\/olu-limburg.de\/wp-content\/uploads\/2017\/09\/DSC08424_ergebnis-e1507051366364.jpg\" alt=\"\" width=\"450\" height=\"600\" \/><\/a><\/p>\n<p><a href=\"https:\/\/olu-limburg.de\/wp-content\/uploads\/2017\/09\/DSC08422_ergebnis.jpg\"><img loading=\"lazy\" decoding=\"async\" class=\"size-full wp-image-12464 aligncenter\" src=\"https:\/\/olu-limburg.de\/wp-content\/uploads\/2017\/09\/DSC08422_ergebnis.jpg\" alt=\"\" width=\"800\" height=\"600\" srcset=\"https:\/\/olu-limburg.de\/wp-content\/uploads\/2017\/09\/DSC08422_ergebnis.jpg 800w, https:\/\/olu-limburg.de\/wp-content\/uploads\/2017\/09\/DSC08422_ergebnis-300x225.jpg 300w, https:\/\/olu-limburg.de\/wp-content\/uploads\/2017\/09\/DSC08422_ergebnis-768x576.jpg 768w, https:\/\/olu-limburg.de\/wp-content\/uploads\/2017\/09\/DSC08422_ergebnis-624x468.jpg 624w\" sizes=\"auto, (max-width: 800px) 100vw, 800px\" \/><\/a><\/p>\n<p><a href=\"https:\/\/olu-limburg.de\/wp-content\/uploads\/2017\/09\/DSC08429_ergebnis.jpg\"><img loading=\"lazy\" decoding=\"async\" class=\"size-full wp-image-12467 aligncenter\" src=\"https:\/\/olu-limburg.de\/wp-content\/uploads\/2017\/09\/DSC08429_ergebnis.jpg\" alt=\"\" width=\"800\" height=\"600\" srcset=\"https:\/\/olu-limburg.de\/wp-content\/uploads\/2017\/09\/DSC08429_ergebnis.jpg 800w, https:\/\/olu-limburg.de\/wp-content\/uploads\/2017\/09\/DSC08429_ergebnis-300x225.jpg 300w, https:\/\/olu-limburg.de\/wp-content\/uploads\/2017\/09\/DSC08429_ergebnis-768x576.jpg 768w, https:\/\/olu-limburg.de\/wp-content\/uploads\/2017\/09\/DSC08429_ergebnis-624x468.jpg 624w\" sizes=\"auto, (max-width: 800px) 100vw, 800px\" \/><\/a><\/p>\n<p>Im Cabaret stehen die Zuh\u00f6rer dicht gedr\u00e4ngt, um <a href=\"https:\/\/www.youtube.com\/watch?v=TBfstyjWGA8\">Louis Capart<\/a> um einen der &#8222;Ihren&#8220; von der Ile de Sein zu h\u00f6ren. Bei dem Lied &#8222;Loguivy de la mer&#8220; stimmen alle beim Refrain ein und singen lauthals mit. Ich kann mir \u00fcberhaupt nicht vorstellen, dass bei uns bei einem Lied \u00fcber den Nachbarort, wo vielleicht noch alte Feindschaften herrschen, so mitgesungen wird.<\/p>\n<p><a href=\"https:\/\/olu-limburg.de\/wp-content\/uploads\/2017\/09\/DSC08412_ergebnis.jpg\"><img loading=\"lazy\" decoding=\"async\" class=\"size-full wp-image-12463 aligncenter\" src=\"https:\/\/olu-limburg.de\/wp-content\/uploads\/2017\/09\/DSC08412_ergebnis.jpg\" alt=\"\" width=\"800\" height=\"600\" srcset=\"https:\/\/olu-limburg.de\/wp-content\/uploads\/2017\/09\/DSC08412_ergebnis.jpg 800w, https:\/\/olu-limburg.de\/wp-content\/uploads\/2017\/09\/DSC08412_ergebnis-300x225.jpg 300w, https:\/\/olu-limburg.de\/wp-content\/uploads\/2017\/09\/DSC08412_ergebnis-768x576.jpg 768w, https:\/\/olu-limburg.de\/wp-content\/uploads\/2017\/09\/DSC08412_ergebnis-624x468.jpg 624w\" sizes=\"auto, (max-width: 800px) 100vw, 800px\" \/><\/a><\/p>\n<p><a href=\"https:\/\/olu-limburg.de\/wp-content\/uploads\/2017\/09\/DSC08409_ergebnis.jpg\"><img loading=\"lazy\" decoding=\"async\" class=\"size-full wp-image-12462 aligncenter\" src=\"https:\/\/olu-limburg.de\/wp-content\/uploads\/2017\/09\/DSC08409_ergebnis.jpg\" alt=\"\" width=\"800\" height=\"600\" srcset=\"https:\/\/olu-limburg.de\/wp-content\/uploads\/2017\/09\/DSC08409_ergebnis.jpg 800w, https:\/\/olu-limburg.de\/wp-content\/uploads\/2017\/09\/DSC08409_ergebnis-300x225.jpg 300w, https:\/\/olu-limburg.de\/wp-content\/uploads\/2017\/09\/DSC08409_ergebnis-768x576.jpg 768w, https:\/\/olu-limburg.de\/wp-content\/uploads\/2017\/09\/DSC08409_ergebnis-624x468.jpg 624w\" sizes=\"auto, (max-width: 800px) 100vw, 800px\" \/><\/a><\/p>\n<p>So langsam wird es um den Hafen ruhiger.<\/p>\n<p><a href=\"https:\/\/olu-limburg.de\/wp-content\/uploads\/2017\/09\/DSC08423_ergebnis-e1507052456997.jpg\"><img loading=\"lazy\" decoding=\"async\" class=\"size-full wp-image-12465 aligncenter\" src=\"https:\/\/olu-limburg.de\/wp-content\/uploads\/2017\/09\/DSC08423_ergebnis-e1507052456997.jpg\" alt=\"\" width=\"450\" height=\"600\" \/><\/a><\/p>\n<p><a href=\"https:\/\/olu-limburg.de\/wp-content\/uploads\/2017\/09\/DSC08432_ergebnis.jpg\"><img loading=\"lazy\" decoding=\"async\" class=\"size-full wp-image-12468 aligncenter\" src=\"https:\/\/olu-limburg.de\/wp-content\/uploads\/2017\/09\/DSC08432_ergebnis.jpg\" alt=\"\" width=\"800\" height=\"600\" srcset=\"https:\/\/olu-limburg.de\/wp-content\/uploads\/2017\/09\/DSC08432_ergebnis.jpg 800w, https:\/\/olu-limburg.de\/wp-content\/uploads\/2017\/09\/DSC08432_ergebnis-300x225.jpg 300w, https:\/\/olu-limburg.de\/wp-content\/uploads\/2017\/09\/DSC08432_ergebnis-768x576.jpg 768w, https:\/\/olu-limburg.de\/wp-content\/uploads\/2017\/09\/DSC08432_ergebnis-624x468.jpg 624w\" sizes=\"auto, (max-width: 800px) 100vw, 800px\" \/><\/a><\/p>\n<p><a href=\"https:\/\/olu-limburg.de\/wp-content\/uploads\/2017\/09\/DSC08435_ergebnis.jpg\"><img loading=\"lazy\" decoding=\"async\" class=\"size-full wp-image-12469 aligncenter\" src=\"https:\/\/olu-limburg.de\/wp-content\/uploads\/2017\/09\/DSC08435_ergebnis.jpg\" alt=\"\" width=\"800\" height=\"600\" srcset=\"https:\/\/olu-limburg.de\/wp-content\/uploads\/2017\/09\/DSC08435_ergebnis.jpg 800w, https:\/\/olu-limburg.de\/wp-content\/uploads\/2017\/09\/DSC08435_ergebnis-300x225.jpg 300w, https:\/\/olu-limburg.de\/wp-content\/uploads\/2017\/09\/DSC08435_ergebnis-768x576.jpg 768w, https:\/\/olu-limburg.de\/wp-content\/uploads\/2017\/09\/DSC08435_ergebnis-624x468.jpg 624w\" sizes=\"auto, (max-width: 800px) 100vw, 800px\" \/><\/a><\/p>\n<p><a href=\"https:\/\/olu-limburg.de\/wp-content\/uploads\/2017\/09\/DSC08436_ergebnis.jpg\"><img loading=\"lazy\" decoding=\"async\" class=\"size-full wp-image-12470 aligncenter\" src=\"https:\/\/olu-limburg.de\/wp-content\/uploads\/2017\/09\/DSC08436_ergebnis.jpg\" alt=\"\" width=\"800\" height=\"600\" srcset=\"https:\/\/olu-limburg.de\/wp-content\/uploads\/2017\/09\/DSC08436_ergebnis.jpg 800w, https:\/\/olu-limburg.de\/wp-content\/uploads\/2017\/09\/DSC08436_ergebnis-300x225.jpg 300w, https:\/\/olu-limburg.de\/wp-content\/uploads\/2017\/09\/DSC08436_ergebnis-768x576.jpg 768w, https:\/\/olu-limburg.de\/wp-content\/uploads\/2017\/09\/DSC08436_ergebnis-624x468.jpg 624w\" sizes=\"auto, (max-width: 800px) 100vw, 800px\" \/><\/a><\/p>\n<p><a href=\"https:\/\/olu-limburg.de\/wp-content\/uploads\/2017\/09\/DSC08441_ergebnis.jpg\"><img loading=\"lazy\" decoding=\"async\" class=\"size-full wp-image-12471 aligncenter\" src=\"https:\/\/olu-limburg.de\/wp-content\/uploads\/2017\/09\/DSC08441_ergebnis.jpg\" alt=\"\" width=\"800\" height=\"600\" srcset=\"https:\/\/olu-limburg.de\/wp-content\/uploads\/2017\/09\/DSC08441_ergebnis.jpg 800w, https:\/\/olu-limburg.de\/wp-content\/uploads\/2017\/09\/DSC08441_ergebnis-300x225.jpg 300w, https:\/\/olu-limburg.de\/wp-content\/uploads\/2017\/09\/DSC08441_ergebnis-768x576.jpg 768w, https:\/\/olu-limburg.de\/wp-content\/uploads\/2017\/09\/DSC08441_ergebnis-624x468.jpg 624w\" sizes=\"auto, (max-width: 800px) 100vw, 800px\" \/><\/a><\/p>\n<p>Im Zelt spielt nun <a href=\"https:\/\/www.youtube.com\/watch?v=SgiJeDpP17Y\">Gwennyn<\/a>, eine junge bretonische Liedermacherin aus Rennes.<\/p>\n<p><a href=\"https:\/\/olu-limburg.de\/wp-content\/uploads\/2017\/09\/DSC08447_ergebnis.jpg\"><img loading=\"lazy\" decoding=\"async\" class=\"alignnone size-full wp-image-12472\" src=\"https:\/\/olu-limburg.de\/wp-content\/uploads\/2017\/09\/DSC08447_ergebnis.jpg\" alt=\"\" width=\"800\" height=\"600\" srcset=\"https:\/\/olu-limburg.de\/wp-content\/uploads\/2017\/09\/DSC08447_ergebnis.jpg 800w, https:\/\/olu-limburg.de\/wp-content\/uploads\/2017\/09\/DSC08447_ergebnis-300x225.jpg 300w, https:\/\/olu-limburg.de\/wp-content\/uploads\/2017\/09\/DSC08447_ergebnis-768x576.jpg 768w, https:\/\/olu-limburg.de\/wp-content\/uploads\/2017\/09\/DSC08447_ergebnis-624x468.jpg 624w\" sizes=\"auto, (max-width: 800px) 100vw, 800px\" \/><\/a><\/p>\n<p><a href=\"https:\/\/olu-limburg.de\/wp-content\/uploads\/2017\/09\/DSC08451_ergebnis.jpg\"><img loading=\"lazy\" decoding=\"async\" class=\"alignnone size-full wp-image-12473\" src=\"https:\/\/olu-limburg.de\/wp-content\/uploads\/2017\/09\/DSC08451_ergebnis.jpg\" alt=\"\" width=\"800\" height=\"600\" srcset=\"https:\/\/olu-limburg.de\/wp-content\/uploads\/2017\/09\/DSC08451_ergebnis.jpg 800w, https:\/\/olu-limburg.de\/wp-content\/uploads\/2017\/09\/DSC08451_ergebnis-300x225.jpg 300w, https:\/\/olu-limburg.de\/wp-content\/uploads\/2017\/09\/DSC08451_ergebnis-768x576.jpg 768w, https:\/\/olu-limburg.de\/wp-content\/uploads\/2017\/09\/DSC08451_ergebnis-624x468.jpg 624w\" sizes=\"auto, (max-width: 800px) 100vw, 800px\" \/><\/a><\/p>\n<p>Als kr\u00f6nender Abschlu\u00df des Festivals f\u00fcr uns folgt das Konzert von Gilles Servat.<\/p>\n<p><a href=\"https:\/\/olu-limburg.de\/wp-content\/uploads\/2017\/09\/DSC08456_ergebnis.jpg\"><img loading=\"lazy\" decoding=\"async\" class=\"size-full wp-image-12474 aligncenter\" src=\"https:\/\/olu-limburg.de\/wp-content\/uploads\/2017\/09\/DSC08456_ergebnis.jpg\" alt=\"\" width=\"800\" height=\"600\" srcset=\"https:\/\/olu-limburg.de\/wp-content\/uploads\/2017\/09\/DSC08456_ergebnis.jpg 800w, https:\/\/olu-limburg.de\/wp-content\/uploads\/2017\/09\/DSC08456_ergebnis-300x225.jpg 300w, https:\/\/olu-limburg.de\/wp-content\/uploads\/2017\/09\/DSC08456_ergebnis-768x576.jpg 768w, https:\/\/olu-limburg.de\/wp-content\/uploads\/2017\/09\/DSC08456_ergebnis-624x468.jpg 624w\" sizes=\"auto, (max-width: 800px) 100vw, 800px\" \/><\/a><\/p>\n<p><a href=\"https:\/\/olu-limburg.de\/wp-content\/uploads\/2017\/09\/DSC08460_ergebnis.jpg\"><img loading=\"lazy\" decoding=\"async\" class=\"size-full wp-image-12475 aligncenter\" src=\"https:\/\/olu-limburg.de\/wp-content\/uploads\/2017\/09\/DSC08460_ergebnis.jpg\" alt=\"\" width=\"800\" height=\"600\" srcset=\"https:\/\/olu-limburg.de\/wp-content\/uploads\/2017\/09\/DSC08460_ergebnis.jpg 800w, https:\/\/olu-limburg.de\/wp-content\/uploads\/2017\/09\/DSC08460_ergebnis-300x225.jpg 300w, https:\/\/olu-limburg.de\/wp-content\/uploads\/2017\/09\/DSC08460_ergebnis-768x576.jpg 768w, https:\/\/olu-limburg.de\/wp-content\/uploads\/2017\/09\/DSC08460_ergebnis-624x468.jpg 624w\" sizes=\"auto, (max-width: 800px) 100vw, 800px\" \/><\/a><\/p>\n<p><a href=\"https:\/\/olu-limburg.de\/wp-content\/uploads\/2017\/09\/DSC08465_ergebnis-e1507053454716.jpg\"><img loading=\"lazy\" decoding=\"async\" class=\"size-full wp-image-12476 aligncenter\" src=\"https:\/\/olu-limburg.de\/wp-content\/uploads\/2017\/09\/DSC08465_ergebnis-e1507053454716.jpg\" alt=\"\" width=\"450\" height=\"600\" \/><\/a><\/p>\n<p><a href=\"https:\/\/olu-limburg.de\/wp-content\/uploads\/2017\/09\/DSC08468_ergebnis.jpg\"><img loading=\"lazy\" decoding=\"async\" class=\"size-full wp-image-12477 aligncenter\" src=\"https:\/\/olu-limburg.de\/wp-content\/uploads\/2017\/09\/DSC08468_ergebnis.jpg\" alt=\"\" width=\"800\" height=\"600\" srcset=\"https:\/\/olu-limburg.de\/wp-content\/uploads\/2017\/09\/DSC08468_ergebnis.jpg 800w, https:\/\/olu-limburg.de\/wp-content\/uploads\/2017\/09\/DSC08468_ergebnis-300x225.jpg 300w, https:\/\/olu-limburg.de\/wp-content\/uploads\/2017\/09\/DSC08468_ergebnis-768x576.jpg 768w, https:\/\/olu-limburg.de\/wp-content\/uploads\/2017\/09\/DSC08468_ergebnis-624x468.jpg 624w\" sizes=\"auto, (max-width: 800px) 100vw, 800px\" \/><\/a><\/p>\n<p>Die letzten Eindr\u00fccke werden noch aufgenommen, bevor wir einen Schlussstrich unter das diesj\u00e4hrige Festival &#8222;Chant de Marin&#8220; ziehen.<\/p>\n<p><a href=\"https:\/\/olu-limburg.de\/wp-content\/uploads\/2017\/09\/DSC08469_ergebnis.jpg\"><img loading=\"lazy\" decoding=\"async\" class=\"alignnone size-full wp-image-12478\" src=\"https:\/\/olu-limburg.de\/wp-content\/uploads\/2017\/09\/DSC08469_ergebnis.jpg\" alt=\"\" width=\"800\" height=\"600\" srcset=\"https:\/\/olu-limburg.de\/wp-content\/uploads\/2017\/09\/DSC08469_ergebnis.jpg 800w, https:\/\/olu-limburg.de\/wp-content\/uploads\/2017\/09\/DSC08469_ergebnis-300x225.jpg 300w, https:\/\/olu-limburg.de\/wp-content\/uploads\/2017\/09\/DSC08469_ergebnis-768x576.jpg 768w, https:\/\/olu-limburg.de\/wp-content\/uploads\/2017\/09\/DSC08469_ergebnis-624x468.jpg 624w\" sizes=\"auto, (max-width: 800px) 100vw, 800px\" \/><\/a><\/p>\n<p><a href=\"https:\/\/olu-limburg.de\/wp-content\/uploads\/2017\/09\/DSC08470_ergebnis.jpg\"><img loading=\"lazy\" decoding=\"async\" class=\"alignnone size-full wp-image-12479\" src=\"https:\/\/olu-limburg.de\/wp-content\/uploads\/2017\/09\/DSC08470_ergebnis.jpg\" alt=\"\" width=\"800\" height=\"600\" srcset=\"https:\/\/olu-limburg.de\/wp-content\/uploads\/2017\/09\/DSC08470_ergebnis.jpg 800w, https:\/\/olu-limburg.de\/wp-content\/uploads\/2017\/09\/DSC08470_ergebnis-300x225.jpg 300w, https:\/\/olu-limburg.de\/wp-content\/uploads\/2017\/09\/DSC08470_ergebnis-768x576.jpg 768w, https:\/\/olu-limburg.de\/wp-content\/uploads\/2017\/09\/DSC08470_ergebnis-624x468.jpg 624w\" sizes=\"auto, (max-width: 800px) 100vw, 800px\" \/><\/a><\/p>\n<p><a href=\"https:\/\/olu-limburg.de\/wp-content\/uploads\/2017\/09\/DSC08474_ergebnis.jpg\"><img loading=\"lazy\" decoding=\"async\" class=\"alignnone size-full wp-image-12482\" src=\"https:\/\/olu-limburg.de\/wp-content\/uploads\/2017\/09\/DSC08474_ergebnis.jpg\" alt=\"\" width=\"800\" height=\"600\" srcset=\"https:\/\/olu-limburg.de\/wp-content\/uploads\/2017\/09\/DSC08474_ergebnis.jpg 800w, https:\/\/olu-limburg.de\/wp-content\/uploads\/2017\/09\/DSC08474_ergebnis-300x225.jpg 300w, https:\/\/olu-limburg.de\/wp-content\/uploads\/2017\/09\/DSC08474_ergebnis-768x576.jpg 768w, https:\/\/olu-limburg.de\/wp-content\/uploads\/2017\/09\/DSC08474_ergebnis-624x468.jpg 624w\" sizes=\"auto, (max-width: 800px) 100vw, 800px\" \/><\/a><\/p>\n<p>Tagesstrecke: 0 km<\/p>\n<p>&nbsp;<\/p>\n<p><strong>Montag, 14. August 2017<\/strong><\/p>\n<p>Das Festival ist vorbei. Gestern sind schon viele Wohnmobile weitergezogen. F\u00fcr uns beginnt heute die eigentliche Tour durch die Bretagne, denn bisher war es nur die Anfahrt zum Festival. Wir wollen zur Abbaye de Beauport, fast direkt &#8222;in der Nachbarschaft&#8220;. Dort waren wir das letzte Mal vor vielen, vielen Jahren, als die Klosterruine geschlossen hatte.<\/p>\n<p>Die Abtei wurde 1202 von Alain de Goelo, Graf von Penthi\u00e8vre gegr\u00fcndet und vom Pr\u00e4monstratenser-Orden betrieben. Die gute Lage f\u00fchrte zum wirtschaftlichen Aufstieg des Klosters. Seehandel und als Ausgangspunkt f\u00fcr die Pilgerschaft nach Santiago de Compostela sp\u00fclten gen\u00fcgend Geld in die kl\u00f6sterlichen Kassen. Das Ende kam mit der franz\u00f6sischen Revolution im Jahr 1790.<\/p>\n<div id=\"attachment_12497\" style=\"width: 810px\" class=\"wp-caption aligncenter\"><a href=\"https:\/\/olu-limburg.de\/wp-content\/uploads\/2017\/09\/DSC08510_ergebnis.jpg\"><img loading=\"lazy\" decoding=\"async\" aria-describedby=\"caption-attachment-12497\" class=\"wp-image-12497 size-full\" src=\"https:\/\/olu-limburg.de\/wp-content\/uploads\/2017\/09\/DSC08510_ergebnis.jpg\" alt=\"\" width=\"800\" height=\"600\" srcset=\"https:\/\/olu-limburg.de\/wp-content\/uploads\/2017\/09\/DSC08510_ergebnis.jpg 800w, https:\/\/olu-limburg.de\/wp-content\/uploads\/2017\/09\/DSC08510_ergebnis-300x225.jpg 300w, https:\/\/olu-limburg.de\/wp-content\/uploads\/2017\/09\/DSC08510_ergebnis-768x576.jpg 768w, https:\/\/olu-limburg.de\/wp-content\/uploads\/2017\/09\/DSC08510_ergebnis-624x468.jpg 624w\" sizes=\"auto, (max-width: 800px) 100vw, 800px\" \/><\/a><p id=\"caption-attachment-12497\" class=\"wp-caption-text\">links: Ruine des Refektoriums; Mitte: Gasthaus; rechts: Ruine der Abteikirche<\/p><\/div>\n<p><a href=\"https:\/\/olu-limburg.de\/wp-content\/uploads\/2017\/09\/DSC08484_ergebnis.jpg\"><img loading=\"lazy\" decoding=\"async\" class=\"size-full wp-image-12491 aligncenter\" src=\"https:\/\/olu-limburg.de\/wp-content\/uploads\/2017\/09\/DSC08484_ergebnis.jpg\" alt=\"\" width=\"800\" height=\"600\" srcset=\"https:\/\/olu-limburg.de\/wp-content\/uploads\/2017\/09\/DSC08484_ergebnis.jpg 800w, https:\/\/olu-limburg.de\/wp-content\/uploads\/2017\/09\/DSC08484_ergebnis-300x225.jpg 300w, https:\/\/olu-limburg.de\/wp-content\/uploads\/2017\/09\/DSC08484_ergebnis-768x576.jpg 768w, https:\/\/olu-limburg.de\/wp-content\/uploads\/2017\/09\/DSC08484_ergebnis-624x468.jpg 624w\" sizes=\"auto, (max-width: 800px) 100vw, 800px\" \/><\/a><\/p>\n<p><a href=\"https:\/\/olu-limburg.de\/wp-content\/uploads\/2017\/09\/P1050156_ergebnis.jpg\"><img loading=\"lazy\" decoding=\"async\" class=\"size-full wp-image-12510 aligncenter\" src=\"https:\/\/olu-limburg.de\/wp-content\/uploads\/2017\/09\/P1050156_ergebnis.jpg\" alt=\"\" width=\"800\" height=\"600\" srcset=\"https:\/\/olu-limburg.de\/wp-content\/uploads\/2017\/09\/P1050156_ergebnis.jpg 800w, https:\/\/olu-limburg.de\/wp-content\/uploads\/2017\/09\/P1050156_ergebnis-300x225.jpg 300w, https:\/\/olu-limburg.de\/wp-content\/uploads\/2017\/09\/P1050156_ergebnis-768x576.jpg 768w, https:\/\/olu-limburg.de\/wp-content\/uploads\/2017\/09\/P1050156_ergebnis-624x468.jpg 624w\" sizes=\"auto, (max-width: 800px) 100vw, 800px\" \/><\/a><\/p>\n<p><a href=\"https:\/\/olu-limburg.de\/wp-content\/uploads\/2017\/09\/DSC08482_ergebnis-e1507123401191.jpg\"><img loading=\"lazy\" decoding=\"async\" class=\"size-full wp-image-12490 alignleft\" src=\"https:\/\/olu-limburg.de\/wp-content\/uploads\/2017\/09\/DSC08482_ergebnis-e1507123401191.jpg\" alt=\"\" width=\"450\" height=\"600\" \/><\/a><\/p>\n<div id=\"attachment_12495\" style=\"width: 460px\" class=\"wp-caption alignright\"><a href=\"https:\/\/olu-limburg.de\/wp-content\/uploads\/2017\/09\/DSC08507_ergebnis-e1507123469907.jpg\"><img loading=\"lazy\" decoding=\"async\" aria-describedby=\"caption-attachment-12495\" class=\"wp-image-12495 size-full\" src=\"https:\/\/olu-limburg.de\/wp-content\/uploads\/2017\/09\/DSC08507_ergebnis-e1507123469907.jpg\" alt=\"\" width=\"450\" height=\"600\" \/><\/a><p id=\"caption-attachment-12495\" class=\"wp-caption-text\">wundersch\u00f6ne Kapitell-Verzierung<\/p><\/div>\n<p><a href=\"https:\/\/olu-limburg.de\/wp-content\/uploads\/2017\/09\/DSC08487_ergebnis.jpg\"><img loading=\"lazy\" decoding=\"async\" class=\"size-full wp-image-12492 aligncenter\" src=\"https:\/\/olu-limburg.de\/wp-content\/uploads\/2017\/09\/DSC08487_ergebnis.jpg\" alt=\"\" width=\"800\" height=\"600\" srcset=\"https:\/\/olu-limburg.de\/wp-content\/uploads\/2017\/09\/DSC08487_ergebnis.jpg 800w, https:\/\/olu-limburg.de\/wp-content\/uploads\/2017\/09\/DSC08487_ergebnis-300x225.jpg 300w, https:\/\/olu-limburg.de\/wp-content\/uploads\/2017\/09\/DSC08487_ergebnis-768x576.jpg 768w, https:\/\/olu-limburg.de\/wp-content\/uploads\/2017\/09\/DSC08487_ergebnis-624x468.jpg 624w\" sizes=\"auto, (max-width: 800px) 100vw, 800px\" \/><\/a><\/p>\n<p><a href=\"https:\/\/olu-limburg.de\/wp-content\/uploads\/2017\/09\/DSC08495_ergebnis.jpg\"><img loading=\"lazy\" decoding=\"async\" class=\"size-full wp-image-12493 aligncenter\" src=\"https:\/\/olu-limburg.de\/wp-content\/uploads\/2017\/09\/DSC08495_ergebnis.jpg\" alt=\"\" width=\"800\" height=\"600\" srcset=\"https:\/\/olu-limburg.de\/wp-content\/uploads\/2017\/09\/DSC08495_ergebnis.jpg 800w, https:\/\/olu-limburg.de\/wp-content\/uploads\/2017\/09\/DSC08495_ergebnis-300x225.jpg 300w, https:\/\/olu-limburg.de\/wp-content\/uploads\/2017\/09\/DSC08495_ergebnis-768x576.jpg 768w, https:\/\/olu-limburg.de\/wp-content\/uploads\/2017\/09\/DSC08495_ergebnis-624x468.jpg 624w\" sizes=\"auto, (max-width: 800px) 100vw, 800px\" \/><\/a><\/p>\n<div id=\"attachment_12494\" style=\"width: 810px\" class=\"wp-caption aligncenter\"><a href=\"https:\/\/olu-limburg.de\/wp-content\/uploads\/2017\/09\/DSC08500_ergebnis.jpg\"><img loading=\"lazy\" decoding=\"async\" aria-describedby=\"caption-attachment-12494\" class=\"wp-image-12494 size-full\" src=\"https:\/\/olu-limburg.de\/wp-content\/uploads\/2017\/09\/DSC08500_ergebnis.jpg\" alt=\"\" width=\"800\" height=\"600\" srcset=\"https:\/\/olu-limburg.de\/wp-content\/uploads\/2017\/09\/DSC08500_ergebnis.jpg 800w, https:\/\/olu-limburg.de\/wp-content\/uploads\/2017\/09\/DSC08500_ergebnis-300x225.jpg 300w, https:\/\/olu-limburg.de\/wp-content\/uploads\/2017\/09\/DSC08500_ergebnis-768x576.jpg 768w, https:\/\/olu-limburg.de\/wp-content\/uploads\/2017\/09\/DSC08500_ergebnis-624x468.jpg 624w\" sizes=\"auto, (max-width: 800px) 100vw, 800px\" \/><\/a><p id=\"caption-attachment-12494\" class=\"wp-caption-text\">Zentraler Garten (Paradies) mit den Resten des Refektoriums<\/p><\/div>\n<div id=\"attachment_12496\" style=\"width: 810px\" class=\"wp-caption aligncenter\"><a href=\"https:\/\/olu-limburg.de\/wp-content\/uploads\/2017\/09\/DSC08508_ergebnis.jpg\"><img loading=\"lazy\" decoding=\"async\" aria-describedby=\"caption-attachment-12496\" class=\"wp-image-12496 size-full\" src=\"https:\/\/olu-limburg.de\/wp-content\/uploads\/2017\/09\/DSC08508_ergebnis.jpg\" alt=\"\" width=\"800\" height=\"600\" srcset=\"https:\/\/olu-limburg.de\/wp-content\/uploads\/2017\/09\/DSC08508_ergebnis.jpg 800w, https:\/\/olu-limburg.de\/wp-content\/uploads\/2017\/09\/DSC08508_ergebnis-300x225.jpg 300w, https:\/\/olu-limburg.de\/wp-content\/uploads\/2017\/09\/DSC08508_ergebnis-768x576.jpg 768w, https:\/\/olu-limburg.de\/wp-content\/uploads\/2017\/09\/DSC08508_ergebnis-624x468.jpg 624w\" sizes=\"auto, (max-width: 800px) 100vw, 800px\" \/><\/a><p id=\"caption-attachment-12496\" class=\"wp-caption-text\">Ausgang zum Garten mit Blick auf die Anse de Paimpol<\/p><\/div>\n<p>Das Restaurantangebot gibt nicht so viel her wie die Ruine. Deshalb fahren wir wieder nach Paimpol, und von dort an der Anse de Paimpol entlang nach Ploubazlanec an den Strand &#8222;Pors Don&#8220; vor einen Camping Municipal zu den anderen Mobilen.<\/p>\n<div id=\"attachment_12500\" style=\"width: 810px\" class=\"wp-caption aligncenter\"><a href=\"https:\/\/olu-limburg.de\/wp-content\/uploads\/2017\/09\/DSC08512_ergebnis.jpg\"><img loading=\"lazy\" decoding=\"async\" aria-describedby=\"caption-attachment-12500\" class=\"wp-image-12500 size-full\" src=\"https:\/\/olu-limburg.de\/wp-content\/uploads\/2017\/09\/DSC08512_ergebnis.jpg\" alt=\"\" width=\"800\" height=\"600\" srcset=\"https:\/\/olu-limburg.de\/wp-content\/uploads\/2017\/09\/DSC08512_ergebnis.jpg 800w, https:\/\/olu-limburg.de\/wp-content\/uploads\/2017\/09\/DSC08512_ergebnis-300x225.jpg 300w, https:\/\/olu-limburg.de\/wp-content\/uploads\/2017\/09\/DSC08512_ergebnis-768x576.jpg 768w, https:\/\/olu-limburg.de\/wp-content\/uploads\/2017\/09\/DSC08512_ergebnis-624x468.jpg 624w\" sizes=\"auto, (max-width: 800px) 100vw, 800px\" \/><\/a><p id=\"caption-attachment-12500\" class=\"wp-caption-text\">\u00dcbernachtungsplatz mit Blick auf die Anse de Paimpol<\/p><\/div>\n<div id=\"attachment_12499\" style=\"width: 810px\" class=\"wp-caption aligncenter\"><a href=\"https:\/\/olu-limburg.de\/wp-content\/uploads\/2017\/09\/DSC08511_ergebnis.jpg\"><img loading=\"lazy\" decoding=\"async\" aria-describedby=\"caption-attachment-12499\" class=\"wp-image-12499 size-full\" src=\"https:\/\/olu-limburg.de\/wp-content\/uploads\/2017\/09\/DSC08511_ergebnis.jpg\" alt=\"\" width=\"800\" height=\"600\" srcset=\"https:\/\/olu-limburg.de\/wp-content\/uploads\/2017\/09\/DSC08511_ergebnis.jpg 800w, https:\/\/olu-limburg.de\/wp-content\/uploads\/2017\/09\/DSC08511_ergebnis-300x225.jpg 300w, https:\/\/olu-limburg.de\/wp-content\/uploads\/2017\/09\/DSC08511_ergebnis-768x576.jpg 768w, https:\/\/olu-limburg.de\/wp-content\/uploads\/2017\/09\/DSC08511_ergebnis-624x468.jpg 624w\" sizes=\"auto, (max-width: 800px) 100vw, 800px\" \/><\/a><p id=\"caption-attachment-12499\" class=\"wp-caption-text\">&#8222;ausgelaufene&#8220; Bucht mit Blick auf den Pointe de la Trinit\u00e9<\/p><\/div>\n<div id=\"attachment_12501\" style=\"width: 810px\" class=\"wp-caption aligncenter\"><a href=\"https:\/\/olu-limburg.de\/wp-content\/uploads\/2017\/09\/DSC08513_ergebnis.jpg\"><img loading=\"lazy\" decoding=\"async\" aria-describedby=\"caption-attachment-12501\" class=\"wp-image-12501 size-full\" src=\"https:\/\/olu-limburg.de\/wp-content\/uploads\/2017\/09\/DSC08513_ergebnis.jpg\" alt=\"\" width=\"800\" height=\"600\" srcset=\"https:\/\/olu-limburg.de\/wp-content\/uploads\/2017\/09\/DSC08513_ergebnis.jpg 800w, https:\/\/olu-limburg.de\/wp-content\/uploads\/2017\/09\/DSC08513_ergebnis-300x225.jpg 300w, https:\/\/olu-limburg.de\/wp-content\/uploads\/2017\/09\/DSC08513_ergebnis-768x576.jpg 768w, https:\/\/olu-limburg.de\/wp-content\/uploads\/2017\/09\/DSC08513_ergebnis-624x468.jpg 624w\" sizes=\"auto, (max-width: 800px) 100vw, 800px\" \/><\/a><p id=\"caption-attachment-12501\" class=\"wp-caption-text\">&#8222;heran geholte&#8220; Ile Saint-Rion<\/p><\/div>\n<p><a href=\"https:\/\/olu-limburg.de\/wp-content\/uploads\/2017\/09\/DSC08521_ergebnis.jpg\"><img loading=\"lazy\" decoding=\"async\" class=\"size-full wp-image-12502 aligncenter\" src=\"https:\/\/olu-limburg.de\/wp-content\/uploads\/2017\/09\/DSC08521_ergebnis.jpg\" alt=\"\" width=\"800\" height=\"600\" srcset=\"https:\/\/olu-limburg.de\/wp-content\/uploads\/2017\/09\/DSC08521_ergebnis.jpg 800w, https:\/\/olu-limburg.de\/wp-content\/uploads\/2017\/09\/DSC08521_ergebnis-300x225.jpg 300w, https:\/\/olu-limburg.de\/wp-content\/uploads\/2017\/09\/DSC08521_ergebnis-768x576.jpg 768w, https:\/\/olu-limburg.de\/wp-content\/uploads\/2017\/09\/DSC08521_ergebnis-624x468.jpg 624w\" sizes=\"auto, (max-width: 800px) 100vw, 800px\" \/><\/a><\/p>\n<p>Wir bekochen uns selbst und faulenzen ein wenig. Gegen Abend machen wir einen Erkundungsspaziergang hoch in den Ort. Es gibt keine gem\u00fctliche Bar zum Verweilen, aber auf dem \u00f6rtlichen Friedhof eine Mauer der Erinnerung an die vermissten Fischer (Mur des Disparus en Mer). Die meisten Vermissten gab es auf den Fahrten zum Fischfang vor Island.<\/p>\n<p><a href=\"https:\/\/olu-limburg.de\/wp-content\/uploads\/2017\/09\/DSC08524_ergebnis-e1507125042675.jpg\"><img loading=\"lazy\" decoding=\"async\" class=\"size-full wp-image-12503 aligncenter\" src=\"https:\/\/olu-limburg.de\/wp-content\/uploads\/2017\/09\/DSC08524_ergebnis-e1507125042675.jpg\" alt=\"\" width=\"450\" height=\"600\" \/><\/a><\/p>\n<div id=\"attachment_12504\" style=\"width: 460px\" class=\"wp-caption aligncenter\"><a href=\"https:\/\/olu-limburg.de\/wp-content\/uploads\/2017\/09\/DSC08526_ergebnis-e1507125070362.jpg\"><img loading=\"lazy\" decoding=\"async\" aria-describedby=\"caption-attachment-12504\" class=\"size-full wp-image-12504\" src=\"https:\/\/olu-limburg.de\/wp-content\/uploads\/2017\/09\/DSC08526_ergebnis-e1507125070362.jpg\" alt=\"\" width=\"450\" height=\"600\" \/><\/a><p id=\"caption-attachment-12504\" class=\"wp-caption-text\">Calvaire Cornic im Ortsteil Kerroc&#8217;h aus dem fr\u00fchen 18. Jhdt.<\/p><\/div>\n<div id=\"attachment_12505\" style=\"width: 810px\" class=\"wp-caption aligncenter\"><a href=\"https:\/\/olu-limburg.de\/wp-content\/uploads\/2017\/09\/DSC08527_ergebnis.jpg\"><img loading=\"lazy\" decoding=\"async\" aria-describedby=\"caption-attachment-12505\" class=\"size-full wp-image-12505\" src=\"https:\/\/olu-limburg.de\/wp-content\/uploads\/2017\/09\/DSC08527_ergebnis.jpg\" alt=\"\" width=\"800\" height=\"600\" srcset=\"https:\/\/olu-limburg.de\/wp-content\/uploads\/2017\/09\/DSC08527_ergebnis.jpg 800w, https:\/\/olu-limburg.de\/wp-content\/uploads\/2017\/09\/DSC08527_ergebnis-300x225.jpg 300w, https:\/\/olu-limburg.de\/wp-content\/uploads\/2017\/09\/DSC08527_ergebnis-768x576.jpg 768w, https:\/\/olu-limburg.de\/wp-content\/uploads\/2017\/09\/DSC08527_ergebnis-624x468.jpg 624w\" sizes=\"auto, (max-width: 800px) 100vw, 800px\" \/><\/a><p id=\"caption-attachment-12505\" class=\"wp-caption-text\">Sockelansicht: Christus im Olivenhain<\/p><\/div>\n<div id=\"attachment_12506\" style=\"width: 810px\" class=\"wp-caption aligncenter\"><a href=\"https:\/\/olu-limburg.de\/wp-content\/uploads\/2017\/09\/DSC08528_ergebnis.jpg\"><img loading=\"lazy\" decoding=\"async\" aria-describedby=\"caption-attachment-12506\" class=\"size-full wp-image-12506\" src=\"https:\/\/olu-limburg.de\/wp-content\/uploads\/2017\/09\/DSC08528_ergebnis.jpg\" alt=\"\" width=\"800\" height=\"600\" srcset=\"https:\/\/olu-limburg.de\/wp-content\/uploads\/2017\/09\/DSC08528_ergebnis.jpg 800w, https:\/\/olu-limburg.de\/wp-content\/uploads\/2017\/09\/DSC08528_ergebnis-300x225.jpg 300w, https:\/\/olu-limburg.de\/wp-content\/uploads\/2017\/09\/DSC08528_ergebnis-768x576.jpg 768w, https:\/\/olu-limburg.de\/wp-content\/uploads\/2017\/09\/DSC08528_ergebnis-624x468.jpg 624w\" sizes=\"auto, (max-width: 800px) 100vw, 800px\" \/><\/a><p id=\"caption-attachment-12506\" class=\"wp-caption-text\">Sockelansicht: Christus tr\u00e4gt das Kreuz<\/p><\/div>\n<div id=\"attachment_12507\" style=\"width: 810px\" class=\"wp-caption aligncenter\"><a href=\"https:\/\/olu-limburg.de\/wp-content\/uploads\/2017\/09\/DSC08533_ergebnis.jpg\"><img loading=\"lazy\" decoding=\"async\" aria-describedby=\"caption-attachment-12507\" class=\"wp-image-12507 size-full\" src=\"https:\/\/olu-limburg.de\/wp-content\/uploads\/2017\/09\/DSC08533_ergebnis.jpg\" alt=\"\" width=\"800\" height=\"600\" srcset=\"https:\/\/olu-limburg.de\/wp-content\/uploads\/2017\/09\/DSC08533_ergebnis.jpg 800w, https:\/\/olu-limburg.de\/wp-content\/uploads\/2017\/09\/DSC08533_ergebnis-300x225.jpg 300w, https:\/\/olu-limburg.de\/wp-content\/uploads\/2017\/09\/DSC08533_ergebnis-768x576.jpg 768w, https:\/\/olu-limburg.de\/wp-content\/uploads\/2017\/09\/DSC08533_ergebnis-624x468.jpg 624w\" sizes=\"auto, (max-width: 800px) 100vw, 800px\" \/><\/a><p id=\"caption-attachment-12507\" class=\"wp-caption-text\">Le Mur des Disparus en Mer<\/p><\/div>\n<p><a href=\"https:\/\/olu-limburg.de\/wp-content\/uploads\/2017\/09\/DSC08535_ergebnis.jpg\"><img loading=\"lazy\" decoding=\"async\" class=\"size-full wp-image-12508 aligncenter\" src=\"https:\/\/olu-limburg.de\/wp-content\/uploads\/2017\/09\/DSC08535_ergebnis.jpg\" alt=\"\" width=\"800\" height=\"600\" srcset=\"https:\/\/olu-limburg.de\/wp-content\/uploads\/2017\/09\/DSC08535_ergebnis.jpg 800w, https:\/\/olu-limburg.de\/wp-content\/uploads\/2017\/09\/DSC08535_ergebnis-300x225.jpg 300w, https:\/\/olu-limburg.de\/wp-content\/uploads\/2017\/09\/DSC08535_ergebnis-768x576.jpg 768w, https:\/\/olu-limburg.de\/wp-content\/uploads\/2017\/09\/DSC08535_ergebnis-624x468.jpg 624w\" sizes=\"auto, (max-width: 800px) 100vw, 800px\" \/><\/a><\/p>\n<p>Tagesstrecke: 13 km<\/p>\n<p>&nbsp;<\/p>\n<p><strong>Dienstag, 15. August 2017<\/strong><\/p>\n<p>Drau\u00dfen ist es stark bew\u00f6lkt. Am Morgen fahren wir fr\u00fch zum B\u00e4cker und auf einer kleinen Stra\u00dfe noch etwas \u00fcber das Croix des Veuves (Kreuz der Witwen) hinaus auf einen Parkplatz oberhalb von Pors Even, immer noch Ploubazlanec. Es sind noch andere von der wei\u00dfen Flotte hier, und wir haben einen herrlichen Rundumblick \u00fcber den n\u00f6rdlichen Bereich der C\u00f4te de Goelo.<\/p>\n<p><a href=\"https:\/\/olu-limburg.de\/wp-content\/uploads\/2017\/09\/DSC08546_ergebnis.jpg\"><img loading=\"lazy\" decoding=\"async\" class=\"size-full wp-image-12524 aligncenter\" src=\"https:\/\/olu-limburg.de\/wp-content\/uploads\/2017\/09\/DSC08546_ergebnis.jpg\" alt=\"\" width=\"800\" height=\"600\" srcset=\"https:\/\/olu-limburg.de\/wp-content\/uploads\/2017\/09\/DSC08546_ergebnis.jpg 800w, https:\/\/olu-limburg.de\/wp-content\/uploads\/2017\/09\/DSC08546_ergebnis-300x225.jpg 300w, https:\/\/olu-limburg.de\/wp-content\/uploads\/2017\/09\/DSC08546_ergebnis-768x576.jpg 768w, https:\/\/olu-limburg.de\/wp-content\/uploads\/2017\/09\/DSC08546_ergebnis-624x468.jpg 624w\" sizes=\"auto, (max-width: 800px) 100vw, 800px\" \/><\/a><\/p>\n<div id=\"attachment_12529\" style=\"width: 460px\" class=\"wp-caption aligncenter\"><a href=\"https:\/\/olu-limburg.de\/wp-content\/uploads\/2017\/09\/DSC08573_ergebnis-e1507137276991.jpg\"><img loading=\"lazy\" decoding=\"async\" aria-describedby=\"caption-attachment-12529\" class=\"size-full wp-image-12529\" src=\"https:\/\/olu-limburg.de\/wp-content\/uploads\/2017\/09\/DSC08573_ergebnis-e1507137276991.jpg\" alt=\"\" width=\"450\" height=\"600\" \/><\/a><p id=\"caption-attachment-12529\" class=\"wp-caption-text\">Croix des Veuves<\/p><\/div>\n<div id=\"attachment_12525\" style=\"width: 810px\" class=\"wp-caption aligncenter\"><a href=\"https:\/\/olu-limburg.de\/wp-content\/uploads\/2017\/09\/DSC08552_ergebnis.jpg\"><img loading=\"lazy\" decoding=\"async\" aria-describedby=\"caption-attachment-12525\" class=\"wp-image-12525 size-full\" src=\"https:\/\/olu-limburg.de\/wp-content\/uploads\/2017\/09\/DSC08552_ergebnis.jpg\" alt=\"\" width=\"800\" height=\"600\" srcset=\"https:\/\/olu-limburg.de\/wp-content\/uploads\/2017\/09\/DSC08552_ergebnis.jpg 800w, https:\/\/olu-limburg.de\/wp-content\/uploads\/2017\/09\/DSC08552_ergebnis-300x225.jpg 300w, https:\/\/olu-limburg.de\/wp-content\/uploads\/2017\/09\/DSC08552_ergebnis-768x576.jpg 768w, https:\/\/olu-limburg.de\/wp-content\/uploads\/2017\/09\/DSC08552_ergebnis-624x468.jpg 624w\" sizes=\"auto, (max-width: 800px) 100vw, 800px\" \/><\/a><p id=\"caption-attachment-12525\" class=\"wp-caption-text\">Blick auf die Ile Saint-Rion<\/p><\/div>\n<p>Gegen Mittag gehen wir an der Chapelle de la Trinit\u00e9 vorbei und runter zum Pointe de la Trinit\u00e9, dann rechts weiter zum kleinen Hafen von Pors Even. Leider finden wir nichts zur S\u00e4ttigung unserer hungrigen M\u00e4gen. Das kleine Lokal hat ausgerechnet heute zu.<\/p>\n<p><a href=\"https:\/\/olu-limburg.de\/wp-content\/uploads\/2017\/09\/DSC08555_ergebnis.jpg\"><img loading=\"lazy\" decoding=\"async\" class=\"size-full wp-image-12526 aligncenter\" src=\"https:\/\/olu-limburg.de\/wp-content\/uploads\/2017\/09\/DSC08555_ergebnis.jpg\" alt=\"\" width=\"800\" height=\"600\" srcset=\"https:\/\/olu-limburg.de\/wp-content\/uploads\/2017\/09\/DSC08555_ergebnis.jpg 800w, https:\/\/olu-limburg.de\/wp-content\/uploads\/2017\/09\/DSC08555_ergebnis-300x225.jpg 300w, https:\/\/olu-limburg.de\/wp-content\/uploads\/2017\/09\/DSC08555_ergebnis-768x576.jpg 768w, https:\/\/olu-limburg.de\/wp-content\/uploads\/2017\/09\/DSC08555_ergebnis-624x468.jpg 624w\" sizes=\"auto, (max-width: 800px) 100vw, 800px\" \/><\/a><\/p>\n<p><a href=\"https:\/\/olu-limburg.de\/wp-content\/uploads\/2017\/09\/DSC08558_ergebnis.jpg\"><img loading=\"lazy\" decoding=\"async\" class=\"size-full wp-image-12527 aligncenter\" src=\"https:\/\/olu-limburg.de\/wp-content\/uploads\/2017\/09\/DSC08558_ergebnis.jpg\" alt=\"\" width=\"800\" height=\"600\" srcset=\"https:\/\/olu-limburg.de\/wp-content\/uploads\/2017\/09\/DSC08558_ergebnis.jpg 800w, https:\/\/olu-limburg.de\/wp-content\/uploads\/2017\/09\/DSC08558_ergebnis-300x225.jpg 300w, https:\/\/olu-limburg.de\/wp-content\/uploads\/2017\/09\/DSC08558_ergebnis-768x576.jpg 768w, https:\/\/olu-limburg.de\/wp-content\/uploads\/2017\/09\/DSC08558_ergebnis-624x468.jpg 624w\" sizes=\"auto, (max-width: 800px) 100vw, 800px\" \/><\/a><\/p>\n<div id=\"attachment_12528\" style=\"width: 810px\" class=\"wp-caption aligncenter\"><a href=\"https:\/\/olu-limburg.de\/wp-content\/uploads\/2017\/09\/DSC08571_ergebnis.jpg\"><img loading=\"lazy\" decoding=\"async\" aria-describedby=\"caption-attachment-12528\" class=\"size-full wp-image-12528\" src=\"https:\/\/olu-limburg.de\/wp-content\/uploads\/2017\/09\/DSC08571_ergebnis.jpg\" alt=\"\" width=\"800\" height=\"600\" srcset=\"https:\/\/olu-limburg.de\/wp-content\/uploads\/2017\/09\/DSC08571_ergebnis.jpg 800w, https:\/\/olu-limburg.de\/wp-content\/uploads\/2017\/09\/DSC08571_ergebnis-300x225.jpg 300w, https:\/\/olu-limburg.de\/wp-content\/uploads\/2017\/09\/DSC08571_ergebnis-768x576.jpg 768w, https:\/\/olu-limburg.de\/wp-content\/uploads\/2017\/09\/DSC08571_ergebnis-624x468.jpg 624w\" sizes=\"auto, (max-width: 800px) 100vw, 800px\" \/><\/a><p id=\"caption-attachment-12528\" class=\"wp-caption-text\">Chapelle der Perros Hamon<\/p><\/div>\n<p>Wir k\u00e4mpfen uns also wieder hoch zu unserem Parkplatz und wandern auf dem ausgeschilderten K\u00fcsten-Wanderweg in die andere Richtung an den Strand von Launay. Dort gibt es zahlreiche Ferienh\u00e4user und eine Segelschule, aber nichts zu essen oder trinken. Am Rande der kleinen Siedlung finden wir aber einen Wohnmobil-Stellplatz ohne V+E.<\/p>\n<p><a href=\"https:\/\/olu-limburg.de\/wp-content\/uploads\/2017\/09\/DSC08576_ergebnis.jpg\"><img loading=\"lazy\" decoding=\"async\" class=\"size-full wp-image-12530 aligncenter\" src=\"https:\/\/olu-limburg.de\/wp-content\/uploads\/2017\/09\/DSC08576_ergebnis.jpg\" alt=\"\" width=\"800\" height=\"600\" srcset=\"https:\/\/olu-limburg.de\/wp-content\/uploads\/2017\/09\/DSC08576_ergebnis.jpg 800w, https:\/\/olu-limburg.de\/wp-content\/uploads\/2017\/09\/DSC08576_ergebnis-300x225.jpg 300w, https:\/\/olu-limburg.de\/wp-content\/uploads\/2017\/09\/DSC08576_ergebnis-768x576.jpg 768w, https:\/\/olu-limburg.de\/wp-content\/uploads\/2017\/09\/DSC08576_ergebnis-624x468.jpg 624w\" sizes=\"auto, (max-width: 800px) 100vw, 800px\" \/><\/a><\/p>\n<p>Uns bleibt nichts anderes \u00fcbrig, als der Stra\u00dfe folgend hoch nach Ploubazlanec zu laufen. Auch dort ist alles geschlossen. Nach 2,5 Stunden landen wir wieder beim Wohnmobil und kochen selbst f\u00fcr uns. So langsam wird das Wetter auch wieder freundlicher.<\/p>\n<div id=\"attachment_12531\" style=\"width: 810px\" class=\"wp-caption aligncenter\"><a href=\"https:\/\/olu-limburg.de\/wp-content\/uploads\/2017\/09\/DSC08577_ergebnis.jpg\"><img loading=\"lazy\" decoding=\"async\" aria-describedby=\"caption-attachment-12531\" class=\"wp-image-12531 size-full\" src=\"https:\/\/olu-limburg.de\/wp-content\/uploads\/2017\/09\/DSC08577_ergebnis.jpg\" alt=\"\" width=\"800\" height=\"600\" srcset=\"https:\/\/olu-limburg.de\/wp-content\/uploads\/2017\/09\/DSC08577_ergebnis.jpg 800w, https:\/\/olu-limburg.de\/wp-content\/uploads\/2017\/09\/DSC08577_ergebnis-300x225.jpg 300w, https:\/\/olu-limburg.de\/wp-content\/uploads\/2017\/09\/DSC08577_ergebnis-768x576.jpg 768w, https:\/\/olu-limburg.de\/wp-content\/uploads\/2017\/09\/DSC08577_ergebnis-624x468.jpg 624w\" sizes=\"auto, (max-width: 800px) 100vw, 800px\" \/><\/a><p id=\"caption-attachment-12531\" class=\"wp-caption-text\">\u00dcbernachtungsplatz mit Blick auf die Ile de Br\u00e9hat &#8230;<\/p><\/div>\n<div id=\"attachment_12532\" style=\"width: 810px\" class=\"wp-caption aligncenter\"><a href=\"https:\/\/olu-limburg.de\/wp-content\/uploads\/2017\/09\/DSC08581_ergebnis.jpg\"><img loading=\"lazy\" decoding=\"async\" aria-describedby=\"caption-attachment-12532\" class=\"size-full wp-image-12532\" src=\"https:\/\/olu-limburg.de\/wp-content\/uploads\/2017\/09\/DSC08581_ergebnis.jpg\" alt=\"\" width=\"800\" height=\"600\" srcset=\"https:\/\/olu-limburg.de\/wp-content\/uploads\/2017\/09\/DSC08581_ergebnis.jpg 800w, https:\/\/olu-limburg.de\/wp-content\/uploads\/2017\/09\/DSC08581_ergebnis-300x225.jpg 300w, https:\/\/olu-limburg.de\/wp-content\/uploads\/2017\/09\/DSC08581_ergebnis-768x576.jpg 768w, https:\/\/olu-limburg.de\/wp-content\/uploads\/2017\/09\/DSC08581_ergebnis-624x468.jpg 624w\" sizes=\"auto, (max-width: 800px) 100vw, 800px\" \/><\/a><p id=\"caption-attachment-12532\" class=\"wp-caption-text\">&#8230; und das Genusspotential f\u00fcr einen sch\u00f6nen Abend.<\/p><\/div>\n<p>Tagesstrecke: 3 km<\/p>\n<p>&nbsp;<\/p>\n<p><strong>Mittwoch, 16. August 2017<\/strong><\/p>\n<p>Nach dem allmorgendlichen Ritual: Baguette einkaufen und entsorgen (in Ploubazlanec an der Stra\u00dfe zum Pointe de l&#8217;Arcouest m\u00f6glich), fahren wir am Pointe de l&#8217;Arcouest vorbei auf einen Wanderparkplatz oberhalb des Strandes von Lannevez. Eigentlich besteht ein Parkverbot f\u00fcr Fahrzeuge \u00fcber 2,10 m H\u00f6he. Wir nehmen uns aber die Ruhe hier zu fr\u00fchst\u00fccken.<\/p>\n<p><a href=\"https:\/\/olu-limburg.de\/wp-content\/uploads\/2017\/09\/P1050240_ergebnis.jpg\"><img loading=\"lazy\" decoding=\"async\" class=\"size-full wp-image-12517 aligncenter\" src=\"https:\/\/olu-limburg.de\/wp-content\/uploads\/2017\/09\/P1050240_ergebnis.jpg\" alt=\"\" width=\"800\" height=\"600\" srcset=\"https:\/\/olu-limburg.de\/wp-content\/uploads\/2017\/09\/P1050240_ergebnis.jpg 800w, https:\/\/olu-limburg.de\/wp-content\/uploads\/2017\/09\/P1050240_ergebnis-300x225.jpg 300w, https:\/\/olu-limburg.de\/wp-content\/uploads\/2017\/09\/P1050240_ergebnis-768x576.jpg 768w, https:\/\/olu-limburg.de\/wp-content\/uploads\/2017\/09\/P1050240_ergebnis-624x468.jpg 624w\" sizes=\"auto, (max-width: 800px) 100vw, 800px\" \/><\/a><\/p>\n<div id=\"attachment_12534\" style=\"width: 810px\" class=\"wp-caption aligncenter\"><a href=\"https:\/\/olu-limburg.de\/wp-content\/uploads\/2017\/09\/DSC08583_ergebnis.jpg\"><img loading=\"lazy\" decoding=\"async\" aria-describedby=\"caption-attachment-12534\" class=\"wp-image-12534 size-full\" src=\"https:\/\/olu-limburg.de\/wp-content\/uploads\/2017\/09\/DSC08583_ergebnis.jpg\" alt=\"\" width=\"800\" height=\"600\" srcset=\"https:\/\/olu-limburg.de\/wp-content\/uploads\/2017\/09\/DSC08583_ergebnis.jpg 800w, https:\/\/olu-limburg.de\/wp-content\/uploads\/2017\/09\/DSC08583_ergebnis-300x225.jpg 300w, https:\/\/olu-limburg.de\/wp-content\/uploads\/2017\/09\/DSC08583_ergebnis-768x576.jpg 768w, https:\/\/olu-limburg.de\/wp-content\/uploads\/2017\/09\/DSC08583_ergebnis-624x468.jpg 624w\" sizes=\"auto, (max-width: 800px) 100vw, 800px\" \/><\/a><p id=\"caption-attachment-12534\" class=\"wp-caption-text\">Blick auf Brehat<\/p><\/div>\n<div id=\"attachment_12533\" style=\"width: 810px\" class=\"wp-caption aligncenter\"><a href=\"https:\/\/olu-limburg.de\/wp-content\/uploads\/2017\/09\/DSC08582_ergebnis.jpg\"><img loading=\"lazy\" decoding=\"async\" aria-describedby=\"caption-attachment-12533\" class=\"size-full wp-image-12533\" src=\"https:\/\/olu-limburg.de\/wp-content\/uploads\/2017\/09\/DSC08582_ergebnis.jpg\" alt=\"\" width=\"800\" height=\"600\" srcset=\"https:\/\/olu-limburg.de\/wp-content\/uploads\/2017\/09\/DSC08582_ergebnis.jpg 800w, https:\/\/olu-limburg.de\/wp-content\/uploads\/2017\/09\/DSC08582_ergebnis-300x225.jpg 300w, https:\/\/olu-limburg.de\/wp-content\/uploads\/2017\/09\/DSC08582_ergebnis-768x576.jpg 768w, https:\/\/olu-limburg.de\/wp-content\/uploads\/2017\/09\/DSC08582_ergebnis-624x468.jpg 624w\" sizes=\"auto, (max-width: 800px) 100vw, 800px\" \/><\/a><p id=\"caption-attachment-12533\" class=\"wp-caption-text\">Dies ist wieder ein Denkmal f\u00fcr die Witwen der vermissten Fischer.<\/p><\/div>\n<p>Auf kleinen Nebenstra\u00dfen erreichen wir Loguivy-de-la-Mer, den von Louis Capart und seinen vielen Zuh\u00f6rern in einem Cabaret-Zelt besungenen bretonischen Ort, der auch noch zur Gesamtgemeinde Ploubazlanec geh\u00f6rt und die linke Spitze der Halbinsel bildet. Die Wohnmobil-Stellpl\u00e4tze (kostenlos ohne V+E) sind Teil des Hafenparkplatzes.<\/p>\n<p><a href=\"https:\/\/olu-limburg.de\/wp-content\/uploads\/2017\/09\/DSC08587_ergebnis.jpg\"><img loading=\"lazy\" decoding=\"async\" class=\"size-full wp-image-12535 aligncenter\" src=\"https:\/\/olu-limburg.de\/wp-content\/uploads\/2017\/09\/DSC08587_ergebnis.jpg\" alt=\"\" width=\"800\" height=\"600\" srcset=\"https:\/\/olu-limburg.de\/wp-content\/uploads\/2017\/09\/DSC08587_ergebnis.jpg 800w, https:\/\/olu-limburg.de\/wp-content\/uploads\/2017\/09\/DSC08587_ergebnis-300x225.jpg 300w, https:\/\/olu-limburg.de\/wp-content\/uploads\/2017\/09\/DSC08587_ergebnis-768x576.jpg 768w, https:\/\/olu-limburg.de\/wp-content\/uploads\/2017\/09\/DSC08587_ergebnis-624x468.jpg 624w\" sizes=\"auto, (max-width: 800px) 100vw, 800px\" \/><\/a><\/p>\n<p>Es ist Ebbe und die Boote liegen im Schlamm. Wir schauen uns etwas um und laufen in Richtung des Leuchtfeuers an der Hafeneinfahrt.<\/p>\n<p><a href=\"https:\/\/olu-limburg.de\/wp-content\/uploads\/2017\/09\/DSC08589_ergebnis.jpg\"><img loading=\"lazy\" decoding=\"async\" class=\"size-full wp-image-12536 aligncenter\" src=\"https:\/\/olu-limburg.de\/wp-content\/uploads\/2017\/09\/DSC08589_ergebnis.jpg\" alt=\"\" width=\"800\" height=\"600\" srcset=\"https:\/\/olu-limburg.de\/wp-content\/uploads\/2017\/09\/DSC08589_ergebnis.jpg 800w, https:\/\/olu-limburg.de\/wp-content\/uploads\/2017\/09\/DSC08589_ergebnis-300x225.jpg 300w, https:\/\/olu-limburg.de\/wp-content\/uploads\/2017\/09\/DSC08589_ergebnis-768x576.jpg 768w, https:\/\/olu-limburg.de\/wp-content\/uploads\/2017\/09\/DSC08589_ergebnis-624x468.jpg 624w\" sizes=\"auto, (max-width: 800px) 100vw, 800px\" \/><\/a><\/p>\n<div id=\"attachment_12537\" style=\"width: 810px\" class=\"wp-caption aligncenter\"><a href=\"https:\/\/olu-limburg.de\/wp-content\/uploads\/2017\/09\/DSC08591_ergebnis.jpg\"><img loading=\"lazy\" decoding=\"async\" aria-describedby=\"caption-attachment-12537\" class=\"wp-image-12537 size-full\" src=\"https:\/\/olu-limburg.de\/wp-content\/uploads\/2017\/09\/DSC08591_ergebnis.jpg\" alt=\"\" width=\"800\" height=\"600\" srcset=\"https:\/\/olu-limburg.de\/wp-content\/uploads\/2017\/09\/DSC08591_ergebnis.jpg 800w, https:\/\/olu-limburg.de\/wp-content\/uploads\/2017\/09\/DSC08591_ergebnis-300x225.jpg 300w, https:\/\/olu-limburg.de\/wp-content\/uploads\/2017\/09\/DSC08591_ergebnis-768x576.jpg 768w, https:\/\/olu-limburg.de\/wp-content\/uploads\/2017\/09\/DSC08591_ergebnis-624x468.jpg 624w\" sizes=\"auto, (max-width: 800px) 100vw, 800px\" \/><\/a><p id=\"caption-attachment-12537\" class=\"wp-caption-text\">\u00dcberreste mit Neubebauung des Kastel Uhel<\/p><\/div>\n<p><a href=\"https:\/\/olu-limburg.de\/wp-content\/uploads\/2017\/09\/DSC08592_ergebnis.jpg\"><img loading=\"lazy\" decoding=\"async\" class=\"size-full wp-image-12538 aligncenter\" src=\"https:\/\/olu-limburg.de\/wp-content\/uploads\/2017\/09\/DSC08592_ergebnis.jpg\" alt=\"\" width=\"800\" height=\"600\" srcset=\"https:\/\/olu-limburg.de\/wp-content\/uploads\/2017\/09\/DSC08592_ergebnis.jpg 800w, https:\/\/olu-limburg.de\/wp-content\/uploads\/2017\/09\/DSC08592_ergebnis-300x225.jpg 300w, https:\/\/olu-limburg.de\/wp-content\/uploads\/2017\/09\/DSC08592_ergebnis-768x576.jpg 768w, https:\/\/olu-limburg.de\/wp-content\/uploads\/2017\/09\/DSC08592_ergebnis-624x468.jpg 624w\" sizes=\"auto, (max-width: 800px) 100vw, 800px\" \/><\/a><\/p>\n<p><a href=\"https:\/\/olu-limburg.de\/wp-content\/uploads\/2017\/09\/DSC08596_ergebnis.jpg\"><img loading=\"lazy\" decoding=\"async\" class=\"size-full wp-image-12539 aligncenter\" src=\"https:\/\/olu-limburg.de\/wp-content\/uploads\/2017\/09\/DSC08596_ergebnis.jpg\" alt=\"\" width=\"800\" height=\"600\" srcset=\"https:\/\/olu-limburg.de\/wp-content\/uploads\/2017\/09\/DSC08596_ergebnis.jpg 800w, https:\/\/olu-limburg.de\/wp-content\/uploads\/2017\/09\/DSC08596_ergebnis-300x225.jpg 300w, https:\/\/olu-limburg.de\/wp-content\/uploads\/2017\/09\/DSC08596_ergebnis-768x576.jpg 768w, https:\/\/olu-limburg.de\/wp-content\/uploads\/2017\/09\/DSC08596_ergebnis-624x468.jpg 624w\" sizes=\"auto, (max-width: 800px) 100vw, 800px\" \/><\/a><\/p>\n<p><a href=\"https:\/\/olu-limburg.de\/wp-content\/uploads\/2017\/09\/DSC08597_ergebnis-e1507279726643.jpg\"><img loading=\"lazy\" decoding=\"async\" class=\"size-full wp-image-12540 aligncenter\" src=\"https:\/\/olu-limburg.de\/wp-content\/uploads\/2017\/09\/DSC08597_ergebnis-e1507279726643.jpg\" alt=\"\" width=\"450\" height=\"600\" \/><\/a><\/p>\n<p>An der Hauptstra\u00dfe (!) von Loguivy ist eine Pizzeria, die wir f\u00fcr unser Mittagessen ausgesucht haben, und bei der es hervorragende Pizzen und Salate gibt.<\/p>\n<p><a href=\"https:\/\/olu-limburg.de\/wp-content\/uploads\/2017\/09\/P1050257_ergebnis.jpg\"><img loading=\"lazy\" decoding=\"async\" class=\"size-full wp-image-12552 aligncenter\" src=\"https:\/\/olu-limburg.de\/wp-content\/uploads\/2017\/09\/P1050257_ergebnis.jpg\" alt=\"\" width=\"800\" height=\"600\" srcset=\"https:\/\/olu-limburg.de\/wp-content\/uploads\/2017\/09\/P1050257_ergebnis.jpg 800w, https:\/\/olu-limburg.de\/wp-content\/uploads\/2017\/09\/P1050257_ergebnis-300x225.jpg 300w, https:\/\/olu-limburg.de\/wp-content\/uploads\/2017\/09\/P1050257_ergebnis-768x576.jpg 768w, https:\/\/olu-limburg.de\/wp-content\/uploads\/2017\/09\/P1050257_ergebnis-624x468.jpg 624w\" sizes=\"auto, (max-width: 800px) 100vw, 800px\" \/><\/a><\/p>\n<p><a href=\"https:\/\/olu-limburg.de\/wp-content\/uploads\/2017\/09\/P1050258_ergebnis.jpg\"><img loading=\"lazy\" decoding=\"async\" class=\"size-full wp-image-12553 aligncenter\" src=\"https:\/\/olu-limburg.de\/wp-content\/uploads\/2017\/09\/P1050258_ergebnis.jpg\" alt=\"\" width=\"800\" height=\"600\" srcset=\"https:\/\/olu-limburg.de\/wp-content\/uploads\/2017\/09\/P1050258_ergebnis.jpg 800w, https:\/\/olu-limburg.de\/wp-content\/uploads\/2017\/09\/P1050258_ergebnis-300x225.jpg 300w, https:\/\/olu-limburg.de\/wp-content\/uploads\/2017\/09\/P1050258_ergebnis-768x576.jpg 768w, https:\/\/olu-limburg.de\/wp-content\/uploads\/2017\/09\/P1050258_ergebnis-624x468.jpg 624w\" sizes=\"auto, (max-width: 800px) 100vw, 800px\" \/><\/a><\/p>\n<p>Nachmittags machten wir noch einen weiteren Rundgang, bei dem wir uns auch um unser Abendessen bem\u00fchten und Bigourneaux sammelten.<\/p>\n<p><a href=\"https:\/\/olu-limburg.de\/wp-content\/uploads\/2017\/09\/P1050253_ergebnis.jpg\"><img loading=\"lazy\" decoding=\"async\" class=\"size-full wp-image-12521 aligncenter\" src=\"https:\/\/olu-limburg.de\/wp-content\/uploads\/2017\/09\/P1050253_ergebnis.jpg\" alt=\"\" width=\"800\" height=\"600\" srcset=\"https:\/\/olu-limburg.de\/wp-content\/uploads\/2017\/09\/P1050253_ergebnis.jpg 800w, https:\/\/olu-limburg.de\/wp-content\/uploads\/2017\/09\/P1050253_ergebnis-300x225.jpg 300w, https:\/\/olu-limburg.de\/wp-content\/uploads\/2017\/09\/P1050253_ergebnis-768x576.jpg 768w, https:\/\/olu-limburg.de\/wp-content\/uploads\/2017\/09\/P1050253_ergebnis-624x468.jpg 624w\" sizes=\"auto, (max-width: 800px) 100vw, 800px\" \/><\/a><\/p>\n<p><a href=\"https:\/\/olu-limburg.de\/wp-content\/uploads\/2017\/09\/P1050248_ergebnis.jpg\"><img loading=\"lazy\" decoding=\"async\" class=\"size-full wp-image-12551 aligncenter\" src=\"https:\/\/olu-limburg.de\/wp-content\/uploads\/2017\/09\/P1050248_ergebnis.jpg\" alt=\"\" width=\"800\" height=\"600\" srcset=\"https:\/\/olu-limburg.de\/wp-content\/uploads\/2017\/09\/P1050248_ergebnis.jpg 800w, https:\/\/olu-limburg.de\/wp-content\/uploads\/2017\/09\/P1050248_ergebnis-300x225.jpg 300w, https:\/\/olu-limburg.de\/wp-content\/uploads\/2017\/09\/P1050248_ergebnis-768x576.jpg 768w, https:\/\/olu-limburg.de\/wp-content\/uploads\/2017\/09\/P1050248_ergebnis-624x468.jpg 624w\" sizes=\"auto, (max-width: 800px) 100vw, 800px\" \/><\/a><\/p>\n<div id=\"attachment_12541\" style=\"width: 810px\" class=\"wp-caption aligncenter\"><a href=\"https:\/\/olu-limburg.de\/wp-content\/uploads\/2017\/09\/DSC08599_ergebnis.jpg\"><img loading=\"lazy\" decoding=\"async\" aria-describedby=\"caption-attachment-12541\" class=\"wp-image-12541 size-full\" src=\"https:\/\/olu-limburg.de\/wp-content\/uploads\/2017\/09\/DSC08599_ergebnis.jpg\" alt=\"\" width=\"800\" height=\"600\" srcset=\"https:\/\/olu-limburg.de\/wp-content\/uploads\/2017\/09\/DSC08599_ergebnis.jpg 800w, https:\/\/olu-limburg.de\/wp-content\/uploads\/2017\/09\/DSC08599_ergebnis-300x225.jpg 300w, https:\/\/olu-limburg.de\/wp-content\/uploads\/2017\/09\/DSC08599_ergebnis-768x576.jpg 768w, https:\/\/olu-limburg.de\/wp-content\/uploads\/2017\/09\/DSC08599_ergebnis-624x468.jpg 624w\" sizes=\"auto, (max-width: 800px) 100vw, 800px\" \/><\/a><p id=\"caption-attachment-12541\" class=\"wp-caption-text\">Eglise Port Loguivy<\/p><\/div>\n<p><a href=\"https:\/\/olu-limburg.de\/wp-content\/uploads\/2017\/09\/P1050263_ergebnis.jpg\"><img loading=\"lazy\" decoding=\"async\" class=\"size-full wp-image-12523 aligncenter\" src=\"https:\/\/olu-limburg.de\/wp-content\/uploads\/2017\/09\/P1050263_ergebnis.jpg\" alt=\"\" width=\"800\" height=\"600\" srcset=\"https:\/\/olu-limburg.de\/wp-content\/uploads\/2017\/09\/P1050263_ergebnis.jpg 800w, https:\/\/olu-limburg.de\/wp-content\/uploads\/2017\/09\/P1050263_ergebnis-300x225.jpg 300w, https:\/\/olu-limburg.de\/wp-content\/uploads\/2017\/09\/P1050263_ergebnis-768x576.jpg 768w, https:\/\/olu-limburg.de\/wp-content\/uploads\/2017\/09\/P1050263_ergebnis-624x468.jpg 624w\" sizes=\"auto, (max-width: 800px) 100vw, 800px\" \/><\/a><\/p>\n<p><a href=\"https:\/\/olu-limburg.de\/wp-content\/uploads\/2017\/09\/DSC08602_ergebnis-e1507279794603.jpg\"><img loading=\"lazy\" decoding=\"async\" class=\"size-full wp-image-12542 aligncenter\" src=\"https:\/\/olu-limburg.de\/wp-content\/uploads\/2017\/09\/DSC08602_ergebnis-e1507279794603.jpg\" alt=\"\" width=\"450\" height=\"600\" \/><\/a><\/p>\n<p><a href=\"https:\/\/olu-limburg.de\/wp-content\/uploads\/2017\/09\/DSC08605_ergebnis.jpg\"><img loading=\"lazy\" decoding=\"async\" class=\"size-full wp-image-12543 aligncenter\" src=\"https:\/\/olu-limburg.de\/wp-content\/uploads\/2017\/09\/DSC08605_ergebnis.jpg\" alt=\"\" width=\"800\" height=\"600\" srcset=\"https:\/\/olu-limburg.de\/wp-content\/uploads\/2017\/09\/DSC08605_ergebnis.jpg 800w, https:\/\/olu-limburg.de\/wp-content\/uploads\/2017\/09\/DSC08605_ergebnis-300x225.jpg 300w, https:\/\/olu-limburg.de\/wp-content\/uploads\/2017\/09\/DSC08605_ergebnis-768x576.jpg 768w, https:\/\/olu-limburg.de\/wp-content\/uploads\/2017\/09\/DSC08605_ergebnis-624x468.jpg 624w\" sizes=\"auto, (max-width: 800px) 100vw, 800px\" \/><\/a><\/p>\n<div id=\"attachment_12548\" style=\"width: 810px\" class=\"wp-caption aligncenter\"><a href=\"https:\/\/olu-limburg.de\/wp-content\/uploads\/2017\/09\/20170816_193611_ergebnis.jpg\"><img loading=\"lazy\" decoding=\"async\" aria-describedby=\"caption-attachment-12548\" class=\"wp-image-12548 size-full\" src=\"https:\/\/olu-limburg.de\/wp-content\/uploads\/2017\/09\/20170816_193611_ergebnis.jpg\" alt=\"\" width=\"800\" height=\"600\" srcset=\"https:\/\/olu-limburg.de\/wp-content\/uploads\/2017\/09\/20170816_193611_ergebnis.jpg 800w, https:\/\/olu-limburg.de\/wp-content\/uploads\/2017\/09\/20170816_193611_ergebnis-300x225.jpg 300w, https:\/\/olu-limburg.de\/wp-content\/uploads\/2017\/09\/20170816_193611_ergebnis-768x576.jpg 768w, https:\/\/olu-limburg.de\/wp-content\/uploads\/2017\/09\/20170816_193611_ergebnis-624x468.jpg 624w\" sizes=\"auto, (max-width: 800px) 100vw, 800px\" \/><\/a><p id=\"caption-attachment-12548\" class=\"wp-caption-text\">Lena&#8217;s &#8222;Bigourneaux Loguivynaise&#8220;<\/p><\/div>\n<p>Loguivy ist f\u00fcr mich als der Ort im Ged\u00e4chtnis geblieben, in dem \u00fcber die meisten Stunden Ebbe herrschte.<\/p>\n<p>Tagesstrecke: 15 km<\/p>\n<p>&nbsp;<\/p>\n<p><strong>Donnerstag, 17. August 2017<\/strong><\/p>\n<p>Als wir heute Morgen weiterfahren stellen wir fest, wir durchfahren wiederum Paimpol, dass wir seit Montag, obwohl wir jeden Morgen einen Stellungswechsel vollzogen haben, gerade erst 36 km mehr auf unserem Tacho haben. \u00dcber L\u00e9zardrieux und Treguir erreichen wir den Strand von Trestel, das zu Trevou-Treguignec geh\u00f6rt, s\u00fcdwestlich von Port Blanc, und fahren auf den dortigen Stellplatz mit V+E (Geb\u00fchr EUR 8,00 incl. Strom). Auf der anderen Stra\u00dfenseite liegt ein herrlicher Strand und Restaurants sind nebenan.<\/p>\n<p><a href=\"https:\/\/olu-limburg.de\/wp-content\/uploads\/2017\/09\/DSC08620_ergebnis.jpg\"><img loading=\"lazy\" decoding=\"async\" class=\"size-full wp-image-12559 aligncenter\" src=\"https:\/\/olu-limburg.de\/wp-content\/uploads\/2017\/09\/DSC08620_ergebnis.jpg\" alt=\"\" width=\"800\" height=\"600\" srcset=\"https:\/\/olu-limburg.de\/wp-content\/uploads\/2017\/09\/DSC08620_ergebnis.jpg 800w, https:\/\/olu-limburg.de\/wp-content\/uploads\/2017\/09\/DSC08620_ergebnis-300x225.jpg 300w, https:\/\/olu-limburg.de\/wp-content\/uploads\/2017\/09\/DSC08620_ergebnis-768x576.jpg 768w, https:\/\/olu-limburg.de\/wp-content\/uploads\/2017\/09\/DSC08620_ergebnis-624x468.jpg 624w\" sizes=\"auto, (max-width: 800px) 100vw, 800px\" \/><\/a><\/p>\n<p><a href=\"https:\/\/olu-limburg.de\/wp-content\/uploads\/2017\/09\/DSC08610_ergebnis.jpg\"><img loading=\"lazy\" decoding=\"async\" class=\"alignnone size-full wp-image-12556\" src=\"https:\/\/olu-limburg.de\/wp-content\/uploads\/2017\/09\/DSC08610_ergebnis.jpg\" alt=\"\" width=\"800\" height=\"600\" srcset=\"https:\/\/olu-limburg.de\/wp-content\/uploads\/2017\/09\/DSC08610_ergebnis.jpg 800w, https:\/\/olu-limburg.de\/wp-content\/uploads\/2017\/09\/DSC08610_ergebnis-300x225.jpg 300w, https:\/\/olu-limburg.de\/wp-content\/uploads\/2017\/09\/DSC08610_ergebnis-768x576.jpg 768w, https:\/\/olu-limburg.de\/wp-content\/uploads\/2017\/09\/DSC08610_ergebnis-624x468.jpg 624w\" sizes=\"auto, (max-width: 800px) 100vw, 800px\" \/><\/a><\/p>\n<p><a href=\"https:\/\/olu-limburg.de\/wp-content\/uploads\/2017\/09\/DSC08614_ergebnis.jpg\"><img loading=\"lazy\" decoding=\"async\" class=\"size-full wp-image-12557 aligncenter\" src=\"https:\/\/olu-limburg.de\/wp-content\/uploads\/2017\/09\/DSC08614_ergebnis.jpg\" alt=\"\" width=\"800\" height=\"600\" srcset=\"https:\/\/olu-limburg.de\/wp-content\/uploads\/2017\/09\/DSC08614_ergebnis.jpg 800w, https:\/\/olu-limburg.de\/wp-content\/uploads\/2017\/09\/DSC08614_ergebnis-300x225.jpg 300w, https:\/\/olu-limburg.de\/wp-content\/uploads\/2017\/09\/DSC08614_ergebnis-768x576.jpg 768w, https:\/\/olu-limburg.de\/wp-content\/uploads\/2017\/09\/DSC08614_ergebnis-624x468.jpg 624w\" sizes=\"auto, (max-width: 800px) 100vw, 800px\" \/><\/a><\/p>\n<p><a href=\"https:\/\/olu-limburg.de\/wp-content\/uploads\/2017\/09\/DSC08617_ergebnis.jpg\"><img loading=\"lazy\" decoding=\"async\" class=\"size-full wp-image-12558 aligncenter\" src=\"https:\/\/olu-limburg.de\/wp-content\/uploads\/2017\/09\/DSC08617_ergebnis.jpg\" alt=\"\" width=\"800\" height=\"600\" srcset=\"https:\/\/olu-limburg.de\/wp-content\/uploads\/2017\/09\/DSC08617_ergebnis.jpg 800w, https:\/\/olu-limburg.de\/wp-content\/uploads\/2017\/09\/DSC08617_ergebnis-300x225.jpg 300w, https:\/\/olu-limburg.de\/wp-content\/uploads\/2017\/09\/DSC08617_ergebnis-768x576.jpg 768w, https:\/\/olu-limburg.de\/wp-content\/uploads\/2017\/09\/DSC08617_ergebnis-624x468.jpg 624w\" sizes=\"auto, (max-width: 800px) 100vw, 800px\" \/><\/a><\/p>\n<p>Zu Mittag gibt es sehr gute Moules Frites, und nach ein wenig Musezeit haben wir einen Spaziergang an der K\u00fcste entlang gemacht.<\/p>\n<p><a href=\"https:\/\/olu-limburg.de\/wp-content\/uploads\/2017\/09\/DSC08621_ergebnis.jpg\"><img loading=\"lazy\" decoding=\"async\" class=\"alignnone size-full wp-image-12560\" src=\"https:\/\/olu-limburg.de\/wp-content\/uploads\/2017\/09\/DSC08621_ergebnis.jpg\" alt=\"\" width=\"800\" height=\"600\" srcset=\"https:\/\/olu-limburg.de\/wp-content\/uploads\/2017\/09\/DSC08621_ergebnis.jpg 800w, https:\/\/olu-limburg.de\/wp-content\/uploads\/2017\/09\/DSC08621_ergebnis-300x225.jpg 300w, https:\/\/olu-limburg.de\/wp-content\/uploads\/2017\/09\/DSC08621_ergebnis-768x576.jpg 768w, https:\/\/olu-limburg.de\/wp-content\/uploads\/2017\/09\/DSC08621_ergebnis-624x468.jpg 624w\" sizes=\"auto, (max-width: 800px) 100vw, 800px\" \/><\/a><\/p>\n<p><a href=\"https:\/\/olu-limburg.de\/wp-content\/uploads\/2017\/09\/DSC08641_ergebnis.jpg\"><img loading=\"lazy\" decoding=\"async\" class=\"size-full wp-image-12565 aligncenter\" src=\"https:\/\/olu-limburg.de\/wp-content\/uploads\/2017\/09\/DSC08641_ergebnis.jpg\" alt=\"\" width=\"800\" height=\"600\" srcset=\"https:\/\/olu-limburg.de\/wp-content\/uploads\/2017\/09\/DSC08641_ergebnis.jpg 800w, https:\/\/olu-limburg.de\/wp-content\/uploads\/2017\/09\/DSC08641_ergebnis-300x225.jpg 300w, https:\/\/olu-limburg.de\/wp-content\/uploads\/2017\/09\/DSC08641_ergebnis-768x576.jpg 768w, https:\/\/olu-limburg.de\/wp-content\/uploads\/2017\/09\/DSC08641_ergebnis-624x468.jpg 624w\" sizes=\"auto, (max-width: 800px) 100vw, 800px\" \/><\/a><\/p>\n<p><a href=\"https:\/\/olu-limburg.de\/wp-content\/uploads\/2017\/09\/DSC08624_ergebnis.jpg\"><img loading=\"lazy\" decoding=\"async\" class=\"size-full wp-image-12561 aligncenter\" src=\"https:\/\/olu-limburg.de\/wp-content\/uploads\/2017\/09\/DSC08624_ergebnis.jpg\" alt=\"\" width=\"800\" height=\"600\" srcset=\"https:\/\/olu-limburg.de\/wp-content\/uploads\/2017\/09\/DSC08624_ergebnis.jpg 800w, https:\/\/olu-limburg.de\/wp-content\/uploads\/2017\/09\/DSC08624_ergebnis-300x225.jpg 300w, https:\/\/olu-limburg.de\/wp-content\/uploads\/2017\/09\/DSC08624_ergebnis-768x576.jpg 768w, https:\/\/olu-limburg.de\/wp-content\/uploads\/2017\/09\/DSC08624_ergebnis-624x468.jpg 624w\" sizes=\"auto, (max-width: 800px) 100vw, 800px\" \/><\/a><\/p>\n<p><a href=\"https:\/\/olu-limburg.de\/wp-content\/uploads\/2017\/09\/DSC08628_ergebnis.jpg\"><img loading=\"lazy\" decoding=\"async\" class=\"size-full wp-image-12562 aligncenter\" src=\"https:\/\/olu-limburg.de\/wp-content\/uploads\/2017\/09\/DSC08628_ergebnis.jpg\" alt=\"\" width=\"800\" height=\"600\" srcset=\"https:\/\/olu-limburg.de\/wp-content\/uploads\/2017\/09\/DSC08628_ergebnis.jpg 800w, https:\/\/olu-limburg.de\/wp-content\/uploads\/2017\/09\/DSC08628_ergebnis-300x225.jpg 300w, https:\/\/olu-limburg.de\/wp-content\/uploads\/2017\/09\/DSC08628_ergebnis-768x576.jpg 768w, https:\/\/olu-limburg.de\/wp-content\/uploads\/2017\/09\/DSC08628_ergebnis-624x468.jpg 624w\" sizes=\"auto, (max-width: 800px) 100vw, 800px\" \/><\/a><\/p>\n<p><a href=\"https:\/\/olu-limburg.de\/wp-content\/uploads\/2017\/09\/DSC08630_ergebnis.jpg\"><img loading=\"lazy\" decoding=\"async\" class=\"size-full wp-image-12563 aligncenter\" src=\"https:\/\/olu-limburg.de\/wp-content\/uploads\/2017\/09\/DSC08630_ergebnis.jpg\" alt=\"\" width=\"800\" height=\"600\" srcset=\"https:\/\/olu-limburg.de\/wp-content\/uploads\/2017\/09\/DSC08630_ergebnis.jpg 800w, https:\/\/olu-limburg.de\/wp-content\/uploads\/2017\/09\/DSC08630_ergebnis-300x225.jpg 300w, https:\/\/olu-limburg.de\/wp-content\/uploads\/2017\/09\/DSC08630_ergebnis-768x576.jpg 768w, https:\/\/olu-limburg.de\/wp-content\/uploads\/2017\/09\/DSC08630_ergebnis-624x468.jpg 624w\" sizes=\"auto, (max-width: 800px) 100vw, 800px\" \/><\/a><\/p>\n<p><a href=\"https:\/\/olu-limburg.de\/wp-content\/uploads\/2017\/09\/DSC08637_ergebnis.jpg\"><img loading=\"lazy\" decoding=\"async\" class=\"size-full wp-image-12564 aligncenter\" src=\"https:\/\/olu-limburg.de\/wp-content\/uploads\/2017\/09\/DSC08637_ergebnis.jpg\" alt=\"\" width=\"800\" height=\"600\" srcset=\"https:\/\/olu-limburg.de\/wp-content\/uploads\/2017\/09\/DSC08637_ergebnis.jpg 800w, https:\/\/olu-limburg.de\/wp-content\/uploads\/2017\/09\/DSC08637_ergebnis-300x225.jpg 300w, https:\/\/olu-limburg.de\/wp-content\/uploads\/2017\/09\/DSC08637_ergebnis-768x576.jpg 768w, https:\/\/olu-limburg.de\/wp-content\/uploads\/2017\/09\/DSC08637_ergebnis-624x468.jpg 624w\" sizes=\"auto, (max-width: 800px) 100vw, 800px\" \/><\/a><\/p>\n<p>Tagesstrecke: 32 km<\/p>\n<p>&nbsp;<\/p>\n<p><strong>Freitag, 18. August 2017<\/strong><\/p>\n<p>Bevor wir heute nach Tr\u00e9gastel weiter fahren, geht es erst mal ein paar Kilometer wieder zur\u00fcck nach Port Blanc. Hier parken wir unser Wohnmobil am Ortsrand, da die Stra\u00dfen zu eng sind, jedenfalls da wo wir herkommen, und spazieren durch den Ort.<\/p>\n<div id=\"attachment_12579\" style=\"width: 810px\" class=\"wp-caption aligncenter\"><a href=\"https:\/\/olu-limburg.de\/wp-content\/uploads\/2017\/09\/P1050316_ergebnis.jpg\"><img loading=\"lazy\" decoding=\"async\" aria-describedby=\"caption-attachment-12579\" class=\"wp-image-12579 size-full\" src=\"https:\/\/olu-limburg.de\/wp-content\/uploads\/2017\/09\/P1050316_ergebnis.jpg\" alt=\"\" width=\"800\" height=\"600\" srcset=\"https:\/\/olu-limburg.de\/wp-content\/uploads\/2017\/09\/P1050316_ergebnis.jpg 800w, https:\/\/olu-limburg.de\/wp-content\/uploads\/2017\/09\/P1050316_ergebnis-300x225.jpg 300w, https:\/\/olu-limburg.de\/wp-content\/uploads\/2017\/09\/P1050316_ergebnis-768x576.jpg 768w, https:\/\/olu-limburg.de\/wp-content\/uploads\/2017\/09\/P1050316_ergebnis-624x468.jpg 624w\" sizes=\"auto, (max-width: 800px) 100vw, 800px\" \/><\/a><p id=\"caption-attachment-12579\" class=\"wp-caption-text\">Chapelle Notre Dame aus dem 16. Jhdt. auf Grundmauern aus dem 13. Jhdt.<\/p><\/div>\n<p><a href=\"https:\/\/olu-limburg.de\/wp-content\/uploads\/2017\/09\/DSC08644_ergebnis-e1507292264297.jpg\"><img loading=\"lazy\" decoding=\"async\" class=\"size-full wp-image-12570 aligncenter\" src=\"https:\/\/olu-limburg.de\/wp-content\/uploads\/2017\/09\/DSC08644_ergebnis-e1507292264297.jpg\" alt=\"\" width=\"450\" height=\"600\" \/><\/a><\/p>\n<p><a href=\"https:\/\/olu-limburg.de\/wp-content\/uploads\/2017\/09\/P1050314_ergebnis-e1507292300662.jpg\"><img loading=\"lazy\" decoding=\"async\" class=\"size-full wp-image-12578 aligncenter\" src=\"https:\/\/olu-limburg.de\/wp-content\/uploads\/2017\/09\/P1050314_ergebnis-e1507292300662.jpg\" alt=\"\" width=\"450\" height=\"600\" \/><\/a><\/p>\n<p><a href=\"https:\/\/olu-limburg.de\/wp-content\/uploads\/2017\/09\/DSC08645_ergebnis.jpg\"><img loading=\"lazy\" decoding=\"async\" class=\"size-full wp-image-12571 aligncenter\" src=\"https:\/\/olu-limburg.de\/wp-content\/uploads\/2017\/09\/DSC08645_ergebnis.jpg\" alt=\"\" width=\"800\" height=\"600\" srcset=\"https:\/\/olu-limburg.de\/wp-content\/uploads\/2017\/09\/DSC08645_ergebnis.jpg 800w, https:\/\/olu-limburg.de\/wp-content\/uploads\/2017\/09\/DSC08645_ergebnis-300x225.jpg 300w, https:\/\/olu-limburg.de\/wp-content\/uploads\/2017\/09\/DSC08645_ergebnis-768x576.jpg 768w, https:\/\/olu-limburg.de\/wp-content\/uploads\/2017\/09\/DSC08645_ergebnis-624x468.jpg 624w\" sizes=\"auto, (max-width: 800px) 100vw, 800px\" \/><\/a><\/p>\n<p><a href=\"https:\/\/olu-limburg.de\/wp-content\/uploads\/2017\/09\/DSC08648_ergebnis-e1507292355151.jpg\"><img loading=\"lazy\" decoding=\"async\" class=\"size-full wp-image-12572 alignleft\" src=\"https:\/\/olu-limburg.de\/wp-content\/uploads\/2017\/09\/DSC08648_ergebnis-e1507292355151.jpg\" alt=\"\" width=\"450\" height=\"600\" \/><\/a><\/p>\n<p><a href=\"https:\/\/olu-limburg.de\/wp-content\/uploads\/2017\/09\/P1050312_ergebnis-e1507292401444.jpg\"><img loading=\"lazy\" decoding=\"async\" class=\"size-full wp-image-12577 alignright\" src=\"https:\/\/olu-limburg.de\/wp-content\/uploads\/2017\/09\/P1050312_ergebnis-e1507292401444.jpg\" alt=\"\" width=\"450\" height=\"600\" \/><\/a><\/p>\n<p><a href=\"https:\/\/olu-limburg.de\/wp-content\/uploads\/2017\/09\/DSC08649_ergebnis-e1507292435906.jpg\"><img loading=\"lazy\" decoding=\"async\" class=\"size-full wp-image-12573 aligncenter\" src=\"https:\/\/olu-limburg.de\/wp-content\/uploads\/2017\/09\/DSC08649_ergebnis-e1507292435906.jpg\" alt=\"\" width=\"450\" height=\"600\" \/><\/a><\/p>\n<p><a href=\"https:\/\/olu-limburg.de\/wp-content\/uploads\/2017\/09\/P1050320_ergebnis.jpg\"><img loading=\"lazy\" decoding=\"async\" class=\"size-full wp-image-12581 aligncenter\" src=\"https:\/\/olu-limburg.de\/wp-content\/uploads\/2017\/09\/P1050320_ergebnis.jpg\" alt=\"\" width=\"800\" height=\"600\" srcset=\"https:\/\/olu-limburg.de\/wp-content\/uploads\/2017\/09\/P1050320_ergebnis.jpg 800w, https:\/\/olu-limburg.de\/wp-content\/uploads\/2017\/09\/P1050320_ergebnis-300x225.jpg 300w, https:\/\/olu-limburg.de\/wp-content\/uploads\/2017\/09\/P1050320_ergebnis-768x576.jpg 768w, https:\/\/olu-limburg.de\/wp-content\/uploads\/2017\/09\/P1050320_ergebnis-624x468.jpg 624w\" sizes=\"auto, (max-width: 800px) 100vw, 800px\" \/><\/a><\/p>\n<p><a href=\"https:\/\/olu-limburg.de\/wp-content\/uploads\/2017\/09\/DSC08650_ergebnis.jpg\"><img loading=\"lazy\" decoding=\"async\" class=\"size-full wp-image-12574 aligncenter\" src=\"https:\/\/olu-limburg.de\/wp-content\/uploads\/2017\/09\/DSC08650_ergebnis.jpg\" alt=\"\" width=\"800\" height=\"600\" srcset=\"https:\/\/olu-limburg.de\/wp-content\/uploads\/2017\/09\/DSC08650_ergebnis.jpg 800w, https:\/\/olu-limburg.de\/wp-content\/uploads\/2017\/09\/DSC08650_ergebnis-300x225.jpg 300w, https:\/\/olu-limburg.de\/wp-content\/uploads\/2017\/09\/DSC08650_ergebnis-768x576.jpg 768w, https:\/\/olu-limburg.de\/wp-content\/uploads\/2017\/09\/DSC08650_ergebnis-624x468.jpg 624w\" sizes=\"auto, (max-width: 800px) 100vw, 800px\" \/><\/a><\/p>\n<div id=\"attachment_12575\" style=\"width: 810px\" class=\"wp-caption aligncenter\"><a href=\"https:\/\/olu-limburg.de\/wp-content\/uploads\/2017\/09\/DSC08653_ergebnis.jpg\"><img loading=\"lazy\" decoding=\"async\" aria-describedby=\"caption-attachment-12575\" class=\"wp-image-12575 size-full\" src=\"https:\/\/olu-limburg.de\/wp-content\/uploads\/2017\/09\/DSC08653_ergebnis.jpg\" alt=\"\" width=\"800\" height=\"600\" srcset=\"https:\/\/olu-limburg.de\/wp-content\/uploads\/2017\/09\/DSC08653_ergebnis.jpg 800w, https:\/\/olu-limburg.de\/wp-content\/uploads\/2017\/09\/DSC08653_ergebnis-300x225.jpg 300w, https:\/\/olu-limburg.de\/wp-content\/uploads\/2017\/09\/DSC08653_ergebnis-768x576.jpg 768w, https:\/\/olu-limburg.de\/wp-content\/uploads\/2017\/09\/DSC08653_ergebnis-624x468.jpg 624w\" sizes=\"auto, (max-width: 800px) 100vw, 800px\" \/><\/a><p id=\"caption-attachment-12575\" class=\"wp-caption-text\">\u00dcberreste einer Festung mit Wachturm auf dem Felsen von Port Blanc. Geblieben ist eine kleine Kapelle.<\/p><\/div>\n<p><a href=\"https:\/\/olu-limburg.de\/wp-content\/uploads\/2017\/09\/P1050325_ergebnis-e1507292580354.jpg\"><img loading=\"lazy\" decoding=\"async\" class=\"size-full wp-image-12582 aligncenter\" src=\"https:\/\/olu-limburg.de\/wp-content\/uploads\/2017\/09\/P1050325_ergebnis-e1507292580354.jpg\" alt=\"\" width=\"450\" height=\"600\" \/><\/a><\/p>\n<div id=\"attachment_12576\" style=\"width: 460px\" class=\"wp-caption aligncenter\"><a href=\"https:\/\/olu-limburg.de\/wp-content\/uploads\/2017\/09\/DSC08658_ergebnis-e1507292626435.jpg\"><img loading=\"lazy\" decoding=\"async\" aria-describedby=\"caption-attachment-12576\" class=\"wp-image-12576 size-full\" src=\"https:\/\/olu-limburg.de\/wp-content\/uploads\/2017\/09\/DSC08658_ergebnis-e1507292626435.jpg\" alt=\"\" width=\"450\" height=\"600\" \/><\/a><p id=\"caption-attachment-12576\" class=\"wp-caption-text\">Was sind das? Ja richtig, Adressen von Lieferanten einer Hotelk\u00fcche!<\/p><\/div>\n<p>Bei unserer Etappe nach Tr\u00e9gastel umfahren wir Perros-Guirec und fahren direkt zum Wohnmobil-Stellplatz in der Rue de Poul Palud mit V+E (Geb\u00fchr EUR 8,00). Immer h\u00e4ufiger sieht man jetzt die Einlassschranken. Dies ist aber alles kein Problem. Mit der F\u00e4hnchentaste w\u00e4hlt man die Landessprache und folgt der Anzeige, dabei wird auch auf den Wechsel zur Anzeige am Kartenautomaten hingewiesen. Letztendlich wird manchmal die Eingabe des Kfz.-Kennzeichens verlangt. Hier sind sogar ein paar Franzosen bei der Eingabe gescheitert. Aber wie gesagt, es ist alles gut und hat funktioniert.<\/p>\n<p><a href=\"https:\/\/olu-limburg.de\/wp-content\/uploads\/2017\/09\/DSC08709_ergebnis.jpg\"><img loading=\"lazy\" decoding=\"async\" class=\"alignnone size-full wp-image-12614\" src=\"https:\/\/olu-limburg.de\/wp-content\/uploads\/2017\/09\/DSC08709_ergebnis.jpg\" alt=\"\" width=\"800\" height=\"600\" srcset=\"https:\/\/olu-limburg.de\/wp-content\/uploads\/2017\/09\/DSC08709_ergebnis.jpg 800w, https:\/\/olu-limburg.de\/wp-content\/uploads\/2017\/09\/DSC08709_ergebnis-300x225.jpg 300w, https:\/\/olu-limburg.de\/wp-content\/uploads\/2017\/09\/DSC08709_ergebnis-768x576.jpg 768w, https:\/\/olu-limburg.de\/wp-content\/uploads\/2017\/09\/DSC08709_ergebnis-624x468.jpg 624w\" sizes=\"auto, (max-width: 800px) 100vw, 800px\" \/><\/a><\/p>\n<p>Lena sorgt f\u00fcr ein schnelles und unkompliziertes, aber vollst\u00e4ndiges Men\u00fc.<\/p>\n<p><a href=\"https:\/\/olu-limburg.de\/wp-content\/uploads\/2017\/09\/20170818_133630_ergebnis.jpg\"><img loading=\"lazy\" decoding=\"async\" class=\"alignnone size-full wp-image-12586\" src=\"https:\/\/olu-limburg.de\/wp-content\/uploads\/2017\/09\/20170818_133630_ergebnis.jpg\" alt=\"\" width=\"800\" height=\"600\" srcset=\"https:\/\/olu-limburg.de\/wp-content\/uploads\/2017\/09\/20170818_133630_ergebnis.jpg 800w, https:\/\/olu-limburg.de\/wp-content\/uploads\/2017\/09\/20170818_133630_ergebnis-300x225.jpg 300w, https:\/\/olu-limburg.de\/wp-content\/uploads\/2017\/09\/20170818_133630_ergebnis-768x576.jpg 768w, https:\/\/olu-limburg.de\/wp-content\/uploads\/2017\/09\/20170818_133630_ergebnis-624x468.jpg 624w\" sizes=\"auto, (max-width: 800px) 100vw, 800px\" \/><\/a><\/p>\n<div id=\"attachment_12588\" style=\"width: 810px\" class=\"wp-caption alignnone\"><a href=\"https:\/\/olu-limburg.de\/wp-content\/uploads\/2017\/09\/20170818_141750_ergebnis.jpg\"><img loading=\"lazy\" decoding=\"async\" aria-describedby=\"caption-attachment-12588\" class=\"size-full wp-image-12588\" src=\"https:\/\/olu-limburg.de\/wp-content\/uploads\/2017\/09\/20170818_141750_ergebnis.jpg\" alt=\"\" width=\"800\" height=\"600\" srcset=\"https:\/\/olu-limburg.de\/wp-content\/uploads\/2017\/09\/20170818_141750_ergebnis.jpg 800w, https:\/\/olu-limburg.de\/wp-content\/uploads\/2017\/09\/20170818_141750_ergebnis-300x225.jpg 300w, https:\/\/olu-limburg.de\/wp-content\/uploads\/2017\/09\/20170818_141750_ergebnis-768x576.jpg 768w, https:\/\/olu-limburg.de\/wp-content\/uploads\/2017\/09\/20170818_141750_ergebnis-624x468.jpg 624w\" sizes=\"auto, (max-width: 800px) 100vw, 800px\" \/><\/a><p id=\"caption-attachment-12588\" class=\"wp-caption-text\">gef\u00fcllte Gnocchi mit eigenem Pesto<\/p><\/div>\n<div id=\"attachment_12589\" style=\"width: 810px\" class=\"wp-caption alignnone\"><a href=\"https:\/\/olu-limburg.de\/wp-content\/uploads\/2017\/09\/20170818_141825_ergebnis.jpg\"><img loading=\"lazy\" decoding=\"async\" aria-describedby=\"caption-attachment-12589\" class=\"size-full wp-image-12589\" src=\"https:\/\/olu-limburg.de\/wp-content\/uploads\/2017\/09\/20170818_141825_ergebnis.jpg\" alt=\"\" width=\"800\" height=\"600\" srcset=\"https:\/\/olu-limburg.de\/wp-content\/uploads\/2017\/09\/20170818_141825_ergebnis.jpg 800w, https:\/\/olu-limburg.de\/wp-content\/uploads\/2017\/09\/20170818_141825_ergebnis-300x225.jpg 300w, https:\/\/olu-limburg.de\/wp-content\/uploads\/2017\/09\/20170818_141825_ergebnis-768x576.jpg 768w, https:\/\/olu-limburg.de\/wp-content\/uploads\/2017\/09\/20170818_141825_ergebnis-624x468.jpg 624w\" sizes=\"auto, (max-width: 800px) 100vw, 800px\" \/><\/a><p id=\"caption-attachment-12589\" class=\"wp-caption-text\">gekaufte Cr\u00e9me caramel<\/p><\/div>\n<div id=\"attachment_12587\" style=\"width: 810px\" class=\"wp-caption alignnone\"><a href=\"https:\/\/olu-limburg.de\/wp-content\/uploads\/2017\/09\/20170818_135412_ergebnis.jpg\"><img loading=\"lazy\" decoding=\"async\" aria-describedby=\"caption-attachment-12587\" class=\"size-full wp-image-12587\" src=\"https:\/\/olu-limburg.de\/wp-content\/uploads\/2017\/09\/20170818_135412_ergebnis.jpg\" alt=\"\" width=\"800\" height=\"600\" srcset=\"https:\/\/olu-limburg.de\/wp-content\/uploads\/2017\/09\/20170818_135412_ergebnis.jpg 800w, https:\/\/olu-limburg.de\/wp-content\/uploads\/2017\/09\/20170818_135412_ergebnis-300x225.jpg 300w, https:\/\/olu-limburg.de\/wp-content\/uploads\/2017\/09\/20170818_135412_ergebnis-768x576.jpg 768w, https:\/\/olu-limburg.de\/wp-content\/uploads\/2017\/09\/20170818_135412_ergebnis-624x468.jpg 624w\" sizes=\"auto, (max-width: 800px) 100vw, 800px\" \/><\/a><p id=\"caption-attachment-12587\" class=\"wp-caption-text\">Ich k\u00fcmmere mich um die Getr\u00e4nke.<\/p><\/div>\n<p>Am Nachmittag ist ein Spaziergang nach Ploumanach angesagt, dabei \u00fcberfliegt uns mehrfach die &#8222;Patrouille de France&#8220; im Formationsflug.<\/p>\n<div id=\"attachment_12594\" style=\"width: 810px\" class=\"wp-caption aligncenter\"><a href=\"https:\/\/olu-limburg.de\/wp-content\/uploads\/2017\/09\/DSC08659_ergebnis.jpg\"><img loading=\"lazy\" decoding=\"async\" aria-describedby=\"caption-attachment-12594\" class=\"wp-image-12594 size-full\" src=\"https:\/\/olu-limburg.de\/wp-content\/uploads\/2017\/09\/DSC08659_ergebnis.jpg\" alt=\"\" width=\"800\" height=\"600\" srcset=\"https:\/\/olu-limburg.de\/wp-content\/uploads\/2017\/09\/DSC08659_ergebnis.jpg 800w, https:\/\/olu-limburg.de\/wp-content\/uploads\/2017\/09\/DSC08659_ergebnis-300x225.jpg 300w, https:\/\/olu-limburg.de\/wp-content\/uploads\/2017\/09\/DSC08659_ergebnis-768x576.jpg 768w, https:\/\/olu-limburg.de\/wp-content\/uploads\/2017\/09\/DSC08659_ergebnis-624x468.jpg 624w\" sizes=\"auto, (max-width: 800px) 100vw, 800px\" \/><\/a><p id=\"caption-attachment-12594\" class=\"wp-caption-text\">Baie de Saint-Anne mit Tr\u00e9gastel im Hintergrund<\/p><\/div>\n<p><a href=\"https:\/\/olu-limburg.de\/wp-content\/uploads\/2017\/09\/DSC08661_ergebnis.jpg\"><img loading=\"lazy\" decoding=\"async\" class=\"size-full wp-image-12595 aligncenter\" src=\"https:\/\/olu-limburg.de\/wp-content\/uploads\/2017\/09\/DSC08661_ergebnis.jpg\" alt=\"\" width=\"800\" height=\"600\" srcset=\"https:\/\/olu-limburg.de\/wp-content\/uploads\/2017\/09\/DSC08661_ergebnis.jpg 800w, https:\/\/olu-limburg.de\/wp-content\/uploads\/2017\/09\/DSC08661_ergebnis-300x225.jpg 300w, https:\/\/olu-limburg.de\/wp-content\/uploads\/2017\/09\/DSC08661_ergebnis-768x576.jpg 768w, https:\/\/olu-limburg.de\/wp-content\/uploads\/2017\/09\/DSC08661_ergebnis-624x468.jpg 624w\" sizes=\"auto, (max-width: 800px) 100vw, 800px\" \/><\/a><\/p>\n<p><a href=\"https:\/\/olu-limburg.de\/wp-content\/uploads\/2017\/09\/20170818_161457_ergebnis.jpg\"><img loading=\"lazy\" decoding=\"async\" class=\"size-full wp-image-12593 aligncenter\" src=\"https:\/\/olu-limburg.de\/wp-content\/uploads\/2017\/09\/20170818_161457_ergebnis.jpg\" alt=\"\" width=\"800\" height=\"600\" srcset=\"https:\/\/olu-limburg.de\/wp-content\/uploads\/2017\/09\/20170818_161457_ergebnis.jpg 800w, https:\/\/olu-limburg.de\/wp-content\/uploads\/2017\/09\/20170818_161457_ergebnis-300x225.jpg 300w, https:\/\/olu-limburg.de\/wp-content\/uploads\/2017\/09\/20170818_161457_ergebnis-768x576.jpg 768w, https:\/\/olu-limburg.de\/wp-content\/uploads\/2017\/09\/20170818_161457_ergebnis-624x468.jpg 624w\" sizes=\"auto, (max-width: 800px) 100vw, 800px\" \/><\/a><\/p>\n<div id=\"attachment_12591\" style=\"width: 810px\" class=\"wp-caption aligncenter\"><a href=\"https:\/\/olu-limburg.de\/wp-content\/uploads\/2017\/09\/P1050331_ergebnis.jpg\"><img loading=\"lazy\" decoding=\"async\" aria-describedby=\"caption-attachment-12591\" class=\"wp-image-12591 size-full\" src=\"https:\/\/olu-limburg.de\/wp-content\/uploads\/2017\/09\/P1050331_ergebnis.jpg\" alt=\"\" width=\"800\" height=\"600\" srcset=\"https:\/\/olu-limburg.de\/wp-content\/uploads\/2017\/09\/P1050331_ergebnis.jpg 800w, https:\/\/olu-limburg.de\/wp-content\/uploads\/2017\/09\/P1050331_ergebnis-300x225.jpg 300w, https:\/\/olu-limburg.de\/wp-content\/uploads\/2017\/09\/P1050331_ergebnis-768x576.jpg 768w, https:\/\/olu-limburg.de\/wp-content\/uploads\/2017\/09\/P1050331_ergebnis-624x468.jpg 624w\" sizes=\"auto, (max-width: 800px) 100vw, 800px\" \/><\/a><p id=\"caption-attachment-12591\" class=\"wp-caption-text\">Plage de Tourony<\/p><\/div>\n<div id=\"attachment_12597\" style=\"width: 810px\" class=\"wp-caption aligncenter\"><a href=\"https:\/\/olu-limburg.de\/wp-content\/uploads\/2017\/09\/DSC08668_ergebnis.jpg\"><img loading=\"lazy\" decoding=\"async\" aria-describedby=\"caption-attachment-12597\" class=\"wp-image-12597 size-full\" src=\"https:\/\/olu-limburg.de\/wp-content\/uploads\/2017\/09\/DSC08668_ergebnis.jpg\" alt=\"\" width=\"800\" height=\"600\" srcset=\"https:\/\/olu-limburg.de\/wp-content\/uploads\/2017\/09\/DSC08668_ergebnis.jpg 800w, https:\/\/olu-limburg.de\/wp-content\/uploads\/2017\/09\/DSC08668_ergebnis-300x225.jpg 300w, https:\/\/olu-limburg.de\/wp-content\/uploads\/2017\/09\/DSC08668_ergebnis-768x576.jpg 768w, https:\/\/olu-limburg.de\/wp-content\/uploads\/2017\/09\/DSC08668_ergebnis-624x468.jpg 624w\" sizes=\"auto, (max-width: 800px) 100vw, 800px\" \/><\/a><p id=\"caption-attachment-12597\" class=\"wp-caption-text\">La Patrouille de France<\/p><\/div>\n<p><a href=\"https:\/\/olu-limburg.de\/wp-content\/uploads\/2017\/09\/DSC08670_ergebnis.jpg\"><img loading=\"lazy\" decoding=\"async\" class=\"size-full wp-image-12598 aligncenter\" src=\"https:\/\/olu-limburg.de\/wp-content\/uploads\/2017\/09\/DSC08670_ergebnis.jpg\" alt=\"\" width=\"800\" height=\"600\" srcset=\"https:\/\/olu-limburg.de\/wp-content\/uploads\/2017\/09\/DSC08670_ergebnis.jpg 800w, https:\/\/olu-limburg.de\/wp-content\/uploads\/2017\/09\/DSC08670_ergebnis-300x225.jpg 300w, https:\/\/olu-limburg.de\/wp-content\/uploads\/2017\/09\/DSC08670_ergebnis-768x576.jpg 768w, https:\/\/olu-limburg.de\/wp-content\/uploads\/2017\/09\/DSC08670_ergebnis-624x468.jpg 624w\" sizes=\"auto, (max-width: 800px) 100vw, 800px\" \/><\/a><\/p>\n<p><a href=\"https:\/\/olu-limburg.de\/wp-content\/uploads\/2017\/09\/DSC08672_ergebnis.jpg\"><img loading=\"lazy\" decoding=\"async\" class=\"size-full wp-image-12599 aligncenter\" src=\"https:\/\/olu-limburg.de\/wp-content\/uploads\/2017\/09\/DSC08672_ergebnis.jpg\" alt=\"\" width=\"800\" height=\"600\" srcset=\"https:\/\/olu-limburg.de\/wp-content\/uploads\/2017\/09\/DSC08672_ergebnis.jpg 800w, https:\/\/olu-limburg.de\/wp-content\/uploads\/2017\/09\/DSC08672_ergebnis-300x225.jpg 300w, https:\/\/olu-limburg.de\/wp-content\/uploads\/2017\/09\/DSC08672_ergebnis-768x576.jpg 768w, https:\/\/olu-limburg.de\/wp-content\/uploads\/2017\/09\/DSC08672_ergebnis-624x468.jpg 624w\" sizes=\"auto, (max-width: 800px) 100vw, 800px\" \/><\/a><\/p>\n<p><a href=\"https:\/\/olu-limburg.de\/wp-content\/uploads\/2017\/09\/DSC08676_ergebnis.jpg\"><img loading=\"lazy\" decoding=\"async\" class=\"size-full wp-image-12600 aligncenter\" src=\"https:\/\/olu-limburg.de\/wp-content\/uploads\/2017\/09\/DSC08676_ergebnis.jpg\" alt=\"\" width=\"800\" height=\"600\" srcset=\"https:\/\/olu-limburg.de\/wp-content\/uploads\/2017\/09\/DSC08676_ergebnis.jpg 800w, https:\/\/olu-limburg.de\/wp-content\/uploads\/2017\/09\/DSC08676_ergebnis-300x225.jpg 300w, https:\/\/olu-limburg.de\/wp-content\/uploads\/2017\/09\/DSC08676_ergebnis-768x576.jpg 768w, https:\/\/olu-limburg.de\/wp-content\/uploads\/2017\/09\/DSC08676_ergebnis-624x468.jpg 624w\" sizes=\"auto, (max-width: 800px) 100vw, 800px\" \/><\/a><\/p>\n<p><a href=\"https:\/\/olu-limburg.de\/wp-content\/uploads\/2017\/09\/DSC08683_ergebnis.jpg\"><img loading=\"lazy\" decoding=\"async\" class=\"size-full wp-image-12602 aligncenter\" src=\"https:\/\/olu-limburg.de\/wp-content\/uploads\/2017\/09\/DSC08683_ergebnis.jpg\" alt=\"\" width=\"800\" height=\"600\" srcset=\"https:\/\/olu-limburg.de\/wp-content\/uploads\/2017\/09\/DSC08683_ergebnis.jpg 800w, https:\/\/olu-limburg.de\/wp-content\/uploads\/2017\/09\/DSC08683_ergebnis-300x225.jpg 300w, https:\/\/olu-limburg.de\/wp-content\/uploads\/2017\/09\/DSC08683_ergebnis-768x576.jpg 768w, https:\/\/olu-limburg.de\/wp-content\/uploads\/2017\/09\/DSC08683_ergebnis-624x468.jpg 624w\" sizes=\"auto, (max-width: 800px) 100vw, 800px\" \/><\/a><\/p>\n<div id=\"attachment_12601\" style=\"width: 810px\" class=\"wp-caption aligncenter\"><a href=\"https:\/\/olu-limburg.de\/wp-content\/uploads\/2017\/09\/DSC08681_ergebnis.jpg\"><img loading=\"lazy\" decoding=\"async\" aria-describedby=\"caption-attachment-12601\" class=\"wp-image-12601 size-full\" src=\"https:\/\/olu-limburg.de\/wp-content\/uploads\/2017\/09\/DSC08681_ergebnis.jpg\" alt=\"\" width=\"800\" height=\"600\" srcset=\"https:\/\/olu-limburg.de\/wp-content\/uploads\/2017\/09\/DSC08681_ergebnis.jpg 800w, https:\/\/olu-limburg.de\/wp-content\/uploads\/2017\/09\/DSC08681_ergebnis-300x225.jpg 300w, https:\/\/olu-limburg.de\/wp-content\/uploads\/2017\/09\/DSC08681_ergebnis-768x576.jpg 768w, https:\/\/olu-limburg.de\/wp-content\/uploads\/2017\/09\/DSC08681_ergebnis-624x468.jpg 624w\" sizes=\"auto, (max-width: 800px) 100vw, 800px\" \/><\/a><p id=\"caption-attachment-12601\" class=\"wp-caption-text\">Blick auf Ploumanac&#8217;h<\/p><\/div>\n<div id=\"attachment_12603\" style=\"width: 810px\" class=\"wp-caption aligncenter\"><a href=\"https:\/\/olu-limburg.de\/wp-content\/uploads\/2017\/09\/DSC08687_ergebnis.jpg\"><img loading=\"lazy\" decoding=\"async\" aria-describedby=\"caption-attachment-12603\" class=\"size-full wp-image-12603\" src=\"https:\/\/olu-limburg.de\/wp-content\/uploads\/2017\/09\/DSC08687_ergebnis.jpg\" alt=\"\" width=\"800\" height=\"600\" srcset=\"https:\/\/olu-limburg.de\/wp-content\/uploads\/2017\/09\/DSC08687_ergebnis.jpg 800w, https:\/\/olu-limburg.de\/wp-content\/uploads\/2017\/09\/DSC08687_ergebnis-300x225.jpg 300w, https:\/\/olu-limburg.de\/wp-content\/uploads\/2017\/09\/DSC08687_ergebnis-768x576.jpg 768w, https:\/\/olu-limburg.de\/wp-content\/uploads\/2017\/09\/DSC08687_ergebnis-624x468.jpg 624w\" sizes=\"auto, (max-width: 800px) 100vw, 800px\" \/><\/a><p id=\"caption-attachment-12603\" class=\"wp-caption-text\">ehemaliges Domizil von Didi Hallervorden; auch bekannt aus dem 6. Fall &#8222;Bretonisches Leuchten&#8220; von Kommissar Dupin als Wohnhaus des &#8222;Baul\u00f6wen&#8220; (von Luc Bannalec)<\/p><\/div>\n<p><a href=\"https:\/\/olu-limburg.de\/wp-content\/uploads\/2017\/09\/DSC08689_ergebnis.jpg\"><img loading=\"lazy\" decoding=\"async\" class=\"size-full wp-image-12604 aligncenter\" src=\"https:\/\/olu-limburg.de\/wp-content\/uploads\/2017\/09\/DSC08689_ergebnis.jpg\" alt=\"\" width=\"800\" height=\"600\" srcset=\"https:\/\/olu-limburg.de\/wp-content\/uploads\/2017\/09\/DSC08689_ergebnis.jpg 800w, https:\/\/olu-limburg.de\/wp-content\/uploads\/2017\/09\/DSC08689_ergebnis-300x225.jpg 300w, https:\/\/olu-limburg.de\/wp-content\/uploads\/2017\/09\/DSC08689_ergebnis-768x576.jpg 768w, https:\/\/olu-limburg.de\/wp-content\/uploads\/2017\/09\/DSC08689_ergebnis-624x468.jpg 624w\" sizes=\"auto, (max-width: 800px) 100vw, 800px\" \/><\/a><\/p>\n<div id=\"attachment_12605\" style=\"width: 810px\" class=\"wp-caption aligncenter\"><a href=\"https:\/\/olu-limburg.de\/wp-content\/uploads\/2017\/09\/DSC08691_ergebnis.jpg\"><img loading=\"lazy\" decoding=\"async\" aria-describedby=\"caption-attachment-12605\" class=\"wp-image-12605 size-full\" src=\"https:\/\/olu-limburg.de\/wp-content\/uploads\/2017\/09\/DSC08691_ergebnis.jpg\" alt=\"\" width=\"800\" height=\"600\" srcset=\"https:\/\/olu-limburg.de\/wp-content\/uploads\/2017\/09\/DSC08691_ergebnis.jpg 800w, https:\/\/olu-limburg.de\/wp-content\/uploads\/2017\/09\/DSC08691_ergebnis-300x225.jpg 300w, https:\/\/olu-limburg.de\/wp-content\/uploads\/2017\/09\/DSC08691_ergebnis-768x576.jpg 768w, https:\/\/olu-limburg.de\/wp-content\/uploads\/2017\/09\/DSC08691_ergebnis-624x468.jpg 624w\" sizes=\"auto, (max-width: 800px) 100vw, 800px\" \/><\/a><p id=\"caption-attachment-12605\" class=\"wp-caption-text\">Im Hintergrund die Ile aux Moines der Sept Iles<\/p><\/div>\n<p><a href=\"https:\/\/olu-limburg.de\/wp-content\/uploads\/2017\/09\/DSC08692_ergebnis.jpg\"><img loading=\"lazy\" decoding=\"async\" class=\"size-full wp-image-12606 aligncenter\" src=\"https:\/\/olu-limburg.de\/wp-content\/uploads\/2017\/09\/DSC08692_ergebnis.jpg\" alt=\"\" width=\"800\" height=\"600\" srcset=\"https:\/\/olu-limburg.de\/wp-content\/uploads\/2017\/09\/DSC08692_ergebnis.jpg 800w, https:\/\/olu-limburg.de\/wp-content\/uploads\/2017\/09\/DSC08692_ergebnis-300x225.jpg 300w, https:\/\/olu-limburg.de\/wp-content\/uploads\/2017\/09\/DSC08692_ergebnis-768x576.jpg 768w, https:\/\/olu-limburg.de\/wp-content\/uploads\/2017\/09\/DSC08692_ergebnis-624x468.jpg 624w\" sizes=\"auto, (max-width: 800px) 100vw, 800px\" \/><\/a><\/p>\n<p><a href=\"https:\/\/olu-limburg.de\/wp-content\/uploads\/2017\/09\/DSC08694_ergebnis.jpg\"><img loading=\"lazy\" decoding=\"async\" class=\"size-full wp-image-12607 aligncenter\" src=\"https:\/\/olu-limburg.de\/wp-content\/uploads\/2017\/09\/DSC08694_ergebnis.jpg\" alt=\"\" width=\"800\" height=\"600\" srcset=\"https:\/\/olu-limburg.de\/wp-content\/uploads\/2017\/09\/DSC08694_ergebnis.jpg 800w, https:\/\/olu-limburg.de\/wp-content\/uploads\/2017\/09\/DSC08694_ergebnis-300x225.jpg 300w, https:\/\/olu-limburg.de\/wp-content\/uploads\/2017\/09\/DSC08694_ergebnis-768x576.jpg 768w, https:\/\/olu-limburg.de\/wp-content\/uploads\/2017\/09\/DSC08694_ergebnis-624x468.jpg 624w\" sizes=\"auto, (max-width: 800px) 100vw, 800px\" \/><\/a><\/p>\n<div id=\"attachment_12608\" style=\"width: 810px\" class=\"wp-caption aligncenter\"><a href=\"https:\/\/olu-limburg.de\/wp-content\/uploads\/2017\/09\/DSC08695_ergebnis.jpg\"><img loading=\"lazy\" decoding=\"async\" aria-describedby=\"caption-attachment-12608\" class=\"wp-image-12608 size-full\" src=\"https:\/\/olu-limburg.de\/wp-content\/uploads\/2017\/09\/DSC08695_ergebnis.jpg\" alt=\"\" width=\"800\" height=\"600\" srcset=\"https:\/\/olu-limburg.de\/wp-content\/uploads\/2017\/09\/DSC08695_ergebnis.jpg 800w, https:\/\/olu-limburg.de\/wp-content\/uploads\/2017\/09\/DSC08695_ergebnis-300x225.jpg 300w, https:\/\/olu-limburg.de\/wp-content\/uploads\/2017\/09\/DSC08695_ergebnis-768x576.jpg 768w, https:\/\/olu-limburg.de\/wp-content\/uploads\/2017\/09\/DSC08695_ergebnis-624x468.jpg 624w\" sizes=\"auto, (max-width: 800px) 100vw, 800px\" \/><\/a><p id=\"caption-attachment-12608\" class=\"wp-caption-text\">Chapelle Saint-Guirec<\/p><\/div>\n<div id=\"attachment_12609\" style=\"width: 810px\" class=\"wp-caption aligncenter\"><a href=\"https:\/\/olu-limburg.de\/wp-content\/uploads\/2017\/09\/DSC08696_ergebnis.jpg\"><img loading=\"lazy\" decoding=\"async\" aria-describedby=\"caption-attachment-12609\" class=\"size-full wp-image-12609\" src=\"https:\/\/olu-limburg.de\/wp-content\/uploads\/2017\/09\/DSC08696_ergebnis.jpg\" alt=\"\" width=\"800\" height=\"600\" srcset=\"https:\/\/olu-limburg.de\/wp-content\/uploads\/2017\/09\/DSC08696_ergebnis.jpg 800w, https:\/\/olu-limburg.de\/wp-content\/uploads\/2017\/09\/DSC08696_ergebnis-300x225.jpg 300w, https:\/\/olu-limburg.de\/wp-content\/uploads\/2017\/09\/DSC08696_ergebnis-768x576.jpg 768w, https:\/\/olu-limburg.de\/wp-content\/uploads\/2017\/09\/DSC08696_ergebnis-624x468.jpg 624w\" sizes=\"auto, (max-width: 800px) 100vw, 800px\" \/><\/a><p id=\"caption-attachment-12609\" class=\"wp-caption-text\">Oratoire Saint-Guirec<\/p><\/div>\n<p><a href=\"https:\/\/olu-limburg.de\/wp-content\/uploads\/2017\/09\/DSC08702_ergebnis-e1507298686242.jpg\"><img loading=\"lazy\" decoding=\"async\" class=\"size-full wp-image-12610 aligncenter\" src=\"https:\/\/olu-limburg.de\/wp-content\/uploads\/2017\/09\/DSC08702_ergebnis-e1507298686242.jpg\" alt=\"\" width=\"450\" height=\"600\" \/><\/a><\/p>\n<div id=\"attachment_12611\" style=\"width: 810px\" class=\"wp-caption aligncenter\"><a href=\"https:\/\/olu-limburg.de\/wp-content\/uploads\/2017\/09\/DSC08705_ergebnis.jpg\"><img loading=\"lazy\" decoding=\"async\" aria-describedby=\"caption-attachment-12611\" class=\"size-full wp-image-12611\" src=\"https:\/\/olu-limburg.de\/wp-content\/uploads\/2017\/09\/DSC08705_ergebnis.jpg\" alt=\"\" width=\"800\" height=\"600\" srcset=\"https:\/\/olu-limburg.de\/wp-content\/uploads\/2017\/09\/DSC08705_ergebnis.jpg 800w, https:\/\/olu-limburg.de\/wp-content\/uploads\/2017\/09\/DSC08705_ergebnis-300x225.jpg 300w, https:\/\/olu-limburg.de\/wp-content\/uploads\/2017\/09\/DSC08705_ergebnis-768x576.jpg 768w, https:\/\/olu-limburg.de\/wp-content\/uploads\/2017\/09\/DSC08705_ergebnis-624x468.jpg 624w\" sizes=\"auto, (max-width: 800px) 100vw, 800px\" \/><\/a><p id=\"caption-attachment-12611\" class=\"wp-caption-text\">Ich halte es eher mit Sant Erwann.<\/p><\/div>\n<p><a href=\"https:\/\/olu-limburg.de\/wp-content\/uploads\/2017\/09\/DSC08707_ergebnis.jpg\"><img loading=\"lazy\" decoding=\"async\" class=\"size-full wp-image-12613 aligncenter\" src=\"https:\/\/olu-limburg.de\/wp-content\/uploads\/2017\/09\/DSC08707_ergebnis.jpg\" alt=\"\" width=\"800\" height=\"600\" srcset=\"https:\/\/olu-limburg.de\/wp-content\/uploads\/2017\/09\/DSC08707_ergebnis.jpg 800w, https:\/\/olu-limburg.de\/wp-content\/uploads\/2017\/09\/DSC08707_ergebnis-300x225.jpg 300w, https:\/\/olu-limburg.de\/wp-content\/uploads\/2017\/09\/DSC08707_ergebnis-768x576.jpg 768w, https:\/\/olu-limburg.de\/wp-content\/uploads\/2017\/09\/DSC08707_ergebnis-624x468.jpg 624w\" sizes=\"auto, (max-width: 800px) 100vw, 800px\" \/><\/a><\/p>\n<p>Tagesstrecke: 26 km<\/p>\n<p>&nbsp;<\/p>\n<p><strong>Samstag, 19. August 2017<\/strong><\/p>\n<p>Wir verlassen heute die Nordk\u00fcste der Bretagne und wechseln an die S\u00fcdk\u00fcste. Unser Navi f\u00fchrt uns\u00a0 bei der Einstellung &#8222;schnellste Zeit&#8220; auf wirklich landschaftlich sch\u00f6nen Strecken durch die Bretagne. Wir sehen zwar kaum Ortschaften, fahren aber auf Nebenstra\u00dfen fast jeden Bauernhof an. Zwischendurch ignoriere ich schon mal die Routenvorschl\u00e4ge und fahre in einen Ort hinein. Wir wollen ja mal was trinken.<\/p>\n<div id=\"attachment_12619\" style=\"width: 810px\" class=\"wp-caption aligncenter\"><a href=\"https:\/\/olu-limburg.de\/wp-content\/uploads\/2017\/09\/DSC08710_ergebnis.jpg\"><img loading=\"lazy\" decoding=\"async\" aria-describedby=\"caption-attachment-12619\" class=\"wp-image-12619 size-full\" src=\"https:\/\/olu-limburg.de\/wp-content\/uploads\/2017\/09\/DSC08710_ergebnis.jpg\" alt=\"\" width=\"800\" height=\"600\" srcset=\"https:\/\/olu-limburg.de\/wp-content\/uploads\/2017\/09\/DSC08710_ergebnis.jpg 800w, https:\/\/olu-limburg.de\/wp-content\/uploads\/2017\/09\/DSC08710_ergebnis-300x225.jpg 300w, https:\/\/olu-limburg.de\/wp-content\/uploads\/2017\/09\/DSC08710_ergebnis-768x576.jpg 768w, https:\/\/olu-limburg.de\/wp-content\/uploads\/2017\/09\/DSC08710_ergebnis-624x468.jpg 624w\" sizes=\"auto, (max-width: 800px) 100vw, 800px\" \/><\/a><p id=\"caption-attachment-12619\" class=\"wp-caption-text\">irgendwo unterwegs, bei einer kleinen Bar mit einer alten Frau und unglaublich g\u00fcnstigen Preisen;<\/p><\/div>\n<p>Bei der Einfahrt in Pont-Aven sehe ich schon \u00fcberall Wohnmobile herumkurven bzw. stehen. Wir fahren den uns bekannten Platz an und finden gerade noch so einen Stellplatz.<\/p>\n<p><a href=\"https:\/\/olu-limburg.de\/wp-content\/uploads\/2017\/09\/DSC08803_ergebnis.jpg\"><img loading=\"lazy\" decoding=\"async\" class=\"size-full wp-image-12645 aligncenter\" src=\"https:\/\/olu-limburg.de\/wp-content\/uploads\/2017\/09\/DSC08803_ergebnis.jpg\" alt=\"\" width=\"800\" height=\"600\" srcset=\"https:\/\/olu-limburg.de\/wp-content\/uploads\/2017\/09\/DSC08803_ergebnis.jpg 800w, https:\/\/olu-limburg.de\/wp-content\/uploads\/2017\/09\/DSC08803_ergebnis-300x225.jpg 300w, https:\/\/olu-limburg.de\/wp-content\/uploads\/2017\/09\/DSC08803_ergebnis-768x576.jpg 768w, https:\/\/olu-limburg.de\/wp-content\/uploads\/2017\/09\/DSC08803_ergebnis-624x468.jpg 624w\" sizes=\"auto, (max-width: 800px) 100vw, 800px\" \/><\/a><\/p>\n<p>Wir bekochen uns selbst und gehen anschlie\u00dfend in das wiederer\u00f6ffnete Mus\u00e9e de Pont-Aven. Hier sind Bilder der Maler aus der sogenannten &#8222;Schule von Pont-Aven&#8220; um Paul Gauguin und \u00c9mile Bernard ausgestellt. Mit einem Fundus von \u00fcber 1000 Gem\u00e4lden liegt dieses Museum in der Rangfolge der meistbesuchten Museen der Bretagne auf dem zweiten Platz.<\/p>\n<div id=\"attachment_12624\" style=\"width: 810px\" class=\"wp-caption aligncenter\"><a href=\"https:\/\/olu-limburg.de\/wp-content\/uploads\/2017\/09\/DSC08743_ergebnis.jpg\"><img loading=\"lazy\" decoding=\"async\" aria-describedby=\"caption-attachment-12624\" class=\"size-full wp-image-12624\" src=\"https:\/\/olu-limburg.de\/wp-content\/uploads\/2017\/09\/DSC08743_ergebnis.jpg\" alt=\"\" width=\"800\" height=\"600\" srcset=\"https:\/\/olu-limburg.de\/wp-content\/uploads\/2017\/09\/DSC08743_ergebnis.jpg 800w, https:\/\/olu-limburg.de\/wp-content\/uploads\/2017\/09\/DSC08743_ergebnis-300x225.jpg 300w, https:\/\/olu-limburg.de\/wp-content\/uploads\/2017\/09\/DSC08743_ergebnis-768x576.jpg 768w, https:\/\/olu-limburg.de\/wp-content\/uploads\/2017\/09\/DSC08743_ergebnis-624x468.jpg 624w\" sizes=\"auto, (max-width: 800px) 100vw, 800px\" \/><\/a><p id=\"caption-attachment-12624\" class=\"wp-caption-text\">&#8222;Hotel Central&#8220; von Bannalec und links dahinter das Museum<\/p><\/div>\n<p><a href=\"https:\/\/olu-limburg.de\/wp-content\/uploads\/2017\/09\/DSC08714_ergebnis.jpg\"><img loading=\"lazy\" decoding=\"async\" class=\"size-full wp-image-12620 aligncenter\" src=\"https:\/\/olu-limburg.de\/wp-content\/uploads\/2017\/09\/DSC08714_ergebnis.jpg\" alt=\"\" width=\"800\" height=\"600\" srcset=\"https:\/\/olu-limburg.de\/wp-content\/uploads\/2017\/09\/DSC08714_ergebnis.jpg 800w, https:\/\/olu-limburg.de\/wp-content\/uploads\/2017\/09\/DSC08714_ergebnis-300x225.jpg 300w, https:\/\/olu-limburg.de\/wp-content\/uploads\/2017\/09\/DSC08714_ergebnis-768x576.jpg 768w, https:\/\/olu-limburg.de\/wp-content\/uploads\/2017\/09\/DSC08714_ergebnis-624x468.jpg 624w\" sizes=\"auto, (max-width: 800px) 100vw, 800px\" \/><\/a><\/p>\n<div id=\"attachment_12621\" style=\"width: 460px\" class=\"wp-caption aligncenter\"><a href=\"https:\/\/olu-limburg.de\/wp-content\/uploads\/2017\/09\/DSC08726_ergebnis-e1507397941815.jpg\"><img loading=\"lazy\" decoding=\"async\" aria-describedby=\"caption-attachment-12621\" class=\"wp-image-12621 size-full\" src=\"https:\/\/olu-limburg.de\/wp-content\/uploads\/2017\/09\/DSC08726_ergebnis-e1507397941815.jpg\" alt=\"\" width=\"450\" height=\"600\" \/><\/a><p id=\"caption-attachment-12621\" class=\"wp-caption-text\">Emile Barnard &#8211; Studie zu &#8222;Le Bl\u00e9 Noir&#8220;<\/p><\/div>\n<p><a href=\"https:\/\/olu-limburg.de\/wp-content\/uploads\/2017\/09\/DSC08741_ergebnis.jpg\"><img loading=\"lazy\" decoding=\"async\" class=\"alignnone size-full wp-image-12623\" src=\"https:\/\/olu-limburg.de\/wp-content\/uploads\/2017\/09\/DSC08741_ergebnis.jpg\" alt=\"\" width=\"800\" height=\"600\" srcset=\"https:\/\/olu-limburg.de\/wp-content\/uploads\/2017\/09\/DSC08741_ergebnis.jpg 800w, https:\/\/olu-limburg.de\/wp-content\/uploads\/2017\/09\/DSC08741_ergebnis-300x225.jpg 300w, https:\/\/olu-limburg.de\/wp-content\/uploads\/2017\/09\/DSC08741_ergebnis-768x576.jpg 768w, https:\/\/olu-limburg.de\/wp-content\/uploads\/2017\/09\/DSC08741_ergebnis-624x468.jpg 624w\" sizes=\"auto, (max-width: 800px) 100vw, 800px\" \/><\/a><\/p>\n<p>Nach gut zwei Stunden Besichtigung gehen wir zum Hafen. Dort ist das &#8222;F\u00eate de la Belle Ang\u00e8le&#8220; bereits in vollem Gange. Auch die ersten Segler kommen schon in den Hafen.<\/p>\n<p><a href=\"https:\/\/olu-limburg.de\/wp-content\/uploads\/2017\/09\/DSC08752_ergebnis-e1507398169190.jpg\"><img loading=\"lazy\" decoding=\"async\" class=\"size-full wp-image-12627 aligncenter\" src=\"https:\/\/olu-limburg.de\/wp-content\/uploads\/2017\/09\/DSC08752_ergebnis-e1507398169190.jpg\" alt=\"\" width=\"450\" height=\"600\" \/><\/a><\/p>\n<p><a href=\"https:\/\/olu-limburg.de\/wp-content\/uploads\/2017\/09\/DSC08750_ergebnis.jpg\"><img loading=\"lazy\" decoding=\"async\" class=\"alignnone size-full wp-image-12626\" src=\"https:\/\/olu-limburg.de\/wp-content\/uploads\/2017\/09\/DSC08750_ergebnis.jpg\" alt=\"\" width=\"800\" height=\"600\" srcset=\"https:\/\/olu-limburg.de\/wp-content\/uploads\/2017\/09\/DSC08750_ergebnis.jpg 800w, https:\/\/olu-limburg.de\/wp-content\/uploads\/2017\/09\/DSC08750_ergebnis-300x225.jpg 300w, https:\/\/olu-limburg.de\/wp-content\/uploads\/2017\/09\/DSC08750_ergebnis-768x576.jpg 768w, https:\/\/olu-limburg.de\/wp-content\/uploads\/2017\/09\/DSC08750_ergebnis-624x468.jpg 624w\" sizes=\"auto, (max-width: 800px) 100vw, 800px\" \/><\/a><\/p>\n<p>Wie hei\u00dft es in dem Lied? &#8222;Alle, die mit auf Kaperfahrt fahren , m\u00fcssen M\u00e4nner mit B\u00e4rten sein.&#8220;<\/p>\n<p><a href=\"https:\/\/olu-limburg.de\/wp-content\/uploads\/2017\/09\/DSC08761_ergebnis-e1507398314629.jpg\"><img loading=\"lazy\" decoding=\"async\" class=\"size-full wp-image-12631 alignleft\" src=\"https:\/\/olu-limburg.de\/wp-content\/uploads\/2017\/09\/DSC08761_ergebnis-e1507398314629.jpg\" alt=\"\" width=\"450\" height=\"600\" \/><\/a><\/p>\n<p><a href=\"https:\/\/olu-limburg.de\/wp-content\/uploads\/2017\/09\/DSC08762_ergebnis-e1507398335759.jpg\"><img loading=\"lazy\" decoding=\"async\" class=\"size-full wp-image-12632 alignright\" src=\"https:\/\/olu-limburg.de\/wp-content\/uploads\/2017\/09\/DSC08762_ergebnis-e1507398335759.jpg\" alt=\"\" width=\"450\" height=\"600\" \/><\/a><\/p>\n<p><a href=\"https:\/\/olu-limburg.de\/wp-content\/uploads\/2017\/09\/DSC08754_ergebnis.jpg\"><img loading=\"lazy\" decoding=\"async\" class=\"size-full wp-image-12628 aligncenter\" src=\"https:\/\/olu-limburg.de\/wp-content\/uploads\/2017\/09\/DSC08754_ergebnis.jpg\" alt=\"\" width=\"800\" height=\"600\" srcset=\"https:\/\/olu-limburg.de\/wp-content\/uploads\/2017\/09\/DSC08754_ergebnis.jpg 800w, https:\/\/olu-limburg.de\/wp-content\/uploads\/2017\/09\/DSC08754_ergebnis-300x225.jpg 300w, https:\/\/olu-limburg.de\/wp-content\/uploads\/2017\/09\/DSC08754_ergebnis-768x576.jpg 768w, https:\/\/olu-limburg.de\/wp-content\/uploads\/2017\/09\/DSC08754_ergebnis-624x468.jpg 624w\" sizes=\"auto, (max-width: 800px) 100vw, 800px\" \/><\/a><\/p>\n<p><a href=\"https:\/\/olu-limburg.de\/wp-content\/uploads\/2017\/09\/DSC08763_ergebnis-e1507398434502.jpg\"><img loading=\"lazy\" decoding=\"async\" class=\"size-full wp-image-12633 aligncenter\" src=\"https:\/\/olu-limburg.de\/wp-content\/uploads\/2017\/09\/DSC08763_ergebnis-e1507398434502.jpg\" alt=\"\" width=\"450\" height=\"600\" \/><\/a><\/p>\n<p><a href=\"https:\/\/olu-limburg.de\/wp-content\/uploads\/2017\/09\/DSC08772_ergebnis.jpg\"><img loading=\"lazy\" decoding=\"async\" class=\"size-full wp-image-12635 aligncenter\" src=\"https:\/\/olu-limburg.de\/wp-content\/uploads\/2017\/09\/DSC08772_ergebnis.jpg\" alt=\"\" width=\"800\" height=\"600\" srcset=\"https:\/\/olu-limburg.de\/wp-content\/uploads\/2017\/09\/DSC08772_ergebnis.jpg 800w, https:\/\/olu-limburg.de\/wp-content\/uploads\/2017\/09\/DSC08772_ergebnis-300x225.jpg 300w, https:\/\/olu-limburg.de\/wp-content\/uploads\/2017\/09\/DSC08772_ergebnis-768x576.jpg 768w, https:\/\/olu-limburg.de\/wp-content\/uploads\/2017\/09\/DSC08772_ergebnis-624x468.jpg 624w\" sizes=\"auto, (max-width: 800px) 100vw, 800px\" \/><\/a><\/p>\n<p><a href=\"https:\/\/olu-limburg.de\/wp-content\/uploads\/2017\/09\/DSC08773_ergebnis.jpg\"><img loading=\"lazy\" decoding=\"async\" class=\"size-full wp-image-12636 aligncenter\" src=\"https:\/\/olu-limburg.de\/wp-content\/uploads\/2017\/09\/DSC08773_ergebnis.jpg\" alt=\"\" width=\"800\" height=\"600\" srcset=\"https:\/\/olu-limburg.de\/wp-content\/uploads\/2017\/09\/DSC08773_ergebnis.jpg 800w, https:\/\/olu-limburg.de\/wp-content\/uploads\/2017\/09\/DSC08773_ergebnis-300x225.jpg 300w, https:\/\/olu-limburg.de\/wp-content\/uploads\/2017\/09\/DSC08773_ergebnis-768x576.jpg 768w, https:\/\/olu-limburg.de\/wp-content\/uploads\/2017\/09\/DSC08773_ergebnis-624x468.jpg 624w\" sizes=\"auto, (max-width: 800px) 100vw, 800px\" \/><\/a><\/p>\n<p><a href=\"https:\/\/olu-limburg.de\/wp-content\/uploads\/2017\/09\/DSC08778_ergebnis-e1507398503890.jpg\"><img loading=\"lazy\" decoding=\"async\" class=\"size-full wp-image-12637 aligncenter\" src=\"https:\/\/olu-limburg.de\/wp-content\/uploads\/2017\/09\/DSC08778_ergebnis-e1507398503890.jpg\" alt=\"\" width=\"450\" height=\"600\" \/><\/a><\/p>\n<p><a href=\"https:\/\/olu-limburg.de\/wp-content\/uploads\/2017\/09\/DSC08780_ergebnis.jpg\"><img loading=\"lazy\" decoding=\"async\" class=\"size-full wp-image-12638 aligncenter\" src=\"https:\/\/olu-limburg.de\/wp-content\/uploads\/2017\/09\/DSC08780_ergebnis.jpg\" alt=\"\" width=\"800\" height=\"600\" srcset=\"https:\/\/olu-limburg.de\/wp-content\/uploads\/2017\/09\/DSC08780_ergebnis.jpg 800w, https:\/\/olu-limburg.de\/wp-content\/uploads\/2017\/09\/DSC08780_ergebnis-300x225.jpg 300w, https:\/\/olu-limburg.de\/wp-content\/uploads\/2017\/09\/DSC08780_ergebnis-768x576.jpg 768w, https:\/\/olu-limburg.de\/wp-content\/uploads\/2017\/09\/DSC08780_ergebnis-624x468.jpg 624w\" sizes=\"auto, (max-width: 800px) 100vw, 800px\" \/><\/a><\/p>\n<div id=\"attachment_12660\" style=\"width: 810px\" class=\"wp-caption aligncenter\"><a href=\"https:\/\/olu-limburg.de\/wp-content\/uploads\/2017\/09\/P1050371_ergebnis.jpg\"><img loading=\"lazy\" decoding=\"async\" aria-describedby=\"caption-attachment-12660\" class=\"wp-image-12660 size-full\" src=\"https:\/\/olu-limburg.de\/wp-content\/uploads\/2017\/09\/P1050371_ergebnis.jpg\" alt=\"\" width=\"800\" height=\"600\" srcset=\"https:\/\/olu-limburg.de\/wp-content\/uploads\/2017\/09\/P1050371_ergebnis.jpg 800w, https:\/\/olu-limburg.de\/wp-content\/uploads\/2017\/09\/P1050371_ergebnis-300x225.jpg 300w, https:\/\/olu-limburg.de\/wp-content\/uploads\/2017\/09\/P1050371_ergebnis-768x576.jpg 768w, https:\/\/olu-limburg.de\/wp-content\/uploads\/2017\/09\/P1050371_ergebnis-624x468.jpg 624w\" sizes=\"auto, (max-width: 800px) 100vw, 800px\" \/><\/a><p id=\"caption-attachment-12660\" class=\"wp-caption-text\">Vorbereitungen zum R\u00e4uchern<\/p><\/div>\n<div id=\"attachment_12634\" style=\"width: 810px\" class=\"wp-caption aligncenter\"><a href=\"https:\/\/olu-limburg.de\/wp-content\/uploads\/2017\/09\/DSC08771_ergebnis.jpg\"><img loading=\"lazy\" decoding=\"async\" aria-describedby=\"caption-attachment-12634\" class=\"wp-image-12634 size-full\" src=\"https:\/\/olu-limburg.de\/wp-content\/uploads\/2017\/09\/DSC08771_ergebnis.jpg\" alt=\"\" width=\"800\" height=\"600\" srcset=\"https:\/\/olu-limburg.de\/wp-content\/uploads\/2017\/09\/DSC08771_ergebnis.jpg 800w, https:\/\/olu-limburg.de\/wp-content\/uploads\/2017\/09\/DSC08771_ergebnis-300x225.jpg 300w, https:\/\/olu-limburg.de\/wp-content\/uploads\/2017\/09\/DSC08771_ergebnis-768x576.jpg 768w, https:\/\/olu-limburg.de\/wp-content\/uploads\/2017\/09\/DSC08771_ergebnis-624x468.jpg 624w\" sizes=\"auto, (max-width: 800px) 100vw, 800px\" \/><\/a><p id=\"caption-attachment-12634\" class=\"wp-caption-text\">ein kleiner Imbiss mit R\u00e4ucherfisch-Ensemble<\/p><\/div>\n<p>In den Gassen bewegen sich unglaubliche Touristenstr\u00f6me hin und her. In einer Galerie ist eine Vernisage, in der der K\u00fcnstler auch Autogramme gibt. Sein Thema f\u00fcr diese Ausstellung sind verfremdete Portraits. Nach meiner Meinung sind sie sehr gelungen.<\/p>\n<p><a href=\"https:\/\/olu-limburg.de\/wp-content\/uploads\/2017\/09\/DSC08787_ergebnis.jpg\"><img loading=\"lazy\" decoding=\"async\" class=\"size-full wp-image-12641 aligncenter\" src=\"https:\/\/olu-limburg.de\/wp-content\/uploads\/2017\/09\/DSC08787_ergebnis.jpg\" alt=\"\" width=\"800\" height=\"600\" srcset=\"https:\/\/olu-limburg.de\/wp-content\/uploads\/2017\/09\/DSC08787_ergebnis.jpg 800w, https:\/\/olu-limburg.de\/wp-content\/uploads\/2017\/09\/DSC08787_ergebnis-300x225.jpg 300w, https:\/\/olu-limburg.de\/wp-content\/uploads\/2017\/09\/DSC08787_ergebnis-768x576.jpg 768w, https:\/\/olu-limburg.de\/wp-content\/uploads\/2017\/09\/DSC08787_ergebnis-624x468.jpg 624w\" sizes=\"auto, (max-width: 800px) 100vw, 800px\" \/><\/a><\/p>\n<p><a href=\"https:\/\/olu-limburg.de\/wp-content\/uploads\/2017\/09\/DSC08790_ergebnis.jpg\"><img loading=\"lazy\" decoding=\"async\" class=\"size-full wp-image-12642 aligncenter\" src=\"https:\/\/olu-limburg.de\/wp-content\/uploads\/2017\/09\/DSC08790_ergebnis.jpg\" alt=\"\" width=\"800\" height=\"600\" srcset=\"https:\/\/olu-limburg.de\/wp-content\/uploads\/2017\/09\/DSC08790_ergebnis.jpg 800w, https:\/\/olu-limburg.de\/wp-content\/uploads\/2017\/09\/DSC08790_ergebnis-300x225.jpg 300w, https:\/\/olu-limburg.de\/wp-content\/uploads\/2017\/09\/DSC08790_ergebnis-768x576.jpg 768w, https:\/\/olu-limburg.de\/wp-content\/uploads\/2017\/09\/DSC08790_ergebnis-624x468.jpg 624w\" sizes=\"auto, (max-width: 800px) 100vw, 800px\" \/><\/a><\/p>\n<p><a href=\"https:\/\/olu-limburg.de\/wp-content\/uploads\/2017\/09\/DSC08796_ergebnis.jpg\"><img loading=\"lazy\" decoding=\"async\" class=\"size-full wp-image-12643 aligncenter\" src=\"https:\/\/olu-limburg.de\/wp-content\/uploads\/2017\/09\/DSC08796_ergebnis.jpg\" alt=\"\" width=\"800\" height=\"600\" srcset=\"https:\/\/olu-limburg.de\/wp-content\/uploads\/2017\/09\/DSC08796_ergebnis.jpg 800w, https:\/\/olu-limburg.de\/wp-content\/uploads\/2017\/09\/DSC08796_ergebnis-300x225.jpg 300w, https:\/\/olu-limburg.de\/wp-content\/uploads\/2017\/09\/DSC08796_ergebnis-768x576.jpg 768w, https:\/\/olu-limburg.de\/wp-content\/uploads\/2017\/09\/DSC08796_ergebnis-624x468.jpg 624w\" sizes=\"auto, (max-width: 800px) 100vw, 800px\" \/><\/a><\/p>\n<div id=\"attachment_12659\" style=\"width: 810px\" class=\"wp-caption aligncenter\"><a href=\"https:\/\/olu-limburg.de\/wp-content\/uploads\/2017\/09\/20170819_175853_ergebnis.jpg\"><img loading=\"lazy\" decoding=\"async\" aria-describedby=\"caption-attachment-12659\" class=\"wp-image-12659 size-full\" src=\"https:\/\/olu-limburg.de\/wp-content\/uploads\/2017\/09\/20170819_175853_ergebnis.jpg\" alt=\"\" width=\"800\" height=\"600\" srcset=\"https:\/\/olu-limburg.de\/wp-content\/uploads\/2017\/09\/20170819_175853_ergebnis.jpg 800w, https:\/\/olu-limburg.de\/wp-content\/uploads\/2017\/09\/20170819_175853_ergebnis-300x225.jpg 300w, https:\/\/olu-limburg.de\/wp-content\/uploads\/2017\/09\/20170819_175853_ergebnis-768x576.jpg 768w, https:\/\/olu-limburg.de\/wp-content\/uploads\/2017\/09\/20170819_175853_ergebnis-624x468.jpg 624w\" sizes=\"auto, (max-width: 800px) 100vw, 800px\" \/><\/a><p id=\"caption-attachment-12659\" class=\"wp-caption-text\">Das ich mit meinen nicht so guten Sprachkenntnissen in einem fachlichen Gespr\u00e4ch mit dem K\u00fcnstler, Patrice Murciano, vertieft bin, das ist schon Hardcore.<\/p><\/div>\n<p><a href=\"https:\/\/olu-limburg.de\/wp-content\/uploads\/2017\/09\/DSC08801_ergebnis.jpg\"><img loading=\"lazy\" decoding=\"async\" class=\"size-full wp-image-12644 aligncenter\" src=\"https:\/\/olu-limburg.de\/wp-content\/uploads\/2017\/09\/DSC08801_ergebnis.jpg\" alt=\"\" width=\"800\" height=\"600\" srcset=\"https:\/\/olu-limburg.de\/wp-content\/uploads\/2017\/09\/DSC08801_ergebnis.jpg 800w, https:\/\/olu-limburg.de\/wp-content\/uploads\/2017\/09\/DSC08801_ergebnis-300x225.jpg 300w, https:\/\/olu-limburg.de\/wp-content\/uploads\/2017\/09\/DSC08801_ergebnis-768x576.jpg 768w, https:\/\/olu-limburg.de\/wp-content\/uploads\/2017\/09\/DSC08801_ergebnis-624x468.jpg 624w\" sizes=\"auto, (max-width: 800px) 100vw, 800px\" \/><\/a><\/p>\n<p>Abends ist wieder buntes Treiben im Hafen mit Musik, Essen und Feuerwerk.<\/p>\n<p><a href=\"https:\/\/olu-limburg.de\/wp-content\/uploads\/2017\/09\/DSC08804_ergebnis.jpg\"><img loading=\"lazy\" decoding=\"async\" class=\"size-full wp-image-12646 aligncenter\" src=\"https:\/\/olu-limburg.de\/wp-content\/uploads\/2017\/09\/DSC08804_ergebnis.jpg\" alt=\"\" width=\"800\" height=\"600\" srcset=\"https:\/\/olu-limburg.de\/wp-content\/uploads\/2017\/09\/DSC08804_ergebnis.jpg 800w, https:\/\/olu-limburg.de\/wp-content\/uploads\/2017\/09\/DSC08804_ergebnis-300x225.jpg 300w, https:\/\/olu-limburg.de\/wp-content\/uploads\/2017\/09\/DSC08804_ergebnis-768x576.jpg 768w, https:\/\/olu-limburg.de\/wp-content\/uploads\/2017\/09\/DSC08804_ergebnis-624x468.jpg 624w\" sizes=\"auto, (max-width: 800px) 100vw, 800px\" \/><\/a><\/p>\n<p><a href=\"https:\/\/olu-limburg.de\/wp-content\/uploads\/2017\/09\/DSC08806_ergebnis-e1507453598459.jpg\"><img loading=\"lazy\" decoding=\"async\" class=\"size-full wp-image-12647 aligncenter\" src=\"https:\/\/olu-limburg.de\/wp-content\/uploads\/2017\/09\/DSC08806_ergebnis-e1507453598459.jpg\" alt=\"\" width=\"450\" height=\"600\" \/><\/a><\/p>\n<p><a href=\"https:\/\/olu-limburg.de\/wp-content\/uploads\/2017\/09\/DSC08807_ergebnis.jpg\"><img loading=\"lazy\" decoding=\"async\" class=\"size-full wp-image-12648 aligncenter\" src=\"https:\/\/olu-limburg.de\/wp-content\/uploads\/2017\/09\/DSC08807_ergebnis.jpg\" alt=\"\" width=\"800\" height=\"600\" srcset=\"https:\/\/olu-limburg.de\/wp-content\/uploads\/2017\/09\/DSC08807_ergebnis.jpg 800w, https:\/\/olu-limburg.de\/wp-content\/uploads\/2017\/09\/DSC08807_ergebnis-300x225.jpg 300w, https:\/\/olu-limburg.de\/wp-content\/uploads\/2017\/09\/DSC08807_ergebnis-768x576.jpg 768w, https:\/\/olu-limburg.de\/wp-content\/uploads\/2017\/09\/DSC08807_ergebnis-624x468.jpg 624w\" sizes=\"auto, (max-width: 800px) 100vw, 800px\" \/><\/a><\/p>\n<p><a href=\"https:\/\/olu-limburg.de\/wp-content\/uploads\/2017\/09\/DSC08808_ergebnis.jpg\"><img loading=\"lazy\" decoding=\"async\" class=\"size-full wp-image-12649 aligncenter\" src=\"https:\/\/olu-limburg.de\/wp-content\/uploads\/2017\/09\/DSC08808_ergebnis.jpg\" alt=\"\" width=\"800\" height=\"600\" srcset=\"https:\/\/olu-limburg.de\/wp-content\/uploads\/2017\/09\/DSC08808_ergebnis.jpg 800w, https:\/\/olu-limburg.de\/wp-content\/uploads\/2017\/09\/DSC08808_ergebnis-300x225.jpg 300w, https:\/\/olu-limburg.de\/wp-content\/uploads\/2017\/09\/DSC08808_ergebnis-768x576.jpg 768w, https:\/\/olu-limburg.de\/wp-content\/uploads\/2017\/09\/DSC08808_ergebnis-624x468.jpg 624w\" sizes=\"auto, (max-width: 800px) 100vw, 800px\" \/><\/a><\/p>\n<p><a href=\"https:\/\/olu-limburg.de\/wp-content\/uploads\/2017\/09\/DSC08837_ergebnis.jpg\"><img loading=\"lazy\" decoding=\"async\" class=\"size-full wp-image-12650 aligncenter\" src=\"https:\/\/olu-limburg.de\/wp-content\/uploads\/2017\/09\/DSC08837_ergebnis.jpg\" alt=\"\" width=\"800\" height=\"600\" srcset=\"https:\/\/olu-limburg.de\/wp-content\/uploads\/2017\/09\/DSC08837_ergebnis.jpg 800w, https:\/\/olu-limburg.de\/wp-content\/uploads\/2017\/09\/DSC08837_ergebnis-300x225.jpg 300w, https:\/\/olu-limburg.de\/wp-content\/uploads\/2017\/09\/DSC08837_ergebnis-768x576.jpg 768w, https:\/\/olu-limburg.de\/wp-content\/uploads\/2017\/09\/DSC08837_ergebnis-624x468.jpg 624w\" sizes=\"auto, (max-width: 800px) 100vw, 800px\" \/><\/a><\/p>\n<p><a href=\"https:\/\/olu-limburg.de\/wp-content\/uploads\/2017\/09\/DSC08840_ergebnis.jpg\"><img loading=\"lazy\" decoding=\"async\" class=\"size-full wp-image-12651 aligncenter\" src=\"https:\/\/olu-limburg.de\/wp-content\/uploads\/2017\/09\/DSC08840_ergebnis.jpg\" alt=\"\" width=\"800\" height=\"600\" srcset=\"https:\/\/olu-limburg.de\/wp-content\/uploads\/2017\/09\/DSC08840_ergebnis.jpg 800w, https:\/\/olu-limburg.de\/wp-content\/uploads\/2017\/09\/DSC08840_ergebnis-300x225.jpg 300w, https:\/\/olu-limburg.de\/wp-content\/uploads\/2017\/09\/DSC08840_ergebnis-768x576.jpg 768w, https:\/\/olu-limburg.de\/wp-content\/uploads\/2017\/09\/DSC08840_ergebnis-624x468.jpg 624w\" sizes=\"auto, (max-width: 800px) 100vw, 800px\" \/><\/a><\/p>\n<p><a href=\"https:\/\/olu-limburg.de\/wp-content\/uploads\/2017\/09\/DSC08845_ergebnis.jpg\"><img loading=\"lazy\" decoding=\"async\" class=\"size-full wp-image-12652 aligncenter\" src=\"https:\/\/olu-limburg.de\/wp-content\/uploads\/2017\/09\/DSC08845_ergebnis.jpg\" alt=\"\" width=\"800\" height=\"600\" srcset=\"https:\/\/olu-limburg.de\/wp-content\/uploads\/2017\/09\/DSC08845_ergebnis.jpg 800w, https:\/\/olu-limburg.de\/wp-content\/uploads\/2017\/09\/DSC08845_ergebnis-300x225.jpg 300w, https:\/\/olu-limburg.de\/wp-content\/uploads\/2017\/09\/DSC08845_ergebnis-768x576.jpg 768w, https:\/\/olu-limburg.de\/wp-content\/uploads\/2017\/09\/DSC08845_ergebnis-624x468.jpg 624w\" sizes=\"auto, (max-width: 800px) 100vw, 800px\" \/><\/a><\/p>\n<p><a href=\"https:\/\/olu-limburg.de\/wp-content\/uploads\/2017\/09\/DSC08846_ergebnis.jpg\"><img loading=\"lazy\" decoding=\"async\" class=\"size-full wp-image-12653 aligncenter\" src=\"https:\/\/olu-limburg.de\/wp-content\/uploads\/2017\/09\/DSC08846_ergebnis.jpg\" alt=\"\" width=\"800\" height=\"600\" srcset=\"https:\/\/olu-limburg.de\/wp-content\/uploads\/2017\/09\/DSC08846_ergebnis.jpg 800w, https:\/\/olu-limburg.de\/wp-content\/uploads\/2017\/09\/DSC08846_ergebnis-300x225.jpg 300w, https:\/\/olu-limburg.de\/wp-content\/uploads\/2017\/09\/DSC08846_ergebnis-768x576.jpg 768w, https:\/\/olu-limburg.de\/wp-content\/uploads\/2017\/09\/DSC08846_ergebnis-624x468.jpg 624w\" sizes=\"auto, (max-width: 800px) 100vw, 800px\" \/><\/a><\/p>\n<p><a href=\"https:\/\/olu-limburg.de\/wp-content\/uploads\/2017\/09\/DSC08847_ergebnis.jpg\"><img loading=\"lazy\" decoding=\"async\" class=\"size-full wp-image-12654 aligncenter\" src=\"https:\/\/olu-limburg.de\/wp-content\/uploads\/2017\/09\/DSC08847_ergebnis.jpg\" alt=\"\" width=\"800\" height=\"600\" srcset=\"https:\/\/olu-limburg.de\/wp-content\/uploads\/2017\/09\/DSC08847_ergebnis.jpg 800w, https:\/\/olu-limburg.de\/wp-content\/uploads\/2017\/09\/DSC08847_ergebnis-300x225.jpg 300w, https:\/\/olu-limburg.de\/wp-content\/uploads\/2017\/09\/DSC08847_ergebnis-768x576.jpg 768w, https:\/\/olu-limburg.de\/wp-content\/uploads\/2017\/09\/DSC08847_ergebnis-624x468.jpg 624w\" sizes=\"auto, (max-width: 800px) 100vw, 800px\" \/><\/a><\/p>\n<div id=\"attachment_12655\" style=\"width: 810px\" class=\"wp-caption aligncenter\"><a href=\"https:\/\/olu-limburg.de\/wp-content\/uploads\/2017\/09\/DSC08848_ergebnis.jpg\"><img loading=\"lazy\" decoding=\"async\" aria-describedby=\"caption-attachment-12655\" class=\"size-full wp-image-12655\" src=\"https:\/\/olu-limburg.de\/wp-content\/uploads\/2017\/09\/DSC08848_ergebnis.jpg\" alt=\"\" width=\"800\" height=\"600\" srcset=\"https:\/\/olu-limburg.de\/wp-content\/uploads\/2017\/09\/DSC08848_ergebnis.jpg 800w, https:\/\/olu-limburg.de\/wp-content\/uploads\/2017\/09\/DSC08848_ergebnis-300x225.jpg 300w, https:\/\/olu-limburg.de\/wp-content\/uploads\/2017\/09\/DSC08848_ergebnis-768x576.jpg 768w, https:\/\/olu-limburg.de\/wp-content\/uploads\/2017\/09\/DSC08848_ergebnis-624x468.jpg 624w\" sizes=\"auto, (max-width: 800px) 100vw, 800px\" \/><\/a><p id=\"caption-attachment-12655\" class=\"wp-caption-text\">Und nach dem Feuerwerk &#8222;geht es Rund&#8220; &#8211; Fest Noz: alles tanzt<\/p><\/div>\n<p>Ansonsten kehrt so langsam Ruhe ein und es wird aufger\u00e4umt.<\/p>\n<p><a href=\"https:\/\/olu-limburg.de\/wp-content\/uploads\/2017\/09\/DSC08856_ergebnis.jpg\"><img loading=\"lazy\" decoding=\"async\" class=\"size-full wp-image-12656 aligncenter\" src=\"https:\/\/olu-limburg.de\/wp-content\/uploads\/2017\/09\/DSC08856_ergebnis.jpg\" alt=\"\" width=\"800\" height=\"600\" srcset=\"https:\/\/olu-limburg.de\/wp-content\/uploads\/2017\/09\/DSC08856_ergebnis.jpg 800w, https:\/\/olu-limburg.de\/wp-content\/uploads\/2017\/09\/DSC08856_ergebnis-300x225.jpg 300w, https:\/\/olu-limburg.de\/wp-content\/uploads\/2017\/09\/DSC08856_ergebnis-768x576.jpg 768w, https:\/\/olu-limburg.de\/wp-content\/uploads\/2017\/09\/DSC08856_ergebnis-624x468.jpg 624w\" sizes=\"auto, (max-width: 800px) 100vw, 800px\" \/><\/a><\/p>\n<p><a href=\"https:\/\/olu-limburg.de\/wp-content\/uploads\/2017\/09\/DSC08857_ergebnis.jpg\"><img loading=\"lazy\" decoding=\"async\" class=\"size-full wp-image-12657 aligncenter\" src=\"https:\/\/olu-limburg.de\/wp-content\/uploads\/2017\/09\/DSC08857_ergebnis.jpg\" alt=\"\" width=\"800\" height=\"600\" srcset=\"https:\/\/olu-limburg.de\/wp-content\/uploads\/2017\/09\/DSC08857_ergebnis.jpg 800w, https:\/\/olu-limburg.de\/wp-content\/uploads\/2017\/09\/DSC08857_ergebnis-300x225.jpg 300w, https:\/\/olu-limburg.de\/wp-content\/uploads\/2017\/09\/DSC08857_ergebnis-768x576.jpg 768w, https:\/\/olu-limburg.de\/wp-content\/uploads\/2017\/09\/DSC08857_ergebnis-624x468.jpg 624w\" sizes=\"auto, (max-width: 800px) 100vw, 800px\" \/><\/a><\/p>\n<p><a href=\"https:\/\/olu-limburg.de\/wp-content\/uploads\/2017\/09\/DSC08863_ergebnis.jpg\"><img loading=\"lazy\" decoding=\"async\" class=\"size-full wp-image-12658 aligncenter\" src=\"https:\/\/olu-limburg.de\/wp-content\/uploads\/2017\/09\/DSC08863_ergebnis.jpg\" alt=\"\" width=\"800\" height=\"600\" srcset=\"https:\/\/olu-limburg.de\/wp-content\/uploads\/2017\/09\/DSC08863_ergebnis.jpg 800w, https:\/\/olu-limburg.de\/wp-content\/uploads\/2017\/09\/DSC08863_ergebnis-300x225.jpg 300w, https:\/\/olu-limburg.de\/wp-content\/uploads\/2017\/09\/DSC08863_ergebnis-768x576.jpg 768w, https:\/\/olu-limburg.de\/wp-content\/uploads\/2017\/09\/DSC08863_ergebnis-624x468.jpg 624w\" sizes=\"auto, (max-width: 800px) 100vw, 800px\" \/><\/a><\/p>\n<p>Tagesstrecke: 135 km<\/p>\n<p>&nbsp;<\/p>\n<p><strong>Sonntag, 20. August 2017<\/strong><\/p>\n<p>Unser heutiges Ziel ist der Stellplatz mit V+E (Geb\u00fchr 10,90 inkl. Strom) in Kerhillio, einem Ortsteil von Erdeven, n\u00f6rdlich der Halbinsel Quiberon.<\/p>\n<p><a href=\"https:\/\/olu-limburg.de\/wp-content\/uploads\/2017\/09\/DSC08865_ergebnis.jpg\"><img loading=\"lazy\" decoding=\"async\" class=\"alignnone size-full wp-image-12679\" src=\"https:\/\/olu-limburg.de\/wp-content\/uploads\/2017\/09\/DSC08865_ergebnis.jpg\" alt=\"\" width=\"800\" height=\"600\" srcset=\"https:\/\/olu-limburg.de\/wp-content\/uploads\/2017\/09\/DSC08865_ergebnis.jpg 800w, https:\/\/olu-limburg.de\/wp-content\/uploads\/2017\/09\/DSC08865_ergebnis-300x225.jpg 300w, https:\/\/olu-limburg.de\/wp-content\/uploads\/2017\/09\/DSC08865_ergebnis-768x576.jpg 768w, https:\/\/olu-limburg.de\/wp-content\/uploads\/2017\/09\/DSC08865_ergebnis-624x468.jpg 624w\" sizes=\"auto, (max-width: 800px) 100vw, 800px\" \/><\/a><\/p>\n<p>In der eigenen K\u00fcche gibt es :<\/p>\n<div id=\"attachment_12661\" style=\"width: 810px\" class=\"wp-caption alignnone\"><a href=\"https:\/\/olu-limburg.de\/wp-content\/uploads\/2017\/09\/P1050375_ergebnis.jpg\"><img loading=\"lazy\" decoding=\"async\" aria-describedby=\"caption-attachment-12661\" class=\"wp-image-12661 size-full\" src=\"https:\/\/olu-limburg.de\/wp-content\/uploads\/2017\/09\/P1050375_ergebnis.jpg\" alt=\"\" width=\"800\" height=\"600\" srcset=\"https:\/\/olu-limburg.de\/wp-content\/uploads\/2017\/09\/P1050375_ergebnis.jpg 800w, https:\/\/olu-limburg.de\/wp-content\/uploads\/2017\/09\/P1050375_ergebnis-300x225.jpg 300w, https:\/\/olu-limburg.de\/wp-content\/uploads\/2017\/09\/P1050375_ergebnis-768x576.jpg 768w, https:\/\/olu-limburg.de\/wp-content\/uploads\/2017\/09\/P1050375_ergebnis-624x468.jpg 624w\" sizes=\"auto, (max-width: 800px) 100vw, 800px\" \/><\/a><p id=\"caption-attachment-12661\" class=\"wp-caption-text\">Mix-Salat mit einem Orangen-Dressing an gebackenen Feigen mit Blauschimmel<\/p><\/div>\n<div id=\"attachment_12662\" style=\"width: 810px\" class=\"wp-caption alignnone\"><a href=\"https:\/\/olu-limburg.de\/wp-content\/uploads\/2017\/09\/P1050376_ergebnis.jpg\"><img loading=\"lazy\" decoding=\"async\" aria-describedby=\"caption-attachment-12662\" class=\"size-full wp-image-12662\" src=\"https:\/\/olu-limburg.de\/wp-content\/uploads\/2017\/09\/P1050376_ergebnis.jpg\" alt=\"\" width=\"800\" height=\"600\" srcset=\"https:\/\/olu-limburg.de\/wp-content\/uploads\/2017\/09\/P1050376_ergebnis.jpg 800w, https:\/\/olu-limburg.de\/wp-content\/uploads\/2017\/09\/P1050376_ergebnis-300x225.jpg 300w, https:\/\/olu-limburg.de\/wp-content\/uploads\/2017\/09\/P1050376_ergebnis-768x576.jpg 768w, https:\/\/olu-limburg.de\/wp-content\/uploads\/2017\/09\/P1050376_ergebnis-624x468.jpg 624w\" sizes=\"auto, (max-width: 800px) 100vw, 800px\" \/><\/a><p id=\"caption-attachment-12662\" class=\"wp-caption-text\">Gegrilltes mit Bratkartoffeln aus 100 % bretonischem Schwein<\/p><\/div>\n<p><a href=\"https:\/\/olu-limburg.de\/wp-content\/uploads\/2017\/09\/DSC08864_ergebnis.jpg\"><img loading=\"lazy\" decoding=\"async\" class=\"alignnone size-full wp-image-12678\" src=\"https:\/\/olu-limburg.de\/wp-content\/uploads\/2017\/09\/DSC08864_ergebnis.jpg\" alt=\"\" width=\"800\" height=\"600\" srcset=\"https:\/\/olu-limburg.de\/wp-content\/uploads\/2017\/09\/DSC08864_ergebnis.jpg 800w, https:\/\/olu-limburg.de\/wp-content\/uploads\/2017\/09\/DSC08864_ergebnis-300x225.jpg 300w, https:\/\/olu-limburg.de\/wp-content\/uploads\/2017\/09\/DSC08864_ergebnis-768x576.jpg 768w, https:\/\/olu-limburg.de\/wp-content\/uploads\/2017\/09\/DSC08864_ergebnis-624x468.jpg 624w\" sizes=\"auto, (max-width: 800px) 100vw, 800px\" \/><\/a><\/p>\n<p>Der vor dem Stellplatz zum Meer hin liegende &#8222;Camping Municipal&#8220;, so richtig einfach und nat\u00fcrlich, erstreckt sich auf einer riesigen Fl\u00e4che in den D\u00fcnen. Wir m\u00fcssen ihn durchqueren, um auf dem k\u00fcrzesten Weg zum Meer zu gelangen. Ein Mini-Market, mit frischem Brot und Geb\u00e4ck, und Restaurants befinden sich direkt am Stellplatz.<\/p>\n<p><a href=\"https:\/\/olu-limburg.de\/wp-content\/uploads\/2017\/09\/P1050406_ergebnis.jpg\"><img loading=\"lazy\" decoding=\"async\" class=\"alignnone size-full wp-image-12669\" src=\"https:\/\/olu-limburg.de\/wp-content\/uploads\/2017\/09\/P1050406_ergebnis.jpg\" alt=\"\" width=\"800\" height=\"600\" srcset=\"https:\/\/olu-limburg.de\/wp-content\/uploads\/2017\/09\/P1050406_ergebnis.jpg 800w, https:\/\/olu-limburg.de\/wp-content\/uploads\/2017\/09\/P1050406_ergebnis-300x225.jpg 300w, https:\/\/olu-limburg.de\/wp-content\/uploads\/2017\/09\/P1050406_ergebnis-768x576.jpg 768w, https:\/\/olu-limburg.de\/wp-content\/uploads\/2017\/09\/P1050406_ergebnis-624x468.jpg 624w\" sizes=\"auto, (max-width: 800px) 100vw, 800px\" \/><\/a><\/p>\n<p><a href=\"https:\/\/olu-limburg.de\/wp-content\/uploads\/2017\/09\/P1050381_ergebnis.jpg\"><img loading=\"lazy\" decoding=\"async\" class=\"size-full wp-image-12664 aligncenter\" src=\"https:\/\/olu-limburg.de\/wp-content\/uploads\/2017\/09\/P1050381_ergebnis.jpg\" alt=\"\" width=\"800\" height=\"600\" srcset=\"https:\/\/olu-limburg.de\/wp-content\/uploads\/2017\/09\/P1050381_ergebnis.jpg 800w, https:\/\/olu-limburg.de\/wp-content\/uploads\/2017\/09\/P1050381_ergebnis-300x225.jpg 300w, https:\/\/olu-limburg.de\/wp-content\/uploads\/2017\/09\/P1050381_ergebnis-768x576.jpg 768w, https:\/\/olu-limburg.de\/wp-content\/uploads\/2017\/09\/P1050381_ergebnis-624x468.jpg 624w\" sizes=\"auto, (max-width: 800px) 100vw, 800px\" \/><\/a><\/p>\n<p><a href=\"https:\/\/olu-limburg.de\/wp-content\/uploads\/2017\/09\/DSC08868_ergebnis.jpg\"><img loading=\"lazy\" decoding=\"async\" class=\"size-full wp-image-12681 aligncenter\" src=\"https:\/\/olu-limburg.de\/wp-content\/uploads\/2017\/09\/DSC08868_ergebnis.jpg\" alt=\"\" width=\"800\" height=\"600\" srcset=\"https:\/\/olu-limburg.de\/wp-content\/uploads\/2017\/09\/DSC08868_ergebnis.jpg 800w, https:\/\/olu-limburg.de\/wp-content\/uploads\/2017\/09\/DSC08868_ergebnis-300x225.jpg 300w, https:\/\/olu-limburg.de\/wp-content\/uploads\/2017\/09\/DSC08868_ergebnis-768x576.jpg 768w, https:\/\/olu-limburg.de\/wp-content\/uploads\/2017\/09\/DSC08868_ergebnis-624x468.jpg 624w\" sizes=\"auto, (max-width: 800px) 100vw, 800px\" \/><\/a><\/p>\n<p><a href=\"https:\/\/olu-limburg.de\/wp-content\/uploads\/2017\/09\/DSC08870_ergebnis.jpg\"><img loading=\"lazy\" decoding=\"async\" class=\"size-full wp-image-12682 aligncenter\" src=\"https:\/\/olu-limburg.de\/wp-content\/uploads\/2017\/09\/DSC08870_ergebnis.jpg\" alt=\"\" width=\"800\" height=\"600\" srcset=\"https:\/\/olu-limburg.de\/wp-content\/uploads\/2017\/09\/DSC08870_ergebnis.jpg 800w, https:\/\/olu-limburg.de\/wp-content\/uploads\/2017\/09\/DSC08870_ergebnis-300x225.jpg 300w, https:\/\/olu-limburg.de\/wp-content\/uploads\/2017\/09\/DSC08870_ergebnis-768x576.jpg 768w, https:\/\/olu-limburg.de\/wp-content\/uploads\/2017\/09\/DSC08870_ergebnis-624x468.jpg 624w\" sizes=\"auto, (max-width: 800px) 100vw, 800px\" \/><\/a><\/p>\n<p><a href=\"https:\/\/olu-limburg.de\/wp-content\/uploads\/2017\/09\/P1050385_ergebnis.jpg\"><img loading=\"lazy\" decoding=\"async\" class=\"size-full wp-image-12666 aligncenter\" src=\"https:\/\/olu-limburg.de\/wp-content\/uploads\/2017\/09\/P1050385_ergebnis.jpg\" alt=\"\" width=\"800\" height=\"600\" srcset=\"https:\/\/olu-limburg.de\/wp-content\/uploads\/2017\/09\/P1050385_ergebnis.jpg 800w, https:\/\/olu-limburg.de\/wp-content\/uploads\/2017\/09\/P1050385_ergebnis-300x225.jpg 300w, https:\/\/olu-limburg.de\/wp-content\/uploads\/2017\/09\/P1050385_ergebnis-768x576.jpg 768w, https:\/\/olu-limburg.de\/wp-content\/uploads\/2017\/09\/P1050385_ergebnis-624x468.jpg 624w\" sizes=\"auto, (max-width: 800px) 100vw, 800px\" \/><\/a><\/p>\n<p><a href=\"https:\/\/olu-limburg.de\/wp-content\/uploads\/2017\/09\/P1050383_ergebnis.jpg\"><img loading=\"lazy\" decoding=\"async\" class=\"size-full wp-image-12665 aligncenter\" src=\"https:\/\/olu-limburg.de\/wp-content\/uploads\/2017\/09\/P1050383_ergebnis.jpg\" alt=\"\" width=\"800\" height=\"600\" srcset=\"https:\/\/olu-limburg.de\/wp-content\/uploads\/2017\/09\/P1050383_ergebnis.jpg 800w, https:\/\/olu-limburg.de\/wp-content\/uploads\/2017\/09\/P1050383_ergebnis-300x225.jpg 300w, https:\/\/olu-limburg.de\/wp-content\/uploads\/2017\/09\/P1050383_ergebnis-768x576.jpg 768w, https:\/\/olu-limburg.de\/wp-content\/uploads\/2017\/09\/P1050383_ergebnis-624x468.jpg 624w\" sizes=\"auto, (max-width: 800px) 100vw, 800px\" \/><\/a><\/p>\n<p>Tagesstrecke: 69 km<\/p>\n<p>&nbsp;<\/p>\n<p><strong>Montag, 21. August 2017<\/strong><\/p>\n<p>Bei herrlichem Wetter verl\u00e4ngern wir den Aufenthalt um einen Tag und machen einen Fahrrad-Ausflug zu den Alignements de Kerzerho. Die man kostenlos besichtigen kann.<\/p>\n<p><a href=\"https:\/\/olu-limburg.de\/wp-content\/uploads\/2017\/09\/DSC08876_ergebnis.jpg\"><img loading=\"lazy\" decoding=\"async\" class=\"size-full wp-image-12683 aligncenter\" src=\"https:\/\/olu-limburg.de\/wp-content\/uploads\/2017\/09\/DSC08876_ergebnis.jpg\" alt=\"\" width=\"800\" height=\"600\" srcset=\"https:\/\/olu-limburg.de\/wp-content\/uploads\/2017\/09\/DSC08876_ergebnis.jpg 800w, https:\/\/olu-limburg.de\/wp-content\/uploads\/2017\/09\/DSC08876_ergebnis-300x225.jpg 300w, https:\/\/olu-limburg.de\/wp-content\/uploads\/2017\/09\/DSC08876_ergebnis-768x576.jpg 768w, https:\/\/olu-limburg.de\/wp-content\/uploads\/2017\/09\/DSC08876_ergebnis-624x468.jpg 624w\" sizes=\"auto, (max-width: 800px) 100vw, 800px\" \/><\/a><\/p>\n<p>Leider wurde das Gesamtensemble durch den Bau der Landesstra\u00dfe zerschnitten und teilweise zerst\u00f6rt. \u00dcbrig geblieben sind aber die wirklich beeindruckenden zehn Parallelreihen in Ost-West-Ausrichtung, und die in n\u00f6rdlicher Richtung stehenden Menhire, die teilweise h\u00f6her sind als die Funde in Carnac.<\/p>\n<p><a href=\"https:\/\/olu-limburg.de\/wp-content\/uploads\/2017\/09\/P1050386_ergebnis.jpg\"><img loading=\"lazy\" decoding=\"async\" class=\"size-full wp-image-12667 aligncenter\" src=\"https:\/\/olu-limburg.de\/wp-content\/uploads\/2017\/09\/P1050386_ergebnis.jpg\" alt=\"\" width=\"800\" height=\"600\" srcset=\"https:\/\/olu-limburg.de\/wp-content\/uploads\/2017\/09\/P1050386_ergebnis.jpg 800w, https:\/\/olu-limburg.de\/wp-content\/uploads\/2017\/09\/P1050386_ergebnis-300x225.jpg 300w, https:\/\/olu-limburg.de\/wp-content\/uploads\/2017\/09\/P1050386_ergebnis-768x576.jpg 768w, https:\/\/olu-limburg.de\/wp-content\/uploads\/2017\/09\/P1050386_ergebnis-624x468.jpg 624w\" sizes=\"auto, (max-width: 800px) 100vw, 800px\" \/><\/a><\/p>\n<p><a href=\"https:\/\/olu-limburg.de\/wp-content\/uploads\/2017\/09\/DSC08883_ergebnis-e1507455900466.jpg\"><img loading=\"lazy\" decoding=\"async\" class=\"size-full wp-image-12686 alignleft\" src=\"https:\/\/olu-limburg.de\/wp-content\/uploads\/2017\/09\/DSC08883_ergebnis-e1507455900466.jpg\" alt=\"\" width=\"450\" height=\"600\" \/><\/a><\/p>\n<p><a href=\"https:\/\/olu-limburg.de\/wp-content\/uploads\/2017\/09\/P1050393_ergebnis-e1507455927172.jpg\"><img loading=\"lazy\" decoding=\"async\" class=\"size-full wp-image-12668 alignright\" src=\"https:\/\/olu-limburg.de\/wp-content\/uploads\/2017\/09\/P1050393_ergebnis-e1507455927172.jpg\" alt=\"\" width=\"450\" height=\"600\" \/><\/a><\/p>\n<p><a href=\"https:\/\/olu-limburg.de\/wp-content\/uploads\/2017\/09\/DSC08880_ergebnis.jpg\"><img loading=\"lazy\" decoding=\"async\" class=\"size-full wp-image-12685 aligncenter\" src=\"https:\/\/olu-limburg.de\/wp-content\/uploads\/2017\/09\/DSC08880_ergebnis.jpg\" alt=\"\" width=\"800\" height=\"600\" srcset=\"https:\/\/olu-limburg.de\/wp-content\/uploads\/2017\/09\/DSC08880_ergebnis.jpg 800w, https:\/\/olu-limburg.de\/wp-content\/uploads\/2017\/09\/DSC08880_ergebnis-300x225.jpg 300w, https:\/\/olu-limburg.de\/wp-content\/uploads\/2017\/09\/DSC08880_ergebnis-768x576.jpg 768w, https:\/\/olu-limburg.de\/wp-content\/uploads\/2017\/09\/DSC08880_ergebnis-624x468.jpg 624w\" sizes=\"auto, (max-width: 800px) 100vw, 800px\" \/><\/a><\/p>\n<p>Nach dieser kleinen Wanderung durch die Welt der Kelten, hier: Gallier, fahren wir noch den einen km nach Erdeven und lassen uns dort im Restaurant des &#8222;Hotel des Voyageurs&#8220; verw\u00f6hnen.<\/p>\n<p><strong>Vorspeise<\/strong><\/p>\n<div id=\"attachment_12687\" style=\"width: 810px\" class=\"wp-caption aligncenter\"><a href=\"https:\/\/olu-limburg.de\/wp-content\/uploads\/2017\/09\/DSC08891_ergebnis.jpg\"><img loading=\"lazy\" decoding=\"async\" aria-describedby=\"caption-attachment-12687\" class=\"wp-image-12687 size-full\" src=\"https:\/\/olu-limburg.de\/wp-content\/uploads\/2017\/09\/DSC08891_ergebnis.jpg\" alt=\"\" width=\"800\" height=\"600\" srcset=\"https:\/\/olu-limburg.de\/wp-content\/uploads\/2017\/09\/DSC08891_ergebnis.jpg 800w, https:\/\/olu-limburg.de\/wp-content\/uploads\/2017\/09\/DSC08891_ergebnis-300x225.jpg 300w, https:\/\/olu-limburg.de\/wp-content\/uploads\/2017\/09\/DSC08891_ergebnis-768x576.jpg 768w, https:\/\/olu-limburg.de\/wp-content\/uploads\/2017\/09\/DSC08891_ergebnis-624x468.jpg 624w\" sizes=\"auto, (max-width: 800px) 100vw, 800px\" \/><\/a><p id=\"caption-attachment-12687\" class=\"wp-caption-text\">Soupe des Poissons du Chef bzw. Huitres Creuses de Bretagne<\/p><\/div>\n<p><strong>Hauptgang<\/strong><\/p>\n<div id=\"attachment_12688\" style=\"width: 810px\" class=\"wp-caption aligncenter\"><a href=\"https:\/\/olu-limburg.de\/wp-content\/uploads\/2017\/09\/DSC08892_ergebnis.jpg\"><img loading=\"lazy\" decoding=\"async\" aria-describedby=\"caption-attachment-12688\" class=\"wp-image-12688 size-full\" src=\"https:\/\/olu-limburg.de\/wp-content\/uploads\/2017\/09\/DSC08892_ergebnis.jpg\" alt=\"\" width=\"800\" height=\"600\" srcset=\"https:\/\/olu-limburg.de\/wp-content\/uploads\/2017\/09\/DSC08892_ergebnis.jpg 800w, https:\/\/olu-limburg.de\/wp-content\/uploads\/2017\/09\/DSC08892_ergebnis-300x225.jpg 300w, https:\/\/olu-limburg.de\/wp-content\/uploads\/2017\/09\/DSC08892_ergebnis-768x576.jpg 768w, https:\/\/olu-limburg.de\/wp-content\/uploads\/2017\/09\/DSC08892_ergebnis-624x468.jpg 624w\" sizes=\"auto, (max-width: 800px) 100vw, 800px\" \/><\/a><p id=\"caption-attachment-12688\" class=\"wp-caption-text\">Faux-Filet Grill\u00e9 &#8222;Maitre d&#8217;Hotel&#8220;<\/p><\/div>\n<div id=\"attachment_12689\" style=\"width: 810px\" class=\"wp-caption aligncenter\"><a href=\"https:\/\/olu-limburg.de\/wp-content\/uploads\/2017\/09\/DSC08893_ergebnis.jpg\"><img loading=\"lazy\" decoding=\"async\" aria-describedby=\"caption-attachment-12689\" class=\"wp-image-12689 size-full\" src=\"https:\/\/olu-limburg.de\/wp-content\/uploads\/2017\/09\/DSC08893_ergebnis.jpg\" alt=\"\" width=\"800\" height=\"600\" srcset=\"https:\/\/olu-limburg.de\/wp-content\/uploads\/2017\/09\/DSC08893_ergebnis.jpg 800w, https:\/\/olu-limburg.de\/wp-content\/uploads\/2017\/09\/DSC08893_ergebnis-300x225.jpg 300w, https:\/\/olu-limburg.de\/wp-content\/uploads\/2017\/09\/DSC08893_ergebnis-768x576.jpg 768w, https:\/\/olu-limburg.de\/wp-content\/uploads\/2017\/09\/DSC08893_ergebnis-624x468.jpg 624w\" sizes=\"auto, (max-width: 800px) 100vw, 800px\" \/><\/a><p id=\"caption-attachment-12689\" class=\"wp-caption-text\">Filet de Cabillaud aux Beurre Blanc<\/p><\/div>\n<p><strong>Nachspeise<\/strong><\/p>\n<div id=\"attachment_12691\" style=\"width: 810px\" class=\"wp-caption aligncenter\"><a href=\"https:\/\/olu-limburg.de\/wp-content\/uploads\/2017\/09\/DSC08895_ergebnis.jpg\"><img loading=\"lazy\" decoding=\"async\" aria-describedby=\"caption-attachment-12691\" class=\"wp-image-12691 size-full\" src=\"https:\/\/olu-limburg.de\/wp-content\/uploads\/2017\/09\/DSC08895_ergebnis.jpg\" alt=\"\" width=\"800\" height=\"600\" srcset=\"https:\/\/olu-limburg.de\/wp-content\/uploads\/2017\/09\/DSC08895_ergebnis.jpg 800w, https:\/\/olu-limburg.de\/wp-content\/uploads\/2017\/09\/DSC08895_ergebnis-300x225.jpg 300w, https:\/\/olu-limburg.de\/wp-content\/uploads\/2017\/09\/DSC08895_ergebnis-768x576.jpg 768w, https:\/\/olu-limburg.de\/wp-content\/uploads\/2017\/09\/DSC08895_ergebnis-624x468.jpg 624w\" sizes=\"auto, (max-width: 800px) 100vw, 800px\" \/><\/a><p id=\"caption-attachment-12691\" class=\"wp-caption-text\">Glace<\/p><\/div>\n<div id=\"attachment_12690\" style=\"width: 810px\" class=\"wp-caption alignnone\"><a href=\"https:\/\/olu-limburg.de\/wp-content\/uploads\/2017\/09\/DSC08894_ergebnis.jpg\"><img loading=\"lazy\" decoding=\"async\" aria-describedby=\"caption-attachment-12690\" class=\"wp-image-12690 size-full\" src=\"https:\/\/olu-limburg.de\/wp-content\/uploads\/2017\/09\/DSC08894_ergebnis.jpg\" alt=\"\" width=\"800\" height=\"600\" srcset=\"https:\/\/olu-limburg.de\/wp-content\/uploads\/2017\/09\/DSC08894_ergebnis.jpg 800w, https:\/\/olu-limburg.de\/wp-content\/uploads\/2017\/09\/DSC08894_ergebnis-300x225.jpg 300w, https:\/\/olu-limburg.de\/wp-content\/uploads\/2017\/09\/DSC08894_ergebnis-768x576.jpg 768w, https:\/\/olu-limburg.de\/wp-content\/uploads\/2017\/09\/DSC08894_ergebnis-624x468.jpg 624w\" sizes=\"auto, (max-width: 800px) 100vw, 800px\" \/><\/a><p id=\"caption-attachment-12690\" class=\"wp-caption-text\">hausgemachtes Ile Flottante (Eischnee mit Caramel und Vanilleso\u00dfe)<\/p><\/div>\n<p><a href=\"https:\/\/olu-limburg.de\/wp-content\/uploads\/2017\/09\/DSC08899_ergebnis.jpg\"><img loading=\"lazy\" decoding=\"async\" class=\"size-full wp-image-12693 aligncenter\" src=\"https:\/\/olu-limburg.de\/wp-content\/uploads\/2017\/09\/DSC08899_ergebnis.jpg\" alt=\"\" width=\"800\" height=\"600\" srcset=\"https:\/\/olu-limburg.de\/wp-content\/uploads\/2017\/09\/DSC08899_ergebnis.jpg 800w, https:\/\/olu-limburg.de\/wp-content\/uploads\/2017\/09\/DSC08899_ergebnis-300x225.jpg 300w, https:\/\/olu-limburg.de\/wp-content\/uploads\/2017\/09\/DSC08899_ergebnis-768x576.jpg 768w, https:\/\/olu-limburg.de\/wp-content\/uploads\/2017\/09\/DSC08899_ergebnis-624x468.jpg 624w\" sizes=\"auto, (max-width: 800px) 100vw, 800px\" \/><\/a><\/p>\n<p>Aufgrund des guten Essens gestaltete sich die R\u00fcckfahrt ein wenig langsamer.<\/p>\n<p>Tagesstrecke: 0 km<\/p>\n<p>&nbsp;<\/p>\n<p><strong>Dienstag, 22. August 2017<\/strong><\/p>\n<p>Auf der Weiterfahrt zur Halbinsel Quiberon haben wir starken Verkehr. Vor allem auf dem Damm in Richtung St.-Pierre kommt es immer wieder zu Stockungen. Irgendwann in Quiberon fahren wir rechts ab zur K\u00fcste in der N\u00e4he des Leuchturms Beg ar Lan. Dort parken wir am Stra\u00dfenrand in fu\u00dfl\u00e4ufiger Entfernung zum Hafen.<\/p>\n<p><a href=\"https:\/\/olu-limburg.de\/wp-content\/uploads\/2017\/09\/P1050411_ergebnis.jpg\"><img loading=\"lazy\" decoding=\"async\" class=\"size-full wp-image-12670 aligncenter\" src=\"https:\/\/olu-limburg.de\/wp-content\/uploads\/2017\/09\/P1050411_ergebnis.jpg\" alt=\"\" width=\"800\" height=\"600\" srcset=\"https:\/\/olu-limburg.de\/wp-content\/uploads\/2017\/09\/P1050411_ergebnis.jpg 800w, https:\/\/olu-limburg.de\/wp-content\/uploads\/2017\/09\/P1050411_ergebnis-300x225.jpg 300w, https:\/\/olu-limburg.de\/wp-content\/uploads\/2017\/09\/P1050411_ergebnis-768x576.jpg 768w, https:\/\/olu-limburg.de\/wp-content\/uploads\/2017\/09\/P1050411_ergebnis-624x468.jpg 624w\" sizes=\"auto, (max-width: 800px) 100vw, 800px\" \/><\/a><\/p>\n<p>Die Sonne scheint und wir machen uns auch sofort auf den Weg. Nat\u00fcrlich oberservieren wir auch bei einem ganz normalen Spaziergang die Speisekarten. Dass hat f\u00fcr uns schon eine gewisse Automatik, und es geht nicht nur ums Essen gehen, sondern auch ein Kennenlernen.<\/p>\n<p><a href=\"https:\/\/olu-limburg.de\/wp-content\/uploads\/2017\/09\/DSC08905_ergebnis.jpg\"><img loading=\"lazy\" decoding=\"async\" class=\"size-full wp-image-12700 aligncenter\" src=\"https:\/\/olu-limburg.de\/wp-content\/uploads\/2017\/09\/DSC08905_ergebnis.jpg\" alt=\"\" width=\"800\" height=\"600\" srcset=\"https:\/\/olu-limburg.de\/wp-content\/uploads\/2017\/09\/DSC08905_ergebnis.jpg 800w, https:\/\/olu-limburg.de\/wp-content\/uploads\/2017\/09\/DSC08905_ergebnis-300x225.jpg 300w, https:\/\/olu-limburg.de\/wp-content\/uploads\/2017\/09\/DSC08905_ergebnis-768x576.jpg 768w, https:\/\/olu-limburg.de\/wp-content\/uploads\/2017\/09\/DSC08905_ergebnis-624x468.jpg 624w\" sizes=\"auto, (max-width: 800px) 100vw, 800px\" \/><\/a><\/p>\n<p><a href=\"https:\/\/olu-limburg.de\/wp-content\/uploads\/2017\/09\/DSC08901_ergebnis-e1507546349526.jpg\"><img loading=\"lazy\" decoding=\"async\" class=\"size-full wp-image-12699 aligncenter\" src=\"https:\/\/olu-limburg.de\/wp-content\/uploads\/2017\/09\/DSC08901_ergebnis-e1507546349526.jpg\" alt=\"\" width=\"450\" height=\"600\" \/><\/a><\/p>\n<div id=\"attachment_12701\" style=\"width: 810px\" class=\"wp-caption aligncenter\"><a href=\"https:\/\/olu-limburg.de\/wp-content\/uploads\/2017\/09\/DSC08907_ergebnis.jpg\"><img loading=\"lazy\" decoding=\"async\" aria-describedby=\"caption-attachment-12701\" class=\"wp-image-12701 size-full\" src=\"https:\/\/olu-limburg.de\/wp-content\/uploads\/2017\/09\/DSC08907_ergebnis.jpg\" alt=\"\" width=\"800\" height=\"600\" srcset=\"https:\/\/olu-limburg.de\/wp-content\/uploads\/2017\/09\/DSC08907_ergebnis.jpg 800w, https:\/\/olu-limburg.de\/wp-content\/uploads\/2017\/09\/DSC08907_ergebnis-300x225.jpg 300w, https:\/\/olu-limburg.de\/wp-content\/uploads\/2017\/09\/DSC08907_ergebnis-768x576.jpg 768w, https:\/\/olu-limburg.de\/wp-content\/uploads\/2017\/09\/DSC08907_ergebnis-624x468.jpg 624w\" sizes=\"auto, (max-width: 800px) 100vw, 800px\" \/><\/a><p id=\"caption-attachment-12701\" class=\"wp-caption-text\">Fitness-Training am Strand<\/p><\/div>\n<p>Nach einem Rundgang durch den Hafenbereich von Quiberon entscheiden wir uns f\u00fcr das &#8222;Le Bistrot du Port&#8220; und bestellen eine Flasche Cidre, eine kleine Vorspeise mit in Essig und \u00d6l eingelegten Anchovis und Moules bzw. Coques \u00e1 la Plancha. Es war sehr gut.<\/p>\n<p>Danach fahren wir zum Wohnmobil-Stellplatz Kern\u00e9 an der C\u00f4te Sauvage, den wir um 14.00 Uhr erreichen. Es ist noch ausreichend Platz vorhanden. Einige Wohnmobilisten haben bei der Einfahrt Probleme mit dem Automaten, da man auch das Kfz.-Kennzeichen eingeben muss. Es ist aber wirklich alles einfach.<\/p>\n<p><a href=\"https:\/\/olu-limburg.de\/wp-content\/uploads\/2017\/09\/P1050413_ergebnis.jpg\"><img loading=\"lazy\" decoding=\"async\" class=\"size-full wp-image-12671 aligncenter\" src=\"https:\/\/olu-limburg.de\/wp-content\/uploads\/2017\/09\/P1050413_ergebnis.jpg\" alt=\"\" width=\"800\" height=\"600\" srcset=\"https:\/\/olu-limburg.de\/wp-content\/uploads\/2017\/09\/P1050413_ergebnis.jpg 800w, https:\/\/olu-limburg.de\/wp-content\/uploads\/2017\/09\/P1050413_ergebnis-300x225.jpg 300w, https:\/\/olu-limburg.de\/wp-content\/uploads\/2017\/09\/P1050413_ergebnis-768x576.jpg 768w, https:\/\/olu-limburg.de\/wp-content\/uploads\/2017\/09\/P1050413_ergebnis-624x468.jpg 624w\" sizes=\"auto, (max-width: 800px) 100vw, 800px\" \/><\/a><\/p>\n<p>Am Nachmittag machen wir noch einen Spaziergang an der C\u00f4te Sauvage entlang,<\/p>\n<p><a href=\"https:\/\/olu-limburg.de\/wp-content\/uploads\/2017\/09\/DSC08920_ergebnis.jpg\"><img loading=\"lazy\" decoding=\"async\" class=\"size-full wp-image-12703 aligncenter\" src=\"https:\/\/olu-limburg.de\/wp-content\/uploads\/2017\/09\/DSC08920_ergebnis.jpg\" alt=\"\" width=\"800\" height=\"600\" srcset=\"https:\/\/olu-limburg.de\/wp-content\/uploads\/2017\/09\/DSC08920_ergebnis.jpg 800w, https:\/\/olu-limburg.de\/wp-content\/uploads\/2017\/09\/DSC08920_ergebnis-300x225.jpg 300w, https:\/\/olu-limburg.de\/wp-content\/uploads\/2017\/09\/DSC08920_ergebnis-768x576.jpg 768w, https:\/\/olu-limburg.de\/wp-content\/uploads\/2017\/09\/DSC08920_ergebnis-624x468.jpg 624w\" sizes=\"auto, (max-width: 800px) 100vw, 800px\" \/><\/a><\/p>\n<p><a href=\"https:\/\/olu-limburg.de\/wp-content\/uploads\/2017\/09\/DSC08934_ergebnis.jpg\"><img loading=\"lazy\" decoding=\"async\" class=\"size-full wp-image-12704 aligncenter\" src=\"https:\/\/olu-limburg.de\/wp-content\/uploads\/2017\/09\/DSC08934_ergebnis.jpg\" alt=\"\" width=\"800\" height=\"600\" srcset=\"https:\/\/olu-limburg.de\/wp-content\/uploads\/2017\/09\/DSC08934_ergebnis.jpg 800w, https:\/\/olu-limburg.de\/wp-content\/uploads\/2017\/09\/DSC08934_ergebnis-300x225.jpg 300w, https:\/\/olu-limburg.de\/wp-content\/uploads\/2017\/09\/DSC08934_ergebnis-768x576.jpg 768w, https:\/\/olu-limburg.de\/wp-content\/uploads\/2017\/09\/DSC08934_ergebnis-624x468.jpg 624w\" sizes=\"auto, (max-width: 800px) 100vw, 800px\" \/><\/a><\/p>\n<p><a href=\"https:\/\/olu-limburg.de\/wp-content\/uploads\/2017\/09\/DSC08935_ergebnis.jpg\"><img loading=\"lazy\" decoding=\"async\" class=\"size-full wp-image-12705 aligncenter\" src=\"https:\/\/olu-limburg.de\/wp-content\/uploads\/2017\/09\/DSC08935_ergebnis.jpg\" alt=\"\" width=\"800\" height=\"600\" srcset=\"https:\/\/olu-limburg.de\/wp-content\/uploads\/2017\/09\/DSC08935_ergebnis.jpg 800w, https:\/\/olu-limburg.de\/wp-content\/uploads\/2017\/09\/DSC08935_ergebnis-300x225.jpg 300w, https:\/\/olu-limburg.de\/wp-content\/uploads\/2017\/09\/DSC08935_ergebnis-768x576.jpg 768w, https:\/\/olu-limburg.de\/wp-content\/uploads\/2017\/09\/DSC08935_ergebnis-624x468.jpg 624w\" sizes=\"auto, (max-width: 800px) 100vw, 800px\" \/><\/a><\/p>\n<p>haben noch ein Privat-Konzert unseres Nachbarn, der sich bei Chansons selbst an der Gitarre begleitet. Das war genial!!! ;<\/p>\n<p><a href=\"https:\/\/olu-limburg.de\/wp-content\/uploads\/2017\/09\/DSC08940_ergebnis.jpg\"><img loading=\"lazy\" decoding=\"async\" class=\"size-full wp-image-12707 aligncenter\" src=\"https:\/\/olu-limburg.de\/wp-content\/uploads\/2017\/09\/DSC08940_ergebnis.jpg\" alt=\"\" width=\"800\" height=\"600\" srcset=\"https:\/\/olu-limburg.de\/wp-content\/uploads\/2017\/09\/DSC08940_ergebnis.jpg 800w, https:\/\/olu-limburg.de\/wp-content\/uploads\/2017\/09\/DSC08940_ergebnis-300x225.jpg 300w, https:\/\/olu-limburg.de\/wp-content\/uploads\/2017\/09\/DSC08940_ergebnis-768x576.jpg 768w, https:\/\/olu-limburg.de\/wp-content\/uploads\/2017\/09\/DSC08940_ergebnis-624x468.jpg 624w\" sizes=\"auto, (max-width: 800px) 100vw, 800px\" \/><\/a><\/p>\n<p>und genie\u00dfen den Sonnenuntergang<\/p>\n<p><a href=\"https:\/\/olu-limburg.de\/wp-content\/uploads\/2017\/09\/P1050430_ergebnis.jpg\"><img loading=\"lazy\" decoding=\"async\" class=\"size-full wp-image-12674 aligncenter\" src=\"https:\/\/olu-limburg.de\/wp-content\/uploads\/2017\/09\/P1050430_ergebnis.jpg\" alt=\"\" width=\"800\" height=\"600\" srcset=\"https:\/\/olu-limburg.de\/wp-content\/uploads\/2017\/09\/P1050430_ergebnis.jpg 800w, https:\/\/olu-limburg.de\/wp-content\/uploads\/2017\/09\/P1050430_ergebnis-300x225.jpg 300w, https:\/\/olu-limburg.de\/wp-content\/uploads\/2017\/09\/P1050430_ergebnis-768x576.jpg 768w, https:\/\/olu-limburg.de\/wp-content\/uploads\/2017\/09\/P1050430_ergebnis-624x468.jpg 624w\" sizes=\"auto, (max-width: 800px) 100vw, 800px\" \/><\/a><\/p>\n<p><a href=\"https:\/\/olu-limburg.de\/wp-content\/uploads\/2017\/09\/DSC08938_ergebnis.jpg\"><img loading=\"lazy\" decoding=\"async\" class=\"size-full wp-image-12706 aligncenter\" src=\"https:\/\/olu-limburg.de\/wp-content\/uploads\/2017\/09\/DSC08938_ergebnis.jpg\" alt=\"\" width=\"800\" height=\"600\" srcset=\"https:\/\/olu-limburg.de\/wp-content\/uploads\/2017\/09\/DSC08938_ergebnis.jpg 800w, https:\/\/olu-limburg.de\/wp-content\/uploads\/2017\/09\/DSC08938_ergebnis-300x225.jpg 300w, https:\/\/olu-limburg.de\/wp-content\/uploads\/2017\/09\/DSC08938_ergebnis-768x576.jpg 768w, https:\/\/olu-limburg.de\/wp-content\/uploads\/2017\/09\/DSC08938_ergebnis-624x468.jpg 624w\" sizes=\"auto, (max-width: 800px) 100vw, 800px\" \/><\/a><\/p>\n<p><a href=\"https:\/\/olu-limburg.de\/wp-content\/uploads\/2017\/09\/DSC08950_ergebnis.jpg\"><img loading=\"lazy\" decoding=\"async\" class=\"size-full wp-image-12708 aligncenter\" src=\"https:\/\/olu-limburg.de\/wp-content\/uploads\/2017\/09\/DSC08950_ergebnis.jpg\" alt=\"\" width=\"800\" height=\"600\" srcset=\"https:\/\/olu-limburg.de\/wp-content\/uploads\/2017\/09\/DSC08950_ergebnis.jpg 800w, https:\/\/olu-limburg.de\/wp-content\/uploads\/2017\/09\/DSC08950_ergebnis-300x225.jpg 300w, https:\/\/olu-limburg.de\/wp-content\/uploads\/2017\/09\/DSC08950_ergebnis-768x576.jpg 768w, https:\/\/olu-limburg.de\/wp-content\/uploads\/2017\/09\/DSC08950_ergebnis-624x468.jpg 624w\" sizes=\"auto, (max-width: 800px) 100vw, 800px\" \/><\/a><\/p>\n<p><a href=\"https:\/\/olu-limburg.de\/wp-content\/uploads\/2017\/09\/P1050435_ergebnis.jpg\"><img loading=\"lazy\" decoding=\"async\" class=\"size-full wp-image-12675 aligncenter\" src=\"https:\/\/olu-limburg.de\/wp-content\/uploads\/2017\/09\/P1050435_ergebnis.jpg\" alt=\"\" width=\"800\" height=\"600\" srcset=\"https:\/\/olu-limburg.de\/wp-content\/uploads\/2017\/09\/P1050435_ergebnis.jpg 800w, https:\/\/olu-limburg.de\/wp-content\/uploads\/2017\/09\/P1050435_ergebnis-300x225.jpg 300w, https:\/\/olu-limburg.de\/wp-content\/uploads\/2017\/09\/P1050435_ergebnis-768x576.jpg 768w, https:\/\/olu-limburg.de\/wp-content\/uploads\/2017\/09\/P1050435_ergebnis-624x468.jpg 624w\" sizes=\"auto, (max-width: 800px) 100vw, 800px\" \/><\/a><\/p>\n<p>Tagesstrecke: 23 km<\/p>\n<p>&nbsp;<\/p>\n<p><strong>Mittwoch, 23. August 2017<\/strong><\/p>\n<p>Wir warten noch den B\u00e4cker ab, fr\u00fchst\u00fccken und fahren anschlie\u00dfend an der C\u00f4te Sauvage entlang bis auf den Parkplatz von Portivy am Isthme. Hier wollen wir Muscheln suchen. Nach mehr als einer Stunde haben wir erst 14 Coques. Wir laufen noch ein St\u00fcck weiter und haben endlich Erfolg; daf\u00fcr aber auch einen sehr weiten R\u00fcckweg.<\/p>\n<p><a href=\"https:\/\/olu-limburg.de\/wp-content\/uploads\/2017\/09\/20170823_140316_ergebnis.jpg\"><img loading=\"lazy\" decoding=\"async\" class=\"size-full wp-image-12717 aligncenter\" src=\"https:\/\/olu-limburg.de\/wp-content\/uploads\/2017\/09\/20170823_140316_ergebnis.jpg\" alt=\"\" width=\"800\" height=\"600\" srcset=\"https:\/\/olu-limburg.de\/wp-content\/uploads\/2017\/09\/20170823_140316_ergebnis.jpg 800w, https:\/\/olu-limburg.de\/wp-content\/uploads\/2017\/09\/20170823_140316_ergebnis-300x225.jpg 300w, https:\/\/olu-limburg.de\/wp-content\/uploads\/2017\/09\/20170823_140316_ergebnis-768x576.jpg 768w, https:\/\/olu-limburg.de\/wp-content\/uploads\/2017\/09\/20170823_140316_ergebnis-624x468.jpg 624w\" sizes=\"auto, (max-width: 800px) 100vw, 800px\" \/><\/a><\/p>\n<p><a href=\"https:\/\/olu-limburg.de\/wp-content\/uploads\/2017\/09\/20170823_131316_ergebnis.jpg\"><img loading=\"lazy\" decoding=\"async\" class=\"size-full wp-image-12715 aligncenter\" src=\"https:\/\/olu-limburg.de\/wp-content\/uploads\/2017\/09\/20170823_131316_ergebnis.jpg\" alt=\"\" width=\"800\" height=\"600\" srcset=\"https:\/\/olu-limburg.de\/wp-content\/uploads\/2017\/09\/20170823_131316_ergebnis.jpg 800w, https:\/\/olu-limburg.de\/wp-content\/uploads\/2017\/09\/20170823_131316_ergebnis-300x225.jpg 300w, https:\/\/olu-limburg.de\/wp-content\/uploads\/2017\/09\/20170823_131316_ergebnis-768x576.jpg 768w, https:\/\/olu-limburg.de\/wp-content\/uploads\/2017\/09\/20170823_131316_ergebnis-624x468.jpg 624w\" sizes=\"auto, (max-width: 800px) 100vw, 800px\" \/><\/a><\/p>\n<p><a href=\"https:\/\/olu-limburg.de\/wp-content\/uploads\/2017\/09\/20170823_131325_ergebnis.jpg\"><img loading=\"lazy\" decoding=\"async\" class=\"size-full wp-image-12716 aligncenter\" src=\"https:\/\/olu-limburg.de\/wp-content\/uploads\/2017\/09\/20170823_131325_ergebnis.jpg\" alt=\"\" width=\"800\" height=\"600\" srcset=\"https:\/\/olu-limburg.de\/wp-content\/uploads\/2017\/09\/20170823_131325_ergebnis.jpg 800w, https:\/\/olu-limburg.de\/wp-content\/uploads\/2017\/09\/20170823_131325_ergebnis-300x225.jpg 300w, https:\/\/olu-limburg.de\/wp-content\/uploads\/2017\/09\/20170823_131325_ergebnis-768x576.jpg 768w, https:\/\/olu-limburg.de\/wp-content\/uploads\/2017\/09\/20170823_131325_ergebnis-624x468.jpg 624w\" sizes=\"auto, (max-width: 800px) 100vw, 800px\" \/><\/a><\/p>\n<p>Auf der anderen Seite des Isthme, in Penthi\u00e8vre, finden wir einen ebenen Platz am Stra\u00dfenrand, wo wir in Ruhe kochen und essen k\u00f6nnen. Links von uns ist ein riesiger Sandstrand und es scheint ein Surfer-Paradies zu sein.<\/p>\n<p>W\u00e4hrend des Essens f\u00e4llt uns ein, dass wir ja noch gar nicht in Saint-Cado, auf einer kleinen Insel in der Rade d&#8217;Etel gelegen, waren. Also fahren wir noch ein St\u00fcck \u00fcber Erdeven und Belz zum gro\u00dfen Touristen-Parkplatz noch auf der Festlandseite.<\/p>\n<p><a href=\"https:\/\/olu-limburg.de\/wp-content\/uploads\/2017\/09\/DSC08957_ergebnis-e1507648877637.jpg\"><img loading=\"lazy\" decoding=\"async\" class=\"size-full wp-image-12721 alignleft\" src=\"https:\/\/olu-limburg.de\/wp-content\/uploads\/2017\/09\/DSC08957_ergebnis-e1507648877637.jpg\" alt=\"\" width=\"450\" height=\"600\" \/><\/a><\/p>\n<p><a href=\"https:\/\/olu-limburg.de\/wp-content\/uploads\/2017\/09\/DSC08959_ergebnis-e1507648912412.jpg\"><img loading=\"lazy\" decoding=\"async\" class=\"size-full wp-image-12723 alignright\" src=\"https:\/\/olu-limburg.de\/wp-content\/uploads\/2017\/09\/DSC08959_ergebnis-e1507648912412.jpg\" alt=\"\" width=\"450\" height=\"600\" \/><\/a><\/p>\n<p><a href=\"https:\/\/olu-limburg.de\/wp-content\/uploads\/2017\/09\/DSC08958_ergebnis.jpg\"><img loading=\"lazy\" decoding=\"async\" class=\"size-full wp-image-12722 aligncenter\" src=\"https:\/\/olu-limburg.de\/wp-content\/uploads\/2017\/09\/DSC08958_ergebnis.jpg\" alt=\"\" width=\"800\" height=\"600\" srcset=\"https:\/\/olu-limburg.de\/wp-content\/uploads\/2017\/09\/DSC08958_ergebnis.jpg 800w, https:\/\/olu-limburg.de\/wp-content\/uploads\/2017\/09\/DSC08958_ergebnis-300x225.jpg 300w, https:\/\/olu-limburg.de\/wp-content\/uploads\/2017\/09\/DSC08958_ergebnis-768x576.jpg 768w, https:\/\/olu-limburg.de\/wp-content\/uploads\/2017\/09\/DSC08958_ergebnis-624x468.jpg 624w\" sizes=\"auto, (max-width: 800px) 100vw, 800px\" \/><\/a><\/p>\n<p>Die Besiedlung dieser kleinen Insel geht auf den Hl. Cado, Sohn des walisischen F\u00fcrsten Gundlee, zur\u00fcck. Mit weiteren keltischen M\u00f6nchen soll er im 6. Jhdt. in die Bretagne gekommen sein. Sie siedelten auf der einsamen Insel in der M\u00fcndung des Etel und bauten eine Kapelle. Nach wenigen Jahren ging er aber aus ungekl\u00e4rten Gr\u00fcnden wieder zur\u00fcck nach Wales und \u00fcbergab die Leitung einem seiner Sch\u00fcler. Sp\u00e4ter \u00fcbernahmen die Benediktiner von Quimperl\u00e9 die Einsiedelei und behielten sie bis zur Aufl\u00f6sung w\u00e4hrend der franz\u00f6sischen Revolution.<\/p>\n<p><a href=\"https:\/\/olu-limburg.de\/wp-content\/uploads\/2017\/09\/P1050437_ergebnis.jpg\"><img loading=\"lazy\" decoding=\"async\" class=\"size-full wp-image-12718 aligncenter\" src=\"https:\/\/olu-limburg.de\/wp-content\/uploads\/2017\/09\/P1050437_ergebnis.jpg\" alt=\"\" width=\"800\" height=\"600\" srcset=\"https:\/\/olu-limburg.de\/wp-content\/uploads\/2017\/09\/P1050437_ergebnis.jpg 800w, https:\/\/olu-limburg.de\/wp-content\/uploads\/2017\/09\/P1050437_ergebnis-300x225.jpg 300w, https:\/\/olu-limburg.de\/wp-content\/uploads\/2017\/09\/P1050437_ergebnis-768x576.jpg 768w, https:\/\/olu-limburg.de\/wp-content\/uploads\/2017\/09\/P1050437_ergebnis-624x468.jpg 624w\" sizes=\"auto, (max-width: 800px) 100vw, 800px\" \/><\/a><\/p>\n<div id=\"attachment_12726\" style=\"width: 810px\" class=\"wp-caption aligncenter\"><a href=\"https:\/\/olu-limburg.de\/wp-content\/uploads\/2017\/09\/DSC08964_ergebnis.jpg\"><img loading=\"lazy\" decoding=\"async\" aria-describedby=\"caption-attachment-12726\" class=\"wp-image-12726 size-full\" src=\"https:\/\/olu-limburg.de\/wp-content\/uploads\/2017\/09\/DSC08964_ergebnis.jpg\" alt=\"\" width=\"800\" height=\"600\" srcset=\"https:\/\/olu-limburg.de\/wp-content\/uploads\/2017\/09\/DSC08964_ergebnis.jpg 800w, https:\/\/olu-limburg.de\/wp-content\/uploads\/2017\/09\/DSC08964_ergebnis-300x225.jpg 300w, https:\/\/olu-limburg.de\/wp-content\/uploads\/2017\/09\/DSC08964_ergebnis-768x576.jpg 768w, https:\/\/olu-limburg.de\/wp-content\/uploads\/2017\/09\/DSC08964_ergebnis-624x468.jpg 624w\" sizes=\"auto, (max-width: 800px) 100vw, 800px\" \/><\/a><p id=\"caption-attachment-12726\" class=\"wp-caption-text\">Blick zum Z\u00f6llnerhaus<\/p><\/div>\n<p><a href=\"https:\/\/olu-limburg.de\/wp-content\/uploads\/2017\/09\/DSC08980_ergebnis.jpg\"><img loading=\"lazy\" decoding=\"async\" class=\"size-full wp-image-12736 aligncenter\" src=\"https:\/\/olu-limburg.de\/wp-content\/uploads\/2017\/09\/DSC08980_ergebnis.jpg\" alt=\"\" width=\"800\" height=\"600\" srcset=\"https:\/\/olu-limburg.de\/wp-content\/uploads\/2017\/09\/DSC08980_ergebnis.jpg 800w, https:\/\/olu-limburg.de\/wp-content\/uploads\/2017\/09\/DSC08980_ergebnis-300x225.jpg 300w, https:\/\/olu-limburg.de\/wp-content\/uploads\/2017\/09\/DSC08980_ergebnis-768x576.jpg 768w, https:\/\/olu-limburg.de\/wp-content\/uploads\/2017\/09\/DSC08980_ergebnis-624x468.jpg 624w\" sizes=\"auto, (max-width: 800px) 100vw, 800px\" \/><\/a><\/p>\n<p><a href=\"https:\/\/olu-limburg.de\/wp-content\/uploads\/2017\/09\/DSC08966_ergebnis.jpg\"><img loading=\"lazy\" decoding=\"async\" class=\"size-full wp-image-12727 aligncenter\" src=\"https:\/\/olu-limburg.de\/wp-content\/uploads\/2017\/09\/DSC08966_ergebnis.jpg\" alt=\"\" width=\"800\" height=\"600\" srcset=\"https:\/\/olu-limburg.de\/wp-content\/uploads\/2017\/09\/DSC08966_ergebnis.jpg 800w, https:\/\/olu-limburg.de\/wp-content\/uploads\/2017\/09\/DSC08966_ergebnis-300x225.jpg 300w, https:\/\/olu-limburg.de\/wp-content\/uploads\/2017\/09\/DSC08966_ergebnis-768x576.jpg 768w, https:\/\/olu-limburg.de\/wp-content\/uploads\/2017\/09\/DSC08966_ergebnis-624x468.jpg 624w\" sizes=\"auto, (max-width: 800px) 100vw, 800px\" \/><\/a><\/p>\n<div id=\"attachment_12728\" style=\"width: 810px\" class=\"wp-caption aligncenter\"><a href=\"https:\/\/olu-limburg.de\/wp-content\/uploads\/2017\/09\/DSC08967_ergebnis.jpg\"><img loading=\"lazy\" decoding=\"async\" aria-describedby=\"caption-attachment-12728\" class=\"size-full wp-image-12728\" src=\"https:\/\/olu-limburg.de\/wp-content\/uploads\/2017\/09\/DSC08967_ergebnis.jpg\" alt=\"\" width=\"800\" height=\"600\" srcset=\"https:\/\/olu-limburg.de\/wp-content\/uploads\/2017\/09\/DSC08967_ergebnis.jpg 800w, https:\/\/olu-limburg.de\/wp-content\/uploads\/2017\/09\/DSC08967_ergebnis-300x225.jpg 300w, https:\/\/olu-limburg.de\/wp-content\/uploads\/2017\/09\/DSC08967_ergebnis-768x576.jpg 768w, https:\/\/olu-limburg.de\/wp-content\/uploads\/2017\/09\/DSC08967_ergebnis-624x468.jpg 624w\" sizes=\"auto, (max-width: 800px) 100vw, 800px\" \/><\/a><p id=\"caption-attachment-12728\" class=\"wp-caption-text\">Chapelle de Saint-Cado<\/p><\/div>\n<p><a href=\"https:\/\/olu-limburg.de\/wp-content\/uploads\/2017\/09\/DSC08968_ergebnis-e1507649277255.jpg\"><img loading=\"lazy\" decoding=\"async\" class=\"size-full wp-image-12729 alignleft\" src=\"https:\/\/olu-limburg.de\/wp-content\/uploads\/2017\/09\/DSC08968_ergebnis-e1507649277255.jpg\" alt=\"\" width=\"450\" height=\"600\" \/><\/a><\/p>\n<p><a href=\"https:\/\/olu-limburg.de\/wp-content\/uploads\/2017\/09\/DSC08969_ergebnis-e1507649298558.jpg\"><img loading=\"lazy\" decoding=\"async\" class=\"size-full wp-image-12730 alignright\" src=\"https:\/\/olu-limburg.de\/wp-content\/uploads\/2017\/09\/DSC08969_ergebnis-e1507649298558.jpg\" alt=\"\" width=\"450\" height=\"600\" \/><\/a><\/p>\n<p><a href=\"https:\/\/olu-limburg.de\/wp-content\/uploads\/2017\/09\/DSC08972_ergebnis.jpg\"><img loading=\"lazy\" decoding=\"async\" class=\"size-full wp-image-12731 aligncenter\" src=\"https:\/\/olu-limburg.de\/wp-content\/uploads\/2017\/09\/DSC08972_ergebnis.jpg\" alt=\"\" width=\"800\" height=\"600\" srcset=\"https:\/\/olu-limburg.de\/wp-content\/uploads\/2017\/09\/DSC08972_ergebnis.jpg 800w, https:\/\/olu-limburg.de\/wp-content\/uploads\/2017\/09\/DSC08972_ergebnis-300x225.jpg 300w, https:\/\/olu-limburg.de\/wp-content\/uploads\/2017\/09\/DSC08972_ergebnis-768x576.jpg 768w, https:\/\/olu-limburg.de\/wp-content\/uploads\/2017\/09\/DSC08972_ergebnis-624x468.jpg 624w\" sizes=\"auto, (max-width: 800px) 100vw, 800px\" \/><\/a><\/p>\n<p><a href=\"https:\/\/olu-limburg.de\/wp-content\/uploads\/2017\/09\/P1050448_ergebnis-e1507649329941.jpg\"><img loading=\"lazy\" decoding=\"async\" class=\"size-full wp-image-12720 alignleft\" src=\"https:\/\/olu-limburg.de\/wp-content\/uploads\/2017\/09\/P1050448_ergebnis-e1507649329941.jpg\" alt=\"\" width=\"450\" height=\"600\" \/><\/a><\/p>\n<p><a href=\"https:\/\/olu-limburg.de\/wp-content\/uploads\/2017\/09\/DSC08974_ergebnis-e1507649376392.jpg\"><img loading=\"lazy\" decoding=\"async\" class=\"size-full wp-image-12733 alignright\" src=\"https:\/\/olu-limburg.de\/wp-content\/uploads\/2017\/09\/DSC08974_ergebnis-e1507649376392.jpg\" alt=\"\" width=\"450\" height=\"600\" \/><\/a><\/p>\n<div id=\"attachment_12734\" style=\"width: 810px\" class=\"wp-caption aligncenter\"><a href=\"https:\/\/olu-limburg.de\/wp-content\/uploads\/2017\/09\/DSC08977_ergebnis.jpg\"><img loading=\"lazy\" decoding=\"async\" aria-describedby=\"caption-attachment-12734\" class=\"size-full wp-image-12734\" src=\"https:\/\/olu-limburg.de\/wp-content\/uploads\/2017\/09\/DSC08977_ergebnis.jpg\" alt=\"\" width=\"800\" height=\"600\" srcset=\"https:\/\/olu-limburg.de\/wp-content\/uploads\/2017\/09\/DSC08977_ergebnis.jpg 800w, https:\/\/olu-limburg.de\/wp-content\/uploads\/2017\/09\/DSC08977_ergebnis-300x225.jpg 300w, https:\/\/olu-limburg.de\/wp-content\/uploads\/2017\/09\/DSC08977_ergebnis-768x576.jpg 768w, https:\/\/olu-limburg.de\/wp-content\/uploads\/2017\/09\/DSC08977_ergebnis-624x468.jpg 624w\" sizes=\"auto, (max-width: 800px) 100vw, 800px\" \/><\/a><p id=\"caption-attachment-12734\" class=\"wp-caption-text\">Quelle de St. Cado<\/p><\/div>\n<p><a href=\"https:\/\/olu-limburg.de\/wp-content\/uploads\/2017\/09\/DSC08979_ergebnis.jpg\"><img loading=\"lazy\" decoding=\"async\" class=\"size-full wp-image-12735 aligncenter\" src=\"https:\/\/olu-limburg.de\/wp-content\/uploads\/2017\/09\/DSC08979_ergebnis.jpg\" alt=\"\" width=\"800\" height=\"600\" srcset=\"https:\/\/olu-limburg.de\/wp-content\/uploads\/2017\/09\/DSC08979_ergebnis.jpg 800w, https:\/\/olu-limburg.de\/wp-content\/uploads\/2017\/09\/DSC08979_ergebnis-300x225.jpg 300w, https:\/\/olu-limburg.de\/wp-content\/uploads\/2017\/09\/DSC08979_ergebnis-768x576.jpg 768w, https:\/\/olu-limburg.de\/wp-content\/uploads\/2017\/09\/DSC08979_ergebnis-624x468.jpg 624w\" sizes=\"auto, (max-width: 800px) 100vw, 800px\" \/><\/a><\/p>\n<p><a href=\"https:\/\/olu-limburg.de\/wp-content\/uploads\/2017\/09\/DSC08982_ergebnis.jpg\"><img loading=\"lazy\" decoding=\"async\" class=\"size-full wp-image-12737 aligncenter\" src=\"https:\/\/olu-limburg.de\/wp-content\/uploads\/2017\/09\/DSC08982_ergebnis.jpg\" alt=\"\" width=\"800\" height=\"600\" srcset=\"https:\/\/olu-limburg.de\/wp-content\/uploads\/2017\/09\/DSC08982_ergebnis.jpg 800w, https:\/\/olu-limburg.de\/wp-content\/uploads\/2017\/09\/DSC08982_ergebnis-300x225.jpg 300w, https:\/\/olu-limburg.de\/wp-content\/uploads\/2017\/09\/DSC08982_ergebnis-768x576.jpg 768w, https:\/\/olu-limburg.de\/wp-content\/uploads\/2017\/09\/DSC08982_ergebnis-624x468.jpg 624w\" sizes=\"auto, (max-width: 800px) 100vw, 800px\" \/><\/a><\/p>\n<p><a href=\"https:\/\/olu-limburg.de\/wp-content\/uploads\/2017\/09\/DSC08984_ergebnis.jpg\"><img loading=\"lazy\" decoding=\"async\" class=\"size-full wp-image-12738 aligncenter\" src=\"https:\/\/olu-limburg.de\/wp-content\/uploads\/2017\/09\/DSC08984_ergebnis.jpg\" alt=\"\" width=\"800\" height=\"600\" srcset=\"https:\/\/olu-limburg.de\/wp-content\/uploads\/2017\/09\/DSC08984_ergebnis.jpg 800w, https:\/\/olu-limburg.de\/wp-content\/uploads\/2017\/09\/DSC08984_ergebnis-300x225.jpg 300w, https:\/\/olu-limburg.de\/wp-content\/uploads\/2017\/09\/DSC08984_ergebnis-768x576.jpg 768w, https:\/\/olu-limburg.de\/wp-content\/uploads\/2017\/09\/DSC08984_ergebnis-624x468.jpg 624w\" sizes=\"auto, (max-width: 800px) 100vw, 800px\" \/><\/a><\/p>\n<p><a href=\"https:\/\/olu-limburg.de\/wp-content\/uploads\/2017\/09\/DSC08987_ergebnis.jpg\"><img loading=\"lazy\" decoding=\"async\" class=\"size-full wp-image-12739 aligncenter\" src=\"https:\/\/olu-limburg.de\/wp-content\/uploads\/2017\/09\/DSC08987_ergebnis.jpg\" alt=\"\" width=\"800\" height=\"600\" srcset=\"https:\/\/olu-limburg.de\/wp-content\/uploads\/2017\/09\/DSC08987_ergebnis.jpg 800w, https:\/\/olu-limburg.de\/wp-content\/uploads\/2017\/09\/DSC08987_ergebnis-300x225.jpg 300w, https:\/\/olu-limburg.de\/wp-content\/uploads\/2017\/09\/DSC08987_ergebnis-768x576.jpg 768w, https:\/\/olu-limburg.de\/wp-content\/uploads\/2017\/09\/DSC08987_ergebnis-624x468.jpg 624w\" sizes=\"auto, (max-width: 800px) 100vw, 800px\" \/><\/a><\/p>\n<p>Nach unserer Besichtigungsrunde beschlie\u00dfen wir, noch einmal in Erdeven-Kerhillio zu \u00fcbernachten. Auf dem Stellplatz hat es sich ganz sch\u00f6n geleert. Das Beste heute Abend sind aber Lena&#8217;s Coques einmal in einer kalten Vinaigrette und einmal \u00e0 la Plancha.<\/p>\n<p><a href=\"https:\/\/olu-limburg.de\/wp-content\/uploads\/2017\/09\/DSC08988_ergebnis.jpg\"><img loading=\"lazy\" decoding=\"async\" class=\"size-full wp-image-12743 aligncenter\" src=\"https:\/\/olu-limburg.de\/wp-content\/uploads\/2017\/09\/DSC08988_ergebnis.jpg\" alt=\"\" width=\"800\" height=\"600\" srcset=\"https:\/\/olu-limburg.de\/wp-content\/uploads\/2017\/09\/DSC08988_ergebnis.jpg 800w, https:\/\/olu-limburg.de\/wp-content\/uploads\/2017\/09\/DSC08988_ergebnis-300x225.jpg 300w, https:\/\/olu-limburg.de\/wp-content\/uploads\/2017\/09\/DSC08988_ergebnis-768x576.jpg 768w, https:\/\/olu-limburg.de\/wp-content\/uploads\/2017\/09\/DSC08988_ergebnis-624x468.jpg 624w\" sizes=\"auto, (max-width: 800px) 100vw, 800px\" \/><\/a><\/p>\n<p><a href=\"https:\/\/olu-limburg.de\/wp-content\/uploads\/2017\/09\/DSC08989_ergebnis.jpg\"><img loading=\"lazy\" decoding=\"async\" class=\"size-full wp-image-12742 aligncenter\" src=\"https:\/\/olu-limburg.de\/wp-content\/uploads\/2017\/09\/DSC08989_ergebnis.jpg\" alt=\"\" width=\"800\" height=\"600\" srcset=\"https:\/\/olu-limburg.de\/wp-content\/uploads\/2017\/09\/DSC08989_ergebnis.jpg 800w, https:\/\/olu-limburg.de\/wp-content\/uploads\/2017\/09\/DSC08989_ergebnis-300x225.jpg 300w, https:\/\/olu-limburg.de\/wp-content\/uploads\/2017\/09\/DSC08989_ergebnis-768x576.jpg 768w, https:\/\/olu-limburg.de\/wp-content\/uploads\/2017\/09\/DSC08989_ergebnis-624x468.jpg 624w\" sizes=\"auto, (max-width: 800px) 100vw, 800px\" \/><\/a><\/p>\n<p><a href=\"https:\/\/olu-limburg.de\/wp-content\/uploads\/2017\/09\/20170823_192635_ergebnis-e1507651068518.jpg\"><img loading=\"lazy\" decoding=\"async\" class=\"size-full wp-image-12741 aligncenter\" src=\"https:\/\/olu-limburg.de\/wp-content\/uploads\/2017\/09\/20170823_192635_ergebnis-e1507651068518.jpg\" alt=\"\" width=\"450\" height=\"600\" \/><\/a><\/p>\n<p>Tagesstrecke: 41 km<\/p>\n<p>&nbsp;<\/p>\n<p><strong>Donnerstag, 24. August 2017<\/strong><\/p>\n<p>Unser heutiges Ziel ist Auray. Eigentlich liegt es sehr nah, doch sieht man auf dem Weg dorthin noch so viel. Zuerst bleiben wir bereits an den Dolmen de Crucuno h\u00e4ngen,<\/p>\n<p><a href=\"https:\/\/olu-limburg.de\/wp-content\/uploads\/2017\/09\/P1050470_ergebnis.jpg\"><img loading=\"lazy\" decoding=\"async\" class=\"size-full wp-image-12788 aligncenter\" src=\"https:\/\/olu-limburg.de\/wp-content\/uploads\/2017\/09\/P1050470_ergebnis.jpg\" alt=\"\" width=\"800\" height=\"600\" srcset=\"https:\/\/olu-limburg.de\/wp-content\/uploads\/2017\/09\/P1050470_ergebnis.jpg 800w, https:\/\/olu-limburg.de\/wp-content\/uploads\/2017\/09\/P1050470_ergebnis-300x225.jpg 300w, https:\/\/olu-limburg.de\/wp-content\/uploads\/2017\/09\/P1050470_ergebnis-768x576.jpg 768w, https:\/\/olu-limburg.de\/wp-content\/uploads\/2017\/09\/P1050470_ergebnis-624x468.jpg 624w\" sizes=\"auto, (max-width: 800px) 100vw, 800px\" \/><\/a><\/p>\n<p><a href=\"https:\/\/olu-limburg.de\/wp-content\/uploads\/2017\/09\/P1050471_ergebnis.jpg\"><img loading=\"lazy\" decoding=\"async\" class=\"size-full wp-image-12789 aligncenter\" src=\"https:\/\/olu-limburg.de\/wp-content\/uploads\/2017\/09\/P1050471_ergebnis.jpg\" alt=\"\" width=\"800\" height=\"600\" srcset=\"https:\/\/olu-limburg.de\/wp-content\/uploads\/2017\/09\/P1050471_ergebnis.jpg 800w, https:\/\/olu-limburg.de\/wp-content\/uploads\/2017\/09\/P1050471_ergebnis-300x225.jpg 300w, https:\/\/olu-limburg.de\/wp-content\/uploads\/2017\/09\/P1050471_ergebnis-768x576.jpg 768w, https:\/\/olu-limburg.de\/wp-content\/uploads\/2017\/09\/P1050471_ergebnis-624x468.jpg 624w\" sizes=\"auto, (max-width: 800px) 100vw, 800px\" \/><\/a><\/p>\n<p><a href=\"https:\/\/olu-limburg.de\/wp-content\/uploads\/2017\/09\/DSC08995_ergebnis.jpg\"><img loading=\"lazy\" decoding=\"async\" class=\"size-full wp-image-12746 aligncenter\" src=\"https:\/\/olu-limburg.de\/wp-content\/uploads\/2017\/09\/DSC08995_ergebnis.jpg\" alt=\"\" width=\"800\" height=\"600\" srcset=\"https:\/\/olu-limburg.de\/wp-content\/uploads\/2017\/09\/DSC08995_ergebnis.jpg 800w, https:\/\/olu-limburg.de\/wp-content\/uploads\/2017\/09\/DSC08995_ergebnis-300x225.jpg 300w, https:\/\/olu-limburg.de\/wp-content\/uploads\/2017\/09\/DSC08995_ergebnis-768x576.jpg 768w, https:\/\/olu-limburg.de\/wp-content\/uploads\/2017\/09\/DSC08995_ergebnis-624x468.jpg 624w\" sizes=\"auto, (max-width: 800px) 100vw, 800px\" \/><\/a><\/p>\n<p>und danach nochmals an den Dolmen Man\u00e9 Croc&#8217;h.<\/p>\n<p><a href=\"https:\/\/olu-limburg.de\/wp-content\/uploads\/2017\/09\/DSC08997_ergebnis.jpg\"><img loading=\"lazy\" decoding=\"async\" class=\"size-full wp-image-12747 aligncenter\" src=\"https:\/\/olu-limburg.de\/wp-content\/uploads\/2017\/09\/DSC08997_ergebnis.jpg\" alt=\"\" width=\"800\" height=\"600\" srcset=\"https:\/\/olu-limburg.de\/wp-content\/uploads\/2017\/09\/DSC08997_ergebnis.jpg 800w, https:\/\/olu-limburg.de\/wp-content\/uploads\/2017\/09\/DSC08997_ergebnis-300x225.jpg 300w, https:\/\/olu-limburg.de\/wp-content\/uploads\/2017\/09\/DSC08997_ergebnis-768x576.jpg 768w, https:\/\/olu-limburg.de\/wp-content\/uploads\/2017\/09\/DSC08997_ergebnis-624x468.jpg 624w\" sizes=\"auto, (max-width: 800px) 100vw, 800px\" \/><\/a><\/p>\n<p><a href=\"https:\/\/olu-limburg.de\/wp-content\/uploads\/2017\/09\/DSC08998_ergebnis.jpg\"><img loading=\"lazy\" decoding=\"async\" class=\"size-full wp-image-12748 aligncenter\" src=\"https:\/\/olu-limburg.de\/wp-content\/uploads\/2017\/09\/DSC08998_ergebnis.jpg\" alt=\"\" width=\"800\" height=\"600\" srcset=\"https:\/\/olu-limburg.de\/wp-content\/uploads\/2017\/09\/DSC08998_ergebnis.jpg 800w, https:\/\/olu-limburg.de\/wp-content\/uploads\/2017\/09\/DSC08998_ergebnis-300x225.jpg 300w, https:\/\/olu-limburg.de\/wp-content\/uploads\/2017\/09\/DSC08998_ergebnis-768x576.jpg 768w, https:\/\/olu-limburg.de\/wp-content\/uploads\/2017\/09\/DSC08998_ergebnis-624x468.jpg 624w\" sizes=\"auto, (max-width: 800px) 100vw, 800px\" \/><\/a><\/p>\n<p><a href=\"https:\/\/olu-limburg.de\/wp-content\/uploads\/2017\/09\/P1050480_ergebnis.jpg\"><img loading=\"lazy\" decoding=\"async\" class=\"size-full wp-image-12792 aligncenter\" src=\"https:\/\/olu-limburg.de\/wp-content\/uploads\/2017\/09\/P1050480_ergebnis.jpg\" alt=\"\" width=\"800\" height=\"600\" srcset=\"https:\/\/olu-limburg.de\/wp-content\/uploads\/2017\/09\/P1050480_ergebnis.jpg 800w, https:\/\/olu-limburg.de\/wp-content\/uploads\/2017\/09\/P1050480_ergebnis-300x225.jpg 300w, https:\/\/olu-limburg.de\/wp-content\/uploads\/2017\/09\/P1050480_ergebnis-768x576.jpg 768w, https:\/\/olu-limburg.de\/wp-content\/uploads\/2017\/09\/P1050480_ergebnis-624x468.jpg 624w\" sizes=\"auto, (max-width: 800px) 100vw, 800px\" \/><\/a><\/p>\n<p>Jetzt fahren wir aber schnellstm\u00f6glich nach Auray und orientieren uns nach dem kostenlosen \u00dcbernachtungsplatz im Chemin de Bellevue am Friedhof. Die Ver- und Entsorgung ist mittlerweile abgebaut und mit neuem Stellplatz zum Kulturzentrum Athena verlegt worden. Es ist alles ein wenig wirr. Auf dem Stadtplan ist hier ein Wohnmobil-Stellplatz eingezeichnet. Dort wo die Wohnmobile stehen, und wo f\u00fcr uns kein Platz mehr ist, d\u00fcrfen laut Bodenmarkierung nur Busse parken.<\/p>\n<p>Da wir es nicht weit bis zum alten Hafenviertel Saint-Goustan haben, fahren wir in eine kleine Nachbarstra\u00dfe und gehen runter zum Hafen.<\/p>\n<p><a href=\"https:\/\/olu-limburg.de\/wp-content\/uploads\/2017\/09\/P1050485_ergebnis.jpg\"><img loading=\"lazy\" decoding=\"async\" class=\"size-full wp-image-12795 aligncenter\" src=\"https:\/\/olu-limburg.de\/wp-content\/uploads\/2017\/09\/P1050485_ergebnis.jpg\" alt=\"\" width=\"800\" height=\"600\" srcset=\"https:\/\/olu-limburg.de\/wp-content\/uploads\/2017\/09\/P1050485_ergebnis.jpg 800w, https:\/\/olu-limburg.de\/wp-content\/uploads\/2017\/09\/P1050485_ergebnis-300x225.jpg 300w, https:\/\/olu-limburg.de\/wp-content\/uploads\/2017\/09\/P1050485_ergebnis-768x576.jpg 768w, https:\/\/olu-limburg.de\/wp-content\/uploads\/2017\/09\/P1050485_ergebnis-624x468.jpg 624w\" sizes=\"auto, (max-width: 800px) 100vw, 800px\" \/><\/a><\/p>\n<p><a href=\"https:\/\/olu-limburg.de\/wp-content\/uploads\/2017\/09\/DSC09006_ergebnis.jpg\"><img loading=\"lazy\" decoding=\"async\" class=\"size-full wp-image-12751 aligncenter\" src=\"https:\/\/olu-limburg.de\/wp-content\/uploads\/2017\/09\/DSC09006_ergebnis.jpg\" alt=\"\" width=\"800\" height=\"600\" srcset=\"https:\/\/olu-limburg.de\/wp-content\/uploads\/2017\/09\/DSC09006_ergebnis.jpg 800w, https:\/\/olu-limburg.de\/wp-content\/uploads\/2017\/09\/DSC09006_ergebnis-300x225.jpg 300w, https:\/\/olu-limburg.de\/wp-content\/uploads\/2017\/09\/DSC09006_ergebnis-768x576.jpg 768w, https:\/\/olu-limburg.de\/wp-content\/uploads\/2017\/09\/DSC09006_ergebnis-624x468.jpg 624w\" sizes=\"auto, (max-width: 800px) 100vw, 800px\" \/><\/a><\/p>\n<p>\u00dcberall st\u00f6\u00dft man hier auf den Namen &#8222;Franklin&#8220;. Dies geht auf Benjamin Franklin zur\u00fcck, der am 04.12.1776 hier an Land ging um zu Beginn des US-Befreiungskrieges (1775-1783) mit Frankreich \u00fcber eine Allianz zu verhandeln.<\/p>\n<p><a href=\"https:\/\/olu-limburg.de\/wp-content\/uploads\/2017\/09\/DSC09015_ergebnis.jpg\"><img loading=\"lazy\" decoding=\"async\" class=\"size-full wp-image-12756 aligncenter\" src=\"https:\/\/olu-limburg.de\/wp-content\/uploads\/2017\/09\/DSC09015_ergebnis.jpg\" alt=\"\" width=\"800\" height=\"600\" srcset=\"https:\/\/olu-limburg.de\/wp-content\/uploads\/2017\/09\/DSC09015_ergebnis.jpg 800w, https:\/\/olu-limburg.de\/wp-content\/uploads\/2017\/09\/DSC09015_ergebnis-300x225.jpg 300w, https:\/\/olu-limburg.de\/wp-content\/uploads\/2017\/09\/DSC09015_ergebnis-768x576.jpg 768w, https:\/\/olu-limburg.de\/wp-content\/uploads\/2017\/09\/DSC09015_ergebnis-624x468.jpg 624w\" sizes=\"auto, (max-width: 800px) 100vw, 800px\" \/><\/a><\/p>\n<p>W\u00e4hrend wir hier so in einem Restaurant sitzen, flie\u00dft das Wasser immer mehr und schneller aus der Rade d&#8217;Auray heraus, &#8230;<\/p>\n<p><a href=\"https:\/\/olu-limburg.de\/wp-content\/uploads\/2017\/09\/DSC09016_ergebnis.jpg\"><img loading=\"lazy\" decoding=\"async\" class=\"size-full wp-image-12757 aligncenter\" src=\"https:\/\/olu-limburg.de\/wp-content\/uploads\/2017\/09\/DSC09016_ergebnis.jpg\" alt=\"\" width=\"800\" height=\"600\" srcset=\"https:\/\/olu-limburg.de\/wp-content\/uploads\/2017\/09\/DSC09016_ergebnis.jpg 800w, https:\/\/olu-limburg.de\/wp-content\/uploads\/2017\/09\/DSC09016_ergebnis-300x225.jpg 300w, https:\/\/olu-limburg.de\/wp-content\/uploads\/2017\/09\/DSC09016_ergebnis-768x576.jpg 768w, https:\/\/olu-limburg.de\/wp-content\/uploads\/2017\/09\/DSC09016_ergebnis-624x468.jpg 624w\" sizes=\"auto, (max-width: 800px) 100vw, 800px\" \/><\/a><\/p>\n<p>&#8230; und ein kleines Boot strandet auf einer Sand-(Stein-)bank.<\/p>\n<p><a href=\"https:\/\/olu-limburg.de\/wp-content\/uploads\/2017\/09\/P1050489_ergebnis.jpg\"><img loading=\"lazy\" decoding=\"async\" class=\"size-full wp-image-12797 aligncenter\" src=\"https:\/\/olu-limburg.de\/wp-content\/uploads\/2017\/09\/P1050489_ergebnis.jpg\" alt=\"\" width=\"800\" height=\"600\" srcset=\"https:\/\/olu-limburg.de\/wp-content\/uploads\/2017\/09\/P1050489_ergebnis.jpg 800w, https:\/\/olu-limburg.de\/wp-content\/uploads\/2017\/09\/P1050489_ergebnis-300x225.jpg 300w, https:\/\/olu-limburg.de\/wp-content\/uploads\/2017\/09\/P1050489_ergebnis-768x576.jpg 768w, https:\/\/olu-limburg.de\/wp-content\/uploads\/2017\/09\/P1050489_ergebnis-624x468.jpg 624w\" sizes=\"auto, (max-width: 800px) 100vw, 800px\" \/><\/a><\/p>\n<p><strong>Aperitif:<\/strong><\/p>\n<div id=\"attachment_12755\" style=\"width: 460px\" class=\"wp-caption aligncenter\"><a href=\"https:\/\/olu-limburg.de\/wp-content\/uploads\/2017\/09\/DSC09014_ergebnis-e1507668328992.jpg\"><img loading=\"lazy\" decoding=\"async\" aria-describedby=\"caption-attachment-12755\" class=\"size-full wp-image-12755\" src=\"https:\/\/olu-limburg.de\/wp-content\/uploads\/2017\/09\/DSC09014_ergebnis-e1507668328992.jpg\" alt=\"\" width=\"450\" height=\"600\" \/><\/a><p id=\"caption-attachment-12755\" class=\"wp-caption-text\">Kir breton<\/p><\/div>\n<p>Wir haben aber ein sensationelles Restaurant gefunden und k\u00f6nnen f\u00fcr EUR 18,50 ein genau so gutes Men\u00fc essen! Dazu trinken wir einen offenen Sauvignan blanc.<\/p>\n<p><strong>Vorspeise:<\/strong><\/p>\n<div id=\"attachment_12759\" style=\"width: 810px\" class=\"wp-caption aligncenter\"><a href=\"https:\/\/olu-limburg.de\/wp-content\/uploads\/2017\/09\/DSC09018_ergebnis.jpg\"><img loading=\"lazy\" decoding=\"async\" aria-describedby=\"caption-attachment-12759\" class=\"wp-image-12759 size-full\" src=\"https:\/\/olu-limburg.de\/wp-content\/uploads\/2017\/09\/DSC09018_ergebnis.jpg\" alt=\"\" width=\"800\" height=\"600\" srcset=\"https:\/\/olu-limburg.de\/wp-content\/uploads\/2017\/09\/DSC09018_ergebnis.jpg 800w, https:\/\/olu-limburg.de\/wp-content\/uploads\/2017\/09\/DSC09018_ergebnis-300x225.jpg 300w, https:\/\/olu-limburg.de\/wp-content\/uploads\/2017\/09\/DSC09018_ergebnis-768x576.jpg 768w, https:\/\/olu-limburg.de\/wp-content\/uploads\/2017\/09\/DSC09018_ergebnis-624x468.jpg 624w\" sizes=\"auto, (max-width: 800px) 100vw, 800px\" \/><\/a><p id=\"caption-attachment-12759\" class=\"wp-caption-text\">R\u00e9moulade de morlu et haddock, pain grill\u00e9 et mesclun<\/p><\/div>\n<div id=\"attachment_12758\" style=\"width: 810px\" class=\"wp-caption aligncenter\"><a href=\"https:\/\/olu-limburg.de\/wp-content\/uploads\/2017\/09\/DSC09017_ergebnis.jpg\"><img loading=\"lazy\" decoding=\"async\" aria-describedby=\"caption-attachment-12758\" class=\"wp-image-12758 size-full\" src=\"https:\/\/olu-limburg.de\/wp-content\/uploads\/2017\/09\/DSC09017_ergebnis.jpg\" alt=\"\" width=\"800\" height=\"600\" srcset=\"https:\/\/olu-limburg.de\/wp-content\/uploads\/2017\/09\/DSC09017_ergebnis.jpg 800w, https:\/\/olu-limburg.de\/wp-content\/uploads\/2017\/09\/DSC09017_ergebnis-300x225.jpg 300w, https:\/\/olu-limburg.de\/wp-content\/uploads\/2017\/09\/DSC09017_ergebnis-768x576.jpg 768w, https:\/\/olu-limburg.de\/wp-content\/uploads\/2017\/09\/DSC09017_ergebnis-624x468.jpg 624w\" sizes=\"auto, (max-width: 800px) 100vw, 800px\" \/><\/a><p id=\"caption-attachment-12758\" class=\"wp-caption-text\">Croustillant de Trappe de Timadeuc au caramel au beurre sal\u00e9 (Fromage de vache breton)<\/p><\/div>\n<p><strong>Hauptspeise:<\/strong><\/p>\n<div id=\"attachment_12760\" style=\"width: 810px\" class=\"wp-caption aligncenter\"><a href=\"https:\/\/olu-limburg.de\/wp-content\/uploads\/2017\/09\/DSC09019_ergebnis.jpg\"><img loading=\"lazy\" decoding=\"async\" aria-describedby=\"caption-attachment-12760\" class=\"wp-image-12760 size-full\" src=\"https:\/\/olu-limburg.de\/wp-content\/uploads\/2017\/09\/DSC09019_ergebnis.jpg\" alt=\"\" width=\"800\" height=\"600\" srcset=\"https:\/\/olu-limburg.de\/wp-content\/uploads\/2017\/09\/DSC09019_ergebnis.jpg 800w, https:\/\/olu-limburg.de\/wp-content\/uploads\/2017\/09\/DSC09019_ergebnis-300x225.jpg 300w, https:\/\/olu-limburg.de\/wp-content\/uploads\/2017\/09\/DSC09019_ergebnis-768x576.jpg 768w, https:\/\/olu-limburg.de\/wp-content\/uploads\/2017\/09\/DSC09019_ergebnis-624x468.jpg 624w\" sizes=\"auto, (max-width: 800px) 100vw, 800px\" \/><\/a><p id=\"caption-attachment-12760\" class=\"wp-caption-text\">Minute de Cabillaud,celerisotto au jus de Coquillages<\/p><\/div>\n<div id=\"attachment_12785\" style=\"width: 810px\" class=\"wp-caption aligncenter\"><a href=\"https:\/\/olu-limburg.de\/wp-content\/uploads\/2017\/09\/20170824_125310_ergebnis.jpg\"><img loading=\"lazy\" decoding=\"async\" aria-describedby=\"caption-attachment-12785\" class=\"wp-image-12785 size-full\" src=\"https:\/\/olu-limburg.de\/wp-content\/uploads\/2017\/09\/20170824_125310_ergebnis.jpg\" alt=\"\" width=\"800\" height=\"600\" srcset=\"https:\/\/olu-limburg.de\/wp-content\/uploads\/2017\/09\/20170824_125310_ergebnis.jpg 800w, https:\/\/olu-limburg.de\/wp-content\/uploads\/2017\/09\/20170824_125310_ergebnis-300x225.jpg 300w, https:\/\/olu-limburg.de\/wp-content\/uploads\/2017\/09\/20170824_125310_ergebnis-768x576.jpg 768w, https:\/\/olu-limburg.de\/wp-content\/uploads\/2017\/09\/20170824_125310_ergebnis-624x468.jpg 624w\" sizes=\"auto, (max-width: 800px) 100vw, 800px\" \/><\/a><p id=\"caption-attachment-12785\" class=\"wp-caption-text\">Carpaggio de boeuf et ses capraverde parmesan<\/p><\/div>\n<p><strong>Dessert:<\/strong><\/p>\n<div id=\"attachment_12786\" style=\"width: 810px\" class=\"wp-caption aligncenter\"><a href=\"https:\/\/olu-limburg.de\/wp-content\/uploads\/2017\/09\/20170824_132139_ergebnis.jpg\"><img loading=\"lazy\" decoding=\"async\" aria-describedby=\"caption-attachment-12786\" class=\"wp-image-12786 size-full\" src=\"https:\/\/olu-limburg.de\/wp-content\/uploads\/2017\/09\/20170824_132139_ergebnis.jpg\" alt=\"\" width=\"800\" height=\"600\" srcset=\"https:\/\/olu-limburg.de\/wp-content\/uploads\/2017\/09\/20170824_132139_ergebnis.jpg 800w, https:\/\/olu-limburg.de\/wp-content\/uploads\/2017\/09\/20170824_132139_ergebnis-300x225.jpg 300w, https:\/\/olu-limburg.de\/wp-content\/uploads\/2017\/09\/20170824_132139_ergebnis-768x576.jpg 768w, https:\/\/olu-limburg.de\/wp-content\/uploads\/2017\/09\/20170824_132139_ergebnis-624x468.jpg 624w\" sizes=\"auto, (max-width: 800px) 100vw, 800px\" \/><\/a><p id=\"caption-attachment-12786\" class=\"wp-caption-text\">Kovign amann et sa boule de glace au caramel au beurre sal\u00e9<\/p><\/div>\n<div id=\"attachment_12787\" style=\"width: 810px\" class=\"wp-caption aligncenter\"><a href=\"https:\/\/olu-limburg.de\/wp-content\/uploads\/2017\/09\/20170824_132533_ergebnis.jpg\"><img loading=\"lazy\" decoding=\"async\" aria-describedby=\"caption-attachment-12787\" class=\"wp-image-12787 size-full\" src=\"https:\/\/olu-limburg.de\/wp-content\/uploads\/2017\/09\/20170824_132533_ergebnis.jpg\" alt=\"\" width=\"800\" height=\"600\" srcset=\"https:\/\/olu-limburg.de\/wp-content\/uploads\/2017\/09\/20170824_132533_ergebnis.jpg 800w, https:\/\/olu-limburg.de\/wp-content\/uploads\/2017\/09\/20170824_132533_ergebnis-300x225.jpg 300w, https:\/\/olu-limburg.de\/wp-content\/uploads\/2017\/09\/20170824_132533_ergebnis-768x576.jpg 768w, https:\/\/olu-limburg.de\/wp-content\/uploads\/2017\/09\/20170824_132533_ergebnis-624x468.jpg 624w\" sizes=\"auto, (max-width: 800px) 100vw, 800px\" \/><\/a><p id=\"caption-attachment-12787\" class=\"wp-caption-text\">Deux boules des glaces (Cassis et Menthe)<\/p><\/div>\n<p>Dass wir jetzt noch auf die andere Flussseite und durch Auray laufen wollen, k\u00f6nnen die einen als Verdauungsspaziergang, und die anderen als Bl\u00f6dsinn betrachten.<\/p>\n<p><a href=\"https:\/\/olu-limburg.de\/wp-content\/uploads\/2017\/09\/DSC09026_ergebnis.jpg\"><img loading=\"lazy\" decoding=\"async\" class=\"size-full wp-image-12767 aligncenter\" src=\"https:\/\/olu-limburg.de\/wp-content\/uploads\/2017\/09\/DSC09026_ergebnis.jpg\" alt=\"\" width=\"800\" height=\"600\" srcset=\"https:\/\/olu-limburg.de\/wp-content\/uploads\/2017\/09\/DSC09026_ergebnis.jpg 800w, https:\/\/olu-limburg.de\/wp-content\/uploads\/2017\/09\/DSC09026_ergebnis-300x225.jpg 300w, https:\/\/olu-limburg.de\/wp-content\/uploads\/2017\/09\/DSC09026_ergebnis-768x576.jpg 768w, https:\/\/olu-limburg.de\/wp-content\/uploads\/2017\/09\/DSC09026_ergebnis-624x468.jpg 624w\" sizes=\"auto, (max-width: 800px) 100vw, 800px\" \/><\/a><\/p>\n<p><a href=\"https:\/\/olu-limburg.de\/wp-content\/uploads\/2017\/09\/DSC09030_ergebnis.jpg\"><img loading=\"lazy\" decoding=\"async\" class=\"alignnone size-full wp-image-12769\" src=\"https:\/\/olu-limburg.de\/wp-content\/uploads\/2017\/09\/DSC09030_ergebnis.jpg\" alt=\"\" width=\"800\" height=\"600\" srcset=\"https:\/\/olu-limburg.de\/wp-content\/uploads\/2017\/09\/DSC09030_ergebnis.jpg 800w, https:\/\/olu-limburg.de\/wp-content\/uploads\/2017\/09\/DSC09030_ergebnis-300x225.jpg 300w, https:\/\/olu-limburg.de\/wp-content\/uploads\/2017\/09\/DSC09030_ergebnis-768x576.jpg 768w, https:\/\/olu-limburg.de\/wp-content\/uploads\/2017\/09\/DSC09030_ergebnis-624x468.jpg 624w\" sizes=\"auto, (max-width: 800px) 100vw, 800px\" \/><\/a><\/p>\n<p><a href=\"https:\/\/olu-limburg.de\/wp-content\/uploads\/2017\/09\/DSC09038_ergebnis.jpg\"><img loading=\"lazy\" decoding=\"async\" class=\"size-full wp-image-12771 aligncenter\" src=\"https:\/\/olu-limburg.de\/wp-content\/uploads\/2017\/09\/DSC09038_ergebnis.jpg\" alt=\"\" width=\"800\" height=\"600\" srcset=\"https:\/\/olu-limburg.de\/wp-content\/uploads\/2017\/09\/DSC09038_ergebnis.jpg 800w, https:\/\/olu-limburg.de\/wp-content\/uploads\/2017\/09\/DSC09038_ergebnis-300x225.jpg 300w, https:\/\/olu-limburg.de\/wp-content\/uploads\/2017\/09\/DSC09038_ergebnis-768x576.jpg 768w, https:\/\/olu-limburg.de\/wp-content\/uploads\/2017\/09\/DSC09038_ergebnis-624x468.jpg 624w\" sizes=\"auto, (max-width: 800px) 100vw, 800px\" \/><\/a><\/p>\n<p><a href=\"https:\/\/olu-limburg.de\/wp-content\/uploads\/2017\/09\/P1050493_ergebnis-e1507669830869.jpg\"><img loading=\"lazy\" decoding=\"async\" class=\"size-full wp-image-12801 alignleft\" src=\"https:\/\/olu-limburg.de\/wp-content\/uploads\/2017\/09\/P1050493_ergebnis-e1507669830869.jpg\" alt=\"\" width=\"450\" height=\"600\" \/><\/a><\/p>\n<p><a href=\"https:\/\/olu-limburg.de\/wp-content\/uploads\/2017\/09\/P1050495_ergebnis-e1507669851967.jpg\"><img loading=\"lazy\" decoding=\"async\" class=\"size-full wp-image-12802 alignright\" src=\"https:\/\/olu-limburg.de\/wp-content\/uploads\/2017\/09\/P1050495_ergebnis-e1507669851967.jpg\" alt=\"\" width=\"450\" height=\"600\" \/><\/a><\/p>\n<p><a href=\"https:\/\/olu-limburg.de\/wp-content\/uploads\/2017\/09\/P1050492_ergebnis.jpg\"><img loading=\"lazy\" decoding=\"async\" class=\"size-full wp-image-12800 aligncenter\" src=\"https:\/\/olu-limburg.de\/wp-content\/uploads\/2017\/09\/P1050492_ergebnis.jpg\" alt=\"\" width=\"800\" height=\"600\" srcset=\"https:\/\/olu-limburg.de\/wp-content\/uploads\/2017\/09\/P1050492_ergebnis.jpg 800w, https:\/\/olu-limburg.de\/wp-content\/uploads\/2017\/09\/P1050492_ergebnis-300x225.jpg 300w, https:\/\/olu-limburg.de\/wp-content\/uploads\/2017\/09\/P1050492_ergebnis-768x576.jpg 768w, https:\/\/olu-limburg.de\/wp-content\/uploads\/2017\/09\/P1050492_ergebnis-624x468.jpg 624w\" sizes=\"auto, (max-width: 800px) 100vw, 800px\" \/><\/a><\/p>\n<p><a href=\"https:\/\/olu-limburg.de\/wp-content\/uploads\/2017\/09\/P1050504_ergebnis.jpg\"><img loading=\"lazy\" decoding=\"async\" class=\"size-full wp-image-12804 aligncenter\" src=\"https:\/\/olu-limburg.de\/wp-content\/uploads\/2017\/09\/P1050504_ergebnis.jpg\" alt=\"\" width=\"800\" height=\"600\" srcset=\"https:\/\/olu-limburg.de\/wp-content\/uploads\/2017\/09\/P1050504_ergebnis.jpg 800w, https:\/\/olu-limburg.de\/wp-content\/uploads\/2017\/09\/P1050504_ergebnis-300x225.jpg 300w, https:\/\/olu-limburg.de\/wp-content\/uploads\/2017\/09\/P1050504_ergebnis-768x576.jpg 768w, https:\/\/olu-limburg.de\/wp-content\/uploads\/2017\/09\/P1050504_ergebnis-624x468.jpg 624w\" sizes=\"auto, (max-width: 800px) 100vw, 800px\" \/><\/a><\/p>\n<p><a href=\"https:\/\/olu-limburg.de\/wp-content\/uploads\/2017\/09\/DSC09048_ergebnis.jpg\"><img loading=\"lazy\" decoding=\"async\" class=\"size-full wp-image-12774 aligncenter\" src=\"https:\/\/olu-limburg.de\/wp-content\/uploads\/2017\/09\/DSC09048_ergebnis.jpg\" alt=\"\" width=\"800\" height=\"600\" srcset=\"https:\/\/olu-limburg.de\/wp-content\/uploads\/2017\/09\/DSC09048_ergebnis.jpg 800w, https:\/\/olu-limburg.de\/wp-content\/uploads\/2017\/09\/DSC09048_ergebnis-300x225.jpg 300w, https:\/\/olu-limburg.de\/wp-content\/uploads\/2017\/09\/DSC09048_ergebnis-768x576.jpg 768w, https:\/\/olu-limburg.de\/wp-content\/uploads\/2017\/09\/DSC09048_ergebnis-624x468.jpg 624w\" sizes=\"auto, (max-width: 800px) 100vw, 800px\" \/><\/a><\/p>\n<p><a href=\"https:\/\/olu-limburg.de\/wp-content\/uploads\/2017\/09\/P1050508_ergebnis-e1507669929707.jpg\"><img loading=\"lazy\" decoding=\"async\" class=\"size-full wp-image-12805 aligncenter\" src=\"https:\/\/olu-limburg.de\/wp-content\/uploads\/2017\/09\/P1050508_ergebnis-e1507669929707.jpg\" alt=\"\" width=\"450\" height=\"600\" \/><\/a><\/p>\n<p><a href=\"https:\/\/olu-limburg.de\/wp-content\/uploads\/2017\/09\/P1050515_ergebnis.jpg\"><img loading=\"lazy\" decoding=\"async\" class=\"size-full wp-image-12808 aligncenter\" src=\"https:\/\/olu-limburg.de\/wp-content\/uploads\/2017\/09\/P1050515_ergebnis.jpg\" alt=\"\" width=\"800\" height=\"600\" srcset=\"https:\/\/olu-limburg.de\/wp-content\/uploads\/2017\/09\/P1050515_ergebnis.jpg 800w, https:\/\/olu-limburg.de\/wp-content\/uploads\/2017\/09\/P1050515_ergebnis-300x225.jpg 300w, https:\/\/olu-limburg.de\/wp-content\/uploads\/2017\/09\/P1050515_ergebnis-768x576.jpg 768w, https:\/\/olu-limburg.de\/wp-content\/uploads\/2017\/09\/P1050515_ergebnis-624x468.jpg 624w\" sizes=\"auto, (max-width: 800px) 100vw, 800px\" \/><\/a><\/p>\n<p>Nachdem wir auf der anderen Flu\u00dfseite auch noch den Fu\u00dfweg \u00fcber die Rue de Chateau bis hoch zum Ortskern von Auray erklommen und eine Erkundungsrunde hinter uns gebracht haben. Zieht es uns zur Siesta wieder zu unserem Wohnmobil. Das hei\u00dft, in Auray wieder runter und in Saint-Goustan wieder rauf.<\/p>\n<p>Oben angekommen, sehen wir, dass bei den Wohnmobilen Pl\u00e4tze frei geworden sind. Ich parke schnell um, und unser \u00dcbernachtungsplatz f\u00fcr heute steht fest.<\/p>\n<p><a href=\"https:\/\/olu-limburg.de\/wp-content\/uploads\/2017\/09\/DSC09067_ergebnis.jpg\"><img loading=\"lazy\" decoding=\"async\" class=\"alignnone size-full wp-image-12783\" src=\"https:\/\/olu-limburg.de\/wp-content\/uploads\/2017\/09\/DSC09067_ergebnis.jpg\" alt=\"\" width=\"800\" height=\"600\" srcset=\"https:\/\/olu-limburg.de\/wp-content\/uploads\/2017\/09\/DSC09067_ergebnis.jpg 800w, https:\/\/olu-limburg.de\/wp-content\/uploads\/2017\/09\/DSC09067_ergebnis-300x225.jpg 300w, https:\/\/olu-limburg.de\/wp-content\/uploads\/2017\/09\/DSC09067_ergebnis-768x576.jpg 768w, https:\/\/olu-limburg.de\/wp-content\/uploads\/2017\/09\/DSC09067_ergebnis-624x468.jpg 624w\" sizes=\"auto, (max-width: 800px) 100vw, 800px\" \/><\/a><\/p>\n<p>Wir haben uns f\u00fcr heute bestimmt noch nicht genug bewegt, sonst w\u00fcrde es uns am Abend nicht schon wieder in den Hafen ziehen, dort soll es ein Konzert geben. Es war klein, aber fein, wahrscheinlich eine Sch\u00fcler-Band.<\/p>\n<p><a href=\"https:\/\/olu-limburg.de\/wp-content\/uploads\/2017\/09\/DSC09056_ergebnis.jpg\"><img loading=\"lazy\" decoding=\"async\" class=\"size-full wp-image-12779 aligncenter\" src=\"https:\/\/olu-limburg.de\/wp-content\/uploads\/2017\/09\/DSC09056_ergebnis.jpg\" alt=\"\" width=\"800\" height=\"600\" srcset=\"https:\/\/olu-limburg.de\/wp-content\/uploads\/2017\/09\/DSC09056_ergebnis.jpg 800w, https:\/\/olu-limburg.de\/wp-content\/uploads\/2017\/09\/DSC09056_ergebnis-300x225.jpg 300w, https:\/\/olu-limburg.de\/wp-content\/uploads\/2017\/09\/DSC09056_ergebnis-768x576.jpg 768w, https:\/\/olu-limburg.de\/wp-content\/uploads\/2017\/09\/DSC09056_ergebnis-624x468.jpg 624w\" sizes=\"auto, (max-width: 800px) 100vw, 800px\" \/><\/a><\/p>\n<p><a href=\"https:\/\/olu-limburg.de\/wp-content\/uploads\/2017\/09\/DSC09057_ergebnis.jpg\"><img loading=\"lazy\" decoding=\"async\" class=\"size-full wp-image-12780 aligncenter\" src=\"https:\/\/olu-limburg.de\/wp-content\/uploads\/2017\/09\/DSC09057_ergebnis.jpg\" alt=\"\" width=\"800\" height=\"600\" srcset=\"https:\/\/olu-limburg.de\/wp-content\/uploads\/2017\/09\/DSC09057_ergebnis.jpg 800w, https:\/\/olu-limburg.de\/wp-content\/uploads\/2017\/09\/DSC09057_ergebnis-300x225.jpg 300w, https:\/\/olu-limburg.de\/wp-content\/uploads\/2017\/09\/DSC09057_ergebnis-768x576.jpg 768w, https:\/\/olu-limburg.de\/wp-content\/uploads\/2017\/09\/DSC09057_ergebnis-624x468.jpg 624w\" sizes=\"auto, (max-width: 800px) 100vw, 800px\" \/><\/a><\/p>\n<div id=\"attachment_12781\" style=\"width: 460px\" class=\"wp-caption aligncenter\"><a href=\"https:\/\/olu-limburg.de\/wp-content\/uploads\/2017\/09\/DSC09058_ergebnis-e1507670153809.jpg\"><img loading=\"lazy\" decoding=\"async\" aria-describedby=\"caption-attachment-12781\" class=\"size-full wp-image-12781\" src=\"https:\/\/olu-limburg.de\/wp-content\/uploads\/2017\/09\/DSC09058_ergebnis-e1507670153809.jpg\" alt=\"\" width=\"450\" height=\"600\" \/><\/a><p id=\"caption-attachment-12781\" class=\"wp-caption-text\">Rue du Petit Port<\/p><\/div>\n<p>Tagesstrecke: 23 km<\/p>\n<p>&nbsp;<\/p>\n<p><strong>Freitag, 25. August 2017<\/strong><\/p>\n<p>Die Nacht am Friedhof war richtig ruhig, und nach dem Fr\u00fchst\u00fcck fahren wir zu dem Stellplatz mit V+E von Damgan-Kervoyal am Bd. de l&#8217;Ocean bzw. Atalante (bretonisch?). Der Platz wurde vergr\u00f6\u00dfert und mit einem neuen Schrankensystem ausgestattet. Au\u00dferdem kostet er jetzt die 1. + 2. Nacht EUR 9,50; 3. &#8211; 7. Nacht\u00a0 EUR 12,50. Die Stellpl\u00e4tze sind auch neuerdings markiert.<\/p>\n<p><a href=\"https:\/\/olu-limburg.de\/wp-content\/uploads\/2017\/09\/DSC09069_ergebnis.jpg\"><img loading=\"lazy\" decoding=\"async\" class=\"size-full wp-image-12815 aligncenter\" src=\"https:\/\/olu-limburg.de\/wp-content\/uploads\/2017\/09\/DSC09069_ergebnis.jpg\" alt=\"\" width=\"800\" height=\"600\" srcset=\"https:\/\/olu-limburg.de\/wp-content\/uploads\/2017\/09\/DSC09069_ergebnis.jpg 800w, https:\/\/olu-limburg.de\/wp-content\/uploads\/2017\/09\/DSC09069_ergebnis-300x225.jpg 300w, https:\/\/olu-limburg.de\/wp-content\/uploads\/2017\/09\/DSC09069_ergebnis-768x576.jpg 768w, https:\/\/olu-limburg.de\/wp-content\/uploads\/2017\/09\/DSC09069_ergebnis-624x468.jpg 624w\" sizes=\"auto, (max-width: 800px) 100vw, 800px\" \/><\/a><\/p>\n<div id=\"attachment_12814\" style=\"width: 810px\" class=\"wp-caption aligncenter\"><a href=\"https:\/\/olu-limburg.de\/wp-content\/uploads\/2017\/09\/DSC09068_ergebnis.jpg\"><img loading=\"lazy\" decoding=\"async\" aria-describedby=\"caption-attachment-12814\" class=\"wp-image-12814 size-full\" src=\"https:\/\/olu-limburg.de\/wp-content\/uploads\/2017\/09\/DSC09068_ergebnis.jpg\" alt=\"\" width=\"800\" height=\"600\" srcset=\"https:\/\/olu-limburg.de\/wp-content\/uploads\/2017\/09\/DSC09068_ergebnis.jpg 800w, https:\/\/olu-limburg.de\/wp-content\/uploads\/2017\/09\/DSC09068_ergebnis-300x225.jpg 300w, https:\/\/olu-limburg.de\/wp-content\/uploads\/2017\/09\/DSC09068_ergebnis-768x576.jpg 768w, https:\/\/olu-limburg.de\/wp-content\/uploads\/2017\/09\/DSC09068_ergebnis-624x468.jpg 624w\" sizes=\"auto, (max-width: 800px) 100vw, 800px\" \/><\/a><p id=\"caption-attachment-12814\" class=\"wp-caption-text\">ein erster Blick \u00fcber die D\u00fcne<\/p><\/div>\n<p>Mit den R\u00e4dern machen wir eine kleine Tour nach Damgan hinein. Dort hat sich nichts ver\u00e4ndert. Auf meinen Wunsch hin darf es heute Mittag auch mal wieder Pizza sein.<\/p>\n<p>Am Nachmittag gehen wir an den Strand. Wir haben uns extra noch eine gr\u00f6\u00dfere Menge Meersalz gekauft, und wollen damit die Stabmuscheln aus ihren L\u00f6chern im Sand locken. Das soll tats\u00e4chlich funktionieren. Wir haben es im Fernsehen und in echt schon gesehen. Leider haben wir kein Gl\u00fcck. Entscheiden wir uns eben f\u00fcrs Schwimmen.<\/p>\n<div id=\"attachment_12833\" style=\"width: 810px\" class=\"wp-caption aligncenter\"><a href=\"https:\/\/olu-limburg.de\/wp-content\/uploads\/2017\/09\/20170825_160100_ergebnis.jpg\"><img loading=\"lazy\" decoding=\"async\" aria-describedby=\"caption-attachment-12833\" class=\"size-full wp-image-12833\" src=\"https:\/\/olu-limburg.de\/wp-content\/uploads\/2017\/09\/20170825_160100_ergebnis.jpg\" alt=\"\" width=\"800\" height=\"600\" srcset=\"https:\/\/olu-limburg.de\/wp-content\/uploads\/2017\/09\/20170825_160100_ergebnis.jpg 800w, https:\/\/olu-limburg.de\/wp-content\/uploads\/2017\/09\/20170825_160100_ergebnis-300x225.jpg 300w, https:\/\/olu-limburg.de\/wp-content\/uploads\/2017\/09\/20170825_160100_ergebnis-768x576.jpg 768w, https:\/\/olu-limburg.de\/wp-content\/uploads\/2017\/09\/20170825_160100_ergebnis-624x468.jpg 624w\" sizes=\"auto, (max-width: 800px) 100vw, 800px\" \/><\/a><p id=\"caption-attachment-12833\" class=\"wp-caption-text\">gemeinsames Stillleben statt Muschelerfolg<\/p><\/div>\n<p>Gegen Abend unternehmen wir noch mal eine Radtour immer an der Strandpromenade entlang zum Port de Penerf. Logischerweise machen wir dort eine kleine Austern-Verkostung. Direkt vom Vivier sind sie am frischesten.<\/p>\n<p><a href=\"https:\/\/olu-limburg.de\/wp-content\/uploads\/2017\/09\/DSC09082_ergebnis.jpg\"><img loading=\"lazy\" decoding=\"async\" class=\"size-full wp-image-12817 aligncenter\" src=\"https:\/\/olu-limburg.de\/wp-content\/uploads\/2017\/09\/DSC09082_ergebnis.jpg\" alt=\"\" width=\"800\" height=\"600\" srcset=\"https:\/\/olu-limburg.de\/wp-content\/uploads\/2017\/09\/DSC09082_ergebnis.jpg 800w, https:\/\/olu-limburg.de\/wp-content\/uploads\/2017\/09\/DSC09082_ergebnis-300x225.jpg 300w, https:\/\/olu-limburg.de\/wp-content\/uploads\/2017\/09\/DSC09082_ergebnis-768x576.jpg 768w, https:\/\/olu-limburg.de\/wp-content\/uploads\/2017\/09\/DSC09082_ergebnis-624x468.jpg 624w\" sizes=\"auto, (max-width: 800px) 100vw, 800px\" \/><\/a><\/p>\n<p><a href=\"https:\/\/olu-limburg.de\/wp-content\/uploads\/2017\/09\/DSC09084_ergebnis.jpg\"><img loading=\"lazy\" decoding=\"async\" class=\"size-full wp-image-12819 aligncenter\" src=\"https:\/\/olu-limburg.de\/wp-content\/uploads\/2017\/09\/DSC09084_ergebnis.jpg\" alt=\"\" width=\"800\" height=\"600\" srcset=\"https:\/\/olu-limburg.de\/wp-content\/uploads\/2017\/09\/DSC09084_ergebnis.jpg 800w, https:\/\/olu-limburg.de\/wp-content\/uploads\/2017\/09\/DSC09084_ergebnis-300x225.jpg 300w, https:\/\/olu-limburg.de\/wp-content\/uploads\/2017\/09\/DSC09084_ergebnis-768x576.jpg 768w, https:\/\/olu-limburg.de\/wp-content\/uploads\/2017\/09\/DSC09084_ergebnis-624x468.jpg 624w\" sizes=\"auto, (max-width: 800px) 100vw, 800px\" \/><\/a><\/p>\n<div id=\"attachment_12818\" style=\"width: 810px\" class=\"wp-caption aligncenter\"><a href=\"https:\/\/olu-limburg.de\/wp-content\/uploads\/2017\/09\/DSC09083_ergebnis.jpg\"><img loading=\"lazy\" decoding=\"async\" aria-describedby=\"caption-attachment-12818\" class=\"size-full wp-image-12818\" src=\"https:\/\/olu-limburg.de\/wp-content\/uploads\/2017\/09\/DSC09083_ergebnis.jpg\" alt=\"\" width=\"800\" height=\"600\" srcset=\"https:\/\/olu-limburg.de\/wp-content\/uploads\/2017\/09\/DSC09083_ergebnis.jpg 800w, https:\/\/olu-limburg.de\/wp-content\/uploads\/2017\/09\/DSC09083_ergebnis-300x225.jpg 300w, https:\/\/olu-limburg.de\/wp-content\/uploads\/2017\/09\/DSC09083_ergebnis-768x576.jpg 768w, https:\/\/olu-limburg.de\/wp-content\/uploads\/2017\/09\/DSC09083_ergebnis-624x468.jpg 624w\" sizes=\"auto, (max-width: 800px) 100vw, 800px\" \/><\/a><p id=\"caption-attachment-12818\" class=\"wp-caption-text\">kleine F\u00e4hre zur anderen Seite der Rade<\/p><\/div>\n<p><a href=\"https:\/\/olu-limburg.de\/wp-content\/uploads\/2017\/09\/DSC09078_ergebnis.jpg\"><img loading=\"lazy\" decoding=\"async\" class=\"size-full wp-image-12816 aligncenter\" src=\"https:\/\/olu-limburg.de\/wp-content\/uploads\/2017\/09\/DSC09078_ergebnis.jpg\" alt=\"\" width=\"800\" height=\"600\" srcset=\"https:\/\/olu-limburg.de\/wp-content\/uploads\/2017\/09\/DSC09078_ergebnis.jpg 800w, https:\/\/olu-limburg.de\/wp-content\/uploads\/2017\/09\/DSC09078_ergebnis-300x225.jpg 300w, https:\/\/olu-limburg.de\/wp-content\/uploads\/2017\/09\/DSC09078_ergebnis-768x576.jpg 768w, https:\/\/olu-limburg.de\/wp-content\/uploads\/2017\/09\/DSC09078_ergebnis-624x468.jpg 624w\" sizes=\"auto, (max-width: 800px) 100vw, 800px\" \/><\/a><\/p>\n<p><a href=\"https:\/\/olu-limburg.de\/wp-content\/uploads\/2017\/09\/20170825_182024_ergebnis.jpg\"><img loading=\"lazy\" decoding=\"async\" class=\"size-full wp-image-12828 aligncenter\" src=\"https:\/\/olu-limburg.de\/wp-content\/uploads\/2017\/09\/20170825_182024_ergebnis.jpg\" alt=\"\" width=\"800\" height=\"600\" srcset=\"https:\/\/olu-limburg.de\/wp-content\/uploads\/2017\/09\/20170825_182024_ergebnis.jpg 800w, https:\/\/olu-limburg.de\/wp-content\/uploads\/2017\/09\/20170825_182024_ergebnis-300x225.jpg 300w, https:\/\/olu-limburg.de\/wp-content\/uploads\/2017\/09\/20170825_182024_ergebnis-768x576.jpg 768w, https:\/\/olu-limburg.de\/wp-content\/uploads\/2017\/09\/20170825_182024_ergebnis-624x468.jpg 624w\" sizes=\"auto, (max-width: 800px) 100vw, 800px\" \/><\/a><\/p>\n<p><a href=\"https:\/\/olu-limburg.de\/wp-content\/uploads\/2017\/09\/20170825_182125_ergebnis.jpg\"><img loading=\"lazy\" decoding=\"async\" class=\"size-full wp-image-12829 aligncenter\" src=\"https:\/\/olu-limburg.de\/wp-content\/uploads\/2017\/09\/20170825_182125_ergebnis.jpg\" alt=\"\" width=\"800\" height=\"600\" srcset=\"https:\/\/olu-limburg.de\/wp-content\/uploads\/2017\/09\/20170825_182125_ergebnis.jpg 800w, https:\/\/olu-limburg.de\/wp-content\/uploads\/2017\/09\/20170825_182125_ergebnis-300x225.jpg 300w, https:\/\/olu-limburg.de\/wp-content\/uploads\/2017\/09\/20170825_182125_ergebnis-768x576.jpg 768w, https:\/\/olu-limburg.de\/wp-content\/uploads\/2017\/09\/20170825_182125_ergebnis-624x468.jpg 624w\" sizes=\"auto, (max-width: 800px) 100vw, 800px\" \/><\/a><\/p>\n<p><a href=\"https:\/\/olu-limburg.de\/wp-content\/uploads\/2017\/09\/DSC09089_ergebnis.jpg\"><img loading=\"lazy\" decoding=\"async\" class=\"size-full wp-image-12820 aligncenter\" src=\"https:\/\/olu-limburg.de\/wp-content\/uploads\/2017\/09\/DSC09089_ergebnis.jpg\" alt=\"\" width=\"800\" height=\"600\" srcset=\"https:\/\/olu-limburg.de\/wp-content\/uploads\/2017\/09\/DSC09089_ergebnis.jpg 800w, https:\/\/olu-limburg.de\/wp-content\/uploads\/2017\/09\/DSC09089_ergebnis-300x225.jpg 300w, https:\/\/olu-limburg.de\/wp-content\/uploads\/2017\/09\/DSC09089_ergebnis-768x576.jpg 768w, https:\/\/olu-limburg.de\/wp-content\/uploads\/2017\/09\/DSC09089_ergebnis-624x468.jpg 624w\" sizes=\"auto, (max-width: 800px) 100vw, 800px\" \/><\/a><\/p>\n<p>Tagesstrecke: 45 km<\/p>\n<p>&nbsp;<\/p>\n<p><strong>Samstag, 26. August 2017<\/strong><\/p>\n<p>Es ist Markttag in Damgan. Solche M\u00e4rkte gibt es bei uns Zuhause nicht. Das Angebot ist so vielf\u00e4ltig. Und wer so etwas noch nicht kennt, kann sich jetzt &#8222;satt&#8220; sehen.<\/p>\n<p><a href=\"https:\/\/olu-limburg.de\/wp-content\/uploads\/2017\/09\/DSC09093_ergebnis.jpg\"><img loading=\"lazy\" decoding=\"async\" class=\"size-full wp-image-12821 aligncenter\" src=\"https:\/\/olu-limburg.de\/wp-content\/uploads\/2017\/09\/DSC09093_ergebnis.jpg\" alt=\"\" width=\"800\" height=\"600\" srcset=\"https:\/\/olu-limburg.de\/wp-content\/uploads\/2017\/09\/DSC09093_ergebnis.jpg 800w, https:\/\/olu-limburg.de\/wp-content\/uploads\/2017\/09\/DSC09093_ergebnis-300x225.jpg 300w, https:\/\/olu-limburg.de\/wp-content\/uploads\/2017\/09\/DSC09093_ergebnis-768x576.jpg 768w, https:\/\/olu-limburg.de\/wp-content\/uploads\/2017\/09\/DSC09093_ergebnis-624x468.jpg 624w\" sizes=\"auto, (max-width: 800px) 100vw, 800px\" \/><\/a><\/p>\n<p><a href=\"https:\/\/olu-limburg.de\/wp-content\/uploads\/2017\/09\/DSC09094_ergebnis.jpg\"><img loading=\"lazy\" decoding=\"async\" class=\"size-full wp-image-12822 aligncenter\" src=\"https:\/\/olu-limburg.de\/wp-content\/uploads\/2017\/09\/DSC09094_ergebnis.jpg\" alt=\"\" width=\"800\" height=\"600\" srcset=\"https:\/\/olu-limburg.de\/wp-content\/uploads\/2017\/09\/DSC09094_ergebnis.jpg 800w, https:\/\/olu-limburg.de\/wp-content\/uploads\/2017\/09\/DSC09094_ergebnis-300x225.jpg 300w, https:\/\/olu-limburg.de\/wp-content\/uploads\/2017\/09\/DSC09094_ergebnis-768x576.jpg 768w, https:\/\/olu-limburg.de\/wp-content\/uploads\/2017\/09\/DSC09094_ergebnis-624x468.jpg 624w\" sizes=\"auto, (max-width: 800px) 100vw, 800px\" \/><\/a><\/p>\n<p><a href=\"https:\/\/olu-limburg.de\/wp-content\/uploads\/2017\/09\/20170826_112733_ergebnis.jpg\"><img loading=\"lazy\" decoding=\"async\" class=\"size-full wp-image-12830 aligncenter\" src=\"https:\/\/olu-limburg.de\/wp-content\/uploads\/2017\/09\/20170826_112733_ergebnis.jpg\" alt=\"\" width=\"800\" height=\"600\" srcset=\"https:\/\/olu-limburg.de\/wp-content\/uploads\/2017\/09\/20170826_112733_ergebnis.jpg 800w, https:\/\/olu-limburg.de\/wp-content\/uploads\/2017\/09\/20170826_112733_ergebnis-300x225.jpg 300w, https:\/\/olu-limburg.de\/wp-content\/uploads\/2017\/09\/20170826_112733_ergebnis-768x576.jpg 768w, https:\/\/olu-limburg.de\/wp-content\/uploads\/2017\/09\/20170826_112733_ergebnis-624x468.jpg 624w\" sizes=\"auto, (max-width: 800px) 100vw, 800px\" \/><\/a><\/p>\n<p><a href=\"https:\/\/olu-limburg.de\/wp-content\/uploads\/2017\/09\/20170826_112746_ergebnis.jpg\"><img loading=\"lazy\" decoding=\"async\" class=\"size-full wp-image-12831 aligncenter\" src=\"https:\/\/olu-limburg.de\/wp-content\/uploads\/2017\/09\/20170826_112746_ergebnis.jpg\" alt=\"\" width=\"800\" height=\"600\" srcset=\"https:\/\/olu-limburg.de\/wp-content\/uploads\/2017\/09\/20170826_112746_ergebnis.jpg 800w, https:\/\/olu-limburg.de\/wp-content\/uploads\/2017\/09\/20170826_112746_ergebnis-300x225.jpg 300w, https:\/\/olu-limburg.de\/wp-content\/uploads\/2017\/09\/20170826_112746_ergebnis-768x576.jpg 768w, https:\/\/olu-limburg.de\/wp-content\/uploads\/2017\/09\/20170826_112746_ergebnis-624x468.jpg 624w\" sizes=\"auto, (max-width: 800px) 100vw, 800px\" \/><\/a><\/p>\n<p><a href=\"https:\/\/olu-limburg.de\/wp-content\/uploads\/2017\/09\/20170826_112828_ergebnis-e1507718702670.jpg\"><img loading=\"lazy\" decoding=\"async\" class=\"size-full wp-image-12832 aligncenter\" src=\"https:\/\/olu-limburg.de\/wp-content\/uploads\/2017\/09\/20170826_112828_ergebnis-e1507718702670.jpg\" alt=\"\" width=\"450\" height=\"600\" \/><\/a><\/p>\n<p><a href=\"https:\/\/olu-limburg.de\/wp-content\/uploads\/2017\/09\/20170826_114732_ergebnis.jpg\"><img loading=\"lazy\" decoding=\"async\" class=\"size-full wp-image-12834 alignnone\" src=\"https:\/\/olu-limburg.de\/wp-content\/uploads\/2017\/09\/20170826_114732_ergebnis.jpg\" alt=\"\" width=\"800\" height=\"600\" srcset=\"https:\/\/olu-limburg.de\/wp-content\/uploads\/2017\/09\/20170826_114732_ergebnis.jpg 800w, https:\/\/olu-limburg.de\/wp-content\/uploads\/2017\/09\/20170826_114732_ergebnis-300x225.jpg 300w, https:\/\/olu-limburg.de\/wp-content\/uploads\/2017\/09\/20170826_114732_ergebnis-768x576.jpg 768w, https:\/\/olu-limburg.de\/wp-content\/uploads\/2017\/09\/20170826_114732_ergebnis-624x468.jpg 624w\" sizes=\"auto, (max-width: 800px) 100vw, 800px\" \/><\/a><\/p>\n<p><a href=\"https:\/\/olu-limburg.de\/wp-content\/uploads\/2017\/09\/20170826_114829_ergebnis.jpg\"><img loading=\"lazy\" decoding=\"async\" class=\"alignnone size-full wp-image-12835\" src=\"https:\/\/olu-limburg.de\/wp-content\/uploads\/2017\/09\/20170826_114829_ergebnis.jpg\" alt=\"\" width=\"800\" height=\"600\" srcset=\"https:\/\/olu-limburg.de\/wp-content\/uploads\/2017\/09\/20170826_114829_ergebnis.jpg 800w, https:\/\/olu-limburg.de\/wp-content\/uploads\/2017\/09\/20170826_114829_ergebnis-300x225.jpg 300w, https:\/\/olu-limburg.de\/wp-content\/uploads\/2017\/09\/20170826_114829_ergebnis-768x576.jpg 768w, https:\/\/olu-limburg.de\/wp-content\/uploads\/2017\/09\/20170826_114829_ergebnis-624x468.jpg 624w\" sizes=\"auto, (max-width: 800px) 100vw, 800px\" \/><\/a><\/p>\n<p><a href=\"https:\/\/olu-limburg.de\/wp-content\/uploads\/2017\/09\/20170826_115159_ergebnis.jpg\"><img loading=\"lazy\" decoding=\"async\" class=\"size-full wp-image-12836 aligncenter\" src=\"https:\/\/olu-limburg.de\/wp-content\/uploads\/2017\/09\/20170826_115159_ergebnis.jpg\" alt=\"\" width=\"800\" height=\"600\" srcset=\"https:\/\/olu-limburg.de\/wp-content\/uploads\/2017\/09\/20170826_115159_ergebnis.jpg 800w, https:\/\/olu-limburg.de\/wp-content\/uploads\/2017\/09\/20170826_115159_ergebnis-300x225.jpg 300w, https:\/\/olu-limburg.de\/wp-content\/uploads\/2017\/09\/20170826_115159_ergebnis-768x576.jpg 768w, https:\/\/olu-limburg.de\/wp-content\/uploads\/2017\/09\/20170826_115159_ergebnis-624x468.jpg 624w\" sizes=\"auto, (max-width: 800px) 100vw, 800px\" \/><\/a><\/p>\n<p>Wir versorgen uns mit Feigen und zwei Thunfischsteaks, mit denen wir unser Mittagsangebot vervollst\u00e4ndigen:<\/p>\n<p>Salat mit Feigen<\/p>\n<p>gebratenes\u00a0 Thunfischsteak mit Ratatouille<\/p>\n<p>Kouign Amann<\/p>\n<p><a href=\"https:\/\/olu-limburg.de\/wp-content\/uploads\/2017\/09\/20170826_143835_ergebnis.jpg\"><img loading=\"lazy\" decoding=\"async\" class=\"alignnone size-full wp-image-12840\" src=\"https:\/\/olu-limburg.de\/wp-content\/uploads\/2017\/09\/20170826_143835_ergebnis.jpg\" alt=\"\" width=\"800\" height=\"600\" srcset=\"https:\/\/olu-limburg.de\/wp-content\/uploads\/2017\/09\/20170826_143835_ergebnis.jpg 800w, https:\/\/olu-limburg.de\/wp-content\/uploads\/2017\/09\/20170826_143835_ergebnis-300x225.jpg 300w, https:\/\/olu-limburg.de\/wp-content\/uploads\/2017\/09\/20170826_143835_ergebnis-768x576.jpg 768w, https:\/\/olu-limburg.de\/wp-content\/uploads\/2017\/09\/20170826_143835_ergebnis-624x468.jpg 624w\" sizes=\"auto, (max-width: 800px) 100vw, 800px\" \/><\/a><\/p>\n<p>Am Nachmittag gehen wir noch einmal schwimmen und lasen den Tag in Ruhe ausklingen.<\/p>\n<p>Tagesstrecke: 0 km<\/p>\n<p>&nbsp;<\/p>\n<p><strong>Sonntag, 27. August 2017<\/strong><\/p>\n<p>Heute ist Fahrttag, aber auch noch Flohmarkt in Damgan. Wir verlassen den Stellplatz und stellen uns an den Stra\u00dfenrand. Herrliches Wetter und ein tolles Tr\u00f6delangebot erwartet uns wieder.<\/p>\n<div id=\"attachment_12845\" style=\"width: 810px\" class=\"wp-caption aligncenter\"><a href=\"https:\/\/olu-limburg.de\/wp-content\/uploads\/2017\/09\/20170827_111245_ergebnis.jpg\"><img loading=\"lazy\" decoding=\"async\" aria-describedby=\"caption-attachment-12845\" class=\"wp-image-12845 size-full\" src=\"https:\/\/olu-limburg.de\/wp-content\/uploads\/2017\/09\/20170827_111245_ergebnis.jpg\" alt=\"\" width=\"800\" height=\"600\" srcset=\"https:\/\/olu-limburg.de\/wp-content\/uploads\/2017\/09\/20170827_111245_ergebnis.jpg 800w, https:\/\/olu-limburg.de\/wp-content\/uploads\/2017\/09\/20170827_111245_ergebnis-300x225.jpg 300w, https:\/\/olu-limburg.de\/wp-content\/uploads\/2017\/09\/20170827_111245_ergebnis-768x576.jpg 768w, https:\/\/olu-limburg.de\/wp-content\/uploads\/2017\/09\/20170827_111245_ergebnis-624x468.jpg 624w\" sizes=\"auto, (max-width: 800px) 100vw, 800px\" \/><\/a><p id=\"caption-attachment-12845\" class=\"wp-caption-text\">Bei den Schallplatten habe ich wieder Sch\u00e4tzchen gefunden, &#8230;<\/p><\/div>\n<div id=\"attachment_12848\" style=\"width: 810px\" class=\"wp-caption aligncenter\"><a href=\"https:\/\/olu-limburg.de\/wp-content\/uploads\/2017\/09\/20170827_122146_ergebnis.jpg\"><img loading=\"lazy\" decoding=\"async\" aria-describedby=\"caption-attachment-12848\" class=\"size-full wp-image-12848\" src=\"https:\/\/olu-limburg.de\/wp-content\/uploads\/2017\/09\/20170827_122146_ergebnis.jpg\" alt=\"\" width=\"800\" height=\"600\" srcset=\"https:\/\/olu-limburg.de\/wp-content\/uploads\/2017\/09\/20170827_122146_ergebnis.jpg 800w, https:\/\/olu-limburg.de\/wp-content\/uploads\/2017\/09\/20170827_122146_ergebnis-300x225.jpg 300w, https:\/\/olu-limburg.de\/wp-content\/uploads\/2017\/09\/20170827_122146_ergebnis-768x576.jpg 768w, https:\/\/olu-limburg.de\/wp-content\/uploads\/2017\/09\/20170827_122146_ergebnis-624x468.jpg 624w\" sizes=\"auto, (max-width: 800px) 100vw, 800px\" \/><\/a><p id=\"caption-attachment-12848\" class=\"wp-caption-text\">&#8230; und mein Schatz hat ein neues H\u00fctchen erstanden.<\/p><\/div>\n<div id=\"attachment_12849\" style=\"width: 810px\" class=\"wp-caption aligncenter\"><a href=\"https:\/\/olu-limburg.de\/wp-content\/uploads\/2017\/09\/DSC09099_ergebnis-1.jpg\"><img loading=\"lazy\" decoding=\"async\" aria-describedby=\"caption-attachment-12849\" class=\"size-full wp-image-12849\" src=\"https:\/\/olu-limburg.de\/wp-content\/uploads\/2017\/09\/DSC09099_ergebnis-1.jpg\" alt=\"\" width=\"800\" height=\"600\" srcset=\"https:\/\/olu-limburg.de\/wp-content\/uploads\/2017\/09\/DSC09099_ergebnis-1.jpg 800w, https:\/\/olu-limburg.de\/wp-content\/uploads\/2017\/09\/DSC09099_ergebnis-1-300x225.jpg 300w, https:\/\/olu-limburg.de\/wp-content\/uploads\/2017\/09\/DSC09099_ergebnis-1-768x576.jpg 768w, https:\/\/olu-limburg.de\/wp-content\/uploads\/2017\/09\/DSC09099_ergebnis-1-624x468.jpg 624w\" sizes=\"auto, (max-width: 800px) 100vw, 800px\" \/><\/a><p id=\"caption-attachment-12849\" class=\"wp-caption-text\">Welch eine Grazie!<\/p><\/div>\n<p><a href=\"https:\/\/olu-limburg.de\/wp-content\/uploads\/2017\/09\/DSC09101_ergebnis-1.jpg\"><img loading=\"lazy\" decoding=\"async\" class=\"size-full wp-image-12850 aligncenter\" src=\"https:\/\/olu-limburg.de\/wp-content\/uploads\/2017\/09\/DSC09101_ergebnis-1.jpg\" alt=\"\" width=\"800\" height=\"600\" srcset=\"https:\/\/olu-limburg.de\/wp-content\/uploads\/2017\/09\/DSC09101_ergebnis-1.jpg 800w, https:\/\/olu-limburg.de\/wp-content\/uploads\/2017\/09\/DSC09101_ergebnis-1-300x225.jpg 300w, https:\/\/olu-limburg.de\/wp-content\/uploads\/2017\/09\/DSC09101_ergebnis-1-768x576.jpg 768w, https:\/\/olu-limburg.de\/wp-content\/uploads\/2017\/09\/DSC09101_ergebnis-1-624x468.jpg 624w\" sizes=\"auto, (max-width: 800px) 100vw, 800px\" \/><\/a><\/p>\n<div id=\"attachment_12852\" style=\"width: 460px\" class=\"wp-caption alignleft\"><a href=\"https:\/\/olu-limburg.de\/wp-content\/uploads\/2017\/09\/DSC09105_ergebnis-1-e1507996781986.jpg\"><img loading=\"lazy\" decoding=\"async\" aria-describedby=\"caption-attachment-12852\" class=\"size-full wp-image-12852\" src=\"https:\/\/olu-limburg.de\/wp-content\/uploads\/2017\/09\/DSC09105_ergebnis-1-e1507996781986.jpg\" alt=\"\" width=\"450\" height=\"600\" \/><\/a><p id=\"caption-attachment-12852\" class=\"wp-caption-text\">Und zu essen gab es auch: Galette mit Saucisse<\/p><\/div>\n<p><a href=\"https:\/\/olu-limburg.de\/wp-content\/uploads\/2017\/09\/DSC09107_ergebnis-1-e1507996841324.jpg\"><img loading=\"lazy\" decoding=\"async\" class=\"size-full wp-image-12853 alignright\" src=\"https:\/\/olu-limburg.de\/wp-content\/uploads\/2017\/09\/DSC09107_ergebnis-1-e1507996841324.jpg\" alt=\"\" width=\"450\" height=\"600\" \/><\/a><\/p>\n<p><a href=\"https:\/\/olu-limburg.de\/wp-content\/uploads\/2017\/09\/20170827_121327_ergebnis.jpg\"><img loading=\"lazy\" decoding=\"async\" class=\"size-full wp-image-12847 aligncenter\" src=\"https:\/\/olu-limburg.de\/wp-content\/uploads\/2017\/09\/20170827_121327_ergebnis.jpg\" alt=\"\" width=\"800\" height=\"600\" srcset=\"https:\/\/olu-limburg.de\/wp-content\/uploads\/2017\/09\/20170827_121327_ergebnis.jpg 800w, https:\/\/olu-limburg.de\/wp-content\/uploads\/2017\/09\/20170827_121327_ergebnis-300x225.jpg 300w, https:\/\/olu-limburg.de\/wp-content\/uploads\/2017\/09\/20170827_121327_ergebnis-768x576.jpg 768w, https:\/\/olu-limburg.de\/wp-content\/uploads\/2017\/09\/20170827_121327_ergebnis-624x468.jpg 624w\" sizes=\"auto, (max-width: 800px) 100vw, 800px\" \/><\/a><\/p>\n<p>Bei jedem Bretagne-Urlaub denke ich, wir sollten mal nach Rochefort-en-Terre fahren. Ohne viel Verkehr auf den Stra\u00dfen streben wir ins Landesinnere. Bereits am Ortseingang erwarten uns sch\u00f6ne alte H\u00e4user, bevor es links runter auf den Parkplatz f\u00fcr Wohnmobile ohne V+E (Geb\u00fchr EUR 5,00) geht. Wir fahren sogar noch eine Etage weiter runter auf den gro\u00dfen Wiesenplatz. Eventuelle Nachahmer sollten darauf achten, dass sie zu dieser Jahreszeit unter keiner Eiche parken. Denn der Baum wirft seine Fr\u00fcchte ab. Und es gibt immer ein durchdringendes Klong, wenn die Glands (franz\u00f6s. Eicheln) aufs Autodach purzeln.<\/p>\n<p><a href=\"https:\/\/olu-limburg.de\/wp-content\/uploads\/2017\/09\/DSC09199_ergebnis.jpg\"><img loading=\"lazy\" decoding=\"async\" class=\"size-full wp-image-12875 aligncenter\" src=\"https:\/\/olu-limburg.de\/wp-content\/uploads\/2017\/09\/DSC09199_ergebnis.jpg\" alt=\"\" width=\"800\" height=\"600\" srcset=\"https:\/\/olu-limburg.de\/wp-content\/uploads\/2017\/09\/DSC09199_ergebnis.jpg 800w, https:\/\/olu-limburg.de\/wp-content\/uploads\/2017\/09\/DSC09199_ergebnis-300x225.jpg 300w, https:\/\/olu-limburg.de\/wp-content\/uploads\/2017\/09\/DSC09199_ergebnis-768x576.jpg 768w, https:\/\/olu-limburg.de\/wp-content\/uploads\/2017\/09\/DSC09199_ergebnis-624x468.jpg 624w\" sizes=\"auto, (max-width: 800px) 100vw, 800px\" \/><\/a><\/p>\n<p>Nun aber wieder zur\u00fcck zu Rochefort-enTerre, Frankreichs beliebtestem Ort in 2016. Bei einem Spaziergang werden wir mit Ansichten von sch\u00f6nen alten H\u00e4usern und den Resten einer Burg- bzw. Schlo\u00dfanlage belohnt.<\/p>\n<p><a href=\"https:\/\/olu-limburg.de\/wp-content\/uploads\/2017\/09\/DSC09109_ergebnis.jpg\"><img loading=\"lazy\" decoding=\"async\" class=\"size-full wp-image-12858 aligncenter\" src=\"https:\/\/olu-limburg.de\/wp-content\/uploads\/2017\/09\/DSC09109_ergebnis.jpg\" alt=\"\" width=\"800\" height=\"600\" srcset=\"https:\/\/olu-limburg.de\/wp-content\/uploads\/2017\/09\/DSC09109_ergebnis.jpg 800w, https:\/\/olu-limburg.de\/wp-content\/uploads\/2017\/09\/DSC09109_ergebnis-300x225.jpg 300w, https:\/\/olu-limburg.de\/wp-content\/uploads\/2017\/09\/DSC09109_ergebnis-768x576.jpg 768w, https:\/\/olu-limburg.de\/wp-content\/uploads\/2017\/09\/DSC09109_ergebnis-624x468.jpg 624w\" sizes=\"auto, (max-width: 800px) 100vw, 800px\" \/><\/a><\/p>\n<p><a href=\"https:\/\/olu-limburg.de\/wp-content\/uploads\/2017\/09\/DSC09122_ergebnis-e1508169203264.jpg\"><img loading=\"lazy\" decoding=\"async\" class=\"size-full wp-image-12860 aligncenter\" src=\"https:\/\/olu-limburg.de\/wp-content\/uploads\/2017\/09\/DSC09122_ergebnis-e1508169203264.jpg\" alt=\"\" width=\"450\" height=\"600\" \/><\/a><\/p>\n<p><a href=\"https:\/\/olu-limburg.de\/wp-content\/uploads\/2017\/09\/DSC09114_ergebnis.jpg\"><img loading=\"lazy\" decoding=\"async\" class=\"size-full wp-image-12859 aligncenter\" src=\"https:\/\/olu-limburg.de\/wp-content\/uploads\/2017\/09\/DSC09114_ergebnis.jpg\" alt=\"\" width=\"800\" height=\"600\" srcset=\"https:\/\/olu-limburg.de\/wp-content\/uploads\/2017\/09\/DSC09114_ergebnis.jpg 800w, https:\/\/olu-limburg.de\/wp-content\/uploads\/2017\/09\/DSC09114_ergebnis-300x225.jpg 300w, https:\/\/olu-limburg.de\/wp-content\/uploads\/2017\/09\/DSC09114_ergebnis-768x576.jpg 768w, https:\/\/olu-limburg.de\/wp-content\/uploads\/2017\/09\/DSC09114_ergebnis-624x468.jpg 624w\" sizes=\"auto, (max-width: 800px) 100vw, 800px\" \/><\/a><\/p>\n<p><a href=\"https:\/\/olu-limburg.de\/wp-content\/uploads\/2017\/09\/DSC09127_ergebnis-e1508169324346.jpg\"><img loading=\"lazy\" decoding=\"async\" class=\"size-full wp-image-12863 alignleft\" src=\"https:\/\/olu-limburg.de\/wp-content\/uploads\/2017\/09\/DSC09127_ergebnis-e1508169324346.jpg\" alt=\"\" width=\"450\" height=\"600\" \/><\/a><\/p>\n<p><a href=\"https:\/\/olu-limburg.de\/wp-content\/uploads\/2017\/09\/DSC09126_ergebnis-e1508169345360.jpg\"><img loading=\"lazy\" decoding=\"async\" class=\"size-full wp-image-12862 alignright\" src=\"https:\/\/olu-limburg.de\/wp-content\/uploads\/2017\/09\/DSC09126_ergebnis-e1508169345360.jpg\" alt=\"\" width=\"450\" height=\"600\" \/><\/a><\/p>\n<p><a href=\"https:\/\/olu-limburg.de\/wp-content\/uploads\/2017\/09\/DSC09131_ergebnis.jpg\"><img loading=\"lazy\" decoding=\"async\" class=\"size-full wp-image-12865 aligncenter\" src=\"https:\/\/olu-limburg.de\/wp-content\/uploads\/2017\/09\/DSC09131_ergebnis.jpg\" alt=\"\" width=\"800\" height=\"600\" srcset=\"https:\/\/olu-limburg.de\/wp-content\/uploads\/2017\/09\/DSC09131_ergebnis.jpg 800w, https:\/\/olu-limburg.de\/wp-content\/uploads\/2017\/09\/DSC09131_ergebnis-300x225.jpg 300w, https:\/\/olu-limburg.de\/wp-content\/uploads\/2017\/09\/DSC09131_ergebnis-768x576.jpg 768w, https:\/\/olu-limburg.de\/wp-content\/uploads\/2017\/09\/DSC09131_ergebnis-624x468.jpg 624w\" sizes=\"auto, (max-width: 800px) 100vw, 800px\" \/><\/a><\/p>\n<p><a href=\"https:\/\/olu-limburg.de\/wp-content\/uploads\/2017\/09\/DSC09137_ergebnis.jpg\"><img loading=\"lazy\" decoding=\"async\" class=\"size-full wp-image-12867 aligncenter\" src=\"https:\/\/olu-limburg.de\/wp-content\/uploads\/2017\/09\/DSC09137_ergebnis.jpg\" alt=\"\" width=\"800\" height=\"600\" srcset=\"https:\/\/olu-limburg.de\/wp-content\/uploads\/2017\/09\/DSC09137_ergebnis.jpg 800w, https:\/\/olu-limburg.de\/wp-content\/uploads\/2017\/09\/DSC09137_ergebnis-300x225.jpg 300w, https:\/\/olu-limburg.de\/wp-content\/uploads\/2017\/09\/DSC09137_ergebnis-768x576.jpg 768w, https:\/\/olu-limburg.de\/wp-content\/uploads\/2017\/09\/DSC09137_ergebnis-624x468.jpg 624w\" sizes=\"auto, (max-width: 800px) 100vw, 800px\" \/><\/a><\/p>\n<p><a href=\"https:\/\/olu-limburg.de\/wp-content\/uploads\/2017\/09\/DSC09157_ergebnis.jpg\"><img loading=\"lazy\" decoding=\"async\" class=\"size-full wp-image-12869 aligncenter\" src=\"https:\/\/olu-limburg.de\/wp-content\/uploads\/2017\/09\/DSC09157_ergebnis.jpg\" alt=\"\" width=\"800\" height=\"600\" srcset=\"https:\/\/olu-limburg.de\/wp-content\/uploads\/2017\/09\/DSC09157_ergebnis.jpg 800w, https:\/\/olu-limburg.de\/wp-content\/uploads\/2017\/09\/DSC09157_ergebnis-300x225.jpg 300w, https:\/\/olu-limburg.de\/wp-content\/uploads\/2017\/09\/DSC09157_ergebnis-768x576.jpg 768w, https:\/\/olu-limburg.de\/wp-content\/uploads\/2017\/09\/DSC09157_ergebnis-624x468.jpg 624w\" sizes=\"auto, (max-width: 800px) 100vw, 800px\" \/><\/a><\/p>\n<div id=\"attachment_12868\" style=\"width: 810px\" class=\"wp-caption aligncenter\"><a href=\"https:\/\/olu-limburg.de\/wp-content\/uploads\/2017\/09\/DSC09144_ergebnis.jpg\"><img loading=\"lazy\" decoding=\"async\" aria-describedby=\"caption-attachment-12868\" class=\"wp-image-12868 size-full\" src=\"https:\/\/olu-limburg.de\/wp-content\/uploads\/2017\/09\/DSC09144_ergebnis.jpg\" alt=\"\" width=\"800\" height=\"600\" srcset=\"https:\/\/olu-limburg.de\/wp-content\/uploads\/2017\/09\/DSC09144_ergebnis.jpg 800w, https:\/\/olu-limburg.de\/wp-content\/uploads\/2017\/09\/DSC09144_ergebnis-300x225.jpg 300w, https:\/\/olu-limburg.de\/wp-content\/uploads\/2017\/09\/DSC09144_ergebnis-768x576.jpg 768w, https:\/\/olu-limburg.de\/wp-content\/uploads\/2017\/09\/DSC09144_ergebnis-624x468.jpg 624w\" sizes=\"auto, (max-width: 800px) 100vw, 800px\" \/><\/a><p id=\"caption-attachment-12868\" class=\"wp-caption-text\">Chateau de Rochefort-en-Terre<\/p><\/div>\n<div id=\"attachment_12871\" style=\"width: 460px\" class=\"wp-caption aligncenter\"><a href=\"https:\/\/olu-limburg.de\/wp-content\/uploads\/2017\/09\/DSC09168_ergebnis-e1508169489873.jpg\"><img loading=\"lazy\" decoding=\"async\" aria-describedby=\"caption-attachment-12871\" class=\"size-full wp-image-12871\" src=\"https:\/\/olu-limburg.de\/wp-content\/uploads\/2017\/09\/DSC09168_ergebnis-e1508169489873.jpg\" alt=\"\" width=\"450\" height=\"600\" \/><\/a><p id=\"caption-attachment-12871\" class=\"wp-caption-text\">K\u00fcnstler oder W\u00e4rter im Torw\u00e4chterhaus<\/p><\/div>\n<p><a href=\"https:\/\/olu-limburg.de\/wp-content\/uploads\/2017\/09\/DSC09160_ergebnis.jpg\"><img loading=\"lazy\" decoding=\"async\" class=\"size-full wp-image-12870 aligncenter\" src=\"https:\/\/olu-limburg.de\/wp-content\/uploads\/2017\/09\/DSC09160_ergebnis.jpg\" alt=\"\" width=\"800\" height=\"600\" srcset=\"https:\/\/olu-limburg.de\/wp-content\/uploads\/2017\/09\/DSC09160_ergebnis.jpg 800w, https:\/\/olu-limburg.de\/wp-content\/uploads\/2017\/09\/DSC09160_ergebnis-300x225.jpg 300w, https:\/\/olu-limburg.de\/wp-content\/uploads\/2017\/09\/DSC09160_ergebnis-768x576.jpg 768w, https:\/\/olu-limburg.de\/wp-content\/uploads\/2017\/09\/DSC09160_ergebnis-624x468.jpg 624w\" sizes=\"auto, (max-width: 800px) 100vw, 800px\" \/><\/a><\/p>\n<div id=\"attachment_12873\" style=\"width: 460px\" class=\"wp-caption aligncenter\"><a href=\"https:\/\/olu-limburg.de\/wp-content\/uploads\/2017\/09\/DSC09176_ergebnis-e1508169569655.jpg\"><img loading=\"lazy\" decoding=\"async\" aria-describedby=\"caption-attachment-12873\" class=\"wp-image-12873 size-full\" src=\"https:\/\/olu-limburg.de\/wp-content\/uploads\/2017\/09\/DSC09176_ergebnis-e1508169569655.jpg\" alt=\"\" width=\"450\" height=\"600\" \/><\/a><p id=\"caption-attachment-12873\" class=\"wp-caption-text\">\u00c9glise Notre-Dame-de-la-Tronchaye<\/p><\/div>\n<p>Der Nachmittag war uns f\u00fcr solche Aktivit\u00e4ten zu hei\u00df, deshalb hatten wir den Rundgang schon etwas in den fr\u00fchen Abend verschoben. Eine zus\u00e4tzliche Abk\u00fchlung holen wir uns bei einem Granit\u00e9 aus Cidre.<\/p>\n<p><a href=\"https:\/\/olu-limburg.de\/wp-content\/uploads\/2017\/09\/P1050572_ergebnis-e1508169042736.jpg\"><img loading=\"lazy\" decoding=\"async\" class=\"size-full wp-image-12857 aligncenter\" src=\"https:\/\/olu-limburg.de\/wp-content\/uploads\/2017\/09\/P1050572_ergebnis-e1508169042736.jpg\" alt=\"\" width=\"450\" height=\"600\" \/><\/a><\/p>\n<p>Auf dem Weg zum Stellplatz kehren wir noch in einer kleinen Bar ein, von der wir auf die Wohnmobile hinunter sehen k\u00f6nnen. Besonders verlockend ist auf dem Nachbartisch eine Ardoise (Schieferplatte) mit Charcuterie und K\u00e4se. Wir k\u00f6nnen nicht wiederstehen und bestellen uns auch so etwas. Es wird zum Schneeballeffekt bei den G\u00e4sten. Anschlie\u00dfend sitzen wir noch sehr lange vor unserem Wohnmobil.<\/p>\n<p><a href=\"https:\/\/olu-limburg.de\/wp-content\/uploads\/2017\/09\/DSC09204_ergebnis.jpg\"><img loading=\"lazy\" decoding=\"async\" class=\"size-full wp-image-12878 aligncenter\" src=\"https:\/\/olu-limburg.de\/wp-content\/uploads\/2017\/09\/DSC09204_ergebnis.jpg\" alt=\"\" width=\"800\" height=\"600\" srcset=\"https:\/\/olu-limburg.de\/wp-content\/uploads\/2017\/09\/DSC09204_ergebnis.jpg 800w, https:\/\/olu-limburg.de\/wp-content\/uploads\/2017\/09\/DSC09204_ergebnis-300x225.jpg 300w, https:\/\/olu-limburg.de\/wp-content\/uploads\/2017\/09\/DSC09204_ergebnis-768x576.jpg 768w, https:\/\/olu-limburg.de\/wp-content\/uploads\/2017\/09\/DSC09204_ergebnis-624x468.jpg 624w\" sizes=\"auto, (max-width: 800px) 100vw, 800px\" \/><\/a><\/p>\n<p><a href=\"https:\/\/olu-limburg.de\/wp-content\/uploads\/2017\/09\/DSC09200_ergebnis-e1508169610211.jpg\"><img loading=\"lazy\" decoding=\"async\" class=\"size-full wp-image-12876 aligncenter\" src=\"https:\/\/olu-limburg.de\/wp-content\/uploads\/2017\/09\/DSC09200_ergebnis-e1508169610211.jpg\" alt=\"\" width=\"450\" height=\"600\" \/><\/a><\/p>\n<p><a href=\"https:\/\/olu-limburg.de\/wp-content\/uploads\/2017\/09\/DSC09203_ergebnis.jpg\"><img loading=\"lazy\" decoding=\"async\" class=\"size-full wp-image-12877 aligncenter\" src=\"https:\/\/olu-limburg.de\/wp-content\/uploads\/2017\/09\/DSC09203_ergebnis.jpg\" alt=\"\" width=\"800\" height=\"600\" srcset=\"https:\/\/olu-limburg.de\/wp-content\/uploads\/2017\/09\/DSC09203_ergebnis.jpg 800w, https:\/\/olu-limburg.de\/wp-content\/uploads\/2017\/09\/DSC09203_ergebnis-300x225.jpg 300w, https:\/\/olu-limburg.de\/wp-content\/uploads\/2017\/09\/DSC09203_ergebnis-768x576.jpg 768w, https:\/\/olu-limburg.de\/wp-content\/uploads\/2017\/09\/DSC09203_ergebnis-624x468.jpg 624w\" sizes=\"auto, (max-width: 800px) 100vw, 800px\" \/><\/a><\/p>\n<p>Tagesstrecke: 37 km<\/p>\n<p>&nbsp;<\/p>\n<p><strong>Montag, 28. August 2017<\/strong><\/p>\n<p>Da wir nicht weit von La Gacilly, der Wirkungsst\u00e4tte von Yves Rocher, entfernt sind, wollen wir auch in diesem Jahr noch einmal dort hinfahren. La Gacilly lebt von und mit Yves Rocher. Es ist eine sehr erfolgreiche Symbiose.<\/p>\n<p>Nachdem wir noch einen Platz auf dem \u00f6rtlichen kostenlosen Stellplatz mit V+E bekommen haben, ruhen wir uns aus, da es bei der Hitze keinen Sinn macht, herum zu laufen.<\/p>\n<p><a href=\"https:\/\/olu-limburg.de\/wp-content\/uploads\/2017\/09\/DSC09260_ergebnis.jpg\"><img loading=\"lazy\" decoding=\"async\" class=\"size-full wp-image-12898 aligncenter\" src=\"https:\/\/olu-limburg.de\/wp-content\/uploads\/2017\/09\/DSC09260_ergebnis.jpg\" alt=\"\" width=\"800\" height=\"600\" srcset=\"https:\/\/olu-limburg.de\/wp-content\/uploads\/2017\/09\/DSC09260_ergebnis.jpg 800w, https:\/\/olu-limburg.de\/wp-content\/uploads\/2017\/09\/DSC09260_ergebnis-300x225.jpg 300w, https:\/\/olu-limburg.de\/wp-content\/uploads\/2017\/09\/DSC09260_ergebnis-768x576.jpg 768w, https:\/\/olu-limburg.de\/wp-content\/uploads\/2017\/09\/DSC09260_ergebnis-624x468.jpg 624w\" sizes=\"auto, (max-width: 800px) 100vw, 800px\" \/><\/a><\/p>\n<p>Danach besuchen wir zuerst den Store von Yves Rocher und decken uns mit allerlei Cr\u00eames f\u00fcr die n\u00e4chste Zeit ein. Danach streifen wir durch den Park und die Gassen von La Gacilly und betrachten uns die Ausstellung mit neuen gro\u00dfformatigen Fotoserien.<\/p>\n<p><a href=\"https:\/\/olu-limburg.de\/wp-content\/uploads\/2017\/09\/DSC09209_ergebnis.jpg\"><img loading=\"lazy\" decoding=\"async\" class=\"size-full wp-image-12882 aligncenter\" src=\"https:\/\/olu-limburg.de\/wp-content\/uploads\/2017\/09\/DSC09209_ergebnis.jpg\" alt=\"\" width=\"800\" height=\"600\" srcset=\"https:\/\/olu-limburg.de\/wp-content\/uploads\/2017\/09\/DSC09209_ergebnis.jpg 800w, https:\/\/olu-limburg.de\/wp-content\/uploads\/2017\/09\/DSC09209_ergebnis-300x225.jpg 300w, https:\/\/olu-limburg.de\/wp-content\/uploads\/2017\/09\/DSC09209_ergebnis-768x576.jpg 768w, https:\/\/olu-limburg.de\/wp-content\/uploads\/2017\/09\/DSC09209_ergebnis-624x468.jpg 624w\" sizes=\"auto, (max-width: 800px) 100vw, 800px\" \/><\/a><\/p>\n<p><a href=\"https:\/\/olu-limburg.de\/wp-content\/uploads\/2017\/09\/DSC09208_ergebnis.jpg\"><img loading=\"lazy\" decoding=\"async\" class=\"size-full wp-image-12881 aligncenter\" src=\"https:\/\/olu-limburg.de\/wp-content\/uploads\/2017\/09\/DSC09208_ergebnis.jpg\" alt=\"\" width=\"800\" height=\"600\" srcset=\"https:\/\/olu-limburg.de\/wp-content\/uploads\/2017\/09\/DSC09208_ergebnis.jpg 800w, https:\/\/olu-limburg.de\/wp-content\/uploads\/2017\/09\/DSC09208_ergebnis-300x225.jpg 300w, https:\/\/olu-limburg.de\/wp-content\/uploads\/2017\/09\/DSC09208_ergebnis-768x576.jpg 768w, https:\/\/olu-limburg.de\/wp-content\/uploads\/2017\/09\/DSC09208_ergebnis-624x468.jpg 624w\" sizes=\"auto, (max-width: 800px) 100vw, 800px\" \/><\/a><\/p>\n<p><a href=\"https:\/\/olu-limburg.de\/wp-content\/uploads\/2017\/09\/DSC09223_ergebnis.jpg\"><img loading=\"lazy\" decoding=\"async\" class=\"size-full wp-image-12886 aligncenter\" src=\"https:\/\/olu-limburg.de\/wp-content\/uploads\/2017\/09\/DSC09223_ergebnis.jpg\" alt=\"\" width=\"800\" height=\"600\" srcset=\"https:\/\/olu-limburg.de\/wp-content\/uploads\/2017\/09\/DSC09223_ergebnis.jpg 800w, https:\/\/olu-limburg.de\/wp-content\/uploads\/2017\/09\/DSC09223_ergebnis-300x225.jpg 300w, https:\/\/olu-limburg.de\/wp-content\/uploads\/2017\/09\/DSC09223_ergebnis-768x576.jpg 768w, https:\/\/olu-limburg.de\/wp-content\/uploads\/2017\/09\/DSC09223_ergebnis-624x468.jpg 624w\" sizes=\"auto, (max-width: 800px) 100vw, 800px\" \/><\/a><\/p>\n<p><a href=\"https:\/\/olu-limburg.de\/wp-content\/uploads\/2017\/09\/DSC09210_ergebnis.jpg\"><img loading=\"lazy\" decoding=\"async\" class=\"size-full wp-image-12883 aligncenter\" src=\"https:\/\/olu-limburg.de\/wp-content\/uploads\/2017\/09\/DSC09210_ergebnis.jpg\" alt=\"\" width=\"800\" height=\"600\" srcset=\"https:\/\/olu-limburg.de\/wp-content\/uploads\/2017\/09\/DSC09210_ergebnis.jpg 800w, https:\/\/olu-limburg.de\/wp-content\/uploads\/2017\/09\/DSC09210_ergebnis-300x225.jpg 300w, https:\/\/olu-limburg.de\/wp-content\/uploads\/2017\/09\/DSC09210_ergebnis-768x576.jpg 768w, https:\/\/olu-limburg.de\/wp-content\/uploads\/2017\/09\/DSC09210_ergebnis-624x468.jpg 624w\" sizes=\"auto, (max-width: 800px) 100vw, 800px\" \/><\/a><\/p>\n<p><a href=\"https:\/\/olu-limburg.de\/wp-content\/uploads\/2017\/09\/DSC09216_ergebnis.jpg\"><img loading=\"lazy\" decoding=\"async\" class=\"size-full wp-image-12884 aligncenter\" src=\"https:\/\/olu-limburg.de\/wp-content\/uploads\/2017\/09\/DSC09216_ergebnis.jpg\" alt=\"\" width=\"800\" height=\"600\" srcset=\"https:\/\/olu-limburg.de\/wp-content\/uploads\/2017\/09\/DSC09216_ergebnis.jpg 800w, https:\/\/olu-limburg.de\/wp-content\/uploads\/2017\/09\/DSC09216_ergebnis-300x225.jpg 300w, https:\/\/olu-limburg.de\/wp-content\/uploads\/2017\/09\/DSC09216_ergebnis-768x576.jpg 768w, https:\/\/olu-limburg.de\/wp-content\/uploads\/2017\/09\/DSC09216_ergebnis-624x468.jpg 624w\" sizes=\"auto, (max-width: 800px) 100vw, 800px\" \/><\/a><\/p>\n<p><a href=\"https:\/\/olu-limburg.de\/wp-content\/uploads\/2017\/09\/DSC09218_ergebnis.jpg\"><img loading=\"lazy\" decoding=\"async\" class=\"size-full wp-image-12885 aligncenter\" src=\"https:\/\/olu-limburg.de\/wp-content\/uploads\/2017\/09\/DSC09218_ergebnis.jpg\" alt=\"\" width=\"800\" height=\"600\" srcset=\"https:\/\/olu-limburg.de\/wp-content\/uploads\/2017\/09\/DSC09218_ergebnis.jpg 800w, https:\/\/olu-limburg.de\/wp-content\/uploads\/2017\/09\/DSC09218_ergebnis-300x225.jpg 300w, https:\/\/olu-limburg.de\/wp-content\/uploads\/2017\/09\/DSC09218_ergebnis-768x576.jpg 768w, https:\/\/olu-limburg.de\/wp-content\/uploads\/2017\/09\/DSC09218_ergebnis-624x468.jpg 624w\" sizes=\"auto, (max-width: 800px) 100vw, 800px\" \/><\/a><\/p>\n<p><a href=\"https:\/\/olu-limburg.de\/wp-content\/uploads\/2017\/09\/DSC09225_ergebnis.jpg\"><img loading=\"lazy\" decoding=\"async\" class=\"size-full wp-image-12887 aligncenter\" src=\"https:\/\/olu-limburg.de\/wp-content\/uploads\/2017\/09\/DSC09225_ergebnis.jpg\" alt=\"\" width=\"800\" height=\"600\" srcset=\"https:\/\/olu-limburg.de\/wp-content\/uploads\/2017\/09\/DSC09225_ergebnis.jpg 800w, https:\/\/olu-limburg.de\/wp-content\/uploads\/2017\/09\/DSC09225_ergebnis-300x225.jpg 300w, https:\/\/olu-limburg.de\/wp-content\/uploads\/2017\/09\/DSC09225_ergebnis-768x576.jpg 768w, https:\/\/olu-limburg.de\/wp-content\/uploads\/2017\/09\/DSC09225_ergebnis-624x468.jpg 624w\" sizes=\"auto, (max-width: 800px) 100vw, 800px\" \/><\/a><\/p>\n<p><a href=\"https:\/\/olu-limburg.de\/wp-content\/uploads\/2017\/09\/DSC09228_ergebnis.jpg\"><img loading=\"lazy\" decoding=\"async\" class=\"size-full wp-image-12888 aligncenter\" src=\"https:\/\/olu-limburg.de\/wp-content\/uploads\/2017\/09\/DSC09228_ergebnis.jpg\" alt=\"\" width=\"800\" height=\"600\" srcset=\"https:\/\/olu-limburg.de\/wp-content\/uploads\/2017\/09\/DSC09228_ergebnis.jpg 800w, https:\/\/olu-limburg.de\/wp-content\/uploads\/2017\/09\/DSC09228_ergebnis-300x225.jpg 300w, https:\/\/olu-limburg.de\/wp-content\/uploads\/2017\/09\/DSC09228_ergebnis-768x576.jpg 768w, https:\/\/olu-limburg.de\/wp-content\/uploads\/2017\/09\/DSC09228_ergebnis-624x468.jpg 624w\" sizes=\"auto, (max-width: 800px) 100vw, 800px\" \/><\/a><\/p>\n<p><a href=\"https:\/\/olu-limburg.de\/wp-content\/uploads\/2017\/09\/DSC09237_ergebnis.jpg\"><img loading=\"lazy\" decoding=\"async\" class=\"size-full wp-image-12889 aligncenter\" src=\"https:\/\/olu-limburg.de\/wp-content\/uploads\/2017\/09\/DSC09237_ergebnis.jpg\" alt=\"\" width=\"800\" height=\"600\" srcset=\"https:\/\/olu-limburg.de\/wp-content\/uploads\/2017\/09\/DSC09237_ergebnis.jpg 800w, https:\/\/olu-limburg.de\/wp-content\/uploads\/2017\/09\/DSC09237_ergebnis-300x225.jpg 300w, https:\/\/olu-limburg.de\/wp-content\/uploads\/2017\/09\/DSC09237_ergebnis-768x576.jpg 768w, https:\/\/olu-limburg.de\/wp-content\/uploads\/2017\/09\/DSC09237_ergebnis-624x468.jpg 624w\" sizes=\"auto, (max-width: 800px) 100vw, 800px\" \/><\/a><\/p>\n<p><a href=\"https:\/\/olu-limburg.de\/wp-content\/uploads\/2017\/09\/DSC09239_ergebnis.jpg\"><img loading=\"lazy\" decoding=\"async\" class=\"size-full wp-image-12890 aligncenter\" src=\"https:\/\/olu-limburg.de\/wp-content\/uploads\/2017\/09\/DSC09239_ergebnis.jpg\" alt=\"\" width=\"800\" height=\"600\" srcset=\"https:\/\/olu-limburg.de\/wp-content\/uploads\/2017\/09\/DSC09239_ergebnis.jpg 800w, https:\/\/olu-limburg.de\/wp-content\/uploads\/2017\/09\/DSC09239_ergebnis-300x225.jpg 300w, https:\/\/olu-limburg.de\/wp-content\/uploads\/2017\/09\/DSC09239_ergebnis-768x576.jpg 768w, https:\/\/olu-limburg.de\/wp-content\/uploads\/2017\/09\/DSC09239_ergebnis-624x468.jpg 624w\" sizes=\"auto, (max-width: 800px) 100vw, 800px\" \/><\/a><\/p>\n<p><a href=\"https:\/\/olu-limburg.de\/wp-content\/uploads\/2017\/09\/DSC09247_ergebnis.jpg\"><img loading=\"lazy\" decoding=\"async\" class=\"size-full wp-image-12891 aligncenter\" src=\"https:\/\/olu-limburg.de\/wp-content\/uploads\/2017\/09\/DSC09247_ergebnis.jpg\" alt=\"\" width=\"800\" height=\"600\" srcset=\"https:\/\/olu-limburg.de\/wp-content\/uploads\/2017\/09\/DSC09247_ergebnis.jpg 800w, https:\/\/olu-limburg.de\/wp-content\/uploads\/2017\/09\/DSC09247_ergebnis-300x225.jpg 300w, https:\/\/olu-limburg.de\/wp-content\/uploads\/2017\/09\/DSC09247_ergebnis-768x576.jpg 768w, https:\/\/olu-limburg.de\/wp-content\/uploads\/2017\/09\/DSC09247_ergebnis-624x468.jpg 624w\" sizes=\"auto, (max-width: 800px) 100vw, 800px\" \/><\/a><\/p>\n<p><a href=\"https:\/\/olu-limburg.de\/wp-content\/uploads\/2017\/09\/DSC09248_ergebnis.jpg\"><img loading=\"lazy\" decoding=\"async\" class=\"size-full wp-image-12892 aligncenter\" src=\"https:\/\/olu-limburg.de\/wp-content\/uploads\/2017\/09\/DSC09248_ergebnis.jpg\" alt=\"\" width=\"800\" height=\"600\" srcset=\"https:\/\/olu-limburg.de\/wp-content\/uploads\/2017\/09\/DSC09248_ergebnis.jpg 800w, https:\/\/olu-limburg.de\/wp-content\/uploads\/2017\/09\/DSC09248_ergebnis-300x225.jpg 300w, https:\/\/olu-limburg.de\/wp-content\/uploads\/2017\/09\/DSC09248_ergebnis-768x576.jpg 768w, https:\/\/olu-limburg.de\/wp-content\/uploads\/2017\/09\/DSC09248_ergebnis-624x468.jpg 624w\" sizes=\"auto, (max-width: 800px) 100vw, 800px\" \/><\/a><\/p>\n<p><a href=\"https:\/\/olu-limburg.de\/wp-content\/uploads\/2017\/09\/DSC09251_ergebnis.jpg\"><img loading=\"lazy\" decoding=\"async\" class=\"size-full wp-image-12893 aligncenter\" src=\"https:\/\/olu-limburg.de\/wp-content\/uploads\/2017\/09\/DSC09251_ergebnis.jpg\" alt=\"\" width=\"800\" height=\"600\" srcset=\"https:\/\/olu-limburg.de\/wp-content\/uploads\/2017\/09\/DSC09251_ergebnis.jpg 800w, https:\/\/olu-limburg.de\/wp-content\/uploads\/2017\/09\/DSC09251_ergebnis-300x225.jpg 300w, https:\/\/olu-limburg.de\/wp-content\/uploads\/2017\/09\/DSC09251_ergebnis-768x576.jpg 768w, https:\/\/olu-limburg.de\/wp-content\/uploads\/2017\/09\/DSC09251_ergebnis-624x468.jpg 624w\" sizes=\"auto, (max-width: 800px) 100vw, 800px\" \/><\/a><\/p>\n<p><a href=\"https:\/\/olu-limburg.de\/wp-content\/uploads\/2017\/09\/DSC09252_ergebnis-e1508256597470.jpg\"><img loading=\"lazy\" decoding=\"async\" class=\"size-full wp-image-12894 aligncenter\" src=\"https:\/\/olu-limburg.de\/wp-content\/uploads\/2017\/09\/DSC09252_ergebnis-e1508256597470.jpg\" alt=\"\" width=\"450\" height=\"600\" \/><\/a><\/p>\n<p><a href=\"https:\/\/olu-limburg.de\/wp-content\/uploads\/2017\/09\/DSC09257_ergebnis.jpg\"><img loading=\"lazy\" decoding=\"async\" class=\"size-full wp-image-12895 aligncenter\" src=\"https:\/\/olu-limburg.de\/wp-content\/uploads\/2017\/09\/DSC09257_ergebnis.jpg\" alt=\"\" width=\"800\" height=\"600\" srcset=\"https:\/\/olu-limburg.de\/wp-content\/uploads\/2017\/09\/DSC09257_ergebnis.jpg 800w, https:\/\/olu-limburg.de\/wp-content\/uploads\/2017\/09\/DSC09257_ergebnis-300x225.jpg 300w, https:\/\/olu-limburg.de\/wp-content\/uploads\/2017\/09\/DSC09257_ergebnis-768x576.jpg 768w, https:\/\/olu-limburg.de\/wp-content\/uploads\/2017\/09\/DSC09257_ergebnis-624x468.jpg 624w\" sizes=\"auto, (max-width: 800px) 100vw, 800px\" \/><\/a><\/p>\n<p>Es ist hei\u00df. Im Laufe des Tages parken wir dreimal um, bis wir auf unserem Lieblingsplatz, hinten am Flu\u00dflauf der Aff stehen. Hier ist es schattig, und auf der Wiese stehen Picknicktische.<\/p>\n<p><a href=\"https:\/\/olu-limburg.de\/wp-content\/uploads\/2017\/09\/DSC09259_ergebnis.jpg\"><img loading=\"lazy\" decoding=\"async\" class=\"size-full wp-image-12897 aligncenter\" src=\"https:\/\/olu-limburg.de\/wp-content\/uploads\/2017\/09\/DSC09259_ergebnis.jpg\" alt=\"\" width=\"800\" height=\"600\" srcset=\"https:\/\/olu-limburg.de\/wp-content\/uploads\/2017\/09\/DSC09259_ergebnis.jpg 800w, https:\/\/olu-limburg.de\/wp-content\/uploads\/2017\/09\/DSC09259_ergebnis-300x225.jpg 300w, https:\/\/olu-limburg.de\/wp-content\/uploads\/2017\/09\/DSC09259_ergebnis-768x576.jpg 768w, https:\/\/olu-limburg.de\/wp-content\/uploads\/2017\/09\/DSC09259_ergebnis-624x468.jpg 624w\" sizes=\"auto, (max-width: 800px) 100vw, 800px\" \/><\/a><\/p>\n<p><a href=\"https:\/\/olu-limburg.de\/wp-content\/uploads\/2017\/09\/DSC09258_ergebnis.jpg\"><img loading=\"lazy\" decoding=\"async\" class=\"size-full wp-image-12896 aligncenter\" src=\"https:\/\/olu-limburg.de\/wp-content\/uploads\/2017\/09\/DSC09258_ergebnis.jpg\" alt=\"\" width=\"800\" height=\"600\" srcset=\"https:\/\/olu-limburg.de\/wp-content\/uploads\/2017\/09\/DSC09258_ergebnis.jpg 800w, https:\/\/olu-limburg.de\/wp-content\/uploads\/2017\/09\/DSC09258_ergebnis-300x225.jpg 300w, https:\/\/olu-limburg.de\/wp-content\/uploads\/2017\/09\/DSC09258_ergebnis-768x576.jpg 768w, https:\/\/olu-limburg.de\/wp-content\/uploads\/2017\/09\/DSC09258_ergebnis-624x468.jpg 624w\" sizes=\"auto, (max-width: 800px) 100vw, 800px\" \/><\/a><\/p>\n<p><a href=\"https:\/\/olu-limburg.de\/wp-content\/uploads\/2017\/09\/DSC09206_ergebnis.jpg\"><img loading=\"lazy\" decoding=\"async\" class=\"size-full wp-image-12880 aligncenter\" src=\"https:\/\/olu-limburg.de\/wp-content\/uploads\/2017\/09\/DSC09206_ergebnis.jpg\" alt=\"\" width=\"800\" height=\"600\" srcset=\"https:\/\/olu-limburg.de\/wp-content\/uploads\/2017\/09\/DSC09206_ergebnis.jpg 800w, https:\/\/olu-limburg.de\/wp-content\/uploads\/2017\/09\/DSC09206_ergebnis-300x225.jpg 300w, https:\/\/olu-limburg.de\/wp-content\/uploads\/2017\/09\/DSC09206_ergebnis-768x576.jpg 768w, https:\/\/olu-limburg.de\/wp-content\/uploads\/2017\/09\/DSC09206_ergebnis-624x468.jpg 624w\" sizes=\"auto, (max-width: 800px) 100vw, 800px\" \/><\/a><\/p>\n<p>Tagesstrecke: 22 km<\/p>\n<p>&nbsp;<\/p>\n<p><strong>Dienstag, 29. August 2017<\/strong><\/p>\n<p>Heute will ich nach langer Zeit mal wieder tanken. Dazu fahren wir zu dem etwas au\u00dferhalb liegenden &#8222;Casino&#8220;. Lena will zum Waschautomaten. Tanken ist gut, aber der Waschautomat frisst unser Geld ohne etwas zu arbeiten, und keiner will zust\u00e4ndig sein. Da Diskusssionen in diesem Fall nur am Handy zu erledigen und somit nutzlos sind, fahren wir weiter auf den Stellplatz mit V+E von Piriac sur Mer\/Ortsteil L\u00e9rat (Geb\u00fchr EUR 6,00 + EUR 0,50\/Person).<\/p>\n<p>Auch hier ist alles neu und mit Schranke, aber leider ohne Markierungen, dadurch gibt es unfl\u00e4tige Womo-Ausrichtungen, die leider die Kapazit\u00e4t des Platzes vermindern.<\/p>\n<p><a href=\"https:\/\/olu-limburg.de\/wp-content\/uploads\/2017\/09\/DSC09261_ergebnis.jpg\"><img loading=\"lazy\" decoding=\"async\" class=\"size-full wp-image-12899 aligncenter\" src=\"https:\/\/olu-limburg.de\/wp-content\/uploads\/2017\/09\/DSC09261_ergebnis.jpg\" alt=\"\" width=\"800\" height=\"600\" srcset=\"https:\/\/olu-limburg.de\/wp-content\/uploads\/2017\/09\/DSC09261_ergebnis.jpg 800w, https:\/\/olu-limburg.de\/wp-content\/uploads\/2017\/09\/DSC09261_ergebnis-300x225.jpg 300w, https:\/\/olu-limburg.de\/wp-content\/uploads\/2017\/09\/DSC09261_ergebnis-768x576.jpg 768w, https:\/\/olu-limburg.de\/wp-content\/uploads\/2017\/09\/DSC09261_ergebnis-624x468.jpg 624w\" sizes=\"auto, (max-width: 800px) 100vw, 800px\" \/><\/a><\/p>\n<p>Um uns etwas abzuk\u00fchlen gehen wir zum nahen Badestrand. Anschlie\u00dfend nehmen wir uns die R\u00e4der und fahren zum Ortskern von Piriac.<\/p>\n<p><a href=\"https:\/\/olu-limburg.de\/wp-content\/uploads\/2017\/09\/DSC09262_ergebnis.jpg\"><img loading=\"lazy\" decoding=\"async\" class=\"size-full wp-image-12900 aligncenter\" src=\"https:\/\/olu-limburg.de\/wp-content\/uploads\/2017\/09\/DSC09262_ergebnis.jpg\" alt=\"\" width=\"800\" height=\"600\" srcset=\"https:\/\/olu-limburg.de\/wp-content\/uploads\/2017\/09\/DSC09262_ergebnis.jpg 800w, https:\/\/olu-limburg.de\/wp-content\/uploads\/2017\/09\/DSC09262_ergebnis-300x225.jpg 300w, https:\/\/olu-limburg.de\/wp-content\/uploads\/2017\/09\/DSC09262_ergebnis-768x576.jpg 768w, https:\/\/olu-limburg.de\/wp-content\/uploads\/2017\/09\/DSC09262_ergebnis-624x468.jpg 624w\" sizes=\"auto, (max-width: 800px) 100vw, 800px\" \/><\/a><\/p>\n<p><a href=\"https:\/\/olu-limburg.de\/wp-content\/uploads\/2017\/09\/DSC09264_ergebnis.jpg\"><img loading=\"lazy\" decoding=\"async\" class=\"size-full wp-image-12901 aligncenter\" src=\"https:\/\/olu-limburg.de\/wp-content\/uploads\/2017\/09\/DSC09264_ergebnis.jpg\" alt=\"\" width=\"800\" height=\"600\" srcset=\"https:\/\/olu-limburg.de\/wp-content\/uploads\/2017\/09\/DSC09264_ergebnis.jpg 800w, https:\/\/olu-limburg.de\/wp-content\/uploads\/2017\/09\/DSC09264_ergebnis-300x225.jpg 300w, https:\/\/olu-limburg.de\/wp-content\/uploads\/2017\/09\/DSC09264_ergebnis-768x576.jpg 768w, https:\/\/olu-limburg.de\/wp-content\/uploads\/2017\/09\/DSC09264_ergebnis-624x468.jpg 624w\" sizes=\"auto, (max-width: 800px) 100vw, 800px\" \/><\/a><\/p>\n<p><a href=\"https:\/\/olu-limburg.de\/wp-content\/uploads\/2017\/09\/DSC09265_ergebnis.jpg\"><img loading=\"lazy\" decoding=\"async\" class=\"size-full wp-image-12902 aligncenter\" src=\"https:\/\/olu-limburg.de\/wp-content\/uploads\/2017\/09\/DSC09265_ergebnis.jpg\" alt=\"\" width=\"800\" height=\"600\" srcset=\"https:\/\/olu-limburg.de\/wp-content\/uploads\/2017\/09\/DSC09265_ergebnis.jpg 800w, https:\/\/olu-limburg.de\/wp-content\/uploads\/2017\/09\/DSC09265_ergebnis-300x225.jpg 300w, https:\/\/olu-limburg.de\/wp-content\/uploads\/2017\/09\/DSC09265_ergebnis-768x576.jpg 768w, https:\/\/olu-limburg.de\/wp-content\/uploads\/2017\/09\/DSC09265_ergebnis-624x468.jpg 624w\" sizes=\"auto, (max-width: 800px) 100vw, 800px\" \/><\/a><\/p>\n<p>In den kleinen Gassen etwas abseits der Gesch\u00e4ftsstra\u00dfen finden wir wundersch\u00f6n hergerichtete alte H\u00e4user.<\/p>\n<p><a href=\"https:\/\/olu-limburg.de\/wp-content\/uploads\/2017\/09\/DSC09268_ergebnis.jpg\"><img loading=\"lazy\" decoding=\"async\" class=\"size-full wp-image-12903 aligncenter\" src=\"https:\/\/olu-limburg.de\/wp-content\/uploads\/2017\/09\/DSC09268_ergebnis.jpg\" alt=\"\" width=\"800\" height=\"600\" srcset=\"https:\/\/olu-limburg.de\/wp-content\/uploads\/2017\/09\/DSC09268_ergebnis.jpg 800w, https:\/\/olu-limburg.de\/wp-content\/uploads\/2017\/09\/DSC09268_ergebnis-300x225.jpg 300w, https:\/\/olu-limburg.de\/wp-content\/uploads\/2017\/09\/DSC09268_ergebnis-768x576.jpg 768w, https:\/\/olu-limburg.de\/wp-content\/uploads\/2017\/09\/DSC09268_ergebnis-624x468.jpg 624w\" sizes=\"auto, (max-width: 800px) 100vw, 800px\" \/><\/a><\/p>\n<p><a href=\"https:\/\/olu-limburg.de\/wp-content\/uploads\/2017\/09\/DSC09271_ergebnis-e1508257210839.jpg\"><img loading=\"lazy\" decoding=\"async\" class=\"size-full wp-image-12904 alignleft\" src=\"https:\/\/olu-limburg.de\/wp-content\/uploads\/2017\/09\/DSC09271_ergebnis-e1508257210839.jpg\" alt=\"\" width=\"450\" height=\"600\" \/><\/a><\/p>\n<p><a href=\"https:\/\/olu-limburg.de\/wp-content\/uploads\/2017\/09\/DSC09273_ergebnis-e1508257232907.jpg\"><img loading=\"lazy\" decoding=\"async\" class=\"size-full wp-image-12905 alignright\" src=\"https:\/\/olu-limburg.de\/wp-content\/uploads\/2017\/09\/DSC09273_ergebnis-e1508257232907.jpg\" alt=\"\" width=\"450\" height=\"600\" \/><\/a><\/p>\n<p><a href=\"https:\/\/olu-limburg.de\/wp-content\/uploads\/2017\/09\/DSC09274_ergebnis.jpg\"><img loading=\"lazy\" decoding=\"async\" class=\"size-full wp-image-12906 aligncenter\" src=\"https:\/\/olu-limburg.de\/wp-content\/uploads\/2017\/09\/DSC09274_ergebnis.jpg\" alt=\"\" width=\"800\" height=\"600\" srcset=\"https:\/\/olu-limburg.de\/wp-content\/uploads\/2017\/09\/DSC09274_ergebnis.jpg 800w, https:\/\/olu-limburg.de\/wp-content\/uploads\/2017\/09\/DSC09274_ergebnis-300x225.jpg 300w, https:\/\/olu-limburg.de\/wp-content\/uploads\/2017\/09\/DSC09274_ergebnis-768x576.jpg 768w, https:\/\/olu-limburg.de\/wp-content\/uploads\/2017\/09\/DSC09274_ergebnis-624x468.jpg 624w\" sizes=\"auto, (max-width: 800px) 100vw, 800px\" \/><\/a><\/p>\n<p>Tagesstrecke: 84 km<\/p>\n<p>&nbsp;<\/p>\n<p><strong>Mittwoch, 30. August 2017<\/strong><\/p>\n<p>Der B\u00e4cker kommt schon um kurz nach 08.00 Uhr auf den Platz. Es ist kalt und bew\u00f6lkt. Da die Entsorgung au\u00dferhalb des Platzes liegt, werden wir beim Verlassen gefragt, ob wir wieder kommen oder den Platz endg\u00fcltig verlassen. F\u00fcr das Frischwasser braucht man einen speziellen Steckanschlu\u00df.<\/p>\n<p>Auf dem Weg nach Le Croisic machen wir Mittagsrast in Guerande. Die Altstadt ist mit einer Stadtmauer befestigt, und wir sind bisher immer nur an der Stadt vorbei oder durch gefahren. Wir kommen auch an dem Stellplatz entlang, der f\u00fcr uns aber momentan uninteressant ist. Geparkt wird bei der Post, und von da aus ist es nicht weit bis zur Altstadt.<\/p>\n<p>Trotz der k\u00fchlen Witterung qu\u00e4len sich die Touristen durch die Gassen. Es ist Markt. Dementsprechend voll sind die recht \u00fcbersichtlichen und einseitigen Restaurants.<\/p>\n<p><a href=\"https:\/\/olu-limburg.de\/wp-content\/uploads\/2017\/09\/DSC09276_ergebnis.jpg\"><img loading=\"lazy\" decoding=\"async\" class=\"size-full wp-image-12908 aligncenter\" src=\"https:\/\/olu-limburg.de\/wp-content\/uploads\/2017\/09\/DSC09276_ergebnis.jpg\" alt=\"\" width=\"800\" height=\"600\" srcset=\"https:\/\/olu-limburg.de\/wp-content\/uploads\/2017\/09\/DSC09276_ergebnis.jpg 800w, https:\/\/olu-limburg.de\/wp-content\/uploads\/2017\/09\/DSC09276_ergebnis-300x225.jpg 300w, https:\/\/olu-limburg.de\/wp-content\/uploads\/2017\/09\/DSC09276_ergebnis-768x576.jpg 768w, https:\/\/olu-limburg.de\/wp-content\/uploads\/2017\/09\/DSC09276_ergebnis-624x468.jpg 624w\" sizes=\"auto, (max-width: 800px) 100vw, 800px\" \/><\/a><\/p>\n<p><a href=\"https:\/\/olu-limburg.de\/wp-content\/uploads\/2017\/09\/DSC09284_ergebnis.jpg\"><img loading=\"lazy\" decoding=\"async\" class=\"size-full wp-image-12909 aligncenter\" src=\"https:\/\/olu-limburg.de\/wp-content\/uploads\/2017\/09\/DSC09284_ergebnis.jpg\" alt=\"\" width=\"800\" height=\"600\" srcset=\"https:\/\/olu-limburg.de\/wp-content\/uploads\/2017\/09\/DSC09284_ergebnis.jpg 800w, https:\/\/olu-limburg.de\/wp-content\/uploads\/2017\/09\/DSC09284_ergebnis-300x225.jpg 300w, https:\/\/olu-limburg.de\/wp-content\/uploads\/2017\/09\/DSC09284_ergebnis-768x576.jpg 768w, https:\/\/olu-limburg.de\/wp-content\/uploads\/2017\/09\/DSC09284_ergebnis-624x468.jpg 624w\" sizes=\"auto, (max-width: 800px) 100vw, 800px\" \/><\/a><\/p>\n<div id=\"attachment_12910\" style=\"width: 810px\" class=\"wp-caption aligncenter\"><a href=\"https:\/\/olu-limburg.de\/wp-content\/uploads\/2017\/09\/DSC09285_ergebnis.jpg\"><img loading=\"lazy\" decoding=\"async\" aria-describedby=\"caption-attachment-12910\" class=\"wp-image-12910 size-full\" src=\"https:\/\/olu-limburg.de\/wp-content\/uploads\/2017\/09\/DSC09285_ergebnis.jpg\" alt=\"\" width=\"800\" height=\"600\" srcset=\"https:\/\/olu-limburg.de\/wp-content\/uploads\/2017\/09\/DSC09285_ergebnis.jpg 800w, https:\/\/olu-limburg.de\/wp-content\/uploads\/2017\/09\/DSC09285_ergebnis-300x225.jpg 300w, https:\/\/olu-limburg.de\/wp-content\/uploads\/2017\/09\/DSC09285_ergebnis-768x576.jpg 768w, https:\/\/olu-limburg.de\/wp-content\/uploads\/2017\/09\/DSC09285_ergebnis-624x468.jpg 624w\" sizes=\"auto, (max-width: 800px) 100vw, 800px\" \/><\/a><p id=\"caption-attachment-12910\" class=\"wp-caption-text\">Sel de Guerande<\/p><\/div>\n<p><a href=\"https:\/\/olu-limburg.de\/wp-content\/uploads\/2017\/09\/DSC09287_ergebnis.jpg\"><img loading=\"lazy\" decoding=\"async\" class=\"size-full wp-image-12911 aligncenter\" src=\"https:\/\/olu-limburg.de\/wp-content\/uploads\/2017\/09\/DSC09287_ergebnis.jpg\" alt=\"\" width=\"800\" height=\"600\" srcset=\"https:\/\/olu-limburg.de\/wp-content\/uploads\/2017\/09\/DSC09287_ergebnis.jpg 800w, https:\/\/olu-limburg.de\/wp-content\/uploads\/2017\/09\/DSC09287_ergebnis-300x225.jpg 300w, https:\/\/olu-limburg.de\/wp-content\/uploads\/2017\/09\/DSC09287_ergebnis-768x576.jpg 768w, https:\/\/olu-limburg.de\/wp-content\/uploads\/2017\/09\/DSC09287_ergebnis-624x468.jpg 624w\" sizes=\"auto, (max-width: 800px) 100vw, 800px\" \/><\/a><\/p>\n<p><a href=\"https:\/\/olu-limburg.de\/wp-content\/uploads\/2017\/09\/DSC09289_ergebnis.jpg\"><img loading=\"lazy\" decoding=\"async\" class=\"size-full wp-image-12912 aligncenter\" src=\"https:\/\/olu-limburg.de\/wp-content\/uploads\/2017\/09\/DSC09289_ergebnis.jpg\" alt=\"\" width=\"800\" height=\"600\" srcset=\"https:\/\/olu-limburg.de\/wp-content\/uploads\/2017\/09\/DSC09289_ergebnis.jpg 800w, https:\/\/olu-limburg.de\/wp-content\/uploads\/2017\/09\/DSC09289_ergebnis-300x225.jpg 300w, https:\/\/olu-limburg.de\/wp-content\/uploads\/2017\/09\/DSC09289_ergebnis-768x576.jpg 768w, https:\/\/olu-limburg.de\/wp-content\/uploads\/2017\/09\/DSC09289_ergebnis-624x468.jpg 624w\" sizes=\"auto, (max-width: 800px) 100vw, 800px\" \/><\/a><\/p>\n<p><a href=\"https:\/\/olu-limburg.de\/wp-content\/uploads\/2017\/09\/DSC09290_ergebnis.jpg\"><img loading=\"lazy\" decoding=\"async\" class=\"size-full wp-image-12913 aligncenter\" src=\"https:\/\/olu-limburg.de\/wp-content\/uploads\/2017\/09\/DSC09290_ergebnis.jpg\" alt=\"\" width=\"800\" height=\"600\" srcset=\"https:\/\/olu-limburg.de\/wp-content\/uploads\/2017\/09\/DSC09290_ergebnis.jpg 800w, https:\/\/olu-limburg.de\/wp-content\/uploads\/2017\/09\/DSC09290_ergebnis-300x225.jpg 300w, https:\/\/olu-limburg.de\/wp-content\/uploads\/2017\/09\/DSC09290_ergebnis-768x576.jpg 768w, https:\/\/olu-limburg.de\/wp-content\/uploads\/2017\/09\/DSC09290_ergebnis-624x468.jpg 624w\" sizes=\"auto, (max-width: 800px) 100vw, 800px\" \/><\/a><\/p>\n<p><a href=\"https:\/\/olu-limburg.de\/wp-content\/uploads\/2017\/09\/DSC09292_ergebnis.jpg\"><img loading=\"lazy\" decoding=\"async\" class=\"size-full wp-image-12915 aligncenter\" src=\"https:\/\/olu-limburg.de\/wp-content\/uploads\/2017\/09\/DSC09292_ergebnis.jpg\" alt=\"\" width=\"800\" height=\"600\" srcset=\"https:\/\/olu-limburg.de\/wp-content\/uploads\/2017\/09\/DSC09292_ergebnis.jpg 800w, https:\/\/olu-limburg.de\/wp-content\/uploads\/2017\/09\/DSC09292_ergebnis-300x225.jpg 300w, https:\/\/olu-limburg.de\/wp-content\/uploads\/2017\/09\/DSC09292_ergebnis-768x576.jpg 768w, https:\/\/olu-limburg.de\/wp-content\/uploads\/2017\/09\/DSC09292_ergebnis-624x468.jpg 624w\" sizes=\"auto, (max-width: 800px) 100vw, 800px\" \/><\/a><\/p>\n<p><a href=\"https:\/\/olu-limburg.de\/wp-content\/uploads\/2017\/09\/DSC09296_ergebnis.jpg\"><img loading=\"lazy\" decoding=\"async\" class=\"size-full wp-image-12917 aligncenter\" src=\"https:\/\/olu-limburg.de\/wp-content\/uploads\/2017\/09\/DSC09296_ergebnis.jpg\" alt=\"\" width=\"800\" height=\"600\" srcset=\"https:\/\/olu-limburg.de\/wp-content\/uploads\/2017\/09\/DSC09296_ergebnis.jpg 800w, https:\/\/olu-limburg.de\/wp-content\/uploads\/2017\/09\/DSC09296_ergebnis-300x225.jpg 300w, https:\/\/olu-limburg.de\/wp-content\/uploads\/2017\/09\/DSC09296_ergebnis-768x576.jpg 768w, https:\/\/olu-limburg.de\/wp-content\/uploads\/2017\/09\/DSC09296_ergebnis-624x468.jpg 624w\" sizes=\"auto, (max-width: 800px) 100vw, 800px\" \/><\/a><\/p>\n<p><a href=\"https:\/\/olu-limburg.de\/wp-content\/uploads\/2017\/09\/DSC09301_ergebnis.jpg\"><img loading=\"lazy\" decoding=\"async\" class=\"size-full wp-image-12918 aligncenter\" src=\"https:\/\/olu-limburg.de\/wp-content\/uploads\/2017\/09\/DSC09301_ergebnis.jpg\" alt=\"\" width=\"800\" height=\"600\" srcset=\"https:\/\/olu-limburg.de\/wp-content\/uploads\/2017\/09\/DSC09301_ergebnis.jpg 800w, https:\/\/olu-limburg.de\/wp-content\/uploads\/2017\/09\/DSC09301_ergebnis-300x225.jpg 300w, https:\/\/olu-limburg.de\/wp-content\/uploads\/2017\/09\/DSC09301_ergebnis-768x576.jpg 768w, https:\/\/olu-limburg.de\/wp-content\/uploads\/2017\/09\/DSC09301_ergebnis-624x468.jpg 624w\" sizes=\"auto, (max-width: 800px) 100vw, 800px\" \/><\/a><\/p>\n<p>Es regnet und wir beschlie\u00dfen weiter zu fahren. An der Cote Sauvage von Le Croisic finden wir auf dem Stellplatz &#8222;Le Vigie&#8220; mit V+E (Geb\u00fchr EUR 6,30 von 20.00 &#8211; 09.00 Uhr, tags\u00fcber kostenlos) noch ein Pl\u00e4tzchen. Wir haben eine herrliche Aussicht auf das Meer.<\/p>\n<p><a href=\"https:\/\/olu-limburg.de\/wp-content\/uploads\/2017\/09\/DSC09302_ergebnis.jpg\"><img loading=\"lazy\" decoding=\"async\" class=\"size-full wp-image-12919 aligncenter\" src=\"https:\/\/olu-limburg.de\/wp-content\/uploads\/2017\/09\/DSC09302_ergebnis.jpg\" alt=\"\" width=\"800\" height=\"600\" srcset=\"https:\/\/olu-limburg.de\/wp-content\/uploads\/2017\/09\/DSC09302_ergebnis.jpg 800w, https:\/\/olu-limburg.de\/wp-content\/uploads\/2017\/09\/DSC09302_ergebnis-300x225.jpg 300w, https:\/\/olu-limburg.de\/wp-content\/uploads\/2017\/09\/DSC09302_ergebnis-768x576.jpg 768w, https:\/\/olu-limburg.de\/wp-content\/uploads\/2017\/09\/DSC09302_ergebnis-624x468.jpg 624w\" sizes=\"auto, (max-width: 800px) 100vw, 800px\" \/><\/a><\/p>\n<p><a href=\"https:\/\/olu-limburg.de\/wp-content\/uploads\/2017\/09\/DSC09303_ergebnis.jpg\"><img loading=\"lazy\" decoding=\"async\" class=\"size-full wp-image-12920 aligncenter\" src=\"https:\/\/olu-limburg.de\/wp-content\/uploads\/2017\/09\/DSC09303_ergebnis.jpg\" alt=\"\" width=\"800\" height=\"600\" srcset=\"https:\/\/olu-limburg.de\/wp-content\/uploads\/2017\/09\/DSC09303_ergebnis.jpg 800w, https:\/\/olu-limburg.de\/wp-content\/uploads\/2017\/09\/DSC09303_ergebnis-300x225.jpg 300w, https:\/\/olu-limburg.de\/wp-content\/uploads\/2017\/09\/DSC09303_ergebnis-768x576.jpg 768w, https:\/\/olu-limburg.de\/wp-content\/uploads\/2017\/09\/DSC09303_ergebnis-624x468.jpg 624w\" sizes=\"auto, (max-width: 800px) 100vw, 800px\" \/><\/a><\/p>\n<p>Am Sp\u00e4tnachmittag bessert sich das Wetter, und wir machen einen Spaziergang an der K\u00fcste entlang.<\/p>\n<p><a href=\"https:\/\/olu-limburg.de\/wp-content\/uploads\/2017\/09\/DSC09310_ergebnis.jpg\"><img loading=\"lazy\" decoding=\"async\" class=\"size-full wp-image-12929 aligncenter\" src=\"https:\/\/olu-limburg.de\/wp-content\/uploads\/2017\/09\/DSC09310_ergebnis.jpg\" alt=\"\" width=\"800\" height=\"600\" srcset=\"https:\/\/olu-limburg.de\/wp-content\/uploads\/2017\/09\/DSC09310_ergebnis.jpg 800w, https:\/\/olu-limburg.de\/wp-content\/uploads\/2017\/09\/DSC09310_ergebnis-300x225.jpg 300w, https:\/\/olu-limburg.de\/wp-content\/uploads\/2017\/09\/DSC09310_ergebnis-768x576.jpg 768w, https:\/\/olu-limburg.de\/wp-content\/uploads\/2017\/09\/DSC09310_ergebnis-624x468.jpg 624w\" sizes=\"auto, (max-width: 800px) 100vw, 800px\" \/><\/a><\/p>\n<p><a href=\"https:\/\/olu-limburg.de\/wp-content\/uploads\/2017\/09\/DSC09313_ergebnis.jpg\"><img loading=\"lazy\" decoding=\"async\" class=\"size-full wp-image-12930 aligncenter\" src=\"https:\/\/olu-limburg.de\/wp-content\/uploads\/2017\/09\/DSC09313_ergebnis.jpg\" alt=\"\" width=\"800\" height=\"600\" srcset=\"https:\/\/olu-limburg.de\/wp-content\/uploads\/2017\/09\/DSC09313_ergebnis.jpg 800w, https:\/\/olu-limburg.de\/wp-content\/uploads\/2017\/09\/DSC09313_ergebnis-300x225.jpg 300w, https:\/\/olu-limburg.de\/wp-content\/uploads\/2017\/09\/DSC09313_ergebnis-768x576.jpg 768w, https:\/\/olu-limburg.de\/wp-content\/uploads\/2017\/09\/DSC09313_ergebnis-624x468.jpg 624w\" sizes=\"auto, (max-width: 800px) 100vw, 800px\" \/><\/a><\/p>\n<p><a href=\"https:\/\/olu-limburg.de\/wp-content\/uploads\/2017\/09\/DSC09316_ergebnis.jpg\"><img loading=\"lazy\" decoding=\"async\" class=\"size-full wp-image-12931 aligncenter\" src=\"https:\/\/olu-limburg.de\/wp-content\/uploads\/2017\/09\/DSC09316_ergebnis.jpg\" alt=\"\" width=\"800\" height=\"600\" srcset=\"https:\/\/olu-limburg.de\/wp-content\/uploads\/2017\/09\/DSC09316_ergebnis.jpg 800w, https:\/\/olu-limburg.de\/wp-content\/uploads\/2017\/09\/DSC09316_ergebnis-300x225.jpg 300w, https:\/\/olu-limburg.de\/wp-content\/uploads\/2017\/09\/DSC09316_ergebnis-768x576.jpg 768w, https:\/\/olu-limburg.de\/wp-content\/uploads\/2017\/09\/DSC09316_ergebnis-624x468.jpg 624w\" sizes=\"auto, (max-width: 800px) 100vw, 800px\" \/><\/a><\/p>\n<p><a href=\"https:\/\/olu-limburg.de\/wp-content\/uploads\/2017\/09\/DSC09321_ergebnis.jpg\"><img loading=\"lazy\" decoding=\"async\" class=\"size-full wp-image-12932 aligncenter\" src=\"https:\/\/olu-limburg.de\/wp-content\/uploads\/2017\/09\/DSC09321_ergebnis.jpg\" alt=\"\" width=\"800\" height=\"600\" srcset=\"https:\/\/olu-limburg.de\/wp-content\/uploads\/2017\/09\/DSC09321_ergebnis.jpg 800w, https:\/\/olu-limburg.de\/wp-content\/uploads\/2017\/09\/DSC09321_ergebnis-300x225.jpg 300w, https:\/\/olu-limburg.de\/wp-content\/uploads\/2017\/09\/DSC09321_ergebnis-768x576.jpg 768w, https:\/\/olu-limburg.de\/wp-content\/uploads\/2017\/09\/DSC09321_ergebnis-624x468.jpg 624w\" sizes=\"auto, (max-width: 800px) 100vw, 800px\" \/><\/a><\/p>\n<p><a href=\"https:\/\/olu-limburg.de\/wp-content\/uploads\/2017\/09\/DSC09322_ergebnis.jpg\"><img loading=\"lazy\" decoding=\"async\" class=\"size-full wp-image-12933 aligncenter\" src=\"https:\/\/olu-limburg.de\/wp-content\/uploads\/2017\/09\/DSC09322_ergebnis.jpg\" alt=\"\" width=\"800\" height=\"600\" srcset=\"https:\/\/olu-limburg.de\/wp-content\/uploads\/2017\/09\/DSC09322_ergebnis.jpg 800w, https:\/\/olu-limburg.de\/wp-content\/uploads\/2017\/09\/DSC09322_ergebnis-300x225.jpg 300w, https:\/\/olu-limburg.de\/wp-content\/uploads\/2017\/09\/DSC09322_ergebnis-768x576.jpg 768w, https:\/\/olu-limburg.de\/wp-content\/uploads\/2017\/09\/DSC09322_ergebnis-624x468.jpg 624w\" sizes=\"auto, (max-width: 800px) 100vw, 800px\" \/><\/a><\/p>\n<p><a href=\"https:\/\/olu-limburg.de\/wp-content\/uploads\/2017\/09\/P1050682_ergebnis.jpg\"><img loading=\"lazy\" decoding=\"async\" class=\"size-full wp-image-13006 aligncenter\" src=\"https:\/\/olu-limburg.de\/wp-content\/uploads\/2017\/09\/P1050682_ergebnis.jpg\" alt=\"\" width=\"800\" height=\"600\" srcset=\"https:\/\/olu-limburg.de\/wp-content\/uploads\/2017\/09\/P1050682_ergebnis.jpg 800w, https:\/\/olu-limburg.de\/wp-content\/uploads\/2017\/09\/P1050682_ergebnis-300x225.jpg 300w, https:\/\/olu-limburg.de\/wp-content\/uploads\/2017\/09\/P1050682_ergebnis-768x576.jpg 768w, https:\/\/olu-limburg.de\/wp-content\/uploads\/2017\/09\/P1050682_ergebnis-624x468.jpg 624w\" sizes=\"auto, (max-width: 800px) 100vw, 800px\" \/><\/a><\/p>\n<div id=\"attachment_13007\" style=\"width: 810px\" class=\"wp-caption aligncenter\"><a href=\"https:\/\/olu-limburg.de\/wp-content\/uploads\/2017\/09\/P1050686_ergebnis.jpg\"><img loading=\"lazy\" decoding=\"async\" aria-describedby=\"caption-attachment-13007\" class=\"wp-image-13007 size-full\" src=\"https:\/\/olu-limburg.de\/wp-content\/uploads\/2017\/09\/P1050686_ergebnis.jpg\" alt=\"\" width=\"800\" height=\"600\" srcset=\"https:\/\/olu-limburg.de\/wp-content\/uploads\/2017\/09\/P1050686_ergebnis.jpg 800w, https:\/\/olu-limburg.de\/wp-content\/uploads\/2017\/09\/P1050686_ergebnis-300x225.jpg 300w, https:\/\/olu-limburg.de\/wp-content\/uploads\/2017\/09\/P1050686_ergebnis-768x576.jpg 768w, https:\/\/olu-limburg.de\/wp-content\/uploads\/2017\/09\/P1050686_ergebnis-624x468.jpg 624w\" sizes=\"auto, (max-width: 800px) 100vw, 800px\" \/><\/a><p id=\"caption-attachment-13007\" class=\"wp-caption-text\">Phare Le Four<\/p><\/div>\n<p>Am Abend erleben wir \u00fcber einen Zeitraum von Stunden immer neue Versuche unseres franz\u00f6sichen &#8222;Nachbarn&#8220;, in sein mit Zentralverriegelung best\u00fccktes Wohnmobil zu gelangen, da der Schl\u00fcssel ungl\u00fccklicherweise drinnen liegt. Erst mein Hinweis, doch die Polizei anzurufen und einen &#8222;Fachmann zum \u00d6ffnen von Autos&#8220; kommen zu lassen, brachte nach weiteren Stunden Erfolg. Danach konnte er zwar in sein Wohnmobil einsteigen, aber die Aufbaut\u00fcr war total verbogen.<\/p>\n<p>Tagesstrecke: 27 km<\/p>\n<p>&nbsp;<\/p>\n<p><strong>Donnerstag, 31. August 2017<\/strong><\/p>\n<p>Bevor wir uns ganz von der C\u00f4te d&#8217;Amour verabschieden, fahren wir nach Le Croisic hinein und parken auf dem Wohnmobil-Stellplatz &#8222;Kerdavid&#8220;.<\/p>\n<p><a href=\"https:\/\/olu-limburg.de\/wp-content\/uploads\/2017\/09\/P1050741_ergebnis.jpg\"><img loading=\"lazy\" decoding=\"async\" class=\"size-full wp-image-13009 aligncenter\" src=\"https:\/\/olu-limburg.de\/wp-content\/uploads\/2017\/09\/P1050741_ergebnis.jpg\" alt=\"\" width=\"800\" height=\"600\" srcset=\"https:\/\/olu-limburg.de\/wp-content\/uploads\/2017\/09\/P1050741_ergebnis.jpg 800w, https:\/\/olu-limburg.de\/wp-content\/uploads\/2017\/09\/P1050741_ergebnis-300x225.jpg 300w, https:\/\/olu-limburg.de\/wp-content\/uploads\/2017\/09\/P1050741_ergebnis-768x576.jpg 768w, https:\/\/olu-limburg.de\/wp-content\/uploads\/2017\/09\/P1050741_ergebnis-624x468.jpg 624w\" sizes=\"auto, (max-width: 800px) 100vw, 800px\" \/><\/a><\/p>\n<p>Nach einem kleinen Rundgang essen wir im &#8222;Air Marin&#8220; und weiter geht&#8217;s in Richtung Bri\u00e8re.<\/p>\n<p><a href=\"https:\/\/olu-limburg.de\/wp-content\/uploads\/2017\/09\/DSC09325_ergebnis.jpg\"><img loading=\"lazy\" decoding=\"async\" class=\"size-full wp-image-12934 aligncenter\" src=\"https:\/\/olu-limburg.de\/wp-content\/uploads\/2017\/09\/DSC09325_ergebnis.jpg\" alt=\"\" width=\"800\" height=\"600\" srcset=\"https:\/\/olu-limburg.de\/wp-content\/uploads\/2017\/09\/DSC09325_ergebnis.jpg 800w, https:\/\/olu-limburg.de\/wp-content\/uploads\/2017\/09\/DSC09325_ergebnis-300x225.jpg 300w, https:\/\/olu-limburg.de\/wp-content\/uploads\/2017\/09\/DSC09325_ergebnis-768x576.jpg 768w, https:\/\/olu-limburg.de\/wp-content\/uploads\/2017\/09\/DSC09325_ergebnis-624x468.jpg 624w\" sizes=\"auto, (max-width: 800px) 100vw, 800px\" \/><\/a><\/p>\n<p><a href=\"https:\/\/olu-limburg.de\/wp-content\/uploads\/2017\/09\/DSC09328_ergebnis.jpg\"><img loading=\"lazy\" decoding=\"async\" class=\"size-full wp-image-12935 aligncenter\" src=\"https:\/\/olu-limburg.de\/wp-content\/uploads\/2017\/09\/DSC09328_ergebnis.jpg\" alt=\"\" width=\"800\" height=\"600\" srcset=\"https:\/\/olu-limburg.de\/wp-content\/uploads\/2017\/09\/DSC09328_ergebnis.jpg 800w, https:\/\/olu-limburg.de\/wp-content\/uploads\/2017\/09\/DSC09328_ergebnis-300x225.jpg 300w, https:\/\/olu-limburg.de\/wp-content\/uploads\/2017\/09\/DSC09328_ergebnis-768x576.jpg 768w, https:\/\/olu-limburg.de\/wp-content\/uploads\/2017\/09\/DSC09328_ergebnis-624x468.jpg 624w\" sizes=\"auto, (max-width: 800px) 100vw, 800px\" \/><\/a><\/p>\n<p><a href=\"https:\/\/olu-limburg.de\/wp-content\/uploads\/2017\/09\/DSC09331_ergebnis.jpg\"><img loading=\"lazy\" decoding=\"async\" class=\"size-full wp-image-12936 aligncenter\" src=\"https:\/\/olu-limburg.de\/wp-content\/uploads\/2017\/09\/DSC09331_ergebnis.jpg\" alt=\"\" width=\"800\" height=\"600\" srcset=\"https:\/\/olu-limburg.de\/wp-content\/uploads\/2017\/09\/DSC09331_ergebnis.jpg 800w, https:\/\/olu-limburg.de\/wp-content\/uploads\/2017\/09\/DSC09331_ergebnis-300x225.jpg 300w, https:\/\/olu-limburg.de\/wp-content\/uploads\/2017\/09\/DSC09331_ergebnis-768x576.jpg 768w, https:\/\/olu-limburg.de\/wp-content\/uploads\/2017\/09\/DSC09331_ergebnis-624x468.jpg 624w\" sizes=\"auto, (max-width: 800px) 100vw, 800px\" \/><\/a><\/p>\n<div id=\"attachment_12938\" style=\"width: 810px\" class=\"wp-caption aligncenter\"><a href=\"https:\/\/olu-limburg.de\/wp-content\/uploads\/2017\/09\/DSC09338_ergebnis.jpg\"><img loading=\"lazy\" decoding=\"async\" aria-describedby=\"caption-attachment-12938\" class=\"wp-image-12938 size-full\" src=\"https:\/\/olu-limburg.de\/wp-content\/uploads\/2017\/09\/DSC09338_ergebnis.jpg\" alt=\"\" width=\"800\" height=\"600\" srcset=\"https:\/\/olu-limburg.de\/wp-content\/uploads\/2017\/09\/DSC09338_ergebnis.jpg 800w, https:\/\/olu-limburg.de\/wp-content\/uploads\/2017\/09\/DSC09338_ergebnis-300x225.jpg 300w, https:\/\/olu-limburg.de\/wp-content\/uploads\/2017\/09\/DSC09338_ergebnis-768x576.jpg 768w, https:\/\/olu-limburg.de\/wp-content\/uploads\/2017\/09\/DSC09338_ergebnis-624x468.jpg 624w\" sizes=\"auto, (max-width: 800px) 100vw, 800px\" \/><\/a><p id=\"caption-attachment-12938\" class=\"wp-caption-text\">Pointe de Pen Bron, gegen\u00fcber von Le Croisic<\/p><\/div>\n<p><a href=\"https:\/\/olu-limburg.de\/wp-content\/uploads\/2017\/09\/DSC09337_ergebnis.jpg\"><img loading=\"lazy\" decoding=\"async\" class=\"size-full wp-image-12937 aligncenter\" src=\"https:\/\/olu-limburg.de\/wp-content\/uploads\/2017\/09\/DSC09337_ergebnis.jpg\" alt=\"\" width=\"800\" height=\"600\" srcset=\"https:\/\/olu-limburg.de\/wp-content\/uploads\/2017\/09\/DSC09337_ergebnis.jpg 800w, https:\/\/olu-limburg.de\/wp-content\/uploads\/2017\/09\/DSC09337_ergebnis-300x225.jpg 300w, https:\/\/olu-limburg.de\/wp-content\/uploads\/2017\/09\/DSC09337_ergebnis-768x576.jpg 768w, https:\/\/olu-limburg.de\/wp-content\/uploads\/2017\/09\/DSC09337_ergebnis-624x468.jpg 624w\" sizes=\"auto, (max-width: 800px) 100vw, 800px\" \/><\/a><\/p>\n<p><a href=\"https:\/\/olu-limburg.de\/wp-content\/uploads\/2017\/09\/DSC09342_ergebnis.jpg\"><img loading=\"lazy\" decoding=\"async\" class=\"size-full wp-image-12940 aligncenter\" src=\"https:\/\/olu-limburg.de\/wp-content\/uploads\/2017\/09\/DSC09342_ergebnis.jpg\" alt=\"\" width=\"800\" height=\"600\" srcset=\"https:\/\/olu-limburg.de\/wp-content\/uploads\/2017\/09\/DSC09342_ergebnis.jpg 800w, https:\/\/olu-limburg.de\/wp-content\/uploads\/2017\/09\/DSC09342_ergebnis-300x225.jpg 300w, https:\/\/olu-limburg.de\/wp-content\/uploads\/2017\/09\/DSC09342_ergebnis-768x576.jpg 768w, https:\/\/olu-limburg.de\/wp-content\/uploads\/2017\/09\/DSC09342_ergebnis-624x468.jpg 624w\" sizes=\"auto, (max-width: 800px) 100vw, 800px\" \/><\/a><\/p>\n<p><a href=\"https:\/\/olu-limburg.de\/wp-content\/uploads\/2017\/09\/DSC09345_ergebnis-e1509207739570.jpg\"><img loading=\"lazy\" decoding=\"async\" class=\"size-full wp-image-12941 aligncenter\" src=\"https:\/\/olu-limburg.de\/wp-content\/uploads\/2017\/09\/DSC09345_ergebnis-e1509207739570.jpg\" alt=\"\" width=\"450\" height=\"600\" \/><\/a><\/p>\n<p><a href=\"https:\/\/olu-limburg.de\/wp-content\/uploads\/2017\/09\/DSC09347_ergebnis.jpg\"><img loading=\"lazy\" decoding=\"async\" class=\"alignnone size-full wp-image-12942\" src=\"https:\/\/olu-limburg.de\/wp-content\/uploads\/2017\/09\/DSC09347_ergebnis.jpg\" alt=\"\" width=\"800\" height=\"600\" srcset=\"https:\/\/olu-limburg.de\/wp-content\/uploads\/2017\/09\/DSC09347_ergebnis.jpg 800w, https:\/\/olu-limburg.de\/wp-content\/uploads\/2017\/09\/DSC09347_ergebnis-300x225.jpg 300w, https:\/\/olu-limburg.de\/wp-content\/uploads\/2017\/09\/DSC09347_ergebnis-768x576.jpg 768w, https:\/\/olu-limburg.de\/wp-content\/uploads\/2017\/09\/DSC09347_ergebnis-624x468.jpg 624w\" sizes=\"auto, (max-width: 800px) 100vw, 800px\" \/><\/a><\/p>\n<p><a href=\"https:\/\/olu-limburg.de\/wp-content\/uploads\/2017\/09\/DSC09339_ergebnis.jpg\"><img loading=\"lazy\" decoding=\"async\" class=\"size-full wp-image-12939 aligncenter\" src=\"https:\/\/olu-limburg.de\/wp-content\/uploads\/2017\/09\/DSC09339_ergebnis.jpg\" alt=\"\" width=\"800\" height=\"600\" srcset=\"https:\/\/olu-limburg.de\/wp-content\/uploads\/2017\/09\/DSC09339_ergebnis.jpg 800w, https:\/\/olu-limburg.de\/wp-content\/uploads\/2017\/09\/DSC09339_ergebnis-300x225.jpg 300w, https:\/\/olu-limburg.de\/wp-content\/uploads\/2017\/09\/DSC09339_ergebnis-768x576.jpg 768w, https:\/\/olu-limburg.de\/wp-content\/uploads\/2017\/09\/DSC09339_ergebnis-624x468.jpg 624w\" sizes=\"auto, (max-width: 800px) 100vw, 800px\" \/><\/a><\/p>\n<p><a href=\"https:\/\/olu-limburg.de\/wp-content\/uploads\/2017\/09\/DSC09348_ergebnis.jpg\"><img loading=\"lazy\" decoding=\"async\" class=\"size-full wp-image-12943 aligncenter\" src=\"https:\/\/olu-limburg.de\/wp-content\/uploads\/2017\/09\/DSC09348_ergebnis.jpg\" alt=\"\" width=\"800\" height=\"600\" srcset=\"https:\/\/olu-limburg.de\/wp-content\/uploads\/2017\/09\/DSC09348_ergebnis.jpg 800w, https:\/\/olu-limburg.de\/wp-content\/uploads\/2017\/09\/DSC09348_ergebnis-300x225.jpg 300w, https:\/\/olu-limburg.de\/wp-content\/uploads\/2017\/09\/DSC09348_ergebnis-768x576.jpg 768w, https:\/\/olu-limburg.de\/wp-content\/uploads\/2017\/09\/DSC09348_ergebnis-624x468.jpg 624w\" sizes=\"auto, (max-width: 800px) 100vw, 800px\" \/><\/a><\/p>\n<p><a href=\"https:\/\/olu-limburg.de\/wp-content\/uploads\/2017\/09\/P1050738_ergebnis.jpg\"><img loading=\"lazy\" decoding=\"async\" class=\"size-full wp-image-13008 aligncenter\" src=\"https:\/\/olu-limburg.de\/wp-content\/uploads\/2017\/09\/P1050738_ergebnis.jpg\" alt=\"\" width=\"800\" height=\"600\" srcset=\"https:\/\/olu-limburg.de\/wp-content\/uploads\/2017\/09\/P1050738_ergebnis.jpg 800w, https:\/\/olu-limburg.de\/wp-content\/uploads\/2017\/09\/P1050738_ergebnis-300x225.jpg 300w, https:\/\/olu-limburg.de\/wp-content\/uploads\/2017\/09\/P1050738_ergebnis-768x576.jpg 768w, https:\/\/olu-limburg.de\/wp-content\/uploads\/2017\/09\/P1050738_ergebnis-624x468.jpg 624w\" sizes=\"auto, (max-width: 800px) 100vw, 800px\" \/><\/a><\/p>\n<p>Men\u00fc im Air Marin<\/p>\n<div id=\"attachment_12944\" style=\"width: 810px\" class=\"wp-caption aligncenter\"><a href=\"https:\/\/olu-limburg.de\/wp-content\/uploads\/2017\/09\/DSC09350_ergebnis.jpg\"><img loading=\"lazy\" decoding=\"async\" aria-describedby=\"caption-attachment-12944\" class=\"size-full wp-image-12944\" src=\"https:\/\/olu-limburg.de\/wp-content\/uploads\/2017\/09\/DSC09350_ergebnis.jpg\" alt=\"\" width=\"800\" height=\"600\" srcset=\"https:\/\/olu-limburg.de\/wp-content\/uploads\/2017\/09\/DSC09350_ergebnis.jpg 800w, https:\/\/olu-limburg.de\/wp-content\/uploads\/2017\/09\/DSC09350_ergebnis-300x225.jpg 300w, https:\/\/olu-limburg.de\/wp-content\/uploads\/2017\/09\/DSC09350_ergebnis-768x576.jpg 768w, https:\/\/olu-limburg.de\/wp-content\/uploads\/2017\/09\/DSC09350_ergebnis-624x468.jpg 624w\" sizes=\"auto, (max-width: 800px) 100vw, 800px\" \/><\/a><p id=\"caption-attachment-12944\" class=\"wp-caption-text\">Fischsuppe (Vorspeise)<\/p><\/div>\n<div id=\"attachment_12945\" style=\"width: 810px\" class=\"wp-caption aligncenter\"><a href=\"https:\/\/olu-limburg.de\/wp-content\/uploads\/2017\/09\/DSC09351_ergebnis.jpg\"><img loading=\"lazy\" decoding=\"async\" aria-describedby=\"caption-attachment-12945\" class=\"size-full wp-image-12945\" src=\"https:\/\/olu-limburg.de\/wp-content\/uploads\/2017\/09\/DSC09351_ergebnis.jpg\" alt=\"\" width=\"800\" height=\"600\" srcset=\"https:\/\/olu-limburg.de\/wp-content\/uploads\/2017\/09\/DSC09351_ergebnis.jpg 800w, https:\/\/olu-limburg.de\/wp-content\/uploads\/2017\/09\/DSC09351_ergebnis-300x225.jpg 300w, https:\/\/olu-limburg.de\/wp-content\/uploads\/2017\/09\/DSC09351_ergebnis-768x576.jpg 768w, https:\/\/olu-limburg.de\/wp-content\/uploads\/2017\/09\/DSC09351_ergebnis-624x468.jpg 624w\" sizes=\"auto, (max-width: 800px) 100vw, 800px\" \/><\/a><p id=\"caption-attachment-12945\" class=\"wp-caption-text\">Assiette de P\u00eacheur (Vorspeise)<\/p><\/div>\n<div id=\"attachment_12946\" style=\"width: 810px\" class=\"wp-caption aligncenter\"><a href=\"https:\/\/olu-limburg.de\/wp-content\/uploads\/2017\/09\/DSC09352_ergebnis.jpg\"><img loading=\"lazy\" decoding=\"async\" aria-describedby=\"caption-attachment-12946\" class=\"size-full wp-image-12946\" src=\"https:\/\/olu-limburg.de\/wp-content\/uploads\/2017\/09\/DSC09352_ergebnis.jpg\" alt=\"\" width=\"800\" height=\"600\" srcset=\"https:\/\/olu-limburg.de\/wp-content\/uploads\/2017\/09\/DSC09352_ergebnis.jpg 800w, https:\/\/olu-limburg.de\/wp-content\/uploads\/2017\/09\/DSC09352_ergebnis-300x225.jpg 300w, https:\/\/olu-limburg.de\/wp-content\/uploads\/2017\/09\/DSC09352_ergebnis-768x576.jpg 768w, https:\/\/olu-limburg.de\/wp-content\/uploads\/2017\/09\/DSC09352_ergebnis-624x468.jpg 624w\" sizes=\"auto, (max-width: 800px) 100vw, 800px\" \/><\/a><p id=\"caption-attachment-12946\" class=\"wp-caption-text\">Choucroute de Mer (Hauptgericht) &#8211; Fisch auf Sauerkraut, Kartoffelspalten und Gem\u00fcsesticks<\/p><\/div>\n<p><a href=\"https:\/\/olu-limburg.de\/wp-content\/uploads\/2017\/09\/DSC09353_ergebnis.jpg\"><img loading=\"lazy\" decoding=\"async\" class=\"size-full wp-image-12947 aligncenter\" src=\"https:\/\/olu-limburg.de\/wp-content\/uploads\/2017\/09\/DSC09353_ergebnis.jpg\" alt=\"\" width=\"800\" height=\"600\" srcset=\"https:\/\/olu-limburg.de\/wp-content\/uploads\/2017\/09\/DSC09353_ergebnis.jpg 800w, https:\/\/olu-limburg.de\/wp-content\/uploads\/2017\/09\/DSC09353_ergebnis-300x225.jpg 300w, https:\/\/olu-limburg.de\/wp-content\/uploads\/2017\/09\/DSC09353_ergebnis-768x576.jpg 768w, https:\/\/olu-limburg.de\/wp-content\/uploads\/2017\/09\/DSC09353_ergebnis-624x468.jpg 624w\" sizes=\"auto, (max-width: 800px) 100vw, 800px\" \/><\/a><\/p>\n<p><a href=\"https:\/\/olu-limburg.de\/wp-content\/uploads\/2017\/09\/DSC09355_ergebnis.jpg\"><img loading=\"lazy\" decoding=\"async\" class=\"size-full wp-image-12948 aligncenter\" src=\"https:\/\/olu-limburg.de\/wp-content\/uploads\/2017\/09\/DSC09355_ergebnis.jpg\" alt=\"\" width=\"800\" height=\"600\" srcset=\"https:\/\/olu-limburg.de\/wp-content\/uploads\/2017\/09\/DSC09355_ergebnis.jpg 800w, https:\/\/olu-limburg.de\/wp-content\/uploads\/2017\/09\/DSC09355_ergebnis-300x225.jpg 300w, https:\/\/olu-limburg.de\/wp-content\/uploads\/2017\/09\/DSC09355_ergebnis-768x576.jpg 768w, https:\/\/olu-limburg.de\/wp-content\/uploads\/2017\/09\/DSC09355_ergebnis-624x468.jpg 624w\" sizes=\"auto, (max-width: 800px) 100vw, 800px\" \/><\/a><\/p>\n<p>Bei Kerhinet machen wir einen Zwischenstopp und besichtigen das Museumsdorf. Heute ist ein besonderer Aktionstag, der leider wegen Regen zu fr\u00fch abgebrochen wird. Dadurch erledigen sich auch unsere \u00dcberlegungen zur dortigen \u00dcbernachtung.<\/p>\n<p><a href=\"https:\/\/olu-limburg.de\/wp-content\/uploads\/2017\/09\/DSC09361_ergebnis.jpg\"><img loading=\"lazy\" decoding=\"async\" class=\"alignnone size-full wp-image-12950\" src=\"https:\/\/olu-limburg.de\/wp-content\/uploads\/2017\/09\/DSC09361_ergebnis.jpg\" alt=\"\" width=\"800\" height=\"600\" srcset=\"https:\/\/olu-limburg.de\/wp-content\/uploads\/2017\/09\/DSC09361_ergebnis.jpg 800w, https:\/\/olu-limburg.de\/wp-content\/uploads\/2017\/09\/DSC09361_ergebnis-300x225.jpg 300w, https:\/\/olu-limburg.de\/wp-content\/uploads\/2017\/09\/DSC09361_ergebnis-768x576.jpg 768w, https:\/\/olu-limburg.de\/wp-content\/uploads\/2017\/09\/DSC09361_ergebnis-624x468.jpg 624w\" sizes=\"auto, (max-width: 800px) 100vw, 800px\" \/><\/a><\/p>\n<p><a href=\"https:\/\/olu-limburg.de\/wp-content\/uploads\/2017\/09\/DSC09360_ergebnis.jpg\"><img loading=\"lazy\" decoding=\"async\" class=\"alignnone size-full wp-image-12949\" src=\"https:\/\/olu-limburg.de\/wp-content\/uploads\/2017\/09\/DSC09360_ergebnis.jpg\" alt=\"\" width=\"800\" height=\"600\" srcset=\"https:\/\/olu-limburg.de\/wp-content\/uploads\/2017\/09\/DSC09360_ergebnis.jpg 800w, https:\/\/olu-limburg.de\/wp-content\/uploads\/2017\/09\/DSC09360_ergebnis-300x225.jpg 300w, https:\/\/olu-limburg.de\/wp-content\/uploads\/2017\/09\/DSC09360_ergebnis-768x576.jpg 768w, https:\/\/olu-limburg.de\/wp-content\/uploads\/2017\/09\/DSC09360_ergebnis-624x468.jpg 624w\" sizes=\"auto, (max-width: 800px) 100vw, 800px\" \/><\/a><\/p>\n<p><a href=\"https:\/\/olu-limburg.de\/wp-content\/uploads\/2017\/09\/DSC09362_ergebnis.jpg\"><img loading=\"lazy\" decoding=\"async\" class=\"alignnone size-full wp-image-12951\" src=\"https:\/\/olu-limburg.de\/wp-content\/uploads\/2017\/09\/DSC09362_ergebnis.jpg\" alt=\"\" width=\"800\" height=\"600\" srcset=\"https:\/\/olu-limburg.de\/wp-content\/uploads\/2017\/09\/DSC09362_ergebnis.jpg 800w, https:\/\/olu-limburg.de\/wp-content\/uploads\/2017\/09\/DSC09362_ergebnis-300x225.jpg 300w, https:\/\/olu-limburg.de\/wp-content\/uploads\/2017\/09\/DSC09362_ergebnis-768x576.jpg 768w, https:\/\/olu-limburg.de\/wp-content\/uploads\/2017\/09\/DSC09362_ergebnis-624x468.jpg 624w\" sizes=\"auto, (max-width: 800px) 100vw, 800px\" \/><\/a><\/p>\n<p><a href=\"https:\/\/olu-limburg.de\/wp-content\/uploads\/2017\/09\/DSC09369_ergebnis.jpg\"><img loading=\"lazy\" decoding=\"async\" class=\"alignnone size-full wp-image-12952\" src=\"https:\/\/olu-limburg.de\/wp-content\/uploads\/2017\/09\/DSC09369_ergebnis.jpg\" alt=\"\" width=\"800\" height=\"600\" srcset=\"https:\/\/olu-limburg.de\/wp-content\/uploads\/2017\/09\/DSC09369_ergebnis.jpg 800w, https:\/\/olu-limburg.de\/wp-content\/uploads\/2017\/09\/DSC09369_ergebnis-300x225.jpg 300w, https:\/\/olu-limburg.de\/wp-content\/uploads\/2017\/09\/DSC09369_ergebnis-768x576.jpg 768w, https:\/\/olu-limburg.de\/wp-content\/uploads\/2017\/09\/DSC09369_ergebnis-624x468.jpg 624w\" sizes=\"auto, (max-width: 800px) 100vw, 800px\" \/><\/a><\/p>\n<p><a href=\"https:\/\/olu-limburg.de\/wp-content\/uploads\/2017\/09\/DSC09371_ergebnis.jpg\"><img loading=\"lazy\" decoding=\"async\" class=\"alignnone size-full wp-image-12953\" src=\"https:\/\/olu-limburg.de\/wp-content\/uploads\/2017\/09\/DSC09371_ergebnis.jpg\" alt=\"\" width=\"800\" height=\"600\" srcset=\"https:\/\/olu-limburg.de\/wp-content\/uploads\/2017\/09\/DSC09371_ergebnis.jpg 800w, https:\/\/olu-limburg.de\/wp-content\/uploads\/2017\/09\/DSC09371_ergebnis-300x225.jpg 300w, https:\/\/olu-limburg.de\/wp-content\/uploads\/2017\/09\/DSC09371_ergebnis-768x576.jpg 768w, https:\/\/olu-limburg.de\/wp-content\/uploads\/2017\/09\/DSC09371_ergebnis-624x468.jpg 624w\" sizes=\"auto, (max-width: 800px) 100vw, 800px\" \/><\/a><\/p>\n<p><a href=\"https:\/\/olu-limburg.de\/wp-content\/uploads\/2017\/09\/DSC09372_ergebnis.jpg\"><img loading=\"lazy\" decoding=\"async\" class=\"alignnone size-full wp-image-12954\" src=\"https:\/\/olu-limburg.de\/wp-content\/uploads\/2017\/09\/DSC09372_ergebnis.jpg\" alt=\"\" width=\"800\" height=\"600\" srcset=\"https:\/\/olu-limburg.de\/wp-content\/uploads\/2017\/09\/DSC09372_ergebnis.jpg 800w, https:\/\/olu-limburg.de\/wp-content\/uploads\/2017\/09\/DSC09372_ergebnis-300x225.jpg 300w, https:\/\/olu-limburg.de\/wp-content\/uploads\/2017\/09\/DSC09372_ergebnis-768x576.jpg 768w, https:\/\/olu-limburg.de\/wp-content\/uploads\/2017\/09\/DSC09372_ergebnis-624x468.jpg 624w\" sizes=\"auto, (max-width: 800px) 100vw, 800px\" \/><\/a><\/p>\n<p><a href=\"https:\/\/olu-limburg.de\/wp-content\/uploads\/2017\/09\/DSC09374_ergebnis.jpg\"><img loading=\"lazy\" decoding=\"async\" class=\"alignnone size-full wp-image-12955\" src=\"https:\/\/olu-limburg.de\/wp-content\/uploads\/2017\/09\/DSC09374_ergebnis.jpg\" alt=\"\" width=\"800\" height=\"600\" srcset=\"https:\/\/olu-limburg.de\/wp-content\/uploads\/2017\/09\/DSC09374_ergebnis.jpg 800w, https:\/\/olu-limburg.de\/wp-content\/uploads\/2017\/09\/DSC09374_ergebnis-300x225.jpg 300w, https:\/\/olu-limburg.de\/wp-content\/uploads\/2017\/09\/DSC09374_ergebnis-768x576.jpg 768w, https:\/\/olu-limburg.de\/wp-content\/uploads\/2017\/09\/DSC09374_ergebnis-624x468.jpg 624w\" sizes=\"auto, (max-width: 800px) 100vw, 800px\" \/><\/a><\/p>\n<p><a href=\"https:\/\/olu-limburg.de\/wp-content\/uploads\/2017\/09\/DSC09379_ergebnis.jpg\"><img loading=\"lazy\" decoding=\"async\" class=\"alignnone size-full wp-image-12957\" src=\"https:\/\/olu-limburg.de\/wp-content\/uploads\/2017\/09\/DSC09379_ergebnis.jpg\" alt=\"\" width=\"800\" height=\"600\" srcset=\"https:\/\/olu-limburg.de\/wp-content\/uploads\/2017\/09\/DSC09379_ergebnis.jpg 800w, https:\/\/olu-limburg.de\/wp-content\/uploads\/2017\/09\/DSC09379_ergebnis-300x225.jpg 300w, https:\/\/olu-limburg.de\/wp-content\/uploads\/2017\/09\/DSC09379_ergebnis-768x576.jpg 768w, https:\/\/olu-limburg.de\/wp-content\/uploads\/2017\/09\/DSC09379_ergebnis-624x468.jpg 624w\" sizes=\"auto, (max-width: 800px) 100vw, 800px\" \/><\/a><\/p>\n<p><a href=\"https:\/\/olu-limburg.de\/wp-content\/uploads\/2017\/09\/DSC09377_ergebnis.jpg\"><img loading=\"lazy\" decoding=\"async\" class=\"alignnone size-full wp-image-12956\" src=\"https:\/\/olu-limburg.de\/wp-content\/uploads\/2017\/09\/DSC09377_ergebnis.jpg\" alt=\"\" width=\"800\" height=\"600\" srcset=\"https:\/\/olu-limburg.de\/wp-content\/uploads\/2017\/09\/DSC09377_ergebnis.jpg 800w, https:\/\/olu-limburg.de\/wp-content\/uploads\/2017\/09\/DSC09377_ergebnis-300x225.jpg 300w, https:\/\/olu-limburg.de\/wp-content\/uploads\/2017\/09\/DSC09377_ergebnis-768x576.jpg 768w, https:\/\/olu-limburg.de\/wp-content\/uploads\/2017\/09\/DSC09377_ergebnis-624x468.jpg 624w\" sizes=\"auto, (max-width: 800px) 100vw, 800px\" \/><\/a><\/p>\n<p><a href=\"https:\/\/olu-limburg.de\/wp-content\/uploads\/2017\/09\/DSC09380_ergebnis.jpg\"><img loading=\"lazy\" decoding=\"async\" class=\"alignnone size-full wp-image-12958\" src=\"https:\/\/olu-limburg.de\/wp-content\/uploads\/2017\/09\/DSC09380_ergebnis.jpg\" alt=\"\" width=\"800\" height=\"600\" srcset=\"https:\/\/olu-limburg.de\/wp-content\/uploads\/2017\/09\/DSC09380_ergebnis.jpg 800w, https:\/\/olu-limburg.de\/wp-content\/uploads\/2017\/09\/DSC09380_ergebnis-300x225.jpg 300w, https:\/\/olu-limburg.de\/wp-content\/uploads\/2017\/09\/DSC09380_ergebnis-768x576.jpg 768w, https:\/\/olu-limburg.de\/wp-content\/uploads\/2017\/09\/DSC09380_ergebnis-624x468.jpg 624w\" sizes=\"auto, (max-width: 800px) 100vw, 800px\" \/><\/a><\/p>\n<p><a href=\"https:\/\/olu-limburg.de\/wp-content\/uploads\/2017\/09\/P1050758_ergebnis.jpg\"><img loading=\"lazy\" decoding=\"async\" class=\"size-full wp-image-13010 aligncenter\" src=\"https:\/\/olu-limburg.de\/wp-content\/uploads\/2017\/09\/P1050758_ergebnis.jpg\" alt=\"\" width=\"800\" height=\"600\" srcset=\"https:\/\/olu-limburg.de\/wp-content\/uploads\/2017\/09\/P1050758_ergebnis.jpg 800w, https:\/\/olu-limburg.de\/wp-content\/uploads\/2017\/09\/P1050758_ergebnis-300x225.jpg 300w, https:\/\/olu-limburg.de\/wp-content\/uploads\/2017\/09\/P1050758_ergebnis-768x576.jpg 768w, https:\/\/olu-limburg.de\/wp-content\/uploads\/2017\/09\/P1050758_ergebnis-624x468.jpg 624w\" sizes=\"auto, (max-width: 800px) 100vw, 800px\" \/><\/a><\/p>\n<p>Wir fahren mitten hinein ins Naturschutzgebiet der Bri\u00e8re nach St.-Joachim und halten auf einem gro\u00dfen Parkplatz der Ile de Fedrun. Bei einem ausgedehnten Spaziergang \u00fcber die von zahlreichen Wasserl\u00e4ufen eingerahmten Insel, erschlie\u00dft sich uns so richtig die typische Bebauung der Bri\u00e8re. Gegen\u00fcber unseres Besuches von vor vielen Jahren hat sich nicht viel ge\u00e4ndert. Es ist absolut &#8222;tote Hose&#8220;. Mittlerweile hat sich dort zwar ein kleines Hotel angesiedelt, was aber entweder nur f\u00fcr au\u00dfergew\u00f6hnlich ruhige und naturverbundene Menschen oder als Tagungshotel in ruhiger Lage geeignet ist.<\/p>\n<p><a href=\"https:\/\/olu-limburg.de\/wp-content\/uploads\/2017\/09\/DSC09408_ergebnis.jpg\"><img loading=\"lazy\" decoding=\"async\" class=\"size-full wp-image-12981 aligncenter\" src=\"https:\/\/olu-limburg.de\/wp-content\/uploads\/2017\/09\/DSC09408_ergebnis.jpg\" alt=\"\" width=\"800\" height=\"600\" srcset=\"https:\/\/olu-limburg.de\/wp-content\/uploads\/2017\/09\/DSC09408_ergebnis.jpg 800w, https:\/\/olu-limburg.de\/wp-content\/uploads\/2017\/09\/DSC09408_ergebnis-300x225.jpg 300w, https:\/\/olu-limburg.de\/wp-content\/uploads\/2017\/09\/DSC09408_ergebnis-768x576.jpg 768w, https:\/\/olu-limburg.de\/wp-content\/uploads\/2017\/09\/DSC09408_ergebnis-624x468.jpg 624w\" sizes=\"auto, (max-width: 800px) 100vw, 800px\" \/><\/a><\/p>\n<div id=\"attachment_12982\" style=\"width: 810px\" class=\"wp-caption alignnone\"><a href=\"https:\/\/olu-limburg.de\/wp-content\/uploads\/2017\/09\/DSC09409_ergebnis.jpg\"><img loading=\"lazy\" decoding=\"async\" aria-describedby=\"caption-attachment-12982\" class=\"wp-image-12982 size-full\" src=\"https:\/\/olu-limburg.de\/wp-content\/uploads\/2017\/09\/DSC09409_ergebnis.jpg\" alt=\"\" width=\"800\" height=\"600\" srcset=\"https:\/\/olu-limburg.de\/wp-content\/uploads\/2017\/09\/DSC09409_ergebnis.jpg 800w, https:\/\/olu-limburg.de\/wp-content\/uploads\/2017\/09\/DSC09409_ergebnis-300x225.jpg 300w, https:\/\/olu-limburg.de\/wp-content\/uploads\/2017\/09\/DSC09409_ergebnis-768x576.jpg 768w, https:\/\/olu-limburg.de\/wp-content\/uploads\/2017\/09\/DSC09409_ergebnis-624x468.jpg 624w\" sizes=\"auto, (max-width: 800px) 100vw, 800px\" \/><\/a><p id=\"caption-attachment-12982\" class=\"wp-caption-text\">Wir erwandern die linke H\u00e4lfte der Ile de Fedrun.<\/p><\/div>\n<p><a href=\"https:\/\/olu-limburg.de\/wp-content\/uploads\/2017\/09\/DSC09384_ergebnis.jpg\"><img loading=\"lazy\" decoding=\"async\" class=\"size-full wp-image-12962 aligncenter\" src=\"https:\/\/olu-limburg.de\/wp-content\/uploads\/2017\/09\/DSC09384_ergebnis.jpg\" alt=\"\" width=\"800\" height=\"600\" srcset=\"https:\/\/olu-limburg.de\/wp-content\/uploads\/2017\/09\/DSC09384_ergebnis.jpg 800w, https:\/\/olu-limburg.de\/wp-content\/uploads\/2017\/09\/DSC09384_ergebnis-300x225.jpg 300w, https:\/\/olu-limburg.de\/wp-content\/uploads\/2017\/09\/DSC09384_ergebnis-768x576.jpg 768w, https:\/\/olu-limburg.de\/wp-content\/uploads\/2017\/09\/DSC09384_ergebnis-624x468.jpg 624w\" sizes=\"auto, (max-width: 800px) 100vw, 800px\" \/><\/a><\/p>\n<p><a href=\"https:\/\/olu-limburg.de\/wp-content\/uploads\/2017\/09\/DSC09385_ergebnis.jpg\"><img loading=\"lazy\" decoding=\"async\" class=\"size-full wp-image-12963 aligncenter\" src=\"https:\/\/olu-limburg.de\/wp-content\/uploads\/2017\/09\/DSC09385_ergebnis.jpg\" alt=\"\" width=\"800\" height=\"600\" srcset=\"https:\/\/olu-limburg.de\/wp-content\/uploads\/2017\/09\/DSC09385_ergebnis.jpg 800w, https:\/\/olu-limburg.de\/wp-content\/uploads\/2017\/09\/DSC09385_ergebnis-300x225.jpg 300w, https:\/\/olu-limburg.de\/wp-content\/uploads\/2017\/09\/DSC09385_ergebnis-768x576.jpg 768w, https:\/\/olu-limburg.de\/wp-content\/uploads\/2017\/09\/DSC09385_ergebnis-624x468.jpg 624w\" sizes=\"auto, (max-width: 800px) 100vw, 800px\" \/><\/a><\/p>\n<p><a href=\"https:\/\/olu-limburg.de\/wp-content\/uploads\/2017\/09\/DSC09386_ergebnis.jpg\"><img loading=\"lazy\" decoding=\"async\" class=\"size-full wp-image-12964 aligncenter\" src=\"https:\/\/olu-limburg.de\/wp-content\/uploads\/2017\/09\/DSC09386_ergebnis.jpg\" alt=\"\" width=\"800\" height=\"600\" srcset=\"https:\/\/olu-limburg.de\/wp-content\/uploads\/2017\/09\/DSC09386_ergebnis.jpg 800w, https:\/\/olu-limburg.de\/wp-content\/uploads\/2017\/09\/DSC09386_ergebnis-300x225.jpg 300w, https:\/\/olu-limburg.de\/wp-content\/uploads\/2017\/09\/DSC09386_ergebnis-768x576.jpg 768w, https:\/\/olu-limburg.de\/wp-content\/uploads\/2017\/09\/DSC09386_ergebnis-624x468.jpg 624w\" sizes=\"auto, (max-width: 800px) 100vw, 800px\" \/><\/a><\/p>\n<p><a href=\"https:\/\/olu-limburg.de\/wp-content\/uploads\/2017\/09\/DSC09387_ergebnis.jpg\"><img loading=\"lazy\" decoding=\"async\" class=\"alignnone size-full wp-image-12965\" src=\"https:\/\/olu-limburg.de\/wp-content\/uploads\/2017\/09\/DSC09387_ergebnis.jpg\" alt=\"\" width=\"800\" height=\"600\" srcset=\"https:\/\/olu-limburg.de\/wp-content\/uploads\/2017\/09\/DSC09387_ergebnis.jpg 800w, https:\/\/olu-limburg.de\/wp-content\/uploads\/2017\/09\/DSC09387_ergebnis-300x225.jpg 300w, https:\/\/olu-limburg.de\/wp-content\/uploads\/2017\/09\/DSC09387_ergebnis-768x576.jpg 768w, https:\/\/olu-limburg.de\/wp-content\/uploads\/2017\/09\/DSC09387_ergebnis-624x468.jpg 624w\" sizes=\"auto, (max-width: 800px) 100vw, 800px\" \/><\/a><\/p>\n<p><a href=\"https:\/\/olu-limburg.de\/wp-content\/uploads\/2017\/09\/DSC09388_ergebnis.jpg\"><img loading=\"lazy\" decoding=\"async\" class=\"size-full wp-image-12966 aligncenter\" src=\"https:\/\/olu-limburg.de\/wp-content\/uploads\/2017\/09\/DSC09388_ergebnis.jpg\" alt=\"\" width=\"800\" height=\"600\" srcset=\"https:\/\/olu-limburg.de\/wp-content\/uploads\/2017\/09\/DSC09388_ergebnis.jpg 800w, https:\/\/olu-limburg.de\/wp-content\/uploads\/2017\/09\/DSC09388_ergebnis-300x225.jpg 300w, https:\/\/olu-limburg.de\/wp-content\/uploads\/2017\/09\/DSC09388_ergebnis-768x576.jpg 768w, https:\/\/olu-limburg.de\/wp-content\/uploads\/2017\/09\/DSC09388_ergebnis-624x468.jpg 624w\" sizes=\"auto, (max-width: 800px) 100vw, 800px\" \/><\/a><\/p>\n<p><a href=\"https:\/\/olu-limburg.de\/wp-content\/uploads\/2017\/09\/DSC09390_ergebnis.jpg\"><img loading=\"lazy\" decoding=\"async\" class=\"size-full wp-image-12967 aligncenter\" src=\"https:\/\/olu-limburg.de\/wp-content\/uploads\/2017\/09\/DSC09390_ergebnis.jpg\" alt=\"\" width=\"800\" height=\"600\" srcset=\"https:\/\/olu-limburg.de\/wp-content\/uploads\/2017\/09\/DSC09390_ergebnis.jpg 800w, https:\/\/olu-limburg.de\/wp-content\/uploads\/2017\/09\/DSC09390_ergebnis-300x225.jpg 300w, https:\/\/olu-limburg.de\/wp-content\/uploads\/2017\/09\/DSC09390_ergebnis-768x576.jpg 768w, https:\/\/olu-limburg.de\/wp-content\/uploads\/2017\/09\/DSC09390_ergebnis-624x468.jpg 624w\" sizes=\"auto, (max-width: 800px) 100vw, 800px\" \/><\/a><\/p>\n<p><a href=\"https:\/\/olu-limburg.de\/wp-content\/uploads\/2017\/09\/DSC09391_ergebnis.jpg\"><img loading=\"lazy\" decoding=\"async\" class=\"size-full wp-image-12968 aligncenter\" src=\"https:\/\/olu-limburg.de\/wp-content\/uploads\/2017\/09\/DSC09391_ergebnis.jpg\" alt=\"\" width=\"800\" height=\"600\" srcset=\"https:\/\/olu-limburg.de\/wp-content\/uploads\/2017\/09\/DSC09391_ergebnis.jpg 800w, https:\/\/olu-limburg.de\/wp-content\/uploads\/2017\/09\/DSC09391_ergebnis-300x225.jpg 300w, https:\/\/olu-limburg.de\/wp-content\/uploads\/2017\/09\/DSC09391_ergebnis-768x576.jpg 768w, https:\/\/olu-limburg.de\/wp-content\/uploads\/2017\/09\/DSC09391_ergebnis-624x468.jpg 624w\" sizes=\"auto, (max-width: 800px) 100vw, 800px\" \/><\/a><\/p>\n<div id=\"attachment_12969\" style=\"width: 810px\" class=\"wp-caption aligncenter\"><a href=\"https:\/\/olu-limburg.de\/wp-content\/uploads\/2017\/09\/DSC09393_ergebnis.jpg\"><img loading=\"lazy\" decoding=\"async\" aria-describedby=\"caption-attachment-12969\" class=\"wp-image-12969 size-full\" src=\"https:\/\/olu-limburg.de\/wp-content\/uploads\/2017\/09\/DSC09393_ergebnis.jpg\" alt=\"\" width=\"800\" height=\"600\" srcset=\"https:\/\/olu-limburg.de\/wp-content\/uploads\/2017\/09\/DSC09393_ergebnis.jpg 800w, https:\/\/olu-limburg.de\/wp-content\/uploads\/2017\/09\/DSC09393_ergebnis-300x225.jpg 300w, https:\/\/olu-limburg.de\/wp-content\/uploads\/2017\/09\/DSC09393_ergebnis-768x576.jpg 768w, https:\/\/olu-limburg.de\/wp-content\/uploads\/2017\/09\/DSC09393_ergebnis-624x468.jpg 624w\" sizes=\"auto, (max-width: 800px) 100vw, 800px\" \/><\/a><p id=\"caption-attachment-12969\" class=\"wp-caption-text\">Hier lie\u00dfen sich Paare trauen.<\/p><\/div>\n<p><a href=\"https:\/\/olu-limburg.de\/wp-content\/uploads\/2017\/09\/DSC09394_ergebnis.jpg\"><img loading=\"lazy\" decoding=\"async\" class=\"size-full wp-image-12970 aligncenter\" src=\"https:\/\/olu-limburg.de\/wp-content\/uploads\/2017\/09\/DSC09394_ergebnis.jpg\" alt=\"\" width=\"800\" height=\"600\" srcset=\"https:\/\/olu-limburg.de\/wp-content\/uploads\/2017\/09\/DSC09394_ergebnis.jpg 800w, https:\/\/olu-limburg.de\/wp-content\/uploads\/2017\/09\/DSC09394_ergebnis-300x225.jpg 300w, https:\/\/olu-limburg.de\/wp-content\/uploads\/2017\/09\/DSC09394_ergebnis-768x576.jpg 768w, https:\/\/olu-limburg.de\/wp-content\/uploads\/2017\/09\/DSC09394_ergebnis-624x468.jpg 624w\" sizes=\"auto, (max-width: 800px) 100vw, 800px\" \/><\/a><\/p>\n<p><a href=\"https:\/\/olu-limburg.de\/wp-content\/uploads\/2017\/09\/DSC09395_ergebnis.jpg\"><img loading=\"lazy\" decoding=\"async\" class=\"size-full wp-image-12971 aligncenter\" src=\"https:\/\/olu-limburg.de\/wp-content\/uploads\/2017\/09\/DSC09395_ergebnis.jpg\" alt=\"\" width=\"800\" height=\"600\" srcset=\"https:\/\/olu-limburg.de\/wp-content\/uploads\/2017\/09\/DSC09395_ergebnis.jpg 800w, https:\/\/olu-limburg.de\/wp-content\/uploads\/2017\/09\/DSC09395_ergebnis-300x225.jpg 300w, https:\/\/olu-limburg.de\/wp-content\/uploads\/2017\/09\/DSC09395_ergebnis-768x576.jpg 768w, https:\/\/olu-limburg.de\/wp-content\/uploads\/2017\/09\/DSC09395_ergebnis-624x468.jpg 624w\" sizes=\"auto, (max-width: 800px) 100vw, 800px\" \/><\/a><\/p>\n<p><a href=\"https:\/\/olu-limburg.de\/wp-content\/uploads\/2017\/09\/DSC09396_ergebnis.jpg\"><img loading=\"lazy\" decoding=\"async\" class=\"size-full wp-image-12972 aligncenter\" src=\"https:\/\/olu-limburg.de\/wp-content\/uploads\/2017\/09\/DSC09396_ergebnis.jpg\" alt=\"\" width=\"800\" height=\"600\" srcset=\"https:\/\/olu-limburg.de\/wp-content\/uploads\/2017\/09\/DSC09396_ergebnis.jpg 800w, https:\/\/olu-limburg.de\/wp-content\/uploads\/2017\/09\/DSC09396_ergebnis-300x225.jpg 300w, https:\/\/olu-limburg.de\/wp-content\/uploads\/2017\/09\/DSC09396_ergebnis-768x576.jpg 768w, https:\/\/olu-limburg.de\/wp-content\/uploads\/2017\/09\/DSC09396_ergebnis-624x468.jpg 624w\" sizes=\"auto, (max-width: 800px) 100vw, 800px\" \/><\/a><\/p>\n<p><a href=\"https:\/\/olu-limburg.de\/wp-content\/uploads\/2017\/09\/DSC09398_ergebnis.jpg\"><img loading=\"lazy\" decoding=\"async\" class=\"alignnone size-full wp-image-12973\" src=\"https:\/\/olu-limburg.de\/wp-content\/uploads\/2017\/09\/DSC09398_ergebnis.jpg\" alt=\"\" width=\"800\" height=\"600\" srcset=\"https:\/\/olu-limburg.de\/wp-content\/uploads\/2017\/09\/DSC09398_ergebnis.jpg 800w, https:\/\/olu-limburg.de\/wp-content\/uploads\/2017\/09\/DSC09398_ergebnis-300x225.jpg 300w, https:\/\/olu-limburg.de\/wp-content\/uploads\/2017\/09\/DSC09398_ergebnis-768x576.jpg 768w, https:\/\/olu-limburg.de\/wp-content\/uploads\/2017\/09\/DSC09398_ergebnis-624x468.jpg 624w\" sizes=\"auto, (max-width: 800px) 100vw, 800px\" \/><\/a><\/p>\n<p><a href=\"https:\/\/olu-limburg.de\/wp-content\/uploads\/2017\/09\/DSC09399_ergebnis.jpg\"><img loading=\"lazy\" decoding=\"async\" class=\"size-full wp-image-12974 aligncenter\" src=\"https:\/\/olu-limburg.de\/wp-content\/uploads\/2017\/09\/DSC09399_ergebnis.jpg\" alt=\"\" width=\"800\" height=\"600\" srcset=\"https:\/\/olu-limburg.de\/wp-content\/uploads\/2017\/09\/DSC09399_ergebnis.jpg 800w, https:\/\/olu-limburg.de\/wp-content\/uploads\/2017\/09\/DSC09399_ergebnis-300x225.jpg 300w, https:\/\/olu-limburg.de\/wp-content\/uploads\/2017\/09\/DSC09399_ergebnis-768x576.jpg 768w, https:\/\/olu-limburg.de\/wp-content\/uploads\/2017\/09\/DSC09399_ergebnis-624x468.jpg 624w\" sizes=\"auto, (max-width: 800px) 100vw, 800px\" \/><\/a><\/p>\n<p><a href=\"https:\/\/olu-limburg.de\/wp-content\/uploads\/2017\/09\/DSC09401_ergebnis.jpg\"><img loading=\"lazy\" decoding=\"async\" class=\"size-full wp-image-12976 aligncenter\" src=\"https:\/\/olu-limburg.de\/wp-content\/uploads\/2017\/09\/DSC09401_ergebnis.jpg\" alt=\"\" width=\"800\" height=\"600\" srcset=\"https:\/\/olu-limburg.de\/wp-content\/uploads\/2017\/09\/DSC09401_ergebnis.jpg 800w, https:\/\/olu-limburg.de\/wp-content\/uploads\/2017\/09\/DSC09401_ergebnis-300x225.jpg 300w, https:\/\/olu-limburg.de\/wp-content\/uploads\/2017\/09\/DSC09401_ergebnis-768x576.jpg 768w, https:\/\/olu-limburg.de\/wp-content\/uploads\/2017\/09\/DSC09401_ergebnis-624x468.jpg 624w\" sizes=\"auto, (max-width: 800px) 100vw, 800px\" \/><\/a><\/p>\n<p><a href=\"https:\/\/olu-limburg.de\/wp-content\/uploads\/2017\/09\/DSC09403_ergebnis.jpg\"><img loading=\"lazy\" decoding=\"async\" class=\"size-full wp-image-12977 aligncenter\" src=\"https:\/\/olu-limburg.de\/wp-content\/uploads\/2017\/09\/DSC09403_ergebnis.jpg\" alt=\"\" width=\"800\" height=\"600\" srcset=\"https:\/\/olu-limburg.de\/wp-content\/uploads\/2017\/09\/DSC09403_ergebnis.jpg 800w, https:\/\/olu-limburg.de\/wp-content\/uploads\/2017\/09\/DSC09403_ergebnis-300x225.jpg 300w, https:\/\/olu-limburg.de\/wp-content\/uploads\/2017\/09\/DSC09403_ergebnis-768x576.jpg 768w, https:\/\/olu-limburg.de\/wp-content\/uploads\/2017\/09\/DSC09403_ergebnis-624x468.jpg 624w\" sizes=\"auto, (max-width: 800px) 100vw, 800px\" \/><\/a><\/p>\n<p><a href=\"https:\/\/olu-limburg.de\/wp-content\/uploads\/2017\/09\/DSC09404_ergebnis.jpg\"><img loading=\"lazy\" decoding=\"async\" class=\"alignnone size-full wp-image-12978\" src=\"https:\/\/olu-limburg.de\/wp-content\/uploads\/2017\/09\/DSC09404_ergebnis.jpg\" alt=\"\" width=\"800\" height=\"600\" srcset=\"https:\/\/olu-limburg.de\/wp-content\/uploads\/2017\/09\/DSC09404_ergebnis.jpg 800w, https:\/\/olu-limburg.de\/wp-content\/uploads\/2017\/09\/DSC09404_ergebnis-300x225.jpg 300w, https:\/\/olu-limburg.de\/wp-content\/uploads\/2017\/09\/DSC09404_ergebnis-768x576.jpg 768w, https:\/\/olu-limburg.de\/wp-content\/uploads\/2017\/09\/DSC09404_ergebnis-624x468.jpg 624w\" sizes=\"auto, (max-width: 800px) 100vw, 800px\" \/><\/a><\/p>\n<p><a href=\"https:\/\/olu-limburg.de\/wp-content\/uploads\/2017\/09\/DSC09405_ergebnis.jpg\"><img loading=\"lazy\" decoding=\"async\" class=\"size-full wp-image-12979 aligncenter\" src=\"https:\/\/olu-limburg.de\/wp-content\/uploads\/2017\/09\/DSC09405_ergebnis.jpg\" alt=\"\" width=\"800\" height=\"600\" srcset=\"https:\/\/olu-limburg.de\/wp-content\/uploads\/2017\/09\/DSC09405_ergebnis.jpg 800w, https:\/\/olu-limburg.de\/wp-content\/uploads\/2017\/09\/DSC09405_ergebnis-300x225.jpg 300w, https:\/\/olu-limburg.de\/wp-content\/uploads\/2017\/09\/DSC09405_ergebnis-768x576.jpg 768w, https:\/\/olu-limburg.de\/wp-content\/uploads\/2017\/09\/DSC09405_ergebnis-624x468.jpg 624w\" sizes=\"auto, (max-width: 800px) 100vw, 800px\" \/><\/a><\/p>\n<p><a href=\"https:\/\/olu-limburg.de\/wp-content\/uploads\/2017\/09\/DSC09406_ergebnis.jpg\"><img loading=\"lazy\" decoding=\"async\" class=\"size-full wp-image-12980 aligncenter\" src=\"https:\/\/olu-limburg.de\/wp-content\/uploads\/2017\/09\/DSC09406_ergebnis.jpg\" alt=\"\" width=\"800\" height=\"600\" srcset=\"https:\/\/olu-limburg.de\/wp-content\/uploads\/2017\/09\/DSC09406_ergebnis.jpg 800w, https:\/\/olu-limburg.de\/wp-content\/uploads\/2017\/09\/DSC09406_ergebnis-300x225.jpg 300w, https:\/\/olu-limburg.de\/wp-content\/uploads\/2017\/09\/DSC09406_ergebnis-768x576.jpg 768w, https:\/\/olu-limburg.de\/wp-content\/uploads\/2017\/09\/DSC09406_ergebnis-624x468.jpg 624w\" sizes=\"auto, (max-width: 800px) 100vw, 800px\" \/><\/a><\/p>\n<p>Was wir diesmal nicht machen, ist eine gef\u00fchrte Tour mit dem Boot durch die vielen Kan\u00e4le der Bri\u00e8re. Dies ist f\u00fcr Erstbesucher aber unbedingt empfehlenswert.<\/p>\n<p>Tagesstrecke: 49 km<\/p>\n<p>&nbsp;<\/p>\n<p><strong>Freitag, 01. September 2017<\/strong><\/p>\n<p>In Montoir de Bretagne ver- und entsorgen wir kostenlos beim Super U, bevor es \u00fcber die gro\u00dfe Br\u00fccke bei St.-Nazaire geht.<\/p>\n<p><a href=\"https:\/\/olu-limburg.de\/wp-content\/uploads\/2017\/09\/P1050792_ergebnis.jpg\"><img loading=\"lazy\" decoding=\"async\" class=\"size-full wp-image-13012 aligncenter\" src=\"https:\/\/olu-limburg.de\/wp-content\/uploads\/2017\/09\/P1050792_ergebnis.jpg\" alt=\"\" width=\"800\" height=\"600\" srcset=\"https:\/\/olu-limburg.de\/wp-content\/uploads\/2017\/09\/P1050792_ergebnis.jpg 800w, https:\/\/olu-limburg.de\/wp-content\/uploads\/2017\/09\/P1050792_ergebnis-300x225.jpg 300w, https:\/\/olu-limburg.de\/wp-content\/uploads\/2017\/09\/P1050792_ergebnis-768x576.jpg 768w, https:\/\/olu-limburg.de\/wp-content\/uploads\/2017\/09\/P1050792_ergebnis-624x468.jpg 624w\" sizes=\"auto, (max-width: 800px) 100vw, 800px\" \/><\/a><\/p>\n<p>Uns zieht es an die Austernk\u00fcste oberhalb\u00a0 der Passage du Gois, dem \u00dcbergang zur Ile de Noirmoutier. In Port Collet k\u00f6nnen wir nicht bleiben und es gibt auch keine K\u00fcstenstra\u00dfe in s\u00fcdlicher Richtung.<\/p>\n<p><a href=\"https:\/\/olu-limburg.de\/wp-content\/uploads\/2017\/09\/DSC09410_ergebnis.jpg\"><img loading=\"lazy\" decoding=\"async\" class=\"size-full wp-image-12984 aligncenter\" src=\"https:\/\/olu-limburg.de\/wp-content\/uploads\/2017\/09\/DSC09410_ergebnis.jpg\" alt=\"\" width=\"800\" height=\"600\" srcset=\"https:\/\/olu-limburg.de\/wp-content\/uploads\/2017\/09\/DSC09410_ergebnis.jpg 800w, https:\/\/olu-limburg.de\/wp-content\/uploads\/2017\/09\/DSC09410_ergebnis-300x225.jpg 300w, https:\/\/olu-limburg.de\/wp-content\/uploads\/2017\/09\/DSC09410_ergebnis-768x576.jpg 768w, https:\/\/olu-limburg.de\/wp-content\/uploads\/2017\/09\/DSC09410_ergebnis-624x468.jpg 624w\" sizes=\"auto, (max-width: 800px) 100vw, 800px\" \/><\/a><\/p>\n<p><a href=\"https:\/\/olu-limburg.de\/wp-content\/uploads\/2017\/09\/P1050800_ergebnis-e1509269412658.jpg\"><img loading=\"lazy\" decoding=\"async\" class=\"size-full wp-image-13013 aligncenter\" src=\"https:\/\/olu-limburg.de\/wp-content\/uploads\/2017\/09\/P1050800_ergebnis-e1509269412658.jpg\" alt=\"\" width=\"450\" height=\"600\" \/><\/a><\/p>\n<p><a href=\"https:\/\/olu-limburg.de\/wp-content\/uploads\/2017\/09\/DSC09412_ergebnis.jpg\"><img loading=\"lazy\" decoding=\"async\" class=\"size-full wp-image-12986 aligncenter\" src=\"https:\/\/olu-limburg.de\/wp-content\/uploads\/2017\/09\/DSC09412_ergebnis.jpg\" alt=\"\" width=\"800\" height=\"600\" srcset=\"https:\/\/olu-limburg.de\/wp-content\/uploads\/2017\/09\/DSC09412_ergebnis.jpg 800w, https:\/\/olu-limburg.de\/wp-content\/uploads\/2017\/09\/DSC09412_ergebnis-300x225.jpg 300w, https:\/\/olu-limburg.de\/wp-content\/uploads\/2017\/09\/DSC09412_ergebnis-768x576.jpg 768w, https:\/\/olu-limburg.de\/wp-content\/uploads\/2017\/09\/DSC09412_ergebnis-624x468.jpg 624w\" sizes=\"auto, (max-width: 800px) 100vw, 800px\" \/><\/a><\/p>\n<p><a href=\"https:\/\/olu-limburg.de\/wp-content\/uploads\/2017\/09\/DSC09413_ergebnis.jpg\"><img loading=\"lazy\" decoding=\"async\" class=\"size-full wp-image-12987 aligncenter\" src=\"https:\/\/olu-limburg.de\/wp-content\/uploads\/2017\/09\/DSC09413_ergebnis.jpg\" alt=\"\" width=\"800\" height=\"600\" srcset=\"https:\/\/olu-limburg.de\/wp-content\/uploads\/2017\/09\/DSC09413_ergebnis.jpg 800w, https:\/\/olu-limburg.de\/wp-content\/uploads\/2017\/09\/DSC09413_ergebnis-300x225.jpg 300w, https:\/\/olu-limburg.de\/wp-content\/uploads\/2017\/09\/DSC09413_ergebnis-768x576.jpg 768w, https:\/\/olu-limburg.de\/wp-content\/uploads\/2017\/09\/DSC09413_ergebnis-624x468.jpg 624w\" sizes=\"auto, (max-width: 800px) 100vw, 800px\" \/><\/a><\/p>\n<p>Wir m\u00fcssen wieder zur\u00fcck nach Bourgneuf-en-Retz. Sicherheitshalber besorgen wir uns ein Baguette.<\/p>\n<p><a href=\"https:\/\/olu-limburg.de\/wp-content\/uploads\/2017\/09\/DSC09418_ergebnis.jpg\"><img loading=\"lazy\" decoding=\"async\" class=\"size-full wp-image-12988 aligncenter\" src=\"https:\/\/olu-limburg.de\/wp-content\/uploads\/2017\/09\/DSC09418_ergebnis.jpg\" alt=\"\" width=\"800\" height=\"600\" srcset=\"https:\/\/olu-limburg.de\/wp-content\/uploads\/2017\/09\/DSC09418_ergebnis.jpg 800w, https:\/\/olu-limburg.de\/wp-content\/uploads\/2017\/09\/DSC09418_ergebnis-300x225.jpg 300w, https:\/\/olu-limburg.de\/wp-content\/uploads\/2017\/09\/DSC09418_ergebnis-768x576.jpg 768w, https:\/\/olu-limburg.de\/wp-content\/uploads\/2017\/09\/DSC09418_ergebnis-624x468.jpg 624w\" sizes=\"auto, (max-width: 800px) 100vw, 800px\" \/><\/a><\/p>\n<p><a href=\"https:\/\/olu-limburg.de\/wp-content\/uploads\/2017\/09\/DSC09421_ergebnis.jpg\"><img loading=\"lazy\" decoding=\"async\" class=\"size-full wp-image-12989 aligncenter\" src=\"https:\/\/olu-limburg.de\/wp-content\/uploads\/2017\/09\/DSC09421_ergebnis.jpg\" alt=\"\" width=\"800\" height=\"600\" srcset=\"https:\/\/olu-limburg.de\/wp-content\/uploads\/2017\/09\/DSC09421_ergebnis.jpg 800w, https:\/\/olu-limburg.de\/wp-content\/uploads\/2017\/09\/DSC09421_ergebnis-300x225.jpg 300w, https:\/\/olu-limburg.de\/wp-content\/uploads\/2017\/09\/DSC09421_ergebnis-768x576.jpg 768w, https:\/\/olu-limburg.de\/wp-content\/uploads\/2017\/09\/DSC09421_ergebnis-624x468.jpg 624w\" sizes=\"auto, (max-width: 800px) 100vw, 800px\" \/><\/a><\/p>\n<p><a href=\"https:\/\/olu-limburg.de\/wp-content\/uploads\/2017\/09\/DSC09425_ergebnis.jpg\"><img loading=\"lazy\" decoding=\"async\" class=\"size-full wp-image-12990 aligncenter\" src=\"https:\/\/olu-limburg.de\/wp-content\/uploads\/2017\/09\/DSC09425_ergebnis.jpg\" alt=\"\" width=\"800\" height=\"600\" srcset=\"https:\/\/olu-limburg.de\/wp-content\/uploads\/2017\/09\/DSC09425_ergebnis.jpg 800w, https:\/\/olu-limburg.de\/wp-content\/uploads\/2017\/09\/DSC09425_ergebnis-300x225.jpg 300w, https:\/\/olu-limburg.de\/wp-content\/uploads\/2017\/09\/DSC09425_ergebnis-768x576.jpg 768w, https:\/\/olu-limburg.de\/wp-content\/uploads\/2017\/09\/DSC09425_ergebnis-624x468.jpg 624w\" sizes=\"auto, (max-width: 800px) 100vw, 800px\" \/><\/a><\/p>\n<p>Unser n\u00e4chster Stopp ist in Bouin. Bei der Ortsdurchfahrt sehen wir am Stra\u00dfenrand einen Aufsteller mit einem Hinweis auf ein Men\u00fc zu EUR 11,50. Es hat wirklich gut geschmeckt. Anschie\u00dfend wird mit dem Port de Champs ein weiterer Versuch am Meer gestartet. Auch nicht geeignet.<\/p>\n<p>Letztendlich landen wir Port du Bec auf dem Wohnmobil-Stellplatz mit V+E (Geb\u00fchr EUR 5,00 von 18.00 &#8211; 09.00 Uhr, ansonsten kostenlos). Der Automat wirft momentan kein Ticket aus. Ich notiere mir den Ticket-Code (wird f\u00fcr die Ver- und Entsorgung ben\u00f6tigt) und erstelle mir selbst ein Behelfs-Ticket.<\/p>\n<p><a href=\"https:\/\/olu-limburg.de\/wp-content\/uploads\/2017\/09\/DSC09430_ergebnis.jpg\"><img loading=\"lazy\" decoding=\"async\" class=\"size-full wp-image-12991 aligncenter\" src=\"https:\/\/olu-limburg.de\/wp-content\/uploads\/2017\/09\/DSC09430_ergebnis.jpg\" alt=\"\" width=\"800\" height=\"600\" srcset=\"https:\/\/olu-limburg.de\/wp-content\/uploads\/2017\/09\/DSC09430_ergebnis.jpg 800w, https:\/\/olu-limburg.de\/wp-content\/uploads\/2017\/09\/DSC09430_ergebnis-300x225.jpg 300w, https:\/\/olu-limburg.de\/wp-content\/uploads\/2017\/09\/DSC09430_ergebnis-768x576.jpg 768w, https:\/\/olu-limburg.de\/wp-content\/uploads\/2017\/09\/DSC09430_ergebnis-624x468.jpg 624w\" sizes=\"auto, (max-width: 800px) 100vw, 800px\" \/><\/a><\/p>\n<p><a href=\"https:\/\/olu-limburg.de\/wp-content\/uploads\/2017\/09\/DSC09434_ergebnis.jpg\"><img loading=\"lazy\" decoding=\"async\" class=\"size-full wp-image-12992 aligncenter\" src=\"https:\/\/olu-limburg.de\/wp-content\/uploads\/2017\/09\/DSC09434_ergebnis.jpg\" alt=\"\" width=\"800\" height=\"600\" srcset=\"https:\/\/olu-limburg.de\/wp-content\/uploads\/2017\/09\/DSC09434_ergebnis.jpg 800w, https:\/\/olu-limburg.de\/wp-content\/uploads\/2017\/09\/DSC09434_ergebnis-300x225.jpg 300w, https:\/\/olu-limburg.de\/wp-content\/uploads\/2017\/09\/DSC09434_ergebnis-768x576.jpg 768w, https:\/\/olu-limburg.de\/wp-content\/uploads\/2017\/09\/DSC09434_ergebnis-624x468.jpg 624w\" sizes=\"auto, (max-width: 800px) 100vw, 800px\" \/><\/a><\/p>\n<p>Weil es so sch\u00f6nes Wetter ist, machen wir noch eine Rad-Tour zur Passage du Gois. Bei unserer Ankunft wagen sich gerade die ersten Autofahrer durch das zur\u00fcckweichende Wasser.<\/p>\n<p><a href=\"https:\/\/olu-limburg.de\/wp-content\/uploads\/2017\/09\/DSC09436_ergebnis.jpg\"><img loading=\"lazy\" decoding=\"async\" class=\"size-full wp-image-12993 aligncenter\" src=\"https:\/\/olu-limburg.de\/wp-content\/uploads\/2017\/09\/DSC09436_ergebnis.jpg\" alt=\"\" width=\"800\" height=\"600\" srcset=\"https:\/\/olu-limburg.de\/wp-content\/uploads\/2017\/09\/DSC09436_ergebnis.jpg 800w, https:\/\/olu-limburg.de\/wp-content\/uploads\/2017\/09\/DSC09436_ergebnis-300x225.jpg 300w, https:\/\/olu-limburg.de\/wp-content\/uploads\/2017\/09\/DSC09436_ergebnis-768x576.jpg 768w, https:\/\/olu-limburg.de\/wp-content\/uploads\/2017\/09\/DSC09436_ergebnis-624x468.jpg 624w\" sizes=\"auto, (max-width: 800px) 100vw, 800px\" \/><\/a><\/p>\n<p><a href=\"https:\/\/olu-limburg.de\/wp-content\/uploads\/2017\/09\/DSC09438_ergebnis.jpg\"><img loading=\"lazy\" decoding=\"async\" class=\"size-full wp-image-12995 aligncenter\" src=\"https:\/\/olu-limburg.de\/wp-content\/uploads\/2017\/09\/DSC09438_ergebnis.jpg\" alt=\"\" width=\"800\" height=\"600\" srcset=\"https:\/\/olu-limburg.de\/wp-content\/uploads\/2017\/09\/DSC09438_ergebnis.jpg 800w, https:\/\/olu-limburg.de\/wp-content\/uploads\/2017\/09\/DSC09438_ergebnis-300x225.jpg 300w, https:\/\/olu-limburg.de\/wp-content\/uploads\/2017\/09\/DSC09438_ergebnis-768x576.jpg 768w, https:\/\/olu-limburg.de\/wp-content\/uploads\/2017\/09\/DSC09438_ergebnis-624x468.jpg 624w\" sizes=\"auto, (max-width: 800px) 100vw, 800px\" \/><\/a><\/p>\n<p><a href=\"https:\/\/olu-limburg.de\/wp-content\/uploads\/2017\/09\/DSC09437_ergebnis.jpg\"><img loading=\"lazy\" decoding=\"async\" class=\"size-full wp-image-12994 aligncenter\" src=\"https:\/\/olu-limburg.de\/wp-content\/uploads\/2017\/09\/DSC09437_ergebnis.jpg\" alt=\"\" width=\"800\" height=\"600\" srcset=\"https:\/\/olu-limburg.de\/wp-content\/uploads\/2017\/09\/DSC09437_ergebnis.jpg 800w, https:\/\/olu-limburg.de\/wp-content\/uploads\/2017\/09\/DSC09437_ergebnis-300x225.jpg 300w, https:\/\/olu-limburg.de\/wp-content\/uploads\/2017\/09\/DSC09437_ergebnis-768x576.jpg 768w, https:\/\/olu-limburg.de\/wp-content\/uploads\/2017\/09\/DSC09437_ergebnis-624x468.jpg 624w\" sizes=\"auto, (max-width: 800px) 100vw, 800px\" \/><\/a><\/p>\n<p><a href=\"https:\/\/olu-limburg.de\/wp-content\/uploads\/2017\/09\/DSC09440_ergebnis.jpg\"><img loading=\"lazy\" decoding=\"async\" class=\"size-full wp-image-12996 aligncenter\" src=\"https:\/\/olu-limburg.de\/wp-content\/uploads\/2017\/09\/DSC09440_ergebnis.jpg\" alt=\"\" width=\"800\" height=\"600\" srcset=\"https:\/\/olu-limburg.de\/wp-content\/uploads\/2017\/09\/DSC09440_ergebnis.jpg 800w, https:\/\/olu-limburg.de\/wp-content\/uploads\/2017\/09\/DSC09440_ergebnis-300x225.jpg 300w, https:\/\/olu-limburg.de\/wp-content\/uploads\/2017\/09\/DSC09440_ergebnis-768x576.jpg 768w, https:\/\/olu-limburg.de\/wp-content\/uploads\/2017\/09\/DSC09440_ergebnis-624x468.jpg 624w\" sizes=\"auto, (max-width: 800px) 100vw, 800px\" \/><\/a><\/p>\n<p><a href=\"https:\/\/olu-limburg.de\/wp-content\/uploads\/2017\/09\/DSC09442_ergebnis.jpg\"><img loading=\"lazy\" decoding=\"async\" class=\"size-full wp-image-12997 aligncenter\" src=\"https:\/\/olu-limburg.de\/wp-content\/uploads\/2017\/09\/DSC09442_ergebnis.jpg\" alt=\"\" width=\"800\" height=\"600\" srcset=\"https:\/\/olu-limburg.de\/wp-content\/uploads\/2017\/09\/DSC09442_ergebnis.jpg 800w, https:\/\/olu-limburg.de\/wp-content\/uploads\/2017\/09\/DSC09442_ergebnis-300x225.jpg 300w, https:\/\/olu-limburg.de\/wp-content\/uploads\/2017\/09\/DSC09442_ergebnis-768x576.jpg 768w, https:\/\/olu-limburg.de\/wp-content\/uploads\/2017\/09\/DSC09442_ergebnis-624x468.jpg 624w\" sizes=\"auto, (max-width: 800px) 100vw, 800px\" \/><\/a><\/p>\n<p>Tagesstrecke: 89 km<\/p>\n<p>&nbsp;<\/p>\n<p><strong>Samstag, 02. September 2017<\/strong><\/p>\n<p>Heute Nacht wurde unser Wohnmobil kr\u00e4ftig durchgesch\u00fcttelt, doch jetzt ist es wieder ruhig und die Sonne scheint. Da die Nutzungszeiten der Passage du Gois von den Gezeiten abh\u00e4ngt, und die Niedrigwasserphase schon sehr fr\u00fch am Tag ist, sind wir heute als Fr\u00fchaufsteher gefordert. Gefr\u00fchst\u00fcckt wird aber erst vor der Passage.<\/p>\n<div id=\"attachment_13024\" style=\"width: 810px\" class=\"wp-caption aligncenter\"><a href=\"https:\/\/olu-limburg.de\/wp-content\/uploads\/2017\/09\/DSC09445_ergebnis.jpg\"><img loading=\"lazy\" decoding=\"async\" aria-describedby=\"caption-attachment-13024\" class=\"wp-image-13024 size-full\" src=\"https:\/\/olu-limburg.de\/wp-content\/uploads\/2017\/09\/DSC09445_ergebnis.jpg\" alt=\"\" width=\"800\" height=\"600\" srcset=\"https:\/\/olu-limburg.de\/wp-content\/uploads\/2017\/09\/DSC09445_ergebnis.jpg 800w, https:\/\/olu-limburg.de\/wp-content\/uploads\/2017\/09\/DSC09445_ergebnis-300x225.jpg 300w, https:\/\/olu-limburg.de\/wp-content\/uploads\/2017\/09\/DSC09445_ergebnis-768x576.jpg 768w, https:\/\/olu-limburg.de\/wp-content\/uploads\/2017\/09\/DSC09445_ergebnis-624x468.jpg 624w\" sizes=\"auto, (max-width: 800px) 100vw, 800px\" \/><\/a><p id=\"caption-attachment-13024\" class=\"wp-caption-text\">Die Sonne geht auf und im Hintergrund sind mein ein St\u00fcck der Ile de Noirmoutier.<\/p><\/div>\n<p><a href=\"https:\/\/olu-limburg.de\/wp-content\/uploads\/2017\/09\/P1050825_ergebnis.jpg\"><img loading=\"lazy\" decoding=\"async\" class=\"size-full wp-image-13014 aligncenter\" src=\"https:\/\/olu-limburg.de\/wp-content\/uploads\/2017\/09\/P1050825_ergebnis.jpg\" alt=\"\" width=\"800\" height=\"600\" srcset=\"https:\/\/olu-limburg.de\/wp-content\/uploads\/2017\/09\/P1050825_ergebnis.jpg 800w, https:\/\/olu-limburg.de\/wp-content\/uploads\/2017\/09\/P1050825_ergebnis-300x225.jpg 300w, https:\/\/olu-limburg.de\/wp-content\/uploads\/2017\/09\/P1050825_ergebnis-768x576.jpg 768w, https:\/\/olu-limburg.de\/wp-content\/uploads\/2017\/09\/P1050825_ergebnis-624x468.jpg 624w\" sizes=\"auto, (max-width: 800px) 100vw, 800px\" \/><\/a><\/p>\n<p>Bei unserer Fahrt auf dem jetzt freien Meeresboden wird noch der nasse Schlamm aufgewirbelt. Auf der Inselseite der Passage suchen wir uns schnell einen Parkplatz am Stra\u00dfenrand, denn jetzt geht es mit Badeschuhen best\u00fcckt zur\u00fcck zur Muschelsuche. Wir waren richtig erfolgreich.<\/p>\n<p><a href=\"https:\/\/olu-limburg.de\/wp-content\/uploads\/2017\/09\/P1050828_ergebnis.jpg\"><img loading=\"lazy\" decoding=\"async\" class=\"size-full wp-image-13015 aligncenter\" src=\"https:\/\/olu-limburg.de\/wp-content\/uploads\/2017\/09\/P1050828_ergebnis.jpg\" alt=\"\" width=\"800\" height=\"600\" srcset=\"https:\/\/olu-limburg.de\/wp-content\/uploads\/2017\/09\/P1050828_ergebnis.jpg 800w, https:\/\/olu-limburg.de\/wp-content\/uploads\/2017\/09\/P1050828_ergebnis-300x225.jpg 300w, https:\/\/olu-limburg.de\/wp-content\/uploads\/2017\/09\/P1050828_ergebnis-768x576.jpg 768w, https:\/\/olu-limburg.de\/wp-content\/uploads\/2017\/09\/P1050828_ergebnis-624x468.jpg 624w\" sizes=\"auto, (max-width: 800px) 100vw, 800px\" \/><\/a><\/p>\n<p><a href=\"https:\/\/olu-limburg.de\/wp-content\/uploads\/2017\/09\/P1050831_ergebnis.jpg\"><img loading=\"lazy\" decoding=\"async\" class=\"size-full wp-image-13016 aligncenter\" src=\"https:\/\/olu-limburg.de\/wp-content\/uploads\/2017\/09\/P1050831_ergebnis.jpg\" alt=\"\" width=\"800\" height=\"600\" srcset=\"https:\/\/olu-limburg.de\/wp-content\/uploads\/2017\/09\/P1050831_ergebnis.jpg 800w, https:\/\/olu-limburg.de\/wp-content\/uploads\/2017\/09\/P1050831_ergebnis-300x225.jpg 300w, https:\/\/olu-limburg.de\/wp-content\/uploads\/2017\/09\/P1050831_ergebnis-768x576.jpg 768w, https:\/\/olu-limburg.de\/wp-content\/uploads\/2017\/09\/P1050831_ergebnis-624x468.jpg 624w\" sizes=\"auto, (max-width: 800px) 100vw, 800px\" \/><\/a><\/p>\n<p><a href=\"https:\/\/olu-limburg.de\/wp-content\/uploads\/2017\/09\/P1050833_ergebnis.jpg\"><img loading=\"lazy\" decoding=\"async\" class=\"size-full wp-image-13017 aligncenter\" src=\"https:\/\/olu-limburg.de\/wp-content\/uploads\/2017\/09\/P1050833_ergebnis.jpg\" alt=\"\" width=\"800\" height=\"600\" srcset=\"https:\/\/olu-limburg.de\/wp-content\/uploads\/2017\/09\/P1050833_ergebnis.jpg 800w, https:\/\/olu-limburg.de\/wp-content\/uploads\/2017\/09\/P1050833_ergebnis-300x225.jpg 300w, https:\/\/olu-limburg.de\/wp-content\/uploads\/2017\/09\/P1050833_ergebnis-768x576.jpg 768w, https:\/\/olu-limburg.de\/wp-content\/uploads\/2017\/09\/P1050833_ergebnis-624x468.jpg 624w\" sizes=\"auto, (max-width: 800px) 100vw, 800px\" \/><\/a><\/p>\n<p><a href=\"https:\/\/olu-limburg.de\/wp-content\/uploads\/2017\/09\/P1050840_ergebnis.jpg\"><img loading=\"lazy\" decoding=\"async\" class=\"size-full wp-image-13018 aligncenter\" src=\"https:\/\/olu-limburg.de\/wp-content\/uploads\/2017\/09\/P1050840_ergebnis.jpg\" alt=\"\" width=\"800\" height=\"600\" srcset=\"https:\/\/olu-limburg.de\/wp-content\/uploads\/2017\/09\/P1050840_ergebnis.jpg 800w, https:\/\/olu-limburg.de\/wp-content\/uploads\/2017\/09\/P1050840_ergebnis-300x225.jpg 300w, https:\/\/olu-limburg.de\/wp-content\/uploads\/2017\/09\/P1050840_ergebnis-768x576.jpg 768w, https:\/\/olu-limburg.de\/wp-content\/uploads\/2017\/09\/P1050840_ergebnis-624x468.jpg 624w\" sizes=\"auto, (max-width: 800px) 100vw, 800px\" \/><\/a><\/p>\n<div id=\"attachment_12999\" style=\"width: 810px\" class=\"wp-caption aligncenter\"><a href=\"https:\/\/olu-limburg.de\/wp-content\/uploads\/2017\/09\/20170902_101812_ergebnis.jpg\"><img loading=\"lazy\" decoding=\"async\" aria-describedby=\"caption-attachment-12999\" class=\"wp-image-12999 size-full\" src=\"https:\/\/olu-limburg.de\/wp-content\/uploads\/2017\/09\/20170902_101812_ergebnis.jpg\" alt=\"\" width=\"800\" height=\"600\" srcset=\"https:\/\/olu-limburg.de\/wp-content\/uploads\/2017\/09\/20170902_101812_ergebnis.jpg 800w, https:\/\/olu-limburg.de\/wp-content\/uploads\/2017\/09\/20170902_101812_ergebnis-300x225.jpg 300w, https:\/\/olu-limburg.de\/wp-content\/uploads\/2017\/09\/20170902_101812_ergebnis-768x576.jpg 768w, https:\/\/olu-limburg.de\/wp-content\/uploads\/2017\/09\/20170902_101812_ergebnis-624x468.jpg 624w\" sizes=\"auto, (max-width: 800px) 100vw, 800px\" \/><\/a><p id=\"caption-attachment-12999\" class=\"wp-caption-text\">Auch wir w\u00fchlen uns durch den Schlamm auf der Suche nach den Muscheln.<\/p><\/div>\n<p>Unser erstes \u00dcbernachtungsziel auf der Ile de Noirmoutier sollte der Stellplatz im Hafen von L&#8217;Epine sein. Selbst im aktuellen franz\u00f6sischen Stellplatzf\u00fchrer ist er noch aufgef\u00fchrt. Doch empf\u00e4ngt uns dort ein riesiger Balken, und es ist kein Wohnmobil zu sehen. Was man von der restlichen Insel nicht behaupten kann. Es sind Unmengen von Wohnmobilen hier unterwegs.<\/p>\n<p>Um kein Risiko einzugehen, steuern wir den gro\u00dfen Platz mit V+E (Geb\u00fchr EUR 8,00) in Noirmoutier an. Wir haben Gl\u00fcck, doch auch hier herrscht reges Gedr\u00e4nge. Bei der Einfahrt wird mit einer automatischen Kennzeichenerkennung gearbeitet. Bei der Bezahlung mu\u00df dann wieder das Kennzeichen angegeben werden und der Computer erledigt den Rest.<\/p>\n<p><a href=\"https:\/\/olu-limburg.de\/wp-content\/uploads\/2017\/09\/P1050856_ergebnis-e1509269675289.jpg\"><img loading=\"lazy\" decoding=\"async\" class=\"size-full wp-image-13021 aligncenter\" src=\"https:\/\/olu-limburg.de\/wp-content\/uploads\/2017\/09\/P1050856_ergebnis-e1509269675289.jpg\" alt=\"\" width=\"450\" height=\"600\" \/><\/a><\/p>\n<p>Wir machen einen kleinen Wiedersehens-Spaziergang durch die Fu\u00dfg\u00e4ngerzone von Noirmoutier und essen dann bei uns: Melone, Salatherzen mit hei\u00dfem Oliven\u00f6l und angebratenem Knoblauch und \u00fcberbackene Palourdes (Venusmuschel). Als Nachtisch gibt es einen Mittagsschlaf.<\/p>\n<p><a href=\"https:\/\/olu-limburg.de\/wp-content\/uploads\/2017\/09\/DSC09446_ergebnis.jpg\"><img loading=\"lazy\" decoding=\"async\" class=\"size-full wp-image-13026 aligncenter\" src=\"https:\/\/olu-limburg.de\/wp-content\/uploads\/2017\/09\/DSC09446_ergebnis.jpg\" alt=\"\" width=\"800\" height=\"600\" srcset=\"https:\/\/olu-limburg.de\/wp-content\/uploads\/2017\/09\/DSC09446_ergebnis.jpg 800w, https:\/\/olu-limburg.de\/wp-content\/uploads\/2017\/09\/DSC09446_ergebnis-300x225.jpg 300w, https:\/\/olu-limburg.de\/wp-content\/uploads\/2017\/09\/DSC09446_ergebnis-768x576.jpg 768w, https:\/\/olu-limburg.de\/wp-content\/uploads\/2017\/09\/DSC09446_ergebnis-624x468.jpg 624w\" sizes=\"auto, (max-width: 800px) 100vw, 800px\" \/><\/a><\/p>\n<p><a href=\"https:\/\/olu-limburg.de\/wp-content\/uploads\/2017\/09\/DSC09447_ergebnis-e1509272946918.jpg\"><img loading=\"lazy\" decoding=\"async\" class=\"size-full wp-image-13027 aligncenter\" src=\"https:\/\/olu-limburg.de\/wp-content\/uploads\/2017\/09\/DSC09447_ergebnis-e1509272946918.jpg\" alt=\"\" width=\"450\" height=\"600\" \/><\/a><\/p>\n<p><a href=\"https:\/\/olu-limburg.de\/wp-content\/uploads\/2017\/09\/DSC09452_ergebnis.jpg\"><img loading=\"lazy\" decoding=\"async\" class=\"size-full wp-image-13028 aligncenter\" src=\"https:\/\/olu-limburg.de\/wp-content\/uploads\/2017\/09\/DSC09452_ergebnis.jpg\" alt=\"\" width=\"800\" height=\"600\" srcset=\"https:\/\/olu-limburg.de\/wp-content\/uploads\/2017\/09\/DSC09452_ergebnis.jpg 800w, https:\/\/olu-limburg.de\/wp-content\/uploads\/2017\/09\/DSC09452_ergebnis-300x225.jpg 300w, https:\/\/olu-limburg.de\/wp-content\/uploads\/2017\/09\/DSC09452_ergebnis-768x576.jpg 768w, https:\/\/olu-limburg.de\/wp-content\/uploads\/2017\/09\/DSC09452_ergebnis-624x468.jpg 624w\" sizes=\"auto, (max-width: 800px) 100vw, 800px\" \/><\/a><\/p>\n<p><a href=\"https:\/\/olu-limburg.de\/wp-content\/uploads\/2017\/09\/DSC09454_ergebnis.jpg\"><img loading=\"lazy\" decoding=\"async\" class=\"size-full wp-image-13029 aligncenter\" src=\"https:\/\/olu-limburg.de\/wp-content\/uploads\/2017\/09\/DSC09454_ergebnis.jpg\" alt=\"\" width=\"800\" height=\"600\" srcset=\"https:\/\/olu-limburg.de\/wp-content\/uploads\/2017\/09\/DSC09454_ergebnis.jpg 800w, https:\/\/olu-limburg.de\/wp-content\/uploads\/2017\/09\/DSC09454_ergebnis-300x225.jpg 300w, https:\/\/olu-limburg.de\/wp-content\/uploads\/2017\/09\/DSC09454_ergebnis-768x576.jpg 768w, https:\/\/olu-limburg.de\/wp-content\/uploads\/2017\/09\/DSC09454_ergebnis-624x468.jpg 624w\" sizes=\"auto, (max-width: 800px) 100vw, 800px\" \/><\/a><\/p>\n<p><a href=\"https:\/\/olu-limburg.de\/wp-content\/uploads\/2017\/09\/P1050846_ergebnis-e1509269845979.jpg\"><img loading=\"lazy\" decoding=\"async\" class=\"size-full wp-image-13019 aligncenter\" src=\"https:\/\/olu-limburg.de\/wp-content\/uploads\/2017\/09\/P1050846_ergebnis-e1509269845979.jpg\" alt=\"\" width=\"450\" height=\"600\" \/><\/a><\/p>\n<div id=\"attachment_13000\" style=\"width: 810px\" class=\"wp-caption aligncenter\"><a href=\"https:\/\/olu-limburg.de\/wp-content\/uploads\/2017\/09\/20170902_135453_ergebnis.jpg\"><img loading=\"lazy\" decoding=\"async\" aria-describedby=\"caption-attachment-13000\" class=\"wp-image-13000 size-full\" src=\"https:\/\/olu-limburg.de\/wp-content\/uploads\/2017\/09\/20170902_135453_ergebnis.jpg\" alt=\"\" width=\"800\" height=\"600\" srcset=\"https:\/\/olu-limburg.de\/wp-content\/uploads\/2017\/09\/20170902_135453_ergebnis.jpg 800w, https:\/\/olu-limburg.de\/wp-content\/uploads\/2017\/09\/20170902_135453_ergebnis-300x225.jpg 300w, https:\/\/olu-limburg.de\/wp-content\/uploads\/2017\/09\/20170902_135453_ergebnis-768x576.jpg 768w, https:\/\/olu-limburg.de\/wp-content\/uploads\/2017\/09\/20170902_135453_ergebnis-624x468.jpg 624w\" sizes=\"auto, (max-width: 800px) 100vw, 800px\" \/><\/a><p id=\"caption-attachment-13000\" class=\"wp-caption-text\">\u00fcberbackene Palourdes<\/p><\/div>\n<p>Gut erholt besichtigen wird den Lidl und suchen schon mal eine \u00f6ffentliche Waschmaschine. Danach machen wir eine Radtour an die nordwestliche Spitze der Insel, L&#8217;Herbaudi\u00e8re.<\/p>\n<p><a href=\"https:\/\/olu-limburg.de\/wp-content\/uploads\/2017\/09\/DSC09457_ergebnis.jpg\"><img loading=\"lazy\" decoding=\"async\" class=\"size-full wp-image-13030 aligncenter\" src=\"https:\/\/olu-limburg.de\/wp-content\/uploads\/2017\/09\/DSC09457_ergebnis.jpg\" alt=\"\" width=\"800\" height=\"600\" srcset=\"https:\/\/olu-limburg.de\/wp-content\/uploads\/2017\/09\/DSC09457_ergebnis.jpg 800w, https:\/\/olu-limburg.de\/wp-content\/uploads\/2017\/09\/DSC09457_ergebnis-300x225.jpg 300w, https:\/\/olu-limburg.de\/wp-content\/uploads\/2017\/09\/DSC09457_ergebnis-768x576.jpg 768w, https:\/\/olu-limburg.de\/wp-content\/uploads\/2017\/09\/DSC09457_ergebnis-624x468.jpg 624w\" sizes=\"auto, (max-width: 800px) 100vw, 800px\" \/><\/a><\/p>\n<p><a href=\"https:\/\/olu-limburg.de\/wp-content\/uploads\/2017\/09\/DSC09458_ergebnis.jpg\"><img loading=\"lazy\" decoding=\"async\" class=\"size-full wp-image-13031 aligncenter\" src=\"https:\/\/olu-limburg.de\/wp-content\/uploads\/2017\/09\/DSC09458_ergebnis.jpg\" alt=\"\" width=\"800\" height=\"600\" srcset=\"https:\/\/olu-limburg.de\/wp-content\/uploads\/2017\/09\/DSC09458_ergebnis.jpg 800w, https:\/\/olu-limburg.de\/wp-content\/uploads\/2017\/09\/DSC09458_ergebnis-300x225.jpg 300w, https:\/\/olu-limburg.de\/wp-content\/uploads\/2017\/09\/DSC09458_ergebnis-768x576.jpg 768w, https:\/\/olu-limburg.de\/wp-content\/uploads\/2017\/09\/DSC09458_ergebnis-624x468.jpg 624w\" sizes=\"auto, (max-width: 800px) 100vw, 800px\" \/><\/a><\/p>\n<p><a href=\"https:\/\/olu-limburg.de\/wp-content\/uploads\/2017\/09\/DSC09462_ergebnis-e1509273487462.jpg\"><img loading=\"lazy\" decoding=\"async\" class=\"size-full wp-image-13033 aligncenter\" src=\"https:\/\/olu-limburg.de\/wp-content\/uploads\/2017\/09\/DSC09462_ergebnis-e1509273487462.jpg\" alt=\"\" width=\"450\" height=\"600\" \/><\/a><\/p>\n<p><a href=\"https:\/\/olu-limburg.de\/wp-content\/uploads\/2017\/09\/DSC09463_ergebnis.jpg\"><img loading=\"lazy\" decoding=\"async\" class=\"size-full wp-image-13034 aligncenter\" src=\"https:\/\/olu-limburg.de\/wp-content\/uploads\/2017\/09\/DSC09463_ergebnis.jpg\" alt=\"\" width=\"800\" height=\"600\" srcset=\"https:\/\/olu-limburg.de\/wp-content\/uploads\/2017\/09\/DSC09463_ergebnis.jpg 800w, https:\/\/olu-limburg.de\/wp-content\/uploads\/2017\/09\/DSC09463_ergebnis-300x225.jpg 300w, https:\/\/olu-limburg.de\/wp-content\/uploads\/2017\/09\/DSC09463_ergebnis-768x576.jpg 768w, https:\/\/olu-limburg.de\/wp-content\/uploads\/2017\/09\/DSC09463_ergebnis-624x468.jpg 624w\" sizes=\"auto, (max-width: 800px) 100vw, 800px\" \/><\/a><\/p>\n<div id=\"attachment_13032\" style=\"width: 810px\" class=\"wp-caption aligncenter\"><a href=\"https:\/\/olu-limburg.de\/wp-content\/uploads\/2017\/09\/DSC09460_ergebnis.jpg\"><img loading=\"lazy\" decoding=\"async\" aria-describedby=\"caption-attachment-13032\" class=\"wp-image-13032 size-full\" src=\"https:\/\/olu-limburg.de\/wp-content\/uploads\/2017\/09\/DSC09460_ergebnis.jpg\" alt=\"\" width=\"800\" height=\"600\" srcset=\"https:\/\/olu-limburg.de\/wp-content\/uploads\/2017\/09\/DSC09460_ergebnis.jpg 800w, https:\/\/olu-limburg.de\/wp-content\/uploads\/2017\/09\/DSC09460_ergebnis-300x225.jpg 300w, https:\/\/olu-limburg.de\/wp-content\/uploads\/2017\/09\/DSC09460_ergebnis-768x576.jpg 768w, https:\/\/olu-limburg.de\/wp-content\/uploads\/2017\/09\/DSC09460_ergebnis-624x468.jpg 624w\" sizes=\"auto, (max-width: 800px) 100vw, 800px\" \/><\/a><p id=\"caption-attachment-13032\" class=\"wp-caption-text\">Sel de Noirmoutier<\/p><\/div>\n<p><a href=\"https:\/\/olu-limburg.de\/wp-content\/uploads\/2017\/09\/DSC09466_ergebnis.jpg\"><img loading=\"lazy\" decoding=\"async\" class=\"size-full wp-image-13035 aligncenter\" src=\"https:\/\/olu-limburg.de\/wp-content\/uploads\/2017\/09\/DSC09466_ergebnis.jpg\" alt=\"\" width=\"800\" height=\"600\" srcset=\"https:\/\/olu-limburg.de\/wp-content\/uploads\/2017\/09\/DSC09466_ergebnis.jpg 800w, https:\/\/olu-limburg.de\/wp-content\/uploads\/2017\/09\/DSC09466_ergebnis-300x225.jpg 300w, https:\/\/olu-limburg.de\/wp-content\/uploads\/2017\/09\/DSC09466_ergebnis-768x576.jpg 768w, https:\/\/olu-limburg.de\/wp-content\/uploads\/2017\/09\/DSC09466_ergebnis-624x468.jpg 624w\" sizes=\"auto, (max-width: 800px) 100vw, 800px\" \/><\/a><\/p>\n<p><a href=\"https:\/\/olu-limburg.de\/wp-content\/uploads\/2017\/09\/DSC09467_ergebnis.jpg\"><img loading=\"lazy\" decoding=\"async\" class=\"size-full wp-image-13036 aligncenter\" src=\"https:\/\/olu-limburg.de\/wp-content\/uploads\/2017\/09\/DSC09467_ergebnis.jpg\" alt=\"\" width=\"800\" height=\"600\" srcset=\"https:\/\/olu-limburg.de\/wp-content\/uploads\/2017\/09\/DSC09467_ergebnis.jpg 800w, https:\/\/olu-limburg.de\/wp-content\/uploads\/2017\/09\/DSC09467_ergebnis-300x225.jpg 300w, https:\/\/olu-limburg.de\/wp-content\/uploads\/2017\/09\/DSC09467_ergebnis-768x576.jpg 768w, https:\/\/olu-limburg.de\/wp-content\/uploads\/2017\/09\/DSC09467_ergebnis-624x468.jpg 624w\" sizes=\"auto, (max-width: 800px) 100vw, 800px\" \/><\/a><\/p>\n<p><a href=\"https:\/\/olu-limburg.de\/wp-content\/uploads\/2017\/09\/DSC09469_ergebnis.jpg\"><img loading=\"lazy\" decoding=\"async\" class=\"size-full wp-image-13037 aligncenter\" src=\"https:\/\/olu-limburg.de\/wp-content\/uploads\/2017\/09\/DSC09469_ergebnis.jpg\" alt=\"\" width=\"800\" height=\"600\" srcset=\"https:\/\/olu-limburg.de\/wp-content\/uploads\/2017\/09\/DSC09469_ergebnis.jpg 800w, https:\/\/olu-limburg.de\/wp-content\/uploads\/2017\/09\/DSC09469_ergebnis-300x225.jpg 300w, https:\/\/olu-limburg.de\/wp-content\/uploads\/2017\/09\/DSC09469_ergebnis-768x576.jpg 768w, https:\/\/olu-limburg.de\/wp-content\/uploads\/2017\/09\/DSC09469_ergebnis-624x468.jpg 624w\" sizes=\"auto, (max-width: 800px) 100vw, 800px\" \/><\/a><\/p>\n<p><a href=\"https:\/\/olu-limburg.de\/wp-content\/uploads\/2017\/09\/DSC09470_ergebnis.jpg\"><img loading=\"lazy\" decoding=\"async\" class=\"size-full wp-image-13038 aligncenter\" src=\"https:\/\/olu-limburg.de\/wp-content\/uploads\/2017\/09\/DSC09470_ergebnis.jpg\" alt=\"\" width=\"800\" height=\"600\" srcset=\"https:\/\/olu-limburg.de\/wp-content\/uploads\/2017\/09\/DSC09470_ergebnis.jpg 800w, https:\/\/olu-limburg.de\/wp-content\/uploads\/2017\/09\/DSC09470_ergebnis-300x225.jpg 300w, https:\/\/olu-limburg.de\/wp-content\/uploads\/2017\/09\/DSC09470_ergebnis-768x576.jpg 768w, https:\/\/olu-limburg.de\/wp-content\/uploads\/2017\/09\/DSC09470_ergebnis-624x468.jpg 624w\" sizes=\"auto, (max-width: 800px) 100vw, 800px\" \/><\/a><\/p>\n<p>Hier konnten wir 1992 noch ganz wunderbar meerseitig am Hafen \u00fcbernachten. Tja, die Zeiten sind vorbei! Jetzt bleibt uns nur ein Aperitif zur Erinnerung in einer Hafenbar.<\/p>\n<div id=\"attachment_13041\" style=\"width: 810px\" class=\"wp-caption aligncenter\"><a href=\"https:\/\/olu-limburg.de\/wp-content\/uploads\/2017\/09\/DSC09474_ergebnis.jpg\"><img loading=\"lazy\" decoding=\"async\" aria-describedby=\"caption-attachment-13041\" class=\"wp-image-13041 size-full\" src=\"https:\/\/olu-limburg.de\/wp-content\/uploads\/2017\/09\/DSC09474_ergebnis.jpg\" alt=\"\" width=\"800\" height=\"600\" srcset=\"https:\/\/olu-limburg.de\/wp-content\/uploads\/2017\/09\/DSC09474_ergebnis.jpg 800w, https:\/\/olu-limburg.de\/wp-content\/uploads\/2017\/09\/DSC09474_ergebnis-300x225.jpg 300w, https:\/\/olu-limburg.de\/wp-content\/uploads\/2017\/09\/DSC09474_ergebnis-768x576.jpg 768w, https:\/\/olu-limburg.de\/wp-content\/uploads\/2017\/09\/DSC09474_ergebnis-624x468.jpg 624w\" sizes=\"auto, (max-width: 800px) 100vw, 800px\" \/><\/a><p id=\"caption-attachment-13041\" class=\"wp-caption-text\">Im Hintergrund ist die Mole zum Meer hin.<\/p><\/div>\n<p><a href=\"https:\/\/olu-limburg.de\/wp-content\/uploads\/2017\/09\/DSC09472_ergebnis.jpg\"><img loading=\"lazy\" decoding=\"async\" class=\"size-full wp-image-13040 aligncenter\" src=\"https:\/\/olu-limburg.de\/wp-content\/uploads\/2017\/09\/DSC09472_ergebnis.jpg\" alt=\"\" width=\"800\" height=\"600\" srcset=\"https:\/\/olu-limburg.de\/wp-content\/uploads\/2017\/09\/DSC09472_ergebnis.jpg 800w, https:\/\/olu-limburg.de\/wp-content\/uploads\/2017\/09\/DSC09472_ergebnis-300x225.jpg 300w, https:\/\/olu-limburg.de\/wp-content\/uploads\/2017\/09\/DSC09472_ergebnis-768x576.jpg 768w, https:\/\/olu-limburg.de\/wp-content\/uploads\/2017\/09\/DSC09472_ergebnis-624x468.jpg 624w\" sizes=\"auto, (max-width: 800px) 100vw, 800px\" \/><\/a><\/p>\n<p><a href=\"https:\/\/olu-limburg.de\/wp-content\/uploads\/2017\/09\/DSC09471_ergebnis.jpg\"><img loading=\"lazy\" decoding=\"async\" class=\"size-full wp-image-13039 aligncenter\" src=\"https:\/\/olu-limburg.de\/wp-content\/uploads\/2017\/09\/DSC09471_ergebnis.jpg\" alt=\"\" width=\"800\" height=\"600\" srcset=\"https:\/\/olu-limburg.de\/wp-content\/uploads\/2017\/09\/DSC09471_ergebnis.jpg 800w, https:\/\/olu-limburg.de\/wp-content\/uploads\/2017\/09\/DSC09471_ergebnis-300x225.jpg 300w, https:\/\/olu-limburg.de\/wp-content\/uploads\/2017\/09\/DSC09471_ergebnis-768x576.jpg 768w, https:\/\/olu-limburg.de\/wp-content\/uploads\/2017\/09\/DSC09471_ergebnis-624x468.jpg 624w\" sizes=\"auto, (max-width: 800px) 100vw, 800px\" \/><\/a><\/p>\n<div id=\"attachment_13042\" style=\"width: 810px\" class=\"wp-caption aligncenter\"><a href=\"https:\/\/olu-limburg.de\/wp-content\/uploads\/2017\/09\/DSC09475_ergebnis.jpg\"><img loading=\"lazy\" decoding=\"async\" aria-describedby=\"caption-attachment-13042\" class=\"wp-image-13042 size-full\" src=\"https:\/\/olu-limburg.de\/wp-content\/uploads\/2017\/09\/DSC09475_ergebnis.jpg\" alt=\"\" width=\"800\" height=\"600\" srcset=\"https:\/\/olu-limburg.de\/wp-content\/uploads\/2017\/09\/DSC09475_ergebnis.jpg 800w, https:\/\/olu-limburg.de\/wp-content\/uploads\/2017\/09\/DSC09475_ergebnis-300x225.jpg 300w, https:\/\/olu-limburg.de\/wp-content\/uploads\/2017\/09\/DSC09475_ergebnis-768x576.jpg 768w, https:\/\/olu-limburg.de\/wp-content\/uploads\/2017\/09\/DSC09475_ergebnis-624x468.jpg 624w\" sizes=\"auto, (max-width: 800px) 100vw, 800px\" \/><\/a><p id=\"caption-attachment-13042\" class=\"wp-caption-text\">Wer zu schnell f\u00e4hrt, muss schon mal seine Kisten aus dem Wasser fischen.<\/p><\/div>\n<p><a href=\"https:\/\/olu-limburg.de\/wp-content\/uploads\/2017\/09\/DSC09477_ergebnis.jpg\"><img loading=\"lazy\" decoding=\"async\" class=\"size-full wp-image-13043 aligncenter\" src=\"https:\/\/olu-limburg.de\/wp-content\/uploads\/2017\/09\/DSC09477_ergebnis.jpg\" alt=\"\" width=\"800\" height=\"600\" srcset=\"https:\/\/olu-limburg.de\/wp-content\/uploads\/2017\/09\/DSC09477_ergebnis.jpg 800w, https:\/\/olu-limburg.de\/wp-content\/uploads\/2017\/09\/DSC09477_ergebnis-300x225.jpg 300w, https:\/\/olu-limburg.de\/wp-content\/uploads\/2017\/09\/DSC09477_ergebnis-768x576.jpg 768w, https:\/\/olu-limburg.de\/wp-content\/uploads\/2017\/09\/DSC09477_ergebnis-624x468.jpg 624w\" sizes=\"auto, (max-width: 800px) 100vw, 800px\" \/><\/a><\/p>\n<p><a href=\"https:\/\/olu-limburg.de\/wp-content\/uploads\/2017\/09\/DSC09478_ergebnis.jpg\"><img loading=\"lazy\" decoding=\"async\" class=\"size-full wp-image-13044 aligncenter\" src=\"https:\/\/olu-limburg.de\/wp-content\/uploads\/2017\/09\/DSC09478_ergebnis.jpg\" alt=\"\" width=\"800\" height=\"600\" srcset=\"https:\/\/olu-limburg.de\/wp-content\/uploads\/2017\/09\/DSC09478_ergebnis.jpg 800w, https:\/\/olu-limburg.de\/wp-content\/uploads\/2017\/09\/DSC09478_ergebnis-300x225.jpg 300w, https:\/\/olu-limburg.de\/wp-content\/uploads\/2017\/09\/DSC09478_ergebnis-768x576.jpg 768w, https:\/\/olu-limburg.de\/wp-content\/uploads\/2017\/09\/DSC09478_ergebnis-624x468.jpg 624w\" sizes=\"auto, (max-width: 800px) 100vw, 800px\" \/><\/a><\/p>\n<p><a href=\"https:\/\/olu-limburg.de\/wp-content\/uploads\/2017\/09\/DSC09479_ergebnis.jpg\"><img loading=\"lazy\" decoding=\"async\" class=\"size-full wp-image-13045 aligncenter\" src=\"https:\/\/olu-limburg.de\/wp-content\/uploads\/2017\/09\/DSC09479_ergebnis.jpg\" alt=\"\" width=\"800\" height=\"600\" srcset=\"https:\/\/olu-limburg.de\/wp-content\/uploads\/2017\/09\/DSC09479_ergebnis.jpg 800w, https:\/\/olu-limburg.de\/wp-content\/uploads\/2017\/09\/DSC09479_ergebnis-300x225.jpg 300w, https:\/\/olu-limburg.de\/wp-content\/uploads\/2017\/09\/DSC09479_ergebnis-768x576.jpg 768w, https:\/\/olu-limburg.de\/wp-content\/uploads\/2017\/09\/DSC09479_ergebnis-624x468.jpg 624w\" sizes=\"auto, (max-width: 800px) 100vw, 800px\" \/><\/a><\/p>\n<p><a href=\"https:\/\/olu-limburg.de\/wp-content\/uploads\/2017\/09\/DSC09480_ergebnis.jpg\"><img loading=\"lazy\" decoding=\"async\" class=\"size-full wp-image-13046 aligncenter\" src=\"https:\/\/olu-limburg.de\/wp-content\/uploads\/2017\/09\/DSC09480_ergebnis.jpg\" alt=\"\" width=\"800\" height=\"600\" srcset=\"https:\/\/olu-limburg.de\/wp-content\/uploads\/2017\/09\/DSC09480_ergebnis.jpg 800w, https:\/\/olu-limburg.de\/wp-content\/uploads\/2017\/09\/DSC09480_ergebnis-300x225.jpg 300w, https:\/\/olu-limburg.de\/wp-content\/uploads\/2017\/09\/DSC09480_ergebnis-768x576.jpg 768w, https:\/\/olu-limburg.de\/wp-content\/uploads\/2017\/09\/DSC09480_ergebnis-624x468.jpg 624w\" sizes=\"auto, (max-width: 800px) 100vw, 800px\" \/><\/a><\/p>\n<p><a href=\"https:\/\/olu-limburg.de\/wp-content\/uploads\/2017\/09\/DSC09481_ergebnis.jpg\"><img loading=\"lazy\" decoding=\"async\" class=\"size-full wp-image-13047 aligncenter\" src=\"https:\/\/olu-limburg.de\/wp-content\/uploads\/2017\/09\/DSC09481_ergebnis.jpg\" alt=\"\" width=\"800\" height=\"600\" srcset=\"https:\/\/olu-limburg.de\/wp-content\/uploads\/2017\/09\/DSC09481_ergebnis.jpg 800w, https:\/\/olu-limburg.de\/wp-content\/uploads\/2017\/09\/DSC09481_ergebnis-300x225.jpg 300w, https:\/\/olu-limburg.de\/wp-content\/uploads\/2017\/09\/DSC09481_ergebnis-768x576.jpg 768w, https:\/\/olu-limburg.de\/wp-content\/uploads\/2017\/09\/DSC09481_ergebnis-624x468.jpg 624w\" sizes=\"auto, (max-width: 800px) 100vw, 800px\" \/><\/a><\/p>\n<div id=\"attachment_13048\" style=\"width: 810px\" class=\"wp-caption aligncenter\"><a href=\"https:\/\/olu-limburg.de\/wp-content\/uploads\/2017\/09\/DSC09482_ergebnis.jpg\"><img loading=\"lazy\" decoding=\"async\" aria-describedby=\"caption-attachment-13048\" class=\"wp-image-13048 size-full\" src=\"https:\/\/olu-limburg.de\/wp-content\/uploads\/2017\/09\/DSC09482_ergebnis.jpg\" alt=\"\" width=\"800\" height=\"600\" srcset=\"https:\/\/olu-limburg.de\/wp-content\/uploads\/2017\/09\/DSC09482_ergebnis.jpg 800w, https:\/\/olu-limburg.de\/wp-content\/uploads\/2017\/09\/DSC09482_ergebnis-300x225.jpg 300w, https:\/\/olu-limburg.de\/wp-content\/uploads\/2017\/09\/DSC09482_ergebnis-768x576.jpg 768w, https:\/\/olu-limburg.de\/wp-content\/uploads\/2017\/09\/DSC09482_ergebnis-624x468.jpg 624w\" sizes=\"auto, (max-width: 800px) 100vw, 800px\" \/><\/a><p id=\"caption-attachment-13048\" class=\"wp-caption-text\">Chateau de Noirmoutier<\/p><\/div>\n<p>Wieder beim Wohnmobil, gibt es ein weiteres Produkt unserer fr\u00fchmorgendlichen Muschelausbeute: Coques in Tomatenso\u00dfe mit Bandnudeln.<\/p>\n<p><a href=\"https:\/\/olu-limburg.de\/wp-content\/uploads\/2017\/09\/20170902_203811_ergebnis.jpg\"><img loading=\"lazy\" decoding=\"async\" class=\"size-full wp-image-13001 aligncenter\" src=\"https:\/\/olu-limburg.de\/wp-content\/uploads\/2017\/09\/20170902_203811_ergebnis.jpg\" alt=\"\" width=\"800\" height=\"600\" srcset=\"https:\/\/olu-limburg.de\/wp-content\/uploads\/2017\/09\/20170902_203811_ergebnis.jpg 800w, https:\/\/olu-limburg.de\/wp-content\/uploads\/2017\/09\/20170902_203811_ergebnis-300x225.jpg 300w, https:\/\/olu-limburg.de\/wp-content\/uploads\/2017\/09\/20170902_203811_ergebnis-768x576.jpg 768w, https:\/\/olu-limburg.de\/wp-content\/uploads\/2017\/09\/20170902_203811_ergebnis-624x468.jpg 624w\" sizes=\"auto, (max-width: 800px) 100vw, 800px\" \/><\/a><\/p>\n<p>Tagesstrecke: 29 km<\/p>\n<p>&nbsp;<\/p>\n<p><strong>Sonntag, 03. September 2017<\/strong><\/p>\n<p>Es ist kein sch\u00f6nes Sonntagswetter. Erst nieselt es nur, geht aber bald in st\u00e4rkeren Regen \u00fcber. Deshalb gehen wir auch erst sehr sp\u00e4t zu dem eigentlich sehr sch\u00f6nen und gro\u00dfen Wochenmarkt. Irgendwie ist die Stimmung durch das Wetter gedr\u00fcckt. Wir finden heute keinen Gefallen an dem Markt, auch das Angebot in der Markthalle spricht uns nicht an.<\/p>\n<p>Im Ort erstehen wir dann noch zwei Gl\u00e4ser Fischsuppe, und an der Warmhaltetheke einer Metzgerei reihe ich mich in die lange Warteschlange ein, um eine Schweinshaxe und zwei H\u00e4hnchenschenkel zu kaufen. Lena macht dazu im Wohnmobil Bratkartoffel und einen Salat, garniert mit \u00fcberbackenem und mit Honig versehenen Schafsk\u00e4se.<\/p>\n<p><a href=\"https:\/\/olu-limburg.de\/wp-content\/uploads\/2017\/09\/DSC09484_ergebnis.jpg\"><img loading=\"lazy\" decoding=\"async\" class=\"size-full wp-image-13049 aligncenter\" src=\"https:\/\/olu-limburg.de\/wp-content\/uploads\/2017\/09\/DSC09484_ergebnis.jpg\" alt=\"\" width=\"800\" height=\"600\" srcset=\"https:\/\/olu-limburg.de\/wp-content\/uploads\/2017\/09\/DSC09484_ergebnis.jpg 800w, https:\/\/olu-limburg.de\/wp-content\/uploads\/2017\/09\/DSC09484_ergebnis-300x225.jpg 300w, https:\/\/olu-limburg.de\/wp-content\/uploads\/2017\/09\/DSC09484_ergebnis-768x576.jpg 768w, https:\/\/olu-limburg.de\/wp-content\/uploads\/2017\/09\/DSC09484_ergebnis-624x468.jpg 624w\" sizes=\"auto, (max-width: 800px) 100vw, 800px\" \/><\/a><\/p>\n<p>Nach einem Tag nur im Schatten und ohne Fernsehempfang ziehe ich mit dem Wohnmobil um, da ich Formel 1 sehen m\u00f6chte. Drau\u00dfen sch\u00fcttet es mittlerweile. Lena verschiebt ihren &#8222;Ausflug&#8220; zur Waschmaschine. Den machen wir sp\u00e4ter gemeinsam.<\/p>\n<p><a href=\"https:\/\/olu-limburg.de\/wp-content\/uploads\/2017\/09\/20170903_174515_ergebnis.jpg\"><img loading=\"lazy\" decoding=\"async\" class=\"size-full wp-image-13002 aligncenter\" src=\"https:\/\/olu-limburg.de\/wp-content\/uploads\/2017\/09\/20170903_174515_ergebnis.jpg\" alt=\"\" width=\"800\" height=\"600\" srcset=\"https:\/\/olu-limburg.de\/wp-content\/uploads\/2017\/09\/20170903_174515_ergebnis.jpg 800w, https:\/\/olu-limburg.de\/wp-content\/uploads\/2017\/09\/20170903_174515_ergebnis-300x225.jpg 300w, https:\/\/olu-limburg.de\/wp-content\/uploads\/2017\/09\/20170903_174515_ergebnis-768x576.jpg 768w, https:\/\/olu-limburg.de\/wp-content\/uploads\/2017\/09\/20170903_174515_ergebnis-624x468.jpg 624w\" sizes=\"auto, (max-width: 800px) 100vw, 800px\" \/><\/a><\/p>\n<p>Beim abendlichen Fernsehprogramm mit &#8222;Grill dem Hensler&#8220; meldet sich kurz vor Ende der Sendung mit einem Warnsignal die Batterie. Ihr war heute irgendwie keine Erholung geg\u00f6nnt.<\/p>\n<p>Tagesstrecke: 0 km<\/p>\n<p>&nbsp;<\/p>\n<p><strong>Montag, 04. September 2017<\/strong><\/p>\n<p>So langsam bessert sich heute das Wetter, deshalb unternehmen wir einen Spaziergang am Hafen entlang und gehen bis vorne zum Fort Larron. Dort im Wald gibt es auch noch zwei Natur-Campings und einen wundervollen Strand f\u00fcr Muschelsucher.<\/p>\n<p><a href=\"https:\/\/olu-limburg.de\/wp-content\/uploads\/2017\/09\/DSC09487_ergebnis.jpg\"><img loading=\"lazy\" decoding=\"async\" class=\"size-full wp-image-13050 aligncenter\" src=\"https:\/\/olu-limburg.de\/wp-content\/uploads\/2017\/09\/DSC09487_ergebnis.jpg\" alt=\"\" width=\"800\" height=\"600\" srcset=\"https:\/\/olu-limburg.de\/wp-content\/uploads\/2017\/09\/DSC09487_ergebnis.jpg 800w, https:\/\/olu-limburg.de\/wp-content\/uploads\/2017\/09\/DSC09487_ergebnis-300x225.jpg 300w, https:\/\/olu-limburg.de\/wp-content\/uploads\/2017\/09\/DSC09487_ergebnis-768x576.jpg 768w, https:\/\/olu-limburg.de\/wp-content\/uploads\/2017\/09\/DSC09487_ergebnis-624x468.jpg 624w\" sizes=\"auto, (max-width: 800px) 100vw, 800px\" \/><\/a><\/p>\n<p><a href=\"https:\/\/olu-limburg.de\/wp-content\/uploads\/2017\/09\/DSC09490_ergebnis.jpg\"><img loading=\"lazy\" decoding=\"async\" class=\"size-full wp-image-13053 aligncenter\" src=\"https:\/\/olu-limburg.de\/wp-content\/uploads\/2017\/09\/DSC09490_ergebnis.jpg\" alt=\"\" width=\"800\" height=\"600\" srcset=\"https:\/\/olu-limburg.de\/wp-content\/uploads\/2017\/09\/DSC09490_ergebnis.jpg 800w, https:\/\/olu-limburg.de\/wp-content\/uploads\/2017\/09\/DSC09490_ergebnis-300x225.jpg 300w, https:\/\/olu-limburg.de\/wp-content\/uploads\/2017\/09\/DSC09490_ergebnis-768x576.jpg 768w, https:\/\/olu-limburg.de\/wp-content\/uploads\/2017\/09\/DSC09490_ergebnis-624x468.jpg 624w\" sizes=\"auto, (max-width: 800px) 100vw, 800px\" \/><\/a><\/p>\n<p><a href=\"https:\/\/olu-limburg.de\/wp-content\/uploads\/2017\/09\/DSC09488_ergebnis.jpg\"><img loading=\"lazy\" decoding=\"async\" class=\"size-full wp-image-13051 aligncenter\" src=\"https:\/\/olu-limburg.de\/wp-content\/uploads\/2017\/09\/DSC09488_ergebnis.jpg\" alt=\"\" width=\"800\" height=\"600\" srcset=\"https:\/\/olu-limburg.de\/wp-content\/uploads\/2017\/09\/DSC09488_ergebnis.jpg 800w, https:\/\/olu-limburg.de\/wp-content\/uploads\/2017\/09\/DSC09488_ergebnis-300x225.jpg 300w, https:\/\/olu-limburg.de\/wp-content\/uploads\/2017\/09\/DSC09488_ergebnis-768x576.jpg 768w, https:\/\/olu-limburg.de\/wp-content\/uploads\/2017\/09\/DSC09488_ergebnis-624x468.jpg 624w\" sizes=\"auto, (max-width: 800px) 100vw, 800px\" \/><\/a><\/p>\n<p><a href=\"https:\/\/olu-limburg.de\/wp-content\/uploads\/2017\/09\/DSC09491_ergebnis.jpg\"><img loading=\"lazy\" decoding=\"async\" class=\"size-full wp-image-13054 aligncenter\" src=\"https:\/\/olu-limburg.de\/wp-content\/uploads\/2017\/09\/DSC09491_ergebnis.jpg\" alt=\"\" width=\"800\" height=\"600\" srcset=\"https:\/\/olu-limburg.de\/wp-content\/uploads\/2017\/09\/DSC09491_ergebnis.jpg 800w, https:\/\/olu-limburg.de\/wp-content\/uploads\/2017\/09\/DSC09491_ergebnis-300x225.jpg 300w, https:\/\/olu-limburg.de\/wp-content\/uploads\/2017\/09\/DSC09491_ergebnis-768x576.jpg 768w, https:\/\/olu-limburg.de\/wp-content\/uploads\/2017\/09\/DSC09491_ergebnis-624x468.jpg 624w\" sizes=\"auto, (max-width: 800px) 100vw, 800px\" \/><\/a><\/p>\n<p><a href=\"https:\/\/olu-limburg.de\/wp-content\/uploads\/2017\/09\/DSC09489_ergebnis.jpg\"><img loading=\"lazy\" decoding=\"async\" class=\"size-full wp-image-13052 aligncenter\" src=\"https:\/\/olu-limburg.de\/wp-content\/uploads\/2017\/09\/DSC09489_ergebnis.jpg\" alt=\"\" width=\"800\" height=\"600\" srcset=\"https:\/\/olu-limburg.de\/wp-content\/uploads\/2017\/09\/DSC09489_ergebnis.jpg 800w, https:\/\/olu-limburg.de\/wp-content\/uploads\/2017\/09\/DSC09489_ergebnis-300x225.jpg 300w, https:\/\/olu-limburg.de\/wp-content\/uploads\/2017\/09\/DSC09489_ergebnis-768x576.jpg 768w, https:\/\/olu-limburg.de\/wp-content\/uploads\/2017\/09\/DSC09489_ergebnis-624x468.jpg 624w\" sizes=\"auto, (max-width: 800px) 100vw, 800px\" \/><\/a><\/p>\n<p><a href=\"https:\/\/olu-limburg.de\/wp-content\/uploads\/2017\/09\/DSC09498_ergebnis.jpg\"><img loading=\"lazy\" decoding=\"async\" class=\"size-full wp-image-13056 aligncenter\" src=\"https:\/\/olu-limburg.de\/wp-content\/uploads\/2017\/09\/DSC09498_ergebnis.jpg\" alt=\"\" width=\"800\" height=\"600\" srcset=\"https:\/\/olu-limburg.de\/wp-content\/uploads\/2017\/09\/DSC09498_ergebnis.jpg 800w, https:\/\/olu-limburg.de\/wp-content\/uploads\/2017\/09\/DSC09498_ergebnis-300x225.jpg 300w, https:\/\/olu-limburg.de\/wp-content\/uploads\/2017\/09\/DSC09498_ergebnis-768x576.jpg 768w, https:\/\/olu-limburg.de\/wp-content\/uploads\/2017\/09\/DSC09498_ergebnis-624x468.jpg 624w\" sizes=\"auto, (max-width: 800px) 100vw, 800px\" \/><\/a><\/p>\n<div id=\"attachment_13057\" style=\"width: 460px\" class=\"wp-caption aligncenter\"><a href=\"https:\/\/olu-limburg.de\/wp-content\/uploads\/2017\/09\/DSC09502_ergebnis-e1509274603189.jpg\"><img loading=\"lazy\" decoding=\"async\" aria-describedby=\"caption-attachment-13057\" class=\"size-full wp-image-13057\" src=\"https:\/\/olu-limburg.de\/wp-content\/uploads\/2017\/09\/DSC09502_ergebnis-e1509274603189.jpg\" alt=\"\" width=\"450\" height=\"600\" \/><\/a><p id=\"caption-attachment-13057\" class=\"wp-caption-text\">Ein Ibis auf der Wanderschaft.<\/p><\/div>\n<p>Wir schlagen einen Bogen durch das Gebiet der Marais de M\u00fcllembourg und erreichen bei dem alten Fischerviertel wieder Noirmoutier.<\/p>\n<p><a href=\"https:\/\/olu-limburg.de\/wp-content\/uploads\/2017\/09\/P1050893_ergebnis.jpg\"><img loading=\"lazy\" decoding=\"async\" class=\"size-full wp-image-13066 aligncenter\" src=\"https:\/\/olu-limburg.de\/wp-content\/uploads\/2017\/09\/P1050893_ergebnis.jpg\" alt=\"\" width=\"800\" height=\"600\" srcset=\"https:\/\/olu-limburg.de\/wp-content\/uploads\/2017\/09\/P1050893_ergebnis.jpg 800w, https:\/\/olu-limburg.de\/wp-content\/uploads\/2017\/09\/P1050893_ergebnis-300x225.jpg 300w, https:\/\/olu-limburg.de\/wp-content\/uploads\/2017\/09\/P1050893_ergebnis-768x576.jpg 768w, https:\/\/olu-limburg.de\/wp-content\/uploads\/2017\/09\/P1050893_ergebnis-624x468.jpg 624w\" sizes=\"auto, (max-width: 800px) 100vw, 800px\" \/><\/a><\/p>\n<p><a href=\"https:\/\/olu-limburg.de\/wp-content\/uploads\/2017\/09\/P1050892_ergebnis.jpg\"><img loading=\"lazy\" decoding=\"async\" class=\"size-full wp-image-13065 aligncenter\" src=\"https:\/\/olu-limburg.de\/wp-content\/uploads\/2017\/09\/P1050892_ergebnis.jpg\" alt=\"\" width=\"800\" height=\"600\" srcset=\"https:\/\/olu-limburg.de\/wp-content\/uploads\/2017\/09\/P1050892_ergebnis.jpg 800w, https:\/\/olu-limburg.de\/wp-content\/uploads\/2017\/09\/P1050892_ergebnis-300x225.jpg 300w, https:\/\/olu-limburg.de\/wp-content\/uploads\/2017\/09\/P1050892_ergebnis-768x576.jpg 768w, https:\/\/olu-limburg.de\/wp-content\/uploads\/2017\/09\/P1050892_ergebnis-624x468.jpg 624w\" sizes=\"auto, (max-width: 800px) 100vw, 800px\" \/><\/a><\/p>\n<p><a href=\"https:\/\/olu-limburg.de\/wp-content\/uploads\/2017\/09\/P1050894_ergebnis.jpg\"><img loading=\"lazy\" decoding=\"async\" class=\"alignnone size-full wp-image-13067\" src=\"https:\/\/olu-limburg.de\/wp-content\/uploads\/2017\/09\/P1050894_ergebnis.jpg\" alt=\"\" width=\"800\" height=\"600\" srcset=\"https:\/\/olu-limburg.de\/wp-content\/uploads\/2017\/09\/P1050894_ergebnis.jpg 800w, https:\/\/olu-limburg.de\/wp-content\/uploads\/2017\/09\/P1050894_ergebnis-300x225.jpg 300w, https:\/\/olu-limburg.de\/wp-content\/uploads\/2017\/09\/P1050894_ergebnis-768x576.jpg 768w, https:\/\/olu-limburg.de\/wp-content\/uploads\/2017\/09\/P1050894_ergebnis-624x468.jpg 624w\" sizes=\"auto, (max-width: 800px) 100vw, 800px\" \/><\/a><\/p>\n<p><a href=\"https:\/\/olu-limburg.de\/wp-content\/uploads\/2017\/09\/P1050897_ergebnis.jpg\"><img loading=\"lazy\" decoding=\"async\" class=\"alignnone size-full wp-image-13068\" src=\"https:\/\/olu-limburg.de\/wp-content\/uploads\/2017\/09\/P1050897_ergebnis.jpg\" alt=\"\" width=\"800\" height=\"600\" srcset=\"https:\/\/olu-limburg.de\/wp-content\/uploads\/2017\/09\/P1050897_ergebnis.jpg 800w, https:\/\/olu-limburg.de\/wp-content\/uploads\/2017\/09\/P1050897_ergebnis-300x225.jpg 300w, https:\/\/olu-limburg.de\/wp-content\/uploads\/2017\/09\/P1050897_ergebnis-768x576.jpg 768w, https:\/\/olu-limburg.de\/wp-content\/uploads\/2017\/09\/P1050897_ergebnis-624x468.jpg 624w\" sizes=\"auto, (max-width: 800px) 100vw, 800px\" \/><\/a><\/p>\n<p><a href=\"https:\/\/olu-limburg.de\/wp-content\/uploads\/2017\/09\/P1050904_ergebnis.jpg\"><img loading=\"lazy\" decoding=\"async\" class=\"alignnone size-full wp-image-13070\" src=\"https:\/\/olu-limburg.de\/wp-content\/uploads\/2017\/09\/P1050904_ergebnis.jpg\" alt=\"\" width=\"800\" height=\"600\" srcset=\"https:\/\/olu-limburg.de\/wp-content\/uploads\/2017\/09\/P1050904_ergebnis.jpg 800w, https:\/\/olu-limburg.de\/wp-content\/uploads\/2017\/09\/P1050904_ergebnis-300x225.jpg 300w, https:\/\/olu-limburg.de\/wp-content\/uploads\/2017\/09\/P1050904_ergebnis-768x576.jpg 768w, https:\/\/olu-limburg.de\/wp-content\/uploads\/2017\/09\/P1050904_ergebnis-624x468.jpg 624w\" sizes=\"auto, (max-width: 800px) 100vw, 800px\" \/><\/a><\/p>\n<p><a href=\"https:\/\/olu-limburg.de\/wp-content\/uploads\/2017\/09\/P1050898_ergebnis.jpg\"><img loading=\"lazy\" decoding=\"async\" class=\"alignnone size-full wp-image-13069\" src=\"https:\/\/olu-limburg.de\/wp-content\/uploads\/2017\/09\/P1050898_ergebnis.jpg\" alt=\"\" width=\"800\" height=\"600\" srcset=\"https:\/\/olu-limburg.de\/wp-content\/uploads\/2017\/09\/P1050898_ergebnis.jpg 800w, https:\/\/olu-limburg.de\/wp-content\/uploads\/2017\/09\/P1050898_ergebnis-300x225.jpg 300w, https:\/\/olu-limburg.de\/wp-content\/uploads\/2017\/09\/P1050898_ergebnis-768x576.jpg 768w, https:\/\/olu-limburg.de\/wp-content\/uploads\/2017\/09\/P1050898_ergebnis-624x468.jpg 624w\" sizes=\"auto, (max-width: 800px) 100vw, 800px\" \/><\/a><\/p>\n<p><a href=\"https:\/\/olu-limburg.de\/wp-content\/uploads\/2017\/09\/P1050912_ergebnis.jpg\"><img loading=\"lazy\" decoding=\"async\" class=\"alignnone size-full wp-image-13074\" src=\"https:\/\/olu-limburg.de\/wp-content\/uploads\/2017\/09\/P1050912_ergebnis.jpg\" alt=\"\" width=\"800\" height=\"600\" srcset=\"https:\/\/olu-limburg.de\/wp-content\/uploads\/2017\/09\/P1050912_ergebnis.jpg 800w, https:\/\/olu-limburg.de\/wp-content\/uploads\/2017\/09\/P1050912_ergebnis-300x225.jpg 300w, https:\/\/olu-limburg.de\/wp-content\/uploads\/2017\/09\/P1050912_ergebnis-768x576.jpg 768w, https:\/\/olu-limburg.de\/wp-content\/uploads\/2017\/09\/P1050912_ergebnis-624x468.jpg 624w\" sizes=\"auto, (max-width: 800px) 100vw, 800px\" \/><\/a><\/p>\n<p><a href=\"https:\/\/olu-limburg.de\/wp-content\/uploads\/2017\/09\/DSC09504_ergebnis.jpg\"><img loading=\"lazy\" decoding=\"async\" class=\"size-full wp-image-13059 aligncenter\" src=\"https:\/\/olu-limburg.de\/wp-content\/uploads\/2017\/09\/DSC09504_ergebnis.jpg\" alt=\"\" width=\"800\" height=\"600\" srcset=\"https:\/\/olu-limburg.de\/wp-content\/uploads\/2017\/09\/DSC09504_ergebnis.jpg 800w, https:\/\/olu-limburg.de\/wp-content\/uploads\/2017\/09\/DSC09504_ergebnis-300x225.jpg 300w, https:\/\/olu-limburg.de\/wp-content\/uploads\/2017\/09\/DSC09504_ergebnis-768x576.jpg 768w, https:\/\/olu-limburg.de\/wp-content\/uploads\/2017\/09\/DSC09504_ergebnis-624x468.jpg 624w\" sizes=\"auto, (max-width: 800px) 100vw, 800px\" \/><\/a><\/p>\n<p><a href=\"https:\/\/olu-limburg.de\/wp-content\/uploads\/2017\/09\/P1050910_ergebnis-e1509275684710.jpg\"><img loading=\"lazy\" decoding=\"async\" class=\"size-full wp-image-13072 alignleft\" src=\"https:\/\/olu-limburg.de\/wp-content\/uploads\/2017\/09\/P1050910_ergebnis-e1509275684710.jpg\" alt=\"\" width=\"450\" height=\"600\" \/><\/a><\/p>\n<p><a href=\"https:\/\/olu-limburg.de\/wp-content\/uploads\/2017\/09\/P1050920_ergebnis-e1509275710202.jpg\"><img loading=\"lazy\" decoding=\"async\" class=\"size-full wp-image-13076 alignright\" src=\"https:\/\/olu-limburg.de\/wp-content\/uploads\/2017\/09\/P1050920_ergebnis-e1509275710202.jpg\" alt=\"\" width=\"450\" height=\"600\" \/><\/a><\/p>\n<p><a href=\"https:\/\/olu-limburg.de\/wp-content\/uploads\/2017\/09\/P1050911_ergebnis.jpg\"><img loading=\"lazy\" decoding=\"async\" class=\"size-full wp-image-13073 aligncenter\" src=\"https:\/\/olu-limburg.de\/wp-content\/uploads\/2017\/09\/P1050911_ergebnis.jpg\" alt=\"\" width=\"800\" height=\"600\" srcset=\"https:\/\/olu-limburg.de\/wp-content\/uploads\/2017\/09\/P1050911_ergebnis.jpg 800w, https:\/\/olu-limburg.de\/wp-content\/uploads\/2017\/09\/P1050911_ergebnis-300x225.jpg 300w, https:\/\/olu-limburg.de\/wp-content\/uploads\/2017\/09\/P1050911_ergebnis-768x576.jpg 768w, https:\/\/olu-limburg.de\/wp-content\/uploads\/2017\/09\/P1050911_ergebnis-624x468.jpg 624w\" sizes=\"auto, (max-width: 800px) 100vw, 800px\" \/><\/a><\/p>\n<p><a href=\"https:\/\/olu-limburg.de\/wp-content\/uploads\/2017\/09\/P1050919_ergebnis.jpg\"><img loading=\"lazy\" decoding=\"async\" class=\"alignnone size-full wp-image-13075\" src=\"https:\/\/olu-limburg.de\/wp-content\/uploads\/2017\/09\/P1050919_ergebnis.jpg\" alt=\"\" width=\"800\" height=\"600\" srcset=\"https:\/\/olu-limburg.de\/wp-content\/uploads\/2017\/09\/P1050919_ergebnis.jpg 800w, https:\/\/olu-limburg.de\/wp-content\/uploads\/2017\/09\/P1050919_ergebnis-300x225.jpg 300w, https:\/\/olu-limburg.de\/wp-content\/uploads\/2017\/09\/P1050919_ergebnis-768x576.jpg 768w, https:\/\/olu-limburg.de\/wp-content\/uploads\/2017\/09\/P1050919_ergebnis-624x468.jpg 624w\" sizes=\"auto, (max-width: 800px) 100vw, 800px\" \/><\/a><\/p>\n<p><a href=\"https:\/\/olu-limburg.de\/wp-content\/uploads\/2017\/09\/P1050922_ergebnis-e1509275796348.jpg\"><img loading=\"lazy\" decoding=\"async\" class=\"size-full wp-image-13077 aligncenter\" src=\"https:\/\/olu-limburg.de\/wp-content\/uploads\/2017\/09\/P1050922_ergebnis-e1509275796348.jpg\" alt=\"\" width=\"450\" height=\"600\" \/><\/a><\/p>\n<p><a href=\"https:\/\/olu-limburg.de\/wp-content\/uploads\/2017\/09\/DSC09506_ergebnis.jpg\"><img loading=\"lazy\" decoding=\"async\" class=\"size-full wp-image-13061 aligncenter\" src=\"https:\/\/olu-limburg.de\/wp-content\/uploads\/2017\/09\/DSC09506_ergebnis.jpg\" alt=\"\" width=\"800\" height=\"600\" srcset=\"https:\/\/olu-limburg.de\/wp-content\/uploads\/2017\/09\/DSC09506_ergebnis.jpg 800w, https:\/\/olu-limburg.de\/wp-content\/uploads\/2017\/09\/DSC09506_ergebnis-300x225.jpg 300w, https:\/\/olu-limburg.de\/wp-content\/uploads\/2017\/09\/DSC09506_ergebnis-768x576.jpg 768w, https:\/\/olu-limburg.de\/wp-content\/uploads\/2017\/09\/DSC09506_ergebnis-624x468.jpg 624w\" sizes=\"auto, (max-width: 800px) 100vw, 800px\" \/><\/a><\/p>\n<p>Dort haben wir uns bereits vor zwei Stunden f\u00fcr das Restaurant &#8222;Le Bl\u00e9 Noir&#8220; entschieden.<\/p>\n<p><a href=\"https:\/\/olu-limburg.de\/wp-content\/uploads\/2017\/09\/DSC09507_ergebnis.jpg\"><img loading=\"lazy\" decoding=\"async\" class=\"size-full wp-image-13062 aligncenter\" src=\"https:\/\/olu-limburg.de\/wp-content\/uploads\/2017\/09\/DSC09507_ergebnis.jpg\" alt=\"\" width=\"800\" height=\"600\" srcset=\"https:\/\/olu-limburg.de\/wp-content\/uploads\/2017\/09\/DSC09507_ergebnis.jpg 800w, https:\/\/olu-limburg.de\/wp-content\/uploads\/2017\/09\/DSC09507_ergebnis-300x225.jpg 300w, https:\/\/olu-limburg.de\/wp-content\/uploads\/2017\/09\/DSC09507_ergebnis-768x576.jpg 768w, https:\/\/olu-limburg.de\/wp-content\/uploads\/2017\/09\/DSC09507_ergebnis-624x468.jpg 624w\" sizes=\"auto, (max-width: 800px) 100vw, 800px\" \/><\/a><\/p>\n<p>Vorspeise:<\/p>\n<div id=\"attachment_13078\" style=\"width: 810px\" class=\"wp-caption aligncenter\"><a href=\"https:\/\/olu-limburg.de\/wp-content\/uploads\/2017\/09\/P1050928_ergebnis.jpg\"><img loading=\"lazy\" decoding=\"async\" aria-describedby=\"caption-attachment-13078\" class=\"wp-image-13078 size-full\" src=\"https:\/\/olu-limburg.de\/wp-content\/uploads\/2017\/09\/P1050928_ergebnis.jpg\" alt=\"\" width=\"800\" height=\"600\" srcset=\"https:\/\/olu-limburg.de\/wp-content\/uploads\/2017\/09\/P1050928_ergebnis.jpg 800w, https:\/\/olu-limburg.de\/wp-content\/uploads\/2017\/09\/P1050928_ergebnis-300x225.jpg 300w, https:\/\/olu-limburg.de\/wp-content\/uploads\/2017\/09\/P1050928_ergebnis-768x576.jpg 768w, https:\/\/olu-limburg.de\/wp-content\/uploads\/2017\/09\/P1050928_ergebnis-624x468.jpg 624w\" sizes=\"auto, (max-width: 800px) 100vw, 800px\" \/><\/a><p id=\"caption-attachment-13078\" class=\"wp-caption-text\">Salade de Poissons Blanc, Julienne de Legumes, Mayonnaise Maison (Salat mit wei\u00dfem Fisch, Gem\u00fcsestiften und hausgemachter Mayonnaise)<\/p><\/div>\n<div id=\"attachment_13079\" style=\"width: 810px\" class=\"wp-caption aligncenter\"><a href=\"https:\/\/olu-limburg.de\/wp-content\/uploads\/2017\/09\/P1050929_ergebnis.jpg\"><img loading=\"lazy\" decoding=\"async\" aria-describedby=\"caption-attachment-13079\" class=\"wp-image-13079 size-full\" src=\"https:\/\/olu-limburg.de\/wp-content\/uploads\/2017\/09\/P1050929_ergebnis.jpg\" alt=\"\" width=\"800\" height=\"600\" srcset=\"https:\/\/olu-limburg.de\/wp-content\/uploads\/2017\/09\/P1050929_ergebnis.jpg 800w, https:\/\/olu-limburg.de\/wp-content\/uploads\/2017\/09\/P1050929_ergebnis-300x225.jpg 300w, https:\/\/olu-limburg.de\/wp-content\/uploads\/2017\/09\/P1050929_ergebnis-768x576.jpg 768w, https:\/\/olu-limburg.de\/wp-content\/uploads\/2017\/09\/P1050929_ergebnis-624x468.jpg 624w\" sizes=\"auto, (max-width: 800px) 100vw, 800px\" \/><\/a><p id=\"caption-attachment-13079\" class=\"wp-caption-text\">Assiette de Jambon Serrano affin\u00e9 12 Moins, Beurre Demi Sel, Salade (12 Monate gereifter Serranoschinken mit halbgesalzener Butter und Salat)<\/p><\/div>\n<p>Hauptgericht:<\/p>\n<div id=\"attachment_13080\" style=\"width: 810px\" class=\"wp-caption aligncenter\"><a href=\"https:\/\/olu-limburg.de\/wp-content\/uploads\/2017\/09\/P1050930_ergebnis.jpg\"><img loading=\"lazy\" decoding=\"async\" aria-describedby=\"caption-attachment-13080\" class=\"wp-image-13080 size-full\" src=\"https:\/\/olu-limburg.de\/wp-content\/uploads\/2017\/09\/P1050930_ergebnis.jpg\" alt=\"\" width=\"800\" height=\"600\" srcset=\"https:\/\/olu-limburg.de\/wp-content\/uploads\/2017\/09\/P1050930_ergebnis.jpg 800w, https:\/\/olu-limburg.de\/wp-content\/uploads\/2017\/09\/P1050930_ergebnis-300x225.jpg 300w, https:\/\/olu-limburg.de\/wp-content\/uploads\/2017\/09\/P1050930_ergebnis-768x576.jpg 768w, https:\/\/olu-limburg.de\/wp-content\/uploads\/2017\/09\/P1050930_ergebnis-624x468.jpg 624w\" sizes=\"auto, (max-width: 800px) 100vw, 800px\" \/><\/a><p id=\"caption-attachment-13080\" class=\"wp-caption-text\">Epaule de Cochon R\u00f4tie au Four, Sauce Forrestiere, Frites, Ratatouille (Schulterst\u00fcck vom Schwein auf Holzfeuer gegrillt, J\u00e4gerso\u00dfe, Fritten und Ratatouille)<\/p><\/div>\n<div id=\"attachment_13081\" style=\"width: 810px\" class=\"wp-caption aligncenter\"><a href=\"https:\/\/olu-limburg.de\/wp-content\/uploads\/2017\/09\/P1050931_ergebnis.jpg\"><img loading=\"lazy\" decoding=\"async\" aria-describedby=\"caption-attachment-13081\" class=\"wp-image-13081 size-full\" src=\"https:\/\/olu-limburg.de\/wp-content\/uploads\/2017\/09\/P1050931_ergebnis.jpg\" alt=\"\" width=\"800\" height=\"600\" srcset=\"https:\/\/olu-limburg.de\/wp-content\/uploads\/2017\/09\/P1050931_ergebnis.jpg 800w, https:\/\/olu-limburg.de\/wp-content\/uploads\/2017\/09\/P1050931_ergebnis-300x225.jpg 300w, https:\/\/olu-limburg.de\/wp-content\/uploads\/2017\/09\/P1050931_ergebnis-768x576.jpg 768w, https:\/\/olu-limburg.de\/wp-content\/uploads\/2017\/09\/P1050931_ergebnis-624x468.jpg 624w\" sizes=\"auto, (max-width: 800px) 100vw, 800px\" \/><\/a><p id=\"caption-attachment-13081\" class=\"wp-caption-text\">Filets de Sardines Grill\u00e9es, Pomme de Terre R\u00f4ties (Gegrillte Sardinen und Kartoffeln aus dem Backofen)<\/p><\/div>\n<p>Dessert:<\/p>\n<div id=\"attachment_13082\" style=\"width: 460px\" class=\"wp-caption alignnone\"><a href=\"https:\/\/olu-limburg.de\/wp-content\/uploads\/2017\/09\/P1050932_ergebnis-e1509275893140.jpg\"><img loading=\"lazy\" decoding=\"async\" aria-describedby=\"caption-attachment-13082\" class=\"wp-image-13082 size-full\" src=\"https:\/\/olu-limburg.de\/wp-content\/uploads\/2017\/09\/P1050932_ergebnis-e1509275893140.jpg\" alt=\"\" width=\"450\" height=\"600\" \/><\/a><p id=\"caption-attachment-13082\" class=\"wp-caption-text\">Cassis et Menthe<\/p><\/div>\n<p>Danach bewegt sich der Tagesablauf zwischen Mittagsruhe, sp\u00fclen, faulenzen, lesen und Fu\u00dfball im Fernseh schauen. Die Sonne hat in der Zwischenzeit genug gearbeitet.<\/p>\n<p>Tagesstrecke: 0 km<\/p>\n<p>&nbsp;<\/p>\n<p><strong>Dienstag, 05. September 2017<\/strong><\/p>\n<p>Irgendwie zieht es uns noch nicht weiter. Besuchen wir doch einfach den heutigen Wochenmarkt.<\/p>\n<div id=\"attachment_13084\" style=\"width: 810px\" class=\"wp-caption aligncenter\"><a href=\"https:\/\/olu-limburg.de\/wp-content\/uploads\/2017\/09\/DSC09509_ergebnis.jpg\"><img loading=\"lazy\" decoding=\"async\" aria-describedby=\"caption-attachment-13084\" class=\"size-full wp-image-13084\" src=\"https:\/\/olu-limburg.de\/wp-content\/uploads\/2017\/09\/DSC09509_ergebnis.jpg\" alt=\"\" width=\"800\" height=\"600\" srcset=\"https:\/\/olu-limburg.de\/wp-content\/uploads\/2017\/09\/DSC09509_ergebnis.jpg 800w, https:\/\/olu-limburg.de\/wp-content\/uploads\/2017\/09\/DSC09509_ergebnis-300x225.jpg 300w, https:\/\/olu-limburg.de\/wp-content\/uploads\/2017\/09\/DSC09509_ergebnis-768x576.jpg 768w, https:\/\/olu-limburg.de\/wp-content\/uploads\/2017\/09\/DSC09509_ergebnis-624x468.jpg 624w\" sizes=\"auto, (max-width: 800px) 100vw, 800px\" \/><\/a><p id=\"caption-attachment-13084\" class=\"wp-caption-text\">Es ist schon Winter angesagt.<\/p><\/div>\n<div id=\"attachment_13085\" style=\"width: 810px\" class=\"wp-caption aligncenter\"><a href=\"https:\/\/olu-limburg.de\/wp-content\/uploads\/2017\/09\/DSC09511_ergebnis.jpg\"><img loading=\"lazy\" decoding=\"async\" aria-describedby=\"caption-attachment-13085\" class=\"size-full wp-image-13085\" src=\"https:\/\/olu-limburg.de\/wp-content\/uploads\/2017\/09\/DSC09511_ergebnis.jpg\" alt=\"\" width=\"800\" height=\"600\" srcset=\"https:\/\/olu-limburg.de\/wp-content\/uploads\/2017\/09\/DSC09511_ergebnis.jpg 800w, https:\/\/olu-limburg.de\/wp-content\/uploads\/2017\/09\/DSC09511_ergebnis-300x225.jpg 300w, https:\/\/olu-limburg.de\/wp-content\/uploads\/2017\/09\/DSC09511_ergebnis-768x576.jpg 768w, https:\/\/olu-limburg.de\/wp-content\/uploads\/2017\/09\/DSC09511_ergebnis-624x468.jpg 624w\" sizes=\"auto, (max-width: 800px) 100vw, 800px\" \/><\/a><p id=\"caption-attachment-13085\" class=\"wp-caption-text\">Die bunten Taschen mit den Schrubbern waren der Renner.<\/p><\/div>\n<p><a href=\"https:\/\/olu-limburg.de\/wp-content\/uploads\/2017\/09\/DSC09512_ergebnis.jpg\"><img loading=\"lazy\" decoding=\"async\" class=\"size-full wp-image-13086 aligncenter\" src=\"https:\/\/olu-limburg.de\/wp-content\/uploads\/2017\/09\/DSC09512_ergebnis.jpg\" alt=\"\" width=\"800\" height=\"600\" srcset=\"https:\/\/olu-limburg.de\/wp-content\/uploads\/2017\/09\/DSC09512_ergebnis.jpg 800w, https:\/\/olu-limburg.de\/wp-content\/uploads\/2017\/09\/DSC09512_ergebnis-300x225.jpg 300w, https:\/\/olu-limburg.de\/wp-content\/uploads\/2017\/09\/DSC09512_ergebnis-768x576.jpg 768w, https:\/\/olu-limburg.de\/wp-content\/uploads\/2017\/09\/DSC09512_ergebnis-624x468.jpg 624w\" sizes=\"auto, (max-width: 800px) 100vw, 800px\" \/><\/a><\/p>\n<p>Danach versorgt uns Lena mit einem Muschel-Risotto. Das Rezept k\u00f6nnt ihr <a href=\"https:\/\/www.wohnmobilforum.de\/blog\/Aretousa\/nachgekocht_1_b-482.html\">hier<\/a> nachlesen.<\/p>\n<p><a href=\"https:\/\/olu-limburg.de\/wp-content\/uploads\/2017\/09\/20170905_134700_ergebnis.jpg\"><img loading=\"lazy\" decoding=\"async\" class=\"size-full wp-image-13003 aligncenter\" src=\"https:\/\/olu-limburg.de\/wp-content\/uploads\/2017\/09\/20170905_134700_ergebnis.jpg\" alt=\"\" width=\"800\" height=\"600\" srcset=\"https:\/\/olu-limburg.de\/wp-content\/uploads\/2017\/09\/20170905_134700_ergebnis.jpg 800w, https:\/\/olu-limburg.de\/wp-content\/uploads\/2017\/09\/20170905_134700_ergebnis-300x225.jpg 300w, https:\/\/olu-limburg.de\/wp-content\/uploads\/2017\/09\/20170905_134700_ergebnis-768x576.jpg 768w, https:\/\/olu-limburg.de\/wp-content\/uploads\/2017\/09\/20170905_134700_ergebnis-624x468.jpg 624w\" sizes=\"auto, (max-width: 800px) 100vw, 800px\" \/><\/a><\/p>\n<p>Am Nachmittag starten wir zu einer ausgiebigen Radtour in die nordwestliche Spitze der Insel. Wir fahren entlang des Quai Cassard bis zum Fort Larron, und weiter geht es im Wald in n\u00f6rdlicher Richtung zum Pointe de Saint-Pierre und dem Plage des Dames im englischen Stil (leider von der Zeit vergessen), &#8230;<\/p>\n<p><a href=\"https:\/\/olu-limburg.de\/wp-content\/uploads\/2017\/09\/DSC09518_ergebnis.jpg\"><img loading=\"lazy\" decoding=\"async\" class=\"size-full wp-image-13088 aligncenter\" src=\"https:\/\/olu-limburg.de\/wp-content\/uploads\/2017\/09\/DSC09518_ergebnis.jpg\" alt=\"\" width=\"800\" height=\"600\" srcset=\"https:\/\/olu-limburg.de\/wp-content\/uploads\/2017\/09\/DSC09518_ergebnis.jpg 800w, https:\/\/olu-limburg.de\/wp-content\/uploads\/2017\/09\/DSC09518_ergebnis-300x225.jpg 300w, https:\/\/olu-limburg.de\/wp-content\/uploads\/2017\/09\/DSC09518_ergebnis-768x576.jpg 768w, https:\/\/olu-limburg.de\/wp-content\/uploads\/2017\/09\/DSC09518_ergebnis-624x468.jpg 624w\" sizes=\"auto, (max-width: 800px) 100vw, 800px\" \/><\/a><\/p>\n<div id=\"attachment_13090\" style=\"width: 810px\" class=\"wp-caption aligncenter\"><a href=\"https:\/\/olu-limburg.de\/wp-content\/uploads\/2017\/09\/DSC09523_ergebnis.jpg\"><img loading=\"lazy\" decoding=\"async\" aria-describedby=\"caption-attachment-13090\" class=\"wp-image-13090 size-full\" src=\"https:\/\/olu-limburg.de\/wp-content\/uploads\/2017\/09\/DSC09523_ergebnis.jpg\" alt=\"\" width=\"800\" height=\"600\" srcset=\"https:\/\/olu-limburg.de\/wp-content\/uploads\/2017\/09\/DSC09523_ergebnis.jpg 800w, https:\/\/olu-limburg.de\/wp-content\/uploads\/2017\/09\/DSC09523_ergebnis-300x225.jpg 300w, https:\/\/olu-limburg.de\/wp-content\/uploads\/2017\/09\/DSC09523_ergebnis-768x576.jpg 768w, https:\/\/olu-limburg.de\/wp-content\/uploads\/2017\/09\/DSC09523_ergebnis-624x468.jpg 624w\" sizes=\"auto, (max-width: 800px) 100vw, 800px\" \/><\/a><p id=\"caption-attachment-13090\" class=\"wp-caption-text\">Pointe de Saint-Pierre<\/p><\/div>\n<div id=\"attachment_13089\" style=\"width: 810px\" class=\"wp-caption aligncenter\"><a href=\"https:\/\/olu-limburg.de\/wp-content\/uploads\/2017\/09\/DSC09521_ergebnis.jpg\"><img loading=\"lazy\" decoding=\"async\" aria-describedby=\"caption-attachment-13089\" class=\"wp-image-13089 size-full\" src=\"https:\/\/olu-limburg.de\/wp-content\/uploads\/2017\/09\/DSC09521_ergebnis.jpg\" alt=\"\" width=\"800\" height=\"600\" srcset=\"https:\/\/olu-limburg.de\/wp-content\/uploads\/2017\/09\/DSC09521_ergebnis.jpg 800w, https:\/\/olu-limburg.de\/wp-content\/uploads\/2017\/09\/DSC09521_ergebnis-300x225.jpg 300w, https:\/\/olu-limburg.de\/wp-content\/uploads\/2017\/09\/DSC09521_ergebnis-768x576.jpg 768w, https:\/\/olu-limburg.de\/wp-content\/uploads\/2017\/09\/DSC09521_ergebnis-624x468.jpg 624w\" sizes=\"auto, (max-width: 800px) 100vw, 800px\" \/><\/a><p id=\"caption-attachment-13089\" class=\"wp-caption-text\">Plage des Dames mit &#8222;toten&#8220; Hotels<\/p><\/div>\n<p><a href=\"https:\/\/olu-limburg.de\/wp-content\/uploads\/2017\/09\/DSC09530_ergebnis.jpg\"><img loading=\"lazy\" decoding=\"async\" class=\"size-full wp-image-13091 aligncenter\" src=\"https:\/\/olu-limburg.de\/wp-content\/uploads\/2017\/09\/DSC09530_ergebnis.jpg\" alt=\"\" width=\"800\" height=\"600\" srcset=\"https:\/\/olu-limburg.de\/wp-content\/uploads\/2017\/09\/DSC09530_ergebnis.jpg 800w, https:\/\/olu-limburg.de\/wp-content\/uploads\/2017\/09\/DSC09530_ergebnis-300x225.jpg 300w, https:\/\/olu-limburg.de\/wp-content\/uploads\/2017\/09\/DSC09530_ergebnis-768x576.jpg 768w, https:\/\/olu-limburg.de\/wp-content\/uploads\/2017\/09\/DSC09530_ergebnis-624x468.jpg 624w\" sizes=\"auto, (max-width: 800px) 100vw, 800px\" \/><\/a><\/p>\n<p><a href=\"https:\/\/olu-limburg.de\/wp-content\/uploads\/2017\/09\/DSC09533_ergebnis.jpg\"><img loading=\"lazy\" decoding=\"async\" class=\"size-full wp-image-13092 aligncenter\" src=\"https:\/\/olu-limburg.de\/wp-content\/uploads\/2017\/09\/DSC09533_ergebnis.jpg\" alt=\"\" width=\"800\" height=\"600\" srcset=\"https:\/\/olu-limburg.de\/wp-content\/uploads\/2017\/09\/DSC09533_ergebnis.jpg 800w, https:\/\/olu-limburg.de\/wp-content\/uploads\/2017\/09\/DSC09533_ergebnis-300x225.jpg 300w, https:\/\/olu-limburg.de\/wp-content\/uploads\/2017\/09\/DSC09533_ergebnis-768x576.jpg 768w, https:\/\/olu-limburg.de\/wp-content\/uploads\/2017\/09\/DSC09533_ergebnis-624x468.jpg 624w\" sizes=\"auto, (max-width: 800px) 100vw, 800px\" \/><\/a><\/p>\n<p><a href=\"https:\/\/olu-limburg.de\/wp-content\/uploads\/2017\/09\/DSC09537_ergebnis.jpg\"><img loading=\"lazy\" decoding=\"async\" class=\"size-full wp-image-13093 aligncenter\" src=\"https:\/\/olu-limburg.de\/wp-content\/uploads\/2017\/09\/DSC09537_ergebnis.jpg\" alt=\"\" width=\"800\" height=\"600\" srcset=\"https:\/\/olu-limburg.de\/wp-content\/uploads\/2017\/09\/DSC09537_ergebnis.jpg 800w, https:\/\/olu-limburg.de\/wp-content\/uploads\/2017\/09\/DSC09537_ergebnis-300x225.jpg 300w, https:\/\/olu-limburg.de\/wp-content\/uploads\/2017\/09\/DSC09537_ergebnis-768x576.jpg 768w, https:\/\/olu-limburg.de\/wp-content\/uploads\/2017\/09\/DSC09537_ergebnis-624x468.jpg 624w\" sizes=\"auto, (max-width: 800px) 100vw, 800px\" \/><\/a><\/p>\n<div id=\"attachment_13094\" style=\"width: 810px\" class=\"wp-caption aligncenter\"><a href=\"https:\/\/olu-limburg.de\/wp-content\/uploads\/2017\/09\/DSC09539_ergebnis.jpg\"><img loading=\"lazy\" decoding=\"async\" aria-describedby=\"caption-attachment-13094\" class=\"wp-image-13094 size-full\" src=\"https:\/\/olu-limburg.de\/wp-content\/uploads\/2017\/09\/DSC09539_ergebnis.jpg\" alt=\"\" width=\"800\" height=\"600\" srcset=\"https:\/\/olu-limburg.de\/wp-content\/uploads\/2017\/09\/DSC09539_ergebnis.jpg 800w, https:\/\/olu-limburg.de\/wp-content\/uploads\/2017\/09\/DSC09539_ergebnis-300x225.jpg 300w, https:\/\/olu-limburg.de\/wp-content\/uploads\/2017\/09\/DSC09539_ergebnis-768x576.jpg 768w, https:\/\/olu-limburg.de\/wp-content\/uploads\/2017\/09\/DSC09539_ergebnis-624x468.jpg 624w\" sizes=\"auto, (max-width: 800px) 100vw, 800px\" \/><\/a><p id=\"caption-attachment-13094\" class=\"wp-caption-text\">Tour Plantier<\/p><\/div>\n<div id=\"attachment_13095\" style=\"width: 810px\" class=\"wp-caption aligncenter\"><a href=\"https:\/\/olu-limburg.de\/wp-content\/uploads\/2017\/09\/DSC09541_ergebnis.jpg\"><img loading=\"lazy\" decoding=\"async\" aria-describedby=\"caption-attachment-13095\" class=\"size-full wp-image-13095\" src=\"https:\/\/olu-limburg.de\/wp-content\/uploads\/2017\/09\/DSC09541_ergebnis.jpg\" alt=\"\" width=\"800\" height=\"600\" srcset=\"https:\/\/olu-limburg.de\/wp-content\/uploads\/2017\/09\/DSC09541_ergebnis.jpg 800w, https:\/\/olu-limburg.de\/wp-content\/uploads\/2017\/09\/DSC09541_ergebnis-300x225.jpg 300w, https:\/\/olu-limburg.de\/wp-content\/uploads\/2017\/09\/DSC09541_ergebnis-768x576.jpg 768w, https:\/\/olu-limburg.de\/wp-content\/uploads\/2017\/09\/DSC09541_ergebnis-624x468.jpg 624w\" sizes=\"auto, (max-width: 800px) 100vw, 800px\" \/><\/a><p id=\"caption-attachment-13095\" class=\"wp-caption-text\">Lichtirritationen<\/p><\/div>\n<div id=\"attachment_13096\" style=\"width: 810px\" class=\"wp-caption aligncenter\"><a href=\"https:\/\/olu-limburg.de\/wp-content\/uploads\/2017\/09\/DSC09542_ergebnis.jpg\"><img loading=\"lazy\" decoding=\"async\" aria-describedby=\"caption-attachment-13096\" class=\"wp-image-13096 size-full\" src=\"https:\/\/olu-limburg.de\/wp-content\/uploads\/2017\/09\/DSC09542_ergebnis.jpg\" alt=\"\" width=\"800\" height=\"600\" srcset=\"https:\/\/olu-limburg.de\/wp-content\/uploads\/2017\/09\/DSC09542_ergebnis.jpg 800w, https:\/\/olu-limburg.de\/wp-content\/uploads\/2017\/09\/DSC09542_ergebnis-300x225.jpg 300w, https:\/\/olu-limburg.de\/wp-content\/uploads\/2017\/09\/DSC09542_ergebnis-768x576.jpg 768w, https:\/\/olu-limburg.de\/wp-content\/uploads\/2017\/09\/DSC09542_ergebnis-624x468.jpg 624w\" sizes=\"auto, (max-width: 800px) 100vw, 800px\" \/><\/a><p id=\"caption-attachment-13096\" class=\"wp-caption-text\">Blick zum Pointe de Saint-Pierre<\/p><\/div>\n<p><a href=\"https:\/\/olu-limburg.de\/wp-content\/uploads\/2017\/09\/DSC09543_ergebnis.jpg\"><img loading=\"lazy\" decoding=\"async\" class=\"size-full wp-image-13097 aligncenter\" src=\"https:\/\/olu-limburg.de\/wp-content\/uploads\/2017\/09\/DSC09543_ergebnis.jpg\" alt=\"\" width=\"800\" height=\"600\" srcset=\"https:\/\/olu-limburg.de\/wp-content\/uploads\/2017\/09\/DSC09543_ergebnis.jpg 800w, https:\/\/olu-limburg.de\/wp-content\/uploads\/2017\/09\/DSC09543_ergebnis-300x225.jpg 300w, https:\/\/olu-limburg.de\/wp-content\/uploads\/2017\/09\/DSC09543_ergebnis-768x576.jpg 768w, https:\/\/olu-limburg.de\/wp-content\/uploads\/2017\/09\/DSC09543_ergebnis-624x468.jpg 624w\" sizes=\"auto, (max-width: 800px) 100vw, 800px\" \/><\/a><\/p>\n<p>&#8230; bis hin zum Plage de Mardi Gras und der Siedlung, Le Grand Vieil.<\/p>\n<div id=\"attachment_13098\" style=\"width: 810px\" class=\"wp-caption aligncenter\"><a href=\"https:\/\/olu-limburg.de\/wp-content\/uploads\/2017\/09\/DSC09545_ergebnis.jpg\"><img loading=\"lazy\" decoding=\"async\" aria-describedby=\"caption-attachment-13098\" class=\"size-full wp-image-13098\" src=\"https:\/\/olu-limburg.de\/wp-content\/uploads\/2017\/09\/DSC09545_ergebnis.jpg\" alt=\"\" width=\"800\" height=\"600\" srcset=\"https:\/\/olu-limburg.de\/wp-content\/uploads\/2017\/09\/DSC09545_ergebnis.jpg 800w, https:\/\/olu-limburg.de\/wp-content\/uploads\/2017\/09\/DSC09545_ergebnis-300x225.jpg 300w, https:\/\/olu-limburg.de\/wp-content\/uploads\/2017\/09\/DSC09545_ergebnis-768x576.jpg 768w, https:\/\/olu-limburg.de\/wp-content\/uploads\/2017\/09\/DSC09545_ergebnis-624x468.jpg 624w\" sizes=\"auto, (max-width: 800px) 100vw, 800px\" \/><\/a><p id=\"caption-attachment-13098\" class=\"wp-caption-text\">Erdbeerbaum<\/p><\/div>\n<div id=\"attachment_13099\" style=\"width: 810px\" class=\"wp-caption aligncenter\"><a href=\"https:\/\/olu-limburg.de\/wp-content\/uploads\/2017\/09\/DSC09546_ergebnis.jpg\"><img loading=\"lazy\" decoding=\"async\" aria-describedby=\"caption-attachment-13099\" class=\"wp-image-13099 size-full\" src=\"https:\/\/olu-limburg.de\/wp-content\/uploads\/2017\/09\/DSC09546_ergebnis.jpg\" alt=\"\" width=\"800\" height=\"600\" srcset=\"https:\/\/olu-limburg.de\/wp-content\/uploads\/2017\/09\/DSC09546_ergebnis.jpg 800w, https:\/\/olu-limburg.de\/wp-content\/uploads\/2017\/09\/DSC09546_ergebnis-300x225.jpg 300w, https:\/\/olu-limburg.de\/wp-content\/uploads\/2017\/09\/DSC09546_ergebnis-768x576.jpg 768w, https:\/\/olu-limburg.de\/wp-content\/uploads\/2017\/09\/DSC09546_ergebnis-624x468.jpg 624w\" sizes=\"auto, (max-width: 800px) 100vw, 800px\" \/><\/a><p id=\"caption-attachment-13099\" class=\"wp-caption-text\">Die Strandgucker<\/p><\/div>\n<p><a href=\"https:\/\/olu-limburg.de\/wp-content\/uploads\/2017\/09\/DSC09547_ergebnis.jpg\"><img loading=\"lazy\" decoding=\"async\" class=\"size-full wp-image-13100 aligncenter\" src=\"https:\/\/olu-limburg.de\/wp-content\/uploads\/2017\/09\/DSC09547_ergebnis.jpg\" alt=\"\" width=\"800\" height=\"600\" srcset=\"https:\/\/olu-limburg.de\/wp-content\/uploads\/2017\/09\/DSC09547_ergebnis.jpg 800w, https:\/\/olu-limburg.de\/wp-content\/uploads\/2017\/09\/DSC09547_ergebnis-300x225.jpg 300w, https:\/\/olu-limburg.de\/wp-content\/uploads\/2017\/09\/DSC09547_ergebnis-768x576.jpg 768w, https:\/\/olu-limburg.de\/wp-content\/uploads\/2017\/09\/DSC09547_ergebnis-624x468.jpg 624w\" sizes=\"auto, (max-width: 800px) 100vw, 800px\" \/><\/a><\/p>\n<p>Tagesstrecke: 0 km<\/p>\n<p>&nbsp;<\/p>\n<p><strong>Mittwoch, 06. September<\/strong><\/p>\n<p>Bei der Abfahrt m\u00f6chte der Automat von mir EUR 39,00 ( 4 x 8 = 32\u00a0 ?) haben. Ich habe aber gerade keine Lust mich mit einer Maschine zu streiten und es ist auch keine Police Municipal in der N\u00e4he, wie sonst des\u00f6fteren in den Tagen unserer Anwesenheit. also best\u00e4tige ich die Zahlung und gut ist.<\/p>\n<p><a href=\"https:\/\/olu-limburg.de\/wp-content\/uploads\/2017\/09\/P1050951_ergebnis.jpg\"><img loading=\"lazy\" decoding=\"async\" class=\"size-full wp-image-13101 aligncenter\" src=\"https:\/\/olu-limburg.de\/wp-content\/uploads\/2017\/09\/P1050951_ergebnis.jpg\" alt=\"\" width=\"800\" height=\"600\" srcset=\"https:\/\/olu-limburg.de\/wp-content\/uploads\/2017\/09\/P1050951_ergebnis.jpg 800w, https:\/\/olu-limburg.de\/wp-content\/uploads\/2017\/09\/P1050951_ergebnis-300x225.jpg 300w, https:\/\/olu-limburg.de\/wp-content\/uploads\/2017\/09\/P1050951_ergebnis-768x576.jpg 768w, https:\/\/olu-limburg.de\/wp-content\/uploads\/2017\/09\/P1050951_ergebnis-624x468.jpg 624w\" sizes=\"auto, (max-width: 800px) 100vw, 800px\" \/><\/a><\/p>\n<p><a href=\"https:\/\/olu-limburg.de\/wp-content\/uploads\/2017\/09\/P1050953_ergebnis.jpg\"><img loading=\"lazy\" decoding=\"async\" class=\"size-full wp-image-13102 aligncenter\" src=\"https:\/\/olu-limburg.de\/wp-content\/uploads\/2017\/09\/P1050953_ergebnis.jpg\" alt=\"\" width=\"800\" height=\"600\" srcset=\"https:\/\/olu-limburg.de\/wp-content\/uploads\/2017\/09\/P1050953_ergebnis.jpg 800w, https:\/\/olu-limburg.de\/wp-content\/uploads\/2017\/09\/P1050953_ergebnis-300x225.jpg 300w, https:\/\/olu-limburg.de\/wp-content\/uploads\/2017\/09\/P1050953_ergebnis-768x576.jpg 768w, https:\/\/olu-limburg.de\/wp-content\/uploads\/2017\/09\/P1050953_ergebnis-624x468.jpg 624w\" sizes=\"auto, (max-width: 800px) 100vw, 800px\" \/><\/a><\/p>\n<div id=\"attachment_13020\" style=\"width: 810px\" class=\"wp-caption aligncenter\"><a href=\"https:\/\/olu-limburg.de\/wp-content\/uploads\/2017\/09\/P1050850_ergebnis.jpg\"><img loading=\"lazy\" decoding=\"async\" aria-describedby=\"caption-attachment-13020\" class=\"wp-image-13020 size-full\" src=\"https:\/\/olu-limburg.de\/wp-content\/uploads\/2017\/09\/P1050850_ergebnis.jpg\" alt=\"\" width=\"800\" height=\"600\" srcset=\"https:\/\/olu-limburg.de\/wp-content\/uploads\/2017\/09\/P1050850_ergebnis.jpg 800w, https:\/\/olu-limburg.de\/wp-content\/uploads\/2017\/09\/P1050850_ergebnis-300x225.jpg 300w, https:\/\/olu-limburg.de\/wp-content\/uploads\/2017\/09\/P1050850_ergebnis-768x576.jpg 768w, https:\/\/olu-limburg.de\/wp-content\/uploads\/2017\/09\/P1050850_ergebnis-624x468.jpg 624w\" sizes=\"auto, (max-width: 800px) 100vw, 800px\" \/><\/a><p id=\"caption-attachment-13020\" class=\"wp-caption-text\">Aber wer lesen kann ist klar im Vorteil! Die 4. Nacht machts!<\/p><\/div>\n<p>Beim Super U versorgen wir uns mit N\u00f6tigem und tanken. Dann geht es wieder zur Passage du Gois. Heute ist erst kurz nach 12.00 Uhr Ebbe.<\/p>\n<p><a href=\"https:\/\/olu-limburg.de\/wp-content\/uploads\/2017\/09\/P1050957_ergebnis.jpg\"><img loading=\"lazy\" decoding=\"async\" class=\"size-full wp-image-13195 aligncenter\" src=\"https:\/\/olu-limburg.de\/wp-content\/uploads\/2017\/09\/P1050957_ergebnis.jpg\" alt=\"\" width=\"800\" height=\"600\" srcset=\"https:\/\/olu-limburg.de\/wp-content\/uploads\/2017\/09\/P1050957_ergebnis.jpg 800w, https:\/\/olu-limburg.de\/wp-content\/uploads\/2017\/09\/P1050957_ergebnis-300x225.jpg 300w, https:\/\/olu-limburg.de\/wp-content\/uploads\/2017\/09\/P1050957_ergebnis-768x576.jpg 768w, https:\/\/olu-limburg.de\/wp-content\/uploads\/2017\/09\/P1050957_ergebnis-624x468.jpg 624w\" sizes=\"auto, (max-width: 800px) 100vw, 800px\" \/><\/a><\/p>\n<p><a href=\"https:\/\/olu-limburg.de\/wp-content\/uploads\/2017\/09\/P1050956_ergebnis.jpg\"><img loading=\"lazy\" decoding=\"async\" class=\"size-full wp-image-13194 aligncenter\" src=\"https:\/\/olu-limburg.de\/wp-content\/uploads\/2017\/09\/P1050956_ergebnis.jpg\" alt=\"\" width=\"800\" height=\"600\" srcset=\"https:\/\/olu-limburg.de\/wp-content\/uploads\/2017\/09\/P1050956_ergebnis.jpg 800w, https:\/\/olu-limburg.de\/wp-content\/uploads\/2017\/09\/P1050956_ergebnis-300x225.jpg 300w, https:\/\/olu-limburg.de\/wp-content\/uploads\/2017\/09\/P1050956_ergebnis-768x576.jpg 768w, https:\/\/olu-limburg.de\/wp-content\/uploads\/2017\/09\/P1050956_ergebnis-624x468.jpg 624w\" sizes=\"auto, (max-width: 800px) 100vw, 800px\" \/><\/a><\/p>\n<p>Wieder auf dem Festland, machen wir in Beauvoir zwecks Essensaufnahme einen kleinen Zwischenstopp. Nun verabschieden wir uns vom Meer und fahren in \u00f6stlicher Richtung nach St.-Philbert-de-Grand-Lieu. Der kostenlose Stellplatz mit V+E liegt am Ortsrand im Gr\u00fcnen.<\/p>\n<p><a href=\"https:\/\/olu-limburg.de\/wp-content\/uploads\/2017\/09\/DSC09585_ergebnis.jpg\"><img loading=\"lazy\" decoding=\"async\" class=\"size-full wp-image-13122 aligncenter\" src=\"https:\/\/olu-limburg.de\/wp-content\/uploads\/2017\/09\/DSC09585_ergebnis.jpg\" alt=\"\" width=\"800\" height=\"600\" srcset=\"https:\/\/olu-limburg.de\/wp-content\/uploads\/2017\/09\/DSC09585_ergebnis.jpg 800w, https:\/\/olu-limburg.de\/wp-content\/uploads\/2017\/09\/DSC09585_ergebnis-300x225.jpg 300w, https:\/\/olu-limburg.de\/wp-content\/uploads\/2017\/09\/DSC09585_ergebnis-768x576.jpg 768w, https:\/\/olu-limburg.de\/wp-content\/uploads\/2017\/09\/DSC09585_ergebnis-624x468.jpg 624w\" sizes=\"auto, (max-width: 800px) 100vw, 800px\" \/><\/a><\/p>\n<p>Bei unserem Spaziergang in den Ort, sto\u00dfen wir auf ein Kleinod der kirchlichen Baukunst. Die Abteikirche ist das einzig \u00fcbrig gebliebene Zeugnis des ehemaligen Klosters aus dem fr\u00fchen 9. Jhdt. und der seltenen Bauwerke der karolingischen Architektur. In der Krypta beherbergt sie noch immer den Marmor-Sarkophag mit den sterblichen \u00dcberresten des Saint Philibert, der im Jahre 685 auf Noirmoutier verstorben ist.<\/p>\n<p><a href=\"https:\/\/olu-limburg.de\/wp-content\/uploads\/2017\/09\/DSC09584_ergebnis.jpg\"><img loading=\"lazy\" decoding=\"async\" class=\"size-full wp-image-13121 aligncenter\" src=\"https:\/\/olu-limburg.de\/wp-content\/uploads\/2017\/09\/DSC09584_ergebnis.jpg\" alt=\"\" width=\"800\" height=\"600\" srcset=\"https:\/\/olu-limburg.de\/wp-content\/uploads\/2017\/09\/DSC09584_ergebnis.jpg 800w, https:\/\/olu-limburg.de\/wp-content\/uploads\/2017\/09\/DSC09584_ergebnis-300x225.jpg 300w, https:\/\/olu-limburg.de\/wp-content\/uploads\/2017\/09\/DSC09584_ergebnis-768x576.jpg 768w, https:\/\/olu-limburg.de\/wp-content\/uploads\/2017\/09\/DSC09584_ergebnis-624x468.jpg 624w\" sizes=\"auto, (max-width: 800px) 100vw, 800px\" \/><\/a><\/p>\n<p><a href=\"https:\/\/olu-limburg.de\/wp-content\/uploads\/2017\/09\/DSC09555_ergebnis.jpg\"><img loading=\"lazy\" decoding=\"async\" class=\"size-full wp-image-13108 alignnone\" src=\"https:\/\/olu-limburg.de\/wp-content\/uploads\/2017\/09\/DSC09555_ergebnis.jpg\" alt=\"\" width=\"800\" height=\"600\" srcset=\"https:\/\/olu-limburg.de\/wp-content\/uploads\/2017\/09\/DSC09555_ergebnis.jpg 800w, https:\/\/olu-limburg.de\/wp-content\/uploads\/2017\/09\/DSC09555_ergebnis-300x225.jpg 300w, https:\/\/olu-limburg.de\/wp-content\/uploads\/2017\/09\/DSC09555_ergebnis-768x576.jpg 768w, https:\/\/olu-limburg.de\/wp-content\/uploads\/2017\/09\/DSC09555_ergebnis-624x468.jpg 624w\" sizes=\"auto, (max-width: 800px) 100vw, 800px\" \/><\/a><\/p>\n<p><a href=\"https:\/\/olu-limburg.de\/wp-content\/uploads\/2017\/09\/P1050991_ergebnis.jpg\"><img loading=\"lazy\" decoding=\"async\" class=\"size-full wp-image-13196 aligncenter\" src=\"https:\/\/olu-limburg.de\/wp-content\/uploads\/2017\/09\/P1050991_ergebnis.jpg\" alt=\"\" width=\"800\" height=\"600\" srcset=\"https:\/\/olu-limburg.de\/wp-content\/uploads\/2017\/09\/P1050991_ergebnis.jpg 800w, https:\/\/olu-limburg.de\/wp-content\/uploads\/2017\/09\/P1050991_ergebnis-300x225.jpg 300w, https:\/\/olu-limburg.de\/wp-content\/uploads\/2017\/09\/P1050991_ergebnis-768x576.jpg 768w, https:\/\/olu-limburg.de\/wp-content\/uploads\/2017\/09\/P1050991_ergebnis-624x468.jpg 624w\" sizes=\"auto, (max-width: 800px) 100vw, 800px\" \/><\/a><\/p>\n<p><a href=\"https:\/\/olu-limburg.de\/wp-content\/uploads\/2017\/09\/DSC09575_ergebnis.jpg\"><img loading=\"lazy\" decoding=\"async\" class=\"size-full wp-image-13119 alignnone\" src=\"https:\/\/olu-limburg.de\/wp-content\/uploads\/2017\/09\/DSC09575_ergebnis.jpg\" alt=\"\" width=\"800\" height=\"600\" srcset=\"https:\/\/olu-limburg.de\/wp-content\/uploads\/2017\/09\/DSC09575_ergebnis.jpg 800w, https:\/\/olu-limburg.de\/wp-content\/uploads\/2017\/09\/DSC09575_ergebnis-300x225.jpg 300w, https:\/\/olu-limburg.de\/wp-content\/uploads\/2017\/09\/DSC09575_ergebnis-768x576.jpg 768w, https:\/\/olu-limburg.de\/wp-content\/uploads\/2017\/09\/DSC09575_ergebnis-624x468.jpg 624w\" sizes=\"auto, (max-width: 800px) 100vw, 800px\" \/><\/a><\/p>\n<p><a href=\"https:\/\/olu-limburg.de\/wp-content\/uploads\/2017\/09\/DSC09556_ergebnis-e1509288057246.jpg\"><img loading=\"lazy\" decoding=\"async\" class=\"size-full wp-image-13109 alignleft\" src=\"https:\/\/olu-limburg.de\/wp-content\/uploads\/2017\/09\/DSC09556_ergebnis-e1509288057246.jpg\" alt=\"\" width=\"450\" height=\"600\" \/><\/a><\/p>\n<p><a href=\"https:\/\/olu-limburg.de\/wp-content\/uploads\/2017\/09\/DSC09560_ergebnis-e1509288146707.jpg\"><img loading=\"lazy\" decoding=\"async\" class=\"size-full wp-image-13111 alignright\" src=\"https:\/\/olu-limburg.de\/wp-content\/uploads\/2017\/09\/DSC09560_ergebnis-e1509288146707.jpg\" alt=\"\" width=\"450\" height=\"600\" \/><\/a><\/p>\n<div id=\"attachment_13110\" style=\"width: 460px\" class=\"wp-caption alignleft\"><a href=\"https:\/\/olu-limburg.de\/wp-content\/uploads\/2017\/09\/DSC09557_ergebnis-e1509288172876.jpg\"><img loading=\"lazy\" decoding=\"async\" aria-describedby=\"caption-attachment-13110\" class=\"wp-image-13110 size-full\" src=\"https:\/\/olu-limburg.de\/wp-content\/uploads\/2017\/09\/DSC09557_ergebnis-e1509288172876.jpg\" alt=\"\" width=\"450\" height=\"600\" \/><\/a><p id=\"caption-attachment-13110\" class=\"wp-caption-text\">der Sarkophag des St. Philibert<\/p><\/div>\n<p><a href=\"https:\/\/olu-limburg.de\/wp-content\/uploads\/2017\/09\/DSC09562_ergebnis-e1509288197797.jpg\"><img loading=\"lazy\" decoding=\"async\" class=\"size-full wp-image-13113 alignright\" src=\"https:\/\/olu-limburg.de\/wp-content\/uploads\/2017\/09\/DSC09562_ergebnis-e1509288197797.jpg\" alt=\"\" width=\"450\" height=\"600\" \/><\/a><\/p>\n<p><a href=\"https:\/\/olu-limburg.de\/wp-content\/uploads\/2017\/09\/DSC09561_ergebnis.jpg\"><img loading=\"lazy\" decoding=\"async\" class=\"size-full wp-image-13112 aligncenter\" src=\"https:\/\/olu-limburg.de\/wp-content\/uploads\/2017\/09\/DSC09561_ergebnis.jpg\" alt=\"\" width=\"800\" height=\"600\" srcset=\"https:\/\/olu-limburg.de\/wp-content\/uploads\/2017\/09\/DSC09561_ergebnis.jpg 800w, https:\/\/olu-limburg.de\/wp-content\/uploads\/2017\/09\/DSC09561_ergebnis-300x225.jpg 300w, https:\/\/olu-limburg.de\/wp-content\/uploads\/2017\/09\/DSC09561_ergebnis-768x576.jpg 768w, https:\/\/olu-limburg.de\/wp-content\/uploads\/2017\/09\/DSC09561_ergebnis-624x468.jpg 624w\" sizes=\"auto, (max-width: 800px) 100vw, 800px\" \/><\/a><\/p>\n<p><a href=\"https:\/\/olu-limburg.de\/wp-content\/uploads\/2017\/09\/DSC09563_ergebnis-e1509288250995.jpg\"><img loading=\"lazy\" decoding=\"async\" class=\"size-full wp-image-13114 alignleft\" src=\"https:\/\/olu-limburg.de\/wp-content\/uploads\/2017\/09\/DSC09563_ergebnis-e1509288250995.jpg\" alt=\"\" width=\"450\" height=\"600\" \/><\/a><\/p>\n<p><a href=\"https:\/\/olu-limburg.de\/wp-content\/uploads\/2017\/09\/DSC09565_ergebnis-e1509288272117.jpg\"><img loading=\"lazy\" decoding=\"async\" class=\"size-full wp-image-13115 alignright\" src=\"https:\/\/olu-limburg.de\/wp-content\/uploads\/2017\/09\/DSC09565_ergebnis-e1509288272117.jpg\" alt=\"\" width=\"450\" height=\"600\" \/><\/a><\/p>\n<p><a href=\"https:\/\/olu-limburg.de\/wp-content\/uploads\/2017\/09\/DSC09573_ergebnis-e1509288292143.jpg\"><img loading=\"lazy\" decoding=\"async\" class=\"size-full wp-image-13117 aligncenter\" src=\"https:\/\/olu-limburg.de\/wp-content\/uploads\/2017\/09\/DSC09573_ergebnis-e1509288292143.jpg\" alt=\"\" width=\"450\" height=\"600\" \/><\/a><\/p>\n<p>Als krassen Gegensatz dazu gibt es im Zentrum der Stadt, links von der Pfarrkirche, das Standbild des &#8222;G\u00e9n\u00e9ral de Lamorici\u00e9re&#8220;, einem &#8222;Kind&#8220; der Stadt, der ma\u00dfgeblich an der Ertoberung Algeriens beteiligt war.<\/p>\n<p><a href=\"https:\/\/olu-limburg.de\/wp-content\/uploads\/2017\/09\/DSC09581_ergebnis-e1509288556232.jpg\"><img loading=\"lazy\" decoding=\"async\" class=\"size-full wp-image-13120 aligncenter\" src=\"https:\/\/olu-limburg.de\/wp-content\/uploads\/2017\/09\/DSC09581_ergebnis-e1509288556232.jpg\" alt=\"\" width=\"450\" height=\"600\" \/><\/a><\/p>\n<p>&nbsp;<\/p>\n<p>Tagesstrecke: 63 km<\/p>\n<p>&nbsp;<\/p>\n<p><strong>Donnerstag, 07. September 2017<\/strong><\/p>\n<p>So langsam m\u00f6chten wir uns heute den Loire-Schl\u00f6ssern n\u00e4hern. Daf\u00fcr habe ich mir als Ziel Brissac-Quinc\u00e9 auserkoren. \u00dcber Land soll uns das Navi an Angers vorbei f\u00fchren. Das wir dabei aber f\u00fcr fast 120 km ungef\u00e4hr 3 Stunden Fahrtzeit brauchen, war nicht geplant. Als Gegenleistung hatten wir daf\u00fcr sehr viel Landschaft und Landwirtschaft des Anjou.<\/p>\n<p>Als kleine Notiz am Rande: Auf dem Kassenbon in der Pizzeria werden wir mangels Tischnummerierung als &#8222;2 anglais&#8220; verifiziert.<\/p>\n<p>Der (kostenlose ?) Stellplatz (eigentlich eine Geb\u00fchr von EUR 4,00) mit V+E liegt unterhalb der Altstadt, nicht weit vom Schlo\u00df entfernt.<\/p>\n<p><a href=\"https:\/\/olu-limburg.de\/wp-content\/uploads\/2017\/09\/DSC09665_ergebnis.jpg\"><img loading=\"lazy\" decoding=\"async\" class=\"size-full wp-image-13146 aligncenter\" src=\"https:\/\/olu-limburg.de\/wp-content\/uploads\/2017\/09\/DSC09665_ergebnis.jpg\" alt=\"\" width=\"800\" height=\"600\" srcset=\"https:\/\/olu-limburg.de\/wp-content\/uploads\/2017\/09\/DSC09665_ergebnis.jpg 800w, https:\/\/olu-limburg.de\/wp-content\/uploads\/2017\/09\/DSC09665_ergebnis-300x225.jpg 300w, https:\/\/olu-limburg.de\/wp-content\/uploads\/2017\/09\/DSC09665_ergebnis-768x576.jpg 768w, https:\/\/olu-limburg.de\/wp-content\/uploads\/2017\/09\/DSC09665_ergebnis-624x468.jpg 624w\" sizes=\"auto, (max-width: 800px) 100vw, 800px\" \/><\/a><\/p>\n<p>Mit dem Schloss Brissac besichtigen wir &#8222;le plus Haut Ch\u00e2teau de France&#8220;. Es hat 7 Stockwerke, 200 Zimmer und 250 Fenster. Das Ch\u00e2teau ist noch im Privatbesitz der Ducs de Brissac und wird auch noch von der Familie in den oberen Stockwerken bewohnt. Zu dem Schloss geh\u00f6rt noch ein Gest\u00fct, ein Weingut und ein riesiger Park.<\/p>\n<p><a href=\"https:\/\/olu-limburg.de\/wp-content\/uploads\/2017\/09\/DSC09589_ergebnis.jpg\"><img loading=\"lazy\" decoding=\"async\" class=\"size-full wp-image-13123 aligncenter\" src=\"https:\/\/olu-limburg.de\/wp-content\/uploads\/2017\/09\/DSC09589_ergebnis.jpg\" alt=\"\" width=\"800\" height=\"600\" srcset=\"https:\/\/olu-limburg.de\/wp-content\/uploads\/2017\/09\/DSC09589_ergebnis.jpg 800w, https:\/\/olu-limburg.de\/wp-content\/uploads\/2017\/09\/DSC09589_ergebnis-300x225.jpg 300w, https:\/\/olu-limburg.de\/wp-content\/uploads\/2017\/09\/DSC09589_ergebnis-768x576.jpg 768w, https:\/\/olu-limburg.de\/wp-content\/uploads\/2017\/09\/DSC09589_ergebnis-624x468.jpg 624w\" sizes=\"auto, (max-width: 800px) 100vw, 800px\" \/><\/a><\/p>\n<p><a href=\"https:\/\/olu-limburg.de\/wp-content\/uploads\/2017\/09\/DSC09592_ergebnis.jpg\"><img loading=\"lazy\" decoding=\"async\" class=\"size-full wp-image-13125 aligncenter\" src=\"https:\/\/olu-limburg.de\/wp-content\/uploads\/2017\/09\/DSC09592_ergebnis.jpg\" alt=\"\" width=\"800\" height=\"600\" srcset=\"https:\/\/olu-limburg.de\/wp-content\/uploads\/2017\/09\/DSC09592_ergebnis.jpg 800w, https:\/\/olu-limburg.de\/wp-content\/uploads\/2017\/09\/DSC09592_ergebnis-300x225.jpg 300w, https:\/\/olu-limburg.de\/wp-content\/uploads\/2017\/09\/DSC09592_ergebnis-768x576.jpg 768w, https:\/\/olu-limburg.de\/wp-content\/uploads\/2017\/09\/DSC09592_ergebnis-624x468.jpg 624w\" sizes=\"auto, (max-width: 800px) 100vw, 800px\" \/><\/a><\/p>\n<p><a href=\"https:\/\/olu-limburg.de\/wp-content\/uploads\/2017\/09\/DSC09591_ergebnis-e1509289851908.jpg\"><img loading=\"lazy\" decoding=\"async\" class=\"size-full wp-image-13124 alignleft\" src=\"https:\/\/olu-limburg.de\/wp-content\/uploads\/2017\/09\/DSC09591_ergebnis-e1509289851908.jpg\" alt=\"\" width=\"450\" height=\"600\" \/><\/a><\/p>\n<p><a href=\"https:\/\/olu-limburg.de\/wp-content\/uploads\/2017\/09\/DSC09599_ergebnis-e1509289872889.jpg\"><img loading=\"lazy\" decoding=\"async\" class=\"size-full wp-image-13126 alignright\" src=\"https:\/\/olu-limburg.de\/wp-content\/uploads\/2017\/09\/DSC09599_ergebnis-e1509289872889.jpg\" alt=\"\" width=\"450\" height=\"600\" \/><\/a><\/p>\n<p><a href=\"https:\/\/olu-limburg.de\/wp-content\/uploads\/2017\/09\/DSC09603_ergebnis.jpg\"><img loading=\"lazy\" decoding=\"async\" class=\"size-full wp-image-13128 aligncenter\" src=\"https:\/\/olu-limburg.de\/wp-content\/uploads\/2017\/09\/DSC09603_ergebnis.jpg\" alt=\"\" width=\"800\" height=\"600\" srcset=\"https:\/\/olu-limburg.de\/wp-content\/uploads\/2017\/09\/DSC09603_ergebnis.jpg 800w, https:\/\/olu-limburg.de\/wp-content\/uploads\/2017\/09\/DSC09603_ergebnis-300x225.jpg 300w, https:\/\/olu-limburg.de\/wp-content\/uploads\/2017\/09\/DSC09603_ergebnis-768x576.jpg 768w, https:\/\/olu-limburg.de\/wp-content\/uploads\/2017\/09\/DSC09603_ergebnis-624x468.jpg 624w\" sizes=\"auto, (max-width: 800px) 100vw, 800px\" \/><\/a><\/p>\n<p><a href=\"https:\/\/olu-limburg.de\/wp-content\/uploads\/2017\/09\/DSC09600_ergebnis.jpg\"><img loading=\"lazy\" decoding=\"async\" class=\"size-full wp-image-13127 aligncenter\" src=\"https:\/\/olu-limburg.de\/wp-content\/uploads\/2017\/09\/DSC09600_ergebnis.jpg\" alt=\"\" width=\"800\" height=\"600\" srcset=\"https:\/\/olu-limburg.de\/wp-content\/uploads\/2017\/09\/DSC09600_ergebnis.jpg 800w, https:\/\/olu-limburg.de\/wp-content\/uploads\/2017\/09\/DSC09600_ergebnis-300x225.jpg 300w, https:\/\/olu-limburg.de\/wp-content\/uploads\/2017\/09\/DSC09600_ergebnis-768x576.jpg 768w, https:\/\/olu-limburg.de\/wp-content\/uploads\/2017\/09\/DSC09600_ergebnis-624x468.jpg 624w\" sizes=\"auto, (max-width: 800px) 100vw, 800px\" \/><\/a><\/p>\n<p><a href=\"https:\/\/olu-limburg.de\/wp-content\/uploads\/2017\/09\/DSC09606_ergebnis.jpg\"><img loading=\"lazy\" decoding=\"async\" class=\"size-full wp-image-13130 aligncenter\" src=\"https:\/\/olu-limburg.de\/wp-content\/uploads\/2017\/09\/DSC09606_ergebnis.jpg\" alt=\"\" width=\"800\" height=\"600\" srcset=\"https:\/\/olu-limburg.de\/wp-content\/uploads\/2017\/09\/DSC09606_ergebnis.jpg 800w, https:\/\/olu-limburg.de\/wp-content\/uploads\/2017\/09\/DSC09606_ergebnis-300x225.jpg 300w, https:\/\/olu-limburg.de\/wp-content\/uploads\/2017\/09\/DSC09606_ergebnis-768x576.jpg 768w, https:\/\/olu-limburg.de\/wp-content\/uploads\/2017\/09\/DSC09606_ergebnis-624x468.jpg 624w\" sizes=\"auto, (max-width: 800px) 100vw, 800px\" \/><\/a><\/p>\n<p><a href=\"https:\/\/olu-limburg.de\/wp-content\/uploads\/2017\/09\/DSC09611_ergebnis.jpg\"><img loading=\"lazy\" decoding=\"async\" class=\"size-full wp-image-13131 aligncenter\" src=\"https:\/\/olu-limburg.de\/wp-content\/uploads\/2017\/09\/DSC09611_ergebnis.jpg\" alt=\"\" width=\"800\" height=\"600\" srcset=\"https:\/\/olu-limburg.de\/wp-content\/uploads\/2017\/09\/DSC09611_ergebnis.jpg 800w, https:\/\/olu-limburg.de\/wp-content\/uploads\/2017\/09\/DSC09611_ergebnis-300x225.jpg 300w, https:\/\/olu-limburg.de\/wp-content\/uploads\/2017\/09\/DSC09611_ergebnis-768x576.jpg 768w, https:\/\/olu-limburg.de\/wp-content\/uploads\/2017\/09\/DSC09611_ergebnis-624x468.jpg 624w\" sizes=\"auto, (max-width: 800px) 100vw, 800px\" \/><\/a><\/p>\n<p><a href=\"https:\/\/olu-limburg.de\/wp-content\/uploads\/2017\/09\/DSC09612_ergebnis.jpg\"><img loading=\"lazy\" decoding=\"async\" class=\"size-full wp-image-13132 aligncenter\" src=\"https:\/\/olu-limburg.de\/wp-content\/uploads\/2017\/09\/DSC09612_ergebnis.jpg\" alt=\"\" width=\"800\" height=\"600\" srcset=\"https:\/\/olu-limburg.de\/wp-content\/uploads\/2017\/09\/DSC09612_ergebnis.jpg 800w, https:\/\/olu-limburg.de\/wp-content\/uploads\/2017\/09\/DSC09612_ergebnis-300x225.jpg 300w, https:\/\/olu-limburg.de\/wp-content\/uploads\/2017\/09\/DSC09612_ergebnis-768x576.jpg 768w, https:\/\/olu-limburg.de\/wp-content\/uploads\/2017\/09\/DSC09612_ergebnis-624x468.jpg 624w\" sizes=\"auto, (max-width: 800px) 100vw, 800px\" \/><\/a><\/p>\n<p><a href=\"https:\/\/olu-limburg.de\/wp-content\/uploads\/2017\/09\/DSC09618_ergebnis.jpg\"><img loading=\"lazy\" decoding=\"async\" class=\"size-full wp-image-13133 aligncenter\" src=\"https:\/\/olu-limburg.de\/wp-content\/uploads\/2017\/09\/DSC09618_ergebnis.jpg\" alt=\"\" width=\"800\" height=\"600\" srcset=\"https:\/\/olu-limburg.de\/wp-content\/uploads\/2017\/09\/DSC09618_ergebnis.jpg 800w, https:\/\/olu-limburg.de\/wp-content\/uploads\/2017\/09\/DSC09618_ergebnis-300x225.jpg 300w, https:\/\/olu-limburg.de\/wp-content\/uploads\/2017\/09\/DSC09618_ergebnis-768x576.jpg 768w, https:\/\/olu-limburg.de\/wp-content\/uploads\/2017\/09\/DSC09618_ergebnis-624x468.jpg 624w\" sizes=\"auto, (max-width: 800px) 100vw, 800px\" \/><\/a><\/p>\n<div id=\"attachment_13134\" style=\"width: 810px\" class=\"wp-caption aligncenter\"><a href=\"https:\/\/olu-limburg.de\/wp-content\/uploads\/2017\/09\/DSC09623_ergebnis.jpg\"><img loading=\"lazy\" decoding=\"async\" aria-describedby=\"caption-attachment-13134\" class=\"wp-image-13134 size-full\" src=\"https:\/\/olu-limburg.de\/wp-content\/uploads\/2017\/09\/DSC09623_ergebnis.jpg\" alt=\"\" width=\"800\" height=\"600\" srcset=\"https:\/\/olu-limburg.de\/wp-content\/uploads\/2017\/09\/DSC09623_ergebnis.jpg 800w, https:\/\/olu-limburg.de\/wp-content\/uploads\/2017\/09\/DSC09623_ergebnis-300x225.jpg 300w, https:\/\/olu-limburg.de\/wp-content\/uploads\/2017\/09\/DSC09623_ergebnis-768x576.jpg 768w, https:\/\/olu-limburg.de\/wp-content\/uploads\/2017\/09\/DSC09623_ergebnis-624x468.jpg 624w\" sizes=\"auto, (max-width: 800px) 100vw, 800px\" \/><\/a><p id=\"caption-attachment-13134\" class=\"wp-caption-text\">Schlosskapelle mit dem Brautkleid der jetzigen F\u00fcrstin<\/p><\/div>\n<p><a href=\"https:\/\/olu-limburg.de\/wp-content\/uploads\/2017\/09\/DSC09630_ergebnis-e1509290050731.jpg\"><img loading=\"lazy\" decoding=\"async\" class=\"size-full wp-image-13135 aligncenter\" src=\"https:\/\/olu-limburg.de\/wp-content\/uploads\/2017\/09\/DSC09630_ergebnis-e1509290050731.jpg\" alt=\"\" width=\"450\" height=\"600\" \/><\/a><\/p>\n<p><a href=\"https:\/\/olu-limburg.de\/wp-content\/uploads\/2017\/09\/DSC09631_ergebnis.jpg\"><img loading=\"lazy\" decoding=\"async\" class=\"size-full wp-image-13136 aligncenter\" src=\"https:\/\/olu-limburg.de\/wp-content\/uploads\/2017\/09\/DSC09631_ergebnis.jpg\" alt=\"\" width=\"800\" height=\"600\" srcset=\"https:\/\/olu-limburg.de\/wp-content\/uploads\/2017\/09\/DSC09631_ergebnis.jpg 800w, https:\/\/olu-limburg.de\/wp-content\/uploads\/2017\/09\/DSC09631_ergebnis-300x225.jpg 300w, https:\/\/olu-limburg.de\/wp-content\/uploads\/2017\/09\/DSC09631_ergebnis-768x576.jpg 768w, https:\/\/olu-limburg.de\/wp-content\/uploads\/2017\/09\/DSC09631_ergebnis-624x468.jpg 624w\" sizes=\"auto, (max-width: 800px) 100vw, 800px\" \/><\/a><\/p>\n<div id=\"attachment_13137\" style=\"width: 810px\" class=\"wp-caption aligncenter\"><a href=\"https:\/\/olu-limburg.de\/wp-content\/uploads\/2017\/09\/DSC09635_ergebnis.jpg\"><img loading=\"lazy\" decoding=\"async\" aria-describedby=\"caption-attachment-13137\" class=\"size-full wp-image-13137\" src=\"https:\/\/olu-limburg.de\/wp-content\/uploads\/2017\/09\/DSC09635_ergebnis.jpg\" alt=\"\" width=\"800\" height=\"600\" srcset=\"https:\/\/olu-limburg.de\/wp-content\/uploads\/2017\/09\/DSC09635_ergebnis.jpg 800w, https:\/\/olu-limburg.de\/wp-content\/uploads\/2017\/09\/DSC09635_ergebnis-300x225.jpg 300w, https:\/\/olu-limburg.de\/wp-content\/uploads\/2017\/09\/DSC09635_ergebnis-768x576.jpg 768w, https:\/\/olu-limburg.de\/wp-content\/uploads\/2017\/09\/DSC09635_ergebnis-624x468.jpg 624w\" sizes=\"auto, (max-width: 800px) 100vw, 800px\" \/><\/a><p id=\"caption-attachment-13137\" class=\"wp-caption-text\">hauseigenes Theater<\/p><\/div>\n<p><a href=\"https:\/\/olu-limburg.de\/wp-content\/uploads\/2017\/09\/DSC09642_ergebnis.jpg\"><img loading=\"lazy\" decoding=\"async\" class=\"size-full wp-image-13140 aligncenter\" src=\"https:\/\/olu-limburg.de\/wp-content\/uploads\/2017\/09\/DSC09642_ergebnis.jpg\" alt=\"\" width=\"800\" height=\"600\" srcset=\"https:\/\/olu-limburg.de\/wp-content\/uploads\/2017\/09\/DSC09642_ergebnis.jpg 800w, https:\/\/olu-limburg.de\/wp-content\/uploads\/2017\/09\/DSC09642_ergebnis-300x225.jpg 300w, https:\/\/olu-limburg.de\/wp-content\/uploads\/2017\/09\/DSC09642_ergebnis-768x576.jpg 768w, https:\/\/olu-limburg.de\/wp-content\/uploads\/2017\/09\/DSC09642_ergebnis-624x468.jpg 624w\" sizes=\"auto, (max-width: 800px) 100vw, 800px\" \/><\/a><\/p>\n<div id=\"attachment_13141\" style=\"width: 810px\" class=\"wp-caption aligncenter\"><a href=\"https:\/\/olu-limburg.de\/wp-content\/uploads\/2017\/09\/DSC09648_ergebnis.jpg\"><img loading=\"lazy\" decoding=\"async\" aria-describedby=\"caption-attachment-13141\" class=\"wp-image-13141 size-full\" src=\"https:\/\/olu-limburg.de\/wp-content\/uploads\/2017\/09\/DSC09648_ergebnis.jpg\" alt=\"\" width=\"800\" height=\"600\" srcset=\"https:\/\/olu-limburg.de\/wp-content\/uploads\/2017\/09\/DSC09648_ergebnis.jpg 800w, https:\/\/olu-limburg.de\/wp-content\/uploads\/2017\/09\/DSC09648_ergebnis-300x225.jpg 300w, https:\/\/olu-limburg.de\/wp-content\/uploads\/2017\/09\/DSC09648_ergebnis-768x576.jpg 768w, https:\/\/olu-limburg.de\/wp-content\/uploads\/2017\/09\/DSC09648_ergebnis-624x468.jpg 624w\" sizes=\"auto, (max-width: 800px) 100vw, 800px\" \/><\/a><p id=\"caption-attachment-13141\" class=\"wp-caption-text\">zum Kauf geignet<\/p><\/div>\n<div id=\"attachment_13197\" style=\"width: 810px\" class=\"wp-caption aligncenter\"><a href=\"https:\/\/olu-limburg.de\/wp-content\/uploads\/2017\/09\/P1060073_ergebnis.jpg\"><img loading=\"lazy\" decoding=\"async\" aria-describedby=\"caption-attachment-13197\" class=\"size-full wp-image-13197\" src=\"https:\/\/olu-limburg.de\/wp-content\/uploads\/2017\/09\/P1060073_ergebnis.jpg\" alt=\"\" width=\"800\" height=\"600\" srcset=\"https:\/\/olu-limburg.de\/wp-content\/uploads\/2017\/09\/P1060073_ergebnis.jpg 800w, https:\/\/olu-limburg.de\/wp-content\/uploads\/2017\/09\/P1060073_ergebnis-300x225.jpg 300w, https:\/\/olu-limburg.de\/wp-content\/uploads\/2017\/09\/P1060073_ergebnis-768x576.jpg 768w, https:\/\/olu-limburg.de\/wp-content\/uploads\/2017\/09\/P1060073_ergebnis-624x468.jpg 624w\" sizes=\"auto, (max-width: 800px) 100vw, 800px\" \/><\/a><p id=\"caption-attachment-13197\" class=\"wp-caption-text\">anschlie\u00dfende Weinverkostung des Hauses<\/p><\/div>\n<p><a href=\"https:\/\/olu-limburg.de\/wp-content\/uploads\/2017\/09\/DSC09657_ergebnis.jpg\"><img loading=\"lazy\" decoding=\"async\" class=\"size-full wp-image-13144 aligncenter\" src=\"https:\/\/olu-limburg.de\/wp-content\/uploads\/2017\/09\/DSC09657_ergebnis.jpg\" alt=\"\" width=\"800\" height=\"600\" srcset=\"https:\/\/olu-limburg.de\/wp-content\/uploads\/2017\/09\/DSC09657_ergebnis.jpg 800w, https:\/\/olu-limburg.de\/wp-content\/uploads\/2017\/09\/DSC09657_ergebnis-300x225.jpg 300w, https:\/\/olu-limburg.de\/wp-content\/uploads\/2017\/09\/DSC09657_ergebnis-768x576.jpg 768w, https:\/\/olu-limburg.de\/wp-content\/uploads\/2017\/09\/DSC09657_ergebnis-624x468.jpg 624w\" sizes=\"auto, (max-width: 800px) 100vw, 800px\" \/><\/a><\/p>\n<div id=\"attachment_13142\" style=\"width: 810px\" class=\"wp-caption aligncenter\"><a href=\"https:\/\/olu-limburg.de\/wp-content\/uploads\/2017\/09\/DSC09653_ergebnis.jpg\"><img loading=\"lazy\" decoding=\"async\" aria-describedby=\"caption-attachment-13142\" class=\"wp-image-13142 size-full\" src=\"https:\/\/olu-limburg.de\/wp-content\/uploads\/2017\/09\/DSC09653_ergebnis.jpg\" alt=\"\" width=\"800\" height=\"600\" srcset=\"https:\/\/olu-limburg.de\/wp-content\/uploads\/2017\/09\/DSC09653_ergebnis.jpg 800w, https:\/\/olu-limburg.de\/wp-content\/uploads\/2017\/09\/DSC09653_ergebnis-300x225.jpg 300w, https:\/\/olu-limburg.de\/wp-content\/uploads\/2017\/09\/DSC09653_ergebnis-768x576.jpg 768w, https:\/\/olu-limburg.de\/wp-content\/uploads\/2017\/09\/DSC09653_ergebnis-624x468.jpg 624w\" sizes=\"auto, (max-width: 800px) 100vw, 800px\" \/><\/a><p id=\"caption-attachment-13142\" class=\"wp-caption-text\">rechts: der Schlossherr Charles Andr\u00e9 de Brissac<\/p><\/div>\n<p><a href=\"https:\/\/olu-limburg.de\/wp-content\/uploads\/2017\/09\/DSC09658_ergebnis.jpg\"><img loading=\"lazy\" decoding=\"async\" class=\"size-full wp-image-13145 aligncenter\" src=\"https:\/\/olu-limburg.de\/wp-content\/uploads\/2017\/09\/DSC09658_ergebnis.jpg\" alt=\"\" width=\"800\" height=\"600\" srcset=\"https:\/\/olu-limburg.de\/wp-content\/uploads\/2017\/09\/DSC09658_ergebnis.jpg 800w, https:\/\/olu-limburg.de\/wp-content\/uploads\/2017\/09\/DSC09658_ergebnis-300x225.jpg 300w, https:\/\/olu-limburg.de\/wp-content\/uploads\/2017\/09\/DSC09658_ergebnis-768x576.jpg 768w, https:\/\/olu-limburg.de\/wp-content\/uploads\/2017\/09\/DSC09658_ergebnis-624x468.jpg 624w\" sizes=\"auto, (max-width: 800px) 100vw, 800px\" \/><\/a><\/p>\n<p><a href=\"https:\/\/olu-limburg.de\/wp-content\/uploads\/2017\/09\/DSC09654_ergebnis.jpg\"><img loading=\"lazy\" decoding=\"async\" class=\"size-full wp-image-13143 aligncenter\" src=\"https:\/\/olu-limburg.de\/wp-content\/uploads\/2017\/09\/DSC09654_ergebnis.jpg\" alt=\"\" width=\"800\" height=\"600\" srcset=\"https:\/\/olu-limburg.de\/wp-content\/uploads\/2017\/09\/DSC09654_ergebnis.jpg 800w, https:\/\/olu-limburg.de\/wp-content\/uploads\/2017\/09\/DSC09654_ergebnis-300x225.jpg 300w, https:\/\/olu-limburg.de\/wp-content\/uploads\/2017\/09\/DSC09654_ergebnis-768x576.jpg 768w, https:\/\/olu-limburg.de\/wp-content\/uploads\/2017\/09\/DSC09654_ergebnis-624x468.jpg 624w\" sizes=\"auto, (max-width: 800px) 100vw, 800px\" \/><\/a><\/p>\n<p>Im Ort gibt es eine sehr gute B\u00e4ckerei.<\/p>\n<p><a href=\"https:\/\/olu-limburg.de\/wp-content\/uploads\/2017\/09\/P1060096_ergebnis.jpg\"><img loading=\"lazy\" decoding=\"async\" class=\"size-full wp-image-13199 aligncenter\" src=\"https:\/\/olu-limburg.de\/wp-content\/uploads\/2017\/09\/P1060096_ergebnis.jpg\" alt=\"\" width=\"800\" height=\"600\" srcset=\"https:\/\/olu-limburg.de\/wp-content\/uploads\/2017\/09\/P1060096_ergebnis.jpg 800w, https:\/\/olu-limburg.de\/wp-content\/uploads\/2017\/09\/P1060096_ergebnis-300x225.jpg 300w, https:\/\/olu-limburg.de\/wp-content\/uploads\/2017\/09\/P1060096_ergebnis-768x576.jpg 768w, https:\/\/olu-limburg.de\/wp-content\/uploads\/2017\/09\/P1060096_ergebnis-624x468.jpg 624w\" sizes=\"auto, (max-width: 800px) 100vw, 800px\" \/><\/a><\/p>\n<p><a href=\"https:\/\/olu-limburg.de\/wp-content\/uploads\/2017\/09\/P1060093_ergebnis.jpg\"><img loading=\"lazy\" decoding=\"async\" class=\"size-full wp-image-13198 aligncenter\" src=\"https:\/\/olu-limburg.de\/wp-content\/uploads\/2017\/09\/P1060093_ergebnis.jpg\" alt=\"\" width=\"800\" height=\"600\" srcset=\"https:\/\/olu-limburg.de\/wp-content\/uploads\/2017\/09\/P1060093_ergebnis.jpg 800w, https:\/\/olu-limburg.de\/wp-content\/uploads\/2017\/09\/P1060093_ergebnis-300x225.jpg 300w, https:\/\/olu-limburg.de\/wp-content\/uploads\/2017\/09\/P1060093_ergebnis-768x576.jpg 768w, https:\/\/olu-limburg.de\/wp-content\/uploads\/2017\/09\/P1060093_ergebnis-624x468.jpg 624w\" sizes=\"auto, (max-width: 800px) 100vw, 800px\" \/><\/a><\/p>\n<p>Tagesstrecke: 115 km<\/p>\n<p>&nbsp;<\/p>\n<p><strong>Freitag, 08. September 2017<\/strong><\/p>\n<p><a href=\"https:\/\/olu-limburg.de\/wp-content\/uploads\/2017\/09\/DSC09670_ergebnis.jpg\"><img loading=\"lazy\" decoding=\"async\" class=\"size-full wp-image-13149 aligncenter\" src=\"https:\/\/olu-limburg.de\/wp-content\/uploads\/2017\/09\/DSC09670_ergebnis.jpg\" alt=\"\" width=\"800\" height=\"600\" srcset=\"https:\/\/olu-limburg.de\/wp-content\/uploads\/2017\/09\/DSC09670_ergebnis.jpg 800w, https:\/\/olu-limburg.de\/wp-content\/uploads\/2017\/09\/DSC09670_ergebnis-300x225.jpg 300w, https:\/\/olu-limburg.de\/wp-content\/uploads\/2017\/09\/DSC09670_ergebnis-768x576.jpg 768w, https:\/\/olu-limburg.de\/wp-content\/uploads\/2017\/09\/DSC09670_ergebnis-624x468.jpg 624w\" sizes=\"auto, (max-width: 800px) 100vw, 800px\" \/><\/a><\/p>\n<p>Es ist gar nicht so einfach, in diesem Gebiet an die Loire zu kommen und auf einer Stra\u00dfe\u00a0 entlang der Loire zu fahren. Unseren ersten Besichtigungsstopp machen wir in Cunault. Markantestes Bauwerk ist die Prioratskirche &#8222;Notre Dame de Cunault&#8220; (12. Jhdt.). Auf einen Tipp der Brieftr\u00e4gerin hin, gehen wir im Ort noch etwas h\u00f6her und finden auch die Ruinen der fr\u00fcheren Pfarrkirche Saint Maxentiolus\u00a0 und den Friedhof.<\/p>\n<p><a href=\"https:\/\/olu-limburg.de\/wp-content\/uploads\/2017\/09\/DSC09672_ergebnis.jpg\"><img loading=\"lazy\" decoding=\"async\" class=\"size-full wp-image-13150 aligncenter\" src=\"https:\/\/olu-limburg.de\/wp-content\/uploads\/2017\/09\/DSC09672_ergebnis.jpg\" alt=\"\" width=\"800\" height=\"600\" srcset=\"https:\/\/olu-limburg.de\/wp-content\/uploads\/2017\/09\/DSC09672_ergebnis.jpg 800w, https:\/\/olu-limburg.de\/wp-content\/uploads\/2017\/09\/DSC09672_ergebnis-300x225.jpg 300w, https:\/\/olu-limburg.de\/wp-content\/uploads\/2017\/09\/DSC09672_ergebnis-768x576.jpg 768w, https:\/\/olu-limburg.de\/wp-content\/uploads\/2017\/09\/DSC09672_ergebnis-624x468.jpg 624w\" sizes=\"auto, (max-width: 800px) 100vw, 800px\" \/><\/a><\/p>\n<div id=\"attachment_13151\" style=\"width: 460px\" class=\"wp-caption aligncenter\"><a href=\"https:\/\/olu-limburg.de\/wp-content\/uploads\/2017\/09\/DSC09674_ergebnis-e1509379249625.jpg\"><img loading=\"lazy\" decoding=\"async\" aria-describedby=\"caption-attachment-13151\" class=\"wp-image-13151 size-full\" src=\"https:\/\/olu-limburg.de\/wp-content\/uploads\/2017\/09\/DSC09674_ergebnis-e1509379249625.jpg\" alt=\"\" width=\"450\" height=\"600\" \/><\/a><p id=\"caption-attachment-13151\" class=\"wp-caption-text\">eine gewaltige H\u00f6he f\u00fcr eine Landkirche<\/p><\/div>\n<p><a href=\"https:\/\/olu-limburg.de\/wp-content\/uploads\/2017\/09\/DSC09675_ergebnis.jpg\"><img loading=\"lazy\" decoding=\"async\" class=\"size-full wp-image-13152 aligncenter\" src=\"https:\/\/olu-limburg.de\/wp-content\/uploads\/2017\/09\/DSC09675_ergebnis.jpg\" alt=\"\" width=\"800\" height=\"600\" srcset=\"https:\/\/olu-limburg.de\/wp-content\/uploads\/2017\/09\/DSC09675_ergebnis.jpg 800w, https:\/\/olu-limburg.de\/wp-content\/uploads\/2017\/09\/DSC09675_ergebnis-300x225.jpg 300w, https:\/\/olu-limburg.de\/wp-content\/uploads\/2017\/09\/DSC09675_ergebnis-768x576.jpg 768w, https:\/\/olu-limburg.de\/wp-content\/uploads\/2017\/09\/DSC09675_ergebnis-624x468.jpg 624w\" sizes=\"auto, (max-width: 800px) 100vw, 800px\" \/><\/a><\/p>\n<div id=\"attachment_13153\" style=\"width: 810px\" class=\"wp-caption aligncenter\"><a href=\"https:\/\/olu-limburg.de\/wp-content\/uploads\/2017\/09\/DSC09679_ergebnis.jpg\"><img loading=\"lazy\" decoding=\"async\" aria-describedby=\"caption-attachment-13153\" class=\"wp-image-13153 size-full\" src=\"https:\/\/olu-limburg.de\/wp-content\/uploads\/2017\/09\/DSC09679_ergebnis.jpg\" alt=\"\" width=\"800\" height=\"600\" srcset=\"https:\/\/olu-limburg.de\/wp-content\/uploads\/2017\/09\/DSC09679_ergebnis.jpg 800w, https:\/\/olu-limburg.de\/wp-content\/uploads\/2017\/09\/DSC09679_ergebnis-300x225.jpg 300w, https:\/\/olu-limburg.de\/wp-content\/uploads\/2017\/09\/DSC09679_ergebnis-768x576.jpg 768w, https:\/\/olu-limburg.de\/wp-content\/uploads\/2017\/09\/DSC09679_ergebnis-624x468.jpg 624w\" sizes=\"auto, (max-width: 800px) 100vw, 800px\" \/><\/a><p id=\"caption-attachment-13153\" class=\"wp-caption-text\">Schrein des Hl. Maxentiolus<\/p><\/div>\n<div id=\"attachment_13154\" style=\"width: 810px\" class=\"wp-caption aligncenter\"><a href=\"https:\/\/olu-limburg.de\/wp-content\/uploads\/2017\/09\/DSC09683_ergebnis.jpg\"><img loading=\"lazy\" decoding=\"async\" aria-describedby=\"caption-attachment-13154\" class=\"size-full wp-image-13154\" src=\"https:\/\/olu-limburg.de\/wp-content\/uploads\/2017\/09\/DSC09683_ergebnis.jpg\" alt=\"\" width=\"800\" height=\"600\" srcset=\"https:\/\/olu-limburg.de\/wp-content\/uploads\/2017\/09\/DSC09683_ergebnis.jpg 800w, https:\/\/olu-limburg.de\/wp-content\/uploads\/2017\/09\/DSC09683_ergebnis-300x225.jpg 300w, https:\/\/olu-limburg.de\/wp-content\/uploads\/2017\/09\/DSC09683_ergebnis-768x576.jpg 768w, https:\/\/olu-limburg.de\/wp-content\/uploads\/2017\/09\/DSC09683_ergebnis-624x468.jpg 624w\" sizes=\"auto, (max-width: 800px) 100vw, 800px\" \/><\/a><p id=\"caption-attachment-13154\" class=\"wp-caption-text\">ehem. Kloster Cunault<\/p><\/div>\n<div id=\"attachment_13158\" style=\"width: 810px\" class=\"wp-caption aligncenter\"><a href=\"https:\/\/olu-limburg.de\/wp-content\/uploads\/2017\/09\/DSC09690_ergebnis.jpg\"><img loading=\"lazy\" decoding=\"async\" aria-describedby=\"caption-attachment-13158\" class=\"wp-image-13158 size-full\" src=\"https:\/\/olu-limburg.de\/wp-content\/uploads\/2017\/09\/DSC09690_ergebnis.jpg\" alt=\"\" width=\"800\" height=\"600\" srcset=\"https:\/\/olu-limburg.de\/wp-content\/uploads\/2017\/09\/DSC09690_ergebnis.jpg 800w, https:\/\/olu-limburg.de\/wp-content\/uploads\/2017\/09\/DSC09690_ergebnis-300x225.jpg 300w, https:\/\/olu-limburg.de\/wp-content\/uploads\/2017\/09\/DSC09690_ergebnis-768x576.jpg 768w, https:\/\/olu-limburg.de\/wp-content\/uploads\/2017\/09\/DSC09690_ergebnis-624x468.jpg 624w\" sizes=\"auto, (max-width: 800px) 100vw, 800px\" \/><\/a><p id=\"caption-attachment-13158\" class=\"wp-caption-text\">Kirche Saint Maxentiolus (12. Jhdt.), von einem Sturm 1754 zerst\u00f6rt.<\/p><\/div>\n<p><a href=\"https:\/\/olu-limburg.de\/wp-content\/uploads\/2017\/09\/DSC09686_ergebnis-e1509379550743.jpg\"><img loading=\"lazy\" decoding=\"async\" class=\"size-full wp-image-13155 alignleft\" src=\"https:\/\/olu-limburg.de\/wp-content\/uploads\/2017\/09\/DSC09686_ergebnis-e1509379550743.jpg\" alt=\"\" width=\"450\" height=\"600\" \/><\/a><\/p>\n<p><a href=\"https:\/\/olu-limburg.de\/wp-content\/uploads\/2017\/09\/DSC09688_ergebnis-e1509379575152.jpg\"><img loading=\"lazy\" decoding=\"async\" class=\"size-full wp-image-13156 alignright\" src=\"https:\/\/olu-limburg.de\/wp-content\/uploads\/2017\/09\/DSC09688_ergebnis-e1509379575152.jpg\" alt=\"\" width=\"450\" height=\"600\" \/><\/a><\/p>\n<p><a href=\"https:\/\/olu-limburg.de\/wp-content\/uploads\/2017\/09\/DSC09689_ergebnis-e1509379615949.jpg\"><img loading=\"lazy\" decoding=\"async\" class=\"size-full wp-image-13157 aligncenter\" src=\"https:\/\/olu-limburg.de\/wp-content\/uploads\/2017\/09\/DSC09689_ergebnis-e1509379615949.jpg\" alt=\"\" width=\"450\" height=\"600\" \/><\/a><\/p>\n<div id=\"attachment_13200\" style=\"width: 810px\" class=\"wp-caption aligncenter\"><a href=\"https:\/\/olu-limburg.de\/wp-content\/uploads\/2017\/09\/P1060141_ergebnis.jpg\"><img loading=\"lazy\" decoding=\"async\" aria-describedby=\"caption-attachment-13200\" class=\"size-full wp-image-13200\" src=\"https:\/\/olu-limburg.de\/wp-content\/uploads\/2017\/09\/P1060141_ergebnis.jpg\" alt=\"\" width=\"800\" height=\"600\" srcset=\"https:\/\/olu-limburg.de\/wp-content\/uploads\/2017\/09\/P1060141_ergebnis.jpg 800w, https:\/\/olu-limburg.de\/wp-content\/uploads\/2017\/09\/P1060141_ergebnis-300x225.jpg 300w, https:\/\/olu-limburg.de\/wp-content\/uploads\/2017\/09\/P1060141_ergebnis-768x576.jpg 768w, https:\/\/olu-limburg.de\/wp-content\/uploads\/2017\/09\/P1060141_ergebnis-624x468.jpg 624w\" sizes=\"auto, (max-width: 800px) 100vw, 800px\" \/><\/a><p id=\"caption-attachment-13200\" class=\"wp-caption-text\">die Loire<\/p><\/div>\n<p>Nur wenige Kilometer weiter kommen wir zum Tour Tr\u00e8ves und Kirche St. Aubin. Der m\u00e4chtige Bergfried ist ein \u00dcberbleibsel eines Schlosses aus dem 15. Jhdt..<\/p>\n<div id=\"attachment_13160\" style=\"width: 810px\" class=\"wp-caption aligncenter\"><a href=\"https:\/\/olu-limburg.de\/wp-content\/uploads\/2017\/09\/DSC09693_ergebnis.jpg\"><img loading=\"lazy\" decoding=\"async\" aria-describedby=\"caption-attachment-13160\" class=\"wp-image-13160 size-full\" src=\"https:\/\/olu-limburg.de\/wp-content\/uploads\/2017\/09\/DSC09693_ergebnis.jpg\" alt=\"\" width=\"800\" height=\"600\" srcset=\"https:\/\/olu-limburg.de\/wp-content\/uploads\/2017\/09\/DSC09693_ergebnis.jpg 800w, https:\/\/olu-limburg.de\/wp-content\/uploads\/2017\/09\/DSC09693_ergebnis-300x225.jpg 300w, https:\/\/olu-limburg.de\/wp-content\/uploads\/2017\/09\/DSC09693_ergebnis-768x576.jpg 768w, https:\/\/olu-limburg.de\/wp-content\/uploads\/2017\/09\/DSC09693_ergebnis-624x468.jpg 624w\" sizes=\"auto, (max-width: 800px) 100vw, 800px\" \/><\/a><p id=\"caption-attachment-13160\" class=\"wp-caption-text\">Vordergrund: Kirche St. Aubin (11. Jhdt.); rechts: der Tour Tr\u00e9ves<\/p><\/div>\n<p><a href=\"https:\/\/olu-limburg.de\/wp-content\/uploads\/2017\/09\/DSC09694_ergebnis.jpg\"><img loading=\"lazy\" decoding=\"async\" class=\"size-full wp-image-13161 aligncenter\" src=\"https:\/\/olu-limburg.de\/wp-content\/uploads\/2017\/09\/DSC09694_ergebnis.jpg\" alt=\"\" width=\"800\" height=\"600\" srcset=\"https:\/\/olu-limburg.de\/wp-content\/uploads\/2017\/09\/DSC09694_ergebnis.jpg 800w, https:\/\/olu-limburg.de\/wp-content\/uploads\/2017\/09\/DSC09694_ergebnis-300x225.jpg 300w, https:\/\/olu-limburg.de\/wp-content\/uploads\/2017\/09\/DSC09694_ergebnis-768x576.jpg 768w, https:\/\/olu-limburg.de\/wp-content\/uploads\/2017\/09\/DSC09694_ergebnis-624x468.jpg 624w\" sizes=\"auto, (max-width: 800px) 100vw, 800px\" \/><\/a><\/p>\n<p><a href=\"https:\/\/olu-limburg.de\/wp-content\/uploads\/2017\/09\/DSC09698_ergebnis.jpg\"><img loading=\"lazy\" decoding=\"async\" class=\"size-full wp-image-13162 aligncenter\" src=\"https:\/\/olu-limburg.de\/wp-content\/uploads\/2017\/09\/DSC09698_ergebnis.jpg\" alt=\"\" width=\"800\" height=\"600\" srcset=\"https:\/\/olu-limburg.de\/wp-content\/uploads\/2017\/09\/DSC09698_ergebnis.jpg 800w, https:\/\/olu-limburg.de\/wp-content\/uploads\/2017\/09\/DSC09698_ergebnis-300x225.jpg 300w, https:\/\/olu-limburg.de\/wp-content\/uploads\/2017\/09\/DSC09698_ergebnis-768x576.jpg 768w, https:\/\/olu-limburg.de\/wp-content\/uploads\/2017\/09\/DSC09698_ergebnis-624x468.jpg 624w\" sizes=\"auto, (max-width: 800px) 100vw, 800px\" \/><\/a><\/p>\n<p>Nach dem Mittagessen, vor der herrlichen Kulisse der Loire, passieren wir Saumur und halten bei den H\u00f6hlenwohnungen von Turquant. Die Besonderheit hier sind aber nicht die Wohnungen, sondern die &#8222;Pommes Tap\u00e9es&#8220; (Apfelr\u00f6llchen; wie sagt Lena:&#8220;Bekloppte \u00c4pfel?&#8220;)<\/p>\n<p><a href=\"https:\/\/olu-limburg.de\/wp-content\/uploads\/2017\/09\/DSC09699_ergebnis.jpg\"><img loading=\"lazy\" decoding=\"async\" class=\"size-full wp-image-13163 aligncenter\" src=\"https:\/\/olu-limburg.de\/wp-content\/uploads\/2017\/09\/DSC09699_ergebnis.jpg\" alt=\"\" width=\"800\" height=\"600\" srcset=\"https:\/\/olu-limburg.de\/wp-content\/uploads\/2017\/09\/DSC09699_ergebnis.jpg 800w, https:\/\/olu-limburg.de\/wp-content\/uploads\/2017\/09\/DSC09699_ergebnis-300x225.jpg 300w, https:\/\/olu-limburg.de\/wp-content\/uploads\/2017\/09\/DSC09699_ergebnis-768x576.jpg 768w, https:\/\/olu-limburg.de\/wp-content\/uploads\/2017\/09\/DSC09699_ergebnis-624x468.jpg 624w\" sizes=\"auto, (max-width: 800px) 100vw, 800px\" \/><\/a><\/p>\n<p><a href=\"https:\/\/olu-limburg.de\/wp-content\/uploads\/2017\/09\/DSC09701_ergebnis.jpg\"><img loading=\"lazy\" decoding=\"async\" class=\"size-full wp-image-13164 aligncenter\" src=\"https:\/\/olu-limburg.de\/wp-content\/uploads\/2017\/09\/DSC09701_ergebnis.jpg\" alt=\"\" width=\"800\" height=\"600\" srcset=\"https:\/\/olu-limburg.de\/wp-content\/uploads\/2017\/09\/DSC09701_ergebnis.jpg 800w, https:\/\/olu-limburg.de\/wp-content\/uploads\/2017\/09\/DSC09701_ergebnis-300x225.jpg 300w, https:\/\/olu-limburg.de\/wp-content\/uploads\/2017\/09\/DSC09701_ergebnis-768x576.jpg 768w, https:\/\/olu-limburg.de\/wp-content\/uploads\/2017\/09\/DSC09701_ergebnis-624x468.jpg 624w\" sizes=\"auto, (max-width: 800px) 100vw, 800px\" \/><\/a><\/p>\n<p>Wir besuchen das Museum, um diese Bezeichnung zu verstehen. Im 19. Jhdt. entstand diese Bearbeitung der \u00c4pfel, um sie haltbarer zu machen. Die \u00c4pfel werden dabei getrocknet und immer wieder mit einem Hammer von oben her verdichtet, bis sie wie Schwimmreifen aussehen. Vor dem Verzehr wird der Apfel wieder in einer Fl\u00fcssigkeit aufgekocht und quillt dabei auf. Gerade f\u00fcr die Seefahrt war dies eine Bereicherung des Speiseplans. Mit dem 1. Weltkrieg verschwand diese Art der Apfelbearbeitung.<\/p>\n<p><a href=\"https:\/\/olu-limburg.de\/wp-content\/uploads\/2017\/09\/DSC09703_ergebnis.jpg\"><img loading=\"lazy\" decoding=\"async\" class=\"size-full wp-image-13165 aligncenter\" src=\"https:\/\/olu-limburg.de\/wp-content\/uploads\/2017\/09\/DSC09703_ergebnis.jpg\" alt=\"\" width=\"800\" height=\"600\" srcset=\"https:\/\/olu-limburg.de\/wp-content\/uploads\/2017\/09\/DSC09703_ergebnis.jpg 800w, https:\/\/olu-limburg.de\/wp-content\/uploads\/2017\/09\/DSC09703_ergebnis-300x225.jpg 300w, https:\/\/olu-limburg.de\/wp-content\/uploads\/2017\/09\/DSC09703_ergebnis-768x576.jpg 768w, https:\/\/olu-limburg.de\/wp-content\/uploads\/2017\/09\/DSC09703_ergebnis-624x468.jpg 624w\" sizes=\"auto, (max-width: 800px) 100vw, 800px\" \/><\/a><\/p>\n<p><a href=\"https:\/\/olu-limburg.de\/wp-content\/uploads\/2017\/09\/DSC09705_ergebnis.jpg\"><img loading=\"lazy\" decoding=\"async\" class=\"size-full wp-image-13166 aligncenter\" src=\"https:\/\/olu-limburg.de\/wp-content\/uploads\/2017\/09\/DSC09705_ergebnis.jpg\" alt=\"\" width=\"800\" height=\"600\" srcset=\"https:\/\/olu-limburg.de\/wp-content\/uploads\/2017\/09\/DSC09705_ergebnis.jpg 800w, https:\/\/olu-limburg.de\/wp-content\/uploads\/2017\/09\/DSC09705_ergebnis-300x225.jpg 300w, https:\/\/olu-limburg.de\/wp-content\/uploads\/2017\/09\/DSC09705_ergebnis-768x576.jpg 768w, https:\/\/olu-limburg.de\/wp-content\/uploads\/2017\/09\/DSC09705_ergebnis-624x468.jpg 624w\" sizes=\"auto, (max-width: 800px) 100vw, 800px\" \/><\/a><\/p>\n<p><a href=\"https:\/\/olu-limburg.de\/wp-content\/uploads\/2017\/09\/DSC09707_ergebnis.jpg\"><img loading=\"lazy\" decoding=\"async\" class=\"alignnone size-full wp-image-13167\" src=\"https:\/\/olu-limburg.de\/wp-content\/uploads\/2017\/09\/DSC09707_ergebnis.jpg\" alt=\"\" width=\"800\" height=\"600\" srcset=\"https:\/\/olu-limburg.de\/wp-content\/uploads\/2017\/09\/DSC09707_ergebnis.jpg 800w, https:\/\/olu-limburg.de\/wp-content\/uploads\/2017\/09\/DSC09707_ergebnis-300x225.jpg 300w, https:\/\/olu-limburg.de\/wp-content\/uploads\/2017\/09\/DSC09707_ergebnis-768x576.jpg 768w, https:\/\/olu-limburg.de\/wp-content\/uploads\/2017\/09\/DSC09707_ergebnis-624x468.jpg 624w\" sizes=\"auto, (max-width: 800px) 100vw, 800px\" \/><\/a><\/p>\n<p><a href=\"https:\/\/olu-limburg.de\/wp-content\/uploads\/2017\/09\/P1060175_ergebnis-e1509383309940.jpg\"><img loading=\"lazy\" decoding=\"async\" class=\"size-full wp-image-13201 aligncenter\" src=\"https:\/\/olu-limburg.de\/wp-content\/uploads\/2017\/09\/P1060175_ergebnis-e1509383309940.jpg\" alt=\"\" width=\"450\" height=\"600\" \/><\/a><\/p>\n<p><a href=\"https:\/\/olu-limburg.de\/wp-content\/uploads\/2017\/09\/DSC09714_ergebnis.jpg\"><img loading=\"lazy\" decoding=\"async\" class=\"size-full wp-image-13171 aligncenter\" src=\"https:\/\/olu-limburg.de\/wp-content\/uploads\/2017\/09\/DSC09714_ergebnis.jpg\" alt=\"\" width=\"800\" height=\"600\" srcset=\"https:\/\/olu-limburg.de\/wp-content\/uploads\/2017\/09\/DSC09714_ergebnis.jpg 800w, https:\/\/olu-limburg.de\/wp-content\/uploads\/2017\/09\/DSC09714_ergebnis-300x225.jpg 300w, https:\/\/olu-limburg.de\/wp-content\/uploads\/2017\/09\/DSC09714_ergebnis-768x576.jpg 768w, https:\/\/olu-limburg.de\/wp-content\/uploads\/2017\/09\/DSC09714_ergebnis-624x468.jpg 624w\" sizes=\"auto, (max-width: 800px) 100vw, 800px\" \/><\/a><\/p>\n<div id=\"attachment_13168\" style=\"width: 460px\" class=\"wp-caption aligncenter\"><a href=\"https:\/\/olu-limburg.de\/wp-content\/uploads\/2017\/09\/DSC09708_ergebnis-e1509380080875.jpg\"><img loading=\"lazy\" decoding=\"async\" aria-describedby=\"caption-attachment-13168\" class=\"size-full wp-image-13168\" src=\"https:\/\/olu-limburg.de\/wp-content\/uploads\/2017\/09\/DSC09708_ergebnis-e1509380080875.jpg\" alt=\"\" width=\"450\" height=\"600\" \/><\/a><p id=\"caption-attachment-13168\" class=\"wp-caption-text\">Gru\u00df des Hl. Fiacre, Schutzpatron der G\u00e4rtner und guten Esser<\/p><\/div>\n<p><a href=\"https:\/\/olu-limburg.de\/wp-content\/uploads\/2017\/09\/DSC09711_ergebnis.jpg\"><img loading=\"lazy\" decoding=\"async\" class=\"size-full wp-image-13169 aligncenter\" src=\"https:\/\/olu-limburg.de\/wp-content\/uploads\/2017\/09\/DSC09711_ergebnis.jpg\" alt=\"\" width=\"800\" height=\"600\" srcset=\"https:\/\/olu-limburg.de\/wp-content\/uploads\/2017\/09\/DSC09711_ergebnis.jpg 800w, https:\/\/olu-limburg.de\/wp-content\/uploads\/2017\/09\/DSC09711_ergebnis-300x225.jpg 300w, https:\/\/olu-limburg.de\/wp-content\/uploads\/2017\/09\/DSC09711_ergebnis-768x576.jpg 768w, https:\/\/olu-limburg.de\/wp-content\/uploads\/2017\/09\/DSC09711_ergebnis-624x468.jpg 624w\" sizes=\"auto, (max-width: 800px) 100vw, 800px\" \/><\/a><\/p>\n<div id=\"attachment_13170\" style=\"width: 810px\" class=\"wp-caption aligncenter\"><a href=\"https:\/\/olu-limburg.de\/wp-content\/uploads\/2017\/09\/DSC09713_ergebnis.jpg\"><img loading=\"lazy\" decoding=\"async\" aria-describedby=\"caption-attachment-13170\" class=\"size-full wp-image-13170\" src=\"https:\/\/olu-limburg.de\/wp-content\/uploads\/2017\/09\/DSC09713_ergebnis.jpg\" alt=\"\" width=\"800\" height=\"600\" srcset=\"https:\/\/olu-limburg.de\/wp-content\/uploads\/2017\/09\/DSC09713_ergebnis.jpg 800w, https:\/\/olu-limburg.de\/wp-content\/uploads\/2017\/09\/DSC09713_ergebnis-300x225.jpg 300w, https:\/\/olu-limburg.de\/wp-content\/uploads\/2017\/09\/DSC09713_ergebnis-768x576.jpg 768w, https:\/\/olu-limburg.de\/wp-content\/uploads\/2017\/09\/DSC09713_ergebnis-624x468.jpg 624w\" sizes=\"auto, (max-width: 800px) 100vw, 800px\" \/><\/a><p id=\"caption-attachment-13170\" class=\"wp-caption-text\">So sieht das fertige, wieder aufgefrischte Produkt aus.<\/p><\/div>\n<p>Auf einem Plakat im Museum lesen wir etwas von einem Weinmarkt der \u00f6rtlichen Winzer hier im Ort. Vielleicht 1 km sp\u00e4ter biegen wir wieder von der Uferstra\u00dfe ab und landen auf dem kostenlosen Stellplatz von Turquant mit V+E. Der Weinmarkt wird direkt nebenan aufgebaut.<\/p>\n<p><a href=\"https:\/\/olu-limburg.de\/wp-content\/uploads\/2017\/09\/DSC09739_ergebnis.jpg\"><img loading=\"lazy\" decoding=\"async\" class=\"alignnone size-full wp-image-13185\" src=\"https:\/\/olu-limburg.de\/wp-content\/uploads\/2017\/09\/DSC09739_ergebnis.jpg\" alt=\"\" width=\"800\" height=\"600\" srcset=\"https:\/\/olu-limburg.de\/wp-content\/uploads\/2017\/09\/DSC09739_ergebnis.jpg 800w, https:\/\/olu-limburg.de\/wp-content\/uploads\/2017\/09\/DSC09739_ergebnis-300x225.jpg 300w, https:\/\/olu-limburg.de\/wp-content\/uploads\/2017\/09\/DSC09739_ergebnis-768x576.jpg 768w, https:\/\/olu-limburg.de\/wp-content\/uploads\/2017\/09\/DSC09739_ergebnis-624x468.jpg 624w\" sizes=\"auto, (max-width: 800px) 100vw, 800px\" \/><\/a><\/p>\n<p>Uns zieht es aber noch ein wenig umher. Wir schauen uns zuerst im Ort um, gehen dann an den H\u00f6hlenwohnungen entlang und hoch auf einen Aussichtspunkt. Auf dem R\u00fcckweg sehen wir, dass der fahrbare Backofen bereits kr\u00e4ftig eingeheizt wird. Der dichte Qualm zieht direkt zum Stellplatz. Deshalb parken wir um und fahren ca. 200 m weiter auf einen gro\u00dfen Wiesen-Parkplatz, wo schon andere Wohnmobile stehen.<\/p>\n<div id=\"attachment_13172\" style=\"width: 460px\" class=\"wp-caption alignleft\"><a href=\"https:\/\/olu-limburg.de\/wp-content\/uploads\/2017\/09\/DSC09717_ergebnis-e1509380328474.jpg\"><img loading=\"lazy\" decoding=\"async\" aria-describedby=\"caption-attachment-13172\" class=\"size-full wp-image-13172\" src=\"https:\/\/olu-limburg.de\/wp-content\/uploads\/2017\/09\/DSC09717_ergebnis-e1509380328474.jpg\" alt=\"\" width=\"450\" height=\"600\" \/><\/a><p id=\"caption-attachment-13172\" class=\"wp-caption-text\">\u00c9glise Saint Aubin de Turquant<\/p><\/div>\n<p><a href=\"https:\/\/olu-limburg.de\/wp-content\/uploads\/2017\/09\/DSC09719_ergebnis-e1509380374386.jpg\"><img loading=\"lazy\" decoding=\"async\" class=\"size-full wp-image-13173 alignright\" src=\"https:\/\/olu-limburg.de\/wp-content\/uploads\/2017\/09\/DSC09719_ergebnis-e1509380374386.jpg\" alt=\"\" width=\"450\" height=\"600\" \/><\/a><\/p>\n<p><a href=\"https:\/\/olu-limburg.de\/wp-content\/uploads\/2017\/09\/DSC09720_ergebnis-e1509380395774.jpg\"><img loading=\"lazy\" decoding=\"async\" class=\"size-full wp-image-13174 aligncenter\" src=\"https:\/\/olu-limburg.de\/wp-content\/uploads\/2017\/09\/DSC09720_ergebnis-e1509380395774.jpg\" alt=\"\" width=\"450\" height=\"600\" \/><\/a><\/p>\n<p><a href=\"https:\/\/olu-limburg.de\/wp-content\/uploads\/2017\/09\/DSC09722_ergebnis-e1509380413620.jpg\"><img loading=\"lazy\" decoding=\"async\" class=\"size-full wp-image-13175 aligncenter\" src=\"https:\/\/olu-limburg.de\/wp-content\/uploads\/2017\/09\/DSC09722_ergebnis-e1509380413620.jpg\" alt=\"\" width=\"450\" height=\"600\" \/><\/a><\/p>\n<p><a href=\"https:\/\/olu-limburg.de\/wp-content\/uploads\/2017\/09\/DSC09724_ergebnis-e1509380462375.jpg\"><img loading=\"lazy\" decoding=\"async\" class=\"size-full wp-image-13176 alignleft\" src=\"https:\/\/olu-limburg.de\/wp-content\/uploads\/2017\/09\/DSC09724_ergebnis-e1509380462375.jpg\" alt=\"\" width=\"450\" height=\"600\" \/><\/a><\/p>\n<p><a href=\"https:\/\/olu-limburg.de\/wp-content\/uploads\/2017\/09\/DSC09728_ergebnis-e1509380495991.jpg\"><img loading=\"lazy\" decoding=\"async\" class=\"size-full wp-image-13178 alignright\" src=\"https:\/\/olu-limburg.de\/wp-content\/uploads\/2017\/09\/DSC09728_ergebnis-e1509380495991.jpg\" alt=\"\" width=\"450\" height=\"600\" \/><\/a><\/p>\n<p><a href=\"https:\/\/olu-limburg.de\/wp-content\/uploads\/2017\/09\/DSC09727_ergebnis.jpg\"><img loading=\"lazy\" decoding=\"async\" class=\"size-full wp-image-13177 aligncenter\" src=\"https:\/\/olu-limburg.de\/wp-content\/uploads\/2017\/09\/DSC09727_ergebnis.jpg\" alt=\"\" width=\"800\" height=\"600\" srcset=\"https:\/\/olu-limburg.de\/wp-content\/uploads\/2017\/09\/DSC09727_ergebnis.jpg 800w, https:\/\/olu-limburg.de\/wp-content\/uploads\/2017\/09\/DSC09727_ergebnis-300x225.jpg 300w, https:\/\/olu-limburg.de\/wp-content\/uploads\/2017\/09\/DSC09727_ergebnis-768x576.jpg 768w, https:\/\/olu-limburg.de\/wp-content\/uploads\/2017\/09\/DSC09727_ergebnis-624x468.jpg 624w\" sizes=\"auto, (max-width: 800px) 100vw, 800px\" \/><\/a><\/p>\n<p><a href=\"https:\/\/olu-limburg.de\/wp-content\/uploads\/2017\/09\/DSC09729_ergebnis-e1509380521405.jpg\"><img loading=\"lazy\" decoding=\"async\" class=\"size-full wp-image-13179 aligncenter\" src=\"https:\/\/olu-limburg.de\/wp-content\/uploads\/2017\/09\/DSC09729_ergebnis-e1509380521405.jpg\" alt=\"\" width=\"450\" height=\"600\" \/><\/a><\/p>\n<div id=\"attachment_13181\" style=\"width: 810px\" class=\"wp-caption aligncenter\"><a href=\"https:\/\/olu-limburg.de\/wp-content\/uploads\/2017\/09\/DSC09733_ergebnis.jpg\"><img loading=\"lazy\" decoding=\"async\" aria-describedby=\"caption-attachment-13181\" class=\"wp-image-13181 size-full\" src=\"https:\/\/olu-limburg.de\/wp-content\/uploads\/2017\/09\/DSC09733_ergebnis.jpg\" alt=\"\" width=\"800\" height=\"600\" srcset=\"https:\/\/olu-limburg.de\/wp-content\/uploads\/2017\/09\/DSC09733_ergebnis.jpg 800w, https:\/\/olu-limburg.de\/wp-content\/uploads\/2017\/09\/DSC09733_ergebnis-300x225.jpg 300w, https:\/\/olu-limburg.de\/wp-content\/uploads\/2017\/09\/DSC09733_ergebnis-768x576.jpg 768w, https:\/\/olu-limburg.de\/wp-content\/uploads\/2017\/09\/DSC09733_ergebnis-624x468.jpg 624w\" sizes=\"auto, (max-width: 800px) 100vw, 800px\" \/><\/a><p id=\"caption-attachment-13181\" class=\"wp-caption-text\">Ein Feigenbaum mit reifen Fr\u00fcc hten kreuzte unseren Weg.<\/p><\/div>\n<div id=\"attachment_13182\" style=\"width: 810px\" class=\"wp-caption alignnone\"><a href=\"https:\/\/olu-limburg.de\/wp-content\/uploads\/2017\/09\/DSC09734_ergebnis.jpg\"><img loading=\"lazy\" decoding=\"async\" aria-describedby=\"caption-attachment-13182\" class=\"size-full wp-image-13182\" src=\"https:\/\/olu-limburg.de\/wp-content\/uploads\/2017\/09\/DSC09734_ergebnis.jpg\" alt=\"\" width=\"800\" height=\"600\" srcset=\"https:\/\/olu-limburg.de\/wp-content\/uploads\/2017\/09\/DSC09734_ergebnis.jpg 800w, https:\/\/olu-limburg.de\/wp-content\/uploads\/2017\/09\/DSC09734_ergebnis-300x225.jpg 300w, https:\/\/olu-limburg.de\/wp-content\/uploads\/2017\/09\/DSC09734_ergebnis-768x576.jpg 768w, https:\/\/olu-limburg.de\/wp-content\/uploads\/2017\/09\/DSC09734_ergebnis-624x468.jpg 624w\" sizes=\"auto, (max-width: 800px) 100vw, 800px\" \/><\/a><p id=\"caption-attachment-13182\" class=\"wp-caption-text\">ein &#8222;Mach mit&#8220;-Garten<\/p><\/div>\n<p><a href=\"https:\/\/olu-limburg.de\/wp-content\/uploads\/2017\/09\/DSC09736_ergebnis.jpg\"><img loading=\"lazy\" decoding=\"async\" class=\"alignnone size-full wp-image-13183\" src=\"https:\/\/olu-limburg.de\/wp-content\/uploads\/2017\/09\/DSC09736_ergebnis.jpg\" alt=\"\" width=\"800\" height=\"600\" srcset=\"https:\/\/olu-limburg.de\/wp-content\/uploads\/2017\/09\/DSC09736_ergebnis.jpg 800w, https:\/\/olu-limburg.de\/wp-content\/uploads\/2017\/09\/DSC09736_ergebnis-300x225.jpg 300w, https:\/\/olu-limburg.de\/wp-content\/uploads\/2017\/09\/DSC09736_ergebnis-768x576.jpg 768w, https:\/\/olu-limburg.de\/wp-content\/uploads\/2017\/09\/DSC09736_ergebnis-624x468.jpg 624w\" sizes=\"auto, (max-width: 800px) 100vw, 800px\" \/><\/a><\/p>\n<p><a href=\"https:\/\/olu-limburg.de\/wp-content\/uploads\/2017\/09\/DSC09738_ergebnis.jpg\"><img loading=\"lazy\" decoding=\"async\" class=\"size-full wp-image-13184 aligncenter\" src=\"https:\/\/olu-limburg.de\/wp-content\/uploads\/2017\/09\/DSC09738_ergebnis.jpg\" alt=\"\" width=\"800\" height=\"600\" srcset=\"https:\/\/olu-limburg.de\/wp-content\/uploads\/2017\/09\/DSC09738_ergebnis.jpg 800w, https:\/\/olu-limburg.de\/wp-content\/uploads\/2017\/09\/DSC09738_ergebnis-300x225.jpg 300w, https:\/\/olu-limburg.de\/wp-content\/uploads\/2017\/09\/DSC09738_ergebnis-768x576.jpg 768w, https:\/\/olu-limburg.de\/wp-content\/uploads\/2017\/09\/DSC09738_ergebnis-624x468.jpg 624w\" sizes=\"auto, (max-width: 800px) 100vw, 800px\" \/><\/a><\/p>\n<p>Der Weinmarkt ist kein Weinfest, wie wir sie kennen, sondern eine Pr\u00e4sentation der \u00f6rtlichen Winzer. Man kann ihre Produkte im Stehen probieren und bei Gefallen kaufen. Au\u00dfer den Winzern sind noch Verkaufsst\u00e4nde f\u00fcr Wurst, Schmuck und Kunstgegenst\u00e4nde vorhanden. Das ganze wird von einem Jazz-Duett musikalisch umrahmt. Leider kommt ein kalter Wind auf, der den Aufenthalt zwischen den St\u00e4nden sehr ungem\u00fctlich werden l\u00e4sst.<\/p>\n<p><a href=\"https:\/\/olu-limburg.de\/wp-content\/uploads\/2017\/09\/DSC09743_ergebnis.jpg\"><img loading=\"lazy\" decoding=\"async\" class=\"alignnone size-full wp-image-13189\" src=\"https:\/\/olu-limburg.de\/wp-content\/uploads\/2017\/09\/DSC09743_ergebnis.jpg\" alt=\"\" width=\"800\" height=\"600\" srcset=\"https:\/\/olu-limburg.de\/wp-content\/uploads\/2017\/09\/DSC09743_ergebnis.jpg 800w, https:\/\/olu-limburg.de\/wp-content\/uploads\/2017\/09\/DSC09743_ergebnis-300x225.jpg 300w, https:\/\/olu-limburg.de\/wp-content\/uploads\/2017\/09\/DSC09743_ergebnis-768x576.jpg 768w, https:\/\/olu-limburg.de\/wp-content\/uploads\/2017\/09\/DSC09743_ergebnis-624x468.jpg 624w\" sizes=\"auto, (max-width: 800px) 100vw, 800px\" \/><\/a><\/p>\n<p><a href=\"https:\/\/olu-limburg.de\/wp-content\/uploads\/2017\/09\/DSC09740_ergebnis.jpg\"><img loading=\"lazy\" decoding=\"async\" class=\"alignnone size-full wp-image-13186\" src=\"https:\/\/olu-limburg.de\/wp-content\/uploads\/2017\/09\/DSC09740_ergebnis.jpg\" alt=\"\" width=\"800\" height=\"600\" srcset=\"https:\/\/olu-limburg.de\/wp-content\/uploads\/2017\/09\/DSC09740_ergebnis.jpg 800w, https:\/\/olu-limburg.de\/wp-content\/uploads\/2017\/09\/DSC09740_ergebnis-300x225.jpg 300w, https:\/\/olu-limburg.de\/wp-content\/uploads\/2017\/09\/DSC09740_ergebnis-768x576.jpg 768w, https:\/\/olu-limburg.de\/wp-content\/uploads\/2017\/09\/DSC09740_ergebnis-624x468.jpg 624w\" sizes=\"auto, (max-width: 800px) 100vw, 800px\" \/><\/a><\/p>\n<p><a href=\"https:\/\/olu-limburg.de\/wp-content\/uploads\/2017\/09\/P1060196_ergebnis.jpg\"><img loading=\"lazy\" decoding=\"async\" class=\"size-full wp-image-13204 aligncenter\" src=\"https:\/\/olu-limburg.de\/wp-content\/uploads\/2017\/09\/P1060196_ergebnis.jpg\" alt=\"\" width=\"800\" height=\"600\" srcset=\"https:\/\/olu-limburg.de\/wp-content\/uploads\/2017\/09\/P1060196_ergebnis.jpg 800w, https:\/\/olu-limburg.de\/wp-content\/uploads\/2017\/09\/P1060196_ergebnis-300x225.jpg 300w, https:\/\/olu-limburg.de\/wp-content\/uploads\/2017\/09\/P1060196_ergebnis-768x576.jpg 768w, https:\/\/olu-limburg.de\/wp-content\/uploads\/2017\/09\/P1060196_ergebnis-624x468.jpg 624w\" sizes=\"auto, (max-width: 800px) 100vw, 800px\" \/><\/a><\/p>\n<p><a href=\"https:\/\/olu-limburg.de\/wp-content\/uploads\/2017\/09\/DSC09744_ergebnis-e1509380735150.jpg\"><img loading=\"lazy\" decoding=\"async\" class=\"alignnone size-full wp-image-13190\" src=\"https:\/\/olu-limburg.de\/wp-content\/uploads\/2017\/09\/DSC09744_ergebnis-e1509380735150.jpg\" alt=\"\" width=\"450\" height=\"600\" \/><\/a><\/p>\n<div id=\"attachment_13191\" style=\"width: 460px\" class=\"wp-caption alignnone\"><a href=\"https:\/\/olu-limburg.de\/wp-content\/uploads\/2017\/09\/DSC09745_ergebnis-e1509380764561.jpg\"><img loading=\"lazy\" decoding=\"async\" aria-describedby=\"caption-attachment-13191\" class=\"size-full wp-image-13191\" src=\"https:\/\/olu-limburg.de\/wp-content\/uploads\/2017\/09\/DSC09745_ergebnis-e1509380764561.jpg\" alt=\"\" width=\"450\" height=\"600\" \/><\/a><p id=\"caption-attachment-13191\" class=\"wp-caption-text\">ein echt cooler Typ<\/p><\/div>\n<p><a href=\"https:\/\/olu-limburg.de\/wp-content\/uploads\/2017\/09\/DSC09746_ergebnis.jpg\"><img loading=\"lazy\" decoding=\"async\" class=\"alignnone size-full wp-image-13192\" src=\"https:\/\/olu-limburg.de\/wp-content\/uploads\/2017\/09\/DSC09746_ergebnis.jpg\" alt=\"\" width=\"800\" height=\"600\" srcset=\"https:\/\/olu-limburg.de\/wp-content\/uploads\/2017\/09\/DSC09746_ergebnis.jpg 800w, https:\/\/olu-limburg.de\/wp-content\/uploads\/2017\/09\/DSC09746_ergebnis-300x225.jpg 300w, https:\/\/olu-limburg.de\/wp-content\/uploads\/2017\/09\/DSC09746_ergebnis-768x576.jpg 768w, https:\/\/olu-limburg.de\/wp-content\/uploads\/2017\/09\/DSC09746_ergebnis-624x468.jpg 624w\" sizes=\"auto, (max-width: 800px) 100vw, 800px\" \/><\/a><\/p>\n<p>Nach einigen Probiergl\u00e4schen st\u00e4rken wir uns mit einem Produkt aus dem vorher erw\u00e4hnten Backofen &#8211; den Fou\u00e9es. Das sind Hefeteigfladen, die in dem Backofen wie Ballons aufgehen und wahlweise mit Ziegenk\u00e4se, Rillettes, Marmelade oder Nutella gef\u00fcllt werden.<\/p>\n<p>&nbsp;<\/p>\n<p><a href=\"https:\/\/olu-limburg.de\/wp-content\/uploads\/2017\/09\/P1060192_ergebnis-e1509383422110.jpg\"><img loading=\"lazy\" decoding=\"async\" class=\"size-full wp-image-13203 aligncenter\" src=\"https:\/\/olu-limburg.de\/wp-content\/uploads\/2017\/09\/P1060192_ergebnis-e1509383422110.jpg\" alt=\"\" width=\"450\" height=\"600\" \/><\/a><\/p>\n<p><a href=\"https:\/\/olu-limburg.de\/wp-content\/uploads\/2017\/09\/DSC09741_ergebnis.jpg\"><img loading=\"lazy\" decoding=\"async\" class=\"alignnone size-full wp-image-13187\" src=\"https:\/\/olu-limburg.de\/wp-content\/uploads\/2017\/09\/DSC09741_ergebnis.jpg\" alt=\"\" width=\"800\" height=\"600\" srcset=\"https:\/\/olu-limburg.de\/wp-content\/uploads\/2017\/09\/DSC09741_ergebnis.jpg 800w, https:\/\/olu-limburg.de\/wp-content\/uploads\/2017\/09\/DSC09741_ergebnis-300x225.jpg 300w, https:\/\/olu-limburg.de\/wp-content\/uploads\/2017\/09\/DSC09741_ergebnis-768x576.jpg 768w, https:\/\/olu-limburg.de\/wp-content\/uploads\/2017\/09\/DSC09741_ergebnis-624x468.jpg 624w\" sizes=\"auto, (max-width: 800px) 100vw, 800px\" \/><\/a><\/p>\n<p><a href=\"https:\/\/olu-limburg.de\/wp-content\/uploads\/2017\/09\/P1060197_ergebnis.jpg\"><img loading=\"lazy\" decoding=\"async\" class=\"size-full wp-image-13205 aligncenter\" src=\"https:\/\/olu-limburg.de\/wp-content\/uploads\/2017\/09\/P1060197_ergebnis.jpg\" alt=\"\" width=\"800\" height=\"600\" srcset=\"https:\/\/olu-limburg.de\/wp-content\/uploads\/2017\/09\/P1060197_ergebnis.jpg 800w, https:\/\/olu-limburg.de\/wp-content\/uploads\/2017\/09\/P1060197_ergebnis-300x225.jpg 300w, https:\/\/olu-limburg.de\/wp-content\/uploads\/2017\/09\/P1060197_ergebnis-768x576.jpg 768w, https:\/\/olu-limburg.de\/wp-content\/uploads\/2017\/09\/P1060197_ergebnis-624x468.jpg 624w\" sizes=\"auto, (max-width: 800px) 100vw, 800px\" \/><\/a><\/p>\n<p><a href=\"https:\/\/olu-limburg.de\/wp-content\/uploads\/2017\/09\/P1060206_ergebnis.jpg\"><img loading=\"lazy\" decoding=\"async\" class=\"size-full wp-image-13206 aligncenter\" src=\"https:\/\/olu-limburg.de\/wp-content\/uploads\/2017\/09\/P1060206_ergebnis.jpg\" alt=\"\" width=\"800\" height=\"600\" srcset=\"https:\/\/olu-limburg.de\/wp-content\/uploads\/2017\/09\/P1060206_ergebnis.jpg 800w, https:\/\/olu-limburg.de\/wp-content\/uploads\/2017\/09\/P1060206_ergebnis-300x225.jpg 300w, https:\/\/olu-limburg.de\/wp-content\/uploads\/2017\/09\/P1060206_ergebnis-768x576.jpg 768w, https:\/\/olu-limburg.de\/wp-content\/uploads\/2017\/09\/P1060206_ergebnis-624x468.jpg 624w\" sizes=\"auto, (max-width: 800px) 100vw, 800px\" \/><\/a><\/p>\n<p>Tagesstrecke: 47 km<\/p>\n<p>&nbsp;<\/p>\n<p><strong>Samstag, 09. September 2017<\/strong><\/p>\n<p>Heute Nacht hat es gest\u00fcrmt und gesch\u00fcttet. Wir m\u00f6chten weiter an der Loire entlang fahren. Doch in Montsoreau ist die Stra\u00dfe gesperrt und wir m\u00fcssen einen weiten Umweg fahren, bis wir kurz vor Uss\u00e9 wieder an die Loire gelangen. Im Angesicht des Schlosses machen wir Mittagsrast.<\/p>\n<p><a href=\"https:\/\/olu-limburg.de\/wp-content\/uploads\/2017\/09\/DSC09747_ergebnis.jpg\"><img loading=\"lazy\" decoding=\"async\" class=\"size-full wp-image-13209 aligncenter\" src=\"https:\/\/olu-limburg.de\/wp-content\/uploads\/2017\/09\/DSC09747_ergebnis.jpg\" alt=\"\" width=\"800\" height=\"600\" srcset=\"https:\/\/olu-limburg.de\/wp-content\/uploads\/2017\/09\/DSC09747_ergebnis.jpg 800w, https:\/\/olu-limburg.de\/wp-content\/uploads\/2017\/09\/DSC09747_ergebnis-300x225.jpg 300w, https:\/\/olu-limburg.de\/wp-content\/uploads\/2017\/09\/DSC09747_ergebnis-768x576.jpg 768w, https:\/\/olu-limburg.de\/wp-content\/uploads\/2017\/09\/DSC09747_ergebnis-624x468.jpg 624w\" sizes=\"auto, (max-width: 800px) 100vw, 800px\" \/><\/a><\/p>\n<p><a href=\"https:\/\/olu-limburg.de\/wp-content\/uploads\/2017\/09\/DSC09748_ergebnis.jpg\"><img loading=\"lazy\" decoding=\"async\" class=\"size-full wp-image-13210 aligncenter\" src=\"https:\/\/olu-limburg.de\/wp-content\/uploads\/2017\/09\/DSC09748_ergebnis.jpg\" alt=\"\" width=\"800\" height=\"600\" srcset=\"https:\/\/olu-limburg.de\/wp-content\/uploads\/2017\/09\/DSC09748_ergebnis.jpg 800w, https:\/\/olu-limburg.de\/wp-content\/uploads\/2017\/09\/DSC09748_ergebnis-300x225.jpg 300w, https:\/\/olu-limburg.de\/wp-content\/uploads\/2017\/09\/DSC09748_ergebnis-768x576.jpg 768w, https:\/\/olu-limburg.de\/wp-content\/uploads\/2017\/09\/DSC09748_ergebnis-624x468.jpg 624w\" sizes=\"auto, (max-width: 800px) 100vw, 800px\" \/><\/a><\/p>\n<p><a href=\"https:\/\/olu-limburg.de\/wp-content\/uploads\/2017\/09\/DSC09754_ergebnis.jpg\"><img loading=\"lazy\" decoding=\"async\" class=\"size-full wp-image-13212 aligncenter\" src=\"https:\/\/olu-limburg.de\/wp-content\/uploads\/2017\/09\/DSC09754_ergebnis.jpg\" alt=\"\" width=\"800\" height=\"600\" srcset=\"https:\/\/olu-limburg.de\/wp-content\/uploads\/2017\/09\/DSC09754_ergebnis.jpg 800w, https:\/\/olu-limburg.de\/wp-content\/uploads\/2017\/09\/DSC09754_ergebnis-300x225.jpg 300w, https:\/\/olu-limburg.de\/wp-content\/uploads\/2017\/09\/DSC09754_ergebnis-768x576.jpg 768w, https:\/\/olu-limburg.de\/wp-content\/uploads\/2017\/09\/DSC09754_ergebnis-624x468.jpg 624w\" sizes=\"auto, (max-width: 800px) 100vw, 800px\" \/><\/a><\/p>\n<p><a href=\"https:\/\/olu-limburg.de\/wp-content\/uploads\/2017\/09\/DSC09756_ergebnis.jpg\"><img loading=\"lazy\" decoding=\"async\" class=\"size-full wp-image-13213 aligncenter\" src=\"https:\/\/olu-limburg.de\/wp-content\/uploads\/2017\/09\/DSC09756_ergebnis.jpg\" alt=\"\" width=\"800\" height=\"600\" srcset=\"https:\/\/olu-limburg.de\/wp-content\/uploads\/2017\/09\/DSC09756_ergebnis.jpg 800w, https:\/\/olu-limburg.de\/wp-content\/uploads\/2017\/09\/DSC09756_ergebnis-300x225.jpg 300w, https:\/\/olu-limburg.de\/wp-content\/uploads\/2017\/09\/DSC09756_ergebnis-768x576.jpg 768w, https:\/\/olu-limburg.de\/wp-content\/uploads\/2017\/09\/DSC09756_ergebnis-624x468.jpg 624w\" sizes=\"auto, (max-width: 800px) 100vw, 800px\" \/><\/a><\/p>\n<p><a href=\"https:\/\/olu-limburg.de\/wp-content\/uploads\/2017\/09\/DSC09750_ergebnis.jpg\"><img loading=\"lazy\" decoding=\"async\" class=\"size-full wp-image-13211 aligncenter\" src=\"https:\/\/olu-limburg.de\/wp-content\/uploads\/2017\/09\/DSC09750_ergebnis.jpg\" alt=\"\" width=\"800\" height=\"600\" srcset=\"https:\/\/olu-limburg.de\/wp-content\/uploads\/2017\/09\/DSC09750_ergebnis.jpg 800w, https:\/\/olu-limburg.de\/wp-content\/uploads\/2017\/09\/DSC09750_ergebnis-300x225.jpg 300w, https:\/\/olu-limburg.de\/wp-content\/uploads\/2017\/09\/DSC09750_ergebnis-768x576.jpg 768w, https:\/\/olu-limburg.de\/wp-content\/uploads\/2017\/09\/DSC09750_ergebnis-624x468.jpg 624w\" sizes=\"auto, (max-width: 800px) 100vw, 800px\" \/><\/a><\/p>\n<div id=\"attachment_13215\" style=\"width: 810px\" class=\"wp-caption aligncenter\"><a href=\"https:\/\/olu-limburg.de\/wp-content\/uploads\/2017\/09\/DSC09759_ergebnis.jpg\"><img loading=\"lazy\" decoding=\"async\" aria-describedby=\"caption-attachment-13215\" class=\"wp-image-13215 size-full\" src=\"https:\/\/olu-limburg.de\/wp-content\/uploads\/2017\/09\/DSC09759_ergebnis.jpg\" alt=\"\" width=\"800\" height=\"600\" srcset=\"https:\/\/olu-limburg.de\/wp-content\/uploads\/2017\/09\/DSC09759_ergebnis.jpg 800w, https:\/\/olu-limburg.de\/wp-content\/uploads\/2017\/09\/DSC09759_ergebnis-300x225.jpg 300w, https:\/\/olu-limburg.de\/wp-content\/uploads\/2017\/09\/DSC09759_ergebnis-768x576.jpg 768w, https:\/\/olu-limburg.de\/wp-content\/uploads\/2017\/09\/DSC09759_ergebnis-624x468.jpg 624w\" sizes=\"auto, (max-width: 800px) 100vw, 800px\" \/><\/a><p id=\"caption-attachment-13215\" class=\"wp-caption-text\">mit Blauschimmelk\u00e4se \u00fcberbackene Feigen und Charcuterie<\/p><\/div>\n<div id=\"attachment_13216\" style=\"width: 810px\" class=\"wp-caption aligncenter\"><a href=\"https:\/\/olu-limburg.de\/wp-content\/uploads\/2017\/09\/DSC09761_ergebnis.jpg\"><img loading=\"lazy\" decoding=\"async\" aria-describedby=\"caption-attachment-13216\" class=\"wp-image-13216 size-full\" src=\"https:\/\/olu-limburg.de\/wp-content\/uploads\/2017\/09\/DSC09761_ergebnis.jpg\" alt=\"\" width=\"800\" height=\"600\" srcset=\"https:\/\/olu-limburg.de\/wp-content\/uploads\/2017\/09\/DSC09761_ergebnis.jpg 800w, https:\/\/olu-limburg.de\/wp-content\/uploads\/2017\/09\/DSC09761_ergebnis-300x225.jpg 300w, https:\/\/olu-limburg.de\/wp-content\/uploads\/2017\/09\/DSC09761_ergebnis-768x576.jpg 768w, https:\/\/olu-limburg.de\/wp-content\/uploads\/2017\/09\/DSC09761_ergebnis-624x468.jpg 624w\" sizes=\"auto, (max-width: 800px) 100vw, 800px\" \/><\/a><p id=\"caption-attachment-13216\" class=\"wp-caption-text\">Tagliatelle aglio olio<\/p><\/div>\n<p><a href=\"https:\/\/olu-limburg.de\/wp-content\/uploads\/2017\/09\/DSC09762_ergebnis.jpg\"><img loading=\"lazy\" decoding=\"async\" class=\"alignnone size-full wp-image-13217\" src=\"https:\/\/olu-limburg.de\/wp-content\/uploads\/2017\/09\/DSC09762_ergebnis.jpg\" alt=\"\" width=\"800\" height=\"600\" srcset=\"https:\/\/olu-limburg.de\/wp-content\/uploads\/2017\/09\/DSC09762_ergebnis.jpg 800w, https:\/\/olu-limburg.de\/wp-content\/uploads\/2017\/09\/DSC09762_ergebnis-300x225.jpg 300w, https:\/\/olu-limburg.de\/wp-content\/uploads\/2017\/09\/DSC09762_ergebnis-768x576.jpg 768w, https:\/\/olu-limburg.de\/wp-content\/uploads\/2017\/09\/DSC09762_ergebnis-624x468.jpg 624w\" sizes=\"auto, (max-width: 800px) 100vw, 800px\" \/><\/a><\/p>\n<p><a href=\"https:\/\/olu-limburg.de\/wp-content\/uploads\/2017\/09\/DSC09763_ergebnis.jpg\"><img loading=\"lazy\" decoding=\"async\" class=\"size-full wp-image-13218 aligncenter\" src=\"https:\/\/olu-limburg.de\/wp-content\/uploads\/2017\/09\/DSC09763_ergebnis.jpg\" alt=\"\" width=\"800\" height=\"600\" srcset=\"https:\/\/olu-limburg.de\/wp-content\/uploads\/2017\/09\/DSC09763_ergebnis.jpg 800w, https:\/\/olu-limburg.de\/wp-content\/uploads\/2017\/09\/DSC09763_ergebnis-300x225.jpg 300w, https:\/\/olu-limburg.de\/wp-content\/uploads\/2017\/09\/DSC09763_ergebnis-768x576.jpg 768w, https:\/\/olu-limburg.de\/wp-content\/uploads\/2017\/09\/DSC09763_ergebnis-624x468.jpg 624w\" sizes=\"auto, (max-width: 800px) 100vw, 800px\" \/><\/a><\/p>\n<p>Von einem anderen Camper bekomme ich best\u00e4tigt, dass es in Villandry nur noch einen Tages-Parkplatz am Schloss gibt. Der Stellplatz au\u00dferhalb wird von Camping-Carpark betrieben. Da m\u00f6chten wir nicht hin. Das Schloss ist abgehakt. Wir waren auch schon dort. Also geht es weiter. Es sch\u00fcttet. Bei Tour qu\u00e4len wir uns durch den Stadtverkehr.<\/p>\n<p>In Amboise fahren wir auf den Stellplatz auf der Ile d&#8217;Or mit V+E+Strom, Wasseranschlu\u00df an der Parkbucht (Geb\u00fchr EUR 12,00).<\/p>\n<p><a href=\"https:\/\/olu-limburg.de\/wp-content\/uploads\/2017\/09\/DSC09765_ergebnis.jpg\"><img loading=\"lazy\" decoding=\"async\" class=\"size-full wp-image-13219 aligncenter\" src=\"https:\/\/olu-limburg.de\/wp-content\/uploads\/2017\/09\/DSC09765_ergebnis.jpg\" alt=\"\" width=\"800\" height=\"600\" srcset=\"https:\/\/olu-limburg.de\/wp-content\/uploads\/2017\/09\/DSC09765_ergebnis.jpg 800w, https:\/\/olu-limburg.de\/wp-content\/uploads\/2017\/09\/DSC09765_ergebnis-300x225.jpg 300w, https:\/\/olu-limburg.de\/wp-content\/uploads\/2017\/09\/DSC09765_ergebnis-768x576.jpg 768w, https:\/\/olu-limburg.de\/wp-content\/uploads\/2017\/09\/DSC09765_ergebnis-624x468.jpg 624w\" sizes=\"auto, (max-width: 800px) 100vw, 800px\" \/><\/a><\/p>\n<p>Mittlerweile scheint die Sonne wieder und es zieht uns in die Stadt auf der anderen Loireseite. Das Schloss von Amboise ist sehr beherrschend. Da wir es aber nicht besichtigen m\u00f6chten, gehen wir weiter auf der Rue Victor Hugo in Richtung des Chateau du Clos Luc\u00e9, dem letzten Wohnsitz von Leonardo da Vinci. Unterwegs kommen wir noch an einigen H\u00e4usern vorbei, deren Wohnungen in den Tuff hinein gebaut worden sind.<\/p>\n<p><a href=\"https:\/\/olu-limburg.de\/wp-content\/uploads\/2017\/09\/DSC09766_ergebnis-e1509386655316.jpg\"><img loading=\"lazy\" decoding=\"async\" class=\"size-full wp-image-13220 aligncenter\" src=\"https:\/\/olu-limburg.de\/wp-content\/uploads\/2017\/09\/DSC09766_ergebnis-e1509386655316.jpg\" alt=\"\" width=\"450\" height=\"600\" \/><\/a><\/p>\n<p><a href=\"https:\/\/olu-limburg.de\/wp-content\/uploads\/2017\/09\/DSC09769_ergebnis.jpg\"><img loading=\"lazy\" decoding=\"async\" class=\"size-full wp-image-13221 aligncenter\" src=\"https:\/\/olu-limburg.de\/wp-content\/uploads\/2017\/09\/DSC09769_ergebnis.jpg\" alt=\"\" width=\"800\" height=\"600\" srcset=\"https:\/\/olu-limburg.de\/wp-content\/uploads\/2017\/09\/DSC09769_ergebnis.jpg 800w, https:\/\/olu-limburg.de\/wp-content\/uploads\/2017\/09\/DSC09769_ergebnis-300x225.jpg 300w, https:\/\/olu-limburg.de\/wp-content\/uploads\/2017\/09\/DSC09769_ergebnis-768x576.jpg 768w, https:\/\/olu-limburg.de\/wp-content\/uploads\/2017\/09\/DSC09769_ergebnis-624x468.jpg 624w\" sizes=\"auto, (max-width: 800px) 100vw, 800px\" \/><\/a><\/p>\n<p><a href=\"https:\/\/olu-limburg.de\/wp-content\/uploads\/2017\/09\/DSC09770_ergebnis.jpg\"><img loading=\"lazy\" decoding=\"async\" class=\"size-full wp-image-13222 aligncenter\" src=\"https:\/\/olu-limburg.de\/wp-content\/uploads\/2017\/09\/DSC09770_ergebnis.jpg\" alt=\"\" width=\"800\" height=\"600\" srcset=\"https:\/\/olu-limburg.de\/wp-content\/uploads\/2017\/09\/DSC09770_ergebnis.jpg 800w, https:\/\/olu-limburg.de\/wp-content\/uploads\/2017\/09\/DSC09770_ergebnis-300x225.jpg 300w, https:\/\/olu-limburg.de\/wp-content\/uploads\/2017\/09\/DSC09770_ergebnis-768x576.jpg 768w, https:\/\/olu-limburg.de\/wp-content\/uploads\/2017\/09\/DSC09770_ergebnis-624x468.jpg 624w\" sizes=\"auto, (max-width: 800px) 100vw, 800px\" \/><\/a><\/p>\n<p><a href=\"https:\/\/olu-limburg.de\/wp-content\/uploads\/2017\/09\/DSC09772_ergebnis.jpg\"><img loading=\"lazy\" decoding=\"async\" class=\"size-full wp-image-13223 aligncenter\" src=\"https:\/\/olu-limburg.de\/wp-content\/uploads\/2017\/09\/DSC09772_ergebnis.jpg\" alt=\"\" width=\"800\" height=\"600\" srcset=\"https:\/\/olu-limburg.de\/wp-content\/uploads\/2017\/09\/DSC09772_ergebnis.jpg 800w, https:\/\/olu-limburg.de\/wp-content\/uploads\/2017\/09\/DSC09772_ergebnis-300x225.jpg 300w, https:\/\/olu-limburg.de\/wp-content\/uploads\/2017\/09\/DSC09772_ergebnis-768x576.jpg 768w, https:\/\/olu-limburg.de\/wp-content\/uploads\/2017\/09\/DSC09772_ergebnis-624x468.jpg 624w\" sizes=\"auto, (max-width: 800px) 100vw, 800px\" \/><\/a><\/p>\n<p><a href=\"https:\/\/olu-limburg.de\/wp-content\/uploads\/2017\/09\/DSC09774_ergebnis.jpg\"><img loading=\"lazy\" decoding=\"async\" class=\"size-full wp-image-13224 aligncenter\" src=\"https:\/\/olu-limburg.de\/wp-content\/uploads\/2017\/09\/DSC09774_ergebnis.jpg\" alt=\"\" width=\"800\" height=\"600\" srcset=\"https:\/\/olu-limburg.de\/wp-content\/uploads\/2017\/09\/DSC09774_ergebnis.jpg 800w, https:\/\/olu-limburg.de\/wp-content\/uploads\/2017\/09\/DSC09774_ergebnis-300x225.jpg 300w, https:\/\/olu-limburg.de\/wp-content\/uploads\/2017\/09\/DSC09774_ergebnis-768x576.jpg 768w, https:\/\/olu-limburg.de\/wp-content\/uploads\/2017\/09\/DSC09774_ergebnis-624x468.jpg 624w\" sizes=\"auto, (max-width: 800px) 100vw, 800px\" \/><\/a><\/p>\n<p><a href=\"https:\/\/olu-limburg.de\/wp-content\/uploads\/2017\/09\/DSC09775_ergebnis.jpg\"><img loading=\"lazy\" decoding=\"async\" class=\"size-full wp-image-13225 aligncenter\" src=\"https:\/\/olu-limburg.de\/wp-content\/uploads\/2017\/09\/DSC09775_ergebnis.jpg\" alt=\"\" width=\"800\" height=\"600\" srcset=\"https:\/\/olu-limburg.de\/wp-content\/uploads\/2017\/09\/DSC09775_ergebnis.jpg 800w, https:\/\/olu-limburg.de\/wp-content\/uploads\/2017\/09\/DSC09775_ergebnis-300x225.jpg 300w, https:\/\/olu-limburg.de\/wp-content\/uploads\/2017\/09\/DSC09775_ergebnis-768x576.jpg 768w, https:\/\/olu-limburg.de\/wp-content\/uploads\/2017\/09\/DSC09775_ergebnis-624x468.jpg 624w\" sizes=\"auto, (max-width: 800px) 100vw, 800px\" \/><\/a><\/p>\n<div id=\"attachment_13226\" style=\"width: 460px\" class=\"wp-caption alignleft\"><a href=\"https:\/\/olu-limburg.de\/wp-content\/uploads\/2017\/09\/DSC09776_ergebnis-e1509386738552.jpg\"><img loading=\"lazy\" decoding=\"async\" aria-describedby=\"caption-attachment-13226\" class=\"size-full wp-image-13226\" src=\"https:\/\/olu-limburg.de\/wp-content\/uploads\/2017\/09\/DSC09776_ergebnis-e1509386738552.jpg\" alt=\"\" width=\"450\" height=\"600\" \/><\/a><p id=\"caption-attachment-13226\" class=\"wp-caption-text\">Tour de L&#8217;Horloge<\/p><\/div>\n<div id=\"attachment_13227\" style=\"width: 460px\" class=\"wp-caption alignright\"><a href=\"https:\/\/olu-limburg.de\/wp-content\/uploads\/2017\/09\/DSC09777_ergebnis-e1509386810813.jpg\"><img loading=\"lazy\" decoding=\"async\" aria-describedby=\"caption-attachment-13227\" class=\"size-full wp-image-13227\" src=\"https:\/\/olu-limburg.de\/wp-content\/uploads\/2017\/09\/DSC09777_ergebnis-e1509386810813.jpg\" alt=\"\" width=\"450\" height=\"600\" \/><\/a><p id=\"caption-attachment-13227\" class=\"wp-caption-text\">Aufgang zum Schlo\u00df<\/p><\/div>\n<p><a href=\"https:\/\/olu-limburg.de\/wp-content\/uploads\/2017\/09\/DSC09779_ergebnis-e1509386845705.jpg\"><img loading=\"lazy\" decoding=\"async\" class=\"size-full wp-image-13229 alignleft\" src=\"https:\/\/olu-limburg.de\/wp-content\/uploads\/2017\/09\/DSC09779_ergebnis-e1509386845705.jpg\" alt=\"\" width=\"450\" height=\"600\" \/><\/a><\/p>\n<p><a href=\"https:\/\/olu-limburg.de\/wp-content\/uploads\/2017\/09\/DSC09781_ergebnis-e1509386868711.jpg\"><img loading=\"lazy\" decoding=\"async\" class=\"size-full wp-image-13230 alignright\" src=\"https:\/\/olu-limburg.de\/wp-content\/uploads\/2017\/09\/DSC09781_ergebnis-e1509386868711.jpg\" alt=\"\" width=\"450\" height=\"600\" \/><\/a><\/p>\n<p><a href=\"https:\/\/olu-limburg.de\/wp-content\/uploads\/2017\/09\/DSC09783_ergebnis.jpg\"><img loading=\"lazy\" decoding=\"async\" class=\"size-full wp-image-13232 aligncenter\" src=\"https:\/\/olu-limburg.de\/wp-content\/uploads\/2017\/09\/DSC09783_ergebnis.jpg\" alt=\"\" width=\"800\" height=\"600\" srcset=\"https:\/\/olu-limburg.de\/wp-content\/uploads\/2017\/09\/DSC09783_ergebnis.jpg 800w, https:\/\/olu-limburg.de\/wp-content\/uploads\/2017\/09\/DSC09783_ergebnis-300x225.jpg 300w, https:\/\/olu-limburg.de\/wp-content\/uploads\/2017\/09\/DSC09783_ergebnis-768x576.jpg 768w, https:\/\/olu-limburg.de\/wp-content\/uploads\/2017\/09\/DSC09783_ergebnis-624x468.jpg 624w\" sizes=\"auto, (max-width: 800px) 100vw, 800px\" \/><\/a><\/p>\n<p><a href=\"https:\/\/olu-limburg.de\/wp-content\/uploads\/2017\/09\/DSC09784_ergebnis-e1509386957977.jpg\"><img loading=\"lazy\" decoding=\"async\" class=\"size-full wp-image-13233 aligncenter\" src=\"https:\/\/olu-limburg.de\/wp-content\/uploads\/2017\/09\/DSC09784_ergebnis-e1509386957977.jpg\" alt=\"\" width=\"450\" height=\"600\" \/><\/a><\/p>\n<p><a href=\"https:\/\/olu-limburg.de\/wp-content\/uploads\/2017\/09\/DSC09785_ergebnis-e1509386980411.jpg\"><img loading=\"lazy\" decoding=\"async\" class=\"size-full wp-image-13234 aligncenter\" src=\"https:\/\/olu-limburg.de\/wp-content\/uploads\/2017\/09\/DSC09785_ergebnis-e1509386980411.jpg\" alt=\"\" width=\"450\" height=\"600\" \/><\/a><\/p>\n<p>Als wir das Chateau Clos Luc\u00e9 erreichen, stellen wir fest, dass der Preis f\u00fcr die Besichtigung sehr hoch. Also abgesagt. Au\u00dferdem wiederholen sich hier Nachbauten von Zeichnungen und Planungen Da Vincis, die wir bereits in dem Museum in Vinci (Italien-Toskana) gesehen haben.<\/p>\n<p><a href=\"https:\/\/olu-limburg.de\/wp-content\/uploads\/2017\/09\/DSC09787_ergebnis.jpg\"><img loading=\"lazy\" decoding=\"async\" class=\"size-full wp-image-13235 aligncenter\" src=\"https:\/\/olu-limburg.de\/wp-content\/uploads\/2017\/09\/DSC09787_ergebnis.jpg\" alt=\"\" width=\"800\" height=\"600\" srcset=\"https:\/\/olu-limburg.de\/wp-content\/uploads\/2017\/09\/DSC09787_ergebnis.jpg 800w, https:\/\/olu-limburg.de\/wp-content\/uploads\/2017\/09\/DSC09787_ergebnis-300x225.jpg 300w, https:\/\/olu-limburg.de\/wp-content\/uploads\/2017\/09\/DSC09787_ergebnis-768x576.jpg 768w, https:\/\/olu-limburg.de\/wp-content\/uploads\/2017\/09\/DSC09787_ergebnis-624x468.jpg 624w\" sizes=\"auto, (max-width: 800px) 100vw, 800px\" \/><\/a><\/p>\n<p><a href=\"https:\/\/olu-limburg.de\/wp-content\/uploads\/2017\/09\/DSC09788_ergebnis-e1509387048483.jpg\"><img loading=\"lazy\" decoding=\"async\" class=\"size-full wp-image-13236 alignleft\" src=\"https:\/\/olu-limburg.de\/wp-content\/uploads\/2017\/09\/DSC09788_ergebnis-e1509387048483.jpg\" alt=\"\" width=\"450\" height=\"600\" \/><\/a><\/p>\n<p><a href=\"https:\/\/olu-limburg.de\/wp-content\/uploads\/2017\/09\/P1060250_ergebnis-e1509387459469.jpg\"><img loading=\"lazy\" decoding=\"async\" class=\"size-full wp-image-13245 alignright\" src=\"https:\/\/olu-limburg.de\/wp-content\/uploads\/2017\/09\/P1060250_ergebnis-e1509387459469.jpg\" alt=\"\" width=\"450\" height=\"600\" \/><\/a><\/p>\n<p><a href=\"https:\/\/olu-limburg.de\/wp-content\/uploads\/2017\/09\/P1060242_ergebnis.jpg\"><img loading=\"lazy\" decoding=\"async\" class=\"size-full wp-image-13244 aligncenter\" src=\"https:\/\/olu-limburg.de\/wp-content\/uploads\/2017\/09\/P1060242_ergebnis.jpg\" alt=\"\" width=\"800\" height=\"600\" srcset=\"https:\/\/olu-limburg.de\/wp-content\/uploads\/2017\/09\/P1060242_ergebnis.jpg 800w, https:\/\/olu-limburg.de\/wp-content\/uploads\/2017\/09\/P1060242_ergebnis-300x225.jpg 300w, https:\/\/olu-limburg.de\/wp-content\/uploads\/2017\/09\/P1060242_ergebnis-768x576.jpg 768w, https:\/\/olu-limburg.de\/wp-content\/uploads\/2017\/09\/P1060242_ergebnis-624x468.jpg 624w\" sizes=\"auto, (max-width: 800px) 100vw, 800px\" \/><\/a><\/p>\n<p>Wir laufen noch ein St\u00fcck bis zum Ch\u00e2teau Gaillard. Das Schloss ist in riesigen verschieden angelegten G\u00e4rten eingebettet. Nur ist uns jetzt die Zeit zu kurz. Wir k\u00f6nnen uns gar nicht mehr genug anschauen.<\/p>\n<p><a href=\"https:\/\/olu-limburg.de\/wp-content\/uploads\/2017\/09\/DSC09792_ergebnis.jpg\"><img loading=\"lazy\" decoding=\"async\" class=\"size-full wp-image-13237 aligncenter\" src=\"https:\/\/olu-limburg.de\/wp-content\/uploads\/2017\/09\/DSC09792_ergebnis.jpg\" alt=\"\" width=\"800\" height=\"600\" srcset=\"https:\/\/olu-limburg.de\/wp-content\/uploads\/2017\/09\/DSC09792_ergebnis.jpg 800w, https:\/\/olu-limburg.de\/wp-content\/uploads\/2017\/09\/DSC09792_ergebnis-300x225.jpg 300w, https:\/\/olu-limburg.de\/wp-content\/uploads\/2017\/09\/DSC09792_ergebnis-768x576.jpg 768w, https:\/\/olu-limburg.de\/wp-content\/uploads\/2017\/09\/DSC09792_ergebnis-624x468.jpg 624w\" sizes=\"auto, (max-width: 800px) 100vw, 800px\" \/><\/a><\/p>\n<p>Wir haben Gl\u00fcck, denn kaum sind wir wieder beim &#8222;Clos Luc\u00e9&#8220; geht ein Wolkenbruch herunter. Wir k\u00f6nnen uns gerade noch unterstellen. In einer Regenpause nutzen wir die Zeit, und suchen eine Bar f\u00fcr unseren Abend-Aperitif.<\/p>\n<p><a href=\"https:\/\/olu-limburg.de\/wp-content\/uploads\/2017\/09\/P1060254_ergebnis.jpg\"><img loading=\"lazy\" decoding=\"async\" class=\"size-full wp-image-13246 aligncenter\" src=\"https:\/\/olu-limburg.de\/wp-content\/uploads\/2017\/09\/P1060254_ergebnis.jpg\" alt=\"\" width=\"800\" height=\"600\" srcset=\"https:\/\/olu-limburg.de\/wp-content\/uploads\/2017\/09\/P1060254_ergebnis.jpg 800w, https:\/\/olu-limburg.de\/wp-content\/uploads\/2017\/09\/P1060254_ergebnis-300x225.jpg 300w, https:\/\/olu-limburg.de\/wp-content\/uploads\/2017\/09\/P1060254_ergebnis-768x576.jpg 768w, https:\/\/olu-limburg.de\/wp-content\/uploads\/2017\/09\/P1060254_ergebnis-624x468.jpg 624w\" sizes=\"auto, (max-width: 800px) 100vw, 800px\" \/><\/a><\/p>\n<p><a href=\"https:\/\/olu-limburg.de\/wp-content\/uploads\/2017\/09\/P1060259_ergebnis.jpg\"><img loading=\"lazy\" decoding=\"async\" class=\"size-full wp-image-13247 aligncenter\" src=\"https:\/\/olu-limburg.de\/wp-content\/uploads\/2017\/09\/P1060259_ergebnis.jpg\" alt=\"\" width=\"800\" height=\"600\" srcset=\"https:\/\/olu-limburg.de\/wp-content\/uploads\/2017\/09\/P1060259_ergebnis.jpg 800w, https:\/\/olu-limburg.de\/wp-content\/uploads\/2017\/09\/P1060259_ergebnis-300x225.jpg 300w, https:\/\/olu-limburg.de\/wp-content\/uploads\/2017\/09\/P1060259_ergebnis-768x576.jpg 768w, https:\/\/olu-limburg.de\/wp-content\/uploads\/2017\/09\/P1060259_ergebnis-624x468.jpg 624w\" sizes=\"auto, (max-width: 800px) 100vw, 800px\" \/><\/a><\/p>\n<p><a href=\"https:\/\/olu-limburg.de\/wp-content\/uploads\/2017\/09\/P1060260_ergebnis-e1509387553480.jpg\"><img loading=\"lazy\" decoding=\"async\" class=\"size-full wp-image-13248 aligncenter\" src=\"https:\/\/olu-limburg.de\/wp-content\/uploads\/2017\/09\/P1060260_ergebnis-e1509387553480.jpg\" alt=\"\" width=\"450\" height=\"600\" \/><\/a><\/p>\n<p><a href=\"https:\/\/olu-limburg.de\/wp-content\/uploads\/2017\/09\/DSC09796_ergebnis.jpg\"><img loading=\"lazy\" decoding=\"async\" class=\"size-full wp-image-13239 aligncenter\" src=\"https:\/\/olu-limburg.de\/wp-content\/uploads\/2017\/09\/DSC09796_ergebnis.jpg\" alt=\"\" width=\"800\" height=\"600\" srcset=\"https:\/\/olu-limburg.de\/wp-content\/uploads\/2017\/09\/DSC09796_ergebnis.jpg 800w, https:\/\/olu-limburg.de\/wp-content\/uploads\/2017\/09\/DSC09796_ergebnis-300x225.jpg 300w, https:\/\/olu-limburg.de\/wp-content\/uploads\/2017\/09\/DSC09796_ergebnis-768x576.jpg 768w, https:\/\/olu-limburg.de\/wp-content\/uploads\/2017\/09\/DSC09796_ergebnis-624x468.jpg 624w\" sizes=\"auto, (max-width: 800px) 100vw, 800px\" \/><\/a><\/p>\n<p><a href=\"https:\/\/olu-limburg.de\/wp-content\/uploads\/2017\/09\/DSC09801_ergebnis.jpg\"><img loading=\"lazy\" decoding=\"async\" class=\"size-full wp-image-13241 aligncenter\" src=\"https:\/\/olu-limburg.de\/wp-content\/uploads\/2017\/09\/DSC09801_ergebnis.jpg\" alt=\"\" width=\"800\" height=\"600\" srcset=\"https:\/\/olu-limburg.de\/wp-content\/uploads\/2017\/09\/DSC09801_ergebnis.jpg 800w, https:\/\/olu-limburg.de\/wp-content\/uploads\/2017\/09\/DSC09801_ergebnis-300x225.jpg 300w, https:\/\/olu-limburg.de\/wp-content\/uploads\/2017\/09\/DSC09801_ergebnis-768x576.jpg 768w, https:\/\/olu-limburg.de\/wp-content\/uploads\/2017\/09\/DSC09801_ergebnis-624x468.jpg 624w\" sizes=\"auto, (max-width: 800px) 100vw, 800px\" \/><\/a><\/p>\n<p><a href=\"https:\/\/olu-limburg.de\/wp-content\/uploads\/2017\/09\/DSC09803_ergebnis.jpg\"><img loading=\"lazy\" decoding=\"async\" class=\"size-full wp-image-13243 aligncenter\" src=\"https:\/\/olu-limburg.de\/wp-content\/uploads\/2017\/09\/DSC09803_ergebnis.jpg\" alt=\"\" width=\"800\" height=\"600\" srcset=\"https:\/\/olu-limburg.de\/wp-content\/uploads\/2017\/09\/DSC09803_ergebnis.jpg 800w, https:\/\/olu-limburg.de\/wp-content\/uploads\/2017\/09\/DSC09803_ergebnis-300x225.jpg 300w, https:\/\/olu-limburg.de\/wp-content\/uploads\/2017\/09\/DSC09803_ergebnis-768x576.jpg 768w, https:\/\/olu-limburg.de\/wp-content\/uploads\/2017\/09\/DSC09803_ergebnis-624x468.jpg 624w\" sizes=\"auto, (max-width: 800px) 100vw, 800px\" \/><\/a><\/p>\n<p><a href=\"https:\/\/olu-limburg.de\/wp-content\/uploads\/2017\/09\/DSC09802_ergebnis-e1509387165915.jpg\"><img loading=\"lazy\" decoding=\"async\" class=\"size-full wp-image-13242 aligncenter\" src=\"https:\/\/olu-limburg.de\/wp-content\/uploads\/2017\/09\/DSC09802_ergebnis-e1509387165915.jpg\" alt=\"\" width=\"450\" height=\"600\" \/><\/a><\/p>\n<p>Tagesstrecke: 93 km<\/p>\n<p>&nbsp;<\/p>\n<p><strong>Sonntag, 10. September 2017<\/strong><\/p>\n<p>Drau\u00dfen ist es eklig. \u00dcber Nacht hat es abgek\u00fchlt, so dass wir sogar die Heizung anwerfen.<\/p>\n<p>Wir wollen heute am n\u00f6rdlichen Ufer an der Loire entlang fahren, was wir uns aber genauer anschauen, wissen wir noch nicht. Die Unbewu\u00dftheit des Sehens wird entscheiden. Als dann Chaumont-sur-Loire auf uns zukommt, wird uns klar, dass ist es! Hier waren wir noch nicht. Eine Br\u00fccke ist auch sofort da, und dr\u00fcben auf einer Wiese stehen einige Wohnmobile. Leider ist es nur ein Tages-Parkplatz f\u00fcr Wohnmobile. Naja, wir wollen nach der Besichtigung sowieso weiter.<\/p>\n<p><a href=\"https:\/\/olu-limburg.de\/wp-content\/uploads\/2017\/09\/P1060396_ergebnis.jpg\"><img loading=\"lazy\" decoding=\"async\" class=\"size-full wp-image-13259 aligncenter\" src=\"https:\/\/olu-limburg.de\/wp-content\/uploads\/2017\/09\/P1060396_ergebnis.jpg\" alt=\"\" width=\"800\" height=\"600\" srcset=\"https:\/\/olu-limburg.de\/wp-content\/uploads\/2017\/09\/P1060396_ergebnis.jpg 800w, https:\/\/olu-limburg.de\/wp-content\/uploads\/2017\/09\/P1060396_ergebnis-300x225.jpg 300w, https:\/\/olu-limburg.de\/wp-content\/uploads\/2017\/09\/P1060396_ergebnis-768x576.jpg 768w, https:\/\/olu-limburg.de\/wp-content\/uploads\/2017\/09\/P1060396_ergebnis-624x468.jpg 624w\" sizes=\"auto, (max-width: 800px) 100vw, 800px\" \/><\/a><\/p>\n<p>Ein kurzer Spaziergang f\u00fchrt uns in den Ort und dem Eingang zur Schloss-Besichtigung. Zum ersten Mal seit langem gibt es eine strenge Eingangskontrolle mit Piepser und Taschenschau. Ein gerader aber steiler Weg zieht sich nach oben. Vor uns taucht das Schloss mit einem riesigen Park auf.<\/p>\n<p><a href=\"https:\/\/olu-limburg.de\/wp-content\/uploads\/2017\/09\/P1060281_ergebnis.jpg\"><img loading=\"lazy\" decoding=\"async\" class=\"size-full wp-image-13252 aligncenter\" src=\"https:\/\/olu-limburg.de\/wp-content\/uploads\/2017\/09\/P1060281_ergebnis.jpg\" alt=\"\" width=\"800\" height=\"600\" srcset=\"https:\/\/olu-limburg.de\/wp-content\/uploads\/2017\/09\/P1060281_ergebnis.jpg 800w, https:\/\/olu-limburg.de\/wp-content\/uploads\/2017\/09\/P1060281_ergebnis-300x225.jpg 300w, https:\/\/olu-limburg.de\/wp-content\/uploads\/2017\/09\/P1060281_ergebnis-768x576.jpg 768w, https:\/\/olu-limburg.de\/wp-content\/uploads\/2017\/09\/P1060281_ergebnis-624x468.jpg 624w\" sizes=\"auto, (max-width: 800px) 100vw, 800px\" \/><\/a><\/p>\n<p><a href=\"https:\/\/olu-limburg.de\/wp-content\/uploads\/2017\/09\/P1060278_ergebnis.jpg\"><img loading=\"lazy\" decoding=\"async\" class=\"size-full wp-image-13251 aligncenter\" src=\"https:\/\/olu-limburg.de\/wp-content\/uploads\/2017\/09\/P1060278_ergebnis.jpg\" alt=\"\" width=\"800\" height=\"600\" srcset=\"https:\/\/olu-limburg.de\/wp-content\/uploads\/2017\/09\/P1060278_ergebnis.jpg 800w, https:\/\/olu-limburg.de\/wp-content\/uploads\/2017\/09\/P1060278_ergebnis-300x225.jpg 300w, https:\/\/olu-limburg.de\/wp-content\/uploads\/2017\/09\/P1060278_ergebnis-768x576.jpg 768w, https:\/\/olu-limburg.de\/wp-content\/uploads\/2017\/09\/P1060278_ergebnis-624x468.jpg 624w\" sizes=\"auto, (max-width: 800px) 100vw, 800px\" \/><\/a><\/p>\n<p><a href=\"https:\/\/olu-limburg.de\/wp-content\/uploads\/2017\/09\/DSC09815_ergebnis.jpg\"><img loading=\"lazy\" decoding=\"async\" class=\"size-full wp-image-13260 aligncenter\" src=\"https:\/\/olu-limburg.de\/wp-content\/uploads\/2017\/09\/DSC09815_ergebnis.jpg\" alt=\"\" width=\"800\" height=\"600\" srcset=\"https:\/\/olu-limburg.de\/wp-content\/uploads\/2017\/09\/DSC09815_ergebnis.jpg 800w, https:\/\/olu-limburg.de\/wp-content\/uploads\/2017\/09\/DSC09815_ergebnis-300x225.jpg 300w, https:\/\/olu-limburg.de\/wp-content\/uploads\/2017\/09\/DSC09815_ergebnis-768x576.jpg 768w, https:\/\/olu-limburg.de\/wp-content\/uploads\/2017\/09\/DSC09815_ergebnis-624x468.jpg 624w\" sizes=\"auto, (max-width: 800px) 100vw, 800px\" \/><\/a><\/p>\n<p><a href=\"https:\/\/olu-limburg.de\/wp-content\/uploads\/2017\/09\/DSC09819_ergebnis-e1509447355550.jpg\"><img loading=\"lazy\" decoding=\"async\" class=\"size-full wp-image-13261 aligncenter\" src=\"https:\/\/olu-limburg.de\/wp-content\/uploads\/2017\/09\/DSC09819_ergebnis-e1509447355550.jpg\" alt=\"\" width=\"450\" height=\"600\" \/><\/a><\/p>\n<p>Das heutige Schloss Chaumont folgte im 16. Jhdt. mehreren Vorg\u00e4ngerbauten, und wurde bis ins 18. Jhdt. immer weiter ausgebaut. Um 1560 erwarb es Katharina de Medici, und 1875 kam es in den Besitz der Erbin des Zuckerimperiums Say, die den Prinzen de Broglie heiratete. Verschwendungssucht und die Weltwirtschaftskrise 1929 bedeuteden aber das Ende der privaten Nutzung. Im Jahre 1938 kaufte der Staat das Schlo\u00df samt allen L\u00e4ndereien.<\/p>\n<p>Wir besichtigen ohne F\u00fchrung, haben aber eine deutsche Beschreibung und erleben ein Schlo\u00df, welches sich auf den verschiedenen Etagen vollkommen unterschiedlich pr\u00e4sentiert. Die Stockwerke werden zu Abbildern der verschiedenen Besitzer des Schlosses. Die klassischen Zimmer,<\/p>\n<p><a href=\"https:\/\/olu-limburg.de\/wp-content\/uploads\/2017\/09\/DSC09830_ergebnis.jpg\"><img loading=\"lazy\" decoding=\"async\" class=\"size-full wp-image-13263 aligncenter\" src=\"https:\/\/olu-limburg.de\/wp-content\/uploads\/2017\/09\/DSC09830_ergebnis.jpg\" alt=\"\" width=\"800\" height=\"600\" srcset=\"https:\/\/olu-limburg.de\/wp-content\/uploads\/2017\/09\/DSC09830_ergebnis.jpg 800w, https:\/\/olu-limburg.de\/wp-content\/uploads\/2017\/09\/DSC09830_ergebnis-300x225.jpg 300w, https:\/\/olu-limburg.de\/wp-content\/uploads\/2017\/09\/DSC09830_ergebnis-768x576.jpg 768w, https:\/\/olu-limburg.de\/wp-content\/uploads\/2017\/09\/DSC09830_ergebnis-624x468.jpg 624w\" sizes=\"auto, (max-width: 800px) 100vw, 800px\" \/><\/a><\/p>\n<div id=\"attachment_13262\" style=\"width: 810px\" class=\"wp-caption alignnone\"><a href=\"https:\/\/olu-limburg.de\/wp-content\/uploads\/2017\/09\/DSC09823_ergebnis.jpg\"><img loading=\"lazy\" decoding=\"async\" aria-describedby=\"caption-attachment-13262\" class=\"size-full wp-image-13262\" src=\"https:\/\/olu-limburg.de\/wp-content\/uploads\/2017\/09\/DSC09823_ergebnis.jpg\" alt=\"\" width=\"800\" height=\"600\" srcset=\"https:\/\/olu-limburg.de\/wp-content\/uploads\/2017\/09\/DSC09823_ergebnis.jpg 800w, https:\/\/olu-limburg.de\/wp-content\/uploads\/2017\/09\/DSC09823_ergebnis-300x225.jpg 300w, https:\/\/olu-limburg.de\/wp-content\/uploads\/2017\/09\/DSC09823_ergebnis-768x576.jpg 768w, https:\/\/olu-limburg.de\/wp-content\/uploads\/2017\/09\/DSC09823_ergebnis-624x468.jpg 624w\" sizes=\"auto, (max-width: 800px) 100vw, 800px\" \/><\/a><p id=\"caption-attachment-13262\" class=\"wp-caption-text\">Gastzimmer des Astrologen Cosimo Ruggieri<\/p><\/div>\n<p><a href=\"https:\/\/olu-limburg.de\/wp-content\/uploads\/2017\/09\/DSC09837_ergebnis-e1509447541655.jpg\"><img loading=\"lazy\" decoding=\"async\" class=\"size-full wp-image-13266 alignleft\" src=\"https:\/\/olu-limburg.de\/wp-content\/uploads\/2017\/09\/DSC09837_ergebnis-e1509447541655.jpg\" alt=\"\" width=\"450\" height=\"600\" \/><\/a><\/p>\n<p><a href=\"https:\/\/olu-limburg.de\/wp-content\/uploads\/2017\/09\/DSC09834_ergebnis-e1509447563389.jpg\"><img loading=\"lazy\" decoding=\"async\" class=\"size-full wp-image-13264 alignright\" src=\"https:\/\/olu-limburg.de\/wp-content\/uploads\/2017\/09\/DSC09834_ergebnis-e1509447563389.jpg\" alt=\"\" width=\"450\" height=\"600\" \/><\/a><\/p>\n<p>&nbsp;<\/p>\n<div id=\"attachment_13253\" style=\"width: 460px\" class=\"wp-caption aligncenter\"><a href=\"https:\/\/olu-limburg.de\/wp-content\/uploads\/2017\/09\/P1060293_ergebnis-e1509447206460.jpg\"><img loading=\"lazy\" decoding=\"async\" aria-describedby=\"caption-attachment-13253\" class=\"wp-image-13253 size-full\" src=\"https:\/\/olu-limburg.de\/wp-content\/uploads\/2017\/09\/P1060293_ergebnis-e1509447206460.jpg\" alt=\"\" width=\"450\" height=\"600\" \/><\/a><p id=\"caption-attachment-13253\" class=\"wp-caption-text\">Blick in Kapelle<\/p><\/div>\n<p><a href=\"https:\/\/olu-limburg.de\/wp-content\/uploads\/2017\/09\/DSC09848_ergebnis.jpg\"><img loading=\"lazy\" decoding=\"async\" class=\"alignnone size-full wp-image-13271\" src=\"https:\/\/olu-limburg.de\/wp-content\/uploads\/2017\/09\/DSC09848_ergebnis.jpg\" alt=\"\" width=\"800\" height=\"600\" srcset=\"https:\/\/olu-limburg.de\/wp-content\/uploads\/2017\/09\/DSC09848_ergebnis.jpg 800w, https:\/\/olu-limburg.de\/wp-content\/uploads\/2017\/09\/DSC09848_ergebnis-300x225.jpg 300w, https:\/\/olu-limburg.de\/wp-content\/uploads\/2017\/09\/DSC09848_ergebnis-768x576.jpg 768w, https:\/\/olu-limburg.de\/wp-content\/uploads\/2017\/09\/DSC09848_ergebnis-624x468.jpg 624w\" sizes=\"auto, (max-width: 800px) 100vw, 800px\" \/><\/a><\/p>\n<p><a href=\"https:\/\/olu-limburg.de\/wp-content\/uploads\/2017\/09\/DSC09850_ergebnis.jpg\"><img loading=\"lazy\" decoding=\"async\" class=\"alignnone size-full wp-image-13272\" src=\"https:\/\/olu-limburg.de\/wp-content\/uploads\/2017\/09\/DSC09850_ergebnis.jpg\" alt=\"\" width=\"800\" height=\"600\" srcset=\"https:\/\/olu-limburg.de\/wp-content\/uploads\/2017\/09\/DSC09850_ergebnis.jpg 800w, https:\/\/olu-limburg.de\/wp-content\/uploads\/2017\/09\/DSC09850_ergebnis-300x225.jpg 300w, https:\/\/olu-limburg.de\/wp-content\/uploads\/2017\/09\/DSC09850_ergebnis-768x576.jpg 768w, https:\/\/olu-limburg.de\/wp-content\/uploads\/2017\/09\/DSC09850_ergebnis-624x468.jpg 624w\" sizes=\"auto, (max-width: 800px) 100vw, 800px\" \/><\/a><\/p>\n<p>wandeln sich zu Zimmern einer reichen Industriellen-Familie,<\/p>\n<p><a href=\"https:\/\/olu-limburg.de\/wp-content\/uploads\/2017\/09\/P1060298_ergebnis.jpg\"><img loading=\"lazy\" decoding=\"async\" class=\"size-full wp-image-13254 aligncenter\" src=\"https:\/\/olu-limburg.de\/wp-content\/uploads\/2017\/09\/P1060298_ergebnis.jpg\" alt=\"\" width=\"800\" height=\"600\" srcset=\"https:\/\/olu-limburg.de\/wp-content\/uploads\/2017\/09\/P1060298_ergebnis.jpg 800w, https:\/\/olu-limburg.de\/wp-content\/uploads\/2017\/09\/P1060298_ergebnis-300x225.jpg 300w, https:\/\/olu-limburg.de\/wp-content\/uploads\/2017\/09\/P1060298_ergebnis-768x576.jpg 768w, https:\/\/olu-limburg.de\/wp-content\/uploads\/2017\/09\/P1060298_ergebnis-624x468.jpg 624w\" sizes=\"auto, (max-width: 800px) 100vw, 800px\" \/><\/a><\/p>\n<p><a href=\"https:\/\/olu-limburg.de\/wp-content\/uploads\/2017\/09\/DSC09835_ergebnis-e1509447683904.jpg\"><img loading=\"lazy\" decoding=\"async\" class=\"size-full wp-image-13265 aligncenter\" src=\"https:\/\/olu-limburg.de\/wp-content\/uploads\/2017\/09\/DSC09835_ergebnis-e1509447683904.jpg\" alt=\"\" width=\"450\" height=\"600\" \/><\/a><\/p>\n<p>&nbsp;<\/p>\n<p><a href=\"https:\/\/olu-limburg.de\/wp-content\/uploads\/2017\/09\/P1060308_ergebnis.jpg\"><img loading=\"lazy\" decoding=\"async\" class=\"size-full wp-image-13257 aligncenter\" src=\"https:\/\/olu-limburg.de\/wp-content\/uploads\/2017\/09\/P1060308_ergebnis.jpg\" alt=\"\" width=\"800\" height=\"600\" srcset=\"https:\/\/olu-limburg.de\/wp-content\/uploads\/2017\/09\/P1060308_ergebnis.jpg 800w, https:\/\/olu-limburg.de\/wp-content\/uploads\/2017\/09\/P1060308_ergebnis-300x225.jpg 300w, https:\/\/olu-limburg.de\/wp-content\/uploads\/2017\/09\/P1060308_ergebnis-768x576.jpg 768w, https:\/\/olu-limburg.de\/wp-content\/uploads\/2017\/09\/P1060308_ergebnis-624x468.jpg 624w\" sizes=\"auto, (max-width: 800px) 100vw, 800px\" \/><\/a><\/p>\n<p><a href=\"https:\/\/olu-limburg.de\/wp-content\/uploads\/2017\/09\/DSC09854_ergebnis.jpg\"><img loading=\"lazy\" decoding=\"async\" class=\"size-full wp-image-13274 aligncenter\" src=\"https:\/\/olu-limburg.de\/wp-content\/uploads\/2017\/09\/DSC09854_ergebnis.jpg\" alt=\"\" width=\"800\" height=\"600\" srcset=\"https:\/\/olu-limburg.de\/wp-content\/uploads\/2017\/09\/DSC09854_ergebnis.jpg 800w, https:\/\/olu-limburg.de\/wp-content\/uploads\/2017\/09\/DSC09854_ergebnis-300x225.jpg 300w, https:\/\/olu-limburg.de\/wp-content\/uploads\/2017\/09\/DSC09854_ergebnis-768x576.jpg 768w, https:\/\/olu-limburg.de\/wp-content\/uploads\/2017\/09\/DSC09854_ergebnis-624x468.jpg 624w\" sizes=\"auto, (max-width: 800px) 100vw, 800px\" \/><\/a><\/p>\n<p><a href=\"https:\/\/olu-limburg.de\/wp-content\/uploads\/2017\/09\/DSC09855_ergebnis.jpg\"><img loading=\"lazy\" decoding=\"async\" class=\"size-full wp-image-13275 aligncenter\" src=\"https:\/\/olu-limburg.de\/wp-content\/uploads\/2017\/09\/DSC09855_ergebnis.jpg\" alt=\"\" width=\"800\" height=\"600\" srcset=\"https:\/\/olu-limburg.de\/wp-content\/uploads\/2017\/09\/DSC09855_ergebnis.jpg 800w, https:\/\/olu-limburg.de\/wp-content\/uploads\/2017\/09\/DSC09855_ergebnis-300x225.jpg 300w, https:\/\/olu-limburg.de\/wp-content\/uploads\/2017\/09\/DSC09855_ergebnis-768x576.jpg 768w, https:\/\/olu-limburg.de\/wp-content\/uploads\/2017\/09\/DSC09855_ergebnis-624x468.jpg 624w\" sizes=\"auto, (max-width: 800px) 100vw, 800px\" \/><\/a><\/p>\n<p><a href=\"https:\/\/olu-limburg.de\/wp-content\/uploads\/2017\/09\/DSC09844_ergebnis.jpg\"><img loading=\"lazy\" decoding=\"async\" class=\"alignnone size-full wp-image-13269\" src=\"https:\/\/olu-limburg.de\/wp-content\/uploads\/2017\/09\/DSC09844_ergebnis.jpg\" alt=\"\" width=\"800\" height=\"600\" srcset=\"https:\/\/olu-limburg.de\/wp-content\/uploads\/2017\/09\/DSC09844_ergebnis.jpg 800w, https:\/\/olu-limburg.de\/wp-content\/uploads\/2017\/09\/DSC09844_ergebnis-300x225.jpg 300w, https:\/\/olu-limburg.de\/wp-content\/uploads\/2017\/09\/DSC09844_ergebnis-768x576.jpg 768w, https:\/\/olu-limburg.de\/wp-content\/uploads\/2017\/09\/DSC09844_ergebnis-624x468.jpg 624w\" sizes=\"auto, (max-width: 800px) 100vw, 800px\" \/><\/a><\/p>\n<p><a href=\"https:\/\/olu-limburg.de\/wp-content\/uploads\/2017\/09\/DSC09847_ergebnis.jpg\"><img loading=\"lazy\" decoding=\"async\" class=\"size-full wp-image-13270 aligncenter\" src=\"https:\/\/olu-limburg.de\/wp-content\/uploads\/2017\/09\/DSC09847_ergebnis.jpg\" alt=\"\" width=\"800\" height=\"600\" srcset=\"https:\/\/olu-limburg.de\/wp-content\/uploads\/2017\/09\/DSC09847_ergebnis.jpg 800w, https:\/\/olu-limburg.de\/wp-content\/uploads\/2017\/09\/DSC09847_ergebnis-300x225.jpg 300w, https:\/\/olu-limburg.de\/wp-content\/uploads\/2017\/09\/DSC09847_ergebnis-768x576.jpg 768w, https:\/\/olu-limburg.de\/wp-content\/uploads\/2017\/09\/DSC09847_ergebnis-624x468.jpg 624w\" sizes=\"auto, (max-width: 800px) 100vw, 800px\" \/><\/a><\/p>\n<p>und ganz oben wohnt die Dienerschaft und sind die Abstellzimmer.<\/p>\n<p><a href=\"https:\/\/olu-limburg.de\/wp-content\/uploads\/2017\/09\/DSC09842_ergebnis-e1509447911351.jpg\"><img loading=\"lazy\" decoding=\"async\" class=\"size-full wp-image-13268 aligncenter\" src=\"https:\/\/olu-limburg.de\/wp-content\/uploads\/2017\/09\/DSC09842_ergebnis-e1509447911351.jpg\" alt=\"\" width=\"450\" height=\"600\" \/><\/a><\/p>\n<p><a href=\"https:\/\/olu-limburg.de\/wp-content\/uploads\/2017\/09\/P1060304_ergebnis.jpg\"><img loading=\"lazy\" decoding=\"async\" class=\"size-full wp-image-13255 aligncenter\" src=\"https:\/\/olu-limburg.de\/wp-content\/uploads\/2017\/09\/P1060304_ergebnis.jpg\" alt=\"\" width=\"800\" height=\"600\" srcset=\"https:\/\/olu-limburg.de\/wp-content\/uploads\/2017\/09\/P1060304_ergebnis.jpg 800w, https:\/\/olu-limburg.de\/wp-content\/uploads\/2017\/09\/P1060304_ergebnis-300x225.jpg 300w, https:\/\/olu-limburg.de\/wp-content\/uploads\/2017\/09\/P1060304_ergebnis-768x576.jpg 768w, https:\/\/olu-limburg.de\/wp-content\/uploads\/2017\/09\/P1060304_ergebnis-624x468.jpg 624w\" sizes=\"auto, (max-width: 800px) 100vw, 800px\" \/><\/a><\/p>\n<p><a href=\"https:\/\/olu-limburg.de\/wp-content\/uploads\/2017\/09\/P1060305_ergebnis.jpg\"><img loading=\"lazy\" decoding=\"async\" class=\"size-full wp-image-13256 aligncenter\" src=\"https:\/\/olu-limburg.de\/wp-content\/uploads\/2017\/09\/P1060305_ergebnis.jpg\" alt=\"\" width=\"800\" height=\"600\" srcset=\"https:\/\/olu-limburg.de\/wp-content\/uploads\/2017\/09\/P1060305_ergebnis.jpg 800w, https:\/\/olu-limburg.de\/wp-content\/uploads\/2017\/09\/P1060305_ergebnis-300x225.jpg 300w, https:\/\/olu-limburg.de\/wp-content\/uploads\/2017\/09\/P1060305_ergebnis-768x576.jpg 768w, https:\/\/olu-limburg.de\/wp-content\/uploads\/2017\/09\/P1060305_ergebnis-624x468.jpg 624w\" sizes=\"auto, (max-width: 800px) 100vw, 800px\" \/><\/a><\/p>\n<p><a href=\"https:\/\/olu-limburg.de\/wp-content\/uploads\/2017\/09\/DSC09861_ergebnis-e1509448039726.jpg\"><img loading=\"lazy\" decoding=\"async\" class=\"size-full wp-image-13278 aligncenter\" src=\"https:\/\/olu-limburg.de\/wp-content\/uploads\/2017\/09\/DSC09861_ergebnis-e1509448039726.jpg\" alt=\"\" width=\"450\" height=\"600\" \/><\/a><\/p>\n<p><a href=\"https:\/\/olu-limburg.de\/wp-content\/uploads\/2017\/09\/DSC09857_ergebnis.jpg\"><img loading=\"lazy\" decoding=\"async\" class=\"size-full wp-image-13277 aligncenter\" src=\"https:\/\/olu-limburg.de\/wp-content\/uploads\/2017\/09\/DSC09857_ergebnis.jpg\" alt=\"\" width=\"800\" height=\"600\" srcset=\"https:\/\/olu-limburg.de\/wp-content\/uploads\/2017\/09\/DSC09857_ergebnis.jpg 800w, https:\/\/olu-limburg.de\/wp-content\/uploads\/2017\/09\/DSC09857_ergebnis-300x225.jpg 300w, https:\/\/olu-limburg.de\/wp-content\/uploads\/2017\/09\/DSC09857_ergebnis-768x576.jpg 768w, https:\/\/olu-limburg.de\/wp-content\/uploads\/2017\/09\/DSC09857_ergebnis-624x468.jpg 624w\" sizes=\"auto, (max-width: 800px) 100vw, 800px\" \/><\/a><\/p>\n<div id=\"attachment_13276\" style=\"width: 810px\" class=\"wp-caption aligncenter\"><a href=\"https:\/\/olu-limburg.de\/wp-content\/uploads\/2017\/09\/DSC09856_ergebnis.jpg\"><img loading=\"lazy\" decoding=\"async\" aria-describedby=\"caption-attachment-13276\" class=\"wp-image-13276 size-full\" src=\"https:\/\/olu-limburg.de\/wp-content\/uploads\/2017\/09\/DSC09856_ergebnis.jpg\" alt=\"\" width=\"800\" height=\"600\" srcset=\"https:\/\/olu-limburg.de\/wp-content\/uploads\/2017\/09\/DSC09856_ergebnis.jpg 800w, https:\/\/olu-limburg.de\/wp-content\/uploads\/2017\/09\/DSC09856_ergebnis-300x225.jpg 300w, https:\/\/olu-limburg.de\/wp-content\/uploads\/2017\/09\/DSC09856_ergebnis-768x576.jpg 768w, https:\/\/olu-limburg.de\/wp-content\/uploads\/2017\/09\/DSC09856_ergebnis-624x468.jpg 624w\" sizes=\"auto, (max-width: 800px) 100vw, 800px\" \/><\/a><p id=\"caption-attachment-13276\" class=\"wp-caption-text\">Im 18. Jhdt. hat man f\u00fcr die Aussicht auf die Loire den Nordfl\u00fcgel geopfert.<\/p><\/div>\n<p><a href=\"https:\/\/olu-limburg.de\/wp-content\/uploads\/2017\/09\/P1060336_ergebnis.jpg\"><img loading=\"lazy\" decoding=\"async\" class=\"size-full wp-image-13258 aligncenter\" src=\"https:\/\/olu-limburg.de\/wp-content\/uploads\/2017\/09\/P1060336_ergebnis.jpg\" alt=\"\" width=\"800\" height=\"600\" srcset=\"https:\/\/olu-limburg.de\/wp-content\/uploads\/2017\/09\/P1060336_ergebnis.jpg 800w, https:\/\/olu-limburg.de\/wp-content\/uploads\/2017\/09\/P1060336_ergebnis-300x225.jpg 300w, https:\/\/olu-limburg.de\/wp-content\/uploads\/2017\/09\/P1060336_ergebnis-768x576.jpg 768w, https:\/\/olu-limburg.de\/wp-content\/uploads\/2017\/09\/P1060336_ergebnis-624x468.jpg 624w\" sizes=\"auto, (max-width: 800px) 100vw, 800px\" \/><\/a><\/p>\n<p>Wir sind von dem Schloss gegeistert. Das Wetter hat sich mittlerweile auch gebessert. Als n\u00e4chstes besichtigen wir die Stallungen und die Reitschule. In den R\u00e4umlichkeiten ist zur Zeit eine Kunstausstellung untergebracht.<\/p>\n<p><a href=\"https:\/\/olu-limburg.de\/wp-content\/uploads\/2017\/09\/DSC09866_ergebnis.jpg\"><img loading=\"lazy\" decoding=\"async\" class=\"size-full wp-image-13279 aligncenter\" src=\"https:\/\/olu-limburg.de\/wp-content\/uploads\/2017\/09\/DSC09866_ergebnis.jpg\" alt=\"\" width=\"800\" height=\"600\" srcset=\"https:\/\/olu-limburg.de\/wp-content\/uploads\/2017\/09\/DSC09866_ergebnis.jpg 800w, https:\/\/olu-limburg.de\/wp-content\/uploads\/2017\/09\/DSC09866_ergebnis-300x225.jpg 300w, https:\/\/olu-limburg.de\/wp-content\/uploads\/2017\/09\/DSC09866_ergebnis-768x576.jpg 768w, https:\/\/olu-limburg.de\/wp-content\/uploads\/2017\/09\/DSC09866_ergebnis-624x468.jpg 624w\" sizes=\"auto, (max-width: 800px) 100vw, 800px\" \/><\/a><\/p>\n<p><a href=\"https:\/\/olu-limburg.de\/wp-content\/uploads\/2017\/09\/DSC09875_ergebnis.jpg\"><img loading=\"lazy\" decoding=\"async\" class=\"size-full wp-image-13282 aligncenter\" src=\"https:\/\/olu-limburg.de\/wp-content\/uploads\/2017\/09\/DSC09875_ergebnis.jpg\" alt=\"\" width=\"800\" height=\"600\" srcset=\"https:\/\/olu-limburg.de\/wp-content\/uploads\/2017\/09\/DSC09875_ergebnis.jpg 800w, https:\/\/olu-limburg.de\/wp-content\/uploads\/2017\/09\/DSC09875_ergebnis-300x225.jpg 300w, https:\/\/olu-limburg.de\/wp-content\/uploads\/2017\/09\/DSC09875_ergebnis-768x576.jpg 768w, https:\/\/olu-limburg.de\/wp-content\/uploads\/2017\/09\/DSC09875_ergebnis-624x468.jpg 624w\" sizes=\"auto, (max-width: 800px) 100vw, 800px\" \/><\/a><\/p>\n<p><a href=\"https:\/\/olu-limburg.de\/wp-content\/uploads\/2017\/09\/DSC09869_ergebnis.jpg\"><img loading=\"lazy\" decoding=\"async\" class=\"size-full wp-image-13280 aligncenter\" src=\"https:\/\/olu-limburg.de\/wp-content\/uploads\/2017\/09\/DSC09869_ergebnis.jpg\" alt=\"\" width=\"800\" height=\"600\" srcset=\"https:\/\/olu-limburg.de\/wp-content\/uploads\/2017\/09\/DSC09869_ergebnis.jpg 800w, https:\/\/olu-limburg.de\/wp-content\/uploads\/2017\/09\/DSC09869_ergebnis-300x225.jpg 300w, https:\/\/olu-limburg.de\/wp-content\/uploads\/2017\/09\/DSC09869_ergebnis-768x576.jpg 768w, https:\/\/olu-limburg.de\/wp-content\/uploads\/2017\/09\/DSC09869_ergebnis-624x468.jpg 624w\" sizes=\"auto, (max-width: 800px) 100vw, 800px\" \/><\/a><\/p>\n<p><a href=\"https:\/\/olu-limburg.de\/wp-content\/uploads\/2017\/09\/DSC09873_ergebnis.jpg\"><img loading=\"lazy\" decoding=\"async\" class=\"alignnone size-full wp-image-13281\" src=\"https:\/\/olu-limburg.de\/wp-content\/uploads\/2017\/09\/DSC09873_ergebnis.jpg\" alt=\"\" width=\"800\" height=\"600\" srcset=\"https:\/\/olu-limburg.de\/wp-content\/uploads\/2017\/09\/DSC09873_ergebnis.jpg 800w, https:\/\/olu-limburg.de\/wp-content\/uploads\/2017\/09\/DSC09873_ergebnis-300x225.jpg 300w, https:\/\/olu-limburg.de\/wp-content\/uploads\/2017\/09\/DSC09873_ergebnis-768x576.jpg 768w, https:\/\/olu-limburg.de\/wp-content\/uploads\/2017\/09\/DSC09873_ergebnis-624x468.jpg 624w\" sizes=\"auto, (max-width: 800px) 100vw, 800px\" \/><\/a><\/p>\n<p><a href=\"https:\/\/olu-limburg.de\/wp-content\/uploads\/2017\/09\/DSC09876_ergebnis-e1509448102826.jpg\"><img loading=\"lazy\" decoding=\"async\" class=\"size-full wp-image-13283 aligncenter\" src=\"https:\/\/olu-limburg.de\/wp-content\/uploads\/2017\/09\/DSC09876_ergebnis-e1509448102826.jpg\" alt=\"\" width=\"450\" height=\"600\" \/><\/a><\/p>\n<p><a href=\"https:\/\/olu-limburg.de\/wp-content\/uploads\/2017\/09\/DSC09880_ergebnis.jpg\"><img loading=\"lazy\" decoding=\"async\" class=\"size-full wp-image-13284 aligncenter\" src=\"https:\/\/olu-limburg.de\/wp-content\/uploads\/2017\/09\/DSC09880_ergebnis.jpg\" alt=\"\" width=\"800\" height=\"600\" srcset=\"https:\/\/olu-limburg.de\/wp-content\/uploads\/2017\/09\/DSC09880_ergebnis.jpg 800w, https:\/\/olu-limburg.de\/wp-content\/uploads\/2017\/09\/DSC09880_ergebnis-300x225.jpg 300w, https:\/\/olu-limburg.de\/wp-content\/uploads\/2017\/09\/DSC09880_ergebnis-768x576.jpg 768w, https:\/\/olu-limburg.de\/wp-content\/uploads\/2017\/09\/DSC09880_ergebnis-624x468.jpg 624w\" sizes=\"auto, (max-width: 800px) 100vw, 800px\" \/><\/a><\/p>\n<p><a href=\"https:\/\/olu-limburg.de\/wp-content\/uploads\/2017\/09\/DSC09884_ergebnis-e1509448129759.jpg\"><img loading=\"lazy\" decoding=\"async\" class=\"size-full wp-image-13285 aligncenter\" src=\"https:\/\/olu-limburg.de\/wp-content\/uploads\/2017\/09\/DSC09884_ergebnis-e1509448129759.jpg\" alt=\"\" width=\"450\" height=\"600\" \/><\/a><\/p>\n<p><a href=\"https:\/\/olu-limburg.de\/wp-content\/uploads\/2017\/09\/DSC09887_ergebnis.jpg\"><img loading=\"lazy\" decoding=\"async\" class=\"size-full wp-image-13287 aligncenter\" src=\"https:\/\/olu-limburg.de\/wp-content\/uploads\/2017\/09\/DSC09887_ergebnis.jpg\" alt=\"\" width=\"800\" height=\"600\" srcset=\"https:\/\/olu-limburg.de\/wp-content\/uploads\/2017\/09\/DSC09887_ergebnis.jpg 800w, https:\/\/olu-limburg.de\/wp-content\/uploads\/2017\/09\/DSC09887_ergebnis-300x225.jpg 300w, https:\/\/olu-limburg.de\/wp-content\/uploads\/2017\/09\/DSC09887_ergebnis-768x576.jpg 768w, https:\/\/olu-limburg.de\/wp-content\/uploads\/2017\/09\/DSC09887_ergebnis-624x468.jpg 624w\" sizes=\"auto, (max-width: 800px) 100vw, 800px\" \/><\/a><\/p>\n<p><a href=\"https:\/\/olu-limburg.de\/wp-content\/uploads\/2017\/09\/DSC09890_ergebnis.jpg\"><img loading=\"lazy\" decoding=\"async\" class=\"size-full wp-image-13288 aligncenter\" src=\"https:\/\/olu-limburg.de\/wp-content\/uploads\/2017\/09\/DSC09890_ergebnis.jpg\" alt=\"\" width=\"800\" height=\"600\" srcset=\"https:\/\/olu-limburg.de\/wp-content\/uploads\/2017\/09\/DSC09890_ergebnis.jpg 800w, https:\/\/olu-limburg.de\/wp-content\/uploads\/2017\/09\/DSC09890_ergebnis-300x225.jpg 300w, https:\/\/olu-limburg.de\/wp-content\/uploads\/2017\/09\/DSC09890_ergebnis-768x576.jpg 768w, https:\/\/olu-limburg.de\/wp-content\/uploads\/2017\/09\/DSC09890_ergebnis-624x468.jpg 624w\" sizes=\"auto, (max-width: 800px) 100vw, 800px\" \/><\/a><\/p>\n<p>Oberhalb Reitst\u00e4lle befindet sich die Orangerie mit weiteren Verwaltungsgeb\u00e4uden und Restaurants, die leider nicht in Betrieb sind.<\/p>\n<p><a href=\"https:\/\/olu-limburg.de\/wp-content\/uploads\/2017\/09\/DSC09902_ergebnis.jpg\"><img loading=\"lazy\" decoding=\"async\" class=\"size-full wp-image-13294 aligncenter\" src=\"https:\/\/olu-limburg.de\/wp-content\/uploads\/2017\/09\/DSC09902_ergebnis.jpg\" alt=\"\" width=\"800\" height=\"600\" srcset=\"https:\/\/olu-limburg.de\/wp-content\/uploads\/2017\/09\/DSC09902_ergebnis.jpg 800w, https:\/\/olu-limburg.de\/wp-content\/uploads\/2017\/09\/DSC09902_ergebnis-300x225.jpg 300w, https:\/\/olu-limburg.de\/wp-content\/uploads\/2017\/09\/DSC09902_ergebnis-768x576.jpg 768w, https:\/\/olu-limburg.de\/wp-content\/uploads\/2017\/09\/DSC09902_ergebnis-624x468.jpg 624w\" sizes=\"auto, (max-width: 800px) 100vw, 800px\" \/><\/a><\/p>\n<p><a href=\"https:\/\/olu-limburg.de\/wp-content\/uploads\/2017\/09\/DSC09903_ergebnis.jpg\"><img loading=\"lazy\" decoding=\"async\" class=\"size-full wp-image-13295 aligncenter\" src=\"https:\/\/olu-limburg.de\/wp-content\/uploads\/2017\/09\/DSC09903_ergebnis.jpg\" alt=\"\" width=\"800\" height=\"600\" srcset=\"https:\/\/olu-limburg.de\/wp-content\/uploads\/2017\/09\/DSC09903_ergebnis.jpg 800w, https:\/\/olu-limburg.de\/wp-content\/uploads\/2017\/09\/DSC09903_ergebnis-300x225.jpg 300w, https:\/\/olu-limburg.de\/wp-content\/uploads\/2017\/09\/DSC09903_ergebnis-768x576.jpg 768w, https:\/\/olu-limburg.de\/wp-content\/uploads\/2017\/09\/DSC09903_ergebnis-624x468.jpg 624w\" sizes=\"auto, (max-width: 800px) 100vw, 800px\" \/><\/a><\/p>\n<p><a href=\"https:\/\/olu-limburg.de\/wp-content\/uploads\/2017\/09\/DSC09905_ergebnis.jpg\"><img loading=\"lazy\" decoding=\"async\" class=\"alignnone size-full wp-image-13296\" src=\"https:\/\/olu-limburg.de\/wp-content\/uploads\/2017\/09\/DSC09905_ergebnis.jpg\" alt=\"\" width=\"800\" height=\"600\" srcset=\"https:\/\/olu-limburg.de\/wp-content\/uploads\/2017\/09\/DSC09905_ergebnis.jpg 800w, https:\/\/olu-limburg.de\/wp-content\/uploads\/2017\/09\/DSC09905_ergebnis-300x225.jpg 300w, https:\/\/olu-limburg.de\/wp-content\/uploads\/2017\/09\/DSC09905_ergebnis-768x576.jpg 768w, https:\/\/olu-limburg.de\/wp-content\/uploads\/2017\/09\/DSC09905_ergebnis-624x468.jpg 624w\" sizes=\"auto, (max-width: 800px) 100vw, 800px\" \/><\/a><\/p>\n<p>&nbsp;<\/p>\n<p><a href=\"https:\/\/olu-limburg.de\/wp-content\/uploads\/2017\/09\/20170910_135208_ergebnis-1-e1509447099817.jpg\"><img loading=\"lazy\" decoding=\"async\" class=\"size-full wp-image-13250 aligncenter\" src=\"https:\/\/olu-limburg.de\/wp-content\/uploads\/2017\/09\/20170910_135208_ergebnis-1-e1509447099817.jpg\" alt=\"\" width=\"450\" height=\"600\" \/><\/a><\/p>\n<p><a href=\"https:\/\/olu-limburg.de\/wp-content\/uploads\/2017\/09\/DSC09911_ergebnis.jpg\"><img loading=\"lazy\" decoding=\"async\" class=\"size-full wp-image-13298 aligncenter\" src=\"https:\/\/olu-limburg.de\/wp-content\/uploads\/2017\/09\/DSC09911_ergebnis.jpg\" alt=\"\" width=\"800\" height=\"600\" srcset=\"https:\/\/olu-limburg.de\/wp-content\/uploads\/2017\/09\/DSC09911_ergebnis.jpg 800w, https:\/\/olu-limburg.de\/wp-content\/uploads\/2017\/09\/DSC09911_ergebnis-300x225.jpg 300w, https:\/\/olu-limburg.de\/wp-content\/uploads\/2017\/09\/DSC09911_ergebnis-768x576.jpg 768w, https:\/\/olu-limburg.de\/wp-content\/uploads\/2017\/09\/DSC09911_ergebnis-624x468.jpg 624w\" sizes=\"auto, (max-width: 800px) 100vw, 800px\" \/><\/a><\/p>\n<p>Das Schloss war urspr\u00fcnglich als wehrhafte Festung geplant . Erst der Graf von Aramon lie\u00df im 19. Jhdt. mit der Anpflanzung den Park entstehen. Das heutige Aussehen verdanken wir aber dem F\u00fcrsten Broglie, der 1884 in Zusammenarbeit mit einem Gartenarchitekten eine neue Landschaft entstehen lie\u00df. Hierzu riss er zwei D\u00f6rfer ab, versetzte Friedhof und Kirche, und siedelte die Anwohner etwas weiter au\u00dferhalb und an der Loire neu an.<\/p>\n<p><a href=\"https:\/\/olu-limburg.de\/wp-content\/uploads\/2017\/09\/P1060375_ergebnis.jpg\"><img loading=\"lazy\" decoding=\"async\" class=\"size-full wp-image-13325 aligncenter\" src=\"https:\/\/olu-limburg.de\/wp-content\/uploads\/2017\/09\/P1060375_ergebnis.jpg\" alt=\"\" width=\"800\" height=\"600\" srcset=\"https:\/\/olu-limburg.de\/wp-content\/uploads\/2017\/09\/P1060375_ergebnis.jpg 800w, https:\/\/olu-limburg.de\/wp-content\/uploads\/2017\/09\/P1060375_ergebnis-300x225.jpg 300w, https:\/\/olu-limburg.de\/wp-content\/uploads\/2017\/09\/P1060375_ergebnis-768x576.jpg 768w, https:\/\/olu-limburg.de\/wp-content\/uploads\/2017\/09\/P1060375_ergebnis-624x468.jpg 624w\" sizes=\"auto, (max-width: 800px) 100vw, 800px\" \/><\/a><\/p>\n<p><a href=\"https:\/\/olu-limburg.de\/wp-content\/uploads\/2017\/09\/P1060337_ergebnis-e1509718511170.jpg\"><img loading=\"lazy\" decoding=\"async\" class=\"size-full wp-image-13322 aligncenter\" src=\"https:\/\/olu-limburg.de\/wp-content\/uploads\/2017\/09\/P1060337_ergebnis-e1509718511170.jpg\" alt=\"\" width=\"450\" height=\"600\" \/><\/a><\/p>\n<p>&#8222;Kindergarten&#8220;:<\/p>\n<p><a href=\"https:\/\/olu-limburg.de\/wp-content\/uploads\/2017\/09\/DSC09916_ergebnis.jpg\"><img loading=\"lazy\" decoding=\"async\" class=\"size-full wp-image-13300 aligncenter\" src=\"https:\/\/olu-limburg.de\/wp-content\/uploads\/2017\/09\/DSC09916_ergebnis.jpg\" alt=\"\" width=\"800\" height=\"600\" srcset=\"https:\/\/olu-limburg.de\/wp-content\/uploads\/2017\/09\/DSC09916_ergebnis.jpg 800w, https:\/\/olu-limburg.de\/wp-content\/uploads\/2017\/09\/DSC09916_ergebnis-300x225.jpg 300w, https:\/\/olu-limburg.de\/wp-content\/uploads\/2017\/09\/DSC09916_ergebnis-768x576.jpg 768w, https:\/\/olu-limburg.de\/wp-content\/uploads\/2017\/09\/DSC09916_ergebnis-624x468.jpg 624w\" sizes=\"auto, (max-width: 800px) 100vw, 800px\" \/><\/a><\/p>\n<p><a href=\"https:\/\/olu-limburg.de\/wp-content\/uploads\/2017\/09\/DSC09915_ergebnis-e1509718576405.jpg\"><img loading=\"lazy\" decoding=\"async\" class=\"size-full wp-image-13299 aligncenter\" src=\"https:\/\/olu-limburg.de\/wp-content\/uploads\/2017\/09\/DSC09915_ergebnis-e1509718576405.jpg\" alt=\"\" width=\"450\" height=\"600\" \/><\/a><\/p>\n<p><a href=\"https:\/\/olu-limburg.de\/wp-content\/uploads\/2017\/09\/DSC09917_ergebnis.jpg\"><img loading=\"lazy\" decoding=\"async\" class=\"size-full wp-image-13301 aligncenter\" src=\"https:\/\/olu-limburg.de\/wp-content\/uploads\/2017\/09\/DSC09917_ergebnis.jpg\" alt=\"\" width=\"800\" height=\"600\" srcset=\"https:\/\/olu-limburg.de\/wp-content\/uploads\/2017\/09\/DSC09917_ergebnis.jpg 800w, https:\/\/olu-limburg.de\/wp-content\/uploads\/2017\/09\/DSC09917_ergebnis-300x225.jpg 300w, https:\/\/olu-limburg.de\/wp-content\/uploads\/2017\/09\/DSC09917_ergebnis-768x576.jpg 768w, https:\/\/olu-limburg.de\/wp-content\/uploads\/2017\/09\/DSC09917_ergebnis-624x468.jpg 624w\" sizes=\"auto, (max-width: 800px) 100vw, 800px\" \/><\/a><\/p>\n<p><a href=\"https:\/\/olu-limburg.de\/wp-content\/uploads\/2017\/09\/DSC09918_ergebnis.jpg\"><img loading=\"lazy\" decoding=\"async\" class=\"size-full wp-image-13302 aligncenter\" src=\"https:\/\/olu-limburg.de\/wp-content\/uploads\/2017\/09\/DSC09918_ergebnis.jpg\" alt=\"\" width=\"800\" height=\"600\" srcset=\"https:\/\/olu-limburg.de\/wp-content\/uploads\/2017\/09\/DSC09918_ergebnis.jpg 800w, https:\/\/olu-limburg.de\/wp-content\/uploads\/2017\/09\/DSC09918_ergebnis-300x225.jpg 300w, https:\/\/olu-limburg.de\/wp-content\/uploads\/2017\/09\/DSC09918_ergebnis-768x576.jpg 768w, https:\/\/olu-limburg.de\/wp-content\/uploads\/2017\/09\/DSC09918_ergebnis-624x468.jpg 624w\" sizes=\"auto, (max-width: 800px) 100vw, 800px\" \/><\/a><\/p>\n<p>Kr\u00e4utergaren:<\/p>\n<p><a href=\"https:\/\/olu-limburg.de\/wp-content\/uploads\/2017\/09\/DSC09922_ergebnis-e1509718716949.jpg\"><img loading=\"lazy\" decoding=\"async\" class=\"size-full wp-image-13303 aligncenter\" src=\"https:\/\/olu-limburg.de\/wp-content\/uploads\/2017\/09\/DSC09922_ergebnis-e1509718716949.jpg\" alt=\"\" width=\"450\" height=\"600\" \/><\/a><\/p>\n<p><a href=\"https:\/\/olu-limburg.de\/wp-content\/uploads\/2017\/09\/P1060367_ergebnis.jpg\"><img loading=\"lazy\" decoding=\"async\" class=\"size-full wp-image-13324 aligncenter\" src=\"https:\/\/olu-limburg.de\/wp-content\/uploads\/2017\/09\/P1060367_ergebnis.jpg\" alt=\"\" width=\"800\" height=\"600\" srcset=\"https:\/\/olu-limburg.de\/wp-content\/uploads\/2017\/09\/P1060367_ergebnis.jpg 800w, https:\/\/olu-limburg.de\/wp-content\/uploads\/2017\/09\/P1060367_ergebnis-300x225.jpg 300w, https:\/\/olu-limburg.de\/wp-content\/uploads\/2017\/09\/P1060367_ergebnis-768x576.jpg 768w, https:\/\/olu-limburg.de\/wp-content\/uploads\/2017\/09\/P1060367_ergebnis-624x468.jpg 624w\" sizes=\"auto, (max-width: 800px) 100vw, 800px\" \/><\/a><\/p>\n<p>Lustgarten:<\/p>\n<p><a href=\"https:\/\/olu-limburg.de\/wp-content\/uploads\/2017\/09\/DSC09923_ergebnis.jpg\"><img loading=\"lazy\" decoding=\"async\" class=\"size-full wp-image-13304 aligncenter\" src=\"https:\/\/olu-limburg.de\/wp-content\/uploads\/2017\/09\/DSC09923_ergebnis.jpg\" alt=\"\" width=\"800\" height=\"600\" srcset=\"https:\/\/olu-limburg.de\/wp-content\/uploads\/2017\/09\/DSC09923_ergebnis.jpg 800w, https:\/\/olu-limburg.de\/wp-content\/uploads\/2017\/09\/DSC09923_ergebnis-300x225.jpg 300w, https:\/\/olu-limburg.de\/wp-content\/uploads\/2017\/09\/DSC09923_ergebnis-768x576.jpg 768w, https:\/\/olu-limburg.de\/wp-content\/uploads\/2017\/09\/DSC09923_ergebnis-624x468.jpg 624w\" sizes=\"auto, (max-width: 800px) 100vw, 800px\" \/><\/a><\/p>\n<p><a href=\"https:\/\/olu-limburg.de\/wp-content\/uploads\/2017\/09\/DSC09924_ergebnis.jpg\"><img loading=\"lazy\" decoding=\"async\" class=\"size-full wp-image-13305 aligncenter\" src=\"https:\/\/olu-limburg.de\/wp-content\/uploads\/2017\/09\/DSC09924_ergebnis.jpg\" alt=\"\" width=\"800\" height=\"600\" srcset=\"https:\/\/olu-limburg.de\/wp-content\/uploads\/2017\/09\/DSC09924_ergebnis.jpg 800w, https:\/\/olu-limburg.de\/wp-content\/uploads\/2017\/09\/DSC09924_ergebnis-300x225.jpg 300w, https:\/\/olu-limburg.de\/wp-content\/uploads\/2017\/09\/DSC09924_ergebnis-768x576.jpg 768w, https:\/\/olu-limburg.de\/wp-content\/uploads\/2017\/09\/DSC09924_ergebnis-624x468.jpg 624w\" sizes=\"auto, (max-width: 800px) 100vw, 800px\" \/><\/a><\/p>\n<p><a href=\"https:\/\/olu-limburg.de\/wp-content\/uploads\/2017\/09\/DSC09927_ergebnis.jpg\"><img loading=\"lazy\" decoding=\"async\" class=\"size-full wp-image-13306 aligncenter\" src=\"https:\/\/olu-limburg.de\/wp-content\/uploads\/2017\/09\/DSC09927_ergebnis.jpg\" alt=\"\" width=\"800\" height=\"600\" srcset=\"https:\/\/olu-limburg.de\/wp-content\/uploads\/2017\/09\/DSC09927_ergebnis.jpg 800w, https:\/\/olu-limburg.de\/wp-content\/uploads\/2017\/09\/DSC09927_ergebnis-300x225.jpg 300w, https:\/\/olu-limburg.de\/wp-content\/uploads\/2017\/09\/DSC09927_ergebnis-768x576.jpg 768w, https:\/\/olu-limburg.de\/wp-content\/uploads\/2017\/09\/DSC09927_ergebnis-624x468.jpg 624w\" sizes=\"auto, (max-width: 800px) 100vw, 800px\" \/><\/a><\/p>\n<p><a href=\"https:\/\/olu-limburg.de\/wp-content\/uploads\/2017\/09\/DSC09930_ergebnis.jpg\"><img loading=\"lazy\" decoding=\"async\" class=\"size-full wp-image-13307 aligncenter\" src=\"https:\/\/olu-limburg.de\/wp-content\/uploads\/2017\/09\/DSC09930_ergebnis.jpg\" alt=\"\" width=\"800\" height=\"600\" srcset=\"https:\/\/olu-limburg.de\/wp-content\/uploads\/2017\/09\/DSC09930_ergebnis.jpg 800w, https:\/\/olu-limburg.de\/wp-content\/uploads\/2017\/09\/DSC09930_ergebnis-300x225.jpg 300w, https:\/\/olu-limburg.de\/wp-content\/uploads\/2017\/09\/DSC09930_ergebnis-768x576.jpg 768w, https:\/\/olu-limburg.de\/wp-content\/uploads\/2017\/09\/DSC09930_ergebnis-624x468.jpg 624w\" sizes=\"auto, (max-width: 800px) 100vw, 800px\" \/><\/a><\/p>\n<p><a href=\"https:\/\/olu-limburg.de\/wp-content\/uploads\/2017\/09\/DSC09936_ergebnis.jpg\"><img loading=\"lazy\" decoding=\"async\" class=\"size-full wp-image-13308 aligncenter\" src=\"https:\/\/olu-limburg.de\/wp-content\/uploads\/2017\/09\/DSC09936_ergebnis.jpg\" alt=\"\" width=\"800\" height=\"600\" srcset=\"https:\/\/olu-limburg.de\/wp-content\/uploads\/2017\/09\/DSC09936_ergebnis.jpg 800w, https:\/\/olu-limburg.de\/wp-content\/uploads\/2017\/09\/DSC09936_ergebnis-300x225.jpg 300w, https:\/\/olu-limburg.de\/wp-content\/uploads\/2017\/09\/DSC09936_ergebnis-768x576.jpg 768w, https:\/\/olu-limburg.de\/wp-content\/uploads\/2017\/09\/DSC09936_ergebnis-624x468.jpg 624w\" sizes=\"auto, (max-width: 800px) 100vw, 800px\" \/><\/a><\/p>\n<div id=\"attachment_13309\" style=\"width: 810px\" class=\"wp-caption aligncenter\"><a href=\"https:\/\/olu-limburg.de\/wp-content\/uploads\/2017\/09\/DSC09941_ergebnis.jpg\"><img loading=\"lazy\" decoding=\"async\" aria-describedby=\"caption-attachment-13309\" class=\"size-full wp-image-13309\" src=\"https:\/\/olu-limburg.de\/wp-content\/uploads\/2017\/09\/DSC09941_ergebnis.jpg\" alt=\"\" width=\"800\" height=\"600\" srcset=\"https:\/\/olu-limburg.de\/wp-content\/uploads\/2017\/09\/DSC09941_ergebnis.jpg 800w, https:\/\/olu-limburg.de\/wp-content\/uploads\/2017\/09\/DSC09941_ergebnis-300x225.jpg 300w, https:\/\/olu-limburg.de\/wp-content\/uploads\/2017\/09\/DSC09941_ergebnis-768x576.jpg 768w, https:\/\/olu-limburg.de\/wp-content\/uploads\/2017\/09\/DSC09941_ergebnis-624x468.jpg 624w\" sizes=\"auto, (max-width: 800px) 100vw, 800px\" \/><\/a><p id=\"caption-attachment-13309\" class=\"wp-caption-text\">Wasserturm<\/p><\/div>\n<div id=\"attachment_13310\" style=\"width: 810px\" class=\"wp-caption aligncenter\"><a href=\"https:\/\/olu-limburg.de\/wp-content\/uploads\/2017\/09\/DSC09942_ergebnis.jpg\"><img loading=\"lazy\" decoding=\"async\" aria-describedby=\"caption-attachment-13310\" class=\"wp-image-13310 size-full\" src=\"https:\/\/olu-limburg.de\/wp-content\/uploads\/2017\/09\/DSC09942_ergebnis.jpg\" alt=\"\" width=\"800\" height=\"600\" srcset=\"https:\/\/olu-limburg.de\/wp-content\/uploads\/2017\/09\/DSC09942_ergebnis.jpg 800w, https:\/\/olu-limburg.de\/wp-content\/uploads\/2017\/09\/DSC09942_ergebnis-300x225.jpg 300w, https:\/\/olu-limburg.de\/wp-content\/uploads\/2017\/09\/DSC09942_ergebnis-768x576.jpg 768w, https:\/\/olu-limburg.de\/wp-content\/uploads\/2017\/09\/DSC09942_ergebnis-624x468.jpg 624w\" sizes=\"auto, (max-width: 800px) 100vw, 800px\" \/><\/a><p id=\"caption-attachment-13310\" class=\"wp-caption-text\">Kaleidoskop<\/p><\/div>\n<div id=\"attachment_13311\" style=\"width: 810px\" class=\"wp-caption aligncenter\"><a href=\"https:\/\/olu-limburg.de\/wp-content\/uploads\/2017\/09\/DSC09945_ergebnis.jpg\"><img loading=\"lazy\" decoding=\"async\" aria-describedby=\"caption-attachment-13311\" class=\"wp-image-13311 size-full\" src=\"https:\/\/olu-limburg.de\/wp-content\/uploads\/2017\/09\/DSC09945_ergebnis.jpg\" alt=\"\" width=\"800\" height=\"600\" srcset=\"https:\/\/olu-limburg.de\/wp-content\/uploads\/2017\/09\/DSC09945_ergebnis.jpg 800w, https:\/\/olu-limburg.de\/wp-content\/uploads\/2017\/09\/DSC09945_ergebnis-300x225.jpg 300w, https:\/\/olu-limburg.de\/wp-content\/uploads\/2017\/09\/DSC09945_ergebnis-768x576.jpg 768w, https:\/\/olu-limburg.de\/wp-content\/uploads\/2017\/09\/DSC09945_ergebnis-624x468.jpg 624w\" sizes=\"auto, (max-width: 800px) 100vw, 800px\" \/><\/a><p id=\"caption-attachment-13311\" class=\"wp-caption-text\">Innenansicht im Kaleidoskop<\/p><\/div>\n<p><a href=\"https:\/\/olu-limburg.de\/wp-content\/uploads\/2017\/09\/P1060377_ergebnis.jpg\"><img loading=\"lazy\" decoding=\"async\" class=\"size-full wp-image-13326 aligncenter\" src=\"https:\/\/olu-limburg.de\/wp-content\/uploads\/2017\/09\/P1060377_ergebnis.jpg\" alt=\"\" width=\"800\" height=\"600\" srcset=\"https:\/\/olu-limburg.de\/wp-content\/uploads\/2017\/09\/P1060377_ergebnis.jpg 800w, https:\/\/olu-limburg.de\/wp-content\/uploads\/2017\/09\/P1060377_ergebnis-300x225.jpg 300w, https:\/\/olu-limburg.de\/wp-content\/uploads\/2017\/09\/P1060377_ergebnis-768x576.jpg 768w, https:\/\/olu-limburg.de\/wp-content\/uploads\/2017\/09\/P1060377_ergebnis-624x468.jpg 624w\" sizes=\"auto, (max-width: 800px) 100vw, 800px\" \/><\/a><\/p>\n<p>Hundefriedhof (Dieser Friedhof wurde in dem Bereich des alten Friedhofs eingerichtet. Daf\u00fcr mussten die bereits verstorbenen Einwohner des Dorfes exhumiert werden.):<\/p>\n<p><a href=\"https:\/\/olu-limburg.de\/wp-content\/uploads\/2017\/09\/DSC09949_ergebnis.jpg\"><img loading=\"lazy\" decoding=\"async\" class=\"size-full wp-image-13312 aligncenter\" src=\"https:\/\/olu-limburg.de\/wp-content\/uploads\/2017\/09\/DSC09949_ergebnis.jpg\" alt=\"\" width=\"800\" height=\"600\" srcset=\"https:\/\/olu-limburg.de\/wp-content\/uploads\/2017\/09\/DSC09949_ergebnis.jpg 800w, https:\/\/olu-limburg.de\/wp-content\/uploads\/2017\/09\/DSC09949_ergebnis-300x225.jpg 300w, https:\/\/olu-limburg.de\/wp-content\/uploads\/2017\/09\/DSC09949_ergebnis-768x576.jpg 768w, https:\/\/olu-limburg.de\/wp-content\/uploads\/2017\/09\/DSC09949_ergebnis-624x468.jpg 624w\" sizes=\"auto, (max-width: 800px) 100vw, 800px\" \/><\/a><\/p>\n<p><a href=\"https:\/\/olu-limburg.de\/wp-content\/uploads\/2017\/09\/DSC09950_ergebnis.jpg\"><img loading=\"lazy\" decoding=\"async\" class=\"size-full wp-image-13313 aligncenter\" src=\"https:\/\/olu-limburg.de\/wp-content\/uploads\/2017\/09\/DSC09950_ergebnis.jpg\" alt=\"\" width=\"800\" height=\"600\" srcset=\"https:\/\/olu-limburg.de\/wp-content\/uploads\/2017\/09\/DSC09950_ergebnis.jpg 800w, https:\/\/olu-limburg.de\/wp-content\/uploads\/2017\/09\/DSC09950_ergebnis-300x225.jpg 300w, https:\/\/olu-limburg.de\/wp-content\/uploads\/2017\/09\/DSC09950_ergebnis-768x576.jpg 768w, https:\/\/olu-limburg.de\/wp-content\/uploads\/2017\/09\/DSC09950_ergebnis-624x468.jpg 624w\" sizes=\"auto, (max-width: 800px) 100vw, 800px\" \/><\/a><\/p>\n<p><a href=\"https:\/\/olu-limburg.de\/wp-content\/uploads\/2017\/09\/DSC09951_ergebnis.jpg\"><img loading=\"lazy\" decoding=\"async\" class=\"size-full wp-image-13314 aligncenter\" src=\"https:\/\/olu-limburg.de\/wp-content\/uploads\/2017\/09\/DSC09951_ergebnis.jpg\" alt=\"\" width=\"800\" height=\"600\" srcset=\"https:\/\/olu-limburg.de\/wp-content\/uploads\/2017\/09\/DSC09951_ergebnis.jpg 800w, https:\/\/olu-limburg.de\/wp-content\/uploads\/2017\/09\/DSC09951_ergebnis-300x225.jpg 300w, https:\/\/olu-limburg.de\/wp-content\/uploads\/2017\/09\/DSC09951_ergebnis-768x576.jpg 768w, https:\/\/olu-limburg.de\/wp-content\/uploads\/2017\/09\/DSC09951_ergebnis-624x468.jpg 624w\" sizes=\"auto, (max-width: 800px) 100vw, 800px\" \/><\/a><\/p>\n<p>Hier ruht auch die Elefantdame &#8222;Pundhi &#8222;, ein Geschenk des Maharadschas<\/p>\n<p><a href=\"https:\/\/olu-limburg.de\/wp-content\/uploads\/2017\/09\/DSC09952_ergebnis.jpg\"><img loading=\"lazy\" decoding=\"async\" class=\"size-full wp-image-13315 aligncenter\" src=\"https:\/\/olu-limburg.de\/wp-content\/uploads\/2017\/09\/DSC09952_ergebnis.jpg\" alt=\"\" width=\"800\" height=\"600\" srcset=\"https:\/\/olu-limburg.de\/wp-content\/uploads\/2017\/09\/DSC09952_ergebnis.jpg 800w, https:\/\/olu-limburg.de\/wp-content\/uploads\/2017\/09\/DSC09952_ergebnis-300x225.jpg 300w, https:\/\/olu-limburg.de\/wp-content\/uploads\/2017\/09\/DSC09952_ergebnis-768x576.jpg 768w, https:\/\/olu-limburg.de\/wp-content\/uploads\/2017\/09\/DSC09952_ergebnis-624x468.jpg 624w\" sizes=\"auto, (max-width: 800px) 100vw, 800px\" \/><\/a><\/p>\n<p><a href=\"https:\/\/olu-limburg.de\/wp-content\/uploads\/2017\/09\/DSC09953_ergebnis.jpg\"><img loading=\"lazy\" decoding=\"async\" class=\"size-full wp-image-13316 aligncenter\" src=\"https:\/\/olu-limburg.de\/wp-content\/uploads\/2017\/09\/DSC09953_ergebnis.jpg\" alt=\"\" width=\"800\" height=\"600\" srcset=\"https:\/\/olu-limburg.de\/wp-content\/uploads\/2017\/09\/DSC09953_ergebnis.jpg 800w, https:\/\/olu-limburg.de\/wp-content\/uploads\/2017\/09\/DSC09953_ergebnis-300x225.jpg 300w, https:\/\/olu-limburg.de\/wp-content\/uploads\/2017\/09\/DSC09953_ergebnis-768x576.jpg 768w, https:\/\/olu-limburg.de\/wp-content\/uploads\/2017\/09\/DSC09953_ergebnis-624x468.jpg 624w\" sizes=\"auto, (max-width: 800px) 100vw, 800px\" \/><\/a><\/p>\n<p><a href=\"https:\/\/olu-limburg.de\/wp-content\/uploads\/2017\/09\/DSC09954_ergebnis.jpg\"><img loading=\"lazy\" decoding=\"async\" class=\"size-full wp-image-13317 aligncenter\" src=\"https:\/\/olu-limburg.de\/wp-content\/uploads\/2017\/09\/DSC09954_ergebnis.jpg\" alt=\"\" width=\"800\" height=\"600\" srcset=\"https:\/\/olu-limburg.de\/wp-content\/uploads\/2017\/09\/DSC09954_ergebnis.jpg 800w, https:\/\/olu-limburg.de\/wp-content\/uploads\/2017\/09\/DSC09954_ergebnis-300x225.jpg 300w, https:\/\/olu-limburg.de\/wp-content\/uploads\/2017\/09\/DSC09954_ergebnis-768x576.jpg 768w, https:\/\/olu-limburg.de\/wp-content\/uploads\/2017\/09\/DSC09954_ergebnis-624x468.jpg 624w\" sizes=\"auto, (max-width: 800px) 100vw, 800px\" \/><\/a><\/p>\n<p>Nach drei Stunden herumlaufen sind wir platt. Zu essen haben wir auf dem Schlossgel\u00e4nde auch nichts bekommen, also geht es runter zum Wohnmobil und selbst kochen.<\/p>\n<p><a href=\"https:\/\/olu-limburg.de\/wp-content\/uploads\/2017\/09\/DSC09962_ergebnis.jpg\"><img loading=\"lazy\" decoding=\"async\" class=\"size-full wp-image-13319 aligncenter\" src=\"https:\/\/olu-limburg.de\/wp-content\/uploads\/2017\/09\/DSC09962_ergebnis.jpg\" alt=\"\" width=\"800\" height=\"600\" srcset=\"https:\/\/olu-limburg.de\/wp-content\/uploads\/2017\/09\/DSC09962_ergebnis.jpg 800w, https:\/\/olu-limburg.de\/wp-content\/uploads\/2017\/09\/DSC09962_ergebnis-300x225.jpg 300w, https:\/\/olu-limburg.de\/wp-content\/uploads\/2017\/09\/DSC09962_ergebnis-768x576.jpg 768w, https:\/\/olu-limburg.de\/wp-content\/uploads\/2017\/09\/DSC09962_ergebnis-624x468.jpg 624w\" sizes=\"auto, (max-width: 800px) 100vw, 800px\" \/><\/a><\/p>\n<div id=\"attachment_13320\" style=\"width: 810px\" class=\"wp-caption aligncenter\"><a href=\"https:\/\/olu-limburg.de\/wp-content\/uploads\/2017\/09\/DSC09964_ergebnis.jpg\"><img loading=\"lazy\" decoding=\"async\" aria-describedby=\"caption-attachment-13320\" class=\"wp-image-13320 size-full\" src=\"https:\/\/olu-limburg.de\/wp-content\/uploads\/2017\/09\/DSC09964_ergebnis.jpg\" alt=\"\" width=\"800\" height=\"600\" srcset=\"https:\/\/olu-limburg.de\/wp-content\/uploads\/2017\/09\/DSC09964_ergebnis.jpg 800w, https:\/\/olu-limburg.de\/wp-content\/uploads\/2017\/09\/DSC09964_ergebnis-300x225.jpg 300w, https:\/\/olu-limburg.de\/wp-content\/uploads\/2017\/09\/DSC09964_ergebnis-768x576.jpg 768w, https:\/\/olu-limburg.de\/wp-content\/uploads\/2017\/09\/DSC09964_ergebnis-624x468.jpg 624w\" sizes=\"auto, (max-width: 800px) 100vw, 800px\" \/><\/a><p id=\"caption-attachment-13320\" class=\"wp-caption-text\">umgesiedelte Kirche<\/p><\/div>\n<p>Bei der Fahrt nach Meung-sur-Loire auf den kostenlosen Stellplatz mit V+E hat es wieder angefangen zu sch\u00fctten. Es wird windig. In Meung ist der eigentliche Stellplatz voll. Wir richten uns weiter vorne auf dem Parkplatz ein. \u00dcber uns sind hohe B\u00e4ume, hoffentlich wird der Wind nicht noch schlimmer.<\/p>\n<div id=\"attachment_13333\" style=\"width: 810px\" class=\"wp-caption aligncenter\"><a href=\"https:\/\/olu-limburg.de\/wp-content\/uploads\/2017\/09\/DSC09978_ergebnis.jpg\"><img loading=\"lazy\" decoding=\"async\" aria-describedby=\"caption-attachment-13333\" class=\"size-full wp-image-13333\" src=\"https:\/\/olu-limburg.de\/wp-content\/uploads\/2017\/09\/DSC09978_ergebnis.jpg\" alt=\"\" width=\"800\" height=\"600\" srcset=\"https:\/\/olu-limburg.de\/wp-content\/uploads\/2017\/09\/DSC09978_ergebnis.jpg 800w, https:\/\/olu-limburg.de\/wp-content\/uploads\/2017\/09\/DSC09978_ergebnis-300x225.jpg 300w, https:\/\/olu-limburg.de\/wp-content\/uploads\/2017\/09\/DSC09978_ergebnis-768x576.jpg 768w, https:\/\/olu-limburg.de\/wp-content\/uploads\/2017\/09\/DSC09978_ergebnis-624x468.jpg 624w\" sizes=\"auto, (max-width: 800px) 100vw, 800px\" \/><\/a><p id=\"caption-attachment-13333\" class=\"wp-caption-text\">Stellplatz<\/p><\/div>\n<div id=\"attachment_13332\" style=\"width: 810px\" class=\"wp-caption alignnone\"><a href=\"https:\/\/olu-limburg.de\/wp-content\/uploads\/2017\/09\/DSC09977_ergebnis.jpg\"><img loading=\"lazy\" decoding=\"async\" aria-describedby=\"caption-attachment-13332\" class=\"size-full wp-image-13332\" src=\"https:\/\/olu-limburg.de\/wp-content\/uploads\/2017\/09\/DSC09977_ergebnis.jpg\" alt=\"\" width=\"800\" height=\"600\" srcset=\"https:\/\/olu-limburg.de\/wp-content\/uploads\/2017\/09\/DSC09977_ergebnis.jpg 800w, https:\/\/olu-limburg.de\/wp-content\/uploads\/2017\/09\/DSC09977_ergebnis-300x225.jpg 300w, https:\/\/olu-limburg.de\/wp-content\/uploads\/2017\/09\/DSC09977_ergebnis-768x576.jpg 768w, https:\/\/olu-limburg.de\/wp-content\/uploads\/2017\/09\/DSC09977_ergebnis-624x468.jpg 624w\" sizes=\"auto, (max-width: 800px) 100vw, 800px\" \/><\/a><p id=\"caption-attachment-13332\" class=\"wp-caption-text\">gegen\u00fcber liegender Parkplatz<\/p><\/div>\n<p>Wenn nicht gerade Markt ist, scheint der Ort selbst immer wie ausgestorben. Hinter dem Schwimmbad wird aber ein richtiges Boule-Turnier f\u00fcr Mannschaften ausgetragen. Dabei werden auch nicht die kleinen Kugeln, sondern gro\u00dfe Metallkugeln (Boule de Fort) benutzt. Die Fachleute erkl\u00e4ren uns, dass dies der eigentliche Unterschied zwischen Boule und Petanque ist. Bei uns werden die Bezeichnungen oft vermischt, und zu Petanque auch Boule gesagt. Dieses Boule de Fort ist ein traditionelles Spiel im Val de Loire.<\/p>\n<p><a href=\"https:\/\/olu-limburg.de\/wp-content\/uploads\/2017\/09\/DSC09968_ergebnis.jpg\"><img loading=\"lazy\" decoding=\"async\" class=\"size-full wp-image-13328 aligncenter\" src=\"https:\/\/olu-limburg.de\/wp-content\/uploads\/2017\/09\/DSC09968_ergebnis.jpg\" alt=\"\" width=\"800\" height=\"600\" srcset=\"https:\/\/olu-limburg.de\/wp-content\/uploads\/2017\/09\/DSC09968_ergebnis.jpg 800w, https:\/\/olu-limburg.de\/wp-content\/uploads\/2017\/09\/DSC09968_ergebnis-300x225.jpg 300w, https:\/\/olu-limburg.de\/wp-content\/uploads\/2017\/09\/DSC09968_ergebnis-768x576.jpg 768w, https:\/\/olu-limburg.de\/wp-content\/uploads\/2017\/09\/DSC09968_ergebnis-624x468.jpg 624w\" sizes=\"auto, (max-width: 800px) 100vw, 800px\" \/><\/a><\/p>\n<p><a href=\"https:\/\/olu-limburg.de\/wp-content\/uploads\/2017\/09\/DSC09970_ergebnis.jpg\"><img loading=\"lazy\" decoding=\"async\" class=\"alignnone size-full wp-image-13329\" src=\"https:\/\/olu-limburg.de\/wp-content\/uploads\/2017\/09\/DSC09970_ergebnis.jpg\" alt=\"\" width=\"800\" height=\"600\" srcset=\"https:\/\/olu-limburg.de\/wp-content\/uploads\/2017\/09\/DSC09970_ergebnis.jpg 800w, https:\/\/olu-limburg.de\/wp-content\/uploads\/2017\/09\/DSC09970_ergebnis-300x225.jpg 300w, https:\/\/olu-limburg.de\/wp-content\/uploads\/2017\/09\/DSC09970_ergebnis-768x576.jpg 768w, https:\/\/olu-limburg.de\/wp-content\/uploads\/2017\/09\/DSC09970_ergebnis-624x468.jpg 624w\" sizes=\"auto, (max-width: 800px) 100vw, 800px\" \/><\/a><\/p>\n<p><a href=\"https:\/\/olu-limburg.de\/wp-content\/uploads\/2017\/09\/DSC09975_ergebnis.jpg\"><img loading=\"lazy\" decoding=\"async\" class=\"alignnone size-full wp-image-13331\" src=\"https:\/\/olu-limburg.de\/wp-content\/uploads\/2017\/09\/DSC09975_ergebnis.jpg\" alt=\"\" width=\"800\" height=\"600\" srcset=\"https:\/\/olu-limburg.de\/wp-content\/uploads\/2017\/09\/DSC09975_ergebnis.jpg 800w, https:\/\/olu-limburg.de\/wp-content\/uploads\/2017\/09\/DSC09975_ergebnis-300x225.jpg 300w, https:\/\/olu-limburg.de\/wp-content\/uploads\/2017\/09\/DSC09975_ergebnis-768x576.jpg 768w, https:\/\/olu-limburg.de\/wp-content\/uploads\/2017\/09\/DSC09975_ergebnis-624x468.jpg 624w\" sizes=\"auto, (max-width: 800px) 100vw, 800px\" \/><\/a><\/p>\n<p><a href=\"https:\/\/olu-limburg.de\/wp-content\/uploads\/2017\/09\/DSC09974_ergebnis.jpg\"><img loading=\"lazy\" decoding=\"async\" class=\"alignnone size-full wp-image-13330\" src=\"https:\/\/olu-limburg.de\/wp-content\/uploads\/2017\/09\/DSC09974_ergebnis.jpg\" alt=\"\" width=\"800\" height=\"600\" srcset=\"https:\/\/olu-limburg.de\/wp-content\/uploads\/2017\/09\/DSC09974_ergebnis.jpg 800w, https:\/\/olu-limburg.de\/wp-content\/uploads\/2017\/09\/DSC09974_ergebnis-300x225.jpg 300w, https:\/\/olu-limburg.de\/wp-content\/uploads\/2017\/09\/DSC09974_ergebnis-768x576.jpg 768w, https:\/\/olu-limburg.de\/wp-content\/uploads\/2017\/09\/DSC09974_ergebnis-624x468.jpg 624w\" sizes=\"auto, (max-width: 800px) 100vw, 800px\" \/><\/a><\/p>\n<div id=\"attachment_13334\" style=\"width: 810px\" class=\"wp-caption aligncenter\"><a href=\"https:\/\/olu-limburg.de\/wp-content\/uploads\/2017\/09\/DSC09979_ergebnis.jpg\"><img loading=\"lazy\" decoding=\"async\" aria-describedby=\"caption-attachment-13334\" class=\"size-full wp-image-13334\" src=\"https:\/\/olu-limburg.de\/wp-content\/uploads\/2017\/09\/DSC09979_ergebnis.jpg\" alt=\"\" width=\"800\" height=\"600\" srcset=\"https:\/\/olu-limburg.de\/wp-content\/uploads\/2017\/09\/DSC09979_ergebnis.jpg 800w, https:\/\/olu-limburg.de\/wp-content\/uploads\/2017\/09\/DSC09979_ergebnis-300x225.jpg 300w, https:\/\/olu-limburg.de\/wp-content\/uploads\/2017\/09\/DSC09979_ergebnis-768x576.jpg 768w, https:\/\/olu-limburg.de\/wp-content\/uploads\/2017\/09\/DSC09979_ergebnis-624x468.jpg 624w\" sizes=\"auto, (max-width: 800px) 100vw, 800px\" \/><\/a><p id=\"caption-attachment-13334\" class=\"wp-caption-text\">Markthalle von Meung<\/p><\/div>\n<div id=\"attachment_13335\" style=\"width: 810px\" class=\"wp-caption aligncenter\"><a href=\"https:\/\/olu-limburg.de\/wp-content\/uploads\/2017\/09\/DSC09980_ergebnis.jpg\"><img loading=\"lazy\" decoding=\"async\" aria-describedby=\"caption-attachment-13335\" class=\"size-full wp-image-13335\" src=\"https:\/\/olu-limburg.de\/wp-content\/uploads\/2017\/09\/DSC09980_ergebnis.jpg\" alt=\"\" width=\"800\" height=\"600\" srcset=\"https:\/\/olu-limburg.de\/wp-content\/uploads\/2017\/09\/DSC09980_ergebnis.jpg 800w, https:\/\/olu-limburg.de\/wp-content\/uploads\/2017\/09\/DSC09980_ergebnis-300x225.jpg 300w, https:\/\/olu-limburg.de\/wp-content\/uploads\/2017\/09\/DSC09980_ergebnis-768x576.jpg 768w, https:\/\/olu-limburg.de\/wp-content\/uploads\/2017\/09\/DSC09980_ergebnis-624x468.jpg 624w\" sizes=\"auto, (max-width: 800px) 100vw, 800px\" \/><\/a><p id=\"caption-attachment-13335\" class=\"wp-caption-text\">Kirche von Meung<\/p><\/div>\n<div id=\"attachment_13336\" style=\"width: 810px\" class=\"wp-caption aligncenter\"><a href=\"https:\/\/olu-limburg.de\/wp-content\/uploads\/2017\/09\/DSC09981_ergebnis.jpg\"><img loading=\"lazy\" decoding=\"async\" aria-describedby=\"caption-attachment-13336\" class=\"size-full wp-image-13336\" src=\"https:\/\/olu-limburg.de\/wp-content\/uploads\/2017\/09\/DSC09981_ergebnis.jpg\" alt=\"\" width=\"800\" height=\"600\" srcset=\"https:\/\/olu-limburg.de\/wp-content\/uploads\/2017\/09\/DSC09981_ergebnis.jpg 800w, https:\/\/olu-limburg.de\/wp-content\/uploads\/2017\/09\/DSC09981_ergebnis-300x225.jpg 300w, https:\/\/olu-limburg.de\/wp-content\/uploads\/2017\/09\/DSC09981_ergebnis-768x576.jpg 768w, https:\/\/olu-limburg.de\/wp-content\/uploads\/2017\/09\/DSC09981_ergebnis-624x468.jpg 624w\" sizes=\"auto, (max-width: 800px) 100vw, 800px\" \/><\/a><p id=\"caption-attachment-13336\" class=\"wp-caption-text\">Schloss von Meung<\/p><\/div>\n<p>Tagesstrecke:78 km<\/p>\n<p>&nbsp;<\/p>\n<p><strong>Montag, 11. September 2017<\/strong><\/p>\n<p>Heute Nacht hat es richtig gest\u00fcrmt und gesch\u00fcttet. Unser Womo hat aber nichts abbekommen. Wir fahren in den Vorort Baule zum Hyper U, kaufen ein und tanken. Weiter gehts in Richtung Orl\u00e9ans.\u00a0 Kurz vor Orl\u00e9ans sehen wir in Chaingy einen g\u00fcnstigen &#8222;Routier&#8220;, wo wir uns st\u00e4rken k\u00f6nnen.<\/p>\n<p>Durch ein Gebiet mit ausgepr\u00e4gter Landwirtschaft und riesigen Feldern fahren wir zu unserem heutigen Ziel, das K\u00fcnstlerdorf Barbizon im Wald von Fontainbleau.<\/p>\n<p>Die sogenannte &#8222;Schule von Barbizon&#8220;, eine K\u00fcnstlerkolonie, entstand 1830. Wichtige Mitglieder dieser K\u00fcnstlergemeinschaft waren unter anderem Jean-Francois Millet und Th\u00e9odore Rousseau. Das Hauptaugenmerk der K\u00fcnstler lag in einer schlichten Landschaftsmalerei, vor Ort in\u00a0 der Natur gefertigt, und war somit Wegbereiter des Impressionismus.<\/p>\n<p>Dieses Konzept einer K\u00fcnstlerkolonie fand sp\u00e4ter Nachahmer in Pont Aven (Bretagne\/Frankreich) und in Worpswede (Teufelsmoor bei Bremen\/Deutschland). Der deutsche Maler Max Liebermann bewunderte das Konzept der Barbizonniers und besuchte im Sommer 1874 Millet noch kurz vor dessen Tod.<\/p>\n<p>Wir finden einen kleinen Parkplatz, wo wir \u00fcbernachten k\u00f6nnen. Danach gehen wir in Richtung der Grande Rue, wo sich das Maison Ganne, ehemaliges Gasthaus und Wohnstatt vieler K\u00fcnstler und nun das offizielle Museum, befindet. Dabei kommen wir am Haus und dem Atelier von Rousseau vorbei, was aber leider geschlosen ist.<\/p>\n<p><a href=\"https:\/\/olu-limburg.de\/wp-content\/uploads\/2017\/09\/DSC00078_ergebnis.jpg\"><img loading=\"lazy\" decoding=\"async\" class=\"size-full wp-image-13390 aligncenter\" src=\"https:\/\/olu-limburg.de\/wp-content\/uploads\/2017\/09\/DSC00078_ergebnis.jpg\" alt=\"\" width=\"800\" height=\"600\" srcset=\"https:\/\/olu-limburg.de\/wp-content\/uploads\/2017\/09\/DSC00078_ergebnis.jpg 800w, https:\/\/olu-limburg.de\/wp-content\/uploads\/2017\/09\/DSC00078_ergebnis-300x225.jpg 300w, https:\/\/olu-limburg.de\/wp-content\/uploads\/2017\/09\/DSC00078_ergebnis-768x576.jpg 768w, https:\/\/olu-limburg.de\/wp-content\/uploads\/2017\/09\/DSC00078_ergebnis-624x468.jpg 624w\" sizes=\"auto, (max-width: 800px) 100vw, 800px\" \/><\/a><\/p>\n<div id=\"attachment_13340\" style=\"width: 810px\" class=\"wp-caption aligncenter\"><a href=\"https:\/\/olu-limburg.de\/wp-content\/uploads\/2017\/09\/DSC09984_ergebnis.jpg\"><img loading=\"lazy\" decoding=\"async\" aria-describedby=\"caption-attachment-13340\" class=\"size-full wp-image-13340\" src=\"https:\/\/olu-limburg.de\/wp-content\/uploads\/2017\/09\/DSC09984_ergebnis.jpg\" alt=\"\" width=\"800\" height=\"600\" srcset=\"https:\/\/olu-limburg.de\/wp-content\/uploads\/2017\/09\/DSC09984_ergebnis.jpg 800w, https:\/\/olu-limburg.de\/wp-content\/uploads\/2017\/09\/DSC09984_ergebnis-300x225.jpg 300w, https:\/\/olu-limburg.de\/wp-content\/uploads\/2017\/09\/DSC09984_ergebnis-768x576.jpg 768w, https:\/\/olu-limburg.de\/wp-content\/uploads\/2017\/09\/DSC09984_ergebnis-624x468.jpg 624w\" sizes=\"auto, (max-width: 800px) 100vw, 800px\" \/><\/a><p id=\"caption-attachment-13340\" class=\"wp-caption-text\">Kirche St. Paul<\/p><\/div>\n<p><a href=\"https:\/\/olu-limburg.de\/wp-content\/uploads\/2017\/09\/DSC09986_ergebnis.jpg\"><img loading=\"lazy\" decoding=\"async\" class=\"size-full wp-image-13341 aligncenter\" src=\"https:\/\/olu-limburg.de\/wp-content\/uploads\/2017\/09\/DSC09986_ergebnis.jpg\" alt=\"\" width=\"800\" height=\"600\" srcset=\"https:\/\/olu-limburg.de\/wp-content\/uploads\/2017\/09\/DSC09986_ergebnis.jpg 800w, https:\/\/olu-limburg.de\/wp-content\/uploads\/2017\/09\/DSC09986_ergebnis-300x225.jpg 300w, https:\/\/olu-limburg.de\/wp-content\/uploads\/2017\/09\/DSC09986_ergebnis-768x576.jpg 768w, https:\/\/olu-limburg.de\/wp-content\/uploads\/2017\/09\/DSC09986_ergebnis-624x468.jpg 624w\" sizes=\"auto, (max-width: 800px) 100vw, 800px\" \/><\/a><\/p>\n<p><a href=\"https:\/\/olu-limburg.de\/wp-content\/uploads\/2017\/09\/DSC09987_ergebnis-e1509726321717.jpg\"><img loading=\"lazy\" decoding=\"async\" class=\"size-full wp-image-13342 aligncenter\" src=\"https:\/\/olu-limburg.de\/wp-content\/uploads\/2017\/09\/DSC09987_ergebnis-e1509726321717.jpg\" alt=\"\" width=\"450\" height=\"600\" \/><\/a><\/p>\n<div id=\"attachment_13343\" style=\"width: 810px\" class=\"wp-caption aligncenter\"><a href=\"https:\/\/olu-limburg.de\/wp-content\/uploads\/2017\/09\/DSC09988_ergebnis.jpg\"><img loading=\"lazy\" decoding=\"async\" aria-describedby=\"caption-attachment-13343\" class=\"wp-image-13343 size-full\" src=\"https:\/\/olu-limburg.de\/wp-content\/uploads\/2017\/09\/DSC09988_ergebnis.jpg\" alt=\"\" width=\"800\" height=\"600\" srcset=\"https:\/\/olu-limburg.de\/wp-content\/uploads\/2017\/09\/DSC09988_ergebnis.jpg 800w, https:\/\/olu-limburg.de\/wp-content\/uploads\/2017\/09\/DSC09988_ergebnis-300x225.jpg 300w, https:\/\/olu-limburg.de\/wp-content\/uploads\/2017\/09\/DSC09988_ergebnis-768x576.jpg 768w, https:\/\/olu-limburg.de\/wp-content\/uploads\/2017\/09\/DSC09988_ergebnis-624x468.jpg 624w\" sizes=\"auto, (max-width: 800px) 100vw, 800px\" \/><\/a><p id=\"caption-attachment-13343\" class=\"wp-caption-text\">Wohnhaus und Atelier von Theodore Rousseau<\/p><\/div>\n<div id=\"attachment_13362\" style=\"width: 810px\" class=\"wp-caption aligncenter\"><a href=\"https:\/\/olu-limburg.de\/wp-content\/uploads\/2017\/09\/DSC00028_ergebnis.jpg\"><img loading=\"lazy\" decoding=\"async\" aria-describedby=\"caption-attachment-13362\" class=\"size-full wp-image-13362\" src=\"https:\/\/olu-limburg.de\/wp-content\/uploads\/2017\/09\/DSC00028_ergebnis.jpg\" alt=\"\" width=\"800\" height=\"600\" srcset=\"https:\/\/olu-limburg.de\/wp-content\/uploads\/2017\/09\/DSC00028_ergebnis.jpg 800w, https:\/\/olu-limburg.de\/wp-content\/uploads\/2017\/09\/DSC00028_ergebnis-300x225.jpg 300w, https:\/\/olu-limburg.de\/wp-content\/uploads\/2017\/09\/DSC00028_ergebnis-768x576.jpg 768w, https:\/\/olu-limburg.de\/wp-content\/uploads\/2017\/09\/DSC00028_ergebnis-624x468.jpg 624w\" sizes=\"auto, (max-width: 800px) 100vw, 800px\" \/><\/a><p id=\"caption-attachment-13362\" class=\"wp-caption-text\">Auberge Ganne<\/p><\/div>\n<div id=\"attachment_13347\" style=\"width: 460px\" class=\"wp-caption alignleft\"><a href=\"https:\/\/olu-limburg.de\/wp-content\/uploads\/2017\/09\/DSC09993_ergebnis-e1509726439880.jpg\"><img loading=\"lazy\" decoding=\"async\" aria-describedby=\"caption-attachment-13347\" class=\"wp-image-13347 size-full\" src=\"https:\/\/olu-limburg.de\/wp-content\/uploads\/2017\/09\/DSC09993_ergebnis-e1509726439880.jpg\" alt=\"\" width=\"450\" height=\"600\" \/><\/a><p id=\"caption-attachment-13347\" class=\"wp-caption-text\">Schankraum des Gasthaus Ganne<\/p><\/div>\n<p><a href=\"https:\/\/olu-limburg.de\/wp-content\/uploads\/2017\/09\/DSC09992_ergebnis-e1509726466550.jpg\"><img loading=\"lazy\" decoding=\"async\" class=\"size-full wp-image-13346 alignright\" src=\"https:\/\/olu-limburg.de\/wp-content\/uploads\/2017\/09\/DSC09992_ergebnis-e1509726466550.jpg\" alt=\"\" width=\"450\" height=\"600\" \/><\/a><\/p>\n<p><a href=\"https:\/\/olu-limburg.de\/wp-content\/uploads\/2017\/09\/DSC09989_ergebnis.jpg\"><img loading=\"lazy\" decoding=\"async\" class=\"size-full wp-image-13344 aligncenter\" src=\"https:\/\/olu-limburg.de\/wp-content\/uploads\/2017\/09\/DSC09989_ergebnis.jpg\" alt=\"\" width=\"800\" height=\"600\" srcset=\"https:\/\/olu-limburg.de\/wp-content\/uploads\/2017\/09\/DSC09989_ergebnis.jpg 800w, https:\/\/olu-limburg.de\/wp-content\/uploads\/2017\/09\/DSC09989_ergebnis-300x225.jpg 300w, https:\/\/olu-limburg.de\/wp-content\/uploads\/2017\/09\/DSC09989_ergebnis-768x576.jpg 768w, https:\/\/olu-limburg.de\/wp-content\/uploads\/2017\/09\/DSC09989_ergebnis-624x468.jpg 624w\" sizes=\"auto, (max-width: 800px) 100vw, 800px\" \/><\/a><\/p>\n<p>Oftmals schallte der Ruf der K\u00fcnstler durch den Raum:&#8220;Herr Wirt, bringt noch eine Flasche Wein, heut Abend malen wir wieder etwas f\u00fcr Sie.&#8220;<\/p>\n<p>Bemaltes Interieur:<\/p>\n<p><a href=\"https:\/\/olu-limburg.de\/wp-content\/uploads\/2017\/09\/DSC09990_ergebnis-e1509726552625.jpg\"><img loading=\"lazy\" decoding=\"async\" class=\"size-full wp-image-13345\" src=\"https:\/\/olu-limburg.de\/wp-content\/uploads\/2017\/09\/DSC09990_ergebnis-e1509726552625.jpg\" alt=\"\" width=\"450\" height=\"600\" \/><\/a><\/p>\n<p><a href=\"https:\/\/olu-limburg.de\/wp-content\/uploads\/2017\/09\/DSC00002_ergebnis-e1509727060253.jpg\"><img loading=\"lazy\" decoding=\"async\" class=\"size-full wp-image-13353 alignright\" src=\"https:\/\/olu-limburg.de\/wp-content\/uploads\/2017\/09\/DSC00002_ergebnis-e1509727060253.jpg\" alt=\"\" width=\"450\" height=\"600\" \/><\/a><\/p>\n<p><a href=\"https:\/\/olu-limburg.de\/wp-content\/uploads\/2017\/09\/DSC00003_ergebnis-e1509727112539.jpg\"><img loading=\"lazy\" decoding=\"async\" class=\"size-full wp-image-13354 aligncenter\" src=\"https:\/\/olu-limburg.de\/wp-content\/uploads\/2017\/09\/DSC00003_ergebnis-e1509727112539.jpg\" alt=\"\" width=\"450\" height=\"600\" \/><\/a><\/p>\n<p><a href=\"https:\/\/olu-limburg.de\/wp-content\/uploads\/2017\/09\/DSC09994_ergebnis.jpg\"><img loading=\"lazy\" decoding=\"async\" class=\"size-full wp-image-13348 aligncenter\" src=\"https:\/\/olu-limburg.de\/wp-content\/uploads\/2017\/09\/DSC09994_ergebnis.jpg\" alt=\"\" width=\"800\" height=\"600\" srcset=\"https:\/\/olu-limburg.de\/wp-content\/uploads\/2017\/09\/DSC09994_ergebnis.jpg 800w, https:\/\/olu-limburg.de\/wp-content\/uploads\/2017\/09\/DSC09994_ergebnis-300x225.jpg 300w, https:\/\/olu-limburg.de\/wp-content\/uploads\/2017\/09\/DSC09994_ergebnis-768x576.jpg 768w, https:\/\/olu-limburg.de\/wp-content\/uploads\/2017\/09\/DSC09994_ergebnis-624x468.jpg 624w\" sizes=\"auto, (max-width: 800px) 100vw, 800px\" \/><\/a><\/p>\n<p><a href=\"https:\/\/olu-limburg.de\/wp-content\/uploads\/2017\/09\/DSC09996_ergebnis.jpg\"><img loading=\"lazy\" decoding=\"async\" class=\"size-full wp-image-13349 aligncenter\" src=\"https:\/\/olu-limburg.de\/wp-content\/uploads\/2017\/09\/DSC09996_ergebnis.jpg\" alt=\"\" width=\"800\" height=\"600\" srcset=\"https:\/\/olu-limburg.de\/wp-content\/uploads\/2017\/09\/DSC09996_ergebnis.jpg 800w, https:\/\/olu-limburg.de\/wp-content\/uploads\/2017\/09\/DSC09996_ergebnis-300x225.jpg 300w, https:\/\/olu-limburg.de\/wp-content\/uploads\/2017\/09\/DSC09996_ergebnis-768x576.jpg 768w, https:\/\/olu-limburg.de\/wp-content\/uploads\/2017\/09\/DSC09996_ergebnis-624x468.jpg 624w\" sizes=\"auto, (max-width: 800px) 100vw, 800px\" \/><\/a><\/p>\n<p><a href=\"https:\/\/olu-limburg.de\/wp-content\/uploads\/2017\/09\/DSC09999_ergebnis-e1509726736768.jpg\"><img loading=\"lazy\" decoding=\"async\" class=\"size-full wp-image-13352 aligncenter\" src=\"https:\/\/olu-limburg.de\/wp-content\/uploads\/2017\/09\/DSC09999_ergebnis-e1509726736768.jpg\" alt=\"\" width=\"450\" height=\"600\" \/><\/a><\/p>\n<p><a href=\"https:\/\/olu-limburg.de\/wp-content\/uploads\/2017\/09\/DSC09997_ergebnis.jpg\"><img loading=\"lazy\" decoding=\"async\" class=\"size-full wp-image-13350 aligncenter\" src=\"https:\/\/olu-limburg.de\/wp-content\/uploads\/2017\/09\/DSC09997_ergebnis.jpg\" alt=\"\" width=\"800\" height=\"600\" srcset=\"https:\/\/olu-limburg.de\/wp-content\/uploads\/2017\/09\/DSC09997_ergebnis.jpg 800w, https:\/\/olu-limburg.de\/wp-content\/uploads\/2017\/09\/DSC09997_ergebnis-300x225.jpg 300w, https:\/\/olu-limburg.de\/wp-content\/uploads\/2017\/09\/DSC09997_ergebnis-768x576.jpg 768w, https:\/\/olu-limburg.de\/wp-content\/uploads\/2017\/09\/DSC09997_ergebnis-624x468.jpg 624w\" sizes=\"auto, (max-width: 800px) 100vw, 800px\" \/><\/a><\/p>\n<p><a href=\"https:\/\/olu-limburg.de\/wp-content\/uploads\/2017\/09\/DSC09998_ergebnis.jpg\"><img loading=\"lazy\" decoding=\"async\" class=\"size-full wp-image-13351 aligncenter\" src=\"https:\/\/olu-limburg.de\/wp-content\/uploads\/2017\/09\/DSC09998_ergebnis.jpg\" alt=\"\" width=\"800\" height=\"600\" srcset=\"https:\/\/olu-limburg.de\/wp-content\/uploads\/2017\/09\/DSC09998_ergebnis.jpg 800w, https:\/\/olu-limburg.de\/wp-content\/uploads\/2017\/09\/DSC09998_ergebnis-300x225.jpg 300w, https:\/\/olu-limburg.de\/wp-content\/uploads\/2017\/09\/DSC09998_ergebnis-768x576.jpg 768w, https:\/\/olu-limburg.de\/wp-content\/uploads\/2017\/09\/DSC09998_ergebnis-624x468.jpg 624w\" sizes=\"auto, (max-width: 800px) 100vw, 800px\" \/><\/a><\/p>\n<p>Die K\u00fcnstler wohnten in Zimmern im Obergescho\u00df, die mehrfach mit Holzw\u00e4nden unterteilt waren..<\/p>\n<p><a href=\"https:\/\/olu-limburg.de\/wp-content\/uploads\/2017\/09\/DSC00004_ergebnis.jpg\"><img loading=\"lazy\" decoding=\"async\" class=\"size-full wp-image-13355 aligncenter\" src=\"https:\/\/olu-limburg.de\/wp-content\/uploads\/2017\/09\/DSC00004_ergebnis.jpg\" alt=\"\" width=\"800\" height=\"600\" srcset=\"https:\/\/olu-limburg.de\/wp-content\/uploads\/2017\/09\/DSC00004_ergebnis.jpg 800w, https:\/\/olu-limburg.de\/wp-content\/uploads\/2017\/09\/DSC00004_ergebnis-300x225.jpg 300w, https:\/\/olu-limburg.de\/wp-content\/uploads\/2017\/09\/DSC00004_ergebnis-768x576.jpg 768w, https:\/\/olu-limburg.de\/wp-content\/uploads\/2017\/09\/DSC00004_ergebnis-624x468.jpg 624w\" sizes=\"auto, (max-width: 800px) 100vw, 800px\" \/><\/a><\/p>\n<p><a href=\"https:\/\/olu-limburg.de\/wp-content\/uploads\/2017\/09\/DSC00018_ergebnis.jpg\"><img loading=\"lazy\" decoding=\"async\" class=\"alignnone size-full wp-image-13361\" src=\"https:\/\/olu-limburg.de\/wp-content\/uploads\/2017\/09\/DSC00018_ergebnis.jpg\" alt=\"\" width=\"800\" height=\"600\" srcset=\"https:\/\/olu-limburg.de\/wp-content\/uploads\/2017\/09\/DSC00018_ergebnis.jpg 800w, https:\/\/olu-limburg.de\/wp-content\/uploads\/2017\/09\/DSC00018_ergebnis-300x225.jpg 300w, https:\/\/olu-limburg.de\/wp-content\/uploads\/2017\/09\/DSC00018_ergebnis-768x576.jpg 768w, https:\/\/olu-limburg.de\/wp-content\/uploads\/2017\/09\/DSC00018_ergebnis-624x468.jpg 624w\" sizes=\"auto, (max-width: 800px) 100vw, 800px\" \/><\/a><\/p>\n<p>Wandmalerei:<\/p>\n<p><a href=\"https:\/\/olu-limburg.de\/wp-content\/uploads\/2017\/09\/DSC00005_ergebnis.jpg\"><img loading=\"lazy\" decoding=\"async\" class=\"size-full wp-image-13356 aligncenter\" src=\"https:\/\/olu-limburg.de\/wp-content\/uploads\/2017\/09\/DSC00005_ergebnis.jpg\" alt=\"\" width=\"800\" height=\"600\" srcset=\"https:\/\/olu-limburg.de\/wp-content\/uploads\/2017\/09\/DSC00005_ergebnis.jpg 800w, https:\/\/olu-limburg.de\/wp-content\/uploads\/2017\/09\/DSC00005_ergebnis-300x225.jpg 300w, https:\/\/olu-limburg.de\/wp-content\/uploads\/2017\/09\/DSC00005_ergebnis-768x576.jpg 768w, https:\/\/olu-limburg.de\/wp-content\/uploads\/2017\/09\/DSC00005_ergebnis-624x468.jpg 624w\" sizes=\"auto, (max-width: 800px) 100vw, 800px\" \/><\/a><\/p>\n<p><a href=\"https:\/\/olu-limburg.de\/wp-content\/uploads\/2017\/09\/DSC00006_ergebnis-e1509727268652.jpg\"><img loading=\"lazy\" decoding=\"async\" class=\"size-full wp-image-13357 alignleft\" src=\"https:\/\/olu-limburg.de\/wp-content\/uploads\/2017\/09\/DSC00006_ergebnis-e1509727268652.jpg\" alt=\"\" width=\"450\" height=\"600\" \/><\/a><\/p>\n<p><a href=\"https:\/\/olu-limburg.de\/wp-content\/uploads\/2017\/09\/DSC00017_ergebnis-e1509727304541.jpg\"><img loading=\"lazy\" decoding=\"async\" class=\"size-full wp-image-13360 alignright\" src=\"https:\/\/olu-limburg.de\/wp-content\/uploads\/2017\/09\/DSC00017_ergebnis-e1509727304541.jpg\" alt=\"\" width=\"450\" height=\"600\" \/><\/a><\/p>\n<p><a href=\"https:\/\/olu-limburg.de\/wp-content\/uploads\/2017\/09\/DSC00016_ergebnis-e1509727335559.jpg\"><img loading=\"lazy\" decoding=\"async\" class=\"size-full wp-image-13359 aligncenter\" src=\"https:\/\/olu-limburg.de\/wp-content\/uploads\/2017\/09\/DSC00016_ergebnis-e1509727335559.jpg\" alt=\"\" width=\"450\" height=\"600\" \/><\/a><\/p>\n<p><a href=\"https:\/\/olu-limburg.de\/wp-content\/uploads\/2017\/09\/DSC00007_ergebnis.jpg\"><img loading=\"lazy\" decoding=\"async\" class=\"size-full wp-image-13358 aligncenter\" src=\"https:\/\/olu-limburg.de\/wp-content\/uploads\/2017\/09\/DSC00007_ergebnis.jpg\" alt=\"\" width=\"800\" height=\"600\" srcset=\"https:\/\/olu-limburg.de\/wp-content\/uploads\/2017\/09\/DSC00007_ergebnis.jpg 800w, https:\/\/olu-limburg.de\/wp-content\/uploads\/2017\/09\/DSC00007_ergebnis-300x225.jpg 300w, https:\/\/olu-limburg.de\/wp-content\/uploads\/2017\/09\/DSC00007_ergebnis-768x576.jpg 768w, https:\/\/olu-limburg.de\/wp-content\/uploads\/2017\/09\/DSC00007_ergebnis-624x468.jpg 624w\" sizes=\"auto, (max-width: 800px) 100vw, 800px\" \/><\/a><\/p>\n<p>Ganz begeistert gehen wir weiter auf der heutigen Grande Rue, damals noch Rue de Barbizon, entlang der alten H\u00e4user. Tafeln erinnern an die K\u00fcnstler, die ehemals in den H\u00e4usern gewohnt und gearbeitet haben. So gelangen wir auch zum Wohnhaus und Atelier von Millet. Heute befindet sich dort eine Galerie. Doch vieles erinnert noch an Millet.<\/p>\n<p><a href=\"https:\/\/olu-limburg.de\/wp-content\/uploads\/2017\/09\/DSC00029_ergebnis.jpg\"><img loading=\"lazy\" decoding=\"async\" class=\"size-full wp-image-13363 aligncenter\" src=\"https:\/\/olu-limburg.de\/wp-content\/uploads\/2017\/09\/DSC00029_ergebnis.jpg\" alt=\"\" width=\"800\" height=\"600\" srcset=\"https:\/\/olu-limburg.de\/wp-content\/uploads\/2017\/09\/DSC00029_ergebnis.jpg 800w, https:\/\/olu-limburg.de\/wp-content\/uploads\/2017\/09\/DSC00029_ergebnis-300x225.jpg 300w, https:\/\/olu-limburg.de\/wp-content\/uploads\/2017\/09\/DSC00029_ergebnis-768x576.jpg 768w, https:\/\/olu-limburg.de\/wp-content\/uploads\/2017\/09\/DSC00029_ergebnis-624x468.jpg 624w\" sizes=\"auto, (max-width: 800px) 100vw, 800px\" \/><\/a><\/p>\n<div id=\"attachment_13372\" style=\"width: 810px\" class=\"wp-caption aligncenter\"><a href=\"https:\/\/olu-limburg.de\/wp-content\/uploads\/2017\/09\/DSC00044_ergebnis.jpg\"><img loading=\"lazy\" decoding=\"async\" aria-describedby=\"caption-attachment-13372\" class=\"size-full wp-image-13372\" src=\"https:\/\/olu-limburg.de\/wp-content\/uploads\/2017\/09\/DSC00044_ergebnis.jpg\" alt=\"\" width=\"800\" height=\"600\" srcset=\"https:\/\/olu-limburg.de\/wp-content\/uploads\/2017\/09\/DSC00044_ergebnis.jpg 800w, https:\/\/olu-limburg.de\/wp-content\/uploads\/2017\/09\/DSC00044_ergebnis-300x225.jpg 300w, https:\/\/olu-limburg.de\/wp-content\/uploads\/2017\/09\/DSC00044_ergebnis-768x576.jpg 768w, https:\/\/olu-limburg.de\/wp-content\/uploads\/2017\/09\/DSC00044_ergebnis-624x468.jpg 624w\" sizes=\"auto, (max-width: 800px) 100vw, 800px\" \/><\/a><p id=\"caption-attachment-13372\" class=\"wp-caption-text\">Wohnhaus von Narcisso V. Diaz de la Pena<\/p><\/div>\n<div id=\"attachment_13373\" style=\"width: 810px\" class=\"wp-caption aligncenter\"><a href=\"https:\/\/olu-limburg.de\/wp-content\/uploads\/2017\/09\/DSC00047_ergebnis.jpg\"><img loading=\"lazy\" decoding=\"async\" aria-describedby=\"caption-attachment-13373\" class=\"size-full wp-image-13373\" src=\"https:\/\/olu-limburg.de\/wp-content\/uploads\/2017\/09\/DSC00047_ergebnis.jpg\" alt=\"\" width=\"800\" height=\"600\" srcset=\"https:\/\/olu-limburg.de\/wp-content\/uploads\/2017\/09\/DSC00047_ergebnis.jpg 800w, https:\/\/olu-limburg.de\/wp-content\/uploads\/2017\/09\/DSC00047_ergebnis-300x225.jpg 300w, https:\/\/olu-limburg.de\/wp-content\/uploads\/2017\/09\/DSC00047_ergebnis-768x576.jpg 768w, https:\/\/olu-limburg.de\/wp-content\/uploads\/2017\/09\/DSC00047_ergebnis-624x468.jpg 624w\" sizes=\"auto, (max-width: 800px) 100vw, 800px\" \/><\/a><p id=\"caption-attachment-13373\" class=\"wp-caption-text\">Absteige von Robert Louis Stefvenson (Schriftsteller)<\/p><\/div>\n<p><a href=\"https:\/\/olu-limburg.de\/wp-content\/uploads\/2017\/09\/DSC00066_ergebnis.jpg\"><img loading=\"lazy\" decoding=\"async\" class=\"size-full wp-image-13384 aligncenter\" src=\"https:\/\/olu-limburg.de\/wp-content\/uploads\/2017\/09\/DSC00066_ergebnis.jpg\" alt=\"\" width=\"800\" height=\"600\" srcset=\"https:\/\/olu-limburg.de\/wp-content\/uploads\/2017\/09\/DSC00066_ergebnis.jpg 800w, https:\/\/olu-limburg.de\/wp-content\/uploads\/2017\/09\/DSC00066_ergebnis-300x225.jpg 300w, https:\/\/olu-limburg.de\/wp-content\/uploads\/2017\/09\/DSC00066_ergebnis-768x576.jpg 768w, https:\/\/olu-limburg.de\/wp-content\/uploads\/2017\/09\/DSC00066_ergebnis-624x468.jpg 624w\" sizes=\"auto, (max-width: 800px) 100vw, 800px\" \/><\/a><\/p>\n<p><a href=\"https:\/\/olu-limburg.de\/wp-content\/uploads\/2017\/09\/DSC00067_ergebnis-e1509728648451.jpg\"><img loading=\"lazy\" decoding=\"async\" class=\"size-full wp-image-13385 alignleft\" src=\"https:\/\/olu-limburg.de\/wp-content\/uploads\/2017\/09\/DSC00067_ergebnis-e1509728648451.jpg\" alt=\"\" width=\"450\" height=\"600\" \/><\/a><\/p>\n<p><a href=\"https:\/\/olu-limburg.de\/wp-content\/uploads\/2017\/09\/DSC00069_ergebnis-e1509728667289.jpg\"><img loading=\"lazy\" decoding=\"async\" class=\"size-full wp-image-13387 alignright\" src=\"https:\/\/olu-limburg.de\/wp-content\/uploads\/2017\/09\/DSC00069_ergebnis-e1509728667289.jpg\" alt=\"\" width=\"450\" height=\"600\" \/><\/a><\/p>\n<p><a href=\"https:\/\/olu-limburg.de\/wp-content\/uploads\/2017\/09\/DSC00068_ergebnis.jpg\"><img loading=\"lazy\" decoding=\"async\" class=\"size-full wp-image-13386 aligncenter\" src=\"https:\/\/olu-limburg.de\/wp-content\/uploads\/2017\/09\/DSC00068_ergebnis.jpg\" alt=\"\" width=\"800\" height=\"600\" srcset=\"https:\/\/olu-limburg.de\/wp-content\/uploads\/2017\/09\/DSC00068_ergebnis.jpg 800w, https:\/\/olu-limburg.de\/wp-content\/uploads\/2017\/09\/DSC00068_ergebnis-300x225.jpg 300w, https:\/\/olu-limburg.de\/wp-content\/uploads\/2017\/09\/DSC00068_ergebnis-768x576.jpg 768w, https:\/\/olu-limburg.de\/wp-content\/uploads\/2017\/09\/DSC00068_ergebnis-624x468.jpg 624w\" sizes=\"auto, (max-width: 800px) 100vw, 800px\" \/><\/a><\/p>\n<div id=\"attachment_13383\" style=\"width: 460px\" class=\"wp-caption aligncenter\"><a href=\"https:\/\/olu-limburg.de\/wp-content\/uploads\/2017\/09\/DSC00065_ergebnis-e1509728706316.jpg\"><img loading=\"lazy\" decoding=\"async\" aria-describedby=\"caption-attachment-13383\" class=\"size-full wp-image-13383\" src=\"https:\/\/olu-limburg.de\/wp-content\/uploads\/2017\/09\/DSC00065_ergebnis-e1509728706316.jpg\" alt=\"\" width=\"450\" height=\"600\" \/><\/a><p id=\"caption-attachment-13383\" class=\"wp-caption-text\">K\u00fcnstlerin von heute<\/p><\/div>\n<p><a href=\"https:\/\/olu-limburg.de\/wp-content\/uploads\/2017\/09\/DSC00040_ergebnis.jpg\"><img loading=\"lazy\" decoding=\"async\" class=\"size-full wp-image-13370 aligncenter\" src=\"https:\/\/olu-limburg.de\/wp-content\/uploads\/2017\/09\/DSC00040_ergebnis.jpg\" alt=\"\" width=\"800\" height=\"600\" srcset=\"https:\/\/olu-limburg.de\/wp-content\/uploads\/2017\/09\/DSC00040_ergebnis.jpg 800w, https:\/\/olu-limburg.de\/wp-content\/uploads\/2017\/09\/DSC00040_ergebnis-300x225.jpg 300w, https:\/\/olu-limburg.de\/wp-content\/uploads\/2017\/09\/DSC00040_ergebnis-768x576.jpg 768w, https:\/\/olu-limburg.de\/wp-content\/uploads\/2017\/09\/DSC00040_ergebnis-624x468.jpg 624w\" sizes=\"auto, (max-width: 800px) 100vw, 800px\" \/><\/a><\/p>\n<p><a href=\"https:\/\/olu-limburg.de\/wp-content\/uploads\/2017\/09\/DSC00038_ergebnis-e1509727471530.jpg\"><img loading=\"lazy\" decoding=\"async\" class=\"size-full wp-image-13368 aligncenter\" src=\"https:\/\/olu-limburg.de\/wp-content\/uploads\/2017\/09\/DSC00038_ergebnis-e1509727471530.jpg\" alt=\"\" width=\"450\" height=\"600\" \/><\/a><\/p>\n<p><a href=\"https:\/\/olu-limburg.de\/wp-content\/uploads\/2017\/09\/DSC00033_ergebnis.jpg\"><img loading=\"lazy\" decoding=\"async\" class=\"size-full wp-image-13364 aligncenter\" src=\"https:\/\/olu-limburg.de\/wp-content\/uploads\/2017\/09\/DSC00033_ergebnis.jpg\" alt=\"\" width=\"800\" height=\"600\" srcset=\"https:\/\/olu-limburg.de\/wp-content\/uploads\/2017\/09\/DSC00033_ergebnis.jpg 800w, https:\/\/olu-limburg.de\/wp-content\/uploads\/2017\/09\/DSC00033_ergebnis-300x225.jpg 300w, https:\/\/olu-limburg.de\/wp-content\/uploads\/2017\/09\/DSC00033_ergebnis-768x576.jpg 768w, https:\/\/olu-limburg.de\/wp-content\/uploads\/2017\/09\/DSC00033_ergebnis-624x468.jpg 624w\" sizes=\"auto, (max-width: 800px) 100vw, 800px\" \/><\/a><\/p>\n<p><a href=\"https:\/\/olu-limburg.de\/wp-content\/uploads\/2017\/09\/DSC00035_ergebnis.jpg\"><img loading=\"lazy\" decoding=\"async\" class=\"size-full wp-image-13365 aligncenter\" src=\"https:\/\/olu-limburg.de\/wp-content\/uploads\/2017\/09\/DSC00035_ergebnis.jpg\" alt=\"\" width=\"800\" height=\"600\" srcset=\"https:\/\/olu-limburg.de\/wp-content\/uploads\/2017\/09\/DSC00035_ergebnis.jpg 800w, https:\/\/olu-limburg.de\/wp-content\/uploads\/2017\/09\/DSC00035_ergebnis-300x225.jpg 300w, https:\/\/olu-limburg.de\/wp-content\/uploads\/2017\/09\/DSC00035_ergebnis-768x576.jpg 768w, https:\/\/olu-limburg.de\/wp-content\/uploads\/2017\/09\/DSC00035_ergebnis-624x468.jpg 624w\" sizes=\"auto, (max-width: 800px) 100vw, 800px\" \/><\/a><\/p>\n<div id=\"attachment_13366\" style=\"width: 810px\" class=\"wp-caption aligncenter\"><a href=\"https:\/\/olu-limburg.de\/wp-content\/uploads\/2017\/09\/DSC00036_ergebnis.jpg\"><img loading=\"lazy\" decoding=\"async\" aria-describedby=\"caption-attachment-13366\" class=\"wp-image-13366 size-full\" src=\"https:\/\/olu-limburg.de\/wp-content\/uploads\/2017\/09\/DSC00036_ergebnis.jpg\" alt=\"\" width=\"800\" height=\"600\" srcset=\"https:\/\/olu-limburg.de\/wp-content\/uploads\/2017\/09\/DSC00036_ergebnis.jpg 800w, https:\/\/olu-limburg.de\/wp-content\/uploads\/2017\/09\/DSC00036_ergebnis-300x225.jpg 300w, https:\/\/olu-limburg.de\/wp-content\/uploads\/2017\/09\/DSC00036_ergebnis-768x576.jpg 768w, https:\/\/olu-limburg.de\/wp-content\/uploads\/2017\/09\/DSC00036_ergebnis-624x468.jpg 624w\" sizes=\"auto, (max-width: 800px) 100vw, 800px\" \/><\/a><p id=\"caption-attachment-13366\" class=\"wp-caption-text\">In der Mitte ein Selbstportrait von Millet.<\/p><\/div>\n<div id=\"attachment_13367\" style=\"width: 460px\" class=\"wp-caption alignleft\"><a href=\"https:\/\/olu-limburg.de\/wp-content\/uploads\/2017\/09\/DSC00037_ergebnis-e1509727583276.jpg\"><img loading=\"lazy\" decoding=\"async\" aria-describedby=\"caption-attachment-13367\" class=\"size-full wp-image-13367\" src=\"https:\/\/olu-limburg.de\/wp-content\/uploads\/2017\/09\/DSC00037_ergebnis-e1509727583276.jpg\" alt=\"\" width=\"450\" height=\"600\" \/><\/a><p id=\"caption-attachment-13367\" class=\"wp-caption-text\">Sicht zum Garten<\/p><\/div>\n<p><a href=\"https:\/\/olu-limburg.de\/wp-content\/uploads\/2017\/09\/DSC00039_ergebnis-e1509727616538.jpg\"><img loading=\"lazy\" decoding=\"async\" class=\"size-full wp-image-13369 aligncenter\" src=\"https:\/\/olu-limburg.de\/wp-content\/uploads\/2017\/09\/DSC00039_ergebnis-e1509727616538.jpg\" alt=\"\" width=\"450\" height=\"600\" \/><\/a><\/p>\n<p>Als letzten H\u00f6hepunkt haben wir einen Spaziergang in den Wald, auf den Spuren der K\u00fcnstler, vor uns. Wir wagen uns immer weiter hinein, obwohl wir schon sehr fr\u00fchzeitig die aufgew\u00fchlten Fl\u00e4chen unter den riesigen Eichen sehen. Doch als die D\u00e4mmerung immer n\u00e4her r\u00fcckt, wird das Gef\u00fchl, dass uns Wildschweine \u00fcberraschen k\u00f6nnten, immer gr\u00f6\u00dfer. Eigentlich m\u00f6chten wir so einem hungrigen Rudel nicht gegen\u00fcber stehen. Ich habe so etwas lieber auf meinem Teller, mit Kn\u00f6deln und Rotkraut und dazu eine Flasche guten Rotwein.<\/p>\n<p><a href=\"https:\/\/olu-limburg.de\/wp-content\/uploads\/2017\/09\/DSC00075_ergebnis.jpg\"><img loading=\"lazy\" decoding=\"async\" class=\"size-full wp-image-13389 aligncenter\" src=\"https:\/\/olu-limburg.de\/wp-content\/uploads\/2017\/09\/DSC00075_ergebnis.jpg\" alt=\"\" width=\"800\" height=\"600\" srcset=\"https:\/\/olu-limburg.de\/wp-content\/uploads\/2017\/09\/DSC00075_ergebnis.jpg 800w, https:\/\/olu-limburg.de\/wp-content\/uploads\/2017\/09\/DSC00075_ergebnis-300x225.jpg 300w, https:\/\/olu-limburg.de\/wp-content\/uploads\/2017\/09\/DSC00075_ergebnis-768x576.jpg 768w, https:\/\/olu-limburg.de\/wp-content\/uploads\/2017\/09\/DSC00075_ergebnis-624x468.jpg 624w\" sizes=\"auto, (max-width: 800px) 100vw, 800px\" \/><\/a><\/p>\n<p><a href=\"https:\/\/olu-limburg.de\/wp-content\/uploads\/2017\/09\/DSC00048_ergebnis.jpg\"><img loading=\"lazy\" decoding=\"async\" class=\"size-full wp-image-13374 aligncenter\" src=\"https:\/\/olu-limburg.de\/wp-content\/uploads\/2017\/09\/DSC00048_ergebnis.jpg\" alt=\"\" width=\"800\" height=\"600\" srcset=\"https:\/\/olu-limburg.de\/wp-content\/uploads\/2017\/09\/DSC00048_ergebnis.jpg 800w, https:\/\/olu-limburg.de\/wp-content\/uploads\/2017\/09\/DSC00048_ergebnis-300x225.jpg 300w, https:\/\/olu-limburg.de\/wp-content\/uploads\/2017\/09\/DSC00048_ergebnis-768x576.jpg 768w, https:\/\/olu-limburg.de\/wp-content\/uploads\/2017\/09\/DSC00048_ergebnis-624x468.jpg 624w\" sizes=\"auto, (max-width: 800px) 100vw, 800px\" \/><\/a><\/p>\n<div id=\"attachment_13375\" style=\"width: 810px\" class=\"wp-caption aligncenter\"><a href=\"https:\/\/olu-limburg.de\/wp-content\/uploads\/2017\/09\/DSC00051_ergebnis.jpg\"><img loading=\"lazy\" decoding=\"async\" aria-describedby=\"caption-attachment-13375\" class=\"wp-image-13375 size-full\" src=\"https:\/\/olu-limburg.de\/wp-content\/uploads\/2017\/09\/DSC00051_ergebnis.jpg\" alt=\"\" width=\"800\" height=\"600\" srcset=\"https:\/\/olu-limburg.de\/wp-content\/uploads\/2017\/09\/DSC00051_ergebnis.jpg 800w, https:\/\/olu-limburg.de\/wp-content\/uploads\/2017\/09\/DSC00051_ergebnis-300x225.jpg 300w, https:\/\/olu-limburg.de\/wp-content\/uploads\/2017\/09\/DSC00051_ergebnis-768x576.jpg 768w, https:\/\/olu-limburg.de\/wp-content\/uploads\/2017\/09\/DSC00051_ergebnis-624x468.jpg 624w\" sizes=\"auto, (max-width: 800px) 100vw, 800px\" \/><\/a><p id=\"caption-attachment-13375\" class=\"wp-caption-text\">M\u00e9daillon Millet-Rousseau<\/p><\/div>\n<p><a href=\"https:\/\/olu-limburg.de\/wp-content\/uploads\/2017\/09\/DSC00052_ergebnis.jpg\"><img loading=\"lazy\" decoding=\"async\" class=\"size-full wp-image-13376 aligncenter\" src=\"https:\/\/olu-limburg.de\/wp-content\/uploads\/2017\/09\/DSC00052_ergebnis.jpg\" alt=\"\" width=\"800\" height=\"600\" srcset=\"https:\/\/olu-limburg.de\/wp-content\/uploads\/2017\/09\/DSC00052_ergebnis.jpg 800w, https:\/\/olu-limburg.de\/wp-content\/uploads\/2017\/09\/DSC00052_ergebnis-300x225.jpg 300w, https:\/\/olu-limburg.de\/wp-content\/uploads\/2017\/09\/DSC00052_ergebnis-768x576.jpg 768w, https:\/\/olu-limburg.de\/wp-content\/uploads\/2017\/09\/DSC00052_ergebnis-624x468.jpg 624w\" sizes=\"auto, (max-width: 800px) 100vw, 800px\" \/><\/a><\/p>\n<div id=\"attachment_13377\" style=\"width: 810px\" class=\"wp-caption aligncenter\"><a href=\"https:\/\/olu-limburg.de\/wp-content\/uploads\/2017\/09\/DSC00054_ergebnis.jpg\"><img loading=\"lazy\" decoding=\"async\" aria-describedby=\"caption-attachment-13377\" class=\"wp-image-13377 size-full\" src=\"https:\/\/olu-limburg.de\/wp-content\/uploads\/2017\/09\/DSC00054_ergebnis.jpg\" alt=\"\" width=\"800\" height=\"600\" srcset=\"https:\/\/olu-limburg.de\/wp-content\/uploads\/2017\/09\/DSC00054_ergebnis.jpg 800w, https:\/\/olu-limburg.de\/wp-content\/uploads\/2017\/09\/DSC00054_ergebnis-300x225.jpg 300w, https:\/\/olu-limburg.de\/wp-content\/uploads\/2017\/09\/DSC00054_ergebnis-768x576.jpg 768w, https:\/\/olu-limburg.de\/wp-content\/uploads\/2017\/09\/DSC00054_ergebnis-624x468.jpg 624w\" sizes=\"auto, (max-width: 800px) 100vw, 800px\" \/><\/a><p id=\"caption-attachment-13377\" class=\"wp-caption-text\">Reitplatz der Damen<\/p><\/div>\n<p><a href=\"https:\/\/olu-limburg.de\/wp-content\/uploads\/2017\/09\/DSC00058_ergebnis.jpg\"><img loading=\"lazy\" decoding=\"async\" class=\"size-full wp-image-13380 aligncenter\" src=\"https:\/\/olu-limburg.de\/wp-content\/uploads\/2017\/09\/DSC00058_ergebnis.jpg\" alt=\"\" width=\"800\" height=\"600\" srcset=\"https:\/\/olu-limburg.de\/wp-content\/uploads\/2017\/09\/DSC00058_ergebnis.jpg 800w, https:\/\/olu-limburg.de\/wp-content\/uploads\/2017\/09\/DSC00058_ergebnis-300x225.jpg 300w, https:\/\/olu-limburg.de\/wp-content\/uploads\/2017\/09\/DSC00058_ergebnis-768x576.jpg 768w, https:\/\/olu-limburg.de\/wp-content\/uploads\/2017\/09\/DSC00058_ergebnis-624x468.jpg 624w\" sizes=\"auto, (max-width: 800px) 100vw, 800px\" \/><\/a><\/p>\n<div id=\"attachment_13379\" style=\"width: 810px\" class=\"wp-caption aligncenter\"><a href=\"https:\/\/olu-limburg.de\/wp-content\/uploads\/2017\/09\/DSC00057_ergebnis.jpg\"><img loading=\"lazy\" decoding=\"async\" aria-describedby=\"caption-attachment-13379\" class=\"wp-image-13379 size-full\" src=\"https:\/\/olu-limburg.de\/wp-content\/uploads\/2017\/09\/DSC00057_ergebnis.jpg\" alt=\"\" width=\"800\" height=\"600\" srcset=\"https:\/\/olu-limburg.de\/wp-content\/uploads\/2017\/09\/DSC00057_ergebnis.jpg 800w, https:\/\/olu-limburg.de\/wp-content\/uploads\/2017\/09\/DSC00057_ergebnis-300x225.jpg 300w, https:\/\/olu-limburg.de\/wp-content\/uploads\/2017\/09\/DSC00057_ergebnis-768x576.jpg 768w, https:\/\/olu-limburg.de\/wp-content\/uploads\/2017\/09\/DSC00057_ergebnis-624x468.jpg 624w\" sizes=\"auto, (max-width: 800px) 100vw, 800px\" \/><\/a><p id=\"caption-attachment-13379\" class=\"wp-caption-text\">Rocher d&#8217;El\u00e9phant<\/p><\/div>\n<p><a href=\"https:\/\/olu-limburg.de\/wp-content\/uploads\/2017\/09\/DSC00063_ergebnis.jpg\"><img loading=\"lazy\" decoding=\"async\" class=\"size-full wp-image-13381 aligncenter\" src=\"https:\/\/olu-limburg.de\/wp-content\/uploads\/2017\/09\/DSC00063_ergebnis.jpg\" alt=\"\" width=\"800\" height=\"600\" srcset=\"https:\/\/olu-limburg.de\/wp-content\/uploads\/2017\/09\/DSC00063_ergebnis.jpg 800w, https:\/\/olu-limburg.de\/wp-content\/uploads\/2017\/09\/DSC00063_ergebnis-300x225.jpg 300w, https:\/\/olu-limburg.de\/wp-content\/uploads\/2017\/09\/DSC00063_ergebnis-768x576.jpg 768w, https:\/\/olu-limburg.de\/wp-content\/uploads\/2017\/09\/DSC00063_ergebnis-624x468.jpg 624w\" sizes=\"auto, (max-width: 800px) 100vw, 800px\" \/><\/a><\/p>\n<p><a href=\"https:\/\/olu-limburg.de\/wp-content\/uploads\/2017\/09\/DSC00055_ergebnis.jpg\"><img loading=\"lazy\" decoding=\"async\" class=\"alignnone size-full wp-image-13378\" src=\"https:\/\/olu-limburg.de\/wp-content\/uploads\/2017\/09\/DSC00055_ergebnis.jpg\" alt=\"\" width=\"800\" height=\"600\" srcset=\"https:\/\/olu-limburg.de\/wp-content\/uploads\/2017\/09\/DSC00055_ergebnis.jpg 800w, https:\/\/olu-limburg.de\/wp-content\/uploads\/2017\/09\/DSC00055_ergebnis-300x225.jpg 300w, https:\/\/olu-limburg.de\/wp-content\/uploads\/2017\/09\/DSC00055_ergebnis-768x576.jpg 768w, https:\/\/olu-limburg.de\/wp-content\/uploads\/2017\/09\/DSC00055_ergebnis-624x468.jpg 624w\" sizes=\"auto, (max-width: 800px) 100vw, 800px\" \/><\/a><\/p>\n<div id=\"attachment_13388\" style=\"width: 810px\" class=\"wp-caption aligncenter\"><a href=\"https:\/\/olu-limburg.de\/wp-content\/uploads\/2017\/09\/DSC00073_ergebnis.jpg\"><img loading=\"lazy\" decoding=\"async\" aria-describedby=\"caption-attachment-13388\" class=\"size-full wp-image-13388\" src=\"https:\/\/olu-limburg.de\/wp-content\/uploads\/2017\/09\/DSC00073_ergebnis.jpg\" alt=\"\" width=\"800\" height=\"600\" srcset=\"https:\/\/olu-limburg.de\/wp-content\/uploads\/2017\/09\/DSC00073_ergebnis.jpg 800w, https:\/\/olu-limburg.de\/wp-content\/uploads\/2017\/09\/DSC00073_ergebnis-300x225.jpg 300w, https:\/\/olu-limburg.de\/wp-content\/uploads\/2017\/09\/DSC00073_ergebnis-768x576.jpg 768w, https:\/\/olu-limburg.de\/wp-content\/uploads\/2017\/09\/DSC00073_ergebnis-624x468.jpg 624w\" sizes=\"auto, (max-width: 800px) 100vw, 800px\" \/><\/a><p id=\"caption-attachment-13388\" class=\"wp-caption-text\">Die linke Fahrbahn wurde damals von der Eisenbahn beansprucht.<\/p><\/div>\n<p>Tagesstrecke: 122 km<\/p>\n<p>&nbsp;<\/p>\n<p><strong>Dienstag, 12. September 2017<\/strong><\/p>\n<p>Als ersten Abstecher haben wir uns heute, auf der anderen Seite des Foret de Fontainebleau, Moret sur Loing vorgenommen. Hier lebte und arbeitete Alfred Sisley, Maler des fl\u00fcchtigen Augenblicks, die letzten Jahre bis zu seinem Tod. Bedingt durch ein zu niedriges Stadttor und einer erfolglosen Suche eines Parkplatzes, ereichen wir nach einem Umweg von vielen Kilometern und einer wundersch\u00f6nen Fahrt am Canal de Loing entlang, wieder Moret sur Loing, diesmal die Unterstadt. Hier finden wir auch einen Parkplatz.<\/p>\n<p>\u00dcberall sind Tafeln aufgestellt, wo Alfred Sisley bestimmte Bilder gemalt hat. Leider ist das Sisley-Haus geschlossen und das Infozentrum der Sisley-Freunde nur am Wochenende offen. Daf\u00fcr erfahren wir, dass Malzbonbons hier eine Spezialit\u00e4t sind und auch gewisserma\u00dfen ihren Ursprung hier haben.<\/p>\n<p><a href=\"https:\/\/olu-limburg.de\/wp-content\/uploads\/2017\/09\/DSC00080_ergebnis.jpg\"><img loading=\"lazy\" decoding=\"async\" class=\"size-full wp-image-13393 aligncenter\" src=\"https:\/\/olu-limburg.de\/wp-content\/uploads\/2017\/09\/DSC00080_ergebnis.jpg\" alt=\"\" width=\"800\" height=\"600\" srcset=\"https:\/\/olu-limburg.de\/wp-content\/uploads\/2017\/09\/DSC00080_ergebnis.jpg 800w, https:\/\/olu-limburg.de\/wp-content\/uploads\/2017\/09\/DSC00080_ergebnis-300x225.jpg 300w, https:\/\/olu-limburg.de\/wp-content\/uploads\/2017\/09\/DSC00080_ergebnis-768x576.jpg 768w, https:\/\/olu-limburg.de\/wp-content\/uploads\/2017\/09\/DSC00080_ergebnis-624x468.jpg 624w\" sizes=\"auto, (max-width: 800px) 100vw, 800px\" \/><\/a><\/p>\n<p><a href=\"https:\/\/olu-limburg.de\/wp-content\/uploads\/2017\/09\/DSC00087_ergebnis.jpg\"><img loading=\"lazy\" decoding=\"async\" class=\"size-full wp-image-13395 aligncenter\" src=\"https:\/\/olu-limburg.de\/wp-content\/uploads\/2017\/09\/DSC00087_ergebnis.jpg\" alt=\"\" width=\"800\" height=\"600\" srcset=\"https:\/\/olu-limburg.de\/wp-content\/uploads\/2017\/09\/DSC00087_ergebnis.jpg 800w, https:\/\/olu-limburg.de\/wp-content\/uploads\/2017\/09\/DSC00087_ergebnis-300x225.jpg 300w, https:\/\/olu-limburg.de\/wp-content\/uploads\/2017\/09\/DSC00087_ergebnis-768x576.jpg 768w, https:\/\/olu-limburg.de\/wp-content\/uploads\/2017\/09\/DSC00087_ergebnis-624x468.jpg 624w\" sizes=\"auto, (max-width: 800px) 100vw, 800px\" \/><\/a><\/p>\n<p><a href=\"https:\/\/olu-limburg.de\/wp-content\/uploads\/2017\/09\/DSC00094_ergebnis.jpg\"><img loading=\"lazy\" decoding=\"async\" class=\"size-full wp-image-13396 aligncenter\" src=\"https:\/\/olu-limburg.de\/wp-content\/uploads\/2017\/09\/DSC00094_ergebnis.jpg\" alt=\"\" width=\"800\" height=\"600\" srcset=\"https:\/\/olu-limburg.de\/wp-content\/uploads\/2017\/09\/DSC00094_ergebnis.jpg 800w, https:\/\/olu-limburg.de\/wp-content\/uploads\/2017\/09\/DSC00094_ergebnis-300x225.jpg 300w, https:\/\/olu-limburg.de\/wp-content\/uploads\/2017\/09\/DSC00094_ergebnis-768x576.jpg 768w, https:\/\/olu-limburg.de\/wp-content\/uploads\/2017\/09\/DSC00094_ergebnis-624x468.jpg 624w\" sizes=\"auto, (max-width: 800px) 100vw, 800px\" \/><\/a><\/p>\n<div id=\"attachment_13397\" style=\"width: 460px\" class=\"wp-caption aligncenter\"><a href=\"https:\/\/olu-limburg.de\/wp-content\/uploads\/2017\/09\/DSC00096_ergebnis-e1509800154948.jpg\"><img loading=\"lazy\" decoding=\"async\" aria-describedby=\"caption-attachment-13397\" class=\"wp-image-13397 size-full\" src=\"https:\/\/olu-limburg.de\/wp-content\/uploads\/2017\/09\/DSC00096_ergebnis-e1509800154948.jpg\" alt=\"\" width=\"450\" height=\"600\" \/><\/a><p id=\"caption-attachment-13397\" class=\"wp-caption-text\">Museum der Malz-Bonbons, der Sucre d&#8217;Orge<\/p><\/div>\n<p><a href=\"https:\/\/olu-limburg.de\/wp-content\/uploads\/2017\/09\/P1060489_ergebnis.jpg\"><img loading=\"lazy\" decoding=\"async\" class=\"size-full wp-image-13414 aligncenter\" src=\"https:\/\/olu-limburg.de\/wp-content\/uploads\/2017\/09\/P1060489_ergebnis.jpg\" alt=\"\" width=\"800\" height=\"600\" srcset=\"https:\/\/olu-limburg.de\/wp-content\/uploads\/2017\/09\/P1060489_ergebnis.jpg 800w, https:\/\/olu-limburg.de\/wp-content\/uploads\/2017\/09\/P1060489_ergebnis-300x225.jpg 300w, https:\/\/olu-limburg.de\/wp-content\/uploads\/2017\/09\/P1060489_ergebnis-768x576.jpg 768w, https:\/\/olu-limburg.de\/wp-content\/uploads\/2017\/09\/P1060489_ergebnis-624x468.jpg 624w\" sizes=\"auto, (max-width: 800px) 100vw, 800px\" \/><\/a><\/p>\n<p><a href=\"https:\/\/olu-limburg.de\/wp-content\/uploads\/2017\/09\/DSC00107_ergebnis.jpg\"><img loading=\"lazy\" decoding=\"async\" class=\"size-full wp-image-13403 aligncenter\" src=\"https:\/\/olu-limburg.de\/wp-content\/uploads\/2017\/09\/DSC00107_ergebnis.jpg\" alt=\"\" width=\"800\" height=\"600\" srcset=\"https:\/\/olu-limburg.de\/wp-content\/uploads\/2017\/09\/DSC00107_ergebnis.jpg 800w, https:\/\/olu-limburg.de\/wp-content\/uploads\/2017\/09\/DSC00107_ergebnis-300x225.jpg 300w, https:\/\/olu-limburg.de\/wp-content\/uploads\/2017\/09\/DSC00107_ergebnis-768x576.jpg 768w, https:\/\/olu-limburg.de\/wp-content\/uploads\/2017\/09\/DSC00107_ergebnis-624x468.jpg 624w\" sizes=\"auto, (max-width: 800px) 100vw, 800px\" \/><\/a><\/p>\n<p><a href=\"https:\/\/olu-limburg.de\/wp-content\/uploads\/2017\/09\/DSC00117_ergebnis.jpg\"><img loading=\"lazy\" decoding=\"async\" class=\"size-full wp-image-13409 aligncenter\" src=\"https:\/\/olu-limburg.de\/wp-content\/uploads\/2017\/09\/DSC00117_ergebnis.jpg\" alt=\"\" width=\"800\" height=\"600\" srcset=\"https:\/\/olu-limburg.de\/wp-content\/uploads\/2017\/09\/DSC00117_ergebnis.jpg 800w, https:\/\/olu-limburg.de\/wp-content\/uploads\/2017\/09\/DSC00117_ergebnis-300x225.jpg 300w, https:\/\/olu-limburg.de\/wp-content\/uploads\/2017\/09\/DSC00117_ergebnis-768x576.jpg 768w, https:\/\/olu-limburg.de\/wp-content\/uploads\/2017\/09\/DSC00117_ergebnis-624x468.jpg 624w\" sizes=\"auto, (max-width: 800px) 100vw, 800px\" \/><\/a><\/p>\n<p><a href=\"https:\/\/olu-limburg.de\/wp-content\/uploads\/2017\/09\/DSC00110_ergebnis-e1509800321800.jpg\"><img loading=\"lazy\" decoding=\"async\" class=\"size-full wp-image-13405 alignleft\" src=\"https:\/\/olu-limburg.de\/wp-content\/uploads\/2017\/09\/DSC00110_ergebnis-e1509800321800.jpg\" alt=\"\" width=\"450\" height=\"600\" \/><\/a><\/p>\n<p><a href=\"https:\/\/olu-limburg.de\/wp-content\/uploads\/2017\/09\/DSC00108_ergebnis-e1509800341258.jpg\"><img loading=\"lazy\" decoding=\"async\" class=\"size-full wp-image-13404 alignright\" src=\"https:\/\/olu-limburg.de\/wp-content\/uploads\/2017\/09\/DSC00108_ergebnis-e1509800341258.jpg\" alt=\"\" width=\"450\" height=\"600\" \/><\/a><\/p>\n<p><a href=\"https:\/\/olu-limburg.de\/wp-content\/uploads\/2017\/09\/DSC00098_ergebnis.jpg\"><img loading=\"lazy\" decoding=\"async\" class=\"size-full wp-image-13399 aligncenter\" src=\"https:\/\/olu-limburg.de\/wp-content\/uploads\/2017\/09\/DSC00098_ergebnis.jpg\" alt=\"\" width=\"800\" height=\"600\" srcset=\"https:\/\/olu-limburg.de\/wp-content\/uploads\/2017\/09\/DSC00098_ergebnis.jpg 800w, https:\/\/olu-limburg.de\/wp-content\/uploads\/2017\/09\/DSC00098_ergebnis-300x225.jpg 300w, https:\/\/olu-limburg.de\/wp-content\/uploads\/2017\/09\/DSC00098_ergebnis-768x576.jpg 768w, https:\/\/olu-limburg.de\/wp-content\/uploads\/2017\/09\/DSC00098_ergebnis-624x468.jpg 624w\" sizes=\"auto, (max-width: 800px) 100vw, 800px\" \/><\/a><\/p>\n<p><a href=\"https:\/\/olu-limburg.de\/wp-content\/uploads\/2017\/09\/DSC00099_ergebnis-e1509800397609.jpg\"><img loading=\"lazy\" decoding=\"async\" class=\"size-full wp-image-13400 aligncenter\" src=\"https:\/\/olu-limburg.de\/wp-content\/uploads\/2017\/09\/DSC00099_ergebnis-e1509800397609.jpg\" alt=\"\" width=\"450\" height=\"600\" \/><\/a><\/p>\n<div id=\"attachment_13413\" style=\"width: 810px\" class=\"wp-caption aligncenter\"><a href=\"https:\/\/olu-limburg.de\/wp-content\/uploads\/2017\/09\/P1060483_ergebnis.jpg\"><img loading=\"lazy\" decoding=\"async\" aria-describedby=\"caption-attachment-13413\" class=\"wp-image-13413 size-full\" src=\"https:\/\/olu-limburg.de\/wp-content\/uploads\/2017\/09\/P1060483_ergebnis.jpg\" alt=\"\" width=\"800\" height=\"600\" srcset=\"https:\/\/olu-limburg.de\/wp-content\/uploads\/2017\/09\/P1060483_ergebnis.jpg 800w, https:\/\/olu-limburg.de\/wp-content\/uploads\/2017\/09\/P1060483_ergebnis-300x225.jpg 300w, https:\/\/olu-limburg.de\/wp-content\/uploads\/2017\/09\/P1060483_ergebnis-768x576.jpg 768w, https:\/\/olu-limburg.de\/wp-content\/uploads\/2017\/09\/P1060483_ergebnis-624x468.jpg 624w\" sizes=\"auto, (max-width: 800px) 100vw, 800px\" \/><\/a><p id=\"caption-attachment-13413\" class=\"wp-caption-text\">La Galerie de la Maison Chabouill\u00e9 (wurde im 16. Jhdt. f\u00fcr den Finanzminister von Francois 1er erbaut.<\/p><\/div>\n<p><a href=\"https:\/\/olu-limburg.de\/wp-content\/uploads\/2017\/09\/P1060481_ergebnis.jpg\"><img loading=\"lazy\" decoding=\"async\" class=\"size-full wp-image-13412 aligncenter\" src=\"https:\/\/olu-limburg.de\/wp-content\/uploads\/2017\/09\/P1060481_ergebnis.jpg\" alt=\"\" width=\"800\" height=\"600\" srcset=\"https:\/\/olu-limburg.de\/wp-content\/uploads\/2017\/09\/P1060481_ergebnis.jpg 800w, https:\/\/olu-limburg.de\/wp-content\/uploads\/2017\/09\/P1060481_ergebnis-300x225.jpg 300w, https:\/\/olu-limburg.de\/wp-content\/uploads\/2017\/09\/P1060481_ergebnis-768x576.jpg 768w, https:\/\/olu-limburg.de\/wp-content\/uploads\/2017\/09\/P1060481_ergebnis-624x468.jpg 624w\" sizes=\"auto, (max-width: 800px) 100vw, 800px\" \/><\/a><\/p>\n<div id=\"attachment_13406\" style=\"width: 810px\" class=\"wp-caption aligncenter\"><a href=\"https:\/\/olu-limburg.de\/wp-content\/uploads\/2017\/09\/DSC00112_ergebnis.jpg\"><img loading=\"lazy\" decoding=\"async\" aria-describedby=\"caption-attachment-13406\" class=\"wp-image-13406 size-full\" src=\"https:\/\/olu-limburg.de\/wp-content\/uploads\/2017\/09\/DSC00112_ergebnis.jpg\" alt=\"\" width=\"800\" height=\"600\" srcset=\"https:\/\/olu-limburg.de\/wp-content\/uploads\/2017\/09\/DSC00112_ergebnis.jpg 800w, https:\/\/olu-limburg.de\/wp-content\/uploads\/2017\/09\/DSC00112_ergebnis-300x225.jpg 300w, https:\/\/olu-limburg.de\/wp-content\/uploads\/2017\/09\/DSC00112_ergebnis-768x576.jpg 768w, https:\/\/olu-limburg.de\/wp-content\/uploads\/2017\/09\/DSC00112_ergebnis-624x468.jpg 624w\" sizes=\"auto, (max-width: 800px) 100vw, 800px\" \/><\/a><p id=\"caption-attachment-13406\" class=\"wp-caption-text\">Wohnhaus und Atelier von Alfred Sisley<\/p><\/div>\n<p><a href=\"https:\/\/olu-limburg.de\/wp-content\/uploads\/2017\/09\/DSC00113_ergebnis.jpg\"><img loading=\"lazy\" decoding=\"async\" class=\"alignnone size-full wp-image-13407\" src=\"https:\/\/olu-limburg.de\/wp-content\/uploads\/2017\/09\/DSC00113_ergebnis.jpg\" alt=\"\" width=\"800\" height=\"600\" srcset=\"https:\/\/olu-limburg.de\/wp-content\/uploads\/2017\/09\/DSC00113_ergebnis.jpg 800w, https:\/\/olu-limburg.de\/wp-content\/uploads\/2017\/09\/DSC00113_ergebnis-300x225.jpg 300w, https:\/\/olu-limburg.de\/wp-content\/uploads\/2017\/09\/DSC00113_ergebnis-768x576.jpg 768w, https:\/\/olu-limburg.de\/wp-content\/uploads\/2017\/09\/DSC00113_ergebnis-624x468.jpg 624w\" sizes=\"auto, (max-width: 800px) 100vw, 800px\" \/><\/a><\/p>\n<div id=\"attachment_13408\" style=\"width: 460px\" class=\"wp-caption aligncenter\"><a href=\"https:\/\/olu-limburg.de\/wp-content\/uploads\/2017\/09\/DSC00114_ergebnis-e1509800670620.jpg\"><img loading=\"lazy\" decoding=\"async\" aria-describedby=\"caption-attachment-13408\" class=\"size-full wp-image-13408\" src=\"https:\/\/olu-limburg.de\/wp-content\/uploads\/2017\/09\/DSC00114_ergebnis-e1509800670620.jpg\" alt=\"\" width=\"450\" height=\"600\" \/><\/a><p id=\"caption-attachment-13408\" class=\"wp-caption-text\">Donjon de Moret<\/p><\/div>\n<p><a href=\"https:\/\/olu-limburg.de\/wp-content\/uploads\/2017\/09\/P1060507_ergebnis-e1509801598383.jpg\"><img loading=\"lazy\" decoding=\"async\" class=\"size-full wp-image-13415 aligncenter\" src=\"https:\/\/olu-limburg.de\/wp-content\/uploads\/2017\/09\/P1060507_ergebnis-e1509801598383.jpg\" alt=\"\" width=\"450\" height=\"600\" \/><\/a><\/p>\n<p><a href=\"https:\/\/olu-limburg.de\/wp-content\/uploads\/2017\/09\/DSC00126_ergebnis.jpg\"><img loading=\"lazy\" decoding=\"async\" class=\"size-full wp-image-13410 aligncenter\" src=\"https:\/\/olu-limburg.de\/wp-content\/uploads\/2017\/09\/DSC00126_ergebnis.jpg\" alt=\"\" width=\"800\" height=\"600\" srcset=\"https:\/\/olu-limburg.de\/wp-content\/uploads\/2017\/09\/DSC00126_ergebnis.jpg 800w, https:\/\/olu-limburg.de\/wp-content\/uploads\/2017\/09\/DSC00126_ergebnis-300x225.jpg 300w, https:\/\/olu-limburg.de\/wp-content\/uploads\/2017\/09\/DSC00126_ergebnis-768x576.jpg 768w, https:\/\/olu-limburg.de\/wp-content\/uploads\/2017\/09\/DSC00126_ergebnis-624x468.jpg 624w\" sizes=\"auto, (max-width: 800px) 100vw, 800px\" \/><\/a><\/p>\n<p>In Varennes sur Seine genehmigen wir uns ein Mittagsbuffet beim Chinesen. Danach sehen wir bei der Umfahrung von Nogent-sur-Seine, dass es dort ein Camille Claudel-Museum gibt. Sie war als Bildhauerin eine Sch\u00fclerin von Auguste Rodin. Dies m\u00fcssen wir uns unbedingt f\u00fcr die n\u00e4chste Frankreich-Tour in diese Gegend vormerken.<\/p>\n<p>Nach wiederum viel Landschaft landen wir am Lac de Der, dem Stellplatz Chantecoq (Geb\u00fchr EUR 4,00 von 20 -8 Uhr; nur Kartenzahlung). Hier hat sich einiges getan, es gibt eine Schranke mit Zahlautomat, richtige Stellpl\u00e4tze, nur die neue Ver-und Entsorgung fehlt noch.<\/p>\n<p><a href=\"https:\/\/olu-limburg.de\/wp-content\/uploads\/2017\/09\/P1060522_ergebnis.jpg\"><img loading=\"lazy\" decoding=\"async\" class=\"size-full wp-image-13416 aligncenter\" src=\"https:\/\/olu-limburg.de\/wp-content\/uploads\/2017\/09\/P1060522_ergebnis.jpg\" alt=\"\" width=\"800\" height=\"600\" srcset=\"https:\/\/olu-limburg.de\/wp-content\/uploads\/2017\/09\/P1060522_ergebnis.jpg 800w, https:\/\/olu-limburg.de\/wp-content\/uploads\/2017\/09\/P1060522_ergebnis-300x225.jpg 300w, https:\/\/olu-limburg.de\/wp-content\/uploads\/2017\/09\/P1060522_ergebnis-768x576.jpg 768w, https:\/\/olu-limburg.de\/wp-content\/uploads\/2017\/09\/P1060522_ergebnis-624x468.jpg 624w\" sizes=\"auto, (max-width: 800px) 100vw, 800px\" \/><\/a><\/p>\n<p><a href=\"https:\/\/olu-limburg.de\/wp-content\/uploads\/2017\/09\/P1060523_ergebnis-e1509801650180.jpg\"><img loading=\"lazy\" decoding=\"async\" class=\"size-full wp-image-13417 aligncenter\" src=\"https:\/\/olu-limburg.de\/wp-content\/uploads\/2017\/09\/P1060523_ergebnis-e1509801650180.jpg\" alt=\"\" width=\"450\" height=\"600\" \/><\/a><\/p>\n<p><a href=\"https:\/\/olu-limburg.de\/wp-content\/uploads\/2017\/09\/P1060529_ergebnis.jpg\"><img loading=\"lazy\" decoding=\"async\" class=\"size-full wp-image-13418 aligncenter\" src=\"https:\/\/olu-limburg.de\/wp-content\/uploads\/2017\/09\/P1060529_ergebnis.jpg\" alt=\"\" width=\"800\" height=\"600\" srcset=\"https:\/\/olu-limburg.de\/wp-content\/uploads\/2017\/09\/P1060529_ergebnis.jpg 800w, https:\/\/olu-limburg.de\/wp-content\/uploads\/2017\/09\/P1060529_ergebnis-300x225.jpg 300w, https:\/\/olu-limburg.de\/wp-content\/uploads\/2017\/09\/P1060529_ergebnis-768x576.jpg 768w, https:\/\/olu-limburg.de\/wp-content\/uploads\/2017\/09\/P1060529_ergebnis-624x468.jpg 624w\" sizes=\"auto, (max-width: 800px) 100vw, 800px\" \/><\/a><\/p>\n<p>Da es so sch\u00f6n ist, machen wir noch eine Radtour im Uhrzeigersinn um den See. Irgendwann drehen wir wieder, weil es doch sp\u00e4t geworden ist, und eine weitere Umfahrung nicht so ohne weiteres m\u00f6glich ist.<\/p>\n<p><a href=\"https:\/\/olu-limburg.de\/wp-content\/uploads\/2017\/09\/DSC00137_ergebnis.jpg\"><img loading=\"lazy\" decoding=\"async\" class=\"size-full wp-image-13430 aligncenter\" src=\"https:\/\/olu-limburg.de\/wp-content\/uploads\/2017\/09\/DSC00137_ergebnis.jpg\" alt=\"\" width=\"800\" height=\"600\" srcset=\"https:\/\/olu-limburg.de\/wp-content\/uploads\/2017\/09\/DSC00137_ergebnis.jpg 800w, https:\/\/olu-limburg.de\/wp-content\/uploads\/2017\/09\/DSC00137_ergebnis-300x225.jpg 300w, https:\/\/olu-limburg.de\/wp-content\/uploads\/2017\/09\/DSC00137_ergebnis-768x576.jpg 768w, https:\/\/olu-limburg.de\/wp-content\/uploads\/2017\/09\/DSC00137_ergebnis-624x468.jpg 624w\" sizes=\"auto, (max-width: 800px) 100vw, 800px\" \/><\/a><\/p>\n<p><a href=\"https:\/\/olu-limburg.de\/wp-content\/uploads\/2017\/09\/DSC00129_ergebnis.jpg\"><img loading=\"lazy\" decoding=\"async\" class=\"size-full wp-image-13424 aligncenter\" src=\"https:\/\/olu-limburg.de\/wp-content\/uploads\/2017\/09\/DSC00129_ergebnis.jpg\" alt=\"\" width=\"800\" height=\"600\" srcset=\"https:\/\/olu-limburg.de\/wp-content\/uploads\/2017\/09\/DSC00129_ergebnis.jpg 800w, https:\/\/olu-limburg.de\/wp-content\/uploads\/2017\/09\/DSC00129_ergebnis-300x225.jpg 300w, https:\/\/olu-limburg.de\/wp-content\/uploads\/2017\/09\/DSC00129_ergebnis-768x576.jpg 768w, https:\/\/olu-limburg.de\/wp-content\/uploads\/2017\/09\/DSC00129_ergebnis-624x468.jpg 624w\" sizes=\"auto, (max-width: 800px) 100vw, 800px\" \/><\/a><\/p>\n<p><a href=\"https:\/\/olu-limburg.de\/wp-content\/uploads\/2017\/09\/DSC00139_ergebnis.jpg\"><img loading=\"lazy\" decoding=\"async\" class=\"alignnone size-full wp-image-13432\" src=\"https:\/\/olu-limburg.de\/wp-content\/uploads\/2017\/09\/DSC00139_ergebnis.jpg\" alt=\"\" width=\"800\" height=\"600\" srcset=\"https:\/\/olu-limburg.de\/wp-content\/uploads\/2017\/09\/DSC00139_ergebnis.jpg 800w, https:\/\/olu-limburg.de\/wp-content\/uploads\/2017\/09\/DSC00139_ergebnis-300x225.jpg 300w, https:\/\/olu-limburg.de\/wp-content\/uploads\/2017\/09\/DSC00139_ergebnis-768x576.jpg 768w, https:\/\/olu-limburg.de\/wp-content\/uploads\/2017\/09\/DSC00139_ergebnis-624x468.jpg 624w\" sizes=\"auto, (max-width: 800px) 100vw, 800px\" \/><\/a><\/p>\n<p><a href=\"https:\/\/olu-limburg.de\/wp-content\/uploads\/2017\/09\/DSC00136_ergebnis.jpg\"><img loading=\"lazy\" decoding=\"async\" class=\"size-full wp-image-13429 aligncenter\" src=\"https:\/\/olu-limburg.de\/wp-content\/uploads\/2017\/09\/DSC00136_ergebnis.jpg\" alt=\"\" width=\"800\" height=\"600\" srcset=\"https:\/\/olu-limburg.de\/wp-content\/uploads\/2017\/09\/DSC00136_ergebnis.jpg 800w, https:\/\/olu-limburg.de\/wp-content\/uploads\/2017\/09\/DSC00136_ergebnis-300x225.jpg 300w, https:\/\/olu-limburg.de\/wp-content\/uploads\/2017\/09\/DSC00136_ergebnis-768x576.jpg 768w, https:\/\/olu-limburg.de\/wp-content\/uploads\/2017\/09\/DSC00136_ergebnis-624x468.jpg 624w\" sizes=\"auto, (max-width: 800px) 100vw, 800px\" \/><\/a><\/p>\n<p><a href=\"https:\/\/olu-limburg.de\/wp-content\/uploads\/2017\/09\/DSC00132_ergebnis.jpg\"><img loading=\"lazy\" decoding=\"async\" class=\"size-full wp-image-13426 aligncenter\" src=\"https:\/\/olu-limburg.de\/wp-content\/uploads\/2017\/09\/DSC00132_ergebnis.jpg\" alt=\"\" width=\"800\" height=\"600\" srcset=\"https:\/\/olu-limburg.de\/wp-content\/uploads\/2017\/09\/DSC00132_ergebnis.jpg 800w, https:\/\/olu-limburg.de\/wp-content\/uploads\/2017\/09\/DSC00132_ergebnis-300x225.jpg 300w, https:\/\/olu-limburg.de\/wp-content\/uploads\/2017\/09\/DSC00132_ergebnis-768x576.jpg 768w, https:\/\/olu-limburg.de\/wp-content\/uploads\/2017\/09\/DSC00132_ergebnis-624x468.jpg 624w\" sizes=\"auto, (max-width: 800px) 100vw, 800px\" \/><\/a><a href=\"https:\/\/olu-limburg.de\/wp-content\/uploads\/2017\/09\/DSC00140_ergebnis.jpg\"><img loading=\"lazy\" decoding=\"async\" class=\"size-full wp-image-13433 aligncenter\" src=\"https:\/\/olu-limburg.de\/wp-content\/uploads\/2017\/09\/DSC00140_ergebnis.jpg\" alt=\"\" width=\"800\" height=\"600\" srcset=\"https:\/\/olu-limburg.de\/wp-content\/uploads\/2017\/09\/DSC00140_ergebnis.jpg 800w, https:\/\/olu-limburg.de\/wp-content\/uploads\/2017\/09\/DSC00140_ergebnis-300x225.jpg 300w, https:\/\/olu-limburg.de\/wp-content\/uploads\/2017\/09\/DSC00140_ergebnis-768x576.jpg 768w, https:\/\/olu-limburg.de\/wp-content\/uploads\/2017\/09\/DSC00140_ergebnis-624x468.jpg 624w\" sizes=\"auto, (max-width: 800px) 100vw, 800px\" \/><\/a><\/p>\n<p><a href=\"https:\/\/olu-limburg.de\/wp-content\/uploads\/2017\/09\/DSC00127_ergebnis.jpg\"><img loading=\"lazy\" decoding=\"async\" class=\"size-full wp-image-13423 aligncenter\" src=\"https:\/\/olu-limburg.de\/wp-content\/uploads\/2017\/09\/DSC00127_ergebnis.jpg\" alt=\"\" width=\"800\" height=\"600\" srcset=\"https:\/\/olu-limburg.de\/wp-content\/uploads\/2017\/09\/DSC00127_ergebnis.jpg 800w, https:\/\/olu-limburg.de\/wp-content\/uploads\/2017\/09\/DSC00127_ergebnis-300x225.jpg 300w, https:\/\/olu-limburg.de\/wp-content\/uploads\/2017\/09\/DSC00127_ergebnis-768x576.jpg 768w, https:\/\/olu-limburg.de\/wp-content\/uploads\/2017\/09\/DSC00127_ergebnis-624x468.jpg 624w\" sizes=\"auto, (max-width: 800px) 100vw, 800px\" \/><\/a><\/p>\n<p><a href=\"https:\/\/olu-limburg.de\/wp-content\/uploads\/2017\/09\/DSC00138_ergebnis.jpg\"><img loading=\"lazy\" decoding=\"async\" class=\"size-full wp-image-13431 aligncenter\" src=\"https:\/\/olu-limburg.de\/wp-content\/uploads\/2017\/09\/DSC00138_ergebnis.jpg\" alt=\"\" width=\"800\" height=\"600\" srcset=\"https:\/\/olu-limburg.de\/wp-content\/uploads\/2017\/09\/DSC00138_ergebnis.jpg 800w, https:\/\/olu-limburg.de\/wp-content\/uploads\/2017\/09\/DSC00138_ergebnis-300x225.jpg 300w, https:\/\/olu-limburg.de\/wp-content\/uploads\/2017\/09\/DSC00138_ergebnis-768x576.jpg 768w, https:\/\/olu-limburg.de\/wp-content\/uploads\/2017\/09\/DSC00138_ergebnis-624x468.jpg 624w\" sizes=\"auto, (max-width: 800px) 100vw, 800px\" \/><\/a><\/p>\n<p>Bei der abendlichen Vogelbeobachtung haben wir diess Mal nicht so viel Erfolg.<\/p>\n<p>Tagesstrecke: 196 km<\/p>\n<p>&nbsp;<\/p>\n<p><strong>Mittwoch, 13. September 2017<\/strong><\/p>\n<p>Sturm und Regenschauern r\u00fcttelten heute Nacht immer wieder an unserem Wohnmobil. Da wir bei diesen starken Windb\u00f6en nicht fahren wollen, tr\u00f6deln wir noch ein wenig herum. Gegen Mittag fahren wir zur Ver- und Entsorgung auf den Stellplatz am Casino und der Tourist-Information. Dort essen wir noch zu Mittag.<\/p>\n<p><a href=\"https:\/\/olu-limburg.de\/wp-content\/uploads\/2017\/09\/P1060537_ergebnis.jpg\"><img loading=\"lazy\" decoding=\"async\" class=\"size-full wp-image-13419 aligncenter\" src=\"https:\/\/olu-limburg.de\/wp-content\/uploads\/2017\/09\/P1060537_ergebnis.jpg\" alt=\"\" width=\"800\" height=\"600\" srcset=\"https:\/\/olu-limburg.de\/wp-content\/uploads\/2017\/09\/P1060537_ergebnis.jpg 800w, https:\/\/olu-limburg.de\/wp-content\/uploads\/2017\/09\/P1060537_ergebnis-300x225.jpg 300w, https:\/\/olu-limburg.de\/wp-content\/uploads\/2017\/09\/P1060537_ergebnis-768x576.jpg 768w, https:\/\/olu-limburg.de\/wp-content\/uploads\/2017\/09\/P1060537_ergebnis-624x468.jpg 624w\" sizes=\"auto, (max-width: 800px) 100vw, 800px\" \/><\/a><\/p>\n<p><a href=\"https:\/\/olu-limburg.de\/wp-content\/uploads\/2017\/09\/P1060539_ergebnis.jpg\"><img loading=\"lazy\" decoding=\"async\" class=\"size-full wp-image-13421 alignnone\" src=\"https:\/\/olu-limburg.de\/wp-content\/uploads\/2017\/09\/P1060539_ergebnis.jpg\" alt=\"\" width=\"800\" height=\"600\" srcset=\"https:\/\/olu-limburg.de\/wp-content\/uploads\/2017\/09\/P1060539_ergebnis.jpg 800w, https:\/\/olu-limburg.de\/wp-content\/uploads\/2017\/09\/P1060539_ergebnis-300x225.jpg 300w, https:\/\/olu-limburg.de\/wp-content\/uploads\/2017\/09\/P1060539_ergebnis-768x576.jpg 768w, https:\/\/olu-limburg.de\/wp-content\/uploads\/2017\/09\/P1060539_ergebnis-624x468.jpg 624w\" sizes=\"auto, (max-width: 800px) 100vw, 800px\" \/><\/a><\/p>\n<p><a href=\"https:\/\/olu-limburg.de\/wp-content\/uploads\/2017\/09\/P1060538_ergebnis.jpg\"><img loading=\"lazy\" decoding=\"async\" class=\"size-full wp-image-13420 aligncenter\" src=\"https:\/\/olu-limburg.de\/wp-content\/uploads\/2017\/09\/P1060538_ergebnis.jpg\" alt=\"\" width=\"800\" height=\"600\" srcset=\"https:\/\/olu-limburg.de\/wp-content\/uploads\/2017\/09\/P1060538_ergebnis.jpg 800w, https:\/\/olu-limburg.de\/wp-content\/uploads\/2017\/09\/P1060538_ergebnis-300x225.jpg 300w, https:\/\/olu-limburg.de\/wp-content\/uploads\/2017\/09\/P1060538_ergebnis-768x576.jpg 768w, https:\/\/olu-limburg.de\/wp-content\/uploads\/2017\/09\/P1060538_ergebnis-624x468.jpg 624w\" sizes=\"auto, (max-width: 800px) 100vw, 800px\" \/><\/a><\/p>\n<p><a href=\"https:\/\/olu-limburg.de\/wp-content\/uploads\/2017\/09\/P1060540_ergebnis.jpg\"><img loading=\"lazy\" decoding=\"async\" class=\"size-full wp-image-13422 aligncenter\" src=\"https:\/\/olu-limburg.de\/wp-content\/uploads\/2017\/09\/P1060540_ergebnis.jpg\" alt=\"\" width=\"800\" height=\"600\" srcset=\"https:\/\/olu-limburg.de\/wp-content\/uploads\/2017\/09\/P1060540_ergebnis.jpg 800w, https:\/\/olu-limburg.de\/wp-content\/uploads\/2017\/09\/P1060540_ergebnis-300x225.jpg 300w, https:\/\/olu-limburg.de\/wp-content\/uploads\/2017\/09\/P1060540_ergebnis-768x576.jpg 768w, https:\/\/olu-limburg.de\/wp-content\/uploads\/2017\/09\/P1060540_ergebnis-624x468.jpg 624w\" sizes=\"auto, (max-width: 800px) 100vw, 800px\" \/><\/a><\/p>\n<p>Bei starkem Regen machen wir uns auf den Weg in Richtung Heimat. Bereits nach einem Kilometer werden wir aber auf eine Umleitung zur\u00fcck nach Brienne-le-Chateau geschickt, die uns viele Kilometer und Zeit kostet. ES regnet unaufh\u00f6rlich. Am Sp\u00e4tnachmittag sind wir an dem Stellplatz von Pont-a-Mousson. An der Schranke h\u00e4ngt bereits das Schild &#8211; Complet. Wir wollen nicht mehr weiter fahren, und stellen uns einfach au\u00dfen hin. Am Abend sind wir dort nicht allein.<\/p>\n<p><a href=\"https:\/\/olu-limburg.de\/wp-content\/uploads\/2017\/09\/DSC00144_ergebnis.jpg\"><img loading=\"lazy\" decoding=\"async\" class=\"size-full wp-image-13435 aligncenter\" src=\"https:\/\/olu-limburg.de\/wp-content\/uploads\/2017\/09\/DSC00144_ergebnis.jpg\" alt=\"\" width=\"800\" height=\"600\" srcset=\"https:\/\/olu-limburg.de\/wp-content\/uploads\/2017\/09\/DSC00144_ergebnis.jpg 800w, https:\/\/olu-limburg.de\/wp-content\/uploads\/2017\/09\/DSC00144_ergebnis-300x225.jpg 300w, https:\/\/olu-limburg.de\/wp-content\/uploads\/2017\/09\/DSC00144_ergebnis-768x576.jpg 768w, https:\/\/olu-limburg.de\/wp-content\/uploads\/2017\/09\/DSC00144_ergebnis-624x468.jpg 624w\" sizes=\"auto, (max-width: 800px) 100vw, 800px\" \/><\/a><\/p>\n<p><a href=\"https:\/\/olu-limburg.de\/wp-content\/uploads\/2017\/09\/DSC00145_ergebnis.jpg\"><img loading=\"lazy\" decoding=\"async\" class=\"size-full wp-image-13436 aligncenter\" src=\"https:\/\/olu-limburg.de\/wp-content\/uploads\/2017\/09\/DSC00145_ergebnis.jpg\" alt=\"\" width=\"800\" height=\"600\" srcset=\"https:\/\/olu-limburg.de\/wp-content\/uploads\/2017\/09\/DSC00145_ergebnis.jpg 800w, https:\/\/olu-limburg.de\/wp-content\/uploads\/2017\/09\/DSC00145_ergebnis-300x225.jpg 300w, https:\/\/olu-limburg.de\/wp-content\/uploads\/2017\/09\/DSC00145_ergebnis-768x576.jpg 768w, https:\/\/olu-limburg.de\/wp-content\/uploads\/2017\/09\/DSC00145_ergebnis-624x468.jpg 624w\" sizes=\"auto, (max-width: 800px) 100vw, 800px\" \/><\/a><\/p>\n<p>Tagesstrecke: 171 km<\/p>\n<p>&nbsp;<\/p>\n<p><strong>Donnerstag, 14. September 2017<\/strong><\/p>\n<p>Den angedachten Stopp an der Mosel schenken wir uns bei dem Wetter. St\u00e4ndig erwischen uns wieder neue Schauern. In Luxembourg wird noch mal voll getankt und ab geht es nach Hause.<\/p>\n<p>Tagesstrecke: 310 km<\/p>\n<p>&nbsp;<\/p>\n<p style=\"text-align: center;\"><a href=\"https:\/\/olu-limburg.de\/?page_id=12307\">Zum Seitenanfang<\/a><\/p>\n<p>&nbsp;<\/p>\n<p>&nbsp;<\/p>\n<p>&nbsp;<\/p>\n<p>&nbsp;<\/p>\n<p>&nbsp;<\/p>\n<p>&nbsp;<\/p>\n","protected":false},"excerpt":{"rendered":"<p>Text: Hans-Werner\u00a0\u00a0\u00a0\u00a0\u00a0\u00a0\u00a0\u00a0\u00a0\u00a0\u00a0\u00a0\u00a0\u00a0\u00a0\u00a0\u00a0\u00a0\u00a0\u00a0\u00a0\u00a0\u00a0\u00a0\u00a0\u00a0\u00a0\u00a0\u00a0\u00a0\u00a0\u00a0\u00a0\u00a0\u00a0\u00a0\u00a0\u00a0\u00a0\u00a0\u00a0\u00a0\u00a0\u00a0\u00a0\u00a0\u00a0\u00a0\u00a0\u00a0\u00a0\u00a0\u00a0\u00a0\u00a0\u00a0\u00a0\u00a0\u00a0\u00a0\u00a0\u00a0\u00a0\u00a0\u00a0\u00a0\u00a0\u00a0\u00a0\u00a0\u00a0\u00a0\u00a0\u00a0\u00a0\u00a0\u00a0\u00a0\u00a0\u00a0\u00a0\u00a0\u00a0\u00a0\u00a0\u00a0\u00a0\u00a0\u00a0\u00a0\u00a0\u00a0\u00a0\u00a0\u00a0\u00a0\u00a0\u00a0\u00a0\u00a0\u00a0\u00a0\u00a0\u00a0\u00a0\u00a0\u00a0\u00a0\u00a0\u00a0\u00a0\u00a0\u00a0\u00a0\u00a0\u00a0 Fotos: Hans-Werner und Lena &nbsp; Wir haben ein ungerades Jahr und schon lange stand f\u00fcr uns fest: Im August fahren wir in die Bretagne nach Paimpol zum Festival &#8222;Chant de Marin&#8220;, und anschlie\u00dfend streifen wir gem\u00fctlich durch die Region! So geschah es auch. Wir waren vom 06. August bis zum 15. September 2017 [&hellip;]<\/p>\n","protected":false},"author":1,"featured_media":0,"parent":0,"menu_order":0,"comment_status":"closed","ping_status":"closed","template":"page-templates\/full-width.php","meta":{"footnotes":""},"class_list":["post-12307","page","type-page","status-publish","hentry"],"_links":{"self":[{"href":"https:\/\/olu-limburg.de\/index.php?rest_route=\/wp\/v2\/pages\/12307","targetHints":{"allow":["GET"]}}],"collection":[{"href":"https:\/\/olu-limburg.de\/index.php?rest_route=\/wp\/v2\/pages"}],"about":[{"href":"https:\/\/olu-limburg.de\/index.php?rest_route=\/wp\/v2\/types\/page"}],"author":[{"embeddable":true,"href":"https:\/\/olu-limburg.de\/index.php?rest_route=\/wp\/v2\/users\/1"}],"replies":[{"embeddable":true,"href":"https:\/\/olu-limburg.de\/index.php?rest_route=%2Fwp%2Fv2%2Fcomments&post=12307"}],"version-history":[{"count":128,"href":"https:\/\/olu-limburg.de\/index.php?rest_route=\/wp\/v2\/pages\/12307\/revisions"}],"predecessor-version":[{"id":13439,"href":"https:\/\/olu-limburg.de\/index.php?rest_route=\/wp\/v2\/pages\/12307\/revisions\/13439"}],"wp:attachment":[{"href":"https:\/\/olu-limburg.de\/index.php?rest_route=%2Fwp%2Fv2%2Fmedia&parent=12307"}],"curies":[{"name":"wp","href":"https:\/\/api.w.org\/{rel}","templated":true}]}}