{"id":10622,"date":"2017-03-15T16:36:05","date_gmt":"2017-03-15T15:36:05","guid":{"rendered":"https:\/\/olu-limburg.de\/?page_id=10622"},"modified":"2018-01-23T09:28:30","modified_gmt":"2018-01-23T08:28:30","slug":"bayern-herbst-2007","status":"publish","type":"page","link":"https:\/\/olu-limburg.de\/?page_id=10622","title":{"rendered":"Bayern Herbst 2007"},"content":{"rendered":"<p>&nbsp;<\/p>\n<p>Text und Fotos: Hans-Werner<\/p>\n<p>Mit einem Zitat von F. J. Strau\u00df &#8222;Warum nur in die Ferne schweifen, denn das Gute liegt so nah. Deutschland braucht Bayern &#8230;.&#8220; starten wir am 12. Oktober nach der Arbeit in unseren Urlaub. Auf der A 3 ist bereits ab Limburg ein Megastau in beiden Richtungen aufgrund eines umgest\u00fcrzten Gefahrgutlasters, auch die umliegenden Landstra\u00dfen sind nach kurzer Zeit zu.<\/p>\n<p>Trotzdem schaffen wir es auf Umwegen auf die ab Idstein freie Autobahn. Hinter Aschaffenburg steuern wir spontan den Stellplatz am &#8222;Wertheim Village&#8220; an. Der Stellplatz ist schon sehr voll, die Gesch\u00e4fte leider bereits zu, aber gut geschlafen haben wir.<\/p>\n<p><a href=\"https:\/\/olu-limburg.de\/wp-content\/uploads\/2017\/03\/P1060432_ergebnis.jpg\"><img loading=\"lazy\" decoding=\"async\" class=\"size-full wp-image-10628 aligncenter\" src=\"https:\/\/olu-limburg.de\/wp-content\/uploads\/2017\/03\/P1060432_ergebnis.jpg\" alt=\"\" width=\"800\" height=\"600\" srcset=\"https:\/\/olu-limburg.de\/wp-content\/uploads\/2017\/03\/P1060432_ergebnis.jpg 800w, https:\/\/olu-limburg.de\/wp-content\/uploads\/2017\/03\/P1060432_ergebnis-300x225.jpg 300w, https:\/\/olu-limburg.de\/wp-content\/uploads\/2017\/03\/P1060432_ergebnis-768x576.jpg 768w, https:\/\/olu-limburg.de\/wp-content\/uploads\/2017\/03\/P1060432_ergebnis-624x468.jpg 624w\" sizes=\"auto, (max-width: 800px) 100vw, 800px\" \/><\/a><\/p>\n<p>Die Fahrt am n\u00e4chsten Tag (13.10.) geht ohne Stau vonstatten. Die traditionelle Mittagsrast in Holzkirchen hinter M\u00fcnchen findet f\u00fcr mich ihren H\u00f6hepunkt in einer Portion &#8222;saures L\u00fcngerl mit Semmelkn\u00f6deln&#8220;. Jetzt bin ich wirklich in Bayern angekommen. Die Weiterfahrt bringt uns zu unserem ersten Ziel nach Ruhpolding. Wir fahren auf den etwas au\u00dferhalb liegenden Stellplatz beim Campingplatz (Strom am Stellplatz; V+E auf dem CP nur w\u00e4hrend der \u00d6ffnungszeiten m\u00f6glich).<\/p>\n<p><a href=\"https:\/\/olu-limburg.de\/wp-content\/uploads\/2017\/03\/P1060433_ergebnis.jpg\"><img loading=\"lazy\" decoding=\"async\" class=\"size-full wp-image-10629 aligncenter\" src=\"https:\/\/olu-limburg.de\/wp-content\/uploads\/2017\/03\/P1060433_ergebnis.jpg\" alt=\"\" width=\"800\" height=\"600\" srcset=\"https:\/\/olu-limburg.de\/wp-content\/uploads\/2017\/03\/P1060433_ergebnis.jpg 800w, https:\/\/olu-limburg.de\/wp-content\/uploads\/2017\/03\/P1060433_ergebnis-300x225.jpg 300w, https:\/\/olu-limburg.de\/wp-content\/uploads\/2017\/03\/P1060433_ergebnis-768x576.jpg 768w, https:\/\/olu-limburg.de\/wp-content\/uploads\/2017\/03\/P1060433_ergebnis-624x468.jpg 624w\" sizes=\"auto, (max-width: 800px) 100vw, 800px\" \/><\/a><\/p>\n<p>Ruhpolding hat wie alle bayerischen Orte sehr sch\u00f6ne Winkel. Abends liegt eine herrliche Ruhe \u00fcber dem Tal und dem Stellplatz. Nachts wird es sehr kalt und morgens wabern Nebelschwaden \u00fcber die mit Raureif \u00fcberzogenen Wiesen und es ist ein ganz tolles Licht.<\/p>\n<p><a href=\"https:\/\/olu-limburg.de\/wp-content\/uploads\/2017\/03\/P1060435_ergebnis-e1489596408210.jpg\"><img loading=\"lazy\" decoding=\"async\" class=\"size-full wp-image-10630 alignleft\" src=\"https:\/\/olu-limburg.de\/wp-content\/uploads\/2017\/03\/P1060435_ergebnis-e1489596408210.jpg\" alt=\"\" width=\"450\" height=\"600\" \/><\/a><\/p>\n<p><a href=\"https:\/\/olu-limburg.de\/wp-content\/uploads\/2017\/03\/P1060447_ergebnis-e1489596436460.jpg\"><img loading=\"lazy\" decoding=\"async\" class=\"size-full wp-image-10631 alignright\" src=\"https:\/\/olu-limburg.de\/wp-content\/uploads\/2017\/03\/P1060447_ergebnis-e1489596436460.jpg\" alt=\"\" width=\"450\" height=\"600\" \/><\/a><\/p>\n<p><a href=\"https:\/\/olu-limburg.de\/wp-content\/uploads\/2017\/03\/P1060452_ergebnis.jpg\"><img loading=\"lazy\" decoding=\"async\" class=\"size-full wp-image-10632 aligncenter\" src=\"https:\/\/olu-limburg.de\/wp-content\/uploads\/2017\/03\/P1060452_ergebnis.jpg\" alt=\"\" width=\"800\" height=\"600\" srcset=\"https:\/\/olu-limburg.de\/wp-content\/uploads\/2017\/03\/P1060452_ergebnis.jpg 800w, https:\/\/olu-limburg.de\/wp-content\/uploads\/2017\/03\/P1060452_ergebnis-300x225.jpg 300w, https:\/\/olu-limburg.de\/wp-content\/uploads\/2017\/03\/P1060452_ergebnis-768x576.jpg 768w, https:\/\/olu-limburg.de\/wp-content\/uploads\/2017\/03\/P1060452_ergebnis-624x468.jpg 624w\" sizes=\"auto, (max-width: 800px) 100vw, 800px\" \/><\/a><\/p>\n<p>Es ist ein herrlicher Tag (14.10.) und wir fahren mit der Seilbahn auf den hinter uns liegenden Rauschberg. Solch eine Kabinenbahn kostet mich immer \u00dcberwindung, lieber fahre ich Sessellift. Lena \u00fcberzeugt mich, dass bereits viele Menschen ohne Schaden mit der Bahn auf den Berg gekommen sind. Oben erwartet uns eine ganz tolle Fernsicht.<\/p>\n<p><a href=\"https:\/\/olu-limburg.de\/wp-content\/uploads\/2017\/03\/P1060460_ergebnis-e1489596616367.jpg\"><img loading=\"lazy\" decoding=\"async\" class=\"size-full wp-image-10633 alignleft\" src=\"https:\/\/olu-limburg.de\/wp-content\/uploads\/2017\/03\/P1060460_ergebnis-e1489596616367.jpg\" alt=\"\" width=\"450\" height=\"600\" \/><\/a><\/p>\n<p><a href=\"https:\/\/olu-limburg.de\/wp-content\/uploads\/2017\/03\/P1060466_ergebnis-e1489596692831.jpg\"><img loading=\"lazy\" decoding=\"async\" class=\"size-full wp-image-10635 alignright\" src=\"https:\/\/olu-limburg.de\/wp-content\/uploads\/2017\/03\/P1060466_ergebnis-e1489596692831.jpg\" alt=\"\" width=\"450\" height=\"600\" \/><\/a><\/p>\n<p><a href=\"https:\/\/olu-limburg.de\/wp-content\/uploads\/2017\/03\/P1060463_ergebnis.jpg\"><img loading=\"lazy\" decoding=\"async\" class=\"size-full wp-image-10634 aligncenter\" src=\"https:\/\/olu-limburg.de\/wp-content\/uploads\/2017\/03\/P1060463_ergebnis.jpg\" alt=\"\" width=\"800\" height=\"600\" srcset=\"https:\/\/olu-limburg.de\/wp-content\/uploads\/2017\/03\/P1060463_ergebnis.jpg 800w, https:\/\/olu-limburg.de\/wp-content\/uploads\/2017\/03\/P1060463_ergebnis-300x225.jpg 300w, https:\/\/olu-limburg.de\/wp-content\/uploads\/2017\/03\/P1060463_ergebnis-768x576.jpg 768w, https:\/\/olu-limburg.de\/wp-content\/uploads\/2017\/03\/P1060463_ergebnis-624x468.jpg 624w\" sizes=\"auto, (max-width: 800px) 100vw, 800px\" \/><\/a><\/p>\n<p><a href=\"https:\/\/olu-limburg.de\/wp-content\/uploads\/2017\/03\/P1060469_ergebnis.jpg\"><img loading=\"lazy\" decoding=\"async\" class=\"size-full wp-image-10636 aligncenter\" src=\"https:\/\/olu-limburg.de\/wp-content\/uploads\/2017\/03\/P1060469_ergebnis.jpg\" alt=\"\" width=\"800\" height=\"600\" srcset=\"https:\/\/olu-limburg.de\/wp-content\/uploads\/2017\/03\/P1060469_ergebnis.jpg 800w, https:\/\/olu-limburg.de\/wp-content\/uploads\/2017\/03\/P1060469_ergebnis-300x225.jpg 300w, https:\/\/olu-limburg.de\/wp-content\/uploads\/2017\/03\/P1060469_ergebnis-768x576.jpg 768w, https:\/\/olu-limburg.de\/wp-content\/uploads\/2017\/03\/P1060469_ergebnis-624x468.jpg 624w\" sizes=\"auto, (max-width: 800px) 100vw, 800px\" \/><\/a><\/p>\n<p>Paraglider stehen reihenweise Schlange, um auch loslegen zu k\u00f6nnen. Zur\u00fcck geht es per pedes auf dem Fahrweg. Auf dem steinigen Weg ist ein st\u00e4ndiges Rutschen vorprogrammiert und der folgende Muskelkater auch. Der begleitet uns noch die n\u00e4chsten Tage, trotz Schwimmen und weiteren Spazierg\u00e4ngen.<\/p>\n<p><a href=\"https:\/\/olu-limburg.de\/wp-content\/uploads\/2017\/03\/P1060475_ergebnis.jpg\"><img loading=\"lazy\" decoding=\"async\" class=\"size-full wp-image-10637 aligncenter\" src=\"https:\/\/olu-limburg.de\/wp-content\/uploads\/2017\/03\/P1060475_ergebnis.jpg\" alt=\"\" width=\"800\" height=\"600\" srcset=\"https:\/\/olu-limburg.de\/wp-content\/uploads\/2017\/03\/P1060475_ergebnis.jpg 800w, https:\/\/olu-limburg.de\/wp-content\/uploads\/2017\/03\/P1060475_ergebnis-300x225.jpg 300w, https:\/\/olu-limburg.de\/wp-content\/uploads\/2017\/03\/P1060475_ergebnis-768x576.jpg 768w, https:\/\/olu-limburg.de\/wp-content\/uploads\/2017\/03\/P1060475_ergebnis-624x468.jpg 624w\" sizes=\"auto, (max-width: 800px) 100vw, 800px\" \/><\/a><\/p>\n<p><a href=\"https:\/\/olu-limburg.de\/wp-content\/uploads\/2017\/03\/P1060479_ergebnis-e1489596869945.jpg\"><img loading=\"lazy\" decoding=\"async\" class=\"size-full wp-image-10640 aligncenter\" src=\"https:\/\/olu-limburg.de\/wp-content\/uploads\/2017\/03\/P1060479_ergebnis-e1489596869945.jpg\" alt=\"\" width=\"450\" height=\"600\" \/><\/a><\/p>\n<p><a href=\"https:\/\/olu-limburg.de\/wp-content\/uploads\/2017\/03\/P1060477_ergebnis.jpg\"><img loading=\"lazy\" decoding=\"async\" class=\"size-full wp-image-10638 alignright\" src=\"https:\/\/olu-limburg.de\/wp-content\/uploads\/2017\/03\/P1060477_ergebnis.jpg\" alt=\"\" width=\"800\" height=\"600\" srcset=\"https:\/\/olu-limburg.de\/wp-content\/uploads\/2017\/03\/P1060477_ergebnis.jpg 800w, https:\/\/olu-limburg.de\/wp-content\/uploads\/2017\/03\/P1060477_ergebnis-300x225.jpg 300w, https:\/\/olu-limburg.de\/wp-content\/uploads\/2017\/03\/P1060477_ergebnis-768x576.jpg 768w, https:\/\/olu-limburg.de\/wp-content\/uploads\/2017\/03\/P1060477_ergebnis-624x468.jpg 624w\" sizes=\"auto, (max-width: 800px) 100vw, 800px\" \/><\/a><\/p>\n<p><a href=\"https:\/\/olu-limburg.de\/wp-content\/uploads\/2017\/03\/P1060478_ergebnis-e1489596912954.jpg\"><img loading=\"lazy\" decoding=\"async\" class=\"alignnone size-full wp-image-10639\" src=\"https:\/\/olu-limburg.de\/wp-content\/uploads\/2017\/03\/P1060478_ergebnis-e1489596912954.jpg\" alt=\"\" width=\"450\" height=\"600\" \/><\/a><\/p>\n<p><a href=\"https:\/\/olu-limburg.de\/wp-content\/uploads\/2017\/03\/P1060483_ergebnis-e1489596938433.jpg\"><img loading=\"lazy\" decoding=\"async\" class=\"size-full wp-image-10641 aligncenter\" src=\"https:\/\/olu-limburg.de\/wp-content\/uploads\/2017\/03\/P1060483_ergebnis-e1489596938433.jpg\" alt=\"\" width=\"450\" height=\"600\" \/><\/a><\/p>\n<p>Auf der Suche nach einem \u00dcbernachtungsplatz besichtigen wir das Biathlonstadion. Entschlie\u00dfen uns aber, wieder zur Seilbahn zur\u00fcckzufahren. Hier schreibt uns ein Bauer auf, dem angeblich der Parkplatz geh\u00f6rt. Er besitzt mittlerweile mehrere Schulhefte mit Kfz.-Kennzeichen. Nun erlaube ich mir ein Verfolgungsspiel (nach Steven Spielbergs &#8222;Duell&#8220;) und bleibe dem PKW des Bauern auf den Fersen. Nach einigem &#8222;stop and go&#8220; gibt der Bauer entnervt auf und h\u00e4lt auf einem kleinen Parkplatz; ich hinter ihm. Fazit: Er beklagt sich \u00fcber den M\u00fcll der Wohnmobile und die F\u00e4kalien in dem umliegenden Waldbereich. Ich gebe ihm Recht, verweise aber auf die vielen PKW-Fahrer ohne Toilette und ohne M\u00fclleimer. Wir trennen uns im Einvernehmen und ich fahre wieder an die Seilbahn. Lena und ich haben dort eine sehr ruhige und einsame Nacht.<\/p>\n<p><a href=\"https:\/\/olu-limburg.de\/wp-content\/uploads\/2017\/03\/P1060484_ergebnis-e1489597077509.jpg\"><img loading=\"lazy\" decoding=\"async\" class=\"size-full wp-image-10642 aligncenter\" src=\"https:\/\/olu-limburg.de\/wp-content\/uploads\/2017\/03\/P1060484_ergebnis-e1489597077509.jpg\" alt=\"\" width=\"450\" height=\"600\" \/><\/a><\/p>\n<p><a href=\"https:\/\/olu-limburg.de\/wp-content\/uploads\/2017\/03\/P1060496_ergebnis.jpg\"><img loading=\"lazy\" decoding=\"async\" class=\"size-full wp-image-10644 aligncenter\" src=\"https:\/\/olu-limburg.de\/wp-content\/uploads\/2017\/03\/P1060496_ergebnis.jpg\" alt=\"\" width=\"800\" height=\"600\" srcset=\"https:\/\/olu-limburg.de\/wp-content\/uploads\/2017\/03\/P1060496_ergebnis.jpg 800w, https:\/\/olu-limburg.de\/wp-content\/uploads\/2017\/03\/P1060496_ergebnis-300x225.jpg 300w, https:\/\/olu-limburg.de\/wp-content\/uploads\/2017\/03\/P1060496_ergebnis-768x576.jpg 768w, https:\/\/olu-limburg.de\/wp-content\/uploads\/2017\/03\/P1060496_ergebnis-624x468.jpg 624w\" sizes=\"auto, (max-width: 800px) 100vw, 800px\" \/><\/a><\/p>\n<p><a href=\"https:\/\/olu-limburg.de\/wp-content\/uploads\/2017\/03\/P1060490_ergebnis.jpg\"><img loading=\"lazy\" decoding=\"async\" class=\"size-full wp-image-10643 aligncenter\" src=\"https:\/\/olu-limburg.de\/wp-content\/uploads\/2017\/03\/P1060490_ergebnis.jpg\" alt=\"\" width=\"800\" height=\"600\" srcset=\"https:\/\/olu-limburg.de\/wp-content\/uploads\/2017\/03\/P1060490_ergebnis.jpg 800w, https:\/\/olu-limburg.de\/wp-content\/uploads\/2017\/03\/P1060490_ergebnis-300x225.jpg 300w, https:\/\/olu-limburg.de\/wp-content\/uploads\/2017\/03\/P1060490_ergebnis-768x576.jpg 768w, https:\/\/olu-limburg.de\/wp-content\/uploads\/2017\/03\/P1060490_ergebnis-624x468.jpg 624w\" sizes=\"auto, (max-width: 800px) 100vw, 800px\" \/><\/a><\/p>\n<p>Heute (15.10.) wollen wir unseren Muskelkater im Wellenbad von Ruhpolding pflegen. Anschlie\u00dfend geht es nach Reit im Winkl. Im Ort sind Wohnmobile nicht erw\u00fcnscht. Der Parkplatz ist weit au\u00dferhalb. Deshalb geht es eben weiter. Hinter der Grenze begr\u00fc\u00dft uns Tirol mit einer g\u00fcnstigen Tankstelle (EUR 1,11) und einem tollen Mittagessen. Wir wollen eigentlich auf dem Stellplatz in Kiefersfelden \u00fcbernachten. In der Stadt finden wir den Platz nicht. Der Stellplatz am See ist leer und um diese Jahreszeit trostlos.<\/p>\n<p>Also geht es zu dem Stellplatz &#8222;Bayerischzell &#8211; Tiroler St\u00fcberl&#8220;. Das erste Problem taucht in Oberaudorf auf. Der Torbogen ist laut einem Passanten angeblich zu niedrig f\u00fcr uns. W\u00e4re vielleicht aber doch gegangen. Dadurch fahren wir einen kleinen aber tollen Umweg \u00fcber die &#8222;Tatzelwurmstra\u00dfe&#8220;. Eine geb\u00fchrenpflichtige Privatstra\u00dfe bergauf durch eine immer enger werdende Schlucht.<\/p>\n<p><a href=\"https:\/\/olu-limburg.de\/wp-content\/uploads\/2017\/03\/P1060506_ergebnis.jpg\"><img loading=\"lazy\" decoding=\"async\" class=\"size-full wp-image-10645 aligncenter\" src=\"https:\/\/olu-limburg.de\/wp-content\/uploads\/2017\/03\/P1060506_ergebnis.jpg\" alt=\"\" width=\"800\" height=\"600\" srcset=\"https:\/\/olu-limburg.de\/wp-content\/uploads\/2017\/03\/P1060506_ergebnis.jpg 800w, https:\/\/olu-limburg.de\/wp-content\/uploads\/2017\/03\/P1060506_ergebnis-300x225.jpg 300w, https:\/\/olu-limburg.de\/wp-content\/uploads\/2017\/03\/P1060506_ergebnis-768x576.jpg 768w, https:\/\/olu-limburg.de\/wp-content\/uploads\/2017\/03\/P1060506_ergebnis-624x468.jpg 624w\" sizes=\"auto, (max-width: 800px) 100vw, 800px\" \/><\/a><\/p>\n<p>Bei herrlicher Sp\u00e4tnachmittagssonne erreichen wir die &#8222;Tirolerstuben&#8220; oben auf dem Berg in 1.200 m H\u00f6he. Die letzten Kilometer ging es auf schmalen Wirtschaftswegen hoch. Wir haben ein traumhaftes Bergpanorama vor uns und mit Siggi, dem Wirt, ein Unikum als Gastgeber. Der Stellplatz ist der Parkplatz vor dem Haus und k\u00f6nnte 3-4 Womos aufnehmen. Drei\u00dfig Meter entfernt ist noch ein Parkplatz einer Skiliftanlage. Am Abend geht es rein in die Wirtsstube, wo sich auch nach und nach die Almenbewohner zum Plaudern einfinden.<\/p>\n<p><a href=\"https:\/\/olu-limburg.de\/wp-content\/uploads\/2017\/03\/P1060515_ergebnis.jpg\"><img loading=\"lazy\" decoding=\"async\" class=\"size-full wp-image-10647 aligncenter\" src=\"https:\/\/olu-limburg.de\/wp-content\/uploads\/2017\/03\/P1060515_ergebnis.jpg\" alt=\"\" width=\"800\" height=\"600\" srcset=\"https:\/\/olu-limburg.de\/wp-content\/uploads\/2017\/03\/P1060515_ergebnis.jpg 800w, https:\/\/olu-limburg.de\/wp-content\/uploads\/2017\/03\/P1060515_ergebnis-300x225.jpg 300w, https:\/\/olu-limburg.de\/wp-content\/uploads\/2017\/03\/P1060515_ergebnis-768x576.jpg 768w, https:\/\/olu-limburg.de\/wp-content\/uploads\/2017\/03\/P1060515_ergebnis-624x468.jpg 624w\" sizes=\"auto, (max-width: 800px) 100vw, 800px\" \/><\/a><\/p>\n<p><a href=\"https:\/\/olu-limburg.de\/wp-content\/uploads\/2017\/03\/P1060508_ergebnis-e1489597276605.jpg\"><img loading=\"lazy\" decoding=\"async\" class=\"size-full wp-image-10646 aligncenter\" src=\"https:\/\/olu-limburg.de\/wp-content\/uploads\/2017\/03\/P1060508_ergebnis-e1489597276605.jpg\" alt=\"\" width=\"450\" height=\"600\" \/><\/a><\/p>\n<p><a href=\"https:\/\/olu-limburg.de\/wp-content\/uploads\/2017\/03\/P1060516_ergebnis.jpg\"><img loading=\"lazy\" decoding=\"async\" class=\"size-full wp-image-10648 aligncenter\" src=\"https:\/\/olu-limburg.de\/wp-content\/uploads\/2017\/03\/P1060516_ergebnis.jpg\" alt=\"\" width=\"800\" height=\"600\" srcset=\"https:\/\/olu-limburg.de\/wp-content\/uploads\/2017\/03\/P1060516_ergebnis.jpg 800w, https:\/\/olu-limburg.de\/wp-content\/uploads\/2017\/03\/P1060516_ergebnis-300x225.jpg 300w, https:\/\/olu-limburg.de\/wp-content\/uploads\/2017\/03\/P1060516_ergebnis-768x576.jpg 768w, https:\/\/olu-limburg.de\/wp-content\/uploads\/2017\/03\/P1060516_ergebnis-624x468.jpg 624w\" sizes=\"auto, (max-width: 800px) 100vw, 800px\" \/><\/a><\/p>\n<p>Am Morgen des 16.10. werden wir von der Stille (!!!), nur von vereinzelten Vogelrufen unterbrochen, geweckt. Siggi ist schon wieder auf, und werkelt bereits in der K\u00fcche herum. Er bedauert, dass wir schon fahren wollen &#8211; aber wir m\u00fcssen. Wie sich im Nachhinein herausstellen sollte, war dies eine sehr gute Entscheidung. Eine Nacht mehr und wir w\u00e4ren morgens bei 15 cm Neuschnee wach geworden.<\/p>\n<p><a href=\"https:\/\/olu-limburg.de\/wp-content\/uploads\/2017\/03\/P1060523_ergebnis-e1489597377873.jpg\"><img loading=\"lazy\" decoding=\"async\" class=\"size-full wp-image-10649 aligncenter\" src=\"https:\/\/olu-limburg.de\/wp-content\/uploads\/2017\/03\/P1060523_ergebnis-e1489597377873.jpg\" alt=\"\" width=\"450\" height=\"600\" \/><\/a><\/p>\n<p><a href=\"https:\/\/olu-limburg.de\/wp-content\/uploads\/2017\/03\/P1060526_ergebnis.jpg\"><img loading=\"lazy\" decoding=\"async\" class=\"size-full wp-image-10650 aligncenter\" src=\"https:\/\/olu-limburg.de\/wp-content\/uploads\/2017\/03\/P1060526_ergebnis.jpg\" alt=\"\" width=\"800\" height=\"600\" srcset=\"https:\/\/olu-limburg.de\/wp-content\/uploads\/2017\/03\/P1060526_ergebnis.jpg 800w, https:\/\/olu-limburg.de\/wp-content\/uploads\/2017\/03\/P1060526_ergebnis-300x225.jpg 300w, https:\/\/olu-limburg.de\/wp-content\/uploads\/2017\/03\/P1060526_ergebnis-768x576.jpg 768w, https:\/\/olu-limburg.de\/wp-content\/uploads\/2017\/03\/P1060526_ergebnis-624x468.jpg 624w\" sizes=\"auto, (max-width: 800px) 100vw, 800px\" \/><\/a><\/p>\n<p>Wir fahren jedenfalls \u00fcber Schliersee (ausdr\u00fcckliche Erlaubnis zum \u00dcbernachten f\u00fcr Womos bis 2,85 t f\u00fcr 24 Std.), den Silvenstein-Stausee und zuletzt \u00fcber eine geb\u00fchrenpflichtige Privatstra\u00dfe nach Hinterriss zum Ahornboden. Leider gibt es keinen Indiansummer mehr. Die Ahornb\u00e4ume haben bereits ihre Bl\u00e4tter zum gr\u00f6\u00dften Teil abgeworfen. Trotzdem haben wir bei einem Spaziergang durch das Tal einen herrlichen und sonnigen Nachmittag. Auf dem Hauptparkplatz stehen einige Wohnmobile, teils auf Keilen. Deshalb nehmen wir an, dass hier auch \u00fcbernachtet wird. Wir fahren aber gegen Abend nach Bad T\u00f6lz.<\/p>\n<p><a href=\"https:\/\/olu-limburg.de\/wp-content\/uploads\/2017\/03\/P1060552_ergebnis.jpg\"><img loading=\"lazy\" decoding=\"async\" class=\"size-full wp-image-10651 aligncenter\" src=\"https:\/\/olu-limburg.de\/wp-content\/uploads\/2017\/03\/P1060552_ergebnis.jpg\" alt=\"\" width=\"800\" height=\"600\" srcset=\"https:\/\/olu-limburg.de\/wp-content\/uploads\/2017\/03\/P1060552_ergebnis.jpg 800w, https:\/\/olu-limburg.de\/wp-content\/uploads\/2017\/03\/P1060552_ergebnis-300x225.jpg 300w, https:\/\/olu-limburg.de\/wp-content\/uploads\/2017\/03\/P1060552_ergebnis-768x576.jpg 768w, https:\/\/olu-limburg.de\/wp-content\/uploads\/2017\/03\/P1060552_ergebnis-624x468.jpg 624w\" sizes=\"auto, (max-width: 800px) 100vw, 800px\" \/><\/a><\/p>\n<p><a href=\"https:\/\/olu-limburg.de\/wp-content\/uploads\/2017\/03\/P1060557_ergebnis.jpg\"><img loading=\"lazy\" decoding=\"async\" class=\"size-full wp-image-10652 aligncenter\" src=\"https:\/\/olu-limburg.de\/wp-content\/uploads\/2017\/03\/P1060557_ergebnis.jpg\" alt=\"\" width=\"800\" height=\"600\" srcset=\"https:\/\/olu-limburg.de\/wp-content\/uploads\/2017\/03\/P1060557_ergebnis.jpg 800w, https:\/\/olu-limburg.de\/wp-content\/uploads\/2017\/03\/P1060557_ergebnis-300x225.jpg 300w, https:\/\/olu-limburg.de\/wp-content\/uploads\/2017\/03\/P1060557_ergebnis-768x576.jpg 768w, https:\/\/olu-limburg.de\/wp-content\/uploads\/2017\/03\/P1060557_ergebnis-624x468.jpg 624w\" sizes=\"auto, (max-width: 800px) 100vw, 800px\" \/><\/a><\/p>\n<p><a href=\"https:\/\/olu-limburg.de\/wp-content\/uploads\/2017\/03\/P1060563_ergebnis.jpg\"><img loading=\"lazy\" decoding=\"async\" class=\"size-full wp-image-10653 aligncenter\" src=\"https:\/\/olu-limburg.de\/wp-content\/uploads\/2017\/03\/P1060563_ergebnis.jpg\" alt=\"\" width=\"800\" height=\"600\" srcset=\"https:\/\/olu-limburg.de\/wp-content\/uploads\/2017\/03\/P1060563_ergebnis.jpg 800w, https:\/\/olu-limburg.de\/wp-content\/uploads\/2017\/03\/P1060563_ergebnis-300x225.jpg 300w, https:\/\/olu-limburg.de\/wp-content\/uploads\/2017\/03\/P1060563_ergebnis-768x576.jpg 768w, https:\/\/olu-limburg.de\/wp-content\/uploads\/2017\/03\/P1060563_ergebnis-624x468.jpg 624w\" sizes=\"auto, (max-width: 800px) 100vw, 800px\" \/><\/a><\/p>\n<p><a href=\"https:\/\/olu-limburg.de\/wp-content\/uploads\/2017\/03\/P1060577_ergebnis.jpg\"><img loading=\"lazy\" decoding=\"async\" class=\"size-full wp-image-10654 aligncenter\" src=\"https:\/\/olu-limburg.de\/wp-content\/uploads\/2017\/03\/P1060577_ergebnis.jpg\" alt=\"\" width=\"800\" height=\"600\" srcset=\"https:\/\/olu-limburg.de\/wp-content\/uploads\/2017\/03\/P1060577_ergebnis.jpg 800w, https:\/\/olu-limburg.de\/wp-content\/uploads\/2017\/03\/P1060577_ergebnis-300x225.jpg 300w, https:\/\/olu-limburg.de\/wp-content\/uploads\/2017\/03\/P1060577_ergebnis-768x576.jpg 768w, https:\/\/olu-limburg.de\/wp-content\/uploads\/2017\/03\/P1060577_ergebnis-624x468.jpg 624w\" sizes=\"auto, (max-width: 800px) 100vw, 800px\" \/><\/a><\/p>\n<p>Der Stellplatz ist eine Baustelle. Die Geb\u00fchr wird nach Stunden abgerechnet und die V+E ist in einem schlechten Zustand. Abends gehen wir noch mal in den Ort. Es ist sehr schwierig, ein Lokal f\u00fcr ein Abendessen zu finden (vor Jahren gab es noch erheblich mehr Gastst\u00e4tten) und den &#8222;Bullen von T\u00f6lz&#8220; haben wir auch nicht gesehen.<\/p>\n<p><a href=\"https:\/\/olu-limburg.de\/wp-content\/uploads\/2017\/03\/P1060583_ergebnis-e1489597582630.jpg\"><img loading=\"lazy\" decoding=\"async\" class=\"size-full wp-image-10655 aligncenter\" src=\"https:\/\/olu-limburg.de\/wp-content\/uploads\/2017\/03\/P1060583_ergebnis-e1489597582630.jpg\" alt=\"\" width=\"450\" height=\"600\" \/><\/a><\/p>\n<p>Daf\u00fcr war am n\u00e4chsten Morgen (17.10.) der Spaziergang vom Stellplatz aus links herum, hoch zur Wallfahrtskapelle und dem Kalvarienberg umso sch\u00f6ner. Noch ein kleiner Bummel durch die Stadt und dann wieder nach Holzkirchen zum Mittagessen (mu\u00df sein).<\/p>\n<p><a href=\"https:\/\/olu-limburg.de\/wp-content\/uploads\/2017\/03\/P1060611_ergebnis.jpg\"><img loading=\"lazy\" decoding=\"async\" class=\"size-full wp-image-10658 alignleft\" src=\"https:\/\/olu-limburg.de\/wp-content\/uploads\/2017\/03\/P1060611_ergebnis-e1489597667328.jpg\" alt=\"\" width=\"450\" height=\"600\" \/><\/a><\/p>\n<p><a href=\"https:\/\/olu-limburg.de\/wp-content\/uploads\/2017\/03\/P1060598_ergebnis-e1489597696250.jpg\"><img loading=\"lazy\" decoding=\"async\" class=\"size-full wp-image-10656 alignright\" src=\"https:\/\/olu-limburg.de\/wp-content\/uploads\/2017\/03\/P1060598_ergebnis-e1489597696250.jpg\" alt=\"\" width=\"450\" height=\"600\" \/><\/a><\/p>\n<p><a href=\"https:\/\/olu-limburg.de\/wp-content\/uploads\/2017\/03\/P1060605_ergebnis-e1489597707804.jpg\"><img loading=\"lazy\" decoding=\"async\" class=\"size-full wp-image-10657 aligncenter\" src=\"https:\/\/olu-limburg.de\/wp-content\/uploads\/2017\/03\/P1060605_ergebnis-e1489597707804.jpg\" alt=\"\" width=\"450\" height=\"600\" \/><\/a><\/p>\n<p>Dann \u00fcber Wasserburg am Inn (als kurzer Zwischenstopp sehr empfehlenswert) nach Erding. Der Stellplatz an der Therme gef\u00e4llt uns \u00fcberhaupt nicht. Wir entschlie\u00dfen uns kurz zur Fahrt rein nach M\u00fcnchen zum Parkplatz am Olympiaturm. Heute Abend sind wir hier das einzige Womo. Um den Sonnenuntergang zu genie\u00dfen gehen wir r\u00fcber auf den Olympiah\u00fcgel und trinken bei der Fortsetzung des Rundgangs noch mal schnell ein Wei\u00dfbier bei der &#8222;Olympiaalm&#8220;. Nachts f\u00e4ngt es an zu regnen.<\/p>\n<p><a href=\"https:\/\/olu-limburg.de\/wp-content\/uploads\/2017\/03\/P1060630_ergebnis.jpg\"><img loading=\"lazy\" decoding=\"async\" class=\"size-full wp-image-10659 aligncenter\" src=\"https:\/\/olu-limburg.de\/wp-content\/uploads\/2017\/03\/P1060630_ergebnis.jpg\" alt=\"\" width=\"800\" height=\"600\" srcset=\"https:\/\/olu-limburg.de\/wp-content\/uploads\/2017\/03\/P1060630_ergebnis.jpg 800w, https:\/\/olu-limburg.de\/wp-content\/uploads\/2017\/03\/P1060630_ergebnis-300x225.jpg 300w, https:\/\/olu-limburg.de\/wp-content\/uploads\/2017\/03\/P1060630_ergebnis-768x576.jpg 768w, https:\/\/olu-limburg.de\/wp-content\/uploads\/2017\/03\/P1060630_ergebnis-624x468.jpg 624w\" sizes=\"auto, (max-width: 800px) 100vw, 800px\" \/><\/a><\/p>\n<p><a href=\"https:\/\/olu-limburg.de\/wp-content\/uploads\/2017\/03\/P1060636_ergebnis-e1489597838988.jpg\"><img loading=\"lazy\" decoding=\"async\" class=\"size-full wp-image-10660 aligncenter\" src=\"https:\/\/olu-limburg.de\/wp-content\/uploads\/2017\/03\/P1060636_ergebnis-e1489597838988.jpg\" alt=\"\" width=\"450\" height=\"600\" \/><\/a><\/p>\n<p><a href=\"https:\/\/olu-limburg.de\/wp-content\/uploads\/2017\/03\/P1060650_ergebnis.jpg\"><img loading=\"lazy\" decoding=\"async\" class=\"size-full wp-image-10661 aligncenter\" src=\"https:\/\/olu-limburg.de\/wp-content\/uploads\/2017\/03\/P1060650_ergebnis.jpg\" alt=\"\" width=\"800\" height=\"600\" srcset=\"https:\/\/olu-limburg.de\/wp-content\/uploads\/2017\/03\/P1060650_ergebnis.jpg 800w, https:\/\/olu-limburg.de\/wp-content\/uploads\/2017\/03\/P1060650_ergebnis-300x225.jpg 300w, https:\/\/olu-limburg.de\/wp-content\/uploads\/2017\/03\/P1060650_ergebnis-768x576.jpg 768w, https:\/\/olu-limburg.de\/wp-content\/uploads\/2017\/03\/P1060650_ergebnis-624x468.jpg 624w\" sizes=\"auto, (max-width: 800px) 100vw, 800px\" \/><\/a><\/p>\n<p><a href=\"https:\/\/olu-limburg.de\/wp-content\/uploads\/2017\/03\/P1060653_ergebnis.jpg\"><img loading=\"lazy\" decoding=\"async\" class=\"size-full wp-image-10662 aligncenter\" src=\"https:\/\/olu-limburg.de\/wp-content\/uploads\/2017\/03\/P1060653_ergebnis.jpg\" alt=\"\" width=\"800\" height=\"600\" srcset=\"https:\/\/olu-limburg.de\/wp-content\/uploads\/2017\/03\/P1060653_ergebnis.jpg 800w, https:\/\/olu-limburg.de\/wp-content\/uploads\/2017\/03\/P1060653_ergebnis-300x225.jpg 300w, https:\/\/olu-limburg.de\/wp-content\/uploads\/2017\/03\/P1060653_ergebnis-768x576.jpg 768w, https:\/\/olu-limburg.de\/wp-content\/uploads\/2017\/03\/P1060653_ergebnis-624x468.jpg 624w\" sizes=\"auto, (max-width: 800px) 100vw, 800px\" \/><\/a><\/p>\n<p><a href=\"https:\/\/olu-limburg.de\/wp-content\/uploads\/2017\/03\/P1060654_ergebnis.jpg\"><img loading=\"lazy\" decoding=\"async\" class=\"size-full wp-image-10663 aligncenter\" src=\"https:\/\/olu-limburg.de\/wp-content\/uploads\/2017\/03\/P1060654_ergebnis.jpg\" alt=\"\" width=\"800\" height=\"600\" srcset=\"https:\/\/olu-limburg.de\/wp-content\/uploads\/2017\/03\/P1060654_ergebnis.jpg 800w, https:\/\/olu-limburg.de\/wp-content\/uploads\/2017\/03\/P1060654_ergebnis-300x225.jpg 300w, https:\/\/olu-limburg.de\/wp-content\/uploads\/2017\/03\/P1060654_ergebnis-768x576.jpg 768w, https:\/\/olu-limburg.de\/wp-content\/uploads\/2017\/03\/P1060654_ergebnis-624x468.jpg 624w\" sizes=\"auto, (max-width: 800px) 100vw, 800px\" \/><\/a><\/p>\n<p>Heute (18.10.) wollen wir nach M\u00fcnchen rein. Es ist kalt, der Wind pfeift und eine Schneeschauer bekommen wir auch noch ab. Mit der U-Bahn (kurzer Weg vom Stellplatz; 24 Std. Ticket) geht es in die Stadt. Nun wird das Schuhzeug strapaziert. Heutige Stationen: Rundgang durch den Englischen Garten, Feldherrnhalle, Fu\u00dfg\u00e4ngerzone, Viktualienmarkt, D\u00fcrnbr\u00e4u (teuerstes Wei\u00dfbier 4,10 EUR f\u00fcr 0,5 l), Maximilianeum, Fu\u00dfg\u00e4ngerzone (Abendessen im Sushie-Express 1,5 Std. &#8222;all you can eat&#8220; f\u00fcr 12,90 EUR), kurze U-Bahn-Fahrt zur Giselastra\u00dfe zum Besuch eines Irish-Pub mit Live-Musik als Abendausklang. Fertig aber zufrieden bringt uns die U-Bahn anschlie\u00dfend wieder zum Olympiastadion. Mittlerweile sind zwei weitere Womos angekommen.<\/p>\n<p><a href=\"https:\/\/olu-limburg.de\/wp-content\/uploads\/2017\/03\/P1060657_ergebnis.jpg\"><img loading=\"lazy\" decoding=\"async\" class=\"size-full wp-image-10664 aligncenter\" src=\"https:\/\/olu-limburg.de\/wp-content\/uploads\/2017\/03\/P1060657_ergebnis.jpg\" alt=\"\" width=\"800\" height=\"600\" srcset=\"https:\/\/olu-limburg.de\/wp-content\/uploads\/2017\/03\/P1060657_ergebnis.jpg 800w, https:\/\/olu-limburg.de\/wp-content\/uploads\/2017\/03\/P1060657_ergebnis-300x225.jpg 300w, https:\/\/olu-limburg.de\/wp-content\/uploads\/2017\/03\/P1060657_ergebnis-768x576.jpg 768w, https:\/\/olu-limburg.de\/wp-content\/uploads\/2017\/03\/P1060657_ergebnis-624x468.jpg 624w\" sizes=\"auto, (max-width: 800px) 100vw, 800px\" \/><\/a><\/p>\n<p><a href=\"https:\/\/olu-limburg.de\/wp-content\/uploads\/2017\/03\/P1060658_ergebnis-e1489597973816.jpg\"><img loading=\"lazy\" decoding=\"async\" class=\"size-full wp-image-10665 alignleft\" src=\"https:\/\/olu-limburg.de\/wp-content\/uploads\/2017\/03\/P1060658_ergebnis-e1489597973816.jpg\" alt=\"\" width=\"450\" height=\"600\" \/><\/a><\/p>\n<p><a href=\"https:\/\/olu-limburg.de\/wp-content\/uploads\/2017\/03\/P1060678_ergebnis-e1489598327499.jpg\"><img loading=\"lazy\" decoding=\"async\" class=\"size-full wp-image-10666 alignright\" src=\"https:\/\/olu-limburg.de\/wp-content\/uploads\/2017\/03\/P1060678_ergebnis-e1489598327499.jpg\" alt=\"\" width=\"450\" height=\"600\" \/><\/a><\/p>\n<p><a href=\"https:\/\/olu-limburg.de\/wp-content\/uploads\/2017\/03\/P1060683_ergebnis.jpg\"><img loading=\"lazy\" decoding=\"async\" class=\"size-full wp-image-10667 aligncenter\" src=\"https:\/\/olu-limburg.de\/wp-content\/uploads\/2017\/03\/P1060683_ergebnis.jpg\" alt=\"\" width=\"800\" height=\"600\" srcset=\"https:\/\/olu-limburg.de\/wp-content\/uploads\/2017\/03\/P1060683_ergebnis.jpg 800w, https:\/\/olu-limburg.de\/wp-content\/uploads\/2017\/03\/P1060683_ergebnis-300x225.jpg 300w, https:\/\/olu-limburg.de\/wp-content\/uploads\/2017\/03\/P1060683_ergebnis-768x576.jpg 768w, https:\/\/olu-limburg.de\/wp-content\/uploads\/2017\/03\/P1060683_ergebnis-624x468.jpg 624w\" sizes=\"auto, (max-width: 800px) 100vw, 800px\" \/><\/a><\/p>\n<p><a href=\"https:\/\/olu-limburg.de\/wp-content\/uploads\/2017\/03\/P1060685_ergebnis-e1489598413136.jpg\"><img loading=\"lazy\" decoding=\"async\" class=\"size-full wp-image-10668 aligncenter\" src=\"https:\/\/olu-limburg.de\/wp-content\/uploads\/2017\/03\/P1060685_ergebnis-e1489598413136.jpg\" alt=\"\" width=\"450\" height=\"600\" \/><\/a><\/p>\n<p><a href=\"https:\/\/olu-limburg.de\/wp-content\/uploads\/2017\/03\/P1060692_ergebnis.jpg\"><img loading=\"lazy\" decoding=\"async\" class=\"size-full wp-image-10669 aligncenter\" src=\"https:\/\/olu-limburg.de\/wp-content\/uploads\/2017\/03\/P1060692_ergebnis.jpg\" alt=\"\" width=\"800\" height=\"600\" srcset=\"https:\/\/olu-limburg.de\/wp-content\/uploads\/2017\/03\/P1060692_ergebnis.jpg 800w, https:\/\/olu-limburg.de\/wp-content\/uploads\/2017\/03\/P1060692_ergebnis-300x225.jpg 300w, https:\/\/olu-limburg.de\/wp-content\/uploads\/2017\/03\/P1060692_ergebnis-768x576.jpg 768w, https:\/\/olu-limburg.de\/wp-content\/uploads\/2017\/03\/P1060692_ergebnis-624x468.jpg 624w\" sizes=\"auto, (max-width: 800px) 100vw, 800px\" \/><\/a><\/p>\n<p><a href=\"https:\/\/olu-limburg.de\/wp-content\/uploads\/2017\/03\/P1060697_ergebnis.jpg\"><img loading=\"lazy\" decoding=\"async\" class=\"size-full wp-image-10670 aligncenter\" src=\"https:\/\/olu-limburg.de\/wp-content\/uploads\/2017\/03\/P1060697_ergebnis.jpg\" alt=\"\" width=\"800\" height=\"600\" srcset=\"https:\/\/olu-limburg.de\/wp-content\/uploads\/2017\/03\/P1060697_ergebnis.jpg 800w, https:\/\/olu-limburg.de\/wp-content\/uploads\/2017\/03\/P1060697_ergebnis-300x225.jpg 300w, https:\/\/olu-limburg.de\/wp-content\/uploads\/2017\/03\/P1060697_ergebnis-768x576.jpg 768w, https:\/\/olu-limburg.de\/wp-content\/uploads\/2017\/03\/P1060697_ergebnis-624x468.jpg 624w\" sizes=\"auto, (max-width: 800px) 100vw, 800px\" \/><\/a><\/p>\n<p><a href=\"https:\/\/olu-limburg.de\/wp-content\/uploads\/2017\/03\/P1060711_ergebnis.jpg\"><img loading=\"lazy\" decoding=\"async\" class=\"size-full wp-image-10672 aligncenter\" src=\"https:\/\/olu-limburg.de\/wp-content\/uploads\/2017\/03\/P1060711_ergebnis.jpg\" alt=\"\" width=\"800\" height=\"600\" srcset=\"https:\/\/olu-limburg.de\/wp-content\/uploads\/2017\/03\/P1060711_ergebnis.jpg 800w, https:\/\/olu-limburg.de\/wp-content\/uploads\/2017\/03\/P1060711_ergebnis-300x225.jpg 300w, https:\/\/olu-limburg.de\/wp-content\/uploads\/2017\/03\/P1060711_ergebnis-768x576.jpg 768w, https:\/\/olu-limburg.de\/wp-content\/uploads\/2017\/03\/P1060711_ergebnis-624x468.jpg 624w\" sizes=\"auto, (max-width: 800px) 100vw, 800px\" \/><\/a><\/p>\n<p><a href=\"https:\/\/olu-limburg.de\/wp-content\/uploads\/2017\/03\/P1060707_ergebnis.jpg\"><img loading=\"lazy\" decoding=\"async\" class=\"size-full wp-image-10671 aligncenter\" src=\"https:\/\/olu-limburg.de\/wp-content\/uploads\/2017\/03\/P1060707_ergebnis.jpg\" alt=\"\" width=\"800\" height=\"600\" srcset=\"https:\/\/olu-limburg.de\/wp-content\/uploads\/2017\/03\/P1060707_ergebnis.jpg 800w, https:\/\/olu-limburg.de\/wp-content\/uploads\/2017\/03\/P1060707_ergebnis-300x225.jpg 300w, https:\/\/olu-limburg.de\/wp-content\/uploads\/2017\/03\/P1060707_ergebnis-768x576.jpg 768w, https:\/\/olu-limburg.de\/wp-content\/uploads\/2017\/03\/P1060707_ergebnis-624x468.jpg 624w\" sizes=\"auto, (max-width: 800px) 100vw, 800px\" \/><\/a><\/p>\n<p><a href=\"https:\/\/olu-limburg.de\/wp-content\/uploads\/2017\/03\/P1060720_ergebnis.jpg\"><img loading=\"lazy\" decoding=\"async\" class=\"size-full wp-image-10673 aligncenter\" src=\"https:\/\/olu-limburg.de\/wp-content\/uploads\/2017\/03\/P1060720_ergebnis.jpg\" alt=\"\" width=\"800\" height=\"600\" srcset=\"https:\/\/olu-limburg.de\/wp-content\/uploads\/2017\/03\/P1060720_ergebnis.jpg 800w, https:\/\/olu-limburg.de\/wp-content\/uploads\/2017\/03\/P1060720_ergebnis-300x225.jpg 300w, https:\/\/olu-limburg.de\/wp-content\/uploads\/2017\/03\/P1060720_ergebnis-768x576.jpg 768w, https:\/\/olu-limburg.de\/wp-content\/uploads\/2017\/03\/P1060720_ergebnis-624x468.jpg 624w\" sizes=\"auto, (max-width: 800px) 100vw, 800px\" \/><\/a><\/p>\n<p><a href=\"https:\/\/olu-limburg.de\/wp-content\/uploads\/2017\/03\/P1060721_ergebnis-e1489598557630.jpg\"><img loading=\"lazy\" decoding=\"async\" class=\"size-full wp-image-10674 aligncenter\" src=\"https:\/\/olu-limburg.de\/wp-content\/uploads\/2017\/03\/P1060721_ergebnis-e1489598557630.jpg\" alt=\"\" width=\"450\" height=\"600\" \/><\/a><\/p>\n<p>Gut ausgeruht geht es heute (19.10.) weiter in Richtung Heimat. Bei Ingolstadt besuchen wir den Zwilling des Outlet-Centers vom Wertheim Village. Bei Sauwetter werden hier ein paar K\u00e4ufe get\u00e4tigt. Lena hatte ja bereits in Wertheim Pech, deshalb war der jetzige Besuch des Centers f\u00fcr mich Verpflichtung. Weiter geht es nach Dettelbach am Main.<\/p>\n<p><a href=\"https:\/\/olu-limburg.de\/wp-content\/uploads\/2017\/03\/P1060738_ergebnis.jpg\"><img loading=\"lazy\" decoding=\"async\" class=\"size-full wp-image-10675 aligncenter\" src=\"https:\/\/olu-limburg.de\/wp-content\/uploads\/2017\/03\/P1060738_ergebnis.jpg\" alt=\"\" width=\"800\" height=\"600\" srcset=\"https:\/\/olu-limburg.de\/wp-content\/uploads\/2017\/03\/P1060738_ergebnis.jpg 800w, https:\/\/olu-limburg.de\/wp-content\/uploads\/2017\/03\/P1060738_ergebnis-300x225.jpg 300w, https:\/\/olu-limburg.de\/wp-content\/uploads\/2017\/03\/P1060738_ergebnis-768x576.jpg 768w, https:\/\/olu-limburg.de\/wp-content\/uploads\/2017\/03\/P1060738_ergebnis-624x468.jpg 624w\" sizes=\"auto, (max-width: 800px) 100vw, 800px\" \/><\/a><\/p>\n<p>Wir sind von dem Stellplatz sehr positiv \u00fcberrascht. Sch\u00f6n gelegen und gut ausgestattet ist er sehr empfehlenswert. Der Ort hat auch seinen Reiz, und er beherbergt Gastronomie f\u00fcr jeden Geschmack. In einer Besenwirtschaft haben wir sofort Kontakt zu anderen G\u00e4sten, und die Wirtin erkl\u00e4rt uns, dass die Gemeinde den Stellplatz aufgrund der Nachfrage und der f\u00fcr den Ort positiven Resonanz und Werthaltigkeit vergr\u00f6\u00dfern will (!!!).<\/p>\n<p><a href=\"https:\/\/olu-limburg.de\/wp-content\/uploads\/2017\/03\/P1060740_ergebnis-e1489598719286.jpg\"><img loading=\"lazy\" decoding=\"async\" class=\"size-full wp-image-10676 alignleft\" src=\"https:\/\/olu-limburg.de\/wp-content\/uploads\/2017\/03\/P1060740_ergebnis-e1489598719286.jpg\" alt=\"\" width=\"450\" height=\"600\" \/><\/a><\/p>\n<p><a href=\"https:\/\/olu-limburg.de\/wp-content\/uploads\/2017\/03\/P1060746_ergebnis-e1489598740784.jpg\"><img loading=\"lazy\" decoding=\"async\" class=\"size-full wp-image-10677 alignright\" src=\"https:\/\/olu-limburg.de\/wp-content\/uploads\/2017\/03\/P1060746_ergebnis-e1489598740784.jpg\" alt=\"\" width=\"450\" height=\"600\" \/><\/a><\/p>\n<p><a href=\"https:\/\/olu-limburg.de\/wp-content\/uploads\/2017\/03\/P1060747_ergebnis.jpg\"><img loading=\"lazy\" decoding=\"async\" class=\"size-full wp-image-10678 aligncenter\" src=\"https:\/\/olu-limburg.de\/wp-content\/uploads\/2017\/03\/P1060747_ergebnis.jpg\" alt=\"\" width=\"800\" height=\"600\" srcset=\"https:\/\/olu-limburg.de\/wp-content\/uploads\/2017\/03\/P1060747_ergebnis.jpg 800w, https:\/\/olu-limburg.de\/wp-content\/uploads\/2017\/03\/P1060747_ergebnis-300x225.jpg 300w, https:\/\/olu-limburg.de\/wp-content\/uploads\/2017\/03\/P1060747_ergebnis-768x576.jpg 768w, https:\/\/olu-limburg.de\/wp-content\/uploads\/2017\/03\/P1060747_ergebnis-624x468.jpg 624w\" sizes=\"auto, (max-width: 800px) 100vw, 800px\" \/><\/a><\/p>\n<p>Heute Nacht hat es wieder gefroren. Schnell geht es nach Limburg (20.10.) und nach dem Mittagessen weiter nach Weilburg. Denn dort warten noch einige Forumsleute auf uns. Nach einem lustigen Grillabend (-nacht?) im Freien, kuscheln wir uns in unseren Womos unter die warmen Decken. Das Prasseln der Regentropfen begleitet uns in den Schlaf.<\/p>\n<p><a href=\"https:\/\/olu-limburg.de\/wp-content\/uploads\/2017\/03\/P1060751_ergebnis.jpg\"><img loading=\"lazy\" decoding=\"async\" class=\"size-full wp-image-10679 aligncenter\" src=\"https:\/\/olu-limburg.de\/wp-content\/uploads\/2017\/03\/P1060751_ergebnis.jpg\" alt=\"\" width=\"800\" height=\"600\" srcset=\"https:\/\/olu-limburg.de\/wp-content\/uploads\/2017\/03\/P1060751_ergebnis.jpg 800w, https:\/\/olu-limburg.de\/wp-content\/uploads\/2017\/03\/P1060751_ergebnis-300x225.jpg 300w, https:\/\/olu-limburg.de\/wp-content\/uploads\/2017\/03\/P1060751_ergebnis-768x576.jpg 768w, https:\/\/olu-limburg.de\/wp-content\/uploads\/2017\/03\/P1060751_ergebnis-624x468.jpg 624w\" sizes=\"auto, (max-width: 800px) 100vw, 800px\" \/><\/a><\/p>\n<p><a href=\"https:\/\/olu-limburg.de\/wp-content\/uploads\/2017\/03\/P1060754_ergebnis-e1489598868123.jpg\"><img loading=\"lazy\" decoding=\"async\" class=\"size-full wp-image-10680 aligncenter\" src=\"https:\/\/olu-limburg.de\/wp-content\/uploads\/2017\/03\/P1060754_ergebnis-e1489598868123.jpg\" alt=\"\" width=\"450\" height=\"600\" \/><\/a><\/p>\n<p><a href=\"https:\/\/olu-limburg.de\/wp-content\/uploads\/2017\/03\/P1060755_ergebnis.jpg\"><img loading=\"lazy\" decoding=\"async\" class=\"size-full wp-image-10681 aligncenter\" src=\"https:\/\/olu-limburg.de\/wp-content\/uploads\/2017\/03\/P1060755_ergebnis.jpg\" alt=\"\" width=\"800\" height=\"600\" srcset=\"https:\/\/olu-limburg.de\/wp-content\/uploads\/2017\/03\/P1060755_ergebnis.jpg 800w, https:\/\/olu-limburg.de\/wp-content\/uploads\/2017\/03\/P1060755_ergebnis-300x225.jpg 300w, https:\/\/olu-limburg.de\/wp-content\/uploads\/2017\/03\/P1060755_ergebnis-768x576.jpg 768w, https:\/\/olu-limburg.de\/wp-content\/uploads\/2017\/03\/P1060755_ergebnis-624x468.jpg 624w\" sizes=\"auto, (max-width: 800px) 100vw, 800px\" \/><\/a><\/p>\n<p><a href=\"https:\/\/olu-limburg.de\/wp-content\/uploads\/2017\/03\/P1060756_ergebnis.jpg\"><img loading=\"lazy\" decoding=\"async\" class=\"size-full wp-image-10682 aligncenter\" src=\"https:\/\/olu-limburg.de\/wp-content\/uploads\/2017\/03\/P1060756_ergebnis.jpg\" alt=\"\" width=\"800\" height=\"600\" srcset=\"https:\/\/olu-limburg.de\/wp-content\/uploads\/2017\/03\/P1060756_ergebnis.jpg 800w, https:\/\/olu-limburg.de\/wp-content\/uploads\/2017\/03\/P1060756_ergebnis-300x225.jpg 300w, https:\/\/olu-limburg.de\/wp-content\/uploads\/2017\/03\/P1060756_ergebnis-768x576.jpg 768w, https:\/\/olu-limburg.de\/wp-content\/uploads\/2017\/03\/P1060756_ergebnis-624x468.jpg 624w\" sizes=\"auto, (max-width: 800px) 100vw, 800px\" \/><\/a><\/p>\n<p>Am 21.10. geht f\u00fcr uns nach 22 km die letzte Etappe unseres Herbsturlaubes wieder in Limburg zu Ende. Wir haben insgesamt 1.600 km hinter uns gebracht.<\/p>\n<p>&nbsp;<\/p>\n<p style=\"text-align: center;\"><a href=\"https:\/\/olu-limburg.de\/?page_id=10622\">zum Seitenanfang<\/a><\/p>\n","protected":false},"excerpt":{"rendered":"<p>&nbsp; Text und Fotos: Hans-Werner Mit einem Zitat von F. J. Strau\u00df &#8222;Warum nur in die Ferne schweifen, denn das Gute liegt so nah. Deutschland braucht Bayern &#8230;.&#8220; starten wir am 12. Oktober nach der Arbeit in unseren Urlaub. Auf der A 3 ist bereits ab Limburg ein Megastau in beiden Richtungen aufgrund eines umgest\u00fcrzten [&hellip;]<\/p>\n","protected":false},"author":1,"featured_media":0,"parent":0,"menu_order":0,"comment_status":"closed","ping_status":"closed","template":"page-templates\/full-width.php","meta":{"footnotes":""},"class_list":["post-10622","page","type-page","status-publish","hentry"],"_links":{"self":[{"href":"https:\/\/olu-limburg.de\/index.php?rest_route=\/wp\/v2\/pages\/10622","targetHints":{"allow":["GET"]}}],"collection":[{"href":"https:\/\/olu-limburg.de\/index.php?rest_route=\/wp\/v2\/pages"}],"about":[{"href":"https:\/\/olu-limburg.de\/index.php?rest_route=\/wp\/v2\/types\/page"}],"author":[{"embeddable":true,"href":"https:\/\/olu-limburg.de\/index.php?rest_route=\/wp\/v2\/users\/1"}],"replies":[{"embeddable":true,"href":"https:\/\/olu-limburg.de\/index.php?rest_route=%2Fwp%2Fv2%2Fcomments&post=10622"}],"version-history":[{"count":18,"href":"https:\/\/olu-limburg.de\/index.php?rest_route=\/wp\/v2\/pages\/10622\/revisions"}],"predecessor-version":[{"id":10701,"href":"https:\/\/olu-limburg.de\/index.php?rest_route=\/wp\/v2\/pages\/10622\/revisions\/10701"}],"wp:attachment":[{"href":"https:\/\/olu-limburg.de\/index.php?rest_route=%2Fwp%2Fv2%2Fmedia&parent=10622"}],"curies":[{"name":"wp","href":"https:\/\/api.w.org\/{rel}","templated":true}]}}